{"id":24069,"date":"2021-11-15T17:43:12","date_gmt":"2021-11-15T15:43:12","guid":{"rendered":"https:\/\/afc.cat\/?post_type=avada_portfolio&#038;p=24069"},"modified":"2021-12-10T00:33:10","modified_gmt":"2021-12-09T22:33:10","slug":"clasificacion-concurso-temas-obligadoss-2021-2022-mes-de-octubre","status":"publish","type":"avada_portfolio","link":"https:\/\/afc.cat\/es\/galeria\/clasificacion-concurso-temas-obligadoss-2021-2022-mes-de-octubre\/","title":{"rendered":"Clasificaci\u00f3n concurso Temas Obligados 2021-2022 mes de octubre"},"content":{"rendered":"<div class=\"fusion-fullwidth fullwidth-box fusion-builder-row-1 fusion-flex-container nonhundred-percent-fullwidth non-hundred-percent-height-scrolling\" style=\"background-color: rgba(255,255,255,0);background-position: center center;background-repeat: no-repeat;border-width: 0px 0px 0px 0px;border-color:#ffffff;border-style:solid;\" ><div class=\"fusion-builder-row fusion-row fusion-flex-align-items-flex-start\" style=\"max-width:1300px;margin-left: calc(-4% \/ 2 );margin-right: calc(-4% \/ 2 );\"><div class=\"fusion-layout-column fusion_builder_column fusion-builder-column-0 fusion_builder_column_1_1 1_1 fusion-flex-column\"><div class=\"fusion-column-wrapper fusion-flex-justify-content-flex-start fusion-content-layout-column\" style=\"background-position:left top;background-repeat:no-repeat;-webkit-background-size:cover;-moz-background-size:cover;-o-background-size:cover;background-size:cover;padding: 0px 0px 0px 0px;\"><div class=\"fusion-text fusion-text-1\"><h2 style=\"text-align: center;\">Tema Obligado del mes de octubre: Fotograf\u00eda documental<\/h2>\n<p style=\"text-align: center;\"><strong>Clasificaci\u00f3n monocromo<\/strong><\/p>\n<\/div><div style=\"text-align:center;\"><style>.fusion-imageframe.imageframe-1{ margin-bottom : 20px;}<\/style><span class=\" fusion-imageframe imageframe-none imageframe-1 hover-type-none\"><img decoding=\"async\" width=\"900\" height=\"687\" title=\"Puntuaci\u00f3 Monocrom Octubre 2021\" src=\"https:\/\/afc.cat\/wp-content\/uploads\/2021\/11\/Puntuacio-Monocrom-Octubre-2021.jpg\" alt class=\"img-responsive wp-image-24037\" srcset=\"https:\/\/afc.cat\/wp-content\/uploads\/2021\/11\/Puntuacio-Monocrom-Octubre-2021-200x153.jpg 200w, https:\/\/afc.cat\/wp-content\/uploads\/2021\/11\/Puntuacio-Monocrom-Octubre-2021-400x305.jpg 400w, https:\/\/afc.cat\/wp-content\/uploads\/2021\/11\/Puntuacio-Monocrom-Octubre-2021-600x458.jpg 600w, https:\/\/afc.cat\/wp-content\/uploads\/2021\/11\/Puntuacio-Monocrom-Octubre-2021-800x611.jpg 800w, https:\/\/afc.cat\/wp-content\/uploads\/2021\/11\/Puntuacio-Monocrom-Octubre-2021.jpg 900w\" sizes=\"(max-width: 640px) 100vw, 900px\" \/><\/span><\/div><style type=\"text\/css\">.fusion-gallery-1 .fusion-gallery-image {border:0px solid #e2e2e2;}<\/style><div class=\"fusion-gallery fusion-gallery-container fusion-grid-6 fusion-columns-total-31 fusion-gallery-layout-grid fusion-gallery-1\" style=\"margin:-5px;\"><div style=\"padding:5px;\" class=\"fusion-grid-column fusion-gallery-column fusion-gallery-column-6 hover-type-zoomin\"><div class=\"fusion-gallery-image\"><a href=\"https:\/\/afc.cat\/wp-content\/uploads\/2021\/11\/24-Teresa-Tejero.jpg\" data-title=\"24 &#8211; Teresa Tejero\" title=\"24 &#8211; Teresa Tejero\" rel=\"noreferrer\" data-rel=\"iLightbox[gallery_image_1]\" class=\"fusion-lightbox\" target=\"_self\"><img decoding=\"async\" src=\"https:\/\/afc.cat\/wp-content\/uploads\/2021\/11\/24-Teresa-Tejero-320x202.jpg\" width=\"320\" height=\"202\" alt=\"\" title=\"24 &#8211; Teresa Tejero\" aria-label=\"24 &#8211; Teresa Tejero\" class=\"img-responsive wp-image-23964 fusion-gallery-image-size-fixed\" srcset=\"https:\/\/afc.cat\/wp-content\/uploads\/2021\/11\/24-Teresa-Tejero-320x202.jpg 320w, https:\/\/afc.cat\/wp-content\/uploads\/2021\/11\/24-Teresa-Tejero-700x441.jpg 700w\" sizes=\"(max-width: 320px) 100vw, 320px\" \/><\/a><\/div><\/div><div style=\"padding:5px;\" class=\"fusion-grid-column fusion-gallery-column fusion-gallery-column-6 hover-type-zoomin\"><div class=\"fusion-gallery-image\"><a href=\"https:\/\/afc.cat\/wp-content\/uploads\/2021\/11\/24-Carles-Pociello.jpg\" data-title=\"24 &#8211; Carles Pociello\" title=\"24 &#8211; Carles Pociello\" rel=\"noreferrer\" data-rel=\"iLightbox[gallery_image_1]\" class=\"fusion-lightbox\" target=\"_self\"><img decoding=\"async\" src=\"https:\/\/afc.cat\/wp-content\/uploads\/2021\/11\/24-Carles-Pociello-320x202.jpg\" width=\"320\" height=\"202\" alt=\"\" title=\"24 &#8211; Carles Pociello\" aria-label=\"24 &#8211; Carles Pociello\" class=\"img-responsive wp-image-23962 fusion-gallery-image-size-fixed\" srcset=\"https:\/\/afc.cat\/wp-content\/uploads\/2021\/11\/24-Carles-Pociello-320x202.jpg 320w, https:\/\/afc.cat\/wp-content\/uploads\/2021\/11\/24-Carles-Pociello-700x441.jpg 700w\" sizes=\"(max-width: 320px) 100vw, 320px\" \/><\/a><\/div><\/div><div style=\"padding:5px;\" class=\"fusion-grid-column fusion-gallery-column fusion-gallery-column-6 hover-type-zoomin\"><div class=\"fusion-gallery-image\"><a href=\"https:\/\/afc.cat\/wp-content\/uploads\/2021\/11\/24-Albert-Folch.jpg\" data-title=\"24 &#8211; Albert Folch\" title=\"24 &#8211; Albert Folch\" rel=\"noreferrer\" data-rel=\"iLightbox[gallery_image_1]\" class=\"fusion-lightbox\" target=\"_self\"><img decoding=\"async\" src=\"https:\/\/afc.cat\/wp-content\/uploads\/2021\/11\/24-Albert-Folch-320x202.jpg\" width=\"320\" height=\"202\" alt=\"\" title=\"24 &#8211; Albert Folch\" aria-label=\"24 &#8211; Albert Folch\" class=\"img-responsive wp-image-23960 fusion-gallery-image-size-fixed\" \/><\/a><\/div><\/div><div style=\"padding:5px;\" class=\"fusion-grid-column fusion-gallery-column fusion-gallery-column-6 hover-type-zoomin\"><div class=\"fusion-gallery-image\"><a href=\"https:\/\/afc.cat\/wp-content\/uploads\/2021\/11\/23-Toni-Torras.jpg\" data-title=\"23 &#8211; Toni Torras\" title=\"23 &#8211; Toni Torras\" rel=\"noreferrer\" data-rel=\"iLightbox[gallery_image_1]\" class=\"fusion-lightbox\" target=\"_self\"><img decoding=\"async\" src=\"https:\/\/afc.cat\/wp-content\/uploads\/2021\/11\/23-Toni-Torras-320x202.jpg\" width=\"320\" height=\"202\" alt=\"\" title=\"23 &#8211; Toni Torras\" aria-label=\"23 &#8211; Toni Torras\" class=\"img-responsive wp-image-23958 fusion-gallery-image-size-fixed\" srcset=\"https:\/\/afc.cat\/wp-content\/uploads\/2021\/11\/23-Toni-Torras-320x202.jpg 320w, https:\/\/afc.cat\/wp-content\/uploads\/2021\/11\/23-Toni-Torras-700x441.jpg 700w\" sizes=\"(max-width: 320px) 100vw, 320px\" \/><\/a><\/div><\/div><div style=\"padding:5px;\" class=\"fusion-grid-column fusion-gallery-column fusion-gallery-column-6 hover-type-zoomin\"><div class=\"fusion-gallery-image\"><a href=\"https:\/\/afc.cat\/wp-content\/uploads\/2021\/11\/23-Manuel-Daniel-Rivera.jpg\" data-title=\"23 &#8211; Manuel Daniel Rivera\" title=\"23 &#8211; Manuel Daniel Rivera\" rel=\"noreferrer\" data-rel=\"iLightbox[gallery_image_1]\" class=\"fusion-lightbox\" target=\"_self\"><img decoding=\"async\" src=\"https:\/\/afc.cat\/wp-content\/uploads\/2021\/11\/23-Manuel-Daniel-Rivera-320x202.jpg\" width=\"320\" height=\"202\" alt=\"\" title=\"23 &#8211; Manuel Daniel Rivera\" aria-label=\"23 &#8211; Manuel Daniel Rivera\" class=\"img-responsive wp-image-23956 fusion-gallery-image-size-fixed\" srcset=\"https:\/\/afc.cat\/wp-content\/uploads\/2021\/11\/23-Manuel-Daniel-Rivera-320x202.jpg 320w, https:\/\/afc.cat\/wp-content\/uploads\/2021\/11\/23-Manuel-Daniel-Rivera-700x441.jpg 700w\" sizes=\"(max-width: 320px) 100vw, 320px\" \/><\/a><\/div><\/div><div style=\"padding:5px;\" class=\"fusion-grid-column fusion-gallery-column fusion-gallery-column-6 hover-type-zoomin\"><div class=\"fusion-gallery-image\"><a href=\"https:\/\/afc.cat\/wp-content\/uploads\/2021\/11\/23-Hortensia-Gonzalez.jpg\" data-title=\"23 &#8211; Hortensia Gonzalez\" title=\"23 &#8211; Hortensia Gonzalez\" rel=\"noreferrer\" data-rel=\"iLightbox[gallery_image_1]\" class=\"fusion-lightbox\" target=\"_self\"><img decoding=\"async\" src=\"https:\/\/afc.cat\/wp-content\/uploads\/2021\/11\/23-Hortensia-Gonzalez-320x202.jpg\" width=\"320\" height=\"202\" alt=\"\" title=\"23 &#8211; Hortensia Gonzalez\" aria-label=\"23 &#8211; Hortensia Gonzalez\" class=\"img-responsive wp-image-23954 fusion-gallery-image-size-fixed\" srcset=\"https:\/\/afc.cat\/wp-content\/uploads\/2021\/11\/23-Hortensia-Gonzalez-320x202.jpg 320w, https:\/\/afc.cat\/wp-content\/uploads\/2021\/11\/23-Hortensia-Gonzalez-700x441.jpg 700w\" sizes=\"(max-width: 320px) 100vw, 320px\" \/><\/a><\/div><\/div><div class=\"clearfix\"><\/div><div style=\"padding:5px;\" class=\"fusion-grid-column fusion-gallery-column fusion-gallery-column-6 hover-type-zoomin\"><div class=\"fusion-gallery-image\"><a href=\"https:\/\/afc.cat\/wp-content\/uploads\/2021\/11\/22-Santiago-Garcia.jpg\" data-title=\"22 &#8211; Santiago Garc\u00eda\" title=\"22 &#8211; Santiago Garc\u00eda\" rel=\"noreferrer\" data-rel=\"iLightbox[gallery_image_1]\" class=\"fusion-lightbox\" target=\"_self\"><img decoding=\"async\" src=\"https:\/\/afc.cat\/wp-content\/uploads\/2021\/11\/22-Santiago-Garcia-320x202.jpg\" width=\"320\" height=\"202\" alt=\"\" title=\"22 &#8211; Santiago Garc\u00eda\" aria-label=\"22 &#8211; Santiago Garc\u00eda\" class=\"img-responsive wp-image-23952 fusion-gallery-image-size-fixed\" srcset=\"https:\/\/afc.cat\/wp-content\/uploads\/2021\/11\/22-Santiago-Garcia-320x202.jpg 320w, https:\/\/afc.cat\/wp-content\/uploads\/2021\/11\/22-Santiago-Garcia-700x441.jpg 700w\" sizes=\"(max-width: 320px) 100vw, 320px\" \/><\/a><\/div><\/div><div style=\"padding:5px;\" class=\"fusion-grid-column fusion-gallery-column fusion-gallery-column-6 hover-type-zoomin\"><div class=\"fusion-gallery-image\"><a href=\"https:\/\/afc.cat\/wp-content\/uploads\/2021\/11\/22-Rosa-Cristofol-.jpg\" data-title=\"22 &#8211; Rosa Crist\u00f2fol\" title=\"22 &#8211; Rosa Crist\u00f2fol\" rel=\"noreferrer\" data-rel=\"iLightbox[gallery_image_1]\" class=\"fusion-lightbox\" target=\"_self\"><img decoding=\"async\" src=\"https:\/\/afc.cat\/wp-content\/uploads\/2021\/11\/22-Rosa-Cristofol--320x202.jpg\" width=\"320\" height=\"202\" alt=\"\" title=\"22 &#8211; Rosa Crist\u00f2fol\" aria-label=\"22 &#8211; Rosa Crist\u00f2fol\" class=\"img-responsive wp-image-23950 fusion-gallery-image-size-fixed\" srcset=\"https:\/\/afc.cat\/wp-content\/uploads\/2021\/11\/22-Rosa-Cristofol--320x202.jpg 320w, https:\/\/afc.cat\/wp-content\/uploads\/2021\/11\/22-Rosa-Cristofol--700x441.jpg 700w\" sizes=\"(max-width: 320px) 100vw, 320px\" \/><\/a><\/div><\/div><div style=\"padding:5px;\" class=\"fusion-grid-column fusion-gallery-column fusion-gallery-column-6 hover-type-zoomin\"><div class=\"fusion-gallery-image\"><a href=\"https:\/\/afc.cat\/wp-content\/uploads\/2021\/11\/22-Josep-LL-Soucheiron.jpg\" data-title=\"22 &#8211; Josep LL Soucheiron\" title=\"22 &#8211; Josep LL Soucheiron\" rel=\"noreferrer\" data-rel=\"iLightbox[gallery_image_1]\" class=\"fusion-lightbox\" target=\"_self\"><img decoding=\"async\" src=\"https:\/\/afc.cat\/wp-content\/uploads\/2021\/11\/22-Josep-LL-Soucheiron-320x202.jpg\" width=\"320\" height=\"202\" alt=\"\" title=\"22 &#8211; Josep LL Soucheiron\" aria-label=\"22 &#8211; Josep LL Soucheiron\" class=\"img-responsive wp-image-23948 fusion-gallery-image-size-fixed\" srcset=\"https:\/\/afc.cat\/wp-content\/uploads\/2021\/11\/22-Josep-LL-Soucheiron-320x202.jpg 320w, https:\/\/afc.cat\/wp-content\/uploads\/2021\/11\/22-Josep-LL-Soucheiron-700x441.jpg 700w\" sizes=\"(max-width: 320px) 100vw, 320px\" \/><\/a><\/div><\/div><div style=\"padding:5px;\" class=\"fusion-grid-column fusion-gallery-column fusion-gallery-column-6 hover-type-zoomin\"><div class=\"fusion-gallery-image\"><a href=\"https:\/\/afc.cat\/wp-content\/uploads\/2021\/11\/22-Joan-Soldevila-.jpg\" data-title=\"22 &#8211; Joan Soldevila\" title=\"22 &#8211; Joan Soldevila\" rel=\"noreferrer\" data-rel=\"iLightbox[gallery_image_1]\" class=\"fusion-lightbox\" target=\"_self\"><img decoding=\"async\" src=\"https:\/\/afc.cat\/wp-content\/uploads\/2021\/11\/22-Joan-Soldevila--320x202.jpg\" width=\"320\" height=\"202\" alt=\"\" title=\"22 &#8211; Joan Soldevila\" aria-label=\"22 &#8211; Joan Soldevila\" class=\"img-responsive wp-image-23946 fusion-gallery-image-size-fixed\" srcset=\"https:\/\/afc.cat\/wp-content\/uploads\/2021\/11\/22-Joan-Soldevila--320x202.jpg 320w, https:\/\/afc.cat\/wp-content\/uploads\/2021\/11\/22-Joan-Soldevila--700x441.jpg 700w\" sizes=\"(max-width: 320px) 100vw, 320px\" \/><\/a><\/div><\/div><div style=\"padding:5px;\" class=\"fusion-grid-column fusion-gallery-column fusion-gallery-column-6 hover-type-zoomin\"><div class=\"fusion-gallery-image\"><a href=\"https:\/\/afc.cat\/wp-content\/uploads\/2021\/11\/22-Francesc-Soldevila.jpg\" data-title=\"22 &#8211; Francesc Soldevila\" title=\"22 &#8211; Francesc Soldevila\" rel=\"noreferrer\" data-rel=\"iLightbox[gallery_image_1]\" class=\"fusion-lightbox\" target=\"_self\"><img decoding=\"async\" src=\"https:\/\/afc.cat\/wp-content\/uploads\/2021\/11\/22-Francesc-Soldevila-320x202.jpg\" width=\"320\" height=\"202\" alt=\"\" title=\"22 &#8211; Francesc Soldevila\" aria-label=\"22 &#8211; Francesc Soldevila\" class=\"img-responsive wp-image-23944 fusion-gallery-image-size-fixed\" srcset=\"https:\/\/afc.cat\/wp-content\/uploads\/2021\/11\/22-Francesc-Soldevila-320x202.jpg 320w, https:\/\/afc.cat\/wp-content\/uploads\/2021\/11\/22-Francesc-Soldevila-700x441.jpg 700w\" sizes=\"(max-width: 320px) 100vw, 320px\" \/><\/a><\/div><\/div><div style=\"padding:5px;\" class=\"fusion-grid-column fusion-gallery-column fusion-gallery-column-6 hover-type-zoomin\"><div class=\"fusion-gallery-image\"><a href=\"https:\/\/afc.cat\/wp-content\/uploads\/2021\/11\/21-Jose-Braojos.jpg\" data-title=\"21 &#8211; Jose Braojos\" title=\"21 &#8211; Jose Braojos\" rel=\"noreferrer\" data-rel=\"iLightbox[gallery_image_1]\" class=\"fusion-lightbox\" target=\"_self\"><img decoding=\"async\" src=\"https:\/\/afc.cat\/wp-content\/uploads\/2021\/11\/21-Jose-Braojos-320x202.jpg\" width=\"320\" height=\"202\" alt=\"\" title=\"21 &#8211; Jose Braojos\" aria-label=\"21 &#8211; Jose Braojos\" class=\"img-responsive wp-image-23942 fusion-gallery-image-size-fixed\" srcset=\"https:\/\/afc.cat\/wp-content\/uploads\/2021\/11\/21-Jose-Braojos-320x202.jpg 320w, https:\/\/afc.cat\/wp-content\/uploads\/2021\/11\/21-Jose-Braojos-700x441.jpg 700w\" sizes=\"(max-width: 320px) 100vw, 320px\" \/><\/a><\/div><\/div><div class=\"clearfix\"><\/div><div style=\"padding:5px;\" class=\"fusion-grid-column fusion-gallery-column fusion-gallery-column-6 hover-type-zoomin\"><div class=\"fusion-gallery-image\"><a href=\"https:\/\/afc.cat\/wp-content\/uploads\/2021\/11\/21-Anna-Barnes.jpg\" data-title=\"21 &#8211; Anna Barn\u00e9s\" title=\"21 &#8211; Anna Barn\u00e9s\" rel=\"noreferrer\" data-rel=\"iLightbox[gallery_image_1]\" class=\"fusion-lightbox\" target=\"_self\"><img decoding=\"async\" src=\"https:\/\/afc.cat\/wp-content\/uploads\/2021\/11\/21-Anna-Barnes-320x202.jpg\" width=\"320\" height=\"202\" alt=\"\" title=\"21 &#8211; Anna Barn\u00e9s\" aria-label=\"21 &#8211; Anna Barn\u00e9s\" class=\"img-responsive wp-image-23940 fusion-gallery-image-size-fixed\" srcset=\"https:\/\/afc.cat\/wp-content\/uploads\/2021\/11\/21-Anna-Barnes-320x202.jpg 320w, https:\/\/afc.cat\/wp-content\/uploads\/2021\/11\/21-Anna-Barnes-700x441.jpg 700w\" sizes=\"(max-width: 320px) 100vw, 320px\" \/><\/a><\/div><\/div><div style=\"padding:5px;\" class=\"fusion-grid-column fusion-gallery-column fusion-gallery-column-6 hover-type-zoomin\"><div class=\"fusion-gallery-image\"><a href=\"https:\/\/afc.cat\/wp-content\/uploads\/2021\/11\/20-Josep-Soler.jpg\" data-title=\"20 &#8211; Josep Soler\" title=\"20 &#8211; Josep Soler\" rel=\"noreferrer\" data-rel=\"iLightbox[gallery_image_1]\" class=\"fusion-lightbox\" target=\"_self\"><img decoding=\"async\" src=\"https:\/\/afc.cat\/wp-content\/uploads\/2021\/11\/20-Josep-Soler-320x202.jpg\" width=\"320\" height=\"202\" alt=\"\" title=\"20 &#8211; Josep Soler\" aria-label=\"20 &#8211; Josep Soler\" class=\"img-responsive wp-image-23938 fusion-gallery-image-size-fixed\" srcset=\"https:\/\/afc.cat\/wp-content\/uploads\/2021\/11\/20-Josep-Soler-320x202.jpg 320w, https:\/\/afc.cat\/wp-content\/uploads\/2021\/11\/20-Josep-Soler-700x441.jpg 700w\" sizes=\"(max-width: 320px) 100vw, 320px\" \/><\/a><\/div><\/div><div style=\"padding:5px;\" class=\"fusion-grid-column fusion-gallery-column fusion-gallery-column-6 hover-type-zoomin\"><div class=\"fusion-gallery-image\"><a href=\"https:\/\/afc.cat\/wp-content\/uploads\/2021\/11\/20-Josep-Maria-Bonjoch.jpg\" data-title=\"20 &#8211; Josep Maria Bonjoch\" title=\"20 &#8211; Josep Maria Bonjoch\" rel=\"noreferrer\" data-rel=\"iLightbox[gallery_image_1]\" class=\"fusion-lightbox\" target=\"_self\"><img decoding=\"async\" src=\"https:\/\/afc.cat\/wp-content\/uploads\/2021\/11\/20-Josep-Maria-Bonjoch-320x202.jpg\" width=\"320\" height=\"202\" alt=\"\" title=\"20 &#8211; Josep Maria Bonjoch\" aria-label=\"20 &#8211; Josep Maria Bonjoch\" class=\"img-responsive wp-image-23936 fusion-gallery-image-size-fixed\" srcset=\"https:\/\/afc.cat\/wp-content\/uploads\/2021\/11\/20-Josep-Maria-Bonjoch-320x202.jpg 320w, https:\/\/afc.cat\/wp-content\/uploads\/2021\/11\/20-Josep-Maria-Bonjoch-700x441.jpg 700w\" sizes=\"(max-width: 320px) 100vw, 320px\" \/><\/a><\/div><\/div><div style=\"padding:5px;\" class=\"fusion-grid-column fusion-gallery-column fusion-gallery-column-6 hover-type-zoomin\"><div class=\"fusion-gallery-image\"><a href=\"https:\/\/afc.cat\/wp-content\/uploads\/2021\/11\/20-David-Penarroya.jpg\" data-title=\"20 &#8211; David Pe\u00f1arroya\" title=\"20 &#8211; David Pe\u00f1arroya\" rel=\"noreferrer\" data-rel=\"iLightbox[gallery_image_1]\" class=\"fusion-lightbox\" target=\"_self\"><img decoding=\"async\" src=\"https:\/\/afc.cat\/wp-content\/uploads\/2021\/11\/20-David-Penarroya-320x202.jpg\" width=\"320\" height=\"202\" alt=\"\" title=\"20 &#8211; David Pe\u00f1arroya\" aria-label=\"20 &#8211; David Pe\u00f1arroya\" class=\"img-responsive wp-image-23934 fusion-gallery-image-size-fixed\" srcset=\"https:\/\/afc.cat\/wp-content\/uploads\/2021\/11\/20-David-Penarroya-320x202.jpg 320w, https:\/\/afc.cat\/wp-content\/uploads\/2021\/11\/20-David-Penarroya-700x441.jpg 700w\" sizes=\"(max-width: 320px) 100vw, 320px\" \/><\/a><\/div><\/div><div style=\"padding:5px;\" class=\"fusion-grid-column fusion-gallery-column fusion-gallery-column-6 hover-type-zoomin\"><div class=\"fusion-gallery-image\"><a href=\"https:\/\/afc.cat\/wp-content\/uploads\/2021\/11\/20-Albert-Canellas.jpg\" data-title=\"20 &#8211; Albert Ca\u00f1ellas\" title=\"20 &#8211; Albert Ca\u00f1ellas\" rel=\"noreferrer\" data-rel=\"iLightbox[gallery_image_1]\" class=\"fusion-lightbox\" target=\"_self\"><img decoding=\"async\" src=\"https:\/\/afc.cat\/wp-content\/uploads\/2021\/11\/20-Albert-Canellas-320x202.jpg\" width=\"320\" height=\"202\" alt=\"\" title=\"20 &#8211; Albert Ca\u00f1ellas\" aria-label=\"20 &#8211; Albert Ca\u00f1ellas\" class=\"img-responsive wp-image-23932 fusion-gallery-image-size-fixed\" srcset=\"https:\/\/afc.cat\/wp-content\/uploads\/2021\/11\/20-Albert-Canellas-320x202.jpg 320w, https:\/\/afc.cat\/wp-content\/uploads\/2021\/11\/20-Albert-Canellas-700x441.jpg 700w\" sizes=\"(max-width: 320px) 100vw, 320px\" \/><\/a><\/div><\/div><div style=\"padding:5px;\" class=\"fusion-grid-column fusion-gallery-column fusion-gallery-column-6 hover-type-zoomin\"><div class=\"fusion-gallery-image\"><a href=\"https:\/\/afc.cat\/wp-content\/uploads\/2021\/11\/19-Pere-Josep-Sanchez.jpg\" data-title=\"19 &#8211; Pere Josep S\u00e1nchez\" title=\"19 &#8211; Pere Josep S\u00e1nchez\" rel=\"noreferrer\" data-rel=\"iLightbox[gallery_image_1]\" class=\"fusion-lightbox\" target=\"_self\"><img decoding=\"async\" src=\"https:\/\/afc.cat\/wp-content\/uploads\/2021\/11\/19-Pere-Josep-Sanchez-320x202.jpg\" width=\"320\" height=\"202\" alt=\"\" title=\"19 &#8211; Pere Josep S\u00e1nchez\" aria-label=\"19 &#8211; Pere Josep S\u00e1nchez\" class=\"img-responsive wp-image-23930 fusion-gallery-image-size-fixed\" \/><\/a><\/div><\/div><div class=\"clearfix\"><\/div><div style=\"padding:5px;\" class=\"fusion-grid-column fusion-gallery-column fusion-gallery-column-6 hover-type-zoomin\"><div class=\"fusion-gallery-image\"><a href=\"https:\/\/afc.cat\/wp-content\/uploads\/2021\/11\/19-Miguel-Lopez.jpg\" data-title=\"19 &#8211; Miguel L\u00f3pez\" title=\"19 &#8211; Miguel L\u00f3pez\" rel=\"noreferrer\" data-rel=\"iLightbox[gallery_image_1]\" class=\"fusion-lightbox\" target=\"_self\"><img decoding=\"async\" src=\"https:\/\/afc.cat\/wp-content\/uploads\/2021\/11\/19-Miguel-Lopez-320x202.jpg\" width=\"320\" height=\"202\" alt=\"\" title=\"19 &#8211; Miguel L\u00f3pez\" aria-label=\"19 &#8211; Miguel L\u00f3pez\" class=\"img-responsive wp-image-23928 fusion-gallery-image-size-fixed\" srcset=\"https:\/\/afc.cat\/wp-content\/uploads\/2021\/11\/19-Miguel-Lopez-320x202.jpg 320w, https:\/\/afc.cat\/wp-content\/uploads\/2021\/11\/19-Miguel-Lopez-700x441.jpg 700w\" sizes=\"(max-width: 320px) 100vw, 320px\" \/><\/a><\/div><\/div><div style=\"padding:5px;\" class=\"fusion-grid-column fusion-gallery-column fusion-gallery-column-6 hover-type-zoomin\"><div class=\"fusion-gallery-image\"><a href=\"https:\/\/afc.cat\/wp-content\/uploads\/2021\/11\/19-Jaume-Estrada.jpg\" data-title=\"19 &#8211; Jaume Estrada\" title=\"19 &#8211; Jaume Estrada\" rel=\"noreferrer\" data-rel=\"iLightbox[gallery_image_1]\" class=\"fusion-lightbox\" target=\"_self\"><img decoding=\"async\" src=\"https:\/\/afc.cat\/wp-content\/uploads\/2021\/11\/19-Jaume-Estrada-320x202.jpg\" width=\"320\" height=\"202\" alt=\"\" title=\"19 &#8211; Jaume Estrada\" aria-label=\"19 &#8211; Jaume Estrada\" class=\"img-responsive wp-image-23926 fusion-gallery-image-size-fixed\" srcset=\"https:\/\/afc.cat\/wp-content\/uploads\/2021\/11\/19-Jaume-Estrada-320x202.jpg 320w, https:\/\/afc.cat\/wp-content\/uploads\/2021\/11\/19-Jaume-Estrada-700x441.jpg 700w\" sizes=\"(max-width: 320px) 100vw, 320px\" \/><\/a><\/div><\/div><div style=\"padding:5px;\" class=\"fusion-grid-column fusion-gallery-column fusion-gallery-column-6 hover-type-zoomin\"><div class=\"fusion-gallery-image\"><a href=\"https:\/\/afc.cat\/wp-content\/uploads\/2021\/11\/19-Francesca-Portoles.jpg\" data-title=\"19 &#8211; Francesca Portol\u00e9s\" title=\"19 &#8211; Francesca Portol\u00e9s\" rel=\"noreferrer\" data-rel=\"iLightbox[gallery_image_1]\" class=\"fusion-lightbox\" target=\"_self\"><img decoding=\"async\" src=\"https:\/\/afc.cat\/wp-content\/uploads\/2021\/11\/19-Francesca-Portoles-320x202.jpg\" width=\"320\" height=\"202\" alt=\"\" title=\"19 &#8211; Francesca Portol\u00e9s\" aria-label=\"19 &#8211; Francesca Portol\u00e9s\" class=\"img-responsive wp-image-23924 fusion-gallery-image-size-fixed\" \/><\/a><\/div><\/div><div style=\"padding:5px;\" class=\"fusion-grid-column fusion-gallery-column fusion-gallery-column-6 hover-type-zoomin\"><div class=\"fusion-gallery-image\"><a href=\"https:\/\/afc.cat\/wp-content\/uploads\/2021\/11\/19-Carles-Lastra-.jpg\" data-title=\"19 &#8211; Carles Lastra\" title=\"19 &#8211; Carles Lastra\" rel=\"noreferrer\" data-rel=\"iLightbox[gallery_image_1]\" class=\"fusion-lightbox\" target=\"_self\"><img decoding=\"async\" src=\"https:\/\/afc.cat\/wp-content\/uploads\/2021\/11\/19-Carles-Lastra--320x202.jpg\" width=\"320\" height=\"202\" alt=\"\" title=\"19 &#8211; Carles Lastra\" aria-label=\"19 &#8211; Carles Lastra\" class=\"img-responsive wp-image-23922 fusion-gallery-image-size-fixed\" srcset=\"https:\/\/afc.cat\/wp-content\/uploads\/2021\/11\/19-Carles-Lastra--320x202.jpg 320w, https:\/\/afc.cat\/wp-content\/uploads\/2021\/11\/19-Carles-Lastra--700x441.jpg 700w\" sizes=\"(max-width: 320px) 100vw, 320px\" \/><\/a><\/div><\/div><div style=\"padding:5px;\" class=\"fusion-grid-column fusion-gallery-column fusion-gallery-column-6 hover-type-zoomin\"><div class=\"fusion-gallery-image\"><a href=\"https:\/\/afc.cat\/wp-content\/uploads\/2021\/11\/18-Joan-Rue.jpg\" data-title=\"18 &#8211; Joan Ru\u00e9\" title=\"18 &#8211; Joan Ru\u00e9\" rel=\"noreferrer\" data-rel=\"iLightbox[gallery_image_1]\" class=\"fusion-lightbox\" target=\"_self\"><img decoding=\"async\" src=\"https:\/\/afc.cat\/wp-content\/uploads\/2021\/11\/18-Joan-Rue-320x202.jpg\" width=\"320\" height=\"202\" alt=\"\" title=\"18 &#8211; Joan Ru\u00e9\" aria-label=\"18 &#8211; Joan Ru\u00e9\" class=\"img-responsive wp-image-23920 fusion-gallery-image-size-fixed\" srcset=\"https:\/\/afc.cat\/wp-content\/uploads\/2021\/11\/18-Joan-Rue-200x127.jpg 200w, https:\/\/afc.cat\/wp-content\/uploads\/2021\/11\/18-Joan-Rue-400x254.jpg 400w, https:\/\/afc.cat\/wp-content\/uploads\/2021\/11\/18-Joan-Rue-600x380.jpg 600w, https:\/\/afc.cat\/wp-content\/uploads\/2021\/11\/18-Joan-Rue-800x507.jpg 800w, https:\/\/afc.cat\/wp-content\/uploads\/2021\/11\/18-Joan-Rue.jpg 1024w\" sizes=\"(min-width: 2200px) 100vw, (min-width: 1120px) 204px, (min-width: 1024px) 245px, (min-width: 928px) 306px, (min-width: 832px) 408px, (min-width: 736px) 613px, (min-width: 640px) 736px, \" \/><\/a><\/div><\/div><div style=\"padding:5px;\" class=\"fusion-grid-column fusion-gallery-column fusion-gallery-column-6 hover-type-zoomin\"><div class=\"fusion-gallery-image\"><a href=\"https:\/\/afc.cat\/wp-content\/uploads\/2021\/11\/18-Damian-Tous.jpg\" data-title=\"18 &#8211; Dami\u00e1n Tous\" title=\"18 &#8211; Dami\u00e1n Tous\" rel=\"noreferrer\" data-rel=\"iLightbox[gallery_image_1]\" class=\"fusion-lightbox\" target=\"_self\"><img decoding=\"async\" src=\"https:\/\/afc.cat\/wp-content\/uploads\/2021\/11\/18-Damian-Tous-320x202.jpg\" width=\"320\" height=\"202\" alt=\"\" title=\"18 &#8211; Dami\u00e1n Tous\" aria-label=\"18 &#8211; Dami\u00e1n Tous\" class=\"img-responsive wp-image-23918 fusion-gallery-image-size-fixed\" srcset=\"https:\/\/afc.cat\/wp-content\/uploads\/2021\/11\/18-Damian-Tous-320x202.jpg 320w, https:\/\/afc.cat\/wp-content\/uploads\/2021\/11\/18-Damian-Tous-700x441.jpg 700w\" sizes=\"(max-width: 320px) 100vw, 320px\" \/><\/a><\/div><\/div><div class=\"clearfix\"><\/div><div style=\"padding:5px;\" class=\"fusion-grid-column fusion-gallery-column fusion-gallery-column-6 hover-type-zoomin\"><div class=\"fusion-gallery-image\"><a href=\"https:\/\/afc.cat\/wp-content\/uploads\/2021\/11\/18-Angel-Colado.jpg\" data-title=\"18 &#8211; \u00c1ngel Colado\" title=\"18 &#8211; \u00c1ngel Colado\" rel=\"noreferrer\" data-rel=\"iLightbox[gallery_image_1]\" class=\"fusion-lightbox\" target=\"_self\"><img decoding=\"async\" src=\"https:\/\/afc.cat\/wp-content\/uploads\/2021\/11\/18-Angel-Colado-320x202.jpg\" width=\"320\" height=\"202\" alt=\"\" title=\"18 &#8211; \u00c1ngel Colado\" aria-label=\"18 &#8211; \u00c1ngel Colado\" class=\"img-responsive wp-image-23916 fusion-gallery-image-size-fixed\" \/><\/a><\/div><\/div><div style=\"padding:5px;\" class=\"fusion-grid-column fusion-gallery-column fusion-gallery-column-6 hover-type-zoomin\"><div class=\"fusion-gallery-image\"><a href=\"https:\/\/afc.cat\/wp-content\/uploads\/2021\/11\/18-Adolfo-Garcia.jpg\" data-title=\"18 &#8211; Adolfo Garcia\" title=\"18 &#8211; Adolfo Garcia\" rel=\"noreferrer\" data-rel=\"iLightbox[gallery_image_1]\" class=\"fusion-lightbox\" target=\"_self\"><img decoding=\"async\" src=\"https:\/\/afc.cat\/wp-content\/uploads\/2021\/11\/18-Adolfo-Garcia-320x202.jpg\" width=\"320\" height=\"202\" alt=\"\" title=\"18 &#8211; Adolfo Garcia\" aria-label=\"18 &#8211; Adolfo Garcia\" class=\"img-responsive wp-image-23914 fusion-gallery-image-size-fixed\" srcset=\"https:\/\/afc.cat\/wp-content\/uploads\/2021\/11\/18-Adolfo-Garcia-320x202.jpg 320w, https:\/\/afc.cat\/wp-content\/uploads\/2021\/11\/18-Adolfo-Garcia-700x441.jpg 700w\" sizes=\"(max-width: 320px) 100vw, 320px\" \/><\/a><\/div><\/div><div style=\"padding:5px;\" class=\"fusion-grid-column fusion-gallery-column fusion-gallery-column-6 hover-type-zoomin\"><div class=\"fusion-gallery-image\"><a href=\"https:\/\/afc.cat\/wp-content\/uploads\/2021\/11\/18-Irene-Sanz.jpg\" data-title=\"18 &#8211; Irene Sanz\" title=\"18 &#8211; Irene Sanz\" rel=\"noreferrer\" data-rel=\"iLightbox[gallery_image_1]\" class=\"fusion-lightbox\" target=\"_self\"><img decoding=\"async\" src=\"https:\/\/afc.cat\/wp-content\/uploads\/2021\/11\/18-Irene-Sanz-320x202.jpg\" width=\"320\" height=\"202\" alt=\"\" title=\"18 &#8211; Irene Sanz\" aria-label=\"18 &#8211; Irene Sanz\" class=\"img-responsive wp-image-23912 fusion-gallery-image-size-fixed\" \/><\/a><\/div><\/div><div style=\"padding:5px;\" class=\"fusion-grid-column fusion-gallery-column fusion-gallery-column-6 hover-type-zoomin\"><div class=\"fusion-gallery-image\"><a href=\"https:\/\/afc.cat\/wp-content\/uploads\/2021\/11\/17-Felix-Jose-Vizcaino.jpg\" data-title=\"17 &#8211; F\u00e9lix Jos\u00e9 Vizca\u00edno\" title=\"17 &#8211; F\u00e9lix Jos\u00e9 Vizca\u00edno\" rel=\"noreferrer\" data-rel=\"iLightbox[gallery_image_1]\" class=\"fusion-lightbox\" target=\"_self\"><img decoding=\"async\" src=\"https:\/\/afc.cat\/wp-content\/uploads\/2021\/11\/17-Felix-Jose-Vizcaino-320x202.jpg\" width=\"320\" height=\"202\" alt=\"\" title=\"17 &#8211; F\u00e9lix Jos\u00e9 Vizca\u00edno\" aria-label=\"17 &#8211; F\u00e9lix Jos\u00e9 Vizca\u00edno\" class=\"img-responsive wp-image-23910 fusion-gallery-image-size-fixed\" srcset=\"https:\/\/afc.cat\/wp-content\/uploads\/2021\/11\/17-Felix-Jose-Vizcaino-320x202.jpg 320w, https:\/\/afc.cat\/wp-content\/uploads\/2021\/11\/17-Felix-Jose-Vizcaino-700x441.jpg 700w\" sizes=\"(max-width: 320px) 100vw, 320px\" \/><\/a><\/div><\/div><div style=\"padding:5px;\" class=\"fusion-grid-column fusion-gallery-column fusion-gallery-column-6 hover-type-zoomin\"><div class=\"fusion-gallery-image\"><a href=\"https:\/\/afc.cat\/wp-content\/uploads\/2021\/11\/17-Carmen-Casademont.jpg\" data-title=\"17 &#8211; Carmen Casademont\" title=\"17 &#8211; Carmen Casademont\" rel=\"noreferrer\" data-rel=\"iLightbox[gallery_image_1]\" class=\"fusion-lightbox\" target=\"_self\"><img decoding=\"async\" src=\"https:\/\/afc.cat\/wp-content\/uploads\/2021\/11\/17-Carmen-Casademont-320x202.jpg\" width=\"320\" height=\"202\" alt=\"\" title=\"17 &#8211; Carmen Casademont\" aria-label=\"17 &#8211; Carmen Casademont\" class=\"img-responsive wp-image-23908 fusion-gallery-image-size-fixed\" srcset=\"https:\/\/afc.cat\/wp-content\/uploads\/2021\/11\/17-Carmen-Casademont-320x202.jpg 320w, https:\/\/afc.cat\/wp-content\/uploads\/2021\/11\/17-Carmen-Casademont-700x441.jpg 700w\" sizes=\"(max-width: 320px) 100vw, 320px\" \/><\/a><\/div><\/div><div style=\"padding:5px;\" class=\"fusion-grid-column fusion-gallery-column fusion-gallery-column-6 hover-type-zoomin\"><div class=\"fusion-gallery-image\"><a href=\"https:\/\/afc.cat\/wp-content\/uploads\/2021\/11\/17-Antoni-Torres.jpg\" data-title=\"17 &#8211; Antoni Torres\" title=\"17 &#8211; Antoni Torres\" rel=\"noreferrer\" data-rel=\"iLightbox[gallery_image_1]\" class=\"fusion-lightbox\" target=\"_self\"><img decoding=\"async\" src=\"https:\/\/afc.cat\/wp-content\/uploads\/2021\/11\/17-Antoni-Torres-320x202.jpg\" width=\"320\" height=\"202\" alt=\"\" title=\"17 &#8211; Antoni Torres\" aria-label=\"17 &#8211; Antoni Torres\" class=\"img-responsive wp-image-23906 fusion-gallery-image-size-fixed\" \/><\/a><\/div><\/div><div class=\"clearfix\"><\/div><div style=\"padding:5px;\" class=\"fusion-grid-column fusion-gallery-column fusion-gallery-column-6 hover-type-zoomin\"><div class=\"fusion-gallery-image\"><a href=\"https:\/\/afc.cat\/wp-content\/uploads\/2021\/11\/16-Antoni-Serrano.jpg\" data-title=\"16 &#8211; Antoni Serrano\" title=\"16 &#8211; Antoni Serrano\" rel=\"noreferrer\" data-rel=\"iLightbox[gallery_image_1]\" class=\"fusion-lightbox\" target=\"_self\"><img decoding=\"async\" src=\"https:\/\/afc.cat\/wp-content\/uploads\/2021\/11\/16-Antoni-Serrano-320x202.jpg\" width=\"320\" height=\"202\" alt=\"\" title=\"16 &#8211; Antoni Serrano\" aria-label=\"16 &#8211; Antoni Serrano\" class=\"img-responsive wp-image-23904 fusion-gallery-image-size-fixed\" srcset=\"https:\/\/afc.cat\/wp-content\/uploads\/2021\/11\/16-Antoni-Serrano-320x202.jpg 320w, https:\/\/afc.cat\/wp-content\/uploads\/2021\/11\/16-Antoni-Serrano-700x441.jpg 700w\" sizes=\"(max-width: 320px) 100vw, 320px\" \/><\/a><\/div><\/div><\/div><div class=\"fusion-separator fusion-full-width-sep\" style=\"align-self: center;margin-left: auto;margin-right: auto;margin-top:20px;margin-bottom:20px;width:100%;\"><div class=\"fusion-separator-border sep-single sep-solid\" style=\"border-color:#3ec0bf;border-top-width:1px;\"><\/div><\/div><div class=\"fusion-text fusion-text-2\"><p style=\"text-align: center;\"><strong>Clasificaci\u00f3n color<\/strong><\/p>\n<\/div><div style=\"text-align:center;\"><style>.fusion-imageframe.imageframe-2{ margin-bottom : 20px;}<\/style><span class=\" fusion-imageframe imageframe-none imageframe-2 hover-type-none\"><img decoding=\"async\" width=\"900\" height=\"748\" title=\"Puntuaci\u00f3 Color Octubre 2021-2022\" src=\"https:\/\/afc.cat\/wp-content\/uploads\/2021\/11\/Puntuacio-Color-Octubre-2021-2022.jpg\" alt class=\"img-responsive wp-image-24051\" srcset=\"https:\/\/afc.cat\/wp-content\/uploads\/2021\/11\/Puntuacio-Color-Octubre-2021-2022-200x166.jpg 200w, https:\/\/afc.cat\/wp-content\/uploads\/2021\/11\/Puntuacio-Color-Octubre-2021-2022-400x332.jpg 400w, https:\/\/afc.cat\/wp-content\/uploads\/2021\/11\/Puntuacio-Color-Octubre-2021-2022-600x499.jpg 600w, https:\/\/afc.cat\/wp-content\/uploads\/2021\/11\/Puntuacio-Color-Octubre-2021-2022-800x665.jpg 800w, https:\/\/afc.cat\/wp-content\/uploads\/2021\/11\/Puntuacio-Color-Octubre-2021-2022.jpg 900w\" sizes=\"(max-width: 640px) 100vw, 900px\" \/><\/span><\/div><style type=\"text\/css\">.fusion-gallery-2 .fusion-gallery-image {border:0px solid #e2e2e2;}<\/style><div class=\"fusion-gallery fusion-gallery-container fusion-grid-6 fusion-columns-total-34 fusion-gallery-layout-grid fusion-gallery-2\" style=\"margin:-5px;\"><div style=\"padding:5px;\" class=\"fusion-grid-column fusion-gallery-column fusion-gallery-column-6 hover-type-none\"><div class=\"fusion-gallery-image\"><a href=\"https:\/\/afc.cat\/wp-content\/uploads\/2021\/11\/25-Manuel-Daniel-Rivera.jpg\" rel=\"noreferrer\" data-rel=\"iLightbox[gallery_image_2]\" class=\"fusion-lightbox\" target=\"_self\"><img decoding=\"async\" src=\"https:\/\/afc.cat\/wp-content\/uploads\/2021\/11\/25-Manuel-Daniel-Rivera-320x202.jpg\" width=\"320\" height=\"202\" alt=\"\" title=\"25 &#8211; Manuel Daniel Rivera\" aria-label=\"25 &#8211; Manuel Daniel Rivera\" class=\"img-responsive wp-image-24032 fusion-gallery-image-size-fixed\" srcset=\"https:\/\/afc.cat\/wp-content\/uploads\/2021\/11\/25-Manuel-Daniel-Rivera-320x202.jpg 320w, https:\/\/afc.cat\/wp-content\/uploads\/2021\/11\/25-Manuel-Daniel-Rivera-700x441.jpg 700w\" sizes=\"(max-width: 320px) 100vw, 320px\" \/><\/a><\/div><\/div><div style=\"padding:5px;\" class=\"fusion-grid-column fusion-gallery-column fusion-gallery-column-6 hover-type-none\"><div class=\"fusion-gallery-image\"><a href=\"https:\/\/afc.cat\/wp-content\/uploads\/2021\/11\/23-Miguel-Lopez.jpg\" rel=\"noreferrer\" data-rel=\"iLightbox[gallery_image_2]\" class=\"fusion-lightbox\" target=\"_self\"><img decoding=\"async\" src=\"https:\/\/afc.cat\/wp-content\/uploads\/2021\/11\/23-Miguel-Lopez-320x202.jpg\" width=\"320\" height=\"202\" alt=\"\" title=\"23 &#8211; Miguel L\u00f3pez\" aria-label=\"23 &#8211; Miguel L\u00f3pez\" class=\"img-responsive wp-image-24030 fusion-gallery-image-size-fixed\" srcset=\"https:\/\/afc.cat\/wp-content\/uploads\/2021\/11\/23-Miguel-Lopez-320x202.jpg 320w, https:\/\/afc.cat\/wp-content\/uploads\/2021\/11\/23-Miguel-Lopez-700x441.jpg 700w\" sizes=\"(max-width: 320px) 100vw, 320px\" \/><\/a><\/div><\/div><div style=\"padding:5px;\" class=\"fusion-grid-column fusion-gallery-column fusion-gallery-column-6 hover-type-none\"><div class=\"fusion-gallery-image\"><a href=\"https:\/\/afc.cat\/wp-content\/uploads\/2021\/11\/23-Josep-Maria-Bonjoch.jpg\" rel=\"noreferrer\" data-rel=\"iLightbox[gallery_image_2]\" class=\"fusion-lightbox\" target=\"_self\"><img decoding=\"async\" src=\"https:\/\/afc.cat\/wp-content\/uploads\/2021\/11\/23-Josep-Maria-Bonjoch-320x202.jpg\" width=\"320\" height=\"202\" alt=\"\" title=\"23 &#8211; Josep Maria Bonjoch\" aria-label=\"23 &#8211; Josep Maria Bonjoch\" class=\"img-responsive wp-image-24028 fusion-gallery-image-size-fixed\" srcset=\"https:\/\/afc.cat\/wp-content\/uploads\/2021\/11\/23-Josep-Maria-Bonjoch-320x202.jpg 320w, https:\/\/afc.cat\/wp-content\/uploads\/2021\/11\/23-Josep-Maria-Bonjoch-700x441.jpg 700w\" sizes=\"(max-width: 320px) 100vw, 320px\" \/><\/a><\/div><\/div><div style=\"padding:5px;\" class=\"fusion-grid-column fusion-gallery-column fusion-gallery-column-6 hover-type-none\"><div class=\"fusion-gallery-image\"><a href=\"https:\/\/afc.cat\/wp-content\/uploads\/2021\/11\/23-Joan-Rue.jpg\" rel=\"noreferrer\" data-rel=\"iLightbox[gallery_image_2]\" class=\"fusion-lightbox\" target=\"_self\"><img decoding=\"async\" src=\"https:\/\/afc.cat\/wp-content\/uploads\/2021\/11\/23-Joan-Rue-320x202.jpg\" width=\"320\" height=\"202\" alt=\"\" title=\"23 &#8211; Joan Ru\u00e9\" aria-label=\"23 &#8211; Joan Ru\u00e9\" class=\"img-responsive wp-image-24026 fusion-gallery-image-size-fixed\" srcset=\"https:\/\/afc.cat\/wp-content\/uploads\/2021\/11\/23-Joan-Rue-320x202.jpg 320w, https:\/\/afc.cat\/wp-content\/uploads\/2021\/11\/23-Joan-Rue-700x441.jpg 700w\" sizes=\"(max-width: 320px) 100vw, 320px\" \/><\/a><\/div><\/div><div style=\"padding:5px;\" class=\"fusion-grid-column fusion-gallery-column fusion-gallery-column-6 hover-type-none\"><div class=\"fusion-gallery-image\"><a href=\"https:\/\/afc.cat\/wp-content\/uploads\/2021\/11\/23-Felix-Jose-Viacaino.jpg\" rel=\"noreferrer\" data-rel=\"iLightbox[gallery_image_2]\" class=\"fusion-lightbox\" target=\"_self\"><img decoding=\"async\" src=\"https:\/\/afc.cat\/wp-content\/uploads\/2021\/11\/23-Felix-Jose-Viacaino-320x202.jpg\" width=\"320\" height=\"202\" alt=\"\" title=\"23 &#8211; Felix Jos\u00e9 Viacaino\" aria-label=\"23 &#8211; Felix Jos\u00e9 Viacaino\" class=\"img-responsive wp-image-24024 fusion-gallery-image-size-fixed\" srcset=\"https:\/\/afc.cat\/wp-content\/uploads\/2021\/11\/23-Felix-Jose-Viacaino-320x202.jpg 320w, https:\/\/afc.cat\/wp-content\/uploads\/2021\/11\/23-Felix-Jose-Viacaino-700x441.jpg 700w\" sizes=\"(max-width: 320px) 100vw, 320px\" \/><\/a><\/div><\/div><div class=\"clearfix\"><\/div><div style=\"padding:5px;\" class=\"fusion-grid-column fusion-gallery-column fusion-gallery-column-6 hover-type-none\"><div class=\"fusion-gallery-image\"><a href=\"https:\/\/afc.cat\/wp-content\/uploads\/2021\/11\/22-Rosa-Cristofol.jpg\" rel=\"noreferrer\" data-rel=\"iLightbox[gallery_image_2]\" class=\"fusion-lightbox\" target=\"_self\"><img decoding=\"async\" src=\"https:\/\/afc.cat\/wp-content\/uploads\/2021\/11\/22-Rosa-Cristofol-320x202.jpg\" width=\"320\" height=\"202\" alt=\"\" title=\"22 &#8211; Rosa Crist\u00f2fol\" aria-label=\"22 &#8211; Rosa Crist\u00f2fol\" class=\"img-responsive wp-image-24022 fusion-gallery-image-size-fixed\" srcset=\"https:\/\/afc.cat\/wp-content\/uploads\/2021\/11\/22-Rosa-Cristofol-320x202.jpg 320w, https:\/\/afc.cat\/wp-content\/uploads\/2021\/11\/22-Rosa-Cristofol-700x441.jpg 700w\" sizes=\"(max-width: 320px) 100vw, 320px\" \/><\/a><\/div><\/div><div style=\"padding:5px;\" class=\"fusion-grid-column fusion-gallery-column fusion-gallery-column-6 hover-type-none\"><div class=\"fusion-gallery-image\"><a href=\"https:\/\/afc.cat\/wp-content\/uploads\/2021\/11\/22-Jose-Braojos.jpg\" rel=\"noreferrer\" data-rel=\"iLightbox[gallery_image_2]\" class=\"fusion-lightbox\" target=\"_self\"><img decoding=\"async\" src=\"https:\/\/afc.cat\/wp-content\/uploads\/2021\/11\/22-Jose-Braojos-320x202.jpg\" width=\"320\" height=\"202\" alt=\"\" title=\"22 &#8211; Jos\u00e9 Braojos\" aria-label=\"22 &#8211; Jos\u00e9 Braojos\" class=\"img-responsive wp-image-24020 fusion-gallery-image-size-fixed\" srcset=\"https:\/\/afc.cat\/wp-content\/uploads\/2021\/11\/22-Jose-Braojos-320x202.jpg 320w, https:\/\/afc.cat\/wp-content\/uploads\/2021\/11\/22-Jose-Braojos-700x441.jpg 700w\" sizes=\"(max-width: 320px) 100vw, 320px\" \/><\/a><\/div><\/div><div style=\"padding:5px;\" class=\"fusion-grid-column fusion-gallery-column fusion-gallery-column-6 hover-type-none\"><div class=\"fusion-gallery-image\"><a href=\"https:\/\/afc.cat\/wp-content\/uploads\/2021\/11\/22-Joan-Soldevila.jpg\" rel=\"noreferrer\" data-rel=\"iLightbox[gallery_image_2]\" class=\"fusion-lightbox\" target=\"_self\"><img decoding=\"async\" src=\"https:\/\/afc.cat\/wp-content\/uploads\/2021\/11\/22-Joan-Soldevila-320x202.jpg\" width=\"320\" height=\"202\" alt=\"\" title=\"22 &#8211; Joan Soldevila\" aria-label=\"22 &#8211; Joan Soldevila\" class=\"img-responsive wp-image-24018 fusion-gallery-image-size-fixed\" srcset=\"https:\/\/afc.cat\/wp-content\/uploads\/2021\/11\/22-Joan-Soldevila-320x202.jpg 320w, https:\/\/afc.cat\/wp-content\/uploads\/2021\/11\/22-Joan-Soldevila-700x441.jpg 700w\" sizes=\"(max-width: 320px) 100vw, 320px\" \/><\/a><\/div><\/div><div style=\"padding:5px;\" class=\"fusion-grid-column fusion-gallery-column fusion-gallery-column-6 hover-type-none\"><div class=\"fusion-gallery-image\"><a href=\"https:\/\/afc.cat\/wp-content\/uploads\/2021\/11\/22-Francesc-Soldevila-1.jpg\" rel=\"noreferrer\" data-rel=\"iLightbox[gallery_image_2]\" class=\"fusion-lightbox\" target=\"_self\"><img decoding=\"async\" src=\"https:\/\/afc.cat\/wp-content\/uploads\/2021\/11\/22-Francesc-Soldevila-1-320x202.jpg\" width=\"320\" height=\"202\" alt=\"\" title=\"22 &#8211; Francesc Soldevila\" aria-label=\"22 &#8211; Francesc Soldevila\" class=\"img-responsive wp-image-24016 fusion-gallery-image-size-fixed\" srcset=\"https:\/\/afc.cat\/wp-content\/uploads\/2021\/11\/22-Francesc-Soldevila-1-320x202.jpg 320w, https:\/\/afc.cat\/wp-content\/uploads\/2021\/11\/22-Francesc-Soldevila-1-700x441.jpg 700w\" sizes=\"(max-width: 320px) 100vw, 320px\" \/><\/a><\/div><\/div><div style=\"padding:5px;\" class=\"fusion-grid-column fusion-gallery-column fusion-gallery-column-6 hover-type-none\"><div class=\"fusion-gallery-image\"><a href=\"https:\/\/afc.cat\/wp-content\/uploads\/2021\/11\/22-Damia-Tous-.jpg\" rel=\"noreferrer\" data-rel=\"iLightbox[gallery_image_2]\" class=\"fusion-lightbox\" target=\"_self\"><img decoding=\"async\" src=\"https:\/\/afc.cat\/wp-content\/uploads\/2021\/11\/22-Damia-Tous--320x202.jpg\" width=\"320\" height=\"202\" alt=\"\" title=\"22 &#8211; Dami\u00e1 Tous-\" aria-label=\"22 &#8211; Dami\u00e1 Tous-\" class=\"img-responsive wp-image-24054 fusion-gallery-image-size-fixed\" srcset=\"https:\/\/afc.cat\/wp-content\/uploads\/2021\/11\/22-Damia-Tous--320x202.jpg 320w, https:\/\/afc.cat\/wp-content\/uploads\/2021\/11\/22-Damia-Tous--700x441.jpg 700w\" sizes=\"(max-width: 320px) 100vw, 320px\" \/><\/a><\/div><\/div><div style=\"padding:5px;\" class=\"fusion-grid-column fusion-gallery-column fusion-gallery-column-6 hover-type-none\"><div class=\"fusion-gallery-image\"><a href=\"https:\/\/afc.cat\/wp-content\/uploads\/2021\/11\/22-Antoni-Torres.jpg\" rel=\"noreferrer\" data-rel=\"iLightbox[gallery_image_2]\" class=\"fusion-lightbox\" target=\"_self\"><img decoding=\"async\" src=\"https:\/\/afc.cat\/wp-content\/uploads\/2021\/11\/22-Antoni-Torres-320x202.jpg\" width=\"320\" height=\"202\" alt=\"\" title=\"22 &#8211; Antoni Torres\" aria-label=\"22 &#8211; Antoni Torres\" class=\"img-responsive wp-image-24012 fusion-gallery-image-size-fixed\" \/><\/a><\/div><\/div><div class=\"clearfix\"><\/div><div style=\"padding:5px;\" class=\"fusion-grid-column fusion-gallery-column fusion-gallery-column-6 hover-type-none\"><div class=\"fusion-gallery-image\"><a href=\"https:\/\/afc.cat\/wp-content\/uploads\/2021\/11\/22-Adolfo-Garcia.jpg\" rel=\"noreferrer\" data-rel=\"iLightbox[gallery_image_2]\" class=\"fusion-lightbox\" target=\"_self\"><img decoding=\"async\" src=\"https:\/\/afc.cat\/wp-content\/uploads\/2021\/11\/22-Adolfo-Garcia-320x202.jpg\" width=\"320\" height=\"202\" alt=\"\" title=\"22 &#8211; Adolfo Garcia\" aria-label=\"22 &#8211; Adolfo Garcia\" class=\"img-responsive wp-image-24010 fusion-gallery-image-size-fixed\" srcset=\"https:\/\/afc.cat\/wp-content\/uploads\/2021\/11\/22-Adolfo-Garcia-320x202.jpg 320w, https:\/\/afc.cat\/wp-content\/uploads\/2021\/11\/22-Adolfo-Garcia-700x441.jpg 700w\" sizes=\"(max-width: 320px) 100vw, 320px\" \/><\/a><\/div><\/div><div style=\"padding:5px;\" class=\"fusion-grid-column fusion-gallery-column fusion-gallery-column-6 hover-type-none\"><div class=\"fusion-gallery-image\"><a href=\"https:\/\/afc.cat\/wp-content\/uploads\/2021\/11\/21-Margarita-Fresco.jpg\" rel=\"noreferrer\" data-rel=\"iLightbox[gallery_image_2]\" class=\"fusion-lightbox\" target=\"_self\"><img decoding=\"async\" src=\"https:\/\/afc.cat\/wp-content\/uploads\/2021\/11\/21-Margarita-Fresco-320x202.jpg\" width=\"320\" height=\"202\" alt=\"\" title=\"21 &#8211; Margarita Fresco\" aria-label=\"21 &#8211; Margarita Fresco\" class=\"img-responsive wp-image-24008 fusion-gallery-image-size-fixed\" srcset=\"https:\/\/afc.cat\/wp-content\/uploads\/2021\/11\/21-Margarita-Fresco-320x202.jpg 320w, https:\/\/afc.cat\/wp-content\/uploads\/2021\/11\/21-Margarita-Fresco-700x441.jpg 700w\" sizes=\"(max-width: 320px) 100vw, 320px\" \/><\/a><\/div><\/div><div style=\"padding:5px;\" class=\"fusion-grid-column fusion-gallery-column fusion-gallery-column-6 hover-type-none\"><div class=\"fusion-gallery-image\"><a href=\"https:\/\/afc.cat\/wp-content\/uploads\/2021\/11\/20-Carles-Pociello.jpg\" rel=\"noreferrer\" data-rel=\"iLightbox[gallery_image_2]\" class=\"fusion-lightbox\" target=\"_self\"><img decoding=\"async\" src=\"https:\/\/afc.cat\/wp-content\/uploads\/2021\/11\/20-Carles-Pociello-320x202.jpg\" width=\"320\" height=\"202\" alt=\"\" title=\"20 &#8211; Carles Pociello\" aria-label=\"20 &#8211; Carles Pociello\" class=\"img-responsive wp-image-24006 fusion-gallery-image-size-fixed\" srcset=\"https:\/\/afc.cat\/wp-content\/uploads\/2021\/11\/20-Carles-Pociello-320x202.jpg 320w, https:\/\/afc.cat\/wp-content\/uploads\/2021\/11\/20-Carles-Pociello-700x441.jpg 700w\" sizes=\"(max-width: 320px) 100vw, 320px\" \/><\/a><\/div><\/div><div style=\"padding:5px;\" class=\"fusion-grid-column fusion-gallery-column fusion-gallery-column-6 hover-type-none\"><div class=\"fusion-gallery-image\"><a href=\"https:\/\/afc.cat\/wp-content\/uploads\/2021\/11\/19-Santiago-Garcia.jpg\" rel=\"noreferrer\" data-rel=\"iLightbox[gallery_image_2]\" class=\"fusion-lightbox\" target=\"_self\"><img decoding=\"async\" src=\"https:\/\/afc.cat\/wp-content\/uploads\/2021\/11\/19-Santiago-Garcia-320x202.jpg\" width=\"320\" height=\"202\" alt=\"\" title=\"19 &#8211; Santiago Garc\u00eda\" aria-label=\"19 &#8211; Santiago Garc\u00eda\" class=\"img-responsive wp-image-24004 fusion-gallery-image-size-fixed\" srcset=\"https:\/\/afc.cat\/wp-content\/uploads\/2021\/11\/19-Santiago-Garcia-320x202.jpg 320w, https:\/\/afc.cat\/wp-content\/uploads\/2021\/11\/19-Santiago-Garcia-700x441.jpg 700w\" sizes=\"(max-width: 320px) 100vw, 320px\" \/><\/a><\/div><\/div><div style=\"padding:5px;\" class=\"fusion-grid-column fusion-gallery-column fusion-gallery-column-6 hover-type-none\"><div class=\"fusion-gallery-image\"><a href=\"https:\/\/afc.cat\/wp-content\/uploads\/2021\/11\/19-Jordi-Batet.jpg\" rel=\"noreferrer\" data-rel=\"iLightbox[gallery_image_2]\" class=\"fusion-lightbox\" target=\"_self\"><img decoding=\"async\" src=\"https:\/\/afc.cat\/wp-content\/uploads\/2021\/11\/19-Jordi-Batet-320x202.jpg\" width=\"320\" height=\"202\" alt=\"\" title=\"19 &#8211; Jordi Batet\" aria-label=\"19 &#8211; Jordi Batet\" class=\"img-responsive wp-image-24002 fusion-gallery-image-size-fixed\" srcset=\"https:\/\/afc.cat\/wp-content\/uploads\/2021\/11\/19-Jordi-Batet-320x202.jpg 320w, https:\/\/afc.cat\/wp-content\/uploads\/2021\/11\/19-Jordi-Batet-700x441.jpg 700w\" sizes=\"(max-width: 320px) 100vw, 320px\" \/><\/a><\/div><\/div><div style=\"padding:5px;\" class=\"fusion-grid-column fusion-gallery-column fusion-gallery-column-6 hover-type-none\"><div class=\"fusion-gallery-image\"><a href=\"https:\/\/afc.cat\/wp-content\/uploads\/2021\/11\/19-Irene-Sanz.jpg\" rel=\"noreferrer\" data-rel=\"iLightbox[gallery_image_2]\" class=\"fusion-lightbox\" target=\"_self\"><img decoding=\"async\" src=\"https:\/\/afc.cat\/wp-content\/uploads\/2021\/11\/19-Irene-Sanz-320x202.jpg\" width=\"320\" height=\"202\" alt=\"\" title=\"19 &#8211; Irene Sanz\" aria-label=\"19 &#8211; Irene Sanz\" class=\"img-responsive wp-image-24000 fusion-gallery-image-size-fixed\" srcset=\"https:\/\/afc.cat\/wp-content\/uploads\/2021\/11\/19-Irene-Sanz-320x202.jpg 320w, https:\/\/afc.cat\/wp-content\/uploads\/2021\/11\/19-Irene-Sanz-700x441.jpg 700w\" sizes=\"(max-width: 320px) 100vw, 320px\" \/><\/a><\/div><\/div><div class=\"clearfix\"><\/div><div style=\"padding:5px;\" class=\"fusion-grid-column fusion-gallery-column fusion-gallery-column-6 hover-type-none\"><div class=\"fusion-gallery-image\"><a href=\"https:\/\/afc.cat\/wp-content\/uploads\/2021\/11\/19-Gabriel-Bertran.jpg\" rel=\"noreferrer\" data-rel=\"iLightbox[gallery_image_2]\" class=\"fusion-lightbox\" target=\"_self\"><img decoding=\"async\" src=\"https:\/\/afc.cat\/wp-content\/uploads\/2021\/11\/19-Gabriel-Bertran-320x202.jpg\" width=\"320\" height=\"202\" alt=\"\" title=\"19 &#8211; Gabriel Bertran\" aria-label=\"19 &#8211; Gabriel Bertran\" class=\"img-responsive wp-image-23998 fusion-gallery-image-size-fixed\" \/><\/a><\/div><\/div><div style=\"padding:5px;\" class=\"fusion-grid-column fusion-gallery-column fusion-gallery-column-6 hover-type-none\"><div class=\"fusion-gallery-image\"><a href=\"https:\/\/afc.cat\/wp-content\/uploads\/2021\/11\/19-Francesca-Portoles-.jpg\" rel=\"noreferrer\" data-rel=\"iLightbox[gallery_image_2]\" class=\"fusion-lightbox\" target=\"_self\"><img decoding=\"async\" src=\"https:\/\/afc.cat\/wp-content\/uploads\/2021\/11\/19-Francesca-Portoles--320x202.jpg\" width=\"320\" height=\"202\" alt=\"\" title=\"19 &#8211; Francesca Portol\u00e9s\" aria-label=\"19 &#8211; Francesca Portol\u00e9s\" class=\"img-responsive wp-image-23996 fusion-gallery-image-size-fixed\" srcset=\"https:\/\/afc.cat\/wp-content\/uploads\/2021\/11\/19-Francesca-Portoles--320x202.jpg 320w, https:\/\/afc.cat\/wp-content\/uploads\/2021\/11\/19-Francesca-Portoles--700x441.jpg 700w\" sizes=\"(max-width: 320px) 100vw, 320px\" \/><\/a><\/div><\/div><div style=\"padding:5px;\" class=\"fusion-grid-column fusion-gallery-column fusion-gallery-column-6 hover-type-none\"><div class=\"fusion-gallery-image\"><a href=\"https:\/\/afc.cat\/wp-content\/uploads\/2021\/11\/19-David-Penarroya.jpg\" rel=\"noreferrer\" data-rel=\"iLightbox[gallery_image_2]\" class=\"fusion-lightbox\" target=\"_self\"><img decoding=\"async\" src=\"https:\/\/afc.cat\/wp-content\/uploads\/2021\/11\/19-David-Penarroya-320x202.jpg\" width=\"320\" height=\"202\" alt=\"\" title=\"19 &#8211; David Pe\u00f1arroya\" aria-label=\"19 &#8211; David Pe\u00f1arroya\" class=\"img-responsive wp-image-23994 fusion-gallery-image-size-fixed\" srcset=\"https:\/\/afc.cat\/wp-content\/uploads\/2021\/11\/19-David-Penarroya-320x202.jpg 320w, https:\/\/afc.cat\/wp-content\/uploads\/2021\/11\/19-David-Penarroya-700x441.jpg 700w\" sizes=\"(max-width: 320px) 100vw, 320px\" \/><\/a><\/div><\/div><div style=\"padding:5px;\" class=\"fusion-grid-column fusion-gallery-column fusion-gallery-column-6 hover-type-none\"><div class=\"fusion-gallery-image\"><a href=\"https:\/\/afc.cat\/wp-content\/uploads\/2021\/11\/19-Angel-Colado.jpg\" rel=\"noreferrer\" data-rel=\"iLightbox[gallery_image_2]\" class=\"fusion-lightbox\" target=\"_self\"><img decoding=\"async\" src=\"https:\/\/afc.cat\/wp-content\/uploads\/2021\/11\/19-Angel-Colado-320x202.jpg\" width=\"320\" height=\"202\" alt=\"\" title=\"19 &#8211; Angel Colado\" aria-label=\"19 &#8211; Angel Colado\" class=\"img-responsive wp-image-23992 fusion-gallery-image-size-fixed\" srcset=\"https:\/\/afc.cat\/wp-content\/uploads\/2021\/11\/19-Angel-Colado-320x202.jpg 320w, https:\/\/afc.cat\/wp-content\/uploads\/2021\/11\/19-Angel-Colado-700x441.jpg 700w\" sizes=\"(max-width: 320px) 100vw, 320px\" \/><\/a><\/div><\/div><div style=\"padding:5px;\" class=\"fusion-grid-column fusion-gallery-column fusion-gallery-column-6 hover-type-none\"><div class=\"fusion-gallery-image\"><a href=\"https:\/\/afc.cat\/wp-content\/uploads\/2021\/11\/19-Albert-Adroer.jpg\" rel=\"noreferrer\" data-rel=\"iLightbox[gallery_image_2]\" class=\"fusion-lightbox\" target=\"_self\"><img decoding=\"async\" src=\"https:\/\/afc.cat\/wp-content\/uploads\/2021\/11\/19-Albert-Adroer-320x202.jpg\" width=\"320\" height=\"202\" alt=\"\" title=\"19 &#8211; Albert Adroer\" aria-label=\"19 &#8211; Albert Adroer\" class=\"img-responsive wp-image-23990 fusion-gallery-image-size-fixed\" srcset=\"https:\/\/afc.cat\/wp-content\/uploads\/2021\/11\/19-Albert-Adroer-320x202.jpg 320w, https:\/\/afc.cat\/wp-content\/uploads\/2021\/11\/19-Albert-Adroer-700x441.jpg 700w\" sizes=\"(max-width: 320px) 100vw, 320px\" \/><\/a><\/div><\/div><div style=\"padding:5px;\" class=\"fusion-grid-column fusion-gallery-column fusion-gallery-column-6 hover-type-none\"><div class=\"fusion-gallery-image\"><a href=\"https:\/\/afc.cat\/wp-content\/uploads\/2021\/11\/18-Toni-Torras.jpg\" rel=\"noreferrer\" data-rel=\"iLightbox[gallery_image_2]\" class=\"fusion-lightbox\" target=\"_self\"><img decoding=\"async\" src=\"https:\/\/afc.cat\/wp-content\/uploads\/2021\/11\/18-Toni-Torras-320x202.jpg\" width=\"320\" height=\"202\" alt=\"\" title=\"18 &#8211; Toni Torras\" aria-label=\"18 &#8211; Toni Torras\" class=\"img-responsive wp-image-23988 fusion-gallery-image-size-fixed\" srcset=\"https:\/\/afc.cat\/wp-content\/uploads\/2021\/11\/18-Toni-Torras-320x202.jpg 320w, https:\/\/afc.cat\/wp-content\/uploads\/2021\/11\/18-Toni-Torras-700x441.jpg 700w\" sizes=\"(max-width: 320px) 100vw, 320px\" \/><\/a><\/div><\/div><div class=\"clearfix\"><\/div><div style=\"padding:5px;\" class=\"fusion-grid-column fusion-gallery-column fusion-gallery-column-6 hover-type-none\"><div class=\"fusion-gallery-image\"><a href=\"https:\/\/afc.cat\/wp-content\/uploads\/2021\/11\/18-Teresa-Tejero-Lopez.jpg\" rel=\"noreferrer\" data-rel=\"iLightbox[gallery_image_2]\" class=\"fusion-lightbox\" target=\"_self\"><img decoding=\"async\" src=\"https:\/\/afc.cat\/wp-content\/uploads\/2021\/11\/18-Teresa-Tejero-Lopez-320x202.jpg\" width=\"320\" height=\"202\" alt=\"\" title=\"18 &#8211; Teresa Tejero Lopez\" aria-label=\"18 &#8211; Teresa Tejero Lopez\" class=\"img-responsive wp-image-23986 fusion-gallery-image-size-fixed\" srcset=\"https:\/\/afc.cat\/wp-content\/uploads\/2021\/11\/18-Teresa-Tejero-Lopez-320x202.jpg 320w, https:\/\/afc.cat\/wp-content\/uploads\/2021\/11\/18-Teresa-Tejero-Lopez-700x441.jpg 700w\" sizes=\"(max-width: 320px) 100vw, 320px\" \/><\/a><\/div><\/div><div style=\"padding:5px;\" class=\"fusion-grid-column fusion-gallery-column fusion-gallery-column-6 hover-type-none\"><div class=\"fusion-gallery-image\"><a href=\"https:\/\/afc.cat\/wp-content\/uploads\/2021\/11\/18-Josep-Lluis-Soucheiron.jpg\" rel=\"noreferrer\" data-rel=\"iLightbox[gallery_image_2]\" class=\"fusion-lightbox\" target=\"_self\"><img decoding=\"async\" src=\"https:\/\/afc.cat\/wp-content\/uploads\/2021\/11\/18-Josep-Lluis-Soucheiron-320x202.jpg\" width=\"320\" height=\"202\" alt=\"\" title=\"18 &#8211; Josep Lluis Soucheiron\" aria-label=\"18 &#8211; Josep Lluis Soucheiron\" class=\"img-responsive wp-image-23984 fusion-gallery-image-size-fixed\" \/><\/a><\/div><\/div><div style=\"padding:5px;\" class=\"fusion-grid-column fusion-gallery-column fusion-gallery-column-6 hover-type-none\"><div class=\"fusion-gallery-image\"><a href=\"https:\/\/afc.cat\/wp-content\/uploads\/2021\/11\/18-Hortensia-Gonzalez-Salvador.jpg\" rel=\"noreferrer\" data-rel=\"iLightbox[gallery_image_2]\" class=\"fusion-lightbox\" target=\"_self\"><img decoding=\"async\" src=\"https:\/\/afc.cat\/wp-content\/uploads\/2021\/11\/18-Hortensia-Gonzalez-Salvador-320x202.jpg\" width=\"320\" height=\"202\" alt=\"\" title=\"18 &#8211; Hortensia Gonzalez Salvador\" aria-label=\"18 &#8211; Hortensia Gonzalez Salvador\" class=\"img-responsive wp-image-23982 fusion-gallery-image-size-fixed\" srcset=\"https:\/\/afc.cat\/wp-content\/uploads\/2021\/11\/18-Hortensia-Gonzalez-Salvador-320x202.jpg 320w, https:\/\/afc.cat\/wp-content\/uploads\/2021\/11\/18-Hortensia-Gonzalez-Salvador-700x441.jpg 700w\" sizes=\"(max-width: 320px) 100vw, 320px\" \/><\/a><\/div><\/div><div style=\"padding:5px;\" class=\"fusion-grid-column fusion-gallery-column fusion-gallery-column-6 hover-type-none\"><div class=\"fusion-gallery-image\"><a href=\"https:\/\/afc.cat\/wp-content\/uploads\/2021\/11\/18-Carmen-Casademont.jpg\" rel=\"noreferrer\" data-rel=\"iLightbox[gallery_image_2]\" class=\"fusion-lightbox\" target=\"_self\"><img decoding=\"async\" src=\"https:\/\/afc.cat\/wp-content\/uploads\/2021\/11\/18-Carmen-Casademont-320x202.jpg\" width=\"320\" height=\"202\" alt=\"\" title=\"18 &#8211; Carmen Casademont\" aria-label=\"18 &#8211; Carmen Casademont\" class=\"img-responsive wp-image-23980 fusion-gallery-image-size-fixed\" srcset=\"https:\/\/afc.cat\/wp-content\/uploads\/2021\/11\/18-Carmen-Casademont-320x202.jpg 320w, https:\/\/afc.cat\/wp-content\/uploads\/2021\/11\/18-Carmen-Casademont-700x441.jpg 700w\" sizes=\"(max-width: 320px) 100vw, 320px\" \/><\/a><\/div><\/div><div style=\"padding:5px;\" class=\"fusion-grid-column fusion-gallery-column fusion-gallery-column-6 hover-type-none\"><div class=\"fusion-gallery-image\"><a href=\"https:\/\/afc.cat\/wp-content\/uploads\/2021\/11\/18-Carles-Lastra.jpg\" rel=\"noreferrer\" data-rel=\"iLightbox[gallery_image_2]\" class=\"fusion-lightbox\" target=\"_self\"><img decoding=\"async\" src=\"https:\/\/afc.cat\/wp-content\/uploads\/2021\/11\/18-Carles-Lastra-320x202.jpg\" width=\"320\" height=\"202\" alt=\"\" title=\"18 &#8211; Carles Lastra\" aria-label=\"18 &#8211; Carles Lastra\" class=\"img-responsive wp-image-23978 fusion-gallery-image-size-fixed\" srcset=\"https:\/\/afc.cat\/wp-content\/uploads\/2021\/11\/18-Carles-Lastra-320x202.jpg 320w, https:\/\/afc.cat\/wp-content\/uploads\/2021\/11\/18-Carles-Lastra-700x441.jpg 700w\" sizes=\"(max-width: 320px) 100vw, 320px\" \/><\/a><\/div><\/div><div style=\"padding:5px;\" class=\"fusion-grid-column fusion-gallery-column fusion-gallery-column-6 hover-type-none\"><div class=\"fusion-gallery-image\"><a href=\"https:\/\/afc.cat\/wp-content\/uploads\/2021\/11\/18-Antoni-Serrano.jpg\" rel=\"noreferrer\" data-rel=\"iLightbox[gallery_image_2]\" class=\"fusion-lightbox\" target=\"_self\"><img decoding=\"async\" src=\"https:\/\/afc.cat\/wp-content\/uploads\/2021\/11\/18-Antoni-Serrano-320x202.jpg\" width=\"320\" height=\"202\" alt=\"\" title=\"18 &#8211; Antoni Serrano\" aria-label=\"18 &#8211; Antoni Serrano\" class=\"img-responsive wp-image-23976 fusion-gallery-image-size-fixed\" srcset=\"https:\/\/afc.cat\/wp-content\/uploads\/2021\/11\/18-Antoni-Serrano-320x202.jpg 320w, https:\/\/afc.cat\/wp-content\/uploads\/2021\/11\/18-Antoni-Serrano-700x441.jpg 700w\" sizes=\"(max-width: 320px) 100vw, 320px\" \/><\/a><\/div><\/div><div class=\"clearfix\"><\/div><div style=\"padding:5px;\" class=\"fusion-grid-column fusion-gallery-column fusion-gallery-column-6 hover-type-none\"><div class=\"fusion-gallery-image\"><a href=\"https:\/\/afc.cat\/wp-content\/uploads\/2021\/11\/18-Albert-Canellas-1.jpg\" rel=\"noreferrer\" data-rel=\"iLightbox[gallery_image_2]\" class=\"fusion-lightbox\" target=\"_self\"><img decoding=\"async\" src=\"https:\/\/afc.cat\/wp-content\/uploads\/2021\/11\/18-Albert-Canellas-1-320x202.jpg\" width=\"320\" height=\"202\" alt=\"\" title=\"18 &#8211; Albert Ca\u00f1ellas\" aria-label=\"18 &#8211; Albert Ca\u00f1ellas\" class=\"img-responsive wp-image-24057 fusion-gallery-image-size-fixed\" srcset=\"https:\/\/afc.cat\/wp-content\/uploads\/2021\/11\/18-Albert-Canellas-1-320x202.jpg 320w, https:\/\/afc.cat\/wp-content\/uploads\/2021\/11\/18-Albert-Canellas-1-700x441.jpg 700w\" sizes=\"(max-width: 320px) 100vw, 320px\" \/><\/a><\/div><\/div><div style=\"padding:5px;\" class=\"fusion-grid-column fusion-gallery-column fusion-gallery-column-6 hover-type-none\"><div class=\"fusion-gallery-image\"><a href=\"https:\/\/afc.cat\/wp-content\/uploads\/2021\/11\/17-Pere-Josep-Sanchez.jpg\" rel=\"noreferrer\" data-rel=\"iLightbox[gallery_image_2]\" class=\"fusion-lightbox\" target=\"_self\"><img decoding=\"async\" src=\"https:\/\/afc.cat\/wp-content\/uploads\/2021\/11\/17-Pere-Josep-Sanchez-320x202.jpg\" width=\"320\" height=\"202\" alt=\"\" title=\"17 &#8211; Pere Josep S\u00e1nchez\" aria-label=\"17 &#8211; Pere Josep S\u00e1nchez\" class=\"img-responsive wp-image-23972 fusion-gallery-image-size-fixed\" srcset=\"https:\/\/afc.cat\/wp-content\/uploads\/2021\/11\/17-Pere-Josep-Sanchez-320x202.jpg 320w, https:\/\/afc.cat\/wp-content\/uploads\/2021\/11\/17-Pere-Josep-Sanchez-700x441.jpg 700w\" sizes=\"(max-width: 320px) 100vw, 320px\" \/><\/a><\/div><\/div><div style=\"padding:5px;\" class=\"fusion-grid-column fusion-gallery-column fusion-gallery-column-6 hover-type-none\"><div class=\"fusion-gallery-image\"><a href=\"https:\/\/afc.cat\/wp-content\/uploads\/2021\/11\/17-Anna-Barnes.jpg\" rel=\"noreferrer\" data-rel=\"iLightbox[gallery_image_2]\" class=\"fusion-lightbox\" target=\"_self\"><img decoding=\"async\" src=\"https:\/\/afc.cat\/wp-content\/uploads\/2021\/11\/17-Anna-Barnes-320x202.jpg\" width=\"320\" height=\"202\" alt=\"\" title=\"17 &#8211; Anna Barn\u00e9s\" aria-label=\"17 &#8211; Anna Barn\u00e9s\" class=\"img-responsive wp-image-23970 fusion-gallery-image-size-fixed\" \/><\/a><\/div><\/div><div style=\"padding:5px;\" class=\"fusion-grid-column fusion-gallery-column fusion-gallery-column-6 hover-type-none\"><div class=\"fusion-gallery-image\"><a href=\"https:\/\/afc.cat\/wp-content\/uploads\/2021\/11\/17-Albert-Folch.jpg\" rel=\"noreferrer\" data-rel=\"iLightbox[gallery_image_2]\" class=\"fusion-lightbox\" target=\"_self\"><img decoding=\"async\" src=\"https:\/\/afc.cat\/wp-content\/uploads\/2021\/11\/17-Albert-Folch-320x202.jpg\" width=\"320\" height=\"202\" alt=\"\" title=\"17 &#8211; Albert Folch\" aria-label=\"17 &#8211; Albert Folch\" class=\"img-responsive wp-image-23968 fusion-gallery-image-size-fixed\" \/><\/a><\/div><\/div><div style=\"padding:5px;\" class=\"fusion-grid-column fusion-gallery-column fusion-gallery-column-6 hover-type-none\"><div class=\"fusion-gallery-image\"><a href=\"https:\/\/afc.cat\/wp-content\/uploads\/2021\/11\/16-Josep-Soler.jpg\" rel=\"noreferrer\" data-rel=\"iLightbox[gallery_image_2]\" class=\"fusion-lightbox\" target=\"_self\"><img decoding=\"async\" src=\"https:\/\/afc.cat\/wp-content\/uploads\/2021\/11\/16-Josep-Soler-320x202.jpg\" width=\"320\" height=\"202\" alt=\"\" title=\"16 &#8211; Josep Soler\" aria-label=\"16 &#8211; Josep Soler\" class=\"img-responsive wp-image-23966 fusion-gallery-image-size-fixed\" srcset=\"https:\/\/afc.cat\/wp-content\/uploads\/2021\/11\/16-Josep-Soler-320x202.jpg 320w, https:\/\/afc.cat\/wp-content\/uploads\/2021\/11\/16-Josep-Soler-700x441.jpg 700w\" sizes=\"(max-width: 320px) 100vw, 320px\" \/><\/a><\/div><\/div><\/div><div class=\"fusion-separator fusion-full-width-sep\" style=\"align-self: center;margin-left: auto;margin-right: auto;margin-top:20px;margin-bottom:20px;width:100%;\"><div class=\"fusion-separator-border sep-single sep-solid\" style=\"border-color:#3ec0bf;border-top-width:1px;\"><\/div><\/div><div style=\"text-align:center;\"><style>.fusion-button.button-1{border-radius:4px 4px 4px 4px;}<\/style><a class=\"fusion-button button-flat fusion-button-default-size button-default button-1 fusion-button-default-span fusion-button-default-type\" target=\"_self\" href=\"https:\/\/afc.cat\/es\/galerias\/\"><span class=\"fusion-button-text\">Vuelve a GALER\u00cdAS<\/span><\/a><\/div><\/div><style type=\"text\/css\">.fusion-body .fusion-builder-column-0{width:100% !important;margin-top : 0px;margin-bottom : 20px;}.fusion-builder-column-0 > .fusion-column-wrapper {padding-top : 0px !important;padding-right : 0px !important;margin-right : 1.92%;padding-bottom : 0px !important;padding-left : 0px !important;margin-left : 1.92%;}@media only screen and (max-width:1024px) {.fusion-body .fusion-builder-column-0{width:100% !important;order : 0;}.fusion-builder-column-0 > .fusion-column-wrapper {margin-right : 1.92%;margin-left : 1.92%;}}@media only screen and (max-width:640px) {.fusion-body .fusion-builder-column-0{width:100% !important;order : 0;}.fusion-builder-column-0 > .fusion-column-wrapper {margin-right : 1.92%;margin-left : 1.92%;}}<\/style><\/div><\/div><style type=\"text\/css\">.fusion-body .fusion-flex-container.fusion-builder-row-1{ padding-top : 0px;margin-top : 0px;padding-right : 0px;padding-bottom : 0px;margin-bottom : 0px;padding-left : 0px;}<\/style><\/div>\n","protected":false},"excerpt":{"rendered":"","protected":false},"author":33,"featured_media":24675,"menu_order":0,"comment_status":"open","ping_status":"closed","template":"","format":"standard","meta":{"_acf_changed":false,"footnotes":""},"portfolio_category":[158],"portfolio_skills":[],"portfolio_tags":[],"class_list":["post-24069","avada_portfolio","type-avada_portfolio","status-publish","format-standard","has-post-thumbnail","hentry","portfolio_category-concursos-es"],"acf":[],"yoast_head":"<!-- This site is optimized with the Yoast SEO plugin v27.5 - https:\/\/yoast.com\/product\/yoast-seo-wordpress\/ -->\n<title>Clasificaci\u00f3n concurso Temas Obligados 2021-2022 mes de octubre - Agrupaci\u00f3 Fotogr\u00e0fica de Catalunya<\/title>\n<meta name=\"robots\" content=\"index, follow, max-snippet:-1, max-image-preview:large, max-video-preview:-1\" \/>\n<link rel=\"canonical\" href=\"https:\/\/afc.cat\/es\/galeria\/clasificacion-concurso-temas-obligadoss-2021-2022-mes-de-octubre\/\" \/>\n<meta property=\"og:locale\" content=\"es_ES\" \/>\n<meta property=\"og:type\" content=\"article\" \/>\n<meta property=\"og:title\" content=\"Clasificaci\u00f3n concurso Temas Obligados 2021-2022 mes de octubre - Agrupaci\u00f3 Fotogr\u00e0fica de Catalunya\" \/>\n<meta property=\"og:url\" content=\"https:\/\/afc.cat\/es\/galeria\/clasificacion-concurso-temas-obligadoss-2021-2022-mes-de-octubre\/\" \/>\n<meta property=\"og:site_name\" content=\"Agrupaci\u00f3 Fotogr\u00e0fica de Catalunya\" \/>\n<meta property=\"article:modified_time\" content=\"2021-12-09T22:33:10+00:00\" \/>\n<meta property=\"og:image\" content=\"https:\/\/afc.cat\/wp-content\/uploads\/2021\/12\/TEMES-OBLIGATS-esp.jpg\" \/>\n\t<meta property=\"og:image:width\" content=\"400\" \/>\n\t<meta property=\"og:image:height\" content=\"265\" \/>\n\t<meta property=\"og:image:type\" content=\"image\/jpeg\" \/>\n<meta name=\"twitter:card\" content=\"summary_large_image\" \/>\n<meta name=\"twitter:label1\" content=\"Tiempo de lectura\" \/>\n\t<meta name=\"twitter:data1\" content=\"4 minutos\" \/>\n<script type=\"application\/ld+json\" class=\"yoast-schema-graph\">{\"@context\":\"https:\\\/\\\/schema.org\",\"@graph\":[{\"@type\":\"WebPage\",\"@id\":\"https:\\\/\\\/afc.cat\\\/es\\\/galeria\\\/clasificacion-concurso-temas-obligadoss-2021-2022-mes-de-octubre\\\/\",\"url\":\"https:\\\/\\\/afc.cat\\\/es\\\/galeria\\\/clasificacion-concurso-temas-obligadoss-2021-2022-mes-de-octubre\\\/\",\"name\":\"Clasificaci\u00f3n concurso Temas Obligados 2021-2022 mes de octubre - Agrupaci\u00f3 Fotogr\u00e0fica de Catalunya\",\"isPartOf\":{\"@id\":\"https:\\\/\\\/afc.cat\\\/es\\\/#website\"},\"primaryImageOfPage\":{\"@id\":\"https:\\\/\\\/afc.cat\\\/es\\\/galeria\\\/clasificacion-concurso-temas-obligadoss-2021-2022-mes-de-octubre\\\/#primaryimage\"},\"image\":{\"@id\":\"https:\\\/\\\/afc.cat\\\/es\\\/galeria\\\/clasificacion-concurso-temas-obligadoss-2021-2022-mes-de-octubre\\\/#primaryimage\"},\"thumbnailUrl\":\"https:\\\/\\\/afc.cat\\\/wp-content\\\/uploads\\\/2021\\\/12\\\/TEMES-OBLIGATS-esp.jpg\",\"datePublished\":\"2021-11-15T15:43:12+00:00\",\"dateModified\":\"2021-12-09T22:33:10+00:00\",\"breadcrumb\":{\"@id\":\"https:\\\/\\\/afc.cat\\\/es\\\/galeria\\\/clasificacion-concurso-temas-obligadoss-2021-2022-mes-de-octubre\\\/#breadcrumb\"},\"inLanguage\":\"es\",\"potentialAction\":[{\"@type\":\"ReadAction\",\"target\":[\"https:\\\/\\\/afc.cat\\\/es\\\/galeria\\\/clasificacion-concurso-temas-obligadoss-2021-2022-mes-de-octubre\\\/\"]}]},{\"@type\":\"ImageObject\",\"inLanguage\":\"es\",\"@id\":\"https:\\\/\\\/afc.cat\\\/es\\\/galeria\\\/clasificacion-concurso-temas-obligadoss-2021-2022-mes-de-octubre\\\/#primaryimage\",\"url\":\"https:\\\/\\\/afc.cat\\\/wp-content\\\/uploads\\\/2021\\\/12\\\/TEMES-OBLIGATS-esp.jpg\",\"contentUrl\":\"https:\\\/\\\/afc.cat\\\/wp-content\\\/uploads\\\/2021\\\/12\\\/TEMES-OBLIGATS-esp.jpg\",\"width\":400,\"height\":265},{\"@type\":\"BreadcrumbList\",\"@id\":\"https:\\\/\\\/afc.cat\\\/es\\\/galeria\\\/clasificacion-concurso-temas-obligadoss-2021-2022-mes-de-octubre\\\/#breadcrumb\",\"itemListElement\":[{\"@type\":\"ListItem\",\"position\":1,\"name\":\"Inicio\",\"item\":\"https:\\\/\\\/afc.cat\\\/es\\\/\"},{\"@type\":\"ListItem\",\"position\":2,\"name\":\"Portfolio\",\"item\":\"https:\\\/\\\/afc.cat\\\/galeria\\\/\"},{\"@type\":\"ListItem\",\"position\":3,\"name\":\"Clasificaci\u00f3n concurso Temas Obligados 2021-2022 mes de octubre\"}]},{\"@type\":\"WebSite\",\"@id\":\"https:\\\/\\\/afc.cat\\\/es\\\/#website\",\"url\":\"https:\\\/\\\/afc.cat\\\/es\\\/\",\"name\":\"Agrupaci\u00f3 Fotogr\u00e0fica de Catalunya\",\"description\":\"Fomento y divulgaci\u00f3n de la fotograf\u00eda en todas sus variedades\",\"potentialAction\":[{\"@type\":\"SearchAction\",\"target\":{\"@type\":\"EntryPoint\",\"urlTemplate\":\"https:\\\/\\\/afc.cat\\\/es\\\/?s={search_term_string}\"},\"query-input\":{\"@type\":\"PropertyValueSpecification\",\"valueRequired\":true,\"valueName\":\"search_term_string\"}}],\"inLanguage\":\"es\"}]}<\/script>\n<!-- \/ Yoast SEO plugin. -->","yoast_head_json":{"title":"Clasificaci\u00f3n concurso Temas Obligados 2021-2022 mes de octubre - Agrupaci\u00f3 Fotogr\u00e0fica de Catalunya","robots":{"index":"index","follow":"follow","max-snippet":"max-snippet:-1","max-image-preview":"max-image-preview:large","max-video-preview":"max-video-preview:-1"},"canonical":"https:\/\/afc.cat\/es\/galeria\/clasificacion-concurso-temas-obligadoss-2021-2022-mes-de-octubre\/","og_locale":"es_ES","og_type":"article","og_title":"Clasificaci\u00f3n concurso Temas Obligados 2021-2022 mes de octubre - Agrupaci\u00f3 Fotogr\u00e0fica de Catalunya","og_url":"https:\/\/afc.cat\/es\/galeria\/clasificacion-concurso-temas-obligadoss-2021-2022-mes-de-octubre\/","og_site_name":"Agrupaci\u00f3 Fotogr\u00e0fica de Catalunya","article_modified_time":"2021-12-09T22:33:10+00:00","og_image":[{"width":400,"height":265,"url":"https:\/\/afc.cat\/wp-content\/uploads\/2021\/12\/TEMES-OBLIGATS-esp.jpg","type":"image\/jpeg"}],"twitter_card":"summary_large_image","twitter_misc":{"Tiempo de lectura":"4 minutos"},"schema":{"@context":"https:\/\/schema.org","@graph":[{"@type":"WebPage","@id":"https:\/\/afc.cat\/es\/galeria\/clasificacion-concurso-temas-obligadoss-2021-2022-mes-de-octubre\/","url":"https:\/\/afc.cat\/es\/galeria\/clasificacion-concurso-temas-obligadoss-2021-2022-mes-de-octubre\/","name":"Clasificaci\u00f3n concurso Temas Obligados 2021-2022 mes de octubre - Agrupaci\u00f3 Fotogr\u00e0fica de Catalunya","isPartOf":{"@id":"https:\/\/afc.cat\/es\/#website"},"primaryImageOfPage":{"@id":"https:\/\/afc.cat\/es\/galeria\/clasificacion-concurso-temas-obligadoss-2021-2022-mes-de-octubre\/#primaryimage"},"image":{"@id":"https:\/\/afc.cat\/es\/galeria\/clasificacion-concurso-temas-obligadoss-2021-2022-mes-de-octubre\/#primaryimage"},"thumbnailUrl":"https:\/\/afc.cat\/wp-content\/uploads\/2021\/12\/TEMES-OBLIGATS-esp.jpg","datePublished":"2021-11-15T15:43:12+00:00","dateModified":"2021-12-09T22:33:10+00:00","breadcrumb":{"@id":"https:\/\/afc.cat\/es\/galeria\/clasificacion-concurso-temas-obligadoss-2021-2022-mes-de-octubre\/#breadcrumb"},"inLanguage":"es","potentialAction":[{"@type":"ReadAction","target":["https:\/\/afc.cat\/es\/galeria\/clasificacion-concurso-temas-obligadoss-2021-2022-mes-de-octubre\/"]}]},{"@type":"ImageObject","inLanguage":"es","@id":"https:\/\/afc.cat\/es\/galeria\/clasificacion-concurso-temas-obligadoss-2021-2022-mes-de-octubre\/#primaryimage","url":"https:\/\/afc.cat\/wp-content\/uploads\/2021\/12\/TEMES-OBLIGATS-esp.jpg","contentUrl":"https:\/\/afc.cat\/wp-content\/uploads\/2021\/12\/TEMES-OBLIGATS-esp.jpg","width":400,"height":265},{"@type":"BreadcrumbList","@id":"https:\/\/afc.cat\/es\/galeria\/clasificacion-concurso-temas-obligadoss-2021-2022-mes-de-octubre\/#breadcrumb","itemListElement":[{"@type":"ListItem","position":1,"name":"Inicio","item":"https:\/\/afc.cat\/es\/"},{"@type":"ListItem","position":2,"name":"Portfolio","item":"https:\/\/afc.cat\/galeria\/"},{"@type":"ListItem","position":3,"name":"Clasificaci\u00f3n concurso Temas Obligados 2021-2022 mes de octubre"}]},{"@type":"WebSite","@id":"https:\/\/afc.cat\/es\/#website","url":"https:\/\/afc.cat\/es\/","name":"Agrupaci\u00f3 Fotogr\u00e0fica de Catalunya","description":"Fomento y divulgaci\u00f3n de la fotograf\u00eda en todas sus variedades","potentialAction":[{"@type":"SearchAction","target":{"@type":"EntryPoint","urlTemplate":"https:\/\/afc.cat\/es\/?s={search_term_string}"},"query-input":{"@type":"PropertyValueSpecification","valueRequired":true,"valueName":"search_term_string"}}],"inLanguage":"es"}]}},"_links":{"self":[{"href":"https:\/\/afc.cat\/es\/wp-json\/wp\/v2\/avada_portfolio\/24069","targetHints":{"allow":["GET"]}}],"collection":[{"href":"https:\/\/afc.cat\/es\/wp-json\/wp\/v2\/avada_portfolio"}],"about":[{"href":"https:\/\/afc.cat\/es\/wp-json\/wp\/v2\/types\/avada_portfolio"}],"author":[{"embeddable":true,"href":"https:\/\/afc.cat\/es\/wp-json\/wp\/v2\/users\/33"}],"replies":[{"embeddable":true,"href":"https:\/\/afc.cat\/es\/wp-json\/wp\/v2\/comments?post=24069"}],"version-history":[{"count":11,"href":"https:\/\/afc.cat\/es\/wp-json\/wp\/v2\/avada_portfolio\/24069\/revisions"}],"predecessor-version":[{"id":24682,"href":"https:\/\/afc.cat\/es\/wp-json\/wp\/v2\/avada_portfolio\/24069\/revisions\/24682"}],"wp:featuredmedia":[{"embeddable":true,"href":"https:\/\/afc.cat\/es\/wp-json\/wp\/v2\/media\/24675"}],"wp:attachment":[{"href":"https:\/\/afc.cat\/es\/wp-json\/wp\/v2\/media?parent=24069"}],"wp:term":[{"taxonomy":"portfolio_category","embeddable":true,"href":"https:\/\/afc.cat\/es\/wp-json\/wp\/v2\/portfolio_category?post=24069"},{"taxonomy":"portfolio_skills","embeddable":true,"href":"https:\/\/afc.cat\/es\/wp-json\/wp\/v2\/portfolio_skills?post=24069"},{"taxonomy":"portfolio_tags","embeddable":true,"href":"https:\/\/afc.cat\/es\/wp-json\/wp\/v2\/portfolio_tags?post=24069"}],"curies":[{"name":"wp","href":"https:\/\/api.w.org\/{rel}","templated":true}]}}