{"id":24615,"date":"2021-12-10T00:27:23","date_gmt":"2021-12-09T22:27:23","guid":{"rendered":"https:\/\/afc.cat\/?post_type=avada_portfolio&#038;p=24615"},"modified":"2021-12-11T01:45:28","modified_gmt":"2021-12-10T23:45:28","slug":"clasificacion-concurso-temas-obligados-2021-2022-mes-de-octubre","status":"publish","type":"avada_portfolio","link":"https:\/\/afc.cat\/es\/galeria\/clasificacion-concurso-temas-obligados-2021-2022-mes-de-octubre\/","title":{"rendered":"Clasificaci\u00f3n concurso Temas Obligados 2021-2022 mes de noviembre"},"content":{"rendered":"<div class=\"fusion-fullwidth fullwidth-box fusion-builder-row-1 fusion-flex-container nonhundred-percent-fullwidth non-hundred-percent-height-scrolling\" style=\"background-color: rgba(255,255,255,0);background-position: center center;background-repeat: no-repeat;border-width: 0px 0px 0px 0px;border-color:#ffffff;border-style:solid;\" ><div class=\"fusion-builder-row fusion-row fusion-flex-align-items-flex-start\" style=\"max-width:1300px;margin-left: calc(-4% \/ 2 );margin-right: calc(-4% \/ 2 );\"><div class=\"fusion-layout-column fusion_builder_column fusion-builder-column-0 fusion_builder_column_1_1 1_1 fusion-flex-column\"><div class=\"fusion-column-wrapper fusion-flex-justify-content-flex-start fusion-content-layout-column\" style=\"background-position:left top;background-repeat:no-repeat;-webkit-background-size:cover;-moz-background-size:cover;-o-background-size:cover;background-size:cover;padding: 0px 0px 0px 0px;\"><div class=\"fusion-text fusion-text-1\"><h2 class=\"fusion-responsive-typography-calculated\" style=\"text-align: center;\" data-fontsize=\"40\" data-lineheight=\"48px\">Tema Obligado del mes de noviembre<\/h2>\n<h3 style=\"text-align: center;\">El deterioro de una pared<\/h3>\n<\/div><div class=\"fusion-separator fusion-full-width-sep\" style=\"align-self: center;margin-left: auto;margin-right: auto;margin-bottom:20px;width:100%;\"><div class=\"fusion-separator-border sep-single sep-solid\" style=\"border-color:#3ec0bf;border-top-width:1px;\"><\/div><\/div><div class=\"fusion-text fusion-text-2\"><p style=\"text-align: center;\"><strong>PUNTUACI\u00d3N GENERAL ACUMULADA MONOCROMO<\/strong><\/p>\n<\/div><div style=\"text-align:center;\"><style>.fusion-imageframe.imageframe-1{ margin-bottom : 20px;}<\/style><span class=\" fusion-imageframe imageframe-none imageframe-1 hover-type-none\"><a href=\"https:\/\/afc.cat\/wp-content\/uploads\/2021\/12\/Classificacio-MONOCROM-NOVEMBRE-2021.jpg\" class=\"fusion-lightbox\" data-rel=\"iLightbox[ee7afdf236c17ee7eaf]\" data-title=\"Classificacio MONOCROM NOVEMBRE 2021\" title=\"Classificacio MONOCROM NOVEMBRE 2021\"><img decoding=\"async\" width=\"733\" height=\"764\" src=\"https:\/\/afc.cat\/wp-content\/uploads\/2021\/12\/Classificacio-MONOCROM-NOVEMBRE-2021.jpg\" alt class=\"img-responsive wp-image-24731\" srcset=\"https:\/\/afc.cat\/wp-content\/uploads\/2021\/12\/Classificacio-MONOCROM-NOVEMBRE-2021-200x208.jpg 200w, https:\/\/afc.cat\/wp-content\/uploads\/2021\/12\/Classificacio-MONOCROM-NOVEMBRE-2021-400x417.jpg 400w, https:\/\/afc.cat\/wp-content\/uploads\/2021\/12\/Classificacio-MONOCROM-NOVEMBRE-2021-600x625.jpg 600w, https:\/\/afc.cat\/wp-content\/uploads\/2021\/12\/Classificacio-MONOCROM-NOVEMBRE-2021.jpg 733w\" sizes=\"(max-width: 640px) 100vw, 733px\" \/><\/a><\/span><\/div><div class=\"fusion-text fusion-text-3\"><p style=\"text-align: center;\"><strong>Clasificaci\u00f3n monocromo de noviembre<\/strong><\/p>\n<p style=\"text-align: center;\"><strong>(30 participantes)<\/strong><\/p>\n<\/div><style type=\"text\/css\">.fusion-gallery-1 .fusion-gallery-image {border:0px solid #e2e2e2;}<\/style><div class=\"fusion-gallery fusion-gallery-container fusion-grid-6 fusion-columns-total-30 fusion-gallery-layout-grid fusion-gallery-1\" style=\"margin:-5px;\"><div style=\"padding:5px;\" class=\"fusion-grid-column fusion-gallery-column fusion-gallery-column-6 hover-type-zoomin\"><div class=\"fusion-gallery-image\"><a href=\"https:\/\/afc.cat\/wp-content\/uploads\/2021\/12\/01-Joan-Rue-Domingo.jpg\" data-title=\"01-Joan Ru\u00e9 Domingo &#8211; 24 puntos\" title=\"01-Joan Ru\u00e9 Domingo &#8211; 24 puntos\" rel=\"noreferrer\" data-rel=\"iLightbox[gallery_image_1]\" class=\"fusion-lightbox\" target=\"_self\"><img decoding=\"async\" src=\"https:\/\/afc.cat\/wp-content\/uploads\/2021\/12\/01-Joan-Rue-Domingo-320x202.jpg\" width=\"320\" height=\"202\" alt=\"\" title=\"01-Joan Ru\u00e9 Domingo &#8211; 24 puntos\" aria-label=\"01-Joan Ru\u00e9 Domingo &#8211; 24 puntos\" class=\"img-responsive wp-image-24418 fusion-gallery-image-size-fixed\" srcset=\"https:\/\/afc.cat\/wp-content\/uploads\/2021\/12\/01-Joan-Rue-Domingo-320x202.jpg 320w, https:\/\/afc.cat\/wp-content\/uploads\/2021\/12\/01-Joan-Rue-Domingo-700x441.jpg 700w\" sizes=\"(max-width: 320px) 100vw, 320px\" \/><\/a><\/div><\/div><div style=\"padding:5px;\" class=\"fusion-grid-column fusion-gallery-column fusion-gallery-column-6 hover-type-zoomin\"><div class=\"fusion-gallery-image\"><a href=\"https:\/\/afc.cat\/wp-content\/uploads\/2021\/12\/02-Anna-Barnes-Guillen.jpg\" data-title=\"02-Anna Barn\u00e9s Guill\u00e9n &#8211; 22 puntos\" title=\"02-Anna Barn\u00e9s Guill\u00e9n &#8211; 22 puntos\" rel=\"noreferrer\" data-rel=\"iLightbox[gallery_image_1]\" class=\"fusion-lightbox\" target=\"_self\"><img decoding=\"async\" src=\"https:\/\/afc.cat\/wp-content\/uploads\/2021\/12\/02-Anna-Barnes-Guillen-320x202.jpg\" width=\"320\" height=\"202\" alt=\"\" title=\"02-Anna Barn\u00e9s Guill\u00e9n &#8211; 22 puntos\" aria-label=\"02-Anna Barn\u00e9s Guill\u00e9n &#8211; 22 puntos\" class=\"img-responsive wp-image-24420 fusion-gallery-image-size-fixed\" srcset=\"https:\/\/afc.cat\/wp-content\/uploads\/2021\/12\/02-Anna-Barnes-Guillen-320x202.jpg 320w, https:\/\/afc.cat\/wp-content\/uploads\/2021\/12\/02-Anna-Barnes-Guillen-700x441.jpg 700w\" sizes=\"(max-width: 320px) 100vw, 320px\" \/><\/a><\/div><\/div><div style=\"padding:5px;\" class=\"fusion-grid-column fusion-gallery-column fusion-gallery-column-6 hover-type-zoomin\"><div class=\"fusion-gallery-image\"><a href=\"https:\/\/afc.cat\/wp-content\/uploads\/2021\/12\/03-Damian-Tous-Vazquez.jpg\" data-title=\"03-Dami\u00e1n Tous Vazquez &#8211; 21 puntos\" title=\"03-Dami\u00e1n Tous Vazquez &#8211; 21 puntos\" rel=\"noreferrer\" data-rel=\"iLightbox[gallery_image_1]\" class=\"fusion-lightbox\" target=\"_self\"><img decoding=\"async\" src=\"https:\/\/afc.cat\/wp-content\/uploads\/2021\/12\/03-Damian-Tous-Vazquez-320x202.jpg\" width=\"320\" height=\"202\" alt=\"\" title=\"03-Dami\u00e1n Tous Vazquez &#8211; 21 puntos\" aria-label=\"03-Dami\u00e1n Tous Vazquez &#8211; 21 puntos\" class=\"img-responsive wp-image-24422 fusion-gallery-image-size-fixed\" srcset=\"https:\/\/afc.cat\/wp-content\/uploads\/2021\/12\/03-Damian-Tous-Vazquez-320x202.jpg 320w, https:\/\/afc.cat\/wp-content\/uploads\/2021\/12\/03-Damian-Tous-Vazquez-700x441.jpg 700w\" sizes=\"(max-width: 320px) 100vw, 320px\" \/><\/a><\/div><\/div><div style=\"padding:5px;\" class=\"fusion-grid-column fusion-gallery-column fusion-gallery-column-6 hover-type-zoomin\"><div class=\"fusion-gallery-image\"><a href=\"https:\/\/afc.cat\/wp-content\/uploads\/2021\/12\/04-AlbertFolch-.jpg\" data-title=\"04 &#8211; Albert Folch &#8211; 21 puntos\" title=\"04 &#8211; Albert Folch &#8211; 21 puntos\" rel=\"noreferrer\" data-rel=\"iLightbox[gallery_image_1]\" class=\"fusion-lightbox\" target=\"_self\"><img decoding=\"async\" src=\"https:\/\/afc.cat\/wp-content\/uploads\/2021\/12\/04-AlbertFolch--320x202.jpg\" width=\"320\" height=\"202\" alt=\"\" title=\"04 &#8211; Albert Folch &#8211; 21 puntos\" aria-label=\"04 &#8211; Albert Folch &#8211; 21 puntos\" class=\"img-responsive wp-image-24633 fusion-gallery-image-size-fixed\" srcset=\"https:\/\/afc.cat\/wp-content\/uploads\/2021\/12\/04-AlbertFolch--320x202.jpg 320w, https:\/\/afc.cat\/wp-content\/uploads\/2021\/12\/04-AlbertFolch--700x441.jpg 700w\" sizes=\"(max-width: 320px) 100vw, 320px\" \/><\/a><\/div><\/div><div style=\"padding:5px;\" class=\"fusion-grid-column fusion-gallery-column fusion-gallery-column-6 hover-type-zoomin\"><div class=\"fusion-gallery-image\"><a href=\"https:\/\/afc.cat\/wp-content\/uploads\/2021\/12\/05-Josep-Maria-Bonjoch-Trilla.jpg\" data-title=\"05-Josep Maria Bonjoch Trilla &#8211; 19 puntos\" title=\"05-Josep Maria Bonjoch Trilla &#8211; 19 puntos\" rel=\"noreferrer\" data-rel=\"iLightbox[gallery_image_1]\" class=\"fusion-lightbox\" target=\"_self\"><img decoding=\"async\" src=\"https:\/\/afc.cat\/wp-content\/uploads\/2021\/12\/05-Josep-Maria-Bonjoch-Trilla-320x202.jpg\" width=\"320\" height=\"202\" alt=\"\" title=\"05-Josep Maria Bonjoch Trilla &#8211; 19 puntos\" aria-label=\"05-Josep Maria Bonjoch Trilla &#8211; 19 puntos\" class=\"img-responsive wp-image-24426 fusion-gallery-image-size-fixed\" srcset=\"https:\/\/afc.cat\/wp-content\/uploads\/2021\/12\/05-Josep-Maria-Bonjoch-Trilla-320x202.jpg 320w, https:\/\/afc.cat\/wp-content\/uploads\/2021\/12\/05-Josep-Maria-Bonjoch-Trilla-700x441.jpg 700w\" sizes=\"(max-width: 320px) 100vw, 320px\" \/><\/a><\/div><\/div><div style=\"padding:5px;\" class=\"fusion-grid-column fusion-gallery-column fusion-gallery-column-6 hover-type-zoomin\"><div class=\"fusion-gallery-image\"><a href=\"https:\/\/afc.cat\/wp-content\/uploads\/2021\/12\/06-David-Penarroya-Hernandez.jpg\" data-title=\"06-David Pe\u00f1arroya Hernandez &#8211; 19 puntos\" title=\"06-David Pe\u00f1arroya Hernandez &#8211; 19 puntos\" rel=\"noreferrer\" data-rel=\"iLightbox[gallery_image_1]\" class=\"fusion-lightbox\" target=\"_self\"><img decoding=\"async\" src=\"https:\/\/afc.cat\/wp-content\/uploads\/2021\/12\/06-David-Penarroya-Hernandez-320x202.jpg\" width=\"320\" height=\"202\" alt=\"\" title=\"06-David Pe\u00f1arroya Hernandez &#8211; 19 puntos\" aria-label=\"06-David Pe\u00f1arroya Hernandez &#8211; 19 puntos\" class=\"img-responsive wp-image-24428 fusion-gallery-image-size-fixed\" srcset=\"https:\/\/afc.cat\/wp-content\/uploads\/2021\/12\/06-David-Penarroya-Hernandez-320x202.jpg 320w, https:\/\/afc.cat\/wp-content\/uploads\/2021\/12\/06-David-Penarroya-Hernandez-700x441.jpg 700w\" sizes=\"(max-width: 320px) 100vw, 320px\" \/><\/a><\/div><\/div><div class=\"clearfix\"><\/div><div style=\"padding:5px;\" class=\"fusion-grid-column fusion-gallery-column fusion-gallery-column-6 hover-type-zoomin\"><div class=\"fusion-gallery-image\"><a href=\"https:\/\/afc.cat\/wp-content\/uploads\/2021\/12\/07-Toni-Torras-Llaurado.jpg\" data-title=\"07-Toni Torras Llaurad\u00f3 &#8211; 19 puntos\" title=\"07-Toni Torras Llaurad\u00f3 &#8211; 19 puntos\" rel=\"noreferrer\" data-rel=\"iLightbox[gallery_image_1]\" class=\"fusion-lightbox\" target=\"_self\"><img decoding=\"async\" src=\"https:\/\/afc.cat\/wp-content\/uploads\/2021\/12\/07-Toni-Torras-Llaurado-320x202.jpg\" width=\"320\" height=\"202\" alt=\"\" title=\"07-Toni Torras Llaurad\u00f3 &#8211; 19 puntos\" aria-label=\"07-Toni Torras Llaurad\u00f3 &#8211; 19 puntos\" class=\"img-responsive wp-image-24430 fusion-gallery-image-size-fixed\" srcset=\"https:\/\/afc.cat\/wp-content\/uploads\/2021\/12\/07-Toni-Torras-Llaurado-320x202.jpg 320w, https:\/\/afc.cat\/wp-content\/uploads\/2021\/12\/07-Toni-Torras-Llaurado-700x441.jpg 700w\" sizes=\"(max-width: 320px) 100vw, 320px\" \/><\/a><\/div><\/div><div style=\"padding:5px;\" class=\"fusion-grid-column fusion-gallery-column fusion-gallery-column-6 hover-type-zoomin\"><div class=\"fusion-gallery-image\"><a href=\"https:\/\/afc.cat\/wp-content\/uploads\/2021\/12\/08-Francesc-Soldevila-.jpg\" data-title=\"08-Francesc Soldevila &#8211; 18 puntos\" title=\"08-Francesc Soldevila &#8211; 18 puntos\" rel=\"noreferrer\" data-rel=\"iLightbox[gallery_image_1]\" class=\"fusion-lightbox\" target=\"_self\"><img decoding=\"async\" src=\"https:\/\/afc.cat\/wp-content\/uploads\/2021\/12\/08-Francesc-Soldevila--320x202.jpg\" width=\"320\" height=\"202\" alt=\"\" title=\"08-Francesc Soldevila &#8211; 18 puntos\" aria-label=\"08-Francesc Soldevila &#8211; 18 puntos\" class=\"img-responsive wp-image-24635 fusion-gallery-image-size-fixed\" srcset=\"https:\/\/afc.cat\/wp-content\/uploads\/2021\/12\/08-Francesc-Soldevila--320x202.jpg 320w, https:\/\/afc.cat\/wp-content\/uploads\/2021\/12\/08-Francesc-Soldevila--700x441.jpg 700w\" sizes=\"(max-width: 320px) 100vw, 320px\" \/><\/a><\/div><\/div><div style=\"padding:5px;\" class=\"fusion-grid-column fusion-gallery-column fusion-gallery-column-6 hover-type-zoomin\"><div class=\"fusion-gallery-image\"><a href=\"https:\/\/afc.cat\/wp-content\/uploads\/2021\/12\/09-Hortensia-Gonzalez-Salvador.jpg\" data-title=\"09-Hortensia Gonzalez Salvador &#8211; 18 puntos\" title=\"09-Hortensia Gonzalez Salvador &#8211; 18 puntos\" rel=\"noreferrer\" data-rel=\"iLightbox[gallery_image_1]\" class=\"fusion-lightbox\" target=\"_self\"><img decoding=\"async\" src=\"https:\/\/afc.cat\/wp-content\/uploads\/2021\/12\/09-Hortensia-Gonzalez-Salvador-320x202.jpg\" width=\"320\" height=\"202\" alt=\"\" title=\"09-Hortensia Gonzalez Salvador &#8211; 18 puntos\" aria-label=\"09-Hortensia Gonzalez Salvador &#8211; 18 puntos\" class=\"img-responsive wp-image-24434 fusion-gallery-image-size-fixed\" \/><\/a><\/div><\/div><div style=\"padding:5px;\" class=\"fusion-grid-column fusion-gallery-column fusion-gallery-column-6 hover-type-zoomin\"><div class=\"fusion-gallery-image\"><a href=\"https:\/\/afc.cat\/wp-content\/uploads\/2021\/12\/10-Jordi-Batet-i-Escobedo.jpg\" data-title=\"10-Jordi Batet i Escobedo &#8211; 18 puntos\" title=\"10-Jordi Batet i Escobedo &#8211; 18 puntos\" rel=\"noreferrer\" data-rel=\"iLightbox[gallery_image_1]\" class=\"fusion-lightbox\" target=\"_self\"><img decoding=\"async\" src=\"https:\/\/afc.cat\/wp-content\/uploads\/2021\/12\/10-Jordi-Batet-i-Escobedo-320x202.jpg\" width=\"320\" height=\"202\" alt=\"\" title=\"10-Jordi Batet i Escobedo &#8211; 18 puntos\" aria-label=\"10-Jordi Batet i Escobedo &#8211; 18 puntos\" class=\"img-responsive wp-image-24436 fusion-gallery-image-size-fixed\" srcset=\"https:\/\/afc.cat\/wp-content\/uploads\/2021\/12\/10-Jordi-Batet-i-Escobedo-320x202.jpg 320w, https:\/\/afc.cat\/wp-content\/uploads\/2021\/12\/10-Jordi-Batet-i-Escobedo-700x441.jpg 700w\" sizes=\"(max-width: 320px) 100vw, 320px\" \/><\/a><\/div><\/div><div style=\"padding:5px;\" class=\"fusion-grid-column fusion-gallery-column fusion-gallery-column-6 hover-type-zoomin\"><div class=\"fusion-gallery-image\"><a href=\"https:\/\/afc.cat\/wp-content\/uploads\/2021\/12\/11-Antoni-Serrano-i-Cortes.jpg\" data-title=\"11-Antoni Serrano i Cort\u00e8s &#8211; 17 puntos\" title=\"11-Antoni Serrano i Cort\u00e8s &#8211; 17 puntos\" rel=\"noreferrer\" data-rel=\"iLightbox[gallery_image_1]\" class=\"fusion-lightbox\" target=\"_self\"><img decoding=\"async\" src=\"https:\/\/afc.cat\/wp-content\/uploads\/2021\/12\/11-Antoni-Serrano-i-Cortes-320x202.jpg\" width=\"320\" height=\"202\" alt=\"\" title=\"11-Antoni Serrano i Cort\u00e8s &#8211; 17 puntos\" aria-label=\"11-Antoni Serrano i Cort\u00e8s &#8211; 17 puntos\" class=\"img-responsive wp-image-24438 fusion-gallery-image-size-fixed\" srcset=\"https:\/\/afc.cat\/wp-content\/uploads\/2021\/12\/11-Antoni-Serrano-i-Cortes-320x202.jpg 320w, https:\/\/afc.cat\/wp-content\/uploads\/2021\/12\/11-Antoni-Serrano-i-Cortes-700x441.jpg 700w\" sizes=\"(max-width: 320px) 100vw, 320px\" \/><\/a><\/div><\/div><div style=\"padding:5px;\" class=\"fusion-grid-column fusion-gallery-column fusion-gallery-column-6 hover-type-zoomin\"><div class=\"fusion-gallery-image\"><a href=\"https:\/\/afc.cat\/wp-content\/uploads\/2021\/12\/12-Carmen-Casademont-Ribot.jpg\" data-title=\"12-Carmen Casademont Ribot &#8211; 17 puntos\" title=\"12-Carmen Casademont Ribot &#8211; 17 puntos\" rel=\"noreferrer\" data-rel=\"iLightbox[gallery_image_1]\" class=\"fusion-lightbox\" target=\"_self\"><img decoding=\"async\" src=\"https:\/\/afc.cat\/wp-content\/uploads\/2021\/12\/12-Carmen-Casademont-Ribot-320x202.jpg\" width=\"320\" height=\"202\" alt=\"\" title=\"12-Carmen Casademont Ribot &#8211; 17 puntos\" aria-label=\"12-Carmen Casademont Ribot &#8211; 17 puntos\" class=\"img-responsive wp-image-24440 fusion-gallery-image-size-fixed\" srcset=\"https:\/\/afc.cat\/wp-content\/uploads\/2021\/12\/12-Carmen-Casademont-Ribot-320x202.jpg 320w, https:\/\/afc.cat\/wp-content\/uploads\/2021\/12\/12-Carmen-Casademont-Ribot-700x441.jpg 700w\" sizes=\"(max-width: 320px) 100vw, 320px\" \/><\/a><\/div><\/div><div class=\"clearfix\"><\/div><div style=\"padding:5px;\" class=\"fusion-grid-column fusion-gallery-column fusion-gallery-column-6 hover-type-zoomin\"><div class=\"fusion-gallery-image\"><a href=\"https:\/\/afc.cat\/wp-content\/uploads\/2021\/12\/13-Santiago-Garcia-Cuadrado.jpg\" data-title=\"13-Santiago Garc\u00eda Cuadrado &#8211; 16 puntos\" title=\"13-Santiago Garc\u00eda Cuadrado &#8211; 16 puntos\" rel=\"noreferrer\" data-rel=\"iLightbox[gallery_image_1]\" class=\"fusion-lightbox\" target=\"_self\"><img decoding=\"async\" src=\"https:\/\/afc.cat\/wp-content\/uploads\/2021\/12\/13-Santiago-Garcia-Cuadrado-320x202.jpg\" width=\"320\" height=\"202\" alt=\"\" title=\"13-Santiago Garc\u00eda Cuadrado &#8211; 16 puntos\" aria-label=\"13-Santiago Garc\u00eda Cuadrado &#8211; 16 puntos\" class=\"img-responsive wp-image-24442 fusion-gallery-image-size-fixed\" srcset=\"https:\/\/afc.cat\/wp-content\/uploads\/2021\/12\/13-Santiago-Garcia-Cuadrado-320x202.jpg 320w, https:\/\/afc.cat\/wp-content\/uploads\/2021\/12\/13-Santiago-Garcia-Cuadrado-700x441.jpg 700w\" sizes=\"(max-width: 320px) 100vw, 320px\" \/><\/a><\/div><\/div><div style=\"padding:5px;\" class=\"fusion-grid-column fusion-gallery-column fusion-gallery-column-6 hover-type-zoomin\"><div class=\"fusion-gallery-image\"><a href=\"https:\/\/afc.cat\/wp-content\/uploads\/2021\/12\/14-Josep-Soler-Vendrell.jpg\" data-title=\"14-Josep Soler Vendrell &#8211; 16 puntos\" title=\"14-Josep Soler Vendrell &#8211; 16 puntos\" rel=\"noreferrer\" data-rel=\"iLightbox[gallery_image_1]\" class=\"fusion-lightbox\" target=\"_self\"><img decoding=\"async\" src=\"https:\/\/afc.cat\/wp-content\/uploads\/2021\/12\/14-Josep-Soler-Vendrell-320x202.jpg\" width=\"320\" height=\"202\" alt=\"\" title=\"14-Josep Soler Vendrell &#8211; 16 puntos\" aria-label=\"14-Josep Soler Vendrell &#8211; 16 puntos\" class=\"img-responsive wp-image-24444 fusion-gallery-image-size-fixed\" srcset=\"https:\/\/afc.cat\/wp-content\/uploads\/2021\/12\/14-Josep-Soler-Vendrell-320x202.jpg 320w, https:\/\/afc.cat\/wp-content\/uploads\/2021\/12\/14-Josep-Soler-Vendrell-700x441.jpg 700w\" sizes=\"(max-width: 320px) 100vw, 320px\" \/><\/a><\/div><\/div><div style=\"padding:5px;\" class=\"fusion-grid-column fusion-gallery-column fusion-gallery-column-6 hover-type-zoomin\"><div class=\"fusion-gallery-image\"><a href=\"https:\/\/afc.cat\/wp-content\/uploads\/2021\/12\/15-Pere-Josep-Sanchez-Romero.jpg\" data-title=\"15-Pere Josep S\u00e1nchez Romero &#8211; 15 puntos\" title=\"15-Pere Josep S\u00e1nchez Romero &#8211; 15 puntos\" rel=\"noreferrer\" data-rel=\"iLightbox[gallery_image_1]\" class=\"fusion-lightbox\" target=\"_self\"><img decoding=\"async\" src=\"https:\/\/afc.cat\/wp-content\/uploads\/2021\/12\/15-Pere-Josep-Sanchez-Romero-320x202.jpg\" width=\"320\" height=\"202\" alt=\"\" title=\"15-Pere Josep S\u00e1nchez Romero &#8211; 15 puntos\" aria-label=\"15-Pere Josep S\u00e1nchez Romero &#8211; 15 puntos\" class=\"img-responsive wp-image-24446 fusion-gallery-image-size-fixed\" \/><\/a><\/div><\/div><div style=\"padding:5px;\" class=\"fusion-grid-column fusion-gallery-column fusion-gallery-column-6 hover-type-zoomin\"><div class=\"fusion-gallery-image\"><a href=\"https:\/\/afc.cat\/wp-content\/uploads\/2021\/12\/16-Adolfo-Garcia-Bastard.jpg\" data-title=\"16-Adolfo Garcia Bastard &#8211; 15 puntos\" title=\"16-Adolfo Garcia Bastard &#8211; 15 puntos\" rel=\"noreferrer\" data-rel=\"iLightbox[gallery_image_1]\" class=\"fusion-lightbox\" target=\"_self\"><img decoding=\"async\" src=\"https:\/\/afc.cat\/wp-content\/uploads\/2021\/12\/16-Adolfo-Garcia-Bastard-320x202.jpg\" width=\"320\" height=\"202\" alt=\"\" title=\"16-Adolfo Garcia Bastard &#8211; 15 puntos\" aria-label=\"16-Adolfo Garcia Bastard &#8211; 15 puntos\" class=\"img-responsive wp-image-24448 fusion-gallery-image-size-fixed\" srcset=\"https:\/\/afc.cat\/wp-content\/uploads\/2021\/12\/16-Adolfo-Garcia-Bastard-320x202.jpg 320w, https:\/\/afc.cat\/wp-content\/uploads\/2021\/12\/16-Adolfo-Garcia-Bastard-700x441.jpg 700w\" sizes=\"(max-width: 320px) 100vw, 320px\" \/><\/a><\/div><\/div><div style=\"padding:5px;\" class=\"fusion-grid-column fusion-gallery-column fusion-gallery-column-6 hover-type-zoomin\"><div class=\"fusion-gallery-image\"><a href=\"https:\/\/afc.cat\/wp-content\/uploads\/2021\/12\/17-Joan-Soldevila-Adan-.jpg\" data-title=\"17-Joan Soldevila Ad\u00e1n &#8211; 15 puntos\" title=\"17-Joan Soldevila Ad\u00e1n &#8211; 15 puntos\" rel=\"noreferrer\" data-rel=\"iLightbox[gallery_image_1]\" class=\"fusion-lightbox\" target=\"_self\"><img decoding=\"async\" src=\"https:\/\/afc.cat\/wp-content\/uploads\/2021\/12\/17-Joan-Soldevila-Adan--320x202.jpg\" width=\"320\" height=\"202\" alt=\"\" title=\"17-Joan Soldevila Ad\u00e1n  &#8211; 15 puntos\" aria-label=\"17-Joan Soldevila Ad\u00e1n  &#8211; 15 puntos\" class=\"img-responsive wp-image-24638 fusion-gallery-image-size-fixed\" srcset=\"https:\/\/afc.cat\/wp-content\/uploads\/2021\/12\/17-Joan-Soldevila-Adan--320x202.jpg 320w, https:\/\/afc.cat\/wp-content\/uploads\/2021\/12\/17-Joan-Soldevila-Adan--700x441.jpg 700w\" sizes=\"(max-width: 320px) 100vw, 320px\" \/><\/a><\/div><\/div><div style=\"padding:5px;\" class=\"fusion-grid-column fusion-gallery-column fusion-gallery-column-6 hover-type-zoomin\"><div class=\"fusion-gallery-image\"><a href=\"https:\/\/afc.cat\/wp-content\/uploads\/2021\/12\/18-Irene-Sanz-Ramirez.jpg\" data-title=\"18-Irene Sanz Ramirez &#8211; 15 puntos\" title=\"18-Irene Sanz Ramirez &#8211; 15 puntos\" rel=\"noreferrer\" data-rel=\"iLightbox[gallery_image_1]\" class=\"fusion-lightbox\" target=\"_self\"><img decoding=\"async\" src=\"https:\/\/afc.cat\/wp-content\/uploads\/2021\/12\/18-Irene-Sanz-Ramirez-320x202.jpg\" width=\"320\" height=\"202\" alt=\"\" title=\"18-Irene Sanz Ramirez &#8211; 15 puntos\" aria-label=\"18-Irene Sanz Ramirez &#8211; 15 puntos\" class=\"img-responsive wp-image-24452 fusion-gallery-image-size-fixed\" srcset=\"https:\/\/afc.cat\/wp-content\/uploads\/2021\/12\/18-Irene-Sanz-Ramirez-320x202.jpg 320w, https:\/\/afc.cat\/wp-content\/uploads\/2021\/12\/18-Irene-Sanz-Ramirez-700x441.jpg 700w\" sizes=\"(max-width: 320px) 100vw, 320px\" \/><\/a><\/div><\/div><div class=\"clearfix\"><\/div><div style=\"padding:5px;\" class=\"fusion-grid-column fusion-gallery-column fusion-gallery-column-6 hover-type-zoomin\"><div class=\"fusion-gallery-image\"><a href=\"https:\/\/afc.cat\/wp-content\/uploads\/2021\/12\/19-Jaume-Estrada-Martras.jpg\" data-title=\"19-Jaume Estrada Martras &#8211; 14 puntos\" title=\"19-Jaume Estrada Martras &#8211; 14 puntos\" rel=\"noreferrer\" data-rel=\"iLightbox[gallery_image_1]\" class=\"fusion-lightbox\" target=\"_self\"><img decoding=\"async\" src=\"https:\/\/afc.cat\/wp-content\/uploads\/2021\/12\/19-Jaume-Estrada-Martras-320x202.jpg\" width=\"320\" height=\"202\" alt=\"\" title=\"19-Jaume Estrada Martras &#8211; 14 puntos\" aria-label=\"19-Jaume Estrada Martras &#8211; 14 puntos\" class=\"img-responsive wp-image-24454 fusion-gallery-image-size-fixed\" srcset=\"https:\/\/afc.cat\/wp-content\/uploads\/2021\/12\/19-Jaume-Estrada-Martras-320x202.jpg 320w, https:\/\/afc.cat\/wp-content\/uploads\/2021\/12\/19-Jaume-Estrada-Martras-700x441.jpg 700w\" sizes=\"(max-width: 320px) 100vw, 320px\" \/><\/a><\/div><\/div><div style=\"padding:5px;\" class=\"fusion-grid-column fusion-gallery-column fusion-gallery-column-6 hover-type-zoomin\"><div class=\"fusion-gallery-image\"><a href=\"https:\/\/afc.cat\/wp-content\/uploads\/2021\/12\/20-Teresa-Tejero-Lopez.jpg\" data-title=\"20-Teresa Tejero Lopez &#8211; 14 puntos\" title=\"20-Teresa Tejero Lopez &#8211; 14 puntos\" rel=\"noreferrer\" data-rel=\"iLightbox[gallery_image_1]\" class=\"fusion-lightbox\" target=\"_self\"><img decoding=\"async\" src=\"https:\/\/afc.cat\/wp-content\/uploads\/2021\/12\/20-Teresa-Tejero-Lopez-320x202.jpg\" width=\"320\" height=\"202\" alt=\"\" title=\"20-Teresa Tejero Lopez &#8211; 14 puntos\" aria-label=\"20-Teresa Tejero Lopez &#8211; 14 puntos\" class=\"img-responsive wp-image-24456 fusion-gallery-image-size-fixed\" \/><\/a><\/div><\/div><div style=\"padding:5px;\" class=\"fusion-grid-column fusion-gallery-column fusion-gallery-column-6 hover-type-zoomin\"><div class=\"fusion-gallery-image\"><a href=\"https:\/\/afc.cat\/wp-content\/uploads\/2021\/12\/21-Manuel-Daniel-Rivera.jpg\" data-title=\"21-Manuel Daniel Rivera &#8211; 14 puntos\" title=\"21-Manuel Daniel Rivera &#8211; 14 puntos\" rel=\"noreferrer\" data-rel=\"iLightbox[gallery_image_1]\" class=\"fusion-lightbox\" target=\"_self\"><img decoding=\"async\" src=\"https:\/\/afc.cat\/wp-content\/uploads\/2021\/12\/21-Manuel-Daniel-Rivera-320x202.jpg\" width=\"320\" height=\"202\" alt=\"\" title=\"21-Manuel Daniel Rivera &#8211; 14 puntos\" aria-label=\"21-Manuel Daniel Rivera &#8211; 14 puntos\" class=\"img-responsive wp-image-24458 fusion-gallery-image-size-fixed\" srcset=\"https:\/\/afc.cat\/wp-content\/uploads\/2021\/12\/21-Manuel-Daniel-Rivera-320x202.jpg 320w, https:\/\/afc.cat\/wp-content\/uploads\/2021\/12\/21-Manuel-Daniel-Rivera-700x441.jpg 700w\" sizes=\"(max-width: 320px) 100vw, 320px\" \/><\/a><\/div><\/div><div style=\"padding:5px;\" class=\"fusion-grid-column fusion-gallery-column fusion-gallery-column-6 hover-type-zoomin\"><div class=\"fusion-gallery-image\"><a href=\"https:\/\/afc.cat\/wp-content\/uploads\/2021\/12\/22-Josep-LL-Soucheiron.jpg\" data-title=\"22-Josep LL Soucheiron &#8211; 14 puntos\" title=\"22-Josep LL Soucheiron &#8211; 14 puntos\" rel=\"noreferrer\" data-rel=\"iLightbox[gallery_image_1]\" class=\"fusion-lightbox\" target=\"_self\"><img decoding=\"async\" src=\"https:\/\/afc.cat\/wp-content\/uploads\/2021\/12\/22-Josep-LL-Soucheiron-320x202.jpg\" width=\"320\" height=\"202\" alt=\"\" title=\"22-Josep LL Soucheiron &#8211; 14 puntos\" aria-label=\"22-Josep LL Soucheiron &#8211; 14 puntos\" class=\"img-responsive wp-image-24460 fusion-gallery-image-size-fixed\" srcset=\"https:\/\/afc.cat\/wp-content\/uploads\/2021\/12\/22-Josep-LL-Soucheiron-320x202.jpg 320w, https:\/\/afc.cat\/wp-content\/uploads\/2021\/12\/22-Josep-LL-Soucheiron-700x441.jpg 700w\" sizes=\"(max-width: 320px) 100vw, 320px\" \/><\/a><\/div><\/div><div style=\"padding:5px;\" class=\"fusion-grid-column fusion-gallery-column fusion-gallery-column-6 hover-type-zoomin\"><div class=\"fusion-gallery-image\"><a href=\"https:\/\/afc.cat\/wp-content\/uploads\/2021\/12\/23-Felix-Jose-Vizcaino-Garcia-.jpg\" data-title=\"23-F\u00e9lix Jos\u00e9 Vizca\u00edno Garc\u00eda &#8211; 14 puntos\" title=\"23-F\u00e9lix Jos\u00e9 Vizca\u00edno Garc\u00eda &#8211; 14 puntos\" rel=\"noreferrer\" data-rel=\"iLightbox[gallery_image_1]\" class=\"fusion-lightbox\" target=\"_self\"><img decoding=\"async\" src=\"https:\/\/afc.cat\/wp-content\/uploads\/2021\/12\/23-Felix-Jose-Vizcaino-Garcia--320x202.jpg\" width=\"320\" height=\"202\" alt=\"\" title=\"23-F\u00e9lix Jos\u00e9 Vizca\u00edno Garc\u00eda &#8211; 14 puntos\" aria-label=\"23-F\u00e9lix Jos\u00e9 Vizca\u00edno Garc\u00eda &#8211; 14 puntos\" class=\"img-responsive wp-image-24641 fusion-gallery-image-size-fixed\" srcset=\"https:\/\/afc.cat\/wp-content\/uploads\/2021\/12\/23-Felix-Jose-Vizcaino-Garcia--320x202.jpg 320w, https:\/\/afc.cat\/wp-content\/uploads\/2021\/12\/23-Felix-Jose-Vizcaino-Garcia--700x441.jpg 700w\" sizes=\"(max-width: 320px) 100vw, 320px\" \/><\/a><\/div><\/div><div style=\"padding:5px;\" class=\"fusion-grid-column fusion-gallery-column fusion-gallery-column-6 hover-type-zoomin\"><div class=\"fusion-gallery-image\"><a href=\"https:\/\/afc.cat\/wp-content\/uploads\/2021\/12\/24-Carme-Mur-Calvo.jpg\" data-title=\"24-Carme Mur Calv\u00f3 &#8211; 13 puntos\" title=\"24-Carme Mur Calv\u00f3 &#8211; 13 puntos\" rel=\"noreferrer\" data-rel=\"iLightbox[gallery_image_1]\" class=\"fusion-lightbox\" target=\"_self\"><img decoding=\"async\" src=\"https:\/\/afc.cat\/wp-content\/uploads\/2021\/12\/24-Carme-Mur-Calvo-320x202.jpg\" width=\"320\" height=\"202\" alt=\"\" title=\"24-Carme Mur Calv\u00f3 &#8211; 13 puntos\" aria-label=\"24-Carme Mur Calv\u00f3 &#8211; 13 puntos\" class=\"img-responsive wp-image-24464 fusion-gallery-image-size-fixed\" \/><\/a><\/div><\/div><div class=\"clearfix\"><\/div><div style=\"padding:5px;\" class=\"fusion-grid-column fusion-gallery-column fusion-gallery-column-6 hover-type-zoomin\"><div class=\"fusion-gallery-image\"><a href=\"https:\/\/afc.cat\/wp-content\/uploads\/2021\/12\/25-Carles-Lastra-Aantonell.jpg\" data-title=\"25-Carles Lastra Aantonell &#8211; 13 puntos\" title=\"25-Carles Lastra Aantonell &#8211; 13 puntos\" rel=\"noreferrer\" data-rel=\"iLightbox[gallery_image_1]\" class=\"fusion-lightbox\" target=\"_self\"><img decoding=\"async\" src=\"https:\/\/afc.cat\/wp-content\/uploads\/2021\/12\/25-Carles-Lastra-Aantonell-320x202.jpg\" width=\"320\" height=\"202\" alt=\"\" title=\"25-Carles Lastra Aantonell &#8211; 13 puntos\" aria-label=\"25-Carles Lastra Aantonell &#8211; 13 puntos\" class=\"img-responsive wp-image-24466 fusion-gallery-image-size-fixed\" srcset=\"https:\/\/afc.cat\/wp-content\/uploads\/2021\/12\/25-Carles-Lastra-Aantonell-320x202.jpg 320w, https:\/\/afc.cat\/wp-content\/uploads\/2021\/12\/25-Carles-Lastra-Aantonell-700x441.jpg 700w\" sizes=\"(max-width: 320px) 100vw, 320px\" \/><\/a><\/div><\/div><div style=\"padding:5px;\" class=\"fusion-grid-column fusion-gallery-column fusion-gallery-column-6 hover-type-zoomin\"><div class=\"fusion-gallery-image\"><a href=\"https:\/\/afc.cat\/wp-content\/uploads\/2021\/12\/26-Jose-Braojos-Morales.jpg\" data-title=\"26-Jos\u00e9 Braojos Morales &#8211; 13 puntos\" title=\"26-Jos\u00e9 Braojos Morales &#8211; 13 puntos\" rel=\"noreferrer\" data-rel=\"iLightbox[gallery_image_1]\" class=\"fusion-lightbox\" target=\"_self\"><img decoding=\"async\" src=\"https:\/\/afc.cat\/wp-content\/uploads\/2021\/12\/26-Jose-Braojos-Morales-320x202.jpg\" width=\"320\" height=\"202\" alt=\"\" title=\"26-Jos\u00e9 Braojos Morales &#8211; 13 puntos\" aria-label=\"26-Jos\u00e9 Braojos Morales &#8211; 13 puntos\" class=\"img-responsive wp-image-24468 fusion-gallery-image-size-fixed\" srcset=\"https:\/\/afc.cat\/wp-content\/uploads\/2021\/12\/26-Jose-Braojos-Morales-320x202.jpg 320w, https:\/\/afc.cat\/wp-content\/uploads\/2021\/12\/26-Jose-Braojos-Morales-700x441.jpg 700w\" sizes=\"(max-width: 320px) 100vw, 320px\" \/><\/a><\/div><\/div><div style=\"padding:5px;\" class=\"fusion-grid-column fusion-gallery-column fusion-gallery-column-6 hover-type-zoomin\"><div class=\"fusion-gallery-image\"><a href=\"https:\/\/afc.cat\/wp-content\/uploads\/2021\/12\/27-Miguel-Lopez-Mallach.jpg\" data-title=\"27-Miguel L\u00f3pez Mallach &#8211; 12 puntos\" title=\"27-Miguel L\u00f3pez Mallach &#8211; 12 puntos\" rel=\"noreferrer\" data-rel=\"iLightbox[gallery_image_1]\" class=\"fusion-lightbox\" target=\"_self\"><img decoding=\"async\" src=\"https:\/\/afc.cat\/wp-content\/uploads\/2021\/12\/27-Miguel-Lopez-Mallach-320x202.jpg\" width=\"320\" height=\"202\" alt=\"\" title=\"27-Miguel L\u00f3pez Mallach &#8211; 12 puntos\" aria-label=\"27-Miguel L\u00f3pez Mallach &#8211; 12 puntos\" class=\"img-responsive wp-image-24470 fusion-gallery-image-size-fixed\" srcset=\"https:\/\/afc.cat\/wp-content\/uploads\/2021\/12\/27-Miguel-Lopez-Mallach-320x202.jpg 320w, https:\/\/afc.cat\/wp-content\/uploads\/2021\/12\/27-Miguel-Lopez-Mallach-700x441.jpg 700w\" sizes=\"(max-width: 320px) 100vw, 320px\" \/><\/a><\/div><\/div><div style=\"padding:5px;\" class=\"fusion-grid-column fusion-gallery-column fusion-gallery-column-6 hover-type-zoomin\"><div class=\"fusion-gallery-image\"><a href=\"https:\/\/afc.cat\/wp-content\/uploads\/2021\/12\/28-Rosa-Franco-Mendoza.jpg\" data-title=\"28-Rosa Franco Mendoza &#8211; 12 puntos\" title=\"28-Rosa Franco Mendoza &#8211; 12 puntos\" rel=\"noreferrer\" data-rel=\"iLightbox[gallery_image_1]\" class=\"fusion-lightbox\" target=\"_self\"><img decoding=\"async\" src=\"https:\/\/afc.cat\/wp-content\/uploads\/2021\/12\/28-Rosa-Franco-Mendoza-320x202.jpg\" width=\"320\" height=\"202\" alt=\"\" title=\"28-Rosa Franco Mendoza &#8211; 12 puntos\" aria-label=\"28-Rosa Franco Mendoza &#8211; 12 puntos\" class=\"img-responsive wp-image-24472 fusion-gallery-image-size-fixed\" srcset=\"https:\/\/afc.cat\/wp-content\/uploads\/2021\/12\/28-Rosa-Franco-Mendoza-320x202.jpg 320w, https:\/\/afc.cat\/wp-content\/uploads\/2021\/12\/28-Rosa-Franco-Mendoza-700x441.jpg 700w\" sizes=\"(max-width: 320px) 100vw, 320px\" \/><\/a><\/div><\/div><div style=\"padding:5px;\" class=\"fusion-grid-column fusion-gallery-column fusion-gallery-column-6 hover-type-zoomin\"><div class=\"fusion-gallery-image\"><a href=\"https:\/\/afc.cat\/wp-content\/uploads\/2021\/12\/29-Angel-Colado-Palacios.jpg\" data-title=\"29-\u00c1ngel Colado Palacios &#8211; 11 puntos\" title=\"29-\u00c1ngel Colado Palacios &#8211; 11 puntos\" rel=\"noreferrer\" data-rel=\"iLightbox[gallery_image_1]\" class=\"fusion-lightbox\" target=\"_self\"><img decoding=\"async\" src=\"https:\/\/afc.cat\/wp-content\/uploads\/2021\/12\/29-Angel-Colado-Palacios-320x202.jpg\" width=\"320\" height=\"202\" alt=\"\" title=\"29-\u00c1ngel Colado Palacios &#8211; 11 puntos\" aria-label=\"29-\u00c1ngel Colado Palacios &#8211; 11 puntos\" class=\"img-responsive wp-image-24474 fusion-gallery-image-size-fixed\" srcset=\"https:\/\/afc.cat\/wp-content\/uploads\/2021\/12\/29-Angel-Colado-Palacios-320x202.jpg 320w, https:\/\/afc.cat\/wp-content\/uploads\/2021\/12\/29-Angel-Colado-Palacios-700x441.jpg 700w\" sizes=\"(max-width: 320px) 100vw, 320px\" \/><\/a><\/div><\/div><div style=\"padding:5px;\" class=\"fusion-grid-column fusion-gallery-column fusion-gallery-column-6 hover-type-zoomin\"><div class=\"fusion-gallery-image\"><a href=\"https:\/\/afc.cat\/wp-content\/uploads\/2021\/12\/30-Francesca-Portoles-Braso-.jpg\" data-title=\"30-Francesca Portol\u00e9s Bras\u00f3 &#8211; 11 puntos\" title=\"30-Francesca Portol\u00e9s Bras\u00f3 &#8211; 11 puntos\" rel=\"noreferrer\" data-rel=\"iLightbox[gallery_image_1]\" class=\"fusion-lightbox\" target=\"_self\"><img decoding=\"async\" src=\"https:\/\/afc.cat\/wp-content\/uploads\/2021\/12\/30-Francesca-Portoles-Braso--320x202.jpg\" width=\"320\" height=\"202\" alt=\"\" title=\"30-Francesca Portol\u00e9s Bras\u00f3 &#8211; 11 puntos\" aria-label=\"30-Francesca Portol\u00e9s Bras\u00f3 &#8211; 11 puntos\" class=\"img-responsive wp-image-24643 fusion-gallery-image-size-fixed\" srcset=\"https:\/\/afc.cat\/wp-content\/uploads\/2021\/12\/30-Francesca-Portoles-Braso--320x202.jpg 320w, https:\/\/afc.cat\/wp-content\/uploads\/2021\/12\/30-Francesca-Portoles-Braso--700x441.jpg 700w\" sizes=\"(max-width: 320px) 100vw, 320px\" \/><\/a><\/div><\/div><div class=\"clearfix\"><\/div><\/div><div class=\"fusion-separator fusion-full-width-sep\" style=\"align-self: center;margin-left: auto;margin-right: auto;margin-top:20px;margin-bottom:20px;width:100%;\"><div class=\"fusion-separator-border sep-single sep-solid\" style=\"border-color:#3ec0bf;border-top-width:1px;\"><\/div><\/div><div class=\"fusion-text fusion-text-4\"><p style=\"text-align: center;\"><strong>PUNTUACI\u00d3N GENERAL ACUMULADA COLOR<\/strong><\/p>\n<\/div><div style=\"text-align:center;\"><style>.fusion-imageframe.imageframe-2{ margin-bottom : 20px;}<\/style><span class=\" fusion-imageframe imageframe-none imageframe-2 hover-type-none\"><img decoding=\"async\" width=\"734\" height=\"836\" title=\"CLASIFICACI\u00d3N COLOR ACUMULADO NOVIEMBRE 2021\" src=\"https:\/\/afc.cat\/wp-content\/uploads\/2021\/12\/Clasificacio-COLOR-acumulat-novembre-2021.jpg\" alt class=\"img-responsive wp-image-24666\" srcset=\"https:\/\/afc.cat\/wp-content\/uploads\/2021\/12\/Clasificacio-COLOR-acumulat-novembre-2021-200x228.jpg 200w, https:\/\/afc.cat\/wp-content\/uploads\/2021\/12\/Clasificacio-COLOR-acumulat-novembre-2021-400x456.jpg 400w, https:\/\/afc.cat\/wp-content\/uploads\/2021\/12\/Clasificacio-COLOR-acumulat-novembre-2021-600x683.jpg 600w, https:\/\/afc.cat\/wp-content\/uploads\/2021\/12\/Clasificacio-COLOR-acumulat-novembre-2021.jpg 734w\" sizes=\"(max-width: 640px) 100vw, 734px\" \/><\/span><\/div><div class=\"fusion-text fusion-text-5\"><p style=\"text-align: center;\"><strong>Clasificaci\u00f3n color de noviembre<\/strong><\/p>\n<p style=\"text-align: center;\"><strong>(33 participantes)<\/strong><\/p>\n<\/div><style type=\"text\/css\">.fusion-gallery-2 .fusion-gallery-image {border:0px solid #e2e2e2;}<\/style><div class=\"fusion-gallery fusion-gallery-container fusion-grid-6 fusion-columns-total-33 fusion-gallery-layout-grid fusion-gallery-2\" style=\"margin:-5px;\"><div style=\"padding:5px;\" class=\"fusion-grid-column fusion-gallery-column fusion-gallery-column-6 hover-type-none\"><div class=\"fusion-gallery-image\"><a href=\"https:\/\/afc.cat\/wp-content\/uploads\/2021\/12\/01-Anna-Barnes.jpg\" data-title=\"01 &#8211; Anna Barn\u00e9s &#8211; 25 puntos\" title=\"01 &#8211; Anna Barn\u00e9s &#8211; 25 puntos\" rel=\"noreferrer\" data-rel=\"iLightbox[gallery_image_2]\" class=\"fusion-lightbox\" target=\"_self\"><img decoding=\"async\" src=\"https:\/\/afc.cat\/wp-content\/uploads\/2021\/12\/01-Anna-Barnes-320x202.jpg\" width=\"320\" height=\"202\" alt=\"\" title=\"01 &#8211; Anna Barn\u00e9s &#8211; 25 puntos\" aria-label=\"01 &#8211; Anna Barn\u00e9s &#8211; 25 puntos\" class=\"img-responsive wp-image-24479 fusion-gallery-image-size-fixed\" \/><\/a><\/div><\/div><div style=\"padding:5px;\" class=\"fusion-grid-column fusion-gallery-column fusion-gallery-column-6 hover-type-none\"><div class=\"fusion-gallery-image\"><a href=\"https:\/\/afc.cat\/wp-content\/uploads\/2021\/12\/02-Gabriel-Bertran-Niculau.jpg\" data-title=\"02 &#8211; Gabriel Bertran Niculau &#8211; 22 puntos\" title=\"02 &#8211; Gabriel Bertran Niculau &#8211; 22 puntos\" rel=\"noreferrer\" data-rel=\"iLightbox[gallery_image_2]\" class=\"fusion-lightbox\" target=\"_self\"><img decoding=\"async\" src=\"https:\/\/afc.cat\/wp-content\/uploads\/2021\/12\/02-Gabriel-Bertran-Niculau-320x202.jpg\" width=\"320\" height=\"202\" alt=\"\" title=\"02 &#8211; Gabriel Bertran Niculau &#8211; 22 puntos\" aria-label=\"02 &#8211; Gabriel Bertran Niculau &#8211; 22 puntos\" class=\"img-responsive wp-image-24481 fusion-gallery-image-size-fixed\" srcset=\"https:\/\/afc.cat\/wp-content\/uploads\/2021\/12\/02-Gabriel-Bertran-Niculau-320x202.jpg 320w, https:\/\/afc.cat\/wp-content\/uploads\/2021\/12\/02-Gabriel-Bertran-Niculau-700x441.jpg 700w\" sizes=\"(max-width: 320px) 100vw, 320px\" \/><\/a><\/div><\/div><div style=\"padding:5px;\" class=\"fusion-grid-column fusion-gallery-column fusion-gallery-column-6 hover-type-none\"><div class=\"fusion-gallery-image\"><a href=\"https:\/\/afc.cat\/wp-content\/uploads\/2021\/12\/03-Francesca-Portoles-Braso.jpg\" data-title=\"03 &#8211; Francesca Portol\u00e9s Bras\u00f3 &#8211; 21 puntos\" title=\"03 &#8211; Francesca Portol\u00e9s Bras\u00f3 &#8211; 21 puntos\" rel=\"noreferrer\" data-rel=\"iLightbox[gallery_image_2]\" class=\"fusion-lightbox\" target=\"_self\"><img decoding=\"async\" src=\"https:\/\/afc.cat\/wp-content\/uploads\/2021\/12\/03-Francesca-Portoles-Braso-320x202.jpg\" width=\"320\" height=\"202\" alt=\"\" title=\"03 &#8211; Francesca Portol\u00e9s Bras\u00f3 &#8211; 21 puntos\" aria-label=\"03 &#8211; Francesca Portol\u00e9s Bras\u00f3 &#8211; 21 puntos\" class=\"img-responsive wp-image-24483 fusion-gallery-image-size-fixed\" srcset=\"https:\/\/afc.cat\/wp-content\/uploads\/2021\/12\/03-Francesca-Portoles-Braso-320x202.jpg 320w, https:\/\/afc.cat\/wp-content\/uploads\/2021\/12\/03-Francesca-Portoles-Braso-700x441.jpg 700w\" sizes=\"(max-width: 320px) 100vw, 320px\" \/><\/a><\/div><\/div><div style=\"padding:5px;\" class=\"fusion-grid-column fusion-gallery-column fusion-gallery-column-6 hover-type-none\"><div class=\"fusion-gallery-image\"><a href=\"https:\/\/afc.cat\/wp-content\/uploads\/2021\/12\/04-Damian-Tous-Vazquez.jpg\" data-title=\"04 &#8211; Dami\u00e1n Tous Vazquez &#8211; 20 puntos\" title=\"04 &#8211; Dami\u00e1n Tous Vazquez &#8211; 20 puntos\" rel=\"noreferrer\" data-rel=\"iLightbox[gallery_image_2]\" class=\"fusion-lightbox\" target=\"_self\"><img decoding=\"async\" src=\"https:\/\/afc.cat\/wp-content\/uploads\/2021\/12\/04-Damian-Tous-Vazquez-320x202.jpg\" width=\"320\" height=\"202\" alt=\"\" title=\"04 &#8211; Dami\u00e1n Tous Vazquez &#8211; 20 puntos\" aria-label=\"04 &#8211; Dami\u00e1n Tous Vazquez &#8211; 20 puntos\" class=\"img-responsive wp-image-24485 fusion-gallery-image-size-fixed\" srcset=\"https:\/\/afc.cat\/wp-content\/uploads\/2021\/12\/04-Damian-Tous-Vazquez-320x202.jpg 320w, https:\/\/afc.cat\/wp-content\/uploads\/2021\/12\/04-Damian-Tous-Vazquez-700x441.jpg 700w\" sizes=\"(max-width: 320px) 100vw, 320px\" \/><\/a><\/div><\/div><div style=\"padding:5px;\" class=\"fusion-grid-column fusion-gallery-column fusion-gallery-column-6 hover-type-none\"><div class=\"fusion-gallery-image\"><a href=\"https:\/\/afc.cat\/wp-content\/uploads\/2021\/12\/05-Angel-Colado-Palacios.jpg\" data-title=\"05 &#8211; \u00c1ngel Colado Palacios &#8211; 20 puntos\" title=\"05 &#8211; \u00c1ngel Colado Palacios &#8211; 20 puntos\" rel=\"noreferrer\" data-rel=\"iLightbox[gallery_image_2]\" class=\"fusion-lightbox\" target=\"_self\"><img decoding=\"async\" src=\"https:\/\/afc.cat\/wp-content\/uploads\/2021\/12\/05-Angel-Colado-Palacios-320x202.jpg\" width=\"320\" height=\"202\" alt=\"\" title=\"05 &#8211; \u00c1ngel Colado Palacios &#8211; 20 puntos\" aria-label=\"05 &#8211; \u00c1ngel Colado Palacios &#8211; 20 puntos\" class=\"img-responsive wp-image-24487 fusion-gallery-image-size-fixed\" srcset=\"https:\/\/afc.cat\/wp-content\/uploads\/2021\/12\/05-Angel-Colado-Palacios-320x202.jpg 320w, https:\/\/afc.cat\/wp-content\/uploads\/2021\/12\/05-Angel-Colado-Palacios-700x441.jpg 700w\" sizes=\"(max-width: 320px) 100vw, 320px\" \/><\/a><\/div><\/div><div style=\"padding:5px;\" class=\"fusion-grid-column fusion-gallery-column fusion-gallery-column-6 hover-type-none\"><div class=\"fusion-gallery-image\"><a href=\"https:\/\/afc.cat\/wp-content\/uploads\/2021\/12\/06-Teresa-Tejero-Lopez.jpg\" data-title=\"06 &#8211; Teresa Tejero Lopez &#8211; 20 puntos\" title=\"06 &#8211; Teresa Tejero Lopez &#8211; 20 puntos\" rel=\"noreferrer\" data-rel=\"iLightbox[gallery_image_2]\" class=\"fusion-lightbox\" target=\"_self\"><img decoding=\"async\" src=\"https:\/\/afc.cat\/wp-content\/uploads\/2021\/12\/06-Teresa-Tejero-Lopez-320x202.jpg\" width=\"320\" height=\"202\" alt=\"\" title=\"06 &#8211; Teresa Tejero Lopez &#8211; 20 puntos\" aria-label=\"06 &#8211; Teresa Tejero Lopez &#8211; 20 puntos\" class=\"img-responsive wp-image-24489 fusion-gallery-image-size-fixed\" \/><\/a><\/div><\/div><div class=\"clearfix\"><\/div><div style=\"padding:5px;\" class=\"fusion-grid-column fusion-gallery-column fusion-gallery-column-6 hover-type-none\"><div class=\"fusion-gallery-image\"><a href=\"https:\/\/afc.cat\/wp-content\/uploads\/2021\/12\/07-Josep-Soler-Vendrell.jpg\" data-title=\"07 &#8211; Josep Soler Vendrell &#8211; 20 puntos\" title=\"07 &#8211; Josep Soler Vendrell &#8211; 20 puntos\" rel=\"noreferrer\" data-rel=\"iLightbox[gallery_image_2]\" class=\"fusion-lightbox\" target=\"_self\"><img decoding=\"async\" src=\"https:\/\/afc.cat\/wp-content\/uploads\/2021\/12\/07-Josep-Soler-Vendrell-320x202.jpg\" width=\"320\" height=\"202\" alt=\"\" title=\"07 &#8211; Josep Soler Vendrell &#8211; 20 puntos\" aria-label=\"07 &#8211; Josep Soler Vendrell &#8211; 20 puntos\" class=\"img-responsive wp-image-24491 fusion-gallery-image-size-fixed\" srcset=\"https:\/\/afc.cat\/wp-content\/uploads\/2021\/12\/07-Josep-Soler-Vendrell-320x202.jpg 320w, https:\/\/afc.cat\/wp-content\/uploads\/2021\/12\/07-Josep-Soler-Vendrell-700x441.jpg 700w\" sizes=\"(max-width: 320px) 100vw, 320px\" \/><\/a><\/div><\/div><div style=\"padding:5px;\" class=\"fusion-grid-column fusion-gallery-column fusion-gallery-column-6 hover-type-none\"><div class=\"fusion-gallery-image\"><a href=\"https:\/\/afc.cat\/wp-content\/uploads\/2021\/12\/08-David-Penarroya-Hernandez.jpg\" data-title=\"08 &#8211; David Pe\u00f1arroya Hernandez &#8211; 19 puntos\" title=\"08 &#8211; David Pe\u00f1arroya Hernandez &#8211; 19 puntos\" rel=\"noreferrer\" data-rel=\"iLightbox[gallery_image_2]\" class=\"fusion-lightbox\" target=\"_self\"><img decoding=\"async\" src=\"https:\/\/afc.cat\/wp-content\/uploads\/2021\/12\/08-David-Penarroya-Hernandez-320x202.jpg\" width=\"320\" height=\"202\" alt=\"\" title=\"08 &#8211; David Pe\u00f1arroya Hernandez &#8211; 19 puntos\" aria-label=\"08 &#8211; David Pe\u00f1arroya Hernandez &#8211; 19 puntos\" class=\"img-responsive wp-image-24493 fusion-gallery-image-size-fixed\" srcset=\"https:\/\/afc.cat\/wp-content\/uploads\/2021\/12\/08-David-Penarroya-Hernandez-320x202.jpg 320w, https:\/\/afc.cat\/wp-content\/uploads\/2021\/12\/08-David-Penarroya-Hernandez-700x441.jpg 700w\" sizes=\"(max-width: 320px) 100vw, 320px\" \/><\/a><\/div><\/div><div style=\"padding:5px;\" class=\"fusion-grid-column fusion-gallery-column fusion-gallery-column-6 hover-type-none\"><div class=\"fusion-gallery-image\"><a href=\"https:\/\/afc.cat\/wp-content\/uploads\/2021\/12\/09-Irene-Sanz-Ramirez.jpg\" data-title=\"09 &#8211; Irene Sanz Ramirez &#8211; 18 puntos\" title=\"09 &#8211; Irene Sanz Ramirez &#8211; 18 puntos\" rel=\"noreferrer\" data-rel=\"iLightbox[gallery_image_2]\" class=\"fusion-lightbox\" target=\"_self\"><img decoding=\"async\" src=\"https:\/\/afc.cat\/wp-content\/uploads\/2021\/12\/09-Irene-Sanz-Ramirez-320x202.jpg\" width=\"320\" height=\"202\" alt=\"\" title=\"09 &#8211; Irene Sanz Ramirez &#8211; 18 puntos\" aria-label=\"09 &#8211; Irene Sanz Ramirez &#8211; 18 puntos\" class=\"img-responsive wp-image-24495 fusion-gallery-image-size-fixed\" srcset=\"https:\/\/afc.cat\/wp-content\/uploads\/2021\/12\/09-Irene-Sanz-Ramirez-320x202.jpg 320w, https:\/\/afc.cat\/wp-content\/uploads\/2021\/12\/09-Irene-Sanz-Ramirez-700x441.jpg 700w\" sizes=\"(max-width: 320px) 100vw, 320px\" \/><\/a><\/div><\/div><div style=\"padding:5px;\" class=\"fusion-grid-column fusion-gallery-column fusion-gallery-column-6 hover-type-none\"><div class=\"fusion-gallery-image\"><a href=\"https:\/\/afc.cat\/wp-content\/uploads\/2021\/12\/10-Antoni-Serrano-i-Cortes.jpg\" data-title=\"10 -Antoni Serrano i Cort\u00e8s &#8211; 18 puntos\" title=\"10 -Antoni Serrano i Cort\u00e8s &#8211; 18 puntos\" rel=\"noreferrer\" data-rel=\"iLightbox[gallery_image_2]\" class=\"fusion-lightbox\" target=\"_self\"><img decoding=\"async\" src=\"https:\/\/afc.cat\/wp-content\/uploads\/2021\/12\/10-Antoni-Serrano-i-Cortes-320x202.jpg\" width=\"320\" height=\"202\" alt=\"\" title=\"10 -Antoni Serrano i Cort\u00e8s &#8211; 18 puntos\" aria-label=\"10 -Antoni Serrano i Cort\u00e8s &#8211; 18 puntos\" class=\"img-responsive wp-image-24497 fusion-gallery-image-size-fixed\" \/><\/a><\/div><\/div><div style=\"padding:5px;\" class=\"fusion-grid-column fusion-gallery-column fusion-gallery-column-6 hover-type-none\"><div class=\"fusion-gallery-image\"><a href=\"https:\/\/afc.cat\/wp-content\/uploads\/2021\/12\/11-Rosa-Franco-Mendoza.jpg\" data-title=\"11 &#8211; Rosa Franco Mendoza &#8211; 18 puntos\" title=\"11 &#8211; Rosa Franco Mendoza &#8211; 18 puntos\" rel=\"noreferrer\" data-rel=\"iLightbox[gallery_image_2]\" class=\"fusion-lightbox\" target=\"_self\"><img decoding=\"async\" src=\"https:\/\/afc.cat\/wp-content\/uploads\/2021\/12\/11-Rosa-Franco-Mendoza-320x202.jpg\" width=\"320\" height=\"202\" alt=\"\" title=\"11 &#8211; Rosa Franco Mendoza &#8211; 18 puntos\" aria-label=\"11 &#8211; Rosa Franco Mendoza &#8211; 18 puntos\" class=\"img-responsive wp-image-24499 fusion-gallery-image-size-fixed\" srcset=\"https:\/\/afc.cat\/wp-content\/uploads\/2021\/12\/11-Rosa-Franco-Mendoza-320x202.jpg 320w, https:\/\/afc.cat\/wp-content\/uploads\/2021\/12\/11-Rosa-Franco-Mendoza-700x441.jpg 700w\" sizes=\"(max-width: 320px) 100vw, 320px\" \/><\/a><\/div><\/div><div style=\"padding:5px;\" class=\"fusion-grid-column fusion-gallery-column fusion-gallery-column-6 hover-type-none\"><div class=\"fusion-gallery-image\"><a href=\"https:\/\/afc.cat\/wp-content\/uploads\/2021\/12\/12-Miguel-Lopez-Mallach.jpg\" data-title=\"12 &#8211; Miguel L\u00f3pez Mallach &#8211; 17 puntos\" title=\"12 &#8211; Miguel L\u00f3pez Mallach &#8211; 17 puntos\" rel=\"noreferrer\" data-rel=\"iLightbox[gallery_image_2]\" class=\"fusion-lightbox\" target=\"_self\"><img decoding=\"async\" src=\"https:\/\/afc.cat\/wp-content\/uploads\/2021\/12\/12-Miguel-Lopez-Mallach-320x202.jpg\" width=\"320\" height=\"202\" alt=\"\" title=\"12 &#8211; Miguel L\u00f3pez Mallach &#8211; 17 puntos\" aria-label=\"12 &#8211; Miguel L\u00f3pez Mallach &#8211; 17 puntos\" class=\"img-responsive wp-image-24501 fusion-gallery-image-size-fixed\" srcset=\"https:\/\/afc.cat\/wp-content\/uploads\/2021\/12\/12-Miguel-Lopez-Mallach-320x202.jpg 320w, https:\/\/afc.cat\/wp-content\/uploads\/2021\/12\/12-Miguel-Lopez-Mallach-700x441.jpg 700w\" sizes=\"(max-width: 320px) 100vw, 320px\" \/><\/a><\/div><\/div><div class=\"clearfix\"><\/div><div style=\"padding:5px;\" class=\"fusion-grid-column fusion-gallery-column fusion-gallery-column-6 hover-type-none\"><div class=\"fusion-gallery-image\"><a href=\"https:\/\/afc.cat\/wp-content\/uploads\/2021\/12\/13-Felix-Jose-Vizcaino-Garcia-.jpg\" data-title=\"13 &#8211; F\u00e9lix Jos\u00e9 Vizca\u00edno Garc\u00eda &#8211; 17 puntos\" title=\"13 &#8211; F\u00e9lix Jos\u00e9 Vizca\u00edno Garc\u00eda &#8211; 17 puntos\" rel=\"noreferrer\" data-rel=\"iLightbox[gallery_image_2]\" class=\"fusion-lightbox\" target=\"_self\"><img decoding=\"async\" src=\"https:\/\/afc.cat\/wp-content\/uploads\/2021\/12\/13-Felix-Jose-Vizcaino-Garcia--320x202.jpg\" width=\"320\" height=\"202\" alt=\"\" title=\"13 &#8211; F\u00e9lix Jos\u00e9 Vizca\u00edno Garc\u00eda &#8211; 17 puntos\" aria-label=\"13 &#8211; F\u00e9lix Jos\u00e9 Vizca\u00edno Garc\u00eda &#8211; 17 puntos\" class=\"img-responsive wp-image-24646 fusion-gallery-image-size-fixed\" srcset=\"https:\/\/afc.cat\/wp-content\/uploads\/2021\/12\/13-Felix-Jose-Vizcaino-Garcia--320x202.jpg 320w, https:\/\/afc.cat\/wp-content\/uploads\/2021\/12\/13-Felix-Jose-Vizcaino-Garcia--700x441.jpg 700w\" sizes=\"(max-width: 320px) 100vw, 320px\" \/><\/a><\/div><\/div><div style=\"padding:5px;\" class=\"fusion-grid-column fusion-gallery-column fusion-gallery-column-6 hover-type-none\"><div class=\"fusion-gallery-image\"><a href=\"https:\/\/afc.cat\/wp-content\/uploads\/2021\/12\/14-Carmen-Casademont-Ribot.jpg\" data-title=\"14 &#8211; Carmen Casademont Ribot &#8211; 17 puntos\" title=\"14 &#8211; Carmen Casademont Ribot &#8211; 17 puntos\" rel=\"noreferrer\" data-rel=\"iLightbox[gallery_image_2]\" class=\"fusion-lightbox\" target=\"_self\"><img decoding=\"async\" src=\"https:\/\/afc.cat\/wp-content\/uploads\/2021\/12\/14-Carmen-Casademont-Ribot-320x202.jpg\" width=\"320\" height=\"202\" alt=\"\" title=\"14 &#8211; Carmen Casademont Ribot &#8211; 17 puntos\" aria-label=\"14 &#8211; Carmen Casademont Ribot &#8211; 17 puntos\" class=\"img-responsive wp-image-24505 fusion-gallery-image-size-fixed\" srcset=\"https:\/\/afc.cat\/wp-content\/uploads\/2021\/12\/14-Carmen-Casademont-Ribot-320x202.jpg 320w, https:\/\/afc.cat\/wp-content\/uploads\/2021\/12\/14-Carmen-Casademont-Ribot-700x441.jpg 700w\" sizes=\"(max-width: 320px) 100vw, 320px\" \/><\/a><\/div><\/div><div style=\"padding:5px;\" class=\"fusion-grid-column fusion-gallery-column fusion-gallery-column-6 hover-type-none\"><div class=\"fusion-gallery-image\"><a href=\"https:\/\/afc.cat\/wp-content\/uploads\/2021\/12\/15-Manuel-Daniel-Rivera.jpg\" data-title=\"15 &#8211; Manuel Daniel Rivera &#8211; 16 puntos\" title=\"15 &#8211; Manuel Daniel Rivera &#8211; 16 puntos\" rel=\"noreferrer\" data-rel=\"iLightbox[gallery_image_2]\" class=\"fusion-lightbox\" target=\"_self\"><img decoding=\"async\" src=\"https:\/\/afc.cat\/wp-content\/uploads\/2021\/12\/15-Manuel-Daniel-Rivera-320x202.jpg\" width=\"320\" height=\"202\" alt=\"\" title=\"15 &#8211; Manuel Daniel Rivera &#8211; 16 puntos\" aria-label=\"15 &#8211; Manuel Daniel Rivera &#8211; 16 puntos\" class=\"img-responsive wp-image-24507 fusion-gallery-image-size-fixed\" srcset=\"https:\/\/afc.cat\/wp-content\/uploads\/2021\/12\/15-Manuel-Daniel-Rivera-320x202.jpg 320w, https:\/\/afc.cat\/wp-content\/uploads\/2021\/12\/15-Manuel-Daniel-Rivera-700x441.jpg 700w\" sizes=\"(max-width: 320px) 100vw, 320px\" \/><\/a><\/div><\/div><div style=\"padding:5px;\" class=\"fusion-grid-column fusion-gallery-column fusion-gallery-column-6 hover-type-none\"><div class=\"fusion-gallery-image\"><a href=\"https:\/\/afc.cat\/wp-content\/uploads\/2021\/12\/16-Josep-Maria-Bonjoch-Trilla.jpg\" data-title=\"16 &#8211; Josep Maria Bonjoch Trilla &#8211; 16 puntos\" title=\"16 &#8211; Josep Maria Bonjoch Trilla &#8211; 16 puntos\" rel=\"noreferrer\" data-rel=\"iLightbox[gallery_image_2]\" class=\"fusion-lightbox\" target=\"_self\"><img decoding=\"async\" src=\"https:\/\/afc.cat\/wp-content\/uploads\/2021\/12\/16-Josep-Maria-Bonjoch-Trilla-320x202.jpg\" width=\"320\" height=\"202\" alt=\"\" title=\"16 &#8211; Josep Maria Bonjoch Trilla &#8211; 16 puntos\" aria-label=\"16 &#8211; Josep Maria Bonjoch Trilla &#8211; 16 puntos\" class=\"img-responsive wp-image-24509 fusion-gallery-image-size-fixed\" srcset=\"https:\/\/afc.cat\/wp-content\/uploads\/2021\/12\/16-Josep-Maria-Bonjoch-Trilla-320x202.jpg 320w, https:\/\/afc.cat\/wp-content\/uploads\/2021\/12\/16-Josep-Maria-Bonjoch-Trilla-700x441.jpg 700w\" sizes=\"(max-width: 320px) 100vw, 320px\" \/><\/a><\/div><\/div><div style=\"padding:5px;\" class=\"fusion-grid-column fusion-gallery-column fusion-gallery-column-6 hover-type-none\"><div class=\"fusion-gallery-image\"><a href=\"https:\/\/afc.cat\/wp-content\/uploads\/2021\/12\/17-Joan-Soldevila-Adan-1.jpg\" data-title=\"17 &#8211; Joan Soldevila Ad\u00e1n &#8211; 16 puntos\" title=\"17 &#8211; Joan Soldevila Ad\u00e1n &#8211; 16 puntos\" rel=\"noreferrer\" data-rel=\"iLightbox[gallery_image_2]\" class=\"fusion-lightbox\" target=\"_self\"><img decoding=\"async\" src=\"https:\/\/afc.cat\/wp-content\/uploads\/2021\/12\/17-Joan-Soldevila-Adan-1-320x202.jpg\" width=\"320\" height=\"202\" alt=\"\" title=\"17 &#8211; Joan Soldevila Ad\u00e1n &#8211; 16 puntos\" aria-label=\"17 &#8211; Joan Soldevila Ad\u00e1n &#8211; 16 puntos\" class=\"img-responsive wp-image-24511 fusion-gallery-image-size-fixed\" srcset=\"https:\/\/afc.cat\/wp-content\/uploads\/2021\/12\/17-Joan-Soldevila-Adan-1-320x202.jpg 320w, https:\/\/afc.cat\/wp-content\/uploads\/2021\/12\/17-Joan-Soldevila-Adan-1-700x441.jpg 700w\" sizes=\"(max-width: 320px) 100vw, 320px\" \/><\/a><\/div><\/div><div style=\"padding:5px;\" class=\"fusion-grid-column fusion-gallery-column fusion-gallery-column-6 hover-type-none\"><div class=\"fusion-gallery-image\"><a href=\"https:\/\/afc.cat\/wp-content\/uploads\/2021\/12\/18-Toni-Torras-Llaurado.jpg\" data-title=\"18 &#8211; Toni Torras Llaurad\u00f3 &#8211; 16 puntos\" title=\"18 &#8211; Toni Torras Llaurad\u00f3 &#8211; 16 puntos\" rel=\"noreferrer\" data-rel=\"iLightbox[gallery_image_2]\" class=\"fusion-lightbox\" target=\"_self\"><img decoding=\"async\" src=\"https:\/\/afc.cat\/wp-content\/uploads\/2021\/12\/18-Toni-Torras-Llaurado-320x202.jpg\" width=\"320\" height=\"202\" alt=\"\" title=\"18 &#8211; Toni Torras Llaurad\u00f3 &#8211; 16 puntos\" aria-label=\"18 &#8211; Toni Torras Llaurad\u00f3 &#8211; 16 puntos\" class=\"img-responsive wp-image-24513 fusion-gallery-image-size-fixed\" srcset=\"https:\/\/afc.cat\/wp-content\/uploads\/2021\/12\/18-Toni-Torras-Llaurado-320x202.jpg 320w, https:\/\/afc.cat\/wp-content\/uploads\/2021\/12\/18-Toni-Torras-Llaurado-700x441.jpg 700w\" sizes=\"(max-width: 320px) 100vw, 320px\" \/><\/a><\/div><\/div><div class=\"clearfix\"><\/div><div style=\"padding:5px;\" class=\"fusion-grid-column fusion-gallery-column fusion-gallery-column-6 hover-type-none\"><div class=\"fusion-gallery-image\"><a href=\"https:\/\/afc.cat\/wp-content\/uploads\/2021\/12\/19-Carles-Lastra-Antonell.jpg\" data-title=\"19 &#8211; Carles Lastra Antonell &#8211; 16 puntos\" title=\"19 &#8211; Carles Lastra Antonell &#8211; 16 puntos\" rel=\"noreferrer\" data-rel=\"iLightbox[gallery_image_2]\" class=\"fusion-lightbox\" target=\"_self\"><img decoding=\"async\" src=\"https:\/\/afc.cat\/wp-content\/uploads\/2021\/12\/19-Carles-Lastra-Antonell-320x202.jpg\" width=\"320\" height=\"202\" alt=\"\" title=\"19 &#8211; Carles Lastra Antonell &#8211; 16 puntos\" aria-label=\"19 &#8211; Carles Lastra Antonell &#8211; 16 puntos\" class=\"img-responsive wp-image-24515 fusion-gallery-image-size-fixed\" srcset=\"https:\/\/afc.cat\/wp-content\/uploads\/2021\/12\/19-Carles-Lastra-Antonell-320x202.jpg 320w, https:\/\/afc.cat\/wp-content\/uploads\/2021\/12\/19-Carles-Lastra-Antonell-700x441.jpg 700w\" sizes=\"(max-width: 320px) 100vw, 320px\" \/><\/a><\/div><\/div><div style=\"padding:5px;\" class=\"fusion-grid-column fusion-gallery-column fusion-gallery-column-6 hover-type-none\"><div class=\"fusion-gallery-image\"><a href=\"https:\/\/afc.cat\/wp-content\/uploads\/2021\/12\/20-Carme-Mur-Calvo.jpg\" data-title=\"20 &#8211; Carme Mur Calv\u00f3 &#8211; 16 puntos\" title=\"20 &#8211; Carme Mur Calv\u00f3 &#8211; 16 puntos\" rel=\"noreferrer\" data-rel=\"iLightbox[gallery_image_2]\" class=\"fusion-lightbox\" target=\"_self\"><img decoding=\"async\" src=\"https:\/\/afc.cat\/wp-content\/uploads\/2021\/12\/20-Carme-Mur-Calvo-320x202.jpg\" width=\"320\" height=\"202\" alt=\"\" title=\"20 &#8211; Carme Mur Calv\u00f3 &#8211; 16 puntos\" aria-label=\"20 &#8211; Carme Mur Calv\u00f3 &#8211; 16 puntos\" class=\"img-responsive wp-image-24517 fusion-gallery-image-size-fixed\" srcset=\"https:\/\/afc.cat\/wp-content\/uploads\/2021\/12\/20-Carme-Mur-Calvo-320x202.jpg 320w, https:\/\/afc.cat\/wp-content\/uploads\/2021\/12\/20-Carme-Mur-Calvo-700x441.jpg 700w\" sizes=\"(max-width: 320px) 100vw, 320px\" \/><\/a><\/div><\/div><div style=\"padding:5px;\" class=\"fusion-grid-column fusion-gallery-column fusion-gallery-column-6 hover-type-none\"><div class=\"fusion-gallery-image\"><a href=\"https:\/\/afc.cat\/wp-content\/uploads\/2021\/12\/21-Francesc-Soldevila-.jpg\" data-title=\"21 &#8211; Francesc Soldevila &#8211; 15 puntos\" title=\"21 &#8211; Francesc Soldevila &#8211; 15 puntos\" rel=\"noreferrer\" data-rel=\"iLightbox[gallery_image_2]\" class=\"fusion-lightbox\" target=\"_self\"><img decoding=\"async\" src=\"https:\/\/afc.cat\/wp-content\/uploads\/2021\/12\/21-Francesc-Soldevila--320x202.jpg\" width=\"320\" height=\"202\" alt=\"\" title=\"21 &#8211; Francesc Soldevila &#8211; 15 puntos\" aria-label=\"21 &#8211; Francesc Soldevila &#8211; 15 puntos\" class=\"img-responsive wp-image-24648 fusion-gallery-image-size-fixed\" srcset=\"https:\/\/afc.cat\/wp-content\/uploads\/2021\/12\/21-Francesc-Soldevila--320x202.jpg 320w, https:\/\/afc.cat\/wp-content\/uploads\/2021\/12\/21-Francesc-Soldevila--700x441.jpg 700w\" sizes=\"(max-width: 320px) 100vw, 320px\" \/><\/a><\/div><\/div><div style=\"padding:5px;\" class=\"fusion-grid-column fusion-gallery-column fusion-gallery-column-6 hover-type-none\"><div class=\"fusion-gallery-image\"><a href=\"https:\/\/afc.cat\/wp-content\/uploads\/2021\/12\/22-Santiago-Garcia-Cuadrado.jpg\" data-title=\"22 &#8211; Santiago Garc\u00eda Cuadrado &#8211; 15 puntos\" title=\"22 &#8211; Santiago Garc\u00eda Cuadrado &#8211; 15 puntos\" rel=\"noreferrer\" data-rel=\"iLightbox[gallery_image_2]\" class=\"fusion-lightbox\" target=\"_self\"><img decoding=\"async\" src=\"https:\/\/afc.cat\/wp-content\/uploads\/2021\/12\/22-Santiago-Garcia-Cuadrado-320x202.jpg\" width=\"320\" height=\"202\" alt=\"\" title=\"22 &#8211; Santiago Garc\u00eda Cuadrado &#8211; 15 puntos\" aria-label=\"22 &#8211; Santiago Garc\u00eda Cuadrado &#8211; 15 puntos\" class=\"img-responsive wp-image-24521 fusion-gallery-image-size-fixed\" \/><\/a><\/div><\/div><div style=\"padding:5px;\" class=\"fusion-grid-column fusion-gallery-column fusion-gallery-column-6 hover-type-none\"><div class=\"fusion-gallery-image\"><a href=\"https:\/\/afc.cat\/wp-content\/uploads\/2021\/12\/23-Joan-Rue-Domingo.jpg\" data-title=\"23 &#8211; Joan Ru\u00e9 Domingo &#8211; 14 puntos\" title=\"23 &#8211; Joan Ru\u00e9 Domingo &#8211; 14 puntos\" rel=\"noreferrer\" data-rel=\"iLightbox[gallery_image_2]\" class=\"fusion-lightbox\" target=\"_self\"><img decoding=\"async\" src=\"https:\/\/afc.cat\/wp-content\/uploads\/2021\/12\/23-Joan-Rue-Domingo-320x202.jpg\" width=\"320\" height=\"202\" alt=\"\" title=\"23 &#8211; Joan Ru\u00e9 Domingo &#8211; 14 puntos\" aria-label=\"23 &#8211; Joan Ru\u00e9 Domingo &#8211; 14 puntos\" class=\"img-responsive wp-image-24523 fusion-gallery-image-size-fixed\" srcset=\"https:\/\/afc.cat\/wp-content\/uploads\/2021\/12\/23-Joan-Rue-Domingo-320x202.jpg 320w, https:\/\/afc.cat\/wp-content\/uploads\/2021\/12\/23-Joan-Rue-Domingo-700x441.jpg 700w\" sizes=\"(max-width: 320px) 100vw, 320px\" \/><\/a><\/div><\/div><div style=\"padding:5px;\" class=\"fusion-grid-column fusion-gallery-column fusion-gallery-column-6 hover-type-none\"><div class=\"fusion-gallery-image\"><a href=\"https:\/\/afc.cat\/wp-content\/uploads\/2021\/12\/24-Adolfo-Garcia-Bastard-.jpg\" data-title=\"24 &#8211; Adolfo Garcia Bastard &#8211; 14 puntos\" title=\"24 &#8211; Adolfo Garcia Bastard &#8211; 14 puntos\" rel=\"noreferrer\" data-rel=\"iLightbox[gallery_image_2]\" class=\"fusion-lightbox\" target=\"_self\"><img decoding=\"async\" src=\"https:\/\/afc.cat\/wp-content\/uploads\/2021\/12\/24-Adolfo-Garcia-Bastard--320x202.jpg\" width=\"320\" height=\"202\" alt=\"\" title=\"24 &#8211; Adolfo Garcia Bastard &#8211; 14 puntos\" aria-label=\"24 &#8211; Adolfo Garcia Bastard &#8211; 14 puntos\" class=\"img-responsive wp-image-24650 fusion-gallery-image-size-fixed\" srcset=\"https:\/\/afc.cat\/wp-content\/uploads\/2021\/12\/24-Adolfo-Garcia-Bastard--320x202.jpg 320w, https:\/\/afc.cat\/wp-content\/uploads\/2021\/12\/24-Adolfo-Garcia-Bastard--700x441.jpg 700w\" sizes=\"(max-width: 320px) 100vw, 320px\" \/><\/a><\/div><\/div><div class=\"clearfix\"><\/div><div style=\"padding:5px;\" class=\"fusion-grid-column fusion-gallery-column fusion-gallery-column-6 hover-type-none\"><div class=\"fusion-gallery-image\"><a href=\"https:\/\/afc.cat\/wp-content\/uploads\/2021\/12\/25-Margarita-fresco-crespo.jpg\" data-title=\"25 &#8211; Margarita fresco crespo &#8211; 14 puntos\" title=\"25 &#8211; Margarita fresco crespo &#8211; 14 puntos\" rel=\"noreferrer\" data-rel=\"iLightbox[gallery_image_2]\" class=\"fusion-lightbox\" target=\"_self\"><img decoding=\"async\" src=\"https:\/\/afc.cat\/wp-content\/uploads\/2021\/12\/25-Margarita-fresco-crespo-320x202.jpg\" width=\"320\" height=\"202\" alt=\"\" title=\"25 &#8211; Margarita fresco crespo &#8211; 14 puntos\" aria-label=\"25 &#8211; Margarita fresco crespo &#8211; 14 puntos\" class=\"img-responsive wp-image-24527 fusion-gallery-image-size-fixed\" \/><\/a><\/div><\/div><div style=\"padding:5px;\" class=\"fusion-grid-column fusion-gallery-column fusion-gallery-column-6 hover-type-none\"><div class=\"fusion-gallery-image\"><a href=\"https:\/\/afc.cat\/wp-content\/uploads\/2021\/12\/26-Jose-Braojos-Morales-1.jpg\" data-title=\"26 &#8211; Jose Braojos Morales &#8211; 13 puntos\" title=\"26 &#8211; Jose Braojos Morales &#8211; 13 puntos\" rel=\"noreferrer\" data-rel=\"iLightbox[gallery_image_2]\" class=\"fusion-lightbox\" target=\"_self\"><img decoding=\"async\" src=\"https:\/\/afc.cat\/wp-content\/uploads\/2021\/12\/26-Jose-Braojos-Morales-1-320x202.jpg\" width=\"320\" height=\"202\" alt=\"\" title=\"26 &#8211; Jose Braojos Morales &#8211; 13 puntos\" aria-label=\"26 &#8211; Jose Braojos Morales &#8211; 13 puntos\" class=\"img-responsive wp-image-24529 fusion-gallery-image-size-fixed\" srcset=\"https:\/\/afc.cat\/wp-content\/uploads\/2021\/12\/26-Jose-Braojos-Morales-1-320x202.jpg 320w, https:\/\/afc.cat\/wp-content\/uploads\/2021\/12\/26-Jose-Braojos-Morales-1-700x441.jpg 700w\" sizes=\"(max-width: 320px) 100vw, 320px\" \/><\/a><\/div><\/div><div style=\"padding:5px;\" class=\"fusion-grid-column fusion-gallery-column fusion-gallery-column-6 hover-type-none\"><div class=\"fusion-gallery-image\"><a href=\"https:\/\/afc.cat\/wp-content\/uploads\/2021\/12\/27-Josep-LL-Soucheiron.jpg\" data-title=\"27 &#8211; Josep LL Soucheiron &#8211; 13 puntos\" title=\"27 &#8211; Josep LL Soucheiron &#8211; 13 puntos\" rel=\"noreferrer\" data-rel=\"iLightbox[gallery_image_2]\" class=\"fusion-lightbox\" target=\"_self\"><img decoding=\"async\" src=\"https:\/\/afc.cat\/wp-content\/uploads\/2021\/12\/27-Josep-LL-Soucheiron-320x202.jpg\" width=\"320\" height=\"202\" alt=\"\" title=\"27 &#8211; Josep LL Soucheiron &#8211; 13 puntos\" aria-label=\"27 &#8211; Josep LL Soucheiron &#8211; 13 puntos\" class=\"img-responsive wp-image-24531 fusion-gallery-image-size-fixed\" \/><\/a><\/div><\/div><div style=\"padding:5px;\" class=\"fusion-grid-column fusion-gallery-column fusion-gallery-column-6 hover-type-none\"><div class=\"fusion-gallery-image\"><a href=\"https:\/\/afc.cat\/wp-content\/uploads\/2021\/12\/28-Hortensia-Gonzalez-Salvador.jpg\" data-title=\"28 &#8211; Hortensia Gonzalez Salvador &#8211; 13 puntos\" title=\"28 &#8211; Hortensia Gonzalez Salvador &#8211; 13 puntos\" rel=\"noreferrer\" data-rel=\"iLightbox[gallery_image_2]\" class=\"fusion-lightbox\" target=\"_self\"><img decoding=\"async\" src=\"https:\/\/afc.cat\/wp-content\/uploads\/2021\/12\/28-Hortensia-Gonzalez-Salvador-320x202.jpg\" width=\"320\" height=\"202\" alt=\"\" title=\"28 &#8211; Hortensia Gonzalez Salvador &#8211; 13 puntos\" aria-label=\"28 &#8211; Hortensia Gonzalez Salvador &#8211; 13 puntos\" class=\"img-responsive wp-image-24533 fusion-gallery-image-size-fixed\" srcset=\"https:\/\/afc.cat\/wp-content\/uploads\/2021\/12\/28-Hortensia-Gonzalez-Salvador-320x202.jpg 320w, https:\/\/afc.cat\/wp-content\/uploads\/2021\/12\/28-Hortensia-Gonzalez-Salvador-700x441.jpg 700w\" sizes=\"(max-width: 320px) 100vw, 320px\" \/><\/a><\/div><\/div><div style=\"padding:5px;\" class=\"fusion-grid-column fusion-gallery-column fusion-gallery-column-6 hover-type-none\"><div class=\"fusion-gallery-image\"><a href=\"https:\/\/afc.cat\/wp-content\/uploads\/2021\/12\/29-Pere-Josep-Sanchez-Romero.jpg\" data-title=\"29 &#8211; Pere Josep S\u00e1nchez Romero &#8211; 13 puntos\" title=\"29 &#8211; Pere Josep S\u00e1nchez Romero &#8211; 13 puntos\" rel=\"noreferrer\" data-rel=\"iLightbox[gallery_image_2]\" class=\"fusion-lightbox\" target=\"_self\"><img decoding=\"async\" src=\"https:\/\/afc.cat\/wp-content\/uploads\/2021\/12\/29-Pere-Josep-Sanchez-Romero-320x202.jpg\" width=\"320\" height=\"202\" alt=\"\" title=\"29 &#8211; Pere Josep S\u00e1nchez Romero &#8211; 13 puntos\" aria-label=\"29 &#8211; Pere Josep S\u00e1nchez Romero &#8211; 13 puntos\" class=\"img-responsive wp-image-24535 fusion-gallery-image-size-fixed\" srcset=\"https:\/\/afc.cat\/wp-content\/uploads\/2021\/12\/29-Pere-Josep-Sanchez-Romero-320x202.jpg 320w, https:\/\/afc.cat\/wp-content\/uploads\/2021\/12\/29-Pere-Josep-Sanchez-Romero-700x441.jpg 700w\" sizes=\"(max-width: 320px) 100vw, 320px\" \/><\/a><\/div><\/div><div style=\"padding:5px;\" class=\"fusion-grid-column fusion-gallery-column fusion-gallery-column-6 hover-type-none\"><div class=\"fusion-gallery-image\"><a href=\"https:\/\/afc.cat\/wp-content\/uploads\/2021\/12\/30-Albert-Folch-Navalon-.jpg\" data-title=\"30 &#8211; Albert Folch Naval\u00f3n &#8211; 13 puntos\" title=\"30 &#8211; Albert Folch Naval\u00f3n &#8211; 13 puntos\" rel=\"noreferrer\" data-rel=\"iLightbox[gallery_image_2]\" class=\"fusion-lightbox\" target=\"_self\"><img decoding=\"async\" src=\"https:\/\/afc.cat\/wp-content\/uploads\/2021\/12\/30-Albert-Folch-Navalon--320x202.jpg\" width=\"320\" height=\"202\" alt=\"\" title=\"30 &#8211; Albert Folch Naval\u00f3n &#8211; 13 puntos\" aria-label=\"30 &#8211; Albert Folch Naval\u00f3n &#8211; 13 puntos\" class=\"img-responsive wp-image-24652 fusion-gallery-image-size-fixed\" srcset=\"https:\/\/afc.cat\/wp-content\/uploads\/2021\/12\/30-Albert-Folch-Navalon--320x202.jpg 320w, https:\/\/afc.cat\/wp-content\/uploads\/2021\/12\/30-Albert-Folch-Navalon--700x441.jpg 700w\" sizes=\"(max-width: 320px) 100vw, 320px\" \/><\/a><\/div><\/div><div class=\"clearfix\"><\/div><div style=\"padding:5px;\" class=\"fusion-grid-column fusion-gallery-column fusion-gallery-column-6 hover-type-none\"><div class=\"fusion-gallery-image\"><a href=\"https:\/\/afc.cat\/wp-content\/uploads\/2021\/12\/31-Joelle-Gueguen.jpg\" data-title=\"31 &#8211; Joelle Gueguen &#8211; 13 puntos\" title=\"31 &#8211; Joelle Gueguen &#8211; 13 puntos\" rel=\"noreferrer\" data-rel=\"iLightbox[gallery_image_2]\" class=\"fusion-lightbox\" target=\"_self\"><img decoding=\"async\" src=\"https:\/\/afc.cat\/wp-content\/uploads\/2021\/12\/31-Joelle-Gueguen-320x202.jpg\" width=\"320\" height=\"202\" alt=\"\" title=\"31 &#8211; Joelle Gueguen &#8211; 13 puntos\" aria-label=\"31 &#8211; Joelle Gueguen &#8211; 13 puntos\" class=\"img-responsive wp-image-24539 fusion-gallery-image-size-fixed\" srcset=\"https:\/\/afc.cat\/wp-content\/uploads\/2021\/12\/31-Joelle-Gueguen-320x202.jpg 320w, https:\/\/afc.cat\/wp-content\/uploads\/2021\/12\/31-Joelle-Gueguen-700x441.jpg 700w\" sizes=\"(max-width: 320px) 100vw, 320px\" \/><\/a><\/div><\/div><div style=\"padding:5px;\" class=\"fusion-grid-column fusion-gallery-column fusion-gallery-column-6 hover-type-none\"><div class=\"fusion-gallery-image\"><a href=\"https:\/\/afc.cat\/wp-content\/uploads\/2021\/12\/32-Jaume-Bague-Brillas.jpg\" data-title=\"32 &#8211; Jaume Bagu\u00e9 Brillas &#8211; 13 puntos\" title=\"32 &#8211; Jaume Bagu\u00e9 Brillas &#8211; 13 puntos\" rel=\"noreferrer\" data-rel=\"iLightbox[gallery_image_2]\" class=\"fusion-lightbox\" target=\"_self\"><img decoding=\"async\" src=\"https:\/\/afc.cat\/wp-content\/uploads\/2021\/12\/32-Jaume-Bague-Brillas-320x202.jpg\" width=\"320\" height=\"202\" alt=\"\" title=\"32 &#8211; Jaume Bagu\u00e9 Brillas &#8211; 13 puntos\" aria-label=\"32 &#8211; Jaume Bagu\u00e9 Brillas &#8211; 13 puntos\" class=\"img-responsive wp-image-24541 fusion-gallery-image-size-fixed\" \/><\/a><\/div><\/div><div style=\"padding:5px;\" class=\"fusion-grid-column fusion-gallery-column fusion-gallery-column-6 hover-type-none\"><div class=\"fusion-gallery-image\"><a href=\"https:\/\/afc.cat\/wp-content\/uploads\/2021\/12\/33-Jordi-Batet-i-Escobedo.jpg\" data-title=\"33 &#8211; Jordi Batet i Escobedo &#8211; 12 puntos\" title=\"33 &#8211; Jordi Batet i Escobedo &#8211; 12 puntos\" rel=\"noreferrer\" data-rel=\"iLightbox[gallery_image_2]\" class=\"fusion-lightbox\" target=\"_self\"><img decoding=\"async\" src=\"https:\/\/afc.cat\/wp-content\/uploads\/2021\/12\/33-Jordi-Batet-i-Escobedo-320x202.jpg\" width=\"320\" height=\"202\" alt=\"\" title=\"33 &#8211; Jordi Batet i Escobedo &#8211; 12 puntos\" aria-label=\"33 &#8211; Jordi Batet i Escobedo &#8211; 12 puntos\" class=\"img-responsive wp-image-24543 fusion-gallery-image-size-fixed\" \/><\/a><\/div><\/div><\/div><div class=\"fusion-separator fusion-full-width-sep\" style=\"align-self: center;margin-left: auto;margin-right: auto;margin-top:20px;margin-bottom:20px;width:100%;\"><div class=\"fusion-separator-border sep-single sep-solid\" style=\"border-color:#3ec0bf;border-top-width:1px;\"><\/div><\/div><div style=\"text-align:center;\"><style>.fusion-button.button-1{border-radius:4px 4px 4px 4px;}<\/style><a class=\"fusion-button button-flat fusion-button-default-size button-default button-1 fusion-button-default-span fusion-button-default-type\" target=\"_self\" href=\"https:\/\/afc.cat\/es\/galerias\/\"><span class=\"fusion-button-text\">Vuelve a GALER\u00cdAS<\/span><\/a><\/div><\/div><style type=\"text\/css\">.fusion-body .fusion-builder-column-0{width:100% !important;margin-top : 0px;margin-bottom : 20px;}.fusion-builder-column-0 > .fusion-column-wrapper {padding-top : 0px !important;padding-right : 0px !important;margin-right : 1.92%;padding-bottom : 0px !important;padding-left : 0px !important;margin-left : 1.92%;}@media only screen and (max-width:1024px) {.fusion-body .fusion-builder-column-0{width:100% !important;order : 0;}.fusion-builder-column-0 > .fusion-column-wrapper {margin-right : 1.92%;margin-left : 1.92%;}}@media only screen and (max-width:640px) {.fusion-body .fusion-builder-column-0{width:100% !important;order : 0;}.fusion-builder-column-0 > .fusion-column-wrapper {margin-right : 1.92%;margin-left : 1.92%;}}<\/style><\/div><\/div><style type=\"text\/css\">.fusion-body .fusion-flex-container.fusion-builder-row-1{ padding-top : 0px;margin-top : 0px;padding-right : 0px;padding-bottom : 0px;margin-bottom : 0px;padding-left : 0px;}<\/style><\/div>\n","protected":false},"excerpt":{"rendered":"","protected":false},"author":33,"featured_media":24684,"menu_order":0,"comment_status":"open","ping_status":"closed","template":"","format":"standard","meta":{"_acf_changed":false,"footnotes":""},"portfolio_category":[158],"portfolio_skills":[],"portfolio_tags":[],"class_list":["post-24615","avada_portfolio","type-avada_portfolio","status-publish","format-standard","has-post-thumbnail","hentry","portfolio_category-concursos-es"],"acf":[],"yoast_head":"<!-- This site is optimized with the Yoast SEO plugin v27.5 - https:\/\/yoast.com\/product\/yoast-seo-wordpress\/ -->\n<title>Clasificaci\u00f3n concurso Temas Obligados 2021-2022 mes de noviembre - Agrupaci\u00f3 Fotogr\u00e0fica de Catalunya<\/title>\n<meta name=\"robots\" content=\"index, follow, max-snippet:-1, max-image-preview:large, max-video-preview:-1\" \/>\n<link rel=\"canonical\" href=\"https:\/\/afc.cat\/es\/galeria\/clasificacion-concurso-temas-obligados-2021-2022-mes-de-octubre\/\" \/>\n<meta property=\"og:locale\" content=\"es_ES\" \/>\n<meta property=\"og:type\" content=\"article\" \/>\n<meta property=\"og:title\" content=\"Clasificaci\u00f3n concurso Temas Obligados 2021-2022 mes de noviembre - Agrupaci\u00f3 Fotogr\u00e0fica de Catalunya\" \/>\n<meta property=\"og:url\" content=\"https:\/\/afc.cat\/es\/galeria\/clasificacion-concurso-temas-obligados-2021-2022-mes-de-octubre\/\" \/>\n<meta property=\"og:site_name\" content=\"Agrupaci\u00f3 Fotogr\u00e0fica de Catalunya\" \/>\n<meta property=\"article:modified_time\" content=\"2021-12-10T23:45:28+00:00\" \/>\n<meta property=\"og:image\" content=\"https:\/\/afc.cat\/wp-content\/uploads\/2021\/12\/TEMES-OBLIGATS-NOV-ESP-1.jpg\" \/>\n\t<meta property=\"og:image:width\" content=\"400\" \/>\n\t<meta property=\"og:image:height\" content=\"265\" \/>\n\t<meta property=\"og:image:type\" content=\"image\/jpeg\" \/>\n<meta name=\"twitter:card\" content=\"summary_large_image\" \/>\n<meta name=\"twitter:label1\" content=\"Tiempo de lectura\" \/>\n\t<meta name=\"twitter:data1\" content=\"4 minutos\" \/>\n<script type=\"application\/ld+json\" class=\"yoast-schema-graph\">{\"@context\":\"https:\\\/\\\/schema.org\",\"@graph\":[{\"@type\":\"WebPage\",\"@id\":\"https:\\\/\\\/afc.cat\\\/es\\\/galeria\\\/clasificacion-concurso-temas-obligados-2021-2022-mes-de-octubre\\\/\",\"url\":\"https:\\\/\\\/afc.cat\\\/es\\\/galeria\\\/clasificacion-concurso-temas-obligados-2021-2022-mes-de-octubre\\\/\",\"name\":\"Clasificaci\u00f3n concurso Temas Obligados 2021-2022 mes de noviembre - Agrupaci\u00f3 Fotogr\u00e0fica de Catalunya\",\"isPartOf\":{\"@id\":\"https:\\\/\\\/afc.cat\\\/es\\\/#website\"},\"primaryImageOfPage\":{\"@id\":\"https:\\\/\\\/afc.cat\\\/es\\\/galeria\\\/clasificacion-concurso-temas-obligados-2021-2022-mes-de-octubre\\\/#primaryimage\"},\"image\":{\"@id\":\"https:\\\/\\\/afc.cat\\\/es\\\/galeria\\\/clasificacion-concurso-temas-obligados-2021-2022-mes-de-octubre\\\/#primaryimage\"},\"thumbnailUrl\":\"https:\\\/\\\/afc.cat\\\/wp-content\\\/uploads\\\/2021\\\/12\\\/TEMES-OBLIGATS-NOV-ESP-1.jpg\",\"datePublished\":\"2021-12-09T22:27:23+00:00\",\"dateModified\":\"2021-12-10T23:45:28+00:00\",\"breadcrumb\":{\"@id\":\"https:\\\/\\\/afc.cat\\\/es\\\/galeria\\\/clasificacion-concurso-temas-obligados-2021-2022-mes-de-octubre\\\/#breadcrumb\"},\"inLanguage\":\"es\",\"potentialAction\":[{\"@type\":\"ReadAction\",\"target\":[\"https:\\\/\\\/afc.cat\\\/es\\\/galeria\\\/clasificacion-concurso-temas-obligados-2021-2022-mes-de-octubre\\\/\"]}]},{\"@type\":\"ImageObject\",\"inLanguage\":\"es\",\"@id\":\"https:\\\/\\\/afc.cat\\\/es\\\/galeria\\\/clasificacion-concurso-temas-obligados-2021-2022-mes-de-octubre\\\/#primaryimage\",\"url\":\"https:\\\/\\\/afc.cat\\\/wp-content\\\/uploads\\\/2021\\\/12\\\/TEMES-OBLIGATS-NOV-ESP-1.jpg\",\"contentUrl\":\"https:\\\/\\\/afc.cat\\\/wp-content\\\/uploads\\\/2021\\\/12\\\/TEMES-OBLIGATS-NOV-ESP-1.jpg\",\"width\":400,\"height\":265},{\"@type\":\"BreadcrumbList\",\"@id\":\"https:\\\/\\\/afc.cat\\\/es\\\/galeria\\\/clasificacion-concurso-temas-obligados-2021-2022-mes-de-octubre\\\/#breadcrumb\",\"itemListElement\":[{\"@type\":\"ListItem\",\"position\":1,\"name\":\"Inicio\",\"item\":\"https:\\\/\\\/afc.cat\\\/es\\\/\"},{\"@type\":\"ListItem\",\"position\":2,\"name\":\"Portfolio\",\"item\":\"https:\\\/\\\/afc.cat\\\/galeria\\\/\"},{\"@type\":\"ListItem\",\"position\":3,\"name\":\"Clasificaci\u00f3n concurso Temas Obligados 2021-2022 mes de noviembre\"}]},{\"@type\":\"WebSite\",\"@id\":\"https:\\\/\\\/afc.cat\\\/es\\\/#website\",\"url\":\"https:\\\/\\\/afc.cat\\\/es\\\/\",\"name\":\"Agrupaci\u00f3 Fotogr\u00e0fica de Catalunya\",\"description\":\"Fomento y divulgaci\u00f3n de la fotograf\u00eda en todas sus variedades\",\"potentialAction\":[{\"@type\":\"SearchAction\",\"target\":{\"@type\":\"EntryPoint\",\"urlTemplate\":\"https:\\\/\\\/afc.cat\\\/es\\\/?s={search_term_string}\"},\"query-input\":{\"@type\":\"PropertyValueSpecification\",\"valueRequired\":true,\"valueName\":\"search_term_string\"}}],\"inLanguage\":\"es\"}]}<\/script>\n<!-- \/ Yoast SEO plugin. -->","yoast_head_json":{"title":"Clasificaci\u00f3n concurso Temas Obligados 2021-2022 mes de noviembre - Agrupaci\u00f3 Fotogr\u00e0fica de Catalunya","robots":{"index":"index","follow":"follow","max-snippet":"max-snippet:-1","max-image-preview":"max-image-preview:large","max-video-preview":"max-video-preview:-1"},"canonical":"https:\/\/afc.cat\/es\/galeria\/clasificacion-concurso-temas-obligados-2021-2022-mes-de-octubre\/","og_locale":"es_ES","og_type":"article","og_title":"Clasificaci\u00f3n concurso Temas Obligados 2021-2022 mes de noviembre - Agrupaci\u00f3 Fotogr\u00e0fica de Catalunya","og_url":"https:\/\/afc.cat\/es\/galeria\/clasificacion-concurso-temas-obligados-2021-2022-mes-de-octubre\/","og_site_name":"Agrupaci\u00f3 Fotogr\u00e0fica de Catalunya","article_modified_time":"2021-12-10T23:45:28+00:00","og_image":[{"width":400,"height":265,"url":"https:\/\/afc.cat\/wp-content\/uploads\/2021\/12\/TEMES-OBLIGATS-NOV-ESP-1.jpg","type":"image\/jpeg"}],"twitter_card":"summary_large_image","twitter_misc":{"Tiempo de lectura":"4 minutos"},"schema":{"@context":"https:\/\/schema.org","@graph":[{"@type":"WebPage","@id":"https:\/\/afc.cat\/es\/galeria\/clasificacion-concurso-temas-obligados-2021-2022-mes-de-octubre\/","url":"https:\/\/afc.cat\/es\/galeria\/clasificacion-concurso-temas-obligados-2021-2022-mes-de-octubre\/","name":"Clasificaci\u00f3n concurso Temas Obligados 2021-2022 mes de noviembre - Agrupaci\u00f3 Fotogr\u00e0fica de Catalunya","isPartOf":{"@id":"https:\/\/afc.cat\/es\/#website"},"primaryImageOfPage":{"@id":"https:\/\/afc.cat\/es\/galeria\/clasificacion-concurso-temas-obligados-2021-2022-mes-de-octubre\/#primaryimage"},"image":{"@id":"https:\/\/afc.cat\/es\/galeria\/clasificacion-concurso-temas-obligados-2021-2022-mes-de-octubre\/#primaryimage"},"thumbnailUrl":"https:\/\/afc.cat\/wp-content\/uploads\/2021\/12\/TEMES-OBLIGATS-NOV-ESP-1.jpg","datePublished":"2021-12-09T22:27:23+00:00","dateModified":"2021-12-10T23:45:28+00:00","breadcrumb":{"@id":"https:\/\/afc.cat\/es\/galeria\/clasificacion-concurso-temas-obligados-2021-2022-mes-de-octubre\/#breadcrumb"},"inLanguage":"es","potentialAction":[{"@type":"ReadAction","target":["https:\/\/afc.cat\/es\/galeria\/clasificacion-concurso-temas-obligados-2021-2022-mes-de-octubre\/"]}]},{"@type":"ImageObject","inLanguage":"es","@id":"https:\/\/afc.cat\/es\/galeria\/clasificacion-concurso-temas-obligados-2021-2022-mes-de-octubre\/#primaryimage","url":"https:\/\/afc.cat\/wp-content\/uploads\/2021\/12\/TEMES-OBLIGATS-NOV-ESP-1.jpg","contentUrl":"https:\/\/afc.cat\/wp-content\/uploads\/2021\/12\/TEMES-OBLIGATS-NOV-ESP-1.jpg","width":400,"height":265},{"@type":"BreadcrumbList","@id":"https:\/\/afc.cat\/es\/galeria\/clasificacion-concurso-temas-obligados-2021-2022-mes-de-octubre\/#breadcrumb","itemListElement":[{"@type":"ListItem","position":1,"name":"Inicio","item":"https:\/\/afc.cat\/es\/"},{"@type":"ListItem","position":2,"name":"Portfolio","item":"https:\/\/afc.cat\/galeria\/"},{"@type":"ListItem","position":3,"name":"Clasificaci\u00f3n concurso Temas Obligados 2021-2022 mes de noviembre"}]},{"@type":"WebSite","@id":"https:\/\/afc.cat\/es\/#website","url":"https:\/\/afc.cat\/es\/","name":"Agrupaci\u00f3 Fotogr\u00e0fica de Catalunya","description":"Fomento y divulgaci\u00f3n de la fotograf\u00eda en todas sus variedades","potentialAction":[{"@type":"SearchAction","target":{"@type":"EntryPoint","urlTemplate":"https:\/\/afc.cat\/es\/?s={search_term_string}"},"query-input":{"@type":"PropertyValueSpecification","valueRequired":true,"valueName":"search_term_string"}}],"inLanguage":"es"}]}},"_links":{"self":[{"href":"https:\/\/afc.cat\/es\/wp-json\/wp\/v2\/avada_portfolio\/24615","targetHints":{"allow":["GET"]}}],"collection":[{"href":"https:\/\/afc.cat\/es\/wp-json\/wp\/v2\/avada_portfolio"}],"about":[{"href":"https:\/\/afc.cat\/es\/wp-json\/wp\/v2\/types\/avada_portfolio"}],"author":[{"embeddable":true,"href":"https:\/\/afc.cat\/es\/wp-json\/wp\/v2\/users\/33"}],"replies":[{"embeddable":true,"href":"https:\/\/afc.cat\/es\/wp-json\/wp\/v2\/comments?post=24615"}],"version-history":[{"count":8,"href":"https:\/\/afc.cat\/es\/wp-json\/wp\/v2\/avada_portfolio\/24615\/revisions"}],"predecessor-version":[{"id":24733,"href":"https:\/\/afc.cat\/es\/wp-json\/wp\/v2\/avada_portfolio\/24615\/revisions\/24733"}],"wp:featuredmedia":[{"embeddable":true,"href":"https:\/\/afc.cat\/es\/wp-json\/wp\/v2\/media\/24684"}],"wp:attachment":[{"href":"https:\/\/afc.cat\/es\/wp-json\/wp\/v2\/media?parent=24615"}],"wp:term":[{"taxonomy":"portfolio_category","embeddable":true,"href":"https:\/\/afc.cat\/es\/wp-json\/wp\/v2\/portfolio_category?post=24615"},{"taxonomy":"portfolio_skills","embeddable":true,"href":"https:\/\/afc.cat\/es\/wp-json\/wp\/v2\/portfolio_skills?post=24615"},{"taxonomy":"portfolio_tags","embeddable":true,"href":"https:\/\/afc.cat\/es\/wp-json\/wp\/v2\/portfolio_tags?post=24615"}],"curies":[{"name":"wp","href":"https:\/\/api.w.org\/{rel}","templated":true}]}}