{"id":26136,"date":"2022-02-11T11:40:59","date_gmt":"2022-02-11T09:40:59","guid":{"rendered":"https:\/\/afc.cat\/?post_type=avada_portfolio&#038;p=26136"},"modified":"2022-02-11T19:55:31","modified_gmt":"2022-02-11T17:55:31","slug":"clasificacion-concurso-temas-obligados-2021-2022-mes-de-enero","status":"publish","type":"avada_portfolio","link":"https:\/\/afc.cat\/es\/galeria\/clasificacion-concurso-temas-obligados-2021-2022-mes-de-enero\/","title":{"rendered":"Clasificaci\u00f3n concurso Temas Obligados 2021-2022 mes de enero"},"content":{"rendered":"<div class=\"fusion-fullwidth fullwidth-box fusion-builder-row-1 fusion-flex-container nonhundred-percent-fullwidth non-hundred-percent-height-scrolling\" style=\"background-color: rgba(255,255,255,0);background-position: center center;background-repeat: no-repeat;border-width: 0px 0px 0px 0px;border-color:#ffffff;border-style:solid;\" ><div class=\"fusion-builder-row fusion-row fusion-flex-align-items-flex-start\" style=\"max-width:1300px;margin-left: calc(-4% \/ 2 );margin-right: calc(-4% \/ 2 );\"><div class=\"fusion-layout-column fusion_builder_column fusion-builder-column-0 fusion_builder_column_1_1 1_1 fusion-flex-column\"><div class=\"fusion-column-wrapper fusion-flex-justify-content-flex-start fusion-content-layout-column\" style=\"background-position:left top;background-repeat:no-repeat;-webkit-background-size:cover;-moz-background-size:cover;-o-background-size:cover;background-size:cover;padding: 0px 0px 0px 0px;\"><div class=\"fusion-text fusion-text-1\"><h2 class=\"fusion-responsive-typography-calculated\" style=\"text-align: center;\" data-fontsize=\"40\" data-lineheight=\"48px\">Tema Obligado del mes de enero 2022<\/h2>\n<h3 style=\"text-align: center;\">El reflejo de una imagen<\/h3>\n<\/div><div class=\"fusion-separator fusion-full-width-sep\" style=\"align-self: center;margin-left: auto;margin-right: auto;margin-bottom:20px;width:100%;\"><div class=\"fusion-separator-border sep-single sep-solid\" style=\"border-color:#3ec0bf;border-top-width:1px;\"><\/div><\/div><div class=\"fusion-text fusion-text-2\"><p style=\"text-align: center;\"><strong>PUNTUACI\u00d3N GENERAL ACUMULADA MONOCROMO<\/strong><\/p>\n<\/div><div style=\"text-align:center;\"><style>.fusion-imageframe.imageframe-1{ margin-bottom : 20px;}<\/style><span class=\" fusion-imageframe imageframe-none imageframe-1 hover-type-none\"><a href=\"https:\/\/afc.cat\/wp-content\/uploads\/2022\/02\/ranking-gener-22-monocrom-1.jpg\" class=\"fusion-lightbox\" data-rel=\"iLightbox[c3b588ae98f0e36eff9]\" data-title=\"ranking gener 22 monocrom\" title=\"ranking gener 22 monocrom\"><img decoding=\"async\" width=\"765\" height=\"938\" src=\"https:\/\/afc.cat\/wp-content\/uploads\/2022\/02\/ranking-gener-22-monocrom-1.jpg\" alt class=\"img-responsive wp-image-26134\" srcset=\"https:\/\/afc.cat\/wp-content\/uploads\/2022\/02\/ranking-gener-22-monocrom-1-200x245.jpg 200w, https:\/\/afc.cat\/wp-content\/uploads\/2022\/02\/ranking-gener-22-monocrom-1-400x490.jpg 400w, https:\/\/afc.cat\/wp-content\/uploads\/2022\/02\/ranking-gener-22-monocrom-1-600x736.jpg 600w, https:\/\/afc.cat\/wp-content\/uploads\/2022\/02\/ranking-gener-22-monocrom-1.jpg 765w\" sizes=\"(max-width: 640px) 100vw, 765px\" \/><\/a><\/span><\/div><div class=\"fusion-text fusion-text-3\"><p style=\"text-align: center;\"><strong>Clasificaci\u00f3n monocromo de enero 2022<\/strong><\/p>\n<p style=\"text-align: center;\"><strong>(32 participantes)<\/strong><\/p>\n<\/div><style type=\"text\/css\">.fusion-gallery-1 .fusion-gallery-image {border:0px solid #e2e2e2;}<\/style><div class=\"fusion-gallery fusion-gallery-container fusion-grid-6 fusion-columns-total-32 fusion-gallery-layout-grid fusion-gallery-1\" style=\"margin:-5px;\"><div style=\"padding:5px;\" class=\"fusion-grid-column fusion-gallery-column fusion-gallery-column-6 hover-type-zoomin\"><div class=\"fusion-gallery-image\"><a href=\"https:\/\/afc.cat\/wp-content\/uploads\/2022\/02\/01-Anna-Barnes-Guillen-24-Punts.jpg\" data-title=\"01 &#8211; Anna Barn\u00e9s Guill\u00e9n &#8211; 24 Punts\" title=\"01 &#8211; Anna Barn\u00e9s Guill\u00e9n &#8211; 24 Punts\" rel=\"noreferrer\" data-rel=\"iLightbox[gallery_image_1]\" class=\"fusion-lightbox\" target=\"_self\"><img decoding=\"async\" src=\"https:\/\/afc.cat\/wp-content\/uploads\/2022\/02\/01-Anna-Barnes-Guillen-24-Punts-320x202.jpg\" width=\"320\" height=\"202\" alt=\"\" title=\"01 &#8211; Anna Barn\u00e9s Guill\u00e9n &#8211; 24 Punts\" aria-label=\"01 &#8211; Anna Barn\u00e9s Guill\u00e9n &#8211; 24 Punts\" class=\"img-responsive wp-image-25915 fusion-gallery-image-size-fixed\" srcset=\"https:\/\/afc.cat\/wp-content\/uploads\/2022\/02\/01-Anna-Barnes-Guillen-24-Punts-320x202.jpg 320w, https:\/\/afc.cat\/wp-content\/uploads\/2022\/02\/01-Anna-Barnes-Guillen-24-Punts-700x441.jpg 700w\" sizes=\"(max-width: 320px) 100vw, 320px\" \/><\/a><\/div><\/div><div style=\"padding:5px;\" class=\"fusion-grid-column fusion-gallery-column fusion-gallery-column-6 hover-type-zoomin\"><div class=\"fusion-gallery-image\"><a href=\"https:\/\/afc.cat\/wp-content\/uploads\/2022\/02\/02-irene-sanz-ramirez-24-Punts.jpg\" data-title=\"02 &#8211; irene sanz ramirez &#8211; 24 Punts\" title=\"02 &#8211; irene sanz ramirez &#8211; 24 Punts\" rel=\"noreferrer\" data-rel=\"iLightbox[gallery_image_1]\" class=\"fusion-lightbox\" target=\"_self\"><img decoding=\"async\" src=\"https:\/\/afc.cat\/wp-content\/uploads\/2022\/02\/02-irene-sanz-ramirez-24-Punts-320x202.jpg\" width=\"320\" height=\"202\" alt=\"\" title=\"02 &#8211; irene sanz ramirez &#8211; 24 Punts\" aria-label=\"02 &#8211; irene sanz ramirez &#8211; 24 Punts\" class=\"img-responsive wp-image-25917 fusion-gallery-image-size-fixed\" srcset=\"https:\/\/afc.cat\/wp-content\/uploads\/2022\/02\/02-irene-sanz-ramirez-24-Punts-320x202.jpg 320w, https:\/\/afc.cat\/wp-content\/uploads\/2022\/02\/02-irene-sanz-ramirez-24-Punts-700x441.jpg 700w\" sizes=\"(max-width: 320px) 100vw, 320px\" \/><\/a><\/div><\/div><div style=\"padding:5px;\" class=\"fusion-grid-column fusion-gallery-column fusion-gallery-column-6 hover-type-zoomin\"><div class=\"fusion-gallery-image\"><a href=\"https:\/\/afc.cat\/wp-content\/uploads\/2022\/02\/03-Jaume-Estrada-Martras-24-Punts.jpg\" data-title=\"03 &#8211; Jaume Estrada Martras &#8211; 24 Punts\" title=\"03 &#8211; Jaume Estrada Martras &#8211; 24 Punts\" rel=\"noreferrer\" data-rel=\"iLightbox[gallery_image_1]\" class=\"fusion-lightbox\" target=\"_self\"><img decoding=\"async\" src=\"https:\/\/afc.cat\/wp-content\/uploads\/2022\/02\/03-Jaume-Estrada-Martras-24-Punts-320x202.jpg\" width=\"320\" height=\"202\" alt=\"\" title=\"03 &#8211; Jaume Estrada Martras &#8211; 24 Punts\" aria-label=\"03 &#8211; Jaume Estrada Martras &#8211; 24 Punts\" class=\"img-responsive wp-image-25919 fusion-gallery-image-size-fixed\" srcset=\"https:\/\/afc.cat\/wp-content\/uploads\/2022\/02\/03-Jaume-Estrada-Martras-24-Punts-320x202.jpg 320w, https:\/\/afc.cat\/wp-content\/uploads\/2022\/02\/03-Jaume-Estrada-Martras-24-Punts-700x441.jpg 700w\" sizes=\"(max-width: 320px) 100vw, 320px\" \/><\/a><\/div><\/div><div style=\"padding:5px;\" class=\"fusion-grid-column fusion-gallery-column fusion-gallery-column-6 hover-type-zoomin\"><div class=\"fusion-gallery-image\"><a href=\"https:\/\/afc.cat\/wp-content\/uploads\/2022\/02\/04-Margarita-fresco-crespo-23-Punts.jpg\" data-title=\"04 &#8211; Margarita fresco crespo &#8211; 23 Punts\" title=\"04 &#8211; Margarita fresco crespo &#8211; 23 Punts\" rel=\"noreferrer\" data-rel=\"iLightbox[gallery_image_1]\" class=\"fusion-lightbox\" target=\"_self\"><img decoding=\"async\" src=\"https:\/\/afc.cat\/wp-content\/uploads\/2022\/02\/04-Margarita-fresco-crespo-23-Punts-320x202.jpg\" width=\"320\" height=\"202\" alt=\"\" title=\"04 &#8211; Margarita fresco crespo &#8211; 23 Punts\" aria-label=\"04 &#8211; Margarita fresco crespo &#8211; 23 Punts\" class=\"img-responsive wp-image-25921 fusion-gallery-image-size-fixed\" srcset=\"https:\/\/afc.cat\/wp-content\/uploads\/2022\/02\/04-Margarita-fresco-crespo-23-Punts-320x202.jpg 320w, https:\/\/afc.cat\/wp-content\/uploads\/2022\/02\/04-Margarita-fresco-crespo-23-Punts-700x441.jpg 700w\" sizes=\"(max-width: 320px) 100vw, 320px\" \/><\/a><\/div><\/div><div style=\"padding:5px;\" class=\"fusion-grid-column fusion-gallery-column fusion-gallery-column-6 hover-type-zoomin\"><div class=\"fusion-gallery-image\"><a href=\"https:\/\/afc.cat\/wp-content\/uploads\/2022\/02\/05-Felix-Jose-Vizcaino-Garcia-23-Punts.jpg\" data-title=\"05 &#8211; F\u00e9lix Jos\u00e9 Vizca\u00edno Garc\u00eda &#8211; 23 Punts\" title=\"05 &#8211; F\u00e9lix Jos\u00e9 Vizca\u00edno Garc\u00eda &#8211; 23 Punts\" rel=\"noreferrer\" data-rel=\"iLightbox[gallery_image_1]\" class=\"fusion-lightbox\" target=\"_self\"><img decoding=\"async\" src=\"https:\/\/afc.cat\/wp-content\/uploads\/2022\/02\/05-Felix-Jose-Vizcaino-Garcia-23-Punts-320x202.jpg\" width=\"320\" height=\"202\" alt=\"\" title=\"05 &#8211; F\u00e9lix Jos\u00e9 Vizca\u00edno Garc\u00eda &#8211; 23 Punts\" aria-label=\"05 &#8211; F\u00e9lix Jos\u00e9 Vizca\u00edno Garc\u00eda &#8211; 23 Punts\" class=\"img-responsive wp-image-25923 fusion-gallery-image-size-fixed\" srcset=\"https:\/\/afc.cat\/wp-content\/uploads\/2022\/02\/05-Felix-Jose-Vizcaino-Garcia-23-Punts-320x202.jpg 320w, https:\/\/afc.cat\/wp-content\/uploads\/2022\/02\/05-Felix-Jose-Vizcaino-Garcia-23-Punts-700x441.jpg 700w\" sizes=\"(max-width: 320px) 100vw, 320px\" \/><\/a><\/div><\/div><div style=\"padding:5px;\" class=\"fusion-grid-column fusion-gallery-column fusion-gallery-column-6 hover-type-zoomin\"><div class=\"fusion-gallery-image\"><a href=\"https:\/\/afc.cat\/wp-content\/uploads\/2022\/02\/06-Angel-Colado-Palacios-23-Punts.jpg\" data-title=\"06 &#8211; \u00c1ngel Colado Palacios &#8211; 23 Punts\" title=\"06 &#8211; \u00c1ngel Colado Palacios &#8211; 23 Punts\" rel=\"noreferrer\" data-rel=\"iLightbox[gallery_image_1]\" class=\"fusion-lightbox\" target=\"_self\"><img decoding=\"async\" src=\"https:\/\/afc.cat\/wp-content\/uploads\/2022\/02\/06-Angel-Colado-Palacios-23-Punts-320x202.jpg\" width=\"320\" height=\"202\" alt=\"\" title=\"06 &#8211; \u00c1ngel Colado Palacios &#8211; 23 Punts\" aria-label=\"06 &#8211; \u00c1ngel Colado Palacios &#8211; 23 Punts\" class=\"img-responsive wp-image-25925 fusion-gallery-image-size-fixed\" srcset=\"https:\/\/afc.cat\/wp-content\/uploads\/2022\/02\/06-Angel-Colado-Palacios-23-Punts-320x202.jpg 320w, https:\/\/afc.cat\/wp-content\/uploads\/2022\/02\/06-Angel-Colado-Palacios-23-Punts-700x441.jpg 700w\" sizes=\"(max-width: 320px) 100vw, 320px\" \/><\/a><\/div><\/div><div class=\"clearfix\"><\/div><div style=\"padding:5px;\" class=\"fusion-grid-column fusion-gallery-column fusion-gallery-column-6 hover-type-zoomin\"><div class=\"fusion-gallery-image\"><a href=\"https:\/\/afc.cat\/wp-content\/uploads\/2022\/02\/07-Manuel-Daniel-Rivera-23-Punts.jpg\" data-title=\"07 &#8211; Manuel Daniel Rivera &#8211; 23 Punts\" title=\"07 &#8211; Manuel Daniel Rivera &#8211; 23 Punts\" rel=\"noreferrer\" data-rel=\"iLightbox[gallery_image_1]\" class=\"fusion-lightbox\" target=\"_self\"><img decoding=\"async\" src=\"https:\/\/afc.cat\/wp-content\/uploads\/2022\/02\/07-Manuel-Daniel-Rivera-23-Punts-320x202.jpg\" width=\"320\" height=\"202\" alt=\"\" title=\"07 &#8211; Manuel Daniel Rivera &#8211; 23 Punts\" aria-label=\"07 &#8211; Manuel Daniel Rivera &#8211; 23 Punts\" class=\"img-responsive wp-image-25927 fusion-gallery-image-size-fixed\" srcset=\"https:\/\/afc.cat\/wp-content\/uploads\/2022\/02\/07-Manuel-Daniel-Rivera-23-Punts-320x202.jpg 320w, https:\/\/afc.cat\/wp-content\/uploads\/2022\/02\/07-Manuel-Daniel-Rivera-23-Punts-700x441.jpg 700w\" sizes=\"(max-width: 320px) 100vw, 320px\" \/><\/a><\/div><\/div><div style=\"padding:5px;\" class=\"fusion-grid-column fusion-gallery-column fusion-gallery-column-6 hover-type-zoomin\"><div class=\"fusion-gallery-image\"><a href=\"https:\/\/afc.cat\/wp-content\/uploads\/2022\/02\/08-Josep-Maria-Bonjoch-Trilla-23-Punts.jpg\" data-title=\"08 &#8211; Josep Maria Bonjoch Trilla &#8211; 23 Punts\" title=\"08 &#8211; Josep Maria Bonjoch Trilla &#8211; 23 Punts\" rel=\"noreferrer\" data-rel=\"iLightbox[gallery_image_1]\" class=\"fusion-lightbox\" target=\"_self\"><img decoding=\"async\" src=\"https:\/\/afc.cat\/wp-content\/uploads\/2022\/02\/08-Josep-Maria-Bonjoch-Trilla-23-Punts-320x202.jpg\" width=\"320\" height=\"202\" alt=\"\" title=\"08 &#8211; Josep Maria Bonjoch Trilla &#8211; 23 Punts\" aria-label=\"08 &#8211; Josep Maria Bonjoch Trilla &#8211; 23 Punts\" class=\"img-responsive wp-image-25929 fusion-gallery-image-size-fixed\" srcset=\"https:\/\/afc.cat\/wp-content\/uploads\/2022\/02\/08-Josep-Maria-Bonjoch-Trilla-23-Punts-320x202.jpg 320w, https:\/\/afc.cat\/wp-content\/uploads\/2022\/02\/08-Josep-Maria-Bonjoch-Trilla-23-Punts-700x441.jpg 700w\" sizes=\"(max-width: 320px) 100vw, 320px\" \/><\/a><\/div><\/div><div style=\"padding:5px;\" class=\"fusion-grid-column fusion-gallery-column fusion-gallery-column-6 hover-type-zoomin\"><div class=\"fusion-gallery-image\"><a href=\"https:\/\/afc.cat\/wp-content\/uploads\/2022\/02\/09-Rosa-Cristofol-Martinez-22-Punts.jpg\" data-title=\"09 &#8211; Rosa Crist\u00f2fol Mart\u00ednez &#8211; 22 Punts\" title=\"09 &#8211; Rosa Crist\u00f2fol Mart\u00ednez &#8211; 22 Punts\" rel=\"noreferrer\" data-rel=\"iLightbox[gallery_image_1]\" class=\"fusion-lightbox\" target=\"_self\"><img decoding=\"async\" src=\"https:\/\/afc.cat\/wp-content\/uploads\/2022\/02\/09-Rosa-Cristofol-Martinez-22-Punts-320x202.jpg\" width=\"320\" height=\"202\" alt=\"\" title=\"09 &#8211; Rosa Crist\u00f2fol Mart\u00ednez &#8211; 22 Punts\" aria-label=\"09 &#8211; Rosa Crist\u00f2fol Mart\u00ednez &#8211; 22 Punts\" class=\"img-responsive wp-image-25931 fusion-gallery-image-size-fixed\" srcset=\"https:\/\/afc.cat\/wp-content\/uploads\/2022\/02\/09-Rosa-Cristofol-Martinez-22-Punts-320x202.jpg 320w, https:\/\/afc.cat\/wp-content\/uploads\/2022\/02\/09-Rosa-Cristofol-Martinez-22-Punts-700x441.jpg 700w\" sizes=\"(max-width: 320px) 100vw, 320px\" \/><\/a><\/div><\/div><div style=\"padding:5px;\" class=\"fusion-grid-column fusion-gallery-column fusion-gallery-column-6 hover-type-zoomin\"><div class=\"fusion-gallery-image\"><a href=\"https:\/\/afc.cat\/wp-content\/uploads\/2022\/02\/10-Antoni-Torres-Bargallo-22-Punts.jpg\" data-title=\"10 &#8211; Antoni Torres Bargall\u00f3 &#8211; 22 Punts\" title=\"10 &#8211; Antoni Torres Bargall\u00f3 &#8211; 22 Punts\" rel=\"noreferrer\" data-rel=\"iLightbox[gallery_image_1]\" class=\"fusion-lightbox\" target=\"_self\"><img decoding=\"async\" src=\"https:\/\/afc.cat\/wp-content\/uploads\/2022\/02\/10-Antoni-Torres-Bargallo-22-Punts-320x202.jpg\" width=\"320\" height=\"202\" alt=\"\" title=\"10 &#8211; Antoni Torres Bargall\u00f3 &#8211; 22 Punts\" aria-label=\"10 &#8211; Antoni Torres Bargall\u00f3 &#8211; 22 Punts\" class=\"img-responsive wp-image-25933 fusion-gallery-image-size-fixed\" srcset=\"https:\/\/afc.cat\/wp-content\/uploads\/2022\/02\/10-Antoni-Torres-Bargallo-22-Punts-320x202.jpg 320w, https:\/\/afc.cat\/wp-content\/uploads\/2022\/02\/10-Antoni-Torres-Bargallo-22-Punts-700x441.jpg 700w\" sizes=\"(max-width: 320px) 100vw, 320px\" \/><\/a><\/div><\/div><div style=\"padding:5px;\" class=\"fusion-grid-column fusion-gallery-column fusion-gallery-column-6 hover-type-zoomin\"><div class=\"fusion-gallery-image\"><a href=\"https:\/\/afc.cat\/wp-content\/uploads\/2022\/02\/11-Adolfo-Garcia-Bastard-22-Punts-2.jpg\" data-title=\"11 &#8211; Adolfo Garcia Bastard &#8211; 22 Punts (2)\" title=\"11 &#8211; Adolfo Garcia Bastard &#8211; 22 Punts (2)\" rel=\"noreferrer\" data-rel=\"iLightbox[gallery_image_1]\" class=\"fusion-lightbox\" target=\"_self\"><img decoding=\"async\" src=\"https:\/\/afc.cat\/wp-content\/uploads\/2022\/02\/11-Adolfo-Garcia-Bastard-22-Punts-2-320x202.jpg\" width=\"320\" height=\"202\" alt=\"\" title=\"11 &#8211; Adolfo Garcia Bastard &#8211; 22 Punts (2)\" aria-label=\"11 &#8211; Adolfo Garcia Bastard &#8211; 22 Punts (2)\" class=\"img-responsive wp-image-25935 fusion-gallery-image-size-fixed\" \/><\/a><\/div><\/div><div style=\"padding:5px;\" class=\"fusion-grid-column fusion-gallery-column fusion-gallery-column-6 hover-type-zoomin\"><div class=\"fusion-gallery-image\"><a href=\"https:\/\/afc.cat\/wp-content\/uploads\/2022\/02\/12-Santiago-Garcia-Cuadrado-22-Punts.jpg\" data-title=\"12 &#8211; Santiago Garc\u00eda Cuadrado &#8211; 22 Punts\" title=\"12 &#8211; Santiago Garc\u00eda Cuadrado &#8211; 22 Punts\" rel=\"noreferrer\" data-rel=\"iLightbox[gallery_image_1]\" class=\"fusion-lightbox\" target=\"_self\"><img decoding=\"async\" src=\"https:\/\/afc.cat\/wp-content\/uploads\/2022\/02\/12-Santiago-Garcia-Cuadrado-22-Punts-320x202.jpg\" width=\"320\" height=\"202\" alt=\"\" title=\"12 &#8211; Santiago Garc\u00eda Cuadrado &#8211; 22 Punts\" aria-label=\"12 &#8211; Santiago Garc\u00eda Cuadrado &#8211; 22 Punts\" class=\"img-responsive wp-image-25937 fusion-gallery-image-size-fixed\" srcset=\"https:\/\/afc.cat\/wp-content\/uploads\/2022\/02\/12-Santiago-Garcia-Cuadrado-22-Punts-320x202.jpg 320w, https:\/\/afc.cat\/wp-content\/uploads\/2022\/02\/12-Santiago-Garcia-Cuadrado-22-Punts-700x441.jpg 700w\" sizes=\"(max-width: 320px) 100vw, 320px\" \/><\/a><\/div><\/div><div class=\"clearfix\"><\/div><div style=\"padding:5px;\" class=\"fusion-grid-column fusion-gallery-column fusion-gallery-column-6 hover-type-zoomin\"><div class=\"fusion-gallery-image\"><a href=\"https:\/\/afc.cat\/wp-content\/uploads\/2022\/02\/13-Damian-Tous-Vazquez-22-Punts.jpg\" data-title=\"13 &#8211; Dami\u00e1n Tous Vazquez &#8211; 22 Punts\" title=\"13 &#8211; Dami\u00e1n Tous Vazquez &#8211; 22 Punts\" rel=\"noreferrer\" data-rel=\"iLightbox[gallery_image_1]\" class=\"fusion-lightbox\" target=\"_self\"><img decoding=\"async\" src=\"https:\/\/afc.cat\/wp-content\/uploads\/2022\/02\/13-Damian-Tous-Vazquez-22-Punts-320x202.jpg\" width=\"320\" height=\"202\" alt=\"\" title=\"13 &#8211; Dami\u00e1n Tous Vazquez &#8211; 22 Punts\" aria-label=\"13 &#8211; Dami\u00e1n Tous Vazquez &#8211; 22 Punts\" class=\"img-responsive wp-image-25939 fusion-gallery-image-size-fixed\" srcset=\"https:\/\/afc.cat\/wp-content\/uploads\/2022\/02\/13-Damian-Tous-Vazquez-22-Punts-320x202.jpg 320w, https:\/\/afc.cat\/wp-content\/uploads\/2022\/02\/13-Damian-Tous-Vazquez-22-Punts-700x441.jpg 700w\" sizes=\"(max-width: 320px) 100vw, 320px\" \/><\/a><\/div><\/div><div style=\"padding:5px;\" class=\"fusion-grid-column fusion-gallery-column fusion-gallery-column-6 hover-type-zoomin\"><div class=\"fusion-gallery-image\"><a href=\"https:\/\/afc.cat\/wp-content\/uploads\/2022\/02\/14-Francesca-Portoles-Braso-22-Punts.jpg\" data-title=\"14 &#8211; Francesca Portol\u00e9s Bras\u00f3 &#8211; 22 Punts\" title=\"14 &#8211; Francesca Portol\u00e9s Bras\u00f3 &#8211; 22 Punts\" rel=\"noreferrer\" data-rel=\"iLightbox[gallery_image_1]\" class=\"fusion-lightbox\" target=\"_self\"><img decoding=\"async\" src=\"https:\/\/afc.cat\/wp-content\/uploads\/2022\/02\/14-Francesca-Portoles-Braso-22-Punts-320x202.jpg\" width=\"320\" height=\"202\" alt=\"\" title=\"14 &#8211; Francesca Portol\u00e9s Bras\u00f3 &#8211; 22 Punts\" aria-label=\"14 &#8211; Francesca Portol\u00e9s Bras\u00f3 &#8211; 22 Punts\" class=\"img-responsive wp-image-25941 fusion-gallery-image-size-fixed\" \/><\/a><\/div><\/div><div style=\"padding:5px;\" class=\"fusion-grid-column fusion-gallery-column fusion-gallery-column-6 hover-type-zoomin\"><div class=\"fusion-gallery-image\"><a href=\"https:\/\/afc.cat\/wp-content\/uploads\/2022\/02\/15-Josep-Soler-Vendrell-21-Punts.jpg\" data-title=\"15 &#8211; Josep Soler Vendrell &#8211; 21 Punts\" title=\"15 &#8211; Josep Soler Vendrell &#8211; 21 Punts\" rel=\"noreferrer\" data-rel=\"iLightbox[gallery_image_1]\" class=\"fusion-lightbox\" target=\"_self\"><img decoding=\"async\" src=\"https:\/\/afc.cat\/wp-content\/uploads\/2022\/02\/15-Josep-Soler-Vendrell-21-Punts-320x202.jpg\" width=\"320\" height=\"202\" alt=\"\" title=\"15 &#8211; Josep Soler Vendrell &#8211; 21 Punts\" aria-label=\"15 &#8211; Josep Soler Vendrell &#8211; 21 Punts\" class=\"img-responsive wp-image-25943 fusion-gallery-image-size-fixed\" srcset=\"https:\/\/afc.cat\/wp-content\/uploads\/2022\/02\/15-Josep-Soler-Vendrell-21-Punts-320x202.jpg 320w, https:\/\/afc.cat\/wp-content\/uploads\/2022\/02\/15-Josep-Soler-Vendrell-21-Punts-700x441.jpg 700w\" sizes=\"(max-width: 320px) 100vw, 320px\" \/><\/a><\/div><\/div><div style=\"padding:5px;\" class=\"fusion-grid-column fusion-gallery-column fusion-gallery-column-6 hover-type-zoomin\"><div class=\"fusion-gallery-image\"><a href=\"https:\/\/afc.cat\/wp-content\/uploads\/2022\/02\/16-Joan-Rue-Domingo-21-Punts-2.jpg\" data-title=\"16 &#8211; Joan Ru\u00e9 Domingo &#8211; 21 Punts (2)\" title=\"16 &#8211; Joan Ru\u00e9 Domingo &#8211; 21 Punts (2)\" rel=\"noreferrer\" data-rel=\"iLightbox[gallery_image_1]\" class=\"fusion-lightbox\" target=\"_self\"><img decoding=\"async\" src=\"https:\/\/afc.cat\/wp-content\/uploads\/2022\/02\/16-Joan-Rue-Domingo-21-Punts-2-320x202.jpg\" width=\"320\" height=\"202\" alt=\"\" title=\"16 &#8211; Joan Ru\u00e9 Domingo &#8211; 21 Punts (2)\" aria-label=\"16 &#8211; Joan Ru\u00e9 Domingo &#8211; 21 Punts (2)\" class=\"img-responsive wp-image-25945 fusion-gallery-image-size-fixed\" srcset=\"https:\/\/afc.cat\/wp-content\/uploads\/2022\/02\/16-Joan-Rue-Domingo-21-Punts-2-320x202.jpg 320w, https:\/\/afc.cat\/wp-content\/uploads\/2022\/02\/16-Joan-Rue-Domingo-21-Punts-2-700x441.jpg 700w\" sizes=\"(max-width: 320px) 100vw, 320px\" \/><\/a><\/div><\/div><div style=\"padding:5px;\" class=\"fusion-grid-column fusion-gallery-column fusion-gallery-column-6 hover-type-zoomin\"><div class=\"fusion-gallery-image\"><a href=\"https:\/\/afc.cat\/wp-content\/uploads\/2022\/02\/17-Jose-Braojos-Morales-21-Punts.jpg\" data-title=\"17 &#8211; Jose Braojos Morales &#8211; 21 Punts\" title=\"17 &#8211; Jose Braojos Morales &#8211; 21 Punts\" rel=\"noreferrer\" data-rel=\"iLightbox[gallery_image_1]\" class=\"fusion-lightbox\" target=\"_self\"><img decoding=\"async\" src=\"https:\/\/afc.cat\/wp-content\/uploads\/2022\/02\/17-Jose-Braojos-Morales-21-Punts-320x202.jpg\" width=\"320\" height=\"202\" alt=\"\" title=\"17 &#8211; Jose Braojos Morales &#8211; 21 Punts\" aria-label=\"17 &#8211; Jose Braojos Morales &#8211; 21 Punts\" class=\"img-responsive wp-image-25947 fusion-gallery-image-size-fixed\" srcset=\"https:\/\/afc.cat\/wp-content\/uploads\/2022\/02\/17-Jose-Braojos-Morales-21-Punts-320x202.jpg 320w, https:\/\/afc.cat\/wp-content\/uploads\/2022\/02\/17-Jose-Braojos-Morales-21-Punts-700x441.jpg 700w\" sizes=\"(max-width: 320px) 100vw, 320px\" \/><\/a><\/div><\/div><div style=\"padding:5px;\" class=\"fusion-grid-column fusion-gallery-column fusion-gallery-column-6 hover-type-zoomin\"><div class=\"fusion-gallery-image\"><a href=\"https:\/\/afc.cat\/wp-content\/uploads\/2022\/02\/18-Teresa-Tejero-Lopez-21-Punts.jpg\" data-title=\"18 &#8211; Teresa Tejero Lopez &#8211; 21 Punts\" title=\"18 &#8211; Teresa Tejero Lopez &#8211; 21 Punts\" rel=\"noreferrer\" data-rel=\"iLightbox[gallery_image_1]\" class=\"fusion-lightbox\" target=\"_self\"><img decoding=\"async\" src=\"https:\/\/afc.cat\/wp-content\/uploads\/2022\/02\/18-Teresa-Tejero-Lopez-21-Punts-320x202.jpg\" width=\"320\" height=\"202\" alt=\"\" title=\"18 &#8211; Teresa Tejero Lopez &#8211; 21 Punts\" aria-label=\"18 &#8211; Teresa Tejero Lopez &#8211; 21 Punts\" class=\"img-responsive wp-image-25949 fusion-gallery-image-size-fixed\" \/><\/a><\/div><\/div><div class=\"clearfix\"><\/div><div style=\"padding:5px;\" class=\"fusion-grid-column fusion-gallery-column fusion-gallery-column-6 hover-type-zoomin\"><div class=\"fusion-gallery-image\"><a href=\"https:\/\/afc.cat\/wp-content\/uploads\/2022\/02\/19-Francesc-Soldevila-20-Punts-2-.jpg\" data-title=\"19 &#8211; Francesc Soldevila &#8211; 20 Punts (2)\" title=\"19 &#8211; Francesc Soldevila &#8211; 20 Punts (2)\" rel=\"noreferrer\" data-rel=\"iLightbox[gallery_image_1]\" class=\"fusion-lightbox\" target=\"_self\"><img decoding=\"async\" src=\"https:\/\/afc.cat\/wp-content\/uploads\/2022\/02\/19-Francesc-Soldevila-20-Punts-2--320x202.jpg\" width=\"320\" height=\"202\" alt=\"\" title=\"19 &#8211; Francesc Soldevila &#8211; 20 Punts (2)\" aria-label=\"19 &#8211; Francesc Soldevila &#8211; 20 Punts (2)\" class=\"img-responsive wp-image-25951 fusion-gallery-image-size-fixed\" \/><\/a><\/div><\/div><div style=\"padding:5px;\" class=\"fusion-grid-column fusion-gallery-column fusion-gallery-column-6 hover-type-zoomin\"><div class=\"fusion-gallery-image\"><a href=\"https:\/\/afc.cat\/wp-content\/uploads\/2022\/02\/20-Carles-Lastra-Antonell-20-Punts-2.jpg\" data-title=\"20 &#8211; Carles Lastra Antonell &#8211; 20 Punts (2)\" title=\"20 &#8211; Carles Lastra Antonell &#8211; 20 Punts (2)\" rel=\"noreferrer\" data-rel=\"iLightbox[gallery_image_1]\" class=\"fusion-lightbox\" target=\"_self\"><img decoding=\"async\" src=\"https:\/\/afc.cat\/wp-content\/uploads\/2022\/02\/20-Carles-Lastra-Antonell-20-Punts-2-320x202.jpg\" width=\"320\" height=\"202\" alt=\"\" title=\"20 &#8211; Carles Lastra Antonell &#8211; 20 Punts (2)\" aria-label=\"20 &#8211; Carles Lastra Antonell &#8211; 20 Punts (2)\" class=\"img-responsive wp-image-25953 fusion-gallery-image-size-fixed\" \/><\/a><\/div><\/div><div style=\"padding:5px;\" class=\"fusion-grid-column fusion-gallery-column fusion-gallery-column-6 hover-type-zoomin\"><div class=\"fusion-gallery-image\"><a href=\"https:\/\/afc.cat\/wp-content\/uploads\/2022\/02\/21-David-Penarroya-Hernandez-20-Punts-2.jpg\" data-title=\"21 &#8211; David Pe\u00f1arroya Hernandez &#8211; 20 Punts (2)\" title=\"21 &#8211; David Pe\u00f1arroya Hernandez &#8211; 20 Punts (2)\" rel=\"noreferrer\" data-rel=\"iLightbox[gallery_image_1]\" class=\"fusion-lightbox\" target=\"_self\"><img decoding=\"async\" src=\"https:\/\/afc.cat\/wp-content\/uploads\/2022\/02\/21-David-Penarroya-Hernandez-20-Punts-2-320x202.jpg\" width=\"320\" height=\"202\" alt=\"\" title=\"21 &#8211; David Pe\u00f1arroya Hernandez &#8211; 20 Punts (2)\" aria-label=\"21 &#8211; David Pe\u00f1arroya Hernandez &#8211; 20 Punts (2)\" class=\"img-responsive wp-image-25955 fusion-gallery-image-size-fixed\" \/><\/a><\/div><\/div><div style=\"padding:5px;\" class=\"fusion-grid-column fusion-gallery-column fusion-gallery-column-6 hover-type-zoomin\"><div class=\"fusion-gallery-image\"><a href=\"https:\/\/afc.cat\/wp-content\/uploads\/2022\/02\/22-Ana-M.-Gallego-Lozano-20-Punts-2.jpg\" data-title=\"22 &#8211; Ana M. Gallego Lozano &#8211; 20 Punts (2)\" title=\"22 &#8211; Ana M. Gallego Lozano &#8211; 20 Punts (2)\" rel=\"noreferrer\" data-rel=\"iLightbox[gallery_image_1]\" class=\"fusion-lightbox\" target=\"_self\"><img decoding=\"async\" src=\"https:\/\/afc.cat\/wp-content\/uploads\/2022\/02\/22-Ana-M.-Gallego-Lozano-20-Punts-2-320x202.jpg\" width=\"320\" height=\"202\" alt=\"\" title=\"22 &#8211; Ana M. Gallego Lozano &#8211; 20 Punts (2)\" aria-label=\"22 &#8211; Ana M. Gallego Lozano &#8211; 20 Punts (2)\" class=\"img-responsive wp-image-25957 fusion-gallery-image-size-fixed\" srcset=\"https:\/\/afc.cat\/wp-content\/uploads\/2022\/02\/22-Ana-M.-Gallego-Lozano-20-Punts-2-320x202.jpg 320w, https:\/\/afc.cat\/wp-content\/uploads\/2022\/02\/22-Ana-M.-Gallego-Lozano-20-Punts-2-700x441.jpg 700w\" sizes=\"(max-width: 320px) 100vw, 320px\" \/><\/a><\/div><\/div><div style=\"padding:5px;\" class=\"fusion-grid-column fusion-gallery-column fusion-gallery-column-6 hover-type-zoomin\"><div class=\"fusion-gallery-image\"><a href=\"https:\/\/afc.cat\/wp-content\/uploads\/2022\/02\/23-Elena-Sanchez-Vizcaino-Mengual-20-Punts.jpg\" data-title=\"23 &#8211; Elena S\u00e1nchez-Vizca\u00edno Mengual &#8211; 20 Punts\" title=\"23 &#8211; Elena S\u00e1nchez-Vizca\u00edno Mengual &#8211; 20 Punts\" rel=\"noreferrer\" data-rel=\"iLightbox[gallery_image_1]\" class=\"fusion-lightbox\" target=\"_self\"><img decoding=\"async\" src=\"https:\/\/afc.cat\/wp-content\/uploads\/2022\/02\/23-Elena-Sanchez-Vizcaino-Mengual-20-Punts-320x202.jpg\" width=\"320\" height=\"202\" alt=\"\" title=\"23 &#8211; Elena S\u00e1nchez-Vizca\u00edno Mengual &#8211; 20 Punts\" aria-label=\"23 &#8211; Elena S\u00e1nchez-Vizca\u00edno Mengual &#8211; 20 Punts\" class=\"img-responsive wp-image-25959 fusion-gallery-image-size-fixed\" \/><\/a><\/div><\/div><div style=\"padding:5px;\" class=\"fusion-grid-column fusion-gallery-column fusion-gallery-column-6 hover-type-zoomin\"><div class=\"fusion-gallery-image\"><a href=\"https:\/\/afc.cat\/wp-content\/uploads\/2022\/02\/24-Toni-Torras-Llaurado-20-Punts.jpg\" data-title=\"24 &#8211; Toni Torras Llaurad\u00f3 &#8211; 20 Punts\" title=\"24 &#8211; Toni Torras Llaurad\u00f3 &#8211; 20 Punts\" rel=\"noreferrer\" data-rel=\"iLightbox[gallery_image_1]\" class=\"fusion-lightbox\" target=\"_self\"><img decoding=\"async\" src=\"https:\/\/afc.cat\/wp-content\/uploads\/2022\/02\/24-Toni-Torras-Llaurado-20-Punts-320x202.jpg\" width=\"320\" height=\"202\" alt=\"\" title=\"24 &#8211; Toni Torras Llaurad\u00f3 &#8211; 20 Punts\" aria-label=\"24 &#8211; Toni Torras Llaurad\u00f3 &#8211; 20 Punts\" class=\"img-responsive wp-image-25961 fusion-gallery-image-size-fixed\" srcset=\"https:\/\/afc.cat\/wp-content\/uploads\/2022\/02\/24-Toni-Torras-Llaurado-20-Punts-320x202.jpg 320w, https:\/\/afc.cat\/wp-content\/uploads\/2022\/02\/24-Toni-Torras-Llaurado-20-Punts-700x441.jpg 700w\" sizes=\"(max-width: 320px) 100vw, 320px\" \/><\/a><\/div><\/div><div class=\"clearfix\"><\/div><div style=\"padding:5px;\" class=\"fusion-grid-column fusion-gallery-column fusion-gallery-column-6 hover-type-zoomin\"><div class=\"fusion-gallery-image\"><a href=\"https:\/\/afc.cat\/wp-content\/uploads\/2022\/02\/25-Pere-Josep-Sanchez-Romero-20-Punts-2.jpg\" data-title=\"25 &#8211; Pere Josep S\u00e1nchez Romero &#8211; 20 Punts (2)\" title=\"25 &#8211; Pere Josep S\u00e1nchez Romero &#8211; 20 Punts (2)\" rel=\"noreferrer\" data-rel=\"iLightbox[gallery_image_1]\" class=\"fusion-lightbox\" target=\"_self\"><img decoding=\"async\" src=\"https:\/\/afc.cat\/wp-content\/uploads\/2022\/02\/25-Pere-Josep-Sanchez-Romero-20-Punts-2-320x202.jpg\" width=\"320\" height=\"202\" alt=\"\" title=\"25 &#8211; Pere Josep S\u00e1nchez Romero &#8211; 20 Punts (2)\" aria-label=\"25 &#8211; Pere Josep S\u00e1nchez Romero &#8211; 20 Punts (2)\" class=\"img-responsive wp-image-25963 fusion-gallery-image-size-fixed\" \/><\/a><\/div><\/div><div style=\"padding:5px;\" class=\"fusion-grid-column fusion-gallery-column fusion-gallery-column-6 hover-type-zoomin\"><div class=\"fusion-gallery-image\"><a href=\"https:\/\/afc.cat\/wp-content\/uploads\/2022\/02\/26-Joan-Soldevila-Adan-19-Punts.jpg\" data-title=\"26 &#8211; Joan Soldevila Ad\u00e1n &#8211; 19 Punts\" title=\"26 &#8211; Joan Soldevila Ad\u00e1n &#8211; 19 Punts\" rel=\"noreferrer\" data-rel=\"iLightbox[gallery_image_1]\" class=\"fusion-lightbox\" target=\"_self\"><img decoding=\"async\" src=\"https:\/\/afc.cat\/wp-content\/uploads\/2022\/02\/26-Joan-Soldevila-Adan-19-Punts-320x202.jpg\" width=\"320\" height=\"202\" alt=\"\" title=\"26 &#8211; Joan Soldevila Ad\u00e1n &#8211; 19 Punts\" aria-label=\"26 &#8211; Joan Soldevila Ad\u00e1n &#8211; 19 Punts\" class=\"img-responsive wp-image-25965 fusion-gallery-image-size-fixed\" \/><\/a><\/div><\/div><div style=\"padding:5px;\" class=\"fusion-grid-column fusion-gallery-column fusion-gallery-column-6 hover-type-zoomin\"><div class=\"fusion-gallery-image\"><a href=\"https:\/\/afc.cat\/wp-content\/uploads\/2022\/02\/27-Carmen-Casademont-Ribot-19-Punts.jpg\" data-title=\"27 &#8211; Carmen Casademont Ribot &#8211; 19 Punts\" title=\"27 &#8211; Carmen Casademont Ribot &#8211; 19 Punts\" rel=\"noreferrer\" data-rel=\"iLightbox[gallery_image_1]\" class=\"fusion-lightbox\" target=\"_self\"><img decoding=\"async\" src=\"https:\/\/afc.cat\/wp-content\/uploads\/2022\/02\/27-Carmen-Casademont-Ribot-19-Punts-320x202.jpg\" width=\"320\" height=\"202\" alt=\"\" title=\"27 &#8211; Carmen Casademont Ribot &#8211; 19 Punts\" aria-label=\"27 &#8211; Carmen Casademont Ribot &#8211; 19 Punts\" class=\"img-responsive wp-image-25967 fusion-gallery-image-size-fixed\" \/><\/a><\/div><\/div><div style=\"padding:5px;\" class=\"fusion-grid-column fusion-gallery-column fusion-gallery-column-6 hover-type-zoomin\"><div class=\"fusion-gallery-image\"><a href=\"https:\/\/afc.cat\/wp-content\/uploads\/2022\/02\/28-Albert-Folch-Navalon-19-Punts.jpg\" data-title=\"28 &#8211; Albert Folch Naval\u00f3n &#8211; 19 Punts\" title=\"28 &#8211; Albert Folch Naval\u00f3n &#8211; 19 Punts\" rel=\"noreferrer\" data-rel=\"iLightbox[gallery_image_1]\" class=\"fusion-lightbox\" target=\"_self\"><img decoding=\"async\" src=\"https:\/\/afc.cat\/wp-content\/uploads\/2022\/02\/28-Albert-Folch-Navalon-19-Punts-320x202.jpg\" width=\"320\" height=\"202\" alt=\"\" title=\"28 &#8211; Albert Folch Naval\u00f3n &#8211; 19 Punts\" aria-label=\"28 &#8211; Albert Folch Naval\u00f3n &#8211; 19 Punts\" class=\"img-responsive wp-image-25969 fusion-gallery-image-size-fixed\" \/><\/a><\/div><\/div><div style=\"padding:5px;\" class=\"fusion-grid-column fusion-gallery-column fusion-gallery-column-6 hover-type-zoomin\"><div class=\"fusion-gallery-image\"><a href=\"https:\/\/afc.cat\/wp-content\/uploads\/2022\/02\/29-Joaquim-Llop-Causi-18-Punts.jpg\" data-title=\"29 &#8211; Joaquim Llop Causi &#8211; 18 Punts\" title=\"29 &#8211; Joaquim Llop Causi &#8211; 18 Punts\" rel=\"noreferrer\" data-rel=\"iLightbox[gallery_image_1]\" class=\"fusion-lightbox\" target=\"_self\"><img decoding=\"async\" src=\"https:\/\/afc.cat\/wp-content\/uploads\/2022\/02\/29-Joaquim-Llop-Causi-18-Punts-320x202.jpg\" width=\"320\" height=\"202\" alt=\"\" title=\"29 &#8211; Joaquim Llop Causi &#8211; 18 Punts\" aria-label=\"29 &#8211; Joaquim Llop Causi &#8211; 18 Punts\" class=\"img-responsive wp-image-25971 fusion-gallery-image-size-fixed\" \/><\/a><\/div><\/div><div style=\"padding:5px;\" class=\"fusion-grid-column fusion-gallery-column fusion-gallery-column-6 hover-type-zoomin\"><div class=\"fusion-gallery-image\"><a href=\"https:\/\/afc.cat\/wp-content\/uploads\/2022\/02\/30-Miguel-Lopez-Mallach-18-Punts.jpg\" data-title=\"30 &#8211; Miguel L\u00f3pez Mallach &#8211; 18 Punts\" title=\"30 &#8211; Miguel L\u00f3pez Mallach &#8211; 18 Punts\" rel=\"noreferrer\" data-rel=\"iLightbox[gallery_image_1]\" class=\"fusion-lightbox\" target=\"_self\"><img decoding=\"async\" src=\"https:\/\/afc.cat\/wp-content\/uploads\/2022\/02\/30-Miguel-Lopez-Mallach-18-Punts-320x202.jpg\" width=\"320\" height=\"202\" alt=\"\" title=\"30 &#8211; Miguel L\u00f3pez Mallach &#8211; 18 Punts\" aria-label=\"30 &#8211; Miguel L\u00f3pez Mallach &#8211; 18 Punts\" class=\"img-responsive wp-image-25973 fusion-gallery-image-size-fixed\" srcset=\"https:\/\/afc.cat\/wp-content\/uploads\/2022\/02\/30-Miguel-Lopez-Mallach-18-Punts-320x202.jpg 320w, https:\/\/afc.cat\/wp-content\/uploads\/2022\/02\/30-Miguel-Lopez-Mallach-18-Punts-700x441.jpg 700w\" sizes=\"(max-width: 320px) 100vw, 320px\" \/><\/a><\/div><\/div><div class=\"clearfix\"><\/div><div style=\"padding:5px;\" class=\"fusion-grid-column fusion-gallery-column fusion-gallery-column-6 hover-type-zoomin\"><div class=\"fusion-gallery-image\"><a href=\"https:\/\/afc.cat\/wp-content\/uploads\/2022\/02\/31-Carmen-Camprodon-Vidal-17-Punts.jpg\" data-title=\"31 &#8211; Carmen Camprodon Vidal &#8211; 17 Punts\" title=\"31 &#8211; Carmen Camprodon Vidal &#8211; 17 Punts\" rel=\"noreferrer\" data-rel=\"iLightbox[gallery_image_1]\" class=\"fusion-lightbox\" target=\"_self\"><img decoding=\"async\" src=\"https:\/\/afc.cat\/wp-content\/uploads\/2022\/02\/31-Carmen-Camprodon-Vidal-17-Punts-320x202.jpg\" width=\"320\" height=\"202\" alt=\"\" title=\"31 &#8211; Carmen Camprodon Vidal &#8211; 17 Punts\" aria-label=\"31 &#8211; Carmen Camprodon Vidal &#8211; 17 Punts\" class=\"img-responsive wp-image-25975 fusion-gallery-image-size-fixed\" srcset=\"https:\/\/afc.cat\/wp-content\/uploads\/2022\/02\/31-Carmen-Camprodon-Vidal-17-Punts-320x202.jpg 320w, https:\/\/afc.cat\/wp-content\/uploads\/2022\/02\/31-Carmen-Camprodon-Vidal-17-Punts-700x441.jpg 700w\" sizes=\"(max-width: 320px) 100vw, 320px\" \/><\/a><\/div><\/div><div style=\"padding:5px;\" class=\"fusion-grid-column fusion-gallery-column fusion-gallery-column-6 hover-type-zoomin\"><div class=\"fusion-gallery-image\"><a href=\"https:\/\/afc.cat\/wp-content\/uploads\/2022\/02\/32-Antoni-Serrano-i-Cortes-17-Punts.jpg\" data-title=\"32 &#8211; Antoni Serrano i Cort\u00e8s &#8211; 17 Punts\" title=\"32 &#8211; Antoni Serrano i Cort\u00e8s &#8211; 17 Punts\" rel=\"noreferrer\" data-rel=\"iLightbox[gallery_image_1]\" class=\"fusion-lightbox\" target=\"_self\"><img decoding=\"async\" src=\"https:\/\/afc.cat\/wp-content\/uploads\/2022\/02\/32-Antoni-Serrano-i-Cortes-17-Punts-320x202.jpg\" width=\"320\" height=\"202\" alt=\"\" title=\"32 &#8211; Antoni Serrano i Cort\u00e8s &#8211; 17 Punts\" aria-label=\"32 &#8211; Antoni Serrano i Cort\u00e8s &#8211; 17 Punts\" class=\"img-responsive wp-image-25977 fusion-gallery-image-size-fixed\" srcset=\"https:\/\/afc.cat\/wp-content\/uploads\/2022\/02\/32-Antoni-Serrano-i-Cortes-17-Punts-320x202.jpg 320w, https:\/\/afc.cat\/wp-content\/uploads\/2022\/02\/32-Antoni-Serrano-i-Cortes-17-Punts-700x441.jpg 700w\" sizes=\"(max-width: 320px) 100vw, 320px\" \/><\/a><\/div><\/div><\/div><div class=\"fusion-separator fusion-full-width-sep\" style=\"align-self: center;margin-left: auto;margin-right: auto;margin-top:20px;margin-bottom:20px;width:100%;\"><div class=\"fusion-separator-border sep-single sep-solid\" style=\"border-color:#3ec0bf;border-top-width:1px;\"><\/div><\/div><div class=\"fusion-text fusion-text-4\"><p style=\"text-align: center;\"><strong>PUNTUACI\u00d3N GENERAL ACUMULADA COLOR<\/strong><\/p>\n<\/div><div style=\"text-align:center;\"><style>.fusion-imageframe.imageframe-2{ margin-bottom : 20px;}<\/style><span class=\" fusion-imageframe imageframe-none imageframe-2 hover-type-none\"><img decoding=\"async\" width=\"765\" height=\"1033\" title=\"Ranking enero 22 color\" src=\"https:\/\/afc.cat\/wp-content\/uploads\/2022\/02\/ranking-gener-22-color-1.jpg\" alt class=\"img-responsive wp-image-26132\" srcset=\"https:\/\/afc.cat\/wp-content\/uploads\/2022\/02\/ranking-gener-22-color-1-200x270.jpg 200w, https:\/\/afc.cat\/wp-content\/uploads\/2022\/02\/ranking-gener-22-color-1-400x540.jpg 400w, https:\/\/afc.cat\/wp-content\/uploads\/2022\/02\/ranking-gener-22-color-1-600x810.jpg 600w, https:\/\/afc.cat\/wp-content\/uploads\/2022\/02\/ranking-gener-22-color-1.jpg 765w\" sizes=\"(max-width: 640px) 100vw, 765px\" \/><\/span><\/div><div class=\"fusion-text fusion-text-5\"><p style=\"text-align: center;\"><strong>Clasificaci\u00f3n color de enero 2022<\/strong><\/p>\n<p style=\"text-align: center;\"><strong>(35 participantes)<\/strong><\/p>\n<\/div><style type=\"text\/css\">.fusion-gallery-2 .fusion-gallery-image {border:0px solid #e2e2e2;}<\/style><div class=\"fusion-gallery fusion-gallery-container fusion-grid-6 fusion-columns-total-35 fusion-gallery-layout-grid fusion-gallery-2\" style=\"margin:-5px;\"><div style=\"padding:5px;\" class=\"fusion-grid-column fusion-gallery-column fusion-gallery-column-6 hover-type-none\"><div class=\"fusion-gallery-image\"><a href=\"https:\/\/afc.cat\/wp-content\/uploads\/2022\/02\/01-Antoni-Torres-Bargallo-27-Punts.jpg\" data-title=\"01 &#8211; Antoni Torres Bargall\u00f3 &#8211; 27 Punts\" title=\"01 &#8211; Antoni Torres Bargall\u00f3 &#8211; 27 Punts\" rel=\"noreferrer\" data-rel=\"iLightbox[gallery_image_2]\" class=\"fusion-lightbox\" target=\"_self\"><img decoding=\"async\" src=\"https:\/\/afc.cat\/wp-content\/uploads\/2022\/02\/01-Antoni-Torres-Bargallo-27-Punts-320x202.jpg\" width=\"320\" height=\"202\" alt=\"\" title=\"01 &#8211; Antoni Torres Bargall\u00f3 &#8211; 27 Punts\" aria-label=\"01 &#8211; Antoni Torres Bargall\u00f3 &#8211; 27 Punts\" class=\"img-responsive wp-image-25979 fusion-gallery-image-size-fixed\" srcset=\"https:\/\/afc.cat\/wp-content\/uploads\/2022\/02\/01-Antoni-Torres-Bargallo-27-Punts-320x202.jpg 320w, https:\/\/afc.cat\/wp-content\/uploads\/2022\/02\/01-Antoni-Torres-Bargallo-27-Punts-700x441.jpg 700w\" sizes=\"(max-width: 320px) 100vw, 320px\" \/><\/a><\/div><\/div><div style=\"padding:5px;\" class=\"fusion-grid-column fusion-gallery-column fusion-gallery-column-6 hover-type-none\"><div class=\"fusion-gallery-image\"><a href=\"https:\/\/afc.cat\/wp-content\/uploads\/2022\/02\/02-Josep-Maria-Bonjoch-Trilla-26-Punts.jpg\" data-title=\"02 &#8211; Josep Maria Bonjoch Trilla &#8211; 26 Punts\" title=\"02 &#8211; Josep Maria Bonjoch Trilla &#8211; 26 Punts\" rel=\"noreferrer\" data-rel=\"iLightbox[gallery_image_2]\" class=\"fusion-lightbox\" target=\"_self\"><img decoding=\"async\" src=\"https:\/\/afc.cat\/wp-content\/uploads\/2022\/02\/02-Josep-Maria-Bonjoch-Trilla-26-Punts-320x202.jpg\" width=\"320\" height=\"202\" alt=\"\" title=\"02 &#8211; Josep Maria Bonjoch Trilla &#8211; 26 Punts\" aria-label=\"02 &#8211; Josep Maria Bonjoch Trilla &#8211; 26 Punts\" class=\"img-responsive wp-image-25981 fusion-gallery-image-size-fixed\" srcset=\"https:\/\/afc.cat\/wp-content\/uploads\/2022\/02\/02-Josep-Maria-Bonjoch-Trilla-26-Punts-320x202.jpg 320w, https:\/\/afc.cat\/wp-content\/uploads\/2022\/02\/02-Josep-Maria-Bonjoch-Trilla-26-Punts-700x441.jpg 700w\" sizes=\"(max-width: 320px) 100vw, 320px\" \/><\/a><\/div><\/div><div style=\"padding:5px;\" class=\"fusion-grid-column fusion-gallery-column fusion-gallery-column-6 hover-type-none\"><div class=\"fusion-gallery-image\"><a href=\"https:\/\/afc.cat\/wp-content\/uploads\/2022\/02\/03-Anna-Barnes-Guillen-24-Punts.jpg\" data-title=\"03 &#8211; Anna Barn\u00e9s Guill\u00e9n &#8211; 24 Punts\" title=\"03 &#8211; Anna Barn\u00e9s Guill\u00e9n &#8211; 24 Punts\" rel=\"noreferrer\" data-rel=\"iLightbox[gallery_image_2]\" class=\"fusion-lightbox\" target=\"_self\"><img decoding=\"async\" src=\"https:\/\/afc.cat\/wp-content\/uploads\/2022\/02\/03-Anna-Barnes-Guillen-24-Punts-320x202.jpg\" width=\"320\" height=\"202\" alt=\"\" title=\"03 &#8211; Anna Barn\u00e9s Guill\u00e9n &#8211; 24 Punts\" aria-label=\"03 &#8211; Anna Barn\u00e9s Guill\u00e9n &#8211; 24 Punts\" class=\"img-responsive wp-image-25983 fusion-gallery-image-size-fixed\" srcset=\"https:\/\/afc.cat\/wp-content\/uploads\/2022\/02\/03-Anna-Barnes-Guillen-24-Punts-320x202.jpg 320w, https:\/\/afc.cat\/wp-content\/uploads\/2022\/02\/03-Anna-Barnes-Guillen-24-Punts-700x441.jpg 700w\" sizes=\"(max-width: 320px) 100vw, 320px\" \/><\/a><\/div><\/div><div style=\"padding:5px;\" class=\"fusion-grid-column fusion-gallery-column fusion-gallery-column-6 hover-type-none\"><div class=\"fusion-gallery-image\"><a href=\"https:\/\/afc.cat\/wp-content\/uploads\/2022\/02\/04-Margarita-fresco-crespo-24-Punts.jpg\" data-title=\"04 &#8211; Margarita fresco crespo &#8211; 24 Punts\" title=\"04 &#8211; Margarita fresco crespo &#8211; 24 Punts\" rel=\"noreferrer\" data-rel=\"iLightbox[gallery_image_2]\" class=\"fusion-lightbox\" target=\"_self\"><img decoding=\"async\" src=\"https:\/\/afc.cat\/wp-content\/uploads\/2022\/02\/04-Margarita-fresco-crespo-24-Punts-320x202.jpg\" width=\"320\" height=\"202\" alt=\"\" title=\"04 &#8211; Margarita fresco crespo &#8211; 24 Punts\" aria-label=\"04 &#8211; Margarita fresco crespo &#8211; 24 Punts\" class=\"img-responsive wp-image-25985 fusion-gallery-image-size-fixed\" srcset=\"https:\/\/afc.cat\/wp-content\/uploads\/2022\/02\/04-Margarita-fresco-crespo-24-Punts-320x202.jpg 320w, https:\/\/afc.cat\/wp-content\/uploads\/2022\/02\/04-Margarita-fresco-crespo-24-Punts-700x441.jpg 700w\" sizes=\"(max-width: 320px) 100vw, 320px\" \/><\/a><\/div><\/div><div class=\"clearfix\"><\/div><div style=\"padding:5px;\" class=\"fusion-grid-column fusion-gallery-column fusion-gallery-column-6 hover-type-none\"><div class=\"fusion-gallery-image\"><a href=\"https:\/\/afc.cat\/wp-content\/uploads\/2022\/02\/05-Elena-Sanchez-Vizcaino-Mengual-24-Punts.jpg\" data-title=\"05 &#8211; Elena S\u00e1nchez-Vizca\u00edno Mengual &#8211; 24 Punts\" title=\"05 &#8211; Elena S\u00e1nchez-Vizca\u00edno Mengual &#8211; 24 Punts\" rel=\"noreferrer\" data-rel=\"iLightbox[gallery_image_2]\" class=\"fusion-lightbox\" target=\"_self\"><img decoding=\"async\" src=\"https:\/\/afc.cat\/wp-content\/uploads\/2022\/02\/05-Elena-Sanchez-Vizcaino-Mengual-24-Punts-320x202.jpg\" width=\"320\" height=\"202\" alt=\"\" title=\"05 &#8211; Elena S\u00e1nchez-Vizca\u00edno Mengual &#8211; 24 Punts\" aria-label=\"05 &#8211; Elena S\u00e1nchez-Vizca\u00edno Mengual &#8211; 24 Punts\" class=\"img-responsive wp-image-25987 fusion-gallery-image-size-fixed\" srcset=\"https:\/\/afc.cat\/wp-content\/uploads\/2022\/02\/05-Elena-Sanchez-Vizcaino-Mengual-24-Punts-320x202.jpg 320w, https:\/\/afc.cat\/wp-content\/uploads\/2022\/02\/05-Elena-Sanchez-Vizcaino-Mengual-24-Punts-700x441.jpg 700w\" sizes=\"(max-width: 320px) 100vw, 320px\" \/><\/a><\/div><\/div><div style=\"padding:5px;\" class=\"fusion-grid-column fusion-gallery-column fusion-gallery-column-6 hover-type-none\"><div class=\"fusion-gallery-image\"><a href=\"https:\/\/afc.cat\/wp-content\/uploads\/2022\/02\/06-Juan-Jose-Royo-Ferrer-23-Punts.jpg\" data-title=\"06 &#8211; Juan Jos\u00e9 Royo Ferrer &#8211; 23 Punts\" title=\"06 &#8211; Juan Jos\u00e9 Royo Ferrer &#8211; 23 Punts\" rel=\"noreferrer\" data-rel=\"iLightbox[gallery_image_2]\" class=\"fusion-lightbox\" target=\"_self\"><img decoding=\"async\" src=\"https:\/\/afc.cat\/wp-content\/uploads\/2022\/02\/06-Juan-Jose-Royo-Ferrer-23-Punts-320x202.jpg\" width=\"320\" height=\"202\" alt=\"\" title=\"06 &#8211; Juan Jos\u00e9 Royo Ferrer &#8211; 23 Punts\" aria-label=\"06 &#8211; Juan Jos\u00e9 Royo Ferrer &#8211; 23 Punts\" class=\"img-responsive wp-image-25989 fusion-gallery-image-size-fixed\" srcset=\"https:\/\/afc.cat\/wp-content\/uploads\/2022\/02\/06-Juan-Jose-Royo-Ferrer-23-Punts-320x202.jpg 320w, https:\/\/afc.cat\/wp-content\/uploads\/2022\/02\/06-Juan-Jose-Royo-Ferrer-23-Punts-700x441.jpg 700w\" sizes=\"(max-width: 320px) 100vw, 320px\" \/><\/a><\/div><\/div><div style=\"padding:5px;\" class=\"fusion-grid-column fusion-gallery-column fusion-gallery-column-6 hover-type-none\"><div class=\"fusion-gallery-image\"><a href=\"https:\/\/afc.cat\/wp-content\/uploads\/2022\/02\/07-Santiago-Garcia-Cuadrado-23-Punts.jpg\" data-title=\"07 &#8211; Santiago Garc\u00eda Cuadrado &#8211; 23 Punts\" title=\"07 &#8211; Santiago Garc\u00eda Cuadrado &#8211; 23 Punts\" rel=\"noreferrer\" data-rel=\"iLightbox[gallery_image_2]\" class=\"fusion-lightbox\" target=\"_self\"><img decoding=\"async\" src=\"https:\/\/afc.cat\/wp-content\/uploads\/2022\/02\/07-Santiago-Garcia-Cuadrado-23-Punts-320x202.jpg\" width=\"320\" height=\"202\" alt=\"\" title=\"07 &#8211; Santiago Garc\u00eda Cuadrado &#8211; 23 Punts\" aria-label=\"07 &#8211; Santiago Garc\u00eda Cuadrado &#8211; 23 Punts\" class=\"img-responsive wp-image-25991 fusion-gallery-image-size-fixed\" srcset=\"https:\/\/afc.cat\/wp-content\/uploads\/2022\/02\/07-Santiago-Garcia-Cuadrado-23-Punts-320x202.jpg 320w, https:\/\/afc.cat\/wp-content\/uploads\/2022\/02\/07-Santiago-Garcia-Cuadrado-23-Punts-700x441.jpg 700w\" sizes=\"(max-width: 320px) 100vw, 320px\" \/><\/a><\/div><\/div><div style=\"padding:5px;\" class=\"fusion-grid-column fusion-gallery-column fusion-gallery-column-6 hover-type-none\"><div class=\"fusion-gallery-image\"><a href=\"https:\/\/afc.cat\/wp-content\/uploads\/2022\/02\/08-Miguel-Lopez-Mallach-23-Punts.jpg\" data-title=\"08 &#8211; Miguel L\u00f3pez Mallach &#8211; 23 Punts\" title=\"08 &#8211; Miguel L\u00f3pez Mallach &#8211; 23 Punts\" rel=\"noreferrer\" data-rel=\"iLightbox[gallery_image_2]\" class=\"fusion-lightbox\" target=\"_self\"><img decoding=\"async\" src=\"https:\/\/afc.cat\/wp-content\/uploads\/2022\/02\/08-Miguel-Lopez-Mallach-23-Punts-320x202.jpg\" width=\"320\" height=\"202\" alt=\"\" title=\"08 &#8211; Miguel L\u00f3pez Mallach &#8211; 23 Punts\" aria-label=\"08 &#8211; Miguel L\u00f3pez Mallach &#8211; 23 Punts\" class=\"img-responsive wp-image-25993 fusion-gallery-image-size-fixed\" \/><\/a><\/div><\/div><div style=\"padding:5px;\" class=\"fusion-grid-column fusion-gallery-column fusion-gallery-column-6 hover-type-none\"><div class=\"fusion-gallery-image\"><a href=\"https:\/\/afc.cat\/wp-content\/uploads\/2022\/02\/09-Irenes-Sanz-Ramirez-23-Punts.jpg\" data-title=\"09 &#8211; Irenes Sanz Ramirez &#8211; 23 Punts\" title=\"09 &#8211; Irenes Sanz Ramirez &#8211; 23 Punts\" rel=\"noreferrer\" data-rel=\"iLightbox[gallery_image_2]\" class=\"fusion-lightbox\" target=\"_self\"><img decoding=\"async\" src=\"https:\/\/afc.cat\/wp-content\/uploads\/2022\/02\/09-Irenes-Sanz-Ramirez-23-Punts-320x202.jpg\" width=\"320\" height=\"202\" alt=\"\" title=\"09 &#8211; Irenes Sanz Ramirez &#8211; 23 Punts\" aria-label=\"09 &#8211; Irenes Sanz Ramirez &#8211; 23 Punts\" class=\"img-responsive wp-image-25995 fusion-gallery-image-size-fixed\" srcset=\"https:\/\/afc.cat\/wp-content\/uploads\/2022\/02\/09-Irenes-Sanz-Ramirez-23-Punts-320x202.jpg 320w, https:\/\/afc.cat\/wp-content\/uploads\/2022\/02\/09-Irenes-Sanz-Ramirez-23-Punts-700x441.jpg 700w\" sizes=\"(max-width: 320px) 100vw, 320px\" \/><\/a><\/div><\/div><div style=\"padding:5px;\" class=\"fusion-grid-column fusion-gallery-column fusion-gallery-column-6 hover-type-none\"><div class=\"fusion-gallery-image\"><a href=\"https:\/\/afc.cat\/wp-content\/uploads\/2022\/02\/10-Teresa-Tejero-Lopez-22-Punts.jpg\" data-title=\"10 &#8211; Teresa Tejero Lopez &#8211; 22 Punts\" title=\"10 &#8211; Teresa Tejero Lopez &#8211; 22 Punts\" rel=\"noreferrer\" data-rel=\"iLightbox[gallery_image_2]\" class=\"fusion-lightbox\" target=\"_self\"><img decoding=\"async\" src=\"https:\/\/afc.cat\/wp-content\/uploads\/2022\/02\/10-Teresa-Tejero-Lopez-22-Punts-320x202.jpg\" width=\"320\" height=\"202\" alt=\"\" title=\"10 &#8211; Teresa Tejero Lopez &#8211; 22 Punts\" aria-label=\"10 &#8211; Teresa Tejero Lopez &#8211; 22 Punts\" class=\"img-responsive wp-image-25997 fusion-gallery-image-size-fixed\" srcset=\"https:\/\/afc.cat\/wp-content\/uploads\/2022\/02\/10-Teresa-Tejero-Lopez-22-Punts-320x202.jpg 320w, https:\/\/afc.cat\/wp-content\/uploads\/2022\/02\/10-Teresa-Tejero-Lopez-22-Punts-700x441.jpg 700w\" sizes=\"(max-width: 320px) 100vw, 320px\" \/><\/a><\/div><\/div><div class=\"clearfix\"><\/div><div style=\"padding:5px;\" class=\"fusion-grid-column fusion-gallery-column fusion-gallery-column-6 hover-type-none\"><div class=\"fusion-gallery-image\"><a href=\"https:\/\/afc.cat\/wp-content\/uploads\/2022\/02\/11-Sara-Assens-Mampel-22-Punts.jpg\" data-title=\"11 &#8211; Sara Assens Mampel &#8211; 22 Punts\" title=\"11 &#8211; Sara Assens Mampel &#8211; 22 Punts\" rel=\"noreferrer\" data-rel=\"iLightbox[gallery_image_2]\" class=\"fusion-lightbox\" target=\"_self\"><img decoding=\"async\" src=\"https:\/\/afc.cat\/wp-content\/uploads\/2022\/02\/11-Sara-Assens-Mampel-22-Punts-320x202.jpg\" width=\"320\" height=\"202\" alt=\"\" title=\"11 &#8211; Sara Assens Mampel &#8211; 22 Punts\" aria-label=\"11 &#8211; Sara Assens Mampel &#8211; 22 Punts\" class=\"img-responsive wp-image-25999 fusion-gallery-image-size-fixed\" srcset=\"https:\/\/afc.cat\/wp-content\/uploads\/2022\/02\/11-Sara-Assens-Mampel-22-Punts-200x127.jpg 200w, https:\/\/afc.cat\/wp-content\/uploads\/2022\/02\/11-Sara-Assens-Mampel-22-Punts-400x254.jpg 400w, https:\/\/afc.cat\/wp-content\/uploads\/2022\/02\/11-Sara-Assens-Mampel-22-Punts-600x381.jpg 600w, https:\/\/afc.cat\/wp-content\/uploads\/2022\/02\/11-Sara-Assens-Mampel-22-Punts-800x508.jpg 800w, https:\/\/afc.cat\/wp-content\/uploads\/2022\/02\/11-Sara-Assens-Mampel-22-Punts.jpg 1024w\" sizes=\"(min-width: 2200px) 100vw, (min-width: 1120px) 204px, (min-width: 1024px) 245px, (min-width: 928px) 306px, (min-width: 832px) 408px, (min-width: 736px) 613px, (min-width: 640px) 736px, \" \/><\/a><\/div><\/div><div style=\"padding:5px;\" class=\"fusion-grid-column fusion-gallery-column fusion-gallery-column-6 hover-type-none\"><div class=\"fusion-gallery-image\"><a href=\"https:\/\/afc.cat\/wp-content\/uploads\/2022\/02\/12-Adolfo-Garcia-Bastard-22-Punts.jpg\" data-title=\"12 &#8211; Adolfo Garcia Bastard &#8211; 22 Punts\" title=\"12 &#8211; Adolfo Garcia Bastard &#8211; 22 Punts\" rel=\"noreferrer\" data-rel=\"iLightbox[gallery_image_2]\" class=\"fusion-lightbox\" target=\"_self\"><img decoding=\"async\" src=\"https:\/\/afc.cat\/wp-content\/uploads\/2022\/02\/12-Adolfo-Garcia-Bastard-22-Punts-320x202.jpg\" width=\"320\" height=\"202\" alt=\"\" title=\"12 &#8211; Adolfo Garcia Bastard &#8211; 22 Punts\" aria-label=\"12 &#8211; Adolfo Garcia Bastard &#8211; 22 Punts\" class=\"img-responsive wp-image-26001 fusion-gallery-image-size-fixed\" srcset=\"https:\/\/afc.cat\/wp-content\/uploads\/2022\/02\/12-Adolfo-Garcia-Bastard-22-Punts-320x202.jpg 320w, https:\/\/afc.cat\/wp-content\/uploads\/2022\/02\/12-Adolfo-Garcia-Bastard-22-Punts-700x441.jpg 700w\" sizes=\"(max-width: 320px) 100vw, 320px\" \/><\/a><\/div><\/div><div style=\"padding:5px;\" class=\"fusion-grid-column fusion-gallery-column fusion-gallery-column-6 hover-type-none\"><div class=\"fusion-gallery-image\"><a href=\"https:\/\/afc.cat\/wp-content\/uploads\/2022\/02\/13-Felix-Jose-Vizcaino-Garcia-22-Punts.jpg\" data-title=\"13 &#8211; F\u00e9lix Jos\u00e9 Vizca\u00edno Garc\u00eda &#8211; 22 Punts\" title=\"13 &#8211; F\u00e9lix Jos\u00e9 Vizca\u00edno Garc\u00eda &#8211; 22 Punts\" rel=\"noreferrer\" data-rel=\"iLightbox[gallery_image_2]\" class=\"fusion-lightbox\" target=\"_self\"><img decoding=\"async\" src=\"https:\/\/afc.cat\/wp-content\/uploads\/2022\/02\/13-Felix-Jose-Vizcaino-Garcia-22-Punts-320x202.jpg\" width=\"320\" height=\"202\" alt=\"\" title=\"13 &#8211; F\u00e9lix Jos\u00e9 Vizca\u00edno Garc\u00eda &#8211; 22 Punts\" aria-label=\"13 &#8211; F\u00e9lix Jos\u00e9 Vizca\u00edno Garc\u00eda &#8211; 22 Punts\" class=\"img-responsive wp-image-26003 fusion-gallery-image-size-fixed\" srcset=\"https:\/\/afc.cat\/wp-content\/uploads\/2022\/02\/13-Felix-Jose-Vizcaino-Garcia-22-Punts-320x202.jpg 320w, https:\/\/afc.cat\/wp-content\/uploads\/2022\/02\/13-Felix-Jose-Vizcaino-Garcia-22-Punts-700x441.jpg 700w\" sizes=\"(max-width: 320px) 100vw, 320px\" \/><\/a><\/div><\/div><div style=\"padding:5px;\" class=\"fusion-grid-column fusion-gallery-column fusion-gallery-column-6 hover-type-none\"><div class=\"fusion-gallery-image\"><a href=\"https:\/\/afc.cat\/wp-content\/uploads\/2022\/02\/14-Josep-Soler-Vendrell-22-Punts.jpg\" data-title=\"14 &#8211; Josep Soler Vendrell &#8211; 22 Punts\" title=\"14 &#8211; Josep Soler Vendrell &#8211; 22 Punts\" rel=\"noreferrer\" data-rel=\"iLightbox[gallery_image_2]\" class=\"fusion-lightbox\" target=\"_self\"><img decoding=\"async\" src=\"https:\/\/afc.cat\/wp-content\/uploads\/2022\/02\/14-Josep-Soler-Vendrell-22-Punts-320x202.jpg\" width=\"320\" height=\"202\" alt=\"\" title=\"14 &#8211; Josep Soler Vendrell &#8211; 22 Punts\" aria-label=\"14 &#8211; Josep Soler Vendrell &#8211; 22 Punts\" class=\"img-responsive wp-image-26005 fusion-gallery-image-size-fixed\" srcset=\"https:\/\/afc.cat\/wp-content\/uploads\/2022\/02\/14-Josep-Soler-Vendrell-22-Punts-320x202.jpg 320w, https:\/\/afc.cat\/wp-content\/uploads\/2022\/02\/14-Josep-Soler-Vendrell-22-Punts-700x441.jpg 700w\" sizes=\"(max-width: 320px) 100vw, 320px\" \/><\/a><\/div><\/div><div style=\"padding:5px;\" class=\"fusion-grid-column fusion-gallery-column fusion-gallery-column-6 hover-type-none\"><div class=\"fusion-gallery-image\"><a href=\"https:\/\/afc.cat\/wp-content\/uploads\/2022\/02\/15-Toni-Torras-Llaurado-21-Punts.jpg\" data-title=\"15 &#8211; Toni Torras Llaurad\u00f3 &#8211; 21 Punts\" title=\"15 &#8211; Toni Torras Llaurad\u00f3 &#8211; 21 Punts\" rel=\"noreferrer\" data-rel=\"iLightbox[gallery_image_2]\" class=\"fusion-lightbox\" target=\"_self\"><img decoding=\"async\" src=\"https:\/\/afc.cat\/wp-content\/uploads\/2022\/02\/15-Toni-Torras-Llaurado-21-Punts-320x202.jpg\" width=\"320\" height=\"202\" alt=\"\" title=\"15 &#8211; Toni Torras Llaurad\u00f3 &#8211; 21 Punts\" aria-label=\"15 &#8211; Toni Torras Llaurad\u00f3 &#8211; 21 Punts\" class=\"img-responsive wp-image-26007 fusion-gallery-image-size-fixed\" srcset=\"https:\/\/afc.cat\/wp-content\/uploads\/2022\/02\/15-Toni-Torras-Llaurado-21-Punts-320x202.jpg 320w, https:\/\/afc.cat\/wp-content\/uploads\/2022\/02\/15-Toni-Torras-Llaurado-21-Punts-700x441.jpg 700w\" sizes=\"(max-width: 320px) 100vw, 320px\" \/><\/a><\/div><\/div><div style=\"padding:5px;\" class=\"fusion-grid-column fusion-gallery-column fusion-gallery-column-6 hover-type-none\"><div class=\"fusion-gallery-image\"><a href=\"https:\/\/afc.cat\/wp-content\/uploads\/2022\/02\/16-Gabriel-Bertran-Niculau-21-Punts.jpg\" data-title=\"16 &#8211; Gabriel Bertran Niculau &#8211; 21 Punts\" title=\"16 &#8211; Gabriel Bertran Niculau &#8211; 21 Punts\" rel=\"noreferrer\" data-rel=\"iLightbox[gallery_image_2]\" class=\"fusion-lightbox\" target=\"_self\"><img decoding=\"async\" src=\"https:\/\/afc.cat\/wp-content\/uploads\/2022\/02\/16-Gabriel-Bertran-Niculau-21-Punts-320x202.jpg\" width=\"320\" height=\"202\" alt=\"\" title=\"16 &#8211; Gabriel Bertran Niculau &#8211; 21 Punts\" aria-label=\"16 &#8211; Gabriel Bertran Niculau &#8211; 21 Punts\" class=\"img-responsive wp-image-26009 fusion-gallery-image-size-fixed\" srcset=\"https:\/\/afc.cat\/wp-content\/uploads\/2022\/02\/16-Gabriel-Bertran-Niculau-21-Punts-320x202.jpg 320w, https:\/\/afc.cat\/wp-content\/uploads\/2022\/02\/16-Gabriel-Bertran-Niculau-21-Punts-700x441.jpg 700w\" sizes=\"(max-width: 320px) 100vw, 320px\" \/><\/a><\/div><\/div><div class=\"clearfix\"><\/div><div style=\"padding:5px;\" class=\"fusion-grid-column fusion-gallery-column fusion-gallery-column-6 hover-type-none\"><div class=\"fusion-gallery-image\"><a href=\"https:\/\/afc.cat\/wp-content\/uploads\/2022\/02\/17-Maxim-Poncela-Adot-21-Punts.jpg\" data-title=\"17 &#8211; Maxim Poncela Adot &#8211; 21 Punts\" title=\"17 &#8211; Maxim Poncela Adot &#8211; 21 Punts\" rel=\"noreferrer\" data-rel=\"iLightbox[gallery_image_2]\" class=\"fusion-lightbox\" target=\"_self\"><img decoding=\"async\" src=\"https:\/\/afc.cat\/wp-content\/uploads\/2022\/02\/17-Maxim-Poncela-Adot-21-Punts-320x202.jpg\" width=\"320\" height=\"202\" alt=\"\" title=\"17 &#8211; Maxim Poncela Adot &#8211; 21 Punts\" aria-label=\"17 &#8211; Maxim Poncela Adot &#8211; 21 Punts\" class=\"img-responsive wp-image-26011 fusion-gallery-image-size-fixed\" \/><\/a><\/div><\/div><div style=\"padding:5px;\" class=\"fusion-grid-column fusion-gallery-column fusion-gallery-column-6 hover-type-none\"><div class=\"fusion-gallery-image\"><a href=\"https:\/\/afc.cat\/wp-content\/uploads\/2022\/02\/18-Angel-Colado-Palacios-21-Punts.jpg\" data-title=\"18 &#8211; \u00c1ngel Colado Palacios &#8211; 21 Punts\" title=\"18 &#8211; \u00c1ngel Colado Palacios &#8211; 21 Punts\" rel=\"noreferrer\" data-rel=\"iLightbox[gallery_image_2]\" class=\"fusion-lightbox\" target=\"_self\"><img decoding=\"async\" src=\"https:\/\/afc.cat\/wp-content\/uploads\/2022\/02\/18-Angel-Colado-Palacios-21-Punts-320x202.jpg\" width=\"320\" height=\"202\" alt=\"\" title=\"18 &#8211; \u00c1ngel Colado Palacios &#8211; 21 Punts\" aria-label=\"18 &#8211; \u00c1ngel Colado Palacios &#8211; 21 Punts\" class=\"img-responsive wp-image-26013 fusion-gallery-image-size-fixed\" srcset=\"https:\/\/afc.cat\/wp-content\/uploads\/2022\/02\/18-Angel-Colado-Palacios-21-Punts-320x202.jpg 320w, https:\/\/afc.cat\/wp-content\/uploads\/2022\/02\/18-Angel-Colado-Palacios-21-Punts-700x441.jpg 700w\" sizes=\"(max-width: 320px) 100vw, 320px\" \/><\/a><\/div><\/div><div style=\"padding:5px;\" class=\"fusion-grid-column fusion-gallery-column fusion-gallery-column-6 hover-type-none\"><div class=\"fusion-gallery-image\"><a href=\"https:\/\/afc.cat\/wp-content\/uploads\/2022\/02\/19-Damian-Tous-Vazquez-21-Punts.jpg\" data-title=\"19 &#8211; Dami\u00e1n Tous Vazquez &#8211; 21 Punts\" title=\"19 &#8211; Dami\u00e1n Tous Vazquez &#8211; 21 Punts\" rel=\"noreferrer\" data-rel=\"iLightbox[gallery_image_2]\" class=\"fusion-lightbox\" target=\"_self\"><img decoding=\"async\" src=\"https:\/\/afc.cat\/wp-content\/uploads\/2022\/02\/19-Damian-Tous-Vazquez-21-Punts-320x202.jpg\" width=\"320\" height=\"202\" alt=\"\" title=\"19 &#8211; Dami\u00e1n Tous Vazquez &#8211; 21 Punts\" aria-label=\"19 &#8211; Dami\u00e1n Tous Vazquez &#8211; 21 Punts\" class=\"img-responsive wp-image-26015 fusion-gallery-image-size-fixed\" srcset=\"https:\/\/afc.cat\/wp-content\/uploads\/2022\/02\/19-Damian-Tous-Vazquez-21-Punts-320x202.jpg 320w, https:\/\/afc.cat\/wp-content\/uploads\/2022\/02\/19-Damian-Tous-Vazquez-21-Punts-700x441.jpg 700w\" sizes=\"(max-width: 320px) 100vw, 320px\" \/><\/a><\/div><\/div><div style=\"padding:5px;\" class=\"fusion-grid-column fusion-gallery-column fusion-gallery-column-6 hover-type-none\"><div class=\"fusion-gallery-image\"><a href=\"https:\/\/afc.cat\/wp-content\/uploads\/2022\/02\/20-Joan-Rue-Domingo-21-Punts.jpg\" data-title=\"20 &#8211; Joan Ru\u00e9 Domingo &#8211; 21 Punts\" title=\"20 &#8211; Joan Ru\u00e9 Domingo &#8211; 21 Punts\" rel=\"noreferrer\" data-rel=\"iLightbox[gallery_image_2]\" class=\"fusion-lightbox\" target=\"_self\"><img decoding=\"async\" src=\"https:\/\/afc.cat\/wp-content\/uploads\/2022\/02\/20-Joan-Rue-Domingo-21-Punts-320x202.jpg\" width=\"320\" height=\"202\" alt=\"\" title=\"20 &#8211; Joan Ru\u00e9 Domingo &#8211; 21 Punts\" aria-label=\"20 &#8211; Joan Ru\u00e9 Domingo &#8211; 21 Punts\" class=\"img-responsive wp-image-26017 fusion-gallery-image-size-fixed\" srcset=\"https:\/\/afc.cat\/wp-content\/uploads\/2022\/02\/20-Joan-Rue-Domingo-21-Punts-320x202.jpg 320w, https:\/\/afc.cat\/wp-content\/uploads\/2022\/02\/20-Joan-Rue-Domingo-21-Punts-700x441.jpg 700w\" sizes=\"(max-width: 320px) 100vw, 320px\" \/><\/a><\/div><\/div><div style=\"padding:5px;\" class=\"fusion-grid-column fusion-gallery-column fusion-gallery-column-6 hover-type-none\"><div class=\"fusion-gallery-image\"><a href=\"https:\/\/afc.cat\/wp-content\/uploads\/2022\/02\/21-David-Penarroya-Hernandez-20-Punts.jpg\" data-title=\"21 &#8211; David Pe\u00f1arroya Hernandez &#8211; 20 Punts\" title=\"21 &#8211; David Pe\u00f1arroya Hernandez &#8211; 20 Punts\" rel=\"noreferrer\" data-rel=\"iLightbox[gallery_image_2]\" class=\"fusion-lightbox\" target=\"_self\"><img decoding=\"async\" src=\"https:\/\/afc.cat\/wp-content\/uploads\/2022\/02\/21-David-Penarroya-Hernandez-20-Punts-320x202.jpg\" width=\"320\" height=\"202\" alt=\"\" title=\"21 &#8211; David Pe\u00f1arroya Hernandez &#8211; 20 Punts\" aria-label=\"21 &#8211; David Pe\u00f1arroya Hernandez &#8211; 20 Punts\" class=\"img-responsive wp-image-26019 fusion-gallery-image-size-fixed\" srcset=\"https:\/\/afc.cat\/wp-content\/uploads\/2022\/02\/21-David-Penarroya-Hernandez-20-Punts-320x202.jpg 320w, https:\/\/afc.cat\/wp-content\/uploads\/2022\/02\/21-David-Penarroya-Hernandez-20-Punts-700x441.jpg 700w\" sizes=\"(max-width: 320px) 100vw, 320px\" \/><\/a><\/div><\/div><div style=\"padding:5px;\" class=\"fusion-grid-column fusion-gallery-column fusion-gallery-column-6 hover-type-none\"><div class=\"fusion-gallery-image\"><a href=\"https:\/\/afc.cat\/wp-content\/uploads\/2022\/02\/22-Ana-M.-Gallego-Lozano-20-Punts.jpg\" data-title=\"22 &#8211; Ana M. Gallego Lozano &#8211; 20 Punts\" title=\"22 &#8211; Ana M. Gallego Lozano &#8211; 20 Punts\" rel=\"noreferrer\" data-rel=\"iLightbox[gallery_image_2]\" class=\"fusion-lightbox\" target=\"_self\"><img decoding=\"async\" src=\"https:\/\/afc.cat\/wp-content\/uploads\/2022\/02\/22-Ana-M.-Gallego-Lozano-20-Punts-320x202.jpg\" width=\"320\" height=\"202\" alt=\"\" title=\"22 &#8211; Ana M. Gallego Lozano &#8211; 20 Punts\" aria-label=\"22 &#8211; Ana M. Gallego Lozano &#8211; 20 Punts\" class=\"img-responsive wp-image-26021 fusion-gallery-image-size-fixed\" srcset=\"https:\/\/afc.cat\/wp-content\/uploads\/2022\/02\/22-Ana-M.-Gallego-Lozano-20-Punts-320x202.jpg 320w, https:\/\/afc.cat\/wp-content\/uploads\/2022\/02\/22-Ana-M.-Gallego-Lozano-20-Punts-700x441.jpg 700w\" sizes=\"(max-width: 320px) 100vw, 320px\" \/><\/a><\/div><\/div><div class=\"clearfix\"><\/div><div style=\"padding:5px;\" class=\"fusion-grid-column fusion-gallery-column fusion-gallery-column-6 hover-type-none\"><div class=\"fusion-gallery-image\"><a href=\"https:\/\/afc.cat\/wp-content\/uploads\/2022\/02\/23-Manuel-Daniel-Rivera-20-Punts.jpg\" data-title=\"23 &#8211; Manuel Daniel Rivera &#8211; 20 Punts\" title=\"23 &#8211; Manuel Daniel Rivera &#8211; 20 Punts\" rel=\"noreferrer\" data-rel=\"iLightbox[gallery_image_2]\" class=\"fusion-lightbox\" target=\"_self\"><img decoding=\"async\" src=\"https:\/\/afc.cat\/wp-content\/uploads\/2022\/02\/23-Manuel-Daniel-Rivera-20-Punts-320x202.jpg\" width=\"320\" height=\"202\" alt=\"\" title=\"23 &#8211; Manuel Daniel Rivera &#8211; 20 Punts\" aria-label=\"23 &#8211; Manuel Daniel Rivera &#8211; 20 Punts\" class=\"img-responsive wp-image-26023 fusion-gallery-image-size-fixed\" srcset=\"https:\/\/afc.cat\/wp-content\/uploads\/2022\/02\/23-Manuel-Daniel-Rivera-20-Punts-320x202.jpg 320w, https:\/\/afc.cat\/wp-content\/uploads\/2022\/02\/23-Manuel-Daniel-Rivera-20-Punts-700x441.jpg 700w\" sizes=\"(max-width: 320px) 100vw, 320px\" \/><\/a><\/div><\/div><div style=\"padding:5px;\" class=\"fusion-grid-column fusion-gallery-column fusion-gallery-column-6 hover-type-none\"><div class=\"fusion-gallery-image\"><a href=\"https:\/\/afc.cat\/wp-content\/uploads\/2022\/02\/24-Francesc-Soldevila-20-Punts.jpg\" data-title=\"24 &#8211; Francesc Soldevila &#8211; 20 Punts\" title=\"24 &#8211; Francesc Soldevila &#8211; 20 Punts\" rel=\"noreferrer\" data-rel=\"iLightbox[gallery_image_2]\" class=\"fusion-lightbox\" target=\"_self\"><img decoding=\"async\" src=\"https:\/\/afc.cat\/wp-content\/uploads\/2022\/02\/24-Francesc-Soldevila-20-Punts-320x202.jpg\" width=\"320\" height=\"202\" alt=\"\" title=\"24 &#8211; Francesc Soldevila &#8211; 20 Punts\" aria-label=\"24 &#8211; Francesc Soldevila &#8211; 20 Punts\" class=\"img-responsive wp-image-26025 fusion-gallery-image-size-fixed\" \/><\/a><\/div><\/div><div style=\"padding:5px;\" class=\"fusion-grid-column fusion-gallery-column fusion-gallery-column-6 hover-type-none\"><div class=\"fusion-gallery-image\"><a href=\"https:\/\/afc.cat\/wp-content\/uploads\/2022\/02\/25-Pere-Josep-Sanchez-Romero-20-Punts.jpg\" data-title=\"25 &#8211; Pere Josep S\u00e1nchez Romero &#8211; 20 Punts\" title=\"25 &#8211; Pere Josep S\u00e1nchez Romero &#8211; 20 Punts\" rel=\"noreferrer\" data-rel=\"iLightbox[gallery_image_2]\" class=\"fusion-lightbox\" target=\"_self\"><img decoding=\"async\" src=\"https:\/\/afc.cat\/wp-content\/uploads\/2022\/02\/25-Pere-Josep-Sanchez-Romero-20-Punts-320x202.jpg\" width=\"320\" height=\"202\" alt=\"\" title=\"25 &#8211; Pere Josep S\u00e1nchez Romero &#8211; 20 Punts\" aria-label=\"25 &#8211; Pere Josep S\u00e1nchez Romero &#8211; 20 Punts\" class=\"img-responsive wp-image-26027 fusion-gallery-image-size-fixed\" srcset=\"https:\/\/afc.cat\/wp-content\/uploads\/2022\/02\/25-Pere-Josep-Sanchez-Romero-20-Punts-320x202.jpg 320w, https:\/\/afc.cat\/wp-content\/uploads\/2022\/02\/25-Pere-Josep-Sanchez-Romero-20-Punts-700x441.jpg 700w\" sizes=\"(max-width: 320px) 100vw, 320px\" \/><\/a><\/div><\/div><div style=\"padding:5px;\" class=\"fusion-grid-column fusion-gallery-column fusion-gallery-column-6 hover-type-none\"><div class=\"fusion-gallery-image\"><a href=\"https:\/\/afc.cat\/wp-content\/uploads\/2022\/02\/26-Jose-Braojos-Morales-20-Punts.jpg\" data-title=\"26 &#8211; Jose Braojos Morales &#8211; 20 Punts\" title=\"26 &#8211; Jose Braojos Morales &#8211; 20 Punts\" rel=\"noreferrer\" data-rel=\"iLightbox[gallery_image_2]\" class=\"fusion-lightbox\" target=\"_self\"><img decoding=\"async\" src=\"https:\/\/afc.cat\/wp-content\/uploads\/2022\/02\/26-Jose-Braojos-Morales-20-Punts-320x202.jpg\" width=\"320\" height=\"202\" alt=\"\" title=\"26 &#8211; Jose Braojos Morales &#8211; 20 Punts\" aria-label=\"26 &#8211; Jose Braojos Morales &#8211; 20 Punts\" class=\"img-responsive wp-image-26029 fusion-gallery-image-size-fixed\" srcset=\"https:\/\/afc.cat\/wp-content\/uploads\/2022\/02\/26-Jose-Braojos-Morales-20-Punts-320x202.jpg 320w, https:\/\/afc.cat\/wp-content\/uploads\/2022\/02\/26-Jose-Braojos-Morales-20-Punts-700x441.jpg 700w\" sizes=\"(max-width: 320px) 100vw, 320px\" \/><\/a><\/div><\/div><div style=\"padding:5px;\" class=\"fusion-grid-column fusion-gallery-column fusion-gallery-column-6 hover-type-none\"><div class=\"fusion-gallery-image\"><a href=\"https:\/\/afc.cat\/wp-content\/uploads\/2022\/02\/27-Carles-Lastra-Antonell-20-Punts.jpg\" data-title=\"27 &#8211; Carles Lastra Antonell &#8211; 20 Punts\" title=\"27 &#8211; Carles Lastra Antonell &#8211; 20 Punts\" rel=\"noreferrer\" data-rel=\"iLightbox[gallery_image_2]\" class=\"fusion-lightbox\" target=\"_self\"><img decoding=\"async\" src=\"https:\/\/afc.cat\/wp-content\/uploads\/2022\/02\/27-Carles-Lastra-Antonell-20-Punts-320x202.jpg\" width=\"320\" height=\"202\" alt=\"\" title=\"27 &#8211; Carles Lastra Antonell &#8211; 20 Punts\" aria-label=\"27 &#8211; Carles Lastra Antonell &#8211; 20 Punts\" class=\"img-responsive wp-image-26031 fusion-gallery-image-size-fixed\" \/><\/a><\/div><\/div><div style=\"padding:5px;\" class=\"fusion-grid-column fusion-gallery-column fusion-gallery-column-6 hover-type-none\"><div class=\"fusion-gallery-image\"><a href=\"https:\/\/afc.cat\/wp-content\/uploads\/2022\/02\/28-Joan-Soldevila-Adan-20-Punts.jpg\" data-title=\"28 &#8211; Joan Soldevila Ad\u00e1n &#8211; 20 Punts\" title=\"28 &#8211; Joan Soldevila Ad\u00e1n &#8211; 20 Punts\" rel=\"noreferrer\" data-rel=\"iLightbox[gallery_image_2]\" class=\"fusion-lightbox\" target=\"_self\"><img decoding=\"async\" src=\"https:\/\/afc.cat\/wp-content\/uploads\/2022\/02\/28-Joan-Soldevila-Adan-20-Punts-320x202.jpg\" width=\"320\" height=\"202\" alt=\"\" title=\"28 &#8211; Joan Soldevila Ad\u00e1n &#8211; 20 Punts\" aria-label=\"28 &#8211; Joan Soldevila Ad\u00e1n &#8211; 20 Punts\" class=\"img-responsive wp-image-26033 fusion-gallery-image-size-fixed\" srcset=\"https:\/\/afc.cat\/wp-content\/uploads\/2022\/02\/28-Joan-Soldevila-Adan-20-Punts-320x202.jpg 320w, https:\/\/afc.cat\/wp-content\/uploads\/2022\/02\/28-Joan-Soldevila-Adan-20-Punts-700x441.jpg 700w\" sizes=\"(max-width: 320px) 100vw, 320px\" \/><\/a><\/div><\/div><div class=\"clearfix\"><\/div><div style=\"padding:5px;\" class=\"fusion-grid-column fusion-gallery-column fusion-gallery-column-6 hover-type-none\"><div class=\"fusion-gallery-image\"><a href=\"https:\/\/afc.cat\/wp-content\/uploads\/2022\/02\/29-Albert-Folch-Navalon-20-Punts.jpg\" data-title=\"29 &#8211; Albert Folch Naval\u00f3n &#8211; 20 Punts\" title=\"29 &#8211; Albert Folch Naval\u00f3n &#8211; 20 Punts\" rel=\"noreferrer\" data-rel=\"iLightbox[gallery_image_2]\" class=\"fusion-lightbox\" target=\"_self\"><img decoding=\"async\" src=\"https:\/\/afc.cat\/wp-content\/uploads\/2022\/02\/29-Albert-Folch-Navalon-20-Punts-320x202.jpg\" width=\"320\" height=\"202\" alt=\"\" title=\"29 &#8211; Albert Folch Naval\u00f3n &#8211; 20 Punts\" aria-label=\"29 &#8211; Albert Folch Naval\u00f3n &#8211; 20 Punts\" class=\"img-responsive wp-image-26035 fusion-gallery-image-size-fixed\" \/><\/a><\/div><\/div><div style=\"padding:5px;\" class=\"fusion-grid-column fusion-gallery-column fusion-gallery-column-6 hover-type-none\"><div class=\"fusion-gallery-image\"><a href=\"https:\/\/afc.cat\/wp-content\/uploads\/2022\/02\/30-Joaquim-Llop-Causi-19-Punts.jpg\" data-title=\"30 &#8211; Joaquim Llop Causi &#8211; 19 Punts\" title=\"30 &#8211; Joaquim Llop Causi &#8211; 19 Punts\" rel=\"noreferrer\" data-rel=\"iLightbox[gallery_image_2]\" class=\"fusion-lightbox\" target=\"_self\"><img decoding=\"async\" src=\"https:\/\/afc.cat\/wp-content\/uploads\/2022\/02\/30-Joaquim-Llop-Causi-19-Punts-255x202.jpg\" width=\"255\" height=\"202\" alt=\"\" title=\"30 &#8211; Joaquim Llop Causi &#8211; 19 Punts\" aria-label=\"30 &#8211; Joaquim Llop Causi &#8211; 19 Punts\" class=\"img-responsive wp-image-26037 fusion-gallery-image-size-fixed\" \/><\/a><\/div><\/div><div style=\"padding:5px;\" class=\"fusion-grid-column fusion-gallery-column fusion-gallery-column-6 hover-type-none\"><div class=\"fusion-gallery-image\"><a href=\"https:\/\/afc.cat\/wp-content\/uploads\/2022\/02\/31-Rosa-Cristofol-Martinez-19-Punts.jpg\" data-title=\"31 &#8211; Rosa Crist\u00f2fol Mart\u00ednez &#8211; 19 Punts\" title=\"31 &#8211; Rosa Crist\u00f2fol Mart\u00ednez &#8211; 19 Punts\" rel=\"noreferrer\" data-rel=\"iLightbox[gallery_image_2]\" class=\"fusion-lightbox\" target=\"_self\"><img decoding=\"async\" src=\"https:\/\/afc.cat\/wp-content\/uploads\/2022\/02\/31-Rosa-Cristofol-Martinez-19-Punts-320x202.jpg\" width=\"320\" height=\"202\" alt=\"\" title=\"31 &#8211; Rosa Crist\u00f2fol Mart\u00ednez &#8211; 19 Punts\" aria-label=\"31 &#8211; Rosa Crist\u00f2fol Mart\u00ednez &#8211; 19 Punts\" class=\"img-responsive wp-image-26039 fusion-gallery-image-size-fixed\" \/><\/a><\/div><\/div><div style=\"padding:5px;\" class=\"fusion-grid-column fusion-gallery-column fusion-gallery-column-6 hover-type-none\"><div class=\"fusion-gallery-image\"><a href=\"https:\/\/afc.cat\/wp-content\/uploads\/2022\/02\/32-Carmen-Casademont-Ribot-18-Punts.jpg\" data-title=\"32 &#8211; Carmen Casademont Ribot &#8211; 18 Punts\" title=\"32 &#8211; Carmen Casademont Ribot &#8211; 18 Punts\" rel=\"noreferrer\" data-rel=\"iLightbox[gallery_image_2]\" class=\"fusion-lightbox\" target=\"_self\"><img decoding=\"async\" src=\"https:\/\/afc.cat\/wp-content\/uploads\/2022\/02\/32-Carmen-Casademont-Ribot-18-Punts-320x202.jpg\" width=\"320\" height=\"202\" alt=\"\" title=\"32 &#8211; Carmen Casademont Ribot &#8211; 18 Punts\" aria-label=\"32 &#8211; Carmen Casademont Ribot &#8211; 18 Punts\" class=\"img-responsive wp-image-26041 fusion-gallery-image-size-fixed\" \/><\/a><\/div><\/div><div style=\"padding:5px;\" class=\"fusion-grid-column fusion-gallery-column fusion-gallery-column-6 hover-type-none\"><div class=\"fusion-gallery-image\"><a href=\"https:\/\/afc.cat\/wp-content\/uploads\/2022\/02\/33-Francesca-Portoles-Braso-18-Punts.jpg\" data-title=\"33 &#8211; Francesca Portol\u00e9s Bras\u00f3 &#8211; 18 Punts\" title=\"33 &#8211; Francesca Portol\u00e9s Bras\u00f3 &#8211; 18 Punts\" rel=\"noreferrer\" data-rel=\"iLightbox[gallery_image_2]\" class=\"fusion-lightbox\" target=\"_self\"><img decoding=\"async\" src=\"https:\/\/afc.cat\/wp-content\/uploads\/2022\/02\/33-Francesca-Portoles-Braso-18-Punts-320x202.jpg\" width=\"320\" height=\"202\" alt=\"\" title=\"33 &#8211; Francesca Portol\u00e9s Bras\u00f3 &#8211; 18 Punts\" aria-label=\"33 &#8211; Francesca Portol\u00e9s Bras\u00f3 &#8211; 18 Punts\" class=\"img-responsive wp-image-26043 fusion-gallery-image-size-fixed\" \/><\/a><\/div><\/div><div style=\"padding:5px;\" class=\"fusion-grid-column fusion-gallery-column fusion-gallery-column-6 hover-type-none\"><div class=\"fusion-gallery-image\"><a href=\"https:\/\/afc.cat\/wp-content\/uploads\/2022\/02\/34-Antoni-Serrano-i-Cortes-18-Punts.jpg\" data-title=\"34 &#8211; Antoni Serrano i Cort\u00e8s &#8211; 18 Punts\" title=\"34 &#8211; Antoni Serrano i Cort\u00e8s &#8211; 18 Punts\" rel=\"noreferrer\" data-rel=\"iLightbox[gallery_image_2]\" class=\"fusion-lightbox\" target=\"_self\"><img decoding=\"async\" src=\"https:\/\/afc.cat\/wp-content\/uploads\/2022\/02\/34-Antoni-Serrano-i-Cortes-18-Punts-320x202.jpg\" width=\"320\" height=\"202\" alt=\"\" title=\"34 &#8211; Antoni Serrano i Cort\u00e8s &#8211; 18 Punts\" aria-label=\"34 &#8211; Antoni Serrano i Cort\u00e8s &#8211; 18 Punts\" class=\"img-responsive wp-image-26045 fusion-gallery-image-size-fixed\" \/><\/a><\/div><\/div><div class=\"clearfix\"><\/div><div style=\"padding:5px;\" class=\"fusion-grid-column fusion-gallery-column fusion-gallery-column-6 hover-type-none\"><div class=\"fusion-gallery-image\"><a href=\"https:\/\/afc.cat\/wp-content\/uploads\/2022\/02\/35-Albert-Bolea-Noya-17-Punts.jpg\" data-title=\"35 &#8211; Albert Bolea Noya &#8211; 17 Punts\" title=\"35 &#8211; Albert Bolea Noya &#8211; 17 Punts\" rel=\"noreferrer\" data-rel=\"iLightbox[gallery_image_2]\" class=\"fusion-lightbox\" target=\"_self\"><img decoding=\"async\" src=\"https:\/\/afc.cat\/wp-content\/uploads\/2022\/02\/35-Albert-Bolea-Noya-17-Punts-320x202.jpg\" width=\"320\" height=\"202\" alt=\"\" title=\"35 &#8211; Albert Bolea Noya &#8211; 17 Punts\" aria-label=\"35 &#8211; Albert Bolea Noya &#8211; 17 Punts\" class=\"img-responsive wp-image-26047 fusion-gallery-image-size-fixed\" \/><\/a><\/div><\/div><\/div><div class=\"fusion-separator fusion-full-width-sep\" style=\"align-self: center;margin-left: auto;margin-right: auto;margin-top:20px;margin-bottom:20px;width:100%;\"><div class=\"fusion-separator-border sep-single sep-solid\" style=\"border-color:#3ec0bf;border-top-width:1px;\"><\/div><\/div><div style=\"text-align:center;\"><style>.fusion-button.button-1{border-radius:4px 4px 4px 4px;}<\/style><a class=\"fusion-button button-flat fusion-button-default-size button-default button-1 fusion-button-default-span fusion-button-default-type\" target=\"_self\" href=\"https:\/\/afc.cat\/es\/galerias\/\"><span class=\"fusion-button-text\">Vuelve a GALER\u00cdAS<\/span><\/a><\/div><\/div><style type=\"text\/css\">.fusion-body .fusion-builder-column-0{width:100% !important;margin-top : 0px;margin-bottom : 20px;}.fusion-builder-column-0 > .fusion-column-wrapper {padding-top : 0px !important;padding-right : 0px !important;margin-right : 1.92%;padding-bottom : 0px !important;padding-left : 0px !important;margin-left : 1.92%;}@media only screen and (max-width:1024px) {.fusion-body .fusion-builder-column-0{width:100% !important;order : 0;}.fusion-builder-column-0 > .fusion-column-wrapper {margin-right : 1.92%;margin-left : 1.92%;}}@media only screen and (max-width:640px) {.fusion-body .fusion-builder-column-0{width:100% !important;order : 0;}.fusion-builder-column-0 > .fusion-column-wrapper {margin-right : 1.92%;margin-left : 1.92%;}}<\/style><\/div><\/div><style type=\"text\/css\">.fusion-body .fusion-flex-container.fusion-builder-row-1{ padding-top : 0px;margin-top : 0px;padding-right : 0px;padding-bottom : 0px;margin-bottom : 0px;padding-left : 0px;}<\/style><\/div>\n","protected":false},"excerpt":{"rendered":"","protected":false},"author":33,"featured_media":26141,"menu_order":0,"comment_status":"open","ping_status":"closed","template":"","format":"standard","meta":{"_acf_changed":false,"footnotes":""},"portfolio_category":[158],"portfolio_skills":[],"portfolio_tags":[],"class_list":["post-26136","avada_portfolio","type-avada_portfolio","status-publish","format-standard","has-post-thumbnail","hentry","portfolio_category-concursos-es"],"acf":[],"yoast_head":"<!-- This site is optimized with the Yoast SEO plugin v27.5 - https:\/\/yoast.com\/product\/yoast-seo-wordpress\/ -->\n<title>Clasificaci\u00f3n concurso Temas Obligados 2021-2022 mes de enero - Agrupaci\u00f3 Fotogr\u00e0fica de Catalunya<\/title>\n<meta name=\"robots\" content=\"index, follow, max-snippet:-1, max-image-preview:large, max-video-preview:-1\" \/>\n<link rel=\"canonical\" href=\"https:\/\/afc.cat\/es\/galeria\/clasificacion-concurso-temas-obligados-2021-2022-mes-de-enero\/\" \/>\n<meta property=\"og:locale\" content=\"es_ES\" \/>\n<meta property=\"og:type\" content=\"article\" \/>\n<meta property=\"og:title\" content=\"Clasificaci\u00f3n concurso Temas Obligados 2021-2022 mes de enero - Agrupaci\u00f3 Fotogr\u00e0fica de Catalunya\" \/>\n<meta property=\"og:url\" content=\"https:\/\/afc.cat\/es\/galeria\/clasificacion-concurso-temas-obligados-2021-2022-mes-de-enero\/\" \/>\n<meta property=\"og:site_name\" content=\"Agrupaci\u00f3 Fotogr\u00e0fica de Catalunya\" \/>\n<meta property=\"article:modified_time\" content=\"2022-02-11T17:55:31+00:00\" \/>\n<meta property=\"og:image\" content=\"https:\/\/afc.cat\/wp-content\/uploads\/2022\/02\/TEMES-OBLIGATS-GENER-ESP.jpg\" \/>\n\t<meta property=\"og:image:width\" content=\"400\" \/>\n\t<meta property=\"og:image:height\" content=\"265\" \/>\n\t<meta property=\"og:image:type\" content=\"image\/jpeg\" \/>\n<meta name=\"twitter:card\" content=\"summary_large_image\" \/>\n<meta name=\"twitter:label1\" content=\"Tiempo de lectura\" \/>\n\t<meta name=\"twitter:data1\" content=\"4 minutos\" \/>\n<script type=\"application\/ld+json\" class=\"yoast-schema-graph\">{\"@context\":\"https:\\\/\\\/schema.org\",\"@graph\":[{\"@type\":\"WebPage\",\"@id\":\"https:\\\/\\\/afc.cat\\\/es\\\/galeria\\\/clasificacion-concurso-temas-obligados-2021-2022-mes-de-enero\\\/\",\"url\":\"https:\\\/\\\/afc.cat\\\/es\\\/galeria\\\/clasificacion-concurso-temas-obligados-2021-2022-mes-de-enero\\\/\",\"name\":\"Clasificaci\u00f3n concurso Temas Obligados 2021-2022 mes de enero - Agrupaci\u00f3 Fotogr\u00e0fica de Catalunya\",\"isPartOf\":{\"@id\":\"https:\\\/\\\/afc.cat\\\/es\\\/#website\"},\"primaryImageOfPage\":{\"@id\":\"https:\\\/\\\/afc.cat\\\/es\\\/galeria\\\/clasificacion-concurso-temas-obligados-2021-2022-mes-de-enero\\\/#primaryimage\"},\"image\":{\"@id\":\"https:\\\/\\\/afc.cat\\\/es\\\/galeria\\\/clasificacion-concurso-temas-obligados-2021-2022-mes-de-enero\\\/#primaryimage\"},\"thumbnailUrl\":\"https:\\\/\\\/afc.cat\\\/wp-content\\\/uploads\\\/2022\\\/02\\\/TEMES-OBLIGATS-GENER-ESP.jpg\",\"datePublished\":\"2022-02-11T09:40:59+00:00\",\"dateModified\":\"2022-02-11T17:55:31+00:00\",\"breadcrumb\":{\"@id\":\"https:\\\/\\\/afc.cat\\\/es\\\/galeria\\\/clasificacion-concurso-temas-obligados-2021-2022-mes-de-enero\\\/#breadcrumb\"},\"inLanguage\":\"es\",\"potentialAction\":[{\"@type\":\"ReadAction\",\"target\":[\"https:\\\/\\\/afc.cat\\\/es\\\/galeria\\\/clasificacion-concurso-temas-obligados-2021-2022-mes-de-enero\\\/\"]}]},{\"@type\":\"ImageObject\",\"inLanguage\":\"es\",\"@id\":\"https:\\\/\\\/afc.cat\\\/es\\\/galeria\\\/clasificacion-concurso-temas-obligados-2021-2022-mes-de-enero\\\/#primaryimage\",\"url\":\"https:\\\/\\\/afc.cat\\\/wp-content\\\/uploads\\\/2022\\\/02\\\/TEMES-OBLIGATS-GENER-ESP.jpg\",\"contentUrl\":\"https:\\\/\\\/afc.cat\\\/wp-content\\\/uploads\\\/2022\\\/02\\\/TEMES-OBLIGATS-GENER-ESP.jpg\",\"width\":400,\"height\":265},{\"@type\":\"BreadcrumbList\",\"@id\":\"https:\\\/\\\/afc.cat\\\/es\\\/galeria\\\/clasificacion-concurso-temas-obligados-2021-2022-mes-de-enero\\\/#breadcrumb\",\"itemListElement\":[{\"@type\":\"ListItem\",\"position\":1,\"name\":\"Inicio\",\"item\":\"https:\\\/\\\/afc.cat\\\/es\\\/\"},{\"@type\":\"ListItem\",\"position\":2,\"name\":\"Portfolio\",\"item\":\"https:\\\/\\\/afc.cat\\\/galeria\\\/\"},{\"@type\":\"ListItem\",\"position\":3,\"name\":\"Clasificaci\u00f3n concurso Temas Obligados 2021-2022 mes de enero\"}]},{\"@type\":\"WebSite\",\"@id\":\"https:\\\/\\\/afc.cat\\\/es\\\/#website\",\"url\":\"https:\\\/\\\/afc.cat\\\/es\\\/\",\"name\":\"Agrupaci\u00f3 Fotogr\u00e0fica de Catalunya\",\"description\":\"Fomento y divulgaci\u00f3n de la fotograf\u00eda en todas sus variedades\",\"potentialAction\":[{\"@type\":\"SearchAction\",\"target\":{\"@type\":\"EntryPoint\",\"urlTemplate\":\"https:\\\/\\\/afc.cat\\\/es\\\/?s={search_term_string}\"},\"query-input\":{\"@type\":\"PropertyValueSpecification\",\"valueRequired\":true,\"valueName\":\"search_term_string\"}}],\"inLanguage\":\"es\"}]}<\/script>\n<!-- \/ Yoast SEO plugin. -->","yoast_head_json":{"title":"Clasificaci\u00f3n concurso Temas Obligados 2021-2022 mes de enero - Agrupaci\u00f3 Fotogr\u00e0fica de Catalunya","robots":{"index":"index","follow":"follow","max-snippet":"max-snippet:-1","max-image-preview":"max-image-preview:large","max-video-preview":"max-video-preview:-1"},"canonical":"https:\/\/afc.cat\/es\/galeria\/clasificacion-concurso-temas-obligados-2021-2022-mes-de-enero\/","og_locale":"es_ES","og_type":"article","og_title":"Clasificaci\u00f3n concurso Temas Obligados 2021-2022 mes de enero - Agrupaci\u00f3 Fotogr\u00e0fica de Catalunya","og_url":"https:\/\/afc.cat\/es\/galeria\/clasificacion-concurso-temas-obligados-2021-2022-mes-de-enero\/","og_site_name":"Agrupaci\u00f3 Fotogr\u00e0fica de Catalunya","article_modified_time":"2022-02-11T17:55:31+00:00","og_image":[{"width":400,"height":265,"url":"https:\/\/afc.cat\/wp-content\/uploads\/2022\/02\/TEMES-OBLIGATS-GENER-ESP.jpg","type":"image\/jpeg"}],"twitter_card":"summary_large_image","twitter_misc":{"Tiempo de lectura":"4 minutos"},"schema":{"@context":"https:\/\/schema.org","@graph":[{"@type":"WebPage","@id":"https:\/\/afc.cat\/es\/galeria\/clasificacion-concurso-temas-obligados-2021-2022-mes-de-enero\/","url":"https:\/\/afc.cat\/es\/galeria\/clasificacion-concurso-temas-obligados-2021-2022-mes-de-enero\/","name":"Clasificaci\u00f3n concurso Temas Obligados 2021-2022 mes de enero - Agrupaci\u00f3 Fotogr\u00e0fica de Catalunya","isPartOf":{"@id":"https:\/\/afc.cat\/es\/#website"},"primaryImageOfPage":{"@id":"https:\/\/afc.cat\/es\/galeria\/clasificacion-concurso-temas-obligados-2021-2022-mes-de-enero\/#primaryimage"},"image":{"@id":"https:\/\/afc.cat\/es\/galeria\/clasificacion-concurso-temas-obligados-2021-2022-mes-de-enero\/#primaryimage"},"thumbnailUrl":"https:\/\/afc.cat\/wp-content\/uploads\/2022\/02\/TEMES-OBLIGATS-GENER-ESP.jpg","datePublished":"2022-02-11T09:40:59+00:00","dateModified":"2022-02-11T17:55:31+00:00","breadcrumb":{"@id":"https:\/\/afc.cat\/es\/galeria\/clasificacion-concurso-temas-obligados-2021-2022-mes-de-enero\/#breadcrumb"},"inLanguage":"es","potentialAction":[{"@type":"ReadAction","target":["https:\/\/afc.cat\/es\/galeria\/clasificacion-concurso-temas-obligados-2021-2022-mes-de-enero\/"]}]},{"@type":"ImageObject","inLanguage":"es","@id":"https:\/\/afc.cat\/es\/galeria\/clasificacion-concurso-temas-obligados-2021-2022-mes-de-enero\/#primaryimage","url":"https:\/\/afc.cat\/wp-content\/uploads\/2022\/02\/TEMES-OBLIGATS-GENER-ESP.jpg","contentUrl":"https:\/\/afc.cat\/wp-content\/uploads\/2022\/02\/TEMES-OBLIGATS-GENER-ESP.jpg","width":400,"height":265},{"@type":"BreadcrumbList","@id":"https:\/\/afc.cat\/es\/galeria\/clasificacion-concurso-temas-obligados-2021-2022-mes-de-enero\/#breadcrumb","itemListElement":[{"@type":"ListItem","position":1,"name":"Inicio","item":"https:\/\/afc.cat\/es\/"},{"@type":"ListItem","position":2,"name":"Portfolio","item":"https:\/\/afc.cat\/galeria\/"},{"@type":"ListItem","position":3,"name":"Clasificaci\u00f3n concurso Temas Obligados 2021-2022 mes de enero"}]},{"@type":"WebSite","@id":"https:\/\/afc.cat\/es\/#website","url":"https:\/\/afc.cat\/es\/","name":"Agrupaci\u00f3 Fotogr\u00e0fica de Catalunya","description":"Fomento y divulgaci\u00f3n de la fotograf\u00eda en todas sus variedades","potentialAction":[{"@type":"SearchAction","target":{"@type":"EntryPoint","urlTemplate":"https:\/\/afc.cat\/es\/?s={search_term_string}"},"query-input":{"@type":"PropertyValueSpecification","valueRequired":true,"valueName":"search_term_string"}}],"inLanguage":"es"}]}},"_links":{"self":[{"href":"https:\/\/afc.cat\/es\/wp-json\/wp\/v2\/avada_portfolio\/26136","targetHints":{"allow":["GET"]}}],"collection":[{"href":"https:\/\/afc.cat\/es\/wp-json\/wp\/v2\/avada_portfolio"}],"about":[{"href":"https:\/\/afc.cat\/es\/wp-json\/wp\/v2\/types\/avada_portfolio"}],"author":[{"embeddable":true,"href":"https:\/\/afc.cat\/es\/wp-json\/wp\/v2\/users\/33"}],"replies":[{"embeddable":true,"href":"https:\/\/afc.cat\/es\/wp-json\/wp\/v2\/comments?post=26136"}],"version-history":[{"count":2,"href":"https:\/\/afc.cat\/es\/wp-json\/wp\/v2\/avada_portfolio\/26136\/revisions"}],"predecessor-version":[{"id":26168,"href":"https:\/\/afc.cat\/es\/wp-json\/wp\/v2\/avada_portfolio\/26136\/revisions\/26168"}],"wp:featuredmedia":[{"embeddable":true,"href":"https:\/\/afc.cat\/es\/wp-json\/wp\/v2\/media\/26141"}],"wp:attachment":[{"href":"https:\/\/afc.cat\/es\/wp-json\/wp\/v2\/media?parent=26136"}],"wp:term":[{"taxonomy":"portfolio_category","embeddable":true,"href":"https:\/\/afc.cat\/es\/wp-json\/wp\/v2\/portfolio_category?post=26136"},{"taxonomy":"portfolio_skills","embeddable":true,"href":"https:\/\/afc.cat\/es\/wp-json\/wp\/v2\/portfolio_skills?post=26136"},{"taxonomy":"portfolio_tags","embeddable":true,"href":"https:\/\/afc.cat\/es\/wp-json\/wp\/v2\/portfolio_tags?post=26136"}],"curies":[{"name":"wp","href":"https:\/\/api.w.org\/{rel}","templated":true}]}}