{"id":26684,"date":"2022-03-09T21:50:54","date_gmt":"2022-03-09T19:50:54","guid":{"rendered":"https:\/\/afc.cat\/galeria\/classificacio-concurs-temes-obligats-2021-2022-mes-de-febrer\/"},"modified":"2022-03-29T11:10:13","modified_gmt":"2022-03-29T09:10:13","slug":"classificacio-concurs-temes-obligats-2021-2022-mes-de-febrer","status":"publish","type":"avada_portfolio","link":"https:\/\/afc.cat\/es\/galeria\/classificacio-concurs-temes-obligats-2021-2022-mes-de-febrer\/","title":{"rendered":"Classificaci\u00f3n concurso Temes Obligats 2021-2022 mes de febrero"},"content":{"rendered":"<div class=\"fusion-fullwidth fullwidth-box fusion-builder-row-1 fusion-flex-container nonhundred-percent-fullwidth non-hundred-percent-height-scrolling\" style=\"background-color: rgba(255,255,255,0);background-position: center center;background-repeat: no-repeat;border-width: 0px 0px 0px 0px;border-color:#ffffff;border-style:solid;\" ><div class=\"fusion-builder-row fusion-row fusion-flex-align-items-flex-start\" style=\"max-width:1300px;margin-left: calc(-4% \/ 2 );margin-right: calc(-4% \/ 2 );\"><div class=\"fusion-layout-column fusion_builder_column fusion-builder-column-0 fusion_builder_column_1_1 1_1 fusion-flex-column\"><div class=\"fusion-column-wrapper fusion-flex-justify-content-flex-start fusion-content-layout-column\" style=\"background-position:left top;background-repeat:no-repeat;-webkit-background-size:cover;-moz-background-size:cover;-o-background-size:cover;background-size:cover;padding: 0px 0px 0px 0px;\"><div class=\"fusion-text fusion-text-1\"><h2 style=\"text-align: center;\">Tema Obligado del mes de febrero<\/h2>\n<h3 style=\"text-align: center;\">Manos que trabajan<\/h3>\n<\/div><div class=\"fusion-text fusion-text-2\"><p>El pasado d\u00eda 11 se conoci\u00f3 la valoraci\u00f3n del jurado de las fotograf\u00edas de los socios que participaron en el concurso social de la agrupaci\u00f3n Temas obligados. Como ya sab\u00e9is, el tema va cambiando cada mes y el tema de este mes ha estado \u201cManos que trabajen\u201d.<\/p>\n<h3>Categor\u00eda de Monocromo<\/h3>\n<p>Este mes la foto mejor valorada ha sido la de Teresa Tejero L\u00f3pez. La fotograf\u00eda lleva por t\u00edtulo de \u201cLas mejores herramientas\u201d donde podemos ver unas manos haciendo artesan\u00eda.<\/p>\n<p>Con esta foto ha obtenido sumar 25 puntos que le han permitido llegar a la posici\u00f3n 10 de la clasificaci\u00f3n.<\/p>\n<h3>Categor\u00eda Color<\/h3>\n<p>En esta categor\u00eda la m\u00e1xima puntuaci\u00f3n ha sido compartida por dos fotograf\u00edas con 24 puntos cada una. Las socias que han merecido esta puntuaci\u00f3n han estado Teresa Tejero L\u00f3pez con la fotograf\u00eda titulada \u201cBuen d\u00eda\u201d donde se ven unas manos haciendo masa de pan y Anna Barn\u00e9s Guillan con \u201cPreparados\u201d en la que nos muestra las manos del que ser\u00e1 la pi\u00f1a donde crecer\u00e1 un castillo.<\/p>\n<p>En la clasificaci\u00f3n general Teresa Tejero queda en la posici\u00f3n 6 y Anna Barn\u00e9s en la 5.<\/p>\n<p>Continuamos animando a los socios a participar, siempre se una buena excusa para hacer aquello que mas nos gusta, coger la c\u00e1mara y hacer \u201cclic\u201d.<\/p>\n<p><strong>Maxim Poncela<\/strong><br \/>\nConcursos<\/p>\n<\/div><div class=\"fusion-separator fusion-full-width-sep\" style=\"align-self: center;margin-left: auto;margin-right: auto;margin-bottom:20px;width:100%;\"><div class=\"fusion-separator-border sep-single sep-solid\" style=\"border-color:#3ec0bf;border-top-width:1px;\"><\/div><\/div><div class=\"fusion-text fusion-text-3\"><p style=\"text-align: center;\"><strong>PUNTUACI\u00d3N GENERAL ACUMULADA MONOCROMO<\/strong><\/p>\n<\/div><div style=\"text-align:center;\"><style>.fusion-imageframe.imageframe-1{ margin-bottom : 5%;}<\/style><span class=\" fusion-imageframe imageframe-none imageframe-1 hover-type-zoomin\"><img decoding=\"async\" width=\"800\" height=\"980\" title=\"Classificacio mono febrer-22\" src=\"https:\/\/afc.cat\/wp-content\/uploads\/2022\/03\/Classificacio-mono-febrer-22-1.jpg\" alt class=\"img-responsive wp-image-26623\" srcset=\"https:\/\/afc.cat\/wp-content\/uploads\/2022\/03\/Classificacio-mono-febrer-22-1-200x245.jpg 200w, https:\/\/afc.cat\/wp-content\/uploads\/2022\/03\/Classificacio-mono-febrer-22-1-400x490.jpg 400w, https:\/\/afc.cat\/wp-content\/uploads\/2022\/03\/Classificacio-mono-febrer-22-1-600x735.jpg 600w, https:\/\/afc.cat\/wp-content\/uploads\/2022\/03\/Classificacio-mono-febrer-22-1.jpg 800w\" sizes=\"(max-width: 640px) 100vw, 800px\" \/><\/span><\/div><div class=\"fusion-text fusion-text-4\"><p style=\"text-align: center;\"><strong>Classificaci\u00f3n monocromo de febrero 2022<\/strong><\/p>\n<p style=\"text-align: center;\"><strong>(29 participantes)<\/strong><\/p>\n<\/div><style type=\"text\/css\">.fusion-gallery-1 .fusion-gallery-image {border:0px solid #e2e2e2;}<\/style><div class=\"fusion-gallery fusion-gallery-container fusion-grid-6 fusion-columns-total-29 fusion-gallery-layout-grid fusion-gallery-1\" style=\"margin:-5px;\"><div style=\"padding:5px;\" class=\"fusion-grid-column fusion-gallery-column fusion-gallery-column-6 hover-type-zoomin\"><div class=\"fusion-gallery-image\"><a href=\"https:\/\/afc.cat\/wp-content\/uploads\/2022\/03\/01-Teresa-Tejero-Lopez-25-Punts.jpg\" data-title=\"01-Teresa Tejero Lopez-25 Punts\" title=\"01-Teresa Tejero Lopez-25 Punts\" rel=\"noreferrer\" data-rel=\"iLightbox[gallery_image_1]\" class=\"fusion-lightbox\" target=\"_self\"><img decoding=\"async\" src=\"https:\/\/afc.cat\/wp-content\/uploads\/2022\/03\/01-Teresa-Tejero-Lopez-25-Punts-320x202.jpg\" width=\"320\" height=\"202\" alt=\"\" title=\"01-Teresa Tejero Lopez-25 Punts\" aria-label=\"01-Teresa Tejero Lopez-25 Punts\" class=\"img-responsive wp-image-26555 fusion-gallery-image-size-fixed\" srcset=\"https:\/\/afc.cat\/wp-content\/uploads\/2022\/03\/01-Teresa-Tejero-Lopez-25-Punts-320x202.jpg 320w, https:\/\/afc.cat\/wp-content\/uploads\/2022\/03\/01-Teresa-Tejero-Lopez-25-Punts-700x441.jpg 700w\" sizes=\"(max-width: 320px) 100vw, 320px\" \/><\/a><\/div><\/div><div style=\"padding:5px;\" class=\"fusion-grid-column fusion-gallery-column fusion-gallery-column-6 hover-type-zoomin\"><div class=\"fusion-gallery-image\"><a href=\"https:\/\/afc.cat\/wp-content\/uploads\/2022\/03\/02-Antoni-Torres-Bargallo-24-Punts.jpg\" data-title=\"02-Antoni Torres Bargall\u00f3-24 Punts\" title=\"02-Antoni Torres Bargall\u00f3-24 Punts\" rel=\"noreferrer\" data-rel=\"iLightbox[gallery_image_1]\" class=\"fusion-lightbox\" target=\"_self\"><img decoding=\"async\" src=\"https:\/\/afc.cat\/wp-content\/uploads\/2022\/03\/02-Antoni-Torres-Bargallo-24-Punts-320x202.jpg\" width=\"320\" height=\"202\" alt=\"\" title=\"02-Antoni Torres Bargall\u00f3-24 Punts\" aria-label=\"02-Antoni Torres Bargall\u00f3-24 Punts\" class=\"img-responsive wp-image-26557 fusion-gallery-image-size-fixed\" \/><\/a><\/div><\/div><div style=\"padding:5px;\" class=\"fusion-grid-column fusion-gallery-column fusion-gallery-column-6 hover-type-zoomin\"><div class=\"fusion-gallery-image\"><a href=\"https:\/\/afc.cat\/wp-content\/uploads\/2022\/03\/03-Angel-Colado-Palacios-23-Punts.jpg\" data-title=\"03-\u00c1ngel Colado Palacios-23 Punts\" title=\"03-\u00c1ngel Colado Palacios-23 Punts\" rel=\"noreferrer\" data-rel=\"iLightbox[gallery_image_1]\" class=\"fusion-lightbox\" target=\"_self\"><img decoding=\"async\" src=\"https:\/\/afc.cat\/wp-content\/uploads\/2022\/03\/03-Angel-Colado-Palacios-23-Punts-320x202.jpg\" width=\"320\" height=\"202\" alt=\"\" title=\"03-\u00c1ngel Colado Palacios-23 Punts\" aria-label=\"03-\u00c1ngel Colado Palacios-23 Punts\" class=\"img-responsive wp-image-26559 fusion-gallery-image-size-fixed\" srcset=\"https:\/\/afc.cat\/wp-content\/uploads\/2022\/03\/03-Angel-Colado-Palacios-23-Punts-320x202.jpg 320w, https:\/\/afc.cat\/wp-content\/uploads\/2022\/03\/03-Angel-Colado-Palacios-23-Punts-700x441.jpg 700w\" sizes=\"(max-width: 320px) 100vw, 320px\" \/><\/a><\/div><\/div><div style=\"padding:5px;\" class=\"fusion-grid-column fusion-gallery-column fusion-gallery-column-6 hover-type-zoomin\"><div class=\"fusion-gallery-image\"><a href=\"https:\/\/afc.cat\/wp-content\/uploads\/2022\/03\/04-Carmen-Casademont-Ribot-23-Punts.jpg\" data-title=\"04-Carmen Casademont Ribot-23 Punts\" title=\"04-Carmen Casademont Ribot-23 Punts\" rel=\"noreferrer\" data-rel=\"iLightbox[gallery_image_1]\" class=\"fusion-lightbox\" target=\"_self\"><img decoding=\"async\" src=\"https:\/\/afc.cat\/wp-content\/uploads\/2022\/03\/04-Carmen-Casademont-Ribot-23-Punts-320x202.jpg\" width=\"320\" height=\"202\" alt=\"\" title=\"04-Carmen Casademont Ribot-23 Punts\" aria-label=\"04-Carmen Casademont Ribot-23 Punts\" class=\"img-responsive wp-image-26561 fusion-gallery-image-size-fixed\" \/><\/a><\/div><\/div><div style=\"padding:5px;\" class=\"fusion-grid-column fusion-gallery-column fusion-gallery-column-6 hover-type-zoomin\"><div class=\"fusion-gallery-image\"><a href=\"https:\/\/afc.cat\/wp-content\/uploads\/2022\/03\/05-David-Penarroya-Hernandez-23-Punts.jpg\" data-title=\"05-David Pe\u00f1arroya Hernandez-23 Punts\" title=\"05-David Pe\u00f1arroya Hernandez-23 Punts\" rel=\"noreferrer\" data-rel=\"iLightbox[gallery_image_1]\" class=\"fusion-lightbox\" target=\"_self\"><img decoding=\"async\" src=\"https:\/\/afc.cat\/wp-content\/uploads\/2022\/03\/05-David-Penarroya-Hernandez-23-Punts-320x202.jpg\" width=\"320\" height=\"202\" alt=\"\" title=\"05-David Pe\u00f1arroya Hernandez-23 Punts\" aria-label=\"05-David Pe\u00f1arroya Hernandez-23 Punts\" class=\"img-responsive wp-image-26563 fusion-gallery-image-size-fixed\" srcset=\"https:\/\/afc.cat\/wp-content\/uploads\/2022\/03\/05-David-Penarroya-Hernandez-23-Punts-320x202.jpg 320w, https:\/\/afc.cat\/wp-content\/uploads\/2022\/03\/05-David-Penarroya-Hernandez-23-Punts-700x441.jpg 700w\" sizes=\"(max-width: 320px) 100vw, 320px\" \/><\/a><\/div><\/div><div style=\"padding:5px;\" class=\"fusion-grid-column fusion-gallery-column fusion-gallery-column-6 hover-type-zoomin\"><div class=\"fusion-gallery-image\"><a href=\"https:\/\/afc.cat\/wp-content\/uploads\/2022\/03\/06-Felix-Jose-Vizcaino-Garcia-23-Punts-1.jpg\" data-title=\"06-F\u00e9lix Jos\u00e9 Vizca\u00edno Garc\u00eda-23 Punts\" title=\"06-F\u00e9lix Jos\u00e9 Vizca\u00edno Garc\u00eda-23 Punts\" rel=\"noreferrer\" data-rel=\"iLightbox[gallery_image_1]\" class=\"fusion-lightbox\" target=\"_self\"><img decoding=\"async\" src=\"https:\/\/afc.cat\/wp-content\/uploads\/2022\/03\/06-Felix-Jose-Vizcaino-Garcia-23-Punts-1-320x202.jpg\" width=\"320\" height=\"202\" alt=\"\" title=\"06-F\u00e9lix Jos\u00e9 Vizca\u00edno Garc\u00eda-23 Punts\" aria-label=\"06-F\u00e9lix Jos\u00e9 Vizca\u00edno Garc\u00eda-23 Punts\" class=\"img-responsive wp-image-26565 fusion-gallery-image-size-fixed\" srcset=\"https:\/\/afc.cat\/wp-content\/uploads\/2022\/03\/06-Felix-Jose-Vizcaino-Garcia-23-Punts-1-320x202.jpg 320w, https:\/\/afc.cat\/wp-content\/uploads\/2022\/03\/06-Felix-Jose-Vizcaino-Garcia-23-Punts-1-700x441.jpg 700w\" sizes=\"(max-width: 320px) 100vw, 320px\" \/><\/a><\/div><\/div><div class=\"clearfix\"><\/div><div style=\"padding:5px;\" class=\"fusion-grid-column fusion-gallery-column fusion-gallery-column-6 hover-type-zoomin\"><div class=\"fusion-gallery-image\"><a href=\"https:\/\/afc.cat\/wp-content\/uploads\/2022\/03\/07-Josep-Soler-Vendrell-23-Punts.jpg\" data-title=\"07-Josep Soler Vendrell-23 Punts\" title=\"07-Josep Soler Vendrell-23 Punts\" rel=\"noreferrer\" data-rel=\"iLightbox[gallery_image_1]\" class=\"fusion-lightbox\" target=\"_self\"><img decoding=\"async\" src=\"https:\/\/afc.cat\/wp-content\/uploads\/2022\/03\/07-Josep-Soler-Vendrell-23-Punts-320x202.jpg\" width=\"320\" height=\"202\" alt=\"\" title=\"07-Josep Soler Vendrell-23 Punts\" aria-label=\"07-Josep Soler Vendrell-23 Punts\" class=\"img-responsive wp-image-26567 fusion-gallery-image-size-fixed\" srcset=\"https:\/\/afc.cat\/wp-content\/uploads\/2022\/03\/07-Josep-Soler-Vendrell-23-Punts-320x202.jpg 320w, https:\/\/afc.cat\/wp-content\/uploads\/2022\/03\/07-Josep-Soler-Vendrell-23-Punts-700x441.jpg 700w\" sizes=\"(max-width: 320px) 100vw, 320px\" \/><\/a><\/div><\/div><div style=\"padding:5px;\" class=\"fusion-grid-column fusion-gallery-column fusion-gallery-column-6 hover-type-zoomin\"><div class=\"fusion-gallery-image\"><a href=\"https:\/\/afc.cat\/wp-content\/uploads\/2022\/03\/08-Miguel-Lopez-Mallach-23-Punts.jpg\" data-title=\"08-Miguel L\u00f3pez Mallach-23 Punts\" title=\"08-Miguel L\u00f3pez Mallach-23 Punts\" rel=\"noreferrer\" data-rel=\"iLightbox[gallery_image_1]\" class=\"fusion-lightbox\" target=\"_self\"><img decoding=\"async\" src=\"https:\/\/afc.cat\/wp-content\/uploads\/2022\/03\/08-Miguel-Lopez-Mallach-23-Punts-320x202.jpg\" width=\"320\" height=\"202\" alt=\"\" title=\"08-Miguel L\u00f3pez Mallach-23 Punts\" aria-label=\"08-Miguel L\u00f3pez Mallach-23 Punts\" class=\"img-responsive wp-image-26569 fusion-gallery-image-size-fixed\" srcset=\"https:\/\/afc.cat\/wp-content\/uploads\/2022\/03\/08-Miguel-Lopez-Mallach-23-Punts-320x202.jpg 320w, https:\/\/afc.cat\/wp-content\/uploads\/2022\/03\/08-Miguel-Lopez-Mallach-23-Punts-700x441.jpg 700w\" sizes=\"(max-width: 320px) 100vw, 320px\" \/><\/a><\/div><\/div><div style=\"padding:5px;\" class=\"fusion-grid-column fusion-gallery-column fusion-gallery-column-6 hover-type-zoomin\"><div class=\"fusion-gallery-image\"><a href=\"https:\/\/afc.cat\/wp-content\/uploads\/2022\/03\/09-Margarita-fresco-crespo-23-Punts.jpg\" data-title=\"09-Margarita fresco crespo-23 Punts\" title=\"09-Margarita fresco crespo-23 Punts\" rel=\"noreferrer\" data-rel=\"iLightbox[gallery_image_1]\" class=\"fusion-lightbox\" target=\"_self\"><img decoding=\"async\" src=\"https:\/\/afc.cat\/wp-content\/uploads\/2022\/03\/09-Margarita-fresco-crespo-23-Punts-320x202.jpg\" width=\"320\" height=\"202\" alt=\"\" title=\"09-Margarita fresco crespo-23 Punts\" aria-label=\"09-Margarita fresco crespo-23 Punts\" class=\"img-responsive wp-image-26571 fusion-gallery-image-size-fixed\" srcset=\"https:\/\/afc.cat\/wp-content\/uploads\/2022\/03\/09-Margarita-fresco-crespo-23-Punts-320x202.jpg 320w, https:\/\/afc.cat\/wp-content\/uploads\/2022\/03\/09-Margarita-fresco-crespo-23-Punts-700x441.jpg 700w\" sizes=\"(max-width: 320px) 100vw, 320px\" \/><\/a><\/div><\/div><div style=\"padding:5px;\" class=\"fusion-grid-column fusion-gallery-column fusion-gallery-column-6 hover-type-zoomin\"><div class=\"fusion-gallery-image\"><a href=\"https:\/\/afc.cat\/wp-content\/uploads\/2022\/03\/10-Anna-Barnes-Guillen-23-Punts.jpg\" data-title=\"10-Anna Barn\u00e9s Guill\u00e9n-23 Punts\" title=\"10-Anna Barn\u00e9s Guill\u00e9n-23 Punts\" rel=\"noreferrer\" data-rel=\"iLightbox[gallery_image_1]\" class=\"fusion-lightbox\" target=\"_self\"><img decoding=\"async\" src=\"https:\/\/afc.cat\/wp-content\/uploads\/2022\/03\/10-Anna-Barnes-Guillen-23-Punts-320x202.jpg\" width=\"320\" height=\"202\" alt=\"\" title=\"10-Anna Barn\u00e9s Guill\u00e9n-23 Punts\" aria-label=\"10-Anna Barn\u00e9s Guill\u00e9n-23 Punts\" class=\"img-responsive wp-image-26573 fusion-gallery-image-size-fixed\" srcset=\"https:\/\/afc.cat\/wp-content\/uploads\/2022\/03\/10-Anna-Barnes-Guillen-23-Punts-320x202.jpg 320w, https:\/\/afc.cat\/wp-content\/uploads\/2022\/03\/10-Anna-Barnes-Guillen-23-Punts-700x441.jpg 700w\" sizes=\"(max-width: 320px) 100vw, 320px\" \/><\/a><\/div><\/div><div style=\"padding:5px;\" class=\"fusion-grid-column fusion-gallery-column fusion-gallery-column-6 hover-type-zoomin\"><div class=\"fusion-gallery-image\"><a href=\"https:\/\/afc.cat\/wp-content\/uploads\/2022\/03\/11-Rosa-Cristofol-Martinez-22-Punts.jpg\" data-title=\"11-Rosa Crist\u00f2fol Mart\u00ednez-22 Punts\" title=\"11-Rosa Crist\u00f2fol Mart\u00ednez-22 Punts\" rel=\"noreferrer\" data-rel=\"iLightbox[gallery_image_1]\" class=\"fusion-lightbox\" target=\"_self\"><img decoding=\"async\" src=\"https:\/\/afc.cat\/wp-content\/uploads\/2022\/03\/11-Rosa-Cristofol-Martinez-22-Punts-320x202.jpg\" width=\"320\" height=\"202\" alt=\"\" title=\"11-Rosa Crist\u00f2fol Mart\u00ednez-22 Punts\" aria-label=\"11-Rosa Crist\u00f2fol Mart\u00ednez-22 Punts\" class=\"img-responsive wp-image-26575 fusion-gallery-image-size-fixed\" srcset=\"https:\/\/afc.cat\/wp-content\/uploads\/2022\/03\/11-Rosa-Cristofol-Martinez-22-Punts-320x202.jpg 320w, https:\/\/afc.cat\/wp-content\/uploads\/2022\/03\/11-Rosa-Cristofol-Martinez-22-Punts-700x441.jpg 700w\" sizes=\"(max-width: 320px) 100vw, 320px\" \/><\/a><\/div><\/div><div style=\"padding:5px;\" class=\"fusion-grid-column fusion-gallery-column fusion-gallery-column-6 hover-type-zoomin\"><div class=\"fusion-gallery-image\"><a href=\"https:\/\/afc.cat\/wp-content\/uploads\/2022\/03\/12-Santiago-Garcia-Cuadrado-22-Punts.jpg\" data-title=\"12-Santiago Garc\u00eda Cuadrado-22 Punts\" title=\"12-Santiago Garc\u00eda Cuadrado-22 Punts\" rel=\"noreferrer\" data-rel=\"iLightbox[gallery_image_1]\" class=\"fusion-lightbox\" target=\"_self\"><img decoding=\"async\" src=\"https:\/\/afc.cat\/wp-content\/uploads\/2022\/03\/12-Santiago-Garcia-Cuadrado-22-Punts-320x202.jpg\" width=\"320\" height=\"202\" alt=\"\" title=\"12-Santiago Garc\u00eda Cuadrado-22 Punts\" aria-label=\"12-Santiago Garc\u00eda Cuadrado-22 Punts\" class=\"img-responsive wp-image-26577 fusion-gallery-image-size-fixed\" srcset=\"https:\/\/afc.cat\/wp-content\/uploads\/2022\/03\/12-Santiago-Garcia-Cuadrado-22-Punts-320x202.jpg 320w, https:\/\/afc.cat\/wp-content\/uploads\/2022\/03\/12-Santiago-Garcia-Cuadrado-22-Punts-700x441.jpg 700w\" sizes=\"(max-width: 320px) 100vw, 320px\" \/><\/a><\/div><\/div><div class=\"clearfix\"><\/div><div style=\"padding:5px;\" class=\"fusion-grid-column fusion-gallery-column fusion-gallery-column-6 hover-type-zoomin\"><div class=\"fusion-gallery-image\"><a href=\"https:\/\/afc.cat\/wp-content\/uploads\/2022\/03\/13-Irene-Sanz-Ramirez-22-Punts.jpg\" data-title=\"13-Irene Sanz Ramirez-22 Punts\" title=\"13-Irene Sanz Ramirez-22 Punts\" rel=\"noreferrer\" data-rel=\"iLightbox[gallery_image_1]\" class=\"fusion-lightbox\" target=\"_self\"><img decoding=\"async\" src=\"https:\/\/afc.cat\/wp-content\/uploads\/2022\/03\/13-Irene-Sanz-Ramirez-22-Punts-320x202.jpg\" width=\"320\" height=\"202\" alt=\"\" title=\"13-Irene Sanz Ramirez-22 Punts\" aria-label=\"13-Irene Sanz Ramirez-22 Punts\" class=\"img-responsive wp-image-26579 fusion-gallery-image-size-fixed\" srcset=\"https:\/\/afc.cat\/wp-content\/uploads\/2022\/03\/13-Irene-Sanz-Ramirez-22-Punts-320x202.jpg 320w, https:\/\/afc.cat\/wp-content\/uploads\/2022\/03\/13-Irene-Sanz-Ramirez-22-Punts-700x441.jpg 700w\" sizes=\"(max-width: 320px) 100vw, 320px\" \/><\/a><\/div><\/div><div style=\"padding:5px;\" class=\"fusion-grid-column fusion-gallery-column fusion-gallery-column-6 hover-type-zoomin\"><div class=\"fusion-gallery-image\"><a href=\"https:\/\/afc.cat\/wp-content\/uploads\/2022\/03\/14-Francesca-Portoles-Braso-22-Punts.jpg\" data-title=\"14-Francesca Portol\u00e9s Bras\u00f3-22 Punts\" title=\"14-Francesca Portol\u00e9s Bras\u00f3-22 Punts\" rel=\"noreferrer\" data-rel=\"iLightbox[gallery_image_1]\" class=\"fusion-lightbox\" target=\"_self\"><img decoding=\"async\" src=\"https:\/\/afc.cat\/wp-content\/uploads\/2022\/03\/14-Francesca-Portoles-Braso-22-Punts-320x202.jpg\" width=\"320\" height=\"202\" alt=\"\" title=\"14-Francesca Portol\u00e9s Bras\u00f3-22 Punts\" aria-label=\"14-Francesca Portol\u00e9s Bras\u00f3-22 Punts\" class=\"img-responsive wp-image-26581 fusion-gallery-image-size-fixed\" \/><\/a><\/div><\/div><div style=\"padding:5px;\" class=\"fusion-grid-column fusion-gallery-column fusion-gallery-column-6 hover-type-zoomin\"><div class=\"fusion-gallery-image\"><a href=\"https:\/\/afc.cat\/wp-content\/uploads\/2022\/03\/15-Elena-Sanchez-Vizcaino-Mengual-22-Punts.jpg\" data-title=\"15-Elena S\u00e1nchez-Vizca\u00edno Mengual-22 Punts\" title=\"15-Elena S\u00e1nchez-Vizca\u00edno Mengual-22 Punts\" rel=\"noreferrer\" data-rel=\"iLightbox[gallery_image_1]\" class=\"fusion-lightbox\" target=\"_self\"><img decoding=\"async\" src=\"https:\/\/afc.cat\/wp-content\/uploads\/2022\/03\/15-Elena-Sanchez-Vizcaino-Mengual-22-Punts-320x202.jpg\" width=\"320\" height=\"202\" alt=\"\" title=\"15-Elena S\u00e1nchez-Vizca\u00edno Mengual-22 Punts\" aria-label=\"15-Elena S\u00e1nchez-Vizca\u00edno Mengual-22 Punts\" class=\"img-responsive wp-image-26583 fusion-gallery-image-size-fixed\" srcset=\"https:\/\/afc.cat\/wp-content\/uploads\/2022\/03\/15-Elena-Sanchez-Vizcaino-Mengual-22-Punts-320x202.jpg 320w, https:\/\/afc.cat\/wp-content\/uploads\/2022\/03\/15-Elena-Sanchez-Vizcaino-Mengual-22-Punts-700x441.jpg 700w\" sizes=\"(max-width: 320px) 100vw, 320px\" \/><\/a><\/div><\/div><div style=\"padding:5px;\" class=\"fusion-grid-column fusion-gallery-column fusion-gallery-column-6 hover-type-zoomin\"><div class=\"fusion-gallery-image\"><a href=\"https:\/\/afc.cat\/wp-content\/uploads\/2022\/03\/16-Josep-Maria-Bonjoch-Trilla-22-Punts.jpg\" data-title=\"16-Josep Maria Bonjoch Trilla-22 Punts\" title=\"16-Josep Maria Bonjoch Trilla-22 Punts\" rel=\"noreferrer\" data-rel=\"iLightbox[gallery_image_1]\" class=\"fusion-lightbox\" target=\"_self\"><img decoding=\"async\" src=\"https:\/\/afc.cat\/wp-content\/uploads\/2022\/03\/16-Josep-Maria-Bonjoch-Trilla-22-Punts-320x202.jpg\" width=\"320\" height=\"202\" alt=\"\" title=\"16-Josep Maria Bonjoch Trilla-22 Punts\" aria-label=\"16-Josep Maria Bonjoch Trilla-22 Punts\" class=\"img-responsive wp-image-26585 fusion-gallery-image-size-fixed\" srcset=\"https:\/\/afc.cat\/wp-content\/uploads\/2022\/03\/16-Josep-Maria-Bonjoch-Trilla-22-Punts-320x202.jpg 320w, https:\/\/afc.cat\/wp-content\/uploads\/2022\/03\/16-Josep-Maria-Bonjoch-Trilla-22-Punts-700x441.jpg 700w\" sizes=\"(max-width: 320px) 100vw, 320px\" \/><\/a><\/div><\/div><div style=\"padding:5px;\" class=\"fusion-grid-column fusion-gallery-column fusion-gallery-column-6 hover-type-zoomin\"><div class=\"fusion-gallery-image\"><a href=\"https:\/\/afc.cat\/wp-content\/uploads\/2022\/03\/17-Joan-Rue-Domingo-21-Punts.jpg\" data-title=\"17-Joan Ru\u00e9 Domingo-21 Punts\" title=\"17-Joan Ru\u00e9 Domingo-21 Punts\" rel=\"noreferrer\" data-rel=\"iLightbox[gallery_image_1]\" class=\"fusion-lightbox\" target=\"_self\"><img decoding=\"async\" src=\"https:\/\/afc.cat\/wp-content\/uploads\/2022\/03\/17-Joan-Rue-Domingo-21-Punts-320x202.jpg\" width=\"320\" height=\"202\" alt=\"\" title=\"17-Joan Ru\u00e9 Domingo-21 Punts\" aria-label=\"17-Joan Ru\u00e9 Domingo-21 Punts\" class=\"img-responsive wp-image-26587 fusion-gallery-image-size-fixed\" srcset=\"https:\/\/afc.cat\/wp-content\/uploads\/2022\/03\/17-Joan-Rue-Domingo-21-Punts-320x202.jpg 320w, https:\/\/afc.cat\/wp-content\/uploads\/2022\/03\/17-Joan-Rue-Domingo-21-Punts-700x441.jpg 700w\" sizes=\"(max-width: 320px) 100vw, 320px\" \/><\/a><\/div><\/div><div style=\"padding:5px;\" class=\"fusion-grid-column fusion-gallery-column fusion-gallery-column-6 hover-type-zoomin\"><div class=\"fusion-gallery-image\"><a href=\"https:\/\/afc.cat\/wp-content\/uploads\/2022\/03\/18-Jose-Braojos-Morales-21-Punts.jpg\" data-title=\"18-Jose Braojos Morales-21 Punts\" title=\"18-Jose Braojos Morales-21 Punts\" rel=\"noreferrer\" data-rel=\"iLightbox[gallery_image_1]\" class=\"fusion-lightbox\" target=\"_self\"><img decoding=\"async\" src=\"https:\/\/afc.cat\/wp-content\/uploads\/2022\/03\/18-Jose-Braojos-Morales-21-Punts-320x202.jpg\" width=\"320\" height=\"202\" alt=\"\" title=\"18-Jose Braojos Morales-21 Punts\" aria-label=\"18-Jose Braojos Morales-21 Punts\" class=\"img-responsive wp-image-26589 fusion-gallery-image-size-fixed\" srcset=\"https:\/\/afc.cat\/wp-content\/uploads\/2022\/03\/18-Jose-Braojos-Morales-21-Punts-320x202.jpg 320w, https:\/\/afc.cat\/wp-content\/uploads\/2022\/03\/18-Jose-Braojos-Morales-21-Punts-700x441.jpg 700w\" sizes=\"(max-width: 320px) 100vw, 320px\" \/><\/a><\/div><\/div><div class=\"clearfix\"><\/div><div style=\"padding:5px;\" class=\"fusion-grid-column fusion-gallery-column fusion-gallery-column-6 hover-type-zoomin\"><div class=\"fusion-gallery-image\"><a href=\"https:\/\/afc.cat\/wp-content\/uploads\/2022\/03\/19-Sara-Assens-Mampel-21-Punts.jpg\" data-title=\"19-Sara Assens Mampel-21 Punts\" title=\"19-Sara Assens Mampel-21 Punts\" rel=\"noreferrer\" data-rel=\"iLightbox[gallery_image_1]\" class=\"fusion-lightbox\" target=\"_self\"><img decoding=\"async\" src=\"https:\/\/afc.cat\/wp-content\/uploads\/2022\/03\/19-Sara-Assens-Mampel-21-Punts-320x202.jpg\" width=\"320\" height=\"202\" alt=\"\" title=\"19-Sara Assens Mampel-21 Punts\" aria-label=\"19-Sara Assens Mampel-21 Punts\" class=\"img-responsive wp-image-26591 fusion-gallery-image-size-fixed\" srcset=\"https:\/\/afc.cat\/wp-content\/uploads\/2022\/03\/19-Sara-Assens-Mampel-21-Punts-320x202.jpg 320w, https:\/\/afc.cat\/wp-content\/uploads\/2022\/03\/19-Sara-Assens-Mampel-21-Punts-700x441.jpg 700w\" sizes=\"(max-width: 320px) 100vw, 320px\" \/><\/a><\/div><\/div><div style=\"padding:5px;\" class=\"fusion-grid-column fusion-gallery-column fusion-gallery-column-6 hover-type-zoomin\"><div class=\"fusion-gallery-image\"><a href=\"https:\/\/afc.cat\/wp-content\/uploads\/2022\/03\/20-Ana-M.-Gallego-Lozano-21-Punts.jpg\" data-title=\"20-Ana M. Gallego Lozano-21 Punts\" title=\"20-Ana M. Gallego Lozano-21 Punts\" rel=\"noreferrer\" data-rel=\"iLightbox[gallery_image_1]\" class=\"fusion-lightbox\" target=\"_self\"><img decoding=\"async\" src=\"https:\/\/afc.cat\/wp-content\/uploads\/2022\/03\/20-Ana-M.-Gallego-Lozano-21-Punts-320x202.jpg\" width=\"320\" height=\"202\" alt=\"\" title=\"20-Ana M. Gallego Lozano-21 Punts\" aria-label=\"20-Ana M. Gallego Lozano-21 Punts\" class=\"img-responsive wp-image-26593 fusion-gallery-image-size-fixed\" srcset=\"https:\/\/afc.cat\/wp-content\/uploads\/2022\/03\/20-Ana-M.-Gallego-Lozano-21-Punts-320x202.jpg 320w, https:\/\/afc.cat\/wp-content\/uploads\/2022\/03\/20-Ana-M.-Gallego-Lozano-21-Punts-700x441.jpg 700w\" sizes=\"(max-width: 320px) 100vw, 320px\" \/><\/a><\/div><\/div><div style=\"padding:5px;\" class=\"fusion-grid-column fusion-gallery-column fusion-gallery-column-6 hover-type-zoomin\"><div class=\"fusion-gallery-image\"><a href=\"https:\/\/afc.cat\/wp-content\/uploads\/2022\/03\/21-Francesc-Amat-Creus-21-Punts.jpg\" data-title=\"21-Francesc Amat Creus-21 Punts\" title=\"21-Francesc Amat Creus-21 Punts\" rel=\"noreferrer\" data-rel=\"iLightbox[gallery_image_1]\" class=\"fusion-lightbox\" target=\"_self\"><img decoding=\"async\" src=\"https:\/\/afc.cat\/wp-content\/uploads\/2022\/03\/21-Francesc-Amat-Creus-21-Punts-320x202.jpg\" width=\"320\" height=\"202\" alt=\"\" title=\"21-Francesc Amat Creus-21 Punts\" aria-label=\"21-Francesc Amat Creus-21 Punts\" class=\"img-responsive wp-image-26595 fusion-gallery-image-size-fixed\" srcset=\"https:\/\/afc.cat\/wp-content\/uploads\/2022\/03\/21-Francesc-Amat-Creus-21-Punts-320x202.jpg 320w, https:\/\/afc.cat\/wp-content\/uploads\/2022\/03\/21-Francesc-Amat-Creus-21-Punts-700x441.jpg 700w\" sizes=\"(max-width: 320px) 100vw, 320px\" \/><\/a><\/div><\/div><div style=\"padding:5px;\" class=\"fusion-grid-column fusion-gallery-column fusion-gallery-column-6 hover-type-zoomin\"><div class=\"fusion-gallery-image\"><a href=\"https:\/\/afc.cat\/wp-content\/uploads\/2022\/03\/22-Carmen-Camprodon-Vidal-20-Punts.jpg\" data-title=\"22-Carmen Camprodon Vidal-20 Punts\" title=\"22-Carmen Camprodon Vidal-20 Punts\" rel=\"noreferrer\" data-rel=\"iLightbox[gallery_image_1]\" class=\"fusion-lightbox\" target=\"_self\"><img decoding=\"async\" src=\"https:\/\/afc.cat\/wp-content\/uploads\/2022\/03\/22-Carmen-Camprodon-Vidal-20-Punts-320x202.jpg\" width=\"320\" height=\"202\" alt=\"\" title=\"22-Carmen Camprodon Vidal-20 Punts\" aria-label=\"22-Carmen Camprodon Vidal-20 Punts\" class=\"img-responsive wp-image-26597 fusion-gallery-image-size-fixed\" srcset=\"https:\/\/afc.cat\/wp-content\/uploads\/2022\/03\/22-Carmen-Camprodon-Vidal-20-Punts-320x202.jpg 320w, https:\/\/afc.cat\/wp-content\/uploads\/2022\/03\/22-Carmen-Camprodon-Vidal-20-Punts-700x441.jpg 700w\" sizes=\"(max-width: 320px) 100vw, 320px\" \/><\/a><\/div><\/div><div style=\"padding:5px;\" class=\"fusion-grid-column fusion-gallery-column fusion-gallery-column-6 hover-type-zoomin\"><div class=\"fusion-gallery-image\"><a href=\"https:\/\/afc.cat\/wp-content\/uploads\/2022\/03\/23-Jaume-Estrada-Martras-20-Punts.jpg\" data-title=\"23-Jaume Estrada Martras-20 Punts\" title=\"23-Jaume Estrada Martras-20 Punts\" rel=\"noreferrer\" data-rel=\"iLightbox[gallery_image_1]\" class=\"fusion-lightbox\" target=\"_self\"><img decoding=\"async\" src=\"https:\/\/afc.cat\/wp-content\/uploads\/2022\/03\/23-Jaume-Estrada-Martras-20-Punts-320x202.jpg\" width=\"320\" height=\"202\" alt=\"\" title=\"23-Jaume Estrada Martras-20 Punts\" aria-label=\"23-Jaume Estrada Martras-20 Punts\" class=\"img-responsive wp-image-26599 fusion-gallery-image-size-fixed\" \/><\/a><\/div><\/div><div style=\"padding:5px;\" class=\"fusion-grid-column fusion-gallery-column fusion-gallery-column-6 hover-type-zoomin\"><div class=\"fusion-gallery-image\"><a href=\"https:\/\/afc.cat\/wp-content\/uploads\/2022\/03\/24-Albert-Folch-Navalon-19-Punts.jpg\" data-title=\"24-Albert Folch Naval\u00f3n-19 Punts\" title=\"24-Albert Folch Naval\u00f3n-19 Punts\" rel=\"noreferrer\" data-rel=\"iLightbox[gallery_image_1]\" class=\"fusion-lightbox\" target=\"_self\"><img decoding=\"async\" src=\"https:\/\/afc.cat\/wp-content\/uploads\/2022\/03\/24-Albert-Folch-Navalon-19-Punts-320x202.jpg\" width=\"320\" height=\"202\" alt=\"\" title=\"24-Albert Folch Naval\u00f3n-19 Punts\" aria-label=\"24-Albert Folch Naval\u00f3n-19 Punts\" class=\"img-responsive wp-image-26601 fusion-gallery-image-size-fixed\" srcset=\"https:\/\/afc.cat\/wp-content\/uploads\/2022\/03\/24-Albert-Folch-Navalon-19-Punts-320x202.jpg 320w, https:\/\/afc.cat\/wp-content\/uploads\/2022\/03\/24-Albert-Folch-Navalon-19-Punts-700x441.jpg 700w\" sizes=\"(max-width: 320px) 100vw, 320px\" \/><\/a><\/div><\/div><div class=\"clearfix\"><\/div><div style=\"padding:5px;\" class=\"fusion-grid-column fusion-gallery-column fusion-gallery-column-6 hover-type-zoomin\"><div class=\"fusion-gallery-image\"><a href=\"https:\/\/afc.cat\/wp-content\/uploads\/2022\/03\/25-Adolfo-Garcia-Bastard-19-Punts.jpg\" data-title=\"25-Adolfo Garcia Bastard-19 Punts\" title=\"25-Adolfo Garcia Bastard-19 Punts\" rel=\"noreferrer\" data-rel=\"iLightbox[gallery_image_1]\" class=\"fusion-lightbox\" target=\"_self\"><img decoding=\"async\" src=\"https:\/\/afc.cat\/wp-content\/uploads\/2022\/03\/25-Adolfo-Garcia-Bastard-19-Punts-320x202.jpg\" width=\"320\" height=\"202\" alt=\"\" title=\"25-Adolfo Garcia Bastard-19 Punts\" aria-label=\"25-Adolfo Garcia Bastard-19 Punts\" class=\"img-responsive wp-image-26603 fusion-gallery-image-size-fixed\" srcset=\"https:\/\/afc.cat\/wp-content\/uploads\/2022\/03\/25-Adolfo-Garcia-Bastard-19-Punts-320x202.jpg 320w, https:\/\/afc.cat\/wp-content\/uploads\/2022\/03\/25-Adolfo-Garcia-Bastard-19-Punts-700x441.jpg 700w\" sizes=\"(max-width: 320px) 100vw, 320px\" \/><\/a><\/div><\/div><div style=\"padding:5px;\" class=\"fusion-grid-column fusion-gallery-column fusion-gallery-column-6 hover-type-zoomin\"><div class=\"fusion-gallery-image\"><a href=\"https:\/\/afc.cat\/wp-content\/uploads\/2022\/03\/26-Juan-Jose-Royo-Ferrer-19-Punts.jpg\" data-title=\"26-Juan Jos\u00e9 Royo Ferrer-19 Punts\" title=\"26-Juan Jos\u00e9 Royo Ferrer-19 Punts\" rel=\"noreferrer\" data-rel=\"iLightbox[gallery_image_1]\" class=\"fusion-lightbox\" target=\"_self\"><img decoding=\"async\" src=\"https:\/\/afc.cat\/wp-content\/uploads\/2022\/03\/26-Juan-Jose-Royo-Ferrer-19-Punts-320x202.jpg\" width=\"320\" height=\"202\" alt=\"\" title=\"26-Juan Jos\u00e9 Royo Ferrer-19 Punts\" aria-label=\"26-Juan Jos\u00e9 Royo Ferrer-19 Punts\" class=\"img-responsive wp-image-26605 fusion-gallery-image-size-fixed\" \/><\/a><\/div><\/div><div style=\"padding:5px;\" class=\"fusion-grid-column fusion-gallery-column fusion-gallery-column-6 hover-type-zoomin\"><div class=\"fusion-gallery-image\"><a href=\"https:\/\/afc.cat\/wp-content\/uploads\/2022\/03\/27-Joan-Soldevila-Adan-18-Punts.jpg\" data-title=\"27-Joan Soldevila Ad\u00e1n-18 Punts\" title=\"27-Joan Soldevila Ad\u00e1n-18 Punts\" rel=\"noreferrer\" data-rel=\"iLightbox[gallery_image_1]\" class=\"fusion-lightbox\" target=\"_self\"><img decoding=\"async\" src=\"https:\/\/afc.cat\/wp-content\/uploads\/2022\/03\/27-Joan-Soldevila-Adan-18-Punts-320x202.jpg\" width=\"320\" height=\"202\" alt=\"\" title=\"27-Joan Soldevila Ad\u00e1n-18 Punts\" aria-label=\"27-Joan Soldevila Ad\u00e1n-18 Punts\" class=\"img-responsive wp-image-26607 fusion-gallery-image-size-fixed\" srcset=\"https:\/\/afc.cat\/wp-content\/uploads\/2022\/03\/27-Joan-Soldevila-Adan-18-Punts-320x202.jpg 320w, https:\/\/afc.cat\/wp-content\/uploads\/2022\/03\/27-Joan-Soldevila-Adan-18-Punts-700x441.jpg 700w\" sizes=\"(max-width: 320px) 100vw, 320px\" \/><\/a><\/div><\/div><div style=\"padding:5px;\" class=\"fusion-grid-column fusion-gallery-column fusion-gallery-column-6 hover-type-zoomin\"><div class=\"fusion-gallery-image\"><a href=\"https:\/\/afc.cat\/wp-content\/uploads\/2022\/03\/28-Carles-Lastra-Antonell-18-Punts.jpg\" data-title=\"28-Carles Lastra Antonell-18 Punts\" title=\"28-Carles Lastra Antonell-18 Punts\" rel=\"noreferrer\" data-rel=\"iLightbox[gallery_image_1]\" class=\"fusion-lightbox\" target=\"_self\"><img decoding=\"async\" src=\"https:\/\/afc.cat\/wp-content\/uploads\/2022\/03\/28-Carles-Lastra-Antonell-18-Punts-320x202.jpg\" width=\"320\" height=\"202\" alt=\"\" title=\"28-Carles Lastra Antonell-18 Punts\" aria-label=\"28-Carles Lastra Antonell-18 Punts\" class=\"img-responsive wp-image-26609 fusion-gallery-image-size-fixed\" srcset=\"https:\/\/afc.cat\/wp-content\/uploads\/2022\/03\/28-Carles-Lastra-Antonell-18-Punts-320x202.jpg 320w, https:\/\/afc.cat\/wp-content\/uploads\/2022\/03\/28-Carles-Lastra-Antonell-18-Punts-700x441.jpg 700w\" sizes=\"(max-width: 320px) 100vw, 320px\" \/><\/a><\/div><\/div><div style=\"padding:5px;\" class=\"fusion-grid-column fusion-gallery-column fusion-gallery-column-6 hover-type-zoomin\"><div class=\"fusion-gallery-image\"><a href=\"https:\/\/afc.cat\/wp-content\/uploads\/2022\/03\/29-Damian-Tous-Vazquez-17-Punts.jpg\" data-title=\"29-Dami\u00e1n Tous Vazquez-17 Punts\" title=\"29-Dami\u00e1n Tous Vazquez-17 Punts\" rel=\"noreferrer\" data-rel=\"iLightbox[gallery_image_1]\" class=\"fusion-lightbox\" target=\"_self\"><img decoding=\"async\" src=\"https:\/\/afc.cat\/wp-content\/uploads\/2022\/03\/29-Damian-Tous-Vazquez-17-Punts-320x202.jpg\" width=\"320\" height=\"202\" alt=\"\" title=\"29-Dami\u00e1n Tous Vazquez-17 Punts\" aria-label=\"29-Dami\u00e1n Tous Vazquez-17 Punts\" class=\"img-responsive wp-image-26611 fusion-gallery-image-size-fixed\" srcset=\"https:\/\/afc.cat\/wp-content\/uploads\/2022\/03\/29-Damian-Tous-Vazquez-17-Punts-320x202.jpg 320w, https:\/\/afc.cat\/wp-content\/uploads\/2022\/03\/29-Damian-Tous-Vazquez-17-Punts-700x441.jpg 700w\" sizes=\"(max-width: 320px) 100vw, 320px\" \/><\/a><\/div><\/div><\/div><div class=\"fusion-separator fusion-full-width-sep\" style=\"align-self: center;margin-left: auto;margin-right: auto;margin-top:20px;margin-bottom:20px;width:100%;\"><div class=\"fusion-separator-border sep-single sep-solid\" style=\"border-color:#3ec0bf;border-top-width:1px;\"><\/div><\/div><div class=\"fusion-text fusion-text-5\"><p style=\"text-align: center;\"><strong>PUNTUACI\u00d3N GENERAL ACUMULADA COLOR<\/strong><\/p>\n<\/div><div style=\"text-align:center;\"><style>.fusion-imageframe.imageframe-2{ margin-bottom : 5%;}<\/style><span class=\" fusion-imageframe imageframe-none imageframe-2 hover-type-zoomin\"><img decoding=\"async\" width=\"800\" height=\"1036\" title=\"Classificacio color febrer 22\" src=\"https:\/\/afc.cat\/wp-content\/uploads\/2022\/03\/Classificacio-color-febrer-22.jpg\" alt class=\"img-responsive wp-image-26492\" srcset=\"https:\/\/afc.cat\/wp-content\/uploads\/2022\/03\/Classificacio-color-febrer-22-200x259.jpg 200w, https:\/\/afc.cat\/wp-content\/uploads\/2022\/03\/Classificacio-color-febrer-22-400x518.jpg 400w, https:\/\/afc.cat\/wp-content\/uploads\/2022\/03\/Classificacio-color-febrer-22-600x777.jpg 600w, https:\/\/afc.cat\/wp-content\/uploads\/2022\/03\/Classificacio-color-febrer-22.jpg 800w\" sizes=\"(max-width: 640px) 100vw, 800px\" \/><\/span><\/div><div class=\"fusion-text fusion-text-6\"><p style=\"text-align: center;\"><strong>Classificaci\u00f3n color de febrero 2022<\/strong><\/p>\n<p style=\"text-align: center;\"><strong>(30 participantes)<\/strong><\/p>\n<\/div><style type=\"text\/css\">.fusion-gallery-2 .fusion-gallery-image {border:0px solid #e2e2e2;}<\/style><div class=\"fusion-gallery fusion-gallery-container fusion-grid-6 fusion-columns-total-30 fusion-gallery-layout-grid fusion-gallery-2\" style=\"margin:-5px;\"><div style=\"padding:5px;\" class=\"fusion-grid-column fusion-gallery-column fusion-gallery-column-6 hover-type-zoomin\"><div class=\"fusion-gallery-image\"><a href=\"https:\/\/afc.cat\/wp-content\/uploads\/2022\/03\/01-Teresa-Tejero-Lopez-24-Punts.jpg\" data-title=\"01-Teresa Tejero Lopez-24 Punts\" title=\"01-Teresa Tejero Lopez-24 Punts\" rel=\"noreferrer\" data-rel=\"iLightbox[gallery_image_2]\" class=\"fusion-lightbox\" target=\"_self\"><img decoding=\"async\" src=\"https:\/\/afc.cat\/wp-content\/uploads\/2022\/03\/01-Teresa-Tejero-Lopez-24-Punts-320x202.jpg\" width=\"320\" height=\"202\" alt=\"\" title=\"01-Teresa Tejero Lopez-24 Punts\" aria-label=\"01-Teresa Tejero Lopez-24 Punts\" class=\"img-responsive wp-image-26495 fusion-gallery-image-size-fixed\" srcset=\"https:\/\/afc.cat\/wp-content\/uploads\/2022\/03\/01-Teresa-Tejero-Lopez-24-Punts-320x202.jpg 320w, https:\/\/afc.cat\/wp-content\/uploads\/2022\/03\/01-Teresa-Tejero-Lopez-24-Punts-700x441.jpg 700w\" sizes=\"(max-width: 320px) 100vw, 320px\" \/><\/a><\/div><\/div><div class=\"clearfix\"><\/div><div style=\"padding:5px;\" class=\"fusion-grid-column fusion-gallery-column fusion-gallery-column-6 hover-type-zoomin\"><div class=\"fusion-gallery-image\"><a href=\"https:\/\/afc.cat\/wp-content\/uploads\/2022\/03\/02-Anna-Barnes-Guillen-24-Punts.jpg\" data-title=\"02-Anna Barn\u00e9s Guill\u00e9n-24 Punts\" title=\"02-Anna Barn\u00e9s Guill\u00e9n-24 Punts\" rel=\"noreferrer\" data-rel=\"iLightbox[gallery_image_2]\" class=\"fusion-lightbox\" target=\"_self\"><img decoding=\"async\" src=\"https:\/\/afc.cat\/wp-content\/uploads\/2022\/03\/02-Anna-Barnes-Guillen-24-Punts-320x202.jpg\" width=\"320\" height=\"202\" alt=\"\" title=\"02-Anna Barn\u00e9s Guill\u00e9n-24 Punts\" aria-label=\"02-Anna Barn\u00e9s Guill\u00e9n-24 Punts\" class=\"img-responsive wp-image-26497 fusion-gallery-image-size-fixed\" srcset=\"https:\/\/afc.cat\/wp-content\/uploads\/2022\/03\/02-Anna-Barnes-Guillen-24-Punts-320x202.jpg 320w, https:\/\/afc.cat\/wp-content\/uploads\/2022\/03\/02-Anna-Barnes-Guillen-24-Punts-700x441.jpg 700w\" sizes=\"(max-width: 320px) 100vw, 320px\" \/><\/a><\/div><\/div><div style=\"padding:5px;\" class=\"fusion-grid-column fusion-gallery-column fusion-gallery-column-6 hover-type-zoomin\"><div class=\"fusion-gallery-image\"><a href=\"https:\/\/afc.cat\/wp-content\/uploads\/2022\/03\/03-Antoni-Serrano-i-Cortes-23-Punts.jpg\" data-title=\"03-Antoni Serrano i Cort\u00e8s-23 Punts\" title=\"03-Antoni Serrano i Cort\u00e8s-23 Punts\" rel=\"noreferrer\" data-rel=\"iLightbox[gallery_image_2]\" class=\"fusion-lightbox\" target=\"_self\"><img decoding=\"async\" src=\"https:\/\/afc.cat\/wp-content\/uploads\/2022\/03\/03-Antoni-Serrano-i-Cortes-23-Punts-320x202.jpg\" width=\"320\" height=\"202\" alt=\"\" title=\"03-Antoni Serrano i Cort\u00e8s-23 Punts\" aria-label=\"03-Antoni Serrano i Cort\u00e8s-23 Punts\" class=\"img-responsive wp-image-26499 fusion-gallery-image-size-fixed\" srcset=\"https:\/\/afc.cat\/wp-content\/uploads\/2022\/03\/03-Antoni-Serrano-i-Cortes-23-Punts-320x202.jpg 320w, https:\/\/afc.cat\/wp-content\/uploads\/2022\/03\/03-Antoni-Serrano-i-Cortes-23-Punts-700x441.jpg 700w\" sizes=\"(max-width: 320px) 100vw, 320px\" \/><\/a><\/div><\/div><div style=\"padding:5px;\" class=\"fusion-grid-column fusion-gallery-column fusion-gallery-column-6 hover-type-zoomin\"><div class=\"fusion-gallery-image\"><a href=\"https:\/\/afc.cat\/wp-content\/uploads\/2022\/03\/04-David-Penarroya-Hernandez-23-Punts.jpg\" data-title=\"04-David Pe\u00f1arroya Hernandez-23 Punts\" title=\"04-David Pe\u00f1arroya Hernandez-23 Punts\" rel=\"noreferrer\" data-rel=\"iLightbox[gallery_image_2]\" class=\"fusion-lightbox\" target=\"_self\"><img decoding=\"async\" src=\"https:\/\/afc.cat\/wp-content\/uploads\/2022\/03\/04-David-Penarroya-Hernandez-23-Punts-320x202.jpg\" width=\"320\" height=\"202\" alt=\"\" title=\"04-David Pe\u00f1arroya Hernandez-23 Punts\" aria-label=\"04-David Pe\u00f1arroya Hernandez-23 Punts\" class=\"img-responsive wp-image-26501 fusion-gallery-image-size-fixed\" srcset=\"https:\/\/afc.cat\/wp-content\/uploads\/2022\/03\/04-David-Penarroya-Hernandez-23-Punts-320x202.jpg 320w, https:\/\/afc.cat\/wp-content\/uploads\/2022\/03\/04-David-Penarroya-Hernandez-23-Punts-700x441.jpg 700w\" sizes=\"(max-width: 320px) 100vw, 320px\" \/><\/a><\/div><\/div><div style=\"padding:5px;\" class=\"fusion-grid-column fusion-gallery-column fusion-gallery-column-6 hover-type-zoomin\"><div class=\"fusion-gallery-image\"><a href=\"https:\/\/afc.cat\/wp-content\/uploads\/2022\/03\/05-Rosa-Cristofol-Martinez-23-Punts.jpg\" data-title=\"05-Rosa Crist\u00f2fol Mart\u00ednez-23 Punts\" title=\"05-Rosa Crist\u00f2fol Mart\u00ednez-23 Punts\" rel=\"noreferrer\" data-rel=\"iLightbox[gallery_image_2]\" class=\"fusion-lightbox\" target=\"_self\"><img decoding=\"async\" src=\"https:\/\/afc.cat\/wp-content\/uploads\/2022\/03\/05-Rosa-Cristofol-Martinez-23-Punts-320x202.jpg\" width=\"320\" height=\"202\" alt=\"\" title=\"05-Rosa Crist\u00f2fol Mart\u00ednez-23 Punts\" aria-label=\"05-Rosa Crist\u00f2fol Mart\u00ednez-23 Punts\" class=\"img-responsive wp-image-26503 fusion-gallery-image-size-fixed\" \/><\/a><\/div><\/div><div style=\"padding:5px;\" class=\"fusion-grid-column fusion-gallery-column fusion-gallery-column-6 hover-type-zoomin\"><div class=\"fusion-gallery-image\"><a href=\"https:\/\/afc.cat\/wp-content\/uploads\/2022\/03\/06-Felix-Jose-Vizcaino-Garcia-23-Punts.jpg\" data-title=\"06-F\u00e9lix Jos\u00e9 Vizca\u00edno Garc\u00eda-23 Punts\" title=\"06-F\u00e9lix Jos\u00e9 Vizca\u00edno Garc\u00eda-23 Punts\" rel=\"noreferrer\" data-rel=\"iLightbox[gallery_image_2]\" class=\"fusion-lightbox\" target=\"_self\"><img decoding=\"async\" src=\"https:\/\/afc.cat\/wp-content\/uploads\/2022\/03\/06-Felix-Jose-Vizcaino-Garcia-23-Punts-320x202.jpg\" width=\"320\" height=\"202\" alt=\"\" title=\"06-F\u00e9lix Jos\u00e9 Vizca\u00edno Garc\u00eda-23 Punts\" aria-label=\"06-F\u00e9lix Jos\u00e9 Vizca\u00edno Garc\u00eda-23 Punts\" class=\"img-responsive wp-image-26505 fusion-gallery-image-size-fixed\" srcset=\"https:\/\/afc.cat\/wp-content\/uploads\/2022\/03\/06-Felix-Jose-Vizcaino-Garcia-23-Punts-320x202.jpg 320w, https:\/\/afc.cat\/wp-content\/uploads\/2022\/03\/06-Felix-Jose-Vizcaino-Garcia-23-Punts-700x441.jpg 700w\" sizes=\"(max-width: 320px) 100vw, 320px\" \/><\/a><\/div><\/div><div style=\"padding:5px;\" class=\"fusion-grid-column fusion-gallery-column fusion-gallery-column-6 hover-type-zoomin\"><div class=\"fusion-gallery-image\"><a href=\"https:\/\/afc.cat\/wp-content\/uploads\/2022\/03\/07-Damian-Tous-Vazquez-23-Punts.jpg\" data-title=\"07-Dami\u00e1n Tous Vazquez-23 Punts\" title=\"07-Dami\u00e1n Tous Vazquez-23 Punts\" rel=\"noreferrer\" data-rel=\"iLightbox[gallery_image_2]\" class=\"fusion-lightbox\" target=\"_self\"><img decoding=\"async\" src=\"https:\/\/afc.cat\/wp-content\/uploads\/2022\/03\/07-Damian-Tous-Vazquez-23-Punts-320x202.jpg\" width=\"320\" height=\"202\" alt=\"\" title=\"07-Dami\u00e1n Tous Vazquez-23 Punts\" aria-label=\"07-Dami\u00e1n Tous Vazquez-23 Punts\" class=\"img-responsive wp-image-26507 fusion-gallery-image-size-fixed\" srcset=\"https:\/\/afc.cat\/wp-content\/uploads\/2022\/03\/07-Damian-Tous-Vazquez-23-Punts-320x202.jpg 320w, https:\/\/afc.cat\/wp-content\/uploads\/2022\/03\/07-Damian-Tous-Vazquez-23-Punts-700x441.jpg 700w\" sizes=\"(max-width: 320px) 100vw, 320px\" \/><\/a><\/div><\/div><div class=\"clearfix\"><\/div><div style=\"padding:5px;\" class=\"fusion-grid-column fusion-gallery-column fusion-gallery-column-6 hover-type-zoomin\"><div class=\"fusion-gallery-image\"><a href=\"https:\/\/afc.cat\/wp-content\/uploads\/2022\/03\/08-Gabriel-Bertran-Niculau-23-Punts.jpg\" data-title=\"08-Gabriel Bertran Niculau-23 Punts\" title=\"08-Gabriel Bertran Niculau-23 Punts\" rel=\"noreferrer\" data-rel=\"iLightbox[gallery_image_2]\" class=\"fusion-lightbox\" target=\"_self\"><img decoding=\"async\" src=\"https:\/\/afc.cat\/wp-content\/uploads\/2022\/03\/08-Gabriel-Bertran-Niculau-23-Punts-320x202.jpg\" width=\"320\" height=\"202\" alt=\"\" title=\"08-Gabriel Bertran Niculau-23 Punts\" aria-label=\"08-Gabriel Bertran Niculau-23 Punts\" class=\"img-responsive wp-image-26509 fusion-gallery-image-size-fixed\" srcset=\"https:\/\/afc.cat\/wp-content\/uploads\/2022\/03\/08-Gabriel-Bertran-Niculau-23-Punts-320x202.jpg 320w, https:\/\/afc.cat\/wp-content\/uploads\/2022\/03\/08-Gabriel-Bertran-Niculau-23-Punts-700x441.jpg 700w\" sizes=\"(max-width: 320px) 100vw, 320px\" \/><\/a><\/div><\/div><div style=\"padding:5px;\" class=\"fusion-grid-column fusion-gallery-column fusion-gallery-column-6 hover-type-zoomin\"><div class=\"fusion-gallery-image\"><a href=\"https:\/\/afc.cat\/wp-content\/uploads\/2022\/03\/09-Sara-Assens-Mampel-23-Punts.jpg\" data-title=\"09-Sara Assens Mampel-23 Punts\" title=\"09-Sara Assens Mampel-23 Punts\" rel=\"noreferrer\" data-rel=\"iLightbox[gallery_image_2]\" class=\"fusion-lightbox\" target=\"_self\"><img decoding=\"async\" src=\"https:\/\/afc.cat\/wp-content\/uploads\/2022\/03\/09-Sara-Assens-Mampel-23-Punts-320x202.jpg\" width=\"320\" height=\"202\" alt=\"\" title=\"09-Sara Assens Mampel-23 Punts\" aria-label=\"09-Sara Assens Mampel-23 Punts\" class=\"img-responsive wp-image-26511 fusion-gallery-image-size-fixed\" srcset=\"https:\/\/afc.cat\/wp-content\/uploads\/2022\/03\/09-Sara-Assens-Mampel-23-Punts-320x202.jpg 320w, https:\/\/afc.cat\/wp-content\/uploads\/2022\/03\/09-Sara-Assens-Mampel-23-Punts-700x441.jpg 700w\" sizes=\"(max-width: 320px) 100vw, 320px\" \/><\/a><\/div><\/div><div style=\"padding:5px;\" class=\"fusion-grid-column fusion-gallery-column fusion-gallery-column-6 hover-type-zoomin\"><div class=\"fusion-gallery-image\"><a href=\"https:\/\/afc.cat\/wp-content\/uploads\/2022\/03\/10-Angel-Colado-Palacios-22-Punts.jpg\" data-title=\"10-\u00c1ngel Colado Palacios-22 Punts\" title=\"10-\u00c1ngel Colado Palacios-22 Punts\" rel=\"noreferrer\" data-rel=\"iLightbox[gallery_image_2]\" class=\"fusion-lightbox\" target=\"_self\"><img decoding=\"async\" src=\"https:\/\/afc.cat\/wp-content\/uploads\/2022\/03\/10-Angel-Colado-Palacios-22-Punts-320x202.jpg\" width=\"320\" height=\"202\" alt=\"\" title=\"10-\u00c1ngel Colado Palacios-22 Punts\" aria-label=\"10-\u00c1ngel Colado Palacios-22 Punts\" class=\"img-responsive wp-image-26513 fusion-gallery-image-size-fixed\" srcset=\"https:\/\/afc.cat\/wp-content\/uploads\/2022\/03\/10-Angel-Colado-Palacios-22-Punts-320x202.jpg 320w, https:\/\/afc.cat\/wp-content\/uploads\/2022\/03\/10-Angel-Colado-Palacios-22-Punts-700x441.jpg 700w\" sizes=\"(max-width: 320px) 100vw, 320px\" \/><\/a><\/div><\/div><div style=\"padding:5px;\" class=\"fusion-grid-column fusion-gallery-column fusion-gallery-column-6 hover-type-zoomin\"><div class=\"fusion-gallery-image\"><a href=\"https:\/\/afc.cat\/wp-content\/uploads\/2022\/03\/11-Santiago-Garcia-Cuadrado-22-Punts.jpg\" data-title=\"11-Santiago Garc\u00eda Cuadrado-22 Punts\" title=\"11-Santiago Garc\u00eda Cuadrado-22 Punts\" rel=\"noreferrer\" data-rel=\"iLightbox[gallery_image_2]\" class=\"fusion-lightbox\" target=\"_self\"><img decoding=\"async\" src=\"https:\/\/afc.cat\/wp-content\/uploads\/2022\/03\/11-Santiago-Garcia-Cuadrado-22-Punts-320x202.jpg\" width=\"320\" height=\"202\" alt=\"\" title=\"11-Santiago Garc\u00eda Cuadrado-22 Punts\" aria-label=\"11-Santiago Garc\u00eda Cuadrado-22 Punts\" class=\"img-responsive wp-image-26515 fusion-gallery-image-size-fixed\" srcset=\"https:\/\/afc.cat\/wp-content\/uploads\/2022\/03\/11-Santiago-Garcia-Cuadrado-22-Punts-320x202.jpg 320w, https:\/\/afc.cat\/wp-content\/uploads\/2022\/03\/11-Santiago-Garcia-Cuadrado-22-Punts-700x441.jpg 700w\" sizes=\"(max-width: 320px) 100vw, 320px\" \/><\/a><\/div><\/div><div style=\"padding:5px;\" class=\"fusion-grid-column fusion-gallery-column fusion-gallery-column-6 hover-type-zoomin\"><div class=\"fusion-gallery-image\"><a href=\"https:\/\/afc.cat\/wp-content\/uploads\/2022\/03\/12-Josep-Soler-Vendrell-22-Punts.jpg\" data-title=\"12-Josep Soler Vendrell-22 Punts\" title=\"12-Josep Soler Vendrell-22 Punts\" rel=\"noreferrer\" data-rel=\"iLightbox[gallery_image_2]\" class=\"fusion-lightbox\" target=\"_self\"><img decoding=\"async\" src=\"https:\/\/afc.cat\/wp-content\/uploads\/2022\/03\/12-Josep-Soler-Vendrell-22-Punts-320x202.jpg\" width=\"320\" height=\"202\" alt=\"\" title=\"12-Josep Soler Vendrell-22 Punts\" aria-label=\"12-Josep Soler Vendrell-22 Punts\" class=\"img-responsive wp-image-26517 fusion-gallery-image-size-fixed\" srcset=\"https:\/\/afc.cat\/wp-content\/uploads\/2022\/03\/12-Josep-Soler-Vendrell-22-Punts-320x202.jpg 320w, https:\/\/afc.cat\/wp-content\/uploads\/2022\/03\/12-Josep-Soler-Vendrell-22-Punts-700x441.jpg 700w\" sizes=\"(max-width: 320px) 100vw, 320px\" \/><\/a><\/div><\/div><div style=\"padding:5px;\" class=\"fusion-grid-column fusion-gallery-column fusion-gallery-column-6 hover-type-zoomin\"><div class=\"fusion-gallery-image\"><a href=\"https:\/\/afc.cat\/wp-content\/uploads\/2022\/03\/13-Antoni-Torres-Bargallo-22-Punts.jpg\" data-title=\"13-Antoni Torres Bargall\u00f3-22 Punts\" title=\"13-Antoni Torres Bargall\u00f3-22 Punts\" rel=\"noreferrer\" data-rel=\"iLightbox[gallery_image_2]\" class=\"fusion-lightbox\" target=\"_self\"><img decoding=\"async\" src=\"https:\/\/afc.cat\/wp-content\/uploads\/2022\/03\/13-Antoni-Torres-Bargallo-22-Punts-320x202.jpg\" width=\"320\" height=\"202\" alt=\"\" title=\"13-Antoni Torres Bargall\u00f3-22 Punts\" aria-label=\"13-Antoni Torres Bargall\u00f3-22 Punts\" class=\"img-responsive wp-image-26519 fusion-gallery-image-size-fixed\" srcset=\"https:\/\/afc.cat\/wp-content\/uploads\/2022\/03\/13-Antoni-Torres-Bargallo-22-Punts-320x202.jpg 320w, https:\/\/afc.cat\/wp-content\/uploads\/2022\/03\/13-Antoni-Torres-Bargallo-22-Punts-700x441.jpg 700w\" sizes=\"(max-width: 320px) 100vw, 320px\" \/><\/a><\/div><\/div><div class=\"clearfix\"><\/div><div style=\"padding:5px;\" class=\"fusion-grid-column fusion-gallery-column fusion-gallery-column-6 hover-type-zoomin\"><div class=\"fusion-gallery-image\"><a href=\"https:\/\/afc.cat\/wp-content\/uploads\/2022\/03\/14-Albert-Folch-Navalon-21-Punts.jpg\" data-title=\"14-Albert Folch Naval\u00f3n-21 Punts\" title=\"14-Albert Folch Naval\u00f3n-21 Punts\" rel=\"noreferrer\" data-rel=\"iLightbox[gallery_image_2]\" class=\"fusion-lightbox\" target=\"_self\"><img decoding=\"async\" src=\"https:\/\/afc.cat\/wp-content\/uploads\/2022\/03\/14-Albert-Folch-Navalon-21-Punts-320x202.jpg\" width=\"320\" height=\"202\" alt=\"\" title=\"14-Albert Folch Naval\u00f3n-21 Punts\" aria-label=\"14-Albert Folch Naval\u00f3n-21 Punts\" class=\"img-responsive wp-image-26521 fusion-gallery-image-size-fixed\" srcset=\"https:\/\/afc.cat\/wp-content\/uploads\/2022\/03\/14-Albert-Folch-Navalon-21-Punts-320x202.jpg 320w, https:\/\/afc.cat\/wp-content\/uploads\/2022\/03\/14-Albert-Folch-Navalon-21-Punts-700x441.jpg 700w\" sizes=\"(max-width: 320px) 100vw, 320px\" \/><\/a><\/div><\/div><div style=\"padding:5px;\" class=\"fusion-grid-column fusion-gallery-column fusion-gallery-column-6 hover-type-zoomin\"><div class=\"fusion-gallery-image\"><a href=\"https:\/\/afc.cat\/wp-content\/uploads\/2022\/03\/15-Jose-Braojos-Morales-21-Punts.jpg\" data-title=\"15-Jose Braojos Morales-21 Punts\" title=\"15-Jose Braojos Morales-21 Punts\" rel=\"noreferrer\" data-rel=\"iLightbox[gallery_image_2]\" class=\"fusion-lightbox\" target=\"_self\"><img decoding=\"async\" src=\"https:\/\/afc.cat\/wp-content\/uploads\/2022\/03\/15-Jose-Braojos-Morales-21-Punts-320x202.jpg\" width=\"320\" height=\"202\" alt=\"\" title=\"15-Jose Braojos Morales-21 Punts\" aria-label=\"15-Jose Braojos Morales-21 Punts\" class=\"img-responsive wp-image-26523 fusion-gallery-image-size-fixed\" srcset=\"https:\/\/afc.cat\/wp-content\/uploads\/2022\/03\/15-Jose-Braojos-Morales-21-Punts-320x202.jpg 320w, https:\/\/afc.cat\/wp-content\/uploads\/2022\/03\/15-Jose-Braojos-Morales-21-Punts-700x441.jpg 700w\" sizes=\"(max-width: 320px) 100vw, 320px\" \/><\/a><\/div><\/div><div style=\"padding:5px;\" class=\"fusion-grid-column fusion-gallery-column fusion-gallery-column-6 hover-type-zoomin\"><div class=\"fusion-gallery-image\"><a href=\"https:\/\/afc.cat\/wp-content\/uploads\/2022\/03\/16-Adolfo-Garcia-Bastard-21-Punts.jpg\" data-title=\"16-Adolfo Garcia Bastard-21 Punts\" title=\"16-Adolfo Garcia Bastard-21 Punts\" rel=\"noreferrer\" data-rel=\"iLightbox[gallery_image_2]\" class=\"fusion-lightbox\" target=\"_self\"><img decoding=\"async\" src=\"https:\/\/afc.cat\/wp-content\/uploads\/2022\/03\/16-Adolfo-Garcia-Bastard-21-Punts-320x202.jpg\" width=\"320\" height=\"202\" alt=\"\" title=\"16-Adolfo Garcia Bastard-21 Punts\" aria-label=\"16-Adolfo Garcia Bastard-21 Punts\" class=\"img-responsive wp-image-26525 fusion-gallery-image-size-fixed\" srcset=\"https:\/\/afc.cat\/wp-content\/uploads\/2022\/03\/16-Adolfo-Garcia-Bastard-21-Punts-320x202.jpg 320w, https:\/\/afc.cat\/wp-content\/uploads\/2022\/03\/16-Adolfo-Garcia-Bastard-21-Punts-700x441.jpg 700w\" sizes=\"(max-width: 320px) 100vw, 320px\" \/><\/a><\/div><\/div><div style=\"padding:5px;\" class=\"fusion-grid-column fusion-gallery-column fusion-gallery-column-6 hover-type-zoomin\"><div class=\"fusion-gallery-image\"><a href=\"https:\/\/afc.cat\/wp-content\/uploads\/2022\/03\/17-Joan-Soldevila-Adan-20-Punts.jpg\" data-title=\"17-Joan Soldevila Ad\u00e1n-20 Punts\" title=\"17-Joan Soldevila Ad\u00e1n-20 Punts\" rel=\"noreferrer\" data-rel=\"iLightbox[gallery_image_2]\" class=\"fusion-lightbox\" target=\"_self\"><img decoding=\"async\" src=\"https:\/\/afc.cat\/wp-content\/uploads\/2022\/03\/17-Joan-Soldevila-Adan-20-Punts-320x202.jpg\" width=\"320\" height=\"202\" alt=\"\" title=\"17-Joan Soldevila Ad\u00e1n-20 Punts\" aria-label=\"17-Joan Soldevila Ad\u00e1n-20 Punts\" class=\"img-responsive wp-image-26527 fusion-gallery-image-size-fixed\" srcset=\"https:\/\/afc.cat\/wp-content\/uploads\/2022\/03\/17-Joan-Soldevila-Adan-20-Punts-320x202.jpg 320w, https:\/\/afc.cat\/wp-content\/uploads\/2022\/03\/17-Joan-Soldevila-Adan-20-Punts-700x441.jpg 700w\" sizes=\"(max-width: 320px) 100vw, 320px\" \/><\/a><\/div><\/div><div style=\"padding:5px;\" class=\"fusion-grid-column fusion-gallery-column fusion-gallery-column-6 hover-type-zoomin\"><div class=\"fusion-gallery-image\"><a href=\"https:\/\/afc.cat\/wp-content\/uploads\/2022\/03\/18-Joan-Rue-Domingo-20-Punts.jpg\" data-title=\"18-Joan Ru\u00e9 Domingo-20 Punts\" title=\"18-Joan Ru\u00e9 Domingo-20 Punts\" rel=\"noreferrer\" data-rel=\"iLightbox[gallery_image_2]\" class=\"fusion-lightbox\" target=\"_self\"><img decoding=\"async\" src=\"https:\/\/afc.cat\/wp-content\/uploads\/2022\/03\/18-Joan-Rue-Domingo-20-Punts-320x202.jpg\" width=\"320\" height=\"202\" alt=\"\" title=\"18-Joan Ru\u00e9 Domingo-20 Punts\" aria-label=\"18-Joan Ru\u00e9 Domingo-20 Punts\" class=\"img-responsive wp-image-26529 fusion-gallery-image-size-fixed\" \/><\/a><\/div><\/div><div style=\"padding:5px;\" class=\"fusion-grid-column fusion-gallery-column fusion-gallery-column-6 hover-type-zoomin\"><div class=\"fusion-gallery-image\"><a href=\"https:\/\/afc.cat\/wp-content\/uploads\/2022\/03\/19-Francesca-Portoles-Braso-20-Punts.jpg\" data-title=\"19-Francesca Portol\u00e9s Bras\u00f3-20 Punts\" title=\"19-Francesca Portol\u00e9s Bras\u00f3-20 Punts\" rel=\"noreferrer\" data-rel=\"iLightbox[gallery_image_2]\" class=\"fusion-lightbox\" target=\"_self\"><img decoding=\"async\" src=\"https:\/\/afc.cat\/wp-content\/uploads\/2022\/03\/19-Francesca-Portoles-Braso-20-Punts-320x202.jpg\" width=\"320\" height=\"202\" alt=\"\" title=\"19-Francesca Portol\u00e9s Bras\u00f3-20 Punts\" aria-label=\"19-Francesca Portol\u00e9s Bras\u00f3-20 Punts\" class=\"img-responsive wp-image-26531 fusion-gallery-image-size-fixed\" srcset=\"https:\/\/afc.cat\/wp-content\/uploads\/2022\/03\/19-Francesca-Portoles-Braso-20-Punts-320x202.jpg 320w, https:\/\/afc.cat\/wp-content\/uploads\/2022\/03\/19-Francesca-Portoles-Braso-20-Punts-700x441.jpg 700w\" sizes=\"(max-width: 320px) 100vw, 320px\" \/><\/a><\/div><\/div><div class=\"clearfix\"><\/div><div style=\"padding:5px;\" class=\"fusion-grid-column fusion-gallery-column fusion-gallery-column-6 hover-type-zoomin\"><div class=\"fusion-gallery-image\"><a href=\"https:\/\/afc.cat\/wp-content\/uploads\/2022\/03\/20-Margarita-fresco-crespo-20-Punts.jpg\" data-title=\"20-Margarita fresco crespo-20 Punts\" title=\"20-Margarita fresco crespo-20 Punts\" rel=\"noreferrer\" data-rel=\"iLightbox[gallery_image_2]\" class=\"fusion-lightbox\" target=\"_self\"><img decoding=\"async\" src=\"https:\/\/afc.cat\/wp-content\/uploads\/2022\/03\/20-Margarita-fresco-crespo-20-Punts-320x202.jpg\" width=\"320\" height=\"202\" alt=\"\" title=\"20-Margarita fresco crespo-20 Punts\" aria-label=\"20-Margarita fresco crespo-20 Punts\" class=\"img-responsive wp-image-26533 fusion-gallery-image-size-fixed\" srcset=\"https:\/\/afc.cat\/wp-content\/uploads\/2022\/03\/20-Margarita-fresco-crespo-20-Punts-320x202.jpg 320w, https:\/\/afc.cat\/wp-content\/uploads\/2022\/03\/20-Margarita-fresco-crespo-20-Punts-700x441.jpg 700w\" sizes=\"(max-width: 320px) 100vw, 320px\" \/><\/a><\/div><\/div><div style=\"padding:5px;\" class=\"fusion-grid-column fusion-gallery-column fusion-gallery-column-6 hover-type-zoomin\"><div class=\"fusion-gallery-image\"><a href=\"https:\/\/afc.cat\/wp-content\/uploads\/2022\/03\/21-Juan-Jose-Royo-Ferrer-20-Punts.jpg\" data-title=\"21-Juan Jos\u00e9 Royo Ferrer-20 Punts\" title=\"21-Juan Jos\u00e9 Royo Ferrer-20 Punts\" rel=\"noreferrer\" data-rel=\"iLightbox[gallery_image_2]\" class=\"fusion-lightbox\" target=\"_self\"><img decoding=\"async\" src=\"https:\/\/afc.cat\/wp-content\/uploads\/2022\/03\/21-Juan-Jose-Royo-Ferrer-20-Punts-320x202.jpg\" width=\"320\" height=\"202\" alt=\"\" title=\"21-Juan Jos\u00e9 Royo Ferrer-20 Punts\" aria-label=\"21-Juan Jos\u00e9 Royo Ferrer-20 Punts\" class=\"img-responsive wp-image-26535 fusion-gallery-image-size-fixed\" srcset=\"https:\/\/afc.cat\/wp-content\/uploads\/2022\/03\/21-Juan-Jose-Royo-Ferrer-20-Punts-320x202.jpg 320w, https:\/\/afc.cat\/wp-content\/uploads\/2022\/03\/21-Juan-Jose-Royo-Ferrer-20-Punts-700x441.jpg 700w\" sizes=\"(max-width: 320px) 100vw, 320px\" \/><\/a><\/div><\/div><div style=\"padding:5px;\" class=\"fusion-grid-column fusion-gallery-column fusion-gallery-column-6 hover-type-zoomin\"><div class=\"fusion-gallery-image\"><a href=\"https:\/\/afc.cat\/wp-content\/uploads\/2022\/03\/22-Josep-Maria-Bonjoch-Trilla-20-Punts.jpg\" data-title=\"22-Josep Maria Bonjoch Trilla-20 Punts\" title=\"22-Josep Maria Bonjoch Trilla-20 Punts\" rel=\"noreferrer\" data-rel=\"iLightbox[gallery_image_2]\" class=\"fusion-lightbox\" target=\"_self\"><img decoding=\"async\" src=\"https:\/\/afc.cat\/wp-content\/uploads\/2022\/03\/22-Josep-Maria-Bonjoch-Trilla-20-Punts-320x202.jpg\" width=\"320\" height=\"202\" alt=\"\" title=\"22-Josep Maria Bonjoch Trilla-20 Punts\" aria-label=\"22-Josep Maria Bonjoch Trilla-20 Punts\" class=\"img-responsive wp-image-26537 fusion-gallery-image-size-fixed\" srcset=\"https:\/\/afc.cat\/wp-content\/uploads\/2022\/03\/22-Josep-Maria-Bonjoch-Trilla-20-Punts-320x202.jpg 320w, https:\/\/afc.cat\/wp-content\/uploads\/2022\/03\/22-Josep-Maria-Bonjoch-Trilla-20-Punts-700x441.jpg 700w\" sizes=\"(max-width: 320px) 100vw, 320px\" \/><\/a><\/div><\/div><div style=\"padding:5px;\" class=\"fusion-grid-column fusion-gallery-column fusion-gallery-column-6 hover-type-zoomin\"><div class=\"fusion-gallery-image\"><a href=\"https:\/\/afc.cat\/wp-content\/uploads\/2022\/03\/23-Carles-Lastra-Antonell-19-Punts.jpg\" data-title=\"23-Carles Lastra Antonell-19 Punts\" title=\"23-Carles Lastra Antonell-19 Punts\" rel=\"noreferrer\" data-rel=\"iLightbox[gallery_image_2]\" class=\"fusion-lightbox\" target=\"_self\"><img decoding=\"async\" src=\"https:\/\/afc.cat\/wp-content\/uploads\/2022\/03\/23-Carles-Lastra-Antonell-19-Punts-320x202.jpg\" width=\"320\" height=\"202\" alt=\"\" title=\"23-Carles Lastra Antonell-19 Punts\" aria-label=\"23-Carles Lastra Antonell-19 Punts\" class=\"img-responsive wp-image-26539 fusion-gallery-image-size-fixed\" \/><\/a><\/div><\/div><div style=\"padding:5px;\" class=\"fusion-grid-column fusion-gallery-column fusion-gallery-column-6 hover-type-zoomin\"><div class=\"fusion-gallery-image\"><a href=\"https:\/\/afc.cat\/wp-content\/uploads\/2022\/03\/24-Elena-Sanchez-Vizcaino-Mengual-19-Punts.jpg\" data-title=\"24-Elena S\u00e1nchez-Vizca\u00edno Mengual-19 Punts\" title=\"24-Elena S\u00e1nchez-Vizca\u00edno Mengual-19 Punts\" rel=\"noreferrer\" data-rel=\"iLightbox[gallery_image_2]\" class=\"fusion-lightbox\" target=\"_self\"><img decoding=\"async\" src=\"https:\/\/afc.cat\/wp-content\/uploads\/2022\/03\/24-Elena-Sanchez-Vizcaino-Mengual-19-Punts-320x202.jpg\" width=\"320\" height=\"202\" alt=\"\" title=\"24-Elena S\u00e1nchez-Vizca\u00edno Mengual-19 Punts\" aria-label=\"24-Elena S\u00e1nchez-Vizca\u00edno Mengual-19 Punts\" class=\"img-responsive wp-image-26541 fusion-gallery-image-size-fixed\" srcset=\"https:\/\/afc.cat\/wp-content\/uploads\/2022\/03\/24-Elena-Sanchez-Vizcaino-Mengual-19-Punts-320x202.jpg 320w, https:\/\/afc.cat\/wp-content\/uploads\/2022\/03\/24-Elena-Sanchez-Vizcaino-Mengual-19-Punts-700x441.jpg 700w\" sizes=\"(max-width: 320px) 100vw, 320px\" \/><\/a><\/div><\/div><div style=\"padding:5px;\" class=\"fusion-grid-column fusion-gallery-column fusion-gallery-column-6 hover-type-zoomin\"><div class=\"fusion-gallery-image\"><a href=\"https:\/\/afc.cat\/wp-content\/uploads\/2022\/03\/25-Carmen-Camprodon-Vidal-18-Punts.jpg\" data-title=\"25-Carmen Camprodon Vidal-18 Punts\" title=\"25-Carmen Camprodon Vidal-18 Punts\" rel=\"noreferrer\" data-rel=\"iLightbox[gallery_image_2]\" class=\"fusion-lightbox\" target=\"_self\"><img decoding=\"async\" src=\"https:\/\/afc.cat\/wp-content\/uploads\/2022\/03\/25-Carmen-Camprodon-Vidal-18-Punts-320x202.jpg\" width=\"320\" height=\"202\" alt=\"\" title=\"25-Carmen Camprodon Vidal-18 Punts\" aria-label=\"25-Carmen Camprodon Vidal-18 Punts\" class=\"img-responsive wp-image-26543 fusion-gallery-image-size-fixed\" srcset=\"https:\/\/afc.cat\/wp-content\/uploads\/2022\/03\/25-Carmen-Camprodon-Vidal-18-Punts-320x202.jpg 320w, https:\/\/afc.cat\/wp-content\/uploads\/2022\/03\/25-Carmen-Camprodon-Vidal-18-Punts-700x441.jpg 700w\" sizes=\"(max-width: 320px) 100vw, 320px\" \/><\/a><\/div><\/div><div class=\"clearfix\"><\/div><div style=\"padding:5px;\" class=\"fusion-grid-column fusion-gallery-column fusion-gallery-column-6 hover-type-zoomin\"><div class=\"fusion-gallery-image\"><a href=\"https:\/\/afc.cat\/wp-content\/uploads\/2022\/03\/26-Carmen-Casademont-Ribot-18-Punts.jpg\" data-title=\"26-Carmen Casademont Ribot-18 Punts\" title=\"26-Carmen Casademont Ribot-18 Punts\" rel=\"noreferrer\" data-rel=\"iLightbox[gallery_image_2]\" class=\"fusion-lightbox\" target=\"_self\"><img decoding=\"async\" src=\"https:\/\/afc.cat\/wp-content\/uploads\/2022\/03\/26-Carmen-Casademont-Ribot-18-Punts-320x202.jpg\" width=\"320\" height=\"202\" alt=\"\" title=\"26-Carmen Casademont Ribot-18 Punts\" aria-label=\"26-Carmen Casademont Ribot-18 Punts\" class=\"img-responsive wp-image-26545 fusion-gallery-image-size-fixed\" \/><\/a><\/div><\/div><div style=\"padding:5px;\" class=\"fusion-grid-column fusion-gallery-column fusion-gallery-column-6 hover-type-zoomin\"><div class=\"fusion-gallery-image\"><a href=\"https:\/\/afc.cat\/wp-content\/uploads\/2022\/03\/27-irene-sanz-ramirez-17-Punts.jpg\" data-title=\"27-irene sanz ramirez-17 Punts\" title=\"27-irene sanz ramirez-17 Punts\" rel=\"noreferrer\" data-rel=\"iLightbox[gallery_image_2]\" class=\"fusion-lightbox\" target=\"_self\"><img decoding=\"async\" src=\"https:\/\/afc.cat\/wp-content\/uploads\/2022\/03\/27-irene-sanz-ramirez-17-Punts-320x202.jpg\" width=\"320\" height=\"202\" alt=\"\" title=\"27-irene sanz ramirez-17 Punts\" aria-label=\"27-irene sanz ramirez-17 Punts\" class=\"img-responsive wp-image-26547 fusion-gallery-image-size-fixed\" srcset=\"https:\/\/afc.cat\/wp-content\/uploads\/2022\/03\/27-irene-sanz-ramirez-17-Punts-320x202.jpg 320w, https:\/\/afc.cat\/wp-content\/uploads\/2022\/03\/27-irene-sanz-ramirez-17-Punts-700x441.jpg 700w\" sizes=\"(max-width: 320px) 100vw, 320px\" \/><\/a><\/div><\/div><div style=\"padding:5px;\" class=\"fusion-grid-column fusion-gallery-column fusion-gallery-column-6 hover-type-zoomin\"><div class=\"fusion-gallery-image\"><a href=\"https:\/\/afc.cat\/wp-content\/uploads\/2022\/03\/28-Miguel-Lopez-Mallach-17-Punts.jpg\" data-title=\"28-Miguel L\u00f3pez Mallach-17 Punts\" title=\"28-Miguel L\u00f3pez Mallach-17 Punts\" rel=\"noreferrer\" data-rel=\"iLightbox[gallery_image_2]\" class=\"fusion-lightbox\" target=\"_self\"><img decoding=\"async\" src=\"https:\/\/afc.cat\/wp-content\/uploads\/2022\/03\/28-Miguel-Lopez-Mallach-17-Punts-320x202.jpg\" width=\"320\" height=\"202\" alt=\"\" title=\"28-Miguel L\u00f3pez Mallach-17 Punts\" aria-label=\"28-Miguel L\u00f3pez Mallach-17 Punts\" class=\"img-responsive wp-image-26549 fusion-gallery-image-size-fixed\" \/><\/a><\/div><\/div><div style=\"padding:5px;\" class=\"fusion-grid-column fusion-gallery-column fusion-gallery-column-6 hover-type-zoomin\"><div class=\"fusion-gallery-image\"><a href=\"https:\/\/afc.cat\/wp-content\/uploads\/2022\/03\/29-Ana-M.-Gallego-Lozano-17-Punts.jpg\" data-title=\"29-Ana M. Gallego Lozano-17 Punts\" title=\"29-Ana M. Gallego Lozano-17 Punts\" rel=\"noreferrer\" data-rel=\"iLightbox[gallery_image_2]\" class=\"fusion-lightbox\" target=\"_self\"><img decoding=\"async\" src=\"https:\/\/afc.cat\/wp-content\/uploads\/2022\/03\/29-Ana-M.-Gallego-Lozano-17-Punts-320x202.jpg\" width=\"320\" height=\"202\" alt=\"\" title=\"29-Ana M. Gallego Lozano-17 Punts\" aria-label=\"29-Ana M. Gallego Lozano-17 Punts\" class=\"img-responsive wp-image-26551 fusion-gallery-image-size-fixed\" srcset=\"https:\/\/afc.cat\/wp-content\/uploads\/2022\/03\/29-Ana-M.-Gallego-Lozano-17-Punts-320x202.jpg 320w, https:\/\/afc.cat\/wp-content\/uploads\/2022\/03\/29-Ana-M.-Gallego-Lozano-17-Punts-700x441.jpg 700w\" sizes=\"(max-width: 320px) 100vw, 320px\" \/><\/a><\/div><\/div><div style=\"padding:5px;\" class=\"fusion-grid-column fusion-gallery-column fusion-gallery-column-6 hover-type-zoomin\"><div class=\"fusion-gallery-image\"><a href=\"https:\/\/afc.cat\/wp-content\/uploads\/2022\/03\/30-Albert-Bolea-Noya-16-Punts.jpg\" data-title=\"30-Albert Bolea Noya-16 Punts\" title=\"30-Albert Bolea Noya-16 Punts\" rel=\"noreferrer\" data-rel=\"iLightbox[gallery_image_2]\" class=\"fusion-lightbox\" target=\"_self\"><img decoding=\"async\" src=\"https:\/\/afc.cat\/wp-content\/uploads\/2022\/03\/30-Albert-Bolea-Noya-16-Punts-320x202.jpg\" width=\"320\" height=\"202\" alt=\"\" title=\"30-Albert Bolea Noya-16 Punts\" aria-label=\"30-Albert Bolea Noya-16 Punts\" class=\"img-responsive wp-image-26553 fusion-gallery-image-size-fixed\" srcset=\"https:\/\/afc.cat\/wp-content\/uploads\/2022\/03\/30-Albert-Bolea-Noya-16-Punts-320x202.jpg 320w, https:\/\/afc.cat\/wp-content\/uploads\/2022\/03\/30-Albert-Bolea-Noya-16-Punts-700x441.jpg 700w\" sizes=\"(max-width: 320px) 100vw, 320px\" \/><\/a><\/div><\/div><\/div><div class=\"fusion-separator fusion-full-width-sep\" style=\"align-self: center;margin-left: auto;margin-right: auto;margin-top:20px;margin-bottom:20px;width:100%;\"><div class=\"fusion-separator-border sep-single sep-solid\" style=\"border-color:#3ec0bf;border-top-width:1px;\"><\/div><\/div><div style=\"text-align:center;\"><style>.fusion-button.button-1{border-radius:4px 4px 4px 4px;}<\/style><a class=\"fusion-button button-flat fusion-button-default-size button-default button-1 fusion-button-default-span fusion-button-default-type\" target=\"_self\" href=\"https:\/\/afc.cat\/es\/galerias\/\"><span class=\"fusion-button-text\">Vuelve a GALER\u00cdAS<\/span><\/a><\/div><\/div><style type=\"text\/css\">.fusion-body .fusion-builder-column-0{width:100% !important;margin-top : 0px;margin-bottom : 20px;}.fusion-builder-column-0 > .fusion-column-wrapper {padding-top : 0px !important;padding-right : 0px !important;margin-right : 1.92%;padding-bottom : 0px !important;padding-left : 0px !important;margin-left : 1.92%;}@media only screen and (max-width:1024px) {.fusion-body .fusion-builder-column-0{width:100% !important;order : 0;}.fusion-builder-column-0 > .fusion-column-wrapper {margin-right : 1.92%;margin-left : 1.92%;}}@media only screen and (max-width:640px) {.fusion-body .fusion-builder-column-0{width:100% !important;order : 0;}.fusion-builder-column-0 > .fusion-column-wrapper {margin-right : 1.92%;margin-left : 1.92%;}}<\/style><\/div><\/div><style type=\"text\/css\">.fusion-body .fusion-flex-container.fusion-builder-row-1{ padding-top : 0px;margin-top : 0px;padding-right : 0px;padding-bottom : 0px;margin-bottom : 0px;padding-left : 0px;}<\/style><\/div>\n","protected":false},"excerpt":{"rendered":"","protected":false},"author":33,"featured_media":26616,"menu_order":0,"comment_status":"open","ping_status":"closed","template":"","format":"standard","meta":{"_acf_changed":false,"footnotes":""},"portfolio_category":[158],"portfolio_skills":[],"portfolio_tags":[],"class_list":["post-26684","avada_portfolio","type-avada_portfolio","status-publish","format-standard","has-post-thumbnail","hentry","portfolio_category-concursos-es"],"acf":[],"yoast_head":"<!-- This site is optimized with the Yoast SEO plugin v27.5 - https:\/\/yoast.com\/product\/yoast-seo-wordpress\/ -->\n<title>Classificaci\u00f3n concurso Temes Obligats 2021-2022 mes de febrero - Agrupaci\u00f3 Fotogr\u00e0fica de Catalunya<\/title>\n<meta name=\"robots\" content=\"index, follow, max-snippet:-1, max-image-preview:large, max-video-preview:-1\" \/>\n<link rel=\"canonical\" href=\"https:\/\/afc.cat\/es\/galeria\/classificacio-concurs-temes-obligats-2021-2022-mes-de-febrer\/\" \/>\n<meta property=\"og:locale\" content=\"es_ES\" \/>\n<meta property=\"og:type\" content=\"article\" \/>\n<meta property=\"og:title\" content=\"Classificaci\u00f3n concurso Temes Obligats 2021-2022 mes de febrero - Agrupaci\u00f3 Fotogr\u00e0fica de Catalunya\" \/>\n<meta property=\"og:url\" content=\"https:\/\/afc.cat\/es\/galeria\/classificacio-concurs-temes-obligats-2021-2022-mes-de-febrer\/\" \/>\n<meta property=\"og:site_name\" content=\"Agrupaci\u00f3 Fotogr\u00e0fica de Catalunya\" \/>\n<meta property=\"article:modified_time\" content=\"2022-03-29T09:10:13+00:00\" \/>\n<meta property=\"og:image\" content=\"https:\/\/afc.cat\/wp-content\/uploads\/2022\/03\/TEMES-OBLIGATS-FEBRER-ESP.jpg\" \/>\n\t<meta property=\"og:image:width\" content=\"400\" \/>\n\t<meta property=\"og:image:height\" content=\"265\" \/>\n\t<meta property=\"og:image:type\" content=\"image\/jpeg\" \/>\n<meta name=\"twitter:card\" content=\"summary_large_image\" \/>\n<meta name=\"twitter:label1\" content=\"Tiempo de lectura\" \/>\n\t<meta name=\"twitter:data1\" content=\"5 minutos\" \/>\n<script type=\"application\/ld+json\" class=\"yoast-schema-graph\">{\"@context\":\"https:\\\/\\\/schema.org\",\"@graph\":[{\"@type\":\"WebPage\",\"@id\":\"https:\\\/\\\/afc.cat\\\/es\\\/galeria\\\/classificacio-concurs-temes-obligats-2021-2022-mes-de-febrer\\\/\",\"url\":\"https:\\\/\\\/afc.cat\\\/es\\\/galeria\\\/classificacio-concurs-temes-obligats-2021-2022-mes-de-febrer\\\/\",\"name\":\"Classificaci\u00f3n concurso Temes Obligats 2021-2022 mes de febrero - Agrupaci\u00f3 Fotogr\u00e0fica de Catalunya\",\"isPartOf\":{\"@id\":\"https:\\\/\\\/afc.cat\\\/es\\\/#website\"},\"primaryImageOfPage\":{\"@id\":\"https:\\\/\\\/afc.cat\\\/es\\\/galeria\\\/classificacio-concurs-temes-obligats-2021-2022-mes-de-febrer\\\/#primaryimage\"},\"image\":{\"@id\":\"https:\\\/\\\/afc.cat\\\/es\\\/galeria\\\/classificacio-concurs-temes-obligats-2021-2022-mes-de-febrer\\\/#primaryimage\"},\"thumbnailUrl\":\"https:\\\/\\\/afc.cat\\\/wp-content\\\/uploads\\\/2022\\\/03\\\/TEMES-OBLIGATS-FEBRER-ESP.jpg\",\"datePublished\":\"2022-03-09T19:50:54+00:00\",\"dateModified\":\"2022-03-29T09:10:13+00:00\",\"breadcrumb\":{\"@id\":\"https:\\\/\\\/afc.cat\\\/es\\\/galeria\\\/classificacio-concurs-temes-obligats-2021-2022-mes-de-febrer\\\/#breadcrumb\"},\"inLanguage\":\"es\",\"potentialAction\":[{\"@type\":\"ReadAction\",\"target\":[\"https:\\\/\\\/afc.cat\\\/es\\\/galeria\\\/classificacio-concurs-temes-obligats-2021-2022-mes-de-febrer\\\/\"]}]},{\"@type\":\"ImageObject\",\"inLanguage\":\"es\",\"@id\":\"https:\\\/\\\/afc.cat\\\/es\\\/galeria\\\/classificacio-concurs-temes-obligats-2021-2022-mes-de-febrer\\\/#primaryimage\",\"url\":\"https:\\\/\\\/afc.cat\\\/wp-content\\\/uploads\\\/2022\\\/03\\\/TEMES-OBLIGATS-FEBRER-ESP.jpg\",\"contentUrl\":\"https:\\\/\\\/afc.cat\\\/wp-content\\\/uploads\\\/2022\\\/03\\\/TEMES-OBLIGATS-FEBRER-ESP.jpg\",\"width\":400,\"height\":265},{\"@type\":\"BreadcrumbList\",\"@id\":\"https:\\\/\\\/afc.cat\\\/es\\\/galeria\\\/classificacio-concurs-temes-obligats-2021-2022-mes-de-febrer\\\/#breadcrumb\",\"itemListElement\":[{\"@type\":\"ListItem\",\"position\":1,\"name\":\"Inicio\",\"item\":\"https:\\\/\\\/afc.cat\\\/es\\\/\"},{\"@type\":\"ListItem\",\"position\":2,\"name\":\"Portfolio\",\"item\":\"https:\\\/\\\/afc.cat\\\/galeria\\\/\"},{\"@type\":\"ListItem\",\"position\":3,\"name\":\"Classificaci\u00f3n concurso Temes Obligats 2021-2022 mes de febrero\"}]},{\"@type\":\"WebSite\",\"@id\":\"https:\\\/\\\/afc.cat\\\/es\\\/#website\",\"url\":\"https:\\\/\\\/afc.cat\\\/es\\\/\",\"name\":\"Agrupaci\u00f3 Fotogr\u00e0fica de Catalunya\",\"description\":\"Fomento y divulgaci\u00f3n de la fotograf\u00eda en todas sus variedades\",\"potentialAction\":[{\"@type\":\"SearchAction\",\"target\":{\"@type\":\"EntryPoint\",\"urlTemplate\":\"https:\\\/\\\/afc.cat\\\/es\\\/?s={search_term_string}\"},\"query-input\":{\"@type\":\"PropertyValueSpecification\",\"valueRequired\":true,\"valueName\":\"search_term_string\"}}],\"inLanguage\":\"es\"}]}<\/script>\n<!-- \/ Yoast SEO plugin. -->","yoast_head_json":{"title":"Classificaci\u00f3n concurso Temes Obligats 2021-2022 mes de febrero - Agrupaci\u00f3 Fotogr\u00e0fica de Catalunya","robots":{"index":"index","follow":"follow","max-snippet":"max-snippet:-1","max-image-preview":"max-image-preview:large","max-video-preview":"max-video-preview:-1"},"canonical":"https:\/\/afc.cat\/es\/galeria\/classificacio-concurs-temes-obligats-2021-2022-mes-de-febrer\/","og_locale":"es_ES","og_type":"article","og_title":"Classificaci\u00f3n concurso Temes Obligats 2021-2022 mes de febrero - Agrupaci\u00f3 Fotogr\u00e0fica de Catalunya","og_url":"https:\/\/afc.cat\/es\/galeria\/classificacio-concurs-temes-obligats-2021-2022-mes-de-febrer\/","og_site_name":"Agrupaci\u00f3 Fotogr\u00e0fica de Catalunya","article_modified_time":"2022-03-29T09:10:13+00:00","og_image":[{"width":400,"height":265,"url":"https:\/\/afc.cat\/wp-content\/uploads\/2022\/03\/TEMES-OBLIGATS-FEBRER-ESP.jpg","type":"image\/jpeg"}],"twitter_card":"summary_large_image","twitter_misc":{"Tiempo de lectura":"5 minutos"},"schema":{"@context":"https:\/\/schema.org","@graph":[{"@type":"WebPage","@id":"https:\/\/afc.cat\/es\/galeria\/classificacio-concurs-temes-obligats-2021-2022-mes-de-febrer\/","url":"https:\/\/afc.cat\/es\/galeria\/classificacio-concurs-temes-obligats-2021-2022-mes-de-febrer\/","name":"Classificaci\u00f3n concurso Temes Obligats 2021-2022 mes de febrero - Agrupaci\u00f3 Fotogr\u00e0fica de Catalunya","isPartOf":{"@id":"https:\/\/afc.cat\/es\/#website"},"primaryImageOfPage":{"@id":"https:\/\/afc.cat\/es\/galeria\/classificacio-concurs-temes-obligats-2021-2022-mes-de-febrer\/#primaryimage"},"image":{"@id":"https:\/\/afc.cat\/es\/galeria\/classificacio-concurs-temes-obligats-2021-2022-mes-de-febrer\/#primaryimage"},"thumbnailUrl":"https:\/\/afc.cat\/wp-content\/uploads\/2022\/03\/TEMES-OBLIGATS-FEBRER-ESP.jpg","datePublished":"2022-03-09T19:50:54+00:00","dateModified":"2022-03-29T09:10:13+00:00","breadcrumb":{"@id":"https:\/\/afc.cat\/es\/galeria\/classificacio-concurs-temes-obligats-2021-2022-mes-de-febrer\/#breadcrumb"},"inLanguage":"es","potentialAction":[{"@type":"ReadAction","target":["https:\/\/afc.cat\/es\/galeria\/classificacio-concurs-temes-obligats-2021-2022-mes-de-febrer\/"]}]},{"@type":"ImageObject","inLanguage":"es","@id":"https:\/\/afc.cat\/es\/galeria\/classificacio-concurs-temes-obligats-2021-2022-mes-de-febrer\/#primaryimage","url":"https:\/\/afc.cat\/wp-content\/uploads\/2022\/03\/TEMES-OBLIGATS-FEBRER-ESP.jpg","contentUrl":"https:\/\/afc.cat\/wp-content\/uploads\/2022\/03\/TEMES-OBLIGATS-FEBRER-ESP.jpg","width":400,"height":265},{"@type":"BreadcrumbList","@id":"https:\/\/afc.cat\/es\/galeria\/classificacio-concurs-temes-obligats-2021-2022-mes-de-febrer\/#breadcrumb","itemListElement":[{"@type":"ListItem","position":1,"name":"Inicio","item":"https:\/\/afc.cat\/es\/"},{"@type":"ListItem","position":2,"name":"Portfolio","item":"https:\/\/afc.cat\/galeria\/"},{"@type":"ListItem","position":3,"name":"Classificaci\u00f3n concurso Temes Obligats 2021-2022 mes de febrero"}]},{"@type":"WebSite","@id":"https:\/\/afc.cat\/es\/#website","url":"https:\/\/afc.cat\/es\/","name":"Agrupaci\u00f3 Fotogr\u00e0fica de Catalunya","description":"Fomento y divulgaci\u00f3n de la fotograf\u00eda en todas sus variedades","potentialAction":[{"@type":"SearchAction","target":{"@type":"EntryPoint","urlTemplate":"https:\/\/afc.cat\/es\/?s={search_term_string}"},"query-input":{"@type":"PropertyValueSpecification","valueRequired":true,"valueName":"search_term_string"}}],"inLanguage":"es"}]}},"_links":{"self":[{"href":"https:\/\/afc.cat\/es\/wp-json\/wp\/v2\/avada_portfolio\/26684","targetHints":{"allow":["GET"]}}],"collection":[{"href":"https:\/\/afc.cat\/es\/wp-json\/wp\/v2\/avada_portfolio"}],"about":[{"href":"https:\/\/afc.cat\/es\/wp-json\/wp\/v2\/types\/avada_portfolio"}],"author":[{"embeddable":true,"href":"https:\/\/afc.cat\/es\/wp-json\/wp\/v2\/users\/33"}],"replies":[{"embeddable":true,"href":"https:\/\/afc.cat\/es\/wp-json\/wp\/v2\/comments?post=26684"}],"version-history":[{"count":4,"href":"https:\/\/afc.cat\/es\/wp-json\/wp\/v2\/avada_portfolio\/26684\/revisions"}],"predecessor-version":[{"id":26688,"href":"https:\/\/afc.cat\/es\/wp-json\/wp\/v2\/avada_portfolio\/26684\/revisions\/26688"}],"wp:featuredmedia":[{"embeddable":true,"href":"https:\/\/afc.cat\/es\/wp-json\/wp\/v2\/media\/26616"}],"wp:attachment":[{"href":"https:\/\/afc.cat\/es\/wp-json\/wp\/v2\/media?parent=26684"}],"wp:term":[{"taxonomy":"portfolio_category","embeddable":true,"href":"https:\/\/afc.cat\/es\/wp-json\/wp\/v2\/portfolio_category?post=26684"},{"taxonomy":"portfolio_skills","embeddable":true,"href":"https:\/\/afc.cat\/es\/wp-json\/wp\/v2\/portfolio_skills?post=26684"},{"taxonomy":"portfolio_tags","embeddable":true,"href":"https:\/\/afc.cat\/es\/wp-json\/wp\/v2\/portfolio_tags?post=26684"}],"curies":[{"name":"wp","href":"https:\/\/api.w.org\/{rel}","templated":true}]}}