{"id":27228,"date":"2022-04-07T21:12:58","date_gmt":"2022-04-07T19:12:58","guid":{"rendered":"https:\/\/afc.cat\/?post_type=avada_portfolio&#038;p=27228"},"modified":"2022-04-08T18:22:13","modified_gmt":"2022-04-08T16:22:13","slug":"classificacion-concurso-temes-obligats-2021-2022-mes-de-marzo","status":"publish","type":"avada_portfolio","link":"https:\/\/afc.cat\/es\/galeria\/classificacion-concurso-temes-obligats-2021-2022-mes-de-marzo\/","title":{"rendered":"Classificaci\u00f3n concurso Temes Obligats 2021-2022 mes de marzo"},"content":{"rendered":"<div class=\"fusion-fullwidth fullwidth-box fusion-builder-row-1 fusion-flex-container nonhundred-percent-fullwidth non-hundred-percent-height-scrolling\" style=\"background-color: rgba(255,255,255,0);background-position: center center;background-repeat: no-repeat;border-width: 0px 0px 0px 0px;border-color:#ffffff;border-style:solid;\" ><div class=\"fusion-builder-row fusion-row fusion-flex-align-items-flex-start\" style=\"max-width:1300px;margin-left: calc(-4% \/ 2 );margin-right: calc(-4% \/ 2 );\"><div class=\"fusion-layout-column fusion_builder_column fusion-builder-column-0 fusion_builder_column_1_1 1_1 fusion-flex-column\"><div class=\"fusion-column-wrapper fusion-flex-justify-content-flex-start fusion-content-layout-column\" style=\"background-position:left top;background-repeat:no-repeat;-webkit-background-size:cover;-moz-background-size:cover;-o-background-size:cover;background-size:cover;padding: 0px 0px 0px 0px;\"><div class=\"fusion-text fusion-text-1\"><h2 style=\"text-align: center;\">Tema Obligado del mes de marzo<\/h2>\n<h3 style=\"text-align: center;\">El ferrrocarril y su entorno<\/h3>\n<\/div><div class=\"fusion-text fusion-text-2\"><p>El pasado d\u00eda 5 se conoci\u00f3 la valoraci\u00f3n del jurado de las fotograf\u00edas de los socios que participaron en el concurso social de la agrupaci\u00f3n \u201dTemas obligados\u201d. Como ya sab\u00e9is, el tema va cambiando cada mes y el tema de este mes de marzo ha sido <strong>\u201cEl ferrocarril y su entorno\u201d<\/strong>.<\/p>\n<p><strong>Categor\u00eda de Monocromo<\/strong><br \/>\nEste mes la foto mejor valorada ha sido la de <strong>Jaume Estrada<\/strong>. Con esta foto con el t\u00edtulo <em><strong>\u201cVolando\u201d por el medio de la ciudad<\/strong><\/em> ha obtenido 27 puntos que le han permitido llegar a la posici\u00f3n 3 de la clasificaci\u00f3n general.<\/p>\n<p><strong>Categor\u00eda Color<\/strong><br \/>\nEn esta categor\u00eda la m\u00e1xima puntuaci\u00f3n ha estado para <strong>Antoni Torres<\/strong> con la fotograf\u00eda titulada <strong><em>\u201cEl tren de Harry Potter\u201d <\/em><\/strong>con una puntuaci\u00f3n de 27 puntos.<\/p>\n<p>En la clasificaci\u00f3n general <strong>Antoni Torres<\/strong> queda en la posici\u00f3n 28.<\/p>\n<p>Continuamos animando a los socios a participar, siempre se una buena excusa para hacer aquello que mas nos gusta, coger la c\u00e1mara y hacer \u201cclic\u201d.<\/p>\n<p>Maxim\u00a0Poncela<br \/>\nConcursos<\/p>\n<\/div><div class=\"fusion-separator fusion-full-width-sep\" style=\"align-self: center;margin-left: auto;margin-right: auto;margin-bottom:20px;width:100%;\"><div class=\"fusion-separator-border sep-single sep-solid\" style=\"border-color:#3ec0bf;border-top-width:1px;\"><\/div><\/div><div class=\"fusion-text fusion-text-3\"><p style=\"text-align: center;\"><strong>PUNTUACI\u00d3N GENERAL ACUMULADA MONOCROMO<\/strong><\/p>\n<\/div><div style=\"text-align:center;\"><style>.fusion-imageframe.imageframe-1{ margin-bottom : 5%;}<\/style><span class=\" fusion-imageframe imageframe-none imageframe-1 hover-type-zoomin\"><img decoding=\"async\" width=\"507\" height=\"1024\" title=\"CLASSIFICACI\u00d3 MAR\u00c7 22 MONO\" src=\"https:\/\/afc.cat\/wp-content\/uploads\/2022\/04\/CLASSIFICACIO-MARC-22-MONO-507x1024.jpg\" alt class=\"img-responsive wp-image-27167\" srcset=\"https:\/\/afc.cat\/wp-content\/uploads\/2022\/04\/CLASSIFICACIO-MARC-22-MONO-200x404.jpg 200w, https:\/\/afc.cat\/wp-content\/uploads\/2022\/04\/CLASSIFICACIO-MARC-22-MONO-400x808.jpg 400w, https:\/\/afc.cat\/wp-content\/uploads\/2022\/04\/CLASSIFICACIO-MARC-22-MONO-600x1211.jpg 600w, https:\/\/afc.cat\/wp-content\/uploads\/2022\/04\/CLASSIFICACIO-MARC-22-MONO.jpg 800w\" sizes=\"(max-width: 640px) 100vw, 507px\" \/><\/span><\/div><div class=\"fusion-text fusion-text-4\"><p style=\"text-align: center;\"><strong>Classificaci\u00f3n monocromo de marzo 2022<\/strong><\/p>\n<p style=\"text-align: center;\"><strong>(28 participantes)<\/strong><\/p>\n<\/div><style type=\"text\/css\">.fusion-gallery-1 .fusion-gallery-image {border:0px solid #e2e2e2;}<\/style><div class=\"fusion-gallery fusion-gallery-container fusion-grid-6 fusion-columns-total-28 fusion-gallery-layout-grid fusion-gallery-1\" style=\"margin:-5px;\"><div style=\"padding:5px;\" class=\"fusion-grid-column fusion-gallery-column fusion-gallery-column-6 hover-type-zoomin\"><div class=\"fusion-gallery-image\"><a href=\"https:\/\/afc.cat\/wp-content\/uploads\/2022\/04\/1-Jaume-Estrada-Martras-27.jpg\" data-title=\"1-Jaume Estrada Martras-27\" title=\"1-Jaume Estrada Martras-27\" rel=\"noreferrer\" data-rel=\"iLightbox[gallery_image_1]\" class=\"fusion-lightbox\" target=\"_self\"><img decoding=\"async\" src=\"https:\/\/afc.cat\/wp-content\/uploads\/2022\/04\/1-Jaume-Estrada-Martras-27-320x202.jpg\" width=\"320\" height=\"202\" alt=\"\" title=\"1-Jaume Estrada Martras-27\" aria-label=\"1-Jaume Estrada Martras-27\" class=\"img-responsive wp-image-27056 fusion-gallery-image-size-fixed\" srcset=\"https:\/\/afc.cat\/wp-content\/uploads\/2022\/04\/1-Jaume-Estrada-Martras-27-320x202.jpg 320w, https:\/\/afc.cat\/wp-content\/uploads\/2022\/04\/1-Jaume-Estrada-Martras-27-700x441.jpg 700w\" sizes=\"(max-width: 320px) 100vw, 320px\" \/><\/a><\/div><\/div><div style=\"padding:5px;\" class=\"fusion-grid-column fusion-gallery-column fusion-gallery-column-6 hover-type-zoomin\"><div class=\"fusion-gallery-image\"><a href=\"https:\/\/afc.cat\/wp-content\/uploads\/2022\/04\/2-Rosa-Cristofol-Martinez-24.jpg\" data-title=\"2-Rosa Crist\u00f2fol Mart\u00ednez-24\" title=\"2-Rosa Crist\u00f2fol Mart\u00ednez-24\" rel=\"noreferrer\" data-rel=\"iLightbox[gallery_image_1]\" class=\"fusion-lightbox\" target=\"_self\"><img decoding=\"async\" src=\"https:\/\/afc.cat\/wp-content\/uploads\/2022\/04\/2-Rosa-Cristofol-Martinez-24-320x202.jpg\" width=\"320\" height=\"202\" alt=\"\" title=\"2-Rosa Crist\u00f2fol Mart\u00ednez-24\" aria-label=\"2-Rosa Crist\u00f2fol Mart\u00ednez-24\" class=\"img-responsive wp-image-27058 fusion-gallery-image-size-fixed\" \/><\/a><\/div><\/div><div style=\"padding:5px;\" class=\"fusion-grid-column fusion-gallery-column fusion-gallery-column-6 hover-type-zoomin\"><div class=\"fusion-gallery-image\"><a href=\"https:\/\/afc.cat\/wp-content\/uploads\/2022\/04\/3-Pere-Josep-Sanchez-Romero-24.jpg\" data-title=\"3-Pere Josep S\u00e1nchez Romero-24\" title=\"3-Pere Josep S\u00e1nchez Romero-24\" rel=\"noreferrer\" data-rel=\"iLightbox[gallery_image_1]\" class=\"fusion-lightbox\" target=\"_self\"><img decoding=\"async\" src=\"https:\/\/afc.cat\/wp-content\/uploads\/2022\/04\/3-Pere-Josep-Sanchez-Romero-24-320x202.jpg\" width=\"320\" height=\"202\" alt=\"\" title=\"3-Pere Josep S\u00e1nchez Romero-24\" aria-label=\"3-Pere Josep S\u00e1nchez Romero-24\" class=\"img-responsive wp-image-27060 fusion-gallery-image-size-fixed\" srcset=\"https:\/\/afc.cat\/wp-content\/uploads\/2022\/04\/3-Pere-Josep-Sanchez-Romero-24-320x202.jpg 320w, https:\/\/afc.cat\/wp-content\/uploads\/2022\/04\/3-Pere-Josep-Sanchez-Romero-24-700x441.jpg 700w\" sizes=\"(max-width: 320px) 100vw, 320px\" \/><\/a><\/div><\/div><div style=\"padding:5px;\" class=\"fusion-grid-column fusion-gallery-column fusion-gallery-column-6 hover-type-zoomin\"><div class=\"fusion-gallery-image\"><a href=\"https:\/\/afc.cat\/wp-content\/uploads\/2022\/04\/4-Felix-Jose-Vizcaino-Garcia-23.jpg\" data-title=\"4-F\u00e9lix Jos\u00e9 Vizca\u00edno Garc\u00eda-23\" title=\"4-F\u00e9lix Jos\u00e9 Vizca\u00edno Garc\u00eda-23\" rel=\"noreferrer\" data-rel=\"iLightbox[gallery_image_1]\" class=\"fusion-lightbox\" target=\"_self\"><img decoding=\"async\" src=\"https:\/\/afc.cat\/wp-content\/uploads\/2022\/04\/4-Felix-Jose-Vizcaino-Garcia-23-320x202.jpg\" width=\"320\" height=\"202\" alt=\"\" title=\"4-F\u00e9lix Jos\u00e9 Vizca\u00edno Garc\u00eda-23\" aria-label=\"4-F\u00e9lix Jos\u00e9 Vizca\u00edno Garc\u00eda-23\" class=\"img-responsive wp-image-27062 fusion-gallery-image-size-fixed\" srcset=\"https:\/\/afc.cat\/wp-content\/uploads\/2022\/04\/4-Felix-Jose-Vizcaino-Garcia-23-320x202.jpg 320w, https:\/\/afc.cat\/wp-content\/uploads\/2022\/04\/4-Felix-Jose-Vizcaino-Garcia-23-700x441.jpg 700w\" sizes=\"(max-width: 320px) 100vw, 320px\" \/><\/a><\/div><\/div><div style=\"padding:5px;\" class=\"fusion-grid-column fusion-gallery-column fusion-gallery-column-6 hover-type-zoomin\"><div class=\"fusion-gallery-image\"><a href=\"https:\/\/afc.cat\/wp-content\/uploads\/2022\/04\/5-David-Penarroya-Hernandez-23.jpg\" data-title=\"5-David Pe\u00f1arroya Hernandez-23\" title=\"5-David Pe\u00f1arroya Hernandez-23\" rel=\"noreferrer\" data-rel=\"iLightbox[gallery_image_1]\" class=\"fusion-lightbox\" target=\"_self\"><img decoding=\"async\" src=\"https:\/\/afc.cat\/wp-content\/uploads\/2022\/04\/5-David-Penarroya-Hernandez-23-320x202.jpg\" width=\"320\" height=\"202\" alt=\"\" title=\"5-David Pe\u00f1arroya Hernandez-23\" aria-label=\"5-David Pe\u00f1arroya Hernandez-23\" class=\"img-responsive wp-image-27064 fusion-gallery-image-size-fixed\" \/><\/a><\/div><\/div><div style=\"padding:5px;\" class=\"fusion-grid-column fusion-gallery-column fusion-gallery-column-6 hover-type-zoomin\"><div class=\"fusion-gallery-image\"><a href=\"https:\/\/afc.cat\/wp-content\/uploads\/2022\/04\/6-Carles-Lastra-Antonell-23.jpg\" data-title=\"6-Carles Lastra Antonell-23\" title=\"6-Carles Lastra Antonell-23\" rel=\"noreferrer\" data-rel=\"iLightbox[gallery_image_1]\" class=\"fusion-lightbox\" target=\"_self\"><img decoding=\"async\" src=\"https:\/\/afc.cat\/wp-content\/uploads\/2022\/04\/6-Carles-Lastra-Antonell-23-320x202.jpg\" width=\"320\" height=\"202\" alt=\"\" title=\"6-Carles Lastra Antonell-23\" aria-label=\"6-Carles Lastra Antonell-23\" class=\"img-responsive wp-image-27066 fusion-gallery-image-size-fixed\" srcset=\"https:\/\/afc.cat\/wp-content\/uploads\/2022\/04\/6-Carles-Lastra-Antonell-23-320x202.jpg 320w, https:\/\/afc.cat\/wp-content\/uploads\/2022\/04\/6-Carles-Lastra-Antonell-23-700x441.jpg 700w\" sizes=\"(max-width: 320px) 100vw, 320px\" \/><\/a><\/div><\/div><div class=\"clearfix\"><\/div><div style=\"padding:5px;\" class=\"fusion-grid-column fusion-gallery-column fusion-gallery-column-6 hover-type-zoomin\"><div class=\"fusion-gallery-image\"><a href=\"https:\/\/afc.cat\/wp-content\/uploads\/2022\/04\/7-Teresa-Tejero-Lopez-22.jpg\" data-title=\"7-Teresa Tejero Lopez-22\" title=\"7-Teresa Tejero Lopez-22\" rel=\"noreferrer\" data-rel=\"iLightbox[gallery_image_1]\" class=\"fusion-lightbox\" target=\"_self\"><img decoding=\"async\" src=\"https:\/\/afc.cat\/wp-content\/uploads\/2022\/04\/7-Teresa-Tejero-Lopez-22-320x202.jpg\" width=\"320\" height=\"202\" alt=\"\" title=\"7-Teresa Tejero Lopez-22\" aria-label=\"7-Teresa Tejero Lopez-22\" class=\"img-responsive wp-image-27068 fusion-gallery-image-size-fixed\" srcset=\"https:\/\/afc.cat\/wp-content\/uploads\/2022\/04\/7-Teresa-Tejero-Lopez-22-320x202.jpg 320w, https:\/\/afc.cat\/wp-content\/uploads\/2022\/04\/7-Teresa-Tejero-Lopez-22-700x441.jpg 700w\" sizes=\"(max-width: 320px) 100vw, 320px\" \/><\/a><\/div><\/div><div style=\"padding:5px;\" class=\"fusion-grid-column fusion-gallery-column fusion-gallery-column-6 hover-type-zoomin\"><div class=\"fusion-gallery-image\"><a href=\"https:\/\/afc.cat\/wp-content\/uploads\/2022\/04\/8-Josep-Maria-Bonjoch-Trilla-22.jpg\" data-title=\"8-Josep Maria Bonjoch Trilla-22\" title=\"8-Josep Maria Bonjoch Trilla-22\" rel=\"noreferrer\" data-rel=\"iLightbox[gallery_image_1]\" class=\"fusion-lightbox\" target=\"_self\"><img decoding=\"async\" src=\"https:\/\/afc.cat\/wp-content\/uploads\/2022\/04\/8-Josep-Maria-Bonjoch-Trilla-22-320x202.jpg\" width=\"320\" height=\"202\" alt=\"\" title=\"8-Josep Maria Bonjoch Trilla-22\" aria-label=\"8-Josep Maria Bonjoch Trilla-22\" class=\"img-responsive wp-image-27070 fusion-gallery-image-size-fixed\" srcset=\"https:\/\/afc.cat\/wp-content\/uploads\/2022\/04\/8-Josep-Maria-Bonjoch-Trilla-22-320x202.jpg 320w, https:\/\/afc.cat\/wp-content\/uploads\/2022\/04\/8-Josep-Maria-Bonjoch-Trilla-22-700x441.jpg 700w\" sizes=\"(max-width: 320px) 100vw, 320px\" \/><\/a><\/div><\/div><div style=\"padding:5px;\" class=\"fusion-grid-column fusion-gallery-column fusion-gallery-column-6 hover-type-zoomin\"><div class=\"fusion-gallery-image\"><a href=\"https:\/\/afc.cat\/wp-content\/uploads\/2022\/04\/9-Francesca-Portoles-Braso-22.jpg\" data-title=\"9-Francesca Portol\u00e9s Bras\u00f3-22\" title=\"9-Francesca Portol\u00e9s Bras\u00f3-22\" rel=\"noreferrer\" data-rel=\"iLightbox[gallery_image_1]\" class=\"fusion-lightbox\" target=\"_self\"><img decoding=\"async\" src=\"https:\/\/afc.cat\/wp-content\/uploads\/2022\/04\/9-Francesca-Portoles-Braso-22-320x202.jpg\" width=\"320\" height=\"202\" alt=\"\" title=\"9-Francesca Portol\u00e9s Bras\u00f3-22\" aria-label=\"9-Francesca Portol\u00e9s Bras\u00f3-22\" class=\"img-responsive wp-image-27072 fusion-gallery-image-size-fixed\" srcset=\"https:\/\/afc.cat\/wp-content\/uploads\/2022\/04\/9-Francesca-Portoles-Braso-22-320x202.jpg 320w, https:\/\/afc.cat\/wp-content\/uploads\/2022\/04\/9-Francesca-Portoles-Braso-22-700x441.jpg 700w\" sizes=\"(max-width: 320px) 100vw, 320px\" \/><\/a><\/div><\/div><div style=\"padding:5px;\" class=\"fusion-grid-column fusion-gallery-column fusion-gallery-column-6 hover-type-zoomin\"><div class=\"fusion-gallery-image\"><a href=\"https:\/\/afc.cat\/wp-content\/uploads\/2022\/04\/10-Elena-Sanchez-Vizcaino-Mengual-22.jpg\" data-title=\"10-Elena S\u00e1nchez-Vizca\u00edno Mengual-22\" title=\"10-Elena S\u00e1nchez-Vizca\u00edno Mengual-22\" rel=\"noreferrer\" data-rel=\"iLightbox[gallery_image_1]\" class=\"fusion-lightbox\" target=\"_self\"><img decoding=\"async\" src=\"https:\/\/afc.cat\/wp-content\/uploads\/2022\/04\/10-Elena-Sanchez-Vizcaino-Mengual-22-320x202.jpg\" width=\"320\" height=\"202\" alt=\"\" title=\"10-Elena S\u00e1nchez-Vizca\u00edno Mengual-22\" aria-label=\"10-Elena S\u00e1nchez-Vizca\u00edno Mengual-22\" class=\"img-responsive wp-image-27074 fusion-gallery-image-size-fixed\" srcset=\"https:\/\/afc.cat\/wp-content\/uploads\/2022\/04\/10-Elena-Sanchez-Vizcaino-Mengual-22-320x202.jpg 320w, https:\/\/afc.cat\/wp-content\/uploads\/2022\/04\/10-Elena-Sanchez-Vizcaino-Mengual-22-700x441.jpg 700w\" sizes=\"(max-width: 320px) 100vw, 320px\" \/><\/a><\/div><\/div><div style=\"padding:5px;\" class=\"fusion-grid-column fusion-gallery-column fusion-gallery-column-6 hover-type-zoomin\"><div class=\"fusion-gallery-image\"><a href=\"https:\/\/afc.cat\/wp-content\/uploads\/2022\/04\/11-Josep-Soler-Vendrell-21.jpg\" data-title=\"11-Josep Soler Vendrell-21\" title=\"11-Josep Soler Vendrell-21\" rel=\"noreferrer\" data-rel=\"iLightbox[gallery_image_1]\" class=\"fusion-lightbox\" target=\"_self\"><img decoding=\"async\" src=\"https:\/\/afc.cat\/wp-content\/uploads\/2022\/04\/11-Josep-Soler-Vendrell-21-320x202.jpg\" width=\"320\" height=\"202\" alt=\"\" title=\"11-Josep Soler Vendrell-21\" aria-label=\"11-Josep Soler Vendrell-21\" class=\"img-responsive wp-image-27076 fusion-gallery-image-size-fixed\" srcset=\"https:\/\/afc.cat\/wp-content\/uploads\/2022\/04\/11-Josep-Soler-Vendrell-21-320x202.jpg 320w, https:\/\/afc.cat\/wp-content\/uploads\/2022\/04\/11-Josep-Soler-Vendrell-21-700x441.jpg 700w\" sizes=\"(max-width: 320px) 100vw, 320px\" \/><\/a><\/div><\/div><div style=\"padding:5px;\" class=\"fusion-grid-column fusion-gallery-column fusion-gallery-column-6 hover-type-zoomin\"><div class=\"fusion-gallery-image\"><a href=\"https:\/\/afc.cat\/wp-content\/uploads\/2022\/04\/12-Damian-Tous-Vazquez-21.jpg\" data-title=\"12-Dami\u00e1n Tous Vazquez-21\" title=\"12-Dami\u00e1n Tous Vazquez-21\" rel=\"noreferrer\" data-rel=\"iLightbox[gallery_image_1]\" class=\"fusion-lightbox\" target=\"_self\"><img decoding=\"async\" src=\"https:\/\/afc.cat\/wp-content\/uploads\/2022\/04\/12-Damian-Tous-Vazquez-21-320x202.jpg\" width=\"320\" height=\"202\" alt=\"\" title=\"12-Dami\u00e1n Tous Vazquez-21\" aria-label=\"12-Dami\u00e1n Tous Vazquez-21\" class=\"img-responsive wp-image-27078 fusion-gallery-image-size-fixed\" srcset=\"https:\/\/afc.cat\/wp-content\/uploads\/2022\/04\/12-Damian-Tous-Vazquez-21-320x202.jpg 320w, https:\/\/afc.cat\/wp-content\/uploads\/2022\/04\/12-Damian-Tous-Vazquez-21-700x441.jpg 700w\" sizes=\"(max-width: 320px) 100vw, 320px\" \/><\/a><\/div><\/div><div class=\"clearfix\"><\/div><div style=\"padding:5px;\" class=\"fusion-grid-column fusion-gallery-column fusion-gallery-column-6 hover-type-zoomin\"><div class=\"fusion-gallery-image\"><a href=\"https:\/\/afc.cat\/wp-content\/uploads\/2022\/04\/13-Antoni-Torres-Bargallo-21.jpg\" data-title=\"13-Antoni Torres Bargall\u00f3-21\" title=\"13-Antoni Torres Bargall\u00f3-21\" rel=\"noreferrer\" data-rel=\"iLightbox[gallery_image_1]\" class=\"fusion-lightbox\" target=\"_self\"><img decoding=\"async\" src=\"https:\/\/afc.cat\/wp-content\/uploads\/2022\/04\/13-Antoni-Torres-Bargallo-21-320x202.jpg\" width=\"320\" height=\"202\" alt=\"\" title=\"13-Antoni Torres Bargall\u00f3-21\" aria-label=\"13-Antoni Torres Bargall\u00f3-21\" class=\"img-responsive wp-image-27080 fusion-gallery-image-size-fixed\" srcset=\"https:\/\/afc.cat\/wp-content\/uploads\/2022\/04\/13-Antoni-Torres-Bargallo-21-320x202.jpg 320w, https:\/\/afc.cat\/wp-content\/uploads\/2022\/04\/13-Antoni-Torres-Bargallo-21-700x441.jpg 700w\" sizes=\"(max-width: 320px) 100vw, 320px\" \/><\/a><\/div><\/div><div style=\"padding:5px;\" class=\"fusion-grid-column fusion-gallery-column fusion-gallery-column-6 hover-type-zoomin\"><div class=\"fusion-gallery-image\"><a href=\"https:\/\/afc.cat\/wp-content\/uploads\/2022\/04\/14-Santiago-Garcia-Cuadrado-20.jpg\" data-title=\"14-Santiago Garc\u00eda Cuadrado-20\" title=\"14-Santiago Garc\u00eda Cuadrado-20\" rel=\"noreferrer\" data-rel=\"iLightbox[gallery_image_1]\" class=\"fusion-lightbox\" target=\"_self\"><img decoding=\"async\" src=\"https:\/\/afc.cat\/wp-content\/uploads\/2022\/04\/14-Santiago-Garcia-Cuadrado-20-320x202.jpg\" width=\"320\" height=\"202\" alt=\"\" title=\"14-Santiago Garc\u00eda Cuadrado-20\" aria-label=\"14-Santiago Garc\u00eda Cuadrado-20\" class=\"img-responsive wp-image-27082 fusion-gallery-image-size-fixed\" srcset=\"https:\/\/afc.cat\/wp-content\/uploads\/2022\/04\/14-Santiago-Garcia-Cuadrado-20-320x202.jpg 320w, https:\/\/afc.cat\/wp-content\/uploads\/2022\/04\/14-Santiago-Garcia-Cuadrado-20-700x441.jpg 700w\" sizes=\"(max-width: 320px) 100vw, 320px\" \/><\/a><\/div><\/div><div style=\"padding:5px;\" class=\"fusion-grid-column fusion-gallery-column fusion-gallery-column-6 hover-type-zoomin\"><div class=\"fusion-gallery-image\"><a href=\"https:\/\/afc.cat\/wp-content\/uploads\/2022\/04\/15-Jose-Braojos-Morales-20.jpg\" data-title=\"15-Jose Braojos Morales-20\" title=\"15-Jose Braojos Morales-20\" rel=\"noreferrer\" data-rel=\"iLightbox[gallery_image_1]\" class=\"fusion-lightbox\" target=\"_self\"><img decoding=\"async\" src=\"https:\/\/afc.cat\/wp-content\/uploads\/2022\/04\/15-Jose-Braojos-Morales-20-320x202.jpg\" width=\"320\" height=\"202\" alt=\"\" title=\"15-Jose Braojos Morales-20\" aria-label=\"15-Jose Braojos Morales-20\" class=\"img-responsive wp-image-27085 fusion-gallery-image-size-fixed\" srcset=\"https:\/\/afc.cat\/wp-content\/uploads\/2022\/04\/15-Jose-Braojos-Morales-20-320x202.jpg 320w, https:\/\/afc.cat\/wp-content\/uploads\/2022\/04\/15-Jose-Braojos-Morales-20-700x441.jpg 700w\" sizes=\"(max-width: 320px) 100vw, 320px\" \/><\/a><\/div><\/div><div style=\"padding:5px;\" class=\"fusion-grid-column fusion-gallery-column fusion-gallery-column-6 hover-type-zoomin\"><div class=\"fusion-gallery-image\"><a href=\"https:\/\/afc.cat\/wp-content\/uploads\/2022\/04\/16-Carmen-Camprodon-Vidal-20.jpg\" data-title=\"16-Carmen Camprodon Vidal-20\" title=\"16-Carmen Camprodon Vidal-20\" rel=\"noreferrer\" data-rel=\"iLightbox[gallery_image_1]\" class=\"fusion-lightbox\" target=\"_self\"><img decoding=\"async\" src=\"https:\/\/afc.cat\/wp-content\/uploads\/2022\/04\/16-Carmen-Camprodon-Vidal-20-320x202.jpg\" width=\"320\" height=\"202\" alt=\"\" title=\"16-Carmen Camprodon Vidal-20\" aria-label=\"16-Carmen Camprodon Vidal-20\" class=\"img-responsive wp-image-27087 fusion-gallery-image-size-fixed\" srcset=\"https:\/\/afc.cat\/wp-content\/uploads\/2022\/04\/16-Carmen-Camprodon-Vidal-20-320x202.jpg 320w, https:\/\/afc.cat\/wp-content\/uploads\/2022\/04\/16-Carmen-Camprodon-Vidal-20-700x441.jpg 700w\" sizes=\"(max-width: 320px) 100vw, 320px\" \/><\/a><\/div><\/div><div style=\"padding:5px;\" class=\"fusion-grid-column fusion-gallery-column fusion-gallery-column-6 hover-type-zoomin\"><div class=\"fusion-gallery-image\"><a href=\"https:\/\/afc.cat\/wp-content\/uploads\/2022\/04\/17-Angel-Colado-Palacios-20.jpg\" data-title=\"17-\u00c1ngel Colado Palacios-20\" title=\"17-\u00c1ngel Colado Palacios-20\" rel=\"noreferrer\" data-rel=\"iLightbox[gallery_image_1]\" class=\"fusion-lightbox\" target=\"_self\"><img decoding=\"async\" src=\"https:\/\/afc.cat\/wp-content\/uploads\/2022\/04\/17-Angel-Colado-Palacios-20-320x202.jpg\" width=\"320\" height=\"202\" alt=\"\" title=\"17-\u00c1ngel Colado Palacios-20\" aria-label=\"17-\u00c1ngel Colado Palacios-20\" class=\"img-responsive wp-image-27089 fusion-gallery-image-size-fixed\" srcset=\"https:\/\/afc.cat\/wp-content\/uploads\/2022\/04\/17-Angel-Colado-Palacios-20-320x202.jpg 320w, https:\/\/afc.cat\/wp-content\/uploads\/2022\/04\/17-Angel-Colado-Palacios-20-700x441.jpg 700w\" sizes=\"(max-width: 320px) 100vw, 320px\" \/><\/a><\/div><\/div><div style=\"padding:5px;\" class=\"fusion-grid-column fusion-gallery-column fusion-gallery-column-6 hover-type-zoomin\"><div class=\"fusion-gallery-image\"><a href=\"https:\/\/afc.cat\/wp-content\/uploads\/2022\/04\/18-Albert-Vazquez-Ribes-20.jpg\" data-title=\"18-Albert V\u00e0zquez Ribes-20\" title=\"18-Albert V\u00e0zquez Ribes-20\" rel=\"noreferrer\" data-rel=\"iLightbox[gallery_image_1]\" class=\"fusion-lightbox\" target=\"_self\"><img decoding=\"async\" src=\"https:\/\/afc.cat\/wp-content\/uploads\/2022\/04\/18-Albert-Vazquez-Ribes-20-320x202.jpg\" width=\"320\" height=\"202\" alt=\"\" title=\"18-Albert V\u00e0zquez Ribes-20\" aria-label=\"18-Albert V\u00e0zquez Ribes-20\" class=\"img-responsive wp-image-27091 fusion-gallery-image-size-fixed\" srcset=\"https:\/\/afc.cat\/wp-content\/uploads\/2022\/04\/18-Albert-Vazquez-Ribes-20-320x202.jpg 320w, https:\/\/afc.cat\/wp-content\/uploads\/2022\/04\/18-Albert-Vazquez-Ribes-20-700x441.jpg 700w\" sizes=\"(max-width: 320px) 100vw, 320px\" \/><\/a><\/div><\/div><div class=\"clearfix\"><\/div><div style=\"padding:5px;\" class=\"fusion-grid-column fusion-gallery-column fusion-gallery-column-6 hover-type-zoomin\"><div class=\"fusion-gallery-image\"><a href=\"https:\/\/afc.cat\/wp-content\/uploads\/2022\/04\/19-Toni-Torras-Llaurado-19.jpg\" data-title=\"19-Toni Torras Llaurad\u00f3-19\" title=\"19-Toni Torras Llaurad\u00f3-19\" rel=\"noreferrer\" data-rel=\"iLightbox[gallery_image_1]\" class=\"fusion-lightbox\" target=\"_self\"><img decoding=\"async\" src=\"https:\/\/afc.cat\/wp-content\/uploads\/2022\/04\/19-Toni-Torras-Llaurado-19-320x202.jpg\" width=\"320\" height=\"202\" alt=\"\" title=\"19-Toni Torras Llaurad\u00f3-19\" aria-label=\"19-Toni Torras Llaurad\u00f3-19\" class=\"img-responsive wp-image-27093 fusion-gallery-image-size-fixed\" srcset=\"https:\/\/afc.cat\/wp-content\/uploads\/2022\/04\/19-Toni-Torras-Llaurado-19-320x202.jpg 320w, https:\/\/afc.cat\/wp-content\/uploads\/2022\/04\/19-Toni-Torras-Llaurado-19-700x441.jpg 700w\" sizes=\"(max-width: 320px) 100vw, 320px\" \/><\/a><\/div><\/div><div style=\"padding:5px;\" class=\"fusion-grid-column fusion-gallery-column fusion-gallery-column-6 hover-type-zoomin\"><div class=\"fusion-gallery-image\"><a href=\"https:\/\/afc.cat\/wp-content\/uploads\/2022\/04\/20-Joan-Rue-Domingo-19.jpg\" data-title=\"20-Joan Ru\u00e9 Domingo-19\" title=\"20-Joan Ru\u00e9 Domingo-19\" rel=\"noreferrer\" data-rel=\"iLightbox[gallery_image_1]\" class=\"fusion-lightbox\" target=\"_self\"><img decoding=\"async\" src=\"https:\/\/afc.cat\/wp-content\/uploads\/2022\/04\/20-Joan-Rue-Domingo-19-320x202.jpg\" width=\"320\" height=\"202\" alt=\"\" title=\"20-Joan Ru\u00e9 Domingo-19\" aria-label=\"20-Joan Ru\u00e9 Domingo-19\" class=\"img-responsive wp-image-27095 fusion-gallery-image-size-fixed\" srcset=\"https:\/\/afc.cat\/wp-content\/uploads\/2022\/04\/20-Joan-Rue-Domingo-19-320x202.jpg 320w, https:\/\/afc.cat\/wp-content\/uploads\/2022\/04\/20-Joan-Rue-Domingo-19-700x441.jpg 700w\" sizes=\"(max-width: 320px) 100vw, 320px\" \/><\/a><\/div><\/div><div style=\"padding:5px;\" class=\"fusion-grid-column fusion-gallery-column fusion-gallery-column-6 hover-type-zoomin\"><div class=\"fusion-gallery-image\"><a href=\"https:\/\/afc.cat\/wp-content\/uploads\/2022\/04\/21-irene-sanz-ramirez-19.jpg\" data-title=\"21-irene sanz ramirez-19\" title=\"21-irene sanz ramirez-19\" rel=\"noreferrer\" data-rel=\"iLightbox[gallery_image_1]\" class=\"fusion-lightbox\" target=\"_self\"><img decoding=\"async\" src=\"https:\/\/afc.cat\/wp-content\/uploads\/2022\/04\/21-irene-sanz-ramirez-19-320x202.jpg\" width=\"320\" height=\"202\" alt=\"\" title=\"21-irene sanz ramirez-19\" aria-label=\"21-irene sanz ramirez-19\" class=\"img-responsive wp-image-27097 fusion-gallery-image-size-fixed\" srcset=\"https:\/\/afc.cat\/wp-content\/uploads\/2022\/04\/21-irene-sanz-ramirez-19-320x202.jpg 320w, https:\/\/afc.cat\/wp-content\/uploads\/2022\/04\/21-irene-sanz-ramirez-19-700x441.jpg 700w\" sizes=\"(max-width: 320px) 100vw, 320px\" \/><\/a><\/div><\/div><div style=\"padding:5px;\" class=\"fusion-grid-column fusion-gallery-column fusion-gallery-column-6 hover-type-zoomin\"><div class=\"fusion-gallery-image\"><a href=\"https:\/\/afc.cat\/wp-content\/uploads\/2022\/04\/22-Adolfo-Garcia-Bastard-19.jpg\" data-title=\"22-Adolfo Garcia Bastard-19\" title=\"22-Adolfo Garcia Bastard-19\" rel=\"noreferrer\" data-rel=\"iLightbox[gallery_image_1]\" class=\"fusion-lightbox\" target=\"_self\"><img decoding=\"async\" src=\"https:\/\/afc.cat\/wp-content\/uploads\/2022\/04\/22-Adolfo-Garcia-Bastard-19-320x202.jpg\" width=\"320\" height=\"202\" alt=\"\" title=\"22-Adolfo Garcia Bastard-19\" aria-label=\"22-Adolfo Garcia Bastard-19\" class=\"img-responsive wp-image-27099 fusion-gallery-image-size-fixed\" srcset=\"https:\/\/afc.cat\/wp-content\/uploads\/2022\/04\/22-Adolfo-Garcia-Bastard-19-320x202.jpg 320w, https:\/\/afc.cat\/wp-content\/uploads\/2022\/04\/22-Adolfo-Garcia-Bastard-19-700x441.jpg 700w\" sizes=\"(max-width: 320px) 100vw, 320px\" \/><\/a><\/div><\/div><div style=\"padding:5px;\" class=\"fusion-grid-column fusion-gallery-column fusion-gallery-column-6 hover-type-zoomin\"><div class=\"fusion-gallery-image\"><a href=\"https:\/\/afc.cat\/wp-content\/uploads\/2022\/04\/23-Anna-Barnes-Guillen-18.jpg\" data-title=\"23-Anna Barn\u00e9s Guill\u00e9n-18\" title=\"23-Anna Barn\u00e9s Guill\u00e9n-18\" rel=\"noreferrer\" data-rel=\"iLightbox[gallery_image_1]\" class=\"fusion-lightbox\" target=\"_self\"><img decoding=\"async\" src=\"https:\/\/afc.cat\/wp-content\/uploads\/2022\/04\/23-Anna-Barnes-Guillen-18-320x202.jpg\" width=\"320\" height=\"202\" alt=\"\" title=\"23-Anna Barn\u00e9s Guill\u00e9n-18\" aria-label=\"23-Anna Barn\u00e9s Guill\u00e9n-18\" class=\"img-responsive wp-image-27101 fusion-gallery-image-size-fixed\" srcset=\"https:\/\/afc.cat\/wp-content\/uploads\/2022\/04\/23-Anna-Barnes-Guillen-18-320x202.jpg 320w, https:\/\/afc.cat\/wp-content\/uploads\/2022\/04\/23-Anna-Barnes-Guillen-18-700x441.jpg 700w\" sizes=\"(max-width: 320px) 100vw, 320px\" \/><\/a><\/div><\/div><div style=\"padding:5px;\" class=\"fusion-grid-column fusion-gallery-column fusion-gallery-column-6 hover-type-zoomin\"><div class=\"fusion-gallery-image\"><a href=\"https:\/\/afc.cat\/wp-content\/uploads\/2022\/04\/24-Sara-Assens-Mampel-17.jpg\" data-title=\"24-Sara Assens Mampel-17\" title=\"24-Sara Assens Mampel-17\" rel=\"noreferrer\" data-rel=\"iLightbox[gallery_image_1]\" class=\"fusion-lightbox\" target=\"_self\"><img decoding=\"async\" src=\"https:\/\/afc.cat\/wp-content\/uploads\/2022\/04\/24-Sara-Assens-Mampel-17-320x202.jpg\" width=\"320\" height=\"202\" alt=\"\" title=\"24-Sara Assens Mampel-17\" aria-label=\"24-Sara Assens Mampel-17\" class=\"img-responsive wp-image-27103 fusion-gallery-image-size-fixed\" srcset=\"https:\/\/afc.cat\/wp-content\/uploads\/2022\/04\/24-Sara-Assens-Mampel-17-320x202.jpg 320w, https:\/\/afc.cat\/wp-content\/uploads\/2022\/04\/24-Sara-Assens-Mampel-17-700x441.jpg 700w\" sizes=\"(max-width: 320px) 100vw, 320px\" \/><\/a><\/div><\/div><div class=\"clearfix\"><\/div><div style=\"padding:5px;\" class=\"fusion-grid-column fusion-gallery-column fusion-gallery-column-6 hover-type-zoomin\"><div class=\"fusion-gallery-image\"><a href=\"https:\/\/afc.cat\/wp-content\/uploads\/2022\/04\/25-Margarita-fresco-crespo-17.jpg\" data-title=\"25-Margarita fresco crespo-17\" title=\"25-Margarita fresco crespo-17\" rel=\"noreferrer\" data-rel=\"iLightbox[gallery_image_1]\" class=\"fusion-lightbox\" target=\"_self\"><img decoding=\"async\" src=\"https:\/\/afc.cat\/wp-content\/uploads\/2022\/04\/25-Margarita-fresco-crespo-17-320x202.jpg\" width=\"320\" height=\"202\" alt=\"\" title=\"25-Margarita fresco crespo-17\" aria-label=\"25-Margarita fresco crespo-17\" class=\"img-responsive wp-image-27105 fusion-gallery-image-size-fixed\" srcset=\"https:\/\/afc.cat\/wp-content\/uploads\/2022\/04\/25-Margarita-fresco-crespo-17-320x202.jpg 320w, https:\/\/afc.cat\/wp-content\/uploads\/2022\/04\/25-Margarita-fresco-crespo-17-700x441.jpg 700w\" sizes=\"(max-width: 320px) 100vw, 320px\" \/><\/a><\/div><\/div><div style=\"padding:5px;\" class=\"fusion-grid-column fusion-gallery-column fusion-gallery-column-6 hover-type-zoomin\"><div class=\"fusion-gallery-image\"><a href=\"https:\/\/afc.cat\/wp-content\/uploads\/2022\/04\/26-Joan-Soldevila-Adan-16.jpg\" data-title=\"26-Joan Soldevila Ad\u00e1n-16\" title=\"26-Joan Soldevila Ad\u00e1n-16\" rel=\"noreferrer\" data-rel=\"iLightbox[gallery_image_1]\" class=\"fusion-lightbox\" target=\"_self\"><img decoding=\"async\" src=\"https:\/\/afc.cat\/wp-content\/uploads\/2022\/04\/26-Joan-Soldevila-Adan-16-320x202.jpg\" width=\"320\" height=\"202\" alt=\"\" title=\"26-Joan Soldevila Ad\u00e1n-16\" aria-label=\"26-Joan Soldevila Ad\u00e1n-16\" class=\"img-responsive wp-image-27107 fusion-gallery-image-size-fixed\" srcset=\"https:\/\/afc.cat\/wp-content\/uploads\/2022\/04\/26-Joan-Soldevila-Adan-16-320x202.jpg 320w, https:\/\/afc.cat\/wp-content\/uploads\/2022\/04\/26-Joan-Soldevila-Adan-16-700x441.jpg 700w\" sizes=\"(max-width: 320px) 100vw, 320px\" \/><\/a><\/div><\/div><div style=\"padding:5px;\" class=\"fusion-grid-column fusion-gallery-column fusion-gallery-column-6 hover-type-zoomin\"><div class=\"fusion-gallery-image\"><a href=\"https:\/\/afc.cat\/wp-content\/uploads\/2022\/04\/27-Carmen-Casademont-Ribot-16.jpg\" data-title=\"27-Carmen Casademont Ribot-16\" title=\"27-Carmen Casademont Ribot-16\" rel=\"noreferrer\" data-rel=\"iLightbox[gallery_image_1]\" class=\"fusion-lightbox\" target=\"_self\"><img decoding=\"async\" src=\"https:\/\/afc.cat\/wp-content\/uploads\/2022\/04\/27-Carmen-Casademont-Ribot-16-320x202.jpg\" width=\"320\" height=\"202\" alt=\"\" title=\"27-Carmen Casademont Ribot-16\" aria-label=\"27-Carmen Casademont Ribot-16\" class=\"img-responsive wp-image-27109 fusion-gallery-image-size-fixed\" srcset=\"https:\/\/afc.cat\/wp-content\/uploads\/2022\/04\/27-Carmen-Casademont-Ribot-16-320x202.jpg 320w, https:\/\/afc.cat\/wp-content\/uploads\/2022\/04\/27-Carmen-Casademont-Ribot-16-700x441.jpg 700w\" sizes=\"(max-width: 320px) 100vw, 320px\" \/><\/a><\/div><\/div><div style=\"padding:5px;\" class=\"fusion-grid-column fusion-gallery-column fusion-gallery-column-6 hover-type-zoomin\"><div class=\"fusion-gallery-image\"><a href=\"https:\/\/afc.cat\/wp-content\/uploads\/2022\/04\/28-Antoni-Serrano-i-Cortes-14.jpg\" data-title=\"28-Antoni Serrano i Cort\u00e8s-14\" title=\"28-Antoni Serrano i Cort\u00e8s-14\" rel=\"noreferrer\" data-rel=\"iLightbox[gallery_image_1]\" class=\"fusion-lightbox\" target=\"_self\"><img decoding=\"async\" src=\"https:\/\/afc.cat\/wp-content\/uploads\/2022\/04\/28-Antoni-Serrano-i-Cortes-14-320x202.jpg\" width=\"320\" height=\"202\" alt=\"\" title=\"28-Antoni Serrano i Cort\u00e8s-14\" aria-label=\"28-Antoni Serrano i Cort\u00e8s-14\" class=\"img-responsive wp-image-27111 fusion-gallery-image-size-fixed\" \/><\/a><\/div><\/div><\/div><div class=\"fusion-separator fusion-full-width-sep\" style=\"align-self: center;margin-left: auto;margin-right: auto;margin-top:20px;margin-bottom:20px;width:100%;\"><div class=\"fusion-separator-border sep-single sep-solid\" style=\"border-color:#3ec0bf;border-top-width:1px;\"><\/div><\/div><div class=\"fusion-text fusion-text-5\"><p style=\"text-align: center;\"><strong>PUNTUACI\u00d3N GENERAL ACUMULADA COLOR<\/strong><\/p>\n<\/div><div style=\"text-align:center;\"><style>.fusion-imageframe.imageframe-2{ margin-bottom : 5%;}<\/style><span class=\" fusion-imageframe imageframe-none imageframe-2 hover-type-zoomin\"><img decoding=\"async\" width=\"488\" height=\"1024\" title=\"CLASSIFICACI\u00d3 MAR\u00c7 22 COLOR\" src=\"https:\/\/afc.cat\/wp-content\/uploads\/2022\/04\/CLASSIFICACIO-MARC-22-COLOR-488x1024.jpg\" alt class=\"img-responsive wp-image-27165\" srcset=\"https:\/\/afc.cat\/wp-content\/uploads\/2022\/04\/CLASSIFICACIO-MARC-22-COLOR-200x420.jpg 200w, https:\/\/afc.cat\/wp-content\/uploads\/2022\/04\/CLASSIFICACIO-MARC-22-COLOR-400x839.jpg 400w, https:\/\/afc.cat\/wp-content\/uploads\/2022\/04\/CLASSIFICACIO-MARC-22-COLOR-600x1259.jpg 600w, https:\/\/afc.cat\/wp-content\/uploads\/2022\/04\/CLASSIFICACIO-MARC-22-COLOR.jpg 800w\" sizes=\"(max-width: 640px) 100vw, 488px\" \/><\/span><\/div><div class=\"fusion-text fusion-text-6\"><p style=\"text-align: center;\"><strong>Classificaci\u00f3n color de marzo 2022<\/strong><\/p>\n<p style=\"text-align: center;\"><strong>(26 participantes)<\/strong><\/p>\n<\/div><style type=\"text\/css\">.fusion-gallery-2 .fusion-gallery-image {border:0px solid #e2e2e2;}<\/style><div class=\"fusion-gallery fusion-gallery-container fusion-grid-6 fusion-columns-total-26 fusion-gallery-layout-grid fusion-gallery-2\" style=\"margin:-5px;\"><div style=\"padding:5px;\" class=\"fusion-grid-column fusion-gallery-column fusion-gallery-column-6 hover-type-zoomin\"><div class=\"fusion-gallery-image\"><a href=\"https:\/\/afc.cat\/wp-content\/uploads\/2022\/04\/1-Antoni-Torres-Bargallo-27.jpg\" data-title=\"1-Antoni Torres Bargall\u00f3-27\" title=\"1-Antoni Torres Bargall\u00f3-27\" rel=\"noreferrer\" data-rel=\"iLightbox[gallery_image_2]\" class=\"fusion-lightbox\" target=\"_self\"><img decoding=\"async\" src=\"https:\/\/afc.cat\/wp-content\/uploads\/2022\/04\/1-Antoni-Torres-Bargallo-27-320x202.jpg\" width=\"320\" height=\"202\" alt=\"\" title=\"1-Antoni Torres Bargall\u00f3-27\" aria-label=\"1-Antoni Torres Bargall\u00f3-27\" class=\"img-responsive wp-image-27113 fusion-gallery-image-size-fixed\" srcset=\"https:\/\/afc.cat\/wp-content\/uploads\/2022\/04\/1-Antoni-Torres-Bargallo-27-320x202.jpg 320w, https:\/\/afc.cat\/wp-content\/uploads\/2022\/04\/1-Antoni-Torres-Bargallo-27-700x441.jpg 700w\" sizes=\"(max-width: 320px) 100vw, 320px\" \/><\/a><\/div><\/div><div style=\"padding:5px;\" class=\"fusion-grid-column fusion-gallery-column fusion-gallery-column-6 hover-type-zoomin\"><div class=\"fusion-gallery-image\"><a href=\"https:\/\/afc.cat\/wp-content\/uploads\/2022\/04\/2-Josep-Soler-Vendrell-22.jpg\" data-title=\"2-Josep Soler Vendrell-22\" title=\"2-Josep Soler Vendrell-22\" rel=\"noreferrer\" data-rel=\"iLightbox[gallery_image_2]\" class=\"fusion-lightbox\" target=\"_self\"><img decoding=\"async\" src=\"https:\/\/afc.cat\/wp-content\/uploads\/2022\/04\/2-Josep-Soler-Vendrell-22-320x202.jpg\" width=\"320\" height=\"202\" alt=\"\" title=\"2-Josep Soler Vendrell-22\" aria-label=\"2-Josep Soler Vendrell-22\" class=\"img-responsive wp-image-27115 fusion-gallery-image-size-fixed\" srcset=\"https:\/\/afc.cat\/wp-content\/uploads\/2022\/04\/2-Josep-Soler-Vendrell-22-320x202.jpg 320w, https:\/\/afc.cat\/wp-content\/uploads\/2022\/04\/2-Josep-Soler-Vendrell-22-700x441.jpg 700w\" sizes=\"(max-width: 320px) 100vw, 320px\" \/><\/a><\/div><\/div><div class=\"clearfix\"><\/div><div style=\"padding:5px;\" class=\"fusion-grid-column fusion-gallery-column fusion-gallery-column-6 hover-type-zoomin\"><div class=\"fusion-gallery-image\"><a href=\"https:\/\/afc.cat\/wp-content\/uploads\/2022\/04\/3-irene-sanz-ramirez-22.jpg\" data-title=\"3-irene sanz ramirez-22\" title=\"3-irene sanz ramirez-22\" rel=\"noreferrer\" data-rel=\"iLightbox[gallery_image_2]\" class=\"fusion-lightbox\" target=\"_self\"><img decoding=\"async\" src=\"https:\/\/afc.cat\/wp-content\/uploads\/2022\/04\/3-irene-sanz-ramirez-22-320x202.jpg\" width=\"320\" height=\"202\" alt=\"\" title=\"3-irene sanz ramirez-22\" aria-label=\"3-irene sanz ramirez-22\" class=\"img-responsive wp-image-27117 fusion-gallery-image-size-fixed\" srcset=\"https:\/\/afc.cat\/wp-content\/uploads\/2022\/04\/3-irene-sanz-ramirez-22-320x202.jpg 320w, https:\/\/afc.cat\/wp-content\/uploads\/2022\/04\/3-irene-sanz-ramirez-22-700x441.jpg 700w\" sizes=\"(max-width: 320px) 100vw, 320px\" \/><\/a><\/div><\/div><div style=\"padding:5px;\" class=\"fusion-grid-column fusion-gallery-column fusion-gallery-column-6 hover-type-zoomin\"><div class=\"fusion-gallery-image\"><a href=\"https:\/\/afc.cat\/wp-content\/uploads\/2022\/04\/4-Damian-Tous-Vazquez-22.jpg\" data-title=\"4-Dami\u00e1n Tous Vazquez-22\" title=\"4-Dami\u00e1n Tous Vazquez-22\" rel=\"noreferrer\" data-rel=\"iLightbox[gallery_image_2]\" class=\"fusion-lightbox\" target=\"_self\"><img decoding=\"async\" src=\"https:\/\/afc.cat\/wp-content\/uploads\/2022\/04\/4-Damian-Tous-Vazquez-22-320x202.jpg\" width=\"320\" height=\"202\" alt=\"\" title=\"4-Dami\u00e1n Tous Vazquez-22\" aria-label=\"4-Dami\u00e1n Tous Vazquez-22\" class=\"img-responsive wp-image-27119 fusion-gallery-image-size-fixed\" srcset=\"https:\/\/afc.cat\/wp-content\/uploads\/2022\/04\/4-Damian-Tous-Vazquez-22-320x202.jpg 320w, https:\/\/afc.cat\/wp-content\/uploads\/2022\/04\/4-Damian-Tous-Vazquez-22-700x441.jpg 700w\" sizes=\"(max-width: 320px) 100vw, 320px\" \/><\/a><\/div><\/div><div style=\"padding:5px;\" class=\"fusion-grid-column fusion-gallery-column fusion-gallery-column-6 hover-type-zoomin\"><div class=\"fusion-gallery-image\"><a href=\"https:\/\/afc.cat\/wp-content\/uploads\/2022\/04\/5-Francesca-Portoles-Braso-21.jpg\" data-title=\"5-Francesca Portol\u00e9s Bras\u00f3-21\" title=\"5-Francesca Portol\u00e9s Bras\u00f3-21\" rel=\"noreferrer\" data-rel=\"iLightbox[gallery_image_2]\" class=\"fusion-lightbox\" target=\"_self\"><img decoding=\"async\" src=\"https:\/\/afc.cat\/wp-content\/uploads\/2022\/04\/5-Francesca-Portoles-Braso-21-320x202.jpg\" width=\"320\" height=\"202\" alt=\"\" title=\"5-Francesca Portol\u00e9s Bras\u00f3-21\" aria-label=\"5-Francesca Portol\u00e9s Bras\u00f3-21\" class=\"img-responsive wp-image-27121 fusion-gallery-image-size-fixed\" srcset=\"https:\/\/afc.cat\/wp-content\/uploads\/2022\/04\/5-Francesca-Portoles-Braso-21-320x202.jpg 320w, https:\/\/afc.cat\/wp-content\/uploads\/2022\/04\/5-Francesca-Portoles-Braso-21-700x441.jpg 700w\" sizes=\"(max-width: 320px) 100vw, 320px\" \/><\/a><\/div><\/div><div style=\"padding:5px;\" class=\"fusion-grid-column fusion-gallery-column fusion-gallery-column-6 hover-type-zoomin\"><div class=\"fusion-gallery-image\"><a href=\"https:\/\/afc.cat\/wp-content\/uploads\/2022\/04\/6-Carmen-Casademont-Ribot-21.jpg\" data-title=\"6-Carmen Casademont Ribot-21\" title=\"6-Carmen Casademont Ribot-21\" rel=\"noreferrer\" data-rel=\"iLightbox[gallery_image_2]\" class=\"fusion-lightbox\" target=\"_self\"><img decoding=\"async\" src=\"https:\/\/afc.cat\/wp-content\/uploads\/2022\/04\/6-Carmen-Casademont-Ribot-21-320x202.jpg\" width=\"320\" height=\"202\" alt=\"\" title=\"6-Carmen Casademont Ribot-21\" aria-label=\"6-Carmen Casademont Ribot-21\" class=\"img-responsive wp-image-27123 fusion-gallery-image-size-fixed\" \/><\/a><\/div><\/div><div style=\"padding:5px;\" class=\"fusion-grid-column fusion-gallery-column fusion-gallery-column-6 hover-type-zoomin\"><div class=\"fusion-gallery-image\"><a href=\"https:\/\/afc.cat\/wp-content\/uploads\/2022\/04\/7-Anna-Barnes-Guillen-21.jpg\" data-title=\"7-Anna Barn\u00e9s Guill\u00e9n-21\" title=\"7-Anna Barn\u00e9s Guill\u00e9n-21\" rel=\"noreferrer\" data-rel=\"iLightbox[gallery_image_2]\" class=\"fusion-lightbox\" target=\"_self\"><img decoding=\"async\" src=\"https:\/\/afc.cat\/wp-content\/uploads\/2022\/04\/7-Anna-Barnes-Guillen-21-320x202.jpg\" width=\"320\" height=\"202\" alt=\"\" title=\"7-Anna Barn\u00e9s Guill\u00e9n-21\" aria-label=\"7-Anna Barn\u00e9s Guill\u00e9n-21\" class=\"img-responsive wp-image-27125 fusion-gallery-image-size-fixed\" srcset=\"https:\/\/afc.cat\/wp-content\/uploads\/2022\/04\/7-Anna-Barnes-Guillen-21-320x202.jpg 320w, https:\/\/afc.cat\/wp-content\/uploads\/2022\/04\/7-Anna-Barnes-Guillen-21-700x441.jpg 700w\" sizes=\"(max-width: 320px) 100vw, 320px\" \/><\/a><\/div><\/div><div style=\"padding:5px;\" class=\"fusion-grid-column fusion-gallery-column fusion-gallery-column-6 hover-type-zoomin\"><div class=\"fusion-gallery-image\"><a href=\"https:\/\/afc.cat\/wp-content\/uploads\/2022\/04\/8-Teresa-Tejero-Lopez-20.jpg\" data-title=\"8-Teresa Tejero Lopez-20\" title=\"8-Teresa Tejero Lopez-20\" rel=\"noreferrer\" data-rel=\"iLightbox[gallery_image_2]\" class=\"fusion-lightbox\" target=\"_self\"><img decoding=\"async\" src=\"https:\/\/afc.cat\/wp-content\/uploads\/2022\/04\/8-Teresa-Tejero-Lopez-20-320x202.jpg\" width=\"320\" height=\"202\" alt=\"\" title=\"8-Teresa Tejero Lopez-20\" aria-label=\"8-Teresa Tejero Lopez-20\" class=\"img-responsive wp-image-27127 fusion-gallery-image-size-fixed\" srcset=\"https:\/\/afc.cat\/wp-content\/uploads\/2022\/04\/8-Teresa-Tejero-Lopez-20-320x202.jpg 320w, https:\/\/afc.cat\/wp-content\/uploads\/2022\/04\/8-Teresa-Tejero-Lopez-20-700x441.jpg 700w\" sizes=\"(max-width: 320px) 100vw, 320px\" \/><\/a><\/div><\/div><div class=\"clearfix\"><\/div><div style=\"padding:5px;\" class=\"fusion-grid-column fusion-gallery-column fusion-gallery-column-6 hover-type-zoomin\"><div class=\"fusion-gallery-image\"><a href=\"https:\/\/afc.cat\/wp-content\/uploads\/2022\/04\/9-Carmen-Camprodon-Vidal-20.jpg\" data-title=\"9-Carmen Camprodon Vidal-20\" title=\"9-Carmen Camprodon Vidal-20\" rel=\"noreferrer\" data-rel=\"iLightbox[gallery_image_2]\" class=\"fusion-lightbox\" target=\"_self\"><img decoding=\"async\" src=\"https:\/\/afc.cat\/wp-content\/uploads\/2022\/04\/9-Carmen-Camprodon-Vidal-20-320x202.jpg\" width=\"320\" height=\"202\" alt=\"\" title=\"9-Carmen Camprodon Vidal-20\" aria-label=\"9-Carmen Camprodon Vidal-20\" class=\"img-responsive wp-image-27129 fusion-gallery-image-size-fixed\" srcset=\"https:\/\/afc.cat\/wp-content\/uploads\/2022\/04\/9-Carmen-Camprodon-Vidal-20-320x202.jpg 320w, https:\/\/afc.cat\/wp-content\/uploads\/2022\/04\/9-Carmen-Camprodon-Vidal-20-700x441.jpg 700w\" sizes=\"(max-width: 320px) 100vw, 320px\" \/><\/a><\/div><\/div><div style=\"padding:5px;\" class=\"fusion-grid-column fusion-gallery-column fusion-gallery-column-6 hover-type-zoomin\"><div class=\"fusion-gallery-image\"><a href=\"https:\/\/afc.cat\/wp-content\/uploads\/2022\/04\/10-Toni-Torras-Llaurado-19.jpg\" data-title=\"10-Toni Torras Llaurad\u00f3-19\" title=\"10-Toni Torras Llaurad\u00f3-19\" rel=\"noreferrer\" data-rel=\"iLightbox[gallery_image_2]\" class=\"fusion-lightbox\" target=\"_self\"><img decoding=\"async\" src=\"https:\/\/afc.cat\/wp-content\/uploads\/2022\/04\/10-Toni-Torras-Llaurado-19-320x202.jpg\" width=\"320\" height=\"202\" alt=\"\" title=\"10-Toni Torras Llaurad\u00f3-19\" aria-label=\"10-Toni Torras Llaurad\u00f3-19\" class=\"img-responsive wp-image-27131 fusion-gallery-image-size-fixed\" srcset=\"https:\/\/afc.cat\/wp-content\/uploads\/2022\/04\/10-Toni-Torras-Llaurado-19-320x202.jpg 320w, https:\/\/afc.cat\/wp-content\/uploads\/2022\/04\/10-Toni-Torras-Llaurado-19-700x441.jpg 700w\" sizes=\"(max-width: 320px) 100vw, 320px\" \/><\/a><\/div><\/div><div style=\"padding:5px;\" class=\"fusion-grid-column fusion-gallery-column fusion-gallery-column-6 hover-type-zoomin\"><div class=\"fusion-gallery-image\"><a href=\"https:\/\/afc.cat\/wp-content\/uploads\/2022\/04\/11-Josep-Maria-Bonjoch-Trilla-19.jpg\" data-title=\"11-Josep Maria Bonjoch Trilla-19\" title=\"11-Josep Maria Bonjoch Trilla-19\" rel=\"noreferrer\" data-rel=\"iLightbox[gallery_image_2]\" class=\"fusion-lightbox\" target=\"_self\"><img decoding=\"async\" src=\"https:\/\/afc.cat\/wp-content\/uploads\/2022\/04\/11-Josep-Maria-Bonjoch-Trilla-19-320x202.jpg\" width=\"320\" height=\"202\" alt=\"\" title=\"11-Josep Maria Bonjoch Trilla-19\" aria-label=\"11-Josep Maria Bonjoch Trilla-19\" class=\"img-responsive wp-image-27133 fusion-gallery-image-size-fixed\" srcset=\"https:\/\/afc.cat\/wp-content\/uploads\/2022\/04\/11-Josep-Maria-Bonjoch-Trilla-19-320x202.jpg 320w, https:\/\/afc.cat\/wp-content\/uploads\/2022\/04\/11-Josep-Maria-Bonjoch-Trilla-19-700x441.jpg 700w\" sizes=\"(max-width: 320px) 100vw, 320px\" \/><\/a><\/div><\/div><div style=\"padding:5px;\" class=\"fusion-grid-column fusion-gallery-column fusion-gallery-column-6 hover-type-zoomin\"><div class=\"fusion-gallery-image\"><a href=\"https:\/\/afc.cat\/wp-content\/uploads\/2022\/04\/12-Felix-Jose-Vizcaino-Garcia-19.jpg\" data-title=\"12-F\u00e9lix Jos\u00e9 Vizca\u00edno Garc\u00eda-19\" title=\"12-F\u00e9lix Jos\u00e9 Vizca\u00edno Garc\u00eda-19\" rel=\"noreferrer\" data-rel=\"iLightbox[gallery_image_2]\" class=\"fusion-lightbox\" target=\"_self\"><img decoding=\"async\" src=\"https:\/\/afc.cat\/wp-content\/uploads\/2022\/04\/12-Felix-Jose-Vizcaino-Garcia-19-320x202.jpg\" width=\"320\" height=\"202\" alt=\"\" title=\"12-F\u00e9lix Jos\u00e9 Vizca\u00edno Garc\u00eda-19\" aria-label=\"12-F\u00e9lix Jos\u00e9 Vizca\u00edno Garc\u00eda-19\" class=\"img-responsive wp-image-27135 fusion-gallery-image-size-fixed\" srcset=\"https:\/\/afc.cat\/wp-content\/uploads\/2022\/04\/12-Felix-Jose-Vizcaino-Garcia-19-200x126.jpg 200w, https:\/\/afc.cat\/wp-content\/uploads\/2022\/04\/12-Felix-Jose-Vizcaino-Garcia-19-400x253.jpg 400w, https:\/\/afc.cat\/wp-content\/uploads\/2022\/04\/12-Felix-Jose-Vizcaino-Garcia-19-600x379.jpg 600w, https:\/\/afc.cat\/wp-content\/uploads\/2022\/04\/12-Felix-Jose-Vizcaino-Garcia-19-800x506.jpg 800w, https:\/\/afc.cat\/wp-content\/uploads\/2022\/04\/12-Felix-Jose-Vizcaino-Garcia-19-1200x758.jpg 1200w, https:\/\/afc.cat\/wp-content\/uploads\/2022\/04\/12-Felix-Jose-Vizcaino-Garcia-19.jpg 1266w\" sizes=\"(min-width: 2200px) 100vw, (min-width: 1120px) 204px, (min-width: 1024px) 245px, (min-width: 928px) 306px, (min-width: 832px) 408px, (min-width: 736px) 613px, (min-width: 640px) 736px, \" \/><\/a><\/div><\/div><div style=\"padding:5px;\" class=\"fusion-grid-column fusion-gallery-column fusion-gallery-column-6 hover-type-zoomin\"><div class=\"fusion-gallery-image\"><a href=\"https:\/\/afc.cat\/wp-content\/uploads\/2022\/04\/13-David-Penarroya-Hernandez-19.jpg\" data-title=\"13-David Pe\u00f1arroya Hernandez-19\" title=\"13-David Pe\u00f1arroya Hernandez-19\" rel=\"noreferrer\" data-rel=\"iLightbox[gallery_image_2]\" class=\"fusion-lightbox\" target=\"_self\"><img decoding=\"async\" src=\"https:\/\/afc.cat\/wp-content\/uploads\/2022\/04\/13-David-Penarroya-Hernandez-19-320x202.jpg\" width=\"320\" height=\"202\" alt=\"\" title=\"13-David Pe\u00f1arroya Hernandez-19\" aria-label=\"13-David Pe\u00f1arroya Hernandez-19\" class=\"img-responsive wp-image-27137 fusion-gallery-image-size-fixed\" \/><\/a><\/div><\/div><div style=\"padding:5px;\" class=\"fusion-grid-column fusion-gallery-column fusion-gallery-column-6 hover-type-zoomin\"><div class=\"fusion-gallery-image\"><a href=\"https:\/\/afc.cat\/wp-content\/uploads\/2022\/04\/14-Angel-Colado-Palacios-19.jpg\" data-title=\"14-\u00c1ngel Colado Palacios-19\" title=\"14-\u00c1ngel Colado Palacios-19\" rel=\"noreferrer\" data-rel=\"iLightbox[gallery_image_2]\" class=\"fusion-lightbox\" target=\"_self\"><img decoding=\"async\" src=\"https:\/\/afc.cat\/wp-content\/uploads\/2022\/04\/14-Angel-Colado-Palacios-19-320x202.jpg\" width=\"320\" height=\"202\" alt=\"\" title=\"14-\u00c1ngel Colado Palacios-19\" aria-label=\"14-\u00c1ngel Colado Palacios-19\" class=\"img-responsive wp-image-27139 fusion-gallery-image-size-fixed\" srcset=\"https:\/\/afc.cat\/wp-content\/uploads\/2022\/04\/14-Angel-Colado-Palacios-19-320x202.jpg 320w, https:\/\/afc.cat\/wp-content\/uploads\/2022\/04\/14-Angel-Colado-Palacios-19-700x441.jpg 700w\" sizes=\"(max-width: 320px) 100vw, 320px\" \/><\/a><\/div><\/div><div class=\"clearfix\"><\/div><div style=\"padding:5px;\" class=\"fusion-grid-column fusion-gallery-column fusion-gallery-column-6 hover-type-zoomin\"><div class=\"fusion-gallery-image\"><a href=\"https:\/\/afc.cat\/wp-content\/uploads\/2022\/04\/15-Santiago-Garcia-Cuadrado-17.jpg\" data-title=\"15-Santiago Garc\u00eda Cuadrado-17\" title=\"15-Santiago Garc\u00eda Cuadrado-17\" rel=\"noreferrer\" data-rel=\"iLightbox[gallery_image_2]\" class=\"fusion-lightbox\" target=\"_self\"><img decoding=\"async\" src=\"https:\/\/afc.cat\/wp-content\/uploads\/2022\/04\/15-Santiago-Garcia-Cuadrado-17-320x202.jpg\" width=\"320\" height=\"202\" alt=\"\" title=\"15-Santiago Garc\u00eda Cuadrado-17\" aria-label=\"15-Santiago Garc\u00eda Cuadrado-17\" class=\"img-responsive wp-image-27141 fusion-gallery-image-size-fixed\" srcset=\"https:\/\/afc.cat\/wp-content\/uploads\/2022\/04\/15-Santiago-Garcia-Cuadrado-17-320x202.jpg 320w, https:\/\/afc.cat\/wp-content\/uploads\/2022\/04\/15-Santiago-Garcia-Cuadrado-17-700x441.jpg 700w\" sizes=\"(max-width: 320px) 100vw, 320px\" \/><\/a><\/div><\/div><div style=\"padding:5px;\" class=\"fusion-grid-column fusion-gallery-column fusion-gallery-column-6 hover-type-zoomin\"><div class=\"fusion-gallery-image\"><a href=\"https:\/\/afc.cat\/wp-content\/uploads\/2022\/04\/16-Rosa-Cristofol-Martinez-17.jpg\" data-title=\"16-Rosa Crist\u00f2fol Mart\u00ednez-17\" title=\"16-Rosa Crist\u00f2fol Mart\u00ednez-17\" rel=\"noreferrer\" data-rel=\"iLightbox[gallery_image_2]\" class=\"fusion-lightbox\" target=\"_self\"><img decoding=\"async\" src=\"https:\/\/afc.cat\/wp-content\/uploads\/2022\/04\/16-Rosa-Cristofol-Martinez-17-320x202.jpg\" width=\"320\" height=\"202\" alt=\"\" title=\"16-Rosa Crist\u00f2fol Mart\u00ednez-17\" aria-label=\"16-Rosa Crist\u00f2fol Mart\u00ednez-17\" class=\"img-responsive wp-image-27143 fusion-gallery-image-size-fixed\" srcset=\"https:\/\/afc.cat\/wp-content\/uploads\/2022\/04\/16-Rosa-Cristofol-Martinez-17-320x202.jpg 320w, https:\/\/afc.cat\/wp-content\/uploads\/2022\/04\/16-Rosa-Cristofol-Martinez-17-700x441.jpg 700w\" sizes=\"(max-width: 320px) 100vw, 320px\" \/><\/a><\/div><\/div><div style=\"padding:5px;\" class=\"fusion-grid-column fusion-gallery-column fusion-gallery-column-6 hover-type-zoomin\"><div class=\"fusion-gallery-image\"><a href=\"https:\/\/afc.cat\/wp-content\/uploads\/2022\/04\/17-Margarita-fresco-crespo-17.jpg\" data-title=\"17-Margarita fresco crespo-17\" title=\"17-Margarita fresco crespo-17\" rel=\"noreferrer\" data-rel=\"iLightbox[gallery_image_2]\" class=\"fusion-lightbox\" target=\"_self\"><img decoding=\"async\" src=\"https:\/\/afc.cat\/wp-content\/uploads\/2022\/04\/17-Margarita-fresco-crespo-17-320x202.jpg\" width=\"320\" height=\"202\" alt=\"\" title=\"17-Margarita fresco crespo-17\" aria-label=\"17-Margarita fresco crespo-17\" class=\"img-responsive wp-image-27145 fusion-gallery-image-size-fixed\" srcset=\"https:\/\/afc.cat\/wp-content\/uploads\/2022\/04\/17-Margarita-fresco-crespo-17-320x202.jpg 320w, https:\/\/afc.cat\/wp-content\/uploads\/2022\/04\/17-Margarita-fresco-crespo-17-700x441.jpg 700w\" sizes=\"(max-width: 320px) 100vw, 320px\" \/><\/a><\/div><\/div><div style=\"padding:5px;\" class=\"fusion-grid-column fusion-gallery-column fusion-gallery-column-6 hover-type-zoomin\"><div class=\"fusion-gallery-image\"><a href=\"https:\/\/afc.cat\/wp-content\/uploads\/2022\/04\/18-Joan-Rue-Domingo-17.jpg\" data-title=\"18-Joan Ru\u00e9 Domingo-17\" title=\"18-Joan Ru\u00e9 Domingo-17\" rel=\"noreferrer\" data-rel=\"iLightbox[gallery_image_2]\" class=\"fusion-lightbox\" target=\"_self\"><img decoding=\"async\" src=\"https:\/\/afc.cat\/wp-content\/uploads\/2022\/04\/18-Joan-Rue-Domingo-17-320x202.jpg\" width=\"320\" height=\"202\" alt=\"\" title=\"18-Joan Ru\u00e9 Domingo-17\" aria-label=\"18-Joan Ru\u00e9 Domingo-17\" class=\"img-responsive wp-image-27147 fusion-gallery-image-size-fixed\" srcset=\"https:\/\/afc.cat\/wp-content\/uploads\/2022\/04\/18-Joan-Rue-Domingo-17-320x202.jpg 320w, https:\/\/afc.cat\/wp-content\/uploads\/2022\/04\/18-Joan-Rue-Domingo-17-700x441.jpg 700w\" sizes=\"(max-width: 320px) 100vw, 320px\" \/><\/a><\/div><\/div><div style=\"padding:5px;\" class=\"fusion-grid-column fusion-gallery-column fusion-gallery-column-6 hover-type-zoomin\"><div class=\"fusion-gallery-image\"><a href=\"https:\/\/afc.cat\/wp-content\/uploads\/2022\/04\/19-Adolfo-Garcia-Bastard-17.jpg\" data-title=\"19-Adolfo Garcia Bastard-17\" title=\"19-Adolfo Garcia Bastard-17\" rel=\"noreferrer\" data-rel=\"iLightbox[gallery_image_2]\" class=\"fusion-lightbox\" target=\"_self\"><img decoding=\"async\" src=\"https:\/\/afc.cat\/wp-content\/uploads\/2022\/04\/19-Adolfo-Garcia-Bastard-17-320x202.jpg\" width=\"320\" height=\"202\" alt=\"\" title=\"19-Adolfo Garcia Bastard-17\" aria-label=\"19-Adolfo Garcia Bastard-17\" class=\"img-responsive wp-image-27149 fusion-gallery-image-size-fixed\" srcset=\"https:\/\/afc.cat\/wp-content\/uploads\/2022\/04\/19-Adolfo-Garcia-Bastard-17-320x202.jpg 320w, https:\/\/afc.cat\/wp-content\/uploads\/2022\/04\/19-Adolfo-Garcia-Bastard-17-700x441.jpg 700w\" sizes=\"(max-width: 320px) 100vw, 320px\" \/><\/a><\/div><\/div><div style=\"padding:5px;\" class=\"fusion-grid-column fusion-gallery-column fusion-gallery-column-6 hover-type-zoomin\"><div class=\"fusion-gallery-image\"><a href=\"https:\/\/afc.cat\/wp-content\/uploads\/2022\/04\/20-Sara-Assens-Mampel-16.jpg\" data-title=\"20-Sara Assens Mampel-16\" title=\"20-Sara Assens Mampel-16\" rel=\"noreferrer\" data-rel=\"iLightbox[gallery_image_2]\" class=\"fusion-lightbox\" target=\"_self\"><img decoding=\"async\" src=\"https:\/\/afc.cat\/wp-content\/uploads\/2022\/04\/20-Sara-Assens-Mampel-16-320x202.jpg\" width=\"320\" height=\"202\" alt=\"\" title=\"20-Sara Assens Mampel-16\" aria-label=\"20-Sara Assens Mampel-16\" class=\"img-responsive wp-image-27151 fusion-gallery-image-size-fixed\" srcset=\"https:\/\/afc.cat\/wp-content\/uploads\/2022\/04\/20-Sara-Assens-Mampel-16-320x202.jpg 320w, https:\/\/afc.cat\/wp-content\/uploads\/2022\/04\/20-Sara-Assens-Mampel-16-700x441.jpg 700w\" sizes=\"(max-width: 320px) 100vw, 320px\" \/><\/a><\/div><\/div><div class=\"clearfix\"><\/div><div style=\"padding:5px;\" class=\"fusion-grid-column fusion-gallery-column fusion-gallery-column-6 hover-type-zoomin\"><div class=\"fusion-gallery-image\"><a href=\"https:\/\/afc.cat\/wp-content\/uploads\/2022\/04\/21-Jose-Braojos-Morales-16.jpg\" data-title=\"21-Jose Braojos Morales-16\" title=\"21-Jose Braojos Morales-16\" rel=\"noreferrer\" data-rel=\"iLightbox[gallery_image_2]\" class=\"fusion-lightbox\" target=\"_self\"><img decoding=\"async\" src=\"https:\/\/afc.cat\/wp-content\/uploads\/2022\/04\/21-Jose-Braojos-Morales-16-320x202.jpg\" width=\"320\" height=\"202\" alt=\"\" title=\"21-Jose Braojos Morales-16\" aria-label=\"21-Jose Braojos Morales-16\" class=\"img-responsive wp-image-27153 fusion-gallery-image-size-fixed\" srcset=\"https:\/\/afc.cat\/wp-content\/uploads\/2022\/04\/21-Jose-Braojos-Morales-16-320x202.jpg 320w, https:\/\/afc.cat\/wp-content\/uploads\/2022\/04\/21-Jose-Braojos-Morales-16-700x441.jpg 700w\" sizes=\"(max-width: 320px) 100vw, 320px\" \/><\/a><\/div><\/div><div style=\"padding:5px;\" class=\"fusion-grid-column fusion-gallery-column fusion-gallery-column-6 hover-type-zoomin\"><div class=\"fusion-gallery-image\"><a href=\"https:\/\/afc.cat\/wp-content\/uploads\/2022\/04\/22-Joan-Soldevila-Adan-16.jpg\" data-title=\"22-Joan Soldevila Ad\u00e1n-16\" title=\"22-Joan Soldevila Ad\u00e1n-16\" rel=\"noreferrer\" data-rel=\"iLightbox[gallery_image_2]\" class=\"fusion-lightbox\" target=\"_self\"><img decoding=\"async\" src=\"https:\/\/afc.cat\/wp-content\/uploads\/2022\/04\/22-Joan-Soldevila-Adan-16-320x202.jpg\" width=\"320\" height=\"202\" alt=\"\" title=\"22-Joan Soldevila Ad\u00e1n-16\" aria-label=\"22-Joan Soldevila Ad\u00e1n-16\" class=\"img-responsive wp-image-27155 fusion-gallery-image-size-fixed\" srcset=\"https:\/\/afc.cat\/wp-content\/uploads\/2022\/04\/22-Joan-Soldevila-Adan-16-320x202.jpg 320w, https:\/\/afc.cat\/wp-content\/uploads\/2022\/04\/22-Joan-Soldevila-Adan-16-700x441.jpg 700w\" sizes=\"(max-width: 320px) 100vw, 320px\" \/><\/a><\/div><\/div><div style=\"padding:5px;\" class=\"fusion-grid-column fusion-gallery-column fusion-gallery-column-6 hover-type-zoomin\"><div class=\"fusion-gallery-image\"><a href=\"https:\/\/afc.cat\/wp-content\/uploads\/2022\/04\/23-Pere-Josep-Sanchez-Romero-15.jpg\" data-title=\"23-Pere Josep S\u00e1nchez Romero-15\" title=\"23-Pere Josep S\u00e1nchez Romero-15\" rel=\"noreferrer\" data-rel=\"iLightbox[gallery_image_2]\" class=\"fusion-lightbox\" target=\"_self\"><img decoding=\"async\" src=\"https:\/\/afc.cat\/wp-content\/uploads\/2022\/04\/23-Pere-Josep-Sanchez-Romero-15-320x202.jpg\" width=\"320\" height=\"202\" alt=\"\" title=\"23-Pere Josep S\u00e1nchez Romero-15\" aria-label=\"23-Pere Josep S\u00e1nchez Romero-15\" class=\"img-responsive wp-image-27157 fusion-gallery-image-size-fixed\" srcset=\"https:\/\/afc.cat\/wp-content\/uploads\/2022\/04\/23-Pere-Josep-Sanchez-Romero-15-320x202.jpg 320w, https:\/\/afc.cat\/wp-content\/uploads\/2022\/04\/23-Pere-Josep-Sanchez-Romero-15-700x441.jpg 700w\" sizes=\"(max-width: 320px) 100vw, 320px\" \/><\/a><\/div><\/div><div style=\"padding:5px;\" class=\"fusion-grid-column fusion-gallery-column fusion-gallery-column-6 hover-type-zoomin\"><div class=\"fusion-gallery-image\"><a href=\"https:\/\/afc.cat\/wp-content\/uploads\/2022\/04\/24-Elena-Sanchez-Vizcaino-Mengual-15.jpg\" data-title=\"24-Elena S\u00e1nchez-Vizca\u00edno Mengual-15\" title=\"24-Elena S\u00e1nchez-Vizca\u00edno Mengual-15\" rel=\"noreferrer\" data-rel=\"iLightbox[gallery_image_2]\" class=\"fusion-lightbox\" target=\"_self\"><img decoding=\"async\" src=\"https:\/\/afc.cat\/wp-content\/uploads\/2022\/04\/24-Elena-Sanchez-Vizcaino-Mengual-15-320x202.jpg\" width=\"320\" height=\"202\" alt=\"\" title=\"24-Elena S\u00e1nchez-Vizca\u00edno Mengual-15\" aria-label=\"24-Elena S\u00e1nchez-Vizca\u00edno Mengual-15\" class=\"img-responsive wp-image-27159 fusion-gallery-image-size-fixed\" srcset=\"https:\/\/afc.cat\/wp-content\/uploads\/2022\/04\/24-Elena-Sanchez-Vizcaino-Mengual-15-320x202.jpg 320w, https:\/\/afc.cat\/wp-content\/uploads\/2022\/04\/24-Elena-Sanchez-Vizcaino-Mengual-15-700x441.jpg 700w\" sizes=\"(max-width: 320px) 100vw, 320px\" \/><\/a><\/div><\/div><div style=\"padding:5px;\" class=\"fusion-grid-column fusion-gallery-column fusion-gallery-column-6 hover-type-zoomin\"><div class=\"fusion-gallery-image\"><a href=\"https:\/\/afc.cat\/wp-content\/uploads\/2022\/04\/25-Carles-Lastra-Antonell-15.jpg\" data-title=\"25-Carles Lastra Antonell-15\" title=\"25-Carles Lastra Antonell-15\" rel=\"noreferrer\" data-rel=\"iLightbox[gallery_image_2]\" class=\"fusion-lightbox\" target=\"_self\"><img decoding=\"async\" src=\"https:\/\/afc.cat\/wp-content\/uploads\/2022\/04\/25-Carles-Lastra-Antonell-15-320x202.jpg\" width=\"320\" height=\"202\" alt=\"\" title=\"25-Carles Lastra Antonell-15\" aria-label=\"25-Carles Lastra Antonell-15\" class=\"img-responsive wp-image-27161 fusion-gallery-image-size-fixed\" srcset=\"https:\/\/afc.cat\/wp-content\/uploads\/2022\/04\/25-Carles-Lastra-Antonell-15-320x202.jpg 320w, https:\/\/afc.cat\/wp-content\/uploads\/2022\/04\/25-Carles-Lastra-Antonell-15-700x441.jpg 700w\" sizes=\"(max-width: 320px) 100vw, 320px\" \/><\/a><\/div><\/div><div style=\"padding:5px;\" class=\"fusion-grid-column fusion-gallery-column fusion-gallery-column-6 hover-type-zoomin\"><div class=\"fusion-gallery-image\"><a href=\"https:\/\/afc.cat\/wp-content\/uploads\/2022\/04\/26-Antoni-Serrano-i-Cortes-14.jpg\" data-title=\"26-Antoni Serrano i Cort\u00e8s-14\" title=\"26-Antoni Serrano i Cort\u00e8s-14\" rel=\"noreferrer\" data-rel=\"iLightbox[gallery_image_2]\" class=\"fusion-lightbox\" target=\"_self\"><img decoding=\"async\" src=\"https:\/\/afc.cat\/wp-content\/uploads\/2022\/04\/26-Antoni-Serrano-i-Cortes-14-320x202.jpg\" width=\"320\" height=\"202\" alt=\"\" title=\"26-Antoni Serrano i Cort\u00e8s-14\" aria-label=\"26-Antoni Serrano i Cort\u00e8s-14\" class=\"img-responsive wp-image-27163 fusion-gallery-image-size-fixed\" srcset=\"https:\/\/afc.cat\/wp-content\/uploads\/2022\/04\/26-Antoni-Serrano-i-Cortes-14-320x202.jpg 320w, https:\/\/afc.cat\/wp-content\/uploads\/2022\/04\/26-Antoni-Serrano-i-Cortes-14-700x441.jpg 700w\" sizes=\"(max-width: 320px) 100vw, 320px\" \/><\/a><\/div><\/div><div class=\"clearfix\"><\/div><\/div><div class=\"fusion-separator fusion-full-width-sep\" style=\"align-self: center;margin-left: auto;margin-right: auto;margin-top:20px;margin-bottom:20px;width:100%;\"><div class=\"fusion-separator-border sep-single sep-solid\" style=\"border-color:#3ec0bf;border-top-width:1px;\"><\/div><\/div><div style=\"text-align:center;\"><style>.fusion-button.button-1{border-radius:4px 4px 4px 4px;}<\/style><a class=\"fusion-button button-flat fusion-button-default-size button-default button-1 fusion-button-default-span fusion-button-default-type\" target=\"_self\" href=\"https:\/\/afc.cat\/es\/galerias\/\"><span class=\"fusion-button-text\">Vuelve a GALER\u00cdAS<\/span><\/a><\/div><\/div><style type=\"text\/css\">.fusion-body .fusion-builder-column-0{width:100% !important;margin-top : 0px;margin-bottom : 20px;}.fusion-builder-column-0 > .fusion-column-wrapper {padding-top : 0px !important;padding-right : 0px !important;margin-right : 1.92%;padding-bottom : 0px !important;padding-left : 0px !important;margin-left : 1.92%;}@media only screen and (max-width:1024px) {.fusion-body .fusion-builder-column-0{width:100% !important;order : 0;}.fusion-builder-column-0 > .fusion-column-wrapper {margin-right : 1.92%;margin-left : 1.92%;}}@media only screen and (max-width:640px) {.fusion-body .fusion-builder-column-0{width:100% !important;order : 0;}.fusion-builder-column-0 > .fusion-column-wrapper {margin-right : 1.92%;margin-left : 1.92%;}}<\/style><\/div><\/div><style type=\"text\/css\">.fusion-body .fusion-flex-container.fusion-builder-row-1{ padding-top : 0px;margin-top : 0px;padding-right : 0px;padding-bottom : 0px;margin-bottom : 0px;padding-left : 0px;}<\/style><\/div>\n","protected":false},"excerpt":{"rendered":"","protected":false},"author":33,"featured_media":27294,"menu_order":0,"comment_status":"open","ping_status":"closed","template":"","format":"standard","meta":{"_acf_changed":false,"footnotes":""},"portfolio_category":[158],"portfolio_skills":[],"portfolio_tags":[],"class_list":["post-27228","avada_portfolio","type-avada_portfolio","status-publish","format-standard","has-post-thumbnail","hentry","portfolio_category-concursos-es"],"acf":[],"yoast_head":"<!-- This site is optimized with the Yoast SEO plugin v27.5 - https:\/\/yoast.com\/product\/yoast-seo-wordpress\/ -->\n<title>Classificaci\u00f3n concurso Temes Obligats 2021-2022 mes de marzo - Agrupaci\u00f3 Fotogr\u00e0fica de Catalunya<\/title>\n<meta name=\"robots\" content=\"index, follow, max-snippet:-1, max-image-preview:large, max-video-preview:-1\" \/>\n<link rel=\"canonical\" href=\"https:\/\/afc.cat\/es\/galeria\/classificacion-concurso-temes-obligats-2021-2022-mes-de-marzo\/\" \/>\n<meta property=\"og:locale\" content=\"es_ES\" \/>\n<meta property=\"og:type\" content=\"article\" \/>\n<meta property=\"og:title\" content=\"Classificaci\u00f3n concurso Temes Obligats 2021-2022 mes de marzo - Agrupaci\u00f3 Fotogr\u00e0fica de Catalunya\" \/>\n<meta property=\"og:url\" content=\"https:\/\/afc.cat\/es\/galeria\/classificacion-concurso-temes-obligats-2021-2022-mes-de-marzo\/\" \/>\n<meta property=\"og:site_name\" content=\"Agrupaci\u00f3 Fotogr\u00e0fica de Catalunya\" \/>\n<meta property=\"article:modified_time\" content=\"2022-04-08T16:22:13+00:00\" \/>\n<meta property=\"og:image\" content=\"https:\/\/afc.cat\/wp-content\/uploads\/2022\/04\/TEMES-OBLIGATS-MARZO-esp-2.jpg\" \/>\n\t<meta property=\"og:image:width\" content=\"400\" \/>\n\t<meta property=\"og:image:height\" content=\"265\" \/>\n\t<meta property=\"og:image:type\" content=\"image\/jpeg\" \/>\n<meta name=\"twitter:card\" content=\"summary_large_image\" \/>\n<meta name=\"twitter:label1\" content=\"Tiempo de lectura\" \/>\n\t<meta name=\"twitter:data1\" content=\"6 minutos\" \/>\n<script type=\"application\/ld+json\" class=\"yoast-schema-graph\">{\"@context\":\"https:\\\/\\\/schema.org\",\"@graph\":[{\"@type\":\"WebPage\",\"@id\":\"https:\\\/\\\/afc.cat\\\/es\\\/galeria\\\/classificacion-concurso-temes-obligats-2021-2022-mes-de-marzo\\\/\",\"url\":\"https:\\\/\\\/afc.cat\\\/es\\\/galeria\\\/classificacion-concurso-temes-obligats-2021-2022-mes-de-marzo\\\/\",\"name\":\"Classificaci\u00f3n concurso Temes Obligats 2021-2022 mes de marzo - Agrupaci\u00f3 Fotogr\u00e0fica de Catalunya\",\"isPartOf\":{\"@id\":\"https:\\\/\\\/afc.cat\\\/es\\\/#website\"},\"primaryImageOfPage\":{\"@id\":\"https:\\\/\\\/afc.cat\\\/es\\\/galeria\\\/classificacion-concurso-temes-obligats-2021-2022-mes-de-marzo\\\/#primaryimage\"},\"image\":{\"@id\":\"https:\\\/\\\/afc.cat\\\/es\\\/galeria\\\/classificacion-concurso-temes-obligats-2021-2022-mes-de-marzo\\\/#primaryimage\"},\"thumbnailUrl\":\"https:\\\/\\\/afc.cat\\\/wp-content\\\/uploads\\\/2022\\\/04\\\/TEMES-OBLIGATS-MARZO-esp-2.jpg\",\"datePublished\":\"2022-04-07T19:12:58+00:00\",\"dateModified\":\"2022-04-08T16:22:13+00:00\",\"breadcrumb\":{\"@id\":\"https:\\\/\\\/afc.cat\\\/es\\\/galeria\\\/classificacion-concurso-temes-obligats-2021-2022-mes-de-marzo\\\/#breadcrumb\"},\"inLanguage\":\"es\",\"potentialAction\":[{\"@type\":\"ReadAction\",\"target\":[\"https:\\\/\\\/afc.cat\\\/es\\\/galeria\\\/classificacion-concurso-temes-obligats-2021-2022-mes-de-marzo\\\/\"]}]},{\"@type\":\"ImageObject\",\"inLanguage\":\"es\",\"@id\":\"https:\\\/\\\/afc.cat\\\/es\\\/galeria\\\/classificacion-concurso-temes-obligats-2021-2022-mes-de-marzo\\\/#primaryimage\",\"url\":\"https:\\\/\\\/afc.cat\\\/wp-content\\\/uploads\\\/2022\\\/04\\\/TEMES-OBLIGATS-MARZO-esp-2.jpg\",\"contentUrl\":\"https:\\\/\\\/afc.cat\\\/wp-content\\\/uploads\\\/2022\\\/04\\\/TEMES-OBLIGATS-MARZO-esp-2.jpg\",\"width\":400,\"height\":265},{\"@type\":\"BreadcrumbList\",\"@id\":\"https:\\\/\\\/afc.cat\\\/es\\\/galeria\\\/classificacion-concurso-temes-obligats-2021-2022-mes-de-marzo\\\/#breadcrumb\",\"itemListElement\":[{\"@type\":\"ListItem\",\"position\":1,\"name\":\"Inicio\",\"item\":\"https:\\\/\\\/afc.cat\\\/es\\\/\"},{\"@type\":\"ListItem\",\"position\":2,\"name\":\"Portfolio\",\"item\":\"https:\\\/\\\/afc.cat\\\/galeria\\\/\"},{\"@type\":\"ListItem\",\"position\":3,\"name\":\"Classificaci\u00f3n concurso Temes Obligats 2021-2022 mes de marzo\"}]},{\"@type\":\"WebSite\",\"@id\":\"https:\\\/\\\/afc.cat\\\/es\\\/#website\",\"url\":\"https:\\\/\\\/afc.cat\\\/es\\\/\",\"name\":\"Agrupaci\u00f3 Fotogr\u00e0fica de Catalunya\",\"description\":\"Fomento y divulgaci\u00f3n de la fotograf\u00eda en todas sus variedades\",\"potentialAction\":[{\"@type\":\"SearchAction\",\"target\":{\"@type\":\"EntryPoint\",\"urlTemplate\":\"https:\\\/\\\/afc.cat\\\/es\\\/?s={search_term_string}\"},\"query-input\":{\"@type\":\"PropertyValueSpecification\",\"valueRequired\":true,\"valueName\":\"search_term_string\"}}],\"inLanguage\":\"es\"}]}<\/script>\n<!-- \/ Yoast SEO plugin. -->","yoast_head_json":{"title":"Classificaci\u00f3n concurso Temes Obligats 2021-2022 mes de marzo - Agrupaci\u00f3 Fotogr\u00e0fica de Catalunya","robots":{"index":"index","follow":"follow","max-snippet":"max-snippet:-1","max-image-preview":"max-image-preview:large","max-video-preview":"max-video-preview:-1"},"canonical":"https:\/\/afc.cat\/es\/galeria\/classificacion-concurso-temes-obligats-2021-2022-mes-de-marzo\/","og_locale":"es_ES","og_type":"article","og_title":"Classificaci\u00f3n concurso Temes Obligats 2021-2022 mes de marzo - Agrupaci\u00f3 Fotogr\u00e0fica de Catalunya","og_url":"https:\/\/afc.cat\/es\/galeria\/classificacion-concurso-temes-obligats-2021-2022-mes-de-marzo\/","og_site_name":"Agrupaci\u00f3 Fotogr\u00e0fica de Catalunya","article_modified_time":"2022-04-08T16:22:13+00:00","og_image":[{"width":400,"height":265,"url":"https:\/\/afc.cat\/wp-content\/uploads\/2022\/04\/TEMES-OBLIGATS-MARZO-esp-2.jpg","type":"image\/jpeg"}],"twitter_card":"summary_large_image","twitter_misc":{"Tiempo de lectura":"6 minutos"},"schema":{"@context":"https:\/\/schema.org","@graph":[{"@type":"WebPage","@id":"https:\/\/afc.cat\/es\/galeria\/classificacion-concurso-temes-obligats-2021-2022-mes-de-marzo\/","url":"https:\/\/afc.cat\/es\/galeria\/classificacion-concurso-temes-obligats-2021-2022-mes-de-marzo\/","name":"Classificaci\u00f3n concurso Temes Obligats 2021-2022 mes de marzo - Agrupaci\u00f3 Fotogr\u00e0fica de Catalunya","isPartOf":{"@id":"https:\/\/afc.cat\/es\/#website"},"primaryImageOfPage":{"@id":"https:\/\/afc.cat\/es\/galeria\/classificacion-concurso-temes-obligats-2021-2022-mes-de-marzo\/#primaryimage"},"image":{"@id":"https:\/\/afc.cat\/es\/galeria\/classificacion-concurso-temes-obligats-2021-2022-mes-de-marzo\/#primaryimage"},"thumbnailUrl":"https:\/\/afc.cat\/wp-content\/uploads\/2022\/04\/TEMES-OBLIGATS-MARZO-esp-2.jpg","datePublished":"2022-04-07T19:12:58+00:00","dateModified":"2022-04-08T16:22:13+00:00","breadcrumb":{"@id":"https:\/\/afc.cat\/es\/galeria\/classificacion-concurso-temes-obligats-2021-2022-mes-de-marzo\/#breadcrumb"},"inLanguage":"es","potentialAction":[{"@type":"ReadAction","target":["https:\/\/afc.cat\/es\/galeria\/classificacion-concurso-temes-obligats-2021-2022-mes-de-marzo\/"]}]},{"@type":"ImageObject","inLanguage":"es","@id":"https:\/\/afc.cat\/es\/galeria\/classificacion-concurso-temes-obligats-2021-2022-mes-de-marzo\/#primaryimage","url":"https:\/\/afc.cat\/wp-content\/uploads\/2022\/04\/TEMES-OBLIGATS-MARZO-esp-2.jpg","contentUrl":"https:\/\/afc.cat\/wp-content\/uploads\/2022\/04\/TEMES-OBLIGATS-MARZO-esp-2.jpg","width":400,"height":265},{"@type":"BreadcrumbList","@id":"https:\/\/afc.cat\/es\/galeria\/classificacion-concurso-temes-obligats-2021-2022-mes-de-marzo\/#breadcrumb","itemListElement":[{"@type":"ListItem","position":1,"name":"Inicio","item":"https:\/\/afc.cat\/es\/"},{"@type":"ListItem","position":2,"name":"Portfolio","item":"https:\/\/afc.cat\/galeria\/"},{"@type":"ListItem","position":3,"name":"Classificaci\u00f3n concurso Temes Obligats 2021-2022 mes de marzo"}]},{"@type":"WebSite","@id":"https:\/\/afc.cat\/es\/#website","url":"https:\/\/afc.cat\/es\/","name":"Agrupaci\u00f3 Fotogr\u00e0fica de Catalunya","description":"Fomento y divulgaci\u00f3n de la fotograf\u00eda en todas sus variedades","potentialAction":[{"@type":"SearchAction","target":{"@type":"EntryPoint","urlTemplate":"https:\/\/afc.cat\/es\/?s={search_term_string}"},"query-input":{"@type":"PropertyValueSpecification","valueRequired":true,"valueName":"search_term_string"}}],"inLanguage":"es"}]}},"_links":{"self":[{"href":"https:\/\/afc.cat\/es\/wp-json\/wp\/v2\/avada_portfolio\/27228","targetHints":{"allow":["GET"]}}],"collection":[{"href":"https:\/\/afc.cat\/es\/wp-json\/wp\/v2\/avada_portfolio"}],"about":[{"href":"https:\/\/afc.cat\/es\/wp-json\/wp\/v2\/types\/avada_portfolio"}],"author":[{"embeddable":true,"href":"https:\/\/afc.cat\/es\/wp-json\/wp\/v2\/users\/33"}],"replies":[{"embeddable":true,"href":"https:\/\/afc.cat\/es\/wp-json\/wp\/v2\/comments?post=27228"}],"version-history":[{"count":2,"href":"https:\/\/afc.cat\/es\/wp-json\/wp\/v2\/avada_portfolio\/27228\/revisions"}],"predecessor-version":[{"id":27293,"href":"https:\/\/afc.cat\/es\/wp-json\/wp\/v2\/avada_portfolio\/27228\/revisions\/27293"}],"wp:featuredmedia":[{"embeddable":true,"href":"https:\/\/afc.cat\/es\/wp-json\/wp\/v2\/media\/27294"}],"wp:attachment":[{"href":"https:\/\/afc.cat\/es\/wp-json\/wp\/v2\/media?parent=27228"}],"wp:term":[{"taxonomy":"portfolio_category","embeddable":true,"href":"https:\/\/afc.cat\/es\/wp-json\/wp\/v2\/portfolio_category?post=27228"},{"taxonomy":"portfolio_skills","embeddable":true,"href":"https:\/\/afc.cat\/es\/wp-json\/wp\/v2\/portfolio_skills?post=27228"},{"taxonomy":"portfolio_tags","embeddable":true,"href":"https:\/\/afc.cat\/es\/wp-json\/wp\/v2\/portfolio_tags?post=27228"}],"curies":[{"name":"wp","href":"https:\/\/api.w.org\/{rel}","templated":true}]}}