{"id":27745,"date":"2022-05-06T11:06:09","date_gmt":"2022-05-06T09:06:09","guid":{"rendered":"https:\/\/afc.cat\/?post_type=avada_portfolio&#038;p=27745"},"modified":"2022-05-10T10:47:59","modified_gmt":"2022-05-10T08:47:59","slug":"clasificacion-concurso-temes-obligats-2021-2022-mes-de-abril","status":"publish","type":"avada_portfolio","link":"https:\/\/afc.cat\/es\/galeria\/clasificacion-concurso-temes-obligats-2021-2022-mes-de-abril\/","title":{"rendered":"Clasificaci\u00f3n concurso Temes Obligats 2021-2022 mes de abril"},"content":{"rendered":"<div class=\"fusion-fullwidth fullwidth-box fusion-builder-row-1 fusion-flex-container nonhundred-percent-fullwidth non-hundred-percent-height-scrolling\" style=\"background-color: rgba(255,255,255,0);background-position: center center;background-repeat: no-repeat;border-width: 0px 0px 0px 0px;border-color:#ffffff;border-style:solid;\" ><div class=\"fusion-builder-row fusion-row fusion-flex-align-items-flex-start\" style=\"max-width:1300px;margin-left: calc(-4% \/ 2 );margin-right: calc(-4% \/ 2 );\"><div class=\"fusion-layout-column fusion_builder_column fusion-builder-column-0 fusion_builder_column_1_1 1_1 fusion-flex-column\"><div class=\"fusion-column-wrapper fusion-flex-justify-content-flex-start fusion-content-layout-column\" style=\"background-position:left top;background-repeat:no-repeat;-webkit-background-size:cover;-moz-background-size:cover;-o-background-size:cover;background-size:cover;padding: 0px 0px 0px 0px;\"><div class=\"fusion-text fusion-text-1\"><h2 style=\"text-align: center;\">Tema Obligado del mes de abril<\/h2>\n<h3 style=\"text-align: center;\">Abstracto<\/h3>\n<\/div><div class=\"fusion-text fusion-text-2\"><p>El pasado d\u00eda 3 se conoci\u00f3 la valoraci\u00f3n del jurado de las fotograf\u00edas de los socios que participaron en el concurso social de la agrupaci\u00f3n \u201d<strong>Temas obligados<\/strong>\u201d. Como ya sab\u00e9is, el tema va cambiando cada mes y el tema de este mes de abril ha sido \u201c<strong>Abstracto<\/strong>\u201d.<\/p>\n<p><strong>Categor\u00eda de Monocromo<\/strong><br \/>\nEste mes las fotos mejor valoradas han sido la de <strong>Jose\u00a0Braojos<\/strong> con el t\u00edtulo \u201c<strong><em>Neurones\u00a0conectades<\/em><\/strong>\u201d\u00a0y la de <strong>Margarita\u00a0Fresco<\/strong>\u00a0con 24 puntos cada una que los ha permitido posicionarse a la posici\u00f3n 11 con 134 puntos y posici\u00f3n 24 con 100 puntos respectivamente de la clasificaci\u00f3n general.<\/p>\n<p><strong>Categor\u00eda Color<\/strong><br \/>\nEn esta categor\u00eda la m\u00e1xima puntuaci\u00f3n ha sido para <strong>Irene Sanz<\/strong> con la fotograf\u00eda titulada \u201c<em><strong>A tot color<\/strong><\/em>\u201d con 25 puntos.<\/p>\n<p>En la clasificaci\u00f3n general <strong>Irene Sanz<\/strong> queda en la posici\u00f3n 6 con 142 puntos.<\/p>\n<p>Continuamos animando a los socios y socias a participar, siempre es una buena excusa para hacer eso que m\u00e1s nos gusta, coger la c\u00e1mara y hacer \u201cclic\u201d.<\/p>\n<p><strong>Maxim Poncela<br \/>\n<\/strong>Concursos<\/p>\n<\/div><div class=\"fusion-separator fusion-full-width-sep\" style=\"align-self: center;margin-left: auto;margin-right: auto;margin-bottom:20px;width:100%;\"><div class=\"fusion-separator-border sep-single sep-solid\" style=\"border-color:#3ec0bf;border-top-width:1px;\"><\/div><\/div><div class=\"fusion-text fusion-text-3\"><p style=\"text-align: center;\"><strong>PUNTUACI\u00d3N GENERAL ACUMULADA MONOCROMO<\/strong><\/p>\n<\/div><div style=\"text-align:center;\"><style>.fusion-imageframe.imageframe-1{ margin-bottom : 5%;}<\/style><span class=\" fusion-imageframe imageframe-none imageframe-1 hover-type-zoomin\"><img decoding=\"async\" width=\"578\" height=\"1024\" title=\"RESULTATS ABRIL 22 MONOCROM\" src=\"https:\/\/afc.cat\/wp-content\/uploads\/2022\/05\/RESULTATS-ABRIL-22-MONOCROM-578x1024.jpg\" alt class=\"img-responsive wp-image-27739\" srcset=\"https:\/\/afc.cat\/wp-content\/uploads\/2022\/05\/RESULTATS-ABRIL-22-MONOCROM-200x354.jpg 200w, https:\/\/afc.cat\/wp-content\/uploads\/2022\/05\/RESULTATS-ABRIL-22-MONOCROM-400x708.jpg 400w, https:\/\/afc.cat\/wp-content\/uploads\/2022\/05\/RESULTATS-ABRIL-22-MONOCROM-600x1063.jpg 600w, https:\/\/afc.cat\/wp-content\/uploads\/2022\/05\/RESULTATS-ABRIL-22-MONOCROM.jpg 660w\" sizes=\"(max-width: 640px) 100vw, 578px\" \/><\/span><\/div><div class=\"fusion-text fusion-text-4\"><p style=\"text-align: center;\"><strong>Clasificaci\u00f3n monocromo de abril 2022<\/strong><\/p>\n<p style=\"text-align: center;\"><strong>(27 participantes)<\/strong><\/p>\n<\/div><style type=\"text\/css\">.fusion-gallery-1 .fusion-gallery-image {border:0px solid #e2e2e2;}<\/style><div class=\"fusion-gallery fusion-gallery-container fusion-grid-6 fusion-columns-total-27 fusion-gallery-layout-grid fusion-gallery-1\" style=\"margin:-5px;\"><div style=\"padding:5px;\" class=\"fusion-grid-column fusion-gallery-column fusion-gallery-column-6 hover-type-zoomin\"><div class=\"fusion-gallery-image\"><a href=\"https:\/\/afc.cat\/wp-content\/uploads\/2022\/05\/1-Jose-Braojos-Morales-24-Punts.jpg\" data-title=\"1-Jose Braojos Morales-24 Punts\" title=\"1-Jose Braojos Morales-24 Punts\" rel=\"noreferrer\" data-rel=\"iLightbox[gallery_image_1]\" class=\"fusion-lightbox\" target=\"_self\"><img decoding=\"async\" src=\"https:\/\/afc.cat\/wp-content\/uploads\/2022\/05\/1-Jose-Braojos-Morales-24-Punts-320x202.jpg\" width=\"320\" height=\"202\" alt=\"\" title=\"1-Jose Braojos Morales-24 Punts\" aria-label=\"1-Jose Braojos Morales-24 Punts\" class=\"img-responsive wp-image-27631 fusion-gallery-image-size-fixed\" srcset=\"https:\/\/afc.cat\/wp-content\/uploads\/2022\/05\/1-Jose-Braojos-Morales-24-Punts-320x202.jpg 320w, https:\/\/afc.cat\/wp-content\/uploads\/2022\/05\/1-Jose-Braojos-Morales-24-Punts-700x441.jpg 700w\" sizes=\"(max-width: 320px) 100vw, 320px\" \/><\/a><\/div><\/div><div style=\"padding:5px;\" class=\"fusion-grid-column fusion-gallery-column fusion-gallery-column-6 hover-type-zoomin\"><div class=\"fusion-gallery-image\"><a href=\"https:\/\/afc.cat\/wp-content\/uploads\/2022\/05\/2-Margarita-fresco-crespo-24-Punts.jpg\" data-title=\"2-Margarita fresco crespo-24 Punts\" title=\"2-Margarita fresco crespo-24 Punts\" rel=\"noreferrer\" data-rel=\"iLightbox[gallery_image_1]\" class=\"fusion-lightbox\" target=\"_self\"><img decoding=\"async\" src=\"https:\/\/afc.cat\/wp-content\/uploads\/2022\/05\/2-Margarita-fresco-crespo-24-Punts-320x202.jpg\" width=\"320\" height=\"202\" alt=\"\" title=\"2-Margarita fresco crespo-24 Punts\" aria-label=\"2-Margarita fresco crespo-24 Punts\" class=\"img-responsive wp-image-27633 fusion-gallery-image-size-fixed\" srcset=\"https:\/\/afc.cat\/wp-content\/uploads\/2022\/05\/2-Margarita-fresco-crespo-24-Punts-320x202.jpg 320w, https:\/\/afc.cat\/wp-content\/uploads\/2022\/05\/2-Margarita-fresco-crespo-24-Punts-700x441.jpg 700w\" sizes=\"(max-width: 320px) 100vw, 320px\" \/><\/a><\/div><\/div><div style=\"padding:5px;\" class=\"fusion-grid-column fusion-gallery-column fusion-gallery-column-6 hover-type-zoomin\"><div class=\"fusion-gallery-image\"><a href=\"https:\/\/afc.cat\/wp-content\/uploads\/2022\/05\/3-Jaume-Estrada-Martras-23-Punts.jpg\" data-title=\"3-Jaume Estrada Martras-23 Punts\" title=\"3-Jaume Estrada Martras-23 Punts\" rel=\"noreferrer\" data-rel=\"iLightbox[gallery_image_1]\" class=\"fusion-lightbox\" target=\"_self\"><img decoding=\"async\" src=\"https:\/\/afc.cat\/wp-content\/uploads\/2022\/05\/3-Jaume-Estrada-Martras-23-Punts-320x202.jpg\" width=\"320\" height=\"202\" alt=\"\" title=\"3-Jaume Estrada Martras-23 Punts\" aria-label=\"3-Jaume Estrada Martras-23 Punts\" class=\"img-responsive wp-image-27635 fusion-gallery-image-size-fixed\" srcset=\"https:\/\/afc.cat\/wp-content\/uploads\/2022\/05\/3-Jaume-Estrada-Martras-23-Punts-320x202.jpg 320w, https:\/\/afc.cat\/wp-content\/uploads\/2022\/05\/3-Jaume-Estrada-Martras-23-Punts-700x441.jpg 700w\" sizes=\"(max-width: 320px) 100vw, 320px\" \/><\/a><\/div><\/div><div style=\"padding:5px;\" class=\"fusion-grid-column fusion-gallery-column fusion-gallery-column-6 hover-type-zoomin\"><div class=\"fusion-gallery-image\"><a href=\"https:\/\/afc.cat\/wp-content\/uploads\/2022\/05\/5-Pere-Josep-Sanchez-Romero-23-Punts.jpg\" data-title=\"5-Pere Josep S\u00e1nchez Romero-23 Punts\" title=\"5-Pere Josep S\u00e1nchez Romero-23 Punts\" rel=\"noreferrer\" data-rel=\"iLightbox[gallery_image_1]\" class=\"fusion-lightbox\" target=\"_self\"><img decoding=\"async\" src=\"https:\/\/afc.cat\/wp-content\/uploads\/2022\/05\/5-Pere-Josep-Sanchez-Romero-23-Punts-320x202.jpg\" width=\"320\" height=\"202\" alt=\"\" title=\"5-Pere Josep S\u00e1nchez Romero-23 Punts\" aria-label=\"5-Pere Josep S\u00e1nchez Romero-23 Punts\" class=\"img-responsive wp-image-27639 fusion-gallery-image-size-fixed\" srcset=\"https:\/\/afc.cat\/wp-content\/uploads\/2022\/05\/5-Pere-Josep-Sanchez-Romero-23-Punts-320x202.jpg 320w, https:\/\/afc.cat\/wp-content\/uploads\/2022\/05\/5-Pere-Josep-Sanchez-Romero-23-Punts-700x441.jpg 700w\" sizes=\"(max-width: 320px) 100vw, 320px\" \/><\/a><\/div><\/div><div style=\"padding:5px;\" class=\"fusion-grid-column fusion-gallery-column fusion-gallery-column-6 hover-type-zoomin\"><div class=\"fusion-gallery-image\"><a href=\"https:\/\/afc.cat\/wp-content\/uploads\/2022\/05\/6-Sara-Assens-Mampel-23-Punts.jpg\" data-title=\"6-Sara Assens Mampel-23 Punts\" title=\"6-Sara Assens Mampel-23 Punts\" rel=\"noreferrer\" data-rel=\"iLightbox[gallery_image_1]\" class=\"fusion-lightbox\" target=\"_self\"><img decoding=\"async\" src=\"https:\/\/afc.cat\/wp-content\/uploads\/2022\/05\/6-Sara-Assens-Mampel-23-Punts-320x202.jpg\" width=\"320\" height=\"202\" alt=\"\" title=\"6-Sara Assens Mampel-23 Punts\" aria-label=\"6-Sara Assens Mampel-23 Punts\" class=\"img-responsive wp-image-27641 fusion-gallery-image-size-fixed\" \/><\/a><\/div><\/div><div style=\"padding:5px;\" class=\"fusion-grid-column fusion-gallery-column fusion-gallery-column-6 hover-type-zoomin\"><div class=\"fusion-gallery-image\"><a href=\"https:\/\/afc.cat\/wp-content\/uploads\/2022\/05\/7-Josep-Soler-Vendrell-22-Punts.jpg\" data-title=\"7-Josep Soler Vendrell-22 Punts\" title=\"7-Josep Soler Vendrell-22 Punts\" rel=\"noreferrer\" data-rel=\"iLightbox[gallery_image_1]\" class=\"fusion-lightbox\" target=\"_self\"><img decoding=\"async\" src=\"https:\/\/afc.cat\/wp-content\/uploads\/2022\/05\/7-Josep-Soler-Vendrell-22-Punts-320x202.jpg\" width=\"320\" height=\"202\" alt=\"\" title=\"7-Josep Soler Vendrell-22 Punts\" aria-label=\"7-Josep Soler Vendrell-22 Punts\" class=\"img-responsive wp-image-27643 fusion-gallery-image-size-fixed\" srcset=\"https:\/\/afc.cat\/wp-content\/uploads\/2022\/05\/7-Josep-Soler-Vendrell-22-Punts-320x202.jpg 320w, https:\/\/afc.cat\/wp-content\/uploads\/2022\/05\/7-Josep-Soler-Vendrell-22-Punts-700x441.jpg 700w\" sizes=\"(max-width: 320px) 100vw, 320px\" \/><\/a><\/div><\/div><div class=\"clearfix\"><\/div><div style=\"padding:5px;\" class=\"fusion-grid-column fusion-gallery-column fusion-gallery-column-6 hover-type-zoomin\"><div class=\"fusion-gallery-image\"><a href=\"https:\/\/afc.cat\/wp-content\/uploads\/2022\/05\/8-Carmen-Camprodon-Vidal-22-Punts.jpg\" data-title=\"8-Carmen Camprodon Vidal-22 Punts\" title=\"8-Carmen Camprodon Vidal-22 Punts\" rel=\"noreferrer\" data-rel=\"iLightbox[gallery_image_1]\" class=\"fusion-lightbox\" target=\"_self\"><img decoding=\"async\" src=\"https:\/\/afc.cat\/wp-content\/uploads\/2022\/05\/8-Carmen-Camprodon-Vidal-22-Punts-320x202.jpg\" width=\"320\" height=\"202\" alt=\"\" title=\"8-Carmen Camprodon Vidal-22 Punts\" aria-label=\"8-Carmen Camprodon Vidal-22 Punts\" class=\"img-responsive wp-image-27645 fusion-gallery-image-size-fixed\" srcset=\"https:\/\/afc.cat\/wp-content\/uploads\/2022\/05\/8-Carmen-Camprodon-Vidal-22-Punts-320x202.jpg 320w, https:\/\/afc.cat\/wp-content\/uploads\/2022\/05\/8-Carmen-Camprodon-Vidal-22-Punts-700x441.jpg 700w\" sizes=\"(max-width: 320px) 100vw, 320px\" \/><\/a><\/div><\/div><div style=\"padding:5px;\" class=\"fusion-grid-column fusion-gallery-column fusion-gallery-column-6 hover-type-zoomin\"><div class=\"fusion-gallery-image\"><a href=\"https:\/\/afc.cat\/wp-content\/uploads\/2022\/05\/9-irene-sanz-ramirez-21-Punts.jpg\" data-title=\"9-irene sanz ramirez-21 Punts\" title=\"9-irene sanz ramirez-21 Punts\" rel=\"noreferrer\" data-rel=\"iLightbox[gallery_image_1]\" class=\"fusion-lightbox\" target=\"_self\"><img decoding=\"async\" src=\"https:\/\/afc.cat\/wp-content\/uploads\/2022\/05\/9-irene-sanz-ramirez-21-Punts-320x202.jpg\" width=\"320\" height=\"202\" alt=\"\" title=\"9-irene sanz ramirez-21 Punts\" aria-label=\"9-irene sanz ramirez-21 Punts\" class=\"img-responsive wp-image-27647 fusion-gallery-image-size-fixed\" srcset=\"https:\/\/afc.cat\/wp-content\/uploads\/2022\/05\/9-irene-sanz-ramirez-21-Punts-320x202.jpg 320w, https:\/\/afc.cat\/wp-content\/uploads\/2022\/05\/9-irene-sanz-ramirez-21-Punts-700x441.jpg 700w\" sizes=\"(max-width: 320px) 100vw, 320px\" \/><\/a><\/div><\/div><div style=\"padding:5px;\" class=\"fusion-grid-column fusion-gallery-column fusion-gallery-column-6 hover-type-zoomin\"><div class=\"fusion-gallery-image\"><a href=\"https:\/\/afc.cat\/wp-content\/uploads\/2022\/05\/10-Teresa-Tejero-Lopez-21-Punts.jpg\" data-title=\"10-Teresa Tejero Lopez-21 Punts\" title=\"10-Teresa Tejero Lopez-21 Punts\" rel=\"noreferrer\" data-rel=\"iLightbox[gallery_image_1]\" class=\"fusion-lightbox\" target=\"_self\"><img decoding=\"async\" src=\"https:\/\/afc.cat\/wp-content\/uploads\/2022\/05\/10-Teresa-Tejero-Lopez-21-Punts-320x202.jpg\" width=\"320\" height=\"202\" alt=\"\" title=\"10-Teresa Tejero Lopez-21 Punts\" aria-label=\"10-Teresa Tejero Lopez-21 Punts\" class=\"img-responsive wp-image-27649 fusion-gallery-image-size-fixed\" srcset=\"https:\/\/afc.cat\/wp-content\/uploads\/2022\/05\/10-Teresa-Tejero-Lopez-21-Punts-320x202.jpg 320w, https:\/\/afc.cat\/wp-content\/uploads\/2022\/05\/10-Teresa-Tejero-Lopez-21-Punts-700x441.jpg 700w\" sizes=\"(max-width: 320px) 100vw, 320px\" \/><\/a><\/div><\/div><div style=\"padding:5px;\" class=\"fusion-grid-column fusion-gallery-column fusion-gallery-column-6 hover-type-zoomin\"><div class=\"fusion-gallery-image\"><a href=\"https:\/\/afc.cat\/wp-content\/uploads\/2022\/05\/11-Angel-Colado-Palacios-21-Punts.jpg\" data-title=\"11-\u00c1ngel Colado Palacios-21 Punts\" title=\"11-\u00c1ngel Colado Palacios-21 Punts\" rel=\"noreferrer\" data-rel=\"iLightbox[gallery_image_1]\" class=\"fusion-lightbox\" target=\"_self\"><img decoding=\"async\" src=\"https:\/\/afc.cat\/wp-content\/uploads\/2022\/05\/11-Angel-Colado-Palacios-21-Punts-320x202.jpg\" width=\"320\" height=\"202\" alt=\"\" title=\"11-\u00c1ngel Colado Palacios-21 Punts\" aria-label=\"11-\u00c1ngel Colado Palacios-21 Punts\" class=\"img-responsive wp-image-27651 fusion-gallery-image-size-fixed\" srcset=\"https:\/\/afc.cat\/wp-content\/uploads\/2022\/05\/11-Angel-Colado-Palacios-21-Punts-320x202.jpg 320w, https:\/\/afc.cat\/wp-content\/uploads\/2022\/05\/11-Angel-Colado-Palacios-21-Punts-700x441.jpg 700w\" sizes=\"(max-width: 320px) 100vw, 320px\" \/><\/a><\/div><\/div><div style=\"padding:5px;\" class=\"fusion-grid-column fusion-gallery-column fusion-gallery-column-6 hover-type-zoomin\"><div class=\"fusion-gallery-image\"><a href=\"https:\/\/afc.cat\/wp-content\/uploads\/2022\/05\/12-Felix-Jose-Vizcaino-Garcia-21-Punts.jpg\" data-title=\"12-F\u00e9lix Jos\u00e9 Vizca\u00edno Garc\u00eda-21 Punts\" title=\"12-F\u00e9lix Jos\u00e9 Vizca\u00edno Garc\u00eda-21 Punts\" rel=\"noreferrer\" data-rel=\"iLightbox[gallery_image_1]\" class=\"fusion-lightbox\" target=\"_self\"><img decoding=\"async\" src=\"https:\/\/afc.cat\/wp-content\/uploads\/2022\/05\/12-Felix-Jose-Vizcaino-Garcia-21-Punts-320x202.jpg\" width=\"320\" height=\"202\" alt=\"\" title=\"12-F\u00e9lix Jos\u00e9 Vizca\u00edno Garc\u00eda-21 Punts\" aria-label=\"12-F\u00e9lix Jos\u00e9 Vizca\u00edno Garc\u00eda-21 Punts\" class=\"img-responsive wp-image-27653 fusion-gallery-image-size-fixed\" srcset=\"https:\/\/afc.cat\/wp-content\/uploads\/2022\/05\/12-Felix-Jose-Vizcaino-Garcia-21-Punts-320x202.jpg 320w, https:\/\/afc.cat\/wp-content\/uploads\/2022\/05\/12-Felix-Jose-Vizcaino-Garcia-21-Punts-700x441.jpg 700w\" sizes=\"(max-width: 320px) 100vw, 320px\" \/><\/a><\/div><\/div><div style=\"padding:5px;\" class=\"fusion-grid-column fusion-gallery-column fusion-gallery-column-6 hover-type-zoomin\"><div class=\"fusion-gallery-image\"><a href=\"https:\/\/afc.cat\/wp-content\/uploads\/2022\/05\/13-Damian-Tous-Vazquez-21-Punts.jpg\" data-title=\"13-Dami\u00e1n Tous Vazquez-21 Punts\" title=\"13-Dami\u00e1n Tous Vazquez-21 Punts\" rel=\"noreferrer\" data-rel=\"iLightbox[gallery_image_1]\" class=\"fusion-lightbox\" target=\"_self\"><img decoding=\"async\" src=\"https:\/\/afc.cat\/wp-content\/uploads\/2022\/05\/13-Damian-Tous-Vazquez-21-Punts-320x202.jpg\" width=\"320\" height=\"202\" alt=\"\" title=\"13-Dami\u00e1n Tous Vazquez-21 Punts\" aria-label=\"13-Dami\u00e1n Tous Vazquez-21 Punts\" class=\"img-responsive wp-image-27655 fusion-gallery-image-size-fixed\" srcset=\"https:\/\/afc.cat\/wp-content\/uploads\/2022\/05\/13-Damian-Tous-Vazquez-21-Punts-320x202.jpg 320w, https:\/\/afc.cat\/wp-content\/uploads\/2022\/05\/13-Damian-Tous-Vazquez-21-Punts-700x441.jpg 700w\" sizes=\"(max-width: 320px) 100vw, 320px\" \/><\/a><\/div><\/div><div class=\"clearfix\"><\/div><div style=\"padding:5px;\" class=\"fusion-grid-column fusion-gallery-column fusion-gallery-column-6 hover-type-zoomin\"><div class=\"fusion-gallery-image\"><a href=\"https:\/\/afc.cat\/wp-content\/uploads\/2022\/05\/14-Joan-Soldevila-Adan-21-Punts.jpg\" data-title=\"14-Joan Soldevila Ad\u00e1n-21 Punts\" title=\"14-Joan Soldevila Ad\u00e1n-21 Punts\" rel=\"noreferrer\" data-rel=\"iLightbox[gallery_image_1]\" class=\"fusion-lightbox\" target=\"_self\"><img decoding=\"async\" src=\"https:\/\/afc.cat\/wp-content\/uploads\/2022\/05\/14-Joan-Soldevila-Adan-21-Punts-320x202.jpg\" width=\"320\" height=\"202\" alt=\"\" title=\"14-Joan Soldevila Ad\u00e1n-21 Punts\" aria-label=\"14-Joan Soldevila Ad\u00e1n-21 Punts\" class=\"img-responsive wp-image-27657 fusion-gallery-image-size-fixed\" \/><\/a><\/div><\/div><div style=\"padding:5px;\" class=\"fusion-grid-column fusion-gallery-column fusion-gallery-column-6 hover-type-zoomin\"><div class=\"fusion-gallery-image\"><a href=\"https:\/\/afc.cat\/wp-content\/uploads\/2022\/05\/15-Rosa-Cristofol-Martinez-21-Punts.jpg\" data-title=\"15-Rosa Crist\u00f2fol Mart\u00ednez-21 Punts\" title=\"15-Rosa Crist\u00f2fol Mart\u00ednez-21 Punts\" rel=\"noreferrer\" data-rel=\"iLightbox[gallery_image_1]\" class=\"fusion-lightbox\" target=\"_self\"><img decoding=\"async\" src=\"https:\/\/afc.cat\/wp-content\/uploads\/2022\/05\/15-Rosa-Cristofol-Martinez-21-Punts-320x202.jpg\" width=\"320\" height=\"202\" alt=\"\" title=\"15-Rosa Crist\u00f2fol Mart\u00ednez-21 Punts\" aria-label=\"15-Rosa Crist\u00f2fol Mart\u00ednez-21 Punts\" class=\"img-responsive wp-image-27659 fusion-gallery-image-size-fixed\" srcset=\"https:\/\/afc.cat\/wp-content\/uploads\/2022\/05\/15-Rosa-Cristofol-Martinez-21-Punts-320x202.jpg 320w, https:\/\/afc.cat\/wp-content\/uploads\/2022\/05\/15-Rosa-Cristofol-Martinez-21-Punts-700x441.jpg 700w\" sizes=\"(max-width: 320px) 100vw, 320px\" \/><\/a><\/div><\/div><div style=\"padding:5px;\" class=\"fusion-grid-column fusion-gallery-column fusion-gallery-column-6 hover-type-zoomin\"><div class=\"fusion-gallery-image\"><a href=\"https:\/\/afc.cat\/wp-content\/uploads\/2022\/05\/16-Josep-Maria-Bonjoch-Trilla-20-Punts.jpg\" data-title=\"16-Josep Maria Bonjoch Trilla-20 Punts\" title=\"16-Josep Maria Bonjoch Trilla-20 Punts\" rel=\"noreferrer\" data-rel=\"iLightbox[gallery_image_1]\" class=\"fusion-lightbox\" target=\"_self\"><img decoding=\"async\" src=\"https:\/\/afc.cat\/wp-content\/uploads\/2022\/05\/16-Josep-Maria-Bonjoch-Trilla-20-Punts-320x202.jpg\" width=\"320\" height=\"202\" alt=\"\" title=\"16-Josep Maria Bonjoch Trilla-20 Punts\" aria-label=\"16-Josep Maria Bonjoch Trilla-20 Punts\" class=\"img-responsive wp-image-27661 fusion-gallery-image-size-fixed\" srcset=\"https:\/\/afc.cat\/wp-content\/uploads\/2022\/05\/16-Josep-Maria-Bonjoch-Trilla-20-Punts-320x202.jpg 320w, https:\/\/afc.cat\/wp-content\/uploads\/2022\/05\/16-Josep-Maria-Bonjoch-Trilla-20-Punts-700x441.jpg 700w\" sizes=\"(max-width: 320px) 100vw, 320px\" \/><\/a><\/div><\/div><div style=\"padding:5px;\" class=\"fusion-grid-column fusion-gallery-column fusion-gallery-column-6 hover-type-zoomin\"><div class=\"fusion-gallery-image\"><a href=\"https:\/\/afc.cat\/wp-content\/uploads\/2022\/05\/17-Antoni-Torres-Bargallo-20-Punts.jpg\" data-title=\"17-Antoni Torres Bargall\u00f3-20 Punts\" title=\"17-Antoni Torres Bargall\u00f3-20 Punts\" rel=\"noreferrer\" data-rel=\"iLightbox[gallery_image_1]\" class=\"fusion-lightbox\" target=\"_self\"><img decoding=\"async\" src=\"https:\/\/afc.cat\/wp-content\/uploads\/2022\/05\/17-Antoni-Torres-Bargallo-20-Punts-320x202.jpg\" width=\"320\" height=\"202\" alt=\"\" title=\"17-Antoni Torres Bargall\u00f3-20 Punts\" aria-label=\"17-Antoni Torres Bargall\u00f3-20 Punts\" class=\"img-responsive wp-image-27663 fusion-gallery-image-size-fixed\" srcset=\"https:\/\/afc.cat\/wp-content\/uploads\/2022\/05\/17-Antoni-Torres-Bargallo-20-Punts-320x202.jpg 320w, https:\/\/afc.cat\/wp-content\/uploads\/2022\/05\/17-Antoni-Torres-Bargallo-20-Punts-700x441.jpg 700w\" sizes=\"(max-width: 320px) 100vw, 320px\" \/><\/a><\/div><\/div><div style=\"padding:5px;\" class=\"fusion-grid-column fusion-gallery-column fusion-gallery-column-6 hover-type-zoomin\"><div class=\"fusion-gallery-image\"><a href=\"https:\/\/afc.cat\/wp-content\/uploads\/2022\/05\/18-ALEIX-TORRENTS-ALMEDA-20-Punts.jpg\" data-title=\"18-ALEIX TORRENTS ALMEDA-20 Punts\" title=\"18-ALEIX TORRENTS ALMEDA-20 Punts\" rel=\"noreferrer\" data-rel=\"iLightbox[gallery_image_1]\" class=\"fusion-lightbox\" target=\"_self\"><img decoding=\"async\" src=\"https:\/\/afc.cat\/wp-content\/uploads\/2022\/05\/18-ALEIX-TORRENTS-ALMEDA-20-Punts-320x202.jpg\" width=\"320\" height=\"202\" alt=\"\" title=\"18-ALEIX TORRENTS ALMEDA-20 Punts\" aria-label=\"18-ALEIX TORRENTS ALMEDA-20 Punts\" class=\"img-responsive wp-image-27665 fusion-gallery-image-size-fixed\" srcset=\"https:\/\/afc.cat\/wp-content\/uploads\/2022\/05\/18-ALEIX-TORRENTS-ALMEDA-20-Punts-320x202.jpg 320w, https:\/\/afc.cat\/wp-content\/uploads\/2022\/05\/18-ALEIX-TORRENTS-ALMEDA-20-Punts-700x441.jpg 700w\" sizes=\"(max-width: 320px) 100vw, 320px\" \/><\/a><\/div><\/div><div style=\"padding:5px;\" class=\"fusion-grid-column fusion-gallery-column fusion-gallery-column-6 hover-type-zoomin\"><div class=\"fusion-gallery-image\"><a href=\"https:\/\/afc.cat\/wp-content\/uploads\/2022\/05\/19-Joan-Rue-Domingo-19-Punts.jpg\" data-title=\"19-Joan Ru\u00e9 Domingo-19 Punts\" title=\"19-Joan Ru\u00e9 Domingo-19 Punts\" rel=\"noreferrer\" data-rel=\"iLightbox[gallery_image_1]\" class=\"fusion-lightbox\" target=\"_self\"><img decoding=\"async\" src=\"https:\/\/afc.cat\/wp-content\/uploads\/2022\/05\/19-Joan-Rue-Domingo-19-Punts-320x202.jpg\" width=\"320\" height=\"202\" alt=\"\" title=\"19-Joan Ru\u00e9 Domingo-19 Punts\" aria-label=\"19-Joan Ru\u00e9 Domingo-19 Punts\" class=\"img-responsive wp-image-27667 fusion-gallery-image-size-fixed\" srcset=\"https:\/\/afc.cat\/wp-content\/uploads\/2022\/05\/19-Joan-Rue-Domingo-19-Punts-320x202.jpg 320w, https:\/\/afc.cat\/wp-content\/uploads\/2022\/05\/19-Joan-Rue-Domingo-19-Punts-700x441.jpg 700w\" sizes=\"(max-width: 320px) 100vw, 320px\" \/><\/a><\/div><\/div><div class=\"clearfix\"><\/div><div style=\"padding:5px;\" class=\"fusion-grid-column fusion-gallery-column fusion-gallery-column-6 hover-type-zoomin\"><div class=\"fusion-gallery-image\"><a href=\"https:\/\/afc.cat\/wp-content\/uploads\/2022\/05\/20-David-Penarroya-Hernandez-19-Punts.jpg\" data-title=\"20-David Pe\u00f1arroya Hernandez-19 Punts\" title=\"20-David Pe\u00f1arroya Hernandez-19 Punts\" rel=\"noreferrer\" data-rel=\"iLightbox[gallery_image_1]\" class=\"fusion-lightbox\" target=\"_self\"><img decoding=\"async\" src=\"https:\/\/afc.cat\/wp-content\/uploads\/2022\/05\/20-David-Penarroya-Hernandez-19-Punts-320x202.jpg\" width=\"320\" height=\"202\" alt=\"\" title=\"20-David Pe\u00f1arroya Hernandez-19 Punts\" aria-label=\"20-David Pe\u00f1arroya Hernandez-19 Punts\" class=\"img-responsive wp-image-27669 fusion-gallery-image-size-fixed\" srcset=\"https:\/\/afc.cat\/wp-content\/uploads\/2022\/05\/20-David-Penarroya-Hernandez-19-Punts-320x202.jpg 320w, https:\/\/afc.cat\/wp-content\/uploads\/2022\/05\/20-David-Penarroya-Hernandez-19-Punts-700x441.jpg 700w\" sizes=\"(max-width: 320px) 100vw, 320px\" \/><\/a><\/div><\/div><div style=\"padding:5px;\" class=\"fusion-grid-column fusion-gallery-column fusion-gallery-column-6 hover-type-zoomin\"><div class=\"fusion-gallery-image\"><a href=\"https:\/\/afc.cat\/wp-content\/uploads\/2022\/05\/21-Adolfo-Garcia-Bastard-19-Punts.jpg\" data-title=\"21-Adolfo Garcia Bastard-19 Punts\" title=\"21-Adolfo Garcia Bastard-19 Punts\" rel=\"noreferrer\" data-rel=\"iLightbox[gallery_image_1]\" class=\"fusion-lightbox\" target=\"_self\"><img decoding=\"async\" src=\"https:\/\/afc.cat\/wp-content\/uploads\/2022\/05\/21-Adolfo-Garcia-Bastard-19-Punts-320x202.jpg\" width=\"320\" height=\"202\" alt=\"\" title=\"21-Adolfo Garcia Bastard-19 Punts\" aria-label=\"21-Adolfo Garcia Bastard-19 Punts\" class=\"img-responsive wp-image-27671 fusion-gallery-image-size-fixed\" srcset=\"https:\/\/afc.cat\/wp-content\/uploads\/2022\/05\/21-Adolfo-Garcia-Bastard-19-Punts-320x202.jpg 320w, https:\/\/afc.cat\/wp-content\/uploads\/2022\/05\/21-Adolfo-Garcia-Bastard-19-Punts-700x441.jpg 700w\" sizes=\"(max-width: 320px) 100vw, 320px\" \/><\/a><\/div><\/div><div style=\"padding:5px;\" class=\"fusion-grid-column fusion-gallery-column fusion-gallery-column-6 hover-type-zoomin\"><div class=\"fusion-gallery-image\"><a href=\"https:\/\/afc.cat\/wp-content\/uploads\/2022\/05\/22-Albert-Folch-Navalon-19-Punts.jpg\" data-title=\"22-Albert Folch Naval\u00f3n-19 Punts\" title=\"22-Albert Folch Naval\u00f3n-19 Punts\" rel=\"noreferrer\" data-rel=\"iLightbox[gallery_image_1]\" class=\"fusion-lightbox\" target=\"_self\"><img decoding=\"async\" src=\"https:\/\/afc.cat\/wp-content\/uploads\/2022\/05\/22-Albert-Folch-Navalon-19-Punts-320x202.jpg\" width=\"320\" height=\"202\" alt=\"\" title=\"22-Albert Folch Naval\u00f3n-19 Punts\" aria-label=\"22-Albert Folch Naval\u00f3n-19 Punts\" class=\"img-responsive wp-image-27673 fusion-gallery-image-size-fixed\" srcset=\"https:\/\/afc.cat\/wp-content\/uploads\/2022\/05\/22-Albert-Folch-Navalon-19-Punts-320x202.jpg 320w, https:\/\/afc.cat\/wp-content\/uploads\/2022\/05\/22-Albert-Folch-Navalon-19-Punts-700x441.jpg 700w\" sizes=\"(max-width: 320px) 100vw, 320px\" \/><\/a><\/div><\/div><div style=\"padding:5px;\" class=\"fusion-grid-column fusion-gallery-column fusion-gallery-column-6 hover-type-zoomin\"><div class=\"fusion-gallery-image\"><a href=\"https:\/\/afc.cat\/wp-content\/uploads\/2022\/05\/23-Toni-Torras-Llaurado-19-Punts.jpg\" data-title=\"23-Toni Torras Llaurad\u00f3-19 Punts\" title=\"23-Toni Torras Llaurad\u00f3-19 Punts\" rel=\"noreferrer\" data-rel=\"iLightbox[gallery_image_1]\" class=\"fusion-lightbox\" target=\"_self\"><img decoding=\"async\" src=\"https:\/\/afc.cat\/wp-content\/uploads\/2022\/05\/23-Toni-Torras-Llaurado-19-Punts-320x202.jpg\" width=\"320\" height=\"202\" alt=\"\" title=\"23-Toni Torras Llaurad\u00f3-19 Punts\" aria-label=\"23-Toni Torras Llaurad\u00f3-19 Punts\" class=\"img-responsive wp-image-27675 fusion-gallery-image-size-fixed\" srcset=\"https:\/\/afc.cat\/wp-content\/uploads\/2022\/05\/23-Toni-Torras-Llaurado-19-Punts-320x202.jpg 320w, https:\/\/afc.cat\/wp-content\/uploads\/2022\/05\/23-Toni-Torras-Llaurado-19-Punts-700x441.jpg 700w\" sizes=\"(max-width: 320px) 100vw, 320px\" \/><\/a><\/div><\/div><div style=\"padding:5px;\" class=\"fusion-grid-column fusion-gallery-column fusion-gallery-column-6 hover-type-zoomin\"><div class=\"fusion-gallery-image\"><a href=\"https:\/\/afc.cat\/wp-content\/uploads\/2022\/05\/24-Jordi-Batet-i-Escobedo-19-Punts.jpg\" data-title=\"24-Jordi Batet i Escobedo-19 Punts\" title=\"24-Jordi Batet i Escobedo-19 Punts\" rel=\"noreferrer\" data-rel=\"iLightbox[gallery_image_1]\" class=\"fusion-lightbox\" target=\"_self\"><img decoding=\"async\" src=\"https:\/\/afc.cat\/wp-content\/uploads\/2022\/05\/24-Jordi-Batet-i-Escobedo-19-Punts-320x202.jpg\" width=\"320\" height=\"202\" alt=\"\" title=\"24-Jordi Batet i Escobedo-19 Punts\" aria-label=\"24-Jordi Batet i Escobedo-19 Punts\" class=\"img-responsive wp-image-27677 fusion-gallery-image-size-fixed\" srcset=\"https:\/\/afc.cat\/wp-content\/uploads\/2022\/05\/24-Jordi-Batet-i-Escobedo-19-Punts-320x202.jpg 320w, https:\/\/afc.cat\/wp-content\/uploads\/2022\/05\/24-Jordi-Batet-i-Escobedo-19-Punts-700x441.jpg 700w\" sizes=\"(max-width: 320px) 100vw, 320px\" \/><\/a><\/div><\/div><div style=\"padding:5px;\" class=\"fusion-grid-column fusion-gallery-column fusion-gallery-column-6 hover-type-zoomin\"><div class=\"fusion-gallery-image\"><a href=\"https:\/\/afc.cat\/wp-content\/uploads\/2022\/05\/25-Anna-Barnes-Guillen-18-Punts.jpg\" data-title=\"25-Anna Barn\u00e9s Guill\u00e9n-18 Punts\" title=\"25-Anna Barn\u00e9s Guill\u00e9n-18 Punts\" rel=\"noreferrer\" data-rel=\"iLightbox[gallery_image_1]\" class=\"fusion-lightbox\" target=\"_self\"><img decoding=\"async\" src=\"https:\/\/afc.cat\/wp-content\/uploads\/2022\/05\/25-Anna-Barnes-Guillen-18-Punts-320x202.jpg\" width=\"320\" height=\"202\" alt=\"\" title=\"25-Anna Barn\u00e9s Guill\u00e9n-18 Punts\" aria-label=\"25-Anna Barn\u00e9s Guill\u00e9n-18 Punts\" class=\"img-responsive wp-image-27679 fusion-gallery-image-size-fixed\" \/><\/a><\/div><\/div><div class=\"clearfix\"><\/div><div style=\"padding:5px;\" class=\"fusion-grid-column fusion-gallery-column fusion-gallery-column-6 hover-type-zoomin\"><div class=\"fusion-gallery-image\"><a href=\"https:\/\/afc.cat\/wp-content\/uploads\/2022\/05\/26-Santiago-Garcia-Cuadrado-18-Punts.jpg\" data-title=\"26-Santiago Garc\u00eda Cuadrado-18 Punts\" title=\"26-Santiago Garc\u00eda Cuadrado-18 Punts\" rel=\"noreferrer\" data-rel=\"iLightbox[gallery_image_1]\" class=\"fusion-lightbox\" target=\"_self\"><img decoding=\"async\" src=\"https:\/\/afc.cat\/wp-content\/uploads\/2022\/05\/26-Santiago-Garcia-Cuadrado-18-Punts-320x202.jpg\" width=\"320\" height=\"202\" alt=\"\" title=\"26-Santiago Garc\u00eda Cuadrado-18 Punts\" aria-label=\"26-Santiago Garc\u00eda Cuadrado-18 Punts\" class=\"img-responsive wp-image-27681 fusion-gallery-image-size-fixed\" \/><\/a><\/div><\/div><div style=\"padding:5px;\" class=\"fusion-grid-column fusion-gallery-column fusion-gallery-column-6 hover-type-zoomin\"><div class=\"fusion-gallery-image\"><a href=\"https:\/\/afc.cat\/wp-content\/uploads\/2022\/05\/27-Albert-Bolea-Noya-18-Punts.jpg\" data-title=\"27-Albert Bolea Noya-18 Punts\" title=\"27-Albert Bolea Noya-18 Punts\" rel=\"noreferrer\" data-rel=\"iLightbox[gallery_image_1]\" class=\"fusion-lightbox\" target=\"_self\"><img decoding=\"async\" src=\"https:\/\/afc.cat\/wp-content\/uploads\/2022\/05\/27-Albert-Bolea-Noya-18-Punts-320x202.jpg\" width=\"320\" height=\"202\" alt=\"\" title=\"27-Albert Bolea Noya-18 Punts\" aria-label=\"27-Albert Bolea Noya-18 Punts\" class=\"img-responsive wp-image-27683 fusion-gallery-image-size-fixed\" srcset=\"https:\/\/afc.cat\/wp-content\/uploads\/2022\/05\/27-Albert-Bolea-Noya-18-Punts-200x127.jpg 200w, https:\/\/afc.cat\/wp-content\/uploads\/2022\/05\/27-Albert-Bolea-Noya-18-Punts-320x202.jpg 320w, https:\/\/afc.cat\/wp-content\/uploads\/2022\/05\/27-Albert-Bolea-Noya-18-Punts-700x441.jpg 700w\" sizes=\"(max-width: 320px) 100vw, 320px\" \/><\/a><\/div><\/div><div style=\"padding:5px;\" class=\"fusion-grid-column fusion-gallery-column fusion-gallery-column-6 hover-type-zoomin\"><div class=\"fusion-gallery-image\"><a href=\"https:\/\/afc.cat\/wp-content\/uploads\/2022\/05\/23-Carmen-Casademont-Ribot-18-Punts.jpg\" data-title=\"27-Carmen Casademont Ribot-18 Punts\" title=\"27-Carmen Casademont Ribot-18 Punts\" rel=\"noreferrer\" data-rel=\"iLightbox[gallery_image_1]\" class=\"fusion-lightbox\" target=\"_self\"><img decoding=\"async\" src=\"https:\/\/afc.cat\/wp-content\/uploads\/2022\/05\/23-Carmen-Casademont-Ribot-18-Punts-320x202.jpg\" width=\"320\" height=\"202\" alt=\"\" title=\"27-Carmen Casademont Ribot-18 Punts\" aria-label=\"27-Carmen Casademont Ribot-18 Punts\" class=\"img-responsive wp-image-27729 fusion-gallery-image-size-fixed\" \/><\/a><\/div><\/div><\/div><div class=\"fusion-separator fusion-full-width-sep\" style=\"align-self: center;margin-left: auto;margin-right: auto;margin-top:20px;margin-bottom:20px;width:100%;\"><div class=\"fusion-separator-border sep-single sep-solid\" style=\"border-color:#3ec0bf;border-top-width:1px;\"><\/div><\/div><div class=\"fusion-text fusion-text-5\"><p style=\"text-align: center;\"><strong>PUNTUACI\u00d3N GENERAL ACUMULADA COLOR<\/strong><\/p>\n<\/div><div style=\"text-align:center;\"><style>.fusion-imageframe.imageframe-2{ margin-bottom : 5%;}<\/style><span class=\" fusion-imageframe imageframe-none imageframe-2 hover-type-zoomin\"><img decoding=\"async\" width=\"577\" height=\"1024\" title=\"RESULTATS ABRIL 22 COLOR\" src=\"https:\/\/afc.cat\/wp-content\/uploads\/2022\/05\/RESULTATS-ABRIL-22-COLOR-577x1024.jpg\" alt class=\"img-responsive wp-image-27737\" srcset=\"https:\/\/afc.cat\/wp-content\/uploads\/2022\/05\/RESULTATS-ABRIL-22-COLOR-200x355.jpg 200w, https:\/\/afc.cat\/wp-content\/uploads\/2022\/05\/RESULTATS-ABRIL-22-COLOR-400x710.jpg 400w, https:\/\/afc.cat\/wp-content\/uploads\/2022\/05\/RESULTATS-ABRIL-22-COLOR-600x1065.jpg 600w, https:\/\/afc.cat\/wp-content\/uploads\/2022\/05\/RESULTATS-ABRIL-22-COLOR.jpg 660w\" sizes=\"(max-width: 640px) 100vw, 577px\" \/><\/span><\/div><div class=\"fusion-text fusion-text-6\"><p style=\"text-align: center;\"><strong>Clasificaci\u00f3n color de abril 2022<\/strong><\/p>\n<p style=\"text-align: center;\"><strong>(26 participantes)<\/strong><\/p>\n<\/div><style type=\"text\/css\">.fusion-gallery-2 .fusion-gallery-image {border:0px solid #e2e2e2;}<\/style><div class=\"fusion-gallery fusion-gallery-container fusion-grid-6 fusion-columns-total-26 fusion-gallery-layout-grid fusion-gallery-2\" style=\"margin:-5px;\"><div style=\"padding:5px;\" class=\"fusion-grid-column fusion-gallery-column fusion-gallery-column-6 hover-type-zoomin\"><div class=\"fusion-gallery-image\"><a href=\"https:\/\/afc.cat\/wp-content\/uploads\/2022\/05\/1-irene-sanz-ramirez-25-Punts.jpg\" data-title=\"1-irene sanz ramirez-25 Punts\" title=\"1-irene sanz ramirez-25 Punts\" rel=\"noreferrer\" data-rel=\"iLightbox[gallery_image_2]\" class=\"fusion-lightbox\" target=\"_self\"><img decoding=\"async\" src=\"https:\/\/afc.cat\/wp-content\/uploads\/2022\/05\/1-irene-sanz-ramirez-25-Punts-320x202.jpg\" width=\"320\" height=\"202\" alt=\"\" title=\"1-irene sanz ramirez-25 Punts\" aria-label=\"1-irene sanz ramirez-25 Punts\" class=\"img-responsive wp-image-27685 fusion-gallery-image-size-fixed\" srcset=\"https:\/\/afc.cat\/wp-content\/uploads\/2022\/05\/1-irene-sanz-ramirez-25-Punts-320x202.jpg 320w, https:\/\/afc.cat\/wp-content\/uploads\/2022\/05\/1-irene-sanz-ramirez-25-Punts-700x441.jpg 700w\" sizes=\"(max-width: 320px) 100vw, 320px\" \/><\/a><\/div><\/div><div style=\"padding:5px;\" class=\"fusion-grid-column fusion-gallery-column fusion-gallery-column-6 hover-type-zoomin\"><div class=\"fusion-gallery-image\"><a href=\"https:\/\/afc.cat\/wp-content\/uploads\/2022\/05\/2-Josep-Soler-Vendrell-24-Punts.jpg\" data-title=\"2-Josep Soler Vendrell-24 Punts\" title=\"2-Josep Soler Vendrell-24 Punts\" rel=\"noreferrer\" data-rel=\"iLightbox[gallery_image_2]\" class=\"fusion-lightbox\" target=\"_self\"><img decoding=\"async\" src=\"https:\/\/afc.cat\/wp-content\/uploads\/2022\/05\/2-Josep-Soler-Vendrell-24-Punts-320x202.jpg\" width=\"320\" height=\"202\" alt=\"\" title=\"2-Josep Soler Vendrell-24 Punts\" aria-label=\"2-Josep Soler Vendrell-24 Punts\" class=\"img-responsive wp-image-27687 fusion-gallery-image-size-fixed\" srcset=\"https:\/\/afc.cat\/wp-content\/uploads\/2022\/05\/2-Josep-Soler-Vendrell-24-Punts-320x202.jpg 320w, https:\/\/afc.cat\/wp-content\/uploads\/2022\/05\/2-Josep-Soler-Vendrell-24-Punts-700x441.jpg 700w\" sizes=\"(max-width: 320px) 100vw, 320px\" \/><\/a><\/div><\/div><div style=\"padding:5px;\" class=\"fusion-grid-column fusion-gallery-column fusion-gallery-column-6 hover-type-zoomin\"><div class=\"fusion-gallery-image\"><a href=\"https:\/\/afc.cat\/wp-content\/uploads\/2022\/05\/3-Teresa-Tejero-Lopez-24-Punts.jpg\" data-title=\"3-Teresa Tejero Lopez-24 Punts\" title=\"3-Teresa Tejero Lopez-24 Punts\" rel=\"noreferrer\" data-rel=\"iLightbox[gallery_image_2]\" class=\"fusion-lightbox\" target=\"_self\"><img decoding=\"async\" src=\"https:\/\/afc.cat\/wp-content\/uploads\/2022\/05\/3-Teresa-Tejero-Lopez-24-Punts-320x202.jpg\" width=\"320\" height=\"202\" alt=\"\" title=\"3-Teresa Tejero Lopez-24 Punts\" aria-label=\"3-Teresa Tejero Lopez-24 Punts\" class=\"img-responsive wp-image-27689 fusion-gallery-image-size-fixed\" srcset=\"https:\/\/afc.cat\/wp-content\/uploads\/2022\/05\/3-Teresa-Tejero-Lopez-24-Punts-320x202.jpg 320w, https:\/\/afc.cat\/wp-content\/uploads\/2022\/05\/3-Teresa-Tejero-Lopez-24-Punts-700x441.jpg 700w\" sizes=\"(max-width: 320px) 100vw, 320px\" \/><\/a><\/div><\/div><div class=\"clearfix\"><\/div><div style=\"padding:5px;\" class=\"fusion-grid-column fusion-gallery-column fusion-gallery-column-6 hover-type-zoomin\"><div class=\"fusion-gallery-image\"><a href=\"https:\/\/afc.cat\/wp-content\/uploads\/2022\/05\/4-Margarita-fresco-crespo-24-Punts.jpg\" data-title=\"4-Margarita fresco crespo-24 Punts\" title=\"4-Margarita fresco crespo-24 Punts\" rel=\"noreferrer\" data-rel=\"iLightbox[gallery_image_2]\" class=\"fusion-lightbox\" target=\"_self\"><img decoding=\"async\" src=\"https:\/\/afc.cat\/wp-content\/uploads\/2022\/05\/4-Margarita-fresco-crespo-24-Punts-320x202.jpg\" width=\"320\" height=\"202\" alt=\"\" title=\"4-Margarita fresco crespo-24 Punts\" aria-label=\"4-Margarita fresco crespo-24 Punts\" class=\"img-responsive wp-image-27691 fusion-gallery-image-size-fixed\" srcset=\"https:\/\/afc.cat\/wp-content\/uploads\/2022\/05\/4-Margarita-fresco-crespo-24-Punts-320x202.jpg 320w, https:\/\/afc.cat\/wp-content\/uploads\/2022\/05\/4-Margarita-fresco-crespo-24-Punts-700x441.jpg 700w\" sizes=\"(max-width: 320px) 100vw, 320px\" \/><\/a><\/div><\/div><div style=\"padding:5px;\" class=\"fusion-grid-column fusion-gallery-column fusion-gallery-column-6 hover-type-zoomin\"><div class=\"fusion-gallery-image\"><a href=\"https:\/\/afc.cat\/wp-content\/uploads\/2022\/05\/4-Carmen-Casademont-Ribot-23-Punts.jpg\" data-title=\"4-Carmen Casademont Ribot-23 Punts\" title=\"4-Carmen Casademont Ribot-23 Punts\" rel=\"noreferrer\" data-rel=\"iLightbox[gallery_image_2]\" class=\"fusion-lightbox\" target=\"_self\"><img decoding=\"async\" src=\"https:\/\/afc.cat\/wp-content\/uploads\/2022\/05\/4-Carmen-Casademont-Ribot-23-Punts-320x202.jpg\" width=\"320\" height=\"202\" alt=\"\" title=\"4-Carmen Casademont Ribot-23 Punts\" aria-label=\"4-Carmen Casademont Ribot-23 Punts\" class=\"img-responsive wp-image-27637 fusion-gallery-image-size-fixed\" srcset=\"https:\/\/afc.cat\/wp-content\/uploads\/2022\/05\/4-Carmen-Casademont-Ribot-23-Punts-320x202.jpg 320w, https:\/\/afc.cat\/wp-content\/uploads\/2022\/05\/4-Carmen-Casademont-Ribot-23-Punts-700x441.jpg 700w\" sizes=\"(max-width: 320px) 100vw, 320px\" \/><\/a><\/div><\/div><div style=\"padding:5px;\" class=\"fusion-grid-column fusion-gallery-column fusion-gallery-column-6 hover-type-zoomin\"><div class=\"fusion-gallery-image\"><a href=\"https:\/\/afc.cat\/wp-content\/uploads\/2022\/05\/5-Jordi-Batet-i-Escobedo-24-Punts.jpg\" data-title=\"5-Jordi Batet i Escobedo-24 Punts\" title=\"5-Jordi Batet i Escobedo-24 Punts\" rel=\"noreferrer\" data-rel=\"iLightbox[gallery_image_2]\" class=\"fusion-lightbox\" target=\"_self\"><img decoding=\"async\" src=\"https:\/\/afc.cat\/wp-content\/uploads\/2022\/05\/5-Jordi-Batet-i-Escobedo-24-Punts-320x202.jpg\" width=\"320\" height=\"202\" alt=\"\" title=\"5-Jordi Batet i Escobedo-24 Punts\" aria-label=\"5-Jordi Batet i Escobedo-24 Punts\" class=\"img-responsive wp-image-27693 fusion-gallery-image-size-fixed\" srcset=\"https:\/\/afc.cat\/wp-content\/uploads\/2022\/05\/5-Jordi-Batet-i-Escobedo-24-Punts-320x202.jpg 320w, https:\/\/afc.cat\/wp-content\/uploads\/2022\/05\/5-Jordi-Batet-i-Escobedo-24-Punts-700x441.jpg 700w\" sizes=\"(max-width: 320px) 100vw, 320px\" \/><\/a><\/div><\/div><div style=\"padding:5px;\" class=\"fusion-grid-column fusion-gallery-column fusion-gallery-column-6 hover-type-zoomin\"><div class=\"fusion-gallery-image\"><a href=\"https:\/\/afc.cat\/wp-content\/uploads\/2022\/05\/6-Felix-Jose-Vizcaino-Garcia-23-Punts.jpg\" data-title=\"6-F\u00e9lix Jos\u00e9 Vizca\u00edno Garc\u00eda-23 Punts\" title=\"6-F\u00e9lix Jos\u00e9 Vizca\u00edno Garc\u00eda-23 Punts\" rel=\"noreferrer\" data-rel=\"iLightbox[gallery_image_2]\" class=\"fusion-lightbox\" target=\"_self\"><img decoding=\"async\" src=\"https:\/\/afc.cat\/wp-content\/uploads\/2022\/05\/6-Felix-Jose-Vizcaino-Garcia-23-Punts-320x202.jpg\" width=\"320\" height=\"202\" alt=\"\" title=\"6-F\u00e9lix Jos\u00e9 Vizca\u00edno Garc\u00eda-23 Punts\" aria-label=\"6-F\u00e9lix Jos\u00e9 Vizca\u00edno Garc\u00eda-23 Punts\" class=\"img-responsive wp-image-27695 fusion-gallery-image-size-fixed\" srcset=\"https:\/\/afc.cat\/wp-content\/uploads\/2022\/05\/6-Felix-Jose-Vizcaino-Garcia-23-Punts-320x202.jpg 320w, https:\/\/afc.cat\/wp-content\/uploads\/2022\/05\/6-Felix-Jose-Vizcaino-Garcia-23-Punts-700x441.jpg 700w\" sizes=\"(max-width: 320px) 100vw, 320px\" \/><\/a><\/div><\/div><div style=\"padding:5px;\" class=\"fusion-grid-column fusion-gallery-column fusion-gallery-column-6 hover-type-zoomin\"><div class=\"fusion-gallery-image\"><a href=\"https:\/\/afc.cat\/wp-content\/uploads\/2022\/05\/7-Anna-Barnes-Guillen-23-Punts.jpg\" data-title=\"7-Anna Barn\u00e9s Guill\u00e9n-23 Punts\" title=\"7-Anna Barn\u00e9s Guill\u00e9n-23 Punts\" rel=\"noreferrer\" data-rel=\"iLightbox[gallery_image_2]\" class=\"fusion-lightbox\" target=\"_self\"><img decoding=\"async\" src=\"https:\/\/afc.cat\/wp-content\/uploads\/2022\/05\/7-Anna-Barnes-Guillen-23-Punts-320x202.jpg\" width=\"320\" height=\"202\" alt=\"\" title=\"7-Anna Barn\u00e9s Guill\u00e9n-23 Punts\" aria-label=\"7-Anna Barn\u00e9s Guill\u00e9n-23 Punts\" class=\"img-responsive wp-image-27697 fusion-gallery-image-size-fixed\" srcset=\"https:\/\/afc.cat\/wp-content\/uploads\/2022\/05\/7-Anna-Barnes-Guillen-23-Punts-320x202.jpg 320w, https:\/\/afc.cat\/wp-content\/uploads\/2022\/05\/7-Anna-Barnes-Guillen-23-Punts-700x441.jpg 700w\" sizes=\"(max-width: 320px) 100vw, 320px\" \/><\/a><\/div><\/div><div style=\"padding:5px;\" class=\"fusion-grid-column fusion-gallery-column fusion-gallery-column-6 hover-type-zoomin\"><div class=\"fusion-gallery-image\"><a href=\"https:\/\/afc.cat\/wp-content\/uploads\/2022\/05\/8-Josep-Maria-Bonjoch-Trilla-23-Punts.jpg\" data-title=\"8-Josep Maria Bonjoch Trilla-23 Punts\" title=\"8-Josep Maria Bonjoch Trilla-23 Punts\" rel=\"noreferrer\" data-rel=\"iLightbox[gallery_image_2]\" class=\"fusion-lightbox\" target=\"_self\"><img decoding=\"async\" src=\"https:\/\/afc.cat\/wp-content\/uploads\/2022\/05\/8-Josep-Maria-Bonjoch-Trilla-23-Punts-320x202.jpg\" width=\"320\" height=\"202\" alt=\"\" title=\"8-Josep Maria Bonjoch Trilla-23 Punts\" aria-label=\"8-Josep Maria Bonjoch Trilla-23 Punts\" class=\"img-responsive wp-image-27699 fusion-gallery-image-size-fixed\" srcset=\"https:\/\/afc.cat\/wp-content\/uploads\/2022\/05\/8-Josep-Maria-Bonjoch-Trilla-23-Punts-320x202.jpg 320w, https:\/\/afc.cat\/wp-content\/uploads\/2022\/05\/8-Josep-Maria-Bonjoch-Trilla-23-Punts-700x441.jpg 700w\" sizes=\"(max-width: 320px) 100vw, 320px\" \/><\/a><\/div><\/div><div class=\"clearfix\"><\/div><div style=\"padding:5px;\" class=\"fusion-grid-column fusion-gallery-column fusion-gallery-column-6 hover-type-zoomin\"><div class=\"fusion-gallery-image\"><a href=\"https:\/\/afc.cat\/wp-content\/uploads\/2022\/05\/9-Albert-Folch-Navalon-23-Punts.jpg\" data-title=\"9-Albert Folch Naval\u00f3n-23 Punts\" title=\"9-Albert Folch Naval\u00f3n-23 Punts\" rel=\"noreferrer\" data-rel=\"iLightbox[gallery_image_2]\" class=\"fusion-lightbox\" target=\"_self\"><img decoding=\"async\" src=\"https:\/\/afc.cat\/wp-content\/uploads\/2022\/05\/9-Albert-Folch-Navalon-23-Punts-320x202.jpg\" width=\"320\" height=\"202\" alt=\"\" title=\"9-Albert Folch Naval\u00f3n-23 Punts\" aria-label=\"9-Albert Folch Naval\u00f3n-23 Punts\" class=\"img-responsive wp-image-27701 fusion-gallery-image-size-fixed\" srcset=\"https:\/\/afc.cat\/wp-content\/uploads\/2022\/05\/9-Albert-Folch-Navalon-23-Punts-320x202.jpg 320w, https:\/\/afc.cat\/wp-content\/uploads\/2022\/05\/9-Albert-Folch-Navalon-23-Punts-700x441.jpg 700w\" sizes=\"(max-width: 320px) 100vw, 320px\" \/><\/a><\/div><\/div><div style=\"padding:5px;\" class=\"fusion-grid-column fusion-gallery-column fusion-gallery-column-6 hover-type-zoomin\"><div class=\"fusion-gallery-image\"><a href=\"https:\/\/afc.cat\/wp-content\/uploads\/2022\/05\/10-Rosa-Cristofol-Martinez-23-Punts.jpg\" data-title=\"10-Rosa Crist\u00f2fol Mart\u00ednez-23 Punts\" title=\"10-Rosa Crist\u00f2fol Mart\u00ednez-23 Punts\" rel=\"noreferrer\" data-rel=\"iLightbox[gallery_image_2]\" class=\"fusion-lightbox\" target=\"_self\"><img decoding=\"async\" src=\"https:\/\/afc.cat\/wp-content\/uploads\/2022\/05\/10-Rosa-Cristofol-Martinez-23-Punts-320x202.jpg\" width=\"320\" height=\"202\" alt=\"\" title=\"10-Rosa Crist\u00f2fol Mart\u00ednez-23 Punts\" aria-label=\"10-Rosa Crist\u00f2fol Mart\u00ednez-23 Punts\" class=\"img-responsive wp-image-27703 fusion-gallery-image-size-fixed\" \/><\/a><\/div><\/div><div style=\"padding:5px;\" class=\"fusion-grid-column fusion-gallery-column fusion-gallery-column-6 hover-type-zoomin\"><div class=\"fusion-gallery-image\"><a href=\"https:\/\/afc.cat\/wp-content\/uploads\/2022\/05\/11-Angel-Colado-Palacios-22-Punts.jpg\" data-title=\"11-\u00c1ngel Colado Palacios-22 Punts\" title=\"11-\u00c1ngel Colado Palacios-22 Punts\" rel=\"noreferrer\" data-rel=\"iLightbox[gallery_image_2]\" class=\"fusion-lightbox\" target=\"_self\"><img decoding=\"async\" src=\"https:\/\/afc.cat\/wp-content\/uploads\/2022\/05\/11-Angel-Colado-Palacios-22-Punts-320x202.jpg\" width=\"320\" height=\"202\" alt=\"\" title=\"11-\u00c1ngel Colado Palacios-22 Punts\" aria-label=\"11-\u00c1ngel Colado Palacios-22 Punts\" class=\"img-responsive wp-image-27705 fusion-gallery-image-size-fixed\" srcset=\"https:\/\/afc.cat\/wp-content\/uploads\/2022\/05\/11-Angel-Colado-Palacios-22-Punts-320x202.jpg 320w, https:\/\/afc.cat\/wp-content\/uploads\/2022\/05\/11-Angel-Colado-Palacios-22-Punts-700x441.jpg 700w\" sizes=\"(max-width: 320px) 100vw, 320px\" \/><\/a><\/div><\/div><div style=\"padding:5px;\" class=\"fusion-grid-column fusion-gallery-column fusion-gallery-column-6 hover-type-zoomin\"><div class=\"fusion-gallery-image\"><a href=\"https:\/\/afc.cat\/wp-content\/uploads\/2022\/05\/12-Joan-Rue-Domingo-22-Punts.jpg\" data-title=\"12-Joan Ru\u00e9 Domingo-22 Punts\" title=\"12-Joan Ru\u00e9 Domingo-22 Punts\" rel=\"noreferrer\" data-rel=\"iLightbox[gallery_image_2]\" class=\"fusion-lightbox\" target=\"_self\"><img decoding=\"async\" src=\"https:\/\/afc.cat\/wp-content\/uploads\/2022\/05\/12-Joan-Rue-Domingo-22-Punts-320x202.jpg\" width=\"320\" height=\"202\" alt=\"\" title=\"12-Joan Ru\u00e9 Domingo-22 Punts\" aria-label=\"12-Joan Ru\u00e9 Domingo-22 Punts\" class=\"img-responsive wp-image-27707 fusion-gallery-image-size-fixed\" \/><\/a><\/div><\/div><div style=\"padding:5px;\" class=\"fusion-grid-column fusion-gallery-column fusion-gallery-column-6 hover-type-zoomin\"><div class=\"fusion-gallery-image\"><a href=\"https:\/\/afc.cat\/wp-content\/uploads\/2022\/05\/13-Carmen-Camprodon-Vidal-22-Punts.jpg\" data-title=\"13-Carmen Camprodon Vidal-22 Punts\" title=\"13-Carmen Camprodon Vidal-22 Punts\" rel=\"noreferrer\" data-rel=\"iLightbox[gallery_image_2]\" class=\"fusion-lightbox\" target=\"_self\"><img decoding=\"async\" src=\"https:\/\/afc.cat\/wp-content\/uploads\/2022\/05\/13-Carmen-Camprodon-Vidal-22-Punts-320x202.jpg\" width=\"320\" height=\"202\" alt=\"\" title=\"13-Carmen Camprodon Vidal-22 Punts\" aria-label=\"13-Carmen Camprodon Vidal-22 Punts\" class=\"img-responsive wp-image-27709 fusion-gallery-image-size-fixed\" srcset=\"https:\/\/afc.cat\/wp-content\/uploads\/2022\/05\/13-Carmen-Camprodon-Vidal-22-Punts-320x202.jpg 320w, https:\/\/afc.cat\/wp-content\/uploads\/2022\/05\/13-Carmen-Camprodon-Vidal-22-Punts-700x441.jpg 700w\" sizes=\"(max-width: 320px) 100vw, 320px\" \/><\/a><\/div><\/div><div style=\"padding:5px;\" class=\"fusion-grid-column fusion-gallery-column fusion-gallery-column-6 hover-type-zoomin\"><div class=\"fusion-gallery-image\"><a href=\"https:\/\/afc.cat\/wp-content\/uploads\/2022\/05\/14-Damian-Tous-Vazquez-21-Punts.jpg\" data-title=\"14-Dami\u00e1n Tous Vazquez-21 Punts\" title=\"14-Dami\u00e1n Tous Vazquez-21 Punts\" rel=\"noreferrer\" data-rel=\"iLightbox[gallery_image_2]\" class=\"fusion-lightbox\" target=\"_self\"><img decoding=\"async\" src=\"https:\/\/afc.cat\/wp-content\/uploads\/2022\/05\/14-Damian-Tous-Vazquez-21-Punts-320x202.jpg\" width=\"320\" height=\"202\" alt=\"\" title=\"14-Dami\u00e1n Tous Vazquez-21 Punts\" aria-label=\"14-Dami\u00e1n Tous Vazquez-21 Punts\" class=\"img-responsive wp-image-27711 fusion-gallery-image-size-fixed\" \/><\/a><\/div><\/div><div class=\"clearfix\"><\/div><div style=\"padding:5px;\" class=\"fusion-grid-column fusion-gallery-column fusion-gallery-column-6 hover-type-zoomin\"><div class=\"fusion-gallery-image\"><a href=\"https:\/\/afc.cat\/wp-content\/uploads\/2022\/05\/15-David-Penarroya-Hernandez-21-Punts.jpg\" data-title=\"15-David Pe\u00f1arroya Hernandez-21 Punts\" title=\"15-David Pe\u00f1arroya Hernandez-21 Punts\" rel=\"noreferrer\" data-rel=\"iLightbox[gallery_image_2]\" class=\"fusion-lightbox\" target=\"_self\"><img decoding=\"async\" src=\"https:\/\/afc.cat\/wp-content\/uploads\/2022\/05\/15-David-Penarroya-Hernandez-21-Punts-320x202.jpg\" width=\"320\" height=\"202\" alt=\"\" title=\"15-David Pe\u00f1arroya Hernandez-21 Punts\" aria-label=\"15-David Pe\u00f1arroya Hernandez-21 Punts\" class=\"img-responsive wp-image-27713 fusion-gallery-image-size-fixed\" srcset=\"https:\/\/afc.cat\/wp-content\/uploads\/2022\/05\/15-David-Penarroya-Hernandez-21-Punts-320x202.jpg 320w, https:\/\/afc.cat\/wp-content\/uploads\/2022\/05\/15-David-Penarroya-Hernandez-21-Punts-700x441.jpg 700w\" sizes=\"(max-width: 320px) 100vw, 320px\" \/><\/a><\/div><\/div><div style=\"padding:5px;\" class=\"fusion-grid-column fusion-gallery-column fusion-gallery-column-6 hover-type-zoomin\"><div class=\"fusion-gallery-image\"><a href=\"https:\/\/afc.cat\/wp-content\/uploads\/2022\/05\/16-Santiago-Garcia-Cuadrado-21-Punts.jpg\" data-title=\"16-Santiago Garc\u00eda Cuadrado-21 Punts\" title=\"16-Santiago Garc\u00eda Cuadrado-21 Punts\" rel=\"noreferrer\" data-rel=\"iLightbox[gallery_image_2]\" class=\"fusion-lightbox\" target=\"_self\"><img decoding=\"async\" src=\"https:\/\/afc.cat\/wp-content\/uploads\/2022\/05\/16-Santiago-Garcia-Cuadrado-21-Punts-320x202.jpg\" width=\"320\" height=\"202\" alt=\"\" title=\"16-Santiago Garc\u00eda Cuadrado-21 Punts\" aria-label=\"16-Santiago Garc\u00eda Cuadrado-21 Punts\" class=\"img-responsive wp-image-27715 fusion-gallery-image-size-fixed\" srcset=\"https:\/\/afc.cat\/wp-content\/uploads\/2022\/05\/16-Santiago-Garcia-Cuadrado-21-Punts-320x202.jpg 320w, https:\/\/afc.cat\/wp-content\/uploads\/2022\/05\/16-Santiago-Garcia-Cuadrado-21-Punts-700x441.jpg 700w\" sizes=\"(max-width: 320px) 100vw, 320px\" \/><\/a><\/div><\/div><div style=\"padding:5px;\" class=\"fusion-grid-column fusion-gallery-column fusion-gallery-column-6 hover-type-zoomin\"><div class=\"fusion-gallery-image\"><a href=\"https:\/\/afc.cat\/wp-content\/uploads\/2022\/05\/17-Antoni-Torres-Bargallo-21-Punts.jpg\" data-title=\"17-Antoni Torres Bargall\u00f3-21 Punts\" title=\"17-Antoni Torres Bargall\u00f3-21 Punts\" rel=\"noreferrer\" data-rel=\"iLightbox[gallery_image_2]\" class=\"fusion-lightbox\" target=\"_self\"><img decoding=\"async\" src=\"https:\/\/afc.cat\/wp-content\/uploads\/2022\/05\/17-Antoni-Torres-Bargallo-21-Punts-320x202.jpg\" width=\"320\" height=\"202\" alt=\"\" title=\"17-Antoni Torres Bargall\u00f3-21 Punts\" aria-label=\"17-Antoni Torres Bargall\u00f3-21 Punts\" class=\"img-responsive wp-image-27717 fusion-gallery-image-size-fixed\" srcset=\"https:\/\/afc.cat\/wp-content\/uploads\/2022\/05\/17-Antoni-Torres-Bargallo-21-Punts-320x202.jpg 320w, https:\/\/afc.cat\/wp-content\/uploads\/2022\/05\/17-Antoni-Torres-Bargallo-21-Punts-700x441.jpg 700w\" sizes=\"(max-width: 320px) 100vw, 320px\" \/><\/a><\/div><\/div><div style=\"padding:5px;\" class=\"fusion-grid-column fusion-gallery-column fusion-gallery-column-6 hover-type-zoomin\"><div class=\"fusion-gallery-image\"><a href=\"https:\/\/afc.cat\/wp-content\/uploads\/2022\/05\/18-Pere-Josep-Sanchez-Romero-21-Punts.jpg\" data-title=\"18-Pere Josep S\u00e1nchez Romero-21 Punts\" title=\"18-Pere Josep S\u00e1nchez Romero-21 Punts\" rel=\"noreferrer\" data-rel=\"iLightbox[gallery_image_2]\" class=\"fusion-lightbox\" target=\"_self\"><img decoding=\"async\" src=\"https:\/\/afc.cat\/wp-content\/uploads\/2022\/05\/18-Pere-Josep-Sanchez-Romero-21-Punts-320x202.jpg\" width=\"320\" height=\"202\" alt=\"\" title=\"18-Pere Josep S\u00e1nchez Romero-21 Punts\" aria-label=\"18-Pere Josep S\u00e1nchez Romero-21 Punts\" class=\"img-responsive wp-image-27719 fusion-gallery-image-size-fixed\" srcset=\"https:\/\/afc.cat\/wp-content\/uploads\/2022\/05\/18-Pere-Josep-Sanchez-Romero-21-Punts-320x202.jpg 320w, https:\/\/afc.cat\/wp-content\/uploads\/2022\/05\/18-Pere-Josep-Sanchez-Romero-21-Punts-700x441.jpg 700w\" sizes=\"(max-width: 320px) 100vw, 320px\" \/><\/a><\/div><\/div><div style=\"padding:5px;\" class=\"fusion-grid-column fusion-gallery-column fusion-gallery-column-6 hover-type-zoomin\"><div class=\"fusion-gallery-image\"><a href=\"https:\/\/afc.cat\/wp-content\/uploads\/2022\/05\/19-Albert-Bolea-Noya-21-Punts.jpg\" data-title=\"19-Albert Bolea Noya-21 Punts\" title=\"19-Albert Bolea Noya-21 Punts\" rel=\"noreferrer\" data-rel=\"iLightbox[gallery_image_2]\" class=\"fusion-lightbox\" target=\"_self\"><img decoding=\"async\" src=\"https:\/\/afc.cat\/wp-content\/uploads\/2022\/05\/19-Albert-Bolea-Noya-21-Punts-320x202.jpg\" width=\"320\" height=\"202\" alt=\"\" title=\"19-Albert Bolea Noya-21 Punts\" aria-label=\"19-Albert Bolea Noya-21 Punts\" class=\"img-responsive wp-image-27721 fusion-gallery-image-size-fixed\" srcset=\"https:\/\/afc.cat\/wp-content\/uploads\/2022\/05\/19-Albert-Bolea-Noya-21-Punts-320x202.jpg 320w, https:\/\/afc.cat\/wp-content\/uploads\/2022\/05\/19-Albert-Bolea-Noya-21-Punts-700x441.jpg 700w\" sizes=\"(max-width: 320px) 100vw, 320px\" \/><\/a><\/div><\/div><div style=\"padding:5px;\" class=\"fusion-grid-column fusion-gallery-column fusion-gallery-column-6 hover-type-zoomin\"><div class=\"fusion-gallery-image\"><a href=\"https:\/\/afc.cat\/wp-content\/uploads\/2022\/05\/20-Adolfo-Garcia-Bastard-19-Punts.jpg\" data-title=\"20-Adolfo Garcia Bastard-19 Punts\" title=\"20-Adolfo Garcia Bastard-19 Punts\" rel=\"noreferrer\" data-rel=\"iLightbox[gallery_image_2]\" class=\"fusion-lightbox\" target=\"_self\"><img decoding=\"async\" src=\"https:\/\/afc.cat\/wp-content\/uploads\/2022\/05\/20-Adolfo-Garcia-Bastard-19-Punts-320x202.jpg\" width=\"320\" height=\"202\" alt=\"\" title=\"20-Adolfo Garcia Bastard-19 Punts\" aria-label=\"20-Adolfo Garcia Bastard-19 Punts\" class=\"img-responsive wp-image-27723 fusion-gallery-image-size-fixed\" \/><\/a><\/div><\/div><div class=\"clearfix\"><\/div><div style=\"padding:5px;\" class=\"fusion-grid-column fusion-gallery-column fusion-gallery-column-6 hover-type-zoomin\"><div class=\"fusion-gallery-image\"><a href=\"https:\/\/afc.cat\/wp-content\/uploads\/2022\/05\/21-Gabriel-Bertran-Niculau-19-Punts.jpg\" data-title=\"21-Gabriel Bertran Niculau-19 Punts\" title=\"21-Gabriel Bertran Niculau-19 Punts\" rel=\"noreferrer\" data-rel=\"iLightbox[gallery_image_2]\" class=\"fusion-lightbox\" target=\"_self\"><img decoding=\"async\" src=\"https:\/\/afc.cat\/wp-content\/uploads\/2022\/05\/21-Gabriel-Bertran-Niculau-19-Punts-320x202.jpg\" width=\"320\" height=\"202\" alt=\"\" title=\"21-Gabriel Bertran Niculau-19 Punts\" aria-label=\"21-Gabriel Bertran Niculau-19 Punts\" class=\"img-responsive wp-image-27725 fusion-gallery-image-size-fixed\" srcset=\"https:\/\/afc.cat\/wp-content\/uploads\/2022\/05\/21-Gabriel-Bertran-Niculau-19-Punts-320x202.jpg 320w, https:\/\/afc.cat\/wp-content\/uploads\/2022\/05\/21-Gabriel-Bertran-Niculau-19-Punts-700x441.jpg 700w\" sizes=\"(max-width: 320px) 100vw, 320px\" \/><\/a><\/div><\/div><div style=\"padding:5px;\" class=\"fusion-grid-column fusion-gallery-column fusion-gallery-column-6 hover-type-zoomin\"><div class=\"fusion-gallery-image\"><a href=\"https:\/\/afc.cat\/wp-content\/uploads\/2022\/05\/22-Sara-Assens-Mampel-19-Punts.jpg\" data-title=\"22-Sara Assens Mampel-19 Punts\" title=\"22-Sara Assens Mampel-19 Punts\" rel=\"noreferrer\" data-rel=\"iLightbox[gallery_image_2]\" class=\"fusion-lightbox\" target=\"_self\"><img decoding=\"async\" src=\"https:\/\/afc.cat\/wp-content\/uploads\/2022\/05\/22-Sara-Assens-Mampel-19-Punts-320x202.jpg\" width=\"320\" height=\"202\" alt=\"\" title=\"22-Sara Assens Mampel-19 Punts\" aria-label=\"22-Sara Assens Mampel-19 Punts\" class=\"img-responsive wp-image-27727 fusion-gallery-image-size-fixed\" srcset=\"https:\/\/afc.cat\/wp-content\/uploads\/2022\/05\/22-Sara-Assens-Mampel-19-Punts-320x202.jpg 320w, https:\/\/afc.cat\/wp-content\/uploads\/2022\/05\/22-Sara-Assens-Mampel-19-Punts-700x441.jpg 700w\" sizes=\"(max-width: 320px) 100vw, 320px\" \/><\/a><\/div><\/div><div style=\"padding:5px;\" class=\"fusion-grid-column fusion-gallery-column fusion-gallery-column-6 hover-type-zoomin\"><div class=\"fusion-gallery-image\"><a href=\"https:\/\/afc.cat\/wp-content\/uploads\/2022\/05\/24-Jose-Braojos-Morales-17-Punts.jpg\" data-title=\"24-Jose Braojos Morales-17 Punts\" title=\"24-Jose Braojos Morales-17 Punts\" rel=\"noreferrer\" data-rel=\"iLightbox[gallery_image_2]\" class=\"fusion-lightbox\" target=\"_self\"><img decoding=\"async\" src=\"https:\/\/afc.cat\/wp-content\/uploads\/2022\/05\/24-Jose-Braojos-Morales-17-Punts-320x202.jpg\" width=\"320\" height=\"202\" alt=\"\" title=\"24-Jose Braojos Morales-17 Punts\" aria-label=\"24-Jose Braojos Morales-17 Punts\" class=\"img-responsive wp-image-27731 fusion-gallery-image-size-fixed\" \/><\/a><\/div><\/div><div style=\"padding:5px;\" class=\"fusion-grid-column fusion-gallery-column fusion-gallery-column-6 hover-type-zoomin\"><div class=\"fusion-gallery-image\"><a href=\"https:\/\/afc.cat\/wp-content\/uploads\/2022\/05\/25-Toni-Torras-Llaurado-16-Punts.jpg\" data-title=\"25-Toni Torras Llaurad\u00f3-16 Punts\" title=\"25-Toni Torras Llaurad\u00f3-16 Punts\" rel=\"noreferrer\" data-rel=\"iLightbox[gallery_image_2]\" class=\"fusion-lightbox\" target=\"_self\"><img decoding=\"async\" src=\"https:\/\/afc.cat\/wp-content\/uploads\/2022\/05\/25-Toni-Torras-Llaurado-16-Punts-320x202.jpg\" width=\"320\" height=\"202\" alt=\"\" title=\"25-Toni Torras Llaurad\u00f3-16 Punts\" aria-label=\"25-Toni Torras Llaurad\u00f3-16 Punts\" class=\"img-responsive wp-image-27733 fusion-gallery-image-size-fixed\" \/><\/a><\/div><\/div><div style=\"padding:5px;\" class=\"fusion-grid-column fusion-gallery-column fusion-gallery-column-6 hover-type-zoomin\"><div class=\"fusion-gallery-image\"><a href=\"https:\/\/afc.cat\/wp-content\/uploads\/2022\/05\/26-Joan-Soldevila-Adan-15-Punts.jpg\" data-title=\"26-Joan Soldevila Ad\u00e1n-15 Punts\" title=\"26-Joan Soldevila Ad\u00e1n-15 Punts\" rel=\"noreferrer\" data-rel=\"iLightbox[gallery_image_2]\" class=\"fusion-lightbox\" target=\"_self\"><img decoding=\"async\" src=\"https:\/\/afc.cat\/wp-content\/uploads\/2022\/05\/26-Joan-Soldevila-Adan-15-Punts-320x202.jpg\" width=\"320\" height=\"202\" alt=\"\" title=\"26-Joan Soldevila Ad\u00e1n-15 Punts\" aria-label=\"26-Joan Soldevila Ad\u00e1n-15 Punts\" class=\"img-responsive wp-image-27735 fusion-gallery-image-size-fixed\" srcset=\"https:\/\/afc.cat\/wp-content\/uploads\/2022\/05\/26-Joan-Soldevila-Adan-15-Punts-320x202.jpg 320w, https:\/\/afc.cat\/wp-content\/uploads\/2022\/05\/26-Joan-Soldevila-Adan-15-Punts-700x441.jpg 700w\" sizes=\"(max-width: 320px) 100vw, 320px\" \/><\/a><\/div><\/div><\/div><div class=\"fusion-separator fusion-full-width-sep\" style=\"align-self: center;margin-left: auto;margin-right: auto;margin-top:20px;margin-bottom:20px;width:100%;\"><div class=\"fusion-separator-border sep-single sep-solid\" style=\"border-color:#3ec0bf;border-top-width:1px;\"><\/div><\/div><div style=\"text-align:center;\"><style>.fusion-button.button-1{border-radius:4px 4px 4px 4px;}<\/style><a class=\"fusion-button button-flat fusion-button-default-size button-default button-1 fusion-button-default-span fusion-button-default-type\" target=\"_self\" href=\"https:\/\/afc.cat\/es\/galerias\/\"><span class=\"fusion-button-text\">Torna a GALERIES<\/span><\/a><\/div><\/div><style type=\"text\/css\">.fusion-body .fusion-builder-column-0{width:100% !important;margin-top : 0px;margin-bottom : 20px;}.fusion-builder-column-0 > .fusion-column-wrapper {padding-top : 0px !important;padding-right : 0px !important;margin-right : 1.92%;padding-bottom : 0px !important;padding-left : 0px !important;margin-left : 1.92%;}@media only screen and (max-width:1024px) {.fusion-body .fusion-builder-column-0{width:100% !important;order : 0;}.fusion-builder-column-0 > .fusion-column-wrapper {margin-right : 1.92%;margin-left : 1.92%;}}@media only screen and (max-width:640px) {.fusion-body .fusion-builder-column-0{width:100% !important;order : 0;}.fusion-builder-column-0 > .fusion-column-wrapper {margin-right : 1.92%;margin-left : 1.92%;}}<\/style><\/div><\/div><style type=\"text\/css\">.fusion-body .fusion-flex-container.fusion-builder-row-1{ padding-top : 0px;margin-top : 0px;padding-right : 0px;padding-bottom : 0px;margin-bottom : 0px;padding-left : 0px;}<\/style><\/div>\n","protected":false},"excerpt":{"rendered":"","protected":false},"author":33,"featured_media":27743,"menu_order":0,"comment_status":"open","ping_status":"closed","template":"","format":"standard","meta":{"_acf_changed":false,"footnotes":""},"portfolio_category":[158],"portfolio_skills":[],"portfolio_tags":[],"class_list":["post-27745","avada_portfolio","type-avada_portfolio","status-publish","format-standard","has-post-thumbnail","hentry","portfolio_category-concursos-es"],"acf":[],"yoast_head":"<!-- This site is optimized with the Yoast SEO plugin v27.5 - https:\/\/yoast.com\/product\/yoast-seo-wordpress\/ -->\n<title>Clasificaci\u00f3n concurso Temes Obligats 2021-2022 mes de abril - Agrupaci\u00f3 Fotogr\u00e0fica de Catalunya<\/title>\n<meta name=\"robots\" content=\"index, follow, max-snippet:-1, max-image-preview:large, max-video-preview:-1\" \/>\n<link rel=\"canonical\" href=\"https:\/\/afc.cat\/es\/galeria\/clasificacion-concurso-temes-obligats-2021-2022-mes-de-abril\/\" \/>\n<meta property=\"og:locale\" content=\"es_ES\" \/>\n<meta property=\"og:type\" content=\"article\" \/>\n<meta property=\"og:title\" content=\"Clasificaci\u00f3n concurso Temes Obligats 2021-2022 mes de abril - Agrupaci\u00f3 Fotogr\u00e0fica de Catalunya\" \/>\n<meta property=\"og:url\" content=\"https:\/\/afc.cat\/es\/galeria\/clasificacion-concurso-temes-obligats-2021-2022-mes-de-abril\/\" \/>\n<meta property=\"og:site_name\" content=\"Agrupaci\u00f3 Fotogr\u00e0fica de Catalunya\" \/>\n<meta property=\"article:modified_time\" content=\"2022-05-10T08:47:59+00:00\" \/>\n<meta property=\"og:image\" content=\"https:\/\/afc.cat\/wp-content\/uploads\/2022\/05\/TEMES-OBLIGATS-ABRIL-ESP.jpg\" \/>\n\t<meta property=\"og:image:width\" content=\"400\" \/>\n\t<meta property=\"og:image:height\" content=\"265\" \/>\n\t<meta property=\"og:image:type\" content=\"image\/jpeg\" \/>\n<meta name=\"twitter:card\" content=\"summary_large_image\" \/>\n<meta name=\"twitter:label1\" content=\"Tiempo de lectura\" \/>\n\t<meta name=\"twitter:data1\" content=\"7 minutos\" \/>\n<script type=\"application\/ld+json\" class=\"yoast-schema-graph\">{\"@context\":\"https:\\\/\\\/schema.org\",\"@graph\":[{\"@type\":\"WebPage\",\"@id\":\"https:\\\/\\\/afc.cat\\\/es\\\/galeria\\\/clasificacion-concurso-temes-obligats-2021-2022-mes-de-abril\\\/\",\"url\":\"https:\\\/\\\/afc.cat\\\/es\\\/galeria\\\/clasificacion-concurso-temes-obligats-2021-2022-mes-de-abril\\\/\",\"name\":\"Clasificaci\u00f3n concurso Temes Obligats 2021-2022 mes de abril - Agrupaci\u00f3 Fotogr\u00e0fica de Catalunya\",\"isPartOf\":{\"@id\":\"https:\\\/\\\/afc.cat\\\/es\\\/#website\"},\"primaryImageOfPage\":{\"@id\":\"https:\\\/\\\/afc.cat\\\/es\\\/galeria\\\/clasificacion-concurso-temes-obligats-2021-2022-mes-de-abril\\\/#primaryimage\"},\"image\":{\"@id\":\"https:\\\/\\\/afc.cat\\\/es\\\/galeria\\\/clasificacion-concurso-temes-obligats-2021-2022-mes-de-abril\\\/#primaryimage\"},\"thumbnailUrl\":\"https:\\\/\\\/afc.cat\\\/wp-content\\\/uploads\\\/2022\\\/05\\\/TEMES-OBLIGATS-ABRIL-ESP.jpg\",\"datePublished\":\"2022-05-06T09:06:09+00:00\",\"dateModified\":\"2022-05-10T08:47:59+00:00\",\"breadcrumb\":{\"@id\":\"https:\\\/\\\/afc.cat\\\/es\\\/galeria\\\/clasificacion-concurso-temes-obligats-2021-2022-mes-de-abril\\\/#breadcrumb\"},\"inLanguage\":\"es\",\"potentialAction\":[{\"@type\":\"ReadAction\",\"target\":[\"https:\\\/\\\/afc.cat\\\/es\\\/galeria\\\/clasificacion-concurso-temes-obligats-2021-2022-mes-de-abril\\\/\"]}]},{\"@type\":\"ImageObject\",\"inLanguage\":\"es\",\"@id\":\"https:\\\/\\\/afc.cat\\\/es\\\/galeria\\\/clasificacion-concurso-temes-obligats-2021-2022-mes-de-abril\\\/#primaryimage\",\"url\":\"https:\\\/\\\/afc.cat\\\/wp-content\\\/uploads\\\/2022\\\/05\\\/TEMES-OBLIGATS-ABRIL-ESP.jpg\",\"contentUrl\":\"https:\\\/\\\/afc.cat\\\/wp-content\\\/uploads\\\/2022\\\/05\\\/TEMES-OBLIGATS-ABRIL-ESP.jpg\",\"width\":400,\"height\":265},{\"@type\":\"BreadcrumbList\",\"@id\":\"https:\\\/\\\/afc.cat\\\/es\\\/galeria\\\/clasificacion-concurso-temes-obligats-2021-2022-mes-de-abril\\\/#breadcrumb\",\"itemListElement\":[{\"@type\":\"ListItem\",\"position\":1,\"name\":\"Inicio\",\"item\":\"https:\\\/\\\/afc.cat\\\/es\\\/\"},{\"@type\":\"ListItem\",\"position\":2,\"name\":\"Portfolio\",\"item\":\"https:\\\/\\\/afc.cat\\\/galeria\\\/\"},{\"@type\":\"ListItem\",\"position\":3,\"name\":\"Clasificaci\u00f3n concurso Temes Obligats 2021-2022 mes de abril\"}]},{\"@type\":\"WebSite\",\"@id\":\"https:\\\/\\\/afc.cat\\\/es\\\/#website\",\"url\":\"https:\\\/\\\/afc.cat\\\/es\\\/\",\"name\":\"Agrupaci\u00f3 Fotogr\u00e0fica de Catalunya\",\"description\":\"Fomento y divulgaci\u00f3n de la fotograf\u00eda en todas sus variedades\",\"potentialAction\":[{\"@type\":\"SearchAction\",\"target\":{\"@type\":\"EntryPoint\",\"urlTemplate\":\"https:\\\/\\\/afc.cat\\\/es\\\/?s={search_term_string}\"},\"query-input\":{\"@type\":\"PropertyValueSpecification\",\"valueRequired\":true,\"valueName\":\"search_term_string\"}}],\"inLanguage\":\"es\"}]}<\/script>\n<!-- \/ Yoast SEO plugin. -->","yoast_head_json":{"title":"Clasificaci\u00f3n concurso Temes Obligats 2021-2022 mes de abril - Agrupaci\u00f3 Fotogr\u00e0fica de Catalunya","robots":{"index":"index","follow":"follow","max-snippet":"max-snippet:-1","max-image-preview":"max-image-preview:large","max-video-preview":"max-video-preview:-1"},"canonical":"https:\/\/afc.cat\/es\/galeria\/clasificacion-concurso-temes-obligats-2021-2022-mes-de-abril\/","og_locale":"es_ES","og_type":"article","og_title":"Clasificaci\u00f3n concurso Temes Obligats 2021-2022 mes de abril - Agrupaci\u00f3 Fotogr\u00e0fica de Catalunya","og_url":"https:\/\/afc.cat\/es\/galeria\/clasificacion-concurso-temes-obligats-2021-2022-mes-de-abril\/","og_site_name":"Agrupaci\u00f3 Fotogr\u00e0fica de Catalunya","article_modified_time":"2022-05-10T08:47:59+00:00","og_image":[{"width":400,"height":265,"url":"https:\/\/afc.cat\/wp-content\/uploads\/2022\/05\/TEMES-OBLIGATS-ABRIL-ESP.jpg","type":"image\/jpeg"}],"twitter_card":"summary_large_image","twitter_misc":{"Tiempo de lectura":"7 minutos"},"schema":{"@context":"https:\/\/schema.org","@graph":[{"@type":"WebPage","@id":"https:\/\/afc.cat\/es\/galeria\/clasificacion-concurso-temes-obligats-2021-2022-mes-de-abril\/","url":"https:\/\/afc.cat\/es\/galeria\/clasificacion-concurso-temes-obligats-2021-2022-mes-de-abril\/","name":"Clasificaci\u00f3n concurso Temes Obligats 2021-2022 mes de abril - Agrupaci\u00f3 Fotogr\u00e0fica de Catalunya","isPartOf":{"@id":"https:\/\/afc.cat\/es\/#website"},"primaryImageOfPage":{"@id":"https:\/\/afc.cat\/es\/galeria\/clasificacion-concurso-temes-obligats-2021-2022-mes-de-abril\/#primaryimage"},"image":{"@id":"https:\/\/afc.cat\/es\/galeria\/clasificacion-concurso-temes-obligats-2021-2022-mes-de-abril\/#primaryimage"},"thumbnailUrl":"https:\/\/afc.cat\/wp-content\/uploads\/2022\/05\/TEMES-OBLIGATS-ABRIL-ESP.jpg","datePublished":"2022-05-06T09:06:09+00:00","dateModified":"2022-05-10T08:47:59+00:00","breadcrumb":{"@id":"https:\/\/afc.cat\/es\/galeria\/clasificacion-concurso-temes-obligats-2021-2022-mes-de-abril\/#breadcrumb"},"inLanguage":"es","potentialAction":[{"@type":"ReadAction","target":["https:\/\/afc.cat\/es\/galeria\/clasificacion-concurso-temes-obligats-2021-2022-mes-de-abril\/"]}]},{"@type":"ImageObject","inLanguage":"es","@id":"https:\/\/afc.cat\/es\/galeria\/clasificacion-concurso-temes-obligats-2021-2022-mes-de-abril\/#primaryimage","url":"https:\/\/afc.cat\/wp-content\/uploads\/2022\/05\/TEMES-OBLIGATS-ABRIL-ESP.jpg","contentUrl":"https:\/\/afc.cat\/wp-content\/uploads\/2022\/05\/TEMES-OBLIGATS-ABRIL-ESP.jpg","width":400,"height":265},{"@type":"BreadcrumbList","@id":"https:\/\/afc.cat\/es\/galeria\/clasificacion-concurso-temes-obligats-2021-2022-mes-de-abril\/#breadcrumb","itemListElement":[{"@type":"ListItem","position":1,"name":"Inicio","item":"https:\/\/afc.cat\/es\/"},{"@type":"ListItem","position":2,"name":"Portfolio","item":"https:\/\/afc.cat\/galeria\/"},{"@type":"ListItem","position":3,"name":"Clasificaci\u00f3n concurso Temes Obligats 2021-2022 mes de abril"}]},{"@type":"WebSite","@id":"https:\/\/afc.cat\/es\/#website","url":"https:\/\/afc.cat\/es\/","name":"Agrupaci\u00f3 Fotogr\u00e0fica de Catalunya","description":"Fomento y divulgaci\u00f3n de la fotograf\u00eda en todas sus variedades","potentialAction":[{"@type":"SearchAction","target":{"@type":"EntryPoint","urlTemplate":"https:\/\/afc.cat\/es\/?s={search_term_string}"},"query-input":{"@type":"PropertyValueSpecification","valueRequired":true,"valueName":"search_term_string"}}],"inLanguage":"es"}]}},"_links":{"self":[{"href":"https:\/\/afc.cat\/es\/wp-json\/wp\/v2\/avada_portfolio\/27745","targetHints":{"allow":["GET"]}}],"collection":[{"href":"https:\/\/afc.cat\/es\/wp-json\/wp\/v2\/avada_portfolio"}],"about":[{"href":"https:\/\/afc.cat\/es\/wp-json\/wp\/v2\/types\/avada_portfolio"}],"author":[{"embeddable":true,"href":"https:\/\/afc.cat\/es\/wp-json\/wp\/v2\/users\/33"}],"replies":[{"embeddable":true,"href":"https:\/\/afc.cat\/es\/wp-json\/wp\/v2\/comments?post=27745"}],"version-history":[{"count":6,"href":"https:\/\/afc.cat\/es\/wp-json\/wp\/v2\/avada_portfolio\/27745\/revisions"}],"predecessor-version":[{"id":27800,"href":"https:\/\/afc.cat\/es\/wp-json\/wp\/v2\/avada_portfolio\/27745\/revisions\/27800"}],"wp:featuredmedia":[{"embeddable":true,"href":"https:\/\/afc.cat\/es\/wp-json\/wp\/v2\/media\/27743"}],"wp:attachment":[{"href":"https:\/\/afc.cat\/es\/wp-json\/wp\/v2\/media?parent=27745"}],"wp:term":[{"taxonomy":"portfolio_category","embeddable":true,"href":"https:\/\/afc.cat\/es\/wp-json\/wp\/v2\/portfolio_category?post=27745"},{"taxonomy":"portfolio_skills","embeddable":true,"href":"https:\/\/afc.cat\/es\/wp-json\/wp\/v2\/portfolio_skills?post=27745"},{"taxonomy":"portfolio_tags","embeddable":true,"href":"https:\/\/afc.cat\/es\/wp-json\/wp\/v2\/portfolio_tags?post=27745"}],"curies":[{"name":"wp","href":"https:\/\/api.w.org\/{rel}","templated":true}]}}