{"id":28330,"date":"2022-06-10T17:41:22","date_gmt":"2022-06-10T15:41:22","guid":{"rendered":"https:\/\/afc.cat\/?post_type=avada_portfolio&#038;p=28330"},"modified":"2022-07-25T21:00:22","modified_gmt":"2022-07-25T19:00:22","slug":"clasificacion-concurso-temes-obligats-2021-2022-mes-de-mayo","status":"publish","type":"avada_portfolio","link":"https:\/\/afc.cat\/es\/galeria\/clasificacion-concurso-temes-obligats-2021-2022-mes-de-mayo\/","title":{"rendered":"Clasificaci\u00f3n concurso Temas Obligados 2021-2022 mes de mayo"},"content":{"rendered":"<div class=\"fusion-fullwidth fullwidth-box fusion-builder-row-1 fusion-flex-container nonhundred-percent-fullwidth non-hundred-percent-height-scrolling\" style=\"background-color: rgba(255,255,255,0);background-position: center center;background-repeat: no-repeat;border-width: 0px 0px 0px 0px;border-color:#ffffff;border-style:solid;\" ><div class=\"fusion-builder-row fusion-row fusion-flex-align-items-flex-start\" style=\"max-width:1300px;margin-left: calc(-4% \/ 2 );margin-right: calc(-4% \/ 2 );\"><div class=\"fusion-layout-column fusion_builder_column fusion-builder-column-0 fusion_builder_column_1_1 1_1 fusion-flex-column\"><div class=\"fusion-column-wrapper fusion-flex-justify-content-flex-start fusion-content-layout-column\" style=\"background-position:left top;background-repeat:no-repeat;-webkit-background-size:cover;-moz-background-size:cover;-o-background-size:cover;background-size:cover;padding: 0px 0px 0px 0px;\"><div class=\"fusion-text fusion-text-1\"><h2>Fotos de Arquitectura: tema obligado de mayo y fin de concurso<\/h2>\n<p>Ya hemos llegado a la \u00faltima sesi\u00f3n del concurso de Temas Obligados de este curso 2021-2022. El tema del mes ha estado fotos de arquitectura.<\/p>\n<p>En esta ocasi\u00f3n el jurado ha sido formado por tres miembros del Fotoclub C\u00edrculo Art\u00edstico de Ciutadella:<\/p>\n<p>Josep Taltavull Salord<br \/>\nManel lmar Benito<br \/>\nJoan Antoni Gomila Mulet<\/p>\n<p>El d\u00eda 10 de junio se hizo p\u00fablico el veredicto y tuvimos la presencia v\u00eda telem\u00e1tica de uno de los jueces, Joan Antoni Gomila que hizo algunas valoraciones a las obras presentadas seg\u00fan su punto de vista.<\/p>\n<p>A continuaci\u00f3n comentaremos las mejores clasificadas de cada categor\u00eda.<\/p>\n<h2>Fotos de arquitectura: Monocromo<\/h2>\n<h3>#1 27-Puntos, Josep Maria Bonjoch Trilla con la foto titulada \u201cColom\u201d.<\/h3>\n<p><img decoding=\"async\" class=\"alignnone wp-image-28176 size-large\" src=\"https:\/\/afc.cat\/wp-content\/uploads\/2022\/06\/01-Josep-Maria-Bonjoch-Trilla-27-Punts-1024x664.jpg\" alt=\"\" width=\"1024\" height=\"664\" srcset=\"https:\/\/afc.cat\/wp-content\/uploads\/2022\/06\/01-Josep-Maria-Bonjoch-Trilla-27-Punts-200x130.jpg 200w, https:\/\/afc.cat\/wp-content\/uploads\/2022\/06\/01-Josep-Maria-Bonjoch-Trilla-27-Punts-300x194.jpg 300w, https:\/\/afc.cat\/wp-content\/uploads\/2022\/06\/01-Josep-Maria-Bonjoch-Trilla-27-Punts-400x259.jpg 400w, https:\/\/afc.cat\/wp-content\/uploads\/2022\/06\/01-Josep-Maria-Bonjoch-Trilla-27-Punts-600x389.jpg 600w, https:\/\/afc.cat\/wp-content\/uploads\/2022\/06\/01-Josep-Maria-Bonjoch-Trilla-27-Punts-768x498.jpg 768w, https:\/\/afc.cat\/wp-content\/uploads\/2022\/06\/01-Josep-Maria-Bonjoch-Trilla-27-Punts-800x519.jpg 800w, https:\/\/afc.cat\/wp-content\/uploads\/2022\/06\/01-Josep-Maria-Bonjoch-Trilla-27-Punts-1024x664.jpg 1024w, https:\/\/afc.cat\/wp-content\/uploads\/2022\/06\/01-Josep-Maria-Bonjoch-Trilla-27-Punts-1200x778.jpg 1200w, https:\/\/afc.cat\/wp-content\/uploads\/2022\/06\/01-Josep-Maria-Bonjoch-Trilla-27-Punts.jpg 1234w\" sizes=\"(max-width: 1024px) 100vw, 1024px\" \/><\/p>\n<p>El jurado valor\u00f3 positivamente la atm\u00f3sfera et\u00e9rea y el juego de l\u00edneas que gu\u00edan la mirada hacia la plataforma en la que se ve la silueta de unas personas dando dimensi\u00f3n a la construcci\u00f3n.<\/p>\n<h3>#2 24-Punts, Joan Ru\u00e9 Domingo con la foto titulada \u201cArquitectura cin\u00e9tica\u201c<\/h3>\n<p><img decoding=\"async\" class=\"alignnone wp-image-28178 size-large\" src=\"https:\/\/afc.cat\/wp-content\/uploads\/2022\/06\/02-Joan-Rue-Domingo-24-Punts-1024x701.jpg\" alt=\"\" width=\"1024\" height=\"701\" srcset=\"https:\/\/afc.cat\/wp-content\/uploads\/2022\/06\/02-Joan-Rue-Domingo-24-Punts-200x137.jpg 200w, https:\/\/afc.cat\/wp-content\/uploads\/2022\/06\/02-Joan-Rue-Domingo-24-Punts-300x205.jpg 300w, https:\/\/afc.cat\/wp-content\/uploads\/2022\/06\/02-Joan-Rue-Domingo-24-Punts-400x274.jpg 400w, https:\/\/afc.cat\/wp-content\/uploads\/2022\/06\/02-Joan-Rue-Domingo-24-Punts-600x411.jpg 600w, https:\/\/afc.cat\/wp-content\/uploads\/2022\/06\/02-Joan-Rue-Domingo-24-Punts-768x526.jpg 768w, https:\/\/afc.cat\/wp-content\/uploads\/2022\/06\/02-Joan-Rue-Domingo-24-Punts-800x548.jpg 800w, https:\/\/afc.cat\/wp-content\/uploads\/2022\/06\/02-Joan-Rue-Domingo-24-Punts-1024x701.jpg 1024w, https:\/\/afc.cat\/wp-content\/uploads\/2022\/06\/02-Joan-Rue-Domingo-24-Punts.jpg 1168w\" sizes=\"(max-width: 1024px) 100vw, 1024px\" \/><\/p>\n<p>En esta ocasi\u00f3n el jurado destac\u00f3 el juego de simetr\u00edas de las formas geom\u00e9tricas tanto horizontales con los reflejas del agua como verticales.<\/p>\n<h3>#3 24-Punts, Teresa Tejero L\u00f3pez con la foto titulada \u201cEstructures\u201d<\/h3>\n<p><img decoding=\"async\" class=\"alignnone wp-image-28180 size-full\" src=\"https:\/\/afc.cat\/wp-content\/uploads\/2022\/06\/03-Teresa-Tejero-Lopez-24-Punts.jpg\" alt=\"\" width=\"988\" height=\"800\" srcset=\"https:\/\/afc.cat\/wp-content\/uploads\/2022\/06\/03-Teresa-Tejero-Lopez-24-Punts-177x142.jpg 177w, https:\/\/afc.cat\/wp-content\/uploads\/2022\/06\/03-Teresa-Tejero-Lopez-24-Punts-200x162.jpg 200w, https:\/\/afc.cat\/wp-content\/uploads\/2022\/06\/03-Teresa-Tejero-Lopez-24-Punts-300x243.jpg 300w, https:\/\/afc.cat\/wp-content\/uploads\/2022\/06\/03-Teresa-Tejero-Lopez-24-Punts-400x324.jpg 400w, https:\/\/afc.cat\/wp-content\/uploads\/2022\/06\/03-Teresa-Tejero-Lopez-24-Punts-600x486.jpg 600w, https:\/\/afc.cat\/wp-content\/uploads\/2022\/06\/03-Teresa-Tejero-Lopez-24-Punts-768x622.jpg 768w, https:\/\/afc.cat\/wp-content\/uploads\/2022\/06\/03-Teresa-Tejero-Lopez-24-Punts-800x648.jpg 800w, https:\/\/afc.cat\/wp-content\/uploads\/2022\/06\/03-Teresa-Tejero-Lopez-24-Punts.jpg 988w\" sizes=\"(max-width: 988px) 100vw, 988px\" \/><\/p>\n<p>En la valoraci\u00f3n de esta foto se destac\u00f3 la presencia de dos personas que\u00a0crean\u00a0un punto de inter\u00e9s donde se fija la mirada del observador y a mes dan una referencia de escala a la construcci\u00f3n. Sin ellas no hubiera tenido la misma puntuaci\u00f3n.<\/p>\n<h3>#4 24-Punts, Sara Assens Mampel con la foto titulada \u201cDoble imagen\u201d<\/h3>\n<p><img decoding=\"async\" class=\"alignnone wp-image-28182 size-large\" src=\"https:\/\/afc.cat\/wp-content\/uploads\/2022\/06\/04-Sara-Assens-Mampel-24-Punts-1024x737.jpg\" alt=\"\" width=\"1024\" height=\"737\" srcset=\"https:\/\/afc.cat\/wp-content\/uploads\/2022\/06\/04-Sara-Assens-Mampel-24-Punts-200x144.jpg 200w, https:\/\/afc.cat\/wp-content\/uploads\/2022\/06\/04-Sara-Assens-Mampel-24-Punts-300x216.jpg 300w, https:\/\/afc.cat\/wp-content\/uploads\/2022\/06\/04-Sara-Assens-Mampel-24-Punts-400x288.jpg 400w, https:\/\/afc.cat\/wp-content\/uploads\/2022\/06\/04-Sara-Assens-Mampel-24-Punts-600x432.jpg 600w, https:\/\/afc.cat\/wp-content\/uploads\/2022\/06\/04-Sara-Assens-Mampel-24-Punts-768x553.jpg 768w, https:\/\/afc.cat\/wp-content\/uploads\/2022\/06\/04-Sara-Assens-Mampel-24-Punts-800x576.jpg 800w, https:\/\/afc.cat\/wp-content\/uploads\/2022\/06\/04-Sara-Assens-Mampel-24-Punts-1024x737.jpg 1024w, https:\/\/afc.cat\/wp-content\/uploads\/2022\/06\/04-Sara-Assens-Mampel-24-Punts.jpg 1111w\" sizes=\"(max-width: 1024px) 100vw, 1024px\" \/><\/p>\n<p>El jurado destac\u00f3 el acierto de alineaci\u00f3n de las l\u00edneas\u00a0paraleles\u00a0verticales y horizontales rotas por las letras\u00a0crean\u00a0as\u00ed un punto de atracci\u00f3n en el recorrido de la mirada.<\/p>\n<h3>#5 24-Punts, Irene Sanz Ramirez con la foto titulada \u201cCircular\u201d<\/h3>\n<p><img decoding=\"async\" class=\"alignnone wp-image-28184 size-large\" src=\"https:\/\/afc.cat\/wp-content\/uploads\/2022\/06\/05-irene-sanz-ramirez-23-Punts-1024x703.jpg\" alt=\"\" width=\"1024\" height=\"703\" srcset=\"https:\/\/afc.cat\/wp-content\/uploads\/2022\/06\/05-irene-sanz-ramirez-23-Punts-200x137.jpg 200w, https:\/\/afc.cat\/wp-content\/uploads\/2022\/06\/05-irene-sanz-ramirez-23-Punts-300x206.jpg 300w, https:\/\/afc.cat\/wp-content\/uploads\/2022\/06\/05-irene-sanz-ramirez-23-Punts-400x274.jpg 400w, https:\/\/afc.cat\/wp-content\/uploads\/2022\/06\/05-irene-sanz-ramirez-23-Punts-600x412.jpg 600w, https:\/\/afc.cat\/wp-content\/uploads\/2022\/06\/05-irene-sanz-ramirez-23-Punts-768x527.jpg 768w, https:\/\/afc.cat\/wp-content\/uploads\/2022\/06\/05-irene-sanz-ramirez-23-Punts-800x549.jpg 800w, https:\/\/afc.cat\/wp-content\/uploads\/2022\/06\/05-irene-sanz-ramirez-23-Punts-1024x703.jpg 1024w, https:\/\/afc.cat\/wp-content\/uploads\/2022\/06\/05-irene-sanz-ramirez-23-Punts.jpg 1166w\" sizes=\"(max-width: 1024px) 100vw, 1024px\" \/><\/p>\n<p>En esta obra se coment\u00f3 la buena composici\u00f3n captada por la autora con las formas circulares que adentran la mirada cabe el jard\u00edn interior.<\/p>\n<h2><strong><u>Fotos de arquitectura: Color<\/u><\/strong><\/h2>\n<h3>#1 25-Punts, Irene Sanz Ramirez con la foto titulada \u201cVela<\/h3>\n<p><img decoding=\"async\" class=\"alignnone wp-image-28236 size-large\" src=\"https:\/\/afc.cat\/wp-content\/uploads\/2022\/06\/01-Irene-Sanz-Ramirez-25-Punts-1024x703.jpg\" alt=\"\" width=\"1024\" height=\"703\" srcset=\"https:\/\/afc.cat\/wp-content\/uploads\/2022\/06\/01-Irene-Sanz-Ramirez-25-Punts-200x137.jpg 200w, https:\/\/afc.cat\/wp-content\/uploads\/2022\/06\/01-Irene-Sanz-Ramirez-25-Punts-300x206.jpg 300w, https:\/\/afc.cat\/wp-content\/uploads\/2022\/06\/01-Irene-Sanz-Ramirez-25-Punts-400x274.jpg 400w, https:\/\/afc.cat\/wp-content\/uploads\/2022\/06\/01-Irene-Sanz-Ramirez-25-Punts-600x412.jpg 600w, https:\/\/afc.cat\/wp-content\/uploads\/2022\/06\/01-Irene-Sanz-Ramirez-25-Punts-768x527.jpg 768w, https:\/\/afc.cat\/wp-content\/uploads\/2022\/06\/01-Irene-Sanz-Ramirez-25-Punts-800x549.jpg 800w, https:\/\/afc.cat\/wp-content\/uploads\/2022\/06\/01-Irene-Sanz-Ramirez-25-Punts-1024x703.jpg 1024w, https:\/\/afc.cat\/wp-content\/uploads\/2022\/06\/01-Irene-Sanz-Ramirez-25-Punts.jpg 1166w\" sizes=\"(max-width: 1024px) 100vw, 1024px\" \/><\/p>\n<p>En esta foto se destac\u00f3 la temperatura de color y la\u00a0gama\u00a0de moratones entre el edificios\u00a0y\u00a0el cielo, en cuando a la composici\u00f3n se dijo que era equilibrada,\u00a0 con la buena distribuci\u00f3n de los elementos dentro del\u00a0encuadre.<\/p>\n<h3>#2 24-Punts, Carmen Camprodon Vidal con la foto titulada \u201cUnderground\u201d<\/h3>\n<p><img decoding=\"async\" class=\"alignnone size-full wp-image-28238\" src=\"https:\/\/afc.cat\/wp-content\/uploads\/2022\/06\/02-Carmen-Camprodon-Vidal-24-Punts.jpg\" alt=\"\" width=\"494\" height=\"800\" srcset=\"https:\/\/afc.cat\/wp-content\/uploads\/2022\/06\/02-Carmen-Camprodon-Vidal-24-Punts-185x300.jpg 185w, https:\/\/afc.cat\/wp-content\/uploads\/2022\/06\/02-Carmen-Camprodon-Vidal-24-Punts-200x324.jpg 200w, https:\/\/afc.cat\/wp-content\/uploads\/2022\/06\/02-Carmen-Camprodon-Vidal-24-Punts-400x648.jpg 400w, https:\/\/afc.cat\/wp-content\/uploads\/2022\/06\/02-Carmen-Camprodon-Vidal-24-Punts.jpg 494w\" sizes=\"(max-width: 494px) 100vw, 494px\" \/><\/p>\n<p>La fuerza de esta imagen la mujer la presencia humana creando un punto de atenci\u00f3n interesante y contrastado, tambi\u00e9n se destac\u00f3 buena\u00a0gama\u00a0de colores.<\/p>\n<h3>#3 23-Punts, \u00c1ngel Colado Palacios con la foto titulada \u201carchitecture_ C\u201d<\/h3>\n<p><img decoding=\"async\" class=\"alignnone wp-image-28240 size-large\" src=\"https:\/\/afc.cat\/wp-content\/uploads\/2022\/06\/03-Angel-Colado-Palacios-23-Punts-1024x737.jpg\" alt=\"\" width=\"1024\" height=\"737\" srcset=\"https:\/\/afc.cat\/wp-content\/uploads\/2022\/06\/03-Angel-Colado-Palacios-23-Punts-200x144.jpg 200w, https:\/\/afc.cat\/wp-content\/uploads\/2022\/06\/03-Angel-Colado-Palacios-23-Punts-300x216.jpg 300w, https:\/\/afc.cat\/wp-content\/uploads\/2022\/06\/03-Angel-Colado-Palacios-23-Punts-400x288.jpg 400w, https:\/\/afc.cat\/wp-content\/uploads\/2022\/06\/03-Angel-Colado-Palacios-23-Punts-600x432.jpg 600w, https:\/\/afc.cat\/wp-content\/uploads\/2022\/06\/03-Angel-Colado-Palacios-23-Punts-768x553.jpg 768w, https:\/\/afc.cat\/wp-content\/uploads\/2022\/06\/03-Angel-Colado-Palacios-23-Punts-800x576.jpg 800w, https:\/\/afc.cat\/wp-content\/uploads\/2022\/06\/03-Angel-Colado-Palacios-23-Punts-1024x737.jpg 1024w, https:\/\/afc.cat\/wp-content\/uploads\/2022\/06\/03-Angel-Colado-Palacios-23-Punts.jpg 1111w\" sizes=\"(max-width: 1024px) 100vw, 1024px\" \/><\/p>\n<p>El juego de vol\u00famenes y la combinaci\u00f3n de colores azules de fachada y el color terr\u00f3n del ladrillo fueron los argumentos que puntu\u00f3 el jurado por\u00a0colocarla\u00a0en la tercera posici\u00f3n,<\/p>\n<h3>#4 23-Punts, Antoni Torres Bargall\u00f3 con la foto titulada \u201cSanta Maria del Mar\u201d<\/h3>\n<p><img decoding=\"async\" class=\"alignnone wp-image-28242 size-full\" src=\"https:\/\/afc.cat\/wp-content\/uploads\/2022\/06\/04-Antoni-Torres-Bargallo-23-Punts.jpg\" alt=\"\" width=\"987\" height=\"800\" srcset=\"https:\/\/afc.cat\/wp-content\/uploads\/2022\/06\/04-Antoni-Torres-Bargallo-23-Punts-177x142.jpg 177w, https:\/\/afc.cat\/wp-content\/uploads\/2022\/06\/04-Antoni-Torres-Bargallo-23-Punts-200x162.jpg 200w, https:\/\/afc.cat\/wp-content\/uploads\/2022\/06\/04-Antoni-Torres-Bargallo-23-Punts-300x243.jpg 300w, https:\/\/afc.cat\/wp-content\/uploads\/2022\/06\/04-Antoni-Torres-Bargallo-23-Punts-400x324.jpg 400w, https:\/\/afc.cat\/wp-content\/uploads\/2022\/06\/04-Antoni-Torres-Bargallo-23-Punts-600x486.jpg 600w, https:\/\/afc.cat\/wp-content\/uploads\/2022\/06\/04-Antoni-Torres-Bargallo-23-Punts-768x622.jpg 768w, https:\/\/afc.cat\/wp-content\/uploads\/2022\/06\/04-Antoni-Torres-Bargallo-23-Punts-800x648.jpg 800w, https:\/\/afc.cat\/wp-content\/uploads\/2022\/06\/04-Antoni-Torres-Bargallo-23-Punts.jpg 987w\" sizes=\"(max-width: 987px) 100vw, 987px\" \/><\/p>\n<p>El plano nadir utilizado por el autor ha creado una composici\u00f3n en la que las columnas tienen mucha fuerza y generan un punto de fuga atractivo, tambi\u00e9n se destac\u00f3 el color fr\u00edo de las ventanas que compensa con las columnas c\u00e1lidas, creando un equilibrio.<\/p>\n<h3>#5 23-Punts, Pere Josep S\u00e1nchez Romero con la foto titulada \u201cFinestrals\u201d<\/h3>\n<p><img decoding=\"async\" class=\"alignnone wp-image-28244 size-large\" src=\"https:\/\/afc.cat\/wp-content\/uploads\/2022\/06\/05-Pere-Josep-Sanchez-Romero-23-Punts-1024x514.jpg\" alt=\"\" width=\"1024\" height=\"514\" srcset=\"https:\/\/afc.cat\/wp-content\/uploads\/2022\/06\/05-Pere-Josep-Sanchez-Romero-23-Punts-200x100.jpg 200w, https:\/\/afc.cat\/wp-content\/uploads\/2022\/06\/05-Pere-Josep-Sanchez-Romero-23-Punts-300x151.jpg 300w, https:\/\/afc.cat\/wp-content\/uploads\/2022\/06\/05-Pere-Josep-Sanchez-Romero-23-Punts-400x201.jpg 400w, https:\/\/afc.cat\/wp-content\/uploads\/2022\/06\/05-Pere-Josep-Sanchez-Romero-23-Punts-540x272.jpg 540w, https:\/\/afc.cat\/wp-content\/uploads\/2022\/06\/05-Pere-Josep-Sanchez-Romero-23-Punts-600x301.jpg 600w, https:\/\/afc.cat\/wp-content\/uploads\/2022\/06\/05-Pere-Josep-Sanchez-Romero-23-Punts-768x386.jpg 768w, https:\/\/afc.cat\/wp-content\/uploads\/2022\/06\/05-Pere-Josep-Sanchez-Romero-23-Punts-800x402.jpg 800w, https:\/\/afc.cat\/wp-content\/uploads\/2022\/06\/05-Pere-Josep-Sanchez-Romero-23-Punts-1024x514.jpg 1024w, https:\/\/afc.cat\/wp-content\/uploads\/2022\/06\/05-Pere-Josep-Sanchez-Romero-23-Punts-1200x603.jpg 1200w, https:\/\/afc.cat\/wp-content\/uploads\/2022\/06\/05-Pere-Josep-Sanchez-Romero-23-Punts-1536x771.jpg 1536w, https:\/\/afc.cat\/wp-content\/uploads\/2022\/06\/05-Pere-Josep-Sanchez-Romero-23-Punts.jpg 1593w\" sizes=\"(max-width: 1024px) 100vw, 1024px\" \/><\/p>\n<div class=\"traductor-textarea form-group\">\n<div class=\"textarea-desti col-xs-12 col-sm-6\">\n<div class=\"form-control second-textarea\">\n<p>Por \u00faltimo hablaremos de esta imagen en la que el autor decidi\u00f3\u00a0presentarla\u00a0de forma original, esta decisi\u00f3n de girar 90\u00b0 la fachada de un edificio muy conocido en la ciudad de Barcelona ha estado el que le ha dado la quinta posici\u00f3n.<\/p>\n<p>Destacar\u00eda un comentario que el compa\u00f1ero Carles Punyet hizo durante la sesi\u00f3n en la que se pudieron comentar el resto de fotograf\u00edes. \u00c9l apuntaba que en la fotograf\u00eda de arquitectura se recomienda que los cielos sea limpios de nubes y si est\u00e1n que sean interesantes.<\/p>\n<p>Esta ha sido lo ultima secci\u00f3n de la temporada dentro de los Temas Obligados del\u00a0AFC\u00a0y por tanto ya podemos conocer la clasificaci\u00f3n final con los puntos acumulados por los participantes llevar\u00e1n este concurso. Debajo pod\u00e9is consultar la clasificaci\u00f3n de todos los participantes.<\/p>\n<p><strong>En la categor\u00eda Monocromo la ganadora es:<\/strong><\/p>\n<p>Irene Sanz\u00a0Ramirez\u00a0con 169 puntos<\/p>\n<p><strong>En la categor\u00eda Color el ganador es:<\/strong><\/p>\n<p>Josep Soler\u00a0Vendrell con 170 puntos<\/p>\n<p>Felicidades a los ganadores y animo a todos los socios a participar en la pr\u00f3xima temporada. Ya estamos trabajando para seleccionar lo temas que espero sean motivadores.<\/p>\n<\/div>\n<\/div>\n<\/div>\n<div class=\"traductor-checkbox form-group\">\n<div class=\"row\">\n<div class=\"col-sm-offset-2 col-sm-5\"><\/div>\n<\/div>\n<\/div>\n<p><strong>Maxim Poncela<br \/>\n<\/strong>Concursos<\/p>\n<\/div><div class=\"fusion-separator fusion-full-width-sep\" style=\"align-self: center;margin-left: auto;margin-right: auto;margin-bottom:20px;width:100%;\"><div class=\"fusion-separator-border sep-single sep-solid\" style=\"border-color:#3ec0bf;border-top-width:1px;\"><\/div><\/div><div class=\"fusion-text fusion-text-2\"><p style=\"text-align: center;\"><strong>PUNTUACI\u00d3N GENERAL ACUMULADA MONOCROMO<\/strong><\/p>\n<\/div><div style=\"text-align:center;\"><style>.fusion-imageframe.imageframe-1{ margin-bottom : 5%;}<\/style><span class=\" fusion-imageframe imageframe-none imageframe-1 hover-type-zoomin\"><img decoding=\"async\" width=\"710\" height=\"1184\" title=\"Clasificaci\u00f3n T.O. Mayo 22 &#8211; monocromo\" src=\"https:\/\/afc.cat\/wp-content\/uploads\/2022\/06\/clasificacio-TO-Maig-22-monocrom.jpg\" alt class=\"img-responsive wp-image-28335\" srcset=\"https:\/\/afc.cat\/wp-content\/uploads\/2022\/06\/clasificacio-TO-Maig-22-monocrom-200x334.jpg 200w, https:\/\/afc.cat\/wp-content\/uploads\/2022\/06\/clasificacio-TO-Maig-22-monocrom-400x667.jpg 400w, https:\/\/afc.cat\/wp-content\/uploads\/2022\/06\/clasificacio-TO-Maig-22-monocrom-600x1001.jpg 600w, https:\/\/afc.cat\/wp-content\/uploads\/2022\/06\/clasificacio-TO-Maig-22-monocrom.jpg 710w\" sizes=\"(max-width: 640px) 100vw, 710px\" \/><\/span><\/div><div class=\"fusion-text fusion-text-3\"><p style=\"text-align: center;\"><strong>Classificaci\u00f3n monocromo de mayo 2022<\/strong><\/p>\n<p style=\"text-align: center;\"><strong>(30 participantes)<\/strong><\/p>\n<\/div><style type=\"text\/css\">.fusion-gallery-1 .fusion-gallery-image {border:0px solid #e2e2e2;}<\/style><div class=\"fusion-gallery fusion-gallery-container fusion-grid-6 fusion-columns-total-30 fusion-gallery-layout-grid fusion-gallery-1\" style=\"margin:-5px;\"><div style=\"padding:5px;\" class=\"fusion-grid-column fusion-gallery-column fusion-gallery-column-6 hover-type-zoomin\"><div class=\"fusion-gallery-image\"><a href=\"https:\/\/afc.cat\/wp-content\/uploads\/2022\/06\/01-Josep-Maria-Bonjoch-Trilla-27-Punts.jpg\" data-title=\"01-Josep Maria Bonjoch Trilla-27 Punts\" title=\"01-Josep Maria Bonjoch Trilla-27 Punts\" rel=\"noreferrer\" data-rel=\"iLightbox[gallery_image_1]\" class=\"fusion-lightbox\" target=\"_self\"><img decoding=\"async\" src=\"https:\/\/afc.cat\/wp-content\/uploads\/2022\/06\/01-Josep-Maria-Bonjoch-Trilla-27-Punts-320x202.jpg\" width=\"320\" height=\"202\" alt=\"\" title=\"01-Josep Maria Bonjoch Trilla-27 Punts\" aria-label=\"01-Josep Maria Bonjoch Trilla-27 Punts\" class=\"img-responsive wp-image-28177 fusion-gallery-image-size-fixed\" srcset=\"https:\/\/afc.cat\/wp-content\/uploads\/2022\/06\/01-Josep-Maria-Bonjoch-Trilla-27-Punts-320x202.jpg 320w, https:\/\/afc.cat\/wp-content\/uploads\/2022\/06\/01-Josep-Maria-Bonjoch-Trilla-27-Punts-700x441.jpg 700w\" sizes=\"(max-width: 320px) 100vw, 320px\" \/><\/a><\/div><\/div><div style=\"padding:5px;\" class=\"fusion-grid-column fusion-gallery-column fusion-gallery-column-6 hover-type-zoomin\"><div class=\"fusion-gallery-image\"><a href=\"https:\/\/afc.cat\/wp-content\/uploads\/2022\/06\/02-Joan-Rue-Domingo-24-Punts.jpg\" data-title=\"02-Joan Ru\u00e9 Domingo-24 Punts\" title=\"02-Joan Ru\u00e9 Domingo-24 Punts\" rel=\"noreferrer\" data-rel=\"iLightbox[gallery_image_1]\" class=\"fusion-lightbox\" target=\"_self\"><img decoding=\"async\" src=\"https:\/\/afc.cat\/wp-content\/uploads\/2022\/06\/02-Joan-Rue-Domingo-24-Punts-320x202.jpg\" width=\"320\" height=\"202\" alt=\"\" title=\"02-Joan Ru\u00e9 Domingo-24 Punts\" aria-label=\"02-Joan Ru\u00e9 Domingo-24 Punts\" class=\"img-responsive wp-image-28179 fusion-gallery-image-size-fixed\" srcset=\"https:\/\/afc.cat\/wp-content\/uploads\/2022\/06\/02-Joan-Rue-Domingo-24-Punts-320x202.jpg 320w, https:\/\/afc.cat\/wp-content\/uploads\/2022\/06\/02-Joan-Rue-Domingo-24-Punts-700x441.jpg 700w\" sizes=\"(max-width: 320px) 100vw, 320px\" \/><\/a><\/div><\/div><div style=\"padding:5px;\" class=\"fusion-grid-column fusion-gallery-column fusion-gallery-column-6 hover-type-zoomin\"><div class=\"fusion-gallery-image\"><a href=\"https:\/\/afc.cat\/wp-content\/uploads\/2022\/06\/03-Teresa-Tejero-Lopez-24-Punts.jpg\" data-title=\"03-Teresa Tejero Lopez-24 Punts\" title=\"03-Teresa Tejero Lopez-24 Punts\" rel=\"noreferrer\" data-rel=\"iLightbox[gallery_image_1]\" class=\"fusion-lightbox\" target=\"_self\"><img decoding=\"async\" src=\"https:\/\/afc.cat\/wp-content\/uploads\/2022\/06\/03-Teresa-Tejero-Lopez-24-Punts-320x202.jpg\" width=\"320\" height=\"202\" alt=\"\" title=\"03-Teresa Tejero Lopez-24 Punts\" aria-label=\"03-Teresa Tejero Lopez-24 Punts\" class=\"img-responsive wp-image-28181 fusion-gallery-image-size-fixed\" srcset=\"https:\/\/afc.cat\/wp-content\/uploads\/2022\/06\/03-Teresa-Tejero-Lopez-24-Punts-320x202.jpg 320w, https:\/\/afc.cat\/wp-content\/uploads\/2022\/06\/03-Teresa-Tejero-Lopez-24-Punts-700x441.jpg 700w\" sizes=\"(max-width: 320px) 100vw, 320px\" \/><\/a><\/div><\/div><div style=\"padding:5px;\" class=\"fusion-grid-column fusion-gallery-column fusion-gallery-column-6 hover-type-zoomin\"><div class=\"fusion-gallery-image\"><a href=\"https:\/\/afc.cat\/wp-content\/uploads\/2022\/06\/04-Sara-Assens-Mampel-24-Punts.jpg\" data-title=\"04-Sara Assens Mampel-24 Punts\" title=\"04-Sara Assens Mampel-24 Punts\" rel=\"noreferrer\" data-rel=\"iLightbox[gallery_image_1]\" class=\"fusion-lightbox\" target=\"_self\"><img decoding=\"async\" src=\"https:\/\/afc.cat\/wp-content\/uploads\/2022\/06\/04-Sara-Assens-Mampel-24-Punts-320x202.jpg\" width=\"320\" height=\"202\" alt=\"\" title=\"04-Sara Assens Mampel-24 Punts\" aria-label=\"04-Sara Assens Mampel-24 Punts\" class=\"img-responsive wp-image-28183 fusion-gallery-image-size-fixed\" srcset=\"https:\/\/afc.cat\/wp-content\/uploads\/2022\/06\/04-Sara-Assens-Mampel-24-Punts-320x202.jpg 320w, https:\/\/afc.cat\/wp-content\/uploads\/2022\/06\/04-Sara-Assens-Mampel-24-Punts-700x441.jpg 700w\" sizes=\"(max-width: 320px) 100vw, 320px\" \/><\/a><\/div><\/div><div style=\"padding:5px;\" class=\"fusion-grid-column fusion-gallery-column fusion-gallery-column-6 hover-type-zoomin\"><div class=\"fusion-gallery-image\"><a href=\"https:\/\/afc.cat\/wp-content\/uploads\/2022\/06\/05-irene-sanz-ramirez-23-Punts.jpg\" data-title=\"05-irene sanz ramirez-23 Punts\" title=\"05-irene sanz ramirez-23 Punts\" rel=\"noreferrer\" data-rel=\"iLightbox[gallery_image_1]\" class=\"fusion-lightbox\" target=\"_self\"><img decoding=\"async\" src=\"https:\/\/afc.cat\/wp-content\/uploads\/2022\/06\/05-irene-sanz-ramirez-23-Punts-320x202.jpg\" width=\"320\" height=\"202\" alt=\"\" title=\"05-irene sanz ramirez-23 Punts\" aria-label=\"05-irene sanz ramirez-23 Punts\" class=\"img-responsive wp-image-28185 fusion-gallery-image-size-fixed\" srcset=\"https:\/\/afc.cat\/wp-content\/uploads\/2022\/06\/05-irene-sanz-ramirez-23-Punts-320x202.jpg 320w, https:\/\/afc.cat\/wp-content\/uploads\/2022\/06\/05-irene-sanz-ramirez-23-Punts-700x441.jpg 700w\" sizes=\"(max-width: 320px) 100vw, 320px\" \/><\/a><\/div><\/div><div style=\"padding:5px;\" class=\"fusion-grid-column fusion-gallery-column fusion-gallery-column-6 hover-type-zoomin\"><div class=\"fusion-gallery-image\"><a href=\"https:\/\/afc.cat\/wp-content\/uploads\/2022\/06\/06-Anna-Barnes-Guillen-22-Punts.jpg\" data-title=\"06-Anna Barn\u00e9s Guill\u00e9n-22 Punts\" title=\"06-Anna Barn\u00e9s Guill\u00e9n-22 Punts\" rel=\"noreferrer\" data-rel=\"iLightbox[gallery_image_1]\" class=\"fusion-lightbox\" target=\"_self\"><img decoding=\"async\" src=\"https:\/\/afc.cat\/wp-content\/uploads\/2022\/06\/06-Anna-Barnes-Guillen-22-Punts-320x202.jpg\" width=\"320\" height=\"202\" alt=\"\" title=\"06-Anna Barn\u00e9s Guill\u00e9n-22 Punts\" aria-label=\"06-Anna Barn\u00e9s Guill\u00e9n-22 Punts\" class=\"img-responsive wp-image-28187 fusion-gallery-image-size-fixed\" \/><\/a><\/div><\/div><div class=\"clearfix\"><\/div><div style=\"padding:5px;\" class=\"fusion-grid-column fusion-gallery-column fusion-gallery-column-6 hover-type-zoomin\"><div class=\"fusion-gallery-image\"><a href=\"https:\/\/afc.cat\/wp-content\/uploads\/2022\/06\/07-Jose-Braojos-Morales-21-Punts.jpg\" data-title=\"07-Jose Braojos Morales-21 Punts\" title=\"07-Jose Braojos Morales-21 Punts\" rel=\"noreferrer\" data-rel=\"iLightbox[gallery_image_1]\" class=\"fusion-lightbox\" target=\"_self\"><img decoding=\"async\" src=\"https:\/\/afc.cat\/wp-content\/uploads\/2022\/06\/07-Jose-Braojos-Morales-21-Punts-320x202.jpg\" width=\"320\" height=\"202\" alt=\"\" title=\"07-Jose Braojos Morales-21 Punts\" aria-label=\"07-Jose Braojos Morales-21 Punts\" class=\"img-responsive wp-image-28189 fusion-gallery-image-size-fixed\" srcset=\"https:\/\/afc.cat\/wp-content\/uploads\/2022\/06\/07-Jose-Braojos-Morales-21-Punts-320x202.jpg 320w, https:\/\/afc.cat\/wp-content\/uploads\/2022\/06\/07-Jose-Braojos-Morales-21-Punts-700x441.jpg 700w\" sizes=\"(max-width: 320px) 100vw, 320px\" \/><\/a><\/div><\/div><div style=\"padding:5px;\" class=\"fusion-grid-column fusion-gallery-column fusion-gallery-column-6 hover-type-zoomin\"><div class=\"fusion-gallery-image\"><a href=\"https:\/\/afc.cat\/wp-content\/uploads\/2022\/06\/08-Joan-Soldevila-Adan-21-Punts.jpg\" data-title=\"08-Joan Soldevila Ad\u00e1n-21 Punts\" title=\"08-Joan Soldevila Ad\u00e1n-21 Punts\" rel=\"noreferrer\" data-rel=\"iLightbox[gallery_image_1]\" class=\"fusion-lightbox\" target=\"_self\"><img decoding=\"async\" src=\"https:\/\/afc.cat\/wp-content\/uploads\/2022\/06\/08-Joan-Soldevila-Adan-21-Punts-320x202.jpg\" width=\"320\" height=\"202\" alt=\"\" title=\"08-Joan Soldevila Ad\u00e1n-21 Punts\" aria-label=\"08-Joan Soldevila Ad\u00e1n-21 Punts\" class=\"img-responsive wp-image-28191 fusion-gallery-image-size-fixed\" \/><\/a><\/div><\/div><div style=\"padding:5px;\" class=\"fusion-grid-column fusion-gallery-column fusion-gallery-column-6 hover-type-zoomin\"><div class=\"fusion-gallery-image\"><a href=\"https:\/\/afc.cat\/wp-content\/uploads\/2022\/06\/09-Rosa-Cristofol-Martinez-21-Punts.jpg\" data-title=\"09-Rosa Crist\u00f2fol Mart\u00ednez-21 Punts\" title=\"09-Rosa Crist\u00f2fol Mart\u00ednez-21 Punts\" rel=\"noreferrer\" data-rel=\"iLightbox[gallery_image_1]\" class=\"fusion-lightbox\" target=\"_self\"><img decoding=\"async\" src=\"https:\/\/afc.cat\/wp-content\/uploads\/2022\/06\/09-Rosa-Cristofol-Martinez-21-Punts-320x202.jpg\" width=\"320\" height=\"202\" alt=\"\" title=\"09-Rosa Crist\u00f2fol Mart\u00ednez-21 Punts\" aria-label=\"09-Rosa Crist\u00f2fol Mart\u00ednez-21 Punts\" class=\"img-responsive wp-image-28193 fusion-gallery-image-size-fixed\" srcset=\"https:\/\/afc.cat\/wp-content\/uploads\/2022\/06\/09-Rosa-Cristofol-Martinez-21-Punts-320x202.jpg 320w, https:\/\/afc.cat\/wp-content\/uploads\/2022\/06\/09-Rosa-Cristofol-Martinez-21-Punts-700x441.jpg 700w\" sizes=\"(max-width: 320px) 100vw, 320px\" \/><\/a><\/div><\/div><div style=\"padding:5px;\" class=\"fusion-grid-column fusion-gallery-column fusion-gallery-column-6 hover-type-zoomin\"><div class=\"fusion-gallery-image\"><a href=\"https:\/\/afc.cat\/wp-content\/uploads\/2022\/06\/10-Elena-Sanchez-Vizcaino-Mengual-21-Punts.jpg\" data-title=\"10-Elena S\u00e1nchez-Vizca\u00edno Mengual-21 Punts\" title=\"10-Elena S\u00e1nchez-Vizca\u00edno Mengual-21 Punts\" rel=\"noreferrer\" data-rel=\"iLightbox[gallery_image_1]\" class=\"fusion-lightbox\" target=\"_self\"><img decoding=\"async\" src=\"https:\/\/afc.cat\/wp-content\/uploads\/2022\/06\/10-Elena-Sanchez-Vizcaino-Mengual-21-Punts-320x202.jpg\" width=\"320\" height=\"202\" alt=\"\" title=\"10-Elena S\u00e1nchez-Vizca\u00edno Mengual-21 Punts\" aria-label=\"10-Elena S\u00e1nchez-Vizca\u00edno Mengual-21 Punts\" class=\"img-responsive wp-image-28195 fusion-gallery-image-size-fixed\" srcset=\"https:\/\/afc.cat\/wp-content\/uploads\/2022\/06\/10-Elena-Sanchez-Vizcaino-Mengual-21-Punts-320x202.jpg 320w, https:\/\/afc.cat\/wp-content\/uploads\/2022\/06\/10-Elena-Sanchez-Vizcaino-Mengual-21-Punts-700x441.jpg 700w\" sizes=\"(max-width: 320px) 100vw, 320px\" \/><\/a><\/div><\/div><div style=\"padding:5px;\" class=\"fusion-grid-column fusion-gallery-column fusion-gallery-column-6 hover-type-zoomin\"><div class=\"fusion-gallery-image\"><a href=\"https:\/\/afc.cat\/wp-content\/uploads\/2022\/06\/11-Santiago-Garcia-Cuadrado-20-Punts.jpg\" data-title=\"11-Santiago Garc\u00eda Cuadrado-20 Punts\" title=\"11-Santiago Garc\u00eda Cuadrado-20 Punts\" rel=\"noreferrer\" data-rel=\"iLightbox[gallery_image_1]\" class=\"fusion-lightbox\" target=\"_self\"><img decoding=\"async\" src=\"https:\/\/afc.cat\/wp-content\/uploads\/2022\/06\/11-Santiago-Garcia-Cuadrado-20-Punts-320x202.jpg\" width=\"320\" height=\"202\" alt=\"\" title=\"11-Santiago Garc\u00eda Cuadrado-20 Punts\" aria-label=\"11-Santiago Garc\u00eda Cuadrado-20 Punts\" class=\"img-responsive wp-image-28197 fusion-gallery-image-size-fixed\" srcset=\"https:\/\/afc.cat\/wp-content\/uploads\/2022\/06\/11-Santiago-Garcia-Cuadrado-20-Punts-320x202.jpg 320w, https:\/\/afc.cat\/wp-content\/uploads\/2022\/06\/11-Santiago-Garcia-Cuadrado-20-Punts-700x441.jpg 700w\" sizes=\"(max-width: 320px) 100vw, 320px\" \/><\/a><\/div><\/div><div style=\"padding:5px;\" class=\"fusion-grid-column fusion-gallery-column fusion-gallery-column-6 hover-type-zoomin\"><div class=\"fusion-gallery-image\"><a href=\"https:\/\/afc.cat\/wp-content\/uploads\/2022\/06\/12-Felix-Jose-Vizcaino-Garcia-20-Punts.jpg\" data-title=\"12-F\u00e9lix Jos\u00e9 Vizca\u00edno Garc\u00eda-20 Punts\" title=\"12-F\u00e9lix Jos\u00e9 Vizca\u00edno Garc\u00eda-20 Punts\" rel=\"noreferrer\" data-rel=\"iLightbox[gallery_image_1]\" class=\"fusion-lightbox\" target=\"_self\"><img decoding=\"async\" src=\"https:\/\/afc.cat\/wp-content\/uploads\/2022\/06\/12-Felix-Jose-Vizcaino-Garcia-20-Punts-320x202.jpg\" width=\"320\" height=\"202\" alt=\"\" title=\"12-F\u00e9lix Jos\u00e9 Vizca\u00edno Garc\u00eda-20 Punts\" aria-label=\"12-F\u00e9lix Jos\u00e9 Vizca\u00edno Garc\u00eda-20 Punts\" class=\"img-responsive wp-image-28199 fusion-gallery-image-size-fixed\" \/><\/a><\/div><\/div><div class=\"clearfix\"><\/div><div style=\"padding:5px;\" class=\"fusion-grid-column fusion-gallery-column fusion-gallery-column-6 hover-type-zoomin\"><div class=\"fusion-gallery-image\"><a href=\"https:\/\/afc.cat\/wp-content\/uploads\/2022\/06\/13-David-Penarroya-Hernandez-20-Punts.jpg\" data-title=\"13-David Pe\u00f1arroya Hernandez-20 Punts\" title=\"13-David Pe\u00f1arroya Hernandez-20 Punts\" rel=\"noreferrer\" data-rel=\"iLightbox[gallery_image_1]\" class=\"fusion-lightbox\" target=\"_self\"><img decoding=\"async\" src=\"https:\/\/afc.cat\/wp-content\/uploads\/2022\/06\/13-David-Penarroya-Hernandez-20-Punts-320x202.jpg\" width=\"320\" height=\"202\" alt=\"\" title=\"13-David Pe\u00f1arroya Hernandez-20 Punts\" aria-label=\"13-David Pe\u00f1arroya Hernandez-20 Punts\" class=\"img-responsive wp-image-28201 fusion-gallery-image-size-fixed\" \/><\/a><\/div><\/div><div style=\"padding:5px;\" class=\"fusion-grid-column fusion-gallery-column fusion-gallery-column-6 hover-type-zoomin\"><div class=\"fusion-gallery-image\"><a href=\"https:\/\/afc.cat\/wp-content\/uploads\/2022\/06\/14-Antoni-Torres-Bargallo-20-Punts.jpg\" data-title=\"14-Antoni Torres Bargall\u00f3-20 Punts\" title=\"14-Antoni Torres Bargall\u00f3-20 Punts\" rel=\"noreferrer\" data-rel=\"iLightbox[gallery_image_1]\" class=\"fusion-lightbox\" target=\"_self\"><img decoding=\"async\" src=\"https:\/\/afc.cat\/wp-content\/uploads\/2022\/06\/14-Antoni-Torres-Bargallo-20-Punts-320x202.jpg\" width=\"320\" height=\"202\" alt=\"\" title=\"14-Antoni Torres Bargall\u00f3-20 Punts\" aria-label=\"14-Antoni Torres Bargall\u00f3-20 Punts\" class=\"img-responsive wp-image-28203 fusion-gallery-image-size-fixed\" srcset=\"https:\/\/afc.cat\/wp-content\/uploads\/2022\/06\/14-Antoni-Torres-Bargallo-20-Punts-320x202.jpg 320w, https:\/\/afc.cat\/wp-content\/uploads\/2022\/06\/14-Antoni-Torres-Bargallo-20-Punts-700x441.jpg 700w\" sizes=\"(max-width: 320px) 100vw, 320px\" \/><\/a><\/div><\/div><div style=\"padding:5px;\" class=\"fusion-grid-column fusion-gallery-column fusion-gallery-column-6 hover-type-zoomin\"><div class=\"fusion-gallery-image\"><a href=\"https:\/\/afc.cat\/wp-content\/uploads\/2022\/06\/15-Margarita-fresco-crespo-20-Punts.jpg\" data-title=\"15-Margarita fresco crespo-20 Punts\" title=\"15-Margarita fresco crespo-20 Punts\" rel=\"noreferrer\" data-rel=\"iLightbox[gallery_image_1]\" class=\"fusion-lightbox\" target=\"_self\"><img decoding=\"async\" src=\"https:\/\/afc.cat\/wp-content\/uploads\/2022\/06\/15-Margarita-fresco-crespo-20-Punts-320x202.jpg\" width=\"320\" height=\"202\" alt=\"\" title=\"15-Margarita fresco crespo-20 Punts\" aria-label=\"15-Margarita fresco crespo-20 Punts\" class=\"img-responsive wp-image-28205 fusion-gallery-image-size-fixed\" \/><\/a><\/div><\/div><div style=\"padding:5px;\" class=\"fusion-grid-column fusion-gallery-column fusion-gallery-column-6 hover-type-zoomin\"><div class=\"fusion-gallery-image\"><a href=\"https:\/\/afc.cat\/wp-content\/uploads\/2022\/06\/16-Carles-Artes-Salas-20-Punts.jpg\" data-title=\"16-Carles Art\u00e9s Salas-20 Punts\" title=\"16-Carles Art\u00e9s Salas-20 Punts\" rel=\"noreferrer\" data-rel=\"iLightbox[gallery_image_1]\" class=\"fusion-lightbox\" target=\"_self\"><img decoding=\"async\" src=\"https:\/\/afc.cat\/wp-content\/uploads\/2022\/06\/16-Carles-Artes-Salas-20-Punts-320x202.jpg\" width=\"320\" height=\"202\" alt=\"\" title=\"16-Carles Art\u00e9s Salas-20 Punts\" aria-label=\"16-Carles Art\u00e9s Salas-20 Punts\" class=\"img-responsive wp-image-28207 fusion-gallery-image-size-fixed\" srcset=\"https:\/\/afc.cat\/wp-content\/uploads\/2022\/06\/16-Carles-Artes-Salas-20-Punts-320x202.jpg 320w, https:\/\/afc.cat\/wp-content\/uploads\/2022\/06\/16-Carles-Artes-Salas-20-Punts-700x441.jpg 700w\" sizes=\"(max-width: 320px) 100vw, 320px\" \/><\/a><\/div><\/div><div style=\"padding:5px;\" class=\"fusion-grid-column fusion-gallery-column fusion-gallery-column-6 hover-type-zoomin\"><div class=\"fusion-gallery-image\"><a href=\"https:\/\/afc.cat\/wp-content\/uploads\/2022\/06\/17-Jaume-Estrada-Martras-19-Punts.jpg\" data-title=\"17-Jaume Estrada Martras-19 Punts\" title=\"17-Jaume Estrada Martras-19 Punts\" rel=\"noreferrer\" data-rel=\"iLightbox[gallery_image_1]\" class=\"fusion-lightbox\" target=\"_self\"><img decoding=\"async\" src=\"https:\/\/afc.cat\/wp-content\/uploads\/2022\/06\/17-Jaume-Estrada-Martras-19-Punts-320x202.jpg\" width=\"320\" height=\"202\" alt=\"\" title=\"17-Jaume Estrada Martras-19 Punts\" aria-label=\"17-Jaume Estrada Martras-19 Punts\" class=\"img-responsive wp-image-28209 fusion-gallery-image-size-fixed\" \/><\/a><\/div><\/div><div style=\"padding:5px;\" class=\"fusion-grid-column fusion-gallery-column fusion-gallery-column-6 hover-type-zoomin\"><div class=\"fusion-gallery-image\"><a href=\"https:\/\/afc.cat\/wp-content\/uploads\/2022\/06\/18-Damian-Tous-Vazquez-19-Punts.jpg\" data-title=\"18-Dami\u00e1n Tous Vazquez-19 Punts\" title=\"18-Dami\u00e1n Tous Vazquez-19 Punts\" rel=\"noreferrer\" data-rel=\"iLightbox[gallery_image_1]\" class=\"fusion-lightbox\" target=\"_self\"><img decoding=\"async\" src=\"https:\/\/afc.cat\/wp-content\/uploads\/2022\/06\/18-Damian-Tous-Vazquez-19-Punts-320x202.jpg\" width=\"320\" height=\"202\" alt=\"\" title=\"18-Dami\u00e1n Tous Vazquez-19 Punts\" aria-label=\"18-Dami\u00e1n Tous Vazquez-19 Punts\" class=\"img-responsive wp-image-28211 fusion-gallery-image-size-fixed\" srcset=\"https:\/\/afc.cat\/wp-content\/uploads\/2022\/06\/18-Damian-Tous-Vazquez-19-Punts-320x202.jpg 320w, https:\/\/afc.cat\/wp-content\/uploads\/2022\/06\/18-Damian-Tous-Vazquez-19-Punts-700x441.jpg 700w\" sizes=\"(max-width: 320px) 100vw, 320px\" \/><\/a><\/div><\/div><div class=\"clearfix\"><\/div><div style=\"padding:5px;\" class=\"fusion-grid-column fusion-gallery-column fusion-gallery-column-6 hover-type-zoomin\"><div class=\"fusion-gallery-image\"><a href=\"https:\/\/afc.cat\/wp-content\/uploads\/2022\/06\/19-Francesca-Portoles-Braso-19-Punts.jpg\" data-title=\"19-Francesca Portol\u00e9s Bras\u00f3-19 Punts\" title=\"19-Francesca Portol\u00e9s Bras\u00f3-19 Punts\" rel=\"noreferrer\" data-rel=\"iLightbox[gallery_image_1]\" class=\"fusion-lightbox\" target=\"_self\"><img decoding=\"async\" src=\"https:\/\/afc.cat\/wp-content\/uploads\/2022\/06\/19-Francesca-Portoles-Braso-19-Punts-320x202.jpg\" width=\"320\" height=\"202\" alt=\"\" title=\"19-Francesca Portol\u00e9s Bras\u00f3-19 Punts\" aria-label=\"19-Francesca Portol\u00e9s Bras\u00f3-19 Punts\" class=\"img-responsive wp-image-28213 fusion-gallery-image-size-fixed\" \/><\/a><\/div><\/div><div style=\"padding:5px;\" class=\"fusion-grid-column fusion-gallery-column fusion-gallery-column-6 hover-type-zoomin\"><div class=\"fusion-gallery-image\"><a href=\"https:\/\/afc.cat\/wp-content\/uploads\/2022\/06\/20-Toni-Torras-Llaurado-19-Punts.jpg\" data-title=\"20-Toni Torras Llaurad\u00f3-19 Punts\" title=\"20-Toni Torras Llaurad\u00f3-19 Punts\" rel=\"noreferrer\" data-rel=\"iLightbox[gallery_image_1]\" class=\"fusion-lightbox\" target=\"_self\"><img decoding=\"async\" src=\"https:\/\/afc.cat\/wp-content\/uploads\/2022\/06\/20-Toni-Torras-Llaurado-19-Punts-320x202.jpg\" width=\"320\" height=\"202\" alt=\"\" title=\"20-Toni Torras Llaurad\u00f3-19 Punts\" aria-label=\"20-Toni Torras Llaurad\u00f3-19 Punts\" class=\"img-responsive wp-image-28215 fusion-gallery-image-size-fixed\" srcset=\"https:\/\/afc.cat\/wp-content\/uploads\/2022\/06\/20-Toni-Torras-Llaurado-19-Punts-320x202.jpg 320w, https:\/\/afc.cat\/wp-content\/uploads\/2022\/06\/20-Toni-Torras-Llaurado-19-Punts-700x441.jpg 700w\" sizes=\"(max-width: 320px) 100vw, 320px\" \/><\/a><\/div><\/div><div style=\"padding:5px;\" class=\"fusion-grid-column fusion-gallery-column fusion-gallery-column-6 hover-type-zoomin\"><div class=\"fusion-gallery-image\"><a href=\"https:\/\/afc.cat\/wp-content\/uploads\/2022\/06\/21-Carmen-Camprodon-Vidal-19-Punts.jpg\" data-title=\"21-Carmen Camprodon Vidal-19 Punts\" title=\"21-Carmen Camprodon Vidal-19 Punts\" rel=\"noreferrer\" data-rel=\"iLightbox[gallery_image_1]\" class=\"fusion-lightbox\" target=\"_self\"><img decoding=\"async\" src=\"https:\/\/afc.cat\/wp-content\/uploads\/2022\/06\/21-Carmen-Camprodon-Vidal-19-Punts-320x202.jpg\" width=\"320\" height=\"202\" alt=\"\" title=\"21-Carmen Camprodon Vidal-19 Punts\" aria-label=\"21-Carmen Camprodon Vidal-19 Punts\" class=\"img-responsive wp-image-28217 fusion-gallery-image-size-fixed\" \/><\/a><\/div><\/div><div style=\"padding:5px;\" class=\"fusion-grid-column fusion-gallery-column fusion-gallery-column-6 hover-type-zoomin\"><div class=\"fusion-gallery-image\"><a href=\"https:\/\/afc.cat\/wp-content\/uploads\/2022\/06\/22-Adolfo-Garcia-Bastard-18-Punts.jpg\" data-title=\"22-Adolfo Garcia Bastard-18 Punts\" title=\"22-Adolfo Garcia Bastard-18 Punts\" rel=\"noreferrer\" data-rel=\"iLightbox[gallery_image_1]\" class=\"fusion-lightbox\" target=\"_self\"><img decoding=\"async\" src=\"https:\/\/afc.cat\/wp-content\/uploads\/2022\/06\/22-Adolfo-Garcia-Bastard-18-Punts-320x202.jpg\" width=\"320\" height=\"202\" alt=\"\" title=\"22-Adolfo Garcia Bastard-18 Punts\" aria-label=\"22-Adolfo Garcia Bastard-18 Punts\" class=\"img-responsive wp-image-28219 fusion-gallery-image-size-fixed\" srcset=\"https:\/\/afc.cat\/wp-content\/uploads\/2022\/06\/22-Adolfo-Garcia-Bastard-18-Punts-320x202.jpg 320w, https:\/\/afc.cat\/wp-content\/uploads\/2022\/06\/22-Adolfo-Garcia-Bastard-18-Punts-700x441.jpg 700w\" sizes=\"(max-width: 320px) 100vw, 320px\" \/><\/a><\/div><\/div><div style=\"padding:5px;\" class=\"fusion-grid-column fusion-gallery-column fusion-gallery-column-6 hover-type-zoomin\"><div class=\"fusion-gallery-image\"><a href=\"https:\/\/afc.cat\/wp-content\/uploads\/2022\/06\/23-Jordi-Batet-i-Escobedo-18-Punts.jpg\" data-title=\"23-Jordi Batet i Escobedo-18 Punts\" title=\"23-Jordi Batet i Escobedo-18 Punts\" rel=\"noreferrer\" data-rel=\"iLightbox[gallery_image_1]\" class=\"fusion-lightbox\" target=\"_self\"><img decoding=\"async\" src=\"https:\/\/afc.cat\/wp-content\/uploads\/2022\/06\/23-Jordi-Batet-i-Escobedo-18-Punts-320x202.jpg\" width=\"320\" height=\"202\" alt=\"\" title=\"23-Jordi Batet i Escobedo-18 Punts\" aria-label=\"23-Jordi Batet i Escobedo-18 Punts\" class=\"img-responsive wp-image-28221 fusion-gallery-image-size-fixed\" srcset=\"https:\/\/afc.cat\/wp-content\/uploads\/2022\/06\/23-Jordi-Batet-i-Escobedo-18-Punts-320x202.jpg 320w, https:\/\/afc.cat\/wp-content\/uploads\/2022\/06\/23-Jordi-Batet-i-Escobedo-18-Punts-700x441.jpg 700w\" sizes=\"(max-width: 320px) 100vw, 320px\" \/><\/a><\/div><\/div><div style=\"padding:5px;\" class=\"fusion-grid-column fusion-gallery-column fusion-gallery-column-6 hover-type-zoomin\"><div class=\"fusion-gallery-image\"><a href=\"https:\/\/afc.cat\/wp-content\/uploads\/2022\/06\/24-Angel-Colado-Palacios-17-Punts.jpg\" data-title=\"24-\u00c1ngel Colado Palacios-17 Punts\" title=\"24-\u00c1ngel Colado Palacios-17 Punts\" rel=\"noreferrer\" data-rel=\"iLightbox[gallery_image_1]\" class=\"fusion-lightbox\" target=\"_self\"><img decoding=\"async\" src=\"https:\/\/afc.cat\/wp-content\/uploads\/2022\/06\/24-Angel-Colado-Palacios-17-Punts-320x202.jpg\" width=\"320\" height=\"202\" alt=\"\" title=\"24-\u00c1ngel Colado Palacios-17 Punts\" aria-label=\"24-\u00c1ngel Colado Palacios-17 Punts\" class=\"img-responsive wp-image-28223 fusion-gallery-image-size-fixed\" \/><\/a><\/div><\/div><div class=\"clearfix\"><\/div><div style=\"padding:5px;\" class=\"fusion-grid-column fusion-gallery-column fusion-gallery-column-6 hover-type-zoomin\"><div class=\"fusion-gallery-image\"><a href=\"https:\/\/afc.cat\/wp-content\/uploads\/2022\/06\/25-Pere-Josep-Sanchez-Romero-17-Punts.jpg\" data-title=\"25-Pere Josep S\u00e1nchez Romero-17 Punts\" title=\"25-Pere Josep S\u00e1nchez Romero-17 Punts\" rel=\"noreferrer\" data-rel=\"iLightbox[gallery_image_1]\" class=\"fusion-lightbox\" target=\"_self\"><img decoding=\"async\" src=\"https:\/\/afc.cat\/wp-content\/uploads\/2022\/06\/25-Pere-Josep-Sanchez-Romero-17-Punts-320x202.jpg\" width=\"320\" height=\"202\" alt=\"\" title=\"25-Pere Josep S\u00e1nchez Romero-17 Punts\" aria-label=\"25-Pere Josep S\u00e1nchez Romero-17 Punts\" class=\"img-responsive wp-image-28225 fusion-gallery-image-size-fixed\" \/><\/a><\/div><\/div><div style=\"padding:5px;\" class=\"fusion-grid-column fusion-gallery-column fusion-gallery-column-6 hover-type-zoomin\"><div class=\"fusion-gallery-image\"><a href=\"https:\/\/afc.cat\/wp-content\/uploads\/2022\/06\/26-Carles-Lastra-Antonell-17-Punts.jpg\" data-title=\"26-Carles Lastra Antonell-17 Punts\" title=\"26-Carles Lastra Antonell-17 Punts\" rel=\"noreferrer\" data-rel=\"iLightbox[gallery_image_1]\" class=\"fusion-lightbox\" target=\"_self\"><img decoding=\"async\" src=\"https:\/\/afc.cat\/wp-content\/uploads\/2022\/06\/26-Carles-Lastra-Antonell-17-Punts-320x202.jpg\" width=\"320\" height=\"202\" alt=\"\" title=\"26-Carles Lastra Antonell-17 Punts\" aria-label=\"26-Carles Lastra Antonell-17 Punts\" class=\"img-responsive wp-image-28227 fusion-gallery-image-size-fixed\" srcset=\"https:\/\/afc.cat\/wp-content\/uploads\/2022\/06\/26-Carles-Lastra-Antonell-17-Punts-320x202.jpg 320w, https:\/\/afc.cat\/wp-content\/uploads\/2022\/06\/26-Carles-Lastra-Antonell-17-Punts-700x441.jpg 700w\" sizes=\"(max-width: 320px) 100vw, 320px\" \/><\/a><\/div><\/div><div style=\"padding:5px;\" class=\"fusion-grid-column fusion-gallery-column fusion-gallery-column-6 hover-type-zoomin\"><div class=\"fusion-gallery-image\"><a href=\"https:\/\/afc.cat\/wp-content\/uploads\/2022\/06\/27-Josep-Soler-Vendrell-16-Punts.jpg\" data-title=\"27-Josep Soler Vendrell-16 Punts\" title=\"27-Josep Soler Vendrell-16 Punts\" rel=\"noreferrer\" data-rel=\"iLightbox[gallery_image_1]\" class=\"fusion-lightbox\" target=\"_self\"><img decoding=\"async\" src=\"https:\/\/afc.cat\/wp-content\/uploads\/2022\/06\/27-Josep-Soler-Vendrell-16-Punts-320x202.jpg\" width=\"320\" height=\"202\" alt=\"\" title=\"27-Josep Soler Vendrell-16 Punts\" aria-label=\"27-Josep Soler Vendrell-16 Punts\" class=\"img-responsive wp-image-28229 fusion-gallery-image-size-fixed\" \/><\/a><\/div><\/div><div style=\"padding:5px;\" class=\"fusion-grid-column fusion-gallery-column fusion-gallery-column-6 hover-type-zoomin\"><div class=\"fusion-gallery-image\"><a href=\"https:\/\/afc.cat\/wp-content\/uploads\/2022\/06\/28-Carmen-Casademont-Ribot-15-Punts.jpg\" data-title=\"28-Carmen Casademont Ribot-15 Punts\" title=\"28-Carmen Casademont Ribot-15 Punts\" rel=\"noreferrer\" data-rel=\"iLightbox[gallery_image_1]\" class=\"fusion-lightbox\" target=\"_self\"><img decoding=\"async\" src=\"https:\/\/afc.cat\/wp-content\/uploads\/2022\/06\/28-Carmen-Casademont-Ribot-15-Punts-320x202.jpg\" width=\"320\" height=\"202\" alt=\"\" title=\"28-Carmen Casademont Ribot-15 Punts\" aria-label=\"28-Carmen Casademont Ribot-15 Punts\" class=\"img-responsive wp-image-28231 fusion-gallery-image-size-fixed\" \/><\/a><\/div><\/div><div style=\"padding:5px;\" class=\"fusion-grid-column fusion-gallery-column fusion-gallery-column-6 hover-type-zoomin\"><div class=\"fusion-gallery-image\"><a href=\"https:\/\/afc.cat\/wp-content\/uploads\/2022\/06\/29-Antoni-Serrano-i-Cortes-15-Punts.jpg\" data-title=\"29-Antoni Serrano i Cort\u00e8s-15 Punts\" title=\"29-Antoni Serrano i Cort\u00e8s-15 Punts\" rel=\"noreferrer\" data-rel=\"iLightbox[gallery_image_1]\" class=\"fusion-lightbox\" target=\"_self\"><img decoding=\"async\" src=\"https:\/\/afc.cat\/wp-content\/uploads\/2022\/06\/29-Antoni-Serrano-i-Cortes-15-Punts-320x202.jpg\" width=\"320\" height=\"202\" alt=\"\" title=\"29-Antoni Serrano i Cort\u00e8s-15 Punts\" aria-label=\"29-Antoni Serrano i Cort\u00e8s-15 Punts\" class=\"img-responsive wp-image-28233 fusion-gallery-image-size-fixed\" srcset=\"https:\/\/afc.cat\/wp-content\/uploads\/2022\/06\/29-Antoni-Serrano-i-Cortes-15-Punts-320x202.jpg 320w, https:\/\/afc.cat\/wp-content\/uploads\/2022\/06\/29-Antoni-Serrano-i-Cortes-15-Punts-700x441.jpg 700w\" sizes=\"(max-width: 320px) 100vw, 320px\" \/><\/a><\/div><\/div><div style=\"padding:5px;\" class=\"fusion-grid-column fusion-gallery-column fusion-gallery-column-6 hover-type-zoomin\"><div class=\"fusion-gallery-image\"><a href=\"https:\/\/afc.cat\/wp-content\/uploads\/2022\/06\/30-Albert-Bolea-Noya-15-Punts.jpg\" data-title=\"30-Albert Bolea Noya-15 Punts\" title=\"30-Albert Bolea Noya-15 Punts\" rel=\"noreferrer\" data-rel=\"iLightbox[gallery_image_1]\" class=\"fusion-lightbox\" target=\"_self\"><img decoding=\"async\" src=\"https:\/\/afc.cat\/wp-content\/uploads\/2022\/06\/30-Albert-Bolea-Noya-15-Punts-320x202.jpg\" width=\"320\" height=\"202\" alt=\"\" title=\"30-Albert Bolea Noya-15 Punts\" aria-label=\"30-Albert Bolea Noya-15 Punts\" class=\"img-responsive wp-image-28235 fusion-gallery-image-size-fixed\" srcset=\"https:\/\/afc.cat\/wp-content\/uploads\/2022\/06\/30-Albert-Bolea-Noya-15-Punts-320x202.jpg 320w, https:\/\/afc.cat\/wp-content\/uploads\/2022\/06\/30-Albert-Bolea-Noya-15-Punts-700x441.jpg 700w\" sizes=\"(max-width: 320px) 100vw, 320px\" \/><\/a><\/div><\/div><div class=\"clearfix\"><\/div><\/div><div class=\"fusion-separator fusion-full-width-sep\" style=\"align-self: center;margin-left: auto;margin-right: auto;margin-top:20px;margin-bottom:20px;width:100%;\"><div class=\"fusion-separator-border sep-single sep-solid\" style=\"border-color:#3ec0bf;border-top-width:1px;\"><\/div><\/div><div class=\"fusion-text fusion-text-4\"><p style=\"text-align: center;\"><strong>PUNTUACI\u00d3N GENERAL ACUMULADA COLOR<\/strong><\/p>\n<\/div><div style=\"text-align:center;\"><style>.fusion-imageframe.imageframe-2{ margin-bottom : 5%;}<\/style><span class=\" fusion-imageframe imageframe-none imageframe-2 hover-type-zoomin\"><img decoding=\"async\" width=\"716\" height=\"1208\" title=\"Clasificaci\u00f3n T.O. Mayo 22 &#8211; color\" src=\"https:\/\/afc.cat\/wp-content\/uploads\/2022\/06\/clasificacio-TO-Maig-22-color.jpg\" alt class=\"img-responsive wp-image-28328\" srcset=\"https:\/\/afc.cat\/wp-content\/uploads\/2022\/06\/clasificacio-TO-Maig-22-color-200x337.jpg 200w, https:\/\/afc.cat\/wp-content\/uploads\/2022\/06\/clasificacio-TO-Maig-22-color-400x675.jpg 400w, https:\/\/afc.cat\/wp-content\/uploads\/2022\/06\/clasificacio-TO-Maig-22-color-600x1012.jpg 600w, https:\/\/afc.cat\/wp-content\/uploads\/2022\/06\/clasificacio-TO-Maig-22-color.jpg 716w\" sizes=\"(max-width: 640px) 100vw, 716px\" \/><\/span><\/div><div class=\"fusion-text fusion-text-5\"><p style=\"text-align: center;\"><strong>Classificaci\u00f3n color de mayo 2022<\/strong><\/p>\n<p style=\"text-align: center;\"><strong>(30 participantes)<\/strong><\/p>\n<\/div><style type=\"text\/css\">.fusion-gallery-2 .fusion-gallery-image {border:0px solid #e2e2e2;}<\/style><div class=\"fusion-gallery fusion-gallery-container fusion-grid-6 fusion-columns-total-30 fusion-gallery-layout-grid fusion-gallery-2\" style=\"margin:-5px;\"><div style=\"padding:5px;\" class=\"fusion-grid-column fusion-gallery-column fusion-gallery-column-6 hover-type-zoomin\"><div class=\"fusion-gallery-image\"><a href=\"https:\/\/afc.cat\/wp-content\/uploads\/2022\/06\/01-Irene-Sanz-Ramirez-25-Punts.jpg\" data-title=\"01-Irene Sanz Ramirez-25 Punts\" title=\"01-Irene Sanz Ramirez-25 Punts\" rel=\"noreferrer\" data-rel=\"iLightbox[gallery_image_2]\" class=\"fusion-lightbox\" target=\"_self\"><img decoding=\"async\" src=\"https:\/\/afc.cat\/wp-content\/uploads\/2022\/06\/01-Irene-Sanz-Ramirez-25-Punts-320x202.jpg\" width=\"320\" height=\"202\" alt=\"\" title=\"01-Irene Sanz Ramirez-25 Punts\" aria-label=\"01-Irene Sanz Ramirez-25 Punts\" class=\"img-responsive wp-image-28237 fusion-gallery-image-size-fixed\" srcset=\"https:\/\/afc.cat\/wp-content\/uploads\/2022\/06\/01-Irene-Sanz-Ramirez-25-Punts-320x202.jpg 320w, https:\/\/afc.cat\/wp-content\/uploads\/2022\/06\/01-Irene-Sanz-Ramirez-25-Punts-700x441.jpg 700w\" sizes=\"(max-width: 320px) 100vw, 320px\" \/><\/a><\/div><\/div><div style=\"padding:5px;\" class=\"fusion-grid-column fusion-gallery-column fusion-gallery-column-6 hover-type-zoomin\"><div class=\"fusion-gallery-image\"><a href=\"https:\/\/afc.cat\/wp-content\/uploads\/2022\/06\/02-Carmen-Camprodon-Vidal-24-Punts.jpg\" data-title=\"02-Carmen Camprodon Vidal-24 Punts\" title=\"02-Carmen Camprodon Vidal-24 Punts\" rel=\"noreferrer\" data-rel=\"iLightbox[gallery_image_2]\" class=\"fusion-lightbox\" target=\"_self\"><img decoding=\"async\" src=\"https:\/\/afc.cat\/wp-content\/uploads\/2022\/06\/02-Carmen-Camprodon-Vidal-24-Punts-320x202.jpg\" width=\"320\" height=\"202\" alt=\"\" title=\"02-Carmen Camprodon Vidal-24 Punts\" aria-label=\"02-Carmen Camprodon Vidal-24 Punts\" class=\"img-responsive wp-image-28239 fusion-gallery-image-size-fixed\" \/><\/a><\/div><\/div><div style=\"padding:5px;\" class=\"fusion-grid-column fusion-gallery-column fusion-gallery-column-6 hover-type-zoomin\"><div class=\"fusion-gallery-image\"><a href=\"https:\/\/afc.cat\/wp-content\/uploads\/2022\/06\/03-Angel-Colado-Palacios-23-Punts.jpg\" data-title=\"03-\u00c1ngel Colado Palacios-23 Punts\" title=\"03-\u00c1ngel Colado Palacios-23 Punts\" rel=\"noreferrer\" data-rel=\"iLightbox[gallery_image_2]\" class=\"fusion-lightbox\" target=\"_self\"><img decoding=\"async\" src=\"https:\/\/afc.cat\/wp-content\/uploads\/2022\/06\/03-Angel-Colado-Palacios-23-Punts-320x202.jpg\" width=\"320\" height=\"202\" alt=\"\" title=\"03-\u00c1ngel Colado Palacios-23 Punts\" aria-label=\"03-\u00c1ngel Colado Palacios-23 Punts\" class=\"img-responsive wp-image-28241 fusion-gallery-image-size-fixed\" srcset=\"https:\/\/afc.cat\/wp-content\/uploads\/2022\/06\/03-Angel-Colado-Palacios-23-Punts-320x202.jpg 320w, https:\/\/afc.cat\/wp-content\/uploads\/2022\/06\/03-Angel-Colado-Palacios-23-Punts-700x441.jpg 700w\" sizes=\"(max-width: 320px) 100vw, 320px\" \/><\/a><\/div><\/div><div style=\"padding:5px;\" class=\"fusion-grid-column fusion-gallery-column fusion-gallery-column-6 hover-type-zoomin\"><div class=\"fusion-gallery-image\"><a href=\"https:\/\/afc.cat\/wp-content\/uploads\/2022\/06\/04-Antoni-Torres-Bargallo-23-Punts.jpg\" data-title=\"04-Antoni Torres Bargall\u00f3-23 Punts\" title=\"04-Antoni Torres Bargall\u00f3-23 Punts\" rel=\"noreferrer\" data-rel=\"iLightbox[gallery_image_2]\" class=\"fusion-lightbox\" target=\"_self\"><img decoding=\"async\" src=\"https:\/\/afc.cat\/wp-content\/uploads\/2022\/06\/04-Antoni-Torres-Bargallo-23-Punts-320x202.jpg\" width=\"320\" height=\"202\" alt=\"\" title=\"04-Antoni Torres Bargall\u00f3-23 Punts\" aria-label=\"04-Antoni Torres Bargall\u00f3-23 Punts\" class=\"img-responsive wp-image-28243 fusion-gallery-image-size-fixed\" srcset=\"https:\/\/afc.cat\/wp-content\/uploads\/2022\/06\/04-Antoni-Torres-Bargallo-23-Punts-320x202.jpg 320w, https:\/\/afc.cat\/wp-content\/uploads\/2022\/06\/04-Antoni-Torres-Bargallo-23-Punts-700x441.jpg 700w\" sizes=\"(max-width: 320px) 100vw, 320px\" \/><\/a><\/div><\/div><div style=\"padding:5px;\" class=\"fusion-grid-column fusion-gallery-column fusion-gallery-column-6 hover-type-zoomin\"><div class=\"fusion-gallery-image\"><a href=\"https:\/\/afc.cat\/wp-content\/uploads\/2022\/06\/05-Pere-Josep-Sanchez-Romero-23-Punts.jpg\" data-title=\"05-Pere Josep S\u00e1nchez Romero-23 Punts\" title=\"05-Pere Josep S\u00e1nchez Romero-23 Punts\" rel=\"noreferrer\" data-rel=\"iLightbox[gallery_image_2]\" class=\"fusion-lightbox\" target=\"_self\"><img decoding=\"async\" src=\"https:\/\/afc.cat\/wp-content\/uploads\/2022\/06\/05-Pere-Josep-Sanchez-Romero-23-Punts-320x202.jpg\" width=\"320\" height=\"202\" alt=\"\" title=\"05-Pere Josep S\u00e1nchez Romero-23 Punts\" aria-label=\"05-Pere Josep S\u00e1nchez Romero-23 Punts\" class=\"img-responsive wp-image-28245 fusion-gallery-image-size-fixed\" srcset=\"https:\/\/afc.cat\/wp-content\/uploads\/2022\/06\/05-Pere-Josep-Sanchez-Romero-23-Punts-320x202.jpg 320w, https:\/\/afc.cat\/wp-content\/uploads\/2022\/06\/05-Pere-Josep-Sanchez-Romero-23-Punts-700x441.jpg 700w\" sizes=\"(max-width: 320px) 100vw, 320px\" \/><\/a><\/div><\/div><div style=\"padding:5px;\" class=\"fusion-grid-column fusion-gallery-column fusion-gallery-column-6 hover-type-zoomin\"><div class=\"fusion-gallery-image\"><a href=\"https:\/\/afc.cat\/wp-content\/uploads\/2022\/06\/06-Joan-Rue-Domingo-22-Punts.jpg\" data-title=\"06-Joan Ru\u00e9 Domingo-22 Punts\" title=\"06-Joan Ru\u00e9 Domingo-22 Punts\" rel=\"noreferrer\" data-rel=\"iLightbox[gallery_image_2]\" class=\"fusion-lightbox\" target=\"_self\"><img decoding=\"async\" src=\"https:\/\/afc.cat\/wp-content\/uploads\/2022\/06\/06-Joan-Rue-Domingo-22-Punts-320x202.jpg\" width=\"320\" height=\"202\" alt=\"\" title=\"06-Joan Ru\u00e9 Domingo-22 Punts\" aria-label=\"06-Joan Ru\u00e9 Domingo-22 Punts\" class=\"img-responsive wp-image-28247 fusion-gallery-image-size-fixed\" srcset=\"https:\/\/afc.cat\/wp-content\/uploads\/2022\/06\/06-Joan-Rue-Domingo-22-Punts-320x202.jpg 320w, https:\/\/afc.cat\/wp-content\/uploads\/2022\/06\/06-Joan-Rue-Domingo-22-Punts-700x441.jpg 700w\" sizes=\"(max-width: 320px) 100vw, 320px\" \/><\/a><\/div><\/div><div class=\"clearfix\"><\/div><div style=\"padding:5px;\" class=\"fusion-grid-column fusion-gallery-column fusion-gallery-column-6 hover-type-zoomin\"><div class=\"fusion-gallery-image\"><a href=\"https:\/\/afc.cat\/wp-content\/uploads\/2022\/06\/07-Jordi-Batet-i-Escobedo-22-Punts.jpg\" data-title=\"07-Jordi Batet i Escobedo-22 Punts\" title=\"07-Jordi Batet i Escobedo-22 Punts\" rel=\"noreferrer\" data-rel=\"iLightbox[gallery_image_2]\" class=\"fusion-lightbox\" target=\"_self\"><img decoding=\"async\" src=\"https:\/\/afc.cat\/wp-content\/uploads\/2022\/06\/07-Jordi-Batet-i-Escobedo-22-Punts-320x202.jpg\" width=\"320\" height=\"202\" alt=\"\" title=\"07-Jordi Batet i Escobedo-22 Punts\" aria-label=\"07-Jordi Batet i Escobedo-22 Punts\" class=\"img-responsive wp-image-28249 fusion-gallery-image-size-fixed\" srcset=\"https:\/\/afc.cat\/wp-content\/uploads\/2022\/06\/07-Jordi-Batet-i-Escobedo-22-Punts-320x202.jpg 320w, https:\/\/afc.cat\/wp-content\/uploads\/2022\/06\/07-Jordi-Batet-i-Escobedo-22-Punts-700x441.jpg 700w\" sizes=\"(max-width: 320px) 100vw, 320px\" \/><\/a><\/div><\/div><div style=\"padding:5px;\" class=\"fusion-grid-column fusion-gallery-column fusion-gallery-column-6 hover-type-zoomin\"><div class=\"fusion-gallery-image\"><a href=\"https:\/\/afc.cat\/wp-content\/uploads\/2022\/06\/08-Anna-Barnes-Guillen-21-Punts.jpg\" data-title=\"08-Anna Barn\u00e9s Guill\u00e9n-21 Punts\" title=\"08-Anna Barn\u00e9s Guill\u00e9n-21 Punts\" rel=\"noreferrer\" data-rel=\"iLightbox[gallery_image_2]\" class=\"fusion-lightbox\" target=\"_self\"><img decoding=\"async\" src=\"https:\/\/afc.cat\/wp-content\/uploads\/2022\/06\/08-Anna-Barnes-Guillen-21-Punts-320x202.jpg\" width=\"320\" height=\"202\" alt=\"\" title=\"08-Anna Barn\u00e9s Guill\u00e9n-21 Punts\" aria-label=\"08-Anna Barn\u00e9s Guill\u00e9n-21 Punts\" class=\"img-responsive wp-image-28251 fusion-gallery-image-size-fixed\" srcset=\"https:\/\/afc.cat\/wp-content\/uploads\/2022\/06\/08-Anna-Barnes-Guillen-21-Punts-320x202.jpg 320w, https:\/\/afc.cat\/wp-content\/uploads\/2022\/06\/08-Anna-Barnes-Guillen-21-Punts-700x441.jpg 700w\" sizes=\"(max-width: 320px) 100vw, 320px\" \/><\/a><\/div><\/div><div style=\"padding:5px;\" class=\"fusion-grid-column fusion-gallery-column fusion-gallery-column-6 hover-type-zoomin\"><div class=\"fusion-gallery-image\"><a href=\"https:\/\/afc.cat\/wp-content\/uploads\/2022\/06\/09-Teresa-Tejero-Lopez-21-Punts.jpg\" data-title=\"09-Teresa Tejero Lopez-21 Punts\" title=\"09-Teresa Tejero Lopez-21 Punts\" rel=\"noreferrer\" data-rel=\"iLightbox[gallery_image_2]\" class=\"fusion-lightbox\" target=\"_self\"><img decoding=\"async\" src=\"https:\/\/afc.cat\/wp-content\/uploads\/2022\/06\/09-Teresa-Tejero-Lopez-21-Punts-320x202.jpg\" width=\"320\" height=\"202\" alt=\"\" title=\"09-Teresa Tejero Lopez-21 Punts\" aria-label=\"09-Teresa Tejero Lopez-21 Punts\" class=\"img-responsive wp-image-28253 fusion-gallery-image-size-fixed\" \/><\/a><\/div><\/div><div style=\"padding:5px;\" class=\"fusion-grid-column fusion-gallery-column fusion-gallery-column-6 hover-type-zoomin\"><div class=\"fusion-gallery-image\"><a href=\"https:\/\/afc.cat\/wp-content\/uploads\/2022\/06\/10-Josep-Soler-Vendrell-21-Punts.jpg\" data-title=\"10-Josep Soler Vendrell-21 Punts\" title=\"10-Josep Soler Vendrell-21 Punts\" rel=\"noreferrer\" data-rel=\"iLightbox[gallery_image_2]\" class=\"fusion-lightbox\" target=\"_self\"><img decoding=\"async\" src=\"https:\/\/afc.cat\/wp-content\/uploads\/2022\/06\/10-Josep-Soler-Vendrell-21-Punts-320x202.jpg\" width=\"320\" height=\"202\" alt=\"\" title=\"10-Josep Soler Vendrell-21 Punts\" aria-label=\"10-Josep Soler Vendrell-21 Punts\" class=\"img-responsive wp-image-28255 fusion-gallery-image-size-fixed\" srcset=\"https:\/\/afc.cat\/wp-content\/uploads\/2022\/06\/10-Josep-Soler-Vendrell-21-Punts-320x202.jpg 320w, https:\/\/afc.cat\/wp-content\/uploads\/2022\/06\/10-Josep-Soler-Vendrell-21-Punts-700x441.jpg 700w\" sizes=\"(max-width: 320px) 100vw, 320px\" \/><\/a><\/div><\/div><div style=\"padding:5px;\" class=\"fusion-grid-column fusion-gallery-column fusion-gallery-column-6 hover-type-zoomin\"><div class=\"fusion-gallery-image\"><a href=\"https:\/\/afc.cat\/wp-content\/uploads\/2022\/06\/11-Carmen-Casademont-Ribot-21-Punts.jpg\" data-title=\"11-Carmen Casademont Ribot-21 Punts\" title=\"11-Carmen Casademont Ribot-21 Punts\" rel=\"noreferrer\" data-rel=\"iLightbox[gallery_image_2]\" class=\"fusion-lightbox\" target=\"_self\"><img decoding=\"async\" src=\"https:\/\/afc.cat\/wp-content\/uploads\/2022\/06\/11-Carmen-Casademont-Ribot-21-Punts-320x202.jpg\" width=\"320\" height=\"202\" alt=\"\" title=\"11-Carmen Casademont Ribot-21 Punts\" aria-label=\"11-Carmen Casademont Ribot-21 Punts\" class=\"img-responsive wp-image-28257 fusion-gallery-image-size-fixed\" srcset=\"https:\/\/afc.cat\/wp-content\/uploads\/2022\/06\/11-Carmen-Casademont-Ribot-21-Punts-320x202.jpg 320w, https:\/\/afc.cat\/wp-content\/uploads\/2022\/06\/11-Carmen-Casademont-Ribot-21-Punts-700x441.jpg 700w\" sizes=\"(max-width: 320px) 100vw, 320px\" \/><\/a><\/div><\/div><div style=\"padding:5px;\" class=\"fusion-grid-column fusion-gallery-column fusion-gallery-column-6 hover-type-zoomin\"><div class=\"fusion-gallery-image\"><a href=\"https:\/\/afc.cat\/wp-content\/uploads\/2022\/06\/12-Gabriel-Bertran-Niculau-21-Punts.jpg\" data-title=\"12-Gabriel Bertran Niculau-21 Punts\" title=\"12-Gabriel Bertran Niculau-21 Punts\" rel=\"noreferrer\" data-rel=\"iLightbox[gallery_image_2]\" class=\"fusion-lightbox\" target=\"_self\"><img decoding=\"async\" src=\"https:\/\/afc.cat\/wp-content\/uploads\/2022\/06\/12-Gabriel-Bertran-Niculau-21-Punts-320x202.jpg\" width=\"320\" height=\"202\" alt=\"\" title=\"12-Gabriel Bertran Niculau-21 Punts\" aria-label=\"12-Gabriel Bertran Niculau-21 Punts\" class=\"img-responsive wp-image-28259 fusion-gallery-image-size-fixed\" \/><\/a><\/div><\/div><div class=\"clearfix\"><\/div><div style=\"padding:5px;\" class=\"fusion-grid-column fusion-gallery-column fusion-gallery-column-6 hover-type-zoomin\"><div class=\"fusion-gallery-image\"><a href=\"https:\/\/afc.cat\/wp-content\/uploads\/2022\/06\/13-Francesca-Portoles-Braso-21-Punts.jpg\" data-title=\"13-Francesca Portol\u00e9s Bras\u00f3-21 Punts\" title=\"13-Francesca Portol\u00e9s Bras\u00f3-21 Punts\" rel=\"noreferrer\" data-rel=\"iLightbox[gallery_image_2]\" class=\"fusion-lightbox\" target=\"_self\"><img decoding=\"async\" src=\"https:\/\/afc.cat\/wp-content\/uploads\/2022\/06\/13-Francesca-Portoles-Braso-21-Punts-320x202.jpg\" width=\"320\" height=\"202\" alt=\"\" title=\"13-Francesca Portol\u00e9s Bras\u00f3-21 Punts\" aria-label=\"13-Francesca Portol\u00e9s Bras\u00f3-21 Punts\" class=\"img-responsive wp-image-28261 fusion-gallery-image-size-fixed\" \/><\/a><\/div><\/div><div style=\"padding:5px;\" class=\"fusion-grid-column fusion-gallery-column fusion-gallery-column-6 hover-type-zoomin\"><div class=\"fusion-gallery-image\"><a href=\"https:\/\/afc.cat\/wp-content\/uploads\/2022\/06\/14-Sara-Assens-Mampel-21-Punts.jpg\" data-title=\"14-Sara Assens Mampel-21 Punts\" title=\"14-Sara Assens Mampel-21 Punts\" rel=\"noreferrer\" data-rel=\"iLightbox[gallery_image_2]\" class=\"fusion-lightbox\" target=\"_self\"><img decoding=\"async\" src=\"https:\/\/afc.cat\/wp-content\/uploads\/2022\/06\/14-Sara-Assens-Mampel-21-Punts-320x202.jpg\" width=\"320\" height=\"202\" alt=\"\" title=\"14-Sara Assens Mampel-21 Punts\" aria-label=\"14-Sara Assens Mampel-21 Punts\" class=\"img-responsive wp-image-28263 fusion-gallery-image-size-fixed\" srcset=\"https:\/\/afc.cat\/wp-content\/uploads\/2022\/06\/14-Sara-Assens-Mampel-21-Punts-320x202.jpg 320w, https:\/\/afc.cat\/wp-content\/uploads\/2022\/06\/14-Sara-Assens-Mampel-21-Punts-700x441.jpg 700w\" sizes=\"(max-width: 320px) 100vw, 320px\" \/><\/a><\/div><\/div><div style=\"padding:5px;\" class=\"fusion-grid-column fusion-gallery-column fusion-gallery-column-6 hover-type-zoomin\"><div class=\"fusion-gallery-image\"><a href=\"https:\/\/afc.cat\/wp-content\/uploads\/2022\/06\/15-Albert-Bolea-Noya-21-Punts.jpg\" data-title=\"15-Albert Bolea Noya-21 Punts\" title=\"15-Albert Bolea Noya-21 Punts\" rel=\"noreferrer\" data-rel=\"iLightbox[gallery_image_2]\" class=\"fusion-lightbox\" target=\"_self\"><img decoding=\"async\" src=\"https:\/\/afc.cat\/wp-content\/uploads\/2022\/06\/15-Albert-Bolea-Noya-21-Punts-320x202.jpg\" width=\"320\" height=\"202\" alt=\"\" title=\"15-Albert Bolea Noya-21 Punts\" aria-label=\"15-Albert Bolea Noya-21 Punts\" class=\"img-responsive wp-image-28265 fusion-gallery-image-size-fixed\" srcset=\"https:\/\/afc.cat\/wp-content\/uploads\/2022\/06\/15-Albert-Bolea-Noya-21-Punts-320x202.jpg 320w, https:\/\/afc.cat\/wp-content\/uploads\/2022\/06\/15-Albert-Bolea-Noya-21-Punts-700x441.jpg 700w\" sizes=\"(max-width: 320px) 100vw, 320px\" \/><\/a><\/div><\/div><div style=\"padding:5px;\" class=\"fusion-grid-column fusion-gallery-column fusion-gallery-column-6 hover-type-zoomin\"><div class=\"fusion-gallery-image\"><a href=\"https:\/\/afc.cat\/wp-content\/uploads\/2022\/06\/16-Carles-Artes-Salas-21-Punts.jpg\" data-title=\"16-Carles Art\u00e9s Salas-21 Punts\" title=\"16-Carles Art\u00e9s Salas-21 Punts\" rel=\"noreferrer\" data-rel=\"iLightbox[gallery_image_2]\" class=\"fusion-lightbox\" target=\"_self\"><img decoding=\"async\" src=\"https:\/\/afc.cat\/wp-content\/uploads\/2022\/06\/16-Carles-Artes-Salas-21-Punts-320x202.jpg\" width=\"320\" height=\"202\" alt=\"\" title=\"16-Carles Art\u00e9s Salas-21 Punts\" aria-label=\"16-Carles Art\u00e9s Salas-21 Punts\" class=\"img-responsive wp-image-28267 fusion-gallery-image-size-fixed\" srcset=\"https:\/\/afc.cat\/wp-content\/uploads\/2022\/06\/16-Carles-Artes-Salas-21-Punts-320x202.jpg 320w, https:\/\/afc.cat\/wp-content\/uploads\/2022\/06\/16-Carles-Artes-Salas-21-Punts-700x441.jpg 700w\" sizes=\"(max-width: 320px) 100vw, 320px\" \/><\/a><\/div><\/div><div style=\"padding:5px;\" class=\"fusion-grid-column fusion-gallery-column fusion-gallery-column-6 hover-type-zoomin\"><div class=\"fusion-gallery-image\"><a href=\"https:\/\/afc.cat\/wp-content\/uploads\/2022\/06\/17-Damian-Tous-Vazquez-20-Punts.jpg\" data-title=\"17-Dami\u00e1n Tous Vazquez-20 Punts\" title=\"17-Dami\u00e1n Tous Vazquez-20 Punts\" rel=\"noreferrer\" data-rel=\"iLightbox[gallery_image_2]\" class=\"fusion-lightbox\" target=\"_self\"><img decoding=\"async\" src=\"https:\/\/afc.cat\/wp-content\/uploads\/2022\/06\/17-Damian-Tous-Vazquez-20-Punts-320x202.jpg\" width=\"320\" height=\"202\" alt=\"\" title=\"17-Dami\u00e1n Tous Vazquez-20 Punts\" aria-label=\"17-Dami\u00e1n Tous Vazquez-20 Punts\" class=\"img-responsive wp-image-28269 fusion-gallery-image-size-fixed\" srcset=\"https:\/\/afc.cat\/wp-content\/uploads\/2022\/06\/17-Damian-Tous-Vazquez-20-Punts-320x202.jpg 320w, https:\/\/afc.cat\/wp-content\/uploads\/2022\/06\/17-Damian-Tous-Vazquez-20-Punts-700x441.jpg 700w\" sizes=\"(max-width: 320px) 100vw, 320px\" \/><\/a><\/div><\/div><div style=\"padding:5px;\" class=\"fusion-grid-column fusion-gallery-column fusion-gallery-column-6 hover-type-zoomin\"><div class=\"fusion-gallery-image\"><a href=\"https:\/\/afc.cat\/wp-content\/uploads\/2022\/06\/18-Josep-Maria-Bonjoch-Trilla-20-Punts.jpg\" data-title=\"18-Josep Maria Bonjoch Trilla-20 Punts\" title=\"18-Josep Maria Bonjoch Trilla-20 Punts\" rel=\"noreferrer\" data-rel=\"iLightbox[gallery_image_2]\" class=\"fusion-lightbox\" target=\"_self\"><img decoding=\"async\" src=\"https:\/\/afc.cat\/wp-content\/uploads\/2022\/06\/18-Josep-Maria-Bonjoch-Trilla-20-Punts-320x202.jpg\" width=\"320\" height=\"202\" alt=\"\" title=\"18-Josep Maria Bonjoch Trilla-20 Punts\" aria-label=\"18-Josep Maria Bonjoch Trilla-20 Punts\" class=\"img-responsive wp-image-28271 fusion-gallery-image-size-fixed\" srcset=\"https:\/\/afc.cat\/wp-content\/uploads\/2022\/06\/18-Josep-Maria-Bonjoch-Trilla-20-Punts-320x202.jpg 320w, https:\/\/afc.cat\/wp-content\/uploads\/2022\/06\/18-Josep-Maria-Bonjoch-Trilla-20-Punts-700x441.jpg 700w\" sizes=\"(max-width: 320px) 100vw, 320px\" \/><\/a><\/div><\/div><div class=\"clearfix\"><\/div><div style=\"padding:5px;\" class=\"fusion-grid-column fusion-gallery-column fusion-gallery-column-6 hover-type-zoomin\"><div class=\"fusion-gallery-image\"><a href=\"https:\/\/afc.cat\/wp-content\/uploads\/2022\/06\/19-Jose-Braojos-Morales-20-Punts.jpg\" data-title=\"19-Jose Braojos Morales-20 Punts\" title=\"19-Jose Braojos Morales-20 Punts\" rel=\"noreferrer\" data-rel=\"iLightbox[gallery_image_2]\" class=\"fusion-lightbox\" target=\"_self\"><img decoding=\"async\" src=\"https:\/\/afc.cat\/wp-content\/uploads\/2022\/06\/19-Jose-Braojos-Morales-20-Punts-320x202.jpg\" width=\"320\" height=\"202\" alt=\"\" title=\"19-Jose Braojos Morales-20 Punts\" aria-label=\"19-Jose Braojos Morales-20 Punts\" class=\"img-responsive wp-image-28273 fusion-gallery-image-size-fixed\" srcset=\"https:\/\/afc.cat\/wp-content\/uploads\/2022\/06\/19-Jose-Braojos-Morales-20-Punts-320x202.jpg 320w, https:\/\/afc.cat\/wp-content\/uploads\/2022\/06\/19-Jose-Braojos-Morales-20-Punts-700x441.jpg 700w\" sizes=\"(max-width: 320px) 100vw, 320px\" \/><\/a><\/div><\/div><div style=\"padding:5px;\" class=\"fusion-grid-column fusion-gallery-column fusion-gallery-column-6 hover-type-zoomin\"><div class=\"fusion-gallery-image\"><a href=\"https:\/\/afc.cat\/wp-content\/uploads\/2022\/06\/20-Elena-Sanchez-Vizcaino-Mengual-20-Punts.jpg\" data-title=\"20-Elena S\u00e1nchez-Vizca\u00edno Mengual-20 Punts\" title=\"20-Elena S\u00e1nchez-Vizca\u00edno Mengual-20 Punts\" rel=\"noreferrer\" data-rel=\"iLightbox[gallery_image_2]\" class=\"fusion-lightbox\" target=\"_self\"><img decoding=\"async\" src=\"https:\/\/afc.cat\/wp-content\/uploads\/2022\/06\/20-Elena-Sanchez-Vizcaino-Mengual-20-Punts-320x202.jpg\" width=\"320\" height=\"202\" alt=\"\" title=\"20-Elena S\u00e1nchez-Vizca\u00edno Mengual-20 Punts\" aria-label=\"20-Elena S\u00e1nchez-Vizca\u00edno Mengual-20 Punts\" class=\"img-responsive wp-image-28275 fusion-gallery-image-size-fixed\" srcset=\"https:\/\/afc.cat\/wp-content\/uploads\/2022\/06\/20-Elena-Sanchez-Vizcaino-Mengual-20-Punts-320x202.jpg 320w, https:\/\/afc.cat\/wp-content\/uploads\/2022\/06\/20-Elena-Sanchez-Vizcaino-Mengual-20-Punts-700x441.jpg 700w\" sizes=\"(max-width: 320px) 100vw, 320px\" \/><\/a><\/div><\/div><div style=\"padding:5px;\" class=\"fusion-grid-column fusion-gallery-column fusion-gallery-column-6 hover-type-zoomin\"><div class=\"fusion-gallery-image\"><a href=\"https:\/\/afc.cat\/wp-content\/uploads\/2022\/06\/21-Rosa-Cristofol-Martinez-19-Punts.jpg\" data-title=\"21-Rosa Crist\u00f2fol Mart\u00ednez-19 Punts\" title=\"21-Rosa Crist\u00f2fol Mart\u00ednez-19 Punts\" rel=\"noreferrer\" data-rel=\"iLightbox[gallery_image_2]\" class=\"fusion-lightbox\" target=\"_self\"><img decoding=\"async\" src=\"https:\/\/afc.cat\/wp-content\/uploads\/2022\/06\/21-Rosa-Cristofol-Martinez-19-Punts-320x202.jpg\" width=\"320\" height=\"202\" alt=\"\" title=\"21-Rosa Crist\u00f2fol Mart\u00ednez-19 Punts\" aria-label=\"21-Rosa Crist\u00f2fol Mart\u00ednez-19 Punts\" class=\"img-responsive wp-image-28277 fusion-gallery-image-size-fixed\" srcset=\"https:\/\/afc.cat\/wp-content\/uploads\/2022\/06\/21-Rosa-Cristofol-Martinez-19-Punts-320x202.jpg 320w, https:\/\/afc.cat\/wp-content\/uploads\/2022\/06\/21-Rosa-Cristofol-Martinez-19-Punts-700x441.jpg 700w\" sizes=\"(max-width: 320px) 100vw, 320px\" \/><\/a><\/div><\/div><div style=\"padding:5px;\" class=\"fusion-grid-column fusion-gallery-column fusion-gallery-column-6 hover-type-zoomin\"><div class=\"fusion-gallery-image\"><a href=\"https:\/\/afc.cat\/wp-content\/uploads\/2022\/06\/22-Toni-Torras-Llaurado-19-Punts.jpg\" data-title=\"22-Toni Torras Llaurad\u00f3-19 Punts\" title=\"22-Toni Torras Llaurad\u00f3-19 Punts\" rel=\"noreferrer\" data-rel=\"iLightbox[gallery_image_2]\" class=\"fusion-lightbox\" target=\"_self\"><img decoding=\"async\" src=\"https:\/\/afc.cat\/wp-content\/uploads\/2022\/06\/22-Toni-Torras-Llaurado-19-Punts-320x202.jpg\" width=\"320\" height=\"202\" alt=\"\" title=\"22-Toni Torras Llaurad\u00f3-19 Punts\" aria-label=\"22-Toni Torras Llaurad\u00f3-19 Punts\" class=\"img-responsive wp-image-28279 fusion-gallery-image-size-fixed\" srcset=\"https:\/\/afc.cat\/wp-content\/uploads\/2022\/06\/22-Toni-Torras-Llaurado-19-Punts-320x202.jpg 320w, https:\/\/afc.cat\/wp-content\/uploads\/2022\/06\/22-Toni-Torras-Llaurado-19-Punts-700x441.jpg 700w\" sizes=\"(max-width: 320px) 100vw, 320px\" \/><\/a><\/div><\/div><div style=\"padding:5px;\" class=\"fusion-grid-column fusion-gallery-column fusion-gallery-column-6 hover-type-zoomin\"><div class=\"fusion-gallery-image\"><a href=\"https:\/\/afc.cat\/wp-content\/uploads\/2022\/06\/23-Santiago-Garcia-Cuadrado-18-Punts.jpg\" data-title=\"23-Santiago Garc\u00eda Cuadrado-18 Punts\" title=\"23-Santiago Garc\u00eda Cuadrado-18 Punts\" rel=\"noreferrer\" data-rel=\"iLightbox[gallery_image_2]\" class=\"fusion-lightbox\" target=\"_self\"><img decoding=\"async\" src=\"https:\/\/afc.cat\/wp-content\/uploads\/2022\/06\/23-Santiago-Garcia-Cuadrado-18-Punts-320x202.jpg\" width=\"320\" height=\"202\" alt=\"\" title=\"23-Santiago Garc\u00eda Cuadrado-18 Punts\" aria-label=\"23-Santiago Garc\u00eda Cuadrado-18 Punts\" class=\"img-responsive wp-image-28281 fusion-gallery-image-size-fixed\" srcset=\"https:\/\/afc.cat\/wp-content\/uploads\/2022\/06\/23-Santiago-Garcia-Cuadrado-18-Punts-320x202.jpg 320w, https:\/\/afc.cat\/wp-content\/uploads\/2022\/06\/23-Santiago-Garcia-Cuadrado-18-Punts-700x441.jpg 700w\" sizes=\"(max-width: 320px) 100vw, 320px\" \/><\/a><\/div><\/div><div style=\"padding:5px;\" class=\"fusion-grid-column fusion-gallery-column fusion-gallery-column-6 hover-type-zoomin\"><div class=\"fusion-gallery-image\"><a href=\"https:\/\/afc.cat\/wp-content\/uploads\/2022\/06\/24-David-Penarroya-Hernandez-18-Punts.jpg\" data-title=\"24-David Pe\u00f1arroya Hernandez-18 Punts\" title=\"24-David Pe\u00f1arroya Hernandez-18 Punts\" rel=\"noreferrer\" data-rel=\"iLightbox[gallery_image_2]\" class=\"fusion-lightbox\" target=\"_self\"><img decoding=\"async\" src=\"https:\/\/afc.cat\/wp-content\/uploads\/2022\/06\/24-David-Penarroya-Hernandez-18-Punts-320x202.jpg\" width=\"320\" height=\"202\" alt=\"\" title=\"24-David Pe\u00f1arroya Hernandez-18 Punts\" aria-label=\"24-David Pe\u00f1arroya Hernandez-18 Punts\" class=\"img-responsive wp-image-28283 fusion-gallery-image-size-fixed\" srcset=\"https:\/\/afc.cat\/wp-content\/uploads\/2022\/06\/24-David-Penarroya-Hernandez-18-Punts-320x202.jpg 320w, https:\/\/afc.cat\/wp-content\/uploads\/2022\/06\/24-David-Penarroya-Hernandez-18-Punts-631x400.jpg 631w\" sizes=\"(max-width: 320px) 100vw, 320px\" \/><\/a><\/div><\/div><div class=\"clearfix\"><\/div><div style=\"padding:5px;\" class=\"fusion-grid-column fusion-gallery-column fusion-gallery-column-6 hover-type-zoomin\"><div class=\"fusion-gallery-image\"><a href=\"https:\/\/afc.cat\/wp-content\/uploads\/2022\/06\/25-Margarita-Fresco-Crespo-18-Punts.jpg\" data-title=\"25-Margarita Fresco Crespo-18 Punts\" title=\"25-Margarita Fresco Crespo-18 Punts\" rel=\"noreferrer\" data-rel=\"iLightbox[gallery_image_2]\" class=\"fusion-lightbox\" target=\"_self\"><img decoding=\"async\" src=\"https:\/\/afc.cat\/wp-content\/uploads\/2022\/06\/25-Margarita-Fresco-Crespo-18-Punts-320x202.jpg\" width=\"320\" height=\"202\" alt=\"\" title=\"25-Margarita Fresco Crespo-18 Punts\" aria-label=\"25-Margarita Fresco Crespo-18 Punts\" class=\"img-responsive wp-image-28285 fusion-gallery-image-size-fixed\" \/><\/a><\/div><\/div><div style=\"padding:5px;\" class=\"fusion-grid-column fusion-gallery-column fusion-gallery-column-6 hover-type-zoomin\"><div class=\"fusion-gallery-image\"><a href=\"https:\/\/afc.cat\/wp-content\/uploads\/2022\/06\/26-Adolfo-Garcia-Bastard-17-Punts.jpg\" data-title=\"26-Adolfo Garcia Bastard-17 Punts\" title=\"26-Adolfo Garcia Bastard-17 Punts\" rel=\"noreferrer\" data-rel=\"iLightbox[gallery_image_2]\" class=\"fusion-lightbox\" target=\"_self\"><img decoding=\"async\" src=\"https:\/\/afc.cat\/wp-content\/uploads\/2022\/06\/26-Adolfo-Garcia-Bastard-17-Punts-320x202.jpg\" width=\"320\" height=\"202\" alt=\"\" title=\"26-Adolfo Garcia Bastard-17 Punts\" aria-label=\"26-Adolfo Garcia Bastard-17 Punts\" class=\"img-responsive wp-image-28287 fusion-gallery-image-size-fixed\" srcset=\"https:\/\/afc.cat\/wp-content\/uploads\/2022\/06\/26-Adolfo-Garcia-Bastard-17-Punts-320x202.jpg 320w, https:\/\/afc.cat\/wp-content\/uploads\/2022\/06\/26-Adolfo-Garcia-Bastard-17-Punts-700x441.jpg 700w\" sizes=\"(max-width: 320px) 100vw, 320px\" \/><\/a><\/div><\/div><div style=\"padding:5px;\" class=\"fusion-grid-column fusion-gallery-column fusion-gallery-column-6 hover-type-zoomin\"><div class=\"fusion-gallery-image\"><a href=\"https:\/\/afc.cat\/wp-content\/uploads\/2022\/06\/27-Carles-Lastra-Antonell-17-Punts.jpg\" data-title=\"27-Carles Lastra Antonell-17 Punts\" title=\"27-Carles Lastra Antonell-17 Punts\" rel=\"noreferrer\" data-rel=\"iLightbox[gallery_image_2]\" class=\"fusion-lightbox\" target=\"_self\"><img decoding=\"async\" src=\"https:\/\/afc.cat\/wp-content\/uploads\/2022\/06\/27-Carles-Lastra-Antonell-17-Punts-320x202.jpg\" width=\"320\" height=\"202\" alt=\"\" title=\"27-Carles Lastra Antonell-17 Punts\" aria-label=\"27-Carles Lastra Antonell-17 Punts\" class=\"img-responsive wp-image-28289 fusion-gallery-image-size-fixed\" srcset=\"https:\/\/afc.cat\/wp-content\/uploads\/2022\/06\/27-Carles-Lastra-Antonell-17-Punts-320x202.jpg 320w, https:\/\/afc.cat\/wp-content\/uploads\/2022\/06\/27-Carles-Lastra-Antonell-17-Punts-700x441.jpg 700w\" sizes=\"(max-width: 320px) 100vw, 320px\" \/><\/a><\/div><\/div><div style=\"padding:5px;\" class=\"fusion-grid-column fusion-gallery-column fusion-gallery-column-6 hover-type-zoomin\"><div class=\"fusion-gallery-image\"><a href=\"https:\/\/afc.cat\/wp-content\/uploads\/2022\/06\/28-Antoni-Serrano-i-Cortes-17-Punts.jpg\" data-title=\"28-Antoni Serrano i Cort\u00e8s-17 Punts\" title=\"28-Antoni Serrano i Cort\u00e8s-17 Punts\" rel=\"noreferrer\" data-rel=\"iLightbox[gallery_image_2]\" class=\"fusion-lightbox\" target=\"_self\"><img decoding=\"async\" src=\"https:\/\/afc.cat\/wp-content\/uploads\/2022\/06\/28-Antoni-Serrano-i-Cortes-17-Punts-320x202.jpg\" width=\"320\" height=\"202\" alt=\"\" title=\"28-Antoni Serrano i Cort\u00e8s-17 Punts\" aria-label=\"28-Antoni Serrano i Cort\u00e8s-17 Punts\" class=\"img-responsive wp-image-28291 fusion-gallery-image-size-fixed\" \/><\/a><\/div><\/div><div style=\"padding:5px;\" class=\"fusion-grid-column fusion-gallery-column fusion-gallery-column-6 hover-type-zoomin\"><div class=\"fusion-gallery-image\"><a href=\"https:\/\/afc.cat\/wp-content\/uploads\/2022\/06\/29-Joan-Soldevila-Adan-17-Punts.jpg\" data-title=\"29-Joan Soldevila Ad\u00e1n-17 Punts\" title=\"29-Joan Soldevila Ad\u00e1n-17 Punts\" rel=\"noreferrer\" data-rel=\"iLightbox[gallery_image_2]\" class=\"fusion-lightbox\" target=\"_self\"><img decoding=\"async\" src=\"https:\/\/afc.cat\/wp-content\/uploads\/2022\/06\/29-Joan-Soldevila-Adan-17-Punts-320x202.jpg\" width=\"320\" height=\"202\" alt=\"\" title=\"29-Joan Soldevila Ad\u00e1n-17 Punts\" aria-label=\"29-Joan Soldevila Ad\u00e1n-17 Punts\" class=\"img-responsive wp-image-28293 fusion-gallery-image-size-fixed\" srcset=\"https:\/\/afc.cat\/wp-content\/uploads\/2022\/06\/29-Joan-Soldevila-Adan-17-Punts-320x202.jpg 320w, https:\/\/afc.cat\/wp-content\/uploads\/2022\/06\/29-Joan-Soldevila-Adan-17-Punts-700x441.jpg 700w\" sizes=\"(max-width: 320px) 100vw, 320px\" \/><\/a><\/div><\/div><div style=\"padding:5px;\" class=\"fusion-grid-column fusion-gallery-column fusion-gallery-column-6 hover-type-zoomin\"><div class=\"fusion-gallery-image\"><a href=\"https:\/\/afc.cat\/wp-content\/uploads\/2022\/06\/30-Felix-Jose-Vizcaino-Garcia-16-Punts.jpg\" data-title=\"30-F\u00e9lix Jos\u00e9 Vizca\u00edno Garc\u00eda-16 Punts\" title=\"30-F\u00e9lix Jos\u00e9 Vizca\u00edno Garc\u00eda-16 Punts\" rel=\"noreferrer\" data-rel=\"iLightbox[gallery_image_2]\" class=\"fusion-lightbox\" target=\"_self\"><img decoding=\"async\" src=\"https:\/\/afc.cat\/wp-content\/uploads\/2022\/06\/30-Felix-Jose-Vizcaino-Garcia-16-Punts-320x202.jpg\" width=\"320\" height=\"202\" alt=\"\" title=\"30-F\u00e9lix Jos\u00e9 Vizca\u00edno Garc\u00eda-16 Punts\" aria-label=\"30-F\u00e9lix Jos\u00e9 Vizca\u00edno Garc\u00eda-16 Punts\" class=\"img-responsive wp-image-28295 fusion-gallery-image-size-fixed\" srcset=\"https:\/\/afc.cat\/wp-content\/uploads\/2022\/06\/30-Felix-Jose-Vizcaino-Garcia-16-Punts-320x202.jpg 320w, https:\/\/afc.cat\/wp-content\/uploads\/2022\/06\/30-Felix-Jose-Vizcaino-Garcia-16-Punts-700x441.jpg 700w\" sizes=\"(max-width: 320px) 100vw, 320px\" \/><\/a><\/div><\/div><div class=\"clearfix\"><\/div><\/div><div class=\"fusion-separator fusion-full-width-sep\" style=\"align-self: center;margin-left: auto;margin-right: auto;margin-top:20px;margin-bottom:20px;width:100%;\"><div class=\"fusion-separator-border sep-single sep-solid\" style=\"border-color:#3ec0bf;border-top-width:1px;\"><\/div><\/div><div style=\"text-align:center;\"><style>.fusion-button.button-1{border-radius:4px 4px 4px 4px;}<\/style><a class=\"fusion-button button-flat fusion-button-default-size button-default button-1 fusion-button-default-span fusion-button-default-type\" target=\"_self\" href=\"https:\/\/afc.cat\/es\/galerias\/\"><span class=\"fusion-button-text\">Torna a GALERIES<\/span><\/a><\/div><\/div><style type=\"text\/css\">.fusion-body .fusion-builder-column-0{width:100% !important;margin-top : 0px;margin-bottom : 20px;}.fusion-builder-column-0 > .fusion-column-wrapper {padding-top : 0px !important;padding-right : 0px !important;margin-right : 1.92%;padding-bottom : 0px !important;padding-left : 0px !important;margin-left : 1.92%;}@media only screen and (max-width:1024px) {.fusion-body .fusion-builder-column-0{width:100% !important;order : 0;}.fusion-builder-column-0 > .fusion-column-wrapper {margin-right : 1.92%;margin-left : 1.92%;}}@media only screen and (max-width:640px) {.fusion-body .fusion-builder-column-0{width:100% !important;order : 0;}.fusion-builder-column-0 > .fusion-column-wrapper {margin-right : 1.92%;margin-left : 1.92%;}}<\/style><\/div><\/div><style type=\"text\/css\">.fusion-body .fusion-flex-container.fusion-builder-row-1{ padding-top : 0px;margin-top : 0px;padding-right : 0px;padding-bottom : 0px;margin-bottom : 0px;padding-left : 0px;}<\/style><\/div>\n","protected":false},"excerpt":{"rendered":"","protected":false},"author":33,"featured_media":28175,"menu_order":0,"comment_status":"open","ping_status":"closed","template":"","format":"standard","meta":{"_acf_changed":false,"footnotes":""},"portfolio_category":[158],"portfolio_skills":[],"portfolio_tags":[],"class_list":["post-28330","avada_portfolio","type-avada_portfolio","status-publish","format-standard","has-post-thumbnail","hentry","portfolio_category-concursos-es"],"acf":[],"yoast_head":"<!-- This site is optimized with the Yoast SEO plugin v27.5 - https:\/\/yoast.com\/product\/yoast-seo-wordpress\/ -->\n<title>Clasificaci\u00f3n concurso Temas Obligados 2021-2022 mes de mayo<\/title>\n<meta name=\"description\" content=\"Concurso de temas obligados. Este mes fotos de arquitectura. Aqu\u00ed tienes la clasificaci\u00f3n y la motivaci\u00f3n del veredicto.\" \/>\n<meta name=\"robots\" content=\"index, follow, max-snippet:-1, max-image-preview:large, max-video-preview:-1\" \/>\n<link rel=\"canonical\" href=\"https:\/\/afc.cat\/es\/galeria\/clasificacion-concurso-temes-obligats-2021-2022-mes-de-mayo\/\" \/>\n<meta property=\"og:locale\" content=\"es_ES\" \/>\n<meta property=\"og:type\" content=\"article\" \/>\n<meta property=\"og:title\" content=\"Clasificaci\u00f3n concurso Temas Obligados 2021-2022 mes de mayo\" \/>\n<meta property=\"og:description\" content=\"Concurso de temas obligados. Este mes fotos de arquitectura. Aqu\u00ed tienes la clasificaci\u00f3n y la motivaci\u00f3n del veredicto.\" \/>\n<meta property=\"og:url\" content=\"https:\/\/afc.cat\/es\/galeria\/clasificacion-concurso-temes-obligats-2021-2022-mes-de-mayo\/\" \/>\n<meta property=\"og:site_name\" content=\"Agrupaci\u00f3 Fotogr\u00e0fica de Catalunya\" \/>\n<meta property=\"article:modified_time\" content=\"2022-07-25T19:00:22+00:00\" \/>\n<meta property=\"og:image\" content=\"https:\/\/afc.cat\/wp-content\/uploads\/2022\/06\/TEMES-OBLIGATS-MAIG-22-ESP.jpg\" \/>\n\t<meta property=\"og:image:width\" content=\"400\" \/>\n\t<meta property=\"og:image:height\" content=\"265\" \/>\n\t<meta property=\"og:image:type\" content=\"image\/jpeg\" \/>\n<meta name=\"twitter:card\" content=\"summary_large_image\" \/>\n<meta name=\"twitter:label1\" content=\"Tiempo de lectura\" \/>\n\t<meta name=\"twitter:data1\" content=\"8 minutos\" \/>\n<script type=\"application\/ld+json\" class=\"yoast-schema-graph\">{\"@context\":\"https:\\\/\\\/schema.org\",\"@graph\":[{\"@type\":\"WebPage\",\"@id\":\"https:\\\/\\\/afc.cat\\\/es\\\/galeria\\\/clasificacion-concurso-temes-obligats-2021-2022-mes-de-mayo\\\/\",\"url\":\"https:\\\/\\\/afc.cat\\\/es\\\/galeria\\\/clasificacion-concurso-temes-obligats-2021-2022-mes-de-mayo\\\/\",\"name\":\"Clasificaci\u00f3n concurso Temas Obligados 2021-2022 mes de mayo\",\"isPartOf\":{\"@id\":\"https:\\\/\\\/afc.cat\\\/es\\\/#website\"},\"primaryImageOfPage\":{\"@id\":\"https:\\\/\\\/afc.cat\\\/es\\\/galeria\\\/clasificacion-concurso-temes-obligats-2021-2022-mes-de-mayo\\\/#primaryimage\"},\"image\":{\"@id\":\"https:\\\/\\\/afc.cat\\\/es\\\/galeria\\\/clasificacion-concurso-temes-obligats-2021-2022-mes-de-mayo\\\/#primaryimage\"},\"thumbnailUrl\":\"https:\\\/\\\/afc.cat\\\/wp-content\\\/uploads\\\/2022\\\/06\\\/TEMES-OBLIGATS-MAIG-22-ESP.jpg\",\"datePublished\":\"2022-06-10T15:41:22+00:00\",\"dateModified\":\"2022-07-25T19:00:22+00:00\",\"description\":\"Concurso de temas obligados. Este mes fotos de arquitectura. Aqu\u00ed tienes la clasificaci\u00f3n y la motivaci\u00f3n del veredicto.\",\"breadcrumb\":{\"@id\":\"https:\\\/\\\/afc.cat\\\/es\\\/galeria\\\/clasificacion-concurso-temes-obligats-2021-2022-mes-de-mayo\\\/#breadcrumb\"},\"inLanguage\":\"es\",\"potentialAction\":[{\"@type\":\"ReadAction\",\"target\":[\"https:\\\/\\\/afc.cat\\\/es\\\/galeria\\\/clasificacion-concurso-temes-obligats-2021-2022-mes-de-mayo\\\/\"]}]},{\"@type\":\"ImageObject\",\"inLanguage\":\"es\",\"@id\":\"https:\\\/\\\/afc.cat\\\/es\\\/galeria\\\/clasificacion-concurso-temes-obligats-2021-2022-mes-de-mayo\\\/#primaryimage\",\"url\":\"https:\\\/\\\/afc.cat\\\/wp-content\\\/uploads\\\/2022\\\/06\\\/TEMES-OBLIGATS-MAIG-22-ESP.jpg\",\"contentUrl\":\"https:\\\/\\\/afc.cat\\\/wp-content\\\/uploads\\\/2022\\\/06\\\/TEMES-OBLIGATS-MAIG-22-ESP.jpg\",\"width\":400,\"height\":265},{\"@type\":\"BreadcrumbList\",\"@id\":\"https:\\\/\\\/afc.cat\\\/es\\\/galeria\\\/clasificacion-concurso-temes-obligats-2021-2022-mes-de-mayo\\\/#breadcrumb\",\"itemListElement\":[{\"@type\":\"ListItem\",\"position\":1,\"name\":\"Inicio\",\"item\":\"https:\\\/\\\/afc.cat\\\/es\\\/\"},{\"@type\":\"ListItem\",\"position\":2,\"name\":\"Portfolio\",\"item\":\"https:\\\/\\\/afc.cat\\\/galeria\\\/\"},{\"@type\":\"ListItem\",\"position\":3,\"name\":\"Clasificaci\u00f3n concurso Temas Obligados 2021-2022 mes de mayo\"}]},{\"@type\":\"WebSite\",\"@id\":\"https:\\\/\\\/afc.cat\\\/es\\\/#website\",\"url\":\"https:\\\/\\\/afc.cat\\\/es\\\/\",\"name\":\"Agrupaci\u00f3 Fotogr\u00e0fica de Catalunya\",\"description\":\"Fomento y divulgaci\u00f3n de la fotograf\u00eda en todas sus variedades\",\"potentialAction\":[{\"@type\":\"SearchAction\",\"target\":{\"@type\":\"EntryPoint\",\"urlTemplate\":\"https:\\\/\\\/afc.cat\\\/es\\\/?s={search_term_string}\"},\"query-input\":{\"@type\":\"PropertyValueSpecification\",\"valueRequired\":true,\"valueName\":\"search_term_string\"}}],\"inLanguage\":\"es\"}]}<\/script>\n<!-- \/ Yoast SEO plugin. -->","yoast_head_json":{"title":"Clasificaci\u00f3n concurso Temas Obligados 2021-2022 mes de mayo","description":"Concurso de temas obligados. Este mes fotos de arquitectura. Aqu\u00ed tienes la clasificaci\u00f3n y la motivaci\u00f3n del veredicto.","robots":{"index":"index","follow":"follow","max-snippet":"max-snippet:-1","max-image-preview":"max-image-preview:large","max-video-preview":"max-video-preview:-1"},"canonical":"https:\/\/afc.cat\/es\/galeria\/clasificacion-concurso-temes-obligats-2021-2022-mes-de-mayo\/","og_locale":"es_ES","og_type":"article","og_title":"Clasificaci\u00f3n concurso Temas Obligados 2021-2022 mes de mayo","og_description":"Concurso de temas obligados. Este mes fotos de arquitectura. Aqu\u00ed tienes la clasificaci\u00f3n y la motivaci\u00f3n del veredicto.","og_url":"https:\/\/afc.cat\/es\/galeria\/clasificacion-concurso-temes-obligats-2021-2022-mes-de-mayo\/","og_site_name":"Agrupaci\u00f3 Fotogr\u00e0fica de Catalunya","article_modified_time":"2022-07-25T19:00:22+00:00","og_image":[{"width":400,"height":265,"url":"https:\/\/afc.cat\/wp-content\/uploads\/2022\/06\/TEMES-OBLIGATS-MAIG-22-ESP.jpg","type":"image\/jpeg"}],"twitter_card":"summary_large_image","twitter_misc":{"Tiempo de lectura":"8 minutos"},"schema":{"@context":"https:\/\/schema.org","@graph":[{"@type":"WebPage","@id":"https:\/\/afc.cat\/es\/galeria\/clasificacion-concurso-temes-obligats-2021-2022-mes-de-mayo\/","url":"https:\/\/afc.cat\/es\/galeria\/clasificacion-concurso-temes-obligats-2021-2022-mes-de-mayo\/","name":"Clasificaci\u00f3n concurso Temas Obligados 2021-2022 mes de mayo","isPartOf":{"@id":"https:\/\/afc.cat\/es\/#website"},"primaryImageOfPage":{"@id":"https:\/\/afc.cat\/es\/galeria\/clasificacion-concurso-temes-obligats-2021-2022-mes-de-mayo\/#primaryimage"},"image":{"@id":"https:\/\/afc.cat\/es\/galeria\/clasificacion-concurso-temes-obligats-2021-2022-mes-de-mayo\/#primaryimage"},"thumbnailUrl":"https:\/\/afc.cat\/wp-content\/uploads\/2022\/06\/TEMES-OBLIGATS-MAIG-22-ESP.jpg","datePublished":"2022-06-10T15:41:22+00:00","dateModified":"2022-07-25T19:00:22+00:00","description":"Concurso de temas obligados. Este mes fotos de arquitectura. Aqu\u00ed tienes la clasificaci\u00f3n y la motivaci\u00f3n del veredicto.","breadcrumb":{"@id":"https:\/\/afc.cat\/es\/galeria\/clasificacion-concurso-temes-obligats-2021-2022-mes-de-mayo\/#breadcrumb"},"inLanguage":"es","potentialAction":[{"@type":"ReadAction","target":["https:\/\/afc.cat\/es\/galeria\/clasificacion-concurso-temes-obligats-2021-2022-mes-de-mayo\/"]}]},{"@type":"ImageObject","inLanguage":"es","@id":"https:\/\/afc.cat\/es\/galeria\/clasificacion-concurso-temes-obligats-2021-2022-mes-de-mayo\/#primaryimage","url":"https:\/\/afc.cat\/wp-content\/uploads\/2022\/06\/TEMES-OBLIGATS-MAIG-22-ESP.jpg","contentUrl":"https:\/\/afc.cat\/wp-content\/uploads\/2022\/06\/TEMES-OBLIGATS-MAIG-22-ESP.jpg","width":400,"height":265},{"@type":"BreadcrumbList","@id":"https:\/\/afc.cat\/es\/galeria\/clasificacion-concurso-temes-obligats-2021-2022-mes-de-mayo\/#breadcrumb","itemListElement":[{"@type":"ListItem","position":1,"name":"Inicio","item":"https:\/\/afc.cat\/es\/"},{"@type":"ListItem","position":2,"name":"Portfolio","item":"https:\/\/afc.cat\/galeria\/"},{"@type":"ListItem","position":3,"name":"Clasificaci\u00f3n concurso Temas Obligados 2021-2022 mes de mayo"}]},{"@type":"WebSite","@id":"https:\/\/afc.cat\/es\/#website","url":"https:\/\/afc.cat\/es\/","name":"Agrupaci\u00f3 Fotogr\u00e0fica de Catalunya","description":"Fomento y divulgaci\u00f3n de la fotograf\u00eda en todas sus variedades","potentialAction":[{"@type":"SearchAction","target":{"@type":"EntryPoint","urlTemplate":"https:\/\/afc.cat\/es\/?s={search_term_string}"},"query-input":{"@type":"PropertyValueSpecification","valueRequired":true,"valueName":"search_term_string"}}],"inLanguage":"es"}]}},"_links":{"self":[{"href":"https:\/\/afc.cat\/es\/wp-json\/wp\/v2\/avada_portfolio\/28330","targetHints":{"allow":["GET"]}}],"collection":[{"href":"https:\/\/afc.cat\/es\/wp-json\/wp\/v2\/avada_portfolio"}],"about":[{"href":"https:\/\/afc.cat\/es\/wp-json\/wp\/v2\/types\/avada_portfolio"}],"author":[{"embeddable":true,"href":"https:\/\/afc.cat\/es\/wp-json\/wp\/v2\/users\/33"}],"replies":[{"embeddable":true,"href":"https:\/\/afc.cat\/es\/wp-json\/wp\/v2\/comments?post=28330"}],"version-history":[{"count":4,"href":"https:\/\/afc.cat\/es\/wp-json\/wp\/v2\/avada_portfolio\/28330\/revisions"}],"predecessor-version":[{"id":28758,"href":"https:\/\/afc.cat\/es\/wp-json\/wp\/v2\/avada_portfolio\/28330\/revisions\/28758"}],"wp:featuredmedia":[{"embeddable":true,"href":"https:\/\/afc.cat\/es\/wp-json\/wp\/v2\/media\/28175"}],"wp:attachment":[{"href":"https:\/\/afc.cat\/es\/wp-json\/wp\/v2\/media?parent=28330"}],"wp:term":[{"taxonomy":"portfolio_category","embeddable":true,"href":"https:\/\/afc.cat\/es\/wp-json\/wp\/v2\/portfolio_category?post=28330"},{"taxonomy":"portfolio_skills","embeddable":true,"href":"https:\/\/afc.cat\/es\/wp-json\/wp\/v2\/portfolio_skills?post=28330"},{"taxonomy":"portfolio_tags","embeddable":true,"href":"https:\/\/afc.cat\/es\/wp-json\/wp\/v2\/portfolio_tags?post=28330"}],"curies":[{"name":"wp","href":"https:\/\/api.w.org\/{rel}","templated":true}]}}