{"id":29431,"date":"2022-11-10T17:58:39","date_gmt":"2022-11-10T15:58:39","guid":{"rendered":"https:\/\/afc.cat\/?post_type=avada_portfolio&#038;p=29431"},"modified":"2022-11-15T18:45:19","modified_gmt":"2022-11-15T16:45:19","slug":"clasificacion-concurso-temes-obligats-2022-2023-octubre","status":"publish","type":"avada_portfolio","link":"https:\/\/afc.cat\/es\/galeria\/clasificacion-concurso-temes-obligats-2022-2023-octubre\/","title":{"rendered":"Clasificaci\u00f3n concurso Temes Obligats 2022-2023 OCTUBRE"},"content":{"rendered":"<div class=\"fusion-fullwidth fullwidth-box fusion-builder-row-1 fusion-flex-container nonhundred-percent-fullwidth non-hundred-percent-height-scrolling\" style=\"background-color: rgba(255,255,255,0);background-position: center center;background-repeat: no-repeat;border-width: 0px 0px 0px 0px;border-color:#ffffff;border-style:solid;\" ><div class=\"fusion-builder-row fusion-row fusion-flex-align-items-flex-start\" style=\"max-width:1300px;margin-left: calc(-4% \/ 2 );margin-right: calc(-4% \/ 2 );\"><div class=\"fusion-layout-column fusion_builder_column fusion-builder-column-0 fusion_builder_column_1_1 1_1 fusion-flex-column\"><div class=\"fusion-column-wrapper fusion-flex-justify-content-flex-start fusion-content-layout-column\" style=\"background-position:left top;background-repeat:no-repeat;-webkit-background-size:cover;-moz-background-size:cover;-o-background-size:cover;background-size:cover;padding: 0px 0px 0px 0px;\"><div class=\"fusion-text fusion-text-1\"><h2 style=\"text-align: center;\">Tema Obligado del mes de octubre<\/h2>\n<h3 style=\"text-align: center;\">Tri\u00e1ngulos<\/h3>\n<\/div><div class=\"fusion-text fusion-text-2\"><p>El pasado d\u00eda 11 se conoci\u00f3 la valoraci\u00f3n del jurado de las fotograf\u00edas de los socios que participaron en el concurso social de la agrupaci\u00f3n \u201d<strong>Temas obligados<\/strong>\u201d. Como ya sab\u00e9is, el tema va cambiando cada mes y el tema de este mes de octubre de 2022 ha sido \u201c<strong>Tri\u00e1ngulos<\/strong>\u201d.<\/p>\n<p><strong>Categor\u00eda de Monocromo<\/strong><\/p>\n<p>Este mes de octubre las fotos mejor valoradas han sido la de <strong>Albert\u00a0Ca\u00f1ellas<\/strong> con el t\u00edtulo \u201c<strong><em>Sobres<\/em><\/strong>\u201d quedando en la clasificaci\u00f3n en primero lugar con 129 puntos , la de <strong>Josep Soler<\/strong> con el t\u00edtulo \u201c<strong><em>Trinagle\u00a0Amor\u00f3s<\/em><\/strong>\u201c en segundo lugar con 121 puntos y la de <strong>David Pe\u00f1arroya<\/strong> con el t\u00edtulo \u201c<strong><em>El cel est\u00e0 triangulat<\/em><\/strong>\u201d en tercer lugar con 118 Puntos.<\/p>\n<p><strong>Categor\u00eda Color<\/strong><\/p>\n<p>En esta categor\u00eda la m\u00e1xima puntuaci\u00f3n ha estado para las fotos de <strong>Albert\u00a0Ca\u00f1ellas<\/strong> con el t\u00edtulo \u201c<strong><em>Caixa<\/em><\/strong>\u201d quedando de nuevo primero en la clasificaci\u00f3n con 127 puntos, en segundo lugar <strong>Josep Mari<\/strong>a <strong>Bonjoch<\/strong> con el t\u00edtulo \u201c<strong><em>Tres tipus de triangles<\/em><\/strong>\u201d con 126 puntos y en tercer lugar <strong>Josep Soler<\/strong> con con el t\u00edtulo \u201c<strong><em>Bolas de billar<\/em><\/strong>\u201d con 120 puntos.<\/p>\n<p>Este mes el jurado a estado formado por <strong>Josep Blanch<\/strong>, <strong>Jacint Guiteras<\/strong> y <strong>Vicen\u00e7 Lafebre<\/strong> todos ellos socios de nuestra entidad a quienes agradecemos su esfuerzo y dedicaci\u00f3n para este veredicto.<\/p>\n<p>Continuamos animando a los socios y socias a participar, siempre se una buena excusa para hacer aquello que mas nos gusta, coger la c\u00e1mara y hacer \u201cclic\u201d.<\/p>\n<p><strong>Maxim Poncela<br \/>\n<\/strong>Concursos<\/p>\n<\/div><div class=\"fusion-separator fusion-full-width-sep\" style=\"align-self: center;margin-left: auto;margin-right: auto;margin-bottom:20px;width:100%;\"><div class=\"fusion-separator-border sep-single sep-solid\" style=\"border-color:#3ec0bf;border-top-width:1px;\"><\/div><\/div><div class=\"fusion-text fusion-text-3\"><p style=\"text-align: center;\"><strong>PUNTUACI\u00d3N GENERAL ACUMULADA MONOCROMO<\/strong><\/p>\n<\/div><div style=\"text-align:center;\"><style>.fusion-imageframe.imageframe-1{ margin-bottom : 5%;}<\/style><span class=\" fusion-imageframe imageframe-none imageframe-1 hover-type-zoomin\"><img decoding=\"async\" width=\"480\" height=\"966\" title=\"Resultats monocromo octubre 2022\" src=\"https:\/\/afc.cat\/wp-content\/uploads\/2022\/11\/Resultats-BN-octubre-2022.jpg\" alt class=\"img-responsive wp-image-29425\" srcset=\"https:\/\/afc.cat\/wp-content\/uploads\/2022\/11\/Resultats-BN-octubre-2022-200x403.jpg 200w, https:\/\/afc.cat\/wp-content\/uploads\/2022\/11\/Resultats-BN-octubre-2022-400x805.jpg 400w, https:\/\/afc.cat\/wp-content\/uploads\/2022\/11\/Resultats-BN-octubre-2022.jpg 480w\" sizes=\"(max-width: 640px) 100vw, 480px\" \/><\/span><\/div><div class=\"fusion-text fusion-text-4\"><p style=\"text-align: center;\"><strong>Classificaci\u00f3n monocromo de octubre 2022<\/strong><\/p>\n<\/div><style type=\"text\/css\">.fusion-gallery-1 .fusion-gallery-image {border:0px solid #e2e2e2;}<\/style><div class=\"fusion-gallery fusion-gallery-container fusion-grid-6 fusion-columns-total-34 fusion-gallery-layout-grid fusion-gallery-1\" style=\"margin:-5px;\"><div style=\"padding:5px;\" class=\"fusion-grid-column fusion-gallery-column fusion-gallery-column-6 hover-type-zoomin\"><div class=\"fusion-gallery-image\"><a href=\"https:\/\/afc.cat\/wp-content\/uploads\/2022\/11\/01-Albert-Canellas-Xarau-129-Punts.jpg\" data-title=\"01 &#8211; Albert Ca\u00f1ellas Xarau &#8211; 129 Punts\" title=\"01 &#8211; Albert Ca\u00f1ellas Xarau &#8211; 129 Punts\" rel=\"noreferrer\" data-rel=\"iLightbox[gallery_image_1]\" class=\"fusion-lightbox\" target=\"_self\"><img decoding=\"async\" src=\"https:\/\/afc.cat\/wp-content\/uploads\/2022\/11\/01-Albert-Canellas-Xarau-129-Punts-320x202.jpg\" width=\"320\" height=\"202\" alt=\"\" title=\"01 &#8211; Albert Ca\u00f1ellas Xarau &#8211; 129 Punts\" aria-label=\"01 &#8211; Albert Ca\u00f1ellas Xarau &#8211; 129 Punts\" class=\"img-responsive wp-image-29357 fusion-gallery-image-size-fixed\" srcset=\"https:\/\/afc.cat\/wp-content\/uploads\/2022\/11\/01-Albert-Canellas-Xarau-129-Punts-320x202.jpg 320w, https:\/\/afc.cat\/wp-content\/uploads\/2022\/11\/01-Albert-Canellas-Xarau-129-Punts-700x441.jpg 700w\" sizes=\"(max-width: 320px) 100vw, 320px\" \/><\/a><\/div><\/div><div style=\"padding:5px;\" class=\"fusion-grid-column fusion-gallery-column fusion-gallery-column-6 hover-type-zoomin\"><div class=\"fusion-gallery-image\"><a href=\"https:\/\/afc.cat\/wp-content\/uploads\/2022\/11\/02-Josep-Soler-Vendrell-121-Punts.jpg\" data-title=\"02 &#8211; Josep Soler Vendrell &#8211; 121 Punts\" title=\"02 &#8211; Josep Soler Vendrell &#8211; 121 Punts\" rel=\"noreferrer\" data-rel=\"iLightbox[gallery_image_1]\" class=\"fusion-lightbox\" target=\"_self\"><img decoding=\"async\" src=\"https:\/\/afc.cat\/wp-content\/uploads\/2022\/11\/02-Josep-Soler-Vendrell-121-Punts-320x202.jpg\" width=\"320\" height=\"202\" alt=\"\" title=\"02 &#8211; Josep Soler Vendrell &#8211; 121 Punts\" aria-label=\"02 &#8211; Josep Soler Vendrell &#8211; 121 Punts\" class=\"img-responsive wp-image-29359 fusion-gallery-image-size-fixed\" srcset=\"https:\/\/afc.cat\/wp-content\/uploads\/2022\/11\/02-Josep-Soler-Vendrell-121-Punts-320x202.jpg 320w, https:\/\/afc.cat\/wp-content\/uploads\/2022\/11\/02-Josep-Soler-Vendrell-121-Punts-700x441.jpg 700w\" sizes=\"(max-width: 320px) 100vw, 320px\" \/><\/a><\/div><\/div><div style=\"padding:5px;\" class=\"fusion-grid-column fusion-gallery-column fusion-gallery-column-6 hover-type-zoomin\"><div class=\"fusion-gallery-image\"><a href=\"https:\/\/afc.cat\/wp-content\/uploads\/2022\/11\/03-David-Penarroya-Hernandez-118-Punts.jpg\" data-title=\"03 &#8211; David Pe\u00f1arroya Hernandez &#8211; 118 Punts\" title=\"03 &#8211; David Pe\u00f1arroya Hernandez &#8211; 118 Punts\" rel=\"noreferrer\" data-rel=\"iLightbox[gallery_image_1]\" class=\"fusion-lightbox\" target=\"_self\"><img decoding=\"async\" src=\"https:\/\/afc.cat\/wp-content\/uploads\/2022\/11\/03-David-Penarroya-Hernandez-118-Punts-320x202.jpg\" width=\"320\" height=\"202\" alt=\"\" title=\"03 &#8211; David Pe\u00f1arroya Hernandez &#8211; 118 Punts\" aria-label=\"03 &#8211; David Pe\u00f1arroya Hernandez &#8211; 118 Punts\" class=\"img-responsive wp-image-29361 fusion-gallery-image-size-fixed\" srcset=\"https:\/\/afc.cat\/wp-content\/uploads\/2022\/11\/03-David-Penarroya-Hernandez-118-Punts-320x202.jpg 320w, https:\/\/afc.cat\/wp-content\/uploads\/2022\/11\/03-David-Penarroya-Hernandez-118-Punts-700x441.jpg 700w\" sizes=\"(max-width: 320px) 100vw, 320px\" \/><\/a><\/div><\/div><div style=\"padding:5px;\" class=\"fusion-grid-column fusion-gallery-column fusion-gallery-column-6 hover-type-zoomin\"><div class=\"fusion-gallery-image\"><a href=\"https:\/\/afc.cat\/wp-content\/uploads\/2022\/11\/04-Irene-Sanz-Ramirez-118-Punts.jpg\" data-title=\"04 &#8211; Irene Sanz Ramirez &#8211; 118 Punts\" title=\"04 &#8211; Irene Sanz Ramirez &#8211; 118 Punts\" rel=\"noreferrer\" data-rel=\"iLightbox[gallery_image_1]\" class=\"fusion-lightbox\" target=\"_self\"><img decoding=\"async\" src=\"https:\/\/afc.cat\/wp-content\/uploads\/2022\/11\/04-Irene-Sanz-Ramirez-118-Punts-320x202.jpg\" width=\"320\" height=\"202\" alt=\"\" title=\"04 &#8211; Irene Sanz Ramirez &#8211; 118 Punts\" aria-label=\"04 &#8211; Irene Sanz Ramirez &#8211; 118 Punts\" class=\"img-responsive wp-image-29363 fusion-gallery-image-size-fixed\" srcset=\"https:\/\/afc.cat\/wp-content\/uploads\/2022\/11\/04-Irene-Sanz-Ramirez-118-Punts-320x202.jpg 320w, https:\/\/afc.cat\/wp-content\/uploads\/2022\/11\/04-Irene-Sanz-Ramirez-118-Punts-700x441.jpg 700w\" sizes=\"(max-width: 320px) 100vw, 320px\" \/><\/a><\/div><\/div><div style=\"padding:5px;\" class=\"fusion-grid-column fusion-gallery-column fusion-gallery-column-6 hover-type-zoomin\"><div class=\"fusion-gallery-image\"><a href=\"https:\/\/afc.cat\/wp-content\/uploads\/2022\/11\/05-Josep-Suarez-Torrellas-112-Punts.jpg\" data-title=\"05 &#8211; Josep Suarez Torrellas &#8211; 112 Punts\" title=\"05 &#8211; Josep Suarez Torrellas &#8211; 112 Punts\" rel=\"noreferrer\" data-rel=\"iLightbox[gallery_image_1]\" class=\"fusion-lightbox\" target=\"_self\"><img decoding=\"async\" src=\"https:\/\/afc.cat\/wp-content\/uploads\/2022\/11\/05-Josep-Suarez-Torrellas-112-Punts-320x202.jpg\" width=\"320\" height=\"202\" alt=\"\" title=\"05 &#8211; Josep Suarez Torrellas &#8211; 112 Punts\" aria-label=\"05 &#8211; Josep Suarez Torrellas &#8211; 112 Punts\" class=\"img-responsive wp-image-29365 fusion-gallery-image-size-fixed\" \/><\/a><\/div><\/div><div style=\"padding:5px;\" class=\"fusion-grid-column fusion-gallery-column fusion-gallery-column-6 hover-type-zoomin\"><div class=\"fusion-gallery-image\"><a href=\"https:\/\/afc.cat\/wp-content\/uploads\/2022\/11\/06-Jaume-Estrada-Martras-110-Punts.jpg\" data-title=\"06 &#8211; Jaume Estrada Martras &#8211; 110 Punts\" title=\"06 &#8211; Jaume Estrada Martras &#8211; 110 Punts\" rel=\"noreferrer\" data-rel=\"iLightbox[gallery_image_1]\" class=\"fusion-lightbox\" target=\"_self\"><img decoding=\"async\" src=\"https:\/\/afc.cat\/wp-content\/uploads\/2022\/11\/06-Jaume-Estrada-Martras-110-Punts-320x202.jpg\" width=\"320\" height=\"202\" alt=\"\" title=\"06 &#8211; Jaume Estrada Martras &#8211; 110 Punts\" aria-label=\"06 &#8211; Jaume Estrada Martras &#8211; 110 Punts\" class=\"img-responsive wp-image-29367 fusion-gallery-image-size-fixed\" srcset=\"https:\/\/afc.cat\/wp-content\/uploads\/2022\/11\/06-Jaume-Estrada-Martras-110-Punts-320x202.jpg 320w, https:\/\/afc.cat\/wp-content\/uploads\/2022\/11\/06-Jaume-Estrada-Martras-110-Punts-700x441.jpg 700w\" sizes=\"(max-width: 320px) 100vw, 320px\" \/><\/a><\/div><\/div><div class=\"clearfix\"><\/div><div style=\"padding:5px;\" class=\"fusion-grid-column fusion-gallery-column fusion-gallery-column-6 hover-type-zoomin\"><div class=\"fusion-gallery-image\"><a href=\"https:\/\/afc.cat\/wp-content\/uploads\/2022\/11\/07-Joan-Rue-Domingo-107-Punts.jpg\" data-title=\"07 &#8211; Joan Ru\u00e9 Domingo &#8211; 107 Punts\" title=\"07 &#8211; Joan Ru\u00e9 Domingo &#8211; 107 Punts\" rel=\"noreferrer\" data-rel=\"iLightbox[gallery_image_1]\" class=\"fusion-lightbox\" target=\"_self\"><img decoding=\"async\" src=\"https:\/\/afc.cat\/wp-content\/uploads\/2022\/11\/07-Joan-Rue-Domingo-107-Punts-320x202.jpg\" width=\"320\" height=\"202\" alt=\"\" title=\"07 &#8211; Joan Ru\u00e9 Domingo &#8211; 107 Punts\" aria-label=\"07 &#8211; Joan Ru\u00e9 Domingo &#8211; 107 Punts\" class=\"img-responsive wp-image-29369 fusion-gallery-image-size-fixed\" \/><\/a><\/div><\/div><div style=\"padding:5px;\" class=\"fusion-grid-column fusion-gallery-column fusion-gallery-column-6 hover-type-zoomin\"><div class=\"fusion-gallery-image\"><a href=\"https:\/\/afc.cat\/wp-content\/uploads\/2022\/11\/08-Josep-LL-Soucheiron-107-Punts.jpg\" data-title=\"08 &#8211; Josep LL Soucheiron &#8211; 107 Punts\" title=\"08 &#8211; Josep LL Soucheiron &#8211; 107 Punts\" rel=\"noreferrer\" data-rel=\"iLightbox[gallery_image_1]\" class=\"fusion-lightbox\" target=\"_self\"><img decoding=\"async\" src=\"https:\/\/afc.cat\/wp-content\/uploads\/2022\/11\/08-Josep-LL-Soucheiron-107-Punts-320x202.jpg\" width=\"320\" height=\"202\" alt=\"\" title=\"08 &#8211; Josep LL Soucheiron &#8211; 107 Punts\" aria-label=\"08 &#8211; Josep LL Soucheiron &#8211; 107 Punts\" class=\"img-responsive wp-image-29371 fusion-gallery-image-size-fixed\" \/><\/a><\/div><\/div><div style=\"padding:5px;\" class=\"fusion-grid-column fusion-gallery-column fusion-gallery-column-6 hover-type-zoomin\"><div class=\"fusion-gallery-image\"><a href=\"https:\/\/afc.cat\/wp-content\/uploads\/2022\/11\/09-Albert-Folch-Navalon-104-Punts.jpg\" data-title=\"09 &#8211; Albert Folch Naval\u00f3n &#8211; 104 Punts\" title=\"09 &#8211; Albert Folch Naval\u00f3n &#8211; 104 Punts\" rel=\"noreferrer\" data-rel=\"iLightbox[gallery_image_1]\" class=\"fusion-lightbox\" target=\"_self\"><img decoding=\"async\" src=\"https:\/\/afc.cat\/wp-content\/uploads\/2022\/11\/09-Albert-Folch-Navalon-104-Punts-320x202.jpg\" width=\"320\" height=\"202\" alt=\"\" title=\"09 &#8211; Albert Folch Naval\u00f3n &#8211; 104 Punts\" aria-label=\"09 &#8211; Albert Folch Naval\u00f3n &#8211; 104 Punts\" class=\"img-responsive wp-image-29373 fusion-gallery-image-size-fixed\" \/><\/a><\/div><\/div><div style=\"padding:5px;\" class=\"fusion-grid-column fusion-gallery-column fusion-gallery-column-6 hover-type-zoomin\"><div class=\"fusion-gallery-image\"><a href=\"https:\/\/afc.cat\/wp-content\/uploads\/2022\/11\/10-Carme-Mur-Calvo-103-Punts.jpg\" data-title=\"10 &#8211; Carme Mur Calv\u00f3 &#8211; 103 Punts\" title=\"10 &#8211; Carme Mur Calv\u00f3 &#8211; 103 Punts\" rel=\"noreferrer\" data-rel=\"iLightbox[gallery_image_1]\" class=\"fusion-lightbox\" target=\"_self\"><img decoding=\"async\" src=\"https:\/\/afc.cat\/wp-content\/uploads\/2022\/11\/10-Carme-Mur-Calvo-103-Punts-320x202.jpg\" width=\"320\" height=\"202\" alt=\"\" title=\"10 &#8211; Carme Mur Calv\u00f3 &#8211; 103 Punts\" aria-label=\"10 &#8211; Carme Mur Calv\u00f3 &#8211; 103 Punts\" class=\"img-responsive wp-image-29375 fusion-gallery-image-size-fixed\" srcset=\"https:\/\/afc.cat\/wp-content\/uploads\/2022\/11\/10-Carme-Mur-Calvo-103-Punts-320x202.jpg 320w, https:\/\/afc.cat\/wp-content\/uploads\/2022\/11\/10-Carme-Mur-Calvo-103-Punts-700x441.jpg 700w\" sizes=\"(max-width: 320px) 100vw, 320px\" \/><\/a><\/div><\/div><div style=\"padding:5px;\" class=\"fusion-grid-column fusion-gallery-column fusion-gallery-column-6 hover-type-zoomin\"><div class=\"fusion-gallery-image\"><a href=\"https:\/\/afc.cat\/wp-content\/uploads\/2022\/11\/11-Josep-Maria-Bonjoch-Trilla-102-Punts.jpg\" data-title=\"11 &#8211; Josep Maria Bonjoch Trilla &#8211; 102 Punts\" title=\"11 &#8211; Josep Maria Bonjoch Trilla &#8211; 102 Punts\" rel=\"noreferrer\" data-rel=\"iLightbox[gallery_image_1]\" class=\"fusion-lightbox\" target=\"_self\"><img decoding=\"async\" src=\"https:\/\/afc.cat\/wp-content\/uploads\/2022\/11\/11-Josep-Maria-Bonjoch-Trilla-102-Punts-320x202.jpg\" width=\"320\" height=\"202\" alt=\"\" title=\"11 &#8211; Josep Maria Bonjoch Trilla &#8211; 102 Punts\" aria-label=\"11 &#8211; Josep Maria Bonjoch Trilla &#8211; 102 Punts\" class=\"img-responsive wp-image-29377 fusion-gallery-image-size-fixed\" srcset=\"https:\/\/afc.cat\/wp-content\/uploads\/2022\/11\/11-Josep-Maria-Bonjoch-Trilla-102-Punts-320x202.jpg 320w, https:\/\/afc.cat\/wp-content\/uploads\/2022\/11\/11-Josep-Maria-Bonjoch-Trilla-102-Punts-700x441.jpg 700w\" sizes=\"(max-width: 320px) 100vw, 320px\" \/><\/a><\/div><\/div><div style=\"padding:5px;\" class=\"fusion-grid-column fusion-gallery-column fusion-gallery-column-6 hover-type-zoomin\"><div class=\"fusion-gallery-image\"><a href=\"https:\/\/afc.cat\/wp-content\/uploads\/2022\/11\/12-Lluis-Porcel-Gimenez-102-Punts.jpg\" data-title=\"12 -Llu\u00eds Porcel Gim\u00e9nez &#8211; 102 Punts\" title=\"12 -Llu\u00eds Porcel Gim\u00e9nez &#8211; 102 Punts\" rel=\"noreferrer\" data-rel=\"iLightbox[gallery_image_1]\" class=\"fusion-lightbox\" target=\"_self\"><img decoding=\"async\" src=\"https:\/\/afc.cat\/wp-content\/uploads\/2022\/11\/12-Lluis-Porcel-Gimenez-102-Punts-320x202.jpg\" width=\"320\" height=\"202\" alt=\"\" title=\"12 -Llu\u00eds Porcel Gim\u00e9nez &#8211; 102 Punts\" aria-label=\"12 -Llu\u00eds Porcel Gim\u00e9nez &#8211; 102 Punts\" class=\"img-responsive wp-image-29379 fusion-gallery-image-size-fixed\" srcset=\"https:\/\/afc.cat\/wp-content\/uploads\/2022\/11\/12-Lluis-Porcel-Gimenez-102-Punts-320x202.jpg 320w, https:\/\/afc.cat\/wp-content\/uploads\/2022\/11\/12-Lluis-Porcel-Gimenez-102-Punts-700x441.jpg 700w\" sizes=\"(max-width: 320px) 100vw, 320px\" \/><\/a><\/div><\/div><div class=\"clearfix\"><\/div><div style=\"padding:5px;\" class=\"fusion-grid-column fusion-gallery-column fusion-gallery-column-6 hover-type-zoomin\"><div class=\"fusion-gallery-image\"><a href=\"https:\/\/afc.cat\/wp-content\/uploads\/2022\/11\/13-Elena-Sanchez-Vizcaino-Mengual-100-Punts.jpg\" data-title=\"13 &#8211; Elena S\u00e1nchez-Vizca\u00edno Mengual &#8211; 100 Punts\" title=\"13 &#8211; Elena S\u00e1nchez-Vizca\u00edno Mengual &#8211; 100 Punts\" rel=\"noreferrer\" data-rel=\"iLightbox[gallery_image_1]\" class=\"fusion-lightbox\" target=\"_self\"><img decoding=\"async\" src=\"https:\/\/afc.cat\/wp-content\/uploads\/2022\/11\/13-Elena-Sanchez-Vizcaino-Mengual-100-Punts-320x202.jpg\" width=\"320\" height=\"202\" alt=\"\" title=\"13 &#8211; Elena S\u00e1nchez-Vizca\u00edno Mengual &#8211; 100 Punts\" aria-label=\"13 &#8211; Elena S\u00e1nchez-Vizca\u00edno Mengual &#8211; 100 Punts\" class=\"img-responsive wp-image-29381 fusion-gallery-image-size-fixed\" srcset=\"https:\/\/afc.cat\/wp-content\/uploads\/2022\/11\/13-Elena-Sanchez-Vizcaino-Mengual-100-Punts-320x202.jpg 320w, https:\/\/afc.cat\/wp-content\/uploads\/2022\/11\/13-Elena-Sanchez-Vizcaino-Mengual-100-Punts-700x441.jpg 700w\" sizes=\"(max-width: 320px) 100vw, 320px\" \/><\/a><\/div><\/div><div style=\"padding:5px;\" class=\"fusion-grid-column fusion-gallery-column fusion-gallery-column-6 hover-type-zoomin\"><div class=\"fusion-gallery-image\"><a href=\"https:\/\/afc.cat\/wp-content\/uploads\/2022\/11\/14-Teresa-Tejero-Lopez-100-Punts.jpg\" data-title=\"14 &#8211; Teresa Tejero Lopez &#8211; 100 Punts\" title=\"14 &#8211; Teresa Tejero Lopez &#8211; 100 Punts\" rel=\"noreferrer\" data-rel=\"iLightbox[gallery_image_1]\" class=\"fusion-lightbox\" target=\"_self\"><img decoding=\"async\" src=\"https:\/\/afc.cat\/wp-content\/uploads\/2022\/11\/14-Teresa-Tejero-Lopez-100-Punts-320x202.jpg\" width=\"320\" height=\"202\" alt=\"\" title=\"14 &#8211; Teresa Tejero Lopez &#8211; 100 Punts\" aria-label=\"14 &#8211; Teresa Tejero Lopez &#8211; 100 Punts\" class=\"img-responsive wp-image-29383 fusion-gallery-image-size-fixed\" srcset=\"https:\/\/afc.cat\/wp-content\/uploads\/2022\/11\/14-Teresa-Tejero-Lopez-100-Punts-320x202.jpg 320w, https:\/\/afc.cat\/wp-content\/uploads\/2022\/11\/14-Teresa-Tejero-Lopez-100-Punts-700x441.jpg 700w\" sizes=\"(max-width: 320px) 100vw, 320px\" \/><\/a><\/div><\/div><div style=\"padding:5px;\" class=\"fusion-grid-column fusion-gallery-column fusion-gallery-column-6 hover-type-zoomin\"><div class=\"fusion-gallery-image\"><a href=\"https:\/\/afc.cat\/wp-content\/uploads\/2022\/11\/15-Carmen-Casademont-Ribot-99-Punts.jpg\" data-title=\"15 &#8211; Carmen Casademont Ribot &#8211; 99 Punts\" title=\"15 &#8211; Carmen Casademont Ribot &#8211; 99 Punts\" rel=\"noreferrer\" data-rel=\"iLightbox[gallery_image_1]\" class=\"fusion-lightbox\" target=\"_self\"><img decoding=\"async\" src=\"https:\/\/afc.cat\/wp-content\/uploads\/2022\/11\/15-Carmen-Casademont-Ribot-99-Punts-320x202.jpg\" width=\"320\" height=\"202\" alt=\"\" title=\"15 &#8211; Carmen Casademont Ribot &#8211; 99 Punts\" aria-label=\"15 &#8211; Carmen Casademont Ribot &#8211; 99 Punts\" class=\"img-responsive wp-image-29385 fusion-gallery-image-size-fixed\" srcset=\"https:\/\/afc.cat\/wp-content\/uploads\/2022\/11\/15-Carmen-Casademont-Ribot-99-Punts-320x202.jpg 320w, https:\/\/afc.cat\/wp-content\/uploads\/2022\/11\/15-Carmen-Casademont-Ribot-99-Punts-700x441.jpg 700w\" sizes=\"(max-width: 320px) 100vw, 320px\" \/><\/a><\/div><\/div><div style=\"padding:5px;\" class=\"fusion-grid-column fusion-gallery-column fusion-gallery-column-6 hover-type-zoomin\"><div class=\"fusion-gallery-image\"><a href=\"https:\/\/afc.cat\/wp-content\/uploads\/2022\/11\/16-Aleix-Torrents-Almeda-98-Punts.jpg\" data-title=\"16 &#8211; Aleix Torrents Almeda &#8211; 98 Punts\" title=\"16 &#8211; Aleix Torrents Almeda &#8211; 98 Punts\" rel=\"noreferrer\" data-rel=\"iLightbox[gallery_image_1]\" class=\"fusion-lightbox\" target=\"_self\"><img decoding=\"async\" src=\"https:\/\/afc.cat\/wp-content\/uploads\/2022\/11\/16-Aleix-Torrents-Almeda-98-Punts-320x202.jpg\" width=\"320\" height=\"202\" alt=\"\" title=\"16 &#8211; Aleix Torrents Almeda &#8211; 98 Punts\" aria-label=\"16 &#8211; Aleix Torrents Almeda &#8211; 98 Punts\" class=\"img-responsive wp-image-29387 fusion-gallery-image-size-fixed\" \/><\/a><\/div><\/div><div style=\"padding:5px;\" class=\"fusion-grid-column fusion-gallery-column fusion-gallery-column-6 hover-type-zoomin\"><div class=\"fusion-gallery-image\"><a href=\"https:\/\/afc.cat\/wp-content\/uploads\/2022\/11\/17-Jordi-Batet-i-Escobedo-98-Punts.jpg\" data-title=\"17 &#8211; Jordi Batet i Escobedo &#8211; 98 Punts\" title=\"17 &#8211; Jordi Batet i Escobedo &#8211; 98 Punts\" rel=\"noreferrer\" data-rel=\"iLightbox[gallery_image_1]\" class=\"fusion-lightbox\" target=\"_self\"><img decoding=\"async\" src=\"https:\/\/afc.cat\/wp-content\/uploads\/2022\/11\/17-Jordi-Batet-i-Escobedo-98-Punts-320x202.jpg\" width=\"320\" height=\"202\" alt=\"\" title=\"17 &#8211; Jordi Batet i Escobedo &#8211; 98 Punts\" aria-label=\"17 &#8211; Jordi Batet i Escobedo &#8211; 98 Punts\" class=\"img-responsive wp-image-29389 fusion-gallery-image-size-fixed\" srcset=\"https:\/\/afc.cat\/wp-content\/uploads\/2022\/11\/17-Jordi-Batet-i-Escobedo-98-Punts-320x202.jpg 320w, https:\/\/afc.cat\/wp-content\/uploads\/2022\/11\/17-Jordi-Batet-i-Escobedo-98-Punts-700x441.jpg 700w\" sizes=\"(max-width: 320px) 100vw, 320px\" \/><\/a><\/div><\/div><div style=\"padding:5px;\" class=\"fusion-grid-column fusion-gallery-column fusion-gallery-column-6 hover-type-zoomin\"><div class=\"fusion-gallery-image\"><a href=\"https:\/\/afc.cat\/wp-content\/uploads\/2022\/11\/18-Santiago-Garcia-Cuadrado-97-Punts.jpg\" data-title=\"18 &#8211; Santiago Garc\u00eda Cuadrado &#8211; 97 Punts\" title=\"18 &#8211; Santiago Garc\u00eda Cuadrado &#8211; 97 Punts\" rel=\"noreferrer\" data-rel=\"iLightbox[gallery_image_1]\" class=\"fusion-lightbox\" target=\"_self\"><img decoding=\"async\" src=\"https:\/\/afc.cat\/wp-content\/uploads\/2022\/11\/18-Santiago-Garcia-Cuadrado-97-Punts-320x202.jpg\" width=\"320\" height=\"202\" alt=\"\" title=\"18 &#8211; Santiago Garc\u00eda Cuadrado &#8211; 97 Punts\" aria-label=\"18 &#8211; Santiago Garc\u00eda Cuadrado &#8211; 97 Punts\" class=\"img-responsive wp-image-29391 fusion-gallery-image-size-fixed\" srcset=\"https:\/\/afc.cat\/wp-content\/uploads\/2022\/11\/18-Santiago-Garcia-Cuadrado-97-Punts-320x202.jpg 320w, https:\/\/afc.cat\/wp-content\/uploads\/2022\/11\/18-Santiago-Garcia-Cuadrado-97-Punts-700x441.jpg 700w\" sizes=\"(max-width: 320px) 100vw, 320px\" \/><\/a><\/div><\/div><div class=\"clearfix\"><\/div><div style=\"padding:5px;\" class=\"fusion-grid-column fusion-gallery-column fusion-gallery-column-6 hover-type-zoomin\"><div class=\"fusion-gallery-image\"><a href=\"https:\/\/afc.cat\/wp-content\/uploads\/2022\/11\/19-Angel-Colado-Palacios-95-Punts.jpg\" data-title=\"19 &#8211; \u00c1ngel Colado Palacios &#8211; 95 Punts\" title=\"19 &#8211; \u00c1ngel Colado Palacios &#8211; 95 Punts\" rel=\"noreferrer\" data-rel=\"iLightbox[gallery_image_1]\" class=\"fusion-lightbox\" target=\"_self\"><img decoding=\"async\" src=\"https:\/\/afc.cat\/wp-content\/uploads\/2022\/11\/19-Angel-Colado-Palacios-95-Punts-320x202.jpg\" width=\"320\" height=\"202\" alt=\"\" title=\"19 &#8211; \u00c1ngel Colado Palacios &#8211; 95 Punts\" aria-label=\"19 &#8211; \u00c1ngel Colado Palacios &#8211; 95 Punts\" class=\"img-responsive wp-image-29393 fusion-gallery-image-size-fixed\" srcset=\"https:\/\/afc.cat\/wp-content\/uploads\/2022\/11\/19-Angel-Colado-Palacios-95-Punts-320x202.jpg 320w, https:\/\/afc.cat\/wp-content\/uploads\/2022\/11\/19-Angel-Colado-Palacios-95-Punts-700x441.jpg 700w\" sizes=\"(max-width: 320px) 100vw, 320px\" \/><\/a><\/div><\/div><div style=\"padding:5px;\" class=\"fusion-grid-column fusion-gallery-column fusion-gallery-column-6 hover-type-zoomin\"><div class=\"fusion-gallery-image\"><a href=\"https:\/\/afc.cat\/wp-content\/uploads\/2022\/11\/20-Jaume-Llopart-Casaponsa-95-Punts.jpg\" data-title=\"20 &#8211; Jaume Llopart Casaponsa &#8211; 95 Punts\" title=\"20 &#8211; Jaume Llopart Casaponsa &#8211; 95 Punts\" rel=\"noreferrer\" data-rel=\"iLightbox[gallery_image_1]\" class=\"fusion-lightbox\" target=\"_self\"><img decoding=\"async\" src=\"https:\/\/afc.cat\/wp-content\/uploads\/2022\/11\/20-Jaume-Llopart-Casaponsa-95-Punts-320x202.jpg\" width=\"320\" height=\"202\" alt=\"\" title=\"20 &#8211; Jaume Llopart Casaponsa &#8211; 95 Punts\" aria-label=\"20 &#8211; Jaume Llopart Casaponsa &#8211; 95 Punts\" class=\"img-responsive wp-image-29395 fusion-gallery-image-size-fixed\" srcset=\"https:\/\/afc.cat\/wp-content\/uploads\/2022\/11\/20-Jaume-Llopart-Casaponsa-95-Punts-320x202.jpg 320w, https:\/\/afc.cat\/wp-content\/uploads\/2022\/11\/20-Jaume-Llopart-Casaponsa-95-Punts-700x441.jpg 700w\" sizes=\"(max-width: 320px) 100vw, 320px\" \/><\/a><\/div><\/div><div style=\"padding:5px;\" class=\"fusion-grid-column fusion-gallery-column fusion-gallery-column-6 hover-type-zoomin\"><div class=\"fusion-gallery-image\"><a href=\"https:\/\/afc.cat\/wp-content\/uploads\/2022\/11\/21-Adolfo-Garcia-Bastard-93-Punts.jpg\" data-title=\"21 &#8211; Adolfo Garcia Bastard &#8211; 93 Punts\" title=\"21 &#8211; Adolfo Garcia Bastard &#8211; 93 Punts\" rel=\"noreferrer\" data-rel=\"iLightbox[gallery_image_1]\" class=\"fusion-lightbox\" target=\"_self\"><img decoding=\"async\" src=\"https:\/\/afc.cat\/wp-content\/uploads\/2022\/11\/21-Adolfo-Garcia-Bastard-93-Punts-320x202.jpg\" width=\"320\" height=\"202\" alt=\"\" title=\"21 &#8211; Adolfo Garcia Bastard &#8211; 93 Punts\" aria-label=\"21 &#8211; Adolfo Garcia Bastard &#8211; 93 Punts\" class=\"img-responsive wp-image-29397 fusion-gallery-image-size-fixed\" srcset=\"https:\/\/afc.cat\/wp-content\/uploads\/2022\/11\/21-Adolfo-Garcia-Bastard-93-Punts-320x202.jpg 320w, https:\/\/afc.cat\/wp-content\/uploads\/2022\/11\/21-Adolfo-Garcia-Bastard-93-Punts-700x441.jpg 700w\" sizes=\"(max-width: 320px) 100vw, 320px\" \/><\/a><\/div><\/div><div style=\"padding:5px;\" class=\"fusion-grid-column fusion-gallery-column fusion-gallery-column-6 hover-type-zoomin\"><div class=\"fusion-gallery-image\"><a href=\"https:\/\/afc.cat\/wp-content\/uploads\/2022\/11\/22-Damia-Tous-Vazquez-93-Punts.jpg\" data-title=\"22 &#8211; Dami\u00e0 Tous Vazquez &#8211; 93 Punts\" title=\"22 &#8211; Dami\u00e0 Tous Vazquez &#8211; 93 Punts\" rel=\"noreferrer\" data-rel=\"iLightbox[gallery_image_1]\" class=\"fusion-lightbox\" target=\"_self\"><img decoding=\"async\" src=\"https:\/\/afc.cat\/wp-content\/uploads\/2022\/11\/22-Damia-Tous-Vazquez-93-Punts-320x202.jpg\" width=\"320\" height=\"202\" alt=\"\" title=\"22 &#8211; Dami\u00e0 Tous Vazquez &#8211; 93 Punts\" aria-label=\"22 &#8211; Dami\u00e0 Tous Vazquez &#8211; 93 Punts\" class=\"img-responsive wp-image-29399 fusion-gallery-image-size-fixed\" srcset=\"https:\/\/afc.cat\/wp-content\/uploads\/2022\/11\/22-Damia-Tous-Vazquez-93-Punts-320x202.jpg 320w, https:\/\/afc.cat\/wp-content\/uploads\/2022\/11\/22-Damia-Tous-Vazquez-93-Punts-700x441.jpg 700w\" sizes=\"(max-width: 320px) 100vw, 320px\" \/><\/a><\/div><\/div><div style=\"padding:5px;\" class=\"fusion-grid-column fusion-gallery-column fusion-gallery-column-6 hover-type-zoomin\"><div class=\"fusion-gallery-image\"><a href=\"https:\/\/afc.cat\/wp-content\/uploads\/2022\/11\/23-Rosa-Cristofol-Martinez-93-Punts.jpg\" data-title=\"23 &#8211; Rosa Crist\u00f2fol Mart\u00ednez &#8211; 93 Punts\" title=\"23 &#8211; Rosa Crist\u00f2fol Mart\u00ednez &#8211; 93 Punts\" rel=\"noreferrer\" data-rel=\"iLightbox[gallery_image_1]\" class=\"fusion-lightbox\" target=\"_self\"><img decoding=\"async\" src=\"https:\/\/afc.cat\/wp-content\/uploads\/2022\/11\/23-Rosa-Cristofol-Martinez-93-Punts-320x202.jpg\" width=\"320\" height=\"202\" alt=\"\" title=\"23 &#8211; Rosa Crist\u00f2fol Mart\u00ednez &#8211; 93 Punts\" aria-label=\"23 &#8211; Rosa Crist\u00f2fol Mart\u00ednez &#8211; 93 Punts\" class=\"img-responsive wp-image-29401 fusion-gallery-image-size-fixed\" srcset=\"https:\/\/afc.cat\/wp-content\/uploads\/2022\/11\/23-Rosa-Cristofol-Martinez-93-Punts-320x202.jpg 320w, https:\/\/afc.cat\/wp-content\/uploads\/2022\/11\/23-Rosa-Cristofol-Martinez-93-Punts-700x441.jpg 700w\" sizes=\"(max-width: 320px) 100vw, 320px\" \/><\/a><\/div><\/div><div style=\"padding:5px;\" class=\"fusion-grid-column fusion-gallery-column fusion-gallery-column-6 hover-type-zoomin\"><div class=\"fusion-gallery-image\"><a href=\"https:\/\/afc.cat\/wp-content\/uploads\/2022\/11\/24-Carles-Lastra-Antonell-92-Punts-1.jpg\" data-title=\"24 &#8211; Carles Lastra Antonell &#8211; 92 Punts\" title=\"24 &#8211; Carles Lastra Antonell &#8211; 92 Punts\" rel=\"noreferrer\" data-rel=\"iLightbox[gallery_image_1]\" class=\"fusion-lightbox\" target=\"_self\"><img decoding=\"async\" src=\"https:\/\/afc.cat\/wp-content\/uploads\/2022\/11\/24-Carles-Lastra-Antonell-92-Punts-1-320x202.jpg\" width=\"320\" height=\"202\" alt=\"\" title=\"24 &#8211; Carles Lastra Antonell &#8211; 92 Punts\" aria-label=\"24 &#8211; Carles Lastra Antonell &#8211; 92 Punts\" class=\"img-responsive wp-image-29403 fusion-gallery-image-size-fixed\" srcset=\"https:\/\/afc.cat\/wp-content\/uploads\/2022\/11\/24-Carles-Lastra-Antonell-92-Punts-1-320x202.jpg 320w, https:\/\/afc.cat\/wp-content\/uploads\/2022\/11\/24-Carles-Lastra-Antonell-92-Punts-1-700x441.jpg 700w\" sizes=\"(max-width: 320px) 100vw, 320px\" \/><\/a><\/div><\/div><div class=\"clearfix\"><\/div><div style=\"padding:5px;\" class=\"fusion-grid-column fusion-gallery-column fusion-gallery-column-6 hover-type-zoomin\"><div class=\"fusion-gallery-image\"><a href=\"https:\/\/afc.cat\/wp-content\/uploads\/2022\/11\/25-Josep-Braojos-Morales-92-Punts.jpg\" data-title=\"25 &#8211; Josep Braojos Morales &#8211; 92 Punts\" title=\"25 &#8211; Josep Braojos Morales &#8211; 92 Punts\" rel=\"noreferrer\" data-rel=\"iLightbox[gallery_image_1]\" class=\"fusion-lightbox\" target=\"_self\"><img decoding=\"async\" src=\"https:\/\/afc.cat\/wp-content\/uploads\/2022\/11\/25-Josep-Braojos-Morales-92-Punts-320x202.jpg\" width=\"320\" height=\"202\" alt=\"\" title=\"25 &#8211; Josep Braojos Morales &#8211; 92 Punts\" aria-label=\"25 &#8211; Josep Braojos Morales &#8211; 92 Punts\" class=\"img-responsive wp-image-29405 fusion-gallery-image-size-fixed\" srcset=\"https:\/\/afc.cat\/wp-content\/uploads\/2022\/11\/25-Josep-Braojos-Morales-92-Punts-320x202.jpg 320w, https:\/\/afc.cat\/wp-content\/uploads\/2022\/11\/25-Josep-Braojos-Morales-92-Punts-700x441.jpg 700w\" sizes=\"(max-width: 320px) 100vw, 320px\" \/><\/a><\/div><\/div><div style=\"padding:5px;\" class=\"fusion-grid-column fusion-gallery-column fusion-gallery-column-6 hover-type-zoomin\"><div class=\"fusion-gallery-image\"><a href=\"https:\/\/afc.cat\/wp-content\/uploads\/2022\/11\/26-Ana-M.-Gallego-Lozano-91-Punts.jpg\" data-title=\"26 &#8211; Ana M. Gallego Lozano &#8211; 91 Punts\" title=\"26 &#8211; Ana M. Gallego Lozano &#8211; 91 Punts\" rel=\"noreferrer\" data-rel=\"iLightbox[gallery_image_1]\" class=\"fusion-lightbox\" target=\"_self\"><img decoding=\"async\" src=\"https:\/\/afc.cat\/wp-content\/uploads\/2022\/11\/26-Ana-M.-Gallego-Lozano-91-Punts-320x202.jpg\" width=\"320\" height=\"202\" alt=\"\" title=\"26 &#8211; Ana M. Gallego Lozano &#8211; 91 Punts\" aria-label=\"26 &#8211; Ana M. Gallego Lozano &#8211; 91 Punts\" class=\"img-responsive wp-image-29407 fusion-gallery-image-size-fixed\" srcset=\"https:\/\/afc.cat\/wp-content\/uploads\/2022\/11\/26-Ana-M.-Gallego-Lozano-91-Punts-320x202.jpg 320w, https:\/\/afc.cat\/wp-content\/uploads\/2022\/11\/26-Ana-M.-Gallego-Lozano-91-Punts-700x441.jpg 700w\" sizes=\"(max-width: 320px) 100vw, 320px\" \/><\/a><\/div><\/div><div style=\"padding:5px;\" class=\"fusion-grid-column fusion-gallery-column fusion-gallery-column-6 hover-type-zoomin\"><div class=\"fusion-gallery-image\"><a href=\"https:\/\/afc.cat\/wp-content\/uploads\/2022\/11\/27-Anna-Barnes-Guillen-90-Punts.jpg\" data-title=\"27 &#8211; Anna Barn\u00e9s Guill\u00e9n &#8211; 90 Punts\" title=\"27 &#8211; Anna Barn\u00e9s Guill\u00e9n &#8211; 90 Punts\" rel=\"noreferrer\" data-rel=\"iLightbox[gallery_image_1]\" class=\"fusion-lightbox\" target=\"_self\"><img decoding=\"async\" src=\"https:\/\/afc.cat\/wp-content\/uploads\/2022\/11\/27-Anna-Barnes-Guillen-90-Punts-320x202.jpg\" width=\"320\" height=\"202\" alt=\"\" title=\"27 &#8211; Anna Barn\u00e9s Guill\u00e9n &#8211; 90 Punts\" aria-label=\"27 &#8211; Anna Barn\u00e9s Guill\u00e9n &#8211; 90 Punts\" class=\"img-responsive wp-image-29409 fusion-gallery-image-size-fixed\" \/><\/a><\/div><\/div><div style=\"padding:5px;\" class=\"fusion-grid-column fusion-gallery-column fusion-gallery-column-6 hover-type-zoomin\"><div class=\"fusion-gallery-image\"><a href=\"https:\/\/afc.cat\/wp-content\/uploads\/2022\/11\/28-Francesca-Portoles-Braso-90-Punts.jpg\" data-title=\"28 &#8211; Francesca Portol\u00e9s Bras\u00f3 &#8211; 90 Punts\" title=\"28 &#8211; Francesca Portol\u00e9s Bras\u00f3 &#8211; 90 Punts\" rel=\"noreferrer\" data-rel=\"iLightbox[gallery_image_1]\" class=\"fusion-lightbox\" target=\"_self\"><img decoding=\"async\" src=\"https:\/\/afc.cat\/wp-content\/uploads\/2022\/11\/28-Francesca-Portoles-Braso-90-Punts-320x202.jpg\" width=\"320\" height=\"202\" alt=\"\" title=\"28 &#8211; Francesca Portol\u00e9s Bras\u00f3 &#8211; 90 Punts\" aria-label=\"28 &#8211; Francesca Portol\u00e9s Bras\u00f3 &#8211; 90 Punts\" class=\"img-responsive wp-image-29411 fusion-gallery-image-size-fixed\" srcset=\"https:\/\/afc.cat\/wp-content\/uploads\/2022\/11\/28-Francesca-Portoles-Braso-90-Punts-320x202.jpg 320w, https:\/\/afc.cat\/wp-content\/uploads\/2022\/11\/28-Francesca-Portoles-Braso-90-Punts-700x441.jpg 700w\" sizes=\"(max-width: 320px) 100vw, 320px\" \/><\/a><\/div><\/div><div style=\"padding:5px;\" class=\"fusion-grid-column fusion-gallery-column fusion-gallery-column-6 hover-type-zoomin\"><div class=\"fusion-gallery-image\"><a href=\"https:\/\/afc.cat\/wp-content\/uploads\/2022\/11\/29-Joan-Soldevila-Adan-90-Punts.jpg\" data-title=\"29 &#8211; Joan Soldevila Ad\u00e1n &#8211; 90 Punts\" title=\"29 &#8211; Joan Soldevila Ad\u00e1n &#8211; 90 Punts\" rel=\"noreferrer\" data-rel=\"iLightbox[gallery_image_1]\" class=\"fusion-lightbox\" target=\"_self\"><img decoding=\"async\" src=\"https:\/\/afc.cat\/wp-content\/uploads\/2022\/11\/29-Joan-Soldevila-Adan-90-Punts-320x202.jpg\" width=\"320\" height=\"202\" alt=\"\" title=\"29 &#8211; Joan Soldevila Ad\u00e1n &#8211; 90 Punts\" aria-label=\"29 &#8211; Joan Soldevila Ad\u00e1n &#8211; 90 Punts\" class=\"img-responsive wp-image-29413 fusion-gallery-image-size-fixed\" srcset=\"https:\/\/afc.cat\/wp-content\/uploads\/2022\/11\/29-Joan-Soldevila-Adan-90-Punts-320x202.jpg 320w, https:\/\/afc.cat\/wp-content\/uploads\/2022\/11\/29-Joan-Soldevila-Adan-90-Punts-700x441.jpg 700w\" sizes=\"(max-width: 320px) 100vw, 320px\" \/><\/a><\/div><\/div><div style=\"padding:5px;\" class=\"fusion-grid-column fusion-gallery-column fusion-gallery-column-6 hover-type-zoomin\"><div class=\"fusion-gallery-image\"><a href=\"https:\/\/afc.cat\/wp-content\/uploads\/2022\/11\/30-IA-MANTE-INSA-87-Punts.jpg\" data-title=\"30 &#8211; IA MANT\u00c9 INSA &#8211; 87 Punts\" title=\"30 &#8211; IA MANT\u00c9 INSA &#8211; 87 Punts\" rel=\"noreferrer\" data-rel=\"iLightbox[gallery_image_1]\" class=\"fusion-lightbox\" target=\"_self\"><img decoding=\"async\" src=\"https:\/\/afc.cat\/wp-content\/uploads\/2022\/11\/30-IA-MANTE-INSA-87-Punts-320x202.jpg\" width=\"320\" height=\"202\" alt=\"\" title=\"30 &#8211; IA MANT\u00c9 INSA &#8211; 87 Punts\" aria-label=\"30 &#8211; IA MANT\u00c9 INSA &#8211; 87 Punts\" class=\"img-responsive wp-image-29415 fusion-gallery-image-size-fixed\" srcset=\"https:\/\/afc.cat\/wp-content\/uploads\/2022\/11\/30-IA-MANTE-INSA-87-Punts-320x202.jpg 320w, https:\/\/afc.cat\/wp-content\/uploads\/2022\/11\/30-IA-MANTE-INSA-87-Punts-700x441.jpg 700w\" sizes=\"(max-width: 320px) 100vw, 320px\" \/><\/a><\/div><\/div><div class=\"clearfix\"><\/div><div style=\"padding:5px;\" class=\"fusion-grid-column fusion-gallery-column fusion-gallery-column-6 hover-type-zoomin\"><div class=\"fusion-gallery-image\"><a href=\"https:\/\/afc.cat\/wp-content\/uploads\/2022\/11\/31-Sara-Assens-Mampel-87-Punts.jpg\" data-title=\"31 &#8211; Sara Assens Mampel &#8211; 87 Punts\" title=\"31 &#8211; Sara Assens Mampel &#8211; 87 Punts\" rel=\"noreferrer\" data-rel=\"iLightbox[gallery_image_1]\" class=\"fusion-lightbox\" target=\"_self\"><img decoding=\"async\" src=\"https:\/\/afc.cat\/wp-content\/uploads\/2022\/11\/31-Sara-Assens-Mampel-87-Punts-320x202.jpg\" width=\"320\" height=\"202\" alt=\"\" title=\"31 &#8211; Sara Assens Mampel &#8211; 87 Punts\" aria-label=\"31 &#8211; Sara Assens Mampel &#8211; 87 Punts\" class=\"img-responsive wp-image-29417 fusion-gallery-image-size-fixed\" srcset=\"https:\/\/afc.cat\/wp-content\/uploads\/2022\/11\/31-Sara-Assens-Mampel-87-Punts-320x202.jpg 320w, https:\/\/afc.cat\/wp-content\/uploads\/2022\/11\/31-Sara-Assens-Mampel-87-Punts-700x441.jpg 700w\" sizes=\"(max-width: 320px) 100vw, 320px\" \/><\/a><\/div><\/div><div style=\"padding:5px;\" class=\"fusion-grid-column fusion-gallery-column fusion-gallery-column-6 hover-type-zoomin\"><div class=\"fusion-gallery-image\"><a href=\"https:\/\/afc.cat\/wp-content\/uploads\/2022\/11\/32-Lluis-Girona-Arguimbau-81-Punts.jpg\" data-title=\"32 &#8211; Lluis Girona Arguimbau &#8211; 81 Punts\" title=\"32 &#8211; Lluis Girona Arguimbau &#8211; 81 Punts\" rel=\"noreferrer\" data-rel=\"iLightbox[gallery_image_1]\" class=\"fusion-lightbox\" target=\"_self\"><img decoding=\"async\" src=\"https:\/\/afc.cat\/wp-content\/uploads\/2022\/11\/32-Lluis-Girona-Arguimbau-81-Punts-320x202.jpg\" width=\"320\" height=\"202\" alt=\"\" title=\"32 &#8211; Lluis Girona Arguimbau &#8211; 81 Punts\" aria-label=\"32 &#8211; Lluis Girona Arguimbau &#8211; 81 Punts\" class=\"img-responsive wp-image-29419 fusion-gallery-image-size-fixed\" srcset=\"https:\/\/afc.cat\/wp-content\/uploads\/2022\/11\/32-Lluis-Girona-Arguimbau-81-Punts-320x202.jpg 320w, https:\/\/afc.cat\/wp-content\/uploads\/2022\/11\/32-Lluis-Girona-Arguimbau-81-Punts-700x441.jpg 700w\" sizes=\"(max-width: 320px) 100vw, 320px\" \/><\/a><\/div><\/div><div style=\"padding:5px;\" class=\"fusion-grid-column fusion-gallery-column fusion-gallery-column-6 hover-type-zoomin\"><div class=\"fusion-gallery-image\"><a href=\"https:\/\/afc.cat\/wp-content\/uploads\/2022\/11\/33-Toni-Torras-Llaurado-79-Punts.jpg\" data-title=\"33 &#8211; Toni Torras Llaurad\u00f3 &#8211; 79 Punts\" title=\"33 &#8211; Toni Torras Llaurad\u00f3 &#8211; 79 Punts\" rel=\"noreferrer\" data-rel=\"iLightbox[gallery_image_1]\" class=\"fusion-lightbox\" target=\"_self\"><img decoding=\"async\" src=\"https:\/\/afc.cat\/wp-content\/uploads\/2022\/11\/33-Toni-Torras-Llaurado-79-Punts-320x202.jpg\" width=\"320\" height=\"202\" alt=\"\" title=\"33 &#8211; Toni Torras Llaurad\u00f3 &#8211; 79 Punts\" aria-label=\"33 &#8211; Toni Torras Llaurad\u00f3 &#8211; 79 Punts\" class=\"img-responsive wp-image-29421 fusion-gallery-image-size-fixed\" srcset=\"https:\/\/afc.cat\/wp-content\/uploads\/2022\/11\/33-Toni-Torras-Llaurado-79-Punts-320x202.jpg 320w, https:\/\/afc.cat\/wp-content\/uploads\/2022\/11\/33-Toni-Torras-Llaurado-79-Punts-700x441.jpg 700w\" sizes=\"(max-width: 320px) 100vw, 320px\" \/><\/a><\/div><\/div><div style=\"padding:5px;\" class=\"fusion-grid-column fusion-gallery-column fusion-gallery-column-6 hover-type-zoomin\"><div class=\"fusion-gallery-image\"><a href=\"https:\/\/afc.cat\/wp-content\/uploads\/2022\/11\/34-Pere-Graupera-Langa-52-Punts.jpg\" data-title=\"34 &#8211; Pere Graupera Langa &#8211; 52 Punts\" title=\"34 &#8211; Pere Graupera Langa &#8211; 52 Punts\" rel=\"noreferrer\" data-rel=\"iLightbox[gallery_image_1]\" class=\"fusion-lightbox\" target=\"_self\"><img decoding=\"async\" src=\"https:\/\/afc.cat\/wp-content\/uploads\/2022\/11\/34-Pere-Graupera-Langa-52-Punts-320x202.jpg\" width=\"320\" height=\"202\" alt=\"\" title=\"34 &#8211; Pere Graupera Langa &#8211; 52 Punts\" aria-label=\"34 &#8211; Pere Graupera Langa &#8211; 52 Punts\" class=\"img-responsive wp-image-29423 fusion-gallery-image-size-fixed\" srcset=\"https:\/\/afc.cat\/wp-content\/uploads\/2022\/11\/34-Pere-Graupera-Langa-52-Punts-320x202.jpg 320w, https:\/\/afc.cat\/wp-content\/uploads\/2022\/11\/34-Pere-Graupera-Langa-52-Punts-700x441.jpg 700w\" sizes=\"(max-width: 320px) 100vw, 320px\" \/><\/a><\/div><\/div><\/div><div class=\"fusion-separator fusion-full-width-sep\" style=\"align-self: center;margin-left: auto;margin-right: auto;margin-top:20px;margin-bottom:20px;width:100%;\"><div class=\"fusion-separator-border sep-single sep-solid\" style=\"border-color:#3ec0bf;border-top-width:1px;\"><\/div><\/div><div class=\"fusion-text fusion-text-5\"><p style=\"text-align: center;\"><strong>PUNTUACI\u00d3N GENERAL ACUMULADA COLOR<\/strong><\/p>\n<\/div><div style=\"text-align:center;\"><style>.fusion-imageframe.imageframe-2{ margin-bottom : 5%;}<\/style><span class=\" fusion-imageframe imageframe-none imageframe-2 hover-type-zoomin\"><img decoding=\"async\" width=\"477\" height=\"964\" title=\"Resultats color octubre 2022\" src=\"https:\/\/afc.cat\/wp-content\/uploads\/2022\/11\/Resultats-color-octubre-2022.jpg\" alt class=\"img-responsive wp-image-29355\" srcset=\"https:\/\/afc.cat\/wp-content\/uploads\/2022\/11\/Resultats-color-octubre-2022-200x404.jpg 200w, https:\/\/afc.cat\/wp-content\/uploads\/2022\/11\/Resultats-color-octubre-2022-400x808.jpg 400w, https:\/\/afc.cat\/wp-content\/uploads\/2022\/11\/Resultats-color-octubre-2022.jpg 477w\" sizes=\"(max-width: 640px) 100vw, 477px\" \/><\/span><\/div><div class=\"fusion-text fusion-text-6\"><p style=\"text-align: center;\"><strong>Clasificaci\u00f3n color de octubre 2022<\/strong><\/p>\n<\/div><style type=\"text\/css\">.fusion-gallery-2 .fusion-gallery-image {border:0px solid #e2e2e2;}<\/style><div class=\"fusion-gallery fusion-gallery-container fusion-grid-6 fusion-columns-total-35 fusion-gallery-layout-grid fusion-gallery-2\" style=\"margin:-5px;\"><div style=\"padding:5px;\" class=\"fusion-grid-column fusion-gallery-column fusion-gallery-column-6 hover-type-zoomin\"><div class=\"fusion-gallery-image\"><a href=\"https:\/\/afc.cat\/wp-content\/uploads\/2022\/11\/01-Albert-Canellas-Xarau-127-Punts.jpg\" data-title=\"01 &#8211; Albert Ca\u00f1ellas Xarau &#8211; 127 Punts\" title=\"01 &#8211; Albert Ca\u00f1ellas Xarau &#8211; 127 Punts\" rel=\"noreferrer\" data-rel=\"iLightbox[gallery_image_2]\" class=\"fusion-lightbox\" target=\"_self\"><img decoding=\"async\" src=\"https:\/\/afc.cat\/wp-content\/uploads\/2022\/11\/01-Albert-Canellas-Xarau-127-Punts-320x202.jpg\" width=\"320\" height=\"202\" alt=\"\" title=\"01 &#8211; Albert Ca\u00f1ellas Xarau &#8211; 127 Punts\" aria-label=\"01 &#8211; Albert Ca\u00f1ellas Xarau &#8211; 127 Punts\" class=\"img-responsive wp-image-29285 fusion-gallery-image-size-fixed\" srcset=\"https:\/\/afc.cat\/wp-content\/uploads\/2022\/11\/01-Albert-Canellas-Xarau-127-Punts-320x202.jpg 320w, https:\/\/afc.cat\/wp-content\/uploads\/2022\/11\/01-Albert-Canellas-Xarau-127-Punts-700x441.jpg 700w\" sizes=\"(max-width: 320px) 100vw, 320px\" \/><\/a><\/div><\/div><div style=\"padding:5px;\" class=\"fusion-grid-column fusion-gallery-column fusion-gallery-column-6 hover-type-zoomin\"><div class=\"fusion-gallery-image\"><a href=\"https:\/\/afc.cat\/wp-content\/uploads\/2022\/11\/02-Josep-Maria-Bonjoch-Trilla-126-Punts.jpg\" data-title=\"02 &#8211; Josep Maria Bonjoch Trilla &#8211; 126 Punts\" title=\"02 &#8211; Josep Maria Bonjoch Trilla &#8211; 126 Punts\" rel=\"noreferrer\" data-rel=\"iLightbox[gallery_image_2]\" class=\"fusion-lightbox\" target=\"_self\"><img decoding=\"async\" src=\"https:\/\/afc.cat\/wp-content\/uploads\/2022\/11\/02-Josep-Maria-Bonjoch-Trilla-126-Punts-320x202.jpg\" width=\"320\" height=\"202\" alt=\"\" title=\"02 &#8211; Josep Maria Bonjoch Trilla &#8211; 126 Punts\" aria-label=\"02 &#8211; Josep Maria Bonjoch Trilla &#8211; 126 Punts\" class=\"img-responsive wp-image-29287 fusion-gallery-image-size-fixed\" srcset=\"https:\/\/afc.cat\/wp-content\/uploads\/2022\/11\/02-Josep-Maria-Bonjoch-Trilla-126-Punts-320x202.jpg 320w, https:\/\/afc.cat\/wp-content\/uploads\/2022\/11\/02-Josep-Maria-Bonjoch-Trilla-126-Punts-700x441.jpg 700w\" sizes=\"(max-width: 320px) 100vw, 320px\" \/><\/a><\/div><\/div><div class=\"clearfix\"><\/div><div style=\"padding:5px;\" class=\"fusion-grid-column fusion-gallery-column fusion-gallery-column-6 hover-type-zoomin\"><div class=\"fusion-gallery-image\"><a href=\"https:\/\/afc.cat\/wp-content\/uploads\/2022\/11\/03-Josep-Soler-Vendrell-120-Punts.jpg\" data-title=\"03 &#8211; Josep Soler Vendrell &#8211; 120 Punts\" title=\"03 &#8211; Josep Soler Vendrell &#8211; 120 Punts\" rel=\"noreferrer\" data-rel=\"iLightbox[gallery_image_2]\" class=\"fusion-lightbox\" target=\"_self\"><img decoding=\"async\" src=\"https:\/\/afc.cat\/wp-content\/uploads\/2022\/11\/03-Josep-Soler-Vendrell-120-Punts-320x202.jpg\" width=\"320\" height=\"202\" alt=\"\" title=\"03 &#8211; Josep Soler Vendrell &#8211; 120 Punts\" aria-label=\"03 &#8211; Josep Soler Vendrell &#8211; 120 Punts\" class=\"img-responsive wp-image-29289 fusion-gallery-image-size-fixed\" srcset=\"https:\/\/afc.cat\/wp-content\/uploads\/2022\/11\/03-Josep-Soler-Vendrell-120-Punts-320x202.jpg 320w, https:\/\/afc.cat\/wp-content\/uploads\/2022\/11\/03-Josep-Soler-Vendrell-120-Punts-700x441.jpg 700w\" sizes=\"(max-width: 320px) 100vw, 320px\" \/><\/a><\/div><\/div><div style=\"padding:5px;\" class=\"fusion-grid-column fusion-gallery-column fusion-gallery-column-6 hover-type-zoomin\"><div class=\"fusion-gallery-image\"><a href=\"https:\/\/afc.cat\/wp-content\/uploads\/2022\/11\/04-Josep-LL-Soucheiron-113-Punts.jpg\" data-title=\"04 &#8211; Josep LL Soucheiron &#8211; 113 Punts\" title=\"04 &#8211; Josep LL Soucheiron &#8211; 113 Punts\" rel=\"noreferrer\" data-rel=\"iLightbox[gallery_image_2]\" class=\"fusion-lightbox\" target=\"_self\"><img decoding=\"async\" src=\"https:\/\/afc.cat\/wp-content\/uploads\/2022\/11\/04-Josep-LL-Soucheiron-113-Punts-320x202.jpg\" width=\"320\" height=\"202\" alt=\"\" title=\"04 &#8211; Josep LL Soucheiron &#8211; 113 Punts\" aria-label=\"04 &#8211; Josep LL Soucheiron &#8211; 113 Punts\" class=\"img-responsive wp-image-29291 fusion-gallery-image-size-fixed\" srcset=\"https:\/\/afc.cat\/wp-content\/uploads\/2022\/11\/04-Josep-LL-Soucheiron-113-Punts-320x202.jpg 320w, https:\/\/afc.cat\/wp-content\/uploads\/2022\/11\/04-Josep-LL-Soucheiron-113-Punts-700x441.jpg 700w\" sizes=\"(max-width: 320px) 100vw, 320px\" \/><\/a><\/div><\/div><div style=\"padding:5px;\" class=\"fusion-grid-column fusion-gallery-column fusion-gallery-column-6 hover-type-zoomin\"><div class=\"fusion-gallery-image\"><a href=\"https:\/\/afc.cat\/wp-content\/uploads\/2022\/11\/05-Josep-Suarez-Torrellas-106-Punts.jpg\" data-title=\"05 &#8211; Josep Suarez Torrellas &#8211; 106 Punts\" title=\"05 &#8211; Josep Suarez Torrellas &#8211; 106 Punts\" rel=\"noreferrer\" data-rel=\"iLightbox[gallery_image_2]\" class=\"fusion-lightbox\" target=\"_self\"><img decoding=\"async\" src=\"https:\/\/afc.cat\/wp-content\/uploads\/2022\/11\/05-Josep-Suarez-Torrellas-106-Punts-320x202.jpg\" width=\"320\" height=\"202\" alt=\"\" title=\"05 &#8211; Josep Suarez Torrellas &#8211; 106 Punts\" aria-label=\"05 &#8211; Josep Suarez Torrellas &#8211; 106 Punts\" class=\"img-responsive wp-image-29293 fusion-gallery-image-size-fixed\" srcset=\"https:\/\/afc.cat\/wp-content\/uploads\/2022\/11\/05-Josep-Suarez-Torrellas-106-Punts-320x202.jpg 320w, https:\/\/afc.cat\/wp-content\/uploads\/2022\/11\/05-Josep-Suarez-Torrellas-106-Punts-700x441.jpg 700w\" sizes=\"(max-width: 320px) 100vw, 320px\" \/><\/a><\/div><\/div><div style=\"padding:5px;\" class=\"fusion-grid-column fusion-gallery-column fusion-gallery-column-6 hover-type-zoomin\"><div class=\"fusion-gallery-image\"><a href=\"https:\/\/afc.cat\/wp-content\/uploads\/2022\/11\/06-Ana-M.-Gallego-Lozano-104-Punts.jpg\" data-title=\"06 &#8211; Ana M. Gallego Lozano &#8211; 104 Punts\" title=\"06 &#8211; Ana M. Gallego Lozano &#8211; 104 Punts\" rel=\"noreferrer\" data-rel=\"iLightbox[gallery_image_2]\" class=\"fusion-lightbox\" target=\"_self\"><img decoding=\"async\" src=\"https:\/\/afc.cat\/wp-content\/uploads\/2022\/11\/06-Ana-M.-Gallego-Lozano-104-Punts-320x202.jpg\" width=\"320\" height=\"202\" alt=\"\" title=\"06 &#8211; Ana M. Gallego Lozano &#8211; 104 Punts\" aria-label=\"06 &#8211; Ana M. Gallego Lozano &#8211; 104 Punts\" class=\"img-responsive wp-image-29295 fusion-gallery-image-size-fixed\" srcset=\"https:\/\/afc.cat\/wp-content\/uploads\/2022\/11\/06-Ana-M.-Gallego-Lozano-104-Punts-320x202.jpg 320w, https:\/\/afc.cat\/wp-content\/uploads\/2022\/11\/06-Ana-M.-Gallego-Lozano-104-Punts-700x441.jpg 700w\" sizes=\"(max-width: 320px) 100vw, 320px\" \/><\/a><\/div><\/div><div style=\"padding:5px;\" class=\"fusion-grid-column fusion-gallery-column fusion-gallery-column-6 hover-type-zoomin\"><div class=\"fusion-gallery-image\"><a href=\"https:\/\/afc.cat\/wp-content\/uploads\/2022\/11\/07-Carmen-Casademont-Ribot-104-Punts.jpg\" data-title=\"07 &#8211; Carmen Casademont Ribot &#8211; 104 Punts\" title=\"07 &#8211; Carmen Casademont Ribot &#8211; 104 Punts\" rel=\"noreferrer\" data-rel=\"iLightbox[gallery_image_2]\" class=\"fusion-lightbox\" target=\"_self\"><img decoding=\"async\" src=\"https:\/\/afc.cat\/wp-content\/uploads\/2022\/11\/07-Carmen-Casademont-Ribot-104-Punts-320x202.jpg\" width=\"320\" height=\"202\" alt=\"\" title=\"07 &#8211; Carmen Casademont Ribot &#8211; 104 Punts\" aria-label=\"07 &#8211; Carmen Casademont Ribot &#8211; 104 Punts\" class=\"img-responsive wp-image-29297 fusion-gallery-image-size-fixed\" \/><\/a><\/div><\/div><div style=\"padding:5px;\" class=\"fusion-grid-column fusion-gallery-column fusion-gallery-column-6 hover-type-zoomin\"><div class=\"fusion-gallery-image\"><a href=\"https:\/\/afc.cat\/wp-content\/uploads\/2022\/11\/08-Albert-Folch-Navalon-102-Punts.jpg\" data-title=\"08 &#8211; Albert Folch Naval\u00f3n &#8211; 102 Punts\" title=\"08 &#8211; Albert Folch Naval\u00f3n &#8211; 102 Punts\" rel=\"noreferrer\" data-rel=\"iLightbox[gallery_image_2]\" class=\"fusion-lightbox\" target=\"_self\"><img decoding=\"async\" src=\"https:\/\/afc.cat\/wp-content\/uploads\/2022\/11\/08-Albert-Folch-Navalon-102-Punts-320x202.jpg\" width=\"320\" height=\"202\" alt=\"\" title=\"08 &#8211; Albert Folch Naval\u00f3n &#8211; 102 Punts\" aria-label=\"08 &#8211; Albert Folch Naval\u00f3n &#8211; 102 Punts\" class=\"img-responsive wp-image-29299 fusion-gallery-image-size-fixed\" srcset=\"https:\/\/afc.cat\/wp-content\/uploads\/2022\/11\/08-Albert-Folch-Navalon-102-Punts-320x202.jpg 320w, https:\/\/afc.cat\/wp-content\/uploads\/2022\/11\/08-Albert-Folch-Navalon-102-Punts-700x441.jpg 700w\" sizes=\"(max-width: 320px) 100vw, 320px\" \/><\/a><\/div><\/div><div class=\"clearfix\"><\/div><div style=\"padding:5px;\" class=\"fusion-grid-column fusion-gallery-column fusion-gallery-column-6 hover-type-zoomin\"><div class=\"fusion-gallery-image\"><a href=\"https:\/\/afc.cat\/wp-content\/uploads\/2022\/11\/09-Anna-Barnes-Guillen-101-Punts.jpg\" data-title=\"09 &#8211; Anna Barn\u00e9s Guill\u00e9n &#8211; 101 Punts\" title=\"09 &#8211; Anna Barn\u00e9s Guill\u00e9n &#8211; 101 Punts\" rel=\"noreferrer\" data-rel=\"iLightbox[gallery_image_2]\" class=\"fusion-lightbox\" target=\"_self\"><img decoding=\"async\" src=\"https:\/\/afc.cat\/wp-content\/uploads\/2022\/11\/09-Anna-Barnes-Guillen-101-Punts-320x202.jpg\" width=\"320\" height=\"202\" alt=\"\" title=\"09 &#8211; Anna Barn\u00e9s Guill\u00e9n &#8211; 101 Punts\" aria-label=\"09 &#8211; Anna Barn\u00e9s Guill\u00e9n &#8211; 101 Punts\" class=\"img-responsive wp-image-29301 fusion-gallery-image-size-fixed\" srcset=\"https:\/\/afc.cat\/wp-content\/uploads\/2022\/11\/09-Anna-Barnes-Guillen-101-Punts-320x202.jpg 320w, https:\/\/afc.cat\/wp-content\/uploads\/2022\/11\/09-Anna-Barnes-Guillen-101-Punts-700x441.jpg 700w\" sizes=\"(max-width: 320px) 100vw, 320px\" \/><\/a><\/div><\/div><div style=\"padding:5px;\" class=\"fusion-grid-column fusion-gallery-column fusion-gallery-column-6 hover-type-zoomin\"><div class=\"fusion-gallery-image\"><a href=\"https:\/\/afc.cat\/wp-content\/uploads\/2022\/11\/10-Jordi-Batet-i-Escobedo-100-Punts.jpg\" data-title=\"10 &#8211; Jordi Batet i Escobedo &#8211; 100 Punts\" title=\"10 &#8211; Jordi Batet i Escobedo &#8211; 100 Punts\" rel=\"noreferrer\" data-rel=\"iLightbox[gallery_image_2]\" class=\"fusion-lightbox\" target=\"_self\"><img decoding=\"async\" src=\"https:\/\/afc.cat\/wp-content\/uploads\/2022\/11\/10-Jordi-Batet-i-Escobedo-100-Punts-320x202.jpg\" width=\"320\" height=\"202\" alt=\"\" title=\"10 &#8211; Jordi Batet i Escobedo &#8211; 100 Punts\" aria-label=\"10 &#8211; Jordi Batet i Escobedo &#8211; 100 Punts\" class=\"img-responsive wp-image-29303 fusion-gallery-image-size-fixed\" srcset=\"https:\/\/afc.cat\/wp-content\/uploads\/2022\/11\/10-Jordi-Batet-i-Escobedo-100-Punts-320x202.jpg 320w, https:\/\/afc.cat\/wp-content\/uploads\/2022\/11\/10-Jordi-Batet-i-Escobedo-100-Punts-700x441.jpg 700w\" sizes=\"(max-width: 320px) 100vw, 320px\" \/><\/a><\/div><\/div><div style=\"padding:5px;\" class=\"fusion-grid-column fusion-gallery-column fusion-gallery-column-6 hover-type-zoomin\"><div class=\"fusion-gallery-image\"><a href=\"https:\/\/afc.cat\/wp-content\/uploads\/2022\/11\/11-David-Penarroya-Hernandez-99-Punts.jpg\" data-title=\"11 &#8211; David Pe\u00f1arroya Hernandez &#8211; 99 Punts\" title=\"11 &#8211; David Pe\u00f1arroya Hernandez &#8211; 99 Punts\" rel=\"noreferrer\" data-rel=\"iLightbox[gallery_image_2]\" class=\"fusion-lightbox\" target=\"_self\"><img decoding=\"async\" src=\"https:\/\/afc.cat\/wp-content\/uploads\/2022\/11\/11-David-Penarroya-Hernandez-99-Punts-320x202.jpg\" width=\"320\" height=\"202\" alt=\"\" title=\"11 &#8211; David Pe\u00f1arroya Hernandez &#8211; 99 Punts\" aria-label=\"11 &#8211; David Pe\u00f1arroya Hernandez &#8211; 99 Punts\" class=\"img-responsive wp-image-29305 fusion-gallery-image-size-fixed\" \/><\/a><\/div><\/div><div style=\"padding:5px;\" class=\"fusion-grid-column fusion-gallery-column fusion-gallery-column-6 hover-type-zoomin\"><div class=\"fusion-gallery-image\"><a href=\"https:\/\/afc.cat\/wp-content\/uploads\/2022\/11\/12-Elena-Sanchez-Vizcaino-Mengual-99-Punts.jpg\" data-title=\"12 &#8211; Elena S\u00e1nchez-Vizca\u00edno Mengual &#8211; 99 Punts\" title=\"12 &#8211; Elena S\u00e1nchez-Vizca\u00edno Mengual &#8211; 99 Punts\" rel=\"noreferrer\" data-rel=\"iLightbox[gallery_image_2]\" class=\"fusion-lightbox\" target=\"_self\"><img decoding=\"async\" src=\"https:\/\/afc.cat\/wp-content\/uploads\/2022\/11\/12-Elena-Sanchez-Vizcaino-Mengual-99-Punts-320x202.jpg\" width=\"320\" height=\"202\" alt=\"\" title=\"12 &#8211; Elena S\u00e1nchez-Vizca\u00edno Mengual &#8211; 99 Punts\" aria-label=\"12 &#8211; Elena S\u00e1nchez-Vizca\u00edno Mengual &#8211; 99 Punts\" class=\"img-responsive wp-image-29307 fusion-gallery-image-size-fixed\" srcset=\"https:\/\/afc.cat\/wp-content\/uploads\/2022\/11\/12-Elena-Sanchez-Vizcaino-Mengual-99-Punts-320x202.jpg 320w, https:\/\/afc.cat\/wp-content\/uploads\/2022\/11\/12-Elena-Sanchez-Vizcaino-Mengual-99-Punts-700x441.jpg 700w\" sizes=\"(max-width: 320px) 100vw, 320px\" \/><\/a><\/div><\/div><div style=\"padding:5px;\" class=\"fusion-grid-column fusion-gallery-column fusion-gallery-column-6 hover-type-zoomin\"><div class=\"fusion-gallery-image\"><a href=\"https:\/\/afc.cat\/wp-content\/uploads\/2022\/11\/13-Joan-Manel-Amigo-99-Punts.jpg\" data-title=\"13 &#8211; Joan Manel Amig\u00f3 &#8211; 99 Punts\" title=\"13 &#8211; Joan Manel Amig\u00f3 &#8211; 99 Punts\" rel=\"noreferrer\" data-rel=\"iLightbox[gallery_image_2]\" class=\"fusion-lightbox\" target=\"_self\"><img decoding=\"async\" src=\"https:\/\/afc.cat\/wp-content\/uploads\/2022\/11\/13-Joan-Manel-Amigo-99-Punts-320x202.jpg\" width=\"320\" height=\"202\" alt=\"\" title=\"13 &#8211; Joan Manel Amig\u00f3 &#8211; 99 Punts\" aria-label=\"13 &#8211; Joan Manel Amig\u00f3 &#8211; 99 Punts\" class=\"img-responsive wp-image-29309 fusion-gallery-image-size-fixed\" srcset=\"https:\/\/afc.cat\/wp-content\/uploads\/2022\/11\/13-Joan-Manel-Amigo-99-Punts-320x202.jpg 320w, https:\/\/afc.cat\/wp-content\/uploads\/2022\/11\/13-Joan-Manel-Amigo-99-Punts-700x441.jpg 700w\" sizes=\"(max-width: 320px) 100vw, 320px\" \/><\/a><\/div><\/div><div style=\"padding:5px;\" class=\"fusion-grid-column fusion-gallery-column fusion-gallery-column-6 hover-type-zoomin\"><div class=\"fusion-gallery-image\"><a href=\"https:\/\/afc.cat\/wp-content\/uploads\/2022\/11\/14-Josep-Braojos-Morales-99-Punts.jpg\" data-title=\"14 &#8211; Josep Braojos Morales &#8211; 99 Punts\" title=\"14 &#8211; Josep Braojos Morales &#8211; 99 Punts\" rel=\"noreferrer\" data-rel=\"iLightbox[gallery_image_2]\" class=\"fusion-lightbox\" target=\"_self\"><img decoding=\"async\" src=\"https:\/\/afc.cat\/wp-content\/uploads\/2022\/11\/14-Josep-Braojos-Morales-99-Punts-320x202.jpg\" width=\"320\" height=\"202\" alt=\"\" title=\"14 &#8211; Josep Braojos Morales &#8211; 99 Punts\" aria-label=\"14 &#8211; Josep Braojos Morales &#8211; 99 Punts\" class=\"img-responsive wp-image-29311 fusion-gallery-image-size-fixed\" \/><\/a><\/div><\/div><div class=\"clearfix\"><\/div><div style=\"padding:5px;\" class=\"fusion-grid-column fusion-gallery-column fusion-gallery-column-6 hover-type-zoomin\"><div class=\"fusion-gallery-image\"><a href=\"https:\/\/afc.cat\/wp-content\/uploads\/2022\/11\/15-Santiago-Garcia-Cuadrado-98-Punts.jpg\" data-title=\"15 &#8211; Santiago Garc\u00eda Cuadrado &#8211; 98 Punts\" title=\"15 &#8211; Santiago Garc\u00eda Cuadrado &#8211; 98 Punts\" rel=\"noreferrer\" data-rel=\"iLightbox[gallery_image_2]\" class=\"fusion-lightbox\" target=\"_self\"><img decoding=\"async\" src=\"https:\/\/afc.cat\/wp-content\/uploads\/2022\/11\/15-Santiago-Garcia-Cuadrado-98-Punts-320x202.jpg\" width=\"320\" height=\"202\" alt=\"\" title=\"15 &#8211; Santiago Garc\u00eda Cuadrado &#8211; 98 Punts\" aria-label=\"15 &#8211; Santiago Garc\u00eda Cuadrado &#8211; 98 Punts\" class=\"img-responsive wp-image-29313 fusion-gallery-image-size-fixed\" srcset=\"https:\/\/afc.cat\/wp-content\/uploads\/2022\/11\/15-Santiago-Garcia-Cuadrado-98-Punts-320x202.jpg 320w, https:\/\/afc.cat\/wp-content\/uploads\/2022\/11\/15-Santiago-Garcia-Cuadrado-98-Punts-700x441.jpg 700w\" sizes=\"(max-width: 320px) 100vw, 320px\" \/><\/a><\/div><\/div><div style=\"padding:5px;\" class=\"fusion-grid-column fusion-gallery-column fusion-gallery-column-6 hover-type-zoomin\"><div class=\"fusion-gallery-image\"><a href=\"https:\/\/afc.cat\/wp-content\/uploads\/2022\/11\/16-Angel-Colado-Palacios-97-Punts.jpg\" data-title=\"16 &#8211; \u00c1ngel Colado Palacios &#8211; 97 Punts\" title=\"16 &#8211; \u00c1ngel Colado Palacios &#8211; 97 Punts\" rel=\"noreferrer\" data-rel=\"iLightbox[gallery_image_2]\" class=\"fusion-lightbox\" target=\"_self\"><img decoding=\"async\" src=\"https:\/\/afc.cat\/wp-content\/uploads\/2022\/11\/16-Angel-Colado-Palacios-97-Punts-320x202.jpg\" width=\"320\" height=\"202\" alt=\"\" title=\"16 &#8211; \u00c1ngel Colado Palacios &#8211; 97 Punts\" aria-label=\"16 &#8211; \u00c1ngel Colado Palacios &#8211; 97 Punts\" class=\"img-responsive wp-image-29315 fusion-gallery-image-size-fixed\" \/><\/a><\/div><\/div><div style=\"padding:5px;\" class=\"fusion-grid-column fusion-gallery-column fusion-gallery-column-6 hover-type-zoomin\"><div class=\"fusion-gallery-image\"><a href=\"https:\/\/afc.cat\/wp-content\/uploads\/2022\/11\/17-Aleix-Torrents-Almeda-96-Punts.jpg\" data-title=\"17 &#8211; Aleix Torrents Almeda &#8211; 96 Punts\" title=\"17 &#8211; Aleix Torrents Almeda &#8211; 96 Punts\" rel=\"noreferrer\" data-rel=\"iLightbox[gallery_image_2]\" class=\"fusion-lightbox\" target=\"_self\"><img decoding=\"async\" src=\"https:\/\/afc.cat\/wp-content\/uploads\/2022\/11\/17-Aleix-Torrents-Almeda-96-Punts-320x202.jpg\" width=\"320\" height=\"202\" alt=\"\" title=\"17 &#8211; Aleix Torrents Almeda &#8211; 96 Punts\" aria-label=\"17 &#8211; Aleix Torrents Almeda &#8211; 96 Punts\" class=\"img-responsive wp-image-29317 fusion-gallery-image-size-fixed\" \/><\/a><\/div><\/div><div style=\"padding:5px;\" class=\"fusion-grid-column fusion-gallery-column fusion-gallery-column-6 hover-type-zoomin\"><div class=\"fusion-gallery-image\"><a href=\"https:\/\/afc.cat\/wp-content\/uploads\/2022\/11\/18-Damia-Tous-Vazquez-96-Punts.jpg\" data-title=\"18 &#8211; Dami\u00e0 Tous Vazquez &#8211; 96 Punts\" title=\"18 &#8211; Dami\u00e0 Tous Vazquez &#8211; 96 Punts\" rel=\"noreferrer\" data-rel=\"iLightbox[gallery_image_2]\" class=\"fusion-lightbox\" target=\"_self\"><img decoding=\"async\" src=\"https:\/\/afc.cat\/wp-content\/uploads\/2022\/11\/18-Damia-Tous-Vazquez-96-Punts-320x202.jpg\" width=\"320\" height=\"202\" alt=\"\" title=\"18 &#8211; Dami\u00e0 Tous Vazquez &#8211; 96 Punts\" aria-label=\"18 &#8211; Dami\u00e0 Tous Vazquez &#8211; 96 Punts\" class=\"img-responsive wp-image-29319 fusion-gallery-image-size-fixed\" srcset=\"https:\/\/afc.cat\/wp-content\/uploads\/2022\/11\/18-Damia-Tous-Vazquez-96-Punts-320x202.jpg 320w, https:\/\/afc.cat\/wp-content\/uploads\/2022\/11\/18-Damia-Tous-Vazquez-96-Punts-700x441.jpg 700w\" sizes=\"(max-width: 320px) 100vw, 320px\" \/><\/a><\/div><\/div><div style=\"padding:5px;\" class=\"fusion-grid-column fusion-gallery-column fusion-gallery-column-6 hover-type-zoomin\"><div class=\"fusion-gallery-image\"><a href=\"https:\/\/afc.cat\/wp-content\/uploads\/2022\/11\/19-Teresa-Tejero-Lopez-96-Punts.jpg\" data-title=\"19 &#8211; Teresa Tejero Lopez &#8211; 96 Punts\" title=\"19 &#8211; Teresa Tejero Lopez &#8211; 96 Punts\" rel=\"noreferrer\" data-rel=\"iLightbox[gallery_image_2]\" class=\"fusion-lightbox\" target=\"_self\"><img decoding=\"async\" src=\"https:\/\/afc.cat\/wp-content\/uploads\/2022\/11\/19-Teresa-Tejero-Lopez-96-Punts-320x202.jpg\" width=\"320\" height=\"202\" alt=\"\" title=\"19 &#8211; Teresa Tejero Lopez &#8211; 96 Punts\" aria-label=\"19 &#8211; Teresa Tejero Lopez &#8211; 96 Punts\" class=\"img-responsive wp-image-29321 fusion-gallery-image-size-fixed\" srcset=\"https:\/\/afc.cat\/wp-content\/uploads\/2022\/11\/19-Teresa-Tejero-Lopez-96-Punts-320x202.jpg 320w, https:\/\/afc.cat\/wp-content\/uploads\/2022\/11\/19-Teresa-Tejero-Lopez-96-Punts-700x441.jpg 700w\" sizes=\"(max-width: 320px) 100vw, 320px\" \/><\/a><\/div><\/div><div style=\"padding:5px;\" class=\"fusion-grid-column fusion-gallery-column fusion-gallery-column-6 hover-type-zoomin\"><div class=\"fusion-gallery-image\"><a href=\"https:\/\/afc.cat\/wp-content\/uploads\/2022\/11\/20-Francesca-Portoles-Braso-95-Punts.jpg\" data-title=\"20 &#8211; Francesca Portol\u00e9s Bras\u00f3 &#8211; 95 Punts\" title=\"20 &#8211; Francesca Portol\u00e9s Bras\u00f3 &#8211; 95 Punts\" rel=\"noreferrer\" data-rel=\"iLightbox[gallery_image_2]\" class=\"fusion-lightbox\" target=\"_self\"><img decoding=\"async\" src=\"https:\/\/afc.cat\/wp-content\/uploads\/2022\/11\/20-Francesca-Portoles-Braso-95-Punts-320x202.jpg\" width=\"320\" height=\"202\" alt=\"\" title=\"20 &#8211; Francesca Portol\u00e9s Bras\u00f3 &#8211; 95 Punts\" aria-label=\"20 &#8211; Francesca Portol\u00e9s Bras\u00f3 &#8211; 95 Punts\" class=\"img-responsive wp-image-29323 fusion-gallery-image-size-fixed\" srcset=\"https:\/\/afc.cat\/wp-content\/uploads\/2022\/11\/20-Francesca-Portoles-Braso-95-Punts-320x202.jpg 320w, https:\/\/afc.cat\/wp-content\/uploads\/2022\/11\/20-Francesca-Portoles-Braso-95-Punts-700x441.jpg 700w\" sizes=\"(max-width: 320px) 100vw, 320px\" \/><\/a><\/div><\/div><div class=\"clearfix\"><\/div><div style=\"padding:5px;\" class=\"fusion-grid-column fusion-gallery-column fusion-gallery-column-6 hover-type-zoomin\"><div class=\"fusion-gallery-image\"><a href=\"https:\/\/afc.cat\/wp-content\/uploads\/2022\/11\/21-Joan-Rue-Domingo-95-Punts.jpg\" data-title=\"21 &#8211; Joan Ru\u00e9 Domingo &#8211; 95 Punts\" title=\"21 &#8211; Joan Ru\u00e9 Domingo &#8211; 95 Punts\" rel=\"noreferrer\" data-rel=\"iLightbox[gallery_image_2]\" class=\"fusion-lightbox\" target=\"_self\"><img decoding=\"async\" src=\"https:\/\/afc.cat\/wp-content\/uploads\/2022\/11\/21-Joan-Rue-Domingo-95-Punts-320x202.jpg\" width=\"320\" height=\"202\" alt=\"\" title=\"21 &#8211; Joan Ru\u00e9 Domingo &#8211; 95 Punts\" aria-label=\"21 &#8211; Joan Ru\u00e9 Domingo &#8211; 95 Punts\" class=\"img-responsive wp-image-29325 fusion-gallery-image-size-fixed\" srcset=\"https:\/\/afc.cat\/wp-content\/uploads\/2022\/11\/21-Joan-Rue-Domingo-95-Punts-320x202.jpg 320w, https:\/\/afc.cat\/wp-content\/uploads\/2022\/11\/21-Joan-Rue-Domingo-95-Punts-700x441.jpg 700w\" sizes=\"(max-width: 320px) 100vw, 320px\" \/><\/a><\/div><\/div><div style=\"padding:5px;\" class=\"fusion-grid-column fusion-gallery-column fusion-gallery-column-6 hover-type-zoomin\"><div class=\"fusion-gallery-image\"><a href=\"https:\/\/afc.cat\/wp-content\/uploads\/2022\/11\/22-Irene-Sanz-Ramirez-93-Punts.jpg\" data-title=\"22 &#8211; Irene Sanz Ramirez &#8211; 93 Punts\" title=\"22 &#8211; Irene Sanz Ramirez &#8211; 93 Punts\" rel=\"noreferrer\" data-rel=\"iLightbox[gallery_image_2]\" class=\"fusion-lightbox\" target=\"_self\"><img decoding=\"async\" src=\"https:\/\/afc.cat\/wp-content\/uploads\/2022\/11\/22-Irene-Sanz-Ramirez-93-Punts-320x202.jpg\" width=\"320\" height=\"202\" alt=\"\" title=\"22 &#8211; Irene Sanz Ramirez &#8211; 93 Punts\" aria-label=\"22 &#8211; Irene Sanz Ramirez &#8211; 93 Punts\" class=\"img-responsive wp-image-29327 fusion-gallery-image-size-fixed\" srcset=\"https:\/\/afc.cat\/wp-content\/uploads\/2022\/11\/22-Irene-Sanz-Ramirez-93-Punts-320x202.jpg 320w, https:\/\/afc.cat\/wp-content\/uploads\/2022\/11\/22-Irene-Sanz-Ramirez-93-Punts-700x441.jpg 700w\" sizes=\"(max-width: 320px) 100vw, 320px\" \/><\/a><\/div><\/div><div style=\"padding:5px;\" class=\"fusion-grid-column fusion-gallery-column fusion-gallery-column-6 hover-type-zoomin\"><div class=\"fusion-gallery-image\"><a href=\"https:\/\/afc.cat\/wp-content\/uploads\/2022\/11\/23-Toni-Torras-Llaurado-93-Punts.jpg\" data-title=\"23 &#8211; Toni Torras Llaurad\u00f3 &#8211; 93 Punts\" title=\"23 &#8211; Toni Torras Llaurad\u00f3 &#8211; 93 Punts\" rel=\"noreferrer\" data-rel=\"iLightbox[gallery_image_2]\" class=\"fusion-lightbox\" target=\"_self\"><img decoding=\"async\" src=\"https:\/\/afc.cat\/wp-content\/uploads\/2022\/11\/23-Toni-Torras-Llaurado-93-Punts-320x202.jpg\" width=\"320\" height=\"202\" alt=\"\" title=\"23 &#8211; Toni Torras Llaurad\u00f3 &#8211; 93 Punts\" aria-label=\"23 &#8211; Toni Torras Llaurad\u00f3 &#8211; 93 Punts\" class=\"img-responsive wp-image-29329 fusion-gallery-image-size-fixed\" srcset=\"https:\/\/afc.cat\/wp-content\/uploads\/2022\/11\/23-Toni-Torras-Llaurado-93-Punts-320x202.jpg 320w, https:\/\/afc.cat\/wp-content\/uploads\/2022\/11\/23-Toni-Torras-Llaurado-93-Punts-700x441.jpg 700w\" sizes=\"(max-width: 320px) 100vw, 320px\" \/><\/a><\/div><\/div><div style=\"padding:5px;\" class=\"fusion-grid-column fusion-gallery-column fusion-gallery-column-6 hover-type-zoomin\"><div class=\"fusion-gallery-image\"><a href=\"https:\/\/afc.cat\/wp-content\/uploads\/2022\/11\/24-Carles-Lastra-Antonell-92-Punts.jpg\" data-title=\"24 &#8211; Carles Lastra Antonell &#8211; 92 Punts\" title=\"24 &#8211; Carles Lastra Antonell &#8211; 92 Punts\" rel=\"noreferrer\" data-rel=\"iLightbox[gallery_image_2]\" class=\"fusion-lightbox\" target=\"_self\"><img decoding=\"async\" src=\"https:\/\/afc.cat\/wp-content\/uploads\/2022\/11\/24-Carles-Lastra-Antonell-92-Punts-320x202.jpg\" width=\"320\" height=\"202\" alt=\"\" title=\"24 &#8211; Carles Lastra Antonell &#8211; 92 Punts\" aria-label=\"24 &#8211; Carles Lastra Antonell &#8211; 92 Punts\" class=\"img-responsive wp-image-29331 fusion-gallery-image-size-fixed\" \/><\/a><\/div><\/div><div style=\"padding:5px;\" class=\"fusion-grid-column fusion-gallery-column fusion-gallery-column-6 hover-type-zoomin\"><div class=\"fusion-gallery-image\"><a href=\"https:\/\/afc.cat\/wp-content\/uploads\/2022\/11\/25-Joan-Font-Ferrer-92-Punts.jpg\" data-title=\"25 &#8211; Joan Font Ferrer &#8211; 92 Punts\" title=\"25 &#8211; Joan Font Ferrer &#8211; 92 Punts\" rel=\"noreferrer\" data-rel=\"iLightbox[gallery_image_2]\" class=\"fusion-lightbox\" target=\"_self\"><img decoding=\"async\" src=\"https:\/\/afc.cat\/wp-content\/uploads\/2022\/11\/25-Joan-Font-Ferrer-92-Punts-320x202.jpg\" width=\"320\" height=\"202\" alt=\"\" title=\"25 &#8211; Joan Font Ferrer &#8211; 92 Punts\" aria-label=\"25 &#8211; Joan Font Ferrer &#8211; 92 Punts\" class=\"img-responsive wp-image-29333 fusion-gallery-image-size-fixed\" srcset=\"https:\/\/afc.cat\/wp-content\/uploads\/2022\/11\/25-Joan-Font-Ferrer-92-Punts-320x202.jpg 320w, https:\/\/afc.cat\/wp-content\/uploads\/2022\/11\/25-Joan-Font-Ferrer-92-Punts-700x441.jpg 700w\" sizes=\"(max-width: 320px) 100vw, 320px\" \/><\/a><\/div><\/div><div style=\"padding:5px;\" class=\"fusion-grid-column fusion-gallery-column fusion-gallery-column-6 hover-type-zoomin\"><div class=\"fusion-gallery-image\"><a href=\"https:\/\/afc.cat\/wp-content\/uploads\/2022\/11\/26-Lluis-Girona-Arguimbau-90-Punts.jpg\" data-title=\"26 &#8211; Lluis Girona Arguimbau &#8211; 90 Punts\" title=\"26 &#8211; Lluis Girona Arguimbau &#8211; 90 Punts\" rel=\"noreferrer\" data-rel=\"iLightbox[gallery_image_2]\" class=\"fusion-lightbox\" target=\"_self\"><img decoding=\"async\" src=\"https:\/\/afc.cat\/wp-content\/uploads\/2022\/11\/26-Lluis-Girona-Arguimbau-90-Punts-320x202.jpg\" width=\"320\" height=\"202\" alt=\"\" title=\"26 &#8211; Lluis Girona Arguimbau &#8211; 90 Punts\" aria-label=\"26 &#8211; Lluis Girona Arguimbau &#8211; 90 Punts\" class=\"img-responsive wp-image-29335 fusion-gallery-image-size-fixed\" srcset=\"https:\/\/afc.cat\/wp-content\/uploads\/2022\/11\/26-Lluis-Girona-Arguimbau-90-Punts-320x202.jpg 320w, https:\/\/afc.cat\/wp-content\/uploads\/2022\/11\/26-Lluis-Girona-Arguimbau-90-Punts-700x441.jpg 700w\" sizes=\"(max-width: 320px) 100vw, 320px\" \/><\/a><\/div><\/div><div class=\"clearfix\"><\/div><div style=\"padding:5px;\" class=\"fusion-grid-column fusion-gallery-column fusion-gallery-column-6 hover-type-zoomin\"><div class=\"fusion-gallery-image\"><a href=\"https:\/\/afc.cat\/wp-content\/uploads\/2022\/11\/27-Joan-Soldevila-Adan-89-Punts.jpg\" data-title=\"27 &#8211; Joan Soldevila Ad\u00e1n &#8211; 89 Punts\" title=\"27 &#8211; Joan Soldevila Ad\u00e1n &#8211; 89 Punts\" rel=\"noreferrer\" data-rel=\"iLightbox[gallery_image_2]\" class=\"fusion-lightbox\" target=\"_self\"><img decoding=\"async\" src=\"https:\/\/afc.cat\/wp-content\/uploads\/2022\/11\/27-Joan-Soldevila-Adan-89-Punts-320x202.jpg\" width=\"320\" height=\"202\" alt=\"\" title=\"27 &#8211; Joan Soldevila Ad\u00e1n &#8211; 89 Punts\" aria-label=\"27 &#8211; Joan Soldevila Ad\u00e1n &#8211; 89 Punts\" class=\"img-responsive wp-image-29337 fusion-gallery-image-size-fixed\" \/><\/a><\/div><\/div><div style=\"padding:5px;\" class=\"fusion-grid-column fusion-gallery-column fusion-gallery-column-6 hover-type-zoomin\"><div class=\"fusion-gallery-image\"><a href=\"https:\/\/afc.cat\/wp-content\/uploads\/2022\/11\/28-Sara-Assens-Mampel-88-Punts.jpg\" data-title=\"28 &#8211; Sara Assens Mampel &#8211; 88 Punts\" title=\"28 &#8211; Sara Assens Mampel &#8211; 88 Punts\" rel=\"noreferrer\" data-rel=\"iLightbox[gallery_image_2]\" class=\"fusion-lightbox\" target=\"_self\"><img decoding=\"async\" src=\"https:\/\/afc.cat\/wp-content\/uploads\/2022\/11\/28-Sara-Assens-Mampel-88-Punts-320x202.jpg\" width=\"320\" height=\"202\" alt=\"\" title=\"28 &#8211; Sara Assens Mampel &#8211; 88 Punts\" aria-label=\"28 &#8211; Sara Assens Mampel &#8211; 88 Punts\" class=\"img-responsive wp-image-29339 fusion-gallery-image-size-fixed\" srcset=\"https:\/\/afc.cat\/wp-content\/uploads\/2022\/11\/28-Sara-Assens-Mampel-88-Punts-320x202.jpg 320w, https:\/\/afc.cat\/wp-content\/uploads\/2022\/11\/28-Sara-Assens-Mampel-88-Punts-700x441.jpg 700w\" sizes=\"(max-width: 320px) 100vw, 320px\" \/><\/a><\/div><\/div><div style=\"padding:5px;\" class=\"fusion-grid-column fusion-gallery-column fusion-gallery-column-6 hover-type-zoomin\"><div class=\"fusion-gallery-image\"><a href=\"https:\/\/afc.cat\/wp-content\/uploads\/2022\/11\/29-Adolfo-Garcia-Bastard-86-Punts.jpg\" data-title=\"29 &#8211; Adolfo Garcia Bastard &#8211; 86 Punts\" title=\"29 &#8211; Adolfo Garcia Bastard &#8211; 86 Punts\" rel=\"noreferrer\" data-rel=\"iLightbox[gallery_image_2]\" class=\"fusion-lightbox\" target=\"_self\"><img decoding=\"async\" src=\"https:\/\/afc.cat\/wp-content\/uploads\/2022\/11\/29-Adolfo-Garcia-Bastard-86-Punts-320x202.jpg\" width=\"320\" height=\"202\" alt=\"\" title=\"29 &#8211; Adolfo Garcia Bastard &#8211; 86 Punts\" aria-label=\"29 &#8211; Adolfo Garcia Bastard &#8211; 86 Punts\" class=\"img-responsive wp-image-29341 fusion-gallery-image-size-fixed\" srcset=\"https:\/\/afc.cat\/wp-content\/uploads\/2022\/11\/29-Adolfo-Garcia-Bastard-86-Punts-320x202.jpg 320w, https:\/\/afc.cat\/wp-content\/uploads\/2022\/11\/29-Adolfo-Garcia-Bastard-86-Punts-700x441.jpg 700w\" sizes=\"(max-width: 320px) 100vw, 320px\" \/><\/a><\/div><\/div><div style=\"padding:5px;\" class=\"fusion-grid-column fusion-gallery-column fusion-gallery-column-6 hover-type-zoomin\"><div class=\"fusion-gallery-image\"><a href=\"https:\/\/afc.cat\/wp-content\/uploads\/2022\/11\/30-Jaume-Llopart-Casaponsa-86-Punts.jpg\" data-title=\"30 &#8211; Jaume Llopart Casaponsa &#8211; 86 Punts\" title=\"30 &#8211; Jaume Llopart Casaponsa &#8211; 86 Punts\" rel=\"noreferrer\" data-rel=\"iLightbox[gallery_image_2]\" class=\"fusion-lightbox\" target=\"_self\"><img decoding=\"async\" src=\"https:\/\/afc.cat\/wp-content\/uploads\/2022\/11\/30-Jaume-Llopart-Casaponsa-86-Punts-320x202.jpg\" width=\"320\" height=\"202\" alt=\"\" title=\"30 &#8211; Jaume Llopart Casaponsa &#8211; 86 Punts\" aria-label=\"30 &#8211; Jaume Llopart Casaponsa &#8211; 86 Punts\" class=\"img-responsive wp-image-29343 fusion-gallery-image-size-fixed\" srcset=\"https:\/\/afc.cat\/wp-content\/uploads\/2022\/11\/30-Jaume-Llopart-Casaponsa-86-Punts-320x202.jpg 320w, https:\/\/afc.cat\/wp-content\/uploads\/2022\/11\/30-Jaume-Llopart-Casaponsa-86-Punts-700x441.jpg 700w\" sizes=\"(max-width: 320px) 100vw, 320px\" \/><\/a><\/div><\/div><div style=\"padding:5px;\" class=\"fusion-grid-column fusion-gallery-column fusion-gallery-column-6 hover-type-zoomin\"><div class=\"fusion-gallery-image\"><a href=\"https:\/\/afc.cat\/wp-content\/uploads\/2022\/11\/31-Lluis-Porcel-Gimenez-86-Punts.jpg\" data-title=\"31 &#8211; Llu\u00eds Porcel Gim\u00e9nez &#8211; 86 Punts\" title=\"31 &#8211; Llu\u00eds Porcel Gim\u00e9nez &#8211; 86 Punts\" rel=\"noreferrer\" data-rel=\"iLightbox[gallery_image_2]\" class=\"fusion-lightbox\" target=\"_self\"><img decoding=\"async\" src=\"https:\/\/afc.cat\/wp-content\/uploads\/2022\/11\/31-Lluis-Porcel-Gimenez-86-Punts-320x202.jpg\" width=\"320\" height=\"202\" alt=\"\" title=\"31 &#8211; Llu\u00eds Porcel Gim\u00e9nez &#8211; 86 Punts\" aria-label=\"31 &#8211; Llu\u00eds Porcel Gim\u00e9nez &#8211; 86 Punts\" class=\"img-responsive wp-image-29345 fusion-gallery-image-size-fixed\" \/><\/a><\/div><\/div><div style=\"padding:5px;\" class=\"fusion-grid-column fusion-gallery-column fusion-gallery-column-6 hover-type-zoomin\"><div class=\"fusion-gallery-image\"><a href=\"https:\/\/afc.cat\/wp-content\/uploads\/2022\/11\/32-Rosa-Cristofol-Martinez-84-Punts.jpg\" data-title=\"32 &#8211; Rosa Crist\u00f2fol Mart\u00ednez &#8211; 84 Punts\" title=\"32 &#8211; Rosa Crist\u00f2fol Mart\u00ednez &#8211; 84 Punts\" rel=\"noreferrer\" data-rel=\"iLightbox[gallery_image_2]\" class=\"fusion-lightbox\" target=\"_self\"><img decoding=\"async\" src=\"https:\/\/afc.cat\/wp-content\/uploads\/2022\/11\/32-Rosa-Cristofol-Martinez-84-Punts-320x202.jpg\" width=\"320\" height=\"202\" alt=\"\" title=\"32 &#8211; Rosa Crist\u00f2fol Mart\u00ednez &#8211; 84 Punts\" aria-label=\"32 &#8211; Rosa Crist\u00f2fol Mart\u00ednez &#8211; 84 Punts\" class=\"img-responsive wp-image-29347 fusion-gallery-image-size-fixed\" srcset=\"https:\/\/afc.cat\/wp-content\/uploads\/2022\/11\/32-Rosa-Cristofol-Martinez-84-Punts-320x202.jpg 320w, https:\/\/afc.cat\/wp-content\/uploads\/2022\/11\/32-Rosa-Cristofol-Martinez-84-Punts-700x441.jpg 700w\" sizes=\"(max-width: 320px) 100vw, 320px\" \/><\/a><\/div><\/div><div class=\"clearfix\"><\/div><div style=\"padding:5px;\" class=\"fusion-grid-column fusion-gallery-column fusion-gallery-column-6 hover-type-zoomin\"><div class=\"fusion-gallery-image\"><a href=\"https:\/\/afc.cat\/wp-content\/uploads\/2022\/11\/33-IA-MANTE-INSA-82-Punts.jpg\" data-title=\"33 &#8211; IA MANT\u00c9 INSA &#8211; 82 Punts\" title=\"33 &#8211; IA MANT\u00c9 INSA &#8211; 82 Punts\" rel=\"noreferrer\" data-rel=\"iLightbox[gallery_image_2]\" class=\"fusion-lightbox\" target=\"_self\"><img decoding=\"async\" src=\"https:\/\/afc.cat\/wp-content\/uploads\/2022\/11\/33-IA-MANTE-INSA-82-Punts-320x202.jpg\" width=\"320\" height=\"202\" alt=\"\" title=\"33 &#8211; IA MANT\u00c9 INSA &#8211; 82 Punts\" aria-label=\"33 &#8211; IA MANT\u00c9 INSA &#8211; 82 Punts\" class=\"img-responsive wp-image-29349 fusion-gallery-image-size-fixed\" srcset=\"https:\/\/afc.cat\/wp-content\/uploads\/2022\/11\/33-IA-MANTE-INSA-82-Punts-320x202.jpg 320w, https:\/\/afc.cat\/wp-content\/uploads\/2022\/11\/33-IA-MANTE-INSA-82-Punts-700x441.jpg 700w\" sizes=\"(max-width: 320px) 100vw, 320px\" \/><\/a><\/div><\/div><div style=\"padding:5px;\" class=\"fusion-grid-column fusion-gallery-column fusion-gallery-column-6 hover-type-zoomin\"><div class=\"fusion-gallery-image\"><a href=\"https:\/\/afc.cat\/wp-content\/uploads\/2022\/11\/34-Carme-Mur-Calvo-81-Punts.jpg\" data-title=\"34 &#8211; Carme Mur Calv\u00f3 &#8211; 81 Punts\" title=\"34 &#8211; Carme Mur Calv\u00f3 &#8211; 81 Punts\" rel=\"noreferrer\" data-rel=\"iLightbox[gallery_image_2]\" class=\"fusion-lightbox\" target=\"_self\"><img decoding=\"async\" src=\"https:\/\/afc.cat\/wp-content\/uploads\/2022\/11\/34-Carme-Mur-Calvo-81-Punts-320x202.jpg\" width=\"320\" height=\"202\" alt=\"\" title=\"34 &#8211; Carme Mur Calv\u00f3 &#8211; 81 Punts\" aria-label=\"34 &#8211; Carme Mur Calv\u00f3 &#8211; 81 Punts\" class=\"img-responsive wp-image-29351 fusion-gallery-image-size-fixed\" \/><\/a><\/div><\/div><div style=\"padding:5px;\" class=\"fusion-grid-column fusion-gallery-column fusion-gallery-column-6 hover-type-zoomin\"><div class=\"fusion-gallery-image\"><a href=\"https:\/\/afc.cat\/wp-content\/uploads\/2022\/11\/35-Pere-Graupera-Langa-66-Punts.jpg\" data-title=\"35 &#8211; Pere Graupera Langa &#8211; 66 Punts\" title=\"35 &#8211; Pere Graupera Langa &#8211; 66 Punts\" rel=\"noreferrer\" data-rel=\"iLightbox[gallery_image_2]\" class=\"fusion-lightbox\" target=\"_self\"><img decoding=\"async\" src=\"https:\/\/afc.cat\/wp-content\/uploads\/2022\/11\/35-Pere-Graupera-Langa-66-Punts-320x202.jpg\" width=\"320\" height=\"202\" alt=\"\" title=\"35 &#8211; Pere Graupera Langa &#8211; 66 Punts\" aria-label=\"35 &#8211; Pere Graupera Langa &#8211; 66 Punts\" class=\"img-responsive wp-image-29353 fusion-gallery-image-size-fixed\" srcset=\"https:\/\/afc.cat\/wp-content\/uploads\/2022\/11\/35-Pere-Graupera-Langa-66-Punts-320x202.jpg 320w, https:\/\/afc.cat\/wp-content\/uploads\/2022\/11\/35-Pere-Graupera-Langa-66-Punts-700x441.jpg 700w\" sizes=\"(max-width: 320px) 100vw, 320px\" \/><\/a><\/div><\/div><\/div><div class=\"fusion-separator fusion-full-width-sep\" style=\"align-self: center;margin-left: auto;margin-right: auto;margin-top:20px;margin-bottom:20px;width:100%;\"><div class=\"fusion-separator-border sep-single sep-solid\" style=\"border-color:#3ec0bf;border-top-width:1px;\"><\/div><\/div><div style=\"text-align:center;\"><style>.fusion-button.button-1{border-radius:4px 4px 4px 4px;}<\/style><a class=\"fusion-button button-flat fusion-button-default-size button-default button-1 fusion-button-default-span fusion-button-default-type\" target=\"_self\" href=\"https:\/\/afc.cat\/es\/galerias\/\"><span class=\"fusion-button-text\">Vuelve a GALER\u00cdAS<\/span><\/a><\/div><\/div><style type=\"text\/css\">.fusion-body .fusion-builder-column-0{width:100% !important;margin-top : 0px;margin-bottom : 20px;}.fusion-builder-column-0 > .fusion-column-wrapper {padding-top : 0px !important;padding-right : 0px !important;margin-right : 1.92%;padding-bottom : 0px !important;padding-left : 0px !important;margin-left : 1.92%;}@media only screen and (max-width:1024px) {.fusion-body .fusion-builder-column-0{width:100% !important;order : 0;}.fusion-builder-column-0 > .fusion-column-wrapper {margin-right : 1.92%;margin-left : 1.92%;}}@media only screen and (max-width:640px) {.fusion-body .fusion-builder-column-0{width:100% !important;order : 0;}.fusion-builder-column-0 > .fusion-column-wrapper {margin-right : 1.92%;margin-left : 1.92%;}}<\/style><\/div><\/div><style type=\"text\/css\">.fusion-body .fusion-flex-container.fusion-builder-row-1{ padding-top : 0px;margin-top : 0px;padding-right : 0px;padding-bottom : 0px;margin-bottom : 0px;padding-left : 0px;}<\/style><\/div>\n","protected":false},"excerpt":{"rendered":"","protected":false},"author":33,"featured_media":29429,"menu_order":0,"comment_status":"open","ping_status":"closed","template":"","format":"standard","meta":{"_acf_changed":false,"footnotes":""},"portfolio_category":[158],"portfolio_skills":[],"portfolio_tags":[],"class_list":["post-29431","avada_portfolio","type-avada_portfolio","status-publish","format-standard","has-post-thumbnail","hentry","portfolio_category-concursos-es"],"acf":[],"yoast_head":"<!-- This site is optimized with the Yoast SEO plugin v27.2 - https:\/\/yoast.com\/product\/yoast-seo-wordpress\/ -->\n<title>Clasificaci\u00f3n concurso Temes Obligats 2022-2023 OCTUBRE - Agrupaci\u00f3 Fotogr\u00e0fica de Catalunya<\/title>\n<meta name=\"robots\" content=\"index, follow, max-snippet:-1, max-image-preview:large, max-video-preview:-1\" \/>\n<link rel=\"canonical\" href=\"https:\/\/afc.cat\/es\/galeria\/clasificacion-concurso-temes-obligats-2022-2023-octubre\/\" \/>\n<meta property=\"og:locale\" content=\"es_ES\" \/>\n<meta property=\"og:type\" content=\"article\" \/>\n<meta property=\"og:title\" content=\"Clasificaci\u00f3n concurso Temes Obligats 2022-2023 OCTUBRE - Agrupaci\u00f3 Fotogr\u00e0fica de Catalunya\" \/>\n<meta property=\"og:url\" content=\"https:\/\/afc.cat\/es\/galeria\/clasificacion-concurso-temes-obligats-2022-2023-octubre\/\" \/>\n<meta property=\"og:site_name\" content=\"Agrupaci\u00f3 Fotogr\u00e0fica de Catalunya\" \/>\n<meta property=\"article:modified_time\" content=\"2022-11-15T16:45:19+00:00\" \/>\n<meta property=\"og:image\" content=\"https:\/\/afc.cat\/wp-content\/uploads\/2022\/11\/TEMES-OBLIGATS-OCTUBRE-ESP.jpg\" \/>\n\t<meta property=\"og:image:width\" content=\"400\" \/>\n\t<meta property=\"og:image:height\" content=\"265\" \/>\n\t<meta property=\"og:image:type\" content=\"image\/jpeg\" \/>\n<meta name=\"twitter:card\" content=\"summary_large_image\" \/>\n<meta name=\"twitter:label1\" content=\"Tiempo de lectura\" \/>\n\t<meta name=\"twitter:data1\" content=\"7 minutos\" \/>\n<script type=\"application\/ld+json\" class=\"yoast-schema-graph\">{\"@context\":\"https:\/\/schema.org\",\"@graph\":[{\"@type\":\"WebPage\",\"@id\":\"https:\/\/afc.cat\/es\/galeria\/clasificacion-concurso-temes-obligats-2022-2023-octubre\/\",\"url\":\"https:\/\/afc.cat\/es\/galeria\/clasificacion-concurso-temes-obligats-2022-2023-octubre\/\",\"name\":\"Clasificaci\u00f3n concurso Temes Obligats 2022-2023 OCTUBRE - Agrupaci\u00f3 Fotogr\u00e0fica de Catalunya\",\"isPartOf\":{\"@id\":\"https:\/\/afc.cat\/es\/#website\"},\"primaryImageOfPage\":{\"@id\":\"https:\/\/afc.cat\/es\/galeria\/clasificacion-concurso-temes-obligats-2022-2023-octubre\/#primaryimage\"},\"image\":{\"@id\":\"https:\/\/afc.cat\/es\/galeria\/clasificacion-concurso-temes-obligats-2022-2023-octubre\/#primaryimage\"},\"thumbnailUrl\":\"https:\/\/afc.cat\/wp-content\/uploads\/2022\/11\/TEMES-OBLIGATS-OCTUBRE-ESP.jpg\",\"datePublished\":\"2022-11-10T15:58:39+00:00\",\"dateModified\":\"2022-11-15T16:45:19+00:00\",\"breadcrumb\":{\"@id\":\"https:\/\/afc.cat\/es\/galeria\/clasificacion-concurso-temes-obligats-2022-2023-octubre\/#breadcrumb\"},\"inLanguage\":\"es\",\"potentialAction\":[{\"@type\":\"ReadAction\",\"target\":[\"https:\/\/afc.cat\/es\/galeria\/clasificacion-concurso-temes-obligats-2022-2023-octubre\/\"]}]},{\"@type\":\"ImageObject\",\"inLanguage\":\"es\",\"@id\":\"https:\/\/afc.cat\/es\/galeria\/clasificacion-concurso-temes-obligats-2022-2023-octubre\/#primaryimage\",\"url\":\"https:\/\/afc.cat\/wp-content\/uploads\/2022\/11\/TEMES-OBLIGATS-OCTUBRE-ESP.jpg\",\"contentUrl\":\"https:\/\/afc.cat\/wp-content\/uploads\/2022\/11\/TEMES-OBLIGATS-OCTUBRE-ESP.jpg\",\"width\":400,\"height\":265},{\"@type\":\"BreadcrumbList\",\"@id\":\"https:\/\/afc.cat\/es\/galeria\/clasificacion-concurso-temes-obligats-2022-2023-octubre\/#breadcrumb\",\"itemListElement\":[{\"@type\":\"ListItem\",\"position\":1,\"name\":\"Inicio\",\"item\":\"https:\/\/afc.cat\/es\/\"},{\"@type\":\"ListItem\",\"position\":2,\"name\":\"Portfolio\",\"item\":\"https:\/\/afc.cat\/galeria\/\"},{\"@type\":\"ListItem\",\"position\":3,\"name\":\"Clasificaci\u00f3n concurso Temes Obligats 2022-2023 OCTUBRE\"}]},{\"@type\":\"WebSite\",\"@id\":\"https:\/\/afc.cat\/es\/#website\",\"url\":\"https:\/\/afc.cat\/es\/\",\"name\":\"Agrupaci\u00f3 Fotogr\u00e0fica de Catalunya\",\"description\":\"Fomento y divulgaci\u00f3n de la fotograf\u00eda en todas sus variedades\",\"potentialAction\":[{\"@type\":\"SearchAction\",\"target\":{\"@type\":\"EntryPoint\",\"urlTemplate\":\"https:\/\/afc.cat\/es\/?s={search_term_string}\"},\"query-input\":{\"@type\":\"PropertyValueSpecification\",\"valueRequired\":true,\"valueName\":\"search_term_string\"}}],\"inLanguage\":\"es\"}]}<\/script>\n<!-- \/ Yoast SEO plugin. -->","yoast_head_json":{"title":"Clasificaci\u00f3n concurso Temes Obligats 2022-2023 OCTUBRE - Agrupaci\u00f3 Fotogr\u00e0fica de Catalunya","robots":{"index":"index","follow":"follow","max-snippet":"max-snippet:-1","max-image-preview":"max-image-preview:large","max-video-preview":"max-video-preview:-1"},"canonical":"https:\/\/afc.cat\/es\/galeria\/clasificacion-concurso-temes-obligats-2022-2023-octubre\/","og_locale":"es_ES","og_type":"article","og_title":"Clasificaci\u00f3n concurso Temes Obligats 2022-2023 OCTUBRE - Agrupaci\u00f3 Fotogr\u00e0fica de Catalunya","og_url":"https:\/\/afc.cat\/es\/galeria\/clasificacion-concurso-temes-obligats-2022-2023-octubre\/","og_site_name":"Agrupaci\u00f3 Fotogr\u00e0fica de Catalunya","article_modified_time":"2022-11-15T16:45:19+00:00","og_image":[{"width":400,"height":265,"url":"https:\/\/afc.cat\/wp-content\/uploads\/2022\/11\/TEMES-OBLIGATS-OCTUBRE-ESP.jpg","type":"image\/jpeg"}],"twitter_card":"summary_large_image","twitter_misc":{"Tiempo de lectura":"7 minutos"},"schema":{"@context":"https:\/\/schema.org","@graph":[{"@type":"WebPage","@id":"https:\/\/afc.cat\/es\/galeria\/clasificacion-concurso-temes-obligats-2022-2023-octubre\/","url":"https:\/\/afc.cat\/es\/galeria\/clasificacion-concurso-temes-obligats-2022-2023-octubre\/","name":"Clasificaci\u00f3n concurso Temes Obligats 2022-2023 OCTUBRE - Agrupaci\u00f3 Fotogr\u00e0fica de Catalunya","isPartOf":{"@id":"https:\/\/afc.cat\/es\/#website"},"primaryImageOfPage":{"@id":"https:\/\/afc.cat\/es\/galeria\/clasificacion-concurso-temes-obligats-2022-2023-octubre\/#primaryimage"},"image":{"@id":"https:\/\/afc.cat\/es\/galeria\/clasificacion-concurso-temes-obligats-2022-2023-octubre\/#primaryimage"},"thumbnailUrl":"https:\/\/afc.cat\/wp-content\/uploads\/2022\/11\/TEMES-OBLIGATS-OCTUBRE-ESP.jpg","datePublished":"2022-11-10T15:58:39+00:00","dateModified":"2022-11-15T16:45:19+00:00","breadcrumb":{"@id":"https:\/\/afc.cat\/es\/galeria\/clasificacion-concurso-temes-obligats-2022-2023-octubre\/#breadcrumb"},"inLanguage":"es","potentialAction":[{"@type":"ReadAction","target":["https:\/\/afc.cat\/es\/galeria\/clasificacion-concurso-temes-obligats-2022-2023-octubre\/"]}]},{"@type":"ImageObject","inLanguage":"es","@id":"https:\/\/afc.cat\/es\/galeria\/clasificacion-concurso-temes-obligats-2022-2023-octubre\/#primaryimage","url":"https:\/\/afc.cat\/wp-content\/uploads\/2022\/11\/TEMES-OBLIGATS-OCTUBRE-ESP.jpg","contentUrl":"https:\/\/afc.cat\/wp-content\/uploads\/2022\/11\/TEMES-OBLIGATS-OCTUBRE-ESP.jpg","width":400,"height":265},{"@type":"BreadcrumbList","@id":"https:\/\/afc.cat\/es\/galeria\/clasificacion-concurso-temes-obligats-2022-2023-octubre\/#breadcrumb","itemListElement":[{"@type":"ListItem","position":1,"name":"Inicio","item":"https:\/\/afc.cat\/es\/"},{"@type":"ListItem","position":2,"name":"Portfolio","item":"https:\/\/afc.cat\/galeria\/"},{"@type":"ListItem","position":3,"name":"Clasificaci\u00f3n concurso Temes Obligats 2022-2023 OCTUBRE"}]},{"@type":"WebSite","@id":"https:\/\/afc.cat\/es\/#website","url":"https:\/\/afc.cat\/es\/","name":"Agrupaci\u00f3 Fotogr\u00e0fica de Catalunya","description":"Fomento y divulgaci\u00f3n de la fotograf\u00eda en todas sus variedades","potentialAction":[{"@type":"SearchAction","target":{"@type":"EntryPoint","urlTemplate":"https:\/\/afc.cat\/es\/?s={search_term_string}"},"query-input":{"@type":"PropertyValueSpecification","valueRequired":true,"valueName":"search_term_string"}}],"inLanguage":"es"}]}},"_links":{"self":[{"href":"https:\/\/afc.cat\/es\/wp-json\/wp\/v2\/avada_portfolio\/29431","targetHints":{"allow":["GET"]}}],"collection":[{"href":"https:\/\/afc.cat\/es\/wp-json\/wp\/v2\/avada_portfolio"}],"about":[{"href":"https:\/\/afc.cat\/es\/wp-json\/wp\/v2\/types\/avada_portfolio"}],"author":[{"embeddable":true,"href":"https:\/\/afc.cat\/es\/wp-json\/wp\/v2\/users\/33"}],"replies":[{"embeddable":true,"href":"https:\/\/afc.cat\/es\/wp-json\/wp\/v2\/comments?post=29431"}],"version-history":[{"count":12,"href":"https:\/\/afc.cat\/es\/wp-json\/wp\/v2\/avada_portfolio\/29431\/revisions"}],"predecessor-version":[{"id":29477,"href":"https:\/\/afc.cat\/es\/wp-json\/wp\/v2\/avada_portfolio\/29431\/revisions\/29477"}],"wp:featuredmedia":[{"embeddable":true,"href":"https:\/\/afc.cat\/es\/wp-json\/wp\/v2\/media\/29429"}],"wp:attachment":[{"href":"https:\/\/afc.cat\/es\/wp-json\/wp\/v2\/media?parent=29431"}],"wp:term":[{"taxonomy":"portfolio_category","embeddable":true,"href":"https:\/\/afc.cat\/es\/wp-json\/wp\/v2\/portfolio_category?post=29431"},{"taxonomy":"portfolio_skills","embeddable":true,"href":"https:\/\/afc.cat\/es\/wp-json\/wp\/v2\/portfolio_skills?post=29431"},{"taxonomy":"portfolio_tags","embeddable":true,"href":"https:\/\/afc.cat\/es\/wp-json\/wp\/v2\/portfolio_tags?post=29431"}],"curies":[{"name":"wp","href":"https:\/\/api.w.org\/{rel}","templated":true}]}}