{"id":30364,"date":"2023-01-13T00:47:24","date_gmt":"2023-01-12T22:47:24","guid":{"rendered":"https:\/\/afc.cat\/galeria\/classificacio-concurs-temes-obligats-2022-2023-desembre\/"},"modified":"2023-01-16T01:09:15","modified_gmt":"2023-01-15T23:09:15","slug":"classificacio-concurs-temes-obligats-2022-2023-desembre","status":"publish","type":"avada_portfolio","link":"https:\/\/afc.cat\/es\/galeria\/classificacio-concurs-temes-obligats-2022-2023-desembre\/","title":{"rendered":"Classificaci\u00f3n concurso Temes Obligats 2022-2023 DICIEMBRE"},"content":{"rendered":"<div class=\"fusion-fullwidth fullwidth-box fusion-builder-row-1 fusion-flex-container nonhundred-percent-fullwidth non-hundred-percent-height-scrolling\" style=\"background-color: rgba(255,255,255,0);background-position: center center;background-repeat: no-repeat;border-width: 0px 0px 0px 0px;border-color:#ffffff;border-style:solid;\" ><div class=\"fusion-builder-row fusion-row fusion-flex-align-items-flex-start\" style=\"max-width:1300px;margin-left: calc(-4% \/ 2 );margin-right: calc(-4% \/ 2 );\"><div class=\"fusion-layout-column fusion_builder_column fusion-builder-column-0 fusion_builder_column_1_1 1_1 fusion-flex-column\"><div class=\"fusion-column-wrapper fusion-flex-justify-content-flex-start fusion-content-layout-column\" style=\"background-position:left top;background-repeat:no-repeat;-webkit-background-size:cover;-moz-background-size:cover;-o-background-size:cover;background-size:cover;padding: 0px 0px 0px 0px;\"><div class=\"fusion-text fusion-text-1\"><h2 style=\"text-align: center;\">Tema Obligado del mes de diciembre<\/h2>\n<h3 style=\"text-align: center;\">Caminos<\/h3>\n<\/div><div class=\"fusion-text fusion-text-2\"><p>El pasado d\u00eda 9 se conoci\u00f3 la valoraci\u00f3n del jurado de las fotograf\u00edas de los socios que participaron en el concurso social de la agrupaci\u00f3n \u201dTemas obligados\u201d. Como ya sab\u00e9is, el tema va cambiando cada mes y el de este mes de diciembre de 2022 ha sido \u201cCaminos\u201d.<\/p>\n<p><strong><u>Categoria de Monocromo<\/u><\/strong><\/p>\n<p>Este mes diciembre las fotos mejores valoradas han sido la de <strong>Teresa Tejero<\/strong> con el t\u00edtulo \u201c<em>Voltant<\/em>\u201d (Cercando)\u00a0 quedando en la clasificaci\u00f3n del mes de diciembre en primer lugar con 111 puntos , la de <strong>Francesca Portol\u00e9s<\/strong> con el t\u00edtulo \u201c<em>Cru\u00eflla<\/em>\u201c (Cruze) en segundo lugar con 108 puntos y la de <strong>Josep Soler<\/strong> con el t\u00edtulo \u00ab<em><b>Per sota els arbres<\/b>\u00bb (<\/em>Por debajo de los \u00e1rboles) en tercer lugar con 108 Puntos.<\/p>\n<p><strong><u>Categoria Color<\/u><\/strong><\/p>\n<p>En esta categor\u00eda la m\u00e1xima puntuaci\u00f3n ha estado para las fotos de <strong>Josep Soler<\/strong> con el t\u00edtulo \u201c<em>Por el camino marcado<\/em>\u201d quedando en primer lugar con 107 puntos, en segundo lugar se ha posicionado <strong>Jordi Batet<\/strong> con el t\u00edtulo \u201c<em>Hojas a la acera del camino<\/em>\u201d con 104 puntos y en tercer lugar en <strong>Santiago Garc\u00eda<\/strong> con con la foto titulada \u201c<em>Camino al atardece<\/em>r\u201d con 101 puntos.<\/p>\n<p>En esta ocasi\u00f3n el jurado ha estado formado por <strong>Josep Llu\u00eds Soucheiron<\/strong>, <strong>David Escobosa<\/strong>\u00a0i <strong>Albert Adroer<\/strong> todos ellos socios de la nuestra entidad a quien agradecemos su esfuerzo y\u00a0 dedicaci\u00f3o per este veredicto.<\/p>\n<p>Continuamos animando a los socis y socias a participar, siempre es una buena excusa per hacer aquello que m\u00e1s nos gusta, coger la c\u00e1mara y hacer \u00abclic\u00bb.<\/p>\n<p><strong>Maxim Poncela<br \/>\n<\/strong>Vocalia de Concursos<\/p>\n<\/div><div class=\"fusion-separator fusion-full-width-sep\" style=\"align-self: center;margin-left: auto;margin-right: auto;margin-bottom:20px;width:100%;\"><div class=\"fusion-separator-border sep-single sep-solid\" style=\"border-color:#3ec0bf;border-top-width:1px;\"><\/div><\/div><div class=\"fusion-text fusion-text-3\"><p style=\"text-align: center;\"><strong>PUNTUACI\u00d3N GENERAL ACUMULADA MONOCROMO<\/strong><\/p>\n<\/div><div style=\"text-align:center;\"><style>.fusion-imageframe.imageframe-1{ margin-bottom : 5%;}<\/style><span class=\" fusion-imageframe imageframe-none imageframe-1 hover-type-zoomin\"><img decoding=\"async\" width=\"762\" height=\"975\" title=\"Classificci\u00f3 desembre BN 2022\" src=\"https:\/\/afc.cat\/wp-content\/uploads\/2023\/01\/Classificcio-desembre-BN-2022.jpg\" alt class=\"img-responsive wp-image-30327\" srcset=\"https:\/\/afc.cat\/wp-content\/uploads\/2023\/01\/Classificcio-desembre-BN-2022-200x256.jpg 200w, https:\/\/afc.cat\/wp-content\/uploads\/2023\/01\/Classificcio-desembre-BN-2022-400x512.jpg 400w, https:\/\/afc.cat\/wp-content\/uploads\/2023\/01\/Classificcio-desembre-BN-2022-600x768.jpg 600w, https:\/\/afc.cat\/wp-content\/uploads\/2023\/01\/Classificcio-desembre-BN-2022.jpg 762w\" sizes=\"(max-width: 640px) 100vw, 762px\" \/><\/span><\/div><div class=\"fusion-text fusion-text-4\"><p style=\"text-align: center;\"><strong>Classificaci\u00f3n monocromo de diciembre 2022<\/strong><\/p>\n<\/div><style type=\"text\/css\">.fusion-gallery-1 .fusion-gallery-image {border:0px solid #e2e2e2;}<\/style><div class=\"fusion-gallery fusion-gallery-container fusion-grid-6 fusion-columns-total-26 fusion-gallery-layout-grid fusion-gallery-1\" style=\"margin:-5px;\"><div style=\"padding:5px;\" class=\"fusion-grid-column fusion-gallery-column fusion-gallery-column-6 hover-type-zoomin\"><div class=\"fusion-gallery-image\"><a href=\"https:\/\/afc.cat\/wp-content\/uploads\/2023\/01\/1-Teresa-Tejero-Lopez-111.jpg\" data-title=\"1 &#8211; Teresa Tejero Lopez &#8211; 111\" title=\"1 &#8211; Teresa Tejero Lopez &#8211; 111\" rel=\"noreferrer\" data-rel=\"iLightbox[gallery_image_1]\" class=\"fusion-lightbox\" target=\"_self\"><img decoding=\"async\" src=\"https:\/\/afc.cat\/wp-content\/uploads\/2023\/01\/1-Teresa-Tejero-Lopez-111-320x202.jpg\" width=\"320\" height=\"202\" alt=\"\" title=\"1 &#8211; Teresa Tejero Lopez &#8211; 111\" aria-label=\"1 &#8211; Teresa Tejero Lopez &#8211; 111\" class=\"img-responsive wp-image-30254 fusion-gallery-image-size-fixed\" srcset=\"https:\/\/afc.cat\/wp-content\/uploads\/2023\/01\/1-Teresa-Tejero-Lopez-111-320x202.jpg 320w, https:\/\/afc.cat\/wp-content\/uploads\/2023\/01\/1-Teresa-Tejero-Lopez-111-700x441.jpg 700w\" sizes=\"(max-width: 320px) 100vw, 320px\" \/><\/a><\/div><\/div><div style=\"padding:5px;\" class=\"fusion-grid-column fusion-gallery-column fusion-gallery-column-6 hover-type-zoomin\"><div class=\"fusion-gallery-image\"><a href=\"https:\/\/afc.cat\/wp-content\/uploads\/2023\/01\/2-Francesca-Portoles-Braso-108.jpg\" data-title=\"2 &#8211; Francesca Portol\u00e9s Bras\u00f3 &#8211; 108\" title=\"2 &#8211; Francesca Portol\u00e9s Bras\u00f3 &#8211; 108\" rel=\"noreferrer\" data-rel=\"iLightbox[gallery_image_1]\" class=\"fusion-lightbox\" target=\"_self\"><img decoding=\"async\" src=\"https:\/\/afc.cat\/wp-content\/uploads\/2023\/01\/2-Francesca-Portoles-Braso-108-320x202.jpg\" width=\"320\" height=\"202\" alt=\"\" title=\"2 &#8211; Francesca Portol\u00e9s Bras\u00f3 &#8211; 108\" aria-label=\"2 &#8211; Francesca Portol\u00e9s Bras\u00f3 &#8211; 108\" class=\"img-responsive wp-image-30256 fusion-gallery-image-size-fixed\" srcset=\"https:\/\/afc.cat\/wp-content\/uploads\/2023\/01\/2-Francesca-Portoles-Braso-108-320x202.jpg 320w, https:\/\/afc.cat\/wp-content\/uploads\/2023\/01\/2-Francesca-Portoles-Braso-108-700x441.jpg 700w\" sizes=\"(max-width: 320px) 100vw, 320px\" \/><\/a><\/div><\/div><div style=\"padding:5px;\" class=\"fusion-grid-column fusion-gallery-column fusion-gallery-column-6 hover-type-zoomin\"><div class=\"fusion-gallery-image\"><a href=\"https:\/\/afc.cat\/wp-content\/uploads\/2023\/01\/3-Josep-Soler-Vendrell-108.jpg\" data-title=\"3 &#8211; Josep Soler Vendrell &#8211; 108\" title=\"3 &#8211; Josep Soler Vendrell &#8211; 108\" rel=\"noreferrer\" data-rel=\"iLightbox[gallery_image_1]\" class=\"fusion-lightbox\" target=\"_self\"><img decoding=\"async\" src=\"https:\/\/afc.cat\/wp-content\/uploads\/2023\/01\/3-Josep-Soler-Vendrell-108-320x202.jpg\" width=\"320\" height=\"202\" alt=\"\" title=\"3 &#8211; Josep Soler Vendrell &#8211; 108\" aria-label=\"3 &#8211; Josep Soler Vendrell &#8211; 108\" class=\"img-responsive wp-image-30258 fusion-gallery-image-size-fixed\" srcset=\"https:\/\/afc.cat\/wp-content\/uploads\/2023\/01\/3-Josep-Soler-Vendrell-108-320x202.jpg 320w, https:\/\/afc.cat\/wp-content\/uploads\/2023\/01\/3-Josep-Soler-Vendrell-108-700x441.jpg 700w\" sizes=\"(max-width: 320px) 100vw, 320px\" \/><\/a><\/div><\/div><div style=\"padding:5px;\" class=\"fusion-grid-column fusion-gallery-column fusion-gallery-column-6 hover-type-zoomin\"><div class=\"fusion-gallery-image\"><a href=\"https:\/\/afc.cat\/wp-content\/uploads\/2023\/01\/4-Adolfo-Garcia-Bastard-106.jpg\" data-title=\"4 &#8211; Adolfo Garcia Bastard &#8211; 106\" title=\"4 &#8211; Adolfo Garcia Bastard &#8211; 106\" rel=\"noreferrer\" data-rel=\"iLightbox[gallery_image_1]\" class=\"fusion-lightbox\" target=\"_self\"><img decoding=\"async\" src=\"https:\/\/afc.cat\/wp-content\/uploads\/2023\/01\/4-Adolfo-Garcia-Bastard-106-320x202.jpg\" width=\"320\" height=\"202\" alt=\"\" title=\"4 &#8211; Adolfo Garcia Bastard &#8211; 106\" aria-label=\"4 &#8211; Adolfo Garcia Bastard &#8211; 106\" class=\"img-responsive wp-image-30260 fusion-gallery-image-size-fixed\" \/><\/a><\/div><\/div><div style=\"padding:5px;\" class=\"fusion-grid-column fusion-gallery-column fusion-gallery-column-6 hover-type-zoomin\"><div class=\"fusion-gallery-image\"><a href=\"https:\/\/afc.cat\/wp-content\/uploads\/2023\/01\/5-Jaume-Estrada-Martras-105.jpg\" data-title=\"5 &#8211; Jaume Estrada Martras &#8211; 105\" title=\"5 &#8211; Jaume Estrada Martras &#8211; 105\" rel=\"noreferrer\" data-rel=\"iLightbox[gallery_image_1]\" class=\"fusion-lightbox\" target=\"_self\"><img decoding=\"async\" src=\"https:\/\/afc.cat\/wp-content\/uploads\/2023\/01\/5-Jaume-Estrada-Martras-105-320x202.jpg\" width=\"320\" height=\"202\" alt=\"\" title=\"5 &#8211; Jaume Estrada Martras &#8211; 105\" aria-label=\"5 &#8211; Jaume Estrada Martras &#8211; 105\" class=\"img-responsive wp-image-30262 fusion-gallery-image-size-fixed\" srcset=\"https:\/\/afc.cat\/wp-content\/uploads\/2023\/01\/5-Jaume-Estrada-Martras-105-320x202.jpg 320w, https:\/\/afc.cat\/wp-content\/uploads\/2023\/01\/5-Jaume-Estrada-Martras-105-700x441.jpg 700w\" sizes=\"(max-width: 320px) 100vw, 320px\" \/><\/a><\/div><\/div><div style=\"padding:5px;\" class=\"fusion-grid-column fusion-gallery-column fusion-gallery-column-6 hover-type-zoomin\"><div class=\"fusion-gallery-image\"><a href=\"https:\/\/afc.cat\/wp-content\/uploads\/2023\/01\/6-Rosa-Cristofol-Martinez-104.jpg\" data-title=\"6 &#8211; Rosa Crist\u00f2fol Mart\u00ednez &#8211; 104\" title=\"6 &#8211; Rosa Crist\u00f2fol Mart\u00ednez &#8211; 104\" rel=\"noreferrer\" data-rel=\"iLightbox[gallery_image_1]\" class=\"fusion-lightbox\" target=\"_self\"><img decoding=\"async\" src=\"https:\/\/afc.cat\/wp-content\/uploads\/2023\/01\/6-Rosa-Cristofol-Martinez-104-320x202.jpg\" width=\"320\" height=\"202\" alt=\"\" title=\"6 &#8211; Rosa Crist\u00f2fol Mart\u00ednez &#8211; 104\" aria-label=\"6 &#8211; Rosa Crist\u00f2fol Mart\u00ednez &#8211; 104\" class=\"img-responsive wp-image-30264 fusion-gallery-image-size-fixed\" srcset=\"https:\/\/afc.cat\/wp-content\/uploads\/2023\/01\/6-Rosa-Cristofol-Martinez-104-320x202.jpg 320w, https:\/\/afc.cat\/wp-content\/uploads\/2023\/01\/6-Rosa-Cristofol-Martinez-104-700x441.jpg 700w\" sizes=\"(max-width: 320px) 100vw, 320px\" \/><\/a><\/div><\/div><div class=\"clearfix\"><\/div><div style=\"padding:5px;\" class=\"fusion-grid-column fusion-gallery-column fusion-gallery-column-6 hover-type-zoomin\"><div class=\"fusion-gallery-image\"><a href=\"https:\/\/afc.cat\/wp-content\/uploads\/2023\/01\/7-Josep-Suarez-Torrellas-102.jpg\" data-title=\"7 &#8211; Josep Suarez Torrellas &#8211; 102\" title=\"7 &#8211; Josep Suarez Torrellas &#8211; 102\" rel=\"noreferrer\" data-rel=\"iLightbox[gallery_image_1]\" class=\"fusion-lightbox\" target=\"_self\"><img decoding=\"async\" src=\"https:\/\/afc.cat\/wp-content\/uploads\/2023\/01\/7-Josep-Suarez-Torrellas-102-320x202.jpg\" width=\"320\" height=\"202\" alt=\"\" title=\"7 &#8211; Josep Suarez Torrellas &#8211; 102\" aria-label=\"7 &#8211; Josep Suarez Torrellas &#8211; 102\" class=\"img-responsive wp-image-30266 fusion-gallery-image-size-fixed\" srcset=\"https:\/\/afc.cat\/wp-content\/uploads\/2023\/01\/7-Josep-Suarez-Torrellas-102-320x202.jpg 320w, https:\/\/afc.cat\/wp-content\/uploads\/2023\/01\/7-Josep-Suarez-Torrellas-102-700x441.jpg 700w\" sizes=\"(max-width: 320px) 100vw, 320px\" \/><\/a><\/div><\/div><div style=\"padding:5px;\" class=\"fusion-grid-column fusion-gallery-column fusion-gallery-column-6 hover-type-zoomin\"><div class=\"fusion-gallery-image\"><a href=\"https:\/\/afc.cat\/wp-content\/uploads\/2023\/01\/8-Santiago-Garcia-Cuadrado-98.jpg\" data-title=\"8 &#8211; Santiago Garc\u00eda Cuadrado &#8211; 98\" title=\"8 &#8211; Santiago Garc\u00eda Cuadrado &#8211; 98\" rel=\"noreferrer\" data-rel=\"iLightbox[gallery_image_1]\" class=\"fusion-lightbox\" target=\"_self\"><img decoding=\"async\" src=\"https:\/\/afc.cat\/wp-content\/uploads\/2023\/01\/8-Santiago-Garcia-Cuadrado-98-320x202.jpg\" width=\"320\" height=\"202\" alt=\"\" title=\"8 &#8211; Santiago Garc\u00eda Cuadrado &#8211; 98\" aria-label=\"8 &#8211; Santiago Garc\u00eda Cuadrado &#8211; 98\" class=\"img-responsive wp-image-30268 fusion-gallery-image-size-fixed\" \/><\/a><\/div><\/div><div style=\"padding:5px;\" class=\"fusion-grid-column fusion-gallery-column fusion-gallery-column-6 hover-type-zoomin\"><div class=\"fusion-gallery-image\"><a href=\"https:\/\/afc.cat\/wp-content\/uploads\/2023\/01\/9-Angel-Colado-Palacios-97.jpg\" data-title=\"9 &#8211; \u00c1ngel Colado Palacios &#8211; 97\" title=\"9 &#8211; \u00c1ngel Colado Palacios &#8211; 97\" rel=\"noreferrer\" data-rel=\"iLightbox[gallery_image_1]\" class=\"fusion-lightbox\" target=\"_self\"><img decoding=\"async\" src=\"https:\/\/afc.cat\/wp-content\/uploads\/2023\/01\/9-Angel-Colado-Palacios-97-320x202.jpg\" width=\"320\" height=\"202\" alt=\"\" title=\"9 &#8211; \u00c1ngel Colado Palacios &#8211; 97\" aria-label=\"9 &#8211; \u00c1ngel Colado Palacios &#8211; 97\" class=\"img-responsive wp-image-30270 fusion-gallery-image-size-fixed\" srcset=\"https:\/\/afc.cat\/wp-content\/uploads\/2023\/01\/9-Angel-Colado-Palacios-97-320x202.jpg 320w, https:\/\/afc.cat\/wp-content\/uploads\/2023\/01\/9-Angel-Colado-Palacios-97-700x441.jpg 700w\" sizes=\"(max-width: 320px) 100vw, 320px\" \/><\/a><\/div><\/div><div style=\"padding:5px;\" class=\"fusion-grid-column fusion-gallery-column fusion-gallery-column-6 hover-type-zoomin\"><div class=\"fusion-gallery-image\"><a href=\"https:\/\/afc.cat\/wp-content\/uploads\/2023\/01\/10-David-Penarroya-Hernandez-94.jpg\" data-title=\"10 &#8211; David Pe\u00f1arroya Hernandez &#8211; 94\" title=\"10 &#8211; David Pe\u00f1arroya Hernandez &#8211; 94\" rel=\"noreferrer\" data-rel=\"iLightbox[gallery_image_1]\" class=\"fusion-lightbox\" target=\"_self\"><img decoding=\"async\" src=\"https:\/\/afc.cat\/wp-content\/uploads\/2023\/01\/10-David-Penarroya-Hernandez-94-320x202.jpg\" width=\"320\" height=\"202\" alt=\"\" title=\"10 &#8211; David Pe\u00f1arroya Hernandez &#8211; 94\" aria-label=\"10 &#8211; David Pe\u00f1arroya Hernandez &#8211; 94\" class=\"img-responsive wp-image-30272 fusion-gallery-image-size-fixed\" srcset=\"https:\/\/afc.cat\/wp-content\/uploads\/2023\/01\/10-David-Penarroya-Hernandez-94-320x202.jpg 320w, https:\/\/afc.cat\/wp-content\/uploads\/2023\/01\/10-David-Penarroya-Hernandez-94-700x441.jpg 700w\" sizes=\"(max-width: 320px) 100vw, 320px\" \/><\/a><\/div><\/div><div style=\"padding:5px;\" class=\"fusion-grid-column fusion-gallery-column fusion-gallery-column-6 hover-type-zoomin\"><div class=\"fusion-gallery-image\"><a href=\"https:\/\/afc.cat\/wp-content\/uploads\/2023\/01\/11-Anna-Barnes-Guillen-92.jpg\" data-title=\"11 &#8211; Anna Barn\u00e9s Guill\u00e9n &#8211; 92\" title=\"11 &#8211; Anna Barn\u00e9s Guill\u00e9n &#8211; 92\" rel=\"noreferrer\" data-rel=\"iLightbox[gallery_image_1]\" class=\"fusion-lightbox\" target=\"_self\"><img decoding=\"async\" src=\"https:\/\/afc.cat\/wp-content\/uploads\/2023\/01\/11-Anna-Barnes-Guillen-92-320x202.jpg\" width=\"320\" height=\"202\" alt=\"\" title=\"11 &#8211; Anna Barn\u00e9s Guill\u00e9n &#8211; 92\" aria-label=\"11 &#8211; Anna Barn\u00e9s Guill\u00e9n &#8211; 92\" class=\"img-responsive wp-image-30274 fusion-gallery-image-size-fixed\" srcset=\"https:\/\/afc.cat\/wp-content\/uploads\/2023\/01\/11-Anna-Barnes-Guillen-92-320x202.jpg 320w, https:\/\/afc.cat\/wp-content\/uploads\/2023\/01\/11-Anna-Barnes-Guillen-92-700x441.jpg 700w\" sizes=\"(max-width: 320px) 100vw, 320px\" \/><\/a><\/div><\/div><div style=\"padding:5px;\" class=\"fusion-grid-column fusion-gallery-column fusion-gallery-column-6 hover-type-zoomin\"><div class=\"fusion-gallery-image\"><a href=\"https:\/\/afc.cat\/wp-content\/uploads\/2023\/01\/12-Damia-Tous-Vazquez-92.jpg\" data-title=\"12 &#8211; Dami\u00e0 Tous Vazquez &#8211; 92\" title=\"12 &#8211; Dami\u00e0 Tous Vazquez &#8211; 92\" rel=\"noreferrer\" data-rel=\"iLightbox[gallery_image_1]\" class=\"fusion-lightbox\" target=\"_self\"><img decoding=\"async\" src=\"https:\/\/afc.cat\/wp-content\/uploads\/2023\/01\/12-Damia-Tous-Vazquez-92-320x202.jpg\" width=\"320\" height=\"202\" alt=\"\" title=\"12 &#8211; Dami\u00e0 Tous Vazquez &#8211; 92\" aria-label=\"12 &#8211; Dami\u00e0 Tous Vazquez &#8211; 92\" class=\"img-responsive wp-image-30276 fusion-gallery-image-size-fixed\" srcset=\"https:\/\/afc.cat\/wp-content\/uploads\/2023\/01\/12-Damia-Tous-Vazquez-92-320x202.jpg 320w, https:\/\/afc.cat\/wp-content\/uploads\/2023\/01\/12-Damia-Tous-Vazquez-92-700x441.jpg 700w\" sizes=\"(max-width: 320px) 100vw, 320px\" \/><\/a><\/div><\/div><div class=\"clearfix\"><\/div><div style=\"padding:5px;\" class=\"fusion-grid-column fusion-gallery-column fusion-gallery-column-6 hover-type-zoomin\"><div class=\"fusion-gallery-image\"><a href=\"https:\/\/afc.cat\/wp-content\/uploads\/2023\/01\/13-Joan-Rue-Domingo-90.jpg\" data-title=\"13 &#8211; Joan Ru\u00e9 Domingo &#8211; 90\" title=\"13 &#8211; Joan Ru\u00e9 Domingo &#8211; 90\" rel=\"noreferrer\" data-rel=\"iLightbox[gallery_image_1]\" class=\"fusion-lightbox\" target=\"_self\"><img decoding=\"async\" src=\"https:\/\/afc.cat\/wp-content\/uploads\/2023\/01\/13-Joan-Rue-Domingo-90-320x202.jpg\" width=\"320\" height=\"202\" alt=\"\" title=\"13 &#8211; Joan Ru\u00e9 Domingo &#8211; 90\" aria-label=\"13 &#8211; Joan Ru\u00e9 Domingo &#8211; 90\" class=\"img-responsive wp-image-30278 fusion-gallery-image-size-fixed\" srcset=\"https:\/\/afc.cat\/wp-content\/uploads\/2023\/01\/13-Joan-Rue-Domingo-90-320x202.jpg 320w, https:\/\/afc.cat\/wp-content\/uploads\/2023\/01\/13-Joan-Rue-Domingo-90-700x441.jpg 700w\" sizes=\"(max-width: 320px) 100vw, 320px\" \/><\/a><\/div><\/div><div style=\"padding:5px;\" class=\"fusion-grid-column fusion-gallery-column fusion-gallery-column-6 hover-type-zoomin\"><div class=\"fusion-gallery-image\"><a href=\"https:\/\/afc.cat\/wp-content\/uploads\/2023\/01\/14-CARLES-LASTRA-ANTONELL-90.jpg\" data-title=\"14 &#8211; CARLES LASTRA ANTONELL &#8211; 90\" title=\"14 &#8211; CARLES LASTRA ANTONELL &#8211; 90\" rel=\"noreferrer\" data-rel=\"iLightbox[gallery_image_1]\" class=\"fusion-lightbox\" target=\"_self\"><img decoding=\"async\" src=\"https:\/\/afc.cat\/wp-content\/uploads\/2023\/01\/14-CARLES-LASTRA-ANTONELL-90-320x202.jpg\" width=\"320\" height=\"202\" alt=\"\" title=\"14 &#8211; CARLES LASTRA ANTONELL &#8211; 90\" aria-label=\"14 &#8211; CARLES LASTRA ANTONELL &#8211; 90\" class=\"img-responsive wp-image-30280 fusion-gallery-image-size-fixed\" \/><\/a><\/div><\/div><div style=\"padding:5px;\" class=\"fusion-grid-column fusion-gallery-column fusion-gallery-column-6 hover-type-zoomin\"><div class=\"fusion-gallery-image\"><a href=\"https:\/\/afc.cat\/wp-content\/uploads\/2023\/01\/15-Joan-Soldevila-Adan-89.jpg\" data-title=\"15 &#8211; Joan Soldevila Ad\u00e1n &#8211; 89\" title=\"15 &#8211; Joan Soldevila Ad\u00e1n &#8211; 89\" rel=\"noreferrer\" data-rel=\"iLightbox[gallery_image_1]\" class=\"fusion-lightbox\" target=\"_self\"><img decoding=\"async\" src=\"https:\/\/afc.cat\/wp-content\/uploads\/2023\/01\/15-Joan-Soldevila-Adan-89-320x202.jpg\" width=\"320\" height=\"202\" alt=\"\" title=\"15 &#8211; Joan Soldevila Ad\u00e1n &#8211; 89\" aria-label=\"15 &#8211; Joan Soldevila Ad\u00e1n &#8211; 89\" class=\"img-responsive wp-image-30282 fusion-gallery-image-size-fixed\" \/><\/a><\/div><\/div><div style=\"padding:5px;\" class=\"fusion-grid-column fusion-gallery-column fusion-gallery-column-6 hover-type-zoomin\"><div class=\"fusion-gallery-image\"><a href=\"https:\/\/afc.cat\/wp-content\/uploads\/2023\/01\/16-Elena-Sanchez-Vizcaino-Mengual-88.jpg\" data-title=\"16 &#8211; Elena S\u00e1nchez-Vizca\u00edno Mengual &#8211; 88\" title=\"16 &#8211; Elena S\u00e1nchez-Vizca\u00edno Mengual &#8211; 88\" rel=\"noreferrer\" data-rel=\"iLightbox[gallery_image_1]\" class=\"fusion-lightbox\" target=\"_self\"><img decoding=\"async\" src=\"https:\/\/afc.cat\/wp-content\/uploads\/2023\/01\/16-Elena-Sanchez-Vizcaino-Mengual-88-320x202.jpg\" width=\"320\" height=\"202\" alt=\"\" title=\"16 &#8211; Elena S\u00e1nchez-Vizca\u00edno Mengual &#8211; 88\" aria-label=\"16 &#8211; Elena S\u00e1nchez-Vizca\u00edno Mengual &#8211; 88\" class=\"img-responsive wp-image-30284 fusion-gallery-image-size-fixed\" srcset=\"https:\/\/afc.cat\/wp-content\/uploads\/2023\/01\/16-Elena-Sanchez-Vizcaino-Mengual-88-320x202.jpg 320w, https:\/\/afc.cat\/wp-content\/uploads\/2023\/01\/16-Elena-Sanchez-Vizcaino-Mengual-88-700x441.jpg 700w\" sizes=\"(max-width: 320px) 100vw, 320px\" \/><\/a><\/div><\/div><div style=\"padding:5px;\" class=\"fusion-grid-column fusion-gallery-column fusion-gallery-column-6 hover-type-zoomin\"><div class=\"fusion-gallery-image\"><a href=\"https:\/\/afc.cat\/wp-content\/uploads\/2023\/01\/17-Carmen-Casademont-Ribot-88.jpg\" data-title=\"17 &#8211; Carmen Casademont Ribot &#8211; 88\" title=\"17 &#8211; Carmen Casademont Ribot &#8211; 88\" rel=\"noreferrer\" data-rel=\"iLightbox[gallery_image_1]\" class=\"fusion-lightbox\" target=\"_self\"><img decoding=\"async\" src=\"https:\/\/afc.cat\/wp-content\/uploads\/2023\/01\/17-Carmen-Casademont-Ribot-88-320x202.jpg\" width=\"320\" height=\"202\" alt=\"\" title=\"17 &#8211; Carmen Casademont Ribot &#8211; 88\" aria-label=\"17 &#8211; Carmen Casademont Ribot &#8211; 88\" class=\"img-responsive wp-image-30286 fusion-gallery-image-size-fixed\" srcset=\"https:\/\/afc.cat\/wp-content\/uploads\/2023\/01\/17-Carmen-Casademont-Ribot-88-320x202.jpg 320w, https:\/\/afc.cat\/wp-content\/uploads\/2023\/01\/17-Carmen-Casademont-Ribot-88-700x441.jpg 700w\" sizes=\"(max-width: 320px) 100vw, 320px\" \/><\/a><\/div><\/div><div style=\"padding:5px;\" class=\"fusion-grid-column fusion-gallery-column fusion-gallery-column-6 hover-type-zoomin\"><div class=\"fusion-gallery-image\"><a href=\"https:\/\/afc.cat\/wp-content\/uploads\/2023\/01\/18-Ana-M.-Gallego-Lozano-84.jpg\" data-title=\"18 &#8211; Ana M. Gallego Lozano &#8211; 84\" title=\"18 &#8211; Ana M. Gallego Lozano &#8211; 84\" rel=\"noreferrer\" data-rel=\"iLightbox[gallery_image_1]\" class=\"fusion-lightbox\" target=\"_self\"><img decoding=\"async\" src=\"https:\/\/afc.cat\/wp-content\/uploads\/2023\/01\/18-Ana-M.-Gallego-Lozano-84-320x202.jpg\" width=\"320\" height=\"202\" alt=\"\" title=\"18 &#8211; Ana M. Gallego Lozano &#8211; 84\" aria-label=\"18 &#8211; Ana M. Gallego Lozano &#8211; 84\" class=\"img-responsive wp-image-30288 fusion-gallery-image-size-fixed\" srcset=\"https:\/\/afc.cat\/wp-content\/uploads\/2023\/01\/18-Ana-M.-Gallego-Lozano-84-320x202.jpg 320w, https:\/\/afc.cat\/wp-content\/uploads\/2023\/01\/18-Ana-M.-Gallego-Lozano-84-700x441.jpg 700w\" sizes=\"(max-width: 320px) 100vw, 320px\" \/><\/a><\/div><\/div><div class=\"clearfix\"><\/div><div style=\"padding:5px;\" class=\"fusion-grid-column fusion-gallery-column fusion-gallery-column-6 hover-type-zoomin\"><div class=\"fusion-gallery-image\"><a href=\"https:\/\/afc.cat\/wp-content\/uploads\/2023\/01\/19-Albert-Folch-Navalon-82.jpg\" data-title=\"19 &#8211; Albert Folch Naval\u00f3n &#8211; 82\" title=\"19 &#8211; Albert Folch Naval\u00f3n &#8211; 82\" rel=\"noreferrer\" data-rel=\"iLightbox[gallery_image_1]\" class=\"fusion-lightbox\" target=\"_self\"><img decoding=\"async\" src=\"https:\/\/afc.cat\/wp-content\/uploads\/2023\/01\/19-Albert-Folch-Navalon-82-320x202.jpg\" width=\"320\" height=\"202\" alt=\"\" title=\"19 &#8211; Albert Folch Naval\u00f3n &#8211; 82\" aria-label=\"19 &#8211; Albert Folch Naval\u00f3n &#8211; 82\" class=\"img-responsive wp-image-30290 fusion-gallery-image-size-fixed\" srcset=\"https:\/\/afc.cat\/wp-content\/uploads\/2023\/01\/19-Albert-Folch-Navalon-82-320x202.jpg 320w, https:\/\/afc.cat\/wp-content\/uploads\/2023\/01\/19-Albert-Folch-Navalon-82-700x441.jpg 700w\" sizes=\"(max-width: 320px) 100vw, 320px\" \/><\/a><\/div><\/div><div style=\"padding:5px;\" class=\"fusion-grid-column fusion-gallery-column fusion-gallery-column-6 hover-type-zoomin\"><div class=\"fusion-gallery-image\"><a href=\"https:\/\/afc.cat\/wp-content\/uploads\/2023\/01\/20-Josep-Braojos-Morales-80.jpg\" data-title=\"20 &#8211; Josep Braojos Morales &#8211; 80\" title=\"20 &#8211; Josep Braojos Morales &#8211; 80\" rel=\"noreferrer\" data-rel=\"iLightbox[gallery_image_1]\" class=\"fusion-lightbox\" target=\"_self\"><img decoding=\"async\" src=\"https:\/\/afc.cat\/wp-content\/uploads\/2023\/01\/20-Josep-Braojos-Morales-80-320x202.jpg\" width=\"320\" height=\"202\" alt=\"\" title=\"20 &#8211; Josep Braojos Morales &#8211; 80\" aria-label=\"20 &#8211; Josep Braojos Morales &#8211; 80\" class=\"img-responsive wp-image-30292 fusion-gallery-image-size-fixed\" srcset=\"https:\/\/afc.cat\/wp-content\/uploads\/2023\/01\/20-Josep-Braojos-Morales-80-320x202.jpg 320w, https:\/\/afc.cat\/wp-content\/uploads\/2023\/01\/20-Josep-Braojos-Morales-80-700x441.jpg 700w\" sizes=\"(max-width: 320px) 100vw, 320px\" \/><\/a><\/div><\/div><div style=\"padding:5px;\" class=\"fusion-grid-column fusion-gallery-column fusion-gallery-column-6 hover-type-zoomin\"><div class=\"fusion-gallery-image\"><a href=\"https:\/\/afc.cat\/wp-content\/uploads\/2023\/01\/21-Carmen-Camprodon-Vidal-80.jpg\" data-title=\"21 &#8211; Carmen Camprodon Vidal &#8211; 80\" title=\"21 &#8211; Carmen Camprodon Vidal &#8211; 80\" rel=\"noreferrer\" data-rel=\"iLightbox[gallery_image_1]\" class=\"fusion-lightbox\" target=\"_self\"><img decoding=\"async\" src=\"https:\/\/afc.cat\/wp-content\/uploads\/2023\/01\/21-Carmen-Camprodon-Vidal-80-320x202.jpg\" width=\"320\" height=\"202\" alt=\"\" title=\"21 &#8211; Carmen Camprodon Vidal &#8211; 80\" aria-label=\"21 &#8211; Carmen Camprodon Vidal &#8211; 80\" class=\"img-responsive wp-image-30294 fusion-gallery-image-size-fixed\" \/><\/a><\/div><\/div><div style=\"padding:5px;\" class=\"fusion-grid-column fusion-gallery-column fusion-gallery-column-6 hover-type-zoomin\"><div class=\"fusion-gallery-image\"><a href=\"https:\/\/afc.cat\/wp-content\/uploads\/2023\/01\/22-ALEIX-TORRENTS-ALMEDA-79.jpg\" data-title=\"22 &#8211; ALEIX TORRENTS ALMEDA &#8211; 79\" title=\"22 &#8211; ALEIX TORRENTS ALMEDA &#8211; 79\" rel=\"noreferrer\" data-rel=\"iLightbox[gallery_image_1]\" class=\"fusion-lightbox\" target=\"_self\"><img decoding=\"async\" src=\"https:\/\/afc.cat\/wp-content\/uploads\/2023\/01\/22-ALEIX-TORRENTS-ALMEDA-79-320x202.jpg\" width=\"320\" height=\"202\" alt=\"\" title=\"22 &#8211; ALEIX TORRENTS ALMEDA &#8211; 79\" aria-label=\"22 &#8211; ALEIX TORRENTS ALMEDA &#8211; 79\" class=\"img-responsive wp-image-30296 fusion-gallery-image-size-fixed\" \/><\/a><\/div><\/div><div style=\"padding:5px;\" class=\"fusion-grid-column fusion-gallery-column fusion-gallery-column-6 hover-type-zoomin\"><div class=\"fusion-gallery-image\"><a href=\"https:\/\/afc.cat\/wp-content\/uploads\/2023\/01\/23-Jordi-Batet-i-Escobedo-78.jpg\" data-title=\"23 &#8211; Jordi Batet i Escobedo &#8211; 78\" title=\"23 &#8211; Jordi Batet i Escobedo &#8211; 78\" rel=\"noreferrer\" data-rel=\"iLightbox[gallery_image_1]\" class=\"fusion-lightbox\" target=\"_self\"><img decoding=\"async\" src=\"https:\/\/afc.cat\/wp-content\/uploads\/2023\/01\/23-Jordi-Batet-i-Escobedo-78-320x202.jpg\" width=\"320\" height=\"202\" alt=\"\" title=\"23 &#8211; Jordi Batet i Escobedo &#8211; 78\" aria-label=\"23 &#8211; Jordi Batet i Escobedo &#8211; 78\" class=\"img-responsive wp-image-30298 fusion-gallery-image-size-fixed\" srcset=\"https:\/\/afc.cat\/wp-content\/uploads\/2023\/01\/23-Jordi-Batet-i-Escobedo-78-320x202.jpg 320w, https:\/\/afc.cat\/wp-content\/uploads\/2023\/01\/23-Jordi-Batet-i-Escobedo-78-700x441.jpg 700w\" sizes=\"(max-width: 320px) 100vw, 320px\" \/><\/a><\/div><\/div><div style=\"padding:5px;\" class=\"fusion-grid-column fusion-gallery-column fusion-gallery-column-6 hover-type-zoomin\"><div class=\"fusion-gallery-image\"><a href=\"https:\/\/afc.cat\/wp-content\/uploads\/2023\/01\/24-Carme-Mur-Calvo-75.jpg\" data-title=\"24 &#8211; Carme Mur Calv\u00f3 &#8211; 75\" title=\"24 &#8211; Carme Mur Calv\u00f3 &#8211; 75\" rel=\"noreferrer\" data-rel=\"iLightbox[gallery_image_1]\" class=\"fusion-lightbox\" target=\"_self\"><img decoding=\"async\" src=\"https:\/\/afc.cat\/wp-content\/uploads\/2023\/01\/24-Carme-Mur-Calvo-75-320x202.jpg\" width=\"320\" height=\"202\" alt=\"\" title=\"24 &#8211; Carme Mur Calv\u00f3 &#8211; 75\" aria-label=\"24 &#8211; Carme Mur Calv\u00f3 &#8211; 75\" class=\"img-responsive wp-image-30300 fusion-gallery-image-size-fixed\" \/><\/a><\/div><\/div><div class=\"clearfix\"><\/div><div style=\"padding:5px;\" class=\"fusion-grid-column fusion-gallery-column fusion-gallery-column-6 hover-type-zoomin\"><div class=\"fusion-gallery-image\"><a href=\"https:\/\/afc.cat\/wp-content\/uploads\/2023\/01\/25-Jose-luis-Alonso-barros-63.jpg\" data-title=\"25 &#8211; Jos\u00e9 luis Alonso barros &#8211; 63\" title=\"25 &#8211; Jos\u00e9 luis Alonso barros &#8211; 63\" rel=\"noreferrer\" data-rel=\"iLightbox[gallery_image_1]\" class=\"fusion-lightbox\" target=\"_self\"><img decoding=\"async\" src=\"https:\/\/afc.cat\/wp-content\/uploads\/2023\/01\/25-Jose-luis-Alonso-barros-63-320x202.jpg\" width=\"320\" height=\"202\" alt=\"\" title=\"25 &#8211; Jos\u00e9 luis Alonso barros &#8211; 63\" aria-label=\"25 &#8211; Jos\u00e9 luis Alonso barros &#8211; 63\" class=\"img-responsive wp-image-30302 fusion-gallery-image-size-fixed\" \/><\/a><\/div><\/div><div style=\"padding:5px;\" class=\"fusion-grid-column fusion-gallery-column fusion-gallery-column-6 hover-type-zoomin\"><div class=\"fusion-gallery-image\"><a href=\"https:\/\/afc.cat\/wp-content\/uploads\/2023\/01\/26-PERE-GRAUPERA-LANGA-58.jpg\" data-title=\"26 &#8211; PERE GRAUPERA LANGA &#8211; 58\" title=\"26 &#8211; PERE GRAUPERA LANGA &#8211; 58\" rel=\"noreferrer\" data-rel=\"iLightbox[gallery_image_1]\" class=\"fusion-lightbox\" target=\"_self\"><img decoding=\"async\" src=\"https:\/\/afc.cat\/wp-content\/uploads\/2023\/01\/26-PERE-GRAUPERA-LANGA-58-320x202.jpg\" width=\"320\" height=\"202\" alt=\"\" title=\"26 &#8211; PERE GRAUPERA LANGA &#8211; 58\" aria-label=\"26 &#8211; PERE GRAUPERA LANGA &#8211; 58\" class=\"img-responsive wp-image-30304 fusion-gallery-image-size-fixed\" srcset=\"https:\/\/afc.cat\/wp-content\/uploads\/2023\/01\/26-PERE-GRAUPERA-LANGA-58-320x202.jpg 320w, https:\/\/afc.cat\/wp-content\/uploads\/2023\/01\/26-PERE-GRAUPERA-LANGA-58-700x441.jpg 700w\" sizes=\"(max-width: 320px) 100vw, 320px\" \/><\/a><\/div><\/div><\/div><div class=\"fusion-separator fusion-full-width-sep\" style=\"align-self: center;margin-left: auto;margin-right: auto;margin-top:20px;margin-bottom:20px;width:100%;\"><div class=\"fusion-separator-border sep-single sep-solid\" style=\"border-color:#3ec0bf;border-top-width:1px;\"><\/div><\/div><div class=\"fusion-text fusion-text-5\"><p style=\"text-align: center;\"><strong>PUNTUACI\u00d3N GENERAL ACUMULADA COLOR<\/strong><\/p>\n<\/div><div style=\"text-align:center;\"><style>.fusion-imageframe.imageframe-2{ margin-bottom : 5%;}<\/style><span class=\" fusion-imageframe imageframe-none imageframe-2 hover-type-zoomin\"><img decoding=\"async\" width=\"737\" height=\"992\" title=\"Classificci\u00f3 desembre COLOR 2022 (2)\" src=\"https:\/\/afc.cat\/wp-content\/uploads\/2023\/01\/Classificcio-desembre-COLOR-2022-2.jpg\" alt class=\"img-responsive wp-image-30338\" srcset=\"https:\/\/afc.cat\/wp-content\/uploads\/2023\/01\/Classificcio-desembre-COLOR-2022-2-200x269.jpg 200w, https:\/\/afc.cat\/wp-content\/uploads\/2023\/01\/Classificcio-desembre-COLOR-2022-2-400x538.jpg 400w, https:\/\/afc.cat\/wp-content\/uploads\/2023\/01\/Classificcio-desembre-COLOR-2022-2-600x808.jpg 600w, https:\/\/afc.cat\/wp-content\/uploads\/2023\/01\/Classificcio-desembre-COLOR-2022-2.jpg 737w\" sizes=\"(max-width: 640px) 100vw, 737px\" \/><\/span><\/div><div class=\"fusion-text fusion-text-6\"><p style=\"text-align: center;\"><strong>Classificaci\u00f3n color de diciembre 2022<\/strong><\/p>\n<\/div><style type=\"text\/css\">.fusion-gallery-2 .fusion-gallery-image {border:0px solid #e2e2e2;}<\/style><div class=\"fusion-gallery fusion-gallery-container fusion-grid-6 fusion-columns-total-25 fusion-gallery-layout-grid fusion-gallery-2\" style=\"margin:-5px;\"><div style=\"padding:5px;\" class=\"fusion-grid-column fusion-gallery-column fusion-gallery-column-6 hover-type-zoomin\"><div class=\"fusion-gallery-image\"><a href=\"https:\/\/afc.cat\/wp-content\/uploads\/2023\/01\/1-Josep-Soler-Vendrell-107.jpg\" data-title=\"1 &#8211; Josep Soler Vendrell &#8211; 107\" title=\"1 &#8211; Josep Soler Vendrell &#8211; 107\" rel=\"noreferrer\" data-rel=\"iLightbox[gallery_image_2]\" class=\"fusion-lightbox\" target=\"_self\"><img decoding=\"async\" src=\"https:\/\/afc.cat\/wp-content\/uploads\/2023\/01\/1-Josep-Soler-Vendrell-107-320x202.jpg\" width=\"320\" height=\"202\" alt=\"\" title=\"1 &#8211; Josep Soler Vendrell &#8211; 107\" aria-label=\"1 &#8211; Josep Soler Vendrell &#8211; 107\" class=\"img-responsive wp-image-30204 fusion-gallery-image-size-fixed\" srcset=\"https:\/\/afc.cat\/wp-content\/uploads\/2023\/01\/1-Josep-Soler-Vendrell-107-320x202.jpg 320w, https:\/\/afc.cat\/wp-content\/uploads\/2023\/01\/1-Josep-Soler-Vendrell-107-700x441.jpg 700w\" sizes=\"(max-width: 320px) 100vw, 320px\" \/><\/a><\/div><\/div><div style=\"padding:5px;\" class=\"fusion-grid-column fusion-gallery-column fusion-gallery-column-6 hover-type-zoomin\"><div class=\"fusion-gallery-image\"><a href=\"https:\/\/afc.cat\/wp-content\/uploads\/2023\/01\/2-Jordi-Batet-i-Escobedo-104.jpg\" data-title=\"2 &#8211; Jordi Batet i Escobedo &#8211; 104\" title=\"2 &#8211; Jordi Batet i Escobedo &#8211; 104\" rel=\"noreferrer\" data-rel=\"iLightbox[gallery_image_2]\" class=\"fusion-lightbox\" target=\"_self\"><img decoding=\"async\" src=\"https:\/\/afc.cat\/wp-content\/uploads\/2023\/01\/2-Jordi-Batet-i-Escobedo-104-320x202.jpg\" width=\"320\" height=\"202\" alt=\"\" title=\"2 &#8211; Jordi Batet i Escobedo &#8211; 104\" aria-label=\"2 &#8211; Jordi Batet i Escobedo &#8211; 104\" class=\"img-responsive wp-image-30206 fusion-gallery-image-size-fixed\" srcset=\"https:\/\/afc.cat\/wp-content\/uploads\/2023\/01\/2-Jordi-Batet-i-Escobedo-104-320x202.jpg 320w, https:\/\/afc.cat\/wp-content\/uploads\/2023\/01\/2-Jordi-Batet-i-Escobedo-104-700x441.jpg 700w\" sizes=\"(max-width: 320px) 100vw, 320px\" \/><\/a><\/div><\/div><div style=\"padding:5px;\" class=\"fusion-grid-column fusion-gallery-column fusion-gallery-column-6 hover-type-zoomin\"><div class=\"fusion-gallery-image\"><a href=\"https:\/\/afc.cat\/wp-content\/uploads\/2023\/01\/3-Santiago-Garcia-Cuadrado-101.jpg\" data-title=\"3 &#8211; Santiago Garc\u00eda Cuadrado &#8211; 101\" title=\"3 &#8211; Santiago Garc\u00eda Cuadrado &#8211; 101\" rel=\"noreferrer\" data-rel=\"iLightbox[gallery_image_2]\" class=\"fusion-lightbox\" target=\"_self\"><img decoding=\"async\" src=\"https:\/\/afc.cat\/wp-content\/uploads\/2023\/01\/3-Santiago-Garcia-Cuadrado-101-320x202.jpg\" width=\"320\" height=\"202\" alt=\"\" title=\"3 &#8211; Santiago Garc\u00eda Cuadrado &#8211; 101\" aria-label=\"3 &#8211; Santiago Garc\u00eda Cuadrado &#8211; 101\" class=\"img-responsive wp-image-30208 fusion-gallery-image-size-fixed\" srcset=\"https:\/\/afc.cat\/wp-content\/uploads\/2023\/01\/3-Santiago-Garcia-Cuadrado-101-320x202.jpg 320w, https:\/\/afc.cat\/wp-content\/uploads\/2023\/01\/3-Santiago-Garcia-Cuadrado-101-700x441.jpg 700w\" sizes=\"(max-width: 320px) 100vw, 320px\" \/><\/a><\/div><\/div><div style=\"padding:5px;\" class=\"fusion-grid-column fusion-gallery-column fusion-gallery-column-6 hover-type-zoomin\"><div class=\"fusion-gallery-image\"><a href=\"https:\/\/afc.cat\/wp-content\/uploads\/2023\/01\/4-Teresa-Tejero-Lopez-101.jpg\" data-title=\"4 &#8211; Teresa Tejero Lopez &#8211; 101\" title=\"4 &#8211; Teresa Tejero Lopez &#8211; 101\" rel=\"noreferrer\" data-rel=\"iLightbox[gallery_image_2]\" class=\"fusion-lightbox\" target=\"_self\"><img decoding=\"async\" src=\"https:\/\/afc.cat\/wp-content\/uploads\/2023\/01\/4-Teresa-Tejero-Lopez-101-320x202.jpg\" width=\"320\" height=\"202\" alt=\"\" title=\"4 &#8211; Teresa Tejero Lopez &#8211; 101\" aria-label=\"4 &#8211; Teresa Tejero Lopez &#8211; 101\" class=\"img-responsive wp-image-30210 fusion-gallery-image-size-fixed\" srcset=\"https:\/\/afc.cat\/wp-content\/uploads\/2023\/01\/4-Teresa-Tejero-Lopez-101-320x202.jpg 320w, https:\/\/afc.cat\/wp-content\/uploads\/2023\/01\/4-Teresa-Tejero-Lopez-101-700x441.jpg 700w\" sizes=\"(max-width: 320px) 100vw, 320px\" \/><\/a><\/div><\/div><div class=\"clearfix\"><\/div><div style=\"padding:5px;\" class=\"fusion-grid-column fusion-gallery-column fusion-gallery-column-6 hover-type-zoomin\"><div class=\"fusion-gallery-image\"><a href=\"https:\/\/afc.cat\/wp-content\/uploads\/2023\/01\/5-Josep-Braojos-Morales-99.jpg\" data-title=\"5 &#8211; Josep Braojos Morales &#8211; 99\" title=\"5 &#8211; Josep Braojos Morales &#8211; 99\" rel=\"noreferrer\" data-rel=\"iLightbox[gallery_image_2]\" class=\"fusion-lightbox\" target=\"_self\"><img decoding=\"async\" src=\"https:\/\/afc.cat\/wp-content\/uploads\/2023\/01\/5-Josep-Braojos-Morales-99-320x202.jpg\" width=\"320\" height=\"202\" alt=\"\" title=\"5 &#8211; Josep Braojos Morales &#8211; 99\" aria-label=\"5 &#8211; Josep Braojos Morales &#8211; 99\" class=\"img-responsive wp-image-30212 fusion-gallery-image-size-fixed\" srcset=\"https:\/\/afc.cat\/wp-content\/uploads\/2023\/01\/5-Josep-Braojos-Morales-99-320x202.jpg 320w, https:\/\/afc.cat\/wp-content\/uploads\/2023\/01\/5-Josep-Braojos-Morales-99-700x441.jpg 700w\" sizes=\"(max-width: 320px) 100vw, 320px\" \/><\/a><\/div><\/div><div style=\"padding:5px;\" class=\"fusion-grid-column fusion-gallery-column fusion-gallery-column-6 hover-type-zoomin\"><div class=\"fusion-gallery-image\"><a href=\"https:\/\/afc.cat\/wp-content\/uploads\/2023\/01\/6-Joan-Rue-Domingo-99.jpg\" data-title=\"6 &#8211; Joan Ru\u00e9 Domingo &#8211; 99\" title=\"6 &#8211; Joan Ru\u00e9 Domingo &#8211; 99\" rel=\"noreferrer\" data-rel=\"iLightbox[gallery_image_2]\" class=\"fusion-lightbox\" target=\"_self\"><img decoding=\"async\" src=\"https:\/\/afc.cat\/wp-content\/uploads\/2023\/01\/6-Joan-Rue-Domingo-99-320x202.jpg\" width=\"320\" height=\"202\" alt=\"\" title=\"6 &#8211; Joan Ru\u00e9 Domingo &#8211; 99\" aria-label=\"6 &#8211; Joan Ru\u00e9 Domingo &#8211; 99\" class=\"img-responsive wp-image-30214 fusion-gallery-image-size-fixed\" srcset=\"https:\/\/afc.cat\/wp-content\/uploads\/2023\/01\/6-Joan-Rue-Domingo-99-320x202.jpg 320w, https:\/\/afc.cat\/wp-content\/uploads\/2023\/01\/6-Joan-Rue-Domingo-99-700x441.jpg 700w\" sizes=\"(max-width: 320px) 100vw, 320px\" \/><\/a><\/div><\/div><div style=\"padding:5px;\" class=\"fusion-grid-column fusion-gallery-column fusion-gallery-column-6 hover-type-zoomin\"><div class=\"fusion-gallery-image\"><a href=\"https:\/\/afc.cat\/wp-content\/uploads\/2023\/01\/7-Carmen-Camprodon-Vidal-97.jpg\" data-title=\"7 &#8211; Carmen Camprodon Vidal &#8211; 97\" title=\"7 &#8211; Carmen Camprodon Vidal &#8211; 97\" rel=\"noreferrer\" data-rel=\"iLightbox[gallery_image_2]\" class=\"fusion-lightbox\" target=\"_self\"><img decoding=\"async\" src=\"https:\/\/afc.cat\/wp-content\/uploads\/2023\/01\/7-Carmen-Camprodon-Vidal-97-320x202.jpg\" width=\"320\" height=\"202\" alt=\"\" title=\"7 &#8211; Carmen Camprodon Vidal &#8211; 97\" aria-label=\"7 &#8211; Carmen Camprodon Vidal &#8211; 97\" class=\"img-responsive wp-image-30216 fusion-gallery-image-size-fixed\" \/><\/a><\/div><\/div><div style=\"padding:5px;\" class=\"fusion-grid-column fusion-gallery-column fusion-gallery-column-6 hover-type-zoomin\"><div class=\"fusion-gallery-image\"><a href=\"https:\/\/afc.cat\/wp-content\/uploads\/2023\/01\/8-Rosa-Cristofol-Martinez-96.jpg\" data-title=\"8 &#8211; Rosa Crist\u00f2fol Mart\u00ednez &#8211; 96\" title=\"8 &#8211; Rosa Crist\u00f2fol Mart\u00ednez &#8211; 96\" rel=\"noreferrer\" data-rel=\"iLightbox[gallery_image_2]\" class=\"fusion-lightbox\" target=\"_self\"><img decoding=\"async\" src=\"https:\/\/afc.cat\/wp-content\/uploads\/2023\/01\/8-Rosa-Cristofol-Martinez-96-320x202.jpg\" width=\"320\" height=\"202\" alt=\"\" title=\"8 &#8211; Rosa Crist\u00f2fol Mart\u00ednez &#8211; 96\" aria-label=\"8 &#8211; Rosa Crist\u00f2fol Mart\u00ednez &#8211; 96\" class=\"img-responsive wp-image-30218 fusion-gallery-image-size-fixed\" \/><\/a><\/div><\/div><div style=\"padding:5px;\" class=\"fusion-grid-column fusion-gallery-column fusion-gallery-column-6 hover-type-zoomin\"><div class=\"fusion-gallery-image\"><a href=\"https:\/\/afc.cat\/wp-content\/uploads\/2023\/01\/9-Francesca-Portoles-Braso-95.jpg\" data-title=\"9 &#8211; Francesca Portol\u00e9s Bras\u00f3 &#8211; 95\" title=\"9 &#8211; Francesca Portol\u00e9s Bras\u00f3 &#8211; 95\" rel=\"noreferrer\" data-rel=\"iLightbox[gallery_image_2]\" class=\"fusion-lightbox\" target=\"_self\"><img decoding=\"async\" src=\"https:\/\/afc.cat\/wp-content\/uploads\/2023\/01\/9-Francesca-Portoles-Braso-95-320x202.jpg\" width=\"320\" height=\"202\" alt=\"\" title=\"9 &#8211; Francesca Portol\u00e9s Bras\u00f3 &#8211; 95\" aria-label=\"9 &#8211; Francesca Portol\u00e9s Bras\u00f3 &#8211; 95\" class=\"img-responsive wp-image-30220 fusion-gallery-image-size-fixed\" srcset=\"https:\/\/afc.cat\/wp-content\/uploads\/2023\/01\/9-Francesca-Portoles-Braso-95-320x202.jpg 320w, https:\/\/afc.cat\/wp-content\/uploads\/2023\/01\/9-Francesca-Portoles-Braso-95-700x441.jpg 700w\" sizes=\"(max-width: 320px) 100vw, 320px\" \/><\/a><\/div><\/div><div style=\"padding:5px;\" class=\"fusion-grid-column fusion-gallery-column fusion-gallery-column-6 hover-type-zoomin\"><div class=\"fusion-gallery-image\"><a href=\"https:\/\/afc.cat\/wp-content\/uploads\/2023\/01\/10-Angel-Colado-Palacios-95.jpg\" data-title=\"10 &#8211; \u00c1ngel Colado Palacios &#8211; 95\" title=\"10 &#8211; \u00c1ngel Colado Palacios &#8211; 95\" rel=\"noreferrer\" data-rel=\"iLightbox[gallery_image_2]\" class=\"fusion-lightbox\" target=\"_self\"><img decoding=\"async\" src=\"https:\/\/afc.cat\/wp-content\/uploads\/2023\/01\/10-Angel-Colado-Palacios-95-320x202.jpg\" width=\"320\" height=\"202\" alt=\"\" title=\"10 &#8211; \u00c1ngel Colado Palacios &#8211; 95\" aria-label=\"10 &#8211; \u00c1ngel Colado Palacios &#8211; 95\" class=\"img-responsive wp-image-30222 fusion-gallery-image-size-fixed\" srcset=\"https:\/\/afc.cat\/wp-content\/uploads\/2023\/01\/10-Angel-Colado-Palacios-95-320x202.jpg 320w, https:\/\/afc.cat\/wp-content\/uploads\/2023\/01\/10-Angel-Colado-Palacios-95-700x441.jpg 700w\" sizes=\"(max-width: 320px) 100vw, 320px\" \/><\/a><\/div><\/div><div class=\"clearfix\"><\/div><div style=\"padding:5px;\" class=\"fusion-grid-column fusion-gallery-column fusion-gallery-column-6 hover-type-zoomin\"><div class=\"fusion-gallery-image\"><a href=\"https:\/\/afc.cat\/wp-content\/uploads\/2023\/01\/11-Joan-Soldevila-Adan-94.jpg\" data-title=\"11 &#8211; Joan Soldevila Ad\u00e1n &#8211; 94\" title=\"11 &#8211; Joan Soldevila Ad\u00e1n &#8211; 94\" rel=\"noreferrer\" data-rel=\"iLightbox[gallery_image_2]\" class=\"fusion-lightbox\" target=\"_self\"><img decoding=\"async\" src=\"https:\/\/afc.cat\/wp-content\/uploads\/2023\/01\/11-Joan-Soldevila-Adan-94-320x202.jpg\" width=\"320\" height=\"202\" alt=\"\" title=\"11 &#8211; Joan Soldevila Ad\u00e1n &#8211; 94\" aria-label=\"11 &#8211; Joan Soldevila Ad\u00e1n &#8211; 94\" class=\"img-responsive wp-image-30224 fusion-gallery-image-size-fixed\" \/><\/a><\/div><\/div><div style=\"padding:5px;\" class=\"fusion-grid-column fusion-gallery-column fusion-gallery-column-6 hover-type-zoomin\"><div class=\"fusion-gallery-image\"><a href=\"https:\/\/afc.cat\/wp-content\/uploads\/2023\/01\/12-Adolfo-Garcia-Bastard-93.jpg\" data-title=\"12 &#8211; Adolfo Garcia Bastard &#8211; 93\" title=\"12 &#8211; Adolfo Garcia Bastard &#8211; 93\" rel=\"noreferrer\" data-rel=\"iLightbox[gallery_image_2]\" class=\"fusion-lightbox\" target=\"_self\"><img decoding=\"async\" src=\"https:\/\/afc.cat\/wp-content\/uploads\/2023\/01\/12-Adolfo-Garcia-Bastard-93-320x202.jpg\" width=\"320\" height=\"202\" alt=\"\" title=\"12 &#8211; Adolfo Garcia Bastard &#8211; 93\" aria-label=\"12 &#8211; Adolfo Garcia Bastard &#8211; 93\" class=\"img-responsive wp-image-30226 fusion-gallery-image-size-fixed\" srcset=\"https:\/\/afc.cat\/wp-content\/uploads\/2023\/01\/12-Adolfo-Garcia-Bastard-93-320x202.jpg 320w, https:\/\/afc.cat\/wp-content\/uploads\/2023\/01\/12-Adolfo-Garcia-Bastard-93-700x441.jpg 700w\" sizes=\"(max-width: 320px) 100vw, 320px\" \/><\/a><\/div><\/div><div style=\"padding:5px;\" class=\"fusion-grid-column fusion-gallery-column fusion-gallery-column-6 hover-type-zoomin\"><div class=\"fusion-gallery-image\"><a href=\"https:\/\/afc.cat\/wp-content\/uploads\/2023\/01\/13-Ana-M.-Gallego-Lozano-93.jpg\" data-title=\"13 &#8211; Ana M. Gallego Lozano &#8211; 93\" title=\"13 &#8211; Ana M. Gallego Lozano &#8211; 93\" rel=\"noreferrer\" data-rel=\"iLightbox[gallery_image_2]\" class=\"fusion-lightbox\" target=\"_self\"><img decoding=\"async\" src=\"https:\/\/afc.cat\/wp-content\/uploads\/2023\/01\/13-Ana-M.-Gallego-Lozano-93-320x202.jpg\" width=\"320\" height=\"202\" alt=\"\" title=\"13 &#8211; Ana M. Gallego Lozano &#8211; 93\" aria-label=\"13 &#8211; Ana M. Gallego Lozano &#8211; 93\" class=\"img-responsive wp-image-30228 fusion-gallery-image-size-fixed\" srcset=\"https:\/\/afc.cat\/wp-content\/uploads\/2023\/01\/13-Ana-M.-Gallego-Lozano-93-320x202.jpg 320w, https:\/\/afc.cat\/wp-content\/uploads\/2023\/01\/13-Ana-M.-Gallego-Lozano-93-700x441.jpg 700w\" sizes=\"(max-width: 320px) 100vw, 320px\" \/><\/a><\/div><\/div><div style=\"padding:5px;\" class=\"fusion-grid-column fusion-gallery-column fusion-gallery-column-6 hover-type-zoomin\"><div class=\"fusion-gallery-image\"><a href=\"https:\/\/afc.cat\/wp-content\/uploads\/2023\/01\/14-Damia-Tous-Vazquez-92.jpg\" data-title=\"14 &#8211; Dami\u00e0 Tous Vazquez &#8211; 92\" title=\"14 &#8211; Dami\u00e0 Tous Vazquez &#8211; 92\" rel=\"noreferrer\" data-rel=\"iLightbox[gallery_image_2]\" class=\"fusion-lightbox\" target=\"_self\"><img decoding=\"async\" src=\"https:\/\/afc.cat\/wp-content\/uploads\/2023\/01\/14-Damia-Tous-Vazquez-92-320x202.jpg\" width=\"320\" height=\"202\" alt=\"\" title=\"14 &#8211; Dami\u00e0 Tous Vazquez &#8211; 92\" aria-label=\"14 &#8211; Dami\u00e0 Tous Vazquez &#8211; 92\" class=\"img-responsive wp-image-30230 fusion-gallery-image-size-fixed\" srcset=\"https:\/\/afc.cat\/wp-content\/uploads\/2023\/01\/14-Damia-Tous-Vazquez-92-320x202.jpg 320w, https:\/\/afc.cat\/wp-content\/uploads\/2023\/01\/14-Damia-Tous-Vazquez-92-700x441.jpg 700w\" sizes=\"(max-width: 320px) 100vw, 320px\" \/><\/a><\/div><\/div><div style=\"padding:5px;\" class=\"fusion-grid-column fusion-gallery-column fusion-gallery-column-6 hover-type-zoomin\"><div class=\"fusion-gallery-image\"><a href=\"https:\/\/afc.cat\/wp-content\/uploads\/2023\/01\/15-Josep-Suarez-Torrellas-92.jpg\" data-title=\"15 &#8211; Josep Suarez Torrellas &#8211; 92\" title=\"15 &#8211; Josep Suarez Torrellas &#8211; 92\" rel=\"noreferrer\" data-rel=\"iLightbox[gallery_image_2]\" class=\"fusion-lightbox\" target=\"_self\"><img decoding=\"async\" src=\"https:\/\/afc.cat\/wp-content\/uploads\/2023\/01\/15-Josep-Suarez-Torrellas-92-320x202.jpg\" width=\"320\" height=\"202\" alt=\"\" title=\"15 &#8211; Josep Suarez Torrellas &#8211; 92\" aria-label=\"15 &#8211; Josep Suarez Torrellas &#8211; 92\" class=\"img-responsive wp-image-30232 fusion-gallery-image-size-fixed\" srcset=\"https:\/\/afc.cat\/wp-content\/uploads\/2023\/01\/15-Josep-Suarez-Torrellas-92-320x202.jpg 320w, https:\/\/afc.cat\/wp-content\/uploads\/2023\/01\/15-Josep-Suarez-Torrellas-92-700x441.jpg 700w\" sizes=\"(max-width: 320px) 100vw, 320px\" \/><\/a><\/div><\/div><div style=\"padding:5px;\" class=\"fusion-grid-column fusion-gallery-column fusion-gallery-column-6 hover-type-zoomin\"><div class=\"fusion-gallery-image\"><a href=\"https:\/\/afc.cat\/wp-content\/uploads\/2023\/01\/16-David-Penarroya-Hernandez-90.jpg\" data-title=\"16 &#8211; David Pe\u00f1arroya Hernandez &#8211; 90\" title=\"16 &#8211; David Pe\u00f1arroya Hernandez &#8211; 90\" rel=\"noreferrer\" data-rel=\"iLightbox[gallery_image_2]\" class=\"fusion-lightbox\" target=\"_self\"><img decoding=\"async\" src=\"https:\/\/afc.cat\/wp-content\/uploads\/2023\/01\/16-David-Penarroya-Hernandez-90-320x202.jpg\" width=\"320\" height=\"202\" alt=\"\" title=\"16 &#8211; David Pe\u00f1arroya Hernandez &#8211; 90\" aria-label=\"16 &#8211; David Pe\u00f1arroya Hernandez &#8211; 90\" class=\"img-responsive wp-image-30234 fusion-gallery-image-size-fixed\" srcset=\"https:\/\/afc.cat\/wp-content\/uploads\/2023\/01\/16-David-Penarroya-Hernandez-90-320x202.jpg 320w, https:\/\/afc.cat\/wp-content\/uploads\/2023\/01\/16-David-Penarroya-Hernandez-90-700x441.jpg 700w\" sizes=\"(max-width: 320px) 100vw, 320px\" \/><\/a><\/div><\/div><div class=\"clearfix\"><\/div><div style=\"padding:5px;\" class=\"fusion-grid-column fusion-gallery-column fusion-gallery-column-6 hover-type-zoomin\"><div class=\"fusion-gallery-image\"><a href=\"https:\/\/afc.cat\/wp-content\/uploads\/2023\/01\/17-Elena-Sanchez-Vizcaino-Mengual-89.jpg\" data-title=\"17 &#8211; Elena S\u00e1nchez-Vizca\u00edno Mengual &#8211; 89\" title=\"17 &#8211; Elena S\u00e1nchez-Vizca\u00edno Mengual &#8211; 89\" rel=\"noreferrer\" data-rel=\"iLightbox[gallery_image_2]\" class=\"fusion-lightbox\" target=\"_self\"><img decoding=\"async\" src=\"https:\/\/afc.cat\/wp-content\/uploads\/2023\/01\/17-Elena-Sanchez-Vizcaino-Mengual-89-320x202.jpg\" width=\"320\" height=\"202\" alt=\"\" title=\"17 &#8211; Elena S\u00e1nchez-Vizca\u00edno Mengual &#8211; 89\" aria-label=\"17 &#8211; Elena S\u00e1nchez-Vizca\u00edno Mengual &#8211; 89\" class=\"img-responsive wp-image-30236 fusion-gallery-image-size-fixed\" srcset=\"https:\/\/afc.cat\/wp-content\/uploads\/2023\/01\/17-Elena-Sanchez-Vizcaino-Mengual-89-320x202.jpg 320w, https:\/\/afc.cat\/wp-content\/uploads\/2023\/01\/17-Elena-Sanchez-Vizcaino-Mengual-89-700x441.jpg 700w\" sizes=\"(max-width: 320px) 100vw, 320px\" \/><\/a><\/div><\/div><div style=\"padding:5px;\" class=\"fusion-grid-column fusion-gallery-column fusion-gallery-column-6 hover-type-zoomin\"><div class=\"fusion-gallery-image\"><a href=\"https:\/\/afc.cat\/wp-content\/uploads\/2023\/01\/18-Anna-Barnes-Guillen-86.jpg\" data-title=\"18 &#8211; Anna Barn\u00e9s Guill\u00e9n &#8211; 86\" title=\"18 &#8211; Anna Barn\u00e9s Guill\u00e9n &#8211; 86\" rel=\"noreferrer\" data-rel=\"iLightbox[gallery_image_2]\" class=\"fusion-lightbox\" target=\"_self\"><img decoding=\"async\" src=\"https:\/\/afc.cat\/wp-content\/uploads\/2023\/01\/18-Anna-Barnes-Guillen-86-320x202.jpg\" width=\"320\" height=\"202\" alt=\"\" title=\"18 &#8211; Anna Barn\u00e9s Guill\u00e9n &#8211; 86\" aria-label=\"18 &#8211; Anna Barn\u00e9s Guill\u00e9n &#8211; 86\" class=\"img-responsive wp-image-30238 fusion-gallery-image-size-fixed\" srcset=\"https:\/\/afc.cat\/wp-content\/uploads\/2023\/01\/18-Anna-Barnes-Guillen-86-320x202.jpg 320w, https:\/\/afc.cat\/wp-content\/uploads\/2023\/01\/18-Anna-Barnes-Guillen-86-700x441.jpg 700w\" sizes=\"(max-width: 320px) 100vw, 320px\" \/><\/a><\/div><\/div><div style=\"padding:5px;\" class=\"fusion-grid-column fusion-gallery-column fusion-gallery-column-6 hover-type-zoomin\"><div class=\"fusion-gallery-image\"><a href=\"https:\/\/afc.cat\/wp-content\/uploads\/2023\/01\/19-CARLES-LASTRA-ANTONELL-84.jpg\" data-title=\"19 &#8211; CARLES LASTRA ANTONELL &#8211; 84\" title=\"19 &#8211; CARLES LASTRA ANTONELL &#8211; 84\" rel=\"noreferrer\" data-rel=\"iLightbox[gallery_image_2]\" class=\"fusion-lightbox\" target=\"_self\"><img decoding=\"async\" src=\"https:\/\/afc.cat\/wp-content\/uploads\/2023\/01\/19-CARLES-LASTRA-ANTONELL-84-320x202.jpg\" width=\"320\" height=\"202\" alt=\"\" title=\"19 &#8211; CARLES LASTRA ANTONELL &#8211; 84\" aria-label=\"19 &#8211; CARLES LASTRA ANTONELL &#8211; 84\" class=\"img-responsive wp-image-30240 fusion-gallery-image-size-fixed\" srcset=\"https:\/\/afc.cat\/wp-content\/uploads\/2023\/01\/19-CARLES-LASTRA-ANTONELL-84-320x202.jpg 320w, https:\/\/afc.cat\/wp-content\/uploads\/2023\/01\/19-CARLES-LASTRA-ANTONELL-84-700x441.jpg 700w\" sizes=\"(max-width: 320px) 100vw, 320px\" \/><\/a><\/div><\/div><div style=\"padding:5px;\" class=\"fusion-grid-column fusion-gallery-column fusion-gallery-column-6 hover-type-zoomin\"><div class=\"fusion-gallery-image\"><a href=\"https:\/\/afc.cat\/wp-content\/uploads\/2023\/01\/20-Carme-Mur-Calvo-83.jpg\" data-title=\"20 &#8211; Carme Mur Calv\u00f3 &#8211; 83\" title=\"20 &#8211; Carme Mur Calv\u00f3 &#8211; 83\" rel=\"noreferrer\" data-rel=\"iLightbox[gallery_image_2]\" class=\"fusion-lightbox\" target=\"_self\"><img decoding=\"async\" src=\"https:\/\/afc.cat\/wp-content\/uploads\/2023\/01\/20-Carme-Mur-Calvo-83-320x202.jpg\" width=\"320\" height=\"202\" alt=\"\" title=\"20 &#8211; Carme Mur Calv\u00f3 &#8211; 83\" aria-label=\"20 &#8211; Carme Mur Calv\u00f3 &#8211; 83\" class=\"img-responsive wp-image-30242 fusion-gallery-image-size-fixed\" srcset=\"https:\/\/afc.cat\/wp-content\/uploads\/2023\/01\/20-Carme-Mur-Calvo-83-320x202.jpg 320w, https:\/\/afc.cat\/wp-content\/uploads\/2023\/01\/20-Carme-Mur-Calvo-83-700x441.jpg 700w\" sizes=\"(max-width: 320px) 100vw, 320px\" \/><\/a><\/div><\/div><div style=\"padding:5px;\" class=\"fusion-grid-column fusion-gallery-column fusion-gallery-column-6 hover-type-zoomin\"><div class=\"fusion-gallery-image\"><a href=\"https:\/\/afc.cat\/wp-content\/uploads\/2023\/01\/21-Jose-luis-Alonso-barros-81.jpg\" data-title=\"21 &#8211; Jos\u00e9 luis Alonso barros &#8211; 81\" title=\"21 &#8211; Jos\u00e9 luis Alonso barros &#8211; 81\" rel=\"noreferrer\" data-rel=\"iLightbox[gallery_image_2]\" class=\"fusion-lightbox\" target=\"_self\"><img decoding=\"async\" src=\"https:\/\/afc.cat\/wp-content\/uploads\/2023\/01\/21-Jose-luis-Alonso-barros-81-320x202.jpg\" width=\"320\" height=\"202\" alt=\"\" title=\"21 &#8211; Jos\u00e9 luis Alonso barros &#8211; 81\" aria-label=\"21 &#8211; Jos\u00e9 luis Alonso barros &#8211; 81\" class=\"img-responsive wp-image-30244 fusion-gallery-image-size-fixed\" \/><\/a><\/div><\/div><div style=\"padding:5px;\" class=\"fusion-grid-column fusion-gallery-column fusion-gallery-column-6 hover-type-zoomin\"><div class=\"fusion-gallery-image\"><a href=\"https:\/\/afc.cat\/wp-content\/uploads\/2023\/01\/22-Albert-Folch-Navalon-81.jpg\" data-title=\"22 &#8211; Albert Folch Naval\u00f3n &#8211; 81\" title=\"22 &#8211; Albert Folch Naval\u00f3n &#8211; 81\" rel=\"noreferrer\" data-rel=\"iLightbox[gallery_image_2]\" class=\"fusion-lightbox\" target=\"_self\"><img decoding=\"async\" src=\"https:\/\/afc.cat\/wp-content\/uploads\/2023\/01\/22-Albert-Folch-Navalon-81-320x202.jpg\" width=\"320\" height=\"202\" alt=\"\" title=\"22 &#8211; Albert Folch Naval\u00f3n &#8211; 81\" aria-label=\"22 &#8211; Albert Folch Naval\u00f3n &#8211; 81\" class=\"img-responsive wp-image-30246 fusion-gallery-image-size-fixed\" \/><\/a><\/div><\/div><div class=\"clearfix\"><\/div><div style=\"padding:5px;\" class=\"fusion-grid-column fusion-gallery-column fusion-gallery-column-6 hover-type-zoomin\"><div class=\"fusion-gallery-image\"><a href=\"https:\/\/afc.cat\/wp-content\/uploads\/2023\/01\/23-Carmen-Casademont-Ribot-76.jpg\" data-title=\"23 &#8211; Carmen Casademont Ribot &#8211; 76\" title=\"23 &#8211; Carmen Casademont Ribot &#8211; 76\" rel=\"noreferrer\" data-rel=\"iLightbox[gallery_image_2]\" class=\"fusion-lightbox\" target=\"_self\"><img decoding=\"async\" src=\"https:\/\/afc.cat\/wp-content\/uploads\/2023\/01\/23-Carmen-Casademont-Ribot-76-320x202.jpg\" width=\"320\" height=\"202\" alt=\"\" title=\"23 &#8211; Carmen Casademont Ribot &#8211; 76\" aria-label=\"23 &#8211; Carmen Casademont Ribot &#8211; 76\" class=\"img-responsive wp-image-30248 fusion-gallery-image-size-fixed\" srcset=\"https:\/\/afc.cat\/wp-content\/uploads\/2023\/01\/23-Carmen-Casademont-Ribot-76-320x202.jpg 320w, https:\/\/afc.cat\/wp-content\/uploads\/2023\/01\/23-Carmen-Casademont-Ribot-76-700x441.jpg 700w\" sizes=\"(max-width: 320px) 100vw, 320px\" \/><\/a><\/div><\/div><div style=\"padding:5px;\" class=\"fusion-grid-column fusion-gallery-column fusion-gallery-column-6 hover-type-zoomin\"><div class=\"fusion-gallery-image\"><a href=\"https:\/\/afc.cat\/wp-content\/uploads\/2023\/01\/24-ALEIX-TORRENTS-ALMEDA-75.jpg\" data-title=\"24 &#8211; ALEIX TORRENTS ALMEDA &#8211; 75\" title=\"24 &#8211; ALEIX TORRENTS ALMEDA &#8211; 75\" rel=\"noreferrer\" data-rel=\"iLightbox[gallery_image_2]\" class=\"fusion-lightbox\" target=\"_self\"><img decoding=\"async\" src=\"https:\/\/afc.cat\/wp-content\/uploads\/2023\/01\/24-ALEIX-TORRENTS-ALMEDA-75-320x202.jpg\" width=\"320\" height=\"202\" alt=\"\" title=\"24 &#8211; ALEIX TORRENTS ALMEDA &#8211; 75\" aria-label=\"24 &#8211; ALEIX TORRENTS ALMEDA &#8211; 75\" class=\"img-responsive wp-image-30250 fusion-gallery-image-size-fixed\" \/><\/a><\/div><\/div><div style=\"padding:5px;\" class=\"fusion-grid-column fusion-gallery-column fusion-gallery-column-6 hover-type-zoomin\"><div class=\"fusion-gallery-image\"><a href=\"https:\/\/afc.cat\/wp-content\/uploads\/2023\/01\/25-PERE-GRAUPERA-LANGA-50.jpg\" data-title=\"25 &#8211; PERE GRAUPERA LANGA &#8211; 50\" title=\"25 &#8211; PERE GRAUPERA LANGA &#8211; 50\" rel=\"noreferrer\" data-rel=\"iLightbox[gallery_image_2]\" class=\"fusion-lightbox\" target=\"_self\"><img decoding=\"async\" src=\"https:\/\/afc.cat\/wp-content\/uploads\/2023\/01\/25-PERE-GRAUPERA-LANGA-50-320x202.jpg\" width=\"320\" height=\"202\" alt=\"\" title=\"25 &#8211; PERE GRAUPERA LANGA &#8211; 50\" aria-label=\"25 &#8211; PERE GRAUPERA LANGA &#8211; 50\" class=\"img-responsive wp-image-30252 fusion-gallery-image-size-fixed\" \/><\/a><\/div><\/div><\/div><div class=\"fusion-separator fusion-full-width-sep\" style=\"align-self: center;margin-left: auto;margin-right: auto;margin-top:20px;margin-bottom:20px;width:100%;\"><div class=\"fusion-separator-border sep-single sep-solid\" style=\"border-color:#3ec0bf;border-top-width:1px;\"><\/div><\/div><div style=\"text-align:center;\"><style>.fusion-button.button-1{border-radius:4px 4px 4px 4px;}<\/style><a class=\"fusion-button button-flat fusion-button-default-size button-default button-1 fusion-button-default-span fusion-button-default-type\" target=\"_self\" href=\"https:\/\/afc.cat\/es\/galerias\/\"><span class=\"fusion-button-text\">Volver a GALER\u00cdAS<\/span><\/a><\/div><\/div><style type=\"text\/css\">.fusion-body .fusion-builder-column-0{width:100% !important;margin-top : 0px;margin-bottom : 20px;}.fusion-builder-column-0 > .fusion-column-wrapper {padding-top : 0px !important;padding-right : 0px !important;margin-right : 1.92%;padding-bottom : 0px !important;padding-left : 0px !important;margin-left : 1.92%;}@media only screen and (max-width:1024px) {.fusion-body .fusion-builder-column-0{width:100% !important;order : 0;}.fusion-builder-column-0 > .fusion-column-wrapper {margin-right : 1.92%;margin-left : 1.92%;}}@media only screen and (max-width:640px) {.fusion-body .fusion-builder-column-0{width:100% !important;order : 0;}.fusion-builder-column-0 > .fusion-column-wrapper {margin-right : 1.92%;margin-left : 1.92%;}}<\/style><\/div><\/div><style type=\"text\/css\">.fusion-body .fusion-flex-container.fusion-builder-row-1{ padding-top : 0px;margin-top : 0px;padding-right : 0px;padding-bottom : 0px;margin-bottom : 0px;padding-left : 0px;}<\/style><\/div>\n","protected":false},"excerpt":{"rendered":"","protected":false},"author":33,"featured_media":30333,"menu_order":0,"comment_status":"open","ping_status":"closed","template":"","format":"standard","meta":{"_acf_changed":false,"footnotes":""},"portfolio_category":[158],"portfolio_skills":[],"portfolio_tags":[],"class_list":["post-30364","avada_portfolio","type-avada_portfolio","status-publish","format-standard","has-post-thumbnail","hentry","portfolio_category-concursos-es"],"acf":[],"yoast_head":"<!-- This site is optimized with the Yoast SEO plugin v27.5 - https:\/\/yoast.com\/product\/yoast-seo-wordpress\/ -->\n<title>Classificaci\u00f3n concurso Temes Obligats 2022-2023 DICIEMBRE - Agrupaci\u00f3 Fotogr\u00e0fica de Catalunya<\/title>\n<meta name=\"robots\" content=\"index, follow, max-snippet:-1, max-image-preview:large, max-video-preview:-1\" \/>\n<link rel=\"canonical\" href=\"https:\/\/afc.cat\/es\/galeria\/classificacio-concurs-temes-obligats-2022-2023-desembre\/\" \/>\n<meta property=\"og:locale\" content=\"es_ES\" \/>\n<meta property=\"og:type\" content=\"article\" \/>\n<meta property=\"og:title\" content=\"Classificaci\u00f3n concurso Temes Obligats 2022-2023 DICIEMBRE - Agrupaci\u00f3 Fotogr\u00e0fica de Catalunya\" \/>\n<meta property=\"og:url\" content=\"https:\/\/afc.cat\/es\/galeria\/classificacio-concurs-temes-obligats-2022-2023-desembre\/\" \/>\n<meta property=\"og:site_name\" content=\"Agrupaci\u00f3 Fotogr\u00e0fica de Catalunya\" \/>\n<meta property=\"article:modified_time\" content=\"2023-01-15T23:09:15+00:00\" \/>\n<meta property=\"og:image\" content=\"https:\/\/afc.cat\/wp-content\/uploads\/2023\/01\/TEMES-OBLIGATS-DESEMBRE-ESP.jpg\" \/>\n\t<meta property=\"og:image:width\" content=\"400\" \/>\n\t<meta property=\"og:image:height\" content=\"265\" \/>\n\t<meta property=\"og:image:type\" content=\"image\/jpeg\" \/>\n<meta name=\"twitter:card\" content=\"summary_large_image\" \/>\n<meta name=\"twitter:label1\" content=\"Tiempo de lectura\" \/>\n\t<meta name=\"twitter:data1\" content=\"16 minutos\" \/>\n<script type=\"application\/ld+json\" class=\"yoast-schema-graph\">{\"@context\":\"https:\\\/\\\/schema.org\",\"@graph\":[{\"@type\":\"WebPage\",\"@id\":\"https:\\\/\\\/afc.cat\\\/es\\\/galeria\\\/classificacio-concurs-temes-obligats-2022-2023-desembre\\\/\",\"url\":\"https:\\\/\\\/afc.cat\\\/es\\\/galeria\\\/classificacio-concurs-temes-obligats-2022-2023-desembre\\\/\",\"name\":\"Classificaci\u00f3n concurso Temes Obligats 2022-2023 DICIEMBRE - Agrupaci\u00f3 Fotogr\u00e0fica de Catalunya\",\"isPartOf\":{\"@id\":\"https:\\\/\\\/afc.cat\\\/es\\\/#website\"},\"primaryImageOfPage\":{\"@id\":\"https:\\\/\\\/afc.cat\\\/es\\\/galeria\\\/classificacio-concurs-temes-obligats-2022-2023-desembre\\\/#primaryimage\"},\"image\":{\"@id\":\"https:\\\/\\\/afc.cat\\\/es\\\/galeria\\\/classificacio-concurs-temes-obligats-2022-2023-desembre\\\/#primaryimage\"},\"thumbnailUrl\":\"https:\\\/\\\/afc.cat\\\/wp-content\\\/uploads\\\/2023\\\/01\\\/TEMES-OBLIGATS-DESEMBRE-ESP.jpg\",\"datePublished\":\"2023-01-12T22:47:24+00:00\",\"dateModified\":\"2023-01-15T23:09:15+00:00\",\"breadcrumb\":{\"@id\":\"https:\\\/\\\/afc.cat\\\/es\\\/galeria\\\/classificacio-concurs-temes-obligats-2022-2023-desembre\\\/#breadcrumb\"},\"inLanguage\":\"es\",\"potentialAction\":[{\"@type\":\"ReadAction\",\"target\":[\"https:\\\/\\\/afc.cat\\\/es\\\/galeria\\\/classificacio-concurs-temes-obligats-2022-2023-desembre\\\/\"]}]},{\"@type\":\"ImageObject\",\"inLanguage\":\"es\",\"@id\":\"https:\\\/\\\/afc.cat\\\/es\\\/galeria\\\/classificacio-concurs-temes-obligats-2022-2023-desembre\\\/#primaryimage\",\"url\":\"https:\\\/\\\/afc.cat\\\/wp-content\\\/uploads\\\/2023\\\/01\\\/TEMES-OBLIGATS-DESEMBRE-ESP.jpg\",\"contentUrl\":\"https:\\\/\\\/afc.cat\\\/wp-content\\\/uploads\\\/2023\\\/01\\\/TEMES-OBLIGATS-DESEMBRE-ESP.jpg\",\"width\":400,\"height\":265},{\"@type\":\"BreadcrumbList\",\"@id\":\"https:\\\/\\\/afc.cat\\\/es\\\/galeria\\\/classificacio-concurs-temes-obligats-2022-2023-desembre\\\/#breadcrumb\",\"itemListElement\":[{\"@type\":\"ListItem\",\"position\":1,\"name\":\"Inicio\",\"item\":\"https:\\\/\\\/afc.cat\\\/es\\\/\"},{\"@type\":\"ListItem\",\"position\":2,\"name\":\"Portfolio\",\"item\":\"https:\\\/\\\/afc.cat\\\/galeria\\\/\"},{\"@type\":\"ListItem\",\"position\":3,\"name\":\"Classificaci\u00f3n concurso Temes Obligats 2022-2023 DICIEMBRE\"}]},{\"@type\":\"WebSite\",\"@id\":\"https:\\\/\\\/afc.cat\\\/es\\\/#website\",\"url\":\"https:\\\/\\\/afc.cat\\\/es\\\/\",\"name\":\"Agrupaci\u00f3 Fotogr\u00e0fica de Catalunya\",\"description\":\"Fomento y divulgaci\u00f3n de la fotograf\u00eda en todas sus variedades\",\"potentialAction\":[{\"@type\":\"SearchAction\",\"target\":{\"@type\":\"EntryPoint\",\"urlTemplate\":\"https:\\\/\\\/afc.cat\\\/es\\\/?s={search_term_string}\"},\"query-input\":{\"@type\":\"PropertyValueSpecification\",\"valueRequired\":true,\"valueName\":\"search_term_string\"}}],\"inLanguage\":\"es\"}]}<\/script>\n<!-- \/ Yoast SEO plugin. -->","yoast_head_json":{"title":"Classificaci\u00f3n concurso Temes Obligats 2022-2023 DICIEMBRE - Agrupaci\u00f3 Fotogr\u00e0fica de Catalunya","robots":{"index":"index","follow":"follow","max-snippet":"max-snippet:-1","max-image-preview":"max-image-preview:large","max-video-preview":"max-video-preview:-1"},"canonical":"https:\/\/afc.cat\/es\/galeria\/classificacio-concurs-temes-obligats-2022-2023-desembre\/","og_locale":"es_ES","og_type":"article","og_title":"Classificaci\u00f3n concurso Temes Obligats 2022-2023 DICIEMBRE - Agrupaci\u00f3 Fotogr\u00e0fica de Catalunya","og_url":"https:\/\/afc.cat\/es\/galeria\/classificacio-concurs-temes-obligats-2022-2023-desembre\/","og_site_name":"Agrupaci\u00f3 Fotogr\u00e0fica de Catalunya","article_modified_time":"2023-01-15T23:09:15+00:00","og_image":[{"width":400,"height":265,"url":"https:\/\/afc.cat\/wp-content\/uploads\/2023\/01\/TEMES-OBLIGATS-DESEMBRE-ESP.jpg","type":"image\/jpeg"}],"twitter_card":"summary_large_image","twitter_misc":{"Tiempo de lectura":"16 minutos"},"schema":{"@context":"https:\/\/schema.org","@graph":[{"@type":"WebPage","@id":"https:\/\/afc.cat\/es\/galeria\/classificacio-concurs-temes-obligats-2022-2023-desembre\/","url":"https:\/\/afc.cat\/es\/galeria\/classificacio-concurs-temes-obligats-2022-2023-desembre\/","name":"Classificaci\u00f3n concurso Temes Obligats 2022-2023 DICIEMBRE - Agrupaci\u00f3 Fotogr\u00e0fica de Catalunya","isPartOf":{"@id":"https:\/\/afc.cat\/es\/#website"},"primaryImageOfPage":{"@id":"https:\/\/afc.cat\/es\/galeria\/classificacio-concurs-temes-obligats-2022-2023-desembre\/#primaryimage"},"image":{"@id":"https:\/\/afc.cat\/es\/galeria\/classificacio-concurs-temes-obligats-2022-2023-desembre\/#primaryimage"},"thumbnailUrl":"https:\/\/afc.cat\/wp-content\/uploads\/2023\/01\/TEMES-OBLIGATS-DESEMBRE-ESP.jpg","datePublished":"2023-01-12T22:47:24+00:00","dateModified":"2023-01-15T23:09:15+00:00","breadcrumb":{"@id":"https:\/\/afc.cat\/es\/galeria\/classificacio-concurs-temes-obligats-2022-2023-desembre\/#breadcrumb"},"inLanguage":"es","potentialAction":[{"@type":"ReadAction","target":["https:\/\/afc.cat\/es\/galeria\/classificacio-concurs-temes-obligats-2022-2023-desembre\/"]}]},{"@type":"ImageObject","inLanguage":"es","@id":"https:\/\/afc.cat\/es\/galeria\/classificacio-concurs-temes-obligats-2022-2023-desembre\/#primaryimage","url":"https:\/\/afc.cat\/wp-content\/uploads\/2023\/01\/TEMES-OBLIGATS-DESEMBRE-ESP.jpg","contentUrl":"https:\/\/afc.cat\/wp-content\/uploads\/2023\/01\/TEMES-OBLIGATS-DESEMBRE-ESP.jpg","width":400,"height":265},{"@type":"BreadcrumbList","@id":"https:\/\/afc.cat\/es\/galeria\/classificacio-concurs-temes-obligats-2022-2023-desembre\/#breadcrumb","itemListElement":[{"@type":"ListItem","position":1,"name":"Inicio","item":"https:\/\/afc.cat\/es\/"},{"@type":"ListItem","position":2,"name":"Portfolio","item":"https:\/\/afc.cat\/galeria\/"},{"@type":"ListItem","position":3,"name":"Classificaci\u00f3n concurso Temes Obligats 2022-2023 DICIEMBRE"}]},{"@type":"WebSite","@id":"https:\/\/afc.cat\/es\/#website","url":"https:\/\/afc.cat\/es\/","name":"Agrupaci\u00f3 Fotogr\u00e0fica de Catalunya","description":"Fomento y divulgaci\u00f3n de la fotograf\u00eda en todas sus variedades","potentialAction":[{"@type":"SearchAction","target":{"@type":"EntryPoint","urlTemplate":"https:\/\/afc.cat\/es\/?s={search_term_string}"},"query-input":{"@type":"PropertyValueSpecification","valueRequired":true,"valueName":"search_term_string"}}],"inLanguage":"es"}]}},"_links":{"self":[{"href":"https:\/\/afc.cat\/es\/wp-json\/wp\/v2\/avada_portfolio\/30364","targetHints":{"allow":["GET"]}}],"collection":[{"href":"https:\/\/afc.cat\/es\/wp-json\/wp\/v2\/avada_portfolio"}],"about":[{"href":"https:\/\/afc.cat\/es\/wp-json\/wp\/v2\/types\/avada_portfolio"}],"author":[{"embeddable":true,"href":"https:\/\/afc.cat\/es\/wp-json\/wp\/v2\/users\/33"}],"replies":[{"embeddable":true,"href":"https:\/\/afc.cat\/es\/wp-json\/wp\/v2\/comments?post=30364"}],"version-history":[{"count":4,"href":"https:\/\/afc.cat\/es\/wp-json\/wp\/v2\/avada_portfolio\/30364\/revisions"}],"predecessor-version":[{"id":30369,"href":"https:\/\/afc.cat\/es\/wp-json\/wp\/v2\/avada_portfolio\/30364\/revisions\/30369"}],"wp:featuredmedia":[{"embeddable":true,"href":"https:\/\/afc.cat\/es\/wp-json\/wp\/v2\/media\/30333"}],"wp:attachment":[{"href":"https:\/\/afc.cat\/es\/wp-json\/wp\/v2\/media?parent=30364"}],"wp:term":[{"taxonomy":"portfolio_category","embeddable":true,"href":"https:\/\/afc.cat\/es\/wp-json\/wp\/v2\/portfolio_category?post=30364"},{"taxonomy":"portfolio_skills","embeddable":true,"href":"https:\/\/afc.cat\/es\/wp-json\/wp\/v2\/portfolio_skills?post=30364"},{"taxonomy":"portfolio_tags","embeddable":true,"href":"https:\/\/afc.cat\/es\/wp-json\/wp\/v2\/portfolio_tags?post=30364"}],"curies":[{"name":"wp","href":"https:\/\/api.w.org\/{rel}","templated":true}]}}