{"id":32154,"date":"2023-04-21T20:22:57","date_gmt":"2023-04-21T18:22:57","guid":{"rendered":"https:\/\/afc.cat\/?post_type=avada_portfolio&#038;p=32154"},"modified":"2023-04-21T20:26:54","modified_gmt":"2023-04-21T18:26:54","slug":"classificacion-concurso-temes-obligats-2022-2023-marzo","status":"publish","type":"avada_portfolio","link":"https:\/\/afc.cat\/es\/galeria\/classificacion-concurso-temes-obligats-2022-2023-marzo\/","title":{"rendered":"Clasificaci\u00f3n concurso Temes Obligats 2022-2023 MARZO"},"content":{"rendered":"<div class=\"fusion-fullwidth fullwidth-box fusion-builder-row-1 fusion-flex-container nonhundred-percent-fullwidth non-hundred-percent-height-scrolling\" style=\"background-color: rgba(255,255,255,0);background-position: center center;background-repeat: no-repeat;border-width: 0px 0px 0px 0px;border-color:#ffffff;border-style:solid;\" ><div class=\"fusion-builder-row fusion-row fusion-flex-align-items-flex-start\" style=\"max-width:1300px;margin-left: calc(-4% \/ 2 );margin-right: calc(-4% \/ 2 );\"><div class=\"fusion-layout-column fusion_builder_column fusion-builder-column-0 fusion_builder_column_1_1 1_1 fusion-flex-column\"><div class=\"fusion-column-wrapper fusion-flex-justify-content-flex-start fusion-content-layout-column\" style=\"background-position:left top;background-repeat:no-repeat;-webkit-background-size:cover;-moz-background-size:cover;-o-background-size:cover;background-size:cover;padding: 0px 0px 0px 0px;\"><div class=\"fusion-text fusion-text-1\"><h2 style=\"text-align: center;\">Tema Obligat del mes de MARZO<\/h2>\n<h3 style=\"text-align: center;\">LIBROS<\/h3>\n<\/div><div class=\"fusion-text fusion-text-2\"><p>El pasado d\u00eda 14 se conoci\u00f3 la valoraci\u00f3n del jurado de las fotograf\u00edas de los socios que participaron en el concurso social de la agrupaci\u00f3n \u201d<a href=\"https:\/\/afc.cat\/concursos-socials\/\">Temas obligados<\/a>\u201d. Como ya sab\u00e9is, el tema va cambiando cada mes y el de este mes de marzo de 2023 ha estado \u201c<strong>Libros<\/strong>\u201d.<\/p>\n<p><strong>Categor\u00eda de Monocromo<\/strong><br \/>\nEste mes de marzo las fotos mejores valoradas han estado para las de <strong>Santiago Garc\u00eda\u00a0Cuadrado<\/strong>\u00a0con el t\u00edtulo \u201c<strong><em>Imprenta m\u00e1gica<\/em><\/strong>\u201d quedando en la clasificaci\u00f3n del mes de marzo en primer lugar con 115 puntos , en segundo lugar ha sido la de <strong>Albert\u00a0Ca\u00f1ellas\u00a0Xarau<\/strong>\u00a0con el t\u00edtulo \u201c<strong><em>Dec\u00e1gono, Debate entre 10 vol\u00famenes de la enciclopedia<\/em><\/strong>\u201c puntuada con 112 puntos y en tercer lugar lugar con 111 puntos ha estado para la de <strong>Josep\u00a0Suarez\u00a0Torrellas<\/strong>\u00a0con el t\u00edtulo \u201c<em><strong>Lectora ensimismada<\/strong><\/em>\u201c .<\/p>\n<p><strong>Categor\u00eda Color<\/strong><br \/>\nEn esta categor\u00eda la m\u00e1xima puntuaci\u00f3n ha estado para las fotos de <strong>Josep\u00a0Suarez\u00a0Torrellas<\/strong>\u00a0con el t\u00edtulo \u201c<em><strong>Cultura liberad<\/strong><\/em>a\u201d quedando en primer lugar con 116 puntos, en segundo lugar se ha posicionado <strong>Josep Maria\u00a0Bonjoch\u00a0Trilla<\/strong> con el t\u00edtulo \u201c<em><strong>Leer para aprender<\/strong><\/em>\u201d con 119 puntos y en tercer lugar <strong>Albert\u00a0Ca\u00f1ellas\u00a0Xarau<\/strong>\u00a0con la foto titulada \u201c<strong><em>Equilibrio literario<\/em><\/strong>\u201d con 114 puntos.<\/p>\n<p>El jurado ha sido formado por <strong>Josep\u00a0LL\u00a0Soucheiron<\/strong>, <strong>David\u00a0Escobosa\u00a0C\u00e1mara\u00a0y\u00a0Jordi\u00a0Camprubi\u00a0Berenguer<\/strong> todos ellos socios de nuestra entidad a quien agradecemos su esfuerzo y dedicaci\u00f3n por este veredicto.<\/p>\n<p>Continuamos animando a los socios y socias a participar, siempre es una bona excusa per hacer lo que m\u00e1s nos gusta, coger la c\u00e1mara y hacer\u00bbclic\u00bb.<\/p>\n<p><strong>Maxim Poncela<br \/>\n<\/strong>Vocalia de Concursos<\/p>\n<\/div><div class=\"fusion-separator fusion-full-width-sep\" style=\"align-self: center;margin-left: auto;margin-right: auto;margin-bottom:20px;width:100%;\"><div class=\"fusion-separator-border sep-single sep-solid\" style=\"border-color:#3ec0bf;border-top-width:1px;\"><\/div><\/div><div class=\"fusion-text fusion-text-3\"><p style=\"text-align: center;\"><strong>PUNTUACI\u00d3N GENERAL ACUMULADA MONOCROMO<\/strong><\/p>\n<\/div><div style=\"text-align:center;\"><style>.fusion-imageframe.imageframe-1{ margin-bottom : 5%;}<\/style><span class=\" fusion-imageframe imageframe-none imageframe-1 hover-type-zoomin\"><img decoding=\"async\" width=\"880\" height=\"1062\" title=\"Classificaci\u00f3 momocrom mar\u00e7-23\" src=\"https:\/\/afc.cat\/wp-content\/uploads\/2023\/04\/Classificacio-momocrom-marc-23.jpg\" alt class=\"img-responsive wp-image-32152\" srcset=\"https:\/\/afc.cat\/wp-content\/uploads\/2023\/04\/Classificacio-momocrom-marc-23-200x241.jpg 200w, https:\/\/afc.cat\/wp-content\/uploads\/2023\/04\/Classificacio-momocrom-marc-23-400x483.jpg 400w, https:\/\/afc.cat\/wp-content\/uploads\/2023\/04\/Classificacio-momocrom-marc-23-600x724.jpg 600w, https:\/\/afc.cat\/wp-content\/uploads\/2023\/04\/Classificacio-momocrom-marc-23-800x965.jpg 800w, https:\/\/afc.cat\/wp-content\/uploads\/2023\/04\/Classificacio-momocrom-marc-23.jpg 880w\" sizes=\"(max-width: 640px) 100vw, 880px\" \/><\/span><\/div><div class=\"fusion-text fusion-text-4\"><p style=\"text-align: center;\"><strong>Clasificaci\u00f3n monocromo de marzo 2023<\/strong><\/p>\n<\/div><style type=\"text\/css\">.fusion-gallery-1 .fusion-gallery-image {border:0px solid #e2e2e2;}<\/style><div class=\"fusion-gallery fusion-gallery-container fusion-grid-6 fusion-columns-total-29 fusion-gallery-layout-grid fusion-gallery-1\" style=\"margin:-5px;\"><div style=\"padding:5px;\" class=\"fusion-grid-column fusion-gallery-column fusion-gallery-column-6 hover-type-zoomin\"><div class=\"fusion-gallery-image\"><a href=\"https:\/\/afc.cat\/wp-content\/uploads\/2023\/04\/1-Santiago-Garcia-Cuadrado-115.jpg\" data-title=\"1 &#8211; Santiago Garc\u00eda Cuadrado &#8211; 115\" title=\"1 &#8211; Santiago Garc\u00eda Cuadrado &#8211; 115\" rel=\"noreferrer\" data-rel=\"iLightbox[gallery_image_1]\" class=\"fusion-lightbox\" target=\"_self\"><img decoding=\"async\" src=\"https:\/\/afc.cat\/wp-content\/uploads\/2023\/04\/1-Santiago-Garcia-Cuadrado-115-320x202.jpg\" width=\"320\" height=\"202\" alt=\"\" title=\"1 &#8211; Santiago Garc\u00eda Cuadrado &#8211; 115\" aria-label=\"1 &#8211; Santiago Garc\u00eda Cuadrado &#8211; 115\" class=\"img-responsive wp-image-32092 fusion-gallery-image-size-fixed\" srcset=\"https:\/\/afc.cat\/wp-content\/uploads\/2023\/04\/1-Santiago-Garcia-Cuadrado-115-320x202.jpg 320w, https:\/\/afc.cat\/wp-content\/uploads\/2023\/04\/1-Santiago-Garcia-Cuadrado-115-700x441.jpg 700w\" sizes=\"(max-width: 320px) 100vw, 320px\" \/><\/a><\/div><\/div><div style=\"padding:5px;\" class=\"fusion-grid-column fusion-gallery-column fusion-gallery-column-6 hover-type-zoomin\"><div class=\"fusion-gallery-image\"><a href=\"https:\/\/afc.cat\/wp-content\/uploads\/2023\/04\/2-Albert-Canellas-Xarau-112.jpg\" data-title=\"2 &#8211; Albert Ca\u00f1ellas Xarau &#8211; 112\" title=\"2 &#8211; Albert Ca\u00f1ellas Xarau &#8211; 112\" rel=\"noreferrer\" data-rel=\"iLightbox[gallery_image_1]\" class=\"fusion-lightbox\" target=\"_self\"><img decoding=\"async\" src=\"https:\/\/afc.cat\/wp-content\/uploads\/2023\/04\/2-Albert-Canellas-Xarau-112-320x202.jpg\" width=\"320\" height=\"202\" alt=\"\" title=\"2 &#8211; Albert Ca\u00f1ellas Xarau &#8211; 112\" aria-label=\"2 &#8211; Albert Ca\u00f1ellas Xarau &#8211; 112\" class=\"img-responsive wp-image-32094 fusion-gallery-image-size-fixed\" srcset=\"https:\/\/afc.cat\/wp-content\/uploads\/2023\/04\/2-Albert-Canellas-Xarau-112-320x202.jpg 320w, https:\/\/afc.cat\/wp-content\/uploads\/2023\/04\/2-Albert-Canellas-Xarau-112-700x441.jpg 700w\" sizes=\"(max-width: 320px) 100vw, 320px\" \/><\/a><\/div><\/div><div style=\"padding:5px;\" class=\"fusion-grid-column fusion-gallery-column fusion-gallery-column-6 hover-type-zoomin\"><div class=\"fusion-gallery-image\"><a href=\"https:\/\/afc.cat\/wp-content\/uploads\/2023\/04\/3-Josep-Suarez-Torrellas-111.jpg\" data-title=\"3 &#8211; Josep Suarez Torrellas &#8211; 111\" title=\"3 &#8211; Josep Suarez Torrellas &#8211; 111\" rel=\"noreferrer\" data-rel=\"iLightbox[gallery_image_1]\" class=\"fusion-lightbox\" target=\"_self\"><img decoding=\"async\" src=\"https:\/\/afc.cat\/wp-content\/uploads\/2023\/04\/3-Josep-Suarez-Torrellas-111-320x202.jpg\" width=\"320\" height=\"202\" alt=\"\" title=\"3 &#8211; Josep Suarez Torrellas &#8211; 111\" aria-label=\"3 &#8211; Josep Suarez Torrellas &#8211; 111\" class=\"img-responsive wp-image-32096 fusion-gallery-image-size-fixed\" srcset=\"https:\/\/afc.cat\/wp-content\/uploads\/2023\/04\/3-Josep-Suarez-Torrellas-111-320x202.jpg 320w, https:\/\/afc.cat\/wp-content\/uploads\/2023\/04\/3-Josep-Suarez-Torrellas-111-700x441.jpg 700w\" sizes=\"(max-width: 320px) 100vw, 320px\" \/><\/a><\/div><\/div><div style=\"padding:5px;\" class=\"fusion-grid-column fusion-gallery-column fusion-gallery-column-6 hover-type-zoomin\"><div class=\"fusion-gallery-image\"><a href=\"https:\/\/afc.cat\/wp-content\/uploads\/2023\/04\/4-Josep-Maria-Bonjoch-Trilla-110.jpg\" data-title=\"4 &#8211; Josep Maria Bonjoch Trilla &#8211; 110\" title=\"4 &#8211; Josep Maria Bonjoch Trilla &#8211; 110\" rel=\"noreferrer\" data-rel=\"iLightbox[gallery_image_1]\" class=\"fusion-lightbox\" target=\"_self\"><img decoding=\"async\" src=\"https:\/\/afc.cat\/wp-content\/uploads\/2023\/04\/4-Josep-Maria-Bonjoch-Trilla-110-320x202.jpg\" width=\"320\" height=\"202\" alt=\"\" title=\"4 &#8211; Josep Maria Bonjoch Trilla &#8211; 110\" aria-label=\"4 &#8211; Josep Maria Bonjoch Trilla &#8211; 110\" class=\"img-responsive wp-image-32098 fusion-gallery-image-size-fixed\" srcset=\"https:\/\/afc.cat\/wp-content\/uploads\/2023\/04\/4-Josep-Maria-Bonjoch-Trilla-110-320x202.jpg 320w, https:\/\/afc.cat\/wp-content\/uploads\/2023\/04\/4-Josep-Maria-Bonjoch-Trilla-110-700x441.jpg 700w\" sizes=\"(max-width: 320px) 100vw, 320px\" \/><\/a><\/div><\/div><div style=\"padding:5px;\" class=\"fusion-grid-column fusion-gallery-column fusion-gallery-column-6 hover-type-zoomin\"><div class=\"fusion-gallery-image\"><a href=\"https:\/\/afc.cat\/wp-content\/uploads\/2023\/04\/5-Albert-Folch-Navalon-101.jpg\" data-title=\"5 &#8211; Albert Folch Naval\u00f3n &#8211; 101\" title=\"5 &#8211; Albert Folch Naval\u00f3n &#8211; 101\" rel=\"noreferrer\" data-rel=\"iLightbox[gallery_image_1]\" class=\"fusion-lightbox\" target=\"_self\"><img decoding=\"async\" src=\"https:\/\/afc.cat\/wp-content\/uploads\/2023\/04\/5-Albert-Folch-Navalon-101-320x202.jpg\" width=\"320\" height=\"202\" alt=\"\" title=\"5 &#8211; Albert Folch Naval\u00f3n &#8211; 101\" aria-label=\"5 &#8211; Albert Folch Naval\u00f3n &#8211; 101\" class=\"img-responsive wp-image-32100 fusion-gallery-image-size-fixed\" \/><\/a><\/div><\/div><div style=\"padding:5px;\" class=\"fusion-grid-column fusion-gallery-column fusion-gallery-column-6 hover-type-zoomin\"><div class=\"fusion-gallery-image\"><a href=\"https:\/\/afc.cat\/wp-content\/uploads\/2023\/04\/6-David-Penarroya-Hernandez-99.jpg\" data-title=\"6 &#8211; David Pe\u00f1arroya Hernandez &#8211; 99\" title=\"6 &#8211; David Pe\u00f1arroya Hernandez &#8211; 99\" rel=\"noreferrer\" data-rel=\"iLightbox[gallery_image_1]\" class=\"fusion-lightbox\" target=\"_self\"><img decoding=\"async\" src=\"https:\/\/afc.cat\/wp-content\/uploads\/2023\/04\/6-David-Penarroya-Hernandez-99-320x202.jpg\" width=\"320\" height=\"202\" alt=\"\" title=\"6 &#8211; David Pe\u00f1arroya Hernandez &#8211; 99\" aria-label=\"6 &#8211; David Pe\u00f1arroya Hernandez &#8211; 99\" class=\"img-responsive wp-image-32102 fusion-gallery-image-size-fixed\" srcset=\"https:\/\/afc.cat\/wp-content\/uploads\/2023\/04\/6-David-Penarroya-Hernandez-99-320x202.jpg 320w, https:\/\/afc.cat\/wp-content\/uploads\/2023\/04\/6-David-Penarroya-Hernandez-99-700x441.jpg 700w\" sizes=\"(max-width: 320px) 100vw, 320px\" \/><\/a><\/div><\/div><div class=\"clearfix\"><\/div><div style=\"padding:5px;\" class=\"fusion-grid-column fusion-gallery-column fusion-gallery-column-6 hover-type-zoomin\"><div class=\"fusion-gallery-image\"><a href=\"https:\/\/afc.cat\/wp-content\/uploads\/2023\/04\/7-Rosa-Cristofol-Martinez-94.jpg\" data-title=\"7 &#8211; Rosa Crist\u00f2fol Mart\u00ednez &#8211; 94\" title=\"7 &#8211; Rosa Crist\u00f2fol Mart\u00ednez &#8211; 94\" rel=\"noreferrer\" data-rel=\"iLightbox[gallery_image_1]\" class=\"fusion-lightbox\" target=\"_self\"><img decoding=\"async\" src=\"https:\/\/afc.cat\/wp-content\/uploads\/2023\/04\/7-Rosa-Cristofol-Martinez-94-320x202.jpg\" width=\"320\" height=\"202\" alt=\"\" title=\"7 &#8211; Rosa Crist\u00f2fol Mart\u00ednez &#8211; 94\" aria-label=\"7 &#8211; Rosa Crist\u00f2fol Mart\u00ednez &#8211; 94\" class=\"img-responsive wp-image-32104 fusion-gallery-image-size-fixed\" srcset=\"https:\/\/afc.cat\/wp-content\/uploads\/2023\/04\/7-Rosa-Cristofol-Martinez-94-320x202.jpg 320w, https:\/\/afc.cat\/wp-content\/uploads\/2023\/04\/7-Rosa-Cristofol-Martinez-94-700x441.jpg 700w\" sizes=\"(max-width: 320px) 100vw, 320px\" \/><\/a><\/div><\/div><div style=\"padding:5px;\" class=\"fusion-grid-column fusion-gallery-column fusion-gallery-column-6 hover-type-zoomin\"><div class=\"fusion-gallery-image\"><a href=\"https:\/\/afc.cat\/wp-content\/uploads\/2023\/04\/8-Francesca-Portoles-Braso-93.jpg\" data-title=\"8 &#8211; Francesca Portol\u00e9s Bras\u00f3 &#8211; 93\" title=\"8 &#8211; Francesca Portol\u00e9s Bras\u00f3 &#8211; 93\" rel=\"noreferrer\" data-rel=\"iLightbox[gallery_image_1]\" class=\"fusion-lightbox\" target=\"_self\"><img decoding=\"async\" src=\"https:\/\/afc.cat\/wp-content\/uploads\/2023\/04\/8-Francesca-Portoles-Braso-93-320x202.jpg\" width=\"320\" height=\"202\" alt=\"\" title=\"8 &#8211; Francesca Portol\u00e9s Bras\u00f3 &#8211; 93\" aria-label=\"8 &#8211; Francesca Portol\u00e9s Bras\u00f3 &#8211; 93\" class=\"img-responsive wp-image-32106 fusion-gallery-image-size-fixed\" srcset=\"https:\/\/afc.cat\/wp-content\/uploads\/2023\/04\/8-Francesca-Portoles-Braso-93-320x202.jpg 320w, https:\/\/afc.cat\/wp-content\/uploads\/2023\/04\/8-Francesca-Portoles-Braso-93-700x441.jpg 700w\" sizes=\"(max-width: 320px) 100vw, 320px\" \/><\/a><\/div><\/div><div style=\"padding:5px;\" class=\"fusion-grid-column fusion-gallery-column fusion-gallery-column-6 hover-type-zoomin\"><div class=\"fusion-gallery-image\"><a href=\"https:\/\/afc.cat\/wp-content\/uploads\/2023\/04\/9-Joan-Rue-Domingo-93.jpg\" data-title=\"9 &#8211; Joan Ru\u00e9 Domingo &#8211; 93\" title=\"9 &#8211; Joan Ru\u00e9 Domingo &#8211; 93\" rel=\"noreferrer\" data-rel=\"iLightbox[gallery_image_1]\" class=\"fusion-lightbox\" target=\"_self\"><img decoding=\"async\" src=\"https:\/\/afc.cat\/wp-content\/uploads\/2023\/04\/9-Joan-Rue-Domingo-93-320x202.jpg\" width=\"320\" height=\"202\" alt=\"\" title=\"9 &#8211; Joan Ru\u00e9 Domingo &#8211; 93\" aria-label=\"9 &#8211; Joan Ru\u00e9 Domingo &#8211; 93\" class=\"img-responsive wp-image-32108 fusion-gallery-image-size-fixed\" \/><\/a><\/div><\/div><div style=\"padding:5px;\" class=\"fusion-grid-column fusion-gallery-column fusion-gallery-column-6 hover-type-zoomin\"><div class=\"fusion-gallery-image\"><a href=\"https:\/\/afc.cat\/wp-content\/uploads\/2023\/04\/10-Adolfo-Garcia-Bastard-93.jpg\" data-title=\"10 &#8211; Adolfo Garcia Bastard &#8211; 93\" title=\"10 &#8211; Adolfo Garcia Bastard &#8211; 93\" rel=\"noreferrer\" data-rel=\"iLightbox[gallery_image_1]\" class=\"fusion-lightbox\" target=\"_self\"><img decoding=\"async\" src=\"https:\/\/afc.cat\/wp-content\/uploads\/2023\/04\/10-Adolfo-Garcia-Bastard-93-320x202.jpg\" width=\"320\" height=\"202\" alt=\"\" title=\"10 &#8211; Adolfo Garcia Bastard &#8211; 93\" aria-label=\"10 &#8211; Adolfo Garcia Bastard &#8211; 93\" class=\"img-responsive wp-image-32110 fusion-gallery-image-size-fixed\" srcset=\"https:\/\/afc.cat\/wp-content\/uploads\/2023\/04\/10-Adolfo-Garcia-Bastard-93-320x202.jpg 320w, https:\/\/afc.cat\/wp-content\/uploads\/2023\/04\/10-Adolfo-Garcia-Bastard-93-700x441.jpg 700w\" sizes=\"(max-width: 320px) 100vw, 320px\" \/><\/a><\/div><\/div><div style=\"padding:5px;\" class=\"fusion-grid-column fusion-gallery-column fusion-gallery-column-6 hover-type-zoomin\"><div class=\"fusion-gallery-image\"><a href=\"https:\/\/afc.cat\/wp-content\/uploads\/2023\/04\/11-Joan-Soldevila-Adan-93.jpg\" data-title=\"11 &#8211; Joan Soldevila Ad\u00e1n &#8211; 93\" title=\"11 &#8211; Joan Soldevila Ad\u00e1n &#8211; 93\" rel=\"noreferrer\" data-rel=\"iLightbox[gallery_image_1]\" class=\"fusion-lightbox\" target=\"_self\"><img decoding=\"async\" src=\"https:\/\/afc.cat\/wp-content\/uploads\/2023\/04\/11-Joan-Soldevila-Adan-93-320x202.jpg\" width=\"320\" height=\"202\" alt=\"\" title=\"11 &#8211; Joan Soldevila Ad\u00e1n &#8211; 93\" aria-label=\"11 &#8211; Joan Soldevila Ad\u00e1n &#8211; 93\" class=\"img-responsive wp-image-32112 fusion-gallery-image-size-fixed\" srcset=\"https:\/\/afc.cat\/wp-content\/uploads\/2023\/04\/11-Joan-Soldevila-Adan-93-320x202.jpg 320w, https:\/\/afc.cat\/wp-content\/uploads\/2023\/04\/11-Joan-Soldevila-Adan-93-700x441.jpg 700w\" sizes=\"(max-width: 320px) 100vw, 320px\" \/><\/a><\/div><\/div><div style=\"padding:5px;\" class=\"fusion-grid-column fusion-gallery-column fusion-gallery-column-6 hover-type-zoomin\"><div class=\"fusion-gallery-image\"><a href=\"https:\/\/afc.cat\/wp-content\/uploads\/2023\/04\/12-Sara-Assens-Mampel-92.jpg\" data-title=\"12 &#8211; Sara Assens Mampel &#8211; 92\" title=\"12 &#8211; Sara Assens Mampel &#8211; 92\" rel=\"noreferrer\" data-rel=\"iLightbox[gallery_image_1]\" class=\"fusion-lightbox\" target=\"_self\"><img decoding=\"async\" src=\"https:\/\/afc.cat\/wp-content\/uploads\/2023\/04\/12-Sara-Assens-Mampel-92-320x202.jpg\" width=\"320\" height=\"202\" alt=\"\" title=\"12 &#8211; Sara Assens Mampel &#8211; 92\" aria-label=\"12 &#8211; Sara Assens Mampel &#8211; 92\" class=\"img-responsive wp-image-32114 fusion-gallery-image-size-fixed\" srcset=\"https:\/\/afc.cat\/wp-content\/uploads\/2023\/04\/12-Sara-Assens-Mampel-92-320x202.jpg 320w, https:\/\/afc.cat\/wp-content\/uploads\/2023\/04\/12-Sara-Assens-Mampel-92-700x441.jpg 700w\" sizes=\"(max-width: 320px) 100vw, 320px\" \/><\/a><\/div><\/div><div class=\"clearfix\"><\/div><div style=\"padding:5px;\" class=\"fusion-grid-column fusion-gallery-column fusion-gallery-column-6 hover-type-zoomin\"><div class=\"fusion-gallery-image\"><a href=\"https:\/\/afc.cat\/wp-content\/uploads\/2023\/04\/13-Damia-Tous-Vazquez-91.jpg\" data-title=\"13 &#8211; Damia Tous Vazquez &#8211; 91\" title=\"13 &#8211; Damia Tous Vazquez &#8211; 91\" rel=\"noreferrer\" data-rel=\"iLightbox[gallery_image_1]\" class=\"fusion-lightbox\" target=\"_self\"><img decoding=\"async\" src=\"https:\/\/afc.cat\/wp-content\/uploads\/2023\/04\/13-Damia-Tous-Vazquez-91-320x202.jpg\" width=\"320\" height=\"202\" alt=\"\" title=\"13 &#8211; Damia Tous Vazquez &#8211; 91\" aria-label=\"13 &#8211; Damia Tous Vazquez &#8211; 91\" class=\"img-responsive wp-image-32116 fusion-gallery-image-size-fixed\" srcset=\"https:\/\/afc.cat\/wp-content\/uploads\/2023\/04\/13-Damia-Tous-Vazquez-91-320x202.jpg 320w, https:\/\/afc.cat\/wp-content\/uploads\/2023\/04\/13-Damia-Tous-Vazquez-91-700x441.jpg 700w\" sizes=\"(max-width: 320px) 100vw, 320px\" \/><\/a><\/div><\/div><div style=\"padding:5px;\" class=\"fusion-grid-column fusion-gallery-column fusion-gallery-column-6 hover-type-zoomin\"><div class=\"fusion-gallery-image\"><a href=\"https:\/\/afc.cat\/wp-content\/uploads\/2023\/04\/14-Francisco-Olmos-Cubero-89.jpg\" data-title=\"14 &#8211; Francisco Olmos Cubero &#8211; 89\" title=\"14 &#8211; Francisco Olmos Cubero &#8211; 89\" rel=\"noreferrer\" data-rel=\"iLightbox[gallery_image_1]\" class=\"fusion-lightbox\" target=\"_self\"><img decoding=\"async\" src=\"https:\/\/afc.cat\/wp-content\/uploads\/2023\/04\/14-Francisco-Olmos-Cubero-89-320x202.jpg\" width=\"320\" height=\"202\" alt=\"\" title=\"14 &#8211; Francisco Olmos Cubero &#8211; 89\" aria-label=\"14 &#8211; Francisco Olmos Cubero &#8211; 89\" class=\"img-responsive wp-image-32118 fusion-gallery-image-size-fixed\" srcset=\"https:\/\/afc.cat\/wp-content\/uploads\/2023\/04\/14-Francisco-Olmos-Cubero-89-320x202.jpg 320w, https:\/\/afc.cat\/wp-content\/uploads\/2023\/04\/14-Francisco-Olmos-Cubero-89-700x441.jpg 700w\" sizes=\"(max-width: 320px) 100vw, 320px\" \/><\/a><\/div><\/div><div style=\"padding:5px;\" class=\"fusion-grid-column fusion-gallery-column fusion-gallery-column-6 hover-type-zoomin\"><div class=\"fusion-gallery-image\"><a href=\"https:\/\/afc.cat\/wp-content\/uploads\/2023\/04\/15-Lluis-Porcel-Gimenez-87.jpg\" data-title=\"15 &#8211; Llu\u00eds Porcel Gim\u00e9nez &#8211; 87\" title=\"15 &#8211; Llu\u00eds Porcel Gim\u00e9nez &#8211; 87\" rel=\"noreferrer\" data-rel=\"iLightbox[gallery_image_1]\" class=\"fusion-lightbox\" target=\"_self\"><img decoding=\"async\" src=\"https:\/\/afc.cat\/wp-content\/uploads\/2023\/04\/15-Lluis-Porcel-Gimenez-87-320x202.jpg\" width=\"320\" height=\"202\" alt=\"\" title=\"15 &#8211; Llu\u00eds Porcel Gim\u00e9nez &#8211; 87\" aria-label=\"15 &#8211; Llu\u00eds Porcel Gim\u00e9nez &#8211; 87\" class=\"img-responsive wp-image-32120 fusion-gallery-image-size-fixed\" srcset=\"https:\/\/afc.cat\/wp-content\/uploads\/2023\/04\/15-Lluis-Porcel-Gimenez-87-320x202.jpg 320w, https:\/\/afc.cat\/wp-content\/uploads\/2023\/04\/15-Lluis-Porcel-Gimenez-87-700x441.jpg 700w\" sizes=\"(max-width: 320px) 100vw, 320px\" \/><\/a><\/div><\/div><div style=\"padding:5px;\" class=\"fusion-grid-column fusion-gallery-column fusion-gallery-column-6 hover-type-zoomin\"><div class=\"fusion-gallery-image\"><a href=\"https:\/\/afc.cat\/wp-content\/uploads\/2023\/04\/16-Josep-Braojos-Morales-86.jpg\" data-title=\"16 &#8211; Josep Braojos Morales &#8211; 86\" title=\"16 &#8211; Josep Braojos Morales &#8211; 86\" rel=\"noreferrer\" data-rel=\"iLightbox[gallery_image_1]\" class=\"fusion-lightbox\" target=\"_self\"><img decoding=\"async\" src=\"https:\/\/afc.cat\/wp-content\/uploads\/2023\/04\/16-Josep-Braojos-Morales-86-320x202.jpg\" width=\"320\" height=\"202\" alt=\"\" title=\"16 &#8211; Josep Braojos Morales &#8211; 86\" aria-label=\"16 &#8211; Josep Braojos Morales &#8211; 86\" class=\"img-responsive wp-image-32122 fusion-gallery-image-size-fixed\" srcset=\"https:\/\/afc.cat\/wp-content\/uploads\/2023\/04\/16-Josep-Braojos-Morales-86-320x202.jpg 320w, https:\/\/afc.cat\/wp-content\/uploads\/2023\/04\/16-Josep-Braojos-Morales-86-700x441.jpg 700w\" sizes=\"(max-width: 320px) 100vw, 320px\" \/><\/a><\/div><\/div><div style=\"padding:5px;\" class=\"fusion-grid-column fusion-gallery-column fusion-gallery-column-6 hover-type-zoomin\"><div class=\"fusion-gallery-image\"><a href=\"https:\/\/afc.cat\/wp-content\/uploads\/2023\/04\/17-Josep-Soler-Vendrell-86.jpg\" data-title=\"17 &#8211; Josep Soler Vendrell &#8211; 86\" title=\"17 &#8211; Josep Soler Vendrell &#8211; 86\" rel=\"noreferrer\" data-rel=\"iLightbox[gallery_image_1]\" class=\"fusion-lightbox\" target=\"_self\"><img decoding=\"async\" src=\"https:\/\/afc.cat\/wp-content\/uploads\/2023\/04\/17-Josep-Soler-Vendrell-86-320x202.jpg\" width=\"320\" height=\"202\" alt=\"\" title=\"17 &#8211; Josep Soler Vendrell &#8211; 86\" aria-label=\"17 &#8211; Josep Soler Vendrell &#8211; 86\" class=\"img-responsive wp-image-32124 fusion-gallery-image-size-fixed\" srcset=\"https:\/\/afc.cat\/wp-content\/uploads\/2023\/04\/17-Josep-Soler-Vendrell-86-320x202.jpg 320w, https:\/\/afc.cat\/wp-content\/uploads\/2023\/04\/17-Josep-Soler-Vendrell-86-700x441.jpg 700w\" sizes=\"(max-width: 320px) 100vw, 320px\" \/><\/a><\/div><\/div><div style=\"padding:5px;\" class=\"fusion-grid-column fusion-gallery-column fusion-gallery-column-6 hover-type-zoomin\"><div class=\"fusion-gallery-image\"><a href=\"https:\/\/afc.cat\/wp-content\/uploads\/2023\/04\/18-Teresa-Tejero-Lopez-85.jpg\" data-title=\"18 &#8211; Teresa Tejero opez &#8211; 85\" title=\"18 &#8211; Teresa Tejero opez &#8211; 85\" rel=\"noreferrer\" data-rel=\"iLightbox[gallery_image_1]\" class=\"fusion-lightbox\" target=\"_self\"><img decoding=\"async\" src=\"https:\/\/afc.cat\/wp-content\/uploads\/2023\/04\/18-Teresa-Tejero-Lopez-85-320x202.jpg\" width=\"320\" height=\"202\" alt=\"\" title=\"18 &#8211; Teresa Tejero opez &#8211; 85\" aria-label=\"18 &#8211; Teresa Tejero opez &#8211; 85\" class=\"img-responsive wp-image-32126 fusion-gallery-image-size-fixed\" srcset=\"https:\/\/afc.cat\/wp-content\/uploads\/2023\/04\/18-Teresa-Tejero-Lopez-85-320x202.jpg 320w, https:\/\/afc.cat\/wp-content\/uploads\/2023\/04\/18-Teresa-Tejero-Lopez-85-700x441.jpg 700w\" sizes=\"(max-width: 320px) 100vw, 320px\" \/><\/a><\/div><\/div><div class=\"clearfix\"><\/div><div style=\"padding:5px;\" class=\"fusion-grid-column fusion-gallery-column fusion-gallery-column-6 hover-type-zoomin\"><div class=\"fusion-gallery-image\"><a href=\"https:\/\/afc.cat\/wp-content\/uploads\/2023\/04\/19-Roman-Gausa-Rull-84.jpeg\" data-title=\"19 &#8211; Rom\u00e1n Gausa Rull &#8211; 84\" title=\"19 &#8211; Rom\u00e1n Gausa Rull &#8211; 84\" rel=\"noreferrer\" data-rel=\"iLightbox[gallery_image_1]\" class=\"fusion-lightbox\" target=\"_self\"><img decoding=\"async\" src=\"https:\/\/afc.cat\/wp-content\/uploads\/2023\/04\/19-Roman-Gausa-Rull-84-320x202.jpeg\" width=\"320\" height=\"202\" alt=\"\" title=\"19 &#8211; Rom\u00e1n Gausa Rull &#8211; 84\" aria-label=\"19 &#8211; Rom\u00e1n Gausa Rull &#8211; 84\" class=\"img-responsive wp-image-32128 fusion-gallery-image-size-fixed\" \/><\/a><\/div><\/div><div style=\"padding:5px;\" class=\"fusion-grid-column fusion-gallery-column fusion-gallery-column-6 hover-type-zoomin\"><div class=\"fusion-gallery-image\"><a href=\"https:\/\/afc.cat\/wp-content\/uploads\/2023\/04\/20-Carmen-Casademont-Ribot-84.jpg\" data-title=\"20 &#8211; Carmen Casademont Ribot &#8211; 84\" title=\"20 &#8211; Carmen Casademont Ribot &#8211; 84\" rel=\"noreferrer\" data-rel=\"iLightbox[gallery_image_1]\" class=\"fusion-lightbox\" target=\"_self\"><img decoding=\"async\" src=\"https:\/\/afc.cat\/wp-content\/uploads\/2023\/04\/20-Carmen-Casademont-Ribot-84-320x202.jpg\" width=\"320\" height=\"202\" alt=\"\" title=\"20 &#8211; Carmen Casademont Ribot &#8211; 84\" aria-label=\"20 &#8211; Carmen Casademont Ribot &#8211; 84\" class=\"img-responsive wp-image-32130 fusion-gallery-image-size-fixed\" \/><\/a><\/div><\/div><div style=\"padding:5px;\" class=\"fusion-grid-column fusion-gallery-column fusion-gallery-column-6 hover-type-zoomin\"><div class=\"fusion-gallery-image\"><a href=\"https:\/\/afc.cat\/wp-content\/uploads\/2023\/04\/21-Carme-Mur-Calvo-83.jpg\" data-title=\"21 &#8211; Carme Mur Calv\u00f3 &#8211; 83\" title=\"21 &#8211; Carme Mur Calv\u00f3 &#8211; 83\" rel=\"noreferrer\" data-rel=\"iLightbox[gallery_image_1]\" class=\"fusion-lightbox\" target=\"_self\"><img decoding=\"async\" src=\"https:\/\/afc.cat\/wp-content\/uploads\/2023\/04\/21-Carme-Mur-Calvo-83-320x202.jpg\" width=\"320\" height=\"202\" alt=\"\" title=\"21 &#8211; Carme Mur Calv\u00f3 &#8211; 83\" aria-label=\"21 &#8211; Carme Mur Calv\u00f3 &#8211; 83\" class=\"img-responsive wp-image-32132 fusion-gallery-image-size-fixed\" \/><\/a><\/div><\/div><div style=\"padding:5px;\" class=\"fusion-grid-column fusion-gallery-column fusion-gallery-column-6 hover-type-zoomin\"><div class=\"fusion-gallery-image\"><a href=\"https:\/\/afc.cat\/wp-content\/uploads\/2023\/04\/22-Jordi-Batet-i-Escobedo-83.jpg\" data-title=\"22 &#8211; Jordi Batet i Escobedo &#8211; 83\" title=\"22 &#8211; Jordi Batet i Escobedo &#8211; 83\" rel=\"noreferrer\" data-rel=\"iLightbox[gallery_image_1]\" class=\"fusion-lightbox\" target=\"_self\"><img decoding=\"async\" src=\"https:\/\/afc.cat\/wp-content\/uploads\/2023\/04\/22-Jordi-Batet-i-Escobedo-83-320x202.jpg\" width=\"320\" height=\"202\" alt=\"\" title=\"22 &#8211; Jordi Batet i Escobedo &#8211; 83\" aria-label=\"22 &#8211; Jordi Batet i Escobedo &#8211; 83\" class=\"img-responsive wp-image-32134 fusion-gallery-image-size-fixed\" srcset=\"https:\/\/afc.cat\/wp-content\/uploads\/2023\/04\/22-Jordi-Batet-i-Escobedo-83-320x202.jpg 320w, https:\/\/afc.cat\/wp-content\/uploads\/2023\/04\/22-Jordi-Batet-i-Escobedo-83-700x441.jpg 700w\" sizes=\"(max-width: 320px) 100vw, 320px\" \/><\/a><\/div><\/div><div style=\"padding:5px;\" class=\"fusion-grid-column fusion-gallery-column fusion-gallery-column-6 hover-type-zoomin\"><div class=\"fusion-gallery-image\"><a href=\"https:\/\/afc.cat\/wp-content\/uploads\/2023\/04\/23-Ana-M.-Gallego-Lozano-82.jpg\" data-title=\"23 &#8211; Ana M. Gallego Lozano &#8211; 82\" title=\"23 &#8211; Ana M. Gallego Lozano &#8211; 82\" rel=\"noreferrer\" data-rel=\"iLightbox[gallery_image_1]\" class=\"fusion-lightbox\" target=\"_self\"><img decoding=\"async\" src=\"https:\/\/afc.cat\/wp-content\/uploads\/2023\/04\/23-Ana-M.-Gallego-Lozano-82-320x202.jpg\" width=\"320\" height=\"202\" alt=\"\" title=\"23 &#8211; Ana M. Gallego Lozano &#8211; 82\" aria-label=\"23 &#8211; Ana M. Gallego Lozano &#8211; 82\" class=\"img-responsive wp-image-32136 fusion-gallery-image-size-fixed\" srcset=\"https:\/\/afc.cat\/wp-content\/uploads\/2023\/04\/23-Ana-M.-Gallego-Lozano-82-320x202.jpg 320w, https:\/\/afc.cat\/wp-content\/uploads\/2023\/04\/23-Ana-M.-Gallego-Lozano-82-700x441.jpg 700w\" sizes=\"(max-width: 320px) 100vw, 320px\" \/><\/a><\/div><\/div><div style=\"padding:5px;\" class=\"fusion-grid-column fusion-gallery-column fusion-gallery-column-6 hover-type-zoomin\"><div class=\"fusion-gallery-image\"><a href=\"https:\/\/afc.cat\/wp-content\/uploads\/2023\/04\/24-Elena-Sanchez-Vizcaino-Mengual-81.jpg\" data-title=\"24 &#8211; Elena Sanchez Vizcaino Mengual &#8211; 81\" title=\"24 &#8211; Elena Sanchez Vizcaino Mengual &#8211; 81\" rel=\"noreferrer\" data-rel=\"iLightbox[gallery_image_1]\" class=\"fusion-lightbox\" target=\"_self\"><img decoding=\"async\" src=\"https:\/\/afc.cat\/wp-content\/uploads\/2023\/04\/24-Elena-Sanchez-Vizcaino-Mengual-81-320x202.jpg\" width=\"320\" height=\"202\" alt=\"\" title=\"24 &#8211; Elena Sanchez Vizcaino Mengual &#8211; 81\" aria-label=\"24 &#8211; Elena Sanchez Vizcaino Mengual &#8211; 81\" class=\"img-responsive wp-image-32138 fusion-gallery-image-size-fixed\" srcset=\"https:\/\/afc.cat\/wp-content\/uploads\/2023\/04\/24-Elena-Sanchez-Vizcaino-Mengual-81-320x202.jpg 320w, https:\/\/afc.cat\/wp-content\/uploads\/2023\/04\/24-Elena-Sanchez-Vizcaino-Mengual-81-700x441.jpg 700w\" sizes=\"(max-width: 320px) 100vw, 320px\" \/><\/a><\/div><\/div><div class=\"clearfix\"><\/div><div style=\"padding:5px;\" class=\"fusion-grid-column fusion-gallery-column fusion-gallery-column-6 hover-type-zoomin\"><div class=\"fusion-gallery-image\"><a href=\"https:\/\/afc.cat\/wp-content\/uploads\/2023\/04\/25-Jaume-Estrada-Martras-79.jpg\" data-title=\"25 &#8211; Jaume Estrada Martras &#8211; 79\" title=\"25 &#8211; Jaume Estrada Martras &#8211; 79\" rel=\"noreferrer\" data-rel=\"iLightbox[gallery_image_1]\" class=\"fusion-lightbox\" target=\"_self\"><img decoding=\"async\" src=\"https:\/\/afc.cat\/wp-content\/uploads\/2023\/04\/25-Jaume-Estrada-Martras-79-320x202.jpg\" width=\"320\" height=\"202\" alt=\"\" title=\"25 &#8211; Jaume Estrada Martras &#8211; 79\" aria-label=\"25 &#8211; Jaume Estrada Martras &#8211; 79\" class=\"img-responsive wp-image-32140 fusion-gallery-image-size-fixed\" \/><\/a><\/div><\/div><div style=\"padding:5px;\" class=\"fusion-grid-column fusion-gallery-column fusion-gallery-column-6 hover-type-zoomin\"><div class=\"fusion-gallery-image\"><a href=\"https:\/\/afc.cat\/wp-content\/uploads\/2023\/04\/26-CARLES-LASTRA-ANTONELL-75.jpg\" data-title=\"26 &#8211; CARLES LASTRA ANTONELL &#8211; 75\" title=\"26 &#8211; CARLES LASTRA ANTONELL &#8211; 75\" rel=\"noreferrer\" data-rel=\"iLightbox[gallery_image_1]\" class=\"fusion-lightbox\" target=\"_self\"><img decoding=\"async\" src=\"https:\/\/afc.cat\/wp-content\/uploads\/2023\/04\/26-CARLES-LASTRA-ANTONELL-75-320x202.jpg\" width=\"320\" height=\"202\" alt=\"\" title=\"26 &#8211; CARLES LASTRA ANTONELL &#8211; 75\" aria-label=\"26 &#8211; CARLES LASTRA ANTONELL &#8211; 75\" class=\"img-responsive wp-image-32142 fusion-gallery-image-size-fixed\" srcset=\"https:\/\/afc.cat\/wp-content\/uploads\/2023\/04\/26-CARLES-LASTRA-ANTONELL-75-320x202.jpg 320w, https:\/\/afc.cat\/wp-content\/uploads\/2023\/04\/26-CARLES-LASTRA-ANTONELL-75-700x441.jpg 700w\" sizes=\"(max-width: 320px) 100vw, 320px\" \/><\/a><\/div><\/div><div style=\"padding:5px;\" class=\"fusion-grid-column fusion-gallery-column fusion-gallery-column-6 hover-type-zoomin\"><div class=\"fusion-gallery-image\"><a href=\"https:\/\/afc.cat\/wp-content\/uploads\/2023\/04\/27-Pep-Vinyals-75.jpg\" data-title=\"27 &#8211; Pep Vinyals &#8211; 75\" title=\"27 &#8211; Pep Vinyals &#8211; 75\" rel=\"noreferrer\" data-rel=\"iLightbox[gallery_image_1]\" class=\"fusion-lightbox\" target=\"_self\"><img decoding=\"async\" src=\"https:\/\/afc.cat\/wp-content\/uploads\/2023\/04\/27-Pep-Vinyals-75-320x202.jpg\" width=\"320\" height=\"202\" alt=\"\" title=\"27 &#8211; Pep Vinyals &#8211; 75\" aria-label=\"27 &#8211; Pep Vinyals &#8211; 75\" class=\"img-responsive wp-image-32144 fusion-gallery-image-size-fixed\" srcset=\"https:\/\/afc.cat\/wp-content\/uploads\/2023\/04\/27-Pep-Vinyals-75-320x202.jpg 320w, https:\/\/afc.cat\/wp-content\/uploads\/2023\/04\/27-Pep-Vinyals-75-700x441.jpg 700w\" sizes=\"(max-width: 320px) 100vw, 320px\" \/><\/a><\/div><\/div><div style=\"padding:5px;\" class=\"fusion-grid-column fusion-gallery-column fusion-gallery-column-6 hover-type-zoomin\"><div class=\"fusion-gallery-image\"><a href=\"https:\/\/afc.cat\/wp-content\/uploads\/2023\/04\/28-Angel-Colado-Palacios-70.jpg\" data-title=\"28 &#8211; \u00c1ngel Colado Palacios &#8211; 70\" title=\"28 &#8211; \u00c1ngel Colado Palacios &#8211; 70\" rel=\"noreferrer\" data-rel=\"iLightbox[gallery_image_1]\" class=\"fusion-lightbox\" target=\"_self\"><img decoding=\"async\" src=\"https:\/\/afc.cat\/wp-content\/uploads\/2023\/04\/28-Angel-Colado-Palacios-70-320x202.jpg\" width=\"320\" height=\"202\" alt=\"\" title=\"28 &#8211; \u00c1ngel Colado Palacios &#8211; 70\" aria-label=\"28 &#8211; \u00c1ngel Colado Palacios &#8211; 70\" class=\"img-responsive wp-image-32146 fusion-gallery-image-size-fixed\" srcset=\"https:\/\/afc.cat\/wp-content\/uploads\/2023\/04\/28-Angel-Colado-Palacios-70-320x202.jpg 320w, https:\/\/afc.cat\/wp-content\/uploads\/2023\/04\/28-Angel-Colado-Palacios-70-700x441.jpg 700w\" sizes=\"(max-width: 320px) 100vw, 320px\" \/><\/a><\/div><\/div><div style=\"padding:5px;\" class=\"fusion-grid-column fusion-gallery-column fusion-gallery-column-6 hover-type-zoomin\"><div class=\"fusion-gallery-image\"><a href=\"https:\/\/afc.cat\/wp-content\/uploads\/2023\/04\/29-PERE-GRAUPERA-LANGA-49.jpg\" data-title=\"29 &#8211; PERE GRAUPERA LANGA &#8211; 49\" title=\"29 &#8211; PERE GRAUPERA LANGA &#8211; 49\" rel=\"noreferrer\" data-rel=\"iLightbox[gallery_image_1]\" class=\"fusion-lightbox\" target=\"_self\"><img decoding=\"async\" src=\"https:\/\/afc.cat\/wp-content\/uploads\/2023\/04\/29-PERE-GRAUPERA-LANGA-49-320x202.jpg\" width=\"320\" height=\"202\" alt=\"\" title=\"29 &#8211; PERE GRAUPERA LANGA &#8211; 49\" aria-label=\"29 &#8211; PERE GRAUPERA LANGA &#8211; 49\" class=\"img-responsive wp-image-32148 fusion-gallery-image-size-fixed\" srcset=\"https:\/\/afc.cat\/wp-content\/uploads\/2023\/04\/29-PERE-GRAUPERA-LANGA-49-320x202.jpg 320w, https:\/\/afc.cat\/wp-content\/uploads\/2023\/04\/29-PERE-GRAUPERA-LANGA-49-700x441.jpg 700w\" sizes=\"(max-width: 320px) 100vw, 320px\" \/><\/a><\/div><\/div><\/div><div class=\"fusion-separator fusion-full-width-sep\" style=\"align-self: center;margin-left: auto;margin-right: auto;margin-top:20px;margin-bottom:20px;width:100%;\"><div class=\"fusion-separator-border sep-single sep-solid\" style=\"border-color:#3ec0bf;border-top-width:1px;\"><\/div><\/div><div class=\"fusion-text fusion-text-5\"><p style=\"text-align: center;\"><strong>PUNTUACI\u00d3 GENERAL ACUMULADA COLOR<\/strong><\/p>\n<\/div><div style=\"text-align:center;\"><style>.fusion-imageframe.imageframe-2{ margin-bottom : 5%;}<\/style><span class=\" fusion-imageframe imageframe-none imageframe-2 hover-type-zoomin\"><img decoding=\"async\" width=\"890\" height=\"1118\" title=\"Classificaci\u00f3 color mar\u00e7-23\" src=\"https:\/\/afc.cat\/wp-content\/uploads\/2023\/04\/Classificacio-color-marc-23-1.jpg\" alt class=\"img-responsive wp-image-32158\" srcset=\"https:\/\/afc.cat\/wp-content\/uploads\/2023\/04\/Classificacio-color-marc-23-1-200x251.jpg 200w, https:\/\/afc.cat\/wp-content\/uploads\/2023\/04\/Classificacio-color-marc-23-1-400x502.jpg 400w, https:\/\/afc.cat\/wp-content\/uploads\/2023\/04\/Classificacio-color-marc-23-1-600x754.jpg 600w, https:\/\/afc.cat\/wp-content\/uploads\/2023\/04\/Classificacio-color-marc-23-1-800x1005.jpg 800w, https:\/\/afc.cat\/wp-content\/uploads\/2023\/04\/Classificacio-color-marc-23-1.jpg 890w\" sizes=\"(max-width: 640px) 100vw, 890px\" \/><\/span><\/div><div class=\"fusion-text fusion-text-6\"><p style=\"text-align: center;\"><strong>Clasificaci\u00f3n color de marzo 2023<\/strong><\/p>\n<\/div><style type=\"text\/css\">.fusion-gallery-2 .fusion-gallery-image {border:0px solid #e2e2e2;}<\/style><div class=\"fusion-gallery fusion-gallery-container fusion-grid-6 fusion-columns-total-29 fusion-gallery-layout-grid fusion-gallery-2\" style=\"margin:-5px;\"><div style=\"padding:5px;\" class=\"fusion-grid-column fusion-gallery-column fusion-gallery-column-6 hover-type-zoomin\"><div class=\"fusion-gallery-image\"><a href=\"https:\/\/afc.cat\/wp-content\/uploads\/2023\/04\/1-Josep-Suarez-Torrellas-119.jpg\" data-title=\"1 &#8211; Josep Suarez Torrellas &#8211; 119\" title=\"1 &#8211; Josep Suarez Torrellas &#8211; 119\" rel=\"noreferrer\" data-rel=\"iLightbox[gallery_image_2]\" class=\"fusion-lightbox\" target=\"_self\"><img decoding=\"async\" src=\"https:\/\/afc.cat\/wp-content\/uploads\/2023\/04\/1-Josep-Suarez-Torrellas-119-320x202.jpg\" width=\"320\" height=\"202\" alt=\"\" title=\"1 &#8211; Josep Suarez Torrellas &#8211; 119\" aria-label=\"1 &#8211; Josep Suarez Torrellas &#8211; 119\" class=\"img-responsive wp-image-32034 fusion-gallery-image-size-fixed\" srcset=\"https:\/\/afc.cat\/wp-content\/uploads\/2023\/04\/1-Josep-Suarez-Torrellas-119-320x202.jpg 320w, https:\/\/afc.cat\/wp-content\/uploads\/2023\/04\/1-Josep-Suarez-Torrellas-119-700x441.jpg 700w\" sizes=\"(max-width: 320px) 100vw, 320px\" \/><\/a><\/div><\/div><div class=\"clearfix\"><\/div><div style=\"padding:5px;\" class=\"fusion-grid-column fusion-gallery-column fusion-gallery-column-6 hover-type-zoomin\"><div class=\"fusion-gallery-image\"><a href=\"https:\/\/afc.cat\/wp-content\/uploads\/2023\/04\/2-Josep-Maria-Bonjoch-Trilla-116.jpg\" data-title=\"2 &#8211; Josep Maria Bonjoch Trilla &#8211; 116\" title=\"2 &#8211; Josep Maria Bonjoch Trilla &#8211; 116\" rel=\"noreferrer\" data-rel=\"iLightbox[gallery_image_2]\" class=\"fusion-lightbox\" target=\"_self\"><img decoding=\"async\" src=\"https:\/\/afc.cat\/wp-content\/uploads\/2023\/04\/2-Josep-Maria-Bonjoch-Trilla-116-320x202.jpg\" width=\"320\" height=\"202\" alt=\"\" title=\"2 &#8211; Josep Maria Bonjoch Trilla &#8211; 116\" aria-label=\"2 &#8211; Josep Maria Bonjoch Trilla &#8211; 116\" class=\"img-responsive wp-image-32036 fusion-gallery-image-size-fixed\" srcset=\"https:\/\/afc.cat\/wp-content\/uploads\/2023\/04\/2-Josep-Maria-Bonjoch-Trilla-116-320x202.jpg 320w, https:\/\/afc.cat\/wp-content\/uploads\/2023\/04\/2-Josep-Maria-Bonjoch-Trilla-116-700x441.jpg 700w\" sizes=\"(max-width: 320px) 100vw, 320px\" \/><\/a><\/div><\/div><div style=\"padding:5px;\" class=\"fusion-grid-column fusion-gallery-column fusion-gallery-column-6 hover-type-zoomin\"><div class=\"fusion-gallery-image\"><a href=\"https:\/\/afc.cat\/wp-content\/uploads\/2023\/04\/3-Albert-Canellas-Xarau-114.jpg\" data-title=\"3 &#8211; Albert Ca\u00f1ellas Xarau &#8211; 114\" title=\"3 &#8211; Albert Ca\u00f1ellas Xarau &#8211; 114\" rel=\"noreferrer\" data-rel=\"iLightbox[gallery_image_2]\" class=\"fusion-lightbox\" target=\"_self\"><img decoding=\"async\" src=\"https:\/\/afc.cat\/wp-content\/uploads\/2023\/04\/3-Albert-Canellas-Xarau-114-320x202.jpg\" width=\"320\" height=\"202\" alt=\"\" title=\"3 &#8211; Albert Ca\u00f1ellas Xarau &#8211; 114\" aria-label=\"3 &#8211; Albert Ca\u00f1ellas Xarau &#8211; 114\" class=\"img-responsive wp-image-32038 fusion-gallery-image-size-fixed\" srcset=\"https:\/\/afc.cat\/wp-content\/uploads\/2023\/04\/3-Albert-Canellas-Xarau-114-320x202.jpg 320w, https:\/\/afc.cat\/wp-content\/uploads\/2023\/04\/3-Albert-Canellas-Xarau-114-700x441.jpg 700w\" sizes=\"(max-width: 320px) 100vw, 320px\" \/><\/a><\/div><\/div><div style=\"padding:5px;\" class=\"fusion-grid-column fusion-gallery-column fusion-gallery-column-6 hover-type-zoomin\"><div class=\"fusion-gallery-image\"><a href=\"https:\/\/afc.cat\/wp-content\/uploads\/2023\/04\/4-Santiago-Garcia-Cuadrado-111.jpg\" data-title=\"4 &#8211; Santiago Garc\u00eda Cuadrado &#8211; 111\" title=\"4 &#8211; Santiago Garc\u00eda Cuadrado &#8211; 111\" rel=\"noreferrer\" data-rel=\"iLightbox[gallery_image_2]\" class=\"fusion-lightbox\" target=\"_self\"><img decoding=\"async\" src=\"https:\/\/afc.cat\/wp-content\/uploads\/2023\/04\/4-Santiago-Garcia-Cuadrado-111-320x202.jpg\" width=\"320\" height=\"202\" alt=\"\" title=\"4 &#8211; Santiago Garc\u00eda Cuadrado &#8211; 111\" aria-label=\"4 &#8211; Santiago Garc\u00eda Cuadrado &#8211; 111\" class=\"img-responsive wp-image-32040 fusion-gallery-image-size-fixed\" srcset=\"https:\/\/afc.cat\/wp-content\/uploads\/2023\/04\/4-Santiago-Garcia-Cuadrado-111-320x202.jpg 320w, https:\/\/afc.cat\/wp-content\/uploads\/2023\/04\/4-Santiago-Garcia-Cuadrado-111-700x441.jpg 700w\" sizes=\"(max-width: 320px) 100vw, 320px\" \/><\/a><\/div><\/div><div style=\"padding:5px;\" class=\"fusion-grid-column fusion-gallery-column fusion-gallery-column-6 hover-type-zoomin\"><div class=\"fusion-gallery-image\"><a href=\"https:\/\/afc.cat\/wp-content\/uploads\/2023\/04\/5-David-Penarroya-Hernandez-105.jpg\" data-title=\"5 &#8211; David Pe\u00f1arroya Hernandez &#8211; 105\" title=\"5 &#8211; David Pe\u00f1arroya Hernandez &#8211; 105\" rel=\"noreferrer\" data-rel=\"iLightbox[gallery_image_2]\" class=\"fusion-lightbox\" target=\"_self\"><img decoding=\"async\" src=\"https:\/\/afc.cat\/wp-content\/uploads\/2023\/04\/5-David-Penarroya-Hernandez-105-320x202.jpg\" width=\"320\" height=\"202\" alt=\"\" title=\"5 &#8211; David Pe\u00f1arroya Hernandez &#8211; 105\" aria-label=\"5 &#8211; David Pe\u00f1arroya Hernandez &#8211; 105\" class=\"img-responsive wp-image-32042 fusion-gallery-image-size-fixed\" srcset=\"https:\/\/afc.cat\/wp-content\/uploads\/2023\/04\/5-David-Penarroya-Hernandez-105-320x202.jpg 320w, https:\/\/afc.cat\/wp-content\/uploads\/2023\/04\/5-David-Penarroya-Hernandez-105-700x441.jpg 700w\" sizes=\"(max-width: 320px) 100vw, 320px\" \/><\/a><\/div><\/div><div style=\"padding:5px;\" class=\"fusion-grid-column fusion-gallery-column fusion-gallery-column-6 hover-type-zoomin\"><div class=\"fusion-gallery-image\"><a href=\"https:\/\/afc.cat\/wp-content\/uploads\/2023\/04\/6-Pep-Vinyals-102.jpg\" data-title=\"6 &#8211; Pep Vinyals &#8211; 102\" title=\"6 &#8211; Pep Vinyals &#8211; 102\" rel=\"noreferrer\" data-rel=\"iLightbox[gallery_image_2]\" class=\"fusion-lightbox\" target=\"_self\"><img decoding=\"async\" src=\"https:\/\/afc.cat\/wp-content\/uploads\/2023\/04\/6-Pep-Vinyals-102-320x202.jpg\" width=\"320\" height=\"202\" alt=\"\" title=\"6 &#8211; Pep Vinyals &#8211; 102\" aria-label=\"6 &#8211; Pep Vinyals &#8211; 102\" class=\"img-responsive wp-image-32044 fusion-gallery-image-size-fixed\" srcset=\"https:\/\/afc.cat\/wp-content\/uploads\/2023\/04\/6-Pep-Vinyals-102-320x202.jpg 320w, https:\/\/afc.cat\/wp-content\/uploads\/2023\/04\/6-Pep-Vinyals-102-700x441.jpg 700w\" sizes=\"(max-width: 320px) 100vw, 320px\" \/><\/a><\/div><\/div><div style=\"padding:5px;\" class=\"fusion-grid-column fusion-gallery-column fusion-gallery-column-6 hover-type-zoomin\"><div class=\"fusion-gallery-image\"><a href=\"https:\/\/afc.cat\/wp-content\/uploads\/2023\/04\/7-Josep-Soler-Vendrell-101.jpg\" data-title=\"7 &#8211; Josep Soler Vendrell &#8211; 101\" title=\"7 &#8211; Josep Soler Vendrell &#8211; 101\" rel=\"noreferrer\" data-rel=\"iLightbox[gallery_image_2]\" class=\"fusion-lightbox\" target=\"_self\"><img decoding=\"async\" src=\"https:\/\/afc.cat\/wp-content\/uploads\/2023\/04\/7-Josep-Soler-Vendrell-101-320x202.jpg\" width=\"320\" height=\"202\" alt=\"\" title=\"7 &#8211; Josep Soler Vendrell &#8211; 101\" aria-label=\"7 &#8211; Josep Soler Vendrell &#8211; 101\" class=\"img-responsive wp-image-32046 fusion-gallery-image-size-fixed\" srcset=\"https:\/\/afc.cat\/wp-content\/uploads\/2023\/04\/7-Josep-Soler-Vendrell-101-320x202.jpg 320w, https:\/\/afc.cat\/wp-content\/uploads\/2023\/04\/7-Josep-Soler-Vendrell-101-700x441.jpg 700w\" sizes=\"(max-width: 320px) 100vw, 320px\" \/><\/a><\/div><\/div><div class=\"clearfix\"><\/div><div style=\"padding:5px;\" class=\"fusion-grid-column fusion-gallery-column fusion-gallery-column-6 hover-type-zoomin\"><div class=\"fusion-gallery-image\"><a href=\"https:\/\/afc.cat\/wp-content\/uploads\/2023\/04\/8-Joan-Soldevila-Adan-100.jpg\" data-title=\"8 &#8211; Joan Soldevila Ad\u00e1n &#8211; 100\" title=\"8 &#8211; Joan Soldevila Ad\u00e1n &#8211; 100\" rel=\"noreferrer\" data-rel=\"iLightbox[gallery_image_2]\" class=\"fusion-lightbox\" target=\"_self\"><img decoding=\"async\" src=\"https:\/\/afc.cat\/wp-content\/uploads\/2023\/04\/8-Joan-Soldevila-Adan-100-320x202.jpg\" width=\"320\" height=\"202\" alt=\"\" title=\"8 &#8211; Joan Soldevila Ad\u00e1n &#8211; 100\" aria-label=\"8 &#8211; Joan Soldevila Ad\u00e1n &#8211; 100\" class=\"img-responsive wp-image-32048 fusion-gallery-image-size-fixed\" srcset=\"https:\/\/afc.cat\/wp-content\/uploads\/2023\/04\/8-Joan-Soldevila-Adan-100-320x202.jpg 320w, https:\/\/afc.cat\/wp-content\/uploads\/2023\/04\/8-Joan-Soldevila-Adan-100-700x441.jpg 700w\" sizes=\"(max-width: 320px) 100vw, 320px\" \/><\/a><\/div><\/div><div style=\"padding:5px;\" class=\"fusion-grid-column fusion-gallery-column fusion-gallery-column-6 hover-type-zoomin\"><div class=\"fusion-gallery-image\"><a href=\"https:\/\/afc.cat\/wp-content\/uploads\/2023\/04\/9-Teresa-Tejero-Lopez-98.jpg\" data-title=\"9 &#8211; Teresa Tejero Lopez &#8211; 98\" title=\"9 &#8211; Teresa Tejero Lopez &#8211; 98\" rel=\"noreferrer\" data-rel=\"iLightbox[gallery_image_2]\" class=\"fusion-lightbox\" target=\"_self\"><img decoding=\"async\" src=\"https:\/\/afc.cat\/wp-content\/uploads\/2023\/04\/9-Teresa-Tejero-Lopez-98-320x202.jpg\" width=\"320\" height=\"202\" alt=\"\" title=\"9 &#8211; Teresa Tejero Lopez &#8211; 98\" aria-label=\"9 &#8211; Teresa Tejero Lopez &#8211; 98\" class=\"img-responsive wp-image-32050 fusion-gallery-image-size-fixed\" \/><\/a><\/div><\/div><div style=\"padding:5px;\" class=\"fusion-grid-column fusion-gallery-column fusion-gallery-column-6 hover-type-zoomin\"><div class=\"fusion-gallery-image\"><a href=\"https:\/\/afc.cat\/wp-content\/uploads\/2023\/04\/10-Carmen-Casademont-Ribot-98.jpg\" data-title=\"10 &#8211; Carmen Casademont Ribot &#8211; 98\" title=\"10 &#8211; Carmen Casademont Ribot &#8211; 98\" rel=\"noreferrer\" data-rel=\"iLightbox[gallery_image_2]\" class=\"fusion-lightbox\" target=\"_self\"><img decoding=\"async\" src=\"https:\/\/afc.cat\/wp-content\/uploads\/2023\/04\/10-Carmen-Casademont-Ribot-98-320x202.jpg\" width=\"320\" height=\"202\" alt=\"\" title=\"10 &#8211; Carmen Casademont Ribot &#8211; 98\" aria-label=\"10 &#8211; Carmen Casademont Ribot &#8211; 98\" class=\"img-responsive wp-image-32052 fusion-gallery-image-size-fixed\" srcset=\"https:\/\/afc.cat\/wp-content\/uploads\/2023\/04\/10-Carmen-Casademont-Ribot-98-320x202.jpg 320w, https:\/\/afc.cat\/wp-content\/uploads\/2023\/04\/10-Carmen-Casademont-Ribot-98-700x441.jpg 700w\" sizes=\"(max-width: 320px) 100vw, 320px\" \/><\/a><\/div><\/div><div style=\"padding:5px;\" class=\"fusion-grid-column fusion-gallery-column fusion-gallery-column-6 hover-type-zoomin\"><div class=\"fusion-gallery-image\"><a href=\"https:\/\/afc.cat\/wp-content\/uploads\/2023\/04\/11-Elena-Sanchez-Vizcaino-Mengual-97.jpg\" data-title=\"11 &#8211; Elena Sanchez Vizcaino Mengual &#8211; 97\" title=\"11 &#8211; Elena Sanchez Vizcaino Mengual &#8211; 97\" rel=\"noreferrer\" data-rel=\"iLightbox[gallery_image_2]\" class=\"fusion-lightbox\" target=\"_self\"><img decoding=\"async\" src=\"https:\/\/afc.cat\/wp-content\/uploads\/2023\/04\/11-Elena-Sanchez-Vizcaino-Mengual-97-320x202.jpg\" width=\"320\" height=\"202\" alt=\"\" title=\"11 &#8211; Elena Sanchez Vizcaino Mengual &#8211; 97\" aria-label=\"11 &#8211; Elena Sanchez Vizcaino Mengual &#8211; 97\" class=\"img-responsive wp-image-32054 fusion-gallery-image-size-fixed\" srcset=\"https:\/\/afc.cat\/wp-content\/uploads\/2023\/04\/11-Elena-Sanchez-Vizcaino-Mengual-97-320x202.jpg 320w, https:\/\/afc.cat\/wp-content\/uploads\/2023\/04\/11-Elena-Sanchez-Vizcaino-Mengual-97-700x441.jpg 700w\" sizes=\"(max-width: 320px) 100vw, 320px\" \/><\/a><\/div><\/div><div style=\"padding:5px;\" class=\"fusion-grid-column fusion-gallery-column fusion-gallery-column-6 hover-type-zoomin\"><div class=\"fusion-gallery-image\"><a href=\"https:\/\/afc.cat\/wp-content\/uploads\/2023\/04\/12-Josep-Braojos-Morales-97.jpg\" data-title=\"12 &#8211; Josep Braojos Morales &#8211; 97\" title=\"12 &#8211; Josep Braojos Morales &#8211; 97\" rel=\"noreferrer\" data-rel=\"iLightbox[gallery_image_2]\" class=\"fusion-lightbox\" target=\"_self\"><img decoding=\"async\" src=\"https:\/\/afc.cat\/wp-content\/uploads\/2023\/04\/12-Josep-Braojos-Morales-97-320x202.jpg\" width=\"320\" height=\"202\" alt=\"\" title=\"12 &#8211; Josep Braojos Morales &#8211; 97\" aria-label=\"12 &#8211; Josep Braojos Morales &#8211; 97\" class=\"img-responsive wp-image-32056 fusion-gallery-image-size-fixed\" srcset=\"https:\/\/afc.cat\/wp-content\/uploads\/2023\/04\/12-Josep-Braojos-Morales-97-320x202.jpg 320w, https:\/\/afc.cat\/wp-content\/uploads\/2023\/04\/12-Josep-Braojos-Morales-97-700x441.jpg 700w\" sizes=\"(max-width: 320px) 100vw, 320px\" \/><\/a><\/div><\/div><div style=\"padding:5px;\" class=\"fusion-grid-column fusion-gallery-column fusion-gallery-column-6 hover-type-zoomin\"><div class=\"fusion-gallery-image\"><a href=\"https:\/\/afc.cat\/wp-content\/uploads\/2023\/04\/13-Carme-Mur-Calvo-95.jpg\" data-title=\"13 &#8211; Carme Mur Calv\u00f3 &#8211; 95\" title=\"13 &#8211; Carme Mur Calv\u00f3 &#8211; 95\" rel=\"noreferrer\" data-rel=\"iLightbox[gallery_image_2]\" class=\"fusion-lightbox\" target=\"_self\"><img decoding=\"async\" src=\"https:\/\/afc.cat\/wp-content\/uploads\/2023\/04\/13-Carme-Mur-Calvo-95-320x202.jpg\" width=\"320\" height=\"202\" alt=\"\" title=\"13 &#8211; Carme Mur Calv\u00f3 &#8211; 95\" aria-label=\"13 &#8211; Carme Mur Calv\u00f3 &#8211; 95\" class=\"img-responsive wp-image-32058 fusion-gallery-image-size-fixed\" srcset=\"https:\/\/afc.cat\/wp-content\/uploads\/2023\/04\/13-Carme-Mur-Calvo-95-320x202.jpg 320w, https:\/\/afc.cat\/wp-content\/uploads\/2023\/04\/13-Carme-Mur-Calvo-95-700x441.jpg 700w\" sizes=\"(max-width: 320px) 100vw, 320px\" \/><\/a><\/div><\/div><div class=\"clearfix\"><\/div><div style=\"padding:5px;\" class=\"fusion-grid-column fusion-gallery-column fusion-gallery-column-6 hover-type-zoomin\"><div class=\"fusion-gallery-image\"><a href=\"https:\/\/afc.cat\/wp-content\/uploads\/2023\/04\/14-Albert-Folch-Navalon-94.jpg\" data-title=\"14 &#8211; Albert Folch Naval\u00f3n &#8211; 94\" title=\"14 &#8211; Albert Folch Naval\u00f3n &#8211; 94\" rel=\"noreferrer\" data-rel=\"iLightbox[gallery_image_2]\" class=\"fusion-lightbox\" target=\"_self\"><img decoding=\"async\" src=\"https:\/\/afc.cat\/wp-content\/uploads\/2023\/04\/14-Albert-Folch-Navalon-94-320x202.jpg\" width=\"320\" height=\"202\" alt=\"\" title=\"14 &#8211; Albert Folch Naval\u00f3n &#8211; 94\" aria-label=\"14 &#8211; Albert Folch Naval\u00f3n &#8211; 94\" class=\"img-responsive wp-image-32060 fusion-gallery-image-size-fixed\" srcset=\"https:\/\/afc.cat\/wp-content\/uploads\/2023\/04\/14-Albert-Folch-Navalon-94-320x202.jpg 320w, https:\/\/afc.cat\/wp-content\/uploads\/2023\/04\/14-Albert-Folch-Navalon-94-700x441.jpg 700w\" sizes=\"(max-width: 320px) 100vw, 320px\" \/><\/a><\/div><\/div><div style=\"padding:5px;\" class=\"fusion-grid-column fusion-gallery-column fusion-gallery-column-6 hover-type-zoomin\"><div class=\"fusion-gallery-image\"><a href=\"https:\/\/afc.cat\/wp-content\/uploads\/2023\/04\/15-Ana-M.-Gallego-Lozano-93.jpg\" data-title=\"15 &#8211; Ana M. Gallego Lozano &#8211; 93\" title=\"15 &#8211; Ana M. Gallego Lozano &#8211; 93\" rel=\"noreferrer\" data-rel=\"iLightbox[gallery_image_2]\" class=\"fusion-lightbox\" target=\"_self\"><img decoding=\"async\" src=\"https:\/\/afc.cat\/wp-content\/uploads\/2023\/04\/15-Ana-M.-Gallego-Lozano-93-320x202.jpg\" width=\"320\" height=\"202\" alt=\"\" title=\"15 &#8211; Ana M. Gallego Lozano &#8211; 93\" aria-label=\"15 &#8211; Ana M. Gallego Lozano &#8211; 93\" class=\"img-responsive wp-image-32062 fusion-gallery-image-size-fixed\" srcset=\"https:\/\/afc.cat\/wp-content\/uploads\/2023\/04\/15-Ana-M.-Gallego-Lozano-93-320x202.jpg 320w, https:\/\/afc.cat\/wp-content\/uploads\/2023\/04\/15-Ana-M.-Gallego-Lozano-93-700x441.jpg 700w\" sizes=\"(max-width: 320px) 100vw, 320px\" \/><\/a><\/div><\/div><div style=\"padding:5px;\" class=\"fusion-grid-column fusion-gallery-column fusion-gallery-column-6 hover-type-zoomin\"><div class=\"fusion-gallery-image\"><a href=\"https:\/\/afc.cat\/wp-content\/uploads\/2023\/04\/16-CARLES-LASTRA-ANTONELL-92.jpg\" data-title=\"16 &#8211; CARLES LASTRA ANTONELL &#8211; 92\" title=\"16 &#8211; CARLES LASTRA ANTONELL &#8211; 92\" rel=\"noreferrer\" data-rel=\"iLightbox[gallery_image_2]\" class=\"fusion-lightbox\" target=\"_self\"><img decoding=\"async\" src=\"https:\/\/afc.cat\/wp-content\/uploads\/2023\/04\/16-CARLES-LASTRA-ANTONELL-92-320x202.jpg\" width=\"320\" height=\"202\" alt=\"\" title=\"16 &#8211; CARLES LASTRA ANTONELL &#8211; 92\" aria-label=\"16 &#8211; CARLES LASTRA ANTONELL &#8211; 92\" class=\"img-responsive wp-image-32064 fusion-gallery-image-size-fixed\" srcset=\"https:\/\/afc.cat\/wp-content\/uploads\/2023\/04\/16-CARLES-LASTRA-ANTONELL-92-320x202.jpg 320w, https:\/\/afc.cat\/wp-content\/uploads\/2023\/04\/16-CARLES-LASTRA-ANTONELL-92-700x441.jpg 700w\" sizes=\"(max-width: 320px) 100vw, 320px\" \/><\/a><\/div><\/div><div style=\"padding:5px;\" class=\"fusion-grid-column fusion-gallery-column fusion-gallery-column-6 hover-type-zoomin\"><div class=\"fusion-gallery-image\"><a href=\"https:\/\/afc.cat\/wp-content\/uploads\/2023\/04\/17-Joan-Rue-Domingo-89.jpg\" data-title=\"17 &#8211; Joan Ru\u00e9 Domingo &#8211; 89\" title=\"17 &#8211; Joan Ru\u00e9 Domingo &#8211; 89\" rel=\"noreferrer\" data-rel=\"iLightbox[gallery_image_2]\" class=\"fusion-lightbox\" target=\"_self\"><img decoding=\"async\" src=\"https:\/\/afc.cat\/wp-content\/uploads\/2023\/04\/17-Joan-Rue-Domingo-89-320x202.jpg\" width=\"320\" height=\"202\" alt=\"\" title=\"17 &#8211; Joan Ru\u00e9 Domingo &#8211; 89\" aria-label=\"17 &#8211; Joan Ru\u00e9 Domingo &#8211; 89\" class=\"img-responsive wp-image-32066 fusion-gallery-image-size-fixed\" srcset=\"https:\/\/afc.cat\/wp-content\/uploads\/2023\/04\/17-Joan-Rue-Domingo-89-320x202.jpg 320w, https:\/\/afc.cat\/wp-content\/uploads\/2023\/04\/17-Joan-Rue-Domingo-89-700x441.jpg 700w\" sizes=\"(max-width: 320px) 100vw, 320px\" \/><\/a><\/div><\/div><div style=\"padding:5px;\" class=\"fusion-grid-column fusion-gallery-column fusion-gallery-column-6 hover-type-zoomin\"><div class=\"fusion-gallery-image\"><a href=\"https:\/\/afc.cat\/wp-content\/uploads\/2023\/04\/18-Roman-Gausa-Rull-89.jpeg\" data-title=\"18 &#8211; Rom\u00e1n Gausa Rull &#8211; 89\" title=\"18 &#8211; Rom\u00e1n Gausa Rull &#8211; 89\" rel=\"noreferrer\" data-rel=\"iLightbox[gallery_image_2]\" class=\"fusion-lightbox\" target=\"_self\"><img decoding=\"async\" src=\"https:\/\/afc.cat\/wp-content\/uploads\/2023\/04\/18-Roman-Gausa-Rull-89-320x202.jpeg\" width=\"320\" height=\"202\" alt=\"\" title=\"18 &#8211; Rom\u00e1n Gausa Rull &#8211; 89\" aria-label=\"18 &#8211; Rom\u00e1n Gausa Rull &#8211; 89\" class=\"img-responsive wp-image-32068 fusion-gallery-image-size-fixed\" srcset=\"https:\/\/afc.cat\/wp-content\/uploads\/2023\/04\/18-Roman-Gausa-Rull-89-320x202.jpeg 320w, https:\/\/afc.cat\/wp-content\/uploads\/2023\/04\/18-Roman-Gausa-Rull-89-700x441.jpeg 700w\" sizes=\"(max-width: 320px) 100vw, 320px\" \/><\/a><\/div><\/div><div style=\"padding:5px;\" class=\"fusion-grid-column fusion-gallery-column fusion-gallery-column-6 hover-type-zoomin\"><div class=\"fusion-gallery-image\"><a href=\"https:\/\/afc.cat\/wp-content\/uploads\/2023\/04\/19-Francesca-Portoles-Braso-85.jpg\" data-title=\"19 &#8211; Francesca Portol\u00e9s Bras\u00f3 &#8211; 85\" title=\"19 &#8211; Francesca Portol\u00e9s Bras\u00f3 &#8211; 85\" rel=\"noreferrer\" data-rel=\"iLightbox[gallery_image_2]\" class=\"fusion-lightbox\" target=\"_self\"><img decoding=\"async\" src=\"https:\/\/afc.cat\/wp-content\/uploads\/2023\/04\/19-Francesca-Portoles-Braso-85-320x202.jpg\" width=\"320\" height=\"202\" alt=\"\" title=\"19 &#8211; Francesca Portol\u00e9s Bras\u00f3 &#8211; 85\" aria-label=\"19 &#8211; Francesca Portol\u00e9s Bras\u00f3 &#8211; 85\" class=\"img-responsive wp-image-32070 fusion-gallery-image-size-fixed\" srcset=\"https:\/\/afc.cat\/wp-content\/uploads\/2023\/04\/19-Francesca-Portoles-Braso-85-200x127.jpg 200w, https:\/\/afc.cat\/wp-content\/uploads\/2023\/04\/19-Francesca-Portoles-Braso-85-400x253.jpg 400w, https:\/\/afc.cat\/wp-content\/uploads\/2023\/04\/19-Francesca-Portoles-Braso-85-600x380.jpg 600w, https:\/\/afc.cat\/wp-content\/uploads\/2023\/04\/19-Francesca-Portoles-Braso-85-800x506.jpg 800w, https:\/\/afc.cat\/wp-content\/uploads\/2023\/04\/19-Francesca-Portoles-Braso-85.jpg 1024w\" sizes=\"(min-width: 2200px) 100vw, (min-width: 1120px) 204px, (min-width: 1024px) 245px, (min-width: 928px) 306px, (min-width: 832px) 408px, (min-width: 736px) 613px, (min-width: 640px) 736px, \" \/><\/a><\/div><\/div><div class=\"clearfix\"><\/div><div style=\"padding:5px;\" class=\"fusion-grid-column fusion-gallery-column fusion-gallery-column-6 hover-type-zoomin\"><div class=\"fusion-gallery-image\"><a href=\"https:\/\/afc.cat\/wp-content\/uploads\/2023\/04\/20-Francisco-Olmos-Cubero-83.jpg\" data-title=\"20 &#8211; Francisco Olmos Cubero &#8211; 83\" title=\"20 &#8211; Francisco Olmos Cubero &#8211; 83\" rel=\"noreferrer\" data-rel=\"iLightbox[gallery_image_2]\" class=\"fusion-lightbox\" target=\"_self\"><img decoding=\"async\" src=\"https:\/\/afc.cat\/wp-content\/uploads\/2023\/04\/20-Francisco-Olmos-Cubero-83-320x202.jpg\" width=\"320\" height=\"202\" alt=\"\" title=\"20 &#8211; Francisco Olmos Cubero &#8211; 83\" aria-label=\"20 &#8211; Francisco Olmos Cubero &#8211; 83\" class=\"img-responsive wp-image-32072 fusion-gallery-image-size-fixed\" srcset=\"https:\/\/afc.cat\/wp-content\/uploads\/2023\/04\/20-Francisco-Olmos-Cubero-83-320x202.jpg 320w, https:\/\/afc.cat\/wp-content\/uploads\/2023\/04\/20-Francisco-Olmos-Cubero-83-700x441.jpg 700w\" sizes=\"(max-width: 320px) 100vw, 320px\" \/><\/a><\/div><\/div><div style=\"padding:5px;\" class=\"fusion-grid-column fusion-gallery-column fusion-gallery-column-6 hover-type-zoomin\"><div class=\"fusion-gallery-image\"><a href=\"https:\/\/afc.cat\/wp-content\/uploads\/2023\/04\/21-Adolfo-Garcia-Bastard-80.jpg\" data-title=\"21 &#8211; Adolfo Garcia Bastard &#8211; 80\" title=\"21 &#8211; Adolfo Garcia Bastard &#8211; 80\" rel=\"noreferrer\" data-rel=\"iLightbox[gallery_image_2]\" class=\"fusion-lightbox\" target=\"_self\"><img decoding=\"async\" src=\"https:\/\/afc.cat\/wp-content\/uploads\/2023\/04\/21-Adolfo-Garcia-Bastard-80-320x202.jpg\" width=\"320\" height=\"202\" alt=\"\" title=\"21 &#8211; Adolfo Garcia Bastard &#8211; 80\" aria-label=\"21 &#8211; Adolfo Garcia Bastard &#8211; 80\" class=\"img-responsive wp-image-32074 fusion-gallery-image-size-fixed\" \/><\/a><\/div><\/div><div style=\"padding:5px;\" class=\"fusion-grid-column fusion-gallery-column fusion-gallery-column-6 hover-type-zoomin\"><div class=\"fusion-gallery-image\"><a href=\"https:\/\/afc.cat\/wp-content\/uploads\/2023\/04\/22-Rosa-Cristofol-Martinez-77.jpg\" data-title=\"22 &#8211; Rosa Crist\u00f2fol Mart\u00ednez &#8211; 77\" title=\"22 &#8211; Rosa Crist\u00f2fol Mart\u00ednez &#8211; 77\" rel=\"noreferrer\" data-rel=\"iLightbox[gallery_image_2]\" class=\"fusion-lightbox\" target=\"_self\"><img decoding=\"async\" src=\"https:\/\/afc.cat\/wp-content\/uploads\/2023\/04\/22-Rosa-Cristofol-Martinez-77-320x202.jpg\" width=\"320\" height=\"202\" alt=\"\" title=\"22 &#8211; Rosa Crist\u00f2fol Mart\u00ednez &#8211; 77\" aria-label=\"22 &#8211; Rosa Crist\u00f2fol Mart\u00ednez &#8211; 77\" class=\"img-responsive wp-image-32076 fusion-gallery-image-size-fixed\" \/><\/a><\/div><\/div><div style=\"padding:5px;\" class=\"fusion-grid-column fusion-gallery-column fusion-gallery-column-6 hover-type-zoomin\"><div class=\"fusion-gallery-image\"><a href=\"https:\/\/afc.cat\/wp-content\/uploads\/2023\/04\/23-Gabriel-Bertran-Niculau-77.jpg\" data-title=\"23 &#8211; Gabriel Bertran Niculau &#8211; 77\" title=\"23 &#8211; Gabriel Bertran Niculau &#8211; 77\" rel=\"noreferrer\" data-rel=\"iLightbox[gallery_image_2]\" class=\"fusion-lightbox\" target=\"_self\"><img decoding=\"async\" src=\"https:\/\/afc.cat\/wp-content\/uploads\/2023\/04\/23-Gabriel-Bertran-Niculau-77-320x202.jpg\" width=\"320\" height=\"202\" alt=\"\" title=\"23 &#8211; Gabriel Bertran Niculau &#8211; 77\" aria-label=\"23 &#8211; Gabriel Bertran Niculau &#8211; 77\" class=\"img-responsive wp-image-32078 fusion-gallery-image-size-fixed\" srcset=\"https:\/\/afc.cat\/wp-content\/uploads\/2023\/04\/23-Gabriel-Bertran-Niculau-77-320x202.jpg 320w, https:\/\/afc.cat\/wp-content\/uploads\/2023\/04\/23-Gabriel-Bertran-Niculau-77-700x441.jpg 700w\" sizes=\"(max-width: 320px) 100vw, 320px\" \/><\/a><\/div><\/div><div style=\"padding:5px;\" class=\"fusion-grid-column fusion-gallery-column fusion-gallery-column-6 hover-type-zoomin\"><div class=\"fusion-gallery-image\"><a href=\"https:\/\/afc.cat\/wp-content\/uploads\/2023\/04\/24-Lluis-Porcel-Gimenez-76.jpg\" data-title=\"24 &#8211; Llu\u00eds Porcel Gim\u00e9nez &#8211; 76\" title=\"24 &#8211; Llu\u00eds Porcel Gim\u00e9nez &#8211; 76\" rel=\"noreferrer\" data-rel=\"iLightbox[gallery_image_2]\" class=\"fusion-lightbox\" target=\"_self\"><img decoding=\"async\" src=\"https:\/\/afc.cat\/wp-content\/uploads\/2023\/04\/24-Lluis-Porcel-Gimenez-76-320x202.jpg\" width=\"320\" height=\"202\" alt=\"\" title=\"24 &#8211; Llu\u00eds Porcel Gim\u00e9nez &#8211; 76\" aria-label=\"24 &#8211; Llu\u00eds Porcel Gim\u00e9nez &#8211; 76\" class=\"img-responsive wp-image-32080 fusion-gallery-image-size-fixed\" srcset=\"https:\/\/afc.cat\/wp-content\/uploads\/2023\/04\/24-Lluis-Porcel-Gimenez-76-320x202.jpg 320w, https:\/\/afc.cat\/wp-content\/uploads\/2023\/04\/24-Lluis-Porcel-Gimenez-76-700x441.jpg 700w\" sizes=\"(max-width: 320px) 100vw, 320px\" \/><\/a><\/div><\/div><div style=\"padding:5px;\" class=\"fusion-grid-column fusion-gallery-column fusion-gallery-column-6 hover-type-zoomin\"><div class=\"fusion-gallery-image\"><a href=\"https:\/\/afc.cat\/wp-content\/uploads\/2023\/04\/25-Jordi-Batet-i-Escobedo-75.jpg\" data-title=\"25 &#8211; Jordi Batet i Escobedo &#8211; 75\" title=\"25 &#8211; Jordi Batet i Escobedo &#8211; 75\" rel=\"noreferrer\" data-rel=\"iLightbox[gallery_image_2]\" class=\"fusion-lightbox\" target=\"_self\"><img decoding=\"async\" src=\"https:\/\/afc.cat\/wp-content\/uploads\/2023\/04\/25-Jordi-Batet-i-Escobedo-75-320x202.jpg\" width=\"320\" height=\"202\" alt=\"\" title=\"25 &#8211; Jordi Batet i Escobedo &#8211; 75\" aria-label=\"25 &#8211; Jordi Batet i Escobedo &#8211; 75\" class=\"img-responsive wp-image-32082 fusion-gallery-image-size-fixed\" \/><\/a><\/div><\/div><div class=\"clearfix\"><\/div><div style=\"padding:5px;\" class=\"fusion-grid-column fusion-gallery-column fusion-gallery-column-6 hover-type-zoomin\"><div class=\"fusion-gallery-image\"><a href=\"https:\/\/afc.cat\/wp-content\/uploads\/2023\/04\/26-Angel-Colado-Palacios-72.jpg\" data-title=\"26 &#8211; \u00c1ngel Colado Palacios &#8211; 72\" title=\"26 &#8211; \u00c1ngel Colado Palacios &#8211; 72\" rel=\"noreferrer\" data-rel=\"iLightbox[gallery_image_2]\" class=\"fusion-lightbox\" target=\"_self\"><img decoding=\"async\" src=\"https:\/\/afc.cat\/wp-content\/uploads\/2023\/04\/26-Angel-Colado-Palacios-72-320x202.jpg\" width=\"320\" height=\"202\" alt=\"\" title=\"26 &#8211; \u00c1ngel Colado Palacios &#8211; 72\" aria-label=\"26 &#8211; \u00c1ngel Colado Palacios &#8211; 72\" class=\"img-responsive wp-image-32084 fusion-gallery-image-size-fixed\" srcset=\"https:\/\/afc.cat\/wp-content\/uploads\/2023\/04\/26-Angel-Colado-Palacios-72-320x202.jpg 320w, https:\/\/afc.cat\/wp-content\/uploads\/2023\/04\/26-Angel-Colado-Palacios-72-700x441.jpg 700w\" sizes=\"(max-width: 320px) 100vw, 320px\" \/><\/a><\/div><\/div><div style=\"padding:5px;\" class=\"fusion-grid-column fusion-gallery-column fusion-gallery-column-6 hover-type-zoomin\"><div class=\"fusion-gallery-image\"><a href=\"https:\/\/afc.cat\/wp-content\/uploads\/2023\/04\/27-Sara-Assens-Mampel-72.jpg\" data-title=\"27 &#8211; Sara Assens Mampel &#8211; 72\" title=\"27 &#8211; Sara Assens Mampel &#8211; 72\" rel=\"noreferrer\" data-rel=\"iLightbox[gallery_image_2]\" class=\"fusion-lightbox\" target=\"_self\"><img decoding=\"async\" src=\"https:\/\/afc.cat\/wp-content\/uploads\/2023\/04\/27-Sara-Assens-Mampel-72-320x202.jpg\" width=\"320\" height=\"202\" alt=\"\" title=\"27 &#8211; Sara Assens Mampel &#8211; 72\" aria-label=\"27 &#8211; Sara Assens Mampel &#8211; 72\" class=\"img-responsive wp-image-32086 fusion-gallery-image-size-fixed\" srcset=\"https:\/\/afc.cat\/wp-content\/uploads\/2023\/04\/27-Sara-Assens-Mampel-72-320x202.jpg 320w, https:\/\/afc.cat\/wp-content\/uploads\/2023\/04\/27-Sara-Assens-Mampel-72-700x441.jpg 700w\" sizes=\"(max-width: 320px) 100vw, 320px\" \/><\/a><\/div><\/div><div style=\"padding:5px;\" class=\"fusion-grid-column fusion-gallery-column fusion-gallery-column-6 hover-type-zoomin\"><div class=\"fusion-gallery-image\"><a href=\"https:\/\/afc.cat\/wp-content\/uploads\/2023\/04\/28-Damia-Tous-Vazquez-65.jpg\" data-title=\"28 &#8211; Dami\u00e0 Tous Vazquez &#8211; 65\" title=\"28 &#8211; Dami\u00e0 Tous Vazquez &#8211; 65\" rel=\"noreferrer\" data-rel=\"iLightbox[gallery_image_2]\" class=\"fusion-lightbox\" target=\"_self\"><img decoding=\"async\" src=\"https:\/\/afc.cat\/wp-content\/uploads\/2023\/04\/28-Damia-Tous-Vazquez-65-320x202.jpg\" width=\"320\" height=\"202\" alt=\"\" title=\"28 &#8211; Dami\u00e0 Tous Vazquez &#8211; 65\" aria-label=\"28 &#8211; Dami\u00e0 Tous Vazquez &#8211; 65\" class=\"img-responsive wp-image-32088 fusion-gallery-image-size-fixed\" srcset=\"https:\/\/afc.cat\/wp-content\/uploads\/2023\/04\/28-Damia-Tous-Vazquez-65-320x202.jpg 320w, https:\/\/afc.cat\/wp-content\/uploads\/2023\/04\/28-Damia-Tous-Vazquez-65-700x441.jpg 700w\" sizes=\"(max-width: 320px) 100vw, 320px\" \/><\/a><\/div><\/div><div style=\"padding:5px;\" class=\"fusion-grid-column fusion-gallery-column fusion-gallery-column-6 hover-type-zoomin\"><div class=\"fusion-gallery-image\"><a href=\"https:\/\/afc.cat\/wp-content\/uploads\/2023\/04\/29-PERE-GRAUPERA-LANGA-62.jpg\" data-title=\"29 &#8211; PERE GRAUPERA LANGA &#8211; 62\" title=\"29 &#8211; PERE GRAUPERA LANGA &#8211; 62\" rel=\"noreferrer\" data-rel=\"iLightbox[gallery_image_2]\" class=\"fusion-lightbox\" target=\"_self\"><img decoding=\"async\" src=\"https:\/\/afc.cat\/wp-content\/uploads\/2023\/04\/29-PERE-GRAUPERA-LANGA-62-320x202.jpg\" width=\"320\" height=\"202\" alt=\"\" title=\"29 &#8211; PERE GRAUPERA LANGA &#8211; 62\" aria-label=\"29 &#8211; PERE GRAUPERA LANGA &#8211; 62\" class=\"img-responsive wp-image-32090 fusion-gallery-image-size-fixed\" srcset=\"https:\/\/afc.cat\/wp-content\/uploads\/2023\/04\/29-PERE-GRAUPERA-LANGA-62-320x202.jpg 320w, https:\/\/afc.cat\/wp-content\/uploads\/2023\/04\/29-PERE-GRAUPERA-LANGA-62-700x441.jpg 700w\" sizes=\"(max-width: 320px) 100vw, 320px\" \/><\/a><\/div><\/div><\/div><div class=\"fusion-separator fusion-full-width-sep\" style=\"align-self: center;margin-left: auto;margin-right: auto;margin-top:20px;margin-bottom:20px;width:100%;\"><div class=\"fusion-separator-border sep-single sep-solid\" style=\"border-color:#3ec0bf;border-top-width:1px;\"><\/div><\/div><div style=\"text-align:center;\"><style>.fusion-button.button-1{border-radius:4px 4px 4px 4px;}<\/style><a class=\"fusion-button button-flat fusion-button-default-size button-default button-1 fusion-button-default-span fusion-button-default-type\" target=\"_self\" href=\"https:\/\/afc.cat\/es\/galerias\/\"><span class=\"fusion-button-text\">Vuelve a GALER\u00cdAS<\/span><\/a><\/div><\/div><style type=\"text\/css\">.fusion-body .fusion-builder-column-0{width:100% !important;margin-top : 0px;margin-bottom : 20px;}.fusion-builder-column-0 > .fusion-column-wrapper {padding-top : 0px !important;padding-right : 0px !important;margin-right : 1.92%;padding-bottom : 0px !important;padding-left : 0px !important;margin-left : 1.92%;}@media only screen and (max-width:1024px) {.fusion-body .fusion-builder-column-0{width:100% !important;order : 0;}.fusion-builder-column-0 > .fusion-column-wrapper {margin-right : 1.92%;margin-left : 1.92%;}}@media only screen and (max-width:640px) {.fusion-body .fusion-builder-column-0{width:100% !important;order : 0;}.fusion-builder-column-0 > .fusion-column-wrapper {margin-right : 1.92%;margin-left : 1.92%;}}<\/style><\/div><\/div><style type=\"text\/css\">.fusion-body .fusion-flex-container.fusion-builder-row-1{ padding-top : 0px;margin-top : 0px;padding-right : 0px;padding-bottom : 0px;margin-bottom : 0px;padding-left : 0px;}<\/style><\/div>\n","protected":false},"excerpt":{"rendered":"","protected":false},"author":33,"featured_media":32166,"menu_order":0,"comment_status":"closed","ping_status":"closed","template":"","format":"standard","meta":{"_acf_changed":false,"footnotes":""},"portfolio_category":[158],"portfolio_skills":[],"portfolio_tags":[],"class_list":["post-32154","avada_portfolio","type-avada_portfolio","status-publish","format-standard","has-post-thumbnail","hentry","portfolio_category-concursos-es"],"acf":[],"yoast_head":"<!-- This site is optimized with the Yoast SEO plugin v27.5 - https:\/\/yoast.com\/product\/yoast-seo-wordpress\/ -->\n<title>Clasificaci\u00f3n concurso Temes Obligats 2022-2023 MARZO - Agrupaci\u00f3 Fotogr\u00e0fica de Catalunya<\/title>\n<meta name=\"robots\" content=\"index, follow, max-snippet:-1, max-image-preview:large, max-video-preview:-1\" \/>\n<link rel=\"canonical\" href=\"https:\/\/afc.cat\/es\/galeria\/classificacion-concurso-temes-obligats-2022-2023-marzo\/\" \/>\n<meta property=\"og:locale\" content=\"es_ES\" \/>\n<meta property=\"og:type\" content=\"article\" \/>\n<meta property=\"og:title\" content=\"Clasificaci\u00f3n concurso Temes Obligats 2022-2023 MARZO - Agrupaci\u00f3 Fotogr\u00e0fica de Catalunya\" \/>\n<meta property=\"og:url\" content=\"https:\/\/afc.cat\/es\/galeria\/classificacion-concurso-temes-obligats-2022-2023-marzo\/\" \/>\n<meta property=\"og:site_name\" content=\"Agrupaci\u00f3 Fotogr\u00e0fica de Catalunya\" \/>\n<meta property=\"article:modified_time\" content=\"2023-04-21T18:26:54+00:00\" \/>\n<meta property=\"og:image\" content=\"https:\/\/afc.cat\/wp-content\/uploads\/2023\/04\/TEMES-OBLIGATS-marc-ESP.jpg\" \/>\n\t<meta property=\"og:image:width\" content=\"400\" \/>\n\t<meta property=\"og:image:height\" content=\"265\" \/>\n\t<meta property=\"og:image:type\" content=\"image\/jpeg\" \/>\n<meta name=\"twitter:card\" content=\"summary_large_image\" \/>\n<meta name=\"twitter:label1\" content=\"Tiempo de lectura\" \/>\n\t<meta name=\"twitter:data1\" content=\"17 minutos\" \/>\n<script type=\"application\/ld+json\" class=\"yoast-schema-graph\">{\"@context\":\"https:\\\/\\\/schema.org\",\"@graph\":[{\"@type\":\"WebPage\",\"@id\":\"https:\\\/\\\/afc.cat\\\/es\\\/galeria\\\/classificacion-concurso-temes-obligats-2022-2023-marzo\\\/\",\"url\":\"https:\\\/\\\/afc.cat\\\/es\\\/galeria\\\/classificacion-concurso-temes-obligats-2022-2023-marzo\\\/\",\"name\":\"Clasificaci\u00f3n concurso Temes Obligats 2022-2023 MARZO - Agrupaci\u00f3 Fotogr\u00e0fica de Catalunya\",\"isPartOf\":{\"@id\":\"https:\\\/\\\/afc.cat\\\/es\\\/#website\"},\"primaryImageOfPage\":{\"@id\":\"https:\\\/\\\/afc.cat\\\/es\\\/galeria\\\/classificacion-concurso-temes-obligats-2022-2023-marzo\\\/#primaryimage\"},\"image\":{\"@id\":\"https:\\\/\\\/afc.cat\\\/es\\\/galeria\\\/classificacion-concurso-temes-obligats-2022-2023-marzo\\\/#primaryimage\"},\"thumbnailUrl\":\"https:\\\/\\\/afc.cat\\\/wp-content\\\/uploads\\\/2023\\\/04\\\/TEMES-OBLIGATS-marc-ESP.jpg\",\"datePublished\":\"2023-04-21T18:22:57+00:00\",\"dateModified\":\"2023-04-21T18:26:54+00:00\",\"breadcrumb\":{\"@id\":\"https:\\\/\\\/afc.cat\\\/es\\\/galeria\\\/classificacion-concurso-temes-obligats-2022-2023-marzo\\\/#breadcrumb\"},\"inLanguage\":\"es\",\"potentialAction\":[{\"@type\":\"ReadAction\",\"target\":[\"https:\\\/\\\/afc.cat\\\/es\\\/galeria\\\/classificacion-concurso-temes-obligats-2022-2023-marzo\\\/\"]}]},{\"@type\":\"ImageObject\",\"inLanguage\":\"es\",\"@id\":\"https:\\\/\\\/afc.cat\\\/es\\\/galeria\\\/classificacion-concurso-temes-obligats-2022-2023-marzo\\\/#primaryimage\",\"url\":\"https:\\\/\\\/afc.cat\\\/wp-content\\\/uploads\\\/2023\\\/04\\\/TEMES-OBLIGATS-marc-ESP.jpg\",\"contentUrl\":\"https:\\\/\\\/afc.cat\\\/wp-content\\\/uploads\\\/2023\\\/04\\\/TEMES-OBLIGATS-marc-ESP.jpg\",\"width\":400,\"height\":265},{\"@type\":\"BreadcrumbList\",\"@id\":\"https:\\\/\\\/afc.cat\\\/es\\\/galeria\\\/classificacion-concurso-temes-obligats-2022-2023-marzo\\\/#breadcrumb\",\"itemListElement\":[{\"@type\":\"ListItem\",\"position\":1,\"name\":\"Inicio\",\"item\":\"https:\\\/\\\/afc.cat\\\/es\\\/\"},{\"@type\":\"ListItem\",\"position\":2,\"name\":\"Portfolio\",\"item\":\"https:\\\/\\\/afc.cat\\\/galeria\\\/\"},{\"@type\":\"ListItem\",\"position\":3,\"name\":\"Clasificaci\u00f3n concurso Temes Obligats 2022-2023 MARZO\"}]},{\"@type\":\"WebSite\",\"@id\":\"https:\\\/\\\/afc.cat\\\/es\\\/#website\",\"url\":\"https:\\\/\\\/afc.cat\\\/es\\\/\",\"name\":\"Agrupaci\u00f3 Fotogr\u00e0fica de Catalunya\",\"description\":\"Fomento y divulgaci\u00f3n de la fotograf\u00eda en todas sus variedades\",\"potentialAction\":[{\"@type\":\"SearchAction\",\"target\":{\"@type\":\"EntryPoint\",\"urlTemplate\":\"https:\\\/\\\/afc.cat\\\/es\\\/?s={search_term_string}\"},\"query-input\":{\"@type\":\"PropertyValueSpecification\",\"valueRequired\":true,\"valueName\":\"search_term_string\"}}],\"inLanguage\":\"es\"}]}<\/script>\n<!-- \/ Yoast SEO plugin. -->","yoast_head_json":{"title":"Clasificaci\u00f3n concurso Temes Obligats 2022-2023 MARZO - Agrupaci\u00f3 Fotogr\u00e0fica de Catalunya","robots":{"index":"index","follow":"follow","max-snippet":"max-snippet:-1","max-image-preview":"max-image-preview:large","max-video-preview":"max-video-preview:-1"},"canonical":"https:\/\/afc.cat\/es\/galeria\/classificacion-concurso-temes-obligats-2022-2023-marzo\/","og_locale":"es_ES","og_type":"article","og_title":"Clasificaci\u00f3n concurso Temes Obligats 2022-2023 MARZO - Agrupaci\u00f3 Fotogr\u00e0fica de Catalunya","og_url":"https:\/\/afc.cat\/es\/galeria\/classificacion-concurso-temes-obligats-2022-2023-marzo\/","og_site_name":"Agrupaci\u00f3 Fotogr\u00e0fica de Catalunya","article_modified_time":"2023-04-21T18:26:54+00:00","og_image":[{"width":400,"height":265,"url":"https:\/\/afc.cat\/wp-content\/uploads\/2023\/04\/TEMES-OBLIGATS-marc-ESP.jpg","type":"image\/jpeg"}],"twitter_card":"summary_large_image","twitter_misc":{"Tiempo de lectura":"17 minutos"},"schema":{"@context":"https:\/\/schema.org","@graph":[{"@type":"WebPage","@id":"https:\/\/afc.cat\/es\/galeria\/classificacion-concurso-temes-obligats-2022-2023-marzo\/","url":"https:\/\/afc.cat\/es\/galeria\/classificacion-concurso-temes-obligats-2022-2023-marzo\/","name":"Clasificaci\u00f3n concurso Temes Obligats 2022-2023 MARZO - Agrupaci\u00f3 Fotogr\u00e0fica de Catalunya","isPartOf":{"@id":"https:\/\/afc.cat\/es\/#website"},"primaryImageOfPage":{"@id":"https:\/\/afc.cat\/es\/galeria\/classificacion-concurso-temes-obligats-2022-2023-marzo\/#primaryimage"},"image":{"@id":"https:\/\/afc.cat\/es\/galeria\/classificacion-concurso-temes-obligats-2022-2023-marzo\/#primaryimage"},"thumbnailUrl":"https:\/\/afc.cat\/wp-content\/uploads\/2023\/04\/TEMES-OBLIGATS-marc-ESP.jpg","datePublished":"2023-04-21T18:22:57+00:00","dateModified":"2023-04-21T18:26:54+00:00","breadcrumb":{"@id":"https:\/\/afc.cat\/es\/galeria\/classificacion-concurso-temes-obligats-2022-2023-marzo\/#breadcrumb"},"inLanguage":"es","potentialAction":[{"@type":"ReadAction","target":["https:\/\/afc.cat\/es\/galeria\/classificacion-concurso-temes-obligats-2022-2023-marzo\/"]}]},{"@type":"ImageObject","inLanguage":"es","@id":"https:\/\/afc.cat\/es\/galeria\/classificacion-concurso-temes-obligats-2022-2023-marzo\/#primaryimage","url":"https:\/\/afc.cat\/wp-content\/uploads\/2023\/04\/TEMES-OBLIGATS-marc-ESP.jpg","contentUrl":"https:\/\/afc.cat\/wp-content\/uploads\/2023\/04\/TEMES-OBLIGATS-marc-ESP.jpg","width":400,"height":265},{"@type":"BreadcrumbList","@id":"https:\/\/afc.cat\/es\/galeria\/classificacion-concurso-temes-obligats-2022-2023-marzo\/#breadcrumb","itemListElement":[{"@type":"ListItem","position":1,"name":"Inicio","item":"https:\/\/afc.cat\/es\/"},{"@type":"ListItem","position":2,"name":"Portfolio","item":"https:\/\/afc.cat\/galeria\/"},{"@type":"ListItem","position":3,"name":"Clasificaci\u00f3n concurso Temes Obligats 2022-2023 MARZO"}]},{"@type":"WebSite","@id":"https:\/\/afc.cat\/es\/#website","url":"https:\/\/afc.cat\/es\/","name":"Agrupaci\u00f3 Fotogr\u00e0fica de Catalunya","description":"Fomento y divulgaci\u00f3n de la fotograf\u00eda en todas sus variedades","potentialAction":[{"@type":"SearchAction","target":{"@type":"EntryPoint","urlTemplate":"https:\/\/afc.cat\/es\/?s={search_term_string}"},"query-input":{"@type":"PropertyValueSpecification","valueRequired":true,"valueName":"search_term_string"}}],"inLanguage":"es"}]}},"_links":{"self":[{"href":"https:\/\/afc.cat\/es\/wp-json\/wp\/v2\/avada_portfolio\/32154","targetHints":{"allow":["GET"]}}],"collection":[{"href":"https:\/\/afc.cat\/es\/wp-json\/wp\/v2\/avada_portfolio"}],"about":[{"href":"https:\/\/afc.cat\/es\/wp-json\/wp\/v2\/types\/avada_portfolio"}],"author":[{"embeddable":true,"href":"https:\/\/afc.cat\/es\/wp-json\/wp\/v2\/users\/33"}],"replies":[{"embeddable":true,"href":"https:\/\/afc.cat\/es\/wp-json\/wp\/v2\/comments?post=32154"}],"version-history":[{"count":5,"href":"https:\/\/afc.cat\/es\/wp-json\/wp\/v2\/avada_portfolio\/32154\/revisions"}],"predecessor-version":[{"id":32169,"href":"https:\/\/afc.cat\/es\/wp-json\/wp\/v2\/avada_portfolio\/32154\/revisions\/32169"}],"wp:featuredmedia":[{"embeddable":true,"href":"https:\/\/afc.cat\/es\/wp-json\/wp\/v2\/media\/32166"}],"wp:attachment":[{"href":"https:\/\/afc.cat\/es\/wp-json\/wp\/v2\/media?parent=32154"}],"wp:term":[{"taxonomy":"portfolio_category","embeddable":true,"href":"https:\/\/afc.cat\/es\/wp-json\/wp\/v2\/portfolio_category?post=32154"},{"taxonomy":"portfolio_skills","embeddable":true,"href":"https:\/\/afc.cat\/es\/wp-json\/wp\/v2\/portfolio_skills?post=32154"},{"taxonomy":"portfolio_tags","embeddable":true,"href":"https:\/\/afc.cat\/es\/wp-json\/wp\/v2\/portfolio_tags?post=32154"}],"curies":[{"name":"wp","href":"https:\/\/api.w.org\/{rel}","templated":true}]}}