{"id":32764,"date":"2023-09-07T22:47:07","date_gmt":"2023-09-07T20:47:07","guid":{"rendered":"https:\/\/afc.cat\/?post_type=avada_portfolio&#038;p=32764"},"modified":"2023-09-07T22:56:04","modified_gmt":"2023-09-07T20:56:04","slug":"clasificacion-concurso-temes-obligats-2022-2023-mayo","status":"publish","type":"avada_portfolio","link":"https:\/\/afc.cat\/es\/galeria\/clasificacion-concurso-temes-obligats-2022-2023-mayo\/","title":{"rendered":"Clasificaci\u00f3n concurso Temes Obligats 2022-2023 MAYO"},"content":{"rendered":"<div class=\"fusion-fullwidth fullwidth-box fusion-builder-row-1 fusion-flex-container nonhundred-percent-fullwidth non-hundred-percent-height-scrolling\" style=\"background-color: rgba(255,255,255,0);background-position: center center;background-repeat: no-repeat;border-width: 0px 0px 0px 0px;border-color:#ffffff;border-style:solid;\" ><div class=\"fusion-builder-row fusion-row fusion-flex-align-items-flex-start\" style=\"max-width:1300px;margin-left: calc(-4% \/ 2 );margin-right: calc(-4% \/ 2 );\"><div class=\"fusion-layout-column fusion_builder_column fusion-builder-column-0 fusion_builder_column_1_1 1_1 fusion-flex-column\"><div class=\"fusion-column-wrapper fusion-flex-justify-content-flex-start fusion-content-layout-column\" style=\"background-position:left top;background-repeat:no-repeat;-webkit-background-size:cover;-moz-background-size:cover;-o-background-size:cover;background-size:cover;padding: 0px 0px 0px 0px;\"><div class=\"fusion-text fusion-text-1\"><h2 style=\"text-align: center;\">Tema Obligado del mes de MAYO 2023<\/h2>\n<h3 style=\"text-align: center;\">NOCTURNA SIN FLASH<\/h3>\n<\/div><div class=\"fusion-text fusion-text-2\"><p>El pasado d\u00eda 9 de junio se conoci\u00f3 la valoraci\u00f3n del jurado de las fotograf\u00edas de los socios que participaron en el concurso social de la agrupaci\u00f3n \u201dTemas obligados\u201d. Como ya sab\u00e9is, el tema va cambiando cada mes y el de este mes de mayo de 2023 ha sido \u00ab<strong>Nocturna sin flash<\/strong>\u00ab.<\/p>\n<p><strong>Categor\u00eda de Monocromo<\/strong><br \/>\nEste mes de mayo las fotos mejores valoradas han sido para las de <strong>Josep Braojos Morales<\/strong> con el t\u00edtulo \u00abTren saliendo de Colonia\u00bb quedando en la clasificaci\u00f3n del mes de mayo en primer lugar con 29 puntos, en segundo lugar ha sido la de <strong>Josep Soler Vendrell<\/strong> con el t\u00edtulo \u00abVenecia\u00bb puntuada con 29 puntos y en tercer lugar con 28 puntos ha sido para la de <strong>Josep Suarez Torrellas<\/strong> con el t\u00edtulo \u00abShopping nocturno\u00bb.<\/p>\n<p><strong>Categor\u00eda Color<\/strong><br \/>\nEn esta categor\u00eda la m\u00e1xima puntuaci\u00f3n ha sido para las fotos de<strong> Albert Ca\u00f1ellas Xarau<\/strong> con el t\u00edtulo \u00abFont\u00bb quedando en primer lugar con 28 puntos, en segundo lugar se ha posicionado <strong>Miquel Cabr\u00e9<\/strong> con el t\u00edtulo \u00abFestival de luces\u00bb con 27 puntos y en tercer lugar <strong>Francisco Olmos Cubero<\/strong> con la foto titulada \u201cNocturna\u201d con 27 puntos.<\/p>\n<p>El jurado ha estado formado por <strong>David Escobosa<\/strong>, <strong>Vicen\u00e7 Lafebre<\/strong> y <strong>Josep Llu\u00eds Soucheiron<\/strong> todos ellos socios de nuestra entidad a quienes agradecemos su esfuerzo y dedicaci\u00f3n por este veredicto.<\/p>\n<p>Continuamos animando a los socios y socias a participar, siempre es una buena excusa para hacer lo que m\u00e1s nos gusta, coger la c\u00e1mara y hacer \u201cclic\u201d.<\/p>\n<p>Este Tema Obligado de mayo ha sido el \u00faltimo de la temporada 2022-20223. Puedes ver el resultado final de clasificaciones generales de los primeros clasificados de cada categor\u00eda clicando <a href=\"http:\/\/afc.cat\/es\/concursos-sociales\">aqu\u00ed<\/a>.<\/p>\n<p>M\u00e1ximo Poncela<br \/>\nVocal\u00eda de Concursos<\/p>\n<p><strong>Maxim Poncela<br \/>\n<\/strong>Vocalia de Concursos<\/p>\n<\/div><div class=\"fusion-separator fusion-full-width-sep\" style=\"align-self: center;margin-left: auto;margin-right: auto;margin-bottom:20px;width:100%;\"><div class=\"fusion-separator-border sep-single sep-solid\" style=\"border-color:#3ec0bf;border-top-width:1px;\"><\/div><\/div><div class=\"fusion-text fusion-text-3\"><p style=\"text-align: center;\"><strong>PUNTUACI\u00d3N GENERAL ACUMULADA MONOCROMO<\/strong><\/p>\n<\/div><div style=\"text-align:center;\"><style>.fusion-imageframe.imageframe-1{ margin-bottom : 5%;}<\/style><span class=\" fusion-imageframe imageframe-none imageframe-1 hover-type-zoomin\"><img decoding=\"async\" width=\"821\" height=\"1024\" title=\"maig-monocrom\" src=\"https:\/\/afc.cat\/wp-content\/uploads\/2023\/06\/maig-monocrom-821x1024.jpg\" alt class=\"img-responsive wp-image-32758\" srcset=\"https:\/\/afc.cat\/wp-content\/uploads\/2023\/06\/maig-monocrom-200x249.jpg 200w, https:\/\/afc.cat\/wp-content\/uploads\/2023\/06\/maig-monocrom-400x499.jpg 400w, https:\/\/afc.cat\/wp-content\/uploads\/2023\/06\/maig-monocrom-600x748.jpg 600w, https:\/\/afc.cat\/wp-content\/uploads\/2023\/06\/maig-monocrom-800x997.jpg 800w, https:\/\/afc.cat\/wp-content\/uploads\/2023\/06\/maig-monocrom.jpg 876w\" sizes=\"(max-width: 640px) 100vw, 821px\" \/><\/span><\/div><div class=\"fusion-text fusion-text-4\"><p style=\"text-align: center;\"><strong>Clasificaci\u00f3n monocromo de mayo de 2023<\/strong><\/p>\n<\/div><style type=\"text\/css\">.fusion-gallery-1 .fusion-gallery-image {border:0px solid #e2e2e2;}<\/style><div class=\"fusion-gallery fusion-gallery-container fusion-grid-6 fusion-columns-total-25 fusion-gallery-layout-grid fusion-gallery-1\" style=\"margin:-5px;\"><div style=\"padding:5px;\" class=\"fusion-grid-column fusion-gallery-column fusion-gallery-column-6 hover-type-zoomin\"><div class=\"fusion-gallery-image\"><a href=\"https:\/\/afc.cat\/wp-content\/uploads\/2023\/06\/01-Josep-Braojos-Morales-29.jpg\" data-title=\"01 &#8211; Josep Braojos Morales &#8211; 29\" title=\"01 &#8211; Josep Braojos Morales &#8211; 29\" rel=\"noreferrer\" data-rel=\"iLightbox[gallery_image_1]\" class=\"fusion-lightbox\" target=\"_self\"><img decoding=\"async\" src=\"https:\/\/afc.cat\/wp-content\/uploads\/2023\/06\/01-Josep-Braojos-Morales-29-320x202.jpg\" width=\"320\" height=\"202\" alt=\"\" title=\"01 &#8211; Josep Braojos Morales &#8211; 29\" aria-label=\"01 &#8211; Josep Braojos Morales &#8211; 29\" class=\"img-responsive wp-image-32705 fusion-gallery-image-size-fixed\" srcset=\"https:\/\/afc.cat\/wp-content\/uploads\/2023\/06\/01-Josep-Braojos-Morales-29-320x202.jpg 320w, https:\/\/afc.cat\/wp-content\/uploads\/2023\/06\/01-Josep-Braojos-Morales-29-700x441.jpg 700w\" sizes=\"(max-width: 320px) 100vw, 320px\" \/><\/a><\/div><\/div><div style=\"padding:5px;\" class=\"fusion-grid-column fusion-gallery-column fusion-gallery-column-6 hover-type-zoomin\"><div class=\"fusion-gallery-image\"><a href=\"https:\/\/afc.cat\/wp-content\/uploads\/2023\/06\/02-Josep-Soler-Vendrell-29.jpg\" data-title=\"02 &#8211; Josep Soler Vendrell &#8211; 29\" title=\"02 &#8211; Josep Soler Vendrell &#8211; 29\" rel=\"noreferrer\" data-rel=\"iLightbox[gallery_image_1]\" class=\"fusion-lightbox\" target=\"_self\"><img decoding=\"async\" src=\"https:\/\/afc.cat\/wp-content\/uploads\/2023\/06\/02-Josep-Soler-Vendrell-29-320x202.jpg\" width=\"320\" height=\"202\" alt=\"\" title=\"02 &#8211; Josep Soler Vendrell &#8211; 29\" aria-label=\"02 &#8211; Josep Soler Vendrell &#8211; 29\" class=\"img-responsive wp-image-32707 fusion-gallery-image-size-fixed\" srcset=\"https:\/\/afc.cat\/wp-content\/uploads\/2023\/06\/02-Josep-Soler-Vendrell-29-320x202.jpg 320w, https:\/\/afc.cat\/wp-content\/uploads\/2023\/06\/02-Josep-Soler-Vendrell-29-700x441.jpg 700w\" sizes=\"(max-width: 320px) 100vw, 320px\" \/><\/a><\/div><\/div><div style=\"padding:5px;\" class=\"fusion-grid-column fusion-gallery-column fusion-gallery-column-6 hover-type-zoomin\"><div class=\"fusion-gallery-image\"><a href=\"https:\/\/afc.cat\/wp-content\/uploads\/2023\/06\/03-Josep-Suarez-Torrellas-28.jpg\" data-title=\"03 &#8211; Josep Suarez Torrellas &#8211; 28\" title=\"03 &#8211; Josep Suarez Torrellas &#8211; 28\" rel=\"noreferrer\" data-rel=\"iLightbox[gallery_image_1]\" class=\"fusion-lightbox\" target=\"_self\"><img decoding=\"async\" src=\"https:\/\/afc.cat\/wp-content\/uploads\/2023\/06\/03-Josep-Suarez-Torrellas-28-320x202.jpg\" width=\"320\" height=\"202\" alt=\"\" title=\"03 &#8211; Josep Suarez Torrellas &#8211; 28\" aria-label=\"03 &#8211; Josep Suarez Torrellas &#8211; 28\" class=\"img-responsive wp-image-32709 fusion-gallery-image-size-fixed\" srcset=\"https:\/\/afc.cat\/wp-content\/uploads\/2023\/06\/03-Josep-Suarez-Torrellas-28-320x202.jpg 320w, https:\/\/afc.cat\/wp-content\/uploads\/2023\/06\/03-Josep-Suarez-Torrellas-28-700x441.jpg 700w\" sizes=\"(max-width: 320px) 100vw, 320px\" \/><\/a><\/div><\/div><div style=\"padding:5px;\" class=\"fusion-grid-column fusion-gallery-column fusion-gallery-column-6 hover-type-zoomin\"><div class=\"fusion-gallery-image\"><a href=\"https:\/\/afc.cat\/wp-content\/uploads\/2023\/06\/04-Carme-Mur-Calvo-27.jpg\" data-title=\"04 &#8211; Carme Mur Calv\u00f3 &#8211; 27\" title=\"04 &#8211; Carme Mur Calv\u00f3 &#8211; 27\" rel=\"noreferrer\" data-rel=\"iLightbox[gallery_image_1]\" class=\"fusion-lightbox\" target=\"_self\"><img decoding=\"async\" src=\"https:\/\/afc.cat\/wp-content\/uploads\/2023\/06\/04-Carme-Mur-Calvo-27-320x202.jpg\" width=\"320\" height=\"202\" alt=\"\" title=\"04 &#8211; Carme Mur Calv\u00f3 &#8211; 27\" aria-label=\"04 &#8211; Carme Mur Calv\u00f3 &#8211; 27\" class=\"img-responsive wp-image-32711 fusion-gallery-image-size-fixed\" srcset=\"https:\/\/afc.cat\/wp-content\/uploads\/2023\/06\/04-Carme-Mur-Calvo-27-320x202.jpg 320w, https:\/\/afc.cat\/wp-content\/uploads\/2023\/06\/04-Carme-Mur-Calvo-27-700x441.jpg 700w\" sizes=\"(max-width: 320px) 100vw, 320px\" \/><\/a><\/div><\/div><div style=\"padding:5px;\" class=\"fusion-grid-column fusion-gallery-column fusion-gallery-column-6 hover-type-zoomin\"><div class=\"fusion-gallery-image\"><a href=\"https:\/\/afc.cat\/wp-content\/uploads\/2023\/06\/05-Angel-Colado-Palacios-27.jpg\" data-title=\"05 &#8211; \u00c1ngel Colado Palacios &#8211; 27\" title=\"05 &#8211; \u00c1ngel Colado Palacios &#8211; 27\" rel=\"noreferrer\" data-rel=\"iLightbox[gallery_image_1]\" class=\"fusion-lightbox\" target=\"_self\"><img decoding=\"async\" src=\"https:\/\/afc.cat\/wp-content\/uploads\/2023\/06\/05-Angel-Colado-Palacios-27-320x202.jpg\" width=\"320\" height=\"202\" alt=\"\" title=\"05 &#8211; \u00c1ngel Colado Palacios &#8211; 27\" aria-label=\"05 &#8211; \u00c1ngel Colado Palacios &#8211; 27\" class=\"img-responsive wp-image-32713 fusion-gallery-image-size-fixed\" srcset=\"https:\/\/afc.cat\/wp-content\/uploads\/2023\/06\/05-Angel-Colado-Palacios-27-320x202.jpg 320w, https:\/\/afc.cat\/wp-content\/uploads\/2023\/06\/05-Angel-Colado-Palacios-27-700x441.jpg 700w\" sizes=\"(max-width: 320px) 100vw, 320px\" \/><\/a><\/div><\/div><div style=\"padding:5px;\" class=\"fusion-grid-column fusion-gallery-column fusion-gallery-column-6 hover-type-zoomin\"><div class=\"fusion-gallery-image\"><a href=\"https:\/\/afc.cat\/wp-content\/uploads\/2023\/06\/06-Francisco-Olmos-Cubero-27.jpg\" data-title=\"06 &#8211; Francisco Olmos Cubero &#8211; 27\" title=\"06 &#8211; Francisco Olmos Cubero &#8211; 27\" rel=\"noreferrer\" data-rel=\"iLightbox[gallery_image_1]\" class=\"fusion-lightbox\" target=\"_self\"><img decoding=\"async\" src=\"https:\/\/afc.cat\/wp-content\/uploads\/2023\/06\/06-Francisco-Olmos-Cubero-27-320x202.jpg\" width=\"320\" height=\"202\" alt=\"\" title=\"06 &#8211; Francisco Olmos Cubero &#8211; 27\" aria-label=\"06 &#8211; Francisco Olmos Cubero &#8211; 27\" class=\"img-responsive wp-image-32715 fusion-gallery-image-size-fixed\" srcset=\"https:\/\/afc.cat\/wp-content\/uploads\/2023\/06\/06-Francisco-Olmos-Cubero-27-320x202.jpg 320w, https:\/\/afc.cat\/wp-content\/uploads\/2023\/06\/06-Francisco-Olmos-Cubero-27-700x441.jpg 700w\" sizes=\"(max-width: 320px) 100vw, 320px\" \/><\/a><\/div><\/div><div class=\"clearfix\"><\/div><div style=\"padding:5px;\" class=\"fusion-grid-column fusion-gallery-column fusion-gallery-column-6 hover-type-zoomin\"><div class=\"fusion-gallery-image\"><a href=\"https:\/\/afc.cat\/wp-content\/uploads\/2023\/06\/07-David-Penarroya-Hernandez-27.jpg\" data-title=\"07 &#8211; David Pe\u00f1arroya Hernandez &#8211; 27\" title=\"07 &#8211; David Pe\u00f1arroya Hernandez &#8211; 27\" rel=\"noreferrer\" data-rel=\"iLightbox[gallery_image_1]\" class=\"fusion-lightbox\" target=\"_self\"><img decoding=\"async\" src=\"https:\/\/afc.cat\/wp-content\/uploads\/2023\/06\/07-David-Penarroya-Hernandez-27-320x202.jpg\" width=\"320\" height=\"202\" alt=\"\" title=\"07 &#8211; David Pe\u00f1arroya Hernandez &#8211; 27\" aria-label=\"07 &#8211; David Pe\u00f1arroya Hernandez &#8211; 27\" class=\"img-responsive wp-image-32717 fusion-gallery-image-size-fixed\" srcset=\"https:\/\/afc.cat\/wp-content\/uploads\/2023\/06\/07-David-Penarroya-Hernandez-27-320x202.jpg 320w, https:\/\/afc.cat\/wp-content\/uploads\/2023\/06\/07-David-Penarroya-Hernandez-27-700x441.jpg 700w\" sizes=\"(max-width: 320px) 100vw, 320px\" \/><\/a><\/div><\/div><div style=\"padding:5px;\" class=\"fusion-grid-column fusion-gallery-column fusion-gallery-column-6 hover-type-zoomin\"><div class=\"fusion-gallery-image\"><a href=\"https:\/\/afc.cat\/wp-content\/uploads\/2023\/06\/08-Santiago-Garcia-Cuadrado-26.jpg\" data-title=\"08 &#8211; Santiago Garc\u00eda Cuadrado &#8211; 26\" title=\"08 &#8211; Santiago Garc\u00eda Cuadrado &#8211; 26\" rel=\"noreferrer\" data-rel=\"iLightbox[gallery_image_1]\" class=\"fusion-lightbox\" target=\"_self\"><img decoding=\"async\" src=\"https:\/\/afc.cat\/wp-content\/uploads\/2023\/06\/08-Santiago-Garcia-Cuadrado-26-320x202.jpg\" width=\"320\" height=\"202\" alt=\"\" title=\"08 &#8211; Santiago Garc\u00eda Cuadrado &#8211; 26\" aria-label=\"08 &#8211; Santiago Garc\u00eda Cuadrado &#8211; 26\" class=\"img-responsive wp-image-32719 fusion-gallery-image-size-fixed\" srcset=\"https:\/\/afc.cat\/wp-content\/uploads\/2023\/06\/08-Santiago-Garcia-Cuadrado-26-320x202.jpg 320w, https:\/\/afc.cat\/wp-content\/uploads\/2023\/06\/08-Santiago-Garcia-Cuadrado-26-700x441.jpg 700w\" sizes=\"(max-width: 320px) 100vw, 320px\" \/><\/a><\/div><\/div><div style=\"padding:5px;\" class=\"fusion-grid-column fusion-gallery-column fusion-gallery-column-6 hover-type-zoomin\"><div class=\"fusion-gallery-image\"><a href=\"https:\/\/afc.cat\/wp-content\/uploads\/2023\/06\/09-Albert-Canellas-Xarau-26.jpg\" data-title=\"09 &#8211; Albert Ca\u00f1ellas Xarau &#8211; 26\" title=\"09 &#8211; Albert Ca\u00f1ellas Xarau &#8211; 26\" rel=\"noreferrer\" data-rel=\"iLightbox[gallery_image_1]\" class=\"fusion-lightbox\" target=\"_self\"><img decoding=\"async\" src=\"https:\/\/afc.cat\/wp-content\/uploads\/2023\/06\/09-Albert-Canellas-Xarau-26-320x202.jpg\" width=\"320\" height=\"202\" alt=\"\" title=\"09 &#8211; Albert Ca\u00f1ellas Xarau &#8211; 26\" aria-label=\"09 &#8211; Albert Ca\u00f1ellas Xarau &#8211; 26\" class=\"img-responsive wp-image-32721 fusion-gallery-image-size-fixed\" srcset=\"https:\/\/afc.cat\/wp-content\/uploads\/2023\/06\/09-Albert-Canellas-Xarau-26-320x202.jpg 320w, https:\/\/afc.cat\/wp-content\/uploads\/2023\/06\/09-Albert-Canellas-Xarau-26-700x441.jpg 700w\" sizes=\"(max-width: 320px) 100vw, 320px\" \/><\/a><\/div><\/div><div style=\"padding:5px;\" class=\"fusion-grid-column fusion-gallery-column fusion-gallery-column-6 hover-type-zoomin\"><div class=\"fusion-gallery-image\"><a href=\"https:\/\/afc.cat\/wp-content\/uploads\/2023\/06\/10-Rosa-Cristofol-Martinez-26.jpg\" data-title=\"10 &#8211; Rosa Crist\u00f2fol Mart\u00ednez &#8211; 26\" title=\"10 &#8211; Rosa Crist\u00f2fol Mart\u00ednez &#8211; 26\" rel=\"noreferrer\" data-rel=\"iLightbox[gallery_image_1]\" class=\"fusion-lightbox\" target=\"_self\"><img decoding=\"async\" src=\"https:\/\/afc.cat\/wp-content\/uploads\/2023\/06\/10-Rosa-Cristofol-Martinez-26-320x202.jpg\" width=\"320\" height=\"202\" alt=\"\" title=\"10 &#8211; Rosa Crist\u00f2fol Mart\u00ednez &#8211; 26\" aria-label=\"10 &#8211; Rosa Crist\u00f2fol Mart\u00ednez &#8211; 26\" class=\"img-responsive wp-image-32723 fusion-gallery-image-size-fixed\" srcset=\"https:\/\/afc.cat\/wp-content\/uploads\/2023\/06\/10-Rosa-Cristofol-Martinez-26-320x202.jpg 320w, https:\/\/afc.cat\/wp-content\/uploads\/2023\/06\/10-Rosa-Cristofol-Martinez-26-700x441.jpg 700w\" sizes=\"(max-width: 320px) 100vw, 320px\" \/><\/a><\/div><\/div><div style=\"padding:5px;\" class=\"fusion-grid-column fusion-gallery-column fusion-gallery-column-6 hover-type-zoomin\"><div class=\"fusion-gallery-image\"><a href=\"https:\/\/afc.cat\/wp-content\/uploads\/2023\/06\/11-Aleix-Torrents-Almeda-26.jpg\" data-title=\"11 &#8211; Aleix Torrents Almeda &#8211; 26\" title=\"11 &#8211; Aleix Torrents Almeda &#8211; 26\" rel=\"noreferrer\" data-rel=\"iLightbox[gallery_image_1]\" class=\"fusion-lightbox\" target=\"_self\"><img decoding=\"async\" src=\"https:\/\/afc.cat\/wp-content\/uploads\/2023\/06\/11-Aleix-Torrents-Almeda-26-320x202.jpg\" width=\"320\" height=\"202\" alt=\"\" title=\"11 &#8211; Aleix Torrents Almeda &#8211; 26\" aria-label=\"11 &#8211; Aleix Torrents Almeda &#8211; 26\" class=\"img-responsive wp-image-32725 fusion-gallery-image-size-fixed\" srcset=\"https:\/\/afc.cat\/wp-content\/uploads\/2023\/06\/11-Aleix-Torrents-Almeda-26-320x202.jpg 320w, https:\/\/afc.cat\/wp-content\/uploads\/2023\/06\/11-Aleix-Torrents-Almeda-26-700x441.jpg 700w\" sizes=\"(max-width: 320px) 100vw, 320px\" \/><\/a><\/div><\/div><div style=\"padding:5px;\" class=\"fusion-grid-column fusion-gallery-column fusion-gallery-column-6 hover-type-zoomin\"><div class=\"fusion-gallery-image\"><a href=\"https:\/\/afc.cat\/wp-content\/uploads\/2023\/06\/12-Adolfo-Garcia-Bastard-25.jpg\" data-title=\"12 &#8211; Adolfo Garcia Bastard &#8211; 25\" title=\"12 &#8211; Adolfo Garcia Bastard &#8211; 25\" rel=\"noreferrer\" data-rel=\"iLightbox[gallery_image_1]\" class=\"fusion-lightbox\" target=\"_self\"><img decoding=\"async\" src=\"https:\/\/afc.cat\/wp-content\/uploads\/2023\/06\/12-Adolfo-Garcia-Bastard-25-320x202.jpg\" width=\"320\" height=\"202\" alt=\"\" title=\"12 &#8211; Adolfo Garcia Bastard &#8211; 25\" aria-label=\"12 &#8211; Adolfo Garcia Bastard &#8211; 25\" class=\"img-responsive wp-image-32727 fusion-gallery-image-size-fixed\" srcset=\"https:\/\/afc.cat\/wp-content\/uploads\/2023\/06\/12-Adolfo-Garcia-Bastard-25-320x202.jpg 320w, https:\/\/afc.cat\/wp-content\/uploads\/2023\/06\/12-Adolfo-Garcia-Bastard-25-700x441.jpg 700w\" sizes=\"(max-width: 320px) 100vw, 320px\" \/><\/a><\/div><\/div><div class=\"clearfix\"><\/div><div style=\"padding:5px;\" class=\"fusion-grid-column fusion-gallery-column fusion-gallery-column-6 hover-type-zoomin\"><div class=\"fusion-gallery-image\"><a href=\"https:\/\/afc.cat\/wp-content\/uploads\/2023\/06\/13-Damia-Tous-Vazquez-25.jpg\" data-title=\"13 &#8211; Dami\u00e0 Tous Vazquez &#8211; 25\" title=\"13 &#8211; Dami\u00e0 Tous Vazquez &#8211; 25\" rel=\"noreferrer\" data-rel=\"iLightbox[gallery_image_1]\" class=\"fusion-lightbox\" target=\"_self\"><img decoding=\"async\" src=\"https:\/\/afc.cat\/wp-content\/uploads\/2023\/06\/13-Damia-Tous-Vazquez-25-320x202.jpg\" width=\"320\" height=\"202\" alt=\"\" title=\"13 &#8211; Dami\u00e0 Tous Vazquez &#8211; 25\" aria-label=\"13 &#8211; Dami\u00e0 Tous Vazquez &#8211; 25\" class=\"img-responsive wp-image-32729 fusion-gallery-image-size-fixed\" srcset=\"https:\/\/afc.cat\/wp-content\/uploads\/2023\/06\/13-Damia-Tous-Vazquez-25-320x202.jpg 320w, https:\/\/afc.cat\/wp-content\/uploads\/2023\/06\/13-Damia-Tous-Vazquez-25-700x441.jpg 700w\" sizes=\"(max-width: 320px) 100vw, 320px\" \/><\/a><\/div><\/div><div style=\"padding:5px;\" class=\"fusion-grid-column fusion-gallery-column fusion-gallery-column-6 hover-type-zoomin\"><div class=\"fusion-gallery-image\"><a href=\"https:\/\/afc.cat\/wp-content\/uploads\/2023\/06\/14-Carmen-Casademont-Ribot-25.jpg\" data-title=\"14 &#8211; Carmen Casademont Ribot &#8211; 25\" title=\"14 &#8211; Carmen Casademont Ribot &#8211; 25\" rel=\"noreferrer\" data-rel=\"iLightbox[gallery_image_1]\" class=\"fusion-lightbox\" target=\"_self\"><img decoding=\"async\" src=\"https:\/\/afc.cat\/wp-content\/uploads\/2023\/06\/14-Carmen-Casademont-Ribot-25-320x202.jpg\" width=\"320\" height=\"202\" alt=\"\" title=\"14 &#8211; Carmen Casademont Ribot &#8211; 25\" aria-label=\"14 &#8211; Carmen Casademont Ribot &#8211; 25\" class=\"img-responsive wp-image-32731 fusion-gallery-image-size-fixed\" \/><\/a><\/div><\/div><div style=\"padding:5px;\" class=\"fusion-grid-column fusion-gallery-column fusion-gallery-column-6 hover-type-zoomin\"><div class=\"fusion-gallery-image\"><a href=\"https:\/\/afc.cat\/wp-content\/uploads\/2023\/06\/15-Miquel-Cabre-24.jpg\" data-title=\"15 &#8211; Miquel Cabr\u00e9 &#8211; 24\" title=\"15 &#8211; Miquel Cabr\u00e9 &#8211; 24\" rel=\"noreferrer\" data-rel=\"iLightbox[gallery_image_1]\" class=\"fusion-lightbox\" target=\"_self\"><img decoding=\"async\" src=\"https:\/\/afc.cat\/wp-content\/uploads\/2023\/06\/15-Miquel-Cabre-24-320x202.jpg\" width=\"320\" height=\"202\" alt=\"\" title=\"15 &#8211; Miquel Cabr\u00e9 &#8211; 24\" aria-label=\"15 &#8211; Miquel Cabr\u00e9 &#8211; 24\" class=\"img-responsive wp-image-32733 fusion-gallery-image-size-fixed\" srcset=\"https:\/\/afc.cat\/wp-content\/uploads\/2023\/06\/15-Miquel-Cabre-24-320x202.jpg 320w, https:\/\/afc.cat\/wp-content\/uploads\/2023\/06\/15-Miquel-Cabre-24-700x441.jpg 700w\" sizes=\"(max-width: 320px) 100vw, 320px\" \/><\/a><\/div><\/div><div style=\"padding:5px;\" class=\"fusion-grid-column fusion-gallery-column fusion-gallery-column-6 hover-type-zoomin\"><div class=\"fusion-gallery-image\"><a href=\"https:\/\/afc.cat\/wp-content\/uploads\/2023\/06\/16-Albert-Folch-Navalon-24.jpg\" data-title=\"16 &#8211; Albert Folch Naval\u00f3n &#8211; 24\" title=\"16 &#8211; Albert Folch Naval\u00f3n &#8211; 24\" rel=\"noreferrer\" data-rel=\"iLightbox[gallery_image_1]\" class=\"fusion-lightbox\" target=\"_self\"><img decoding=\"async\" src=\"https:\/\/afc.cat\/wp-content\/uploads\/2023\/06\/16-Albert-Folch-Navalon-24-320x202.jpg\" width=\"320\" height=\"202\" alt=\"\" title=\"16 &#8211; Albert Folch Naval\u00f3n &#8211; 24\" aria-label=\"16 &#8211; Albert Folch Naval\u00f3n &#8211; 24\" class=\"img-responsive wp-image-32735 fusion-gallery-image-size-fixed\" \/><\/a><\/div><\/div><div style=\"padding:5px;\" class=\"fusion-grid-column fusion-gallery-column fusion-gallery-column-6 hover-type-zoomin\"><div class=\"fusion-gallery-image\"><a href=\"https:\/\/afc.cat\/wp-content\/uploads\/2023\/06\/17-Elena-Sanchez-Vizcaino-Mengual-24.jpg\" data-title=\"OLYMPUS DIGITAL CAMERA\" title=\"OLYMPUS DIGITAL CAMERA\" rel=\"noreferrer\" data-rel=\"iLightbox[gallery_image_1]\" class=\"fusion-lightbox\" target=\"_self\"><img decoding=\"async\" src=\"https:\/\/afc.cat\/wp-content\/uploads\/2023\/06\/17-Elena-Sanchez-Vizcaino-Mengual-24-320x202.jpg\" width=\"320\" height=\"202\" alt=\"\" title=\"OLYMPUS DIGITAL CAMERA\" aria-label=\"OLYMPUS DIGITAL CAMERA\" class=\"img-responsive wp-image-32737 fusion-gallery-image-size-fixed\" srcset=\"https:\/\/afc.cat\/wp-content\/uploads\/2023\/06\/17-Elena-Sanchez-Vizcaino-Mengual-24-320x202.jpg 320w, https:\/\/afc.cat\/wp-content\/uploads\/2023\/06\/17-Elena-Sanchez-Vizcaino-Mengual-24-700x441.jpg 700w\" sizes=\"(max-width: 320px) 100vw, 320px\" \/><\/a><\/div><\/div><div style=\"padding:5px;\" class=\"fusion-grid-column fusion-gallery-column fusion-gallery-column-6 hover-type-zoomin\"><div class=\"fusion-gallery-image\"><a href=\"https:\/\/afc.cat\/wp-content\/uploads\/2023\/06\/18-Josep-Maria-Bonjoch-Trilla-23.jpg\" data-title=\"18 &#8211; Josep Maria Bonjoch Trilla &#8211; 23\" title=\"18 &#8211; Josep Maria Bonjoch Trilla &#8211; 23\" rel=\"noreferrer\" data-rel=\"iLightbox[gallery_image_1]\" class=\"fusion-lightbox\" target=\"_self\"><img decoding=\"async\" src=\"https:\/\/afc.cat\/wp-content\/uploads\/2023\/06\/18-Josep-Maria-Bonjoch-Trilla-23-320x202.jpg\" width=\"320\" height=\"202\" alt=\"\" title=\"18 &#8211; Josep Maria Bonjoch Trilla &#8211; 23\" aria-label=\"18 &#8211; Josep Maria Bonjoch Trilla &#8211; 23\" class=\"img-responsive wp-image-32739 fusion-gallery-image-size-fixed\" srcset=\"https:\/\/afc.cat\/wp-content\/uploads\/2023\/06\/18-Josep-Maria-Bonjoch-Trilla-23-320x202.jpg 320w, https:\/\/afc.cat\/wp-content\/uploads\/2023\/06\/18-Josep-Maria-Bonjoch-Trilla-23-700x441.jpg 700w\" sizes=\"(max-width: 320px) 100vw, 320px\" \/><\/a><\/div><\/div><div class=\"clearfix\"><\/div><div style=\"padding:5px;\" class=\"fusion-grid-column fusion-gallery-column fusion-gallery-column-6 hover-type-zoomin\"><div class=\"fusion-gallery-image\"><a href=\"https:\/\/afc.cat\/wp-content\/uploads\/2023\/06\/19-Joan-Rue-Domingo-22.jpg\" data-title=\"19 &#8211; Joan Ru\u00e9 Domingo &#8211; 22\" title=\"19 &#8211; Joan Ru\u00e9 Domingo &#8211; 22\" rel=\"noreferrer\" data-rel=\"iLightbox[gallery_image_1]\" class=\"fusion-lightbox\" target=\"_self\"><img decoding=\"async\" src=\"https:\/\/afc.cat\/wp-content\/uploads\/2023\/06\/19-Joan-Rue-Domingo-22-320x202.jpg\" width=\"320\" height=\"202\" alt=\"\" title=\"19 &#8211; Joan Ru\u00e9 Domingo &#8211; 22\" aria-label=\"19 &#8211; Joan Ru\u00e9 Domingo &#8211; 22\" class=\"img-responsive wp-image-32741 fusion-gallery-image-size-fixed\" srcset=\"https:\/\/afc.cat\/wp-content\/uploads\/2023\/06\/19-Joan-Rue-Domingo-22-320x202.jpg 320w, https:\/\/afc.cat\/wp-content\/uploads\/2023\/06\/19-Joan-Rue-Domingo-22-700x441.jpg 700w\" sizes=\"(max-width: 320px) 100vw, 320px\" \/><\/a><\/div><\/div><div style=\"padding:5px;\" class=\"fusion-grid-column fusion-gallery-column fusion-gallery-column-6 hover-type-zoomin\"><div class=\"fusion-gallery-image\"><a href=\"https:\/\/afc.cat\/wp-content\/uploads\/2023\/06\/20-Pep-Vinyals-22.jpg\" data-title=\"20 &#8211; Pep Vinyals &#8211; 22\" title=\"20 &#8211; Pep Vinyals &#8211; 22\" rel=\"noreferrer\" data-rel=\"iLightbox[gallery_image_1]\" class=\"fusion-lightbox\" target=\"_self\"><img decoding=\"async\" src=\"https:\/\/afc.cat\/wp-content\/uploads\/2023\/06\/20-Pep-Vinyals-22-320x202.jpg\" width=\"320\" height=\"202\" alt=\"\" title=\"20 &#8211; Pep Vinyals &#8211; 22\" aria-label=\"20 &#8211; Pep Vinyals &#8211; 22\" class=\"img-responsive wp-image-32743 fusion-gallery-image-size-fixed\" \/><\/a><\/div><\/div><div style=\"padding:5px;\" class=\"fusion-grid-column fusion-gallery-column fusion-gallery-column-6 hover-type-zoomin\"><div class=\"fusion-gallery-image\"><a href=\"https:\/\/afc.cat\/wp-content\/uploads\/2023\/06\/21-Joan-Soldevila-Adan-22.jpg\" data-title=\"21 &#8211; Joan Soldevila Ad\u00e1n &#8211; 22\" title=\"21 &#8211; Joan Soldevila Ad\u00e1n &#8211; 22\" rel=\"noreferrer\" data-rel=\"iLightbox[gallery_image_1]\" class=\"fusion-lightbox\" target=\"_self\"><img decoding=\"async\" src=\"https:\/\/afc.cat\/wp-content\/uploads\/2023\/06\/21-Joan-Soldevila-Adan-22-320x202.jpg\" width=\"320\" height=\"202\" alt=\"\" title=\"21 &#8211; Joan Soldevila Ad\u00e1n &#8211; 22\" aria-label=\"21 &#8211; Joan Soldevila Ad\u00e1n &#8211; 22\" class=\"img-responsive wp-image-32745 fusion-gallery-image-size-fixed\" \/><\/a><\/div><\/div><div style=\"padding:5px;\" class=\"fusion-grid-column fusion-gallery-column fusion-gallery-column-6 hover-type-zoomin\"><div class=\"fusion-gallery-image\"><a href=\"https:\/\/afc.cat\/wp-content\/uploads\/2023\/06\/22-Ana-M.-Gallego-Lozano-22.jpg\" data-title=\"22 &#8211; Ana M. Gallego Lozano &#8211; 22\" title=\"22 &#8211; Ana M. Gallego Lozano &#8211; 22\" rel=\"noreferrer\" data-rel=\"iLightbox[gallery_image_1]\" class=\"fusion-lightbox\" target=\"_self\"><img decoding=\"async\" src=\"https:\/\/afc.cat\/wp-content\/uploads\/2023\/06\/22-Ana-M.-Gallego-Lozano-22-320x202.jpg\" width=\"320\" height=\"202\" alt=\"\" title=\"22 &#8211; Ana M. Gallego Lozano &#8211; 22\" aria-label=\"22 &#8211; Ana M. Gallego Lozano &#8211; 22\" class=\"img-responsive wp-image-32747 fusion-gallery-image-size-fixed\" srcset=\"https:\/\/afc.cat\/wp-content\/uploads\/2023\/06\/22-Ana-M.-Gallego-Lozano-22-320x202.jpg 320w, https:\/\/afc.cat\/wp-content\/uploads\/2023\/06\/22-Ana-M.-Gallego-Lozano-22-700x441.jpg 700w\" sizes=\"(max-width: 320px) 100vw, 320px\" \/><\/a><\/div><\/div><div style=\"padding:5px;\" class=\"fusion-grid-column fusion-gallery-column fusion-gallery-column-6 hover-type-zoomin\"><div class=\"fusion-gallery-image\"><a href=\"https:\/\/afc.cat\/wp-content\/uploads\/2023\/06\/23-Sara-Assens-Mampel-21.jpg\" data-title=\"23 &#8211; Sara Assens Mampel &#8211; 21\" title=\"23 &#8211; Sara Assens Mampel &#8211; 21\" rel=\"noreferrer\" data-rel=\"iLightbox[gallery_image_1]\" class=\"fusion-lightbox\" target=\"_self\"><img decoding=\"async\" src=\"https:\/\/afc.cat\/wp-content\/uploads\/2023\/06\/23-Sara-Assens-Mampel-21-320x202.jpg\" width=\"320\" height=\"202\" alt=\"\" title=\"23 &#8211; Sara Assens Mampel &#8211; 21\" aria-label=\"23 &#8211; Sara Assens Mampel &#8211; 21\" class=\"img-responsive wp-image-32749 fusion-gallery-image-size-fixed\" srcset=\"https:\/\/afc.cat\/wp-content\/uploads\/2023\/06\/23-Sara-Assens-Mampel-21-320x202.jpg 320w, https:\/\/afc.cat\/wp-content\/uploads\/2023\/06\/23-Sara-Assens-Mampel-21-700x441.jpg 700w\" sizes=\"(max-width: 320px) 100vw, 320px\" \/><\/a><\/div><\/div><div style=\"padding:5px;\" class=\"fusion-grid-column fusion-gallery-column fusion-gallery-column-6 hover-type-zoomin\"><div class=\"fusion-gallery-image\"><a href=\"https:\/\/afc.cat\/wp-content\/uploads\/2023\/06\/24-Francesca-Portoles-Braso-18.jpg\" data-title=\"24 &#8211; Francesca Portol\u00e9s Bras\u00f3 &#8211; 18\" title=\"24 &#8211; Francesca Portol\u00e9s Bras\u00f3 &#8211; 18\" rel=\"noreferrer\" data-rel=\"iLightbox[gallery_image_1]\" class=\"fusion-lightbox\" target=\"_self\"><img decoding=\"async\" src=\"https:\/\/afc.cat\/wp-content\/uploads\/2023\/06\/24-Francesca-Portoles-Braso-18-320x202.jpg\" width=\"320\" height=\"202\" alt=\"\" title=\"24 &#8211; Francesca Portol\u00e9s Bras\u00f3 &#8211; 18\" aria-label=\"24 &#8211; Francesca Portol\u00e9s Bras\u00f3 &#8211; 18\" class=\"img-responsive wp-image-32751 fusion-gallery-image-size-fixed\" srcset=\"https:\/\/afc.cat\/wp-content\/uploads\/2023\/06\/24-Francesca-Portoles-Braso-18-320x202.jpg 320w, https:\/\/afc.cat\/wp-content\/uploads\/2023\/06\/24-Francesca-Portoles-Braso-18-700x441.jpg 700w\" sizes=\"(max-width: 320px) 100vw, 320px\" \/><\/a><\/div><\/div><div class=\"clearfix\"><\/div><div style=\"padding:5px;\" class=\"fusion-grid-column fusion-gallery-column fusion-gallery-column-6 hover-type-zoomin\"><div class=\"fusion-gallery-image\"><a href=\"https:\/\/afc.cat\/wp-content\/uploads\/2023\/06\/25-Pere-Graupera-Langa-15.jpg\" data-title=\"25 &#8211; Pere Graupera Langa &#8211; 15\" title=\"25 &#8211; Pere Graupera Langa &#8211; 15\" rel=\"noreferrer\" data-rel=\"iLightbox[gallery_image_1]\" class=\"fusion-lightbox\" target=\"_self\"><img decoding=\"async\" src=\"https:\/\/afc.cat\/wp-content\/uploads\/2023\/06\/25-Pere-Graupera-Langa-15-320x202.jpg\" width=\"320\" height=\"202\" alt=\"\" title=\"25 &#8211; Pere Graupera Langa &#8211; 15\" aria-label=\"25 &#8211; Pere Graupera Langa &#8211; 15\" class=\"img-responsive wp-image-32753 fusion-gallery-image-size-fixed\" srcset=\"https:\/\/afc.cat\/wp-content\/uploads\/2023\/06\/25-Pere-Graupera-Langa-15-320x202.jpg 320w, https:\/\/afc.cat\/wp-content\/uploads\/2023\/06\/25-Pere-Graupera-Langa-15-700x441.jpg 700w\" sizes=\"(max-width: 320px) 100vw, 320px\" \/><\/a><\/div><\/div><\/div><div class=\"fusion-separator fusion-full-width-sep\" style=\"align-self: center;margin-left: auto;margin-right: auto;margin-top:20px;margin-bottom:20px;width:100%;\"><div class=\"fusion-separator-border sep-single sep-solid\" style=\"border-color:#3ec0bf;border-top-width:1px;\"><\/div><\/div><div class=\"fusion-text fusion-text-5\"><p style=\"text-align: center;\"><strong>PUNTUACI\u00d3N GENERAL ACUMULADA COLOR<\/strong><\/p>\n<\/div><div style=\"text-align:center;\"><style>.fusion-imageframe.imageframe-2{ margin-bottom : 5%;}<\/style><span class=\" fusion-imageframe imageframe-none imageframe-2 hover-type-zoomin\"><img decoding=\"async\" width=\"784\" height=\"1024\" title=\"maig-color1\" src=\"https:\/\/afc.cat\/wp-content\/uploads\/2023\/06\/maig-color1-784x1024.jpg\" alt class=\"img-responsive wp-image-32756\" srcset=\"https:\/\/afc.cat\/wp-content\/uploads\/2023\/06\/maig-color1-200x261.jpg 200w, https:\/\/afc.cat\/wp-content\/uploads\/2023\/06\/maig-color1-400x522.jpg 400w, https:\/\/afc.cat\/wp-content\/uploads\/2023\/06\/maig-color1-600x783.jpg 600w, https:\/\/afc.cat\/wp-content\/uploads\/2023\/06\/maig-color1-800x1044.jpg 800w, https:\/\/afc.cat\/wp-content\/uploads\/2023\/06\/maig-color1.jpg 881w\" sizes=\"(max-width: 640px) 100vw, 784px\" \/><\/span><\/div><div class=\"fusion-text fusion-text-6\"><p style=\"text-align: center;\"><strong>Clasificaci\u00f3n color de mayo de 2023<\/strong><\/p>\n<\/div><style type=\"text\/css\">.fusion-gallery-2 .fusion-gallery-image {border:0px solid #e2e2e2;}<\/style><div class=\"fusion-gallery fusion-gallery-container fusion-grid-6 fusion-columns-total-26 fusion-gallery-layout-grid fusion-gallery-2\" style=\"margin:-5px;\"><div style=\"padding:5px;\" class=\"fusion-grid-column fusion-gallery-column fusion-gallery-column-6 hover-type-zoomin\"><div class=\"fusion-gallery-image\"><a href=\"https:\/\/afc.cat\/wp-content\/uploads\/2023\/06\/01-Albert-Canellas-Xarau-28.jpg\" data-title=\"01 &#8211; Albert Ca\u00f1ellas Xarau &#8211; 28\" title=\"01 &#8211; Albert Ca\u00f1ellas Xarau &#8211; 28\" rel=\"noreferrer\" data-rel=\"iLightbox[gallery_image_2]\" class=\"fusion-lightbox\" target=\"_self\"><img decoding=\"async\" src=\"https:\/\/afc.cat\/wp-content\/uploads\/2023\/06\/01-Albert-Canellas-Xarau-28-320x202.jpg\" width=\"320\" height=\"202\" alt=\"\" title=\"01 &#8211; Albert Ca\u00f1ellas Xarau &#8211; 28\" aria-label=\"01 &#8211; Albert Ca\u00f1ellas Xarau &#8211; 28\" class=\"img-responsive wp-image-32653 fusion-gallery-image-size-fixed\" \/><\/a><\/div><\/div><div style=\"padding:5px;\" class=\"fusion-grid-column fusion-gallery-column fusion-gallery-column-6 hover-type-zoomin\"><div class=\"fusion-gallery-image\"><a href=\"https:\/\/afc.cat\/wp-content\/uploads\/2023\/06\/02-Miquel-Cabre-27.jpg\" data-title=\"02 &#8211; Miquel Cabr\u00e9 &#8211; 27\" title=\"02 &#8211; Miquel Cabr\u00e9 &#8211; 27\" rel=\"noreferrer\" data-rel=\"iLightbox[gallery_image_2]\" class=\"fusion-lightbox\" target=\"_self\"><img decoding=\"async\" src=\"https:\/\/afc.cat\/wp-content\/uploads\/2023\/06\/02-Miquel-Cabre-27-320x202.jpg\" width=\"320\" height=\"202\" alt=\"\" title=\"02 &#8211; Miquel Cabr\u00e9 &#8211; 27\" aria-label=\"02 &#8211; Miquel Cabr\u00e9 &#8211; 27\" class=\"img-responsive wp-image-32655 fusion-gallery-image-size-fixed\" srcset=\"https:\/\/afc.cat\/wp-content\/uploads\/2023\/06\/02-Miquel-Cabre-27-320x202.jpg 320w, https:\/\/afc.cat\/wp-content\/uploads\/2023\/06\/02-Miquel-Cabre-27-700x441.jpg 700w\" sizes=\"(max-width: 320px) 100vw, 320px\" \/><\/a><\/div><\/div><div style=\"padding:5px;\" class=\"fusion-grid-column fusion-gallery-column fusion-gallery-column-6 hover-type-zoomin\"><div class=\"fusion-gallery-image\"><a href=\"https:\/\/afc.cat\/wp-content\/uploads\/2023\/06\/03-Francisco-Olmos-Cubero-27.jpg\" data-title=\"03 &#8211; Francisco Olmos Cubero &#8211; 27\" title=\"03 &#8211; Francisco Olmos Cubero &#8211; 27\" rel=\"noreferrer\" data-rel=\"iLightbox[gallery_image_2]\" class=\"fusion-lightbox\" target=\"_self\"><img decoding=\"async\" src=\"https:\/\/afc.cat\/wp-content\/uploads\/2023\/06\/03-Francisco-Olmos-Cubero-27-320x202.jpg\" width=\"320\" height=\"202\" alt=\"\" title=\"03 &#8211; Francisco Olmos Cubero &#8211; 27\" aria-label=\"03 &#8211; Francisco Olmos Cubero &#8211; 27\" class=\"img-responsive wp-image-32657 fusion-gallery-image-size-fixed\" srcset=\"https:\/\/afc.cat\/wp-content\/uploads\/2023\/06\/03-Francisco-Olmos-Cubero-27-320x202.jpg 320w, https:\/\/afc.cat\/wp-content\/uploads\/2023\/06\/03-Francisco-Olmos-Cubero-27-700x441.jpg 700w\" sizes=\"(max-width: 320px) 100vw, 320px\" \/><\/a><\/div><\/div><div style=\"padding:5px;\" class=\"fusion-grid-column fusion-gallery-column fusion-gallery-column-6 hover-type-zoomin\"><div class=\"fusion-gallery-image\"><a href=\"https:\/\/afc.cat\/wp-content\/uploads\/2023\/06\/04-Albert-Folch-Navalon-26.jpg\" data-title=\"04 &#8211; Albert Folch Naval\u00f3n &#8211; 26\" title=\"04 &#8211; Albert Folch Naval\u00f3n &#8211; 26\" rel=\"noreferrer\" data-rel=\"iLightbox[gallery_image_2]\" class=\"fusion-lightbox\" target=\"_self\"><img decoding=\"async\" src=\"https:\/\/afc.cat\/wp-content\/uploads\/2023\/06\/04-Albert-Folch-Navalon-26-320x202.jpg\" width=\"320\" height=\"202\" alt=\"\" title=\"04 &#8211; Albert Folch Naval\u00f3n &#8211; 26\" aria-label=\"04 &#8211; Albert Folch Naval\u00f3n &#8211; 26\" class=\"img-responsive wp-image-32659 fusion-gallery-image-size-fixed\" \/><\/a><\/div><\/div><div style=\"padding:5px;\" class=\"fusion-grid-column fusion-gallery-column fusion-gallery-column-6 hover-type-zoomin\"><div class=\"fusion-gallery-image\"><a href=\"https:\/\/afc.cat\/wp-content\/uploads\/2023\/06\/05-Josep-Soler-Vendrell-26.jpg\" data-title=\"05 &#8211; Josep Soler Vendrell &#8211; 26\" title=\"05 &#8211; Josep Soler Vendrell &#8211; 26\" rel=\"noreferrer\" data-rel=\"iLightbox[gallery_image_2]\" class=\"fusion-lightbox\" target=\"_self\"><img decoding=\"async\" src=\"https:\/\/afc.cat\/wp-content\/uploads\/2023\/06\/05-Josep-Soler-Vendrell-26-320x202.jpg\" width=\"320\" height=\"202\" alt=\"\" title=\"05 &#8211; Josep Soler Vendrell &#8211; 26\" aria-label=\"05 &#8211; Josep Soler Vendrell &#8211; 26\" class=\"img-responsive wp-image-32661 fusion-gallery-image-size-fixed\" srcset=\"https:\/\/afc.cat\/wp-content\/uploads\/2023\/06\/05-Josep-Soler-Vendrell-26-320x202.jpg 320w, https:\/\/afc.cat\/wp-content\/uploads\/2023\/06\/05-Josep-Soler-Vendrell-26-700x441.jpg 700w\" sizes=\"(max-width: 320px) 100vw, 320px\" \/><\/a><\/div><\/div><div class=\"clearfix\"><\/div><div style=\"padding:5px;\" class=\"fusion-grid-column fusion-gallery-column fusion-gallery-column-6 hover-type-zoomin\"><div class=\"fusion-gallery-image\"><a href=\"https:\/\/afc.cat\/wp-content\/uploads\/2023\/06\/06-Rosa-Cristofol-Martinez-25.jpg\" data-title=\"06 &#8211; Rosa Crist\u00f2fol Mart\u00ednez &#8211; 25\" title=\"06 &#8211; Rosa Crist\u00f2fol Mart\u00ednez &#8211; 25\" rel=\"noreferrer\" data-rel=\"iLightbox[gallery_image_2]\" class=\"fusion-lightbox\" target=\"_self\"><img decoding=\"async\" src=\"https:\/\/afc.cat\/wp-content\/uploads\/2023\/06\/06-Rosa-Cristofol-Martinez-25-320x202.jpg\" width=\"320\" height=\"202\" alt=\"\" title=\"06 &#8211; Rosa Crist\u00f2fol Mart\u00ednez &#8211; 25\" aria-label=\"06 &#8211; Rosa Crist\u00f2fol Mart\u00ednez &#8211; 25\" class=\"img-responsive wp-image-32663 fusion-gallery-image-size-fixed\" srcset=\"https:\/\/afc.cat\/wp-content\/uploads\/2023\/06\/06-Rosa-Cristofol-Martinez-25-320x202.jpg 320w, https:\/\/afc.cat\/wp-content\/uploads\/2023\/06\/06-Rosa-Cristofol-Martinez-25-700x441.jpg 700w\" sizes=\"(max-width: 320px) 100vw, 320px\" \/><\/a><\/div><\/div><div style=\"padding:5px;\" class=\"fusion-grid-column fusion-gallery-column fusion-gallery-column-6 hover-type-zoomin\"><div class=\"fusion-gallery-image\"><a href=\"https:\/\/afc.cat\/wp-content\/uploads\/2023\/06\/07-Adolfo-Garcia-Bastard-25.jpg\" data-title=\"07 &#8211; Adolfo Garcia Bastard &#8211; 25\" title=\"07 &#8211; Adolfo Garcia Bastard &#8211; 25\" rel=\"noreferrer\" data-rel=\"iLightbox[gallery_image_2]\" class=\"fusion-lightbox\" target=\"_self\"><img decoding=\"async\" src=\"https:\/\/afc.cat\/wp-content\/uploads\/2023\/06\/07-Adolfo-Garcia-Bastard-25-320x202.jpg\" width=\"320\" height=\"202\" alt=\"\" title=\"07 &#8211; Adolfo Garcia Bastard &#8211; 25\" aria-label=\"07 &#8211; Adolfo Garcia Bastard &#8211; 25\" class=\"img-responsive wp-image-32665 fusion-gallery-image-size-fixed\" \/><\/a><\/div><\/div><div style=\"padding:5px;\" class=\"fusion-grid-column fusion-gallery-column fusion-gallery-column-6 hover-type-zoomin\"><div class=\"fusion-gallery-image\"><a href=\"https:\/\/afc.cat\/wp-content\/uploads\/2023\/06\/08-Elena-Sanchez-Vizcaino-Mengual-25.jpg\" data-title=\"OLYMPUS DIGITAL CAMERA\" title=\"OLYMPUS DIGITAL CAMERA\" rel=\"noreferrer\" data-rel=\"iLightbox[gallery_image_2]\" class=\"fusion-lightbox\" target=\"_self\"><img decoding=\"async\" src=\"https:\/\/afc.cat\/wp-content\/uploads\/2023\/06\/08-Elena-Sanchez-Vizcaino-Mengual-25-320x202.jpg\" width=\"320\" height=\"202\" alt=\"\" title=\"OLYMPUS DIGITAL CAMERA\" aria-label=\"OLYMPUS DIGITAL CAMERA\" class=\"img-responsive wp-image-32667 fusion-gallery-image-size-fixed\" srcset=\"https:\/\/afc.cat\/wp-content\/uploads\/2023\/06\/08-Elena-Sanchez-Vizcaino-Mengual-25-320x202.jpg 320w, https:\/\/afc.cat\/wp-content\/uploads\/2023\/06\/08-Elena-Sanchez-Vizcaino-Mengual-25-700x441.jpg 700w\" sizes=\"(max-width: 320px) 100vw, 320px\" \/><\/a><\/div><\/div><div style=\"padding:5px;\" class=\"fusion-grid-column fusion-gallery-column fusion-gallery-column-6 hover-type-zoomin\"><div class=\"fusion-gallery-image\"><a href=\"https:\/\/afc.cat\/wp-content\/uploads\/2023\/06\/09-Josep-Maria-Bonjoch-Trilla-25.jpg\" data-title=\"09 &#8211; Josep Maria Bonjoch Trilla &#8211; 25\" title=\"09 &#8211; Josep Maria Bonjoch Trilla &#8211; 25\" rel=\"noreferrer\" data-rel=\"iLightbox[gallery_image_2]\" class=\"fusion-lightbox\" target=\"_self\"><img decoding=\"async\" src=\"https:\/\/afc.cat\/wp-content\/uploads\/2023\/06\/09-Josep-Maria-Bonjoch-Trilla-25-320x202.jpg\" width=\"320\" height=\"202\" alt=\"\" title=\"09 &#8211; Josep Maria Bonjoch Trilla &#8211; 25\" aria-label=\"09 &#8211; Josep Maria Bonjoch Trilla &#8211; 25\" class=\"img-responsive wp-image-32669 fusion-gallery-image-size-fixed\" srcset=\"https:\/\/afc.cat\/wp-content\/uploads\/2023\/06\/09-Josep-Maria-Bonjoch-Trilla-25-320x202.jpg 320w, https:\/\/afc.cat\/wp-content\/uploads\/2023\/06\/09-Josep-Maria-Bonjoch-Trilla-25-700x441.jpg 700w\" sizes=\"(max-width: 320px) 100vw, 320px\" \/><\/a><\/div><\/div><div style=\"padding:5px;\" class=\"fusion-grid-column fusion-gallery-column fusion-gallery-column-6 hover-type-zoomin\"><div class=\"fusion-gallery-image\"><a href=\"https:\/\/afc.cat\/wp-content\/uploads\/2023\/06\/10-Sara-Assens-Mampel-24.jpg\" data-title=\"10 &#8211; Sara Assens Mampel &#8211; 24\" title=\"10 &#8211; Sara Assens Mampel &#8211; 24\" rel=\"noreferrer\" data-rel=\"iLightbox[gallery_image_2]\" class=\"fusion-lightbox\" target=\"_self\"><img decoding=\"async\" src=\"https:\/\/afc.cat\/wp-content\/uploads\/2023\/06\/10-Sara-Assens-Mampel-24-320x202.jpg\" width=\"320\" height=\"202\" alt=\"\" title=\"10 &#8211; Sara Assens Mampel &#8211; 24\" aria-label=\"10 &#8211; Sara Assens Mampel &#8211; 24\" class=\"img-responsive wp-image-32671 fusion-gallery-image-size-fixed\" srcset=\"https:\/\/afc.cat\/wp-content\/uploads\/2023\/06\/10-Sara-Assens-Mampel-24-320x202.jpg 320w, https:\/\/afc.cat\/wp-content\/uploads\/2023\/06\/10-Sara-Assens-Mampel-24-700x441.jpg 700w\" sizes=\"(max-width: 320px) 100vw, 320px\" \/><\/a><\/div><\/div><div style=\"padding:5px;\" class=\"fusion-grid-column fusion-gallery-column fusion-gallery-column-6 hover-type-zoomin\"><div class=\"fusion-gallery-image\"><a href=\"https:\/\/afc.cat\/wp-content\/uploads\/2023\/06\/11-Francesca-Portoles-Braso-24.jpg\" data-title=\"11 &#8211; Francesca Portol\u00e9s Bras\u00f3 &#8211; 24\" title=\"11 &#8211; Francesca Portol\u00e9s Bras\u00f3 &#8211; 24\" rel=\"noreferrer\" data-rel=\"iLightbox[gallery_image_2]\" class=\"fusion-lightbox\" target=\"_self\"><img decoding=\"async\" src=\"https:\/\/afc.cat\/wp-content\/uploads\/2023\/06\/11-Francesca-Portoles-Braso-24-320x202.jpg\" width=\"320\" height=\"202\" alt=\"\" title=\"11 &#8211; Francesca Portol\u00e9s Bras\u00f3 &#8211; 24\" aria-label=\"11 &#8211; Francesca Portol\u00e9s Bras\u00f3 &#8211; 24\" class=\"img-responsive wp-image-32673 fusion-gallery-image-size-fixed\" \/><\/a><\/div><\/div><div class=\"clearfix\"><\/div><div style=\"padding:5px;\" class=\"fusion-grid-column fusion-gallery-column fusion-gallery-column-6 hover-type-zoomin\"><div class=\"fusion-gallery-image\"><a href=\"https:\/\/afc.cat\/wp-content\/uploads\/2023\/06\/12-Pep-Vinyals-23.jpg\" data-title=\"12 &#8211; Pep Vinyals &#8211; 23\" title=\"12 &#8211; Pep Vinyals &#8211; 23\" rel=\"noreferrer\" data-rel=\"iLightbox[gallery_image_2]\" class=\"fusion-lightbox\" target=\"_self\"><img decoding=\"async\" src=\"https:\/\/afc.cat\/wp-content\/uploads\/2023\/06\/12-Pep-Vinyals-23-320x202.jpg\" width=\"320\" height=\"202\" alt=\"\" title=\"12 &#8211; Pep Vinyals &#8211; 23\" aria-label=\"12 &#8211; Pep Vinyals &#8211; 23\" class=\"img-responsive wp-image-32675 fusion-gallery-image-size-fixed\" \/><\/a><\/div><\/div><div style=\"padding:5px;\" class=\"fusion-grid-column fusion-gallery-column fusion-gallery-column-6 hover-type-zoomin\"><div class=\"fusion-gallery-image\"><a href=\"https:\/\/afc.cat\/wp-content\/uploads\/2023\/06\/13-Angel-Colado-Palacios-23.jpg\" data-title=\"13 &#8211; \u00c1ngel Colado Palacios &#8211; 23\" title=\"13 &#8211; \u00c1ngel Colado Palacios &#8211; 23\" rel=\"noreferrer\" data-rel=\"iLightbox[gallery_image_2]\" class=\"fusion-lightbox\" target=\"_self\"><img decoding=\"async\" src=\"https:\/\/afc.cat\/wp-content\/uploads\/2023\/06\/13-Angel-Colado-Palacios-23-320x202.jpg\" width=\"320\" height=\"202\" alt=\"\" title=\"13 &#8211; \u00c1ngel Colado Palacios &#8211; 23\" aria-label=\"13 &#8211; \u00c1ngel Colado Palacios &#8211; 23\" class=\"img-responsive wp-image-32677 fusion-gallery-image-size-fixed\" srcset=\"https:\/\/afc.cat\/wp-content\/uploads\/2023\/06\/13-Angel-Colado-Palacios-23-320x202.jpg 320w, https:\/\/afc.cat\/wp-content\/uploads\/2023\/06\/13-Angel-Colado-Palacios-23-700x441.jpg 700w\" sizes=\"(max-width: 320px) 100vw, 320px\" \/><\/a><\/div><\/div><div style=\"padding:5px;\" class=\"fusion-grid-column fusion-gallery-column fusion-gallery-column-6 hover-type-zoomin\"><div class=\"fusion-gallery-image\"><a href=\"https:\/\/afc.cat\/wp-content\/uploads\/2023\/06\/14-Ana-M.-Gallego-Lozano-23.jpg\" data-title=\"14 &#8211; Ana M. Gallego Lozano &#8211; 23\" title=\"14 &#8211; Ana M. Gallego Lozano &#8211; 23\" rel=\"noreferrer\" data-rel=\"iLightbox[gallery_image_2]\" class=\"fusion-lightbox\" target=\"_self\"><img decoding=\"async\" src=\"https:\/\/afc.cat\/wp-content\/uploads\/2023\/06\/14-Ana-M.-Gallego-Lozano-23-320x202.jpg\" width=\"320\" height=\"202\" alt=\"\" title=\"14 &#8211; Ana M. Gallego Lozano &#8211; 23\" aria-label=\"14 &#8211; Ana M. Gallego Lozano &#8211; 23\" class=\"img-responsive wp-image-32679 fusion-gallery-image-size-fixed\" srcset=\"https:\/\/afc.cat\/wp-content\/uploads\/2023\/06\/14-Ana-M.-Gallego-Lozano-23-320x202.jpg 320w, https:\/\/afc.cat\/wp-content\/uploads\/2023\/06\/14-Ana-M.-Gallego-Lozano-23-700x441.jpg 700w\" sizes=\"(max-width: 320px) 100vw, 320px\" \/><\/a><\/div><\/div><div style=\"padding:5px;\" class=\"fusion-grid-column fusion-gallery-column fusion-gallery-column-6 hover-type-zoomin\"><div class=\"fusion-gallery-image\"><a href=\"https:\/\/afc.cat\/wp-content\/uploads\/2023\/06\/15-Damia-Tous-Vazquez-23.jpg\" data-title=\"15 &#8211; Dami\u00e0 Tous Vazquez &#8211; 23\" title=\"15 &#8211; Dami\u00e0 Tous Vazquez &#8211; 23\" rel=\"noreferrer\" data-rel=\"iLightbox[gallery_image_2]\" class=\"fusion-lightbox\" target=\"_self\"><img decoding=\"async\" src=\"https:\/\/afc.cat\/wp-content\/uploads\/2023\/06\/15-Damia-Tous-Vazquez-23-320x202.jpg\" width=\"320\" height=\"202\" alt=\"\" title=\"15 &#8211; Dami\u00e0 Tous Vazquez &#8211; 23\" aria-label=\"15 &#8211; Dami\u00e0 Tous Vazquez &#8211; 23\" class=\"img-responsive wp-image-32681 fusion-gallery-image-size-fixed\" srcset=\"https:\/\/afc.cat\/wp-content\/uploads\/2023\/06\/15-Damia-Tous-Vazquez-23-320x202.jpg 320w, https:\/\/afc.cat\/wp-content\/uploads\/2023\/06\/15-Damia-Tous-Vazquez-23-700x441.jpg 700w\" sizes=\"(max-width: 320px) 100vw, 320px\" \/><\/a><\/div><\/div><div style=\"padding:5px;\" class=\"fusion-grid-column fusion-gallery-column fusion-gallery-column-6 hover-type-zoomin\"><div class=\"fusion-gallery-image\"><a href=\"https:\/\/afc.cat\/wp-content\/uploads\/2023\/06\/16-Gabriel-Bertran-Niculau-22.jpg\" data-title=\"16 &#8211; Gabriel Bertran Niculau &#8211; 22\" title=\"16 &#8211; Gabriel Bertran Niculau &#8211; 22\" rel=\"noreferrer\" data-rel=\"iLightbox[gallery_image_2]\" class=\"fusion-lightbox\" target=\"_self\"><img decoding=\"async\" src=\"https:\/\/afc.cat\/wp-content\/uploads\/2023\/06\/16-Gabriel-Bertran-Niculau-22-320x202.jpg\" width=\"320\" height=\"202\" alt=\"\" title=\"16 &#8211; Gabriel Bertran Niculau &#8211; 22\" aria-label=\"16 &#8211; Gabriel Bertran Niculau &#8211; 22\" class=\"img-responsive wp-image-32683 fusion-gallery-image-size-fixed\" srcset=\"https:\/\/afc.cat\/wp-content\/uploads\/2023\/06\/16-Gabriel-Bertran-Niculau-22-320x202.jpg 320w, https:\/\/afc.cat\/wp-content\/uploads\/2023\/06\/16-Gabriel-Bertran-Niculau-22-700x441.jpg 700w\" sizes=\"(max-width: 320px) 100vw, 320px\" \/><\/a><\/div><\/div><div style=\"padding:5px;\" class=\"fusion-grid-column fusion-gallery-column fusion-gallery-column-6 hover-type-zoomin\"><div class=\"fusion-gallery-image\"><a href=\"https:\/\/afc.cat\/wp-content\/uploads\/2023\/06\/17-Josep-Braojos-Morales-22.jpg\" data-title=\"17 &#8211; Josep Braojos Morales &#8211; 22\" title=\"17 &#8211; Josep Braojos Morales &#8211; 22\" rel=\"noreferrer\" data-rel=\"iLightbox[gallery_image_2]\" class=\"fusion-lightbox\" target=\"_self\"><img decoding=\"async\" src=\"https:\/\/afc.cat\/wp-content\/uploads\/2023\/06\/17-Josep-Braojos-Morales-22-320x202.jpg\" width=\"320\" height=\"202\" alt=\"\" title=\"17 &#8211; Josep Braojos Morales &#8211; 22\" aria-label=\"17 &#8211; Josep Braojos Morales &#8211; 22\" class=\"img-responsive wp-image-32685 fusion-gallery-image-size-fixed\" srcset=\"https:\/\/afc.cat\/wp-content\/uploads\/2023\/06\/17-Josep-Braojos-Morales-22-320x202.jpg 320w, https:\/\/afc.cat\/wp-content\/uploads\/2023\/06\/17-Josep-Braojos-Morales-22-700x441.jpg 700w\" sizes=\"(max-width: 320px) 100vw, 320px\" \/><\/a><\/div><\/div><div class=\"clearfix\"><\/div><div style=\"padding:5px;\" class=\"fusion-grid-column fusion-gallery-column fusion-gallery-column-6 hover-type-zoomin\"><div class=\"fusion-gallery-image\"><a href=\"https:\/\/afc.cat\/wp-content\/uploads\/2023\/06\/18-Josep-Suarez-Torrellas-22.jpg\" data-title=\"18 &#8211; Josep Suarez Torrellas &#8211; 22\" title=\"18 &#8211; Josep Suarez Torrellas &#8211; 22\" rel=\"noreferrer\" data-rel=\"iLightbox[gallery_image_2]\" class=\"fusion-lightbox\" target=\"_self\"><img decoding=\"async\" src=\"https:\/\/afc.cat\/wp-content\/uploads\/2023\/06\/18-Josep-Suarez-Torrellas-22-320x202.jpg\" width=\"320\" height=\"202\" alt=\"\" title=\"18 &#8211; Josep Suarez Torrellas &#8211; 22\" aria-label=\"18 &#8211; Josep Suarez Torrellas &#8211; 22\" class=\"img-responsive wp-image-32687 fusion-gallery-image-size-fixed\" srcset=\"https:\/\/afc.cat\/wp-content\/uploads\/2023\/06\/18-Josep-Suarez-Torrellas-22-320x202.jpg 320w, https:\/\/afc.cat\/wp-content\/uploads\/2023\/06\/18-Josep-Suarez-Torrellas-22-700x441.jpg 700w\" sizes=\"(max-width: 320px) 100vw, 320px\" \/><\/a><\/div><\/div><div style=\"padding:5px;\" class=\"fusion-grid-column fusion-gallery-column fusion-gallery-column-6 hover-type-zoomin\"><div class=\"fusion-gallery-image\"><a href=\"https:\/\/afc.cat\/wp-content\/uploads\/2023\/06\/19-Carme-Mur-Calvo-21.jpg\" data-title=\"19 &#8211; Carme Mur Calv\u00f3 &#8211; 21\" title=\"19 &#8211; Carme Mur Calv\u00f3 &#8211; 21\" rel=\"noreferrer\" data-rel=\"iLightbox[gallery_image_2]\" class=\"fusion-lightbox\" target=\"_self\"><img decoding=\"async\" src=\"https:\/\/afc.cat\/wp-content\/uploads\/2023\/06\/19-Carme-Mur-Calvo-21-320x202.jpg\" width=\"320\" height=\"202\" alt=\"\" title=\"19 &#8211; Carme Mur Calv\u00f3 &#8211; 21\" aria-label=\"19 &#8211; Carme Mur Calv\u00f3 &#8211; 21\" class=\"img-responsive wp-image-32689 fusion-gallery-image-size-fixed\" srcset=\"https:\/\/afc.cat\/wp-content\/uploads\/2023\/06\/19-Carme-Mur-Calvo-21-320x202.jpg 320w, https:\/\/afc.cat\/wp-content\/uploads\/2023\/06\/19-Carme-Mur-Calvo-21-700x441.jpg 700w\" sizes=\"(max-width: 320px) 100vw, 320px\" \/><\/a><\/div><\/div><div style=\"padding:5px;\" class=\"fusion-grid-column fusion-gallery-column fusion-gallery-column-6 hover-type-zoomin\"><div class=\"fusion-gallery-image\"><a href=\"https:\/\/afc.cat\/wp-content\/uploads\/2023\/06\/20-Joan-Rue-Domingo-21.jpg\" data-title=\"20 &#8211; Joan Ru\u00e9 Domingo &#8211; 21\" title=\"20 &#8211; Joan Ru\u00e9 Domingo &#8211; 21\" rel=\"noreferrer\" data-rel=\"iLightbox[gallery_image_2]\" class=\"fusion-lightbox\" target=\"_self\"><img decoding=\"async\" src=\"https:\/\/afc.cat\/wp-content\/uploads\/2023\/06\/20-Joan-Rue-Domingo-21-320x202.jpg\" width=\"320\" height=\"202\" alt=\"\" title=\"20 &#8211; Joan Ru\u00e9 Domingo &#8211; 21\" aria-label=\"20 &#8211; Joan Ru\u00e9 Domingo &#8211; 21\" class=\"img-responsive wp-image-32691 fusion-gallery-image-size-fixed\" srcset=\"https:\/\/afc.cat\/wp-content\/uploads\/2023\/06\/20-Joan-Rue-Domingo-21-320x202.jpg 320w, https:\/\/afc.cat\/wp-content\/uploads\/2023\/06\/20-Joan-Rue-Domingo-21-700x441.jpg 700w\" sizes=\"(max-width: 320px) 100vw, 320px\" \/><\/a><\/div><\/div><div style=\"padding:5px;\" class=\"fusion-grid-column fusion-gallery-column fusion-gallery-column-6 hover-type-zoomin\"><div class=\"fusion-gallery-image\"><a href=\"https:\/\/afc.cat\/wp-content\/uploads\/2023\/06\/21-David-Penarroya-Hernandez-21.jpg\" data-title=\"21 &#8211; David Pe\u00f1arroya Hernandez &#8211; 21\" title=\"21 &#8211; David Pe\u00f1arroya Hernandez &#8211; 21\" rel=\"noreferrer\" data-rel=\"iLightbox[gallery_image_2]\" class=\"fusion-lightbox\" target=\"_self\"><img decoding=\"async\" src=\"https:\/\/afc.cat\/wp-content\/uploads\/2023\/06\/21-David-Penarroya-Hernandez-21-320x202.jpg\" width=\"320\" height=\"202\" alt=\"\" title=\"21 &#8211; David Pe\u00f1arroya Hernandez &#8211; 21\" aria-label=\"21 &#8211; David Pe\u00f1arroya Hernandez &#8211; 21\" class=\"img-responsive wp-image-32693 fusion-gallery-image-size-fixed\" srcset=\"https:\/\/afc.cat\/wp-content\/uploads\/2023\/06\/21-David-Penarroya-Hernandez-21-320x202.jpg 320w, https:\/\/afc.cat\/wp-content\/uploads\/2023\/06\/21-David-Penarroya-Hernandez-21-700x441.jpg 700w\" sizes=\"(max-width: 320px) 100vw, 320px\" \/><\/a><\/div><\/div><div style=\"padding:5px;\" class=\"fusion-grid-column fusion-gallery-column fusion-gallery-column-6 hover-type-zoomin\"><div class=\"fusion-gallery-image\"><a href=\"https:\/\/afc.cat\/wp-content\/uploads\/2023\/06\/22-Joan-Soldevila-Adan-21.jpg\" data-title=\"22 &#8211; Joan Soldevila Ad\u00e1n &#8211; 21\" title=\"22 &#8211; Joan Soldevila Ad\u00e1n &#8211; 21\" rel=\"noreferrer\" data-rel=\"iLightbox[gallery_image_2]\" class=\"fusion-lightbox\" target=\"_self\"><img decoding=\"async\" src=\"https:\/\/afc.cat\/wp-content\/uploads\/2023\/06\/22-Joan-Soldevila-Adan-21-320x202.jpg\" width=\"320\" height=\"202\" alt=\"\" title=\"22 &#8211; Joan Soldevila Ad\u00e1n &#8211; 21\" aria-label=\"22 &#8211; Joan Soldevila Ad\u00e1n &#8211; 21\" class=\"img-responsive wp-image-32695 fusion-gallery-image-size-fixed\" srcset=\"https:\/\/afc.cat\/wp-content\/uploads\/2023\/06\/22-Joan-Soldevila-Adan-21-320x202.jpg 320w, https:\/\/afc.cat\/wp-content\/uploads\/2023\/06\/22-Joan-Soldevila-Adan-21-700x441.jpg 700w\" sizes=\"(max-width: 320px) 100vw, 320px\" \/><\/a><\/div><\/div><div style=\"padding:5px;\" class=\"fusion-grid-column fusion-gallery-column fusion-gallery-column-6 hover-type-zoomin\"><div class=\"fusion-gallery-image\"><a href=\"https:\/\/afc.cat\/wp-content\/uploads\/2023\/06\/23-Aleix-Torrents-Almenda-21.jpg\" data-title=\"23 &#8211; Aleix Torrents Almenda &#8211; 21\" title=\"23 &#8211; Aleix Torrents Almenda &#8211; 21\" rel=\"noreferrer\" data-rel=\"iLightbox[gallery_image_2]\" class=\"fusion-lightbox\" target=\"_self\"><img decoding=\"async\" src=\"https:\/\/afc.cat\/wp-content\/uploads\/2023\/06\/23-Aleix-Torrents-Almenda-21-320x202.jpg\" width=\"320\" height=\"202\" alt=\"\" title=\"23 &#8211; Aleix Torrents Almenda &#8211; 21\" aria-label=\"23 &#8211; Aleix Torrents Almenda &#8211; 21\" class=\"img-responsive wp-image-32697 fusion-gallery-image-size-fixed\" \/><\/a><\/div><\/div><div class=\"clearfix\"><\/div><div style=\"padding:5px;\" class=\"fusion-grid-column fusion-gallery-column fusion-gallery-column-6 hover-type-zoomin\"><div class=\"fusion-gallery-image\"><a href=\"https:\/\/afc.cat\/wp-content\/uploads\/2023\/06\/24-Santiago-Garcia-Cuadrado-19.jpg\" data-title=\"24 &#8211; Santiago Garc\u00eda Cuadrado &#8211; 19\" title=\"24 &#8211; Santiago Garc\u00eda Cuadrado &#8211; 19\" rel=\"noreferrer\" data-rel=\"iLightbox[gallery_image_2]\" class=\"fusion-lightbox\" target=\"_self\"><img decoding=\"async\" src=\"https:\/\/afc.cat\/wp-content\/uploads\/2023\/06\/24-Santiago-Garcia-Cuadrado-19-320x202.jpg\" width=\"320\" height=\"202\" alt=\"\" title=\"24 &#8211; Santiago Garc\u00eda Cuadrado &#8211; 19\" aria-label=\"24 &#8211; Santiago Garc\u00eda Cuadrado &#8211; 19\" class=\"img-responsive wp-image-32699 fusion-gallery-image-size-fixed\" srcset=\"https:\/\/afc.cat\/wp-content\/uploads\/2023\/06\/24-Santiago-Garcia-Cuadrado-19-320x202.jpg 320w, https:\/\/afc.cat\/wp-content\/uploads\/2023\/06\/24-Santiago-Garcia-Cuadrado-19-700x441.jpg 700w\" sizes=\"(max-width: 320px) 100vw, 320px\" \/><\/a><\/div><\/div><div style=\"padding:5px;\" class=\"fusion-grid-column fusion-gallery-column fusion-gallery-column-6 hover-type-zoomin\"><div class=\"fusion-gallery-image\"><a href=\"https:\/\/afc.cat\/wp-content\/uploads\/2023\/06\/25-Carmen-Casademont-Ribot-18.jpg\" data-title=\"25 &#8211; Carmen Casademont Ribot &#8211; 18\" title=\"25 &#8211; Carmen Casademont Ribot &#8211; 18\" rel=\"noreferrer\" data-rel=\"iLightbox[gallery_image_2]\" class=\"fusion-lightbox\" target=\"_self\"><img decoding=\"async\" src=\"https:\/\/afc.cat\/wp-content\/uploads\/2023\/06\/25-Carmen-Casademont-Ribot-18-320x202.jpg\" width=\"320\" height=\"202\" alt=\"\" title=\"25 &#8211; Carmen Casademont Ribot &#8211; 18\" aria-label=\"25 &#8211; Carmen Casademont Ribot &#8211; 18\" class=\"img-responsive wp-image-32701 fusion-gallery-image-size-fixed\" \/><\/a><\/div><\/div><div style=\"padding:5px;\" class=\"fusion-grid-column fusion-gallery-column fusion-gallery-column-6 hover-type-zoomin\"><div class=\"fusion-gallery-image\"><a href=\"https:\/\/afc.cat\/wp-content\/uploads\/2023\/06\/26-Pere-Graupera-Langa-15.jpg\" data-title=\"26 &#8211; Pere Graupera Langa &#8211; 15\" title=\"26 &#8211; Pere Graupera Langa &#8211; 15\" rel=\"noreferrer\" data-rel=\"iLightbox[gallery_image_2]\" class=\"fusion-lightbox\" target=\"_self\"><img decoding=\"async\" src=\"https:\/\/afc.cat\/wp-content\/uploads\/2023\/06\/26-Pere-Graupera-Langa-15-320x202.jpg\" width=\"320\" height=\"202\" alt=\"\" title=\"26 &#8211; Pere Graupera Langa &#8211; 15\" aria-label=\"26 &#8211; Pere Graupera Langa &#8211; 15\" class=\"img-responsive wp-image-32703 fusion-gallery-image-size-fixed\" srcset=\"https:\/\/afc.cat\/wp-content\/uploads\/2023\/06\/26-Pere-Graupera-Langa-15-320x202.jpg 320w, https:\/\/afc.cat\/wp-content\/uploads\/2023\/06\/26-Pere-Graupera-Langa-15-700x441.jpg 700w\" sizes=\"(max-width: 320px) 100vw, 320px\" \/><\/a><\/div><\/div><\/div><div class=\"fusion-separator fusion-full-width-sep\" style=\"align-self: center;margin-left: auto;margin-right: auto;margin-top:20px;margin-bottom:20px;width:100%;\"><div class=\"fusion-separator-border sep-single sep-solid\" style=\"border-color:#3ec0bf;border-top-width:1px;\"><\/div><\/div><div style=\"text-align:center;\"><style>.fusion-button.button-1{border-radius:4px 4px 4px 4px;}<\/style><a class=\"fusion-button button-flat fusion-button-default-size button-default button-1 fusion-button-default-span fusion-button-default-type\" target=\"_self\" href=\"https:\/\/afc.cat\/es\/galerias\/\"><span class=\"fusion-button-text\">Vuelve a GALER\u00cdAS<\/span><\/a><\/div><\/div><style type=\"text\/css\">.fusion-body .fusion-builder-column-0{width:100% !important;margin-top : 0px;margin-bottom : 20px;}.fusion-builder-column-0 > .fusion-column-wrapper {padding-top : 0px !important;padding-right : 0px !important;margin-right : 1.92%;padding-bottom : 0px !important;padding-left : 0px !important;margin-left : 1.92%;}@media only screen and (max-width:1024px) {.fusion-body .fusion-builder-column-0{width:100% !important;order : 0;}.fusion-builder-column-0 > .fusion-column-wrapper {margin-right : 1.92%;margin-left : 1.92%;}}@media only screen and (max-width:640px) {.fusion-body .fusion-builder-column-0{width:100% !important;order : 0;}.fusion-builder-column-0 > .fusion-column-wrapper {margin-right : 1.92%;margin-left : 1.92%;}}<\/style><\/div><\/div><style type=\"text\/css\">.fusion-body .fusion-flex-container.fusion-builder-row-1{ padding-top : 0px;margin-top : 0px;padding-right : 0px;padding-bottom : 0px;margin-bottom : 0px;padding-left : 0px;}<\/style><\/div>\n","protected":false},"excerpt":{"rendered":"","protected":false},"author":33,"featured_media":34273,"menu_order":0,"comment_status":"closed","ping_status":"closed","template":"","format":"standard","meta":{"_acf_changed":false,"footnotes":""},"portfolio_category":[158],"portfolio_skills":[],"portfolio_tags":[],"class_list":["post-32764","avada_portfolio","type-avada_portfolio","status-publish","format-standard","has-post-thumbnail","hentry","portfolio_category-concursos-es"],"acf":[],"yoast_head":"<!-- This site is optimized with the Yoast SEO plugin v27.5 - https:\/\/yoast.com\/product\/yoast-seo-wordpress\/ -->\n<title>Clasificaci\u00f3n concurso Temes Obligats 2022-2023 MAYO - Agrupaci\u00f3 Fotogr\u00e0fica de Catalunya<\/title>\n<meta name=\"robots\" content=\"index, follow, max-snippet:-1, max-image-preview:large, max-video-preview:-1\" \/>\n<link rel=\"canonical\" href=\"https:\/\/afc.cat\/es\/galeria\/clasificacion-concurso-temes-obligats-2022-2023-mayo\/\" \/>\n<meta property=\"og:locale\" content=\"es_ES\" \/>\n<meta property=\"og:type\" content=\"article\" \/>\n<meta property=\"og:title\" content=\"Clasificaci\u00f3n concurso Temes Obligats 2022-2023 MAYO - Agrupaci\u00f3 Fotogr\u00e0fica de Catalunya\" \/>\n<meta property=\"og:url\" content=\"https:\/\/afc.cat\/es\/galeria\/clasificacion-concurso-temes-obligats-2022-2023-mayo\/\" \/>\n<meta property=\"og:site_name\" content=\"Agrupaci\u00f3 Fotogr\u00e0fica de Catalunya\" \/>\n<meta property=\"article:modified_time\" content=\"2023-09-07T20:56:04+00:00\" \/>\n<meta property=\"og:image\" content=\"https:\/\/afc.cat\/wp-content\/uploads\/2023\/09\/TEMES-OBLIGATS-MAYO-23-ESP.jpg\" \/>\n\t<meta property=\"og:image:width\" content=\"400\" \/>\n\t<meta property=\"og:image:height\" content=\"265\" \/>\n\t<meta property=\"og:image:type\" content=\"image\/jpeg\" \/>\n<meta name=\"twitter:card\" content=\"summary_large_image\" \/>\n<meta name=\"twitter:label1\" content=\"Tiempo de lectura\" \/>\n\t<meta name=\"twitter:data1\" content=\"16 minutos\" \/>\n<script type=\"application\/ld+json\" class=\"yoast-schema-graph\">{\"@context\":\"https:\\\/\\\/schema.org\",\"@graph\":[{\"@type\":\"WebPage\",\"@id\":\"https:\\\/\\\/afc.cat\\\/es\\\/galeria\\\/clasificacion-concurso-temes-obligats-2022-2023-mayo\\\/\",\"url\":\"https:\\\/\\\/afc.cat\\\/es\\\/galeria\\\/clasificacion-concurso-temes-obligats-2022-2023-mayo\\\/\",\"name\":\"Clasificaci\u00f3n concurso Temes Obligats 2022-2023 MAYO - Agrupaci\u00f3 Fotogr\u00e0fica de Catalunya\",\"isPartOf\":{\"@id\":\"https:\\\/\\\/afc.cat\\\/es\\\/#website\"},\"primaryImageOfPage\":{\"@id\":\"https:\\\/\\\/afc.cat\\\/es\\\/galeria\\\/clasificacion-concurso-temes-obligats-2022-2023-mayo\\\/#primaryimage\"},\"image\":{\"@id\":\"https:\\\/\\\/afc.cat\\\/es\\\/galeria\\\/clasificacion-concurso-temes-obligats-2022-2023-mayo\\\/#primaryimage\"},\"thumbnailUrl\":\"https:\\\/\\\/afc.cat\\\/wp-content\\\/uploads\\\/2023\\\/09\\\/TEMES-OBLIGATS-MAYO-23-ESP.jpg\",\"datePublished\":\"2023-09-07T20:47:07+00:00\",\"dateModified\":\"2023-09-07T20:56:04+00:00\",\"breadcrumb\":{\"@id\":\"https:\\\/\\\/afc.cat\\\/es\\\/galeria\\\/clasificacion-concurso-temes-obligats-2022-2023-mayo\\\/#breadcrumb\"},\"inLanguage\":\"es\",\"potentialAction\":[{\"@type\":\"ReadAction\",\"target\":[\"https:\\\/\\\/afc.cat\\\/es\\\/galeria\\\/clasificacion-concurso-temes-obligats-2022-2023-mayo\\\/\"]}]},{\"@type\":\"ImageObject\",\"inLanguage\":\"es\",\"@id\":\"https:\\\/\\\/afc.cat\\\/es\\\/galeria\\\/clasificacion-concurso-temes-obligats-2022-2023-mayo\\\/#primaryimage\",\"url\":\"https:\\\/\\\/afc.cat\\\/wp-content\\\/uploads\\\/2023\\\/09\\\/TEMES-OBLIGATS-MAYO-23-ESP.jpg\",\"contentUrl\":\"https:\\\/\\\/afc.cat\\\/wp-content\\\/uploads\\\/2023\\\/09\\\/TEMES-OBLIGATS-MAYO-23-ESP.jpg\",\"width\":400,\"height\":265},{\"@type\":\"BreadcrumbList\",\"@id\":\"https:\\\/\\\/afc.cat\\\/es\\\/galeria\\\/clasificacion-concurso-temes-obligats-2022-2023-mayo\\\/#breadcrumb\",\"itemListElement\":[{\"@type\":\"ListItem\",\"position\":1,\"name\":\"Inicio\",\"item\":\"https:\\\/\\\/afc.cat\\\/es\\\/\"},{\"@type\":\"ListItem\",\"position\":2,\"name\":\"Portfolio\",\"item\":\"https:\\\/\\\/afc.cat\\\/galeria\\\/\"},{\"@type\":\"ListItem\",\"position\":3,\"name\":\"Clasificaci\u00f3n concurso Temes Obligats 2022-2023 MAYO\"}]},{\"@type\":\"WebSite\",\"@id\":\"https:\\\/\\\/afc.cat\\\/es\\\/#website\",\"url\":\"https:\\\/\\\/afc.cat\\\/es\\\/\",\"name\":\"Agrupaci\u00f3 Fotogr\u00e0fica de Catalunya\",\"description\":\"Fomento y divulgaci\u00f3n de la fotograf\u00eda en todas sus variedades\",\"potentialAction\":[{\"@type\":\"SearchAction\",\"target\":{\"@type\":\"EntryPoint\",\"urlTemplate\":\"https:\\\/\\\/afc.cat\\\/es\\\/?s={search_term_string}\"},\"query-input\":{\"@type\":\"PropertyValueSpecification\",\"valueRequired\":true,\"valueName\":\"search_term_string\"}}],\"inLanguage\":\"es\"}]}<\/script>\n<!-- \/ Yoast SEO plugin. -->","yoast_head_json":{"title":"Clasificaci\u00f3n concurso Temes Obligats 2022-2023 MAYO - Agrupaci\u00f3 Fotogr\u00e0fica de Catalunya","robots":{"index":"index","follow":"follow","max-snippet":"max-snippet:-1","max-image-preview":"max-image-preview:large","max-video-preview":"max-video-preview:-1"},"canonical":"https:\/\/afc.cat\/es\/galeria\/clasificacion-concurso-temes-obligats-2022-2023-mayo\/","og_locale":"es_ES","og_type":"article","og_title":"Clasificaci\u00f3n concurso Temes Obligats 2022-2023 MAYO - Agrupaci\u00f3 Fotogr\u00e0fica de Catalunya","og_url":"https:\/\/afc.cat\/es\/galeria\/clasificacion-concurso-temes-obligats-2022-2023-mayo\/","og_site_name":"Agrupaci\u00f3 Fotogr\u00e0fica de Catalunya","article_modified_time":"2023-09-07T20:56:04+00:00","og_image":[{"width":400,"height":265,"url":"https:\/\/afc.cat\/wp-content\/uploads\/2023\/09\/TEMES-OBLIGATS-MAYO-23-ESP.jpg","type":"image\/jpeg"}],"twitter_card":"summary_large_image","twitter_misc":{"Tiempo de lectura":"16 minutos"},"schema":{"@context":"https:\/\/schema.org","@graph":[{"@type":"WebPage","@id":"https:\/\/afc.cat\/es\/galeria\/clasificacion-concurso-temes-obligats-2022-2023-mayo\/","url":"https:\/\/afc.cat\/es\/galeria\/clasificacion-concurso-temes-obligats-2022-2023-mayo\/","name":"Clasificaci\u00f3n concurso Temes Obligats 2022-2023 MAYO - Agrupaci\u00f3 Fotogr\u00e0fica de Catalunya","isPartOf":{"@id":"https:\/\/afc.cat\/es\/#website"},"primaryImageOfPage":{"@id":"https:\/\/afc.cat\/es\/galeria\/clasificacion-concurso-temes-obligats-2022-2023-mayo\/#primaryimage"},"image":{"@id":"https:\/\/afc.cat\/es\/galeria\/clasificacion-concurso-temes-obligats-2022-2023-mayo\/#primaryimage"},"thumbnailUrl":"https:\/\/afc.cat\/wp-content\/uploads\/2023\/09\/TEMES-OBLIGATS-MAYO-23-ESP.jpg","datePublished":"2023-09-07T20:47:07+00:00","dateModified":"2023-09-07T20:56:04+00:00","breadcrumb":{"@id":"https:\/\/afc.cat\/es\/galeria\/clasificacion-concurso-temes-obligats-2022-2023-mayo\/#breadcrumb"},"inLanguage":"es","potentialAction":[{"@type":"ReadAction","target":["https:\/\/afc.cat\/es\/galeria\/clasificacion-concurso-temes-obligats-2022-2023-mayo\/"]}]},{"@type":"ImageObject","inLanguage":"es","@id":"https:\/\/afc.cat\/es\/galeria\/clasificacion-concurso-temes-obligats-2022-2023-mayo\/#primaryimage","url":"https:\/\/afc.cat\/wp-content\/uploads\/2023\/09\/TEMES-OBLIGATS-MAYO-23-ESP.jpg","contentUrl":"https:\/\/afc.cat\/wp-content\/uploads\/2023\/09\/TEMES-OBLIGATS-MAYO-23-ESP.jpg","width":400,"height":265},{"@type":"BreadcrumbList","@id":"https:\/\/afc.cat\/es\/galeria\/clasificacion-concurso-temes-obligats-2022-2023-mayo\/#breadcrumb","itemListElement":[{"@type":"ListItem","position":1,"name":"Inicio","item":"https:\/\/afc.cat\/es\/"},{"@type":"ListItem","position":2,"name":"Portfolio","item":"https:\/\/afc.cat\/galeria\/"},{"@type":"ListItem","position":3,"name":"Clasificaci\u00f3n concurso Temes Obligats 2022-2023 MAYO"}]},{"@type":"WebSite","@id":"https:\/\/afc.cat\/es\/#website","url":"https:\/\/afc.cat\/es\/","name":"Agrupaci\u00f3 Fotogr\u00e0fica de Catalunya","description":"Fomento y divulgaci\u00f3n de la fotograf\u00eda en todas sus variedades","potentialAction":[{"@type":"SearchAction","target":{"@type":"EntryPoint","urlTemplate":"https:\/\/afc.cat\/es\/?s={search_term_string}"},"query-input":{"@type":"PropertyValueSpecification","valueRequired":true,"valueName":"search_term_string"}}],"inLanguage":"es"}]}},"_links":{"self":[{"href":"https:\/\/afc.cat\/es\/wp-json\/wp\/v2\/avada_portfolio\/32764","targetHints":{"allow":["GET"]}}],"collection":[{"href":"https:\/\/afc.cat\/es\/wp-json\/wp\/v2\/avada_portfolio"}],"about":[{"href":"https:\/\/afc.cat\/es\/wp-json\/wp\/v2\/types\/avada_portfolio"}],"author":[{"embeddable":true,"href":"https:\/\/afc.cat\/es\/wp-json\/wp\/v2\/users\/33"}],"replies":[{"embeddable":true,"href":"https:\/\/afc.cat\/es\/wp-json\/wp\/v2\/comments?post=32764"}],"version-history":[{"count":9,"href":"https:\/\/afc.cat\/es\/wp-json\/wp\/v2\/avada_portfolio\/32764\/revisions"}],"predecessor-version":[{"id":34272,"href":"https:\/\/afc.cat\/es\/wp-json\/wp\/v2\/avada_portfolio\/32764\/revisions\/34272"}],"wp:featuredmedia":[{"embeddable":true,"href":"https:\/\/afc.cat\/es\/wp-json\/wp\/v2\/media\/34273"}],"wp:attachment":[{"href":"https:\/\/afc.cat\/es\/wp-json\/wp\/v2\/media?parent=32764"}],"wp:term":[{"taxonomy":"portfolio_category","embeddable":true,"href":"https:\/\/afc.cat\/es\/wp-json\/wp\/v2\/portfolio_category?post=32764"},{"taxonomy":"portfolio_skills","embeddable":true,"href":"https:\/\/afc.cat\/es\/wp-json\/wp\/v2\/portfolio_skills?post=32764"},{"taxonomy":"portfolio_tags","embeddable":true,"href":"https:\/\/afc.cat\/es\/wp-json\/wp\/v2\/portfolio_tags?post=32764"}],"curies":[{"name":"wp","href":"https:\/\/api.w.org\/{rel}","templated":true}]}}