{"id":34178,"date":"2023-09-07T20:55:41","date_gmt":"2023-09-07T18:55:41","guid":{"rendered":"https:\/\/afc.cat\/?post_type=avada_portfolio&#038;p=34178"},"modified":"2023-09-11T14:33:41","modified_gmt":"2023-09-11T12:33:41","slug":"nos-visitan-la-consejera-de-cultura-natalia-garriga-y-la-dir-del-patrimonio-cultural-sonia-hernandez","status":"publish","type":"avada_portfolio","link":"https:\/\/afc.cat\/es\/galeria\/nos-visitan-la-consejera-de-cultura-natalia-garriga-y-la-dir-del-patrimonio-cultural-sonia-hernandez\/","title":{"rendered":"Nos visitan la consejera de Cultura Nat\u00e0lia Garriga y la dir. del Patrimonio Cultural S\u00f2nia Hern\u00e1ndez"},"content":{"rendered":"<div class=\"fusion-fullwidth fullwidth-box fusion-builder-row-1 fusion-flex-container nonhundred-percent-fullwidth non-hundred-percent-height-scrolling\" style=\"background-color: rgba(255,255,255,0);background-position: center center;background-repeat: no-repeat;border-width: 0px 0px 0px 0px;border-color:#ffffff;border-style:solid;\" ><div class=\"fusion-builder-row fusion-row fusion-flex-align-items-flex-start\" style=\"max-width:1300px;margin-left: calc(-4% \/ 2 );margin-right: calc(-4% \/ 2 );\"><div class=\"fusion-layout-column fusion_builder_column fusion-builder-column-0 fusion_builder_column_1_1 1_1 fusion-flex-column\"><div class=\"fusion-column-wrapper fusion-flex-justify-content-flex-start fusion-content-layout-column\" style=\"background-position:left top;background-repeat:no-repeat;-webkit-background-size:cover;-moz-background-size:cover;-o-background-size:cover;background-size:cover;padding: 0px 0px 0px 0px;\"><div class=\"fusion-text fusion-text-1\"><h2>Visita de la consellera de Cultura Nat\u00e0lia Garriga y la directora general del patrimoni Cultural S\u00f2nia Hern\u00e1ndez<\/h2>\n<p>El pasado mi\u00e9rcoles 30 de agosto, y dentro de los actos de celebraci\u00f3n del Centenario del AFC, hemos tenido el placer de recibir la visita de la<strong> Hble. Sra. Nat\u00e0lia Garriga, consejera de Cultura y de la directora general del Patrimonio Cultural la Hble. Sra. S\u00f2nia Hern\u00e1ndez<\/strong> las dos de la <strong>Generalitat de Catalunya<\/strong>.<\/p>\n<p>En primer lugar, la visita ha empezado por el <strong>Archivo Fotogr\u00e1fico de Barcelona<\/strong> donde la AFC tiene la exposici\u00f3n <strong>\u201cDel pictorialismo a la modernidad\u201d<\/strong>. Han sido recibidas por nuestro presidente <strong>Pere Puigdollers<\/strong>, la vocal de nuestro Archivo <strong>Francesca Portol\u00e9s<\/strong>, por el director del AFB<strong> Oleguer Benaiges<\/strong> y por <strong>compa\u00f1eros de la Agrupaci\u00f3n<\/strong>. Francesca Portol\u00e9s, junto con el presidente les han explicado el recorrido de la exposici\u00f3n. M\u00e1s tarde se han dirigido a nuestra sede donde han sido recibidas por los socios, se les ha hecho una breve historia de la Agrupaci\u00f3n, se las ha guiado por la exposici\u00f3n <strong>\u201cFotograf\u00eda y patrimonio\u201d<\/strong> que tenemos actualmente en la<strong> sala Bruno Argem\u00ed<\/strong> y a continuaci\u00f3n se les ha mostrado las instalaciones de nuestra entidad.<\/p>\n<p>Muy amablemente, al finalizar el acto, han posado con los asistentes y hemos hecho unas fotograf\u00edas para recordar el acontecimiento:<\/p>\n<\/div><style type=\"text\/css\">.fusion-gallery-1 .fusion-gallery-image {border:0px solid #e2e2e2;}<\/style><div class=\"fusion-gallery fusion-gallery-container fusion-grid-4 fusion-columns-total-20 fusion-gallery-layout-masonry fusion-gallery-1\" style=\"margin:-5px;\"><div class=\"fusion-grid-column fusion-gallery-column fusion-gallery-column-4 hover-type-zoomin fusion-grid-sizer\"><\/div><div style=\"padding:5px;\" class=\"fusion-grid-column fusion-gallery-column fusion-gallery-column-4 hover-type-zoomin fusion-element-landscape fusion-element-portrait\"><div class=\"fusion-gallery-image\"><a href=\"https:\/\/afc.cat\/wp-content\/uploads\/2023\/09\/Visita-Consellera-Cultura-1.jpg\" data-title=\"Visita Consellera Cultura (1)\" title=\"Visita Consellera Cultura (1)\" rel=\"noreferrer\" data-rel=\"iLightbox[gallery_image_1]\" class=\"fusion-lightbox\" target=\"_self\"><div style=\"background-image:url(https:\/\/afc.cat\/wp-content\/uploads\/2023\/09\/Visita-Consellera-Cultura-1.jpg);padding-top:calc((100% + 10px) * 0.8);\" class=\"fusion-masonry-element-container\"><img decoding=\"async\" src=\"https:\/\/afc.cat\/wp-content\/uploads\/2023\/09\/Visita-Consellera-Cultura-1.jpg\" width=\"1350\" height=\"900\" alt=\"\" title=\"Visita Consellera Cultura (1)\" aria-label=\"Visita Consellera Cultura (1)\" class=\"img-responsive wp-image-34137\" srcset=\"https:\/\/afc.cat\/wp-content\/uploads\/2023\/09\/Visita-Consellera-Cultura-1-200x133.jpg 200w, https:\/\/afc.cat\/wp-content\/uploads\/2023\/09\/Visita-Consellera-Cultura-1-400x267.jpg 400w, https:\/\/afc.cat\/wp-content\/uploads\/2023\/09\/Visita-Consellera-Cultura-1-600x400.jpg 600w, https:\/\/afc.cat\/wp-content\/uploads\/2023\/09\/Visita-Consellera-Cultura-1-800x533.jpg 800w, https:\/\/afc.cat\/wp-content\/uploads\/2023\/09\/Visita-Consellera-Cultura-1-1200x800.jpg 1200w, https:\/\/afc.cat\/wp-content\/uploads\/2023\/09\/Visita-Consellera-Cultura-1.jpg 1350w\" sizes=\"(min-width: 2200px) 100vw, (min-width: 736px) 623px, (min-width: 640px) 736px, \" \/><\/div><\/a><\/div><\/div><div style=\"padding:5px;\" class=\"fusion-grid-column fusion-gallery-column fusion-gallery-column-4 hover-type-zoomin fusion-element-portrait\"><div class=\"fusion-gallery-image\"><a href=\"https:\/\/afc.cat\/wp-content\/uploads\/2023\/09\/Visita-Consellera-Cultura-2.jpg\" data-title=\"Visita Consellera Cultura (2)\" title=\"Visita Consellera Cultura (2)\" rel=\"noreferrer\" data-rel=\"iLightbox[gallery_image_1]\" class=\"fusion-lightbox\" target=\"_self\"><div style=\"background-image:url(https:\/\/afc.cat\/wp-content\/uploads\/2023\/09\/Visita-Consellera-Cultura-2.jpg);padding-top:calc((100% + 10px) * 1.6);\" class=\"fusion-masonry-element-container\"><img decoding=\"async\" src=\"https:\/\/afc.cat\/wp-content\/uploads\/2023\/09\/Visita-Consellera-Cultura-2.jpg\" width=\"600\" height=\"900\" alt=\"\" title=\"Visita Consellera Cultura (2)\" aria-label=\"Visita Consellera Cultura (2)\" class=\"img-responsive wp-image-34139\" srcset=\"https:\/\/afc.cat\/wp-content\/uploads\/2023\/09\/Visita-Consellera-Cultura-2-200x300.jpg 200w, https:\/\/afc.cat\/wp-content\/uploads\/2023\/09\/Visita-Consellera-Cultura-2-400x600.jpg 400w, https:\/\/afc.cat\/wp-content\/uploads\/2023\/09\/Visita-Consellera-Cultura-2.jpg 600w\" sizes=\"(min-width: 2200px) 100vw, (min-width: 928px) 309px, (min-width: 832px) 412px, (min-width: 736px) 618px, (min-width: 640px) 736px, \" \/><\/div><\/a><\/div><\/div><div style=\"padding:5px;\" class=\"fusion-grid-column fusion-gallery-column fusion-gallery-column-4 hover-type-zoomin fusion-element-landscape fusion-element-portrait\"><div class=\"fusion-gallery-image\"><a href=\"https:\/\/afc.cat\/wp-content\/uploads\/2023\/09\/Visita-Consellera-Cultura-3.jpg\" data-title=\"Visita Consellera Cultura (3)\" title=\"Visita Consellera Cultura (3)\" rel=\"noreferrer\" data-rel=\"iLightbox[gallery_image_1]\" class=\"fusion-lightbox\" target=\"_self\"><div style=\"background-image:url(https:\/\/afc.cat\/wp-content\/uploads\/2023\/09\/Visita-Consellera-Cultura-3.jpg);padding-top:calc((100% + 10px) * 0.8);\" class=\"fusion-masonry-element-container\"><img decoding=\"async\" src=\"https:\/\/afc.cat\/wp-content\/uploads\/2023\/09\/Visita-Consellera-Cultura-3.jpg\" width=\"900\" height=\"900\" alt=\"\" title=\"Visita Consellera Cultura (3)\" aria-label=\"Visita Consellera Cultura (3)\" class=\"img-responsive wp-image-34141\" srcset=\"https:\/\/afc.cat\/wp-content\/uploads\/2023\/09\/Visita-Consellera-Cultura-3-200x200.jpg 200w, https:\/\/afc.cat\/wp-content\/uploads\/2023\/09\/Visita-Consellera-Cultura-3-400x400.jpg 400w, https:\/\/afc.cat\/wp-content\/uploads\/2023\/09\/Visita-Consellera-Cultura-3-600x600.jpg 600w, https:\/\/afc.cat\/wp-content\/uploads\/2023\/09\/Visita-Consellera-Cultura-3-800x800.jpg 800w, https:\/\/afc.cat\/wp-content\/uploads\/2023\/09\/Visita-Consellera-Cultura-3.jpg 900w\" sizes=\"(min-width: 2200px) 100vw, (min-width: 736px) 623px, (min-width: 640px) 736px, \" \/><\/div><\/a><\/div><\/div><div style=\"padding:5px;\" class=\"fusion-grid-column fusion-gallery-column fusion-gallery-column-4 hover-type-zoomin fusion-element-portrait\"><div class=\"fusion-gallery-image\"><a href=\"https:\/\/afc.cat\/wp-content\/uploads\/2023\/09\/Visita-Consellera-Cultura-4.jpg\" data-title=\"Visita Consellera Cultura (4)\" title=\"Visita Consellera Cultura (4)\" rel=\"noreferrer\" data-rel=\"iLightbox[gallery_image_1]\" class=\"fusion-lightbox\" target=\"_self\"><div style=\"background-image:url(https:\/\/afc.cat\/wp-content\/uploads\/2023\/09\/Visita-Consellera-Cultura-4.jpg);padding-top:calc((100% + 10px) * 1.6);\" class=\"fusion-masonry-element-container\"><img decoding=\"async\" src=\"https:\/\/afc.cat\/wp-content\/uploads\/2023\/09\/Visita-Consellera-Cultura-4.jpg\" width=\"720\" height=\"900\" alt=\"\" title=\"Visita Consellera Cultura (4)\" aria-label=\"Visita Consellera Cultura (4)\" class=\"img-responsive wp-image-34143\" srcset=\"https:\/\/afc.cat\/wp-content\/uploads\/2023\/09\/Visita-Consellera-Cultura-4-200x250.jpg 200w, https:\/\/afc.cat\/wp-content\/uploads\/2023\/09\/Visita-Consellera-Cultura-4-400x500.jpg 400w, https:\/\/afc.cat\/wp-content\/uploads\/2023\/09\/Visita-Consellera-Cultura-4-600x750.jpg 600w, https:\/\/afc.cat\/wp-content\/uploads\/2023\/09\/Visita-Consellera-Cultura-4.jpg 720w\" sizes=\"(min-width: 2200px) 100vw, (min-width: 928px) 309px, (min-width: 832px) 412px, (min-width: 736px) 618px, (min-width: 640px) 736px, \" \/><\/div><\/a><\/div><\/div><div style=\"padding:5px;\" class=\"fusion-grid-column fusion-gallery-column fusion-gallery-column-4 hover-type-zoomin fusion-element-landscape fusion-element-portrait\"><div class=\"fusion-gallery-image\"><a href=\"https:\/\/afc.cat\/wp-content\/uploads\/2023\/09\/Visita-Consellera-Cultura-5.jpg\" data-title=\"Visita Consellera Cultura (5)\" title=\"Visita Consellera Cultura (5)\" rel=\"noreferrer\" data-rel=\"iLightbox[gallery_image_1]\" class=\"fusion-lightbox\" target=\"_self\"><div style=\"background-image:url(https:\/\/afc.cat\/wp-content\/uploads\/2023\/09\/Visita-Consellera-Cultura-5.jpg);padding-top:calc((100% + 10px) * 0.8);\" class=\"fusion-masonry-element-container\"><img decoding=\"async\" src=\"https:\/\/afc.cat\/wp-content\/uploads\/2023\/09\/Visita-Consellera-Cultura-5.jpg\" width=\"1350\" height=\"900\" alt=\"\" title=\"Visita Consellera Cultura (5)\" aria-label=\"Visita Consellera Cultura (5)\" class=\"img-responsive wp-image-34145\" srcset=\"https:\/\/afc.cat\/wp-content\/uploads\/2023\/09\/Visita-Consellera-Cultura-5-200x133.jpg 200w, https:\/\/afc.cat\/wp-content\/uploads\/2023\/09\/Visita-Consellera-Cultura-5-400x267.jpg 400w, https:\/\/afc.cat\/wp-content\/uploads\/2023\/09\/Visita-Consellera-Cultura-5-600x400.jpg 600w, https:\/\/afc.cat\/wp-content\/uploads\/2023\/09\/Visita-Consellera-Cultura-5-800x533.jpg 800w, https:\/\/afc.cat\/wp-content\/uploads\/2023\/09\/Visita-Consellera-Cultura-5-1200x800.jpg 1200w, https:\/\/afc.cat\/wp-content\/uploads\/2023\/09\/Visita-Consellera-Cultura-5.jpg 1350w\" sizes=\"(min-width: 2200px) 100vw, (min-width: 736px) 623px, (min-width: 640px) 736px, \" \/><\/div><\/a><\/div><\/div><div style=\"padding:5px;\" class=\"fusion-grid-column fusion-gallery-column fusion-gallery-column-4 hover-type-zoomin fusion-element-landscape fusion-element-portrait\"><div class=\"fusion-gallery-image\"><a href=\"https:\/\/afc.cat\/wp-content\/uploads\/2023\/09\/Visita-Consellera-Cultura-6.jpg\" data-title=\"Visita Consellera Cultura (6)\" title=\"Visita Consellera Cultura (6)\" rel=\"noreferrer\" data-rel=\"iLightbox[gallery_image_1]\" class=\"fusion-lightbox\" target=\"_self\"><div style=\"background-image:url(https:\/\/afc.cat\/wp-content\/uploads\/2023\/09\/Visita-Consellera-Cultura-6.jpg);padding-top:calc((100% + 10px) * 0.8);\" class=\"fusion-masonry-element-container\"><img decoding=\"async\" src=\"https:\/\/afc.cat\/wp-content\/uploads\/2023\/09\/Visita-Consellera-Cultura-6.jpg\" width=\"900\" height=\"900\" alt=\"\" title=\"Visita Consellera Cultura (6)\" aria-label=\"Visita Consellera Cultura (6)\" class=\"img-responsive wp-image-34147\" srcset=\"https:\/\/afc.cat\/wp-content\/uploads\/2023\/09\/Visita-Consellera-Cultura-6-200x200.jpg 200w, https:\/\/afc.cat\/wp-content\/uploads\/2023\/09\/Visita-Consellera-Cultura-6-400x400.jpg 400w, https:\/\/afc.cat\/wp-content\/uploads\/2023\/09\/Visita-Consellera-Cultura-6-600x600.jpg 600w, https:\/\/afc.cat\/wp-content\/uploads\/2023\/09\/Visita-Consellera-Cultura-6-800x800.jpg 800w, https:\/\/afc.cat\/wp-content\/uploads\/2023\/09\/Visita-Consellera-Cultura-6.jpg 900w\" sizes=\"(min-width: 2200px) 100vw, (min-width: 736px) 623px, (min-width: 640px) 736px, \" \/><\/div><\/a><\/div><\/div><div style=\"padding:5px;\" class=\"fusion-grid-column fusion-gallery-column fusion-gallery-column-4 hover-type-zoomin fusion-element-landscape fusion-element-portrait\"><div class=\"fusion-gallery-image\"><a href=\"https:\/\/afc.cat\/wp-content\/uploads\/2023\/09\/Visita-Consellera-Cultura-7.jpg\" data-title=\"Visita Consellera Cultura (7)\" title=\"Visita Consellera Cultura (7)\" rel=\"noreferrer\" data-rel=\"iLightbox[gallery_image_1]\" class=\"fusion-lightbox\" target=\"_self\"><div style=\"background-image:url(https:\/\/afc.cat\/wp-content\/uploads\/2023\/09\/Visita-Consellera-Cultura-7.jpg);padding-top:calc((100% + 10px) * 0.8);\" class=\"fusion-masonry-element-container\"><img decoding=\"async\" src=\"https:\/\/afc.cat\/wp-content\/uploads\/2023\/09\/Visita-Consellera-Cultura-7.jpg\" width=\"1350\" height=\"900\" alt=\"\" title=\"Visita Consellera Cultura (7)\" aria-label=\"Visita Consellera Cultura (7)\" class=\"img-responsive wp-image-34149\" srcset=\"https:\/\/afc.cat\/wp-content\/uploads\/2023\/09\/Visita-Consellera-Cultura-7-200x133.jpg 200w, https:\/\/afc.cat\/wp-content\/uploads\/2023\/09\/Visita-Consellera-Cultura-7-400x267.jpg 400w, https:\/\/afc.cat\/wp-content\/uploads\/2023\/09\/Visita-Consellera-Cultura-7-600x400.jpg 600w, https:\/\/afc.cat\/wp-content\/uploads\/2023\/09\/Visita-Consellera-Cultura-7-800x533.jpg 800w, https:\/\/afc.cat\/wp-content\/uploads\/2023\/09\/Visita-Consellera-Cultura-7-1200x800.jpg 1200w, https:\/\/afc.cat\/wp-content\/uploads\/2023\/09\/Visita-Consellera-Cultura-7.jpg 1350w\" sizes=\"(min-width: 2200px) 100vw, (min-width: 736px) 623px, (min-width: 640px) 736px, \" \/><\/div><\/a><\/div><\/div><div style=\"padding:5px;\" class=\"fusion-grid-column fusion-gallery-column fusion-gallery-column-4 hover-type-zoomin fusion-element-landscape fusion-element-portrait\"><div class=\"fusion-gallery-image\"><a href=\"https:\/\/afc.cat\/wp-content\/uploads\/2023\/09\/Visita-Consellera-Cultura-8.jpg\" data-title=\"Visita Consellera Cultura (8)\" title=\"Visita Consellera Cultura (8)\" rel=\"noreferrer\" data-rel=\"iLightbox[gallery_image_1]\" class=\"fusion-lightbox\" target=\"_self\"><div style=\"background-image:url(https:\/\/afc.cat\/wp-content\/uploads\/2023\/09\/Visita-Consellera-Cultura-8.jpg);padding-top:calc((100% + 10px) * 0.8);\" class=\"fusion-masonry-element-container\"><img decoding=\"async\" src=\"https:\/\/afc.cat\/wp-content\/uploads\/2023\/09\/Visita-Consellera-Cultura-8.jpg\" width=\"1350\" height=\"900\" alt=\"\" title=\"Visita Consellera Cultura (8)\" aria-label=\"Visita Consellera Cultura (8)\" class=\"img-responsive wp-image-34151\" srcset=\"https:\/\/afc.cat\/wp-content\/uploads\/2023\/09\/Visita-Consellera-Cultura-8-200x133.jpg 200w, https:\/\/afc.cat\/wp-content\/uploads\/2023\/09\/Visita-Consellera-Cultura-8-400x267.jpg 400w, https:\/\/afc.cat\/wp-content\/uploads\/2023\/09\/Visita-Consellera-Cultura-8-600x400.jpg 600w, https:\/\/afc.cat\/wp-content\/uploads\/2023\/09\/Visita-Consellera-Cultura-8-800x533.jpg 800w, https:\/\/afc.cat\/wp-content\/uploads\/2023\/09\/Visita-Consellera-Cultura-8-1200x800.jpg 1200w, https:\/\/afc.cat\/wp-content\/uploads\/2023\/09\/Visita-Consellera-Cultura-8.jpg 1350w\" sizes=\"(min-width: 2200px) 100vw, (min-width: 736px) 623px, (min-width: 640px) 736px, \" \/><\/div><\/a><\/div><\/div><div style=\"padding:5px;\" class=\"fusion-grid-column fusion-gallery-column fusion-gallery-column-4 hover-type-zoomin fusion-element-landscape\"><div class=\"fusion-gallery-image\"><a href=\"https:\/\/afc.cat\/wp-content\/uploads\/2023\/09\/Visita-Consellera-Cultura-9.jpg\" data-title=\"Visita Consellera Cultura (9)\" title=\"Visita Consellera Cultura (9)\" rel=\"noreferrer\" data-rel=\"iLightbox[gallery_image_1]\" class=\"fusion-lightbox\" target=\"_self\"><div style=\"background-image:url(https:\/\/afc.cat\/wp-content\/uploads\/2023\/09\/Visita-Consellera-Cultura-9.jpg);padding-top:calc((100% + 10px) * 0.4 - 5px);\" class=\"fusion-masonry-element-container\"><img decoding=\"async\" src=\"https:\/\/afc.cat\/wp-content\/uploads\/2023\/09\/Visita-Consellera-Cultura-9.jpg\" width=\"1903\" height=\"900\" alt=\"\" title=\"Visita Consellera Cultura (9)\" aria-label=\"Visita Consellera Cultura (9)\" class=\"img-responsive wp-image-34153\" srcset=\"https:\/\/afc.cat\/wp-content\/uploads\/2023\/09\/Visita-Consellera-Cultura-9-200x95.jpg 200w, https:\/\/afc.cat\/wp-content\/uploads\/2023\/09\/Visita-Consellera-Cultura-9-400x189.jpg 400w, https:\/\/afc.cat\/wp-content\/uploads\/2023\/09\/Visita-Consellera-Cultura-9-600x284.jpg 600w, https:\/\/afc.cat\/wp-content\/uploads\/2023\/09\/Visita-Consellera-Cultura-9-800x378.jpg 800w, https:\/\/afc.cat\/wp-content\/uploads\/2023\/09\/Visita-Consellera-Cultura-9-1200x568.jpg 1200w, https:\/\/afc.cat\/wp-content\/uploads\/2023\/09\/Visita-Consellera-Cultura-9.jpg 1903w\" sizes=\"(min-width: 2200px) 100vw, (min-width: 736px) 623px, (min-width: 640px) 736px, \" \/><\/div><\/a><\/div><\/div><div style=\"padding:5px;\" class=\"fusion-grid-column fusion-gallery-column fusion-gallery-column-4 hover-type-zoomin fusion-element-landscape fusion-element-portrait\"><div class=\"fusion-gallery-image\"><a href=\"https:\/\/afc.cat\/wp-content\/uploads\/2023\/09\/Visita-Consellera-Cultura-10.jpg\" data-title=\"Visita Consellera Cultura (10)\" title=\"Visita Consellera Cultura (10)\" rel=\"noreferrer\" data-rel=\"iLightbox[gallery_image_1]\" class=\"fusion-lightbox\" target=\"_self\"><div style=\"background-image:url(https:\/\/afc.cat\/wp-content\/uploads\/2023\/09\/Visita-Consellera-Cultura-10.jpg);padding-top:calc((100% + 10px) * 0.8);\" class=\"fusion-masonry-element-container\"><img decoding=\"async\" src=\"https:\/\/afc.cat\/wp-content\/uploads\/2023\/09\/Visita-Consellera-Cultura-10.jpg\" width=\"1126\" height=\"900\" alt=\"\" title=\"Visita Consellera Cultura (10)\" aria-label=\"Visita Consellera Cultura (10)\" class=\"img-responsive wp-image-34155\" srcset=\"https:\/\/afc.cat\/wp-content\/uploads\/2023\/09\/Visita-Consellera-Cultura-10-200x160.jpg 200w, https:\/\/afc.cat\/wp-content\/uploads\/2023\/09\/Visita-Consellera-Cultura-10-400x320.jpg 400w, https:\/\/afc.cat\/wp-content\/uploads\/2023\/09\/Visita-Consellera-Cultura-10-600x480.jpg 600w, https:\/\/afc.cat\/wp-content\/uploads\/2023\/09\/Visita-Consellera-Cultura-10-800x639.jpg 800w, https:\/\/afc.cat\/wp-content\/uploads\/2023\/09\/Visita-Consellera-Cultura-10.jpg 1126w\" sizes=\"(min-width: 2200px) 100vw, (min-width: 736px) 623px, (min-width: 640px) 736px, \" \/><\/div><\/a><\/div><\/div><div style=\"padding:5px;\" class=\"fusion-grid-column fusion-gallery-column fusion-gallery-column-4 hover-type-zoomin fusion-element-landscape fusion-element-portrait\"><div class=\"fusion-gallery-image\"><a href=\"https:\/\/afc.cat\/wp-content\/uploads\/2023\/09\/Visita-Consellera-Cultura-11.jpg\" data-title=\"Visita Consellera Cultura (11)\" title=\"Visita Consellera Cultura (11)\" rel=\"noreferrer\" data-rel=\"iLightbox[gallery_image_1]\" class=\"fusion-lightbox\" target=\"_self\"><div style=\"background-image:url(https:\/\/afc.cat\/wp-content\/uploads\/2023\/09\/Visita-Consellera-Cultura-11.jpg);padding-top:calc((100% + 10px) * 0.8);\" class=\"fusion-masonry-element-container\"><img decoding=\"async\" src=\"https:\/\/afc.cat\/wp-content\/uploads\/2023\/09\/Visita-Consellera-Cultura-11.jpg\" width=\"1350\" height=\"900\" alt=\"\" title=\"Visita Consellera Cultura (11)\" aria-label=\"Visita Consellera Cultura (11)\" class=\"img-responsive wp-image-34157\" srcset=\"https:\/\/afc.cat\/wp-content\/uploads\/2023\/09\/Visita-Consellera-Cultura-11-200x133.jpg 200w, https:\/\/afc.cat\/wp-content\/uploads\/2023\/09\/Visita-Consellera-Cultura-11-400x267.jpg 400w, https:\/\/afc.cat\/wp-content\/uploads\/2023\/09\/Visita-Consellera-Cultura-11-600x400.jpg 600w, https:\/\/afc.cat\/wp-content\/uploads\/2023\/09\/Visita-Consellera-Cultura-11-800x533.jpg 800w, https:\/\/afc.cat\/wp-content\/uploads\/2023\/09\/Visita-Consellera-Cultura-11-1200x800.jpg 1200w, https:\/\/afc.cat\/wp-content\/uploads\/2023\/09\/Visita-Consellera-Cultura-11.jpg 1350w\" sizes=\"(min-width: 2200px) 100vw, (min-width: 736px) 623px, (min-width: 640px) 736px, \" \/><\/div><\/a><\/div><\/div><div style=\"padding:5px;\" class=\"fusion-grid-column fusion-gallery-column fusion-gallery-column-4 hover-type-zoomin fusion-element-portrait\"><div class=\"fusion-gallery-image\"><a href=\"https:\/\/afc.cat\/wp-content\/uploads\/2023\/09\/Visita-Consellera-Cultura-12.jpg\" data-title=\"Visita Consellera Cultura (12)\" title=\"Visita Consellera Cultura (12)\" rel=\"noreferrer\" data-rel=\"iLightbox[gallery_image_1]\" class=\"fusion-lightbox\" target=\"_self\"><div style=\"background-image:url(https:\/\/afc.cat\/wp-content\/uploads\/2023\/09\/Visita-Consellera-Cultura-12.jpg);padding-top:calc((100% + 10px) * 1.6);\" class=\"fusion-masonry-element-container\"><img decoding=\"async\" src=\"https:\/\/afc.cat\/wp-content\/uploads\/2023\/09\/Visita-Consellera-Cultura-12.jpg\" width=\"588\" height=\"900\" alt=\"\" title=\"Visita Consellera Cultura (12)\" aria-label=\"Visita Consellera Cultura (12)\" class=\"img-responsive wp-image-34159\" srcset=\"https:\/\/afc.cat\/wp-content\/uploads\/2023\/09\/Visita-Consellera-Cultura-12-200x306.jpg 200w, https:\/\/afc.cat\/wp-content\/uploads\/2023\/09\/Visita-Consellera-Cultura-12-400x612.jpg 400w, https:\/\/afc.cat\/wp-content\/uploads\/2023\/09\/Visita-Consellera-Cultura-12.jpg 588w\" sizes=\"(min-width: 2200px) 100vw, (min-width: 928px) 309px, (min-width: 832px) 412px, (min-width: 736px) 618px, (min-width: 640px) 736px, \" \/><\/div><\/a><\/div><\/div><div style=\"padding:5px;\" class=\"fusion-grid-column fusion-gallery-column fusion-gallery-column-4 hover-type-zoomin fusion-element-landscape fusion-element-portrait\"><div class=\"fusion-gallery-image\"><a href=\"https:\/\/afc.cat\/wp-content\/uploads\/2023\/09\/Visita-Consellera-Cultura-13.jpg\" data-title=\"Visita Consellera Cultura (13)\" title=\"Visita Consellera Cultura (13)\" rel=\"noreferrer\" data-rel=\"iLightbox[gallery_image_1]\" class=\"fusion-lightbox\" target=\"_self\"><div style=\"background-image:url(https:\/\/afc.cat\/wp-content\/uploads\/2023\/09\/Visita-Consellera-Cultura-13.jpg);padding-top:calc((100% + 10px) * 0.8);\" class=\"fusion-masonry-element-container\"><img decoding=\"async\" src=\"https:\/\/afc.cat\/wp-content\/uploads\/2023\/09\/Visita-Consellera-Cultura-13.jpg\" width=\"1350\" height=\"900\" alt=\"\" title=\"Visita Consellera Cultura (13)\" aria-label=\"Visita Consellera Cultura (13)\" class=\"img-responsive wp-image-34161\" srcset=\"https:\/\/afc.cat\/wp-content\/uploads\/2023\/09\/Visita-Consellera-Cultura-13-200x133.jpg 200w, https:\/\/afc.cat\/wp-content\/uploads\/2023\/09\/Visita-Consellera-Cultura-13-400x267.jpg 400w, https:\/\/afc.cat\/wp-content\/uploads\/2023\/09\/Visita-Consellera-Cultura-13-600x400.jpg 600w, https:\/\/afc.cat\/wp-content\/uploads\/2023\/09\/Visita-Consellera-Cultura-13-800x533.jpg 800w, https:\/\/afc.cat\/wp-content\/uploads\/2023\/09\/Visita-Consellera-Cultura-13-1200x800.jpg 1200w, https:\/\/afc.cat\/wp-content\/uploads\/2023\/09\/Visita-Consellera-Cultura-13.jpg 1350w\" sizes=\"(min-width: 2200px) 100vw, (min-width: 736px) 623px, (min-width: 640px) 736px, \" \/><\/div><\/a><\/div><\/div><div style=\"padding:5px;\" class=\"fusion-grid-column fusion-gallery-column fusion-gallery-column-4 hover-type-zoomin fusion-element-landscape fusion-element-portrait\"><div class=\"fusion-gallery-image\"><a href=\"https:\/\/afc.cat\/wp-content\/uploads\/2023\/09\/Visita-Consellera-Cultura-14.jpg\" data-title=\"Visita Consellera Cultura (14)\" title=\"Visita Consellera Cultura (14)\" rel=\"noreferrer\" data-rel=\"iLightbox[gallery_image_1]\" class=\"fusion-lightbox\" target=\"_self\"><div style=\"background-image:url(https:\/\/afc.cat\/wp-content\/uploads\/2023\/09\/Visita-Consellera-Cultura-14.jpg);padding-top:calc((100% + 10px) * 0.8);\" class=\"fusion-masonry-element-container\"><img decoding=\"async\" src=\"https:\/\/afc.cat\/wp-content\/uploads\/2023\/09\/Visita-Consellera-Cultura-14.jpg\" width=\"1350\" height=\"900\" alt=\"\" title=\"Visita Consellera Cultura (14)\" aria-label=\"Visita Consellera Cultura (14)\" class=\"img-responsive wp-image-34163\" srcset=\"https:\/\/afc.cat\/wp-content\/uploads\/2023\/09\/Visita-Consellera-Cultura-14-200x133.jpg 200w, https:\/\/afc.cat\/wp-content\/uploads\/2023\/09\/Visita-Consellera-Cultura-14-400x267.jpg 400w, https:\/\/afc.cat\/wp-content\/uploads\/2023\/09\/Visita-Consellera-Cultura-14-600x400.jpg 600w, https:\/\/afc.cat\/wp-content\/uploads\/2023\/09\/Visita-Consellera-Cultura-14-800x533.jpg 800w, https:\/\/afc.cat\/wp-content\/uploads\/2023\/09\/Visita-Consellera-Cultura-14-1200x800.jpg 1200w, https:\/\/afc.cat\/wp-content\/uploads\/2023\/09\/Visita-Consellera-Cultura-14.jpg 1350w\" sizes=\"(min-width: 2200px) 100vw, (min-width: 736px) 623px, (min-width: 640px) 736px, \" \/><\/div><\/a><\/div><\/div><div style=\"padding:5px;\" class=\"fusion-grid-column fusion-gallery-column fusion-gallery-column-4 hover-type-zoomin fusion-element-landscape fusion-element-portrait\"><div class=\"fusion-gallery-image\"><a href=\"https:\/\/afc.cat\/wp-content\/uploads\/2023\/09\/Visita-Consellera-Cultura-15.jpg\" data-title=\"Visita Consellera Cultura (15)\" title=\"Visita Consellera Cultura (15)\" rel=\"noreferrer\" data-rel=\"iLightbox[gallery_image_1]\" class=\"fusion-lightbox\" target=\"_self\"><div style=\"background-image:url(https:\/\/afc.cat\/wp-content\/uploads\/2023\/09\/Visita-Consellera-Cultura-15.jpg);padding-top:calc((100% + 10px) * 0.8);\" class=\"fusion-masonry-element-container\"><img decoding=\"async\" src=\"https:\/\/afc.cat\/wp-content\/uploads\/2023\/09\/Visita-Consellera-Cultura-15.jpg\" width=\"1350\" height=\"900\" alt=\"\" title=\"Visita Consellera Cultura (15)\" aria-label=\"Visita Consellera Cultura (15)\" class=\"img-responsive wp-image-34165\" srcset=\"https:\/\/afc.cat\/wp-content\/uploads\/2023\/09\/Visita-Consellera-Cultura-15-200x133.jpg 200w, https:\/\/afc.cat\/wp-content\/uploads\/2023\/09\/Visita-Consellera-Cultura-15-400x267.jpg 400w, https:\/\/afc.cat\/wp-content\/uploads\/2023\/09\/Visita-Consellera-Cultura-15-600x400.jpg 600w, https:\/\/afc.cat\/wp-content\/uploads\/2023\/09\/Visita-Consellera-Cultura-15-800x533.jpg 800w, https:\/\/afc.cat\/wp-content\/uploads\/2023\/09\/Visita-Consellera-Cultura-15-1200x800.jpg 1200w, https:\/\/afc.cat\/wp-content\/uploads\/2023\/09\/Visita-Consellera-Cultura-15.jpg 1350w\" sizes=\"(min-width: 2200px) 100vw, (min-width: 736px) 623px, (min-width: 640px) 736px, \" \/><\/div><\/a><\/div><\/div><div style=\"padding:5px;\" class=\"fusion-grid-column fusion-gallery-column fusion-gallery-column-4 hover-type-zoomin fusion-element-landscape fusion-element-portrait\"><div class=\"fusion-gallery-image\"><a href=\"https:\/\/afc.cat\/wp-content\/uploads\/2023\/09\/Visita-Consellera-Cultura-16.jpg\" data-title=\"Visita Consellera Cultura (16)\" title=\"Visita Consellera Cultura (16)\" rel=\"noreferrer\" data-rel=\"iLightbox[gallery_image_1]\" class=\"fusion-lightbox\" target=\"_self\"><div style=\"background-image:url(https:\/\/afc.cat\/wp-content\/uploads\/2023\/09\/Visita-Consellera-Cultura-16.jpg);padding-top:calc((100% + 10px) * 0.8);\" class=\"fusion-masonry-element-container\"><img decoding=\"async\" src=\"https:\/\/afc.cat\/wp-content\/uploads\/2023\/09\/Visita-Consellera-Cultura-16.jpg\" width=\"1327\" height=\"900\" alt=\"\" title=\"Visita Consellera Cultura (16)\" aria-label=\"Visita Consellera Cultura (16)\" class=\"img-responsive wp-image-34167\" srcset=\"https:\/\/afc.cat\/wp-content\/uploads\/2023\/09\/Visita-Consellera-Cultura-16-200x136.jpg 200w, https:\/\/afc.cat\/wp-content\/uploads\/2023\/09\/Visita-Consellera-Cultura-16-400x271.jpg 400w, https:\/\/afc.cat\/wp-content\/uploads\/2023\/09\/Visita-Consellera-Cultura-16-600x407.jpg 600w, https:\/\/afc.cat\/wp-content\/uploads\/2023\/09\/Visita-Consellera-Cultura-16-800x543.jpg 800w, https:\/\/afc.cat\/wp-content\/uploads\/2023\/09\/Visita-Consellera-Cultura-16-1200x814.jpg 1200w, https:\/\/afc.cat\/wp-content\/uploads\/2023\/09\/Visita-Consellera-Cultura-16.jpg 1327w\" sizes=\"(min-width: 2200px) 100vw, (min-width: 736px) 623px, (min-width: 640px) 736px, \" \/><\/div><\/a><\/div><\/div><div style=\"padding:5px;\" class=\"fusion-grid-column fusion-gallery-column fusion-gallery-column-4 hover-type-zoomin fusion-element-landscape fusion-element-portrait\"><div class=\"fusion-gallery-image\"><a href=\"https:\/\/afc.cat\/wp-content\/uploads\/2023\/09\/Visita-Consellera-Cultura-17.jpg\" data-title=\"Visita Consellera Cultura (17)\" title=\"Visita Consellera Cultura (17)\" rel=\"noreferrer\" data-rel=\"iLightbox[gallery_image_1]\" class=\"fusion-lightbox\" target=\"_self\"><div style=\"background-image:url(https:\/\/afc.cat\/wp-content\/uploads\/2023\/09\/Visita-Consellera-Cultura-17.jpg);padding-top:calc((100% + 10px) * 0.8);\" class=\"fusion-masonry-element-container\"><img decoding=\"async\" src=\"https:\/\/afc.cat\/wp-content\/uploads\/2023\/09\/Visita-Consellera-Cultura-17.jpg\" width=\"1350\" height=\"900\" alt=\"\" title=\"Visita Consellera Cultura (17)\" aria-label=\"Visita Consellera Cultura (17)\" class=\"img-responsive wp-image-34169\" srcset=\"https:\/\/afc.cat\/wp-content\/uploads\/2023\/09\/Visita-Consellera-Cultura-17-200x133.jpg 200w, https:\/\/afc.cat\/wp-content\/uploads\/2023\/09\/Visita-Consellera-Cultura-17-400x267.jpg 400w, https:\/\/afc.cat\/wp-content\/uploads\/2023\/09\/Visita-Consellera-Cultura-17-600x400.jpg 600w, https:\/\/afc.cat\/wp-content\/uploads\/2023\/09\/Visita-Consellera-Cultura-17-800x533.jpg 800w, https:\/\/afc.cat\/wp-content\/uploads\/2023\/09\/Visita-Consellera-Cultura-17-1200x800.jpg 1200w, https:\/\/afc.cat\/wp-content\/uploads\/2023\/09\/Visita-Consellera-Cultura-17.jpg 1350w\" sizes=\"(min-width: 2200px) 100vw, (min-width: 736px) 623px, (min-width: 640px) 736px, \" \/><\/div><\/a><\/div><\/div><div style=\"padding:5px;\" class=\"fusion-grid-column fusion-gallery-column fusion-gallery-column-4 hover-type-zoomin fusion-element-landscape fusion-element-portrait\"><div class=\"fusion-gallery-image\"><a href=\"https:\/\/afc.cat\/wp-content\/uploads\/2023\/09\/Visita-Consellera-Cultura-18.jpg\" data-title=\"Visita Consellera Cultura (18)\" title=\"Visita Consellera Cultura (18)\" rel=\"noreferrer\" data-rel=\"iLightbox[gallery_image_1]\" class=\"fusion-lightbox\" target=\"_self\"><div style=\"background-image:url(https:\/\/afc.cat\/wp-content\/uploads\/2023\/09\/Visita-Consellera-Cultura-18.jpg);padding-top:calc((100% + 10px) * 0.8);\" class=\"fusion-masonry-element-container\"><img decoding=\"async\" src=\"https:\/\/afc.cat\/wp-content\/uploads\/2023\/09\/Visita-Consellera-Cultura-18.jpg\" width=\"1350\" height=\"900\" alt=\"\" title=\"Visita Consellera Cultura (18)\" aria-label=\"Visita Consellera Cultura (18)\" class=\"img-responsive wp-image-34171\" srcset=\"https:\/\/afc.cat\/wp-content\/uploads\/2023\/09\/Visita-Consellera-Cultura-18-200x133.jpg 200w, https:\/\/afc.cat\/wp-content\/uploads\/2023\/09\/Visita-Consellera-Cultura-18-400x267.jpg 400w, https:\/\/afc.cat\/wp-content\/uploads\/2023\/09\/Visita-Consellera-Cultura-18-600x400.jpg 600w, https:\/\/afc.cat\/wp-content\/uploads\/2023\/09\/Visita-Consellera-Cultura-18-800x533.jpg 800w, https:\/\/afc.cat\/wp-content\/uploads\/2023\/09\/Visita-Consellera-Cultura-18-1200x800.jpg 1200w, https:\/\/afc.cat\/wp-content\/uploads\/2023\/09\/Visita-Consellera-Cultura-18.jpg 1350w\" sizes=\"(min-width: 2200px) 100vw, (min-width: 736px) 623px, (min-width: 640px) 736px, \" \/><\/div><\/a><\/div><\/div><div style=\"padding:5px;\" class=\"fusion-grid-column fusion-gallery-column fusion-gallery-column-4 hover-type-zoomin fusion-element-landscape fusion-element-portrait\"><div class=\"fusion-gallery-image\"><a href=\"https:\/\/afc.cat\/wp-content\/uploads\/2023\/09\/Visita-Consellera-Cultura-19.jpg\" data-title=\"Visita Consellera Cultura (19)\" title=\"Visita Consellera Cultura (19)\" rel=\"noreferrer\" data-rel=\"iLightbox[gallery_image_1]\" class=\"fusion-lightbox\" target=\"_self\"><div style=\"background-image:url(https:\/\/afc.cat\/wp-content\/uploads\/2023\/09\/Visita-Consellera-Cultura-19.jpg);padding-top:calc((100% + 10px) * 0.8);\" class=\"fusion-masonry-element-container\"><img decoding=\"async\" src=\"https:\/\/afc.cat\/wp-content\/uploads\/2023\/09\/Visita-Consellera-Cultura-19.jpg\" width=\"1350\" height=\"900\" alt=\"\" title=\"Visita Consellera Cultura (19)\" aria-label=\"Visita Consellera Cultura (19)\" class=\"img-responsive wp-image-34173\" srcset=\"https:\/\/afc.cat\/wp-content\/uploads\/2023\/09\/Visita-Consellera-Cultura-19-200x133.jpg 200w, https:\/\/afc.cat\/wp-content\/uploads\/2023\/09\/Visita-Consellera-Cultura-19-400x267.jpg 400w, https:\/\/afc.cat\/wp-content\/uploads\/2023\/09\/Visita-Consellera-Cultura-19-600x400.jpg 600w, https:\/\/afc.cat\/wp-content\/uploads\/2023\/09\/Visita-Consellera-Cultura-19-800x533.jpg 800w, https:\/\/afc.cat\/wp-content\/uploads\/2023\/09\/Visita-Consellera-Cultura-19-1200x800.jpg 1200w, https:\/\/afc.cat\/wp-content\/uploads\/2023\/09\/Visita-Consellera-Cultura-19.jpg 1350w\" sizes=\"(min-width: 2200px) 100vw, (min-width: 736px) 623px, (min-width: 640px) 736px, \" \/><\/div><\/a><\/div><\/div><div style=\"padding:5px;\" class=\"fusion-grid-column fusion-gallery-column fusion-gallery-column-4 hover-type-zoomin fusion-element-landscape fusion-element-portrait\"><div class=\"fusion-gallery-image\"><a href=\"https:\/\/afc.cat\/wp-content\/uploads\/2023\/09\/Visita-Consellera-Cultura-20.jpg\" data-title=\"Visita Consellera Cultura (20)\" title=\"Visita Consellera Cultura (20)\" rel=\"noreferrer\" data-rel=\"iLightbox[gallery_image_1]\" class=\"fusion-lightbox\" target=\"_self\"><div style=\"background-image:url(https:\/\/afc.cat\/wp-content\/uploads\/2023\/09\/Visita-Consellera-Cultura-20.jpg);padding-top:calc((100% + 10px) * 0.8);\" class=\"fusion-masonry-element-container\"><img decoding=\"async\" src=\"https:\/\/afc.cat\/wp-content\/uploads\/2023\/09\/Visita-Consellera-Cultura-20.jpg\" width=\"1350\" height=\"900\" alt=\"\" title=\"Visita Consellera Cultura (20)\" aria-label=\"Visita Consellera Cultura (20)\" class=\"img-responsive wp-image-34175\" srcset=\"https:\/\/afc.cat\/wp-content\/uploads\/2023\/09\/Visita-Consellera-Cultura-20-200x133.jpg 200w, https:\/\/afc.cat\/wp-content\/uploads\/2023\/09\/Visita-Consellera-Cultura-20-400x267.jpg 400w, https:\/\/afc.cat\/wp-content\/uploads\/2023\/09\/Visita-Consellera-Cultura-20-600x400.jpg 600w, https:\/\/afc.cat\/wp-content\/uploads\/2023\/09\/Visita-Consellera-Cultura-20-800x533.jpg 800w, https:\/\/afc.cat\/wp-content\/uploads\/2023\/09\/Visita-Consellera-Cultura-20-1200x800.jpg 1200w, https:\/\/afc.cat\/wp-content\/uploads\/2023\/09\/Visita-Consellera-Cultura-20.jpg 1350w\" sizes=\"(min-width: 2200px) 100vw, (min-width: 736px) 623px, (min-width: 640px) 736px, \" \/><\/div><\/a><\/div><\/div><\/div><div class=\"fusion-text fusion-text-2\" style=\"font-size:13px;\"><p style=\"text-align: center;\">Fotos: Albert Ca\u00f1ellas (Kirowa Foto)<\/p>\n<\/div><div class=\"fusion-separator fusion-full-width-sep\" style=\"align-self: center;margin-left: auto;margin-right: auto;margin-top:20px;margin-bottom:20px;width:100%;\"><div class=\"fusion-separator-border sep-single sep-solid\" style=\"border-color:#4ec0bf;border-top-width:1px;\"><\/div><\/div><div style=\"text-align:center;\"><style>.fusion-button.button-1{border-radius:4px 4px 4px 4px;}<\/style><a class=\"fusion-button button-flat fusion-button-default-size button-default button-1 fusion-button-default-span fusion-button-default-type\" target=\"_self\" href=\"https:\/\/afc.cat\/es\/galerias-de-imagenes-del-centenario-de-la-afc\/\"><span class=\"fusion-button-text\">Vuelve a GALER\u00cdAS<\/span><\/a><\/div><\/div><style type=\"text\/css\">.fusion-body .fusion-builder-column-0{width:100% !important;margin-top : 0px;margin-bottom : 20px;}.fusion-builder-column-0 > .fusion-column-wrapper {padding-top : 0px !important;padding-right : 0px !important;margin-right : 1.92%;padding-bottom : 0px !important;padding-left : 0px !important;margin-left : 1.92%;}@media only screen and (max-width:1024px) {.fusion-body .fusion-builder-column-0{width:100% !important;order : 0;}.fusion-builder-column-0 > .fusion-column-wrapper {margin-right : 1.92%;margin-left : 1.92%;}}@media only screen and (max-width:640px) {.fusion-body .fusion-builder-column-0{width:100% !important;order : 0;}.fusion-builder-column-0 > .fusion-column-wrapper {margin-right : 1.92%;margin-left : 1.92%;}}<\/style><\/div><\/div><style type=\"text\/css\">.fusion-body .fusion-flex-container.fusion-builder-row-1{ padding-top : 0px;margin-top : 0px;padding-right : 0px;padding-bottom : 0px;margin-bottom : 0px;padding-left : 0px;}<\/style><\/div>\n","protected":false},"excerpt":{"rendered":"","protected":false},"author":33,"featured_media":34190,"menu_order":0,"comment_status":"closed","ping_status":"closed","template":"","format":"standard","meta":{"_acf_changed":false,"footnotes":""},"portfolio_category":[443],"portfolio_skills":[],"portfolio_tags":[],"class_list":["post-34178","avada_portfolio","type-avada_portfolio","status-publish","format-standard","has-post-thumbnail","hentry","portfolio_category-centenari-es"],"acf":[],"yoast_head":"<!-- This site is optimized with the Yoast SEO plugin v27.2 - https:\/\/yoast.com\/product\/yoast-seo-wordpress\/ -->\n<title>Nos visitan la consejera de Cultura Nat\u00e0lia Garriga y la dir. del Patrimonio Cultural S\u00f2nia Hern\u00e1ndez - Agrupaci\u00f3 Fotogr\u00e0fica de Catalunya<\/title>\n<meta name=\"robots\" content=\"index, follow, max-snippet:-1, max-image-preview:large, max-video-preview:-1\" \/>\n<link rel=\"canonical\" href=\"https:\/\/afc.cat\/es\/galeria\/nos-visitan-la-consejera-de-cultura-natalia-garriga-y-la-dir-del-patrimonio-cultural-sonia-hernandez\/\" \/>\n<meta property=\"og:locale\" content=\"es_ES\" \/>\n<meta property=\"og:type\" content=\"article\" \/>\n<meta property=\"og:title\" content=\"Nos visitan la consejera de Cultura Nat\u00e0lia Garriga y la dir. del Patrimonio Cultural S\u00f2nia Hern\u00e1ndez - Agrupaci\u00f3 Fotogr\u00e0fica de Catalunya\" \/>\n<meta property=\"og:url\" content=\"https:\/\/afc.cat\/es\/galeria\/nos-visitan-la-consejera-de-cultura-natalia-garriga-y-la-dir-del-patrimonio-cultural-sonia-hernandez\/\" \/>\n<meta property=\"og:site_name\" content=\"Agrupaci\u00f3 Fotogr\u00e0fica de Catalunya\" \/>\n<meta property=\"article:modified_time\" content=\"2023-09-11T12:33:41+00:00\" \/>\n<meta property=\"og:image\" content=\"https:\/\/afc.cat\/wp-content\/uploads\/2023\/09\/visita-consellera-i-directora.jpg\" \/>\n\t<meta property=\"og:image:width\" content=\"400\" \/>\n\t<meta property=\"og:image:height\" content=\"267\" \/>\n\t<meta property=\"og:image:type\" content=\"image\/jpeg\" \/>\n<meta name=\"twitter:card\" content=\"summary_large_image\" \/>\n<meta name=\"twitter:label1\" content=\"Tiempo de lectura\" \/>\n\t<meta name=\"twitter:data1\" content=\"8 minutos\" \/>\n<script type=\"application\/ld+json\" class=\"yoast-schema-graph\">{\"@context\":\"https:\/\/schema.org\",\"@graph\":[{\"@type\":\"WebPage\",\"@id\":\"https:\/\/afc.cat\/es\/galeria\/nos-visitan-la-consejera-de-cultura-natalia-garriga-y-la-dir-del-patrimonio-cultural-sonia-hernandez\/\",\"url\":\"https:\/\/afc.cat\/es\/galeria\/nos-visitan-la-consejera-de-cultura-natalia-garriga-y-la-dir-del-patrimonio-cultural-sonia-hernandez\/\",\"name\":\"Nos visitan la consejera de Cultura Nat\u00e0lia Garriga y la dir. del Patrimonio Cultural S\u00f2nia Hern\u00e1ndez - Agrupaci\u00f3 Fotogr\u00e0fica de Catalunya\",\"isPartOf\":{\"@id\":\"https:\/\/afc.cat\/es\/#website\"},\"primaryImageOfPage\":{\"@id\":\"https:\/\/afc.cat\/es\/galeria\/nos-visitan-la-consejera-de-cultura-natalia-garriga-y-la-dir-del-patrimonio-cultural-sonia-hernandez\/#primaryimage\"},\"image\":{\"@id\":\"https:\/\/afc.cat\/es\/galeria\/nos-visitan-la-consejera-de-cultura-natalia-garriga-y-la-dir-del-patrimonio-cultural-sonia-hernandez\/#primaryimage\"},\"thumbnailUrl\":\"https:\/\/afc.cat\/wp-content\/uploads\/2023\/09\/visita-consellera-i-directora.jpg\",\"datePublished\":\"2023-09-07T18:55:41+00:00\",\"dateModified\":\"2023-09-11T12:33:41+00:00\",\"breadcrumb\":{\"@id\":\"https:\/\/afc.cat\/es\/galeria\/nos-visitan-la-consejera-de-cultura-natalia-garriga-y-la-dir-del-patrimonio-cultural-sonia-hernandez\/#breadcrumb\"},\"inLanguage\":\"es\",\"potentialAction\":[{\"@type\":\"ReadAction\",\"target\":[\"https:\/\/afc.cat\/es\/galeria\/nos-visitan-la-consejera-de-cultura-natalia-garriga-y-la-dir-del-patrimonio-cultural-sonia-hernandez\/\"]}]},{\"@type\":\"ImageObject\",\"inLanguage\":\"es\",\"@id\":\"https:\/\/afc.cat\/es\/galeria\/nos-visitan-la-consejera-de-cultura-natalia-garriga-y-la-dir-del-patrimonio-cultural-sonia-hernandez\/#primaryimage\",\"url\":\"https:\/\/afc.cat\/wp-content\/uploads\/2023\/09\/visita-consellera-i-directora.jpg\",\"contentUrl\":\"https:\/\/afc.cat\/wp-content\/uploads\/2023\/09\/visita-consellera-i-directora.jpg\",\"width\":400,\"height\":267},{\"@type\":\"BreadcrumbList\",\"@id\":\"https:\/\/afc.cat\/es\/galeria\/nos-visitan-la-consejera-de-cultura-natalia-garriga-y-la-dir-del-patrimonio-cultural-sonia-hernandez\/#breadcrumb\",\"itemListElement\":[{\"@type\":\"ListItem\",\"position\":1,\"name\":\"Inicio\",\"item\":\"https:\/\/afc.cat\/es\/\"},{\"@type\":\"ListItem\",\"position\":2,\"name\":\"Portfolio\",\"item\":\"https:\/\/afc.cat\/galeria\/\"},{\"@type\":\"ListItem\",\"position\":3,\"name\":\"Nos visitan la consejera de Cultura Nat\u00e0lia Garriga y la dir. del Patrimonio Cultural S\u00f2nia Hern\u00e1ndez\"}]},{\"@type\":\"WebSite\",\"@id\":\"https:\/\/afc.cat\/es\/#website\",\"url\":\"https:\/\/afc.cat\/es\/\",\"name\":\"Agrupaci\u00f3 Fotogr\u00e0fica de Catalunya\",\"description\":\"Fomento y divulgaci\u00f3n de la fotograf\u00eda en todas sus variedades\",\"potentialAction\":[{\"@type\":\"SearchAction\",\"target\":{\"@type\":\"EntryPoint\",\"urlTemplate\":\"https:\/\/afc.cat\/es\/?s={search_term_string}\"},\"query-input\":{\"@type\":\"PropertyValueSpecification\",\"valueRequired\":true,\"valueName\":\"search_term_string\"}}],\"inLanguage\":\"es\"}]}<\/script>\n<!-- \/ Yoast SEO plugin. -->","yoast_head_json":{"title":"Nos visitan la consejera de Cultura Nat\u00e0lia Garriga y la dir. del Patrimonio Cultural S\u00f2nia Hern\u00e1ndez - Agrupaci\u00f3 Fotogr\u00e0fica de Catalunya","robots":{"index":"index","follow":"follow","max-snippet":"max-snippet:-1","max-image-preview":"max-image-preview:large","max-video-preview":"max-video-preview:-1"},"canonical":"https:\/\/afc.cat\/es\/galeria\/nos-visitan-la-consejera-de-cultura-natalia-garriga-y-la-dir-del-patrimonio-cultural-sonia-hernandez\/","og_locale":"es_ES","og_type":"article","og_title":"Nos visitan la consejera de Cultura Nat\u00e0lia Garriga y la dir. del Patrimonio Cultural S\u00f2nia Hern\u00e1ndez - Agrupaci\u00f3 Fotogr\u00e0fica de Catalunya","og_url":"https:\/\/afc.cat\/es\/galeria\/nos-visitan-la-consejera-de-cultura-natalia-garriga-y-la-dir-del-patrimonio-cultural-sonia-hernandez\/","og_site_name":"Agrupaci\u00f3 Fotogr\u00e0fica de Catalunya","article_modified_time":"2023-09-11T12:33:41+00:00","og_image":[{"width":400,"height":267,"url":"https:\/\/afc.cat\/wp-content\/uploads\/2023\/09\/visita-consellera-i-directora.jpg","type":"image\/jpeg"}],"twitter_card":"summary_large_image","twitter_misc":{"Tiempo de lectura":"8 minutos"},"schema":{"@context":"https:\/\/schema.org","@graph":[{"@type":"WebPage","@id":"https:\/\/afc.cat\/es\/galeria\/nos-visitan-la-consejera-de-cultura-natalia-garriga-y-la-dir-del-patrimonio-cultural-sonia-hernandez\/","url":"https:\/\/afc.cat\/es\/galeria\/nos-visitan-la-consejera-de-cultura-natalia-garriga-y-la-dir-del-patrimonio-cultural-sonia-hernandez\/","name":"Nos visitan la consejera de Cultura Nat\u00e0lia Garriga y la dir. del Patrimonio Cultural S\u00f2nia Hern\u00e1ndez - Agrupaci\u00f3 Fotogr\u00e0fica de Catalunya","isPartOf":{"@id":"https:\/\/afc.cat\/es\/#website"},"primaryImageOfPage":{"@id":"https:\/\/afc.cat\/es\/galeria\/nos-visitan-la-consejera-de-cultura-natalia-garriga-y-la-dir-del-patrimonio-cultural-sonia-hernandez\/#primaryimage"},"image":{"@id":"https:\/\/afc.cat\/es\/galeria\/nos-visitan-la-consejera-de-cultura-natalia-garriga-y-la-dir-del-patrimonio-cultural-sonia-hernandez\/#primaryimage"},"thumbnailUrl":"https:\/\/afc.cat\/wp-content\/uploads\/2023\/09\/visita-consellera-i-directora.jpg","datePublished":"2023-09-07T18:55:41+00:00","dateModified":"2023-09-11T12:33:41+00:00","breadcrumb":{"@id":"https:\/\/afc.cat\/es\/galeria\/nos-visitan-la-consejera-de-cultura-natalia-garriga-y-la-dir-del-patrimonio-cultural-sonia-hernandez\/#breadcrumb"},"inLanguage":"es","potentialAction":[{"@type":"ReadAction","target":["https:\/\/afc.cat\/es\/galeria\/nos-visitan-la-consejera-de-cultura-natalia-garriga-y-la-dir-del-patrimonio-cultural-sonia-hernandez\/"]}]},{"@type":"ImageObject","inLanguage":"es","@id":"https:\/\/afc.cat\/es\/galeria\/nos-visitan-la-consejera-de-cultura-natalia-garriga-y-la-dir-del-patrimonio-cultural-sonia-hernandez\/#primaryimage","url":"https:\/\/afc.cat\/wp-content\/uploads\/2023\/09\/visita-consellera-i-directora.jpg","contentUrl":"https:\/\/afc.cat\/wp-content\/uploads\/2023\/09\/visita-consellera-i-directora.jpg","width":400,"height":267},{"@type":"BreadcrumbList","@id":"https:\/\/afc.cat\/es\/galeria\/nos-visitan-la-consejera-de-cultura-natalia-garriga-y-la-dir-del-patrimonio-cultural-sonia-hernandez\/#breadcrumb","itemListElement":[{"@type":"ListItem","position":1,"name":"Inicio","item":"https:\/\/afc.cat\/es\/"},{"@type":"ListItem","position":2,"name":"Portfolio","item":"https:\/\/afc.cat\/galeria\/"},{"@type":"ListItem","position":3,"name":"Nos visitan la consejera de Cultura Nat\u00e0lia Garriga y la dir. del Patrimonio Cultural S\u00f2nia Hern\u00e1ndez"}]},{"@type":"WebSite","@id":"https:\/\/afc.cat\/es\/#website","url":"https:\/\/afc.cat\/es\/","name":"Agrupaci\u00f3 Fotogr\u00e0fica de Catalunya","description":"Fomento y divulgaci\u00f3n de la fotograf\u00eda en todas sus variedades","potentialAction":[{"@type":"SearchAction","target":{"@type":"EntryPoint","urlTemplate":"https:\/\/afc.cat\/es\/?s={search_term_string}"},"query-input":{"@type":"PropertyValueSpecification","valueRequired":true,"valueName":"search_term_string"}}],"inLanguage":"es"}]}},"_links":{"self":[{"href":"https:\/\/afc.cat\/es\/wp-json\/wp\/v2\/avada_portfolio\/34178","targetHints":{"allow":["GET"]}}],"collection":[{"href":"https:\/\/afc.cat\/es\/wp-json\/wp\/v2\/avada_portfolio"}],"about":[{"href":"https:\/\/afc.cat\/es\/wp-json\/wp\/v2\/types\/avada_portfolio"}],"author":[{"embeddable":true,"href":"https:\/\/afc.cat\/es\/wp-json\/wp\/v2\/users\/33"}],"replies":[{"embeddable":true,"href":"https:\/\/afc.cat\/es\/wp-json\/wp\/v2\/comments?post=34178"}],"version-history":[{"count":7,"href":"https:\/\/afc.cat\/es\/wp-json\/wp\/v2\/avada_portfolio\/34178\/revisions"}],"predecessor-version":[{"id":34298,"href":"https:\/\/afc.cat\/es\/wp-json\/wp\/v2\/avada_portfolio\/34178\/revisions\/34298"}],"wp:featuredmedia":[{"embeddable":true,"href":"https:\/\/afc.cat\/es\/wp-json\/wp\/v2\/media\/34190"}],"wp:attachment":[{"href":"https:\/\/afc.cat\/es\/wp-json\/wp\/v2\/media?parent=34178"}],"wp:term":[{"taxonomy":"portfolio_category","embeddable":true,"href":"https:\/\/afc.cat\/es\/wp-json\/wp\/v2\/portfolio_category?post=34178"},{"taxonomy":"portfolio_skills","embeddable":true,"href":"https:\/\/afc.cat\/es\/wp-json\/wp\/v2\/portfolio_skills?post=34178"},{"taxonomy":"portfolio_tags","embeddable":true,"href":"https:\/\/afc.cat\/es\/wp-json\/wp\/v2\/portfolio_tags?post=34178"}],"curies":[{"name":"wp","href":"https:\/\/api.w.org\/{rel}","templated":true}]}}