{"id":35004,"date":"2023-10-31T12:08:41","date_gmt":"2023-10-31T10:08:41","guid":{"rendered":"https:\/\/afc.cat\/?post_type=avada_portfolio&#038;p=35004"},"modified":"2023-10-31T12:09:41","modified_gmt":"2023-10-31T10:09:41","slug":"clasificacion-concurso-temes-obligats-2023-2024-octubre","status":"publish","type":"avada_portfolio","link":"https:\/\/afc.cat\/es\/galeria\/clasificacion-concurso-temes-obligats-2023-2024-octubre\/","title":{"rendered":"Clasificaci\u00f3n concurso Temes Obligats 2023-2024 OCTUBRE"},"content":{"rendered":"<div class=\"fusion-fullwidth fullwidth-box fusion-builder-row-1 fusion-flex-container nonhundred-percent-fullwidth non-hundred-percent-height-scrolling\" style=\"background-color: rgba(255,255,255,0);background-position: center center;background-repeat: no-repeat;border-width: 0px 0px 0px 0px;border-color:#ffffff;border-style:solid;\" ><div class=\"fusion-builder-row fusion-row fusion-flex-align-items-flex-start\" style=\"max-width:1300px;margin-left: calc(-4% \/ 2 );margin-right: calc(-4% \/ 2 );\"><div class=\"fusion-layout-column fusion_builder_column fusion-builder-column-0 fusion_builder_column_1_1 1_1 fusion-flex-column\"><div class=\"fusion-column-wrapper fusion-flex-justify-content-flex-start fusion-content-layout-column\" style=\"background-position:left top;background-repeat:no-repeat;-webkit-background-size:cover;-moz-background-size:cover;-o-background-size:cover;background-size:cover;padding: 0px 0px 0px 0px;\"><div class=\"fusion-text fusion-text-1\"><h2 style=\"text-align: center;\">Tema Obligat del mes de octubre<\/h2>\n<h3 style=\"text-align: center;\">Escaleras<\/h3>\n<\/div><div class=\"fusion-text fusion-text-2\"><p>El pasado d\u00eda 23 se conoci\u00f3 la valoraci\u00f3n del jurado de las fotograf\u00edas de los socios que participaron en el concurso social de la agrupaci\u00f3n \u201dTemas obligados\u201d. Como ya sab\u00e9is, el tema va cambiando cada mes y el tema de este mes de octubre de 2023 ha sido <strong>Escaleras<\/strong>.<br \/>\n<u><\/u><\/p>\n<p><strong>Categor\u00eda de Color<\/strong><\/p>\n<p>Este mes de octubre las fotos mejores valoradas han sido la de <strong>Francesc Amat<\/strong> con el t\u00edtulo \u00ab<strong>Escala 3<\/strong>\u00bb quedando en la clasificaci\u00f3n en primer lugar con 128 puntos, la de <strong>Xavier Ricol<\/strong> con el t\u00edtulo \u00ab<strong>Subiendo hacia la luz<\/strong>\u00bb en segundo lugar con 118 puntos y la de <strong>Adolfo Garcia<\/strong> con el t\u00edtulo \u00ab<strong>Autom\u00e1ticas<\/strong>\u00bb en tercer lugar con 117 Puntos.<\/p>\n<p><strong><u>Categoria Monocromo<\/u><\/strong><\/p>\n<p>En esta categor\u00eda la m\u00e1xima puntuaci\u00f3n ha sido para las fotos de <strong>Anna Barnes<\/strong> con el t\u00edtulo <strong>\u201cL-9\u201d<\/strong> con 126 puntos empatada con <strong>Josep Maria Bonjoch<\/strong> con el t\u00edtulo \u201c<strong>Escales<\/strong>\u201d y <strong>Pere Josep S\u00e1nchez<\/strong> con el t\u00edtulo \u201c <strong>Amunt<\/strong>\u201c.<\/p>\n<p>El jurado ha estado formado por <strong>Jordi Camprub<\/strong>i, <strong>Jacint Guiteras y Vicen\u00e7 Lafebre<\/strong> todos ellos socios de nuestra entidad a quienes agradecemos su esfuerzo y dedicaci\u00f3n por este veredicto.<\/p>\n<p>Continuamos animando a los socios y socias a participar, siempre es una buena excusa para hacer lo que m\u00e1s nos gusta, coger la c\u00e1mara y hacer clic.<\/p>\n<p><strong>Maxim Poncela<br \/>\n<\/strong>Concursos<\/p>\n<\/div><div class=\"fusion-separator fusion-full-width-sep\" style=\"align-self: center;margin-left: auto;margin-right: auto;margin-bottom:20px;width:100%;\"><div class=\"fusion-separator-border sep-single sep-solid\" style=\"border-color:#3ec0bf;border-top-width:1px;\"><\/div><\/div><div class=\"fusion-text fusion-text-3\"><p style=\"text-align: center;\"><strong>PUNTUACI\u00d3N GENERAL ACUMULADA MONOCROMO<\/strong><\/p>\n<\/div><div style=\"text-align:center;\"><style>.fusion-imageframe.imageframe-1{ margin-bottom : 5%;}<\/style><span class=\" fusion-imageframe imageframe-none imageframe-1 hover-type-zoomin\"><img decoding=\"async\" width=\"773\" height=\"988\" title=\"tomon-oct-23\" src=\"https:\/\/afc.cat\/wp-content\/uploads\/2023\/10\/tomon-oct-23.jpg\" alt class=\"img-responsive wp-image-35000\" srcset=\"https:\/\/afc.cat\/wp-content\/uploads\/2023\/10\/tomon-oct-23-200x256.jpg 200w, https:\/\/afc.cat\/wp-content\/uploads\/2023\/10\/tomon-oct-23-400x511.jpg 400w, https:\/\/afc.cat\/wp-content\/uploads\/2023\/10\/tomon-oct-23-600x767.jpg 600w, https:\/\/afc.cat\/wp-content\/uploads\/2023\/10\/tomon-oct-23.jpg 773w\" sizes=\"(max-width: 640px) 100vw, 773px\" \/><\/span><\/div><div class=\"fusion-text fusion-text-4\"><p style=\"text-align: center;\"><strong>Clasificaci\u00f3n monocromo de octubre 2023<\/strong><\/p>\n<\/div><style type=\"text\/css\">.fusion-gallery-1 .fusion-gallery-image {border:0px solid #e2e2e2;}<\/style><div class=\"fusion-gallery fusion-gallery-container fusion-grid-6 fusion-columns-total-39 fusion-gallery-layout-grid fusion-gallery-1\" style=\"margin:-5px;\"><div style=\"padding:5px;\" class=\"fusion-grid-column fusion-gallery-column fusion-gallery-column-6 hover-type-zoomin\"><div class=\"fusion-gallery-image\"><a href=\"https:\/\/afc.cat\/wp-content\/uploads\/2023\/10\/1-Pere-Josep-Sanchez-Romero-126.jpg\" data-title=\"1 &#8211; Pere Josep S\u00e1nchez Romero &#8211; 126\" title=\"1 &#8211; Pere Josep S\u00e1nchez Romero &#8211; 126\" rel=\"noreferrer\" data-rel=\"iLightbox[gallery_image_1]\" class=\"fusion-lightbox\" target=\"_self\"><img decoding=\"async\" src=\"https:\/\/afc.cat\/wp-content\/uploads\/2023\/10\/1-Pere-Josep-Sanchez-Romero-126-320x202.jpg\" width=\"320\" height=\"202\" alt=\"\" title=\"1 &#8211; Pere Josep S\u00e1nchez Romero &#8211; 126\" aria-label=\"1 &#8211; Pere Josep S\u00e1nchez Romero &#8211; 126\" class=\"img-responsive wp-image-34921 fusion-gallery-image-size-fixed\" srcset=\"https:\/\/afc.cat\/wp-content\/uploads\/2023\/10\/1-Pere-Josep-Sanchez-Romero-126-320x202.jpg 320w, https:\/\/afc.cat\/wp-content\/uploads\/2023\/10\/1-Pere-Josep-Sanchez-Romero-126-700x441.jpg 700w\" sizes=\"(max-width: 320px) 100vw, 320px\" \/><\/a><\/div><\/div><div style=\"padding:5px;\" class=\"fusion-grid-column fusion-gallery-column fusion-gallery-column-6 hover-type-zoomin\"><div class=\"fusion-gallery-image\"><a href=\"https:\/\/afc.cat\/wp-content\/uploads\/2023\/10\/2-Anna-Barnes-Guillen-126.jpg\" data-title=\"2 &#8211; Anna Barn\u00e9s Guill\u00e9n &#8211; 126\" title=\"2 &#8211; Anna Barn\u00e9s Guill\u00e9n &#8211; 126\" rel=\"noreferrer\" data-rel=\"iLightbox[gallery_image_1]\" class=\"fusion-lightbox\" target=\"_self\"><img decoding=\"async\" src=\"https:\/\/afc.cat\/wp-content\/uploads\/2023\/10\/2-Anna-Barnes-Guillen-126-320x202.jpg\" width=\"320\" height=\"202\" alt=\"\" title=\"2 &#8211; Anna Barn\u00e9s Guill\u00e9n &#8211; 126\" aria-label=\"2 &#8211; Anna Barn\u00e9s Guill\u00e9n &#8211; 126\" class=\"img-responsive wp-image-34923 fusion-gallery-image-size-fixed\" srcset=\"https:\/\/afc.cat\/wp-content\/uploads\/2023\/10\/2-Anna-Barnes-Guillen-126-320x202.jpg 320w, https:\/\/afc.cat\/wp-content\/uploads\/2023\/10\/2-Anna-Barnes-Guillen-126-700x441.jpg 700w\" sizes=\"(max-width: 320px) 100vw, 320px\" \/><\/a><\/div><\/div><div style=\"padding:5px;\" class=\"fusion-grid-column fusion-gallery-column fusion-gallery-column-6 hover-type-zoomin\"><div class=\"fusion-gallery-image\"><a href=\"https:\/\/afc.cat\/wp-content\/uploads\/2023\/10\/3-Josep-Maria-Bonjoch-Trilla-126.jpg\" data-title=\"OLYMPUS DIGITAL CAMERA\" title=\"OLYMPUS DIGITAL CAMERA\" rel=\"noreferrer\" data-rel=\"iLightbox[gallery_image_1]\" class=\"fusion-lightbox\" target=\"_self\"><img decoding=\"async\" src=\"https:\/\/afc.cat\/wp-content\/uploads\/2023\/10\/3-Josep-Maria-Bonjoch-Trilla-126-320x202.jpg\" width=\"320\" height=\"202\" alt=\"\" title=\"OLYMPUS DIGITAL CAMERA\" aria-label=\"OLYMPUS DIGITAL CAMERA\" class=\"img-responsive wp-image-34925 fusion-gallery-image-size-fixed\" srcset=\"https:\/\/afc.cat\/wp-content\/uploads\/2023\/10\/3-Josep-Maria-Bonjoch-Trilla-126-320x202.jpg 320w, https:\/\/afc.cat\/wp-content\/uploads\/2023\/10\/3-Josep-Maria-Bonjoch-Trilla-126-700x441.jpg 700w\" sizes=\"(max-width: 320px) 100vw, 320px\" \/><\/a><\/div><\/div><div style=\"padding:5px;\" class=\"fusion-grid-column fusion-gallery-column fusion-gallery-column-6 hover-type-zoomin\"><div class=\"fusion-gallery-image\"><a href=\"https:\/\/afc.cat\/wp-content\/uploads\/2023\/10\/4-Albert-Folch-Navalon-124.jpg\" data-title=\"4 &#8211; Albert Folch Naval\u00f3n &#8211; 124\" title=\"4 &#8211; Albert Folch Naval\u00f3n &#8211; 124\" rel=\"noreferrer\" data-rel=\"iLightbox[gallery_image_1]\" class=\"fusion-lightbox\" target=\"_self\"><img decoding=\"async\" src=\"https:\/\/afc.cat\/wp-content\/uploads\/2023\/10\/4-Albert-Folch-Navalon-124-320x202.jpg\" width=\"320\" height=\"202\" alt=\"\" title=\"4 &#8211; Albert Folch Naval\u00f3n &#8211; 124\" aria-label=\"4 &#8211; Albert Folch Naval\u00f3n &#8211; 124\" class=\"img-responsive wp-image-34927 fusion-gallery-image-size-fixed\" srcset=\"https:\/\/afc.cat\/wp-content\/uploads\/2023\/10\/4-Albert-Folch-Navalon-124-320x202.jpg 320w, https:\/\/afc.cat\/wp-content\/uploads\/2023\/10\/4-Albert-Folch-Navalon-124-700x441.jpg 700w\" sizes=\"(max-width: 320px) 100vw, 320px\" \/><\/a><\/div><\/div><div style=\"padding:5px;\" class=\"fusion-grid-column fusion-gallery-column fusion-gallery-column-6 hover-type-zoomin\"><div class=\"fusion-gallery-image\"><a href=\"https:\/\/afc.cat\/wp-content\/uploads\/2023\/10\/5-Rosa-Cristofol-Martinez-120.jpg\" data-title=\"EEUU\" title=\"EEUU\" rel=\"noreferrer\" data-rel=\"iLightbox[gallery_image_1]\" class=\"fusion-lightbox\" target=\"_self\"><img decoding=\"async\" src=\"https:\/\/afc.cat\/wp-content\/uploads\/2023\/10\/5-Rosa-Cristofol-Martinez-120-320x202.jpg\" width=\"320\" height=\"202\" alt=\"\" title=\"EEUU\" aria-label=\"EEUU\" class=\"img-responsive wp-image-34929 fusion-gallery-image-size-fixed\" srcset=\"https:\/\/afc.cat\/wp-content\/uploads\/2023\/10\/5-Rosa-Cristofol-Martinez-120-320x202.jpg 320w, https:\/\/afc.cat\/wp-content\/uploads\/2023\/10\/5-Rosa-Cristofol-Martinez-120-700x441.jpg 700w\" sizes=\"(max-width: 320px) 100vw, 320px\" \/><\/a><\/div><\/div><div style=\"padding:5px;\" class=\"fusion-grid-column fusion-gallery-column fusion-gallery-column-6 hover-type-zoomin\"><div class=\"fusion-gallery-image\"><a href=\"https:\/\/afc.cat\/wp-content\/uploads\/2023\/10\/6-Gloria-Tatxe-Salas-116.jpg\" data-title=\"6 &#8211; Gloria Tatx\u00e9 Salas &#8211; 116\" title=\"6 &#8211; Gloria Tatx\u00e9 Salas &#8211; 116\" rel=\"noreferrer\" data-rel=\"iLightbox[gallery_image_1]\" class=\"fusion-lightbox\" target=\"_self\"><img decoding=\"async\" src=\"https:\/\/afc.cat\/wp-content\/uploads\/2023\/10\/6-Gloria-Tatxe-Salas-116-320x202.jpg\" width=\"320\" height=\"202\" alt=\"\" title=\"6 &#8211; Gloria Tatx\u00e9 Salas &#8211; 116\" aria-label=\"6 &#8211; Gloria Tatx\u00e9 Salas &#8211; 116\" class=\"img-responsive wp-image-34931 fusion-gallery-image-size-fixed\" srcset=\"https:\/\/afc.cat\/wp-content\/uploads\/2023\/10\/6-Gloria-Tatxe-Salas-116-320x202.jpg 320w, https:\/\/afc.cat\/wp-content\/uploads\/2023\/10\/6-Gloria-Tatxe-Salas-116-700x441.jpg 700w\" sizes=\"(max-width: 320px) 100vw, 320px\" \/><\/a><\/div><\/div><div class=\"clearfix\"><\/div><div style=\"padding:5px;\" class=\"fusion-grid-column fusion-gallery-column fusion-gallery-column-6 hover-type-zoomin\"><div class=\"fusion-gallery-image\"><a href=\"https:\/\/afc.cat\/wp-content\/uploads\/2023\/10\/7-Francesca-Portoles-Braso-115.jpg\" data-title=\"7 &#8211; Francesca Portol\u00e9s Bras\u00f3 &#8211; 115\" title=\"7 &#8211; Francesca Portol\u00e9s Bras\u00f3 &#8211; 115\" rel=\"noreferrer\" data-rel=\"iLightbox[gallery_image_1]\" class=\"fusion-lightbox\" target=\"_self\"><img decoding=\"async\" src=\"https:\/\/afc.cat\/wp-content\/uploads\/2023\/10\/7-Francesca-Portoles-Braso-115-320x202.jpg\" width=\"320\" height=\"202\" alt=\"\" title=\"7 &#8211; Francesca Portol\u00e9s Bras\u00f3 &#8211; 115\" aria-label=\"7 &#8211; Francesca Portol\u00e9s Bras\u00f3 &#8211; 115\" class=\"img-responsive wp-image-34933 fusion-gallery-image-size-fixed\" \/><\/a><\/div><\/div><div style=\"padding:5px;\" class=\"fusion-grid-column fusion-gallery-column fusion-gallery-column-6 hover-type-zoomin\"><div class=\"fusion-gallery-image\"><a href=\"https:\/\/afc.cat\/wp-content\/uploads\/2023\/10\/8-Francisco-Olmos-Cubero-115.jpg\" data-title=\"8 &#8211; Francisco Olmos Cubero &#8211; 115\" title=\"8 &#8211; Francisco Olmos Cubero &#8211; 115\" rel=\"noreferrer\" data-rel=\"iLightbox[gallery_image_1]\" class=\"fusion-lightbox\" target=\"_self\"><img decoding=\"async\" src=\"https:\/\/afc.cat\/wp-content\/uploads\/2023\/10\/8-Francisco-Olmos-Cubero-115-320x202.jpg\" width=\"320\" height=\"202\" alt=\"\" title=\"8 &#8211; Francisco Olmos Cubero &#8211; 115\" aria-label=\"8 &#8211; Francisco Olmos Cubero &#8211; 115\" class=\"img-responsive wp-image-34935 fusion-gallery-image-size-fixed\" srcset=\"https:\/\/afc.cat\/wp-content\/uploads\/2023\/10\/8-Francisco-Olmos-Cubero-115-320x202.jpg 320w, https:\/\/afc.cat\/wp-content\/uploads\/2023\/10\/8-Francisco-Olmos-Cubero-115-700x441.jpg 700w\" sizes=\"(max-width: 320px) 100vw, 320px\" \/><\/a><\/div><\/div><div style=\"padding:5px;\" class=\"fusion-grid-column fusion-gallery-column fusion-gallery-column-6 hover-type-zoomin\"><div class=\"fusion-gallery-image\"><a href=\"https:\/\/afc.cat\/wp-content\/uploads\/2023\/10\/9-Albert-Canellas-Xarau-114.jpg\" data-title=\"9 &#8211; Albert Ca\u00f1ellas Xarau &#8211; 114\" title=\"9 &#8211; Albert Ca\u00f1ellas Xarau &#8211; 114\" rel=\"noreferrer\" data-rel=\"iLightbox[gallery_image_1]\" class=\"fusion-lightbox\" target=\"_self\"><img decoding=\"async\" src=\"https:\/\/afc.cat\/wp-content\/uploads\/2023\/10\/9-Albert-Canellas-Xarau-114-320x202.jpg\" width=\"320\" height=\"202\" alt=\"\" title=\"9 &#8211; Albert Ca\u00f1ellas Xarau &#8211; 114\" aria-label=\"9 &#8211; Albert Ca\u00f1ellas Xarau &#8211; 114\" class=\"img-responsive wp-image-34937 fusion-gallery-image-size-fixed\" srcset=\"https:\/\/afc.cat\/wp-content\/uploads\/2023\/10\/9-Albert-Canellas-Xarau-114-320x202.jpg 320w, https:\/\/afc.cat\/wp-content\/uploads\/2023\/10\/9-Albert-Canellas-Xarau-114-700x441.jpg 700w\" sizes=\"(max-width: 320px) 100vw, 320px\" \/><\/a><\/div><\/div><div style=\"padding:5px;\" class=\"fusion-grid-column fusion-gallery-column fusion-gallery-column-6 hover-type-zoomin\"><div class=\"fusion-gallery-image\"><a href=\"https:\/\/afc.cat\/wp-content\/uploads\/2023\/10\/10-Josep-Soler-Vendrell-112.jpg\" data-title=\"10 &#8211; Josep Soler Vendrell &#8211; 112\" title=\"10 &#8211; Josep Soler Vendrell &#8211; 112\" rel=\"noreferrer\" data-rel=\"iLightbox[gallery_image_1]\" class=\"fusion-lightbox\" target=\"_self\"><img decoding=\"async\" src=\"https:\/\/afc.cat\/wp-content\/uploads\/2023\/10\/10-Josep-Soler-Vendrell-112-320x202.jpg\" width=\"320\" height=\"202\" alt=\"\" title=\"10 &#8211; Josep Soler Vendrell &#8211; 112\" aria-label=\"10 &#8211; Josep Soler Vendrell &#8211; 112\" class=\"img-responsive wp-image-34939 fusion-gallery-image-size-fixed\" srcset=\"https:\/\/afc.cat\/wp-content\/uploads\/2023\/10\/10-Josep-Soler-Vendrell-112-320x202.jpg 320w, https:\/\/afc.cat\/wp-content\/uploads\/2023\/10\/10-Josep-Soler-Vendrell-112-700x441.jpg 700w\" sizes=\"(max-width: 320px) 100vw, 320px\" \/><\/a><\/div><\/div><div style=\"padding:5px;\" class=\"fusion-grid-column fusion-gallery-column fusion-gallery-column-6 hover-type-zoomin\"><div class=\"fusion-gallery-image\"><a href=\"https:\/\/afc.cat\/wp-content\/uploads\/2023\/10\/11-Miquel-Cabre-111.jpg\" data-title=\"11 &#8211; Miquel Cabr\u00e9 &#8211; 111\" title=\"11 &#8211; Miquel Cabr\u00e9 &#8211; 111\" rel=\"noreferrer\" data-rel=\"iLightbox[gallery_image_1]\" class=\"fusion-lightbox\" target=\"_self\"><img decoding=\"async\" src=\"https:\/\/afc.cat\/wp-content\/uploads\/2023\/10\/11-Miquel-Cabre-111-320x202.jpg\" width=\"320\" height=\"202\" alt=\"\" title=\"11 &#8211; Miquel Cabr\u00e9 &#8211; 111\" aria-label=\"11 &#8211; Miquel Cabr\u00e9 &#8211; 111\" class=\"img-responsive wp-image-34941 fusion-gallery-image-size-fixed\" \/><\/a><\/div><\/div><div style=\"padding:5px;\" class=\"fusion-grid-column fusion-gallery-column fusion-gallery-column-6 hover-type-zoomin\"><div class=\"fusion-gallery-image\"><a href=\"https:\/\/afc.cat\/wp-content\/uploads\/2023\/10\/12-Sara-Assens-Mampel-110.jpg\" data-title=\"12 &#8211; Sara Assens Mampel &#8211; 110\" title=\"12 &#8211; Sara Assens Mampel &#8211; 110\" rel=\"noreferrer\" data-rel=\"iLightbox[gallery_image_1]\" class=\"fusion-lightbox\" target=\"_self\"><img decoding=\"async\" src=\"https:\/\/afc.cat\/wp-content\/uploads\/2023\/10\/12-Sara-Assens-Mampel-110-320x202.jpg\" width=\"320\" height=\"202\" alt=\"\" title=\"12 &#8211; Sara Assens Mampel &#8211; 110\" aria-label=\"12 &#8211; Sara Assens Mampel &#8211; 110\" class=\"img-responsive wp-image-34943 fusion-gallery-image-size-fixed\" srcset=\"https:\/\/afc.cat\/wp-content\/uploads\/2023\/10\/12-Sara-Assens-Mampel-110-320x202.jpg 320w, https:\/\/afc.cat\/wp-content\/uploads\/2023\/10\/12-Sara-Assens-Mampel-110-700x441.jpg 700w\" sizes=\"(max-width: 320px) 100vw, 320px\" \/><\/a><\/div><\/div><div class=\"clearfix\"><\/div><div style=\"padding:5px;\" class=\"fusion-grid-column fusion-gallery-column fusion-gallery-column-6 hover-type-zoomin\"><div class=\"fusion-gallery-image\"><a href=\"https:\/\/afc.cat\/wp-content\/uploads\/2023\/10\/13-David-Penarroya-Hernandez-108.jpg\" data-title=\"13 &#8211; David Pe\u00f1arroya Hernandez &#8211; 108\" title=\"13 &#8211; David Pe\u00f1arroya Hernandez &#8211; 108\" rel=\"noreferrer\" data-rel=\"iLightbox[gallery_image_1]\" class=\"fusion-lightbox\" target=\"_self\"><img decoding=\"async\" src=\"https:\/\/afc.cat\/wp-content\/uploads\/2023\/10\/13-David-Penarroya-Hernandez-108-320x202.jpg\" width=\"320\" height=\"202\" alt=\"\" title=\"13 &#8211; David Pe\u00f1arroya Hernandez &#8211; 108\" aria-label=\"13 &#8211; David Pe\u00f1arroya Hernandez &#8211; 108\" class=\"img-responsive wp-image-34945 fusion-gallery-image-size-fixed\" \/><\/a><\/div><\/div><div style=\"padding:5px;\" class=\"fusion-grid-column fusion-gallery-column fusion-gallery-column-6 hover-type-zoomin\"><div class=\"fusion-gallery-image\"><a href=\"https:\/\/afc.cat\/wp-content\/uploads\/2023\/10\/14-Carme-Mur-Calvo-104.jpg\" data-title=\"14 &#8211; Carme Mur Calv\u00f3 &#8211; 104\" title=\"14 &#8211; Carme Mur Calv\u00f3 &#8211; 104\" rel=\"noreferrer\" data-rel=\"iLightbox[gallery_image_1]\" class=\"fusion-lightbox\" target=\"_self\"><img decoding=\"async\" src=\"https:\/\/afc.cat\/wp-content\/uploads\/2023\/10\/14-Carme-Mur-Calvo-104-320x202.jpg\" width=\"320\" height=\"202\" alt=\"\" title=\"14 &#8211; Carme Mur Calv\u00f3 &#8211; 104\" aria-label=\"14 &#8211; Carme Mur Calv\u00f3 &#8211; 104\" class=\"img-responsive wp-image-34947 fusion-gallery-image-size-fixed\" srcset=\"https:\/\/afc.cat\/wp-content\/uploads\/2023\/10\/14-Carme-Mur-Calvo-104-320x202.jpg 320w, https:\/\/afc.cat\/wp-content\/uploads\/2023\/10\/14-Carme-Mur-Calvo-104-700x441.jpg 700w\" sizes=\"(max-width: 320px) 100vw, 320px\" \/><\/a><\/div><\/div><div style=\"padding:5px;\" class=\"fusion-grid-column fusion-gallery-column fusion-gallery-column-6 hover-type-zoomin\"><div class=\"fusion-gallery-image\"><a href=\"https:\/\/afc.cat\/wp-content\/uploads\/2023\/10\/15-Santiago-Garcia-Cuadrado-103.jpg\" data-title=\"15 &#8211; Santiago Garc\u00eda Cuadrado &#8211; 103\" title=\"15 &#8211; Santiago Garc\u00eda Cuadrado &#8211; 103\" rel=\"noreferrer\" data-rel=\"iLightbox[gallery_image_1]\" class=\"fusion-lightbox\" target=\"_self\"><img decoding=\"async\" src=\"https:\/\/afc.cat\/wp-content\/uploads\/2023\/10\/15-Santiago-Garcia-Cuadrado-103-320x202.jpg\" width=\"320\" height=\"202\" alt=\"\" title=\"15 &#8211; Santiago Garc\u00eda Cuadrado &#8211; 103\" aria-label=\"15 &#8211; Santiago Garc\u00eda Cuadrado &#8211; 103\" class=\"img-responsive wp-image-34949 fusion-gallery-image-size-fixed\" \/><\/a><\/div><\/div><div style=\"padding:5px;\" class=\"fusion-grid-column fusion-gallery-column fusion-gallery-column-6 hover-type-zoomin\"><div class=\"fusion-gallery-image\"><a href=\"https:\/\/afc.cat\/wp-content\/uploads\/2023\/10\/16-Josep-LL-Soucheiron-103.jpg\" data-title=\"16 &#8211; Josep LL Soucheiron &#8211; 103\" title=\"16 &#8211; Josep LL Soucheiron &#8211; 103\" rel=\"noreferrer\" data-rel=\"iLightbox[gallery_image_1]\" class=\"fusion-lightbox\" target=\"_self\"><img decoding=\"async\" src=\"https:\/\/afc.cat\/wp-content\/uploads\/2023\/10\/16-Josep-LL-Soucheiron-103-320x202.jpg\" width=\"320\" height=\"202\" alt=\"\" title=\"16 &#8211; Josep LL Soucheiron &#8211; 103\" aria-label=\"16 &#8211; Josep LL Soucheiron &#8211; 103\" class=\"img-responsive wp-image-34951 fusion-gallery-image-size-fixed\" srcset=\"https:\/\/afc.cat\/wp-content\/uploads\/2023\/10\/16-Josep-LL-Soucheiron-103-320x202.jpg 320w, https:\/\/afc.cat\/wp-content\/uploads\/2023\/10\/16-Josep-LL-Soucheiron-103-700x441.jpg 700w\" sizes=\"(max-width: 320px) 100vw, 320px\" \/><\/a><\/div><\/div><div style=\"padding:5px;\" class=\"fusion-grid-column fusion-gallery-column fusion-gallery-column-6 hover-type-zoomin\"><div class=\"fusion-gallery-image\"><a href=\"https:\/\/afc.cat\/wp-content\/uploads\/2023\/10\/17-Francesc-Soldevila-100.jpg\" data-title=\"17 &#8211; Francesc Soldevila &#8211; 100\" title=\"17 &#8211; Francesc Soldevila &#8211; 100\" rel=\"noreferrer\" data-rel=\"iLightbox[gallery_image_1]\" class=\"fusion-lightbox\" target=\"_self\"><img decoding=\"async\" src=\"https:\/\/afc.cat\/wp-content\/uploads\/2023\/10\/17-Francesc-Soldevila-100-320x202.jpg\" width=\"320\" height=\"202\" alt=\"\" title=\"17 &#8211; Francesc Soldevila &#8211; 100\" aria-label=\"17 &#8211; Francesc Soldevila &#8211; 100\" class=\"img-responsive wp-image-34953 fusion-gallery-image-size-fixed\" srcset=\"https:\/\/afc.cat\/wp-content\/uploads\/2023\/10\/17-Francesc-Soldevila-100-320x202.jpg 320w, https:\/\/afc.cat\/wp-content\/uploads\/2023\/10\/17-Francesc-Soldevila-100-700x441.jpg 700w\" sizes=\"(max-width: 320px) 100vw, 320px\" \/><\/a><\/div><\/div><div style=\"padding:5px;\" class=\"fusion-grid-column fusion-gallery-column fusion-gallery-column-6 hover-type-zoomin\"><div class=\"fusion-gallery-image\"><a href=\"https:\/\/afc.cat\/wp-content\/uploads\/2023\/10\/17-Joan-Soldevila-Adan-100-1.jpg\" data-title=\"17 &#8211; Joan Soldevila Ad\u00e1n &#8211; 100\" title=\"17 &#8211; Joan Soldevila Ad\u00e1n &#8211; 100\" rel=\"noreferrer\" data-rel=\"iLightbox[gallery_image_1]\" class=\"fusion-lightbox\" target=\"_self\"><img decoding=\"async\" src=\"https:\/\/afc.cat\/wp-content\/uploads\/2023\/10\/17-Joan-Soldevila-Adan-100-1-320x202.jpg\" width=\"320\" height=\"202\" alt=\"\" title=\"17 &#8211; Joan Soldevila Ad\u00e1n &#8211; 100\" aria-label=\"17 &#8211; Joan Soldevila Ad\u00e1n &#8211; 100\" class=\"img-responsive wp-image-34955 fusion-gallery-image-size-fixed\" srcset=\"https:\/\/afc.cat\/wp-content\/uploads\/2023\/10\/17-Joan-Soldevila-Adan-100-1-320x202.jpg 320w, https:\/\/afc.cat\/wp-content\/uploads\/2023\/10\/17-Joan-Soldevila-Adan-100-1-638x400.jpg 638w\" sizes=\"(max-width: 320px) 100vw, 320px\" \/><\/a><\/div><\/div><div class=\"clearfix\"><\/div><div style=\"padding:5px;\" class=\"fusion-grid-column fusion-gallery-column fusion-gallery-column-6 hover-type-zoomin\"><div class=\"fusion-gallery-image\"><a href=\"https:\/\/afc.cat\/wp-content\/uploads\/2023\/10\/18-Ramon-Riera-98.jpg\" data-title=\"18 &#8211; Ramon Riera &#8211; 98\" title=\"18 &#8211; Ramon Riera &#8211; 98\" rel=\"noreferrer\" data-rel=\"iLightbox[gallery_image_1]\" class=\"fusion-lightbox\" target=\"_self\"><img decoding=\"async\" src=\"https:\/\/afc.cat\/wp-content\/uploads\/2023\/10\/18-Ramon-Riera-98-320x202.jpg\" width=\"320\" height=\"202\" alt=\"\" title=\"18 &#8211; Ramon Riera &#8211; 98\" aria-label=\"18 &#8211; Ramon Riera &#8211; 98\" class=\"img-responsive wp-image-34957 fusion-gallery-image-size-fixed\" srcset=\"https:\/\/afc.cat\/wp-content\/uploads\/2023\/10\/18-Ramon-Riera-98-320x202.jpg 320w, https:\/\/afc.cat\/wp-content\/uploads\/2023\/10\/18-Ramon-Riera-98-700x441.jpg 700w\" sizes=\"(max-width: 320px) 100vw, 320px\" \/><\/a><\/div><\/div><div style=\"padding:5px;\" class=\"fusion-grid-column fusion-gallery-column fusion-gallery-column-6 hover-type-zoomin\"><div class=\"fusion-gallery-image\"><a href=\"https:\/\/afc.cat\/wp-content\/uploads\/2023\/10\/19-Angel-Colado-Palacios-98.jpg\" data-title=\"19 &#8211; \u00c1ngel Colado Palacios &#8211; 98\" title=\"19 &#8211; \u00c1ngel Colado Palacios &#8211; 98\" rel=\"noreferrer\" data-rel=\"iLightbox[gallery_image_1]\" class=\"fusion-lightbox\" target=\"_self\"><img decoding=\"async\" src=\"https:\/\/afc.cat\/wp-content\/uploads\/2023\/10\/19-Angel-Colado-Palacios-98-320x202.jpg\" width=\"320\" height=\"202\" alt=\"\" title=\"19 &#8211; \u00c1ngel Colado Palacios &#8211; 98\" aria-label=\"19 &#8211; \u00c1ngel Colado Palacios &#8211; 98\" class=\"img-responsive wp-image-34959 fusion-gallery-image-size-fixed\" srcset=\"https:\/\/afc.cat\/wp-content\/uploads\/2023\/10\/19-Angel-Colado-Palacios-98-320x202.jpg 320w, https:\/\/afc.cat\/wp-content\/uploads\/2023\/10\/19-Angel-Colado-Palacios-98-700x441.jpg 700w\" sizes=\"(max-width: 320px) 100vw, 320px\" \/><\/a><\/div><\/div><div style=\"padding:5px;\" class=\"fusion-grid-column fusion-gallery-column fusion-gallery-column-6 hover-type-zoomin\"><div class=\"fusion-gallery-image\"><a href=\"https:\/\/afc.cat\/wp-content\/uploads\/2023\/10\/20-Esperanca-Sanz-Marin-98.jpg\" data-title=\"20 &#8211; Esperan\u00e7a Sanz Marin &#8211; 98\" title=\"20 &#8211; Esperan\u00e7a Sanz Marin &#8211; 98\" rel=\"noreferrer\" data-rel=\"iLightbox[gallery_image_1]\" class=\"fusion-lightbox\" target=\"_self\"><img decoding=\"async\" src=\"https:\/\/afc.cat\/wp-content\/uploads\/2023\/10\/20-Esperanca-Sanz-Marin-98-320x202.jpg\" width=\"320\" height=\"202\" alt=\"\" title=\"20 &#8211; Esperan\u00e7a Sanz Marin &#8211; 98\" aria-label=\"20 &#8211; Esperan\u00e7a Sanz Marin &#8211; 98\" class=\"img-responsive wp-image-34961 fusion-gallery-image-size-fixed\" srcset=\"https:\/\/afc.cat\/wp-content\/uploads\/2023\/10\/20-Esperanca-Sanz-Marin-98-320x202.jpg 320w, https:\/\/afc.cat\/wp-content\/uploads\/2023\/10\/20-Esperanca-Sanz-Marin-98-700x441.jpg 700w\" sizes=\"(max-width: 320px) 100vw, 320px\" \/><\/a><\/div><\/div><div style=\"padding:5px;\" class=\"fusion-grid-column fusion-gallery-column fusion-gallery-column-6 hover-type-zoomin\"><div class=\"fusion-gallery-image\"><a href=\"https:\/\/afc.cat\/wp-content\/uploads\/2023\/10\/21-Lluis-Porcel-Gimenez-97.jpg\" data-title=\"21 &#8211; Llu\u00eds Porcel Gim\u00e9nez &#8211; 97\" title=\"21 &#8211; Llu\u00eds Porcel Gim\u00e9nez &#8211; 97\" rel=\"noreferrer\" data-rel=\"iLightbox[gallery_image_1]\" class=\"fusion-lightbox\" target=\"_self\"><img decoding=\"async\" src=\"https:\/\/afc.cat\/wp-content\/uploads\/2023\/10\/21-Lluis-Porcel-Gimenez-97-320x202.jpg\" width=\"320\" height=\"202\" alt=\"\" title=\"21 &#8211; Llu\u00eds Porcel Gim\u00e9nez &#8211; 97\" aria-label=\"21 &#8211; Llu\u00eds Porcel Gim\u00e9nez &#8211; 97\" class=\"img-responsive wp-image-34963 fusion-gallery-image-size-fixed\" srcset=\"https:\/\/afc.cat\/wp-content\/uploads\/2023\/10\/21-Lluis-Porcel-Gimenez-97-320x202.jpg 320w, https:\/\/afc.cat\/wp-content\/uploads\/2023\/10\/21-Lluis-Porcel-Gimenez-97-700x441.jpg 700w\" sizes=\"(max-width: 320px) 100vw, 320px\" \/><\/a><\/div><\/div><div style=\"padding:5px;\" class=\"fusion-grid-column fusion-gallery-column fusion-gallery-column-6 hover-type-zoomin\"><div class=\"fusion-gallery-image\"><a href=\"https:\/\/afc.cat\/wp-content\/uploads\/2023\/10\/22-Merce-Rios-Bejar-97.jpg\" data-title=\"OLYMPUS DIGITAL CAMERA\" title=\"OLYMPUS DIGITAL CAMERA\" rel=\"noreferrer\" data-rel=\"iLightbox[gallery_image_1]\" class=\"fusion-lightbox\" target=\"_self\"><img decoding=\"async\" src=\"https:\/\/afc.cat\/wp-content\/uploads\/2023\/10\/22-Merce-Rios-Bejar-97-320x202.jpg\" width=\"320\" height=\"202\" alt=\"\" title=\"OLYMPUS DIGITAL CAMERA\" aria-label=\"OLYMPUS DIGITAL CAMERA\" class=\"img-responsive wp-image-34965 fusion-gallery-image-size-fixed\" srcset=\"https:\/\/afc.cat\/wp-content\/uploads\/2023\/10\/22-Merce-Rios-Bejar-97-320x202.jpg 320w, https:\/\/afc.cat\/wp-content\/uploads\/2023\/10\/22-Merce-Rios-Bejar-97-700x441.jpg 700w\" sizes=\"(max-width: 320px) 100vw, 320px\" \/><\/a><\/div><\/div><div style=\"padding:5px;\" class=\"fusion-grid-column fusion-gallery-column fusion-gallery-column-6 hover-type-zoomin\"><div class=\"fusion-gallery-image\"><a href=\"https:\/\/afc.cat\/wp-content\/uploads\/2023\/10\/23-Adolfo-Garcia-Bastard-95.jpg\" data-title=\"23 &#8211; Adolfo Garcia Bastard &#8211; 95\" title=\"23 &#8211; Adolfo Garcia Bastard &#8211; 95\" rel=\"noreferrer\" data-rel=\"iLightbox[gallery_image_1]\" class=\"fusion-lightbox\" target=\"_self\"><img decoding=\"async\" src=\"https:\/\/afc.cat\/wp-content\/uploads\/2023\/10\/23-Adolfo-Garcia-Bastard-95-320x202.jpg\" width=\"320\" height=\"202\" alt=\"\" title=\"23 &#8211; Adolfo Garcia Bastard &#8211; 95\" aria-label=\"23 &#8211; Adolfo Garcia Bastard &#8211; 95\" class=\"img-responsive wp-image-34967 fusion-gallery-image-size-fixed\" srcset=\"https:\/\/afc.cat\/wp-content\/uploads\/2023\/10\/23-Adolfo-Garcia-Bastard-95-320x202.jpg 320w, https:\/\/afc.cat\/wp-content\/uploads\/2023\/10\/23-Adolfo-Garcia-Bastard-95-700x441.jpg 700w\" sizes=\"(max-width: 320px) 100vw, 320px\" \/><\/a><\/div><\/div><div class=\"clearfix\"><\/div><div style=\"padding:5px;\" class=\"fusion-grid-column fusion-gallery-column fusion-gallery-column-6 hover-type-zoomin\"><div class=\"fusion-gallery-image\"><a href=\"https:\/\/afc.cat\/wp-content\/uploads\/2023\/10\/24-Jaume-LLOPART-CASAPONSA-95.jpg\" data-title=\"24 &#8211; Jaume LLOPART CASAPONSA &#8211; 95\" title=\"24 &#8211; Jaume LLOPART CASAPONSA &#8211; 95\" rel=\"noreferrer\" data-rel=\"iLightbox[gallery_image_1]\" class=\"fusion-lightbox\" target=\"_self\"><img decoding=\"async\" src=\"https:\/\/afc.cat\/wp-content\/uploads\/2023\/10\/24-Jaume-LLOPART-CASAPONSA-95-320x202.jpg\" width=\"320\" height=\"202\" alt=\"\" title=\"24 &#8211; Jaume LLOPART CASAPONSA &#8211; 95\" aria-label=\"24 &#8211; Jaume LLOPART CASAPONSA &#8211; 95\" class=\"img-responsive wp-image-34969 fusion-gallery-image-size-fixed\" srcset=\"https:\/\/afc.cat\/wp-content\/uploads\/2023\/10\/24-Jaume-LLOPART-CASAPONSA-95-320x202.jpg 320w, https:\/\/afc.cat\/wp-content\/uploads\/2023\/10\/24-Jaume-LLOPART-CASAPONSA-95-700x441.jpg 700w\" sizes=\"(max-width: 320px) 100vw, 320px\" \/><\/a><\/div><\/div><div style=\"padding:5px;\" class=\"fusion-grid-column fusion-gallery-column fusion-gallery-column-6 hover-type-zoomin\"><div class=\"fusion-gallery-image\"><a href=\"https:\/\/afc.cat\/wp-content\/uploads\/2023\/10\/25-Xavier-Mateu-Llevadot-94.jpg\" data-title=\"25 &#8211; Xavier Mateu Llevadot &#8211; 94\" title=\"25 &#8211; Xavier Mateu Llevadot &#8211; 94\" rel=\"noreferrer\" data-rel=\"iLightbox[gallery_image_1]\" class=\"fusion-lightbox\" target=\"_self\"><img decoding=\"async\" src=\"https:\/\/afc.cat\/wp-content\/uploads\/2023\/10\/25-Xavier-Mateu-Llevadot-94-320x202.jpg\" width=\"320\" height=\"202\" alt=\"\" title=\"25 &#8211; Xavier Mateu Llevadot &#8211; 94\" aria-label=\"25 &#8211; Xavier Mateu Llevadot &#8211; 94\" class=\"img-responsive wp-image-34971 fusion-gallery-image-size-fixed\" \/><\/a><\/div><\/div><div style=\"padding:5px;\" class=\"fusion-grid-column fusion-gallery-column fusion-gallery-column-6 hover-type-zoomin\"><div class=\"fusion-gallery-image\"><a href=\"https:\/\/afc.cat\/wp-content\/uploads\/2023\/10\/26-Pep-Vinyals-94.jpg\" data-title=\"26 &#8211; Pep Vinyals &#8211; 94\" title=\"26 &#8211; Pep Vinyals &#8211; 94\" rel=\"noreferrer\" data-rel=\"iLightbox[gallery_image_1]\" class=\"fusion-lightbox\" target=\"_self\"><img decoding=\"async\" src=\"https:\/\/afc.cat\/wp-content\/uploads\/2023\/10\/26-Pep-Vinyals-94-320x202.jpg\" width=\"320\" height=\"202\" alt=\"\" title=\"26 &#8211; Pep Vinyals &#8211; 94\" aria-label=\"26 &#8211; Pep Vinyals &#8211; 94\" class=\"img-responsive wp-image-34973 fusion-gallery-image-size-fixed\" srcset=\"https:\/\/afc.cat\/wp-content\/uploads\/2023\/10\/26-Pep-Vinyals-94-320x202.jpg 320w, https:\/\/afc.cat\/wp-content\/uploads\/2023\/10\/26-Pep-Vinyals-94-700x441.jpg 700w\" sizes=\"(max-width: 320px) 100vw, 320px\" \/><\/a><\/div><\/div><div style=\"padding:5px;\" class=\"fusion-grid-column fusion-gallery-column fusion-gallery-column-6 hover-type-zoomin\"><div class=\"fusion-gallery-image\"><a href=\"https:\/\/afc.cat\/wp-content\/uploads\/2023\/10\/27-Jordi-Batet-i-Escobedo-93.jpg\" data-title=\"27 &#8211; Jordi Batet i Escobedo &#8211; 93\" title=\"27 &#8211; Jordi Batet i Escobedo &#8211; 93\" rel=\"noreferrer\" data-rel=\"iLightbox[gallery_image_1]\" class=\"fusion-lightbox\" target=\"_self\"><img decoding=\"async\" src=\"https:\/\/afc.cat\/wp-content\/uploads\/2023\/10\/27-Jordi-Batet-i-Escobedo-93-320x202.jpg\" width=\"320\" height=\"202\" alt=\"\" title=\"27 &#8211; Jordi Batet i Escobedo &#8211; 93\" aria-label=\"27 &#8211; Jordi Batet i Escobedo &#8211; 93\" class=\"img-responsive wp-image-34975 fusion-gallery-image-size-fixed\" srcset=\"https:\/\/afc.cat\/wp-content\/uploads\/2023\/10\/27-Jordi-Batet-i-Escobedo-93-320x202.jpg 320w, https:\/\/afc.cat\/wp-content\/uploads\/2023\/10\/27-Jordi-Batet-i-Escobedo-93-700x441.jpg 700w\" sizes=\"(max-width: 320px) 100vw, 320px\" \/><\/a><\/div><\/div><div style=\"padding:5px;\" class=\"fusion-grid-column fusion-gallery-column fusion-gallery-column-6 hover-type-zoomin\"><div class=\"fusion-gallery-image\"><a href=\"https:\/\/afc.cat\/wp-content\/uploads\/2023\/10\/28-Joan-Rue-Domingo-93.jpg\" data-title=\"28 &#8211; Joan Ru\u00e9 Domingo &#8211; 93\" title=\"28 &#8211; Joan Ru\u00e9 Domingo &#8211; 93\" rel=\"noreferrer\" data-rel=\"iLightbox[gallery_image_1]\" class=\"fusion-lightbox\" target=\"_self\"><img decoding=\"async\" src=\"https:\/\/afc.cat\/wp-content\/uploads\/2023\/10\/28-Joan-Rue-Domingo-93-320x202.jpg\" width=\"320\" height=\"202\" alt=\"\" title=\"28 &#8211; Joan Ru\u00e9 Domingo &#8211; 93\" aria-label=\"28 &#8211; Joan Ru\u00e9 Domingo &#8211; 93\" class=\"img-responsive wp-image-34977 fusion-gallery-image-size-fixed\" \/><\/a><\/div><\/div><div style=\"padding:5px;\" class=\"fusion-grid-column fusion-gallery-column fusion-gallery-column-6 hover-type-zoomin\"><div class=\"fusion-gallery-image\"><a href=\"https:\/\/afc.cat\/wp-content\/uploads\/2023\/10\/29-Carmen-Casademont-Ribot-92.jpg\" data-title=\"29 &#8211; Carmen Casademont Ribot &#8211; 92\" title=\"29 &#8211; Carmen Casademont Ribot &#8211; 92\" rel=\"noreferrer\" data-rel=\"iLightbox[gallery_image_1]\" class=\"fusion-lightbox\" target=\"_self\"><img decoding=\"async\" src=\"https:\/\/afc.cat\/wp-content\/uploads\/2023\/10\/29-Carmen-Casademont-Ribot-92-320x202.jpg\" width=\"320\" height=\"202\" alt=\"\" title=\"29 &#8211; Carmen Casademont Ribot &#8211; 92\" aria-label=\"29 &#8211; Carmen Casademont Ribot &#8211; 92\" class=\"img-responsive wp-image-34979 fusion-gallery-image-size-fixed\" \/><\/a><\/div><\/div><div class=\"clearfix\"><\/div><div style=\"padding:5px;\" class=\"fusion-grid-column fusion-gallery-column fusion-gallery-column-6 hover-type-zoomin\"><div class=\"fusion-gallery-image\"><a href=\"https:\/\/afc.cat\/wp-content\/uploads\/2023\/10\/30-PERE-GRAUPERA-LANGA-92.jpg\" data-title=\"30 &#8211; PERE GRAUPERA LANGA &#8211; 92\" title=\"30 &#8211; PERE GRAUPERA LANGA &#8211; 92\" rel=\"noreferrer\" data-rel=\"iLightbox[gallery_image_1]\" class=\"fusion-lightbox\" target=\"_self\"><img decoding=\"async\" src=\"https:\/\/afc.cat\/wp-content\/uploads\/2023\/10\/30-PERE-GRAUPERA-LANGA-92-320x202.jpg\" width=\"320\" height=\"202\" alt=\"\" title=\"30 &#8211; PERE GRAUPERA LANGA &#8211; 92\" aria-label=\"30 &#8211; PERE GRAUPERA LANGA &#8211; 92\" class=\"img-responsive wp-image-34981 fusion-gallery-image-size-fixed\" srcset=\"https:\/\/afc.cat\/wp-content\/uploads\/2023\/10\/30-PERE-GRAUPERA-LANGA-92-200x127.jpg 200w, https:\/\/afc.cat\/wp-content\/uploads\/2023\/10\/30-PERE-GRAUPERA-LANGA-92-400x253.jpg 400w, https:\/\/afc.cat\/wp-content\/uploads\/2023\/10\/30-PERE-GRAUPERA-LANGA-92-600x380.jpg 600w, https:\/\/afc.cat\/wp-content\/uploads\/2023\/10\/30-PERE-GRAUPERA-LANGA-92-800x506.jpg 800w, https:\/\/afc.cat\/wp-content\/uploads\/2023\/10\/30-PERE-GRAUPERA-LANGA-92.jpg 1041w\" sizes=\"(min-width: 2200px) 100vw, (min-width: 1120px) 204px, (min-width: 1024px) 245px, (min-width: 928px) 306px, (min-width: 832px) 408px, (min-width: 736px) 613px, (min-width: 640px) 736px, \" \/><\/a><\/div><\/div><div style=\"padding:5px;\" class=\"fusion-grid-column fusion-gallery-column fusion-gallery-column-6 hover-type-zoomin\"><div class=\"fusion-gallery-image\"><a href=\"https:\/\/afc.cat\/wp-content\/uploads\/2023\/10\/31-Josep-Suarez-Torrellas-90.jpg\" data-title=\"31 &#8211; Josep Suarez Torrellas &#8211; 90\" title=\"31 &#8211; Josep Suarez Torrellas &#8211; 90\" rel=\"noreferrer\" data-rel=\"iLightbox[gallery_image_1]\" class=\"fusion-lightbox\" target=\"_self\"><img decoding=\"async\" src=\"https:\/\/afc.cat\/wp-content\/uploads\/2023\/10\/31-Josep-Suarez-Torrellas-90-320x202.jpg\" width=\"320\" height=\"202\" alt=\"\" title=\"31 &#8211; Josep Suarez Torrellas &#8211; 90\" aria-label=\"31 &#8211; Josep Suarez Torrellas &#8211; 90\" class=\"img-responsive wp-image-34983 fusion-gallery-image-size-fixed\" srcset=\"https:\/\/afc.cat\/wp-content\/uploads\/2023\/10\/31-Josep-Suarez-Torrellas-90-320x202.jpg 320w, https:\/\/afc.cat\/wp-content\/uploads\/2023\/10\/31-Josep-Suarez-Torrellas-90-700x441.jpg 700w\" sizes=\"(max-width: 320px) 100vw, 320px\" \/><\/a><\/div><\/div><div style=\"padding:5px;\" class=\"fusion-grid-column fusion-gallery-column fusion-gallery-column-6 hover-type-zoomin\"><div class=\"fusion-gallery-image\"><a href=\"https:\/\/afc.cat\/wp-content\/uploads\/2023\/10\/32-Jordi-Garcia-Gracia-89.jpg\" data-title=\"32 &#8211; Jordi Garcia Gracia &#8211; 89\" title=\"32 &#8211; Jordi Garcia Gracia &#8211; 89\" rel=\"noreferrer\" data-rel=\"iLightbox[gallery_image_1]\" class=\"fusion-lightbox\" target=\"_self\"><img decoding=\"async\" src=\"https:\/\/afc.cat\/wp-content\/uploads\/2023\/10\/32-Jordi-Garcia-Gracia-89-320x202.jpg\" width=\"320\" height=\"202\" alt=\"\" title=\"32 &#8211; Jordi Garcia Gracia &#8211; 89\" aria-label=\"32 &#8211; Jordi Garcia Gracia &#8211; 89\" class=\"img-responsive wp-image-34985 fusion-gallery-image-size-fixed\" srcset=\"https:\/\/afc.cat\/wp-content\/uploads\/2023\/10\/32-Jordi-Garcia-Gracia-89-320x202.jpg 320w, https:\/\/afc.cat\/wp-content\/uploads\/2023\/10\/32-Jordi-Garcia-Gracia-89-700x441.jpg 700w\" sizes=\"(max-width: 320px) 100vw, 320px\" \/><\/a><\/div><\/div><div style=\"padding:5px;\" class=\"fusion-grid-column fusion-gallery-column fusion-gallery-column-6 hover-type-zoomin\"><div class=\"fusion-gallery-image\"><a href=\"https:\/\/afc.cat\/wp-content\/uploads\/2023\/10\/33-Diego-Pastor-Sanchez-89.jpg\" data-title=\"33 &#8211; Diego Pastor S\u00e1nchez &#8211; 89\" title=\"33 &#8211; Diego Pastor S\u00e1nchez &#8211; 89\" rel=\"noreferrer\" data-rel=\"iLightbox[gallery_image_1]\" class=\"fusion-lightbox\" target=\"_self\"><img decoding=\"async\" src=\"https:\/\/afc.cat\/wp-content\/uploads\/2023\/10\/33-Diego-Pastor-Sanchez-89-320x202.jpg\" width=\"320\" height=\"202\" alt=\"\" title=\"33 &#8211; Diego Pastor S\u00e1nchez &#8211; 89\" aria-label=\"33 &#8211; Diego Pastor S\u00e1nchez &#8211; 89\" class=\"img-responsive wp-image-34987 fusion-gallery-image-size-fixed\" \/><\/a><\/div><\/div><div style=\"padding:5px;\" class=\"fusion-grid-column fusion-gallery-column fusion-gallery-column-6 hover-type-zoomin\"><div class=\"fusion-gallery-image\"><a href=\"https:\/\/afc.cat\/wp-content\/uploads\/2023\/10\/34-Dolors-Ventura-Canellas-88.jpg\" data-title=\"34 &#8211; Dolors Ventura Ca\u00f1ellas &#8211; 88\" title=\"34 &#8211; Dolors Ventura Ca\u00f1ellas &#8211; 88\" rel=\"noreferrer\" data-rel=\"iLightbox[gallery_image_1]\" class=\"fusion-lightbox\" target=\"_self\"><img decoding=\"async\" src=\"https:\/\/afc.cat\/wp-content\/uploads\/2023\/10\/34-Dolors-Ventura-Canellas-88-320x202.jpg\" width=\"320\" height=\"202\" alt=\"\" title=\"34 &#8211; Dolors Ventura Ca\u00f1ellas &#8211; 88\" aria-label=\"34 &#8211; Dolors Ventura Ca\u00f1ellas &#8211; 88\" class=\"img-responsive wp-image-34989 fusion-gallery-image-size-fixed\" \/><\/a><\/div><\/div><div style=\"padding:5px;\" class=\"fusion-grid-column fusion-gallery-column fusion-gallery-column-6 hover-type-zoomin\"><div class=\"fusion-gallery-image\"><a href=\"https:\/\/afc.cat\/wp-content\/uploads\/2023\/10\/35-Nuria-Noguera-German-88.jpg\" data-title=\"35 &#8211; N\u00faria Noguera German &#8211; 88\" title=\"35 &#8211; N\u00faria Noguera German &#8211; 88\" rel=\"noreferrer\" data-rel=\"iLightbox[gallery_image_1]\" class=\"fusion-lightbox\" target=\"_self\"><img decoding=\"async\" src=\"https:\/\/afc.cat\/wp-content\/uploads\/2023\/10\/35-Nuria-Noguera-German-88-320x202.jpg\" width=\"320\" height=\"202\" alt=\"\" title=\"35 &#8211; N\u00faria Noguera German &#8211; 88\" aria-label=\"35 &#8211; N\u00faria Noguera German &#8211; 88\" class=\"img-responsive wp-image-34991 fusion-gallery-image-size-fixed\" \/><\/a><\/div><\/div><div class=\"clearfix\"><\/div><div style=\"padding:5px;\" class=\"fusion-grid-column fusion-gallery-column fusion-gallery-column-6 hover-type-zoomin\"><div class=\"fusion-gallery-image\"><a href=\"https:\/\/afc.cat\/wp-content\/uploads\/2023\/10\/36-Teresa-Tejero-Lopez-86.jpg\" data-title=\"OLYMPUS DIGITAL CAMERA\" title=\"OLYMPUS DIGITAL CAMERA\" rel=\"noreferrer\" data-rel=\"iLightbox[gallery_image_1]\" class=\"fusion-lightbox\" target=\"_self\"><img decoding=\"async\" src=\"https:\/\/afc.cat\/wp-content\/uploads\/2023\/10\/36-Teresa-Tejero-Lopez-86-320x202.jpg\" width=\"320\" height=\"202\" alt=\"\" title=\"OLYMPUS DIGITAL CAMERA\" aria-label=\"OLYMPUS DIGITAL CAMERA\" class=\"img-responsive wp-image-34993 fusion-gallery-image-size-fixed\" \/><\/a><\/div><\/div><div style=\"padding:5px;\" class=\"fusion-grid-column fusion-gallery-column fusion-gallery-column-6 hover-type-zoomin\"><div class=\"fusion-gallery-image\"><a href=\"https:\/\/afc.cat\/wp-content\/uploads\/2023\/10\/38-ALEIX-TORRENTS-ALMEDA-83.jpg\" data-title=\"38 &#8211; ALEIX TORRENTS ALMEDA &#8211; 83\" title=\"38 &#8211; ALEIX TORRENTS ALMEDA &#8211; 83\" rel=\"noreferrer\" data-rel=\"iLightbox[gallery_image_1]\" class=\"fusion-lightbox\" target=\"_self\"><img decoding=\"async\" src=\"https:\/\/afc.cat\/wp-content\/uploads\/2023\/10\/38-ALEIX-TORRENTS-ALMEDA-83-320x202.jpg\" width=\"320\" height=\"202\" alt=\"\" title=\"38 &#8211; ALEIX TORRENTS ALMEDA &#8211; 83\" aria-label=\"38 &#8211; ALEIX TORRENTS ALMEDA &#8211; 83\" class=\"img-responsive wp-image-34995 fusion-gallery-image-size-fixed\" \/><\/a><\/div><\/div><div style=\"padding:5px;\" class=\"fusion-grid-column fusion-gallery-column fusion-gallery-column-6 hover-type-zoomin\"><div class=\"fusion-gallery-image\"><a href=\"https:\/\/afc.cat\/wp-content\/uploads\/2023\/10\/39-Clara-Lopez-Colomer-30.jpg\" data-title=\"Projecte AFC\" title=\"Projecte AFC\" rel=\"noreferrer\" data-rel=\"iLightbox[gallery_image_1]\" class=\"fusion-lightbox\" target=\"_self\"><img decoding=\"async\" src=\"https:\/\/afc.cat\/wp-content\/uploads\/2023\/10\/39-Clara-Lopez-Colomer-30-320x202.jpg\" width=\"320\" height=\"202\" alt=\"\" title=\"Projecte AFC\" aria-label=\"Projecte AFC\" class=\"img-responsive wp-image-34997 fusion-gallery-image-size-fixed\" srcset=\"https:\/\/afc.cat\/wp-content\/uploads\/2023\/10\/39-Clara-Lopez-Colomer-30-320x202.jpg 320w, https:\/\/afc.cat\/wp-content\/uploads\/2023\/10\/39-Clara-Lopez-Colomer-30-700x441.jpg 700w\" sizes=\"(max-width: 320px) 100vw, 320px\" \/><\/a><\/div><\/div><\/div><div class=\"fusion-separator fusion-full-width-sep\" style=\"align-self: center;margin-left: auto;margin-right: auto;margin-top:20px;margin-bottom:20px;width:100%;\"><div class=\"fusion-separator-border sep-single sep-solid\" style=\"border-color:#3ec0bf;border-top-width:1px;\"><\/div><\/div><div class=\"fusion-text fusion-text-5\"><p style=\"text-align: center;\"><strong>PUNTUACI\u00d3N GENERAL ACUMULADA COLOR<\/strong><\/p>\n<\/div><div style=\"text-align:center;\"><style>.fusion-imageframe.imageframe-2{ margin-bottom : 5%;}<\/style><span class=\" fusion-imageframe imageframe-none imageframe-2 hover-type-zoomin\"><img decoding=\"async\" width=\"771\" height=\"1047\" title=\"TOCOl-oct-23\" src=\"https:\/\/afc.cat\/wp-content\/uploads\/2023\/10\/TOCOl-oct-23.jpg\" alt class=\"img-responsive wp-image-35002\" srcset=\"https:\/\/afc.cat\/wp-content\/uploads\/2023\/10\/TOCOl-oct-23-200x272.jpg 200w, https:\/\/afc.cat\/wp-content\/uploads\/2023\/10\/TOCOl-oct-23-400x543.jpg 400w, https:\/\/afc.cat\/wp-content\/uploads\/2023\/10\/TOCOl-oct-23-600x815.jpg 600w, https:\/\/afc.cat\/wp-content\/uploads\/2023\/10\/TOCOl-oct-23.jpg 771w\" sizes=\"(max-width: 640px) 100vw, 771px\" \/><\/span><\/div><div class=\"fusion-text fusion-text-6\"><p style=\"text-align: center;\"><strong>Clasificaci\u00f3n color de octubre 2023<\/strong><\/p>\n<\/div><style type=\"text\/css\">.fusion-gallery-2 .fusion-gallery-image {border:0px solid #e2e2e2;}<\/style><div class=\"fusion-gallery fusion-gallery-container fusion-grid-6 fusion-columns-total-42 fusion-gallery-layout-grid fusion-gallery-2\" style=\"margin:-5px;\"><div style=\"padding:5px;\" class=\"fusion-grid-column fusion-gallery-column fusion-gallery-column-6 hover-type-zoomin\"><div class=\"fusion-gallery-image\"><a href=\"https:\/\/afc.cat\/wp-content\/uploads\/2023\/10\/1-Francesc-Amat-Creus-128.jpg\" data-title=\"1 &#8211; Francesc Amat Creus &#8211; 128\" title=\"1 &#8211; Francesc Amat Creus &#8211; 128\" rel=\"noreferrer\" data-rel=\"iLightbox[gallery_image_2]\" class=\"fusion-lightbox\" target=\"_self\"><img decoding=\"async\" src=\"https:\/\/afc.cat\/wp-content\/uploads\/2023\/10\/1-Francesc-Amat-Creus-128-320x202.jpg\" width=\"320\" height=\"202\" alt=\"\" title=\"1 &#8211; Francesc Amat Creus &#8211; 128\" aria-label=\"1 &#8211; Francesc Amat Creus &#8211; 128\" class=\"img-responsive wp-image-34837 fusion-gallery-image-size-fixed\" srcset=\"https:\/\/afc.cat\/wp-content\/uploads\/2023\/10\/1-Francesc-Amat-Creus-128-320x202.jpg 320w, https:\/\/afc.cat\/wp-content\/uploads\/2023\/10\/1-Francesc-Amat-Creus-128-700x441.jpg 700w\" sizes=\"(max-width: 320px) 100vw, 320px\" \/><\/a><\/div><\/div><div style=\"padding:5px;\" class=\"fusion-grid-column fusion-gallery-column fusion-gallery-column-6 hover-type-zoomin\"><div class=\"fusion-gallery-image\"><a href=\"https:\/\/afc.cat\/wp-content\/uploads\/2023\/10\/2-XAVIER-RICOL-DOLSET-118.jpg\" data-title=\"2 &#8211; XAVIER RICOL DOLSET &#8211; 118\" title=\"2 &#8211; XAVIER RICOL DOLSET &#8211; 118\" rel=\"noreferrer\" data-rel=\"iLightbox[gallery_image_2]\" class=\"fusion-lightbox\" target=\"_self\"><img decoding=\"async\" src=\"https:\/\/afc.cat\/wp-content\/uploads\/2023\/10\/2-XAVIER-RICOL-DOLSET-118-320x202.jpg\" width=\"320\" height=\"202\" alt=\"\" title=\"2 &#8211; XAVIER RICOL DOLSET &#8211; 118\" aria-label=\"2 &#8211; XAVIER RICOL DOLSET &#8211; 118\" class=\"img-responsive wp-image-34839 fusion-gallery-image-size-fixed\" srcset=\"https:\/\/afc.cat\/wp-content\/uploads\/2023\/10\/2-XAVIER-RICOL-DOLSET-118-320x202.jpg 320w, https:\/\/afc.cat\/wp-content\/uploads\/2023\/10\/2-XAVIER-RICOL-DOLSET-118-700x441.jpg 700w\" sizes=\"(max-width: 320px) 100vw, 320px\" \/><\/a><\/div><\/div><div style=\"padding:5px;\" class=\"fusion-grid-column fusion-gallery-column fusion-gallery-column-6 hover-type-zoomin\"><div class=\"fusion-gallery-image\"><a href=\"https:\/\/afc.cat\/wp-content\/uploads\/2023\/10\/3-Adolfo-Garcia-Bastard-117.jpg\" data-title=\"3 &#8211; Adolfo Garcia Bastard &#8211; 117\" title=\"3 &#8211; Adolfo Garcia Bastard &#8211; 117\" rel=\"noreferrer\" data-rel=\"iLightbox[gallery_image_2]\" class=\"fusion-lightbox\" target=\"_self\"><img decoding=\"async\" src=\"https:\/\/afc.cat\/wp-content\/uploads\/2023\/10\/3-Adolfo-Garcia-Bastard-117-320x202.jpg\" width=\"320\" height=\"202\" alt=\"\" title=\"3 &#8211; Adolfo Garcia Bastard &#8211; 117\" aria-label=\"3 &#8211; Adolfo Garcia Bastard &#8211; 117\" class=\"img-responsive wp-image-34841 fusion-gallery-image-size-fixed\" srcset=\"https:\/\/afc.cat\/wp-content\/uploads\/2023\/10\/3-Adolfo-Garcia-Bastard-117-320x202.jpg 320w, https:\/\/afc.cat\/wp-content\/uploads\/2023\/10\/3-Adolfo-Garcia-Bastard-117-700x441.jpg 700w\" sizes=\"(max-width: 320px) 100vw, 320px\" \/><\/a><\/div><\/div><div class=\"clearfix\"><\/div><div style=\"padding:5px;\" class=\"fusion-grid-column fusion-gallery-column fusion-gallery-column-6 hover-type-zoomin\"><div class=\"fusion-gallery-image\"><a href=\"https:\/\/afc.cat\/wp-content\/uploads\/2023\/10\/4-Francesc-Soldevila-116.jpg\" data-title=\"4 &#8211; Francesc Soldevila &#8211; 116\" title=\"4 &#8211; Francesc Soldevila &#8211; 116\" rel=\"noreferrer\" data-rel=\"iLightbox[gallery_image_2]\" class=\"fusion-lightbox\" target=\"_self\"><img decoding=\"async\" src=\"https:\/\/afc.cat\/wp-content\/uploads\/2023\/10\/4-Francesc-Soldevila-116-320x202.jpg\" width=\"320\" height=\"202\" alt=\"\" title=\"4 &#8211; Francesc Soldevila &#8211; 116\" aria-label=\"4 &#8211; Francesc Soldevila &#8211; 116\" class=\"img-responsive wp-image-34843 fusion-gallery-image-size-fixed\" srcset=\"https:\/\/afc.cat\/wp-content\/uploads\/2023\/10\/4-Francesc-Soldevila-116-320x202.jpg 320w, https:\/\/afc.cat\/wp-content\/uploads\/2023\/10\/4-Francesc-Soldevila-116-700x441.jpg 700w\" sizes=\"(max-width: 320px) 100vw, 320px\" \/><\/a><\/div><\/div><div style=\"padding:5px;\" class=\"fusion-grid-column fusion-gallery-column fusion-gallery-column-6 hover-type-zoomin\"><div class=\"fusion-gallery-image\"><a href=\"https:\/\/afc.cat\/wp-content\/uploads\/2023\/10\/5-Albert-Canellas-Xarau-115.jpg\" data-title=\"5 &#8211; Albert Ca\u00f1ellas Xarau &#8211; 115\" title=\"5 &#8211; Albert Ca\u00f1ellas Xarau &#8211; 115\" rel=\"noreferrer\" data-rel=\"iLightbox[gallery_image_2]\" class=\"fusion-lightbox\" target=\"_self\"><img decoding=\"async\" src=\"https:\/\/afc.cat\/wp-content\/uploads\/2023\/10\/5-Albert-Canellas-Xarau-115-320x202.jpg\" width=\"320\" height=\"202\" alt=\"\" title=\"5 &#8211; Albert Ca\u00f1ellas Xarau &#8211; 115\" aria-label=\"5 &#8211; Albert Ca\u00f1ellas Xarau &#8211; 115\" class=\"img-responsive wp-image-34845 fusion-gallery-image-size-fixed\" srcset=\"https:\/\/afc.cat\/wp-content\/uploads\/2023\/10\/5-Albert-Canellas-Xarau-115-320x202.jpg 320w, https:\/\/afc.cat\/wp-content\/uploads\/2023\/10\/5-Albert-Canellas-Xarau-115-700x441.jpg 700w\" sizes=\"(max-width: 320px) 100vw, 320px\" \/><\/a><\/div><\/div><div style=\"padding:5px;\" class=\"fusion-grid-column fusion-gallery-column fusion-gallery-column-6 hover-type-zoomin\"><div class=\"fusion-gallery-image\"><a href=\"https:\/\/afc.cat\/wp-content\/uploads\/2023\/10\/6-Pere-Josep-Sanchez-Romero-115.jpg\" data-title=\"6 &#8211; Pere Josep S\u00e1nchez Romero &#8211; 115\" title=\"6 &#8211; Pere Josep S\u00e1nchez Romero &#8211; 115\" rel=\"noreferrer\" data-rel=\"iLightbox[gallery_image_2]\" class=\"fusion-lightbox\" target=\"_self\"><img decoding=\"async\" src=\"https:\/\/afc.cat\/wp-content\/uploads\/2023\/10\/6-Pere-Josep-Sanchez-Romero-115-320x202.jpg\" width=\"320\" height=\"202\" alt=\"\" title=\"6 &#8211; Pere Josep S\u00e1nchez Romero &#8211; 115\" aria-label=\"6 &#8211; Pere Josep S\u00e1nchez Romero &#8211; 115\" class=\"img-responsive wp-image-34847 fusion-gallery-image-size-fixed\" \/><\/a><\/div><\/div><div style=\"padding:5px;\" class=\"fusion-grid-column fusion-gallery-column fusion-gallery-column-6 hover-type-zoomin\"><div class=\"fusion-gallery-image\"><a href=\"https:\/\/afc.cat\/wp-content\/uploads\/2023\/10\/7-Dolors-Ventura-Canellas-113.jpg\" data-title=\"Buscant la sortida\" title=\"Buscant la sortida\" rel=\"noreferrer\" data-rel=\"iLightbox[gallery_image_2]\" class=\"fusion-lightbox\" target=\"_self\"><img decoding=\"async\" src=\"https:\/\/afc.cat\/wp-content\/uploads\/2023\/10\/7-Dolors-Ventura-Canellas-113-320x202.jpg\" width=\"320\" height=\"202\" alt=\"\" title=\"Buscant la sortida\" aria-label=\"Buscant la sortida\" class=\"img-responsive wp-image-34849 fusion-gallery-image-size-fixed\" srcset=\"https:\/\/afc.cat\/wp-content\/uploads\/2023\/10\/7-Dolors-Ventura-Canellas-113-320x202.jpg 320w, https:\/\/afc.cat\/wp-content\/uploads\/2023\/10\/7-Dolors-Ventura-Canellas-113-700x441.jpg 700w\" sizes=\"(max-width: 320px) 100vw, 320px\" \/><\/a><\/div><\/div><div style=\"padding:5px;\" class=\"fusion-grid-column fusion-gallery-column fusion-gallery-column-6 hover-type-zoomin\"><div class=\"fusion-gallery-image\"><a href=\"https:\/\/afc.cat\/wp-content\/uploads\/2023\/10\/8-Francesca-Portoles-Braso-112.jpg\" data-title=\"8 &#8211; Francesca Portol\u00e9s Bras\u00f3 &#8211; 112\" title=\"8 &#8211; Francesca Portol\u00e9s Bras\u00f3 &#8211; 112\" rel=\"noreferrer\" data-rel=\"iLightbox[gallery_image_2]\" class=\"fusion-lightbox\" target=\"_self\"><img decoding=\"async\" src=\"https:\/\/afc.cat\/wp-content\/uploads\/2023\/10\/8-Francesca-Portoles-Braso-112-320x202.jpg\" width=\"320\" height=\"202\" alt=\"\" title=\"8 &#8211; Francesca Portol\u00e9s Bras\u00f3 &#8211; 112\" aria-label=\"8 &#8211; Francesca Portol\u00e9s Bras\u00f3 &#8211; 112\" class=\"img-responsive wp-image-34851 fusion-gallery-image-size-fixed\" srcset=\"https:\/\/afc.cat\/wp-content\/uploads\/2023\/10\/8-Francesca-Portoles-Braso-112-320x202.jpg 320w, https:\/\/afc.cat\/wp-content\/uploads\/2023\/10\/8-Francesca-Portoles-Braso-112-700x441.jpg 700w\" sizes=\"(max-width: 320px) 100vw, 320px\" \/><\/a><\/div><\/div><div style=\"padding:5px;\" class=\"fusion-grid-column fusion-gallery-column fusion-gallery-column-6 hover-type-zoomin\"><div class=\"fusion-gallery-image\"><a href=\"https:\/\/afc.cat\/wp-content\/uploads\/2023\/10\/9-Esperanca-Sanz-Marin-112.jpg\" data-title=\"9 &#8211; Esperan\u00e7a Sanz Marin &#8211; 112\" title=\"9 &#8211; Esperan\u00e7a Sanz Marin &#8211; 112\" rel=\"noreferrer\" data-rel=\"iLightbox[gallery_image_2]\" class=\"fusion-lightbox\" target=\"_self\"><img decoding=\"async\" src=\"https:\/\/afc.cat\/wp-content\/uploads\/2023\/10\/9-Esperanca-Sanz-Marin-112-320x202.jpg\" width=\"320\" height=\"202\" alt=\"\" title=\"9 &#8211; Esperan\u00e7a Sanz Marin &#8211; 112\" aria-label=\"9 &#8211; Esperan\u00e7a Sanz Marin &#8211; 112\" class=\"img-responsive wp-image-34853 fusion-gallery-image-size-fixed\" srcset=\"https:\/\/afc.cat\/wp-content\/uploads\/2023\/10\/9-Esperanca-Sanz-Marin-112-320x202.jpg 320w, https:\/\/afc.cat\/wp-content\/uploads\/2023\/10\/9-Esperanca-Sanz-Marin-112-700x441.jpg 700w\" sizes=\"(max-width: 320px) 100vw, 320px\" \/><\/a><\/div><\/div><div class=\"clearfix\"><\/div><div style=\"padding:5px;\" class=\"fusion-grid-column fusion-gallery-column fusion-gallery-column-6 hover-type-zoomin\"><div class=\"fusion-gallery-image\"><a href=\"https:\/\/afc.cat\/wp-content\/uploads\/2023\/10\/10-David-Penarroya-Hernandez-112.jpg\" data-title=\"10 &#8211; David Pe\u00f1arroya Hernandez &#8211; 112\" title=\"10 &#8211; David Pe\u00f1arroya Hernandez &#8211; 112\" rel=\"noreferrer\" data-rel=\"iLightbox[gallery_image_2]\" class=\"fusion-lightbox\" target=\"_self\"><img decoding=\"async\" src=\"https:\/\/afc.cat\/wp-content\/uploads\/2023\/10\/10-David-Penarroya-Hernandez-112-320x202.jpg\" width=\"320\" height=\"202\" alt=\"\" title=\"10 &#8211; David Pe\u00f1arroya Hernandez &#8211; 112\" aria-label=\"10 &#8211; David Pe\u00f1arroya Hernandez &#8211; 112\" class=\"img-responsive wp-image-34855 fusion-gallery-image-size-fixed\" \/><\/a><\/div><\/div><div style=\"padding:5px;\" class=\"fusion-grid-column fusion-gallery-column fusion-gallery-column-6 hover-type-zoomin\"><div class=\"fusion-gallery-image\"><a href=\"https:\/\/afc.cat\/wp-content\/uploads\/2023\/10\/11-Francisco-Olmos-Cubero-107.jpg\" data-title=\"11 &#8211; Francisco Olmos Cubero &#8211; 107\" title=\"11 &#8211; Francisco Olmos Cubero &#8211; 107\" rel=\"noreferrer\" data-rel=\"iLightbox[gallery_image_2]\" class=\"fusion-lightbox\" target=\"_self\"><img decoding=\"async\" src=\"https:\/\/afc.cat\/wp-content\/uploads\/2023\/10\/11-Francisco-Olmos-Cubero-107-320x202.jpg\" width=\"320\" height=\"202\" alt=\"\" title=\"11 &#8211; Francisco Olmos Cubero &#8211; 107\" aria-label=\"11 &#8211; Francisco Olmos Cubero &#8211; 107\" class=\"img-responsive wp-image-34857 fusion-gallery-image-size-fixed\" srcset=\"https:\/\/afc.cat\/wp-content\/uploads\/2023\/10\/11-Francisco-Olmos-Cubero-107-320x202.jpg 320w, https:\/\/afc.cat\/wp-content\/uploads\/2023\/10\/11-Francisco-Olmos-Cubero-107-700x441.jpg 700w\" sizes=\"(max-width: 320px) 100vw, 320px\" \/><\/a><\/div><\/div><div style=\"padding:5px;\" class=\"fusion-grid-column fusion-gallery-column fusion-gallery-column-6 hover-type-zoomin\"><div class=\"fusion-gallery-image\"><a href=\"https:\/\/afc.cat\/wp-content\/uploads\/2023\/10\/12-Antoni-Serrano-i-Cortes-104.jpg\" data-title=\"12 &#8211; Antoni Serrano i Cort\u00e8s &#8211; 104\" title=\"12 &#8211; Antoni Serrano i Cort\u00e8s &#8211; 104\" rel=\"noreferrer\" data-rel=\"iLightbox[gallery_image_2]\" class=\"fusion-lightbox\" target=\"_self\"><img decoding=\"async\" src=\"https:\/\/afc.cat\/wp-content\/uploads\/2023\/10\/12-Antoni-Serrano-i-Cortes-104-320x202.jpg\" width=\"320\" height=\"202\" alt=\"\" title=\"12 &#8211; Antoni Serrano i Cort\u00e8s &#8211; 104\" aria-label=\"12 &#8211; Antoni Serrano i Cort\u00e8s &#8211; 104\" class=\"img-responsive wp-image-34859 fusion-gallery-image-size-fixed\" srcset=\"https:\/\/afc.cat\/wp-content\/uploads\/2023\/10\/12-Antoni-Serrano-i-Cortes-104-320x202.jpg 320w, https:\/\/afc.cat\/wp-content\/uploads\/2023\/10\/12-Antoni-Serrano-i-Cortes-104-700x441.jpg 700w\" sizes=\"(max-width: 320px) 100vw, 320px\" \/><\/a><\/div><\/div><div style=\"padding:5px;\" class=\"fusion-grid-column fusion-gallery-column fusion-gallery-column-6 hover-type-zoomin\"><div class=\"fusion-gallery-image\"><a href=\"https:\/\/afc.cat\/wp-content\/uploads\/2023\/10\/13-Teresa-Tejero-Lopez-103.jpg\" data-title=\"13 &#8211; Teresa Tejero Lopez &#8211; 103\" title=\"13 &#8211; Teresa Tejero Lopez &#8211; 103\" rel=\"noreferrer\" data-rel=\"iLightbox[gallery_image_2]\" class=\"fusion-lightbox\" target=\"_self\"><img decoding=\"async\" src=\"https:\/\/afc.cat\/wp-content\/uploads\/2023\/10\/13-Teresa-Tejero-Lopez-103-320x202.jpg\" width=\"320\" height=\"202\" alt=\"\" title=\"13 &#8211; Teresa Tejero Lopez &#8211; 103\" aria-label=\"13 &#8211; Teresa Tejero Lopez &#8211; 103\" class=\"img-responsive wp-image-34861 fusion-gallery-image-size-fixed\" \/><\/a><\/div><\/div><div style=\"padding:5px;\" class=\"fusion-grid-column fusion-gallery-column fusion-gallery-column-6 hover-type-zoomin\"><div class=\"fusion-gallery-image\"><a href=\"https:\/\/afc.cat\/wp-content\/uploads\/2023\/10\/14-Josep-LL-Soucheiron-103.jpg\" data-title=\"14 &#8211; Josep LL Soucheiron &#8211; 103\" title=\"14 &#8211; Josep LL Soucheiron &#8211; 103\" rel=\"noreferrer\" data-rel=\"iLightbox[gallery_image_2]\" class=\"fusion-lightbox\" target=\"_self\"><img decoding=\"async\" src=\"https:\/\/afc.cat\/wp-content\/uploads\/2023\/10\/14-Josep-LL-Soucheiron-103-320x202.jpg\" width=\"320\" height=\"202\" alt=\"\" title=\"14 &#8211; Josep LL Soucheiron &#8211; 103\" aria-label=\"14 &#8211; Josep LL Soucheiron &#8211; 103\" class=\"img-responsive wp-image-34863 fusion-gallery-image-size-fixed\" srcset=\"https:\/\/afc.cat\/wp-content\/uploads\/2023\/10\/14-Josep-LL-Soucheiron-103-320x202.jpg 320w, https:\/\/afc.cat\/wp-content\/uploads\/2023\/10\/14-Josep-LL-Soucheiron-103-700x441.jpg 700w\" sizes=\"(max-width: 320px) 100vw, 320px\" \/><\/a><\/div><\/div><div style=\"padding:5px;\" class=\"fusion-grid-column fusion-gallery-column fusion-gallery-column-6 hover-type-zoomin\"><div class=\"fusion-gallery-image\"><a href=\"https:\/\/afc.cat\/wp-content\/uploads\/2023\/10\/15-Carmen-Casademont-Ribot-102.jpg\" data-title=\"15 &#8211; Carmen Casademont Ribot &#8211; 102\" title=\"15 &#8211; Carmen Casademont Ribot &#8211; 102\" rel=\"noreferrer\" data-rel=\"iLightbox[gallery_image_2]\" class=\"fusion-lightbox\" target=\"_self\"><img decoding=\"async\" src=\"https:\/\/afc.cat\/wp-content\/uploads\/2023\/10\/15-Carmen-Casademont-Ribot-102-320x202.jpg\" width=\"320\" height=\"202\" alt=\"\" title=\"15 &#8211; Carmen Casademont Ribot &#8211; 102\" aria-label=\"15 &#8211; Carmen Casademont Ribot &#8211; 102\" class=\"img-responsive wp-image-34865 fusion-gallery-image-size-fixed\" srcset=\"https:\/\/afc.cat\/wp-content\/uploads\/2023\/10\/15-Carmen-Casademont-Ribot-102-320x202.jpg 320w, https:\/\/afc.cat\/wp-content\/uploads\/2023\/10\/15-Carmen-Casademont-Ribot-102-700x441.jpg 700w\" sizes=\"(max-width: 320px) 100vw, 320px\" \/><\/a><\/div><\/div><div class=\"clearfix\"><\/div><div style=\"padding:5px;\" class=\"fusion-grid-column fusion-gallery-column fusion-gallery-column-6 hover-type-zoomin\"><div class=\"fusion-gallery-image\"><a href=\"https:\/\/afc.cat\/wp-content\/uploads\/2023\/10\/16-Albert-Folch-Navalon-101.jpg\" data-title=\"16 &#8211; Albert Folch Naval\u00f3n &#8211; 101\" title=\"16 &#8211; Albert Folch Naval\u00f3n &#8211; 101\" rel=\"noreferrer\" data-rel=\"iLightbox[gallery_image_2]\" class=\"fusion-lightbox\" target=\"_self\"><img decoding=\"async\" src=\"https:\/\/afc.cat\/wp-content\/uploads\/2023\/10\/16-Albert-Folch-Navalon-101-320x202.jpg\" width=\"320\" height=\"202\" alt=\"\" title=\"16 &#8211; Albert Folch Naval\u00f3n &#8211; 101\" aria-label=\"16 &#8211; Albert Folch Naval\u00f3n &#8211; 101\" class=\"img-responsive wp-image-34867 fusion-gallery-image-size-fixed\" \/><\/a><\/div><\/div><div style=\"padding:5px;\" class=\"fusion-grid-column fusion-gallery-column fusion-gallery-column-6 hover-type-zoomin\"><div class=\"fusion-gallery-image\"><a href=\"https:\/\/afc.cat\/wp-content\/uploads\/2023\/10\/17-Joan-Soldevila-Adan-100.jpg\" data-title=\"17 &#8211; Joan Soldevila Ad\u00e1n &#8211; 100\" title=\"17 &#8211; Joan Soldevila Ad\u00e1n &#8211; 100\" rel=\"noreferrer\" data-rel=\"iLightbox[gallery_image_2]\" class=\"fusion-lightbox\" target=\"_self\"><img decoding=\"async\" src=\"https:\/\/afc.cat\/wp-content\/uploads\/2023\/10\/17-Joan-Soldevila-Adan-100-320x202.jpg\" width=\"320\" height=\"202\" alt=\"\" title=\"17 &#8211; Joan Soldevila Ad\u00e1n &#8211; 100\" aria-label=\"17 &#8211; Joan Soldevila Ad\u00e1n &#8211; 100\" class=\"img-responsive wp-image-34869 fusion-gallery-image-size-fixed\" \/><\/a><\/div><\/div><div style=\"padding:5px;\" class=\"fusion-grid-column fusion-gallery-column fusion-gallery-column-6 hover-type-zoomin\"><div class=\"fusion-gallery-image\"><a href=\"https:\/\/afc.cat\/wp-content\/uploads\/2023\/10\/18-Anna-Barnes-Guillen-100.jpg\" data-title=\"18 &#8211; Anna Barn\u00e9s Guill\u00e9n &#8211; 100\" title=\"18 &#8211; Anna Barn\u00e9s Guill\u00e9n &#8211; 100\" rel=\"noreferrer\" data-rel=\"iLightbox[gallery_image_2]\" class=\"fusion-lightbox\" target=\"_self\"><img decoding=\"async\" src=\"https:\/\/afc.cat\/wp-content\/uploads\/2023\/10\/18-Anna-Barnes-Guillen-100-320x202.jpg\" width=\"320\" height=\"202\" alt=\"\" title=\"18 &#8211; Anna Barn\u00e9s Guill\u00e9n &#8211; 100\" aria-label=\"18 &#8211; Anna Barn\u00e9s Guill\u00e9n &#8211; 100\" class=\"img-responsive wp-image-34871 fusion-gallery-image-size-fixed\" srcset=\"https:\/\/afc.cat\/wp-content\/uploads\/2023\/10\/18-Anna-Barnes-Guillen-100-320x202.jpg 320w, https:\/\/afc.cat\/wp-content\/uploads\/2023\/10\/18-Anna-Barnes-Guillen-100-700x441.jpg 700w\" sizes=\"(max-width: 320px) 100vw, 320px\" \/><\/a><\/div><\/div><div style=\"padding:5px;\" class=\"fusion-grid-column fusion-gallery-column fusion-gallery-column-6 hover-type-zoomin\"><div class=\"fusion-gallery-image\"><a href=\"https:\/\/afc.cat\/wp-content\/uploads\/2023\/10\/19-Nuria-Noguera-German-100.jpg\" data-title=\"19 &#8211; N\u00faria Noguera German &#8211; 100\" title=\"19 &#8211; N\u00faria Noguera German &#8211; 100\" rel=\"noreferrer\" data-rel=\"iLightbox[gallery_image_2]\" class=\"fusion-lightbox\" target=\"_self\"><img decoding=\"async\" src=\"https:\/\/afc.cat\/wp-content\/uploads\/2023\/10\/19-Nuria-Noguera-German-100-320x202.jpg\" width=\"320\" height=\"202\" alt=\"\" title=\"19 &#8211; N\u00faria Noguera German &#8211; 100\" aria-label=\"19 &#8211; N\u00faria Noguera German &#8211; 100\" class=\"img-responsive wp-image-34873 fusion-gallery-image-size-fixed\" srcset=\"https:\/\/afc.cat\/wp-content\/uploads\/2023\/10\/19-Nuria-Noguera-German-100-320x202.jpg 320w, https:\/\/afc.cat\/wp-content\/uploads\/2023\/10\/19-Nuria-Noguera-German-100-700x441.jpg 700w\" sizes=\"(max-width: 320px) 100vw, 320px\" \/><\/a><\/div><\/div><div style=\"padding:5px;\" class=\"fusion-grid-column fusion-gallery-column fusion-gallery-column-6 hover-type-zoomin\"><div class=\"fusion-gallery-image\"><a href=\"https:\/\/afc.cat\/wp-content\/uploads\/2023\/10\/20-Santiago-Garcia-Cuadrado-99.jpg\" data-title=\"20 &#8211; Santiago Garc\u00eda Cuadrado &#8211; 99\" title=\"20 &#8211; Santiago Garc\u00eda Cuadrado &#8211; 99\" rel=\"noreferrer\" data-rel=\"iLightbox[gallery_image_2]\" class=\"fusion-lightbox\" target=\"_self\"><img decoding=\"async\" src=\"https:\/\/afc.cat\/wp-content\/uploads\/2023\/10\/20-Santiago-Garcia-Cuadrado-99-320x202.jpg\" width=\"320\" height=\"202\" alt=\"\" title=\"20 &#8211; Santiago Garc\u00eda Cuadrado &#8211; 99\" aria-label=\"20 &#8211; Santiago Garc\u00eda Cuadrado &#8211; 99\" class=\"img-responsive wp-image-34875 fusion-gallery-image-size-fixed\" srcset=\"https:\/\/afc.cat\/wp-content\/uploads\/2023\/10\/20-Santiago-Garcia-Cuadrado-99-320x202.jpg 320w, https:\/\/afc.cat\/wp-content\/uploads\/2023\/10\/20-Santiago-Garcia-Cuadrado-99-700x441.jpg 700w\" sizes=\"(max-width: 320px) 100vw, 320px\" \/><\/a><\/div><\/div><div style=\"padding:5px;\" class=\"fusion-grid-column fusion-gallery-column fusion-gallery-column-6 hover-type-zoomin\"><div class=\"fusion-gallery-image\"><a href=\"https:\/\/afc.cat\/wp-content\/uploads\/2023\/10\/21-Gabriel-Bertran-Niculau-99.jpg\" data-title=\"21 &#8211; Gabriel Bertran Niculau &#8211; 99\" title=\"21 &#8211; Gabriel Bertran Niculau &#8211; 99\" rel=\"noreferrer\" data-rel=\"iLightbox[gallery_image_2]\" class=\"fusion-lightbox\" target=\"_self\"><img decoding=\"async\" src=\"https:\/\/afc.cat\/wp-content\/uploads\/2023\/10\/21-Gabriel-Bertran-Niculau-99-320x202.jpg\" width=\"320\" height=\"202\" alt=\"\" title=\"21 &#8211; Gabriel Bertran Niculau &#8211; 99\" aria-label=\"21 &#8211; Gabriel Bertran Niculau &#8211; 99\" class=\"img-responsive wp-image-34877 fusion-gallery-image-size-fixed\" \/><\/a><\/div><\/div><div class=\"clearfix\"><\/div><div style=\"padding:5px;\" class=\"fusion-grid-column fusion-gallery-column fusion-gallery-column-6 hover-type-zoomin\"><div class=\"fusion-gallery-image\"><a href=\"https:\/\/afc.cat\/wp-content\/uploads\/2023\/10\/22-Jordi-Batet-i-Escobedo-99.jpg\" data-title=\"22 &#8211; Jordi Batet i Escobedo &#8211; 99\" title=\"22 &#8211; Jordi Batet i Escobedo &#8211; 99\" rel=\"noreferrer\" data-rel=\"iLightbox[gallery_image_2]\" class=\"fusion-lightbox\" target=\"_self\"><img decoding=\"async\" src=\"https:\/\/afc.cat\/wp-content\/uploads\/2023\/10\/22-Jordi-Batet-i-Escobedo-99-320x202.jpg\" width=\"320\" height=\"202\" alt=\"\" title=\"22 &#8211; Jordi Batet i Escobedo &#8211; 99\" aria-label=\"22 &#8211; Jordi Batet i Escobedo &#8211; 99\" class=\"img-responsive wp-image-34879 fusion-gallery-image-size-fixed\" \/><\/a><\/div><\/div><div style=\"padding:5px;\" class=\"fusion-grid-column fusion-gallery-column fusion-gallery-column-6 hover-type-zoomin\"><div class=\"fusion-gallery-image\"><a href=\"https:\/\/afc.cat\/wp-content\/uploads\/2023\/10\/23-Josep-Suarez-Torrellas-98.jpg\" data-title=\"23 &#8211; Josep Suarez Torrellas &#8211; 98\" title=\"23 &#8211; Josep Suarez Torrellas &#8211; 98\" rel=\"noreferrer\" data-rel=\"iLightbox[gallery_image_2]\" class=\"fusion-lightbox\" target=\"_self\"><img decoding=\"async\" src=\"https:\/\/afc.cat\/wp-content\/uploads\/2023\/10\/23-Josep-Suarez-Torrellas-98-320x202.jpg\" width=\"320\" height=\"202\" alt=\"\" title=\"23 &#8211; Josep Suarez Torrellas &#8211; 98\" aria-label=\"23 &#8211; Josep Suarez Torrellas &#8211; 98\" class=\"img-responsive wp-image-34881 fusion-gallery-image-size-fixed\" \/><\/a><\/div><\/div><div style=\"padding:5px;\" class=\"fusion-grid-column fusion-gallery-column fusion-gallery-column-6 hover-type-zoomin\"><div class=\"fusion-gallery-image\"><a href=\"https:\/\/afc.cat\/wp-content\/uploads\/2023\/10\/24-Miquel-Cabre-98.jpg\" data-title=\"24 &#8211; Miquel Cabr\u00e9 &#8211; 98\" title=\"24 &#8211; Miquel Cabr\u00e9 &#8211; 98\" rel=\"noreferrer\" data-rel=\"iLightbox[gallery_image_2]\" class=\"fusion-lightbox\" target=\"_self\"><img decoding=\"async\" src=\"https:\/\/afc.cat\/wp-content\/uploads\/2023\/10\/24-Miquel-Cabre-98-320x202.jpg\" width=\"320\" height=\"202\" alt=\"\" title=\"24 &#8211; Miquel Cabr\u00e9 &#8211; 98\" aria-label=\"24 &#8211; Miquel Cabr\u00e9 &#8211; 98\" class=\"img-responsive wp-image-34883 fusion-gallery-image-size-fixed\" srcset=\"https:\/\/afc.cat\/wp-content\/uploads\/2023\/10\/24-Miquel-Cabre-98-320x202.jpg 320w, https:\/\/afc.cat\/wp-content\/uploads\/2023\/10\/24-Miquel-Cabre-98-700x441.jpg 700w\" sizes=\"(max-width: 320px) 100vw, 320px\" \/><\/a><\/div><\/div><div style=\"padding:5px;\" class=\"fusion-grid-column fusion-gallery-column fusion-gallery-column-6 hover-type-zoomin\"><div class=\"fusion-gallery-image\"><a href=\"https:\/\/afc.cat\/wp-content\/uploads\/2023\/10\/25-Ramon-Riera-98.jpg\" data-title=\"25 &#8211; Ramon Riera &#8211; 98\" title=\"25 &#8211; Ramon Riera &#8211; 98\" rel=\"noreferrer\" data-rel=\"iLightbox[gallery_image_2]\" class=\"fusion-lightbox\" target=\"_self\"><img decoding=\"async\" src=\"https:\/\/afc.cat\/wp-content\/uploads\/2023\/10\/25-Ramon-Riera-98-320x202.jpg\" width=\"320\" height=\"202\" alt=\"\" title=\"25 &#8211; Ramon Riera &#8211; 98\" aria-label=\"25 &#8211; Ramon Riera &#8211; 98\" class=\"img-responsive wp-image-34885 fusion-gallery-image-size-fixed\" srcset=\"https:\/\/afc.cat\/wp-content\/uploads\/2023\/10\/25-Ramon-Riera-98-320x202.jpg 320w, https:\/\/afc.cat\/wp-content\/uploads\/2023\/10\/25-Ramon-Riera-98-700x441.jpg 700w\" sizes=\"(max-width: 320px) 100vw, 320px\" \/><\/a><\/div><\/div><div style=\"padding:5px;\" class=\"fusion-grid-column fusion-gallery-column fusion-gallery-column-6 hover-type-zoomin\"><div class=\"fusion-gallery-image\"><a href=\"https:\/\/afc.cat\/wp-content\/uploads\/2023\/10\/26-Rosa-Cristofol-Martinez-95.jpg\" data-title=\"Sant Llorens de la Muga\" title=\"Sant Llorens de la Muga\" rel=\"noreferrer\" data-rel=\"iLightbox[gallery_image_2]\" class=\"fusion-lightbox\" target=\"_self\"><img decoding=\"async\" src=\"https:\/\/afc.cat\/wp-content\/uploads\/2023\/10\/26-Rosa-Cristofol-Martinez-95-320x202.jpg\" width=\"320\" height=\"202\" alt=\"\" title=\"Sant Llorens de la Muga\" aria-label=\"Sant Llorens de la Muga\" class=\"img-responsive wp-image-34887 fusion-gallery-image-size-fixed\" \/><\/a><\/div><\/div><div style=\"padding:5px;\" class=\"fusion-grid-column fusion-gallery-column fusion-gallery-column-6 hover-type-zoomin\"><div class=\"fusion-gallery-image\"><a href=\"https:\/\/afc.cat\/wp-content\/uploads\/2023\/10\/27-Josep-Maria-Bonjoch-Trilla-95.jpg\" data-title=\"27 &#8211; Josep Maria Bonjoch Trilla &#8211; 95\" title=\"27 &#8211; Josep Maria Bonjoch Trilla &#8211; 95\" rel=\"noreferrer\" data-rel=\"iLightbox[gallery_image_2]\" class=\"fusion-lightbox\" target=\"_self\"><img decoding=\"async\" src=\"https:\/\/afc.cat\/wp-content\/uploads\/2023\/10\/27-Josep-Maria-Bonjoch-Trilla-95-320x202.jpg\" width=\"320\" height=\"202\" alt=\"\" title=\"27 &#8211; Josep Maria Bonjoch Trilla &#8211; 95\" aria-label=\"27 &#8211; Josep Maria Bonjoch Trilla &#8211; 95\" class=\"img-responsive wp-image-34889 fusion-gallery-image-size-fixed\" srcset=\"https:\/\/afc.cat\/wp-content\/uploads\/2023\/10\/27-Josep-Maria-Bonjoch-Trilla-95-320x202.jpg 320w, https:\/\/afc.cat\/wp-content\/uploads\/2023\/10\/27-Josep-Maria-Bonjoch-Trilla-95-700x441.jpg 700w\" sizes=\"(max-width: 320px) 100vw, 320px\" \/><\/a><\/div><\/div><div class=\"clearfix\"><\/div><div style=\"padding:5px;\" class=\"fusion-grid-column fusion-gallery-column fusion-gallery-column-6 hover-type-zoomin\"><div class=\"fusion-gallery-image\"><a href=\"https:\/\/afc.cat\/wp-content\/uploads\/2023\/10\/28-Angel-Colado-Palacios-94.jpg\" data-title=\"28 &#8211; \u00c1ngel Colado Palacios &#8211; 94\" title=\"28 &#8211; \u00c1ngel Colado Palacios &#8211; 94\" rel=\"noreferrer\" data-rel=\"iLightbox[gallery_image_2]\" class=\"fusion-lightbox\" target=\"_self\"><img decoding=\"async\" src=\"https:\/\/afc.cat\/wp-content\/uploads\/2023\/10\/28-Angel-Colado-Palacios-94-320x202.jpg\" width=\"320\" height=\"202\" alt=\"\" title=\"28 &#8211; \u00c1ngel Colado Palacios &#8211; 94\" aria-label=\"28 &#8211; \u00c1ngel Colado Palacios &#8211; 94\" class=\"img-responsive wp-image-34891 fusion-gallery-image-size-fixed\" srcset=\"https:\/\/afc.cat\/wp-content\/uploads\/2023\/10\/28-Angel-Colado-Palacios-94-320x202.jpg 320w, https:\/\/afc.cat\/wp-content\/uploads\/2023\/10\/28-Angel-Colado-Palacios-94-700x441.jpg 700w\" sizes=\"(max-width: 320px) 100vw, 320px\" \/><\/a><\/div><\/div><div style=\"padding:5px;\" class=\"fusion-grid-column fusion-gallery-column fusion-gallery-column-6 hover-type-zoomin\"><div class=\"fusion-gallery-image\"><a href=\"https:\/\/afc.cat\/wp-content\/uploads\/2023\/10\/29-Lluis-Porcel-Gimenez-93.jpg\" data-title=\"29 &#8211; Llu\u00eds Porcel Gim\u00e9nez &#8211; 93\" title=\"29 &#8211; Llu\u00eds Porcel Gim\u00e9nez &#8211; 93\" rel=\"noreferrer\" data-rel=\"iLightbox[gallery_image_2]\" class=\"fusion-lightbox\" target=\"_self\"><img decoding=\"async\" src=\"https:\/\/afc.cat\/wp-content\/uploads\/2023\/10\/29-Lluis-Porcel-Gimenez-93-320x202.jpg\" width=\"320\" height=\"202\" alt=\"\" title=\"29 &#8211; Llu\u00eds Porcel Gim\u00e9nez &#8211; 93\" aria-label=\"29 &#8211; Llu\u00eds Porcel Gim\u00e9nez &#8211; 93\" class=\"img-responsive wp-image-34893 fusion-gallery-image-size-fixed\" \/><\/a><\/div><\/div><div style=\"padding:5px;\" class=\"fusion-grid-column fusion-gallery-column fusion-gallery-column-6 hover-type-zoomin\"><div class=\"fusion-gallery-image\"><a href=\"https:\/\/afc.cat\/wp-content\/uploads\/2023\/10\/30-Josep-Soler-Vendrell-89.jpg\" data-title=\"30 &#8211; Josep Soler Vendrell &#8211; 89\" title=\"30 &#8211; Josep Soler Vendrell &#8211; 89\" rel=\"noreferrer\" data-rel=\"iLightbox[gallery_image_2]\" class=\"fusion-lightbox\" target=\"_self\"><img decoding=\"async\" src=\"https:\/\/afc.cat\/wp-content\/uploads\/2023\/10\/30-Josep-Soler-Vendrell-89-320x202.jpg\" width=\"320\" height=\"202\" alt=\"\" title=\"30 &#8211; Josep Soler Vendrell &#8211; 89\" aria-label=\"30 &#8211; Josep Soler Vendrell &#8211; 89\" class=\"img-responsive wp-image-34895 fusion-gallery-image-size-fixed\" srcset=\"https:\/\/afc.cat\/wp-content\/uploads\/2023\/10\/30-Josep-Soler-Vendrell-89-320x202.jpg 320w, https:\/\/afc.cat\/wp-content\/uploads\/2023\/10\/30-Josep-Soler-Vendrell-89-700x441.jpg 700w\" sizes=\"(max-width: 320px) 100vw, 320px\" \/><\/a><\/div><\/div><div style=\"padding:5px;\" class=\"fusion-grid-column fusion-gallery-column fusion-gallery-column-6 hover-type-zoomin\"><div class=\"fusion-gallery-image\"><a href=\"https:\/\/afc.cat\/wp-content\/uploads\/2023\/10\/31-Sara-Assens-Mampel-89.jpg\" data-title=\"31 &#8211; Sara Assens Mampel &#8211; 89\" title=\"31 &#8211; Sara Assens Mampel &#8211; 89\" rel=\"noreferrer\" data-rel=\"iLightbox[gallery_image_2]\" class=\"fusion-lightbox\" target=\"_self\"><img decoding=\"async\" src=\"https:\/\/afc.cat\/wp-content\/uploads\/2023\/10\/31-Sara-Assens-Mampel-89-320x202.jpg\" width=\"320\" height=\"202\" alt=\"\" title=\"31 &#8211; Sara Assens Mampel &#8211; 89\" aria-label=\"31 &#8211; Sara Assens Mampel &#8211; 89\" class=\"img-responsive wp-image-34897 fusion-gallery-image-size-fixed\" srcset=\"https:\/\/afc.cat\/wp-content\/uploads\/2023\/10\/31-Sara-Assens-Mampel-89-320x202.jpg 320w, https:\/\/afc.cat\/wp-content\/uploads\/2023\/10\/31-Sara-Assens-Mampel-89-700x441.jpg 700w\" sizes=\"(max-width: 320px) 100vw, 320px\" \/><\/a><\/div><\/div><div style=\"padding:5px;\" class=\"fusion-grid-column fusion-gallery-column fusion-gallery-column-6 hover-type-zoomin\"><div class=\"fusion-gallery-image\"><a href=\"https:\/\/afc.cat\/wp-content\/uploads\/2023\/10\/32-Gloria-Tatxe-Salas-88.jpg\" data-title=\"32 &#8211; Gloria Tatx\u00e9 Salas &#8211; 88\" title=\"32 &#8211; Gloria Tatx\u00e9 Salas &#8211; 88\" rel=\"noreferrer\" data-rel=\"iLightbox[gallery_image_2]\" class=\"fusion-lightbox\" target=\"_self\"><img decoding=\"async\" src=\"https:\/\/afc.cat\/wp-content\/uploads\/2023\/10\/32-Gloria-Tatxe-Salas-88-320x202.jpg\" width=\"320\" height=\"202\" alt=\"\" title=\"32 &#8211; Gloria Tatx\u00e9 Salas &#8211; 88\" aria-label=\"32 &#8211; Gloria Tatx\u00e9 Salas &#8211; 88\" class=\"img-responsive wp-image-34899 fusion-gallery-image-size-fixed\" srcset=\"https:\/\/afc.cat\/wp-content\/uploads\/2023\/10\/32-Gloria-Tatxe-Salas-88-320x202.jpg 320w, https:\/\/afc.cat\/wp-content\/uploads\/2023\/10\/32-Gloria-Tatxe-Salas-88-700x441.jpg 700w\" sizes=\"(max-width: 320px) 100vw, 320px\" \/><\/a><\/div><\/div><div style=\"padding:5px;\" class=\"fusion-grid-column fusion-gallery-column fusion-gallery-column-6 hover-type-zoomin\"><div class=\"fusion-gallery-image\"><a href=\"https:\/\/afc.cat\/wp-content\/uploads\/2023\/10\/33-Merce-Rios-Bejar-88.jpg\" data-title=\"33 &#8211; Merc\u00e8 R\u00edos Bejar &#8211; 88\" title=\"33 &#8211; Merc\u00e8 R\u00edos Bejar &#8211; 88\" rel=\"noreferrer\" data-rel=\"iLightbox[gallery_image_2]\" class=\"fusion-lightbox\" target=\"_self\"><img decoding=\"async\" src=\"https:\/\/afc.cat\/wp-content\/uploads\/2023\/10\/33-Merce-Rios-Bejar-88-320x202.jpg\" width=\"320\" height=\"202\" alt=\"\" title=\"33 &#8211; Merc\u00e8 R\u00edos Bejar &#8211; 88\" aria-label=\"33 &#8211; Merc\u00e8 R\u00edos Bejar &#8211; 88\" class=\"img-responsive wp-image-34901 fusion-gallery-image-size-fixed\" \/><\/a><\/div><\/div><div class=\"clearfix\"><\/div><div style=\"padding:5px;\" class=\"fusion-grid-column fusion-gallery-column fusion-gallery-column-6 hover-type-zoomin\"><div class=\"fusion-gallery-image\"><a href=\"https:\/\/afc.cat\/wp-content\/uploads\/2023\/10\/34-Xavier-Mateu-Llevadot-88.jpg\" data-title=\"34 &#8211; Xavier Mateu Llevadot &#8211; 88\" title=\"34 &#8211; Xavier Mateu Llevadot &#8211; 88\" rel=\"noreferrer\" data-rel=\"iLightbox[gallery_image_2]\" class=\"fusion-lightbox\" target=\"_self\"><img decoding=\"async\" src=\"https:\/\/afc.cat\/wp-content\/uploads\/2023\/10\/34-Xavier-Mateu-Llevadot-88-320x202.jpg\" width=\"320\" height=\"202\" alt=\"\" title=\"34 &#8211; Xavier Mateu Llevadot &#8211; 88\" aria-label=\"34 &#8211; Xavier Mateu Llevadot &#8211; 88\" class=\"img-responsive wp-image-34903 fusion-gallery-image-size-fixed\" \/><\/a><\/div><\/div><div style=\"padding:5px;\" class=\"fusion-grid-column fusion-gallery-column fusion-gallery-column-6 hover-type-zoomin\"><div class=\"fusion-gallery-image\"><a href=\"https:\/\/afc.cat\/wp-content\/uploads\/2023\/10\/35-Pep-Vinyals-88.jpg\" data-title=\"35 &#8211; Pep Vinyals &#8211; 88\" title=\"35 &#8211; Pep Vinyals &#8211; 88\" rel=\"noreferrer\" data-rel=\"iLightbox[gallery_image_2]\" class=\"fusion-lightbox\" target=\"_self\"><img decoding=\"async\" src=\"https:\/\/afc.cat\/wp-content\/uploads\/2023\/10\/35-Pep-Vinyals-88-320x202.jpg\" width=\"320\" height=\"202\" alt=\"\" title=\"35 &#8211; Pep Vinyals &#8211; 88\" aria-label=\"35 &#8211; Pep Vinyals &#8211; 88\" class=\"img-responsive wp-image-34905 fusion-gallery-image-size-fixed\" srcset=\"https:\/\/afc.cat\/wp-content\/uploads\/2023\/10\/35-Pep-Vinyals-88-320x202.jpg 320w, https:\/\/afc.cat\/wp-content\/uploads\/2023\/10\/35-Pep-Vinyals-88-700x441.jpg 700w\" sizes=\"(max-width: 320px) 100vw, 320px\" \/><\/a><\/div><\/div><div style=\"padding:5px;\" class=\"fusion-grid-column fusion-gallery-column fusion-gallery-column-6 hover-type-zoomin\"><div class=\"fusion-gallery-image\"><a href=\"https:\/\/afc.cat\/wp-content\/uploads\/2023\/10\/36-Joan-Rue-Domingo-88.jpg\" data-title=\"36 &#8211; Joan Ru\u00e9 Domingo &#8211; 88\" title=\"36 &#8211; Joan Ru\u00e9 Domingo &#8211; 88\" rel=\"noreferrer\" data-rel=\"iLightbox[gallery_image_2]\" class=\"fusion-lightbox\" target=\"_self\"><img decoding=\"async\" src=\"https:\/\/afc.cat\/wp-content\/uploads\/2023\/10\/36-Joan-Rue-Domingo-88-320x202.jpg\" width=\"320\" height=\"202\" alt=\"\" title=\"36 &#8211; Joan Ru\u00e9 Domingo &#8211; 88\" aria-label=\"36 &#8211; Joan Ru\u00e9 Domingo &#8211; 88\" class=\"img-responsive wp-image-34907 fusion-gallery-image-size-fixed\" srcset=\"https:\/\/afc.cat\/wp-content\/uploads\/2023\/10\/36-Joan-Rue-Domingo-88-320x202.jpg 320w, https:\/\/afc.cat\/wp-content\/uploads\/2023\/10\/36-Joan-Rue-Domingo-88-700x441.jpg 700w\" sizes=\"(max-width: 320px) 100vw, 320px\" \/><\/a><\/div><\/div><div style=\"padding:5px;\" class=\"fusion-grid-column fusion-gallery-column fusion-gallery-column-6 hover-type-zoomin\"><div class=\"fusion-gallery-image\"><a href=\"https:\/\/afc.cat\/wp-content\/uploads\/2023\/10\/37-Diego-Pastor-Sanchez-87.jpg\" data-title=\"37 &#8211; Diego Pastor S\u00e1nchez &#8211; 87\" title=\"37 &#8211; Diego Pastor S\u00e1nchez &#8211; 87\" rel=\"noreferrer\" data-rel=\"iLightbox[gallery_image_2]\" class=\"fusion-lightbox\" target=\"_self\"><img decoding=\"async\" src=\"https:\/\/afc.cat\/wp-content\/uploads\/2023\/10\/37-Diego-Pastor-Sanchez-87-320x202.jpg\" width=\"320\" height=\"202\" alt=\"\" title=\"37 &#8211; Diego Pastor S\u00e1nchez &#8211; 87\" aria-label=\"37 &#8211; Diego Pastor S\u00e1nchez &#8211; 87\" class=\"img-responsive wp-image-34909 fusion-gallery-image-size-fixed\" \/><\/a><\/div><\/div><div style=\"padding:5px;\" class=\"fusion-grid-column fusion-gallery-column fusion-gallery-column-6 hover-type-zoomin\"><div class=\"fusion-gallery-image\"><a href=\"https:\/\/afc.cat\/wp-content\/uploads\/2023\/10\/38-Jordi-Garcia-Gracia-83.jpg\" data-title=\"38 &#8211; Jordi Garcia Gracia &#8211; 83\" title=\"38 &#8211; Jordi Garcia Gracia &#8211; 83\" rel=\"noreferrer\" data-rel=\"iLightbox[gallery_image_2]\" class=\"fusion-lightbox\" target=\"_self\"><img decoding=\"async\" src=\"https:\/\/afc.cat\/wp-content\/uploads\/2023\/10\/38-Jordi-Garcia-Gracia-83-320x202.jpg\" width=\"320\" height=\"202\" alt=\"\" title=\"38 &#8211; Jordi Garcia Gracia &#8211; 83\" aria-label=\"38 &#8211; Jordi Garcia Gracia &#8211; 83\" class=\"img-responsive wp-image-34911 fusion-gallery-image-size-fixed\" srcset=\"https:\/\/afc.cat\/wp-content\/uploads\/2023\/10\/38-Jordi-Garcia-Gracia-83-320x202.jpg 320w, https:\/\/afc.cat\/wp-content\/uploads\/2023\/10\/38-Jordi-Garcia-Gracia-83-700x441.jpg 700w\" sizes=\"(max-width: 320px) 100vw, 320px\" \/><\/a><\/div><\/div><div style=\"padding:5px;\" class=\"fusion-grid-column fusion-gallery-column fusion-gallery-column-6 hover-type-zoomin\"><div class=\"fusion-gallery-image\"><a href=\"https:\/\/afc.cat\/wp-content\/uploads\/2023\/10\/39-Carme-Mur-Calvo-82.jpg\" data-title=\"39 &#8211; Carme Mur Calv\u00f3 &#8211; 82\" title=\"39 &#8211; Carme Mur Calv\u00f3 &#8211; 82\" rel=\"noreferrer\" data-rel=\"iLightbox[gallery_image_2]\" class=\"fusion-lightbox\" target=\"_self\"><img decoding=\"async\" src=\"https:\/\/afc.cat\/wp-content\/uploads\/2023\/10\/39-Carme-Mur-Calvo-82-320x202.jpg\" width=\"320\" height=\"202\" alt=\"\" title=\"39 &#8211; Carme Mur Calv\u00f3 &#8211; 82\" aria-label=\"39 &#8211; Carme Mur Calv\u00f3 &#8211; 82\" class=\"img-responsive wp-image-34913 fusion-gallery-image-size-fixed\" srcset=\"https:\/\/afc.cat\/wp-content\/uploads\/2023\/10\/39-Carme-Mur-Calvo-82-320x202.jpg 320w, https:\/\/afc.cat\/wp-content\/uploads\/2023\/10\/39-Carme-Mur-Calvo-82-700x441.jpg 700w\" sizes=\"(max-width: 320px) 100vw, 320px\" \/><\/a><\/div><\/div><div class=\"clearfix\"><\/div><div style=\"padding:5px;\" class=\"fusion-grid-column fusion-gallery-column fusion-gallery-column-6 hover-type-zoomin\"><div class=\"fusion-gallery-image\"><a href=\"https:\/\/afc.cat\/wp-content\/uploads\/2023\/10\/40-Jaume-LLOPART-CASAPONSA-82.jpg\" data-title=\"40 &#8211; Jaume LLOPART CASAPONSA &#8211; 82\" title=\"40 &#8211; Jaume LLOPART CASAPONSA &#8211; 82\" rel=\"noreferrer\" data-rel=\"iLightbox[gallery_image_2]\" class=\"fusion-lightbox\" target=\"_self\"><img decoding=\"async\" src=\"https:\/\/afc.cat\/wp-content\/uploads\/2023\/10\/40-Jaume-LLOPART-CASAPONSA-82-320x202.jpg\" width=\"320\" height=\"202\" alt=\"\" title=\"40 &#8211; Jaume LLOPART CASAPONSA &#8211; 82\" aria-label=\"40 &#8211; Jaume LLOPART CASAPONSA &#8211; 82\" class=\"img-responsive wp-image-34915 fusion-gallery-image-size-fixed\" \/><\/a><\/div><\/div><div style=\"padding:5px;\" class=\"fusion-grid-column fusion-gallery-column fusion-gallery-column-6 hover-type-zoomin\"><div class=\"fusion-gallery-image\"><a href=\"https:\/\/afc.cat\/wp-content\/uploads\/2023\/10\/41-PERE-GRAUPERA-LANGA-81.jpg\" data-title=\"41 &#8211; PERE GRAUPERA LANGA &#8211; 81\" title=\"41 &#8211; PERE GRAUPERA LANGA &#8211; 81\" rel=\"noreferrer\" data-rel=\"iLightbox[gallery_image_2]\" class=\"fusion-lightbox\" target=\"_self\"><img decoding=\"async\" src=\"https:\/\/afc.cat\/wp-content\/uploads\/2023\/10\/41-PERE-GRAUPERA-LANGA-81-320x202.jpg\" width=\"320\" height=\"202\" alt=\"\" title=\"41 &#8211; PERE GRAUPERA LANGA &#8211; 81\" aria-label=\"41 &#8211; PERE GRAUPERA LANGA &#8211; 81\" class=\"img-responsive wp-image-34917 fusion-gallery-image-size-fixed\" srcset=\"https:\/\/afc.cat\/wp-content\/uploads\/2023\/10\/41-PERE-GRAUPERA-LANGA-81-320x202.jpg 320w, https:\/\/afc.cat\/wp-content\/uploads\/2023\/10\/41-PERE-GRAUPERA-LANGA-81-700x441.jpg 700w\" sizes=\"(max-width: 320px) 100vw, 320px\" \/><\/a><\/div><\/div><div style=\"padding:5px;\" class=\"fusion-grid-column fusion-gallery-column fusion-gallery-column-6 hover-type-zoomin\"><div class=\"fusion-gallery-image\"><a href=\"https:\/\/afc.cat\/wp-content\/uploads\/2023\/10\/42-Clara-Lopez-Colomer-30.jpg\" data-title=\"42 &#8211; Clara Lopez Colomer &#8211; 30\" title=\"42 &#8211; Clara Lopez Colomer &#8211; 30\" rel=\"noreferrer\" data-rel=\"iLightbox[gallery_image_2]\" class=\"fusion-lightbox\" target=\"_self\"><img decoding=\"async\" src=\"https:\/\/afc.cat\/wp-content\/uploads\/2023\/10\/42-Clara-Lopez-Colomer-30-320x202.jpg\" width=\"320\" height=\"202\" alt=\"\" title=\"42 &#8211; Clara Lopez Colomer &#8211; 30\" aria-label=\"42 &#8211; Clara Lopez Colomer &#8211; 30\" class=\"img-responsive wp-image-34919 fusion-gallery-image-size-fixed\" \/><\/a><\/div><\/div><\/div><div class=\"fusion-separator fusion-full-width-sep\" style=\"align-self: center;margin-left: auto;margin-right: auto;margin-top:20px;margin-bottom:20px;width:100%;\"><div class=\"fusion-separator-border sep-single sep-solid\" style=\"border-color:#3ec0bf;border-top-width:1px;\"><\/div><\/div><div style=\"text-align:center;\"><style>.fusion-button.button-1{border-radius:4px 4px 4px 4px;}<\/style><a class=\"fusion-button button-flat fusion-button-default-size button-default button-1 fusion-button-default-span fusion-button-default-type\" target=\"_self\" href=\"https:\/\/afc.cat\/es\/galerias\/\"><span class=\"fusion-button-text\">Vuelve a GALER\u00cdAS<\/span><\/a><\/div><\/div><style type=\"text\/css\">.fusion-body .fusion-builder-column-0{width:100% !important;margin-top : 0px;margin-bottom : 20px;}.fusion-builder-column-0 > .fusion-column-wrapper {padding-top : 0px !important;padding-right : 0px !important;margin-right : 1.92%;padding-bottom : 0px !important;padding-left : 0px !important;margin-left : 1.92%;}@media only screen and (max-width:1024px) {.fusion-body .fusion-builder-column-0{width:100% !important;order : 0;}.fusion-builder-column-0 > .fusion-column-wrapper {margin-right : 1.92%;margin-left : 1.92%;}}@media only screen and (max-width:640px) {.fusion-body .fusion-builder-column-0{width:100% !important;order : 0;}.fusion-builder-column-0 > .fusion-column-wrapper {margin-right : 1.92%;margin-left : 1.92%;}}<\/style><\/div><\/div><style type=\"text\/css\">.fusion-body .fusion-flex-container.fusion-builder-row-1{ padding-top : 0px;margin-top : 0px;padding-right : 0px;padding-bottom : 0px;margin-bottom : 0px;padding-left : 0px;}<\/style><\/div>\n","protected":false},"excerpt":{"rendered":"","protected":false},"author":33,"featured_media":35015,"menu_order":0,"comment_status":"open","ping_status":"closed","template":"","format":"standard","meta":{"_acf_changed":false,"footnotes":""},"portfolio_category":[158],"portfolio_skills":[],"portfolio_tags":[],"class_list":["post-35004","avada_portfolio","type-avada_portfolio","status-publish","format-standard","has-post-thumbnail","hentry","portfolio_category-concursos-es"],"acf":[],"yoast_head":"<!-- This site is optimized with the Yoast SEO plugin v27.5 - https:\/\/yoast.com\/product\/yoast-seo-wordpress\/ -->\n<title>Clasificaci\u00f3n concurso Temes Obligats 2023-2024 OCTUBRE - Agrupaci\u00f3 Fotogr\u00e0fica de Catalunya<\/title>\n<meta name=\"robots\" content=\"index, follow, max-snippet:-1, max-image-preview:large, max-video-preview:-1\" \/>\n<link rel=\"canonical\" href=\"https:\/\/afc.cat\/es\/galeria\/clasificacion-concurso-temes-obligats-2023-2024-octubre\/\" \/>\n<meta property=\"og:locale\" content=\"es_ES\" \/>\n<meta property=\"og:type\" content=\"article\" \/>\n<meta property=\"og:title\" content=\"Clasificaci\u00f3n concurso Temes Obligats 2023-2024 OCTUBRE - Agrupaci\u00f3 Fotogr\u00e0fica de Catalunya\" \/>\n<meta property=\"og:url\" content=\"https:\/\/afc.cat\/es\/galeria\/clasificacion-concurso-temes-obligats-2023-2024-octubre\/\" \/>\n<meta property=\"og:site_name\" content=\"Agrupaci\u00f3 Fotogr\u00e0fica de Catalunya\" \/>\n<meta property=\"article:modified_time\" content=\"2023-10-31T10:09:41+00:00\" \/>\n<meta property=\"og:image\" content=\"https:\/\/afc.cat\/wp-content\/uploads\/2023\/10\/TO-Octubre-23-1.jpg\" \/>\n\t<meta property=\"og:image:width\" content=\"400\" \/>\n\t<meta property=\"og:image:height\" content=\"267\" \/>\n\t<meta property=\"og:image:type\" content=\"image\/jpeg\" \/>\n<meta name=\"twitter:card\" content=\"summary_large_image\" \/>\n<meta name=\"twitter:label1\" content=\"Tiempo de lectura\" \/>\n\t<meta name=\"twitter:data1\" content=\"7 minutos\" \/>\n<script type=\"application\/ld+json\" class=\"yoast-schema-graph\">{\"@context\":\"https:\\\/\\\/schema.org\",\"@graph\":[{\"@type\":\"WebPage\",\"@id\":\"https:\\\/\\\/afc.cat\\\/es\\\/galeria\\\/clasificacion-concurso-temes-obligats-2023-2024-octubre\\\/\",\"url\":\"https:\\\/\\\/afc.cat\\\/es\\\/galeria\\\/clasificacion-concurso-temes-obligats-2023-2024-octubre\\\/\",\"name\":\"Clasificaci\u00f3n concurso Temes Obligats 2023-2024 OCTUBRE - Agrupaci\u00f3 Fotogr\u00e0fica de Catalunya\",\"isPartOf\":{\"@id\":\"https:\\\/\\\/afc.cat\\\/es\\\/#website\"},\"primaryImageOfPage\":{\"@id\":\"https:\\\/\\\/afc.cat\\\/es\\\/galeria\\\/clasificacion-concurso-temes-obligats-2023-2024-octubre\\\/#primaryimage\"},\"image\":{\"@id\":\"https:\\\/\\\/afc.cat\\\/es\\\/galeria\\\/clasificacion-concurso-temes-obligats-2023-2024-octubre\\\/#primaryimage\"},\"thumbnailUrl\":\"https:\\\/\\\/afc.cat\\\/wp-content\\\/uploads\\\/2023\\\/10\\\/TO-Octubre-23-1.jpg\",\"datePublished\":\"2023-10-31T10:08:41+00:00\",\"dateModified\":\"2023-10-31T10:09:41+00:00\",\"breadcrumb\":{\"@id\":\"https:\\\/\\\/afc.cat\\\/es\\\/galeria\\\/clasificacion-concurso-temes-obligats-2023-2024-octubre\\\/#breadcrumb\"},\"inLanguage\":\"es\",\"potentialAction\":[{\"@type\":\"ReadAction\",\"target\":[\"https:\\\/\\\/afc.cat\\\/es\\\/galeria\\\/clasificacion-concurso-temes-obligats-2023-2024-octubre\\\/\"]}]},{\"@type\":\"ImageObject\",\"inLanguage\":\"es\",\"@id\":\"https:\\\/\\\/afc.cat\\\/es\\\/galeria\\\/clasificacion-concurso-temes-obligats-2023-2024-octubre\\\/#primaryimage\",\"url\":\"https:\\\/\\\/afc.cat\\\/wp-content\\\/uploads\\\/2023\\\/10\\\/TO-Octubre-23-1.jpg\",\"contentUrl\":\"https:\\\/\\\/afc.cat\\\/wp-content\\\/uploads\\\/2023\\\/10\\\/TO-Octubre-23-1.jpg\",\"width\":400,\"height\":267},{\"@type\":\"BreadcrumbList\",\"@id\":\"https:\\\/\\\/afc.cat\\\/es\\\/galeria\\\/clasificacion-concurso-temes-obligats-2023-2024-octubre\\\/#breadcrumb\",\"itemListElement\":[{\"@type\":\"ListItem\",\"position\":1,\"name\":\"Inicio\",\"item\":\"https:\\\/\\\/afc.cat\\\/es\\\/\"},{\"@type\":\"ListItem\",\"position\":2,\"name\":\"Portfolio\",\"item\":\"https:\\\/\\\/afc.cat\\\/galeria\\\/\"},{\"@type\":\"ListItem\",\"position\":3,\"name\":\"Clasificaci\u00f3n concurso Temes Obligats 2023-2024 OCTUBRE\"}]},{\"@type\":\"WebSite\",\"@id\":\"https:\\\/\\\/afc.cat\\\/es\\\/#website\",\"url\":\"https:\\\/\\\/afc.cat\\\/es\\\/\",\"name\":\"Agrupaci\u00f3 Fotogr\u00e0fica de Catalunya\",\"description\":\"Fomento y divulgaci\u00f3n de la fotograf\u00eda en todas sus variedades\",\"potentialAction\":[{\"@type\":\"SearchAction\",\"target\":{\"@type\":\"EntryPoint\",\"urlTemplate\":\"https:\\\/\\\/afc.cat\\\/es\\\/?s={search_term_string}\"},\"query-input\":{\"@type\":\"PropertyValueSpecification\",\"valueRequired\":true,\"valueName\":\"search_term_string\"}}],\"inLanguage\":\"es\"}]}<\/script>\n<!-- \/ Yoast SEO plugin. -->","yoast_head_json":{"title":"Clasificaci\u00f3n concurso Temes Obligats 2023-2024 OCTUBRE - Agrupaci\u00f3 Fotogr\u00e0fica de Catalunya","robots":{"index":"index","follow":"follow","max-snippet":"max-snippet:-1","max-image-preview":"max-image-preview:large","max-video-preview":"max-video-preview:-1"},"canonical":"https:\/\/afc.cat\/es\/galeria\/clasificacion-concurso-temes-obligats-2023-2024-octubre\/","og_locale":"es_ES","og_type":"article","og_title":"Clasificaci\u00f3n concurso Temes Obligats 2023-2024 OCTUBRE - Agrupaci\u00f3 Fotogr\u00e0fica de Catalunya","og_url":"https:\/\/afc.cat\/es\/galeria\/clasificacion-concurso-temes-obligats-2023-2024-octubre\/","og_site_name":"Agrupaci\u00f3 Fotogr\u00e0fica de Catalunya","article_modified_time":"2023-10-31T10:09:41+00:00","og_image":[{"width":400,"height":267,"url":"https:\/\/afc.cat\/wp-content\/uploads\/2023\/10\/TO-Octubre-23-1.jpg","type":"image\/jpeg"}],"twitter_card":"summary_large_image","twitter_misc":{"Tiempo de lectura":"7 minutos"},"schema":{"@context":"https:\/\/schema.org","@graph":[{"@type":"WebPage","@id":"https:\/\/afc.cat\/es\/galeria\/clasificacion-concurso-temes-obligats-2023-2024-octubre\/","url":"https:\/\/afc.cat\/es\/galeria\/clasificacion-concurso-temes-obligats-2023-2024-octubre\/","name":"Clasificaci\u00f3n concurso Temes Obligats 2023-2024 OCTUBRE - Agrupaci\u00f3 Fotogr\u00e0fica de Catalunya","isPartOf":{"@id":"https:\/\/afc.cat\/es\/#website"},"primaryImageOfPage":{"@id":"https:\/\/afc.cat\/es\/galeria\/clasificacion-concurso-temes-obligats-2023-2024-octubre\/#primaryimage"},"image":{"@id":"https:\/\/afc.cat\/es\/galeria\/clasificacion-concurso-temes-obligats-2023-2024-octubre\/#primaryimage"},"thumbnailUrl":"https:\/\/afc.cat\/wp-content\/uploads\/2023\/10\/TO-Octubre-23-1.jpg","datePublished":"2023-10-31T10:08:41+00:00","dateModified":"2023-10-31T10:09:41+00:00","breadcrumb":{"@id":"https:\/\/afc.cat\/es\/galeria\/clasificacion-concurso-temes-obligats-2023-2024-octubre\/#breadcrumb"},"inLanguage":"es","potentialAction":[{"@type":"ReadAction","target":["https:\/\/afc.cat\/es\/galeria\/clasificacion-concurso-temes-obligats-2023-2024-octubre\/"]}]},{"@type":"ImageObject","inLanguage":"es","@id":"https:\/\/afc.cat\/es\/galeria\/clasificacion-concurso-temes-obligats-2023-2024-octubre\/#primaryimage","url":"https:\/\/afc.cat\/wp-content\/uploads\/2023\/10\/TO-Octubre-23-1.jpg","contentUrl":"https:\/\/afc.cat\/wp-content\/uploads\/2023\/10\/TO-Octubre-23-1.jpg","width":400,"height":267},{"@type":"BreadcrumbList","@id":"https:\/\/afc.cat\/es\/galeria\/clasificacion-concurso-temes-obligats-2023-2024-octubre\/#breadcrumb","itemListElement":[{"@type":"ListItem","position":1,"name":"Inicio","item":"https:\/\/afc.cat\/es\/"},{"@type":"ListItem","position":2,"name":"Portfolio","item":"https:\/\/afc.cat\/galeria\/"},{"@type":"ListItem","position":3,"name":"Clasificaci\u00f3n concurso Temes Obligats 2023-2024 OCTUBRE"}]},{"@type":"WebSite","@id":"https:\/\/afc.cat\/es\/#website","url":"https:\/\/afc.cat\/es\/","name":"Agrupaci\u00f3 Fotogr\u00e0fica de Catalunya","description":"Fomento y divulgaci\u00f3n de la fotograf\u00eda en todas sus variedades","potentialAction":[{"@type":"SearchAction","target":{"@type":"EntryPoint","urlTemplate":"https:\/\/afc.cat\/es\/?s={search_term_string}"},"query-input":{"@type":"PropertyValueSpecification","valueRequired":true,"valueName":"search_term_string"}}],"inLanguage":"es"}]}},"_links":{"self":[{"href":"https:\/\/afc.cat\/es\/wp-json\/wp\/v2\/avada_portfolio\/35004","targetHints":{"allow":["GET"]}}],"collection":[{"href":"https:\/\/afc.cat\/es\/wp-json\/wp\/v2\/avada_portfolio"}],"about":[{"href":"https:\/\/afc.cat\/es\/wp-json\/wp\/v2\/types\/avada_portfolio"}],"author":[{"embeddable":true,"href":"https:\/\/afc.cat\/es\/wp-json\/wp\/v2\/users\/33"}],"replies":[{"embeddable":true,"href":"https:\/\/afc.cat\/es\/wp-json\/wp\/v2\/comments?post=35004"}],"version-history":[{"count":5,"href":"https:\/\/afc.cat\/es\/wp-json\/wp\/v2\/avada_portfolio\/35004\/revisions"}],"predecessor-version":[{"id":35066,"href":"https:\/\/afc.cat\/es\/wp-json\/wp\/v2\/avada_portfolio\/35004\/revisions\/35066"}],"wp:featuredmedia":[{"embeddable":true,"href":"https:\/\/afc.cat\/es\/wp-json\/wp\/v2\/media\/35015"}],"wp:attachment":[{"href":"https:\/\/afc.cat\/es\/wp-json\/wp\/v2\/media?parent=35004"}],"wp:term":[{"taxonomy":"portfolio_category","embeddable":true,"href":"https:\/\/afc.cat\/es\/wp-json\/wp\/v2\/portfolio_category?post=35004"},{"taxonomy":"portfolio_skills","embeddable":true,"href":"https:\/\/afc.cat\/es\/wp-json\/wp\/v2\/portfolio_skills?post=35004"},{"taxonomy":"portfolio_tags","embeddable":true,"href":"https:\/\/afc.cat\/es\/wp-json\/wp\/v2\/portfolio_tags?post=35004"}],"curies":[{"name":"wp","href":"https:\/\/api.w.org\/{rel}","templated":true}]}}