{"id":36056,"date":"2024-01-03T20:36:00","date_gmt":"2024-01-03T18:36:00","guid":{"rendered":"https:\/\/afc.cat\/?post_type=avada_portfolio&#038;p=36056"},"modified":"2024-01-18T00:09:04","modified_gmt":"2024-01-17T22:09:04","slug":"clasificacion-concurso-temes-obligats-2023-2024-diciembre","status":"publish","type":"avada_portfolio","link":"https:\/\/afc.cat\/es\/galeria\/clasificacion-concurso-temes-obligats-2023-2024-diciembre\/","title":{"rendered":"Clasificaci\u00f3n concurso Temes Obligats 2023-2024 DICIEMBRE"},"content":{"rendered":"<div class=\"fusion-fullwidth fullwidth-box fusion-builder-row-1 fusion-flex-container nonhundred-percent-fullwidth non-hundred-percent-height-scrolling\" style=\"background-color: rgba(255,255,255,0);background-position: center center;background-repeat: no-repeat;border-width: 0px 0px 0px 0px;border-color:#ffffff;border-style:solid;\" ><div class=\"fusion-builder-row fusion-row fusion-flex-align-items-flex-start\" style=\"max-width:1300px;margin-left: calc(-4% \/ 2 );margin-right: calc(-4% \/ 2 );\"><div class=\"fusion-layout-column fusion_builder_column fusion-builder-column-0 fusion_builder_column_1_1 1_1 fusion-flex-column\"><div class=\"fusion-column-wrapper fusion-flex-justify-content-flex-start fusion-content-layout-column\" style=\"background-position:left top;background-repeat:no-repeat;-webkit-background-size:cover;-moz-background-size:cover;-o-background-size:cover;background-size:cover;padding: 0px 0px 0px 0px;\"><div class=\"fusion-text fusion-text-1\"><h2 style=\"text-align: center;\">Tema Obligado del mes de diciembre<\/h2>\n<h3 style=\"text-align: center;\">Animales de ciudad<\/h3>\n<\/div><div class=\"fusion-text fusion-text-2\"><p>El pasado d\u00eda 21 se conoci\u00f3 la valoraci\u00f3n del jurado de las fotograf\u00edas de los socios que participaron en el concurso social de la agrupaci\u00f3n \u201dTemas obligados\u201d. Como ya sab\u00e9is, el tema va cambiando cada mes y el tema de este mes de noviembre de 2023 ha estado \u201c<strong>Animales de ciudad<\/strong>\u201d.<\/p>\n<p><strong><u>Categoria de Color<\/u><\/strong><\/p>\n<p>Este mes de noviembre las fotos mejor valoradas han sido la de <strong>Josep Lluis Soucheiron<\/strong> quedando en la clasificaci\u00f3n en primer lugar con 111 puntos , la de <strong>\u00c1ngel Colado<\/strong> en segundo lugar con 110 puntos y la de <strong>Francesca Portol\u00e9s<\/strong> en tercer lugar con 106 Puntos.<\/p>\n<p><strong><u>Categoria Monocromo<\/u><\/strong><\/p>\n<p>En esta categor\u00eda la m\u00e1xima puntuaci\u00f3n ha estado para las fotos de <strong>Josep Lluis Soucheiron<\/strong> con 105 puntos, en segundo lugar con 104 <strong>Francisco Olmos<\/strong> y <strong>Francesca Portol\u00e9s<\/strong> en tercer lugar empatada a 104 Puntos.<\/p>\n<p>Continuamos animando a los socios y socias a participar, siempre se una buena excusa para hacer aquello que mas nos gusta, coger la c\u00e1mara y hacer \u201cclic\u201d.<\/p>\n<p><strong>Maxim Poncela<br \/>\n<\/strong>Concursos<\/p>\n<\/div><div class=\"fusion-separator fusion-full-width-sep\" style=\"align-self: center;margin-left: auto;margin-right: auto;margin-bottom:20px;width:100%;\"><div class=\"fusion-separator-border sep-single sep-solid\" style=\"border-color:#3ec0bf;border-top-width:1px;\"><\/div><\/div><div class=\"fusion-text fusion-text-3\"><p style=\"text-align: center;\"><strong>PUNTUACI\u00d3 GENERAL ACUMULADA MONOCROM<\/strong><\/p>\n<\/div><div style=\"text-align:center;\"><style>.fusion-imageframe.imageframe-1{ margin-bottom : 5%;}<\/style><span class=\" fusion-imageframe imageframe-none imageframe-1 hover-type-zoomin\"><img decoding=\"async\" width=\"670\" height=\"1045\" title=\"TO DESEMBRE bn\" src=\"https:\/\/afc.cat\/wp-content\/uploads\/2024\/01\/TO-DESEMBRE-bn.jpg\" alt class=\"img-responsive wp-image-36065\" srcset=\"https:\/\/afc.cat\/wp-content\/uploads\/2024\/01\/TO-DESEMBRE-bn-200x312.jpg 200w, https:\/\/afc.cat\/wp-content\/uploads\/2024\/01\/TO-DESEMBRE-bn-400x624.jpg 400w, https:\/\/afc.cat\/wp-content\/uploads\/2024\/01\/TO-DESEMBRE-bn-600x936.jpg 600w, https:\/\/afc.cat\/wp-content\/uploads\/2024\/01\/TO-DESEMBRE-bn.jpg 670w\" sizes=\"(max-width: 640px) 100vw, 670px\" \/><\/span><\/div><div class=\"fusion-text fusion-text-4\"><p style=\"text-align: center;\"><strong>Clasificaci\u00f3n monocromo de diciembre 2023<\/strong><\/p>\n<\/div><style type=\"text\/css\">.fusion-gallery-1 .fusion-gallery-image {border:0px solid #e2e2e2;}<\/style><div class=\"fusion-gallery fusion-gallery-container fusion-grid-6 fusion-columns-total-36 fusion-gallery-layout-grid fusion-gallery-1\" style=\"margin:-5px;\"><div style=\"padding:5px;\" class=\"fusion-grid-column fusion-gallery-column fusion-gallery-column-6 hover-type-zoomin\"><div class=\"fusion-gallery-image\"><a href=\"https:\/\/afc.cat\/wp-content\/uploads\/2023\/12\/1-Josep-LL-Soucheiron-no-pinta-be.-105.jpg\" data-title=\"1 &#8211; Josep LL Soucheiron &#8211; no pinta be&#8230;- 105\" title=\"1 &#8211; Josep LL Soucheiron &#8211; no pinta be&#8230;- 105\" rel=\"noreferrer\" data-rel=\"iLightbox[gallery_image_1]\" class=\"fusion-lightbox\" target=\"_self\"><img decoding=\"async\" src=\"https:\/\/afc.cat\/wp-content\/uploads\/2023\/12\/1-Josep-LL-Soucheiron-no-pinta-be.-105-320x202.jpg\" width=\"320\" height=\"202\" alt=\"\" title=\"1 &#8211; Josep LL Soucheiron &#8211; no pinta be&#8230;- 105\" aria-label=\"1 &#8211; Josep LL Soucheiron &#8211; no pinta be&#8230;- 105\" class=\"img-responsive wp-image-35968 fusion-gallery-image-size-fixed\" \/><\/a><\/div><\/div><div style=\"padding:5px;\" class=\"fusion-grid-column fusion-gallery-column fusion-gallery-column-6 hover-type-zoomin\"><div class=\"fusion-gallery-image\"><a href=\"https:\/\/afc.cat\/wp-content\/uploads\/2023\/12\/2-Francisco-Olmos-Cubero-El-vigilante-104.jpg\" data-title=\"2 &#8211; Francisco Olmos Cubero &#8211; El vigilante- 104\" title=\"2 &#8211; Francisco Olmos Cubero &#8211; El vigilante- 104\" rel=\"noreferrer\" data-rel=\"iLightbox[gallery_image_1]\" class=\"fusion-lightbox\" target=\"_self\"><img decoding=\"async\" src=\"https:\/\/afc.cat\/wp-content\/uploads\/2023\/12\/2-Francisco-Olmos-Cubero-El-vigilante-104-320x202.jpg\" width=\"320\" height=\"202\" alt=\"\" title=\"2 &#8211; Francisco Olmos Cubero &#8211; El vigilante- 104\" aria-label=\"2 &#8211; Francisco Olmos Cubero &#8211; El vigilante- 104\" class=\"img-responsive wp-image-35970 fusion-gallery-image-size-fixed\" srcset=\"https:\/\/afc.cat\/wp-content\/uploads\/2023\/12\/2-Francisco-Olmos-Cubero-El-vigilante-104-320x202.jpg 320w, https:\/\/afc.cat\/wp-content\/uploads\/2023\/12\/2-Francisco-Olmos-Cubero-El-vigilante-104-700x441.jpg 700w\" sizes=\"(max-width: 320px) 100vw, 320px\" \/><\/a><\/div><\/div><div style=\"padding:5px;\" class=\"fusion-grid-column fusion-gallery-column fusion-gallery-column-6 hover-type-zoomin\"><div class=\"fusion-gallery-image\"><a href=\"https:\/\/afc.cat\/wp-content\/uploads\/2023\/12\/3-Francesca-Portoles-Braso-TRISTESA-104.jpg\" data-title=\"3 &#8211; Francesca Portol\u00e9s Bras\u00f3 &#8211; TRISTESA- 104\" title=\"3 &#8211; Francesca Portol\u00e9s Bras\u00f3 &#8211; TRISTESA- 104\" rel=\"noreferrer\" data-rel=\"iLightbox[gallery_image_1]\" class=\"fusion-lightbox\" target=\"_self\"><img decoding=\"async\" src=\"https:\/\/afc.cat\/wp-content\/uploads\/2023\/12\/3-Francesca-Portoles-Braso-TRISTESA-104-320x202.jpg\" width=\"320\" height=\"202\" alt=\"\" title=\"3 &#8211; Francesca Portol\u00e9s Bras\u00f3 &#8211; TRISTESA- 104\" aria-label=\"3 &#8211; Francesca Portol\u00e9s Bras\u00f3 &#8211; TRISTESA- 104\" class=\"img-responsive wp-image-35972 fusion-gallery-image-size-fixed\" srcset=\"https:\/\/afc.cat\/wp-content\/uploads\/2023\/12\/3-Francesca-Portoles-Braso-TRISTESA-104-320x202.jpg 320w, https:\/\/afc.cat\/wp-content\/uploads\/2023\/12\/3-Francesca-Portoles-Braso-TRISTESA-104-700x441.jpg 700w\" sizes=\"(max-width: 320px) 100vw, 320px\" \/><\/a><\/div><\/div><div style=\"padding:5px;\" class=\"fusion-grid-column fusion-gallery-column fusion-gallery-column-6 hover-type-zoomin\"><div class=\"fusion-gallery-image\"><a href=\"https:\/\/afc.cat\/wp-content\/uploads\/2023\/12\/4-Pep-Vinyals-Ombres-103.jpg\" data-title=\"4 &#8211; Pep Vinyals &#8211; Ombres- 103\" title=\"4 &#8211; Pep Vinyals &#8211; Ombres- 103\" rel=\"noreferrer\" data-rel=\"iLightbox[gallery_image_1]\" class=\"fusion-lightbox\" target=\"_self\"><img decoding=\"async\" src=\"https:\/\/afc.cat\/wp-content\/uploads\/2023\/12\/4-Pep-Vinyals-Ombres-103-320x202.jpg\" width=\"320\" height=\"202\" alt=\"\" title=\"4 &#8211; Pep Vinyals &#8211; Ombres- 103\" aria-label=\"4 &#8211; Pep Vinyals &#8211; Ombres- 103\" class=\"img-responsive wp-image-35974 fusion-gallery-image-size-fixed\" srcset=\"https:\/\/afc.cat\/wp-content\/uploads\/2023\/12\/4-Pep-Vinyals-Ombres-103-320x202.jpg 320w, https:\/\/afc.cat\/wp-content\/uploads\/2023\/12\/4-Pep-Vinyals-Ombres-103-700x441.jpg 700w\" sizes=\"(max-width: 320px) 100vw, 320px\" \/><\/a><\/div><\/div><div style=\"padding:5px;\" class=\"fusion-grid-column fusion-gallery-column fusion-gallery-column-6 hover-type-zoomin\"><div class=\"fusion-gallery-image\"><a href=\"https:\/\/afc.cat\/wp-content\/uploads\/2023\/12\/5-XAVIER-RICOL-DOLSET-DSC04857-ARW_DxO_DeepPRIMEXD-2-102.jpg\" data-title=\"5 &#8211; XAVIER RICOL DOLSET &#8211; DSC04857-ARW_DxO_DeepPRIMEXD-2- 102\" title=\"5 &#8211; XAVIER RICOL DOLSET &#8211; DSC04857-ARW_DxO_DeepPRIMEXD-2- 102\" rel=\"noreferrer\" data-rel=\"iLightbox[gallery_image_1]\" class=\"fusion-lightbox\" target=\"_self\"><img decoding=\"async\" src=\"https:\/\/afc.cat\/wp-content\/uploads\/2023\/12\/5-XAVIER-RICOL-DOLSET-DSC04857-ARW_DxO_DeepPRIMEXD-2-102-320x202.jpg\" width=\"320\" height=\"202\" alt=\"\" title=\"5 &#8211; XAVIER RICOL DOLSET &#8211; DSC04857-ARW_DxO_DeepPRIMEXD-2- 102\" aria-label=\"5 &#8211; XAVIER RICOL DOLSET &#8211; DSC04857-ARW_DxO_DeepPRIMEXD-2- 102\" class=\"img-responsive wp-image-35976 fusion-gallery-image-size-fixed\" \/><\/a><\/div><\/div><div style=\"padding:5px;\" class=\"fusion-grid-column fusion-gallery-column fusion-gallery-column-6 hover-type-zoomin\"><div class=\"fusion-gallery-image\"><a href=\"https:\/\/afc.cat\/wp-content\/uploads\/2023\/12\/6-Santiago-Garcia-Cuadrado-Ratas-del-cielo-101.jpg\" data-title=\"6 &#8211; Santiago Garc\u00eda Cuadrado &#8211; Ratas del cielo- 101\" title=\"6 &#8211; Santiago Garc\u00eda Cuadrado &#8211; Ratas del cielo- 101\" rel=\"noreferrer\" data-rel=\"iLightbox[gallery_image_1]\" class=\"fusion-lightbox\" target=\"_self\"><img decoding=\"async\" src=\"https:\/\/afc.cat\/wp-content\/uploads\/2023\/12\/6-Santiago-Garcia-Cuadrado-Ratas-del-cielo-101-320x202.jpg\" width=\"320\" height=\"202\" alt=\"\" title=\"6 &#8211; Santiago Garc\u00eda Cuadrado &#8211; Ratas del cielo- 101\" aria-label=\"6 &#8211; Santiago Garc\u00eda Cuadrado &#8211; Ratas del cielo- 101\" class=\"img-responsive wp-image-35978 fusion-gallery-image-size-fixed\" srcset=\"https:\/\/afc.cat\/wp-content\/uploads\/2023\/12\/6-Santiago-Garcia-Cuadrado-Ratas-del-cielo-101-320x202.jpg 320w, https:\/\/afc.cat\/wp-content\/uploads\/2023\/12\/6-Santiago-Garcia-Cuadrado-Ratas-del-cielo-101-700x441.jpg 700w\" sizes=\"(max-width: 320px) 100vw, 320px\" \/><\/a><\/div><\/div><div class=\"clearfix\"><\/div><div style=\"padding:5px;\" class=\"fusion-grid-column fusion-gallery-column fusion-gallery-column-6 hover-type-zoomin\"><div class=\"fusion-gallery-image\"><a href=\"https:\/\/afc.cat\/wp-content\/uploads\/2023\/12\/7-Albert-Canellas-Xarau-DUKE-98.jpg\" data-title=\"7 &#8211; Albert Ca\u00f1ellas Xarau &#8211; DUKE- 98\" title=\"7 &#8211; Albert Ca\u00f1ellas Xarau &#8211; DUKE- 98\" rel=\"noreferrer\" data-rel=\"iLightbox[gallery_image_1]\" class=\"fusion-lightbox\" target=\"_self\"><img decoding=\"async\" src=\"https:\/\/afc.cat\/wp-content\/uploads\/2023\/12\/7-Albert-Canellas-Xarau-DUKE-98-320x202.jpg\" width=\"320\" height=\"202\" alt=\"\" title=\"7 &#8211; Albert Ca\u00f1ellas Xarau &#8211; DUKE- 98\" aria-label=\"7 &#8211; Albert Ca\u00f1ellas Xarau &#8211; DUKE- 98\" class=\"img-responsive wp-image-35980 fusion-gallery-image-size-fixed\" srcset=\"https:\/\/afc.cat\/wp-content\/uploads\/2023\/12\/7-Albert-Canellas-Xarau-DUKE-98-320x202.jpg 320w, https:\/\/afc.cat\/wp-content\/uploads\/2023\/12\/7-Albert-Canellas-Xarau-DUKE-98-700x441.jpg 700w\" sizes=\"(max-width: 320px) 100vw, 320px\" \/><\/a><\/div><\/div><div style=\"padding:5px;\" class=\"fusion-grid-column fusion-gallery-column fusion-gallery-column-6 hover-type-zoomin\"><div class=\"fusion-gallery-image\"><a href=\"https:\/\/afc.cat\/wp-content\/uploads\/2023\/12\/8-Josep-Maria-Bonjoch-Trilla-T.O.-BN-ANIMALS-DE-CIUTAT-Josep-Maria-Bonjoch-98.jpg\" data-title=\"8 &#8211; Josep Maria Bonjoch Trilla &#8211; T.O. BN ANIMALS DE CIUTAT Josep Maria Bonjoch- 98\" title=\"8 &#8211; Josep Maria Bonjoch Trilla &#8211; T.O. BN ANIMALS DE CIUTAT Josep Maria Bonjoch- 98\" rel=\"noreferrer\" data-rel=\"iLightbox[gallery_image_1]\" class=\"fusion-lightbox\" target=\"_self\"><img decoding=\"async\" src=\"https:\/\/afc.cat\/wp-content\/uploads\/2023\/12\/8-Josep-Maria-Bonjoch-Trilla-T.O.-BN-ANIMALS-DE-CIUTAT-Josep-Maria-Bonjoch-98-320x202.jpg\" width=\"320\" height=\"202\" alt=\"\" title=\"8 &#8211; Josep Maria Bonjoch Trilla &#8211; T.O. BN ANIMALS DE CIUTAT Josep Maria Bonjoch- 98\" aria-label=\"8 &#8211; Josep Maria Bonjoch Trilla &#8211; T.O. BN ANIMALS DE CIUTAT Josep Maria Bonjoch- 98\" class=\"img-responsive wp-image-35982 fusion-gallery-image-size-fixed\" srcset=\"https:\/\/afc.cat\/wp-content\/uploads\/2023\/12\/8-Josep-Maria-Bonjoch-Trilla-T.O.-BN-ANIMALS-DE-CIUTAT-Josep-Maria-Bonjoch-98-320x202.jpg 320w, https:\/\/afc.cat\/wp-content\/uploads\/2023\/12\/8-Josep-Maria-Bonjoch-Trilla-T.O.-BN-ANIMALS-DE-CIUTAT-Josep-Maria-Bonjoch-98-700x441.jpg 700w\" sizes=\"(max-width: 320px) 100vw, 320px\" \/><\/a><\/div><\/div><div style=\"padding:5px;\" class=\"fusion-grid-column fusion-gallery-column fusion-gallery-column-6 hover-type-zoomin\"><div class=\"fusion-gallery-image\"><a href=\"https:\/\/afc.cat\/wp-content\/uploads\/2023\/12\/9-Teresa-Tejero-Lopez-Sense-paraules-97.jpg\" data-title=\"9 &#8211; Teresa Tejero Lopez &#8211; Sense paraules- 97\" title=\"9 &#8211; Teresa Tejero Lopez &#8211; Sense paraules- 97\" rel=\"noreferrer\" data-rel=\"iLightbox[gallery_image_1]\" class=\"fusion-lightbox\" target=\"_self\"><img decoding=\"async\" src=\"https:\/\/afc.cat\/wp-content\/uploads\/2023\/12\/9-Teresa-Tejero-Lopez-Sense-paraules-97-320x202.jpg\" width=\"320\" height=\"202\" alt=\"\" title=\"9 &#8211; Teresa Tejero Lopez &#8211; Sense paraules- 97\" aria-label=\"9 &#8211; Teresa Tejero Lopez &#8211; Sense paraules- 97\" class=\"img-responsive wp-image-35984 fusion-gallery-image-size-fixed\" srcset=\"https:\/\/afc.cat\/wp-content\/uploads\/2023\/12\/9-Teresa-Tejero-Lopez-Sense-paraules-97-320x202.jpg 320w, https:\/\/afc.cat\/wp-content\/uploads\/2023\/12\/9-Teresa-Tejero-Lopez-Sense-paraules-97-700x441.jpg 700w\" sizes=\"(max-width: 320px) 100vw, 320px\" \/><\/a><\/div><\/div><div style=\"padding:5px;\" class=\"fusion-grid-column fusion-gallery-column fusion-gallery-column-6 hover-type-zoomin\"><div class=\"fusion-gallery-image\"><a href=\"https:\/\/afc.cat\/wp-content\/uploads\/2023\/12\/10-Xavier-Bou-Salazar-Bon-profit-96.jpg\" data-title=\"10 &#8211; Xavier Bou Salazar &#8211; Bon profit- 96\" title=\"10 &#8211; Xavier Bou Salazar &#8211; Bon profit- 96\" rel=\"noreferrer\" data-rel=\"iLightbox[gallery_image_1]\" class=\"fusion-lightbox\" target=\"_self\"><img decoding=\"async\" src=\"https:\/\/afc.cat\/wp-content\/uploads\/2023\/12\/10-Xavier-Bou-Salazar-Bon-profit-96-320x202.jpg\" width=\"320\" height=\"202\" alt=\"\" title=\"10 &#8211; Xavier Bou Salazar &#8211; Bon profit- 96\" aria-label=\"10 &#8211; Xavier Bou Salazar &#8211; Bon profit- 96\" class=\"img-responsive wp-image-35986 fusion-gallery-image-size-fixed\" srcset=\"https:\/\/afc.cat\/wp-content\/uploads\/2023\/12\/10-Xavier-Bou-Salazar-Bon-profit-96-320x202.jpg 320w, https:\/\/afc.cat\/wp-content\/uploads\/2023\/12\/10-Xavier-Bou-Salazar-Bon-profit-96-700x441.jpg 700w\" sizes=\"(max-width: 320px) 100vw, 320px\" \/><\/a><\/div><\/div><div style=\"padding:5px;\" class=\"fusion-grid-column fusion-gallery-column fusion-gallery-column-6 hover-type-zoomin\"><div class=\"fusion-gallery-image\"><a href=\"https:\/\/afc.cat\/wp-content\/uploads\/2023\/12\/11-Anna-Barnes-Guillen-N.Y.-96.jpg\" data-title=\"11 &#8211; Anna Barn\u00e9s Guill\u00e9n &#8211; N.Y.- 96\" title=\"11 &#8211; Anna Barn\u00e9s Guill\u00e9n &#8211; N.Y.- 96\" rel=\"noreferrer\" data-rel=\"iLightbox[gallery_image_1]\" class=\"fusion-lightbox\" target=\"_self\"><img decoding=\"async\" src=\"https:\/\/afc.cat\/wp-content\/uploads\/2023\/12\/11-Anna-Barnes-Guillen-N.Y.-96-320x202.jpg\" width=\"320\" height=\"202\" alt=\"\" title=\"11 &#8211; Anna Barn\u00e9s Guill\u00e9n &#8211; N.Y.- 96\" aria-label=\"11 &#8211; Anna Barn\u00e9s Guill\u00e9n &#8211; N.Y.- 96\" class=\"img-responsive wp-image-35988 fusion-gallery-image-size-fixed\" srcset=\"https:\/\/afc.cat\/wp-content\/uploads\/2023\/12\/11-Anna-Barnes-Guillen-N.Y.-96-320x202.jpg 320w, https:\/\/afc.cat\/wp-content\/uploads\/2023\/12\/11-Anna-Barnes-Guillen-N.Y.-96-700x441.jpg 700w\" sizes=\"(max-width: 320px) 100vw, 320px\" \/><\/a><\/div><\/div><div style=\"padding:5px;\" class=\"fusion-grid-column fusion-gallery-column fusion-gallery-column-6 hover-type-zoomin\"><div class=\"fusion-gallery-image\"><a href=\"https:\/\/afc.cat\/wp-content\/uploads\/2023\/12\/12-Gloria-Tatxe-Salas-parada-obligada-96.jpg\" data-title=\"12 &#8211; Gloria Tatx\u00e9 Salas &#8211; parada obligada- 96\" title=\"12 &#8211; Gloria Tatx\u00e9 Salas &#8211; parada obligada- 96\" rel=\"noreferrer\" data-rel=\"iLightbox[gallery_image_1]\" class=\"fusion-lightbox\" target=\"_self\"><img decoding=\"async\" src=\"https:\/\/afc.cat\/wp-content\/uploads\/2023\/12\/12-Gloria-Tatxe-Salas-parada-obligada-96-320x202.jpg\" width=\"320\" height=\"202\" alt=\"\" title=\"12 &#8211; Gloria Tatx\u00e9 Salas &#8211; parada obligada- 96\" aria-label=\"12 &#8211; Gloria Tatx\u00e9 Salas &#8211; parada obligada- 96\" class=\"img-responsive wp-image-35990 fusion-gallery-image-size-fixed\" srcset=\"https:\/\/afc.cat\/wp-content\/uploads\/2023\/12\/12-Gloria-Tatxe-Salas-parada-obligada-96-320x202.jpg 320w, https:\/\/afc.cat\/wp-content\/uploads\/2023\/12\/12-Gloria-Tatxe-Salas-parada-obligada-96-700x441.jpg 700w\" sizes=\"(max-width: 320px) 100vw, 320px\" \/><\/a><\/div><\/div><div class=\"clearfix\"><\/div><div style=\"padding:5px;\" class=\"fusion-grid-column fusion-gallery-column fusion-gallery-column-6 hover-type-zoomin\"><div class=\"fusion-gallery-image\"><a href=\"https:\/\/afc.cat\/wp-content\/uploads\/2023\/12\/13-Pere-Josep-Sanchez-Romero-JUGUESCA-95.jpg\" data-title=\"13 &#8211; Pere Josep S\u00e1nchez Romero &#8211; JUGUESCA- 95\" title=\"13 &#8211; Pere Josep S\u00e1nchez Romero &#8211; JUGUESCA- 95\" rel=\"noreferrer\" data-rel=\"iLightbox[gallery_image_1]\" class=\"fusion-lightbox\" target=\"_self\"><img decoding=\"async\" src=\"https:\/\/afc.cat\/wp-content\/uploads\/2023\/12\/13-Pere-Josep-Sanchez-Romero-JUGUESCA-95-320x202.jpg\" width=\"320\" height=\"202\" alt=\"\" title=\"13 &#8211; Pere Josep S\u00e1nchez Romero &#8211; JUGUESCA- 95\" aria-label=\"13 &#8211; Pere Josep S\u00e1nchez Romero &#8211; JUGUESCA- 95\" class=\"img-responsive wp-image-35992 fusion-gallery-image-size-fixed\" srcset=\"https:\/\/afc.cat\/wp-content\/uploads\/2023\/12\/13-Pere-Josep-Sanchez-Romero-JUGUESCA-95-320x202.jpg 320w, https:\/\/afc.cat\/wp-content\/uploads\/2023\/12\/13-Pere-Josep-Sanchez-Romero-JUGUESCA-95-700x441.jpg 700w\" sizes=\"(max-width: 320px) 100vw, 320px\" \/><\/a><\/div><\/div><div style=\"padding:5px;\" class=\"fusion-grid-column fusion-gallery-column fusion-gallery-column-6 hover-type-zoomin\"><div class=\"fusion-gallery-image\"><a href=\"https:\/\/afc.cat\/wp-content\/uploads\/2023\/12\/14-Damia-Tous-Vazquez-sobre-el-fil-94.jpg\" data-title=\"14 &#8211; Dami\u00e0 Tous Vazquez &#8211; sobre el fil- 94\" title=\"14 &#8211; Dami\u00e0 Tous Vazquez &#8211; sobre el fil- 94\" rel=\"noreferrer\" data-rel=\"iLightbox[gallery_image_1]\" class=\"fusion-lightbox\" target=\"_self\"><img decoding=\"async\" src=\"https:\/\/afc.cat\/wp-content\/uploads\/2023\/12\/14-Damia-Tous-Vazquez-sobre-el-fil-94-320x202.jpg\" width=\"320\" height=\"202\" alt=\"\" title=\"14 &#8211; Dami\u00e0 Tous Vazquez &#8211; sobre el fil- 94\" aria-label=\"14 &#8211; Dami\u00e0 Tous Vazquez &#8211; sobre el fil- 94\" class=\"img-responsive wp-image-35994 fusion-gallery-image-size-fixed\" srcset=\"https:\/\/afc.cat\/wp-content\/uploads\/2023\/12\/14-Damia-Tous-Vazquez-sobre-el-fil-94-320x202.jpg 320w, https:\/\/afc.cat\/wp-content\/uploads\/2023\/12\/14-Damia-Tous-Vazquez-sobre-el-fil-94-700x441.jpg 700w\" sizes=\"(max-width: 320px) 100vw, 320px\" \/><\/a><\/div><\/div><div style=\"padding:5px;\" class=\"fusion-grid-column fusion-gallery-column fusion-gallery-column-6 hover-type-zoomin\"><div class=\"fusion-gallery-image\"><a href=\"https:\/\/afc.cat\/wp-content\/uploads\/2023\/12\/15-Dolors-Ventura-Canellas-Amor-incondicional-93.jpg\" data-title=\"15 &#8211; Dolors Ventura Ca\u00f1ellas &#8211; Amor incondicional- 93\" title=\"15 &#8211; Dolors Ventura Ca\u00f1ellas &#8211; Amor incondicional- 93\" rel=\"noreferrer\" data-rel=\"iLightbox[gallery_image_1]\" class=\"fusion-lightbox\" target=\"_self\"><img decoding=\"async\" src=\"https:\/\/afc.cat\/wp-content\/uploads\/2023\/12\/15-Dolors-Ventura-Canellas-Amor-incondicional-93-320x202.jpg\" width=\"320\" height=\"202\" alt=\"\" title=\"15 &#8211; Dolors Ventura Ca\u00f1ellas &#8211; Amor incondicional- 93\" aria-label=\"15 &#8211; Dolors Ventura Ca\u00f1ellas &#8211; Amor incondicional- 93\" class=\"img-responsive wp-image-35996 fusion-gallery-image-size-fixed\" srcset=\"https:\/\/afc.cat\/wp-content\/uploads\/2023\/12\/15-Dolors-Ventura-Canellas-Amor-incondicional-93-320x202.jpg 320w, https:\/\/afc.cat\/wp-content\/uploads\/2023\/12\/15-Dolors-Ventura-Canellas-Amor-incondicional-93-700x441.jpg 700w\" sizes=\"(max-width: 320px) 100vw, 320px\" \/><\/a><\/div><\/div><div style=\"padding:5px;\" class=\"fusion-grid-column fusion-gallery-column fusion-gallery-column-6 hover-type-zoomin\"><div class=\"fusion-gallery-image\"><a href=\"https:\/\/afc.cat\/wp-content\/uploads\/2023\/12\/16-Josep-Soler-Vendrell-MIRADA-DE-GAT-93.jpg\" data-title=\"16 &#8211; Josep Soler Vendrell &#8211; MIRADA DE GAT- 93\" title=\"16 &#8211; Josep Soler Vendrell &#8211; MIRADA DE GAT- 93\" rel=\"noreferrer\" data-rel=\"iLightbox[gallery_image_1]\" class=\"fusion-lightbox\" target=\"_self\"><img decoding=\"async\" src=\"https:\/\/afc.cat\/wp-content\/uploads\/2023\/12\/16-Josep-Soler-Vendrell-MIRADA-DE-GAT-93-320x202.jpg\" width=\"320\" height=\"202\" alt=\"\" title=\"16 &#8211; Josep Soler Vendrell &#8211; MIRADA DE GAT- 93\" aria-label=\"16 &#8211; Josep Soler Vendrell &#8211; MIRADA DE GAT- 93\" class=\"img-responsive wp-image-35998 fusion-gallery-image-size-fixed\" srcset=\"https:\/\/afc.cat\/wp-content\/uploads\/2023\/12\/16-Josep-Soler-Vendrell-MIRADA-DE-GAT-93-320x202.jpg 320w, https:\/\/afc.cat\/wp-content\/uploads\/2023\/12\/16-Josep-Soler-Vendrell-MIRADA-DE-GAT-93-700x441.jpg 700w\" sizes=\"(max-width: 320px) 100vw, 320px\" \/><\/a><\/div><\/div><div style=\"padding:5px;\" class=\"fusion-grid-column fusion-gallery-column fusion-gallery-column-6 hover-type-zoomin\"><div class=\"fusion-gallery-image\"><a href=\"https:\/\/afc.cat\/wp-content\/uploads\/2023\/12\/17-Nuria-Noguera-German-Dufo-92.jpg\" data-title=\"17 &#8211; N\u00faria Noguera German &#8211; Dufo- 92\" title=\"17 &#8211; N\u00faria Noguera German &#8211; Dufo- 92\" rel=\"noreferrer\" data-rel=\"iLightbox[gallery_image_1]\" class=\"fusion-lightbox\" target=\"_self\"><img decoding=\"async\" src=\"https:\/\/afc.cat\/wp-content\/uploads\/2023\/12\/17-Nuria-Noguera-German-Dufo-92-320x202.jpg\" width=\"320\" height=\"202\" alt=\"\" title=\"17 &#8211; N\u00faria Noguera German &#8211; Dufo- 92\" aria-label=\"17 &#8211; N\u00faria Noguera German &#8211; Dufo- 92\" class=\"img-responsive wp-image-36000 fusion-gallery-image-size-fixed\" srcset=\"https:\/\/afc.cat\/wp-content\/uploads\/2023\/12\/17-Nuria-Noguera-German-Dufo-92-320x202.jpg 320w, https:\/\/afc.cat\/wp-content\/uploads\/2023\/12\/17-Nuria-Noguera-German-Dufo-92-700x441.jpg 700w\" sizes=\"(max-width: 320px) 100vw, 320px\" \/><\/a><\/div><\/div><div style=\"padding:5px;\" class=\"fusion-grid-column fusion-gallery-column fusion-gallery-column-6 hover-type-zoomin\"><div class=\"fusion-gallery-image\"><a href=\"https:\/\/afc.cat\/wp-content\/uploads\/2023\/12\/18-Albert-Folch-Navalon-El-vany-del-colom-92.jpg\" data-title=\"18 &#8211; Albert Folch Naval\u00f3n &#8211; El vany del colom- 92\" title=\"18 &#8211; Albert Folch Naval\u00f3n &#8211; El vany del colom- 92\" rel=\"noreferrer\" data-rel=\"iLightbox[gallery_image_1]\" class=\"fusion-lightbox\" target=\"_self\"><img decoding=\"async\" src=\"https:\/\/afc.cat\/wp-content\/uploads\/2023\/12\/18-Albert-Folch-Navalon-El-vany-del-colom-92-320x202.jpg\" width=\"320\" height=\"202\" alt=\"\" title=\"18 &#8211; Albert Folch Naval\u00f3n &#8211; El vany del colom- 92\" aria-label=\"18 &#8211; Albert Folch Naval\u00f3n &#8211; El vany del colom- 92\" class=\"img-responsive wp-image-36002 fusion-gallery-image-size-fixed\" srcset=\"https:\/\/afc.cat\/wp-content\/uploads\/2023\/12\/18-Albert-Folch-Navalon-El-vany-del-colom-92-320x202.jpg 320w, https:\/\/afc.cat\/wp-content\/uploads\/2023\/12\/18-Albert-Folch-Navalon-El-vany-del-colom-92-700x441.jpg 700w\" sizes=\"(max-width: 320px) 100vw, 320px\" \/><\/a><\/div><\/div><div class=\"clearfix\"><\/div><div style=\"padding:5px;\" class=\"fusion-grid-column fusion-gallery-column fusion-gallery-column-6 hover-type-zoomin\"><div class=\"fusion-gallery-image\"><a href=\"https:\/\/afc.cat\/wp-content\/uploads\/2023\/12\/19-Miquel-Cabre-Esperant-92.jpg\" data-title=\"19 &#8211; Miquel Cabr\u00e9 &#8211; Esperant- 92\" title=\"19 &#8211; Miquel Cabr\u00e9 &#8211; Esperant- 92\" rel=\"noreferrer\" data-rel=\"iLightbox[gallery_image_1]\" class=\"fusion-lightbox\" target=\"_self\"><img decoding=\"async\" src=\"https:\/\/afc.cat\/wp-content\/uploads\/2023\/12\/19-Miquel-Cabre-Esperant-92-320x202.jpg\" width=\"320\" height=\"202\" alt=\"\" title=\"19 &#8211; Miquel Cabr\u00e9 &#8211; Esperant- 92\" aria-label=\"19 &#8211; Miquel Cabr\u00e9 &#8211; Esperant- 92\" class=\"img-responsive wp-image-36004 fusion-gallery-image-size-fixed\" srcset=\"https:\/\/afc.cat\/wp-content\/uploads\/2023\/12\/19-Miquel-Cabre-Esperant-92-320x202.jpg 320w, https:\/\/afc.cat\/wp-content\/uploads\/2023\/12\/19-Miquel-Cabre-Esperant-92-700x441.jpg 700w\" sizes=\"(max-width: 320px) 100vw, 320px\" \/><\/a><\/div><\/div><div style=\"padding:5px;\" class=\"fusion-grid-column fusion-gallery-column fusion-gallery-column-6 hover-type-zoomin\"><div class=\"fusion-gallery-image\"><a href=\"https:\/\/afc.cat\/wp-content\/uploads\/2023\/12\/20-Lluis-Porcel-Gimenez-PB254949-Editar-2-92.jpg\" data-title=\"20 &#8211; Llu\u00eds Porcel Gim\u00e9nez &#8211; PB254949-Editar-2- 92\" title=\"20 &#8211; Llu\u00eds Porcel Gim\u00e9nez &#8211; PB254949-Editar-2- 92\" rel=\"noreferrer\" data-rel=\"iLightbox[gallery_image_1]\" class=\"fusion-lightbox\" target=\"_self\"><img decoding=\"async\" src=\"https:\/\/afc.cat\/wp-content\/uploads\/2023\/12\/20-Lluis-Porcel-Gimenez-PB254949-Editar-2-92-320x202.jpg\" width=\"320\" height=\"202\" alt=\"\" title=\"20 &#8211; Llu\u00eds Porcel Gim\u00e9nez &#8211; PB254949-Editar-2- 92\" aria-label=\"20 &#8211; Llu\u00eds Porcel Gim\u00e9nez &#8211; PB254949-Editar-2- 92\" class=\"img-responsive wp-image-36006 fusion-gallery-image-size-fixed\" srcset=\"https:\/\/afc.cat\/wp-content\/uploads\/2023\/12\/20-Lluis-Porcel-Gimenez-PB254949-Editar-2-92-320x202.jpg 320w, https:\/\/afc.cat\/wp-content\/uploads\/2023\/12\/20-Lluis-Porcel-Gimenez-PB254949-Editar-2-92-700x441.jpg 700w\" sizes=\"(max-width: 320px) 100vw, 320px\" \/><\/a><\/div><\/div><div style=\"padding:5px;\" class=\"fusion-grid-column fusion-gallery-column fusion-gallery-column-6 hover-type-zoomin\"><div class=\"fusion-gallery-image\"><a href=\"https:\/\/afc.cat\/wp-content\/uploads\/2023\/12\/21-Esperanca-Sanz-Marin-Apatrullando-la-ciudad-91.jpg\" data-title=\"21 &#8211; Esperan\u00e7a Sanz Marin &#8211; Apatrullando la ciudad- 91\" title=\"21 &#8211; Esperan\u00e7a Sanz Marin &#8211; Apatrullando la ciudad- 91\" rel=\"noreferrer\" data-rel=\"iLightbox[gallery_image_1]\" class=\"fusion-lightbox\" target=\"_self\"><img decoding=\"async\" src=\"https:\/\/afc.cat\/wp-content\/uploads\/2023\/12\/21-Esperanca-Sanz-Marin-Apatrullando-la-ciudad-91-320x202.jpg\" width=\"320\" height=\"202\" alt=\"\" title=\"21 &#8211; Esperan\u00e7a Sanz Marin &#8211; Apatrullando la ciudad- 91\" aria-label=\"21 &#8211; Esperan\u00e7a Sanz Marin &#8211; Apatrullando la ciudad- 91\" class=\"img-responsive wp-image-36008 fusion-gallery-image-size-fixed\" srcset=\"https:\/\/afc.cat\/wp-content\/uploads\/2023\/12\/21-Esperanca-Sanz-Marin-Apatrullando-la-ciudad-91-320x202.jpg 320w, https:\/\/afc.cat\/wp-content\/uploads\/2023\/12\/21-Esperanca-Sanz-Marin-Apatrullando-la-ciudad-91-700x441.jpg 700w\" sizes=\"(max-width: 320px) 100vw, 320px\" \/><\/a><\/div><\/div><div style=\"padding:5px;\" class=\"fusion-grid-column fusion-gallery-column fusion-gallery-column-6 hover-type-zoomin\"><div class=\"fusion-gallery-image\"><a href=\"https:\/\/afc.cat\/wp-content\/uploads\/2023\/12\/22-Rosa-Cristofol-Martinez-Quina-gana-91.jpg\" data-title=\"22 &#8211; Rosa Crist\u00f2fol Mart\u00ednez &#8211; Quina gana- 91\" title=\"22 &#8211; Rosa Crist\u00f2fol Mart\u00ednez &#8211; Quina gana- 91\" rel=\"noreferrer\" data-rel=\"iLightbox[gallery_image_1]\" class=\"fusion-lightbox\" target=\"_self\"><img decoding=\"async\" src=\"https:\/\/afc.cat\/wp-content\/uploads\/2023\/12\/22-Rosa-Cristofol-Martinez-Quina-gana-91-320x202.jpg\" width=\"320\" height=\"202\" alt=\"\" title=\"22 &#8211; Rosa Crist\u00f2fol Mart\u00ednez &#8211; Quina gana- 91\" aria-label=\"22 &#8211; Rosa Crist\u00f2fol Mart\u00ednez &#8211; Quina gana- 91\" class=\"img-responsive wp-image-36010 fusion-gallery-image-size-fixed\" srcset=\"https:\/\/afc.cat\/wp-content\/uploads\/2023\/12\/22-Rosa-Cristofol-Martinez-Quina-gana-91-320x202.jpg 320w, https:\/\/afc.cat\/wp-content\/uploads\/2023\/12\/22-Rosa-Cristofol-Martinez-Quina-gana-91-700x441.jpg 700w\" sizes=\"(max-width: 320px) 100vw, 320px\" \/><\/a><\/div><\/div><div style=\"padding:5px;\" class=\"fusion-grid-column fusion-gallery-column fusion-gallery-column-6 hover-type-zoomin\"><div class=\"fusion-gallery-image\"><a href=\"https:\/\/afc.cat\/wp-content\/uploads\/2023\/12\/23-Angel-Colado-Palacios-gos-BN-90.jpg\" data-title=\"23 &#8211; \u00c1ngel Colado Palacios &#8211; gos BN- 90\" title=\"23 &#8211; \u00c1ngel Colado Palacios &#8211; gos BN- 90\" rel=\"noreferrer\" data-rel=\"iLightbox[gallery_image_1]\" class=\"fusion-lightbox\" target=\"_self\"><img decoding=\"async\" src=\"https:\/\/afc.cat\/wp-content\/uploads\/2023\/12\/23-Angel-Colado-Palacios-gos-BN-90-320x202.jpg\" width=\"320\" height=\"202\" alt=\"\" title=\"23 &#8211; \u00c1ngel Colado Palacios &#8211; gos BN- 90\" aria-label=\"23 &#8211; \u00c1ngel Colado Palacios &#8211; gos BN- 90\" class=\"img-responsive wp-image-36012 fusion-gallery-image-size-fixed\" srcset=\"https:\/\/afc.cat\/wp-content\/uploads\/2023\/12\/23-Angel-Colado-Palacios-gos-BN-90-320x202.jpg 320w, https:\/\/afc.cat\/wp-content\/uploads\/2023\/12\/23-Angel-Colado-Palacios-gos-BN-90-700x441.jpg 700w\" sizes=\"(max-width: 320px) 100vw, 320px\" \/><\/a><\/div><\/div><div style=\"padding:5px;\" class=\"fusion-grid-column fusion-gallery-column fusion-gallery-column-6 hover-type-zoomin\"><div class=\"fusion-gallery-image\"><a href=\"https:\/\/afc.cat\/wp-content\/uploads\/2023\/12\/24-Joan-Soldevila-Adan-ocadelacatedral-90.jpg\" data-title=\"24 &#8211; Joan Soldevila Ad\u00e1n &#8211; ocadelacatedral- 90\" title=\"24 &#8211; Joan Soldevila Ad\u00e1n &#8211; ocadelacatedral- 90\" rel=\"noreferrer\" data-rel=\"iLightbox[gallery_image_1]\" class=\"fusion-lightbox\" target=\"_self\"><img decoding=\"async\" src=\"https:\/\/afc.cat\/wp-content\/uploads\/2023\/12\/24-Joan-Soldevila-Adan-ocadelacatedral-90-320x202.jpg\" width=\"320\" height=\"202\" alt=\"\" title=\"24 &#8211; Joan Soldevila Ad\u00e1n &#8211; ocadelacatedral- 90\" aria-label=\"24 &#8211; Joan Soldevila Ad\u00e1n &#8211; ocadelacatedral- 90\" class=\"img-responsive wp-image-36014 fusion-gallery-image-size-fixed\" srcset=\"https:\/\/afc.cat\/wp-content\/uploads\/2023\/12\/24-Joan-Soldevila-Adan-ocadelacatedral-90-320x202.jpg 320w, https:\/\/afc.cat\/wp-content\/uploads\/2023\/12\/24-Joan-Soldevila-Adan-ocadelacatedral-90-700x441.jpg 700w\" sizes=\"(max-width: 320px) 100vw, 320px\" \/><\/a><\/div><\/div><div class=\"clearfix\"><\/div><div style=\"padding:5px;\" class=\"fusion-grid-column fusion-gallery-column fusion-gallery-column-6 hover-type-zoomin\"><div class=\"fusion-gallery-image\"><a href=\"https:\/\/afc.cat\/wp-content\/uploads\/2023\/12\/25-Josep-Suarez-Torrellas-Toilete-per-coloms-90.jpg\" data-title=\"25 &#8211; Josep Suarez Torrellas &#8211; Toilete per coloms- 90\" title=\"25 &#8211; Josep Suarez Torrellas &#8211; Toilete per coloms- 90\" rel=\"noreferrer\" data-rel=\"iLightbox[gallery_image_1]\" class=\"fusion-lightbox\" target=\"_self\"><img decoding=\"async\" src=\"https:\/\/afc.cat\/wp-content\/uploads\/2023\/12\/25-Josep-Suarez-Torrellas-Toilete-per-coloms-90-320x202.jpg\" width=\"320\" height=\"202\" alt=\"\" title=\"25 &#8211; Josep Suarez Torrellas &#8211; Toilete per coloms- 90\" aria-label=\"25 &#8211; Josep Suarez Torrellas &#8211; Toilete per coloms- 90\" class=\"img-responsive wp-image-36016 fusion-gallery-image-size-fixed\" srcset=\"https:\/\/afc.cat\/wp-content\/uploads\/2023\/12\/25-Josep-Suarez-Torrellas-Toilete-per-coloms-90-320x202.jpg 320w, https:\/\/afc.cat\/wp-content\/uploads\/2023\/12\/25-Josep-Suarez-Torrellas-Toilete-per-coloms-90-700x441.jpg 700w\" sizes=\"(max-width: 320px) 100vw, 320px\" \/><\/a><\/div><\/div><div style=\"padding:5px;\" class=\"fusion-grid-column fusion-gallery-column fusion-gallery-column-6 hover-type-zoomin\"><div class=\"fusion-gallery-image\"><a href=\"https:\/\/afc.cat\/wp-content\/uploads\/2023\/12\/26-Adolfo-Garcia-Bastard-El-bany-87.jpg\" data-title=\"26 &#8211; Adolfo Garcia Bastard &#8211; El bany- 87\" title=\"26 &#8211; Adolfo Garcia Bastard &#8211; El bany- 87\" rel=\"noreferrer\" data-rel=\"iLightbox[gallery_image_1]\" class=\"fusion-lightbox\" target=\"_self\"><img decoding=\"async\" src=\"https:\/\/afc.cat\/wp-content\/uploads\/2023\/12\/26-Adolfo-Garcia-Bastard-El-bany-87-320x202.jpg\" width=\"320\" height=\"202\" alt=\"\" title=\"26 &#8211; Adolfo Garcia Bastard &#8211; El bany- 87\" aria-label=\"26 &#8211; Adolfo Garcia Bastard &#8211; El bany- 87\" class=\"img-responsive wp-image-36018 fusion-gallery-image-size-fixed\" srcset=\"https:\/\/afc.cat\/wp-content\/uploads\/2023\/12\/26-Adolfo-Garcia-Bastard-El-bany-87-320x202.jpg 320w, https:\/\/afc.cat\/wp-content\/uploads\/2023\/12\/26-Adolfo-Garcia-Bastard-El-bany-87-700x441.jpg 700w\" sizes=\"(max-width: 320px) 100vw, 320px\" \/><\/a><\/div><\/div><div style=\"padding:5px;\" class=\"fusion-grid-column fusion-gallery-column fusion-gallery-column-6 hover-type-zoomin\"><div class=\"fusion-gallery-image\"><a href=\"https:\/\/afc.cat\/wp-content\/uploads\/2023\/12\/27-Enric-Terradas-Pujol-Jugues-a-mi-85.jpg\" data-title=\"27 &#8211; Enric Terradas Pujol &#8211; Jugues a mi- 85\" title=\"27 &#8211; Enric Terradas Pujol &#8211; Jugues a mi- 85\" rel=\"noreferrer\" data-rel=\"iLightbox[gallery_image_1]\" class=\"fusion-lightbox\" target=\"_self\"><img decoding=\"async\" src=\"https:\/\/afc.cat\/wp-content\/uploads\/2023\/12\/27-Enric-Terradas-Pujol-Jugues-a-mi-85-320x202.jpg\" width=\"320\" height=\"202\" alt=\"\" title=\"27 &#8211; Enric Terradas Pujol &#8211; Jugues a mi- 85\" aria-label=\"27 &#8211; Enric Terradas Pujol &#8211; Jugues a mi- 85\" class=\"img-responsive wp-image-36020 fusion-gallery-image-size-fixed\" srcset=\"https:\/\/afc.cat\/wp-content\/uploads\/2023\/12\/27-Enric-Terradas-Pujol-Jugues-a-mi-85-320x202.jpg 320w, https:\/\/afc.cat\/wp-content\/uploads\/2023\/12\/27-Enric-Terradas-Pujol-Jugues-a-mi-85-700x441.jpg 700w\" sizes=\"(max-width: 320px) 100vw, 320px\" \/><\/a><\/div><\/div><div style=\"padding:5px;\" class=\"fusion-grid-column fusion-gallery-column fusion-gallery-column-6 hover-type-zoomin\"><div class=\"fusion-gallery-image\"><a href=\"https:\/\/afc.cat\/wp-content\/uploads\/2023\/12\/28-Jaume-LLOPART-CASAPONSA-Mare-i-fill-85.jpg\" data-title=\"28 &#8211; Jaume LLOPART CASAPONSA &#8211; Mare i fill- 85\" title=\"28 &#8211; Jaume LLOPART CASAPONSA &#8211; Mare i fill- 85\" rel=\"noreferrer\" data-rel=\"iLightbox[gallery_image_1]\" class=\"fusion-lightbox\" target=\"_self\"><img decoding=\"async\" src=\"https:\/\/afc.cat\/wp-content\/uploads\/2023\/12\/28-Jaume-LLOPART-CASAPONSA-Mare-i-fill-85-320x202.jpg\" width=\"320\" height=\"202\" alt=\"\" title=\"28 &#8211; Jaume LLOPART CASAPONSA &#8211; Mare i fill- 85\" aria-label=\"28 &#8211; Jaume LLOPART CASAPONSA &#8211; Mare i fill- 85\" class=\"img-responsive wp-image-36022 fusion-gallery-image-size-fixed\" srcset=\"https:\/\/afc.cat\/wp-content\/uploads\/2023\/12\/28-Jaume-LLOPART-CASAPONSA-Mare-i-fill-85-320x202.jpg 320w, https:\/\/afc.cat\/wp-content\/uploads\/2023\/12\/28-Jaume-LLOPART-CASAPONSA-Mare-i-fill-85-700x441.jpg 700w\" sizes=\"(max-width: 320px) 100vw, 320px\" \/><\/a><\/div><\/div><div style=\"padding:5px;\" class=\"fusion-grid-column fusion-gallery-column fusion-gallery-column-6 hover-type-zoomin\"><div class=\"fusion-gallery-image\"><a href=\"https:\/\/afc.cat\/wp-content\/uploads\/2023\/12\/29-Carmen-Casademont-Ribot-Bal-84.jpg\" data-title=\"29 &#8211; Carmen Casademont Ribot &#8211; Bal- 84\" title=\"29 &#8211; Carmen Casademont Ribot &#8211; Bal- 84\" rel=\"noreferrer\" data-rel=\"iLightbox[gallery_image_1]\" class=\"fusion-lightbox\" target=\"_self\"><img decoding=\"async\" src=\"https:\/\/afc.cat\/wp-content\/uploads\/2023\/12\/29-Carmen-Casademont-Ribot-Bal-84-320x202.jpg\" width=\"320\" height=\"202\" alt=\"\" title=\"29 &#8211; Carmen Casademont Ribot &#8211; Bal- 84\" aria-label=\"29 &#8211; Carmen Casademont Ribot &#8211; Bal- 84\" class=\"img-responsive wp-image-36024 fusion-gallery-image-size-fixed\" \/><\/a><\/div><\/div><div style=\"padding:5px;\" class=\"fusion-grid-column fusion-gallery-column fusion-gallery-column-6 hover-type-zoomin\"><div class=\"fusion-gallery-image\"><a href=\"https:\/\/afc.cat\/wp-content\/uploads\/2023\/12\/30-Carme-Mur-Calvo-Bon-ciutada-84.jpg\" data-title=\"30 &#8211; Carme Mur Calv\u00f3 &#8211; Bon ciutada &#8211; 84\" title=\"30 &#8211; Carme Mur Calv\u00f3 &#8211; Bon ciutada &#8211; 84\" rel=\"noreferrer\" data-rel=\"iLightbox[gallery_image_1]\" class=\"fusion-lightbox\" target=\"_self\"><img decoding=\"async\" src=\"https:\/\/afc.cat\/wp-content\/uploads\/2023\/12\/30-Carme-Mur-Calvo-Bon-ciutada-84-320x202.jpg\" width=\"320\" height=\"202\" alt=\"\" title=\"30 &#8211; Carme Mur Calv\u00f3 &#8211; Bon ciutada &#8211; 84\" aria-label=\"30 &#8211; Carme Mur Calv\u00f3 &#8211; Bon ciutada &#8211; 84\" class=\"img-responsive wp-image-36026 fusion-gallery-image-size-fixed\" srcset=\"https:\/\/afc.cat\/wp-content\/uploads\/2023\/12\/30-Carme-Mur-Calvo-Bon-ciutada-84-320x202.jpg 320w, https:\/\/afc.cat\/wp-content\/uploads\/2023\/12\/30-Carme-Mur-Calvo-Bon-ciutada-84-700x441.jpg 700w\" sizes=\"(max-width: 320px) 100vw, 320px\" \/><\/a><\/div><\/div><div class=\"clearfix\"><\/div><div style=\"padding:5px;\" class=\"fusion-grid-column fusion-gallery-column fusion-gallery-column-6 hover-type-zoomin\"><div class=\"fusion-gallery-image\"><a href=\"https:\/\/afc.cat\/wp-content\/uploads\/2023\/12\/31-Merce-Rios-Bejar-Descans-Gat-Merce-Rios-PB191135-82.jpg\" data-title=\"31 &#8211; Merc\u00e8 R\u00edos Bejar &#8211; Descans Gat -Merce Rios -PB191135- 82\" title=\"31 &#8211; Merc\u00e8 R\u00edos Bejar &#8211; Descans Gat -Merce Rios -PB191135- 82\" rel=\"noreferrer\" data-rel=\"iLightbox[gallery_image_1]\" class=\"fusion-lightbox\" target=\"_self\"><img decoding=\"async\" src=\"https:\/\/afc.cat\/wp-content\/uploads\/2023\/12\/31-Merce-Rios-Bejar-Descans-Gat-Merce-Rios-PB191135-82-320x202.jpg\" width=\"320\" height=\"202\" alt=\"\" title=\"31 &#8211; Merc\u00e8 R\u00edos Bejar &#8211; Descans Gat -Merce Rios -PB191135- 82\" aria-label=\"31 &#8211; Merc\u00e8 R\u00edos Bejar &#8211; Descans Gat -Merce Rios -PB191135- 82\" class=\"img-responsive wp-image-36028 fusion-gallery-image-size-fixed\" srcset=\"https:\/\/afc.cat\/wp-content\/uploads\/2023\/12\/31-Merce-Rios-Bejar-Descans-Gat-Merce-Rios-PB191135-82-320x202.jpg 320w, https:\/\/afc.cat\/wp-content\/uploads\/2023\/12\/31-Merce-Rios-Bejar-Descans-Gat-Merce-Rios-PB191135-82-700x441.jpg 700w\" sizes=\"(max-width: 320px) 100vw, 320px\" \/><\/a><\/div><\/div><div style=\"padding:5px;\" class=\"fusion-grid-column fusion-gallery-column fusion-gallery-column-6 hover-type-zoomin\"><div class=\"fusion-gallery-image\"><a href=\"https:\/\/afc.cat\/wp-content\/uploads\/2023\/12\/32-David-Penarroya-Hernandez-Que-passa-80.jpg\" data-title=\"32 &#8211; David Pe\u00f1arroya Hernandez &#8211; Que passa- 80\" title=\"32 &#8211; David Pe\u00f1arroya Hernandez &#8211; Que passa- 80\" rel=\"noreferrer\" data-rel=\"iLightbox[gallery_image_1]\" class=\"fusion-lightbox\" target=\"_self\"><img decoding=\"async\" src=\"https:\/\/afc.cat\/wp-content\/uploads\/2023\/12\/32-David-Penarroya-Hernandez-Que-passa-80-320x202.jpg\" width=\"320\" height=\"202\" alt=\"\" title=\"32 &#8211; David Pe\u00f1arroya Hernandez &#8211; Que passa- 80\" aria-label=\"32 &#8211; David Pe\u00f1arroya Hernandez &#8211; Que passa- 80\" class=\"img-responsive wp-image-36030 fusion-gallery-image-size-fixed\" srcset=\"https:\/\/afc.cat\/wp-content\/uploads\/2023\/12\/32-David-Penarroya-Hernandez-Que-passa-80-320x202.jpg 320w, https:\/\/afc.cat\/wp-content\/uploads\/2023\/12\/32-David-Penarroya-Hernandez-Que-passa-80-700x441.jpg 700w\" sizes=\"(max-width: 320px) 100vw, 320px\" \/><\/a><\/div><\/div><div style=\"padding:5px;\" class=\"fusion-grid-column fusion-gallery-column fusion-gallery-column-6 hover-type-zoomin\"><div class=\"fusion-gallery-image\"><a href=\"https:\/\/afc.cat\/wp-content\/uploads\/2023\/12\/33-Diego-Pastor-Sanchez-Ja-vinc-77.jpg\" data-title=\"33 &#8211; Diego Pastor S\u00e1nchez &#8211; Ja vinc- 77\" title=\"33 &#8211; Diego Pastor S\u00e1nchez &#8211; Ja vinc- 77\" rel=\"noreferrer\" data-rel=\"iLightbox[gallery_image_1]\" class=\"fusion-lightbox\" target=\"_self\"><img decoding=\"async\" src=\"https:\/\/afc.cat\/wp-content\/uploads\/2023\/12\/33-Diego-Pastor-Sanchez-Ja-vinc-77-320x202.jpg\" width=\"320\" height=\"202\" alt=\"\" title=\"33 &#8211; Diego Pastor S\u00e1nchez &#8211; Ja vinc- 77\" aria-label=\"33 &#8211; Diego Pastor S\u00e1nchez &#8211; Ja vinc- 77\" class=\"img-responsive wp-image-36032 fusion-gallery-image-size-fixed\" srcset=\"https:\/\/afc.cat\/wp-content\/uploads\/2023\/12\/33-Diego-Pastor-Sanchez-Ja-vinc-77-320x202.jpg 320w, https:\/\/afc.cat\/wp-content\/uploads\/2023\/12\/33-Diego-Pastor-Sanchez-Ja-vinc-77-700x441.jpg 700w\" sizes=\"(max-width: 320px) 100vw, 320px\" \/><\/a><\/div><\/div><div style=\"padding:5px;\" class=\"fusion-grid-column fusion-gallery-column fusion-gallery-column-6 hover-type-zoomin\"><div class=\"fusion-gallery-image\"><a href=\"https:\/\/afc.cat\/wp-content\/uploads\/2023\/12\/34-Joan-Rue-Domingo-Selfie-al-parc-76.jpg\" data-title=\"34 &#8211; Joan Ru\u00e9 Domingo &#8211; Selfie al parc- 76\" title=\"34 &#8211; Joan Ru\u00e9 Domingo &#8211; Selfie al parc- 76\" rel=\"noreferrer\" data-rel=\"iLightbox[gallery_image_1]\" class=\"fusion-lightbox\" target=\"_self\"><img decoding=\"async\" src=\"https:\/\/afc.cat\/wp-content\/uploads\/2023\/12\/34-Joan-Rue-Domingo-Selfie-al-parc-76-320x202.jpg\" width=\"320\" height=\"202\" alt=\"\" title=\"34 &#8211; Joan Ru\u00e9 Domingo &#8211; Selfie al parc- 76\" aria-label=\"34 &#8211; Joan Ru\u00e9 Domingo &#8211; Selfie al parc- 76\" class=\"img-responsive wp-image-36034 fusion-gallery-image-size-fixed\" srcset=\"https:\/\/afc.cat\/wp-content\/uploads\/2023\/12\/34-Joan-Rue-Domingo-Selfie-al-parc-76-320x202.jpg 320w, https:\/\/afc.cat\/wp-content\/uploads\/2023\/12\/34-Joan-Rue-Domingo-Selfie-al-parc-76-700x441.jpg 700w\" sizes=\"(max-width: 320px) 100vw, 320px\" \/><\/a><\/div><\/div><div style=\"padding:5px;\" class=\"fusion-grid-column fusion-gallery-column fusion-gallery-column-6 hover-type-zoomin\"><div class=\"fusion-gallery-image\"><a href=\"https:\/\/afc.cat\/wp-content\/uploads\/2023\/12\/35-Sara-Assens-Mampel-quena-73.jpg\" data-title=\"35 &#8211; Sara Assens Mampel &#8211; quena- 73\" title=\"35 &#8211; Sara Assens Mampel &#8211; quena- 73\" rel=\"noreferrer\" data-rel=\"iLightbox[gallery_image_1]\" class=\"fusion-lightbox\" target=\"_self\"><img decoding=\"async\" src=\"https:\/\/afc.cat\/wp-content\/uploads\/2023\/12\/35-Sara-Assens-Mampel-quena-73-320x202.jpg\" width=\"320\" height=\"202\" alt=\"\" title=\"35 &#8211; Sara Assens Mampel &#8211; quena- 73\" aria-label=\"35 &#8211; Sara Assens Mampel &#8211; quena- 73\" class=\"img-responsive wp-image-36036 fusion-gallery-image-size-fixed\" \/><\/a><\/div><\/div><div style=\"padding:5px;\" class=\"fusion-grid-column fusion-gallery-column fusion-gallery-column-6 hover-type-zoomin\"><div class=\"fusion-gallery-image\"><a href=\"https:\/\/afc.cat\/wp-content\/uploads\/2023\/12\/36-Francesc-Soldevila-Animals-de-ciutat-1-66.jpg\" data-title=\"36 &#8211; Francesc Soldevila &#8211; Animals de ciutat-1- 66\" title=\"36 &#8211; Francesc Soldevila &#8211; Animals de ciutat-1- 66\" rel=\"noreferrer\" data-rel=\"iLightbox[gallery_image_1]\" class=\"fusion-lightbox\" target=\"_self\"><img decoding=\"async\" src=\"https:\/\/afc.cat\/wp-content\/uploads\/2023\/12\/36-Francesc-Soldevila-Animals-de-ciutat-1-66-320x202.jpg\" width=\"320\" height=\"202\" alt=\"\" title=\"36 &#8211; Francesc Soldevila &#8211; Animals de ciutat-1- 66\" aria-label=\"36 &#8211; Francesc Soldevila &#8211; Animals de ciutat-1- 66\" class=\"img-responsive wp-image-36038 fusion-gallery-image-size-fixed\" srcset=\"https:\/\/afc.cat\/wp-content\/uploads\/2023\/12\/36-Francesc-Soldevila-Animals-de-ciutat-1-66-320x202.jpg 320w, https:\/\/afc.cat\/wp-content\/uploads\/2023\/12\/36-Francesc-Soldevila-Animals-de-ciutat-1-66-700x441.jpg 700w\" sizes=\"(max-width: 320px) 100vw, 320px\" \/><\/a><\/div><\/div><div class=\"clearfix\"><\/div><\/div><div class=\"fusion-separator fusion-full-width-sep\" style=\"align-self: center;margin-left: auto;margin-right: auto;margin-top:20px;margin-bottom:20px;width:100%;\"><div class=\"fusion-separator-border sep-single sep-solid\" style=\"border-color:#3ec0bf;border-top-width:1px;\"><\/div><\/div><div class=\"fusion-text fusion-text-5\"><p style=\"text-align: center;\"><strong>PUNTUACI\u00d3 GENERAL ACUMULADA COLOR<\/strong><\/p>\n<\/div><div style=\"text-align:center;\"><style>.fusion-imageframe.imageframe-2{ margin-bottom : 5%;}<\/style><span class=\" fusion-imageframe imageframe-none imageframe-2 hover-type-zoomin\"><img decoding=\"async\" width=\"690\" height=\"1059\" title=\"TO DESEMBRE color\" src=\"https:\/\/afc.cat\/wp-content\/uploads\/2024\/01\/TO-DESEMBRE-color.jpg\" alt class=\"img-responsive wp-image-36067\" srcset=\"https:\/\/afc.cat\/wp-content\/uploads\/2024\/01\/TO-DESEMBRE-color-200x307.jpg 200w, https:\/\/afc.cat\/wp-content\/uploads\/2024\/01\/TO-DESEMBRE-color-400x614.jpg 400w, https:\/\/afc.cat\/wp-content\/uploads\/2024\/01\/TO-DESEMBRE-color-600x921.jpg 600w, https:\/\/afc.cat\/wp-content\/uploads\/2024\/01\/TO-DESEMBRE-color.jpg 690w\" sizes=\"(max-width: 640px) 100vw, 690px\" \/><\/span><\/div><div class=\"fusion-text fusion-text-6\"><p style=\"text-align: center;\"><strong>Clasificaci\u00f3n color de diciembre 2023<\/strong><\/p>\n<\/div><style type=\"text\/css\">.fusion-gallery-2 .fusion-gallery-image {border:0px solid #e2e2e2;}<\/style><div class=\"fusion-gallery fusion-gallery-container fusion-grid-6 fusion-columns-total-38 fusion-gallery-layout-grid fusion-gallery-2\" style=\"margin:-5px;\"><div style=\"padding:5px;\" class=\"fusion-grid-column fusion-gallery-column fusion-gallery-column-6 hover-type-zoomin\"><div class=\"fusion-gallery-image\"><a href=\"https:\/\/afc.cat\/wp-content\/uploads\/2023\/12\/1-Josep-LL-Soucheiron-La-vaca-ens-tapa-el-sol-111.jpg\" data-title=\"1 &#8211; Josep LL Soucheiron &#8211; La vaca ens tapa el sol- 111\" title=\"1 &#8211; Josep LL Soucheiron &#8211; La vaca ens tapa el sol- 111\" rel=\"noreferrer\" data-rel=\"iLightbox[gallery_image_2]\" class=\"fusion-lightbox\" target=\"_self\"><img decoding=\"async\" src=\"https:\/\/afc.cat\/wp-content\/uploads\/2023\/12\/1-Josep-LL-Soucheiron-La-vaca-ens-tapa-el-sol-111-320x202.jpg\" width=\"320\" height=\"202\" alt=\"\" title=\"1 &#8211; Josep LL Soucheiron &#8211; La vaca ens tapa el sol- 111\" aria-label=\"1 &#8211; Josep LL Soucheiron &#8211; La vaca ens tapa el sol- 111\" class=\"img-responsive wp-image-35914 fusion-gallery-image-size-fixed\" srcset=\"https:\/\/afc.cat\/wp-content\/uploads\/2023\/12\/1-Josep-LL-Soucheiron-La-vaca-ens-tapa-el-sol-111-320x202.jpg 320w, https:\/\/afc.cat\/wp-content\/uploads\/2023\/12\/1-Josep-LL-Soucheiron-La-vaca-ens-tapa-el-sol-111-700x441.jpg 700w\" sizes=\"(max-width: 320px) 100vw, 320px\" \/><\/a><\/div><\/div><div style=\"padding:5px;\" class=\"fusion-grid-column fusion-gallery-column fusion-gallery-column-6 hover-type-zoomin\"><div class=\"fusion-gallery-image\"><a href=\"https:\/\/afc.cat\/wp-content\/uploads\/2023\/12\/2-Angel-Colado-Palacios-gavina-C-110.jpg\" data-title=\"2 &#8211; \u00c1ngel Colado Palacios &#8211; gavina C- 110\" title=\"2 &#8211; \u00c1ngel Colado Palacios &#8211; gavina C- 110\" rel=\"noreferrer\" data-rel=\"iLightbox[gallery_image_2]\" class=\"fusion-lightbox\" target=\"_self\"><img decoding=\"async\" src=\"https:\/\/afc.cat\/wp-content\/uploads\/2023\/12\/2-Angel-Colado-Palacios-gavina-C-110-320x202.jpg\" width=\"320\" height=\"202\" alt=\"\" title=\"2 &#8211; \u00c1ngel Colado Palacios &#8211; gavina C- 110\" aria-label=\"2 &#8211; \u00c1ngel Colado Palacios &#8211; gavina C- 110\" class=\"img-responsive wp-image-35916 fusion-gallery-image-size-fixed\" srcset=\"https:\/\/afc.cat\/wp-content\/uploads\/2023\/12\/2-Angel-Colado-Palacios-gavina-C-110-320x202.jpg 320w, https:\/\/afc.cat\/wp-content\/uploads\/2023\/12\/2-Angel-Colado-Palacios-gavina-C-110-700x441.jpg 700w\" sizes=\"(max-width: 320px) 100vw, 320px\" \/><\/a><\/div><\/div><div style=\"padding:5px;\" class=\"fusion-grid-column fusion-gallery-column fusion-gallery-column-6 hover-type-zoomin\"><div class=\"fusion-gallery-image\"><a href=\"https:\/\/afc.cat\/wp-content\/uploads\/2023\/12\/3-Francesca-Portoles-Braso-MIRADES-106.jpg\" data-title=\"3 &#8211; Francesca Portol\u00e9s Bras\u00f3 &#8211; MIRADES- 106\" title=\"3 &#8211; Francesca Portol\u00e9s Bras\u00f3 &#8211; MIRADES- 106\" rel=\"noreferrer\" data-rel=\"iLightbox[gallery_image_2]\" class=\"fusion-lightbox\" target=\"_self\"><img decoding=\"async\" src=\"https:\/\/afc.cat\/wp-content\/uploads\/2023\/12\/3-Francesca-Portoles-Braso-MIRADES-106-320x202.jpg\" width=\"320\" height=\"202\" alt=\"\" title=\"3 &#8211; Francesca Portol\u00e9s Bras\u00f3 &#8211; MIRADES- 106\" aria-label=\"3 &#8211; Francesca Portol\u00e9s Bras\u00f3 &#8211; MIRADES- 106\" class=\"img-responsive wp-image-35918 fusion-gallery-image-size-fixed\" \/><\/a><\/div><\/div><div style=\"padding:5px;\" class=\"fusion-grid-column fusion-gallery-column fusion-gallery-column-6 hover-type-zoomin\"><div class=\"fusion-gallery-image\"><a href=\"https:\/\/afc.cat\/wp-content\/uploads\/2023\/12\/4-Damia-Tous-Vazquez-pasant-el-tems-106.jpg\" data-title=\"4 &#8211; Dami\u00e0 Tous Vazquez &#8211; pasant el tems- 106\" title=\"4 &#8211; Dami\u00e0 Tous Vazquez &#8211; pasant el tems- 106\" rel=\"noreferrer\" data-rel=\"iLightbox[gallery_image_2]\" class=\"fusion-lightbox\" target=\"_self\"><img decoding=\"async\" src=\"https:\/\/afc.cat\/wp-content\/uploads\/2023\/12\/4-Damia-Tous-Vazquez-pasant-el-tems-106-320x202.jpg\" width=\"320\" height=\"202\" alt=\"\" title=\"4 &#8211; Dami\u00e0 Tous Vazquez &#8211; pasant el tems- 106\" aria-label=\"4 &#8211; Dami\u00e0 Tous Vazquez &#8211; pasant el tems- 106\" class=\"img-responsive wp-image-35920 fusion-gallery-image-size-fixed\" srcset=\"https:\/\/afc.cat\/wp-content\/uploads\/2023\/12\/4-Damia-Tous-Vazquez-pasant-el-tems-106-320x202.jpg 320w, https:\/\/afc.cat\/wp-content\/uploads\/2023\/12\/4-Damia-Tous-Vazquez-pasant-el-tems-106-700x441.jpg 700w\" sizes=\"(max-width: 320px) 100vw, 320px\" \/><\/a><\/div><\/div><div style=\"padding:5px;\" class=\"fusion-grid-column fusion-gallery-column fusion-gallery-column-6 hover-type-zoomin\"><div class=\"fusion-gallery-image\"><a href=\"https:\/\/afc.cat\/wp-content\/uploads\/2023\/12\/5-Joan-Soldevila-Adan-bernatpescaire-105.jpg\" data-title=\"5 &#8211; Joan Soldevila Ad\u00e1n &#8211; bernatpescaire- 105\" title=\"5 &#8211; Joan Soldevila Ad\u00e1n &#8211; bernatpescaire- 105\" rel=\"noreferrer\" data-rel=\"iLightbox[gallery_image_2]\" class=\"fusion-lightbox\" target=\"_self\"><img decoding=\"async\" src=\"https:\/\/afc.cat\/wp-content\/uploads\/2023\/12\/5-Joan-Soldevila-Adan-bernatpescaire-105-320x202.jpg\" width=\"320\" height=\"202\" alt=\"\" title=\"5 &#8211; Joan Soldevila Ad\u00e1n &#8211; bernatpescaire- 105\" aria-label=\"5 &#8211; Joan Soldevila Ad\u00e1n &#8211; bernatpescaire- 105\" class=\"img-responsive wp-image-35922 fusion-gallery-image-size-fixed\" srcset=\"https:\/\/afc.cat\/wp-content\/uploads\/2023\/12\/5-Joan-Soldevila-Adan-bernatpescaire-105-320x202.jpg 320w, https:\/\/afc.cat\/wp-content\/uploads\/2023\/12\/5-Joan-Soldevila-Adan-bernatpescaire-105-700x441.jpg 700w\" sizes=\"(max-width: 320px) 100vw, 320px\" \/><\/a><\/div><\/div><div style=\"padding:5px;\" class=\"fusion-grid-column fusion-gallery-column fusion-gallery-column-6 hover-type-zoomin\"><div class=\"fusion-gallery-image\"><a href=\"https:\/\/afc.cat\/wp-content\/uploads\/2023\/12\/6-Dolors-Ventura-Canellas-Esta-boonisima-105.jpg\" data-title=\"6 &#8211; Dolors Ventura Ca\u00f1ellas &#8211; Esta boonisima- 105\" title=\"6 &#8211; Dolors Ventura Ca\u00f1ellas &#8211; Esta boonisima- 105\" rel=\"noreferrer\" data-rel=\"iLightbox[gallery_image_2]\" class=\"fusion-lightbox\" target=\"_self\"><img decoding=\"async\" src=\"https:\/\/afc.cat\/wp-content\/uploads\/2023\/12\/6-Dolors-Ventura-Canellas-Esta-boonisima-105-320x202.jpg\" width=\"320\" height=\"202\" alt=\"\" title=\"6 &#8211; Dolors Ventura Ca\u00f1ellas &#8211; Esta boonisima- 105\" aria-label=\"6 &#8211; Dolors Ventura Ca\u00f1ellas &#8211; Esta boonisima- 105\" class=\"img-responsive wp-image-35924 fusion-gallery-image-size-fixed\" \/><\/a><\/div><\/div><div class=\"clearfix\"><\/div><div style=\"padding:5px;\" class=\"fusion-grid-column fusion-gallery-column fusion-gallery-column-6 hover-type-zoomin\"><div class=\"fusion-gallery-image\"><a href=\"https:\/\/afc.cat\/wp-content\/uploads\/2023\/12\/7-Sara-Assens-Mampel-coloms-104.jpg\" data-title=\"7 &#8211; Sara Assens Mampel &#8211; coloms- 104\" title=\"7 &#8211; Sara Assens Mampel &#8211; coloms- 104\" rel=\"noreferrer\" data-rel=\"iLightbox[gallery_image_2]\" class=\"fusion-lightbox\" target=\"_self\"><img decoding=\"async\" src=\"https:\/\/afc.cat\/wp-content\/uploads\/2023\/12\/7-Sara-Assens-Mampel-coloms-104-320x202.jpg\" width=\"320\" height=\"202\" alt=\"\" title=\"7 &#8211; Sara Assens Mampel &#8211; coloms- 104\" aria-label=\"7 &#8211; Sara Assens Mampel &#8211; coloms- 104\" class=\"img-responsive wp-image-35926 fusion-gallery-image-size-fixed\" srcset=\"https:\/\/afc.cat\/wp-content\/uploads\/2023\/12\/7-Sara-Assens-Mampel-coloms-104-320x202.jpg 320w, https:\/\/afc.cat\/wp-content\/uploads\/2023\/12\/7-Sara-Assens-Mampel-coloms-104-700x441.jpg 700w\" sizes=\"(max-width: 320px) 100vw, 320px\" \/><\/a><\/div><\/div><div style=\"padding:5px;\" class=\"fusion-grid-column fusion-gallery-column fusion-gallery-column-6 hover-type-zoomin\"><div class=\"fusion-gallery-image\"><a href=\"https:\/\/afc.cat\/wp-content\/uploads\/2023\/12\/8-Miquel-Cabre-Cotorra-amb-branca-de-lledoner-102.jpg\" data-title=\"8 &#8211; Miquel Cabr\u00e9 &#8211; Cotorra amb branca de lledoner- 102\" title=\"8 &#8211; Miquel Cabr\u00e9 &#8211; Cotorra amb branca de lledoner- 102\" rel=\"noreferrer\" data-rel=\"iLightbox[gallery_image_2]\" class=\"fusion-lightbox\" target=\"_self\"><img decoding=\"async\" src=\"https:\/\/afc.cat\/wp-content\/uploads\/2023\/12\/8-Miquel-Cabre-Cotorra-amb-branca-de-lledoner-102-320x202.jpg\" width=\"320\" height=\"202\" alt=\"\" title=\"8 &#8211; Miquel Cabr\u00e9 &#8211; Cotorra amb branca de lledoner- 102\" aria-label=\"8 &#8211; Miquel Cabr\u00e9 &#8211; Cotorra amb branca de lledoner- 102\" class=\"img-responsive wp-image-35928 fusion-gallery-image-size-fixed\" srcset=\"https:\/\/afc.cat\/wp-content\/uploads\/2023\/12\/8-Miquel-Cabre-Cotorra-amb-branca-de-lledoner-102-320x202.jpg 320w, https:\/\/afc.cat\/wp-content\/uploads\/2023\/12\/8-Miquel-Cabre-Cotorra-amb-branca-de-lledoner-102-700x441.jpg 700w\" sizes=\"(max-width: 320px) 100vw, 320px\" \/><\/a><\/div><\/div><div style=\"padding:5px;\" class=\"fusion-grid-column fusion-gallery-column fusion-gallery-column-6 hover-type-zoomin\"><div class=\"fusion-gallery-image\"><a href=\"https:\/\/afc.cat\/wp-content\/uploads\/2023\/12\/9-Santiago-Garcia-Cuadrado-Hey-colega-102.jpg\" data-title=\"9 &#8211; Santiago Garc\u00eda Cuadrado &#8211; Hey colega- 102\" title=\"9 &#8211; Santiago Garc\u00eda Cuadrado &#8211; Hey colega- 102\" rel=\"noreferrer\" data-rel=\"iLightbox[gallery_image_2]\" class=\"fusion-lightbox\" target=\"_self\"><img decoding=\"async\" src=\"https:\/\/afc.cat\/wp-content\/uploads\/2023\/12\/9-Santiago-Garcia-Cuadrado-Hey-colega-102-320x202.jpg\" width=\"320\" height=\"202\" alt=\"\" title=\"9 &#8211; Santiago Garc\u00eda Cuadrado &#8211; Hey colega- 102\" aria-label=\"9 &#8211; Santiago Garc\u00eda Cuadrado &#8211; Hey colega- 102\" class=\"img-responsive wp-image-35930 fusion-gallery-image-size-fixed\" srcset=\"https:\/\/afc.cat\/wp-content\/uploads\/2023\/12\/9-Santiago-Garcia-Cuadrado-Hey-colega-102-320x202.jpg 320w, https:\/\/afc.cat\/wp-content\/uploads\/2023\/12\/9-Santiago-Garcia-Cuadrado-Hey-colega-102-700x441.jpg 700w\" sizes=\"(max-width: 320px) 100vw, 320px\" \/><\/a><\/div><\/div><div style=\"padding:5px;\" class=\"fusion-grid-column fusion-gallery-column fusion-gallery-column-6 hover-type-zoomin\"><div class=\"fusion-gallery-image\"><a href=\"https:\/\/afc.cat\/wp-content\/uploads\/2023\/12\/10-Francesc-Soldevila-Animals-de-ciutat-2-101.jpg\" data-title=\"10 &#8211; Francesc Soldevila &#8211; Animals de ciutat-2- 101\" title=\"10 &#8211; Francesc Soldevila &#8211; Animals de ciutat-2- 101\" rel=\"noreferrer\" data-rel=\"iLightbox[gallery_image_2]\" class=\"fusion-lightbox\" target=\"_self\"><img decoding=\"async\" src=\"https:\/\/afc.cat\/wp-content\/uploads\/2023\/12\/10-Francesc-Soldevila-Animals-de-ciutat-2-101-320x202.jpg\" width=\"320\" height=\"202\" alt=\"\" title=\"10 &#8211; Francesc Soldevila &#8211; Animals de ciutat-2- 101\" aria-label=\"10 &#8211; Francesc Soldevila &#8211; Animals de ciutat-2- 101\" class=\"img-responsive wp-image-35932 fusion-gallery-image-size-fixed\" \/><\/a><\/div><\/div><div style=\"padding:5px;\" class=\"fusion-grid-column fusion-gallery-column fusion-gallery-column-6 hover-type-zoomin\"><div class=\"fusion-gallery-image\"><a href=\"https:\/\/afc.cat\/wp-content\/uploads\/2023\/12\/11-Josep-Maria-Bonjoch-Trilla-T.O.-Color-ANIMALS-DE-CIUTAT-Josep-Maria-Bonjoch-99.jpg\" data-title=\"11 &#8211; Josep Maria Bonjoch Trilla &#8211; T.O. Color ANIMALS DE CIUTAT Josep Maria Bonjoch- 99\" title=\"11 &#8211; Josep Maria Bonjoch Trilla &#8211; T.O. Color ANIMALS DE CIUTAT Josep Maria Bonjoch- 99\" rel=\"noreferrer\" data-rel=\"iLightbox[gallery_image_2]\" class=\"fusion-lightbox\" target=\"_self\"><img decoding=\"async\" src=\"https:\/\/afc.cat\/wp-content\/uploads\/2023\/12\/11-Josep-Maria-Bonjoch-Trilla-T.O.-Color-ANIMALS-DE-CIUTAT-Josep-Maria-Bonjoch-99-320x202.jpg\" width=\"320\" height=\"202\" alt=\"\" title=\"11 &#8211; Josep Maria Bonjoch Trilla &#8211; T.O. Color ANIMALS DE CIUTAT Josep Maria Bonjoch- 99\" aria-label=\"11 &#8211; Josep Maria Bonjoch Trilla &#8211; T.O. Color ANIMALS DE CIUTAT Josep Maria Bonjoch- 99\" class=\"img-responsive wp-image-35934 fusion-gallery-image-size-fixed\" srcset=\"https:\/\/afc.cat\/wp-content\/uploads\/2023\/12\/11-Josep-Maria-Bonjoch-Trilla-T.O.-Color-ANIMALS-DE-CIUTAT-Josep-Maria-Bonjoch-99-320x202.jpg 320w, https:\/\/afc.cat\/wp-content\/uploads\/2023\/12\/11-Josep-Maria-Bonjoch-Trilla-T.O.-Color-ANIMALS-DE-CIUTAT-Josep-Maria-Bonjoch-99-700x441.jpg 700w\" sizes=\"(max-width: 320px) 100vw, 320px\" \/><\/a><\/div><\/div><div style=\"padding:5px;\" class=\"fusion-grid-column fusion-gallery-column fusion-gallery-column-6 hover-type-zoomin\"><div class=\"fusion-gallery-image\"><a href=\"https:\/\/afc.cat\/wp-content\/uploads\/2023\/12\/12-Esperanca-Sanz-Marin-tres-i-tres-99.jpg\" data-title=\"12 &#8211; Esperan\u00e7a Sanz Marin &#8211; tres i tres- 99\" title=\"12 &#8211; Esperan\u00e7a Sanz Marin &#8211; tres i tres- 99\" rel=\"noreferrer\" data-rel=\"iLightbox[gallery_image_2]\" class=\"fusion-lightbox\" target=\"_self\"><img decoding=\"async\" src=\"https:\/\/afc.cat\/wp-content\/uploads\/2023\/12\/12-Esperanca-Sanz-Marin-tres-i-tres-99-320x202.jpg\" width=\"320\" height=\"202\" alt=\"\" title=\"12 &#8211; Esperan\u00e7a Sanz Marin &#8211; tres i tres- 99\" aria-label=\"12 &#8211; Esperan\u00e7a Sanz Marin &#8211; tres i tres- 99\" class=\"img-responsive wp-image-35936 fusion-gallery-image-size-fixed\" srcset=\"https:\/\/afc.cat\/wp-content\/uploads\/2023\/12\/12-Esperanca-Sanz-Marin-tres-i-tres-99-320x202.jpg 320w, https:\/\/afc.cat\/wp-content\/uploads\/2023\/12\/12-Esperanca-Sanz-Marin-tres-i-tres-99-700x441.jpg 700w\" sizes=\"(max-width: 320px) 100vw, 320px\" \/><\/a><\/div><\/div><div class=\"clearfix\"><\/div><div style=\"padding:5px;\" class=\"fusion-grid-column fusion-gallery-column fusion-gallery-column-6 hover-type-zoomin\"><div class=\"fusion-gallery-image\"><a href=\"https:\/\/afc.cat\/wp-content\/uploads\/2023\/12\/13-Joan-Rue-Domingo-Atent-al-menu-98.jpg\" data-title=\"13 &#8211; Joan Ru\u00e9 Domingo &#8211; Atent al menu- 98\" title=\"13 &#8211; Joan Ru\u00e9 Domingo &#8211; Atent al menu- 98\" rel=\"noreferrer\" data-rel=\"iLightbox[gallery_image_2]\" class=\"fusion-lightbox\" target=\"_self\"><img decoding=\"async\" src=\"https:\/\/afc.cat\/wp-content\/uploads\/2023\/12\/13-Joan-Rue-Domingo-Atent-al-menu-98-320x202.jpg\" width=\"320\" height=\"202\" alt=\"\" title=\"13 &#8211; Joan Ru\u00e9 Domingo &#8211; Atent al menu- 98\" aria-label=\"13 &#8211; Joan Ru\u00e9 Domingo &#8211; Atent al menu- 98\" class=\"img-responsive wp-image-35938 fusion-gallery-image-size-fixed\" srcset=\"https:\/\/afc.cat\/wp-content\/uploads\/2023\/12\/13-Joan-Rue-Domingo-Atent-al-menu-98-320x202.jpg 320w, https:\/\/afc.cat\/wp-content\/uploads\/2023\/12\/13-Joan-Rue-Domingo-Atent-al-menu-98-700x441.jpg 700w\" sizes=\"(max-width: 320px) 100vw, 320px\" \/><\/a><\/div><\/div><div style=\"padding:5px;\" class=\"fusion-grid-column fusion-gallery-column fusion-gallery-column-6 hover-type-zoomin\"><div class=\"fusion-gallery-image\"><a href=\"https:\/\/afc.cat\/wp-content\/uploads\/2023\/12\/14-Gloria-Tatxe-Salas-En-quin-cap-cap-97.jpg\" data-title=\"14 &#8211; Gloria Tatx\u00e9 Salas &#8211; En quin cap cap- 97\" title=\"14 &#8211; Gloria Tatx\u00e9 Salas &#8211; En quin cap cap- 97\" rel=\"noreferrer\" data-rel=\"iLightbox[gallery_image_2]\" class=\"fusion-lightbox\" target=\"_self\"><img decoding=\"async\" src=\"https:\/\/afc.cat\/wp-content\/uploads\/2023\/12\/14-Gloria-Tatxe-Salas-En-quin-cap-cap-97-320x202.jpg\" width=\"320\" height=\"202\" alt=\"\" title=\"14 &#8211; Gloria Tatx\u00e9 Salas &#8211; En quin cap cap- 97\" aria-label=\"14 &#8211; Gloria Tatx\u00e9 Salas &#8211; En quin cap cap- 97\" class=\"img-responsive wp-image-35940 fusion-gallery-image-size-fixed\" \/><\/a><\/div><\/div><div style=\"padding:5px;\" class=\"fusion-grid-column fusion-gallery-column fusion-gallery-column-6 hover-type-zoomin\"><div class=\"fusion-gallery-image\"><a href=\"https:\/\/afc.cat\/wp-content\/uploads\/2023\/12\/15-Anna-Barnes-Guillen-SANT-MEDIR-97.jpg\" data-title=\"15 &#8211; Anna Barn\u00e9s Guill\u00e9n &#8211; SANT MEDIR- 97\" title=\"15 &#8211; Anna Barn\u00e9s Guill\u00e9n &#8211; SANT MEDIR- 97\" rel=\"noreferrer\" data-rel=\"iLightbox[gallery_image_2]\" class=\"fusion-lightbox\" target=\"_self\"><img decoding=\"async\" src=\"https:\/\/afc.cat\/wp-content\/uploads\/2023\/12\/15-Anna-Barnes-Guillen-SANT-MEDIR-97-320x202.jpg\" width=\"320\" height=\"202\" alt=\"\" title=\"15 &#8211; Anna Barn\u00e9s Guill\u00e9n &#8211; SANT MEDIR- 97\" aria-label=\"15 &#8211; Anna Barn\u00e9s Guill\u00e9n &#8211; SANT MEDIR- 97\" class=\"img-responsive wp-image-35942 fusion-gallery-image-size-fixed\" srcset=\"https:\/\/afc.cat\/wp-content\/uploads\/2023\/12\/15-Anna-Barnes-Guillen-SANT-MEDIR-97-320x202.jpg 320w, https:\/\/afc.cat\/wp-content\/uploads\/2023\/12\/15-Anna-Barnes-Guillen-SANT-MEDIR-97-700x441.jpg 700w\" sizes=\"(max-width: 320px) 100vw, 320px\" \/><\/a><\/div><\/div><div style=\"padding:5px;\" class=\"fusion-grid-column fusion-gallery-column fusion-gallery-column-6 hover-type-zoomin\"><div class=\"fusion-gallery-image\"><a href=\"https:\/\/afc.cat\/wp-content\/uploads\/2023\/12\/16-Xavier-Bou-Salazar-ben-tapat-C-96.jpg\" data-title=\"16 &#8211; Xavier Bou Salazar &#8211; ben tapat C- 96\" title=\"16 &#8211; Xavier Bou Salazar &#8211; ben tapat C- 96\" rel=\"noreferrer\" data-rel=\"iLightbox[gallery_image_2]\" class=\"fusion-lightbox\" target=\"_self\"><img decoding=\"async\" src=\"https:\/\/afc.cat\/wp-content\/uploads\/2023\/12\/16-Xavier-Bou-Salazar-ben-tapat-C-96-320x202.jpg\" width=\"320\" height=\"202\" alt=\"\" title=\"16 &#8211; Xavier Bou Salazar &#8211; ben tapat C- 96\" aria-label=\"16 &#8211; Xavier Bou Salazar &#8211; ben tapat C- 96\" class=\"img-responsive wp-image-35944 fusion-gallery-image-size-fixed\" srcset=\"https:\/\/afc.cat\/wp-content\/uploads\/2023\/12\/16-Xavier-Bou-Salazar-ben-tapat-C-96-320x202.jpg 320w, https:\/\/afc.cat\/wp-content\/uploads\/2023\/12\/16-Xavier-Bou-Salazar-ben-tapat-C-96-700x441.jpg 700w\" sizes=\"(max-width: 320px) 100vw, 320px\" \/><\/a><\/div><\/div><div style=\"padding:5px;\" class=\"fusion-grid-column fusion-gallery-column fusion-gallery-column-6 hover-type-zoomin\"><div class=\"fusion-gallery-image\"><a href=\"https:\/\/afc.cat\/wp-content\/uploads\/2023\/12\/17-Josep-Suarez-Torrellas-Salutacio-cordial-96.jpg\" data-title=\"17 &#8211; Josep Suarez Torrellas &#8211; Salutacio cordial- 96\" title=\"17 &#8211; Josep Suarez Torrellas &#8211; Salutacio cordial- 96\" rel=\"noreferrer\" data-rel=\"iLightbox[gallery_image_2]\" class=\"fusion-lightbox\" target=\"_self\"><img decoding=\"async\" src=\"https:\/\/afc.cat\/wp-content\/uploads\/2023\/12\/17-Josep-Suarez-Torrellas-Salutacio-cordial-96-320x202.jpg\" width=\"320\" height=\"202\" alt=\"\" title=\"17 &#8211; Josep Suarez Torrellas &#8211; Salutacio cordial- 96\" aria-label=\"17 &#8211; Josep Suarez Torrellas &#8211; Salutacio cordial- 96\" class=\"img-responsive wp-image-35946 fusion-gallery-image-size-fixed\" srcset=\"https:\/\/afc.cat\/wp-content\/uploads\/2023\/12\/17-Josep-Suarez-Torrellas-Salutacio-cordial-96-320x202.jpg 320w, https:\/\/afc.cat\/wp-content\/uploads\/2023\/12\/17-Josep-Suarez-Torrellas-Salutacio-cordial-96-700x441.jpg 700w\" sizes=\"(max-width: 320px) 100vw, 320px\" \/><\/a><\/div><\/div><div style=\"padding:5px;\" class=\"fusion-grid-column fusion-gallery-column fusion-gallery-column-6 hover-type-zoomin\"><div class=\"fusion-gallery-image\"><a href=\"https:\/\/afc.cat\/wp-content\/uploads\/2023\/12\/18-Josep-Soler-Vendrell-GOSSOS-FAMILIARS-95.jpg\" data-title=\"18 &#8211; Josep Soler Vendrell &#8211; GOSSOS FAMILIARS- 95\" title=\"18 &#8211; Josep Soler Vendrell &#8211; GOSSOS FAMILIARS- 95\" rel=\"noreferrer\" data-rel=\"iLightbox[gallery_image_2]\" class=\"fusion-lightbox\" target=\"_self\"><img decoding=\"async\" src=\"https:\/\/afc.cat\/wp-content\/uploads\/2023\/12\/18-Josep-Soler-Vendrell-GOSSOS-FAMILIARS-95-320x202.jpg\" width=\"320\" height=\"202\" alt=\"\" title=\"18 &#8211; Josep Soler Vendrell &#8211; GOSSOS FAMILIARS- 95\" aria-label=\"18 &#8211; Josep Soler Vendrell &#8211; GOSSOS FAMILIARS- 95\" class=\"img-responsive wp-image-35948 fusion-gallery-image-size-fixed\" srcset=\"https:\/\/afc.cat\/wp-content\/uploads\/2023\/12\/18-Josep-Soler-Vendrell-GOSSOS-FAMILIARS-95-320x202.jpg 320w, https:\/\/afc.cat\/wp-content\/uploads\/2023\/12\/18-Josep-Soler-Vendrell-GOSSOS-FAMILIARS-95-700x441.jpg 700w\" sizes=\"(max-width: 320px) 100vw, 320px\" \/><\/a><\/div><\/div><div class=\"clearfix\"><\/div><div style=\"padding:5px;\" class=\"fusion-grid-column fusion-gallery-column fusion-gallery-column-6 hover-type-zoomin\"><div class=\"fusion-gallery-image\"><a href=\"https:\/\/afc.cat\/wp-content\/uploads\/2023\/12\/19-Merce-Rios-Bejar-Gavina-Parc-Merce-Rios-PC111347-94.jpg\" data-title=\"19 &#8211; Merc\u00e8 R\u00edos Bejar &#8211; Gavina Parc -Merce Rios-PC111347- 94\" title=\"19 &#8211; Merc\u00e8 R\u00edos Bejar &#8211; Gavina Parc -Merce Rios-PC111347- 94\" rel=\"noreferrer\" data-rel=\"iLightbox[gallery_image_2]\" class=\"fusion-lightbox\" target=\"_self\"><img decoding=\"async\" src=\"https:\/\/afc.cat\/wp-content\/uploads\/2023\/12\/19-Merce-Rios-Bejar-Gavina-Parc-Merce-Rios-PC111347-94-320x202.jpg\" width=\"320\" height=\"202\" alt=\"\" title=\"19 &#8211; Merc\u00e8 R\u00edos Bejar &#8211; Gavina Parc -Merce Rios-PC111347- 94\" aria-label=\"19 &#8211; Merc\u00e8 R\u00edos Bejar &#8211; Gavina Parc -Merce Rios-PC111347- 94\" class=\"img-responsive wp-image-35950 fusion-gallery-image-size-fixed\" srcset=\"https:\/\/afc.cat\/wp-content\/uploads\/2023\/12\/19-Merce-Rios-Bejar-Gavina-Parc-Merce-Rios-PC111347-94-320x202.jpg 320w, https:\/\/afc.cat\/wp-content\/uploads\/2023\/12\/19-Merce-Rios-Bejar-Gavina-Parc-Merce-Rios-PC111347-94-695x441.jpg 695w\" sizes=\"(max-width: 320px) 100vw, 320px\" \/><\/a><\/div><\/div><div style=\"padding:5px;\" class=\"fusion-grid-column fusion-gallery-column fusion-gallery-column-6 hover-type-zoomin\"><div class=\"fusion-gallery-image\"><a href=\"https:\/\/afc.cat\/wp-content\/uploads\/2023\/12\/20-Francisco-Olmos-Cubero-Las-Ocas-del-Claustro-94.jpg\" data-title=\"20 &#8211; Francisco Olmos Cubero &#8211; Las Ocas del Claustro- 94\" title=\"20 &#8211; Francisco Olmos Cubero &#8211; Las Ocas del Claustro- 94\" rel=\"noreferrer\" data-rel=\"iLightbox[gallery_image_2]\" class=\"fusion-lightbox\" target=\"_self\"><img decoding=\"async\" src=\"https:\/\/afc.cat\/wp-content\/uploads\/2023\/12\/20-Francisco-Olmos-Cubero-Las-Ocas-del-Claustro-94-320x202.jpg\" width=\"320\" height=\"202\" alt=\"\" title=\"20 &#8211; Francisco Olmos Cubero &#8211; Las Ocas del Claustro- 94\" aria-label=\"20 &#8211; Francisco Olmos Cubero &#8211; Las Ocas del Claustro- 94\" class=\"img-responsive wp-image-35952 fusion-gallery-image-size-fixed\" \/><\/a><\/div><\/div><div style=\"padding:5px;\" class=\"fusion-grid-column fusion-gallery-column fusion-gallery-column-6 hover-type-zoomin\"><div class=\"fusion-gallery-image\"><a href=\"https:\/\/afc.cat\/wp-content\/uploads\/2023\/12\/21-Teresa-Tejero-Lopez-Macromosca-92.jpg\" data-title=\"21 &#8211; Teresa Tejero Lopez &#8211; Macromosca- 92\" title=\"21 &#8211; Teresa Tejero Lopez &#8211; Macromosca- 92\" rel=\"noreferrer\" data-rel=\"iLightbox[gallery_image_2]\" class=\"fusion-lightbox\" target=\"_self\"><img decoding=\"async\" src=\"https:\/\/afc.cat\/wp-content\/uploads\/2023\/12\/21-Teresa-Tejero-Lopez-Macromosca-92-320x202.jpg\" width=\"320\" height=\"202\" alt=\"\" title=\"21 &#8211; Teresa Tejero Lopez &#8211; Macromosca- 92\" aria-label=\"21 &#8211; Teresa Tejero Lopez &#8211; Macromosca- 92\" class=\"img-responsive wp-image-35954 fusion-gallery-image-size-fixed\" \/><\/a><\/div><\/div><div style=\"padding:5px;\" class=\"fusion-grid-column fusion-gallery-column fusion-gallery-column-6 hover-type-zoomin\"><div class=\"fusion-gallery-image\"><a href=\"https:\/\/afc.cat\/wp-content\/uploads\/2023\/12\/22-Enric-Terradas-Pujol-Me-la-llences-92.jpg\" data-title=\"22 &#8211; Enric Terradas Pujol &#8211; Me la llences- 92\" title=\"22 &#8211; Enric Terradas Pujol &#8211; Me la llences- 92\" rel=\"noreferrer\" data-rel=\"iLightbox[gallery_image_2]\" class=\"fusion-lightbox\" target=\"_self\"><img decoding=\"async\" src=\"https:\/\/afc.cat\/wp-content\/uploads\/2023\/12\/22-Enric-Terradas-Pujol-Me-la-llences-92-320x202.jpg\" width=\"320\" height=\"202\" alt=\"\" title=\"22 &#8211; Enric Terradas Pujol &#8211; Me la llences- 92\" aria-label=\"22 &#8211; Enric Terradas Pujol &#8211; Me la llences- 92\" class=\"img-responsive wp-image-35956 fusion-gallery-image-size-fixed\" srcset=\"https:\/\/afc.cat\/wp-content\/uploads\/2023\/12\/22-Enric-Terradas-Pujol-Me-la-llences-92-320x202.jpg 320w, https:\/\/afc.cat\/wp-content\/uploads\/2023\/12\/22-Enric-Terradas-Pujol-Me-la-llences-92-700x441.jpg 700w\" sizes=\"(max-width: 320px) 100vw, 320px\" \/><\/a><\/div><\/div><div style=\"padding:5px;\" class=\"fusion-grid-column fusion-gallery-column fusion-gallery-column-6 hover-type-zoomin\"><div class=\"fusion-gallery-image\"><a href=\"https:\/\/afc.cat\/wp-content\/uploads\/2023\/12\/23-Albert-Folch-Navalon-Gat-a-la-terrassa-91.jpg\" data-title=\"23 &#8211; Albert Folch Naval\u00f3n &#8211; Gat a la terrassa- 91\" title=\"23 &#8211; Albert Folch Naval\u00f3n &#8211; Gat a la terrassa- 91\" rel=\"noreferrer\" data-rel=\"iLightbox[gallery_image_2]\" class=\"fusion-lightbox\" target=\"_self\"><img decoding=\"async\" src=\"https:\/\/afc.cat\/wp-content\/uploads\/2023\/12\/23-Albert-Folch-Navalon-Gat-a-la-terrassa-91-320x202.jpg\" width=\"320\" height=\"202\" alt=\"\" title=\"23 &#8211; Albert Folch Naval\u00f3n &#8211; Gat a la terrassa- 91\" aria-label=\"23 &#8211; Albert Folch Naval\u00f3n &#8211; Gat a la terrassa- 91\" class=\"img-responsive wp-image-35958 fusion-gallery-image-size-fixed\" srcset=\"https:\/\/afc.cat\/wp-content\/uploads\/2023\/12\/23-Albert-Folch-Navalon-Gat-a-la-terrassa-91-320x202.jpg 320w, https:\/\/afc.cat\/wp-content\/uploads\/2023\/12\/23-Albert-Folch-Navalon-Gat-a-la-terrassa-91-700x441.jpg 700w\" sizes=\"(max-width: 320px) 100vw, 320px\" \/><\/a><\/div><\/div><div style=\"padding:5px;\" class=\"fusion-grid-column fusion-gallery-column fusion-gallery-column-6 hover-type-zoomin\"><div class=\"fusion-gallery-image\"><a href=\"https:\/\/afc.cat\/wp-content\/uploads\/2023\/12\/24-Carme-Mur-Calvo-Refugi-90.jpg\" data-title=\"24 &#8211; Carme Mur Calv\u00f3 &#8211; Refugi- 90\" title=\"24 &#8211; Carme Mur Calv\u00f3 &#8211; Refugi- 90\" rel=\"noreferrer\" data-rel=\"iLightbox[gallery_image_2]\" class=\"fusion-lightbox\" target=\"_self\"><img decoding=\"async\" src=\"https:\/\/afc.cat\/wp-content\/uploads\/2023\/12\/24-Carme-Mur-Calvo-Refugi-90-320x202.jpg\" width=\"320\" height=\"202\" alt=\"\" title=\"24 &#8211; Carme Mur Calv\u00f3 &#8211; Refugi- 90\" aria-label=\"24 &#8211; Carme Mur Calv\u00f3 &#8211; Refugi- 90\" class=\"img-responsive wp-image-35960 fusion-gallery-image-size-fixed\" \/><\/a><\/div><\/div><div class=\"clearfix\"><\/div><div style=\"padding:5px;\" class=\"fusion-grid-column fusion-gallery-column fusion-gallery-column-6 hover-type-zoomin\"><div class=\"fusion-gallery-image\"><a href=\"https:\/\/afc.cat\/wp-content\/uploads\/2023\/12\/25-Rosa-Cristofol-Martinez-Aqui-estic-jo-89.jpg\" data-title=\"25 &#8211; Rosa Crist\u00f2fol Mart\u00ednez &#8211; Aqui estic jo- 89\" title=\"25 &#8211; Rosa Crist\u00f2fol Mart\u00ednez &#8211; Aqui estic jo- 89\" rel=\"noreferrer\" data-rel=\"iLightbox[gallery_image_2]\" class=\"fusion-lightbox\" target=\"_self\"><img decoding=\"async\" src=\"https:\/\/afc.cat\/wp-content\/uploads\/2023\/12\/25-Rosa-Cristofol-Martinez-Aqui-estic-jo-89-320x202.jpg\" width=\"320\" height=\"202\" alt=\"\" title=\"25 &#8211; Rosa Crist\u00f2fol Mart\u00ednez &#8211; Aqui estic jo- 89\" aria-label=\"25 &#8211; Rosa Crist\u00f2fol Mart\u00ednez &#8211; Aqui estic jo- 89\" class=\"img-responsive wp-image-35962 fusion-gallery-image-size-fixed\" \/><\/a><\/div><\/div><div style=\"padding:5px;\" class=\"fusion-grid-column fusion-gallery-column fusion-gallery-column-6 hover-type-zoomin\"><div class=\"fusion-gallery-image\"><a href=\"https:\/\/afc.cat\/wp-content\/uploads\/2023\/12\/26-XAVIER-RICOL-DOLSET-DSC04291-ARW_DxO_DeepPRIMEXD-2-89.jpg\" data-title=\"26 &#8211; XAVIER RICOL DOLSET &#8211; DSC04291-ARW_DxO_DeepPRIMEXD-2- 89\" title=\"26 &#8211; XAVIER RICOL DOLSET &#8211; DSC04291-ARW_DxO_DeepPRIMEXD-2- 89\" rel=\"noreferrer\" data-rel=\"iLightbox[gallery_image_2]\" class=\"fusion-lightbox\" target=\"_self\"><img decoding=\"async\" src=\"https:\/\/afc.cat\/wp-content\/uploads\/2023\/12\/26-XAVIER-RICOL-DOLSET-DSC04291-ARW_DxO_DeepPRIMEXD-2-89-320x202.jpg\" width=\"320\" height=\"202\" alt=\"\" title=\"26 &#8211; XAVIER RICOL DOLSET &#8211; DSC04291-ARW_DxO_DeepPRIMEXD-2- 89\" aria-label=\"26 &#8211; XAVIER RICOL DOLSET &#8211; DSC04291-ARW_DxO_DeepPRIMEXD-2- 89\" class=\"img-responsive wp-image-35964 fusion-gallery-image-size-fixed\" srcset=\"https:\/\/afc.cat\/wp-content\/uploads\/2023\/12\/26-XAVIER-RICOL-DOLSET-DSC04291-ARW_DxO_DeepPRIMEXD-2-89-320x202.jpg 320w, https:\/\/afc.cat\/wp-content\/uploads\/2023\/12\/26-XAVIER-RICOL-DOLSET-DSC04291-ARW_DxO_DeepPRIMEXD-2-89-700x441.jpg 700w\" sizes=\"(max-width: 320px) 100vw, 320px\" \/><\/a><\/div><\/div><div style=\"padding:5px;\" class=\"fusion-grid-column fusion-gallery-column fusion-gallery-column-6 hover-type-zoomin\"><div class=\"fusion-gallery-image\"><a href=\"https:\/\/afc.cat\/wp-content\/uploads\/2023\/12\/27-Carmen-Casademont-Ribot-A-menjar-86.jpg\" data-title=\"27 &#8211; Carmen Casademont Ribot &#8211; A menjar!- 86\" title=\"27 &#8211; Carmen Casademont Ribot &#8211; A menjar!- 86\" rel=\"noreferrer\" data-rel=\"iLightbox[gallery_image_2]\" class=\"fusion-lightbox\" target=\"_self\"><img decoding=\"async\" src=\"https:\/\/afc.cat\/wp-content\/uploads\/2023\/12\/27-Carmen-Casademont-Ribot-A-menjar-86-320x202.jpg\" width=\"320\" height=\"202\" alt=\"\" title=\"27 &#8211; Carmen Casademont Ribot &#8211; A menjar!- 86\" aria-label=\"27 &#8211; Carmen Casademont Ribot &#8211; A menjar!- 86\" class=\"img-responsive wp-image-35966 fusion-gallery-image-size-fixed\" \/><\/a><\/div><\/div><div style=\"padding:5px;\" class=\"fusion-grid-column fusion-gallery-column fusion-gallery-column-6 hover-type-zoomin\"><div class=\"fusion-gallery-image\"><a href=\"https:\/\/afc.cat\/wp-content\/uploads\/2024\/01\/28-Adolfo-Garcia-Bastard-A-l-estenedor-86.jpg\" data-title=\"28 &#8211; Adolfo Garcia Bastard &#8211; A l estenedor- 86\" title=\"28 &#8211; Adolfo Garcia Bastard &#8211; A l estenedor- 86\" rel=\"noreferrer\" data-rel=\"iLightbox[gallery_image_2]\" class=\"fusion-lightbox\" target=\"_self\"><img decoding=\"async\" src=\"https:\/\/afc.cat\/wp-content\/uploads\/2024\/01\/28-Adolfo-Garcia-Bastard-A-l-estenedor-86-320x202.jpg\" width=\"320\" height=\"202\" alt=\"\" title=\"28 &#8211; Adolfo Garcia Bastard &#8211; A l estenedor- 86\" aria-label=\"28 &#8211; Adolfo Garcia Bastard &#8211; A l estenedor- 86\" class=\"img-responsive wp-image-36381 fusion-gallery-image-size-fixed\" srcset=\"https:\/\/afc.cat\/wp-content\/uploads\/2024\/01\/28-Adolfo-Garcia-Bastard-A-l-estenedor-86-320x202.jpg 320w, https:\/\/afc.cat\/wp-content\/uploads\/2024\/01\/28-Adolfo-Garcia-Bastard-A-l-estenedor-86-700x441.jpg 700w\" sizes=\"(max-width: 320px) 100vw, 320px\" \/><\/a><\/div><\/div><div style=\"padding:5px;\" class=\"fusion-grid-column fusion-gallery-column fusion-gallery-column-6 hover-type-zoomin\"><div class=\"fusion-gallery-image\"><a href=\"https:\/\/afc.cat\/wp-content\/uploads\/2024\/01\/29-Albert-Canellas-Xarau-HAPPY-85.jpg\" data-title=\"29 &#8211; Albert Ca\u00f1ellas Xarau &#8211; HAPPY- 85\" title=\"29 &#8211; Albert Ca\u00f1ellas Xarau &#8211; HAPPY- 85\" rel=\"noreferrer\" data-rel=\"iLightbox[gallery_image_2]\" class=\"fusion-lightbox\" target=\"_self\"><img decoding=\"async\" src=\"https:\/\/afc.cat\/wp-content\/uploads\/2024\/01\/29-Albert-Canellas-Xarau-HAPPY-85-320x202.jpg\" width=\"320\" height=\"202\" alt=\"\" title=\"29 &#8211; Albert Ca\u00f1ellas Xarau &#8211; HAPPY- 85\" aria-label=\"29 &#8211; Albert Ca\u00f1ellas Xarau &#8211; HAPPY- 85\" class=\"img-responsive wp-image-36383 fusion-gallery-image-size-fixed\" srcset=\"https:\/\/afc.cat\/wp-content\/uploads\/2024\/01\/29-Albert-Canellas-Xarau-HAPPY-85-320x202.jpg 320w, https:\/\/afc.cat\/wp-content\/uploads\/2024\/01\/29-Albert-Canellas-Xarau-HAPPY-85-700x441.jpg 700w\" sizes=\"(max-width: 320px) 100vw, 320px\" \/><\/a><\/div><\/div><div style=\"padding:5px;\" class=\"fusion-grid-column fusion-gallery-column fusion-gallery-column-6 hover-type-zoomin\"><div class=\"fusion-gallery-image\"><a href=\"https:\/\/afc.cat\/wp-content\/uploads\/2024\/01\/30-Pere-Josep-Sanchez-Romero-LLIURE-85.jpg\" data-title=\"30 &#8211; Pere Josep S\u00e1nchez Romero &#8211; LLIURE- 85\" title=\"30 &#8211; Pere Josep S\u00e1nchez Romero &#8211; LLIURE- 85\" rel=\"noreferrer\" data-rel=\"iLightbox[gallery_image_2]\" class=\"fusion-lightbox\" target=\"_self\"><img decoding=\"async\" src=\"https:\/\/afc.cat\/wp-content\/uploads\/2024\/01\/30-Pere-Josep-Sanchez-Romero-LLIURE-85-320x202.jpg\" width=\"320\" height=\"202\" alt=\"\" title=\"30 &#8211; Pere Josep S\u00e1nchez Romero &#8211; LLIURE- 85\" aria-label=\"30 &#8211; Pere Josep S\u00e1nchez Romero &#8211; LLIURE- 85\" class=\"img-responsive wp-image-36385 fusion-gallery-image-size-fixed\" srcset=\"https:\/\/afc.cat\/wp-content\/uploads\/2024\/01\/30-Pere-Josep-Sanchez-Romero-LLIURE-85-320x202.jpg 320w, https:\/\/afc.cat\/wp-content\/uploads\/2024\/01\/30-Pere-Josep-Sanchez-Romero-LLIURE-85-700x441.jpg 700w\" sizes=\"(max-width: 320px) 100vw, 320px\" \/><\/a><\/div><\/div><div class=\"clearfix\"><\/div><div style=\"padding:5px;\" class=\"fusion-grid-column fusion-gallery-column fusion-gallery-column-6 hover-type-zoomin\"><div class=\"fusion-gallery-image\"><a href=\"https:\/\/afc.cat\/wp-content\/uploads\/2024\/01\/31-David-Penarroya-Hernandez-Uauuu-84.jpg\" data-title=\"31 &#8211; David Pe\u00f1arroya Hernandez &#8211; Uauuu- 84\" title=\"31 &#8211; David Pe\u00f1arroya Hernandez &#8211; Uauuu- 84\" rel=\"noreferrer\" data-rel=\"iLightbox[gallery_image_2]\" class=\"fusion-lightbox\" target=\"_self\"><img decoding=\"async\" src=\"https:\/\/afc.cat\/wp-content\/uploads\/2024\/01\/31-David-Penarroya-Hernandez-Uauuu-84-320x202.jpg\" width=\"320\" height=\"202\" alt=\"\" title=\"31 &#8211; David Pe\u00f1arroya Hernandez &#8211; Uauuu- 84\" aria-label=\"31 &#8211; David Pe\u00f1arroya Hernandez &#8211; Uauuu- 84\" class=\"img-responsive wp-image-36387 fusion-gallery-image-size-fixed\" srcset=\"https:\/\/afc.cat\/wp-content\/uploads\/2024\/01\/31-David-Penarroya-Hernandez-Uauuu-84-320x202.jpg 320w, https:\/\/afc.cat\/wp-content\/uploads\/2024\/01\/31-David-Penarroya-Hernandez-Uauuu-84-700x441.jpg 700w\" sizes=\"(max-width: 320px) 100vw, 320px\" \/><\/a><\/div><\/div><div style=\"padding:5px;\" class=\"fusion-grid-column fusion-gallery-column fusion-gallery-column-6 hover-type-zoomin\"><div class=\"fusion-gallery-image\"><a href=\"https:\/\/afc.cat\/wp-content\/uploads\/2024\/01\/32-Nuria-Noguera-German-Un-dels-milers-83.jpg\" data-title=\"32 &#8211; N\u00faria Noguera German &#8211; Un dels milers- 83\" title=\"32 &#8211; N\u00faria Noguera German &#8211; Un dels milers- 83\" rel=\"noreferrer\" data-rel=\"iLightbox[gallery_image_2]\" class=\"fusion-lightbox\" target=\"_self\"><img decoding=\"async\" src=\"https:\/\/afc.cat\/wp-content\/uploads\/2024\/01\/32-Nuria-Noguera-German-Un-dels-milers-83-320x202.jpg\" width=\"320\" height=\"202\" alt=\"\" title=\"32 &#8211; N\u00faria Noguera German &#8211; Un dels milers- 83\" aria-label=\"32 &#8211; N\u00faria Noguera German &#8211; Un dels milers- 83\" class=\"img-responsive wp-image-36389 fusion-gallery-image-size-fixed\" srcset=\"https:\/\/afc.cat\/wp-content\/uploads\/2024\/01\/32-Nuria-Noguera-German-Un-dels-milers-83-320x202.jpg 320w, https:\/\/afc.cat\/wp-content\/uploads\/2024\/01\/32-Nuria-Noguera-German-Un-dels-milers-83-700x441.jpg 700w\" sizes=\"(max-width: 320px) 100vw, 320px\" \/><\/a><\/div><\/div><div style=\"padding:5px;\" class=\"fusion-grid-column fusion-gallery-column fusion-gallery-column-6 hover-type-zoomin\"><div class=\"fusion-gallery-image\"><a href=\"https:\/\/afc.cat\/wp-content\/uploads\/2024\/01\/33-Lluis-Porcel-Gimenez-PB254938-82.jpg\" data-title=\"33 &#8211; Llu\u00eds Porcel Gim\u00e9nez &#8211; PB254938- 82\" title=\"33 &#8211; Llu\u00eds Porcel Gim\u00e9nez &#8211; PB254938- 82\" rel=\"noreferrer\" data-rel=\"iLightbox[gallery_image_2]\" class=\"fusion-lightbox\" target=\"_self\"><img decoding=\"async\" src=\"https:\/\/afc.cat\/wp-content\/uploads\/2024\/01\/33-Lluis-Porcel-Gimenez-PB254938-82-320x202.jpg\" width=\"320\" height=\"202\" alt=\"\" title=\"33 &#8211; Llu\u00eds Porcel Gim\u00e9nez &#8211; PB254938- 82\" aria-label=\"33 &#8211; Llu\u00eds Porcel Gim\u00e9nez &#8211; PB254938- 82\" class=\"img-responsive wp-image-36391 fusion-gallery-image-size-fixed\" srcset=\"https:\/\/afc.cat\/wp-content\/uploads\/2024\/01\/33-Lluis-Porcel-Gimenez-PB254938-82-320x202.jpg 320w, https:\/\/afc.cat\/wp-content\/uploads\/2024\/01\/33-Lluis-Porcel-Gimenez-PB254938-82-700x441.jpg 700w\" sizes=\"(max-width: 320px) 100vw, 320px\" \/><\/a><\/div><\/div><div style=\"padding:5px;\" class=\"fusion-grid-column fusion-gallery-column fusion-gallery-column-6 hover-type-zoomin\"><div class=\"fusion-gallery-image\"><a href=\"https:\/\/afc.cat\/wp-content\/uploads\/2024\/01\/34-Pep-Vinyals-Reconeixement-82.jpg\" data-title=\"34 &#8211; Pep Vinyals &#8211; Reconeixement- 82\" title=\"34 &#8211; Pep Vinyals &#8211; Reconeixement- 82\" rel=\"noreferrer\" data-rel=\"iLightbox[gallery_image_2]\" class=\"fusion-lightbox\" target=\"_self\"><img decoding=\"async\" src=\"https:\/\/afc.cat\/wp-content\/uploads\/2024\/01\/34-Pep-Vinyals-Reconeixement-82-320x202.jpg\" width=\"320\" height=\"202\" alt=\"\" title=\"34 &#8211; Pep Vinyals &#8211; Reconeixement- 82\" aria-label=\"34 &#8211; Pep Vinyals &#8211; Reconeixement- 82\" class=\"img-responsive wp-image-36393 fusion-gallery-image-size-fixed\" srcset=\"https:\/\/afc.cat\/wp-content\/uploads\/2024\/01\/34-Pep-Vinyals-Reconeixement-82-320x202.jpg 320w, https:\/\/afc.cat\/wp-content\/uploads\/2024\/01\/34-Pep-Vinyals-Reconeixement-82-700x441.jpg 700w\" sizes=\"(max-width: 320px) 100vw, 320px\" \/><\/a><\/div><\/div><div style=\"padding:5px;\" class=\"fusion-grid-column fusion-gallery-column fusion-gallery-column-6 hover-type-zoomin\"><div class=\"fusion-gallery-image\"><a href=\"https:\/\/afc.cat\/wp-content\/uploads\/2024\/01\/35-Jaume-LLOPART-CASAPONSA-Tendresa-82.jpg\" data-title=\"35 &#8211; Jaume LLOPART CASAPONSA &#8211; Tendresa- 82\" title=\"35 &#8211; Jaume LLOPART CASAPONSA &#8211; Tendresa- 82\" rel=\"noreferrer\" data-rel=\"iLightbox[gallery_image_2]\" class=\"fusion-lightbox\" target=\"_self\"><img decoding=\"async\" src=\"https:\/\/afc.cat\/wp-content\/uploads\/2024\/01\/35-Jaume-LLOPART-CASAPONSA-Tendresa-82-320x202.jpg\" width=\"320\" height=\"202\" alt=\"\" title=\"35 &#8211; Jaume LLOPART CASAPONSA &#8211; Tendresa- 82\" aria-label=\"35 &#8211; Jaume LLOPART CASAPONSA &#8211; Tendresa- 82\" class=\"img-responsive wp-image-36395 fusion-gallery-image-size-fixed\" srcset=\"https:\/\/afc.cat\/wp-content\/uploads\/2024\/01\/35-Jaume-LLOPART-CASAPONSA-Tendresa-82-320x202.jpg 320w, https:\/\/afc.cat\/wp-content\/uploads\/2024\/01\/35-Jaume-LLOPART-CASAPONSA-Tendresa-82-700x441.jpg 700w\" sizes=\"(max-width: 320px) 100vw, 320px\" \/><\/a><\/div><\/div><div style=\"padding:5px;\" class=\"fusion-grid-column fusion-gallery-column fusion-gallery-column-6 hover-type-zoomin\"><div class=\"fusion-gallery-image\"><a href=\"https:\/\/afc.cat\/wp-content\/uploads\/2024\/01\/36-Francesc-Amat-Creus-DSCF8373-ANIMALS-DE-CIUTAT-74.jpg\" data-title=\"36 &#8211; Francesc Amat Creus &#8211; DSCF8373 ANIMALS DE CIUTAT- 74\" title=\"36 &#8211; Francesc Amat Creus &#8211; DSCF8373 ANIMALS DE CIUTAT- 74\" rel=\"noreferrer\" data-rel=\"iLightbox[gallery_image_2]\" class=\"fusion-lightbox\" target=\"_self\"><img decoding=\"async\" src=\"https:\/\/afc.cat\/wp-content\/uploads\/2024\/01\/36-Francesc-Amat-Creus-DSCF8373-ANIMALS-DE-CIUTAT-74-320x202.jpg\" width=\"320\" height=\"202\" alt=\"\" title=\"36 &#8211; Francesc Amat Creus &#8211; DSCF8373 ANIMALS DE CIUTAT- 74\" aria-label=\"36 &#8211; Francesc Amat Creus &#8211; DSCF8373 ANIMALS DE CIUTAT- 74\" class=\"img-responsive wp-image-36397 fusion-gallery-image-size-fixed\" srcset=\"https:\/\/afc.cat\/wp-content\/uploads\/2024\/01\/36-Francesc-Amat-Creus-DSCF8373-ANIMALS-DE-CIUTAT-74-320x202.jpg 320w, https:\/\/afc.cat\/wp-content\/uploads\/2024\/01\/36-Francesc-Amat-Creus-DSCF8373-ANIMALS-DE-CIUTAT-74-700x441.jpg 700w\" sizes=\"(max-width: 320px) 100vw, 320px\" \/><\/a><\/div><\/div><div class=\"clearfix\"><\/div><div style=\"padding:5px;\" class=\"fusion-grid-column fusion-gallery-column fusion-gallery-column-6 hover-type-zoomin\"><div class=\"fusion-gallery-image\"><a href=\"https:\/\/afc.cat\/wp-content\/uploads\/2024\/01\/37-PERE-GRAUPERA-LANGA-L-hora-del-dinar.-65.jpg\" data-title=\"37 &#8211; PERE GRAUPERA LANGA &#8211; L&#8217; hora del dinar.- 65\" title=\"37 &#8211; PERE GRAUPERA LANGA &#8211; L&#8217; hora del dinar.- 65\" rel=\"noreferrer\" data-rel=\"iLightbox[gallery_image_2]\" class=\"fusion-lightbox\" target=\"_self\"><img decoding=\"async\" src=\"https:\/\/afc.cat\/wp-content\/uploads\/2024\/01\/37-PERE-GRAUPERA-LANGA-L-hora-del-dinar.-65-320x202.jpg\" width=\"320\" height=\"202\" alt=\"\" title=\"37 &#8211; PERE GRAUPERA LANGA &#8211; L&#8217; hora del dinar.- 65\" aria-label=\"37 &#8211; PERE GRAUPERA LANGA &#8211; L&#8217; hora del dinar.- 65\" class=\"img-responsive wp-image-36399 fusion-gallery-image-size-fixed\" srcset=\"https:\/\/afc.cat\/wp-content\/uploads\/2024\/01\/37-PERE-GRAUPERA-LANGA-L-hora-del-dinar.-65-320x202.jpg 320w, https:\/\/afc.cat\/wp-content\/uploads\/2024\/01\/37-PERE-GRAUPERA-LANGA-L-hora-del-dinar.-65-700x441.jpg 700w\" sizes=\"(max-width: 320px) 100vw, 320px\" \/><\/a><\/div><\/div><div style=\"padding:5px;\" class=\"fusion-grid-column fusion-gallery-column fusion-gallery-column-6 hover-type-zoomin\"><div class=\"fusion-gallery-image\"><a href=\"https:\/\/afc.cat\/wp-content\/uploads\/2024\/01\/38-Diego-Pastor-Sanchez-Esperant-Batman-58.jpg\" data-title=\"38 &#8211; Diego Pastor S\u00e1nchez &#8211; Esperant Batman- 58\" title=\"38 &#8211; Diego Pastor S\u00e1nchez &#8211; Esperant Batman- 58\" rel=\"noreferrer\" data-rel=\"iLightbox[gallery_image_2]\" class=\"fusion-lightbox\" target=\"_self\"><img decoding=\"async\" src=\"https:\/\/afc.cat\/wp-content\/uploads\/2024\/01\/38-Diego-Pastor-Sanchez-Esperant-Batman-58-320x202.jpg\" width=\"320\" height=\"202\" alt=\"\" title=\"38 &#8211; Diego Pastor S\u00e1nchez &#8211; Esperant Batman- 58\" aria-label=\"38 &#8211; Diego Pastor S\u00e1nchez &#8211; Esperant Batman- 58\" class=\"img-responsive wp-image-36401 fusion-gallery-image-size-fixed\" srcset=\"https:\/\/afc.cat\/wp-content\/uploads\/2024\/01\/38-Diego-Pastor-Sanchez-Esperant-Batman-58-320x202.jpg 320w, https:\/\/afc.cat\/wp-content\/uploads\/2024\/01\/38-Diego-Pastor-Sanchez-Esperant-Batman-58-700x441.jpg 700w\" sizes=\"(max-width: 320px) 100vw, 320px\" \/><\/a><\/div><\/div><\/div><div class=\"fusion-separator fusion-full-width-sep\" style=\"align-self: center;margin-left: auto;margin-right: auto;margin-top:20px;margin-bottom:20px;width:100%;\"><div class=\"fusion-separator-border sep-single sep-solid\" style=\"border-color:#3ec0bf;border-top-width:1px;\"><\/div><\/div><div style=\"text-align:center;\"><style>.fusion-button.button-1{border-radius:4px 4px 4px 4px;}<\/style><a class=\"fusion-button button-flat fusion-button-default-size button-default button-1 fusion-button-default-span fusion-button-default-type\" target=\"_self\" href=\"https:\/\/afc.cat\/es\/galerias\/\"><span class=\"fusion-button-text\">Torna a GALERIES<\/span><\/a><\/div><\/div><style type=\"text\/css\">.fusion-body .fusion-builder-column-0{width:100% !important;margin-top : 0px;margin-bottom : 20px;}.fusion-builder-column-0 > .fusion-column-wrapper {padding-top : 0px !important;padding-right : 0px !important;margin-right : 1.92%;padding-bottom : 0px !important;padding-left : 0px !important;margin-left : 1.92%;}@media only screen and (max-width:1024px) {.fusion-body .fusion-builder-column-0{width:100% !important;order : 0;}.fusion-builder-column-0 > .fusion-column-wrapper {margin-right : 1.92%;margin-left : 1.92%;}}@media only screen and (max-width:640px) {.fusion-body .fusion-builder-column-0{width:100% !important;order : 0;}.fusion-builder-column-0 > .fusion-column-wrapper {margin-right : 1.92%;margin-left : 1.92%;}}<\/style><\/div><\/div><style type=\"text\/css\">.fusion-body .fusion-flex-container.fusion-builder-row-1{ padding-top : 0px;margin-top : 0px;padding-right : 0px;padding-bottom : 0px;margin-bottom : 0px;padding-left : 0px;}<\/style><\/div>\n","protected":false},"excerpt":{"rendered":"","protected":false},"author":33,"featured_media":36054,"menu_order":0,"comment_status":"open","ping_status":"closed","template":"","format":"standard","meta":{"_acf_changed":false,"footnotes":""},"portfolio_category":[158],"portfolio_skills":[],"portfolio_tags":[],"class_list":["post-36056","avada_portfolio","type-avada_portfolio","status-publish","format-standard","has-post-thumbnail","hentry","portfolio_category-concursos-es"],"acf":[],"yoast_head":"<!-- This site is optimized with the Yoast SEO plugin v27.2 - https:\/\/yoast.com\/product\/yoast-seo-wordpress\/ -->\n<title>Clasificaci\u00f3n concurso Temes Obligats 2023-2024 DICIEMBRE - Agrupaci\u00f3 Fotogr\u00e0fica de Catalunya<\/title>\n<meta name=\"robots\" content=\"index, follow, max-snippet:-1, max-image-preview:large, max-video-preview:-1\" \/>\n<link rel=\"canonical\" href=\"https:\/\/afc.cat\/es\/galeria\/clasificacion-concurso-temes-obligats-2023-2024-diciembre\/\" \/>\n<meta property=\"og:locale\" content=\"es_ES\" \/>\n<meta property=\"og:type\" content=\"article\" \/>\n<meta property=\"og:title\" content=\"Clasificaci\u00f3n concurso Temes Obligats 2023-2024 DICIEMBRE - Agrupaci\u00f3 Fotogr\u00e0fica de Catalunya\" \/>\n<meta property=\"og:url\" content=\"https:\/\/afc.cat\/es\/galeria\/clasificacion-concurso-temes-obligats-2023-2024-diciembre\/\" \/>\n<meta property=\"og:site_name\" content=\"Agrupaci\u00f3 Fotogr\u00e0fica de Catalunya\" \/>\n<meta property=\"article:modified_time\" content=\"2024-01-17T22:09:04+00:00\" \/>\n<meta property=\"og:image\" content=\"https:\/\/afc.cat\/wp-content\/uploads\/2024\/01\/TO-novembre-23.jpg\" \/>\n\t<meta property=\"og:image:width\" content=\"400\" \/>\n\t<meta property=\"og:image:height\" content=\"267\" \/>\n\t<meta property=\"og:image:type\" content=\"image\/jpeg\" \/>\n<meta name=\"twitter:card\" content=\"summary_large_image\" \/>\n<meta name=\"twitter:label1\" content=\"Tiempo de lectura\" \/>\n\t<meta name=\"twitter:data1\" content=\"7 minutos\" \/>\n<script type=\"application\/ld+json\" class=\"yoast-schema-graph\">{\"@context\":\"https:\/\/schema.org\",\"@graph\":[{\"@type\":\"WebPage\",\"@id\":\"https:\/\/afc.cat\/es\/galeria\/clasificacion-concurso-temes-obligats-2023-2024-diciembre\/\",\"url\":\"https:\/\/afc.cat\/es\/galeria\/clasificacion-concurso-temes-obligats-2023-2024-diciembre\/\",\"name\":\"Clasificaci\u00f3n concurso Temes Obligats 2023-2024 DICIEMBRE - Agrupaci\u00f3 Fotogr\u00e0fica de Catalunya\",\"isPartOf\":{\"@id\":\"https:\/\/afc.cat\/es\/#website\"},\"primaryImageOfPage\":{\"@id\":\"https:\/\/afc.cat\/es\/galeria\/clasificacion-concurso-temes-obligats-2023-2024-diciembre\/#primaryimage\"},\"image\":{\"@id\":\"https:\/\/afc.cat\/es\/galeria\/clasificacion-concurso-temes-obligats-2023-2024-diciembre\/#primaryimage\"},\"thumbnailUrl\":\"https:\/\/afc.cat\/wp-content\/uploads\/2024\/01\/TO-novembre-23.jpg\",\"datePublished\":\"2024-01-03T18:36:00+00:00\",\"dateModified\":\"2024-01-17T22:09:04+00:00\",\"breadcrumb\":{\"@id\":\"https:\/\/afc.cat\/es\/galeria\/clasificacion-concurso-temes-obligats-2023-2024-diciembre\/#breadcrumb\"},\"inLanguage\":\"es\",\"potentialAction\":[{\"@type\":\"ReadAction\",\"target\":[\"https:\/\/afc.cat\/es\/galeria\/clasificacion-concurso-temes-obligats-2023-2024-diciembre\/\"]}]},{\"@type\":\"ImageObject\",\"inLanguage\":\"es\",\"@id\":\"https:\/\/afc.cat\/es\/galeria\/clasificacion-concurso-temes-obligats-2023-2024-diciembre\/#primaryimage\",\"url\":\"https:\/\/afc.cat\/wp-content\/uploads\/2024\/01\/TO-novembre-23.jpg\",\"contentUrl\":\"https:\/\/afc.cat\/wp-content\/uploads\/2024\/01\/TO-novembre-23.jpg\",\"width\":400,\"height\":267},{\"@type\":\"BreadcrumbList\",\"@id\":\"https:\/\/afc.cat\/es\/galeria\/clasificacion-concurso-temes-obligats-2023-2024-diciembre\/#breadcrumb\",\"itemListElement\":[{\"@type\":\"ListItem\",\"position\":1,\"name\":\"Inicio\",\"item\":\"https:\/\/afc.cat\/es\/\"},{\"@type\":\"ListItem\",\"position\":2,\"name\":\"Portfolio\",\"item\":\"https:\/\/afc.cat\/galeria\/\"},{\"@type\":\"ListItem\",\"position\":3,\"name\":\"Clasificaci\u00f3n concurso Temes Obligats 2023-2024 DICIEMBRE\"}]},{\"@type\":\"WebSite\",\"@id\":\"https:\/\/afc.cat\/es\/#website\",\"url\":\"https:\/\/afc.cat\/es\/\",\"name\":\"Agrupaci\u00f3 Fotogr\u00e0fica de Catalunya\",\"description\":\"Fomento y divulgaci\u00f3n de la fotograf\u00eda en todas sus variedades\",\"potentialAction\":[{\"@type\":\"SearchAction\",\"target\":{\"@type\":\"EntryPoint\",\"urlTemplate\":\"https:\/\/afc.cat\/es\/?s={search_term_string}\"},\"query-input\":{\"@type\":\"PropertyValueSpecification\",\"valueRequired\":true,\"valueName\":\"search_term_string\"}}],\"inLanguage\":\"es\"}]}<\/script>\n<!-- \/ Yoast SEO plugin. -->","yoast_head_json":{"title":"Clasificaci\u00f3n concurso Temes Obligats 2023-2024 DICIEMBRE - Agrupaci\u00f3 Fotogr\u00e0fica de Catalunya","robots":{"index":"index","follow":"follow","max-snippet":"max-snippet:-1","max-image-preview":"max-image-preview:large","max-video-preview":"max-video-preview:-1"},"canonical":"https:\/\/afc.cat\/es\/galeria\/clasificacion-concurso-temes-obligats-2023-2024-diciembre\/","og_locale":"es_ES","og_type":"article","og_title":"Clasificaci\u00f3n concurso Temes Obligats 2023-2024 DICIEMBRE - Agrupaci\u00f3 Fotogr\u00e0fica de Catalunya","og_url":"https:\/\/afc.cat\/es\/galeria\/clasificacion-concurso-temes-obligats-2023-2024-diciembre\/","og_site_name":"Agrupaci\u00f3 Fotogr\u00e0fica de Catalunya","article_modified_time":"2024-01-17T22:09:04+00:00","og_image":[{"width":400,"height":267,"url":"https:\/\/afc.cat\/wp-content\/uploads\/2024\/01\/TO-novembre-23.jpg","type":"image\/jpeg"}],"twitter_card":"summary_large_image","twitter_misc":{"Tiempo de lectura":"7 minutos"},"schema":{"@context":"https:\/\/schema.org","@graph":[{"@type":"WebPage","@id":"https:\/\/afc.cat\/es\/galeria\/clasificacion-concurso-temes-obligats-2023-2024-diciembre\/","url":"https:\/\/afc.cat\/es\/galeria\/clasificacion-concurso-temes-obligats-2023-2024-diciembre\/","name":"Clasificaci\u00f3n concurso Temes Obligats 2023-2024 DICIEMBRE - Agrupaci\u00f3 Fotogr\u00e0fica de Catalunya","isPartOf":{"@id":"https:\/\/afc.cat\/es\/#website"},"primaryImageOfPage":{"@id":"https:\/\/afc.cat\/es\/galeria\/clasificacion-concurso-temes-obligats-2023-2024-diciembre\/#primaryimage"},"image":{"@id":"https:\/\/afc.cat\/es\/galeria\/clasificacion-concurso-temes-obligats-2023-2024-diciembre\/#primaryimage"},"thumbnailUrl":"https:\/\/afc.cat\/wp-content\/uploads\/2024\/01\/TO-novembre-23.jpg","datePublished":"2024-01-03T18:36:00+00:00","dateModified":"2024-01-17T22:09:04+00:00","breadcrumb":{"@id":"https:\/\/afc.cat\/es\/galeria\/clasificacion-concurso-temes-obligats-2023-2024-diciembre\/#breadcrumb"},"inLanguage":"es","potentialAction":[{"@type":"ReadAction","target":["https:\/\/afc.cat\/es\/galeria\/clasificacion-concurso-temes-obligats-2023-2024-diciembre\/"]}]},{"@type":"ImageObject","inLanguage":"es","@id":"https:\/\/afc.cat\/es\/galeria\/clasificacion-concurso-temes-obligats-2023-2024-diciembre\/#primaryimage","url":"https:\/\/afc.cat\/wp-content\/uploads\/2024\/01\/TO-novembre-23.jpg","contentUrl":"https:\/\/afc.cat\/wp-content\/uploads\/2024\/01\/TO-novembre-23.jpg","width":400,"height":267},{"@type":"BreadcrumbList","@id":"https:\/\/afc.cat\/es\/galeria\/clasificacion-concurso-temes-obligats-2023-2024-diciembre\/#breadcrumb","itemListElement":[{"@type":"ListItem","position":1,"name":"Inicio","item":"https:\/\/afc.cat\/es\/"},{"@type":"ListItem","position":2,"name":"Portfolio","item":"https:\/\/afc.cat\/galeria\/"},{"@type":"ListItem","position":3,"name":"Clasificaci\u00f3n concurso Temes Obligats 2023-2024 DICIEMBRE"}]},{"@type":"WebSite","@id":"https:\/\/afc.cat\/es\/#website","url":"https:\/\/afc.cat\/es\/","name":"Agrupaci\u00f3 Fotogr\u00e0fica de Catalunya","description":"Fomento y divulgaci\u00f3n de la fotograf\u00eda en todas sus variedades","potentialAction":[{"@type":"SearchAction","target":{"@type":"EntryPoint","urlTemplate":"https:\/\/afc.cat\/es\/?s={search_term_string}"},"query-input":{"@type":"PropertyValueSpecification","valueRequired":true,"valueName":"search_term_string"}}],"inLanguage":"es"}]}},"_links":{"self":[{"href":"https:\/\/afc.cat\/es\/wp-json\/wp\/v2\/avada_portfolio\/36056","targetHints":{"allow":["GET"]}}],"collection":[{"href":"https:\/\/afc.cat\/es\/wp-json\/wp\/v2\/avada_portfolio"}],"about":[{"href":"https:\/\/afc.cat\/es\/wp-json\/wp\/v2\/types\/avada_portfolio"}],"author":[{"embeddable":true,"href":"https:\/\/afc.cat\/es\/wp-json\/wp\/v2\/users\/33"}],"replies":[{"embeddable":true,"href":"https:\/\/afc.cat\/es\/wp-json\/wp\/v2\/comments?post=36056"}],"version-history":[{"count":8,"href":"https:\/\/afc.cat\/es\/wp-json\/wp\/v2\/avada_portfolio\/36056\/revisions"}],"predecessor-version":[{"id":36404,"href":"https:\/\/afc.cat\/es\/wp-json\/wp\/v2\/avada_portfolio\/36056\/revisions\/36404"}],"wp:featuredmedia":[{"embeddable":true,"href":"https:\/\/afc.cat\/es\/wp-json\/wp\/v2\/media\/36054"}],"wp:attachment":[{"href":"https:\/\/afc.cat\/es\/wp-json\/wp\/v2\/media?parent=36056"}],"wp:term":[{"taxonomy":"portfolio_category","embeddable":true,"href":"https:\/\/afc.cat\/es\/wp-json\/wp\/v2\/portfolio_category?post=36056"},{"taxonomy":"portfolio_skills","embeddable":true,"href":"https:\/\/afc.cat\/es\/wp-json\/wp\/v2\/portfolio_skills?post=36056"},{"taxonomy":"portfolio_tags","embeddable":true,"href":"https:\/\/afc.cat\/es\/wp-json\/wp\/v2\/portfolio_tags?post=36056"}],"curies":[{"name":"wp","href":"https:\/\/api.w.org\/{rel}","templated":true}]}}