{"id":36630,"date":"2024-01-27T01:17:30","date_gmt":"2024-01-26T23:17:30","guid":{"rendered":"https:\/\/afc.cat\/?post_type=avada_portfolio&#038;p=36630"},"modified":"2024-01-27T01:33:19","modified_gmt":"2024-01-26T23:33:19","slug":"clasificacion-concurso-temes-obligats-2023-2024-enero","status":"publish","type":"avada_portfolio","link":"https:\/\/afc.cat\/es\/galeria\/clasificacion-concurso-temes-obligats-2023-2024-enero\/","title":{"rendered":"Clasificaci\u00f3n concurso Temes Obligats 2023-2024 ENERO"},"content":{"rendered":"<div class=\"fusion-fullwidth fullwidth-box fusion-builder-row-1 fusion-flex-container nonhundred-percent-fullwidth non-hundred-percent-height-scrolling\" style=\"background-color: rgba(255,255,255,0);background-position: center center;background-repeat: no-repeat;border-width: 0px 0px 0px 0px;border-color:#ffffff;border-style:solid;\" ><div class=\"fusion-builder-row fusion-row fusion-flex-align-items-flex-start\" style=\"max-width:1300px;margin-left: calc(-4% \/ 2 );margin-right: calc(-4% \/ 2 );\"><div class=\"fusion-layout-column fusion_builder_column fusion-builder-column-0 fusion_builder_column_1_1 1_1 fusion-flex-column\"><div class=\"fusion-column-wrapper fusion-flex-justify-content-flex-start fusion-content-layout-column\" style=\"background-position:left top;background-repeat:no-repeat;-webkit-background-size:cover;-moz-background-size:cover;-o-background-size:cover;background-size:cover;padding: 0px 0px 0px 0px;\"><div class=\"fusion-text fusion-text-1\"><h2 style=\"text-align: center;\">Tema Obligado del mes de enero<\/h2>\n<h3 style=\"text-align: center;\">Velas<\/h3>\n<\/div><div class=\"fusion-text fusion-text-2\"><p>El pasado d\u00eda 22 se conoci\u00f3 la valoraci\u00f3n del jurado de las fotograf\u00edas de los socios que participaron en el concurso social de la agrupaci\u00f3n \u201d<a href=\"https:\/\/afc.cat\/concursos-socials\/\">Temas obligados<\/a>\u201d. Como ya sab\u00e9is, el tema va cambiando cada mes y el tema de este mes de noviembre de 2023 ha estado \u201cVelas\u201d.<\/p>\n<p><strong><u>Categor\u00eda de Color<\/u><\/strong><br \/>\nEste mes de enero las fotos mejores fotos valoradas han sido la de <strong>Carme Mur<\/strong> quedando en la clasificaci\u00f3n en primer lugar con 118 puntos , la de <strong>Esperan\u00e7a Sanz<\/strong> en segundo lugar con 114 puntos y la de <strong>Dolors Ventura<\/strong> en tercer lugar con 111 Puntos.<\/p>\n<p><strong><u>Categor\u00eda Monocromo<\/u><\/strong><br \/>\nEn esta categor\u00eda la m\u00e1xima puntuaci\u00f3n ha estado para las fotos de<strong> Anna\u00a0Barn\u00e9s\u00a0<\/strong>con 120 puntos, en segundo lugar con 115 puntos<strong> Albert\u00a0Ca\u00f1ellas\u00a0<\/strong>y <strong>Sara\u00a0Assens<\/strong> en tercer lugar con 109 Puntos.<\/p>\n<p><strong><u>Jurado<\/u><\/strong><br \/>\n<strong>Jacint Guiteras, Jordi Camprub\u00ed y Montse Piqu\u00e9.<\/strong><\/p>\n<p>Continuamos animando a los socios y socias a participar, siempre es una buena excusa para hacer lo que m\u00e1s nos gusta, coger la c\u00e1mara y hacer clic.<\/p>\n<p><strong>Maxim Poncela<br \/>\n<\/strong>Concursos<\/p>\n<\/div><div class=\"fusion-separator fusion-full-width-sep\" style=\"align-self: center;margin-left: auto;margin-right: auto;margin-bottom:20px;width:100%;\"><div class=\"fusion-separator-border sep-single sep-solid\" style=\"border-color:#3ec0bf;border-top-width:1px;\"><\/div><\/div><div class=\"fusion-text fusion-text-3\"><p style=\"text-align: center;\"><strong>PUNTUACI\u00d3N GENERAL ACUMULADA MONOCROMO<\/strong><\/p>\n<\/div><div style=\"text-align:center;\"><style>.fusion-imageframe.imageframe-1{ margin-bottom : 5%;}<\/style><span class=\" fusion-imageframe imageframe-none imageframe-1 hover-type-zoomin\"><img decoding=\"async\" width=\"796\" height=\"1056\" title=\"GENER 24 OK MONO\" src=\"https:\/\/afc.cat\/wp-content\/uploads\/2024\/01\/GENER-24-OK-MONO.jpg\" alt class=\"img-responsive wp-image-36637\" srcset=\"https:\/\/afc.cat\/wp-content\/uploads\/2024\/01\/GENER-24-OK-MONO-200x265.jpg 200w, https:\/\/afc.cat\/wp-content\/uploads\/2024\/01\/GENER-24-OK-MONO-400x531.jpg 400w, https:\/\/afc.cat\/wp-content\/uploads\/2024\/01\/GENER-24-OK-MONO-600x796.jpg 600w, https:\/\/afc.cat\/wp-content\/uploads\/2024\/01\/GENER-24-OK-MONO.jpg 796w\" sizes=\"(max-width: 640px) 100vw, 796px\" \/><\/span><\/div><div class=\"fusion-text fusion-text-4\"><p style=\"text-align: center;\"><strong>Clasificaci\u00f3n monocromo de enero 2024<\/strong><\/p>\n<\/div><style type=\"text\/css\">.fusion-gallery-1 .fusion-gallery-image {border:0px solid #e2e2e2;}<\/style><div class=\"fusion-gallery fusion-gallery-container fusion-grid-6 fusion-columns-total-36 fusion-gallery-layout-grid fusion-gallery-1\" style=\"margin:-5px;\"><div style=\"padding:5px;\" class=\"fusion-grid-column fusion-gallery-column fusion-gallery-column-6 hover-type-zoomin\"><div class=\"fusion-gallery-image\"><a href=\"https:\/\/afc.cat\/wp-content\/uploads\/2024\/01\/1-Anna-Barnes-Guillen-EL-GALET-120.jpg\" data-title=\"1 &#8211; Anna Barn\u00e9s Guill\u00e9n &#8211; EL GALET- 120\" title=\"1 &#8211; Anna Barn\u00e9s Guill\u00e9n &#8211; EL GALET- 120\" rel=\"noreferrer\" data-rel=\"iLightbox[gallery_image_1]\" class=\"fusion-lightbox\" target=\"_self\"><img decoding=\"async\" src=\"https:\/\/afc.cat\/wp-content\/uploads\/2024\/01\/1-Anna-Barnes-Guillen-EL-GALET-120-320x202.jpg\" width=\"320\" height=\"202\" alt=\"\" title=\"1 &#8211; Anna Barn\u00e9s Guill\u00e9n &#8211; EL GALET- 120\" aria-label=\"1 &#8211; Anna Barn\u00e9s Guill\u00e9n &#8211; EL GALET- 120\" class=\"img-responsive wp-image-36554 fusion-gallery-image-size-fixed\" srcset=\"https:\/\/afc.cat\/wp-content\/uploads\/2024\/01\/1-Anna-Barnes-Guillen-EL-GALET-120-320x202.jpg 320w, https:\/\/afc.cat\/wp-content\/uploads\/2024\/01\/1-Anna-Barnes-Guillen-EL-GALET-120-700x441.jpg 700w\" sizes=\"(max-width: 320px) 100vw, 320px\" \/><\/a><\/div><\/div><div style=\"padding:5px;\" class=\"fusion-grid-column fusion-gallery-column fusion-gallery-column-6 hover-type-zoomin\"><div class=\"fusion-gallery-image\"><a href=\"https:\/\/afc.cat\/wp-content\/uploads\/2024\/01\/2-Albert-Canellas-Xarau-115.jpg\" data-title=\"2 &#8211; Albert Ca\u00f1ellas Xarau &#8211; 115\" title=\"2 &#8211; Albert Ca\u00f1ellas Xarau &#8211; 115\" rel=\"noreferrer\" data-rel=\"iLightbox[gallery_image_1]\" class=\"fusion-lightbox\" target=\"_self\"><img decoding=\"async\" src=\"https:\/\/afc.cat\/wp-content\/uploads\/2024\/01\/2-Albert-Canellas-Xarau-115-320x202.jpg\" width=\"320\" height=\"202\" alt=\"\" title=\"2 &#8211; Albert Ca\u00f1ellas Xarau &#8211; 115\" aria-label=\"2 &#8211; Albert Ca\u00f1ellas Xarau &#8211; 115\" class=\"img-responsive wp-image-36556 fusion-gallery-image-size-fixed\" srcset=\"https:\/\/afc.cat\/wp-content\/uploads\/2024\/01\/2-Albert-Canellas-Xarau-115-320x202.jpg 320w, https:\/\/afc.cat\/wp-content\/uploads\/2024\/01\/2-Albert-Canellas-Xarau-115-700x441.jpg 700w\" sizes=\"(max-width: 320px) 100vw, 320px\" \/><\/a><\/div><\/div><div style=\"padding:5px;\" class=\"fusion-grid-column fusion-gallery-column fusion-gallery-column-6 hover-type-zoomin\"><div class=\"fusion-gallery-image\"><a href=\"https:\/\/afc.cat\/wp-content\/uploads\/2024\/01\/3-Sara-Assens-Mampel-109.jpg\" data-title=\"3 &#8211; Sara Assens Mampel &#8211; 109\" title=\"3 &#8211; Sara Assens Mampel &#8211; 109\" rel=\"noreferrer\" data-rel=\"iLightbox[gallery_image_1]\" class=\"fusion-lightbox\" target=\"_self\"><img decoding=\"async\" src=\"https:\/\/afc.cat\/wp-content\/uploads\/2024\/01\/3-Sara-Assens-Mampel-109-320x202.jpg\" width=\"320\" height=\"202\" alt=\"\" title=\"3 &#8211; Sara Assens Mampel &#8211; 109\" aria-label=\"3 &#8211; Sara Assens Mampel &#8211; 109\" class=\"img-responsive wp-image-36558 fusion-gallery-image-size-fixed\" \/><\/a><\/div><\/div><div style=\"padding:5px;\" class=\"fusion-grid-column fusion-gallery-column fusion-gallery-column-6 hover-type-zoomin\"><div class=\"fusion-gallery-image\"><a href=\"https:\/\/afc.cat\/wp-content\/uploads\/2024\/01\/4-Teresa-Tejero-Lopez-108.jpg\" data-title=\"4 &#8211; Teresa Tejero Lopez &#8211; 108\" title=\"4 &#8211; Teresa Tejero Lopez &#8211; 108\" rel=\"noreferrer\" data-rel=\"iLightbox[gallery_image_1]\" class=\"fusion-lightbox\" target=\"_self\"><img decoding=\"async\" src=\"https:\/\/afc.cat\/wp-content\/uploads\/2024\/01\/4-Teresa-Tejero-Lopez-108-320x202.jpg\" width=\"320\" height=\"202\" alt=\"\" title=\"4 &#8211; Teresa Tejero Lopez &#8211; 108\" aria-label=\"4 &#8211; Teresa Tejero Lopez &#8211; 108\" class=\"img-responsive wp-image-36560 fusion-gallery-image-size-fixed\" \/><\/a><\/div><\/div><div style=\"padding:5px;\" class=\"fusion-grid-column fusion-gallery-column fusion-gallery-column-6 hover-type-zoomin\"><div class=\"fusion-gallery-image\"><a href=\"https:\/\/afc.cat\/wp-content\/uploads\/2024\/01\/5-Dolors-Ventura-Canellas-108.jpg\" data-title=\"5 &#8211; Dolors Ventura Ca\u00f1ellas &#8211; 108\" title=\"5 &#8211; Dolors Ventura Ca\u00f1ellas &#8211; 108\" rel=\"noreferrer\" data-rel=\"iLightbox[gallery_image_1]\" class=\"fusion-lightbox\" target=\"_self\"><img decoding=\"async\" src=\"https:\/\/afc.cat\/wp-content\/uploads\/2024\/01\/5-Dolors-Ventura-Canellas-108-320x202.jpg\" width=\"320\" height=\"202\" alt=\"\" title=\"5 &#8211; Dolors Ventura Ca\u00f1ellas &#8211; 108\" aria-label=\"5 &#8211; Dolors Ventura Ca\u00f1ellas &#8211; 108\" class=\"img-responsive wp-image-36562 fusion-gallery-image-size-fixed\" srcset=\"https:\/\/afc.cat\/wp-content\/uploads\/2024\/01\/5-Dolors-Ventura-Canellas-108-320x202.jpg 320w, https:\/\/afc.cat\/wp-content\/uploads\/2024\/01\/5-Dolors-Ventura-Canellas-108-700x441.jpg 700w\" sizes=\"(max-width: 320px) 100vw, 320px\" \/><\/a><\/div><\/div><div style=\"padding:5px;\" class=\"fusion-grid-column fusion-gallery-column fusion-gallery-column-6 hover-type-zoomin\"><div class=\"fusion-gallery-image\"><a href=\"https:\/\/afc.cat\/wp-content\/uploads\/2024\/01\/6-Angel-Colado-Palacios-velas_bn-106.jpg\" data-title=\"6 &#8211; \u00c1ngel Colado Palacios &#8211; velas_bn- 106\" title=\"6 &#8211; \u00c1ngel Colado Palacios &#8211; velas_bn- 106\" rel=\"noreferrer\" data-rel=\"iLightbox[gallery_image_1]\" class=\"fusion-lightbox\" target=\"_self\"><img decoding=\"async\" src=\"https:\/\/afc.cat\/wp-content\/uploads\/2024\/01\/6-Angel-Colado-Palacios-velas_bn-106-320x202.jpg\" width=\"320\" height=\"202\" alt=\"\" title=\"6 &#8211; \u00c1ngel Colado Palacios &#8211; velas_bn- 106\" aria-label=\"6 &#8211; \u00c1ngel Colado Palacios &#8211; velas_bn- 106\" class=\"img-responsive wp-image-36564 fusion-gallery-image-size-fixed\" srcset=\"https:\/\/afc.cat\/wp-content\/uploads\/2024\/01\/6-Angel-Colado-Palacios-velas_bn-106-320x202.jpg 320w, https:\/\/afc.cat\/wp-content\/uploads\/2024\/01\/6-Angel-Colado-Palacios-velas_bn-106-700x441.jpg 700w\" sizes=\"(max-width: 320px) 100vw, 320px\" \/><\/a><\/div><\/div><div class=\"clearfix\"><\/div><div style=\"padding:5px;\" class=\"fusion-grid-column fusion-gallery-column fusion-gallery-column-6 hover-type-zoomin\"><div class=\"fusion-gallery-image\"><a href=\"https:\/\/afc.cat\/wp-content\/uploads\/2024\/01\/7-David-Penarroya-Hernandez-EspelmaBN-105.jpg\" data-title=\"7 &#8211; David Pe\u00f1arroya Hernandez &#8211; EspelmaBN- 105\" title=\"7 &#8211; David Pe\u00f1arroya Hernandez &#8211; EspelmaBN- 105\" rel=\"noreferrer\" data-rel=\"iLightbox[gallery_image_1]\" class=\"fusion-lightbox\" target=\"_self\"><img decoding=\"async\" src=\"https:\/\/afc.cat\/wp-content\/uploads\/2024\/01\/7-David-Penarroya-Hernandez-EspelmaBN-105-320x202.jpg\" width=\"320\" height=\"202\" alt=\"\" title=\"7 &#8211; David Pe\u00f1arroya Hernandez &#8211; EspelmaBN- 105\" aria-label=\"7 &#8211; David Pe\u00f1arroya Hernandez &#8211; EspelmaBN- 105\" class=\"img-responsive wp-image-36566 fusion-gallery-image-size-fixed\" srcset=\"https:\/\/afc.cat\/wp-content\/uploads\/2024\/01\/7-David-Penarroya-Hernandez-EspelmaBN-105-320x202.jpg 320w, https:\/\/afc.cat\/wp-content\/uploads\/2024\/01\/7-David-Penarroya-Hernandez-EspelmaBN-105-700x441.jpg 700w\" sizes=\"(max-width: 320px) 100vw, 320px\" \/><\/a><\/div><\/div><div style=\"padding:5px;\" class=\"fusion-grid-column fusion-gallery-column fusion-gallery-column-6 hover-type-zoomin\"><div class=\"fusion-gallery-image\"><a href=\"https:\/\/afc.cat\/wp-content\/uploads\/2024\/01\/8-Albert-Folch-Navalon-103.jpg\" data-title=\"8 &#8211; Albert Folch Naval\u00f3n &#8211; 103\" title=\"8 &#8211; Albert Folch Naval\u00f3n &#8211; 103\" rel=\"noreferrer\" data-rel=\"iLightbox[gallery_image_1]\" class=\"fusion-lightbox\" target=\"_self\"><img decoding=\"async\" src=\"https:\/\/afc.cat\/wp-content\/uploads\/2024\/01\/8-Albert-Folch-Navalon-103-320x202.jpg\" width=\"320\" height=\"202\" alt=\"\" title=\"8 &#8211; Albert Folch Naval\u00f3n &#8211; 103\" aria-label=\"8 &#8211; Albert Folch Naval\u00f3n &#8211; 103\" class=\"img-responsive wp-image-36568 fusion-gallery-image-size-fixed\" srcset=\"https:\/\/afc.cat\/wp-content\/uploads\/2024\/01\/8-Albert-Folch-Navalon-103-320x202.jpg 320w, https:\/\/afc.cat\/wp-content\/uploads\/2024\/01\/8-Albert-Folch-Navalon-103-700x441.jpg 700w\" sizes=\"(max-width: 320px) 100vw, 320px\" \/><\/a><\/div><\/div><div style=\"padding:5px;\" class=\"fusion-grid-column fusion-gallery-column fusion-gallery-column-6 hover-type-zoomin\"><div class=\"fusion-gallery-image\"><a href=\"https:\/\/afc.cat\/wp-content\/uploads\/2024\/01\/9-Gloria-Tatxe-Salas-103.jpg\" data-title=\"9 &#8211; Gloria Tatx\u00e9 Salas &#8211; 103\" title=\"9 &#8211; Gloria Tatx\u00e9 Salas &#8211; 103\" rel=\"noreferrer\" data-rel=\"iLightbox[gallery_image_1]\" class=\"fusion-lightbox\" target=\"_self\"><img decoding=\"async\" src=\"https:\/\/afc.cat\/wp-content\/uploads\/2024\/01\/9-Gloria-Tatxe-Salas-103-320x202.jpg\" width=\"320\" height=\"202\" alt=\"\" title=\"9 &#8211; Gloria Tatx\u00e9 Salas &#8211; 103\" aria-label=\"9 &#8211; Gloria Tatx\u00e9 Salas &#8211; 103\" class=\"img-responsive wp-image-36570 fusion-gallery-image-size-fixed\" \/><\/a><\/div><\/div><div style=\"padding:5px;\" class=\"fusion-grid-column fusion-gallery-column fusion-gallery-column-6 hover-type-zoomin\"><div class=\"fusion-gallery-image\"><a href=\"https:\/\/afc.cat\/wp-content\/uploads\/2024\/01\/10-Merce-Rios-Bejar-102.jpg\" data-title=\"10 &#8211; Merc\u00e8 R\u00edos Bejar &#8211; 102\" title=\"10 &#8211; Merc\u00e8 R\u00edos Bejar &#8211; 102\" rel=\"noreferrer\" data-rel=\"iLightbox[gallery_image_1]\" class=\"fusion-lightbox\" target=\"_self\"><img decoding=\"async\" src=\"https:\/\/afc.cat\/wp-content\/uploads\/2024\/01\/10-Merce-Rios-Bejar-102-320x202.jpg\" width=\"320\" height=\"202\" alt=\"\" title=\"10 &#8211; Merc\u00e8 R\u00edos Bejar &#8211; 102\" aria-label=\"10 &#8211; Merc\u00e8 R\u00edos Bejar &#8211; 102\" class=\"img-responsive wp-image-36572 fusion-gallery-image-size-fixed\" srcset=\"https:\/\/afc.cat\/wp-content\/uploads\/2024\/01\/10-Merce-Rios-Bejar-102-320x202.jpg 320w, https:\/\/afc.cat\/wp-content\/uploads\/2024\/01\/10-Merce-Rios-Bejar-102-700x441.jpg 700w\" sizes=\"(max-width: 320px) 100vw, 320px\" \/><\/a><\/div><\/div><div style=\"padding:5px;\" class=\"fusion-grid-column fusion-gallery-column fusion-gallery-column-6 hover-type-zoomin\"><div class=\"fusion-gallery-image\"><a href=\"https:\/\/afc.cat\/wp-content\/uploads\/2024\/01\/11-Joan-Rue-Domingo-102.jpg\" data-title=\"11 &#8211; Joan Ru\u00e9 Domingo &#8211; 102\" title=\"11 &#8211; Joan Ru\u00e9 Domingo &#8211; 102\" rel=\"noreferrer\" data-rel=\"iLightbox[gallery_image_1]\" class=\"fusion-lightbox\" target=\"_self\"><img decoding=\"async\" src=\"https:\/\/afc.cat\/wp-content\/uploads\/2024\/01\/11-Joan-Rue-Domingo-102-320x202.jpg\" width=\"320\" height=\"202\" alt=\"\" title=\"11 &#8211; Joan Ru\u00e9 Domingo &#8211; 102\" aria-label=\"11 &#8211; Joan Ru\u00e9 Domingo &#8211; 102\" class=\"img-responsive wp-image-36574 fusion-gallery-image-size-fixed\" srcset=\"https:\/\/afc.cat\/wp-content\/uploads\/2024\/01\/11-Joan-Rue-Domingo-102-320x202.jpg 320w, https:\/\/afc.cat\/wp-content\/uploads\/2024\/01\/11-Joan-Rue-Domingo-102-700x441.jpg 700w\" sizes=\"(max-width: 320px) 100vw, 320px\" \/><\/a><\/div><\/div><div style=\"padding:5px;\" class=\"fusion-grid-column fusion-gallery-column fusion-gallery-column-6 hover-type-zoomin\"><div class=\"fusion-gallery-image\"><a href=\"https:\/\/afc.cat\/wp-content\/uploads\/2024\/01\/12-Josep-Maria-Bonjoch-Trilla-101.jpg\" data-title=\"12 &#8211; Josep Maria Bonjoch Trilla &#8211; 101\" title=\"12 &#8211; Josep Maria Bonjoch Trilla &#8211; 101\" rel=\"noreferrer\" data-rel=\"iLightbox[gallery_image_1]\" class=\"fusion-lightbox\" target=\"_self\"><img decoding=\"async\" src=\"https:\/\/afc.cat\/wp-content\/uploads\/2024\/01\/12-Josep-Maria-Bonjoch-Trilla-101-320x202.jpg\" width=\"320\" height=\"202\" alt=\"\" title=\"12 &#8211; Josep Maria Bonjoch Trilla &#8211; 101\" aria-label=\"12 &#8211; Josep Maria Bonjoch Trilla &#8211; 101\" class=\"img-responsive wp-image-36576 fusion-gallery-image-size-fixed\" \/><\/a><\/div><\/div><div class=\"clearfix\"><\/div><div style=\"padding:5px;\" class=\"fusion-grid-column fusion-gallery-column fusion-gallery-column-6 hover-type-zoomin\"><div class=\"fusion-gallery-image\"><a href=\"https:\/\/afc.cat\/wp-content\/uploads\/2024\/01\/13-Josep-LL-Soucheiron-101.jpg\" data-title=\"13 &#8211; Josep LL Soucheiron &#8211; 101\" title=\"13 &#8211; Josep LL Soucheiron &#8211; 101\" rel=\"noreferrer\" data-rel=\"iLightbox[gallery_image_1]\" class=\"fusion-lightbox\" target=\"_self\"><img decoding=\"async\" src=\"https:\/\/afc.cat\/wp-content\/uploads\/2024\/01\/13-Josep-LL-Soucheiron-101-320x202.jpg\" width=\"320\" height=\"202\" alt=\"\" title=\"13 &#8211; Josep LL Soucheiron &#8211; 101\" aria-label=\"13 &#8211; Josep LL Soucheiron &#8211; 101\" class=\"img-responsive wp-image-36578 fusion-gallery-image-size-fixed\" \/><\/a><\/div><\/div><div style=\"padding:5px;\" class=\"fusion-grid-column fusion-gallery-column fusion-gallery-column-6 hover-type-zoomin\"><div class=\"fusion-gallery-image\"><a href=\"https:\/\/afc.cat\/wp-content\/uploads\/2024\/01\/14-Lluis-Porcel-Gimenez-100.jpg\" data-title=\"14 &#8211; Llu\u00eds Porcel Gim\u00e9nez &#8211; 100\" title=\"14 &#8211; Llu\u00eds Porcel Gim\u00e9nez &#8211; 100\" rel=\"noreferrer\" data-rel=\"iLightbox[gallery_image_1]\" class=\"fusion-lightbox\" target=\"_self\"><img decoding=\"async\" src=\"https:\/\/afc.cat\/wp-content\/uploads\/2024\/01\/14-Lluis-Porcel-Gimenez-100-320x202.jpg\" width=\"320\" height=\"202\" alt=\"\" title=\"14 &#8211; Llu\u00eds Porcel Gim\u00e9nez &#8211; 100\" aria-label=\"14 &#8211; Llu\u00eds Porcel Gim\u00e9nez &#8211; 100\" class=\"img-responsive wp-image-36580 fusion-gallery-image-size-fixed\" srcset=\"https:\/\/afc.cat\/wp-content\/uploads\/2024\/01\/14-Lluis-Porcel-Gimenez-100-320x202.jpg 320w, https:\/\/afc.cat\/wp-content\/uploads\/2024\/01\/14-Lluis-Porcel-Gimenez-100-700x441.jpg 700w\" sizes=\"(max-width: 320px) 100vw, 320px\" \/><\/a><\/div><\/div><div style=\"padding:5px;\" class=\"fusion-grid-column fusion-gallery-column fusion-gallery-column-6 hover-type-zoomin\"><div class=\"fusion-gallery-image\"><a href=\"https:\/\/afc.cat\/wp-content\/uploads\/2024\/01\/15-Ramon-Riera-100.jpg\" data-title=\"15 &#8211; Ramon Riera &#8211; 100\" title=\"15 &#8211; Ramon Riera &#8211; 100\" rel=\"noreferrer\" data-rel=\"iLightbox[gallery_image_1]\" class=\"fusion-lightbox\" target=\"_self\"><img decoding=\"async\" src=\"https:\/\/afc.cat\/wp-content\/uploads\/2024\/01\/15-Ramon-Riera-100-320x202.jpg\" width=\"320\" height=\"202\" alt=\"\" title=\"15 &#8211; Ramon Riera &#8211; 100\" aria-label=\"15 &#8211; Ramon Riera &#8211; 100\" class=\"img-responsive wp-image-36582 fusion-gallery-image-size-fixed\" srcset=\"https:\/\/afc.cat\/wp-content\/uploads\/2024\/01\/15-Ramon-Riera-100-320x202.jpg 320w, https:\/\/afc.cat\/wp-content\/uploads\/2024\/01\/15-Ramon-Riera-100-700x441.jpg 700w\" sizes=\"(max-width: 320px) 100vw, 320px\" \/><\/a><\/div><\/div><div style=\"padding:5px;\" class=\"fusion-grid-column fusion-gallery-column fusion-gallery-column-6 hover-type-zoomin\"><div class=\"fusion-gallery-image\"><a href=\"https:\/\/afc.cat\/wp-content\/uploads\/2024\/01\/16-Carmen-Casademont-Ribot-Xinxetes-99.jpg\" data-title=\"16 &#8211; Carmen Casademont Ribot &#8211; Xinxetes- 99\" title=\"16 &#8211; Carmen Casademont Ribot &#8211; Xinxetes- 99\" rel=\"noreferrer\" data-rel=\"iLightbox[gallery_image_1]\" class=\"fusion-lightbox\" target=\"_self\"><img decoding=\"async\" src=\"https:\/\/afc.cat\/wp-content\/uploads\/2024\/01\/16-Carmen-Casademont-Ribot-Xinxetes-99-320x202.jpg\" width=\"320\" height=\"202\" alt=\"\" title=\"16 &#8211; Carmen Casademont Ribot &#8211; Xinxetes- 99\" aria-label=\"16 &#8211; Carmen Casademont Ribot &#8211; Xinxetes- 99\" class=\"img-responsive wp-image-36584 fusion-gallery-image-size-fixed\" srcset=\"https:\/\/afc.cat\/wp-content\/uploads\/2024\/01\/16-Carmen-Casademont-Ribot-Xinxetes-99-320x202.jpg 320w, https:\/\/afc.cat\/wp-content\/uploads\/2024\/01\/16-Carmen-Casademont-Ribot-Xinxetes-99-700x441.jpg 700w\" sizes=\"(max-width: 320px) 100vw, 320px\" \/><\/a><\/div><\/div><div style=\"padding:5px;\" class=\"fusion-grid-column fusion-gallery-column fusion-gallery-column-6 hover-type-zoomin\"><div class=\"fusion-gallery-image\"><a href=\"https:\/\/afc.cat\/wp-content\/uploads\/2024\/01\/17-Pere-Josep-Sanchez-Romero-99.jpg\" data-title=\"17 &#8211; Pere Josep S\u00e1nchez Romero &#8211; 99\" title=\"17 &#8211; Pere Josep S\u00e1nchez Romero &#8211; 99\" rel=\"noreferrer\" data-rel=\"iLightbox[gallery_image_1]\" class=\"fusion-lightbox\" target=\"_self\"><img decoding=\"async\" src=\"https:\/\/afc.cat\/wp-content\/uploads\/2024\/01\/17-Pere-Josep-Sanchez-Romero-99-320x202.jpg\" width=\"320\" height=\"202\" alt=\"\" title=\"17 &#8211; Pere Josep S\u00e1nchez Romero &#8211; 99\" aria-label=\"17 &#8211; Pere Josep S\u00e1nchez Romero &#8211; 99\" class=\"img-responsive wp-image-36586 fusion-gallery-image-size-fixed\" \/><\/a><\/div><\/div><div style=\"padding:5px;\" class=\"fusion-grid-column fusion-gallery-column fusion-gallery-column-6 hover-type-zoomin\"><div class=\"fusion-gallery-image\"><a href=\"https:\/\/afc.cat\/wp-content\/uploads\/2024\/01\/18-Josep-Suarez-Torrellas-99.jpg\" data-title=\"18 &#8211; Josep Suarez Torrellas &#8211; 99\" title=\"18 &#8211; Josep Suarez Torrellas &#8211; 99\" rel=\"noreferrer\" data-rel=\"iLightbox[gallery_image_1]\" class=\"fusion-lightbox\" target=\"_self\"><img decoding=\"async\" src=\"https:\/\/afc.cat\/wp-content\/uploads\/2024\/01\/18-Josep-Suarez-Torrellas-99-320x202.jpg\" width=\"320\" height=\"202\" alt=\"\" title=\"18 &#8211; Josep Suarez Torrellas &#8211; 99\" aria-label=\"18 &#8211; Josep Suarez Torrellas &#8211; 99\" class=\"img-responsive wp-image-36588 fusion-gallery-image-size-fixed\" srcset=\"https:\/\/afc.cat\/wp-content\/uploads\/2024\/01\/18-Josep-Suarez-Torrellas-99-320x202.jpg 320w, https:\/\/afc.cat\/wp-content\/uploads\/2024\/01\/18-Josep-Suarez-Torrellas-99-700x441.jpg 700w\" sizes=\"(max-width: 320px) 100vw, 320px\" \/><\/a><\/div><\/div><div class=\"clearfix\"><\/div><div style=\"padding:5px;\" class=\"fusion-grid-column fusion-gallery-column fusion-gallery-column-6 hover-type-zoomin\"><div class=\"fusion-gallery-image\"><a href=\"https:\/\/afc.cat\/wp-content\/uploads\/2024\/01\/19-Diego-Pastor-Sanchez-Tens-foc-98.jpg\" data-title=\"19 &#8211; Diego Pastor S\u00e1nchez &#8211; Tens foc- 98\" title=\"19 &#8211; Diego Pastor S\u00e1nchez &#8211; Tens foc- 98\" rel=\"noreferrer\" data-rel=\"iLightbox[gallery_image_1]\" class=\"fusion-lightbox\" target=\"_self\"><img decoding=\"async\" src=\"https:\/\/afc.cat\/wp-content\/uploads\/2024\/01\/19-Diego-Pastor-Sanchez-Tens-foc-98-320x202.jpg\" width=\"320\" height=\"202\" alt=\"\" title=\"19 &#8211; Diego Pastor S\u00e1nchez &#8211; Tens foc- 98\" aria-label=\"19 &#8211; Diego Pastor S\u00e1nchez &#8211; Tens foc- 98\" class=\"img-responsive wp-image-36590 fusion-gallery-image-size-fixed\" srcset=\"https:\/\/afc.cat\/wp-content\/uploads\/2024\/01\/19-Diego-Pastor-Sanchez-Tens-foc-98-320x202.jpg 320w, https:\/\/afc.cat\/wp-content\/uploads\/2024\/01\/19-Diego-Pastor-Sanchez-Tens-foc-98-700x441.jpg 700w\" sizes=\"(max-width: 320px) 100vw, 320px\" \/><\/a><\/div><\/div><div style=\"padding:5px;\" class=\"fusion-grid-column fusion-gallery-column fusion-gallery-column-6 hover-type-zoomin\"><div class=\"fusion-gallery-image\"><a href=\"https:\/\/afc.cat\/wp-content\/uploads\/2024\/01\/20-Pep-Vinyals-97.jpg\" data-title=\"20 &#8211; Pep Vinyals &#8211; 97\" title=\"20 &#8211; Pep Vinyals &#8211; 97\" rel=\"noreferrer\" data-rel=\"iLightbox[gallery_image_1]\" class=\"fusion-lightbox\" target=\"_self\"><img decoding=\"async\" src=\"https:\/\/afc.cat\/wp-content\/uploads\/2024\/01\/20-Pep-Vinyals-97-320x202.jpg\" width=\"320\" height=\"202\" alt=\"\" title=\"20 &#8211; Pep Vinyals &#8211; 97\" aria-label=\"20 &#8211; Pep Vinyals &#8211; 97\" class=\"img-responsive wp-image-36592 fusion-gallery-image-size-fixed\" srcset=\"https:\/\/afc.cat\/wp-content\/uploads\/2024\/01\/20-Pep-Vinyals-97-320x202.jpg 320w, https:\/\/afc.cat\/wp-content\/uploads\/2024\/01\/20-Pep-Vinyals-97-700x441.jpg 700w\" sizes=\"(max-width: 320px) 100vw, 320px\" \/><\/a><\/div><\/div><div style=\"padding:5px;\" class=\"fusion-grid-column fusion-gallery-column fusion-gallery-column-6 hover-type-zoomin\"><div class=\"fusion-gallery-image\"><a href=\"https:\/\/afc.cat\/wp-content\/uploads\/2024\/01\/21-Adolfo-Garcia-Bastard-96.jpg\" data-title=\"21 &#8211; Adolfo Garcia Bastard &#8211; 96\" title=\"21 &#8211; Adolfo Garcia Bastard &#8211; 96\" rel=\"noreferrer\" data-rel=\"iLightbox[gallery_image_1]\" class=\"fusion-lightbox\" target=\"_self\"><img decoding=\"async\" src=\"https:\/\/afc.cat\/wp-content\/uploads\/2024\/01\/21-Adolfo-Garcia-Bastard-96-320x202.jpg\" width=\"320\" height=\"202\" alt=\"\" title=\"21 &#8211; Adolfo Garcia Bastard &#8211; 96\" aria-label=\"21 &#8211; Adolfo Garcia Bastard &#8211; 96\" class=\"img-responsive wp-image-36594 fusion-gallery-image-size-fixed\" srcset=\"https:\/\/afc.cat\/wp-content\/uploads\/2024\/01\/21-Adolfo-Garcia-Bastard-96-320x202.jpg 320w, https:\/\/afc.cat\/wp-content\/uploads\/2024\/01\/21-Adolfo-Garcia-Bastard-96-700x441.jpg 700w\" sizes=\"(max-width: 320px) 100vw, 320px\" \/><\/a><\/div><\/div><div style=\"padding:5px;\" class=\"fusion-grid-column fusion-gallery-column fusion-gallery-column-6 hover-type-zoomin\"><div class=\"fusion-gallery-image\"><a href=\"https:\/\/afc.cat\/wp-content\/uploads\/2024\/01\/22-Josep-Soler-Vendrell-95.jpg\" data-title=\"22 &#8211; Josep Soler Vendrell &#8211; 95\" title=\"22 &#8211; Josep Soler Vendrell &#8211; 95\" rel=\"noreferrer\" data-rel=\"iLightbox[gallery_image_1]\" class=\"fusion-lightbox\" target=\"_self\"><img decoding=\"async\" src=\"https:\/\/afc.cat\/wp-content\/uploads\/2024\/01\/22-Josep-Soler-Vendrell-95-320x202.jpg\" width=\"320\" height=\"202\" alt=\"\" title=\"22 &#8211; Josep Soler Vendrell &#8211; 95\" aria-label=\"22 &#8211; Josep Soler Vendrell &#8211; 95\" class=\"img-responsive wp-image-36596 fusion-gallery-image-size-fixed\" srcset=\"https:\/\/afc.cat\/wp-content\/uploads\/2024\/01\/22-Josep-Soler-Vendrell-95-320x202.jpg 320w, https:\/\/afc.cat\/wp-content\/uploads\/2024\/01\/22-Josep-Soler-Vendrell-95-700x441.jpg 700w\" sizes=\"(max-width: 320px) 100vw, 320px\" \/><\/a><\/div><\/div><div style=\"padding:5px;\" class=\"fusion-grid-column fusion-gallery-column fusion-gallery-column-6 hover-type-zoomin\"><div class=\"fusion-gallery-image\"><a href=\"https:\/\/afc.cat\/wp-content\/uploads\/2024\/01\/23-Santiago-Garcia-Cuadrado-94.jpg\" data-title=\"23 &#8211; Santiago Garc\u00eda Cuadrado &#8211; 94\" title=\"23 &#8211; Santiago Garc\u00eda Cuadrado &#8211; 94\" rel=\"noreferrer\" data-rel=\"iLightbox[gallery_image_1]\" class=\"fusion-lightbox\" target=\"_self\"><img decoding=\"async\" src=\"https:\/\/afc.cat\/wp-content\/uploads\/2024\/01\/23-Santiago-Garcia-Cuadrado-94-320x202.jpg\" width=\"320\" height=\"202\" alt=\"\" title=\"23 &#8211; Santiago Garc\u00eda Cuadrado &#8211; 94\" aria-label=\"23 &#8211; Santiago Garc\u00eda Cuadrado &#8211; 94\" class=\"img-responsive wp-image-36598 fusion-gallery-image-size-fixed\" srcset=\"https:\/\/afc.cat\/wp-content\/uploads\/2024\/01\/23-Santiago-Garcia-Cuadrado-94-320x202.jpg 320w, https:\/\/afc.cat\/wp-content\/uploads\/2024\/01\/23-Santiago-Garcia-Cuadrado-94-700x441.jpg 700w\" sizes=\"(max-width: 320px) 100vw, 320px\" \/><\/a><\/div><\/div><div style=\"padding:5px;\" class=\"fusion-grid-column fusion-gallery-column fusion-gallery-column-6 hover-type-zoomin\"><div class=\"fusion-gallery-image\"><a href=\"https:\/\/afc.cat\/wp-content\/uploads\/2024\/01\/24-Francesca-Portoles-Braso-Gota-a-gota-94.jpg\" data-title=\"24 &#8211; Francesca Portol\u00e9s Bras\u00f3 &#8211; Gota a gota- 94\" title=\"24 &#8211; Francesca Portol\u00e9s Bras\u00f3 &#8211; Gota a gota- 94\" rel=\"noreferrer\" data-rel=\"iLightbox[gallery_image_1]\" class=\"fusion-lightbox\" target=\"_self\"><img decoding=\"async\" src=\"https:\/\/afc.cat\/wp-content\/uploads\/2024\/01\/24-Francesca-Portoles-Braso-Gota-a-gota-94-320x202.jpg\" width=\"320\" height=\"202\" alt=\"\" title=\"24 &#8211; Francesca Portol\u00e9s Bras\u00f3 &#8211; Gota a gota- 94\" aria-label=\"24 &#8211; Francesca Portol\u00e9s Bras\u00f3 &#8211; Gota a gota- 94\" class=\"img-responsive wp-image-36600 fusion-gallery-image-size-fixed\" \/><\/a><\/div><\/div><div class=\"clearfix\"><\/div><div style=\"padding:5px;\" class=\"fusion-grid-column fusion-gallery-column fusion-gallery-column-6 hover-type-zoomin\"><div class=\"fusion-gallery-image\"><a href=\"https:\/\/afc.cat\/wp-content\/uploads\/2024\/01\/25-Miquel-Cabre-Espelmes-Cap-a-la-llum-92.jpg\" data-title=\"25 &#8211; Miquel Cabr\u00e9 &#8211; Espelmes &#8211; Cap a la llum- 92\" title=\"25 &#8211; Miquel Cabr\u00e9 &#8211; Espelmes &#8211; Cap a la llum- 92\" rel=\"noreferrer\" data-rel=\"iLightbox[gallery_image_1]\" class=\"fusion-lightbox\" target=\"_self\"><img decoding=\"async\" src=\"https:\/\/afc.cat\/wp-content\/uploads\/2024\/01\/25-Miquel-Cabre-Espelmes-Cap-a-la-llum-92-320x202.jpg\" width=\"320\" height=\"202\" alt=\"\" title=\"25 &#8211; Miquel Cabr\u00e9 &#8211; Espelmes &#8211; Cap a la llum- 92\" aria-label=\"25 &#8211; Miquel Cabr\u00e9 &#8211; Espelmes &#8211; Cap a la llum- 92\" class=\"img-responsive wp-image-36602 fusion-gallery-image-size-fixed\" srcset=\"https:\/\/afc.cat\/wp-content\/uploads\/2024\/01\/25-Miquel-Cabre-Espelmes-Cap-a-la-llum-92-320x202.jpg 320w, https:\/\/afc.cat\/wp-content\/uploads\/2024\/01\/25-Miquel-Cabre-Espelmes-Cap-a-la-llum-92-700x441.jpg 700w\" sizes=\"(max-width: 320px) 100vw, 320px\" \/><\/a><\/div><\/div><div style=\"padding:5px;\" class=\"fusion-grid-column fusion-gallery-column fusion-gallery-column-6 hover-type-zoomin\"><div class=\"fusion-gallery-image\"><a href=\"https:\/\/afc.cat\/wp-content\/uploads\/2024\/01\/26-Nuria-Noguera-German-Lectura.-92.jpg\" data-title=\"26 &#8211; N\u00faria Noguera German &#8211; Lectura.- 92\" title=\"26 &#8211; N\u00faria Noguera German &#8211; Lectura.- 92\" rel=\"noreferrer\" data-rel=\"iLightbox[gallery_image_1]\" class=\"fusion-lightbox\" target=\"_self\"><img decoding=\"async\" src=\"https:\/\/afc.cat\/wp-content\/uploads\/2024\/01\/26-Nuria-Noguera-German-Lectura.-92-320x202.jpg\" width=\"320\" height=\"202\" alt=\"\" title=\"26 &#8211; N\u00faria Noguera German &#8211; Lectura.- 92\" aria-label=\"26 &#8211; N\u00faria Noguera German &#8211; Lectura.- 92\" class=\"img-responsive wp-image-36604 fusion-gallery-image-size-fixed\" \/><\/a><\/div><\/div><div style=\"padding:5px;\" class=\"fusion-grid-column fusion-gallery-column fusion-gallery-column-6 hover-type-zoomin\"><div class=\"fusion-gallery-image\"><a href=\"https:\/\/afc.cat\/wp-content\/uploads\/2024\/01\/27-Francisco-Olmos-Cubero-92.jpg\" data-title=\"27 &#8211; Francisco Olmos Cubero &#8211; 92\" title=\"27 &#8211; Francisco Olmos Cubero &#8211; 92\" rel=\"noreferrer\" data-rel=\"iLightbox[gallery_image_1]\" class=\"fusion-lightbox\" target=\"_self\"><img decoding=\"async\" src=\"https:\/\/afc.cat\/wp-content\/uploads\/2024\/01\/27-Francisco-Olmos-Cubero-92-320x202.jpg\" width=\"320\" height=\"202\" alt=\"\" title=\"27 &#8211; Francisco Olmos Cubero &#8211; 92\" aria-label=\"27 &#8211; Francisco Olmos Cubero &#8211; 92\" class=\"img-responsive wp-image-36606 fusion-gallery-image-size-fixed\" srcset=\"https:\/\/afc.cat\/wp-content\/uploads\/2024\/01\/27-Francisco-Olmos-Cubero-92-320x202.jpg 320w, https:\/\/afc.cat\/wp-content\/uploads\/2024\/01\/27-Francisco-Olmos-Cubero-92-700x441.jpg 700w\" sizes=\"(max-width: 320px) 100vw, 320px\" \/><\/a><\/div><\/div><div style=\"padding:5px;\" class=\"fusion-grid-column fusion-gallery-column fusion-gallery-column-6 hover-type-zoomin\"><div class=\"fusion-gallery-image\"><a href=\"https:\/\/afc.cat\/wp-content\/uploads\/2024\/01\/28-Damia-Tous-Vazquez-90.jpg\" data-title=\"28 &#8211; Dami\u00e0 Tous Vazquez &#8211; 90\" title=\"28 &#8211; Dami\u00e0 Tous Vazquez &#8211; 90\" rel=\"noreferrer\" data-rel=\"iLightbox[gallery_image_1]\" class=\"fusion-lightbox\" target=\"_self\"><img decoding=\"async\" src=\"https:\/\/afc.cat\/wp-content\/uploads\/2024\/01\/28-Damia-Tous-Vazquez-90-320x202.jpg\" width=\"320\" height=\"202\" alt=\"\" title=\"28 &#8211; Dami\u00e0 Tous Vazquez &#8211; 90\" aria-label=\"28 &#8211; Dami\u00e0 Tous Vazquez &#8211; 90\" class=\"img-responsive wp-image-36608 fusion-gallery-image-size-fixed\" srcset=\"https:\/\/afc.cat\/wp-content\/uploads\/2024\/01\/28-Damia-Tous-Vazquez-90-320x202.jpg 320w, https:\/\/afc.cat\/wp-content\/uploads\/2024\/01\/28-Damia-Tous-Vazquez-90-700x441.jpg 700w\" sizes=\"(max-width: 320px) 100vw, 320px\" \/><\/a><\/div><\/div><div style=\"padding:5px;\" class=\"fusion-grid-column fusion-gallery-column fusion-gallery-column-6 hover-type-zoomin\"><div class=\"fusion-gallery-image\"><a href=\"https:\/\/afc.cat\/wp-content\/uploads\/2024\/01\/29-Clara-Lopez-Colomer-87.jpg\" data-title=\"29 &#8211; Clara Lopez Colomer &#8211; 87\" title=\"29 &#8211; Clara Lopez Colomer &#8211; 87\" rel=\"noreferrer\" data-rel=\"iLightbox[gallery_image_1]\" class=\"fusion-lightbox\" target=\"_self\"><img decoding=\"async\" src=\"https:\/\/afc.cat\/wp-content\/uploads\/2024\/01\/29-Clara-Lopez-Colomer-87-320x202.jpg\" width=\"320\" height=\"202\" alt=\"\" title=\"29 &#8211; Clara Lopez Colomer &#8211; 87\" aria-label=\"29 &#8211; Clara Lopez Colomer &#8211; 87\" class=\"img-responsive wp-image-36610 fusion-gallery-image-size-fixed\" srcset=\"https:\/\/afc.cat\/wp-content\/uploads\/2024\/01\/29-Clara-Lopez-Colomer-87-320x202.jpg 320w, https:\/\/afc.cat\/wp-content\/uploads\/2024\/01\/29-Clara-Lopez-Colomer-87-700x441.jpg 700w\" sizes=\"(max-width: 320px) 100vw, 320px\" \/><\/a><\/div><\/div><div style=\"padding:5px;\" class=\"fusion-grid-column fusion-gallery-column fusion-gallery-column-6 hover-type-zoomin\"><div class=\"fusion-gallery-image\"><a href=\"https:\/\/afc.cat\/wp-content\/uploads\/2024\/01\/30-Carme-Mur-Calvo-87.jpg\" data-title=\"30 &#8211; Carme Mur Calv\u00f3 &#8211; 87\" title=\"30 &#8211; Carme Mur Calv\u00f3 &#8211; 87\" rel=\"noreferrer\" data-rel=\"iLightbox[gallery_image_1]\" class=\"fusion-lightbox\" target=\"_self\"><img decoding=\"async\" src=\"https:\/\/afc.cat\/wp-content\/uploads\/2024\/01\/30-Carme-Mur-Calvo-87-320x202.jpg\" width=\"320\" height=\"202\" alt=\"\" title=\"30 &#8211; Carme Mur Calv\u00f3 &#8211; 87\" aria-label=\"30 &#8211; Carme Mur Calv\u00f3 &#8211; 87\" class=\"img-responsive wp-image-36612 fusion-gallery-image-size-fixed\" \/><\/a><\/div><\/div><div class=\"clearfix\"><\/div><div style=\"padding:5px;\" class=\"fusion-grid-column fusion-gallery-column fusion-gallery-column-6 hover-type-zoomin\"><div class=\"fusion-gallery-image\"><a href=\"https:\/\/afc.cat\/wp-content\/uploads\/2024\/01\/31-Joan-Soldevila-Adan-86.jpg\" data-title=\"31 &#8211; Joan Soldevila Ad\u00e1n &#8211; 86\" title=\"31 &#8211; Joan Soldevila Ad\u00e1n &#8211; 86\" rel=\"noreferrer\" data-rel=\"iLightbox[gallery_image_1]\" class=\"fusion-lightbox\" target=\"_self\"><img decoding=\"async\" src=\"https:\/\/afc.cat\/wp-content\/uploads\/2024\/01\/31-Joan-Soldevila-Adan-86-320x202.jpg\" width=\"320\" height=\"202\" alt=\"\" title=\"31 &#8211; Joan Soldevila Ad\u00e1n &#8211; 86\" aria-label=\"31 &#8211; Joan Soldevila Ad\u00e1n &#8211; 86\" class=\"img-responsive wp-image-36614 fusion-gallery-image-size-fixed\" \/><\/a><\/div><\/div><div style=\"padding:5px;\" class=\"fusion-grid-column fusion-gallery-column fusion-gallery-column-6 hover-type-zoomin\"><div class=\"fusion-gallery-image\"><a href=\"https:\/\/afc.cat\/wp-content\/uploads\/2024\/01\/32-PERE-GRAUPERA-LANGA-84.jpg\" data-title=\"32 &#8211; PERE GRAUPERA LANGA &#8211; 84\" title=\"32 &#8211; PERE GRAUPERA LANGA &#8211; 84\" rel=\"noreferrer\" data-rel=\"iLightbox[gallery_image_1]\" class=\"fusion-lightbox\" target=\"_self\"><img decoding=\"async\" src=\"https:\/\/afc.cat\/wp-content\/uploads\/2024\/01\/32-PERE-GRAUPERA-LANGA-84-320x202.jpg\" width=\"320\" height=\"202\" alt=\"\" title=\"32 &#8211; PERE GRAUPERA LANGA &#8211; 84\" aria-label=\"32 &#8211; PERE GRAUPERA LANGA &#8211; 84\" class=\"img-responsive wp-image-36616 fusion-gallery-image-size-fixed\" srcset=\"https:\/\/afc.cat\/wp-content\/uploads\/2024\/01\/32-PERE-GRAUPERA-LANGA-84-320x202.jpg 320w, https:\/\/afc.cat\/wp-content\/uploads\/2024\/01\/32-PERE-GRAUPERA-LANGA-84-700x441.jpg 700w\" sizes=\"(max-width: 320px) 100vw, 320px\" \/><\/a><\/div><\/div><div style=\"padding:5px;\" class=\"fusion-grid-column fusion-gallery-column fusion-gallery-column-6 hover-type-zoomin\"><div class=\"fusion-gallery-image\"><a href=\"https:\/\/afc.cat\/wp-content\/uploads\/2024\/01\/33-XAVIER-RICOL-DOLSET-84.jpg\" data-title=\"33 &#8211; XAVIER RICOL DOLSET &#8211; 84\" title=\"33 &#8211; XAVIER RICOL DOLSET &#8211; 84\" rel=\"noreferrer\" data-rel=\"iLightbox[gallery_image_1]\" class=\"fusion-lightbox\" target=\"_self\"><img decoding=\"async\" src=\"https:\/\/afc.cat\/wp-content\/uploads\/2024\/01\/33-XAVIER-RICOL-DOLSET-84-320x202.jpg\" width=\"320\" height=\"202\" alt=\"\" title=\"33 &#8211; XAVIER RICOL DOLSET &#8211; 84\" aria-label=\"33 &#8211; XAVIER RICOL DOLSET &#8211; 84\" class=\"img-responsive wp-image-36618 fusion-gallery-image-size-fixed\" srcset=\"https:\/\/afc.cat\/wp-content\/uploads\/2024\/01\/33-XAVIER-RICOL-DOLSET-84-320x202.jpg 320w, https:\/\/afc.cat\/wp-content\/uploads\/2024\/01\/33-XAVIER-RICOL-DOLSET-84-700x441.jpg 700w\" sizes=\"(max-width: 320px) 100vw, 320px\" \/><\/a><\/div><\/div><div style=\"padding:5px;\" class=\"fusion-grid-column fusion-gallery-column fusion-gallery-column-6 hover-type-zoomin\"><div class=\"fusion-gallery-image\"><a href=\"https:\/\/afc.cat\/wp-content\/uploads\/2024\/01\/34-Esperanca-Sanz-Marin-Nit-al-terrat-82.jpg\" data-title=\"34 &#8211; Esperan\u00e7a Sanz Marin &#8211; Nit al terrat- 82\" title=\"34 &#8211; Esperan\u00e7a Sanz Marin &#8211; Nit al terrat- 82\" rel=\"noreferrer\" data-rel=\"iLightbox[gallery_image_1]\" class=\"fusion-lightbox\" target=\"_self\"><img decoding=\"async\" src=\"https:\/\/afc.cat\/wp-content\/uploads\/2024\/01\/34-Esperanca-Sanz-Marin-Nit-al-terrat-82-320x202.jpg\" width=\"320\" height=\"202\" alt=\"\" title=\"34 &#8211; Esperan\u00e7a Sanz Marin &#8211; Nit al terrat- 82\" aria-label=\"34 &#8211; Esperan\u00e7a Sanz Marin &#8211; Nit al terrat- 82\" class=\"img-responsive wp-image-36620 fusion-gallery-image-size-fixed\" srcset=\"https:\/\/afc.cat\/wp-content\/uploads\/2024\/01\/34-Esperanca-Sanz-Marin-Nit-al-terrat-82-320x202.jpg 320w, https:\/\/afc.cat\/wp-content\/uploads\/2024\/01\/34-Esperanca-Sanz-Marin-Nit-al-terrat-82-700x441.jpg 700w\" sizes=\"(max-width: 320px) 100vw, 320px\" \/><\/a><\/div><\/div><div style=\"padding:5px;\" class=\"fusion-grid-column fusion-gallery-column fusion-gallery-column-6 hover-type-zoomin\"><div class=\"fusion-gallery-image\"><a href=\"https:\/\/afc.cat\/wp-content\/uploads\/2024\/01\/35-Rosa-Cristofol-Martinez-Monestir-81.jpg\" data-title=\"35 &#8211; Rosa Crist\u00f2fol Mart\u00ednez &#8211; Monestir- 81\" title=\"35 &#8211; Rosa Crist\u00f2fol Mart\u00ednez &#8211; Monestir- 81\" rel=\"noreferrer\" data-rel=\"iLightbox[gallery_image_1]\" class=\"fusion-lightbox\" target=\"_self\"><img decoding=\"async\" src=\"https:\/\/afc.cat\/wp-content\/uploads\/2024\/01\/35-Rosa-Cristofol-Martinez-Monestir-81-320x202.jpg\" width=\"320\" height=\"202\" alt=\"\" title=\"35 &#8211; Rosa Crist\u00f2fol Mart\u00ednez &#8211; Monestir- 81\" aria-label=\"35 &#8211; Rosa Crist\u00f2fol Mart\u00ednez &#8211; Monestir- 81\" class=\"img-responsive wp-image-36622 fusion-gallery-image-size-fixed\" srcset=\"https:\/\/afc.cat\/wp-content\/uploads\/2024\/01\/35-Rosa-Cristofol-Martinez-Monestir-81-320x202.jpg 320w, https:\/\/afc.cat\/wp-content\/uploads\/2024\/01\/35-Rosa-Cristofol-Martinez-Monestir-81-700x441.jpg 700w\" sizes=\"(max-width: 320px) 100vw, 320px\" \/><\/a><\/div><\/div><div style=\"padding:5px;\" class=\"fusion-grid-column fusion-gallery-column fusion-gallery-column-6 hover-type-zoomin\"><div class=\"fusion-gallery-image\"><a href=\"https:\/\/afc.cat\/wp-content\/uploads\/2024\/01\/36-Xavier-Bou-Salazar-73.jpg\" data-title=\"36 &#8211; Xavier Bou Salazar &#8211; 73\" title=\"36 &#8211; Xavier Bou Salazar &#8211; 73\" rel=\"noreferrer\" data-rel=\"iLightbox[gallery_image_1]\" class=\"fusion-lightbox\" target=\"_self\"><img decoding=\"async\" src=\"https:\/\/afc.cat\/wp-content\/uploads\/2024\/01\/36-Xavier-Bou-Salazar-73-320x202.jpg\" width=\"320\" height=\"202\" alt=\"\" title=\"36 &#8211; Xavier Bou Salazar &#8211; 73\" aria-label=\"36 &#8211; Xavier Bou Salazar &#8211; 73\" class=\"img-responsive wp-image-36624 fusion-gallery-image-size-fixed\" srcset=\"https:\/\/afc.cat\/wp-content\/uploads\/2024\/01\/36-Xavier-Bou-Salazar-73-320x202.jpg 320w, https:\/\/afc.cat\/wp-content\/uploads\/2024\/01\/36-Xavier-Bou-Salazar-73-700x441.jpg 700w\" sizes=\"(max-width: 320px) 100vw, 320px\" \/><\/a><\/div><\/div><div class=\"clearfix\"><\/div><\/div><div class=\"fusion-separator fusion-full-width-sep\" style=\"align-self: center;margin-left: auto;margin-right: auto;margin-top:20px;margin-bottom:20px;width:100%;\"><div class=\"fusion-separator-border sep-single sep-solid\" style=\"border-color:#3ec0bf;border-top-width:1px;\"><\/div><\/div><div class=\"fusion-text fusion-text-5\"><p style=\"text-align: center;\"><strong>PUNTUACI\u00d3N GENERAL ACUMULADA COLOR<\/strong><\/p>\n<\/div><div style=\"text-align:center;\"><style>.fusion-imageframe.imageframe-2{ margin-bottom : 5%;}<\/style><span class=\" fusion-imageframe imageframe-none imageframe-2 hover-type-zoomin\"><img decoding=\"async\" width=\"728\" height=\"1094\" title=\"gener ok COLOR\" src=\"https:\/\/afc.cat\/wp-content\/uploads\/2024\/01\/gener-ok-COLOR.jpg\" alt class=\"img-responsive wp-image-36626\" srcset=\"https:\/\/afc.cat\/wp-content\/uploads\/2024\/01\/gener-ok-COLOR-200x301.jpg 200w, https:\/\/afc.cat\/wp-content\/uploads\/2024\/01\/gener-ok-COLOR-400x601.jpg 400w, https:\/\/afc.cat\/wp-content\/uploads\/2024\/01\/gener-ok-COLOR-600x902.jpg 600w, https:\/\/afc.cat\/wp-content\/uploads\/2024\/01\/gener-ok-COLOR.jpg 728w\" sizes=\"(max-width: 640px) 100vw, 728px\" \/><\/span><\/div><div class=\"fusion-text fusion-text-6\"><p style=\"text-align: center;\"><strong>Clasificaci\u00f3n color de enero 2024<\/strong><\/p>\n<\/div><style type=\"text\/css\">.fusion-gallery-2 .fusion-gallery-image {border:0px solid #e2e2e2;}<\/style><div class=\"fusion-gallery fusion-gallery-container fusion-grid-6 fusion-columns-total-37 fusion-gallery-layout-grid fusion-gallery-2\" style=\"margin:-5px;\"><div style=\"padding:5px;\" class=\"fusion-grid-column fusion-gallery-column fusion-gallery-column-6 hover-type-zoomin\"><div class=\"fusion-gallery-image\"><a href=\"https:\/\/afc.cat\/wp-content\/uploads\/2024\/01\/1-Carme-Mur-Calvo-118.jpg\" data-title=\"1 &#8211; Carme Mur Calv\u00f3 &#8211; 118\" title=\"1 &#8211; Carme Mur Calv\u00f3 &#8211; 118\" rel=\"noreferrer\" data-rel=\"iLightbox[gallery_image_2]\" class=\"fusion-lightbox\" target=\"_self\"><img decoding=\"async\" src=\"https:\/\/afc.cat\/wp-content\/uploads\/2024\/01\/1-Carme-Mur-Calvo-118-320x202.jpg\" width=\"320\" height=\"202\" alt=\"\" title=\"1 &#8211; Carme Mur Calv\u00f3 &#8211; 118\" aria-label=\"1 &#8211; Carme Mur Calv\u00f3 &#8211; 118\" class=\"img-responsive wp-image-36478 fusion-gallery-image-size-fixed\" srcset=\"https:\/\/afc.cat\/wp-content\/uploads\/2024\/01\/1-Carme-Mur-Calvo-118-320x202.jpg 320w, https:\/\/afc.cat\/wp-content\/uploads\/2024\/01\/1-Carme-Mur-Calvo-118-700x441.jpg 700w\" sizes=\"(max-width: 320px) 100vw, 320px\" \/><\/a><\/div><\/div><div style=\"padding:5px;\" class=\"fusion-grid-column fusion-gallery-column fusion-gallery-column-6 hover-type-zoomin\"><div class=\"fusion-gallery-image\"><a href=\"https:\/\/afc.cat\/wp-content\/uploads\/2024\/01\/2-Esperanca-Sanz-Marin-114.jpg\" data-title=\"2 &#8211; Esperan\u00e7a Sanz Marin &#8211; 114\" title=\"2 &#8211; Esperan\u00e7a Sanz Marin &#8211; 114\" rel=\"noreferrer\" data-rel=\"iLightbox[gallery_image_2]\" class=\"fusion-lightbox\" target=\"_self\"><img decoding=\"async\" src=\"https:\/\/afc.cat\/wp-content\/uploads\/2024\/01\/2-Esperanca-Sanz-Marin-114-320x202.jpg\" width=\"320\" height=\"202\" alt=\"\" title=\"2 &#8211; Esperan\u00e7a Sanz Marin &#8211; 114\" aria-label=\"2 &#8211; Esperan\u00e7a Sanz Marin &#8211; 114\" class=\"img-responsive wp-image-36480 fusion-gallery-image-size-fixed\" srcset=\"https:\/\/afc.cat\/wp-content\/uploads\/2024\/01\/2-Esperanca-Sanz-Marin-114-320x202.jpg 320w, https:\/\/afc.cat\/wp-content\/uploads\/2024\/01\/2-Esperanca-Sanz-Marin-114-700x441.jpg 700w\" sizes=\"(max-width: 320px) 100vw, 320px\" \/><\/a><\/div><\/div><div style=\"padding:5px;\" class=\"fusion-grid-column fusion-gallery-column fusion-gallery-column-6 hover-type-zoomin\"><div class=\"fusion-gallery-image\"><a href=\"https:\/\/afc.cat\/wp-content\/uploads\/2024\/01\/3-Josep-LL-Soucheiron-111.jpg\" data-title=\"3 &#8211; Josep LL Soucheiron &#8211; 111\" title=\"3 &#8211; Josep LL Soucheiron &#8211; 111\" rel=\"noreferrer\" data-rel=\"iLightbox[gallery_image_2]\" class=\"fusion-lightbox\" target=\"_self\"><img decoding=\"async\" src=\"https:\/\/afc.cat\/wp-content\/uploads\/2024\/01\/3-Josep-LL-Soucheiron-111-320x202.jpg\" width=\"320\" height=\"202\" alt=\"\" title=\"3 &#8211; Josep LL Soucheiron &#8211; 111\" aria-label=\"3 &#8211; Josep LL Soucheiron &#8211; 111\" class=\"img-responsive wp-image-36482 fusion-gallery-image-size-fixed\" srcset=\"https:\/\/afc.cat\/wp-content\/uploads\/2024\/01\/3-Josep-LL-Soucheiron-111-320x202.jpg 320w, https:\/\/afc.cat\/wp-content\/uploads\/2024\/01\/3-Josep-LL-Soucheiron-111-700x441.jpg 700w\" sizes=\"(max-width: 320px) 100vw, 320px\" \/><\/a><\/div><\/div><div style=\"padding:5px;\" class=\"fusion-grid-column fusion-gallery-column fusion-gallery-column-6 hover-type-zoomin\"><div class=\"fusion-gallery-image\"><a href=\"https:\/\/afc.cat\/wp-content\/uploads\/2024\/01\/4-Dolors-Ventura-Canellas-111.jpg\" data-title=\"4 &#8211; Dolors Ventura Ca\u00f1ellas &#8211; 111\" title=\"4 &#8211; Dolors Ventura Ca\u00f1ellas &#8211; 111\" rel=\"noreferrer\" data-rel=\"iLightbox[gallery_image_2]\" class=\"fusion-lightbox\" target=\"_self\"><img decoding=\"async\" src=\"https:\/\/afc.cat\/wp-content\/uploads\/2024\/01\/4-Dolors-Ventura-Canellas-111-320x202.jpg\" width=\"320\" height=\"202\" alt=\"\" title=\"4 &#8211; Dolors Ventura Ca\u00f1ellas &#8211; 111\" aria-label=\"4 &#8211; Dolors Ventura Ca\u00f1ellas &#8211; 111\" class=\"img-responsive wp-image-36484 fusion-gallery-image-size-fixed\" srcset=\"https:\/\/afc.cat\/wp-content\/uploads\/2024\/01\/4-Dolors-Ventura-Canellas-111-320x202.jpg 320w, https:\/\/afc.cat\/wp-content\/uploads\/2024\/01\/4-Dolors-Ventura-Canellas-111-700x441.jpg 700w\" sizes=\"(max-width: 320px) 100vw, 320px\" \/><\/a><\/div><\/div><div style=\"padding:5px;\" class=\"fusion-grid-column fusion-gallery-column fusion-gallery-column-6 hover-type-zoomin\"><div class=\"fusion-gallery-image\"><a href=\"https:\/\/afc.cat\/wp-content\/uploads\/2024\/01\/5-Sara-Assens-Mampel-lectura-109.jpg\" data-title=\"5 &#8211; Sara Assens Mampel &#8211; lectura- 109\" title=\"5 &#8211; Sara Assens Mampel &#8211; lectura- 109\" rel=\"noreferrer\" data-rel=\"iLightbox[gallery_image_2]\" class=\"fusion-lightbox\" target=\"_self\"><img decoding=\"async\" src=\"https:\/\/afc.cat\/wp-content\/uploads\/2024\/01\/5-Sara-Assens-Mampel-lectura-109-320x202.jpg\" width=\"320\" height=\"202\" alt=\"\" title=\"5 &#8211; Sara Assens Mampel &#8211; lectura- 109\" aria-label=\"5 &#8211; Sara Assens Mampel &#8211; lectura- 109\" class=\"img-responsive wp-image-36486 fusion-gallery-image-size-fixed\" srcset=\"https:\/\/afc.cat\/wp-content\/uploads\/2024\/01\/5-Sara-Assens-Mampel-lectura-109-320x202.jpg 320w, https:\/\/afc.cat\/wp-content\/uploads\/2024\/01\/5-Sara-Assens-Mampel-lectura-109-700x441.jpg 700w\" sizes=\"(max-width: 320px) 100vw, 320px\" \/><\/a><\/div><\/div><div style=\"padding:5px;\" class=\"fusion-grid-column fusion-gallery-column fusion-gallery-column-6 hover-type-zoomin\"><div class=\"fusion-gallery-image\"><a href=\"https:\/\/afc.cat\/wp-content\/uploads\/2024\/01\/6-David-Penarroya-Hernandez-EspelmaC-108.jpg\" data-title=\"6 &#8211; David Pe\u00f1arroya Hernandez &#8211; EspelmaC- 108\" title=\"6 &#8211; David Pe\u00f1arroya Hernandez &#8211; EspelmaC- 108\" rel=\"noreferrer\" data-rel=\"iLightbox[gallery_image_2]\" class=\"fusion-lightbox\" target=\"_self\"><img decoding=\"async\" src=\"https:\/\/afc.cat\/wp-content\/uploads\/2024\/01\/6-David-Penarroya-Hernandez-EspelmaC-108-320x202.jpg\" width=\"320\" height=\"202\" alt=\"\" title=\"6 &#8211; David Pe\u00f1arroya Hernandez &#8211; EspelmaC- 108\" aria-label=\"6 &#8211; David Pe\u00f1arroya Hernandez &#8211; EspelmaC- 108\" class=\"img-responsive wp-image-36488 fusion-gallery-image-size-fixed\" srcset=\"https:\/\/afc.cat\/wp-content\/uploads\/2024\/01\/6-David-Penarroya-Hernandez-EspelmaC-108-320x202.jpg 320w, https:\/\/afc.cat\/wp-content\/uploads\/2024\/01\/6-David-Penarroya-Hernandez-EspelmaC-108-700x441.jpg 700w\" sizes=\"(max-width: 320px) 100vw, 320px\" \/><\/a><\/div><\/div><div class=\"clearfix\"><\/div><div style=\"padding:5px;\" class=\"fusion-grid-column fusion-gallery-column fusion-gallery-column-6 hover-type-zoomin\"><div class=\"fusion-gallery-image\"><a href=\"https:\/\/afc.cat\/wp-content\/uploads\/2024\/01\/7-Francisco-Martinez-Aguero-libro-y-vela-107.jpg\" data-title=\"7 &#8211; Francisco Mart\u00ednez Ag\u00fcero &#8211; libro y vela- 107\" title=\"7 &#8211; Francisco Mart\u00ednez Ag\u00fcero &#8211; libro y vela- 107\" rel=\"noreferrer\" data-rel=\"iLightbox[gallery_image_2]\" class=\"fusion-lightbox\" target=\"_self\"><img decoding=\"async\" src=\"https:\/\/afc.cat\/wp-content\/uploads\/2024\/01\/7-Francisco-Martinez-Aguero-libro-y-vela-107-320x202.jpg\" width=\"320\" height=\"202\" alt=\"\" title=\"7 &#8211; Francisco Mart\u00ednez Ag\u00fcero &#8211; libro y vela- 107\" aria-label=\"7 &#8211; Francisco Mart\u00ednez Ag\u00fcero &#8211; libro y vela- 107\" class=\"img-responsive wp-image-36490 fusion-gallery-image-size-fixed\" srcset=\"https:\/\/afc.cat\/wp-content\/uploads\/2024\/01\/7-Francisco-Martinez-Aguero-libro-y-vela-107-320x202.jpg 320w, https:\/\/afc.cat\/wp-content\/uploads\/2024\/01\/7-Francisco-Martinez-Aguero-libro-y-vela-107-700x441.jpg 700w\" sizes=\"(max-width: 320px) 100vw, 320px\" \/><\/a><\/div><\/div><div style=\"padding:5px;\" class=\"fusion-grid-column fusion-gallery-column fusion-gallery-column-6 hover-type-zoomin\"><div class=\"fusion-gallery-image\"><a href=\"https:\/\/afc.cat\/wp-content\/uploads\/2024\/01\/8-Albert-Canellas-Xarau-106.jpg\" data-title=\"8 &#8211; Albert Ca\u00f1ellas Xarau &#8211; 106\" title=\"8 &#8211; Albert Ca\u00f1ellas Xarau &#8211; 106\" rel=\"noreferrer\" data-rel=\"iLightbox[gallery_image_2]\" class=\"fusion-lightbox\" target=\"_self\"><img decoding=\"async\" src=\"https:\/\/afc.cat\/wp-content\/uploads\/2024\/01\/8-Albert-Canellas-Xarau-106-320x202.jpg\" width=\"320\" height=\"202\" alt=\"\" title=\"8 &#8211; Albert Ca\u00f1ellas Xarau &#8211; 106\" aria-label=\"8 &#8211; Albert Ca\u00f1ellas Xarau &#8211; 106\" class=\"img-responsive wp-image-36492 fusion-gallery-image-size-fixed\" \/><\/a><\/div><\/div><div style=\"padding:5px;\" class=\"fusion-grid-column fusion-gallery-column fusion-gallery-column-6 hover-type-zoomin\"><div class=\"fusion-gallery-image\"><a href=\"https:\/\/afc.cat\/wp-content\/uploads\/2024\/01\/9-Nuria-Noguera-German-106.jpg\" data-title=\"9 &#8211; N\u00faria Noguera German &#8211; 106\" title=\"9 &#8211; N\u00faria Noguera German &#8211; 106\" rel=\"noreferrer\" data-rel=\"iLightbox[gallery_image_2]\" class=\"fusion-lightbox\" target=\"_self\"><img decoding=\"async\" src=\"https:\/\/afc.cat\/wp-content\/uploads\/2024\/01\/9-Nuria-Noguera-German-106-320x202.jpg\" width=\"320\" height=\"202\" alt=\"\" title=\"9 &#8211; N\u00faria Noguera German &#8211; 106\" aria-label=\"9 &#8211; N\u00faria Noguera German &#8211; 106\" class=\"img-responsive wp-image-36494 fusion-gallery-image-size-fixed\" srcset=\"https:\/\/afc.cat\/wp-content\/uploads\/2024\/01\/9-Nuria-Noguera-German-106-320x202.jpg 320w, https:\/\/afc.cat\/wp-content\/uploads\/2024\/01\/9-Nuria-Noguera-German-106-700x441.jpg 700w\" sizes=\"(max-width: 320px) 100vw, 320px\" \/><\/a><\/div><\/div><div style=\"padding:5px;\" class=\"fusion-grid-column fusion-gallery-column fusion-gallery-column-6 hover-type-zoomin\"><div class=\"fusion-gallery-image\"><a href=\"https:\/\/afc.cat\/wp-content\/uploads\/2024\/01\/10-Diego-Pastor-Sanchez-106.jpg\" data-title=\"10 &#8211; Diego Pastor S\u00e1nchez &#8211; 106\" title=\"10 &#8211; Diego Pastor S\u00e1nchez &#8211; 106\" rel=\"noreferrer\" data-rel=\"iLightbox[gallery_image_2]\" class=\"fusion-lightbox\" target=\"_self\"><img decoding=\"async\" src=\"https:\/\/afc.cat\/wp-content\/uploads\/2024\/01\/10-Diego-Pastor-Sanchez-106-320x202.jpg\" width=\"320\" height=\"202\" alt=\"\" title=\"10 &#8211; Diego Pastor S\u00e1nchez &#8211; 106\" aria-label=\"10 &#8211; Diego Pastor S\u00e1nchez &#8211; 106\" class=\"img-responsive wp-image-36496 fusion-gallery-image-size-fixed\" srcset=\"https:\/\/afc.cat\/wp-content\/uploads\/2024\/01\/10-Diego-Pastor-Sanchez-106-320x202.jpg 320w, https:\/\/afc.cat\/wp-content\/uploads\/2024\/01\/10-Diego-Pastor-Sanchez-106-700x441.jpg 700w\" sizes=\"(max-width: 320px) 100vw, 320px\" \/><\/a><\/div><\/div><div style=\"padding:5px;\" class=\"fusion-grid-column fusion-gallery-column fusion-gallery-column-6 hover-type-zoomin\"><div class=\"fusion-gallery-image\"><a href=\"https:\/\/afc.cat\/wp-content\/uploads\/2024\/01\/11-Anna-Barnes-Guillen-105.jpg\" data-title=\"11 &#8211; Anna Barn\u00e9s Guill\u00e9n &#8211; 105\" title=\"11 &#8211; Anna Barn\u00e9s Guill\u00e9n &#8211; 105\" rel=\"noreferrer\" data-rel=\"iLightbox[gallery_image_2]\" class=\"fusion-lightbox\" target=\"_self\"><img decoding=\"async\" src=\"https:\/\/afc.cat\/wp-content\/uploads\/2024\/01\/11-Anna-Barnes-Guillen-105-320x202.jpg\" width=\"320\" height=\"202\" alt=\"\" title=\"11 &#8211; Anna Barn\u00e9s Guill\u00e9n &#8211; 105\" aria-label=\"11 &#8211; Anna Barn\u00e9s Guill\u00e9n &#8211; 105\" class=\"img-responsive wp-image-36498 fusion-gallery-image-size-fixed\" \/><\/a><\/div><\/div><div style=\"padding:5px;\" class=\"fusion-grid-column fusion-gallery-column fusion-gallery-column-6 hover-type-zoomin\"><div class=\"fusion-gallery-image\"><a href=\"https:\/\/afc.cat\/wp-content\/uploads\/2024\/01\/12-Josep-Soler-Vendrell-103.jpg\" data-title=\"12 &#8211; Josep Soler Vendrell &#8211; 103\" title=\"12 &#8211; Josep Soler Vendrell &#8211; 103\" rel=\"noreferrer\" data-rel=\"iLightbox[gallery_image_2]\" class=\"fusion-lightbox\" target=\"_self\"><img decoding=\"async\" src=\"https:\/\/afc.cat\/wp-content\/uploads\/2024\/01\/12-Josep-Soler-Vendrell-103-320x202.jpg\" width=\"320\" height=\"202\" alt=\"\" title=\"12 &#8211; Josep Soler Vendrell &#8211; 103\" aria-label=\"12 &#8211; Josep Soler Vendrell &#8211; 103\" class=\"img-responsive wp-image-36500 fusion-gallery-image-size-fixed\" srcset=\"https:\/\/afc.cat\/wp-content\/uploads\/2024\/01\/12-Josep-Soler-Vendrell-103-320x202.jpg 320w, https:\/\/afc.cat\/wp-content\/uploads\/2024\/01\/12-Josep-Soler-Vendrell-103-700x441.jpg 700w\" sizes=\"(max-width: 320px) 100vw, 320px\" \/><\/a><\/div><\/div><div class=\"clearfix\"><\/div><div style=\"padding:5px;\" class=\"fusion-grid-column fusion-gallery-column fusion-gallery-column-6 hover-type-zoomin\"><div class=\"fusion-gallery-image\"><a href=\"https:\/\/afc.cat\/wp-content\/uploads\/2024\/01\/13-Clara-Lopez-Colomer-101.jpg\" data-title=\"13 &#8211; Clara Lopez Colomer &#8211; 101\" title=\"13 &#8211; Clara Lopez Colomer &#8211; 101\" rel=\"noreferrer\" data-rel=\"iLightbox[gallery_image_2]\" class=\"fusion-lightbox\" target=\"_self\"><img decoding=\"async\" src=\"https:\/\/afc.cat\/wp-content\/uploads\/2024\/01\/13-Clara-Lopez-Colomer-101-320x202.jpg\" width=\"320\" height=\"202\" alt=\"\" title=\"13 &#8211; Clara Lopez Colomer &#8211; 101\" aria-label=\"13 &#8211; Clara Lopez Colomer &#8211; 101\" class=\"img-responsive wp-image-36502 fusion-gallery-image-size-fixed\" srcset=\"https:\/\/afc.cat\/wp-content\/uploads\/2024\/01\/13-Clara-Lopez-Colomer-101-320x202.jpg 320w, https:\/\/afc.cat\/wp-content\/uploads\/2024\/01\/13-Clara-Lopez-Colomer-101-700x441.jpg 700w\" sizes=\"(max-width: 320px) 100vw, 320px\" \/><\/a><\/div><\/div><div style=\"padding:5px;\" class=\"fusion-grid-column fusion-gallery-column fusion-gallery-column-6 hover-type-zoomin\"><div class=\"fusion-gallery-image\"><a href=\"https:\/\/afc.cat\/wp-content\/uploads\/2024\/01\/14-Joan-Soldevila-Adan-101.jpg\" data-title=\"14 &#8211; Joan Soldevila Ad\u00e1n &#8211; 101\" title=\"14 &#8211; Joan Soldevila Ad\u00e1n &#8211; 101\" rel=\"noreferrer\" data-rel=\"iLightbox[gallery_image_2]\" class=\"fusion-lightbox\" target=\"_self\"><img decoding=\"async\" src=\"https:\/\/afc.cat\/wp-content\/uploads\/2024\/01\/14-Joan-Soldevila-Adan-101-320x202.jpg\" width=\"320\" height=\"202\" alt=\"\" title=\"14 &#8211; Joan Soldevila Ad\u00e1n &#8211; 101\" aria-label=\"14 &#8211; Joan Soldevila Ad\u00e1n &#8211; 101\" class=\"img-responsive wp-image-36504 fusion-gallery-image-size-fixed\" srcset=\"https:\/\/afc.cat\/wp-content\/uploads\/2024\/01\/14-Joan-Soldevila-Adan-101-320x202.jpg 320w, https:\/\/afc.cat\/wp-content\/uploads\/2024\/01\/14-Joan-Soldevila-Adan-101-700x441.jpg 700w\" sizes=\"(max-width: 320px) 100vw, 320px\" \/><\/a><\/div><\/div><div style=\"padding:5px;\" class=\"fusion-grid-column fusion-gallery-column fusion-gallery-column-6 hover-type-zoomin\"><div class=\"fusion-gallery-image\"><a href=\"https:\/\/afc.cat\/wp-content\/uploads\/2024\/01\/15-Francesc-Amat-Creus-100.jpg\" data-title=\"15 &#8211; Francesc Amat Creus &#8211; 100\" title=\"15 &#8211; Francesc Amat Creus &#8211; 100\" rel=\"noreferrer\" data-rel=\"iLightbox[gallery_image_2]\" class=\"fusion-lightbox\" target=\"_self\"><img decoding=\"async\" src=\"https:\/\/afc.cat\/wp-content\/uploads\/2024\/01\/15-Francesc-Amat-Creus-100-320x202.jpg\" width=\"320\" height=\"202\" alt=\"\" title=\"15 &#8211; Francesc Amat Creus &#8211; 100\" aria-label=\"15 &#8211; Francesc Amat Creus &#8211; 100\" class=\"img-responsive wp-image-36506 fusion-gallery-image-size-fixed\" srcset=\"https:\/\/afc.cat\/wp-content\/uploads\/2024\/01\/15-Francesc-Amat-Creus-100-320x202.jpg 320w, https:\/\/afc.cat\/wp-content\/uploads\/2024\/01\/15-Francesc-Amat-Creus-100-700x441.jpg 700w\" sizes=\"(max-width: 320px) 100vw, 320px\" \/><\/a><\/div><\/div><div style=\"padding:5px;\" class=\"fusion-grid-column fusion-gallery-column fusion-gallery-column-6 hover-type-zoomin\"><div class=\"fusion-gallery-image\"><a href=\"https:\/\/afc.cat\/wp-content\/uploads\/2024\/01\/16-Gloria-Tatxe-Salas-100.jpg\" data-title=\"16 &#8211; Gloria Tatx\u00e9 Salas &#8211; 100\" title=\"16 &#8211; Gloria Tatx\u00e9 Salas &#8211; 100\" rel=\"noreferrer\" data-rel=\"iLightbox[gallery_image_2]\" class=\"fusion-lightbox\" target=\"_self\"><img decoding=\"async\" src=\"https:\/\/afc.cat\/wp-content\/uploads\/2024\/01\/16-Gloria-Tatxe-Salas-100-320x202.jpg\" width=\"320\" height=\"202\" alt=\"\" title=\"16 &#8211; Gloria Tatx\u00e9 Salas &#8211; 100\" aria-label=\"16 &#8211; Gloria Tatx\u00e9 Salas &#8211; 100\" class=\"img-responsive wp-image-36508 fusion-gallery-image-size-fixed\" srcset=\"https:\/\/afc.cat\/wp-content\/uploads\/2024\/01\/16-Gloria-Tatxe-Salas-100-320x202.jpg 320w, https:\/\/afc.cat\/wp-content\/uploads\/2024\/01\/16-Gloria-Tatxe-Salas-100-700x441.jpg 700w\" sizes=\"(max-width: 320px) 100vw, 320px\" \/><\/a><\/div><\/div><div style=\"padding:5px;\" class=\"fusion-grid-column fusion-gallery-column fusion-gallery-column-6 hover-type-zoomin\"><div class=\"fusion-gallery-image\"><a href=\"https:\/\/afc.cat\/wp-content\/uploads\/2024\/01\/17-Josep-Suarez-Torrellas-99.jpg\" data-title=\"17 &#8211; Josep Suarez Torrellas &#8211; 99\" title=\"17 &#8211; Josep Suarez Torrellas &#8211; 99\" rel=\"noreferrer\" data-rel=\"iLightbox[gallery_image_2]\" class=\"fusion-lightbox\" target=\"_self\"><img decoding=\"async\" src=\"https:\/\/afc.cat\/wp-content\/uploads\/2024\/01\/17-Josep-Suarez-Torrellas-99-320x202.jpg\" width=\"320\" height=\"202\" alt=\"\" title=\"17 &#8211; Josep Suarez Torrellas &#8211; 99\" aria-label=\"17 &#8211; Josep Suarez Torrellas &#8211; 99\" class=\"img-responsive wp-image-36510 fusion-gallery-image-size-fixed\" srcset=\"https:\/\/afc.cat\/wp-content\/uploads\/2024\/01\/17-Josep-Suarez-Torrellas-99-320x202.jpg 320w, https:\/\/afc.cat\/wp-content\/uploads\/2024\/01\/17-Josep-Suarez-Torrellas-99-700x441.jpg 700w\" sizes=\"(max-width: 320px) 100vw, 320px\" \/><\/a><\/div><\/div><div style=\"padding:5px;\" class=\"fusion-grid-column fusion-gallery-column fusion-gallery-column-6 hover-type-zoomin\"><div class=\"fusion-gallery-image\"><a href=\"https:\/\/afc.cat\/wp-content\/uploads\/2024\/01\/18-Carmen-Casademont-Ribot-98.jpg\" data-title=\"18 &#8211; Carmen Casademont Ribot &#8211; 98\" title=\"18 &#8211; Carmen Casademont Ribot &#8211; 98\" rel=\"noreferrer\" data-rel=\"iLightbox[gallery_image_2]\" class=\"fusion-lightbox\" target=\"_self\"><img decoding=\"async\" src=\"https:\/\/afc.cat\/wp-content\/uploads\/2024\/01\/18-Carmen-Casademont-Ribot-98-320x202.jpg\" width=\"320\" height=\"202\" alt=\"\" title=\"18 &#8211; Carmen Casademont Ribot &#8211; 98\" aria-label=\"18 &#8211; Carmen Casademont Ribot &#8211; 98\" class=\"img-responsive wp-image-36512 fusion-gallery-image-size-fixed\" \/><\/a><\/div><\/div><div class=\"clearfix\"><\/div><div style=\"padding:5px;\" class=\"fusion-grid-column fusion-gallery-column fusion-gallery-column-6 hover-type-zoomin\"><div class=\"fusion-gallery-image\"><a href=\"https:\/\/afc.cat\/wp-content\/uploads\/2024\/01\/19-Teresa-Tejero-Lopez-96.jpg\" data-title=\"19 &#8211; Teresa Tejero Lopez &#8211; 96\" title=\"19 &#8211; Teresa Tejero Lopez &#8211; 96\" rel=\"noreferrer\" data-rel=\"iLightbox[gallery_image_2]\" class=\"fusion-lightbox\" target=\"_self\"><img decoding=\"async\" src=\"https:\/\/afc.cat\/wp-content\/uploads\/2024\/01\/19-Teresa-Tejero-Lopez-96-320x202.jpg\" width=\"320\" height=\"202\" alt=\"\" title=\"19 &#8211; Teresa Tejero Lopez &#8211; 96\" aria-label=\"19 &#8211; Teresa Tejero Lopez &#8211; 96\" class=\"img-responsive wp-image-36514 fusion-gallery-image-size-fixed\" srcset=\"https:\/\/afc.cat\/wp-content\/uploads\/2024\/01\/19-Teresa-Tejero-Lopez-96-320x202.jpg 320w, https:\/\/afc.cat\/wp-content\/uploads\/2024\/01\/19-Teresa-Tejero-Lopez-96-700x441.jpg 700w\" sizes=\"(max-width: 320px) 100vw, 320px\" \/><\/a><\/div><\/div><div style=\"padding:5px;\" class=\"fusion-grid-column fusion-gallery-column fusion-gallery-column-6 hover-type-zoomin\"><div class=\"fusion-gallery-image\"><a href=\"https:\/\/afc.cat\/wp-content\/uploads\/2024\/01\/20-Josep-Maria-Bonjoch-Trilla-95.jpg\" data-title=\"20 &#8211; Josep Maria Bonjoch Trilla &#8211; 95\" title=\"20 &#8211; Josep Maria Bonjoch Trilla &#8211; 95\" rel=\"noreferrer\" data-rel=\"iLightbox[gallery_image_2]\" class=\"fusion-lightbox\" target=\"_self\"><img decoding=\"async\" src=\"https:\/\/afc.cat\/wp-content\/uploads\/2024\/01\/20-Josep-Maria-Bonjoch-Trilla-95-320x202.jpg\" width=\"320\" height=\"202\" alt=\"\" title=\"20 &#8211; Josep Maria Bonjoch Trilla &#8211; 95\" aria-label=\"20 &#8211; Josep Maria Bonjoch Trilla &#8211; 95\" class=\"img-responsive wp-image-36516 fusion-gallery-image-size-fixed\" srcset=\"https:\/\/afc.cat\/wp-content\/uploads\/2024\/01\/20-Josep-Maria-Bonjoch-Trilla-95-320x202.jpg 320w, https:\/\/afc.cat\/wp-content\/uploads\/2024\/01\/20-Josep-Maria-Bonjoch-Trilla-95-700x441.jpg 700w\" sizes=\"(max-width: 320px) 100vw, 320px\" \/><\/a><\/div><\/div><div style=\"padding:5px;\" class=\"fusion-grid-column fusion-gallery-column fusion-gallery-column-6 hover-type-zoomin\"><div class=\"fusion-gallery-image\"><a href=\"https:\/\/afc.cat\/wp-content\/uploads\/2024\/01\/21-Merce-Rios-Bejar-95.jpg\" data-title=\"21 &#8211; Merc\u00e8 R\u00edos Bejar &#8211; 95\" title=\"21 &#8211; Merc\u00e8 R\u00edos Bejar &#8211; 95\" rel=\"noreferrer\" data-rel=\"iLightbox[gallery_image_2]\" class=\"fusion-lightbox\" target=\"_self\"><img decoding=\"async\" src=\"https:\/\/afc.cat\/wp-content\/uploads\/2024\/01\/21-Merce-Rios-Bejar-95-320x202.jpg\" width=\"320\" height=\"202\" alt=\"\" title=\"21 &#8211; Merc\u00e8 R\u00edos Bejar &#8211; 95\" aria-label=\"21 &#8211; Merc\u00e8 R\u00edos Bejar &#8211; 95\" class=\"img-responsive wp-image-36518 fusion-gallery-image-size-fixed\" srcset=\"https:\/\/afc.cat\/wp-content\/uploads\/2024\/01\/21-Merce-Rios-Bejar-95-320x202.jpg 320w, https:\/\/afc.cat\/wp-content\/uploads\/2024\/01\/21-Merce-Rios-Bejar-95-700x441.jpg 700w\" sizes=\"(max-width: 320px) 100vw, 320px\" \/><\/a><\/div><\/div><div style=\"padding:5px;\" class=\"fusion-grid-column fusion-gallery-column fusion-gallery-column-6 hover-type-zoomin\"><div class=\"fusion-gallery-image\"><a href=\"https:\/\/afc.cat\/wp-content\/uploads\/2024\/01\/22-Adolfo-Garcia-Bastard-espelmes5-94.jpg\" data-title=\"22 &#8211; Adolfo Garcia Bastard &#8211; espelmes5- 94\" title=\"22 &#8211; Adolfo Garcia Bastard &#8211; espelmes5- 94\" rel=\"noreferrer\" data-rel=\"iLightbox[gallery_image_2]\" class=\"fusion-lightbox\" target=\"_self\"><img decoding=\"async\" src=\"https:\/\/afc.cat\/wp-content\/uploads\/2024\/01\/22-Adolfo-Garcia-Bastard-espelmes5-94-320x202.jpg\" width=\"320\" height=\"202\" alt=\"\" title=\"22 &#8211; Adolfo Garcia Bastard &#8211; espelmes5- 94\" aria-label=\"22 &#8211; Adolfo Garcia Bastard &#8211; espelmes5- 94\" class=\"img-responsive wp-image-36520 fusion-gallery-image-size-fixed\" srcset=\"https:\/\/afc.cat\/wp-content\/uploads\/2024\/01\/22-Adolfo-Garcia-Bastard-espelmes5-94-320x202.jpg 320w, https:\/\/afc.cat\/wp-content\/uploads\/2024\/01\/22-Adolfo-Garcia-Bastard-espelmes5-94-700x441.jpg 700w\" sizes=\"(max-width: 320px) 100vw, 320px\" \/><\/a><\/div><\/div><div style=\"padding:5px;\" class=\"fusion-grid-column fusion-gallery-column fusion-gallery-column-6 hover-type-zoomin\"><div class=\"fusion-gallery-image\"><a href=\"https:\/\/afc.cat\/wp-content\/uploads\/2024\/01\/23-XAVIER-RICOL-DOLSET-94.jpg\" data-title=\"23 &#8211; XAVIER RICOL DOLSET &#8211; 94\" title=\"23 &#8211; XAVIER RICOL DOLSET &#8211; 94\" rel=\"noreferrer\" data-rel=\"iLightbox[gallery_image_2]\" class=\"fusion-lightbox\" target=\"_self\"><img decoding=\"async\" src=\"https:\/\/afc.cat\/wp-content\/uploads\/2024\/01\/23-XAVIER-RICOL-DOLSET-94-320x202.jpg\" width=\"320\" height=\"202\" alt=\"\" title=\"23 &#8211; XAVIER RICOL DOLSET &#8211; 94\" aria-label=\"23 &#8211; XAVIER RICOL DOLSET &#8211; 94\" class=\"img-responsive wp-image-36522 fusion-gallery-image-size-fixed\" srcset=\"https:\/\/afc.cat\/wp-content\/uploads\/2024\/01\/23-XAVIER-RICOL-DOLSET-94-320x202.jpg 320w, https:\/\/afc.cat\/wp-content\/uploads\/2024\/01\/23-XAVIER-RICOL-DOLSET-94-700x441.jpg 700w\" sizes=\"(max-width: 320px) 100vw, 320px\" \/><\/a><\/div><\/div><div style=\"padding:5px;\" class=\"fusion-grid-column fusion-gallery-column fusion-gallery-column-6 hover-type-zoomin\"><div class=\"fusion-gallery-image\"><a href=\"https:\/\/afc.cat\/wp-content\/uploads\/2024\/01\/24-Angel-Colado-Palacios-93.jpg\" data-title=\"24 &#8211; \u00c1ngel Colado Palacios &#8211; 93\" title=\"24 &#8211; \u00c1ngel Colado Palacios &#8211; 93\" rel=\"noreferrer\" data-rel=\"iLightbox[gallery_image_2]\" class=\"fusion-lightbox\" target=\"_self\"><img decoding=\"async\" src=\"https:\/\/afc.cat\/wp-content\/uploads\/2024\/01\/24-Angel-Colado-Palacios-93-320x202.jpg\" width=\"320\" height=\"202\" alt=\"\" title=\"24 &#8211; \u00c1ngel Colado Palacios &#8211; 93\" aria-label=\"24 &#8211; \u00c1ngel Colado Palacios &#8211; 93\" class=\"img-responsive wp-image-36524 fusion-gallery-image-size-fixed\" srcset=\"https:\/\/afc.cat\/wp-content\/uploads\/2024\/01\/24-Angel-Colado-Palacios-93-320x202.jpg 320w, https:\/\/afc.cat\/wp-content\/uploads\/2024\/01\/24-Angel-Colado-Palacios-93-700x441.jpg 700w\" sizes=\"(max-width: 320px) 100vw, 320px\" \/><\/a><\/div><\/div><div class=\"clearfix\"><\/div><div style=\"padding:5px;\" class=\"fusion-grid-column fusion-gallery-column fusion-gallery-column-6 hover-type-zoomin\"><div class=\"fusion-gallery-image\"><a href=\"https:\/\/afc.cat\/wp-content\/uploads\/2024\/01\/25-Lluis-Porcel-Gimenez-93.jpg\" data-title=\"25 &#8211; Llu\u00eds Porcel Gim\u00e9nez &#8211; 93\" title=\"25 &#8211; Llu\u00eds Porcel Gim\u00e9nez &#8211; 93\" rel=\"noreferrer\" data-rel=\"iLightbox[gallery_image_2]\" class=\"fusion-lightbox\" target=\"_self\"><img decoding=\"async\" src=\"https:\/\/afc.cat\/wp-content\/uploads\/2024\/01\/25-Lluis-Porcel-Gimenez-93-320x202.jpg\" width=\"320\" height=\"202\" alt=\"\" title=\"25 &#8211; Llu\u00eds Porcel Gim\u00e9nez &#8211; 93\" aria-label=\"25 &#8211; Llu\u00eds Porcel Gim\u00e9nez &#8211; 93\" class=\"img-responsive wp-image-36526 fusion-gallery-image-size-fixed\" srcset=\"https:\/\/afc.cat\/wp-content\/uploads\/2024\/01\/25-Lluis-Porcel-Gimenez-93-320x202.jpg 320w, https:\/\/afc.cat\/wp-content\/uploads\/2024\/01\/25-Lluis-Porcel-Gimenez-93-700x441.jpg 700w\" sizes=\"(max-width: 320px) 100vw, 320px\" \/><\/a><\/div><\/div><div style=\"padding:5px;\" class=\"fusion-grid-column fusion-gallery-column fusion-gallery-column-6 hover-type-zoomin\"><div class=\"fusion-gallery-image\"><a href=\"https:\/\/afc.cat\/wp-content\/uploads\/2024\/01\/26-Ramon-Riera-Tres-Caneletes-93.jpg\" data-title=\"26 &#8211; Ramon Riera &#8211; Tres Caneletes- 93\" title=\"26 &#8211; Ramon Riera &#8211; Tres Caneletes- 93\" rel=\"noreferrer\" data-rel=\"iLightbox[gallery_image_2]\" class=\"fusion-lightbox\" target=\"_self\"><img decoding=\"async\" src=\"https:\/\/afc.cat\/wp-content\/uploads\/2024\/01\/26-Ramon-Riera-Tres-Caneletes-93-320x202.jpg\" width=\"320\" height=\"202\" alt=\"\" title=\"26 &#8211; Ramon Riera &#8211; Tres Caneletes- 93\" aria-label=\"26 &#8211; Ramon Riera &#8211; Tres Caneletes- 93\" class=\"img-responsive wp-image-36528 fusion-gallery-image-size-fixed\" srcset=\"https:\/\/afc.cat\/wp-content\/uploads\/2024\/01\/26-Ramon-Riera-Tres-Caneletes-93-320x202.jpg 320w, https:\/\/afc.cat\/wp-content\/uploads\/2024\/01\/26-Ramon-Riera-Tres-Caneletes-93-700x441.jpg 700w\" sizes=\"(max-width: 320px) 100vw, 320px\" \/><\/a><\/div><\/div><div style=\"padding:5px;\" class=\"fusion-grid-column fusion-gallery-column fusion-gallery-column-6 hover-type-zoomin\"><div class=\"fusion-gallery-image\"><a href=\"https:\/\/afc.cat\/wp-content\/uploads\/2024\/01\/27-Pep-Vinyals-93.jpg\" data-title=\"27 &#8211; Pep Vinyals &#8211; 93\" title=\"27 &#8211; Pep Vinyals &#8211; 93\" rel=\"noreferrer\" data-rel=\"iLightbox[gallery_image_2]\" class=\"fusion-lightbox\" target=\"_self\"><img decoding=\"async\" src=\"https:\/\/afc.cat\/wp-content\/uploads\/2024\/01\/27-Pep-Vinyals-93-320x202.jpg\" width=\"320\" height=\"202\" alt=\"\" title=\"27 &#8211; Pep Vinyals &#8211; 93\" aria-label=\"27 &#8211; Pep Vinyals &#8211; 93\" class=\"img-responsive wp-image-36530 fusion-gallery-image-size-fixed\" srcset=\"https:\/\/afc.cat\/wp-content\/uploads\/2024\/01\/27-Pep-Vinyals-93-200x126.jpg 200w, https:\/\/afc.cat\/wp-content\/uploads\/2024\/01\/27-Pep-Vinyals-93-400x253.jpg 400w, https:\/\/afc.cat\/wp-content\/uploads\/2024\/01\/27-Pep-Vinyals-93-600x379.jpg 600w, https:\/\/afc.cat\/wp-content\/uploads\/2024\/01\/27-Pep-Vinyals-93-800x505.jpg 800w, https:\/\/afc.cat\/wp-content\/uploads\/2024\/01\/27-Pep-Vinyals-93-1200x758.jpg 1200w, https:\/\/afc.cat\/wp-content\/uploads\/2024\/01\/27-Pep-Vinyals-93.jpg 1425w\" sizes=\"(min-width: 2200px) 100vw, (min-width: 1120px) 204px, (min-width: 1024px) 245px, (min-width: 928px) 306px, (min-width: 832px) 408px, (min-width: 736px) 613px, (min-width: 640px) 736px, \" \/><\/a><\/div><\/div><div style=\"padding:5px;\" class=\"fusion-grid-column fusion-gallery-column fusion-gallery-column-6 hover-type-zoomin\"><div class=\"fusion-gallery-image\"><a href=\"https:\/\/afc.cat\/wp-content\/uploads\/2024\/01\/28-Xavier-Bou-Salazar-Buffffff-89.jpg\" data-title=\"28 &#8211; Xavier Bou Salazar &#8211; Buffffff- 89\" title=\"28 &#8211; Xavier Bou Salazar &#8211; Buffffff- 89\" rel=\"noreferrer\" data-rel=\"iLightbox[gallery_image_2]\" class=\"fusion-lightbox\" target=\"_self\"><img decoding=\"async\" src=\"https:\/\/afc.cat\/wp-content\/uploads\/2024\/01\/28-Xavier-Bou-Salazar-Buffffff-89-320x202.jpg\" width=\"320\" height=\"202\" alt=\"\" title=\"28 &#8211; Xavier Bou Salazar &#8211; Buffffff- 89\" aria-label=\"28 &#8211; Xavier Bou Salazar &#8211; Buffffff- 89\" class=\"img-responsive wp-image-36532 fusion-gallery-image-size-fixed\" srcset=\"https:\/\/afc.cat\/wp-content\/uploads\/2024\/01\/28-Xavier-Bou-Salazar-Buffffff-89-320x202.jpg 320w, https:\/\/afc.cat\/wp-content\/uploads\/2024\/01\/28-Xavier-Bou-Salazar-Buffffff-89-700x441.jpg 700w\" sizes=\"(max-width: 320px) 100vw, 320px\" \/><\/a><\/div><\/div><div style=\"padding:5px;\" class=\"fusion-grid-column fusion-gallery-column fusion-gallery-column-6 hover-type-zoomin\"><div class=\"fusion-gallery-image\"><a href=\"https:\/\/afc.cat\/wp-content\/uploads\/2024\/01\/29-Miquel-Cabre-Espelmes-Resplandor-87.jpg\" data-title=\"29 &#8211; Miquel Cabr\u00e9 &#8211; Espelmes &#8211; Resplandor- 87\" title=\"29 &#8211; Miquel Cabr\u00e9 &#8211; Espelmes &#8211; Resplandor- 87\" rel=\"noreferrer\" data-rel=\"iLightbox[gallery_image_2]\" class=\"fusion-lightbox\" target=\"_self\"><img decoding=\"async\" src=\"https:\/\/afc.cat\/wp-content\/uploads\/2024\/01\/29-Miquel-Cabre-Espelmes-Resplandor-87-320x202.jpg\" width=\"320\" height=\"202\" alt=\"\" title=\"29 &#8211; Miquel Cabr\u00e9 &#8211; Espelmes &#8211; Resplandor- 87\" aria-label=\"29 &#8211; Miquel Cabr\u00e9 &#8211; Espelmes &#8211; Resplandor- 87\" class=\"img-responsive wp-image-36534 fusion-gallery-image-size-fixed\" srcset=\"https:\/\/afc.cat\/wp-content\/uploads\/2024\/01\/29-Miquel-Cabre-Espelmes-Resplandor-87-320x202.jpg 320w, https:\/\/afc.cat\/wp-content\/uploads\/2024\/01\/29-Miquel-Cabre-Espelmes-Resplandor-87-700x441.jpg 700w\" sizes=\"(max-width: 320px) 100vw, 320px\" \/><\/a><\/div><\/div><div style=\"padding:5px;\" class=\"fusion-grid-column fusion-gallery-column fusion-gallery-column-6 hover-type-zoomin\"><div class=\"fusion-gallery-image\"><a href=\"https:\/\/afc.cat\/wp-content\/uploads\/2024\/01\/30-Damia-Tous-Vazquez-87.jpg\" data-title=\"30 &#8211; Dami\u00e0 Tous Vazquez &#8211; 87\" title=\"30 &#8211; Dami\u00e0 Tous Vazquez &#8211; 87\" rel=\"noreferrer\" data-rel=\"iLightbox[gallery_image_2]\" class=\"fusion-lightbox\" target=\"_self\"><img decoding=\"async\" src=\"https:\/\/afc.cat\/wp-content\/uploads\/2024\/01\/30-Damia-Tous-Vazquez-87-320x202.jpg\" width=\"320\" height=\"202\" alt=\"\" title=\"30 &#8211; Dami\u00e0 Tous Vazquez &#8211; 87\" aria-label=\"30 &#8211; Dami\u00e0 Tous Vazquez &#8211; 87\" class=\"img-responsive wp-image-36536 fusion-gallery-image-size-fixed\" srcset=\"https:\/\/afc.cat\/wp-content\/uploads\/2024\/01\/30-Damia-Tous-Vazquez-87-320x202.jpg 320w, https:\/\/afc.cat\/wp-content\/uploads\/2024\/01\/30-Damia-Tous-Vazquez-87-700x441.jpg 700w\" sizes=\"(max-width: 320px) 100vw, 320px\" \/><\/a><\/div><\/div><div class=\"clearfix\"><\/div><div style=\"padding:5px;\" class=\"fusion-grid-column fusion-gallery-column fusion-gallery-column-6 hover-type-zoomin\"><div class=\"fusion-gallery-image\"><a href=\"https:\/\/afc.cat\/wp-content\/uploads\/2024\/01\/31-Joan-Rue-Domingo-86.jpg\" data-title=\"31 &#8211; Joan Ru\u00e9 Domingo &#8211; 86\" title=\"31 &#8211; Joan Ru\u00e9 Domingo &#8211; 86\" rel=\"noreferrer\" data-rel=\"iLightbox[gallery_image_2]\" class=\"fusion-lightbox\" target=\"_self\"><img decoding=\"async\" src=\"https:\/\/afc.cat\/wp-content\/uploads\/2024\/01\/31-Joan-Rue-Domingo-86-320x202.jpg\" width=\"320\" height=\"202\" alt=\"\" title=\"31 &#8211; Joan Ru\u00e9 Domingo &#8211; 86\" aria-label=\"31 &#8211; Joan Ru\u00e9 Domingo &#8211; 86\" class=\"img-responsive wp-image-36538 fusion-gallery-image-size-fixed\" \/><\/a><\/div><\/div><div style=\"padding:5px;\" class=\"fusion-grid-column fusion-gallery-column fusion-gallery-column-6 hover-type-zoomin\"><div class=\"fusion-gallery-image\"><a href=\"https:\/\/afc.cat\/wp-content\/uploads\/2024\/01\/32-Rosa-Cristofol-Martinez-85.jpg\" data-title=\"32 &#8211; Rosa Crist\u00f2fol Mart\u00ednez &#8211; 85\" title=\"32 &#8211; Rosa Crist\u00f2fol Mart\u00ednez &#8211; 85\" rel=\"noreferrer\" data-rel=\"iLightbox[gallery_image_2]\" class=\"fusion-lightbox\" target=\"_self\"><img decoding=\"async\" src=\"https:\/\/afc.cat\/wp-content\/uploads\/2024\/01\/32-Rosa-Cristofol-Martinez-85-320x202.jpg\" width=\"320\" height=\"202\" alt=\"\" title=\"32 &#8211; Rosa Crist\u00f2fol Mart\u00ednez &#8211; 85\" aria-label=\"32 &#8211; Rosa Crist\u00f2fol Mart\u00ednez &#8211; 85\" class=\"img-responsive wp-image-36540 fusion-gallery-image-size-fixed\" srcset=\"https:\/\/afc.cat\/wp-content\/uploads\/2024\/01\/32-Rosa-Cristofol-Martinez-85-320x202.jpg 320w, https:\/\/afc.cat\/wp-content\/uploads\/2024\/01\/32-Rosa-Cristofol-Martinez-85-700x441.jpg 700w\" sizes=\"(max-width: 320px) 100vw, 320px\" \/><\/a><\/div><\/div><div style=\"padding:5px;\" class=\"fusion-grid-column fusion-gallery-column fusion-gallery-column-6 hover-type-zoomin\"><div class=\"fusion-gallery-image\"><a href=\"https:\/\/afc.cat\/wp-content\/uploads\/2024\/01\/33-Santiago-Garcia-Cuadrado-85.jpg\" data-title=\"33 &#8211; Santiago Garc\u00eda Cuadrado &#8211; 85\" title=\"33 &#8211; Santiago Garc\u00eda Cuadrado &#8211; 85\" rel=\"noreferrer\" data-rel=\"iLightbox[gallery_image_2]\" class=\"fusion-lightbox\" target=\"_self\"><img decoding=\"async\" src=\"https:\/\/afc.cat\/wp-content\/uploads\/2024\/01\/33-Santiago-Garcia-Cuadrado-85-320x202.jpg\" width=\"320\" height=\"202\" alt=\"\" title=\"33 &#8211; Santiago Garc\u00eda Cuadrado &#8211; 85\" aria-label=\"33 &#8211; Santiago Garc\u00eda Cuadrado &#8211; 85\" class=\"img-responsive wp-image-36542 fusion-gallery-image-size-fixed\" srcset=\"https:\/\/afc.cat\/wp-content\/uploads\/2024\/01\/33-Santiago-Garcia-Cuadrado-85-320x202.jpg 320w, https:\/\/afc.cat\/wp-content\/uploads\/2024\/01\/33-Santiago-Garcia-Cuadrado-85-700x441.jpg 700w\" sizes=\"(max-width: 320px) 100vw, 320px\" \/><\/a><\/div><\/div><div style=\"padding:5px;\" class=\"fusion-grid-column fusion-gallery-column fusion-gallery-column-6 hover-type-zoomin\"><div class=\"fusion-gallery-image\"><a href=\"https:\/\/afc.cat\/wp-content\/uploads\/2024\/01\/34-Francisco-Olmos-Cubero-85.jpg\" data-title=\"34 &#8211; Francisco Olmos Cubero &#8211; 85\" title=\"34 &#8211; Francisco Olmos Cubero &#8211; 85\" rel=\"noreferrer\" data-rel=\"iLightbox[gallery_image_2]\" class=\"fusion-lightbox\" target=\"_self\"><img decoding=\"async\" src=\"https:\/\/afc.cat\/wp-content\/uploads\/2024\/01\/34-Francisco-Olmos-Cubero-85-320x202.jpg\" width=\"320\" height=\"202\" alt=\"\" title=\"34 &#8211; Francisco Olmos Cubero &#8211; 85\" aria-label=\"34 &#8211; Francisco Olmos Cubero &#8211; 85\" class=\"img-responsive wp-image-36544 fusion-gallery-image-size-fixed\" \/><\/a><\/div><\/div><div style=\"padding:5px;\" class=\"fusion-grid-column fusion-gallery-column fusion-gallery-column-6 hover-type-zoomin\"><div class=\"fusion-gallery-image\"><a href=\"https:\/\/afc.cat\/wp-content\/uploads\/2024\/01\/35-Francesca-Portoles-Braso-81.jpg\" data-title=\"35 &#8211; Francesca Portol\u00e9s Bras\u00f3 &#8211; 81\" title=\"35 &#8211; Francesca Portol\u00e9s Bras\u00f3 &#8211; 81\" rel=\"noreferrer\" data-rel=\"iLightbox[gallery_image_2]\" class=\"fusion-lightbox\" target=\"_self\"><img decoding=\"async\" src=\"https:\/\/afc.cat\/wp-content\/uploads\/2024\/01\/35-Francesca-Portoles-Braso-81-320x202.jpg\" width=\"320\" height=\"202\" alt=\"\" title=\"35 &#8211; Francesca Portol\u00e9s Bras\u00f3 &#8211; 81\" aria-label=\"35 &#8211; Francesca Portol\u00e9s Bras\u00f3 &#8211; 81\" class=\"img-responsive wp-image-36546 fusion-gallery-image-size-fixed\" \/><\/a><\/div><\/div><div style=\"padding:5px;\" class=\"fusion-grid-column fusion-gallery-column fusion-gallery-column-6 hover-type-zoomin\"><div class=\"fusion-gallery-image\"><a href=\"https:\/\/afc.cat\/wp-content\/uploads\/2024\/01\/36-Albert-Folch-Navalon-76.jpg\" data-title=\"36 &#8211; Albert Folch Naval\u00f3n &#8211; 76\" title=\"36 &#8211; Albert Folch Naval\u00f3n &#8211; 76\" rel=\"noreferrer\" data-rel=\"iLightbox[gallery_image_2]\" class=\"fusion-lightbox\" target=\"_self\"><img decoding=\"async\" src=\"https:\/\/afc.cat\/wp-content\/uploads\/2024\/01\/36-Albert-Folch-Navalon-76-320x202.jpg\" width=\"320\" height=\"202\" alt=\"\" title=\"36 &#8211; Albert Folch Naval\u00f3n &#8211; 76\" aria-label=\"36 &#8211; Albert Folch Naval\u00f3n &#8211; 76\" class=\"img-responsive wp-image-36548 fusion-gallery-image-size-fixed\" srcset=\"https:\/\/afc.cat\/wp-content\/uploads\/2024\/01\/36-Albert-Folch-Navalon-76-320x202.jpg 320w, https:\/\/afc.cat\/wp-content\/uploads\/2024\/01\/36-Albert-Folch-Navalon-76-700x441.jpg 700w\" sizes=\"(max-width: 320px) 100vw, 320px\" \/><\/a><\/div><\/div><div class=\"clearfix\"><\/div><div style=\"padding:5px;\" class=\"fusion-grid-column fusion-gallery-column fusion-gallery-column-6 hover-type-zoomin\"><div class=\"fusion-gallery-image\"><a href=\"https:\/\/afc.cat\/wp-content\/uploads\/2024\/01\/37-PERE-GRAUPERA-LANGA-70.jpg\" data-title=\"37 &#8211; PERE GRAUPERA LANGA &#8211; 70\" title=\"37 &#8211; PERE GRAUPERA LANGA &#8211; 70\" rel=\"noreferrer\" data-rel=\"iLightbox[gallery_image_2]\" class=\"fusion-lightbox\" target=\"_self\"><img decoding=\"async\" src=\"https:\/\/afc.cat\/wp-content\/uploads\/2024\/01\/37-PERE-GRAUPERA-LANGA-70-320x202.jpg\" width=\"320\" height=\"202\" alt=\"\" title=\"37 &#8211; PERE GRAUPERA LANGA &#8211; 70\" aria-label=\"37 &#8211; PERE GRAUPERA LANGA &#8211; 70\" class=\"img-responsive wp-image-36550 fusion-gallery-image-size-fixed\" srcset=\"https:\/\/afc.cat\/wp-content\/uploads\/2024\/01\/37-PERE-GRAUPERA-LANGA-70-320x202.jpg 320w, https:\/\/afc.cat\/wp-content\/uploads\/2024\/01\/37-PERE-GRAUPERA-LANGA-70-700x441.jpg 700w\" sizes=\"(max-width: 320px) 100vw, 320px\" \/><\/a><\/div><\/div><\/div><div class=\"fusion-separator fusion-full-width-sep\" style=\"align-self: center;margin-left: auto;margin-right: auto;margin-top:20px;margin-bottom:20px;width:100%;\"><div class=\"fusion-separator-border sep-single sep-solid\" style=\"border-color:#3ec0bf;border-top-width:1px;\"><\/div><\/div><div style=\"text-align:center;\"><style>.fusion-button.button-1{border-radius:4px 4px 4px 4px;}<\/style><a class=\"fusion-button button-flat fusion-button-default-size button-default button-1 fusion-button-default-span fusion-button-default-type\" target=\"_self\" href=\"https:\/\/afc.cat\/es\/galerias\/\"><span class=\"fusion-button-text\">Vuelve a GALER\u00cdAS<\/span><\/a><\/div><\/div><style type=\"text\/css\">.fusion-body .fusion-builder-column-0{width:100% !important;margin-top : 0px;margin-bottom : 20px;}.fusion-builder-column-0 > .fusion-column-wrapper {padding-top : 0px !important;padding-right : 0px !important;margin-right : 1.92%;padding-bottom : 0px !important;padding-left : 0px !important;margin-left : 1.92%;}@media only screen and (max-width:1024px) {.fusion-body .fusion-builder-column-0{width:100% !important;order : 0;}.fusion-builder-column-0 > .fusion-column-wrapper {margin-right : 1.92%;margin-left : 1.92%;}}@media only screen and (max-width:640px) {.fusion-body .fusion-builder-column-0{width:100% !important;order : 0;}.fusion-builder-column-0 > .fusion-column-wrapper {margin-right : 1.92%;margin-left : 1.92%;}}<\/style><\/div><\/div><style type=\"text\/css\">.fusion-body .fusion-flex-container.fusion-builder-row-1{ padding-top : 0px;margin-top : 0px;padding-right : 0px;padding-bottom : 0px;margin-bottom : 0px;padding-left : 0px;}<\/style><\/div>\n","protected":false},"excerpt":{"rendered":"","protected":false},"author":33,"featured_media":36635,"menu_order":0,"comment_status":"open","ping_status":"closed","template":"","format":"standard","meta":{"_acf_changed":false,"footnotes":""},"portfolio_category":[158],"portfolio_skills":[],"portfolio_tags":[],"class_list":["post-36630","avada_portfolio","type-avada_portfolio","status-publish","format-standard","has-post-thumbnail","hentry","portfolio_category-concursos-es"],"acf":[],"yoast_head":"<!-- This site is optimized with the Yoast SEO plugin v27.2 - https:\/\/yoast.com\/product\/yoast-seo-wordpress\/ -->\n<title>Clasificaci\u00f3n concurso Temes Obligats 2023-2024 ENERO - Agrupaci\u00f3 Fotogr\u00e0fica de Catalunya<\/title>\n<meta name=\"robots\" content=\"index, follow, max-snippet:-1, max-image-preview:large, max-video-preview:-1\" \/>\n<link rel=\"canonical\" href=\"https:\/\/afc.cat\/es\/galeria\/clasificacion-concurso-temes-obligats-2023-2024-enero\/\" \/>\n<meta property=\"og:locale\" content=\"es_ES\" \/>\n<meta property=\"og:type\" content=\"article\" \/>\n<meta property=\"og:title\" content=\"Clasificaci\u00f3n concurso Temes Obligats 2023-2024 ENERO - Agrupaci\u00f3 Fotogr\u00e0fica de Catalunya\" \/>\n<meta property=\"og:url\" content=\"https:\/\/afc.cat\/es\/galeria\/clasificacion-concurso-temes-obligats-2023-2024-enero\/\" \/>\n<meta property=\"og:site_name\" content=\"Agrupaci\u00f3 Fotogr\u00e0fica de Catalunya\" \/>\n<meta property=\"article:modified_time\" content=\"2024-01-26T23:33:19+00:00\" \/>\n<meta property=\"og:image\" content=\"https:\/\/afc.cat\/wp-content\/uploads\/2024\/01\/TO-gener-24.jpg\" \/>\n\t<meta property=\"og:image:width\" content=\"400\" \/>\n\t<meta property=\"og:image:height\" content=\"267\" \/>\n\t<meta property=\"og:image:type\" content=\"image\/jpeg\" \/>\n<meta name=\"twitter:card\" content=\"summary_large_image\" \/>\n<meta name=\"twitter:label1\" content=\"Tiempo de lectura\" \/>\n\t<meta name=\"twitter:data1\" content=\"7 minutos\" \/>\n<script type=\"application\/ld+json\" class=\"yoast-schema-graph\">{\"@context\":\"https:\/\/schema.org\",\"@graph\":[{\"@type\":\"WebPage\",\"@id\":\"https:\/\/afc.cat\/es\/galeria\/clasificacion-concurso-temes-obligats-2023-2024-enero\/\",\"url\":\"https:\/\/afc.cat\/es\/galeria\/clasificacion-concurso-temes-obligats-2023-2024-enero\/\",\"name\":\"Clasificaci\u00f3n concurso Temes Obligats 2023-2024 ENERO - Agrupaci\u00f3 Fotogr\u00e0fica de Catalunya\",\"isPartOf\":{\"@id\":\"https:\/\/afc.cat\/es\/#website\"},\"primaryImageOfPage\":{\"@id\":\"https:\/\/afc.cat\/es\/galeria\/clasificacion-concurso-temes-obligats-2023-2024-enero\/#primaryimage\"},\"image\":{\"@id\":\"https:\/\/afc.cat\/es\/galeria\/clasificacion-concurso-temes-obligats-2023-2024-enero\/#primaryimage\"},\"thumbnailUrl\":\"https:\/\/afc.cat\/wp-content\/uploads\/2024\/01\/TO-gener-24.jpg\",\"datePublished\":\"2024-01-26T23:17:30+00:00\",\"dateModified\":\"2024-01-26T23:33:19+00:00\",\"breadcrumb\":{\"@id\":\"https:\/\/afc.cat\/es\/galeria\/clasificacion-concurso-temes-obligats-2023-2024-enero\/#breadcrumb\"},\"inLanguage\":\"es\",\"potentialAction\":[{\"@type\":\"ReadAction\",\"target\":[\"https:\/\/afc.cat\/es\/galeria\/clasificacion-concurso-temes-obligats-2023-2024-enero\/\"]}]},{\"@type\":\"ImageObject\",\"inLanguage\":\"es\",\"@id\":\"https:\/\/afc.cat\/es\/galeria\/clasificacion-concurso-temes-obligats-2023-2024-enero\/#primaryimage\",\"url\":\"https:\/\/afc.cat\/wp-content\/uploads\/2024\/01\/TO-gener-24.jpg\",\"contentUrl\":\"https:\/\/afc.cat\/wp-content\/uploads\/2024\/01\/TO-gener-24.jpg\",\"width\":400,\"height\":267},{\"@type\":\"BreadcrumbList\",\"@id\":\"https:\/\/afc.cat\/es\/galeria\/clasificacion-concurso-temes-obligats-2023-2024-enero\/#breadcrumb\",\"itemListElement\":[{\"@type\":\"ListItem\",\"position\":1,\"name\":\"Inicio\",\"item\":\"https:\/\/afc.cat\/es\/\"},{\"@type\":\"ListItem\",\"position\":2,\"name\":\"Portfolio\",\"item\":\"https:\/\/afc.cat\/galeria\/\"},{\"@type\":\"ListItem\",\"position\":3,\"name\":\"Clasificaci\u00f3n concurso Temes Obligats 2023-2024 ENERO\"}]},{\"@type\":\"WebSite\",\"@id\":\"https:\/\/afc.cat\/es\/#website\",\"url\":\"https:\/\/afc.cat\/es\/\",\"name\":\"Agrupaci\u00f3 Fotogr\u00e0fica de Catalunya\",\"description\":\"Fomento y divulgaci\u00f3n de la fotograf\u00eda en todas sus variedades\",\"potentialAction\":[{\"@type\":\"SearchAction\",\"target\":{\"@type\":\"EntryPoint\",\"urlTemplate\":\"https:\/\/afc.cat\/es\/?s={search_term_string}\"},\"query-input\":{\"@type\":\"PropertyValueSpecification\",\"valueRequired\":true,\"valueName\":\"search_term_string\"}}],\"inLanguage\":\"es\"}]}<\/script>\n<!-- \/ Yoast SEO plugin. -->","yoast_head_json":{"title":"Clasificaci\u00f3n concurso Temes Obligats 2023-2024 ENERO - Agrupaci\u00f3 Fotogr\u00e0fica de Catalunya","robots":{"index":"index","follow":"follow","max-snippet":"max-snippet:-1","max-image-preview":"max-image-preview:large","max-video-preview":"max-video-preview:-1"},"canonical":"https:\/\/afc.cat\/es\/galeria\/clasificacion-concurso-temes-obligats-2023-2024-enero\/","og_locale":"es_ES","og_type":"article","og_title":"Clasificaci\u00f3n concurso Temes Obligats 2023-2024 ENERO - Agrupaci\u00f3 Fotogr\u00e0fica de Catalunya","og_url":"https:\/\/afc.cat\/es\/galeria\/clasificacion-concurso-temes-obligats-2023-2024-enero\/","og_site_name":"Agrupaci\u00f3 Fotogr\u00e0fica de Catalunya","article_modified_time":"2024-01-26T23:33:19+00:00","og_image":[{"width":400,"height":267,"url":"https:\/\/afc.cat\/wp-content\/uploads\/2024\/01\/TO-gener-24.jpg","type":"image\/jpeg"}],"twitter_card":"summary_large_image","twitter_misc":{"Tiempo de lectura":"7 minutos"},"schema":{"@context":"https:\/\/schema.org","@graph":[{"@type":"WebPage","@id":"https:\/\/afc.cat\/es\/galeria\/clasificacion-concurso-temes-obligats-2023-2024-enero\/","url":"https:\/\/afc.cat\/es\/galeria\/clasificacion-concurso-temes-obligats-2023-2024-enero\/","name":"Clasificaci\u00f3n concurso Temes Obligats 2023-2024 ENERO - Agrupaci\u00f3 Fotogr\u00e0fica de Catalunya","isPartOf":{"@id":"https:\/\/afc.cat\/es\/#website"},"primaryImageOfPage":{"@id":"https:\/\/afc.cat\/es\/galeria\/clasificacion-concurso-temes-obligats-2023-2024-enero\/#primaryimage"},"image":{"@id":"https:\/\/afc.cat\/es\/galeria\/clasificacion-concurso-temes-obligats-2023-2024-enero\/#primaryimage"},"thumbnailUrl":"https:\/\/afc.cat\/wp-content\/uploads\/2024\/01\/TO-gener-24.jpg","datePublished":"2024-01-26T23:17:30+00:00","dateModified":"2024-01-26T23:33:19+00:00","breadcrumb":{"@id":"https:\/\/afc.cat\/es\/galeria\/clasificacion-concurso-temes-obligats-2023-2024-enero\/#breadcrumb"},"inLanguage":"es","potentialAction":[{"@type":"ReadAction","target":["https:\/\/afc.cat\/es\/galeria\/clasificacion-concurso-temes-obligats-2023-2024-enero\/"]}]},{"@type":"ImageObject","inLanguage":"es","@id":"https:\/\/afc.cat\/es\/galeria\/clasificacion-concurso-temes-obligats-2023-2024-enero\/#primaryimage","url":"https:\/\/afc.cat\/wp-content\/uploads\/2024\/01\/TO-gener-24.jpg","contentUrl":"https:\/\/afc.cat\/wp-content\/uploads\/2024\/01\/TO-gener-24.jpg","width":400,"height":267},{"@type":"BreadcrumbList","@id":"https:\/\/afc.cat\/es\/galeria\/clasificacion-concurso-temes-obligats-2023-2024-enero\/#breadcrumb","itemListElement":[{"@type":"ListItem","position":1,"name":"Inicio","item":"https:\/\/afc.cat\/es\/"},{"@type":"ListItem","position":2,"name":"Portfolio","item":"https:\/\/afc.cat\/galeria\/"},{"@type":"ListItem","position":3,"name":"Clasificaci\u00f3n concurso Temes Obligats 2023-2024 ENERO"}]},{"@type":"WebSite","@id":"https:\/\/afc.cat\/es\/#website","url":"https:\/\/afc.cat\/es\/","name":"Agrupaci\u00f3 Fotogr\u00e0fica de Catalunya","description":"Fomento y divulgaci\u00f3n de la fotograf\u00eda en todas sus variedades","potentialAction":[{"@type":"SearchAction","target":{"@type":"EntryPoint","urlTemplate":"https:\/\/afc.cat\/es\/?s={search_term_string}"},"query-input":{"@type":"PropertyValueSpecification","valueRequired":true,"valueName":"search_term_string"}}],"inLanguage":"es"}]}},"_links":{"self":[{"href":"https:\/\/afc.cat\/es\/wp-json\/wp\/v2\/avada_portfolio\/36630","targetHints":{"allow":["GET"]}}],"collection":[{"href":"https:\/\/afc.cat\/es\/wp-json\/wp\/v2\/avada_portfolio"}],"about":[{"href":"https:\/\/afc.cat\/es\/wp-json\/wp\/v2\/types\/avada_portfolio"}],"author":[{"embeddable":true,"href":"https:\/\/afc.cat\/es\/wp-json\/wp\/v2\/users\/33"}],"replies":[{"embeddable":true,"href":"https:\/\/afc.cat\/es\/wp-json\/wp\/v2\/comments?post=36630"}],"version-history":[{"count":6,"href":"https:\/\/afc.cat\/es\/wp-json\/wp\/v2\/avada_portfolio\/36630\/revisions"}],"predecessor-version":[{"id":36649,"href":"https:\/\/afc.cat\/es\/wp-json\/wp\/v2\/avada_portfolio\/36630\/revisions\/36649"}],"wp:featuredmedia":[{"embeddable":true,"href":"https:\/\/afc.cat\/es\/wp-json\/wp\/v2\/media\/36635"}],"wp:attachment":[{"href":"https:\/\/afc.cat\/es\/wp-json\/wp\/v2\/media?parent=36630"}],"wp:term":[{"taxonomy":"portfolio_category","embeddable":true,"href":"https:\/\/afc.cat\/es\/wp-json\/wp\/v2\/portfolio_category?post=36630"},{"taxonomy":"portfolio_skills","embeddable":true,"href":"https:\/\/afc.cat\/es\/wp-json\/wp\/v2\/portfolio_skills?post=36630"},{"taxonomy":"portfolio_tags","embeddable":true,"href":"https:\/\/afc.cat\/es\/wp-json\/wp\/v2\/portfolio_tags?post=36630"}],"curies":[{"name":"wp","href":"https:\/\/api.w.org\/{rel}","templated":true}]}}