{"id":37542,"date":"2024-03-05T22:13:33","date_gmt":"2024-03-05T20:13:33","guid":{"rendered":"https:\/\/afc.cat\/?post_type=avada_portfolio&#038;p=37542"},"modified":"2024-03-05T22:13:33","modified_gmt":"2024-03-05T20:13:33","slug":"clasificacion-concurso-temes-obligats-2023-2024-febrero","status":"publish","type":"avada_portfolio","link":"https:\/\/afc.cat\/es\/galeria\/clasificacion-concurso-temes-obligats-2023-2024-febrero\/","title":{"rendered":"Clasificaci\u00f3n concurso Temes Obligats 2023-2024 FEBRERO"},"content":{"rendered":"<div class=\"fusion-fullwidth fullwidth-box fusion-builder-row-1 fusion-flex-container nonhundred-percent-fullwidth non-hundred-percent-height-scrolling\" style=\"background-color: rgba(255,255,255,0);background-position: center center;background-repeat: no-repeat;border-width: 0px 0px 0px 0px;border-color:#ffffff;border-style:solid;\" ><div class=\"fusion-builder-row fusion-row fusion-flex-align-items-flex-start\" style=\"max-width:1300px;margin-left: calc(-4% \/ 2 );margin-right: calc(-4% \/ 2 );\"><div class=\"fusion-layout-column fusion_builder_column fusion-builder-column-0 fusion_builder_column_1_1 1_1 fusion-flex-column\"><div class=\"fusion-column-wrapper fusion-flex-justify-content-flex-start fusion-content-layout-column\" style=\"background-position:left top;background-repeat:no-repeat;-webkit-background-size:cover;-moz-background-size:cover;-o-background-size:cover;background-size:cover;padding: 0px 0px 0px 0px;\"><div class=\"fusion-text fusion-text-1\"><h2 style=\"text-align: center;\">Tema Obligado del mes de febrero 2024<\/h2>\n<h3 style=\"text-align: center;\">Sombras duras<\/h3>\n<\/div><div class=\"fusion-text fusion-text-2\"><p>El pasado viernes d\u00eda 1 de marzo se conoci\u00f3 la valoraci\u00f3n del jurado de las fotograf\u00edas de los socios que participaron en el concurso social de la Agrupaci\u00f3n <a href=\"https:\/\/afc.cat\/concursos-socials\/\">\u201dTemes obligats\u201d<\/a>. Como ya sab\u00e9is, el tema va cambiando cada mes y el tema de este mes de noviembre de 2023 ha sido \u00ab<strong>Sombras duras<\/strong>\u00ab.<\/p>\n<p><strong><u>Categor\u00eda de Color<\/u><\/strong><\/p>\n<p>Este mes de enero las fotos mejores fotos valoradas han sido la de <strong>Antoni Serrano<\/strong> quedando en la clasificaci\u00f3n en primer lugar con 120 puntos, la de <strong>Teresa Tejero<\/strong> en segundo lugar con 117 puntos y la de <strong>Josep Mar\u00eda Bonjoch<\/strong> en tercer lugar con 116 puntos.<\/p>\n<p><strong><u>Categor\u00eda Monocromo<\/u><\/strong><\/p>\n<p>En esta categor\u00eda, la m\u00e1xima puntuaci\u00f3n ha sido para las fotos de <strong>Josep Alonso<\/strong> con 117 puntos, en segundo lugar con 114 puntos <strong>Clara L\u00f3pez<\/strong> y <strong>Albert Ca\u00f1ellas<\/strong> en tercer lugar con 113 puntos.<\/p>\n<p><strong><u>Jurado<\/u><\/strong><\/p>\n<p><strong>Albert Adroer, Vicens Lafebre y Josep Vicente<\/strong><\/p>\n<p>Continuem animant als socis i s\u00f2cies a participar, sempre es una bona excusa per fer all\u00f2 que mes ens agrada, agafar la c\u00e0mera i fer \u00abclic\u00bb.<\/p>\n<p><strong>Maxim Poncela<br \/>\n<\/strong>Concursos<\/p>\n<\/div><div class=\"fusion-separator fusion-full-width-sep\" style=\"align-self: center;margin-left: auto;margin-right: auto;margin-bottom:20px;width:100%;\"><div class=\"fusion-separator-border sep-single sep-solid\" style=\"border-color:#3ec0bf;border-top-width:1px;\"><\/div><\/div><div class=\"fusion-text fusion-text-3\"><p style=\"text-align: center;\"><strong>PUNTUACI\u00d3N GENERAL ACUMULADA MONOCROMO<\/strong><\/p>\n<\/div><div style=\"text-align:center;\"><style>.fusion-imageframe.imageframe-1{ margin-bottom : 5%;}<\/style><span class=\" fusion-imageframe imageframe-none imageframe-1 hover-type-zoomin\"><img decoding=\"async\" width=\"688\" height=\"1038\" title=\"TO febrer 24 M\" src=\"https:\/\/afc.cat\/wp-content\/uploads\/2024\/03\/TO-febrer-24-M.jpg\" alt class=\"img-responsive wp-image-37538\" srcset=\"https:\/\/afc.cat\/wp-content\/uploads\/2024\/03\/TO-febrer-24-M-200x302.jpg 200w, https:\/\/afc.cat\/wp-content\/uploads\/2024\/03\/TO-febrer-24-M-400x603.jpg 400w, https:\/\/afc.cat\/wp-content\/uploads\/2024\/03\/TO-febrer-24-M-600x905.jpg 600w, https:\/\/afc.cat\/wp-content\/uploads\/2024\/03\/TO-febrer-24-M.jpg 688w\" sizes=\"(max-width: 640px) 100vw, 688px\" \/><\/span><\/div><div class=\"fusion-text fusion-text-4\"><p style=\"text-align: center;\"><strong>Clasificaci\u00f3n monocromo de febrero 2024<\/strong><\/p>\n<\/div><style type=\"text\/css\">.fusion-gallery-1 .fusion-gallery-image {border:0px solid #e2e2e2;}<\/style><div class=\"fusion-gallery fusion-gallery-container fusion-grid-6 fusion-columns-total-43 fusion-gallery-layout-grid fusion-gallery-1\" style=\"margin:-5px;\"><div style=\"padding:5px;\" class=\"fusion-grid-column fusion-gallery-column fusion-gallery-column-6 hover-type-zoomin\"><div class=\"fusion-gallery-image\"><a href=\"https:\/\/afc.cat\/wp-content\/uploads\/2024\/03\/1-Josep-Alonso-Gonzalez-117.jpg\" data-title=\"1 &#8211; Josep Alonso Gonzalez &#8211; 117\" title=\"1 &#8211; Josep Alonso Gonzalez &#8211; 117\" rel=\"noreferrer\" data-rel=\"iLightbox[gallery_image_1]\" class=\"fusion-lightbox\" target=\"_self\"><img decoding=\"async\" src=\"https:\/\/afc.cat\/wp-content\/uploads\/2024\/03\/1-Josep-Alonso-Gonzalez-117-320x202.jpg\" width=\"320\" height=\"202\" alt=\"\" title=\"1 &#8211; Josep Alonso Gonzalez &#8211; 117\" aria-label=\"1 &#8211; Josep Alonso Gonzalez &#8211; 117\" class=\"img-responsive wp-image-37439 fusion-gallery-image-size-fixed\" srcset=\"https:\/\/afc.cat\/wp-content\/uploads\/2024\/03\/1-Josep-Alonso-Gonzalez-117-320x202.jpg 320w, https:\/\/afc.cat\/wp-content\/uploads\/2024\/03\/1-Josep-Alonso-Gonzalez-117-700x441.jpg 700w\" sizes=\"(max-width: 320px) 100vw, 320px\" \/><\/a><\/div><\/div><div style=\"padding:5px;\" class=\"fusion-grid-column fusion-gallery-column fusion-gallery-column-6 hover-type-zoomin\"><div class=\"fusion-gallery-image\"><a href=\"https:\/\/afc.cat\/wp-content\/uploads\/2024\/03\/2-Clara-Lopez-Colomer-114.jpg\" data-title=\"2 &#8211; Clara Lopez Colomer &#8211; 114\" title=\"2 &#8211; Clara Lopez Colomer &#8211; 114\" rel=\"noreferrer\" data-rel=\"iLightbox[gallery_image_1]\" class=\"fusion-lightbox\" target=\"_self\"><img decoding=\"async\" src=\"https:\/\/afc.cat\/wp-content\/uploads\/2024\/03\/2-Clara-Lopez-Colomer-114-320x202.jpg\" width=\"320\" height=\"202\" alt=\"\" title=\"2 &#8211; Clara Lopez Colomer &#8211; 114\" aria-label=\"2 &#8211; Clara Lopez Colomer &#8211; 114\" class=\"img-responsive wp-image-37441 fusion-gallery-image-size-fixed\" \/><\/a><\/div><\/div><div style=\"padding:5px;\" class=\"fusion-grid-column fusion-gallery-column fusion-gallery-column-6 hover-type-zoomin\"><div class=\"fusion-gallery-image\"><a href=\"https:\/\/afc.cat\/wp-content\/uploads\/2024\/03\/3-Albert-Canellas-Xarau-113.jpg\" data-title=\"3 &#8211; Albert Ca\u00f1ellas Xarau &#8211; 113\" title=\"3 &#8211; Albert Ca\u00f1ellas Xarau &#8211; 113\" rel=\"noreferrer\" data-rel=\"iLightbox[gallery_image_1]\" class=\"fusion-lightbox\" target=\"_self\"><img decoding=\"async\" src=\"https:\/\/afc.cat\/wp-content\/uploads\/2024\/03\/3-Albert-Canellas-Xarau-113-320x202.jpg\" width=\"320\" height=\"202\" alt=\"\" title=\"3 &#8211; Albert Ca\u00f1ellas Xarau &#8211; 113\" aria-label=\"3 &#8211; Albert Ca\u00f1ellas Xarau &#8211; 113\" class=\"img-responsive wp-image-37443 fusion-gallery-image-size-fixed\" srcset=\"https:\/\/afc.cat\/wp-content\/uploads\/2024\/03\/3-Albert-Canellas-Xarau-113-320x202.jpg 320w, https:\/\/afc.cat\/wp-content\/uploads\/2024\/03\/3-Albert-Canellas-Xarau-113-700x441.jpg 700w\" sizes=\"(max-width: 320px) 100vw, 320px\" \/><\/a><\/div><\/div><div style=\"padding:5px;\" class=\"fusion-grid-column fusion-gallery-column fusion-gallery-column-6 hover-type-zoomin\"><div class=\"fusion-gallery-image\"><a href=\"https:\/\/afc.cat\/wp-content\/uploads\/2024\/03\/4-Sara-Assens-Mampel-113.jpg\" data-title=\"4 &#8211; Sara Assens Mampel &#8211; 113\" title=\"4 &#8211; Sara Assens Mampel &#8211; 113\" rel=\"noreferrer\" data-rel=\"iLightbox[gallery_image_1]\" class=\"fusion-lightbox\" target=\"_self\"><img decoding=\"async\" src=\"https:\/\/afc.cat\/wp-content\/uploads\/2024\/03\/4-Sara-Assens-Mampel-113-320x202.jpg\" width=\"320\" height=\"202\" alt=\"\" title=\"4 &#8211; Sara Assens Mampel &#8211; 113\" aria-label=\"4 &#8211; Sara Assens Mampel &#8211; 113\" class=\"img-responsive wp-image-37445 fusion-gallery-image-size-fixed\" srcset=\"https:\/\/afc.cat\/wp-content\/uploads\/2024\/03\/4-Sara-Assens-Mampel-113-320x202.jpg 320w, https:\/\/afc.cat\/wp-content\/uploads\/2024\/03\/4-Sara-Assens-Mampel-113-700x441.jpg 700w\" sizes=\"(max-width: 320px) 100vw, 320px\" \/><\/a><\/div><\/div><div style=\"padding:5px;\" class=\"fusion-grid-column fusion-gallery-column fusion-gallery-column-6 hover-type-zoomin\"><div class=\"fusion-gallery-image\"><a href=\"https:\/\/afc.cat\/wp-content\/uploads\/2024\/03\/5-Francisco-Olmos-Cubero-112.jpg\" data-title=\"5 &#8211; Francisco Olmos Cubero &#8211; 112\" title=\"5 &#8211; Francisco Olmos Cubero &#8211; 112\" rel=\"noreferrer\" data-rel=\"iLightbox[gallery_image_1]\" class=\"fusion-lightbox\" target=\"_self\"><img decoding=\"async\" src=\"https:\/\/afc.cat\/wp-content\/uploads\/2024\/03\/5-Francisco-Olmos-Cubero-112-320x202.jpg\" width=\"320\" height=\"202\" alt=\"\" title=\"5 &#8211; Francisco Olmos Cubero &#8211; 112\" aria-label=\"5 &#8211; Francisco Olmos Cubero &#8211; 112\" class=\"img-responsive wp-image-37447 fusion-gallery-image-size-fixed\" srcset=\"https:\/\/afc.cat\/wp-content\/uploads\/2024\/03\/5-Francisco-Olmos-Cubero-112-320x202.jpg 320w, https:\/\/afc.cat\/wp-content\/uploads\/2024\/03\/5-Francisco-Olmos-Cubero-112-700x441.jpg 700w\" sizes=\"(max-width: 320px) 100vw, 320px\" \/><\/a><\/div><\/div><div style=\"padding:5px;\" class=\"fusion-grid-column fusion-gallery-column fusion-gallery-column-6 hover-type-zoomin\"><div class=\"fusion-gallery-image\"><a href=\"https:\/\/afc.cat\/wp-content\/uploads\/2024\/03\/6-Josep-Maria-Bonjoch-Trilla-112.jpg\" data-title=\"6 &#8211; Josep Maria Bonjoch Trilla &#8211; 112\" title=\"6 &#8211; Josep Maria Bonjoch Trilla &#8211; 112\" rel=\"noreferrer\" data-rel=\"iLightbox[gallery_image_1]\" class=\"fusion-lightbox\" target=\"_self\"><img decoding=\"async\" src=\"https:\/\/afc.cat\/wp-content\/uploads\/2024\/03\/6-Josep-Maria-Bonjoch-Trilla-112-320x202.jpg\" width=\"320\" height=\"202\" alt=\"\" title=\"6 &#8211; Josep Maria Bonjoch Trilla &#8211; 112\" aria-label=\"6 &#8211; Josep Maria Bonjoch Trilla &#8211; 112\" class=\"img-responsive wp-image-37449 fusion-gallery-image-size-fixed\" \/><\/a><\/div><\/div><div class=\"clearfix\"><\/div><div style=\"padding:5px;\" class=\"fusion-grid-column fusion-gallery-column fusion-gallery-column-6 hover-type-zoomin\"><div class=\"fusion-gallery-image\"><a href=\"https:\/\/afc.cat\/wp-content\/uploads\/2024\/03\/7-Esperanca-Sanz-Marin-111.jpg\" data-title=\"7 &#8211; Esperan\u00e7a Sanz Marin &#8211; 111\" title=\"7 &#8211; Esperan\u00e7a Sanz Marin &#8211; 111\" rel=\"noreferrer\" data-rel=\"iLightbox[gallery_image_1]\" class=\"fusion-lightbox\" target=\"_self\"><img decoding=\"async\" src=\"https:\/\/afc.cat\/wp-content\/uploads\/2024\/03\/7-Esperanca-Sanz-Marin-111-320x202.jpg\" width=\"320\" height=\"202\" alt=\"\" title=\"7 &#8211; Esperan\u00e7a Sanz Marin &#8211; 111\" aria-label=\"7 &#8211; Esperan\u00e7a Sanz Marin &#8211; 111\" class=\"img-responsive wp-image-37451 fusion-gallery-image-size-fixed\" srcset=\"https:\/\/afc.cat\/wp-content\/uploads\/2024\/03\/7-Esperanca-Sanz-Marin-111-320x202.jpg 320w, https:\/\/afc.cat\/wp-content\/uploads\/2024\/03\/7-Esperanca-Sanz-Marin-111-700x441.jpg 700w\" sizes=\"(max-width: 320px) 100vw, 320px\" \/><\/a><\/div><\/div><div style=\"padding:5px;\" class=\"fusion-grid-column fusion-gallery-column fusion-gallery-column-6 hover-type-zoomin\"><div class=\"fusion-gallery-image\"><a href=\"https:\/\/afc.cat\/wp-content\/uploads\/2024\/03\/8-Xavier-Bou-Salazar-110.jpg\" data-title=\"8 &#8211; Xavier Bou Salazar &#8211; 110\" title=\"8 &#8211; Xavier Bou Salazar &#8211; 110\" rel=\"noreferrer\" data-rel=\"iLightbox[gallery_image_1]\" class=\"fusion-lightbox\" target=\"_self\"><img decoding=\"async\" src=\"https:\/\/afc.cat\/wp-content\/uploads\/2024\/03\/8-Xavier-Bou-Salazar-110-320x202.jpg\" width=\"320\" height=\"202\" alt=\"\" title=\"8 &#8211; Xavier Bou Salazar &#8211; 110\" aria-label=\"8 &#8211; Xavier Bou Salazar &#8211; 110\" class=\"img-responsive wp-image-37453 fusion-gallery-image-size-fixed\" srcset=\"https:\/\/afc.cat\/wp-content\/uploads\/2024\/03\/8-Xavier-Bou-Salazar-110-320x202.jpg 320w, https:\/\/afc.cat\/wp-content\/uploads\/2024\/03\/8-Xavier-Bou-Salazar-110-700x441.jpg 700w\" sizes=\"(max-width: 320px) 100vw, 320px\" \/><\/a><\/div><\/div><div style=\"padding:5px;\" class=\"fusion-grid-column fusion-gallery-column fusion-gallery-column-6 hover-type-zoomin\"><div class=\"fusion-gallery-image\"><a href=\"https:\/\/afc.cat\/wp-content\/uploads\/2024\/03\/9-Angel-Colado-Palacios-110.jpg\" data-title=\"9 &#8211; \u00c1ngel Colado Palacios &#8211; 110\" title=\"9 &#8211; \u00c1ngel Colado Palacios &#8211; 110\" rel=\"noreferrer\" data-rel=\"iLightbox[gallery_image_1]\" class=\"fusion-lightbox\" target=\"_self\"><img decoding=\"async\" src=\"https:\/\/afc.cat\/wp-content\/uploads\/2024\/03\/9-Angel-Colado-Palacios-110-320x202.jpg\" width=\"320\" height=\"202\" alt=\"\" title=\"9 &#8211; \u00c1ngel Colado Palacios &#8211; 110\" aria-label=\"9 &#8211; \u00c1ngel Colado Palacios &#8211; 110\" class=\"img-responsive wp-image-37455 fusion-gallery-image-size-fixed\" srcset=\"https:\/\/afc.cat\/wp-content\/uploads\/2024\/03\/9-Angel-Colado-Palacios-110-320x202.jpg 320w, https:\/\/afc.cat\/wp-content\/uploads\/2024\/03\/9-Angel-Colado-Palacios-110-700x441.jpg 700w\" sizes=\"(max-width: 320px) 100vw, 320px\" \/><\/a><\/div><\/div><div style=\"padding:5px;\" class=\"fusion-grid-column fusion-gallery-column fusion-gallery-column-6 hover-type-zoomin\"><div class=\"fusion-gallery-image\"><a href=\"https:\/\/afc.cat\/wp-content\/uploads\/2024\/03\/10-Santiago-Garcia-Cuadrado-109.jpg\" data-title=\"10 &#8211; Santiago Garc\u00eda Cuadrado &#8211; 109\" title=\"10 &#8211; Santiago Garc\u00eda Cuadrado &#8211; 109\" rel=\"noreferrer\" data-rel=\"iLightbox[gallery_image_1]\" class=\"fusion-lightbox\" target=\"_self\"><img decoding=\"async\" src=\"https:\/\/afc.cat\/wp-content\/uploads\/2024\/03\/10-Santiago-Garcia-Cuadrado-109-320x202.jpg\" width=\"320\" height=\"202\" alt=\"\" title=\"10 &#8211; Santiago Garc\u00eda Cuadrado &#8211; 109\" aria-label=\"10 &#8211; Santiago Garc\u00eda Cuadrado &#8211; 109\" class=\"img-responsive wp-image-37457 fusion-gallery-image-size-fixed\" srcset=\"https:\/\/afc.cat\/wp-content\/uploads\/2024\/03\/10-Santiago-Garcia-Cuadrado-109-320x202.jpg 320w, https:\/\/afc.cat\/wp-content\/uploads\/2024\/03\/10-Santiago-Garcia-Cuadrado-109-700x441.jpg 700w\" sizes=\"(max-width: 320px) 100vw, 320px\" \/><\/a><\/div><\/div><div style=\"padding:5px;\" class=\"fusion-grid-column fusion-gallery-column fusion-gallery-column-6 hover-type-zoomin\"><div class=\"fusion-gallery-image\"><a href=\"https:\/\/afc.cat\/wp-content\/uploads\/2024\/03\/11-Antoni-Serrano-i-Cortes-109.jpg\" data-title=\"11 &#8211; Antoni Serrano i Cort\u00e8s &#8211; 109\" title=\"11 &#8211; Antoni Serrano i Cort\u00e8s &#8211; 109\" rel=\"noreferrer\" data-rel=\"iLightbox[gallery_image_1]\" class=\"fusion-lightbox\" target=\"_self\"><img decoding=\"async\" src=\"https:\/\/afc.cat\/wp-content\/uploads\/2024\/03\/11-Antoni-Serrano-i-Cortes-109-320x202.jpg\" width=\"320\" height=\"202\" alt=\"\" title=\"11 &#8211; Antoni Serrano i Cort\u00e8s &#8211; 109\" aria-label=\"11 &#8211; Antoni Serrano i Cort\u00e8s &#8211; 109\" class=\"img-responsive wp-image-37459 fusion-gallery-image-size-fixed\" srcset=\"https:\/\/afc.cat\/wp-content\/uploads\/2024\/03\/11-Antoni-Serrano-i-Cortes-109-320x202.jpg 320w, https:\/\/afc.cat\/wp-content\/uploads\/2024\/03\/11-Antoni-Serrano-i-Cortes-109-700x441.jpg 700w\" sizes=\"(max-width: 320px) 100vw, 320px\" \/><\/a><\/div><\/div><div style=\"padding:5px;\" class=\"fusion-grid-column fusion-gallery-column fusion-gallery-column-6 hover-type-zoomin\"><div class=\"fusion-gallery-image\"><a href=\"https:\/\/afc.cat\/wp-content\/uploads\/2024\/03\/12-Carmen-Casademont-Ribot-109.jpg\" data-title=\"12 &#8211; Carmen Casademont Ribot &#8211; 109\" title=\"12 &#8211; Carmen Casademont Ribot &#8211; 109\" rel=\"noreferrer\" data-rel=\"iLightbox[gallery_image_1]\" class=\"fusion-lightbox\" target=\"_self\"><img decoding=\"async\" src=\"https:\/\/afc.cat\/wp-content\/uploads\/2024\/03\/12-Carmen-Casademont-Ribot-109-320x202.jpg\" width=\"320\" height=\"202\" alt=\"\" title=\"12 &#8211; Carmen Casademont Ribot &#8211; 109\" aria-label=\"12 &#8211; Carmen Casademont Ribot &#8211; 109\" class=\"img-responsive wp-image-37461 fusion-gallery-image-size-fixed\" srcset=\"https:\/\/afc.cat\/wp-content\/uploads\/2024\/03\/12-Carmen-Casademont-Ribot-109-320x202.jpg 320w, https:\/\/afc.cat\/wp-content\/uploads\/2024\/03\/12-Carmen-Casademont-Ribot-109-700x441.jpg 700w\" sizes=\"(max-width: 320px) 100vw, 320px\" \/><\/a><\/div><\/div><div class=\"clearfix\"><\/div><div style=\"padding:5px;\" class=\"fusion-grid-column fusion-gallery-column fusion-gallery-column-6 hover-type-zoomin\"><div class=\"fusion-gallery-image\"><a href=\"https:\/\/afc.cat\/wp-content\/uploads\/2024\/03\/13-Merce-Rios-Bejar-107.jpg\" data-title=\"13 &#8211; Merc\u00e8 R\u00edos Bejar &#8211; 107\" title=\"13 &#8211; Merc\u00e8 R\u00edos Bejar &#8211; 107\" rel=\"noreferrer\" data-rel=\"iLightbox[gallery_image_1]\" class=\"fusion-lightbox\" target=\"_self\"><img decoding=\"async\" src=\"https:\/\/afc.cat\/wp-content\/uploads\/2024\/03\/13-Merce-Rios-Bejar-107-320x202.jpg\" width=\"320\" height=\"202\" alt=\"\" title=\"13 &#8211; Merc\u00e8 R\u00edos Bejar &#8211; 107\" aria-label=\"13 &#8211; Merc\u00e8 R\u00edos Bejar &#8211; 107\" class=\"img-responsive wp-image-37463 fusion-gallery-image-size-fixed\" \/><\/a><\/div><\/div><div style=\"padding:5px;\" class=\"fusion-grid-column fusion-gallery-column fusion-gallery-column-6 hover-type-zoomin\"><div class=\"fusion-gallery-image\"><a href=\"https:\/\/afc.cat\/wp-content\/uploads\/2024\/03\/14-Francesca-Portoles-Braso-105.jpg\" data-title=\"14 &#8211; Francesca Portol\u00e9s Bras\u00f3 &#8211; 105\" title=\"14 &#8211; Francesca Portol\u00e9s Bras\u00f3 &#8211; 105\" rel=\"noreferrer\" data-rel=\"iLightbox[gallery_image_1]\" class=\"fusion-lightbox\" target=\"_self\"><img decoding=\"async\" src=\"https:\/\/afc.cat\/wp-content\/uploads\/2024\/03\/14-Francesca-Portoles-Braso-105-320x202.jpg\" width=\"320\" height=\"202\" alt=\"\" title=\"14 &#8211; Francesca Portol\u00e9s Bras\u00f3 &#8211; 105\" aria-label=\"14 &#8211; Francesca Portol\u00e9s Bras\u00f3 &#8211; 105\" class=\"img-responsive wp-image-37465 fusion-gallery-image-size-fixed\" \/><\/a><\/div><\/div><div style=\"padding:5px;\" class=\"fusion-grid-column fusion-gallery-column fusion-gallery-column-6 hover-type-zoomin\"><div class=\"fusion-gallery-image\"><a href=\"https:\/\/afc.cat\/wp-content\/uploads\/2024\/03\/15-Joan-Rue-Domingo-105.jpg\" data-title=\"15 &#8211; Joan Ru\u00e9 Domingo &#8211; 105\" title=\"15 &#8211; Joan Ru\u00e9 Domingo &#8211; 105\" rel=\"noreferrer\" data-rel=\"iLightbox[gallery_image_1]\" class=\"fusion-lightbox\" target=\"_self\"><img decoding=\"async\" src=\"https:\/\/afc.cat\/wp-content\/uploads\/2024\/03\/15-Joan-Rue-Domingo-105-320x202.jpg\" width=\"320\" height=\"202\" alt=\"\" title=\"15 &#8211; Joan Ru\u00e9 Domingo &#8211; 105\" aria-label=\"15 &#8211; Joan Ru\u00e9 Domingo &#8211; 105\" class=\"img-responsive wp-image-37467 fusion-gallery-image-size-fixed\" srcset=\"https:\/\/afc.cat\/wp-content\/uploads\/2024\/03\/15-Joan-Rue-Domingo-105-320x202.jpg 320w, https:\/\/afc.cat\/wp-content\/uploads\/2024\/03\/15-Joan-Rue-Domingo-105-700x441.jpg 700w\" sizes=\"(max-width: 320px) 100vw, 320px\" \/><\/a><\/div><\/div><div style=\"padding:5px;\" class=\"fusion-grid-column fusion-gallery-column fusion-gallery-column-6 hover-type-zoomin\"><div class=\"fusion-gallery-image\"><a href=\"https:\/\/afc.cat\/wp-content\/uploads\/2024\/03\/16-Rosa-Cristofol-Martinez-104.jpg\" data-title=\"16 &#8211; Rosa Crist\u00f2fol Mart\u00ednez &#8211; 104\" title=\"16 &#8211; Rosa Crist\u00f2fol Mart\u00ednez &#8211; 104\" rel=\"noreferrer\" data-rel=\"iLightbox[gallery_image_1]\" class=\"fusion-lightbox\" target=\"_self\"><img decoding=\"async\" src=\"https:\/\/afc.cat\/wp-content\/uploads\/2024\/03\/16-Rosa-Cristofol-Martinez-104-320x202.jpg\" width=\"320\" height=\"202\" alt=\"\" title=\"16 &#8211; Rosa Crist\u00f2fol Mart\u00ednez &#8211; 104\" aria-label=\"16 &#8211; Rosa Crist\u00f2fol Mart\u00ednez &#8211; 104\" class=\"img-responsive wp-image-37469 fusion-gallery-image-size-fixed\" srcset=\"https:\/\/afc.cat\/wp-content\/uploads\/2024\/03\/16-Rosa-Cristofol-Martinez-104-320x202.jpg 320w, https:\/\/afc.cat\/wp-content\/uploads\/2024\/03\/16-Rosa-Cristofol-Martinez-104-700x441.jpg 700w\" sizes=\"(max-width: 320px) 100vw, 320px\" \/><\/a><\/div><\/div><div style=\"padding:5px;\" class=\"fusion-grid-column fusion-gallery-column fusion-gallery-column-6 hover-type-zoomin\"><div class=\"fusion-gallery-image\"><a href=\"https:\/\/afc.cat\/wp-content\/uploads\/2024\/03\/17-Nuria-Noguera-German-103.jpg\" data-title=\"17 &#8211; N\u00faria Noguera German &#8211; 103\" title=\"17 &#8211; N\u00faria Noguera German &#8211; 103\" rel=\"noreferrer\" data-rel=\"iLightbox[gallery_image_1]\" class=\"fusion-lightbox\" target=\"_self\"><img decoding=\"async\" src=\"https:\/\/afc.cat\/wp-content\/uploads\/2024\/03\/17-Nuria-Noguera-German-103-320x202.jpg\" width=\"320\" height=\"202\" alt=\"\" title=\"17 &#8211; N\u00faria Noguera German &#8211; 103\" aria-label=\"17 &#8211; N\u00faria Noguera German &#8211; 103\" class=\"img-responsive wp-image-37471 fusion-gallery-image-size-fixed\" \/><\/a><\/div><\/div><div style=\"padding:5px;\" class=\"fusion-grid-column fusion-gallery-column fusion-gallery-column-6 hover-type-zoomin\"><div class=\"fusion-gallery-image\"><a href=\"https:\/\/afc.cat\/wp-content\/uploads\/2024\/03\/18-Albert-Folch-Navalon-102.jpg\" data-title=\"18 &#8211; Albert Folch Naval\u00f3n &#8211; 102\" title=\"18 &#8211; Albert Folch Naval\u00f3n &#8211; 102\" rel=\"noreferrer\" data-rel=\"iLightbox[gallery_image_1]\" class=\"fusion-lightbox\" target=\"_self\"><img decoding=\"async\" src=\"https:\/\/afc.cat\/wp-content\/uploads\/2024\/03\/18-Albert-Folch-Navalon-102-320x202.jpg\" width=\"320\" height=\"202\" alt=\"\" title=\"18 &#8211; Albert Folch Naval\u00f3n &#8211; 102\" aria-label=\"18 &#8211; Albert Folch Naval\u00f3n &#8211; 102\" class=\"img-responsive wp-image-37473 fusion-gallery-image-size-fixed\" \/><\/a><\/div><\/div><div class=\"clearfix\"><\/div><div style=\"padding:5px;\" class=\"fusion-grid-column fusion-gallery-column fusion-gallery-column-6 hover-type-zoomin\"><div class=\"fusion-gallery-image\"><a href=\"https:\/\/afc.cat\/wp-content\/uploads\/2024\/03\/19-XAVIER-RICOL-DOLSET-101.jpg\" data-title=\"19 &#8211; XAVIER RICOL DOLSET &#8211; 101\" title=\"19 &#8211; XAVIER RICOL DOLSET &#8211; 101\" rel=\"noreferrer\" data-rel=\"iLightbox[gallery_image_1]\" class=\"fusion-lightbox\" target=\"_self\"><img decoding=\"async\" src=\"https:\/\/afc.cat\/wp-content\/uploads\/2024\/03\/19-XAVIER-RICOL-DOLSET-101-320x202.jpg\" width=\"320\" height=\"202\" alt=\"\" title=\"19 &#8211; XAVIER RICOL DOLSET &#8211; 101\" aria-label=\"19 &#8211; XAVIER RICOL DOLSET &#8211; 101\" class=\"img-responsive wp-image-37475 fusion-gallery-image-size-fixed\" srcset=\"https:\/\/afc.cat\/wp-content\/uploads\/2024\/03\/19-XAVIER-RICOL-DOLSET-101-320x202.jpg 320w, https:\/\/afc.cat\/wp-content\/uploads\/2024\/03\/19-XAVIER-RICOL-DOLSET-101-700x441.jpg 700w\" sizes=\"(max-width: 320px) 100vw, 320px\" \/><\/a><\/div><\/div><div style=\"padding:5px;\" class=\"fusion-grid-column fusion-gallery-column fusion-gallery-column-6 hover-type-zoomin\"><div class=\"fusion-gallery-image\"><a href=\"https:\/\/afc.cat\/wp-content\/uploads\/2024\/03\/20-Diego-Pastor-Sanchez-101.jpg\" data-title=\"20 &#8211; Diego Pastor S\u00e1nchez &#8211; 101\" title=\"20 &#8211; Diego Pastor S\u00e1nchez &#8211; 101\" rel=\"noreferrer\" data-rel=\"iLightbox[gallery_image_1]\" class=\"fusion-lightbox\" target=\"_self\"><img decoding=\"async\" src=\"https:\/\/afc.cat\/wp-content\/uploads\/2024\/03\/20-Diego-Pastor-Sanchez-101-320x202.jpg\" width=\"320\" height=\"202\" alt=\"\" title=\"20 &#8211; Diego Pastor S\u00e1nchez &#8211; 101\" aria-label=\"20 &#8211; Diego Pastor S\u00e1nchez &#8211; 101\" class=\"img-responsive wp-image-37477 fusion-gallery-image-size-fixed\" srcset=\"https:\/\/afc.cat\/wp-content\/uploads\/2024\/03\/20-Diego-Pastor-Sanchez-101-320x202.jpg 320w, https:\/\/afc.cat\/wp-content\/uploads\/2024\/03\/20-Diego-Pastor-Sanchez-101-700x441.jpg 700w\" sizes=\"(max-width: 320px) 100vw, 320px\" \/><\/a><\/div><\/div><div style=\"padding:5px;\" class=\"fusion-grid-column fusion-gallery-column fusion-gallery-column-6 hover-type-zoomin\"><div class=\"fusion-gallery-image\"><a href=\"https:\/\/afc.cat\/wp-content\/uploads\/2024\/03\/21-Francisco-Martinez-Aguero-100.jpg\" data-title=\"21 &#8211; Francisco Mart\u00ednez Ag\u00fcero &#8211; 100\" title=\"21 &#8211; Francisco Mart\u00ednez Ag\u00fcero &#8211; 100\" rel=\"noreferrer\" data-rel=\"iLightbox[gallery_image_1]\" class=\"fusion-lightbox\" target=\"_self\"><img decoding=\"async\" src=\"https:\/\/afc.cat\/wp-content\/uploads\/2024\/03\/21-Francisco-Martinez-Aguero-100-320x202.jpg\" width=\"320\" height=\"202\" alt=\"\" title=\"21 &#8211; Francisco Mart\u00ednez Ag\u00fcero &#8211; 100\" aria-label=\"21 &#8211; Francisco Mart\u00ednez Ag\u00fcero &#8211; 100\" class=\"img-responsive wp-image-37479 fusion-gallery-image-size-fixed\" srcset=\"https:\/\/afc.cat\/wp-content\/uploads\/2024\/03\/21-Francisco-Martinez-Aguero-100-320x202.jpg 320w, https:\/\/afc.cat\/wp-content\/uploads\/2024\/03\/21-Francisco-Martinez-Aguero-100-700x441.jpg 700w\" sizes=\"(max-width: 320px) 100vw, 320px\" \/><\/a><\/div><\/div><div style=\"padding:5px;\" class=\"fusion-grid-column fusion-gallery-column fusion-gallery-column-6 hover-type-zoomin\"><div class=\"fusion-gallery-image\"><a href=\"https:\/\/afc.cat\/wp-content\/uploads\/2024\/03\/22-Teresa-Tejero-Lopez-99.jpg\" data-title=\"22 &#8211; Teresa Tejero Lopez &#8211; 99\" title=\"22 &#8211; Teresa Tejero Lopez &#8211; 99\" rel=\"noreferrer\" data-rel=\"iLightbox[gallery_image_1]\" class=\"fusion-lightbox\" target=\"_self\"><img decoding=\"async\" src=\"https:\/\/afc.cat\/wp-content\/uploads\/2024\/03\/22-Teresa-Tejero-Lopez-99-320x202.jpg\" width=\"320\" height=\"202\" alt=\"\" title=\"22 &#8211; Teresa Tejero Lopez &#8211; 99\" aria-label=\"22 &#8211; Teresa Tejero Lopez &#8211; 99\" class=\"img-responsive wp-image-37481 fusion-gallery-image-size-fixed\" \/><\/a><\/div><\/div><div style=\"padding:5px;\" class=\"fusion-grid-column fusion-gallery-column fusion-gallery-column-6 hover-type-zoomin\"><div class=\"fusion-gallery-image\"><a href=\"https:\/\/afc.cat\/wp-content\/uploads\/2024\/03\/23-Josep-Suarez-Torrellas-99.jpg\" data-title=\"23 &#8211; Josep Suarez Torrellas &#8211; 99\" title=\"23 &#8211; Josep Suarez Torrellas &#8211; 99\" rel=\"noreferrer\" data-rel=\"iLightbox[gallery_image_1]\" class=\"fusion-lightbox\" target=\"_self\"><img decoding=\"async\" src=\"https:\/\/afc.cat\/wp-content\/uploads\/2024\/03\/23-Josep-Suarez-Torrellas-99-320x202.jpg\" width=\"320\" height=\"202\" alt=\"\" title=\"23 &#8211; Josep Suarez Torrellas &#8211; 99\" aria-label=\"23 &#8211; Josep Suarez Torrellas &#8211; 99\" class=\"img-responsive wp-image-37483 fusion-gallery-image-size-fixed\" \/><\/a><\/div><\/div><div style=\"padding:5px;\" class=\"fusion-grid-column fusion-gallery-column fusion-gallery-column-6 hover-type-zoomin\"><div class=\"fusion-gallery-image\"><a href=\"https:\/\/afc.cat\/wp-content\/uploads\/2024\/03\/24-Anna-Barnes-Guillen-99.jpg\" data-title=\"24 &#8211; Anna Barn\u00e9s Guill\u00e9n &#8211; 99\" title=\"24 &#8211; Anna Barn\u00e9s Guill\u00e9n &#8211; 99\" rel=\"noreferrer\" data-rel=\"iLightbox[gallery_image_1]\" class=\"fusion-lightbox\" target=\"_self\"><img decoding=\"async\" src=\"https:\/\/afc.cat\/wp-content\/uploads\/2024\/03\/24-Anna-Barnes-Guillen-99-320x202.jpg\" width=\"320\" height=\"202\" alt=\"\" title=\"24 &#8211; Anna Barn\u00e9s Guill\u00e9n &#8211; 99\" aria-label=\"24 &#8211; Anna Barn\u00e9s Guill\u00e9n &#8211; 99\" class=\"img-responsive wp-image-37485 fusion-gallery-image-size-fixed\" srcset=\"https:\/\/afc.cat\/wp-content\/uploads\/2024\/03\/24-Anna-Barnes-Guillen-99-320x202.jpg 320w, https:\/\/afc.cat\/wp-content\/uploads\/2024\/03\/24-Anna-Barnes-Guillen-99-700x441.jpg 700w\" sizes=\"(max-width: 320px) 100vw, 320px\" \/><\/a><\/div><\/div><div class=\"clearfix\"><\/div><div style=\"padding:5px;\" class=\"fusion-grid-column fusion-gallery-column fusion-gallery-column-6 hover-type-zoomin\"><div class=\"fusion-gallery-image\"><a href=\"https:\/\/afc.cat\/wp-content\/uploads\/2024\/03\/25-Gloria-Tatxe-Salas-98.jpg\" data-title=\"25 &#8211; Gloria Tatx\u00e9 Salas &#8211; 98\" title=\"25 &#8211; Gloria Tatx\u00e9 Salas &#8211; 98\" rel=\"noreferrer\" data-rel=\"iLightbox[gallery_image_1]\" class=\"fusion-lightbox\" target=\"_self\"><img decoding=\"async\" src=\"https:\/\/afc.cat\/wp-content\/uploads\/2024\/03\/25-Gloria-Tatxe-Salas-98-320x202.jpg\" width=\"320\" height=\"202\" alt=\"\" title=\"25 &#8211; Gloria Tatx\u00e9 Salas &#8211; 98\" aria-label=\"25 &#8211; Gloria Tatx\u00e9 Salas &#8211; 98\" class=\"img-responsive wp-image-37487 fusion-gallery-image-size-fixed\" srcset=\"https:\/\/afc.cat\/wp-content\/uploads\/2024\/03\/25-Gloria-Tatxe-Salas-98-320x202.jpg 320w, https:\/\/afc.cat\/wp-content\/uploads\/2024\/03\/25-Gloria-Tatxe-Salas-98-700x441.jpg 700w\" sizes=\"(max-width: 320px) 100vw, 320px\" \/><\/a><\/div><\/div><div style=\"padding:5px;\" class=\"fusion-grid-column fusion-gallery-column fusion-gallery-column-6 hover-type-zoomin\"><div class=\"fusion-gallery-image\"><a href=\"https:\/\/afc.cat\/wp-content\/uploads\/2024\/03\/26-Pep-Vinyals-97.jpg\" data-title=\"26 &#8211; Pep Vinyals &#8211; 97\" title=\"26 &#8211; Pep Vinyals &#8211; 97\" rel=\"noreferrer\" data-rel=\"iLightbox[gallery_image_1]\" class=\"fusion-lightbox\" target=\"_self\"><img decoding=\"async\" src=\"https:\/\/afc.cat\/wp-content\/uploads\/2024\/03\/26-Pep-Vinyals-97-320x202.jpg\" width=\"320\" height=\"202\" alt=\"\" title=\"26 &#8211; Pep Vinyals &#8211; 97\" aria-label=\"26 &#8211; Pep Vinyals &#8211; 97\" class=\"img-responsive wp-image-37489 fusion-gallery-image-size-fixed\" srcset=\"https:\/\/afc.cat\/wp-content\/uploads\/2024\/03\/26-Pep-Vinyals-97-320x202.jpg 320w, https:\/\/afc.cat\/wp-content\/uploads\/2024\/03\/26-Pep-Vinyals-97-700x441.jpg 700w\" sizes=\"(max-width: 320px) 100vw, 320px\" \/><\/a><\/div><\/div><div style=\"padding:5px;\" class=\"fusion-grid-column fusion-gallery-column fusion-gallery-column-6 hover-type-zoomin\"><div class=\"fusion-gallery-image\"><a href=\"https:\/\/afc.cat\/wp-content\/uploads\/2024\/03\/27-Josep-LL-Soucheiron-97.jpg\" data-title=\"27 &#8211; Josep LL Soucheiron &#8211; 97\" title=\"27 &#8211; Josep LL Soucheiron &#8211; 97\" rel=\"noreferrer\" data-rel=\"iLightbox[gallery_image_1]\" class=\"fusion-lightbox\" target=\"_self\"><img decoding=\"async\" src=\"https:\/\/afc.cat\/wp-content\/uploads\/2024\/03\/27-Josep-LL-Soucheiron-97-320x202.jpg\" width=\"320\" height=\"202\" alt=\"\" title=\"27 &#8211; Josep LL Soucheiron &#8211; 97\" aria-label=\"27 &#8211; Josep LL Soucheiron &#8211; 97\" class=\"img-responsive wp-image-37491 fusion-gallery-image-size-fixed\" srcset=\"https:\/\/afc.cat\/wp-content\/uploads\/2024\/03\/27-Josep-LL-Soucheiron-97-320x202.jpg 320w, https:\/\/afc.cat\/wp-content\/uploads\/2024\/03\/27-Josep-LL-Soucheiron-97-700x441.jpg 700w\" sizes=\"(max-width: 320px) 100vw, 320px\" \/><\/a><\/div><\/div><div style=\"padding:5px;\" class=\"fusion-grid-column fusion-gallery-column fusion-gallery-column-6 hover-type-zoomin\"><div class=\"fusion-gallery-image\"><a href=\"https:\/\/afc.cat\/wp-content\/uploads\/2024\/03\/28-Damia-Tous-Vazquez-96.jpg\" data-title=\"28 &#8211; Dami\u00e0 Tous Vazquez &#8211; 96\" title=\"28 &#8211; Dami\u00e0 Tous Vazquez &#8211; 96\" rel=\"noreferrer\" data-rel=\"iLightbox[gallery_image_1]\" class=\"fusion-lightbox\" target=\"_self\"><img decoding=\"async\" src=\"https:\/\/afc.cat\/wp-content\/uploads\/2024\/03\/28-Damia-Tous-Vazquez-96-320x202.jpg\" width=\"320\" height=\"202\" alt=\"\" title=\"28 &#8211; Dami\u00e0 Tous Vazquez &#8211; 96\" aria-label=\"28 &#8211; Dami\u00e0 Tous Vazquez &#8211; 96\" class=\"img-responsive wp-image-37493 fusion-gallery-image-size-fixed\" srcset=\"https:\/\/afc.cat\/wp-content\/uploads\/2024\/03\/28-Damia-Tous-Vazquez-96-320x202.jpg 320w, https:\/\/afc.cat\/wp-content\/uploads\/2024\/03\/28-Damia-Tous-Vazquez-96-700x441.jpg 700w\" sizes=\"(max-width: 320px) 100vw, 320px\" \/><\/a><\/div><\/div><div style=\"padding:5px;\" class=\"fusion-grid-column fusion-gallery-column fusion-gallery-column-6 hover-type-zoomin\"><div class=\"fusion-gallery-image\"><a href=\"https:\/\/afc.cat\/wp-content\/uploads\/2024\/03\/29-Francesc-Soldevila-95.jpg\" data-title=\"29 &#8211; Francesc Soldevila &#8211; 95\" title=\"29 &#8211; Francesc Soldevila &#8211; 95\" rel=\"noreferrer\" data-rel=\"iLightbox[gallery_image_1]\" class=\"fusion-lightbox\" target=\"_self\"><img decoding=\"async\" src=\"https:\/\/afc.cat\/wp-content\/uploads\/2024\/03\/29-Francesc-Soldevila-95-320x202.jpg\" width=\"320\" height=\"202\" alt=\"\" title=\"29 &#8211; Francesc Soldevila &#8211; 95\" aria-label=\"29 &#8211; Francesc Soldevila &#8211; 95\" class=\"img-responsive wp-image-37495 fusion-gallery-image-size-fixed\" srcset=\"https:\/\/afc.cat\/wp-content\/uploads\/2024\/03\/29-Francesc-Soldevila-95-320x202.jpg 320w, https:\/\/afc.cat\/wp-content\/uploads\/2024\/03\/29-Francesc-Soldevila-95-700x441.jpg 700w\" sizes=\"(max-width: 320px) 100vw, 320px\" \/><\/a><\/div><\/div><div style=\"padding:5px;\" class=\"fusion-grid-column fusion-gallery-column fusion-gallery-column-6 hover-type-zoomin\"><div class=\"fusion-gallery-image\"><a href=\"https:\/\/afc.cat\/wp-content\/uploads\/2024\/03\/30-Pere-Josep-Sanchez-Romero-95.jpg\" data-title=\"30 &#8211; Pere Josep S\u00e1nchez Romero &#8211; 95\" title=\"30 &#8211; Pere Josep S\u00e1nchez Romero &#8211; 95\" rel=\"noreferrer\" data-rel=\"iLightbox[gallery_image_1]\" class=\"fusion-lightbox\" target=\"_self\"><img decoding=\"async\" src=\"https:\/\/afc.cat\/wp-content\/uploads\/2024\/03\/30-Pere-Josep-Sanchez-Romero-95-320x202.jpg\" width=\"320\" height=\"202\" alt=\"\" title=\"30 &#8211; Pere Josep S\u00e1nchez Romero &#8211; 95\" aria-label=\"30 &#8211; Pere Josep S\u00e1nchez Romero &#8211; 95\" class=\"img-responsive wp-image-37497 fusion-gallery-image-size-fixed\" srcset=\"https:\/\/afc.cat\/wp-content\/uploads\/2024\/03\/30-Pere-Josep-Sanchez-Romero-95-320x202.jpg 320w, https:\/\/afc.cat\/wp-content\/uploads\/2024\/03\/30-Pere-Josep-Sanchez-Romero-95-700x441.jpg 700w\" sizes=\"(max-width: 320px) 100vw, 320px\" \/><\/a><\/div><\/div><div class=\"clearfix\"><\/div><div style=\"padding:5px;\" class=\"fusion-grid-column fusion-gallery-column fusion-gallery-column-6 hover-type-zoomin\"><div class=\"fusion-gallery-image\"><a href=\"https:\/\/afc.cat\/wp-content\/uploads\/2024\/03\/31-Ramon-Riera-94.jpg\" data-title=\"31 &#8211; Ramon Riera &#8211; 94\" title=\"31 &#8211; Ramon Riera &#8211; 94\" rel=\"noreferrer\" data-rel=\"iLightbox[gallery_image_1]\" class=\"fusion-lightbox\" target=\"_self\"><img decoding=\"async\" src=\"https:\/\/afc.cat\/wp-content\/uploads\/2024\/03\/31-Ramon-Riera-94-320x202.jpg\" width=\"320\" height=\"202\" alt=\"\" title=\"31 &#8211; Ramon Riera &#8211; 94\" aria-label=\"31 &#8211; Ramon Riera &#8211; 94\" class=\"img-responsive wp-image-37499 fusion-gallery-image-size-fixed\" srcset=\"https:\/\/afc.cat\/wp-content\/uploads\/2024\/03\/31-Ramon-Riera-94-320x202.jpg 320w, https:\/\/afc.cat\/wp-content\/uploads\/2024\/03\/31-Ramon-Riera-94-700x441.jpg 700w\" sizes=\"(max-width: 320px) 100vw, 320px\" \/><\/a><\/div><\/div><div style=\"padding:5px;\" class=\"fusion-grid-column fusion-gallery-column fusion-gallery-column-6 hover-type-zoomin\"><div class=\"fusion-gallery-image\"><a href=\"https:\/\/afc.cat\/wp-content\/uploads\/2024\/03\/32-Carme-Mur-Calvo-93.jpg\" data-title=\"32 &#8211; Carme Mur Calv\u00f3 &#8211; 93\" title=\"32 &#8211; Carme Mur Calv\u00f3 &#8211; 93\" rel=\"noreferrer\" data-rel=\"iLightbox[gallery_image_1]\" class=\"fusion-lightbox\" target=\"_self\"><img decoding=\"async\" src=\"https:\/\/afc.cat\/wp-content\/uploads\/2024\/03\/32-Carme-Mur-Calvo-93-320x202.jpg\" width=\"320\" height=\"202\" alt=\"\" title=\"32 &#8211; Carme Mur Calv\u00f3 &#8211; 93\" aria-label=\"32 &#8211; Carme Mur Calv\u00f3 &#8211; 93\" class=\"img-responsive wp-image-37501 fusion-gallery-image-size-fixed\" \/><\/a><\/div><\/div><div style=\"padding:5px;\" class=\"fusion-grid-column fusion-gallery-column fusion-gallery-column-6 hover-type-zoomin\"><div class=\"fusion-gallery-image\"><a href=\"https:\/\/afc.cat\/wp-content\/uploads\/2024\/03\/33-Albert-Ballestero-Rosell-93.jpg\" data-title=\"33 &#8211; Albert Ballestero Rosell &#8211; 93\" title=\"33 &#8211; Albert Ballestero Rosell &#8211; 93\" rel=\"noreferrer\" data-rel=\"iLightbox[gallery_image_1]\" class=\"fusion-lightbox\" target=\"_self\"><img decoding=\"async\" src=\"https:\/\/afc.cat\/wp-content\/uploads\/2024\/03\/33-Albert-Ballestero-Rosell-93-320x202.jpg\" width=\"320\" height=\"202\" alt=\"\" title=\"33 &#8211; Albert Ballestero Rosell &#8211; 93\" aria-label=\"33 &#8211; Albert Ballestero Rosell &#8211; 93\" class=\"img-responsive wp-image-37503 fusion-gallery-image-size-fixed\" srcset=\"https:\/\/afc.cat\/wp-content\/uploads\/2024\/03\/33-Albert-Ballestero-Rosell-93-320x202.jpg 320w, https:\/\/afc.cat\/wp-content\/uploads\/2024\/03\/33-Albert-Ballestero-Rosell-93-700x441.jpg 700w\" sizes=\"(max-width: 320px) 100vw, 320px\" \/><\/a><\/div><\/div><div style=\"padding:5px;\" class=\"fusion-grid-column fusion-gallery-column fusion-gallery-column-6 hover-type-zoomin\"><div class=\"fusion-gallery-image\"><a href=\"https:\/\/afc.cat\/wp-content\/uploads\/2024\/03\/34-David-Penarroya-Hernandez-90.jpg\" data-title=\"34 &#8211; David Pe\u00f1arroya Hernandez &#8211; 90\" title=\"34 &#8211; David Pe\u00f1arroya Hernandez &#8211; 90\" rel=\"noreferrer\" data-rel=\"iLightbox[gallery_image_1]\" class=\"fusion-lightbox\" target=\"_self\"><img decoding=\"async\" src=\"https:\/\/afc.cat\/wp-content\/uploads\/2024\/03\/34-David-Penarroya-Hernandez-90-320x202.jpg\" width=\"320\" height=\"202\" alt=\"\" title=\"34 &#8211; David Pe\u00f1arroya Hernandez &#8211; 90\" aria-label=\"34 &#8211; David Pe\u00f1arroya Hernandez &#8211; 90\" class=\"img-responsive wp-image-37505 fusion-gallery-image-size-fixed\" srcset=\"https:\/\/afc.cat\/wp-content\/uploads\/2024\/03\/34-David-Penarroya-Hernandez-90-320x202.jpg 320w, https:\/\/afc.cat\/wp-content\/uploads\/2024\/03\/34-David-Penarroya-Hernandez-90-700x441.jpg 700w\" sizes=\"(max-width: 320px) 100vw, 320px\" \/><\/a><\/div><\/div><div style=\"padding:5px;\" class=\"fusion-grid-column fusion-gallery-column fusion-gallery-column-6 hover-type-zoomin\"><div class=\"fusion-gallery-image\"><a href=\"https:\/\/afc.cat\/wp-content\/uploads\/2024\/03\/35-Roger-Ballester-Baya-88.jpg\" data-title=\"35 &#8211; Roger Ballester Bay\u00e0 &#8211; 88\" title=\"35 &#8211; Roger Ballester Bay\u00e0 &#8211; 88\" rel=\"noreferrer\" data-rel=\"iLightbox[gallery_image_1]\" class=\"fusion-lightbox\" target=\"_self\"><img decoding=\"async\" src=\"https:\/\/afc.cat\/wp-content\/uploads\/2024\/03\/35-Roger-Ballester-Baya-88-320x202.jpg\" width=\"320\" height=\"202\" alt=\"\" title=\"35 &#8211; Roger Ballester Bay\u00e0 &#8211; 88\" aria-label=\"35 &#8211; Roger Ballester Bay\u00e0 &#8211; 88\" class=\"img-responsive wp-image-37507 fusion-gallery-image-size-fixed\" srcset=\"https:\/\/afc.cat\/wp-content\/uploads\/2024\/03\/35-Roger-Ballester-Baya-88-320x202.jpg 320w, https:\/\/afc.cat\/wp-content\/uploads\/2024\/03\/35-Roger-Ballester-Baya-88-700x441.jpg 700w\" sizes=\"(max-width: 320px) 100vw, 320px\" \/><\/a><\/div><\/div><div style=\"padding:5px;\" class=\"fusion-grid-column fusion-gallery-column fusion-gallery-column-6 hover-type-zoomin\"><div class=\"fusion-gallery-image\"><a href=\"https:\/\/afc.cat\/wp-content\/uploads\/2024\/03\/36-Miquel-Cabre-88.jpg\" data-title=\"36 &#8211; Miquel Cabr\u00e9 &#8211; 88\" title=\"36 &#8211; Miquel Cabr\u00e9 &#8211; 88\" rel=\"noreferrer\" data-rel=\"iLightbox[gallery_image_1]\" class=\"fusion-lightbox\" target=\"_self\"><img decoding=\"async\" src=\"https:\/\/afc.cat\/wp-content\/uploads\/2024\/03\/36-Miquel-Cabre-88-320x202.jpg\" width=\"320\" height=\"202\" alt=\"\" title=\"36 &#8211; Miquel Cabr\u00e9 &#8211; 88\" aria-label=\"36 &#8211; Miquel Cabr\u00e9 &#8211; 88\" class=\"img-responsive wp-image-37509 fusion-gallery-image-size-fixed\" \/><\/a><\/div><\/div><div class=\"clearfix\"><\/div><div style=\"padding:5px;\" class=\"fusion-grid-column fusion-gallery-column fusion-gallery-column-6 hover-type-zoomin\"><div class=\"fusion-gallery-image\"><a href=\"https:\/\/afc.cat\/wp-content\/uploads\/2024\/03\/37-Joan-Soldevila-Adan-87.jpg\" data-title=\"37 &#8211; Joan Soldevila Ad\u00e1n &#8211; 87\" title=\"37 &#8211; Joan Soldevila Ad\u00e1n &#8211; 87\" rel=\"noreferrer\" data-rel=\"iLightbox[gallery_image_1]\" class=\"fusion-lightbox\" target=\"_self\"><img decoding=\"async\" src=\"https:\/\/afc.cat\/wp-content\/uploads\/2024\/03\/37-Joan-Soldevila-Adan-87-320x202.jpg\" width=\"320\" height=\"202\" alt=\"\" title=\"37 &#8211; Joan Soldevila Ad\u00e1n &#8211; 87\" aria-label=\"37 &#8211; Joan Soldevila Ad\u00e1n &#8211; 87\" class=\"img-responsive wp-image-37511 fusion-gallery-image-size-fixed\" \/><\/a><\/div><\/div><div style=\"padding:5px;\" class=\"fusion-grid-column fusion-gallery-column fusion-gallery-column-6 hover-type-zoomin\"><div class=\"fusion-gallery-image\"><a href=\"https:\/\/afc.cat\/wp-content\/uploads\/2024\/03\/38-Dolors-Ventura-Canellas-85.jpg\" data-title=\"38 &#8211; Dolors Ventura Ca\u00f1ellas &#8211; 85\" title=\"38 &#8211; Dolors Ventura Ca\u00f1ellas &#8211; 85\" rel=\"noreferrer\" data-rel=\"iLightbox[gallery_image_1]\" class=\"fusion-lightbox\" target=\"_self\"><img decoding=\"async\" src=\"https:\/\/afc.cat\/wp-content\/uploads\/2024\/03\/38-Dolors-Ventura-Canellas-85-320x202.jpg\" width=\"320\" height=\"202\" alt=\"\" title=\"38 &#8211; Dolors Ventura Ca\u00f1ellas &#8211; 85\" aria-label=\"38 &#8211; Dolors Ventura Ca\u00f1ellas &#8211; 85\" class=\"img-responsive wp-image-37513 fusion-gallery-image-size-fixed\" srcset=\"https:\/\/afc.cat\/wp-content\/uploads\/2024\/03\/38-Dolors-Ventura-Canellas-85-320x202.jpg 320w, https:\/\/afc.cat\/wp-content\/uploads\/2024\/03\/38-Dolors-Ventura-Canellas-85-700x441.jpg 700w\" sizes=\"(max-width: 320px) 100vw, 320px\" \/><\/a><\/div><\/div><div style=\"padding:5px;\" class=\"fusion-grid-column fusion-gallery-column fusion-gallery-column-6 hover-type-zoomin\"><div class=\"fusion-gallery-image\"><a href=\"https:\/\/afc.cat\/wp-content\/uploads\/2024\/03\/39-PERE-GRAUPERA-LANGA-85.jpg\" data-title=\"39 &#8211; PERE GRAUPERA LANGA &#8211; 85\" title=\"39 &#8211; PERE GRAUPERA LANGA &#8211; 85\" rel=\"noreferrer\" data-rel=\"iLightbox[gallery_image_1]\" class=\"fusion-lightbox\" target=\"_self\"><img decoding=\"async\" src=\"https:\/\/afc.cat\/wp-content\/uploads\/2024\/03\/39-PERE-GRAUPERA-LANGA-85-320x202.jpg\" width=\"320\" height=\"202\" alt=\"\" title=\"39 &#8211; PERE GRAUPERA LANGA &#8211; 85\" aria-label=\"39 &#8211; PERE GRAUPERA LANGA &#8211; 85\" class=\"img-responsive wp-image-37515 fusion-gallery-image-size-fixed\" srcset=\"https:\/\/afc.cat\/wp-content\/uploads\/2024\/03\/39-PERE-GRAUPERA-LANGA-85-320x202.jpg 320w, https:\/\/afc.cat\/wp-content\/uploads\/2024\/03\/39-PERE-GRAUPERA-LANGA-85-700x441.jpg 700w\" sizes=\"(max-width: 320px) 100vw, 320px\" \/><\/a><\/div><\/div><div style=\"padding:5px;\" class=\"fusion-grid-column fusion-gallery-column fusion-gallery-column-6 hover-type-zoomin\"><div class=\"fusion-gallery-image\"><a href=\"https:\/\/afc.cat\/wp-content\/uploads\/2024\/03\/40-Adolfo-Garcia-Bastard-84.jpg\" data-title=\"40 &#8211; Adolfo Garcia Bastard &#8211; 84\" title=\"40 &#8211; Adolfo Garcia Bastard &#8211; 84\" rel=\"noreferrer\" data-rel=\"iLightbox[gallery_image_1]\" class=\"fusion-lightbox\" target=\"_self\"><img decoding=\"async\" src=\"https:\/\/afc.cat\/wp-content\/uploads\/2024\/03\/40-Adolfo-Garcia-Bastard-84-320x202.jpg\" width=\"320\" height=\"202\" alt=\"\" title=\"40 &#8211; Adolfo Garcia Bastard &#8211; 84\" aria-label=\"40 &#8211; Adolfo Garcia Bastard &#8211; 84\" class=\"img-responsive wp-image-37517 fusion-gallery-image-size-fixed\" srcset=\"https:\/\/afc.cat\/wp-content\/uploads\/2024\/03\/40-Adolfo-Garcia-Bastard-84-320x202.jpg 320w, https:\/\/afc.cat\/wp-content\/uploads\/2024\/03\/40-Adolfo-Garcia-Bastard-84-700x441.jpg 700w\" sizes=\"(max-width: 320px) 100vw, 320px\" \/><\/a><\/div><\/div><div style=\"padding:5px;\" class=\"fusion-grid-column fusion-gallery-column fusion-gallery-column-6 hover-type-zoomin\"><div class=\"fusion-gallery-image\"><a href=\"https:\/\/afc.cat\/wp-content\/uploads\/2024\/03\/41-Albert-Bolea-Noya-81.jpg\" data-title=\"41 &#8211; Albert Bolea Noya &#8211; 81\" title=\"41 &#8211; Albert Bolea Noya &#8211; 81\" rel=\"noreferrer\" data-rel=\"iLightbox[gallery_image_1]\" class=\"fusion-lightbox\" target=\"_self\"><img decoding=\"async\" src=\"https:\/\/afc.cat\/wp-content\/uploads\/2024\/03\/41-Albert-Bolea-Noya-81-320x202.jpg\" width=\"320\" height=\"202\" alt=\"\" title=\"41 &#8211; Albert Bolea Noya &#8211; 81\" aria-label=\"41 &#8211; Albert Bolea Noya &#8211; 81\" class=\"img-responsive wp-image-37519 fusion-gallery-image-size-fixed\" srcset=\"https:\/\/afc.cat\/wp-content\/uploads\/2024\/03\/41-Albert-Bolea-Noya-81-320x202.jpg 320w, https:\/\/afc.cat\/wp-content\/uploads\/2024\/03\/41-Albert-Bolea-Noya-81-700x441.jpg 700w\" sizes=\"(max-width: 320px) 100vw, 320px\" \/><\/a><\/div><\/div><div style=\"padding:5px;\" class=\"fusion-grid-column fusion-gallery-column fusion-gallery-column-6 hover-type-zoomin\"><div class=\"fusion-gallery-image\"><a href=\"https:\/\/afc.cat\/wp-content\/uploads\/2024\/03\/42-Lluis-Porcel-Gimenez-77.jpg\" data-title=\"42 &#8211; Llu\u00eds Porcel Gim\u00e9nez &#8211; 77\" title=\"42 &#8211; Llu\u00eds Porcel Gim\u00e9nez &#8211; 77\" rel=\"noreferrer\" data-rel=\"iLightbox[gallery_image_1]\" class=\"fusion-lightbox\" target=\"_self\"><img decoding=\"async\" src=\"https:\/\/afc.cat\/wp-content\/uploads\/2024\/03\/42-Lluis-Porcel-Gimenez-77-320x202.jpg\" width=\"320\" height=\"202\" alt=\"\" title=\"42 &#8211; Llu\u00eds Porcel Gim\u00e9nez &#8211; 77\" aria-label=\"42 &#8211; Llu\u00eds Porcel Gim\u00e9nez &#8211; 77\" class=\"img-responsive wp-image-37521 fusion-gallery-image-size-fixed\" \/><\/a><\/div><\/div><div class=\"clearfix\"><\/div><div style=\"padding:5px;\" class=\"fusion-grid-column fusion-gallery-column fusion-gallery-column-6 hover-type-zoomin\"><div class=\"fusion-gallery-image\"><a href=\"https:\/\/afc.cat\/wp-content\/uploads\/2024\/03\/43-Josep-Soler-Vendrell-74.jpg\" data-title=\"43 &#8211; Josep Soler Vendrell &#8211; 74\" title=\"43 &#8211; Josep Soler Vendrell &#8211; 74\" rel=\"noreferrer\" data-rel=\"iLightbox[gallery_image_1]\" class=\"fusion-lightbox\" target=\"_self\"><img decoding=\"async\" src=\"https:\/\/afc.cat\/wp-content\/uploads\/2024\/03\/43-Josep-Soler-Vendrell-74-320x202.jpg\" width=\"320\" height=\"202\" alt=\"\" title=\"43 &#8211; Josep Soler Vendrell &#8211; 74\" aria-label=\"43 &#8211; Josep Soler Vendrell &#8211; 74\" class=\"img-responsive wp-image-37523 fusion-gallery-image-size-fixed\" srcset=\"https:\/\/afc.cat\/wp-content\/uploads\/2024\/03\/43-Josep-Soler-Vendrell-74-320x202.jpg 320w, https:\/\/afc.cat\/wp-content\/uploads\/2024\/03\/43-Josep-Soler-Vendrell-74-700x441.jpg 700w\" sizes=\"(max-width: 320px) 100vw, 320px\" \/><\/a><\/div><\/div><\/div><div class=\"fusion-separator fusion-full-width-sep\" style=\"align-self: center;margin-left: auto;margin-right: auto;margin-top:20px;margin-bottom:20px;width:100%;\"><div class=\"fusion-separator-border sep-single sep-solid\" style=\"border-color:#3ec0bf;border-top-width:1px;\"><\/div><\/div><div class=\"fusion-text fusion-text-5\"><p style=\"text-align: center;\"><strong>PUNTUACI\u00d3N GENERAL ACUMULADA COLOR<\/strong><\/p>\n<\/div><div style=\"text-align:center;\"><style>.fusion-imageframe.imageframe-2{ margin-bottom : 5%;}<\/style><span class=\" fusion-imageframe imageframe-none imageframe-2 hover-type-zoomin\"><img decoding=\"async\" width=\"688\" height=\"1196\" title=\"TO febrer 24\" src=\"https:\/\/afc.cat\/wp-content\/uploads\/2024\/03\/TO-febrer-24.jpg\" alt class=\"img-responsive wp-image-37540\" srcset=\"https:\/\/afc.cat\/wp-content\/uploads\/2024\/03\/TO-febrer-24-200x348.jpg 200w, https:\/\/afc.cat\/wp-content\/uploads\/2024\/03\/TO-febrer-24-400x695.jpg 400w, https:\/\/afc.cat\/wp-content\/uploads\/2024\/03\/TO-febrer-24-600x1043.jpg 600w, https:\/\/afc.cat\/wp-content\/uploads\/2024\/03\/TO-febrer-24.jpg 688w\" sizes=\"(max-width: 640px) 100vw, 688px\" \/><\/span><\/div><div class=\"fusion-text fusion-text-6\"><p style=\"text-align: center;\"><strong>Clasificaci\u00f3n color de febrero 2024<\/strong><\/p>\n<\/div><style type=\"text\/css\">.fusion-gallery-2 .fusion-gallery-image {border:0px solid #e2e2e2;}<\/style><div class=\"fusion-gallery fusion-gallery-container fusion-grid-6 fusion-columns-total-43 fusion-gallery-layout-grid fusion-gallery-2\" style=\"margin:-5px;\"><div style=\"padding:5px;\" class=\"fusion-grid-column fusion-gallery-column fusion-gallery-column-6 hover-type-zoomin\"><div class=\"fusion-gallery-image\"><a href=\"https:\/\/afc.cat\/wp-content\/uploads\/2024\/03\/1-Antoni-Serrano-i-Cortes-120.jpg\" data-title=\"1 &#8211; Antoni Serrano i Cort\u00e8s &#8211; 120\" title=\"1 &#8211; Antoni Serrano i Cort\u00e8s &#8211; 120\" rel=\"noreferrer\" data-rel=\"iLightbox[gallery_image_2]\" class=\"fusion-lightbox\" target=\"_self\"><img decoding=\"async\" src=\"https:\/\/afc.cat\/wp-content\/uploads\/2024\/03\/1-Antoni-Serrano-i-Cortes-120-320x202.jpg\" width=\"320\" height=\"202\" alt=\"\" title=\"1 &#8211; Antoni Serrano i Cort\u00e8s &#8211; 120\" aria-label=\"1 &#8211; Antoni Serrano i Cort\u00e8s &#8211; 120\" class=\"img-responsive wp-image-37353 fusion-gallery-image-size-fixed\" srcset=\"https:\/\/afc.cat\/wp-content\/uploads\/2024\/03\/1-Antoni-Serrano-i-Cortes-120-320x202.jpg 320w, https:\/\/afc.cat\/wp-content\/uploads\/2024\/03\/1-Antoni-Serrano-i-Cortes-120-700x441.jpg 700w\" sizes=\"(max-width: 320px) 100vw, 320px\" \/><\/a><\/div><\/div><div style=\"padding:5px;\" class=\"fusion-grid-column fusion-gallery-column fusion-gallery-column-6 hover-type-zoomin\"><div class=\"fusion-gallery-image\"><a href=\"https:\/\/afc.cat\/wp-content\/uploads\/2024\/03\/2-Teresa-Tejero-Lopez-117.jpg\" data-title=\"2 &#8211; Teresa Tejero Lopez &#8211; 117\" title=\"2 &#8211; Teresa Tejero Lopez &#8211; 117\" rel=\"noreferrer\" data-rel=\"iLightbox[gallery_image_2]\" class=\"fusion-lightbox\" target=\"_self\"><img decoding=\"async\" src=\"https:\/\/afc.cat\/wp-content\/uploads\/2024\/03\/2-Teresa-Tejero-Lopez-117-320x202.jpg\" width=\"320\" height=\"202\" alt=\"\" title=\"2 &#8211; Teresa Tejero Lopez &#8211; 117\" aria-label=\"2 &#8211; Teresa Tejero Lopez &#8211; 117\" class=\"img-responsive wp-image-37355 fusion-gallery-image-size-fixed\" srcset=\"https:\/\/afc.cat\/wp-content\/uploads\/2024\/03\/2-Teresa-Tejero-Lopez-117-320x202.jpg 320w, https:\/\/afc.cat\/wp-content\/uploads\/2024\/03\/2-Teresa-Tejero-Lopez-117-700x441.jpg 700w\" sizes=\"(max-width: 320px) 100vw, 320px\" \/><\/a><\/div><\/div><div style=\"padding:5px;\" class=\"fusion-grid-column fusion-gallery-column fusion-gallery-column-6 hover-type-zoomin\"><div class=\"fusion-gallery-image\"><a href=\"https:\/\/afc.cat\/wp-content\/uploads\/2024\/03\/3-Josep-Maria-Bonjoch-Trilla-116.jpg\" data-title=\"3 &#8211; Josep Maria Bonjoch Trilla &#8211; 116\" title=\"3 &#8211; Josep Maria Bonjoch Trilla &#8211; 116\" rel=\"noreferrer\" data-rel=\"iLightbox[gallery_image_2]\" class=\"fusion-lightbox\" target=\"_self\"><img decoding=\"async\" src=\"https:\/\/afc.cat\/wp-content\/uploads\/2024\/03\/3-Josep-Maria-Bonjoch-Trilla-116-320x202.jpg\" width=\"320\" height=\"202\" alt=\"\" title=\"3 &#8211; Josep Maria Bonjoch Trilla &#8211; 116\" aria-label=\"3 &#8211; Josep Maria Bonjoch Trilla &#8211; 116\" class=\"img-responsive wp-image-37357 fusion-gallery-image-size-fixed\" srcset=\"https:\/\/afc.cat\/wp-content\/uploads\/2024\/03\/3-Josep-Maria-Bonjoch-Trilla-116-320x202.jpg 320w, https:\/\/afc.cat\/wp-content\/uploads\/2024\/03\/3-Josep-Maria-Bonjoch-Trilla-116-700x441.jpg 700w\" sizes=\"(max-width: 320px) 100vw, 320px\" \/><\/a><\/div><\/div><div style=\"padding:5px;\" class=\"fusion-grid-column fusion-gallery-column fusion-gallery-column-6 hover-type-zoomin\"><div class=\"fusion-gallery-image\"><a href=\"https:\/\/afc.cat\/wp-content\/uploads\/2024\/03\/4-Anna-Barnes-Guillen-115.jpg\" data-title=\"4 &#8211; Anna Barn\u00e9s Guill\u00e9n &#8211; 115\" title=\"4 &#8211; Anna Barn\u00e9s Guill\u00e9n &#8211; 115\" rel=\"noreferrer\" data-rel=\"iLightbox[gallery_image_2]\" class=\"fusion-lightbox\" target=\"_self\"><img decoding=\"async\" src=\"https:\/\/afc.cat\/wp-content\/uploads\/2024\/03\/4-Anna-Barnes-Guillen-115-320x202.jpg\" width=\"320\" height=\"202\" alt=\"\" title=\"4 &#8211; Anna Barn\u00e9s Guill\u00e9n &#8211; 115\" aria-label=\"4 &#8211; Anna Barn\u00e9s Guill\u00e9n &#8211; 115\" class=\"img-responsive wp-image-37359 fusion-gallery-image-size-fixed\" srcset=\"https:\/\/afc.cat\/wp-content\/uploads\/2024\/03\/4-Anna-Barnes-Guillen-115-320x202.jpg 320w, https:\/\/afc.cat\/wp-content\/uploads\/2024\/03\/4-Anna-Barnes-Guillen-115-700x441.jpg 700w\" sizes=\"(max-width: 320px) 100vw, 320px\" \/><\/a><\/div><\/div><div style=\"padding:5px;\" class=\"fusion-grid-column fusion-gallery-column fusion-gallery-column-6 hover-type-zoomin\"><div class=\"fusion-gallery-image\"><a href=\"https:\/\/afc.cat\/wp-content\/uploads\/2024\/03\/5-Francisco-Olmos-Cubero-113.jpg\" data-title=\"5 &#8211; Francisco Olmos Cubero &#8211; 113\" title=\"5 &#8211; Francisco Olmos Cubero &#8211; 113\" rel=\"noreferrer\" data-rel=\"iLightbox[gallery_image_2]\" class=\"fusion-lightbox\" target=\"_self\"><img decoding=\"async\" src=\"https:\/\/afc.cat\/wp-content\/uploads\/2024\/03\/5-Francisco-Olmos-Cubero-113-320x202.jpg\" width=\"320\" height=\"202\" alt=\"\" title=\"5 &#8211; Francisco Olmos Cubero &#8211; 113\" aria-label=\"5 &#8211; Francisco Olmos Cubero &#8211; 113\" class=\"img-responsive wp-image-37361 fusion-gallery-image-size-fixed\" srcset=\"https:\/\/afc.cat\/wp-content\/uploads\/2024\/03\/5-Francisco-Olmos-Cubero-113-320x202.jpg 320w, https:\/\/afc.cat\/wp-content\/uploads\/2024\/03\/5-Francisco-Olmos-Cubero-113-700x441.jpg 700w\" sizes=\"(max-width: 320px) 100vw, 320px\" \/><\/a><\/div><\/div><div class=\"clearfix\"><\/div><div style=\"padding:5px;\" class=\"fusion-grid-column fusion-gallery-column fusion-gallery-column-6 hover-type-zoomin\"><div class=\"fusion-gallery-image\"><a href=\"https:\/\/afc.cat\/wp-content\/uploads\/2024\/03\/6-Joan-Rue-Domingo-111.jpg\" data-title=\"6 &#8211; Joan Ru\u00e9 Domingo &#8211; 111\" title=\"6 &#8211; Joan Ru\u00e9 Domingo &#8211; 111\" rel=\"noreferrer\" data-rel=\"iLightbox[gallery_image_2]\" class=\"fusion-lightbox\" target=\"_self\"><img decoding=\"async\" src=\"https:\/\/afc.cat\/wp-content\/uploads\/2024\/03\/6-Joan-Rue-Domingo-111-320x202.jpg\" width=\"320\" height=\"202\" alt=\"\" title=\"6 &#8211; Joan Ru\u00e9 Domingo &#8211; 111\" aria-label=\"6 &#8211; Joan Ru\u00e9 Domingo &#8211; 111\" class=\"img-responsive wp-image-37363 fusion-gallery-image-size-fixed\" \/><\/a><\/div><\/div><div style=\"padding:5px;\" class=\"fusion-grid-column fusion-gallery-column fusion-gallery-column-6 hover-type-zoomin\"><div class=\"fusion-gallery-image\"><a href=\"https:\/\/afc.cat\/wp-content\/uploads\/2024\/03\/7-Xavier-Bou-Salazar-110.jpg\" data-title=\"7 &#8211; Xavier Bou Salazar &#8211; 110\" title=\"7 &#8211; Xavier Bou Salazar &#8211; 110\" rel=\"noreferrer\" data-rel=\"iLightbox[gallery_image_2]\" class=\"fusion-lightbox\" target=\"_self\"><img decoding=\"async\" src=\"https:\/\/afc.cat\/wp-content\/uploads\/2024\/03\/7-Xavier-Bou-Salazar-110-320x202.jpg\" width=\"320\" height=\"202\" alt=\"\" title=\"7 &#8211; Xavier Bou Salazar &#8211; 110\" aria-label=\"7 &#8211; Xavier Bou Salazar &#8211; 110\" class=\"img-responsive wp-image-37365 fusion-gallery-image-size-fixed\" \/><\/a><\/div><\/div><div style=\"padding:5px;\" class=\"fusion-grid-column fusion-gallery-column fusion-gallery-column-6 hover-type-zoomin\"><div class=\"fusion-gallery-image\"><a href=\"https:\/\/afc.cat\/wp-content\/uploads\/2024\/03\/8-Gloria-Tatxe-Salas-110.jpg\" data-title=\"8 &#8211; Gloria Tatx\u00e9 Salas &#8211; 110\" title=\"8 &#8211; Gloria Tatx\u00e9 Salas &#8211; 110\" rel=\"noreferrer\" data-rel=\"iLightbox[gallery_image_2]\" class=\"fusion-lightbox\" target=\"_self\"><img decoding=\"async\" src=\"https:\/\/afc.cat\/wp-content\/uploads\/2024\/03\/8-Gloria-Tatxe-Salas-110-320x202.jpg\" width=\"320\" height=\"202\" alt=\"\" title=\"8 &#8211; Gloria Tatx\u00e9 Salas &#8211; 110\" aria-label=\"8 &#8211; Gloria Tatx\u00e9 Salas &#8211; 110\" class=\"img-responsive wp-image-37367 fusion-gallery-image-size-fixed\" srcset=\"https:\/\/afc.cat\/wp-content\/uploads\/2024\/03\/8-Gloria-Tatxe-Salas-110-320x202.jpg 320w, https:\/\/afc.cat\/wp-content\/uploads\/2024\/03\/8-Gloria-Tatxe-Salas-110-700x441.jpg 700w\" sizes=\"(max-width: 320px) 100vw, 320px\" \/><\/a><\/div><\/div><div style=\"padding:5px;\" class=\"fusion-grid-column fusion-gallery-column fusion-gallery-column-6 hover-type-zoomin\"><div class=\"fusion-gallery-image\"><a href=\"https:\/\/afc.cat\/wp-content\/uploads\/2024\/03\/9-Josep-Alonso-Gonzalez-109.jpg\" data-title=\"9 &#8211; Josep Alonso Gonzalez &#8211; 109\" title=\"9 &#8211; Josep Alonso Gonzalez &#8211; 109\" rel=\"noreferrer\" data-rel=\"iLightbox[gallery_image_2]\" class=\"fusion-lightbox\" target=\"_self\"><img decoding=\"async\" src=\"https:\/\/afc.cat\/wp-content\/uploads\/2024\/03\/9-Josep-Alonso-Gonzalez-109-320x202.jpg\" width=\"320\" height=\"202\" alt=\"\" title=\"9 &#8211; Josep Alonso Gonzalez &#8211; 109\" aria-label=\"9 &#8211; Josep Alonso Gonzalez &#8211; 109\" class=\"img-responsive wp-image-37369 fusion-gallery-image-size-fixed\" \/><\/a><\/div><\/div><div style=\"padding:5px;\" class=\"fusion-grid-column fusion-gallery-column fusion-gallery-column-6 hover-type-zoomin\"><div class=\"fusion-gallery-image\"><a href=\"https:\/\/afc.cat\/wp-content\/uploads\/2024\/03\/10-Josep-LL-Soucheiron-108.jpg\" data-title=\"10 &#8211; Josep LL Soucheiron &#8211; 108\" title=\"10 &#8211; Josep LL Soucheiron &#8211; 108\" rel=\"noreferrer\" data-rel=\"iLightbox[gallery_image_2]\" class=\"fusion-lightbox\" target=\"_self\"><img decoding=\"async\" src=\"https:\/\/afc.cat\/wp-content\/uploads\/2024\/03\/10-Josep-LL-Soucheiron-108-320x202.jpg\" width=\"320\" height=\"202\" alt=\"\" title=\"10 &#8211; Josep LL Soucheiron &#8211; 108\" aria-label=\"10 &#8211; Josep LL Soucheiron &#8211; 108\" class=\"img-responsive wp-image-37371 fusion-gallery-image-size-fixed\" srcset=\"https:\/\/afc.cat\/wp-content\/uploads\/2024\/03\/10-Josep-LL-Soucheiron-108-320x202.jpg 320w, https:\/\/afc.cat\/wp-content\/uploads\/2024\/03\/10-Josep-LL-Soucheiron-108-700x441.jpg 700w\" sizes=\"(max-width: 320px) 100vw, 320px\" \/><\/a><\/div><\/div><div style=\"padding:5px;\" class=\"fusion-grid-column fusion-gallery-column fusion-gallery-column-6 hover-type-zoomin\"><div class=\"fusion-gallery-image\"><a href=\"https:\/\/afc.cat\/wp-content\/uploads\/2024\/03\/11-Esperanca-Sanz-Marin-106.jpg\" data-title=\"11 &#8211; Esperan\u00e7a Sanz Marin &#8211; 106\" title=\"11 &#8211; Esperan\u00e7a Sanz Marin &#8211; 106\" rel=\"noreferrer\" data-rel=\"iLightbox[gallery_image_2]\" class=\"fusion-lightbox\" target=\"_self\"><img decoding=\"async\" src=\"https:\/\/afc.cat\/wp-content\/uploads\/2024\/03\/11-Esperanca-Sanz-Marin-106-320x202.jpg\" width=\"320\" height=\"202\" alt=\"\" title=\"11 &#8211; Esperan\u00e7a Sanz Marin &#8211; 106\" aria-label=\"11 &#8211; Esperan\u00e7a Sanz Marin &#8211; 106\" class=\"img-responsive wp-image-37373 fusion-gallery-image-size-fixed\" srcset=\"https:\/\/afc.cat\/wp-content\/uploads\/2024\/03\/11-Esperanca-Sanz-Marin-106-320x202.jpg 320w, https:\/\/afc.cat\/wp-content\/uploads\/2024\/03\/11-Esperanca-Sanz-Marin-106-700x441.jpg 700w\" sizes=\"(max-width: 320px) 100vw, 320px\" \/><\/a><\/div><\/div><div class=\"clearfix\"><\/div><div style=\"padding:5px;\" class=\"fusion-grid-column fusion-gallery-column fusion-gallery-column-6 hover-type-zoomin\"><div class=\"fusion-gallery-image\"><a href=\"https:\/\/afc.cat\/wp-content\/uploads\/2024\/03\/12-Albert-Canellas-Xarau-105.jpg\" data-title=\"12 &#8211; Albert Ca\u00f1ellas Xarau &#8211; 105\" title=\"12 &#8211; Albert Ca\u00f1ellas Xarau &#8211; 105\" rel=\"noreferrer\" data-rel=\"iLightbox[gallery_image_2]\" class=\"fusion-lightbox\" target=\"_self\"><img decoding=\"async\" src=\"https:\/\/afc.cat\/wp-content\/uploads\/2024\/03\/12-Albert-Canellas-Xarau-105-320x202.jpg\" width=\"320\" height=\"202\" alt=\"\" title=\"12 &#8211; Albert Ca\u00f1ellas Xarau &#8211; 105\" aria-label=\"12 &#8211; Albert Ca\u00f1ellas Xarau &#8211; 105\" class=\"img-responsive wp-image-37375 fusion-gallery-image-size-fixed\" srcset=\"https:\/\/afc.cat\/wp-content\/uploads\/2024\/03\/12-Albert-Canellas-Xarau-105-320x202.jpg 320w, https:\/\/afc.cat\/wp-content\/uploads\/2024\/03\/12-Albert-Canellas-Xarau-105-700x441.jpg 700w\" sizes=\"(max-width: 320px) 100vw, 320px\" \/><\/a><\/div><\/div><div style=\"padding:5px;\" class=\"fusion-grid-column fusion-gallery-column fusion-gallery-column-6 hover-type-zoomin\"><div class=\"fusion-gallery-image\"><a href=\"https:\/\/afc.cat\/wp-content\/uploads\/2024\/03\/13-Clara-Lopez-Colomer-105.jpg\" data-title=\"13 &#8211; Clara Lopez Colomer &#8211; 105\" title=\"13 &#8211; Clara Lopez Colomer &#8211; 105\" rel=\"noreferrer\" data-rel=\"iLightbox[gallery_image_2]\" class=\"fusion-lightbox\" target=\"_self\"><img decoding=\"async\" src=\"https:\/\/afc.cat\/wp-content\/uploads\/2024\/03\/13-Clara-Lopez-Colomer-105-320x202.jpg\" width=\"320\" height=\"202\" alt=\"\" title=\"13 &#8211; Clara Lopez Colomer &#8211; 105\" aria-label=\"13 &#8211; Clara Lopez Colomer &#8211; 105\" class=\"img-responsive wp-image-37377 fusion-gallery-image-size-fixed\" \/><\/a><\/div><\/div><div style=\"padding:5px;\" class=\"fusion-grid-column fusion-gallery-column fusion-gallery-column-6 hover-type-zoomin\"><div class=\"fusion-gallery-image\"><a href=\"https:\/\/afc.cat\/wp-content\/uploads\/2024\/03\/14-Santiago-Garcia-Cuadrado-104.jpg\" data-title=\"14 &#8211; Santiago Garc\u00eda Cuadrado &#8211; 104\" title=\"14 &#8211; Santiago Garc\u00eda Cuadrado &#8211; 104\" rel=\"noreferrer\" data-rel=\"iLightbox[gallery_image_2]\" class=\"fusion-lightbox\" target=\"_self\"><img decoding=\"async\" src=\"https:\/\/afc.cat\/wp-content\/uploads\/2024\/03\/14-Santiago-Garcia-Cuadrado-104-320x202.jpg\" width=\"320\" height=\"202\" alt=\"\" title=\"14 &#8211; Santiago Garc\u00eda Cuadrado &#8211; 104\" aria-label=\"14 &#8211; Santiago Garc\u00eda Cuadrado &#8211; 104\" class=\"img-responsive wp-image-37379 fusion-gallery-image-size-fixed\" \/><\/a><\/div><\/div><div style=\"padding:5px;\" class=\"fusion-grid-column fusion-gallery-column fusion-gallery-column-6 hover-type-zoomin\"><div class=\"fusion-gallery-image\"><a href=\"https:\/\/afc.cat\/wp-content\/uploads\/2024\/03\/15-Diego-Pastor-Sanchez-103.jpg\" data-title=\"15 &#8211; Diego Pastor S\u00e1nchez &#8211; 103\" title=\"15 &#8211; Diego Pastor S\u00e1nchez &#8211; 103\" rel=\"noreferrer\" data-rel=\"iLightbox[gallery_image_2]\" class=\"fusion-lightbox\" target=\"_self\"><img decoding=\"async\" src=\"https:\/\/afc.cat\/wp-content\/uploads\/2024\/03\/15-Diego-Pastor-Sanchez-103-320x202.jpg\" width=\"320\" height=\"202\" alt=\"\" title=\"15 &#8211; Diego Pastor S\u00e1nchez &#8211; 103\" aria-label=\"15 &#8211; Diego Pastor S\u00e1nchez &#8211; 103\" class=\"img-responsive wp-image-37381 fusion-gallery-image-size-fixed\" srcset=\"https:\/\/afc.cat\/wp-content\/uploads\/2024\/03\/15-Diego-Pastor-Sanchez-103-320x202.jpg 320w, https:\/\/afc.cat\/wp-content\/uploads\/2024\/03\/15-Diego-Pastor-Sanchez-103-700x441.jpg 700w\" sizes=\"(max-width: 320px) 100vw, 320px\" \/><\/a><\/div><\/div><div style=\"padding:5px;\" class=\"fusion-grid-column fusion-gallery-column fusion-gallery-column-6 hover-type-zoomin\"><div class=\"fusion-gallery-image\"><a href=\"https:\/\/afc.cat\/wp-content\/uploads\/2024\/03\/16-Sara-Assens-Mampel-103.jpg\" data-title=\"16 &#8211; Sara Assens Mampel &#8211; 103\" title=\"16 &#8211; Sara Assens Mampel &#8211; 103\" rel=\"noreferrer\" data-rel=\"iLightbox[gallery_image_2]\" class=\"fusion-lightbox\" target=\"_self\"><img decoding=\"async\" src=\"https:\/\/afc.cat\/wp-content\/uploads\/2024\/03\/16-Sara-Assens-Mampel-103-320x202.jpg\" width=\"320\" height=\"202\" alt=\"\" title=\"16 &#8211; Sara Assens Mampel &#8211; 103\" aria-label=\"16 &#8211; Sara Assens Mampel &#8211; 103\" class=\"img-responsive wp-image-37383 fusion-gallery-image-size-fixed\" srcset=\"https:\/\/afc.cat\/wp-content\/uploads\/2024\/03\/16-Sara-Assens-Mampel-103-320x202.jpg 320w, https:\/\/afc.cat\/wp-content\/uploads\/2024\/03\/16-Sara-Assens-Mampel-103-700x441.jpg 700w\" sizes=\"(max-width: 320px) 100vw, 320px\" \/><\/a><\/div><\/div><div style=\"padding:5px;\" class=\"fusion-grid-column fusion-gallery-column fusion-gallery-column-6 hover-type-zoomin\"><div class=\"fusion-gallery-image\"><a href=\"https:\/\/afc.cat\/wp-content\/uploads\/2024\/03\/17-Josep-Suarez-Torrellas-102.jpg\" data-title=\"17 &#8211; Josep Suarez Torrellas &#8211; 102\" title=\"17 &#8211; Josep Suarez Torrellas &#8211; 102\" rel=\"noreferrer\" data-rel=\"iLightbox[gallery_image_2]\" class=\"fusion-lightbox\" target=\"_self\"><img decoding=\"async\" src=\"https:\/\/afc.cat\/wp-content\/uploads\/2024\/03\/17-Josep-Suarez-Torrellas-102-320x202.jpg\" width=\"320\" height=\"202\" alt=\"\" title=\"17 &#8211; Josep Suarez Torrellas &#8211; 102\" aria-label=\"17 &#8211; Josep Suarez Torrellas &#8211; 102\" class=\"img-responsive wp-image-37385 fusion-gallery-image-size-fixed\" \/><\/a><\/div><\/div><div class=\"clearfix\"><\/div><div style=\"padding:5px;\" class=\"fusion-grid-column fusion-gallery-column fusion-gallery-column-6 hover-type-zoomin\"><div class=\"fusion-gallery-image\"><a href=\"https:\/\/afc.cat\/wp-content\/uploads\/2024\/03\/18-Francesca-Portoles-Braso-102.jpg\" data-title=\"18 &#8211; Francesca Portol\u00e9s Bras\u00f3 &#8211; 102\" title=\"18 &#8211; Francesca Portol\u00e9s Bras\u00f3 &#8211; 102\" rel=\"noreferrer\" data-rel=\"iLightbox[gallery_image_2]\" class=\"fusion-lightbox\" target=\"_self\"><img decoding=\"async\" src=\"https:\/\/afc.cat\/wp-content\/uploads\/2024\/03\/18-Francesca-Portoles-Braso-102-320x202.jpg\" width=\"320\" height=\"202\" alt=\"\" title=\"18 &#8211; Francesca Portol\u00e9s Bras\u00f3 &#8211; 102\" aria-label=\"18 &#8211; Francesca Portol\u00e9s Bras\u00f3 &#8211; 102\" class=\"img-responsive wp-image-37387 fusion-gallery-image-size-fixed\" \/><\/a><\/div><\/div><div style=\"padding:5px;\" class=\"fusion-grid-column fusion-gallery-column fusion-gallery-column-6 hover-type-zoomin\"><div class=\"fusion-gallery-image\"><a href=\"https:\/\/afc.cat\/wp-content\/uploads\/2024\/03\/19-Merce-Rios-Bejar-99.jpg\" data-title=\"19 &#8211; Merc\u00e8 R\u00edos Bejar &#8211; 99\" title=\"19 &#8211; Merc\u00e8 R\u00edos Bejar &#8211; 99\" rel=\"noreferrer\" data-rel=\"iLightbox[gallery_image_2]\" class=\"fusion-lightbox\" target=\"_self\"><img decoding=\"async\" src=\"https:\/\/afc.cat\/wp-content\/uploads\/2024\/03\/19-Merce-Rios-Bejar-99-320x202.jpg\" width=\"320\" height=\"202\" alt=\"\" title=\"19 &#8211; Merc\u00e8 R\u00edos Bejar &#8211; 99\" aria-label=\"19 &#8211; Merc\u00e8 R\u00edos Bejar &#8211; 99\" class=\"img-responsive wp-image-37389 fusion-gallery-image-size-fixed\" srcset=\"https:\/\/afc.cat\/wp-content\/uploads\/2024\/03\/19-Merce-Rios-Bejar-99-320x202.jpg 320w, https:\/\/afc.cat\/wp-content\/uploads\/2024\/03\/19-Merce-Rios-Bejar-99-700x441.jpg 700w\" sizes=\"(max-width: 320px) 100vw, 320px\" \/><\/a><\/div><\/div><div style=\"padding:5px;\" class=\"fusion-grid-column fusion-gallery-column fusion-gallery-column-6 hover-type-zoomin\"><div class=\"fusion-gallery-image\"><a href=\"https:\/\/afc.cat\/wp-content\/uploads\/2024\/03\/20-Joan-Soldevila-Adan-99.jpg\" data-title=\"20 &#8211; Joan Soldevila Ad\u00e1n &#8211; 99\" title=\"20 &#8211; Joan Soldevila Ad\u00e1n &#8211; 99\" rel=\"noreferrer\" data-rel=\"iLightbox[gallery_image_2]\" class=\"fusion-lightbox\" target=\"_self\"><img decoding=\"async\" src=\"https:\/\/afc.cat\/wp-content\/uploads\/2024\/03\/20-Joan-Soldevila-Adan-99-320x202.jpg\" width=\"320\" height=\"202\" alt=\"\" title=\"20 &#8211; Joan Soldevila Ad\u00e1n &#8211; 99\" aria-label=\"20 &#8211; Joan Soldevila Ad\u00e1n &#8211; 99\" class=\"img-responsive wp-image-37391 fusion-gallery-image-size-fixed\" srcset=\"https:\/\/afc.cat\/wp-content\/uploads\/2024\/03\/20-Joan-Soldevila-Adan-99-320x202.jpg 320w, https:\/\/afc.cat\/wp-content\/uploads\/2024\/03\/20-Joan-Soldevila-Adan-99-700x441.jpg 700w\" sizes=\"(max-width: 320px) 100vw, 320px\" \/><\/a><\/div><\/div><div style=\"padding:5px;\" class=\"fusion-grid-column fusion-gallery-column fusion-gallery-column-6 hover-type-zoomin\"><div class=\"fusion-gallery-image\"><a href=\"https:\/\/afc.cat\/wp-content\/uploads\/2024\/03\/21-Dolors-Ventura-Canellas-99.jpg\" data-title=\"21 &#8211; Dolors Ventura Ca\u00f1ellas &#8211; 99\" title=\"21 &#8211; Dolors Ventura Ca\u00f1ellas &#8211; 99\" rel=\"noreferrer\" data-rel=\"iLightbox[gallery_image_2]\" class=\"fusion-lightbox\" target=\"_self\"><img decoding=\"async\" src=\"https:\/\/afc.cat\/wp-content\/uploads\/2024\/03\/21-Dolors-Ventura-Canellas-99-320x202.jpg\" width=\"320\" height=\"202\" alt=\"\" title=\"21 &#8211; Dolors Ventura Ca\u00f1ellas &#8211; 99\" aria-label=\"21 &#8211; Dolors Ventura Ca\u00f1ellas &#8211; 99\" class=\"img-responsive wp-image-37393 fusion-gallery-image-size-fixed\" \/><\/a><\/div><\/div><div style=\"padding:5px;\" class=\"fusion-grid-column fusion-gallery-column fusion-gallery-column-6 hover-type-zoomin\"><div class=\"fusion-gallery-image\"><a href=\"https:\/\/afc.cat\/wp-content\/uploads\/2024\/03\/22-Pere-Josep-Sanchez-Romero-98.jpg\" data-title=\"22 &#8211; Pere Josep S\u00e1nchez Romero &#8211; 98\" title=\"22 &#8211; Pere Josep S\u00e1nchez Romero &#8211; 98\" rel=\"noreferrer\" data-rel=\"iLightbox[gallery_image_2]\" class=\"fusion-lightbox\" target=\"_self\"><img decoding=\"async\" src=\"https:\/\/afc.cat\/wp-content\/uploads\/2024\/03\/22-Pere-Josep-Sanchez-Romero-98-320x202.jpg\" width=\"320\" height=\"202\" alt=\"\" title=\"22 &#8211; Pere Josep S\u00e1nchez Romero &#8211; 98\" aria-label=\"22 &#8211; Pere Josep S\u00e1nchez Romero &#8211; 98\" class=\"img-responsive wp-image-37395 fusion-gallery-image-size-fixed\" srcset=\"https:\/\/afc.cat\/wp-content\/uploads\/2024\/03\/22-Pere-Josep-Sanchez-Romero-98-320x202.jpg 320w, https:\/\/afc.cat\/wp-content\/uploads\/2024\/03\/22-Pere-Josep-Sanchez-Romero-98-700x441.jpg 700w\" sizes=\"(max-width: 320px) 100vw, 320px\" \/><\/a><\/div><\/div><div style=\"padding:5px;\" class=\"fusion-grid-column fusion-gallery-column fusion-gallery-column-6 hover-type-zoomin\"><div class=\"fusion-gallery-image\"><a href=\"https:\/\/afc.cat\/wp-content\/uploads\/2024\/03\/23-Francesc-Soldevila-98.jpg\" data-title=\"23 &#8211; Francesc Soldevila &#8211; 98\" title=\"23 &#8211; Francesc Soldevila &#8211; 98\" rel=\"noreferrer\" data-rel=\"iLightbox[gallery_image_2]\" class=\"fusion-lightbox\" target=\"_self\"><img decoding=\"async\" src=\"https:\/\/afc.cat\/wp-content\/uploads\/2024\/03\/23-Francesc-Soldevila-98-320x202.jpg\" width=\"320\" height=\"202\" alt=\"\" title=\"23 &#8211; Francesc Soldevila &#8211; 98\" aria-label=\"23 &#8211; Francesc Soldevila &#8211; 98\" class=\"img-responsive wp-image-37397 fusion-gallery-image-size-fixed\" \/><\/a><\/div><\/div><div class=\"clearfix\"><\/div><div style=\"padding:5px;\" class=\"fusion-grid-column fusion-gallery-column fusion-gallery-column-6 hover-type-zoomin\"><div class=\"fusion-gallery-image\"><a href=\"https:\/\/afc.cat\/wp-content\/uploads\/2024\/03\/24-Rosa-Cristofol-Martinez-97.jpg\" data-title=\"24 &#8211; Rosa Crist\u00f2fol Mart\u00ednez &#8211; 97\" title=\"24 &#8211; Rosa Crist\u00f2fol Mart\u00ednez &#8211; 97\" rel=\"noreferrer\" data-rel=\"iLightbox[gallery_image_2]\" class=\"fusion-lightbox\" target=\"_self\"><img decoding=\"async\" src=\"https:\/\/afc.cat\/wp-content\/uploads\/2024\/03\/24-Rosa-Cristofol-Martinez-97-320x202.jpg\" width=\"320\" height=\"202\" alt=\"\" title=\"24 &#8211; Rosa Crist\u00f2fol Mart\u00ednez &#8211; 97\" aria-label=\"24 &#8211; Rosa Crist\u00f2fol Mart\u00ednez &#8211; 97\" class=\"img-responsive wp-image-37399 fusion-gallery-image-size-fixed\" srcset=\"https:\/\/afc.cat\/wp-content\/uploads\/2024\/03\/24-Rosa-Cristofol-Martinez-97-320x202.jpg 320w, https:\/\/afc.cat\/wp-content\/uploads\/2024\/03\/24-Rosa-Cristofol-Martinez-97-700x441.jpg 700w\" sizes=\"(max-width: 320px) 100vw, 320px\" \/><\/a><\/div><\/div><div style=\"padding:5px;\" class=\"fusion-grid-column fusion-gallery-column fusion-gallery-column-6 hover-type-zoomin\"><div class=\"fusion-gallery-image\"><a href=\"https:\/\/afc.cat\/wp-content\/uploads\/2024\/03\/25-Carme-Mur-Calvo-96.jpg\" data-title=\"25 &#8211; Carme Mur Calv\u00f3 &#8211; 96\" title=\"25 &#8211; Carme Mur Calv\u00f3 &#8211; 96\" rel=\"noreferrer\" data-rel=\"iLightbox[gallery_image_2]\" class=\"fusion-lightbox\" target=\"_self\"><img decoding=\"async\" src=\"https:\/\/afc.cat\/wp-content\/uploads\/2024\/03\/25-Carme-Mur-Calvo-96-320x202.jpg\" width=\"320\" height=\"202\" alt=\"\" title=\"25 &#8211; Carme Mur Calv\u00f3 &#8211; 96\" aria-label=\"25 &#8211; Carme Mur Calv\u00f3 &#8211; 96\" class=\"img-responsive wp-image-37401 fusion-gallery-image-size-fixed\" srcset=\"https:\/\/afc.cat\/wp-content\/uploads\/2024\/03\/25-Carme-Mur-Calvo-96-320x202.jpg 320w, https:\/\/afc.cat\/wp-content\/uploads\/2024\/03\/25-Carme-Mur-Calvo-96-700x441.jpg 700w\" sizes=\"(max-width: 320px) 100vw, 320px\" \/><\/a><\/div><\/div><div style=\"padding:5px;\" class=\"fusion-grid-column fusion-gallery-column fusion-gallery-column-6 hover-type-zoomin\"><div class=\"fusion-gallery-image\"><a href=\"https:\/\/afc.cat\/wp-content\/uploads\/2024\/03\/26-Carmen-Casademont-Ribot-95.jpg\" data-title=\"26 &#8211; Carmen Casademont Ribot &#8211; 95\" title=\"26 &#8211; Carmen Casademont Ribot &#8211; 95\" rel=\"noreferrer\" data-rel=\"iLightbox[gallery_image_2]\" class=\"fusion-lightbox\" target=\"_self\"><img decoding=\"async\" src=\"https:\/\/afc.cat\/wp-content\/uploads\/2024\/03\/26-Carmen-Casademont-Ribot-95-320x202.jpg\" width=\"320\" height=\"202\" alt=\"\" title=\"26 &#8211; Carmen Casademont Ribot &#8211; 95\" aria-label=\"26 &#8211; Carmen Casademont Ribot &#8211; 95\" class=\"img-responsive wp-image-37403 fusion-gallery-image-size-fixed\" srcset=\"https:\/\/afc.cat\/wp-content\/uploads\/2024\/03\/26-Carmen-Casademont-Ribot-95-320x202.jpg 320w, https:\/\/afc.cat\/wp-content\/uploads\/2024\/03\/26-Carmen-Casademont-Ribot-95-700x441.jpg 700w\" sizes=\"(max-width: 320px) 100vw, 320px\" \/><\/a><\/div><\/div><div style=\"padding:5px;\" class=\"fusion-grid-column fusion-gallery-column fusion-gallery-column-6 hover-type-zoomin\"><div class=\"fusion-gallery-image\"><a href=\"https:\/\/afc.cat\/wp-content\/uploads\/2024\/03\/27-Adolfo-Garcia-Bastard-94.jpg\" data-title=\"27 &#8211; Adolfo Garcia Bastard &#8211; 94\" title=\"27 &#8211; Adolfo Garcia Bastard &#8211; 94\" rel=\"noreferrer\" data-rel=\"iLightbox[gallery_image_2]\" class=\"fusion-lightbox\" target=\"_self\"><img decoding=\"async\" src=\"https:\/\/afc.cat\/wp-content\/uploads\/2024\/03\/27-Adolfo-Garcia-Bastard-94-320x202.jpg\" width=\"320\" height=\"202\" alt=\"\" title=\"27 &#8211; Adolfo Garcia Bastard &#8211; 94\" aria-label=\"27 &#8211; Adolfo Garcia Bastard &#8211; 94\" class=\"img-responsive wp-image-37405 fusion-gallery-image-size-fixed\" srcset=\"https:\/\/afc.cat\/wp-content\/uploads\/2024\/03\/27-Adolfo-Garcia-Bastard-94-320x202.jpg 320w, https:\/\/afc.cat\/wp-content\/uploads\/2024\/03\/27-Adolfo-Garcia-Bastard-94-700x441.jpg 700w\" sizes=\"(max-width: 320px) 100vw, 320px\" \/><\/a><\/div><\/div><div style=\"padding:5px;\" class=\"fusion-grid-column fusion-gallery-column fusion-gallery-column-6 hover-type-zoomin\"><div class=\"fusion-gallery-image\"><a href=\"https:\/\/afc.cat\/wp-content\/uploads\/2024\/03\/28-XAVIER-RICOL-DOLSET-94.jpg\" data-title=\"28 &#8211; XAVIER RICOL DOLSET &#8211; 94\" title=\"28 &#8211; XAVIER RICOL DOLSET &#8211; 94\" rel=\"noreferrer\" data-rel=\"iLightbox[gallery_image_2]\" class=\"fusion-lightbox\" target=\"_self\"><img decoding=\"async\" src=\"https:\/\/afc.cat\/wp-content\/uploads\/2024\/03\/28-XAVIER-RICOL-DOLSET-94-320x202.jpg\" width=\"320\" height=\"202\" alt=\"\" title=\"28 &#8211; XAVIER RICOL DOLSET &#8211; 94\" aria-label=\"28 &#8211; XAVIER RICOL DOLSET &#8211; 94\" class=\"img-responsive wp-image-37407 fusion-gallery-image-size-fixed\" srcset=\"https:\/\/afc.cat\/wp-content\/uploads\/2024\/03\/28-XAVIER-RICOL-DOLSET-94-320x202.jpg 320w, https:\/\/afc.cat\/wp-content\/uploads\/2024\/03\/28-XAVIER-RICOL-DOLSET-94-700x441.jpg 700w\" sizes=\"(max-width: 320px) 100vw, 320px\" \/><\/a><\/div><\/div><div style=\"padding:5px;\" class=\"fusion-grid-column fusion-gallery-column fusion-gallery-column-6 hover-type-zoomin\"><div class=\"fusion-gallery-image\"><a href=\"https:\/\/afc.cat\/wp-content\/uploads\/2024\/03\/29-Francisco-Martinez-Aguero-93.jpg\" data-title=\"29 &#8211; Francisco Mart\u00ednez Ag\u00fcero &#8211; 93\" title=\"29 &#8211; Francisco Mart\u00ednez Ag\u00fcero &#8211; 93\" rel=\"noreferrer\" data-rel=\"iLightbox[gallery_image_2]\" class=\"fusion-lightbox\" target=\"_self\"><img decoding=\"async\" src=\"https:\/\/afc.cat\/wp-content\/uploads\/2024\/03\/29-Francisco-Martinez-Aguero-93-320x202.jpg\" width=\"320\" height=\"202\" alt=\"\" title=\"29 &#8211; Francisco Mart\u00ednez Ag\u00fcero &#8211; 93\" aria-label=\"29 &#8211; Francisco Mart\u00ednez Ag\u00fcero &#8211; 93\" class=\"img-responsive wp-image-37409 fusion-gallery-image-size-fixed\" srcset=\"https:\/\/afc.cat\/wp-content\/uploads\/2024\/03\/29-Francisco-Martinez-Aguero-93-320x202.jpg 320w, https:\/\/afc.cat\/wp-content\/uploads\/2024\/03\/29-Francisco-Martinez-Aguero-93-700x441.jpg 700w\" sizes=\"(max-width: 320px) 100vw, 320px\" \/><\/a><\/div><\/div><div class=\"clearfix\"><\/div><div style=\"padding:5px;\" class=\"fusion-grid-column fusion-gallery-column fusion-gallery-column-6 hover-type-zoomin\"><div class=\"fusion-gallery-image\"><a href=\"https:\/\/afc.cat\/wp-content\/uploads\/2024\/03\/30-Lluis-Porcel-Gimenez-93.jpg\" data-title=\"30 &#8211; Llu\u00eds Porcel Gim\u00e9nez &#8211; 93\" title=\"30 &#8211; Llu\u00eds Porcel Gim\u00e9nez &#8211; 93\" rel=\"noreferrer\" data-rel=\"iLightbox[gallery_image_2]\" class=\"fusion-lightbox\" target=\"_self\"><img decoding=\"async\" src=\"https:\/\/afc.cat\/wp-content\/uploads\/2024\/03\/30-Lluis-Porcel-Gimenez-93-320x202.jpg\" width=\"320\" height=\"202\" alt=\"\" title=\"30 &#8211; Llu\u00eds Porcel Gim\u00e9nez &#8211; 93\" aria-label=\"30 &#8211; Llu\u00eds Porcel Gim\u00e9nez &#8211; 93\" class=\"img-responsive wp-image-37411 fusion-gallery-image-size-fixed\" srcset=\"https:\/\/afc.cat\/wp-content\/uploads\/2024\/03\/30-Lluis-Porcel-Gimenez-93-320x202.jpg 320w, https:\/\/afc.cat\/wp-content\/uploads\/2024\/03\/30-Lluis-Porcel-Gimenez-93-700x441.jpg 700w\" sizes=\"(max-width: 320px) 100vw, 320px\" \/><\/a><\/div><\/div><div style=\"padding:5px;\" class=\"fusion-grid-column fusion-gallery-column fusion-gallery-column-6 hover-type-zoomin\"><div class=\"fusion-gallery-image\"><a href=\"https:\/\/afc.cat\/wp-content\/uploads\/2024\/03\/31-Josep-Soler-Vendrell-92.jpg\" data-title=\"31 &#8211; Josep Soler Vendrell &#8211; 92\" title=\"31 &#8211; Josep Soler Vendrell &#8211; 92\" rel=\"noreferrer\" data-rel=\"iLightbox[gallery_image_2]\" class=\"fusion-lightbox\" target=\"_self\"><img decoding=\"async\" src=\"https:\/\/afc.cat\/wp-content\/uploads\/2024\/03\/31-Josep-Soler-Vendrell-92-320x202.jpg\" width=\"320\" height=\"202\" alt=\"\" title=\"31 &#8211; Josep Soler Vendrell &#8211; 92\" aria-label=\"31 &#8211; Josep Soler Vendrell &#8211; 92\" class=\"img-responsive wp-image-37413 fusion-gallery-image-size-fixed\" srcset=\"https:\/\/afc.cat\/wp-content\/uploads\/2024\/03\/31-Josep-Soler-Vendrell-92-320x202.jpg 320w, https:\/\/afc.cat\/wp-content\/uploads\/2024\/03\/31-Josep-Soler-Vendrell-92-700x441.jpg 700w\" sizes=\"(max-width: 320px) 100vw, 320px\" \/><\/a><\/div><\/div><div style=\"padding:5px;\" class=\"fusion-grid-column fusion-gallery-column fusion-gallery-column-6 hover-type-zoomin\"><div class=\"fusion-gallery-image\"><a href=\"https:\/\/afc.cat\/wp-content\/uploads\/2024\/03\/32-Albert-Bolea-Noya-92.jpg\" data-title=\"32 &#8211; Albert Bolea Noya &#8211; 92\" title=\"32 &#8211; Albert Bolea Noya &#8211; 92\" rel=\"noreferrer\" data-rel=\"iLightbox[gallery_image_2]\" class=\"fusion-lightbox\" target=\"_self\"><img decoding=\"async\" src=\"https:\/\/afc.cat\/wp-content\/uploads\/2024\/03\/32-Albert-Bolea-Noya-92-320x202.jpg\" width=\"320\" height=\"202\" alt=\"\" title=\"32 &#8211; Albert Bolea Noya &#8211; 92\" aria-label=\"32 &#8211; Albert Bolea Noya &#8211; 92\" class=\"img-responsive wp-image-37415 fusion-gallery-image-size-fixed\" \/><\/a><\/div><\/div><div style=\"padding:5px;\" class=\"fusion-grid-column fusion-gallery-column fusion-gallery-column-6 hover-type-zoomin\"><div class=\"fusion-gallery-image\"><a href=\"https:\/\/afc.cat\/wp-content\/uploads\/2024\/03\/33-Ramon-Riera-92.jpg\" data-title=\"33 &#8211; Ramon Riera &#8211; 92\" title=\"33 &#8211; Ramon Riera &#8211; 92\" rel=\"noreferrer\" data-rel=\"iLightbox[gallery_image_2]\" class=\"fusion-lightbox\" target=\"_self\"><img decoding=\"async\" src=\"https:\/\/afc.cat\/wp-content\/uploads\/2024\/03\/33-Ramon-Riera-92-320x202.jpg\" width=\"320\" height=\"202\" alt=\"\" title=\"33 &#8211; Ramon Riera &#8211; 92\" aria-label=\"33 &#8211; Ramon Riera &#8211; 92\" class=\"img-responsive wp-image-37417 fusion-gallery-image-size-fixed\" \/><\/a><\/div><\/div><div style=\"padding:5px;\" class=\"fusion-grid-column fusion-gallery-column fusion-gallery-column-6 hover-type-zoomin\"><div class=\"fusion-gallery-image\"><a href=\"https:\/\/afc.cat\/wp-content\/uploads\/2024\/03\/34-Damia-Tous-Vazquez-91.jpg\" data-title=\"34 &#8211; Dami\u00e0 Tous Vazquez &#8211; 91\" title=\"34 &#8211; Dami\u00e0 Tous Vazquez &#8211; 91\" rel=\"noreferrer\" data-rel=\"iLightbox[gallery_image_2]\" class=\"fusion-lightbox\" target=\"_self\"><img decoding=\"async\" src=\"https:\/\/afc.cat\/wp-content\/uploads\/2024\/03\/34-Damia-Tous-Vazquez-91-320x202.jpg\" width=\"320\" height=\"202\" alt=\"\" title=\"34 &#8211; Dami\u00e0 Tous Vazquez &#8211; 91\" aria-label=\"34 &#8211; Dami\u00e0 Tous Vazquez &#8211; 91\" class=\"img-responsive wp-image-37419 fusion-gallery-image-size-fixed\" \/><\/a><\/div><\/div><div style=\"padding:5px;\" class=\"fusion-grid-column fusion-gallery-column fusion-gallery-column-6 hover-type-zoomin\"><div class=\"fusion-gallery-image\"><a href=\"https:\/\/afc.cat\/wp-content\/uploads\/2024\/03\/35-Pep-Vinyals-91.jpg\" data-title=\"35 &#8211; Pep Vinyals &#8211; 91\" title=\"35 &#8211; Pep Vinyals &#8211; 91\" rel=\"noreferrer\" data-rel=\"iLightbox[gallery_image_2]\" class=\"fusion-lightbox\" target=\"_self\"><img decoding=\"async\" src=\"https:\/\/afc.cat\/wp-content\/uploads\/2024\/03\/35-Pep-Vinyals-91-320x202.jpg\" width=\"320\" height=\"202\" alt=\"\" title=\"35 &#8211; Pep Vinyals &#8211; 91\" aria-label=\"35 &#8211; Pep Vinyals &#8211; 91\" class=\"img-responsive wp-image-37421 fusion-gallery-image-size-fixed\" \/><\/a><\/div><\/div><div class=\"clearfix\"><\/div><div style=\"padding:5px;\" class=\"fusion-grid-column fusion-gallery-column fusion-gallery-column-6 hover-type-zoomin\"><div class=\"fusion-gallery-image\"><a href=\"https:\/\/afc.cat\/wp-content\/uploads\/2024\/03\/36-Angel-Colado-Palacios-91.jpg\" data-title=\"36 &#8211; \u00c1ngel Colado Palacios &#8211; 91\" title=\"36 &#8211; \u00c1ngel Colado Palacios &#8211; 91\" rel=\"noreferrer\" data-rel=\"iLightbox[gallery_image_2]\" class=\"fusion-lightbox\" target=\"_self\"><img decoding=\"async\" src=\"https:\/\/afc.cat\/wp-content\/uploads\/2024\/03\/36-Angel-Colado-Palacios-91-320x202.jpg\" width=\"320\" height=\"202\" alt=\"\" title=\"36 &#8211; \u00c1ngel Colado Palacios &#8211; 91\" aria-label=\"36 &#8211; \u00c1ngel Colado Palacios &#8211; 91\" class=\"img-responsive wp-image-37423 fusion-gallery-image-size-fixed\" srcset=\"https:\/\/afc.cat\/wp-content\/uploads\/2024\/03\/36-Angel-Colado-Palacios-91-320x202.jpg 320w, https:\/\/afc.cat\/wp-content\/uploads\/2024\/03\/36-Angel-Colado-Palacios-91-700x441.jpg 700w\" sizes=\"(max-width: 320px) 100vw, 320px\" \/><\/a><\/div><\/div><div style=\"padding:5px;\" class=\"fusion-grid-column fusion-gallery-column fusion-gallery-column-6 hover-type-zoomin\"><div class=\"fusion-gallery-image\"><a href=\"https:\/\/afc.cat\/wp-content\/uploads\/2024\/03\/37-Albert-Folch-Navalon-88.jpg\" data-title=\"37 &#8211; Albert Folch Naval\u00f3n &#8211; 88\" title=\"37 &#8211; Albert Folch Naval\u00f3n &#8211; 88\" rel=\"noreferrer\" data-rel=\"iLightbox[gallery_image_2]\" class=\"fusion-lightbox\" target=\"_self\"><img decoding=\"async\" src=\"https:\/\/afc.cat\/wp-content\/uploads\/2024\/03\/37-Albert-Folch-Navalon-88-320x202.jpg\" width=\"320\" height=\"202\" alt=\"\" title=\"37 &#8211; Albert Folch Naval\u00f3n &#8211; 88\" aria-label=\"37 &#8211; Albert Folch Naval\u00f3n &#8211; 88\" class=\"img-responsive wp-image-37425 fusion-gallery-image-size-fixed\" \/><\/a><\/div><\/div><div style=\"padding:5px;\" class=\"fusion-grid-column fusion-gallery-column fusion-gallery-column-6 hover-type-zoomin\"><div class=\"fusion-gallery-image\"><a href=\"https:\/\/afc.cat\/wp-content\/uploads\/2024\/03\/38-David-Penarroya-Hernandez-87.jpg\" data-title=\"38 &#8211; David Pe\u00f1arroya Hernandez &#8211; 87\" title=\"38 &#8211; David Pe\u00f1arroya Hernandez &#8211; 87\" rel=\"noreferrer\" data-rel=\"iLightbox[gallery_image_2]\" class=\"fusion-lightbox\" target=\"_self\"><img decoding=\"async\" src=\"https:\/\/afc.cat\/wp-content\/uploads\/2024\/03\/38-David-Penarroya-Hernandez-87-320x202.jpg\" width=\"320\" height=\"202\" alt=\"\" title=\"38 &#8211; David Pe\u00f1arroya Hernandez &#8211; 87\" aria-label=\"38 &#8211; David Pe\u00f1arroya Hernandez &#8211; 87\" class=\"img-responsive wp-image-37427 fusion-gallery-image-size-fixed\" \/><\/a><\/div><\/div><div style=\"padding:5px;\" class=\"fusion-grid-column fusion-gallery-column fusion-gallery-column-6 hover-type-zoomin\"><div class=\"fusion-gallery-image\"><a href=\"https:\/\/afc.cat\/wp-content\/uploads\/2024\/03\/39-Miquel-Cabre-86.jpg\" data-title=\"39 &#8211; Miquel Cabr\u00e9 &#8211; 86\" title=\"39 &#8211; Miquel Cabr\u00e9 &#8211; 86\" rel=\"noreferrer\" data-rel=\"iLightbox[gallery_image_2]\" class=\"fusion-lightbox\" target=\"_self\"><img decoding=\"async\" src=\"https:\/\/afc.cat\/wp-content\/uploads\/2024\/03\/39-Miquel-Cabre-86-320x202.jpg\" width=\"320\" height=\"202\" alt=\"\" title=\"39 &#8211; Miquel Cabr\u00e9 &#8211; 86\" aria-label=\"39 &#8211; Miquel Cabr\u00e9 &#8211; 86\" class=\"img-responsive wp-image-37429 fusion-gallery-image-size-fixed\" \/><\/a><\/div><\/div><div style=\"padding:5px;\" class=\"fusion-grid-column fusion-gallery-column fusion-gallery-column-6 hover-type-zoomin\"><div class=\"fusion-gallery-image\"><a href=\"https:\/\/afc.cat\/wp-content\/uploads\/2024\/03\/40-Nuria-Noguera-German-85.jpg\" data-title=\"40 &#8211; N\u00faria Noguera German &#8211; 85\" title=\"40 &#8211; N\u00faria Noguera German &#8211; 85\" rel=\"noreferrer\" data-rel=\"iLightbox[gallery_image_2]\" class=\"fusion-lightbox\" target=\"_self\"><img decoding=\"async\" src=\"https:\/\/afc.cat\/wp-content\/uploads\/2024\/03\/40-Nuria-Noguera-German-85-320x202.jpg\" width=\"320\" height=\"202\" alt=\"\" title=\"40 &#8211; N\u00faria Noguera German &#8211; 85\" aria-label=\"40 &#8211; N\u00faria Noguera German &#8211; 85\" class=\"img-responsive wp-image-37431 fusion-gallery-image-size-fixed\" srcset=\"https:\/\/afc.cat\/wp-content\/uploads\/2024\/03\/40-Nuria-Noguera-German-85-320x202.jpg 320w, https:\/\/afc.cat\/wp-content\/uploads\/2024\/03\/40-Nuria-Noguera-German-85-700x441.jpg 700w\" sizes=\"(max-width: 320px) 100vw, 320px\" \/><\/a><\/div><\/div><div style=\"padding:5px;\" class=\"fusion-grid-column fusion-gallery-column fusion-gallery-column-6 hover-type-zoomin\"><div class=\"fusion-gallery-image\"><a href=\"https:\/\/afc.cat\/wp-content\/uploads\/2024\/03\/41-PERE-GRAUPERA-LANGA-84.jpg\" data-title=\"41 &#8211; PERE GRAUPERA LANGA &#8211; 84\" title=\"41 &#8211; PERE GRAUPERA LANGA &#8211; 84\" rel=\"noreferrer\" data-rel=\"iLightbox[gallery_image_2]\" class=\"fusion-lightbox\" target=\"_self\"><img decoding=\"async\" src=\"https:\/\/afc.cat\/wp-content\/uploads\/2024\/03\/41-PERE-GRAUPERA-LANGA-84-320x202.jpg\" width=\"320\" height=\"202\" alt=\"\" title=\"41 &#8211; PERE GRAUPERA LANGA &#8211; 84\" aria-label=\"41 &#8211; PERE GRAUPERA LANGA &#8211; 84\" class=\"img-responsive wp-image-37433 fusion-gallery-image-size-fixed\" srcset=\"https:\/\/afc.cat\/wp-content\/uploads\/2024\/03\/41-PERE-GRAUPERA-LANGA-84-320x202.jpg 320w, https:\/\/afc.cat\/wp-content\/uploads\/2024\/03\/41-PERE-GRAUPERA-LANGA-84-700x441.jpg 700w\" sizes=\"(max-width: 320px) 100vw, 320px\" \/><\/a><\/div><\/div><div class=\"clearfix\"><\/div><div style=\"padding:5px;\" class=\"fusion-grid-column fusion-gallery-column fusion-gallery-column-6 hover-type-zoomin\"><div class=\"fusion-gallery-image\"><a href=\"https:\/\/afc.cat\/wp-content\/uploads\/2024\/03\/42-Roger-Ballester-Baya-80.jpg\" data-title=\"42 &#8211; Roger Ballester Bay\u00e0 &#8211; 80\" title=\"42 &#8211; Roger Ballester Bay\u00e0 &#8211; 80\" rel=\"noreferrer\" data-rel=\"iLightbox[gallery_image_2]\" class=\"fusion-lightbox\" target=\"_self\"><img decoding=\"async\" src=\"https:\/\/afc.cat\/wp-content\/uploads\/2024\/03\/42-Roger-Ballester-Baya-80-320x202.jpg\" width=\"320\" height=\"202\" alt=\"\" title=\"42 &#8211; Roger Ballester Bay\u00e0 &#8211; 80\" aria-label=\"42 &#8211; Roger Ballester Bay\u00e0 &#8211; 80\" class=\"img-responsive wp-image-37435 fusion-gallery-image-size-fixed\" srcset=\"https:\/\/afc.cat\/wp-content\/uploads\/2024\/03\/42-Roger-Ballester-Baya-80-320x202.jpg 320w, https:\/\/afc.cat\/wp-content\/uploads\/2024\/03\/42-Roger-Ballester-Baya-80-700x441.jpg 700w\" sizes=\"(max-width: 320px) 100vw, 320px\" \/><\/a><\/div><\/div><div style=\"padding:5px;\" class=\"fusion-grid-column fusion-gallery-column fusion-gallery-column-6 hover-type-zoomin\"><div class=\"fusion-gallery-image\"><a href=\"https:\/\/afc.cat\/wp-content\/uploads\/2024\/03\/43-Albert-Ballestero-Rosell-76.jpg\" data-title=\"43 &#8211; Albert Ballestero Rosell &#8211; 76\" title=\"43 &#8211; Albert Ballestero Rosell &#8211; 76\" rel=\"noreferrer\" data-rel=\"iLightbox[gallery_image_2]\" class=\"fusion-lightbox\" target=\"_self\"><img decoding=\"async\" src=\"https:\/\/afc.cat\/wp-content\/uploads\/2024\/03\/43-Albert-Ballestero-Rosell-76-320x202.jpg\" width=\"320\" height=\"202\" alt=\"\" title=\"43 &#8211; Albert Ballestero Rosell &#8211; 76\" aria-label=\"43 &#8211; Albert Ballestero Rosell &#8211; 76\" class=\"img-responsive wp-image-37437 fusion-gallery-image-size-fixed\" \/><\/a><\/div><\/div><\/div><div class=\"fusion-separator fusion-full-width-sep\" style=\"align-self: center;margin-left: auto;margin-right: auto;margin-top:20px;margin-bottom:20px;width:100%;\"><div class=\"fusion-separator-border sep-single sep-solid\" style=\"border-color:#3ec0bf;border-top-width:1px;\"><\/div><\/div><div style=\"text-align:center;\"><style>.fusion-button.button-1{border-radius:4px 4px 4px 4px;}<\/style><a class=\"fusion-button button-flat fusion-button-default-size button-default button-1 fusion-button-default-span fusion-button-default-type\" target=\"_self\" href=\"https:\/\/afc.cat\/es\/galerias\/\"><span class=\"fusion-button-text\">Vuelve a GALER\u00cdAS<\/span><\/a><\/div><\/div><style type=\"text\/css\">.fusion-body .fusion-builder-column-0{width:100% !important;margin-top : 0px;margin-bottom : 20px;}.fusion-builder-column-0 > .fusion-column-wrapper {padding-top : 0px !important;padding-right : 0px !important;margin-right : 1.92%;padding-bottom : 0px !important;padding-left : 0px !important;margin-left : 1.92%;}@media only screen and (max-width:1024px) {.fusion-body .fusion-builder-column-0{width:100% !important;order : 0;}.fusion-builder-column-0 > .fusion-column-wrapper {margin-right : 1.92%;margin-left : 1.92%;}}@media only screen and (max-width:640px) {.fusion-body .fusion-builder-column-0{width:100% !important;order : 0;}.fusion-builder-column-0 > .fusion-column-wrapper {margin-right : 1.92%;margin-left : 1.92%;}}<\/style><\/div><\/div><style type=\"text\/css\">.fusion-body .fusion-flex-container.fusion-builder-row-1{ padding-top : 0px;margin-top : 0px;padding-right : 0px;padding-bottom : 0px;margin-bottom : 0px;padding-left : 0px;}<\/style><\/div>\n","protected":false},"excerpt":{"rendered":"","protected":false},"author":33,"featured_media":37528,"menu_order":0,"comment_status":"open","ping_status":"closed","template":"","format":"standard","meta":{"_acf_changed":false,"footnotes":""},"portfolio_category":[158],"portfolio_skills":[],"portfolio_tags":[],"class_list":["post-37542","avada_portfolio","type-avada_portfolio","status-publish","format-standard","has-post-thumbnail","hentry","portfolio_category-concursos-es"],"acf":[],"yoast_head":"<!-- This site is optimized with the Yoast SEO plugin v27.2 - https:\/\/yoast.com\/product\/yoast-seo-wordpress\/ -->\n<title>Clasificaci\u00f3n concurso Temes Obligats 2023-2024 FEBRERO - Agrupaci\u00f3 Fotogr\u00e0fica de Catalunya<\/title>\n<meta name=\"robots\" content=\"index, follow, max-snippet:-1, max-image-preview:large, max-video-preview:-1\" \/>\n<link rel=\"canonical\" href=\"https:\/\/afc.cat\/es\/galeria\/clasificacion-concurso-temes-obligats-2023-2024-febrero\/\" \/>\n<meta property=\"og:locale\" content=\"es_ES\" \/>\n<meta property=\"og:type\" content=\"article\" \/>\n<meta property=\"og:title\" content=\"Clasificaci\u00f3n concurso Temes Obligats 2023-2024 FEBRERO - Agrupaci\u00f3 Fotogr\u00e0fica de Catalunya\" \/>\n<meta property=\"og:url\" content=\"https:\/\/afc.cat\/es\/galeria\/clasificacion-concurso-temes-obligats-2023-2024-febrero\/\" \/>\n<meta property=\"og:site_name\" content=\"Agrupaci\u00f3 Fotogr\u00e0fica de Catalunya\" \/>\n<meta property=\"og:image\" content=\"https:\/\/afc.cat\/wp-content\/uploads\/2024\/03\/TEMES-OBLIGATS-FEBRER-24-CAT.jpg\" \/>\n\t<meta property=\"og:image:width\" content=\"400\" \/>\n\t<meta property=\"og:image:height\" content=\"265\" \/>\n\t<meta property=\"og:image:type\" content=\"image\/jpeg\" \/>\n<meta name=\"twitter:card\" content=\"summary_large_image\" \/>\n<meta name=\"twitter:label1\" content=\"Tiempo de lectura\" \/>\n\t<meta name=\"twitter:data1\" content=\"7 minutos\" \/>\n<script type=\"application\/ld+json\" class=\"yoast-schema-graph\">{\"@context\":\"https:\/\/schema.org\",\"@graph\":[{\"@type\":\"WebPage\",\"@id\":\"https:\/\/afc.cat\/es\/galeria\/clasificacion-concurso-temes-obligats-2023-2024-febrero\/\",\"url\":\"https:\/\/afc.cat\/es\/galeria\/clasificacion-concurso-temes-obligats-2023-2024-febrero\/\",\"name\":\"Clasificaci\u00f3n concurso Temes Obligats 2023-2024 FEBRERO - Agrupaci\u00f3 Fotogr\u00e0fica de Catalunya\",\"isPartOf\":{\"@id\":\"https:\/\/afc.cat\/es\/#website\"},\"primaryImageOfPage\":{\"@id\":\"https:\/\/afc.cat\/es\/galeria\/clasificacion-concurso-temes-obligats-2023-2024-febrero\/#primaryimage\"},\"image\":{\"@id\":\"https:\/\/afc.cat\/es\/galeria\/clasificacion-concurso-temes-obligats-2023-2024-febrero\/#primaryimage\"},\"thumbnailUrl\":\"https:\/\/afc.cat\/wp-content\/uploads\/2024\/03\/TEMES-OBLIGATS-FEBRER-24-CAT.jpg\",\"datePublished\":\"2024-03-05T20:13:33+00:00\",\"breadcrumb\":{\"@id\":\"https:\/\/afc.cat\/es\/galeria\/clasificacion-concurso-temes-obligats-2023-2024-febrero\/#breadcrumb\"},\"inLanguage\":\"es\",\"potentialAction\":[{\"@type\":\"ReadAction\",\"target\":[\"https:\/\/afc.cat\/es\/galeria\/clasificacion-concurso-temes-obligats-2023-2024-febrero\/\"]}]},{\"@type\":\"ImageObject\",\"inLanguage\":\"es\",\"@id\":\"https:\/\/afc.cat\/es\/galeria\/clasificacion-concurso-temes-obligats-2023-2024-febrero\/#primaryimage\",\"url\":\"https:\/\/afc.cat\/wp-content\/uploads\/2024\/03\/TEMES-OBLIGATS-FEBRER-24-CAT.jpg\",\"contentUrl\":\"https:\/\/afc.cat\/wp-content\/uploads\/2024\/03\/TEMES-OBLIGATS-FEBRER-24-CAT.jpg\",\"width\":400,\"height\":265},{\"@type\":\"BreadcrumbList\",\"@id\":\"https:\/\/afc.cat\/es\/galeria\/clasificacion-concurso-temes-obligats-2023-2024-febrero\/#breadcrumb\",\"itemListElement\":[{\"@type\":\"ListItem\",\"position\":1,\"name\":\"Inicio\",\"item\":\"https:\/\/afc.cat\/es\/\"},{\"@type\":\"ListItem\",\"position\":2,\"name\":\"Portfolio\",\"item\":\"https:\/\/afc.cat\/galeria\/\"},{\"@type\":\"ListItem\",\"position\":3,\"name\":\"Clasificaci\u00f3n concurso Temes Obligats 2023-2024 FEBRERO\"}]},{\"@type\":\"WebSite\",\"@id\":\"https:\/\/afc.cat\/es\/#website\",\"url\":\"https:\/\/afc.cat\/es\/\",\"name\":\"Agrupaci\u00f3 Fotogr\u00e0fica de Catalunya\",\"description\":\"Fomento y divulgaci\u00f3n de la fotograf\u00eda en todas sus variedades\",\"potentialAction\":[{\"@type\":\"SearchAction\",\"target\":{\"@type\":\"EntryPoint\",\"urlTemplate\":\"https:\/\/afc.cat\/es\/?s={search_term_string}\"},\"query-input\":{\"@type\":\"PropertyValueSpecification\",\"valueRequired\":true,\"valueName\":\"search_term_string\"}}],\"inLanguage\":\"es\"}]}<\/script>\n<!-- \/ Yoast SEO plugin. -->","yoast_head_json":{"title":"Clasificaci\u00f3n concurso Temes Obligats 2023-2024 FEBRERO - Agrupaci\u00f3 Fotogr\u00e0fica de Catalunya","robots":{"index":"index","follow":"follow","max-snippet":"max-snippet:-1","max-image-preview":"max-image-preview:large","max-video-preview":"max-video-preview:-1"},"canonical":"https:\/\/afc.cat\/es\/galeria\/clasificacion-concurso-temes-obligats-2023-2024-febrero\/","og_locale":"es_ES","og_type":"article","og_title":"Clasificaci\u00f3n concurso Temes Obligats 2023-2024 FEBRERO - Agrupaci\u00f3 Fotogr\u00e0fica de Catalunya","og_url":"https:\/\/afc.cat\/es\/galeria\/clasificacion-concurso-temes-obligats-2023-2024-febrero\/","og_site_name":"Agrupaci\u00f3 Fotogr\u00e0fica de Catalunya","og_image":[{"width":400,"height":265,"url":"https:\/\/afc.cat\/wp-content\/uploads\/2024\/03\/TEMES-OBLIGATS-FEBRER-24-CAT.jpg","type":"image\/jpeg"}],"twitter_card":"summary_large_image","twitter_misc":{"Tiempo de lectura":"7 minutos"},"schema":{"@context":"https:\/\/schema.org","@graph":[{"@type":"WebPage","@id":"https:\/\/afc.cat\/es\/galeria\/clasificacion-concurso-temes-obligats-2023-2024-febrero\/","url":"https:\/\/afc.cat\/es\/galeria\/clasificacion-concurso-temes-obligats-2023-2024-febrero\/","name":"Clasificaci\u00f3n concurso Temes Obligats 2023-2024 FEBRERO - Agrupaci\u00f3 Fotogr\u00e0fica de Catalunya","isPartOf":{"@id":"https:\/\/afc.cat\/es\/#website"},"primaryImageOfPage":{"@id":"https:\/\/afc.cat\/es\/galeria\/clasificacion-concurso-temes-obligats-2023-2024-febrero\/#primaryimage"},"image":{"@id":"https:\/\/afc.cat\/es\/galeria\/clasificacion-concurso-temes-obligats-2023-2024-febrero\/#primaryimage"},"thumbnailUrl":"https:\/\/afc.cat\/wp-content\/uploads\/2024\/03\/TEMES-OBLIGATS-FEBRER-24-CAT.jpg","datePublished":"2024-03-05T20:13:33+00:00","breadcrumb":{"@id":"https:\/\/afc.cat\/es\/galeria\/clasificacion-concurso-temes-obligats-2023-2024-febrero\/#breadcrumb"},"inLanguage":"es","potentialAction":[{"@type":"ReadAction","target":["https:\/\/afc.cat\/es\/galeria\/clasificacion-concurso-temes-obligats-2023-2024-febrero\/"]}]},{"@type":"ImageObject","inLanguage":"es","@id":"https:\/\/afc.cat\/es\/galeria\/clasificacion-concurso-temes-obligats-2023-2024-febrero\/#primaryimage","url":"https:\/\/afc.cat\/wp-content\/uploads\/2024\/03\/TEMES-OBLIGATS-FEBRER-24-CAT.jpg","contentUrl":"https:\/\/afc.cat\/wp-content\/uploads\/2024\/03\/TEMES-OBLIGATS-FEBRER-24-CAT.jpg","width":400,"height":265},{"@type":"BreadcrumbList","@id":"https:\/\/afc.cat\/es\/galeria\/clasificacion-concurso-temes-obligats-2023-2024-febrero\/#breadcrumb","itemListElement":[{"@type":"ListItem","position":1,"name":"Inicio","item":"https:\/\/afc.cat\/es\/"},{"@type":"ListItem","position":2,"name":"Portfolio","item":"https:\/\/afc.cat\/galeria\/"},{"@type":"ListItem","position":3,"name":"Clasificaci\u00f3n concurso Temes Obligats 2023-2024 FEBRERO"}]},{"@type":"WebSite","@id":"https:\/\/afc.cat\/es\/#website","url":"https:\/\/afc.cat\/es\/","name":"Agrupaci\u00f3 Fotogr\u00e0fica de Catalunya","description":"Fomento y divulgaci\u00f3n de la fotograf\u00eda en todas sus variedades","potentialAction":[{"@type":"SearchAction","target":{"@type":"EntryPoint","urlTemplate":"https:\/\/afc.cat\/es\/?s={search_term_string}"},"query-input":{"@type":"PropertyValueSpecification","valueRequired":true,"valueName":"search_term_string"}}],"inLanguage":"es"}]}},"_links":{"self":[{"href":"https:\/\/afc.cat\/es\/wp-json\/wp\/v2\/avada_portfolio\/37542","targetHints":{"allow":["GET"]}}],"collection":[{"href":"https:\/\/afc.cat\/es\/wp-json\/wp\/v2\/avada_portfolio"}],"about":[{"href":"https:\/\/afc.cat\/es\/wp-json\/wp\/v2\/types\/avada_portfolio"}],"author":[{"embeddable":true,"href":"https:\/\/afc.cat\/es\/wp-json\/wp\/v2\/users\/33"}],"replies":[{"embeddable":true,"href":"https:\/\/afc.cat\/es\/wp-json\/wp\/v2\/comments?post=37542"}],"version-history":[{"count":3,"href":"https:\/\/afc.cat\/es\/wp-json\/wp\/v2\/avada_portfolio\/37542\/revisions"}],"predecessor-version":[{"id":37547,"href":"https:\/\/afc.cat\/es\/wp-json\/wp\/v2\/avada_portfolio\/37542\/revisions\/37547"}],"wp:featuredmedia":[{"embeddable":true,"href":"https:\/\/afc.cat\/es\/wp-json\/wp\/v2\/media\/37528"}],"wp:attachment":[{"href":"https:\/\/afc.cat\/es\/wp-json\/wp\/v2\/media?parent=37542"}],"wp:term":[{"taxonomy":"portfolio_category","embeddable":true,"href":"https:\/\/afc.cat\/es\/wp-json\/wp\/v2\/portfolio_category?post=37542"},{"taxonomy":"portfolio_skills","embeddable":true,"href":"https:\/\/afc.cat\/es\/wp-json\/wp\/v2\/portfolio_skills?post=37542"},{"taxonomy":"portfolio_tags","embeddable":true,"href":"https:\/\/afc.cat\/es\/wp-json\/wp\/v2\/portfolio_tags?post=37542"}],"curies":[{"name":"wp","href":"https:\/\/api.w.org\/{rel}","templated":true}]}}