{"id":38229,"date":"2024-04-29T14:02:53","date_gmt":"2024-04-29T12:02:53","guid":{"rendered":"https:\/\/afc.cat\/?post_type=avada_portfolio&#038;p=38229"},"modified":"2024-04-29T14:24:17","modified_gmt":"2024-04-29T12:24:17","slug":"clasificacion-concurso-temes-obligats-2023-2024-abril","status":"publish","type":"avada_portfolio","link":"https:\/\/afc.cat\/es\/galeria\/clasificacion-concurso-temes-obligats-2023-2024-abril\/","title":{"rendered":"Clasificaci\u00f3n concurso Temes Obligats 2023-2024 ABRIL"},"content":{"rendered":"<div class=\"fusion-fullwidth fullwidth-box fusion-builder-row-1 fusion-flex-container nonhundred-percent-fullwidth non-hundred-percent-height-scrolling\" style=\"background-color: rgba(255,255,255,0);background-position: center center;background-repeat: no-repeat;border-width: 0px 0px 0px 0px;border-color:#ffffff;border-style:solid;\" ><div class=\"fusion-builder-row fusion-row fusion-flex-align-items-flex-start\" style=\"max-width:1300px;margin-left: calc(-4% \/ 2 );margin-right: calc(-4% \/ 2 );\"><div class=\"fusion-layout-column fusion_builder_column fusion-builder-column-0 fusion_builder_column_1_1 1_1 fusion-flex-column\"><div class=\"fusion-column-wrapper fusion-flex-justify-content-flex-start fusion-content-layout-column\" style=\"background-position:left top;background-repeat:no-repeat;-webkit-background-size:cover;-moz-background-size:cover;-o-background-size:cover;background-size:cover;padding: 0px 0px 0px 0px;\"><div class=\"fusion-text fusion-text-1\"><h2 style=\"text-align: center;\">Tema Obligat del mes de marzo 2024<\/h2>\n<h3 style=\"text-align: center;\">Silencio<\/h3>\n<\/div><div class=\"fusion-text fusion-text-2\"><div id=\"malwarebytes-root\" style=\"position: fixed; inset: 0px 0px auto; z-index: 2147483647; width: 100%;\" tabindex=\"-1\"><\/div>\n<p>El pasado viernes d\u00eda 26 de abril se conoci\u00f3 la valoraci\u00f3n del jurado de las fotograf\u00edas de los socios que participaron en el concurso social de la Agrupaci\u00f3\u00a0 \u00a0<a href=\"https:\/\/afc.cat\/concursos-socials\/\">\u201dTemes obligats\u201d<\/a>. Como ya sab\u00e9is, el tema va cambiando cada mes y el tema de este mes de abril de 2024 ha sido \u00ab<strong>Silencio<\/strong>\u00ab.<\/p>\n<p><strong><u>Categoria Monocromo<\/u><\/strong><\/p>\n<p><strong>1<\/strong>\u00a0\u2013 Sara Assens \u2013 118 punts<br \/>\n<strong>2<\/strong>\u00a0\u2013 Albert Ca\u00f1ellas\u00a0 \u2013 116 punts<br \/>\n<strong>3<\/strong>\u00a0\u2013 Merc\u00e8 R\u00edos \u2013 114 punts<\/p>\n<p><strong><u>Categoria de Color<\/u><\/strong><\/p>\n<p><strong>1<\/strong>\u00a0\u2013 Dolors Ventura \u2013 115 punts<br \/>\n<strong>2<\/strong>\u00a0\u2013 Albert Folch \u2013 112 punts<br \/>\n<strong>3<\/strong>\u00a0\u2013 Francisco Olmos \u2013 111 punts<\/p>\n<p><strong><u>Jurat<\/u><\/strong><\/p>\n<p><strong>Jacint Guiteres<\/strong><br \/>\n<strong>Manuel Atxa<\/strong><br \/>\n<b>Montse Piqu\u00e9<\/b><\/p>\n<p>Continuamos animando a los socios y socias a participar, siempre es una buena excusa para hacer lo que m\u00e1s nos gusta, coger la c\u00e1mara y hacer clic.<\/p>\n<p><strong>Maxim Poncela<br \/>\n<\/strong>Concursos<\/p>\n<\/div><div class=\"fusion-separator fusion-full-width-sep\" style=\"align-self: center;margin-left: auto;margin-right: auto;margin-bottom:20px;width:100%;\"><div class=\"fusion-separator-border sep-single sep-solid\" style=\"border-color:#3ec0bf;border-top-width:1px;\"><\/div><\/div><div class=\"fusion-text fusion-text-3\"><p style=\"text-align: center;\"><strong>PUNTUACI\u00d3N GENERAL ACUMULADA MONOCROMO<\/strong><\/p>\n<\/div><div style=\"text-align:center;\"><style>.fusion-imageframe.imageframe-1{ margin-bottom : 5%;}<\/style><span class=\" fusion-imageframe imageframe-none imageframe-1 hover-type-zoomin\"><img decoding=\"async\" width=\"722\" height=\"1250\" title=\"TO-ABRIL-BN\" src=\"https:\/\/afc.cat\/wp-content\/uploads\/2024\/04\/TO-ABRIL-BN.jpg\" alt class=\"img-responsive wp-image-38193\" srcset=\"https:\/\/afc.cat\/wp-content\/uploads\/2024\/04\/TO-ABRIL-BN-200x346.jpg 200w, https:\/\/afc.cat\/wp-content\/uploads\/2024\/04\/TO-ABRIL-BN-400x693.jpg 400w, https:\/\/afc.cat\/wp-content\/uploads\/2024\/04\/TO-ABRIL-BN-600x1039.jpg 600w, https:\/\/afc.cat\/wp-content\/uploads\/2024\/04\/TO-ABRIL-BN.jpg 722w\" sizes=\"(max-width: 640px) 100vw, 722px\" \/><\/span><\/div><div class=\"fusion-text fusion-text-4\"><p style=\"text-align: center;\"><strong>Clasificaci\u00f3n monocromo de abril 2024<\/strong><\/p>\n<\/div><style type=\"text\/css\">.fusion-gallery-1 .fusion-gallery-image {border:0px solid #e2e2e2;}<\/style><div class=\"fusion-gallery fusion-gallery-container fusion-grid-6 fusion-columns-total-37 fusion-gallery-layout-grid fusion-gallery-1\" style=\"margin:-5px;\"><div style=\"padding:5px;\" class=\"fusion-grid-column fusion-gallery-column fusion-gallery-column-6 hover-type-zoomin\"><div class=\"fusion-gallery-image\"><a href=\"https:\/\/afc.cat\/wp-content\/uploads\/2024\/04\/1-Sara-Assens-Mampel-118.jpg\" data-title=\"1 &#8211; Sara Assens Mampel &#8211; 118\" title=\"1 &#8211; Sara Assens Mampel &#8211; 118\" rel=\"noreferrer\" data-rel=\"iLightbox[gallery_image_1]\" class=\"fusion-lightbox\" target=\"_self\"><img decoding=\"async\" src=\"https:\/\/afc.cat\/wp-content\/uploads\/2024\/04\/1-Sara-Assens-Mampel-118-320x202.jpg\" width=\"320\" height=\"202\" alt=\"\" title=\"1 &#8211; Sara Assens Mampel &#8211; 118\" aria-label=\"1 &#8211; Sara Assens Mampel &#8211; 118\" class=\"img-responsive wp-image-38119 fusion-gallery-image-size-fixed\" srcset=\"https:\/\/afc.cat\/wp-content\/uploads\/2024\/04\/1-Sara-Assens-Mampel-118-320x202.jpg 320w, https:\/\/afc.cat\/wp-content\/uploads\/2024\/04\/1-Sara-Assens-Mampel-118-700x441.jpg 700w\" sizes=\"(max-width: 320px) 100vw, 320px\" \/><\/a><\/div><\/div><div style=\"padding:5px;\" class=\"fusion-grid-column fusion-gallery-column fusion-gallery-column-6 hover-type-zoomin\"><div class=\"fusion-gallery-image\"><a href=\"https:\/\/afc.cat\/wp-content\/uploads\/2024\/04\/2-Albert-Canellas-Xarau-116.jpg\" data-title=\"2 &#8211; Albert Ca\u00f1ellas Xarau &#8211; 116\" title=\"2 &#8211; Albert Ca\u00f1ellas Xarau &#8211; 116\" rel=\"noreferrer\" data-rel=\"iLightbox[gallery_image_1]\" class=\"fusion-lightbox\" target=\"_self\"><img decoding=\"async\" src=\"https:\/\/afc.cat\/wp-content\/uploads\/2024\/04\/2-Albert-Canellas-Xarau-116-320x202.jpg\" width=\"320\" height=\"202\" alt=\"\" title=\"2 &#8211; Albert Ca\u00f1ellas Xarau &#8211; 116\" aria-label=\"2 &#8211; Albert Ca\u00f1ellas Xarau &#8211; 116\" class=\"img-responsive wp-image-38121 fusion-gallery-image-size-fixed\" srcset=\"https:\/\/afc.cat\/wp-content\/uploads\/2024\/04\/2-Albert-Canellas-Xarau-116-320x202.jpg 320w, https:\/\/afc.cat\/wp-content\/uploads\/2024\/04\/2-Albert-Canellas-Xarau-116-700x441.jpg 700w\" sizes=\"(max-width: 320px) 100vw, 320px\" \/><\/a><\/div><\/div><div style=\"padding:5px;\" class=\"fusion-grid-column fusion-gallery-column fusion-gallery-column-6 hover-type-zoomin\"><div class=\"fusion-gallery-image\"><a href=\"https:\/\/afc.cat\/wp-content\/uploads\/2024\/04\/3-Merce-Rios-Bejar-114.jpg\" data-title=\"3 &#8211; Merc\u00e8 R\u00edos Bejar &#8211; 114\" title=\"3 &#8211; Merc\u00e8 R\u00edos Bejar &#8211; 114\" rel=\"noreferrer\" data-rel=\"iLightbox[gallery_image_1]\" class=\"fusion-lightbox\" target=\"_self\"><img decoding=\"async\" src=\"https:\/\/afc.cat\/wp-content\/uploads\/2024\/04\/3-Merce-Rios-Bejar-114-320x202.jpg\" width=\"320\" height=\"202\" alt=\"\" title=\"3 &#8211; Merc\u00e8 R\u00edos Bejar &#8211; 114\" aria-label=\"3 &#8211; Merc\u00e8 R\u00edos Bejar &#8211; 114\" class=\"img-responsive wp-image-38123 fusion-gallery-image-size-fixed\" \/><\/a><\/div><\/div><div style=\"padding:5px;\" class=\"fusion-grid-column fusion-gallery-column fusion-gallery-column-6 hover-type-zoomin\"><div class=\"fusion-gallery-image\"><a href=\"https:\/\/afc.cat\/wp-content\/uploads\/2024\/04\/4-Xavier-Bou-Salazar-114.jpg\" data-title=\"4 &#8211; Xavier Bou Salazar &#8211; 114\" title=\"4 &#8211; Xavier Bou Salazar &#8211; 114\" rel=\"noreferrer\" data-rel=\"iLightbox[gallery_image_1]\" class=\"fusion-lightbox\" target=\"_self\"><img decoding=\"async\" src=\"https:\/\/afc.cat\/wp-content\/uploads\/2024\/04\/4-Xavier-Bou-Salazar-114-320x202.jpg\" width=\"320\" height=\"202\" alt=\"\" title=\"4 &#8211; Xavier Bou Salazar &#8211; 114\" aria-label=\"4 &#8211; Xavier Bou Salazar &#8211; 114\" class=\"img-responsive wp-image-38125 fusion-gallery-image-size-fixed\" srcset=\"https:\/\/afc.cat\/wp-content\/uploads\/2024\/04\/4-Xavier-Bou-Salazar-114-320x202.jpg 320w, https:\/\/afc.cat\/wp-content\/uploads\/2024\/04\/4-Xavier-Bou-Salazar-114-700x441.jpg 700w\" sizes=\"(max-width: 320px) 100vw, 320px\" \/><\/a><\/div><\/div><div style=\"padding:5px;\" class=\"fusion-grid-column fusion-gallery-column fusion-gallery-column-6 hover-type-zoomin\"><div class=\"fusion-gallery-image\"><a href=\"https:\/\/afc.cat\/wp-content\/uploads\/2024\/04\/5-Anna-Barnes-Guillen-113.jpg\" data-title=\"5 &#8211; Anna Barn\u00e9s Guill\u00e9n &#8211; 113\" title=\"5 &#8211; Anna Barn\u00e9s Guill\u00e9n &#8211; 113\" rel=\"noreferrer\" data-rel=\"iLightbox[gallery_image_1]\" class=\"fusion-lightbox\" target=\"_self\"><img decoding=\"async\" src=\"https:\/\/afc.cat\/wp-content\/uploads\/2024\/04\/5-Anna-Barnes-Guillen-113-320x202.jpg\" width=\"320\" height=\"202\" alt=\"\" title=\"5 &#8211; Anna Barn\u00e9s Guill\u00e9n &#8211; 113\" aria-label=\"5 &#8211; Anna Barn\u00e9s Guill\u00e9n &#8211; 113\" class=\"img-responsive wp-image-38127 fusion-gallery-image-size-fixed\" srcset=\"https:\/\/afc.cat\/wp-content\/uploads\/2024\/04\/5-Anna-Barnes-Guillen-113-320x202.jpg 320w, https:\/\/afc.cat\/wp-content\/uploads\/2024\/04\/5-Anna-Barnes-Guillen-113-700x441.jpg 700w\" sizes=\"(max-width: 320px) 100vw, 320px\" \/><\/a><\/div><\/div><div style=\"padding:5px;\" class=\"fusion-grid-column fusion-gallery-column fusion-gallery-column-6 hover-type-zoomin\"><div class=\"fusion-gallery-image\"><a href=\"https:\/\/afc.cat\/wp-content\/uploads\/2024\/04\/6-Esperanca-Sanz-Marin-113.jpg\" data-title=\"6 &#8211; Esperan\u00e7a Sanz Marin &#8211; 113\" title=\"6 &#8211; Esperan\u00e7a Sanz Marin &#8211; 113\" rel=\"noreferrer\" data-rel=\"iLightbox[gallery_image_1]\" class=\"fusion-lightbox\" target=\"_self\"><img decoding=\"async\" src=\"https:\/\/afc.cat\/wp-content\/uploads\/2024\/04\/6-Esperanca-Sanz-Marin-113-320x202.jpg\" width=\"320\" height=\"202\" alt=\"\" title=\"6 &#8211; Esperan\u00e7a Sanz Marin &#8211; 113\" aria-label=\"6 &#8211; Esperan\u00e7a Sanz Marin &#8211; 113\" class=\"img-responsive wp-image-38129 fusion-gallery-image-size-fixed\" srcset=\"https:\/\/afc.cat\/wp-content\/uploads\/2024\/04\/6-Esperanca-Sanz-Marin-113-320x202.jpg 320w, https:\/\/afc.cat\/wp-content\/uploads\/2024\/04\/6-Esperanca-Sanz-Marin-113-700x441.jpg 700w\" sizes=\"(max-width: 320px) 100vw, 320px\" \/><\/a><\/div><\/div><div class=\"clearfix\"><\/div><div style=\"padding:5px;\" class=\"fusion-grid-column fusion-gallery-column fusion-gallery-column-6 hover-type-zoomin\"><div class=\"fusion-gallery-image\"><a href=\"https:\/\/afc.cat\/wp-content\/uploads\/2024\/04\/7-Joan-Soldevila-Adan-113.jpg\" data-title=\"7 &#8211; Joan Soldevila Ad\u00e1n &#8211; 113\" title=\"7 &#8211; Joan Soldevila Ad\u00e1n &#8211; 113\" rel=\"noreferrer\" data-rel=\"iLightbox[gallery_image_1]\" class=\"fusion-lightbox\" target=\"_self\"><img decoding=\"async\" src=\"https:\/\/afc.cat\/wp-content\/uploads\/2024\/04\/7-Joan-Soldevila-Adan-113-320x202.jpg\" width=\"320\" height=\"202\" alt=\"\" title=\"7 &#8211; Joan Soldevila Ad\u00e1n &#8211; 113\" aria-label=\"7 &#8211; Joan Soldevila Ad\u00e1n &#8211; 113\" class=\"img-responsive wp-image-38131 fusion-gallery-image-size-fixed\" srcset=\"https:\/\/afc.cat\/wp-content\/uploads\/2024\/04\/7-Joan-Soldevila-Adan-113-320x202.jpg 320w, https:\/\/afc.cat\/wp-content\/uploads\/2024\/04\/7-Joan-Soldevila-Adan-113-700x441.jpg 700w\" sizes=\"(max-width: 320px) 100vw, 320px\" \/><\/a><\/div><\/div><div style=\"padding:5px;\" class=\"fusion-grid-column fusion-gallery-column fusion-gallery-column-6 hover-type-zoomin\"><div class=\"fusion-gallery-image\"><a href=\"https:\/\/afc.cat\/wp-content\/uploads\/2024\/04\/8-Gloria-Tatxe-Salas-109.jpg\" data-title=\"8 &#8211; Gloria Tatx\u00e9 Salas &#8211; 109\" title=\"8 &#8211; Gloria Tatx\u00e9 Salas &#8211; 109\" rel=\"noreferrer\" data-rel=\"iLightbox[gallery_image_1]\" class=\"fusion-lightbox\" target=\"_self\"><img decoding=\"async\" src=\"https:\/\/afc.cat\/wp-content\/uploads\/2024\/04\/8-Gloria-Tatxe-Salas-109-320x202.jpg\" width=\"320\" height=\"202\" alt=\"\" title=\"8 &#8211; Gloria Tatx\u00e9 Salas &#8211; 109\" aria-label=\"8 &#8211; Gloria Tatx\u00e9 Salas &#8211; 109\" class=\"img-responsive wp-image-38133 fusion-gallery-image-size-fixed\" srcset=\"https:\/\/afc.cat\/wp-content\/uploads\/2024\/04\/8-Gloria-Tatxe-Salas-109-320x202.jpg 320w, https:\/\/afc.cat\/wp-content\/uploads\/2024\/04\/8-Gloria-Tatxe-Salas-109-700x441.jpg 700w\" sizes=\"(max-width: 320px) 100vw, 320px\" \/><\/a><\/div><\/div><div style=\"padding:5px;\" class=\"fusion-grid-column fusion-gallery-column fusion-gallery-column-6 hover-type-zoomin\"><div class=\"fusion-gallery-image\"><a href=\"https:\/\/afc.cat\/wp-content\/uploads\/2024\/04\/9-Josep-Maria-Bonjoch-Trilla-107.jpg\" data-title=\"9 &#8211; Josep Maria Bonjoch Trilla &#8211; 107\" title=\"9 &#8211; Josep Maria Bonjoch Trilla &#8211; 107\" rel=\"noreferrer\" data-rel=\"iLightbox[gallery_image_1]\" class=\"fusion-lightbox\" target=\"_self\"><img decoding=\"async\" src=\"https:\/\/afc.cat\/wp-content\/uploads\/2024\/04\/9-Josep-Maria-Bonjoch-Trilla-107-320x202.jpg\" width=\"320\" height=\"202\" alt=\"\" title=\"9 &#8211; Josep Maria Bonjoch Trilla &#8211; 107\" aria-label=\"9 &#8211; Josep Maria Bonjoch Trilla &#8211; 107\" class=\"img-responsive wp-image-38135 fusion-gallery-image-size-fixed\" srcset=\"https:\/\/afc.cat\/wp-content\/uploads\/2024\/04\/9-Josep-Maria-Bonjoch-Trilla-107-320x202.jpg 320w, https:\/\/afc.cat\/wp-content\/uploads\/2024\/04\/9-Josep-Maria-Bonjoch-Trilla-107-700x441.jpg 700w\" sizes=\"(max-width: 320px) 100vw, 320px\" \/><\/a><\/div><\/div><div style=\"padding:5px;\" class=\"fusion-grid-column fusion-gallery-column fusion-gallery-column-6 hover-type-zoomin\"><div class=\"fusion-gallery-image\"><a href=\"https:\/\/afc.cat\/wp-content\/uploads\/2024\/04\/10-Adolfo-Garcia-Bastard-106.jpg\" data-title=\"10 &#8211; Adolfo Garcia Bastard &#8211; 106\" title=\"10 &#8211; Adolfo Garcia Bastard &#8211; 106\" rel=\"noreferrer\" data-rel=\"iLightbox[gallery_image_1]\" class=\"fusion-lightbox\" target=\"_self\"><img decoding=\"async\" src=\"https:\/\/afc.cat\/wp-content\/uploads\/2024\/04\/10-Adolfo-Garcia-Bastard-106-320x202.jpg\" width=\"320\" height=\"202\" alt=\"\" title=\"10 &#8211; Adolfo Garcia Bastard &#8211; 106\" aria-label=\"10 &#8211; Adolfo Garcia Bastard &#8211; 106\" class=\"img-responsive wp-image-38137 fusion-gallery-image-size-fixed\" srcset=\"https:\/\/afc.cat\/wp-content\/uploads\/2024\/04\/10-Adolfo-Garcia-Bastard-106-320x202.jpg 320w, https:\/\/afc.cat\/wp-content\/uploads\/2024\/04\/10-Adolfo-Garcia-Bastard-106-700x441.jpg 700w\" sizes=\"(max-width: 320px) 100vw, 320px\" \/><\/a><\/div><\/div><div style=\"padding:5px;\" class=\"fusion-grid-column fusion-gallery-column fusion-gallery-column-6 hover-type-zoomin\"><div class=\"fusion-gallery-image\"><a href=\"https:\/\/afc.cat\/wp-content\/uploads\/2024\/04\/11-XAVIER-RICOL-DOLSET-106.jpg\" data-title=\"11 &#8211; XAVIER RICOL DOLSET &#8211; 106\" title=\"11 &#8211; XAVIER RICOL DOLSET &#8211; 106\" rel=\"noreferrer\" data-rel=\"iLightbox[gallery_image_1]\" class=\"fusion-lightbox\" target=\"_self\"><img decoding=\"async\" src=\"https:\/\/afc.cat\/wp-content\/uploads\/2024\/04\/11-XAVIER-RICOL-DOLSET-106-320x202.jpg\" width=\"320\" height=\"202\" alt=\"\" title=\"11 &#8211; XAVIER RICOL DOLSET &#8211; 106\" aria-label=\"11 &#8211; XAVIER RICOL DOLSET &#8211; 106\" class=\"img-responsive wp-image-38139 fusion-gallery-image-size-fixed\" srcset=\"https:\/\/afc.cat\/wp-content\/uploads\/2024\/04\/11-XAVIER-RICOL-DOLSET-106-320x202.jpg 320w, https:\/\/afc.cat\/wp-content\/uploads\/2024\/04\/11-XAVIER-RICOL-DOLSET-106-700x441.jpg 700w\" sizes=\"(max-width: 320px) 100vw, 320px\" \/><\/a><\/div><\/div><div style=\"padding:5px;\" class=\"fusion-grid-column fusion-gallery-column fusion-gallery-column-6 hover-type-zoomin\"><div class=\"fusion-gallery-image\"><a href=\"https:\/\/afc.cat\/wp-content\/uploads\/2024\/04\/12-Angel-Colado-Palacios-105.jpg\" data-title=\"12 &#8211; \u00c1ngel Colado Palacios &#8211; 105\" title=\"12 &#8211; \u00c1ngel Colado Palacios &#8211; 105\" rel=\"noreferrer\" data-rel=\"iLightbox[gallery_image_1]\" class=\"fusion-lightbox\" target=\"_self\"><img decoding=\"async\" src=\"https:\/\/afc.cat\/wp-content\/uploads\/2024\/04\/12-Angel-Colado-Palacios-105-320x202.jpg\" width=\"320\" height=\"202\" alt=\"\" title=\"12 &#8211; \u00c1ngel Colado Palacios &#8211; 105\" aria-label=\"12 &#8211; \u00c1ngel Colado Palacios &#8211; 105\" class=\"img-responsive wp-image-38141 fusion-gallery-image-size-fixed\" srcset=\"https:\/\/afc.cat\/wp-content\/uploads\/2024\/04\/12-Angel-Colado-Palacios-105-320x202.jpg 320w, https:\/\/afc.cat\/wp-content\/uploads\/2024\/04\/12-Angel-Colado-Palacios-105-700x441.jpg 700w\" sizes=\"(max-width: 320px) 100vw, 320px\" \/><\/a><\/div><\/div><div class=\"clearfix\"><\/div><div style=\"padding:5px;\" class=\"fusion-grid-column fusion-gallery-column fusion-gallery-column-6 hover-type-zoomin\"><div class=\"fusion-gallery-image\"><a href=\"https:\/\/afc.cat\/wp-content\/uploads\/2024\/04\/13-Diego-Pastor-Sanchez-104.jpg\" data-title=\"13 &#8211; Diego Pastor S\u00e1nchez &#8211; 104\" title=\"13 &#8211; Diego Pastor S\u00e1nchez &#8211; 104\" rel=\"noreferrer\" data-rel=\"iLightbox[gallery_image_1]\" class=\"fusion-lightbox\" target=\"_self\"><img decoding=\"async\" src=\"https:\/\/afc.cat\/wp-content\/uploads\/2024\/04\/13-Diego-Pastor-Sanchez-104-320x202.jpg\" width=\"320\" height=\"202\" alt=\"\" title=\"13 &#8211; Diego Pastor S\u00e1nchez &#8211; 104\" aria-label=\"13 &#8211; Diego Pastor S\u00e1nchez &#8211; 104\" class=\"img-responsive wp-image-38143 fusion-gallery-image-size-fixed\" \/><\/a><\/div><\/div><div style=\"padding:5px;\" class=\"fusion-grid-column fusion-gallery-column fusion-gallery-column-6 hover-type-zoomin\"><div class=\"fusion-gallery-image\"><a href=\"https:\/\/afc.cat\/wp-content\/uploads\/2024\/04\/14-Francisco-Olmos-Cubero-104.jpg\" data-title=\"14 &#8211; Francisco Olmos Cubero &#8211; 104\" title=\"14 &#8211; Francisco Olmos Cubero &#8211; 104\" rel=\"noreferrer\" data-rel=\"iLightbox[gallery_image_1]\" class=\"fusion-lightbox\" target=\"_self\"><img decoding=\"async\" src=\"https:\/\/afc.cat\/wp-content\/uploads\/2024\/04\/14-Francisco-Olmos-Cubero-104-320x202.jpg\" width=\"320\" height=\"202\" alt=\"\" title=\"14 &#8211; Francisco Olmos Cubero &#8211; 104\" aria-label=\"14 &#8211; Francisco Olmos Cubero &#8211; 104\" class=\"img-responsive wp-image-38145 fusion-gallery-image-size-fixed\" srcset=\"https:\/\/afc.cat\/wp-content\/uploads\/2024\/04\/14-Francisco-Olmos-Cubero-104-320x202.jpg 320w, https:\/\/afc.cat\/wp-content\/uploads\/2024\/04\/14-Francisco-Olmos-Cubero-104-700x441.jpg 700w\" sizes=\"(max-width: 320px) 100vw, 320px\" \/><\/a><\/div><\/div><div style=\"padding:5px;\" class=\"fusion-grid-column fusion-gallery-column fusion-gallery-column-6 hover-type-zoomin\"><div class=\"fusion-gallery-image\"><a href=\"https:\/\/afc.cat\/wp-content\/uploads\/2024\/04\/15-Francesca-Portoles-Braso-103.jpg\" data-title=\"15 &#8211; Francesca Portol\u00e9s Bras\u00f3 &#8211; 103\" title=\"15 &#8211; Francesca Portol\u00e9s Bras\u00f3 &#8211; 103\" rel=\"noreferrer\" data-rel=\"iLightbox[gallery_image_1]\" class=\"fusion-lightbox\" target=\"_self\"><img decoding=\"async\" src=\"https:\/\/afc.cat\/wp-content\/uploads\/2024\/04\/15-Francesca-Portoles-Braso-103-320x202.jpg\" width=\"320\" height=\"202\" alt=\"\" title=\"15 &#8211; Francesca Portol\u00e9s Bras\u00f3 &#8211; 103\" aria-label=\"15 &#8211; Francesca Portol\u00e9s Bras\u00f3 &#8211; 103\" class=\"img-responsive wp-image-38147 fusion-gallery-image-size-fixed\" \/><\/a><\/div><\/div><div style=\"padding:5px;\" class=\"fusion-grid-column fusion-gallery-column fusion-gallery-column-6 hover-type-zoomin\"><div class=\"fusion-gallery-image\"><a href=\"https:\/\/afc.cat\/wp-content\/uploads\/2024\/04\/16-Joan-Rue-Domingo-102.jpg\" data-title=\"16 &#8211; Joan Ru\u00e9 Domingo &#8211; 102\" title=\"16 &#8211; Joan Ru\u00e9 Domingo &#8211; 102\" rel=\"noreferrer\" data-rel=\"iLightbox[gallery_image_1]\" class=\"fusion-lightbox\" target=\"_self\"><img decoding=\"async\" src=\"https:\/\/afc.cat\/wp-content\/uploads\/2024\/04\/16-Joan-Rue-Domingo-102-320x202.jpg\" width=\"320\" height=\"202\" alt=\"\" title=\"16 &#8211; Joan Ru\u00e9 Domingo &#8211; 102\" aria-label=\"16 &#8211; Joan Ru\u00e9 Domingo &#8211; 102\" class=\"img-responsive wp-image-38149 fusion-gallery-image-size-fixed\" srcset=\"https:\/\/afc.cat\/wp-content\/uploads\/2024\/04\/16-Joan-Rue-Domingo-102-320x202.jpg 320w, https:\/\/afc.cat\/wp-content\/uploads\/2024\/04\/16-Joan-Rue-Domingo-102-700x441.jpg 700w\" sizes=\"(max-width: 320px) 100vw, 320px\" \/><\/a><\/div><\/div><div style=\"padding:5px;\" class=\"fusion-grid-column fusion-gallery-column fusion-gallery-column-6 hover-type-zoomin\"><div class=\"fusion-gallery-image\"><a href=\"https:\/\/afc.cat\/wp-content\/uploads\/2024\/04\/17-Teresa-Tejero-Lopez-102.jpg\" data-title=\"17 &#8211; Teresa Tejero Lopez &#8211; 102\" title=\"17 &#8211; Teresa Tejero Lopez &#8211; 102\" rel=\"noreferrer\" data-rel=\"iLightbox[gallery_image_1]\" class=\"fusion-lightbox\" target=\"_self\"><img decoding=\"async\" src=\"https:\/\/afc.cat\/wp-content\/uploads\/2024\/04\/17-Teresa-Tejero-Lopez-102-320x202.jpg\" width=\"320\" height=\"202\" alt=\"\" title=\"17 &#8211; Teresa Tejero Lopez &#8211; 102\" aria-label=\"17 &#8211; Teresa Tejero Lopez &#8211; 102\" class=\"img-responsive wp-image-38151 fusion-gallery-image-size-fixed\" \/><\/a><\/div><\/div><div style=\"padding:5px;\" class=\"fusion-grid-column fusion-gallery-column fusion-gallery-column-6 hover-type-zoomin\"><div class=\"fusion-gallery-image\"><a href=\"https:\/\/afc.cat\/wp-content\/uploads\/2024\/04\/18-Josep-Soler-Vendrell-102.jpg\" data-title=\"18 &#8211; Josep Soler Vendrell &#8211; 102\" title=\"18 &#8211; Josep Soler Vendrell &#8211; 102\" rel=\"noreferrer\" data-rel=\"iLightbox[gallery_image_1]\" class=\"fusion-lightbox\" target=\"_self\"><img decoding=\"async\" src=\"https:\/\/afc.cat\/wp-content\/uploads\/2024\/04\/18-Josep-Soler-Vendrell-102-320x202.jpg\" width=\"320\" height=\"202\" alt=\"\" title=\"18 &#8211; Josep Soler Vendrell &#8211; 102\" aria-label=\"18 &#8211; Josep Soler Vendrell &#8211; 102\" class=\"img-responsive wp-image-38153 fusion-gallery-image-size-fixed\" srcset=\"https:\/\/afc.cat\/wp-content\/uploads\/2024\/04\/18-Josep-Soler-Vendrell-102-320x202.jpg 320w, https:\/\/afc.cat\/wp-content\/uploads\/2024\/04\/18-Josep-Soler-Vendrell-102-700x441.jpg 700w\" sizes=\"(max-width: 320px) 100vw, 320px\" \/><\/a><\/div><\/div><div class=\"clearfix\"><\/div><div style=\"padding:5px;\" class=\"fusion-grid-column fusion-gallery-column fusion-gallery-column-6 hover-type-zoomin\"><div class=\"fusion-gallery-image\"><a href=\"https:\/\/afc.cat\/wp-content\/uploads\/2024\/04\/19-Albert-Folch-Navalon-102.jpg\" data-title=\"19 &#8211; Albert Folch Naval\u00f3n &#8211; 102\" title=\"19 &#8211; Albert Folch Naval\u00f3n &#8211; 102\" rel=\"noreferrer\" data-rel=\"iLightbox[gallery_image_1]\" class=\"fusion-lightbox\" target=\"_self\"><img decoding=\"async\" src=\"https:\/\/afc.cat\/wp-content\/uploads\/2024\/04\/19-Albert-Folch-Navalon-102-320x202.jpg\" width=\"320\" height=\"202\" alt=\"\" title=\"19 &#8211; Albert Folch Naval\u00f3n &#8211; 102\" aria-label=\"19 &#8211; Albert Folch Naval\u00f3n &#8211; 102\" class=\"img-responsive wp-image-38155 fusion-gallery-image-size-fixed\" \/><\/a><\/div><\/div><div style=\"padding:5px;\" class=\"fusion-grid-column fusion-gallery-column fusion-gallery-column-6 hover-type-zoomin\"><div class=\"fusion-gallery-image\"><a href=\"https:\/\/afc.cat\/wp-content\/uploads\/2024\/04\/20-Nuria-Noguera-German-100.jpg\" data-title=\"20 &#8211; N\u00faria Noguera German &#8211; 100\" title=\"20 &#8211; N\u00faria Noguera German &#8211; 100\" rel=\"noreferrer\" data-rel=\"iLightbox[gallery_image_1]\" class=\"fusion-lightbox\" target=\"_self\"><img decoding=\"async\" src=\"https:\/\/afc.cat\/wp-content\/uploads\/2024\/04\/20-Nuria-Noguera-German-100-320x202.jpg\" width=\"320\" height=\"202\" alt=\"\" title=\"20 &#8211; N\u00faria Noguera German &#8211; 100\" aria-label=\"20 &#8211; N\u00faria Noguera German &#8211; 100\" class=\"img-responsive wp-image-38157 fusion-gallery-image-size-fixed\" srcset=\"https:\/\/afc.cat\/wp-content\/uploads\/2024\/04\/20-Nuria-Noguera-German-100-320x202.jpg 320w, https:\/\/afc.cat\/wp-content\/uploads\/2024\/04\/20-Nuria-Noguera-German-100-700x441.jpg 700w\" sizes=\"(max-width: 320px) 100vw, 320px\" \/><\/a><\/div><\/div><div style=\"padding:5px;\" class=\"fusion-grid-column fusion-gallery-column fusion-gallery-column-6 hover-type-zoomin\"><div class=\"fusion-gallery-image\"><a href=\"https:\/\/afc.cat\/wp-content\/uploads\/2024\/04\/21-Carme-Mur-Calvo-100.jpg\" data-title=\"21 &#8211; Carme Mur Calv\u00f3 &#8211; 100\" title=\"21 &#8211; Carme Mur Calv\u00f3 &#8211; 100\" rel=\"noreferrer\" data-rel=\"iLightbox[gallery_image_1]\" class=\"fusion-lightbox\" target=\"_self\"><img decoding=\"async\" src=\"https:\/\/afc.cat\/wp-content\/uploads\/2024\/04\/21-Carme-Mur-Calvo-100-320x202.jpg\" width=\"320\" height=\"202\" alt=\"\" title=\"21 &#8211; Carme Mur Calv\u00f3 &#8211; 100\" aria-label=\"21 &#8211; Carme Mur Calv\u00f3 &#8211; 100\" class=\"img-responsive wp-image-38159 fusion-gallery-image-size-fixed\" srcset=\"https:\/\/afc.cat\/wp-content\/uploads\/2024\/04\/21-Carme-Mur-Calvo-100-320x202.jpg 320w, https:\/\/afc.cat\/wp-content\/uploads\/2024\/04\/21-Carme-Mur-Calvo-100-700x441.jpg 700w\" sizes=\"(max-width: 320px) 100vw, 320px\" \/><\/a><\/div><\/div><div style=\"padding:5px;\" class=\"fusion-grid-column fusion-gallery-column fusion-gallery-column-6 hover-type-zoomin\"><div class=\"fusion-gallery-image\"><a href=\"https:\/\/afc.cat\/wp-content\/uploads\/2024\/04\/22-Santiago-Garcia-Cuadrado-98.jpg\" data-title=\"22 &#8211; Santiago Garc\u00eda Cuadrado &#8211; 98\" title=\"22 &#8211; Santiago Garc\u00eda Cuadrado &#8211; 98\" rel=\"noreferrer\" data-rel=\"iLightbox[gallery_image_1]\" class=\"fusion-lightbox\" target=\"_self\"><img decoding=\"async\" src=\"https:\/\/afc.cat\/wp-content\/uploads\/2024\/04\/22-Santiago-Garcia-Cuadrado-98-320x202.jpg\" width=\"320\" height=\"202\" alt=\"\" title=\"22 &#8211; Santiago Garc\u00eda Cuadrado &#8211; 98\" aria-label=\"22 &#8211; Santiago Garc\u00eda Cuadrado &#8211; 98\" class=\"img-responsive wp-image-38161 fusion-gallery-image-size-fixed\" srcset=\"https:\/\/afc.cat\/wp-content\/uploads\/2024\/04\/22-Santiago-Garcia-Cuadrado-98-320x202.jpg 320w, https:\/\/afc.cat\/wp-content\/uploads\/2024\/04\/22-Santiago-Garcia-Cuadrado-98-700x441.jpg 700w\" sizes=\"(max-width: 320px) 100vw, 320px\" \/><\/a><\/div><\/div><div style=\"padding:5px;\" class=\"fusion-grid-column fusion-gallery-column fusion-gallery-column-6 hover-type-zoomin\"><div class=\"fusion-gallery-image\"><a href=\"https:\/\/afc.cat\/wp-content\/uploads\/2024\/04\/23-Pep-Vinyals-97.jpg\" data-title=\"23 &#8211; Pep Vinyals &#8211; 97\" title=\"23 &#8211; Pep Vinyals &#8211; 97\" rel=\"noreferrer\" data-rel=\"iLightbox[gallery_image_1]\" class=\"fusion-lightbox\" target=\"_self\"><img decoding=\"async\" src=\"https:\/\/afc.cat\/wp-content\/uploads\/2024\/04\/23-Pep-Vinyals-97-320x202.jpg\" width=\"320\" height=\"202\" alt=\"\" title=\"23 &#8211; Pep Vinyals &#8211; 97\" aria-label=\"23 &#8211; Pep Vinyals &#8211; 97\" class=\"img-responsive wp-image-38163 fusion-gallery-image-size-fixed\" srcset=\"https:\/\/afc.cat\/wp-content\/uploads\/2024\/04\/23-Pep-Vinyals-97-320x202.jpg 320w, https:\/\/afc.cat\/wp-content\/uploads\/2024\/04\/23-Pep-Vinyals-97-700x441.jpg 700w\" sizes=\"(max-width: 320px) 100vw, 320px\" \/><\/a><\/div><\/div><div style=\"padding:5px;\" class=\"fusion-grid-column fusion-gallery-column fusion-gallery-column-6 hover-type-zoomin\"><div class=\"fusion-gallery-image\"><a href=\"https:\/\/afc.cat\/wp-content\/uploads\/2024\/04\/24-Josefina-MIGUEL-SOLA-97.jpg\" data-title=\"24 &#8211; Josefina MIGUEL SOLA &#8211; 97\" title=\"24 &#8211; Josefina MIGUEL SOLA &#8211; 97\" rel=\"noreferrer\" data-rel=\"iLightbox[gallery_image_1]\" class=\"fusion-lightbox\" target=\"_self\"><img decoding=\"async\" src=\"https:\/\/afc.cat\/wp-content\/uploads\/2024\/04\/24-Josefina-MIGUEL-SOLA-97-320x202.jpg\" width=\"320\" height=\"202\" alt=\"\" title=\"24 &#8211; Josefina MIGUEL SOLA &#8211; 97\" aria-label=\"24 &#8211; Josefina MIGUEL SOLA &#8211; 97\" class=\"img-responsive wp-image-38165 fusion-gallery-image-size-fixed\" \/><\/a><\/div><\/div><div class=\"clearfix\"><\/div><div style=\"padding:5px;\" class=\"fusion-grid-column fusion-gallery-column fusion-gallery-column-6 hover-type-zoomin\"><div class=\"fusion-gallery-image\"><a href=\"https:\/\/afc.cat\/wp-content\/uploads\/2024\/04\/25-Damia-Tous-Vazquez-97.jpg\" data-title=\"25 &#8211; Dami\u00e0 Tous Vazquez &#8211; 97\" title=\"25 &#8211; Dami\u00e0 Tous Vazquez &#8211; 97\" rel=\"noreferrer\" data-rel=\"iLightbox[gallery_image_1]\" class=\"fusion-lightbox\" target=\"_self\"><img decoding=\"async\" src=\"https:\/\/afc.cat\/wp-content\/uploads\/2024\/04\/25-Damia-Tous-Vazquez-97-320x202.jpg\" width=\"320\" height=\"202\" alt=\"\" title=\"25 &#8211; Dami\u00e0 Tous Vazquez &#8211; 97\" aria-label=\"25 &#8211; Dami\u00e0 Tous Vazquez &#8211; 97\" class=\"img-responsive wp-image-38167 fusion-gallery-image-size-fixed\" srcset=\"https:\/\/afc.cat\/wp-content\/uploads\/2024\/04\/25-Damia-Tous-Vazquez-97-320x202.jpg 320w, https:\/\/afc.cat\/wp-content\/uploads\/2024\/04\/25-Damia-Tous-Vazquez-97-700x441.jpg 700w\" sizes=\"(max-width: 320px) 100vw, 320px\" \/><\/a><\/div><\/div><div style=\"padding:5px;\" class=\"fusion-grid-column fusion-gallery-column fusion-gallery-column-6 hover-type-zoomin\"><div class=\"fusion-gallery-image\"><a href=\"https:\/\/afc.cat\/wp-content\/uploads\/2024\/04\/26-Clara-Lopez-Colomer-97.jpg\" data-title=\"26 &#8211; Clara Lopez Colomer &#8211; 97\" title=\"26 &#8211; Clara Lopez Colomer &#8211; 97\" rel=\"noreferrer\" data-rel=\"iLightbox[gallery_image_1]\" class=\"fusion-lightbox\" target=\"_self\"><img decoding=\"async\" src=\"https:\/\/afc.cat\/wp-content\/uploads\/2024\/04\/26-Clara-Lopez-Colomer-97-320x202.jpg\" width=\"320\" height=\"202\" alt=\"\" title=\"26 &#8211; Clara Lopez Colomer &#8211; 97\" aria-label=\"26 &#8211; Clara Lopez Colomer &#8211; 97\" class=\"img-responsive wp-image-38169 fusion-gallery-image-size-fixed\" \/><\/a><\/div><\/div><div style=\"padding:5px;\" class=\"fusion-grid-column fusion-gallery-column fusion-gallery-column-6 hover-type-zoomin\"><div class=\"fusion-gallery-image\"><a href=\"https:\/\/afc.cat\/wp-content\/uploads\/2024\/04\/27-Dolors-Ventura-Canellas-96.jpg\" data-title=\"27 &#8211; Dolors Ventura Ca\u00f1ellas &#8211; 96\" title=\"27 &#8211; Dolors Ventura Ca\u00f1ellas &#8211; 96\" rel=\"noreferrer\" data-rel=\"iLightbox[gallery_image_1]\" class=\"fusion-lightbox\" target=\"_self\"><img decoding=\"async\" src=\"https:\/\/afc.cat\/wp-content\/uploads\/2024\/04\/27-Dolors-Ventura-Canellas-96-320x202.jpg\" width=\"320\" height=\"202\" alt=\"\" title=\"27 &#8211; Dolors Ventura Ca\u00f1ellas &#8211; 96\" aria-label=\"27 &#8211; Dolors Ventura Ca\u00f1ellas &#8211; 96\" class=\"img-responsive wp-image-38171 fusion-gallery-image-size-fixed\" srcset=\"https:\/\/afc.cat\/wp-content\/uploads\/2024\/04\/27-Dolors-Ventura-Canellas-96-320x202.jpg 320w, https:\/\/afc.cat\/wp-content\/uploads\/2024\/04\/27-Dolors-Ventura-Canellas-96-700x441.jpg 700w\" sizes=\"(max-width: 320px) 100vw, 320px\" \/><\/a><\/div><\/div><div style=\"padding:5px;\" class=\"fusion-grid-column fusion-gallery-column fusion-gallery-column-6 hover-type-zoomin\"><div class=\"fusion-gallery-image\"><a href=\"https:\/\/afc.cat\/wp-content\/uploads\/2024\/04\/28-Albert-Bolea-Noya-96.jpg\" data-title=\"28 &#8211; Albert Bolea Noya &#8211; 96\" title=\"28 &#8211; Albert Bolea Noya &#8211; 96\" rel=\"noreferrer\" data-rel=\"iLightbox[gallery_image_1]\" class=\"fusion-lightbox\" target=\"_self\"><img decoding=\"async\" src=\"https:\/\/afc.cat\/wp-content\/uploads\/2024\/04\/28-Albert-Bolea-Noya-96-320x202.jpg\" width=\"320\" height=\"202\" alt=\"\" title=\"28 &#8211; Albert Bolea Noya &#8211; 96\" aria-label=\"28 &#8211; Albert Bolea Noya &#8211; 96\" class=\"img-responsive wp-image-38173 fusion-gallery-image-size-fixed\" srcset=\"https:\/\/afc.cat\/wp-content\/uploads\/2024\/04\/28-Albert-Bolea-Noya-96-320x202.jpg 320w, https:\/\/afc.cat\/wp-content\/uploads\/2024\/04\/28-Albert-Bolea-Noya-96-700x441.jpg 700w\" sizes=\"(max-width: 320px) 100vw, 320px\" \/><\/a><\/div><\/div><div style=\"padding:5px;\" class=\"fusion-grid-column fusion-gallery-column fusion-gallery-column-6 hover-type-zoomin\"><div class=\"fusion-gallery-image\"><a href=\"https:\/\/afc.cat\/wp-content\/uploads\/2024\/04\/29-Lluis-Porcel-Gimenez-96.jpg\" data-title=\"29 &#8211; Llu\u00eds Porcel Gim\u00e9nez &#8211; 96\" title=\"29 &#8211; Llu\u00eds Porcel Gim\u00e9nez &#8211; 96\" rel=\"noreferrer\" data-rel=\"iLightbox[gallery_image_1]\" class=\"fusion-lightbox\" target=\"_self\"><img decoding=\"async\" src=\"https:\/\/afc.cat\/wp-content\/uploads\/2024\/04\/29-Lluis-Porcel-Gimenez-96-320x202.jpg\" width=\"320\" height=\"202\" alt=\"\" title=\"29 &#8211; Llu\u00eds Porcel Gim\u00e9nez &#8211; 96\" aria-label=\"29 &#8211; Llu\u00eds Porcel Gim\u00e9nez &#8211; 96\" class=\"img-responsive wp-image-38175 fusion-gallery-image-size-fixed\" \/><\/a><\/div><\/div><div style=\"padding:5px;\" class=\"fusion-grid-column fusion-gallery-column fusion-gallery-column-6 hover-type-zoomin\"><div class=\"fusion-gallery-image\"><a href=\"https:\/\/afc.cat\/wp-content\/uploads\/2024\/04\/30-Miquel-Cabre-96.jpg\" data-title=\"30 &#8211; Miquel Cabr\u00e9 &#8211; 96\" title=\"30 &#8211; Miquel Cabr\u00e9 &#8211; 96\" rel=\"noreferrer\" data-rel=\"iLightbox[gallery_image_1]\" class=\"fusion-lightbox\" target=\"_self\"><img decoding=\"async\" src=\"https:\/\/afc.cat\/wp-content\/uploads\/2024\/04\/30-Miquel-Cabre-96-320x202.jpg\" width=\"320\" height=\"202\" alt=\"\" title=\"30 &#8211; Miquel Cabr\u00e9 &#8211; 96\" aria-label=\"30 &#8211; Miquel Cabr\u00e9 &#8211; 96\" class=\"img-responsive wp-image-38177 fusion-gallery-image-size-fixed\" srcset=\"https:\/\/afc.cat\/wp-content\/uploads\/2024\/04\/30-Miquel-Cabre-96-320x202.jpg 320w, https:\/\/afc.cat\/wp-content\/uploads\/2024\/04\/30-Miquel-Cabre-96-700x441.jpg 700w\" sizes=\"(max-width: 320px) 100vw, 320px\" \/><\/a><\/div><\/div><div class=\"clearfix\"><\/div><div style=\"padding:5px;\" class=\"fusion-grid-column fusion-gallery-column fusion-gallery-column-6 hover-type-zoomin\"><div class=\"fusion-gallery-image\"><a href=\"https:\/\/afc.cat\/wp-content\/uploads\/2024\/04\/31-Albert-Ballestero-Rosell-95.jpg\" data-title=\"31 &#8211; Albert Ballestero Rosell &#8211; 95\" title=\"31 &#8211; Albert Ballestero Rosell &#8211; 95\" rel=\"noreferrer\" data-rel=\"iLightbox[gallery_image_1]\" class=\"fusion-lightbox\" target=\"_self\"><img decoding=\"async\" src=\"https:\/\/afc.cat\/wp-content\/uploads\/2024\/04\/31-Albert-Ballestero-Rosell-95-320x202.jpg\" width=\"320\" height=\"202\" alt=\"\" title=\"31 &#8211; Albert Ballestero Rosell &#8211; 95\" aria-label=\"31 &#8211; Albert Ballestero Rosell &#8211; 95\" class=\"img-responsive wp-image-38179 fusion-gallery-image-size-fixed\" srcset=\"https:\/\/afc.cat\/wp-content\/uploads\/2024\/04\/31-Albert-Ballestero-Rosell-95-320x202.jpg 320w, https:\/\/afc.cat\/wp-content\/uploads\/2024\/04\/31-Albert-Ballestero-Rosell-95-700x441.jpg 700w\" sizes=\"(max-width: 320px) 100vw, 320px\" \/><\/a><\/div><\/div><div style=\"padding:5px;\" class=\"fusion-grid-column fusion-gallery-column fusion-gallery-column-6 hover-type-zoomin\"><div class=\"fusion-gallery-image\"><a href=\"https:\/\/afc.cat\/wp-content\/uploads\/2024\/04\/32-Francesc-Amat-Creus-94.jpg\" data-title=\"32 &#8211; Francesc Amat Creus &#8211; 94\" title=\"32 &#8211; Francesc Amat Creus &#8211; 94\" rel=\"noreferrer\" data-rel=\"iLightbox[gallery_image_1]\" class=\"fusion-lightbox\" target=\"_self\"><img decoding=\"async\" src=\"https:\/\/afc.cat\/wp-content\/uploads\/2024\/04\/32-Francesc-Amat-Creus-94-320x202.jpg\" width=\"320\" height=\"202\" alt=\"\" title=\"32 &#8211; Francesc Amat Creus &#8211; 94\" aria-label=\"32 &#8211; Francesc Amat Creus &#8211; 94\" class=\"img-responsive wp-image-38181 fusion-gallery-image-size-fixed\" srcset=\"https:\/\/afc.cat\/wp-content\/uploads\/2024\/04\/32-Francesc-Amat-Creus-94-320x202.jpg 320w, https:\/\/afc.cat\/wp-content\/uploads\/2024\/04\/32-Francesc-Amat-Creus-94-700x441.jpg 700w\" sizes=\"(max-width: 320px) 100vw, 320px\" \/><\/a><\/div><\/div><div style=\"padding:5px;\" class=\"fusion-grid-column fusion-gallery-column fusion-gallery-column-6 hover-type-zoomin\"><div class=\"fusion-gallery-image\"><a href=\"https:\/\/afc.cat\/wp-content\/uploads\/2024\/04\/33-Carmen-Casademont-Ribot-92.jpg\" data-title=\"33 &#8211; Carmen Casademont Ribot &#8211; 92\" title=\"33 &#8211; Carmen Casademont Ribot &#8211; 92\" rel=\"noreferrer\" data-rel=\"iLightbox[gallery_image_1]\" class=\"fusion-lightbox\" target=\"_self\"><img decoding=\"async\" src=\"https:\/\/afc.cat\/wp-content\/uploads\/2024\/04\/33-Carmen-Casademont-Ribot-92-320x202.jpg\" width=\"320\" height=\"202\" alt=\"\" title=\"33 &#8211; Carmen Casademont Ribot &#8211; 92\" aria-label=\"33 &#8211; Carmen Casademont Ribot &#8211; 92\" class=\"img-responsive wp-image-38183 fusion-gallery-image-size-fixed\" srcset=\"https:\/\/afc.cat\/wp-content\/uploads\/2024\/04\/33-Carmen-Casademont-Ribot-92-320x202.jpg 320w, https:\/\/afc.cat\/wp-content\/uploads\/2024\/04\/33-Carmen-Casademont-Ribot-92-700x441.jpg 700w\" sizes=\"(max-width: 320px) 100vw, 320px\" \/><\/a><\/div><\/div><div style=\"padding:5px;\" class=\"fusion-grid-column fusion-gallery-column fusion-gallery-column-6 hover-type-zoomin\"><div class=\"fusion-gallery-image\"><a href=\"https:\/\/afc.cat\/wp-content\/uploads\/2024\/04\/34-Rosa-Cristofol-Martinez-86.jpg\" data-title=\"34 &#8211; Rosa Crist\u00f2fol Mart\u00ednez &#8211; 86\" title=\"34 &#8211; Rosa Crist\u00f2fol Mart\u00ednez &#8211; 86\" rel=\"noreferrer\" data-rel=\"iLightbox[gallery_image_1]\" class=\"fusion-lightbox\" target=\"_self\"><img decoding=\"async\" src=\"https:\/\/afc.cat\/wp-content\/uploads\/2024\/04\/34-Rosa-Cristofol-Martinez-86-320x202.jpg\" width=\"320\" height=\"202\" alt=\"\" title=\"34 &#8211; Rosa Crist\u00f2fol Mart\u00ednez &#8211; 86\" aria-label=\"34 &#8211; Rosa Crist\u00f2fol Mart\u00ednez &#8211; 86\" class=\"img-responsive wp-image-38185 fusion-gallery-image-size-fixed\" srcset=\"https:\/\/afc.cat\/wp-content\/uploads\/2024\/04\/34-Rosa-Cristofol-Martinez-86-320x202.jpg 320w, https:\/\/afc.cat\/wp-content\/uploads\/2024\/04\/34-Rosa-Cristofol-Martinez-86-700x441.jpg 700w\" sizes=\"(max-width: 320px) 100vw, 320px\" \/><\/a><\/div><\/div><div style=\"padding:5px;\" class=\"fusion-grid-column fusion-gallery-column fusion-gallery-column-6 hover-type-zoomin\"><div class=\"fusion-gallery-image\"><a href=\"https:\/\/afc.cat\/wp-content\/uploads\/2024\/04\/35-David-Penarroya-Hernandez-85.jpg\" data-title=\"35 &#8211; David Pe\u00f1arroya Hernandez &#8211; 85\" title=\"35 &#8211; David Pe\u00f1arroya Hernandez &#8211; 85\" rel=\"noreferrer\" data-rel=\"iLightbox[gallery_image_1]\" class=\"fusion-lightbox\" target=\"_self\"><img decoding=\"async\" src=\"https:\/\/afc.cat\/wp-content\/uploads\/2024\/04\/35-David-Penarroya-Hernandez-85-320x202.jpg\" width=\"320\" height=\"202\" alt=\"\" title=\"35 &#8211; David Pe\u00f1arroya Hernandez &#8211; 85\" aria-label=\"35 &#8211; David Pe\u00f1arroya Hernandez &#8211; 85\" class=\"img-responsive wp-image-38187 fusion-gallery-image-size-fixed\" \/><\/a><\/div><\/div><div style=\"padding:5px;\" class=\"fusion-grid-column fusion-gallery-column fusion-gallery-column-6 hover-type-zoomin\"><div class=\"fusion-gallery-image\"><a href=\"https:\/\/afc.cat\/wp-content\/uploads\/2024\/04\/36-PERE-GRAUPERA-LANGA-82.jpg\" data-title=\"36 &#8211; PERE GRAUPERA LANGA &#8211; 82\" title=\"36 &#8211; PERE GRAUPERA LANGA &#8211; 82\" rel=\"noreferrer\" data-rel=\"iLightbox[gallery_image_1]\" class=\"fusion-lightbox\" target=\"_self\"><img decoding=\"async\" src=\"https:\/\/afc.cat\/wp-content\/uploads\/2024\/04\/36-PERE-GRAUPERA-LANGA-82-320x202.jpg\" width=\"320\" height=\"202\" alt=\"\" title=\"36 &#8211; PERE GRAUPERA LANGA &#8211; 82\" aria-label=\"36 &#8211; PERE GRAUPERA LANGA &#8211; 82\" class=\"img-responsive wp-image-38189 fusion-gallery-image-size-fixed\" srcset=\"https:\/\/afc.cat\/wp-content\/uploads\/2024\/04\/36-PERE-GRAUPERA-LANGA-82-320x202.jpg 320w, https:\/\/afc.cat\/wp-content\/uploads\/2024\/04\/36-PERE-GRAUPERA-LANGA-82-700x441.jpg 700w\" sizes=\"(max-width: 320px) 100vw, 320px\" \/><\/a><\/div><\/div><div class=\"clearfix\"><\/div><div style=\"padding:5px;\" class=\"fusion-grid-column fusion-gallery-column fusion-gallery-column-6 hover-type-zoomin\"><div class=\"fusion-gallery-image\"><a href=\"https:\/\/afc.cat\/wp-content\/uploads\/2024\/04\/37-Ramon-Riera-81.jpg\" data-title=\"37 &#8211; Ramon Riera &#8211; 81\" title=\"37 &#8211; Ramon Riera &#8211; 81\" rel=\"noreferrer\" data-rel=\"iLightbox[gallery_image_1]\" class=\"fusion-lightbox\" target=\"_self\"><img decoding=\"async\" src=\"https:\/\/afc.cat\/wp-content\/uploads\/2024\/04\/37-Ramon-Riera-81-320x202.jpg\" width=\"320\" height=\"202\" alt=\"\" title=\"37 &#8211; Ramon Riera &#8211; 81\" aria-label=\"37 &#8211; Ramon Riera &#8211; 81\" class=\"img-responsive wp-image-38191 fusion-gallery-image-size-fixed\" \/><\/a><\/div><\/div><\/div><div class=\"fusion-separator fusion-full-width-sep\" style=\"align-self: center;margin-left: auto;margin-right: auto;margin-top:20px;margin-bottom:20px;width:100%;\"><div class=\"fusion-separator-border sep-single sep-solid\" style=\"border-color:#3ec0bf;border-top-width:1px;\"><\/div><\/div><div class=\"fusion-text fusion-text-5\"><p style=\"text-align: center;\"><strong>PUNTUACI\u00d3N GENERAL ACUMULADA COLOR<\/strong><\/p>\n<\/div><div style=\"text-align:center;\"><style>.fusion-imageframe.imageframe-2{ margin-bottom : 5%;}<\/style><span class=\" fusion-imageframe imageframe-none imageframe-2 hover-type-zoomin\"><img decoding=\"async\" width=\"701\" height=\"1258\" title=\"TO-abril-2024\" src=\"https:\/\/afc.cat\/wp-content\/uploads\/2024\/04\/TO-abril-2024.jpg\" alt class=\"img-responsive wp-image-38277\" srcset=\"https:\/\/afc.cat\/wp-content\/uploads\/2024\/04\/TO-abril-2024-200x359.jpg 200w, https:\/\/afc.cat\/wp-content\/uploads\/2024\/04\/TO-abril-2024-400x718.jpg 400w, https:\/\/afc.cat\/wp-content\/uploads\/2024\/04\/TO-abril-2024-600x1077.jpg 600w, https:\/\/afc.cat\/wp-content\/uploads\/2024\/04\/TO-abril-2024.jpg 701w\" sizes=\"(max-width: 640px) 100vw, 701px\" \/><\/span><\/div><div class=\"fusion-text fusion-text-6\"><p style=\"text-align: center;\"><strong>Clasificaci\u00f3n color de abril 2024<\/strong><\/p>\n<\/div><style type=\"text\/css\">.fusion-gallery-2 .fusion-gallery-image {border:0px solid #e2e2e2;}<\/style><div class=\"fusion-gallery fusion-gallery-container fusion-grid-6 fusion-columns-total-39 fusion-gallery-layout-grid fusion-gallery-2\" style=\"margin:-5px;\"><div style=\"padding:5px;\" class=\"fusion-grid-column fusion-gallery-column fusion-gallery-column-6 hover-type-zoomin\"><div class=\"fusion-gallery-image\"><a href=\"https:\/\/afc.cat\/wp-content\/uploads\/2024\/04\/1-Dolors-Ventura-Canellas-115.jpg\" data-title=\"1 &#8211; Dolors Ventura Ca\u00f1ellas &#8211; 115\" title=\"1 &#8211; Dolors Ventura Ca\u00f1ellas &#8211; 115\" rel=\"noreferrer\" data-rel=\"iLightbox[gallery_image_2]\" class=\"fusion-lightbox\" target=\"_self\"><img decoding=\"async\" src=\"https:\/\/afc.cat\/wp-content\/uploads\/2024\/04\/1-Dolors-Ventura-Canellas-115-320x202.jpg\" width=\"320\" height=\"202\" alt=\"\" title=\"1 &#8211; Dolors Ventura Ca\u00f1ellas &#8211; 115\" aria-label=\"1 &#8211; Dolors Ventura Ca\u00f1ellas &#8211; 115\" class=\"img-responsive wp-image-38195 fusion-gallery-image-size-fixed\" srcset=\"https:\/\/afc.cat\/wp-content\/uploads\/2024\/04\/1-Dolors-Ventura-Canellas-115-320x202.jpg 320w, https:\/\/afc.cat\/wp-content\/uploads\/2024\/04\/1-Dolors-Ventura-Canellas-115-699x441.jpg 699w\" sizes=\"(max-width: 320px) 100vw, 320px\" \/><\/a><\/div><\/div><div style=\"padding:5px;\" class=\"fusion-grid-column fusion-gallery-column fusion-gallery-column-6 hover-type-zoomin\"><div class=\"fusion-gallery-image\"><a href=\"https:\/\/afc.cat\/wp-content\/uploads\/2024\/04\/2-Albert-Folch-Navalon-112.jpg\" data-title=\"2 &#8211; Albert Folch Naval\u00f3n &#8211; 112\" title=\"2 &#8211; Albert Folch Naval\u00f3n &#8211; 112\" rel=\"noreferrer\" data-rel=\"iLightbox[gallery_image_2]\" class=\"fusion-lightbox\" target=\"_self\"><img decoding=\"async\" src=\"https:\/\/afc.cat\/wp-content\/uploads\/2024\/04\/2-Albert-Folch-Navalon-112-320x202.jpg\" width=\"320\" height=\"202\" alt=\"\" title=\"2 &#8211; Albert Folch Naval\u00f3n &#8211; 112\" aria-label=\"2 &#8211; Albert Folch Naval\u00f3n &#8211; 112\" class=\"img-responsive wp-image-38197 fusion-gallery-image-size-fixed\" srcset=\"https:\/\/afc.cat\/wp-content\/uploads\/2024\/04\/2-Albert-Folch-Navalon-112-320x202.jpg 320w, https:\/\/afc.cat\/wp-content\/uploads\/2024\/04\/2-Albert-Folch-Navalon-112-700x441.jpg 700w\" sizes=\"(max-width: 320px) 100vw, 320px\" \/><\/a><\/div><\/div><div style=\"padding:5px;\" class=\"fusion-grid-column fusion-gallery-column fusion-gallery-column-6 hover-type-zoomin\"><div class=\"fusion-gallery-image\"><a href=\"https:\/\/afc.cat\/wp-content\/uploads\/2024\/04\/3-Francisco-Olmos-Cubero-111.jpg\" data-title=\"3 &#8211; Francisco Olmos Cubero &#8211; 111\" title=\"3 &#8211; Francisco Olmos Cubero &#8211; 111\" rel=\"noreferrer\" data-rel=\"iLightbox[gallery_image_2]\" class=\"fusion-lightbox\" target=\"_self\"><img decoding=\"async\" src=\"https:\/\/afc.cat\/wp-content\/uploads\/2024\/04\/3-Francisco-Olmos-Cubero-111-320x202.jpg\" width=\"320\" height=\"202\" alt=\"\" title=\"3 &#8211; Francisco Olmos Cubero &#8211; 111\" aria-label=\"3 &#8211; Francisco Olmos Cubero &#8211; 111\" class=\"img-responsive wp-image-38199 fusion-gallery-image-size-fixed\" srcset=\"https:\/\/afc.cat\/wp-content\/uploads\/2024\/04\/3-Francisco-Olmos-Cubero-111-200x126.jpg 200w, https:\/\/afc.cat\/wp-content\/uploads\/2024\/04\/3-Francisco-Olmos-Cubero-111-400x253.jpg 400w, https:\/\/afc.cat\/wp-content\/uploads\/2024\/04\/3-Francisco-Olmos-Cubero-111-600x379.jpg 600w, https:\/\/afc.cat\/wp-content\/uploads\/2024\/04\/3-Francisco-Olmos-Cubero-111-800x506.jpg 800w, https:\/\/afc.cat\/wp-content\/uploads\/2024\/04\/3-Francisco-Olmos-Cubero-111-1200x758.jpg 1200w, https:\/\/afc.cat\/wp-content\/uploads\/2024\/04\/3-Francisco-Olmos-Cubero-111.jpg 1424w\" sizes=\"(min-width: 2200px) 100vw, (min-width: 1120px) 204px, (min-width: 1024px) 245px, (min-width: 928px) 306px, (min-width: 832px) 408px, (min-width: 736px) 613px, (min-width: 640px) 736px, \" \/><\/a><\/div><\/div><div style=\"padding:5px;\" class=\"fusion-grid-column fusion-gallery-column fusion-gallery-column-6 hover-type-zoomin\"><div class=\"fusion-gallery-image\"><a href=\"https:\/\/afc.cat\/wp-content\/uploads\/2024\/04\/4-Antoni-Serrano-i-Cortes-111.jpg\" data-title=\"4 &#8211; Antoni Serrano i Cort\u00e8s &#8211; 111\" title=\"4 &#8211; Antoni Serrano i Cort\u00e8s &#8211; 111\" rel=\"noreferrer\" data-rel=\"iLightbox[gallery_image_2]\" class=\"fusion-lightbox\" target=\"_self\"><img decoding=\"async\" src=\"https:\/\/afc.cat\/wp-content\/uploads\/2024\/04\/4-Antoni-Serrano-i-Cortes-111-320x202.jpg\" width=\"320\" height=\"202\" alt=\"\" title=\"4 &#8211; Antoni Serrano i Cort\u00e8s &#8211; 111\" aria-label=\"4 &#8211; Antoni Serrano i Cort\u00e8s &#8211; 111\" class=\"img-responsive wp-image-38201 fusion-gallery-image-size-fixed\" srcset=\"https:\/\/afc.cat\/wp-content\/uploads\/2024\/04\/4-Antoni-Serrano-i-Cortes-111-320x202.jpg 320w, https:\/\/afc.cat\/wp-content\/uploads\/2024\/04\/4-Antoni-Serrano-i-Cortes-111-700x441.jpg 700w\" sizes=\"(max-width: 320px) 100vw, 320px\" \/><\/a><\/div><\/div><div style=\"padding:5px;\" class=\"fusion-grid-column fusion-gallery-column fusion-gallery-column-6 hover-type-zoomin\"><div class=\"fusion-gallery-image\"><a href=\"https:\/\/afc.cat\/wp-content\/uploads\/2024\/04\/5-Miquel-Cabre-110.jpg\" data-title=\"5 &#8211; Miquel Cabr\u00e9 &#8211; 110\" title=\"5 &#8211; Miquel Cabr\u00e9 &#8211; 110\" rel=\"noreferrer\" data-rel=\"iLightbox[gallery_image_2]\" class=\"fusion-lightbox\" target=\"_self\"><img decoding=\"async\" src=\"https:\/\/afc.cat\/wp-content\/uploads\/2024\/04\/5-Miquel-Cabre-110-320x202.jpg\" width=\"320\" height=\"202\" alt=\"\" title=\"5 &#8211; Miquel Cabr\u00e9 &#8211; 110\" aria-label=\"5 &#8211; Miquel Cabr\u00e9 &#8211; 110\" class=\"img-responsive wp-image-38203 fusion-gallery-image-size-fixed\" srcset=\"https:\/\/afc.cat\/wp-content\/uploads\/2024\/04\/5-Miquel-Cabre-110-320x202.jpg 320w, https:\/\/afc.cat\/wp-content\/uploads\/2024\/04\/5-Miquel-Cabre-110-700x441.jpg 700w\" sizes=\"(max-width: 320px) 100vw, 320px\" \/><\/a><\/div><\/div><div class=\"clearfix\"><\/div><div style=\"padding:5px;\" class=\"fusion-grid-column fusion-gallery-column fusion-gallery-column-6 hover-type-zoomin\"><div class=\"fusion-gallery-image\"><a href=\"https:\/\/afc.cat\/wp-content\/uploads\/2024\/04\/6-Merce-Rios-Bejar-110.jpg\" data-title=\"6 &#8211; Merc\u00e8 R\u00edos Bejar &#8211; 110\" title=\"6 &#8211; Merc\u00e8 R\u00edos Bejar &#8211; 110\" rel=\"noreferrer\" data-rel=\"iLightbox[gallery_image_2]\" class=\"fusion-lightbox\" target=\"_self\"><img decoding=\"async\" src=\"https:\/\/afc.cat\/wp-content\/uploads\/2024\/04\/6-Merce-Rios-Bejar-110-320x202.jpg\" width=\"320\" height=\"202\" alt=\"\" title=\"6 &#8211; Merc\u00e8 R\u00edos Bejar &#8211; 110\" aria-label=\"6 &#8211; Merc\u00e8 R\u00edos Bejar &#8211; 110\" class=\"img-responsive wp-image-38205 fusion-gallery-image-size-fixed\" \/><\/a><\/div><\/div><div style=\"padding:5px;\" class=\"fusion-grid-column fusion-gallery-column fusion-gallery-column-6 hover-type-zoomin\"><div class=\"fusion-gallery-image\"><a href=\"https:\/\/afc.cat\/wp-content\/uploads\/2024\/04\/7-Lluis-Porcel-Gimenez-109.jpg\" data-title=\"7 &#8211; Llu\u00eds Porcel Gim\u00e9nez &#8211; 109\" title=\"7 &#8211; Llu\u00eds Porcel Gim\u00e9nez &#8211; 109\" rel=\"noreferrer\" data-rel=\"iLightbox[gallery_image_2]\" class=\"fusion-lightbox\" target=\"_self\"><img decoding=\"async\" src=\"https:\/\/afc.cat\/wp-content\/uploads\/2024\/04\/7-Lluis-Porcel-Gimenez-109-320x202.jpg\" width=\"320\" height=\"202\" alt=\"\" title=\"7 &#8211; Llu\u00eds Porcel Gim\u00e9nez &#8211; 109\" aria-label=\"7 &#8211; Llu\u00eds Porcel Gim\u00e9nez &#8211; 109\" class=\"img-responsive wp-image-38207 fusion-gallery-image-size-fixed\" srcset=\"https:\/\/afc.cat\/wp-content\/uploads\/2024\/04\/7-Lluis-Porcel-Gimenez-109-320x202.jpg 320w, https:\/\/afc.cat\/wp-content\/uploads\/2024\/04\/7-Lluis-Porcel-Gimenez-109-700x441.jpg 700w\" sizes=\"(max-width: 320px) 100vw, 320px\" \/><\/a><\/div><\/div><div style=\"padding:5px;\" class=\"fusion-grid-column fusion-gallery-column fusion-gallery-column-6 hover-type-zoomin\"><div class=\"fusion-gallery-image\"><a href=\"https:\/\/afc.cat\/wp-content\/uploads\/2024\/04\/8-Anna-Barnes-Guillen-108.jpg\" data-title=\"8 &#8211; Anna Barn\u00e9s Guill\u00e9n &#8211; 108\" title=\"8 &#8211; Anna Barn\u00e9s Guill\u00e9n &#8211; 108\" rel=\"noreferrer\" data-rel=\"iLightbox[gallery_image_2]\" class=\"fusion-lightbox\" target=\"_self\"><img decoding=\"async\" src=\"https:\/\/afc.cat\/wp-content\/uploads\/2024\/04\/8-Anna-Barnes-Guillen-108-320x202.jpg\" width=\"320\" height=\"202\" alt=\"\" title=\"8 &#8211; Anna Barn\u00e9s Guill\u00e9n &#8211; 108\" aria-label=\"8 &#8211; Anna Barn\u00e9s Guill\u00e9n &#8211; 108\" class=\"img-responsive wp-image-38209 fusion-gallery-image-size-fixed\" srcset=\"https:\/\/afc.cat\/wp-content\/uploads\/2024\/04\/8-Anna-Barnes-Guillen-108-320x202.jpg 320w, https:\/\/afc.cat\/wp-content\/uploads\/2024\/04\/8-Anna-Barnes-Guillen-108-700x441.jpg 700w\" sizes=\"(max-width: 320px) 100vw, 320px\" \/><\/a><\/div><\/div><div style=\"padding:5px;\" class=\"fusion-grid-column fusion-gallery-column fusion-gallery-column-6 hover-type-zoomin\"><div class=\"fusion-gallery-image\"><a href=\"https:\/\/afc.cat\/wp-content\/uploads\/2024\/04\/9-Gloria-Tatxe-Salas-108.jpg\" data-title=\"9 &#8211; Gloria Tatx\u00e9 Salas &#8211; 108\" title=\"9 &#8211; Gloria Tatx\u00e9 Salas &#8211; 108\" rel=\"noreferrer\" data-rel=\"iLightbox[gallery_image_2]\" class=\"fusion-lightbox\" target=\"_self\"><img decoding=\"async\" src=\"https:\/\/afc.cat\/wp-content\/uploads\/2024\/04\/9-Gloria-Tatxe-Salas-108-320x202.jpg\" width=\"320\" height=\"202\" alt=\"\" title=\"9 &#8211; Gloria Tatx\u00e9 Salas &#8211; 108\" aria-label=\"9 &#8211; Gloria Tatx\u00e9 Salas &#8211; 108\" class=\"img-responsive wp-image-38211 fusion-gallery-image-size-fixed\" \/><\/a><\/div><\/div><div style=\"padding:5px;\" class=\"fusion-grid-column fusion-gallery-column fusion-gallery-column-6 hover-type-zoomin\"><div class=\"fusion-gallery-image\"><a href=\"https:\/\/afc.cat\/wp-content\/uploads\/2024\/04\/10-Nuria-Noguera-German-107.jpg\" data-title=\"10 &#8211; N\u00faria Noguera German &#8211; 107\" title=\"10 &#8211; N\u00faria Noguera German &#8211; 107\" rel=\"noreferrer\" data-rel=\"iLightbox[gallery_image_2]\" class=\"fusion-lightbox\" target=\"_self\"><img decoding=\"async\" src=\"https:\/\/afc.cat\/wp-content\/uploads\/2024\/04\/10-Nuria-Noguera-German-107-320x202.jpg\" width=\"320\" height=\"202\" alt=\"\" title=\"10 &#8211; N\u00faria Noguera German &#8211; 107\" aria-label=\"10 &#8211; N\u00faria Noguera German &#8211; 107\" class=\"img-responsive wp-image-38213 fusion-gallery-image-size-fixed\" \/><\/a><\/div><\/div><div style=\"padding:5px;\" class=\"fusion-grid-column fusion-gallery-column fusion-gallery-column-6 hover-type-zoomin\"><div class=\"fusion-gallery-image\"><a href=\"https:\/\/afc.cat\/wp-content\/uploads\/2024\/04\/11-Joan-Rue-Domingo-106.jpg\" data-title=\"11 &#8211; Joan Ru\u00e9 Domingo &#8211; 106\" title=\"11 &#8211; Joan Ru\u00e9 Domingo &#8211; 106\" rel=\"noreferrer\" data-rel=\"iLightbox[gallery_image_2]\" class=\"fusion-lightbox\" target=\"_self\"><img decoding=\"async\" src=\"https:\/\/afc.cat\/wp-content\/uploads\/2024\/04\/11-Joan-Rue-Domingo-106-320x202.jpg\" width=\"320\" height=\"202\" alt=\"\" title=\"11 &#8211; Joan Ru\u00e9 Domingo &#8211; 106\" aria-label=\"11 &#8211; Joan Ru\u00e9 Domingo &#8211; 106\" class=\"img-responsive wp-image-38215 fusion-gallery-image-size-fixed\" srcset=\"https:\/\/afc.cat\/wp-content\/uploads\/2024\/04\/11-Joan-Rue-Domingo-106-320x202.jpg 320w, https:\/\/afc.cat\/wp-content\/uploads\/2024\/04\/11-Joan-Rue-Domingo-106-700x441.jpg 700w\" sizes=\"(max-width: 320px) 100vw, 320px\" \/><\/a><\/div><\/div><div class=\"clearfix\"><\/div><div style=\"padding:5px;\" class=\"fusion-grid-column fusion-gallery-column fusion-gallery-column-6 hover-type-zoomin\"><div class=\"fusion-gallery-image\"><a href=\"https:\/\/afc.cat\/wp-content\/uploads\/2024\/04\/12-Albert-Ballestero-Rosell-103.jpg\" data-title=\"12 &#8211; Albert Ballestero Rosell &#8211; 103\" title=\"12 &#8211; Albert Ballestero Rosell &#8211; 103\" rel=\"noreferrer\" data-rel=\"iLightbox[gallery_image_2]\" class=\"fusion-lightbox\" target=\"_self\"><img decoding=\"async\" src=\"https:\/\/afc.cat\/wp-content\/uploads\/2024\/04\/12-Albert-Ballestero-Rosell-103-320x202.jpg\" width=\"320\" height=\"202\" alt=\"\" title=\"12 &#8211; Albert Ballestero Rosell &#8211; 103\" aria-label=\"12 &#8211; Albert Ballestero Rosell &#8211; 103\" class=\"img-responsive wp-image-38217 fusion-gallery-image-size-fixed\" srcset=\"https:\/\/afc.cat\/wp-content\/uploads\/2024\/04\/12-Albert-Ballestero-Rosell-103-320x202.jpg 320w, https:\/\/afc.cat\/wp-content\/uploads\/2024\/04\/12-Albert-Ballestero-Rosell-103-700x441.jpg 700w\" sizes=\"(max-width: 320px) 100vw, 320px\" \/><\/a><\/div><\/div><div style=\"padding:5px;\" class=\"fusion-grid-column fusion-gallery-column fusion-gallery-column-6 hover-type-zoomin\"><div class=\"fusion-gallery-image\"><a href=\"https:\/\/afc.cat\/wp-content\/uploads\/2024\/04\/13-Albert-Canellas-Xarau-103.jpg\" data-title=\"13 &#8211; Albert Ca\u00f1ellas Xarau &#8211; 103\" title=\"13 &#8211; Albert Ca\u00f1ellas Xarau &#8211; 103\" rel=\"noreferrer\" data-rel=\"iLightbox[gallery_image_2]\" class=\"fusion-lightbox\" target=\"_self\"><img decoding=\"async\" src=\"https:\/\/afc.cat\/wp-content\/uploads\/2024\/04\/13-Albert-Canellas-Xarau-103-320x202.jpg\" width=\"320\" height=\"202\" alt=\"\" title=\"13 &#8211; Albert Ca\u00f1ellas Xarau &#8211; 103\" aria-label=\"13 &#8211; Albert Ca\u00f1ellas Xarau &#8211; 103\" class=\"img-responsive wp-image-38219 fusion-gallery-image-size-fixed\" srcset=\"https:\/\/afc.cat\/wp-content\/uploads\/2024\/04\/13-Albert-Canellas-Xarau-103-320x202.jpg 320w, https:\/\/afc.cat\/wp-content\/uploads\/2024\/04\/13-Albert-Canellas-Xarau-103-700x441.jpg 700w\" sizes=\"(max-width: 320px) 100vw, 320px\" \/><\/a><\/div><\/div><div style=\"padding:5px;\" class=\"fusion-grid-column fusion-gallery-column fusion-gallery-column-6 hover-type-zoomin\"><div class=\"fusion-gallery-image\"><a href=\"https:\/\/afc.cat\/wp-content\/uploads\/2024\/04\/14-Joan-Soldevila-Adan-103.jpg\" data-title=\"14 &#8211; Joan Soldevila Ad\u00e1n &#8211; 103\" title=\"14 &#8211; Joan Soldevila Ad\u00e1n &#8211; 103\" rel=\"noreferrer\" data-rel=\"iLightbox[gallery_image_2]\" class=\"fusion-lightbox\" target=\"_self\"><img decoding=\"async\" src=\"https:\/\/afc.cat\/wp-content\/uploads\/2024\/04\/14-Joan-Soldevila-Adan-103-320x202.jpg\" width=\"320\" height=\"202\" alt=\"\" title=\"14 &#8211; Joan Soldevila Ad\u00e1n &#8211; 103\" aria-label=\"14 &#8211; Joan Soldevila Ad\u00e1n &#8211; 103\" class=\"img-responsive wp-image-38221 fusion-gallery-image-size-fixed\" \/><\/a><\/div><\/div><div style=\"padding:5px;\" class=\"fusion-grid-column fusion-gallery-column fusion-gallery-column-6 hover-type-zoomin\"><div class=\"fusion-gallery-image\"><a href=\"https:\/\/afc.cat\/wp-content\/uploads\/2024\/04\/15-Rosa-Cristofol-Martinez-103.jpg\" data-title=\"15 &#8211; Rosa Crist\u00f2fol Mart\u00ednez &#8211; 103\" title=\"15 &#8211; Rosa Crist\u00f2fol Mart\u00ednez &#8211; 103\" rel=\"noreferrer\" data-rel=\"iLightbox[gallery_image_2]\" class=\"fusion-lightbox\" target=\"_self\"><img decoding=\"async\" src=\"https:\/\/afc.cat\/wp-content\/uploads\/2024\/04\/15-Rosa-Cristofol-Martinez-103-320x202.jpg\" width=\"320\" height=\"202\" alt=\"\" title=\"15 &#8211; Rosa Crist\u00f2fol Mart\u00ednez &#8211; 103\" aria-label=\"15 &#8211; Rosa Crist\u00f2fol Mart\u00ednez &#8211; 103\" class=\"img-responsive wp-image-38223 fusion-gallery-image-size-fixed\" srcset=\"https:\/\/afc.cat\/wp-content\/uploads\/2024\/04\/15-Rosa-Cristofol-Martinez-103-320x202.jpg 320w, https:\/\/afc.cat\/wp-content\/uploads\/2024\/04\/15-Rosa-Cristofol-Martinez-103-700x441.jpg 700w\" sizes=\"(max-width: 320px) 100vw, 320px\" \/><\/a><\/div><\/div><div style=\"padding:5px;\" class=\"fusion-grid-column fusion-gallery-column fusion-gallery-column-6 hover-type-zoomin\"><div class=\"fusion-gallery-image\"><a href=\"https:\/\/afc.cat\/wp-content\/uploads\/2024\/04\/16-Gabriel-Bertran-Niculau-102.jpg\" data-title=\"16 &#8211; Gabriel Bertran Niculau &#8211; 102\" title=\"16 &#8211; Gabriel Bertran Niculau &#8211; 102\" rel=\"noreferrer\" data-rel=\"iLightbox[gallery_image_2]\" class=\"fusion-lightbox\" target=\"_self\"><img decoding=\"async\" src=\"https:\/\/afc.cat\/wp-content\/uploads\/2024\/04\/16-Gabriel-Bertran-Niculau-102-320x202.jpg\" width=\"320\" height=\"202\" alt=\"\" title=\"16 &#8211; Gabriel Bertran Niculau &#8211; 102\" aria-label=\"16 &#8211; Gabriel Bertran Niculau &#8211; 102\" class=\"img-responsive wp-image-38225 fusion-gallery-image-size-fixed\" \/><\/a><\/div><\/div><div style=\"padding:5px;\" class=\"fusion-grid-column fusion-gallery-column fusion-gallery-column-6 hover-type-zoomin\"><div class=\"fusion-gallery-image\"><a href=\"https:\/\/afc.cat\/wp-content\/uploads\/2024\/04\/17-XAVIER-RICOL-DOLSET-102.jpg\" data-title=\"17 &#8211; XAVIER RICOL DOLSET &#8211; 102\" title=\"17 &#8211; XAVIER RICOL DOLSET &#8211; 102\" rel=\"noreferrer\" data-rel=\"iLightbox[gallery_image_2]\" class=\"fusion-lightbox\" target=\"_self\"><img decoding=\"async\" src=\"https:\/\/afc.cat\/wp-content\/uploads\/2024\/04\/17-XAVIER-RICOL-DOLSET-102-320x202.jpg\" width=\"320\" height=\"202\" alt=\"\" title=\"17 &#8211; XAVIER RICOL DOLSET &#8211; 102\" aria-label=\"17 &#8211; XAVIER RICOL DOLSET &#8211; 102\" class=\"img-responsive wp-image-38227 fusion-gallery-image-size-fixed\" srcset=\"https:\/\/afc.cat\/wp-content\/uploads\/2024\/04\/17-XAVIER-RICOL-DOLSET-102-320x202.jpg 320w, https:\/\/afc.cat\/wp-content\/uploads\/2024\/04\/17-XAVIER-RICOL-DOLSET-102-700x441.jpg 700w\" sizes=\"(max-width: 320px) 100vw, 320px\" \/><\/a><\/div><\/div><div class=\"clearfix\"><\/div><div style=\"padding:5px;\" class=\"fusion-grid-column fusion-gallery-column fusion-gallery-column-6 hover-type-zoomin\"><div class=\"fusion-gallery-image\"><a href=\"https:\/\/afc.cat\/wp-content\/uploads\/2024\/04\/18-Carme-Mur-Calvo-101.jpg\" data-title=\"18 &#8211; Carme Mur Calv\u00f3 &#8211; 101\" title=\"18 &#8211; Carme Mur Calv\u00f3 &#8211; 101\" rel=\"noreferrer\" data-rel=\"iLightbox[gallery_image_2]\" class=\"fusion-lightbox\" target=\"_self\"><img decoding=\"async\" src=\"https:\/\/afc.cat\/wp-content\/uploads\/2024\/04\/18-Carme-Mur-Calvo-101-320x202.jpg\" width=\"320\" height=\"202\" alt=\"\" title=\"18 &#8211; Carme Mur Calv\u00f3 &#8211; 101\" aria-label=\"18 &#8211; Carme Mur Calv\u00f3 &#8211; 101\" class=\"img-responsive wp-image-38231 fusion-gallery-image-size-fixed\" srcset=\"https:\/\/afc.cat\/wp-content\/uploads\/2024\/04\/18-Carme-Mur-Calvo-101-320x202.jpg 320w, https:\/\/afc.cat\/wp-content\/uploads\/2024\/04\/18-Carme-Mur-Calvo-101-700x441.jpg 700w\" sizes=\"(max-width: 320px) 100vw, 320px\" \/><\/a><\/div><\/div><div style=\"padding:5px;\" class=\"fusion-grid-column fusion-gallery-column fusion-gallery-column-6 hover-type-zoomin\"><div class=\"fusion-gallery-image\"><a href=\"https:\/\/afc.cat\/wp-content\/uploads\/2024\/04\/19-David-Penarroya-Hernandez-101.jpg\" data-title=\"19 &#8211; David Pe\u00f1arroya Hernandez &#8211; 101\" title=\"19 &#8211; David Pe\u00f1arroya Hernandez &#8211; 101\" rel=\"noreferrer\" data-rel=\"iLightbox[gallery_image_2]\" class=\"fusion-lightbox\" target=\"_self\"><img decoding=\"async\" src=\"https:\/\/afc.cat\/wp-content\/uploads\/2024\/04\/19-David-Penarroya-Hernandez-101-320x202.jpg\" width=\"320\" height=\"202\" alt=\"\" title=\"19 &#8211; David Pe\u00f1arroya Hernandez &#8211; 101\" aria-label=\"19 &#8211; David Pe\u00f1arroya Hernandez &#8211; 101\" class=\"img-responsive wp-image-38235 fusion-gallery-image-size-fixed\" \/><\/a><\/div><\/div><div style=\"padding:5px;\" class=\"fusion-grid-column fusion-gallery-column fusion-gallery-column-6 hover-type-zoomin\"><div class=\"fusion-gallery-image\"><a href=\"https:\/\/afc.cat\/wp-content\/uploads\/2024\/04\/20-Adolfo-Garcia-Bastard-100.jpg\" data-title=\"20 &#8211; Adolfo Garcia Bastard &#8211; 100\" title=\"20 &#8211; Adolfo Garcia Bastard &#8211; 100\" rel=\"noreferrer\" data-rel=\"iLightbox[gallery_image_2]\" class=\"fusion-lightbox\" target=\"_self\"><img decoding=\"async\" src=\"https:\/\/afc.cat\/wp-content\/uploads\/2024\/04\/20-Adolfo-Garcia-Bastard-100-320x202.jpg\" width=\"320\" height=\"202\" alt=\"\" title=\"20 &#8211; Adolfo Garcia Bastard &#8211; 100\" aria-label=\"20 &#8211; Adolfo Garcia Bastard &#8211; 100\" class=\"img-responsive wp-image-38237 fusion-gallery-image-size-fixed\" srcset=\"https:\/\/afc.cat\/wp-content\/uploads\/2024\/04\/20-Adolfo-Garcia-Bastard-100-320x202.jpg 320w, https:\/\/afc.cat\/wp-content\/uploads\/2024\/04\/20-Adolfo-Garcia-Bastard-100-700x441.jpg 700w\" sizes=\"(max-width: 320px) 100vw, 320px\" \/><\/a><\/div><\/div><div style=\"padding:5px;\" class=\"fusion-grid-column fusion-gallery-column fusion-gallery-column-6 hover-type-zoomin\"><div class=\"fusion-gallery-image\"><a href=\"https:\/\/afc.cat\/wp-content\/uploads\/2024\/04\/21-Pep-Vinyals-97.jpg\" data-title=\"21 &#8211; Pep Vinyals &#8211; 97\" title=\"21 &#8211; Pep Vinyals &#8211; 97\" rel=\"noreferrer\" data-rel=\"iLightbox[gallery_image_2]\" class=\"fusion-lightbox\" target=\"_self\"><img decoding=\"async\" src=\"https:\/\/afc.cat\/wp-content\/uploads\/2024\/04\/21-Pep-Vinyals-97-320x202.jpg\" width=\"320\" height=\"202\" alt=\"\" title=\"21 &#8211; Pep Vinyals &#8211; 97\" aria-label=\"21 &#8211; Pep Vinyals &#8211; 97\" class=\"img-responsive wp-image-38239 fusion-gallery-image-size-fixed\" srcset=\"https:\/\/afc.cat\/wp-content\/uploads\/2024\/04\/21-Pep-Vinyals-97-320x202.jpg 320w, https:\/\/afc.cat\/wp-content\/uploads\/2024\/04\/21-Pep-Vinyals-97-700x441.jpg 700w\" sizes=\"(max-width: 320px) 100vw, 320px\" \/><\/a><\/div><\/div><div style=\"padding:5px;\" class=\"fusion-grid-column fusion-gallery-column fusion-gallery-column-6 hover-type-zoomin\"><div class=\"fusion-gallery-image\"><a href=\"https:\/\/afc.cat\/wp-content\/uploads\/2024\/04\/22-Josep-Soler-Vendrell-96.jpg\" data-title=\"22 &#8211; Josep Soler Vendrell &#8211; 96\" title=\"22 &#8211; Josep Soler Vendrell &#8211; 96\" rel=\"noreferrer\" data-rel=\"iLightbox[gallery_image_2]\" class=\"fusion-lightbox\" target=\"_self\"><img decoding=\"async\" src=\"https:\/\/afc.cat\/wp-content\/uploads\/2024\/04\/22-Josep-Soler-Vendrell-96-320x202.jpg\" width=\"320\" height=\"202\" alt=\"\" title=\"22 &#8211; Josep Soler Vendrell &#8211; 96\" aria-label=\"22 &#8211; Josep Soler Vendrell &#8211; 96\" class=\"img-responsive wp-image-38241 fusion-gallery-image-size-fixed\" srcset=\"https:\/\/afc.cat\/wp-content\/uploads\/2024\/04\/22-Josep-Soler-Vendrell-96-320x202.jpg 320w, https:\/\/afc.cat\/wp-content\/uploads\/2024\/04\/22-Josep-Soler-Vendrell-96-700x441.jpg 700w\" sizes=\"(max-width: 320px) 100vw, 320px\" \/><\/a><\/div><\/div><div style=\"padding:5px;\" class=\"fusion-grid-column fusion-gallery-column fusion-gallery-column-6 hover-type-zoomin\"><div class=\"fusion-gallery-image\"><a href=\"https:\/\/afc.cat\/wp-content\/uploads\/2024\/04\/23-Josep-Maria-Bonjoch-Trilla-96.jpg\" data-title=\"23 &#8211; Josep Maria Bonjoch Trilla &#8211; 96\" title=\"23 &#8211; Josep Maria Bonjoch Trilla &#8211; 96\" rel=\"noreferrer\" data-rel=\"iLightbox[gallery_image_2]\" class=\"fusion-lightbox\" target=\"_self\"><img decoding=\"async\" src=\"https:\/\/afc.cat\/wp-content\/uploads\/2024\/04\/23-Josep-Maria-Bonjoch-Trilla-96-320x202.jpg\" width=\"320\" height=\"202\" alt=\"\" title=\"23 &#8211; Josep Maria Bonjoch Trilla &#8211; 96\" aria-label=\"23 &#8211; Josep Maria Bonjoch Trilla &#8211; 96\" class=\"img-responsive wp-image-38243 fusion-gallery-image-size-fixed\" \/><\/a><\/div><\/div><div class=\"clearfix\"><\/div><div style=\"padding:5px;\" class=\"fusion-grid-column fusion-gallery-column fusion-gallery-column-6 hover-type-zoomin\"><div class=\"fusion-gallery-image\"><a href=\"https:\/\/afc.cat\/wp-content\/uploads\/2024\/04\/24-Esperanca-Sanz-Marin-96.jpg\" data-title=\"24 &#8211; Esperan\u00e7a Sanz Marin &#8211; 96\" title=\"24 &#8211; Esperan\u00e7a Sanz Marin &#8211; 96\" rel=\"noreferrer\" data-rel=\"iLightbox[gallery_image_2]\" class=\"fusion-lightbox\" target=\"_self\"><img decoding=\"async\" src=\"https:\/\/afc.cat\/wp-content\/uploads\/2024\/04\/24-Esperanca-Sanz-Marin-96-320x202.jpg\" width=\"320\" height=\"202\" alt=\"\" title=\"24 &#8211; Esperan\u00e7a Sanz Marin &#8211; 96\" aria-label=\"24 &#8211; Esperan\u00e7a Sanz Marin &#8211; 96\" class=\"img-responsive wp-image-38245 fusion-gallery-image-size-fixed\" srcset=\"https:\/\/afc.cat\/wp-content\/uploads\/2024\/04\/24-Esperanca-Sanz-Marin-96-320x202.jpg 320w, https:\/\/afc.cat\/wp-content\/uploads\/2024\/04\/24-Esperanca-Sanz-Marin-96-700x441.jpg 700w\" sizes=\"(max-width: 320px) 100vw, 320px\" \/><\/a><\/div><\/div><div style=\"padding:5px;\" class=\"fusion-grid-column fusion-gallery-column fusion-gallery-column-6 hover-type-zoomin\"><div class=\"fusion-gallery-image\"><a href=\"https:\/\/afc.cat\/wp-content\/uploads\/2024\/04\/25-Angel-Colado-Palacios-96.jpg\" data-title=\"25 &#8211; \u00c1ngel Colado Palacios &#8211; 96\" title=\"25 &#8211; \u00c1ngel Colado Palacios &#8211; 96\" rel=\"noreferrer\" data-rel=\"iLightbox[gallery_image_2]\" class=\"fusion-lightbox\" target=\"_self\"><img decoding=\"async\" src=\"https:\/\/afc.cat\/wp-content\/uploads\/2024\/04\/25-Angel-Colado-Palacios-96-320x202.jpg\" width=\"320\" height=\"202\" alt=\"\" title=\"25 &#8211; \u00c1ngel Colado Palacios &#8211; 96\" aria-label=\"25 &#8211; \u00c1ngel Colado Palacios &#8211; 96\" class=\"img-responsive wp-image-38247 fusion-gallery-image-size-fixed\" srcset=\"https:\/\/afc.cat\/wp-content\/uploads\/2024\/04\/25-Angel-Colado-Palacios-96-320x202.jpg 320w, https:\/\/afc.cat\/wp-content\/uploads\/2024\/04\/25-Angel-Colado-Palacios-96-700x441.jpg 700w\" sizes=\"(max-width: 320px) 100vw, 320px\" \/><\/a><\/div><\/div><div style=\"padding:5px;\" class=\"fusion-grid-column fusion-gallery-column fusion-gallery-column-6 hover-type-zoomin\"><div class=\"fusion-gallery-image\"><a href=\"https:\/\/afc.cat\/wp-content\/uploads\/2024\/04\/26-Diego-Pastor-Sanchez-95.jpg\" data-title=\"26 &#8211; Diego Pastor S\u00e1nchez &#8211; 95\" title=\"26 &#8211; Diego Pastor S\u00e1nchez &#8211; 95\" rel=\"noreferrer\" data-rel=\"iLightbox[gallery_image_2]\" class=\"fusion-lightbox\" target=\"_self\"><img decoding=\"async\" src=\"https:\/\/afc.cat\/wp-content\/uploads\/2024\/04\/26-Diego-Pastor-Sanchez-95-320x202.jpg\" width=\"320\" height=\"202\" alt=\"\" title=\"26 &#8211; Diego Pastor S\u00e1nchez &#8211; 95\" aria-label=\"26 &#8211; Diego Pastor S\u00e1nchez &#8211; 95\" class=\"img-responsive wp-image-38249 fusion-gallery-image-size-fixed\" srcset=\"https:\/\/afc.cat\/wp-content\/uploads\/2024\/04\/26-Diego-Pastor-Sanchez-95-320x202.jpg 320w, https:\/\/afc.cat\/wp-content\/uploads\/2024\/04\/26-Diego-Pastor-Sanchez-95-700x441.jpg 700w\" sizes=\"(max-width: 320px) 100vw, 320px\" \/><\/a><\/div><\/div><div style=\"padding:5px;\" class=\"fusion-grid-column fusion-gallery-column fusion-gallery-column-6 hover-type-zoomin\"><div class=\"fusion-gallery-image\"><a href=\"https:\/\/afc.cat\/wp-content\/uploads\/2024\/04\/27-Ramon-Riera-95.jpg\" data-title=\"27 &#8211; Ramon Riera &#8211; 95\" title=\"27 &#8211; Ramon Riera &#8211; 95\" rel=\"noreferrer\" data-rel=\"iLightbox[gallery_image_2]\" class=\"fusion-lightbox\" target=\"_self\"><img decoding=\"async\" src=\"https:\/\/afc.cat\/wp-content\/uploads\/2024\/04\/27-Ramon-Riera-95-320x202.jpg\" width=\"320\" height=\"202\" alt=\"\" title=\"27 &#8211; Ramon Riera &#8211; 95\" aria-label=\"27 &#8211; Ramon Riera &#8211; 95\" class=\"img-responsive wp-image-38251 fusion-gallery-image-size-fixed\" srcset=\"https:\/\/afc.cat\/wp-content\/uploads\/2024\/04\/27-Ramon-Riera-95-320x202.jpg 320w, https:\/\/afc.cat\/wp-content\/uploads\/2024\/04\/27-Ramon-Riera-95-635x400.jpg 635w\" sizes=\"(max-width: 320px) 100vw, 320px\" \/><\/a><\/div><\/div><div style=\"padding:5px;\" class=\"fusion-grid-column fusion-gallery-column fusion-gallery-column-6 hover-type-zoomin\"><div class=\"fusion-gallery-image\"><a href=\"https:\/\/afc.cat\/wp-content\/uploads\/2024\/04\/28-Josefina-MIGUEL-SOLA-94.jpg\" data-title=\"28 &#8211; Josefina MIGUEL SOLA &#8211; 94\" title=\"28 &#8211; Josefina MIGUEL SOLA &#8211; 94\" rel=\"noreferrer\" data-rel=\"iLightbox[gallery_image_2]\" class=\"fusion-lightbox\" target=\"_self\"><img decoding=\"async\" src=\"https:\/\/afc.cat\/wp-content\/uploads\/2024\/04\/28-Josefina-MIGUEL-SOLA-94-320x202.jpg\" width=\"320\" height=\"202\" alt=\"\" title=\"28 &#8211; Josefina MIGUEL SOLA &#8211; 94\" aria-label=\"28 &#8211; Josefina MIGUEL SOLA &#8211; 94\" class=\"img-responsive wp-image-38253 fusion-gallery-image-size-fixed\" srcset=\"https:\/\/afc.cat\/wp-content\/uploads\/2024\/04\/28-Josefina-MIGUEL-SOLA-94-320x202.jpg 320w, https:\/\/afc.cat\/wp-content\/uploads\/2024\/04\/28-Josefina-MIGUEL-SOLA-94-700x441.jpg 700w\" sizes=\"(max-width: 320px) 100vw, 320px\" \/><\/a><\/div><\/div><div style=\"padding:5px;\" class=\"fusion-grid-column fusion-gallery-column fusion-gallery-column-6 hover-type-zoomin\"><div class=\"fusion-gallery-image\"><a href=\"https:\/\/afc.cat\/wp-content\/uploads\/2024\/04\/29-Xavier-Bou-Salazar-92.jpg\" data-title=\"29 &#8211; Xavier Bou Salazar &#8211; 92\" title=\"29 &#8211; Xavier Bou Salazar &#8211; 92\" rel=\"noreferrer\" data-rel=\"iLightbox[gallery_image_2]\" class=\"fusion-lightbox\" target=\"_self\"><img decoding=\"async\" src=\"https:\/\/afc.cat\/wp-content\/uploads\/2024\/04\/29-Xavier-Bou-Salazar-92-320x202.jpg\" width=\"320\" height=\"202\" alt=\"\" title=\"29 &#8211; Xavier Bou Salazar &#8211; 92\" aria-label=\"29 &#8211; Xavier Bou Salazar &#8211; 92\" class=\"img-responsive wp-image-38255 fusion-gallery-image-size-fixed\" srcset=\"https:\/\/afc.cat\/wp-content\/uploads\/2024\/04\/29-Xavier-Bou-Salazar-92-320x202.jpg 320w, https:\/\/afc.cat\/wp-content\/uploads\/2024\/04\/29-Xavier-Bou-Salazar-92-700x441.jpg 700w\" sizes=\"(max-width: 320px) 100vw, 320px\" \/><\/a><\/div><\/div><div class=\"clearfix\"><\/div><div style=\"padding:5px;\" class=\"fusion-grid-column fusion-gallery-column fusion-gallery-column-6 hover-type-zoomin\"><div class=\"fusion-gallery-image\"><a href=\"https:\/\/afc.cat\/wp-content\/uploads\/2024\/04\/30-Santiago-Garcia-Cuadrado-92.jpg\" data-title=\"30 &#8211; Santiago Garc\u00eda Cuadrado &#8211; 92\" title=\"30 &#8211; Santiago Garc\u00eda Cuadrado &#8211; 92\" rel=\"noreferrer\" data-rel=\"iLightbox[gallery_image_2]\" class=\"fusion-lightbox\" target=\"_self\"><img decoding=\"async\" src=\"https:\/\/afc.cat\/wp-content\/uploads\/2024\/04\/30-Santiago-Garcia-Cuadrado-92-320x202.jpg\" width=\"320\" height=\"202\" alt=\"\" title=\"30 &#8211; Santiago Garc\u00eda Cuadrado &#8211; 92\" aria-label=\"30 &#8211; Santiago Garc\u00eda Cuadrado &#8211; 92\" class=\"img-responsive wp-image-38257 fusion-gallery-image-size-fixed\" srcset=\"https:\/\/afc.cat\/wp-content\/uploads\/2024\/04\/30-Santiago-Garcia-Cuadrado-92-320x202.jpg 320w, https:\/\/afc.cat\/wp-content\/uploads\/2024\/04\/30-Santiago-Garcia-Cuadrado-92-700x441.jpg 700w\" sizes=\"(max-width: 320px) 100vw, 320px\" \/><\/a><\/div><\/div><div style=\"padding:5px;\" class=\"fusion-grid-column fusion-gallery-column fusion-gallery-column-6 hover-type-zoomin\"><div class=\"fusion-gallery-image\"><a href=\"https:\/\/afc.cat\/wp-content\/uploads\/2024\/04\/31-Francesca-Portoles-Braso-91.jpg\" data-title=\"31 &#8211; Francesca Portol\u00e9s Bras\u00f3 &#8211; 91\" title=\"31 &#8211; Francesca Portol\u00e9s Bras\u00f3 &#8211; 91\" rel=\"noreferrer\" data-rel=\"iLightbox[gallery_image_2]\" class=\"fusion-lightbox\" target=\"_self\"><img decoding=\"async\" src=\"https:\/\/afc.cat\/wp-content\/uploads\/2024\/04\/31-Francesca-Portoles-Braso-91-320x202.jpg\" width=\"320\" height=\"202\" alt=\"\" title=\"31 &#8211; Francesca Portol\u00e9s Bras\u00f3 &#8211; 91\" aria-label=\"31 &#8211; Francesca Portol\u00e9s Bras\u00f3 &#8211; 91\" class=\"img-responsive wp-image-38259 fusion-gallery-image-size-fixed\" srcset=\"https:\/\/afc.cat\/wp-content\/uploads\/2024\/04\/31-Francesca-Portoles-Braso-91-320x202.jpg 320w, https:\/\/afc.cat\/wp-content\/uploads\/2024\/04\/31-Francesca-Portoles-Braso-91-700x441.jpg 700w\" sizes=\"(max-width: 320px) 100vw, 320px\" \/><\/a><\/div><\/div><div style=\"padding:5px;\" class=\"fusion-grid-column fusion-gallery-column fusion-gallery-column-6 hover-type-zoomin\"><div class=\"fusion-gallery-image\"><a href=\"https:\/\/afc.cat\/wp-content\/uploads\/2024\/04\/32-Maria-Helena-Verges-Carreras-90.jpg\" data-title=\"32 &#8211; Maria Helena Verg\u00e9s Carreras &#8211; 90\" title=\"32 &#8211; Maria Helena Verg\u00e9s Carreras &#8211; 90\" rel=\"noreferrer\" data-rel=\"iLightbox[gallery_image_2]\" class=\"fusion-lightbox\" target=\"_self\"><img decoding=\"async\" src=\"https:\/\/afc.cat\/wp-content\/uploads\/2024\/04\/32-Maria-Helena-Verges-Carreras-90-320x202.jpg\" width=\"320\" height=\"202\" alt=\"\" title=\"32 &#8211; Maria Helena Verg\u00e9s Carreras &#8211; 90\" aria-label=\"32 &#8211; Maria Helena Verg\u00e9s Carreras &#8211; 90\" class=\"img-responsive wp-image-38261 fusion-gallery-image-size-fixed\" srcset=\"https:\/\/afc.cat\/wp-content\/uploads\/2024\/04\/32-Maria-Helena-Verges-Carreras-90-320x202.jpg 320w, https:\/\/afc.cat\/wp-content\/uploads\/2024\/04\/32-Maria-Helena-Verges-Carreras-90-700x441.jpg 700w\" sizes=\"(max-width: 320px) 100vw, 320px\" \/><\/a><\/div><\/div><div style=\"padding:5px;\" class=\"fusion-grid-column fusion-gallery-column fusion-gallery-column-6 hover-type-zoomin\"><div class=\"fusion-gallery-image\"><a href=\"https:\/\/afc.cat\/wp-content\/uploads\/2024\/04\/33-Damia-Tous-Vazquez-89.jpg\" data-title=\"33 &#8211; Dami\u00e0 Tous Vazquez &#8211; 89\" title=\"33 &#8211; Dami\u00e0 Tous Vazquez &#8211; 89\" rel=\"noreferrer\" data-rel=\"iLightbox[gallery_image_2]\" class=\"fusion-lightbox\" target=\"_self\"><img decoding=\"async\" src=\"https:\/\/afc.cat\/wp-content\/uploads\/2024\/04\/33-Damia-Tous-Vazquez-89-320x202.jpg\" width=\"320\" height=\"202\" alt=\"\" title=\"33 &#8211; Dami\u00e0 Tous Vazquez &#8211; 89\" aria-label=\"33 &#8211; Dami\u00e0 Tous Vazquez &#8211; 89\" class=\"img-responsive wp-image-38263 fusion-gallery-image-size-fixed\" \/><\/a><\/div><\/div><div style=\"padding:5px;\" class=\"fusion-grid-column fusion-gallery-column fusion-gallery-column-6 hover-type-zoomin\"><div class=\"fusion-gallery-image\"><a href=\"https:\/\/afc.cat\/wp-content\/uploads\/2024\/04\/34-Teresa-Tejero-Lopez-89.jpg\" data-title=\"34 &#8211; Teresa Tejero Lopez &#8211; 89\" title=\"34 &#8211; Teresa Tejero Lopez &#8211; 89\" rel=\"noreferrer\" data-rel=\"iLightbox[gallery_image_2]\" class=\"fusion-lightbox\" target=\"_self\"><img decoding=\"async\" src=\"https:\/\/afc.cat\/wp-content\/uploads\/2024\/04\/34-Teresa-Tejero-Lopez-89-320x202.jpg\" width=\"320\" height=\"202\" alt=\"\" title=\"34 &#8211; Teresa Tejero Lopez &#8211; 89\" aria-label=\"34 &#8211; Teresa Tejero Lopez &#8211; 89\" class=\"img-responsive wp-image-38265 fusion-gallery-image-size-fixed\" \/><\/a><\/div><\/div><div style=\"padding:5px;\" class=\"fusion-grid-column fusion-gallery-column fusion-gallery-column-6 hover-type-zoomin\"><div class=\"fusion-gallery-image\"><a href=\"https:\/\/afc.cat\/wp-content\/uploads\/2024\/04\/35-Carmen-Casademont-Ribot-89.jpg\" data-title=\"35 &#8211; Carmen Casademont Ribot &#8211; 89\" title=\"35 &#8211; Carmen Casademont Ribot &#8211; 89\" rel=\"noreferrer\" data-rel=\"iLightbox[gallery_image_2]\" class=\"fusion-lightbox\" target=\"_self\"><img decoding=\"async\" src=\"https:\/\/afc.cat\/wp-content\/uploads\/2024\/04\/35-Carmen-Casademont-Ribot-89-320x202.jpg\" width=\"320\" height=\"202\" alt=\"\" title=\"35 &#8211; Carmen Casademont Ribot &#8211; 89\" aria-label=\"35 &#8211; Carmen Casademont Ribot &#8211; 89\" class=\"img-responsive wp-image-38267 fusion-gallery-image-size-fixed\" srcset=\"https:\/\/afc.cat\/wp-content\/uploads\/2024\/04\/35-Carmen-Casademont-Ribot-89-320x202.jpg 320w, https:\/\/afc.cat\/wp-content\/uploads\/2024\/04\/35-Carmen-Casademont-Ribot-89-700x441.jpg 700w\" sizes=\"(max-width: 320px) 100vw, 320px\" \/><\/a><\/div><\/div><div class=\"clearfix\"><\/div><div style=\"padding:5px;\" class=\"fusion-grid-column fusion-gallery-column fusion-gallery-column-6 hover-type-zoomin\"><div class=\"fusion-gallery-image\"><a href=\"https:\/\/afc.cat\/wp-content\/uploads\/2024\/04\/36-Clara-Lopez-Colomer-87.jpg\" data-title=\"36 &#8211; Clara Lopez Colomer &#8211; 87\" title=\"36 &#8211; Clara Lopez Colomer &#8211; 87\" rel=\"noreferrer\" data-rel=\"iLightbox[gallery_image_2]\" class=\"fusion-lightbox\" target=\"_self\"><img decoding=\"async\" src=\"https:\/\/afc.cat\/wp-content\/uploads\/2024\/04\/36-Clara-Lopez-Colomer-87-320x202.jpg\" width=\"320\" height=\"202\" alt=\"\" title=\"36 &#8211; Clara Lopez Colomer &#8211; 87\" aria-label=\"36 &#8211; Clara Lopez Colomer &#8211; 87\" class=\"img-responsive wp-image-38269 fusion-gallery-image-size-fixed\" \/><\/a><\/div><\/div><div style=\"padding:5px;\" class=\"fusion-grid-column fusion-gallery-column fusion-gallery-column-6 hover-type-zoomin\"><div class=\"fusion-gallery-image\"><a href=\"https:\/\/afc.cat\/wp-content\/uploads\/2024\/04\/37-Sara-Assens-Mampel-87.jpg\" data-title=\"37 &#8211; Sara Assens Mampel &#8211; 87\" title=\"37 &#8211; Sara Assens Mampel &#8211; 87\" rel=\"noreferrer\" data-rel=\"iLightbox[gallery_image_2]\" class=\"fusion-lightbox\" target=\"_self\"><img decoding=\"async\" src=\"https:\/\/afc.cat\/wp-content\/uploads\/2024\/04\/37-Sara-Assens-Mampel-87-320x202.jpg\" width=\"320\" height=\"202\" alt=\"\" title=\"37 &#8211; Sara Assens Mampel &#8211; 87\" aria-label=\"37 &#8211; Sara Assens Mampel &#8211; 87\" class=\"img-responsive wp-image-38271 fusion-gallery-image-size-fixed\" srcset=\"https:\/\/afc.cat\/wp-content\/uploads\/2024\/04\/37-Sara-Assens-Mampel-87-320x202.jpg 320w, https:\/\/afc.cat\/wp-content\/uploads\/2024\/04\/37-Sara-Assens-Mampel-87-700x441.jpg 700w\" sizes=\"(max-width: 320px) 100vw, 320px\" \/><\/a><\/div><\/div><div style=\"padding:5px;\" class=\"fusion-grid-column fusion-gallery-column fusion-gallery-column-6 hover-type-zoomin\"><div class=\"fusion-gallery-image\"><a href=\"https:\/\/afc.cat\/wp-content\/uploads\/2024\/04\/38-PERE-GRAUPERA-LANGA-84.jpg\" data-title=\"38 &#8211; PERE GRAUPERA LANGA &#8211; 84\" title=\"38 &#8211; PERE GRAUPERA LANGA &#8211; 84\" rel=\"noreferrer\" data-rel=\"iLightbox[gallery_image_2]\" class=\"fusion-lightbox\" target=\"_self\"><img decoding=\"async\" src=\"https:\/\/afc.cat\/wp-content\/uploads\/2024\/04\/38-PERE-GRAUPERA-LANGA-84-320x202.jpg\" width=\"320\" height=\"202\" alt=\"\" title=\"38 &#8211; PERE GRAUPERA LANGA &#8211; 84\" aria-label=\"38 &#8211; PERE GRAUPERA LANGA &#8211; 84\" class=\"img-responsive wp-image-38273 fusion-gallery-image-size-fixed\" srcset=\"https:\/\/afc.cat\/wp-content\/uploads\/2024\/04\/38-PERE-GRAUPERA-LANGA-84-320x202.jpg 320w, https:\/\/afc.cat\/wp-content\/uploads\/2024\/04\/38-PERE-GRAUPERA-LANGA-84-700x441.jpg 700w\" sizes=\"(max-width: 320px) 100vw, 320px\" \/><\/a><\/div><\/div><div style=\"padding:5px;\" class=\"fusion-grid-column fusion-gallery-column fusion-gallery-column-6 hover-type-zoomin\"><div class=\"fusion-gallery-image\"><a href=\"https:\/\/afc.cat\/wp-content\/uploads\/2024\/04\/39-Albert-Bolea-Noya-75.jpg\" data-title=\"39 &#8211; Albert Bolea Noya &#8211; 75\" title=\"39 &#8211; Albert Bolea Noya &#8211; 75\" rel=\"noreferrer\" data-rel=\"iLightbox[gallery_image_2]\" class=\"fusion-lightbox\" target=\"_self\"><img decoding=\"async\" src=\"https:\/\/afc.cat\/wp-content\/uploads\/2024\/04\/39-Albert-Bolea-Noya-75-320x202.jpg\" width=\"320\" height=\"202\" alt=\"\" title=\"39 &#8211; Albert Bolea Noya &#8211; 75\" aria-label=\"39 &#8211; Albert Bolea Noya &#8211; 75\" class=\"img-responsive wp-image-38275 fusion-gallery-image-size-fixed\" srcset=\"https:\/\/afc.cat\/wp-content\/uploads\/2024\/04\/39-Albert-Bolea-Noya-75-320x202.jpg 320w, https:\/\/afc.cat\/wp-content\/uploads\/2024\/04\/39-Albert-Bolea-Noya-75-700x441.jpg 700w\" sizes=\"(max-width: 320px) 100vw, 320px\" \/><\/a><\/div><\/div><\/div><div class=\"fusion-separator fusion-full-width-sep\" style=\"align-self: center;margin-left: auto;margin-right: auto;margin-top:20px;margin-bottom:20px;width:100%;\"><div class=\"fusion-separator-border sep-single sep-solid\" style=\"border-color:#3ec0bf;border-top-width:1px;\"><\/div><\/div><div style=\"text-align:center;\"><style>.fusion-button.button-1{border-radius:4px 4px 4px 4px;}<\/style><a class=\"fusion-button button-flat fusion-button-default-size button-default button-1 fusion-button-default-span fusion-button-default-type\" target=\"_self\" href=\"https:\/\/afc.cat\/es\/galerias\/\"><span class=\"fusion-button-text\">Vuelve a GALER\u00cdAS<\/span><\/a><\/div><\/div><style type=\"text\/css\">.fusion-body .fusion-builder-column-0{width:100% !important;margin-top : 0px;margin-bottom : 20px;}.fusion-builder-column-0 > .fusion-column-wrapper {padding-top : 0px !important;padding-right : 0px !important;margin-right : 1.92%;padding-bottom : 0px !important;padding-left : 0px !important;margin-left : 1.92%;}@media only screen and (max-width:1024px) {.fusion-body .fusion-builder-column-0{width:100% !important;order : 0;}.fusion-builder-column-0 > .fusion-column-wrapper {margin-right : 1.92%;margin-left : 1.92%;}}@media only screen and (max-width:640px) {.fusion-body .fusion-builder-column-0{width:100% !important;order : 0;}.fusion-builder-column-0 > .fusion-column-wrapper {margin-right : 1.92%;margin-left : 1.92%;}}<\/style><\/div><\/div><style type=\"text\/css\">.fusion-body .fusion-flex-container.fusion-builder-row-1{ padding-top : 0px;margin-top : 0px;padding-right : 0px;padding-bottom : 0px;margin-bottom : 0px;padding-left : 0px;}<\/style><\/div>\n","protected":false},"excerpt":{"rendered":"","protected":false},"author":33,"featured_media":38117,"menu_order":0,"comment_status":"open","ping_status":"closed","template":"","format":"standard","meta":{"_acf_changed":false,"footnotes":""},"portfolio_category":[158],"portfolio_skills":[],"portfolio_tags":[],"class_list":["post-38229","avada_portfolio","type-avada_portfolio","status-publish","format-standard","has-post-thumbnail","hentry","portfolio_category-concursos-es"],"acf":[],"yoast_head":"<!-- This site is optimized with the Yoast SEO plugin v27.5 - https:\/\/yoast.com\/product\/yoast-seo-wordpress\/ -->\n<title>Clasificaci\u00f3n concurso Temes Obligats 2023-2024 ABRIL - Agrupaci\u00f3 Fotogr\u00e0fica de Catalunya<\/title>\n<meta name=\"robots\" content=\"index, follow, max-snippet:-1, max-image-preview:large, max-video-preview:-1\" \/>\n<link rel=\"canonical\" href=\"https:\/\/afc.cat\/es\/galeria\/clasificacion-concurso-temes-obligats-2023-2024-abril\/\" \/>\n<meta property=\"og:locale\" content=\"es_ES\" \/>\n<meta property=\"og:type\" content=\"article\" \/>\n<meta property=\"og:title\" content=\"Clasificaci\u00f3n concurso Temes Obligats 2023-2024 ABRIL - Agrupaci\u00f3 Fotogr\u00e0fica de Catalunya\" \/>\n<meta property=\"og:url\" content=\"https:\/\/afc.cat\/es\/galeria\/clasificacion-concurso-temes-obligats-2023-2024-abril\/\" \/>\n<meta property=\"og:site_name\" content=\"Agrupaci\u00f3 Fotogr\u00e0fica de Catalunya\" \/>\n<meta property=\"article:modified_time\" content=\"2024-04-29T12:24:17+00:00\" \/>\n<meta property=\"og:image\" content=\"https:\/\/afc.cat\/wp-content\/uploads\/2024\/04\/TEMES-OBLIGATSABRIL-ESP.jpg\" \/>\n\t<meta property=\"og:image:width\" content=\"400\" \/>\n\t<meta property=\"og:image:height\" content=\"265\" \/>\n\t<meta property=\"og:image:type\" content=\"image\/jpeg\" \/>\n<meta name=\"twitter:card\" content=\"summary_large_image\" \/>\n<meta name=\"twitter:label1\" content=\"Tiempo de lectura\" \/>\n\t<meta name=\"twitter:data1\" content=\"7 minutos\" \/>\n<script type=\"application\/ld+json\" class=\"yoast-schema-graph\">{\"@context\":\"https:\\\/\\\/schema.org\",\"@graph\":[{\"@type\":\"WebPage\",\"@id\":\"https:\\\/\\\/afc.cat\\\/es\\\/galeria\\\/clasificacion-concurso-temes-obligats-2023-2024-abril\\\/\",\"url\":\"https:\\\/\\\/afc.cat\\\/es\\\/galeria\\\/clasificacion-concurso-temes-obligats-2023-2024-abril\\\/\",\"name\":\"Clasificaci\u00f3n concurso Temes Obligats 2023-2024 ABRIL - Agrupaci\u00f3 Fotogr\u00e0fica de Catalunya\",\"isPartOf\":{\"@id\":\"https:\\\/\\\/afc.cat\\\/es\\\/#website\"},\"primaryImageOfPage\":{\"@id\":\"https:\\\/\\\/afc.cat\\\/es\\\/galeria\\\/clasificacion-concurso-temes-obligats-2023-2024-abril\\\/#primaryimage\"},\"image\":{\"@id\":\"https:\\\/\\\/afc.cat\\\/es\\\/galeria\\\/clasificacion-concurso-temes-obligats-2023-2024-abril\\\/#primaryimage\"},\"thumbnailUrl\":\"https:\\\/\\\/afc.cat\\\/wp-content\\\/uploads\\\/2024\\\/04\\\/TEMES-OBLIGATSABRIL-ESP.jpg\",\"datePublished\":\"2024-04-29T12:02:53+00:00\",\"dateModified\":\"2024-04-29T12:24:17+00:00\",\"breadcrumb\":{\"@id\":\"https:\\\/\\\/afc.cat\\\/es\\\/galeria\\\/clasificacion-concurso-temes-obligats-2023-2024-abril\\\/#breadcrumb\"},\"inLanguage\":\"es\",\"potentialAction\":[{\"@type\":\"ReadAction\",\"target\":[\"https:\\\/\\\/afc.cat\\\/es\\\/galeria\\\/clasificacion-concurso-temes-obligats-2023-2024-abril\\\/\"]}]},{\"@type\":\"ImageObject\",\"inLanguage\":\"es\",\"@id\":\"https:\\\/\\\/afc.cat\\\/es\\\/galeria\\\/clasificacion-concurso-temes-obligats-2023-2024-abril\\\/#primaryimage\",\"url\":\"https:\\\/\\\/afc.cat\\\/wp-content\\\/uploads\\\/2024\\\/04\\\/TEMES-OBLIGATSABRIL-ESP.jpg\",\"contentUrl\":\"https:\\\/\\\/afc.cat\\\/wp-content\\\/uploads\\\/2024\\\/04\\\/TEMES-OBLIGATSABRIL-ESP.jpg\",\"width\":400,\"height\":265},{\"@type\":\"BreadcrumbList\",\"@id\":\"https:\\\/\\\/afc.cat\\\/es\\\/galeria\\\/clasificacion-concurso-temes-obligats-2023-2024-abril\\\/#breadcrumb\",\"itemListElement\":[{\"@type\":\"ListItem\",\"position\":1,\"name\":\"Inicio\",\"item\":\"https:\\\/\\\/afc.cat\\\/es\\\/\"},{\"@type\":\"ListItem\",\"position\":2,\"name\":\"Portfolio\",\"item\":\"https:\\\/\\\/afc.cat\\\/galeria\\\/\"},{\"@type\":\"ListItem\",\"position\":3,\"name\":\"Clasificaci\u00f3n concurso Temes Obligats 2023-2024 ABRIL\"}]},{\"@type\":\"WebSite\",\"@id\":\"https:\\\/\\\/afc.cat\\\/es\\\/#website\",\"url\":\"https:\\\/\\\/afc.cat\\\/es\\\/\",\"name\":\"Agrupaci\u00f3 Fotogr\u00e0fica de Catalunya\",\"description\":\"Fomento y divulgaci\u00f3n de la fotograf\u00eda en todas sus variedades\",\"potentialAction\":[{\"@type\":\"SearchAction\",\"target\":{\"@type\":\"EntryPoint\",\"urlTemplate\":\"https:\\\/\\\/afc.cat\\\/es\\\/?s={search_term_string}\"},\"query-input\":{\"@type\":\"PropertyValueSpecification\",\"valueRequired\":true,\"valueName\":\"search_term_string\"}}],\"inLanguage\":\"es\"}]}<\/script>\n<!-- \/ Yoast SEO plugin. -->","yoast_head_json":{"title":"Clasificaci\u00f3n concurso Temes Obligats 2023-2024 ABRIL - Agrupaci\u00f3 Fotogr\u00e0fica de Catalunya","robots":{"index":"index","follow":"follow","max-snippet":"max-snippet:-1","max-image-preview":"max-image-preview:large","max-video-preview":"max-video-preview:-1"},"canonical":"https:\/\/afc.cat\/es\/galeria\/clasificacion-concurso-temes-obligats-2023-2024-abril\/","og_locale":"es_ES","og_type":"article","og_title":"Clasificaci\u00f3n concurso Temes Obligats 2023-2024 ABRIL - Agrupaci\u00f3 Fotogr\u00e0fica de Catalunya","og_url":"https:\/\/afc.cat\/es\/galeria\/clasificacion-concurso-temes-obligats-2023-2024-abril\/","og_site_name":"Agrupaci\u00f3 Fotogr\u00e0fica de Catalunya","article_modified_time":"2024-04-29T12:24:17+00:00","og_image":[{"width":400,"height":265,"url":"https:\/\/afc.cat\/wp-content\/uploads\/2024\/04\/TEMES-OBLIGATSABRIL-ESP.jpg","type":"image\/jpeg"}],"twitter_card":"summary_large_image","twitter_misc":{"Tiempo de lectura":"7 minutos"},"schema":{"@context":"https:\/\/schema.org","@graph":[{"@type":"WebPage","@id":"https:\/\/afc.cat\/es\/galeria\/clasificacion-concurso-temes-obligats-2023-2024-abril\/","url":"https:\/\/afc.cat\/es\/galeria\/clasificacion-concurso-temes-obligats-2023-2024-abril\/","name":"Clasificaci\u00f3n concurso Temes Obligats 2023-2024 ABRIL - Agrupaci\u00f3 Fotogr\u00e0fica de Catalunya","isPartOf":{"@id":"https:\/\/afc.cat\/es\/#website"},"primaryImageOfPage":{"@id":"https:\/\/afc.cat\/es\/galeria\/clasificacion-concurso-temes-obligats-2023-2024-abril\/#primaryimage"},"image":{"@id":"https:\/\/afc.cat\/es\/galeria\/clasificacion-concurso-temes-obligats-2023-2024-abril\/#primaryimage"},"thumbnailUrl":"https:\/\/afc.cat\/wp-content\/uploads\/2024\/04\/TEMES-OBLIGATSABRIL-ESP.jpg","datePublished":"2024-04-29T12:02:53+00:00","dateModified":"2024-04-29T12:24:17+00:00","breadcrumb":{"@id":"https:\/\/afc.cat\/es\/galeria\/clasificacion-concurso-temes-obligats-2023-2024-abril\/#breadcrumb"},"inLanguage":"es","potentialAction":[{"@type":"ReadAction","target":["https:\/\/afc.cat\/es\/galeria\/clasificacion-concurso-temes-obligats-2023-2024-abril\/"]}]},{"@type":"ImageObject","inLanguage":"es","@id":"https:\/\/afc.cat\/es\/galeria\/clasificacion-concurso-temes-obligats-2023-2024-abril\/#primaryimage","url":"https:\/\/afc.cat\/wp-content\/uploads\/2024\/04\/TEMES-OBLIGATSABRIL-ESP.jpg","contentUrl":"https:\/\/afc.cat\/wp-content\/uploads\/2024\/04\/TEMES-OBLIGATSABRIL-ESP.jpg","width":400,"height":265},{"@type":"BreadcrumbList","@id":"https:\/\/afc.cat\/es\/galeria\/clasificacion-concurso-temes-obligats-2023-2024-abril\/#breadcrumb","itemListElement":[{"@type":"ListItem","position":1,"name":"Inicio","item":"https:\/\/afc.cat\/es\/"},{"@type":"ListItem","position":2,"name":"Portfolio","item":"https:\/\/afc.cat\/galeria\/"},{"@type":"ListItem","position":3,"name":"Clasificaci\u00f3n concurso Temes Obligats 2023-2024 ABRIL"}]},{"@type":"WebSite","@id":"https:\/\/afc.cat\/es\/#website","url":"https:\/\/afc.cat\/es\/","name":"Agrupaci\u00f3 Fotogr\u00e0fica de Catalunya","description":"Fomento y divulgaci\u00f3n de la fotograf\u00eda en todas sus variedades","potentialAction":[{"@type":"SearchAction","target":{"@type":"EntryPoint","urlTemplate":"https:\/\/afc.cat\/es\/?s={search_term_string}"},"query-input":{"@type":"PropertyValueSpecification","valueRequired":true,"valueName":"search_term_string"}}],"inLanguage":"es"}]}},"_links":{"self":[{"href":"https:\/\/afc.cat\/es\/wp-json\/wp\/v2\/avada_portfolio\/38229","targetHints":{"allow":["GET"]}}],"collection":[{"href":"https:\/\/afc.cat\/es\/wp-json\/wp\/v2\/avada_portfolio"}],"about":[{"href":"https:\/\/afc.cat\/es\/wp-json\/wp\/v2\/types\/avada_portfolio"}],"author":[{"embeddable":true,"href":"https:\/\/afc.cat\/es\/wp-json\/wp\/v2\/users\/33"}],"replies":[{"embeddable":true,"href":"https:\/\/afc.cat\/es\/wp-json\/wp\/v2\/comments?post=38229"}],"version-history":[{"count":4,"href":"https:\/\/afc.cat\/es\/wp-json\/wp\/v2\/avada_portfolio\/38229\/revisions"}],"predecessor-version":[{"id":38281,"href":"https:\/\/afc.cat\/es\/wp-json\/wp\/v2\/avada_portfolio\/38229\/revisions\/38281"}],"wp:featuredmedia":[{"embeddable":true,"href":"https:\/\/afc.cat\/es\/wp-json\/wp\/v2\/media\/38117"}],"wp:attachment":[{"href":"https:\/\/afc.cat\/es\/wp-json\/wp\/v2\/media?parent=38229"}],"wp:term":[{"taxonomy":"portfolio_category","embeddable":true,"href":"https:\/\/afc.cat\/es\/wp-json\/wp\/v2\/portfolio_category?post=38229"},{"taxonomy":"portfolio_skills","embeddable":true,"href":"https:\/\/afc.cat\/es\/wp-json\/wp\/v2\/portfolio_skills?post=38229"},{"taxonomy":"portfolio_tags","embeddable":true,"href":"https:\/\/afc.cat\/es\/wp-json\/wp\/v2\/portfolio_tags?post=38229"}],"curies":[{"name":"wp","href":"https:\/\/api.w.org\/{rel}","templated":true}]}}