{"id":40378,"date":"2024-12-03T18:52:26","date_gmt":"2024-12-03T16:52:26","guid":{"rendered":"https:\/\/afc.cat\/?post_type=avada_portfolio&#038;p=40378"},"modified":"2024-12-03T20:52:03","modified_gmt":"2024-12-03T18:52:03","slug":"clasificacion-concurso-temes-obligats-2024-2025-noviembre","status":"publish","type":"avada_portfolio","link":"https:\/\/afc.cat\/es\/galeria\/clasificacion-concurso-temes-obligats-2024-2025-noviembre\/","title":{"rendered":"Clasificaci\u00f3n concurso Temes Obligats 2024-2025 NOVIEMBRE"},"content":{"rendered":"<div class=\"fusion-fullwidth fullwidth-box fusion-builder-row-1 fusion-flex-container nonhundred-percent-fullwidth non-hundred-percent-height-scrolling\" style=\"background-color: rgba(255,255,255,0);background-position: center center;background-repeat: no-repeat;border-width: 0px 0px 0px 0px;border-color:#ffffff;border-style:solid;\" ><div class=\"fusion-builder-row fusion-row fusion-flex-align-items-flex-start\" style=\"max-width:1300px;margin-left: calc(-4% \/ 2 );margin-right: calc(-4% \/ 2 );\"><div class=\"fusion-layout-column fusion_builder_column fusion-builder-column-0 fusion_builder_column_1_1 1_1 fusion-flex-column\"><div class=\"fusion-column-wrapper fusion-flex-justify-content-flex-start fusion-content-layout-column\" style=\"background-position:left top;background-repeat:no-repeat;-webkit-background-size:cover;-moz-background-size:cover;-o-background-size:cover;background-size:cover;padding: 0px 0px 0px 0px;\"><div class=\"fusion-text fusion-text-1\"><h2 style=\"text-align: center;\">Tema Obligado NOVIEMBRE 2024<\/h2>\n<h3 style=\"text-align: center;\">LLUMS DE TARDOR (Luces de Oto\u00f1o)<\/h3>\n<\/div><div class=\"fusion-text fusion-text-2\"><p>El pasado viernes\u00a0 23 de noviembre se procedi\u00f3 a la valoraci\u00f3n del jurado de las fotograf\u00edas de los socios y socias que participaron en el concurso social de la Agrupaci\u00f3n <a href=\"https:\/\/afc.cat\/es\/concursos-sociales\/\">\u00a0\u00abTemes obligats\u00bb<\/a>.<\/p>\n<p>Como ya sab\u00e9is, el tema va cambiando cada mes y el tema de este mes de<strong> noviembre\u00a0de 2024<\/strong> ha sido: \u00ab<strong>Luces de oto\u00f1o<\/strong>\u00bb<\/p>\n<p><strong>GANADORES DEL MES DE NOVIEMBRE<\/strong><\/p>\n<p><strong><u>Categor\u00eda Monocromo<\/u><\/strong><\/p>\n<p><strong>1<\/strong>\u00a0\u2013 Josep Alonso \u2013 116 punts<br \/>\n<strong>2<\/strong>\u00a0\u2013 Teresa Tejero\u00a0 \u2013 116 punts<br \/>\n<strong>3<\/strong>\u00a0\u2013 Merc\u00e8 Rios \u2013 116 punts<\/p>\n<p><strong><u>Categor\u00eda Color<\/u><\/strong><\/p>\n<p><strong>1<\/strong>\u00a0\u2013 Josep Alonso \u2013 119 punts<br \/>\n<strong>2<\/strong>\u00a0\u2013 Sergi Marcen \u2013 115 punts<br \/>\n<strong>3<\/strong>\u00a0\u2013 Miquel Cabr\u00e9 \u2013 113 punts<\/p>\n<p><strong><u>Jurado<\/u><\/strong><\/p>\n<p>Manuel Atxa<br \/>\nJacint Guiteras<br \/>\nJosep Llu\u00eds Soucheiron<\/p>\n<p>Continuamos animando a los socios y socias a participar, siempre se una buena excusa para hacer aquello que m\u00e1s nos gusta, coger la c\u00e1mara y hacer \u00abclic\u00bb.<\/p>\n<p><strong>Maxim Poncela<br \/>\n<\/strong>Vocalia Concursos<\/p>\n<\/div><div class=\"fusion-separator fusion-full-width-sep\" style=\"align-self: center;margin-left: auto;margin-right: auto;margin-bottom:20px;width:100%;\"><div class=\"fusion-separator-border sep-single sep-solid\" style=\"border-color:#3ec0bf;border-top-width:1px;\"><\/div><\/div><div class=\"fusion-text fusion-text-3\"><p style=\"text-align: center;\"><strong>PUNTUACI\u00d3N\u00a0 MONOCROMO<\/strong><\/p>\n<\/div><div style=\"text-align:center;\"><style>.fusion-imageframe.imageframe-1{ margin-bottom : 5%;}<\/style><span class=\" fusion-imageframe imageframe-none imageframe-1 hover-type-zoomin\"><img decoding=\"async\" width=\"845\" height=\"1230\" title=\"TO-24-25-NOVEMBRE-BN-1\" src=\"https:\/\/afc.cat\/wp-content\/uploads\/2024\/12\/TO-24-25-NOVEMBRE-BN-1.jpg\" alt class=\"img-responsive wp-image-40374\" srcset=\"https:\/\/afc.cat\/wp-content\/uploads\/2024\/12\/TO-24-25-NOVEMBRE-BN-1-200x291.jpg 200w, https:\/\/afc.cat\/wp-content\/uploads\/2024\/12\/TO-24-25-NOVEMBRE-BN-1-400x582.jpg 400w, https:\/\/afc.cat\/wp-content\/uploads\/2024\/12\/TO-24-25-NOVEMBRE-BN-1-600x873.jpg 600w, https:\/\/afc.cat\/wp-content\/uploads\/2024\/12\/TO-24-25-NOVEMBRE-BN-1-800x1164.jpg 800w, https:\/\/afc.cat\/wp-content\/uploads\/2024\/12\/TO-24-25-NOVEMBRE-BN-1.jpg 845w\" sizes=\"(max-width: 640px) 100vw, 845px\" \/><\/span><\/div><div class=\"fusion-text fusion-text-4\"><p style=\"text-align: center;\"><strong>Clasificaci\u00f3n monocromo<\/strong><\/p>\n<\/div><style type=\"text\/css\">.fusion-gallery-1 .fusion-gallery-image {border:0px solid #e2e2e2;}<\/style><div class=\"fusion-gallery fusion-gallery-container fusion-grid-6 fusion-columns-total-39 fusion-gallery-layout-grid fusion-gallery-1\" style=\"margin:-5px;\"><div style=\"padding:5px;\" class=\"fusion-grid-column fusion-gallery-column fusion-gallery-column-6 hover-type-zoomin\"><div class=\"fusion-gallery-image\"><a href=\"https:\/\/afc.cat\/wp-content\/uploads\/2024\/12\/1-Merce-Rios-Bejar-117-Fruits-de-Tardor-Merce-Rios-PA150348.jpg\" data-title=\"1 &#8211; Merc\u00e8 R\u00edos Bejar &#8211; 117 &#8211; Fruits de Tardor-Merce Rios-PA150348\" title=\"1 &#8211; Merc\u00e8 R\u00edos Bejar &#8211; 117 &#8211; Fruits de Tardor-Merce Rios-PA150348\" rel=\"noreferrer\" data-rel=\"iLightbox[gallery_image_1]\" class=\"fusion-lightbox\" target=\"_self\"><img decoding=\"async\" src=\"https:\/\/afc.cat\/wp-content\/uploads\/2024\/12\/1-Merce-Rios-Bejar-117-Fruits-de-Tardor-Merce-Rios-PA150348-320x202.jpg\" width=\"320\" height=\"202\" alt=\"\" title=\"1 &#8211; Merc\u00e8 R\u00edos Bejar &#8211; 117 &#8211; Fruits de Tardor-Merce Rios-PA150348\" aria-label=\"1 &#8211; Merc\u00e8 R\u00edos Bejar &#8211; 117 &#8211; Fruits de Tardor-Merce Rios-PA150348\" class=\"img-responsive wp-image-40296 fusion-gallery-image-size-fixed\" srcset=\"https:\/\/afc.cat\/wp-content\/uploads\/2024\/12\/1-Merce-Rios-Bejar-117-Fruits-de-Tardor-Merce-Rios-PA150348-320x202.jpg 320w, https:\/\/afc.cat\/wp-content\/uploads\/2024\/12\/1-Merce-Rios-Bejar-117-Fruits-de-Tardor-Merce-Rios-PA150348-700x441.jpg 700w\" sizes=\"(max-width: 320px) 100vw, 320px\" \/><\/a><\/div><\/div><div style=\"padding:5px;\" class=\"fusion-grid-column fusion-gallery-column fusion-gallery-column-6 hover-type-zoomin\"><div class=\"fusion-gallery-image\"><a href=\"https:\/\/afc.cat\/wp-content\/uploads\/2024\/12\/2-Josep-Alonso-Gonzalez-116-Carres-mullats.jpg\" data-title=\"2 &#8211; Josep Alonso Gonzalez &#8211; 116 &#8211; Carres mullats\" title=\"2 &#8211; Josep Alonso Gonzalez &#8211; 116 &#8211; Carres mullats\" rel=\"noreferrer\" data-rel=\"iLightbox[gallery_image_1]\" class=\"fusion-lightbox\" target=\"_self\"><img decoding=\"async\" src=\"https:\/\/afc.cat\/wp-content\/uploads\/2024\/12\/2-Josep-Alonso-Gonzalez-116-Carres-mullats-320x202.jpg\" width=\"320\" height=\"202\" alt=\"\" title=\"2 &#8211; Josep Alonso Gonzalez &#8211; 116 &#8211; Carres mullats\" aria-label=\"2 &#8211; Josep Alonso Gonzalez &#8211; 116 &#8211; Carres mullats\" class=\"img-responsive wp-image-40298 fusion-gallery-image-size-fixed\" \/><\/a><\/div><\/div><div style=\"padding:5px;\" class=\"fusion-grid-column fusion-gallery-column fusion-gallery-column-6 hover-type-zoomin\"><div class=\"fusion-gallery-image\"><a href=\"https:\/\/afc.cat\/wp-content\/uploads\/2024\/12\/3-Teresa-Tejero-Lopez-115-Les-Feuilles-mortes.jpg\" data-title=\"3 &#8211; Teresa Tejero Lopez &#8211; 115 &#8211; Les Feuilles mortes\" title=\"3 &#8211; Teresa Tejero Lopez &#8211; 115 &#8211; Les Feuilles mortes\" rel=\"noreferrer\" data-rel=\"iLightbox[gallery_image_1]\" class=\"fusion-lightbox\" target=\"_self\"><img decoding=\"async\" src=\"https:\/\/afc.cat\/wp-content\/uploads\/2024\/12\/3-Teresa-Tejero-Lopez-115-Les-Feuilles-mortes-320x202.jpg\" width=\"320\" height=\"202\" alt=\"\" title=\"3 &#8211; Teresa Tejero Lopez &#8211; 115 &#8211; Les Feuilles mortes\" aria-label=\"3 &#8211; Teresa Tejero Lopez &#8211; 115 &#8211; Les Feuilles mortes\" class=\"img-responsive wp-image-40300 fusion-gallery-image-size-fixed\" srcset=\"https:\/\/afc.cat\/wp-content\/uploads\/2024\/12\/3-Teresa-Tejero-Lopez-115-Les-Feuilles-mortes-320x202.jpg 320w, https:\/\/afc.cat\/wp-content\/uploads\/2024\/12\/3-Teresa-Tejero-Lopez-115-Les-Feuilles-mortes-700x441.jpg 700w\" sizes=\"(max-width: 320px) 100vw, 320px\" \/><\/a><\/div><\/div><div style=\"padding:5px;\" class=\"fusion-grid-column fusion-gallery-column fusion-gallery-column-6 hover-type-zoomin\"><div class=\"fusion-gallery-image\"><a href=\"https:\/\/afc.cat\/wp-content\/uploads\/2024\/12\/4-XAVIER-RICOL-DOLSET-114-SOL-BAIX.jpg\" data-title=\"4 &#8211; XAVIER RICOL DOLSET &#8211; 114 &#8211; SOL BAIX\" title=\"4 &#8211; XAVIER RICOL DOLSET &#8211; 114 &#8211; SOL BAIX\" rel=\"noreferrer\" data-rel=\"iLightbox[gallery_image_1]\" class=\"fusion-lightbox\" target=\"_self\"><img decoding=\"async\" src=\"https:\/\/afc.cat\/wp-content\/uploads\/2024\/12\/4-XAVIER-RICOL-DOLSET-114-SOL-BAIX-320x202.jpg\" width=\"320\" height=\"202\" alt=\"\" title=\"4 &#8211; XAVIER RICOL DOLSET &#8211; 114 &#8211; SOL BAIX\" aria-label=\"4 &#8211; XAVIER RICOL DOLSET &#8211; 114 &#8211; SOL BAIX\" class=\"img-responsive wp-image-40302 fusion-gallery-image-size-fixed\" srcset=\"https:\/\/afc.cat\/wp-content\/uploads\/2024\/12\/4-XAVIER-RICOL-DOLSET-114-SOL-BAIX-320x202.jpg 320w, https:\/\/afc.cat\/wp-content\/uploads\/2024\/12\/4-XAVIER-RICOL-DOLSET-114-SOL-BAIX-700x441.jpg 700w\" sizes=\"(max-width: 320px) 100vw, 320px\" \/><\/a><\/div><\/div><div style=\"padding:5px;\" class=\"fusion-grid-column fusion-gallery-column fusion-gallery-column-6 hover-type-zoomin\"><div class=\"fusion-gallery-image\"><a href=\"https:\/\/afc.cat\/wp-content\/uploads\/2024\/12\/5-Nuria-Noguera-German-113-Presumit.jpg\" data-title=\"5 &#8211; N\u00faria Noguera German &#8211; 113 &#8211; Presumit!\" title=\"5 &#8211; N\u00faria Noguera German &#8211; 113 &#8211; Presumit!\" rel=\"noreferrer\" data-rel=\"iLightbox[gallery_image_1]\" class=\"fusion-lightbox\" target=\"_self\"><img decoding=\"async\" src=\"https:\/\/afc.cat\/wp-content\/uploads\/2024\/12\/5-Nuria-Noguera-German-113-Presumit-320x202.jpg\" width=\"320\" height=\"202\" alt=\"\" title=\"5 &#8211; N\u00faria Noguera German &#8211; 113 &#8211; Presumit!\" aria-label=\"5 &#8211; N\u00faria Noguera German &#8211; 113 &#8211; Presumit!\" class=\"img-responsive wp-image-40304 fusion-gallery-image-size-fixed\" srcset=\"https:\/\/afc.cat\/wp-content\/uploads\/2024\/12\/5-Nuria-Noguera-German-113-Presumit-320x202.jpg 320w, https:\/\/afc.cat\/wp-content\/uploads\/2024\/12\/5-Nuria-Noguera-German-113-Presumit-700x441.jpg 700w\" sizes=\"(max-width: 320px) 100vw, 320px\" \/><\/a><\/div><\/div><div style=\"padding:5px;\" class=\"fusion-grid-column fusion-gallery-column fusion-gallery-column-6 hover-type-zoomin\"><div class=\"fusion-gallery-image\"><a href=\"https:\/\/afc.cat\/wp-content\/uploads\/2024\/12\/6-Joan-Soldevila-Adan-113-Tardor-al-bosc.jpg\" data-title=\"6 &#8211; Joan Soldevila Ad\u00e1n &#8211; 113 &#8211; Tardor al bosc\" title=\"6 &#8211; Joan Soldevila Ad\u00e1n &#8211; 113 &#8211; Tardor al bosc\" rel=\"noreferrer\" data-rel=\"iLightbox[gallery_image_1]\" class=\"fusion-lightbox\" target=\"_self\"><img decoding=\"async\" src=\"https:\/\/afc.cat\/wp-content\/uploads\/2024\/12\/6-Joan-Soldevila-Adan-113-Tardor-al-bosc-320x202.jpg\" width=\"320\" height=\"202\" alt=\"\" title=\"6 &#8211; Joan Soldevila Ad\u00e1n &#8211; 113 &#8211; Tardor al bosc\" aria-label=\"6 &#8211; Joan Soldevila Ad\u00e1n &#8211; 113 &#8211; Tardor al bosc\" class=\"img-responsive wp-image-40306 fusion-gallery-image-size-fixed\" srcset=\"https:\/\/afc.cat\/wp-content\/uploads\/2024\/12\/6-Joan-Soldevila-Adan-113-Tardor-al-bosc-320x202.jpg 320w, https:\/\/afc.cat\/wp-content\/uploads\/2024\/12\/6-Joan-Soldevila-Adan-113-Tardor-al-bosc-638x400.jpg 638w\" sizes=\"(max-width: 320px) 100vw, 320px\" \/><\/a><\/div><\/div><div class=\"clearfix\"><\/div><div style=\"padding:5px;\" class=\"fusion-grid-column fusion-gallery-column fusion-gallery-column-6 hover-type-zoomin\"><div class=\"fusion-gallery-image\"><a href=\"https:\/\/afc.cat\/wp-content\/uploads\/2024\/12\/7-Alfons-Ruiz-Gasulla-112-Tardor.jpg\" data-title=\"7 &#8211; Alfons Ruiz Gasulla &#8211; 112 &#8211; Tardor\" title=\"7 &#8211; Alfons Ruiz Gasulla &#8211; 112 &#8211; Tardor\" rel=\"noreferrer\" data-rel=\"iLightbox[gallery_image_1]\" class=\"fusion-lightbox\" target=\"_self\"><img decoding=\"async\" src=\"https:\/\/afc.cat\/wp-content\/uploads\/2024\/12\/7-Alfons-Ruiz-Gasulla-112-Tardor-320x202.jpg\" width=\"320\" height=\"202\" alt=\"\" title=\"7 &#8211; Alfons Ruiz Gasulla &#8211; 112 &#8211; Tardor\" aria-label=\"7 &#8211; Alfons Ruiz Gasulla &#8211; 112 &#8211; Tardor\" class=\"img-responsive wp-image-40308 fusion-gallery-image-size-fixed\" srcset=\"https:\/\/afc.cat\/wp-content\/uploads\/2024\/12\/7-Alfons-Ruiz-Gasulla-112-Tardor-320x202.jpg 320w, https:\/\/afc.cat\/wp-content\/uploads\/2024\/12\/7-Alfons-Ruiz-Gasulla-112-Tardor-700x441.jpg 700w\" sizes=\"(max-width: 320px) 100vw, 320px\" \/><\/a><\/div><\/div><div style=\"padding:5px;\" class=\"fusion-grid-column fusion-gallery-column fusion-gallery-column-6 hover-type-zoomin\"><div class=\"fusion-gallery-image\"><a href=\"https:\/\/afc.cat\/wp-content\/uploads\/2024\/12\/8-Francisco-Olmos-Cubero-112-Tardor-Anologic.jpg\" data-title=\"8 &#8211; Francisco Olmos Cubero &#8211; 112 &#8211; Tardor Anologic\" title=\"8 &#8211; Francisco Olmos Cubero &#8211; 112 &#8211; Tardor Anologic\" rel=\"noreferrer\" data-rel=\"iLightbox[gallery_image_1]\" class=\"fusion-lightbox\" target=\"_self\"><img decoding=\"async\" src=\"https:\/\/afc.cat\/wp-content\/uploads\/2024\/12\/8-Francisco-Olmos-Cubero-112-Tardor-Anologic-320x202.jpg\" width=\"320\" height=\"202\" alt=\"\" title=\"8 &#8211; Francisco Olmos Cubero &#8211; 112 &#8211; Tardor Anologic\" aria-label=\"8 &#8211; Francisco Olmos Cubero &#8211; 112 &#8211; Tardor Anologic\" class=\"img-responsive wp-image-40310 fusion-gallery-image-size-fixed\" srcset=\"https:\/\/afc.cat\/wp-content\/uploads\/2024\/12\/8-Francisco-Olmos-Cubero-112-Tardor-Anologic-320x202.jpg 320w, https:\/\/afc.cat\/wp-content\/uploads\/2024\/12\/8-Francisco-Olmos-Cubero-112-Tardor-Anologic-700x441.jpg 700w\" sizes=\"(max-width: 320px) 100vw, 320px\" \/><\/a><\/div><\/div><div style=\"padding:5px;\" class=\"fusion-grid-column fusion-gallery-column fusion-gallery-column-6 hover-type-zoomin\"><div class=\"fusion-gallery-image\"><a href=\"https:\/\/afc.cat\/wp-content\/uploads\/2024\/12\/9-Dolors-Ventura-Canellas-111-BOSC-EN-MOVIMENT.jpg\" data-title=\"9 &#8211; Dolors Ventura Ca\u00f1ellas &#8211; 111 &#8211; BOSC EN MOVIMENT\" title=\"9 &#8211; Dolors Ventura Ca\u00f1ellas &#8211; 111 &#8211; BOSC EN MOVIMENT\" rel=\"noreferrer\" data-rel=\"iLightbox[gallery_image_1]\" class=\"fusion-lightbox\" target=\"_self\"><img decoding=\"async\" src=\"https:\/\/afc.cat\/wp-content\/uploads\/2024\/12\/9-Dolors-Ventura-Canellas-111-BOSC-EN-MOVIMENT-320x202.jpg\" width=\"320\" height=\"202\" alt=\"\" title=\"9 &#8211; Dolors Ventura Ca\u00f1ellas &#8211; 111 &#8211; BOSC EN MOVIMENT\" aria-label=\"9 &#8211; Dolors Ventura Ca\u00f1ellas &#8211; 111 &#8211; BOSC EN MOVIMENT\" class=\"img-responsive wp-image-40312 fusion-gallery-image-size-fixed\" srcset=\"https:\/\/afc.cat\/wp-content\/uploads\/2024\/12\/9-Dolors-Ventura-Canellas-111-BOSC-EN-MOVIMENT-320x202.jpg 320w, https:\/\/afc.cat\/wp-content\/uploads\/2024\/12\/9-Dolors-Ventura-Canellas-111-BOSC-EN-MOVIMENT-700x441.jpg 700w\" sizes=\"(max-width: 320px) 100vw, 320px\" \/><\/a><\/div><\/div><div style=\"padding:5px;\" class=\"fusion-grid-column fusion-gallery-column fusion-gallery-column-6 hover-type-zoomin\"><div class=\"fusion-gallery-image\"><a href=\"https:\/\/afc.cat\/wp-content\/uploads\/2024\/12\/10-Josep-Recio-Romaguera-110-Montseny-a-la-tardor.jpg\" data-title=\"10 &#8211; Josep Recio Romaguera &#8211; 110 &#8211; Montseny a la tardor\" title=\"10 &#8211; Josep Recio Romaguera &#8211; 110 &#8211; Montseny a la tardor\" rel=\"noreferrer\" data-rel=\"iLightbox[gallery_image_1]\" class=\"fusion-lightbox\" target=\"_self\"><img decoding=\"async\" src=\"https:\/\/afc.cat\/wp-content\/uploads\/2024\/12\/10-Josep-Recio-Romaguera-110-Montseny-a-la-tardor-320x202.jpg\" width=\"320\" height=\"202\" alt=\"\" title=\"10 &#8211; Josep Recio Romaguera &#8211; 110 &#8211; Montseny a la tardor\" aria-label=\"10 &#8211; Josep Recio Romaguera &#8211; 110 &#8211; Montseny a la tardor\" class=\"img-responsive wp-image-40314 fusion-gallery-image-size-fixed\" srcset=\"https:\/\/afc.cat\/wp-content\/uploads\/2024\/12\/10-Josep-Recio-Romaguera-110-Montseny-a-la-tardor-320x202.jpg 320w, https:\/\/afc.cat\/wp-content\/uploads\/2024\/12\/10-Josep-Recio-Romaguera-110-Montseny-a-la-tardor-700x441.jpg 700w\" sizes=\"(max-width: 320px) 100vw, 320px\" \/><\/a><\/div><\/div><div style=\"padding:5px;\" class=\"fusion-grid-column fusion-gallery-column fusion-gallery-column-6 hover-type-zoomin\"><div class=\"fusion-gallery-image\"><a href=\"https:\/\/afc.cat\/wp-content\/uploads\/2024\/12\/11-Miquel-Cabre-109-Llum-de-Boira.jpg\" data-title=\"11 &#8211; Miquel Cabr\u00e9 &#8211; 109 &#8211; Llum de Boira\" title=\"11 &#8211; Miquel Cabr\u00e9 &#8211; 109 &#8211; Llum de Boira\" rel=\"noreferrer\" data-rel=\"iLightbox[gallery_image_1]\" class=\"fusion-lightbox\" target=\"_self\"><img decoding=\"async\" src=\"https:\/\/afc.cat\/wp-content\/uploads\/2024\/12\/11-Miquel-Cabre-109-Llum-de-Boira-320x202.jpg\" width=\"320\" height=\"202\" alt=\"\" title=\"11 &#8211; Miquel Cabr\u00e9 &#8211; 109 &#8211; Llum de Boira\" aria-label=\"11 &#8211; Miquel Cabr\u00e9 &#8211; 109 &#8211; Llum de Boira\" class=\"img-responsive wp-image-40316 fusion-gallery-image-size-fixed\" srcset=\"https:\/\/afc.cat\/wp-content\/uploads\/2024\/12\/11-Miquel-Cabre-109-Llum-de-Boira-320x202.jpg 320w, https:\/\/afc.cat\/wp-content\/uploads\/2024\/12\/11-Miquel-Cabre-109-Llum-de-Boira-700x441.jpg 700w\" sizes=\"(max-width: 320px) 100vw, 320px\" \/><\/a><\/div><\/div><div style=\"padding:5px;\" class=\"fusion-grid-column fusion-gallery-column fusion-gallery-column-6 hover-type-zoomin\"><div class=\"fusion-gallery-image\"><a href=\"https:\/\/afc.cat\/wp-content\/uploads\/2024\/12\/12-Gloria-Tatxe-Salas-108-Boira-matinera.jpg\" data-title=\"12 &#8211; Gloria Tatx\u00e9 Salas &#8211; 108 &#8211; Boira matinera\" title=\"12 &#8211; Gloria Tatx\u00e9 Salas &#8211; 108 &#8211; Boira matinera\" rel=\"noreferrer\" data-rel=\"iLightbox[gallery_image_1]\" class=\"fusion-lightbox\" target=\"_self\"><img decoding=\"async\" src=\"https:\/\/afc.cat\/wp-content\/uploads\/2024\/12\/12-Gloria-Tatxe-Salas-108-Boira-matinera-320x202.jpg\" width=\"320\" height=\"202\" alt=\"\" title=\"12 &#8211; Gloria Tatx\u00e9 Salas &#8211; 108 &#8211; Boira matinera\" aria-label=\"12 &#8211; Gloria Tatx\u00e9 Salas &#8211; 108 &#8211; Boira matinera\" class=\"img-responsive wp-image-40318 fusion-gallery-image-size-fixed\" srcset=\"https:\/\/afc.cat\/wp-content\/uploads\/2024\/12\/12-Gloria-Tatxe-Salas-108-Boira-matinera-320x202.jpg 320w, https:\/\/afc.cat\/wp-content\/uploads\/2024\/12\/12-Gloria-Tatxe-Salas-108-Boira-matinera-700x441.jpg 700w\" sizes=\"(max-width: 320px) 100vw, 320px\" \/><\/a><\/div><\/div><div class=\"clearfix\"><\/div><div style=\"padding:5px;\" class=\"fusion-grid-column fusion-gallery-column fusion-gallery-column-6 hover-type-zoomin\"><div class=\"fusion-gallery-image\"><a href=\"https:\/\/afc.cat\/wp-content\/uploads\/2024\/12\/13-Josep-Soler-Vendrell-108-FULLA-DE-CEP.jpg\" data-title=\"13 &#8211; Josep Soler Vendrell &#8211; 108 &#8211; FULLA DE CEP\" title=\"13 &#8211; Josep Soler Vendrell &#8211; 108 &#8211; FULLA DE CEP\" rel=\"noreferrer\" data-rel=\"iLightbox[gallery_image_1]\" class=\"fusion-lightbox\" target=\"_self\"><img decoding=\"async\" src=\"https:\/\/afc.cat\/wp-content\/uploads\/2024\/12\/13-Josep-Soler-Vendrell-108-FULLA-DE-CEP-320x202.jpg\" width=\"320\" height=\"202\" alt=\"\" title=\"13 &#8211; Josep Soler Vendrell &#8211; 108 &#8211; FULLA DE CEP\" aria-label=\"13 &#8211; Josep Soler Vendrell &#8211; 108 &#8211; FULLA DE CEP\" class=\"img-responsive wp-image-40320 fusion-gallery-image-size-fixed\" srcset=\"https:\/\/afc.cat\/wp-content\/uploads\/2024\/12\/13-Josep-Soler-Vendrell-108-FULLA-DE-CEP-320x202.jpg 320w, https:\/\/afc.cat\/wp-content\/uploads\/2024\/12\/13-Josep-Soler-Vendrell-108-FULLA-DE-CEP-700x441.jpg 700w\" sizes=\"(max-width: 320px) 100vw, 320px\" \/><\/a><\/div><\/div><div style=\"padding:5px;\" class=\"fusion-grid-column fusion-gallery-column fusion-gallery-column-6 hover-type-zoomin\"><div class=\"fusion-gallery-image\"><a href=\"https:\/\/afc.cat\/wp-content\/uploads\/2024\/12\/14-Lluis-Porcel-Gimenez-107-cami.jpg\" data-title=\"14 &#8211; Llu\u00eds Porcel Gim\u00e9nez &#8211; 107 &#8211; cami\" title=\"14 &#8211; Llu\u00eds Porcel Gim\u00e9nez &#8211; 107 &#8211; cami\" rel=\"noreferrer\" data-rel=\"iLightbox[gallery_image_1]\" class=\"fusion-lightbox\" target=\"_self\"><img decoding=\"async\" src=\"https:\/\/afc.cat\/wp-content\/uploads\/2024\/12\/14-Lluis-Porcel-Gimenez-107-cami-320x202.jpg\" width=\"320\" height=\"202\" alt=\"\" title=\"14 &#8211; Llu\u00eds Porcel Gim\u00e9nez &#8211; 107 &#8211; cami\" aria-label=\"14 &#8211; Llu\u00eds Porcel Gim\u00e9nez &#8211; 107 &#8211; cami\" class=\"img-responsive wp-image-40322 fusion-gallery-image-size-fixed\" srcset=\"https:\/\/afc.cat\/wp-content\/uploads\/2024\/12\/14-Lluis-Porcel-Gimenez-107-cami-320x202.jpg 320w, https:\/\/afc.cat\/wp-content\/uploads\/2024\/12\/14-Lluis-Porcel-Gimenez-107-cami-700x441.jpg 700w\" sizes=\"(max-width: 320px) 100vw, 320px\" \/><\/a><\/div><\/div><div style=\"padding:5px;\" class=\"fusion-grid-column fusion-gallery-column fusion-gallery-column-6 hover-type-zoomin\"><div class=\"fusion-gallery-image\"><a href=\"https:\/\/afc.cat\/wp-content\/uploads\/2024\/12\/15-Pep-Vinyals-106-Bosc-de-boira.jpg\" data-title=\"15 &#8211; Pep Vinyals &#8211; 106 &#8211; Bosc de boira\" title=\"15 &#8211; Pep Vinyals &#8211; 106 &#8211; Bosc de boira\" rel=\"noreferrer\" data-rel=\"iLightbox[gallery_image_1]\" class=\"fusion-lightbox\" target=\"_self\"><img decoding=\"async\" src=\"https:\/\/afc.cat\/wp-content\/uploads\/2024\/12\/15-Pep-Vinyals-106-Bosc-de-boira-320x202.jpg\" width=\"320\" height=\"202\" alt=\"\" title=\"15 &#8211; Pep Vinyals &#8211; 106 &#8211; Bosc de boira\" aria-label=\"15 &#8211; Pep Vinyals &#8211; 106 &#8211; Bosc de boira\" class=\"img-responsive wp-image-40324 fusion-gallery-image-size-fixed\" srcset=\"https:\/\/afc.cat\/wp-content\/uploads\/2024\/12\/15-Pep-Vinyals-106-Bosc-de-boira-320x202.jpg 320w, https:\/\/afc.cat\/wp-content\/uploads\/2024\/12\/15-Pep-Vinyals-106-Bosc-de-boira-700x441.jpg 700w\" sizes=\"(max-width: 320px) 100vw, 320px\" \/><\/a><\/div><\/div><div style=\"padding:5px;\" class=\"fusion-grid-column fusion-gallery-column fusion-gallery-column-6 hover-type-zoomin\"><div class=\"fusion-gallery-image\"><a href=\"https:\/\/afc.cat\/wp-content\/uploads\/2024\/12\/16-Jordi-Meseguer-Rafales-106-El-Cami.jpg\" data-title=\"16 &#8211; Jordi Meseguer Rafales &#8211; 106 &#8211; El Cami\" title=\"16 &#8211; Jordi Meseguer Rafales &#8211; 106 &#8211; El Cami\" rel=\"noreferrer\" data-rel=\"iLightbox[gallery_image_1]\" class=\"fusion-lightbox\" target=\"_self\"><img decoding=\"async\" src=\"https:\/\/afc.cat\/wp-content\/uploads\/2024\/12\/16-Jordi-Meseguer-Rafales-106-El-Cami-320x202.jpg\" width=\"320\" height=\"202\" alt=\"\" title=\"16 &#8211; Jordi Meseguer Rafales &#8211; 106 &#8211; El Cami\" aria-label=\"16 &#8211; Jordi Meseguer Rafales &#8211; 106 &#8211; El Cami\" class=\"img-responsive wp-image-40326 fusion-gallery-image-size-fixed\" srcset=\"https:\/\/afc.cat\/wp-content\/uploads\/2024\/12\/16-Jordi-Meseguer-Rafales-106-El-Cami-320x202.jpg 320w, https:\/\/afc.cat\/wp-content\/uploads\/2024\/12\/16-Jordi-Meseguer-Rafales-106-El-Cami-700x441.jpg 700w\" sizes=\"(max-width: 320px) 100vw, 320px\" \/><\/a><\/div><\/div><div style=\"padding:5px;\" class=\"fusion-grid-column fusion-gallery-column fusion-gallery-column-6 hover-type-zoomin\"><div class=\"fusion-gallery-image\"><a href=\"https:\/\/afc.cat\/wp-content\/uploads\/2024\/12\/18-Maxim-Poncela-Adot-105-TO-Colors-Tardor-1.jpg\" data-title=\"18 &#8211; M\u00e0xim Poncela Adot &#8211; 105 &#8211; TO Colors Tardor-1\" title=\"18 &#8211; M\u00e0xim Poncela Adot &#8211; 105 &#8211; TO Colors Tardor-1\" rel=\"noreferrer\" data-rel=\"iLightbox[gallery_image_1]\" class=\"fusion-lightbox\" target=\"_self\"><img decoding=\"async\" src=\"https:\/\/afc.cat\/wp-content\/uploads\/2024\/12\/18-Maxim-Poncela-Adot-105-TO-Colors-Tardor-1-320x202.jpg\" width=\"320\" height=\"202\" alt=\"\" title=\"18 &#8211; M\u00e0xim Poncela Adot &#8211; 105 &#8211; TO Colors Tardor-1\" aria-label=\"18 &#8211; M\u00e0xim Poncela Adot &#8211; 105 &#8211; TO Colors Tardor-1\" class=\"img-responsive wp-image-40330 fusion-gallery-image-size-fixed\" srcset=\"https:\/\/afc.cat\/wp-content\/uploads\/2024\/12\/18-Maxim-Poncela-Adot-105-TO-Colors-Tardor-1-320x202.jpg 320w, https:\/\/afc.cat\/wp-content\/uploads\/2024\/12\/18-Maxim-Poncela-Adot-105-TO-Colors-Tardor-1-700x441.jpg 700w\" sizes=\"(max-width: 320px) 100vw, 320px\" \/><\/a><\/div><\/div><div style=\"padding:5px;\" class=\"fusion-grid-column fusion-gallery-column fusion-gallery-column-6 hover-type-zoomin\"><div class=\"fusion-gallery-image\"><a href=\"https:\/\/afc.cat\/wp-content\/uploads\/2024\/12\/17-Albert-Canellas-Xarau-105-Les-Tres-Xemeneies.jpg\" data-title=\"17 &#8211; Albert Ca\u00f1ellas Xarau &#8211; 105 &#8211; Les Tres Xemeneies\" title=\"17 &#8211; Albert Ca\u00f1ellas Xarau &#8211; 105 &#8211; Les Tres Xemeneies\" rel=\"noreferrer\" data-rel=\"iLightbox[gallery_image_1]\" class=\"fusion-lightbox\" target=\"_self\"><img decoding=\"async\" src=\"https:\/\/afc.cat\/wp-content\/uploads\/2024\/12\/17-Albert-Canellas-Xarau-105-Les-Tres-Xemeneies-320x202.jpg\" width=\"320\" height=\"202\" alt=\"\" title=\"17 &#8211; Albert Ca\u00f1ellas Xarau &#8211; 105 &#8211; Les Tres Xemeneies\" aria-label=\"17 &#8211; Albert Ca\u00f1ellas Xarau &#8211; 105 &#8211; Les Tres Xemeneies\" class=\"img-responsive wp-image-40328 fusion-gallery-image-size-fixed\" srcset=\"https:\/\/afc.cat\/wp-content\/uploads\/2024\/12\/17-Albert-Canellas-Xarau-105-Les-Tres-Xemeneies-320x202.jpg 320w, https:\/\/afc.cat\/wp-content\/uploads\/2024\/12\/17-Albert-Canellas-Xarau-105-Les-Tres-Xemeneies-700x441.jpg 700w\" sizes=\"(max-width: 320px) 100vw, 320px\" \/><\/a><\/div><\/div><div class=\"clearfix\"><\/div><div style=\"padding:5px;\" class=\"fusion-grid-column fusion-gallery-column fusion-gallery-column-6 hover-type-zoomin\"><div class=\"fusion-gallery-image\"><a href=\"https:\/\/afc.cat\/wp-content\/uploads\/2024\/12\/19-Albert-Bolea-Noya-104-Horitzo-de-boira.jpg\" data-title=\"19 &#8211; Albert Bolea Noya &#8211; 104 &#8211; Horitzo de boira\" title=\"19 &#8211; Albert Bolea Noya &#8211; 104 &#8211; Horitzo de boira\" rel=\"noreferrer\" data-rel=\"iLightbox[gallery_image_1]\" class=\"fusion-lightbox\" target=\"_self\"><img decoding=\"async\" src=\"https:\/\/afc.cat\/wp-content\/uploads\/2024\/12\/19-Albert-Bolea-Noya-104-Horitzo-de-boira-320x202.jpg\" width=\"320\" height=\"202\" alt=\"\" title=\"19 &#8211; Albert Bolea Noya &#8211; 104 &#8211; Horitzo de boira\" aria-label=\"19 &#8211; Albert Bolea Noya &#8211; 104 &#8211; Horitzo de boira\" class=\"img-responsive wp-image-40332 fusion-gallery-image-size-fixed\" srcset=\"https:\/\/afc.cat\/wp-content\/uploads\/2024\/12\/19-Albert-Bolea-Noya-104-Horitzo-de-boira-320x202.jpg 320w, https:\/\/afc.cat\/wp-content\/uploads\/2024\/12\/19-Albert-Bolea-Noya-104-Horitzo-de-boira-700x441.jpg 700w\" sizes=\"(max-width: 320px) 100vw, 320px\" \/><\/a><\/div><\/div><div style=\"padding:5px;\" class=\"fusion-grid-column fusion-gallery-column fusion-gallery-column-6 hover-type-zoomin\"><div class=\"fusion-gallery-image\"><a href=\"https:\/\/afc.cat\/wp-content\/uploads\/2024\/12\/20-Josep-Maria-Bonjoch-Trilla-104-T.O.-BN-LLUMS-DE-TARDOR-Josep-Maria-Bonjoch.jpg\" data-title=\"20 &#8211; Josep Maria Bonjoch Trilla &#8211; 104 &#8211; T.O. BN LLUMS DE TARDOR Josep Maria Bonjoch\" title=\"20 &#8211; Josep Maria Bonjoch Trilla &#8211; 104 &#8211; T.O. BN LLUMS DE TARDOR Josep Maria Bonjoch\" rel=\"noreferrer\" data-rel=\"iLightbox[gallery_image_1]\" class=\"fusion-lightbox\" target=\"_self\"><img decoding=\"async\" src=\"https:\/\/afc.cat\/wp-content\/uploads\/2024\/12\/20-Josep-Maria-Bonjoch-Trilla-104-T.O.-BN-LLUMS-DE-TARDOR-Josep-Maria-Bonjoch-320x202.jpg\" width=\"320\" height=\"202\" alt=\"\" title=\"20 &#8211; Josep Maria Bonjoch Trilla &#8211; 104 &#8211; T.O. BN LLUMS DE TARDOR Josep Maria Bonjoch\" aria-label=\"20 &#8211; Josep Maria Bonjoch Trilla &#8211; 104 &#8211; T.O. BN LLUMS DE TARDOR Josep Maria Bonjoch\" class=\"img-responsive wp-image-40334 fusion-gallery-image-size-fixed\" srcset=\"https:\/\/afc.cat\/wp-content\/uploads\/2024\/12\/20-Josep-Maria-Bonjoch-Trilla-104-T.O.-BN-LLUMS-DE-TARDOR-Josep-Maria-Bonjoch-320x202.jpg 320w, https:\/\/afc.cat\/wp-content\/uploads\/2024\/12\/20-Josep-Maria-Bonjoch-Trilla-104-T.O.-BN-LLUMS-DE-TARDOR-Josep-Maria-Bonjoch-700x441.jpg 700w\" sizes=\"(max-width: 320px) 100vw, 320px\" \/><\/a><\/div><\/div><div style=\"padding:5px;\" class=\"fusion-grid-column fusion-gallery-column fusion-gallery-column-6 hover-type-zoomin\"><div class=\"fusion-gallery-image\"><a href=\"https:\/\/afc.cat\/wp-content\/uploads\/2024\/12\/21-David-Penarroya-Hernandez-101-El-sol-baix.jpg\" data-title=\"21 &#8211; David Pe\u00f1arroya Hernandez &#8211; 101 &#8211; El sol baix\" title=\"21 &#8211; David Pe\u00f1arroya Hernandez &#8211; 101 &#8211; El sol baix\" rel=\"noreferrer\" data-rel=\"iLightbox[gallery_image_1]\" class=\"fusion-lightbox\" target=\"_self\"><img decoding=\"async\" src=\"https:\/\/afc.cat\/wp-content\/uploads\/2024\/12\/21-David-Penarroya-Hernandez-101-El-sol-baix-320x202.jpg\" width=\"320\" height=\"202\" alt=\"\" title=\"21 &#8211; David Pe\u00f1arroya Hernandez &#8211; 101 &#8211; El sol baix\" aria-label=\"21 &#8211; David Pe\u00f1arroya Hernandez &#8211; 101 &#8211; El sol baix\" class=\"img-responsive wp-image-40336 fusion-gallery-image-size-fixed\" \/><\/a><\/div><\/div><div style=\"padding:5px;\" class=\"fusion-grid-column fusion-gallery-column fusion-gallery-column-6 hover-type-zoomin\"><div class=\"fusion-gallery-image\"><a href=\"https:\/\/afc.cat\/wp-content\/uploads\/2024\/12\/22-Francesca-Portoles-Braso-101-Les-primeres-llums.jpg\" data-title=\"22 &#8211; Francesca Portol\u00e9s Bras\u00f3 &#8211; 101 &#8211; Les primeres llums\" title=\"22 &#8211; Francesca Portol\u00e9s Bras\u00f3 &#8211; 101 &#8211; Les primeres llums\" rel=\"noreferrer\" data-rel=\"iLightbox[gallery_image_1]\" class=\"fusion-lightbox\" target=\"_self\"><img decoding=\"async\" src=\"https:\/\/afc.cat\/wp-content\/uploads\/2024\/12\/22-Francesca-Portoles-Braso-101-Les-primeres-llums-320x202.jpg\" width=\"320\" height=\"202\" alt=\"\" title=\"22 &#8211; Francesca Portol\u00e9s Bras\u00f3 &#8211; 101 &#8211; Les primeres llums\" aria-label=\"22 &#8211; Francesca Portol\u00e9s Bras\u00f3 &#8211; 101 &#8211; Les primeres llums\" class=\"img-responsive wp-image-40338 fusion-gallery-image-size-fixed\" srcset=\"https:\/\/afc.cat\/wp-content\/uploads\/2024\/12\/22-Francesca-Portoles-Braso-101-Les-primeres-llums-320x202.jpg 320w, https:\/\/afc.cat\/wp-content\/uploads\/2024\/12\/22-Francesca-Portoles-Braso-101-Les-primeres-llums-700x441.jpg 700w\" sizes=\"(max-width: 320px) 100vw, 320px\" \/><\/a><\/div><\/div><div style=\"padding:5px;\" class=\"fusion-grid-column fusion-gallery-column fusion-gallery-column-6 hover-type-zoomin\"><div class=\"fusion-gallery-image\"><a href=\"https:\/\/afc.cat\/wp-content\/uploads\/2024\/12\/23-Damia-Tous-Vazquez-100-Aigua-corrent.jpg\" data-title=\"23 &#8211; Dami\u00e0 Tous Vazquez &#8211; 100 &#8211; Aigua corrent\" title=\"23 &#8211; Dami\u00e0 Tous Vazquez &#8211; 100 &#8211; Aigua corrent\" rel=\"noreferrer\" data-rel=\"iLightbox[gallery_image_1]\" class=\"fusion-lightbox\" target=\"_self\"><img decoding=\"async\" src=\"https:\/\/afc.cat\/wp-content\/uploads\/2024\/12\/23-Damia-Tous-Vazquez-100-Aigua-corrent-320x202.jpg\" width=\"320\" height=\"202\" alt=\"\" title=\"23 &#8211; Dami\u00e0 Tous Vazquez &#8211; 100 &#8211; Aigua corrent\" aria-label=\"23 &#8211; Dami\u00e0 Tous Vazquez &#8211; 100 &#8211; Aigua corrent\" class=\"img-responsive wp-image-40340 fusion-gallery-image-size-fixed\" srcset=\"https:\/\/afc.cat\/wp-content\/uploads\/2024\/12\/23-Damia-Tous-Vazquez-100-Aigua-corrent-320x202.jpg 320w, https:\/\/afc.cat\/wp-content\/uploads\/2024\/12\/23-Damia-Tous-Vazquez-100-Aigua-corrent-700x441.jpg 700w\" sizes=\"(max-width: 320px) 100vw, 320px\" \/><\/a><\/div><\/div><div style=\"padding:5px;\" class=\"fusion-grid-column fusion-gallery-column fusion-gallery-column-6 hover-type-zoomin\"><div class=\"fusion-gallery-image\"><a href=\"https:\/\/afc.cat\/wp-content\/uploads\/2024\/12\/24-Adolfo-Garcia-Bastard-100-Cementiri.jpg\" data-title=\"24 &#8211; Adolfo Garcia Bastard &#8211; 100 &#8211; Cementiri\" title=\"24 &#8211; Adolfo Garcia Bastard &#8211; 100 &#8211; Cementiri\" rel=\"noreferrer\" data-rel=\"iLightbox[gallery_image_1]\" class=\"fusion-lightbox\" target=\"_self\"><img decoding=\"async\" src=\"https:\/\/afc.cat\/wp-content\/uploads\/2024\/12\/24-Adolfo-Garcia-Bastard-100-Cementiri-320x202.jpg\" width=\"320\" height=\"202\" alt=\"\" title=\"24 &#8211; Adolfo Garcia Bastard &#8211; 100 &#8211; Cementiri\" aria-label=\"24 &#8211; Adolfo Garcia Bastard &#8211; 100 &#8211; Cementiri\" class=\"img-responsive wp-image-40342 fusion-gallery-image-size-fixed\" srcset=\"https:\/\/afc.cat\/wp-content\/uploads\/2024\/12\/24-Adolfo-Garcia-Bastard-100-Cementiri-320x202.jpg 320w, https:\/\/afc.cat\/wp-content\/uploads\/2024\/12\/24-Adolfo-Garcia-Bastard-100-Cementiri-700x441.jpg 700w\" sizes=\"(max-width: 320px) 100vw, 320px\" \/><\/a><\/div><\/div><div class=\"clearfix\"><\/div><div style=\"padding:5px;\" class=\"fusion-grid-column fusion-gallery-column fusion-gallery-column-6 hover-type-zoomin\"><div class=\"fusion-gallery-image\"><a href=\"https:\/\/afc.cat\/wp-content\/uploads\/2024\/12\/30-Santiago-Garcia-Cuadrado-95-Temps-de-bolets.jpg\" data-title=\"30 &#8211; Santiago Garc\u00eda Cuadrado &#8211; 95 &#8211; Temps de bolets\" title=\"30 &#8211; Santiago Garc\u00eda Cuadrado &#8211; 95 &#8211; Temps de bolets\" rel=\"noreferrer\" data-rel=\"iLightbox[gallery_image_1]\" class=\"fusion-lightbox\" target=\"_self\"><img decoding=\"async\" src=\"https:\/\/afc.cat\/wp-content\/uploads\/2024\/12\/30-Santiago-Garcia-Cuadrado-95-Temps-de-bolets-320x202.jpg\" width=\"320\" height=\"202\" alt=\"\" title=\"30 &#8211; Santiago Garc\u00eda Cuadrado &#8211; 95 &#8211; Temps de bolets\" aria-label=\"30 &#8211; Santiago Garc\u00eda Cuadrado &#8211; 95 &#8211; Temps de bolets\" class=\"img-responsive wp-image-40354 fusion-gallery-image-size-fixed\" srcset=\"https:\/\/afc.cat\/wp-content\/uploads\/2024\/12\/30-Santiago-Garcia-Cuadrado-95-Temps-de-bolets-320x202.jpg 320w, https:\/\/afc.cat\/wp-content\/uploads\/2024\/12\/30-Santiago-Garcia-Cuadrado-95-Temps-de-bolets-700x441.jpg 700w\" sizes=\"(max-width: 320px) 100vw, 320px\" \/><\/a><\/div><\/div><div style=\"padding:5px;\" class=\"fusion-grid-column fusion-gallery-column fusion-gallery-column-6 hover-type-zoomin\"><div class=\"fusion-gallery-image\"><a href=\"https:\/\/afc.cat\/wp-content\/uploads\/2024\/12\/25-Clara-Lopez-Colomer-100-Fruits-de-tardor.jpg\" data-title=\"25 &#8211; Clara Lopez Colomer &#8211; 100 &#8211; Fruits de tardor\" title=\"25 &#8211; Clara Lopez Colomer &#8211; 100 &#8211; Fruits de tardor\" rel=\"noreferrer\" data-rel=\"iLightbox[gallery_image_1]\" class=\"fusion-lightbox\" target=\"_self\"><img decoding=\"async\" src=\"https:\/\/afc.cat\/wp-content\/uploads\/2024\/12\/25-Clara-Lopez-Colomer-100-Fruits-de-tardor-320x202.jpg\" width=\"320\" height=\"202\" alt=\"\" title=\"25 &#8211; Clara Lopez Colomer &#8211; 100 &#8211; Fruits de tardor\" aria-label=\"25 &#8211; Clara Lopez Colomer &#8211; 100 &#8211; Fruits de tardor\" class=\"img-responsive wp-image-40344 fusion-gallery-image-size-fixed\" srcset=\"https:\/\/afc.cat\/wp-content\/uploads\/2024\/12\/25-Clara-Lopez-Colomer-100-Fruits-de-tardor-320x202.jpg 320w, https:\/\/afc.cat\/wp-content\/uploads\/2024\/12\/25-Clara-Lopez-Colomer-100-Fruits-de-tardor-700x441.jpg 700w\" sizes=\"(max-width: 320px) 100vw, 320px\" \/><\/a><\/div><\/div><div style=\"padding:5px;\" class=\"fusion-grid-column fusion-gallery-column fusion-gallery-column-6 hover-type-zoomin\"><div class=\"fusion-gallery-image\"><a href=\"https:\/\/afc.cat\/wp-content\/uploads\/2024\/12\/26-Diego-Pastor-Sanchez-98-Companys.jpg\" data-title=\"26 &#8211; Diego Pastor S\u00e1nchez &#8211; 98 &#8211; Companys\" title=\"26 &#8211; Diego Pastor S\u00e1nchez &#8211; 98 &#8211; Companys\" rel=\"noreferrer\" data-rel=\"iLightbox[gallery_image_1]\" class=\"fusion-lightbox\" target=\"_self\"><img decoding=\"async\" src=\"https:\/\/afc.cat\/wp-content\/uploads\/2024\/12\/26-Diego-Pastor-Sanchez-98-Companys-320x202.jpg\" width=\"320\" height=\"202\" alt=\"\" title=\"26 &#8211; Diego Pastor S\u00e1nchez &#8211; 98 &#8211; Companys\" aria-label=\"26 &#8211; Diego Pastor S\u00e1nchez &#8211; 98 &#8211; Companys\" class=\"img-responsive wp-image-40346 fusion-gallery-image-size-fixed\" srcset=\"https:\/\/afc.cat\/wp-content\/uploads\/2024\/12\/26-Diego-Pastor-Sanchez-98-Companys-320x202.jpg 320w, https:\/\/afc.cat\/wp-content\/uploads\/2024\/12\/26-Diego-Pastor-Sanchez-98-Companys-700x441.jpg 700w\" sizes=\"(max-width: 320px) 100vw, 320px\" \/><\/a><\/div><\/div><div style=\"padding:5px;\" class=\"fusion-grid-column fusion-gallery-column fusion-gallery-column-6 hover-type-zoomin\"><div class=\"fusion-gallery-image\"><a href=\"https:\/\/afc.cat\/wp-content\/uploads\/2024\/12\/27-Sara-Assens-Mampel-98-tardor-per-terra.jpg\" data-title=\"27 &#8211; Sara Assens Mampel &#8211; 98 &#8211; tardor per terra\" title=\"27 &#8211; Sara Assens Mampel &#8211; 98 &#8211; tardor per terra\" rel=\"noreferrer\" data-rel=\"iLightbox[gallery_image_1]\" class=\"fusion-lightbox\" target=\"_self\"><img decoding=\"async\" src=\"https:\/\/afc.cat\/wp-content\/uploads\/2024\/12\/27-Sara-Assens-Mampel-98-tardor-per-terra-320x202.jpg\" width=\"320\" height=\"202\" alt=\"\" title=\"27 &#8211; Sara Assens Mampel &#8211; 98 &#8211; tardor per terra\" aria-label=\"27 &#8211; Sara Assens Mampel &#8211; 98 &#8211; tardor per terra\" class=\"img-responsive wp-image-40348 fusion-gallery-image-size-fixed\" srcset=\"https:\/\/afc.cat\/wp-content\/uploads\/2024\/12\/27-Sara-Assens-Mampel-98-tardor-per-terra-320x202.jpg 320w, https:\/\/afc.cat\/wp-content\/uploads\/2024\/12\/27-Sara-Assens-Mampel-98-tardor-per-terra-700x441.jpg 700w\" sizes=\"(max-width: 320px) 100vw, 320px\" \/><\/a><\/div><\/div><div style=\"padding:5px;\" class=\"fusion-grid-column fusion-gallery-column fusion-gallery-column-6 hover-type-zoomin\"><div class=\"fusion-gallery-image\"><a href=\"https:\/\/afc.cat\/wp-content\/uploads\/2024\/12\/28-Albert-Folch-Navalon-98-Temps-de-voires.jpg\" data-title=\"28 &#8211; Albert Folch Naval\u00f3n &#8211; 98 &#8211; Temps de voires\" title=\"28 &#8211; Albert Folch Naval\u00f3n &#8211; 98 &#8211; Temps de voires\" rel=\"noreferrer\" data-rel=\"iLightbox[gallery_image_1]\" class=\"fusion-lightbox\" target=\"_self\"><img decoding=\"async\" src=\"https:\/\/afc.cat\/wp-content\/uploads\/2024\/12\/28-Albert-Folch-Navalon-98-Temps-de-voires-320x202.jpg\" width=\"320\" height=\"202\" alt=\"\" title=\"28 &#8211; Albert Folch Naval\u00f3n &#8211; 98 &#8211; Temps de voires\" aria-label=\"28 &#8211; Albert Folch Naval\u00f3n &#8211; 98 &#8211; Temps de voires\" class=\"img-responsive wp-image-40350 fusion-gallery-image-size-fixed\" srcset=\"https:\/\/afc.cat\/wp-content\/uploads\/2024\/12\/28-Albert-Folch-Navalon-98-Temps-de-voires-320x202.jpg 320w, https:\/\/afc.cat\/wp-content\/uploads\/2024\/12\/28-Albert-Folch-Navalon-98-Temps-de-voires-700x441.jpg 700w\" sizes=\"(max-width: 320px) 100vw, 320px\" \/><\/a><\/div><\/div><div style=\"padding:5px;\" class=\"fusion-grid-column fusion-gallery-column fusion-gallery-column-6 hover-type-zoomin\"><div class=\"fusion-gallery-image\"><a href=\"https:\/\/afc.cat\/wp-content\/uploads\/2024\/12\/29-Joan-Rue-Domingo-96-gotim-tardoral_001.jpg\" data-title=\"29 &#8211; Joan Ru\u00e9 Domingo &#8211; 96 &#8211; gotim tardoral_001\" title=\"29 &#8211; Joan Ru\u00e9 Domingo &#8211; 96 &#8211; gotim tardoral_001\" rel=\"noreferrer\" data-rel=\"iLightbox[gallery_image_1]\" class=\"fusion-lightbox\" target=\"_self\"><img decoding=\"async\" src=\"https:\/\/afc.cat\/wp-content\/uploads\/2024\/12\/29-Joan-Rue-Domingo-96-gotim-tardoral_001-320x202.jpg\" width=\"320\" height=\"202\" alt=\"\" title=\"29 &#8211; Joan Ru\u00e9 Domingo &#8211; 96 &#8211; gotim tardoral_001\" aria-label=\"29 &#8211; Joan Ru\u00e9 Domingo &#8211; 96 &#8211; gotim tardoral_001\" class=\"img-responsive wp-image-40352 fusion-gallery-image-size-fixed\" srcset=\"https:\/\/afc.cat\/wp-content\/uploads\/2024\/12\/29-Joan-Rue-Domingo-96-gotim-tardoral_001-320x202.jpg 320w, https:\/\/afc.cat\/wp-content\/uploads\/2024\/12\/29-Joan-Rue-Domingo-96-gotim-tardoral_001-700x441.jpg 700w\" sizes=\"(max-width: 320px) 100vw, 320px\" \/><\/a><\/div><\/div><div class=\"clearfix\"><\/div><div style=\"padding:5px;\" class=\"fusion-grid-column fusion-gallery-column fusion-gallery-column-6 hover-type-zoomin\"><div class=\"fusion-gallery-image\"><a href=\"https:\/\/afc.cat\/wp-content\/uploads\/2024\/12\/31-Rosa-Cristofol-Martinez-94-Fulles.jpg\" data-title=\"31 &#8211; Rosa Crist\u00f2fol Mart\u00ednez &#8211; 94 &#8211; Fulles\" title=\"31 &#8211; Rosa Crist\u00f2fol Mart\u00ednez &#8211; 94 &#8211; Fulles\" rel=\"noreferrer\" data-rel=\"iLightbox[gallery_image_1]\" class=\"fusion-lightbox\" target=\"_self\"><img decoding=\"async\" src=\"https:\/\/afc.cat\/wp-content\/uploads\/2024\/12\/31-Rosa-Cristofol-Martinez-94-Fulles-320x202.jpg\" width=\"320\" height=\"202\" alt=\"\" title=\"31 &#8211; Rosa Crist\u00f2fol Mart\u00ednez &#8211; 94 &#8211; Fulles\" aria-label=\"31 &#8211; Rosa Crist\u00f2fol Mart\u00ednez &#8211; 94 &#8211; Fulles\" class=\"img-responsive wp-image-40356 fusion-gallery-image-size-fixed\" \/><\/a><\/div><\/div><div style=\"padding:5px;\" class=\"fusion-grid-column fusion-gallery-column fusion-gallery-column-6 hover-type-zoomin\"><div class=\"fusion-gallery-image\"><a href=\"https:\/\/afc.cat\/wp-content\/uploads\/2024\/12\/32-Carme-Mur-Calvo-94-Les-fulles-aguanten.jpg\" data-title=\"32 &#8211; Carme Mur Calv\u00f3 &#8211; 94 &#8211; Les fulles aguanten\" title=\"32 &#8211; Carme Mur Calv\u00f3 &#8211; 94 &#8211; Les fulles aguanten\" rel=\"noreferrer\" data-rel=\"iLightbox[gallery_image_1]\" class=\"fusion-lightbox\" target=\"_self\"><img decoding=\"async\" src=\"https:\/\/afc.cat\/wp-content\/uploads\/2024\/12\/32-Carme-Mur-Calvo-94-Les-fulles-aguanten-320x202.jpg\" width=\"320\" height=\"202\" alt=\"\" title=\"32 &#8211; Carme Mur Calv\u00f3 &#8211; 94 &#8211; Les fulles aguanten\" aria-label=\"32 &#8211; Carme Mur Calv\u00f3 &#8211; 94 &#8211; Les fulles aguanten\" class=\"img-responsive wp-image-40358 fusion-gallery-image-size-fixed\" srcset=\"https:\/\/afc.cat\/wp-content\/uploads\/2024\/12\/32-Carme-Mur-Calvo-94-Les-fulles-aguanten-320x202.jpg 320w, https:\/\/afc.cat\/wp-content\/uploads\/2024\/12\/32-Carme-Mur-Calvo-94-Les-fulles-aguanten-700x441.jpg 700w\" sizes=\"(max-width: 320px) 100vw, 320px\" \/><\/a><\/div><\/div><div style=\"padding:5px;\" class=\"fusion-grid-column fusion-gallery-column fusion-gallery-column-6 hover-type-zoomin\"><div class=\"fusion-gallery-image\"><a href=\"https:\/\/afc.cat\/wp-content\/uploads\/2024\/12\/33-Carmen-Casademont-Ribot-91-Penombre-de-tardor.jpg\" data-title=\"33 &#8211; Carmen Casademont Ribot &#8211; 91 &#8211; Penombre de tardor\" title=\"33 &#8211; Carmen Casademont Ribot &#8211; 91 &#8211; Penombre de tardor\" rel=\"noreferrer\" data-rel=\"iLightbox[gallery_image_1]\" class=\"fusion-lightbox\" target=\"_self\"><img decoding=\"async\" src=\"https:\/\/afc.cat\/wp-content\/uploads\/2024\/12\/33-Carmen-Casademont-Ribot-91-Penombre-de-tardor-320x202.jpg\" width=\"320\" height=\"202\" alt=\"\" title=\"33 &#8211; Carmen Casademont Ribot &#8211; 91 &#8211; Penombre de tardor\" aria-label=\"33 &#8211; Carmen Casademont Ribot &#8211; 91 &#8211; Penombre de tardor\" class=\"img-responsive wp-image-40360 fusion-gallery-image-size-fixed\" srcset=\"https:\/\/afc.cat\/wp-content\/uploads\/2024\/12\/33-Carmen-Casademont-Ribot-91-Penombre-de-tardor-320x202.jpg 320w, https:\/\/afc.cat\/wp-content\/uploads\/2024\/12\/33-Carmen-Casademont-Ribot-91-Penombre-de-tardor-700x441.jpg 700w\" sizes=\"(max-width: 320px) 100vw, 320px\" \/><\/a><\/div><\/div><div style=\"padding:5px;\" class=\"fusion-grid-column fusion-gallery-column fusion-gallery-column-6 hover-type-zoomin\"><div class=\"fusion-gallery-image\"><a href=\"https:\/\/afc.cat\/wp-content\/uploads\/2024\/12\/34-Albert-Ballestero-Rosell-91-Vol.jpg\" data-title=\"34 &#8211; Albert Ballestero Rosell &#8211; 91 &#8211; Vol\" title=\"34 &#8211; Albert Ballestero Rosell &#8211; 91 &#8211; Vol\" rel=\"noreferrer\" data-rel=\"iLightbox[gallery_image_1]\" class=\"fusion-lightbox\" target=\"_self\"><img decoding=\"async\" src=\"https:\/\/afc.cat\/wp-content\/uploads\/2024\/12\/34-Albert-Ballestero-Rosell-91-Vol-320x202.jpg\" width=\"320\" height=\"202\" alt=\"\" title=\"34 &#8211; Albert Ballestero Rosell &#8211; 91 &#8211; Vol\" aria-label=\"34 &#8211; Albert Ballestero Rosell &#8211; 91 &#8211; Vol\" class=\"img-responsive wp-image-40362 fusion-gallery-image-size-fixed\" srcset=\"https:\/\/afc.cat\/wp-content\/uploads\/2024\/12\/34-Albert-Ballestero-Rosell-91-Vol-320x202.jpg 320w, https:\/\/afc.cat\/wp-content\/uploads\/2024\/12\/34-Albert-Ballestero-Rosell-91-Vol-700x441.jpg 700w\" sizes=\"(max-width: 320px) 100vw, 320px\" \/><\/a><\/div><\/div><div style=\"padding:5px;\" class=\"fusion-grid-column fusion-gallery-column fusion-gallery-column-6 hover-type-zoomin\"><div class=\"fusion-gallery-image\"><a href=\"https:\/\/afc.cat\/wp-content\/uploads\/2024\/12\/35-Antoni-Beneyto-Maria-90-Mati-al-llac.jpg\" data-title=\"35 &#8211; Antoni Beneyto Maria &#8211; 90 &#8211; Mati al llac\" title=\"35 &#8211; Antoni Beneyto Maria &#8211; 90 &#8211; Mati al llac\" rel=\"noreferrer\" data-rel=\"iLightbox[gallery_image_1]\" class=\"fusion-lightbox\" target=\"_self\"><img decoding=\"async\" src=\"https:\/\/afc.cat\/wp-content\/uploads\/2024\/12\/35-Antoni-Beneyto-Maria-90-Mati-al-llac-320x202.jpg\" width=\"320\" height=\"202\" alt=\"\" title=\"35 &#8211; Antoni Beneyto Maria &#8211; 90 &#8211; Mati al llac\" aria-label=\"35 &#8211; Antoni Beneyto Maria &#8211; 90 &#8211; Mati al llac\" class=\"img-responsive wp-image-40364 fusion-gallery-image-size-fixed\" \/><\/a><\/div><\/div><div style=\"padding:5px;\" class=\"fusion-grid-column fusion-gallery-column fusion-gallery-column-6 hover-type-zoomin\"><div class=\"fusion-gallery-image\"><a href=\"https:\/\/afc.cat\/wp-content\/uploads\/2024\/12\/36-Sergi-Marcen-Lopez-90-Necram-monocromatic.jpg\" data-title=\"36 &#8211; Sergi Marcen Lopez &#8211; 90 &#8211; Necram monocromatic\" title=\"36 &#8211; Sergi Marcen Lopez &#8211; 90 &#8211; Necram monocromatic\" rel=\"noreferrer\" data-rel=\"iLightbox[gallery_image_1]\" class=\"fusion-lightbox\" target=\"_self\"><img decoding=\"async\" src=\"https:\/\/afc.cat\/wp-content\/uploads\/2024\/12\/36-Sergi-Marcen-Lopez-90-Necram-monocromatic-320x202.jpg\" width=\"320\" height=\"202\" alt=\"\" title=\"36 &#8211; Sergi Marcen Lopez &#8211; 90 &#8211; Necram monocromatic\" aria-label=\"36 &#8211; Sergi Marcen Lopez &#8211; 90 &#8211; Necram monocromatic\" class=\"img-responsive wp-image-40366 fusion-gallery-image-size-fixed\" srcset=\"https:\/\/afc.cat\/wp-content\/uploads\/2024\/12\/36-Sergi-Marcen-Lopez-90-Necram-monocromatic-320x202.jpg 320w, https:\/\/afc.cat\/wp-content\/uploads\/2024\/12\/36-Sergi-Marcen-Lopez-90-Necram-monocromatic-700x441.jpg 700w\" sizes=\"(max-width: 320px) 100vw, 320px\" \/><\/a><\/div><\/div><div class=\"clearfix\"><\/div><div style=\"padding:5px;\" class=\"fusion-grid-column fusion-gallery-column fusion-gallery-column-6 hover-type-zoomin\"><div class=\"fusion-gallery-image\"><a href=\"https:\/\/afc.cat\/wp-content\/uploads\/2024\/12\/37-Esperanca-Sanz-Marin-90-Vella-finestra.jpg\" data-title=\"37 &#8211; Esperan\u00e7a Sanz Marin &#8211; 90 &#8211; Vella finestra\" title=\"37 &#8211; Esperan\u00e7a Sanz Marin &#8211; 90 &#8211; Vella finestra\" rel=\"noreferrer\" data-rel=\"iLightbox[gallery_image_1]\" class=\"fusion-lightbox\" target=\"_self\"><img decoding=\"async\" src=\"https:\/\/afc.cat\/wp-content\/uploads\/2024\/12\/37-Esperanca-Sanz-Marin-90-Vella-finestra-320x202.jpg\" width=\"320\" height=\"202\" alt=\"\" title=\"37 &#8211; Esperan\u00e7a Sanz Marin &#8211; 90 &#8211; Vella finestra\" aria-label=\"37 &#8211; Esperan\u00e7a Sanz Marin &#8211; 90 &#8211; Vella finestra\" class=\"img-responsive wp-image-40368 fusion-gallery-image-size-fixed\" \/><\/a><\/div><\/div><div style=\"padding:5px;\" class=\"fusion-grid-column fusion-gallery-column fusion-gallery-column-6 hover-type-zoomin\"><div class=\"fusion-gallery-image\"><a href=\"https:\/\/afc.cat\/wp-content\/uploads\/2024\/12\/38-Ramon-Riera-86-Boires-i-Reflexos.jpg\" data-title=\"38 &#8211; Ramon Riera &#8211; 86 &#8211; Boires i Reflexos\" title=\"38 &#8211; Ramon Riera &#8211; 86 &#8211; Boires i Reflexos\" rel=\"noreferrer\" data-rel=\"iLightbox[gallery_image_1]\" class=\"fusion-lightbox\" target=\"_self\"><img decoding=\"async\" src=\"https:\/\/afc.cat\/wp-content\/uploads\/2024\/12\/38-Ramon-Riera-86-Boires-i-Reflexos-320x202.jpg\" width=\"320\" height=\"202\" alt=\"\" title=\"38 &#8211; Ramon Riera &#8211; 86 &#8211; Boires i Reflexos\" aria-label=\"38 &#8211; Ramon Riera &#8211; 86 &#8211; Boires i Reflexos\" class=\"img-responsive wp-image-40370 fusion-gallery-image-size-fixed\" srcset=\"https:\/\/afc.cat\/wp-content\/uploads\/2024\/12\/38-Ramon-Riera-86-Boires-i-Reflexos-320x202.jpg 320w, https:\/\/afc.cat\/wp-content\/uploads\/2024\/12\/38-Ramon-Riera-86-Boires-i-Reflexos-700x441.jpg 700w\" sizes=\"(max-width: 320px) 100vw, 320px\" \/><\/a><\/div><\/div><div style=\"padding:5px;\" class=\"fusion-grid-column fusion-gallery-column fusion-gallery-column-6 hover-type-zoomin\"><div class=\"fusion-gallery-image\"><a href=\"https:\/\/afc.cat\/wp-content\/uploads\/2024\/12\/39-PERE-GRAUPERA-LANGA-80-Vista.jpg\" data-title=\"39 &#8211; PERE GRAUPERA LANGA &#8211; 80 &#8211; Vista.\" title=\"39 &#8211; PERE GRAUPERA LANGA &#8211; 80 &#8211; Vista.\" rel=\"noreferrer\" data-rel=\"iLightbox[gallery_image_1]\" class=\"fusion-lightbox\" target=\"_self\"><img decoding=\"async\" src=\"https:\/\/afc.cat\/wp-content\/uploads\/2024\/12\/39-PERE-GRAUPERA-LANGA-80-Vista-320x202.jpg\" width=\"320\" height=\"202\" alt=\"\" title=\"39 &#8211; PERE GRAUPERA LANGA &#8211; 80 &#8211; Vista.\" aria-label=\"39 &#8211; PERE GRAUPERA LANGA &#8211; 80 &#8211; Vista.\" class=\"img-responsive wp-image-40372 fusion-gallery-image-size-fixed\" srcset=\"https:\/\/afc.cat\/wp-content\/uploads\/2024\/12\/39-PERE-GRAUPERA-LANGA-80-Vista-320x202.jpg 320w, https:\/\/afc.cat\/wp-content\/uploads\/2024\/12\/39-PERE-GRAUPERA-LANGA-80-Vista-700x441.jpg 700w\" sizes=\"(max-width: 320px) 100vw, 320px\" \/><\/a><\/div><\/div><\/div><div class=\"fusion-separator fusion-full-width-sep\" style=\"align-self: center;margin-left: auto;margin-right: auto;margin-top:20px;margin-bottom:20px;width:100%;\"><div class=\"fusion-separator-border sep-single sep-solid\" style=\"border-color:#3ec0bf;border-top-width:1px;\"><\/div><\/div><div class=\"fusion-text fusion-text-5\"><p style=\"text-align: center;\"><strong>PUNTUACI\u00d3N\u00a0 COLOR<\/strong><\/p>\n<\/div><div style=\"text-align:center;\"><style>.fusion-imageframe.imageframe-2{ margin-bottom : 5%;}<\/style><span class=\" fusion-imageframe imageframe-none imageframe-2 hover-type-zoomin\"><img decoding=\"async\" width=\"862\" height=\"1276\" title=\"TO-24-25-NOVEMBRE-COLOR-1\" src=\"https:\/\/afc.cat\/wp-content\/uploads\/2024\/12\/TO-24-25-NOVEMBRE-COLOR-1.jpg\" alt class=\"img-responsive wp-image-40376\" srcset=\"https:\/\/afc.cat\/wp-content\/uploads\/2024\/12\/TO-24-25-NOVEMBRE-COLOR-1-200x296.jpg 200w, https:\/\/afc.cat\/wp-content\/uploads\/2024\/12\/TO-24-25-NOVEMBRE-COLOR-1-400x592.jpg 400w, https:\/\/afc.cat\/wp-content\/uploads\/2024\/12\/TO-24-25-NOVEMBRE-COLOR-1-600x888.jpg 600w, https:\/\/afc.cat\/wp-content\/uploads\/2024\/12\/TO-24-25-NOVEMBRE-COLOR-1-800x1184.jpg 800w, https:\/\/afc.cat\/wp-content\/uploads\/2024\/12\/TO-24-25-NOVEMBRE-COLOR-1.jpg 862w\" sizes=\"(max-width: 640px) 100vw, 862px\" \/><\/span><\/div><div class=\"fusion-text fusion-text-6\"><p style=\"text-align: center;\"><strong>Clasificaci\u00f3n color<\/strong><\/p>\n<\/div><style type=\"text\/css\">.fusion-gallery-2 .fusion-gallery-image {border:0px solid #e2e2e2;}<\/style><div class=\"fusion-gallery fusion-gallery-container fusion-grid-6 fusion-columns-total-43 fusion-gallery-layout-grid fusion-gallery-2\" style=\"margin:-5px;\"><div style=\"padding:5px;\" class=\"fusion-grid-column fusion-gallery-column fusion-gallery-column-6 hover-type-zoomin\"><div class=\"fusion-gallery-image\"><a href=\"https:\/\/afc.cat\/wp-content\/uploads\/2024\/12\/1-Josep-Alonso-Gonzalez-119-Cami-de-llum.jpg\" data-title=\"1 &#8211; Josep Alonso Gonzalez &#8211; 119 &#8211; Cami de llum\" title=\"1 &#8211; Josep Alonso Gonzalez &#8211; 119 &#8211; Cami de llum\" rel=\"noreferrer\" data-rel=\"iLightbox[gallery_image_2]\" class=\"fusion-lightbox\" target=\"_self\"><img decoding=\"async\" src=\"https:\/\/afc.cat\/wp-content\/uploads\/2024\/12\/1-Josep-Alonso-Gonzalez-119-Cami-de-llum-320x202.jpg\" width=\"320\" height=\"202\" alt=\"\" title=\"1 &#8211; Josep Alonso Gonzalez &#8211; 119 &#8211; Cami de llum\" aria-label=\"1 &#8211; Josep Alonso Gonzalez &#8211; 119 &#8211; Cami de llum\" class=\"img-responsive wp-image-40210 fusion-gallery-image-size-fixed\" srcset=\"https:\/\/afc.cat\/wp-content\/uploads\/2024\/12\/1-Josep-Alonso-Gonzalez-119-Cami-de-llum-320x202.jpg 320w, https:\/\/afc.cat\/wp-content\/uploads\/2024\/12\/1-Josep-Alonso-Gonzalez-119-Cami-de-llum-700x441.jpg 700w\" sizes=\"(max-width: 320px) 100vw, 320px\" \/><\/a><\/div><\/div><div style=\"padding:5px;\" class=\"fusion-grid-column fusion-gallery-column fusion-gallery-column-6 hover-type-zoomin\"><div class=\"fusion-gallery-image\"><a href=\"https:\/\/afc.cat\/wp-content\/uploads\/2024\/12\/2-Sergi-Marcen-Lopez-115-Necram-tardor.jpg\" data-title=\"2 &#8211; Sergi Marcen Lopez &#8211; 115 &#8211; Necram tardor\" title=\"2 &#8211; Sergi Marcen Lopez &#8211; 115 &#8211; Necram tardor\" rel=\"noreferrer\" data-rel=\"iLightbox[gallery_image_2]\" class=\"fusion-lightbox\" target=\"_self\"><img decoding=\"async\" src=\"https:\/\/afc.cat\/wp-content\/uploads\/2024\/12\/2-Sergi-Marcen-Lopez-115-Necram-tardor-320x202.jpg\" width=\"320\" height=\"202\" alt=\"\" title=\"2 &#8211; Sergi Marcen Lopez &#8211; 115 &#8211; Necram tardor\" aria-label=\"2 &#8211; Sergi Marcen Lopez &#8211; 115 &#8211; Necram tardor\" class=\"img-responsive wp-image-40212 fusion-gallery-image-size-fixed\" srcset=\"https:\/\/afc.cat\/wp-content\/uploads\/2024\/12\/2-Sergi-Marcen-Lopez-115-Necram-tardor-320x202.jpg 320w, https:\/\/afc.cat\/wp-content\/uploads\/2024\/12\/2-Sergi-Marcen-Lopez-115-Necram-tardor-700x441.jpg 700w\" sizes=\"(max-width: 320px) 100vw, 320px\" \/><\/a><\/div><\/div><div style=\"padding:5px;\" class=\"fusion-grid-column fusion-gallery-column fusion-gallery-column-6 hover-type-zoomin\"><div class=\"fusion-gallery-image\"><a href=\"https:\/\/afc.cat\/wp-content\/uploads\/2024\/12\/3-Josep-Recio-Romaguera-114-Cami-a-la-salut.jpg\" data-title=\"3 &#8211; Josep Recio Romaguera &#8211; 114 &#8211; Cami a la salut\" title=\"3 &#8211; Josep Recio Romaguera &#8211; 114 &#8211; Cami a la salut\" rel=\"noreferrer\" data-rel=\"iLightbox[gallery_image_2]\" class=\"fusion-lightbox\" target=\"_self\"><img decoding=\"async\" src=\"https:\/\/afc.cat\/wp-content\/uploads\/2024\/12\/3-Josep-Recio-Romaguera-114-Cami-a-la-salut-320x202.jpg\" width=\"320\" height=\"202\" alt=\"\" title=\"3 &#8211; Josep Recio Romaguera &#8211; 114 &#8211; Cami a la salut\" aria-label=\"3 &#8211; Josep Recio Romaguera &#8211; 114 &#8211; Cami a la salut\" class=\"img-responsive wp-image-40214 fusion-gallery-image-size-fixed\" srcset=\"https:\/\/afc.cat\/wp-content\/uploads\/2024\/12\/3-Josep-Recio-Romaguera-114-Cami-a-la-salut-320x202.jpg 320w, https:\/\/afc.cat\/wp-content\/uploads\/2024\/12\/3-Josep-Recio-Romaguera-114-Cami-a-la-salut-700x441.jpg 700w\" sizes=\"(max-width: 320px) 100vw, 320px\" \/><\/a><\/div><\/div><div class=\"clearfix\"><\/div><div style=\"padding:5px;\" class=\"fusion-grid-column fusion-gallery-column fusion-gallery-column-6 hover-type-zoomin\"><div class=\"fusion-gallery-image\"><a href=\"https:\/\/afc.cat\/wp-content\/uploads\/2024\/12\/4-Miquel-Cabre-113-Duet-de-Fulles.jpg\" data-title=\"4 &#8211; Miquel Cabr\u00e9 &#8211; 113 &#8211; Duet de Fulles\" title=\"4 &#8211; Miquel Cabr\u00e9 &#8211; 113 &#8211; Duet de Fulles\" rel=\"noreferrer\" data-rel=\"iLightbox[gallery_image_2]\" class=\"fusion-lightbox\" target=\"_self\"><img decoding=\"async\" src=\"https:\/\/afc.cat\/wp-content\/uploads\/2024\/12\/4-Miquel-Cabre-113-Duet-de-Fulles-320x202.jpg\" width=\"320\" height=\"202\" alt=\"\" title=\"4 &#8211; Miquel Cabr\u00e9 &#8211; 113 &#8211; Duet de Fulles\" aria-label=\"4 &#8211; Miquel Cabr\u00e9 &#8211; 113 &#8211; Duet de Fulles\" class=\"img-responsive wp-image-40216 fusion-gallery-image-size-fixed\" srcset=\"https:\/\/afc.cat\/wp-content\/uploads\/2024\/12\/4-Miquel-Cabre-113-Duet-de-Fulles-320x202.jpg 320w, https:\/\/afc.cat\/wp-content\/uploads\/2024\/12\/4-Miquel-Cabre-113-Duet-de-Fulles-700x441.jpg 700w\" sizes=\"(max-width: 320px) 100vw, 320px\" \/><\/a><\/div><\/div><div style=\"padding:5px;\" class=\"fusion-grid-column fusion-gallery-column fusion-gallery-column-6 hover-type-zoomin\"><div class=\"fusion-gallery-image\"><a href=\"https:\/\/afc.cat\/wp-content\/uploads\/2024\/12\/5-Josep-Soler-Vendrell-112-Passejada-matibnal.jpg\" data-title=\"5 &#8211; Josep Soler Vendrell &#8211; 112 &#8211; Passejada matibnal\" title=\"5 &#8211; Josep Soler Vendrell &#8211; 112 &#8211; Passejada matibnal\" rel=\"noreferrer\" data-rel=\"iLightbox[gallery_image_2]\" class=\"fusion-lightbox\" target=\"_self\"><img decoding=\"async\" src=\"https:\/\/afc.cat\/wp-content\/uploads\/2024\/12\/5-Josep-Soler-Vendrell-112-Passejada-matibnal-320x202.jpg\" width=\"320\" height=\"202\" alt=\"\" title=\"5 &#8211; Josep Soler Vendrell &#8211; 112 &#8211; Passejada matibnal\" aria-label=\"5 &#8211; Josep Soler Vendrell &#8211; 112 &#8211; Passejada matibnal\" class=\"img-responsive wp-image-40218 fusion-gallery-image-size-fixed\" srcset=\"https:\/\/afc.cat\/wp-content\/uploads\/2024\/12\/5-Josep-Soler-Vendrell-112-Passejada-matibnal-320x202.jpg 320w, https:\/\/afc.cat\/wp-content\/uploads\/2024\/12\/5-Josep-Soler-Vendrell-112-Passejada-matibnal-700x441.jpg 700w\" sizes=\"(max-width: 320px) 100vw, 320px\" \/><\/a><\/div><\/div><div style=\"padding:5px;\" class=\"fusion-grid-column fusion-gallery-column fusion-gallery-column-6 hover-type-zoomin\"><div class=\"fusion-gallery-image\"><a href=\"https:\/\/afc.cat\/wp-content\/uploads\/2024\/12\/6-Teresa-Tejero-Lopez-111-El-color-de-la-tardor.jpg\" data-title=\"6 &#8211; Teresa Tejero Lopez &#8211; 111 &#8211; El color de la tardor\" title=\"6 &#8211; Teresa Tejero Lopez &#8211; 111 &#8211; El color de la tardor\" rel=\"noreferrer\" data-rel=\"iLightbox[gallery_image_2]\" class=\"fusion-lightbox\" target=\"_self\"><img decoding=\"async\" src=\"https:\/\/afc.cat\/wp-content\/uploads\/2024\/12\/6-Teresa-Tejero-Lopez-111-El-color-de-la-tardor-320x202.jpg\" width=\"320\" height=\"202\" alt=\"\" title=\"6 &#8211; Teresa Tejero Lopez &#8211; 111 &#8211; El color de la tardor\" aria-label=\"6 &#8211; Teresa Tejero Lopez &#8211; 111 &#8211; El color de la tardor\" class=\"img-responsive wp-image-40220 fusion-gallery-image-size-fixed\" srcset=\"https:\/\/afc.cat\/wp-content\/uploads\/2024\/12\/6-Teresa-Tejero-Lopez-111-El-color-de-la-tardor-320x202.jpg 320w, https:\/\/afc.cat\/wp-content\/uploads\/2024\/12\/6-Teresa-Tejero-Lopez-111-El-color-de-la-tardor-700x441.jpg 700w\" sizes=\"(max-width: 320px) 100vw, 320px\" \/><\/a><\/div><\/div><div style=\"padding:5px;\" class=\"fusion-grid-column fusion-gallery-column fusion-gallery-column-6 hover-type-zoomin\"><div class=\"fusion-gallery-image\"><a href=\"https:\/\/afc.cat\/wp-content\/uploads\/2024\/12\/7-Clara-Lopez-Colomer-110-Despertar-a-la-Cerdanya.jpg\" data-title=\"7 &#8211; Clara Lopez Colomer &#8211; 110 &#8211; Despertar a la Cerdanya\" title=\"7 &#8211; Clara Lopez Colomer &#8211; 110 &#8211; Despertar a la Cerdanya\" rel=\"noreferrer\" data-rel=\"iLightbox[gallery_image_2]\" class=\"fusion-lightbox\" target=\"_self\"><img decoding=\"async\" src=\"https:\/\/afc.cat\/wp-content\/uploads\/2024\/12\/7-Clara-Lopez-Colomer-110-Despertar-a-la-Cerdanya-320x202.jpg\" width=\"320\" height=\"202\" alt=\"\" title=\"7 &#8211; Clara Lopez Colomer &#8211; 110 &#8211; Despertar a la Cerdanya\" aria-label=\"7 &#8211; Clara Lopez Colomer &#8211; 110 &#8211; Despertar a la Cerdanya\" class=\"img-responsive wp-image-40222 fusion-gallery-image-size-fixed\" srcset=\"https:\/\/afc.cat\/wp-content\/uploads\/2024\/12\/7-Clara-Lopez-Colomer-110-Despertar-a-la-Cerdanya-320x202.jpg 320w, https:\/\/afc.cat\/wp-content\/uploads\/2024\/12\/7-Clara-Lopez-Colomer-110-Despertar-a-la-Cerdanya-700x441.jpg 700w\" sizes=\"(max-width: 320px) 100vw, 320px\" \/><\/a><\/div><\/div><div style=\"padding:5px;\" class=\"fusion-grid-column fusion-gallery-column fusion-gallery-column-6 hover-type-zoomin\"><div class=\"fusion-gallery-image\"><a href=\"https:\/\/afc.cat\/wp-content\/uploads\/2024\/12\/8-Damia-Tous-Vazquez-110-Sortida-a-la-Llum.jpg\" data-title=\"8 &#8211; Dami\u00e0 Tous Vazquez &#8211; 110 &#8211; Sortida a la Llum\" title=\"8 &#8211; Dami\u00e0 Tous Vazquez &#8211; 110 &#8211; Sortida a la Llum\" rel=\"noreferrer\" data-rel=\"iLightbox[gallery_image_2]\" class=\"fusion-lightbox\" target=\"_self\"><img decoding=\"async\" src=\"https:\/\/afc.cat\/wp-content\/uploads\/2024\/12\/8-Damia-Tous-Vazquez-110-Sortida-a-la-Llum-320x202.jpg\" width=\"320\" height=\"202\" alt=\"\" title=\"8 &#8211; Dami\u00e0 Tous Vazquez &#8211; 110 &#8211; Sortida a la Llum\" aria-label=\"8 &#8211; Dami\u00e0 Tous Vazquez &#8211; 110 &#8211; Sortida a la Llum\" class=\"img-responsive wp-image-40224 fusion-gallery-image-size-fixed\" srcset=\"https:\/\/afc.cat\/wp-content\/uploads\/2024\/12\/8-Damia-Tous-Vazquez-110-Sortida-a-la-Llum-320x202.jpg 320w, https:\/\/afc.cat\/wp-content\/uploads\/2024\/12\/8-Damia-Tous-Vazquez-110-Sortida-a-la-Llum-700x441.jpg 700w\" sizes=\"(max-width: 320px) 100vw, 320px\" \/><\/a><\/div><\/div><div style=\"padding:5px;\" class=\"fusion-grid-column fusion-gallery-column fusion-gallery-column-6 hover-type-zoomin\"><div class=\"fusion-gallery-image\"><a href=\"https:\/\/afc.cat\/wp-content\/uploads\/2024\/12\/9-Francisco-Olmos-Cubero-110-Tardor.jpg\" data-title=\"9 &#8211; Francisco Olmos Cubero &#8211; 110 &#8211; Tardor\" title=\"9 &#8211; Francisco Olmos Cubero &#8211; 110 &#8211; Tardor\" rel=\"noreferrer\" data-rel=\"iLightbox[gallery_image_2]\" class=\"fusion-lightbox\" target=\"_self\"><img decoding=\"async\" src=\"https:\/\/afc.cat\/wp-content\/uploads\/2024\/12\/9-Francisco-Olmos-Cubero-110-Tardor-320x202.jpg\" width=\"320\" height=\"202\" alt=\"\" title=\"9 &#8211; Francisco Olmos Cubero &#8211; 110 &#8211; Tardor\" aria-label=\"9 &#8211; Francisco Olmos Cubero &#8211; 110 &#8211; Tardor\" class=\"img-responsive wp-image-40226 fusion-gallery-image-size-fixed\" srcset=\"https:\/\/afc.cat\/wp-content\/uploads\/2024\/12\/9-Francisco-Olmos-Cubero-110-Tardor-320x202.jpg 320w, https:\/\/afc.cat\/wp-content\/uploads\/2024\/12\/9-Francisco-Olmos-Cubero-110-Tardor-700x441.jpg 700w\" sizes=\"(max-width: 320px) 100vw, 320px\" \/><\/a><\/div><\/div><div class=\"clearfix\"><\/div><div style=\"padding:5px;\" class=\"fusion-grid-column fusion-gallery-column fusion-gallery-column-6 hover-type-zoomin\"><div class=\"fusion-gallery-image\"><a href=\"https:\/\/afc.cat\/wp-content\/uploads\/2024\/12\/10-Joan-Rue-Domingo-109-Tardor-examinada_001.jpg\" data-title=\"10 &#8211; Joan Ru\u00e9 Domingo &#8211; 109 &#8211; Tardor examinada_001\" title=\"10 &#8211; Joan Ru\u00e9 Domingo &#8211; 109 &#8211; Tardor examinada_001\" rel=\"noreferrer\" data-rel=\"iLightbox[gallery_image_2]\" class=\"fusion-lightbox\" target=\"_self\"><img decoding=\"async\" src=\"https:\/\/afc.cat\/wp-content\/uploads\/2024\/12\/10-Joan-Rue-Domingo-109-Tardor-examinada_001-320x202.jpg\" width=\"320\" height=\"202\" alt=\"\" title=\"10 &#8211; Joan Ru\u00e9 Domingo &#8211; 109 &#8211; Tardor examinada_001\" aria-label=\"10 &#8211; Joan Ru\u00e9 Domingo &#8211; 109 &#8211; Tardor examinada_001\" class=\"img-responsive wp-image-40228 fusion-gallery-image-size-fixed\" srcset=\"https:\/\/afc.cat\/wp-content\/uploads\/2024\/12\/10-Joan-Rue-Domingo-109-Tardor-examinada_001-320x202.jpg 320w, https:\/\/afc.cat\/wp-content\/uploads\/2024\/12\/10-Joan-Rue-Domingo-109-Tardor-examinada_001-700x441.jpg 700w\" sizes=\"(max-width: 320px) 100vw, 320px\" \/><\/a><\/div><\/div><div style=\"padding:5px;\" class=\"fusion-grid-column fusion-gallery-column fusion-gallery-column-6 hover-type-zoomin\"><div class=\"fusion-gallery-image\"><a href=\"https:\/\/afc.cat\/wp-content\/uploads\/2024\/12\/11-Dolors-Ventura-Canellas-106-ULTIMA-FULLA.jpg\" data-title=\"11 &#8211; Dolors Ventura Ca\u00f1ellas &#8211; 106 &#8211; ULTIMA FULLA\" title=\"11 &#8211; Dolors Ventura Ca\u00f1ellas &#8211; 106 &#8211; ULTIMA FULLA\" rel=\"noreferrer\" data-rel=\"iLightbox[gallery_image_2]\" class=\"fusion-lightbox\" target=\"_self\"><img decoding=\"async\" src=\"https:\/\/afc.cat\/wp-content\/uploads\/2024\/12\/11-Dolors-Ventura-Canellas-106-ULTIMA-FULLA-320x202.jpg\" width=\"320\" height=\"202\" alt=\"\" title=\"11 &#8211; Dolors Ventura Ca\u00f1ellas &#8211; 106 &#8211; ULTIMA FULLA\" aria-label=\"11 &#8211; Dolors Ventura Ca\u00f1ellas &#8211; 106 &#8211; ULTIMA FULLA\" class=\"img-responsive wp-image-40230 fusion-gallery-image-size-fixed\" srcset=\"https:\/\/afc.cat\/wp-content\/uploads\/2024\/12\/11-Dolors-Ventura-Canellas-106-ULTIMA-FULLA-200x127.jpg 200w, https:\/\/afc.cat\/wp-content\/uploads\/2024\/12\/11-Dolors-Ventura-Canellas-106-ULTIMA-FULLA-320x202.jpg 320w, https:\/\/afc.cat\/wp-content\/uploads\/2024\/12\/11-Dolors-Ventura-Canellas-106-ULTIMA-FULLA-700x441.jpg 700w\" sizes=\"(max-width: 320px) 100vw, 320px\" \/><\/a><\/div><\/div><div style=\"padding:5px;\" class=\"fusion-grid-column fusion-gallery-column fusion-gallery-column-6 hover-type-zoomin\"><div class=\"fusion-gallery-image\"><a href=\"https:\/\/afc.cat\/wp-content\/uploads\/2024\/12\/12-Antoni-Beneyto-Maria-104-Ombres-de-tardor.jpg\" data-title=\"12 &#8211; Antoni Beneyto Maria &#8211; 104 &#8211; Ombres de tardor\" title=\"12 &#8211; Antoni Beneyto Maria &#8211; 104 &#8211; Ombres de tardor\" rel=\"noreferrer\" data-rel=\"iLightbox[gallery_image_2]\" class=\"fusion-lightbox\" target=\"_self\"><img decoding=\"async\" src=\"https:\/\/afc.cat\/wp-content\/uploads\/2024\/12\/12-Antoni-Beneyto-Maria-104-Ombres-de-tardor-320x202.jpg\" width=\"320\" height=\"202\" alt=\"\" title=\"12 &#8211; Antoni Beneyto Maria &#8211; 104 &#8211; Ombres de tardor\" aria-label=\"12 &#8211; Antoni Beneyto Maria &#8211; 104 &#8211; Ombres de tardor\" class=\"img-responsive wp-image-40232 fusion-gallery-image-size-fixed\" srcset=\"https:\/\/afc.cat\/wp-content\/uploads\/2024\/12\/12-Antoni-Beneyto-Maria-104-Ombres-de-tardor-320x202.jpg 320w, https:\/\/afc.cat\/wp-content\/uploads\/2024\/12\/12-Antoni-Beneyto-Maria-104-Ombres-de-tardor-700x441.jpg 700w\" sizes=\"(max-width: 320px) 100vw, 320px\" \/><\/a><\/div><\/div><div style=\"padding:5px;\" class=\"fusion-grid-column fusion-gallery-column fusion-gallery-column-6 hover-type-zoomin\"><div class=\"fusion-gallery-image\"><a href=\"https:\/\/afc.cat\/wp-content\/uploads\/2024\/12\/13-Maxim-Poncela-Adot-104-TO-Colors-Tardor-2.jpg\" data-title=\"13 &#8211; M\u00e0xim Poncela Adot &#8211; 104 &#8211; TO Colors Tardor-2\" title=\"13 &#8211; M\u00e0xim Poncela Adot &#8211; 104 &#8211; TO Colors Tardor-2\" rel=\"noreferrer\" data-rel=\"iLightbox[gallery_image_2]\" class=\"fusion-lightbox\" target=\"_self\"><img decoding=\"async\" src=\"https:\/\/afc.cat\/wp-content\/uploads\/2024\/12\/13-Maxim-Poncela-Adot-104-TO-Colors-Tardor-2-320x202.jpg\" width=\"320\" height=\"202\" alt=\"\" title=\"13 &#8211; M\u00e0xim Poncela Adot &#8211; 104 &#8211; TO Colors Tardor-2\" aria-label=\"13 &#8211; M\u00e0xim Poncela Adot &#8211; 104 &#8211; TO Colors Tardor-2\" class=\"img-responsive wp-image-40234 fusion-gallery-image-size-fixed\" \/><\/a><\/div><\/div><div style=\"padding:5px;\" class=\"fusion-grid-column fusion-gallery-column fusion-gallery-column-6 hover-type-zoomin\"><div class=\"fusion-gallery-image\"><a href=\"https:\/\/afc.cat\/wp-content\/uploads\/2024\/12\/14-Jordi-Meseguer-Rafales-104-Ultimes-fulles.jpg\" data-title=\"14 &#8211; Jordi Meseguer Rafales &#8211; 104 &#8211; Ultimes fulles\" title=\"14 &#8211; Jordi Meseguer Rafales &#8211; 104 &#8211; Ultimes fulles\" rel=\"noreferrer\" data-rel=\"iLightbox[gallery_image_2]\" class=\"fusion-lightbox\" target=\"_self\"><img decoding=\"async\" src=\"https:\/\/afc.cat\/wp-content\/uploads\/2024\/12\/14-Jordi-Meseguer-Rafales-104-Ultimes-fulles-320x202.jpg\" width=\"320\" height=\"202\" alt=\"\" title=\"14 &#8211; Jordi Meseguer Rafales &#8211; 104 &#8211; Ultimes fulles\" aria-label=\"14 &#8211; Jordi Meseguer Rafales &#8211; 104 &#8211; Ultimes fulles\" class=\"img-responsive wp-image-40236 fusion-gallery-image-size-fixed\" \/><\/a><\/div><\/div><div style=\"padding:5px;\" class=\"fusion-grid-column fusion-gallery-column fusion-gallery-column-6 hover-type-zoomin\"><div class=\"fusion-gallery-image\"><a href=\"https:\/\/afc.cat\/wp-content\/uploads\/2024\/12\/15-Lluis-Porcel-Gimenez-103-boira.jpg\" data-title=\"15 &#8211; Llu\u00eds Porcel Gim\u00e9nez &#8211; 103 &#8211; boira\" title=\"15 &#8211; Llu\u00eds Porcel Gim\u00e9nez &#8211; 103 &#8211; boira\" rel=\"noreferrer\" data-rel=\"iLightbox[gallery_image_2]\" class=\"fusion-lightbox\" target=\"_self\"><img decoding=\"async\" src=\"https:\/\/afc.cat\/wp-content\/uploads\/2024\/12\/15-Lluis-Porcel-Gimenez-103-boira-320x202.jpg\" width=\"320\" height=\"202\" alt=\"\" title=\"15 &#8211; Llu\u00eds Porcel Gim\u00e9nez &#8211; 103 &#8211; boira\" aria-label=\"15 &#8211; Llu\u00eds Porcel Gim\u00e9nez &#8211; 103 &#8211; boira\" class=\"img-responsive wp-image-40238 fusion-gallery-image-size-fixed\" srcset=\"https:\/\/afc.cat\/wp-content\/uploads\/2024\/12\/15-Lluis-Porcel-Gimenez-103-boira-320x202.jpg 320w, https:\/\/afc.cat\/wp-content\/uploads\/2024\/12\/15-Lluis-Porcel-Gimenez-103-boira-700x441.jpg 700w\" sizes=\"(max-width: 320px) 100vw, 320px\" \/><\/a><\/div><\/div><div class=\"clearfix\"><\/div><div style=\"padding:5px;\" class=\"fusion-grid-column fusion-gallery-column fusion-gallery-column-6 hover-type-zoomin\"><div class=\"fusion-gallery-image\"><a href=\"https:\/\/afc.cat\/wp-content\/uploads\/2024\/12\/16-Albert-Folch-Navalon-103-Tarda-de-tardor.jpg\" data-title=\"16 &#8211; Albert Folch Naval\u00f3n &#8211; 103 &#8211; Tarda de tardor\" title=\"16 &#8211; Albert Folch Naval\u00f3n &#8211; 103 &#8211; Tarda de tardor\" rel=\"noreferrer\" data-rel=\"iLightbox[gallery_image_2]\" class=\"fusion-lightbox\" target=\"_self\"><img decoding=\"async\" src=\"https:\/\/afc.cat\/wp-content\/uploads\/2024\/12\/16-Albert-Folch-Navalon-103-Tarda-de-tardor-320x202.jpg\" width=\"320\" height=\"202\" alt=\"\" title=\"16 &#8211; Albert Folch Naval\u00f3n &#8211; 103 &#8211; Tarda de tardor\" aria-label=\"16 &#8211; Albert Folch Naval\u00f3n &#8211; 103 &#8211; Tarda de tardor\" class=\"img-responsive wp-image-40240 fusion-gallery-image-size-fixed\" srcset=\"https:\/\/afc.cat\/wp-content\/uploads\/2024\/12\/16-Albert-Folch-Navalon-103-Tarda-de-tardor-320x202.jpg 320w, https:\/\/afc.cat\/wp-content\/uploads\/2024\/12\/16-Albert-Folch-Navalon-103-Tarda-de-tardor-700x441.jpg 700w\" sizes=\"(max-width: 320px) 100vw, 320px\" \/><\/a><\/div><\/div><div style=\"padding:5px;\" class=\"fusion-grid-column fusion-gallery-column fusion-gallery-column-6 hover-type-zoomin\"><div class=\"fusion-gallery-image\"><a href=\"https:\/\/afc.cat\/wp-content\/uploads\/2024\/12\/17-Xavier-Bou-Salazar-103-Tardor.jpg\" data-title=\"17 &#8211; Xavier Bou Salazar &#8211; 103 &#8211; Tardor\" title=\"17 &#8211; Xavier Bou Salazar &#8211; 103 &#8211; Tardor\" rel=\"noreferrer\" data-rel=\"iLightbox[gallery_image_2]\" class=\"fusion-lightbox\" target=\"_self\"><img decoding=\"async\" src=\"https:\/\/afc.cat\/wp-content\/uploads\/2024\/12\/17-Xavier-Bou-Salazar-103-Tardor-320x202.jpg\" width=\"320\" height=\"202\" alt=\"\" title=\"17 &#8211; Xavier Bou Salazar &#8211; 103 &#8211; Tardor\" aria-label=\"17 &#8211; Xavier Bou Salazar &#8211; 103 &#8211; Tardor\" class=\"img-responsive wp-image-40242 fusion-gallery-image-size-fixed\" srcset=\"https:\/\/afc.cat\/wp-content\/uploads\/2024\/12\/17-Xavier-Bou-Salazar-103-Tardor-320x202.jpg 320w, https:\/\/afc.cat\/wp-content\/uploads\/2024\/12\/17-Xavier-Bou-Salazar-103-Tardor-700x441.jpg 700w\" sizes=\"(max-width: 320px) 100vw, 320px\" \/><\/a><\/div><\/div><div style=\"padding:5px;\" class=\"fusion-grid-column fusion-gallery-column fusion-gallery-column-6 hover-type-zoomin\"><div class=\"fusion-gallery-image\"><a href=\"https:\/\/afc.cat\/wp-content\/uploads\/2024\/12\/18-Joan-Soldevila-Adan-103-Tardor-a-la-ciutat.jpg\" data-title=\"18 &#8211; Joan Soldevila Ad\u00e1n &#8211; 103 &#8211; Tardor a la ciutat\" title=\"18 &#8211; Joan Soldevila Ad\u00e1n &#8211; 103 &#8211; Tardor a la ciutat\" rel=\"noreferrer\" data-rel=\"iLightbox[gallery_image_2]\" class=\"fusion-lightbox\" target=\"_self\"><img decoding=\"async\" src=\"https:\/\/afc.cat\/wp-content\/uploads\/2024\/12\/18-Joan-Soldevila-Adan-103-Tardor-a-la-ciutat-320x202.jpg\" width=\"320\" height=\"202\" alt=\"\" title=\"18 &#8211; Joan Soldevila Ad\u00e1n &#8211; 103 &#8211; Tardor a la ciutat\" aria-label=\"18 &#8211; Joan Soldevila Ad\u00e1n &#8211; 103 &#8211; Tardor a la ciutat\" class=\"img-responsive wp-image-40244 fusion-gallery-image-size-fixed\" srcset=\"https:\/\/afc.cat\/wp-content\/uploads\/2024\/12\/18-Joan-Soldevila-Adan-103-Tardor-a-la-ciutat-320x202.jpg 320w, https:\/\/afc.cat\/wp-content\/uploads\/2024\/12\/18-Joan-Soldevila-Adan-103-Tardor-a-la-ciutat-700x441.jpg 700w\" sizes=\"(max-width: 320px) 100vw, 320px\" \/><\/a><\/div><\/div><div style=\"padding:5px;\" class=\"fusion-grid-column fusion-gallery-column fusion-gallery-column-6 hover-type-zoomin\"><div class=\"fusion-gallery-image\"><a href=\"https:\/\/afc.cat\/wp-content\/uploads\/2024\/12\/19-Santiago-Garcia-Cuadrado-102-Anem-a-bolets.jpg\" data-title=\"19 &#8211; Santiago Garc\u00eda Cuadrado &#8211; 102 &#8211; Anem a bolets\" title=\"19 &#8211; Santiago Garc\u00eda Cuadrado &#8211; 102 &#8211; Anem a bolets\" rel=\"noreferrer\" data-rel=\"iLightbox[gallery_image_2]\" class=\"fusion-lightbox\" target=\"_self\"><img decoding=\"async\" src=\"https:\/\/afc.cat\/wp-content\/uploads\/2024\/12\/19-Santiago-Garcia-Cuadrado-102-Anem-a-bolets-320x202.jpg\" width=\"320\" height=\"202\" alt=\"\" title=\"19 &#8211; Santiago Garc\u00eda Cuadrado &#8211; 102 &#8211; Anem a bolets\" aria-label=\"19 &#8211; Santiago Garc\u00eda Cuadrado &#8211; 102 &#8211; Anem a bolets\" class=\"img-responsive wp-image-40246 fusion-gallery-image-size-fixed\" srcset=\"https:\/\/afc.cat\/wp-content\/uploads\/2024\/12\/19-Santiago-Garcia-Cuadrado-102-Anem-a-bolets-320x202.jpg 320w, https:\/\/afc.cat\/wp-content\/uploads\/2024\/12\/19-Santiago-Garcia-Cuadrado-102-Anem-a-bolets-700x441.jpg 700w\" sizes=\"(max-width: 320px) 100vw, 320px\" \/><\/a><\/div><\/div><div style=\"padding:5px;\" class=\"fusion-grid-column fusion-gallery-column fusion-gallery-column-6 hover-type-zoomin\"><div class=\"fusion-gallery-image\"><a href=\"https:\/\/afc.cat\/wp-content\/uploads\/2024\/12\/20-Esperanca-Sanz-Marin-102-Despullats.jpg\" data-title=\"20 &#8211; Esperan\u00e7a Sanz Marin &#8211; 102 &#8211; Despullats\" title=\"20 &#8211; Esperan\u00e7a Sanz Marin &#8211; 102 &#8211; Despullats\" rel=\"noreferrer\" data-rel=\"iLightbox[gallery_image_2]\" class=\"fusion-lightbox\" target=\"_self\"><img decoding=\"async\" src=\"https:\/\/afc.cat\/wp-content\/uploads\/2024\/12\/20-Esperanca-Sanz-Marin-102-Despullats-320x202.jpg\" width=\"320\" height=\"202\" alt=\"\" title=\"20 &#8211; Esperan\u00e7a Sanz Marin &#8211; 102 &#8211; Despullats\" aria-label=\"20 &#8211; Esperan\u00e7a Sanz Marin &#8211; 102 &#8211; Despullats\" class=\"img-responsive wp-image-40248 fusion-gallery-image-size-fixed\" \/><\/a><\/div><\/div><div style=\"padding:5px;\" class=\"fusion-grid-column fusion-gallery-column fusion-gallery-column-6 hover-type-zoomin\"><div class=\"fusion-gallery-image\"><a href=\"https:\/\/afc.cat\/wp-content\/uploads\/2024\/12\/21-Gloria-Tatxe-Salas-102-Orgullos-i-solitari.jpg\" data-title=\"21 &#8211; Gloria Tatx\u00e9 Salas &#8211; 102 &#8211; Orgull\u00f3s i solitari\" title=\"21 &#8211; Gloria Tatx\u00e9 Salas &#8211; 102 &#8211; Orgull\u00f3s i solitari\" rel=\"noreferrer\" data-rel=\"iLightbox[gallery_image_2]\" class=\"fusion-lightbox\" target=\"_self\"><img decoding=\"async\" src=\"https:\/\/afc.cat\/wp-content\/uploads\/2024\/12\/21-Gloria-Tatxe-Salas-102-Orgullos-i-solitari-320x202.jpg\" width=\"320\" height=\"202\" alt=\"\" title=\"21 &#8211; Gloria Tatx\u00e9 Salas &#8211; 102 &#8211; Orgull\u00f3s i solitari\" aria-label=\"21 &#8211; Gloria Tatx\u00e9 Salas &#8211; 102 &#8211; Orgull\u00f3s i solitari\" class=\"img-responsive wp-image-40250 fusion-gallery-image-size-fixed\" srcset=\"https:\/\/afc.cat\/wp-content\/uploads\/2024\/12\/21-Gloria-Tatxe-Salas-102-Orgullos-i-solitari-320x202.jpg 320w, https:\/\/afc.cat\/wp-content\/uploads\/2024\/12\/21-Gloria-Tatxe-Salas-102-Orgullos-i-solitari-700x441.jpg 700w\" sizes=\"(max-width: 320px) 100vw, 320px\" \/><\/a><\/div><\/div><div class=\"clearfix\"><\/div><div style=\"padding:5px;\" class=\"fusion-grid-column fusion-gallery-column fusion-gallery-column-6 hover-type-zoomin\"><div class=\"fusion-gallery-image\"><a href=\"https:\/\/afc.cat\/wp-content\/uploads\/2024\/12\/22-Ramon-Riera-102-Pics-il.luminats.jpg\" data-title=\"22 &#8211; Ramon Riera &#8211; 102 &#8211; Pics il.luminats\" title=\"22 &#8211; Ramon Riera &#8211; 102 &#8211; Pics il.luminats\" rel=\"noreferrer\" data-rel=\"iLightbox[gallery_image_2]\" class=\"fusion-lightbox\" target=\"_self\"><img decoding=\"async\" src=\"https:\/\/afc.cat\/wp-content\/uploads\/2024\/12\/22-Ramon-Riera-102-Pics-il.luminats-320x202.jpg\" width=\"320\" height=\"202\" alt=\"\" title=\"22 &#8211; Ramon Riera &#8211; 102 &#8211; Pics il.luminats\" aria-label=\"22 &#8211; Ramon Riera &#8211; 102 &#8211; Pics il.luminats\" class=\"img-responsive wp-image-40252 fusion-gallery-image-size-fixed\" srcset=\"https:\/\/afc.cat\/wp-content\/uploads\/2024\/12\/22-Ramon-Riera-102-Pics-il.luminats-320x202.jpg 320w, https:\/\/afc.cat\/wp-content\/uploads\/2024\/12\/22-Ramon-Riera-102-Pics-il.luminats-700x441.jpg 700w\" sizes=\"(max-width: 320px) 100vw, 320px\" \/><\/a><\/div><\/div><div style=\"padding:5px;\" class=\"fusion-grid-column fusion-gallery-column fusion-gallery-column-6 hover-type-zoomin\"><div class=\"fusion-gallery-image\"><a href=\"https:\/\/afc.cat\/wp-content\/uploads\/2024\/12\/23-Josep-Maria-Bonjoch-Trilla-101-T.O.-Color-LLUMS-DE-TARDOR-Josep-Maria-Bonjoch.jpg\" data-title=\"23 &#8211; Josep Maria Bonjoch Trilla &#8211; 101 &#8211; T.O. Color LLUMS DE TARDOR Josep Maria Bonjoch\" title=\"23 &#8211; Josep Maria Bonjoch Trilla &#8211; 101 &#8211; T.O. Color LLUMS DE TARDOR Josep Maria Bonjoch\" rel=\"noreferrer\" data-rel=\"iLightbox[gallery_image_2]\" class=\"fusion-lightbox\" target=\"_self\"><img decoding=\"async\" src=\"https:\/\/afc.cat\/wp-content\/uploads\/2024\/12\/23-Josep-Maria-Bonjoch-Trilla-101-T.O.-Color-LLUMS-DE-TARDOR-Josep-Maria-Bonjoch-320x202.jpg\" width=\"320\" height=\"202\" alt=\"\" title=\"23 &#8211; Josep Maria Bonjoch Trilla &#8211; 101 &#8211; T.O. Color LLUMS DE TARDOR Josep Maria Bonjoch\" aria-label=\"23 &#8211; Josep Maria Bonjoch Trilla &#8211; 101 &#8211; T.O. Color LLUMS DE TARDOR Josep Maria Bonjoch\" class=\"img-responsive wp-image-40254 fusion-gallery-image-size-fixed\" srcset=\"https:\/\/afc.cat\/wp-content\/uploads\/2024\/12\/23-Josep-Maria-Bonjoch-Trilla-101-T.O.-Color-LLUMS-DE-TARDOR-Josep-Maria-Bonjoch-320x202.jpg 320w, https:\/\/afc.cat\/wp-content\/uploads\/2024\/12\/23-Josep-Maria-Bonjoch-Trilla-101-T.O.-Color-LLUMS-DE-TARDOR-Josep-Maria-Bonjoch-700x441.jpg 700w\" sizes=\"(max-width: 320px) 100vw, 320px\" \/><\/a><\/div><\/div><div style=\"padding:5px;\" class=\"fusion-grid-column fusion-gallery-column fusion-gallery-column-6 hover-type-zoomin\"><div class=\"fusion-gallery-image\"><a href=\"https:\/\/afc.cat\/wp-content\/uploads\/2024\/12\/24-Carme-Mur-Calvo-98-Iluminando-el-camino.jpg\" data-title=\"24 &#8211; Carme Mur Calv\u00f3 &#8211; 98 &#8211; Iluminando el camino\" title=\"24 &#8211; Carme Mur Calv\u00f3 &#8211; 98 &#8211; Iluminando el camino\" rel=\"noreferrer\" data-rel=\"iLightbox[gallery_image_2]\" class=\"fusion-lightbox\" target=\"_self\"><img decoding=\"async\" src=\"https:\/\/afc.cat\/wp-content\/uploads\/2024\/12\/24-Carme-Mur-Calvo-98-Iluminando-el-camino-320x202.jpg\" width=\"320\" height=\"202\" alt=\"\" title=\"24 &#8211; Carme Mur Calv\u00f3 &#8211; 98 &#8211; Iluminando el camino\" aria-label=\"24 &#8211; Carme Mur Calv\u00f3 &#8211; 98 &#8211; Iluminando el camino\" class=\"img-responsive wp-image-40256 fusion-gallery-image-size-fixed\" \/><\/a><\/div><\/div><div style=\"padding:5px;\" class=\"fusion-grid-column fusion-gallery-column fusion-gallery-column-6 hover-type-zoomin\"><div class=\"fusion-gallery-image\"><a href=\"https:\/\/afc.cat\/wp-content\/uploads\/2024\/12\/25-Albert-Bolea-Noya-98-Tardo-exuberant.jpg\" data-title=\"25 &#8211; Albert Bolea Noya &#8211; 98 &#8211; Tardo exuberant\" title=\"25 &#8211; Albert Bolea Noya &#8211; 98 &#8211; Tardo exuberant\" rel=\"noreferrer\" data-rel=\"iLightbox[gallery_image_2]\" class=\"fusion-lightbox\" target=\"_self\"><img decoding=\"async\" src=\"https:\/\/afc.cat\/wp-content\/uploads\/2024\/12\/25-Albert-Bolea-Noya-98-Tardo-exuberant-320x202.jpg\" width=\"320\" height=\"202\" alt=\"\" title=\"25 &#8211; Albert Bolea Noya &#8211; 98 &#8211; Tardo exuberant\" aria-label=\"25 &#8211; Albert Bolea Noya &#8211; 98 &#8211; Tardo exuberant\" class=\"img-responsive wp-image-40258 fusion-gallery-image-size-fixed\" srcset=\"https:\/\/afc.cat\/wp-content\/uploads\/2024\/12\/25-Albert-Bolea-Noya-98-Tardo-exuberant-320x202.jpg 320w, https:\/\/afc.cat\/wp-content\/uploads\/2024\/12\/25-Albert-Bolea-Noya-98-Tardo-exuberant-700x441.jpg 700w\" sizes=\"(max-width: 320px) 100vw, 320px\" \/><\/a><\/div><\/div><div style=\"padding:5px;\" class=\"fusion-grid-column fusion-gallery-column fusion-gallery-column-6 hover-type-zoomin\"><div class=\"fusion-gallery-image\"><a href=\"https:\/\/afc.cat\/wp-content\/uploads\/2024\/12\/26-Carmen-Casademont-Ribot-97-Albada-de-novembre.jpg\" data-title=\"26 &#8211; Carmen Casademont Ribot &#8211; 97 &#8211; Albada de novembre\" title=\"26 &#8211; Carmen Casademont Ribot &#8211; 97 &#8211; Albada de novembre\" rel=\"noreferrer\" data-rel=\"iLightbox[gallery_image_2]\" class=\"fusion-lightbox\" target=\"_self\"><img decoding=\"async\" src=\"https:\/\/afc.cat\/wp-content\/uploads\/2024\/12\/26-Carmen-Casademont-Ribot-97-Albada-de-novembre-320x202.jpg\" width=\"320\" height=\"202\" alt=\"\" title=\"26 &#8211; Carmen Casademont Ribot &#8211; 97 &#8211; Albada de novembre\" aria-label=\"26 &#8211; Carmen Casademont Ribot &#8211; 97 &#8211; Albada de novembre\" class=\"img-responsive wp-image-40260 fusion-gallery-image-size-fixed\" srcset=\"https:\/\/afc.cat\/wp-content\/uploads\/2024\/12\/26-Carmen-Casademont-Ribot-97-Albada-de-novembre-320x202.jpg 320w, https:\/\/afc.cat\/wp-content\/uploads\/2024\/12\/26-Carmen-Casademont-Ribot-97-Albada-de-novembre-700x441.jpg 700w\" sizes=\"(max-width: 320px) 100vw, 320px\" \/><\/a><\/div><\/div><div style=\"padding:5px;\" class=\"fusion-grid-column fusion-gallery-column fusion-gallery-column-6 hover-type-zoomin\"><div class=\"fusion-gallery-image\"><a href=\"https:\/\/afc.cat\/wp-content\/uploads\/2024\/12\/27-Nuria-Noguera-German-97-Branca-tardorenca.jpg\" data-title=\"27 &#8211; N\u00faria Noguera German &#8211; 97 &#8211; Branca tardorenca\" title=\"27 &#8211; N\u00faria Noguera German &#8211; 97 &#8211; Branca tardorenca\" rel=\"noreferrer\" data-rel=\"iLightbox[gallery_image_2]\" class=\"fusion-lightbox\" target=\"_self\"><img decoding=\"async\" src=\"https:\/\/afc.cat\/wp-content\/uploads\/2024\/12\/27-Nuria-Noguera-German-97-Branca-tardorenca-320x202.jpg\" width=\"320\" height=\"202\" alt=\"\" title=\"27 &#8211; N\u00faria Noguera German &#8211; 97 &#8211; Branca tardorenca\" aria-label=\"27 &#8211; N\u00faria Noguera German &#8211; 97 &#8211; Branca tardorenca\" class=\"img-responsive wp-image-40262 fusion-gallery-image-size-fixed\" srcset=\"https:\/\/afc.cat\/wp-content\/uploads\/2024\/12\/27-Nuria-Noguera-German-97-Branca-tardorenca-320x202.jpg 320w, https:\/\/afc.cat\/wp-content\/uploads\/2024\/12\/27-Nuria-Noguera-German-97-Branca-tardorenca-700x441.jpg 700w\" sizes=\"(max-width: 320px) 100vw, 320px\" \/><\/a><\/div><\/div><div class=\"clearfix\"><\/div><div style=\"padding:5px;\" class=\"fusion-grid-column fusion-gallery-column fusion-gallery-column-6 hover-type-zoomin\"><div class=\"fusion-gallery-image\"><a href=\"https:\/\/afc.cat\/wp-content\/uploads\/2024\/12\/28-Merce-Rios-Bejar-97-Colors-sobre-el-riu-Merce-Rios-PA300044.jpg\" data-title=\"28 &#8211; Merc\u00e8 R\u00edos Bejar &#8211; 97 &#8211; Colors sobre el riu-Merce Rios-PA300044\" title=\"28 &#8211; Merc\u00e8 R\u00edos Bejar &#8211; 97 &#8211; Colors sobre el riu-Merce Rios-PA300044\" rel=\"noreferrer\" data-rel=\"iLightbox[gallery_image_2]\" class=\"fusion-lightbox\" target=\"_self\"><img decoding=\"async\" src=\"https:\/\/afc.cat\/wp-content\/uploads\/2024\/12\/28-Merce-Rios-Bejar-97-Colors-sobre-el-riu-Merce-Rios-PA300044-320x202.jpg\" width=\"320\" height=\"202\" alt=\"\" title=\"28 &#8211; Merc\u00e8 R\u00edos Bejar &#8211; 97 &#8211; Colors sobre el riu-Merce Rios-PA300044\" aria-label=\"28 &#8211; Merc\u00e8 R\u00edos Bejar &#8211; 97 &#8211; Colors sobre el riu-Merce Rios-PA300044\" class=\"img-responsive wp-image-40264 fusion-gallery-image-size-fixed\" srcset=\"https:\/\/afc.cat\/wp-content\/uploads\/2024\/12\/28-Merce-Rios-Bejar-97-Colors-sobre-el-riu-Merce-Rios-PA300044-320x202.jpg 320w, https:\/\/afc.cat\/wp-content\/uploads\/2024\/12\/28-Merce-Rios-Bejar-97-Colors-sobre-el-riu-Merce-Rios-PA300044-700x441.jpg 700w\" sizes=\"(max-width: 320px) 100vw, 320px\" \/><\/a><\/div><\/div><div style=\"padding:5px;\" class=\"fusion-grid-column fusion-gallery-column fusion-gallery-column-6 hover-type-zoomin\"><div class=\"fusion-gallery-image\"><a href=\"https:\/\/afc.cat\/wp-content\/uploads\/2024\/12\/29-Francesca-Portoles-Braso-95-Detall-de-la-Fageda.jpg\" data-title=\"29 &#8211; Francesca Portol\u00e9s Bras\u00f3 &#8211; 95 &#8211; Detall de la Fageda\" title=\"29 &#8211; Francesca Portol\u00e9s Bras\u00f3 &#8211; 95 &#8211; Detall de la Fageda\" rel=\"noreferrer\" data-rel=\"iLightbox[gallery_image_2]\" class=\"fusion-lightbox\" target=\"_self\"><img decoding=\"async\" src=\"https:\/\/afc.cat\/wp-content\/uploads\/2024\/12\/29-Francesca-Portoles-Braso-95-Detall-de-la-Fageda-320x202.jpg\" width=\"320\" height=\"202\" alt=\"\" title=\"29 &#8211; Francesca Portol\u00e9s Bras\u00f3 &#8211; 95 &#8211; Detall de la Fageda\" aria-label=\"29 &#8211; Francesca Portol\u00e9s Bras\u00f3 &#8211; 95 &#8211; Detall de la Fageda\" class=\"img-responsive wp-image-40266 fusion-gallery-image-size-fixed\" \/><\/a><\/div><\/div><div style=\"padding:5px;\" class=\"fusion-grid-column fusion-gallery-column fusion-gallery-column-6 hover-type-zoomin\"><div class=\"fusion-gallery-image\"><a href=\"https:\/\/afc.cat\/wp-content\/uploads\/2024\/12\/30-Alfons-Ruiz-Gasulla-95-hombres-i-llum.jpg\" data-title=\"30 &#8211; Alfons Ruiz Gasulla &#8211; 95 &#8211; hombres i llum\" title=\"30 &#8211; Alfons Ruiz Gasulla &#8211; 95 &#8211; hombres i llum\" rel=\"noreferrer\" data-rel=\"iLightbox[gallery_image_2]\" class=\"fusion-lightbox\" target=\"_self\"><img decoding=\"async\" src=\"https:\/\/afc.cat\/wp-content\/uploads\/2024\/12\/30-Alfons-Ruiz-Gasulla-95-hombres-i-llum-320x202.jpg\" width=\"320\" height=\"202\" alt=\"\" title=\"30 &#8211; Alfons Ruiz Gasulla &#8211; 95 &#8211; hombres i llum\" aria-label=\"30 &#8211; Alfons Ruiz Gasulla &#8211; 95 &#8211; hombres i llum\" class=\"img-responsive wp-image-40268 fusion-gallery-image-size-fixed\" \/><\/a><\/div><\/div><div style=\"padding:5px;\" class=\"fusion-grid-column fusion-gallery-column fusion-gallery-column-6 hover-type-zoomin\"><div class=\"fusion-gallery-image\"><a href=\"https:\/\/afc.cat\/wp-content\/uploads\/2024\/12\/31-Pere-Josep-Sanchez-Romero-94-bosc-encantat.jpg\" data-title=\"31 &#8211; Pere Josep S\u00e1nchez Romero &#8211; 94 &#8211; bosc encantat\" title=\"31 &#8211; Pere Josep S\u00e1nchez Romero &#8211; 94 &#8211; bosc encantat\" rel=\"noreferrer\" data-rel=\"iLightbox[gallery_image_2]\" class=\"fusion-lightbox\" target=\"_self\"><img decoding=\"async\" src=\"https:\/\/afc.cat\/wp-content\/uploads\/2024\/12\/31-Pere-Josep-Sanchez-Romero-94-bosc-encantat-320x202.jpg\" width=\"320\" height=\"202\" alt=\"\" title=\"31 &#8211; Pere Josep S\u00e1nchez Romero &#8211; 94 &#8211; bosc encantat\" aria-label=\"31 &#8211; Pere Josep S\u00e1nchez Romero &#8211; 94 &#8211; bosc encantat\" class=\"img-responsive wp-image-40270 fusion-gallery-image-size-fixed\" \/><\/a><\/div><\/div><div style=\"padding:5px;\" class=\"fusion-grid-column fusion-gallery-column fusion-gallery-column-6 hover-type-zoomin\"><div class=\"fusion-gallery-image\"><a href=\"https:\/\/afc.cat\/wp-content\/uploads\/2024\/12\/32-Diego-Pastor-Sanchez-93-Bany-de-llum.jpg\" data-title=\"32 &#8211; Diego Pastor S\u00e1nchez &#8211; 93 &#8211; Bany de llum\" title=\"32 &#8211; Diego Pastor S\u00e1nchez &#8211; 93 &#8211; Bany de llum\" rel=\"noreferrer\" data-rel=\"iLightbox[gallery_image_2]\" class=\"fusion-lightbox\" target=\"_self\"><img decoding=\"async\" src=\"https:\/\/afc.cat\/wp-content\/uploads\/2024\/12\/32-Diego-Pastor-Sanchez-93-Bany-de-llum-320x202.jpg\" width=\"320\" height=\"202\" alt=\"\" title=\"32 &#8211; Diego Pastor S\u00e1nchez &#8211; 93 &#8211; Bany de llum\" aria-label=\"32 &#8211; Diego Pastor S\u00e1nchez &#8211; 93 &#8211; Bany de llum\" class=\"img-responsive wp-image-40272 fusion-gallery-image-size-fixed\" srcset=\"https:\/\/afc.cat\/wp-content\/uploads\/2024\/12\/32-Diego-Pastor-Sanchez-93-Bany-de-llum-320x202.jpg 320w, https:\/\/afc.cat\/wp-content\/uploads\/2024\/12\/32-Diego-Pastor-Sanchez-93-Bany-de-llum-700x441.jpg 700w\" sizes=\"(max-width: 320px) 100vw, 320px\" \/><\/a><\/div><\/div><div style=\"padding:5px;\" class=\"fusion-grid-column fusion-gallery-column fusion-gallery-column-6 hover-type-zoomin\"><div class=\"fusion-gallery-image\"><a href=\"https:\/\/afc.cat\/wp-content\/uploads\/2024\/12\/33-XAVIER-RICOL-DOLSET-93-COLORS-DE-TARDOR.jpg\" data-title=\"33 &#8211; XAVIER RICOL DOLSET &#8211; 93 &#8211; COLORS DE TARDOR\" title=\"33 &#8211; XAVIER RICOL DOLSET &#8211; 93 &#8211; COLORS DE TARDOR\" rel=\"noreferrer\" data-rel=\"iLightbox[gallery_image_2]\" class=\"fusion-lightbox\" target=\"_self\"><img decoding=\"async\" src=\"https:\/\/afc.cat\/wp-content\/uploads\/2024\/12\/33-XAVIER-RICOL-DOLSET-93-COLORS-DE-TARDOR-320x202.jpg\" width=\"320\" height=\"202\" alt=\"\" title=\"33 &#8211; XAVIER RICOL DOLSET &#8211; 93 &#8211; COLORS DE TARDOR\" aria-label=\"33 &#8211; XAVIER RICOL DOLSET &#8211; 93 &#8211; COLORS DE TARDOR\" class=\"img-responsive wp-image-40274 fusion-gallery-image-size-fixed\" srcset=\"https:\/\/afc.cat\/wp-content\/uploads\/2024\/12\/33-XAVIER-RICOL-DOLSET-93-COLORS-DE-TARDOR-320x202.jpg 320w, https:\/\/afc.cat\/wp-content\/uploads\/2024\/12\/33-XAVIER-RICOL-DOLSET-93-COLORS-DE-TARDOR-700x441.jpg 700w\" sizes=\"(max-width: 320px) 100vw, 320px\" \/><\/a><\/div><\/div><div class=\"clearfix\"><\/div><div style=\"padding:5px;\" class=\"fusion-grid-column fusion-gallery-column fusion-gallery-column-6 hover-type-zoomin\"><div class=\"fusion-gallery-image\"><a href=\"https:\/\/afc.cat\/wp-content\/uploads\/2024\/12\/34-Adolfo-Garcia-Bastard-92-ArbreNu.jpg\" data-title=\"34 &#8211; Adolfo Garcia Bastard &#8211; 92 &#8211; ArbreNu\" title=\"34 &#8211; Adolfo Garcia Bastard &#8211; 92 &#8211; ArbreNu\" rel=\"noreferrer\" data-rel=\"iLightbox[gallery_image_2]\" class=\"fusion-lightbox\" target=\"_self\"><img decoding=\"async\" src=\"https:\/\/afc.cat\/wp-content\/uploads\/2024\/12\/34-Adolfo-Garcia-Bastard-92-ArbreNu-320x202.jpg\" width=\"320\" height=\"202\" alt=\"\" title=\"34 &#8211; Adolfo Garcia Bastard &#8211; 92 &#8211; ArbreNu\" aria-label=\"34 &#8211; Adolfo Garcia Bastard &#8211; 92 &#8211; ArbreNu\" class=\"img-responsive wp-image-40276 fusion-gallery-image-size-fixed\" \/><\/a><\/div><\/div><div style=\"padding:5px;\" class=\"fusion-grid-column fusion-gallery-column fusion-gallery-column-6 hover-type-zoomin\"><div class=\"fusion-gallery-image\"><a href=\"https:\/\/afc.cat\/wp-content\/uploads\/2024\/12\/35-Gabriel-Bertran-Niculau-92-SANT-ESTEVE-D-EN-BAS-022a.jpg\" data-title=\"35 &#8211; Gabriel Bertran Niculau &#8211; 92 &#8211; SANT ESTEVE D EN BAS 022a\" title=\"35 &#8211; Gabriel Bertran Niculau &#8211; 92 &#8211; SANT ESTEVE D EN BAS 022a\" rel=\"noreferrer\" data-rel=\"iLightbox[gallery_image_2]\" class=\"fusion-lightbox\" target=\"_self\"><img decoding=\"async\" src=\"https:\/\/afc.cat\/wp-content\/uploads\/2024\/12\/35-Gabriel-Bertran-Niculau-92-SANT-ESTEVE-D-EN-BAS-022a-320x202.jpg\" width=\"320\" height=\"202\" alt=\"\" title=\"35 &#8211; Gabriel Bertran Niculau &#8211; 92 &#8211; SANT ESTEVE D EN BAS 022a\" aria-label=\"35 &#8211; Gabriel Bertran Niculau &#8211; 92 &#8211; SANT ESTEVE D EN BAS 022a\" class=\"img-responsive wp-image-40278 fusion-gallery-image-size-fixed\" srcset=\"https:\/\/afc.cat\/wp-content\/uploads\/2024\/12\/35-Gabriel-Bertran-Niculau-92-SANT-ESTEVE-D-EN-BAS-022a-320x202.jpg 320w, https:\/\/afc.cat\/wp-content\/uploads\/2024\/12\/35-Gabriel-Bertran-Niculau-92-SANT-ESTEVE-D-EN-BAS-022a-700x441.jpg 700w\" sizes=\"(max-width: 320px) 100vw, 320px\" \/><\/a><\/div><\/div><div style=\"padding:5px;\" class=\"fusion-grid-column fusion-gallery-column fusion-gallery-column-6 hover-type-zoomin\"><div class=\"fusion-gallery-image\"><a href=\"https:\/\/afc.cat\/wp-content\/uploads\/2024\/12\/36-David-Penarroya-Hernandez-91-El-sol-marxa.jpg\" data-title=\"36 &#8211; David Pe\u00f1arroya Hernandez &#8211; 91 &#8211; El sol marxa\" title=\"36 &#8211; David Pe\u00f1arroya Hernandez &#8211; 91 &#8211; El sol marxa\" rel=\"noreferrer\" data-rel=\"iLightbox[gallery_image_2]\" class=\"fusion-lightbox\" target=\"_self\"><img decoding=\"async\" src=\"https:\/\/afc.cat\/wp-content\/uploads\/2024\/12\/36-David-Penarroya-Hernandez-91-El-sol-marxa-320x202.jpg\" width=\"320\" height=\"202\" alt=\"\" title=\"36 &#8211; David Pe\u00f1arroya Hernandez &#8211; 91 &#8211; El sol marxa\" aria-label=\"36 &#8211; David Pe\u00f1arroya Hernandez &#8211; 91 &#8211; El sol marxa\" class=\"img-responsive wp-image-40280 fusion-gallery-image-size-fixed\" srcset=\"https:\/\/afc.cat\/wp-content\/uploads\/2024\/12\/36-David-Penarroya-Hernandez-91-El-sol-marxa-320x202.jpg 320w, https:\/\/afc.cat\/wp-content\/uploads\/2024\/12\/36-David-Penarroya-Hernandez-91-El-sol-marxa-700x441.jpg 700w\" sizes=\"(max-width: 320px) 100vw, 320px\" \/><\/a><\/div><\/div><div style=\"padding:5px;\" class=\"fusion-grid-column fusion-gallery-column fusion-gallery-column-6 hover-type-zoomin\"><div class=\"fusion-gallery-image\"><a href=\"https:\/\/afc.cat\/wp-content\/uploads\/2024\/12\/37-Pep-Vinyals-91-Fulles-seques.jpg\" data-title=\"37 &#8211; Pep Vinyals &#8211; 91 &#8211; Fulles seques\" title=\"37 &#8211; Pep Vinyals &#8211; 91 &#8211; Fulles seques\" rel=\"noreferrer\" data-rel=\"iLightbox[gallery_image_2]\" class=\"fusion-lightbox\" target=\"_self\"><img decoding=\"async\" src=\"https:\/\/afc.cat\/wp-content\/uploads\/2024\/12\/37-Pep-Vinyals-91-Fulles-seques-320x202.jpg\" width=\"320\" height=\"202\" alt=\"\" title=\"37 &#8211; Pep Vinyals &#8211; 91 &#8211; Fulles seques\" aria-label=\"37 &#8211; Pep Vinyals &#8211; 91 &#8211; Fulles seques\" class=\"img-responsive wp-image-40282 fusion-gallery-image-size-fixed\" srcset=\"https:\/\/afc.cat\/wp-content\/uploads\/2024\/12\/37-Pep-Vinyals-91-Fulles-seques-320x202.jpg 320w, https:\/\/afc.cat\/wp-content\/uploads\/2024\/12\/37-Pep-Vinyals-91-Fulles-seques-700x441.jpg 700w\" sizes=\"(max-width: 320px) 100vw, 320px\" \/><\/a><\/div><\/div><div style=\"padding:5px;\" class=\"fusion-grid-column fusion-gallery-column fusion-gallery-column-6 hover-type-zoomin\"><div class=\"fusion-gallery-image\"><a href=\"https:\/\/afc.cat\/wp-content\/uploads\/2024\/12\/38-Albert-Canellas-Xarau-91-Llums-de-tardor.jpg\" data-title=\"38 &#8211; Albert Ca\u00f1ellas Xarau &#8211; 91 &#8211; Llums de tardor\" title=\"38 &#8211; Albert Ca\u00f1ellas Xarau &#8211; 91 &#8211; Llums de tardor\" rel=\"noreferrer\" data-rel=\"iLightbox[gallery_image_2]\" class=\"fusion-lightbox\" target=\"_self\"><img decoding=\"async\" src=\"https:\/\/afc.cat\/wp-content\/uploads\/2024\/12\/38-Albert-Canellas-Xarau-91-Llums-de-tardor-320x202.jpg\" width=\"320\" height=\"202\" alt=\"\" title=\"38 &#8211; Albert Ca\u00f1ellas Xarau &#8211; 91 &#8211; Llums de tardor\" aria-label=\"38 &#8211; Albert Ca\u00f1ellas Xarau &#8211; 91 &#8211; Llums de tardor\" class=\"img-responsive wp-image-40284 fusion-gallery-image-size-fixed\" srcset=\"https:\/\/afc.cat\/wp-content\/uploads\/2024\/12\/38-Albert-Canellas-Xarau-91-Llums-de-tardor-320x202.jpg 320w, https:\/\/afc.cat\/wp-content\/uploads\/2024\/12\/38-Albert-Canellas-Xarau-91-Llums-de-tardor-700x441.jpg 700w\" sizes=\"(max-width: 320px) 100vw, 320px\" \/><\/a><\/div><\/div><div style=\"padding:5px;\" class=\"fusion-grid-column fusion-gallery-column fusion-gallery-column-6 hover-type-zoomin\"><div class=\"fusion-gallery-image\"><a href=\"https:\/\/afc.cat\/wp-content\/uploads\/2024\/12\/39-Rosa-Cristofol-Martinez-90-Parc-Nou.jpg\" data-title=\"39 &#8211; Rosa Crist\u00f2fol Mart\u00ednez &#8211; 90 &#8211; Parc Nou\" title=\"39 &#8211; Rosa Crist\u00f2fol Mart\u00ednez &#8211; 90 &#8211; Parc Nou\" rel=\"noreferrer\" data-rel=\"iLightbox[gallery_image_2]\" class=\"fusion-lightbox\" target=\"_self\"><img decoding=\"async\" src=\"https:\/\/afc.cat\/wp-content\/uploads\/2024\/12\/39-Rosa-Cristofol-Martinez-90-Parc-Nou-320x202.jpg\" width=\"320\" height=\"202\" alt=\"\" title=\"39 &#8211; Rosa Crist\u00f2fol Mart\u00ednez &#8211; 90 &#8211; Parc Nou\" aria-label=\"39 &#8211; Rosa Crist\u00f2fol Mart\u00ednez &#8211; 90 &#8211; Parc Nou\" class=\"img-responsive wp-image-40286 fusion-gallery-image-size-fixed\" \/><\/a><\/div><\/div><div class=\"clearfix\"><\/div><div style=\"padding:5px;\" class=\"fusion-grid-column fusion-gallery-column fusion-gallery-column-6 hover-type-zoomin\"><div class=\"fusion-gallery-image\"><a href=\"https:\/\/afc.cat\/wp-content\/uploads\/2024\/12\/40-Antoni-Serrano-i-Cortes-86-passada-la-verema.jpg\" data-title=\"40 &#8211; Antoni Serrano i Cort\u00e8s &#8211; 86 &#8211; passada la verema\" title=\"40 &#8211; Antoni Serrano i Cort\u00e8s &#8211; 86 &#8211; passada la verema\" rel=\"noreferrer\" data-rel=\"iLightbox[gallery_image_2]\" class=\"fusion-lightbox\" target=\"_self\"><img decoding=\"async\" src=\"https:\/\/afc.cat\/wp-content\/uploads\/2024\/12\/40-Antoni-Serrano-i-Cortes-86-passada-la-verema-320x202.jpg\" width=\"320\" height=\"202\" alt=\"\" title=\"40 &#8211; Antoni Serrano i Cort\u00e8s &#8211; 86 &#8211; passada la verema\" aria-label=\"40 &#8211; Antoni Serrano i Cort\u00e8s &#8211; 86 &#8211; passada la verema\" class=\"img-responsive wp-image-40288 fusion-gallery-image-size-fixed\" srcset=\"https:\/\/afc.cat\/wp-content\/uploads\/2024\/12\/40-Antoni-Serrano-i-Cortes-86-passada-la-verema-320x202.jpg 320w, https:\/\/afc.cat\/wp-content\/uploads\/2024\/12\/40-Antoni-Serrano-i-Cortes-86-passada-la-verema-700x441.jpg 700w\" sizes=\"(max-width: 320px) 100vw, 320px\" \/><\/a><\/div><\/div><div style=\"padding:5px;\" class=\"fusion-grid-column fusion-gallery-column fusion-gallery-column-6 hover-type-zoomin\"><div class=\"fusion-gallery-image\"><a href=\"https:\/\/afc.cat\/wp-content\/uploads\/2024\/12\/41-PERE-GRAUPERA-LANGA-86-Silenci.jpg\" data-title=\"41 &#8211; PERE GRAUPERA LANGA &#8211; 86 &#8211; Silenci.\" title=\"41 &#8211; PERE GRAUPERA LANGA &#8211; 86 &#8211; Silenci.\" rel=\"noreferrer\" data-rel=\"iLightbox[gallery_image_2]\" class=\"fusion-lightbox\" target=\"_self\"><img decoding=\"async\" src=\"https:\/\/afc.cat\/wp-content\/uploads\/2024\/12\/41-PERE-GRAUPERA-LANGA-86-Silenci-320x202.jpg\" width=\"320\" height=\"202\" alt=\"\" title=\"41 &#8211; PERE GRAUPERA LANGA &#8211; 86 &#8211; Silenci.\" aria-label=\"41 &#8211; PERE GRAUPERA LANGA &#8211; 86 &#8211; Silenci.\" class=\"img-responsive wp-image-40290 fusion-gallery-image-size-fixed\" \/><\/a><\/div><\/div><div style=\"padding:5px;\" class=\"fusion-grid-column fusion-gallery-column fusion-gallery-column-6 hover-type-zoomin\"><div class=\"fusion-gallery-image\"><a href=\"https:\/\/afc.cat\/wp-content\/uploads\/2024\/12\/42-Albert-Ballestero-Rosell-83-Tardorenc.jpg\" data-title=\"42 &#8211; Albert Ballestero Rosell &#8211; 83 &#8211; Tardorenc\" title=\"42 &#8211; Albert Ballestero Rosell &#8211; 83 &#8211; Tardorenc\" rel=\"noreferrer\" data-rel=\"iLightbox[gallery_image_2]\" class=\"fusion-lightbox\" target=\"_self\"><img decoding=\"async\" src=\"https:\/\/afc.cat\/wp-content\/uploads\/2024\/12\/42-Albert-Ballestero-Rosell-83-Tardorenc-320x202.jpg\" width=\"320\" height=\"202\" alt=\"\" title=\"42 &#8211; Albert Ballestero Rosell &#8211; 83 &#8211; Tardorenc\" aria-label=\"42 &#8211; Albert Ballestero Rosell &#8211; 83 &#8211; Tardorenc\" class=\"img-responsive wp-image-40292 fusion-gallery-image-size-fixed\" srcset=\"https:\/\/afc.cat\/wp-content\/uploads\/2024\/12\/42-Albert-Ballestero-Rosell-83-Tardorenc-320x202.jpg 320w, https:\/\/afc.cat\/wp-content\/uploads\/2024\/12\/42-Albert-Ballestero-Rosell-83-Tardorenc-700x441.jpg 700w\" sizes=\"(max-width: 320px) 100vw, 320px\" \/><\/a><\/div><\/div><div style=\"padding:5px;\" class=\"fusion-grid-column fusion-gallery-column fusion-gallery-column-6 hover-type-zoomin\"><div class=\"fusion-gallery-image\"><a href=\"https:\/\/afc.cat\/wp-content\/uploads\/2024\/12\/43-Sara-Assens-Mampel-82-tardor-al-riu.jpg\" data-title=\"43 &#8211; Sara Assens Mampel &#8211; 82 &#8211; tardor al riu\" title=\"43 &#8211; Sara Assens Mampel &#8211; 82 &#8211; tardor al riu\" rel=\"noreferrer\" data-rel=\"iLightbox[gallery_image_2]\" class=\"fusion-lightbox\" target=\"_self\"><img decoding=\"async\" src=\"https:\/\/afc.cat\/wp-content\/uploads\/2024\/12\/43-Sara-Assens-Mampel-82-tardor-al-riu-320x202.jpg\" width=\"320\" height=\"202\" alt=\"\" title=\"43 &#8211; Sara Assens Mampel &#8211; 82 &#8211; tardor al riu\" aria-label=\"43 &#8211; Sara Assens Mampel &#8211; 82 &#8211; tardor al riu\" class=\"img-responsive wp-image-40294 fusion-gallery-image-size-fixed\" srcset=\"https:\/\/afc.cat\/wp-content\/uploads\/2024\/12\/43-Sara-Assens-Mampel-82-tardor-al-riu-320x202.jpg 320w, https:\/\/afc.cat\/wp-content\/uploads\/2024\/12\/43-Sara-Assens-Mampel-82-tardor-al-riu-700x441.jpg 700w\" sizes=\"(max-width: 320px) 100vw, 320px\" \/><\/a><\/div><\/div><\/div><div class=\"fusion-separator fusion-full-width-sep\" style=\"align-self: center;margin-left: auto;margin-right: auto;margin-top:20px;margin-bottom:20px;width:100%;\"><div class=\"fusion-separator-border sep-single sep-solid\" style=\"border-color:#3ec0bf;border-top-width:1px;\"><\/div><\/div><div style=\"text-align:center;\"><style>.fusion-button.button-1{border-radius:4px 4px 4px 4px;}<\/style><a class=\"fusion-button button-flat fusion-button-default-size button-default button-1 fusion-button-default-span fusion-button-default-type\" target=\"_self\" href=\"https:\/\/afc.cat\/es\/galerias\/\"><span class=\"fusion-button-text\">Volver a GALER\u00cdAS<\/span><\/a><\/div><\/div><style type=\"text\/css\">.fusion-body .fusion-builder-column-0{width:100% !important;margin-top : 0px;margin-bottom : 20px;}.fusion-builder-column-0 > .fusion-column-wrapper {padding-top : 0px !important;padding-right : 0px !important;margin-right : 1.92%;padding-bottom : 0px !important;padding-left : 0px !important;margin-left : 1.92%;}@media only screen and (max-width:1024px) {.fusion-body .fusion-builder-column-0{width:100% !important;order : 0;}.fusion-builder-column-0 > .fusion-column-wrapper {margin-right : 1.92%;margin-left : 1.92%;}}@media only screen and (max-width:640px) {.fusion-body .fusion-builder-column-0{width:100% !important;order : 0;}.fusion-builder-column-0 > .fusion-column-wrapper {margin-right : 1.92%;margin-left : 1.92%;}}<\/style><\/div><\/div><style type=\"text\/css\">.fusion-body .fusion-flex-container.fusion-builder-row-1{ padding-top : 0px;margin-top : 0px;padding-right : 0px;padding-bottom : 0px;margin-bottom : 0px;padding-left : 0px;}<\/style><\/div>\n","protected":false},"excerpt":{"rendered":"","protected":false},"author":33,"featured_media":40386,"menu_order":0,"comment_status":"open","ping_status":"closed","template":"","format":"standard","meta":{"_acf_changed":false,"footnotes":""},"portfolio_category":[158],"portfolio_skills":[],"portfolio_tags":[],"class_list":["post-40378","avada_portfolio","type-avada_portfolio","status-publish","format-standard","has-post-thumbnail","hentry","portfolio_category-concursos-es"],"acf":[],"yoast_head":"<!-- This site is optimized with the Yoast SEO plugin v27.2 - https:\/\/yoast.com\/product\/yoast-seo-wordpress\/ -->\n<title>Clasificaci\u00f3n concurso Temes Obligats 2024-2025 NOVIEMBRE - Agrupaci\u00f3 Fotogr\u00e0fica de Catalunya<\/title>\n<meta name=\"robots\" content=\"index, follow, max-snippet:-1, max-image-preview:large, max-video-preview:-1\" \/>\n<link rel=\"canonical\" href=\"https:\/\/afc.cat\/es\/galeria\/clasificacion-concurso-temes-obligats-2024-2025-noviembre\/\" \/>\n<meta property=\"og:locale\" content=\"es_ES\" \/>\n<meta property=\"og:type\" content=\"article\" \/>\n<meta property=\"og:title\" content=\"Clasificaci\u00f3n concurso Temes Obligats 2024-2025 NOVIEMBRE - Agrupaci\u00f3 Fotogr\u00e0fica de Catalunya\" \/>\n<meta property=\"og:url\" content=\"https:\/\/afc.cat\/es\/galeria\/clasificacion-concurso-temes-obligats-2024-2025-noviembre\/\" \/>\n<meta property=\"og:site_name\" content=\"Agrupaci\u00f3 Fotogr\u00e0fica de Catalunya\" \/>\n<meta property=\"article:modified_time\" content=\"2024-12-03T18:52:03+00:00\" \/>\n<meta property=\"og:image\" content=\"https:\/\/afc.cat\/wp-content\/uploads\/2024\/12\/TO-11-nov-24-ESP.jpg\" \/>\n\t<meta property=\"og:image:width\" content=\"400\" \/>\n\t<meta property=\"og:image:height\" content=\"267\" \/>\n\t<meta property=\"og:image:type\" content=\"image\/jpeg\" \/>\n<meta name=\"twitter:card\" content=\"summary_large_image\" \/>\n<meta name=\"twitter:label1\" content=\"Tiempo de lectura\" \/>\n\t<meta name=\"twitter:data1\" content=\"7 minutos\" \/>\n<script type=\"application\/ld+json\" class=\"yoast-schema-graph\">{\"@context\":\"https:\/\/schema.org\",\"@graph\":[{\"@type\":\"WebPage\",\"@id\":\"https:\/\/afc.cat\/es\/galeria\/clasificacion-concurso-temes-obligats-2024-2025-noviembre\/\",\"url\":\"https:\/\/afc.cat\/es\/galeria\/clasificacion-concurso-temes-obligats-2024-2025-noviembre\/\",\"name\":\"Clasificaci\u00f3n concurso Temes Obligats 2024-2025 NOVIEMBRE - Agrupaci\u00f3 Fotogr\u00e0fica de Catalunya\",\"isPartOf\":{\"@id\":\"https:\/\/afc.cat\/es\/#website\"},\"primaryImageOfPage\":{\"@id\":\"https:\/\/afc.cat\/es\/galeria\/clasificacion-concurso-temes-obligats-2024-2025-noviembre\/#primaryimage\"},\"image\":{\"@id\":\"https:\/\/afc.cat\/es\/galeria\/clasificacion-concurso-temes-obligats-2024-2025-noviembre\/#primaryimage\"},\"thumbnailUrl\":\"https:\/\/afc.cat\/wp-content\/uploads\/2024\/12\/TO-11-nov-24-ESP.jpg\",\"datePublished\":\"2024-12-03T16:52:26+00:00\",\"dateModified\":\"2024-12-03T18:52:03+00:00\",\"breadcrumb\":{\"@id\":\"https:\/\/afc.cat\/es\/galeria\/clasificacion-concurso-temes-obligats-2024-2025-noviembre\/#breadcrumb\"},\"inLanguage\":\"es\",\"potentialAction\":[{\"@type\":\"ReadAction\",\"target\":[\"https:\/\/afc.cat\/es\/galeria\/clasificacion-concurso-temes-obligats-2024-2025-noviembre\/\"]}]},{\"@type\":\"ImageObject\",\"inLanguage\":\"es\",\"@id\":\"https:\/\/afc.cat\/es\/galeria\/clasificacion-concurso-temes-obligats-2024-2025-noviembre\/#primaryimage\",\"url\":\"https:\/\/afc.cat\/wp-content\/uploads\/2024\/12\/TO-11-nov-24-ESP.jpg\",\"contentUrl\":\"https:\/\/afc.cat\/wp-content\/uploads\/2024\/12\/TO-11-nov-24-ESP.jpg\",\"width\":400,\"height\":267},{\"@type\":\"BreadcrumbList\",\"@id\":\"https:\/\/afc.cat\/es\/galeria\/clasificacion-concurso-temes-obligats-2024-2025-noviembre\/#breadcrumb\",\"itemListElement\":[{\"@type\":\"ListItem\",\"position\":1,\"name\":\"Inicio\",\"item\":\"https:\/\/afc.cat\/es\/\"},{\"@type\":\"ListItem\",\"position\":2,\"name\":\"Portfolio\",\"item\":\"https:\/\/afc.cat\/galeria\/\"},{\"@type\":\"ListItem\",\"position\":3,\"name\":\"Clasificaci\u00f3n concurso Temes Obligats 2024-2025 NOVIEMBRE\"}]},{\"@type\":\"WebSite\",\"@id\":\"https:\/\/afc.cat\/es\/#website\",\"url\":\"https:\/\/afc.cat\/es\/\",\"name\":\"Agrupaci\u00f3 Fotogr\u00e0fica de Catalunya\",\"description\":\"Fomento y divulgaci\u00f3n de la fotograf\u00eda en todas sus variedades\",\"potentialAction\":[{\"@type\":\"SearchAction\",\"target\":{\"@type\":\"EntryPoint\",\"urlTemplate\":\"https:\/\/afc.cat\/es\/?s={search_term_string}\"},\"query-input\":{\"@type\":\"PropertyValueSpecification\",\"valueRequired\":true,\"valueName\":\"search_term_string\"}}],\"inLanguage\":\"es\"}]}<\/script>\n<!-- \/ Yoast SEO plugin. -->","yoast_head_json":{"title":"Clasificaci\u00f3n concurso Temes Obligats 2024-2025 NOVIEMBRE - Agrupaci\u00f3 Fotogr\u00e0fica de Catalunya","robots":{"index":"index","follow":"follow","max-snippet":"max-snippet:-1","max-image-preview":"max-image-preview:large","max-video-preview":"max-video-preview:-1"},"canonical":"https:\/\/afc.cat\/es\/galeria\/clasificacion-concurso-temes-obligats-2024-2025-noviembre\/","og_locale":"es_ES","og_type":"article","og_title":"Clasificaci\u00f3n concurso Temes Obligats 2024-2025 NOVIEMBRE - Agrupaci\u00f3 Fotogr\u00e0fica de Catalunya","og_url":"https:\/\/afc.cat\/es\/galeria\/clasificacion-concurso-temes-obligats-2024-2025-noviembre\/","og_site_name":"Agrupaci\u00f3 Fotogr\u00e0fica de Catalunya","article_modified_time":"2024-12-03T18:52:03+00:00","og_image":[{"width":400,"height":267,"url":"https:\/\/afc.cat\/wp-content\/uploads\/2024\/12\/TO-11-nov-24-ESP.jpg","type":"image\/jpeg"}],"twitter_card":"summary_large_image","twitter_misc":{"Tiempo de lectura":"7 minutos"},"schema":{"@context":"https:\/\/schema.org","@graph":[{"@type":"WebPage","@id":"https:\/\/afc.cat\/es\/galeria\/clasificacion-concurso-temes-obligats-2024-2025-noviembre\/","url":"https:\/\/afc.cat\/es\/galeria\/clasificacion-concurso-temes-obligats-2024-2025-noviembre\/","name":"Clasificaci\u00f3n concurso Temes Obligats 2024-2025 NOVIEMBRE - Agrupaci\u00f3 Fotogr\u00e0fica de Catalunya","isPartOf":{"@id":"https:\/\/afc.cat\/es\/#website"},"primaryImageOfPage":{"@id":"https:\/\/afc.cat\/es\/galeria\/clasificacion-concurso-temes-obligats-2024-2025-noviembre\/#primaryimage"},"image":{"@id":"https:\/\/afc.cat\/es\/galeria\/clasificacion-concurso-temes-obligats-2024-2025-noviembre\/#primaryimage"},"thumbnailUrl":"https:\/\/afc.cat\/wp-content\/uploads\/2024\/12\/TO-11-nov-24-ESP.jpg","datePublished":"2024-12-03T16:52:26+00:00","dateModified":"2024-12-03T18:52:03+00:00","breadcrumb":{"@id":"https:\/\/afc.cat\/es\/galeria\/clasificacion-concurso-temes-obligats-2024-2025-noviembre\/#breadcrumb"},"inLanguage":"es","potentialAction":[{"@type":"ReadAction","target":["https:\/\/afc.cat\/es\/galeria\/clasificacion-concurso-temes-obligats-2024-2025-noviembre\/"]}]},{"@type":"ImageObject","inLanguage":"es","@id":"https:\/\/afc.cat\/es\/galeria\/clasificacion-concurso-temes-obligats-2024-2025-noviembre\/#primaryimage","url":"https:\/\/afc.cat\/wp-content\/uploads\/2024\/12\/TO-11-nov-24-ESP.jpg","contentUrl":"https:\/\/afc.cat\/wp-content\/uploads\/2024\/12\/TO-11-nov-24-ESP.jpg","width":400,"height":267},{"@type":"BreadcrumbList","@id":"https:\/\/afc.cat\/es\/galeria\/clasificacion-concurso-temes-obligats-2024-2025-noviembre\/#breadcrumb","itemListElement":[{"@type":"ListItem","position":1,"name":"Inicio","item":"https:\/\/afc.cat\/es\/"},{"@type":"ListItem","position":2,"name":"Portfolio","item":"https:\/\/afc.cat\/galeria\/"},{"@type":"ListItem","position":3,"name":"Clasificaci\u00f3n concurso Temes Obligats 2024-2025 NOVIEMBRE"}]},{"@type":"WebSite","@id":"https:\/\/afc.cat\/es\/#website","url":"https:\/\/afc.cat\/es\/","name":"Agrupaci\u00f3 Fotogr\u00e0fica de Catalunya","description":"Fomento y divulgaci\u00f3n de la fotograf\u00eda en todas sus variedades","potentialAction":[{"@type":"SearchAction","target":{"@type":"EntryPoint","urlTemplate":"https:\/\/afc.cat\/es\/?s={search_term_string}"},"query-input":{"@type":"PropertyValueSpecification","valueRequired":true,"valueName":"search_term_string"}}],"inLanguage":"es"}]}},"_links":{"self":[{"href":"https:\/\/afc.cat\/es\/wp-json\/wp\/v2\/avada_portfolio\/40378","targetHints":{"allow":["GET"]}}],"collection":[{"href":"https:\/\/afc.cat\/es\/wp-json\/wp\/v2\/avada_portfolio"}],"about":[{"href":"https:\/\/afc.cat\/es\/wp-json\/wp\/v2\/types\/avada_portfolio"}],"author":[{"embeddable":true,"href":"https:\/\/afc.cat\/es\/wp-json\/wp\/v2\/users\/33"}],"replies":[{"embeddable":true,"href":"https:\/\/afc.cat\/es\/wp-json\/wp\/v2\/comments?post=40378"}],"version-history":[{"count":7,"href":"https:\/\/afc.cat\/es\/wp-json\/wp\/v2\/avada_portfolio\/40378\/revisions"}],"predecessor-version":[{"id":40400,"href":"https:\/\/afc.cat\/es\/wp-json\/wp\/v2\/avada_portfolio\/40378\/revisions\/40400"}],"wp:featuredmedia":[{"embeddable":true,"href":"https:\/\/afc.cat\/es\/wp-json\/wp\/v2\/media\/40386"}],"wp:attachment":[{"href":"https:\/\/afc.cat\/es\/wp-json\/wp\/v2\/media?parent=40378"}],"wp:term":[{"taxonomy":"portfolio_category","embeddable":true,"href":"https:\/\/afc.cat\/es\/wp-json\/wp\/v2\/portfolio_category?post=40378"},{"taxonomy":"portfolio_skills","embeddable":true,"href":"https:\/\/afc.cat\/es\/wp-json\/wp\/v2\/portfolio_skills?post=40378"},{"taxonomy":"portfolio_tags","embeddable":true,"href":"https:\/\/afc.cat\/es\/wp-json\/wp\/v2\/portfolio_tags?post=40378"}],"curies":[{"name":"wp","href":"https:\/\/api.w.org\/{rel}","templated":true}]}}