{"id":41927,"date":"2025-02-28T20:17:48","date_gmt":"2025-02-28T18:17:48","guid":{"rendered":"https:\/\/afc.cat\/?post_type=avada_portfolio&#038;p=41927"},"modified":"2025-03-12T20:22:17","modified_gmt":"2025-03-12T18:22:17","slug":"clasificacion-concurso-temes-obligats-2024-2025-febrero-25","status":"publish","type":"avada_portfolio","link":"https:\/\/afc.cat\/es\/galeria\/clasificacion-concurso-temes-obligats-2024-2025-febrero-25\/","title":{"rendered":"Clasificaci\u00f3n concurso Temes Obligats 2024-2025 FEBRERO 25"},"content":{"rendered":"<div class=\"fusion-fullwidth fullwidth-box fusion-builder-row-1 fusion-flex-container nonhundred-percent-fullwidth non-hundred-percent-height-scrolling\" style=\"background-color: rgba(255,255,255,0);background-position: center center;background-repeat: no-repeat;border-width: 0px 0px 0px 0px;border-color:#ffffff;border-style:solid;\" ><div class=\"fusion-builder-row fusion-row fusion-flex-align-items-flex-start\" style=\"max-width:1300px;margin-left: calc(-4% \/ 2 );margin-right: calc(-4% \/ 2 );\"><div class=\"fusion-layout-column fusion_builder_column fusion-builder-column-0 fusion_builder_column_1_1 1_1 fusion-flex-column\"><div class=\"fusion-column-wrapper fusion-flex-justify-content-flex-start fusion-content-layout-column\" style=\"background-position:left top;background-repeat:no-repeat;-webkit-background-size:cover;-moz-background-size:cover;-o-background-size:cover;background-size:cover;padding: 0px 0px 0px 0px;\"><div class=\"fusion-text fusion-text-1\"><h2 style=\"text-align: center;\">Tema Obligado FEBRERO 2025<\/h2>\n<h3 style=\"text-align: center;\">Estelas de luz<\/h3>\n<\/div><div class=\"fusion-text fusion-text-2\"><h2>Concurso de fotograf\u00eda temes obligats 2024-2025<\/h2>\n<p>El pasado viernes d\u00eda 21 de febrero se procedi\u00f3 a la valoraci\u00f3n del jurado de las fotograf\u00edas de los socios y socias que participaron en el concurso social de la Agrupaci\u00f3n <a href=\"https:\/\/afc.cat\/es\/concursos-sociales\/\">\u00a0\u00abTemes obligats\u00bb<\/a>.<\/p>\n<p>Como sab\u00e9is, el tema va cambiando cada mes y el tema de este mes de <strong>febrero de 2025<\/strong> ha sido: \u201c<strong>Estelas de luz<\/strong>\u201c..<\/p>\n<p><strong>GANADORES DEL MES DE FEBRERO 2025<\/strong><\/p>\n<p><strong>Categor\u00eda color<\/strong><\/p>\n<p>1 \u2013 Josep Recio Romaguera \u2013 124 puntos<br \/>\n2 \u2013 Francisco Olmos Cubero \u2013 113 puntos<br \/>\n3 \u2013 Miquel Cabr\u00e9 \u2013 112 puntos<\/p>\n<p><strong>Categor\u00eda Monocromo<\/strong><\/p>\n<p>1 \u2013 Josep Alonso Gonzalez \u2013 117 puntos<br \/>\n2 \u2013 Josep Recio Romaguera \u2013 115 puntos<br \/>\n3 \u2013 Miquel Cabr\u00e9 \u2013 109 puntos<\/p>\n<p><strong>Jurado<\/strong><\/p>\n<p>Montse Piqu\u00e9<br \/>\nCarles Punyet<br \/>\nVicent Lafebre<\/p>\n<p>Continuamos animando a los socios y socias a participar, siempre es una buena excusa para hacer lo que m\u00e1s nos gusta, coger la c\u00e1mara y hacer \u201cclic\u201d.<\/p>\n<p><strong><br \/>\nVocalia Concursos<\/strong><\/p>\n<\/div><div class=\"fusion-separator fusion-full-width-sep\" style=\"align-self: center;margin-left: auto;margin-right: auto;margin-bottom:20px;width:100%;\"><div class=\"fusion-separator-border sep-single sep-solid\" style=\"border-color:#3ec0bf;border-top-width:1px;\"><\/div><\/div><div class=\"fusion-text fusion-text-3\"><p style=\"text-align: center;\"><strong>PUNTUACI\u00d3N MONOCROMO<\/strong><\/p>\n<\/div><div style=\"text-align:center;\"><style>.fusion-imageframe.imageframe-1{ margin-bottom : 5%;}<\/style><span class=\" fusion-imageframe imageframe-none imageframe-1 hover-type-zoomin\"><img decoding=\"async\" width=\"637\" height=\"945\" title=\"Clasificaci\u00f3 Temes Obligats 2024-2025 feb 2\" src=\"https:\/\/afc.cat\/wp-content\/uploads\/2025\/02\/Clasificacio-Temes-Obligats-2024-2025-feb-2.jpg\" alt class=\"img-responsive wp-image-41773\" srcset=\"https:\/\/afc.cat\/wp-content\/uploads\/2025\/02\/Clasificacio-Temes-Obligats-2024-2025-feb-2-200x297.jpg 200w, https:\/\/afc.cat\/wp-content\/uploads\/2025\/02\/Clasificacio-Temes-Obligats-2024-2025-feb-2-400x593.jpg 400w, https:\/\/afc.cat\/wp-content\/uploads\/2025\/02\/Clasificacio-Temes-Obligats-2024-2025-feb-2-600x890.jpg 600w, https:\/\/afc.cat\/wp-content\/uploads\/2025\/02\/Clasificacio-Temes-Obligats-2024-2025-feb-2.jpg 637w\" sizes=\"(max-width: 640px) 100vw, 637px\" \/><\/span><\/div><div class=\"fusion-text fusion-text-4\"><p style=\"text-align: center;\"><strong>Clasificaci\u00f3n monocromo\u00a0<\/strong><\/p>\n<\/div><style type=\"text\/css\">.fusion-gallery-1 .fusion-gallery-image {border:0px solid #e2e2e2;}<\/style><div class=\"fusion-gallery fusion-gallery-container fusion-grid-6 fusion-columns-total-36 fusion-gallery-layout-grid fusion-gallery-1\" style=\"margin:-5px;\"><div style=\"padding:5px;\" class=\"fusion-grid-column fusion-gallery-column fusion-gallery-column-6 hover-type-zoomin\"><div class=\"fusion-gallery-image\"><a href=\"https:\/\/afc.cat\/wp-content\/uploads\/2025\/02\/1_Josep-Alonso-Gonzalez_117.jpg\" data-title=\"1_Josep Alonso Gonzalez_117\" title=\"1_Josep Alonso Gonzalez_117\" rel=\"noreferrer\" data-rel=\"iLightbox[gallery_image_1]\" class=\"fusion-lightbox\" target=\"_self\"><img decoding=\"async\" src=\"https:\/\/afc.cat\/wp-content\/uploads\/2025\/02\/1_Josep-Alonso-Gonzalez_117-320x202.jpg\" width=\"320\" height=\"202\" alt=\"\" title=\"1_Josep Alonso Gonzalez_117\" aria-label=\"1_Josep Alonso Gonzalez_117\" class=\"img-responsive wp-image-41775 fusion-gallery-image-size-fixed\" srcset=\"https:\/\/afc.cat\/wp-content\/uploads\/2025\/02\/1_Josep-Alonso-Gonzalez_117-320x202.jpg 320w, https:\/\/afc.cat\/wp-content\/uploads\/2025\/02\/1_Josep-Alonso-Gonzalez_117-700x441.jpg 700w\" sizes=\"(max-width: 320px) 100vw, 320px\" \/><\/a><\/div><\/div><div style=\"padding:5px;\" class=\"fusion-grid-column fusion-gallery-column fusion-gallery-column-6 hover-type-zoomin\"><div class=\"fusion-gallery-image\"><a href=\"https:\/\/afc.cat\/wp-content\/uploads\/2025\/02\/2_Josep-Recio-Romaguera_115.jpg\" data-title=\"2_Josep Recio Romaguera_115\" title=\"2_Josep Recio Romaguera_115\" rel=\"noreferrer\" data-rel=\"iLightbox[gallery_image_1]\" class=\"fusion-lightbox\" target=\"_self\"><img decoding=\"async\" src=\"https:\/\/afc.cat\/wp-content\/uploads\/2025\/02\/2_Josep-Recio-Romaguera_115-320x202.jpg\" width=\"320\" height=\"202\" alt=\"\" title=\"2_Josep Recio Romaguera_115\" aria-label=\"2_Josep Recio Romaguera_115\" class=\"img-responsive wp-image-41777 fusion-gallery-image-size-fixed\" srcset=\"https:\/\/afc.cat\/wp-content\/uploads\/2025\/02\/2_Josep-Recio-Romaguera_115-320x202.jpg 320w, https:\/\/afc.cat\/wp-content\/uploads\/2025\/02\/2_Josep-Recio-Romaguera_115-700x441.jpg 700w\" sizes=\"(max-width: 320px) 100vw, 320px\" \/><\/a><\/div><\/div><div style=\"padding:5px;\" class=\"fusion-grid-column fusion-gallery-column fusion-gallery-column-6 hover-type-zoomin\"><div class=\"fusion-gallery-image\"><a href=\"https:\/\/afc.cat\/wp-content\/uploads\/2025\/02\/3_Miquel-Cabre_109.jpg\" data-title=\"3_Miquel Cabr\u00e9_109\" title=\"3_Miquel Cabr\u00e9_109\" rel=\"noreferrer\" data-rel=\"iLightbox[gallery_image_1]\" class=\"fusion-lightbox\" target=\"_self\"><img decoding=\"async\" src=\"https:\/\/afc.cat\/wp-content\/uploads\/2025\/02\/3_Miquel-Cabre_109-320x202.jpg\" width=\"320\" height=\"202\" alt=\"\" title=\"3_Miquel Cabr\u00e9_109\" aria-label=\"3_Miquel Cabr\u00e9_109\" class=\"img-responsive wp-image-41779 fusion-gallery-image-size-fixed\" srcset=\"https:\/\/afc.cat\/wp-content\/uploads\/2025\/02\/3_Miquel-Cabre_109-320x202.jpg 320w, https:\/\/afc.cat\/wp-content\/uploads\/2025\/02\/3_Miquel-Cabre_109-700x441.jpg 700w\" sizes=\"(max-width: 320px) 100vw, 320px\" \/><\/a><\/div><\/div><div style=\"padding:5px;\" class=\"fusion-grid-column fusion-gallery-column fusion-gallery-column-6 hover-type-zoomin\"><div class=\"fusion-gallery-image\"><a href=\"https:\/\/afc.cat\/wp-content\/uploads\/2025\/02\/4_XAVIER-RICOL-DOLSET_106.jpg\" data-title=\"4_XAVIER RICOL DOLSET_106\" title=\"4_XAVIER RICOL DOLSET_106\" rel=\"noreferrer\" data-rel=\"iLightbox[gallery_image_1]\" class=\"fusion-lightbox\" target=\"_self\"><img decoding=\"async\" src=\"https:\/\/afc.cat\/wp-content\/uploads\/2025\/02\/4_XAVIER-RICOL-DOLSET_106-320x202.jpg\" width=\"320\" height=\"202\" alt=\"\" title=\"4_XAVIER RICOL DOLSET_106\" aria-label=\"4_XAVIER RICOL DOLSET_106\" class=\"img-responsive wp-image-41781 fusion-gallery-image-size-fixed\" srcset=\"https:\/\/afc.cat\/wp-content\/uploads\/2025\/02\/4_XAVIER-RICOL-DOLSET_106-320x202.jpg 320w, https:\/\/afc.cat\/wp-content\/uploads\/2025\/02\/4_XAVIER-RICOL-DOLSET_106-700x441.jpg 700w\" sizes=\"(max-width: 320px) 100vw, 320px\" \/><\/a><\/div><\/div><div style=\"padding:5px;\" class=\"fusion-grid-column fusion-gallery-column fusion-gallery-column-6 hover-type-zoomin\"><div class=\"fusion-gallery-image\"><a href=\"https:\/\/afc.cat\/wp-content\/uploads\/2025\/02\/5_Nuria-Noguera-German_106.jpg\" data-title=\"5_N\u00faria Noguera German_106\" title=\"5_N\u00faria Noguera German_106\" rel=\"noreferrer\" data-rel=\"iLightbox[gallery_image_1]\" class=\"fusion-lightbox\" target=\"_self\"><img decoding=\"async\" src=\"https:\/\/afc.cat\/wp-content\/uploads\/2025\/02\/5_Nuria-Noguera-German_106-320x202.jpg\" width=\"320\" height=\"202\" alt=\"\" title=\"5_N\u00faria Noguera German_106\" aria-label=\"5_N\u00faria Noguera German_106\" class=\"img-responsive wp-image-41783 fusion-gallery-image-size-fixed\" srcset=\"https:\/\/afc.cat\/wp-content\/uploads\/2025\/02\/5_Nuria-Noguera-German_106-320x202.jpg 320w, https:\/\/afc.cat\/wp-content\/uploads\/2025\/02\/5_Nuria-Noguera-German_106-700x441.jpg 700w\" sizes=\"(max-width: 320px) 100vw, 320px\" \/><\/a><\/div><\/div><div style=\"padding:5px;\" class=\"fusion-grid-column fusion-gallery-column fusion-gallery-column-6 hover-type-zoomin\"><div class=\"fusion-gallery-image\"><a href=\"https:\/\/afc.cat\/wp-content\/uploads\/2025\/02\/6_Diego-Pastor-Sanchez_103.jpg\" data-title=\"6_Diego Pastor S\u00e1nchez_103\" title=\"6_Diego Pastor S\u00e1nchez_103\" rel=\"noreferrer\" data-rel=\"iLightbox[gallery_image_1]\" class=\"fusion-lightbox\" target=\"_self\"><img decoding=\"async\" src=\"https:\/\/afc.cat\/wp-content\/uploads\/2025\/02\/6_Diego-Pastor-Sanchez_103-320x202.jpg\" width=\"320\" height=\"202\" alt=\"\" title=\"6_Diego Pastor S\u00e1nchez_103\" aria-label=\"6_Diego Pastor S\u00e1nchez_103\" class=\"img-responsive wp-image-41785 fusion-gallery-image-size-fixed\" srcset=\"https:\/\/afc.cat\/wp-content\/uploads\/2025\/02\/6_Diego-Pastor-Sanchez_103-320x202.jpg 320w, https:\/\/afc.cat\/wp-content\/uploads\/2025\/02\/6_Diego-Pastor-Sanchez_103-700x441.jpg 700w\" sizes=\"(max-width: 320px) 100vw, 320px\" \/><\/a><\/div><\/div><div class=\"clearfix\"><\/div><div style=\"padding:5px;\" class=\"fusion-grid-column fusion-gallery-column fusion-gallery-column-6 hover-type-zoomin\"><div class=\"fusion-gallery-image\"><a href=\"https:\/\/afc.cat\/wp-content\/uploads\/2025\/02\/7_Albert-Canellas-Xarau_102.jpg\" data-title=\"7_Albert Ca\u00f1ellas Xarau_102\" title=\"7_Albert Ca\u00f1ellas Xarau_102\" rel=\"noreferrer\" data-rel=\"iLightbox[gallery_image_1]\" class=\"fusion-lightbox\" target=\"_self\"><img decoding=\"async\" src=\"https:\/\/afc.cat\/wp-content\/uploads\/2025\/02\/7_Albert-Canellas-Xarau_102-320x202.jpg\" width=\"320\" height=\"202\" alt=\"\" title=\"7_Albert Ca\u00f1ellas Xarau_102\" aria-label=\"7_Albert Ca\u00f1ellas Xarau_102\" class=\"img-responsive wp-image-41787 fusion-gallery-image-size-fixed\" srcset=\"https:\/\/afc.cat\/wp-content\/uploads\/2025\/02\/7_Albert-Canellas-Xarau_102-320x202.jpg 320w, https:\/\/afc.cat\/wp-content\/uploads\/2025\/02\/7_Albert-Canellas-Xarau_102-700x441.jpg 700w\" sizes=\"(max-width: 320px) 100vw, 320px\" \/><\/a><\/div><\/div><div style=\"padding:5px;\" class=\"fusion-grid-column fusion-gallery-column fusion-gallery-column-6 hover-type-zoomin\"><div class=\"fusion-gallery-image\"><a href=\"https:\/\/afc.cat\/wp-content\/uploads\/2025\/02\/8_Xavier-Bou-Salazar_102.jpg\" data-title=\"8_Xavier Bou Salazar_102\" title=\"8_Xavier Bou Salazar_102\" rel=\"noreferrer\" data-rel=\"iLightbox[gallery_image_1]\" class=\"fusion-lightbox\" target=\"_self\"><img decoding=\"async\" src=\"https:\/\/afc.cat\/wp-content\/uploads\/2025\/02\/8_Xavier-Bou-Salazar_102-320x202.jpg\" width=\"320\" height=\"202\" alt=\"\" title=\"8_Xavier Bou Salazar_102\" aria-label=\"8_Xavier Bou Salazar_102\" class=\"img-responsive wp-image-41789 fusion-gallery-image-size-fixed\" srcset=\"https:\/\/afc.cat\/wp-content\/uploads\/2025\/02\/8_Xavier-Bou-Salazar_102-320x202.jpg 320w, https:\/\/afc.cat\/wp-content\/uploads\/2025\/02\/8_Xavier-Bou-Salazar_102-700x441.jpg 700w\" sizes=\"(max-width: 320px) 100vw, 320px\" \/><\/a><\/div><\/div><div style=\"padding:5px;\" class=\"fusion-grid-column fusion-gallery-column fusion-gallery-column-6 hover-type-zoomin\"><div class=\"fusion-gallery-image\"><a href=\"https:\/\/afc.cat\/wp-content\/uploads\/2025\/02\/9_Maxim-Poncela-Adot_99.jpg\" data-title=\"9_M\u00e0xim Poncela Adot_99\" title=\"9_M\u00e0xim Poncela Adot_99\" rel=\"noreferrer\" data-rel=\"iLightbox[gallery_image_1]\" class=\"fusion-lightbox\" target=\"_self\"><img decoding=\"async\" src=\"https:\/\/afc.cat\/wp-content\/uploads\/2025\/02\/9_Maxim-Poncela-Adot_99-320x202.jpg\" width=\"320\" height=\"202\" alt=\"\" title=\"9_M\u00e0xim Poncela Adot_99\" aria-label=\"9_M\u00e0xim Poncela Adot_99\" class=\"img-responsive wp-image-41791 fusion-gallery-image-size-fixed\" srcset=\"https:\/\/afc.cat\/wp-content\/uploads\/2025\/02\/9_Maxim-Poncela-Adot_99-320x202.jpg 320w, https:\/\/afc.cat\/wp-content\/uploads\/2025\/02\/9_Maxim-Poncela-Adot_99-700x441.jpg 700w\" sizes=\"(max-width: 320px) 100vw, 320px\" \/><\/a><\/div><\/div><div style=\"padding:5px;\" class=\"fusion-grid-column fusion-gallery-column fusion-gallery-column-6 hover-type-zoomin\"><div class=\"fusion-gallery-image\"><a href=\"https:\/\/afc.cat\/wp-content\/uploads\/2025\/02\/10_Santiago-Garcia-Cuadrado_99.jpg\" data-title=\"10_Santiago Garc\u00eda Cuadrado_99\" title=\"10_Santiago Garc\u00eda Cuadrado_99\" rel=\"noreferrer\" data-rel=\"iLightbox[gallery_image_1]\" class=\"fusion-lightbox\" target=\"_self\"><img decoding=\"async\" src=\"https:\/\/afc.cat\/wp-content\/uploads\/2025\/02\/10_Santiago-Garcia-Cuadrado_99-320x202.jpg\" width=\"320\" height=\"202\" alt=\"\" title=\"10_Santiago Garc\u00eda Cuadrado_99\" aria-label=\"10_Santiago Garc\u00eda Cuadrado_99\" class=\"img-responsive wp-image-41793 fusion-gallery-image-size-fixed\" srcset=\"https:\/\/afc.cat\/wp-content\/uploads\/2025\/02\/10_Santiago-Garcia-Cuadrado_99-320x202.jpg 320w, https:\/\/afc.cat\/wp-content\/uploads\/2025\/02\/10_Santiago-Garcia-Cuadrado_99-700x441.jpg 700w\" sizes=\"(max-width: 320px) 100vw, 320px\" \/><\/a><\/div><\/div><div style=\"padding:5px;\" class=\"fusion-grid-column fusion-gallery-column fusion-gallery-column-6 hover-type-zoomin\"><div class=\"fusion-gallery-image\"><a href=\"https:\/\/afc.cat\/wp-content\/uploads\/2025\/02\/11_Merce-Rios-Bejar_99.jpg\" data-title=\"11_Merc\u00e8 R\u00edos Bejar_99\" title=\"11_Merc\u00e8 R\u00edos Bejar_99\" rel=\"noreferrer\" data-rel=\"iLightbox[gallery_image_1]\" class=\"fusion-lightbox\" target=\"_self\"><img decoding=\"async\" src=\"https:\/\/afc.cat\/wp-content\/uploads\/2025\/02\/11_Merce-Rios-Bejar_99-320x202.jpg\" width=\"320\" height=\"202\" alt=\"\" title=\"11_Merc\u00e8 R\u00edos Bejar_99\" aria-label=\"11_Merc\u00e8 R\u00edos Bejar_99\" class=\"img-responsive wp-image-41795 fusion-gallery-image-size-fixed\" srcset=\"https:\/\/afc.cat\/wp-content\/uploads\/2025\/02\/11_Merce-Rios-Bejar_99-320x202.jpg 320w, https:\/\/afc.cat\/wp-content\/uploads\/2025\/02\/11_Merce-Rios-Bejar_99-700x441.jpg 700w\" sizes=\"(max-width: 320px) 100vw, 320px\" \/><\/a><\/div><\/div><div style=\"padding:5px;\" class=\"fusion-grid-column fusion-gallery-column fusion-gallery-column-6 hover-type-zoomin\"><div class=\"fusion-gallery-image\"><a href=\"https:\/\/afc.cat\/wp-content\/uploads\/2025\/02\/12_Adolfo-Garcia-Bastard_97.jpg\" data-title=\"12_Adolfo Garcia Bastard_97\" title=\"12_Adolfo Garcia Bastard_97\" rel=\"noreferrer\" data-rel=\"iLightbox[gallery_image_1]\" class=\"fusion-lightbox\" target=\"_self\"><img decoding=\"async\" src=\"https:\/\/afc.cat\/wp-content\/uploads\/2025\/02\/12_Adolfo-Garcia-Bastard_97-320x202.jpg\" width=\"320\" height=\"202\" alt=\"\" title=\"12_Adolfo Garcia Bastard_97\" aria-label=\"12_Adolfo Garcia Bastard_97\" class=\"img-responsive wp-image-41797 fusion-gallery-image-size-fixed\" srcset=\"https:\/\/afc.cat\/wp-content\/uploads\/2025\/02\/12_Adolfo-Garcia-Bastard_97-320x202.jpg 320w, https:\/\/afc.cat\/wp-content\/uploads\/2025\/02\/12_Adolfo-Garcia-Bastard_97-700x441.jpg 700w\" sizes=\"(max-width: 320px) 100vw, 320px\" \/><\/a><\/div><\/div><div class=\"clearfix\"><\/div><div style=\"padding:5px;\" class=\"fusion-grid-column fusion-gallery-column fusion-gallery-column-6 hover-type-zoomin\"><div class=\"fusion-gallery-image\"><a href=\"https:\/\/afc.cat\/wp-content\/uploads\/2025\/02\/13_Esperanca-Sanz-Marin_95.jpg\" data-title=\"13_Esperan\u00e7a Sanz Marin_95\" title=\"13_Esperan\u00e7a Sanz Marin_95\" rel=\"noreferrer\" data-rel=\"iLightbox[gallery_image_1]\" class=\"fusion-lightbox\" target=\"_self\"><img decoding=\"async\" src=\"https:\/\/afc.cat\/wp-content\/uploads\/2025\/02\/13_Esperanca-Sanz-Marin_95-320x202.jpg\" width=\"320\" height=\"202\" alt=\"\" title=\"13_Esperan\u00e7a Sanz Marin_95\" aria-label=\"13_Esperan\u00e7a Sanz Marin_95\" class=\"img-responsive wp-image-41799 fusion-gallery-image-size-fixed\" srcset=\"https:\/\/afc.cat\/wp-content\/uploads\/2025\/02\/13_Esperanca-Sanz-Marin_95-320x202.jpg 320w, https:\/\/afc.cat\/wp-content\/uploads\/2025\/02\/13_Esperanca-Sanz-Marin_95-700x441.jpg 700w\" sizes=\"(max-width: 320px) 100vw, 320px\" \/><\/a><\/div><\/div><div style=\"padding:5px;\" class=\"fusion-grid-column fusion-gallery-column fusion-gallery-column-6 hover-type-zoomin\"><div class=\"fusion-gallery-image\"><a href=\"https:\/\/afc.cat\/wp-content\/uploads\/2025\/02\/14_Carmen-Casademont-Ribot_95.jpg\" data-title=\"14_Carmen Casademont Ribot_95\" title=\"14_Carmen Casademont Ribot_95\" rel=\"noreferrer\" data-rel=\"iLightbox[gallery_image_1]\" class=\"fusion-lightbox\" target=\"_self\"><img decoding=\"async\" src=\"https:\/\/afc.cat\/wp-content\/uploads\/2025\/02\/14_Carmen-Casademont-Ribot_95-320x202.jpg\" width=\"320\" height=\"202\" alt=\"\" title=\"14_Carmen Casademont Ribot_95\" aria-label=\"14_Carmen Casademont Ribot_95\" class=\"img-responsive wp-image-41801 fusion-gallery-image-size-fixed\" srcset=\"https:\/\/afc.cat\/wp-content\/uploads\/2025\/02\/14_Carmen-Casademont-Ribot_95-320x202.jpg 320w, https:\/\/afc.cat\/wp-content\/uploads\/2025\/02\/14_Carmen-Casademont-Ribot_95-700x441.jpg 700w\" sizes=\"(max-width: 320px) 100vw, 320px\" \/><\/a><\/div><\/div><div style=\"padding:5px;\" class=\"fusion-grid-column fusion-gallery-column fusion-gallery-column-6 hover-type-zoomin\"><div class=\"fusion-gallery-image\"><a href=\"https:\/\/afc.cat\/wp-content\/uploads\/2025\/02\/15_Dolors-Ventura-Canellas_92.jpg\" data-title=\"15_Dolors Ventura Ca\u00f1ellas_92\" title=\"15_Dolors Ventura Ca\u00f1ellas_92\" rel=\"noreferrer\" data-rel=\"iLightbox[gallery_image_1]\" class=\"fusion-lightbox\" target=\"_self\"><img decoding=\"async\" src=\"https:\/\/afc.cat\/wp-content\/uploads\/2025\/02\/15_Dolors-Ventura-Canellas_92-320x202.jpg\" width=\"320\" height=\"202\" alt=\"\" title=\"15_Dolors Ventura Ca\u00f1ellas_92\" aria-label=\"15_Dolors Ventura Ca\u00f1ellas_92\" class=\"img-responsive wp-image-41803 fusion-gallery-image-size-fixed\" srcset=\"https:\/\/afc.cat\/wp-content\/uploads\/2025\/02\/15_Dolors-Ventura-Canellas_92-320x202.jpg 320w, https:\/\/afc.cat\/wp-content\/uploads\/2025\/02\/15_Dolors-Ventura-Canellas_92-700x441.jpg 700w\" sizes=\"(max-width: 320px) 100vw, 320px\" \/><\/a><\/div><\/div><div style=\"padding:5px;\" class=\"fusion-grid-column fusion-gallery-column fusion-gallery-column-6 hover-type-zoomin\"><div class=\"fusion-gallery-image\"><a href=\"https:\/\/afc.cat\/wp-content\/uploads\/2025\/02\/16_Albert-Ballestero-Rosell_90.jpg\" data-title=\"16_Albert Ballestero Rosell_90\" title=\"16_Albert Ballestero Rosell_90\" rel=\"noreferrer\" data-rel=\"iLightbox[gallery_image_1]\" class=\"fusion-lightbox\" target=\"_self\"><img decoding=\"async\" src=\"https:\/\/afc.cat\/wp-content\/uploads\/2025\/02\/16_Albert-Ballestero-Rosell_90-320x202.jpg\" width=\"320\" height=\"202\" alt=\"\" title=\"16_Albert Ballestero Rosell_90\" aria-label=\"16_Albert Ballestero Rosell_90\" class=\"img-responsive wp-image-41805 fusion-gallery-image-size-fixed\" srcset=\"https:\/\/afc.cat\/wp-content\/uploads\/2025\/02\/16_Albert-Ballestero-Rosell_90-320x202.jpg 320w, https:\/\/afc.cat\/wp-content\/uploads\/2025\/02\/16_Albert-Ballestero-Rosell_90-700x441.jpg 700w\" sizes=\"(max-width: 320px) 100vw, 320px\" \/><\/a><\/div><\/div><div style=\"padding:5px;\" class=\"fusion-grid-column fusion-gallery-column fusion-gallery-column-6 hover-type-zoomin\"><div class=\"fusion-gallery-image\"><a href=\"https:\/\/afc.cat\/wp-content\/uploads\/2025\/02\/17_Josep-Soler-Vendrell_90.jpg\" data-title=\"17_Josep Soler Vendrell_90\" title=\"17_Josep Soler Vendrell_90\" rel=\"noreferrer\" data-rel=\"iLightbox[gallery_image_1]\" class=\"fusion-lightbox\" target=\"_self\"><img decoding=\"async\" src=\"https:\/\/afc.cat\/wp-content\/uploads\/2025\/02\/17_Josep-Soler-Vendrell_90-320x202.jpg\" width=\"320\" height=\"202\" alt=\"\" title=\"17_Josep Soler Vendrell_90\" aria-label=\"17_Josep Soler Vendrell_90\" class=\"img-responsive wp-image-41807 fusion-gallery-image-size-fixed\" srcset=\"https:\/\/afc.cat\/wp-content\/uploads\/2025\/02\/17_Josep-Soler-Vendrell_90-320x202.jpg 320w, https:\/\/afc.cat\/wp-content\/uploads\/2025\/02\/17_Josep-Soler-Vendrell_90-700x441.jpg 700w\" sizes=\"(max-width: 320px) 100vw, 320px\" \/><\/a><\/div><\/div><div style=\"padding:5px;\" class=\"fusion-grid-column fusion-gallery-column fusion-gallery-column-6 hover-type-zoomin\"><div class=\"fusion-gallery-image\"><a href=\"https:\/\/afc.cat\/wp-content\/uploads\/2025\/02\/18_Carme-Mur-Calvo_89.jpg\" data-title=\"18_Carme Mur Calv\u00f3_89\" title=\"18_Carme Mur Calv\u00f3_89\" rel=\"noreferrer\" data-rel=\"iLightbox[gallery_image_1]\" class=\"fusion-lightbox\" target=\"_self\"><img decoding=\"async\" src=\"https:\/\/afc.cat\/wp-content\/uploads\/2025\/02\/18_Carme-Mur-Calvo_89-320x202.jpg\" width=\"320\" height=\"202\" alt=\"\" title=\"18_Carme Mur Calv\u00f3_89\" aria-label=\"18_Carme Mur Calv\u00f3_89\" class=\"img-responsive wp-image-41809 fusion-gallery-image-size-fixed\" srcset=\"https:\/\/afc.cat\/wp-content\/uploads\/2025\/02\/18_Carme-Mur-Calvo_89-320x202.jpg 320w, https:\/\/afc.cat\/wp-content\/uploads\/2025\/02\/18_Carme-Mur-Calvo_89-700x441.jpg 700w\" sizes=\"(max-width: 320px) 100vw, 320px\" \/><\/a><\/div><\/div><div class=\"clearfix\"><\/div><div style=\"padding:5px;\" class=\"fusion-grid-column fusion-gallery-column fusion-gallery-column-6 hover-type-zoomin\"><div class=\"fusion-gallery-image\"><a href=\"https:\/\/afc.cat\/wp-content\/uploads\/2025\/02\/19_Jordi-Meseguer-Rafales_88.jpg\" data-title=\"19_Jordi Meseguer Rafales_88\" title=\"19_Jordi Meseguer Rafales_88\" rel=\"noreferrer\" data-rel=\"iLightbox[gallery_image_1]\" class=\"fusion-lightbox\" target=\"_self\"><img decoding=\"async\" src=\"https:\/\/afc.cat\/wp-content\/uploads\/2025\/02\/19_Jordi-Meseguer-Rafales_88-320x202.jpg\" width=\"320\" height=\"202\" alt=\"\" title=\"19_Jordi Meseguer Rafales_88\" aria-label=\"19_Jordi Meseguer Rafales_88\" class=\"img-responsive wp-image-41811 fusion-gallery-image-size-fixed\" srcset=\"https:\/\/afc.cat\/wp-content\/uploads\/2025\/02\/19_Jordi-Meseguer-Rafales_88-320x202.jpg 320w, https:\/\/afc.cat\/wp-content\/uploads\/2025\/02\/19_Jordi-Meseguer-Rafales_88-700x441.jpg 700w\" sizes=\"(max-width: 320px) 100vw, 320px\" \/><\/a><\/div><\/div><div style=\"padding:5px;\" class=\"fusion-grid-column fusion-gallery-column fusion-gallery-column-6 hover-type-zoomin\"><div class=\"fusion-gallery-image\"><a href=\"https:\/\/afc.cat\/wp-content\/uploads\/2025\/02\/20_Antoni-Beneyto-Maria_88.jpg\" data-title=\"20_Antoni Beneyto Maria_88\" title=\"20_Antoni Beneyto Maria_88\" rel=\"noreferrer\" data-rel=\"iLightbox[gallery_image_1]\" class=\"fusion-lightbox\" target=\"_self\"><img decoding=\"async\" src=\"https:\/\/afc.cat\/wp-content\/uploads\/2025\/02\/20_Antoni-Beneyto-Maria_88-320x202.jpg\" width=\"320\" height=\"202\" alt=\"\" title=\"20_Antoni Beneyto Maria_88\" aria-label=\"20_Antoni Beneyto Maria_88\" class=\"img-responsive wp-image-41813 fusion-gallery-image-size-fixed\" srcset=\"https:\/\/afc.cat\/wp-content\/uploads\/2025\/02\/20_Antoni-Beneyto-Maria_88-320x202.jpg 320w, https:\/\/afc.cat\/wp-content\/uploads\/2025\/02\/20_Antoni-Beneyto-Maria_88-700x441.jpg 700w\" sizes=\"(max-width: 320px) 100vw, 320px\" \/><\/a><\/div><\/div><div style=\"padding:5px;\" class=\"fusion-grid-column fusion-gallery-column fusion-gallery-column-6 hover-type-zoomin\"><div class=\"fusion-gallery-image\"><a href=\"https:\/\/afc.cat\/wp-content\/uploads\/2025\/02\/21_Francisco-Olmos-Cubero_87.jpg\" data-title=\"21_Francisco Olmos Cubero_87\" title=\"21_Francisco Olmos Cubero_87\" rel=\"noreferrer\" data-rel=\"iLightbox[gallery_image_1]\" class=\"fusion-lightbox\" target=\"_self\"><img decoding=\"async\" src=\"https:\/\/afc.cat\/wp-content\/uploads\/2025\/02\/21_Francisco-Olmos-Cubero_87-320x202.jpg\" width=\"320\" height=\"202\" alt=\"\" title=\"21_Francisco Olmos Cubero_87\" aria-label=\"21_Francisco Olmos Cubero_87\" class=\"img-responsive wp-image-41815 fusion-gallery-image-size-fixed\" srcset=\"https:\/\/afc.cat\/wp-content\/uploads\/2025\/02\/21_Francisco-Olmos-Cubero_87-320x202.jpg 320w, https:\/\/afc.cat\/wp-content\/uploads\/2025\/02\/21_Francisco-Olmos-Cubero_87-700x441.jpg 700w\" sizes=\"(max-width: 320px) 100vw, 320px\" \/><\/a><\/div><\/div><div style=\"padding:5px;\" class=\"fusion-grid-column fusion-gallery-column fusion-gallery-column-6 hover-type-zoomin\"><div class=\"fusion-gallery-image\"><a href=\"https:\/\/afc.cat\/wp-content\/uploads\/2025\/02\/22_Damia-Tous-Vazquez_87.jpg\" data-title=\"22_Dami\u00e0 Tous Vazquez_87\" title=\"22_Dami\u00e0 Tous Vazquez_87\" rel=\"noreferrer\" data-rel=\"iLightbox[gallery_image_1]\" class=\"fusion-lightbox\" target=\"_self\"><img decoding=\"async\" src=\"https:\/\/afc.cat\/wp-content\/uploads\/2025\/02\/22_Damia-Tous-Vazquez_87-320x202.jpg\" width=\"320\" height=\"202\" alt=\"\" title=\"22_Dami\u00e0 Tous Vazquez_87\" aria-label=\"22_Dami\u00e0 Tous Vazquez_87\" class=\"img-responsive wp-image-41817 fusion-gallery-image-size-fixed\" srcset=\"https:\/\/afc.cat\/wp-content\/uploads\/2025\/02\/22_Damia-Tous-Vazquez_87-320x202.jpg 320w, https:\/\/afc.cat\/wp-content\/uploads\/2025\/02\/22_Damia-Tous-Vazquez_87-700x441.jpg 700w\" sizes=\"(max-width: 320px) 100vw, 320px\" \/><\/a><\/div><\/div><div style=\"padding:5px;\" class=\"fusion-grid-column fusion-gallery-column fusion-gallery-column-6 hover-type-zoomin\"><div class=\"fusion-gallery-image\"><a href=\"https:\/\/afc.cat\/wp-content\/uploads\/2025\/02\/23_Gloria-Tatxe-Salas_87.jpg\" data-title=\"23_Gloria Tatx\u00e9 Salas_87\" title=\"23_Gloria Tatx\u00e9 Salas_87\" rel=\"noreferrer\" data-rel=\"iLightbox[gallery_image_1]\" class=\"fusion-lightbox\" target=\"_self\"><img decoding=\"async\" src=\"https:\/\/afc.cat\/wp-content\/uploads\/2025\/02\/23_Gloria-Tatxe-Salas_87-320x202.jpg\" width=\"320\" height=\"202\" alt=\"\" title=\"23_Gloria Tatx\u00e9 Salas_87\" aria-label=\"23_Gloria Tatx\u00e9 Salas_87\" class=\"img-responsive wp-image-41819 fusion-gallery-image-size-fixed\" srcset=\"https:\/\/afc.cat\/wp-content\/uploads\/2025\/02\/23_Gloria-Tatxe-Salas_87-320x202.jpg 320w, https:\/\/afc.cat\/wp-content\/uploads\/2025\/02\/23_Gloria-Tatxe-Salas_87-700x441.jpg 700w\" sizes=\"(max-width: 320px) 100vw, 320px\" \/><\/a><\/div><\/div><div style=\"padding:5px;\" class=\"fusion-grid-column fusion-gallery-column fusion-gallery-column-6 hover-type-zoomin\"><div class=\"fusion-gallery-image\"><a href=\"https:\/\/afc.cat\/wp-content\/uploads\/2025\/02\/24_Rosa-Cristofol-Martinez_86.jpg\" data-title=\"24_Rosa Crist\u00f2fol Mart\u00ednez_86\" title=\"24_Rosa Crist\u00f2fol Mart\u00ednez_86\" rel=\"noreferrer\" data-rel=\"iLightbox[gallery_image_1]\" class=\"fusion-lightbox\" target=\"_self\"><img decoding=\"async\" src=\"https:\/\/afc.cat\/wp-content\/uploads\/2025\/02\/24_Rosa-Cristofol-Martinez_86-320x202.jpg\" width=\"320\" height=\"202\" alt=\"\" title=\"24_Rosa Crist\u00f2fol Mart\u00ednez_86\" aria-label=\"24_Rosa Crist\u00f2fol Mart\u00ednez_86\" class=\"img-responsive wp-image-41821 fusion-gallery-image-size-fixed\" srcset=\"https:\/\/afc.cat\/wp-content\/uploads\/2025\/02\/24_Rosa-Cristofol-Martinez_86-320x202.jpg 320w, https:\/\/afc.cat\/wp-content\/uploads\/2025\/02\/24_Rosa-Cristofol-Martinez_86-700x441.jpg 700w\" sizes=\"(max-width: 320px) 100vw, 320px\" \/><\/a><\/div><\/div><div class=\"clearfix\"><\/div><div style=\"padding:5px;\" class=\"fusion-grid-column fusion-gallery-column fusion-gallery-column-6 hover-type-zoomin\"><div class=\"fusion-gallery-image\"><a href=\"https:\/\/afc.cat\/wp-content\/uploads\/2025\/02\/25_David-Penarroya-Hernandez_86.jpg\" data-title=\"25_David Pe\u00f1arroya Hernandez_86\" title=\"25_David Pe\u00f1arroya Hernandez_86\" rel=\"noreferrer\" data-rel=\"iLightbox[gallery_image_1]\" class=\"fusion-lightbox\" target=\"_self\"><img decoding=\"async\" src=\"https:\/\/afc.cat\/wp-content\/uploads\/2025\/02\/25_David-Penarroya-Hernandez_86-320x202.jpg\" width=\"320\" height=\"202\" alt=\"\" title=\"25_David Pe\u00f1arroya Hernandez_86\" aria-label=\"25_David Pe\u00f1arroya Hernandez_86\" class=\"img-responsive wp-image-41823 fusion-gallery-image-size-fixed\" srcset=\"https:\/\/afc.cat\/wp-content\/uploads\/2025\/02\/25_David-Penarroya-Hernandez_86-320x202.jpg 320w, https:\/\/afc.cat\/wp-content\/uploads\/2025\/02\/25_David-Penarroya-Hernandez_86-700x441.jpg 700w\" sizes=\"(max-width: 320px) 100vw, 320px\" \/><\/a><\/div><\/div><div style=\"padding:5px;\" class=\"fusion-grid-column fusion-gallery-column fusion-gallery-column-6 hover-type-zoomin\"><div class=\"fusion-gallery-image\"><a href=\"https:\/\/afc.cat\/wp-content\/uploads\/2025\/02\/26_Josep-Maria-Bonjoch-Trilla_86.jpg\" data-title=\"26_Josep Maria Bonjoch Trilla_86\" title=\"26_Josep Maria Bonjoch Trilla_86\" rel=\"noreferrer\" data-rel=\"iLightbox[gallery_image_1]\" class=\"fusion-lightbox\" target=\"_self\"><img decoding=\"async\" src=\"https:\/\/afc.cat\/wp-content\/uploads\/2025\/02\/26_Josep-Maria-Bonjoch-Trilla_86-320x202.jpg\" width=\"320\" height=\"202\" alt=\"\" title=\"26_Josep Maria Bonjoch Trilla_86\" aria-label=\"26_Josep Maria Bonjoch Trilla_86\" class=\"img-responsive wp-image-41825 fusion-gallery-image-size-fixed\" srcset=\"https:\/\/afc.cat\/wp-content\/uploads\/2025\/02\/26_Josep-Maria-Bonjoch-Trilla_86-320x202.jpg 320w, https:\/\/afc.cat\/wp-content\/uploads\/2025\/02\/26_Josep-Maria-Bonjoch-Trilla_86-700x441.jpg 700w\" sizes=\"(max-width: 320px) 100vw, 320px\" \/><\/a><\/div><\/div><div style=\"padding:5px;\" class=\"fusion-grid-column fusion-gallery-column fusion-gallery-column-6 hover-type-zoomin\"><div class=\"fusion-gallery-image\"><a href=\"https:\/\/afc.cat\/wp-content\/uploads\/2025\/02\/27_Sergi-Marcen-Lopez_85.jpg\" data-title=\"27_Sergi Marcen Lopez_85\" title=\"27_Sergi Marcen Lopez_85\" rel=\"noreferrer\" data-rel=\"iLightbox[gallery_image_1]\" class=\"fusion-lightbox\" target=\"_self\"><img decoding=\"async\" src=\"https:\/\/afc.cat\/wp-content\/uploads\/2025\/02\/27_Sergi-Marcen-Lopez_85-320x202.jpg\" width=\"320\" height=\"202\" alt=\"\" title=\"27_Sergi Marcen Lopez_85\" aria-label=\"27_Sergi Marcen Lopez_85\" class=\"img-responsive wp-image-41827 fusion-gallery-image-size-fixed\" srcset=\"https:\/\/afc.cat\/wp-content\/uploads\/2025\/02\/27_Sergi-Marcen-Lopez_85-320x202.jpg 320w, https:\/\/afc.cat\/wp-content\/uploads\/2025\/02\/27_Sergi-Marcen-Lopez_85-700x441.jpg 700w\" sizes=\"(max-width: 320px) 100vw, 320px\" \/><\/a><\/div><\/div><div style=\"padding:5px;\" class=\"fusion-grid-column fusion-gallery-column fusion-gallery-column-6 hover-type-zoomin\"><div class=\"fusion-gallery-image\"><a href=\"https:\/\/afc.cat\/wp-content\/uploads\/2025\/02\/28_Clara-Lopez-Colomer_82.jpg\" data-title=\"28_Clara Lopez Colomer_82\" title=\"28_Clara Lopez Colomer_82\" rel=\"noreferrer\" data-rel=\"iLightbox[gallery_image_1]\" class=\"fusion-lightbox\" target=\"_self\"><img decoding=\"async\" src=\"https:\/\/afc.cat\/wp-content\/uploads\/2025\/02\/28_Clara-Lopez-Colomer_82-320x202.jpg\" width=\"320\" height=\"202\" alt=\"\" title=\"28_Clara Lopez Colomer_82\" aria-label=\"28_Clara Lopez Colomer_82\" class=\"img-responsive wp-image-41829 fusion-gallery-image-size-fixed\" srcset=\"https:\/\/afc.cat\/wp-content\/uploads\/2025\/02\/28_Clara-Lopez-Colomer_82-320x202.jpg 320w, https:\/\/afc.cat\/wp-content\/uploads\/2025\/02\/28_Clara-Lopez-Colomer_82-700x441.jpg 700w\" sizes=\"(max-width: 320px) 100vw, 320px\" \/><\/a><\/div><\/div><div style=\"padding:5px;\" class=\"fusion-grid-column fusion-gallery-column fusion-gallery-column-6 hover-type-zoomin\"><div class=\"fusion-gallery-image\"><a href=\"https:\/\/afc.cat\/wp-content\/uploads\/2025\/02\/29_Pep-Vinyals_81.jpg\" data-title=\"29_Pep Vinyals_81\" title=\"29_Pep Vinyals_81\" rel=\"noreferrer\" data-rel=\"iLightbox[gallery_image_1]\" class=\"fusion-lightbox\" target=\"_self\"><img decoding=\"async\" src=\"https:\/\/afc.cat\/wp-content\/uploads\/2025\/02\/29_Pep-Vinyals_81-320x202.jpg\" width=\"320\" height=\"202\" alt=\"\" title=\"29_Pep Vinyals_81\" aria-label=\"29_Pep Vinyals_81\" class=\"img-responsive wp-image-41831 fusion-gallery-image-size-fixed\" srcset=\"https:\/\/afc.cat\/wp-content\/uploads\/2025\/02\/29_Pep-Vinyals_81-320x202.jpg 320w, https:\/\/afc.cat\/wp-content\/uploads\/2025\/02\/29_Pep-Vinyals_81-700x441.jpg 700w\" sizes=\"(max-width: 320px) 100vw, 320px\" \/><\/a><\/div><\/div><div style=\"padding:5px;\" class=\"fusion-grid-column fusion-gallery-column fusion-gallery-column-6 hover-type-zoomin\"><div class=\"fusion-gallery-image\"><a href=\"https:\/\/afc.cat\/wp-content\/uploads\/2025\/02\/30_Teresa-Tejero-Lopez_81.jpg\" data-title=\"30_Teresa Tejero Lopez_81\" title=\"30_Teresa Tejero Lopez_81\" rel=\"noreferrer\" data-rel=\"iLightbox[gallery_image_1]\" class=\"fusion-lightbox\" target=\"_self\"><img decoding=\"async\" src=\"https:\/\/afc.cat\/wp-content\/uploads\/2025\/02\/30_Teresa-Tejero-Lopez_81-320x202.jpg\" width=\"320\" height=\"202\" alt=\"\" title=\"30_Teresa Tejero Lopez_81\" aria-label=\"30_Teresa Tejero Lopez_81\" class=\"img-responsive wp-image-41833 fusion-gallery-image-size-fixed\" srcset=\"https:\/\/afc.cat\/wp-content\/uploads\/2025\/02\/30_Teresa-Tejero-Lopez_81-320x202.jpg 320w, https:\/\/afc.cat\/wp-content\/uploads\/2025\/02\/30_Teresa-Tejero-Lopez_81-700x441.jpg 700w\" sizes=\"(max-width: 320px) 100vw, 320px\" \/><\/a><\/div><\/div><div class=\"clearfix\"><\/div><div style=\"padding:5px;\" class=\"fusion-grid-column fusion-gallery-column fusion-gallery-column-6 hover-type-zoomin\"><div class=\"fusion-gallery-image\"><a href=\"https:\/\/afc.cat\/wp-content\/uploads\/2025\/02\/31_Joan-Rue-Domingo_81.jpg\" data-title=\"31_Joan Ru\u00e9 Domingo_81\" title=\"31_Joan Ru\u00e9 Domingo_81\" rel=\"noreferrer\" data-rel=\"iLightbox[gallery_image_1]\" class=\"fusion-lightbox\" target=\"_self\"><img decoding=\"async\" src=\"https:\/\/afc.cat\/wp-content\/uploads\/2025\/02\/31_Joan-Rue-Domingo_81-320x202.jpg\" width=\"320\" height=\"202\" alt=\"\" title=\"31_Joan Ru\u00e9 Domingo_81\" aria-label=\"31_Joan Ru\u00e9 Domingo_81\" class=\"img-responsive wp-image-41835 fusion-gallery-image-size-fixed\" srcset=\"https:\/\/afc.cat\/wp-content\/uploads\/2025\/02\/31_Joan-Rue-Domingo_81-320x202.jpg 320w, https:\/\/afc.cat\/wp-content\/uploads\/2025\/02\/31_Joan-Rue-Domingo_81-700x441.jpg 700w\" sizes=\"(max-width: 320px) 100vw, 320px\" \/><\/a><\/div><\/div><div style=\"padding:5px;\" class=\"fusion-grid-column fusion-gallery-column fusion-gallery-column-6 hover-type-zoomin\"><div class=\"fusion-gallery-image\"><a href=\"https:\/\/afc.cat\/wp-content\/uploads\/2025\/02\/32_Francesca-Portoles-Braso_81.jpg\" data-title=\"32_Francesca Portol\u00e9s Bras\u00f3_81\" title=\"32_Francesca Portol\u00e9s Bras\u00f3_81\" rel=\"noreferrer\" data-rel=\"iLightbox[gallery_image_1]\" class=\"fusion-lightbox\" target=\"_self\"><img decoding=\"async\" src=\"https:\/\/afc.cat\/wp-content\/uploads\/2025\/02\/32_Francesca-Portoles-Braso_81-320x202.jpg\" width=\"320\" height=\"202\" alt=\"\" title=\"32_Francesca Portol\u00e9s Bras\u00f3_81\" aria-label=\"32_Francesca Portol\u00e9s Bras\u00f3_81\" class=\"img-responsive wp-image-41837 fusion-gallery-image-size-fixed\" srcset=\"https:\/\/afc.cat\/wp-content\/uploads\/2025\/02\/32_Francesca-Portoles-Braso_81-320x202.jpg 320w, https:\/\/afc.cat\/wp-content\/uploads\/2025\/02\/32_Francesca-Portoles-Braso_81-700x441.jpg 700w\" sizes=\"(max-width: 320px) 100vw, 320px\" \/><\/a><\/div><\/div><div style=\"padding:5px;\" class=\"fusion-grid-column fusion-gallery-column fusion-gallery-column-6 hover-type-zoomin\"><div class=\"fusion-gallery-image\"><a href=\"https:\/\/afc.cat\/wp-content\/uploads\/2025\/02\/33_Antoni-Conesa-Domenech_78.jpg\" data-title=\"33_Antoni Conesa Dom\u00e8nech_78\" title=\"33_Antoni Conesa Dom\u00e8nech_78\" rel=\"noreferrer\" data-rel=\"iLightbox[gallery_image_1]\" class=\"fusion-lightbox\" target=\"_self\"><img decoding=\"async\" src=\"https:\/\/afc.cat\/wp-content\/uploads\/2025\/02\/33_Antoni-Conesa-Domenech_78-320x202.jpg\" width=\"320\" height=\"202\" alt=\"\" title=\"33_Antoni Conesa Dom\u00e8nech_78\" aria-label=\"33_Antoni Conesa Dom\u00e8nech_78\" class=\"img-responsive wp-image-41839 fusion-gallery-image-size-fixed\" srcset=\"https:\/\/afc.cat\/wp-content\/uploads\/2025\/02\/33_Antoni-Conesa-Domenech_78-320x202.jpg 320w, https:\/\/afc.cat\/wp-content\/uploads\/2025\/02\/33_Antoni-Conesa-Domenech_78-700x441.jpg 700w\" sizes=\"(max-width: 320px) 100vw, 320px\" \/><\/a><\/div><\/div><div style=\"padding:5px;\" class=\"fusion-grid-column fusion-gallery-column fusion-gallery-column-6 hover-type-zoomin\"><div class=\"fusion-gallery-image\"><a href=\"https:\/\/afc.cat\/wp-content\/uploads\/2025\/02\/34_Ramon-Riera_77.jpg\" data-title=\"34_Ramon Riera_77\" title=\"34_Ramon Riera_77\" rel=\"noreferrer\" data-rel=\"iLightbox[gallery_image_1]\" class=\"fusion-lightbox\" target=\"_self\"><img decoding=\"async\" src=\"https:\/\/afc.cat\/wp-content\/uploads\/2025\/02\/34_Ramon-Riera_77-320x202.jpg\" width=\"320\" height=\"202\" alt=\"\" title=\"34_Ramon Riera_77\" aria-label=\"34_Ramon Riera_77\" class=\"img-responsive wp-image-41841 fusion-gallery-image-size-fixed\" srcset=\"https:\/\/afc.cat\/wp-content\/uploads\/2025\/02\/34_Ramon-Riera_77-320x202.jpg 320w, https:\/\/afc.cat\/wp-content\/uploads\/2025\/02\/34_Ramon-Riera_77-700x441.jpg 700w\" sizes=\"(max-width: 320px) 100vw, 320px\" \/><\/a><\/div><\/div><div style=\"padding:5px;\" class=\"fusion-grid-column fusion-gallery-column fusion-gallery-column-6 hover-type-zoomin\"><div class=\"fusion-gallery-image\"><a href=\"https:\/\/afc.cat\/wp-content\/uploads\/2025\/02\/35_Sara-Assens-Mampel_68.jpg\" data-title=\"35_Sara Assens Mampel_68\" title=\"35_Sara Assens Mampel_68\" rel=\"noreferrer\" data-rel=\"iLightbox[gallery_image_1]\" class=\"fusion-lightbox\" target=\"_self\"><img decoding=\"async\" src=\"https:\/\/afc.cat\/wp-content\/uploads\/2025\/02\/35_Sara-Assens-Mampel_68-320x202.jpg\" width=\"320\" height=\"202\" alt=\"\" title=\"35_Sara Assens Mampel_68\" aria-label=\"35_Sara Assens Mampel_68\" class=\"img-responsive wp-image-41843 fusion-gallery-image-size-fixed\" srcset=\"https:\/\/afc.cat\/wp-content\/uploads\/2025\/02\/35_Sara-Assens-Mampel_68-320x202.jpg 320w, https:\/\/afc.cat\/wp-content\/uploads\/2025\/02\/35_Sara-Assens-Mampel_68-700x441.jpg 700w\" sizes=\"(max-width: 320px) 100vw, 320px\" \/><\/a><\/div><\/div><div style=\"padding:5px;\" class=\"fusion-grid-column fusion-gallery-column fusion-gallery-column-6 hover-type-zoomin\"><div class=\"fusion-gallery-image\"><a href=\"https:\/\/afc.cat\/wp-content\/uploads\/2025\/02\/36_PERE-GRAUPERA-LANGA_40.jpg\" data-title=\"36_PERE GRAUPERA LANGA_40\" title=\"36_PERE GRAUPERA LANGA_40\" rel=\"noreferrer\" data-rel=\"iLightbox[gallery_image_1]\" class=\"fusion-lightbox\" target=\"_self\"><img decoding=\"async\" src=\"https:\/\/afc.cat\/wp-content\/uploads\/2025\/02\/36_PERE-GRAUPERA-LANGA_40-320x202.jpg\" width=\"320\" height=\"202\" alt=\"\" title=\"36_PERE GRAUPERA LANGA_40\" aria-label=\"36_PERE GRAUPERA LANGA_40\" class=\"img-responsive wp-image-41845 fusion-gallery-image-size-fixed\" srcset=\"https:\/\/afc.cat\/wp-content\/uploads\/2025\/02\/36_PERE-GRAUPERA-LANGA_40-320x202.jpg 320w, https:\/\/afc.cat\/wp-content\/uploads\/2025\/02\/36_PERE-GRAUPERA-LANGA_40-700x441.jpg 700w\" sizes=\"(max-width: 320px) 100vw, 320px\" \/><\/a><\/div><\/div><div class=\"clearfix\"><\/div><\/div><div class=\"fusion-separator fusion-full-width-sep\" style=\"align-self: center;margin-left: auto;margin-right: auto;margin-top:20px;margin-bottom:20px;width:100%;\"><div class=\"fusion-separator-border sep-single sep-solid\" style=\"border-color:#3ec0bf;border-top-width:1px;\"><\/div><\/div><div class=\"fusion-text fusion-text-5\"><p style=\"text-align: center;\"><strong>PUNTUACI\u00d3N\u00a0 COLOR<\/strong><\/p>\n<\/div><div style=\"text-align:center;\"><style>.fusion-imageframe.imageframe-2{ margin-bottom : 5%;}<\/style><span class=\" fusion-imageframe imageframe-none imageframe-2 hover-type-zoomin\"><img decoding=\"async\" width=\"609\" height=\"945\" title=\"Clasificaci\u00f3 Temes Obligats 2024-2025 feb 1\" src=\"https:\/\/afc.cat\/wp-content\/uploads\/2025\/02\/Clasificacio-Temes-Obligats-2024-2025-feb-1.jpg\" alt class=\"img-responsive wp-image-41771\" srcset=\"https:\/\/afc.cat\/wp-content\/uploads\/2025\/02\/Clasificacio-Temes-Obligats-2024-2025-feb-1-200x310.jpg 200w, https:\/\/afc.cat\/wp-content\/uploads\/2025\/02\/Clasificacio-Temes-Obligats-2024-2025-feb-1-400x621.jpg 400w, https:\/\/afc.cat\/wp-content\/uploads\/2025\/02\/Clasificacio-Temes-Obligats-2024-2025-feb-1-600x931.jpg 600w, https:\/\/afc.cat\/wp-content\/uploads\/2025\/02\/Clasificacio-Temes-Obligats-2024-2025-feb-1.jpg 609w\" sizes=\"(max-width: 640px) 100vw, 609px\" \/><\/span><\/div><div class=\"fusion-text fusion-text-6\"><p style=\"text-align: center;\"><strong>Clasificaci\u00f3n color<\/strong><\/p>\n<\/div><style type=\"text\/css\">.fusion-gallery-2 .fusion-gallery-image {border:0px solid #e2e2e2;}<\/style><div class=\"fusion-gallery fusion-gallery-container fusion-grid-6 fusion-columns-total-37 fusion-gallery-layout-grid fusion-gallery-2\" style=\"margin:-5px;\"><div style=\"padding:5px;\" class=\"fusion-grid-column fusion-gallery-column fusion-gallery-column-6 hover-type-zoomin\"><div class=\"fusion-gallery-image\"><a href=\"https:\/\/afc.cat\/wp-content\/uploads\/2025\/02\/1_Josep-Recio-Romaguera_124_espurnes.jpg\" data-title=\"1_Josep Recio Romaguera_124_espurnes\" title=\"1_Josep Recio Romaguera_124_espurnes\" rel=\"noreferrer\" data-rel=\"iLightbox[gallery_image_2]\" class=\"fusion-lightbox\" target=\"_self\"><img decoding=\"async\" src=\"https:\/\/afc.cat\/wp-content\/uploads\/2025\/02\/1_Josep-Recio-Romaguera_124_espurnes-320x202.jpg\" width=\"320\" height=\"202\" alt=\"\" title=\"1_Josep Recio Romaguera_124_espurnes\" aria-label=\"1_Josep Recio Romaguera_124_espurnes\" class=\"img-responsive wp-image-41847 fusion-gallery-image-size-fixed\" srcset=\"https:\/\/afc.cat\/wp-content\/uploads\/2025\/02\/1_Josep-Recio-Romaguera_124_espurnes-320x202.jpg 320w, https:\/\/afc.cat\/wp-content\/uploads\/2025\/02\/1_Josep-Recio-Romaguera_124_espurnes-700x441.jpg 700w\" sizes=\"(max-width: 320px) 100vw, 320px\" \/><\/a><\/div><\/div><div style=\"padding:5px;\" class=\"fusion-grid-column fusion-gallery-column fusion-gallery-column-6 hover-type-zoomin\"><div class=\"fusion-gallery-image\"><a href=\"https:\/\/afc.cat\/wp-content\/uploads\/2025\/02\/2_Francisco-Olmos-Cubero_113.jpg\" data-title=\"2_Francisco Olmos Cubero_113\" title=\"2_Francisco Olmos Cubero_113\" rel=\"noreferrer\" data-rel=\"iLightbox[gallery_image_2]\" class=\"fusion-lightbox\" target=\"_self\"><img decoding=\"async\" src=\"https:\/\/afc.cat\/wp-content\/uploads\/2025\/02\/2_Francisco-Olmos-Cubero_113-320x202.jpg\" width=\"320\" height=\"202\" alt=\"\" title=\"2_Francisco Olmos Cubero_113\" aria-label=\"2_Francisco Olmos Cubero_113\" class=\"img-responsive wp-image-41849 fusion-gallery-image-size-fixed\" srcset=\"https:\/\/afc.cat\/wp-content\/uploads\/2025\/02\/2_Francisco-Olmos-Cubero_113-320x202.jpg 320w, https:\/\/afc.cat\/wp-content\/uploads\/2025\/02\/2_Francisco-Olmos-Cubero_113-700x441.jpg 700w\" sizes=\"(max-width: 320px) 100vw, 320px\" \/><\/a><\/div><\/div><div style=\"padding:5px;\" class=\"fusion-grid-column fusion-gallery-column fusion-gallery-column-6 hover-type-zoomin\"><div class=\"fusion-gallery-image\"><a href=\"https:\/\/afc.cat\/wp-content\/uploads\/2025\/02\/3_Miquel-Cabre_112.jpg\" data-title=\"3_Miquel Cabr\u00e9_112\" title=\"3_Miquel Cabr\u00e9_112\" rel=\"noreferrer\" data-rel=\"iLightbox[gallery_image_2]\" class=\"fusion-lightbox\" target=\"_self\"><img decoding=\"async\" src=\"https:\/\/afc.cat\/wp-content\/uploads\/2025\/02\/3_Miquel-Cabre_112-320x202.jpg\" width=\"320\" height=\"202\" alt=\"\" title=\"3_Miquel Cabr\u00e9_112\" aria-label=\"3_Miquel Cabr\u00e9_112\" class=\"img-responsive wp-image-41851 fusion-gallery-image-size-fixed\" srcset=\"https:\/\/afc.cat\/wp-content\/uploads\/2025\/02\/3_Miquel-Cabre_112-320x202.jpg 320w, https:\/\/afc.cat\/wp-content\/uploads\/2025\/02\/3_Miquel-Cabre_112-700x441.jpg 700w\" sizes=\"(max-width: 320px) 100vw, 320px\" \/><\/a><\/div><\/div><div style=\"padding:5px;\" class=\"fusion-grid-column fusion-gallery-column fusion-gallery-column-6 hover-type-zoomin\"><div class=\"fusion-gallery-image\"><a href=\"https:\/\/afc.cat\/wp-content\/uploads\/2025\/02\/4_Josep-Alonso-Gonzalez_111.jpg\" data-title=\"4_Josep Alonso Gonzalez_111\" title=\"4_Josep Alonso Gonzalez_111\" rel=\"noreferrer\" data-rel=\"iLightbox[gallery_image_2]\" class=\"fusion-lightbox\" target=\"_self\"><img decoding=\"async\" src=\"https:\/\/afc.cat\/wp-content\/uploads\/2025\/02\/4_Josep-Alonso-Gonzalez_111-320x202.jpg\" width=\"320\" height=\"202\" alt=\"\" title=\"4_Josep Alonso Gonzalez_111\" aria-label=\"4_Josep Alonso Gonzalez_111\" class=\"img-responsive wp-image-41853 fusion-gallery-image-size-fixed\" srcset=\"https:\/\/afc.cat\/wp-content\/uploads\/2025\/02\/4_Josep-Alonso-Gonzalez_111-320x202.jpg 320w, https:\/\/afc.cat\/wp-content\/uploads\/2025\/02\/4_Josep-Alonso-Gonzalez_111-700x441.jpg 700w\" sizes=\"(max-width: 320px) 100vw, 320px\" \/><\/a><\/div><\/div><div style=\"padding:5px;\" class=\"fusion-grid-column fusion-gallery-column fusion-gallery-column-6 hover-type-zoomin\"><div class=\"fusion-gallery-image\"><a href=\"https:\/\/afc.cat\/wp-content\/uploads\/2025\/02\/5_Sergi-Marcen-Lopez_111.jpg\" data-title=\"5_Sergi Marcen Lopez_111\" title=\"5_Sergi Marcen Lopez_111\" rel=\"noreferrer\" data-rel=\"iLightbox[gallery_image_2]\" class=\"fusion-lightbox\" target=\"_self\"><img decoding=\"async\" src=\"https:\/\/afc.cat\/wp-content\/uploads\/2025\/02\/5_Sergi-Marcen-Lopez_111-320x202.jpg\" width=\"320\" height=\"202\" alt=\"\" title=\"5_Sergi Marcen Lopez_111\" aria-label=\"5_Sergi Marcen Lopez_111\" class=\"img-responsive wp-image-41855 fusion-gallery-image-size-fixed\" srcset=\"https:\/\/afc.cat\/wp-content\/uploads\/2025\/02\/5_Sergi-Marcen-Lopez_111-320x202.jpg 320w, https:\/\/afc.cat\/wp-content\/uploads\/2025\/02\/5_Sergi-Marcen-Lopez_111-700x441.jpg 700w\" sizes=\"(max-width: 320px) 100vw, 320px\" \/><\/a><\/div><\/div><div style=\"padding:5px;\" class=\"fusion-grid-column fusion-gallery-column fusion-gallery-column-6 hover-type-zoomin\"><div class=\"fusion-gallery-image\"><a href=\"https:\/\/afc.cat\/wp-content\/uploads\/2025\/02\/6_Diego-Pastor-Sanchez108.jpg\" data-title=\"6_Diego Pastor S\u00e1nchez108\" title=\"6_Diego Pastor S\u00e1nchez108\" rel=\"noreferrer\" data-rel=\"iLightbox[gallery_image_2]\" class=\"fusion-lightbox\" target=\"_self\"><img decoding=\"async\" src=\"https:\/\/afc.cat\/wp-content\/uploads\/2025\/02\/6_Diego-Pastor-Sanchez108-320x202.jpg\" width=\"320\" height=\"202\" alt=\"\" title=\"6_Diego Pastor S\u00e1nchez108\" aria-label=\"6_Diego Pastor S\u00e1nchez108\" class=\"img-responsive wp-image-41857 fusion-gallery-image-size-fixed\" srcset=\"https:\/\/afc.cat\/wp-content\/uploads\/2025\/02\/6_Diego-Pastor-Sanchez108-320x202.jpg 320w, https:\/\/afc.cat\/wp-content\/uploads\/2025\/02\/6_Diego-Pastor-Sanchez108-700x441.jpg 700w\" sizes=\"(max-width: 320px) 100vw, 320px\" \/><\/a><\/div><\/div><div class=\"clearfix\"><\/div><div style=\"padding:5px;\" class=\"fusion-grid-column fusion-gallery-column fusion-gallery-column-6 hover-type-zoomin\"><div class=\"fusion-gallery-image\"><a href=\"https:\/\/afc.cat\/wp-content\/uploads\/2025\/02\/7_Dolors-Ventura-Canellas_106.jpg\" data-title=\"7_Dolors Ventura Ca\u00f1ellas_106\" title=\"7_Dolors Ventura Ca\u00f1ellas_106\" rel=\"noreferrer\" data-rel=\"iLightbox[gallery_image_2]\" class=\"fusion-lightbox\" target=\"_self\"><img decoding=\"async\" src=\"https:\/\/afc.cat\/wp-content\/uploads\/2025\/02\/7_Dolors-Ventura-Canellas_106-320x202.jpg\" width=\"320\" height=\"202\" alt=\"\" title=\"7_Dolors Ventura Ca\u00f1ellas_106\" aria-label=\"7_Dolors Ventura Ca\u00f1ellas_106\" class=\"img-responsive wp-image-41859 fusion-gallery-image-size-fixed\" srcset=\"https:\/\/afc.cat\/wp-content\/uploads\/2025\/02\/7_Dolors-Ventura-Canellas_106-320x202.jpg 320w, https:\/\/afc.cat\/wp-content\/uploads\/2025\/02\/7_Dolors-Ventura-Canellas_106-700x441.jpg 700w\" sizes=\"(max-width: 320px) 100vw, 320px\" \/><\/a><\/div><\/div><div style=\"padding:5px;\" class=\"fusion-grid-column fusion-gallery-column fusion-gallery-column-6 hover-type-zoomin\"><div class=\"fusion-gallery-image\"><a href=\"https:\/\/afc.cat\/wp-content\/uploads\/2025\/02\/8_Rosa-Cristofol-Martinez_105.jpg\" data-title=\"8_Rosa Crist\u00f2fol Mart\u00ednez_105\" title=\"8_Rosa Crist\u00f2fol Mart\u00ednez_105\" rel=\"noreferrer\" data-rel=\"iLightbox[gallery_image_2]\" class=\"fusion-lightbox\" target=\"_self\"><img decoding=\"async\" src=\"https:\/\/afc.cat\/wp-content\/uploads\/2025\/02\/8_Rosa-Cristofol-Martinez_105-320x202.jpg\" width=\"320\" height=\"202\" alt=\"\" title=\"8_Rosa Crist\u00f2fol Mart\u00ednez_105\" aria-label=\"8_Rosa Crist\u00f2fol Mart\u00ednez_105\" class=\"img-responsive wp-image-41861 fusion-gallery-image-size-fixed\" srcset=\"https:\/\/afc.cat\/wp-content\/uploads\/2025\/02\/8_Rosa-Cristofol-Martinez_105-320x202.jpg 320w, https:\/\/afc.cat\/wp-content\/uploads\/2025\/02\/8_Rosa-Cristofol-Martinez_105-700x441.jpg 700w\" sizes=\"(max-width: 320px) 100vw, 320px\" \/><\/a><\/div><\/div><div style=\"padding:5px;\" class=\"fusion-grid-column fusion-gallery-column fusion-gallery-column-6 hover-type-zoomin\"><div class=\"fusion-gallery-image\"><a href=\"https:\/\/afc.cat\/wp-content\/uploads\/2025\/02\/9_Nuria-Noguera-German_105.jpg\" data-title=\"9_N\u00faria Noguera German_105\" title=\"9_N\u00faria Noguera German_105\" rel=\"noreferrer\" data-rel=\"iLightbox[gallery_image_2]\" class=\"fusion-lightbox\" target=\"_self\"><img decoding=\"async\" src=\"https:\/\/afc.cat\/wp-content\/uploads\/2025\/02\/9_Nuria-Noguera-German_105-320x202.jpg\" width=\"320\" height=\"202\" alt=\"\" title=\"9_N\u00faria Noguera German_105\" aria-label=\"9_N\u00faria Noguera German_105\" class=\"img-responsive wp-image-41863 fusion-gallery-image-size-fixed\" srcset=\"https:\/\/afc.cat\/wp-content\/uploads\/2025\/02\/9_Nuria-Noguera-German_105-320x202.jpg 320w, https:\/\/afc.cat\/wp-content\/uploads\/2025\/02\/9_Nuria-Noguera-German_105-700x441.jpg 700w\" sizes=\"(max-width: 320px) 100vw, 320px\" \/><\/a><\/div><\/div><div style=\"padding:5px;\" class=\"fusion-grid-column fusion-gallery-column fusion-gallery-column-6 hover-type-zoomin\"><div class=\"fusion-gallery-image\"><a href=\"https:\/\/afc.cat\/wp-content\/uploads\/2025\/02\/10_Albert-Canellas-Xarau_105.jpg\" data-title=\"10_Albert Ca\u00f1ellas Xarau_105\" title=\"10_Albert Ca\u00f1ellas Xarau_105\" rel=\"noreferrer\" data-rel=\"iLightbox[gallery_image_2]\" class=\"fusion-lightbox\" target=\"_self\"><img decoding=\"async\" src=\"https:\/\/afc.cat\/wp-content\/uploads\/2025\/02\/10_Albert-Canellas-Xarau_105-320x202.jpg\" width=\"320\" height=\"202\" alt=\"\" title=\"10_Albert Ca\u00f1ellas Xarau_105\" aria-label=\"10_Albert Ca\u00f1ellas Xarau_105\" class=\"img-responsive wp-image-41865 fusion-gallery-image-size-fixed\" srcset=\"https:\/\/afc.cat\/wp-content\/uploads\/2025\/02\/10_Albert-Canellas-Xarau_105-320x202.jpg 320w, https:\/\/afc.cat\/wp-content\/uploads\/2025\/02\/10_Albert-Canellas-Xarau_105-700x441.jpg 700w\" sizes=\"(max-width: 320px) 100vw, 320px\" \/><\/a><\/div><\/div><div style=\"padding:5px;\" class=\"fusion-grid-column fusion-gallery-column fusion-gallery-column-6 hover-type-zoomin\"><div class=\"fusion-gallery-image\"><a href=\"https:\/\/afc.cat\/wp-content\/uploads\/2025\/02\/11_Damia-Tous-Vazquez_102.jpg\" data-title=\"11_Dami\u00e0 Tous Vazquez_102\" title=\"11_Dami\u00e0 Tous Vazquez_102\" rel=\"noreferrer\" data-rel=\"iLightbox[gallery_image_2]\" class=\"fusion-lightbox\" target=\"_self\"><img decoding=\"async\" src=\"https:\/\/afc.cat\/wp-content\/uploads\/2025\/02\/11_Damia-Tous-Vazquez_102-320x202.jpg\" width=\"320\" height=\"202\" alt=\"\" title=\"11_Dami\u00e0 Tous Vazquez_102\" aria-label=\"11_Dami\u00e0 Tous Vazquez_102\" class=\"img-responsive wp-image-41867 fusion-gallery-image-size-fixed\" srcset=\"https:\/\/afc.cat\/wp-content\/uploads\/2025\/02\/11_Damia-Tous-Vazquez_102-200x126.jpg 200w, https:\/\/afc.cat\/wp-content\/uploads\/2025\/02\/11_Damia-Tous-Vazquez_102-400x252.jpg 400w, https:\/\/afc.cat\/wp-content\/uploads\/2025\/02\/11_Damia-Tous-Vazquez_102-600x379.jpg 600w, https:\/\/afc.cat\/wp-content\/uploads\/2025\/02\/11_Damia-Tous-Vazquez_102-800x505.jpg 800w, https:\/\/afc.cat\/wp-content\/uploads\/2025\/02\/11_Damia-Tous-Vazquez_102.jpg 1024w\" sizes=\"(min-width: 2200px) 100vw, (min-width: 1120px) 204px, (min-width: 1024px) 245px, (min-width: 928px) 306px, (min-width: 832px) 408px, (min-width: 736px) 613px, (min-width: 640px) 736px, \" \/><\/a><\/div><\/div><div style=\"padding:5px;\" class=\"fusion-grid-column fusion-gallery-column fusion-gallery-column-6 hover-type-zoomin\"><div class=\"fusion-gallery-image\"><a href=\"https:\/\/afc.cat\/wp-content\/uploads\/2025\/02\/12_Maxim-Poncela-Adot_99.jpg\" data-title=\"12_M\u00e0xim Poncela Adot_99\" title=\"12_M\u00e0xim Poncela Adot_99\" rel=\"noreferrer\" data-rel=\"iLightbox[gallery_image_2]\" class=\"fusion-lightbox\" target=\"_self\"><img decoding=\"async\" src=\"https:\/\/afc.cat\/wp-content\/uploads\/2025\/02\/12_Maxim-Poncela-Adot_99-320x202.jpg\" width=\"320\" height=\"202\" alt=\"\" title=\"12_M\u00e0xim Poncela Adot_99\" aria-label=\"12_M\u00e0xim Poncela Adot_99\" class=\"img-responsive wp-image-41869 fusion-gallery-image-size-fixed\" srcset=\"https:\/\/afc.cat\/wp-content\/uploads\/2025\/02\/12_Maxim-Poncela-Adot_99-320x202.jpg 320w, https:\/\/afc.cat\/wp-content\/uploads\/2025\/02\/12_Maxim-Poncela-Adot_99-700x441.jpg 700w\" sizes=\"(max-width: 320px) 100vw, 320px\" \/><\/a><\/div><\/div><div class=\"clearfix\"><\/div><div style=\"padding:5px;\" class=\"fusion-grid-column fusion-gallery-column fusion-gallery-column-6 hover-type-zoomin\"><div class=\"fusion-gallery-image\"><a href=\"https:\/\/afc.cat\/wp-content\/uploads\/2025\/02\/13_Josep-Soler-Vendrell_98.jpg\" data-title=\"13_Josep Soler Vendrell_98\" title=\"13_Josep Soler Vendrell_98\" rel=\"noreferrer\" data-rel=\"iLightbox[gallery_image_2]\" class=\"fusion-lightbox\" target=\"_self\"><img decoding=\"async\" src=\"https:\/\/afc.cat\/wp-content\/uploads\/2025\/02\/13_Josep-Soler-Vendrell_98-320x202.jpg\" width=\"320\" height=\"202\" alt=\"\" title=\"13_Josep Soler Vendrell_98\" aria-label=\"13_Josep Soler Vendrell_98\" class=\"img-responsive wp-image-41871 fusion-gallery-image-size-fixed\" srcset=\"https:\/\/afc.cat\/wp-content\/uploads\/2025\/02\/13_Josep-Soler-Vendrell_98-320x202.jpg 320w, https:\/\/afc.cat\/wp-content\/uploads\/2025\/02\/13_Josep-Soler-Vendrell_98-700x441.jpg 700w\" sizes=\"(max-width: 320px) 100vw, 320px\" \/><\/a><\/div><\/div><div style=\"padding:5px;\" class=\"fusion-grid-column fusion-gallery-column fusion-gallery-column-6 hover-type-zoomin\"><div class=\"fusion-gallery-image\"><a href=\"https:\/\/afc.cat\/wp-content\/uploads\/2025\/02\/14_Santiago-Garcia-Cuadrado98.jpg\" data-title=\"14_Santiago Garc\u00eda Cuadrado98\" title=\"14_Santiago Garc\u00eda Cuadrado98\" rel=\"noreferrer\" data-rel=\"iLightbox[gallery_image_2]\" class=\"fusion-lightbox\" target=\"_self\"><img decoding=\"async\" src=\"https:\/\/afc.cat\/wp-content\/uploads\/2025\/02\/14_Santiago-Garcia-Cuadrado98-320x202.jpg\" width=\"320\" height=\"202\" alt=\"\" title=\"14_Santiago Garc\u00eda Cuadrado98\" aria-label=\"14_Santiago Garc\u00eda Cuadrado98\" class=\"img-responsive wp-image-41873 fusion-gallery-image-size-fixed\" srcset=\"https:\/\/afc.cat\/wp-content\/uploads\/2025\/02\/14_Santiago-Garcia-Cuadrado98-320x202.jpg 320w, https:\/\/afc.cat\/wp-content\/uploads\/2025\/02\/14_Santiago-Garcia-Cuadrado98-700x441.jpg 700w\" sizes=\"(max-width: 320px) 100vw, 320px\" \/><\/a><\/div><\/div><div style=\"padding:5px;\" class=\"fusion-grid-column fusion-gallery-column fusion-gallery-column-6 hover-type-zoomin\"><div class=\"fusion-gallery-image\"><a href=\"https:\/\/afc.cat\/wp-content\/uploads\/2025\/02\/15_Ramon-Riera_95.jpg\" data-title=\"15_Ramon Riera_95\" title=\"15_Ramon Riera_95\" rel=\"noreferrer\" data-rel=\"iLightbox[gallery_image_2]\" class=\"fusion-lightbox\" target=\"_self\"><img decoding=\"async\" src=\"https:\/\/afc.cat\/wp-content\/uploads\/2025\/02\/15_Ramon-Riera_95-320x202.jpg\" width=\"320\" height=\"202\" alt=\"\" title=\"15_Ramon Riera_95\" aria-label=\"15_Ramon Riera_95\" class=\"img-responsive wp-image-41875 fusion-gallery-image-size-fixed\" srcset=\"https:\/\/afc.cat\/wp-content\/uploads\/2025\/02\/15_Ramon-Riera_95-320x202.jpg 320w, https:\/\/afc.cat\/wp-content\/uploads\/2025\/02\/15_Ramon-Riera_95-700x441.jpg 700w\" sizes=\"(max-width: 320px) 100vw, 320px\" \/><\/a><\/div><\/div><div style=\"padding:5px;\" class=\"fusion-grid-column fusion-gallery-column fusion-gallery-column-6 hover-type-zoomin\"><div class=\"fusion-gallery-image\"><a href=\"https:\/\/afc.cat\/wp-content\/uploads\/2025\/02\/16_Carme-Mur-Calvo_94.jpg\" data-title=\"16_Carme Mur Calv\u00f3_94\" title=\"16_Carme Mur Calv\u00f3_94\" rel=\"noreferrer\" data-rel=\"iLightbox[gallery_image_2]\" class=\"fusion-lightbox\" target=\"_self\"><img decoding=\"async\" src=\"https:\/\/afc.cat\/wp-content\/uploads\/2025\/02\/16_Carme-Mur-Calvo_94-320x202.jpg\" width=\"320\" height=\"202\" alt=\"\" title=\"16_Carme Mur Calv\u00f3_94\" aria-label=\"16_Carme Mur Calv\u00f3_94\" class=\"img-responsive wp-image-41877 fusion-gallery-image-size-fixed\" srcset=\"https:\/\/afc.cat\/wp-content\/uploads\/2025\/02\/16_Carme-Mur-Calvo_94-320x202.jpg 320w, https:\/\/afc.cat\/wp-content\/uploads\/2025\/02\/16_Carme-Mur-Calvo_94-700x441.jpg 700w\" sizes=\"(max-width: 320px) 100vw, 320px\" \/><\/a><\/div><\/div><div style=\"padding:5px;\" class=\"fusion-grid-column fusion-gallery-column fusion-gallery-column-6 hover-type-zoomin\"><div class=\"fusion-gallery-image\"><a href=\"https:\/\/afc.cat\/wp-content\/uploads\/2025\/02\/17_Pep-Vinyals_93.jpg\" data-title=\"17_Pep Vinyals_93\" title=\"17_Pep Vinyals_93\" rel=\"noreferrer\" data-rel=\"iLightbox[gallery_image_2]\" class=\"fusion-lightbox\" target=\"_self\"><img decoding=\"async\" src=\"https:\/\/afc.cat\/wp-content\/uploads\/2025\/02\/17_Pep-Vinyals_93-320x202.jpg\" width=\"320\" height=\"202\" alt=\"\" title=\"17_Pep Vinyals_93\" aria-label=\"17_Pep Vinyals_93\" class=\"img-responsive wp-image-41879 fusion-gallery-image-size-fixed\" srcset=\"https:\/\/afc.cat\/wp-content\/uploads\/2025\/02\/17_Pep-Vinyals_93-320x202.jpg 320w, https:\/\/afc.cat\/wp-content\/uploads\/2025\/02\/17_Pep-Vinyals_93-700x441.jpg 700w\" sizes=\"(max-width: 320px) 100vw, 320px\" \/><\/a><\/div><\/div><div style=\"padding:5px;\" class=\"fusion-grid-column fusion-gallery-column fusion-gallery-column-6 hover-type-zoomin\"><div class=\"fusion-gallery-image\"><a href=\"https:\/\/afc.cat\/wp-content\/uploads\/2025\/02\/18_Antoni-Conesa-Domenech_92.jpg\" data-title=\"18_Antoni Conesa Dom\u00e8nech_92\" title=\"18_Antoni Conesa Dom\u00e8nech_92\" rel=\"noreferrer\" data-rel=\"iLightbox[gallery_image_2]\" class=\"fusion-lightbox\" target=\"_self\"><img decoding=\"async\" src=\"https:\/\/afc.cat\/wp-content\/uploads\/2025\/02\/18_Antoni-Conesa-Domenech_92-320x202.jpg\" width=\"320\" height=\"202\" alt=\"\" title=\"18_Antoni Conesa Dom\u00e8nech_92\" aria-label=\"18_Antoni Conesa Dom\u00e8nech_92\" class=\"img-responsive wp-image-41881 fusion-gallery-image-size-fixed\" srcset=\"https:\/\/afc.cat\/wp-content\/uploads\/2025\/02\/18_Antoni-Conesa-Domenech_92-320x202.jpg 320w, https:\/\/afc.cat\/wp-content\/uploads\/2025\/02\/18_Antoni-Conesa-Domenech_92-700x441.jpg 700w\" sizes=\"(max-width: 320px) 100vw, 320px\" \/><\/a><\/div><\/div><div class=\"clearfix\"><\/div><div style=\"padding:5px;\" class=\"fusion-grid-column fusion-gallery-column fusion-gallery-column-6 hover-type-zoomin\"><div class=\"fusion-gallery-image\"><a href=\"https:\/\/afc.cat\/wp-content\/uploads\/2025\/02\/19_Gloria-Tatxe-Salas_92.jpg\" data-title=\"19_Gloria Tatx\u00e9 Salas_92\" title=\"19_Gloria Tatx\u00e9 Salas_92\" rel=\"noreferrer\" data-rel=\"iLightbox[gallery_image_2]\" class=\"fusion-lightbox\" target=\"_self\"><img decoding=\"async\" src=\"https:\/\/afc.cat\/wp-content\/uploads\/2025\/02\/19_Gloria-Tatxe-Salas_92-320x202.jpg\" width=\"320\" height=\"202\" alt=\"\" title=\"19_Gloria Tatx\u00e9 Salas_92\" aria-label=\"19_Gloria Tatx\u00e9 Salas_92\" class=\"img-responsive wp-image-41883 fusion-gallery-image-size-fixed\" srcset=\"https:\/\/afc.cat\/wp-content\/uploads\/2025\/02\/19_Gloria-Tatxe-Salas_92-320x202.jpg 320w, https:\/\/afc.cat\/wp-content\/uploads\/2025\/02\/19_Gloria-Tatxe-Salas_92-700x441.jpg 700w\" sizes=\"(max-width: 320px) 100vw, 320px\" \/><\/a><\/div><\/div><div style=\"padding:5px;\" class=\"fusion-grid-column fusion-gallery-column fusion-gallery-column-6 hover-type-zoomin\"><div class=\"fusion-gallery-image\"><a href=\"https:\/\/afc.cat\/wp-content\/uploads\/2025\/02\/20_Albert-Ballestero-Rosell_91.jpg\" data-title=\"20_Albert Ballestero Rosell_91\" title=\"20_Albert Ballestero Rosell_91\" rel=\"noreferrer\" data-rel=\"iLightbox[gallery_image_2]\" class=\"fusion-lightbox\" target=\"_self\"><img decoding=\"async\" src=\"https:\/\/afc.cat\/wp-content\/uploads\/2025\/02\/20_Albert-Ballestero-Rosell_91-320x202.jpg\" width=\"320\" height=\"202\" alt=\"\" title=\"20_Albert Ballestero Rosell_91\" aria-label=\"20_Albert Ballestero Rosell_91\" class=\"img-responsive wp-image-41885 fusion-gallery-image-size-fixed\" srcset=\"https:\/\/afc.cat\/wp-content\/uploads\/2025\/02\/20_Albert-Ballestero-Rosell_91-320x202.jpg 320w, https:\/\/afc.cat\/wp-content\/uploads\/2025\/02\/20_Albert-Ballestero-Rosell_91-700x441.jpg 700w\" sizes=\"(max-width: 320px) 100vw, 320px\" \/><\/a><\/div><\/div><div style=\"padding:5px;\" class=\"fusion-grid-column fusion-gallery-column fusion-gallery-column-6 hover-type-zoomin\"><div class=\"fusion-gallery-image\"><a href=\"https:\/\/afc.cat\/wp-content\/uploads\/2025\/02\/21_Francesca-Portoles-Braso_91.jpg\" data-title=\"21_Francesca Portol\u00e9s Bras\u00f3_91\" title=\"21_Francesca Portol\u00e9s Bras\u00f3_91\" rel=\"noreferrer\" data-rel=\"iLightbox[gallery_image_2]\" class=\"fusion-lightbox\" target=\"_self\"><img decoding=\"async\" src=\"https:\/\/afc.cat\/wp-content\/uploads\/2025\/02\/21_Francesca-Portoles-Braso_91-320x202.jpg\" width=\"320\" height=\"202\" alt=\"\" title=\"21_Francesca Portol\u00e9s Bras\u00f3_91\" aria-label=\"21_Francesca Portol\u00e9s Bras\u00f3_91\" class=\"img-responsive wp-image-41887 fusion-gallery-image-size-fixed\" srcset=\"https:\/\/afc.cat\/wp-content\/uploads\/2025\/02\/21_Francesca-Portoles-Braso_91-320x202.jpg 320w, https:\/\/afc.cat\/wp-content\/uploads\/2025\/02\/21_Francesca-Portoles-Braso_91-700x441.jpg 700w\" sizes=\"(max-width: 320px) 100vw, 320px\" \/><\/a><\/div><\/div><div style=\"padding:5px;\" class=\"fusion-grid-column fusion-gallery-column fusion-gallery-column-6 hover-type-zoomin\"><div class=\"fusion-gallery-image\"><a href=\"https:\/\/afc.cat\/wp-content\/uploads\/2025\/02\/22_Gabriel-Bertran-Niculau_91.jpg\" data-title=\"22_Gabriel Bertran Niculau_91\" title=\"22_Gabriel Bertran Niculau_91\" rel=\"noreferrer\" data-rel=\"iLightbox[gallery_image_2]\" class=\"fusion-lightbox\" target=\"_self\"><img decoding=\"async\" src=\"https:\/\/afc.cat\/wp-content\/uploads\/2025\/02\/22_Gabriel-Bertran-Niculau_91-320x202.jpg\" width=\"320\" height=\"202\" alt=\"\" title=\"22_Gabriel Bertran Niculau_91\" aria-label=\"22_Gabriel Bertran Niculau_91\" class=\"img-responsive wp-image-41889 fusion-gallery-image-size-fixed\" srcset=\"https:\/\/afc.cat\/wp-content\/uploads\/2025\/02\/22_Gabriel-Bertran-Niculau_91-320x202.jpg 320w, https:\/\/afc.cat\/wp-content\/uploads\/2025\/02\/22_Gabriel-Bertran-Niculau_91-700x441.jpg 700w\" sizes=\"(max-width: 320px) 100vw, 320px\" \/><\/a><\/div><\/div><div style=\"padding:5px;\" class=\"fusion-grid-column fusion-gallery-column fusion-gallery-column-6 hover-type-zoomin\"><div class=\"fusion-gallery-image\"><a href=\"https:\/\/afc.cat\/wp-content\/uploads\/2025\/02\/23_David-Penarroya-Hernandez_90.jpg\" data-title=\"23_David Pe\u00f1arroya Hernandez_90\" title=\"23_David Pe\u00f1arroya Hernandez_90\" rel=\"noreferrer\" data-rel=\"iLightbox[gallery_image_2]\" class=\"fusion-lightbox\" target=\"_self\"><img decoding=\"async\" src=\"https:\/\/afc.cat\/wp-content\/uploads\/2025\/02\/23_David-Penarroya-Hernandez_90-320x202.jpg\" width=\"320\" height=\"202\" alt=\"\" title=\"23_David Pe\u00f1arroya Hernandez_90\" aria-label=\"23_David Pe\u00f1arroya Hernandez_90\" class=\"img-responsive wp-image-41891 fusion-gallery-image-size-fixed\" srcset=\"https:\/\/afc.cat\/wp-content\/uploads\/2025\/02\/23_David-Penarroya-Hernandez_90-320x202.jpg 320w, https:\/\/afc.cat\/wp-content\/uploads\/2025\/02\/23_David-Penarroya-Hernandez_90-700x441.jpg 700w\" sizes=\"(max-width: 320px) 100vw, 320px\" \/><\/a><\/div><\/div><div style=\"padding:5px;\" class=\"fusion-grid-column fusion-gallery-column fusion-gallery-column-6 hover-type-zoomin\"><div class=\"fusion-gallery-image\"><a href=\"https:\/\/afc.cat\/wp-content\/uploads\/2025\/02\/24_Joan-Rue-Domingo_90.jpg\" data-title=\"24_Joan Ru\u00e9 Domingo_90\" title=\"24_Joan Ru\u00e9 Domingo_90\" rel=\"noreferrer\" data-rel=\"iLightbox[gallery_image_2]\" class=\"fusion-lightbox\" target=\"_self\"><img decoding=\"async\" src=\"https:\/\/afc.cat\/wp-content\/uploads\/2025\/02\/24_Joan-Rue-Domingo_90-320x202.jpg\" width=\"320\" height=\"202\" alt=\"\" title=\"24_Joan Ru\u00e9 Domingo_90\" aria-label=\"24_Joan Ru\u00e9 Domingo_90\" class=\"img-responsive wp-image-41893 fusion-gallery-image-size-fixed\" srcset=\"https:\/\/afc.cat\/wp-content\/uploads\/2025\/02\/24_Joan-Rue-Domingo_90-320x202.jpg 320w, https:\/\/afc.cat\/wp-content\/uploads\/2025\/02\/24_Joan-Rue-Domingo_90-700x441.jpg 700w\" sizes=\"(max-width: 320px) 100vw, 320px\" \/><\/a><\/div><\/div><div class=\"clearfix\"><\/div><div style=\"padding:5px;\" class=\"fusion-grid-column fusion-gallery-column fusion-gallery-column-6 hover-type-zoomin\"><div class=\"fusion-gallery-image\"><a href=\"https:\/\/afc.cat\/wp-content\/uploads\/2025\/02\/25_Jordi-Meseguer-Rafales_90.jpg\" data-title=\"25_Jordi Meseguer Rafales_90\" title=\"25_Jordi Meseguer Rafales_90\" rel=\"noreferrer\" data-rel=\"iLightbox[gallery_image_2]\" class=\"fusion-lightbox\" target=\"_self\"><img decoding=\"async\" src=\"https:\/\/afc.cat\/wp-content\/uploads\/2025\/02\/25_Jordi-Meseguer-Rafales_90-320x202.jpg\" width=\"320\" height=\"202\" alt=\"\" title=\"25_Jordi Meseguer Rafales_90\" aria-label=\"25_Jordi Meseguer Rafales_90\" class=\"img-responsive wp-image-41895 fusion-gallery-image-size-fixed\" srcset=\"https:\/\/afc.cat\/wp-content\/uploads\/2025\/02\/25_Jordi-Meseguer-Rafales_90-320x202.jpg 320w, https:\/\/afc.cat\/wp-content\/uploads\/2025\/02\/25_Jordi-Meseguer-Rafales_90-700x441.jpg 700w\" sizes=\"(max-width: 320px) 100vw, 320px\" \/><\/a><\/div><\/div><div style=\"padding:5px;\" class=\"fusion-grid-column fusion-gallery-column fusion-gallery-column-6 hover-type-zoomin\"><div class=\"fusion-gallery-image\"><a href=\"https:\/\/afc.cat\/wp-content\/uploads\/2025\/02\/26_Xavier-Bou-Salazar_88.jpg\" data-title=\"26_Xavier Bou Salazar_88\" title=\"26_Xavier Bou Salazar_88\" rel=\"noreferrer\" data-rel=\"iLightbox[gallery_image_2]\" class=\"fusion-lightbox\" target=\"_self\"><img decoding=\"async\" src=\"https:\/\/afc.cat\/wp-content\/uploads\/2025\/02\/26_Xavier-Bou-Salazar_88-320x202.jpg\" width=\"320\" height=\"202\" alt=\"\" title=\"26_Xavier Bou Salazar_88\" aria-label=\"26_Xavier Bou Salazar_88\" class=\"img-responsive wp-image-41897 fusion-gallery-image-size-fixed\" srcset=\"https:\/\/afc.cat\/wp-content\/uploads\/2025\/02\/26_Xavier-Bou-Salazar_88-320x202.jpg 320w, https:\/\/afc.cat\/wp-content\/uploads\/2025\/02\/26_Xavier-Bou-Salazar_88-700x441.jpg 700w\" sizes=\"(max-width: 320px) 100vw, 320px\" \/><\/a><\/div><\/div><div style=\"padding:5px;\" class=\"fusion-grid-column fusion-gallery-column fusion-gallery-column-6 hover-type-zoomin\"><div class=\"fusion-gallery-image\"><a href=\"https:\/\/afc.cat\/wp-content\/uploads\/2025\/02\/27_Esperanca-Sanz-Marin_88.jpg\" data-title=\"27_Esperan\u00e7a Sanz Marin_88\" title=\"27_Esperan\u00e7a Sanz Marin_88\" rel=\"noreferrer\" data-rel=\"iLightbox[gallery_image_2]\" class=\"fusion-lightbox\" target=\"_self\"><img decoding=\"async\" src=\"https:\/\/afc.cat\/wp-content\/uploads\/2025\/02\/27_Esperanca-Sanz-Marin_88-320x202.jpg\" width=\"320\" height=\"202\" alt=\"\" title=\"27_Esperan\u00e7a Sanz Marin_88\" aria-label=\"27_Esperan\u00e7a Sanz Marin_88\" class=\"img-responsive wp-image-41899 fusion-gallery-image-size-fixed\" srcset=\"https:\/\/afc.cat\/wp-content\/uploads\/2025\/02\/27_Esperanca-Sanz-Marin_88-320x202.jpg 320w, https:\/\/afc.cat\/wp-content\/uploads\/2025\/02\/27_Esperanca-Sanz-Marin_88-700x441.jpg 700w\" sizes=\"(max-width: 320px) 100vw, 320px\" \/><\/a><\/div><\/div><div style=\"padding:5px;\" class=\"fusion-grid-column fusion-gallery-column fusion-gallery-column-6 hover-type-zoomin\"><div class=\"fusion-gallery-image\"><a href=\"https:\/\/afc.cat\/wp-content\/uploads\/2025\/02\/28_Merce-Rios-Bejar_88.jpg\" data-title=\"28_Merc\u00e8 R\u00edos Bejar_88\" title=\"28_Merc\u00e8 R\u00edos Bejar_88\" rel=\"noreferrer\" data-rel=\"iLightbox[gallery_image_2]\" class=\"fusion-lightbox\" target=\"_self\"><img decoding=\"async\" src=\"https:\/\/afc.cat\/wp-content\/uploads\/2025\/02\/28_Merce-Rios-Bejar_88-320x202.jpg\" width=\"320\" height=\"202\" alt=\"\" title=\"28_Merc\u00e8 R\u00edos Bejar_88\" aria-label=\"28_Merc\u00e8 R\u00edos Bejar_88\" class=\"img-responsive wp-image-41901 fusion-gallery-image-size-fixed\" srcset=\"https:\/\/afc.cat\/wp-content\/uploads\/2025\/02\/28_Merce-Rios-Bejar_88-320x202.jpg 320w, https:\/\/afc.cat\/wp-content\/uploads\/2025\/02\/28_Merce-Rios-Bejar_88-700x441.jpg 700w\" sizes=\"(max-width: 320px) 100vw, 320px\" \/><\/a><\/div><\/div><div style=\"padding:5px;\" class=\"fusion-grid-column fusion-gallery-column fusion-gallery-column-6 hover-type-zoomin\"><div class=\"fusion-gallery-image\"><a href=\"https:\/\/afc.cat\/wp-content\/uploads\/2025\/02\/29_Antoni-Beneyto-Maria_85.jpg\" data-title=\"29_Antoni Beneyto Maria_85\" title=\"29_Antoni Beneyto Maria_85\" rel=\"noreferrer\" data-rel=\"iLightbox[gallery_image_2]\" class=\"fusion-lightbox\" target=\"_self\"><img decoding=\"async\" src=\"https:\/\/afc.cat\/wp-content\/uploads\/2025\/02\/29_Antoni-Beneyto-Maria_85-320x202.jpg\" width=\"320\" height=\"202\" alt=\"\" title=\"29_Antoni Beneyto Maria_85\" aria-label=\"29_Antoni Beneyto Maria_85\" class=\"img-responsive wp-image-41903 fusion-gallery-image-size-fixed\" srcset=\"https:\/\/afc.cat\/wp-content\/uploads\/2025\/02\/29_Antoni-Beneyto-Maria_85-320x202.jpg 320w, https:\/\/afc.cat\/wp-content\/uploads\/2025\/02\/29_Antoni-Beneyto-Maria_85-700x441.jpg 700w\" sizes=\"(max-width: 320px) 100vw, 320px\" \/><\/a><\/div><\/div><div style=\"padding:5px;\" class=\"fusion-grid-column fusion-gallery-column fusion-gallery-column-6 hover-type-zoomin\"><div class=\"fusion-gallery-image\"><a href=\"https:\/\/afc.cat\/wp-content\/uploads\/2025\/02\/30_Carmen-Casademont-Ribot_85.jpg\" data-title=\"30_Carmen Casademont Ribot_85\" title=\"30_Carmen Casademont Ribot_85\" rel=\"noreferrer\" data-rel=\"iLightbox[gallery_image_2]\" class=\"fusion-lightbox\" target=\"_self\"><img decoding=\"async\" src=\"https:\/\/afc.cat\/wp-content\/uploads\/2025\/02\/30_Carmen-Casademont-Ribot_85-320x202.jpg\" width=\"320\" height=\"202\" alt=\"\" title=\"30_Carmen Casademont Ribot_85\" aria-label=\"30_Carmen Casademont Ribot_85\" class=\"img-responsive wp-image-41905 fusion-gallery-image-size-fixed\" srcset=\"https:\/\/afc.cat\/wp-content\/uploads\/2025\/02\/30_Carmen-Casademont-Ribot_85-320x202.jpg 320w, https:\/\/afc.cat\/wp-content\/uploads\/2025\/02\/30_Carmen-Casademont-Ribot_85-700x441.jpg 700w\" sizes=\"(max-width: 320px) 100vw, 320px\" \/><\/a><\/div><\/div><div class=\"clearfix\"><\/div><div style=\"padding:5px;\" class=\"fusion-grid-column fusion-gallery-column fusion-gallery-column-6 hover-type-zoomin\"><div class=\"fusion-gallery-image\"><a href=\"https:\/\/afc.cat\/wp-content\/uploads\/2025\/02\/31_Adolfo-Garcia-Bastard_82.jpg\" data-title=\"31_Adolfo Garcia Bastard_82\" title=\"31_Adolfo Garcia Bastard_82\" rel=\"noreferrer\" data-rel=\"iLightbox[gallery_image_2]\" class=\"fusion-lightbox\" target=\"_self\"><img decoding=\"async\" src=\"https:\/\/afc.cat\/wp-content\/uploads\/2025\/02\/31_Adolfo-Garcia-Bastard_82-320x202.jpg\" width=\"320\" height=\"202\" alt=\"\" title=\"31_Adolfo Garcia Bastard_82\" aria-label=\"31_Adolfo Garcia Bastard_82\" class=\"img-responsive wp-image-41907 fusion-gallery-image-size-fixed\" srcset=\"https:\/\/afc.cat\/wp-content\/uploads\/2025\/02\/31_Adolfo-Garcia-Bastard_82-320x202.jpg 320w, https:\/\/afc.cat\/wp-content\/uploads\/2025\/02\/31_Adolfo-Garcia-Bastard_82-700x441.jpg 700w\" sizes=\"(max-width: 320px) 100vw, 320px\" \/><\/a><\/div><\/div><div style=\"padding:5px;\" class=\"fusion-grid-column fusion-gallery-column fusion-gallery-column-6 hover-type-zoomin\"><div class=\"fusion-gallery-image\"><a href=\"https:\/\/afc.cat\/wp-content\/uploads\/2025\/02\/32_Josep-Maria-Bonjoch-Trilla_81.jpg\" data-title=\"32_Josep Maria Bonjoch Trilla_81\" title=\"32_Josep Maria Bonjoch Trilla_81\" rel=\"noreferrer\" data-rel=\"iLightbox[gallery_image_2]\" class=\"fusion-lightbox\" target=\"_self\"><img decoding=\"async\" src=\"https:\/\/afc.cat\/wp-content\/uploads\/2025\/02\/32_Josep-Maria-Bonjoch-Trilla_81-320x202.jpg\" width=\"320\" height=\"202\" alt=\"\" title=\"32_Josep Maria Bonjoch Trilla_81\" aria-label=\"32_Josep Maria Bonjoch Trilla_81\" class=\"img-responsive wp-image-41909 fusion-gallery-image-size-fixed\" srcset=\"https:\/\/afc.cat\/wp-content\/uploads\/2025\/02\/32_Josep-Maria-Bonjoch-Trilla_81-320x202.jpg 320w, https:\/\/afc.cat\/wp-content\/uploads\/2025\/02\/32_Josep-Maria-Bonjoch-Trilla_81-700x441.jpg 700w\" sizes=\"(max-width: 320px) 100vw, 320px\" \/><\/a><\/div><\/div><div style=\"padding:5px;\" class=\"fusion-grid-column fusion-gallery-column fusion-gallery-column-6 hover-type-zoomin\"><div class=\"fusion-gallery-image\"><a href=\"https:\/\/afc.cat\/wp-content\/uploads\/2025\/02\/33_Clara-Lopez-Colomer_76.jpg\" data-title=\"33_Clara Lopez Colomer_76\" title=\"33_Clara Lopez Colomer_76\" rel=\"noreferrer\" data-rel=\"iLightbox[gallery_image_2]\" class=\"fusion-lightbox\" target=\"_self\"><img decoding=\"async\" src=\"https:\/\/afc.cat\/wp-content\/uploads\/2025\/02\/33_Clara-Lopez-Colomer_76-320x202.jpg\" width=\"320\" height=\"202\" alt=\"\" title=\"33_Clara Lopez Colomer_76\" aria-label=\"33_Clara Lopez Colomer_76\" class=\"img-responsive wp-image-41911 fusion-gallery-image-size-fixed\" srcset=\"https:\/\/afc.cat\/wp-content\/uploads\/2025\/02\/33_Clara-Lopez-Colomer_76-320x202.jpg 320w, https:\/\/afc.cat\/wp-content\/uploads\/2025\/02\/33_Clara-Lopez-Colomer_76-700x441.jpg 700w\" sizes=\"(max-width: 320px) 100vw, 320px\" \/><\/a><\/div><\/div><div style=\"padding:5px;\" class=\"fusion-grid-column fusion-gallery-column fusion-gallery-column-6 hover-type-zoomin\"><div class=\"fusion-gallery-image\"><a href=\"https:\/\/afc.cat\/wp-content\/uploads\/2025\/02\/34_Sara-Assens-Mampel_76.jpg\" data-title=\"34_Sara Assens Mampel_76\" title=\"34_Sara Assens Mampel_76\" rel=\"noreferrer\" data-rel=\"iLightbox[gallery_image_2]\" class=\"fusion-lightbox\" target=\"_self\"><img decoding=\"async\" src=\"https:\/\/afc.cat\/wp-content\/uploads\/2025\/02\/34_Sara-Assens-Mampel_76-320x202.jpg\" width=\"320\" height=\"202\" alt=\"\" title=\"34_Sara Assens Mampel_76\" aria-label=\"34_Sara Assens Mampel_76\" class=\"img-responsive wp-image-41913 fusion-gallery-image-size-fixed\" srcset=\"https:\/\/afc.cat\/wp-content\/uploads\/2025\/02\/34_Sara-Assens-Mampel_76-320x202.jpg 320w, https:\/\/afc.cat\/wp-content\/uploads\/2025\/02\/34_Sara-Assens-Mampel_76-700x441.jpg 700w\" sizes=\"(max-width: 320px) 100vw, 320px\" \/><\/a><\/div><\/div><div style=\"padding:5px;\" class=\"fusion-grid-column fusion-gallery-column fusion-gallery-column-6 hover-type-zoomin\"><div class=\"fusion-gallery-image\"><a href=\"https:\/\/afc.cat\/wp-content\/uploads\/2025\/02\/35_Teresa-Tejero-Lopez_71.jpg\" data-title=\"35_Teresa Tejero Lopez_71\" title=\"35_Teresa Tejero Lopez_71\" rel=\"noreferrer\" data-rel=\"iLightbox[gallery_image_2]\" class=\"fusion-lightbox\" target=\"_self\"><img decoding=\"async\" src=\"https:\/\/afc.cat\/wp-content\/uploads\/2025\/02\/35_Teresa-Tejero-Lopez_71-320x202.jpg\" width=\"320\" height=\"202\" alt=\"\" title=\"35_Teresa Tejero Lopez_71\" aria-label=\"35_Teresa Tejero Lopez_71\" class=\"img-responsive wp-image-41915 fusion-gallery-image-size-fixed\" srcset=\"https:\/\/afc.cat\/wp-content\/uploads\/2025\/02\/35_Teresa-Tejero-Lopez_71-320x202.jpg 320w, https:\/\/afc.cat\/wp-content\/uploads\/2025\/02\/35_Teresa-Tejero-Lopez_71-700x441.jpg 700w\" sizes=\"(max-width: 320px) 100vw, 320px\" \/><\/a><\/div><\/div><div style=\"padding:5px;\" class=\"fusion-grid-column fusion-gallery-column fusion-gallery-column-6 hover-type-zoomin\"><div class=\"fusion-gallery-image\"><a href=\"https:\/\/afc.cat\/wp-content\/uploads\/2025\/02\/36_PERE-GRAUPERA-LANGA_63.jpg\" data-title=\"36_PERE GRAUPERA LANGA_63\" title=\"36_PERE GRAUPERA LANGA_63\" rel=\"noreferrer\" data-rel=\"iLightbox[gallery_image_2]\" class=\"fusion-lightbox\" target=\"_self\"><img decoding=\"async\" src=\"https:\/\/afc.cat\/wp-content\/uploads\/2025\/02\/36_PERE-GRAUPERA-LANGA_63-320x202.jpg\" width=\"320\" height=\"202\" alt=\"\" title=\"36_PERE GRAUPERA LANGA_63\" aria-label=\"36_PERE GRAUPERA LANGA_63\" class=\"img-responsive wp-image-41917 fusion-gallery-image-size-fixed\" srcset=\"https:\/\/afc.cat\/wp-content\/uploads\/2025\/02\/36_PERE-GRAUPERA-LANGA_63-320x202.jpg 320w, https:\/\/afc.cat\/wp-content\/uploads\/2025\/02\/36_PERE-GRAUPERA-LANGA_63-700x441.jpg 700w\" sizes=\"(max-width: 320px) 100vw, 320px\" \/><\/a><\/div><\/div><div class=\"clearfix\"><\/div><div style=\"padding:5px;\" class=\"fusion-grid-column fusion-gallery-column fusion-gallery-column-6 hover-type-zoomin\"><div class=\"fusion-gallery-image\"><a href=\"https:\/\/afc.cat\/wp-content\/uploads\/2025\/02\/37_XAVIER-RICOL-DOLSET_45.jpg\" data-title=\"37_XAVIER RICOL DOLSET_45\" title=\"37_XAVIER RICOL DOLSET_45\" rel=\"noreferrer\" data-rel=\"iLightbox[gallery_image_2]\" class=\"fusion-lightbox\" target=\"_self\"><img decoding=\"async\" src=\"https:\/\/afc.cat\/wp-content\/uploads\/2025\/02\/37_XAVIER-RICOL-DOLSET_45-320x202.jpg\" width=\"320\" height=\"202\" alt=\"\" title=\"37_XAVIER RICOL DOLSET_45\" aria-label=\"37_XAVIER RICOL DOLSET_45\" class=\"img-responsive wp-image-41919 fusion-gallery-image-size-fixed\" srcset=\"https:\/\/afc.cat\/wp-content\/uploads\/2025\/02\/37_XAVIER-RICOL-DOLSET_45-320x202.jpg 320w, https:\/\/afc.cat\/wp-content\/uploads\/2025\/02\/37_XAVIER-RICOL-DOLSET_45-700x441.jpg 700w\" sizes=\"(max-width: 320px) 100vw, 320px\" \/><\/a><\/div><\/div><\/div><div class=\"fusion-separator fusion-full-width-sep\" style=\"align-self: center;margin-left: auto;margin-right: auto;margin-top:20px;margin-bottom:20px;width:100%;\"><div class=\"fusion-separator-border sep-single sep-solid\" style=\"border-color:#3ec0bf;border-top-width:1px;\"><\/div><\/div><div style=\"text-align:center;\"><style>.fusion-button.button-1{border-radius:4px 4px 4px 4px;}<\/style><a class=\"fusion-button button-flat fusion-button-default-size button-default button-1 fusion-button-default-span fusion-button-default-type\" target=\"_self\" href=\"https:\/\/afc.cat\/es\/galerias\/\"><span class=\"fusion-button-text\">Volver a GALER\u00cdAS<\/span><\/a><\/div><\/div><style type=\"text\/css\">.fusion-body .fusion-builder-column-0{width:100% !important;margin-top : 0px;margin-bottom : 20px;}.fusion-builder-column-0 > .fusion-column-wrapper {padding-top : 0px !important;padding-right : 0px !important;margin-right : 1.92%;padding-bottom : 0px !important;padding-left : 0px !important;margin-left : 1.92%;}@media only screen and (max-width:1024px) {.fusion-body .fusion-builder-column-0{width:100% !important;order : 0;}.fusion-builder-column-0 > .fusion-column-wrapper {margin-right : 1.92%;margin-left : 1.92%;}}@media only screen and (max-width:640px) {.fusion-body .fusion-builder-column-0{width:100% !important;order : 0;}.fusion-builder-column-0 > .fusion-column-wrapper {margin-right : 1.92%;margin-left : 1.92%;}}<\/style><\/div><\/div><style type=\"text\/css\">.fusion-body .fusion-flex-container.fusion-builder-row-1{ padding-top : 0px;margin-top : 0px;padding-right : 0px;padding-bottom : 0px;margin-bottom : 0px;padding-left : 0px;}<\/style><\/div>\n","protected":false},"excerpt":{"rendered":"","protected":false},"author":33,"featured_media":41923,"menu_order":0,"comment_status":"open","ping_status":"closed","template":"","format":"standard","meta":{"_acf_changed":false,"footnotes":""},"portfolio_category":[158],"portfolio_skills":[],"portfolio_tags":[],"class_list":["post-41927","avada_portfolio","type-avada_portfolio","status-publish","format-standard","has-post-thumbnail","hentry","portfolio_category-concursos-es"],"acf":[],"yoast_head":"<!-- This site is optimized with the Yoast SEO plugin v27.5 - https:\/\/yoast.com\/product\/yoast-seo-wordpress\/ -->\n<title>Clasificaci\u00f3n concurso Temes Obligats 2024-2025 FEBRERO 25 - Agrupaci\u00f3 Fotogr\u00e0fica de Catalunya<\/title>\n<meta name=\"robots\" content=\"index, follow, max-snippet:-1, max-image-preview:large, max-video-preview:-1\" \/>\n<link rel=\"canonical\" href=\"https:\/\/afc.cat\/es\/galeria\/clasificacion-concurso-temes-obligats-2024-2025-febrero-25\/\" \/>\n<meta property=\"og:locale\" content=\"es_ES\" \/>\n<meta property=\"og:type\" content=\"article\" \/>\n<meta property=\"og:title\" content=\"Clasificaci\u00f3n concurso Temes Obligats 2024-2025 FEBRERO 25 - Agrupaci\u00f3 Fotogr\u00e0fica de Catalunya\" \/>\n<meta property=\"og:url\" content=\"https:\/\/afc.cat\/es\/galeria\/clasificacion-concurso-temes-obligats-2024-2025-febrero-25\/\" \/>\n<meta property=\"og:site_name\" content=\"Agrupaci\u00f3 Fotogr\u00e0fica de Catalunya\" \/>\n<meta property=\"article:modified_time\" content=\"2025-03-12T18:22:17+00:00\" \/>\n<meta property=\"og:image\" content=\"https:\/\/afc.cat\/wp-content\/uploads\/2025\/02\/TO-02-25-FEBRER-25-ESP.jpg\" \/>\n\t<meta property=\"og:image:width\" content=\"400\" \/>\n\t<meta property=\"og:image:height\" content=\"267\" \/>\n\t<meta property=\"og:image:type\" content=\"image\/jpeg\" \/>\n<meta name=\"twitter:card\" content=\"summary_large_image\" \/>\n<meta name=\"twitter:label1\" content=\"Tiempo de lectura\" \/>\n\t<meta name=\"twitter:data1\" content=\"7 minutos\" \/>\n<script type=\"application\/ld+json\" class=\"yoast-schema-graph\">{\"@context\":\"https:\\\/\\\/schema.org\",\"@graph\":[{\"@type\":\"WebPage\",\"@id\":\"https:\\\/\\\/afc.cat\\\/es\\\/galeria\\\/clasificacion-concurso-temes-obligats-2024-2025-febrero-25\\\/\",\"url\":\"https:\\\/\\\/afc.cat\\\/es\\\/galeria\\\/clasificacion-concurso-temes-obligats-2024-2025-febrero-25\\\/\",\"name\":\"Clasificaci\u00f3n concurso Temes Obligats 2024-2025 FEBRERO 25 - Agrupaci\u00f3 Fotogr\u00e0fica de Catalunya\",\"isPartOf\":{\"@id\":\"https:\\\/\\\/afc.cat\\\/es\\\/#website\"},\"primaryImageOfPage\":{\"@id\":\"https:\\\/\\\/afc.cat\\\/es\\\/galeria\\\/clasificacion-concurso-temes-obligats-2024-2025-febrero-25\\\/#primaryimage\"},\"image\":{\"@id\":\"https:\\\/\\\/afc.cat\\\/es\\\/galeria\\\/clasificacion-concurso-temes-obligats-2024-2025-febrero-25\\\/#primaryimage\"},\"thumbnailUrl\":\"https:\\\/\\\/afc.cat\\\/wp-content\\\/uploads\\\/2025\\\/02\\\/TO-02-25-FEBRER-25-ESP.jpg\",\"datePublished\":\"2025-02-28T18:17:48+00:00\",\"dateModified\":\"2025-03-12T18:22:17+00:00\",\"breadcrumb\":{\"@id\":\"https:\\\/\\\/afc.cat\\\/es\\\/galeria\\\/clasificacion-concurso-temes-obligats-2024-2025-febrero-25\\\/#breadcrumb\"},\"inLanguage\":\"es\",\"potentialAction\":[{\"@type\":\"ReadAction\",\"target\":[\"https:\\\/\\\/afc.cat\\\/es\\\/galeria\\\/clasificacion-concurso-temes-obligats-2024-2025-febrero-25\\\/\"]}]},{\"@type\":\"ImageObject\",\"inLanguage\":\"es\",\"@id\":\"https:\\\/\\\/afc.cat\\\/es\\\/galeria\\\/clasificacion-concurso-temes-obligats-2024-2025-febrero-25\\\/#primaryimage\",\"url\":\"https:\\\/\\\/afc.cat\\\/wp-content\\\/uploads\\\/2025\\\/02\\\/TO-02-25-FEBRER-25-ESP.jpg\",\"contentUrl\":\"https:\\\/\\\/afc.cat\\\/wp-content\\\/uploads\\\/2025\\\/02\\\/TO-02-25-FEBRER-25-ESP.jpg\",\"width\":400,\"height\":267},{\"@type\":\"BreadcrumbList\",\"@id\":\"https:\\\/\\\/afc.cat\\\/es\\\/galeria\\\/clasificacion-concurso-temes-obligats-2024-2025-febrero-25\\\/#breadcrumb\",\"itemListElement\":[{\"@type\":\"ListItem\",\"position\":1,\"name\":\"Inicio\",\"item\":\"https:\\\/\\\/afc.cat\\\/es\\\/\"},{\"@type\":\"ListItem\",\"position\":2,\"name\":\"Portfolio\",\"item\":\"https:\\\/\\\/afc.cat\\\/galeria\\\/\"},{\"@type\":\"ListItem\",\"position\":3,\"name\":\"Clasificaci\u00f3n concurso Temes Obligats 2024-2025 FEBRERO 25\"}]},{\"@type\":\"WebSite\",\"@id\":\"https:\\\/\\\/afc.cat\\\/es\\\/#website\",\"url\":\"https:\\\/\\\/afc.cat\\\/es\\\/\",\"name\":\"Agrupaci\u00f3 Fotogr\u00e0fica de Catalunya\",\"description\":\"Fomento y divulgaci\u00f3n de la fotograf\u00eda en todas sus variedades\",\"potentialAction\":[{\"@type\":\"SearchAction\",\"target\":{\"@type\":\"EntryPoint\",\"urlTemplate\":\"https:\\\/\\\/afc.cat\\\/es\\\/?s={search_term_string}\"},\"query-input\":{\"@type\":\"PropertyValueSpecification\",\"valueRequired\":true,\"valueName\":\"search_term_string\"}}],\"inLanguage\":\"es\"}]}<\/script>\n<!-- \/ Yoast SEO plugin. -->","yoast_head_json":{"title":"Clasificaci\u00f3n concurso Temes Obligats 2024-2025 FEBRERO 25 - Agrupaci\u00f3 Fotogr\u00e0fica de Catalunya","robots":{"index":"index","follow":"follow","max-snippet":"max-snippet:-1","max-image-preview":"max-image-preview:large","max-video-preview":"max-video-preview:-1"},"canonical":"https:\/\/afc.cat\/es\/galeria\/clasificacion-concurso-temes-obligats-2024-2025-febrero-25\/","og_locale":"es_ES","og_type":"article","og_title":"Clasificaci\u00f3n concurso Temes Obligats 2024-2025 FEBRERO 25 - Agrupaci\u00f3 Fotogr\u00e0fica de Catalunya","og_url":"https:\/\/afc.cat\/es\/galeria\/clasificacion-concurso-temes-obligats-2024-2025-febrero-25\/","og_site_name":"Agrupaci\u00f3 Fotogr\u00e0fica de Catalunya","article_modified_time":"2025-03-12T18:22:17+00:00","og_image":[{"width":400,"height":267,"url":"https:\/\/afc.cat\/wp-content\/uploads\/2025\/02\/TO-02-25-FEBRER-25-ESP.jpg","type":"image\/jpeg"}],"twitter_card":"summary_large_image","twitter_misc":{"Tiempo de lectura":"7 minutos"},"schema":{"@context":"https:\/\/schema.org","@graph":[{"@type":"WebPage","@id":"https:\/\/afc.cat\/es\/galeria\/clasificacion-concurso-temes-obligats-2024-2025-febrero-25\/","url":"https:\/\/afc.cat\/es\/galeria\/clasificacion-concurso-temes-obligats-2024-2025-febrero-25\/","name":"Clasificaci\u00f3n concurso Temes Obligats 2024-2025 FEBRERO 25 - Agrupaci\u00f3 Fotogr\u00e0fica de Catalunya","isPartOf":{"@id":"https:\/\/afc.cat\/es\/#website"},"primaryImageOfPage":{"@id":"https:\/\/afc.cat\/es\/galeria\/clasificacion-concurso-temes-obligats-2024-2025-febrero-25\/#primaryimage"},"image":{"@id":"https:\/\/afc.cat\/es\/galeria\/clasificacion-concurso-temes-obligats-2024-2025-febrero-25\/#primaryimage"},"thumbnailUrl":"https:\/\/afc.cat\/wp-content\/uploads\/2025\/02\/TO-02-25-FEBRER-25-ESP.jpg","datePublished":"2025-02-28T18:17:48+00:00","dateModified":"2025-03-12T18:22:17+00:00","breadcrumb":{"@id":"https:\/\/afc.cat\/es\/galeria\/clasificacion-concurso-temes-obligats-2024-2025-febrero-25\/#breadcrumb"},"inLanguage":"es","potentialAction":[{"@type":"ReadAction","target":["https:\/\/afc.cat\/es\/galeria\/clasificacion-concurso-temes-obligats-2024-2025-febrero-25\/"]}]},{"@type":"ImageObject","inLanguage":"es","@id":"https:\/\/afc.cat\/es\/galeria\/clasificacion-concurso-temes-obligats-2024-2025-febrero-25\/#primaryimage","url":"https:\/\/afc.cat\/wp-content\/uploads\/2025\/02\/TO-02-25-FEBRER-25-ESP.jpg","contentUrl":"https:\/\/afc.cat\/wp-content\/uploads\/2025\/02\/TO-02-25-FEBRER-25-ESP.jpg","width":400,"height":267},{"@type":"BreadcrumbList","@id":"https:\/\/afc.cat\/es\/galeria\/clasificacion-concurso-temes-obligats-2024-2025-febrero-25\/#breadcrumb","itemListElement":[{"@type":"ListItem","position":1,"name":"Inicio","item":"https:\/\/afc.cat\/es\/"},{"@type":"ListItem","position":2,"name":"Portfolio","item":"https:\/\/afc.cat\/galeria\/"},{"@type":"ListItem","position":3,"name":"Clasificaci\u00f3n concurso Temes Obligats 2024-2025 FEBRERO 25"}]},{"@type":"WebSite","@id":"https:\/\/afc.cat\/es\/#website","url":"https:\/\/afc.cat\/es\/","name":"Agrupaci\u00f3 Fotogr\u00e0fica de Catalunya","description":"Fomento y divulgaci\u00f3n de la fotograf\u00eda en todas sus variedades","potentialAction":[{"@type":"SearchAction","target":{"@type":"EntryPoint","urlTemplate":"https:\/\/afc.cat\/es\/?s={search_term_string}"},"query-input":{"@type":"PropertyValueSpecification","valueRequired":true,"valueName":"search_term_string"}}],"inLanguage":"es"}]}},"_links":{"self":[{"href":"https:\/\/afc.cat\/es\/wp-json\/wp\/v2\/avada_portfolio\/41927","targetHints":{"allow":["GET"]}}],"collection":[{"href":"https:\/\/afc.cat\/es\/wp-json\/wp\/v2\/avada_portfolio"}],"about":[{"href":"https:\/\/afc.cat\/es\/wp-json\/wp\/v2\/types\/avada_portfolio"}],"author":[{"embeddable":true,"href":"https:\/\/afc.cat\/es\/wp-json\/wp\/v2\/users\/33"}],"replies":[{"embeddable":true,"href":"https:\/\/afc.cat\/es\/wp-json\/wp\/v2\/comments?post=41927"}],"version-history":[{"count":4,"href":"https:\/\/afc.cat\/es\/wp-json\/wp\/v2\/avada_portfolio\/41927\/revisions"}],"predecessor-version":[{"id":42052,"href":"https:\/\/afc.cat\/es\/wp-json\/wp\/v2\/avada_portfolio\/41927\/revisions\/42052"}],"wp:featuredmedia":[{"embeddable":true,"href":"https:\/\/afc.cat\/es\/wp-json\/wp\/v2\/media\/41923"}],"wp:attachment":[{"href":"https:\/\/afc.cat\/es\/wp-json\/wp\/v2\/media?parent=41927"}],"wp:term":[{"taxonomy":"portfolio_category","embeddable":true,"href":"https:\/\/afc.cat\/es\/wp-json\/wp\/v2\/portfolio_category?post=41927"},{"taxonomy":"portfolio_skills","embeddable":true,"href":"https:\/\/afc.cat\/es\/wp-json\/wp\/v2\/portfolio_skills?post=41927"},{"taxonomy":"portfolio_tags","embeddable":true,"href":"https:\/\/afc.cat\/es\/wp-json\/wp\/v2\/portfolio_tags?post=41927"}],"curies":[{"name":"wp","href":"https:\/\/api.w.org\/{rel}","templated":true}]}}