{"id":42367,"date":"2025-03-28T19:06:25","date_gmt":"2025-03-28T17:06:25","guid":{"rendered":"https:\/\/afc.cat\/?post_type=avada_portfolio&#038;p=42367"},"modified":"2025-03-28T21:49:28","modified_gmt":"2025-03-28T19:49:28","slug":"clasificacion-concurso-temes-obligats-2024-2025-marzo-25","status":"publish","type":"avada_portfolio","link":"https:\/\/afc.cat\/es\/galeria\/clasificacion-concurso-temes-obligats-2024-2025-marzo-25\/","title":{"rendered":"Clasificaci\u00f3n concurso Temes Obligats 2024-2025 MARZO 25"},"content":{"rendered":"<div class=\"fusion-fullwidth fullwidth-box fusion-builder-row-1 fusion-flex-container nonhundred-percent-fullwidth non-hundred-percent-height-scrolling\" style=\"background-color: rgba(255,255,255,0);background-position: center center;background-repeat: no-repeat;border-width: 0px 0px 0px 0px;border-color:#ffffff;border-style:solid;\" ><div class=\"fusion-builder-row fusion-row fusion-flex-align-items-flex-start\" style=\"max-width:1300px;margin-left: calc(-4% \/ 2 );margin-right: calc(-4% \/ 2 );\"><div class=\"fusion-layout-column fusion_builder_column fusion-builder-column-0 fusion_builder_column_1_1 1_1 fusion-flex-column\"><div class=\"fusion-column-wrapper fusion-flex-justify-content-flex-start fusion-content-layout-column\" style=\"background-position:left top;background-repeat:no-repeat;-webkit-background-size:cover;-moz-background-size:cover;-o-background-size:cover;background-size:cover;padding: 0px 0px 0px 0px;\"><div class=\"fusion-text fusion-text-1\"><h2 style=\"text-align: center;\">Tema Obligado MARZO 2025<\/h2>\n<h3 style=\"text-align: center;\">Simetr\u00eda<\/h3>\n<\/div><div class=\"fusion-text fusion-text-2\"><h2>Concurso de fotograf\u00eda Temes obligats 2024-2025<\/h2>\n<p>El pasado viernes d\u00eda 21 de febrero se procedi\u00f3 a la valoraci\u00f3n del jurado de las fotograf\u00edas de los socios y socias que participaron en el concurso social de la Agrupaci\u00f3 <a href=\"https:\/\/afc.cat\/es\/concursos-sociales\/\">\u00a0\u00abTemes obligats\u00bb<\/a>.<\/p>\n<p>Como sab\u00e9is, el tema va cambiando cada mes y el tema de este mes de <strong>marzo de 2025<\/strong> ha sido:: \u00ab<strong>Simetr\u00eda<\/strong>\u00ab.<\/p>\n<p><strong>GANADORES DEL MES DE FEBRERO 2025<\/strong><\/p>\n<p><strong><u>Categor\u00eda Color<\/u><\/strong><\/p>\n<p><strong>1<\/strong> \u2013 Albert Ca\u00f1ellas Xarau \u2013 117 puntos<br \/>\n<strong>2<\/strong> \u2013 Miquel Cabr\u00e9 \u2013 117 puntos<br \/>\n<strong>3<\/strong> \u2013 Dolors Ventura \u2013 108 puntos<\/p>\n<p><strong><u>Categor\u00eda Monocromo<\/u><\/strong><\/p>\n<p><strong>1<\/strong> \u2013 Adolfo Garc\u00eda Bastard \u2013 119 puntos<br \/>\n<strong>2<\/strong> \u2013 Diego Pastor S\u00e1nchez \u2013 112 puntos<br \/>\n<strong>3 <\/strong>\u2013 Antoni Beneyto Maria \u2013 111 puntos<\/p>\n<p><strong><u>Jurado<\/u><\/strong><\/p>\n<p>David Escobosa<br \/>\nJosep Vicente<br \/>\nXavier Fedi<\/p>\n<p>Continuamos animando a los socios y socias a participar, siempre es una buena excusa para hacer lo que m\u00e1s nos gusta, coger la c\u00e1mara y hacer \u201cclic\u201d.<\/p>\n<p><strong>Vocal\u00eda Concursos<\/strong><\/p>\n<\/div><div class=\"fusion-separator fusion-full-width-sep\" style=\"align-self: center;margin-left: auto;margin-right: auto;margin-bottom:20px;width:100%;\"><div class=\"fusion-separator-border sep-single sep-solid\" style=\"border-color:#3ec0bf;border-top-width:1px;\"><\/div><\/div><div class=\"fusion-text fusion-text-3\"><p style=\"text-align: center;\"><strong>PUNTUACI\u00d3N MONOCROMO<\/strong><\/p>\n<\/div><div style=\"text-align:center;\"><style>.fusion-imageframe.imageframe-1{ margin-bottom : 5%;}<\/style><span class=\" fusion-imageframe imageframe-none imageframe-1 hover-type-zoomin\"><img decoding=\"async\" width=\"730\" height=\"1078\" title=\"ok monocrom mar\u00e7 25\" src=\"https:\/\/afc.cat\/wp-content\/uploads\/2025\/03\/ok-monocrom-marc-25.jpg\" alt class=\"img-responsive wp-image-42360\" srcset=\"https:\/\/afc.cat\/wp-content\/uploads\/2025\/03\/ok-monocrom-marc-25-200x295.jpg 200w, https:\/\/afc.cat\/wp-content\/uploads\/2025\/03\/ok-monocrom-marc-25-400x591.jpg 400w, https:\/\/afc.cat\/wp-content\/uploads\/2025\/03\/ok-monocrom-marc-25-600x886.jpg 600w, https:\/\/afc.cat\/wp-content\/uploads\/2025\/03\/ok-monocrom-marc-25.jpg 730w\" sizes=\"(max-width: 640px) 100vw, 730px\" \/><\/span><\/div><div class=\"fusion-text fusion-text-4\"><p style=\"text-align: center;\"><strong>Clasificaci\u00f3n monocromo<\/strong><\/p>\n<\/div><style type=\"text\/css\">.fusion-gallery-1 .fusion-gallery-image {border:0px solid #e2e2e2;}<\/style><div class=\"fusion-gallery fusion-gallery-container fusion-grid-6 fusion-columns-total-36 fusion-gallery-layout-grid fusion-gallery-1\" style=\"margin:-5px;\"><div style=\"padding:5px;\" class=\"fusion-grid-column fusion-gallery-column fusion-gallery-column-6 hover-type-zoomin\"><div class=\"fusion-gallery-image\"><a href=\"https:\/\/afc.cat\/wp-content\/uploads\/2025\/03\/1_AdolfoGarcia-Bastard_119_Aeroport.jpg\" data-title=\"1_AdolfoGarcia Bastard_119_Aeroport\" title=\"1_AdolfoGarcia Bastard_119_Aeroport\" rel=\"noreferrer\" data-rel=\"iLightbox[gallery_image_1]\" class=\"fusion-lightbox\" target=\"_self\"><img decoding=\"async\" src=\"https:\/\/afc.cat\/wp-content\/uploads\/2025\/03\/1_AdolfoGarcia-Bastard_119_Aeroport-320x202.jpg\" width=\"320\" height=\"202\" alt=\"\" title=\"1_AdolfoGarcia Bastard_119_Aeroport\" aria-label=\"1_AdolfoGarcia Bastard_119_Aeroport\" class=\"img-responsive wp-image-42285 fusion-gallery-image-size-fixed\" srcset=\"https:\/\/afc.cat\/wp-content\/uploads\/2025\/03\/1_AdolfoGarcia-Bastard_119_Aeroport-320x202.jpg 320w, https:\/\/afc.cat\/wp-content\/uploads\/2025\/03\/1_AdolfoGarcia-Bastard_119_Aeroport-700x441.jpg 700w\" sizes=\"(max-width: 320px) 100vw, 320px\" \/><\/a><\/div><\/div><div style=\"padding:5px;\" class=\"fusion-grid-column fusion-gallery-column fusion-gallery-column-6 hover-type-zoomin\"><div class=\"fusion-gallery-image\"><a href=\"https:\/\/afc.cat\/wp-content\/uploads\/2025\/03\/2_DiegoPastor-Sanchez_112_Le-Derniere-Metro.jpg\" data-title=\"2_DiegoPastor S\u00e1nchez_112_Le Derniere Metro\" title=\"2_DiegoPastor S\u00e1nchez_112_Le Derniere Metro\" rel=\"noreferrer\" data-rel=\"iLightbox[gallery_image_1]\" class=\"fusion-lightbox\" target=\"_self\"><img decoding=\"async\" src=\"https:\/\/afc.cat\/wp-content\/uploads\/2025\/03\/2_DiegoPastor-Sanchez_112_Le-Derniere-Metro-320x202.jpg\" width=\"320\" height=\"202\" alt=\"\" title=\"2_DiegoPastor S\u00e1nchez_112_Le Derniere Metro\" aria-label=\"2_DiegoPastor S\u00e1nchez_112_Le Derniere Metro\" class=\"img-responsive wp-image-42287 fusion-gallery-image-size-fixed\" srcset=\"https:\/\/afc.cat\/wp-content\/uploads\/2025\/03\/2_DiegoPastor-Sanchez_112_Le-Derniere-Metro-320x202.jpg 320w, https:\/\/afc.cat\/wp-content\/uploads\/2025\/03\/2_DiegoPastor-Sanchez_112_Le-Derniere-Metro-700x441.jpg 700w\" sizes=\"(max-width: 320px) 100vw, 320px\" \/><\/a><\/div><\/div><div style=\"padding:5px;\" class=\"fusion-grid-column fusion-gallery-column fusion-gallery-column-6 hover-type-zoomin\"><div class=\"fusion-gallery-image\"><a href=\"https:\/\/afc.cat\/wp-content\/uploads\/2025\/03\/3_AntoniBeneyto-Maria_111_Atomium.jpg\" data-title=\"3_AntoniBeneyto Maria_111_Atomium\" title=\"3_AntoniBeneyto Maria_111_Atomium\" rel=\"noreferrer\" data-rel=\"iLightbox[gallery_image_1]\" class=\"fusion-lightbox\" target=\"_self\"><img decoding=\"async\" src=\"https:\/\/afc.cat\/wp-content\/uploads\/2025\/03\/3_AntoniBeneyto-Maria_111_Atomium-320x202.jpg\" width=\"320\" height=\"202\" alt=\"\" title=\"3_AntoniBeneyto Maria_111_Atomium\" aria-label=\"3_AntoniBeneyto Maria_111_Atomium\" class=\"img-responsive wp-image-42289 fusion-gallery-image-size-fixed\" srcset=\"https:\/\/afc.cat\/wp-content\/uploads\/2025\/03\/3_AntoniBeneyto-Maria_111_Atomium-320x202.jpg 320w, https:\/\/afc.cat\/wp-content\/uploads\/2025\/03\/3_AntoniBeneyto-Maria_111_Atomium-700x441.jpg 700w\" sizes=\"(max-width: 320px) 100vw, 320px\" \/><\/a><\/div><\/div><div style=\"padding:5px;\" class=\"fusion-grid-column fusion-gallery-column fusion-gallery-column-6 hover-type-zoomin\"><div class=\"fusion-gallery-image\"><a href=\"https:\/\/afc.cat\/wp-content\/uploads\/2025\/03\/4_NuriaNoguera-German_109_Simetria-a-l\u00b4Artic.jpg\" data-title=\"4_N\u00fariaNoguera German_109_Simetria a l\u00b4Artic\" title=\"4_N\u00fariaNoguera German_109_Simetria a l\u00b4Artic\" rel=\"noreferrer\" data-rel=\"iLightbox[gallery_image_1]\" class=\"fusion-lightbox\" target=\"_self\"><img decoding=\"async\" src=\"https:\/\/afc.cat\/wp-content\/uploads\/2025\/03\/4_NuriaNoguera-German_109_Simetria-a-l\u00b4Artic-320x202.jpg\" width=\"320\" height=\"202\" alt=\"\" title=\"4_N\u00fariaNoguera German_109_Simetria a l\u00b4Artic\" aria-label=\"4_N\u00fariaNoguera German_109_Simetria a l\u00b4Artic\" class=\"img-responsive wp-image-42291 fusion-gallery-image-size-fixed\" srcset=\"https:\/\/afc.cat\/wp-content\/uploads\/2025\/03\/4_NuriaNoguera-German_109_Simetria-a-l\u00b4Artic-320x202.jpg 320w, https:\/\/afc.cat\/wp-content\/uploads\/2025\/03\/4_NuriaNoguera-German_109_Simetria-a-l\u00b4Artic-700x441.jpg 700w\" sizes=\"(max-width: 320px) 100vw, 320px\" \/><\/a><\/div><\/div><div style=\"padding:5px;\" class=\"fusion-grid-column fusion-gallery-column fusion-gallery-column-6 hover-type-zoomin\"><div class=\"fusion-gallery-image\"><a href=\"https:\/\/afc.cat\/wp-content\/uploads\/2025\/03\/5_XavierBou-Salazar_108_Simetria-Infinita.jpg\" data-title=\"5_XavierBou Salazar_108_Simetria Infinita\" title=\"5_XavierBou Salazar_108_Simetria Infinita\" rel=\"noreferrer\" data-rel=\"iLightbox[gallery_image_1]\" class=\"fusion-lightbox\" target=\"_self\"><img decoding=\"async\" src=\"https:\/\/afc.cat\/wp-content\/uploads\/2025\/03\/5_XavierBou-Salazar_108_Simetria-Infinita-320x202.jpg\" width=\"320\" height=\"202\" alt=\"\" title=\"5_XavierBou Salazar_108_Simetria Infinita\" aria-label=\"5_XavierBou Salazar_108_Simetria Infinita\" class=\"img-responsive wp-image-42293 fusion-gallery-image-size-fixed\" srcset=\"https:\/\/afc.cat\/wp-content\/uploads\/2025\/03\/5_XavierBou-Salazar_108_Simetria-Infinita-320x202.jpg 320w, https:\/\/afc.cat\/wp-content\/uploads\/2025\/03\/5_XavierBou-Salazar_108_Simetria-Infinita-700x441.jpg 700w\" sizes=\"(max-width: 320px) 100vw, 320px\" \/><\/a><\/div><\/div><div style=\"padding:5px;\" class=\"fusion-grid-column fusion-gallery-column fusion-gallery-column-6 hover-type-zoomin\"><div class=\"fusion-gallery-image\"><a href=\"https:\/\/afc.cat\/wp-content\/uploads\/2025\/03\/6_AlbertBallestero-Rosell_107_Tunel.jpg\" data-title=\"6_AlbertBallestero Rosell_107_Tunel\" title=\"6_AlbertBallestero Rosell_107_Tunel\" rel=\"noreferrer\" data-rel=\"iLightbox[gallery_image_1]\" class=\"fusion-lightbox\" target=\"_self\"><img decoding=\"async\" src=\"https:\/\/afc.cat\/wp-content\/uploads\/2025\/03\/6_AlbertBallestero-Rosell_107_Tunel-320x202.jpg\" width=\"320\" height=\"202\" alt=\"\" title=\"6_AlbertBallestero Rosell_107_Tunel\" aria-label=\"6_AlbertBallestero Rosell_107_Tunel\" class=\"img-responsive wp-image-42295 fusion-gallery-image-size-fixed\" \/><\/a><\/div><\/div><div class=\"clearfix\"><\/div><div style=\"padding:5px;\" class=\"fusion-grid-column fusion-gallery-column fusion-gallery-column-6 hover-type-zoomin\"><div class=\"fusion-gallery-image\"><a href=\"https:\/\/afc.cat\/wp-content\/uploads\/2025\/03\/7_MaximPoncela-Adot_105_Refraccions.jpg\" data-title=\"7_M\u00e0ximPoncela Adot_105_Refraccions\" title=\"7_M\u00e0ximPoncela Adot_105_Refraccions\" rel=\"noreferrer\" data-rel=\"iLightbox[gallery_image_1]\" class=\"fusion-lightbox\" target=\"_self\"><img decoding=\"async\" src=\"https:\/\/afc.cat\/wp-content\/uploads\/2025\/03\/7_MaximPoncela-Adot_105_Refraccions-320x202.jpg\" width=\"320\" height=\"202\" alt=\"\" title=\"7_M\u00e0ximPoncela Adot_105_Refraccions\" aria-label=\"7_M\u00e0ximPoncela Adot_105_Refraccions\" class=\"img-responsive wp-image-42297 fusion-gallery-image-size-fixed\" srcset=\"https:\/\/afc.cat\/wp-content\/uploads\/2025\/03\/7_MaximPoncela-Adot_105_Refraccions-320x202.jpg 320w, https:\/\/afc.cat\/wp-content\/uploads\/2025\/03\/7_MaximPoncela-Adot_105_Refraccions-700x441.jpg 700w\" sizes=\"(max-width: 320px) 100vw, 320px\" \/><\/a><\/div><\/div><div style=\"padding:5px;\" class=\"fusion-grid-column fusion-gallery-column fusion-gallery-column-6 hover-type-zoomin\"><div class=\"fusion-gallery-image\"><a href=\"https:\/\/afc.cat\/wp-content\/uploads\/2025\/03\/8_FranciscoOlmos-Cubero_104_El-Mercat.jpg\" data-title=\"8_FranciscoOlmos Cubero_104_El Mercat\" title=\"8_FranciscoOlmos Cubero_104_El Mercat\" rel=\"noreferrer\" data-rel=\"iLightbox[gallery_image_1]\" class=\"fusion-lightbox\" target=\"_self\"><img decoding=\"async\" src=\"https:\/\/afc.cat\/wp-content\/uploads\/2025\/03\/8_FranciscoOlmos-Cubero_104_El-Mercat-320x202.jpg\" width=\"320\" height=\"202\" alt=\"\" title=\"8_FranciscoOlmos Cubero_104_El Mercat\" aria-label=\"8_FranciscoOlmos Cubero_104_El Mercat\" class=\"img-responsive wp-image-42299 fusion-gallery-image-size-fixed\" srcset=\"https:\/\/afc.cat\/wp-content\/uploads\/2025\/03\/8_FranciscoOlmos-Cubero_104_El-Mercat-320x202.jpg 320w, https:\/\/afc.cat\/wp-content\/uploads\/2025\/03\/8_FranciscoOlmos-Cubero_104_El-Mercat-700x441.jpg 700w\" sizes=\"(max-width: 320px) 100vw, 320px\" \/><\/a><\/div><\/div><div style=\"padding:5px;\" class=\"fusion-grid-column fusion-gallery-column fusion-gallery-column-6 hover-type-zoomin\"><div class=\"fusion-gallery-image\"><a href=\"https:\/\/afc.cat\/wp-content\/uploads\/2025\/03\/9_EsperancaSanz-Marin_104_Visita-cultural.jpg\" data-title=\"9_Esperan\u00e7aSanz Marin_104_Visita cultural\" title=\"9_Esperan\u00e7aSanz Marin_104_Visita cultural\" rel=\"noreferrer\" data-rel=\"iLightbox[gallery_image_1]\" class=\"fusion-lightbox\" target=\"_self\"><img decoding=\"async\" src=\"https:\/\/afc.cat\/wp-content\/uploads\/2025\/03\/9_EsperancaSanz-Marin_104_Visita-cultural-320x202.jpg\" width=\"320\" height=\"202\" alt=\"\" title=\"9_Esperan\u00e7aSanz Marin_104_Visita cultural\" aria-label=\"9_Esperan\u00e7aSanz Marin_104_Visita cultural\" class=\"img-responsive wp-image-42301 fusion-gallery-image-size-fixed\" srcset=\"https:\/\/afc.cat\/wp-content\/uploads\/2025\/03\/9_EsperancaSanz-Marin_104_Visita-cultural-320x202.jpg 320w, https:\/\/afc.cat\/wp-content\/uploads\/2025\/03\/9_EsperancaSanz-Marin_104_Visita-cultural-638x400.jpg 638w\" sizes=\"(max-width: 320px) 100vw, 320px\" \/><\/a><\/div><\/div><div style=\"padding:5px;\" class=\"fusion-grid-column fusion-gallery-column fusion-gallery-column-6 hover-type-zoomin\"><div class=\"fusion-gallery-image\"><a href=\"https:\/\/afc.cat\/wp-content\/uploads\/2025\/03\/10_RamonRiera_103_Dues-puntes.jpg\" data-title=\"10_RamonRiera_103_Dues puntes\" title=\"10_RamonRiera_103_Dues puntes\" rel=\"noreferrer\" data-rel=\"iLightbox[gallery_image_1]\" class=\"fusion-lightbox\" target=\"_self\"><img decoding=\"async\" src=\"https:\/\/afc.cat\/wp-content\/uploads\/2025\/03\/10_RamonRiera_103_Dues-puntes-320x202.jpg\" width=\"320\" height=\"202\" alt=\"\" title=\"10_RamonRiera_103_Dues puntes\" aria-label=\"10_RamonRiera_103_Dues puntes\" class=\"img-responsive wp-image-42303 fusion-gallery-image-size-fixed\" \/><\/a><\/div><\/div><div style=\"padding:5px;\" class=\"fusion-grid-column fusion-gallery-column fusion-gallery-column-6 hover-type-zoomin\"><div class=\"fusion-gallery-image\"><a href=\"https:\/\/afc.cat\/wp-content\/uploads\/2025\/03\/11_MerceRios-Bejar_101_Poca-gent-al-metro-.jpg\" data-title=\"11_Merc\u00e8R\u00edos Bejar_101_Poca gent al metro-\" title=\"11_Merc\u00e8R\u00edos Bejar_101_Poca gent al metro-\" rel=\"noreferrer\" data-rel=\"iLightbox[gallery_image_1]\" class=\"fusion-lightbox\" target=\"_self\"><img decoding=\"async\" src=\"https:\/\/afc.cat\/wp-content\/uploads\/2025\/03\/11_MerceRios-Bejar_101_Poca-gent-al-metro--320x202.jpg\" width=\"320\" height=\"202\" alt=\"\" title=\"11_Merc\u00e8R\u00edos Bejar_101_Poca gent al metro-\" aria-label=\"11_Merc\u00e8R\u00edos Bejar_101_Poca gent al metro-\" class=\"img-responsive wp-image-42305 fusion-gallery-image-size-fixed\" srcset=\"https:\/\/afc.cat\/wp-content\/uploads\/2025\/03\/11_MerceRios-Bejar_101_Poca-gent-al-metro--320x202.jpg 320w, https:\/\/afc.cat\/wp-content\/uploads\/2025\/03\/11_MerceRios-Bejar_101_Poca-gent-al-metro--700x441.jpg 700w\" sizes=\"(max-width: 320px) 100vw, 320px\" \/><\/a><\/div><\/div><div style=\"padding:5px;\" class=\"fusion-grid-column fusion-gallery-column fusion-gallery-column-6 hover-type-zoomin\"><div class=\"fusion-gallery-image\"><a href=\"https:\/\/afc.cat\/wp-content\/uploads\/2025\/03\/12_JosepRecio-Romaguera_100_simetria-arquitectonica.jpg\" data-title=\"12_JosepRecio Romaguera_100_simetria arquitectonica\" title=\"12_JosepRecio Romaguera_100_simetria arquitectonica\" rel=\"noreferrer\" data-rel=\"iLightbox[gallery_image_1]\" class=\"fusion-lightbox\" target=\"_self\"><img decoding=\"async\" src=\"https:\/\/afc.cat\/wp-content\/uploads\/2025\/03\/12_JosepRecio-Romaguera_100_simetria-arquitectonica-320x202.jpg\" width=\"320\" height=\"202\" alt=\"\" title=\"12_JosepRecio Romaguera_100_simetria arquitectonica\" aria-label=\"12_JosepRecio Romaguera_100_simetria arquitectonica\" class=\"img-responsive wp-image-42307 fusion-gallery-image-size-fixed\" srcset=\"https:\/\/afc.cat\/wp-content\/uploads\/2025\/03\/12_JosepRecio-Romaguera_100_simetria-arquitectonica-320x202.jpg 320w, https:\/\/afc.cat\/wp-content\/uploads\/2025\/03\/12_JosepRecio-Romaguera_100_simetria-arquitectonica-700x441.jpg 700w\" sizes=\"(max-width: 320px) 100vw, 320px\" \/><\/a><\/div><\/div><div class=\"clearfix\"><\/div><div style=\"padding:5px;\" class=\"fusion-grid-column fusion-gallery-column fusion-gallery-column-6 hover-type-zoomin\"><div class=\"fusion-gallery-image\"><a href=\"https:\/\/afc.cat\/wp-content\/uploads\/2025\/03\/13_CarmeMur-Calvo_100_Edifici-amb-barrret.jpg\" data-title=\"13_CarmeMur Calv\u00f3_100_Edifici amb barrret\" title=\"13_CarmeMur Calv\u00f3_100_Edifici amb barrret\" rel=\"noreferrer\" data-rel=\"iLightbox[gallery_image_1]\" class=\"fusion-lightbox\" target=\"_self\"><img decoding=\"async\" src=\"https:\/\/afc.cat\/wp-content\/uploads\/2025\/03\/13_CarmeMur-Calvo_100_Edifici-amb-barrret-320x202.jpg\" width=\"320\" height=\"202\" alt=\"\" title=\"13_CarmeMur Calv\u00f3_100_Edifici amb barrret\" aria-label=\"13_CarmeMur Calv\u00f3_100_Edifici amb barrret\" class=\"img-responsive wp-image-42309 fusion-gallery-image-size-fixed\" srcset=\"https:\/\/afc.cat\/wp-content\/uploads\/2025\/03\/13_CarmeMur-Calvo_100_Edifici-amb-barrret-320x202.jpg 320w, https:\/\/afc.cat\/wp-content\/uploads\/2025\/03\/13_CarmeMur-Calvo_100_Edifici-amb-barrret-700x441.jpg 700w\" sizes=\"(max-width: 320px) 100vw, 320px\" \/><\/a><\/div><\/div><div style=\"padding:5px;\" class=\"fusion-grid-column fusion-gallery-column fusion-gallery-column-6 hover-type-zoomin\"><div class=\"fusion-gallery-image\"><a href=\"https:\/\/afc.cat\/wp-content\/uploads\/2025\/03\/14_FrancescaPortoles-Braso_98_A-PUNT-DE-VOLAR.jpg\" data-title=\"14_FrancescaPortol\u00e9s Bras\u00f3_98_A PUNT DE VOLAR\" title=\"14_FrancescaPortol\u00e9s Bras\u00f3_98_A PUNT DE VOLAR\" rel=\"noreferrer\" data-rel=\"iLightbox[gallery_image_1]\" class=\"fusion-lightbox\" target=\"_self\"><img decoding=\"async\" src=\"https:\/\/afc.cat\/wp-content\/uploads\/2025\/03\/14_FrancescaPortoles-Braso_98_A-PUNT-DE-VOLAR-320x202.jpg\" width=\"320\" height=\"202\" alt=\"\" title=\"14_FrancescaPortol\u00e9s Bras\u00f3_98_A PUNT DE VOLAR\" aria-label=\"14_FrancescaPortol\u00e9s Bras\u00f3_98_A PUNT DE VOLAR\" class=\"img-responsive wp-image-42311 fusion-gallery-image-size-fixed\" srcset=\"https:\/\/afc.cat\/wp-content\/uploads\/2025\/03\/14_FrancescaPortoles-Braso_98_A-PUNT-DE-VOLAR-320x202.jpg 320w, https:\/\/afc.cat\/wp-content\/uploads\/2025\/03\/14_FrancescaPortoles-Braso_98_A-PUNT-DE-VOLAR-700x441.jpg 700w\" sizes=\"(max-width: 320px) 100vw, 320px\" \/><\/a><\/div><\/div><div style=\"padding:5px;\" class=\"fusion-grid-column fusion-gallery-column fusion-gallery-column-6 hover-type-zoomin\"><div class=\"fusion-gallery-image\"><a href=\"https:\/\/afc.cat\/wp-content\/uploads\/2025\/03\/15_JoanRue-Domingo_98_natura-viva.jpg\" data-title=\"15_JoanRu\u00e9 Domingo_98_natura viva\" title=\"15_JoanRu\u00e9 Domingo_98_natura viva\" rel=\"noreferrer\" data-rel=\"iLightbox[gallery_image_1]\" class=\"fusion-lightbox\" target=\"_self\"><img decoding=\"async\" src=\"https:\/\/afc.cat\/wp-content\/uploads\/2025\/03\/15_JoanRue-Domingo_98_natura-viva-320x202.jpg\" width=\"320\" height=\"202\" alt=\"\" title=\"15_JoanRu\u00e9 Domingo_98_natura viva\" aria-label=\"15_JoanRu\u00e9 Domingo_98_natura viva\" class=\"img-responsive wp-image-42313 fusion-gallery-image-size-fixed\" \/><\/a><\/div><\/div><div style=\"padding:5px;\" class=\"fusion-grid-column fusion-gallery-column fusion-gallery-column-6 hover-type-zoomin\"><div class=\"fusion-gallery-image\"><a href=\"https:\/\/afc.cat\/wp-content\/uploads\/2025\/03\/16_TeresaTejero-Lopez_97_Tot-a-punt.jpg\" data-title=\"16_TeresaTejero Lopez_97_Tot a punt\" title=\"16_TeresaTejero Lopez_97_Tot a punt\" rel=\"noreferrer\" data-rel=\"iLightbox[gallery_image_1]\" class=\"fusion-lightbox\" target=\"_self\"><img decoding=\"async\" src=\"https:\/\/afc.cat\/wp-content\/uploads\/2025\/03\/16_TeresaTejero-Lopez_97_Tot-a-punt-320x202.jpg\" width=\"320\" height=\"202\" alt=\"\" title=\"16_TeresaTejero Lopez_97_Tot a punt\" aria-label=\"16_TeresaTejero Lopez_97_Tot a punt\" class=\"img-responsive wp-image-42315 fusion-gallery-image-size-fixed\" srcset=\"https:\/\/afc.cat\/wp-content\/uploads\/2025\/03\/16_TeresaTejero-Lopez_97_Tot-a-punt-320x202.jpg 320w, https:\/\/afc.cat\/wp-content\/uploads\/2025\/03\/16_TeresaTejero-Lopez_97_Tot-a-punt-700x441.jpg 700w\" sizes=\"(max-width: 320px) 100vw, 320px\" \/><\/a><\/div><\/div><div style=\"padding:5px;\" class=\"fusion-grid-column fusion-gallery-column fusion-gallery-column-6 hover-type-zoomin\"><div class=\"fusion-gallery-image\"><a href=\"https:\/\/afc.cat\/wp-content\/uploads\/2025\/03\/17_DavidPenarroya-Hernandez_96_Geometria-simetrica.jpg\" data-title=\"17_DavidPe\u00f1arroya Hernandez_96_Geometria simetrica\" title=\"17_DavidPe\u00f1arroya Hernandez_96_Geometria simetrica\" rel=\"noreferrer\" data-rel=\"iLightbox[gallery_image_1]\" class=\"fusion-lightbox\" target=\"_self\"><img decoding=\"async\" src=\"https:\/\/afc.cat\/wp-content\/uploads\/2025\/03\/17_DavidPenarroya-Hernandez_96_Geometria-simetrica-320x202.jpg\" width=\"320\" height=\"202\" alt=\"\" title=\"17_DavidPe\u00f1arroya Hernandez_96_Geometria simetrica\" aria-label=\"17_DavidPe\u00f1arroya Hernandez_96_Geometria simetrica\" class=\"img-responsive wp-image-42317 fusion-gallery-image-size-fixed\" \/><\/a><\/div><\/div><div style=\"padding:5px;\" class=\"fusion-grid-column fusion-gallery-column fusion-gallery-column-6 hover-type-zoomin\"><div class=\"fusion-gallery-image\"><a href=\"https:\/\/afc.cat\/wp-content\/uploads\/2025\/03\/18_Josep-MariaBonjoch-Trilla_95_-BN-SIMETRIA.jpg\" data-title=\"18_Josep MariaBonjoch Trilla_95_ BN SIMETRIA\" title=\"18_Josep MariaBonjoch Trilla_95_ BN SIMETRIA\" rel=\"noreferrer\" data-rel=\"iLightbox[gallery_image_1]\" class=\"fusion-lightbox\" target=\"_self\"><img decoding=\"async\" src=\"https:\/\/afc.cat\/wp-content\/uploads\/2025\/03\/18_Josep-MariaBonjoch-Trilla_95_-BN-SIMETRIA-320x202.jpg\" width=\"320\" height=\"202\" alt=\"\" title=\"18_Josep MariaBonjoch Trilla_95_ BN SIMETRIA\" aria-label=\"18_Josep MariaBonjoch Trilla_95_ BN SIMETRIA\" class=\"img-responsive wp-image-42319 fusion-gallery-image-size-fixed\" srcset=\"https:\/\/afc.cat\/wp-content\/uploads\/2025\/03\/18_Josep-MariaBonjoch-Trilla_95_-BN-SIMETRIA-320x202.jpg 320w, https:\/\/afc.cat\/wp-content\/uploads\/2025\/03\/18_Josep-MariaBonjoch-Trilla_95_-BN-SIMETRIA-700x441.jpg 700w\" sizes=\"(max-width: 320px) 100vw, 320px\" \/><\/a><\/div><\/div><div class=\"clearfix\"><\/div><div style=\"padding:5px;\" class=\"fusion-grid-column fusion-gallery-column fusion-gallery-column-6 hover-type-zoomin\"><div class=\"fusion-gallery-image\"><a href=\"https:\/\/afc.cat\/wp-content\/uploads\/2025\/03\/19_JosepAlonso-Gonzalez_95_Pont-de-Brooklyn.jpg\" data-title=\"19_JosepAlonso Gonzalez_95_Pont de Brooklyn\" title=\"19_JosepAlonso Gonzalez_95_Pont de Brooklyn\" rel=\"noreferrer\" data-rel=\"iLightbox[gallery_image_1]\" class=\"fusion-lightbox\" target=\"_self\"><img decoding=\"async\" src=\"https:\/\/afc.cat\/wp-content\/uploads\/2025\/03\/19_JosepAlonso-Gonzalez_95_Pont-de-Brooklyn-320x202.jpg\" width=\"320\" height=\"202\" alt=\"\" title=\"19_JosepAlonso Gonzalez_95_Pont de Brooklyn\" aria-label=\"19_JosepAlonso Gonzalez_95_Pont de Brooklyn\" class=\"img-responsive wp-image-42321 fusion-gallery-image-size-fixed\" srcset=\"https:\/\/afc.cat\/wp-content\/uploads\/2025\/03\/19_JosepAlonso-Gonzalez_95_Pont-de-Brooklyn-320x202.jpg 320w, https:\/\/afc.cat\/wp-content\/uploads\/2025\/03\/19_JosepAlonso-Gonzalez_95_Pont-de-Brooklyn-700x441.jpg 700w\" sizes=\"(max-width: 320px) 100vw, 320px\" \/><\/a><\/div><\/div><div style=\"padding:5px;\" class=\"fusion-grid-column fusion-gallery-column fusion-gallery-column-6 hover-type-zoomin\"><div class=\"fusion-gallery-image\"><a href=\"https:\/\/afc.cat\/wp-content\/uploads\/2025\/03\/20_RosaCristofol-Martinez_91_Pati.jpg\" data-title=\"20_RosaCrist\u00f2fol Mart\u00ednez_91_Pati\" title=\"20_RosaCrist\u00f2fol Mart\u00ednez_91_Pati\" rel=\"noreferrer\" data-rel=\"iLightbox[gallery_image_1]\" class=\"fusion-lightbox\" target=\"_self\"><img decoding=\"async\" src=\"https:\/\/afc.cat\/wp-content\/uploads\/2025\/03\/20_RosaCristofol-Martinez_91_Pati-320x202.jpg\" width=\"320\" height=\"202\" alt=\"\" title=\"20_RosaCrist\u00f2fol Mart\u00ednez_91_Pati\" aria-label=\"20_RosaCrist\u00f2fol Mart\u00ednez_91_Pati\" class=\"img-responsive wp-image-42323 fusion-gallery-image-size-fixed\" srcset=\"https:\/\/afc.cat\/wp-content\/uploads\/2025\/03\/20_RosaCristofol-Martinez_91_Pati-320x202.jpg 320w, https:\/\/afc.cat\/wp-content\/uploads\/2025\/03\/20_RosaCristofol-Martinez_91_Pati-700x441.jpg 700w\" sizes=\"(max-width: 320px) 100vw, 320px\" \/><\/a><\/div><\/div><div style=\"padding:5px;\" class=\"fusion-grid-column fusion-gallery-column fusion-gallery-column-6 hover-type-zoomin\"><div class=\"fusion-gallery-image\"><a href=\"https:\/\/afc.cat\/wp-content\/uploads\/2025\/03\/21_DolorsVentura-Canellas_91_BUSCANT-LA-SIMETRIA.jpg\" data-title=\"21_DolorsVentura Ca\u00f1ellas_91_BUSCANT LA SIMETRIA\" title=\"21_DolorsVentura Ca\u00f1ellas_91_BUSCANT LA SIMETRIA\" rel=\"noreferrer\" data-rel=\"iLightbox[gallery_image_1]\" class=\"fusion-lightbox\" target=\"_self\"><img decoding=\"async\" src=\"https:\/\/afc.cat\/wp-content\/uploads\/2025\/03\/21_DolorsVentura-Canellas_91_BUSCANT-LA-SIMETRIA-320x202.jpg\" width=\"320\" height=\"202\" alt=\"\" title=\"21_DolorsVentura Ca\u00f1ellas_91_BUSCANT LA SIMETRIA\" aria-label=\"21_DolorsVentura Ca\u00f1ellas_91_BUSCANT LA SIMETRIA\" class=\"img-responsive wp-image-42325 fusion-gallery-image-size-fixed\" \/><\/a><\/div><\/div><div style=\"padding:5px;\" class=\"fusion-grid-column fusion-gallery-column fusion-gallery-column-6 hover-type-zoomin\"><div class=\"fusion-gallery-image\"><a href=\"https:\/\/afc.cat\/wp-content\/uploads\/2025\/03\/22_ClaraLopez-Colomer_90_Moment-de-relax.jpg\" data-title=\"22_ClaraLopez Colomer_90_Moment de relax\" title=\"22_ClaraLopez Colomer_90_Moment de relax\" rel=\"noreferrer\" data-rel=\"iLightbox[gallery_image_1]\" class=\"fusion-lightbox\" target=\"_self\"><img decoding=\"async\" src=\"https:\/\/afc.cat\/wp-content\/uploads\/2025\/03\/22_ClaraLopez-Colomer_90_Moment-de-relax-320x202.jpg\" width=\"320\" height=\"202\" alt=\"\" title=\"22_ClaraLopez Colomer_90_Moment de relax\" aria-label=\"22_ClaraLopez Colomer_90_Moment de relax\" class=\"img-responsive wp-image-42327 fusion-gallery-image-size-fixed\" srcset=\"https:\/\/afc.cat\/wp-content\/uploads\/2025\/03\/22_ClaraLopez-Colomer_90_Moment-de-relax-320x202.jpg 320w, https:\/\/afc.cat\/wp-content\/uploads\/2025\/03\/22_ClaraLopez-Colomer_90_Moment-de-relax-700x441.jpg 700w\" sizes=\"(max-width: 320px) 100vw, 320px\" \/><\/a><\/div><\/div><div style=\"padding:5px;\" class=\"fusion-grid-column fusion-gallery-column fusion-gallery-column-6 hover-type-zoomin\"><div class=\"fusion-gallery-image\"><a href=\"https:\/\/afc.cat\/wp-content\/uploads\/2025\/03\/23_SantiagoGarcia-Cuadrado_89_Claustre.jpg\" data-title=\"23_SantiagoGarc\u00eda Cuadrado_89_Claustre\" title=\"23_SantiagoGarc\u00eda Cuadrado_89_Claustre\" rel=\"noreferrer\" data-rel=\"iLightbox[gallery_image_1]\" class=\"fusion-lightbox\" target=\"_self\"><img decoding=\"async\" src=\"https:\/\/afc.cat\/wp-content\/uploads\/2025\/03\/23_SantiagoGarcia-Cuadrado_89_Claustre-320x202.jpg\" width=\"320\" height=\"202\" alt=\"\" title=\"23_SantiagoGarc\u00eda Cuadrado_89_Claustre\" aria-label=\"23_SantiagoGarc\u00eda Cuadrado_89_Claustre\" class=\"img-responsive wp-image-42329 fusion-gallery-image-size-fixed\" srcset=\"https:\/\/afc.cat\/wp-content\/uploads\/2025\/03\/23_SantiagoGarcia-Cuadrado_89_Claustre-320x202.jpg 320w, https:\/\/afc.cat\/wp-content\/uploads\/2025\/03\/23_SantiagoGarcia-Cuadrado_89_Claustre-700x441.jpg 700w\" sizes=\"(max-width: 320px) 100vw, 320px\" \/><\/a><\/div><\/div><div style=\"padding:5px;\" class=\"fusion-grid-column fusion-gallery-column fusion-gallery-column-6 hover-type-zoomin\"><div class=\"fusion-gallery-image\"><a href=\"https:\/\/afc.cat\/wp-content\/uploads\/2025\/03\/24_SergiMarcen-Lopez_88_London-Tube.jpg\" data-title=\"24_SergiMarcen Lopez_88_London Tube\" title=\"24_SergiMarcen Lopez_88_London Tube\" rel=\"noreferrer\" data-rel=\"iLightbox[gallery_image_1]\" class=\"fusion-lightbox\" target=\"_self\"><img decoding=\"async\" src=\"https:\/\/afc.cat\/wp-content\/uploads\/2025\/03\/24_SergiMarcen-Lopez_88_London-Tube-320x202.jpg\" width=\"320\" height=\"202\" alt=\"\" title=\"24_SergiMarcen Lopez_88_London Tube\" aria-label=\"24_SergiMarcen Lopez_88_London Tube\" class=\"img-responsive wp-image-42331 fusion-gallery-image-size-fixed\" \/><\/a><\/div><\/div><div class=\"clearfix\"><\/div><div style=\"padding:5px;\" class=\"fusion-grid-column fusion-gallery-column fusion-gallery-column-6 hover-type-zoomin\"><div class=\"fusion-gallery-image\"><a href=\"https:\/\/afc.cat\/wp-content\/uploads\/2025\/03\/25_CarmenCasademont-Ribot_88_Gerres.jpg\" data-title=\"25_CarmenCasademont Ribot_88_Gerres\" title=\"25_CarmenCasademont Ribot_88_Gerres\" rel=\"noreferrer\" data-rel=\"iLightbox[gallery_image_1]\" class=\"fusion-lightbox\" target=\"_self\"><img decoding=\"async\" src=\"https:\/\/afc.cat\/wp-content\/uploads\/2025\/03\/25_CarmenCasademont-Ribot_88_Gerres-320x202.jpg\" width=\"320\" height=\"202\" alt=\"\" title=\"25_CarmenCasademont Ribot_88_Gerres\" aria-label=\"25_CarmenCasademont Ribot_88_Gerres\" class=\"img-responsive wp-image-42333 fusion-gallery-image-size-fixed\" srcset=\"https:\/\/afc.cat\/wp-content\/uploads\/2025\/03\/25_CarmenCasademont-Ribot_88_Gerres-320x202.jpg 320w, https:\/\/afc.cat\/wp-content\/uploads\/2025\/03\/25_CarmenCasademont-Ribot_88_Gerres-700x441.jpg 700w\" sizes=\"(max-width: 320px) 100vw, 320px\" \/><\/a><\/div><\/div><div style=\"padding:5px;\" class=\"fusion-grid-column fusion-gallery-column fusion-gallery-column-6 hover-type-zoomin\"><div class=\"fusion-gallery-image\"><a href=\"https:\/\/afc.cat\/wp-content\/uploads\/2025\/03\/26_PepVinyals_84_Entre-copes.jpg\" data-title=\"26_PepVinyals_84_Entre copes\" title=\"26_PepVinyals_84_Entre copes\" rel=\"noreferrer\" data-rel=\"iLightbox[gallery_image_1]\" class=\"fusion-lightbox\" target=\"_self\"><img decoding=\"async\" src=\"https:\/\/afc.cat\/wp-content\/uploads\/2025\/03\/26_PepVinyals_84_Entre-copes-320x202.jpg\" width=\"320\" height=\"202\" alt=\"\" title=\"26_PepVinyals_84_Entre copes\" aria-label=\"26_PepVinyals_84_Entre copes\" class=\"img-responsive wp-image-42335 fusion-gallery-image-size-fixed\" srcset=\"https:\/\/afc.cat\/wp-content\/uploads\/2025\/03\/26_PepVinyals_84_Entre-copes-320x202.jpg 320w, https:\/\/afc.cat\/wp-content\/uploads\/2025\/03\/26_PepVinyals_84_Entre-copes-700x441.jpg 700w\" sizes=\"(max-width: 320px) 100vw, 320px\" \/><\/a><\/div><\/div><div style=\"padding:5px;\" class=\"fusion-grid-column fusion-gallery-column fusion-gallery-column-6 hover-type-zoomin\"><div class=\"fusion-gallery-image\"><a href=\"https:\/\/afc.cat\/wp-content\/uploads\/2025\/03\/27_JordiMeseguer-Rafales_84_Portal-SantaEugenia.jpg\" data-title=\"27_JordiMeseguer Rafales_84_Portal-SantaEugenia\" title=\"27_JordiMeseguer Rafales_84_Portal-SantaEugenia\" rel=\"noreferrer\" data-rel=\"iLightbox[gallery_image_1]\" class=\"fusion-lightbox\" target=\"_self\"><img decoding=\"async\" src=\"https:\/\/afc.cat\/wp-content\/uploads\/2025\/03\/27_JordiMeseguer-Rafales_84_Portal-SantaEugenia-320x202.jpg\" width=\"320\" height=\"202\" alt=\"\" title=\"27_JordiMeseguer Rafales_84_Portal-SantaEugenia\" aria-label=\"27_JordiMeseguer Rafales_84_Portal-SantaEugenia\" class=\"img-responsive wp-image-42337 fusion-gallery-image-size-fixed\" \/><\/a><\/div><\/div><div style=\"padding:5px;\" class=\"fusion-grid-column fusion-gallery-column fusion-gallery-column-6 hover-type-zoomin\"><div class=\"fusion-gallery-image\"><a href=\"https:\/\/afc.cat\/wp-content\/uploads\/2025\/03\/28_PEREGRAUPERA-LANGA_83_Estan-vuits.jpg\" data-title=\"28_PEREGRAUPERA LANGA_83_Est\u00e1n vuits\" title=\"28_PEREGRAUPERA LANGA_83_Est\u00e1n vuits\" rel=\"noreferrer\" data-rel=\"iLightbox[gallery_image_1]\" class=\"fusion-lightbox\" target=\"_self\"><img decoding=\"async\" src=\"https:\/\/afc.cat\/wp-content\/uploads\/2025\/03\/28_PEREGRAUPERA-LANGA_83_Estan-vuits-320x202.jpg\" width=\"320\" height=\"202\" alt=\"\" title=\"28_PEREGRAUPERA LANGA_83_Est\u00e1n vuits\" aria-label=\"28_PEREGRAUPERA LANGA_83_Est\u00e1n vuits\" class=\"img-responsive wp-image-42339 fusion-gallery-image-size-fixed\" srcset=\"https:\/\/afc.cat\/wp-content\/uploads\/2025\/03\/28_PEREGRAUPERA-LANGA_83_Estan-vuits-320x202.jpg 320w, https:\/\/afc.cat\/wp-content\/uploads\/2025\/03\/28_PEREGRAUPERA-LANGA_83_Estan-vuits-700x441.jpg 700w\" sizes=\"(max-width: 320px) 100vw, 320px\" \/><\/a><\/div><\/div><div style=\"padding:5px;\" class=\"fusion-grid-column fusion-gallery-column fusion-gallery-column-6 hover-type-zoomin\"><div class=\"fusion-gallery-image\"><a href=\"https:\/\/afc.cat\/wp-content\/uploads\/2025\/03\/29_AntoniConesa-Domenech_83_Simetria-vertical-a-Estacio-Collblanc-L9-Sud.jpg\" data-title=\"29_AntoniConesa Dom\u00e8nech_83_Simetria vertical a Estacio Collblanc L9 Sud\" title=\"29_AntoniConesa Dom\u00e8nech_83_Simetria vertical a Estacio Collblanc L9 Sud\" rel=\"noreferrer\" data-rel=\"iLightbox[gallery_image_1]\" class=\"fusion-lightbox\" target=\"_self\"><img decoding=\"async\" src=\"https:\/\/afc.cat\/wp-content\/uploads\/2025\/03\/29_AntoniConesa-Domenech_83_Simetria-vertical-a-Estacio-Collblanc-L9-Sud-320x202.jpg\" width=\"320\" height=\"202\" alt=\"\" title=\"29_AntoniConesa Dom\u00e8nech_83_Simetria vertical a Estacio Collblanc L9 Sud\" aria-label=\"29_AntoniConesa Dom\u00e8nech_83_Simetria vertical a Estacio Collblanc L9 Sud\" class=\"img-responsive wp-image-42341 fusion-gallery-image-size-fixed\" \/><\/a><\/div><\/div><div style=\"padding:5px;\" class=\"fusion-grid-column fusion-gallery-column fusion-gallery-column-6 hover-type-zoomin\"><div class=\"fusion-gallery-image\"><a href=\"https:\/\/afc.cat\/wp-content\/uploads\/2025\/03\/30_SaraAssens-Mampel_82_simetries-dombres.jpg\" data-title=\"30_SaraAssens Mampel_82_simetries d&#8217;ombres\" title=\"30_SaraAssens Mampel_82_simetries d&#8217;ombres\" rel=\"noreferrer\" data-rel=\"iLightbox[gallery_image_1]\" class=\"fusion-lightbox\" target=\"_self\"><img decoding=\"async\" src=\"https:\/\/afc.cat\/wp-content\/uploads\/2025\/03\/30_SaraAssens-Mampel_82_simetries-dombres-320x202.jpg\" width=\"320\" height=\"202\" alt=\"\" title=\"30_SaraAssens Mampel_82_simetries d&#8217;ombres\" aria-label=\"30_SaraAssens Mampel_82_simetries d&#8217;ombres\" class=\"img-responsive wp-image-42343 fusion-gallery-image-size-fixed\" srcset=\"https:\/\/afc.cat\/wp-content\/uploads\/2025\/03\/30_SaraAssens-Mampel_82_simetries-dombres-320x202.jpg 320w, https:\/\/afc.cat\/wp-content\/uploads\/2025\/03\/30_SaraAssens-Mampel_82_simetries-dombres-700x441.jpg 700w\" sizes=\"(max-width: 320px) 100vw, 320px\" \/><\/a><\/div><\/div><div class=\"clearfix\"><\/div><div style=\"padding:5px;\" class=\"fusion-grid-column fusion-gallery-column fusion-gallery-column-6 hover-type-zoomin\"><div class=\"fusion-gallery-image\"><a href=\"https:\/\/afc.cat\/wp-content\/uploads\/2025\/03\/31_MiquelCabre_81_Com-mai-la-havies-vist.jpg\" data-title=\"31_MiquelCabr\u00e9_81_Com mai la havies vist\" title=\"31_MiquelCabr\u00e9_81_Com mai la havies vist\" rel=\"noreferrer\" data-rel=\"iLightbox[gallery_image_1]\" class=\"fusion-lightbox\" target=\"_self\"><img decoding=\"async\" src=\"https:\/\/afc.cat\/wp-content\/uploads\/2025\/03\/31_MiquelCabre_81_Com-mai-la-havies-vist-320x202.jpg\" width=\"320\" height=\"202\" alt=\"\" title=\"31_MiquelCabr\u00e9_81_Com mai la havies vist\" aria-label=\"31_MiquelCabr\u00e9_81_Com mai la havies vist\" class=\"img-responsive wp-image-42345 fusion-gallery-image-size-fixed\" srcset=\"https:\/\/afc.cat\/wp-content\/uploads\/2025\/03\/31_MiquelCabre_81_Com-mai-la-havies-vist-320x202.jpg 320w, https:\/\/afc.cat\/wp-content\/uploads\/2025\/03\/31_MiquelCabre_81_Com-mai-la-havies-vist-700x441.jpg 700w\" sizes=\"(max-width: 320px) 100vw, 320px\" \/><\/a><\/div><\/div><div style=\"padding:5px;\" class=\"fusion-grid-column fusion-gallery-column fusion-gallery-column-6 hover-type-zoomin\"><div class=\"fusion-gallery-image\"><a href=\"https:\/\/afc.cat\/wp-content\/uploads\/2025\/03\/32_DamiaTous-Vazquez_78_Linea-9.jpg\" data-title=\"32_Dami\u00e0Tous Vazquez_78_Linea 9\" title=\"32_Dami\u00e0Tous Vazquez_78_Linea 9\" rel=\"noreferrer\" data-rel=\"iLightbox[gallery_image_1]\" class=\"fusion-lightbox\" target=\"_self\"><img decoding=\"async\" src=\"https:\/\/afc.cat\/wp-content\/uploads\/2025\/03\/32_DamiaTous-Vazquez_78_Linea-9-320x202.jpg\" width=\"320\" height=\"202\" alt=\"\" title=\"32_Dami\u00e0Tous Vazquez_78_Linea 9\" aria-label=\"32_Dami\u00e0Tous Vazquez_78_Linea 9\" class=\"img-responsive wp-image-42347 fusion-gallery-image-size-fixed\" srcset=\"https:\/\/afc.cat\/wp-content\/uploads\/2025\/03\/32_DamiaTous-Vazquez_78_Linea-9-320x202.jpg 320w, https:\/\/afc.cat\/wp-content\/uploads\/2025\/03\/32_DamiaTous-Vazquez_78_Linea-9-700x441.jpg 700w\" sizes=\"(max-width: 320px) 100vw, 320px\" \/><\/a><\/div><\/div><div style=\"padding:5px;\" class=\"fusion-grid-column fusion-gallery-column fusion-gallery-column-6 hover-type-zoomin\"><div class=\"fusion-gallery-image\"><a href=\"https:\/\/afc.cat\/wp-content\/uploads\/2025\/03\/33_GloriaTatxe-Salas_78_Hotel.jpg\" data-title=\"33_GloriaTatx\u00e9 Salas_78_Hotel\" title=\"33_GloriaTatx\u00e9 Salas_78_Hotel\" rel=\"noreferrer\" data-rel=\"iLightbox[gallery_image_1]\" class=\"fusion-lightbox\" target=\"_self\"><img decoding=\"async\" src=\"https:\/\/afc.cat\/wp-content\/uploads\/2025\/03\/33_GloriaTatxe-Salas_78_Hotel-320x202.jpg\" width=\"320\" height=\"202\" alt=\"\" title=\"33_GloriaTatx\u00e9 Salas_78_Hotel\" aria-label=\"33_GloriaTatx\u00e9 Salas_78_Hotel\" class=\"img-responsive wp-image-42349 fusion-gallery-image-size-fixed\" srcset=\"https:\/\/afc.cat\/wp-content\/uploads\/2025\/03\/33_GloriaTatxe-Salas_78_Hotel-320x202.jpg 320w, https:\/\/afc.cat\/wp-content\/uploads\/2025\/03\/33_GloriaTatxe-Salas_78_Hotel-700x441.jpg 700w\" sizes=\"(max-width: 320px) 100vw, 320px\" \/><\/a><\/div><\/div><div style=\"padding:5px;\" class=\"fusion-grid-column fusion-gallery-column fusion-gallery-column-6 hover-type-zoomin\"><div class=\"fusion-gallery-image\"><a href=\"https:\/\/afc.cat\/wp-content\/uploads\/2025\/03\/34_AlbertCanellas-Xarau_76_Simetries-de-llum.jpg\" data-title=\"34_AlbertCa\u00f1ellas Xarau_76_Simetries de llum\" title=\"34_AlbertCa\u00f1ellas Xarau_76_Simetries de llum\" rel=\"noreferrer\" data-rel=\"iLightbox[gallery_image_1]\" class=\"fusion-lightbox\" target=\"_self\"><img decoding=\"async\" src=\"https:\/\/afc.cat\/wp-content\/uploads\/2025\/03\/34_AlbertCanellas-Xarau_76_Simetries-de-llum-320x202.jpg\" width=\"320\" height=\"202\" alt=\"\" title=\"34_AlbertCa\u00f1ellas Xarau_76_Simetries de llum\" aria-label=\"34_AlbertCa\u00f1ellas Xarau_76_Simetries de llum\" class=\"img-responsive wp-image-42351 fusion-gallery-image-size-fixed\" srcset=\"https:\/\/afc.cat\/wp-content\/uploads\/2025\/03\/34_AlbertCanellas-Xarau_76_Simetries-de-llum-320x202.jpg 320w, https:\/\/afc.cat\/wp-content\/uploads\/2025\/03\/34_AlbertCanellas-Xarau_76_Simetries-de-llum-700x441.jpg 700w\" sizes=\"(max-width: 320px) 100vw, 320px\" \/><\/a><\/div><\/div><div style=\"padding:5px;\" class=\"fusion-grid-column fusion-gallery-column fusion-gallery-column-6 hover-type-zoomin\"><div class=\"fusion-gallery-image\"><a href=\"https:\/\/afc.cat\/wp-content\/uploads\/2025\/03\/35_XAVIERRICOL-DOLSET_76_PUJA-I-BAIXA.jpg\" data-title=\"35_XAVIERRICOL DOLSET_76_PUJA I BAIXA\" title=\"35_XAVIERRICOL DOLSET_76_PUJA I BAIXA\" rel=\"noreferrer\" data-rel=\"iLightbox[gallery_image_1]\" class=\"fusion-lightbox\" target=\"_self\"><img decoding=\"async\" src=\"https:\/\/afc.cat\/wp-content\/uploads\/2025\/03\/35_XAVIERRICOL-DOLSET_76_PUJA-I-BAIXA-320x202.jpg\" width=\"320\" height=\"202\" alt=\"\" title=\"35_XAVIERRICOL DOLSET_76_PUJA I BAIXA\" aria-label=\"35_XAVIERRICOL DOLSET_76_PUJA I BAIXA\" class=\"img-responsive wp-image-42353 fusion-gallery-image-size-fixed\" srcset=\"https:\/\/afc.cat\/wp-content\/uploads\/2025\/03\/35_XAVIERRICOL-DOLSET_76_PUJA-I-BAIXA-320x202.jpg 320w, https:\/\/afc.cat\/wp-content\/uploads\/2025\/03\/35_XAVIERRICOL-DOLSET_76_PUJA-I-BAIXA-700x441.jpg 700w\" sizes=\"(max-width: 320px) 100vw, 320px\" \/><\/a><\/div><\/div><div style=\"padding:5px;\" class=\"fusion-grid-column fusion-gallery-column fusion-gallery-column-6 hover-type-zoomin\"><div class=\"fusion-gallery-image\"><a href=\"https:\/\/afc.cat\/wp-content\/uploads\/2025\/03\/36_JosepSoler-Vendrell_74_ESTATUA-PLACA-CAT.jpg\" data-title=\"36_JosepSoler Vendrell_74_ESTATUA PLA\u00c7A CAT\" title=\"36_JosepSoler Vendrell_74_ESTATUA PLA\u00c7A CAT\" rel=\"noreferrer\" data-rel=\"iLightbox[gallery_image_1]\" class=\"fusion-lightbox\" target=\"_self\"><img decoding=\"async\" src=\"https:\/\/afc.cat\/wp-content\/uploads\/2025\/03\/36_JosepSoler-Vendrell_74_ESTATUA-PLACA-CAT-320x202.jpg\" width=\"320\" height=\"202\" alt=\"\" title=\"36_JosepSoler Vendrell_74_ESTATUA PLA\u00c7A CAT\" aria-label=\"36_JosepSoler Vendrell_74_ESTATUA PLA\u00c7A CAT\" class=\"img-responsive wp-image-42355 fusion-gallery-image-size-fixed\" srcset=\"https:\/\/afc.cat\/wp-content\/uploads\/2025\/03\/36_JosepSoler-Vendrell_74_ESTATUA-PLACA-CAT-320x202.jpg 320w, https:\/\/afc.cat\/wp-content\/uploads\/2025\/03\/36_JosepSoler-Vendrell_74_ESTATUA-PLACA-CAT-700x441.jpg 700w\" sizes=\"(max-width: 320px) 100vw, 320px\" \/><\/a><\/div><\/div><div class=\"clearfix\"><\/div><\/div><div class=\"fusion-separator fusion-full-width-sep\" style=\"align-self: center;margin-left: auto;margin-right: auto;margin-top:20px;margin-bottom:20px;width:100%;\"><div class=\"fusion-separator-border sep-single sep-solid\" style=\"border-color:#3ec0bf;border-top-width:1px;\"><\/div><\/div><div class=\"fusion-text fusion-text-5\"><p style=\"text-align: center;\"><strong>PUNTUACI\u00d3N\u00a0 COLOR<\/strong><\/p>\n<\/div><div style=\"text-align:center;\"><style>.fusion-imageframe.imageframe-2{ margin-bottom : 5%;}<\/style><span class=\" fusion-imageframe imageframe-none imageframe-2 hover-type-zoomin\"><img decoding=\"async\" width=\"756\" height=\"1102\" title=\"ok color mar\u00e7 25\" src=\"https:\/\/afc.cat\/wp-content\/uploads\/2025\/03\/ok-color-marc-25.jpg\" alt class=\"img-responsive wp-image-42358\" srcset=\"https:\/\/afc.cat\/wp-content\/uploads\/2025\/03\/ok-color-marc-25-200x292.jpg 200w, https:\/\/afc.cat\/wp-content\/uploads\/2025\/03\/ok-color-marc-25-400x583.jpg 400w, https:\/\/afc.cat\/wp-content\/uploads\/2025\/03\/ok-color-marc-25-600x875.jpg 600w, https:\/\/afc.cat\/wp-content\/uploads\/2025\/03\/ok-color-marc-25.jpg 756w\" sizes=\"(max-width: 640px) 100vw, 756px\" \/><\/span><\/div><div class=\"fusion-text fusion-text-6\"><p style=\"text-align: center;\"><strong>Clasificaci\u00f3n color<\/strong><\/p>\n<\/div><style type=\"text\/css\">.fusion-gallery-2 .fusion-gallery-image {border:0px solid #e2e2e2;}<\/style><div class=\"fusion-gallery fusion-gallery-container fusion-grid-6 fusion-columns-total-37 fusion-gallery-layout-grid fusion-gallery-2\" style=\"margin:-5px;\"><div style=\"padding:5px;\" class=\"fusion-grid-column fusion-gallery-column fusion-gallery-column-6 hover-type-zoomin\"><div class=\"fusion-gallery-image\"><a href=\"https:\/\/afc.cat\/wp-content\/uploads\/2025\/03\/1_Albert_Canellas-Xarau_117_Aquarium.jpg\" data-title=\"1_Albert_Ca\u00f1ellas Xarau_117_Aquarium\" title=\"1_Albert_Ca\u00f1ellas Xarau_117_Aquarium\" rel=\"noreferrer\" data-rel=\"iLightbox[gallery_image_2]\" class=\"fusion-lightbox\" target=\"_self\"><img decoding=\"async\" src=\"https:\/\/afc.cat\/wp-content\/uploads\/2025\/03\/1_Albert_Canellas-Xarau_117_Aquarium-320x202.jpg\" width=\"320\" height=\"202\" alt=\"\" title=\"1_Albert_Ca\u00f1ellas Xarau_117_Aquarium\" aria-label=\"1_Albert_Ca\u00f1ellas Xarau_117_Aquarium\" class=\"img-responsive wp-image-42211 fusion-gallery-image-size-fixed\" srcset=\"https:\/\/afc.cat\/wp-content\/uploads\/2025\/03\/1_Albert_Canellas-Xarau_117_Aquarium-320x202.jpg 320w, https:\/\/afc.cat\/wp-content\/uploads\/2025\/03\/1_Albert_Canellas-Xarau_117_Aquarium-700x441.jpg 700w\" sizes=\"(max-width: 320px) 100vw, 320px\" \/><\/a><\/div><\/div><div style=\"padding:5px;\" class=\"fusion-grid-column fusion-gallery-column fusion-gallery-column-6 hover-type-zoomin\"><div class=\"fusion-gallery-image\"><a href=\"https:\/\/afc.cat\/wp-content\/uploads\/2025\/03\/2_Miquel_Cabre_117_Puges-o-Baixes.jpg\" data-title=\"2_Miquel_Cabr\u00e9_117_Puges o Baixes\" title=\"2_Miquel_Cabr\u00e9_117_Puges o Baixes\" rel=\"noreferrer\" data-rel=\"iLightbox[gallery_image_2]\" class=\"fusion-lightbox\" target=\"_self\"><img decoding=\"async\" src=\"https:\/\/afc.cat\/wp-content\/uploads\/2025\/03\/2_Miquel_Cabre_117_Puges-o-Baixes-320x202.jpg\" width=\"320\" height=\"202\" alt=\"\" title=\"2_Miquel_Cabr\u00e9_117_Puges o Baixes\" aria-label=\"2_Miquel_Cabr\u00e9_117_Puges o Baixes\" class=\"img-responsive wp-image-42213 fusion-gallery-image-size-fixed\" srcset=\"https:\/\/afc.cat\/wp-content\/uploads\/2025\/03\/2_Miquel_Cabre_117_Puges-o-Baixes-320x202.jpg 320w, https:\/\/afc.cat\/wp-content\/uploads\/2025\/03\/2_Miquel_Cabre_117_Puges-o-Baixes-700x441.jpg 700w\" sizes=\"(max-width: 320px) 100vw, 320px\" \/><\/a><\/div><\/div><div style=\"padding:5px;\" class=\"fusion-grid-column fusion-gallery-column fusion-gallery-column-6 hover-type-zoomin\"><div class=\"fusion-gallery-image\"><a href=\"https:\/\/afc.cat\/wp-content\/uploads\/2025\/03\/3_Dolors_Ventura-Canellas_108_FRUITA-TROPICAL.jpg\" data-title=\"3_Dolors_Ventura Ca\u00f1ellas_108_FRUITA TROPICAL\" title=\"3_Dolors_Ventura Ca\u00f1ellas_108_FRUITA TROPICAL\" rel=\"noreferrer\" data-rel=\"iLightbox[gallery_image_2]\" class=\"fusion-lightbox\" target=\"_self\"><img decoding=\"async\" src=\"https:\/\/afc.cat\/wp-content\/uploads\/2025\/03\/3_Dolors_Ventura-Canellas_108_FRUITA-TROPICAL-320x202.jpg\" width=\"320\" height=\"202\" alt=\"\" title=\"3_Dolors_Ventura Ca\u00f1ellas_108_FRUITA TROPICAL\" aria-label=\"3_Dolors_Ventura Ca\u00f1ellas_108_FRUITA TROPICAL\" class=\"img-responsive wp-image-42215 fusion-gallery-image-size-fixed\" srcset=\"https:\/\/afc.cat\/wp-content\/uploads\/2025\/03\/3_Dolors_Ventura-Canellas_108_FRUITA-TROPICAL-320x202.jpg 320w, https:\/\/afc.cat\/wp-content\/uploads\/2025\/03\/3_Dolors_Ventura-Canellas_108_FRUITA-TROPICAL-700x441.jpg 700w\" sizes=\"(max-width: 320px) 100vw, 320px\" \/><\/a><\/div><\/div><div style=\"padding:5px;\" class=\"fusion-grid-column fusion-gallery-column fusion-gallery-column-6 hover-type-zoomin\"><div class=\"fusion-gallery-image\"><a href=\"https:\/\/afc.cat\/wp-content\/uploads\/2025\/03\/4_Xavier_Bou-Salazar_105_Simetria-en-moviment.jpg\" data-title=\"4_Xavier_Bou Salazar_105_Simetria en moviment\" title=\"4_Xavier_Bou Salazar_105_Simetria en moviment\" rel=\"noreferrer\" data-rel=\"iLightbox[gallery_image_2]\" class=\"fusion-lightbox\" target=\"_self\"><img decoding=\"async\" src=\"https:\/\/afc.cat\/wp-content\/uploads\/2025\/03\/4_Xavier_Bou-Salazar_105_Simetria-en-moviment-320x202.jpg\" width=\"320\" height=\"202\" alt=\"\" title=\"4_Xavier_Bou Salazar_105_Simetria en moviment\" aria-label=\"4_Xavier_Bou Salazar_105_Simetria en moviment\" class=\"img-responsive wp-image-42217 fusion-gallery-image-size-fixed\" srcset=\"https:\/\/afc.cat\/wp-content\/uploads\/2025\/03\/4_Xavier_Bou-Salazar_105_Simetria-en-moviment-320x202.jpg 320w, https:\/\/afc.cat\/wp-content\/uploads\/2025\/03\/4_Xavier_Bou-Salazar_105_Simetria-en-moviment-700x441.jpg 700w\" sizes=\"(max-width: 320px) 100vw, 320px\" \/><\/a><\/div><\/div><div style=\"padding:5px;\" class=\"fusion-grid-column fusion-gallery-column fusion-gallery-column-6 hover-type-zoomin\"><div class=\"fusion-gallery-image\"><a href=\"https:\/\/afc.cat\/wp-content\/uploads\/2025\/03\/5_Santiago_Garcia-Cuadrado_104_Pergola.jpg\" data-title=\"5_Santiago_Garc\u00eda Cuadrado_104_Pergola\" title=\"5_Santiago_Garc\u00eda Cuadrado_104_Pergola\" rel=\"noreferrer\" data-rel=\"iLightbox[gallery_image_2]\" class=\"fusion-lightbox\" target=\"_self\"><img decoding=\"async\" src=\"https:\/\/afc.cat\/wp-content\/uploads\/2025\/03\/5_Santiago_Garcia-Cuadrado_104_Pergola-320x202.jpg\" width=\"320\" height=\"202\" alt=\"\" title=\"5_Santiago_Garc\u00eda Cuadrado_104_Pergola\" aria-label=\"5_Santiago_Garc\u00eda Cuadrado_104_Pergola\" class=\"img-responsive wp-image-42219 fusion-gallery-image-size-fixed\" srcset=\"https:\/\/afc.cat\/wp-content\/uploads\/2025\/03\/5_Santiago_Garcia-Cuadrado_104_Pergola-320x202.jpg 320w, https:\/\/afc.cat\/wp-content\/uploads\/2025\/03\/5_Santiago_Garcia-Cuadrado_104_Pergola-700x441.jpg 700w\" sizes=\"(max-width: 320px) 100vw, 320px\" \/><\/a><\/div><\/div><div style=\"padding:5px;\" class=\"fusion-grid-column fusion-gallery-column fusion-gallery-column-6 hover-type-zoomin\"><div class=\"fusion-gallery-image\"><a href=\"https:\/\/afc.cat\/wp-content\/uploads\/2025\/03\/6_Josep_Recio-Romaguera_103_cami-de-fons.jpg\" data-title=\"6_Josep_Recio Romaguera_103_cami de fons\" title=\"6_Josep_Recio Romaguera_103_cami de fons\" rel=\"noreferrer\" data-rel=\"iLightbox[gallery_image_2]\" class=\"fusion-lightbox\" target=\"_self\"><img decoding=\"async\" src=\"https:\/\/afc.cat\/wp-content\/uploads\/2025\/03\/6_Josep_Recio-Romaguera_103_cami-de-fons-320x202.jpg\" width=\"320\" height=\"202\" alt=\"\" title=\"6_Josep_Recio Romaguera_103_cami de fons\" aria-label=\"6_Josep_Recio Romaguera_103_cami de fons\" class=\"img-responsive wp-image-42221 fusion-gallery-image-size-fixed\" srcset=\"https:\/\/afc.cat\/wp-content\/uploads\/2025\/03\/6_Josep_Recio-Romaguera_103_cami-de-fons-200x126.jpg 200w, https:\/\/afc.cat\/wp-content\/uploads\/2025\/03\/6_Josep_Recio-Romaguera_103_cami-de-fons-400x252.jpg 400w, https:\/\/afc.cat\/wp-content\/uploads\/2025\/03\/6_Josep_Recio-Romaguera_103_cami-de-fons-600x377.jpg 600w, https:\/\/afc.cat\/wp-content\/uploads\/2025\/03\/6_Josep_Recio-Romaguera_103_cami-de-fons-800x503.jpg 800w, https:\/\/afc.cat\/wp-content\/uploads\/2025\/03\/6_Josep_Recio-Romaguera_103_cami-de-fons.jpg 1024w\" sizes=\"(min-width: 2200px) 100vw, (min-width: 1120px) 204px, (min-width: 1024px) 245px, (min-width: 928px) 306px, (min-width: 832px) 408px, (min-width: 736px) 613px, (min-width: 640px) 736px, \" \/><\/a><\/div><\/div><div class=\"clearfix\"><\/div><div style=\"padding:5px;\" class=\"fusion-grid-column fusion-gallery-column fusion-gallery-column-6 hover-type-zoomin\"><div class=\"fusion-gallery-image\"><a href=\"https:\/\/afc.cat\/wp-content\/uploads\/2025\/03\/7_Francisco_Olmos-Cubero_102_Ciudad-de-las-Artes.jpg\" data-title=\"7_Francisco_Olmos Cubero_102_Ciudad de las Artes\" title=\"7_Francisco_Olmos Cubero_102_Ciudad de las Artes\" rel=\"noreferrer\" data-rel=\"iLightbox[gallery_image_2]\" class=\"fusion-lightbox\" target=\"_self\"><img decoding=\"async\" src=\"https:\/\/afc.cat\/wp-content\/uploads\/2025\/03\/7_Francisco_Olmos-Cubero_102_Ciudad-de-las-Artes-320x202.jpg\" width=\"320\" height=\"202\" alt=\"\" title=\"7_Francisco_Olmos Cubero_102_Ciudad de las Artes\" aria-label=\"7_Francisco_Olmos Cubero_102_Ciudad de las Artes\" class=\"img-responsive wp-image-42223 fusion-gallery-image-size-fixed\" srcset=\"https:\/\/afc.cat\/wp-content\/uploads\/2025\/03\/7_Francisco_Olmos-Cubero_102_Ciudad-de-las-Artes-200x126.jpg 200w, https:\/\/afc.cat\/wp-content\/uploads\/2025\/03\/7_Francisco_Olmos-Cubero_102_Ciudad-de-las-Artes-400x252.jpg 400w, https:\/\/afc.cat\/wp-content\/uploads\/2025\/03\/7_Francisco_Olmos-Cubero_102_Ciudad-de-las-Artes-600x377.jpg 600w, https:\/\/afc.cat\/wp-content\/uploads\/2025\/03\/7_Francisco_Olmos-Cubero_102_Ciudad-de-las-Artes-800x503.jpg 800w, https:\/\/afc.cat\/wp-content\/uploads\/2025\/03\/7_Francisco_Olmos-Cubero_102_Ciudad-de-las-Artes.jpg 1024w\" sizes=\"(min-width: 2200px) 100vw, (min-width: 1120px) 204px, (min-width: 1024px) 245px, (min-width: 928px) 306px, (min-width: 832px) 408px, (min-width: 736px) 613px, (min-width: 640px) 736px, \" \/><\/a><\/div><\/div><div style=\"padding:5px;\" class=\"fusion-grid-column fusion-gallery-column fusion-gallery-column-6 hover-type-zoomin\"><div class=\"fusion-gallery-image\"><a href=\"https:\/\/afc.cat\/wp-content\/uploads\/2025\/03\/8_Diego_Pastor-Sanchez_101_Fi-de-Carrera.jpg\" data-title=\"8_Diego_Pastor S\u00e1nchez_101_Fi de Carrera\" title=\"8_Diego_Pastor S\u00e1nchez_101_Fi de Carrera\" rel=\"noreferrer\" data-rel=\"iLightbox[gallery_image_2]\" class=\"fusion-lightbox\" target=\"_self\"><img decoding=\"async\" src=\"https:\/\/afc.cat\/wp-content\/uploads\/2025\/03\/8_Diego_Pastor-Sanchez_101_Fi-de-Carrera-320x202.jpg\" width=\"320\" height=\"202\" alt=\"\" title=\"8_Diego_Pastor S\u00e1nchez_101_Fi de Carrera\" aria-label=\"8_Diego_Pastor S\u00e1nchez_101_Fi de Carrera\" class=\"img-responsive wp-image-42225 fusion-gallery-image-size-fixed\" \/><\/a><\/div><\/div><div style=\"padding:5px;\" class=\"fusion-grid-column fusion-gallery-column fusion-gallery-column-6 hover-type-zoomin\"><div class=\"fusion-gallery-image\"><a href=\"https:\/\/afc.cat\/wp-content\/uploads\/2025\/03\/9_Sergi_Marcen-Lopez_101_Simetria-Humana.jpg\" data-title=\"9_Sergi_Marcen Lopez_101_Simetria Humana\" title=\"9_Sergi_Marcen Lopez_101_Simetria Humana\" rel=\"noreferrer\" data-rel=\"iLightbox[gallery_image_2]\" class=\"fusion-lightbox\" target=\"_self\"><img decoding=\"async\" src=\"https:\/\/afc.cat\/wp-content\/uploads\/2025\/03\/9_Sergi_Marcen-Lopez_101_Simetria-Humana-320x202.jpg\" width=\"320\" height=\"202\" alt=\"\" title=\"9_Sergi_Marcen Lopez_101_Simetria Humana\" aria-label=\"9_Sergi_Marcen Lopez_101_Simetria Humana\" class=\"img-responsive wp-image-42227 fusion-gallery-image-size-fixed\" \/><\/a><\/div><\/div><div style=\"padding:5px;\" class=\"fusion-grid-column fusion-gallery-column fusion-gallery-column-6 hover-type-zoomin\"><div class=\"fusion-gallery-image\"><a href=\"https:\/\/afc.cat\/wp-content\/uploads\/2025\/03\/10_Adolfo_Garcia-Bastard_99_EDIFICI.jpg\" data-title=\"10_Adolfo_Garcia Bastard_99_EDIFICI\" title=\"10_Adolfo_Garcia Bastard_99_EDIFICI\" rel=\"noreferrer\" data-rel=\"iLightbox[gallery_image_2]\" class=\"fusion-lightbox\" target=\"_self\"><img decoding=\"async\" src=\"https:\/\/afc.cat\/wp-content\/uploads\/2025\/03\/10_Adolfo_Garcia-Bastard_99_EDIFICI-320x202.jpg\" width=\"320\" height=\"202\" alt=\"\" title=\"10_Adolfo_Garcia Bastard_99_EDIFICI\" aria-label=\"10_Adolfo_Garcia Bastard_99_EDIFICI\" class=\"img-responsive wp-image-42229 fusion-gallery-image-size-fixed\" srcset=\"https:\/\/afc.cat\/wp-content\/uploads\/2025\/03\/10_Adolfo_Garcia-Bastard_99_EDIFICI-320x202.jpg 320w, https:\/\/afc.cat\/wp-content\/uploads\/2025\/03\/10_Adolfo_Garcia-Bastard_99_EDIFICI-700x441.jpg 700w\" sizes=\"(max-width: 320px) 100vw, 320px\" \/><\/a><\/div><\/div><div style=\"padding:5px;\" class=\"fusion-grid-column fusion-gallery-column fusion-gallery-column-6 hover-type-zoomin\"><div class=\"fusion-gallery-image\"><a href=\"https:\/\/afc.cat\/wp-content\/uploads\/2025\/03\/11_Josep_Alonso-Gonzalez_98_Underground.jpg\" data-title=\"11_Josep_Alonso Gonzalez_98_Underground\" title=\"11_Josep_Alonso Gonzalez_98_Underground\" rel=\"noreferrer\" data-rel=\"iLightbox[gallery_image_2]\" class=\"fusion-lightbox\" target=\"_self\"><img decoding=\"async\" src=\"https:\/\/afc.cat\/wp-content\/uploads\/2025\/03\/11_Josep_Alonso-Gonzalez_98_Underground-320x202.jpg\" width=\"320\" height=\"202\" alt=\"\" title=\"11_Josep_Alonso Gonzalez_98_Underground\" aria-label=\"11_Josep_Alonso Gonzalez_98_Underground\" class=\"img-responsive wp-image-42231 fusion-gallery-image-size-fixed\" srcset=\"https:\/\/afc.cat\/wp-content\/uploads\/2025\/03\/11_Josep_Alonso-Gonzalez_98_Underground-320x202.jpg 320w, https:\/\/afc.cat\/wp-content\/uploads\/2025\/03\/11_Josep_Alonso-Gonzalez_98_Underground-700x441.jpg 700w\" sizes=\"(max-width: 320px) 100vw, 320px\" \/><\/a><\/div><\/div><div style=\"padding:5px;\" class=\"fusion-grid-column fusion-gallery-column fusion-gallery-column-6 hover-type-zoomin\"><div class=\"fusion-gallery-image\"><a href=\"https:\/\/afc.cat\/wp-content\/uploads\/2025\/03\/12_XAVIER_RICOL-DOLSET_97_ESPERANT-PASSATGE.jpg\" data-title=\"12_XAVIER_RICOL DOLSET_97_ESPERANT PASSATGE\" title=\"12_XAVIER_RICOL DOLSET_97_ESPERANT PASSATGE\" rel=\"noreferrer\" data-rel=\"iLightbox[gallery_image_2]\" class=\"fusion-lightbox\" target=\"_self\"><img decoding=\"async\" src=\"https:\/\/afc.cat\/wp-content\/uploads\/2025\/03\/12_XAVIER_RICOL-DOLSET_97_ESPERANT-PASSATGE-320x202.jpg\" width=\"320\" height=\"202\" alt=\"\" title=\"12_XAVIER_RICOL DOLSET_97_ESPERANT PASSATGE\" aria-label=\"12_XAVIER_RICOL DOLSET_97_ESPERANT PASSATGE\" class=\"img-responsive wp-image-42233 fusion-gallery-image-size-fixed\" srcset=\"https:\/\/afc.cat\/wp-content\/uploads\/2025\/03\/12_XAVIER_RICOL-DOLSET_97_ESPERANT-PASSATGE-320x202.jpg 320w, https:\/\/afc.cat\/wp-content\/uploads\/2025\/03\/12_XAVIER_RICOL-DOLSET_97_ESPERANT-PASSATGE-700x441.jpg 700w\" sizes=\"(max-width: 320px) 100vw, 320px\" \/><\/a><\/div><\/div><div class=\"clearfix\"><\/div><div style=\"padding:5px;\" class=\"fusion-grid-column fusion-gallery-column fusion-gallery-column-6 hover-type-zoomin\"><div class=\"fusion-gallery-image\"><a href=\"https:\/\/afc.cat\/wp-content\/uploads\/2025\/03\/13_Josep-Maria_Bonjoch-Trilla_97_T.O.-Color-SIMETRIA-Josep-Maria-Bonjoch.jpg\" data-title=\"13_Josep Maria_Bonjoch Trilla_97_T.O. Color SIMETRIA Josep Maria Bonjoch\" title=\"13_Josep Maria_Bonjoch Trilla_97_T.O. Color SIMETRIA Josep Maria Bonjoch\" rel=\"noreferrer\" data-rel=\"iLightbox[gallery_image_2]\" class=\"fusion-lightbox\" target=\"_self\"><img decoding=\"async\" src=\"https:\/\/afc.cat\/wp-content\/uploads\/2025\/03\/13_Josep-Maria_Bonjoch-Trilla_97_T.O.-Color-SIMETRIA-Josep-Maria-Bonjoch-320x202.jpg\" width=\"320\" height=\"202\" alt=\"\" title=\"13_Josep Maria_Bonjoch Trilla_97_T.O. Color SIMETRIA Josep Maria Bonjoch\" aria-label=\"13_Josep Maria_Bonjoch Trilla_97_T.O. Color SIMETRIA Josep Maria Bonjoch\" class=\"img-responsive wp-image-42235 fusion-gallery-image-size-fixed\" srcset=\"https:\/\/afc.cat\/wp-content\/uploads\/2025\/03\/13_Josep-Maria_Bonjoch-Trilla_97_T.O.-Color-SIMETRIA-Josep-Maria-Bonjoch-320x202.jpg 320w, https:\/\/afc.cat\/wp-content\/uploads\/2025\/03\/13_Josep-Maria_Bonjoch-Trilla_97_T.O.-Color-SIMETRIA-Josep-Maria-Bonjoch-700x441.jpg 700w\" sizes=\"(max-width: 320px) 100vw, 320px\" \/><\/a><\/div><\/div><div style=\"padding:5px;\" class=\"fusion-grid-column fusion-gallery-column fusion-gallery-column-6 hover-type-zoomin\"><div class=\"fusion-gallery-image\"><a href=\"https:\/\/afc.cat\/wp-content\/uploads\/2025\/03\/14_Rosa_Cristofol-Martinez_96_Finestral.jpg\" data-title=\"14_Rosa_Crist\u00f2fol Mart\u00ednez_96_Finestral\" title=\"14_Rosa_Crist\u00f2fol Mart\u00ednez_96_Finestral\" rel=\"noreferrer\" data-rel=\"iLightbox[gallery_image_2]\" class=\"fusion-lightbox\" target=\"_self\"><img decoding=\"async\" src=\"https:\/\/afc.cat\/wp-content\/uploads\/2025\/03\/14_Rosa_Cristofol-Martinez_96_Finestral-320x202.jpg\" width=\"320\" height=\"202\" alt=\"\" title=\"14_Rosa_Crist\u00f2fol Mart\u00ednez_96_Finestral\" aria-label=\"14_Rosa_Crist\u00f2fol Mart\u00ednez_96_Finestral\" class=\"img-responsive wp-image-42237 fusion-gallery-image-size-fixed\" \/><\/a><\/div><\/div><div style=\"padding:5px;\" class=\"fusion-grid-column fusion-gallery-column fusion-gallery-column-6 hover-type-zoomin\"><div class=\"fusion-gallery-image\"><a href=\"https:\/\/afc.cat\/wp-content\/uploads\/2025\/03\/15_Teresa_Tejero-Lopez_96_Natura-equilibrada.jpg\" data-title=\"15_Teresa_Tejero Lopez_96_Natura equilibrada\" title=\"15_Teresa_Tejero Lopez_96_Natura equilibrada\" rel=\"noreferrer\" data-rel=\"iLightbox[gallery_image_2]\" class=\"fusion-lightbox\" target=\"_self\"><img decoding=\"async\" src=\"https:\/\/afc.cat\/wp-content\/uploads\/2025\/03\/15_Teresa_Tejero-Lopez_96_Natura-equilibrada-320x202.jpg\" width=\"320\" height=\"202\" alt=\"\" title=\"15_Teresa_Tejero Lopez_96_Natura equilibrada\" aria-label=\"15_Teresa_Tejero Lopez_96_Natura equilibrada\" class=\"img-responsive wp-image-42239 fusion-gallery-image-size-fixed\" srcset=\"https:\/\/afc.cat\/wp-content\/uploads\/2025\/03\/15_Teresa_Tejero-Lopez_96_Natura-equilibrada-320x202.jpg 320w, https:\/\/afc.cat\/wp-content\/uploads\/2025\/03\/15_Teresa_Tejero-Lopez_96_Natura-equilibrada-700x441.jpg 700w\" sizes=\"(max-width: 320px) 100vw, 320px\" \/><\/a><\/div><\/div><div style=\"padding:5px;\" class=\"fusion-grid-column fusion-gallery-column fusion-gallery-column-6 hover-type-zoomin\"><div class=\"fusion-gallery-image\"><a href=\"https:\/\/afc.cat\/wp-content\/uploads\/2025\/03\/16_Clara_Lopez-Colomer_95_Esperant-clients.jpg\" data-title=\"16_Clara_Lopez Colomer_95_Esperant clients\" title=\"16_Clara_Lopez Colomer_95_Esperant clients\" rel=\"noreferrer\" data-rel=\"iLightbox[gallery_image_2]\" class=\"fusion-lightbox\" target=\"_self\"><img decoding=\"async\" src=\"https:\/\/afc.cat\/wp-content\/uploads\/2025\/03\/16_Clara_Lopez-Colomer_95_Esperant-clients-320x202.jpg\" width=\"320\" height=\"202\" alt=\"\" title=\"16_Clara_Lopez Colomer_95_Esperant clients\" aria-label=\"16_Clara_Lopez Colomer_95_Esperant clients\" class=\"img-responsive wp-image-42241 fusion-gallery-image-size-fixed\" srcset=\"https:\/\/afc.cat\/wp-content\/uploads\/2025\/03\/16_Clara_Lopez-Colomer_95_Esperant-clients-320x202.jpg 320w, https:\/\/afc.cat\/wp-content\/uploads\/2025\/03\/16_Clara_Lopez-Colomer_95_Esperant-clients-700x441.jpg 700w\" sizes=\"(max-width: 320px) 100vw, 320px\" \/><\/a><\/div><\/div><div style=\"padding:5px;\" class=\"fusion-grid-column fusion-gallery-column fusion-gallery-column-6 hover-type-zoomin\"><div class=\"fusion-gallery-image\"><a href=\"https:\/\/afc.cat\/wp-content\/uploads\/2025\/03\/17_Esperanca_Sanz-Marin_93_carritos.jpg\" data-title=\"17_Esperan\u00e7a_Sanz Marin_93_carritos\" title=\"17_Esperan\u00e7a_Sanz Marin_93_carritos\" rel=\"noreferrer\" data-rel=\"iLightbox[gallery_image_2]\" class=\"fusion-lightbox\" target=\"_self\"><img decoding=\"async\" src=\"https:\/\/afc.cat\/wp-content\/uploads\/2025\/03\/17_Esperanca_Sanz-Marin_93_carritos-320x202.jpg\" width=\"320\" height=\"202\" alt=\"\" title=\"17_Esperan\u00e7a_Sanz Marin_93_carritos\" aria-label=\"17_Esperan\u00e7a_Sanz Marin_93_carritos\" class=\"img-responsive wp-image-42243 fusion-gallery-image-size-fixed\" srcset=\"https:\/\/afc.cat\/wp-content\/uploads\/2025\/03\/17_Esperanca_Sanz-Marin_93_carritos-320x202.jpg 320w, https:\/\/afc.cat\/wp-content\/uploads\/2025\/03\/17_Esperanca_Sanz-Marin_93_carritos-700x441.jpg 700w\" sizes=\"(max-width: 320px) 100vw, 320px\" \/><\/a><\/div><\/div><div style=\"padding:5px;\" class=\"fusion-grid-column fusion-gallery-column fusion-gallery-column-6 hover-type-zoomin\"><div class=\"fusion-gallery-image\"><a href=\"https:\/\/afc.cat\/wp-content\/uploads\/2025\/03\/18_Damia_Tous-Vazquez_92_un-mati-a-Mallorca.jpg\" data-title=\"18_Dami\u00e0_Tous Vazquez_92_un mati a Mallorca\" title=\"18_Dami\u00e0_Tous Vazquez_92_un mati a Mallorca\" rel=\"noreferrer\" data-rel=\"iLightbox[gallery_image_2]\" class=\"fusion-lightbox\" target=\"_self\"><img decoding=\"async\" src=\"https:\/\/afc.cat\/wp-content\/uploads\/2025\/03\/18_Damia_Tous-Vazquez_92_un-mati-a-Mallorca-320x202.jpg\" width=\"320\" height=\"202\" alt=\"\" title=\"18_Dami\u00e0_Tous Vazquez_92_un mati a Mallorca\" aria-label=\"18_Dami\u00e0_Tous Vazquez_92_un mati a Mallorca\" class=\"img-responsive wp-image-42245 fusion-gallery-image-size-fixed\" srcset=\"https:\/\/afc.cat\/wp-content\/uploads\/2025\/03\/18_Damia_Tous-Vazquez_92_un-mati-a-Mallorca-320x202.jpg 320w, https:\/\/afc.cat\/wp-content\/uploads\/2025\/03\/18_Damia_Tous-Vazquez_92_un-mati-a-Mallorca-700x441.jpg 700w\" sizes=\"(max-width: 320px) 100vw, 320px\" \/><\/a><\/div><\/div><div class=\"clearfix\"><\/div><div style=\"padding:5px;\" class=\"fusion-grid-column fusion-gallery-column fusion-gallery-column-6 hover-type-zoomin\"><div class=\"fusion-gallery-image\"><a href=\"https:\/\/afc.cat\/wp-content\/uploads\/2025\/03\/19_Antoni_Beneyto-Maria_91_Celosia.jpg\" data-title=\"19_Antoni_Beneyto Maria_91_Celosia\" title=\"19_Antoni_Beneyto Maria_91_Celosia\" rel=\"noreferrer\" data-rel=\"iLightbox[gallery_image_2]\" class=\"fusion-lightbox\" target=\"_self\"><img decoding=\"async\" src=\"https:\/\/afc.cat\/wp-content\/uploads\/2025\/03\/19_Antoni_Beneyto-Maria_91_Celosia-320x202.jpg\" width=\"320\" height=\"202\" alt=\"\" title=\"19_Antoni_Beneyto Maria_91_Celosia\" aria-label=\"19_Antoni_Beneyto Maria_91_Celosia\" class=\"img-responsive wp-image-42247 fusion-gallery-image-size-fixed\" \/><\/a><\/div><\/div><div style=\"padding:5px;\" class=\"fusion-grid-column fusion-gallery-column fusion-gallery-column-6 hover-type-zoomin\"><div class=\"fusion-gallery-image\"><a href=\"https:\/\/afc.cat\/wp-content\/uploads\/2025\/03\/20_Merce_Rios-Bejar_91_Escales-misterioses-P3163347.jpg\" data-title=\"20_Merc\u00e8_R\u00edos Bejar_91_Escales misterioses-P3163347\" title=\"20_Merc\u00e8_R\u00edos Bejar_91_Escales misterioses-P3163347\" rel=\"noreferrer\" data-rel=\"iLightbox[gallery_image_2]\" class=\"fusion-lightbox\" target=\"_self\"><img decoding=\"async\" src=\"https:\/\/afc.cat\/wp-content\/uploads\/2025\/03\/20_Merce_Rios-Bejar_91_Escales-misterioses-P3163347-320x202.jpg\" width=\"320\" height=\"202\" alt=\"\" title=\"20_Merc\u00e8_R\u00edos Bejar_91_Escales misterioses-P3163347\" aria-label=\"20_Merc\u00e8_R\u00edos Bejar_91_Escales misterioses-P3163347\" class=\"img-responsive wp-image-42249 fusion-gallery-image-size-fixed\" srcset=\"https:\/\/afc.cat\/wp-content\/uploads\/2025\/03\/20_Merce_Rios-Bejar_91_Escales-misterioses-P3163347-320x202.jpg 320w, https:\/\/afc.cat\/wp-content\/uploads\/2025\/03\/20_Merce_Rios-Bejar_91_Escales-misterioses-P3163347-700x441.jpg 700w\" sizes=\"(max-width: 320px) 100vw, 320px\" \/><\/a><\/div><\/div><div style=\"padding:5px;\" class=\"fusion-grid-column fusion-gallery-column fusion-gallery-column-6 hover-type-zoomin\"><div class=\"fusion-gallery-image\"><a href=\"https:\/\/afc.cat\/wp-content\/uploads\/2025\/03\/21_Carmen_Casademont-Ribot_91_Grades-en-vermell.jpg\" data-title=\"21_Carmen_Casademont Ribot_91_Grades en vermell\" title=\"21_Carmen_Casademont Ribot_91_Grades en vermell\" rel=\"noreferrer\" data-rel=\"iLightbox[gallery_image_2]\" class=\"fusion-lightbox\" target=\"_self\"><img decoding=\"async\" src=\"https:\/\/afc.cat\/wp-content\/uploads\/2025\/03\/21_Carmen_Casademont-Ribot_91_Grades-en-vermell-320x202.jpg\" width=\"320\" height=\"202\" alt=\"\" title=\"21_Carmen_Casademont Ribot_91_Grades en vermell\" aria-label=\"21_Carmen_Casademont Ribot_91_Grades en vermell\" class=\"img-responsive wp-image-42251 fusion-gallery-image-size-fixed\" srcset=\"https:\/\/afc.cat\/wp-content\/uploads\/2025\/03\/21_Carmen_Casademont-Ribot_91_Grades-en-vermell-320x202.jpg 320w, https:\/\/afc.cat\/wp-content\/uploads\/2025\/03\/21_Carmen_Casademont-Ribot_91_Grades-en-vermell-700x441.jpg 700w\" sizes=\"(max-width: 320px) 100vw, 320px\" \/><\/a><\/div><\/div><div style=\"padding:5px;\" class=\"fusion-grid-column fusion-gallery-column fusion-gallery-column-6 hover-type-zoomin\"><div class=\"fusion-gallery-image\"><a href=\"https:\/\/afc.cat\/wp-content\/uploads\/2025\/03\/22_Joan_Rue-Domingo_91_natura-morta.jpg\" data-title=\"22_Joan_Ru\u00e9 Domingo_91_natura morta\" title=\"22_Joan_Ru\u00e9 Domingo_91_natura morta\" rel=\"noreferrer\" data-rel=\"iLightbox[gallery_image_2]\" class=\"fusion-lightbox\" target=\"_self\"><img decoding=\"async\" src=\"https:\/\/afc.cat\/wp-content\/uploads\/2025\/03\/22_Joan_Rue-Domingo_91_natura-morta-320x202.jpg\" width=\"320\" height=\"202\" alt=\"\" title=\"22_Joan_Ru\u00e9 Domingo_91_natura morta\" aria-label=\"22_Joan_Ru\u00e9 Domingo_91_natura morta\" class=\"img-responsive wp-image-42253 fusion-gallery-image-size-fixed\" srcset=\"https:\/\/afc.cat\/wp-content\/uploads\/2025\/03\/22_Joan_Rue-Domingo_91_natura-morta-320x202.jpg 320w, https:\/\/afc.cat\/wp-content\/uploads\/2025\/03\/22_Joan_Rue-Domingo_91_natura-morta-700x441.jpg 700w\" sizes=\"(max-width: 320px) 100vw, 320px\" \/><\/a><\/div><\/div><div style=\"padding:5px;\" class=\"fusion-grid-column fusion-gallery-column fusion-gallery-column-6 hover-type-zoomin\"><div class=\"fusion-gallery-image\"><a href=\"https:\/\/afc.cat\/wp-content\/uploads\/2025\/03\/23_Carme_Mur-Calvo_90_Aparadors-de-museu-jpg.jpg\" data-title=\"23_Carme_Mur Calv\u00f3_90_Aparadors de museu jpg\" title=\"23_Carme_Mur Calv\u00f3_90_Aparadors de museu jpg\" rel=\"noreferrer\" data-rel=\"iLightbox[gallery_image_2]\" class=\"fusion-lightbox\" target=\"_self\"><img decoding=\"async\" src=\"https:\/\/afc.cat\/wp-content\/uploads\/2025\/03\/23_Carme_Mur-Calvo_90_Aparadors-de-museu-jpg-320x202.jpg\" width=\"320\" height=\"202\" alt=\"\" title=\"23_Carme_Mur Calv\u00f3_90_Aparadors de museu jpg\" aria-label=\"23_Carme_Mur Calv\u00f3_90_Aparadors de museu jpg\" class=\"img-responsive wp-image-42255 fusion-gallery-image-size-fixed\" srcset=\"https:\/\/afc.cat\/wp-content\/uploads\/2025\/03\/23_Carme_Mur-Calvo_90_Aparadors-de-museu-jpg-320x202.jpg 320w, https:\/\/afc.cat\/wp-content\/uploads\/2025\/03\/23_Carme_Mur-Calvo_90_Aparadors-de-museu-jpg-700x441.jpg 700w\" sizes=\"(max-width: 320px) 100vw, 320px\" \/><\/a><\/div><\/div><div style=\"padding:5px;\" class=\"fusion-grid-column fusion-gallery-column fusion-gallery-column-6 hover-type-zoomin\"><div class=\"fusion-gallery-image\"><a href=\"https:\/\/afc.cat\/wp-content\/uploads\/2025\/03\/24_Ramon_Riera_90_Dues-finestres.jpg\" data-title=\"24_Ramon_Riera_90_Dues finestres\" title=\"24_Ramon_Riera_90_Dues finestres\" rel=\"noreferrer\" data-rel=\"iLightbox[gallery_image_2]\" class=\"fusion-lightbox\" target=\"_self\"><img decoding=\"async\" src=\"https:\/\/afc.cat\/wp-content\/uploads\/2025\/03\/24_Ramon_Riera_90_Dues-finestres-320x202.jpg\" width=\"320\" height=\"202\" alt=\"\" title=\"24_Ramon_Riera_90_Dues finestres\" aria-label=\"24_Ramon_Riera_90_Dues finestres\" class=\"img-responsive wp-image-42257 fusion-gallery-image-size-fixed\" srcset=\"https:\/\/afc.cat\/wp-content\/uploads\/2025\/03\/24_Ramon_Riera_90_Dues-finestres-320x202.jpg 320w, https:\/\/afc.cat\/wp-content\/uploads\/2025\/03\/24_Ramon_Riera_90_Dues-finestres-700x441.jpg 700w\" sizes=\"(max-width: 320px) 100vw, 320px\" \/><\/a><\/div><\/div><div class=\"clearfix\"><\/div><div style=\"padding:5px;\" class=\"fusion-grid-column fusion-gallery-column fusion-gallery-column-6 hover-type-zoomin\"><div class=\"fusion-gallery-image\"><a href=\"https:\/\/afc.cat\/wp-content\/uploads\/2025\/03\/25_Gloria_Tatxe-Salas_88_Estructura.jpg\" data-title=\"25_Gloria_Tatx\u00e9 Salas_88_Estructura\" title=\"25_Gloria_Tatx\u00e9 Salas_88_Estructura\" rel=\"noreferrer\" data-rel=\"iLightbox[gallery_image_2]\" class=\"fusion-lightbox\" target=\"_self\"><img decoding=\"async\" src=\"https:\/\/afc.cat\/wp-content\/uploads\/2025\/03\/25_Gloria_Tatxe-Salas_88_Estructura-320x202.jpg\" width=\"320\" height=\"202\" alt=\"\" title=\"25_Gloria_Tatx\u00e9 Salas_88_Estructura\" aria-label=\"25_Gloria_Tatx\u00e9 Salas_88_Estructura\" class=\"img-responsive wp-image-42259 fusion-gallery-image-size-fixed\" srcset=\"https:\/\/afc.cat\/wp-content\/uploads\/2025\/03\/25_Gloria_Tatxe-Salas_88_Estructura-320x202.jpg 320w, https:\/\/afc.cat\/wp-content\/uploads\/2025\/03\/25_Gloria_Tatxe-Salas_88_Estructura-700x441.jpg 700w\" sizes=\"(max-width: 320px) 100vw, 320px\" \/><\/a><\/div><\/div><div style=\"padding:5px;\" class=\"fusion-grid-column fusion-gallery-column fusion-gallery-column-6 hover-type-zoomin\"><div class=\"fusion-gallery-image\"><a href=\"https:\/\/afc.cat\/wp-content\/uploads\/2025\/03\/26_Jordi_Meseguer-Rafales_87_Tardor.jpg\" data-title=\"26_Jordi_Meseguer Rafales_87_Tardor\" title=\"26_Jordi_Meseguer Rafales_87_Tardor\" rel=\"noreferrer\" data-rel=\"iLightbox[gallery_image_2]\" class=\"fusion-lightbox\" target=\"_self\"><img decoding=\"async\" src=\"https:\/\/afc.cat\/wp-content\/uploads\/2025\/03\/26_Jordi_Meseguer-Rafales_87_Tardor-320x202.jpg\" width=\"320\" height=\"202\" alt=\"\" title=\"26_Jordi_Meseguer Rafales_87_Tardor\" aria-label=\"26_Jordi_Meseguer Rafales_87_Tardor\" class=\"img-responsive wp-image-42261 fusion-gallery-image-size-fixed\" srcset=\"https:\/\/afc.cat\/wp-content\/uploads\/2025\/03\/26_Jordi_Meseguer-Rafales_87_Tardor-320x202.jpg 320w, https:\/\/afc.cat\/wp-content\/uploads\/2025\/03\/26_Jordi_Meseguer-Rafales_87_Tardor-700x441.jpg 700w\" sizes=\"(max-width: 320px) 100vw, 320px\" \/><\/a><\/div><\/div><div style=\"padding:5px;\" class=\"fusion-grid-column fusion-gallery-column fusion-gallery-column-6 hover-type-zoomin\"><div class=\"fusion-gallery-image\"><a href=\"https:\/\/afc.cat\/wp-content\/uploads\/2025\/03\/27_Pep_Vinyals_85_Mirall.jpg\" data-title=\"27_Pep_Vinyals_85_Mirall\" title=\"27_Pep_Vinyals_85_Mirall\" rel=\"noreferrer\" data-rel=\"iLightbox[gallery_image_2]\" class=\"fusion-lightbox\" target=\"_self\"><img decoding=\"async\" src=\"https:\/\/afc.cat\/wp-content\/uploads\/2025\/03\/27_Pep_Vinyals_85_Mirall-320x202.jpg\" width=\"320\" height=\"202\" alt=\"\" title=\"27_Pep_Vinyals_85_Mirall\" aria-label=\"27_Pep_Vinyals_85_Mirall\" class=\"img-responsive wp-image-42263 fusion-gallery-image-size-fixed\" srcset=\"https:\/\/afc.cat\/wp-content\/uploads\/2025\/03\/27_Pep_Vinyals_85_Mirall-320x202.jpg 320w, https:\/\/afc.cat\/wp-content\/uploads\/2025\/03\/27_Pep_Vinyals_85_Mirall-700x441.jpg 700w\" sizes=\"(max-width: 320px) 100vw, 320px\" \/><\/a><\/div><\/div><div style=\"padding:5px;\" class=\"fusion-grid-column fusion-gallery-column fusion-gallery-column-6 hover-type-zoomin\"><div class=\"fusion-gallery-image\"><a href=\"https:\/\/afc.cat\/wp-content\/uploads\/2025\/03\/28_Nuria_Noguera-German_84_Simetria-al-llac.jpg\" data-title=\"28_N\u00faria_Noguera German_84_Simetria al llac\" title=\"28_N\u00faria_Noguera German_84_Simetria al llac\" rel=\"noreferrer\" data-rel=\"iLightbox[gallery_image_2]\" class=\"fusion-lightbox\" target=\"_self\"><img decoding=\"async\" src=\"https:\/\/afc.cat\/wp-content\/uploads\/2025\/03\/28_Nuria_Noguera-German_84_Simetria-al-llac-320x202.jpg\" width=\"320\" height=\"202\" alt=\"\" title=\"28_N\u00faria_Noguera German_84_Simetria al llac\" aria-label=\"28_N\u00faria_Noguera German_84_Simetria al llac\" class=\"img-responsive wp-image-42265 fusion-gallery-image-size-fixed\" srcset=\"https:\/\/afc.cat\/wp-content\/uploads\/2025\/03\/28_Nuria_Noguera-German_84_Simetria-al-llac-320x202.jpg 320w, https:\/\/afc.cat\/wp-content\/uploads\/2025\/03\/28_Nuria_Noguera-German_84_Simetria-al-llac-700x441.jpg 700w\" sizes=\"(max-width: 320px) 100vw, 320px\" \/><\/a><\/div><\/div><div style=\"padding:5px;\" class=\"fusion-grid-column fusion-gallery-column fusion-gallery-column-6 hover-type-zoomin\"><div class=\"fusion-gallery-image\"><a href=\"https:\/\/afc.cat\/wp-content\/uploads\/2025\/03\/29_Albert_Ballestero-Rosell_83_Aresta.jpg\" data-title=\"29_Albert_Ballestero Rosell_83_Aresta\" title=\"29_Albert_Ballestero Rosell_83_Aresta\" rel=\"noreferrer\" data-rel=\"iLightbox[gallery_image_2]\" class=\"fusion-lightbox\" target=\"_self\"><img decoding=\"async\" src=\"https:\/\/afc.cat\/wp-content\/uploads\/2025\/03\/29_Albert_Ballestero-Rosell_83_Aresta-320x202.jpg\" width=\"320\" height=\"202\" alt=\"\" title=\"29_Albert_Ballestero Rosell_83_Aresta\" aria-label=\"29_Albert_Ballestero Rosell_83_Aresta\" class=\"img-responsive wp-image-42267 fusion-gallery-image-size-fixed\" \/><\/a><\/div><\/div><div style=\"padding:5px;\" class=\"fusion-grid-column fusion-gallery-column fusion-gallery-column-6 hover-type-zoomin\"><div class=\"fusion-gallery-image\"><a href=\"https:\/\/afc.cat\/wp-content\/uploads\/2025\/03\/30_David_Penarroya-Hernandez_79_Besssons-i-bessonas.jpg\" data-title=\"30_David_Pe\u00f1arroya Hernandez_79_Besssons i bessonas\" title=\"30_David_Pe\u00f1arroya Hernandez_79_Besssons i bessonas\" rel=\"noreferrer\" data-rel=\"iLightbox[gallery_image_2]\" class=\"fusion-lightbox\" target=\"_self\"><img decoding=\"async\" src=\"https:\/\/afc.cat\/wp-content\/uploads\/2025\/03\/30_David_Penarroya-Hernandez_79_Besssons-i-bessonas-320x202.jpg\" width=\"320\" height=\"202\" alt=\"\" title=\"30_David_Pe\u00f1arroya Hernandez_79_Besssons i bessonas\" aria-label=\"30_David_Pe\u00f1arroya Hernandez_79_Besssons i bessonas\" class=\"img-responsive wp-image-42269 fusion-gallery-image-size-fixed\" \/><\/a><\/div><\/div><div class=\"clearfix\"><\/div><div style=\"padding:5px;\" class=\"fusion-grid-column fusion-gallery-column fusion-gallery-column-6 hover-type-zoomin\"><div class=\"fusion-gallery-image\"><a href=\"https:\/\/afc.cat\/wp-content\/uploads\/2025\/03\/31_Gabriel_Bertran-Niculau_77_simetra.jpg\" data-title=\"31_Gabriel_Bertran Niculau_77_simetra\" title=\"31_Gabriel_Bertran Niculau_77_simetra\" rel=\"noreferrer\" data-rel=\"iLightbox[gallery_image_2]\" class=\"fusion-lightbox\" target=\"_self\"><img decoding=\"async\" src=\"https:\/\/afc.cat\/wp-content\/uploads\/2025\/03\/31_Gabriel_Bertran-Niculau_77_simetra-320x202.jpg\" width=\"320\" height=\"202\" alt=\"\" title=\"31_Gabriel_Bertran Niculau_77_simetra\" aria-label=\"31_Gabriel_Bertran Niculau_77_simetra\" class=\"img-responsive wp-image-42271 fusion-gallery-image-size-fixed\" srcset=\"https:\/\/afc.cat\/wp-content\/uploads\/2025\/03\/31_Gabriel_Bertran-Niculau_77_simetra-320x202.jpg 320w, https:\/\/afc.cat\/wp-content\/uploads\/2025\/03\/31_Gabriel_Bertran-Niculau_77_simetra-700x441.jpg 700w\" sizes=\"(max-width: 320px) 100vw, 320px\" \/><\/a><\/div><\/div><div style=\"padding:5px;\" class=\"fusion-grid-column fusion-gallery-column fusion-gallery-column-6 hover-type-zoomin\"><div class=\"fusion-gallery-image\"><a href=\"https:\/\/afc.cat\/wp-content\/uploads\/2025\/03\/32_Antoni_Conesa-Domenech_76_Simetria-vertical-al-Palau-Desvalls-Laberint-Horta.jpg\" data-title=\"32_Antoni_Conesa Dom\u00e8nech_76_Simetria vertical al Palau Desvalls-Laberint Horta\" title=\"32_Antoni_Conesa Dom\u00e8nech_76_Simetria vertical al Palau Desvalls-Laberint Horta\" rel=\"noreferrer\" data-rel=\"iLightbox[gallery_image_2]\" class=\"fusion-lightbox\" target=\"_self\"><img decoding=\"async\" src=\"https:\/\/afc.cat\/wp-content\/uploads\/2025\/03\/32_Antoni_Conesa-Domenech_76_Simetria-vertical-al-Palau-Desvalls-Laberint-Horta-320x202.jpg\" width=\"320\" height=\"202\" alt=\"\" title=\"32_Antoni_Conesa Dom\u00e8nech_76_Simetria vertical al Palau Desvalls-Laberint Horta\" aria-label=\"32_Antoni_Conesa Dom\u00e8nech_76_Simetria vertical al Palau Desvalls-Laberint Horta\" class=\"img-responsive wp-image-42273 fusion-gallery-image-size-fixed\" \/><\/a><\/div><\/div><div style=\"padding:5px;\" class=\"fusion-grid-column fusion-gallery-column fusion-gallery-column-6 hover-type-zoomin\"><div class=\"fusion-gallery-image\"><a href=\"https:\/\/afc.cat\/wp-content\/uploads\/2025\/03\/33_Francesca_Portoles-Braso_70_HOLA.jpg\" data-title=\"33_Francesca_Portol\u00e9s Bras\u00f3_70_HOLA\" title=\"33_Francesca_Portol\u00e9s Bras\u00f3_70_HOLA\" rel=\"noreferrer\" data-rel=\"iLightbox[gallery_image_2]\" class=\"fusion-lightbox\" target=\"_self\"><img decoding=\"async\" src=\"https:\/\/afc.cat\/wp-content\/uploads\/2025\/03\/33_Francesca_Portoles-Braso_70_HOLA-320x202.jpg\" width=\"320\" height=\"202\" alt=\"\" title=\"33_Francesca_Portol\u00e9s Bras\u00f3_70_HOLA\" aria-label=\"33_Francesca_Portol\u00e9s Bras\u00f3_70_HOLA\" class=\"img-responsive wp-image-42275 fusion-gallery-image-size-fixed\" srcset=\"https:\/\/afc.cat\/wp-content\/uploads\/2025\/03\/33_Francesca_Portoles-Braso_70_HOLA-320x202.jpg 320w, https:\/\/afc.cat\/wp-content\/uploads\/2025\/03\/33_Francesca_Portoles-Braso_70_HOLA-700x441.jpg 700w\" sizes=\"(max-width: 320px) 100vw, 320px\" \/><\/a><\/div><\/div><div style=\"padding:5px;\" class=\"fusion-grid-column fusion-gallery-column fusion-gallery-column-6 hover-type-zoomin\"><div class=\"fusion-gallery-image\"><a href=\"https:\/\/afc.cat\/wp-content\/uploads\/2025\/03\/34_ignacio_cuneo-liuboschitiz_67_Marzo-Simetria.jpg\" data-title=\"34_ignacio_cuneo liuboschitiz_67_Marzo-Simetria\" title=\"34_ignacio_cuneo liuboschitiz_67_Marzo-Simetria\" rel=\"noreferrer\" data-rel=\"iLightbox[gallery_image_2]\" class=\"fusion-lightbox\" target=\"_self\"><img decoding=\"async\" src=\"https:\/\/afc.cat\/wp-content\/uploads\/2025\/03\/34_ignacio_cuneo-liuboschitiz_67_Marzo-Simetria-320x202.jpg\" width=\"320\" height=\"202\" alt=\"\" title=\"34_ignacio_cuneo liuboschitiz_67_Marzo-Simetria\" aria-label=\"34_ignacio_cuneo liuboschitiz_67_Marzo-Simetria\" class=\"img-responsive wp-image-42277 fusion-gallery-image-size-fixed\" srcset=\"https:\/\/afc.cat\/wp-content\/uploads\/2025\/03\/34_ignacio_cuneo-liuboschitiz_67_Marzo-Simetria-320x202.jpg 320w, https:\/\/afc.cat\/wp-content\/uploads\/2025\/03\/34_ignacio_cuneo-liuboschitiz_67_Marzo-Simetria-700x441.jpg 700w\" sizes=\"(max-width: 320px) 100vw, 320px\" \/><\/a><\/div><\/div><div style=\"padding:5px;\" class=\"fusion-grid-column fusion-gallery-column fusion-gallery-column-6 hover-type-zoomin\"><div class=\"fusion-gallery-image\"><a href=\"https:\/\/afc.cat\/wp-content\/uploads\/2025\/03\/35_PERE_GRAUPERA-LANGA_61_Esperand.jpg\" data-title=\"35_PERE_GRAUPERA LANGA_61_Esperand.\" title=\"35_PERE_GRAUPERA LANGA_61_Esperand.\" rel=\"noreferrer\" data-rel=\"iLightbox[gallery_image_2]\" class=\"fusion-lightbox\" target=\"_self\"><img decoding=\"async\" src=\"https:\/\/afc.cat\/wp-content\/uploads\/2025\/03\/35_PERE_GRAUPERA-LANGA_61_Esperand-320x202.jpg\" width=\"320\" height=\"202\" alt=\"\" title=\"35_PERE_GRAUPERA LANGA_61_Esperand.\" aria-label=\"35_PERE_GRAUPERA LANGA_61_Esperand.\" class=\"img-responsive wp-image-42279 fusion-gallery-image-size-fixed\" srcset=\"https:\/\/afc.cat\/wp-content\/uploads\/2025\/03\/35_PERE_GRAUPERA-LANGA_61_Esperand-320x202.jpg 320w, https:\/\/afc.cat\/wp-content\/uploads\/2025\/03\/35_PERE_GRAUPERA-LANGA_61_Esperand-700x441.jpg 700w\" sizes=\"(max-width: 320px) 100vw, 320px\" \/><\/a><\/div><\/div><div style=\"padding:5px;\" class=\"fusion-grid-column fusion-gallery-column fusion-gallery-column-6 hover-type-zoomin\"><div class=\"fusion-gallery-image\"><a href=\"https:\/\/afc.cat\/wp-content\/uploads\/2025\/03\/36_Sara_Assens-Mampel_58_simetries-de-llums.jpg\" data-title=\"36_Sara_Assens Mampel_58_simetries de llums\" title=\"36_Sara_Assens Mampel_58_simetries de llums\" rel=\"noreferrer\" data-rel=\"iLightbox[gallery_image_2]\" class=\"fusion-lightbox\" target=\"_self\"><img decoding=\"async\" src=\"https:\/\/afc.cat\/wp-content\/uploads\/2025\/03\/36_Sara_Assens-Mampel_58_simetries-de-llums-320x202.jpg\" width=\"320\" height=\"202\" alt=\"\" title=\"36_Sara_Assens Mampel_58_simetries de llums\" aria-label=\"36_Sara_Assens Mampel_58_simetries de llums\" class=\"img-responsive wp-image-42281 fusion-gallery-image-size-fixed\" srcset=\"https:\/\/afc.cat\/wp-content\/uploads\/2025\/03\/36_Sara_Assens-Mampel_58_simetries-de-llums-320x202.jpg 320w, https:\/\/afc.cat\/wp-content\/uploads\/2025\/03\/36_Sara_Assens-Mampel_58_simetries-de-llums-700x441.jpg 700w\" sizes=\"(max-width: 320px) 100vw, 320px\" \/><\/a><\/div><\/div><div class=\"clearfix\"><\/div><div style=\"padding:5px;\" class=\"fusion-grid-column fusion-gallery-column fusion-gallery-column-6 hover-type-zoomin\"><div class=\"fusion-gallery-image\"><a href=\"https:\/\/afc.cat\/wp-content\/uploads\/2025\/03\/37_Josep_Soler-Vendrell_40_DOS-AVENTURES.jpg\" data-title=\"37_Josep_Soler Vendrell_40_DOS AVENTURES\" title=\"37_Josep_Soler Vendrell_40_DOS AVENTURES\" rel=\"noreferrer\" data-rel=\"iLightbox[gallery_image_2]\" class=\"fusion-lightbox\" target=\"_self\"><img decoding=\"async\" src=\"https:\/\/afc.cat\/wp-content\/uploads\/2025\/03\/37_Josep_Soler-Vendrell_40_DOS-AVENTURES-320x202.jpg\" width=\"320\" height=\"202\" alt=\"\" title=\"37_Josep_Soler Vendrell_40_DOS AVENTURES\" aria-label=\"37_Josep_Soler Vendrell_40_DOS AVENTURES\" class=\"img-responsive wp-image-42283 fusion-gallery-image-size-fixed\" srcset=\"https:\/\/afc.cat\/wp-content\/uploads\/2025\/03\/37_Josep_Soler-Vendrell_40_DOS-AVENTURES-320x202.jpg 320w, https:\/\/afc.cat\/wp-content\/uploads\/2025\/03\/37_Josep_Soler-Vendrell_40_DOS-AVENTURES-700x441.jpg 700w\" sizes=\"(max-width: 320px) 100vw, 320px\" \/><\/a><\/div><\/div><\/div><div class=\"fusion-separator fusion-full-width-sep\" style=\"align-self: center;margin-left: auto;margin-right: auto;margin-top:20px;margin-bottom:20px;width:100%;\"><div class=\"fusion-separator-border sep-single sep-solid\" style=\"border-color:#3ec0bf;border-top-width:1px;\"><\/div><\/div><div style=\"text-align:center;\"><style>.fusion-button.button-1{border-radius:4px 4px 4px 4px;}<\/style><a class=\"fusion-button button-flat fusion-button-default-size button-default button-1 fusion-button-default-span fusion-button-default-type\" target=\"_self\" href=\"https:\/\/afc.cat\/es\/galerias\/\"><span class=\"fusion-button-text\">Vuelve a GALER\u00cdAS<\/span><\/a><\/div><\/div><style type=\"text\/css\">.fusion-body .fusion-builder-column-0{width:100% !important;margin-top : 0px;margin-bottom : 20px;}.fusion-builder-column-0 > .fusion-column-wrapper {padding-top : 0px !important;padding-right : 0px !important;margin-right : 1.92%;padding-bottom : 0px !important;padding-left : 0px !important;margin-left : 1.92%;}@media only screen and (max-width:1024px) {.fusion-body .fusion-builder-column-0{width:100% !important;order : 0;}.fusion-builder-column-0 > .fusion-column-wrapper {margin-right : 1.92%;margin-left : 1.92%;}}@media only screen and (max-width:640px) {.fusion-body .fusion-builder-column-0{width:100% !important;order : 0;}.fusion-builder-column-0 > .fusion-column-wrapper {margin-right : 1.92%;margin-left : 1.92%;}}<\/style><\/div><\/div><style type=\"text\/css\">.fusion-body .fusion-flex-container.fusion-builder-row-1{ padding-top : 0px;margin-top : 0px;padding-right : 0px;padding-bottom : 0px;margin-bottom : 0px;padding-left : 0px;}<\/style><\/div>\n","protected":false},"excerpt":{"rendered":"","protected":false},"author":33,"featured_media":42374,"menu_order":0,"comment_status":"open","ping_status":"closed","template":"","format":"standard","meta":{"_acf_changed":false,"footnotes":""},"portfolio_category":[158],"portfolio_skills":[],"portfolio_tags":[],"class_list":["post-42367","avada_portfolio","type-avada_portfolio","status-publish","format-standard","has-post-thumbnail","hentry","portfolio_category-concursos-es"],"acf":[],"yoast_head":"<!-- This site is optimized with the Yoast SEO plugin v27.5 - https:\/\/yoast.com\/product\/yoast-seo-wordpress\/ -->\n<title>Clasificaci\u00f3n concurso Temes Obligats 2024-2025 MARZO 25 - Agrupaci\u00f3 Fotogr\u00e0fica de Catalunya<\/title>\n<meta name=\"robots\" content=\"index, follow, max-snippet:-1, max-image-preview:large, max-video-preview:-1\" \/>\n<link rel=\"canonical\" href=\"https:\/\/afc.cat\/es\/galeria\/clasificacion-concurso-temes-obligats-2024-2025-marzo-25\/\" \/>\n<meta property=\"og:locale\" content=\"es_ES\" \/>\n<meta property=\"og:type\" content=\"article\" \/>\n<meta property=\"og:title\" content=\"Clasificaci\u00f3n concurso Temes Obligats 2024-2025 MARZO 25 - Agrupaci\u00f3 Fotogr\u00e0fica de Catalunya\" \/>\n<meta property=\"og:url\" content=\"https:\/\/afc.cat\/es\/galeria\/clasificacion-concurso-temes-obligats-2024-2025-marzo-25\/\" \/>\n<meta property=\"og:site_name\" content=\"Agrupaci\u00f3 Fotogr\u00e0fica de Catalunya\" \/>\n<meta property=\"article:modified_time\" content=\"2025-03-28T19:49:28+00:00\" \/>\n<meta property=\"og:image\" content=\"https:\/\/afc.cat\/wp-content\/uploads\/2025\/03\/TO-02-25-marzo-25-esp.jpg\" \/>\n\t<meta property=\"og:image:width\" content=\"400\" \/>\n\t<meta property=\"og:image:height\" content=\"267\" \/>\n\t<meta property=\"og:image:type\" content=\"image\/jpeg\" \/>\n<meta name=\"twitter:card\" content=\"summary_large_image\" \/>\n<meta name=\"twitter:label1\" content=\"Tiempo de lectura\" \/>\n\t<meta name=\"twitter:data1\" content=\"7 minutos\" \/>\n<script type=\"application\/ld+json\" class=\"yoast-schema-graph\">{\"@context\":\"https:\\\/\\\/schema.org\",\"@graph\":[{\"@type\":\"WebPage\",\"@id\":\"https:\\\/\\\/afc.cat\\\/es\\\/galeria\\\/clasificacion-concurso-temes-obligats-2024-2025-marzo-25\\\/\",\"url\":\"https:\\\/\\\/afc.cat\\\/es\\\/galeria\\\/clasificacion-concurso-temes-obligats-2024-2025-marzo-25\\\/\",\"name\":\"Clasificaci\u00f3n concurso Temes Obligats 2024-2025 MARZO 25 - Agrupaci\u00f3 Fotogr\u00e0fica de Catalunya\",\"isPartOf\":{\"@id\":\"https:\\\/\\\/afc.cat\\\/es\\\/#website\"},\"primaryImageOfPage\":{\"@id\":\"https:\\\/\\\/afc.cat\\\/es\\\/galeria\\\/clasificacion-concurso-temes-obligats-2024-2025-marzo-25\\\/#primaryimage\"},\"image\":{\"@id\":\"https:\\\/\\\/afc.cat\\\/es\\\/galeria\\\/clasificacion-concurso-temes-obligats-2024-2025-marzo-25\\\/#primaryimage\"},\"thumbnailUrl\":\"https:\\\/\\\/afc.cat\\\/wp-content\\\/uploads\\\/2025\\\/03\\\/TO-02-25-marzo-25-esp.jpg\",\"datePublished\":\"2025-03-28T17:06:25+00:00\",\"dateModified\":\"2025-03-28T19:49:28+00:00\",\"breadcrumb\":{\"@id\":\"https:\\\/\\\/afc.cat\\\/es\\\/galeria\\\/clasificacion-concurso-temes-obligats-2024-2025-marzo-25\\\/#breadcrumb\"},\"inLanguage\":\"es\",\"potentialAction\":[{\"@type\":\"ReadAction\",\"target\":[\"https:\\\/\\\/afc.cat\\\/es\\\/galeria\\\/clasificacion-concurso-temes-obligats-2024-2025-marzo-25\\\/\"]}]},{\"@type\":\"ImageObject\",\"inLanguage\":\"es\",\"@id\":\"https:\\\/\\\/afc.cat\\\/es\\\/galeria\\\/clasificacion-concurso-temes-obligats-2024-2025-marzo-25\\\/#primaryimage\",\"url\":\"https:\\\/\\\/afc.cat\\\/wp-content\\\/uploads\\\/2025\\\/03\\\/TO-02-25-marzo-25-esp.jpg\",\"contentUrl\":\"https:\\\/\\\/afc.cat\\\/wp-content\\\/uploads\\\/2025\\\/03\\\/TO-02-25-marzo-25-esp.jpg\",\"width\":400,\"height\":267},{\"@type\":\"BreadcrumbList\",\"@id\":\"https:\\\/\\\/afc.cat\\\/es\\\/galeria\\\/clasificacion-concurso-temes-obligats-2024-2025-marzo-25\\\/#breadcrumb\",\"itemListElement\":[{\"@type\":\"ListItem\",\"position\":1,\"name\":\"Inicio\",\"item\":\"https:\\\/\\\/afc.cat\\\/es\\\/\"},{\"@type\":\"ListItem\",\"position\":2,\"name\":\"Portfolio\",\"item\":\"https:\\\/\\\/afc.cat\\\/galeria\\\/\"},{\"@type\":\"ListItem\",\"position\":3,\"name\":\"Clasificaci\u00f3n concurso Temes Obligats 2024-2025 MARZO 25\"}]},{\"@type\":\"WebSite\",\"@id\":\"https:\\\/\\\/afc.cat\\\/es\\\/#website\",\"url\":\"https:\\\/\\\/afc.cat\\\/es\\\/\",\"name\":\"Agrupaci\u00f3 Fotogr\u00e0fica de Catalunya\",\"description\":\"Fomento y divulgaci\u00f3n de la fotograf\u00eda en todas sus variedades\",\"potentialAction\":[{\"@type\":\"SearchAction\",\"target\":{\"@type\":\"EntryPoint\",\"urlTemplate\":\"https:\\\/\\\/afc.cat\\\/es\\\/?s={search_term_string}\"},\"query-input\":{\"@type\":\"PropertyValueSpecification\",\"valueRequired\":true,\"valueName\":\"search_term_string\"}}],\"inLanguage\":\"es\"}]}<\/script>\n<!-- \/ Yoast SEO plugin. -->","yoast_head_json":{"title":"Clasificaci\u00f3n concurso Temes Obligats 2024-2025 MARZO 25 - Agrupaci\u00f3 Fotogr\u00e0fica de Catalunya","robots":{"index":"index","follow":"follow","max-snippet":"max-snippet:-1","max-image-preview":"max-image-preview:large","max-video-preview":"max-video-preview:-1"},"canonical":"https:\/\/afc.cat\/es\/galeria\/clasificacion-concurso-temes-obligats-2024-2025-marzo-25\/","og_locale":"es_ES","og_type":"article","og_title":"Clasificaci\u00f3n concurso Temes Obligats 2024-2025 MARZO 25 - Agrupaci\u00f3 Fotogr\u00e0fica de Catalunya","og_url":"https:\/\/afc.cat\/es\/galeria\/clasificacion-concurso-temes-obligats-2024-2025-marzo-25\/","og_site_name":"Agrupaci\u00f3 Fotogr\u00e0fica de Catalunya","article_modified_time":"2025-03-28T19:49:28+00:00","og_image":[{"width":400,"height":267,"url":"https:\/\/afc.cat\/wp-content\/uploads\/2025\/03\/TO-02-25-marzo-25-esp.jpg","type":"image\/jpeg"}],"twitter_card":"summary_large_image","twitter_misc":{"Tiempo de lectura":"7 minutos"},"schema":{"@context":"https:\/\/schema.org","@graph":[{"@type":"WebPage","@id":"https:\/\/afc.cat\/es\/galeria\/clasificacion-concurso-temes-obligats-2024-2025-marzo-25\/","url":"https:\/\/afc.cat\/es\/galeria\/clasificacion-concurso-temes-obligats-2024-2025-marzo-25\/","name":"Clasificaci\u00f3n concurso Temes Obligats 2024-2025 MARZO 25 - Agrupaci\u00f3 Fotogr\u00e0fica de Catalunya","isPartOf":{"@id":"https:\/\/afc.cat\/es\/#website"},"primaryImageOfPage":{"@id":"https:\/\/afc.cat\/es\/galeria\/clasificacion-concurso-temes-obligats-2024-2025-marzo-25\/#primaryimage"},"image":{"@id":"https:\/\/afc.cat\/es\/galeria\/clasificacion-concurso-temes-obligats-2024-2025-marzo-25\/#primaryimage"},"thumbnailUrl":"https:\/\/afc.cat\/wp-content\/uploads\/2025\/03\/TO-02-25-marzo-25-esp.jpg","datePublished":"2025-03-28T17:06:25+00:00","dateModified":"2025-03-28T19:49:28+00:00","breadcrumb":{"@id":"https:\/\/afc.cat\/es\/galeria\/clasificacion-concurso-temes-obligats-2024-2025-marzo-25\/#breadcrumb"},"inLanguage":"es","potentialAction":[{"@type":"ReadAction","target":["https:\/\/afc.cat\/es\/galeria\/clasificacion-concurso-temes-obligats-2024-2025-marzo-25\/"]}]},{"@type":"ImageObject","inLanguage":"es","@id":"https:\/\/afc.cat\/es\/galeria\/clasificacion-concurso-temes-obligats-2024-2025-marzo-25\/#primaryimage","url":"https:\/\/afc.cat\/wp-content\/uploads\/2025\/03\/TO-02-25-marzo-25-esp.jpg","contentUrl":"https:\/\/afc.cat\/wp-content\/uploads\/2025\/03\/TO-02-25-marzo-25-esp.jpg","width":400,"height":267},{"@type":"BreadcrumbList","@id":"https:\/\/afc.cat\/es\/galeria\/clasificacion-concurso-temes-obligats-2024-2025-marzo-25\/#breadcrumb","itemListElement":[{"@type":"ListItem","position":1,"name":"Inicio","item":"https:\/\/afc.cat\/es\/"},{"@type":"ListItem","position":2,"name":"Portfolio","item":"https:\/\/afc.cat\/galeria\/"},{"@type":"ListItem","position":3,"name":"Clasificaci\u00f3n concurso Temes Obligats 2024-2025 MARZO 25"}]},{"@type":"WebSite","@id":"https:\/\/afc.cat\/es\/#website","url":"https:\/\/afc.cat\/es\/","name":"Agrupaci\u00f3 Fotogr\u00e0fica de Catalunya","description":"Fomento y divulgaci\u00f3n de la fotograf\u00eda en todas sus variedades","potentialAction":[{"@type":"SearchAction","target":{"@type":"EntryPoint","urlTemplate":"https:\/\/afc.cat\/es\/?s={search_term_string}"},"query-input":{"@type":"PropertyValueSpecification","valueRequired":true,"valueName":"search_term_string"}}],"inLanguage":"es"}]}},"_links":{"self":[{"href":"https:\/\/afc.cat\/es\/wp-json\/wp\/v2\/avada_portfolio\/42367","targetHints":{"allow":["GET"]}}],"collection":[{"href":"https:\/\/afc.cat\/es\/wp-json\/wp\/v2\/avada_portfolio"}],"about":[{"href":"https:\/\/afc.cat\/es\/wp-json\/wp\/v2\/types\/avada_portfolio"}],"author":[{"embeddable":true,"href":"https:\/\/afc.cat\/es\/wp-json\/wp\/v2\/users\/33"}],"replies":[{"embeddable":true,"href":"https:\/\/afc.cat\/es\/wp-json\/wp\/v2\/comments?post=42367"}],"version-history":[{"count":3,"href":"https:\/\/afc.cat\/es\/wp-json\/wp\/v2\/avada_portfolio\/42367\/revisions"}],"predecessor-version":[{"id":42373,"href":"https:\/\/afc.cat\/es\/wp-json\/wp\/v2\/avada_portfolio\/42367\/revisions\/42373"}],"wp:featuredmedia":[{"embeddable":true,"href":"https:\/\/afc.cat\/es\/wp-json\/wp\/v2\/media\/42374"}],"wp:attachment":[{"href":"https:\/\/afc.cat\/es\/wp-json\/wp\/v2\/media?parent=42367"}],"wp:term":[{"taxonomy":"portfolio_category","embeddable":true,"href":"https:\/\/afc.cat\/es\/wp-json\/wp\/v2\/portfolio_category?post=42367"},{"taxonomy":"portfolio_skills","embeddable":true,"href":"https:\/\/afc.cat\/es\/wp-json\/wp\/v2\/portfolio_skills?post=42367"},{"taxonomy":"portfolio_tags","embeddable":true,"href":"https:\/\/afc.cat\/es\/wp-json\/wp\/v2\/portfolio_tags?post=42367"}],"curies":[{"name":"wp","href":"https:\/\/api.w.org\/{rel}","templated":true}]}}