{"id":42937,"date":"2025-04-25T23:41:25","date_gmt":"2025-04-25T21:41:25","guid":{"rendered":"https:\/\/afc.cat\/?post_type=avada_portfolio&#038;p=42937"},"modified":"2025-04-27T20:48:12","modified_gmt":"2025-04-27T18:48:12","slug":"clasificacion-concurso-temes-obligats-2024-2025-abril-25-2","status":"publish","type":"avada_portfolio","link":"https:\/\/afc.cat\/es\/galeria\/clasificacion-concurso-temes-obligats-2024-2025-abril-25-2\/","title":{"rendered":"Clasificaci\u00f3n concurso Temes Obligats 2024-2025 ABRIL 25"},"content":{"rendered":"<div class=\"fusion-fullwidth fullwidth-box fusion-builder-row-1 fusion-flex-container nonhundred-percent-fullwidth non-hundred-percent-height-scrolling\" style=\"background-color: rgba(255,255,255,0);background-position: center center;background-repeat: no-repeat;border-width: 0px 0px 0px 0px;border-color:#ffffff;border-style:solid;\" ><div class=\"fusion-builder-row fusion-row fusion-flex-align-items-flex-start\" style=\"max-width:1300px;margin-left: calc(-4% \/ 2 );margin-right: calc(-4% \/ 2 );\"><div class=\"fusion-layout-column fusion_builder_column fusion-builder-column-0 fusion_builder_column_1_1 1_1 fusion-flex-column\"><div class=\"fusion-column-wrapper fusion-flex-justify-content-flex-start fusion-content-layout-column\" style=\"background-position:left top;background-repeat:no-repeat;-webkit-background-size:cover;-moz-background-size:cover;-o-background-size:cover;background-size:cover;padding: 0px 0px 0px 0px;\"><div class=\"fusion-text fusion-text-1\"><h2 style=\"text-align: center;\">Tema Obligat ABRIL 2025<\/h2>\n<h3 style=\"text-align: center;\">Geometr\u00eda urbana<\/h3>\n<\/div><div class=\"fusion-text fusion-text-2\"><h2>Concurso de fotografia Temes Obligats 2024-2025<\/h2>\n<p>El pasado mi\u00e9rcoles 23 de abril se procedi\u00f3 a la valoraci\u00f3n del jurado de las fotograf\u00edas de los socios y socias que participaron en el concurso social de la Agrupaci\u00f3n \u00a0\u00abTemas obligados\u00bb.<\/p>\n<p>Como ya sab\u00e9is, el tema va cambiando cada mes y el tema de este mes de marzo de 2025 ha sido: \u201c<strong>Geometr\u00eda urbana<\/strong>\u201c.<\/p>\n<p><strong>GANADORES DEL MES DE ABRIL 2025<\/strong><\/p>\n<p><strong>Categor\u00eda Color<\/strong><br \/>\n1 \u2013 Gloria Tatx\u00e9 Salas\u00a0 \u2013 111 punts<br \/>\n2 \u2013 Joan Ru\u00e9 Domingo -109 punts<br \/>\n3 \u2013 Santiago Garc\u00eda Cuadrado \u2013 108 punts<\/p>\n<p><strong>Categor\u00eda Monocromo<\/strong><br \/>\n1 \u2013 Josep Maria Bonjoch Trilla \u2013 109 punts<br \/>\n2 \u2013 M\u00e0xim Poncela Adot\u00a0 -108 punts<br \/>\n3 \u2013 Llu\u00eds Porcel Gim\u00e9nez \u2013 107 punts<\/p>\n<p><strong>Jurado<\/strong><br \/>\nManuel Atxa<br \/>\nAlbert Adroer<br \/>\nManel Matar\u00f3<\/p>\n<p>Continuamos animando a los socios y socias a participar, siempre es una buena excusa para hacer aquello que m\u00e1s nos gusta, coger la c\u00e1mara y hacer \u00abclic\u00bb.<\/p>\n<p><strong><br \/>\nVocalia Concursos<\/strong><\/p>\n<\/div><div class=\"fusion-separator fusion-full-width-sep\" style=\"align-self: center;margin-left: auto;margin-right: auto;margin-bottom:20px;width:100%;\"><div class=\"fusion-separator-border sep-single sep-solid\" style=\"border-color:#3ec0bf;border-top-width:1px;\"><\/div><\/div><div class=\"fusion-text fusion-text-3\"><p style=\"text-align: center;\"><strong>PUNTUACI\u00d3N MONOCROMO<\/strong><\/p>\n<\/div><div style=\"text-align:center;\"><style>.fusion-imageframe.imageframe-1{ margin-bottom : 5%;}<\/style><span class=\" fusion-imageframe imageframe-none imageframe-1 hover-type-zoomin\"><img decoding=\"async\" width=\"785\" height=\"999\" title=\"TO ABRIL 25 MONOCROM\" src=\"https:\/\/afc.cat\/wp-content\/uploads\/2025\/04\/TO-ABRIL-25-MONOCROM-e1745615914329.jpg\" alt class=\"img-responsive wp-image-42931\"\/><\/span><\/div><div class=\"fusion-text fusion-text-4\"><p style=\"text-align: center;\"><strong>Clasificaci\u00f3n monocromo<\/strong><\/p>\n<\/div><style type=\"text\/css\">.fusion-gallery-1 .fusion-gallery-image {border:0px solid #e2e2e2;}<\/style><div class=\"fusion-gallery fusion-gallery-container fusion-grid-6 fusion-columns-total-38 fusion-gallery-layout-grid fusion-gallery-1\" style=\"margin:-5px;\"><div style=\"padding:5px;\" class=\"fusion-grid-column fusion-gallery-column fusion-gallery-column-6 hover-type-zoomin\"><div class=\"fusion-gallery-image\"><a href=\"https:\/\/afc.cat\/wp-content\/uploads\/2025\/04\/1-Josep-Maria-Bonjoch-Trilla-109-Memorial-Nova-York.jpg\" data-title=\"1-Josep Maria Bonjoch Trilla-109-Memorial Nova York\" title=\"1-Josep Maria Bonjoch Trilla-109-Memorial Nova York\" rel=\"noreferrer\" data-rel=\"iLightbox[gallery_image_1]\" class=\"fusion-lightbox\" target=\"_self\"><img decoding=\"async\" src=\"https:\/\/afc.cat\/wp-content\/uploads\/2025\/04\/1-Josep-Maria-Bonjoch-Trilla-109-Memorial-Nova-York-320x202.jpg\" width=\"320\" height=\"202\" alt=\"\" title=\"1-Josep Maria Bonjoch Trilla-109-Memorial Nova York\" aria-label=\"1-Josep Maria Bonjoch Trilla-109-Memorial Nova York\" class=\"img-responsive wp-image-42853 fusion-gallery-image-size-fixed\" srcset=\"https:\/\/afc.cat\/wp-content\/uploads\/2025\/04\/1-Josep-Maria-Bonjoch-Trilla-109-Memorial-Nova-York-320x202.jpg 320w, https:\/\/afc.cat\/wp-content\/uploads\/2025\/04\/1-Josep-Maria-Bonjoch-Trilla-109-Memorial-Nova-York-700x441.jpg 700w\" sizes=\"(max-width: 320px) 100vw, 320px\" \/><\/a><\/div><\/div><div style=\"padding:5px;\" class=\"fusion-grid-column fusion-gallery-column fusion-gallery-column-6 hover-type-zoomin\"><div class=\"fusion-gallery-image\"><a href=\"https:\/\/afc.cat\/wp-content\/uploads\/2025\/04\/2-Maxim-Poncela-Adot-108-Prismes-contra-el-cel.jpg\" data-title=\"2-M\u00e0xim Poncela Adot-108-Prismes contra el cel\" title=\"2-M\u00e0xim Poncela Adot-108-Prismes contra el cel\" rel=\"noreferrer\" data-rel=\"iLightbox[gallery_image_1]\" class=\"fusion-lightbox\" target=\"_self\"><img decoding=\"async\" src=\"https:\/\/afc.cat\/wp-content\/uploads\/2025\/04\/2-Maxim-Poncela-Adot-108-Prismes-contra-el-cel-320x202.jpg\" width=\"320\" height=\"202\" alt=\"\" title=\"2-M\u00e0xim Poncela Adot-108-Prismes contra el cel\" aria-label=\"2-M\u00e0xim Poncela Adot-108-Prismes contra el cel\" class=\"img-responsive wp-image-42855 fusion-gallery-image-size-fixed\" \/><\/a><\/div><\/div><div style=\"padding:5px;\" class=\"fusion-grid-column fusion-gallery-column fusion-gallery-column-6 hover-type-zoomin\"><div class=\"fusion-gallery-image\"><a href=\"https:\/\/afc.cat\/wp-content\/uploads\/2025\/04\/3-Lluis-Porcel-Gimenez-107-IMGP3567-Editar.jpg\" data-title=\"3-Llu\u00eds Porcel Gim\u00e9nez-107-IMGP3567-Editar\" title=\"3-Llu\u00eds Porcel Gim\u00e9nez-107-IMGP3567-Editar\" rel=\"noreferrer\" data-rel=\"iLightbox[gallery_image_1]\" class=\"fusion-lightbox\" target=\"_self\"><img decoding=\"async\" src=\"https:\/\/afc.cat\/wp-content\/uploads\/2025\/04\/3-Lluis-Porcel-Gimenez-107-IMGP3567-Editar-320x202.jpg\" width=\"320\" height=\"202\" alt=\"\" title=\"3-Llu\u00eds Porcel Gim\u00e9nez-107-IMGP3567-Editar\" aria-label=\"3-Llu\u00eds Porcel Gim\u00e9nez-107-IMGP3567-Editar\" class=\"img-responsive wp-image-42857 fusion-gallery-image-size-fixed\" srcset=\"https:\/\/afc.cat\/wp-content\/uploads\/2025\/04\/3-Lluis-Porcel-Gimenez-107-IMGP3567-Editar-320x202.jpg 320w, https:\/\/afc.cat\/wp-content\/uploads\/2025\/04\/3-Lluis-Porcel-Gimenez-107-IMGP3567-Editar-700x441.jpg 700w\" sizes=\"(max-width: 320px) 100vw, 320px\" \/><\/a><\/div><\/div><div style=\"padding:5px;\" class=\"fusion-grid-column fusion-gallery-column fusion-gallery-column-6 hover-type-zoomin\"><div class=\"fusion-gallery-image\"><a href=\"https:\/\/afc.cat\/wp-content\/uploads\/2025\/04\/4-Francesca-Portoles-Braso-105-Evolucio.jpg\" data-title=\"4-Francesca Portol\u00e9s Bras\u00f3-105-Evoluci\u00f3\" title=\"4-Francesca Portol\u00e9s Bras\u00f3-105-Evoluci\u00f3\" rel=\"noreferrer\" data-rel=\"iLightbox[gallery_image_1]\" class=\"fusion-lightbox\" target=\"_self\"><img decoding=\"async\" src=\"https:\/\/afc.cat\/wp-content\/uploads\/2025\/04\/4-Francesca-Portoles-Braso-105-Evolucio-320x202.jpg\" width=\"320\" height=\"202\" alt=\"\" title=\"4-Francesca Portol\u00e9s Bras\u00f3-105-Evoluci\u00f3\" aria-label=\"4-Francesca Portol\u00e9s Bras\u00f3-105-Evoluci\u00f3\" class=\"img-responsive wp-image-42859 fusion-gallery-image-size-fixed\" srcset=\"https:\/\/afc.cat\/wp-content\/uploads\/2025\/04\/4-Francesca-Portoles-Braso-105-Evolucio-320x202.jpg 320w, https:\/\/afc.cat\/wp-content\/uploads\/2025\/04\/4-Francesca-Portoles-Braso-105-Evolucio-700x441.jpg 700w\" sizes=\"(max-width: 320px) 100vw, 320px\" \/><\/a><\/div><\/div><div style=\"padding:5px;\" class=\"fusion-grid-column fusion-gallery-column fusion-gallery-column-6 hover-type-zoomin\"><div class=\"fusion-gallery-image\"><a href=\"https:\/\/afc.cat\/wp-content\/uploads\/2025\/04\/5-Joan-Rue-Domingo-104-Selfie-amb-la-rosa-del-desert.jpg\" data-title=\"5-Joan Ru\u00e9 Domingo-104-Selfie amb la rosa del desert\" title=\"5-Joan Ru\u00e9 Domingo-104-Selfie amb la rosa del desert\" rel=\"noreferrer\" data-rel=\"iLightbox[gallery_image_1]\" class=\"fusion-lightbox\" target=\"_self\"><img decoding=\"async\" src=\"https:\/\/afc.cat\/wp-content\/uploads\/2025\/04\/5-Joan-Rue-Domingo-104-Selfie-amb-la-rosa-del-desert-320x202.jpg\" width=\"320\" height=\"202\" alt=\"\" title=\"5-Joan Ru\u00e9 Domingo-104-Selfie amb la rosa del desert\" aria-label=\"5-Joan Ru\u00e9 Domingo-104-Selfie amb la rosa del desert\" class=\"img-responsive wp-image-42861 fusion-gallery-image-size-fixed\" srcset=\"https:\/\/afc.cat\/wp-content\/uploads\/2025\/04\/5-Joan-Rue-Domingo-104-Selfie-amb-la-rosa-del-desert-320x202.jpg 320w, https:\/\/afc.cat\/wp-content\/uploads\/2025\/04\/5-Joan-Rue-Domingo-104-Selfie-amb-la-rosa-del-desert-700x441.jpg 700w\" sizes=\"(max-width: 320px) 100vw, 320px\" \/><\/a><\/div><\/div><div style=\"padding:5px;\" class=\"fusion-grid-column fusion-gallery-column fusion-gallery-column-6 hover-type-zoomin\"><div class=\"fusion-gallery-image\"><a href=\"https:\/\/afc.cat\/wp-content\/uploads\/2025\/04\/6-Diego-Pastor-Sanchez-103-Escac-i-mat.jpg\" data-title=\"6-Diego Pastor S\u00e1nchez-103-Escac i mat\" title=\"6-Diego Pastor S\u00e1nchez-103-Escac i mat\" rel=\"noreferrer\" data-rel=\"iLightbox[gallery_image_1]\" class=\"fusion-lightbox\" target=\"_self\"><img decoding=\"async\" src=\"https:\/\/afc.cat\/wp-content\/uploads\/2025\/04\/6-Diego-Pastor-Sanchez-103-Escac-i-mat-320x202.jpg\" width=\"320\" height=\"202\" alt=\"\" title=\"6-Diego Pastor S\u00e1nchez-103-Escac i mat\" aria-label=\"6-Diego Pastor S\u00e1nchez-103-Escac i mat\" class=\"img-responsive wp-image-42863 fusion-gallery-image-size-fixed\" srcset=\"https:\/\/afc.cat\/wp-content\/uploads\/2025\/04\/6-Diego-Pastor-Sanchez-103-Escac-i-mat-320x202.jpg 320w, https:\/\/afc.cat\/wp-content\/uploads\/2025\/04\/6-Diego-Pastor-Sanchez-103-Escac-i-mat-700x441.jpg 700w\" sizes=\"(max-width: 320px) 100vw, 320px\" \/><\/a><\/div><\/div><div class=\"clearfix\"><\/div><div style=\"padding:5px;\" class=\"fusion-grid-column fusion-gallery-column fusion-gallery-column-6 hover-type-zoomin\"><div class=\"fusion-gallery-image\"><a href=\"https:\/\/afc.cat\/wp-content\/uploads\/2025\/04\/7-Miquel-Cabre-103-Noves-Dimensions.jpg\" data-title=\"7-Miquel Cabr\u00e9-103-Noves Dimensions\" title=\"7-Miquel Cabr\u00e9-103-Noves Dimensions\" rel=\"noreferrer\" data-rel=\"iLightbox[gallery_image_1]\" class=\"fusion-lightbox\" target=\"_self\"><img decoding=\"async\" src=\"https:\/\/afc.cat\/wp-content\/uploads\/2025\/04\/7-Miquel-Cabre-103-Noves-Dimensions-320x202.jpg\" width=\"320\" height=\"202\" alt=\"\" title=\"7-Miquel Cabr\u00e9-103-Noves Dimensions\" aria-label=\"7-Miquel Cabr\u00e9-103-Noves Dimensions\" class=\"img-responsive wp-image-42865 fusion-gallery-image-size-fixed\" srcset=\"https:\/\/afc.cat\/wp-content\/uploads\/2025\/04\/7-Miquel-Cabre-103-Noves-Dimensions-320x202.jpg 320w, https:\/\/afc.cat\/wp-content\/uploads\/2025\/04\/7-Miquel-Cabre-103-Noves-Dimensions-700x441.jpg 700w\" sizes=\"(max-width: 320px) 100vw, 320px\" \/><\/a><\/div><\/div><div style=\"padding:5px;\" class=\"fusion-grid-column fusion-gallery-column fusion-gallery-column-6 hover-type-zoomin\"><div class=\"fusion-gallery-image\"><a href=\"https:\/\/afc.cat\/wp-content\/uploads\/2025\/04\/8-Sara-Assens-Mampel-103-varietat-de-geometries.jpg\" data-title=\"8-Sara Assens Mampel-103-varietat de geometries\" title=\"8-Sara Assens Mampel-103-varietat de geometries\" rel=\"noreferrer\" data-rel=\"iLightbox[gallery_image_1]\" class=\"fusion-lightbox\" target=\"_self\"><img decoding=\"async\" src=\"https:\/\/afc.cat\/wp-content\/uploads\/2025\/04\/8-Sara-Assens-Mampel-103-varietat-de-geometries-320x202.jpg\" width=\"320\" height=\"202\" alt=\"\" title=\"8-Sara Assens Mampel-103-varietat de geometries\" aria-label=\"8-Sara Assens Mampel-103-varietat de geometries\" class=\"img-responsive wp-image-42867 fusion-gallery-image-size-fixed\" srcset=\"https:\/\/afc.cat\/wp-content\/uploads\/2025\/04\/8-Sara-Assens-Mampel-103-varietat-de-geometries-320x202.jpg 320w, https:\/\/afc.cat\/wp-content\/uploads\/2025\/04\/8-Sara-Assens-Mampel-103-varietat-de-geometries-700x441.jpg 700w\" sizes=\"(max-width: 320px) 100vw, 320px\" \/><\/a><\/div><\/div><div style=\"padding:5px;\" class=\"fusion-grid-column fusion-gallery-column fusion-gallery-column-6 hover-type-zoomin\"><div class=\"fusion-gallery-image\"><a href=\"https:\/\/afc.cat\/wp-content\/uploads\/2025\/04\/9-Josep-Recio-Romaguera-102-geometria-de-finestres-1.jpg\" data-title=\"9-Josep Recio Romaguera-102-geometria de finestres 1\" title=\"9-Josep Recio Romaguera-102-geometria de finestres 1\" rel=\"noreferrer\" data-rel=\"iLightbox[gallery_image_1]\" class=\"fusion-lightbox\" target=\"_self\"><img decoding=\"async\" src=\"https:\/\/afc.cat\/wp-content\/uploads\/2025\/04\/9-Josep-Recio-Romaguera-102-geometria-de-finestres-1-320x202.jpg\" width=\"320\" height=\"202\" alt=\"\" title=\"9-Josep Recio Romaguera-102-geometria de finestres 1\" aria-label=\"9-Josep Recio Romaguera-102-geometria de finestres 1\" class=\"img-responsive wp-image-42869 fusion-gallery-image-size-fixed\" srcset=\"https:\/\/afc.cat\/wp-content\/uploads\/2025\/04\/9-Josep-Recio-Romaguera-102-geometria-de-finestres-1-320x202.jpg 320w, https:\/\/afc.cat\/wp-content\/uploads\/2025\/04\/9-Josep-Recio-Romaguera-102-geometria-de-finestres-1-700x441.jpg 700w\" sizes=\"(max-width: 320px) 100vw, 320px\" \/><\/a><\/div><\/div><div style=\"padding:5px;\" class=\"fusion-grid-column fusion-gallery-column fusion-gallery-column-6 hover-type-zoomin\"><div class=\"fusion-gallery-image\"><a href=\"https:\/\/afc.cat\/wp-content\/uploads\/2025\/04\/10-Merce-Rios-Bejar-101-ANANT-AL-METRO-P3223552-.jpg\" data-title=\"10-Merc\u00e8 R\u00edos Bejar-101-ANANT AL METRO &#8211; P3223552-\" title=\"10-Merc\u00e8 R\u00edos Bejar-101-ANANT AL METRO &#8211; P3223552-\" rel=\"noreferrer\" data-rel=\"iLightbox[gallery_image_1]\" class=\"fusion-lightbox\" target=\"_self\"><img decoding=\"async\" src=\"https:\/\/afc.cat\/wp-content\/uploads\/2025\/04\/10-Merce-Rios-Bejar-101-ANANT-AL-METRO-P3223552--320x202.jpg\" width=\"320\" height=\"202\" alt=\"\" title=\"10-Merc\u00e8 R\u00edos Bejar-101-ANANT AL METRO &#8211; P3223552-\" aria-label=\"10-Merc\u00e8 R\u00edos Bejar-101-ANANT AL METRO &#8211; P3223552-\" class=\"img-responsive wp-image-42871 fusion-gallery-image-size-fixed\" \/><\/a><\/div><\/div><div style=\"padding:5px;\" class=\"fusion-grid-column fusion-gallery-column fusion-gallery-column-6 hover-type-zoomin\"><div class=\"fusion-gallery-image\"><a href=\"https:\/\/afc.cat\/wp-content\/uploads\/2025\/04\/11-Ramon-Riera-101-Finestra-Ovalada.jpg\" data-title=\"11-Ramon Riera-101-Finestra Ovalada\" title=\"11-Ramon Riera-101-Finestra Ovalada\" rel=\"noreferrer\" data-rel=\"iLightbox[gallery_image_1]\" class=\"fusion-lightbox\" target=\"_self\"><img decoding=\"async\" src=\"https:\/\/afc.cat\/wp-content\/uploads\/2025\/04\/11-Ramon-Riera-101-Finestra-Ovalada-320x202.jpg\" width=\"320\" height=\"202\" alt=\"\" title=\"11-Ramon Riera-101-Finestra Ovalada\" aria-label=\"11-Ramon Riera-101-Finestra Ovalada\" class=\"img-responsive wp-image-42873 fusion-gallery-image-size-fixed\" srcset=\"https:\/\/afc.cat\/wp-content\/uploads\/2025\/04\/11-Ramon-Riera-101-Finestra-Ovalada-320x202.jpg 320w, https:\/\/afc.cat\/wp-content\/uploads\/2025\/04\/11-Ramon-Riera-101-Finestra-Ovalada-700x441.jpg 700w\" sizes=\"(max-width: 320px) 100vw, 320px\" \/><\/a><\/div><\/div><div style=\"padding:5px;\" class=\"fusion-grid-column fusion-gallery-column fusion-gallery-column-6 hover-type-zoomin\"><div class=\"fusion-gallery-image\"><a href=\"https:\/\/afc.cat\/wp-content\/uploads\/2025\/04\/12-Dolors-Ventura-Canellas-100-CAMI-ENTRE-CORBES.jpg\" data-title=\"12-Dolors Ventura Ca\u00f1ellas-100-CAMI ENTRE CORBES\" title=\"12-Dolors Ventura Ca\u00f1ellas-100-CAMI ENTRE CORBES\" rel=\"noreferrer\" data-rel=\"iLightbox[gallery_image_1]\" class=\"fusion-lightbox\" target=\"_self\"><img decoding=\"async\" src=\"https:\/\/afc.cat\/wp-content\/uploads\/2025\/04\/12-Dolors-Ventura-Canellas-100-CAMI-ENTRE-CORBES-320x202.jpg\" width=\"320\" height=\"202\" alt=\"\" title=\"12-Dolors Ventura Ca\u00f1ellas-100-CAMI ENTRE CORBES\" aria-label=\"12-Dolors Ventura Ca\u00f1ellas-100-CAMI ENTRE CORBES\" class=\"img-responsive wp-image-42875 fusion-gallery-image-size-fixed\" \/><\/a><\/div><\/div><div class=\"clearfix\"><\/div><div style=\"padding:5px;\" class=\"fusion-grid-column fusion-gallery-column fusion-gallery-column-6 hover-type-zoomin\"><div class=\"fusion-gallery-image\"><a href=\"https:\/\/afc.cat\/wp-content\/uploads\/2025\/04\/13-ignacio-cuneo-liuboschitiz-100-Maremagnum.jpg\" data-title=\"13-ignacio cuneo liuboschitiz-100-Maremagnum\" title=\"13-ignacio cuneo liuboschitiz-100-Maremagnum\" rel=\"noreferrer\" data-rel=\"iLightbox[gallery_image_1]\" class=\"fusion-lightbox\" target=\"_self\"><img decoding=\"async\" src=\"https:\/\/afc.cat\/wp-content\/uploads\/2025\/04\/13-ignacio-cuneo-liuboschitiz-100-Maremagnum-320x202.jpg\" width=\"320\" height=\"202\" alt=\"\" title=\"13-ignacio cuneo liuboschitiz-100-Maremagnum\" aria-label=\"13-ignacio cuneo liuboschitiz-100-Maremagnum\" class=\"img-responsive wp-image-42877 fusion-gallery-image-size-fixed\" srcset=\"https:\/\/afc.cat\/wp-content\/uploads\/2025\/04\/13-ignacio-cuneo-liuboschitiz-100-Maremagnum-320x202.jpg 320w, https:\/\/afc.cat\/wp-content\/uploads\/2025\/04\/13-ignacio-cuneo-liuboschitiz-100-Maremagnum-700x441.jpg 700w\" sizes=\"(max-width: 320px) 100vw, 320px\" \/><\/a><\/div><\/div><div style=\"padding:5px;\" class=\"fusion-grid-column fusion-gallery-column fusion-gallery-column-6 hover-type-zoomin\"><div class=\"fusion-gallery-image\"><a href=\"https:\/\/afc.cat\/wp-content\/uploads\/2025\/04\/14-Jordi-Meseguer-Rafales-100-Tunel-al-TNC.jpg\" data-title=\"14-Jordi Meseguer Rafales-100-Tunel al TNC\" title=\"14-Jordi Meseguer Rafales-100-Tunel al TNC\" rel=\"noreferrer\" data-rel=\"iLightbox[gallery_image_1]\" class=\"fusion-lightbox\" target=\"_self\"><img decoding=\"async\" src=\"https:\/\/afc.cat\/wp-content\/uploads\/2025\/04\/14-Jordi-Meseguer-Rafales-100-Tunel-al-TNC-320x202.jpg\" width=\"320\" height=\"202\" alt=\"\" title=\"14-Jordi Meseguer Rafales-100-Tunel al TNC\" aria-label=\"14-Jordi Meseguer Rafales-100-Tunel al TNC\" class=\"img-responsive wp-image-42879 fusion-gallery-image-size-fixed\" srcset=\"https:\/\/afc.cat\/wp-content\/uploads\/2025\/04\/14-Jordi-Meseguer-Rafales-100-Tunel-al-TNC-320x202.jpg 320w, https:\/\/afc.cat\/wp-content\/uploads\/2025\/04\/14-Jordi-Meseguer-Rafales-100-Tunel-al-TNC-700x441.jpg 700w\" sizes=\"(max-width: 320px) 100vw, 320px\" \/><\/a><\/div><\/div><div style=\"padding:5px;\" class=\"fusion-grid-column fusion-gallery-column fusion-gallery-column-6 hover-type-zoomin\"><div class=\"fusion-gallery-image\"><a href=\"https:\/\/afc.cat\/wp-content\/uploads\/2025\/04\/15-Gloria-Tatxe-Salas-100-Un-cub.jpg\" data-title=\"15-Gloria Tatx\u00e9 Salas-100-Un cub\" title=\"15-Gloria Tatx\u00e9 Salas-100-Un cub\" rel=\"noreferrer\" data-rel=\"iLightbox[gallery_image_1]\" class=\"fusion-lightbox\" target=\"_self\"><img decoding=\"async\" src=\"https:\/\/afc.cat\/wp-content\/uploads\/2025\/04\/15-Gloria-Tatxe-Salas-100-Un-cub-320x202.jpg\" width=\"320\" height=\"202\" alt=\"\" title=\"15-Gloria Tatx\u00e9 Salas-100-Un cub\" aria-label=\"15-Gloria Tatx\u00e9 Salas-100-Un cub\" class=\"img-responsive wp-image-42881 fusion-gallery-image-size-fixed\" srcset=\"https:\/\/afc.cat\/wp-content\/uploads\/2025\/04\/15-Gloria-Tatxe-Salas-100-Un-cub-320x202.jpg 320w, https:\/\/afc.cat\/wp-content\/uploads\/2025\/04\/15-Gloria-Tatxe-Salas-100-Un-cub-700x441.jpg 700w\" sizes=\"(max-width: 320px) 100vw, 320px\" \/><\/a><\/div><\/div><div style=\"padding:5px;\" class=\"fusion-grid-column fusion-gallery-column fusion-gallery-column-6 hover-type-zoomin\"><div class=\"fusion-gallery-image\"><a href=\"https:\/\/afc.cat\/wp-content\/uploads\/2025\/04\/16-Teresa-Tejero-Lopez-99-entre-linies.jpg\" data-title=\"16-Teresa Tejero Lopez-99-entre linies\" title=\"16-Teresa Tejero Lopez-99-entre linies\" rel=\"noreferrer\" data-rel=\"iLightbox[gallery_image_1]\" class=\"fusion-lightbox\" target=\"_self\"><img decoding=\"async\" src=\"https:\/\/afc.cat\/wp-content\/uploads\/2025\/04\/16-Teresa-Tejero-Lopez-99-entre-linies-320x202.jpg\" width=\"320\" height=\"202\" alt=\"\" title=\"16-Teresa Tejero Lopez-99-entre linies\" aria-label=\"16-Teresa Tejero Lopez-99-entre linies\" class=\"img-responsive wp-image-42883 fusion-gallery-image-size-fixed\" srcset=\"https:\/\/afc.cat\/wp-content\/uploads\/2025\/04\/16-Teresa-Tejero-Lopez-99-entre-linies-320x202.jpg 320w, https:\/\/afc.cat\/wp-content\/uploads\/2025\/04\/16-Teresa-Tejero-Lopez-99-entre-linies-700x441.jpg 700w\" sizes=\"(max-width: 320px) 100vw, 320px\" \/><\/a><\/div><\/div><div style=\"padding:5px;\" class=\"fusion-grid-column fusion-gallery-column fusion-gallery-column-6 hover-type-zoomin\"><div class=\"fusion-gallery-image\"><a href=\"https:\/\/afc.cat\/wp-content\/uploads\/2025\/04\/17-Josep-Soler-Vendrell-99-TRIANGLES-I-RECTANGLES.jpg\" data-title=\"17-Josep Soler Vendrell-99-TRIANGLES I RECTANGLES\" title=\"17-Josep Soler Vendrell-99-TRIANGLES I RECTANGLES\" rel=\"noreferrer\" data-rel=\"iLightbox[gallery_image_1]\" class=\"fusion-lightbox\" target=\"_self\"><img decoding=\"async\" src=\"https:\/\/afc.cat\/wp-content\/uploads\/2025\/04\/17-Josep-Soler-Vendrell-99-TRIANGLES-I-RECTANGLES-320x202.jpg\" width=\"320\" height=\"202\" alt=\"\" title=\"17-Josep Soler Vendrell-99-TRIANGLES I RECTANGLES\" aria-label=\"17-Josep Soler Vendrell-99-TRIANGLES I RECTANGLES\" class=\"img-responsive wp-image-42885 fusion-gallery-image-size-fixed\" srcset=\"https:\/\/afc.cat\/wp-content\/uploads\/2025\/04\/17-Josep-Soler-Vendrell-99-TRIANGLES-I-RECTANGLES-320x202.jpg 320w, https:\/\/afc.cat\/wp-content\/uploads\/2025\/04\/17-Josep-Soler-Vendrell-99-TRIANGLES-I-RECTANGLES-700x441.jpg 700w\" sizes=\"(max-width: 320px) 100vw, 320px\" \/><\/a><\/div><\/div><div style=\"padding:5px;\" class=\"fusion-grid-column fusion-gallery-column fusion-gallery-column-6 hover-type-zoomin\"><div class=\"fusion-gallery-image\"><a href=\"https:\/\/afc.cat\/wp-content\/uploads\/2025\/04\/18-Pep-Vinyals-98-Justicia-cellular.jpg\" data-title=\"18-Pep Vinyals-98-Just\u00edcia cel\u00b7lular\" title=\"18-Pep Vinyals-98-Just\u00edcia cel\u00b7lular\" rel=\"noreferrer\" data-rel=\"iLightbox[gallery_image_1]\" class=\"fusion-lightbox\" target=\"_self\"><img decoding=\"async\" src=\"https:\/\/afc.cat\/wp-content\/uploads\/2025\/04\/18-Pep-Vinyals-98-Justicia-cellular-320x202.jpg\" width=\"320\" height=\"202\" alt=\"\" title=\"18-Pep Vinyals-98-Just\u00edcia cel\u00b7lular\" aria-label=\"18-Pep Vinyals-98-Just\u00edcia cel\u00b7lular\" class=\"img-responsive wp-image-42887 fusion-gallery-image-size-fixed\" srcset=\"https:\/\/afc.cat\/wp-content\/uploads\/2025\/04\/18-Pep-Vinyals-98-Justicia-cellular-320x202.jpg 320w, https:\/\/afc.cat\/wp-content\/uploads\/2025\/04\/18-Pep-Vinyals-98-Justicia-cellular-700x441.jpg 700w\" sizes=\"(max-width: 320px) 100vw, 320px\" \/><\/a><\/div><\/div><div class=\"clearfix\"><\/div><div style=\"padding:5px;\" class=\"fusion-grid-column fusion-gallery-column fusion-gallery-column-6 hover-type-zoomin\"><div class=\"fusion-gallery-image\"><a href=\"https:\/\/afc.cat\/wp-content\/uploads\/2025\/04\/19-Rosa-Cristofol-Martinez-98-Reflex.jpg\" data-title=\"19-Rosa Crist\u00f2fol Mart\u00ednez-98-Reflex\" title=\"19-Rosa Crist\u00f2fol Mart\u00ednez-98-Reflex\" rel=\"noreferrer\" data-rel=\"iLightbox[gallery_image_1]\" class=\"fusion-lightbox\" target=\"_self\"><img decoding=\"async\" src=\"https:\/\/afc.cat\/wp-content\/uploads\/2025\/04\/19-Rosa-Cristofol-Martinez-98-Reflex-320x202.jpg\" width=\"320\" height=\"202\" alt=\"\" title=\"19-Rosa Crist\u00f2fol Mart\u00ednez-98-Reflex\" aria-label=\"19-Rosa Crist\u00f2fol Mart\u00ednez-98-Reflex\" class=\"img-responsive wp-image-42889 fusion-gallery-image-size-fixed\" \/><\/a><\/div><\/div><div style=\"padding:5px;\" class=\"fusion-grid-column fusion-gallery-column fusion-gallery-column-6 hover-type-zoomin\"><div class=\"fusion-gallery-image\"><a href=\"https:\/\/afc.cat\/wp-content\/uploads\/2025\/04\/20-David-Penarroya-Hernandez-97-Geometria-en-BN.jpg\" data-title=\"20-David Pe\u00f1arroya Hernandez-97-Geometria en BN\" title=\"20-David Pe\u00f1arroya Hernandez-97-Geometria en BN\" rel=\"noreferrer\" data-rel=\"iLightbox[gallery_image_1]\" class=\"fusion-lightbox\" target=\"_self\"><img decoding=\"async\" src=\"https:\/\/afc.cat\/wp-content\/uploads\/2025\/04\/20-David-Penarroya-Hernandez-97-Geometria-en-BN-320x202.jpg\" width=\"320\" height=\"202\" alt=\"\" title=\"20-David Pe\u00f1arroya Hernandez-97-Geometria en BN\" aria-label=\"20-David Pe\u00f1arroya Hernandez-97-Geometria en BN\" class=\"img-responsive wp-image-42891 fusion-gallery-image-size-fixed\" srcset=\"https:\/\/afc.cat\/wp-content\/uploads\/2025\/04\/20-David-Penarroya-Hernandez-97-Geometria-en-BN-320x202.jpg 320w, https:\/\/afc.cat\/wp-content\/uploads\/2025\/04\/20-David-Penarroya-Hernandez-97-Geometria-en-BN-700x441.jpg 700w\" sizes=\"(max-width: 320px) 100vw, 320px\" \/><\/a><\/div><\/div><div style=\"padding:5px;\" class=\"fusion-grid-column fusion-gallery-column fusion-gallery-column-6 hover-type-zoomin\"><div class=\"fusion-gallery-image\"><a href=\"https:\/\/afc.cat\/wp-content\/uploads\/2025\/04\/21-Esperanca-Sanz-Marin-97-Port.jpg\" data-title=\"21-Esperan\u00e7a Sanz Marin-97-Port\" title=\"21-Esperan\u00e7a Sanz Marin-97-Port\" rel=\"noreferrer\" data-rel=\"iLightbox[gallery_image_1]\" class=\"fusion-lightbox\" target=\"_self\"><img decoding=\"async\" src=\"https:\/\/afc.cat\/wp-content\/uploads\/2025\/04\/21-Esperanca-Sanz-Marin-97-Port-320x202.jpg\" width=\"320\" height=\"202\" alt=\"\" title=\"21-Esperan\u00e7a Sanz Marin-97-Port\" aria-label=\"21-Esperan\u00e7a Sanz Marin-97-Port\" class=\"img-responsive wp-image-42893 fusion-gallery-image-size-fixed\" srcset=\"https:\/\/afc.cat\/wp-content\/uploads\/2025\/04\/21-Esperanca-Sanz-Marin-97-Port-320x202.jpg 320w, https:\/\/afc.cat\/wp-content\/uploads\/2025\/04\/21-Esperanca-Sanz-Marin-97-Port-700x441.jpg 700w\" sizes=\"(max-width: 320px) 100vw, 320px\" \/><\/a><\/div><\/div><div style=\"padding:5px;\" class=\"fusion-grid-column fusion-gallery-column fusion-gallery-column-6 hover-type-zoomin\"><div class=\"fusion-gallery-image\"><a href=\"https:\/\/afc.cat\/wp-content\/uploads\/2025\/04\/22-Santiago-Garcia-Cuadrado-97-Pujant.jpg\" data-title=\"22-Santiago Garc\u00eda Cuadrado-97-Pujant\" title=\"22-Santiago Garc\u00eda Cuadrado-97-Pujant\" rel=\"noreferrer\" data-rel=\"iLightbox[gallery_image_1]\" class=\"fusion-lightbox\" target=\"_self\"><img decoding=\"async\" src=\"https:\/\/afc.cat\/wp-content\/uploads\/2025\/04\/22-Santiago-Garcia-Cuadrado-97-Pujant-320x202.jpg\" width=\"320\" height=\"202\" alt=\"\" title=\"22-Santiago Garc\u00eda Cuadrado-97-Pujant\" aria-label=\"22-Santiago Garc\u00eda Cuadrado-97-Pujant\" class=\"img-responsive wp-image-42895 fusion-gallery-image-size-fixed\" srcset=\"https:\/\/afc.cat\/wp-content\/uploads\/2025\/04\/22-Santiago-Garcia-Cuadrado-97-Pujant-320x202.jpg 320w, https:\/\/afc.cat\/wp-content\/uploads\/2025\/04\/22-Santiago-Garcia-Cuadrado-97-Pujant-700x441.jpg 700w\" sizes=\"(max-width: 320px) 100vw, 320px\" \/><\/a><\/div><\/div><div style=\"padding:5px;\" class=\"fusion-grid-column fusion-gallery-column fusion-gallery-column-6 hover-type-zoomin\"><div class=\"fusion-gallery-image\"><a href=\"https:\/\/afc.cat\/wp-content\/uploads\/2025\/04\/23-oscar-daniel-giordano-leis-96-Rabo-de-nube.jpg\" data-title=\"23-oscar daniel giordano leis-96-Rabo de nube\" title=\"23-oscar daniel giordano leis-96-Rabo de nube\" rel=\"noreferrer\" data-rel=\"iLightbox[gallery_image_1]\" class=\"fusion-lightbox\" target=\"_self\"><img decoding=\"async\" src=\"https:\/\/afc.cat\/wp-content\/uploads\/2025\/04\/23-oscar-daniel-giordano-leis-96-Rabo-de-nube-320x202.jpg\" width=\"320\" height=\"202\" alt=\"\" title=\"23-oscar daniel giordano leis-96-Rabo de nube\" aria-label=\"23-oscar daniel giordano leis-96-Rabo de nube\" class=\"img-responsive wp-image-42897 fusion-gallery-image-size-fixed\" srcset=\"https:\/\/afc.cat\/wp-content\/uploads\/2025\/04\/23-oscar-daniel-giordano-leis-96-Rabo-de-nube-320x202.jpg 320w, https:\/\/afc.cat\/wp-content\/uploads\/2025\/04\/23-oscar-daniel-giordano-leis-96-Rabo-de-nube-700x441.jpg 700w\" sizes=\"(max-width: 320px) 100vw, 320px\" \/><\/a><\/div><\/div><div style=\"padding:5px;\" class=\"fusion-grid-column fusion-gallery-column fusion-gallery-column-6 hover-type-zoomin\"><div class=\"fusion-gallery-image\"><a href=\"https:\/\/afc.cat\/wp-content\/uploads\/2025\/04\/24-Francisco-Olmos-Cubero-96-Somnis-geometrics.jpg\" data-title=\"24-Francisco Olmos Cubero-96-Somnis geometrics\" title=\"24-Francisco Olmos Cubero-96-Somnis geometrics\" rel=\"noreferrer\" data-rel=\"iLightbox[gallery_image_1]\" class=\"fusion-lightbox\" target=\"_self\"><img decoding=\"async\" src=\"https:\/\/afc.cat\/wp-content\/uploads\/2025\/04\/24-Francisco-Olmos-Cubero-96-Somnis-geometrics-320x202.jpg\" width=\"320\" height=\"202\" alt=\"\" title=\"24-Francisco Olmos Cubero-96-Somnis geometrics\" aria-label=\"24-Francisco Olmos Cubero-96-Somnis geometrics\" class=\"img-responsive wp-image-42899 fusion-gallery-image-size-fixed\" srcset=\"https:\/\/afc.cat\/wp-content\/uploads\/2025\/04\/24-Francisco-Olmos-Cubero-96-Somnis-geometrics-320x202.jpg 320w, https:\/\/afc.cat\/wp-content\/uploads\/2025\/04\/24-Francisco-Olmos-Cubero-96-Somnis-geometrics-700x441.jpg 700w\" sizes=\"(max-width: 320px) 100vw, 320px\" \/><\/a><\/div><\/div><div class=\"clearfix\"><\/div><div style=\"padding:5px;\" class=\"fusion-grid-column fusion-gallery-column fusion-gallery-column-6 hover-type-zoomin\"><div class=\"fusion-gallery-image\"><a href=\"https:\/\/afc.cat\/wp-content\/uploads\/2025\/04\/25-Carmen-Casademont-Ribot-95-Geometria-vertical.jpg\" data-title=\"25-Carmen Casademont Ribot-95-Geometria vertical\" title=\"25-Carmen Casademont Ribot-95-Geometria vertical\" rel=\"noreferrer\" data-rel=\"iLightbox[gallery_image_1]\" class=\"fusion-lightbox\" target=\"_self\"><img decoding=\"async\" src=\"https:\/\/afc.cat\/wp-content\/uploads\/2025\/04\/25-Carmen-Casademont-Ribot-95-Geometria-vertical-320x202.jpg\" width=\"320\" height=\"202\" alt=\"\" title=\"25-Carmen Casademont Ribot-95-Geometria vertical\" aria-label=\"25-Carmen Casademont Ribot-95-Geometria vertical\" class=\"img-responsive wp-image-42901 fusion-gallery-image-size-fixed\" \/><\/a><\/div><\/div><div style=\"padding:5px;\" class=\"fusion-grid-column fusion-gallery-column fusion-gallery-column-6 hover-type-zoomin\"><div class=\"fusion-gallery-image\"><a href=\"https:\/\/afc.cat\/wp-content\/uploads\/2025\/04\/26-Antoni-Conesa-Domenech-95-Geometries-Sostre-Vestibul-Estacio-FranciaDSCN3127.jpg\" data-title=\"26-Antoni Conesa Dom\u00e8nech-95-Geometries Sostre Vestibul Estacio FranciaDSCN3127\" title=\"26-Antoni Conesa Dom\u00e8nech-95-Geometries Sostre Vestibul Estacio FranciaDSCN3127\" rel=\"noreferrer\" data-rel=\"iLightbox[gallery_image_1]\" class=\"fusion-lightbox\" target=\"_self\"><img decoding=\"async\" src=\"https:\/\/afc.cat\/wp-content\/uploads\/2025\/04\/26-Antoni-Conesa-Domenech-95-Geometries-Sostre-Vestibul-Estacio-FranciaDSCN3127-320x202.jpg\" width=\"320\" height=\"202\" alt=\"\" title=\"26-Antoni Conesa Dom\u00e8nech-95-Geometries Sostre Vestibul Estacio FranciaDSCN3127\" aria-label=\"26-Antoni Conesa Dom\u00e8nech-95-Geometries Sostre Vestibul Estacio FranciaDSCN3127\" class=\"img-responsive wp-image-42903 fusion-gallery-image-size-fixed\" \/><\/a><\/div><\/div><div style=\"padding:5px;\" class=\"fusion-grid-column fusion-gallery-column fusion-gallery-column-6 hover-type-zoomin\"><div class=\"fusion-gallery-image\"><a href=\"https:\/\/afc.cat\/wp-content\/uploads\/2025\/04\/27-Albert-Ballestero-Rosell-94-A-dins.jpg\" data-title=\"27-Albert Ballestero Rosell-94-A dins\" title=\"27-Albert Ballestero Rosell-94-A dins\" rel=\"noreferrer\" data-rel=\"iLightbox[gallery_image_1]\" class=\"fusion-lightbox\" target=\"_self\"><img decoding=\"async\" src=\"https:\/\/afc.cat\/wp-content\/uploads\/2025\/04\/27-Albert-Ballestero-Rosell-94-A-dins-320x202.jpg\" width=\"320\" height=\"202\" alt=\"\" title=\"27-Albert Ballestero Rosell-94-A dins\" aria-label=\"27-Albert Ballestero Rosell-94-A dins\" class=\"img-responsive wp-image-42905 fusion-gallery-image-size-fixed\" \/><\/a><\/div><\/div><div style=\"padding:5px;\" class=\"fusion-grid-column fusion-gallery-column fusion-gallery-column-6 hover-type-zoomin\"><div class=\"fusion-gallery-image\"><a href=\"https:\/\/afc.cat\/wp-content\/uploads\/2025\/04\/28-Josep-Alonso-Gonzalez-94-Concert-Hall.jpg\" data-title=\"28-Josep Alonso Gonzalez-94-Concert Hall\" title=\"28-Josep Alonso Gonzalez-94-Concert Hall\" rel=\"noreferrer\" data-rel=\"iLightbox[gallery_image_1]\" class=\"fusion-lightbox\" target=\"_self\"><img decoding=\"async\" src=\"https:\/\/afc.cat\/wp-content\/uploads\/2025\/04\/28-Josep-Alonso-Gonzalez-94-Concert-Hall-320x202.jpg\" width=\"320\" height=\"202\" alt=\"\" title=\"28-Josep Alonso Gonzalez-94-Concert Hall\" aria-label=\"28-Josep Alonso Gonzalez-94-Concert Hall\" class=\"img-responsive wp-image-42907 fusion-gallery-image-size-fixed\" srcset=\"https:\/\/afc.cat\/wp-content\/uploads\/2025\/04\/28-Josep-Alonso-Gonzalez-94-Concert-Hall-320x202.jpg 320w, https:\/\/afc.cat\/wp-content\/uploads\/2025\/04\/28-Josep-Alonso-Gonzalez-94-Concert-Hall-700x441.jpg 700w\" sizes=\"(max-width: 320px) 100vw, 320px\" \/><\/a><\/div><\/div><div style=\"padding:5px;\" class=\"fusion-grid-column fusion-gallery-column fusion-gallery-column-6 hover-type-zoomin\"><div class=\"fusion-gallery-image\"><a href=\"https:\/\/afc.cat\/wp-content\/uploads\/2025\/04\/29-Carme-Mur-Calvo-94-Enquadre-geometric_.jpg\" data-title=\"29-Carme Mur Calv\u00f3-94-Enquadre geometric_\" title=\"29-Carme Mur Calv\u00f3-94-Enquadre geometric_\" rel=\"noreferrer\" data-rel=\"iLightbox[gallery_image_1]\" class=\"fusion-lightbox\" target=\"_self\"><img decoding=\"async\" src=\"https:\/\/afc.cat\/wp-content\/uploads\/2025\/04\/29-Carme-Mur-Calvo-94-Enquadre-geometric_-320x202.jpg\" width=\"320\" height=\"202\" alt=\"\" title=\"29-Carme Mur Calv\u00f3-94-Enquadre geometric_\" aria-label=\"29-Carme Mur Calv\u00f3-94-Enquadre geometric_\" class=\"img-responsive wp-image-42909 fusion-gallery-image-size-fixed\" srcset=\"https:\/\/afc.cat\/wp-content\/uploads\/2025\/04\/29-Carme-Mur-Calvo-94-Enquadre-geometric_-320x202.jpg 320w, https:\/\/afc.cat\/wp-content\/uploads\/2025\/04\/29-Carme-Mur-Calvo-94-Enquadre-geometric_-700x441.jpg 700w\" sizes=\"(max-width: 320px) 100vw, 320px\" \/><\/a><\/div><\/div><div style=\"padding:5px;\" class=\"fusion-grid-column fusion-gallery-column fusion-gallery-column-6 hover-type-zoomin\"><div class=\"fusion-gallery-image\"><a href=\"https:\/\/afc.cat\/wp-content\/uploads\/2025\/04\/30-Antoni-Beneyto-Maria-93-Obra-nova.jpg\" data-title=\"30-Antoni Beneyto Maria-93-Obra nova\" title=\"30-Antoni Beneyto Maria-93-Obra nova\" rel=\"noreferrer\" data-rel=\"iLightbox[gallery_image_1]\" class=\"fusion-lightbox\" target=\"_self\"><img decoding=\"async\" src=\"https:\/\/afc.cat\/wp-content\/uploads\/2025\/04\/30-Antoni-Beneyto-Maria-93-Obra-nova-320x202.jpg\" width=\"320\" height=\"202\" alt=\"\" title=\"30-Antoni Beneyto Maria-93-Obra nova\" aria-label=\"30-Antoni Beneyto Maria-93-Obra nova\" class=\"img-responsive wp-image-42911 fusion-gallery-image-size-fixed\" srcset=\"https:\/\/afc.cat\/wp-content\/uploads\/2025\/04\/30-Antoni-Beneyto-Maria-93-Obra-nova-320x202.jpg 320w, https:\/\/afc.cat\/wp-content\/uploads\/2025\/04\/30-Antoni-Beneyto-Maria-93-Obra-nova-700x441.jpg 700w\" sizes=\"(max-width: 320px) 100vw, 320px\" \/><\/a><\/div><\/div><div class=\"clearfix\"><\/div><div style=\"padding:5px;\" class=\"fusion-grid-column fusion-gallery-column fusion-gallery-column-6 hover-type-zoomin\"><div class=\"fusion-gallery-image\"><a href=\"https:\/\/afc.cat\/wp-content\/uploads\/2025\/04\/31-Damia-Tous-Vazquez-91-Capa-Palau.jpg\" data-title=\"31-Dami\u00e0 Tous Vazquez-91-Capa Palau\" title=\"31-Dami\u00e0 Tous Vazquez-91-Capa Palau\" rel=\"noreferrer\" data-rel=\"iLightbox[gallery_image_1]\" class=\"fusion-lightbox\" target=\"_self\"><img decoding=\"async\" src=\"https:\/\/afc.cat\/wp-content\/uploads\/2025\/04\/31-Damia-Tous-Vazquez-91-Capa-Palau-320x202.jpg\" width=\"320\" height=\"202\" alt=\"\" title=\"31-Dami\u00e0 Tous Vazquez-91-Capa Palau\" aria-label=\"31-Dami\u00e0 Tous Vazquez-91-Capa Palau\" class=\"img-responsive wp-image-42913 fusion-gallery-image-size-fixed\" srcset=\"https:\/\/afc.cat\/wp-content\/uploads\/2025\/04\/31-Damia-Tous-Vazquez-91-Capa-Palau-320x202.jpg 320w, https:\/\/afc.cat\/wp-content\/uploads\/2025\/04\/31-Damia-Tous-Vazquez-91-Capa-Palau-700x441.jpg 700w\" sizes=\"(max-width: 320px) 100vw, 320px\" \/><\/a><\/div><\/div><div style=\"padding:5px;\" class=\"fusion-grid-column fusion-gallery-column fusion-gallery-column-6 hover-type-zoomin\"><div class=\"fusion-gallery-image\"><a href=\"https:\/\/afc.cat\/wp-content\/uploads\/2025\/04\/32-PERE-GRAUPERA-LANGA-91-Quadrats.jpg\" data-title=\"32-PERE GRAUPERA LANGA-91-Quadrats.\" title=\"32-PERE GRAUPERA LANGA-91-Quadrats.\" rel=\"noreferrer\" data-rel=\"iLightbox[gallery_image_1]\" class=\"fusion-lightbox\" target=\"_self\"><img decoding=\"async\" src=\"https:\/\/afc.cat\/wp-content\/uploads\/2025\/04\/32-PERE-GRAUPERA-LANGA-91-Quadrats-320x202.jpg\" width=\"320\" height=\"202\" alt=\"\" title=\"32-PERE GRAUPERA LANGA-91-Quadrats.\" aria-label=\"32-PERE GRAUPERA LANGA-91-Quadrats.\" class=\"img-responsive wp-image-42915 fusion-gallery-image-size-fixed\" srcset=\"https:\/\/afc.cat\/wp-content\/uploads\/2025\/04\/32-PERE-GRAUPERA-LANGA-91-Quadrats-320x202.jpg 320w, https:\/\/afc.cat\/wp-content\/uploads\/2025\/04\/32-PERE-GRAUPERA-LANGA-91-Quadrats-700x441.jpg 700w\" sizes=\"(max-width: 320px) 100vw, 320px\" \/><\/a><\/div><\/div><div style=\"padding:5px;\" class=\"fusion-grid-column fusion-gallery-column fusion-gallery-column-6 hover-type-zoomin\"><div class=\"fusion-gallery-image\"><a href=\"https:\/\/afc.cat\/wp-content\/uploads\/2025\/04\/33-Xavier-Bou-Salazar-90-Geometria-Cotidiana.jpg\" data-title=\"33-Xavier Bou Salazar-90-Geometria Cotidiana\" title=\"33-Xavier Bou Salazar-90-Geometria Cotidiana\" rel=\"noreferrer\" data-rel=\"iLightbox[gallery_image_1]\" class=\"fusion-lightbox\" target=\"_self\"><img decoding=\"async\" src=\"https:\/\/afc.cat\/wp-content\/uploads\/2025\/04\/33-Xavier-Bou-Salazar-90-Geometria-Cotidiana-320x202.jpg\" width=\"320\" height=\"202\" alt=\"\" title=\"33-Xavier Bou Salazar-90-Geometria Cotidiana\" aria-label=\"33-Xavier Bou Salazar-90-Geometria Cotidiana\" class=\"img-responsive wp-image-42917 fusion-gallery-image-size-fixed\" srcset=\"https:\/\/afc.cat\/wp-content\/uploads\/2025\/04\/33-Xavier-Bou-Salazar-90-Geometria-Cotidiana-320x202.jpg 320w, https:\/\/afc.cat\/wp-content\/uploads\/2025\/04\/33-Xavier-Bou-Salazar-90-Geometria-Cotidiana-700x441.jpg 700w\" sizes=\"(max-width: 320px) 100vw, 320px\" \/><\/a><\/div><\/div><div style=\"padding:5px;\" class=\"fusion-grid-column fusion-gallery-column fusion-gallery-column-6 hover-type-zoomin\"><div class=\"fusion-gallery-image\"><a href=\"https:\/\/afc.cat\/wp-content\/uploads\/2025\/04\/34-Nuria-Noguera-German-89-Casa-Seat.jpg\" data-title=\"34-N\u00faria Noguera German-89-Casa Seat\" title=\"34-N\u00faria Noguera German-89-Casa Seat\" rel=\"noreferrer\" data-rel=\"iLightbox[gallery_image_1]\" class=\"fusion-lightbox\" target=\"_self\"><img decoding=\"async\" src=\"https:\/\/afc.cat\/wp-content\/uploads\/2025\/04\/34-Nuria-Noguera-German-89-Casa-Seat-320x202.jpg\" width=\"320\" height=\"202\" alt=\"\" title=\"34-N\u00faria Noguera German-89-Casa Seat\" aria-label=\"34-N\u00faria Noguera German-89-Casa Seat\" class=\"img-responsive wp-image-42919 fusion-gallery-image-size-fixed\" \/><\/a><\/div><\/div><div style=\"padding:5px;\" class=\"fusion-grid-column fusion-gallery-column fusion-gallery-column-6 hover-type-zoomin\"><div class=\"fusion-gallery-image\"><a href=\"https:\/\/afc.cat\/wp-content\/uploads\/2025\/04\/35-Albert-Canellas-Xarau-89-Edifici-Alta-Diagonal.jpg\" data-title=\"35-Albert Ca\u00f1ellas Xarau-89-Edifici Alta Diagonal\" title=\"35-Albert Ca\u00f1ellas Xarau-89-Edifici Alta Diagonal\" rel=\"noreferrer\" data-rel=\"iLightbox[gallery_image_1]\" class=\"fusion-lightbox\" target=\"_self\"><img decoding=\"async\" src=\"https:\/\/afc.cat\/wp-content\/uploads\/2025\/04\/35-Albert-Canellas-Xarau-89-Edifici-Alta-Diagonal-320x202.jpg\" width=\"320\" height=\"202\" alt=\"\" title=\"35-Albert Ca\u00f1ellas Xarau-89-Edifici Alta Diagonal\" aria-label=\"35-Albert Ca\u00f1ellas Xarau-89-Edifici Alta Diagonal\" class=\"img-responsive wp-image-42921 fusion-gallery-image-size-fixed\" \/><\/a><\/div><\/div><div style=\"padding:5px;\" class=\"fusion-grid-column fusion-gallery-column fusion-gallery-column-6 hover-type-zoomin\"><div class=\"fusion-gallery-image\"><a href=\"https:\/\/afc.cat\/wp-content\/uploads\/2025\/04\/36-Adolfo-Garcia-Bastard-88-En-construccio.jpg\" data-title=\"36-Adolfo Garcia Bastard-88-En construcci\u00f3.\" title=\"36-Adolfo Garcia Bastard-88-En construcci\u00f3.\" rel=\"noreferrer\" data-rel=\"iLightbox[gallery_image_1]\" class=\"fusion-lightbox\" target=\"_self\"><img decoding=\"async\" src=\"https:\/\/afc.cat\/wp-content\/uploads\/2025\/04\/36-Adolfo-Garcia-Bastard-88-En-construccio-320x202.jpg\" width=\"320\" height=\"202\" alt=\"\" title=\"36-Adolfo Garcia Bastard-88-En construcci\u00f3.\" aria-label=\"36-Adolfo Garcia Bastard-88-En construcci\u00f3.\" class=\"img-responsive wp-image-42923 fusion-gallery-image-size-fixed\" srcset=\"https:\/\/afc.cat\/wp-content\/uploads\/2025\/04\/36-Adolfo-Garcia-Bastard-88-En-construccio-320x202.jpg 320w, https:\/\/afc.cat\/wp-content\/uploads\/2025\/04\/36-Adolfo-Garcia-Bastard-88-En-construccio-700x441.jpg 700w\" sizes=\"(max-width: 320px) 100vw, 320px\" \/><\/a><\/div><\/div><div class=\"clearfix\"><\/div><div style=\"padding:5px;\" class=\"fusion-grid-column fusion-gallery-column fusion-gallery-column-6 hover-type-zoomin\"><div class=\"fusion-gallery-image\"><a href=\"https:\/\/afc.cat\/wp-content\/uploads\/2025\/04\/37-XAVIER-RICOL-DOLSET-88-ONDULACIO.jpg\" data-title=\"37-XAVIER RICOL DOLSET-88-ONDULACI\u00d3\" title=\"37-XAVIER RICOL DOLSET-88-ONDULACI\u00d3\" rel=\"noreferrer\" data-rel=\"iLightbox[gallery_image_1]\" class=\"fusion-lightbox\" target=\"_self\"><img decoding=\"async\" src=\"https:\/\/afc.cat\/wp-content\/uploads\/2025\/04\/37-XAVIER-RICOL-DOLSET-88-ONDULACIO-320x202.jpg\" width=\"320\" height=\"202\" alt=\"\" title=\"37-XAVIER RICOL DOLSET-88-ONDULACI\u00d3\" aria-label=\"37-XAVIER RICOL DOLSET-88-ONDULACI\u00d3\" class=\"img-responsive wp-image-42925 fusion-gallery-image-size-fixed\" srcset=\"https:\/\/afc.cat\/wp-content\/uploads\/2025\/04\/37-XAVIER-RICOL-DOLSET-88-ONDULACIO-320x202.jpg 320w, https:\/\/afc.cat\/wp-content\/uploads\/2025\/04\/37-XAVIER-RICOL-DOLSET-88-ONDULACIO-700x441.jpg 700w\" sizes=\"(max-width: 320px) 100vw, 320px\" \/><\/a><\/div><\/div><div style=\"padding:5px;\" class=\"fusion-grid-column fusion-gallery-column fusion-gallery-column-6 hover-type-zoomin\"><div class=\"fusion-gallery-image\"><a href=\"https:\/\/afc.cat\/wp-content\/uploads\/2025\/04\/38-Clara-Lopez-Colomer-87-Branques-metaliques.jpg\" data-title=\"38-Clara Lopez Colomer-87-Branques metaliques\" title=\"38-Clara Lopez Colomer-87-Branques metaliques\" rel=\"noreferrer\" data-rel=\"iLightbox[gallery_image_1]\" class=\"fusion-lightbox\" target=\"_self\"><img decoding=\"async\" src=\"https:\/\/afc.cat\/wp-content\/uploads\/2025\/04\/38-Clara-Lopez-Colomer-87-Branques-metaliques-320x202.jpg\" width=\"320\" height=\"202\" alt=\"\" title=\"38-Clara Lopez Colomer-87-Branques metaliques\" aria-label=\"38-Clara Lopez Colomer-87-Branques metaliques\" class=\"img-responsive wp-image-42927 fusion-gallery-image-size-fixed\" srcset=\"https:\/\/afc.cat\/wp-content\/uploads\/2025\/04\/38-Clara-Lopez-Colomer-87-Branques-metaliques-320x202.jpg 320w, https:\/\/afc.cat\/wp-content\/uploads\/2025\/04\/38-Clara-Lopez-Colomer-87-Branques-metaliques-700x441.jpg 700w\" sizes=\"(max-width: 320px) 100vw, 320px\" \/><\/a><\/div><\/div><\/div><div class=\"fusion-separator fusion-full-width-sep\" style=\"align-self: center;margin-left: auto;margin-right: auto;margin-top:20px;margin-bottom:20px;width:100%;\"><div class=\"fusion-separator-border sep-single sep-solid\" style=\"border-color:#3ec0bf;border-top-width:1px;\"><\/div><\/div><div class=\"fusion-text fusion-text-5\"><p style=\"text-align: center;\"><strong>PUNTUACI\u00d3N\u00a0 COLOR<\/strong><\/p>\n<\/div><div style=\"text-align:center;\"><style>.fusion-imageframe.imageframe-2{ margin-bottom : 5%;}<\/style><span class=\" fusion-imageframe imageframe-none imageframe-2 hover-type-zoomin\"><img decoding=\"async\" width=\"770\" height=\"1026\" title=\"TO ABRIL 25 &#8211; COLOR\" src=\"https:\/\/afc.cat\/wp-content\/uploads\/2025\/04\/TO-ABRIL-25-COLOR-e1745615938282.jpg\" alt class=\"img-responsive wp-image-42929\"\/><\/span><\/div><div class=\"fusion-text fusion-text-6\"><p style=\"text-align: center;\"><strong>Clasificaci\u00f3n color<\/strong><\/p>\n<\/div><style type=\"text\/css\">.fusion-gallery-2 .fusion-gallery-image {border:0px solid #e2e2e2;}<\/style><div class=\"fusion-gallery fusion-gallery-container fusion-grid-6 fusion-columns-total-39 fusion-gallery-layout-grid fusion-gallery-2\" style=\"margin:-5px;\"><div style=\"padding:5px;\" class=\"fusion-grid-column fusion-gallery-column fusion-gallery-column-6 hover-type-zoomin\"><div class=\"fusion-gallery-image\"><a href=\"https:\/\/afc.cat\/wp-content\/uploads\/2025\/04\/1-Gloria-Tatxe-Salas-111-Llum-de-tarda.jpg\" data-title=\"1-Gloria Tatx\u00e9 Salas-111-Llum de tarda\" title=\"1-Gloria Tatx\u00e9 Salas-111-Llum de tarda\" rel=\"noreferrer\" data-rel=\"iLightbox[gallery_image_2]\" class=\"fusion-lightbox\" target=\"_self\"><img decoding=\"async\" src=\"https:\/\/afc.cat\/wp-content\/uploads\/2025\/04\/1-Gloria-Tatxe-Salas-111-Llum-de-tarda-320x202.jpg\" width=\"320\" height=\"202\" alt=\"\" title=\"1-Gloria Tatx\u00e9 Salas-111-Llum de tarda\" aria-label=\"1-Gloria Tatx\u00e9 Salas-111-Llum de tarda\" class=\"img-responsive wp-image-42775 fusion-gallery-image-size-fixed\" srcset=\"https:\/\/afc.cat\/wp-content\/uploads\/2025\/04\/1-Gloria-Tatxe-Salas-111-Llum-de-tarda-320x202.jpg 320w, https:\/\/afc.cat\/wp-content\/uploads\/2025\/04\/1-Gloria-Tatxe-Salas-111-Llum-de-tarda-700x441.jpg 700w\" sizes=\"(max-width: 320px) 100vw, 320px\" \/><\/a><\/div><\/div><div style=\"padding:5px;\" class=\"fusion-grid-column fusion-gallery-column fusion-gallery-column-6 hover-type-zoomin\"><div class=\"fusion-gallery-image\"><a href=\"https:\/\/afc.cat\/wp-content\/uploads\/2025\/04\/2-Joan-Rue-Domingo-109-Observatori-celeste.jpg\" data-title=\"2-Joan Ru\u00e9 Domingo-109-Observatori celeste\" title=\"2-Joan Ru\u00e9 Domingo-109-Observatori celeste\" rel=\"noreferrer\" data-rel=\"iLightbox[gallery_image_2]\" class=\"fusion-lightbox\" target=\"_self\"><img decoding=\"async\" src=\"https:\/\/afc.cat\/wp-content\/uploads\/2025\/04\/2-Joan-Rue-Domingo-109-Observatori-celeste-320x202.jpg\" width=\"320\" height=\"202\" alt=\"\" title=\"2-Joan Ru\u00e9 Domingo-109-Observatori celeste\" aria-label=\"2-Joan Ru\u00e9 Domingo-109-Observatori celeste\" class=\"img-responsive wp-image-42777 fusion-gallery-image-size-fixed\" srcset=\"https:\/\/afc.cat\/wp-content\/uploads\/2025\/04\/2-Joan-Rue-Domingo-109-Observatori-celeste-320x202.jpg 320w, https:\/\/afc.cat\/wp-content\/uploads\/2025\/04\/2-Joan-Rue-Domingo-109-Observatori-celeste-700x441.jpg 700w\" sizes=\"(max-width: 320px) 100vw, 320px\" \/><\/a><\/div><\/div><div style=\"padding:5px;\" class=\"fusion-grid-column fusion-gallery-column fusion-gallery-column-6 hover-type-zoomin\"><div class=\"fusion-gallery-image\"><a href=\"https:\/\/afc.cat\/wp-content\/uploads\/2025\/04\/3-Santiago-Garcia-Cuadrado-108-Blau.jpg\" data-title=\"3-Santiago Garc\u00eda Cuadrado-108-Blau\" title=\"3-Santiago Garc\u00eda Cuadrado-108-Blau\" rel=\"noreferrer\" data-rel=\"iLightbox[gallery_image_2]\" class=\"fusion-lightbox\" target=\"_self\"><img decoding=\"async\" src=\"https:\/\/afc.cat\/wp-content\/uploads\/2025\/04\/3-Santiago-Garcia-Cuadrado-108-Blau-320x202.jpg\" width=\"320\" height=\"202\" alt=\"\" title=\"3-Santiago Garc\u00eda Cuadrado-108-Blau\" aria-label=\"3-Santiago Garc\u00eda Cuadrado-108-Blau\" class=\"img-responsive wp-image-42779 fusion-gallery-image-size-fixed\" srcset=\"https:\/\/afc.cat\/wp-content\/uploads\/2025\/04\/3-Santiago-Garcia-Cuadrado-108-Blau-320x202.jpg 320w, https:\/\/afc.cat\/wp-content\/uploads\/2025\/04\/3-Santiago-Garcia-Cuadrado-108-Blau-700x441.jpg 700w\" sizes=\"(max-width: 320px) 100vw, 320px\" \/><\/a><\/div><\/div><div style=\"padding:5px;\" class=\"fusion-grid-column fusion-gallery-column fusion-gallery-column-6 hover-type-zoomin\"><div class=\"fusion-gallery-image\"><a href=\"https:\/\/afc.cat\/wp-content\/uploads\/2025\/04\/4-Diego-Pastor-Sanchez-108-De-tres.jpg\" data-title=\"4-Diego Pastor S\u00e1nchez-108-De tres\" title=\"4-Diego Pastor S\u00e1nchez-108-De tres\" rel=\"noreferrer\" data-rel=\"iLightbox[gallery_image_2]\" class=\"fusion-lightbox\" target=\"_self\"><img decoding=\"async\" src=\"https:\/\/afc.cat\/wp-content\/uploads\/2025\/04\/4-Diego-Pastor-Sanchez-108-De-tres-320x202.jpg\" width=\"320\" height=\"202\" alt=\"\" title=\"4-Diego Pastor S\u00e1nchez-108-De tres\" aria-label=\"4-Diego Pastor S\u00e1nchez-108-De tres\" class=\"img-responsive wp-image-42781 fusion-gallery-image-size-fixed\" srcset=\"https:\/\/afc.cat\/wp-content\/uploads\/2025\/04\/4-Diego-Pastor-Sanchez-108-De-tres-320x202.jpg 320w, https:\/\/afc.cat\/wp-content\/uploads\/2025\/04\/4-Diego-Pastor-Sanchez-108-De-tres-700x441.jpg 700w\" sizes=\"(max-width: 320px) 100vw, 320px\" \/><\/a><\/div><\/div><div class=\"clearfix\"><\/div><div style=\"padding:5px;\" class=\"fusion-grid-column fusion-gallery-column fusion-gallery-column-6 hover-type-zoomin\"><div class=\"fusion-gallery-image\"><a href=\"https:\/\/afc.cat\/wp-content\/uploads\/2025\/04\/5-Adolfo-Garcia-Bastard-108-Tres-figures.jpg\" data-title=\"5-Adolfo Garcia Bastard-108-Tres figures\" title=\"5-Adolfo Garcia Bastard-108-Tres figures\" rel=\"noreferrer\" data-rel=\"iLightbox[gallery_image_2]\" class=\"fusion-lightbox\" target=\"_self\"><img decoding=\"async\" src=\"https:\/\/afc.cat\/wp-content\/uploads\/2025\/04\/5-Adolfo-Garcia-Bastard-108-Tres-figures-320x202.jpg\" width=\"320\" height=\"202\" alt=\"\" title=\"5-Adolfo Garcia Bastard-108-Tres figures\" aria-label=\"5-Adolfo Garcia Bastard-108-Tres figures\" class=\"img-responsive wp-image-42783 fusion-gallery-image-size-fixed\" \/><\/a><\/div><\/div><div style=\"padding:5px;\" class=\"fusion-grid-column fusion-gallery-column fusion-gallery-column-6 hover-type-zoomin\"><div class=\"fusion-gallery-image\"><a href=\"https:\/\/afc.cat\/wp-content\/uploads\/2025\/04\/6-Teresa-Tejero-Lopez-107-MACBA.jpg\" data-title=\"6-Teresa Tejero Lopez-107-MACBA\" title=\"6-Teresa Tejero Lopez-107-MACBA\" rel=\"noreferrer\" data-rel=\"iLightbox[gallery_image_2]\" class=\"fusion-lightbox\" target=\"_self\"><img decoding=\"async\" src=\"https:\/\/afc.cat\/wp-content\/uploads\/2025\/04\/6-Teresa-Tejero-Lopez-107-MACBA-320x202.jpg\" width=\"320\" height=\"202\" alt=\"\" title=\"6-Teresa Tejero Lopez-107-MACBA\" aria-label=\"6-Teresa Tejero Lopez-107-MACBA\" class=\"img-responsive wp-image-42785 fusion-gallery-image-size-fixed\" srcset=\"https:\/\/afc.cat\/wp-content\/uploads\/2025\/04\/6-Teresa-Tejero-Lopez-107-MACBA-320x202.jpg 320w, https:\/\/afc.cat\/wp-content\/uploads\/2025\/04\/6-Teresa-Tejero-Lopez-107-MACBA-700x441.jpg 700w\" sizes=\"(max-width: 320px) 100vw, 320px\" \/><\/a><\/div><\/div><div style=\"padding:5px;\" class=\"fusion-grid-column fusion-gallery-column fusion-gallery-column-6 hover-type-zoomin\"><div class=\"fusion-gallery-image\"><a href=\"https:\/\/afc.cat\/wp-content\/uploads\/2025\/04\/7-Albert-Canellas-Xarau-104-Edifici-Gas-Natural.jpg\" data-title=\"7-Albert Ca\u00f1ellas Xarau-104-Edifici Gas Natural\" title=\"7-Albert Ca\u00f1ellas Xarau-104-Edifici Gas Natural\" rel=\"noreferrer\" data-rel=\"iLightbox[gallery_image_2]\" class=\"fusion-lightbox\" target=\"_self\"><img decoding=\"async\" src=\"https:\/\/afc.cat\/wp-content\/uploads\/2025\/04\/7-Albert-Canellas-Xarau-104-Edifici-Gas-Natural-320x202.jpg\" width=\"320\" height=\"202\" alt=\"\" title=\"7-Albert Ca\u00f1ellas Xarau-104-Edifici Gas Natural\" aria-label=\"7-Albert Ca\u00f1ellas Xarau-104-Edifici Gas Natural\" class=\"img-responsive wp-image-42787 fusion-gallery-image-size-fixed\" \/><\/a><\/div><\/div><div style=\"padding:5px;\" class=\"fusion-grid-column fusion-gallery-column fusion-gallery-column-6 hover-type-zoomin\"><div class=\"fusion-gallery-image\"><a href=\"https:\/\/afc.cat\/wp-content\/uploads\/2025\/04\/8-Clara-Lopez-Colomer-104-Enquadrant-el-cel.jpg\" data-title=\"8-Clara Lopez Colomer-104-Enquadrant el cel\" title=\"8-Clara Lopez Colomer-104-Enquadrant el cel\" rel=\"noreferrer\" data-rel=\"iLightbox[gallery_image_2]\" class=\"fusion-lightbox\" target=\"_self\"><img decoding=\"async\" src=\"https:\/\/afc.cat\/wp-content\/uploads\/2025\/04\/8-Clara-Lopez-Colomer-104-Enquadrant-el-cel-320x202.jpg\" width=\"320\" height=\"202\" alt=\"\" title=\"8-Clara Lopez Colomer-104-Enquadrant el cel\" aria-label=\"8-Clara Lopez Colomer-104-Enquadrant el cel\" class=\"img-responsive wp-image-42789 fusion-gallery-image-size-fixed\" \/><\/a><\/div><\/div><div style=\"padding:5px;\" class=\"fusion-grid-column fusion-gallery-column fusion-gallery-column-6 hover-type-zoomin\"><div class=\"fusion-gallery-image\"><a href=\"https:\/\/afc.cat\/wp-content\/uploads\/2025\/04\/9-Merce-Rios-Bejar-104-ESPERANT-DSC_0107.jpg\" data-title=\"9-Merc\u00e8 R\u00edos Bejar-104-ESPERANT -DSC_0107\" title=\"9-Merc\u00e8 R\u00edos Bejar-104-ESPERANT -DSC_0107\" rel=\"noreferrer\" data-rel=\"iLightbox[gallery_image_2]\" class=\"fusion-lightbox\" target=\"_self\"><img decoding=\"async\" src=\"https:\/\/afc.cat\/wp-content\/uploads\/2025\/04\/9-Merce-Rios-Bejar-104-ESPERANT-DSC_0107-320x202.jpg\" width=\"320\" height=\"202\" alt=\"\" title=\"9-Merc\u00e8 R\u00edos Bejar-104-ESPERANT -DSC_0107\" aria-label=\"9-Merc\u00e8 R\u00edos Bejar-104-ESPERANT -DSC_0107\" class=\"img-responsive wp-image-42791 fusion-gallery-image-size-fixed\" srcset=\"https:\/\/afc.cat\/wp-content\/uploads\/2025\/04\/9-Merce-Rios-Bejar-104-ESPERANT-DSC_0107-320x202.jpg 320w, https:\/\/afc.cat\/wp-content\/uploads\/2025\/04\/9-Merce-Rios-Bejar-104-ESPERANT-DSC_0107-700x441.jpg 700w\" sizes=\"(max-width: 320px) 100vw, 320px\" \/><\/a><\/div><\/div><div style=\"padding:5px;\" class=\"fusion-grid-column fusion-gallery-column fusion-gallery-column-6 hover-type-zoomin\"><div class=\"fusion-gallery-image\"><a href=\"https:\/\/afc.cat\/wp-content\/uploads\/2025\/04\/10-Lluis-Porcel-Gimenez-104-IMGP3585.jpg\" data-title=\"10-Llu\u00eds Porcel Gim\u00e9nez-104-IMGP3585\" title=\"10-Llu\u00eds Porcel Gim\u00e9nez-104-IMGP3585\" rel=\"noreferrer\" data-rel=\"iLightbox[gallery_image_2]\" class=\"fusion-lightbox\" target=\"_self\"><img decoding=\"async\" src=\"https:\/\/afc.cat\/wp-content\/uploads\/2025\/04\/10-Lluis-Porcel-Gimenez-104-IMGP3585-320x202.jpg\" width=\"320\" height=\"202\" alt=\"\" title=\"10-Llu\u00eds Porcel Gim\u00e9nez-104-IMGP3585\" aria-label=\"10-Llu\u00eds Porcel Gim\u00e9nez-104-IMGP3585\" class=\"img-responsive wp-image-42793 fusion-gallery-image-size-fixed\" srcset=\"https:\/\/afc.cat\/wp-content\/uploads\/2025\/04\/10-Lluis-Porcel-Gimenez-104-IMGP3585-320x202.jpg 320w, https:\/\/afc.cat\/wp-content\/uploads\/2025\/04\/10-Lluis-Porcel-Gimenez-104-IMGP3585-700x441.jpg 700w\" sizes=\"(max-width: 320px) 100vw, 320px\" \/><\/a><\/div><\/div><div class=\"clearfix\"><\/div><div style=\"padding:5px;\" class=\"fusion-grid-column fusion-gallery-column fusion-gallery-column-6 hover-type-zoomin\"><div class=\"fusion-gallery-image\"><a href=\"https:\/\/afc.cat\/wp-content\/uploads\/2025\/04\/11-oscar-daniel-giordano-leis-104-INVERNADEERO.jpg\" data-title=\"11-oscar daniel giordano leis-104-INVERNADEERO\" title=\"11-oscar daniel giordano leis-104-INVERNADEERO\" rel=\"noreferrer\" data-rel=\"iLightbox[gallery_image_2]\" class=\"fusion-lightbox\" target=\"_self\"><img decoding=\"async\" src=\"https:\/\/afc.cat\/wp-content\/uploads\/2025\/04\/11-oscar-daniel-giordano-leis-104-INVERNADEERO-320x202.jpg\" width=\"320\" height=\"202\" alt=\"\" title=\"11-oscar daniel giordano leis-104-INVERNADEERO\" aria-label=\"11-oscar daniel giordano leis-104-INVERNADEERO\" class=\"img-responsive wp-image-42795 fusion-gallery-image-size-fixed\" srcset=\"https:\/\/afc.cat\/wp-content\/uploads\/2025\/04\/11-oscar-daniel-giordano-leis-104-INVERNADEERO-320x202.jpg 320w, https:\/\/afc.cat\/wp-content\/uploads\/2025\/04\/11-oscar-daniel-giordano-leis-104-INVERNADEERO-700x441.jpg 700w\" sizes=\"(max-width: 320px) 100vw, 320px\" \/><\/a><\/div><\/div><div style=\"padding:5px;\" class=\"fusion-grid-column fusion-gallery-column fusion-gallery-column-6 hover-type-zoomin\"><div class=\"fusion-gallery-image\"><a href=\"https:\/\/afc.cat\/wp-content\/uploads\/2025\/04\/12-Rosa-Cristofol-Martinez-104-Pont.jpg\" data-title=\"12-Rosa Crist\u00f2fol Mart\u00ednez-104-Pont\" title=\"12-Rosa Crist\u00f2fol Mart\u00ednez-104-Pont\" rel=\"noreferrer\" data-rel=\"iLightbox[gallery_image_2]\" class=\"fusion-lightbox\" target=\"_self\"><img decoding=\"async\" src=\"https:\/\/afc.cat\/wp-content\/uploads\/2025\/04\/12-Rosa-Cristofol-Martinez-104-Pont-320x202.jpg\" width=\"320\" height=\"202\" alt=\"\" title=\"12-Rosa Crist\u00f2fol Mart\u00ednez-104-Pont\" aria-label=\"12-Rosa Crist\u00f2fol Mart\u00ednez-104-Pont\" class=\"img-responsive wp-image-42797 fusion-gallery-image-size-fixed\" srcset=\"https:\/\/afc.cat\/wp-content\/uploads\/2025\/04\/12-Rosa-Cristofol-Martinez-104-Pont-320x202.jpg 320w, https:\/\/afc.cat\/wp-content\/uploads\/2025\/04\/12-Rosa-Cristofol-Martinez-104-Pont-700x441.jpg 700w\" sizes=\"(max-width: 320px) 100vw, 320px\" \/><\/a><\/div><\/div><div style=\"padding:5px;\" class=\"fusion-grid-column fusion-gallery-column fusion-gallery-column-6 hover-type-zoomin\"><div class=\"fusion-gallery-image\"><a href=\"https:\/\/afc.cat\/wp-content\/uploads\/2025\/04\/13-Dolors-Ventura-Canellas-104-UNA-ESTRELLA-A-PUNT-DE-CAURE.jpg\" data-title=\"13-Dolors Ventura Ca\u00f1ellas-104-UNA ESTRELLA A PUNT DE CAURE\" title=\"13-Dolors Ventura Ca\u00f1ellas-104-UNA ESTRELLA A PUNT DE CAURE\" rel=\"noreferrer\" data-rel=\"iLightbox[gallery_image_2]\" class=\"fusion-lightbox\" target=\"_self\"><img decoding=\"async\" src=\"https:\/\/afc.cat\/wp-content\/uploads\/2025\/04\/13-Dolors-Ventura-Canellas-104-UNA-ESTRELLA-A-PUNT-DE-CAURE-320x202.jpg\" width=\"320\" height=\"202\" alt=\"\" title=\"13-Dolors Ventura Ca\u00f1ellas-104-UNA ESTRELLA A PUNT DE CAURE\" aria-label=\"13-Dolors Ventura Ca\u00f1ellas-104-UNA ESTRELLA A PUNT DE CAURE\" class=\"img-responsive wp-image-42799 fusion-gallery-image-size-fixed\" srcset=\"https:\/\/afc.cat\/wp-content\/uploads\/2025\/04\/13-Dolors-Ventura-Canellas-104-UNA-ESTRELLA-A-PUNT-DE-CAURE-320x202.jpg 320w, https:\/\/afc.cat\/wp-content\/uploads\/2025\/04\/13-Dolors-Ventura-Canellas-104-UNA-ESTRELLA-A-PUNT-DE-CAURE-700x441.jpg 700w\" sizes=\"(max-width: 320px) 100vw, 320px\" \/><\/a><\/div><\/div><div style=\"padding:5px;\" class=\"fusion-grid-column fusion-gallery-column fusion-gallery-column-6 hover-type-zoomin\"><div class=\"fusion-gallery-image\"><a href=\"https:\/\/afc.cat\/wp-content\/uploads\/2025\/04\/14-Josep-Alonso-Gonzalez-103-Albada-geometrica.jpg\" data-title=\"14-Josep Alonso Gonzalez-103-Albada geometrica\" title=\"14-Josep Alonso Gonzalez-103-Albada geometrica\" rel=\"noreferrer\" data-rel=\"iLightbox[gallery_image_2]\" class=\"fusion-lightbox\" target=\"_self\"><img decoding=\"async\" src=\"https:\/\/afc.cat\/wp-content\/uploads\/2025\/04\/14-Josep-Alonso-Gonzalez-103-Albada-geometrica-320x202.jpg\" width=\"320\" height=\"202\" alt=\"\" title=\"14-Josep Alonso Gonzalez-103-Albada geometrica\" aria-label=\"14-Josep Alonso Gonzalez-103-Albada geometrica\" class=\"img-responsive wp-image-42801 fusion-gallery-image-size-fixed\" srcset=\"https:\/\/afc.cat\/wp-content\/uploads\/2025\/04\/14-Josep-Alonso-Gonzalez-103-Albada-geometrica-320x202.jpg 320w, https:\/\/afc.cat\/wp-content\/uploads\/2025\/04\/14-Josep-Alonso-Gonzalez-103-Albada-geometrica-700x441.jpg 700w\" sizes=\"(max-width: 320px) 100vw, 320px\" \/><\/a><\/div><\/div><div style=\"padding:5px;\" class=\"fusion-grid-column fusion-gallery-column fusion-gallery-column-6 hover-type-zoomin\"><div class=\"fusion-gallery-image\"><a href=\"https:\/\/afc.cat\/wp-content\/uploads\/2025\/04\/15-Josep-Recio-Romaguera-103-geometria-de-finestres-2.jpg\" data-title=\"15-Josep Recio Romaguera-103-geometria de finestres 2\" title=\"15-Josep Recio Romaguera-103-geometria de finestres 2\" rel=\"noreferrer\" data-rel=\"iLightbox[gallery_image_2]\" class=\"fusion-lightbox\" target=\"_self\"><img decoding=\"async\" src=\"https:\/\/afc.cat\/wp-content\/uploads\/2025\/04\/15-Josep-Recio-Romaguera-103-geometria-de-finestres-2-320x202.jpg\" width=\"320\" height=\"202\" alt=\"\" title=\"15-Josep Recio Romaguera-103-geometria de finestres 2\" aria-label=\"15-Josep Recio Romaguera-103-geometria de finestres 2\" class=\"img-responsive wp-image-42803 fusion-gallery-image-size-fixed\" \/><\/a><\/div><\/div><div style=\"padding:5px;\" class=\"fusion-grid-column fusion-gallery-column fusion-gallery-column-6 hover-type-zoomin\"><div class=\"fusion-gallery-image\"><a href=\"https:\/\/afc.cat\/wp-content\/uploads\/2025\/04\/16-Sara-Assens-Mampel-102-conjunt-de-geometries.jpg\" data-title=\"16-Sara Assens Mampel-102-conjunt de geometries\" title=\"16-Sara Assens Mampel-102-conjunt de geometries\" rel=\"noreferrer\" data-rel=\"iLightbox[gallery_image_2]\" class=\"fusion-lightbox\" target=\"_self\"><img decoding=\"async\" src=\"https:\/\/afc.cat\/wp-content\/uploads\/2025\/04\/16-Sara-Assens-Mampel-102-conjunt-de-geometries-320x202.jpg\" width=\"320\" height=\"202\" alt=\"\" title=\"16-Sara Assens Mampel-102-conjunt de geometries\" aria-label=\"16-Sara Assens Mampel-102-conjunt de geometries\" class=\"img-responsive wp-image-42805 fusion-gallery-image-size-fixed\" \/><\/a><\/div><\/div><div class=\"clearfix\"><\/div><div style=\"padding:5px;\" class=\"fusion-grid-column fusion-gallery-column fusion-gallery-column-6 hover-type-zoomin\"><div class=\"fusion-gallery-image\"><a href=\"https:\/\/afc.cat\/wp-content\/uploads\/2025\/04\/17-Jordi-Meseguer-Rafales-102-Formes-geometriques.jpg\" data-title=\"17-Jordi Meseguer Rafales-102-Formes geometriques\" title=\"17-Jordi Meseguer Rafales-102-Formes geometriques\" rel=\"noreferrer\" data-rel=\"iLightbox[gallery_image_2]\" class=\"fusion-lightbox\" target=\"_self\"><img decoding=\"async\" src=\"https:\/\/afc.cat\/wp-content\/uploads\/2025\/04\/17-Jordi-Meseguer-Rafales-102-Formes-geometriques-320x202.jpg\" width=\"320\" height=\"202\" alt=\"\" title=\"17-Jordi Meseguer Rafales-102-Formes geometriques\" aria-label=\"17-Jordi Meseguer Rafales-102-Formes geometriques\" class=\"img-responsive wp-image-42807 fusion-gallery-image-size-fixed\" srcset=\"https:\/\/afc.cat\/wp-content\/uploads\/2025\/04\/17-Jordi-Meseguer-Rafales-102-Formes-geometriques-320x202.jpg 320w, https:\/\/afc.cat\/wp-content\/uploads\/2025\/04\/17-Jordi-Meseguer-Rafales-102-Formes-geometriques-700x441.jpg 700w\" sizes=\"(max-width: 320px) 100vw, 320px\" \/><\/a><\/div><\/div><div style=\"padding:5px;\" class=\"fusion-grid-column fusion-gallery-column fusion-gallery-column-6 hover-type-zoomin\"><div class=\"fusion-gallery-image\"><a href=\"https:\/\/afc.cat\/wp-content\/uploads\/2025\/04\/18-Carmen-Casademont-Ribot-102-Geometria-pintada.jpg\" data-title=\"18-Carmen Casademont Ribot-102-Geometria pintada\" title=\"18-Carmen Casademont Ribot-102-Geometria pintada\" rel=\"noreferrer\" data-rel=\"iLightbox[gallery_image_2]\" class=\"fusion-lightbox\" target=\"_self\"><img decoding=\"async\" src=\"https:\/\/afc.cat\/wp-content\/uploads\/2025\/04\/18-Carmen-Casademont-Ribot-102-Geometria-pintada-320x202.jpg\" width=\"320\" height=\"202\" alt=\"\" title=\"18-Carmen Casademont Ribot-102-Geometria pintada\" aria-label=\"18-Carmen Casademont Ribot-102-Geometria pintada\" class=\"img-responsive wp-image-42809 fusion-gallery-image-size-fixed\" \/><\/a><\/div><\/div><div style=\"padding:5px;\" class=\"fusion-grid-column fusion-gallery-column fusion-gallery-column-6 hover-type-zoomin\"><div class=\"fusion-gallery-image\"><a href=\"https:\/\/afc.cat\/wp-content\/uploads\/2025\/04\/19-Miquel-Cabre-102-Sageta-encantada.jpg\" data-title=\"19-Miquel Cabr\u00e9-102-Sageta encantada\" title=\"19-Miquel Cabr\u00e9-102-Sageta encantada\" rel=\"noreferrer\" data-rel=\"iLightbox[gallery_image_2]\" class=\"fusion-lightbox\" target=\"_self\"><img decoding=\"async\" src=\"https:\/\/afc.cat\/wp-content\/uploads\/2025\/04\/19-Miquel-Cabre-102-Sageta-encantada-320x202.jpg\" width=\"320\" height=\"202\" alt=\"\" title=\"19-Miquel Cabr\u00e9-102-Sageta encantada\" aria-label=\"19-Miquel Cabr\u00e9-102-Sageta encantada\" class=\"img-responsive wp-image-42811 fusion-gallery-image-size-fixed\" \/><\/a><\/div><\/div><div style=\"padding:5px;\" class=\"fusion-grid-column fusion-gallery-column fusion-gallery-column-6 hover-type-zoomin\"><div class=\"fusion-gallery-image\"><a href=\"https:\/\/afc.cat\/wp-content\/uploads\/2025\/04\/20-Carme-Mur-Calvo-100-Figures-abstractes-dins-geometria.jpg\" data-title=\"20-Carme Mur Calv\u00f3-100-Figures abstractes dins geometria\" title=\"20-Carme Mur Calv\u00f3-100-Figures abstractes dins geometria\" rel=\"noreferrer\" data-rel=\"iLightbox[gallery_image_2]\" class=\"fusion-lightbox\" target=\"_self\"><img decoding=\"async\" src=\"https:\/\/afc.cat\/wp-content\/uploads\/2025\/04\/20-Carme-Mur-Calvo-100-Figures-abstractes-dins-geometria-320x202.jpg\" width=\"320\" height=\"202\" alt=\"\" title=\"20-Carme Mur Calv\u00f3-100-Figures abstractes dins geometria\" aria-label=\"20-Carme Mur Calv\u00f3-100-Figures abstractes dins geometria\" class=\"img-responsive wp-image-42813 fusion-gallery-image-size-fixed\" srcset=\"https:\/\/afc.cat\/wp-content\/uploads\/2025\/04\/20-Carme-Mur-Calvo-100-Figures-abstractes-dins-geometria-320x202.jpg 320w, https:\/\/afc.cat\/wp-content\/uploads\/2025\/04\/20-Carme-Mur-Calvo-100-Figures-abstractes-dins-geometria-700x441.jpg 700w\" sizes=\"(max-width: 320px) 100vw, 320px\" \/><\/a><\/div><\/div><div style=\"padding:5px;\" class=\"fusion-grid-column fusion-gallery-column fusion-gallery-column-6 hover-type-zoomin\"><div class=\"fusion-gallery-image\"><a href=\"https:\/\/afc.cat\/wp-content\/uploads\/2025\/04\/21-Antoni-Conesa-Domenech-100-Geometries-Fatxada-Cine-Palau-BalanyaDSCN3002.jpg\" data-title=\"21-Antoni Conesa Dom\u00e8nech-100-Geometries Fatxada Cine Palau BalanyaDSCN3002\" title=\"21-Antoni Conesa Dom\u00e8nech-100-Geometries Fatxada Cine Palau BalanyaDSCN3002\" rel=\"noreferrer\" data-rel=\"iLightbox[gallery_image_2]\" class=\"fusion-lightbox\" target=\"_self\"><img decoding=\"async\" src=\"https:\/\/afc.cat\/wp-content\/uploads\/2025\/04\/21-Antoni-Conesa-Domenech-100-Geometries-Fatxada-Cine-Palau-BalanyaDSCN3002-320x202.jpg\" width=\"320\" height=\"202\" alt=\"\" title=\"21-Antoni Conesa Dom\u00e8nech-100-Geometries Fatxada Cine Palau BalanyaDSCN3002\" aria-label=\"21-Antoni Conesa Dom\u00e8nech-100-Geometries Fatxada Cine Palau BalanyaDSCN3002\" class=\"img-responsive wp-image-42815 fusion-gallery-image-size-fixed\" srcset=\"https:\/\/afc.cat\/wp-content\/uploads\/2025\/04\/21-Antoni-Conesa-Domenech-100-Geometries-Fatxada-Cine-Palau-BalanyaDSCN3002-320x202.jpg 320w, https:\/\/afc.cat\/wp-content\/uploads\/2025\/04\/21-Antoni-Conesa-Domenech-100-Geometries-Fatxada-Cine-Palau-BalanyaDSCN3002-700x441.jpg 700w\" sizes=\"(max-width: 320px) 100vw, 320px\" \/><\/a><\/div><\/div><div style=\"padding:5px;\" class=\"fusion-grid-column fusion-gallery-column fusion-gallery-column-6 hover-type-zoomin\"><div class=\"fusion-gallery-image\"><a href=\"https:\/\/afc.cat\/wp-content\/uploads\/2025\/04\/22-Gabriel-Bertran-Niculau-99-geometria-urbana.jpg\" data-title=\"22-Gabriel Bertran Niculau-99-geometria urbana\" title=\"22-Gabriel Bertran Niculau-99-geometria urbana\" rel=\"noreferrer\" data-rel=\"iLightbox[gallery_image_2]\" class=\"fusion-lightbox\" target=\"_self\"><img decoding=\"async\" src=\"https:\/\/afc.cat\/wp-content\/uploads\/2025\/04\/22-Gabriel-Bertran-Niculau-99-geometria-urbana-320x202.jpg\" width=\"320\" height=\"202\" alt=\"\" title=\"22-Gabriel Bertran Niculau-99-geometria urbana\" aria-label=\"22-Gabriel Bertran Niculau-99-geometria urbana\" class=\"img-responsive wp-image-42817 fusion-gallery-image-size-fixed\" srcset=\"https:\/\/afc.cat\/wp-content\/uploads\/2025\/04\/22-Gabriel-Bertran-Niculau-99-geometria-urbana-320x202.jpg 320w, https:\/\/afc.cat\/wp-content\/uploads\/2025\/04\/22-Gabriel-Bertran-Niculau-99-geometria-urbana-700x441.jpg 700w\" sizes=\"(max-width: 320px) 100vw, 320px\" \/><\/a><\/div><\/div><div class=\"clearfix\"><\/div><div style=\"padding:5px;\" class=\"fusion-grid-column fusion-gallery-column fusion-gallery-column-6 hover-type-zoomin\"><div class=\"fusion-gallery-image\"><a href=\"https:\/\/afc.cat\/wp-content\/uploads\/2025\/04\/23-David-Penarroya-Hernandez-98-Geometria-en-Color.jpg\" data-title=\"23-David Pe\u00f1arroya Hernandez-98-Geometria en Color\" title=\"23-David Pe\u00f1arroya Hernandez-98-Geometria en Color\" rel=\"noreferrer\" data-rel=\"iLightbox[gallery_image_2]\" class=\"fusion-lightbox\" target=\"_self\"><img decoding=\"async\" src=\"https:\/\/afc.cat\/wp-content\/uploads\/2025\/04\/23-David-Penarroya-Hernandez-98-Geometria-en-Color-320x202.jpg\" width=\"320\" height=\"202\" alt=\"\" title=\"23-David Pe\u00f1arroya Hernandez-98-Geometria en Color\" aria-label=\"23-David Pe\u00f1arroya Hernandez-98-Geometria en Color\" class=\"img-responsive wp-image-42819 fusion-gallery-image-size-fixed\" \/><\/a><\/div><\/div><div style=\"padding:5px;\" class=\"fusion-grid-column fusion-gallery-column fusion-gallery-column-6 hover-type-zoomin\"><div class=\"fusion-gallery-image\"><a href=\"https:\/\/afc.cat\/wp-content\/uploads\/2025\/04\/24-Francisco-Olmos-Cubero-97-Monolito.jpg\" data-title=\"24-Francisco Olmos Cubero-97-Monolito\" title=\"24-Francisco Olmos Cubero-97-Monolito\" rel=\"noreferrer\" data-rel=\"iLightbox[gallery_image_2]\" class=\"fusion-lightbox\" target=\"_self\"><img decoding=\"async\" src=\"https:\/\/afc.cat\/wp-content\/uploads\/2025\/04\/24-Francisco-Olmos-Cubero-97-Monolito-320x202.jpg\" width=\"320\" height=\"202\" alt=\"\" title=\"24-Francisco Olmos Cubero-97-Monolito\" aria-label=\"24-Francisco Olmos Cubero-97-Monolito\" class=\"img-responsive wp-image-42821 fusion-gallery-image-size-fixed\" \/><\/a><\/div><\/div><div style=\"padding:5px;\" class=\"fusion-grid-column fusion-gallery-column fusion-gallery-column-6 hover-type-zoomin\"><div class=\"fusion-gallery-image\"><a href=\"https:\/\/afc.cat\/wp-content\/uploads\/2025\/04\/25-Damia-Tous-Vazquez-94-Admirant-Gaudi.jpg\" data-title=\"25-Dami\u00e0 Tous Vazquez-94-Admirant Gaud\u00ed\" title=\"25-Dami\u00e0 Tous Vazquez-94-Admirant Gaud\u00ed\" rel=\"noreferrer\" data-rel=\"iLightbox[gallery_image_2]\" class=\"fusion-lightbox\" target=\"_self\"><img decoding=\"async\" src=\"https:\/\/afc.cat\/wp-content\/uploads\/2025\/04\/25-Damia-Tous-Vazquez-94-Admirant-Gaudi-320x202.jpg\" width=\"320\" height=\"202\" alt=\"\" title=\"25-Dami\u00e0 Tous Vazquez-94-Admirant Gaud\u00ed\" aria-label=\"25-Dami\u00e0 Tous Vazquez-94-Admirant Gaud\u00ed\" class=\"img-responsive wp-image-42823 fusion-gallery-image-size-fixed\" \/><\/a><\/div><\/div><div style=\"padding:5px;\" class=\"fusion-grid-column fusion-gallery-column fusion-gallery-column-6 hover-type-zoomin\"><div class=\"fusion-gallery-image\"><a href=\"https:\/\/afc.cat\/wp-content\/uploads\/2025\/04\/26-Ramon-Riera-94-Encreuamenta.jpg\" data-title=\"26-Ramon Riera-94-Encreuamenta\" title=\"26-Ramon Riera-94-Encreuamenta\" rel=\"noreferrer\" data-rel=\"iLightbox[gallery_image_2]\" class=\"fusion-lightbox\" target=\"_self\"><img decoding=\"async\" src=\"https:\/\/afc.cat\/wp-content\/uploads\/2025\/04\/26-Ramon-Riera-94-Encreuamenta-320x202.jpg\" width=\"320\" height=\"202\" alt=\"\" title=\"26-Ramon Riera-94-Encreuamenta\" aria-label=\"26-Ramon Riera-94-Encreuamenta\" class=\"img-responsive wp-image-42825 fusion-gallery-image-size-fixed\" srcset=\"https:\/\/afc.cat\/wp-content\/uploads\/2025\/04\/26-Ramon-Riera-94-Encreuamenta-320x202.jpg 320w, https:\/\/afc.cat\/wp-content\/uploads\/2025\/04\/26-Ramon-Riera-94-Encreuamenta-700x441.jpg 700w\" sizes=\"(max-width: 320px) 100vw, 320px\" \/><\/a><\/div><\/div><div style=\"padding:5px;\" class=\"fusion-grid-column fusion-gallery-column fusion-gallery-column-6 hover-type-zoomin\"><div class=\"fusion-gallery-image\"><a href=\"https:\/\/afc.cat\/wp-content\/uploads\/2025\/04\/27-Josep-Maria-Bonjoch-Trilla-94-Oculus-Nova-York.jpg\" data-title=\"27-Josep Maria Bonjoch Trilla-94-Oculus Nova York\" title=\"27-Josep Maria Bonjoch Trilla-94-Oculus Nova York\" rel=\"noreferrer\" data-rel=\"iLightbox[gallery_image_2]\" class=\"fusion-lightbox\" target=\"_self\"><img decoding=\"async\" src=\"https:\/\/afc.cat\/wp-content\/uploads\/2025\/04\/27-Josep-Maria-Bonjoch-Trilla-94-Oculus-Nova-York-320x202.jpg\" width=\"320\" height=\"202\" alt=\"\" title=\"27-Josep Maria Bonjoch Trilla-94-Oculus Nova York\" aria-label=\"27-Josep Maria Bonjoch Trilla-94-Oculus Nova York\" class=\"img-responsive wp-image-42827 fusion-gallery-image-size-fixed\" srcset=\"https:\/\/afc.cat\/wp-content\/uploads\/2025\/04\/27-Josep-Maria-Bonjoch-Trilla-94-Oculus-Nova-York-320x202.jpg 320w, https:\/\/afc.cat\/wp-content\/uploads\/2025\/04\/27-Josep-Maria-Bonjoch-Trilla-94-Oculus-Nova-York-700x441.jpg 700w\" sizes=\"(max-width: 320px) 100vw, 320px\" \/><\/a><\/div><\/div><div style=\"padding:5px;\" class=\"fusion-grid-column fusion-gallery-column fusion-gallery-column-6 hover-type-zoomin\"><div class=\"fusion-gallery-image\"><a href=\"https:\/\/afc.cat\/wp-content\/uploads\/2025\/04\/28-Nuria-Noguera-German-93-Formes-diverses.jpg\" data-title=\"28-N\u00faria Noguera German-93-Formes diverses\" title=\"28-N\u00faria Noguera German-93-Formes diverses\" rel=\"noreferrer\" data-rel=\"iLightbox[gallery_image_2]\" class=\"fusion-lightbox\" target=\"_self\"><img decoding=\"async\" src=\"https:\/\/afc.cat\/wp-content\/uploads\/2025\/04\/28-Nuria-Noguera-German-93-Formes-diverses-320x202.jpg\" width=\"320\" height=\"202\" alt=\"\" title=\"28-N\u00faria Noguera German-93-Formes diverses\" aria-label=\"28-N\u00faria Noguera German-93-Formes diverses\" class=\"img-responsive wp-image-42829 fusion-gallery-image-size-fixed\" srcset=\"https:\/\/afc.cat\/wp-content\/uploads\/2025\/04\/28-Nuria-Noguera-German-93-Formes-diverses-320x202.jpg 320w, https:\/\/afc.cat\/wp-content\/uploads\/2025\/04\/28-Nuria-Noguera-German-93-Formes-diverses-700x441.jpg 700w\" sizes=\"(max-width: 320px) 100vw, 320px\" \/><\/a><\/div><\/div><div class=\"clearfix\"><\/div><div style=\"padding:5px;\" class=\"fusion-grid-column fusion-gallery-column fusion-gallery-column-6 hover-type-zoomin\"><div class=\"fusion-gallery-image\"><a href=\"https:\/\/afc.cat\/wp-content\/uploads\/2025\/04\/29-Francesca-Portoles-Braso-93-Interior.jpg\" data-title=\"29-Francesca Portol\u00e9s Bras\u00f3-93-Interior\" title=\"29-Francesca Portol\u00e9s Bras\u00f3-93-Interior\" rel=\"noreferrer\" data-rel=\"iLightbox[gallery_image_2]\" class=\"fusion-lightbox\" target=\"_self\"><img decoding=\"async\" src=\"https:\/\/afc.cat\/wp-content\/uploads\/2025\/04\/29-Francesca-Portoles-Braso-93-Interior-320x202.jpg\" width=\"320\" height=\"202\" alt=\"\" title=\"29-Francesca Portol\u00e9s Bras\u00f3-93-Interior\" aria-label=\"29-Francesca Portol\u00e9s Bras\u00f3-93-Interior\" class=\"img-responsive wp-image-42831 fusion-gallery-image-size-fixed\" \/><\/a><\/div><\/div><div style=\"padding:5px;\" class=\"fusion-grid-column fusion-gallery-column fusion-gallery-column-6 hover-type-zoomin\"><div class=\"fusion-gallery-image\"><a href=\"https:\/\/afc.cat\/wp-content\/uploads\/2025\/04\/30-Maxim-Poncela-Adot-93-Linies-cuadrats-i-cilindre.jpg\" data-title=\"30-M\u00e0xim Poncela Adot-93-Linies cuadrats i cilindre\" title=\"30-M\u00e0xim Poncela Adot-93-Linies cuadrats i cilindre\" rel=\"noreferrer\" data-rel=\"iLightbox[gallery_image_2]\" class=\"fusion-lightbox\" target=\"_self\"><img decoding=\"async\" src=\"https:\/\/afc.cat\/wp-content\/uploads\/2025\/04\/30-Maxim-Poncela-Adot-93-Linies-cuadrats-i-cilindre-320x202.jpg\" width=\"320\" height=\"202\" alt=\"\" title=\"30-M\u00e0xim Poncela Adot-93-Linies cuadrats i cilindre\" aria-label=\"30-M\u00e0xim Poncela Adot-93-Linies cuadrats i cilindre\" class=\"img-responsive wp-image-42833 fusion-gallery-image-size-fixed\" \/><\/a><\/div><\/div><div style=\"padding:5px;\" class=\"fusion-grid-column fusion-gallery-column fusion-gallery-column-6 hover-type-zoomin\"><div class=\"fusion-gallery-image\"><a href=\"https:\/\/afc.cat\/wp-content\/uploads\/2025\/04\/31-Esperanca-Sanz-Marin-93-SJdD.jpg\" data-title=\"31-Esperan\u00e7a Sanz Marin-93-SJdD\" title=\"31-Esperan\u00e7a Sanz Marin-93-SJdD\" rel=\"noreferrer\" data-rel=\"iLightbox[gallery_image_2]\" class=\"fusion-lightbox\" target=\"_self\"><img decoding=\"async\" src=\"https:\/\/afc.cat\/wp-content\/uploads\/2025\/04\/31-Esperanca-Sanz-Marin-93-SJdD-320x202.jpg\" width=\"320\" height=\"202\" alt=\"\" title=\"31-Esperan\u00e7a Sanz Marin-93-SJdD\" aria-label=\"31-Esperan\u00e7a Sanz Marin-93-SJdD\" class=\"img-responsive wp-image-42835 fusion-gallery-image-size-fixed\" srcset=\"https:\/\/afc.cat\/wp-content\/uploads\/2025\/04\/31-Esperanca-Sanz-Marin-93-SJdD-320x202.jpg 320w, https:\/\/afc.cat\/wp-content\/uploads\/2025\/04\/31-Esperanca-Sanz-Marin-93-SJdD-700x441.jpg 700w\" sizes=\"(max-width: 320px) 100vw, 320px\" \/><\/a><\/div><\/div><div style=\"padding:5px;\" class=\"fusion-grid-column fusion-gallery-column fusion-gallery-column-6 hover-type-zoomin\"><div class=\"fusion-gallery-image\"><a href=\"https:\/\/afc.cat\/wp-content\/uploads\/2025\/04\/32-Josep-Soler-Vendrell-92-PORXADA-A-VIENA.jpg\" data-title=\"32-Josep Soler Vendrell-92-PORXADA A VIENA\" title=\"32-Josep Soler Vendrell-92-PORXADA A VIENA\" rel=\"noreferrer\" data-rel=\"iLightbox[gallery_image_2]\" class=\"fusion-lightbox\" target=\"_self\"><img decoding=\"async\" src=\"https:\/\/afc.cat\/wp-content\/uploads\/2025\/04\/32-Josep-Soler-Vendrell-92-PORXADA-A-VIENA-320x202.jpg\" width=\"320\" height=\"202\" alt=\"\" title=\"32-Josep Soler Vendrell-92-PORXADA A VIENA\" aria-label=\"32-Josep Soler Vendrell-92-PORXADA A VIENA\" class=\"img-responsive wp-image-42837 fusion-gallery-image-size-fixed\" srcset=\"https:\/\/afc.cat\/wp-content\/uploads\/2025\/04\/32-Josep-Soler-Vendrell-92-PORXADA-A-VIENA-320x202.jpg 320w, https:\/\/afc.cat\/wp-content\/uploads\/2025\/04\/32-Josep-Soler-Vendrell-92-PORXADA-A-VIENA-700x441.jpg 700w\" sizes=\"(max-width: 320px) 100vw, 320px\" \/><\/a><\/div><\/div><div style=\"padding:5px;\" class=\"fusion-grid-column fusion-gallery-column fusion-gallery-column-6 hover-type-zoomin\"><div class=\"fusion-gallery-image\"><a href=\"https:\/\/afc.cat\/wp-content\/uploads\/2025\/04\/33-Albert-Ballestero-Rosell-91-Cap-amunt.jpg\" data-title=\"33-Albert Ballestero Rosell-91-Cap amunt\" title=\"33-Albert Ballestero Rosell-91-Cap amunt\" rel=\"noreferrer\" data-rel=\"iLightbox[gallery_image_2]\" class=\"fusion-lightbox\" target=\"_self\"><img decoding=\"async\" src=\"https:\/\/afc.cat\/wp-content\/uploads\/2025\/04\/33-Albert-Ballestero-Rosell-91-Cap-amunt-320x202.jpg\" width=\"320\" height=\"202\" alt=\"\" title=\"33-Albert Ballestero Rosell-91-Cap amunt\" aria-label=\"33-Albert Ballestero Rosell-91-Cap amunt\" class=\"img-responsive wp-image-42839 fusion-gallery-image-size-fixed\" srcset=\"https:\/\/afc.cat\/wp-content\/uploads\/2025\/04\/33-Albert-Ballestero-Rosell-91-Cap-amunt-320x202.jpg 320w, https:\/\/afc.cat\/wp-content\/uploads\/2025\/04\/33-Albert-Ballestero-Rosell-91-Cap-amunt-700x441.jpg 700w\" sizes=\"(max-width: 320px) 100vw, 320px\" \/><\/a><\/div><\/div><div style=\"padding:5px;\" class=\"fusion-grid-column fusion-gallery-column fusion-gallery-column-6 hover-type-zoomin\"><div class=\"fusion-gallery-image\"><a href=\"https:\/\/afc.cat\/wp-content\/uploads\/2025\/04\/34-Pep-Vinyals-90-Obres.jpg\" data-title=\"34-Pep Vinyals-90-Obres\" title=\"34-Pep Vinyals-90-Obres\" rel=\"noreferrer\" data-rel=\"iLightbox[gallery_image_2]\" class=\"fusion-lightbox\" target=\"_self\"><img decoding=\"async\" src=\"https:\/\/afc.cat\/wp-content\/uploads\/2025\/04\/34-Pep-Vinyals-90-Obres-320x202.jpg\" width=\"320\" height=\"202\" alt=\"\" title=\"34-Pep Vinyals-90-Obres\" aria-label=\"34-Pep Vinyals-90-Obres\" class=\"img-responsive wp-image-42841 fusion-gallery-image-size-fixed\" srcset=\"https:\/\/afc.cat\/wp-content\/uploads\/2025\/04\/34-Pep-Vinyals-90-Obres-320x202.jpg 320w, https:\/\/afc.cat\/wp-content\/uploads\/2025\/04\/34-Pep-Vinyals-90-Obres-700x441.jpg 700w\" sizes=\"(max-width: 320px) 100vw, 320px\" \/><\/a><\/div><\/div><div class=\"clearfix\"><\/div><div style=\"padding:5px;\" class=\"fusion-grid-column fusion-gallery-column fusion-gallery-column-6 hover-type-zoomin\"><div class=\"fusion-gallery-image\"><a href=\"https:\/\/afc.cat\/wp-content\/uploads\/2025\/04\/35-XAVIER-RICOL-DOLSET-89-ESCAMPATS.jpg\" data-title=\"35-XAVIER RICOL DOLSET-89-ESCAMPATS\" title=\"35-XAVIER RICOL DOLSET-89-ESCAMPATS\" rel=\"noreferrer\" data-rel=\"iLightbox[gallery_image_2]\" class=\"fusion-lightbox\" target=\"_self\"><img decoding=\"async\" src=\"https:\/\/afc.cat\/wp-content\/uploads\/2025\/04\/35-XAVIER-RICOL-DOLSET-89-ESCAMPATS-320x202.jpg\" width=\"320\" height=\"202\" alt=\"\" title=\"35-XAVIER RICOL DOLSET-89-ESCAMPATS\" aria-label=\"35-XAVIER RICOL DOLSET-89-ESCAMPATS\" class=\"img-responsive wp-image-42843 fusion-gallery-image-size-fixed\" srcset=\"https:\/\/afc.cat\/wp-content\/uploads\/2025\/04\/35-XAVIER-RICOL-DOLSET-89-ESCAMPATS-320x202.jpg 320w, https:\/\/afc.cat\/wp-content\/uploads\/2025\/04\/35-XAVIER-RICOL-DOLSET-89-ESCAMPATS-700x441.jpg 700w\" sizes=\"(max-width: 320px) 100vw, 320px\" \/><\/a><\/div><\/div><div style=\"padding:5px;\" class=\"fusion-grid-column fusion-gallery-column fusion-gallery-column-6 hover-type-zoomin\"><div class=\"fusion-gallery-image\"><a href=\"https:\/\/afc.cat\/wp-content\/uploads\/2025\/04\/36-PERE-GRAUPERA-LANGA-87-Quadrats.jpg\" data-title=\"36-PERE GRAUPERA LANGA-87-Quadrats.\" title=\"36-PERE GRAUPERA LANGA-87-Quadrats.\" rel=\"noreferrer\" data-rel=\"iLightbox[gallery_image_2]\" class=\"fusion-lightbox\" target=\"_self\"><img decoding=\"async\" src=\"https:\/\/afc.cat\/wp-content\/uploads\/2025\/04\/36-PERE-GRAUPERA-LANGA-87-Quadrats-320x202.jpg\" width=\"320\" height=\"202\" alt=\"\" title=\"36-PERE GRAUPERA LANGA-87-Quadrats.\" aria-label=\"36-PERE GRAUPERA LANGA-87-Quadrats.\" class=\"img-responsive wp-image-42845 fusion-gallery-image-size-fixed\" srcset=\"https:\/\/afc.cat\/wp-content\/uploads\/2025\/04\/36-PERE-GRAUPERA-LANGA-87-Quadrats-320x202.jpg 320w, https:\/\/afc.cat\/wp-content\/uploads\/2025\/04\/36-PERE-GRAUPERA-LANGA-87-Quadrats-700x441.jpg 700w\" sizes=\"(max-width: 320px) 100vw, 320px\" \/><\/a><\/div><\/div><div style=\"padding:5px;\" class=\"fusion-grid-column fusion-gallery-column fusion-gallery-column-6 hover-type-zoomin\"><div class=\"fusion-gallery-image\"><a href=\"https:\/\/afc.cat\/wp-content\/uploads\/2025\/04\/37-Xavier-Bou-Salazar-86-Geometria-en-el-cielo.jpg\" data-title=\"37-Xavier Bou Salazar-86-Geometria en el cielo\" title=\"37-Xavier Bou Salazar-86-Geometria en el cielo\" rel=\"noreferrer\" data-rel=\"iLightbox[gallery_image_2]\" class=\"fusion-lightbox\" target=\"_self\"><img decoding=\"async\" src=\"https:\/\/afc.cat\/wp-content\/uploads\/2025\/04\/37-Xavier-Bou-Salazar-86-Geometria-en-el-cielo-320x202.jpg\" width=\"320\" height=\"202\" alt=\"\" title=\"37-Xavier Bou Salazar-86-Geometria en el cielo\" aria-label=\"37-Xavier Bou Salazar-86-Geometria en el cielo\" class=\"img-responsive wp-image-42847 fusion-gallery-image-size-fixed\" srcset=\"https:\/\/afc.cat\/wp-content\/uploads\/2025\/04\/37-Xavier-Bou-Salazar-86-Geometria-en-el-cielo-320x202.jpg 320w, https:\/\/afc.cat\/wp-content\/uploads\/2025\/04\/37-Xavier-Bou-Salazar-86-Geometria-en-el-cielo-700x441.jpg 700w\" sizes=\"(max-width: 320px) 100vw, 320px\" \/><\/a><\/div><\/div><div style=\"padding:5px;\" class=\"fusion-grid-column fusion-gallery-column fusion-gallery-column-6 hover-type-zoomin\"><div class=\"fusion-gallery-image\"><a href=\"https:\/\/afc.cat\/wp-content\/uploads\/2025\/04\/38-Antoni-Beneyto-Maria-84-Caixes-blaves.jpg\" data-title=\"38-Antoni Beneyto Maria-84-Caixes blaves\" title=\"38-Antoni Beneyto Maria-84-Caixes blaves\" rel=\"noreferrer\" data-rel=\"iLightbox[gallery_image_2]\" class=\"fusion-lightbox\" target=\"_self\"><img decoding=\"async\" src=\"https:\/\/afc.cat\/wp-content\/uploads\/2025\/04\/38-Antoni-Beneyto-Maria-84-Caixes-blaves-320x202.jpg\" width=\"320\" height=\"202\" alt=\"\" title=\"38-Antoni Beneyto Maria-84-Caixes blaves\" aria-label=\"38-Antoni Beneyto Maria-84-Caixes blaves\" class=\"img-responsive wp-image-42849 fusion-gallery-image-size-fixed\" srcset=\"https:\/\/afc.cat\/wp-content\/uploads\/2025\/04\/38-Antoni-Beneyto-Maria-84-Caixes-blaves-320x202.jpg 320w, https:\/\/afc.cat\/wp-content\/uploads\/2025\/04\/38-Antoni-Beneyto-Maria-84-Caixes-blaves-700x441.jpg 700w\" sizes=\"(max-width: 320px) 100vw, 320px\" \/><\/a><\/div><\/div><div style=\"padding:5px;\" class=\"fusion-grid-column fusion-gallery-column fusion-gallery-column-6 hover-type-zoomin\"><div class=\"fusion-gallery-image\"><a href=\"https:\/\/afc.cat\/wp-content\/uploads\/2025\/04\/39-ignacio-cuneo-liuboschitiz-83-Pergola.jpg\" data-title=\"39-ignacio cuneo liuboschitiz-83-Pergola\" title=\"39-ignacio cuneo liuboschitiz-83-Pergola\" rel=\"noreferrer\" data-rel=\"iLightbox[gallery_image_2]\" class=\"fusion-lightbox\" target=\"_self\"><img decoding=\"async\" src=\"https:\/\/afc.cat\/wp-content\/uploads\/2025\/04\/39-ignacio-cuneo-liuboschitiz-83-Pergola-320x202.jpg\" width=\"320\" height=\"202\" alt=\"\" title=\"39-ignacio cuneo liuboschitiz-83-Pergola\" aria-label=\"39-ignacio cuneo liuboschitiz-83-Pergola\" class=\"img-responsive wp-image-42851 fusion-gallery-image-size-fixed\" \/><\/a><\/div><\/div><\/div><div class=\"fusion-separator fusion-full-width-sep\" style=\"align-self: center;margin-left: auto;margin-right: auto;margin-top:20px;margin-bottom:20px;width:100%;\"><div class=\"fusion-separator-border sep-single sep-solid\" style=\"border-color:#3ec0bf;border-top-width:1px;\"><\/div><\/div><div style=\"text-align:center;\"><style>.fusion-button.button-1{border-radius:4px 4px 4px 4px;}<\/style><a class=\"fusion-button button-flat fusion-button-default-size button-default button-1 fusion-button-default-span fusion-button-default-type\" target=\"_self\" href=\"https:\/\/afc.cat\/es\/galerias\/\"><span class=\"fusion-button-text\">Volver a GALER\u00cdAS<\/span><\/a><\/div><\/div><style type=\"text\/css\">.fusion-body .fusion-builder-column-0{width:100% !important;margin-top : 0px;margin-bottom : 20px;}.fusion-builder-column-0 > .fusion-column-wrapper {padding-top : 0px !important;padding-right : 0px !important;margin-right : 1.92%;padding-bottom : 0px !important;padding-left : 0px !important;margin-left : 1.92%;}@media only screen and (max-width:1024px) {.fusion-body .fusion-builder-column-0{width:100% !important;order : 0;}.fusion-builder-column-0 > .fusion-column-wrapper {margin-right : 1.92%;margin-left : 1.92%;}}@media only screen and (max-width:640px) {.fusion-body .fusion-builder-column-0{width:100% !important;order : 0;}.fusion-builder-column-0 > .fusion-column-wrapper {margin-right : 1.92%;margin-left : 1.92%;}}<\/style><\/div><\/div><style type=\"text\/css\">.fusion-body .fusion-flex-container.fusion-builder-row-1{ padding-top : 0px;margin-top : 0px;padding-right : 0px;padding-bottom : 0px;margin-bottom : 0px;padding-left : 0px;}<\/style><\/div>\n","protected":false},"excerpt":{"rendered":"","protected":false},"author":33,"featured_media":42935,"menu_order":0,"comment_status":"open","ping_status":"closed","template":"","format":"standard","meta":{"_acf_changed":false,"footnotes":""},"portfolio_category":[158],"portfolio_skills":[],"portfolio_tags":[],"class_list":["post-42937","avada_portfolio","type-avada_portfolio","status-publish","format-standard","has-post-thumbnail","hentry","portfolio_category-concursos-es"],"acf":[],"yoast_head":"<!-- This site is optimized with the Yoast SEO plugin v27.5 - https:\/\/yoast.com\/product\/yoast-seo-wordpress\/ -->\n<title>Clasificaci\u00f3n concurso Temes Obligats 2024-2025 ABRIL 25 - Agrupaci\u00f3 Fotogr\u00e0fica de Catalunya<\/title>\n<meta name=\"robots\" content=\"index, follow, max-snippet:-1, max-image-preview:large, max-video-preview:-1\" \/>\n<link rel=\"canonical\" href=\"https:\/\/afc.cat\/es\/galeria\/clasificacion-concurso-temes-obligats-2024-2025-abril-25-2\/\" \/>\n<meta property=\"og:locale\" content=\"es_ES\" \/>\n<meta property=\"og:type\" content=\"article\" \/>\n<meta property=\"og:title\" content=\"Clasificaci\u00f3n concurso Temes Obligats 2024-2025 ABRIL 25 - Agrupaci\u00f3 Fotogr\u00e0fica de Catalunya\" \/>\n<meta property=\"og:url\" content=\"https:\/\/afc.cat\/es\/galeria\/clasificacion-concurso-temes-obligats-2024-2025-abril-25-2\/\" \/>\n<meta property=\"og:site_name\" content=\"Agrupaci\u00f3 Fotogr\u00e0fica de Catalunya\" \/>\n<meta property=\"article:modified_time\" content=\"2025-04-27T18:48:12+00:00\" \/>\n<meta property=\"og:image\" content=\"https:\/\/afc.cat\/wp-content\/uploads\/2025\/04\/TO-04-25-abril-25-esp.jpg\" \/>\n\t<meta property=\"og:image:width\" content=\"400\" \/>\n\t<meta property=\"og:image:height\" content=\"267\" \/>\n\t<meta property=\"og:image:type\" content=\"image\/jpeg\" \/>\n<meta name=\"twitter:card\" content=\"summary_large_image\" \/>\n<meta name=\"twitter:label1\" content=\"Tiempo de lectura\" \/>\n\t<meta name=\"twitter:data1\" content=\"7 minutos\" \/>\n<script type=\"application\/ld+json\" class=\"yoast-schema-graph\">{\"@context\":\"https:\\\/\\\/schema.org\",\"@graph\":[{\"@type\":\"WebPage\",\"@id\":\"https:\\\/\\\/afc.cat\\\/es\\\/galeria\\\/clasificacion-concurso-temes-obligats-2024-2025-abril-25-2\\\/\",\"url\":\"https:\\\/\\\/afc.cat\\\/es\\\/galeria\\\/clasificacion-concurso-temes-obligats-2024-2025-abril-25-2\\\/\",\"name\":\"Clasificaci\u00f3n concurso Temes Obligats 2024-2025 ABRIL 25 - Agrupaci\u00f3 Fotogr\u00e0fica de Catalunya\",\"isPartOf\":{\"@id\":\"https:\\\/\\\/afc.cat\\\/es\\\/#website\"},\"primaryImageOfPage\":{\"@id\":\"https:\\\/\\\/afc.cat\\\/es\\\/galeria\\\/clasificacion-concurso-temes-obligats-2024-2025-abril-25-2\\\/#primaryimage\"},\"image\":{\"@id\":\"https:\\\/\\\/afc.cat\\\/es\\\/galeria\\\/clasificacion-concurso-temes-obligats-2024-2025-abril-25-2\\\/#primaryimage\"},\"thumbnailUrl\":\"https:\\\/\\\/afc.cat\\\/wp-content\\\/uploads\\\/2025\\\/04\\\/TO-04-25-abril-25-esp.jpg\",\"datePublished\":\"2025-04-25T21:41:25+00:00\",\"dateModified\":\"2025-04-27T18:48:12+00:00\",\"breadcrumb\":{\"@id\":\"https:\\\/\\\/afc.cat\\\/es\\\/galeria\\\/clasificacion-concurso-temes-obligats-2024-2025-abril-25-2\\\/#breadcrumb\"},\"inLanguage\":\"es\",\"potentialAction\":[{\"@type\":\"ReadAction\",\"target\":[\"https:\\\/\\\/afc.cat\\\/es\\\/galeria\\\/clasificacion-concurso-temes-obligats-2024-2025-abril-25-2\\\/\"]}]},{\"@type\":\"ImageObject\",\"inLanguage\":\"es\",\"@id\":\"https:\\\/\\\/afc.cat\\\/es\\\/galeria\\\/clasificacion-concurso-temes-obligats-2024-2025-abril-25-2\\\/#primaryimage\",\"url\":\"https:\\\/\\\/afc.cat\\\/wp-content\\\/uploads\\\/2025\\\/04\\\/TO-04-25-abril-25-esp.jpg\",\"contentUrl\":\"https:\\\/\\\/afc.cat\\\/wp-content\\\/uploads\\\/2025\\\/04\\\/TO-04-25-abril-25-esp.jpg\",\"width\":400,\"height\":267},{\"@type\":\"BreadcrumbList\",\"@id\":\"https:\\\/\\\/afc.cat\\\/es\\\/galeria\\\/clasificacion-concurso-temes-obligats-2024-2025-abril-25-2\\\/#breadcrumb\",\"itemListElement\":[{\"@type\":\"ListItem\",\"position\":1,\"name\":\"Inicio\",\"item\":\"https:\\\/\\\/afc.cat\\\/es\\\/\"},{\"@type\":\"ListItem\",\"position\":2,\"name\":\"Portfolio\",\"item\":\"https:\\\/\\\/afc.cat\\\/galeria\\\/\"},{\"@type\":\"ListItem\",\"position\":3,\"name\":\"Clasificaci\u00f3n concurso Temes Obligats 2024-2025 ABRIL 25\"}]},{\"@type\":\"WebSite\",\"@id\":\"https:\\\/\\\/afc.cat\\\/es\\\/#website\",\"url\":\"https:\\\/\\\/afc.cat\\\/es\\\/\",\"name\":\"Agrupaci\u00f3 Fotogr\u00e0fica de Catalunya\",\"description\":\"Fomento y divulgaci\u00f3n de la fotograf\u00eda en todas sus variedades\",\"potentialAction\":[{\"@type\":\"SearchAction\",\"target\":{\"@type\":\"EntryPoint\",\"urlTemplate\":\"https:\\\/\\\/afc.cat\\\/es\\\/?s={search_term_string}\"},\"query-input\":{\"@type\":\"PropertyValueSpecification\",\"valueRequired\":true,\"valueName\":\"search_term_string\"}}],\"inLanguage\":\"es\"}]}<\/script>\n<!-- \/ Yoast SEO plugin. -->","yoast_head_json":{"title":"Clasificaci\u00f3n concurso Temes Obligats 2024-2025 ABRIL 25 - Agrupaci\u00f3 Fotogr\u00e0fica de Catalunya","robots":{"index":"index","follow":"follow","max-snippet":"max-snippet:-1","max-image-preview":"max-image-preview:large","max-video-preview":"max-video-preview:-1"},"canonical":"https:\/\/afc.cat\/es\/galeria\/clasificacion-concurso-temes-obligats-2024-2025-abril-25-2\/","og_locale":"es_ES","og_type":"article","og_title":"Clasificaci\u00f3n concurso Temes Obligats 2024-2025 ABRIL 25 - Agrupaci\u00f3 Fotogr\u00e0fica de Catalunya","og_url":"https:\/\/afc.cat\/es\/galeria\/clasificacion-concurso-temes-obligats-2024-2025-abril-25-2\/","og_site_name":"Agrupaci\u00f3 Fotogr\u00e0fica de Catalunya","article_modified_time":"2025-04-27T18:48:12+00:00","og_image":[{"width":400,"height":267,"url":"https:\/\/afc.cat\/wp-content\/uploads\/2025\/04\/TO-04-25-abril-25-esp.jpg","type":"image\/jpeg"}],"twitter_card":"summary_large_image","twitter_misc":{"Tiempo de lectura":"7 minutos"},"schema":{"@context":"https:\/\/schema.org","@graph":[{"@type":"WebPage","@id":"https:\/\/afc.cat\/es\/galeria\/clasificacion-concurso-temes-obligats-2024-2025-abril-25-2\/","url":"https:\/\/afc.cat\/es\/galeria\/clasificacion-concurso-temes-obligats-2024-2025-abril-25-2\/","name":"Clasificaci\u00f3n concurso Temes Obligats 2024-2025 ABRIL 25 - Agrupaci\u00f3 Fotogr\u00e0fica de Catalunya","isPartOf":{"@id":"https:\/\/afc.cat\/es\/#website"},"primaryImageOfPage":{"@id":"https:\/\/afc.cat\/es\/galeria\/clasificacion-concurso-temes-obligats-2024-2025-abril-25-2\/#primaryimage"},"image":{"@id":"https:\/\/afc.cat\/es\/galeria\/clasificacion-concurso-temes-obligats-2024-2025-abril-25-2\/#primaryimage"},"thumbnailUrl":"https:\/\/afc.cat\/wp-content\/uploads\/2025\/04\/TO-04-25-abril-25-esp.jpg","datePublished":"2025-04-25T21:41:25+00:00","dateModified":"2025-04-27T18:48:12+00:00","breadcrumb":{"@id":"https:\/\/afc.cat\/es\/galeria\/clasificacion-concurso-temes-obligats-2024-2025-abril-25-2\/#breadcrumb"},"inLanguage":"es","potentialAction":[{"@type":"ReadAction","target":["https:\/\/afc.cat\/es\/galeria\/clasificacion-concurso-temes-obligats-2024-2025-abril-25-2\/"]}]},{"@type":"ImageObject","inLanguage":"es","@id":"https:\/\/afc.cat\/es\/galeria\/clasificacion-concurso-temes-obligats-2024-2025-abril-25-2\/#primaryimage","url":"https:\/\/afc.cat\/wp-content\/uploads\/2025\/04\/TO-04-25-abril-25-esp.jpg","contentUrl":"https:\/\/afc.cat\/wp-content\/uploads\/2025\/04\/TO-04-25-abril-25-esp.jpg","width":400,"height":267},{"@type":"BreadcrumbList","@id":"https:\/\/afc.cat\/es\/galeria\/clasificacion-concurso-temes-obligats-2024-2025-abril-25-2\/#breadcrumb","itemListElement":[{"@type":"ListItem","position":1,"name":"Inicio","item":"https:\/\/afc.cat\/es\/"},{"@type":"ListItem","position":2,"name":"Portfolio","item":"https:\/\/afc.cat\/galeria\/"},{"@type":"ListItem","position":3,"name":"Clasificaci\u00f3n concurso Temes Obligats 2024-2025 ABRIL 25"}]},{"@type":"WebSite","@id":"https:\/\/afc.cat\/es\/#website","url":"https:\/\/afc.cat\/es\/","name":"Agrupaci\u00f3 Fotogr\u00e0fica de Catalunya","description":"Fomento y divulgaci\u00f3n de la fotograf\u00eda en todas sus variedades","potentialAction":[{"@type":"SearchAction","target":{"@type":"EntryPoint","urlTemplate":"https:\/\/afc.cat\/es\/?s={search_term_string}"},"query-input":{"@type":"PropertyValueSpecification","valueRequired":true,"valueName":"search_term_string"}}],"inLanguage":"es"}]}},"_links":{"self":[{"href":"https:\/\/afc.cat\/es\/wp-json\/wp\/v2\/avada_portfolio\/42937","targetHints":{"allow":["GET"]}}],"collection":[{"href":"https:\/\/afc.cat\/es\/wp-json\/wp\/v2\/avada_portfolio"}],"about":[{"href":"https:\/\/afc.cat\/es\/wp-json\/wp\/v2\/types\/avada_portfolio"}],"author":[{"embeddable":true,"href":"https:\/\/afc.cat\/es\/wp-json\/wp\/v2\/users\/33"}],"replies":[{"embeddable":true,"href":"https:\/\/afc.cat\/es\/wp-json\/wp\/v2\/comments?post=42937"}],"version-history":[{"count":4,"href":"https:\/\/afc.cat\/es\/wp-json\/wp\/v2\/avada_portfolio\/42937\/revisions"}],"predecessor-version":[{"id":42975,"href":"https:\/\/afc.cat\/es\/wp-json\/wp\/v2\/avada_portfolio\/42937\/revisions\/42975"}],"wp:featuredmedia":[{"embeddable":true,"href":"https:\/\/afc.cat\/es\/wp-json\/wp\/v2\/media\/42935"}],"wp:attachment":[{"href":"https:\/\/afc.cat\/es\/wp-json\/wp\/v2\/media?parent=42937"}],"wp:term":[{"taxonomy":"portfolio_category","embeddable":true,"href":"https:\/\/afc.cat\/es\/wp-json\/wp\/v2\/portfolio_category?post=42937"},{"taxonomy":"portfolio_skills","embeddable":true,"href":"https:\/\/afc.cat\/es\/wp-json\/wp\/v2\/portfolio_skills?post=42937"},{"taxonomy":"portfolio_tags","embeddable":true,"href":"https:\/\/afc.cat\/es\/wp-json\/wp\/v2\/portfolio_tags?post=42937"}],"curies":[{"name":"wp","href":"https:\/\/api.w.org\/{rel}","templated":true}]}}