{"id":43530,"date":"2025-05-30T23:51:36","date_gmt":"2025-05-30T21:51:36","guid":{"rendered":"https:\/\/afc.cat\/?post_type=avada_portfolio&#038;p=43530"},"modified":"2025-06-14T00:27:38","modified_gmt":"2025-06-13T22:27:38","slug":"clasificacion-concurso-temes-obligats-2024-2025-mayo-25","status":"publish","type":"avada_portfolio","link":"https:\/\/afc.cat\/es\/galeria\/clasificacion-concurso-temes-obligats-2024-2025-mayo-25\/","title":{"rendered":"Clasificaci\u00f3n concurso Temes Obligats 2024-2025 MAYO 25"},"content":{"rendered":"<div class=\"fusion-fullwidth fullwidth-box fusion-builder-row-1 fusion-flex-container nonhundred-percent-fullwidth non-hundred-percent-height-scrolling\" style=\"background-color: rgba(255,255,255,0);background-position: center center;background-repeat: no-repeat;border-width: 0px 0px 0px 0px;border-color:#ffffff;border-style:solid;\" ><div class=\"fusion-builder-row fusion-row fusion-flex-align-items-flex-start\" style=\"max-width:1300px;margin-left: calc(-4% \/ 2 );margin-right: calc(-4% \/ 2 );\"><div class=\"fusion-layout-column fusion_builder_column fusion-builder-column-0 fusion_builder_column_1_1 1_1 fusion-flex-column\"><div class=\"fusion-column-wrapper fusion-flex-justify-content-flex-start fusion-content-layout-column\" style=\"background-position:left top;background-repeat:no-repeat;-webkit-background-size:cover;-moz-background-size:cover;-o-background-size:cover;background-size:cover;padding: 0px 0px 0px 0px;\"><div class=\"fusion-text fusion-text-1\"><h2 style=\"text-align: center;\">Tema Obligado MAYO 2025<\/h2>\n<h3 style=\"text-align: center;\">La luz de la ventana<\/h3>\n<\/div><div class=\"fusion-text fusion-text-2\"><h2>Concurs de fotografia de temes obligats 2024-2025<\/h2>\n<p>El pasado viernes 23 de mayo se procedi\u00f3 a la valoraci\u00f3n del jurado de las fotograf\u00edas de los socios y socias que participaron en el concurso social de la Agrupaci\u00f3n <a href=\"https:\/\/afc.cat\/es\/concursos-sociales\/\">\u00a0\u00abTemes obligats\u00bb<\/a>.<\/p>\n<p>Com ja sabeu, el tema va canviant cada mes i el tema d\u2019aquest mes <strong>d&#8217;abril\u00a0de 2025<\/strong> ha estat: \u201c<strong>Geometria urbana<\/strong>\u201c.<\/p>\n<p><strong>GANADORES\u00a0 DEL MES DE MAYO 2025<\/strong><\/p>\n<p><strong>Categoria Color<\/strong><br \/>\n1 \u2013 Carmen Casademont Ribot -113 punts<br \/>\n2 \u2013 Gloria Tatx\u00e9 Salas \u2013 109 punts<br \/>\n3 \u2013 Antoni Conesa Dom\u00e8nech \u2013 108 punts<\/p>\n<p><strong>Categoria Monocromo<\/strong><br \/>\n1 \u2013 Josep Alonso Gonzalez -113punts<br \/>\n2 \u2013 Teresa Tejero Lopez \u2013 112 punts<br \/>\n3 \u2013 Rosa Crist\u00f2fol Mart\u00ednez \u2013 110 punts<\/p>\n<p><strong>Jurado<\/strong><br \/>\nJacint Guiteras<br \/>\nJosep Blanch<br \/>\nPere Sanchez<\/p>\n<p>Continuamos animando a los socios y socias a participar, siempre se una buena excusa para hacer aquello que m\u00e1s nos gusta, coger la c\u00e1mara y hacer \u201cclic\u201d.<\/p>\n<p><strong><br \/>\nVocalia Concursos<\/strong><\/p>\n<\/div><div class=\"fusion-separator fusion-full-width-sep\" style=\"align-self: center;margin-left: auto;margin-right: auto;margin-bottom:20px;width:100%;\"><div class=\"fusion-separator-border sep-single sep-solid\" style=\"border-color:#3ec0bf;border-top-width:1px;\"><\/div><\/div><div class=\"fusion-text fusion-text-3\"><p style=\"text-align: center;\"><strong>PUNTUACI\u00d3N MONOCROMO<\/strong><\/p>\n<\/div><div style=\"text-align:center;\"><style>.fusion-imageframe.imageframe-1{ margin-bottom : 5%;}<\/style><span class=\" fusion-imageframe imageframe-none imageframe-1 hover-type-zoomin\"><img decoding=\"async\" width=\"678\" height=\"987\" title=\"resultats finals maig rectificat OK mono-1\" src=\"https:\/\/afc.cat\/wp-content\/uploads\/2025\/06\/resultats-finals-maig-rectificat-OK-mono-1.jpg\" alt class=\"img-responsive wp-image-43622\" srcset=\"https:\/\/afc.cat\/wp-content\/uploads\/2025\/06\/resultats-finals-maig-rectificat-OK-mono-1-200x291.jpg 200w, https:\/\/afc.cat\/wp-content\/uploads\/2025\/06\/resultats-finals-maig-rectificat-OK-mono-1-400x582.jpg 400w, https:\/\/afc.cat\/wp-content\/uploads\/2025\/06\/resultats-finals-maig-rectificat-OK-mono-1-600x873.jpg 600w, https:\/\/afc.cat\/wp-content\/uploads\/2025\/06\/resultats-finals-maig-rectificat-OK-mono-1.jpg 678w\" sizes=\"(max-width: 640px) 100vw, 678px\" \/><\/span><\/div><div class=\"fusion-text fusion-text-4\"><p style=\"text-align: center;\"><strong>Clasificaci\u00f3n monocromo<\/strong><\/p>\n<\/div><style type=\"text\/css\">.fusion-gallery-1 .fusion-gallery-image {border:0px solid #e2e2e2;}<\/style><div class=\"fusion-gallery fusion-gallery-container fusion-grid-4 fusion-columns-total-36 fusion-gallery-layout-grid fusion-gallery-1\" style=\"margin:-5px;\"><div style=\"padding:5px;\" class=\"fusion-grid-column fusion-gallery-column fusion-gallery-column-4 hover-type-none\"><div class=\"fusion-gallery-image\"><a href=\"https:\/\/afc.cat\/wp-content\/uploads\/2025\/06\/1-Josep-Alonso-Gonzalez.jpg\" rel=\"noreferrer\" data-rel=\"iLightbox[gallery_image_1]\" class=\"fusion-lightbox\" target=\"_self\"><img decoding=\"async\" src=\"https:\/\/afc.cat\/wp-content\/uploads\/2025\/06\/1-Josep-Alonso-Gonzalez-320x202.jpg\" width=\"320\" height=\"202\" alt=\"\" title=\"1 Josep Alonso Gonzalez\" aria-label=\"1 Josep Alonso Gonzalez\" class=\"img-responsive wp-image-43794 fusion-gallery-image-size-fixed\" \/><\/a><\/div><\/div><div style=\"padding:5px;\" class=\"fusion-grid-column fusion-gallery-column fusion-gallery-column-4 hover-type-none\"><div class=\"fusion-gallery-image\"><a href=\"https:\/\/afc.cat\/wp-content\/uploads\/2025\/06\/2-Teresa-Tejero-Lopez.jpg\" rel=\"noreferrer\" data-rel=\"iLightbox[gallery_image_1]\" class=\"fusion-lightbox\" target=\"_self\"><img decoding=\"async\" src=\"https:\/\/afc.cat\/wp-content\/uploads\/2025\/06\/2-Teresa-Tejero-Lopez-320x202.jpg\" width=\"320\" height=\"202\" alt=\"\" title=\"2 Teresa Tejero Lopez\" aria-label=\"2 Teresa Tejero Lopez\" class=\"img-responsive wp-image-43796 fusion-gallery-image-size-fixed\" \/><\/a><\/div><\/div><div style=\"padding:5px;\" class=\"fusion-grid-column fusion-gallery-column fusion-gallery-column-4 hover-type-none\"><div class=\"fusion-gallery-image\"><a href=\"https:\/\/afc.cat\/wp-content\/uploads\/2025\/06\/3-Rosa-Cristofol-Martinez.jpg\" rel=\"noreferrer\" data-rel=\"iLightbox[gallery_image_1]\" class=\"fusion-lightbox\" target=\"_self\"><img decoding=\"async\" src=\"https:\/\/afc.cat\/wp-content\/uploads\/2025\/06\/3-Rosa-Cristofol-Martinez-320x202.jpg\" width=\"320\" height=\"202\" alt=\"\" title=\"3 Rosa Crist\u00f2fol Mart\u00ednez\" aria-label=\"3 Rosa Crist\u00f2fol Mart\u00ednez\" class=\"img-responsive wp-image-43798 fusion-gallery-image-size-fixed\" srcset=\"https:\/\/afc.cat\/wp-content\/uploads\/2025\/06\/3-Rosa-Cristofol-Martinez-320x202.jpg 320w, https:\/\/afc.cat\/wp-content\/uploads\/2025\/06\/3-Rosa-Cristofol-Martinez-700x441.jpg 700w\" sizes=\"(max-width: 320px) 100vw, 320px\" \/><\/a><\/div><\/div><div style=\"padding:5px;\" class=\"fusion-grid-column fusion-gallery-column fusion-gallery-column-4 hover-type-none\"><div class=\"fusion-gallery-image\"><a href=\"https:\/\/afc.cat\/wp-content\/uploads\/2025\/06\/4-Francesca-Portoles-Braso.jpg\" rel=\"noreferrer\" data-rel=\"iLightbox[gallery_image_1]\" class=\"fusion-lightbox\" target=\"_self\"><img decoding=\"async\" src=\"https:\/\/afc.cat\/wp-content\/uploads\/2025\/06\/4-Francesca-Portoles-Braso-320x202.jpg\" width=\"320\" height=\"202\" alt=\"\" title=\"4 Francesca Portol\u00e9s Bras\u00f3\" aria-label=\"4 Francesca Portol\u00e9s Bras\u00f3\" class=\"img-responsive wp-image-43800 fusion-gallery-image-size-fixed\" srcset=\"https:\/\/afc.cat\/wp-content\/uploads\/2025\/06\/4-Francesca-Portoles-Braso-320x202.jpg 320w, https:\/\/afc.cat\/wp-content\/uploads\/2025\/06\/4-Francesca-Portoles-Braso-700x441.jpg 700w\" sizes=\"(max-width: 320px) 100vw, 320px\" \/><\/a><\/div><\/div><div class=\"clearfix\"><\/div><div style=\"padding:5px;\" class=\"fusion-grid-column fusion-gallery-column fusion-gallery-column-4 hover-type-none\"><div class=\"fusion-gallery-image\"><a href=\"https:\/\/afc.cat\/wp-content\/uploads\/2025\/06\/5-Josep-Soler-Vendrell.jpg\" rel=\"noreferrer\" data-rel=\"iLightbox[gallery_image_1]\" class=\"fusion-lightbox\" target=\"_self\"><img decoding=\"async\" src=\"https:\/\/afc.cat\/wp-content\/uploads\/2025\/06\/5-Josep-Soler-Vendrell-320x202.jpg\" width=\"320\" height=\"202\" alt=\"\" title=\"5 Josep Soler Vendrell\" aria-label=\"5 Josep Soler Vendrell\" class=\"img-responsive wp-image-43802 fusion-gallery-image-size-fixed\" srcset=\"https:\/\/afc.cat\/wp-content\/uploads\/2025\/06\/5-Josep-Soler-Vendrell-320x202.jpg 320w, https:\/\/afc.cat\/wp-content\/uploads\/2025\/06\/5-Josep-Soler-Vendrell-700x441.jpg 700w\" sizes=\"(max-width: 320px) 100vw, 320px\" \/><\/a><\/div><\/div><div style=\"padding:5px;\" class=\"fusion-grid-column fusion-gallery-column fusion-gallery-column-4 hover-type-none\"><div class=\"fusion-gallery-image\"><a href=\"https:\/\/afc.cat\/wp-content\/uploads\/2025\/06\/6-Josep-Maria-Bonjoch-Trilla.jpg\" rel=\"noreferrer\" data-rel=\"iLightbox[gallery_image_1]\" class=\"fusion-lightbox\" target=\"_self\"><img decoding=\"async\" src=\"https:\/\/afc.cat\/wp-content\/uploads\/2025\/06\/6-Josep-Maria-Bonjoch-Trilla-320x202.jpg\" width=\"320\" height=\"202\" alt=\"\" title=\"6 Josep Maria Bonjoch Trilla\" aria-label=\"6 Josep Maria Bonjoch Trilla\" class=\"img-responsive wp-image-43804 fusion-gallery-image-size-fixed\" srcset=\"https:\/\/afc.cat\/wp-content\/uploads\/2025\/06\/6-Josep-Maria-Bonjoch-Trilla-320x202.jpg 320w, https:\/\/afc.cat\/wp-content\/uploads\/2025\/06\/6-Josep-Maria-Bonjoch-Trilla-700x441.jpg 700w\" sizes=\"(max-width: 320px) 100vw, 320px\" \/><\/a><\/div><\/div><div style=\"padding:5px;\" class=\"fusion-grid-column fusion-gallery-column fusion-gallery-column-4 hover-type-none\"><div class=\"fusion-gallery-image\"><a href=\"https:\/\/afc.cat\/wp-content\/uploads\/2025\/06\/7-Clara-Lopez-Colomer.jpg\" rel=\"noreferrer\" data-rel=\"iLightbox[gallery_image_1]\" class=\"fusion-lightbox\" target=\"_self\"><img decoding=\"async\" src=\"https:\/\/afc.cat\/wp-content\/uploads\/2025\/06\/7-Clara-Lopez-Colomer-320x202.jpg\" width=\"320\" height=\"202\" alt=\"\" title=\"7 Clara Lopez Colomer\" aria-label=\"7 Clara Lopez Colomer\" class=\"img-responsive wp-image-43806 fusion-gallery-image-size-fixed\" \/><\/a><\/div><\/div><div style=\"padding:5px;\" class=\"fusion-grid-column fusion-gallery-column fusion-gallery-column-4 hover-type-none\"><div class=\"fusion-gallery-image\"><a href=\"https:\/\/afc.cat\/wp-content\/uploads\/2025\/06\/8-Ramon-Riera-.jpg\" rel=\"noreferrer\" data-rel=\"iLightbox[gallery_image_1]\" class=\"fusion-lightbox\" target=\"_self\"><img decoding=\"async\" src=\"https:\/\/afc.cat\/wp-content\/uploads\/2025\/06\/8-Ramon-Riera--320x202.jpg\" width=\"320\" height=\"202\" alt=\"\" title=\"8 Ramon Riera\" aria-label=\"8 Ramon Riera\" class=\"img-responsive wp-image-43809 fusion-gallery-image-size-fixed\" \/><\/a><\/div><\/div><div class=\"clearfix\"><\/div><div style=\"padding:5px;\" class=\"fusion-grid-column fusion-gallery-column fusion-gallery-column-4 hover-type-none\"><div class=\"fusion-gallery-image\"><a href=\"https:\/\/afc.cat\/wp-content\/uploads\/2025\/06\/9-Gloria-Tatxe-Salas-.jpg\" rel=\"noreferrer\" data-rel=\"iLightbox[gallery_image_1]\" class=\"fusion-lightbox\" target=\"_self\"><img decoding=\"async\" src=\"https:\/\/afc.cat\/wp-content\/uploads\/2025\/06\/9-Gloria-Tatxe-Salas--320x202.jpg\" width=\"320\" height=\"202\" alt=\"\" title=\"9 Gloria Tatx\u00e9 Salas\" aria-label=\"9 Gloria Tatx\u00e9 Salas\" class=\"img-responsive wp-image-43811 fusion-gallery-image-size-fixed\" srcset=\"https:\/\/afc.cat\/wp-content\/uploads\/2025\/06\/9-Gloria-Tatxe-Salas--320x202.jpg 320w, https:\/\/afc.cat\/wp-content\/uploads\/2025\/06\/9-Gloria-Tatxe-Salas--700x441.jpg 700w\" sizes=\"(max-width: 320px) 100vw, 320px\" \/><\/a><\/div><\/div><div style=\"padding:5px;\" class=\"fusion-grid-column fusion-gallery-column fusion-gallery-column-4 hover-type-none\"><div class=\"fusion-gallery-image\"><a href=\"https:\/\/afc.cat\/wp-content\/uploads\/2025\/06\/10-Maxim-Poncela-Adot-.jpg\" rel=\"noreferrer\" data-rel=\"iLightbox[gallery_image_1]\" class=\"fusion-lightbox\" target=\"_self\"><img decoding=\"async\" src=\"https:\/\/afc.cat\/wp-content\/uploads\/2025\/06\/10-Maxim-Poncela-Adot--320x202.jpg\" width=\"320\" height=\"202\" alt=\"\" title=\"10 M\u00e0xim Poncela Adot\" aria-label=\"10 M\u00e0xim Poncela Adot\" class=\"img-responsive wp-image-43813 fusion-gallery-image-size-fixed\" \/><\/a><\/div><\/div><div style=\"padding:5px;\" class=\"fusion-grid-column fusion-gallery-column fusion-gallery-column-4 hover-type-none\"><div class=\"fusion-gallery-image\"><a href=\"https:\/\/afc.cat\/wp-content\/uploads\/2025\/06\/11-Damia-Tous-Vazquez-.jpg\" rel=\"noreferrer\" data-rel=\"iLightbox[gallery_image_1]\" class=\"fusion-lightbox\" target=\"_self\"><img decoding=\"async\" src=\"https:\/\/afc.cat\/wp-content\/uploads\/2025\/06\/11-Damia-Tous-Vazquez--320x202.jpg\" width=\"320\" height=\"202\" alt=\"\" title=\"11 Dami\u00e0 Tous Vazquez\" aria-label=\"11 Dami\u00e0 Tous Vazquez\" class=\"img-responsive wp-image-43815 fusion-gallery-image-size-fixed\" \/><\/a><\/div><\/div><div style=\"padding:5px;\" class=\"fusion-grid-column fusion-gallery-column fusion-gallery-column-4 hover-type-none\"><div class=\"fusion-gallery-image\"><a href=\"https:\/\/afc.cat\/wp-content\/uploads\/2025\/06\/12-Francisco-Olmos-Cubero-.jpg\" rel=\"noreferrer\" data-rel=\"iLightbox[gallery_image_1]\" class=\"fusion-lightbox\" target=\"_self\"><img decoding=\"async\" src=\"https:\/\/afc.cat\/wp-content\/uploads\/2025\/06\/12-Francisco-Olmos-Cubero--320x202.jpg\" width=\"320\" height=\"202\" alt=\"\" title=\"12 Francisco Olmos Cubero\" aria-label=\"12 Francisco Olmos Cubero\" class=\"img-responsive wp-image-43817 fusion-gallery-image-size-fixed\" \/><\/a><\/div><\/div><div class=\"clearfix\"><\/div><div style=\"padding:5px;\" class=\"fusion-grid-column fusion-gallery-column fusion-gallery-column-4 hover-type-none\"><div class=\"fusion-gallery-image\"><a href=\"https:\/\/afc.cat\/wp-content\/uploads\/2025\/06\/13-David-Penarroya-Hernandez-.jpg\" rel=\"noreferrer\" data-rel=\"iLightbox[gallery_image_1]\" class=\"fusion-lightbox\" target=\"_self\"><img decoding=\"async\" src=\"https:\/\/afc.cat\/wp-content\/uploads\/2025\/06\/13-David-Penarroya-Hernandez--320x202.jpg\" width=\"320\" height=\"202\" alt=\"\" title=\"13 David Pe\u00f1arroya Hernandez\" aria-label=\"13 David Pe\u00f1arroya Hernandez\" class=\"img-responsive wp-image-43819 fusion-gallery-image-size-fixed\" \/><\/a><\/div><\/div><div style=\"padding:5px;\" class=\"fusion-grid-column fusion-gallery-column fusion-gallery-column-4 hover-type-none\"><div class=\"fusion-gallery-image\"><a href=\"https:\/\/afc.cat\/wp-content\/uploads\/2025\/06\/14-Merce-Rios-Bejar-.jpg\" rel=\"noreferrer\" data-rel=\"iLightbox[gallery_image_1]\" class=\"fusion-lightbox\" target=\"_self\"><img decoding=\"async\" src=\"https:\/\/afc.cat\/wp-content\/uploads\/2025\/06\/14-Merce-Rios-Bejar--320x202.jpg\" width=\"320\" height=\"202\" alt=\"\" title=\"14 Merc\u00e8 R\u00edos Bejar\" aria-label=\"14 Merc\u00e8 R\u00edos Bejar\" class=\"img-responsive wp-image-43821 fusion-gallery-image-size-fixed\" srcset=\"https:\/\/afc.cat\/wp-content\/uploads\/2025\/06\/14-Merce-Rios-Bejar--320x202.jpg 320w, https:\/\/afc.cat\/wp-content\/uploads\/2025\/06\/14-Merce-Rios-Bejar--700x441.jpg 700w\" sizes=\"(max-width: 320px) 100vw, 320px\" \/><\/a><\/div><\/div><div style=\"padding:5px;\" class=\"fusion-grid-column fusion-gallery-column fusion-gallery-column-4 hover-type-none\"><div class=\"fusion-gallery-image\"><a href=\"https:\/\/afc.cat\/wp-content\/uploads\/2025\/06\/15-Xavier-Ricol-Dolset-.jpg\" rel=\"noreferrer\" data-rel=\"iLightbox[gallery_image_1]\" class=\"fusion-lightbox\" target=\"_self\"><img decoding=\"async\" src=\"https:\/\/afc.cat\/wp-content\/uploads\/2025\/06\/15-Xavier-Ricol-Dolset--320x202.jpg\" width=\"320\" height=\"202\" alt=\"\" title=\"15 Xavier Ricol Dolset\" aria-label=\"15 Xavier Ricol Dolset\" class=\"img-responsive wp-image-43825 fusion-gallery-image-size-fixed\" srcset=\"https:\/\/afc.cat\/wp-content\/uploads\/2025\/06\/15-Xavier-Ricol-Dolset--320x202.jpg 320w, https:\/\/afc.cat\/wp-content\/uploads\/2025\/06\/15-Xavier-Ricol-Dolset--700x441.jpg 700w\" sizes=\"(max-width: 320px) 100vw, 320px\" \/><\/a><\/div><\/div><div style=\"padding:5px;\" class=\"fusion-grid-column fusion-gallery-column fusion-gallery-column-4 hover-type-none\"><div class=\"fusion-gallery-image\"><a href=\"https:\/\/afc.cat\/wp-content\/uploads\/2025\/06\/16-Diego-Pastor-Sanchez-.jpg\" rel=\"noreferrer\" data-rel=\"iLightbox[gallery_image_1]\" class=\"fusion-lightbox\" target=\"_self\"><img decoding=\"async\" src=\"https:\/\/afc.cat\/wp-content\/uploads\/2025\/06\/16-Diego-Pastor-Sanchez--320x202.jpg\" width=\"320\" height=\"202\" alt=\"\" title=\"16 Diego Pastor S\u00e1nchez\" aria-label=\"16 Diego Pastor S\u00e1nchez\" class=\"img-responsive wp-image-43827 fusion-gallery-image-size-fixed\" srcset=\"https:\/\/afc.cat\/wp-content\/uploads\/2025\/06\/16-Diego-Pastor-Sanchez--320x202.jpg 320w, https:\/\/afc.cat\/wp-content\/uploads\/2025\/06\/16-Diego-Pastor-Sanchez--700x441.jpg 700w\" sizes=\"(max-width: 320px) 100vw, 320px\" \/><\/a><\/div><\/div><div class=\"clearfix\"><\/div><div style=\"padding:5px;\" class=\"fusion-grid-column fusion-gallery-column fusion-gallery-column-4 hover-type-none\"><div class=\"fusion-gallery-image\"><a href=\"https:\/\/afc.cat\/wp-content\/uploads\/2025\/06\/17-Oscar-Daniel-Giordano-Leis-.jpg\" rel=\"noreferrer\" data-rel=\"iLightbox[gallery_image_1]\" class=\"fusion-lightbox\" target=\"_self\"><img decoding=\"async\" src=\"https:\/\/afc.cat\/wp-content\/uploads\/2025\/06\/17-Oscar-Daniel-Giordano-Leis--320x202.jpg\" width=\"320\" height=\"202\" alt=\"\" title=\"17 Oscar Daniel Giordano Leis\" aria-label=\"17 Oscar Daniel Giordano Leis\" class=\"img-responsive wp-image-43829 fusion-gallery-image-size-fixed\" srcset=\"https:\/\/afc.cat\/wp-content\/uploads\/2025\/06\/17-Oscar-Daniel-Giordano-Leis--320x202.jpg 320w, https:\/\/afc.cat\/wp-content\/uploads\/2025\/06\/17-Oscar-Daniel-Giordano-Leis--700x441.jpg 700w\" sizes=\"(max-width: 320px) 100vw, 320px\" \/><\/a><\/div><\/div><div style=\"padding:5px;\" class=\"fusion-grid-column fusion-gallery-column fusion-gallery-column-4 hover-type-none\"><div class=\"fusion-gallery-image\"><a href=\"https:\/\/afc.cat\/wp-content\/uploads\/2025\/06\/18-Dolors-Ventura-Canellas-.jpg\" rel=\"noreferrer\" data-rel=\"iLightbox[gallery_image_1]\" class=\"fusion-lightbox\" target=\"_self\"><img decoding=\"async\" src=\"https:\/\/afc.cat\/wp-content\/uploads\/2025\/06\/18-Dolors-Ventura-Canellas--320x202.jpg\" width=\"320\" height=\"202\" alt=\"\" title=\"18 Dolors Ventura Ca\u00f1ellas\" aria-label=\"18 Dolors Ventura Ca\u00f1ellas\" class=\"img-responsive wp-image-43831 fusion-gallery-image-size-fixed\" srcset=\"https:\/\/afc.cat\/wp-content\/uploads\/2025\/06\/18-Dolors-Ventura-Canellas--320x202.jpg 320w, https:\/\/afc.cat\/wp-content\/uploads\/2025\/06\/18-Dolors-Ventura-Canellas--700x441.jpg 700w\" sizes=\"(max-width: 320px) 100vw, 320px\" \/><\/a><\/div><\/div><div style=\"padding:5px;\" class=\"fusion-grid-column fusion-gallery-column fusion-gallery-column-4 hover-type-none\"><div class=\"fusion-gallery-image\"><a href=\"https:\/\/afc.cat\/wp-content\/uploads\/2025\/06\/19-Santiago-Garcia-Cuadrado-.jpg\" rel=\"noreferrer\" data-rel=\"iLightbox[gallery_image_1]\" class=\"fusion-lightbox\" target=\"_self\"><img decoding=\"async\" src=\"https:\/\/afc.cat\/wp-content\/uploads\/2025\/06\/19-Santiago-Garcia-Cuadrado--320x202.jpg\" width=\"320\" height=\"202\" alt=\"\" title=\"19 Santiago Garc\u00eda Cuadrado\" aria-label=\"19 Santiago Garc\u00eda Cuadrado\" class=\"img-responsive wp-image-43833 fusion-gallery-image-size-fixed\" srcset=\"https:\/\/afc.cat\/wp-content\/uploads\/2025\/06\/19-Santiago-Garcia-Cuadrado--320x202.jpg 320w, https:\/\/afc.cat\/wp-content\/uploads\/2025\/06\/19-Santiago-Garcia-Cuadrado--700x441.jpg 700w\" sizes=\"(max-width: 320px) 100vw, 320px\" \/><\/a><\/div><\/div><div style=\"padding:5px;\" class=\"fusion-grid-column fusion-gallery-column fusion-gallery-column-4 hover-type-none\"><div class=\"fusion-gallery-image\"><a href=\"https:\/\/afc.cat\/wp-content\/uploads\/2025\/06\/20-Miquel-Cabre-.jpg\" rel=\"noreferrer\" data-rel=\"iLightbox[gallery_image_1]\" class=\"fusion-lightbox\" target=\"_self\"><img decoding=\"async\" src=\"https:\/\/afc.cat\/wp-content\/uploads\/2025\/06\/20-Miquel-Cabre--320x202.jpg\" width=\"320\" height=\"202\" alt=\"\" title=\"20 Miquel Cabr\u00e9\" aria-label=\"20 Miquel Cabr\u00e9\" class=\"img-responsive wp-image-43835 fusion-gallery-image-size-fixed\" \/><\/a><\/div><\/div><div class=\"clearfix\"><\/div><div style=\"padding:5px;\" class=\"fusion-grid-column fusion-gallery-column fusion-gallery-column-4 hover-type-none\"><div class=\"fusion-gallery-image\"><a href=\"https:\/\/afc.cat\/wp-content\/uploads\/2025\/06\/21-Jordi-Meseguer-Rafales-.jpg\" rel=\"noreferrer\" data-rel=\"iLightbox[gallery_image_1]\" class=\"fusion-lightbox\" target=\"_self\"><img decoding=\"async\" src=\"https:\/\/afc.cat\/wp-content\/uploads\/2025\/06\/21-Jordi-Meseguer-Rafales--320x202.jpg\" width=\"320\" height=\"202\" alt=\"\" title=\"21 Jordi Meseguer Rafales\" aria-label=\"21 Jordi Meseguer Rafales\" class=\"img-responsive wp-image-43837 fusion-gallery-image-size-fixed\" srcset=\"https:\/\/afc.cat\/wp-content\/uploads\/2025\/06\/21-Jordi-Meseguer-Rafales--320x202.jpg 320w, https:\/\/afc.cat\/wp-content\/uploads\/2025\/06\/21-Jordi-Meseguer-Rafales--700x441.jpg 700w\" sizes=\"(max-width: 320px) 100vw, 320px\" \/><\/a><\/div><\/div><div style=\"padding:5px;\" class=\"fusion-grid-column fusion-gallery-column fusion-gallery-column-4 hover-type-none\"><div class=\"fusion-gallery-image\"><a href=\"https:\/\/afc.cat\/wp-content\/uploads\/2025\/06\/22-Antoni-Beneyto-Maria-.jpg\" rel=\"noreferrer\" data-rel=\"iLightbox[gallery_image_1]\" class=\"fusion-lightbox\" target=\"_self\"><img decoding=\"async\" src=\"https:\/\/afc.cat\/wp-content\/uploads\/2025\/06\/22-Antoni-Beneyto-Maria--320x202.jpg\" width=\"320\" height=\"202\" alt=\"\" title=\"22 Antoni Beneyto Maria\" aria-label=\"22 Antoni Beneyto Maria\" class=\"img-responsive wp-image-43839 fusion-gallery-image-size-fixed\" srcset=\"https:\/\/afc.cat\/wp-content\/uploads\/2025\/06\/22-Antoni-Beneyto-Maria--320x202.jpg 320w, https:\/\/afc.cat\/wp-content\/uploads\/2025\/06\/22-Antoni-Beneyto-Maria--700x441.jpg 700w\" sizes=\"(max-width: 320px) 100vw, 320px\" \/><\/a><\/div><\/div><div style=\"padding:5px;\" class=\"fusion-grid-column fusion-gallery-column fusion-gallery-column-4 hover-type-none\"><div class=\"fusion-gallery-image\"><a href=\"https:\/\/afc.cat\/wp-content\/uploads\/2025\/06\/23-Adolfo-Garcia-Bastard-.jpg\" rel=\"noreferrer\" data-rel=\"iLightbox[gallery_image_1]\" class=\"fusion-lightbox\" target=\"_self\"><img decoding=\"async\" src=\"https:\/\/afc.cat\/wp-content\/uploads\/2025\/06\/23-Adolfo-Garcia-Bastard--320x202.jpg\" width=\"320\" height=\"202\" alt=\"\" title=\"23 Adolfo Garcia Bastard\" aria-label=\"23 Adolfo Garcia Bastard\" class=\"img-responsive wp-image-43841 fusion-gallery-image-size-fixed\" srcset=\"https:\/\/afc.cat\/wp-content\/uploads\/2025\/06\/23-Adolfo-Garcia-Bastard--320x202.jpg 320w, https:\/\/afc.cat\/wp-content\/uploads\/2025\/06\/23-Adolfo-Garcia-Bastard--700x441.jpg 700w\" sizes=\"(max-width: 320px) 100vw, 320px\" \/><\/a><\/div><\/div><div style=\"padding:5px;\" class=\"fusion-grid-column fusion-gallery-column fusion-gallery-column-4 hover-type-none\"><div class=\"fusion-gallery-image\"><a href=\"https:\/\/afc.cat\/wp-content\/uploads\/2025\/06\/24-Albert-Canellas-Xarau-.jpg\" rel=\"noreferrer\" data-rel=\"iLightbox[gallery_image_1]\" class=\"fusion-lightbox\" target=\"_self\"><img decoding=\"async\" src=\"https:\/\/afc.cat\/wp-content\/uploads\/2025\/06\/24-Albert-Canellas-Xarau--320x202.jpg\" width=\"320\" height=\"202\" alt=\"\" title=\"24 Albert Ca\u00f1ellas Xarau\" aria-label=\"24 Albert Ca\u00f1ellas Xarau\" class=\"img-responsive wp-image-43843 fusion-gallery-image-size-fixed\" srcset=\"https:\/\/afc.cat\/wp-content\/uploads\/2025\/06\/24-Albert-Canellas-Xarau--320x202.jpg 320w, https:\/\/afc.cat\/wp-content\/uploads\/2025\/06\/24-Albert-Canellas-Xarau--700x441.jpg 700w\" sizes=\"(max-width: 320px) 100vw, 320px\" \/><\/a><\/div><\/div><div class=\"clearfix\"><\/div><div style=\"padding:5px;\" class=\"fusion-grid-column fusion-gallery-column fusion-gallery-column-4 hover-type-none\"><div class=\"fusion-gallery-image\"><a href=\"https:\/\/afc.cat\/wp-content\/uploads\/2025\/06\/25-Carme-Mur-Calvo-.jpg\" rel=\"noreferrer\" data-rel=\"iLightbox[gallery_image_1]\" class=\"fusion-lightbox\" target=\"_self\"><img decoding=\"async\" src=\"https:\/\/afc.cat\/wp-content\/uploads\/2025\/06\/25-Carme-Mur-Calvo--320x202.jpg\" width=\"320\" height=\"202\" alt=\"\" title=\"25 Carme Mur Calv\u00f3\" aria-label=\"25 Carme Mur Calv\u00f3\" class=\"img-responsive wp-image-43845 fusion-gallery-image-size-fixed\" \/><\/a><\/div><\/div><div style=\"padding:5px;\" class=\"fusion-grid-column fusion-gallery-column fusion-gallery-column-4 hover-type-none\"><div class=\"fusion-gallery-image\"><a href=\"https:\/\/afc.cat\/wp-content\/uploads\/2025\/06\/26-Antoni-Conesa-Domenech-.jpg\" rel=\"noreferrer\" data-rel=\"iLightbox[gallery_image_1]\" class=\"fusion-lightbox\" target=\"_self\"><img decoding=\"async\" src=\"https:\/\/afc.cat\/wp-content\/uploads\/2025\/06\/26-Antoni-Conesa-Domenech--320x202.jpg\" width=\"320\" height=\"202\" alt=\"\" title=\"26 Antoni Conesa Dom\u00e8nech\" aria-label=\"26 Antoni Conesa Dom\u00e8nech\" class=\"img-responsive wp-image-43847 fusion-gallery-image-size-fixed\" \/><\/a><\/div><\/div><div style=\"padding:5px;\" class=\"fusion-grid-column fusion-gallery-column fusion-gallery-column-4 hover-type-none\"><div class=\"fusion-gallery-image\"><a href=\"https:\/\/afc.cat\/wp-content\/uploads\/2025\/06\/27-Carmen-Casademont-Ribot-.jpg\" rel=\"noreferrer\" data-rel=\"iLightbox[gallery_image_1]\" class=\"fusion-lightbox\" target=\"_self\"><img decoding=\"async\" src=\"https:\/\/afc.cat\/wp-content\/uploads\/2025\/06\/27-Carmen-Casademont-Ribot--320x202.jpg\" width=\"320\" height=\"202\" alt=\"\" title=\"27 Carmen Casademont Ribot\" aria-label=\"27 Carmen Casademont Ribot\" class=\"img-responsive wp-image-43849 fusion-gallery-image-size-fixed\" srcset=\"https:\/\/afc.cat\/wp-content\/uploads\/2025\/06\/27-Carmen-Casademont-Ribot--320x202.jpg 320w, https:\/\/afc.cat\/wp-content\/uploads\/2025\/06\/27-Carmen-Casademont-Ribot--700x441.jpg 700w\" sizes=\"(max-width: 320px) 100vw, 320px\" \/><\/a><\/div><\/div><div style=\"padding:5px;\" class=\"fusion-grid-column fusion-gallery-column fusion-gallery-column-4 hover-type-none\"><div class=\"fusion-gallery-image\"><a href=\"https:\/\/afc.cat\/wp-content\/uploads\/2025\/06\/28-Esperanca-Sanz-Marin-.jpg\" rel=\"noreferrer\" data-rel=\"iLightbox[gallery_image_1]\" class=\"fusion-lightbox\" target=\"_self\"><img decoding=\"async\" src=\"https:\/\/afc.cat\/wp-content\/uploads\/2025\/06\/28-Esperanca-Sanz-Marin--320x202.jpg\" width=\"320\" height=\"202\" alt=\"\" title=\"28 Esperan\u00e7a Sanz Marin\" aria-label=\"28 Esperan\u00e7a Sanz Marin\" class=\"img-responsive wp-image-43851 fusion-gallery-image-size-fixed\" srcset=\"https:\/\/afc.cat\/wp-content\/uploads\/2025\/06\/28-Esperanca-Sanz-Marin--320x202.jpg 320w, https:\/\/afc.cat\/wp-content\/uploads\/2025\/06\/28-Esperanca-Sanz-Marin--700x441.jpg 700w\" sizes=\"(max-width: 320px) 100vw, 320px\" \/><\/a><\/div><\/div><div class=\"clearfix\"><\/div><div style=\"padding:5px;\" class=\"fusion-grid-column fusion-gallery-column fusion-gallery-column-4 hover-type-none\"><div class=\"fusion-gallery-image\"><a href=\"https:\/\/afc.cat\/wp-content\/uploads\/2025\/06\/29-Sara-Assens-Mampel-.jpg\" rel=\"noreferrer\" data-rel=\"iLightbox[gallery_image_1]\" class=\"fusion-lightbox\" target=\"_self\"><img decoding=\"async\" src=\"https:\/\/afc.cat\/wp-content\/uploads\/2025\/06\/29-Sara-Assens-Mampel--320x202.jpg\" width=\"320\" height=\"202\" alt=\"\" title=\"29 Sara Assens Mampel\" aria-label=\"29 Sara Assens Mampel\" class=\"img-responsive wp-image-43853 fusion-gallery-image-size-fixed\" srcset=\"https:\/\/afc.cat\/wp-content\/uploads\/2025\/06\/29-Sara-Assens-Mampel--320x202.jpg 320w, https:\/\/afc.cat\/wp-content\/uploads\/2025\/06\/29-Sara-Assens-Mampel--700x441.jpg 700w\" sizes=\"(max-width: 320px) 100vw, 320px\" \/><\/a><\/div><\/div><div style=\"padding:5px;\" class=\"fusion-grid-column fusion-gallery-column fusion-gallery-column-4 hover-type-none\"><div class=\"fusion-gallery-image\"><a href=\"https:\/\/afc.cat\/wp-content\/uploads\/2025\/06\/30-Albert-Ballestero-Rosell-.jpg\" rel=\"noreferrer\" data-rel=\"iLightbox[gallery_image_1]\" class=\"fusion-lightbox\" target=\"_self\"><img decoding=\"async\" src=\"https:\/\/afc.cat\/wp-content\/uploads\/2025\/06\/30-Albert-Ballestero-Rosell--320x202.jpg\" width=\"320\" height=\"202\" alt=\"\" title=\"30 Albert Ballestero Rosell\" aria-label=\"30 Albert Ballestero Rosell\" class=\"img-responsive wp-image-43855 fusion-gallery-image-size-fixed\" srcset=\"https:\/\/afc.cat\/wp-content\/uploads\/2025\/06\/30-Albert-Ballestero-Rosell--320x202.jpg 320w, https:\/\/afc.cat\/wp-content\/uploads\/2025\/06\/30-Albert-Ballestero-Rosell--700x441.jpg 700w\" sizes=\"(max-width: 320px) 100vw, 320px\" \/><\/a><\/div><\/div><div style=\"padding:5px;\" class=\"fusion-grid-column fusion-gallery-column fusion-gallery-column-4 hover-type-none\"><div class=\"fusion-gallery-image\"><a href=\"https:\/\/afc.cat\/wp-content\/uploads\/2025\/06\/31-Pep-Vinyals-.jpg\" rel=\"noreferrer\" data-rel=\"iLightbox[gallery_image_1]\" class=\"fusion-lightbox\" target=\"_self\"><img decoding=\"async\" src=\"https:\/\/afc.cat\/wp-content\/uploads\/2025\/06\/31-Pep-Vinyals--320x202.jpg\" width=\"320\" height=\"202\" alt=\"\" title=\"31 Pep Vinyals\" aria-label=\"31 Pep Vinyals\" class=\"img-responsive wp-image-43857 fusion-gallery-image-size-fixed\" \/><\/a><\/div><\/div><div style=\"padding:5px;\" class=\"fusion-grid-column fusion-gallery-column fusion-gallery-column-4 hover-type-none\"><div class=\"fusion-gallery-image\"><a href=\"https:\/\/afc.cat\/wp-content\/uploads\/2025\/06\/32-Joan-Rue-Domingo-.jpg\" rel=\"noreferrer\" data-rel=\"iLightbox[gallery_image_1]\" class=\"fusion-lightbox\" target=\"_self\"><img decoding=\"async\" src=\"https:\/\/afc.cat\/wp-content\/uploads\/2025\/06\/32-Joan-Rue-Domingo--320x202.jpg\" width=\"320\" height=\"202\" alt=\"\" title=\"32 Joan Ru\u00e9 Domingo\" aria-label=\"32 Joan Ru\u00e9 Domingo\" class=\"img-responsive wp-image-43859 fusion-gallery-image-size-fixed\" srcset=\"https:\/\/afc.cat\/wp-content\/uploads\/2025\/06\/32-Joan-Rue-Domingo--320x202.jpg 320w, https:\/\/afc.cat\/wp-content\/uploads\/2025\/06\/32-Joan-Rue-Domingo--700x441.jpg 700w\" sizes=\"(max-width: 320px) 100vw, 320px\" \/><\/a><\/div><\/div><div class=\"clearfix\"><\/div><div style=\"padding:5px;\" class=\"fusion-grid-column fusion-gallery-column fusion-gallery-column-4 hover-type-none\"><div class=\"fusion-gallery-image\"><a href=\"https:\/\/afc.cat\/wp-content\/uploads\/2025\/06\/33-Lluis-Porcel-Gimenez-.jpg\" rel=\"noreferrer\" data-rel=\"iLightbox[gallery_image_1]\" class=\"fusion-lightbox\" target=\"_self\"><img decoding=\"async\" src=\"https:\/\/afc.cat\/wp-content\/uploads\/2025\/06\/33-Lluis-Porcel-Gimenez--320x202.jpg\" width=\"320\" height=\"202\" alt=\"\" title=\"33 Llu\u00eds Porcel Gim\u00e9nez\" aria-label=\"33 Llu\u00eds Porcel Gim\u00e9nez\" class=\"img-responsive wp-image-43861 fusion-gallery-image-size-fixed\" \/><\/a><\/div><\/div><div style=\"padding:5px;\" class=\"fusion-grid-column fusion-gallery-column fusion-gallery-column-4 hover-type-none\"><div class=\"fusion-gallery-image\"><a href=\"https:\/\/afc.cat\/wp-content\/uploads\/2025\/06\/34-Albert-Bolea-Noya-.jpg\" rel=\"noreferrer\" data-rel=\"iLightbox[gallery_image_1]\" class=\"fusion-lightbox\" target=\"_self\"><img decoding=\"async\" src=\"https:\/\/afc.cat\/wp-content\/uploads\/2025\/06\/34-Albert-Bolea-Noya--320x202.jpg\" width=\"320\" height=\"202\" alt=\"\" title=\"34 Albert Bolea Noya\" aria-label=\"34 Albert Bolea Noya\" class=\"img-responsive wp-image-43863 fusion-gallery-image-size-fixed\" \/><\/a><\/div><\/div><div style=\"padding:5px;\" class=\"fusion-grid-column fusion-gallery-column fusion-gallery-column-4 hover-type-none\"><div class=\"fusion-gallery-image\"><a href=\"https:\/\/afc.cat\/wp-content\/uploads\/2025\/06\/35-Pere-Graupera-Langa-.jpg\" rel=\"noreferrer\" data-rel=\"iLightbox[gallery_image_1]\" class=\"fusion-lightbox\" target=\"_self\"><img decoding=\"async\" src=\"https:\/\/afc.cat\/wp-content\/uploads\/2025\/06\/35-Pere-Graupera-Langa--320x202.jpg\" width=\"320\" height=\"202\" alt=\"\" title=\"35 Pere Graupera Langa\" aria-label=\"35 Pere Graupera Langa\" class=\"img-responsive wp-image-43865 fusion-gallery-image-size-fixed\" srcset=\"https:\/\/afc.cat\/wp-content\/uploads\/2025\/06\/35-Pere-Graupera-Langa--320x202.jpg 320w, https:\/\/afc.cat\/wp-content\/uploads\/2025\/06\/35-Pere-Graupera-Langa--700x441.jpg 700w\" sizes=\"(max-width: 320px) 100vw, 320px\" \/><\/a><\/div><\/div><div style=\"padding:5px;\" class=\"fusion-grid-column fusion-gallery-column fusion-gallery-column-4 hover-type-none\"><div class=\"fusion-gallery-image\"><a href=\"https:\/\/afc.cat\/wp-content\/uploads\/2025\/06\/36-Josep-Recio-Romaguera-.jpg\" rel=\"noreferrer\" data-rel=\"iLightbox[gallery_image_1]\" class=\"fusion-lightbox\" target=\"_self\"><img decoding=\"async\" src=\"https:\/\/afc.cat\/wp-content\/uploads\/2025\/06\/36-Josep-Recio-Romaguera--320x202.jpg\" width=\"320\" height=\"202\" alt=\"\" title=\"36 Josep Recio Romaguera\" aria-label=\"36 Josep Recio Romaguera\" class=\"img-responsive wp-image-43867 fusion-gallery-image-size-fixed\" srcset=\"https:\/\/afc.cat\/wp-content\/uploads\/2025\/06\/36-Josep-Recio-Romaguera--320x202.jpg 320w, https:\/\/afc.cat\/wp-content\/uploads\/2025\/06\/36-Josep-Recio-Romaguera--700x441.jpg 700w\" sizes=\"(max-width: 320px) 100vw, 320px\" \/><\/a><\/div><\/div><div class=\"clearfix\"><\/div><\/div><div class=\"fusion-separator fusion-full-width-sep\" style=\"align-self: center;margin-left: auto;margin-right: auto;margin-top:20px;margin-bottom:20px;width:100%;\"><div class=\"fusion-separator-border sep-single sep-solid\" style=\"border-color:#3ec0bf;border-top-width:1px;\"><\/div><\/div><div class=\"fusion-text fusion-text-5\"><p style=\"text-align: center;\"><strong>PUNTUACI\u00d3N\u00a0 COLOR<\/strong><\/p>\n<\/div><div style=\"text-align:center;\"><style>.fusion-imageframe.imageframe-2{ margin-bottom : 5%;}<\/style><span class=\" fusion-imageframe imageframe-none imageframe-2 hover-type-zoomin\"><img decoding=\"async\" width=\"683\" height=\"998\" title=\"resultats finals maig rectificat OK col-1\" src=\"https:\/\/afc.cat\/wp-content\/uploads\/2025\/06\/resultats-finals-maig-rectificat-OK-col-1.jpg\" alt class=\"img-responsive wp-image-43620\" srcset=\"https:\/\/afc.cat\/wp-content\/uploads\/2025\/06\/resultats-finals-maig-rectificat-OK-col-1-200x292.jpg 200w, https:\/\/afc.cat\/wp-content\/uploads\/2025\/06\/resultats-finals-maig-rectificat-OK-col-1-400x584.jpg 400w, https:\/\/afc.cat\/wp-content\/uploads\/2025\/06\/resultats-finals-maig-rectificat-OK-col-1-600x877.jpg 600w, https:\/\/afc.cat\/wp-content\/uploads\/2025\/06\/resultats-finals-maig-rectificat-OK-col-1.jpg 683w\" sizes=\"(max-width: 640px) 100vw, 683px\" \/><\/span><\/div><div class=\"fusion-text fusion-text-6\"><p style=\"text-align: center;\"><strong>Clasificaci\u00f3n color<\/strong><\/p>\n<\/div><style type=\"text\/css\">.fusion-gallery-2 .fusion-gallery-image {border:0px solid #e2e2e2;}<\/style><div class=\"fusion-gallery fusion-gallery-container fusion-grid-4 fusion-columns-total-37 fusion-gallery-layout-grid fusion-gallery-2\" style=\"margin:-5px;\"><div style=\"padding:5px;\" class=\"fusion-grid-column fusion-gallery-column fusion-gallery-column-4 hover-type-none\"><div class=\"fusion-gallery-image\"><a href=\"https:\/\/afc.cat\/wp-content\/uploads\/2025\/05\/1_Carmen-Casademont-Ribot-1.jpg\" rel=\"noreferrer\" data-rel=\"iLightbox[gallery_image_2]\" class=\"fusion-lightbox\" target=\"_self\"><img decoding=\"async\" src=\"https:\/\/afc.cat\/wp-content\/uploads\/2025\/05\/1_Carmen-Casademont-Ribot-1-320x202.jpg\" width=\"320\" height=\"202\" alt=\"\" title=\"1_Carmen Casademont Ribot\" aria-label=\"1_Carmen Casademont Ribot\" class=\"img-responsive wp-image-43699 fusion-gallery-image-size-fixed\" \/><\/a><\/div><\/div><div style=\"padding:5px;\" class=\"fusion-grid-column fusion-gallery-column fusion-gallery-column-4 hover-type-none\"><div class=\"fusion-gallery-image\"><a href=\"https:\/\/afc.cat\/wp-content\/uploads\/2025\/05\/2_Gloria-Tatxe-Salas-1.jpg\" rel=\"noreferrer\" data-rel=\"iLightbox[gallery_image_2]\" class=\"fusion-lightbox\" target=\"_self\"><img decoding=\"async\" src=\"https:\/\/afc.cat\/wp-content\/uploads\/2025\/05\/2_Gloria-Tatxe-Salas-1-320x202.jpg\" width=\"320\" height=\"202\" alt=\"\" title=\"2_Gloria Tatx\u00e9 Salas\" aria-label=\"2_Gloria Tatx\u00e9 Salas\" class=\"img-responsive wp-image-43701 fusion-gallery-image-size-fixed\" srcset=\"https:\/\/afc.cat\/wp-content\/uploads\/2025\/05\/2_Gloria-Tatxe-Salas-1-320x202.jpg 320w, https:\/\/afc.cat\/wp-content\/uploads\/2025\/05\/2_Gloria-Tatxe-Salas-1-700x441.jpg 700w\" sizes=\"(max-width: 320px) 100vw, 320px\" \/><\/a><\/div><\/div><div style=\"padding:5px;\" class=\"fusion-grid-column fusion-gallery-column fusion-gallery-column-4 hover-type-none\"><div class=\"fusion-gallery-image\"><a href=\"https:\/\/afc.cat\/wp-content\/uploads\/2025\/05\/3_Diego-Pastor-Sanchez-1.jpg\" rel=\"noreferrer\" data-rel=\"iLightbox[gallery_image_2]\" class=\"fusion-lightbox\" target=\"_self\"><img decoding=\"async\" src=\"https:\/\/afc.cat\/wp-content\/uploads\/2025\/05\/3_Diego-Pastor-Sanchez-1-320x202.jpg\" width=\"320\" height=\"202\" alt=\"\" title=\"3_Diego Pastor S\u00e1nchez\" aria-label=\"3_Diego Pastor S\u00e1nchez\" class=\"img-responsive wp-image-43703 fusion-gallery-image-size-fixed\" srcset=\"https:\/\/afc.cat\/wp-content\/uploads\/2025\/05\/3_Diego-Pastor-Sanchez-1-320x202.jpg 320w, https:\/\/afc.cat\/wp-content\/uploads\/2025\/05\/3_Diego-Pastor-Sanchez-1-700x441.jpg 700w\" sizes=\"(max-width: 320px) 100vw, 320px\" \/><\/a><\/div><\/div><div style=\"padding:5px;\" class=\"fusion-grid-column fusion-gallery-column fusion-gallery-column-4 hover-type-none\"><div class=\"fusion-gallery-image\"><a href=\"https:\/\/afc.cat\/wp-content\/uploads\/2025\/05\/4_Antoni-Conesa-Domenech-1.jpg\" rel=\"noreferrer\" data-rel=\"iLightbox[gallery_image_2]\" class=\"fusion-lightbox\" target=\"_self\"><img decoding=\"async\" src=\"https:\/\/afc.cat\/wp-content\/uploads\/2025\/05\/4_Antoni-Conesa-Domenech-1-320x202.jpg\" width=\"320\" height=\"202\" alt=\"\" title=\"4_Antoni Conesa Dom\u00e8nech\" aria-label=\"4_Antoni Conesa Dom\u00e8nech\" class=\"img-responsive wp-image-43705 fusion-gallery-image-size-fixed\" \/><\/a><\/div><\/div><div class=\"clearfix\"><\/div><div style=\"padding:5px;\" class=\"fusion-grid-column fusion-gallery-column fusion-gallery-column-4 hover-type-none\"><div class=\"fusion-gallery-image\"><a href=\"https:\/\/afc.cat\/wp-content\/uploads\/2025\/05\/5_Dolors-Ventura-Canellas-1.jpg\" rel=\"noreferrer\" data-rel=\"iLightbox[gallery_image_2]\" class=\"fusion-lightbox\" target=\"_self\"><img decoding=\"async\" src=\"https:\/\/afc.cat\/wp-content\/uploads\/2025\/05\/5_Dolors-Ventura-Canellas-1-320x202.jpg\" width=\"320\" height=\"202\" alt=\"\" title=\"5_Dolors Ventura Ca\u00f1ellas\" aria-label=\"5_Dolors Ventura Ca\u00f1ellas\" class=\"img-responsive wp-image-43707 fusion-gallery-image-size-fixed\" srcset=\"https:\/\/afc.cat\/wp-content\/uploads\/2025\/05\/5_Dolors-Ventura-Canellas-1-320x202.jpg 320w, https:\/\/afc.cat\/wp-content\/uploads\/2025\/05\/5_Dolors-Ventura-Canellas-1-700x441.jpg 700w\" sizes=\"(max-width: 320px) 100vw, 320px\" \/><\/a><\/div><\/div><div style=\"padding:5px;\" class=\"fusion-grid-column fusion-gallery-column fusion-gallery-column-4 hover-type-none\"><div class=\"fusion-gallery-image\"><a href=\"https:\/\/afc.cat\/wp-content\/uploads\/2025\/05\/6_Albert-Canellas-Xarau-1.jpg\" rel=\"noreferrer\" data-rel=\"iLightbox[gallery_image_2]\" class=\"fusion-lightbox\" target=\"_self\"><img decoding=\"async\" src=\"https:\/\/afc.cat\/wp-content\/uploads\/2025\/05\/6_Albert-Canellas-Xarau-1-320x202.jpg\" width=\"320\" height=\"202\" alt=\"\" title=\"6_Albert Ca\u00f1ellas Xarau\" aria-label=\"6_Albert Ca\u00f1ellas Xarau\" class=\"img-responsive wp-image-43709 fusion-gallery-image-size-fixed\" srcset=\"https:\/\/afc.cat\/wp-content\/uploads\/2025\/05\/6_Albert-Canellas-Xarau-1-320x202.jpg 320w, https:\/\/afc.cat\/wp-content\/uploads\/2025\/05\/6_Albert-Canellas-Xarau-1-700x441.jpg 700w\" sizes=\"(max-width: 320px) 100vw, 320px\" \/><\/a><\/div><\/div><div style=\"padding:5px;\" class=\"fusion-grid-column fusion-gallery-column fusion-gallery-column-4 hover-type-none\"><div class=\"fusion-gallery-image\"><a href=\"https:\/\/afc.cat\/wp-content\/uploads\/2025\/05\/7_Merce-Rios-Bejar-1.jpg\" rel=\"noreferrer\" data-rel=\"iLightbox[gallery_image_2]\" class=\"fusion-lightbox\" target=\"_self\"><img decoding=\"async\" src=\"https:\/\/afc.cat\/wp-content\/uploads\/2025\/05\/7_Merce-Rios-Bejar-1-320x202.jpg\" width=\"320\" height=\"202\" alt=\"\" title=\"7_Merc\u00e8 R\u00edos Bejar\" aria-label=\"7_Merc\u00e8 R\u00edos Bejar\" class=\"img-responsive wp-image-43711 fusion-gallery-image-size-fixed\" \/><\/a><\/div><\/div><div style=\"padding:5px;\" class=\"fusion-grid-column fusion-gallery-column fusion-gallery-column-4 hover-type-none\"><div class=\"fusion-gallery-image\"><a href=\"https:\/\/afc.cat\/wp-content\/uploads\/2025\/05\/8_Miquel-Cabre-1.jpg\" rel=\"noreferrer\" data-rel=\"iLightbox[gallery_image_2]\" class=\"fusion-lightbox\" target=\"_self\"><img decoding=\"async\" src=\"https:\/\/afc.cat\/wp-content\/uploads\/2025\/05\/8_Miquel-Cabre-1-320x202.jpg\" width=\"320\" height=\"202\" alt=\"\" title=\"8_Miquel Cabr\u00e9\" aria-label=\"8_Miquel Cabr\u00e9\" class=\"img-responsive wp-image-43713 fusion-gallery-image-size-fixed\" \/><\/a><\/div><\/div><div class=\"clearfix\"><\/div><div style=\"padding:5px;\" class=\"fusion-grid-column fusion-gallery-column fusion-gallery-column-4 hover-type-none\"><div class=\"fusion-gallery-image\"><a href=\"https:\/\/afc.cat\/wp-content\/uploads\/2025\/05\/9_Albert-Ballestero-Rosell-1.jpg\" rel=\"noreferrer\" data-rel=\"iLightbox[gallery_image_2]\" class=\"fusion-lightbox\" target=\"_self\"><img decoding=\"async\" src=\"https:\/\/afc.cat\/wp-content\/uploads\/2025\/05\/9_Albert-Ballestero-Rosell-1-320x202.jpg\" width=\"320\" height=\"202\" alt=\"\" title=\"9_Albert Ballestero Rosell\" aria-label=\"9_Albert Ballestero Rosell\" class=\"img-responsive wp-image-43715 fusion-gallery-image-size-fixed\" srcset=\"https:\/\/afc.cat\/wp-content\/uploads\/2025\/05\/9_Albert-Ballestero-Rosell-1-320x202.jpg 320w, https:\/\/afc.cat\/wp-content\/uploads\/2025\/05\/9_Albert-Ballestero-Rosell-1-700x441.jpg 700w\" sizes=\"(max-width: 320px) 100vw, 320px\" \/><\/a><\/div><\/div><div style=\"padding:5px;\" class=\"fusion-grid-column fusion-gallery-column fusion-gallery-column-4 hover-type-none\"><div class=\"fusion-gallery-image\"><a href=\"https:\/\/afc.cat\/wp-content\/uploads\/2025\/05\/10_Antoni-Beneyto-Maria-1.jpg\" rel=\"noreferrer\" data-rel=\"iLightbox[gallery_image_2]\" class=\"fusion-lightbox\" target=\"_self\"><img decoding=\"async\" src=\"https:\/\/afc.cat\/wp-content\/uploads\/2025\/05\/10_Antoni-Beneyto-Maria-1-320x202.jpg\" width=\"320\" height=\"202\" alt=\"\" title=\"10_Antoni Beneyto Maria\" aria-label=\"10_Antoni Beneyto Maria\" class=\"img-responsive wp-image-43717 fusion-gallery-image-size-fixed\" srcset=\"https:\/\/afc.cat\/wp-content\/uploads\/2025\/05\/10_Antoni-Beneyto-Maria-1-320x202.jpg 320w, https:\/\/afc.cat\/wp-content\/uploads\/2025\/05\/10_Antoni-Beneyto-Maria-1-700x441.jpg 700w\" sizes=\"(max-width: 320px) 100vw, 320px\" \/><\/a><\/div><\/div><div style=\"padding:5px;\" class=\"fusion-grid-column fusion-gallery-column fusion-gallery-column-4 hover-type-none\"><div class=\"fusion-gallery-image\"><a href=\"https:\/\/afc.cat\/wp-content\/uploads\/2025\/05\/11_Teresa-Tejero-Lopez-1.jpg\" rel=\"noreferrer\" data-rel=\"iLightbox[gallery_image_2]\" class=\"fusion-lightbox\" target=\"_self\"><img decoding=\"async\" src=\"https:\/\/afc.cat\/wp-content\/uploads\/2025\/05\/11_Teresa-Tejero-Lopez-1-320x202.jpg\" width=\"320\" height=\"202\" alt=\"\" title=\"11_Teresa Tejero Lopez\" aria-label=\"11_Teresa Tejero Lopez\" class=\"img-responsive wp-image-43719 fusion-gallery-image-size-fixed\" \/><\/a><\/div><\/div><div style=\"padding:5px;\" class=\"fusion-grid-column fusion-gallery-column fusion-gallery-column-4 hover-type-none\"><div class=\"fusion-gallery-image\"><a href=\"https:\/\/afc.cat\/wp-content\/uploads\/2025\/05\/12_Xavier-Bou-Salazar-1.jpg\" rel=\"noreferrer\" data-rel=\"iLightbox[gallery_image_2]\" class=\"fusion-lightbox\" target=\"_self\"><img decoding=\"async\" src=\"https:\/\/afc.cat\/wp-content\/uploads\/2025\/05\/12_Xavier-Bou-Salazar-1-320x202.jpg\" width=\"320\" height=\"202\" alt=\"\" title=\"12_Xavier Bou Salazar\" aria-label=\"12_Xavier Bou Salazar\" class=\"img-responsive wp-image-43721 fusion-gallery-image-size-fixed\" \/><\/a><\/div><\/div><div class=\"clearfix\"><\/div><div style=\"padding:5px;\" class=\"fusion-grid-column fusion-gallery-column fusion-gallery-column-4 hover-type-none\"><div class=\"fusion-gallery-image\"><a href=\"https:\/\/afc.cat\/wp-content\/uploads\/2025\/05\/13_Ramon-Riera-1.jpg\" rel=\"noreferrer\" data-rel=\"iLightbox[gallery_image_2]\" class=\"fusion-lightbox\" target=\"_self\"><img decoding=\"async\" src=\"https:\/\/afc.cat\/wp-content\/uploads\/2025\/05\/13_Ramon-Riera-1-320x202.jpg\" width=\"320\" height=\"202\" alt=\"\" title=\"13_Ramon Riera\" aria-label=\"13_Ramon Riera\" class=\"img-responsive wp-image-43723 fusion-gallery-image-size-fixed\" \/><\/a><\/div><\/div><div style=\"padding:5px;\" class=\"fusion-grid-column fusion-gallery-column fusion-gallery-column-4 hover-type-none\"><div class=\"fusion-gallery-image\"><a href=\"https:\/\/afc.cat\/wp-content\/uploads\/2025\/05\/14_Joan-Rue-Domingo-1.jpg\" rel=\"noreferrer\" data-rel=\"iLightbox[gallery_image_2]\" class=\"fusion-lightbox\" target=\"_self\"><img decoding=\"async\" src=\"https:\/\/afc.cat\/wp-content\/uploads\/2025\/05\/14_Joan-Rue-Domingo-1-320x202.jpg\" width=\"320\" height=\"202\" alt=\"\" title=\"14_Joan Ru\u00e9 Domingo\" aria-label=\"14_Joan Ru\u00e9 Domingo\" class=\"img-responsive wp-image-43725 fusion-gallery-image-size-fixed\" \/><\/a><\/div><\/div><div style=\"padding:5px;\" class=\"fusion-grid-column fusion-gallery-column fusion-gallery-column-4 hover-type-none\"><div class=\"fusion-gallery-image\"><a href=\"https:\/\/afc.cat\/wp-content\/uploads\/2025\/05\/15_Adolfo-Garcia-Bastard-1.jpg\" rel=\"noreferrer\" data-rel=\"iLightbox[gallery_image_2]\" class=\"fusion-lightbox\" target=\"_self\"><img decoding=\"async\" src=\"https:\/\/afc.cat\/wp-content\/uploads\/2025\/05\/15_Adolfo-Garcia-Bastard-1-320x202.jpg\" width=\"320\" height=\"202\" alt=\"\" title=\"15_Adolfo Garcia Bastard\" aria-label=\"15_Adolfo Garcia Bastard\" class=\"img-responsive wp-image-43727 fusion-gallery-image-size-fixed\" \/><\/a><\/div><\/div><div style=\"padding:5px;\" class=\"fusion-grid-column fusion-gallery-column fusion-gallery-column-4 hover-type-none\"><div class=\"fusion-gallery-image\"><a href=\"https:\/\/afc.cat\/wp-content\/uploads\/2025\/05\/16_Clara-Lopez-Colomer-1.jpg\" rel=\"noreferrer\" data-rel=\"iLightbox[gallery_image_2]\" class=\"fusion-lightbox\" target=\"_self\"><img decoding=\"async\" src=\"https:\/\/afc.cat\/wp-content\/uploads\/2025\/05\/16_Clara-Lopez-Colomer-1-320x202.jpg\" width=\"320\" height=\"202\" alt=\"\" title=\"16_Clara Lopez Colomer\" aria-label=\"16_Clara Lopez Colomer\" class=\"img-responsive wp-image-43729 fusion-gallery-image-size-fixed\" srcset=\"https:\/\/afc.cat\/wp-content\/uploads\/2025\/05\/16_Clara-Lopez-Colomer-1-320x202.jpg 320w, https:\/\/afc.cat\/wp-content\/uploads\/2025\/05\/16_Clara-Lopez-Colomer-1-700x441.jpg 700w\" sizes=\"(max-width: 320px) 100vw, 320px\" \/><\/a><\/div><\/div><div class=\"clearfix\"><\/div><div style=\"padding:5px;\" class=\"fusion-grid-column fusion-gallery-column fusion-gallery-column-4 hover-type-none\"><div class=\"fusion-gallery-image\"><a href=\"https:\/\/afc.cat\/wp-content\/uploads\/2025\/05\/17_oscar-daniel-giordano-leis-1.jpg\" rel=\"noreferrer\" data-rel=\"iLightbox[gallery_image_2]\" class=\"fusion-lightbox\" target=\"_self\"><img decoding=\"async\" src=\"https:\/\/afc.cat\/wp-content\/uploads\/2025\/05\/17_oscar-daniel-giordano-leis-1-320x202.jpg\" width=\"320\" height=\"202\" alt=\"\" title=\"17_oscar daniel giordano leis\" aria-label=\"17_oscar daniel giordano leis\" class=\"img-responsive wp-image-43731 fusion-gallery-image-size-fixed\" srcset=\"https:\/\/afc.cat\/wp-content\/uploads\/2025\/05\/17_oscar-daniel-giordano-leis-1-320x202.jpg 320w, https:\/\/afc.cat\/wp-content\/uploads\/2025\/05\/17_oscar-daniel-giordano-leis-1-700x441.jpg 700w\" sizes=\"(max-width: 320px) 100vw, 320px\" \/><\/a><\/div><\/div><div style=\"padding:5px;\" class=\"fusion-grid-column fusion-gallery-column fusion-gallery-column-4 hover-type-none\"><div class=\"fusion-gallery-image\"><a href=\"https:\/\/afc.cat\/wp-content\/uploads\/2025\/05\/18_Josep-Alonso-Gonzalez-1.jpg\" rel=\"noreferrer\" data-rel=\"iLightbox[gallery_image_2]\" class=\"fusion-lightbox\" target=\"_self\"><img decoding=\"async\" src=\"https:\/\/afc.cat\/wp-content\/uploads\/2025\/05\/18_Josep-Alonso-Gonzalez-1-320x202.jpg\" width=\"320\" height=\"202\" alt=\"\" title=\"18_Josep Alonso Gonzalez\" aria-label=\"18_Josep Alonso Gonzalez\" class=\"img-responsive wp-image-43733 fusion-gallery-image-size-fixed\" srcset=\"https:\/\/afc.cat\/wp-content\/uploads\/2025\/05\/18_Josep-Alonso-Gonzalez-1-320x202.jpg 320w, https:\/\/afc.cat\/wp-content\/uploads\/2025\/05\/18_Josep-Alonso-Gonzalez-1-700x441.jpg 700w\" sizes=\"(max-width: 320px) 100vw, 320px\" \/><\/a><\/div><\/div><div style=\"padding:5px;\" class=\"fusion-grid-column fusion-gallery-column fusion-gallery-column-4 hover-type-none\"><div class=\"fusion-gallery-image\"><a href=\"https:\/\/afc.cat\/wp-content\/uploads\/2025\/05\/19_Francisco-Olmos-Cubero-1.jpg\" rel=\"noreferrer\" data-rel=\"iLightbox[gallery_image_2]\" class=\"fusion-lightbox\" target=\"_self\"><img decoding=\"async\" src=\"https:\/\/afc.cat\/wp-content\/uploads\/2025\/05\/19_Francisco-Olmos-Cubero-1-320x202.jpg\" width=\"320\" height=\"202\" alt=\"\" title=\"19_Francisco Olmos Cubero\" aria-label=\"19_Francisco Olmos Cubero\" class=\"img-responsive wp-image-43735 fusion-gallery-image-size-fixed\" srcset=\"https:\/\/afc.cat\/wp-content\/uploads\/2025\/05\/19_Francisco-Olmos-Cubero-1-320x202.jpg 320w, https:\/\/afc.cat\/wp-content\/uploads\/2025\/05\/19_Francisco-Olmos-Cubero-1-700x441.jpg 700w\" sizes=\"(max-width: 320px) 100vw, 320px\" \/><\/a><\/div><\/div><div style=\"padding:5px;\" class=\"fusion-grid-column fusion-gallery-column fusion-gallery-column-4 hover-type-none\"><div class=\"fusion-gallery-image\"><a href=\"https:\/\/afc.cat\/wp-content\/uploads\/2025\/05\/20_David-Penarroya-Hernandez-1.jpg\" rel=\"noreferrer\" data-rel=\"iLightbox[gallery_image_2]\" class=\"fusion-lightbox\" target=\"_self\"><img decoding=\"async\" src=\"https:\/\/afc.cat\/wp-content\/uploads\/2025\/05\/20_David-Penarroya-Hernandez-1-320x202.jpg\" width=\"320\" height=\"202\" alt=\"\" title=\"20_David Pe\u00f1arroya Hernandez\" aria-label=\"20_David Pe\u00f1arroya Hernandez\" class=\"img-responsive wp-image-43737 fusion-gallery-image-size-fixed\" srcset=\"https:\/\/afc.cat\/wp-content\/uploads\/2025\/05\/20_David-Penarroya-Hernandez-1-320x202.jpg 320w, https:\/\/afc.cat\/wp-content\/uploads\/2025\/05\/20_David-Penarroya-Hernandez-1-700x441.jpg 700w\" sizes=\"(max-width: 320px) 100vw, 320px\" \/><\/a><\/div><\/div><div class=\"clearfix\"><\/div><div style=\"padding:5px;\" class=\"fusion-grid-column fusion-gallery-column fusion-gallery-column-4 hover-type-none\"><div class=\"fusion-gallery-image\"><a href=\"https:\/\/afc.cat\/wp-content\/uploads\/2025\/05\/21_XAVIER-RICOL-DOLSET-1.jpg\" rel=\"noreferrer\" data-rel=\"iLightbox[gallery_image_2]\" class=\"fusion-lightbox\" target=\"_self\"><img decoding=\"async\" src=\"https:\/\/afc.cat\/wp-content\/uploads\/2025\/05\/21_XAVIER-RICOL-DOLSET-1-320x202.jpg\" width=\"320\" height=\"202\" alt=\"\" title=\"21_XAVIER RICOL DOLSET\" aria-label=\"21_XAVIER RICOL DOLSET\" class=\"img-responsive wp-image-43739 fusion-gallery-image-size-fixed\" srcset=\"https:\/\/afc.cat\/wp-content\/uploads\/2025\/05\/21_XAVIER-RICOL-DOLSET-1-320x202.jpg 320w, https:\/\/afc.cat\/wp-content\/uploads\/2025\/05\/21_XAVIER-RICOL-DOLSET-1-700x441.jpg 700w\" sizes=\"(max-width: 320px) 100vw, 320px\" \/><\/a><\/div><\/div><div style=\"padding:5px;\" class=\"fusion-grid-column fusion-gallery-column fusion-gallery-column-4 hover-type-none\"><div class=\"fusion-gallery-image\"><a href=\"https:\/\/afc.cat\/wp-content\/uploads\/2025\/05\/22_Esperanca-Sanz-Marin-1.jpg\" rel=\"noreferrer\" data-rel=\"iLightbox[gallery_image_2]\" class=\"fusion-lightbox\" target=\"_self\"><img decoding=\"async\" src=\"https:\/\/afc.cat\/wp-content\/uploads\/2025\/05\/22_Esperanca-Sanz-Marin-1-320x202.jpg\" width=\"320\" height=\"202\" alt=\"\" title=\"22_Esperan\u00e7a Sanz Marin\" aria-label=\"22_Esperan\u00e7a Sanz Marin\" class=\"img-responsive wp-image-43741 fusion-gallery-image-size-fixed\" srcset=\"https:\/\/afc.cat\/wp-content\/uploads\/2025\/05\/22_Esperanca-Sanz-Marin-1-320x202.jpg 320w, https:\/\/afc.cat\/wp-content\/uploads\/2025\/05\/22_Esperanca-Sanz-Marin-1-700x441.jpg 700w\" sizes=\"(max-width: 320px) 100vw, 320px\" \/><\/a><\/div><\/div><div style=\"padding:5px;\" class=\"fusion-grid-column fusion-gallery-column fusion-gallery-column-4 hover-type-none\"><div class=\"fusion-gallery-image\"><a href=\"https:\/\/afc.cat\/wp-content\/uploads\/2025\/05\/23_Maxim-Poncela-Adot-1.jpg\" rel=\"noreferrer\" data-rel=\"iLightbox[gallery_image_2]\" class=\"fusion-lightbox\" target=\"_self\"><img decoding=\"async\" src=\"https:\/\/afc.cat\/wp-content\/uploads\/2025\/05\/23_Maxim-Poncela-Adot-1-320x202.jpg\" width=\"320\" height=\"202\" alt=\"\" title=\"23_M\u00e0xim Poncela Adot\" aria-label=\"23_M\u00e0xim Poncela Adot\" class=\"img-responsive wp-image-43743 fusion-gallery-image-size-fixed\" srcset=\"https:\/\/afc.cat\/wp-content\/uploads\/2025\/05\/23_Maxim-Poncela-Adot-1-320x202.jpg 320w, https:\/\/afc.cat\/wp-content\/uploads\/2025\/05\/23_Maxim-Poncela-Adot-1-700x441.jpg 700w\" sizes=\"(max-width: 320px) 100vw, 320px\" \/><\/a><\/div><\/div><div style=\"padding:5px;\" class=\"fusion-grid-column fusion-gallery-column fusion-gallery-column-4 hover-type-none\"><div class=\"fusion-gallery-image\"><a href=\"https:\/\/afc.cat\/wp-content\/uploads\/2025\/05\/24_Josep-Soler-Vendrell-1.jpg\" rel=\"noreferrer\" data-rel=\"iLightbox[gallery_image_2]\" class=\"fusion-lightbox\" target=\"_self\"><img decoding=\"async\" src=\"https:\/\/afc.cat\/wp-content\/uploads\/2025\/05\/24_Josep-Soler-Vendrell-1-320x202.jpg\" width=\"320\" height=\"202\" alt=\"\" title=\"24_Josep Soler Vendrell\" aria-label=\"24_Josep Soler Vendrell\" class=\"img-responsive wp-image-43745 fusion-gallery-image-size-fixed\" srcset=\"https:\/\/afc.cat\/wp-content\/uploads\/2025\/05\/24_Josep-Soler-Vendrell-1-320x202.jpg 320w, https:\/\/afc.cat\/wp-content\/uploads\/2025\/05\/24_Josep-Soler-Vendrell-1-700x441.jpg 700w\" sizes=\"(max-width: 320px) 100vw, 320px\" \/><\/a><\/div><\/div><div class=\"clearfix\"><\/div><div style=\"padding:5px;\" class=\"fusion-grid-column fusion-gallery-column fusion-gallery-column-4 hover-type-none\"><div class=\"fusion-gallery-image\"><a href=\"https:\/\/afc.cat\/wp-content\/uploads\/2025\/05\/25_Rosa-Cristofol-Martinez-1.jpg\" rel=\"noreferrer\" data-rel=\"iLightbox[gallery_image_2]\" class=\"fusion-lightbox\" target=\"_self\"><img decoding=\"async\" src=\"https:\/\/afc.cat\/wp-content\/uploads\/2025\/05\/25_Rosa-Cristofol-Martinez-1-320x202.jpg\" width=\"320\" height=\"202\" alt=\"\" title=\"25_Rosa Crist\u00f2fol Mart\u00ednez\" aria-label=\"25_Rosa Crist\u00f2fol Mart\u00ednez\" class=\"img-responsive wp-image-43747 fusion-gallery-image-size-fixed\" \/><\/a><\/div><\/div><div style=\"padding:5px;\" class=\"fusion-grid-column fusion-gallery-column fusion-gallery-column-4 hover-type-none\"><div class=\"fusion-gallery-image\"><a href=\"https:\/\/afc.cat\/wp-content\/uploads\/2025\/05\/26-Francesca-Portoles-Braso-1.jpg\" rel=\"noreferrer\" data-rel=\"iLightbox[gallery_image_2]\" class=\"fusion-lightbox\" target=\"_self\"><img decoding=\"async\" src=\"https:\/\/afc.cat\/wp-content\/uploads\/2025\/05\/26-Francesca-Portoles-Braso-1-320x202.jpg\" width=\"320\" height=\"202\" alt=\"\" title=\"26-Francesca Portol\u00e9s Bras\u00f3\" aria-label=\"26-Francesca Portol\u00e9s Bras\u00f3\" class=\"img-responsive wp-image-43749 fusion-gallery-image-size-fixed\" \/><\/a><\/div><\/div><div style=\"padding:5px;\" class=\"fusion-grid-column fusion-gallery-column fusion-gallery-column-4 hover-type-none\"><div class=\"fusion-gallery-image\"><a href=\"https:\/\/afc.cat\/wp-content\/uploads\/2025\/05\/27_Jordi-Meseguer-Rafales-1.jpg\" rel=\"noreferrer\" data-rel=\"iLightbox[gallery_image_2]\" class=\"fusion-lightbox\" target=\"_self\"><img decoding=\"async\" src=\"https:\/\/afc.cat\/wp-content\/uploads\/2025\/05\/27_Jordi-Meseguer-Rafales-1-320x202.jpg\" width=\"320\" height=\"202\" alt=\"\" title=\"27_Jordi Meseguer Rafales\" aria-label=\"27_Jordi Meseguer Rafales\" class=\"img-responsive wp-image-43751 fusion-gallery-image-size-fixed\" srcset=\"https:\/\/afc.cat\/wp-content\/uploads\/2025\/05\/27_Jordi-Meseguer-Rafales-1-320x202.jpg 320w, https:\/\/afc.cat\/wp-content\/uploads\/2025\/05\/27_Jordi-Meseguer-Rafales-1-700x441.jpg 700w\" sizes=\"(max-width: 320px) 100vw, 320px\" \/><\/a><\/div><\/div><div style=\"padding:5px;\" class=\"fusion-grid-column fusion-gallery-column fusion-gallery-column-4 hover-type-none\"><div class=\"fusion-gallery-image\"><a href=\"https:\/\/afc.cat\/wp-content\/uploads\/2025\/05\/28_Sara-Assens-Mampel-1.jpg\" rel=\"noreferrer\" data-rel=\"iLightbox[gallery_image_2]\" class=\"fusion-lightbox\" target=\"_self\"><img decoding=\"async\" src=\"https:\/\/afc.cat\/wp-content\/uploads\/2025\/05\/28_Sara-Assens-Mampel-1-320x202.jpg\" width=\"320\" height=\"202\" alt=\"\" title=\"28_Sara Assens Mampel\" aria-label=\"28_Sara Assens Mampel\" class=\"img-responsive wp-image-43753 fusion-gallery-image-size-fixed\" \/><\/a><\/div><\/div><div class=\"clearfix\"><\/div><div style=\"padding:5px;\" class=\"fusion-grid-column fusion-gallery-column fusion-gallery-column-4 hover-type-none\"><div class=\"fusion-gallery-image\"><a href=\"https:\/\/afc.cat\/wp-content\/uploads\/2025\/05\/29_PERE-GRAUPERA-LANGA-1.jpg\" rel=\"noreferrer\" data-rel=\"iLightbox[gallery_image_2]\" class=\"fusion-lightbox\" target=\"_self\"><img decoding=\"async\" src=\"https:\/\/afc.cat\/wp-content\/uploads\/2025\/05\/29_PERE-GRAUPERA-LANGA-1-320x202.jpg\" width=\"320\" height=\"202\" alt=\"\" title=\"29_PERE GRAUPERA LANGA\" aria-label=\"29_PERE GRAUPERA LANGA\" class=\"img-responsive wp-image-43755 fusion-gallery-image-size-fixed\" srcset=\"https:\/\/afc.cat\/wp-content\/uploads\/2025\/05\/29_PERE-GRAUPERA-LANGA-1-320x202.jpg 320w, https:\/\/afc.cat\/wp-content\/uploads\/2025\/05\/29_PERE-GRAUPERA-LANGA-1-700x441.jpg 700w\" sizes=\"(max-width: 320px) 100vw, 320px\" \/><\/a><\/div><\/div><div style=\"padding:5px;\" class=\"fusion-grid-column fusion-gallery-column fusion-gallery-column-4 hover-type-none\"><div class=\"fusion-gallery-image\"><a href=\"https:\/\/afc.cat\/wp-content\/uploads\/2025\/05\/30_Lluis-Porcel-Gimenez-1.jpg\" rel=\"noreferrer\" data-rel=\"iLightbox[gallery_image_2]\" class=\"fusion-lightbox\" target=\"_self\"><img decoding=\"async\" src=\"https:\/\/afc.cat\/wp-content\/uploads\/2025\/05\/30_Lluis-Porcel-Gimenez-1-320x202.jpg\" width=\"320\" height=\"202\" alt=\"\" title=\"30_Llu\u00eds Porcel Gim\u00e9nez\" aria-label=\"30_Llu\u00eds Porcel Gim\u00e9nez\" class=\"img-responsive wp-image-43757 fusion-gallery-image-size-fixed\" srcset=\"https:\/\/afc.cat\/wp-content\/uploads\/2025\/05\/30_Lluis-Porcel-Gimenez-1-320x202.jpg 320w, https:\/\/afc.cat\/wp-content\/uploads\/2025\/05\/30_Lluis-Porcel-Gimenez-1-700x441.jpg 700w\" sizes=\"(max-width: 320px) 100vw, 320px\" \/><\/a><\/div><\/div><div style=\"padding:5px;\" class=\"fusion-grid-column fusion-gallery-column fusion-gallery-column-4 hover-type-none\"><div class=\"fusion-gallery-image\"><a href=\"https:\/\/afc.cat\/wp-content\/uploads\/2025\/05\/31_Josep-Maria-Bonjoch-Trilla-1.jpg\" rel=\"noreferrer\" data-rel=\"iLightbox[gallery_image_2]\" class=\"fusion-lightbox\" target=\"_self\"><img decoding=\"async\" src=\"https:\/\/afc.cat\/wp-content\/uploads\/2025\/05\/31_Josep-Maria-Bonjoch-Trilla-1-320x202.jpg\" width=\"320\" height=\"202\" alt=\"\" title=\"31_Josep Maria Bonjoch Trilla\" aria-label=\"31_Josep Maria Bonjoch Trilla\" class=\"img-responsive wp-image-43759 fusion-gallery-image-size-fixed\" srcset=\"https:\/\/afc.cat\/wp-content\/uploads\/2025\/05\/31_Josep-Maria-Bonjoch-Trilla-1-320x202.jpg 320w, https:\/\/afc.cat\/wp-content\/uploads\/2025\/05\/31_Josep-Maria-Bonjoch-Trilla-1-700x441.jpg 700w\" sizes=\"(max-width: 320px) 100vw, 320px\" \/><\/a><\/div><\/div><div style=\"padding:5px;\" class=\"fusion-grid-column fusion-gallery-column fusion-gallery-column-4 hover-type-none\"><div class=\"fusion-gallery-image\"><a href=\"https:\/\/afc.cat\/wp-content\/uploads\/2025\/05\/32_Santiago-Garcia-Cuadrado-1.jpg\" rel=\"noreferrer\" data-rel=\"iLightbox[gallery_image_2]\" class=\"fusion-lightbox\" target=\"_self\"><img decoding=\"async\" src=\"https:\/\/afc.cat\/wp-content\/uploads\/2025\/05\/32_Santiago-Garcia-Cuadrado-1-320x202.jpg\" width=\"320\" height=\"202\" alt=\"\" title=\"32_Santiago Garc\u00eda Cuadrado\" aria-label=\"32_Santiago Garc\u00eda Cuadrado\" class=\"img-responsive wp-image-43761 fusion-gallery-image-size-fixed\" srcset=\"https:\/\/afc.cat\/wp-content\/uploads\/2025\/05\/32_Santiago-Garcia-Cuadrado-1-320x202.jpg 320w, https:\/\/afc.cat\/wp-content\/uploads\/2025\/05\/32_Santiago-Garcia-Cuadrado-1-700x441.jpg 700w\" sizes=\"(max-width: 320px) 100vw, 320px\" \/><\/a><\/div><\/div><div class=\"clearfix\"><\/div><div style=\"padding:5px;\" class=\"fusion-grid-column fusion-gallery-column fusion-gallery-column-4 hover-type-none\"><div class=\"fusion-gallery-image\"><a href=\"https:\/\/afc.cat\/wp-content\/uploads\/2025\/05\/33_Damia-Tous-Vazquez-1.jpg\" rel=\"noreferrer\" data-rel=\"iLightbox[gallery_image_2]\" class=\"fusion-lightbox\" target=\"_self\"><img decoding=\"async\" src=\"https:\/\/afc.cat\/wp-content\/uploads\/2025\/05\/33_Damia-Tous-Vazquez-1-320x202.jpg\" width=\"320\" height=\"202\" alt=\"\" title=\"33_Dami\u00e0 Tous Vazquez\" aria-label=\"33_Dami\u00e0 Tous Vazquez\" class=\"img-responsive wp-image-43763 fusion-gallery-image-size-fixed\" srcset=\"https:\/\/afc.cat\/wp-content\/uploads\/2025\/05\/33_Damia-Tous-Vazquez-1-320x202.jpg 320w, https:\/\/afc.cat\/wp-content\/uploads\/2025\/05\/33_Damia-Tous-Vazquez-1-700x441.jpg 700w\" sizes=\"(max-width: 320px) 100vw, 320px\" \/><\/a><\/div><\/div><div style=\"padding:5px;\" class=\"fusion-grid-column fusion-gallery-column fusion-gallery-column-4 hover-type-none\"><div class=\"fusion-gallery-image\"><a href=\"https:\/\/afc.cat\/wp-content\/uploads\/2025\/05\/34_Pep-Vinyals-1.jpg\" rel=\"noreferrer\" data-rel=\"iLightbox[gallery_image_2]\" class=\"fusion-lightbox\" target=\"_self\"><img decoding=\"async\" src=\"https:\/\/afc.cat\/wp-content\/uploads\/2025\/05\/34_Pep-Vinyals-1-320x202.jpg\" width=\"320\" height=\"202\" alt=\"\" title=\"34_Pep Vinyals\" aria-label=\"34_Pep Vinyals\" class=\"img-responsive wp-image-43765 fusion-gallery-image-size-fixed\" srcset=\"https:\/\/afc.cat\/wp-content\/uploads\/2025\/05\/34_Pep-Vinyals-1-320x202.jpg 320w, https:\/\/afc.cat\/wp-content\/uploads\/2025\/05\/34_Pep-Vinyals-1-700x441.jpg 700w\" sizes=\"(max-width: 320px) 100vw, 320px\" \/><\/a><\/div><\/div><div style=\"padding:5px;\" class=\"fusion-grid-column fusion-gallery-column fusion-gallery-column-4 hover-type-none\"><div class=\"fusion-gallery-image\"><a href=\"https:\/\/afc.cat\/wp-content\/uploads\/2025\/05\/35_Carme-Mur-Calvo-1.jpg\" rel=\"noreferrer\" data-rel=\"iLightbox[gallery_image_2]\" class=\"fusion-lightbox\" target=\"_self\"><img decoding=\"async\" src=\"https:\/\/afc.cat\/wp-content\/uploads\/2025\/05\/35_Carme-Mur-Calvo-1-320x202.jpg\" width=\"320\" height=\"202\" alt=\"\" title=\"35_Carme Mur Calv\u00f3\" aria-label=\"35_Carme Mur Calv\u00f3\" class=\"img-responsive wp-image-43767 fusion-gallery-image-size-fixed\" \/><\/a><\/div><\/div><div style=\"padding:5px;\" class=\"fusion-grid-column fusion-gallery-column fusion-gallery-column-4 hover-type-none\"><div class=\"fusion-gallery-image\"><a href=\"https:\/\/afc.cat\/wp-content\/uploads\/2025\/05\/36_Albert-Bolea-Noya-1.jpg\" rel=\"noreferrer\" data-rel=\"iLightbox[gallery_image_2]\" class=\"fusion-lightbox\" target=\"_self\"><img decoding=\"async\" src=\"https:\/\/afc.cat\/wp-content\/uploads\/2025\/05\/36_Albert-Bolea-Noya-1-320x202.jpg\" width=\"320\" height=\"202\" alt=\"\" title=\"36_Albert Bolea Noya\" aria-label=\"36_Albert Bolea Noya\" class=\"img-responsive wp-image-43769 fusion-gallery-image-size-fixed\" srcset=\"https:\/\/afc.cat\/wp-content\/uploads\/2025\/05\/36_Albert-Bolea-Noya-1-320x202.jpg 320w, https:\/\/afc.cat\/wp-content\/uploads\/2025\/05\/36_Albert-Bolea-Noya-1-700x441.jpg 700w\" sizes=\"(max-width: 320px) 100vw, 320px\" \/><\/a><\/div><\/div><div class=\"clearfix\"><\/div><div style=\"padding:5px;\" class=\"fusion-grid-column fusion-gallery-column fusion-gallery-column-4 hover-type-none\"><div class=\"fusion-gallery-image\"><a href=\"https:\/\/afc.cat\/wp-content\/uploads\/2025\/05\/37_Josep-Recio-Romaguera-1.jpg\" rel=\"noreferrer\" data-rel=\"iLightbox[gallery_image_2]\" class=\"fusion-lightbox\" target=\"_self\"><img decoding=\"async\" src=\"https:\/\/afc.cat\/wp-content\/uploads\/2025\/05\/37_Josep-Recio-Romaguera-1-320x202.jpg\" width=\"320\" height=\"202\" alt=\"\" title=\"37_Josep Recio Romaguera\" aria-label=\"37_Josep Recio Romaguera\" class=\"img-responsive wp-image-43771 fusion-gallery-image-size-fixed\" srcset=\"https:\/\/afc.cat\/wp-content\/uploads\/2025\/05\/37_Josep-Recio-Romaguera-1-320x202.jpg 320w, https:\/\/afc.cat\/wp-content\/uploads\/2025\/05\/37_Josep-Recio-Romaguera-1-700x441.jpg 700w\" sizes=\"(max-width: 320px) 100vw, 320px\" \/><\/a><\/div><\/div><\/div><div class=\"fusion-separator fusion-full-width-sep\" style=\"align-self: center;margin-left: auto;margin-right: auto;margin-top:20px;margin-bottom:20px;width:100%;\"><div class=\"fusion-separator-border sep-single sep-solid\" style=\"border-color:#3ec0bf;border-top-width:1px;\"><\/div><\/div><div style=\"text-align:center;\"><style>.fusion-button.button-1{border-radius:4px 4px 4px 4px;}<\/style><a class=\"fusion-button button-flat fusion-button-default-size button-default button-1 fusion-button-default-span fusion-button-default-type\" target=\"_self\" href=\"https:\/\/afc.cat\/es\/galerias\/\"><span class=\"fusion-button-text\">Vuelve a GALER\u00cdAS<\/span><\/a><\/div><\/div><style type=\"text\/css\">.fusion-body .fusion-builder-column-0{width:100% !important;margin-top : 0px;margin-bottom : 20px;}.fusion-builder-column-0 > .fusion-column-wrapper {padding-top : 0px !important;padding-right : 0px !important;margin-right : 1.92%;padding-bottom : 0px !important;padding-left : 0px !important;margin-left : 1.92%;}@media only screen and (max-width:1024px) {.fusion-body .fusion-builder-column-0{width:100% !important;order : 0;}.fusion-builder-column-0 > .fusion-column-wrapper {margin-right : 1.92%;margin-left : 1.92%;}}@media only screen and (max-width:640px) {.fusion-body .fusion-builder-column-0{width:100% !important;order : 0;}.fusion-builder-column-0 > .fusion-column-wrapper {margin-right : 1.92%;margin-left : 1.92%;}}<\/style><\/div><\/div><style type=\"text\/css\">.fusion-body .fusion-flex-container.fusion-builder-row-1{ padding-top : 0px;margin-top : 0px;padding-right : 0px;padding-bottom : 0px;margin-bottom : 0px;padding-left : 0px;}<\/style><\/div>\n","protected":false},"excerpt":{"rendered":"","protected":false},"author":33,"featured_media":43775,"menu_order":0,"comment_status":"open","ping_status":"closed","template":"","format":"standard","meta":{"_acf_changed":false,"footnotes":""},"portfolio_category":[158],"portfolio_skills":[],"portfolio_tags":[],"class_list":["post-43530","avada_portfolio","type-avada_portfolio","status-publish","format-standard","has-post-thumbnail","hentry","portfolio_category-concursos-es"],"acf":[],"yoast_head":"<!-- This site is optimized with the Yoast SEO plugin v27.2 - https:\/\/yoast.com\/product\/yoast-seo-wordpress\/ -->\n<title>Clasificaci\u00f3n concurso Temes Obligats 2024-2025 MAYO 25 - Agrupaci\u00f3 Fotogr\u00e0fica de Catalunya<\/title>\n<meta name=\"robots\" content=\"index, follow, max-snippet:-1, max-image-preview:large, max-video-preview:-1\" \/>\n<link rel=\"canonical\" href=\"https:\/\/afc.cat\/es\/galeria\/clasificacion-concurso-temes-obligats-2024-2025-mayo-25\/\" \/>\n<meta property=\"og:locale\" content=\"es_ES\" \/>\n<meta property=\"og:type\" content=\"article\" \/>\n<meta property=\"og:title\" content=\"Clasificaci\u00f3n concurso Temes Obligats 2024-2025 MAYO 25 - Agrupaci\u00f3 Fotogr\u00e0fica de Catalunya\" \/>\n<meta property=\"og:url\" content=\"https:\/\/afc.cat\/es\/galeria\/clasificacion-concurso-temes-obligats-2024-2025-mayo-25\/\" \/>\n<meta property=\"og:site_name\" content=\"Agrupaci\u00f3 Fotogr\u00e0fica de Catalunya\" \/>\n<meta property=\"article:modified_time\" content=\"2025-06-13T22:27:38+00:00\" \/>\n<meta property=\"og:image\" content=\"https:\/\/afc.cat\/wp-content\/uploads\/2025\/06\/TO-05-25-maig-25-ESP-ok.jpg\" \/>\n\t<meta property=\"og:image:width\" content=\"400\" \/>\n\t<meta property=\"og:image:height\" content=\"267\" \/>\n\t<meta property=\"og:image:type\" content=\"image\/jpeg\" \/>\n<meta name=\"twitter:card\" content=\"summary_large_image\" \/>\n<meta name=\"twitter:label1\" content=\"Tiempo de lectura\" \/>\n\t<meta name=\"twitter:data1\" content=\"7 minutos\" \/>\n<script type=\"application\/ld+json\" class=\"yoast-schema-graph\">{\"@context\":\"https:\/\/schema.org\",\"@graph\":[{\"@type\":\"WebPage\",\"@id\":\"https:\/\/afc.cat\/es\/galeria\/clasificacion-concurso-temes-obligats-2024-2025-mayo-25\/\",\"url\":\"https:\/\/afc.cat\/es\/galeria\/clasificacion-concurso-temes-obligats-2024-2025-mayo-25\/\",\"name\":\"Clasificaci\u00f3n concurso Temes Obligats 2024-2025 MAYO 25 - Agrupaci\u00f3 Fotogr\u00e0fica de Catalunya\",\"isPartOf\":{\"@id\":\"https:\/\/afc.cat\/es\/#website\"},\"primaryImageOfPage\":{\"@id\":\"https:\/\/afc.cat\/es\/galeria\/clasificacion-concurso-temes-obligats-2024-2025-mayo-25\/#primaryimage\"},\"image\":{\"@id\":\"https:\/\/afc.cat\/es\/galeria\/clasificacion-concurso-temes-obligats-2024-2025-mayo-25\/#primaryimage\"},\"thumbnailUrl\":\"https:\/\/afc.cat\/wp-content\/uploads\/2025\/06\/TO-05-25-maig-25-ESP-ok.jpg\",\"datePublished\":\"2025-05-30T21:51:36+00:00\",\"dateModified\":\"2025-06-13T22:27:38+00:00\",\"breadcrumb\":{\"@id\":\"https:\/\/afc.cat\/es\/galeria\/clasificacion-concurso-temes-obligats-2024-2025-mayo-25\/#breadcrumb\"},\"inLanguage\":\"es\",\"potentialAction\":[{\"@type\":\"ReadAction\",\"target\":[\"https:\/\/afc.cat\/es\/galeria\/clasificacion-concurso-temes-obligats-2024-2025-mayo-25\/\"]}]},{\"@type\":\"ImageObject\",\"inLanguage\":\"es\",\"@id\":\"https:\/\/afc.cat\/es\/galeria\/clasificacion-concurso-temes-obligats-2024-2025-mayo-25\/#primaryimage\",\"url\":\"https:\/\/afc.cat\/wp-content\/uploads\/2025\/06\/TO-05-25-maig-25-ESP-ok.jpg\",\"contentUrl\":\"https:\/\/afc.cat\/wp-content\/uploads\/2025\/06\/TO-05-25-maig-25-ESP-ok.jpg\",\"width\":400,\"height\":267},{\"@type\":\"BreadcrumbList\",\"@id\":\"https:\/\/afc.cat\/es\/galeria\/clasificacion-concurso-temes-obligats-2024-2025-mayo-25\/#breadcrumb\",\"itemListElement\":[{\"@type\":\"ListItem\",\"position\":1,\"name\":\"Inicio\",\"item\":\"https:\/\/afc.cat\/es\/\"},{\"@type\":\"ListItem\",\"position\":2,\"name\":\"Portfolio\",\"item\":\"https:\/\/afc.cat\/galeria\/\"},{\"@type\":\"ListItem\",\"position\":3,\"name\":\"Clasificaci\u00f3n concurso Temes Obligats 2024-2025 MAYO 25\"}]},{\"@type\":\"WebSite\",\"@id\":\"https:\/\/afc.cat\/es\/#website\",\"url\":\"https:\/\/afc.cat\/es\/\",\"name\":\"Agrupaci\u00f3 Fotogr\u00e0fica de Catalunya\",\"description\":\"Fomento y divulgaci\u00f3n de la fotograf\u00eda en todas sus variedades\",\"potentialAction\":[{\"@type\":\"SearchAction\",\"target\":{\"@type\":\"EntryPoint\",\"urlTemplate\":\"https:\/\/afc.cat\/es\/?s={search_term_string}\"},\"query-input\":{\"@type\":\"PropertyValueSpecification\",\"valueRequired\":true,\"valueName\":\"search_term_string\"}}],\"inLanguage\":\"es\"}]}<\/script>\n<!-- \/ Yoast SEO plugin. -->","yoast_head_json":{"title":"Clasificaci\u00f3n concurso Temes Obligats 2024-2025 MAYO 25 - Agrupaci\u00f3 Fotogr\u00e0fica de Catalunya","robots":{"index":"index","follow":"follow","max-snippet":"max-snippet:-1","max-image-preview":"max-image-preview:large","max-video-preview":"max-video-preview:-1"},"canonical":"https:\/\/afc.cat\/es\/galeria\/clasificacion-concurso-temes-obligats-2024-2025-mayo-25\/","og_locale":"es_ES","og_type":"article","og_title":"Clasificaci\u00f3n concurso Temes Obligats 2024-2025 MAYO 25 - Agrupaci\u00f3 Fotogr\u00e0fica de Catalunya","og_url":"https:\/\/afc.cat\/es\/galeria\/clasificacion-concurso-temes-obligats-2024-2025-mayo-25\/","og_site_name":"Agrupaci\u00f3 Fotogr\u00e0fica de Catalunya","article_modified_time":"2025-06-13T22:27:38+00:00","og_image":[{"width":400,"height":267,"url":"https:\/\/afc.cat\/wp-content\/uploads\/2025\/06\/TO-05-25-maig-25-ESP-ok.jpg","type":"image\/jpeg"}],"twitter_card":"summary_large_image","twitter_misc":{"Tiempo de lectura":"7 minutos"},"schema":{"@context":"https:\/\/schema.org","@graph":[{"@type":"WebPage","@id":"https:\/\/afc.cat\/es\/galeria\/clasificacion-concurso-temes-obligats-2024-2025-mayo-25\/","url":"https:\/\/afc.cat\/es\/galeria\/clasificacion-concurso-temes-obligats-2024-2025-mayo-25\/","name":"Clasificaci\u00f3n concurso Temes Obligats 2024-2025 MAYO 25 - Agrupaci\u00f3 Fotogr\u00e0fica de Catalunya","isPartOf":{"@id":"https:\/\/afc.cat\/es\/#website"},"primaryImageOfPage":{"@id":"https:\/\/afc.cat\/es\/galeria\/clasificacion-concurso-temes-obligats-2024-2025-mayo-25\/#primaryimage"},"image":{"@id":"https:\/\/afc.cat\/es\/galeria\/clasificacion-concurso-temes-obligats-2024-2025-mayo-25\/#primaryimage"},"thumbnailUrl":"https:\/\/afc.cat\/wp-content\/uploads\/2025\/06\/TO-05-25-maig-25-ESP-ok.jpg","datePublished":"2025-05-30T21:51:36+00:00","dateModified":"2025-06-13T22:27:38+00:00","breadcrumb":{"@id":"https:\/\/afc.cat\/es\/galeria\/clasificacion-concurso-temes-obligats-2024-2025-mayo-25\/#breadcrumb"},"inLanguage":"es","potentialAction":[{"@type":"ReadAction","target":["https:\/\/afc.cat\/es\/galeria\/clasificacion-concurso-temes-obligats-2024-2025-mayo-25\/"]}]},{"@type":"ImageObject","inLanguage":"es","@id":"https:\/\/afc.cat\/es\/galeria\/clasificacion-concurso-temes-obligats-2024-2025-mayo-25\/#primaryimage","url":"https:\/\/afc.cat\/wp-content\/uploads\/2025\/06\/TO-05-25-maig-25-ESP-ok.jpg","contentUrl":"https:\/\/afc.cat\/wp-content\/uploads\/2025\/06\/TO-05-25-maig-25-ESP-ok.jpg","width":400,"height":267},{"@type":"BreadcrumbList","@id":"https:\/\/afc.cat\/es\/galeria\/clasificacion-concurso-temes-obligats-2024-2025-mayo-25\/#breadcrumb","itemListElement":[{"@type":"ListItem","position":1,"name":"Inicio","item":"https:\/\/afc.cat\/es\/"},{"@type":"ListItem","position":2,"name":"Portfolio","item":"https:\/\/afc.cat\/galeria\/"},{"@type":"ListItem","position":3,"name":"Clasificaci\u00f3n concurso Temes Obligats 2024-2025 MAYO 25"}]},{"@type":"WebSite","@id":"https:\/\/afc.cat\/es\/#website","url":"https:\/\/afc.cat\/es\/","name":"Agrupaci\u00f3 Fotogr\u00e0fica de Catalunya","description":"Fomento y divulgaci\u00f3n de la fotograf\u00eda en todas sus variedades","potentialAction":[{"@type":"SearchAction","target":{"@type":"EntryPoint","urlTemplate":"https:\/\/afc.cat\/es\/?s={search_term_string}"},"query-input":{"@type":"PropertyValueSpecification","valueRequired":true,"valueName":"search_term_string"}}],"inLanguage":"es"}]}},"_links":{"self":[{"href":"https:\/\/afc.cat\/es\/wp-json\/wp\/v2\/avada_portfolio\/43530","targetHints":{"allow":["GET"]}}],"collection":[{"href":"https:\/\/afc.cat\/es\/wp-json\/wp\/v2\/avada_portfolio"}],"about":[{"href":"https:\/\/afc.cat\/es\/wp-json\/wp\/v2\/types\/avada_portfolio"}],"author":[{"embeddable":true,"href":"https:\/\/afc.cat\/es\/wp-json\/wp\/v2\/users\/33"}],"replies":[{"embeddable":true,"href":"https:\/\/afc.cat\/es\/wp-json\/wp\/v2\/comments?post=43530"}],"version-history":[{"count":9,"href":"https:\/\/afc.cat\/es\/wp-json\/wp\/v2\/avada_portfolio\/43530\/revisions"}],"predecessor-version":[{"id":43872,"href":"https:\/\/afc.cat\/es\/wp-json\/wp\/v2\/avada_portfolio\/43530\/revisions\/43872"}],"wp:featuredmedia":[{"embeddable":true,"href":"https:\/\/afc.cat\/es\/wp-json\/wp\/v2\/media\/43775"}],"wp:attachment":[{"href":"https:\/\/afc.cat\/es\/wp-json\/wp\/v2\/media?parent=43530"}],"wp:term":[{"taxonomy":"portfolio_category","embeddable":true,"href":"https:\/\/afc.cat\/es\/wp-json\/wp\/v2\/portfolio_category?post=43530"},{"taxonomy":"portfolio_skills","embeddable":true,"href":"https:\/\/afc.cat\/es\/wp-json\/wp\/v2\/portfolio_skills?post=43530"},{"taxonomy":"portfolio_tags","embeddable":true,"href":"https:\/\/afc.cat\/es\/wp-json\/wp\/v2\/portfolio_tags?post=43530"}],"curies":[{"name":"wp","href":"https:\/\/api.w.org\/{rel}","templated":true}]}}