{"id":19994,"date":"2021-04-16T16:52:21","date_gmt":"2021-04-16T14:52:21","guid":{"rendered":"http:\/\/afc-test.com.mialias.net\/?post_type=class&#038;p=19994"},"modified":"2021-04-16T16:52:21","modified_gmt":"2021-04-16T14:52:21","slug":"una-tarde-fotografica-en-el-parque-guell","status":"publish","type":"class","link":"https:\/\/afc.cat\/es\/activitat\/una-tarde-fotografica-en-el-parque-guell\/","title":{"rendered":"Una tarde fotogr\u00e1fica en el Parque G\u00fcell"},"content":{"rendered":"<p><div class=\"fusion-fullwidth fullwidth-box fusion-builder-row-1 fusion-flex-container nonhundred-percent-fullwidth non-hundred-percent-height-scrolling\" style=\"background-color: rgba(255,255,255,0);background-position: center center;background-repeat: no-repeat;border-width: 0px 15px 0px 0px;border-color:#ffffff;border-style:solid;\" ><div class=\"fusion-builder-row fusion-row fusion-flex-align-items-flex-start\" style=\"max-width:1300px;margin-left: calc(-4% \/ 2 );margin-right: calc(-4% \/ 2 );\"><div class=\"fusion-layout-column fusion_builder_column fusion-builder-column-0 fusion_builder_column_1_1 1_1 fusion-flex-column\"><div class=\"fusion-column-wrapper fusion-flex-justify-content-flex-start fusion-content-layout-column\" style=\"background-position:left top;background-repeat:no-repeat;-webkit-background-size:cover;-moz-background-size:cover;-o-background-size:cover;background-size:cover;padding: 0px 0px 0px 0px;\"><div class=\"fusion-text fusion-text-1\"><p><strong>LUGAR<\/strong>: Parque G\u00fcell<\/p>\n<p><strong>PUNTO DE ENCUENTRO<\/strong>: Puerta de acceso de la calle Olot, 7- 08024 Barcelona<\/p>\n<p><strong>HORA<\/strong>: 17.30 horas<\/p>\n<p><strong>COMO LLEGAR<\/strong>:<\/p>\n<p>Bus 24 (Pza. Catalunya-El Carmel)<br \/>\nBus V-19 (Barceloneta-P\u00e7a Alfonso Comin)<br \/>\nLa parada de ambos autobuses es: \u201cRamiro de Maetzu- CN Catalunya\u00bb<\/p>\n<p><strong>HORARIO DE LA ACTIVIDAD<\/strong>: de 17.30 a 19.30 horas aproximadamente (el Parque cierra a las 20.00)<br \/>\nUna tarde fotogr\u00e1fica en el Parque G\u00fcell<\/p>\n<p><strong>PRECIO<\/strong>: Mayores de 65 a\u00f1os y Tarjeta rosa reducida: 7 euros.<br \/>\nTarjeta Rosa y Carnet de Bibliotecas: gratuito<\/p>\n<p><strong>INSCRIPCI\u00d3N<\/strong>: Envia correo a\u00a0 sortides@afc.cat\u00a0 indicando tu nombre<\/p>\n<p><strong>DESCRIPCI\u00d3N DE LA ACTIVIDAD<\/strong><\/p>\n<p>\u00bfConoces alguna persona que viva en Catalunya y que no haya visitado nunca el <strong>Park G\u00fcell<\/strong>?<br \/>\nPocas encontrar\u00edamos. \u00a1Y si encima le gusta la fotograf\u00eda, seguro que no encontrar\u00edamos ninguna!<\/p>\n<p>Entonces, \u00bfc\u00f3mo es que el Grup de Sortides de la Vocalia de Cultura nos propone una salida tan poco original?<\/p>\n<p>Pues he aqu\u00ed la justificaci\u00f3n:<br \/>\n\u2022 Porque es un espacio al aire libre, ideal en tiempos de pandemia.<br \/>\n\u2022 Porque es muy grande y se puede mantener la distancia de seguridad.<br \/>\n\u2022 Porque ahora no hay turistas molestando y masific\u00e1ndolo todo.<br \/>\n\u2022 Porque por la tarde encontraremos una luz suave, dorada y m\u00e1s amable para hacer fotos.<br \/>\n\u2022 Porque creemos que yendo en grupo nos lo pasaremos muy bien y si, adem\u00e1s, aprendemos y\/o descubrimos algo nuevo sobre el <strong>Park G\u00fcell<\/strong>, la salida a un lugar tan conocido lo vale con creces.<\/p>\n<p>El Park G\u00fcell no necesita muchas presentaciones, todo el mundo lo conoce. Sabemos que es una de las obras m\u00e1s destacadas de <strong>Gaud\u00ed<\/strong>. Sabemos que es <strong>Patrimonio de la Humanidad<\/strong> desde 1984. Es un lugar m\u00e1gico y peculiar que siempre sorprende a sus visitantes. El parque debe su nombre a <strong>Eusebi G\u00fcell<\/strong>, un rico empresario apasionado por las obras de Gaud\u00ed que actu\u00f3 como su principal mecenas. Aunque la idea principal era la construcci\u00f3n de un conjunto residencial de lujo, con el paso de los a\u00f1os esta idea fue abandonada y en su lugar se construy\u00f3 un parque digno del escenario de un cuento.<br \/>\nFotogr\u00e1ficamente hablando, el parque nos ofrece much\u00edsimas im\u00e1genes de inter\u00e9s, no solo de los lugares m\u00e1s conocidos y retratados sino tambi\u00e9n de otros tipos de miradas fotogr\u00e1ficas: perspectivas diferentes, miles de detalles nuevos que no hemos visto en visitas anteriores, las largas sombras que proyectan las arquitecturas, la vegetaci\u00f3n, los objetos, las personas. El magn\u00edfico espect\u00e1culo de la ciudad ba\u00f1ada por la luz sesgada de la tarde, etc.<\/p>\n<\/div><\/div><style type=\"text\/css\">.fusion-body .fusion-builder-column-0{width:100% !important;margin-top : 0px;margin-bottom : 0px;}.fusion-builder-column-0 > .fusion-column-wrapper {padding-top : 0px !important;padding-right : 0px !important;margin-right : 1.92%;padding-bottom : 0px !important;padding-left : 0px !important;margin-left : 1.92%;}@media only screen and (max-width:1024px) {.fusion-body .fusion-builder-column-0{width:100% !important;}.fusion-builder-column-0 > .fusion-column-wrapper {margin-right : 1.92%;margin-left : 1.92%;}}@media only screen and (max-width:640px) {.fusion-body .fusion-builder-column-0{width:100% !important;}.fusion-builder-column-0 > .fusion-column-wrapper {margin-right : 1.92%;margin-left : 1.92%;}}<\/style><\/div><\/div><style type=\"text\/css\">.fusion-body .fusion-flex-container.fusion-builder-row-1{ padding-top : 0px;margin-top : 0px;padding-right : 0px;padding-bottom : 0px;margin-bottom : 0px;padding-left : 0px;}<\/style><\/div><div class=\"fusion-fullwidth fullwidth-box fusion-builder-row-2 fusion-flex-container nonhundred-percent-fullwidth non-hundred-percent-height-scrolling\" style=\"background-color: rgba(255,255,255,0);background-position: center center;background-repeat: no-repeat;border-width: 0px 0px 0px 0px;border-color:#ffffff;border-style:solid;\" ><div class=\"fusion-builder-row fusion-row fusion-flex-align-items-flex-start\" style=\"max-width:1300px;margin-left: calc(-4% \/ 2 );margin-right: calc(-4% \/ 2 );\"><div class=\"fusion-layout-column fusion_builder_column fusion-builder-column-1 fusion_builder_column_1_2 1_2 fusion-flex-column\"><div class=\"fusion-column-wrapper fusion-flex-justify-content-flex-start fusion-content-layout-column\" style=\"background-position:left top;background-repeat:no-repeat;-webkit-background-size:cover;-moz-background-size:cover;-o-background-size:cover;background-size:cover;padding: 0px 0px 0px 0px;\"><div ><span class=\" fusion-imageframe imageframe-none imageframe-1 hover-type-none\"><img decoding=\"async\" width=\"200\" height=\"300\" alt=\"Park G\u00fcell\" title=\"Park g\u00fcell 2\" src=\"https:\/\/afc.cat\/wp-content\/uploads\/2021\/04\/Park-guell-2-200x300.jpg\" class=\"img-responsive wp-image-19986\" srcset=\"https:\/\/afc.cat\/wp-content\/uploads\/2021\/04\/Park-guell-2-200x300.jpg 200w, https:\/\/afc.cat\/wp-content\/uploads\/2021\/04\/Park-guell-2-400x600.jpg 400w, https:\/\/afc.cat\/wp-content\/uploads\/2021\/04\/Park-guell-2.jpg 533w\" sizes=\"(max-width: 640px) 100vw, 200px\" \/><\/span><\/div><div class=\"fusion-text fusion-text-2\"><p>Foto: Josep Soler<\/p>\n<\/div><\/div><style type=\"text\/css\">.fusion-body .fusion-builder-column-1{width:50% !important;margin-top : 0px;margin-bottom : 20px;}.fusion-builder-column-1 > .fusion-column-wrapper {padding-top : 0px !important;padding-right : 0px !important;margin-right : 3.84%;padding-bottom : 0px !important;padding-left : 0px !important;margin-left : 3.84%;}@media only screen and (max-width:1024px) {.fusion-body .fusion-builder-column-1{width:50% !important;order : 0;}.fusion-builder-column-1 > .fusion-column-wrapper {margin-right : 3.84%;margin-left : 3.84%;}}@media only screen and (max-width:640px) {.fusion-body .fusion-builder-column-1{width:100% !important;order : 0;}.fusion-builder-column-1 > .fusion-column-wrapper {margin-right : 1.92%;margin-left : 1.92%;}}<\/style><\/div><div class=\"fusion-layout-column fusion_builder_column fusion-builder-column-2 fusion_builder_column_1_2 1_2 fusion-flex-column\"><div class=\"fusion-column-wrapper fusion-flex-justify-content-flex-start fusion-content-layout-column\" style=\"background-position:left top;background-repeat:no-repeat;-webkit-background-size:cover;-moz-background-size:cover;-o-background-size:cover;background-size:cover;padding: 0px 0px 0px 0px;\"><div ><span class=\" fusion-imageframe imageframe-none imageframe-2 hover-type-none\"><img decoding=\"async\" width=\"300\" height=\"195\" alt=\"Park G\u00fcell\" title=\"Park g\u00fcell 3\" src=\"https:\/\/afc.cat\/wp-content\/uploads\/2021\/04\/Park-guell-3-300x195.jpg\" class=\"img-responsive wp-image-19988\" srcset=\"https:\/\/afc.cat\/wp-content\/uploads\/2021\/04\/Park-guell-3-200x130.jpg 200w, https:\/\/afc.cat\/wp-content\/uploads\/2021\/04\/Park-guell-3-400x260.jpg 400w, https:\/\/afc.cat\/wp-content\/uploads\/2021\/04\/Park-guell-3.jpg 550w\" sizes=\"(max-width: 640px) 100vw, 300px\" \/><\/span><\/div><div class=\"fusion-text fusion-text-3\"><p>Foto: Francesc Soldevila<\/p>\n<\/div><\/div><style type=\"text\/css\">.fusion-body .fusion-builder-column-2{width:50% !important;margin-top : 0px;margin-bottom : 20px;}.fusion-builder-column-2 > .fusion-column-wrapper {padding-top : 0px !important;padding-right : 0px !important;margin-right : 3.84%;padding-bottom : 0px !important;padding-left : 0px !important;margin-left : 3.84%;}@media only screen and (max-width:1024px) {.fusion-body .fusion-builder-column-2{width:50% !important;order : 0;}.fusion-builder-column-2 > .fusion-column-wrapper {margin-right : 3.84%;margin-left : 3.84%;}}@media only screen and (max-width:640px) {.fusion-body .fusion-builder-column-2{width:100% !important;order : 0;}.fusion-builder-column-2 > .fusion-column-wrapper {margin-right : 1.92%;margin-left : 1.92%;}}<\/style><\/div><\/div><style type=\"text\/css\">.fusion-body .fusion-flex-container.fusion-builder-row-2{ padding-top : 0px;margin-top : 0px;padding-right : 0px;padding-bottom : 0px;margin-bottom : 0px;padding-left : 0px;}<\/style><\/div><div class=\"fusion-fullwidth fullwidth-box fusion-builder-row-3 fusion-flex-container nonhundred-percent-fullwidth non-hundred-percent-height-scrolling\" style=\"background-color: rgba(255,255,255,0);background-position: center center;background-repeat: no-repeat;border-width: 0px 0px 0px 0px;border-color:#ffffff;border-style:solid;\" ><div class=\"fusion-builder-row fusion-row fusion-flex-align-items-flex-start\" style=\"max-width:1300px;margin-left: calc(-4% \/ 2 );margin-right: calc(-4% \/ 2 );\"><div class=\"fusion-layout-column fusion_builder_column fusion-builder-column-3 fusion_builder_column_1_1 1_1 fusion-flex-column\"><div class=\"fusion-column-wrapper fusion-flex-justify-content-flex-start fusion-content-layout-column\" style=\"background-position:left top;background-repeat:no-repeat;-webkit-background-size:cover;-moz-background-size:cover;-o-background-size:cover;background-size:cover;padding: 0px 0px 0px 0px;\"><\/div><style type=\"text\/css\">.fusion-body .fusion-builder-column-3{width:100% !important;margin-top : 0px;margin-bottom : 20px;}.fusion-builder-column-3 > .fusion-column-wrapper {padding-top : 0px !important;padding-right : 0px !important;margin-right : 1.92%;padding-bottom : 0px !important;padding-left : 0px !important;margin-left : 1.92%;}@media only screen and (max-width:1024px) {.fusion-body .fusion-builder-column-3{width:100% !important;order : 0;}.fusion-builder-column-3 > .fusion-column-wrapper {margin-right : 1.92%;margin-left : 1.92%;}}@media only screen and (max-width:640px) {.fusion-body .fusion-builder-column-3{width:100% !important;order : 0;}.fusion-builder-column-3 > .fusion-column-wrapper {margin-right : 1.92%;margin-left : 1.92%;}}<\/style><\/div><\/div><style type=\"text\/css\">.fusion-body .fusion-flex-container.fusion-builder-row-3{ padding-top : 0px;margin-top : 0px;padding-right : 0px;padding-bottom : 0px;margin-bottom : 0px;padding-left : 0px;}<\/style><\/div><\/p>\n","protected":false},"excerpt":{"rendered":"","protected":false},"template":"","meta":{"_acf_changed":false},"wcs-type":[127,128],"wcs-room":[223],"wcs-instructor":[],"class_list":["post-19994","class","type-class","status-publish","hentry","wcs-type-salidas","wcs-type-salidas-fotograficas","wcs-room-park-guell"],"acf":[],"yoast_head":"<!-- This site is optimized with the Yoast SEO plugin v27.5 - https:\/\/yoast.com\/product\/yoast-seo-wordpress\/ -->\n<title>Una tarde fotogr\u00e1fica en el Parque G\u00fcell - Agrupaci\u00f3 Fotogr\u00e0fica de Catalunya<\/title>\n<meta name=\"robots\" content=\"index, follow, max-snippet:-1, max-image-preview:large, max-video-preview:-1\" \/>\n<link rel=\"canonical\" href=\"https:\/\/afc.cat\/es\/activitat\/una-tarde-fotografica-en-el-parque-guell\/\" \/>\n<meta property=\"og:locale\" content=\"es_ES\" \/>\n<meta property=\"og:type\" content=\"article\" \/>\n<meta property=\"og:title\" content=\"Una tarde fotogr\u00e1fica en el Parque G\u00fcell - Agrupaci\u00f3 Fotogr\u00e0fica de Catalunya\" \/>\n<meta property=\"og:url\" content=\"https:\/\/afc.cat\/es\/activitat\/una-tarde-fotografica-en-el-parque-guell\/\" \/>\n<meta property=\"og:site_name\" content=\"Agrupaci\u00f3 Fotogr\u00e0fica de Catalunya\" \/>\n<meta name=\"twitter:card\" content=\"summary_large_image\" \/>\n<meta name=\"twitter:label1\" content=\"Tiempo de lectura\" \/>\n\t<meta name=\"twitter:data1\" content=\"5 minutos\" \/>\n<script type=\"application\/ld+json\" class=\"yoast-schema-graph\">{\"@context\":\"https:\\\/\\\/schema.org\",\"@graph\":[{\"@type\":\"WebPage\",\"@id\":\"https:\\\/\\\/afc.cat\\\/es\\\/activitat\\\/una-tarde-fotografica-en-el-parque-guell\\\/\",\"url\":\"https:\\\/\\\/afc.cat\\\/es\\\/activitat\\\/una-tarde-fotografica-en-el-parque-guell\\\/\",\"name\":\"Una tarde fotogr\u00e1fica en el Parque G\u00fcell - Agrupaci\u00f3 Fotogr\u00e0fica de Catalunya\",\"isPartOf\":{\"@id\":\"https:\\\/\\\/afc.cat\\\/es\\\/#website\"},\"datePublished\":\"2021-04-16T14:52:21+00:00\",\"breadcrumb\":{\"@id\":\"https:\\\/\\\/afc.cat\\\/es\\\/activitat\\\/una-tarde-fotografica-en-el-parque-guell\\\/#breadcrumb\"},\"inLanguage\":\"es\",\"potentialAction\":[{\"@type\":\"ReadAction\",\"target\":[\"https:\\\/\\\/afc.cat\\\/es\\\/activitat\\\/una-tarde-fotografica-en-el-parque-guell\\\/\"]}]},{\"@type\":\"BreadcrumbList\",\"@id\":\"https:\\\/\\\/afc.cat\\\/es\\\/activitat\\\/una-tarde-fotografica-en-el-parque-guell\\\/#breadcrumb\",\"itemListElement\":[{\"@type\":\"ListItem\",\"position\":1,\"name\":\"Inicio\",\"item\":\"https:\\\/\\\/afc.cat\\\/es\\\/\"},{\"@type\":\"ListItem\",\"position\":2,\"name\":\"Una tarde fotogr\u00e1fica en el Parque G\u00fcell\"}]},{\"@type\":\"WebSite\",\"@id\":\"https:\\\/\\\/afc.cat\\\/es\\\/#website\",\"url\":\"https:\\\/\\\/afc.cat\\\/es\\\/\",\"name\":\"Agrupaci\u00f3 Fotogr\u00e0fica de Catalunya\",\"description\":\"Fomento y divulgaci\u00f3n de la fotograf\u00eda en todas sus variedades\",\"potentialAction\":[{\"@type\":\"SearchAction\",\"target\":{\"@type\":\"EntryPoint\",\"urlTemplate\":\"https:\\\/\\\/afc.cat\\\/es\\\/?s={search_term_string}\"},\"query-input\":{\"@type\":\"PropertyValueSpecification\",\"valueRequired\":true,\"valueName\":\"search_term_string\"}}],\"inLanguage\":\"es\"}]}<\/script>\n<!-- \/ Yoast SEO plugin. -->","yoast_head_json":{"title":"Una tarde fotogr\u00e1fica en el Parque G\u00fcell - Agrupaci\u00f3 Fotogr\u00e0fica de Catalunya","robots":{"index":"index","follow":"follow","max-snippet":"max-snippet:-1","max-image-preview":"max-image-preview:large","max-video-preview":"max-video-preview:-1"},"canonical":"https:\/\/afc.cat\/es\/activitat\/una-tarde-fotografica-en-el-parque-guell\/","og_locale":"es_ES","og_type":"article","og_title":"Una tarde fotogr\u00e1fica en el Parque G\u00fcell - Agrupaci\u00f3 Fotogr\u00e0fica de Catalunya","og_url":"https:\/\/afc.cat\/es\/activitat\/una-tarde-fotografica-en-el-parque-guell\/","og_site_name":"Agrupaci\u00f3 Fotogr\u00e0fica de Catalunya","twitter_card":"summary_large_image","twitter_misc":{"Tiempo de lectura":"5 minutos"},"schema":{"@context":"https:\/\/schema.org","@graph":[{"@type":"WebPage","@id":"https:\/\/afc.cat\/es\/activitat\/una-tarde-fotografica-en-el-parque-guell\/","url":"https:\/\/afc.cat\/es\/activitat\/una-tarde-fotografica-en-el-parque-guell\/","name":"Una tarde fotogr\u00e1fica en el Parque G\u00fcell - Agrupaci\u00f3 Fotogr\u00e0fica de Catalunya","isPartOf":{"@id":"https:\/\/afc.cat\/es\/#website"},"datePublished":"2021-04-16T14:52:21+00:00","breadcrumb":{"@id":"https:\/\/afc.cat\/es\/activitat\/una-tarde-fotografica-en-el-parque-guell\/#breadcrumb"},"inLanguage":"es","potentialAction":[{"@type":"ReadAction","target":["https:\/\/afc.cat\/es\/activitat\/una-tarde-fotografica-en-el-parque-guell\/"]}]},{"@type":"BreadcrumbList","@id":"https:\/\/afc.cat\/es\/activitat\/una-tarde-fotografica-en-el-parque-guell\/#breadcrumb","itemListElement":[{"@type":"ListItem","position":1,"name":"Inicio","item":"https:\/\/afc.cat\/es\/"},{"@type":"ListItem","position":2,"name":"Una tarde fotogr\u00e1fica en el Parque G\u00fcell"}]},{"@type":"WebSite","@id":"https:\/\/afc.cat\/es\/#website","url":"https:\/\/afc.cat\/es\/","name":"Agrupaci\u00f3 Fotogr\u00e0fica de Catalunya","description":"Fomento y divulgaci\u00f3n de la fotograf\u00eda en todas sus variedades","potentialAction":[{"@type":"SearchAction","target":{"@type":"EntryPoint","urlTemplate":"https:\/\/afc.cat\/es\/?s={search_term_string}"},"query-input":{"@type":"PropertyValueSpecification","valueRequired":true,"valueName":"search_term_string"}}],"inLanguage":"es"}]}},"_links":{"self":[{"href":"https:\/\/afc.cat\/es\/wp-json\/wp\/v2\/class\/19994","targetHints":{"allow":["GET"]}}],"collection":[{"href":"https:\/\/afc.cat\/es\/wp-json\/wp\/v2\/class"}],"about":[{"href":"https:\/\/afc.cat\/es\/wp-json\/wp\/v2\/types\/class"}],"wp:attachment":[{"href":"https:\/\/afc.cat\/es\/wp-json\/wp\/v2\/media?parent=19994"}],"wp:term":[{"taxonomy":"wcs-type","embeddable":true,"href":"https:\/\/afc.cat\/es\/wp-json\/wp\/v2\/wcs-type?post=19994"},{"taxonomy":"wcs-room","embeddable":true,"href":"https:\/\/afc.cat\/es\/wp-json\/wp\/v2\/wcs-room?post=19994"},{"taxonomy":"wcs-instructor","embeddable":true,"href":"https:\/\/afc.cat\/es\/wp-json\/wp\/v2\/wcs-instructor?post=19994"}],"curies":[{"name":"wp","href":"https:\/\/api.w.org\/{rel}","templated":true}]}}