{"id":20002,"date":"2021-04-16T18:41:17","date_gmt":"2021-04-16T16:41:17","guid":{"rendered":"http:\/\/afc-test.com.mialias.net\/?post_type=class&#038;p=20002"},"modified":"2021-04-29T18:05:13","modified_gmt":"2021-04-29T16:05:13","slug":"visita-a-la-exposicion-claudia-andujar-y-la-mirada-perdida-fundacion-mapfre","status":"publish","type":"class","link":"https:\/\/afc.cat\/es\/activitat\/visita-a-la-exposicion-claudia-andujar-y-la-mirada-perdida-fundacion-mapfre\/","title":{"rendered":"Visita a la exposici\u00f3n Claudia Andujar y La Mirada Perdida. Fundaci\u00f3n MAPFRE"},"content":{"rendered":"<p><div class=\"fusion-fullwidth fullwidth-box fusion-builder-row-1 fusion-flex-container nonhundred-percent-fullwidth non-hundred-percent-height-scrolling\" style=\"background-color: rgba(255,255,255,0);background-position: center center;background-repeat: no-repeat;border-width: 0px 15px 0px 0px;border-color:#ffffff;border-style:solid;\" ><div class=\"fusion-builder-row fusion-row fusion-flex-align-items-flex-start\" style=\"max-width:1300px;margin-left: calc(-4% \/ 2 );margin-right: calc(-4% \/ 2 );\"><div class=\"fusion-layout-column fusion_builder_column fusion-builder-column-0 fusion_builder_column_1_1 1_1 fusion-flex-column\"><div class=\"fusion-column-wrapper fusion-flex-justify-content-flex-start fusion-content-layout-column\" style=\"background-position:left top;background-repeat:no-repeat;-webkit-background-size:cover;-moz-background-size:cover;-o-background-size:cover;background-size:cover;padding: 0px 0px 0px 0px;\"><div class=\"fusion-text fusion-text-1\"><blockquote>\n<p><strong>\u00a1PLAZAS AGOTADAS! ABRIMOS LISTA DE ESPERA<\/strong><\/p>\n<\/blockquote>\n<p><strong>LUGAR<\/strong><\/p>\n<p><strong> KBr Fundaci\u00f3 MAPFRE<\/strong>. Av. Litoral 30 (Torre Mapfre)<\/p>\n<p><strong>LUGAR DE ENCUENTRO<\/strong><\/p>\n<p>En la entrada<\/p>\n<p><strong>C\u00d3MO LLEGAR<\/strong><\/p>\n<p>Autobuses H16, 59 i 47 \u2013 Metro L4 estaci\u00f3n Ciutadella<\/p>\n<p><strong>HORA DE ENCUENTRO<\/strong><\/p>\n<p>A las 10.45 h<\/p>\n<p><strong>PRECIO Y AFORO<\/strong><\/p>\n<p>Como consecuencia de la situaci\u00f3n de la COVID-19 las visitas est\u00e1n limitadas a un m\u00e1ximo de seis personas, que deber\u00e1n asumir el coste de la visita guiada de 70,- euros (el precio de la entrada es gratuito para los socios de la A.F.C.). Es decir 12,- \u20ac por persona.<br \/>\nLas reservas se realizar\u00e1n por orden de llegada. Si hubiese mucha gente interesada, podemos plantearnos una segunda visita en id\u00e9nticas condiciones.<\/p>\n<p><strong>INSCRIPCI\u00d3N<\/strong><\/p>\n<p>Envia correo a\u00a0 visites@afc.cat\u00a0 indicando el nombre y el n\u00famero de socio. Debido al aforo limitado, se realizar\u00e1 por riguroso orden de inscripci\u00f3n.<\/p>\n<p><strong>DESCRIPCI\u00d3N DE LA ACTIVIDAD<\/strong><\/p>\n<p><strong>VISITA A DOS EXPOSICIONES:<\/strong><\/p>\n<p><strong>CLAUDIA ANDUJAR<\/strong><br \/>\nCon un recorrido expositivo organizado en ocho secciones, la exposici\u00f3n re\u00fane alrededor de doscientas setenta fotograf\u00edas y una serie de dibujos hechos por miembros de los <strong>yanomani<\/strong>, junto con libros, proyecciones audiovisuales y documentos que exploran la extraordinaria contribuci\u00f3n del artista al medio.<br \/>\nLa muestra ha sido comisariada por <strong>Thyago Nogueira<\/strong>, coordinador de fotograf\u00eda contempor\u00e1nea de la <strong>Instituto Moreira Salles<\/strong>, del Brasil, instituci\u00f3n con la colaboraci\u00f3n de la cual se ha podido organizar esta exposici\u00f3n.<br \/>\nEn la propuesta fotogr\u00e1fica de <strong>Claudia Andujar<\/strong>, la intimidad que es capaz de generar con los sujetos y los motivos representados se combina con el recurso frecuente a un lenguaje experimental, cosa que genera un singular encuentro entre arte y activismo que, desde hace a\u00f1os, es objeto de un amplio reconocimiento internacional.<br \/>\nAndujar trab\u00f3 conocimiento con los <strong>yanomanis<\/strong> en el 1971. Cuando al cabo de muy poco tiempo empez\u00f3 la explotaci\u00f3n incontrolada de los recursos amaz\u00f3nicos, decide poner sus im\u00e1genes al servicio de la defensa de los derechos culturales y territoriales de la comunidad yanomami. Este compromiso, incansable desde semillas, para ella no solo es un instrumento de lucha con el cual hacer frente a una injusticia, sino tambi\u00e9n una manera de esclarecer sus propias interrogaciones existenciales: Estoy conectada con el pueblo ind\u00edgena, con la tierra, con una lucha esencial. Todo esto me conmueve profundamente. Todo parece necesario. [\u2026] Quiz\u00e1s siempre busqu\u00e9 la raz\u00f3n de la vida en esta esencialidad. Y por eso llegu\u00e9 a la <strong>selva amaz\u00f3nica<\/strong>, de manera instintiva, mientras me buscaba en m\u00ed misma.<br \/>\nComo ella, y como toda verdadera creaci\u00f3n cultural, las im\u00e1genes de los yanomamis nos har\u00e1n mirar en nuestro interior.<\/p>\n<p><strong>LA MIRADA CAUTIVA<\/strong><br \/>\nEl fondo de <strong>daguerrotipos del CRDI<\/strong> (<strong>Centre de RecercaiDifusi\u00f3 de la Imatge<\/strong>) de Girona ofrece, por la amplitud y la relevancia de sus piezas, una panor\u00e1mica sugestiva de un periodo que marc\u00f3 decisivamente nuestra relaci\u00f3n con la imagen fotogr\u00e1fica. Dividida en tres secciones \u2014\u201c<strong>La c\u00e1mara oscura<\/strong>\u201d, \u201c<strong>Louis Jacques Mand\u00e9 Daguerre<\/strong>\u201d y \u201c<strong>La colecci\u00f3n<\/strong>\u201d\u2013, la exposici\u00f3n se completa con una interesante selecci\u00f3n del instrumental asociado a la t\u00e9cnica del daguerrotipo, procedente del <strong>Museo del Cine<\/strong> \u2013 <strong>Colecci\u00f3n Tom\u00e0sMallol de Girona<\/strong>.<\/p>\n<p>Esta muestra inaugura una de las nuevas l\u00edneas de programaci\u00f3n que <strong>Fundaci\u00f3n MAPFRE<\/strong> ha iniciado en Barcelona, la colaboraci\u00f3n regular con instituciones catalanas para contribuir a la difusi\u00f3n del rico patrimonio fotogr\u00e1fico que custodian muchas de estas instituciones.<br \/>\nCuando apenas la fotograf\u00eda daba sus primeros pasos, el daguerrotipo puso de manifiesto esta dimensi\u00f3n emocional de la nueva t\u00e9cnica (fue conocido como \u201cespejo de la memoria\u201d), cosa que hizo un elemento esencial de la vida contempor\u00e1nea.<\/p>\n<p>M\u00e1s informaci\u00f3n en <a href=\"https:\/\/kbr.fundacionmapfre.org\/exposiciones\/\"><strong>KBr Fundaci\u00f3n Mapfre<\/strong><\/a><\/p>\n<p>Francesc Soldevila<\/p>\n<\/div><\/div><style type=\"text\/css\">.fusion-body .fusion-builder-column-0{width:100% !important;margin-top : 0px;margin-bottom : 0px;}.fusion-builder-column-0 > .fusion-column-wrapper {padding-top : 0px !important;padding-right : 0px !important;margin-right : 1.92%;padding-bottom : 0px !important;padding-left : 0px !important;margin-left : 1.92%;}@media only screen and (max-width:1024px) {.fusion-body .fusion-builder-column-0{width:100% !important;}.fusion-builder-column-0 > .fusion-column-wrapper {margin-right : 1.92%;margin-left : 1.92%;}}@media only screen and (max-width:640px) {.fusion-body .fusion-builder-column-0{width:100% !important;}.fusion-builder-column-0 > .fusion-column-wrapper {margin-right : 1.92%;margin-left : 1.92%;}}<\/style><\/div><\/div><style type=\"text\/css\">.fusion-body .fusion-flex-container.fusion-builder-row-1{ padding-top : 0px;margin-top : 0px;padding-right : 0px;padding-bottom : 0px;margin-bottom : 0px;padding-left : 0px;}<\/style><\/div><div class=\"fusion-fullwidth fullwidth-box fusion-builder-row-2 fusion-flex-container nonhundred-percent-fullwidth non-hundred-percent-height-scrolling\" style=\"background-color: rgba(255,255,255,0);background-position: center center;background-repeat: no-repeat;border-width: 0px 0px 0px 0px;border-color:#ffffff;border-style:solid;\" ><div class=\"fusion-builder-row fusion-row fusion-flex-align-items-flex-start\" style=\"max-width:1300px;margin-left: calc(-4% \/ 2 );margin-right: calc(-4% \/ 2 );\"><div class=\"fusion-layout-column fusion_builder_column fusion-builder-column-1 fusion_builder_column_1_2 1_2 fusion-flex-column\"><div class=\"fusion-column-wrapper fusion-flex-justify-content-flex-start fusion-content-layout-column\" style=\"background-position:left top;background-repeat:no-repeat;-webkit-background-size:cover;-moz-background-size:cover;-o-background-size:cover;background-size:cover;padding: 0px 0px 0px 0px;\"><div ><span class=\" fusion-imageframe imageframe-none imageframe-1 hover-type-none\"><img decoding=\"async\" width=\"300\" height=\"200\" title=\"Claudia Andujar 01\" src=\"https:\/\/afc.cat\/wp-content\/uploads\/2021\/04\/Claudia-Andujar-01-300x200.jpg\" alt class=\"img-responsive wp-image-19995\" srcset=\"https:\/\/afc.cat\/wp-content\/uploads\/2021\/04\/Claudia-Andujar-01-200x134.jpg 200w, https:\/\/afc.cat\/wp-content\/uploads\/2021\/04\/Claudia-Andujar-01-400x267.jpg 400w, https:\/\/afc.cat\/wp-content\/uploads\/2021\/04\/Claudia-Andujar-01-600x401.jpg 600w, https:\/\/afc.cat\/wp-content\/uploads\/2021\/04\/Claudia-Andujar-01.jpg 659w\" sizes=\"(max-width: 640px) 100vw, 600px\" \/><\/span><\/div><div class=\"fusion-text fusion-text-2\"><p>Foto: Claudia Andujar<\/p>\n<\/div><\/div><style type=\"text\/css\">.fusion-body .fusion-builder-column-1{width:50% !important;margin-top : 0px;margin-bottom : 20px;}.fusion-builder-column-1 > .fusion-column-wrapper {padding-top : 0px !important;padding-right : 0px !important;margin-right : 3.84%;padding-bottom : 0px !important;padding-left : 0px !important;margin-left : 3.84%;}@media only screen and (max-width:1024px) {.fusion-body .fusion-builder-column-1{width:50% !important;order : 0;}.fusion-builder-column-1 > .fusion-column-wrapper {margin-right : 3.84%;margin-left : 3.84%;}}@media only screen and (max-width:640px) {.fusion-body .fusion-builder-column-1{width:100% !important;order : 0;}.fusion-builder-column-1 > .fusion-column-wrapper {margin-right : 1.92%;margin-left : 1.92%;}}<\/style><\/div><div class=\"fusion-layout-column fusion_builder_column fusion-builder-column-2 fusion_builder_column_1_2 1_2 fusion-flex-column\"><div class=\"fusion-column-wrapper fusion-flex-justify-content-flex-start fusion-content-layout-column\" style=\"background-position:left top;background-repeat:no-repeat;-webkit-background-size:cover;-moz-background-size:cover;-o-background-size:cover;background-size:cover;padding: 0px 0px 0px 0px;\"><\/div><style type=\"text\/css\">.fusion-body .fusion-builder-column-2{width:50% !important;margin-top : 0px;margin-bottom : 20px;}.fusion-builder-column-2 > .fusion-column-wrapper {padding-top : 0px !important;padding-right : 0px !important;margin-right : 3.84%;padding-bottom : 0px !important;padding-left : 0px !important;margin-left : 3.84%;}@media only screen and (max-width:1024px) {.fusion-body .fusion-builder-column-2{width:50% !important;order : 0;}.fusion-builder-column-2 > .fusion-column-wrapper {margin-right : 3.84%;margin-left : 3.84%;}}@media only screen and (max-width:640px) {.fusion-body .fusion-builder-column-2{width:100% !important;order : 0;}.fusion-builder-column-2 > .fusion-column-wrapper {margin-right : 1.92%;margin-left : 1.92%;}}<\/style><\/div><\/div><style type=\"text\/css\">.fusion-body .fusion-flex-container.fusion-builder-row-2{ padding-top : 0px;margin-top : 0px;padding-right : 0px;padding-bottom : 0px;margin-bottom : 0px;padding-left : 0px;}<\/style><\/div><div class=\"fusion-fullwidth fullwidth-box fusion-builder-row-3 fusion-flex-container nonhundred-percent-fullwidth non-hundred-percent-height-scrolling\" style=\"background-color: rgba(255,255,255,0);background-position: center center;background-repeat: no-repeat;border-width: 0px 0px 0px 0px;border-color:#ffffff;border-style:solid;\" ><div class=\"fusion-builder-row fusion-row fusion-flex-align-items-flex-start\" style=\"max-width:1300px;margin-left: calc(-4% \/ 2 );margin-right: calc(-4% \/ 2 );\"><div class=\"fusion-layout-column fusion_builder_column fusion-builder-column-3 fusion_builder_column_1_1 1_1 fusion-flex-column\"><div class=\"fusion-column-wrapper fusion-flex-justify-content-flex-start fusion-content-layout-column\" style=\"background-position:left top;background-repeat:no-repeat;-webkit-background-size:cover;-moz-background-size:cover;-o-background-size:cover;background-size:cover;padding: 0px 0px 0px 0px;\"><\/div><style type=\"text\/css\">.fusion-body .fusion-builder-column-3{width:100% !important;margin-top : 0px;margin-bottom : 20px;}.fusion-builder-column-3 > .fusion-column-wrapper {padding-top : 0px !important;padding-right : 0px !important;margin-right : 1.92%;padding-bottom : 0px !important;padding-left : 0px !important;margin-left : 1.92%;}@media only screen and (max-width:1024px) {.fusion-body .fusion-builder-column-3{width:100% !important;order : 0;}.fusion-builder-column-3 > .fusion-column-wrapper {margin-right : 1.92%;margin-left : 1.92%;}}@media only screen and (max-width:640px) {.fusion-body .fusion-builder-column-3{width:100% !important;order : 0;}.fusion-builder-column-3 > .fusion-column-wrapper {margin-right : 1.92%;margin-left : 1.92%;}}<\/style><\/div><\/div><style type=\"text\/css\">.fusion-body .fusion-flex-container.fusion-builder-row-3{ padding-top : 0px;margin-top : 0px;padding-right : 0px;padding-bottom : 0px;margin-bottom : 0px;padding-left : 0px;}<\/style><\/div><\/p>\n","protected":false},"excerpt":{"rendered":"","protected":false},"template":"","meta":{"_acf_changed":false},"wcs-type":[127,129],"wcs-room":[224],"wcs-instructor":[],"class_list":["post-20002","class","type-class","status-publish","hentry","wcs-type-salidas","wcs-type-salidas-a-exposiciones","wcs-room-kbr-fundacio-mapfre"],"acf":[],"yoast_head":"<!-- This site is optimized with the Yoast SEO plugin v27.5 - https:\/\/yoast.com\/product\/yoast-seo-wordpress\/ -->\n<title>Visita a la exposici\u00f3n Claudia Andujar y La Mirada Perdida. Fundaci\u00f3n MAPFRE - Agrupaci\u00f3 Fotogr\u00e0fica de Catalunya<\/title>\n<meta name=\"robots\" content=\"index, follow, max-snippet:-1, max-image-preview:large, max-video-preview:-1\" \/>\n<link rel=\"canonical\" href=\"https:\/\/afc.cat\/es\/activitat\/visita-a-la-exposicion-claudia-andujar-y-la-mirada-perdida-fundacion-mapfre\/\" \/>\n<meta property=\"og:locale\" content=\"es_ES\" \/>\n<meta property=\"og:type\" content=\"article\" \/>\n<meta property=\"og:title\" content=\"Visita a la exposici\u00f3n Claudia Andujar y La Mirada Perdida. Fundaci\u00f3n MAPFRE - Agrupaci\u00f3 Fotogr\u00e0fica de Catalunya\" \/>\n<meta property=\"og:url\" content=\"https:\/\/afc.cat\/es\/activitat\/visita-a-la-exposicion-claudia-andujar-y-la-mirada-perdida-fundacion-mapfre\/\" \/>\n<meta property=\"og:site_name\" content=\"Agrupaci\u00f3 Fotogr\u00e0fica de Catalunya\" \/>\n<meta property=\"article:modified_time\" content=\"2021-04-29T16:05:13+00:00\" \/>\n<meta name=\"twitter:card\" content=\"summary_large_image\" \/>\n<meta name=\"twitter:label1\" content=\"Tiempo de lectura\" \/>\n\t<meta name=\"twitter:data1\" content=\"11 minutos\" \/>\n<script type=\"application\/ld+json\" class=\"yoast-schema-graph\">{\"@context\":\"https:\\\/\\\/schema.org\",\"@graph\":[{\"@type\":\"WebPage\",\"@id\":\"https:\\\/\\\/afc.cat\\\/es\\\/activitat\\\/visita-a-la-exposicion-claudia-andujar-y-la-mirada-perdida-fundacion-mapfre\\\/\",\"url\":\"https:\\\/\\\/afc.cat\\\/es\\\/activitat\\\/visita-a-la-exposicion-claudia-andujar-y-la-mirada-perdida-fundacion-mapfre\\\/\",\"name\":\"Visita a la exposici\u00f3n Claudia Andujar y La Mirada Perdida. Fundaci\u00f3n MAPFRE - Agrupaci\u00f3 Fotogr\u00e0fica de Catalunya\",\"isPartOf\":{\"@id\":\"https:\\\/\\\/afc.cat\\\/es\\\/#website\"},\"datePublished\":\"2021-04-16T16:41:17+00:00\",\"dateModified\":\"2021-04-29T16:05:13+00:00\",\"breadcrumb\":{\"@id\":\"https:\\\/\\\/afc.cat\\\/es\\\/activitat\\\/visita-a-la-exposicion-claudia-andujar-y-la-mirada-perdida-fundacion-mapfre\\\/#breadcrumb\"},\"inLanguage\":\"es\",\"potentialAction\":[{\"@type\":\"ReadAction\",\"target\":[\"https:\\\/\\\/afc.cat\\\/es\\\/activitat\\\/visita-a-la-exposicion-claudia-andujar-y-la-mirada-perdida-fundacion-mapfre\\\/\"]}]},{\"@type\":\"BreadcrumbList\",\"@id\":\"https:\\\/\\\/afc.cat\\\/es\\\/activitat\\\/visita-a-la-exposicion-claudia-andujar-y-la-mirada-perdida-fundacion-mapfre\\\/#breadcrumb\",\"itemListElement\":[{\"@type\":\"ListItem\",\"position\":1,\"name\":\"Inicio\",\"item\":\"https:\\\/\\\/afc.cat\\\/es\\\/\"},{\"@type\":\"ListItem\",\"position\":2,\"name\":\"Visita a la exposici\u00f3n Claudia Andujar y La Mirada Perdida. Fundaci\u00f3n MAPFRE\"}]},{\"@type\":\"WebSite\",\"@id\":\"https:\\\/\\\/afc.cat\\\/es\\\/#website\",\"url\":\"https:\\\/\\\/afc.cat\\\/es\\\/\",\"name\":\"Agrupaci\u00f3 Fotogr\u00e0fica de Catalunya\",\"description\":\"Fomento y divulgaci\u00f3n de la fotograf\u00eda en todas sus variedades\",\"potentialAction\":[{\"@type\":\"SearchAction\",\"target\":{\"@type\":\"EntryPoint\",\"urlTemplate\":\"https:\\\/\\\/afc.cat\\\/es\\\/?s={search_term_string}\"},\"query-input\":{\"@type\":\"PropertyValueSpecification\",\"valueRequired\":true,\"valueName\":\"search_term_string\"}}],\"inLanguage\":\"es\"}]}<\/script>\n<!-- \/ Yoast SEO plugin. -->","yoast_head_json":{"title":"Visita a la exposici\u00f3n Claudia Andujar y La Mirada Perdida. Fundaci\u00f3n MAPFRE - Agrupaci\u00f3 Fotogr\u00e0fica de Catalunya","robots":{"index":"index","follow":"follow","max-snippet":"max-snippet:-1","max-image-preview":"max-image-preview:large","max-video-preview":"max-video-preview:-1"},"canonical":"https:\/\/afc.cat\/es\/activitat\/visita-a-la-exposicion-claudia-andujar-y-la-mirada-perdida-fundacion-mapfre\/","og_locale":"es_ES","og_type":"article","og_title":"Visita a la exposici\u00f3n Claudia Andujar y La Mirada Perdida. Fundaci\u00f3n MAPFRE - Agrupaci\u00f3 Fotogr\u00e0fica de Catalunya","og_url":"https:\/\/afc.cat\/es\/activitat\/visita-a-la-exposicion-claudia-andujar-y-la-mirada-perdida-fundacion-mapfre\/","og_site_name":"Agrupaci\u00f3 Fotogr\u00e0fica de Catalunya","article_modified_time":"2021-04-29T16:05:13+00:00","twitter_card":"summary_large_image","twitter_misc":{"Tiempo de lectura":"11 minutos"},"schema":{"@context":"https:\/\/schema.org","@graph":[{"@type":"WebPage","@id":"https:\/\/afc.cat\/es\/activitat\/visita-a-la-exposicion-claudia-andujar-y-la-mirada-perdida-fundacion-mapfre\/","url":"https:\/\/afc.cat\/es\/activitat\/visita-a-la-exposicion-claudia-andujar-y-la-mirada-perdida-fundacion-mapfre\/","name":"Visita a la exposici\u00f3n Claudia Andujar y La Mirada Perdida. Fundaci\u00f3n MAPFRE - Agrupaci\u00f3 Fotogr\u00e0fica de Catalunya","isPartOf":{"@id":"https:\/\/afc.cat\/es\/#website"},"datePublished":"2021-04-16T16:41:17+00:00","dateModified":"2021-04-29T16:05:13+00:00","breadcrumb":{"@id":"https:\/\/afc.cat\/es\/activitat\/visita-a-la-exposicion-claudia-andujar-y-la-mirada-perdida-fundacion-mapfre\/#breadcrumb"},"inLanguage":"es","potentialAction":[{"@type":"ReadAction","target":["https:\/\/afc.cat\/es\/activitat\/visita-a-la-exposicion-claudia-andujar-y-la-mirada-perdida-fundacion-mapfre\/"]}]},{"@type":"BreadcrumbList","@id":"https:\/\/afc.cat\/es\/activitat\/visita-a-la-exposicion-claudia-andujar-y-la-mirada-perdida-fundacion-mapfre\/#breadcrumb","itemListElement":[{"@type":"ListItem","position":1,"name":"Inicio","item":"https:\/\/afc.cat\/es\/"},{"@type":"ListItem","position":2,"name":"Visita a la exposici\u00f3n Claudia Andujar y La Mirada Perdida. Fundaci\u00f3n MAPFRE"}]},{"@type":"WebSite","@id":"https:\/\/afc.cat\/es\/#website","url":"https:\/\/afc.cat\/es\/","name":"Agrupaci\u00f3 Fotogr\u00e0fica de Catalunya","description":"Fomento y divulgaci\u00f3n de la fotograf\u00eda en todas sus variedades","potentialAction":[{"@type":"SearchAction","target":{"@type":"EntryPoint","urlTemplate":"https:\/\/afc.cat\/es\/?s={search_term_string}"},"query-input":{"@type":"PropertyValueSpecification","valueRequired":true,"valueName":"search_term_string"}}],"inLanguage":"es"}]}},"_links":{"self":[{"href":"https:\/\/afc.cat\/es\/wp-json\/wp\/v2\/class\/20002","targetHints":{"allow":["GET"]}}],"collection":[{"href":"https:\/\/afc.cat\/es\/wp-json\/wp\/v2\/class"}],"about":[{"href":"https:\/\/afc.cat\/es\/wp-json\/wp\/v2\/types\/class"}],"wp:attachment":[{"href":"https:\/\/afc.cat\/es\/wp-json\/wp\/v2\/media?parent=20002"}],"wp:term":[{"taxonomy":"wcs-type","embeddable":true,"href":"https:\/\/afc.cat\/es\/wp-json\/wp\/v2\/wcs-type?post=20002"},{"taxonomy":"wcs-room","embeddable":true,"href":"https:\/\/afc.cat\/es\/wp-json\/wp\/v2\/wcs-room?post=20002"},{"taxonomy":"wcs-instructor","embeddable":true,"href":"https:\/\/afc.cat\/es\/wp-json\/wp\/v2\/wcs-instructor?post=20002"}],"curies":[{"name":"wp","href":"https:\/\/api.w.org\/{rel}","templated":true}]}}