{"id":20116,"date":"2021-04-17T13:23:23","date_gmt":"2021-04-17T11:23:23","guid":{"rendered":"http:\/\/afc-test.com.mialias.net\/?post_type=class&#038;p=20116"},"modified":"2021-04-19T22:44:23","modified_gmt":"2021-04-19T20:44:23","slug":"clasificacion-concurso-social-temes-obligats-2020-2021-marzo-el-lenguaje-de-las-sombras","status":"publish","type":"class","link":"https:\/\/afc.cat\/es\/activitat\/clasificacion-concurso-social-temes-obligats-2020-2021-marzo-el-lenguaje-de-las-sombras\/","title":{"rendered":"Clasificaci\u00f3n concurso social \u201cTemes Obligats\u201d 2020 \u2013 2021. Marzo: El lenguaje de las sombras"},"content":{"rendered":"<p><div class=\"fusion-fullwidth fullwidth-box fusion-builder-row-1 fusion-flex-container nonhundred-percent-fullwidth non-hundred-percent-height-scrolling\" style=\"background-color: rgba(255,255,255,0);background-position: center center;background-repeat: no-repeat;border-width: 0px 15px 0px 0px;border-color:#ffffff;border-style:solid;\" ><div class=\"fusion-builder-row fusion-row fusion-flex-align-items-flex-start\" style=\"max-width:1300px;margin-left: calc(-4% \/ 2 );margin-right: calc(-4% \/ 2 );\"><div class=\"fusion-layout-column fusion_builder_column fusion-builder-column-0 fusion_builder_column_1_1 1_1 fusion-flex-column\"><div class=\"fusion-column-wrapper fusion-flex-justify-content-flex-start fusion-content-layout-column\" style=\"background-position:left top;background-repeat:no-repeat;-webkit-background-size:cover;-moz-background-size:cover;-o-background-size:cover;background-size:cover;padding: 0px 0px 0px 0px;\"><div class=\"fusion-text fusion-text-1\"><h2>El lenguaje de las sombras<\/h2>\n<\/div><\/div><style type=\"text\/css\">.fusion-body .fusion-builder-column-0{width:100% !important;margin-top : 0px;margin-bottom : 0px;}.fusion-builder-column-0 > .fusion-column-wrapper {padding-top : 0px !important;padding-right : 0px !important;margin-right : 1.92%;padding-bottom : 0px !important;padding-left : 0px !important;margin-left : 1.92%;}@media only screen and (max-width:1024px) {.fusion-body .fusion-builder-column-0{width:100% !important;}.fusion-builder-column-0 > .fusion-column-wrapper {margin-right : 1.92%;margin-left : 1.92%;}}@media only screen and (max-width:640px) {.fusion-body .fusion-builder-column-0{width:100% !important;}.fusion-builder-column-0 > .fusion-column-wrapper {margin-right : 1.92%;margin-left : 1.92%;}}<\/style><\/div><\/div><style type=\"text\/css\">.fusion-body .fusion-flex-container.fusion-builder-row-1{ padding-top : 0px;margin-top : 0px;padding-right : 0px;padding-bottom : 0px;margin-bottom : 0px;padding-left : 0px;}<\/style><\/div><div class=\"fusion-fullwidth fullwidth-box fusion-builder-row-2 fusion-flex-container nonhundred-percent-fullwidth non-hundred-percent-height-scrolling\" style=\"background-color: rgba(255,255,255,0);background-position: center center;background-repeat: no-repeat;border-width: 0px 0px 0px 0px;border-color:#ffffff;border-style:solid;\" ><div class=\"fusion-builder-row fusion-row fusion-flex-align-items-flex-start\" style=\"max-width:1300px;margin-left: calc(-4% \/ 2 );margin-right: calc(-4% \/ 2 );\"><div class=\"fusion-layout-column fusion_builder_column fusion-builder-column-1 fusion_builder_column_1_2 1_2 fusion-flex-column\"><div class=\"fusion-column-wrapper fusion-flex-justify-content-flex-start fusion-content-layout-column\" style=\"background-position:left top;background-repeat:no-repeat;-webkit-background-size:cover;-moz-background-size:cover;-o-background-size:cover;background-size:cover;padding: 0px 0px 0px 0px;\"><div ><span class=\" fusion-imageframe imageframe-none imageframe-1 hover-type-none\"><img decoding=\"async\" width=\"150\" height=\"150\" title=\"CLASIFICADOS-BN\" src=\"https:\/\/afc.cat\/wp-content\/uploads\/2021\/04\/CLASIFICADOS-BN.jpg\" alt class=\"img-responsive wp-image-20104\" srcset=\"https:\/\/afc.cat\/wp-content\/uploads\/2021\/04\/CLASIFICADOS-BN-66x66.jpg 66w, https:\/\/afc.cat\/wp-content\/uploads\/2021\/04\/CLASIFICADOS-BN.jpg 150w\" sizes=\"(max-width: 150px) 100vw, 150px\" \/><\/span><\/div><div style=\"text-align:left;\"><span class=\" fusion-imageframe imageframe-none imageframe-2 hover-type-zoomin\" style=\"max-width:600px;\"><img decoding=\"async\" width=\"300\" height=\"200\" alt=\"01 - Josep Maria Bonjoch\" title=\"01 &#8211; Josep Maria Bonjoch\" src=\"https:\/\/afc.cat\/wp-content\/uploads\/2021\/04\/01-Josep-Maria-Bonjoch-300x200.jpg\" class=\"img-responsive wp-image-20019\" srcset=\"https:\/\/afc.cat\/wp-content\/uploads\/2021\/04\/01-Josep-Maria-Bonjoch-200x133.jpg 200w, https:\/\/afc.cat\/wp-content\/uploads\/2021\/04\/01-Josep-Maria-Bonjoch-400x267.jpg 400w, https:\/\/afc.cat\/wp-content\/uploads\/2021\/04\/01-Josep-Maria-Bonjoch-600x400.jpg 600w, https:\/\/afc.cat\/wp-content\/uploads\/2021\/04\/01-Josep-Maria-Bonjoch-800x534.jpg 800w, https:\/\/afc.cat\/wp-content\/uploads\/2021\/04\/01-Josep-Maria-Bonjoch.jpg 1024w\" sizes=\"(max-width: 640px) 100vw, 600px\" \/><\/span><\/div><\/div><style type=\"text\/css\">.fusion-body .fusion-builder-column-1{width:50% !important;margin-top : 0px;margin-bottom : 20px;}.fusion-builder-column-1 > .fusion-column-wrapper {padding-top : 0px !important;padding-right : 0px !important;margin-right : 3.84%;padding-bottom : 0px !important;padding-left : 0px !important;margin-left : 3.84%;}@media only screen and (max-width:1024px) {.fusion-body .fusion-builder-column-1{width:50% !important;order : 0;}.fusion-builder-column-1 > .fusion-column-wrapper {margin-right : 3.84%;margin-left : 3.84%;}}@media only screen and (max-width:640px) {.fusion-body .fusion-builder-column-1{width:100% !important;order : 0;}.fusion-builder-column-1 > .fusion-column-wrapper {margin-right : 1.92%;margin-left : 1.92%;}}<\/style><\/div><div class=\"fusion-layout-column fusion_builder_column fusion-builder-column-2 fusion_builder_column_1_2 1_2 fusion-flex-column\"><div class=\"fusion-column-wrapper fusion-flex-justify-content-flex-start fusion-content-layout-column\" style=\"background-position:left top;background-repeat:no-repeat;-webkit-background-size:cover;-moz-background-size:cover;-o-background-size:cover;background-size:cover;padding: 0px 0px 0px 0px;\"><\/div><style type=\"text\/css\">.fusion-body .fusion-builder-column-2{width:50% !important;margin-top : 0px;margin-bottom : 20px;}.fusion-builder-column-2 > .fusion-column-wrapper {padding-top : 0px !important;padding-right : 0px !important;margin-right : 3.84%;padding-bottom : 0px !important;padding-left : 0px !important;margin-left : 3.84%;}@media only screen and (max-width:1024px) {.fusion-body .fusion-builder-column-2{width:50% !important;order : 0;}.fusion-builder-column-2 > .fusion-column-wrapper {margin-right : 3.84%;margin-left : 3.84%;}}@media only screen and (max-width:640px) {.fusion-body .fusion-builder-column-2{width:100% !important;order : 0;}.fusion-builder-column-2 > .fusion-column-wrapper {margin-right : 1.92%;margin-left : 1.92%;}}<\/style><\/div><\/div><style type=\"text\/css\">.fusion-body .fusion-flex-container.fusion-builder-row-2{ padding-top : 0px;margin-top : 0px;padding-right : 0px;padding-bottom : 0px;margin-bottom : 0px;padding-left : 0px;}<\/style><\/div><div class=\"fusion-fullwidth fullwidth-box fusion-builder-row-3 fusion-flex-container nonhundred-percent-fullwidth non-hundred-percent-height-scrolling\" style=\"background-color: rgba(255,255,255,0);background-position: center center;background-repeat: no-repeat;border-width: 0px 0px 0px 0px;border-color:#ffffff;border-style:solid;\" ><div class=\"fusion-builder-row fusion-row fusion-flex-align-items-flex-start\" style=\"max-width:1300px;margin-left: calc(-4% \/ 2 );margin-right: calc(-4% \/ 2 );\"><div class=\"fusion-layout-column fusion_builder_column fusion-builder-column-3 fusion_builder_column_1_1 1_1 fusion-flex-column\"><div class=\"fusion-column-wrapper fusion-flex-justify-content-flex-start fusion-content-layout-column\" style=\"background-position:left top;background-repeat:no-repeat;-webkit-background-size:cover;-moz-background-size:cover;-o-background-size:cover;background-size:cover;padding: 0px 0px 0px 0px;\"><style type=\"text\/css\">.fusion-gallery-1 .fusion-gallery-image {border:0px solid #e2e2e2;}<\/style><div class=\"fusion-gallery fusion-gallery-container fusion-grid-6 fusion-columns-total-20 fusion-gallery-layout-grid fusion-gallery-1\" style=\"margin:-5px;\"><div style=\"padding:5px;\" class=\"fusion-grid-column fusion-gallery-column fusion-gallery-column-6 hover-type-zoomin\"><div class=\"fusion-gallery-image\"><a href=\"https:\/\/afc.cat\/wp-content\/uploads\/2021\/04\/01-Josep-Maria-Bonjoch.jpg\" data-title=\"01 &#8211; Josep Maria Bonjoch\" title=\"01 &#8211; Josep Maria Bonjoch\" rel=\"noreferrer\" data-rel=\"iLightbox[gallery_image_1]\" class=\"fusion-lightbox\" target=\"_self\"><img decoding=\"async\" src=\"https:\/\/afc.cat\/wp-content\/uploads\/2021\/04\/01-Josep-Maria-Bonjoch-320x202.jpg\" width=\"320\" height=\"202\" alt=\"01 - Josep Maria Bonjoch\" title=\"01 &#8211; Josep Maria Bonjoch\" aria-label=\"01 &#8211; Josep Maria Bonjoch\" class=\"img-responsive wp-image-20019 fusion-gallery-image-size-fixed\" srcset=\"https:\/\/afc.cat\/wp-content\/uploads\/2021\/04\/01-Josep-Maria-Bonjoch-320x202.jpg 320w, https:\/\/afc.cat\/wp-content\/uploads\/2021\/04\/01-Josep-Maria-Bonjoch-700x441.jpg 700w\" sizes=\"(max-width: 320px) 100vw, 320px\" \/><\/a><\/div><\/div><div style=\"padding:5px;\" class=\"fusion-grid-column fusion-gallery-column fusion-gallery-column-6 hover-type-zoomin\"><div class=\"fusion-gallery-image\"><a href=\"https:\/\/afc.cat\/wp-content\/uploads\/2021\/04\/02-Toni-Torras.jpg\" data-title=\"02 &#8211; Toni-Torras\" title=\"02 &#8211; Toni-Torras\" rel=\"noreferrer\" data-rel=\"iLightbox[gallery_image_1]\" class=\"fusion-lightbox\" target=\"_self\"><img decoding=\"async\" src=\"https:\/\/afc.cat\/wp-content\/uploads\/2021\/04\/02-Toni-Torras-320x202.jpg\" width=\"320\" height=\"202\" alt=\"02 - Toni-Torras\" title=\"02 &#8211; Toni-Torras\" aria-label=\"02 &#8211; Toni-Torras\" class=\"img-responsive wp-image-20021 fusion-gallery-image-size-fixed\" \/><\/a><\/div><\/div><div style=\"padding:5px;\" class=\"fusion-grid-column fusion-gallery-column fusion-gallery-column-6 hover-type-zoomin\"><div class=\"fusion-gallery-image\"><a href=\"https:\/\/afc.cat\/wp-content\/uploads\/2021\/04\/03-Francesca-Portoles.jpg\" data-title=\"03 &#8211; Francesca Portol\u00e9s\" title=\"03 &#8211; Francesca Portol\u00e9s\" rel=\"noreferrer\" data-rel=\"iLightbox[gallery_image_1]\" class=\"fusion-lightbox\" target=\"_self\"><img decoding=\"async\" src=\"https:\/\/afc.cat\/wp-content\/uploads\/2021\/04\/03-Francesca-Portoles-320x202.jpg\" width=\"320\" height=\"202\" alt=\"03 - Francesca Portol\u00e9s\" title=\"03 &#8211; Francesca Portol\u00e9s\" aria-label=\"03 &#8211; Francesca Portol\u00e9s\" class=\"img-responsive wp-image-20023 fusion-gallery-image-size-fixed\" \/><\/a><\/div><\/div><div style=\"padding:5px;\" class=\"fusion-grid-column fusion-gallery-column fusion-gallery-column-6 hover-type-zoomin\"><div class=\"fusion-gallery-image\"><a href=\"https:\/\/afc.cat\/wp-content\/uploads\/2021\/04\/04-Carles-Pociello.jpg\" data-title=\"04 &#8211; Carles Pociello\" title=\"04 &#8211; Carles Pociello\" rel=\"noreferrer\" data-rel=\"iLightbox[gallery_image_1]\" class=\"fusion-lightbox\" target=\"_self\"><img decoding=\"async\" src=\"https:\/\/afc.cat\/wp-content\/uploads\/2021\/04\/04-Carles-Pociello-320x202.jpg\" width=\"320\" height=\"202\" alt=\"04 - Carles Pociello\" title=\"04 &#8211; Carles Pociello\" aria-label=\"04 &#8211; Carles Pociello\" class=\"img-responsive wp-image-20025 fusion-gallery-image-size-fixed\" \/><\/a><\/div><\/div><div style=\"padding:5px;\" class=\"fusion-grid-column fusion-gallery-column fusion-gallery-column-6 hover-type-zoomin\"><div class=\"fusion-gallery-image\"><a href=\"https:\/\/afc.cat\/wp-content\/uploads\/2021\/04\/05-Rosa-Cristofol.jpg\" data-title=\"05 &#8211; Rosa Crist\u00f2fol\" title=\"05 &#8211; Rosa Crist\u00f2fol\" rel=\"noreferrer\" data-rel=\"iLightbox[gallery_image_1]\" class=\"fusion-lightbox\" target=\"_self\"><img decoding=\"async\" src=\"https:\/\/afc.cat\/wp-content\/uploads\/2021\/04\/05-Rosa-Cristofol-320x202.jpg\" width=\"320\" height=\"202\" alt=\"05 - Rosa Crist\u00f2fol\" title=\"05 &#8211; Rosa Crist\u00f2fol\" aria-label=\"05 &#8211; Rosa Crist\u00f2fol\" class=\"img-responsive wp-image-20027 fusion-gallery-image-size-fixed\" \/><\/a><\/div><\/div><div style=\"padding:5px;\" class=\"fusion-grid-column fusion-gallery-column fusion-gallery-column-6 hover-type-zoomin\"><div class=\"fusion-gallery-image\"><a href=\"https:\/\/afc.cat\/wp-content\/uploads\/2021\/04\/06-Albert-Folch-BN.jpg\" data-title=\"06 &#8211; Albert Folch\" title=\"06 &#8211; Albert Folch\" rel=\"noreferrer\" data-rel=\"iLightbox[gallery_image_1]\" class=\"fusion-lightbox\" target=\"_self\"><img decoding=\"async\" src=\"https:\/\/afc.cat\/wp-content\/uploads\/2021\/04\/06-Albert-Folch-BN-320x202.jpg\" width=\"320\" height=\"202\" alt=\"06 - Albert Folch\" title=\"06 &#8211; Albert Folch\" aria-label=\"06 &#8211; Albert Folch\" class=\"img-responsive wp-image-20029 fusion-gallery-image-size-fixed\" srcset=\"https:\/\/afc.cat\/wp-content\/uploads\/2021\/04\/06-Albert-Folch-BN-320x202.jpg 320w, https:\/\/afc.cat\/wp-content\/uploads\/2021\/04\/06-Albert-Folch-BN-700x441.jpg 700w\" sizes=\"(max-width: 320px) 100vw, 320px\" \/><\/a><\/div><\/div><div class=\"clearfix\"><\/div><div style=\"padding:5px;\" class=\"fusion-grid-column fusion-gallery-column fusion-gallery-column-6 hover-type-zoomin\"><div class=\"fusion-gallery-image\"><a href=\"https:\/\/afc.cat\/wp-content\/uploads\/2021\/04\/07-Adolf-Garcia.jpg\" data-title=\"07 &#8211; Adolf Garcia\" title=\"07 &#8211; Adolf Garcia\" rel=\"noreferrer\" data-rel=\"iLightbox[gallery_image_1]\" class=\"fusion-lightbox\" target=\"_self\"><img decoding=\"async\" src=\"https:\/\/afc.cat\/wp-content\/uploads\/2021\/04\/07-Adolf-Garcia-320x202.jpg\" width=\"320\" height=\"202\" alt=\"07 - Adolf Garcia\" title=\"07 &#8211; Adolf Garcia\" aria-label=\"07 &#8211; Adolf Garcia\" class=\"img-responsive wp-image-20031 fusion-gallery-image-size-fixed\" \/><\/a><\/div><\/div><div style=\"padding:5px;\" class=\"fusion-grid-column fusion-gallery-column fusion-gallery-column-6 hover-type-zoomin\"><div class=\"fusion-gallery-image\"><a href=\"https:\/\/afc.cat\/wp-content\/uploads\/2021\/04\/08-Carles-Lastra.jpg\" data-title=\"08 &#8211; Carles Lastra\" title=\"08 &#8211; Carles Lastra\" rel=\"noreferrer\" data-rel=\"iLightbox[gallery_image_1]\" class=\"fusion-lightbox\" target=\"_self\"><img decoding=\"async\" src=\"https:\/\/afc.cat\/wp-content\/uploads\/2021\/04\/08-Carles-Lastra-320x202.jpg\" width=\"320\" height=\"202\" alt=\"08 - Carles Lastra\" title=\"08 &#8211; Carles Lastra\" aria-label=\"08 &#8211; Carles Lastra\" class=\"img-responsive wp-image-20033 fusion-gallery-image-size-fixed\" srcset=\"https:\/\/afc.cat\/wp-content\/uploads\/2021\/04\/08-Carles-Lastra-320x202.jpg 320w, https:\/\/afc.cat\/wp-content\/uploads\/2021\/04\/08-Carles-Lastra-700x441.jpg 700w\" sizes=\"(max-width: 320px) 100vw, 320px\" \/><\/a><\/div><\/div><div style=\"padding:5px;\" class=\"fusion-grid-column fusion-gallery-column fusion-gallery-column-6 hover-type-zoomin\"><div class=\"fusion-gallery-image\"><a href=\"https:\/\/afc.cat\/wp-content\/uploads\/2021\/04\/09-Antoni-Torres.jpg\" data-title=\"09 &#8211; Antoni Torres\" title=\"09 &#8211; Antoni Torres\" rel=\"noreferrer\" data-rel=\"iLightbox[gallery_image_1]\" class=\"fusion-lightbox\" target=\"_self\"><img decoding=\"async\" src=\"https:\/\/afc.cat\/wp-content\/uploads\/2021\/04\/09-Antoni-Torres-320x202.jpg\" width=\"320\" height=\"202\" alt=\"09 - Antoni Torres\" title=\"09 &#8211; Antoni Torres\" aria-label=\"09 &#8211; Antoni Torres\" class=\"img-responsive wp-image-20035 fusion-gallery-image-size-fixed\" srcset=\"https:\/\/afc.cat\/wp-content\/uploads\/2021\/04\/09-Antoni-Torres-320x202.jpg 320w, https:\/\/afc.cat\/wp-content\/uploads\/2021\/04\/09-Antoni-Torres-700x441.jpg 700w\" sizes=\"(max-width: 320px) 100vw, 320px\" \/><\/a><\/div><\/div><div style=\"padding:5px;\" class=\"fusion-grid-column fusion-gallery-column fusion-gallery-column-6 hover-type-zoomin\"><div class=\"fusion-gallery-image\"><a href=\"https:\/\/afc.cat\/wp-content\/uploads\/2021\/04\/10-Joan-Soldevila.jpg\" data-title=\"10 &#8211; Joan Soldevila\" title=\"10 &#8211; Joan Soldevila\" rel=\"noreferrer\" data-rel=\"iLightbox[gallery_image_1]\" class=\"fusion-lightbox\" target=\"_self\"><img decoding=\"async\" src=\"https:\/\/afc.cat\/wp-content\/uploads\/2021\/04\/10-Joan-Soldevila-320x202.jpg\" width=\"320\" height=\"202\" alt=\"10 - Joan Soldevila\" title=\"10 &#8211; Joan Soldevila\" aria-label=\"10 &#8211; Joan Soldevila\" class=\"img-responsive wp-image-20037 fusion-gallery-image-size-fixed\" \/><\/a><\/div><\/div><div style=\"padding:5px;\" class=\"fusion-grid-column fusion-gallery-column fusion-gallery-column-6 hover-type-zoomin\"><div class=\"fusion-gallery-image\"><a href=\"https:\/\/afc.cat\/wp-content\/uploads\/2021\/04\/11-Albert-Adroer.jpg\" data-title=\"11 &#8211; Albert Adroer\" title=\"11 &#8211; Albert Adroer\" rel=\"noreferrer\" data-rel=\"iLightbox[gallery_image_1]\" class=\"fusion-lightbox\" target=\"_self\"><img decoding=\"async\" src=\"https:\/\/afc.cat\/wp-content\/uploads\/2021\/04\/11-Albert-Adroer-320x202.jpg\" width=\"320\" height=\"202\" alt=\"11 - Albert Adroer\" title=\"11 &#8211; Albert Adroer\" aria-label=\"11 &#8211; Albert Adroer\" class=\"img-responsive wp-image-20039 fusion-gallery-image-size-fixed\" srcset=\"https:\/\/afc.cat\/wp-content\/uploads\/2021\/04\/11-Albert-Adroer-320x202.jpg 320w, https:\/\/afc.cat\/wp-content\/uploads\/2021\/04\/11-Albert-Adroer-700x441.jpg 700w\" sizes=\"(max-width: 320px) 100vw, 320px\" \/><\/a><\/div><\/div><div style=\"padding:5px;\" class=\"fusion-grid-column fusion-gallery-column fusion-gallery-column-6 hover-type-zoomin\"><div class=\"fusion-gallery-image\"><a href=\"https:\/\/afc.cat\/wp-content\/uploads\/2021\/04\/13-DamianTous.jpg\" data-title=\"13 &#8211; DamianTous\" title=\"13 &#8211; DamianTous\" rel=\"noreferrer\" data-rel=\"iLightbox[gallery_image_1]\" class=\"fusion-lightbox\" target=\"_self\"><img decoding=\"async\" src=\"https:\/\/afc.cat\/wp-content\/uploads\/2021\/04\/13-DamianTous-320x202.jpg\" width=\"320\" height=\"202\" alt=\"13 - DamianTous\" title=\"13 &#8211; DamianTous\" aria-label=\"13 &#8211; DamianTous\" class=\"img-responsive wp-image-20043 fusion-gallery-image-size-fixed\" srcset=\"https:\/\/afc.cat\/wp-content\/uploads\/2021\/04\/13-DamianTous-320x202.jpg 320w, https:\/\/afc.cat\/wp-content\/uploads\/2021\/04\/13-DamianTous-700x441.jpg 700w\" sizes=\"(max-width: 320px) 100vw, 320px\" \/><\/a><\/div><\/div><div class=\"clearfix\"><\/div><div style=\"padding:5px;\" class=\"fusion-grid-column fusion-gallery-column fusion-gallery-column-6 hover-type-zoomin\"><div class=\"fusion-gallery-image\"><a href=\"https:\/\/afc.cat\/wp-content\/uploads\/2021\/04\/12-Aleix-Torrents.jpg\" data-title=\"12 &#8211; Aleix Torrents\" title=\"12 &#8211; Aleix Torrents\" rel=\"noreferrer\" data-rel=\"iLightbox[gallery_image_1]\" class=\"fusion-lightbox\" target=\"_self\"><img decoding=\"async\" src=\"https:\/\/afc.cat\/wp-content\/uploads\/2021\/04\/12-Aleix-Torrents-320x202.jpg\" width=\"320\" height=\"202\" alt=\"12 - Aleix Torrents\" title=\"12 &#8211; Aleix Torrents\" aria-label=\"12 &#8211; Aleix Torrents\" class=\"img-responsive wp-image-20041 fusion-gallery-image-size-fixed\" srcset=\"https:\/\/afc.cat\/wp-content\/uploads\/2021\/04\/12-Aleix-Torrents-320x202.jpg 320w, https:\/\/afc.cat\/wp-content\/uploads\/2021\/04\/12-Aleix-Torrents-700x441.jpg 700w\" sizes=\"(max-width: 320px) 100vw, 320px\" \/><\/a><\/div><\/div><div style=\"padding:5px;\" class=\"fusion-grid-column fusion-gallery-column fusion-gallery-column-6 hover-type-zoomin\"><div class=\"fusion-gallery-image\"><a href=\"https:\/\/afc.cat\/wp-content\/uploads\/2021\/04\/14-Joan-Rue.jpg\" data-title=\"14 &#8211; Joan Ru\u00e9\" title=\"14 &#8211; Joan Ru\u00e9\" rel=\"noreferrer\" data-rel=\"iLightbox[gallery_image_1]\" class=\"fusion-lightbox\" target=\"_self\"><img decoding=\"async\" src=\"https:\/\/afc.cat\/wp-content\/uploads\/2021\/04\/14-Joan-Rue-320x202.jpg\" width=\"320\" height=\"202\" alt=\"14 - Joan Ru\u00e9\" title=\"14 &#8211; Joan Ru\u00e9\" aria-label=\"14 &#8211; Joan Ru\u00e9\" class=\"img-responsive wp-image-20045 fusion-gallery-image-size-fixed\" \/><\/a><\/div><\/div><div style=\"padding:5px;\" class=\"fusion-grid-column fusion-gallery-column fusion-gallery-column-6 hover-type-zoomin\"><div class=\"fusion-gallery-image\"><a href=\"https:\/\/afc.cat\/wp-content\/uploads\/2021\/04\/15-Carmen-Casademont.jpg\" data-title=\"15 &#8211; Carmen Casademont\" title=\"15 &#8211; Carmen Casademont\" rel=\"noreferrer\" data-rel=\"iLightbox[gallery_image_1]\" class=\"fusion-lightbox\" target=\"_self\"><img decoding=\"async\" src=\"https:\/\/afc.cat\/wp-content\/uploads\/2021\/04\/15-Carmen-Casademont-320x202.jpg\" width=\"320\" height=\"202\" alt=\"15 - Carmen Casademont\" title=\"15 &#8211; Carmen Casademont\" aria-label=\"15 &#8211; Carmen Casademont\" class=\"img-responsive wp-image-20047 fusion-gallery-image-size-fixed\" \/><\/a><\/div><\/div><div style=\"padding:5px;\" class=\"fusion-grid-column fusion-gallery-column fusion-gallery-column-6 hover-type-zoomin\"><div class=\"fusion-gallery-image\"><a href=\"https:\/\/afc.cat\/wp-content\/uploads\/2021\/04\/16-Francesc-Soldevila.jpg\" data-title=\"16 &#8211; Francesc Soldevila\" title=\"16 &#8211; Francesc Soldevila\" rel=\"noreferrer\" data-rel=\"iLightbox[gallery_image_1]\" class=\"fusion-lightbox\" target=\"_self\"><img decoding=\"async\" src=\"https:\/\/afc.cat\/wp-content\/uploads\/2021\/04\/16-Francesc-Soldevila-320x202.jpg\" width=\"320\" height=\"202\" alt=\"16 - Francesc Soldevila\" title=\"16 &#8211; Francesc Soldevila\" aria-label=\"16 &#8211; Francesc Soldevila\" class=\"img-responsive wp-image-20049 fusion-gallery-image-size-fixed\" srcset=\"https:\/\/afc.cat\/wp-content\/uploads\/2021\/04\/16-Francesc-Soldevila-320x202.jpg 320w, https:\/\/afc.cat\/wp-content\/uploads\/2021\/04\/16-Francesc-Soldevila-700x441.jpg 700w\" sizes=\"(max-width: 320px) 100vw, 320px\" \/><\/a><\/div><\/div><div style=\"padding:5px;\" class=\"fusion-grid-column fusion-gallery-column fusion-gallery-column-6 hover-type-zoomin\"><div class=\"fusion-gallery-image\"><a href=\"https:\/\/afc.cat\/wp-content\/uploads\/2021\/04\/17-Josep-Soler.jpg\" data-title=\"17 &#8211; Josep Soler\" title=\"17 &#8211; Josep Soler\" rel=\"noreferrer\" data-rel=\"iLightbox[gallery_image_1]\" class=\"fusion-lightbox\" target=\"_self\"><img decoding=\"async\" src=\"https:\/\/afc.cat\/wp-content\/uploads\/2021\/04\/17-Josep-Soler-320x202.jpg\" width=\"320\" height=\"202\" alt=\"17 - Josep Soler\" title=\"17 &#8211; Josep Soler\" aria-label=\"17 &#8211; Josep Soler\" class=\"img-responsive wp-image-20051 fusion-gallery-image-size-fixed\" \/><\/a><\/div><\/div><div style=\"padding:5px;\" class=\"fusion-grid-column fusion-gallery-column fusion-gallery-column-6 hover-type-zoomin\"><div class=\"fusion-gallery-image\"><a href=\"https:\/\/afc.cat\/wp-content\/uploads\/2021\/04\/18-Albert-Canellas.jpg\" data-title=\"18 &#8211; Albert Ca\u00f1ellas\" title=\"18 &#8211; Albert Ca\u00f1ellas\" rel=\"noreferrer\" data-rel=\"iLightbox[gallery_image_1]\" class=\"fusion-lightbox\" target=\"_self\"><img decoding=\"async\" src=\"https:\/\/afc.cat\/wp-content\/uploads\/2021\/04\/18-Albert-Canellas-320x202.jpg\" width=\"320\" height=\"202\" alt=\"18 - Albert Ca\u00f1ellas\" title=\"18 &#8211; Albert Ca\u00f1ellas\" aria-label=\"18 &#8211; Albert Ca\u00f1ellas\" class=\"img-responsive wp-image-20053 fusion-gallery-image-size-fixed\" \/><\/a><\/div><\/div><div class=\"clearfix\"><\/div><div style=\"padding:5px;\" class=\"fusion-grid-column fusion-gallery-column fusion-gallery-column-6 hover-type-zoomin\"><div class=\"fusion-gallery-image\"><a href=\"https:\/\/afc.cat\/wp-content\/uploads\/2021\/04\/19-Joan-Basset.jpg\" data-title=\"19 &#8211; Joan Basset\" title=\"19 &#8211; Joan Basset\" rel=\"noreferrer\" data-rel=\"iLightbox[gallery_image_1]\" class=\"fusion-lightbox\" target=\"_self\"><img decoding=\"async\" src=\"https:\/\/afc.cat\/wp-content\/uploads\/2021\/04\/19-Joan-Basset-320x202.jpg\" width=\"320\" height=\"202\" alt=\"19 - Joan Basset\" title=\"19 &#8211; Joan Basset\" aria-label=\"19 &#8211; Joan Basset\" class=\"img-responsive wp-image-20055 fusion-gallery-image-size-fixed\" srcset=\"https:\/\/afc.cat\/wp-content\/uploads\/2021\/04\/19-Joan-Basset-320x202.jpg 320w, https:\/\/afc.cat\/wp-content\/uploads\/2021\/04\/19-Joan-Basset-700x441.jpg 700w\" sizes=\"(max-width: 320px) 100vw, 320px\" \/><\/a><\/div><\/div><div style=\"padding:5px;\" class=\"fusion-grid-column fusion-gallery-column fusion-gallery-column-6 hover-type-zoomin\"><div class=\"fusion-gallery-image\"><a href=\"https:\/\/afc.cat\/wp-content\/uploads\/2021\/04\/Clasificacio-BN-marc.jpg\" data-title=\"TObligats-2020-2021 MAR\u00c7-OK.xls\" title=\"TObligats-2020-2021 MAR\u00c7-OK.xls\" rel=\"noreferrer\" data-rel=\"iLightbox[gallery_image_1]\" class=\"fusion-lightbox\" target=\"_self\"><img decoding=\"async\" src=\"https:\/\/afc.cat\/wp-content\/uploads\/2021\/04\/Clasificacio-BN-marc-320x202.jpg\" width=\"320\" height=\"202\" alt=\"\" title=\"TObligats-2020-2021 MAR\u00c7-OK.xls\" aria-label=\"TObligats-2020-2021 MAR\u00c7-OK.xls\" class=\"img-responsive wp-image-20099 fusion-gallery-image-size-fixed\" srcset=\"https:\/\/afc.cat\/wp-content\/uploads\/2021\/04\/Clasificacio-BN-marc-320x202.jpg 320w, https:\/\/afc.cat\/wp-content\/uploads\/2021\/04\/Clasificacio-BN-marc-700x441.jpg 700w\" sizes=\"(max-width: 320px) 100vw, 320px\" \/><\/a><\/div><\/div><\/div><div ><span class=\" fusion-imageframe imageframe-none imageframe-3 hover-type-none\"><img decoding=\"async\" width=\"150\" height=\"150\" title=\"CLASIFICADOS COLOR\" src=\"https:\/\/afc.cat\/wp-content\/uploads\/2021\/04\/CLASIFICADOS-COLOR.jpg\" alt class=\"img-responsive wp-image-20106\" srcset=\"https:\/\/afc.cat\/wp-content\/uploads\/2021\/04\/CLASIFICADOS-COLOR-66x66.jpg 66w, https:\/\/afc.cat\/wp-content\/uploads\/2021\/04\/CLASIFICADOS-COLOR.jpg 150w\" sizes=\"(max-width: 150px) 100vw, 150px\" \/><\/span><\/div><div style=\"text-align:left;\"><style>.fusion-imageframe.imageframe-4{ margin-bottom : 20px;}<\/style><span class=\" fusion-imageframe imageframe-none imageframe-4 hover-type-zoomin\" style=\"max-width:600px;\"><img decoding=\"async\" width=\"300\" height=\"196\" alt=\"01 - Josep Soler\" title=\"01 &#8211; Josep Soler\" src=\"https:\/\/afc.cat\/wp-content\/uploads\/2021\/04\/01-Josep-Soler-300x196.jpg\" class=\"img-responsive wp-image-20057\" srcset=\"https:\/\/afc.cat\/wp-content\/uploads\/2021\/04\/01-Josep-Soler-200x130.jpg 200w, https:\/\/afc.cat\/wp-content\/uploads\/2021\/04\/01-Josep-Soler-400x261.jpg 400w, https:\/\/afc.cat\/wp-content\/uploads\/2021\/04\/01-Josep-Soler-600x391.jpg 600w, https:\/\/afc.cat\/wp-content\/uploads\/2021\/04\/01-Josep-Soler-800x522.jpg 800w, https:\/\/afc.cat\/wp-content\/uploads\/2021\/04\/01-Josep-Soler.jpg 1024w\" sizes=\"(max-width: 640px) 100vw, 300px\" \/><\/span><\/div><style type=\"text\/css\">.fusion-gallery-2 .fusion-gallery-image {border:0px solid #e2e2e2;}<\/style><div class=\"fusion-gallery fusion-gallery-container fusion-grid-6 fusion-columns-total-22 fusion-gallery-layout-grid fusion-gallery-2\" style=\"margin:-5px;\"><div style=\"padding:5px;\" class=\"fusion-grid-column fusion-gallery-column fusion-gallery-column-6 hover-type-zoomin\"><div class=\"fusion-gallery-image\"><a href=\"https:\/\/afc.cat\/wp-content\/uploads\/2021\/04\/01-Josep-Soler.jpg\" data-title=\"01 &#8211; Josep Soler\" title=\"01 &#8211; Josep Soler\" rel=\"noreferrer\" data-rel=\"iLightbox[gallery_image_2]\" class=\"fusion-lightbox\" target=\"_self\"><img decoding=\"async\" src=\"https:\/\/afc.cat\/wp-content\/uploads\/2021\/04\/01-Josep-Soler-320x202.jpg\" width=\"320\" height=\"202\" alt=\"01 - Josep Soler\" title=\"01 &#8211; Josep Soler\" aria-label=\"01 &#8211; Josep Soler\" class=\"img-responsive wp-image-20057 fusion-gallery-image-size-fixed\" srcset=\"https:\/\/afc.cat\/wp-content\/uploads\/2021\/04\/01-Josep-Soler-320x202.jpg 320w, https:\/\/afc.cat\/wp-content\/uploads\/2021\/04\/01-Josep-Soler-700x441.jpg 700w\" sizes=\"(max-width: 320px) 100vw, 320px\" \/><\/a><\/div><\/div><div style=\"padding:5px;\" class=\"fusion-grid-column fusion-gallery-column fusion-gallery-column-6 hover-type-zoomin\"><div class=\"fusion-gallery-image\"><a href=\"https:\/\/afc.cat\/wp-content\/uploads\/2021\/04\/02-Montse-Pique.jpg\" data-title=\"02 &#8211; Montse Piqu\u00e9\" title=\"02 &#8211; Montse Piqu\u00e9\" rel=\"noreferrer\" data-rel=\"iLightbox[gallery_image_2]\" class=\"fusion-lightbox\" target=\"_self\"><img decoding=\"async\" src=\"https:\/\/afc.cat\/wp-content\/uploads\/2021\/04\/02-Montse-Pique-320x202.jpg\" width=\"320\" height=\"202\" alt=\"02 - Montse Piqu\u00e9\" title=\"02 &#8211; Montse Piqu\u00e9\" aria-label=\"02 &#8211; Montse Piqu\u00e9\" class=\"img-responsive wp-image-20059 fusion-gallery-image-size-fixed\" \/><\/a><\/div><\/div><div style=\"padding:5px;\" class=\"fusion-grid-column fusion-gallery-column fusion-gallery-column-6 hover-type-zoomin\"><div class=\"fusion-gallery-image\"><a href=\"https:\/\/afc.cat\/wp-content\/uploads\/2021\/04\/03-Carles-Lastra.jpg\" data-title=\"03 &#8211; Carles Lastra\" title=\"03 &#8211; Carles Lastra\" rel=\"noreferrer\" data-rel=\"iLightbox[gallery_image_2]\" class=\"fusion-lightbox\" target=\"_self\"><img decoding=\"async\" src=\"https:\/\/afc.cat\/wp-content\/uploads\/2021\/04\/03-Carles-Lastra-320x202.jpg\" width=\"320\" height=\"202\" alt=\"03 - Carles Lastra\" title=\"03 &#8211; Carles Lastra\" aria-label=\"03 &#8211; Carles Lastra\" class=\"img-responsive wp-image-20061 fusion-gallery-image-size-fixed\" \/><\/a><\/div><\/div><div style=\"padding:5px;\" class=\"fusion-grid-column fusion-gallery-column fusion-gallery-column-6 hover-type-zoomin\"><div class=\"fusion-gallery-image\"><a href=\"https:\/\/afc.cat\/wp-content\/uploads\/2021\/04\/04-Antoni-Torres.jpg\" data-title=\"04 &#8211; Antoni Torres\" title=\"04 &#8211; Antoni Torres\" rel=\"noreferrer\" data-rel=\"iLightbox[gallery_image_2]\" class=\"fusion-lightbox\" target=\"_self\"><img decoding=\"async\" src=\"https:\/\/afc.cat\/wp-content\/uploads\/2021\/04\/04-Antoni-Torres-320x202.jpg\" width=\"320\" height=\"202\" alt=\"04 - Antoni Torres\" title=\"04 &#8211; Antoni Torres\" aria-label=\"04 &#8211; Antoni Torres\" class=\"img-responsive wp-image-20063 fusion-gallery-image-size-fixed\" srcset=\"https:\/\/afc.cat\/wp-content\/uploads\/2021\/04\/04-Antoni-Torres-320x202.jpg 320w, https:\/\/afc.cat\/wp-content\/uploads\/2021\/04\/04-Antoni-Torres-700x441.jpg 700w\" sizes=\"(max-width: 320px) 100vw, 320px\" \/><\/a><\/div><\/div><div class=\"clearfix\"><\/div><div style=\"padding:5px;\" class=\"fusion-grid-column fusion-gallery-column fusion-gallery-column-6 hover-type-zoomin\"><div class=\"fusion-gallery-image\"><a href=\"https:\/\/afc.cat\/wp-content\/uploads\/2021\/04\/05-Albert-Folch.jpg\" data-title=\"05 &#8211; Albert Folch\" title=\"05 &#8211; Albert Folch\" rel=\"noreferrer\" data-rel=\"iLightbox[gallery_image_2]\" class=\"fusion-lightbox\" target=\"_self\"><img decoding=\"async\" src=\"https:\/\/afc.cat\/wp-content\/uploads\/2021\/04\/05-Albert-Folch-320x202.jpg\" width=\"320\" height=\"202\" alt=\"05 - Albert Folch\" title=\"05 &#8211; Albert Folch\" aria-label=\"05 &#8211; Albert Folch\" class=\"img-responsive wp-image-20065 fusion-gallery-image-size-fixed\" \/><\/a><\/div><\/div><div style=\"padding:5px;\" class=\"fusion-grid-column fusion-gallery-column fusion-gallery-column-6 hover-type-zoomin\"><div class=\"fusion-gallery-image\"><a href=\"https:\/\/afc.cat\/wp-content\/uploads\/2021\/04\/06-Carmen-Casademont.jpg\" data-title=\"06 &#8211; Carmen Casademont\" title=\"06 &#8211; Carmen Casademont\" rel=\"noreferrer\" data-rel=\"iLightbox[gallery_image_2]\" class=\"fusion-lightbox\" target=\"_self\"><img decoding=\"async\" src=\"https:\/\/afc.cat\/wp-content\/uploads\/2021\/04\/06-Carmen-Casademont-320x202.jpg\" width=\"320\" height=\"202\" alt=\"06 - Carmen Casademont\" title=\"06 &#8211; Carmen Casademont\" aria-label=\"06 &#8211; Carmen Casademont\" class=\"img-responsive wp-image-20067 fusion-gallery-image-size-fixed\" \/><\/a><\/div><\/div><div style=\"padding:5px;\" class=\"fusion-grid-column fusion-gallery-column fusion-gallery-column-6 hover-type-zoomin\"><div class=\"fusion-gallery-image\"><a href=\"https:\/\/afc.cat\/wp-content\/uploads\/2021\/04\/07-Adolf-Garcia-1.jpg\" data-title=\"07 &#8211; Adolf Garcia\" title=\"07 &#8211; Adolf Garcia\" rel=\"noreferrer\" data-rel=\"iLightbox[gallery_image_2]\" class=\"fusion-lightbox\" target=\"_self\"><img decoding=\"async\" src=\"https:\/\/afc.cat\/wp-content\/uploads\/2021\/04\/07-Adolf-Garcia-1-320x202.jpg\" width=\"320\" height=\"202\" alt=\"07 - Adolf Garcia\" title=\"07 &#8211; Adolf Garcia\" aria-label=\"07 &#8211; Adolf Garcia\" class=\"img-responsive wp-image-20069 fusion-gallery-image-size-fixed\" srcset=\"https:\/\/afc.cat\/wp-content\/uploads\/2021\/04\/07-Adolf-Garcia-1-320x202.jpg 320w, https:\/\/afc.cat\/wp-content\/uploads\/2021\/04\/07-Adolf-Garcia-1-700x441.jpg 700w\" sizes=\"(max-width: 320px) 100vw, 320px\" \/><\/a><\/div><\/div><div style=\"padding:5px;\" class=\"fusion-grid-column fusion-gallery-column fusion-gallery-column-6 hover-type-zoomin\"><div class=\"fusion-gallery-image\"><a href=\"https:\/\/afc.cat\/wp-content\/uploads\/2021\/04\/08-Joan-Rue.jpg\" data-title=\"08 &#8211; Joan Ru\u00e9\" title=\"08 &#8211; Joan Ru\u00e9\" rel=\"noreferrer\" data-rel=\"iLightbox[gallery_image_2]\" class=\"fusion-lightbox\" target=\"_self\"><img decoding=\"async\" src=\"https:\/\/afc.cat\/wp-content\/uploads\/2021\/04\/08-Joan-Rue-320x202.jpg\" width=\"320\" height=\"202\" alt=\"08 - Joan Ru\u00e9\" title=\"08 &#8211; Joan Ru\u00e9\" aria-label=\"08 &#8211; Joan Ru\u00e9\" class=\"img-responsive wp-image-20071 fusion-gallery-image-size-fixed\" srcset=\"https:\/\/afc.cat\/wp-content\/uploads\/2021\/04\/08-Joan-Rue-320x202.jpg 320w, https:\/\/afc.cat\/wp-content\/uploads\/2021\/04\/08-Joan-Rue-700x441.jpg 700w\" sizes=\"(max-width: 320px) 100vw, 320px\" \/><\/a><\/div><\/div><div style=\"padding:5px;\" class=\"fusion-grid-column fusion-gallery-column fusion-gallery-column-6 hover-type-zoomin\"><div class=\"fusion-gallery-image\"><a href=\"https:\/\/afc.cat\/wp-content\/uploads\/2021\/04\/09-Rosa-Cristofol.jpg\" data-title=\"09 &#8211; Rosa-Cristofol\" title=\"09 &#8211; Rosa-Cristofol\" rel=\"noreferrer\" data-rel=\"iLightbox[gallery_image_2]\" class=\"fusion-lightbox\" target=\"_self\"><img decoding=\"async\" src=\"https:\/\/afc.cat\/wp-content\/uploads\/2021\/04\/09-Rosa-Cristofol-320x202.jpg\" width=\"320\" height=\"202\" alt=\"09 - Rosa-Cristofol\" title=\"09 &#8211; Rosa-Cristofol\" aria-label=\"09 &#8211; Rosa-Cristofol\" class=\"img-responsive wp-image-20073 fusion-gallery-image-size-fixed\" \/><\/a><\/div><\/div><div style=\"padding:5px;\" class=\"fusion-grid-column fusion-gallery-column fusion-gallery-column-6 hover-type-zoomin\"><div class=\"fusion-gallery-image\"><a href=\"https:\/\/afc.cat\/wp-content\/uploads\/2021\/04\/10-Gabriel-Bertran.jpg\" data-title=\"10 &#8211; Gabriel Bertran\" title=\"10 &#8211; Gabriel Bertran\" rel=\"noreferrer\" data-rel=\"iLightbox[gallery_image_2]\" class=\"fusion-lightbox\" target=\"_self\"><img decoding=\"async\" src=\"https:\/\/afc.cat\/wp-content\/uploads\/2021\/04\/10-Gabriel-Bertran-320x202.jpg\" width=\"320\" height=\"202\" alt=\"10 - Gabriel Bertran\" title=\"10 &#8211; Gabriel Bertran\" aria-label=\"10 &#8211; Gabriel Bertran\" class=\"img-responsive wp-image-20075 fusion-gallery-image-size-fixed\" srcset=\"https:\/\/afc.cat\/wp-content\/uploads\/2021\/04\/10-Gabriel-Bertran-320x202.jpg 320w, https:\/\/afc.cat\/wp-content\/uploads\/2021\/04\/10-Gabriel-Bertran-700x441.jpg 700w\" sizes=\"(max-width: 320px) 100vw, 320px\" \/><\/a><\/div><\/div><div class=\"clearfix\"><\/div><div style=\"padding:5px;\" class=\"fusion-grid-column fusion-gallery-column fusion-gallery-column-6 hover-type-zoomin\"><div class=\"fusion-gallery-image\"><a href=\"https:\/\/afc.cat\/wp-content\/uploads\/2021\/04\/11-Toni-Torras.jpg\" data-title=\"11 &#8211; Toni-Torras\" title=\"11 &#8211; Toni-Torras\" rel=\"noreferrer\" data-rel=\"iLightbox[gallery_image_2]\" class=\"fusion-lightbox\" target=\"_self\"><img decoding=\"async\" src=\"https:\/\/afc.cat\/wp-content\/uploads\/2021\/04\/11-Toni-Torras-320x202.jpg\" width=\"320\" height=\"202\" alt=\"11 - Toni-Torras\" title=\"11 &#8211; Toni-Torras\" aria-label=\"11 &#8211; Toni-Torras\" class=\"img-responsive wp-image-20077 fusion-gallery-image-size-fixed\" srcset=\"https:\/\/afc.cat\/wp-content\/uploads\/2021\/04\/11-Toni-Torras-320x202.jpg 320w, https:\/\/afc.cat\/wp-content\/uploads\/2021\/04\/11-Toni-Torras-700x441.jpg 700w\" sizes=\"(max-width: 320px) 100vw, 320px\" \/><\/a><\/div><\/div><div style=\"padding:5px;\" class=\"fusion-grid-column fusion-gallery-column fusion-gallery-column-6 hover-type-zoomin\"><div class=\"fusion-gallery-image\"><a href=\"https:\/\/afc.cat\/wp-content\/uploads\/2021\/04\/12-Francesca-Portoles.jpg\" data-title=\"12 &#8211; Francesca Portoles\" title=\"12 &#8211; Francesca Portoles\" rel=\"noreferrer\" data-rel=\"iLightbox[gallery_image_2]\" class=\"fusion-lightbox\" target=\"_self\"><img decoding=\"async\" src=\"https:\/\/afc.cat\/wp-content\/uploads\/2021\/04\/12-Francesca-Portoles-320x202.jpg\" width=\"320\" height=\"202\" alt=\"12 - Francesca Portoles\" title=\"12 &#8211; Francesca Portoles\" aria-label=\"12 &#8211; Francesca Portoles\" class=\"img-responsive wp-image-20079 fusion-gallery-image-size-fixed\" \/><\/a><\/div><\/div><div style=\"padding:5px;\" class=\"fusion-grid-column fusion-gallery-column fusion-gallery-column-6 hover-type-zoomin\"><div class=\"fusion-gallery-image\"><a href=\"https:\/\/afc.cat\/wp-content\/uploads\/2021\/04\/13-Albert-Canellas.jpg\" data-title=\"13 &#8211; Albert Ca\u00f1ellas\" title=\"13 &#8211; Albert Ca\u00f1ellas\" rel=\"noreferrer\" data-rel=\"iLightbox[gallery_image_2]\" class=\"fusion-lightbox\" target=\"_self\"><img decoding=\"async\" src=\"https:\/\/afc.cat\/wp-content\/uploads\/2021\/04\/13-Albert-Canellas-320x202.jpg\" width=\"320\" height=\"202\" alt=\"13 - Albert Ca\u00f1ellas\" title=\"13 &#8211; Albert Ca\u00f1ellas\" aria-label=\"13 &#8211; Albert Ca\u00f1ellas\" class=\"img-responsive wp-image-20081 fusion-gallery-image-size-fixed\" \/><\/a><\/div><\/div><div style=\"padding:5px;\" class=\"fusion-grid-column fusion-gallery-column fusion-gallery-column-6 hover-type-zoomin\"><div class=\"fusion-gallery-image\"><a href=\"https:\/\/afc.cat\/wp-content\/uploads\/2021\/04\/14-Albert-Adroer.jpg\" data-title=\"14 &#8211; Albert Adroer\" title=\"14 &#8211; Albert Adroer\" rel=\"noreferrer\" data-rel=\"iLightbox[gallery_image_2]\" class=\"fusion-lightbox\" target=\"_self\"><img decoding=\"async\" src=\"https:\/\/afc.cat\/wp-content\/uploads\/2021\/04\/14-Albert-Adroer-320x202.jpg\" width=\"320\" height=\"202\" alt=\"14 - Albert Adroer\" title=\"14 &#8211; Albert Adroer\" aria-label=\"14 &#8211; Albert Adroer\" class=\"img-responsive wp-image-20083 fusion-gallery-image-size-fixed\" \/><\/a><\/div><\/div><div style=\"padding:5px;\" class=\"fusion-grid-column fusion-gallery-column fusion-gallery-column-6 hover-type-zoomin\"><div class=\"fusion-gallery-image\"><a href=\"https:\/\/afc.cat\/wp-content\/uploads\/2021\/04\/15-Josep-Maria-bonjoch.jpg\" data-title=\"15 &#8211; Josep Maria Bonjoch\" title=\"15 &#8211; Josep Maria Bonjoch\" rel=\"noreferrer\" data-rel=\"iLightbox[gallery_image_2]\" class=\"fusion-lightbox\" target=\"_self\"><img decoding=\"async\" src=\"https:\/\/afc.cat\/wp-content\/uploads\/2021\/04\/15-Josep-Maria-bonjoch-320x202.jpg\" width=\"320\" height=\"202\" alt=\"15 - Josep Maria Bonjoch\" title=\"15 &#8211; Josep Maria Bonjoch\" aria-label=\"15 &#8211; Josep Maria Bonjoch\" class=\"img-responsive wp-image-20085 fusion-gallery-image-size-fixed\" srcset=\"https:\/\/afc.cat\/wp-content\/uploads\/2021\/04\/15-Josep-Maria-bonjoch-320x202.jpg 320w, https:\/\/afc.cat\/wp-content\/uploads\/2021\/04\/15-Josep-Maria-bonjoch-700x441.jpg 700w\" sizes=\"(max-width: 320px) 100vw, 320px\" \/><\/a><\/div><\/div><div style=\"padding:5px;\" class=\"fusion-grid-column fusion-gallery-column fusion-gallery-column-6 hover-type-zoomin\"><div class=\"fusion-gallery-image\"><a href=\"https:\/\/afc.cat\/wp-content\/uploads\/2021\/04\/16-Carles-Pociello.jpg\" data-title=\"16 &#8211; Carles Pociello\" title=\"16 &#8211; Carles Pociello\" rel=\"noreferrer\" data-rel=\"iLightbox[gallery_image_2]\" class=\"fusion-lightbox\" target=\"_self\"><img decoding=\"async\" src=\"https:\/\/afc.cat\/wp-content\/uploads\/2021\/04\/16-Carles-Pociello-320x202.jpg\" width=\"320\" height=\"202\" alt=\"16 - Carles Pociello\" title=\"16 &#8211; Carles Pociello\" aria-label=\"16 &#8211; Carles Pociello\" class=\"img-responsive wp-image-20087 fusion-gallery-image-size-fixed\" \/><\/a><\/div><\/div><div class=\"clearfix\"><\/div><div style=\"padding:5px;\" class=\"fusion-grid-column fusion-gallery-column fusion-gallery-column-6 hover-type-zoomin\"><div class=\"fusion-gallery-image\"><a href=\"https:\/\/afc.cat\/wp-content\/uploads\/2021\/04\/17-Miquel-Cabre.jpg\" data-title=\"17 &#8211; Miquel Cabre\" title=\"17 &#8211; Miquel Cabre\" rel=\"noreferrer\" data-rel=\"iLightbox[gallery_image_2]\" class=\"fusion-lightbox\" target=\"_self\"><img decoding=\"async\" src=\"https:\/\/afc.cat\/wp-content\/uploads\/2021\/04\/17-Miquel-Cabre-320x202.jpg\" width=\"320\" height=\"202\" alt=\"17 - Miquel Cabre\" title=\"17 &#8211; Miquel Cabre\" aria-label=\"17 &#8211; Miquel Cabre\" class=\"img-responsive wp-image-20089 fusion-gallery-image-size-fixed\" srcset=\"https:\/\/afc.cat\/wp-content\/uploads\/2021\/04\/17-Miquel-Cabre-320x202.jpg 320w, https:\/\/afc.cat\/wp-content\/uploads\/2021\/04\/17-Miquel-Cabre-700x441.jpg 700w\" sizes=\"(max-width: 320px) 100vw, 320px\" \/><\/a><\/div><\/div><div style=\"padding:5px;\" class=\"fusion-grid-column fusion-gallery-column fusion-gallery-column-6 hover-type-zoomin\"><div class=\"fusion-gallery-image\"><a href=\"https:\/\/afc.cat\/wp-content\/uploads\/2021\/04\/18-Joan-Soldevila.jpg\" data-title=\"18 &#8211; Joan Soldevila\" title=\"18 &#8211; Joan Soldevila\" rel=\"noreferrer\" data-rel=\"iLightbox[gallery_image_2]\" class=\"fusion-lightbox\" target=\"_self\"><img decoding=\"async\" src=\"https:\/\/afc.cat\/wp-content\/uploads\/2021\/04\/18-Joan-Soldevila-320x202.jpg\" width=\"320\" height=\"202\" alt=\"18 - Joan Soldevila\" title=\"18 &#8211; Joan Soldevila\" aria-label=\"18 &#8211; Joan Soldevila\" class=\"img-responsive wp-image-20091 fusion-gallery-image-size-fixed\" \/><\/a><\/div><\/div><div style=\"padding:5px;\" class=\"fusion-grid-column fusion-gallery-column fusion-gallery-column-6 hover-type-zoomin\"><div class=\"fusion-gallery-image\"><a href=\"https:\/\/afc.cat\/wp-content\/uploads\/2021\/04\/19-Damian-Tous-03.jpg\" data-title=\"19 &#8211; Dami\u00e1n Tous\" title=\"19 &#8211; Dami\u00e1n Tous\" rel=\"noreferrer\" data-rel=\"iLightbox[gallery_image_2]\" class=\"fusion-lightbox\" target=\"_self\"><img decoding=\"async\" src=\"https:\/\/afc.cat\/wp-content\/uploads\/2021\/04\/19-Damian-Tous-03-320x202.jpg\" width=\"320\" height=\"202\" alt=\"19 - Dami\u00e1n Tous\" title=\"19 &#8211; Dami\u00e1n Tous\" aria-label=\"19 &#8211; Dami\u00e1n Tous\" class=\"img-responsive wp-image-20093 fusion-gallery-image-size-fixed\" srcset=\"https:\/\/afc.cat\/wp-content\/uploads\/2021\/04\/19-Damian-Tous-03-320x202.jpg 320w, https:\/\/afc.cat\/wp-content\/uploads\/2021\/04\/19-Damian-Tous-03-700x441.jpg 700w\" sizes=\"(max-width: 320px) 100vw, 320px\" \/><\/a><\/div><\/div><div style=\"padding:5px;\" class=\"fusion-grid-column fusion-gallery-column fusion-gallery-column-6 hover-type-zoomin\"><div class=\"fusion-gallery-image\"><a href=\"https:\/\/afc.cat\/wp-content\/uploads\/2021\/04\/20-Francesc-Soldevila.jpg\" data-title=\"20 &#8211; Francesc Soldevila\" title=\"20 &#8211; Francesc Soldevila\" rel=\"noreferrer\" data-rel=\"iLightbox[gallery_image_2]\" class=\"fusion-lightbox\" target=\"_self\"><img decoding=\"async\" src=\"https:\/\/afc.cat\/wp-content\/uploads\/2021\/04\/20-Francesc-Soldevila-320x202.jpg\" width=\"320\" height=\"202\" alt=\"\" title=\"20 &#8211; Francesc Soldevila\" aria-label=\"20 &#8211; Francesc Soldevila\" class=\"img-responsive wp-image-20095 fusion-gallery-image-size-fixed\" srcset=\"https:\/\/afc.cat\/wp-content\/uploads\/2021\/04\/20-Francesc-Soldevila-320x202.jpg 320w, https:\/\/afc.cat\/wp-content\/uploads\/2021\/04\/20-Francesc-Soldevila-700x441.jpg 700w\" sizes=\"(max-width: 320px) 100vw, 320px\" \/><\/a><\/div><\/div><div style=\"padding:5px;\" class=\"fusion-grid-column fusion-gallery-column fusion-gallery-column-6 hover-type-zoomin\"><div class=\"fusion-gallery-image\"><a href=\"https:\/\/afc.cat\/wp-content\/uploads\/2021\/04\/21-Joan-Basset.jpg\" data-title=\"21 -Joan Basset\" title=\"21 -Joan Basset\" rel=\"noreferrer\" data-rel=\"iLightbox[gallery_image_2]\" class=\"fusion-lightbox\" target=\"_self\"><img decoding=\"async\" src=\"https:\/\/afc.cat\/wp-content\/uploads\/2021\/04\/21-Joan-Basset-320x202.jpg\" width=\"320\" height=\"202\" alt=\"\" title=\"21 -Joan Basset\" aria-label=\"21 -Joan Basset\" class=\"img-responsive wp-image-20097 fusion-gallery-image-size-fixed\" srcset=\"https:\/\/afc.cat\/wp-content\/uploads\/2021\/04\/21-Joan-Basset-320x202.jpg 320w, https:\/\/afc.cat\/wp-content\/uploads\/2021\/04\/21-Joan-Basset-700x441.jpg 700w\" sizes=\"(max-width: 320px) 100vw, 320px\" \/><\/a><\/div><\/div><div style=\"padding:5px;\" class=\"fusion-grid-column fusion-gallery-column fusion-gallery-column-6 hover-type-zoomin\"><div class=\"fusion-gallery-image\"><a href=\"https:\/\/afc.cat\/wp-content\/uploads\/2021\/04\/Clasificacio-COLOR-marc-2.jpg\" data-title=\"TObligats-2020-2021 MAR\u00c7-OK.xls\" title=\"TObligats-2020-2021 MAR\u00c7-OK.xls\" rel=\"noreferrer\" data-rel=\"iLightbox[gallery_image_2]\" class=\"fusion-lightbox\" target=\"_self\"><img decoding=\"async\" src=\"https:\/\/afc.cat\/wp-content\/uploads\/2021\/04\/Clasificacio-COLOR-marc-2-320x202.jpg\" width=\"320\" height=\"202\" alt=\"\" title=\"TObligats-2020-2021 MAR\u00c7-OK.xls\" aria-label=\"TObligats-2020-2021 MAR\u00c7-OK.xls\" class=\"img-responsive wp-image-20101 fusion-gallery-image-size-fixed\" srcset=\"https:\/\/afc.cat\/wp-content\/uploads\/2021\/04\/Clasificacio-COLOR-marc-2-320x202.jpg 320w, https:\/\/afc.cat\/wp-content\/uploads\/2021\/04\/Clasificacio-COLOR-marc-2-700x441.jpg 700w\" sizes=\"(max-width: 320px) 100vw, 320px\" \/><\/a><\/div><\/div><div class=\"clearfix\"><\/div><\/div><\/div><style type=\"text\/css\">.fusion-body .fusion-builder-column-3{width:100% !important;margin-top : 0px;margin-bottom : 20px;}.fusion-builder-column-3 > .fusion-column-wrapper {padding-top : 0px !important;padding-right : 0px !important;margin-right : 1.92%;padding-bottom : 0px !important;padding-left : 0px !important;margin-left : 1.92%;}@media only screen and (max-width:1024px) {.fusion-body .fusion-builder-column-3{width:100% !important;order : 0;}.fusion-builder-column-3 > .fusion-column-wrapper {margin-right : 1.92%;margin-left : 1.92%;}}@media only screen and (max-width:640px) {.fusion-body .fusion-builder-column-3{width:100% !important;order : 0;}.fusion-builder-column-3 > .fusion-column-wrapper {margin-right : 1.92%;margin-left : 1.92%;}}<\/style><\/div><\/div><style type=\"text\/css\">.fusion-body .fusion-flex-container.fusion-builder-row-3{ padding-top : 0px;margin-top : 0px;padding-right : 0px;padding-bottom : 0px;margin-bottom : 0px;padding-left : 0px;}<\/style><\/div><\/p>\n","protected":false},"excerpt":{"rendered":"","protected":false},"template":"","meta":{"_acf_changed":false},"wcs-type":[103,108,109],"wcs-room":[],"wcs-instructor":[],"class_list":["post-20116","class","type-class","status-publish","hentry","wcs-type-concursos-es","wcs-type-temas-obligados","wcs-type-veredictos-de-concursos"],"acf":[],"yoast_head":"<!-- This site is optimized with the Yoast SEO plugin v27.5 - https:\/\/yoast.com\/product\/yoast-seo-wordpress\/ -->\n<title>Clasificaci\u00f3n concurso social \u201cTemes Obligats\u201d 2020 \u2013 2021. Marzo: El lenguaje de las sombras - Agrupaci\u00f3 Fotogr\u00e0fica de Catalunya<\/title>\n<meta name=\"robots\" content=\"index, follow, max-snippet:-1, max-image-preview:large, max-video-preview:-1\" \/>\n<link rel=\"canonical\" href=\"https:\/\/afc.cat\/es\/activitat\/clasificacion-concurso-social-temes-obligats-2020-2021-marzo-el-lenguaje-de-las-sombras\/\" \/>\n<meta property=\"og:locale\" content=\"es_ES\" \/>\n<meta property=\"og:type\" content=\"article\" \/>\n<meta property=\"og:title\" content=\"Clasificaci\u00f3n concurso social \u201cTemes Obligats\u201d 2020 \u2013 2021. Marzo: El lenguaje de las sombras - Agrupaci\u00f3 Fotogr\u00e0fica de Catalunya\" \/>\n<meta property=\"og:url\" content=\"https:\/\/afc.cat\/es\/activitat\/clasificacion-concurso-social-temes-obligats-2020-2021-marzo-el-lenguaje-de-las-sombras\/\" \/>\n<meta property=\"og:site_name\" content=\"Agrupaci\u00f3 Fotogr\u00e0fica de Catalunya\" \/>\n<meta property=\"article:modified_time\" content=\"2021-04-19T20:44:23+00:00\" \/>\n<meta name=\"twitter:card\" content=\"summary_large_image\" \/>\n<meta name=\"twitter:label1\" content=\"Tiempo de lectura\" \/>\n\t<meta name=\"twitter:data1\" content=\"5 minutos\" \/>\n<script type=\"application\/ld+json\" class=\"yoast-schema-graph\">{\"@context\":\"https:\\\/\\\/schema.org\",\"@graph\":[{\"@type\":\"WebPage\",\"@id\":\"https:\\\/\\\/afc.cat\\\/es\\\/activitat\\\/clasificacion-concurso-social-temes-obligats-2020-2021-marzo-el-lenguaje-de-las-sombras\\\/\",\"url\":\"https:\\\/\\\/afc.cat\\\/es\\\/activitat\\\/clasificacion-concurso-social-temes-obligats-2020-2021-marzo-el-lenguaje-de-las-sombras\\\/\",\"name\":\"Clasificaci\u00f3n concurso social \u201cTemes Obligats\u201d 2020 \u2013 2021. Marzo: El lenguaje de las sombras - Agrupaci\u00f3 Fotogr\u00e0fica de Catalunya\",\"isPartOf\":{\"@id\":\"https:\\\/\\\/afc.cat\\\/es\\\/#website\"},\"datePublished\":\"2021-04-17T11:23:23+00:00\",\"dateModified\":\"2021-04-19T20:44:23+00:00\",\"breadcrumb\":{\"@id\":\"https:\\\/\\\/afc.cat\\\/es\\\/activitat\\\/clasificacion-concurso-social-temes-obligats-2020-2021-marzo-el-lenguaje-de-las-sombras\\\/#breadcrumb\"},\"inLanguage\":\"es\",\"potentialAction\":[{\"@type\":\"ReadAction\",\"target\":[\"https:\\\/\\\/afc.cat\\\/es\\\/activitat\\\/clasificacion-concurso-social-temes-obligats-2020-2021-marzo-el-lenguaje-de-las-sombras\\\/\"]}]},{\"@type\":\"BreadcrumbList\",\"@id\":\"https:\\\/\\\/afc.cat\\\/es\\\/activitat\\\/clasificacion-concurso-social-temes-obligats-2020-2021-marzo-el-lenguaje-de-las-sombras\\\/#breadcrumb\",\"itemListElement\":[{\"@type\":\"ListItem\",\"position\":1,\"name\":\"Inicio\",\"item\":\"https:\\\/\\\/afc.cat\\\/es\\\/\"},{\"@type\":\"ListItem\",\"position\":2,\"name\":\"Clasificaci\u00f3n concurso social \u201cTemes Obligats\u201d 2020 \u2013 2021. Marzo: El lenguaje de las sombras\"}]},{\"@type\":\"WebSite\",\"@id\":\"https:\\\/\\\/afc.cat\\\/es\\\/#website\",\"url\":\"https:\\\/\\\/afc.cat\\\/es\\\/\",\"name\":\"Agrupaci\u00f3 Fotogr\u00e0fica de Catalunya\",\"description\":\"Fomento y divulgaci\u00f3n de la fotograf\u00eda en todas sus variedades\",\"potentialAction\":[{\"@type\":\"SearchAction\",\"target\":{\"@type\":\"EntryPoint\",\"urlTemplate\":\"https:\\\/\\\/afc.cat\\\/es\\\/?s={search_term_string}\"},\"query-input\":{\"@type\":\"PropertyValueSpecification\",\"valueRequired\":true,\"valueName\":\"search_term_string\"}}],\"inLanguage\":\"es\"}]}<\/script>\n<!-- \/ Yoast SEO plugin. -->","yoast_head_json":{"title":"Clasificaci\u00f3n concurso social \u201cTemes Obligats\u201d 2020 \u2013 2021. Marzo: El lenguaje de las sombras - Agrupaci\u00f3 Fotogr\u00e0fica de Catalunya","robots":{"index":"index","follow":"follow","max-snippet":"max-snippet:-1","max-image-preview":"max-image-preview:large","max-video-preview":"max-video-preview:-1"},"canonical":"https:\/\/afc.cat\/es\/activitat\/clasificacion-concurso-social-temes-obligats-2020-2021-marzo-el-lenguaje-de-las-sombras\/","og_locale":"es_ES","og_type":"article","og_title":"Clasificaci\u00f3n concurso social \u201cTemes Obligats\u201d 2020 \u2013 2021. Marzo: El lenguaje de las sombras - Agrupaci\u00f3 Fotogr\u00e0fica de Catalunya","og_url":"https:\/\/afc.cat\/es\/activitat\/clasificacion-concurso-social-temes-obligats-2020-2021-marzo-el-lenguaje-de-las-sombras\/","og_site_name":"Agrupaci\u00f3 Fotogr\u00e0fica de Catalunya","article_modified_time":"2021-04-19T20:44:23+00:00","twitter_card":"summary_large_image","twitter_misc":{"Tiempo de lectura":"5 minutos"},"schema":{"@context":"https:\/\/schema.org","@graph":[{"@type":"WebPage","@id":"https:\/\/afc.cat\/es\/activitat\/clasificacion-concurso-social-temes-obligats-2020-2021-marzo-el-lenguaje-de-las-sombras\/","url":"https:\/\/afc.cat\/es\/activitat\/clasificacion-concurso-social-temes-obligats-2020-2021-marzo-el-lenguaje-de-las-sombras\/","name":"Clasificaci\u00f3n concurso social \u201cTemes Obligats\u201d 2020 \u2013 2021. Marzo: El lenguaje de las sombras - Agrupaci\u00f3 Fotogr\u00e0fica de Catalunya","isPartOf":{"@id":"https:\/\/afc.cat\/es\/#website"},"datePublished":"2021-04-17T11:23:23+00:00","dateModified":"2021-04-19T20:44:23+00:00","breadcrumb":{"@id":"https:\/\/afc.cat\/es\/activitat\/clasificacion-concurso-social-temes-obligats-2020-2021-marzo-el-lenguaje-de-las-sombras\/#breadcrumb"},"inLanguage":"es","potentialAction":[{"@type":"ReadAction","target":["https:\/\/afc.cat\/es\/activitat\/clasificacion-concurso-social-temes-obligats-2020-2021-marzo-el-lenguaje-de-las-sombras\/"]}]},{"@type":"BreadcrumbList","@id":"https:\/\/afc.cat\/es\/activitat\/clasificacion-concurso-social-temes-obligats-2020-2021-marzo-el-lenguaje-de-las-sombras\/#breadcrumb","itemListElement":[{"@type":"ListItem","position":1,"name":"Inicio","item":"https:\/\/afc.cat\/es\/"},{"@type":"ListItem","position":2,"name":"Clasificaci\u00f3n concurso social \u201cTemes Obligats\u201d 2020 \u2013 2021. Marzo: El lenguaje de las sombras"}]},{"@type":"WebSite","@id":"https:\/\/afc.cat\/es\/#website","url":"https:\/\/afc.cat\/es\/","name":"Agrupaci\u00f3 Fotogr\u00e0fica de Catalunya","description":"Fomento y divulgaci\u00f3n de la fotograf\u00eda en todas sus variedades","potentialAction":[{"@type":"SearchAction","target":{"@type":"EntryPoint","urlTemplate":"https:\/\/afc.cat\/es\/?s={search_term_string}"},"query-input":{"@type":"PropertyValueSpecification","valueRequired":true,"valueName":"search_term_string"}}],"inLanguage":"es"}]}},"_links":{"self":[{"href":"https:\/\/afc.cat\/es\/wp-json\/wp\/v2\/class\/20116","targetHints":{"allow":["GET"]}}],"collection":[{"href":"https:\/\/afc.cat\/es\/wp-json\/wp\/v2\/class"}],"about":[{"href":"https:\/\/afc.cat\/es\/wp-json\/wp\/v2\/types\/class"}],"wp:attachment":[{"href":"https:\/\/afc.cat\/es\/wp-json\/wp\/v2\/media?parent=20116"}],"wp:term":[{"taxonomy":"wcs-type","embeddable":true,"href":"https:\/\/afc.cat\/es\/wp-json\/wp\/v2\/wcs-type?post=20116"},{"taxonomy":"wcs-room","embeddable":true,"href":"https:\/\/afc.cat\/es\/wp-json\/wp\/v2\/wcs-room?post=20116"},{"taxonomy":"wcs-instructor","embeddable":true,"href":"https:\/\/afc.cat\/es\/wp-json\/wp\/v2\/wcs-instructor?post=20116"}],"curies":[{"name":"wp","href":"https:\/\/api.w.org\/{rel}","templated":true}]}}