{"id":20198,"date":"2021-04-17T20:27:54","date_gmt":"2021-04-17T18:27:54","guid":{"rendered":"http:\/\/afc-test.com.mialias.net\/?post_type=class&#038;p=20198"},"modified":"2021-04-23T16:48:01","modified_gmt":"2021-04-23T14:48:01","slug":"rincon-de-la-afc-30-04","status":"publish","type":"class","link":"https:\/\/afc.cat\/es\/activitat\/rincon-de-la-afc-30-04\/","title":{"rendered":"Rinc\u00f3n de la AFC 30\/04 &#8211; Charla con el fot\u00f3grafo Marcelo Caballero"},"content":{"rendered":"<p><div class=\"fusion-fullwidth fullwidth-box fusion-builder-row-1 fusion-flex-container nonhundred-percent-fullwidth non-hundred-percent-height-scrolling\" style=\"background-color: rgba(255,255,255,0);background-position: center center;background-repeat: no-repeat;border-width: 0px 15px 0px 0px;border-color:#ffffff;border-style:solid;\" ><div class=\"fusion-builder-row fusion-row fusion-flex-align-items-flex-start\" style=\"max-width:1300px;margin-left: calc(-4% \/ 2 );margin-right: calc(-4% \/ 2 );\"><div class=\"fusion-layout-column fusion_builder_column fusion-builder-column-0 fusion_builder_column_1_1 1_1 fusion-flex-column\"><div class=\"fusion-column-wrapper fusion-flex-justify-content-flex-start fusion-content-layout-column\" style=\"background-position:left top;background-repeat:no-repeat;-webkit-background-size:cover;-moz-background-size:cover;-o-background-size:cover;background-size:cover;padding: 0px 0px 0px 0px;\"><div class=\"fusion-text fusion-text-1\"><div class=\"fusion-layout-column fusion_builder_column fusion-builder-column-0 fusion_builder_column_1_1 1_1 fusion-flex-column\">\n<div class=\"fusion-column-wrapper fusion-flex-justify-content-flex-start fusion-content-layout-column\">\n<div class=\"fusion-text fusion-text-1\">\n<h2>La fotograf\u00eda como ejercicio l\u00fadico y terap\u00e9utico en tiempos de pandemia<\/h2>\n<h3>Charla con Marcelo Caballero<\/h3>\n<p>La charla intentar\u00e1 dar algunas claves en relaci\u00f3n a la composici\u00f3n fotogr\u00e1fica y ser\u00e1 analizada como un espacio activo, recreativo y \u00fatil ante el desequilibro an\u00edmico producido por la pandemia.<\/p>\n<p>Biografia<br \/>\n<strong>Marcelo Caballero<\/strong><br \/>\nhttps:\/\/marcelocaballero.com\/<\/p>\n<p>En 1992 se gradu\u00f3 de la <strong>Facultad de Periodismo y Comunicaci\u00f3n Social de la Universidad de La Plata<\/strong> (Argentina). Posteriormente, y durante varios a\u00f1os, compagin\u00f3 sus trabajos como docente de talleres de literatura contempor\u00e1nea y semi\u00f3tica visual en su facultad con colaboraciones en diarios argentinos como <strong>Clarin<\/strong>, <strong>El D\u00eda<\/strong> y revistas de viaje.<\/p>\n<p>Despu\u00e9s de largos periplos por Am\u00e9rica del sur y Asia decidi\u00f3 radicarse en Barcelona donde, en el 2010, co fund\u00f3 el primer colectivo de fotograf\u00eda urbana en Espa\u00f1a: <strong>Calle 35<\/strong>.<\/p>\n<p>Expuso su trabajo en Barcelona, Las Palmas, Ciudad Real, Miami, Perpignan y Buenos Aires. Particip\u00f3 en festivales de fotograf\u00eda como <strong>Ojo de Pez Photo Meeting Barcelona<\/strong>, <strong>Biennal Xavier Miserachs<\/strong>, el <strong>DOCfield<\/strong> (Barcelona), el <strong>Visa Off<\/strong> (Perpignan) y el M<strong>iami Street Photography Festival<\/strong>.<\/p>\n<p>A principios del 2017, junto con un grupo de fot\u00f3grafos, dieron vida a <strong>QuitarFotos<\/strong> que se expresa como un espacio de di\u00e1logo y difusi\u00f3n de propuestas visuales documentales.<\/p>\n<p>En la actualidad forma parte de los equipos docentes de la <strong>Escuela Multifotos<\/strong>, <strong>Escuela Universitaria ERAM de Girona<\/strong> y <strong>Digifoto Fotograf\u00eda online<\/strong>. Adem\u00e1s, colabora con revistas y agencias fotogr\u00e1ficas europeas; e imparte talleres\/viajes fotogr\u00e1ficos, realiza conferencias y escribe sobre fotograf\u00eda documental en su blog: Miradas C\u00f3mplices.<\/p>\n<p>Libros:<\/p>\n<p><strong>Colores Humanos<\/strong> (Calle 35 \/ The Folio Club. Barcelona 2015)<\/p>\n<p><strong>Legenda Gerundae<\/strong> (The Folio Club.Barcelona 2018)<\/p>\n<p><strong>Ocre<\/strong> (Camera Infinita, 2019)<\/p>\n<p><strong>Un Apuro Lento<\/strong> (Camera Infinita, 2019)<\/p>\n<p>Compartimos el arte de la fotograf\u00eda!<\/p>\n<p>Abierto a todo el p\u00fablico. Requiere inscripci\u00f3n: <strong>comunicacio@afc.cat<\/strong><\/p>\n<\/div>\n<\/div>\n<\/div>\n<\/div><\/div><style type=\"text\/css\">.fusion-body .fusion-builder-column-0{width:100% !important;margin-top : 0px;margin-bottom : 0px;}.fusion-builder-column-0 > .fusion-column-wrapper {padding-top : 0px !important;padding-right : 0px !important;margin-right : 1.92%;padding-bottom : 0px !important;padding-left : 0px !important;margin-left : 1.92%;}@media only screen and (max-width:1024px) {.fusion-body .fusion-builder-column-0{width:100% !important;}.fusion-builder-column-0 > .fusion-column-wrapper {margin-right : 1.92%;margin-left : 1.92%;}}@media only screen and (max-width:640px) {.fusion-body .fusion-builder-column-0{width:100% !important;}.fusion-builder-column-0 > .fusion-column-wrapper {margin-right : 1.92%;margin-left : 1.92%;}}<\/style><\/div><\/div><style type=\"text\/css\">.fusion-body .fusion-flex-container.fusion-builder-row-1{ padding-top : 0px;margin-top : 0px;padding-right : 0px;padding-bottom : 0px;margin-bottom : 0px;padding-left : 0px;}<\/style><\/div><div class=\"fusion-fullwidth fullwidth-box fusion-builder-row-2 fusion-flex-container nonhundred-percent-fullwidth non-hundred-percent-height-scrolling\" style=\"background-color: rgba(255,255,255,0);background-position: center center;background-repeat: no-repeat;border-width: 0px 0px 0px 0px;border-color:#ffffff;border-style:solid;\" ><div class=\"fusion-builder-row fusion-row fusion-flex-align-items-flex-start\" style=\"max-width:1300px;margin-left: calc(-4% \/ 2 );margin-right: calc(-4% \/ 2 );\"><div class=\"fusion-layout-column fusion_builder_column fusion-builder-column-1 fusion_builder_column_1_2 1_2 fusion-flex-column\"><div class=\"fusion-column-wrapper fusion-flex-justify-content-flex-start fusion-content-layout-column\" style=\"background-position:left top;background-repeat:no-repeat;-webkit-background-size:cover;-moz-background-size:cover;-o-background-size:cover;background-size:cover;padding: 0px 0px 0px 0px;\"><div style=\"text-align:center;\"><span class=\" fusion-imageframe imageframe-none imageframe-1 hover-type-zoomin\"><img decoding=\"async\" width=\"300\" height=\"450\" alt=\"Marcelo Caballero\" title=\"Marcelo Caballero\" src=\"https:\/\/afc.cat\/wp-content\/uploads\/2021\/04\/Marcelo-Caballer-autorretrato-2.jpg\" class=\"img-responsive wp-image-20731\" srcset=\"https:\/\/afc.cat\/wp-content\/uploads\/2021\/04\/Marcelo-Caballer-autorretrato-2-200x300.jpg 200w, https:\/\/afc.cat\/wp-content\/uploads\/2021\/04\/Marcelo-Caballer-autorretrato-2.jpg 300w\" sizes=\"(max-width: 640px) 100vw, 300px\" \/><\/span><\/div><div class=\"fusion-text fusion-text-2\"><p style=\"text-align: center;\">Marcelo Caballero<\/p>\n<\/div><\/div><style type=\"text\/css\">.fusion-body .fusion-builder-column-1{width:50% !important;margin-top : 0px;margin-bottom : 20px;}.fusion-builder-column-1 > .fusion-column-wrapper {padding-top : 0px !important;padding-right : 0px !important;margin-right : 3.84%;padding-bottom : 0px !important;padding-left : 0px !important;margin-left : 3.84%;}@media only screen and (max-width:1024px) {.fusion-body .fusion-builder-column-1{width:50% !important;order : 0;}.fusion-builder-column-1 > .fusion-column-wrapper {margin-right : 3.84%;margin-left : 3.84%;}}@media only screen and (max-width:640px) {.fusion-body .fusion-builder-column-1{width:100% !important;order : 0;}.fusion-builder-column-1 > .fusion-column-wrapper {margin-right : 1.92%;margin-left : 1.92%;}}<\/style><\/div><div class=\"fusion-layout-column fusion_builder_column fusion-builder-column-2 fusion_builder_column_1_2 1_2 fusion-flex-column\"><div class=\"fusion-column-wrapper fusion-flex-justify-content-flex-start fusion-content-layout-column\" style=\"background-position:left top;background-repeat:no-repeat;-webkit-background-size:cover;-moz-background-size:cover;-o-background-size:cover;background-size:cover;padding: 0px 0px 0px 0px;\"><div ><style>.fusion-imageframe.imageframe-2{ margin-right : 20px;}<\/style><span class=\" fusion-imageframe imageframe-none imageframe-2 hover-type-zoomin\"><img decoding=\"async\" width=\"400\" height=\"306\" alt=\"Marcelo Caballero\" title=\"Marcelo Caballero\" src=\"https:\/\/afc.cat\/wp-content\/uploads\/2021\/04\/Marcelo-Caballero-interior-4.jpg\" class=\"img-responsive wp-image-20729\" srcset=\"https:\/\/afc.cat\/wp-content\/uploads\/2021\/04\/Marcelo-Caballero-interior-4-200x153.jpg 200w, https:\/\/afc.cat\/wp-content\/uploads\/2021\/04\/Marcelo-Caballero-interior-4.jpg 400w\" sizes=\"(max-width: 640px) 100vw, 400px\" \/><\/span><\/div><div class=\"fusion-text fusion-text-3\"><p style=\"text-align: center;\">Marcelo Caballero<\/p>\n<\/div><\/div><style type=\"text\/css\">.fusion-body .fusion-builder-column-2{width:50% !important;margin-top : 0px;margin-bottom : 20px;}.fusion-builder-column-2 > .fusion-column-wrapper {padding-top : 0px !important;padding-right : 0px !important;margin-right : 3.84%;padding-bottom : 0px !important;padding-left : 0px !important;margin-left : 3.84%;}@media only screen and (max-width:1024px) {.fusion-body .fusion-builder-column-2{width:50% !important;order : 0;}.fusion-builder-column-2 > .fusion-column-wrapper {margin-right : 3.84%;margin-left : 3.84%;}}@media only screen and (max-width:640px) {.fusion-body .fusion-builder-column-2{width:100% !important;order : 0;}.fusion-builder-column-2 > .fusion-column-wrapper {margin-right : 1.92%;margin-left : 1.92%;}}<\/style><\/div><\/div><style type=\"text\/css\">.fusion-body .fusion-flex-container.fusion-builder-row-2{ padding-top : 0px;margin-top : 0px;padding-right : 0px;padding-bottom : 0px;margin-bottom : 0px;padding-left : 0px;}<\/style><\/div><div class=\"fusion-fullwidth fullwidth-box fusion-builder-row-3 fusion-flex-container nonhundred-percent-fullwidth non-hundred-percent-height-scrolling\" style=\"background-color: rgba(255,255,255,0);background-position: center center;background-repeat: no-repeat;border-width: 0px 0px 0px 0px;border-color:#ffffff;border-style:solid;\" ><div class=\"fusion-builder-row fusion-row fusion-flex-align-items-flex-start\" style=\"max-width:1300px;margin-left: calc(-4% \/ 2 );margin-right: calc(-4% \/ 2 );\"><div class=\"fusion-layout-column fusion_builder_column fusion-builder-column-3 fusion_builder_column_1_1 1_1 fusion-flex-column\"><div class=\"fusion-column-wrapper fusion-flex-justify-content-flex-start fusion-content-layout-column\" style=\"background-position:left top;background-repeat:no-repeat;-webkit-background-size:cover;-moz-background-size:cover;-o-background-size:cover;background-size:cover;padding: 0px 0px 0px 0px;\"><\/div><style type=\"text\/css\">.fusion-body .fusion-builder-column-3{width:100% !important;margin-top : 0px;margin-bottom : 20px;}.fusion-builder-column-3 > .fusion-column-wrapper {padding-top : 0px !important;padding-right : 0px !important;margin-right : 1.92%;padding-bottom : 0px !important;padding-left : 0px !important;margin-left : 1.92%;}@media only screen and (max-width:1024px) {.fusion-body .fusion-builder-column-3{width:100% !important;order : 0;}.fusion-builder-column-3 > .fusion-column-wrapper {margin-right : 1.92%;margin-left : 1.92%;}}@media only screen and (max-width:640px) {.fusion-body .fusion-builder-column-3{width:100% !important;order : 0;}.fusion-builder-column-3 > .fusion-column-wrapper {margin-right : 1.92%;margin-left : 1.92%;}}<\/style><\/div><\/div><style type=\"text\/css\">.fusion-body .fusion-flex-container.fusion-builder-row-3{ padding-top : 0px;margin-top : 0px;padding-right : 0px;padding-bottom : 0px;margin-bottom : 0px;padding-left : 0px;}<\/style><\/div><\/p>\n","protected":false},"excerpt":{"rendered":"","protected":false},"template":"","meta":{"_acf_changed":false},"wcs-type":[119,102,130],"wcs-room":[228],"wcs-instructor":[227],"class_list":["post-20198","class","type-class","status-publish","hentry","wcs-type-charla","wcs-type-coloquios","wcs-type-videoconferencia-es","wcs-room-modalidad-online","wcs-instructor-rosa-franco"],"acf":[],"yoast_head":"<!-- This site is optimized with the Yoast SEO plugin v27.2 - https:\/\/yoast.com\/product\/yoast-seo-wordpress\/ -->\n<title>Rinc\u00f3n de la AFC 30\/04 - Charla con el fot\u00f3grafo Marcelo Caballero - Agrupaci\u00f3 Fotogr\u00e0fica de Catalunya<\/title>\n<meta name=\"robots\" content=\"index, follow, max-snippet:-1, max-image-preview:large, max-video-preview:-1\" \/>\n<link rel=\"canonical\" href=\"https:\/\/afc.cat\/es\/activitat\/rincon-de-la-afc-30-04\/\" \/>\n<meta property=\"og:locale\" content=\"es_ES\" \/>\n<meta property=\"og:type\" content=\"article\" \/>\n<meta property=\"og:title\" content=\"Rinc\u00f3n de la AFC 30\/04 - Charla con el fot\u00f3grafo Marcelo Caballero - Agrupaci\u00f3 Fotogr\u00e0fica de Catalunya\" \/>\n<meta property=\"og:url\" content=\"https:\/\/afc.cat\/es\/activitat\/rincon-de-la-afc-30-04\/\" \/>\n<meta property=\"og:site_name\" content=\"Agrupaci\u00f3 Fotogr\u00e0fica de Catalunya\" \/>\n<meta property=\"article:modified_time\" content=\"2021-04-23T14:48:01+00:00\" \/>\n<meta name=\"twitter:card\" content=\"summary_large_image\" \/>\n<meta name=\"twitter:label1\" content=\"Tiempo de lectura\" \/>\n\t<meta name=\"twitter:data1\" content=\"5 minutos\" \/>\n<script type=\"application\/ld+json\" class=\"yoast-schema-graph\">{\"@context\":\"https:\/\/schema.org\",\"@graph\":[{\"@type\":\"WebPage\",\"@id\":\"https:\/\/afc.cat\/es\/activitat\/rincon-de-la-afc-30-04\/\",\"url\":\"https:\/\/afc.cat\/es\/activitat\/rincon-de-la-afc-30-04\/\",\"name\":\"Rinc\u00f3n de la AFC 30\/04 - Charla con el fot\u00f3grafo Marcelo Caballero - Agrupaci\u00f3 Fotogr\u00e0fica de Catalunya\",\"isPartOf\":{\"@id\":\"https:\/\/afc.cat\/es\/#website\"},\"datePublished\":\"2021-04-17T18:27:54+00:00\",\"dateModified\":\"2021-04-23T14:48:01+00:00\",\"breadcrumb\":{\"@id\":\"https:\/\/afc.cat\/es\/activitat\/rincon-de-la-afc-30-04\/#breadcrumb\"},\"inLanguage\":\"es\",\"potentialAction\":[{\"@type\":\"ReadAction\",\"target\":[\"https:\/\/afc.cat\/es\/activitat\/rincon-de-la-afc-30-04\/\"]}]},{\"@type\":\"BreadcrumbList\",\"@id\":\"https:\/\/afc.cat\/es\/activitat\/rincon-de-la-afc-30-04\/#breadcrumb\",\"itemListElement\":[{\"@type\":\"ListItem\",\"position\":1,\"name\":\"Inicio\",\"item\":\"https:\/\/afc.cat\/es\/\"},{\"@type\":\"ListItem\",\"position\":2,\"name\":\"Rinc\u00f3n de la AFC 30\/04 &#8211; Charla con el fot\u00f3grafo Marcelo Caballero\"}]},{\"@type\":\"WebSite\",\"@id\":\"https:\/\/afc.cat\/es\/#website\",\"url\":\"https:\/\/afc.cat\/es\/\",\"name\":\"Agrupaci\u00f3 Fotogr\u00e0fica de Catalunya\",\"description\":\"Fomento y divulgaci\u00f3n de la fotograf\u00eda en todas sus variedades\",\"potentialAction\":[{\"@type\":\"SearchAction\",\"target\":{\"@type\":\"EntryPoint\",\"urlTemplate\":\"https:\/\/afc.cat\/es\/?s={search_term_string}\"},\"query-input\":{\"@type\":\"PropertyValueSpecification\",\"valueRequired\":true,\"valueName\":\"search_term_string\"}}],\"inLanguage\":\"es\"}]}<\/script>\n<!-- \/ Yoast SEO plugin. -->","yoast_head_json":{"title":"Rinc\u00f3n de la AFC 30\/04 - Charla con el fot\u00f3grafo Marcelo Caballero - Agrupaci\u00f3 Fotogr\u00e0fica de Catalunya","robots":{"index":"index","follow":"follow","max-snippet":"max-snippet:-1","max-image-preview":"max-image-preview:large","max-video-preview":"max-video-preview:-1"},"canonical":"https:\/\/afc.cat\/es\/activitat\/rincon-de-la-afc-30-04\/","og_locale":"es_ES","og_type":"article","og_title":"Rinc\u00f3n de la AFC 30\/04 - Charla con el fot\u00f3grafo Marcelo Caballero - Agrupaci\u00f3 Fotogr\u00e0fica de Catalunya","og_url":"https:\/\/afc.cat\/es\/activitat\/rincon-de-la-afc-30-04\/","og_site_name":"Agrupaci\u00f3 Fotogr\u00e0fica de Catalunya","article_modified_time":"2021-04-23T14:48:01+00:00","twitter_card":"summary_large_image","twitter_misc":{"Tiempo de lectura":"5 minutos"},"schema":{"@context":"https:\/\/schema.org","@graph":[{"@type":"WebPage","@id":"https:\/\/afc.cat\/es\/activitat\/rincon-de-la-afc-30-04\/","url":"https:\/\/afc.cat\/es\/activitat\/rincon-de-la-afc-30-04\/","name":"Rinc\u00f3n de la AFC 30\/04 - Charla con el fot\u00f3grafo Marcelo Caballero - Agrupaci\u00f3 Fotogr\u00e0fica de Catalunya","isPartOf":{"@id":"https:\/\/afc.cat\/es\/#website"},"datePublished":"2021-04-17T18:27:54+00:00","dateModified":"2021-04-23T14:48:01+00:00","breadcrumb":{"@id":"https:\/\/afc.cat\/es\/activitat\/rincon-de-la-afc-30-04\/#breadcrumb"},"inLanguage":"es","potentialAction":[{"@type":"ReadAction","target":["https:\/\/afc.cat\/es\/activitat\/rincon-de-la-afc-30-04\/"]}]},{"@type":"BreadcrumbList","@id":"https:\/\/afc.cat\/es\/activitat\/rincon-de-la-afc-30-04\/#breadcrumb","itemListElement":[{"@type":"ListItem","position":1,"name":"Inicio","item":"https:\/\/afc.cat\/es\/"},{"@type":"ListItem","position":2,"name":"Rinc\u00f3n de la AFC 30\/04 &#8211; Charla con el fot\u00f3grafo Marcelo Caballero"}]},{"@type":"WebSite","@id":"https:\/\/afc.cat\/es\/#website","url":"https:\/\/afc.cat\/es\/","name":"Agrupaci\u00f3 Fotogr\u00e0fica de Catalunya","description":"Fomento y divulgaci\u00f3n de la fotograf\u00eda en todas sus variedades","potentialAction":[{"@type":"SearchAction","target":{"@type":"EntryPoint","urlTemplate":"https:\/\/afc.cat\/es\/?s={search_term_string}"},"query-input":{"@type":"PropertyValueSpecification","valueRequired":true,"valueName":"search_term_string"}}],"inLanguage":"es"}]}},"_links":{"self":[{"href":"https:\/\/afc.cat\/es\/wp-json\/wp\/v2\/class\/20198","targetHints":{"allow":["GET"]}}],"collection":[{"href":"https:\/\/afc.cat\/es\/wp-json\/wp\/v2\/class"}],"about":[{"href":"https:\/\/afc.cat\/es\/wp-json\/wp\/v2\/types\/class"}],"wp:attachment":[{"href":"https:\/\/afc.cat\/es\/wp-json\/wp\/v2\/media?parent=20198"}],"wp:term":[{"taxonomy":"wcs-type","embeddable":true,"href":"https:\/\/afc.cat\/es\/wp-json\/wp\/v2\/wcs-type?post=20198"},{"taxonomy":"wcs-room","embeddable":true,"href":"https:\/\/afc.cat\/es\/wp-json\/wp\/v2\/wcs-room?post=20198"},{"taxonomy":"wcs-instructor","embeddable":true,"href":"https:\/\/afc.cat\/es\/wp-json\/wp\/v2\/wcs-instructor?post=20198"}],"curies":[{"name":"wp","href":"https:\/\/api.w.org\/{rel}","templated":true}]}}