{"id":20537,"date":"2021-04-21T17:01:08","date_gmt":"2021-04-21T15:01:08","guid":{"rendered":"https:\/\/afc.cat\/?post_type=class&#038;p=20537"},"modified":"2021-04-26T09:58:00","modified_gmt":"2021-04-26T07:58:00","slug":"zoom-grupo-natura-28-04","status":"publish","type":"class","link":"https:\/\/afc.cat\/es\/activitat\/zoom-grupo-natura-28-04\/","title":{"rendered":"ZOOM GRUPO NATURA 28\/04 &#8211; Josep Masalles: Conferencia sobre Astrofotograf\u00eda"},"content":{"rendered":"<p><div class=\"fusion-fullwidth fullwidth-box fusion-builder-row-1 fusion-flex-container nonhundred-percent-fullwidth non-hundred-percent-height-scrolling\" style=\"background-color: rgba(255,255,255,0);background-position: center center;background-repeat: no-repeat;border-width: 0px 15px 0px 0px;border-color:#ffffff;border-style:solid;\" ><div class=\"fusion-builder-row fusion-row fusion-flex-align-items-flex-start\" style=\"max-width:1300px;margin-left: calc(-4% \/ 2 );margin-right: calc(-4% \/ 2 );\"><div class=\"fusion-layout-column fusion_builder_column fusion-builder-column-0 fusion_builder_column_1_1 1_1 fusion-flex-column\"><div class=\"fusion-column-wrapper fusion-flex-justify-content-flex-start fusion-content-layout-column\" style=\"background-position:left top;background-repeat:no-repeat;-webkit-background-size:cover;-moz-background-size:cover;-o-background-size:cover;background-size:cover;padding: 0px 0px 0px 0px;\"><div class=\"fusion-text fusion-text-1\"><h2>Josep Masalles Rom\u00e0n<\/h2>\n<h3>Conferencia sobre Astrofotograf\u00eda<\/h3>\n<p>Este mi\u00e9rcoles 28 de abril contaremos con un invitado especial, en <strong>Josep Masalles Rom\u00e0n<\/strong>, que nos dar\u00e1 una conferencia sobre <strong>Astrofotograf\u00eda<\/strong>.<\/p>\n<h4>Qui\u00e9n es nuestro invitado?<\/h4>\n<p>Josep Masalles Rom\u00e1n es Ingeniero Industrial y Licenciado en Ciencias F\u00edsicas (especialidad en Astronom\u00eda y Astrof\u00edsica). Ha trabajado los \u00faltimos 20 a\u00f1os en la formaci\u00f3n de profesorado en la<strong> Universitat Aut\u00f2noma de Barcelona<\/strong> y en las <strong>Aulas de Extensi\u00f3n Universitaria<\/strong>. Es aficionado a la fotograf\u00eda y a la Astrofotograf\u00eda en sus diferentes facetas. Ha realizado numerosas expediciones para observar <strong>Eclipses de Sol<\/strong> y <strong>Auroras boreales<\/strong>. Tambi\u00e9n es aficionado a viajar y realizar fotograf\u00eda de viajes y de naturaleza. Muestra algunas de sus fotos a Internet a trav\u00e9s de Instagram @josepmasalles y de sus blogs:<\/p>\n<p>de Astronom\u00eda<\/p>\n<p><strong><a href=\"http:\/\/astronomia.josepmasalles.cat\" target=\"_blank\" rel=\"noopener noreferrer\">http:\/\/astronomia.josepmasalles.cat<\/a><\/strong><\/p>\n<p>y de fotograf\u00eda<\/p>\n<p><strong><a href=\"http:\/\/fotografia.josepmasalles.cat\" target=\"_blank\" rel=\"noopener noreferrer\">http:\/\/fotografia.josepmasalles.cat<\/a><\/strong><\/p>\n<p><strong><a href=\"http:\/\/fotos.josepmasalles.cat\/\" target=\"_blank\" rel=\"noopener noreferrer\">http:\/\/fotos.josepmasalles.cat<\/a><\/strong><\/p>\n<h4>De que nos hablar\u00e1?<\/h4>\n<p><strong>Miscel\u00e1nea astrofotogr\u00e1fica<\/strong><\/p>\n<p>(Algunas fotograf\u00edas y algunas t\u00e9cnicas astrofotogr\u00e0fiques)<\/p>\n<p>La Natura en nuestro planeta nos presenta lugares de gran belleza y fen\u00f3menos espectaculares que son apreciados por todo el mundo. Menos conocida por la mayor\u00eda de la poblaci\u00f3n, mayoritariamente urbana, es la <strong>belleza del Cosmos<\/strong>. <strong>La Luna<\/strong>, <strong>los planetas<\/strong>, <strong>los cometas<\/strong>, <strong>las nebulosas<\/strong>, <strong>las galaxias<\/strong>, etc. son de una gran belleza. Y tambi\u00e9n lo son fen\u00f3menos astron\u00f3micos que podemos observar como los eclipses, los tr\u00e1ficos, los ocultamientos, las salidas y puestas de sol o de <strong>Luna<\/strong>, <strong>la V\u00eda L\u00e1ctea<\/strong>, etc.<\/p>\n<p><strong>La Astrofotograf\u00eda<\/strong> comporta una serie muy variada de <strong>t\u00e9cnicas fotogr\u00e1ficas<\/strong> y de instrumental dependiente de los astros que se quieran fotografiar. As\u00ed por ejemplo, si queremos fotografiar planetas como <strong>J\u00fapiter<\/strong>, <strong>Saturno<\/strong> o <strong>Marte<\/strong> necesitaremos utilizar telescopios de focal larga. En cambio, si fotografiamos objetos de cielo profundo como nebulosas o galaxias convendr\u00e1 utilizar telescopios de focal m\u00e1s corta pero muy luminosos o teleobjetivos fotogr\u00e1ficos. Para <strong>Auroras boreales<\/strong> o la <strong>V\u00eda L\u00e1ctea<\/strong> nos interesar\u00e1 utilizar un grande angular lo m\u00e1s luminoso posible. En el caso de querer fotografiar la actividad del <strong>Sol<\/strong> utilizaremos telescopios y filtros adecuados. Para la <strong>Luna<\/strong> puede utilizarse un peque\u00f1o telescopio o incluso teleobjetivos fotogr\u00e1ficos, pero si queremos plasmar sus detalles necesitaremos m\u00e1s distancia focal. En definitiva, para cada objeto celeste y para cada acontecimiento ser\u00e1 necesario un instrumental determinado y unas t\u00e9cnicas adecuadas. C\u00f3mo en otros muchos campos, la Astrofotograf\u00eda requiere material y t\u00e9cnica pero no es muy compleja. El m\u00e1s importante es tener conocimiento del objeto celeste y\/o de la efem\u00e9ride astron\u00f3mica en cuesti\u00f3n y, por encima de todo, un cielo en condiciones y el menos afectado de contaminaci\u00f3n lum\u00ednica que pueda encontrarse.<\/p>\n<p>Este es el principal problema de la Astrofotograf\u00eda nocturna. En el caso del <strong>Sol<\/strong> y tambi\u00e9n de la <strong>Luna<\/strong> o los <strong>planetas<\/strong>, no presenta tanto problema.<\/p>\n<p>A la charla presentaremos y comentaremos algunas <strong>t\u00e9cnicas astrofotogr\u00e1ficas<\/strong> y las ejemplificaremos con fotograf\u00edas de diferentes objetos y acontecimientos.<\/p>\n<p>En la p\u00e1gina <strong><a href=\"http:\/\/astronomia.josepmasalles.cat\" target=\"_blank\" rel=\"noopener noreferrer\">http:\/\/astronomia.josepmasalles.cat<\/a><\/strong> pod\u00e9is encontrar diferentes apartados clasificados segundos el astro fotografiado o del acontecimiento astron\u00f3mico de que se trate.<\/p>\n<p>Compartimos el arte de la fotograf\u00eda!<\/p>\n<p>Os esperamos!<\/p>\n<\/div><\/div><style type=\"text\/css\">.fusion-body .fusion-builder-column-0{width:100% !important;margin-top : 0px;margin-bottom : 0px;}.fusion-builder-column-0 > .fusion-column-wrapper {padding-top : 0px !important;padding-right : 0px !important;margin-right : 1.92%;padding-bottom : 0px !important;padding-left : 0px !important;margin-left : 1.92%;}@media only screen and (max-width:1024px) {.fusion-body .fusion-builder-column-0{width:100% !important;}.fusion-builder-column-0 > .fusion-column-wrapper {margin-right : 1.92%;margin-left : 1.92%;}}@media only screen and (max-width:640px) {.fusion-body .fusion-builder-column-0{width:100% !important;}.fusion-builder-column-0 > .fusion-column-wrapper {margin-right : 1.92%;margin-left : 1.92%;}}<\/style><\/div><\/div><style type=\"text\/css\">.fusion-body .fusion-flex-container.fusion-builder-row-1{ padding-top : 0px;margin-top : 0px;padding-right : 0px;padding-bottom : 0px;margin-bottom : 0px;padding-left : 0px;}<\/style><\/div><div class=\"fusion-fullwidth fullwidth-box fusion-builder-row-2 fusion-flex-container nonhundred-percent-fullwidth non-hundred-percent-height-scrolling\" style=\"background-color: rgba(255,255,255,0);background-position: center center;background-repeat: no-repeat;border-width: 0px 0px 0px 0px;border-color:#ffffff;border-style:solid;\" ><div class=\"fusion-builder-row fusion-row fusion-flex-align-items-flex-start\" style=\"max-width:1300px;margin-left: calc(-4% \/ 2 );margin-right: calc(-4% \/ 2 );\"><div class=\"fusion-layout-column fusion_builder_column fusion-builder-column-1 fusion_builder_column_1_2 1_2 fusion-flex-column\"><div class=\"fusion-column-wrapper fusion-flex-justify-content-flex-start fusion-content-layout-column\" style=\"background-position:left top;background-repeat:no-repeat;-webkit-background-size:cover;-moz-background-size:cover;-o-background-size:cover;background-size:cover;padding: 0px 0px 0px 0px;\"><\/div><style type=\"text\/css\">.fusion-body .fusion-builder-column-1{width:50% !important;margin-top : 0px;margin-bottom : 20px;}.fusion-builder-column-1 > .fusion-column-wrapper {padding-top : 0px !important;padding-right : 0px !important;margin-right : 3.84%;padding-bottom : 0px !important;padding-left : 0px !important;margin-left : 3.84%;}@media only screen and (max-width:1024px) {.fusion-body .fusion-builder-column-1{width:50% !important;order : 0;}.fusion-builder-column-1 > .fusion-column-wrapper {margin-right : 3.84%;margin-left : 3.84%;}}@media only screen and (max-width:640px) {.fusion-body .fusion-builder-column-1{width:100% !important;order : 0;}.fusion-builder-column-1 > .fusion-column-wrapper {margin-right : 1.92%;margin-left : 1.92%;}}<\/style><\/div><div class=\"fusion-layout-column fusion_builder_column fusion-builder-column-2 fusion_builder_column_1_2 1_2 fusion-flex-column\"><div class=\"fusion-column-wrapper fusion-flex-justify-content-flex-start fusion-content-layout-column\" style=\"background-position:left top;background-repeat:no-repeat;-webkit-background-size:cover;-moz-background-size:cover;-o-background-size:cover;background-size:cover;padding: 0px 0px 0px 0px;\"><\/div><style type=\"text\/css\">.fusion-body .fusion-builder-column-2{width:50% !important;margin-top : 0px;margin-bottom : 20px;}.fusion-builder-column-2 > .fusion-column-wrapper {padding-top : 0px !important;padding-right : 0px !important;margin-right : 3.84%;padding-bottom : 0px !important;padding-left : 0px !important;margin-left : 3.84%;}@media only screen and (max-width:1024px) {.fusion-body .fusion-builder-column-2{width:50% !important;order : 0;}.fusion-builder-column-2 > .fusion-column-wrapper {margin-right : 3.84%;margin-left : 3.84%;}}@media only screen and (max-width:640px) {.fusion-body .fusion-builder-column-2{width:100% !important;order : 0;}.fusion-builder-column-2 > .fusion-column-wrapper {margin-right : 1.92%;margin-left : 1.92%;}}<\/style><\/div><\/div><style type=\"text\/css\">.fusion-body .fusion-flex-container.fusion-builder-row-2{ padding-top : 0px;margin-top : 0px;padding-right : 0px;padding-bottom : 0px;margin-bottom : 0px;padding-left : 0px;}<\/style><\/div><div class=\"fusion-fullwidth fullwidth-box fusion-builder-row-3 fusion-flex-container nonhundred-percent-fullwidth non-hundred-percent-height-scrolling\" style=\"background-color: rgba(255,255,255,0);background-position: center center;background-repeat: no-repeat;border-width: 0px 0px 0px 0px;border-color:#ffffff;border-style:solid;\" ><div class=\"fusion-builder-row fusion-row fusion-flex-align-items-flex-start\" style=\"max-width:1300px;margin-left: calc(-4% \/ 2 );margin-right: calc(-4% \/ 2 );\"><div class=\"fusion-layout-column fusion_builder_column fusion-builder-column-3 fusion_builder_column_1_1 1_1 fusion-flex-column\"><div class=\"fusion-column-wrapper fusion-flex-justify-content-flex-start fusion-content-layout-column\" style=\"background-position:left top;background-repeat:no-repeat;-webkit-background-size:cover;-moz-background-size:cover;-o-background-size:cover;background-size:cover;padding: 0px 0px 0px 0px;\"><\/div><style type=\"text\/css\">.fusion-body .fusion-builder-column-3{width:100% !important;margin-top : 0px;margin-bottom : 20px;}.fusion-builder-column-3 > .fusion-column-wrapper {padding-top : 0px !important;padding-right : 0px !important;margin-right : 1.92%;padding-bottom : 0px !important;padding-left : 0px !important;margin-left : 1.92%;}@media only screen and (max-width:1024px) {.fusion-body .fusion-builder-column-3{width:100% !important;order : 0;}.fusion-builder-column-3 > .fusion-column-wrapper {margin-right : 1.92%;margin-left : 1.92%;}}@media only screen and (max-width:640px) {.fusion-body .fusion-builder-column-3{width:100% !important;order : 0;}.fusion-builder-column-3 > .fusion-column-wrapper {margin-right : 1.92%;margin-left : 1.92%;}}<\/style><\/div><\/div><style type=\"text\/css\">.fusion-body .fusion-flex-container.fusion-builder-row-3{ padding-top : 0px;margin-top : 0px;padding-right : 0px;padding-bottom : 0px;margin-bottom : 0px;padding-left : 0px;}<\/style><\/div><\/p>\n","protected":false},"excerpt":{"rendered":"","protected":false},"template":"","meta":{"_acf_changed":false},"wcs-type":[119,102,130],"wcs-room":[228],"wcs-instructor":[222],"class_list":["post-20537","class","type-class","status-publish","hentry","wcs-type-charla","wcs-type-coloquios","wcs-type-videoconferencia-es","wcs-room-modalidad-online","wcs-instructor-toni-torres"],"acf":[],"yoast_head":"<!-- This site is optimized with the Yoast SEO plugin v27.2 - https:\/\/yoast.com\/product\/yoast-seo-wordpress\/ -->\n<title>ZOOM GRUPO NATURA 28\/04 - Josep Masalles: Conferencia sobre Astrofotograf\u00eda - Agrupaci\u00f3 Fotogr\u00e0fica de Catalunya<\/title>\n<meta name=\"robots\" content=\"index, follow, max-snippet:-1, max-image-preview:large, max-video-preview:-1\" \/>\n<link rel=\"canonical\" href=\"https:\/\/afc.cat\/es\/activitat\/zoom-grupo-natura-28-04\/\" \/>\n<meta property=\"og:locale\" content=\"es_ES\" \/>\n<meta property=\"og:type\" content=\"article\" \/>\n<meta property=\"og:title\" content=\"ZOOM GRUPO NATURA 28\/04 - Josep Masalles: Conferencia sobre Astrofotograf\u00eda - Agrupaci\u00f3 Fotogr\u00e0fica de Catalunya\" \/>\n<meta property=\"og:url\" content=\"https:\/\/afc.cat\/es\/activitat\/zoom-grupo-natura-28-04\/\" \/>\n<meta property=\"og:site_name\" content=\"Agrupaci\u00f3 Fotogr\u00e0fica de Catalunya\" \/>\n<meta property=\"article:modified_time\" content=\"2021-04-26T07:58:00+00:00\" \/>\n<meta name=\"twitter:card\" content=\"summary_large_image\" \/>\n<meta name=\"twitter:label1\" content=\"Tiempo de lectura\" \/>\n\t<meta name=\"twitter:data1\" content=\"3 minutos\" \/>\n<script type=\"application\/ld+json\" class=\"yoast-schema-graph\">{\"@context\":\"https:\/\/schema.org\",\"@graph\":[{\"@type\":\"WebPage\",\"@id\":\"https:\/\/afc.cat\/es\/activitat\/zoom-grupo-natura-28-04\/\",\"url\":\"https:\/\/afc.cat\/es\/activitat\/zoom-grupo-natura-28-04\/\",\"name\":\"ZOOM GRUPO NATURA 28\/04 - Josep Masalles: Conferencia sobre Astrofotograf\u00eda - Agrupaci\u00f3 Fotogr\u00e0fica de Catalunya\",\"isPartOf\":{\"@id\":\"https:\/\/afc.cat\/es\/#website\"},\"datePublished\":\"2021-04-21T15:01:08+00:00\",\"dateModified\":\"2021-04-26T07:58:00+00:00\",\"breadcrumb\":{\"@id\":\"https:\/\/afc.cat\/es\/activitat\/zoom-grupo-natura-28-04\/#breadcrumb\"},\"inLanguage\":\"es\",\"potentialAction\":[{\"@type\":\"ReadAction\",\"target\":[\"https:\/\/afc.cat\/es\/activitat\/zoom-grupo-natura-28-04\/\"]}]},{\"@type\":\"BreadcrumbList\",\"@id\":\"https:\/\/afc.cat\/es\/activitat\/zoom-grupo-natura-28-04\/#breadcrumb\",\"itemListElement\":[{\"@type\":\"ListItem\",\"position\":1,\"name\":\"Inicio\",\"item\":\"https:\/\/afc.cat\/es\/\"},{\"@type\":\"ListItem\",\"position\":2,\"name\":\"ZOOM GRUPO NATURA 28\/04 &#8211; Josep Masalles: Conferencia sobre Astrofotograf\u00eda\"}]},{\"@type\":\"WebSite\",\"@id\":\"https:\/\/afc.cat\/es\/#website\",\"url\":\"https:\/\/afc.cat\/es\/\",\"name\":\"Agrupaci\u00f3 Fotogr\u00e0fica de Catalunya\",\"description\":\"Fomento y divulgaci\u00f3n de la fotograf\u00eda en todas sus variedades\",\"potentialAction\":[{\"@type\":\"SearchAction\",\"target\":{\"@type\":\"EntryPoint\",\"urlTemplate\":\"https:\/\/afc.cat\/es\/?s={search_term_string}\"},\"query-input\":{\"@type\":\"PropertyValueSpecification\",\"valueRequired\":true,\"valueName\":\"search_term_string\"}}],\"inLanguage\":\"es\"}]}<\/script>\n<!-- \/ Yoast SEO plugin. -->","yoast_head_json":{"title":"ZOOM GRUPO NATURA 28\/04 - Josep Masalles: Conferencia sobre Astrofotograf\u00eda - Agrupaci\u00f3 Fotogr\u00e0fica de Catalunya","robots":{"index":"index","follow":"follow","max-snippet":"max-snippet:-1","max-image-preview":"max-image-preview:large","max-video-preview":"max-video-preview:-1"},"canonical":"https:\/\/afc.cat\/es\/activitat\/zoom-grupo-natura-28-04\/","og_locale":"es_ES","og_type":"article","og_title":"ZOOM GRUPO NATURA 28\/04 - Josep Masalles: Conferencia sobre Astrofotograf\u00eda - Agrupaci\u00f3 Fotogr\u00e0fica de Catalunya","og_url":"https:\/\/afc.cat\/es\/activitat\/zoom-grupo-natura-28-04\/","og_site_name":"Agrupaci\u00f3 Fotogr\u00e0fica de Catalunya","article_modified_time":"2021-04-26T07:58:00+00:00","twitter_card":"summary_large_image","twitter_misc":{"Tiempo de lectura":"3 minutos"},"schema":{"@context":"https:\/\/schema.org","@graph":[{"@type":"WebPage","@id":"https:\/\/afc.cat\/es\/activitat\/zoom-grupo-natura-28-04\/","url":"https:\/\/afc.cat\/es\/activitat\/zoom-grupo-natura-28-04\/","name":"ZOOM GRUPO NATURA 28\/04 - Josep Masalles: Conferencia sobre Astrofotograf\u00eda - Agrupaci\u00f3 Fotogr\u00e0fica de Catalunya","isPartOf":{"@id":"https:\/\/afc.cat\/es\/#website"},"datePublished":"2021-04-21T15:01:08+00:00","dateModified":"2021-04-26T07:58:00+00:00","breadcrumb":{"@id":"https:\/\/afc.cat\/es\/activitat\/zoom-grupo-natura-28-04\/#breadcrumb"},"inLanguage":"es","potentialAction":[{"@type":"ReadAction","target":["https:\/\/afc.cat\/es\/activitat\/zoom-grupo-natura-28-04\/"]}]},{"@type":"BreadcrumbList","@id":"https:\/\/afc.cat\/es\/activitat\/zoom-grupo-natura-28-04\/#breadcrumb","itemListElement":[{"@type":"ListItem","position":1,"name":"Inicio","item":"https:\/\/afc.cat\/es\/"},{"@type":"ListItem","position":2,"name":"ZOOM GRUPO NATURA 28\/04 &#8211; Josep Masalles: Conferencia sobre Astrofotograf\u00eda"}]},{"@type":"WebSite","@id":"https:\/\/afc.cat\/es\/#website","url":"https:\/\/afc.cat\/es\/","name":"Agrupaci\u00f3 Fotogr\u00e0fica de Catalunya","description":"Fomento y divulgaci\u00f3n de la fotograf\u00eda en todas sus variedades","potentialAction":[{"@type":"SearchAction","target":{"@type":"EntryPoint","urlTemplate":"https:\/\/afc.cat\/es\/?s={search_term_string}"},"query-input":{"@type":"PropertyValueSpecification","valueRequired":true,"valueName":"search_term_string"}}],"inLanguage":"es"}]}},"_links":{"self":[{"href":"https:\/\/afc.cat\/es\/wp-json\/wp\/v2\/class\/20537","targetHints":{"allow":["GET"]}}],"collection":[{"href":"https:\/\/afc.cat\/es\/wp-json\/wp\/v2\/class"}],"about":[{"href":"https:\/\/afc.cat\/es\/wp-json\/wp\/v2\/types\/class"}],"wp:attachment":[{"href":"https:\/\/afc.cat\/es\/wp-json\/wp\/v2\/media?parent=20537"}],"wp:term":[{"taxonomy":"wcs-type","embeddable":true,"href":"https:\/\/afc.cat\/es\/wp-json\/wp\/v2\/wcs-type?post=20537"},{"taxonomy":"wcs-room","embeddable":true,"href":"https:\/\/afc.cat\/es\/wp-json\/wp\/v2\/wcs-room?post=20537"},{"taxonomy":"wcs-instructor","embeddable":true,"href":"https:\/\/afc.cat\/es\/wp-json\/wp\/v2\/wcs-instructor?post=20537"}],"curies":[{"name":"wp","href":"https:\/\/api.w.org\/{rel}","templated":true}]}}