{"id":21423,"date":"2021-05-08T23:03:22","date_gmt":"2021-05-08T21:03:22","guid":{"rendered":"https:\/\/afc.cat\/?post_type=class&#038;p=21423"},"modified":"2021-05-13T16:32:12","modified_gmt":"2021-05-13T14:32:12","slug":"clasificacion-concurso-social-temas-obligados-2020-2021-abril-la-piel-humana","status":"publish","type":"class","link":"https:\/\/afc.cat\/es\/activitat\/clasificacion-concurso-social-temas-obligados-2020-2021-abril-la-piel-humana\/","title":{"rendered":"Clasificaci\u00f3n concurso social \u201cTemas Obligados\u201d 2020-2021. Abril: La piel humana"},"content":{"rendered":"<p><div class=\"fusion-fullwidth fullwidth-box fusion-builder-row-1 fusion-flex-container nonhundred-percent-fullwidth non-hundred-percent-height-scrolling\" style=\"background-color: rgba(255,255,255,0);background-position: center center;background-repeat: no-repeat;border-width: 0px 15px 0px 0px;border-color:#ffffff;border-style:solid;\" ><div class=\"fusion-builder-row fusion-row fusion-flex-align-items-flex-start\" style=\"max-width:1300px;margin-left: calc(-4% \/ 2 );margin-right: calc(-4% \/ 2 );\"><div class=\"fusion-layout-column fusion_builder_column fusion-builder-column-0 fusion_builder_column_1_1 1_1 fusion-flex-column\"><div class=\"fusion-column-wrapper fusion-flex-justify-content-flex-start fusion-content-layout-column\" style=\"background-position:left top;background-repeat:no-repeat;-webkit-background-size:cover;-moz-background-size:cover;-o-background-size:cover;background-size:cover;padding: 0px 0px 0px 0px;\"><div class=\"fusion-text fusion-text-1\"><h2>Temas Obligados abril<\/h2>\n<h3>La piel humana<\/h3>\n<\/div><div ><span class=\" fusion-imageframe imageframe-none imageframe-1 hover-type-none\"><img decoding=\"async\" width=\"150\" height=\"150\" title=\"CLASIFICADOS-BN\" src=\"https:\/\/afc.cat\/wp-content\/uploads\/2021\/04\/CLASIFICADOS-BN.jpg\" alt class=\"img-responsive wp-image-20104\" srcset=\"https:\/\/afc.cat\/wp-content\/uploads\/2021\/04\/CLASIFICADOS-BN-66x66.jpg 66w, https:\/\/afc.cat\/wp-content\/uploads\/2021\/04\/CLASIFICADOS-BN.jpg 150w\" sizes=\"(max-width: 150px) 100vw, 150px\" \/><\/span><\/div><div ><span class=\" fusion-imageframe imageframe-none imageframe-2 hover-type-none\"><img decoding=\"async\" width=\"200\" height=\"300\" title=\"01 &#8211; Carles Pociello\" src=\"https:\/\/afc.cat\/wp-content\/uploads\/2021\/05\/01-Carles-Pociello-200x300.jpeg\" alt class=\"img-responsive wp-image-21317\" srcset=\"https:\/\/afc.cat\/wp-content\/uploads\/2021\/05\/01-Carles-Pociello-200x300.jpeg 200w, https:\/\/afc.cat\/wp-content\/uploads\/2021\/05\/01-Carles-Pociello-400x600.jpeg 400w, https:\/\/afc.cat\/wp-content\/uploads\/2021\/05\/01-Carles-Pociello.jpeg 427w\" sizes=\"(max-width: 640px) 100vw, 200px\" \/><\/span><\/div><div class=\"fusion-text fusion-text-2\" style=\"font-size:13px;\"><p>01 &#8211; Carles Pociello<\/p>\n<\/div><style type=\"text\/css\">.fusion-gallery-1 .fusion-gallery-image {border:0px solid #e2e2e2;}<\/style><div class=\"fusion-gallery fusion-gallery-container fusion-grid-5 fusion-columns-total-18 fusion-gallery-layout-grid fusion-gallery-1\" style=\"margin:-5px;\"><div style=\"padding:5px;\" class=\"fusion-grid-column fusion-gallery-column fusion-gallery-column-5 hover-type-zoomin\"><div class=\"fusion-gallery-image\"><a href=\"https:\/\/afc.cat\/wp-content\/uploads\/2021\/05\/01-Carles-Pociello.jpeg\" data-title=\"01 &#8211; Carles Pociello\" title=\"01 &#8211; Carles Pociello\" rel=\"noreferrer\" data-rel=\"iLightbox[gallery_image_1]\" class=\"fusion-lightbox\" target=\"_self\"><img decoding=\"async\" src=\"https:\/\/afc.cat\/wp-content\/uploads\/2021\/05\/01-Carles-Pociello-320x202.jpeg\" width=\"320\" height=\"202\" alt=\"\" title=\"01 &#8211; Carles Pociello\" aria-label=\"01 &#8211; Carles Pociello\" class=\"img-responsive wp-image-21317 fusion-gallery-image-size-fixed\" \/><\/a><\/div><\/div><div style=\"padding:5px;\" class=\"fusion-grid-column fusion-gallery-column fusion-gallery-column-5 hover-type-zoomin\"><div class=\"fusion-gallery-image\"><a href=\"https:\/\/afc.cat\/wp-content\/uploads\/2021\/05\/02-Josep-Soler-1.jpg\" data-title=\"02 &#8211; Josep Soler\" title=\"02 &#8211; Josep Soler\" rel=\"noreferrer\" data-rel=\"iLightbox[gallery_image_1]\" class=\"fusion-lightbox\" target=\"_self\"><img decoding=\"async\" src=\"https:\/\/afc.cat\/wp-content\/uploads\/2021\/05\/02-Josep-Soler-1-320x202.jpg\" width=\"320\" height=\"202\" alt=\"\" title=\"02 &#8211; Josep Soler\" aria-label=\"02 &#8211; Josep Soler\" class=\"img-responsive wp-image-21398 fusion-gallery-image-size-fixed\" \/><\/a><\/div><\/div><div style=\"padding:5px;\" class=\"fusion-grid-column fusion-gallery-column fusion-gallery-column-5 hover-type-zoomin\"><div class=\"fusion-gallery-image\"><a href=\"https:\/\/afc.cat\/wp-content\/uploads\/2021\/05\/03-Josep-Maria-Bonjoch.jpg\" data-title=\"03 &#8211; Josep Maria Bonjoch\" title=\"03 &#8211; Josep Maria Bonjoch\" rel=\"noreferrer\" data-rel=\"iLightbox[gallery_image_1]\" class=\"fusion-lightbox\" target=\"_self\"><img decoding=\"async\" src=\"https:\/\/afc.cat\/wp-content\/uploads\/2021\/05\/03-Josep-Maria-Bonjoch-320x202.jpg\" width=\"320\" height=\"202\" alt=\"\" title=\"03 &#8211; Josep Maria Bonjoch\" aria-label=\"03 &#8211; Josep Maria Bonjoch\" class=\"img-responsive wp-image-21321 fusion-gallery-image-size-fixed\" srcset=\"https:\/\/afc.cat\/wp-content\/uploads\/2021\/05\/03-Josep-Maria-Bonjoch-320x202.jpg 320w, https:\/\/afc.cat\/wp-content\/uploads\/2021\/05\/03-Josep-Maria-Bonjoch-700x441.jpg 700w\" sizes=\"(max-width: 320px) 100vw, 320px\" \/><\/a><\/div><\/div><div style=\"padding:5px;\" class=\"fusion-grid-column fusion-gallery-column fusion-gallery-column-5 hover-type-zoomin\"><div class=\"fusion-gallery-image\"><a href=\"https:\/\/afc.cat\/wp-content\/uploads\/2021\/05\/04-Albert-Folch-BN-1.jpg\" data-title=\"04 &#8211; Albert Folch\" title=\"04 &#8211; Albert Folch\" rel=\"noreferrer\" data-rel=\"iLightbox[gallery_image_1]\" class=\"fusion-lightbox\" target=\"_self\"><img decoding=\"async\" src=\"https:\/\/afc.cat\/wp-content\/uploads\/2021\/05\/04-Albert-Folch-BN-1-320x202.jpg\" width=\"320\" height=\"202\" alt=\"\" title=\"04 &#8211; Albert Folch\" aria-label=\"04 &#8211; Albert Folch\" class=\"img-responsive wp-image-21400 fusion-gallery-image-size-fixed\" \/><\/a><\/div><\/div><div style=\"padding:5px;\" class=\"fusion-grid-column fusion-gallery-column fusion-gallery-column-5 hover-type-zoomin\"><div class=\"fusion-gallery-image\"><a href=\"https:\/\/afc.cat\/wp-content\/uploads\/2021\/05\/05-Frca.-Portoles.jpg\" data-title=\"05 &#8211; Francesca Portol\u00e9s\" title=\"05 &#8211; Francesca Portol\u00e9s\" rel=\"noreferrer\" data-rel=\"iLightbox[gallery_image_1]\" class=\"fusion-lightbox\" target=\"_self\"><img decoding=\"async\" src=\"https:\/\/afc.cat\/wp-content\/uploads\/2021\/05\/05-Frca.-Portoles-320x202.jpg\" width=\"320\" height=\"202\" alt=\"\" title=\"05 &#8211; Francesca Portol\u00e9s\" aria-label=\"05 &#8211; Francesca Portol\u00e9s\" class=\"img-responsive wp-image-21325 fusion-gallery-image-size-fixed\" srcset=\"https:\/\/afc.cat\/wp-content\/uploads\/2021\/05\/05-Frca.-Portoles-320x202.jpg 320w, https:\/\/afc.cat\/wp-content\/uploads\/2021\/05\/05-Frca.-Portoles-700x441.jpg 700w\" sizes=\"(max-width: 320px) 100vw, 320px\" \/><\/a><\/div><\/div><div class=\"clearfix\"><\/div><div style=\"padding:5px;\" class=\"fusion-grid-column fusion-gallery-column fusion-gallery-column-5 hover-type-zoomin\"><div class=\"fusion-gallery-image\"><a href=\"https:\/\/afc.cat\/wp-content\/uploads\/2021\/05\/06-Adolf-Garcia.jpg\" data-title=\"06 &#8211; Adolf Garcia\" title=\"06 &#8211; Adolf Garcia\" rel=\"noreferrer\" data-rel=\"iLightbox[gallery_image_1]\" class=\"fusion-lightbox\" target=\"_self\"><img decoding=\"async\" src=\"https:\/\/afc.cat\/wp-content\/uploads\/2021\/05\/06-Adolf-Garcia-320x202.jpg\" width=\"320\" height=\"202\" alt=\"\" title=\"06 &#8211; Adolf Garcia\" aria-label=\"06 &#8211; Adolf Garcia\" class=\"img-responsive wp-image-21327 fusion-gallery-image-size-fixed\" srcset=\"https:\/\/afc.cat\/wp-content\/uploads\/2021\/05\/06-Adolf-Garcia-320x202.jpg 320w, https:\/\/afc.cat\/wp-content\/uploads\/2021\/05\/06-Adolf-Garcia-700x441.jpg 700w\" sizes=\"(max-width: 320px) 100vw, 320px\" \/><\/a><\/div><\/div><div style=\"padding:5px;\" class=\"fusion-grid-column fusion-gallery-column fusion-gallery-column-5 hover-type-zoomin\"><div class=\"fusion-gallery-image\"><a href=\"https:\/\/afc.cat\/wp-content\/uploads\/2021\/05\/07-Albert-Canellas.jpg\" data-title=\"07 &#8211; Albert Ca\u00f1ellas\" title=\"07 &#8211; Albert Ca\u00f1ellas\" rel=\"noreferrer\" data-rel=\"iLightbox[gallery_image_1]\" class=\"fusion-lightbox\" target=\"_self\"><img decoding=\"async\" src=\"https:\/\/afc.cat\/wp-content\/uploads\/2021\/05\/07-Albert-Canellas-320x202.jpg\" width=\"320\" height=\"202\" alt=\"\" title=\"07 &#8211; Albert Ca\u00f1ellas\" aria-label=\"07 &#8211; Albert Ca\u00f1ellas\" class=\"img-responsive wp-image-21329 fusion-gallery-image-size-fixed\" srcset=\"https:\/\/afc.cat\/wp-content\/uploads\/2021\/05\/07-Albert-Canellas-320x202.jpg 320w, https:\/\/afc.cat\/wp-content\/uploads\/2021\/05\/07-Albert-Canellas-700x441.jpg 700w\" sizes=\"(max-width: 320px) 100vw, 320px\" \/><\/a><\/div><\/div><div style=\"padding:5px;\" class=\"fusion-grid-column fusion-gallery-column fusion-gallery-column-5 hover-type-zoomin\"><div class=\"fusion-gallery-image\"><a href=\"https:\/\/afc.cat\/wp-content\/uploads\/2021\/05\/08-Carmen-Casademont.jpg\" data-title=\"08 &#8211; Carmen Casademont\" title=\"08 &#8211; Carmen Casademont\" rel=\"noreferrer\" data-rel=\"iLightbox[gallery_image_1]\" class=\"fusion-lightbox\" target=\"_self\"><img decoding=\"async\" src=\"https:\/\/afc.cat\/wp-content\/uploads\/2021\/05\/08-Carmen-Casademont-320x202.jpg\" width=\"320\" height=\"202\" alt=\"\" title=\"08 &#8211; Carmen Casademont\" aria-label=\"08 &#8211; Carmen Casademont\" class=\"img-responsive wp-image-21331 fusion-gallery-image-size-fixed\" srcset=\"https:\/\/afc.cat\/wp-content\/uploads\/2021\/05\/08-Carmen-Casademont-320x202.jpg 320w, https:\/\/afc.cat\/wp-content\/uploads\/2021\/05\/08-Carmen-Casademont-700x441.jpg 700w\" sizes=\"(max-width: 320px) 100vw, 320px\" \/><\/a><\/div><\/div><div style=\"padding:5px;\" class=\"fusion-grid-column fusion-gallery-column fusion-gallery-column-5 hover-type-zoomin\"><div class=\"fusion-gallery-image\"><a href=\"https:\/\/afc.cat\/wp-content\/uploads\/2021\/05\/09-Francesc-Soldevila.jpg\" data-title=\"09 &#8211; Francesc Soldevila\" title=\"09 &#8211; Francesc Soldevila\" rel=\"noreferrer\" data-rel=\"iLightbox[gallery_image_1]\" class=\"fusion-lightbox\" target=\"_self\"><img decoding=\"async\" src=\"https:\/\/afc.cat\/wp-content\/uploads\/2021\/05\/09-Francesc-Soldevila-320x202.jpg\" width=\"320\" height=\"202\" alt=\"\" title=\"09 &#8211; Francesc Soldevila\" aria-label=\"09 &#8211; Francesc Soldevila\" class=\"img-responsive wp-image-21333 fusion-gallery-image-size-fixed\" srcset=\"https:\/\/afc.cat\/wp-content\/uploads\/2021\/05\/09-Francesc-Soldevila-320x202.jpg 320w, https:\/\/afc.cat\/wp-content\/uploads\/2021\/05\/09-Francesc-Soldevila-700x441.jpg 700w\" sizes=\"(max-width: 320px) 100vw, 320px\" \/><\/a><\/div><\/div><div style=\"padding:5px;\" class=\"fusion-grid-column fusion-gallery-column fusion-gallery-column-5 hover-type-zoomin\"><div class=\"fusion-gallery-image\"><a href=\"https:\/\/afc.cat\/wp-content\/uploads\/2021\/05\/10-Aleix_Torrents.jpg\" data-title=\"10 &#8211; Aleix Torrents\" title=\"10 &#8211; Aleix Torrents\" rel=\"noreferrer\" data-rel=\"iLightbox[gallery_image_1]\" class=\"fusion-lightbox\" target=\"_self\"><img decoding=\"async\" src=\"https:\/\/afc.cat\/wp-content\/uploads\/2021\/05\/10-Aleix_Torrents-320x202.jpg\" width=\"320\" height=\"202\" alt=\"\" title=\"10 &#8211; Aleix Torrents\" aria-label=\"10 &#8211; Aleix Torrents\" class=\"img-responsive wp-image-21335 fusion-gallery-image-size-fixed\" srcset=\"https:\/\/afc.cat\/wp-content\/uploads\/2021\/05\/10-Aleix_Torrents-320x202.jpg 320w, https:\/\/afc.cat\/wp-content\/uploads\/2021\/05\/10-Aleix_Torrents-700x441.jpg 700w\" sizes=\"(max-width: 320px) 100vw, 320px\" \/><\/a><\/div><\/div><div class=\"clearfix\"><\/div><div style=\"padding:5px;\" class=\"fusion-grid-column fusion-gallery-column fusion-gallery-column-5 hover-type-zoomin\"><div class=\"fusion-gallery-image\"><a href=\"https:\/\/afc.cat\/wp-content\/uploads\/2021\/05\/11-Rosa-Cristofol.jpg\" data-title=\"11 &#8211; Rosa-Cristofol\" title=\"11 &#8211; Rosa-Cristofol\" rel=\"noreferrer\" data-rel=\"iLightbox[gallery_image_1]\" class=\"fusion-lightbox\" target=\"_self\"><img decoding=\"async\" src=\"https:\/\/afc.cat\/wp-content\/uploads\/2021\/05\/11-Rosa-Cristofol-320x202.jpg\" width=\"320\" height=\"202\" alt=\"\" title=\"11 &#8211; Rosa-Cristofol\" aria-label=\"11 &#8211; Rosa-Cristofol\" class=\"img-responsive wp-image-21337 fusion-gallery-image-size-fixed\" srcset=\"https:\/\/afc.cat\/wp-content\/uploads\/2021\/05\/11-Rosa-Cristofol-320x202.jpg 320w, https:\/\/afc.cat\/wp-content\/uploads\/2021\/05\/11-Rosa-Cristofol-700x441.jpg 700w\" sizes=\"(max-width: 320px) 100vw, 320px\" \/><\/a><\/div><\/div><div style=\"padding:5px;\" class=\"fusion-grid-column fusion-gallery-column fusion-gallery-column-5 hover-type-zoomin\"><div class=\"fusion-gallery-image\"><a href=\"https:\/\/afc.cat\/wp-content\/uploads\/2021\/05\/12-Carles-Lastra-MONOCROM-1.jpg\" data-title=\"12 &#8211; Carles Lastra\" title=\"12 &#8211; Carles Lastra\" rel=\"noreferrer\" data-rel=\"iLightbox[gallery_image_1]\" class=\"fusion-lightbox\" target=\"_self\"><img decoding=\"async\" src=\"https:\/\/afc.cat\/wp-content\/uploads\/2021\/05\/12-Carles-Lastra-MONOCROM-1-320x202.jpg\" width=\"320\" height=\"202\" alt=\"\" title=\"12 &#8211; Carles Lastra\" aria-label=\"12 &#8211; Carles Lastra\" class=\"img-responsive wp-image-21402 fusion-gallery-image-size-fixed\" \/><\/a><\/div><\/div><div style=\"padding:5px;\" class=\"fusion-grid-column fusion-gallery-column fusion-gallery-column-5 hover-type-zoomin\"><div class=\"fusion-gallery-image\"><a href=\"https:\/\/afc.cat\/wp-content\/uploads\/2021\/05\/13-Joan-Soldevila.jpg\" data-title=\"13 &#8211; Joan Soldevila\" title=\"13 &#8211; Joan Soldevila\" rel=\"noreferrer\" data-rel=\"iLightbox[gallery_image_1]\" class=\"fusion-lightbox\" target=\"_self\"><img decoding=\"async\" src=\"https:\/\/afc.cat\/wp-content\/uploads\/2021\/05\/13-Joan-Soldevila-320x202.jpg\" width=\"320\" height=\"202\" alt=\"\" title=\"13 &#8211; Joan Soldevila\" aria-label=\"13 &#8211; Joan Soldevila\" class=\"img-responsive wp-image-21341 fusion-gallery-image-size-fixed\" srcset=\"https:\/\/afc.cat\/wp-content\/uploads\/2021\/05\/13-Joan-Soldevila-320x202.jpg 320w, https:\/\/afc.cat\/wp-content\/uploads\/2021\/05\/13-Joan-Soldevila-700x441.jpg 700w\" sizes=\"(max-width: 320px) 100vw, 320px\" \/><\/a><\/div><\/div><div style=\"padding:5px;\" class=\"fusion-grid-column fusion-gallery-column fusion-gallery-column-5 hover-type-zoomin\"><div class=\"fusion-gallery-image\"><a href=\"https:\/\/afc.cat\/wp-content\/uploads\/2021\/05\/14-Joan-Rue-1.jpg\" data-title=\"14 &#8211; Joan Ru\u00e9\" title=\"14 &#8211; Joan Ru\u00e9\" rel=\"noreferrer\" data-rel=\"iLightbox[gallery_image_1]\" class=\"fusion-lightbox\" target=\"_self\"><img decoding=\"async\" src=\"https:\/\/afc.cat\/wp-content\/uploads\/2021\/05\/14-Joan-Rue-1-320x202.jpg\" width=\"320\" height=\"202\" alt=\"\" title=\"14 &#8211; Joan Ru\u00e9\" aria-label=\"14 &#8211; Joan Ru\u00e9\" class=\"img-responsive wp-image-21404 fusion-gallery-image-size-fixed\" \/><\/a><\/div><\/div><div style=\"padding:5px;\" class=\"fusion-grid-column fusion-gallery-column fusion-gallery-column-5 hover-type-zoomin\"><div class=\"fusion-gallery-image\"><a href=\"https:\/\/afc.cat\/wp-content\/uploads\/2021\/05\/15-Toni-Torras.jpg\" data-title=\"15 &#8211; Toni Torras\" title=\"15 &#8211; Toni Torras\" rel=\"noreferrer\" data-rel=\"iLightbox[gallery_image_1]\" class=\"fusion-lightbox\" target=\"_self\"><img decoding=\"async\" src=\"https:\/\/afc.cat\/wp-content\/uploads\/2021\/05\/15-Toni-Torras-320x202.jpg\" width=\"320\" height=\"202\" alt=\"\" title=\"15 &#8211; Toni Torras\" aria-label=\"15 &#8211; Toni Torras\" class=\"img-responsive wp-image-21345 fusion-gallery-image-size-fixed\" srcset=\"https:\/\/afc.cat\/wp-content\/uploads\/2021\/05\/15-Toni-Torras-320x202.jpg 320w, https:\/\/afc.cat\/wp-content\/uploads\/2021\/05\/15-Toni-Torras-700x441.jpg 700w\" sizes=\"(max-width: 320px) 100vw, 320px\" \/><\/a><\/div><\/div><div class=\"clearfix\"><\/div><div style=\"padding:5px;\" class=\"fusion-grid-column fusion-gallery-column fusion-gallery-column-5 hover-type-zoomin\"><div class=\"fusion-gallery-image\"><a href=\"https:\/\/afc.cat\/wp-content\/uploads\/2021\/05\/16-Montse-Pique-1.jpg\" data-title=\"16 &#8211; Montse Piqu\u00e9\" title=\"16 &#8211; Montse Piqu\u00e9\" rel=\"noreferrer\" data-rel=\"iLightbox[gallery_image_1]\" class=\"fusion-lightbox\" target=\"_self\"><img decoding=\"async\" src=\"https:\/\/afc.cat\/wp-content\/uploads\/2021\/05\/16-Montse-Pique-1-320x202.jpg\" width=\"320\" height=\"202\" alt=\"\" title=\"16 &#8211; Montse Piqu\u00e9\" aria-label=\"16 &#8211; Montse Piqu\u00e9\" class=\"img-responsive wp-image-21406 fusion-gallery-image-size-fixed\" \/><\/a><\/div><\/div><div style=\"padding:5px;\" class=\"fusion-grid-column fusion-gallery-column fusion-gallery-column-5 hover-type-zoomin\"><div class=\"fusion-gallery-image\"><a href=\"https:\/\/afc.cat\/wp-content\/uploads\/2021\/05\/17-Damian-Tous.jpg\" data-title=\"17 &#8211; Damian Tous\" title=\"17 &#8211; Damian Tous\" rel=\"noreferrer\" data-rel=\"iLightbox[gallery_image_1]\" class=\"fusion-lightbox\" target=\"_self\"><img decoding=\"async\" src=\"https:\/\/afc.cat\/wp-content\/uploads\/2021\/05\/17-Damian-Tous-320x202.jpg\" width=\"320\" height=\"202\" alt=\"\" title=\"17 &#8211; Damian Tous\" aria-label=\"17 &#8211; Damian Tous\" class=\"img-responsive wp-image-21349 fusion-gallery-image-size-fixed\" srcset=\"https:\/\/afc.cat\/wp-content\/uploads\/2021\/05\/17-Damian-Tous-320x202.jpg 320w, https:\/\/afc.cat\/wp-content\/uploads\/2021\/05\/17-Damian-Tous-700x441.jpg 700w\" sizes=\"(max-width: 320px) 100vw, 320px\" \/><\/a><\/div><\/div><div style=\"padding:5px;\" class=\"fusion-grid-column fusion-gallery-column fusion-gallery-column-5 hover-type-zoomin\"><div class=\"fusion-gallery-image\"><a href=\"https:\/\/afc.cat\/wp-content\/uploads\/2021\/05\/clasificats-bn-abril.jpg\" data-title=\"Clasificados BN abril\" title=\"Clasificados BN abril\" rel=\"noreferrer\" data-rel=\"iLightbox[gallery_image_1]\" class=\"fusion-lightbox\" target=\"_self\"><img decoding=\"async\" src=\"https:\/\/afc.cat\/wp-content\/uploads\/2021\/05\/clasificats-bn-abril-320x202.jpg\" width=\"320\" height=\"202\" alt=\"\" title=\"Clasificados BN abril\" aria-label=\"Clasificados BN abril\" class=\"img-responsive wp-image-21392 fusion-gallery-image-size-fixed\" srcset=\"https:\/\/afc.cat\/wp-content\/uploads\/2021\/05\/clasificats-bn-abril-320x202.jpg 320w, https:\/\/afc.cat\/wp-content\/uploads\/2021\/05\/clasificats-bn-abril-700x441.jpg 700w\" sizes=\"(max-width: 320px) 100vw, 320px\" \/><\/a><\/div><\/div><\/div><div ><span class=\" fusion-imageframe imageframe-none imageframe-3 hover-type-none\"><img decoding=\"async\" width=\"150\" height=\"150\" title=\"CLASIFICADOS COLOR\" src=\"https:\/\/afc.cat\/wp-content\/uploads\/2021\/04\/CLASIFICADOS-COLOR.jpg\" alt class=\"img-responsive wp-image-20106\" srcset=\"https:\/\/afc.cat\/wp-content\/uploads\/2021\/04\/CLASIFICADOS-COLOR-66x66.jpg 66w, https:\/\/afc.cat\/wp-content\/uploads\/2021\/04\/CLASIFICADOS-COLOR.jpg 150w\" sizes=\"(max-width: 150px) 100vw, 150px\" \/><\/span><\/div><div ><span class=\" fusion-imageframe imageframe-none imageframe-4 hover-type-none\"><img decoding=\"async\" width=\"300\" height=\"200\" title=\"01 &#8211; Josep Soler\" src=\"https:\/\/afc.cat\/wp-content\/uploads\/2021\/05\/01-Josep-Soler-300x200.jpg\" alt class=\"img-responsive wp-image-21351\" srcset=\"https:\/\/afc.cat\/wp-content\/uploads\/2021\/05\/01-Josep-Soler-200x133.jpg 200w, https:\/\/afc.cat\/wp-content\/uploads\/2021\/05\/01-Josep-Soler-400x267.jpg 400w, https:\/\/afc.cat\/wp-content\/uploads\/2021\/05\/01-Josep-Soler-600x400.jpg 600w, https:\/\/afc.cat\/wp-content\/uploads\/2021\/05\/01-Josep-Soler-800x534.jpg 800w, https:\/\/afc.cat\/wp-content\/uploads\/2021\/05\/01-Josep-Soler.jpg 1024w\" sizes=\"(max-width: 640px) 100vw, 300px\" \/><\/span><\/div><div class=\"fusion-text fusion-text-3\" style=\"font-size:13px;\"><p>01 &#8211; Josep Soler<\/p>\n<\/div><style type=\"text\/css\">.fusion-gallery-2 .fusion-gallery-image {border:0px solid #e2e2e2;}<\/style><div class=\"fusion-gallery fusion-gallery-container fusion-grid-5 fusion-columns-total-19 fusion-gallery-layout-grid fusion-gallery-2\" style=\"margin:-5px;\"><div style=\"padding:5px;\" class=\"fusion-grid-column fusion-gallery-column fusion-gallery-column-5 hover-type-zoomin\"><div class=\"fusion-gallery-image\"><a href=\"https:\/\/afc.cat\/wp-content\/uploads\/2021\/05\/01-Josep-Soler.jpg\" data-title=\"01 &#8211; Josep Soler\" title=\"01 &#8211; Josep Soler\" rel=\"noreferrer\" data-rel=\"iLightbox[gallery_image_2]\" class=\"fusion-lightbox\" target=\"_self\"><img decoding=\"async\" src=\"https:\/\/afc.cat\/wp-content\/uploads\/2021\/05\/01-Josep-Soler-320x202.jpg\" width=\"320\" height=\"202\" alt=\"\" title=\"01 &#8211; Josep Soler\" aria-label=\"01 &#8211; Josep Soler\" class=\"img-responsive wp-image-21351 fusion-gallery-image-size-fixed\" srcset=\"https:\/\/afc.cat\/wp-content\/uploads\/2021\/05\/01-Josep-Soler-320x202.jpg 320w, https:\/\/afc.cat\/wp-content\/uploads\/2021\/05\/01-Josep-Soler-700x441.jpg 700w\" sizes=\"(max-width: 320px) 100vw, 320px\" \/><\/a><\/div><\/div><div style=\"padding:5px;\" class=\"fusion-grid-column fusion-gallery-column fusion-gallery-column-5 hover-type-zoomin\"><div class=\"fusion-gallery-image\"><a href=\"https:\/\/afc.cat\/wp-content\/uploads\/2021\/05\/02-Josep-Maria-Bonjoch.jpg\" data-title=\"02 &#8211; Josep Maria Bonjoch\" title=\"02 &#8211; Josep Maria Bonjoch\" rel=\"noreferrer\" data-rel=\"iLightbox[gallery_image_2]\" class=\"fusion-lightbox\" target=\"_self\"><img decoding=\"async\" src=\"https:\/\/afc.cat\/wp-content\/uploads\/2021\/05\/02-Josep-Maria-Bonjoch-320x202.jpg\" width=\"320\" height=\"202\" alt=\"\" title=\"02 &#8211; Josep Maria Bonjoch\" aria-label=\"02 &#8211; Josep Maria Bonjoch\" class=\"img-responsive wp-image-21353 fusion-gallery-image-size-fixed\" \/><\/a><\/div><\/div><div class=\"clearfix\"><\/div><div style=\"padding:5px;\" class=\"fusion-grid-column fusion-gallery-column fusion-gallery-column-5 hover-type-zoomin\"><div class=\"fusion-gallery-image\"><a href=\"https:\/\/afc.cat\/wp-content\/uploads\/2021\/05\/03-Francesca-Portoles.jpg\" data-title=\"03 &#8211; Francesca Portol\u00e9s\" title=\"03 &#8211; Francesca Portol\u00e9s\" rel=\"noreferrer\" data-rel=\"iLightbox[gallery_image_2]\" class=\"fusion-lightbox\" target=\"_self\"><img decoding=\"async\" src=\"https:\/\/afc.cat\/wp-content\/uploads\/2021\/05\/03-Francesca-Portoles-320x202.jpg\" width=\"320\" height=\"202\" alt=\"\" title=\"03 &#8211; Francesca Portol\u00e9s\" aria-label=\"03 &#8211; Francesca Portol\u00e9s\" class=\"img-responsive wp-image-21355 fusion-gallery-image-size-fixed\" \/><\/a><\/div><\/div><div style=\"padding:5px;\" class=\"fusion-grid-column fusion-gallery-column fusion-gallery-column-5 hover-type-zoomin\"><div class=\"fusion-gallery-image\"><a href=\"https:\/\/afc.cat\/wp-content\/uploads\/2021\/05\/04-Adolf-Garcia.jpg\" data-title=\"04 &#8211; Adolf Garcia\" title=\"04 &#8211; Adolf Garcia\" rel=\"noreferrer\" data-rel=\"iLightbox[gallery_image_2]\" class=\"fusion-lightbox\" target=\"_self\"><img decoding=\"async\" src=\"https:\/\/afc.cat\/wp-content\/uploads\/2021\/05\/04-Adolf-Garcia-320x202.jpg\" width=\"320\" height=\"202\" alt=\"\" title=\"04 &#8211; Adolf Garcia\" aria-label=\"04 &#8211; Adolf Garcia\" class=\"img-responsive wp-image-21357 fusion-gallery-image-size-fixed\" \/><\/a><\/div><\/div><div style=\"padding:5px;\" class=\"fusion-grid-column fusion-gallery-column fusion-gallery-column-5 hover-type-zoomin\"><div class=\"fusion-gallery-image\"><a href=\"https:\/\/afc.cat\/wp-content\/uploads\/2021\/05\/05-Francesc-Soldevila.jpg\" data-title=\"05 &#8211; Francesc Soldevila\" title=\"05 &#8211; Francesc Soldevila\" rel=\"noreferrer\" data-rel=\"iLightbox[gallery_image_2]\" class=\"fusion-lightbox\" target=\"_self\"><img decoding=\"async\" src=\"https:\/\/afc.cat\/wp-content\/uploads\/2021\/05\/05-Francesc-Soldevila-320x202.jpg\" width=\"320\" height=\"202\" alt=\"\" title=\"05 &#8211; Francesc Soldevila\" aria-label=\"05 &#8211; Francesc Soldevila\" class=\"img-responsive wp-image-21359 fusion-gallery-image-size-fixed\" srcset=\"https:\/\/afc.cat\/wp-content\/uploads\/2021\/05\/05-Francesc-Soldevila-320x202.jpg 320w, https:\/\/afc.cat\/wp-content\/uploads\/2021\/05\/05-Francesc-Soldevila-700x441.jpg 700w\" sizes=\"(max-width: 320px) 100vw, 320px\" \/><\/a><\/div><\/div><div style=\"padding:5px;\" class=\"fusion-grid-column fusion-gallery-column fusion-gallery-column-5 hover-type-zoomin\"><div class=\"fusion-gallery-image\"><a href=\"https:\/\/afc.cat\/wp-content\/uploads\/2021\/05\/06-Rosa-Cristofol.jpg\" data-title=\"06 &#8211; Rosa-Cristofol\" title=\"06 &#8211; Rosa-Cristofol\" rel=\"noreferrer\" data-rel=\"iLightbox[gallery_image_2]\" class=\"fusion-lightbox\" target=\"_self\"><img decoding=\"async\" src=\"https:\/\/afc.cat\/wp-content\/uploads\/2021\/05\/06-Rosa-Cristofol-320x202.jpg\" width=\"320\" height=\"202\" alt=\"\" title=\"06 &#8211; Rosa-Cristofol\" aria-label=\"06 &#8211; Rosa-Cristofol\" class=\"img-responsive wp-image-21361 fusion-gallery-image-size-fixed\" srcset=\"https:\/\/afc.cat\/wp-content\/uploads\/2021\/05\/06-Rosa-Cristofol-320x202.jpg 320w, https:\/\/afc.cat\/wp-content\/uploads\/2021\/05\/06-Rosa-Cristofol-700x441.jpg 700w\" sizes=\"(max-width: 320px) 100vw, 320px\" \/><\/a><\/div><\/div><div style=\"padding:5px;\" class=\"fusion-grid-column fusion-gallery-column fusion-gallery-column-5 hover-type-zoomin\"><div class=\"fusion-gallery-image\"><a href=\"https:\/\/afc.cat\/wp-content\/uploads\/2021\/05\/07-GabrielBertran-color.jpg\" data-title=\"07 &#8211; Gabriel Bertran\" title=\"07 &#8211; Gabriel Bertran\" rel=\"noreferrer\" data-rel=\"iLightbox[gallery_image_2]\" class=\"fusion-lightbox\" target=\"_self\"><img decoding=\"async\" src=\"https:\/\/afc.cat\/wp-content\/uploads\/2021\/05\/07-GabrielBertran-color-320x202.jpg\" width=\"320\" height=\"202\" alt=\"\" title=\"07 &#8211; Gabriel Bertran\" aria-label=\"07 &#8211; Gabriel Bertran\" class=\"img-responsive wp-image-21363 fusion-gallery-image-size-fixed\" srcset=\"https:\/\/afc.cat\/wp-content\/uploads\/2021\/05\/07-GabrielBertran-color-200x125.jpg 200w, https:\/\/afc.cat\/wp-content\/uploads\/2021\/05\/07-GabrielBertran-color-400x251.jpg 400w, https:\/\/afc.cat\/wp-content\/uploads\/2021\/05\/07-GabrielBertran-color-600x376.jpg 600w, https:\/\/afc.cat\/wp-content\/uploads\/2021\/05\/07-GabrielBertran-color-800x502.jpg 800w, https:\/\/afc.cat\/wp-content\/uploads\/2021\/05\/07-GabrielBertran-color.jpg 1024w\" sizes=\"(min-width: 2200px) 100vw, (min-width: 1024px) 246px, (min-width: 928px) 308px, (min-width: 832px) 410px, (min-width: 736px) 615px, (min-width: 640px) 736px, \" \/><\/a><\/div><\/div><div class=\"clearfix\"><\/div><div style=\"padding:5px;\" class=\"fusion-grid-column fusion-gallery-column fusion-gallery-column-5 hover-type-zoomin\"><div class=\"fusion-gallery-image\"><a href=\"https:\/\/afc.cat\/wp-content\/uploads\/2021\/05\/08-Albert_Canellas_Color.jpg\" data-title=\"08 &#8211; Albert Ca\u00f1ellas\" title=\"08 &#8211; Albert Ca\u00f1ellas\" rel=\"noreferrer\" data-rel=\"iLightbox[gallery_image_2]\" class=\"fusion-lightbox\" target=\"_self\"><img decoding=\"async\" src=\"https:\/\/afc.cat\/wp-content\/uploads\/2021\/05\/08-Albert_Canellas_Color-320x202.jpg\" width=\"320\" height=\"202\" alt=\"\" title=\"08 &#8211; Albert Ca\u00f1ellas\" aria-label=\"08 &#8211; Albert Ca\u00f1ellas\" class=\"img-responsive wp-image-21365 fusion-gallery-image-size-fixed\" srcset=\"https:\/\/afc.cat\/wp-content\/uploads\/2021\/05\/08-Albert_Canellas_Color-320x202.jpg 320w, https:\/\/afc.cat\/wp-content\/uploads\/2021\/05\/08-Albert_Canellas_Color-700x441.jpg 700w\" sizes=\"(max-width: 320px) 100vw, 320px\" \/><\/a><\/div><\/div><div style=\"padding:5px;\" class=\"fusion-grid-column fusion-gallery-column fusion-gallery-column-5 hover-type-zoomin\"><div class=\"fusion-gallery-image\"><a href=\"https:\/\/afc.cat\/wp-content\/uploads\/2021\/05\/09-Carmen-Casademont.jpg\" data-title=\"09 &#8211; Carmen Casademont\" title=\"09 &#8211; Carmen Casademont\" rel=\"noreferrer\" data-rel=\"iLightbox[gallery_image_2]\" class=\"fusion-lightbox\" target=\"_self\"><img decoding=\"async\" src=\"https:\/\/afc.cat\/wp-content\/uploads\/2021\/05\/09-Carmen-Casademont-320x202.jpg\" width=\"320\" height=\"202\" alt=\"\" title=\"09 &#8211; Carmen Casademont\" aria-label=\"09 &#8211; Carmen Casademont\" class=\"img-responsive wp-image-21367 fusion-gallery-image-size-fixed\" \/><\/a><\/div><\/div><div style=\"padding:5px;\" class=\"fusion-grid-column fusion-gallery-column fusion-gallery-column-5 hover-type-zoomin\"><div class=\"fusion-gallery-image\"><a href=\"https:\/\/afc.cat\/wp-content\/uploads\/2021\/05\/10-Albert-Folch.jpg\" data-title=\"10 &#8211; Albert Folch\" title=\"10 &#8211; Albert Folch\" rel=\"noreferrer\" data-rel=\"iLightbox[gallery_image_2]\" class=\"fusion-lightbox\" target=\"_self\"><img decoding=\"async\" src=\"https:\/\/afc.cat\/wp-content\/uploads\/2021\/05\/10-Albert-Folch-320x202.jpg\" width=\"320\" height=\"202\" alt=\"\" title=\"10 &#8211; Albert Folch\" aria-label=\"10 &#8211; Albert Folch\" class=\"img-responsive wp-image-21369 fusion-gallery-image-size-fixed\" \/><\/a><\/div><\/div><div style=\"padding:5px;\" class=\"fusion-grid-column fusion-gallery-column fusion-gallery-column-5 hover-type-zoomin\"><div class=\"fusion-gallery-image\"><a href=\"https:\/\/afc.cat\/wp-content\/uploads\/2021\/05\/11-Carles-Pociello.jpg\" data-title=\"11 &#8211; Carles Pociello\" title=\"11 &#8211; Carles Pociello\" rel=\"noreferrer\" data-rel=\"iLightbox[gallery_image_2]\" class=\"fusion-lightbox\" target=\"_self\"><img decoding=\"async\" src=\"https:\/\/afc.cat\/wp-content\/uploads\/2021\/05\/11-Carles-Pociello-320x202.jpg\" width=\"320\" height=\"202\" alt=\"\" title=\"11 &#8211; Carles Pociello\" aria-label=\"11 &#8211; Carles Pociello\" class=\"img-responsive wp-image-21371 fusion-gallery-image-size-fixed\" \/><\/a><\/div><\/div><div style=\"padding:5px;\" class=\"fusion-grid-column fusion-gallery-column fusion-gallery-column-5 hover-type-zoomin\"><div class=\"fusion-gallery-image\"><a href=\"https:\/\/afc.cat\/wp-content\/uploads\/2021\/05\/12-Joan-Rue.jpg\" data-title=\"12 &#8211; Joan Ru\u00e9\" title=\"12 &#8211; Joan Ru\u00e9\" rel=\"noreferrer\" data-rel=\"iLightbox[gallery_image_2]\" class=\"fusion-lightbox\" target=\"_self\"><img decoding=\"async\" src=\"https:\/\/afc.cat\/wp-content\/uploads\/2021\/05\/12-Joan-Rue-320x202.jpg\" width=\"320\" height=\"202\" alt=\"\" title=\"12 &#8211; Joan Ru\u00e9\" aria-label=\"12 &#8211; Joan Ru\u00e9\" class=\"img-responsive wp-image-21373 fusion-gallery-image-size-fixed\" srcset=\"https:\/\/afc.cat\/wp-content\/uploads\/2021\/05\/12-Joan-Rue-320x202.jpg 320w, https:\/\/afc.cat\/wp-content\/uploads\/2021\/05\/12-Joan-Rue-700x441.jpg 700w\" sizes=\"(max-width: 320px) 100vw, 320px\" \/><\/a><\/div><\/div><div class=\"clearfix\"><\/div><div style=\"padding:5px;\" class=\"fusion-grid-column fusion-gallery-column fusion-gallery-column-5 hover-type-zoomin\"><div class=\"fusion-gallery-image\"><a href=\"https:\/\/afc.cat\/wp-content\/uploads\/2021\/05\/13-Carles-Lastra.jpg\" data-title=\"13 &#8211; Carles Lastra\" title=\"13 &#8211; Carles Lastra\" rel=\"noreferrer\" data-rel=\"iLightbox[gallery_image_2]\" class=\"fusion-lightbox\" target=\"_self\"><img decoding=\"async\" src=\"https:\/\/afc.cat\/wp-content\/uploads\/2021\/05\/13-Carles-Lastra-320x202.jpg\" width=\"320\" height=\"202\" alt=\"\" title=\"13 &#8211; Carles Lastra\" aria-label=\"13 &#8211; Carles Lastra\" class=\"img-responsive wp-image-21375 fusion-gallery-image-size-fixed\" srcset=\"https:\/\/afc.cat\/wp-content\/uploads\/2021\/05\/13-Carles-Lastra-320x202.jpg 320w, https:\/\/afc.cat\/wp-content\/uploads\/2021\/05\/13-Carles-Lastra-700x441.jpg 700w\" sizes=\"(max-width: 320px) 100vw, 320px\" \/><\/a><\/div><\/div><div style=\"padding:5px;\" class=\"fusion-grid-column fusion-gallery-column fusion-gallery-column-5 hover-type-zoomin\"><div class=\"fusion-gallery-image\"><a href=\"https:\/\/afc.cat\/wp-content\/uploads\/2021\/05\/14-Toni-Torras.jpg\" data-title=\"14 &#8211; Toni Torras\" title=\"14 &#8211; Toni Torras\" rel=\"noreferrer\" data-rel=\"iLightbox[gallery_image_2]\" class=\"fusion-lightbox\" target=\"_self\"><img decoding=\"async\" src=\"https:\/\/afc.cat\/wp-content\/uploads\/2021\/05\/14-Toni-Torras-320x202.jpg\" width=\"320\" height=\"202\" alt=\"\" title=\"14 &#8211; Toni Torras\" aria-label=\"14 &#8211; Toni Torras\" class=\"img-responsive wp-image-21377 fusion-gallery-image-size-fixed\" \/><\/a><\/div><\/div><div style=\"padding:5px;\" class=\"fusion-grid-column fusion-gallery-column fusion-gallery-column-5 hover-type-zoomin\"><div class=\"fusion-gallery-image\"><a href=\"https:\/\/afc.cat\/wp-content\/uploads\/2021\/05\/15-Joan-Soldevila.jpg\" data-title=\"15 &#8211; Joan-Soldevila\" title=\"15 &#8211; Joan-Soldevila\" rel=\"noreferrer\" data-rel=\"iLightbox[gallery_image_2]\" class=\"fusion-lightbox\" target=\"_self\"><img decoding=\"async\" src=\"https:\/\/afc.cat\/wp-content\/uploads\/2021\/05\/15-Joan-Soldevila-320x202.jpg\" width=\"320\" height=\"202\" alt=\"\" title=\"15 &#8211; Joan-Soldevila\" aria-label=\"15 &#8211; Joan-Soldevila\" class=\"img-responsive wp-image-21379 fusion-gallery-image-size-fixed\" srcset=\"https:\/\/afc.cat\/wp-content\/uploads\/2021\/05\/15-Joan-Soldevila-320x202.jpg 320w, https:\/\/afc.cat\/wp-content\/uploads\/2021\/05\/15-Joan-Soldevila-431x272.jpg 431w\" sizes=\"(max-width: 320px) 100vw, 320px\" \/><\/a><\/div><\/div><div style=\"padding:5px;\" class=\"fusion-grid-column fusion-gallery-column fusion-gallery-column-5 hover-type-zoomin\"><div class=\"fusion-gallery-image\"><a href=\"https:\/\/afc.cat\/wp-content\/uploads\/2021\/05\/16-Miquel-Cabre.jpg\" data-title=\"16 &#8211; Miquel Cabre\" title=\"16 &#8211; Miquel Cabre\" rel=\"noreferrer\" data-rel=\"iLightbox[gallery_image_2]\" class=\"fusion-lightbox\" target=\"_self\"><img decoding=\"async\" src=\"https:\/\/afc.cat\/wp-content\/uploads\/2021\/05\/16-Miquel-Cabre-320x202.jpg\" width=\"320\" height=\"202\" alt=\"\" title=\"16 &#8211; Miquel Cabre\" aria-label=\"16 &#8211; Miquel Cabre\" class=\"img-responsive wp-image-21381 fusion-gallery-image-size-fixed\" srcset=\"https:\/\/afc.cat\/wp-content\/uploads\/2021\/05\/16-Miquel-Cabre-320x202.jpg 320w, https:\/\/afc.cat\/wp-content\/uploads\/2021\/05\/16-Miquel-Cabre-700x441.jpg 700w\" sizes=\"(max-width: 320px) 100vw, 320px\" \/><\/a><\/div><\/div><div style=\"padding:5px;\" class=\"fusion-grid-column fusion-gallery-column fusion-gallery-column-5 hover-type-zoomin\"><div class=\"fusion-gallery-image\"><a href=\"https:\/\/afc.cat\/wp-content\/uploads\/2021\/05\/17-Damian-Tous-1.jpg\" data-title=\"17 &#8211; Damian Tous\" title=\"17 &#8211; Damian Tous\" rel=\"noreferrer\" data-rel=\"iLightbox[gallery_image_2]\" class=\"fusion-lightbox\" target=\"_self\"><img decoding=\"async\" src=\"https:\/\/afc.cat\/wp-content\/uploads\/2021\/05\/17-Damian-Tous-1-320x202.jpg\" width=\"320\" height=\"202\" alt=\"\" title=\"17 &#8211; Damian Tous\" aria-label=\"17 &#8211; Damian Tous\" class=\"img-responsive wp-image-21383 fusion-gallery-image-size-fixed\" srcset=\"https:\/\/afc.cat\/wp-content\/uploads\/2021\/05\/17-Damian-Tous-1-320x202.jpg 320w, https:\/\/afc.cat\/wp-content\/uploads\/2021\/05\/17-Damian-Tous-1-700x441.jpg 700w\" sizes=\"(max-width: 320px) 100vw, 320px\" \/><\/a><\/div><\/div><div class=\"clearfix\"><\/div><div style=\"padding:5px;\" class=\"fusion-grid-column fusion-gallery-column fusion-gallery-column-5 hover-type-zoomin\"><div class=\"fusion-gallery-image\"><a href=\"https:\/\/afc.cat\/wp-content\/uploads\/2021\/05\/18-Rosa-Franco.jpg\" data-title=\"18-Rosa-Franco\" title=\"18-Rosa-Franco\" rel=\"noreferrer\" data-rel=\"iLightbox[gallery_image_2]\" class=\"fusion-lightbox\" target=\"_self\"><img decoding=\"async\" src=\"https:\/\/afc.cat\/wp-content\/uploads\/2021\/05\/18-Rosa-Franco-320x202.jpg\" width=\"320\" height=\"202\" alt=\"\" title=\"18-Rosa-Franco\" aria-label=\"18-Rosa-Franco\" class=\"img-responsive wp-image-21385 fusion-gallery-image-size-fixed\" srcset=\"https:\/\/afc.cat\/wp-content\/uploads\/2021\/05\/18-Rosa-Franco-320x202.jpg 320w, https:\/\/afc.cat\/wp-content\/uploads\/2021\/05\/18-Rosa-Franco-700x441.jpg 700w\" sizes=\"(max-width: 320px) 100vw, 320px\" \/><\/a><\/div><\/div><div style=\"padding:5px;\" class=\"fusion-grid-column fusion-gallery-column fusion-gallery-column-5 hover-type-zoomin\"><div class=\"fusion-gallery-image\"><a href=\"https:\/\/afc.cat\/wp-content\/uploads\/2021\/05\/clasificats-color-abril.jpg\" data-title=\"Clasificados color abril\" title=\"Clasificados color abril\" rel=\"noreferrer\" data-rel=\"iLightbox[gallery_image_2]\" class=\"fusion-lightbox\" target=\"_self\"><img decoding=\"async\" src=\"https:\/\/afc.cat\/wp-content\/uploads\/2021\/05\/clasificats-color-abril-320x202.jpg\" width=\"320\" height=\"202\" alt=\"\" title=\"Clasificados color abril\" aria-label=\"Clasificados color abril\" class=\"img-responsive wp-image-21394 fusion-gallery-image-size-fixed\" srcset=\"https:\/\/afc.cat\/wp-content\/uploads\/2021\/05\/clasificats-color-abril-320x202.jpg 320w, https:\/\/afc.cat\/wp-content\/uploads\/2021\/05\/clasificats-color-abril-700x441.jpg 700w\" sizes=\"(max-width: 320px) 100vw, 320px\" \/><\/a><\/div><\/div><\/div><\/div><style type=\"text\/css\">.fusion-body .fusion-builder-column-0{width:100% !important;margin-top : 0px;margin-bottom : 0px;}.fusion-builder-column-0 > .fusion-column-wrapper {padding-top : 0px !important;padding-right : 0px !important;margin-right : 1.92%;padding-bottom : 0px !important;padding-left : 0px !important;margin-left : 1.92%;}@media only screen and (max-width:1024px) {.fusion-body .fusion-builder-column-0{width:100% !important;}.fusion-builder-column-0 > .fusion-column-wrapper {margin-right : 1.92%;margin-left : 1.92%;}}@media only screen and (max-width:640px) {.fusion-body .fusion-builder-column-0{width:100% !important;}.fusion-builder-column-0 > .fusion-column-wrapper {margin-right : 1.92%;margin-left : 1.92%;}}<\/style><\/div><\/div><style type=\"text\/css\">.fusion-body .fusion-flex-container.fusion-builder-row-1{ padding-top : 0px;margin-top : 0px;padding-right : 0px;padding-bottom : 0px;margin-bottom : 0px;padding-left : 0px;}<\/style><\/div><div class=\"fusion-fullwidth fullwidth-box fusion-builder-row-2 fusion-flex-container nonhundred-percent-fullwidth non-hundred-percent-height-scrolling\" style=\"background-color: rgba(255,255,255,0);background-position: center center;background-repeat: no-repeat;border-width: 0px 0px 0px 0px;border-color:#ffffff;border-style:solid;\" ><div class=\"fusion-builder-row fusion-row fusion-flex-align-items-flex-start\" style=\"max-width:1300px;margin-left: calc(-4% \/ 2 );margin-right: calc(-4% \/ 2 );\"><div class=\"fusion-layout-column fusion_builder_column fusion-builder-column-1 fusion_builder_column_1_1 1_1 fusion-flex-column\"><div class=\"fusion-column-wrapper fusion-flex-justify-content-flex-start fusion-content-layout-column\" style=\"background-position:left top;background-repeat:no-repeat;-webkit-background-size:cover;-moz-background-size:cover;-o-background-size:cover;background-size:cover;padding: 0px 0px 0px 0px;\"><\/div><style type=\"text\/css\">.fusion-body .fusion-builder-column-1{width:100% !important;margin-top : 0px;margin-bottom : 20px;}.fusion-builder-column-1 > .fusion-column-wrapper {padding-top : 0px !important;padding-right : 0px !important;margin-right : 1.92%;padding-bottom : 0px !important;padding-left : 0px !important;margin-left : 1.92%;}@media only screen and (max-width:1024px) {.fusion-body .fusion-builder-column-1{width:100% !important;order : 0;}.fusion-builder-column-1 > .fusion-column-wrapper {margin-right : 1.92%;margin-left : 1.92%;}}@media only screen and (max-width:640px) {.fusion-body .fusion-builder-column-1{width:100% !important;order : 0;}.fusion-builder-column-1 > .fusion-column-wrapper {margin-right : 1.92%;margin-left : 1.92%;}}<\/style><\/div><\/div><style type=\"text\/css\">.fusion-body .fusion-flex-container.fusion-builder-row-2{ padding-top : 0px;margin-top : 0px;padding-right : 0px;padding-bottom : 0px;margin-bottom : 0px;padding-left : 0px;}<\/style><\/div><\/p>\n","protected":false},"excerpt":{"rendered":"","protected":false},"template":"","meta":{"_acf_changed":false},"wcs-type":[100,109],"wcs-room":[],"wcs-instructor":[],"class_list":["post-21423","class","type-class","status-publish","hentry","wcs-type-actos-sociales","wcs-type-veredictos-de-concursos"],"acf":[],"yoast_head":"<!-- This site is optimized with the Yoast SEO plugin v27.5 - https:\/\/yoast.com\/product\/yoast-seo-wordpress\/ -->\n<title>Clasificaci\u00f3n concurso social \u201cTemas Obligados\u201d 2020-2021. Abril: La piel humana - Agrupaci\u00f3 Fotogr\u00e0fica de Catalunya<\/title>\n<meta name=\"robots\" content=\"index, follow, max-snippet:-1, max-image-preview:large, max-video-preview:-1\" \/>\n<link rel=\"canonical\" href=\"https:\/\/afc.cat\/es\/activitat\/clasificacion-concurso-social-temas-obligados-2020-2021-abril-la-piel-humana\/\" \/>\n<meta property=\"og:locale\" content=\"es_ES\" \/>\n<meta property=\"og:type\" content=\"article\" \/>\n<meta property=\"og:title\" content=\"Clasificaci\u00f3n concurso social \u201cTemas Obligados\u201d 2020-2021. Abril: La piel humana - Agrupaci\u00f3 Fotogr\u00e0fica de Catalunya\" \/>\n<meta property=\"og:url\" content=\"https:\/\/afc.cat\/es\/activitat\/clasificacion-concurso-social-temas-obligados-2020-2021-abril-la-piel-humana\/\" \/>\n<meta property=\"og:site_name\" content=\"Agrupaci\u00f3 Fotogr\u00e0fica de Catalunya\" \/>\n<meta property=\"article:modified_time\" content=\"2021-05-13T14:32:12+00:00\" \/>\n<meta name=\"twitter:card\" content=\"summary_large_image\" \/>\n<meta name=\"twitter:label1\" content=\"Tiempo de lectura\" \/>\n\t<meta name=\"twitter:data1\" content=\"4 minutos\" \/>\n<script type=\"application\/ld+json\" class=\"yoast-schema-graph\">{\"@context\":\"https:\\\/\\\/schema.org\",\"@graph\":[{\"@type\":\"WebPage\",\"@id\":\"https:\\\/\\\/afc.cat\\\/es\\\/activitat\\\/clasificacion-concurso-social-temas-obligados-2020-2021-abril-la-piel-humana\\\/\",\"url\":\"https:\\\/\\\/afc.cat\\\/es\\\/activitat\\\/clasificacion-concurso-social-temas-obligados-2020-2021-abril-la-piel-humana\\\/\",\"name\":\"Clasificaci\u00f3n concurso social \u201cTemas Obligados\u201d 2020-2021. Abril: La piel humana - Agrupaci\u00f3 Fotogr\u00e0fica de Catalunya\",\"isPartOf\":{\"@id\":\"https:\\\/\\\/afc.cat\\\/es\\\/#website\"},\"datePublished\":\"2021-05-08T21:03:22+00:00\",\"dateModified\":\"2021-05-13T14:32:12+00:00\",\"breadcrumb\":{\"@id\":\"https:\\\/\\\/afc.cat\\\/es\\\/activitat\\\/clasificacion-concurso-social-temas-obligados-2020-2021-abril-la-piel-humana\\\/#breadcrumb\"},\"inLanguage\":\"es\",\"potentialAction\":[{\"@type\":\"ReadAction\",\"target\":[\"https:\\\/\\\/afc.cat\\\/es\\\/activitat\\\/clasificacion-concurso-social-temas-obligados-2020-2021-abril-la-piel-humana\\\/\"]}]},{\"@type\":\"BreadcrumbList\",\"@id\":\"https:\\\/\\\/afc.cat\\\/es\\\/activitat\\\/clasificacion-concurso-social-temas-obligados-2020-2021-abril-la-piel-humana\\\/#breadcrumb\",\"itemListElement\":[{\"@type\":\"ListItem\",\"position\":1,\"name\":\"Inicio\",\"item\":\"https:\\\/\\\/afc.cat\\\/es\\\/\"},{\"@type\":\"ListItem\",\"position\":2,\"name\":\"Clasificaci\u00f3n concurso social \u201cTemas Obligados\u201d 2020-2021. Abril: La piel humana\"}]},{\"@type\":\"WebSite\",\"@id\":\"https:\\\/\\\/afc.cat\\\/es\\\/#website\",\"url\":\"https:\\\/\\\/afc.cat\\\/es\\\/\",\"name\":\"Agrupaci\u00f3 Fotogr\u00e0fica de Catalunya\",\"description\":\"Fomento y divulgaci\u00f3n de la fotograf\u00eda en todas sus variedades\",\"potentialAction\":[{\"@type\":\"SearchAction\",\"target\":{\"@type\":\"EntryPoint\",\"urlTemplate\":\"https:\\\/\\\/afc.cat\\\/es\\\/?s={search_term_string}\"},\"query-input\":{\"@type\":\"PropertyValueSpecification\",\"valueRequired\":true,\"valueName\":\"search_term_string\"}}],\"inLanguage\":\"es\"}]}<\/script>\n<!-- \/ Yoast SEO plugin. -->","yoast_head_json":{"title":"Clasificaci\u00f3n concurso social \u201cTemas Obligados\u201d 2020-2021. Abril: La piel humana - Agrupaci\u00f3 Fotogr\u00e0fica de Catalunya","robots":{"index":"index","follow":"follow","max-snippet":"max-snippet:-1","max-image-preview":"max-image-preview:large","max-video-preview":"max-video-preview:-1"},"canonical":"https:\/\/afc.cat\/es\/activitat\/clasificacion-concurso-social-temas-obligados-2020-2021-abril-la-piel-humana\/","og_locale":"es_ES","og_type":"article","og_title":"Clasificaci\u00f3n concurso social \u201cTemas Obligados\u201d 2020-2021. Abril: La piel humana - Agrupaci\u00f3 Fotogr\u00e0fica de Catalunya","og_url":"https:\/\/afc.cat\/es\/activitat\/clasificacion-concurso-social-temas-obligados-2020-2021-abril-la-piel-humana\/","og_site_name":"Agrupaci\u00f3 Fotogr\u00e0fica de Catalunya","article_modified_time":"2021-05-13T14:32:12+00:00","twitter_card":"summary_large_image","twitter_misc":{"Tiempo de lectura":"4 minutos"},"schema":{"@context":"https:\/\/schema.org","@graph":[{"@type":"WebPage","@id":"https:\/\/afc.cat\/es\/activitat\/clasificacion-concurso-social-temas-obligados-2020-2021-abril-la-piel-humana\/","url":"https:\/\/afc.cat\/es\/activitat\/clasificacion-concurso-social-temas-obligados-2020-2021-abril-la-piel-humana\/","name":"Clasificaci\u00f3n concurso social \u201cTemas Obligados\u201d 2020-2021. Abril: La piel humana - Agrupaci\u00f3 Fotogr\u00e0fica de Catalunya","isPartOf":{"@id":"https:\/\/afc.cat\/es\/#website"},"datePublished":"2021-05-08T21:03:22+00:00","dateModified":"2021-05-13T14:32:12+00:00","breadcrumb":{"@id":"https:\/\/afc.cat\/es\/activitat\/clasificacion-concurso-social-temas-obligados-2020-2021-abril-la-piel-humana\/#breadcrumb"},"inLanguage":"es","potentialAction":[{"@type":"ReadAction","target":["https:\/\/afc.cat\/es\/activitat\/clasificacion-concurso-social-temas-obligados-2020-2021-abril-la-piel-humana\/"]}]},{"@type":"BreadcrumbList","@id":"https:\/\/afc.cat\/es\/activitat\/clasificacion-concurso-social-temas-obligados-2020-2021-abril-la-piel-humana\/#breadcrumb","itemListElement":[{"@type":"ListItem","position":1,"name":"Inicio","item":"https:\/\/afc.cat\/es\/"},{"@type":"ListItem","position":2,"name":"Clasificaci\u00f3n concurso social \u201cTemas Obligados\u201d 2020-2021. Abril: La piel humana"}]},{"@type":"WebSite","@id":"https:\/\/afc.cat\/es\/#website","url":"https:\/\/afc.cat\/es\/","name":"Agrupaci\u00f3 Fotogr\u00e0fica de Catalunya","description":"Fomento y divulgaci\u00f3n de la fotograf\u00eda en todas sus variedades","potentialAction":[{"@type":"SearchAction","target":{"@type":"EntryPoint","urlTemplate":"https:\/\/afc.cat\/es\/?s={search_term_string}"},"query-input":{"@type":"PropertyValueSpecification","valueRequired":true,"valueName":"search_term_string"}}],"inLanguage":"es"}]}},"_links":{"self":[{"href":"https:\/\/afc.cat\/es\/wp-json\/wp\/v2\/class\/21423","targetHints":{"allow":["GET"]}}],"collection":[{"href":"https:\/\/afc.cat\/es\/wp-json\/wp\/v2\/class"}],"about":[{"href":"https:\/\/afc.cat\/es\/wp-json\/wp\/v2\/types\/class"}],"wp:attachment":[{"href":"https:\/\/afc.cat\/es\/wp-json\/wp\/v2\/media?parent=21423"}],"wp:term":[{"taxonomy":"wcs-type","embeddable":true,"href":"https:\/\/afc.cat\/es\/wp-json\/wp\/v2\/wcs-type?post=21423"},{"taxonomy":"wcs-room","embeddable":true,"href":"https:\/\/afc.cat\/es\/wp-json\/wp\/v2\/wcs-room?post=21423"},{"taxonomy":"wcs-instructor","embeddable":true,"href":"https:\/\/afc.cat\/es\/wp-json\/wp\/v2\/wcs-instructor?post=21423"}],"curies":[{"name":"wp","href":"https:\/\/api.w.org\/{rel}","templated":true}]}}