{"id":21425,"date":"2021-05-09T18:36:46","date_gmt":"2021-05-09T16:36:46","guid":{"rendered":"https:\/\/afc.cat\/?post_type=class&#038;p=21425"},"modified":"2021-05-10T15:23:10","modified_gmt":"2021-05-10T13:23:10","slug":"imagenes-encontradas-la-barcelona-maritima-de-posguerra-el-fondo-joaquin-tusquets-de-cabirol","status":"publish","type":"class","link":"https:\/\/afc.cat\/es\/activitat\/imagenes-encontradas-la-barcelona-maritima-de-posguerra-el-fondo-joaquin-tusquets-de-cabirol\/","title":{"rendered":"Visita Exposici\u00f3n Im\u00e1genes Encontradas Joqu\u00edn Tusquests. Museo Mar\u00edtimo de Barcelona"},"content":{"rendered":"<p><div class=\"fusion-fullwidth fullwidth-box fusion-builder-row-1 fusion-flex-container nonhundred-percent-fullwidth non-hundred-percent-height-scrolling\" style=\"background-color: rgba(255,255,255,0);background-position: center center;background-repeat: no-repeat;border-width: 0px 0px 0px 0px;border-color:#ffffff;border-style:solid;\" ><div class=\"fusion-builder-row fusion-row fusion-flex-align-items-flex-start\" style=\"max-width:1300px;margin-left: calc(-4% \/ 2 );margin-right: calc(-4% \/ 2 );\"><div class=\"fusion-layout-column fusion_builder_column fusion-builder-column-0 fusion_builder_column_1_1 1_1 fusion-flex-column\"><div class=\"fusion-column-wrapper fusion-flex-justify-content-flex-start fusion-content-layout-column\" style=\"background-position:left top;background-repeat:no-repeat;-webkit-background-size:cover;-moz-background-size:cover;-o-background-size:cover;background-size:cover;padding: 0px 0px 0px 0px;\"><div class=\"fusion-text fusion-text-1\"><h2>IM\u00c1GENES ENCONTRADAS. LA BARCELONA MAR\u00cdTIMA DE POSGUERRA<\/h2>\n<h3>EL FONDO JOAQU\u00cdN TUSQUETS DE CABIROL<\/h3>\n<p><strong>FECHA<\/strong><br \/>\nJueves 13 de mayo de 2021<\/p>\n<p><strong>HORA<\/strong><br \/>\n10:00 h<\/p>\n<p><strong>LUGAR<\/strong><br \/>\n<a href=\"https:\/\/www.mmb.cat\/es\/exposiciones\/imagenes-encontradas-la-barcelona-maritima-de-posguerra\/\" target=\"_blank\" rel=\"noopener noreferrer\">MUSEO MAR\u00cdTIMO DE BARCELONA. ESPACIO NAVES<\/a><\/p>\n<p><strong>DIRECCI\u00d3N<\/strong><br \/>\nAv. Drassanes s\/n &#8211; 08001 &#8211; Barcelona<\/p>\n<p><strong>COMO LLEGAR<\/strong><br \/>\nMetro L3 &#8211; Estaci\u00f3n Drassanes (Salida Portal de Santa Madrona)<br \/>\nBus V13 &#8211; D20 &#8211; H14 (Parada Portal de la Pau)<\/p>\n<p><strong>PUNTO DE ENCUENTRO<\/strong><br \/>\n9:45h Entrada Pl. Portal de la Pau<\/p>\n<p><strong>PRECIO<\/strong><br \/>\nActividad Gratuita. Exclusiva para socios y socias.<\/p>\n<p>Inscripci\u00f3n enviando correo a visites@afc.cat indicando el nombre.<\/p>\n<p><strong>ACTIVIDAD LIMITADA A 12 PLAZAS<\/strong><\/p>\n<div id=\"attachment_21313\" style=\"width: 298px\" class=\"wp-caption alignnone\"><img decoding=\"async\" aria-describedby=\"caption-attachment-21313\" class=\"size-medium wp-image-21313\" src=\"https:\/\/afc.cat\/wp-content\/uploads\/2021\/05\/Museu-Maritim-05_800-288x300.jpg\" alt=\"\" width=\"288\" height=\"300\" srcset=\"https:\/\/afc.cat\/wp-content\/uploads\/2021\/05\/Museu-Maritim-05_800-200x209.jpg 200w, https:\/\/afc.cat\/wp-content\/uploads\/2021\/05\/Museu-Maritim-05_800-288x300.jpg 288w, https:\/\/afc.cat\/wp-content\/uploads\/2021\/05\/Museu-Maritim-05_800-400x417.jpg 400w, https:\/\/afc.cat\/wp-content\/uploads\/2021\/05\/Museu-Maritim-05_800-600x626.jpg 600w, https:\/\/afc.cat\/wp-content\/uploads\/2021\/05\/Museu-Maritim-05_800.jpg 767w\" sizes=\"(max-width: 288px) 100vw, 288px\" \/><p id=\"caption-attachment-21313\" class=\"wp-caption-text\">Foto: Joaqu\u00edn Tusquets<\/p><\/div>\n<p><strong>El Museo Mar\u00edtimo de Barcelona<\/strong> presenta una exposici\u00f3n fotogr\u00e1fica sobre el fondo <strong>Joaqu\u00edn Tusquets de Cabirol<\/strong> adquirido recientemente, con la financiaci\u00f3n de la Diputaci\u00f3n de Barcelona. El fondo est\u00e1 integrado por 4.317 negativos recientemente descubiertos, fechados entre los a\u00f1os 1940 y 1959. Durante a\u00f1os se guardaron intactos dentro de peque\u00f1os sobres de papel, met\u00f3dicamente ordenados, con unas breves anotaciones manuscritas. Durante los meses de confinamiento de la primavera 2020, estos enigm\u00e1ticos negativos, de procedencia y autor\u00eda desconocida, aparecieron en las redes sociales provocando un gran impacto medi\u00e1tico. <strong>El MMB<\/strong> lo adquiri\u00f3 para preservarlo y ponerlo al servicio de la sociedad.<\/p>\n<p>Una parte destacable del fondo contiene unos exquisitos fragmentos de tema mar\u00edtimo: las impresiones del fot\u00f3grafo Tusquets durante los a\u00f1os de la posguerra sobre el puerto de Barcelona y los pueblos de la costa. Tambi\u00e9n incluye los retratos en el campo y a los pueblos del interior de Catalunya, as\u00ed como im\u00e1genes que captan el ambiente hogare\u00f1o. El fondo se incorpor\u00f3 \u00edntegramente, es decir, con todas las im\u00e1genes tanto de temas mar\u00edtimos como las que reproduc\u00edan otros motivos, para evitar la fragmentaci\u00f3n y facilitar el estudio completo de la obra de este fot\u00f3grafo descubierto recientemente.<\/p>\n<h3>Joaqu\u00edn Tusquets de Cabirol.<\/h3>\n<p>Joaqu\u00edn Tusquets de Cabirol (Barcelona 1904-1979) era un barcelon\u00e9s apasionado por la fotograf\u00eda que ejerc\u00eda la profesi\u00f3n de perito qu\u00edmico y era copropietario de una f\u00e1brica de qu\u00edmica industrial. Su posici\u00f3n acomodada, y tambi\u00e9n una gran vocaci\u00f3n creativa, lo abocaron a una producci\u00f3n fotogr\u00e1fica prol\u00edfica. Siempre con la c\u00e1mara en la mano, dedic\u00f3 intensas horas del tiempo libre a retratar la vida cotidiana que lo rodeaba.<br \/>\nTusquets forma parte de una generaci\u00f3n de apasionados fot\u00f3grafos amateurs que viven la realidad dolorosa de un pa\u00eds deshecho por la guerra. La instauraci\u00f3n de la dictadura trunc\u00f3 los fruct\u00edferos movimientos culturales que hab\u00eda antes del conflicto. La consolidaci\u00f3n de los discursos sobre la fotograf\u00eda moderna, tan vivos en tiempos de la Rep\u00fablica, quedaron parados.<\/p>\n<h3>Museo Mar\u00edtimo de Barcelona: 80 a\u00f1os de trayectoria.<\/h3>\n<p>El periodo cronol\u00f3gico de las fotograf\u00edas de Tusquets coincide con etapas importantes de la historia de la MMB. El 18 de enero de 1941 se inaugur\u00f3 el Museo Mar\u00edtimo de Barcelona, como herencia directa del Museo Mar\u00edtimo de Catalu\u00f1a, nacido el 1936.<br \/>\nDel mismo modo, para mencionar los hitos hist\u00f3ricos m\u00e1s se\u00f1aladas, en 1943 se organizaba la Exposici\u00f3n Nacional del Libro de Mar. El 1948 se inauguraba la Y Exposici\u00f3n Nacional Fotogr\u00e1fica Mar\u00edtima en la Sala de Pesca.<\/p>\n<\/div><div class=\"fusion-separator fusion-full-width-sep\" style=\"align-self: center;margin-left: auto;margin-right: auto;margin-top:20px;margin-bottom:20px;width:100%;\"><div class=\"fusion-separator-border sep-single sep-solid\" style=\"border-color:#3ec0bf;border-top-width:2px;\"><\/div><\/div><style type=\"text\/css\">.fusion-gallery-1 .fusion-gallery-image {border:0px solid #e2e2e2;}<\/style><div class=\"fusion-gallery fusion-gallery-container fusion-grid-4 fusion-columns-total-4 fusion-gallery-layout-grid fusion-gallery-1\" style=\"margin:-5px;\"><div style=\"padding:5px;\" class=\"fusion-grid-column fusion-gallery-column fusion-gallery-column-4 hover-type-zoomin\"><div class=\"fusion-gallery-image\"><a href=\"https:\/\/afc.cat\/wp-content\/uploads\/2021\/05\/Museu-Maritim-01-_800.jpg\" data-title=\"Joaquin Tusquets (1)\" title=\"Joaquin Tusquets (1)\" rel=\"noreferrer\" data-rel=\"iLightbox[gallery_image_1]\" class=\"fusion-lightbox\" target=\"_self\"><img decoding=\"async\" src=\"https:\/\/afc.cat\/wp-content\/uploads\/2021\/05\/Museu-Maritim-01-_800-320x202.jpg\" width=\"320\" height=\"202\" alt=\"\" title=\"Joaquin Tusquets (1)\" aria-label=\"Joaquin Tusquets (1)\" class=\"img-responsive wp-image-21305 fusion-gallery-image-size-fixed\" srcset=\"https:\/\/afc.cat\/wp-content\/uploads\/2021\/05\/Museu-Maritim-01-_800-320x202.jpg 320w, https:\/\/afc.cat\/wp-content\/uploads\/2021\/05\/Museu-Maritim-01-_800-700x441.jpg 700w\" sizes=\"(max-width: 320px) 100vw, 320px\" \/><\/a><\/div><\/div><div style=\"padding:5px;\" class=\"fusion-grid-column fusion-gallery-column fusion-gallery-column-4 hover-type-zoomin\"><div class=\"fusion-gallery-image\"><a href=\"https:\/\/afc.cat\/wp-content\/uploads\/2021\/05\/Museu-Maritim-02-_800.jpg\" data-title=\"Joaquin Tusquets (2)\" title=\"Joaquin Tusquets (2)\" rel=\"noreferrer\" data-rel=\"iLightbox[gallery_image_1]\" class=\"fusion-lightbox\" target=\"_self\"><img decoding=\"async\" src=\"https:\/\/afc.cat\/wp-content\/uploads\/2021\/05\/Museu-Maritim-02-_800-320x202.jpg\" width=\"320\" height=\"202\" alt=\"\" title=\"Joaquin Tusquets (2)\" aria-label=\"Joaquin Tusquets (2)\" class=\"img-responsive wp-image-21307 fusion-gallery-image-size-fixed\" srcset=\"https:\/\/afc.cat\/wp-content\/uploads\/2021\/05\/Museu-Maritim-02-_800-320x202.jpg 320w, https:\/\/afc.cat\/wp-content\/uploads\/2021\/05\/Museu-Maritim-02-_800-700x441.jpg 700w\" sizes=\"(max-width: 320px) 100vw, 320px\" \/><\/a><\/div><\/div><div style=\"padding:5px;\" class=\"fusion-grid-column fusion-gallery-column fusion-gallery-column-4 hover-type-zoomin\"><div class=\"fusion-gallery-image\"><a href=\"https:\/\/afc.cat\/wp-content\/uploads\/2021\/05\/Museu-Maritim-03-_800.jpg\" data-title=\"Joaquin Tusquets (3)\" title=\"Joaquin Tusquets (3)\" rel=\"noreferrer\" data-rel=\"iLightbox[gallery_image_1]\" class=\"fusion-lightbox\" target=\"_self\"><img decoding=\"async\" src=\"https:\/\/afc.cat\/wp-content\/uploads\/2021\/05\/Museu-Maritim-03-_800-320x202.jpg\" width=\"320\" height=\"202\" alt=\"\" title=\"Joaquin Tusquets (3)\" aria-label=\"Joaquin Tusquets (3)\" class=\"img-responsive wp-image-21309 fusion-gallery-image-size-fixed\" srcset=\"https:\/\/afc.cat\/wp-content\/uploads\/2021\/05\/Museu-Maritim-03-_800-320x202.jpg 320w, https:\/\/afc.cat\/wp-content\/uploads\/2021\/05\/Museu-Maritim-03-_800-700x441.jpg 700w\" sizes=\"(max-width: 320px) 100vw, 320px\" \/><\/a><\/div><\/div><div style=\"padding:5px;\" class=\"fusion-grid-column fusion-gallery-column fusion-gallery-column-4 hover-type-zoomin\"><div class=\"fusion-gallery-image\"><a href=\"https:\/\/afc.cat\/wp-content\/uploads\/2021\/05\/Museu-Maritim-04_800.jpg\" data-title=\"Joaquin Tusquets (4)\" title=\"Joaquin Tusquets (4)\" rel=\"noreferrer\" data-rel=\"iLightbox[gallery_image_1]\" class=\"fusion-lightbox\" target=\"_self\"><img decoding=\"async\" src=\"https:\/\/afc.cat\/wp-content\/uploads\/2021\/05\/Museu-Maritim-04_800-320x202.jpg\" width=\"320\" height=\"202\" alt=\"\" title=\"Joaquin Tusquets (4)\" aria-label=\"Joaquin Tusquets (4)\" class=\"img-responsive wp-image-21311 fusion-gallery-image-size-fixed\" srcset=\"https:\/\/afc.cat\/wp-content\/uploads\/2021\/05\/Museu-Maritim-04_800-320x202.jpg 320w, https:\/\/afc.cat\/wp-content\/uploads\/2021\/05\/Museu-Maritim-04_800-700x441.jpg 700w\" sizes=\"(max-width: 320px) 100vw, 320px\" \/><\/a><\/div><\/div><div class=\"clearfix\"><\/div><\/div><\/div><style type=\"text\/css\">.fusion-body .fusion-builder-column-0{width:100% !important;margin-top : 0px;margin-bottom : 0px;}.fusion-builder-column-0 > .fusion-column-wrapper {padding-top : 0px !important;padding-right : 0px !important;margin-right : 1.92%;padding-bottom : 0px !important;padding-left : 0px !important;margin-left : 1.92%;}@media only screen and (max-width:1024px) {.fusion-body .fusion-builder-column-0{width:100% !important;}.fusion-builder-column-0 > .fusion-column-wrapper {margin-right : 1.92%;margin-left : 1.92%;}}@media only screen and (max-width:640px) {.fusion-body .fusion-builder-column-0{width:100% !important;}.fusion-builder-column-0 > .fusion-column-wrapper {margin-right : 1.92%;margin-left : 1.92%;}}<\/style><\/div><\/div><style type=\"text\/css\">.fusion-body .fusion-flex-container.fusion-builder-row-1{ padding-top : 0px;margin-top : 0px;padding-right : 0px;padding-bottom : 0px;margin-bottom : 0px;padding-left : 0px;}<\/style><\/div><div class=\"fusion-fullwidth fullwidth-box fusion-builder-row-2 fusion-flex-container nonhundred-percent-fullwidth non-hundred-percent-height-scrolling\" style=\"background-color: rgba(255,255,255,0);background-position: center center;background-repeat: no-repeat;border-width: 0px 0px 0px 0px;border-color:#ffffff;border-style:solid;\" ><div class=\"fusion-builder-row fusion-row fusion-flex-align-items-flex-start\" style=\"max-width:1300px;margin-left: calc(-4% \/ 2 );margin-right: calc(-4% \/ 2 );\"><div class=\"fusion-layout-column fusion_builder_column fusion-builder-column-1 fusion_builder_column_1_2 1_2 fusion-flex-column\"><div class=\"fusion-column-wrapper fusion-flex-justify-content-flex-start fusion-content-layout-column\" style=\"background-position:left top;background-repeat:no-repeat;-webkit-background-size:cover;-moz-background-size:cover;-o-background-size:cover;background-size:cover;padding: 0px 0px 0px 0px;\"><\/div><style type=\"text\/css\">.fusion-body .fusion-builder-column-1{width:50% !important;margin-top : 0px;margin-bottom : 20px;}.fusion-builder-column-1 > .fusion-column-wrapper {padding-top : 0px !important;padding-right : 0px !important;margin-right : 3.84%;padding-bottom : 0px !important;padding-left : 0px !important;margin-left : 3.84%;}@media only screen and (max-width:1024px) {.fusion-body .fusion-builder-column-1{width:50% !important;order : 0;}.fusion-builder-column-1 > .fusion-column-wrapper {margin-right : 3.84%;margin-left : 3.84%;}}@media only screen and (max-width:640px) {.fusion-body .fusion-builder-column-1{width:100% !important;order : 0;}.fusion-builder-column-1 > .fusion-column-wrapper {margin-right : 1.92%;margin-left : 1.92%;}}<\/style><\/div><div class=\"fusion-layout-column fusion_builder_column fusion-builder-column-2 fusion_builder_column_1_2 1_2 fusion-flex-column\"><div class=\"fusion-column-wrapper fusion-flex-justify-content-flex-start fusion-content-layout-column\" style=\"background-position:left top;background-repeat:no-repeat;-webkit-background-size:cover;-moz-background-size:cover;-o-background-size:cover;background-size:cover;padding: 0px 0px 0px 0px;\"><\/div><style type=\"text\/css\">.fusion-body .fusion-builder-column-2{width:50% !important;margin-top : 0px;margin-bottom : 20px;}.fusion-builder-column-2 > .fusion-column-wrapper {padding-top : 0px !important;padding-right : 0px !important;margin-right : 3.84%;padding-bottom : 0px !important;padding-left : 0px !important;margin-left : 3.84%;}@media only screen and (max-width:1024px) {.fusion-body .fusion-builder-column-2{width:50% !important;order : 0;}.fusion-builder-column-2 > .fusion-column-wrapper {margin-right : 3.84%;margin-left : 3.84%;}}@media only screen and (max-width:640px) {.fusion-body .fusion-builder-column-2{width:100% !important;order : 0;}.fusion-builder-column-2 > .fusion-column-wrapper {margin-right : 1.92%;margin-left : 1.92%;}}<\/style><\/div><\/div><style type=\"text\/css\">.fusion-body .fusion-flex-container.fusion-builder-row-2{ padding-top : 0px;margin-top : 0px;padding-right : 0px;padding-bottom : 0px;margin-bottom : 0px;padding-left : 0px;}<\/style><\/div><\/p>\n","protected":false},"excerpt":{"rendered":"","protected":false},"template":"","meta":{"_acf_changed":false},"wcs-type":[100,129],"wcs-room":[236],"wcs-instructor":[],"class_list":["post-21425","class","type-class","status-publish","hentry","wcs-type-actos-sociales","wcs-type-salidas-a-exposiciones","wcs-room-museu-maritim-de-barcelona"],"acf":[],"yoast_head":"<!-- This site is optimized with the Yoast SEO plugin v27.5 - https:\/\/yoast.com\/product\/yoast-seo-wordpress\/ -->\n<title>Visita Exposici\u00f3n Im\u00e1genes Encontradas Joqu\u00edn Tusquests. Museo Mar\u00edtimo de Barcelona - Agrupaci\u00f3 Fotogr\u00e0fica de Catalunya<\/title>\n<meta name=\"robots\" content=\"index, follow, max-snippet:-1, max-image-preview:large, max-video-preview:-1\" \/>\n<link rel=\"canonical\" href=\"https:\/\/afc.cat\/es\/activitat\/imagenes-encontradas-la-barcelona-maritima-de-posguerra-el-fondo-joaquin-tusquets-de-cabirol\/\" \/>\n<meta property=\"og:locale\" content=\"es_ES\" \/>\n<meta property=\"og:type\" content=\"article\" \/>\n<meta property=\"og:title\" content=\"Visita Exposici\u00f3n Im\u00e1genes Encontradas Joqu\u00edn Tusquests. Museo Mar\u00edtimo de Barcelona - Agrupaci\u00f3 Fotogr\u00e0fica de Catalunya\" \/>\n<meta property=\"og:url\" content=\"https:\/\/afc.cat\/es\/activitat\/imagenes-encontradas-la-barcelona-maritima-de-posguerra-el-fondo-joaquin-tusquets-de-cabirol\/\" \/>\n<meta property=\"og:site_name\" content=\"Agrupaci\u00f3 Fotogr\u00e0fica de Catalunya\" \/>\n<meta property=\"article:modified_time\" content=\"2021-05-10T13:23:10+00:00\" \/>\n<meta property=\"og:image\" content=\"https:\/\/afc.cat\/wp-content\/uploads\/2021\/05\/Museu-Maritim-05_800-288x300.jpg\" \/>\n<meta name=\"twitter:card\" content=\"summary_large_image\" \/>\n<meta name=\"twitter:label1\" content=\"Tiempo de lectura\" \/>\n\t<meta name=\"twitter:data1\" content=\"5 minutos\" \/>\n<script type=\"application\/ld+json\" class=\"yoast-schema-graph\">{\"@context\":\"https:\\\/\\\/schema.org\",\"@graph\":[{\"@type\":\"WebPage\",\"@id\":\"https:\\\/\\\/afc.cat\\\/es\\\/activitat\\\/imagenes-encontradas-la-barcelona-maritima-de-posguerra-el-fondo-joaquin-tusquets-de-cabirol\\\/\",\"url\":\"https:\\\/\\\/afc.cat\\\/es\\\/activitat\\\/imagenes-encontradas-la-barcelona-maritima-de-posguerra-el-fondo-joaquin-tusquets-de-cabirol\\\/\",\"name\":\"Visita Exposici\u00f3n Im\u00e1genes Encontradas Joqu\u00edn Tusquests. Museo Mar\u00edtimo de Barcelona - Agrupaci\u00f3 Fotogr\u00e0fica de Catalunya\",\"isPartOf\":{\"@id\":\"https:\\\/\\\/afc.cat\\\/es\\\/#website\"},\"primaryImageOfPage\":{\"@id\":\"https:\\\/\\\/afc.cat\\\/es\\\/activitat\\\/imagenes-encontradas-la-barcelona-maritima-de-posguerra-el-fondo-joaquin-tusquets-de-cabirol\\\/#primaryimage\"},\"image\":{\"@id\":\"https:\\\/\\\/afc.cat\\\/es\\\/activitat\\\/imagenes-encontradas-la-barcelona-maritima-de-posguerra-el-fondo-joaquin-tusquets-de-cabirol\\\/#primaryimage\"},\"thumbnailUrl\":\"https:\\\/\\\/afc.cat\\\/wp-content\\\/uploads\\\/2021\\\/05\\\/Museu-Maritim-05_800-288x300.jpg\",\"datePublished\":\"2021-05-09T16:36:46+00:00\",\"dateModified\":\"2021-05-10T13:23:10+00:00\",\"breadcrumb\":{\"@id\":\"https:\\\/\\\/afc.cat\\\/es\\\/activitat\\\/imagenes-encontradas-la-barcelona-maritima-de-posguerra-el-fondo-joaquin-tusquets-de-cabirol\\\/#breadcrumb\"},\"inLanguage\":\"es\",\"potentialAction\":[{\"@type\":\"ReadAction\",\"target\":[\"https:\\\/\\\/afc.cat\\\/es\\\/activitat\\\/imagenes-encontradas-la-barcelona-maritima-de-posguerra-el-fondo-joaquin-tusquets-de-cabirol\\\/\"]}]},{\"@type\":\"ImageObject\",\"inLanguage\":\"es\",\"@id\":\"https:\\\/\\\/afc.cat\\\/es\\\/activitat\\\/imagenes-encontradas-la-barcelona-maritima-de-posguerra-el-fondo-joaquin-tusquets-de-cabirol\\\/#primaryimage\",\"url\":\"https:\\\/\\\/afc.cat\\\/wp-content\\\/uploads\\\/2021\\\/05\\\/Museu-Maritim-05_800-288x300.jpg\",\"contentUrl\":\"https:\\\/\\\/afc.cat\\\/wp-content\\\/uploads\\\/2021\\\/05\\\/Museu-Maritim-05_800-288x300.jpg\"},{\"@type\":\"BreadcrumbList\",\"@id\":\"https:\\\/\\\/afc.cat\\\/es\\\/activitat\\\/imagenes-encontradas-la-barcelona-maritima-de-posguerra-el-fondo-joaquin-tusquets-de-cabirol\\\/#breadcrumb\",\"itemListElement\":[{\"@type\":\"ListItem\",\"position\":1,\"name\":\"Inicio\",\"item\":\"https:\\\/\\\/afc.cat\\\/es\\\/\"},{\"@type\":\"ListItem\",\"position\":2,\"name\":\"Visita Exposici\u00f3n Im\u00e1genes Encontradas Joqu\u00edn Tusquests. Museo Mar\u00edtimo de Barcelona\"}]},{\"@type\":\"WebSite\",\"@id\":\"https:\\\/\\\/afc.cat\\\/es\\\/#website\",\"url\":\"https:\\\/\\\/afc.cat\\\/es\\\/\",\"name\":\"Agrupaci\u00f3 Fotogr\u00e0fica de Catalunya\",\"description\":\"Fomento y divulgaci\u00f3n de la fotograf\u00eda en todas sus variedades\",\"potentialAction\":[{\"@type\":\"SearchAction\",\"target\":{\"@type\":\"EntryPoint\",\"urlTemplate\":\"https:\\\/\\\/afc.cat\\\/es\\\/?s={search_term_string}\"},\"query-input\":{\"@type\":\"PropertyValueSpecification\",\"valueRequired\":true,\"valueName\":\"search_term_string\"}}],\"inLanguage\":\"es\"}]}<\/script>\n<!-- \/ Yoast SEO plugin. -->","yoast_head_json":{"title":"Visita Exposici\u00f3n Im\u00e1genes Encontradas Joqu\u00edn Tusquests. Museo Mar\u00edtimo de Barcelona - Agrupaci\u00f3 Fotogr\u00e0fica de Catalunya","robots":{"index":"index","follow":"follow","max-snippet":"max-snippet:-1","max-image-preview":"max-image-preview:large","max-video-preview":"max-video-preview:-1"},"canonical":"https:\/\/afc.cat\/es\/activitat\/imagenes-encontradas-la-barcelona-maritima-de-posguerra-el-fondo-joaquin-tusquets-de-cabirol\/","og_locale":"es_ES","og_type":"article","og_title":"Visita Exposici\u00f3n Im\u00e1genes Encontradas Joqu\u00edn Tusquests. Museo Mar\u00edtimo de Barcelona - Agrupaci\u00f3 Fotogr\u00e0fica de Catalunya","og_url":"https:\/\/afc.cat\/es\/activitat\/imagenes-encontradas-la-barcelona-maritima-de-posguerra-el-fondo-joaquin-tusquets-de-cabirol\/","og_site_name":"Agrupaci\u00f3 Fotogr\u00e0fica de Catalunya","article_modified_time":"2021-05-10T13:23:10+00:00","og_image":[{"url":"https:\/\/afc.cat\/wp-content\/uploads\/2021\/05\/Museu-Maritim-05_800-288x300.jpg","type":"","width":"","height":""}],"twitter_card":"summary_large_image","twitter_misc":{"Tiempo de lectura":"5 minutos"},"schema":{"@context":"https:\/\/schema.org","@graph":[{"@type":"WebPage","@id":"https:\/\/afc.cat\/es\/activitat\/imagenes-encontradas-la-barcelona-maritima-de-posguerra-el-fondo-joaquin-tusquets-de-cabirol\/","url":"https:\/\/afc.cat\/es\/activitat\/imagenes-encontradas-la-barcelona-maritima-de-posguerra-el-fondo-joaquin-tusquets-de-cabirol\/","name":"Visita Exposici\u00f3n Im\u00e1genes Encontradas Joqu\u00edn Tusquests. Museo Mar\u00edtimo de Barcelona - Agrupaci\u00f3 Fotogr\u00e0fica de Catalunya","isPartOf":{"@id":"https:\/\/afc.cat\/es\/#website"},"primaryImageOfPage":{"@id":"https:\/\/afc.cat\/es\/activitat\/imagenes-encontradas-la-barcelona-maritima-de-posguerra-el-fondo-joaquin-tusquets-de-cabirol\/#primaryimage"},"image":{"@id":"https:\/\/afc.cat\/es\/activitat\/imagenes-encontradas-la-barcelona-maritima-de-posguerra-el-fondo-joaquin-tusquets-de-cabirol\/#primaryimage"},"thumbnailUrl":"https:\/\/afc.cat\/wp-content\/uploads\/2021\/05\/Museu-Maritim-05_800-288x300.jpg","datePublished":"2021-05-09T16:36:46+00:00","dateModified":"2021-05-10T13:23:10+00:00","breadcrumb":{"@id":"https:\/\/afc.cat\/es\/activitat\/imagenes-encontradas-la-barcelona-maritima-de-posguerra-el-fondo-joaquin-tusquets-de-cabirol\/#breadcrumb"},"inLanguage":"es","potentialAction":[{"@type":"ReadAction","target":["https:\/\/afc.cat\/es\/activitat\/imagenes-encontradas-la-barcelona-maritima-de-posguerra-el-fondo-joaquin-tusquets-de-cabirol\/"]}]},{"@type":"ImageObject","inLanguage":"es","@id":"https:\/\/afc.cat\/es\/activitat\/imagenes-encontradas-la-barcelona-maritima-de-posguerra-el-fondo-joaquin-tusquets-de-cabirol\/#primaryimage","url":"https:\/\/afc.cat\/wp-content\/uploads\/2021\/05\/Museu-Maritim-05_800-288x300.jpg","contentUrl":"https:\/\/afc.cat\/wp-content\/uploads\/2021\/05\/Museu-Maritim-05_800-288x300.jpg"},{"@type":"BreadcrumbList","@id":"https:\/\/afc.cat\/es\/activitat\/imagenes-encontradas-la-barcelona-maritima-de-posguerra-el-fondo-joaquin-tusquets-de-cabirol\/#breadcrumb","itemListElement":[{"@type":"ListItem","position":1,"name":"Inicio","item":"https:\/\/afc.cat\/es\/"},{"@type":"ListItem","position":2,"name":"Visita Exposici\u00f3n Im\u00e1genes Encontradas Joqu\u00edn Tusquests. Museo Mar\u00edtimo de Barcelona"}]},{"@type":"WebSite","@id":"https:\/\/afc.cat\/es\/#website","url":"https:\/\/afc.cat\/es\/","name":"Agrupaci\u00f3 Fotogr\u00e0fica de Catalunya","description":"Fomento y divulgaci\u00f3n de la fotograf\u00eda en todas sus variedades","potentialAction":[{"@type":"SearchAction","target":{"@type":"EntryPoint","urlTemplate":"https:\/\/afc.cat\/es\/?s={search_term_string}"},"query-input":{"@type":"PropertyValueSpecification","valueRequired":true,"valueName":"search_term_string"}}],"inLanguage":"es"}]}},"_links":{"self":[{"href":"https:\/\/afc.cat\/es\/wp-json\/wp\/v2\/class\/21425","targetHints":{"allow":["GET"]}}],"collection":[{"href":"https:\/\/afc.cat\/es\/wp-json\/wp\/v2\/class"}],"about":[{"href":"https:\/\/afc.cat\/es\/wp-json\/wp\/v2\/types\/class"}],"wp:attachment":[{"href":"https:\/\/afc.cat\/es\/wp-json\/wp\/v2\/media?parent=21425"}],"wp:term":[{"taxonomy":"wcs-type","embeddable":true,"href":"https:\/\/afc.cat\/es\/wp-json\/wp\/v2\/wcs-type?post=21425"},{"taxonomy":"wcs-room","embeddable":true,"href":"https:\/\/afc.cat\/es\/wp-json\/wp\/v2\/wcs-room?post=21425"},{"taxonomy":"wcs-instructor","embeddable":true,"href":"https:\/\/afc.cat\/es\/wp-json\/wp\/v2\/wcs-instructor?post=21425"}],"curies":[{"name":"wp","href":"https:\/\/api.w.org\/{rel}","templated":true}]}}