{"id":21654,"date":"2021-09-01T00:00:25","date_gmt":"2021-08-31T22:00:25","guid":{"rendered":"https:\/\/afc.cat\/?post_type=class&#038;p=21654"},"modified":"2022-04-14T16:23:18","modified_gmt":"2022-04-14T14:23:18","slug":"taller-de-capture-one-pro-21","status":"publish","type":"class","link":"https:\/\/afc.cat\/es\/activitat\/taller-de-capture-one-pro-21\/","title":{"rendered":"Taller de Capture One  22"},"content":{"rendered":"<p><div class=\"fusion-fullwidth fullwidth-box fusion-builder-row-1 fusion-flex-container nonhundred-percent-fullwidth non-hundred-percent-height-scrolling\" style=\"background-color: rgba(255,255,255,0);background-position: center center;background-repeat: no-repeat;border-width: 0px 0px 0px 0px;border-color:#ffffff;border-style:solid;\" ><div class=\"fusion-builder-row fusion-row fusion-flex-align-items-flex-start\" style=\"max-width:1300px;margin-left: calc(-4% \/ 2 );margin-right: calc(-4% \/ 2 );\"><div class=\"fusion-layout-column fusion_builder_column fusion-builder-column-0 fusion_builder_column_1_1 1_1 fusion-flex-column\"><div class=\"fusion-column-wrapper fusion-flex-justify-content-flex-start fusion-content-layout-column\" style=\"background-position:left top;background-repeat:no-repeat;-webkit-background-size:cover;-moz-background-size:cover;-o-background-size:cover;background-size:cover;padding: 0px 0px 0px 0px;\"><div class=\"fusion-text fusion-text-1\"><h2><strong>Taller de Capture One 22<\/strong><\/h2>\n<p><strong>\u00a0<\/strong><\/p>\n<p>Capture One es un programa de revelado de im\u00e1genes usado desde hace tiempo en el \u00e1mbito profesional y que se est\u00e1 popularizando progresivamente entre los fot\u00f3grafos no profesionales; en las \u00faltimas actualizaciones se han introducido los pinceles de ajuste personalizables y el denominado \u00abpincel m\u00e1gico\u00bb, unas herrameintas que facilitan considerablememte el proceso de edici\u00f3n. Los objetivos de este taller son los de dar a conocer a los socios de la Agrupaci\u00f3 Fotogr\u00e0fica de Catalunya las posibilidades que ofrece Capture One 22 y proporcionarles los conocimientos necesarios para poder empezar a usarlo.<\/p>\n<h3>Programa<\/h3>\n<p>Este taller consta de tres sesiones, de aproximadamente dos horas cada uno de ellas, que se realizaran via Zoom; son independientes, pero es aconsejable asistir cuando menos a las dos primeras.<\/p>\n<p>En la primera sesi\u00f3n se pretende proporcionar los conocimientos necesarios para que todos los interesados en explorar les posibilidades que ofrece este programa aprendan a configurar el espacio de trabajo, a importar y exportar im\u00e1genes y a utilizar las diferentes herramientas de edici\u00f3n, especialmente las relacionadas con las capas, las m\u00e1scaras de capa, los pinceles y los ajustes finos del color.<\/p>\n<p><strong>La primera sesi\u00f3n ser\u00e1 abierta a todo el mundo sea socio o no.<\/strong><\/p>\n<p>En la segunda sesi\u00f3n se explicar\u00e1 con m\u00e1s detalle el proceso de edici\u00f3n.<\/p>\n<p>En la tercera sesi\u00f3n\u00a0 se visionaran im\u00e1genes procesadas por los asistentes al taller i se intentar\u00e1n resolver los problemas y dudas que hayan podido surgir al usar Capture One 22<\/p>\n<p>Nota: La foto que acompa\u00f1a esta informaci\u00f3n fue realizada en un workshop organizado per Kubestudio<\/p>\n<\/div><div class=\"fusion-text fusion-text-2\"><h3>Horario<\/h3>\n<p>Viernes 25 de Marzo, 19h<\/p>\n<p>Viernes 1 de Abril, 19h<\/p>\n<p>Viernes 22 de Abril, 19h<\/p>\n<p>El taller ser\u00e1 online, via Zoom<\/p>\n<\/div><div class=\"fusion-text fusion-text-3\"><h3>Precio<\/h3>\n<p>Gratuito, abierto a todos los socios de la AFC y la primera sesi\u00f3n abierta a todos los aficionados aunque, inexplicablemente, todav\u00eda no sean socios.<\/p>\n<\/div><div class=\"fusion-text fusion-text-4\"><h3>Requisitos<\/h3>\n<p>Los asistentes deber\u00edan tener Capture One, preferiblemente Capture One 22, instalado en su ordenador.<\/p>\n<p>En <a href=\"http:\/\/www.captureone.com\">www.captureone.com<\/a> se puede descargar una versi\u00f3n totalmente operativa de Capture One 22, con una licencia gratuita v\u00e1lida durante 30 d\u00edas.<\/p>\n<\/div><\/div><style type=\"text\/css\">.fusion-body .fusion-builder-column-0{width:100% !important;margin-top : 0px;margin-bottom : 0px;}.fusion-builder-column-0 > .fusion-column-wrapper {padding-top : 0px !important;padding-right : 0px !important;margin-right : 1.92%;padding-bottom : 0px !important;padding-left : 0px !important;margin-left : 1.92%;}@media only screen and (max-width:1024px) {.fusion-body .fusion-builder-column-0{width:100% !important;}.fusion-builder-column-0 > .fusion-column-wrapper {margin-right : 1.92%;margin-left : 1.92%;}}@media only screen and (max-width:640px) {.fusion-body .fusion-builder-column-0{width:100% !important;}.fusion-builder-column-0 > .fusion-column-wrapper {margin-right : 1.92%;margin-left : 1.92%;}}<\/style><\/div><\/div><style type=\"text\/css\">.fusion-body .fusion-flex-container.fusion-builder-row-1{ padding-top : 0px;margin-top : 0px;padding-right : 0px;padding-bottom : 0px;margin-bottom : 0px;padding-left : 0px;}<\/style><\/div><div class=\"fusion-fullwidth fullwidth-box fusion-builder-row-2 fusion-flex-container nonhundred-percent-fullwidth non-hundred-percent-height-scrolling\" style=\"background-color: rgba(255,255,255,0);background-position: center center;background-repeat: no-repeat;border-width: 0px 0px 0px 0px;border-color:#ffffff;border-style:solid;\" ><div class=\"fusion-builder-row fusion-row fusion-flex-align-items-flex-start\" style=\"max-width:1300px;margin-left: calc(-4% \/ 2 );margin-right: calc(-4% \/ 2 );\"><div class=\"fusion-layout-column fusion_builder_column fusion-builder-column-1 fusion_builder_column_1_2 1_2 fusion-flex-column\"><div class=\"fusion-column-wrapper fusion-flex-justify-content-flex-start fusion-content-layout-column\" style=\"background-position:left top;background-repeat:no-repeat;-webkit-background-size:cover;-moz-background-size:cover;-o-background-size:cover;background-size:cover;padding: 0px 0px 0px 0px;\"><\/div><style type=\"text\/css\">.fusion-body .fusion-builder-column-1{width:50% !important;margin-top : 0px;margin-bottom : 20px;}.fusion-builder-column-1 > .fusion-column-wrapper {padding-top : 0px !important;padding-right : 0px !important;margin-right : 3.84%;padding-bottom : 0px !important;padding-left : 0px !important;margin-left : 3.84%;}@media only screen and (max-width:1024px) {.fusion-body .fusion-builder-column-1{width:50% !important;order : 0;}.fusion-builder-column-1 > .fusion-column-wrapper {margin-right : 3.84%;margin-left : 3.84%;}}@media only screen and (max-width:640px) {.fusion-body .fusion-builder-column-1{width:100% !important;order : 0;}.fusion-builder-column-1 > .fusion-column-wrapper {margin-right : 1.92%;margin-left : 1.92%;}}<\/style><\/div><div class=\"fusion-layout-column fusion_builder_column fusion-builder-column-2 fusion_builder_column_1_2 1_2 fusion-flex-column\"><div class=\"fusion-column-wrapper fusion-flex-justify-content-flex-start fusion-content-layout-column\" style=\"background-position:left top;background-repeat:no-repeat;-webkit-background-size:cover;-moz-background-size:cover;-o-background-size:cover;background-size:cover;padding: 0px 0px 0px 0px;\"><\/div><style type=\"text\/css\">.fusion-body .fusion-builder-column-2{width:50% !important;margin-top : 0px;margin-bottom : 20px;}.fusion-builder-column-2 > .fusion-column-wrapper {padding-top : 0px !important;padding-right : 0px !important;margin-right : 3.84%;padding-bottom : 0px !important;padding-left : 0px !important;margin-left : 3.84%;}@media only screen and (max-width:1024px) {.fusion-body .fusion-builder-column-2{width:50% !important;order : 0;}.fusion-builder-column-2 > .fusion-column-wrapper {margin-right : 3.84%;margin-left : 3.84%;}}@media only screen and (max-width:640px) {.fusion-body .fusion-builder-column-2{width:100% !important;order : 0;}.fusion-builder-column-2 > .fusion-column-wrapper {margin-right : 1.92%;margin-left : 1.92%;}}<\/style><\/div><\/div><style type=\"text\/css\">.fusion-body .fusion-flex-container.fusion-builder-row-2{ padding-top : 0px;margin-top : 0px;padding-right : 0px;padding-bottom : 0px;margin-bottom : 0px;padding-left : 0px;}<\/style><\/div><\/p>\n","protected":false},"excerpt":{"rendered":"<p>Este taller de Capture One 22, organizado por la Vocalia de Formaci\u00f3 de la Agrupaci\u00f3 Fotogr\u00e1fica de Catalunya y reservado a sus socios, es gratuito y  consta de tres webinars en los que se explicaran las bases del funcionamiento de este programa<\/p>\n","protected":false},"template":"","meta":{"_acf_changed":false},"wcs-type":[114,118],"wcs-room":[228],"wcs-instructor":[230],"class_list":["post-21654","class","type-class","status-publish","hentry","wcs-type-formacion","wcs-type-taller-es","wcs-room-modalidad-online","wcs-instructor-jacint-guiteras"],"acf":[],"yoast_head":"<!-- This site is optimized with the Yoast SEO plugin v27.5 - https:\/\/yoast.com\/product\/yoast-seo-wordpress\/ -->\n<title>Taller de Capture One 22 - Agrupaci\u00f3 Fotogr\u00e0fica de Catalunya<\/title>\n<meta name=\"description\" content=\"Tres Webinars de Capture One 22 con el objetivo de que los socios de la AFC conozcan las posibilidades que ofrece este programa\" \/>\n<meta name=\"robots\" content=\"index, follow, max-snippet:-1, max-image-preview:large, max-video-preview:-1\" \/>\n<link rel=\"canonical\" href=\"https:\/\/afc.cat\/es\/activitat\/taller-de-capture-one-pro-21\/\" \/>\n<meta property=\"og:locale\" content=\"es_ES\" \/>\n<meta property=\"og:type\" content=\"article\" \/>\n<meta property=\"og:title\" content=\"Taller de Capture One 22 - Agrupaci\u00f3 Fotogr\u00e0fica de Catalunya\" \/>\n<meta property=\"og:description\" content=\"Tres Webinars de Capture One 22 con el objetivo de que los socios de la AFC conozcan las posibilidades que ofrece este programa\" \/>\n<meta property=\"og:url\" content=\"https:\/\/afc.cat\/es\/activitat\/taller-de-capture-one-pro-21\/\" \/>\n<meta property=\"og:site_name\" content=\"Agrupaci\u00f3 Fotogr\u00e0fica de Catalunya\" \/>\n<meta property=\"article:modified_time\" content=\"2022-04-14T14:23:18+00:00\" \/>\n<meta name=\"twitter:card\" content=\"summary_large_image\" \/>\n<meta name=\"twitter:label1\" content=\"Tiempo de lectura\" \/>\n\t<meta name=\"twitter:data1\" content=\"3 minutos\" \/>\n<script type=\"application\/ld+json\" class=\"yoast-schema-graph\">{\"@context\":\"https:\\\/\\\/schema.org\",\"@graph\":[{\"@type\":\"WebPage\",\"@id\":\"https:\\\/\\\/afc.cat\\\/es\\\/activitat\\\/taller-de-capture-one-pro-21\\\/\",\"url\":\"https:\\\/\\\/afc.cat\\\/es\\\/activitat\\\/taller-de-capture-one-pro-21\\\/\",\"name\":\"Taller de Capture One 22 - Agrupaci\u00f3 Fotogr\u00e0fica de Catalunya\",\"isPartOf\":{\"@id\":\"https:\\\/\\\/afc.cat\\\/es\\\/#website\"},\"datePublished\":\"2021-08-31T22:00:25+00:00\",\"dateModified\":\"2022-04-14T14:23:18+00:00\",\"description\":\"Tres Webinars de Capture One 22 con el objetivo de que los socios de la AFC conozcan las posibilidades que ofrece este programa\",\"breadcrumb\":{\"@id\":\"https:\\\/\\\/afc.cat\\\/es\\\/activitat\\\/taller-de-capture-one-pro-21\\\/#breadcrumb\"},\"inLanguage\":\"es\",\"potentialAction\":[{\"@type\":\"ReadAction\",\"target\":[\"https:\\\/\\\/afc.cat\\\/es\\\/activitat\\\/taller-de-capture-one-pro-21\\\/\"]}]},{\"@type\":\"BreadcrumbList\",\"@id\":\"https:\\\/\\\/afc.cat\\\/es\\\/activitat\\\/taller-de-capture-one-pro-21\\\/#breadcrumb\",\"itemListElement\":[{\"@type\":\"ListItem\",\"position\":1,\"name\":\"Inicio\",\"item\":\"https:\\\/\\\/afc.cat\\\/es\\\/\"},{\"@type\":\"ListItem\",\"position\":2,\"name\":\"Taller de Capture One 22\"}]},{\"@type\":\"WebSite\",\"@id\":\"https:\\\/\\\/afc.cat\\\/es\\\/#website\",\"url\":\"https:\\\/\\\/afc.cat\\\/es\\\/\",\"name\":\"Agrupaci\u00f3 Fotogr\u00e0fica de Catalunya\",\"description\":\"Fomento y divulgaci\u00f3n de la fotograf\u00eda en todas sus variedades\",\"potentialAction\":[{\"@type\":\"SearchAction\",\"target\":{\"@type\":\"EntryPoint\",\"urlTemplate\":\"https:\\\/\\\/afc.cat\\\/es\\\/?s={search_term_string}\"},\"query-input\":{\"@type\":\"PropertyValueSpecification\",\"valueRequired\":true,\"valueName\":\"search_term_string\"}}],\"inLanguage\":\"es\"}]}<\/script>\n<!-- \/ Yoast SEO plugin. -->","yoast_head_json":{"title":"Taller de Capture One 22 - Agrupaci\u00f3 Fotogr\u00e0fica de Catalunya","description":"Tres Webinars de Capture One 22 con el objetivo de que los socios de la AFC conozcan las posibilidades que ofrece este programa","robots":{"index":"index","follow":"follow","max-snippet":"max-snippet:-1","max-image-preview":"max-image-preview:large","max-video-preview":"max-video-preview:-1"},"canonical":"https:\/\/afc.cat\/es\/activitat\/taller-de-capture-one-pro-21\/","og_locale":"es_ES","og_type":"article","og_title":"Taller de Capture One 22 - Agrupaci\u00f3 Fotogr\u00e0fica de Catalunya","og_description":"Tres Webinars de Capture One 22 con el objetivo de que los socios de la AFC conozcan las posibilidades que ofrece este programa","og_url":"https:\/\/afc.cat\/es\/activitat\/taller-de-capture-one-pro-21\/","og_site_name":"Agrupaci\u00f3 Fotogr\u00e0fica de Catalunya","article_modified_time":"2022-04-14T14:23:18+00:00","twitter_card":"summary_large_image","twitter_misc":{"Tiempo de lectura":"3 minutos"},"schema":{"@context":"https:\/\/schema.org","@graph":[{"@type":"WebPage","@id":"https:\/\/afc.cat\/es\/activitat\/taller-de-capture-one-pro-21\/","url":"https:\/\/afc.cat\/es\/activitat\/taller-de-capture-one-pro-21\/","name":"Taller de Capture One 22 - Agrupaci\u00f3 Fotogr\u00e0fica de Catalunya","isPartOf":{"@id":"https:\/\/afc.cat\/es\/#website"},"datePublished":"2021-08-31T22:00:25+00:00","dateModified":"2022-04-14T14:23:18+00:00","description":"Tres Webinars de Capture One 22 con el objetivo de que los socios de la AFC conozcan las posibilidades que ofrece este programa","breadcrumb":{"@id":"https:\/\/afc.cat\/es\/activitat\/taller-de-capture-one-pro-21\/#breadcrumb"},"inLanguage":"es","potentialAction":[{"@type":"ReadAction","target":["https:\/\/afc.cat\/es\/activitat\/taller-de-capture-one-pro-21\/"]}]},{"@type":"BreadcrumbList","@id":"https:\/\/afc.cat\/es\/activitat\/taller-de-capture-one-pro-21\/#breadcrumb","itemListElement":[{"@type":"ListItem","position":1,"name":"Inicio","item":"https:\/\/afc.cat\/es\/"},{"@type":"ListItem","position":2,"name":"Taller de Capture One 22"}]},{"@type":"WebSite","@id":"https:\/\/afc.cat\/es\/#website","url":"https:\/\/afc.cat\/es\/","name":"Agrupaci\u00f3 Fotogr\u00e0fica de Catalunya","description":"Fomento y divulgaci\u00f3n de la fotograf\u00eda en todas sus variedades","potentialAction":[{"@type":"SearchAction","target":{"@type":"EntryPoint","urlTemplate":"https:\/\/afc.cat\/es\/?s={search_term_string}"},"query-input":{"@type":"PropertyValueSpecification","valueRequired":true,"valueName":"search_term_string"}}],"inLanguage":"es"}]}},"_links":{"self":[{"href":"https:\/\/afc.cat\/es\/wp-json\/wp\/v2\/class\/21654","targetHints":{"allow":["GET"]}}],"collection":[{"href":"https:\/\/afc.cat\/es\/wp-json\/wp\/v2\/class"}],"about":[{"href":"https:\/\/afc.cat\/es\/wp-json\/wp\/v2\/types\/class"}],"wp:attachment":[{"href":"https:\/\/afc.cat\/es\/wp-json\/wp\/v2\/media?parent=21654"}],"wp:term":[{"taxonomy":"wcs-type","embeddable":true,"href":"https:\/\/afc.cat\/es\/wp-json\/wp\/v2\/wcs-type?post=21654"},{"taxonomy":"wcs-room","embeddable":true,"href":"https:\/\/afc.cat\/es\/wp-json\/wp\/v2\/wcs-room?post=21654"},{"taxonomy":"wcs-instructor","embeddable":true,"href":"https:\/\/afc.cat\/es\/wp-json\/wp\/v2\/wcs-instructor?post=21654"}],"curies":[{"name":"wp","href":"https:\/\/api.w.org\/{rel}","templated":true}]}}