{"id":21699,"date":"2021-05-25T23:51:21","date_gmt":"2021-05-25T21:51:21","guid":{"rendered":"https:\/\/afc.cat\/?post_type=class&#038;p=21699"},"modified":"2021-05-25T23:51:21","modified_gmt":"2021-05-25T21:51:21","slug":"descubriendo-rincones-escondidos-de-barcelona-el-jardi-botanic-historic","status":"publish","type":"class","link":"https:\/\/afc.cat\/es\/activitat\/descubriendo-rincones-escondidos-de-barcelona-el-jardi-botanic-historic\/","title":{"rendered":"DESCUBRIENDO RINCONES ESCONDIDOS DE BARCELONA: EL JARD\u00cd BOT\u00c0NIC HIST\u00d2RIC"},"content":{"rendered":"<p><div class=\"fusion-fullwidth fullwidth-box fusion-builder-row-1 fusion-flex-container nonhundred-percent-fullwidth non-hundred-percent-height-scrolling\" style=\"background-color: rgba(255,255,255,0);background-position: center center;background-repeat: no-repeat;border-width: 0px 0px 0px 0px;border-color:#ffffff;border-style:solid;\" ><div class=\"fusion-builder-row fusion-row fusion-flex-align-items-flex-start\" style=\"max-width:1300px;margin-left: calc(-4% \/ 2 );margin-right: calc(-4% \/ 2 );\"><div class=\"fusion-layout-column fusion_builder_column fusion-builder-column-0 fusion_builder_column_1_1 1_1 fusion-flex-column\"><div class=\"fusion-column-wrapper fusion-flex-justify-content-flex-start fusion-content-layout-column\" style=\"background-position:left top;background-repeat:no-repeat;-webkit-background-size:cover;-moz-background-size:cover;-o-background-size:cover;background-size:cover;padding: 0px 0px 0px 0px;\"><div class=\"fusion-text fusion-text-1\"><h2>Salida fotogr\u00e1fica al Jard\u00edn Bot\u00e1nico Hist\u00f3rico de Barcelona<\/h2>\n<h2 class=\"fusion-responsive-typography-calculated\" data-fontsize=\"40\" data-lineheight=\"48px\"><\/h2>\n<\/div><div ><span class=\" fusion-imageframe imageframe-none imageframe-1 hover-type-zoomin\"><img decoding=\"async\" width=\"400\" height=\"267\" title=\"AnnaBarnes-2\" src=\"https:\/\/afc.cat\/wp-content\/uploads\/2021\/05\/AnnaBarnes-2-400x267.jpg\" alt class=\"img-responsive wp-image-21691\" srcset=\"https:\/\/afc.cat\/wp-content\/uploads\/2021\/05\/AnnaBarnes-2-200x133.jpg 200w, https:\/\/afc.cat\/wp-content\/uploads\/2021\/05\/AnnaBarnes-2-400x267.jpg 400w, https:\/\/afc.cat\/wp-content\/uploads\/2021\/05\/AnnaBarnes-2-600x400.jpg 600w, https:\/\/afc.cat\/wp-content\/uploads\/2021\/05\/AnnaBarnes-2-800x534.jpg 800w, https:\/\/afc.cat\/wp-content\/uploads\/2021\/05\/AnnaBarnes-2.jpg 1024w\" sizes=\"(max-width: 640px) 100vw, 400px\" \/><\/span><\/div><div class=\"fusion-text fusion-text-2\" style=\"font-size:13px;\"><p>Foto: Anna Barn\u00e9s<\/p>\n<\/div><div class=\"fusion-text fusion-text-3\"><p><b>FECHA: <\/b>lunes, 31 de mayo de 2021<\/p>\n<p><b>PUNTO DE ENCUENTRO: <\/b>Torres Venecianas Pza. Espa\u00f1a.\u00a0Subiremos por las escaleras mec\u00e1nicas.<\/p>\n<p><b>HORA: <\/b>16:30 horas<\/p>\n<p>Si vienes en coche, nos encontraremos en el aparcamiento detr\u00e1s del MNAC (Avenida de los Muntanyans s \/ n) a las 16:45 horas<\/p>\n<p><b>HORARIO DE LA ACTIVIDAD<\/b>: de 16:30 a 19:00 horas aproximadamente (el Jard\u00edn cierra a las 19: 00h)<\/p>\n<p><b>COMO LLEGAR:<\/b><\/p>\n<p><b>Metro <\/b>L1 (roja) &#8211; L3 (verde) plaza Espa\u00f1a.<\/p>\n<p><b>BUS: <\/b>hay muchas l\u00edneas de bus que tienen parada Pza. Espa\u00f1a<\/p>\n<p><b>PRECIO:<\/b> gratuito<\/p>\n<p><b>INSCRIPCI\u00d3N<\/b>: Enviar correo a sortides@afc.cat indicando tu nombre<\/p>\n<p><b>DESCRIPCI\u00d3N DE LA ACTIVIDAD:<\/b><\/p>\n<p>Muchos de nosotros hemos visitado o hemos o\u00eddo hablar del Jard\u00edn Bot\u00e1nico de Barcelona, \u200b\u200bun gran espacio verde donde podemos encontrar gran parte de la vegetaci\u00f3n mediterr\u00e1nea y que est\u00e1 situado por encima del Estadio Ol\u00edmpico. Pero muchos de nosotros desconocemos que de Jardines Bot\u00e1nicos hay dos en Barcelona. El m\u00e1s grande que acabamos de mencionar y otro m\u00e1s antiguo, m\u00e1s peque\u00f1o y muy escondido. Se trata del Jard\u00edn Bot\u00e1nico Hist\u00f3rico de Barcelona.<\/p>\n<p>Este Jard\u00edn es un peque\u00f1o tesoro de la jardiner\u00eda barcelonesa, se esconde dentro de dos hoyos procedentes de antiguas canteras, en el sector de la Foixarda de Montju\u00efc, detr\u00e1s del Museo Nacional de Arte de Catalu\u00f1a. El hecho de tratarse de un lugar hundido, en la umbr\u00eda de Montju\u00efc, hace que el aire fr\u00edo se acumule abajo y las temperaturas de la hondonada sean hasta cuatro grados inferiores a las de la parte superior del bache. Esta circunstancia facilita el desarrollo de especies de car\u00e1cter eurosiberiano, propias de climas m\u00e1s fr\u00edos.<\/p>\n<p>Fue creado en la d\u00e9cada de 1930, en 1986 fue cerrado por problemas de estabilidad de las paredes y fue reabierto al p\u00fablico en octubre de 2003, cuatro a\u00f1os despu\u00e9s de la inauguraci\u00f3n del nuevo Jard\u00edn Bot\u00e1nico de Barcelona, \u200b\u200btambi\u00e9n situado en Montju\u00efc.<\/p>\n<p>El Jard\u00edn Bot\u00e1nico Hist\u00f3rico acoge plantas procedentes de todo el mundo y tiene los \u00e1rboles m\u00e1s altos que se pueden ver en Barcelona, \u200b\u200bcomo un fresno, un nogal del C\u00e1ucaso y un alcanfor, entre otros. El Jard\u00edn ha estado implicado durante muchos a\u00f1os en tareas de investigaci\u00f3n y conservaci\u00f3n de diferentes especies que luego han podido ser reintroducidas de nuevo a su h\u00e1bitat de origen.<\/p>\n<p>Fotogr\u00e1ficamente hablando, es una peque\u00f1a joya escondida en la monta\u00f1a de Montju\u00efc donde encontraremos mol-tes oportunidades de conseguir buenas fotos. Es un espacio muy tranquilo con pocos visitantes, ideal para la fotograf\u00eda sin prisas. Hay un peque\u00f1o huerto de cultivo de semillas que en esta \u00e9poca del a\u00f1o est\u00e1 en plena polinizaci\u00f3n. \u00a1Los amantes de la fotograf\u00eda macro estaremos de suerte, flores, hojas e insectos en plena actividad!<\/p>\n<\/div><\/div><style type=\"text\/css\">.fusion-body .fusion-builder-column-0{width:100% !important;margin-top : 0px;margin-bottom : 0px;}.fusion-builder-column-0 > .fusion-column-wrapper {padding-top : 0px !important;padding-right : 0px !important;margin-right : 1.92%;padding-bottom : 0px !important;padding-left : 0px !important;margin-left : 1.92%;}@media only screen and (max-width:1024px) {.fusion-body .fusion-builder-column-0{width:100% !important;}.fusion-builder-column-0 > .fusion-column-wrapper {margin-right : 1.92%;margin-left : 1.92%;}}@media only screen and (max-width:640px) {.fusion-body .fusion-builder-column-0{width:100% !important;}.fusion-builder-column-0 > .fusion-column-wrapper {margin-right : 1.92%;margin-left : 1.92%;}}<\/style><\/div><\/div><style type=\"text\/css\">.fusion-body .fusion-flex-container.fusion-builder-row-1{ padding-top : 0px;margin-top : 0px;padding-right : 0px;padding-bottom : 0px;margin-bottom : 0px;padding-left : 0px;}<\/style><\/div><div class=\"fusion-fullwidth fullwidth-box fusion-builder-row-2 fusion-flex-container nonhundred-percent-fullwidth non-hundred-percent-height-scrolling\" style=\"background-color: rgba(255,255,255,0);background-position: center center;background-repeat: no-repeat;border-width: 0px 0px 0px 0px;border-color:#ffffff;border-style:solid;\" ><div class=\"fusion-builder-row fusion-row fusion-flex-align-items-flex-start\" style=\"max-width:1300px;margin-left: calc(-4% \/ 2 );margin-right: calc(-4% \/ 2 );\"><div class=\"fusion-layout-column fusion_builder_column fusion-builder-column-1 fusion_builder_column_1_2 1_2 fusion-flex-column\"><div class=\"fusion-column-wrapper fusion-flex-justify-content-flex-start fusion-content-layout-column\" style=\"background-position:left top;background-repeat:no-repeat;-webkit-background-size:cover;-moz-background-size:cover;-o-background-size:cover;background-size:cover;padding: 0px 0px 0px 0px;\"><div ><span class=\" fusion-imageframe imageframe-none imageframe-2 hover-type-zoomin\"><a href=\"https:\/\/afc.cat\/wp-content\/uploads\/2021\/05\/CarmeCamprodon-1.jpg\" class=\"fusion-lightbox\" data-rel=\"iLightbox[fd7ee9550129968af42]\" data-title=\"Carme Camprodon\" title=\"Carme Camprodon\"><img decoding=\"async\" width=\"300\" height=\"200\" src=\"https:\/\/afc.cat\/wp-content\/uploads\/2021\/05\/CarmeCamprodon-1-300x200.jpg\" alt class=\"img-responsive wp-image-21695\" srcset=\"https:\/\/afc.cat\/wp-content\/uploads\/2021\/05\/CarmeCamprodon-1-200x133.jpg 200w, https:\/\/afc.cat\/wp-content\/uploads\/2021\/05\/CarmeCamprodon-1-400x267.jpg 400w, https:\/\/afc.cat\/wp-content\/uploads\/2021\/05\/CarmeCamprodon-1-600x400.jpg 600w, https:\/\/afc.cat\/wp-content\/uploads\/2021\/05\/CarmeCamprodon-1-800x534.jpg 800w, https:\/\/afc.cat\/wp-content\/uploads\/2021\/05\/CarmeCamprodon-1.jpg 1024w\" sizes=\"(max-width: 640px) 100vw, 600px\" \/><\/a><\/span><\/div><div class=\"fusion-text fusion-text-4\" style=\"font-size:13px;\"><p>Foto: Carme Camprod\u00f3n<\/p>\n<\/div><\/div><style type=\"text\/css\">.fusion-body .fusion-builder-column-1{width:50% !important;margin-top : 0px;margin-bottom : 20px;}.fusion-builder-column-1 > .fusion-column-wrapper {padding-top : 0px !important;padding-right : 0px !important;margin-right : 3.84%;padding-bottom : 0px !important;padding-left : 0px !important;margin-left : 3.84%;}@media only screen and (max-width:1024px) {.fusion-body .fusion-builder-column-1{width:50% !important;order : 0;}.fusion-builder-column-1 > .fusion-column-wrapper {margin-right : 3.84%;margin-left : 3.84%;}}@media only screen and (max-width:640px) {.fusion-body .fusion-builder-column-1{width:100% !important;order : 0;}.fusion-builder-column-1 > .fusion-column-wrapper {margin-right : 1.92%;margin-left : 1.92%;}}<\/style><\/div><div class=\"fusion-layout-column fusion_builder_column fusion-builder-column-2 fusion_builder_column_1_2 1_2 fusion-flex-column\"><div class=\"fusion-column-wrapper fusion-flex-justify-content-flex-start fusion-content-layout-column\" style=\"background-position:left top;background-repeat:no-repeat;-webkit-background-size:cover;-moz-background-size:cover;-o-background-size:cover;background-size:cover;padding: 0px 0px 0px 0px;\"><div ><span class=\" fusion-imageframe imageframe-none imageframe-3 hover-type-zoomin\"><a href=\"https:\/\/afc.cat\/wp-content\/uploads\/2021\/05\/CarmeCamprodon-2.jpg\" class=\"fusion-lightbox\" data-rel=\"iLightbox[7f3457f85aff2c09de1]\" data-title=\"Carme Camprodon\" title=\"Carme Camprodon\"><img decoding=\"async\" width=\"300\" height=\"216\" src=\"https:\/\/afc.cat\/wp-content\/uploads\/2021\/05\/CarmeCamprodon-2-300x216.jpg\" alt class=\"img-responsive wp-image-21697\" srcset=\"https:\/\/afc.cat\/wp-content\/uploads\/2021\/05\/CarmeCamprodon-2-200x144.jpg 200w, https:\/\/afc.cat\/wp-content\/uploads\/2021\/05\/CarmeCamprodon-2-400x288.jpg 400w, https:\/\/afc.cat\/wp-content\/uploads\/2021\/05\/CarmeCamprodon-2-600x432.jpg 600w, https:\/\/afc.cat\/wp-content\/uploads\/2021\/05\/CarmeCamprodon-2-800x576.jpg 800w, https:\/\/afc.cat\/wp-content\/uploads\/2021\/05\/CarmeCamprodon-2.jpg 1024w\" sizes=\"(max-width: 640px) 100vw, 600px\" \/><\/a><\/span><\/div><div class=\"fusion-text fusion-text-5\" style=\"font-size:13px;\"><p>Foto: Carme Camprod\u00f3n<\/p>\n<\/div><\/div><style type=\"text\/css\">.fusion-body .fusion-builder-column-2{width:50% !important;margin-top : 0px;margin-bottom : 20px;}.fusion-builder-column-2 > .fusion-column-wrapper {padding-top : 0px !important;padding-right : 0px !important;margin-right : 3.84%;padding-bottom : 0px !important;padding-left : 0px !important;margin-left : 3.84%;}@media only screen and (max-width:1024px) {.fusion-body .fusion-builder-column-2{width:50% !important;order : 0;}.fusion-builder-column-2 > .fusion-column-wrapper {margin-right : 3.84%;margin-left : 3.84%;}}@media only screen and (max-width:640px) {.fusion-body .fusion-builder-column-2{width:100% !important;order : 0;}.fusion-builder-column-2 > .fusion-column-wrapper {margin-right : 1.92%;margin-left : 1.92%;}}<\/style><\/div><div class=\"fusion-layout-column fusion_builder_column fusion-builder-column-3 fusion_builder_column_1_1 1_1 fusion-flex-column\"><div class=\"fusion-column-wrapper fusion-flex-justify-content-flex-start fusion-content-layout-column\" style=\"background-position:left top;background-repeat:no-repeat;-webkit-background-size:cover;-moz-background-size:cover;-o-background-size:cover;background-size:cover;padding: 0px 0px 0px 0px;\"><div class=\"fusion-text fusion-text-6\"><p>Despu\u00e9s de visitar el Jard\u00ed Bot\u00e0nic Hist\u00f2ric, podemos aprovechar para disfrutar de las magn\u00edficas vistas de la ciudad desde las terrazas del MNAC ba\u00f1ada por la luz de la \u00faltima hora de la tarde.<\/p>\n<p>Deseamos que esta propuesta sea de vuestro agrado.\u00a0 \u00a1Os esperamos!<\/p>\n<\/div><div style=\"text-align:center;\"><span class=\" fusion-imageframe imageframe-none imageframe-4 hover-type-zoomin\"><a href=\"https:\/\/afc.cat\/wp-content\/uploads\/2021\/05\/AnnaBarnes-1.jpg\" class=\"fusion-lightbox\" data-rel=\"iLightbox[f421347d98f7dc18bb0]\" data-title=\"Anna Barn\u00e9s\" title=\"Anna Barn\u00e9s\"><img decoding=\"async\" width=\"400\" height=\"267\" src=\"https:\/\/afc.cat\/wp-content\/uploads\/2021\/05\/AnnaBarnes-1-400x267.jpg\" alt class=\"img-responsive wp-image-21689\" srcset=\"https:\/\/afc.cat\/wp-content\/uploads\/2021\/05\/AnnaBarnes-1-200x133.jpg 200w, https:\/\/afc.cat\/wp-content\/uploads\/2021\/05\/AnnaBarnes-1-400x267.jpg 400w, https:\/\/afc.cat\/wp-content\/uploads\/2021\/05\/AnnaBarnes-1-600x400.jpg 600w, https:\/\/afc.cat\/wp-content\/uploads\/2021\/05\/AnnaBarnes-1-800x534.jpg 800w, https:\/\/afc.cat\/wp-content\/uploads\/2021\/05\/AnnaBarnes-1.jpg 1024w\" sizes=\"(max-width: 640px) 100vw, 400px\" \/><\/a><\/span><\/div><div class=\"fusion-text fusion-text-7\" style=\"font-size:13px;\"><p style=\"text-align: center;\">Foto: Anna Barn\u00e9s<\/p>\n<\/div><\/div><style type=\"text\/css\">.fusion-body .fusion-builder-column-3{width:100% !important;margin-top : 0px;margin-bottom : 20px;}.fusion-builder-column-3 > .fusion-column-wrapper {padding-top : 0px !important;padding-right : 0px !important;margin-right : 1.92%;padding-bottom : 0px !important;padding-left : 0px !important;margin-left : 1.92%;}@media only screen and (max-width:1024px) {.fusion-body .fusion-builder-column-3{width:100% !important;order : 0;}.fusion-builder-column-3 > .fusion-column-wrapper {margin-right : 1.92%;margin-left : 1.92%;}}@media only screen and (max-width:640px) {.fusion-body .fusion-builder-column-3{width:100% !important;order : 0;}.fusion-builder-column-3 > .fusion-column-wrapper {margin-right : 1.92%;margin-left : 1.92%;}}<\/style><\/div><\/div><style type=\"text\/css\">.fusion-body .fusion-flex-container.fusion-builder-row-2{ padding-top : 0px;margin-top : 0px;padding-right : 0px;padding-bottom : 0px;margin-bottom : 0px;padding-left : 0px;}<\/style><\/div><\/p>\n","protected":false},"excerpt":{"rendered":"","protected":false},"template":"","meta":{"_acf_changed":false},"wcs-type":[128],"wcs-room":[248],"wcs-instructor":[250,249],"class_list":["post-21699","class","type-class","status-publish","hentry","wcs-type-salidas-fotograficas","wcs-room-jardi-botanic-de-barcelona","wcs-instructor-grup-sortides-fotografiques","wcs-instructor-vocalia-de-cultura"],"acf":[],"yoast_head":"<!-- This site is optimized with the Yoast SEO plugin v27.5 - https:\/\/yoast.com\/product\/yoast-seo-wordpress\/ -->\n<title>DESCUBRIENDO RINCONES ESCONDIDOS DE BARCELONA: EL JARD\u00cd BOT\u00c0NIC HIST\u00d2RIC - Agrupaci\u00f3 Fotogr\u00e0fica de Catalunya<\/title>\n<meta name=\"robots\" content=\"index, follow, max-snippet:-1, max-image-preview:large, max-video-preview:-1\" \/>\n<link rel=\"canonical\" href=\"https:\/\/afc.cat\/es\/activitat\/descubriendo-rincones-escondidos-de-barcelona-el-jardi-botanic-historic\/\" \/>\n<meta property=\"og:locale\" content=\"es_ES\" \/>\n<meta property=\"og:type\" content=\"article\" \/>\n<meta property=\"og:title\" content=\"DESCUBRIENDO RINCONES ESCONDIDOS DE BARCELONA: EL JARD\u00cd BOT\u00c0NIC HIST\u00d2RIC - Agrupaci\u00f3 Fotogr\u00e0fica de Catalunya\" \/>\n<meta property=\"og:url\" content=\"https:\/\/afc.cat\/es\/activitat\/descubriendo-rincones-escondidos-de-barcelona-el-jardi-botanic-historic\/\" \/>\n<meta property=\"og:site_name\" content=\"Agrupaci\u00f3 Fotogr\u00e0fica de Catalunya\" \/>\n<meta name=\"twitter:card\" content=\"summary_large_image\" \/>\n<meta name=\"twitter:label1\" content=\"Tiempo de lectura\" \/>\n\t<meta name=\"twitter:data1\" content=\"6 minutos\" \/>\n<script type=\"application\/ld+json\" class=\"yoast-schema-graph\">{\"@context\":\"https:\\\/\\\/schema.org\",\"@graph\":[{\"@type\":\"WebPage\",\"@id\":\"https:\\\/\\\/afc.cat\\\/es\\\/activitat\\\/descubriendo-rincones-escondidos-de-barcelona-el-jardi-botanic-historic\\\/\",\"url\":\"https:\\\/\\\/afc.cat\\\/es\\\/activitat\\\/descubriendo-rincones-escondidos-de-barcelona-el-jardi-botanic-historic\\\/\",\"name\":\"DESCUBRIENDO RINCONES ESCONDIDOS DE BARCELONA: EL JARD\u00cd BOT\u00c0NIC HIST\u00d2RIC - Agrupaci\u00f3 Fotogr\u00e0fica de Catalunya\",\"isPartOf\":{\"@id\":\"https:\\\/\\\/afc.cat\\\/es\\\/#website\"},\"datePublished\":\"2021-05-25T21:51:21+00:00\",\"breadcrumb\":{\"@id\":\"https:\\\/\\\/afc.cat\\\/es\\\/activitat\\\/descubriendo-rincones-escondidos-de-barcelona-el-jardi-botanic-historic\\\/#breadcrumb\"},\"inLanguage\":\"es\",\"potentialAction\":[{\"@type\":\"ReadAction\",\"target\":[\"https:\\\/\\\/afc.cat\\\/es\\\/activitat\\\/descubriendo-rincones-escondidos-de-barcelona-el-jardi-botanic-historic\\\/\"]}]},{\"@type\":\"BreadcrumbList\",\"@id\":\"https:\\\/\\\/afc.cat\\\/es\\\/activitat\\\/descubriendo-rincones-escondidos-de-barcelona-el-jardi-botanic-historic\\\/#breadcrumb\",\"itemListElement\":[{\"@type\":\"ListItem\",\"position\":1,\"name\":\"Inicio\",\"item\":\"https:\\\/\\\/afc.cat\\\/es\\\/\"},{\"@type\":\"ListItem\",\"position\":2,\"name\":\"DESCUBRIENDO RINCONES ESCONDIDOS DE BARCELONA: EL JARD\u00cd BOT\u00c0NIC HIST\u00d2RIC\"}]},{\"@type\":\"WebSite\",\"@id\":\"https:\\\/\\\/afc.cat\\\/es\\\/#website\",\"url\":\"https:\\\/\\\/afc.cat\\\/es\\\/\",\"name\":\"Agrupaci\u00f3 Fotogr\u00e0fica de Catalunya\",\"description\":\"Fomento y divulgaci\u00f3n de la fotograf\u00eda en todas sus variedades\",\"potentialAction\":[{\"@type\":\"SearchAction\",\"target\":{\"@type\":\"EntryPoint\",\"urlTemplate\":\"https:\\\/\\\/afc.cat\\\/es\\\/?s={search_term_string}\"},\"query-input\":{\"@type\":\"PropertyValueSpecification\",\"valueRequired\":true,\"valueName\":\"search_term_string\"}}],\"inLanguage\":\"es\"}]}<\/script>\n<!-- \/ Yoast SEO plugin. -->","yoast_head_json":{"title":"DESCUBRIENDO RINCONES ESCONDIDOS DE BARCELONA: EL JARD\u00cd BOT\u00c0NIC HIST\u00d2RIC - Agrupaci\u00f3 Fotogr\u00e0fica de Catalunya","robots":{"index":"index","follow":"follow","max-snippet":"max-snippet:-1","max-image-preview":"max-image-preview:large","max-video-preview":"max-video-preview:-1"},"canonical":"https:\/\/afc.cat\/es\/activitat\/descubriendo-rincones-escondidos-de-barcelona-el-jardi-botanic-historic\/","og_locale":"es_ES","og_type":"article","og_title":"DESCUBRIENDO RINCONES ESCONDIDOS DE BARCELONA: EL JARD\u00cd BOT\u00c0NIC HIST\u00d2RIC - Agrupaci\u00f3 Fotogr\u00e0fica de Catalunya","og_url":"https:\/\/afc.cat\/es\/activitat\/descubriendo-rincones-escondidos-de-barcelona-el-jardi-botanic-historic\/","og_site_name":"Agrupaci\u00f3 Fotogr\u00e0fica de Catalunya","twitter_card":"summary_large_image","twitter_misc":{"Tiempo de lectura":"6 minutos"},"schema":{"@context":"https:\/\/schema.org","@graph":[{"@type":"WebPage","@id":"https:\/\/afc.cat\/es\/activitat\/descubriendo-rincones-escondidos-de-barcelona-el-jardi-botanic-historic\/","url":"https:\/\/afc.cat\/es\/activitat\/descubriendo-rincones-escondidos-de-barcelona-el-jardi-botanic-historic\/","name":"DESCUBRIENDO RINCONES ESCONDIDOS DE BARCELONA: EL JARD\u00cd BOT\u00c0NIC HIST\u00d2RIC - Agrupaci\u00f3 Fotogr\u00e0fica de Catalunya","isPartOf":{"@id":"https:\/\/afc.cat\/es\/#website"},"datePublished":"2021-05-25T21:51:21+00:00","breadcrumb":{"@id":"https:\/\/afc.cat\/es\/activitat\/descubriendo-rincones-escondidos-de-barcelona-el-jardi-botanic-historic\/#breadcrumb"},"inLanguage":"es","potentialAction":[{"@type":"ReadAction","target":["https:\/\/afc.cat\/es\/activitat\/descubriendo-rincones-escondidos-de-barcelona-el-jardi-botanic-historic\/"]}]},{"@type":"BreadcrumbList","@id":"https:\/\/afc.cat\/es\/activitat\/descubriendo-rincones-escondidos-de-barcelona-el-jardi-botanic-historic\/#breadcrumb","itemListElement":[{"@type":"ListItem","position":1,"name":"Inicio","item":"https:\/\/afc.cat\/es\/"},{"@type":"ListItem","position":2,"name":"DESCUBRIENDO RINCONES ESCONDIDOS DE BARCELONA: EL JARD\u00cd BOT\u00c0NIC HIST\u00d2RIC"}]},{"@type":"WebSite","@id":"https:\/\/afc.cat\/es\/#website","url":"https:\/\/afc.cat\/es\/","name":"Agrupaci\u00f3 Fotogr\u00e0fica de Catalunya","description":"Fomento y divulgaci\u00f3n de la fotograf\u00eda en todas sus variedades","potentialAction":[{"@type":"SearchAction","target":{"@type":"EntryPoint","urlTemplate":"https:\/\/afc.cat\/es\/?s={search_term_string}"},"query-input":{"@type":"PropertyValueSpecification","valueRequired":true,"valueName":"search_term_string"}}],"inLanguage":"es"}]}},"_links":{"self":[{"href":"https:\/\/afc.cat\/es\/wp-json\/wp\/v2\/class\/21699","targetHints":{"allow":["GET"]}}],"collection":[{"href":"https:\/\/afc.cat\/es\/wp-json\/wp\/v2\/class"}],"about":[{"href":"https:\/\/afc.cat\/es\/wp-json\/wp\/v2\/types\/class"}],"wp:attachment":[{"href":"https:\/\/afc.cat\/es\/wp-json\/wp\/v2\/media?parent=21699"}],"wp:term":[{"taxonomy":"wcs-type","embeddable":true,"href":"https:\/\/afc.cat\/es\/wp-json\/wp\/v2\/wcs-type?post=21699"},{"taxonomy":"wcs-room","embeddable":true,"href":"https:\/\/afc.cat\/es\/wp-json\/wp\/v2\/wcs-room?post=21699"},{"taxonomy":"wcs-instructor","embeddable":true,"href":"https:\/\/afc.cat\/es\/wp-json\/wp\/v2\/wcs-instructor?post=21699"}],"curies":[{"name":"wp","href":"https:\/\/api.w.org\/{rel}","templated":true}]}}