{"id":22002,"date":"2021-06-03T20:11:13","date_gmt":"2021-06-03T18:11:13","guid":{"rendered":"https:\/\/afc.cat\/?post_type=class&#038;p=22002"},"modified":"2021-06-04T11:53:57","modified_gmt":"2021-06-04T09:53:57","slug":"clasificacion-concurso-social-temas-obligados-2020-2021-mayo-la-belleza-interior-de-los-espacios-vacios","status":"publish","type":"class","link":"https:\/\/afc.cat\/es\/activitat\/clasificacion-concurso-social-temas-obligados-2020-2021-mayo-la-belleza-interior-de-los-espacios-vacios\/","title":{"rendered":"Clasificaci\u00f3n concurso social \u201cTemas Obligados\u201d 2020-2021. Mayo: La belleza interior de los espacios vac\u00edos"},"content":{"rendered":"<p><div class=\"fusion-fullwidth fullwidth-box fusion-builder-row-1 fusion-flex-container nonhundred-percent-fullwidth non-hundred-percent-height-scrolling\" style=\"background-color: rgba(255,255,255,0);background-position: center center;background-repeat: no-repeat;border-width: 0px 0px 0px 0px;border-color:#ffffff;border-style:solid;\" ><div class=\"fusion-builder-row fusion-row fusion-flex-align-items-flex-start\" style=\"max-width:1300px;margin-left: calc(-4% \/ 2 );margin-right: calc(-4% \/ 2 );\"><div class=\"fusion-layout-column fusion_builder_column fusion-builder-column-0 fusion_builder_column_1_1 1_1 fusion-flex-column\"><div class=\"fusion-column-wrapper fusion-flex-justify-content-flex-start fusion-content-layout-column\" style=\"background-position:left top;background-repeat:no-repeat;-webkit-background-size:cover;-moz-background-size:cover;-o-background-size:cover;background-size:cover;padding: 0px 0px 0px 0px;\"><div class=\"fusion-text fusion-text-1\"><h2 class=\"fusion-responsive-typography-calculated\" data-fontsize=\"40\" data-lineheight=\"48px\">Temas Obligados mayo<\/h2>\n<h3>La belleza interior de los espacios vac\u00edos<\/h3>\n<\/div><div ><span class=\" fusion-imageframe imageframe-none imageframe-1 hover-type-none\"><img decoding=\"async\" width=\"150\" height=\"150\" title=\"CLASIFICADOS-BN\" src=\"https:\/\/afc.cat\/wp-content\/uploads\/2021\/04\/CLASIFICADOS-BN.jpg\" alt class=\"img-responsive wp-image-20104\" srcset=\"https:\/\/afc.cat\/wp-content\/uploads\/2021\/04\/CLASIFICADOS-BN-66x66.jpg 66w, https:\/\/afc.cat\/wp-content\/uploads\/2021\/04\/CLASIFICADOS-BN.jpg 150w\" sizes=\"(max-width: 150px) 100vw, 150px\" \/><\/span><\/div><div ><span class=\" fusion-imageframe imageframe-none imageframe-2 hover-type-none\"><img decoding=\"async\" width=\"300\" height=\"212\" title=\"01 &#8211; Franceca. Portol\u00e9s\" src=\"https:\/\/afc.cat\/wp-content\/uploads\/2021\/06\/01-Franceca.-Portoles-300x212.jpg\" alt class=\"img-responsive wp-image-21877\" srcset=\"https:\/\/afc.cat\/wp-content\/uploads\/2021\/06\/01-Franceca.-Portoles-200x141.jpg 200w, https:\/\/afc.cat\/wp-content\/uploads\/2021\/06\/01-Franceca.-Portoles-400x282.jpg 400w, https:\/\/afc.cat\/wp-content\/uploads\/2021\/06\/01-Franceca.-Portoles-600x424.jpg 600w, https:\/\/afc.cat\/wp-content\/uploads\/2021\/06\/01-Franceca.-Portoles-800x565.jpg 800w, https:\/\/afc.cat\/wp-content\/uploads\/2021\/06\/01-Franceca.-Portoles.jpg 1024w\" sizes=\"(max-width: 640px) 100vw, 300px\" \/><\/span><\/div><div class=\"fusion-text fusion-text-2\" style=\"font-size:13px;\"><p>Primera clasificada BN Francesca Portol\u00e9s<\/p>\n<\/div><style type=\"text\/css\">.fusion-gallery-1 .fusion-gallery-image {border:0px solid #e2e2e2;}<\/style><div class=\"fusion-gallery fusion-gallery-container fusion-grid-5 fusion-columns-total-18 fusion-gallery-layout-grid fusion-gallery-1\" style=\"margin:-5px;\"><div style=\"padding:5px;\" class=\"fusion-grid-column fusion-gallery-column fusion-gallery-column-5 hover-type-none\"><div class=\"fusion-gallery-image\"><a href=\"https:\/\/afc.cat\/wp-content\/uploads\/2021\/06\/01-Franceca.-Portoles.jpg\" rel=\"noreferrer\" data-rel=\"iLightbox[gallery_image_1]\" class=\"fusion-lightbox\" target=\"_self\"><img decoding=\"async\" src=\"https:\/\/afc.cat\/wp-content\/uploads\/2021\/06\/01-Franceca.-Portoles-320x202.jpg\" width=\"320\" height=\"202\" alt=\"\" title=\"01 &#8211; Franceca. Portol\u00e9s\" aria-label=\"01 &#8211; Franceca. Portol\u00e9s\" class=\"img-responsive wp-image-21877 fusion-gallery-image-size-fixed\" srcset=\"https:\/\/afc.cat\/wp-content\/uploads\/2021\/06\/01-Franceca.-Portoles-320x202.jpg 320w, https:\/\/afc.cat\/wp-content\/uploads\/2021\/06\/01-Franceca.-Portoles-700x441.jpg 700w\" sizes=\"(max-width: 320px) 100vw, 320px\" \/><\/a><\/div><\/div><div style=\"padding:5px;\" class=\"fusion-grid-column fusion-gallery-column fusion-gallery-column-5 hover-type-none\"><div class=\"fusion-gallery-image\"><a href=\"https:\/\/afc.cat\/wp-content\/uploads\/2021\/06\/02-Adolf-Garcia.jpg\" rel=\"noreferrer\" data-rel=\"iLightbox[gallery_image_1]\" class=\"fusion-lightbox\" target=\"_self\"><img decoding=\"async\" src=\"https:\/\/afc.cat\/wp-content\/uploads\/2021\/06\/02-Adolf-Garcia-320x202.jpg\" width=\"320\" height=\"202\" alt=\"\" title=\"02 &#8211; Adolf Garcia\" aria-label=\"02 &#8211; Adolf Garcia\" class=\"img-responsive wp-image-21879 fusion-gallery-image-size-fixed\" srcset=\"https:\/\/afc.cat\/wp-content\/uploads\/2021\/06\/02-Adolf-Garcia-320x202.jpg 320w, https:\/\/afc.cat\/wp-content\/uploads\/2021\/06\/02-Adolf-Garcia-700x441.jpg 700w\" sizes=\"(max-width: 320px) 100vw, 320px\" \/><\/a><\/div><\/div><div style=\"padding:5px;\" class=\"fusion-grid-column fusion-gallery-column fusion-gallery-column-5 hover-type-none\"><div class=\"fusion-gallery-image\"><a href=\"https:\/\/afc.cat\/wp-content\/uploads\/2021\/06\/03-Carles-Pociello.jpg\" rel=\"noreferrer\" data-rel=\"iLightbox[gallery_image_1]\" class=\"fusion-lightbox\" target=\"_self\"><img decoding=\"async\" src=\"https:\/\/afc.cat\/wp-content\/uploads\/2021\/06\/03-Carles-Pociello-320x202.jpg\" width=\"320\" height=\"202\" alt=\"\" title=\"03 &#8211; Carles Pociello\" aria-label=\"03 &#8211; Carles Pociello\" class=\"img-responsive wp-image-21881 fusion-gallery-image-size-fixed\" \/><\/a><\/div><\/div><div style=\"padding:5px;\" class=\"fusion-grid-column fusion-gallery-column fusion-gallery-column-5 hover-type-none\"><div class=\"fusion-gallery-image\"><a href=\"https:\/\/afc.cat\/wp-content\/uploads\/2021\/06\/04-Josep-Soler.jpg\" rel=\"noreferrer\" data-rel=\"iLightbox[gallery_image_1]\" class=\"fusion-lightbox\" target=\"_self\"><img decoding=\"async\" src=\"https:\/\/afc.cat\/wp-content\/uploads\/2021\/06\/04-Josep-Soler-320x202.jpg\" width=\"320\" height=\"202\" alt=\"\" title=\"04 &#8211; Josep Soler\" aria-label=\"04 &#8211; Josep Soler\" class=\"img-responsive wp-image-21883 fusion-gallery-image-size-fixed\" \/><\/a><\/div><\/div><div style=\"padding:5px;\" class=\"fusion-grid-column fusion-gallery-column fusion-gallery-column-5 hover-type-none\"><div class=\"fusion-gallery-image\"><a href=\"https:\/\/afc.cat\/wp-content\/uploads\/2021\/06\/05-Josep-Maria-Bonjoch.jpg\" rel=\"noreferrer\" data-rel=\"iLightbox[gallery_image_1]\" class=\"fusion-lightbox\" target=\"_self\"><img decoding=\"async\" src=\"https:\/\/afc.cat\/wp-content\/uploads\/2021\/06\/05-Josep-Maria-Bonjoch-320x202.jpg\" width=\"320\" height=\"202\" alt=\"\" title=\"05 &#8211; Josep Maria Bonjoch\" aria-label=\"05 &#8211; Josep Maria Bonjoch\" class=\"img-responsive wp-image-21885 fusion-gallery-image-size-fixed\" srcset=\"https:\/\/afc.cat\/wp-content\/uploads\/2021\/06\/05-Josep-Maria-Bonjoch-320x202.jpg 320w, https:\/\/afc.cat\/wp-content\/uploads\/2021\/06\/05-Josep-Maria-Bonjoch-700x441.jpg 700w\" sizes=\"(max-width: 320px) 100vw, 320px\" \/><\/a><\/div><\/div><div class=\"clearfix\"><\/div><div style=\"padding:5px;\" class=\"fusion-grid-column fusion-gallery-column fusion-gallery-column-5 hover-type-none\"><div class=\"fusion-gallery-image\"><a href=\"https:\/\/afc.cat\/wp-content\/uploads\/2021\/06\/06-Rosa-Cristofol.jpg\" rel=\"noreferrer\" data-rel=\"iLightbox[gallery_image_1]\" class=\"fusion-lightbox\" target=\"_self\"><img decoding=\"async\" src=\"https:\/\/afc.cat\/wp-content\/uploads\/2021\/06\/06-Rosa-Cristofol-320x202.jpg\" width=\"320\" height=\"202\" alt=\"\" title=\"Rosa Crist\u00f2fol Mart\u00ednez\" aria-label=\"Rosa Crist\u00f2fol Mart\u00ednez\" class=\"img-responsive wp-image-21887 fusion-gallery-image-size-fixed\" \/><\/a><\/div><\/div><div style=\"padding:5px;\" class=\"fusion-grid-column fusion-gallery-column fusion-gallery-column-5 hover-type-none\"><div class=\"fusion-gallery-image\"><a href=\"https:\/\/afc.cat\/wp-content\/uploads\/2021\/06\/07-Toni-Torras.jpg\" rel=\"noreferrer\" data-rel=\"iLightbox[gallery_image_1]\" class=\"fusion-lightbox\" target=\"_self\"><img decoding=\"async\" src=\"https:\/\/afc.cat\/wp-content\/uploads\/2021\/06\/07-Toni-Torras-320x202.jpg\" width=\"320\" height=\"202\" alt=\"\" title=\"07 &#8211; Toni Torras\" aria-label=\"07 &#8211; Toni Torras\" class=\"img-responsive wp-image-21889 fusion-gallery-image-size-fixed\" srcset=\"https:\/\/afc.cat\/wp-content\/uploads\/2021\/06\/07-Toni-Torras-320x202.jpg 320w, https:\/\/afc.cat\/wp-content\/uploads\/2021\/06\/07-Toni-Torras-700x441.jpg 700w\" sizes=\"(max-width: 320px) 100vw, 320px\" \/><\/a><\/div><\/div><div style=\"padding:5px;\" class=\"fusion-grid-column fusion-gallery-column fusion-gallery-column-5 hover-type-none\"><div class=\"fusion-gallery-image\"><a href=\"https:\/\/afc.cat\/wp-content\/uploads\/2021\/06\/08-Carmen-Casademont.jpg\" rel=\"noreferrer\" data-rel=\"iLightbox[gallery_image_1]\" class=\"fusion-lightbox\" target=\"_self\"><img decoding=\"async\" src=\"https:\/\/afc.cat\/wp-content\/uploads\/2021\/06\/08-Carmen-Casademont-320x202.jpg\" width=\"320\" height=\"202\" alt=\"\" title=\"08 &#8211; Carmen Casademont\" aria-label=\"08 &#8211; Carmen Casademont\" class=\"img-responsive wp-image-21891 fusion-gallery-image-size-fixed\" srcset=\"https:\/\/afc.cat\/wp-content\/uploads\/2021\/06\/08-Carmen-Casademont-320x202.jpg 320w, https:\/\/afc.cat\/wp-content\/uploads\/2021\/06\/08-Carmen-Casademont-700x441.jpg 700w\" sizes=\"(max-width: 320px) 100vw, 320px\" \/><\/a><\/div><\/div><div style=\"padding:5px;\" class=\"fusion-grid-column fusion-gallery-column fusion-gallery-column-5 hover-type-none\"><div class=\"fusion-gallery-image\"><a href=\"https:\/\/afc.cat\/wp-content\/uploads\/2021\/06\/09-Carles-Lastra.jpg\" rel=\"noreferrer\" data-rel=\"iLightbox[gallery_image_1]\" class=\"fusion-lightbox\" target=\"_self\"><img decoding=\"async\" src=\"https:\/\/afc.cat\/wp-content\/uploads\/2021\/06\/09-Carles-Lastra-320x202.jpg\" width=\"320\" height=\"202\" alt=\"\" title=\"09 &#8211; Carles Lastra\" aria-label=\"09 &#8211; Carles Lastra\" class=\"img-responsive wp-image-21893 fusion-gallery-image-size-fixed\" srcset=\"https:\/\/afc.cat\/wp-content\/uploads\/2021\/06\/09-Carles-Lastra-320x202.jpg 320w, https:\/\/afc.cat\/wp-content\/uploads\/2021\/06\/09-Carles-Lastra-700x441.jpg 700w\" sizes=\"(max-width: 320px) 100vw, 320px\" \/><\/a><\/div><\/div><div style=\"padding:5px;\" class=\"fusion-grid-column fusion-gallery-column fusion-gallery-column-5 hover-type-none\"><div class=\"fusion-gallery-image\"><a href=\"https:\/\/afc.cat\/wp-content\/uploads\/2021\/06\/10-Francesc-Soldevila.jpg\" rel=\"noreferrer\" data-rel=\"iLightbox[gallery_image_1]\" class=\"fusion-lightbox\" target=\"_self\"><img decoding=\"async\" src=\"https:\/\/afc.cat\/wp-content\/uploads\/2021\/06\/10-Francesc-Soldevila-320x202.jpg\" width=\"320\" height=\"202\" alt=\"\" title=\"10 &#8211; Francesc Soldevila\" aria-label=\"10 &#8211; Francesc Soldevila\" class=\"img-responsive wp-image-21895 fusion-gallery-image-size-fixed\" srcset=\"https:\/\/afc.cat\/wp-content\/uploads\/2021\/06\/10-Francesc-Soldevila-320x202.jpg 320w, https:\/\/afc.cat\/wp-content\/uploads\/2021\/06\/10-Francesc-Soldevila-700x441.jpg 700w\" sizes=\"(max-width: 320px) 100vw, 320px\" \/><\/a><\/div><\/div><div class=\"clearfix\"><\/div><div style=\"padding:5px;\" class=\"fusion-grid-column fusion-gallery-column fusion-gallery-column-5 hover-type-none\"><div class=\"fusion-gallery-image\"><a href=\"https:\/\/afc.cat\/wp-content\/uploads\/2021\/06\/11-Joan-Rue.jpg\" rel=\"noreferrer\" data-rel=\"iLightbox[gallery_image_1]\" class=\"fusion-lightbox\" target=\"_self\"><img decoding=\"async\" src=\"https:\/\/afc.cat\/wp-content\/uploads\/2021\/06\/11-Joan-Rue-320x202.jpg\" width=\"320\" height=\"202\" alt=\"\" title=\"11 &#8211; Joan Ru\u00e9\" aria-label=\"11 &#8211; Joan Ru\u00e9\" class=\"img-responsive wp-image-21897 fusion-gallery-image-size-fixed\" srcset=\"https:\/\/afc.cat\/wp-content\/uploads\/2021\/06\/11-Joan-Rue-320x202.jpg 320w, https:\/\/afc.cat\/wp-content\/uploads\/2021\/06\/11-Joan-Rue-700x441.jpg 700w\" sizes=\"(max-width: 320px) 100vw, 320px\" \/><\/a><\/div><\/div><div style=\"padding:5px;\" class=\"fusion-grid-column fusion-gallery-column fusion-gallery-column-5 hover-type-none\"><div class=\"fusion-gallery-image\"><a href=\"https:\/\/afc.cat\/wp-content\/uploads\/2021\/06\/12-Aleix-Torrents.jpg\" rel=\"noreferrer\" data-rel=\"iLightbox[gallery_image_1]\" class=\"fusion-lightbox\" target=\"_self\"><img decoding=\"async\" src=\"https:\/\/afc.cat\/wp-content\/uploads\/2021\/06\/12-Aleix-Torrents-320x202.jpg\" width=\"320\" height=\"202\" alt=\"\" title=\"12 &#8211; Aleix Torrents\" aria-label=\"12 &#8211; Aleix Torrents\" class=\"img-responsive wp-image-21899 fusion-gallery-image-size-fixed\" srcset=\"https:\/\/afc.cat\/wp-content\/uploads\/2021\/06\/12-Aleix-Torrents-320x202.jpg 320w, https:\/\/afc.cat\/wp-content\/uploads\/2021\/06\/12-Aleix-Torrents-700x441.jpg 700w\" sizes=\"(max-width: 320px) 100vw, 320px\" \/><\/a><\/div><\/div><div style=\"padding:5px;\" class=\"fusion-grid-column fusion-gallery-column fusion-gallery-column-5 hover-type-none\"><div class=\"fusion-gallery-image\"><a href=\"https:\/\/afc.cat\/wp-content\/uploads\/2021\/06\/13-Albert-Folch.jpg\" rel=\"noreferrer\" data-rel=\"iLightbox[gallery_image_1]\" class=\"fusion-lightbox\" target=\"_self\"><img decoding=\"async\" src=\"https:\/\/afc.cat\/wp-content\/uploads\/2021\/06\/13-Albert-Folch-320x202.jpg\" width=\"320\" height=\"202\" alt=\"\" title=\"13 &#8211; Albert Folch\" aria-label=\"13 &#8211; Albert Folch\" class=\"img-responsive wp-image-21901 fusion-gallery-image-size-fixed\" srcset=\"https:\/\/afc.cat\/wp-content\/uploads\/2021\/06\/13-Albert-Folch-320x202.jpg 320w, https:\/\/afc.cat\/wp-content\/uploads\/2021\/06\/13-Albert-Folch-700x441.jpg 700w\" sizes=\"(max-width: 320px) 100vw, 320px\" \/><\/a><\/div><\/div><div style=\"padding:5px;\" class=\"fusion-grid-column fusion-gallery-column fusion-gallery-column-5 hover-type-none\"><div class=\"fusion-gallery-image\"><a href=\"https:\/\/afc.cat\/wp-content\/uploads\/2021\/06\/14-Albert-Canellas.jpg\" rel=\"noreferrer\" data-rel=\"iLightbox[gallery_image_1]\" class=\"fusion-lightbox\" target=\"_self\"><img decoding=\"async\" src=\"https:\/\/afc.cat\/wp-content\/uploads\/2021\/06\/14-Albert-Canellas-320x202.jpg\" width=\"320\" height=\"202\" alt=\"\" title=\"14 &#8211; Albert Ca\u00f1ellas\" aria-label=\"14 &#8211; Albert Ca\u00f1ellas\" class=\"img-responsive wp-image-21903 fusion-gallery-image-size-fixed\" srcset=\"https:\/\/afc.cat\/wp-content\/uploads\/2021\/06\/14-Albert-Canellas-320x202.jpg 320w, https:\/\/afc.cat\/wp-content\/uploads\/2021\/06\/14-Albert-Canellas-700x441.jpg 700w\" sizes=\"(max-width: 320px) 100vw, 320px\" \/><\/a><\/div><\/div><div style=\"padding:5px;\" class=\"fusion-grid-column fusion-gallery-column fusion-gallery-column-5 hover-type-none\"><div class=\"fusion-gallery-image\"><a href=\"https:\/\/afc.cat\/wp-content\/uploads\/2021\/06\/15-Damian-Tous.jpg\" rel=\"noreferrer\" data-rel=\"iLightbox[gallery_image_1]\" class=\"fusion-lightbox\" target=\"_self\"><img decoding=\"async\" src=\"https:\/\/afc.cat\/wp-content\/uploads\/2021\/06\/15-Damian-Tous-320x202.jpg\" width=\"320\" height=\"202\" alt=\"\" title=\"15 &#8211; Dami\u00e1n Tous\" aria-label=\"15 &#8211; Dami\u00e1n Tous\" class=\"img-responsive wp-image-21905 fusion-gallery-image-size-fixed\" \/><\/a><\/div><\/div><div class=\"clearfix\"><\/div><div style=\"padding:5px;\" class=\"fusion-grid-column fusion-gallery-column fusion-gallery-column-5 hover-type-none\"><div class=\"fusion-gallery-image\"><a href=\"https:\/\/afc.cat\/wp-content\/uploads\/2021\/06\/16-Joan-Soldevila.jpg\" rel=\"noreferrer\" data-rel=\"iLightbox[gallery_image_1]\" class=\"fusion-lightbox\" target=\"_self\"><img decoding=\"async\" src=\"https:\/\/afc.cat\/wp-content\/uploads\/2021\/06\/16-Joan-Soldevila-320x202.jpg\" width=\"320\" height=\"202\" alt=\"\" title=\"16 &#8211; Joan Soldevila\" aria-label=\"16 &#8211; Joan Soldevila\" class=\"img-responsive wp-image-21907 fusion-gallery-image-size-fixed\" \/><\/a><\/div><\/div><div style=\"padding:5px;\" class=\"fusion-grid-column fusion-gallery-column fusion-gallery-column-5 hover-type-none\"><div class=\"fusion-gallery-image\"><a href=\"https:\/\/afc.cat\/wp-content\/uploads\/2021\/06\/17-Joan-Basset.jpg\" rel=\"noreferrer\" data-rel=\"iLightbox[gallery_image_1]\" class=\"fusion-lightbox\" target=\"_self\"><img decoding=\"async\" src=\"https:\/\/afc.cat\/wp-content\/uploads\/2021\/06\/17-Joan-Basset-320x202.jpg\" width=\"320\" height=\"202\" alt=\"\" title=\"17 &#8211; Joan Basset\" aria-label=\"17 &#8211; Joan Basset\" class=\"img-responsive wp-image-21909 fusion-gallery-image-size-fixed\" srcset=\"https:\/\/afc.cat\/wp-content\/uploads\/2021\/06\/17-Joan-Basset-320x202.jpg 320w, https:\/\/afc.cat\/wp-content\/uploads\/2021\/06\/17-Joan-Basset-700x441.jpg 700w\" sizes=\"(max-width: 320px) 100vw, 320px\" \/><\/a><\/div><\/div><div style=\"padding:5px;\" class=\"fusion-grid-column fusion-gallery-column fusion-gallery-column-5 hover-type-none\"><div class=\"fusion-gallery-image\"><a href=\"https:\/\/afc.cat\/wp-content\/uploads\/2021\/06\/TO-MAIG-2021-PUNTUACIONS-BN.jpg\" rel=\"noreferrer\" data-rel=\"iLightbox[gallery_image_1]\" class=\"fusion-lightbox\" target=\"_self\"><img decoding=\"async\" src=\"https:\/\/afc.cat\/wp-content\/uploads\/2021\/06\/TO-MAIG-2021-PUNTUACIONS-BN-320x202.jpg\" width=\"320\" height=\"202\" alt=\"\" title=\"TO MAIG 2021 PUNTUACIONS BN\" aria-label=\"TO MAIG 2021 PUNTUACIONS BN\" class=\"img-responsive wp-image-21999 fusion-gallery-image-size-fixed\" srcset=\"https:\/\/afc.cat\/wp-content\/uploads\/2021\/06\/TO-MAIG-2021-PUNTUACIONS-BN-320x202.jpg 320w, https:\/\/afc.cat\/wp-content\/uploads\/2021\/06\/TO-MAIG-2021-PUNTUACIONS-BN-700x441.jpg 700w\" sizes=\"(max-width: 320px) 100vw, 320px\" \/><\/a><\/div><\/div><\/div><div ><span class=\" fusion-imageframe imageframe-none imageframe-3 hover-type-none\"><img decoding=\"async\" width=\"150\" height=\"150\" title=\"CLASIFICADOS COLOR\" src=\"https:\/\/afc.cat\/wp-content\/uploads\/2021\/04\/CLASIFICADOS-COLOR.jpg\" alt class=\"img-responsive wp-image-20106\" srcset=\"https:\/\/afc.cat\/wp-content\/uploads\/2021\/04\/CLASIFICADOS-COLOR-66x66.jpg 66w, https:\/\/afc.cat\/wp-content\/uploads\/2021\/04\/CLASIFICADOS-COLOR.jpg 150w\" sizes=\"(max-width: 150px) 100vw, 150px\" \/><\/span><\/div><div ><span class=\" fusion-imageframe imageframe-none imageframe-4 hover-type-none\"><img decoding=\"async\" width=\"300\" height=\"225\" title=\"01 &#8211; Rosa Crist\u00f2fol\" src=\"https:\/\/afc.cat\/wp-content\/uploads\/2021\/06\/01-Rosa-Cristofol-Color-300x225.jpg\" alt class=\"img-responsive wp-image-21911\" srcset=\"https:\/\/afc.cat\/wp-content\/uploads\/2021\/06\/01-Rosa-Cristofol-Color-200x150.jpg 200w, https:\/\/afc.cat\/wp-content\/uploads\/2021\/06\/01-Rosa-Cristofol-Color-400x300.jpg 400w, https:\/\/afc.cat\/wp-content\/uploads\/2021\/06\/01-Rosa-Cristofol-Color-600x450.jpg 600w, https:\/\/afc.cat\/wp-content\/uploads\/2021\/06\/01-Rosa-Cristofol-Color-800x600.jpg 800w, https:\/\/afc.cat\/wp-content\/uploads\/2021\/06\/01-Rosa-Cristofol-Color.jpg 1024w\" sizes=\"(max-width: 640px) 100vw, 300px\" \/><\/span><\/div><div class=\"fusion-text fusion-text-3\" style=\"font-size:13px;\"><p>Primera clasificada COLOR\u00a0 Rosa Crist\u00f2fol<\/p>\n<\/div><style type=\"text\/css\">.fusion-gallery-2 .fusion-gallery-image {border:0px solid #e2e2e2;}<\/style><div class=\"fusion-gallery fusion-gallery-container fusion-grid-5 fusion-columns-total-19 fusion-gallery-layout-grid fusion-gallery-2\" style=\"margin:-5px;\"><div style=\"padding:5px;\" class=\"fusion-grid-column fusion-gallery-column fusion-gallery-column-5 hover-type-none\"><div class=\"fusion-gallery-image\"><a href=\"https:\/\/afc.cat\/wp-content\/uploads\/2021\/06\/01-Rosa-Cristofol-1.jpg\" rel=\"noreferrer\" data-rel=\"iLightbox[gallery_image_2]\" class=\"fusion-lightbox\" target=\"_self\"><img decoding=\"async\" src=\"https:\/\/afc.cat\/wp-content\/uploads\/2021\/06\/01-Rosa-Cristofol-1-320x202.jpg\" width=\"320\" height=\"202\" alt=\"\" title=\"Rosa Crist\u00f2fol Mart\u00ednez\" aria-label=\"Rosa Crist\u00f2fol Mart\u00ednez\" class=\"img-responsive wp-image-22007 fusion-gallery-image-size-fixed\" srcset=\"https:\/\/afc.cat\/wp-content\/uploads\/2021\/06\/01-Rosa-Cristofol-1-320x202.jpg 320w, https:\/\/afc.cat\/wp-content\/uploads\/2021\/06\/01-Rosa-Cristofol-1-700x441.jpg 700w\" sizes=\"(max-width: 320px) 100vw, 320px\" \/><\/a><\/div><\/div><div style=\"padding:5px;\" class=\"fusion-grid-column fusion-gallery-column fusion-gallery-column-5 hover-type-none\"><div class=\"fusion-gallery-image\"><a href=\"https:\/\/afc.cat\/wp-content\/uploads\/2021\/06\/02-Francesca-Portoles-1.jpg\" rel=\"noreferrer\" data-rel=\"iLightbox[gallery_image_2]\" class=\"fusion-lightbox\" target=\"_self\"><img decoding=\"async\" src=\"https:\/\/afc.cat\/wp-content\/uploads\/2021\/06\/02-Francesca-Portoles-1-320x202.jpg\" width=\"320\" height=\"202\" alt=\"\" title=\"02 &#8211; Francesca Portol\u00e9s\" aria-label=\"02 &#8211; Francesca Portol\u00e9s\" class=\"img-responsive wp-image-22009 fusion-gallery-image-size-fixed\" srcset=\"https:\/\/afc.cat\/wp-content\/uploads\/2021\/06\/02-Francesca-Portoles-1-320x202.jpg 320w, https:\/\/afc.cat\/wp-content\/uploads\/2021\/06\/02-Francesca-Portoles-1-700x441.jpg 700w\" sizes=\"(max-width: 320px) 100vw, 320px\" \/><\/a><\/div><\/div><div class=\"clearfix\"><\/div><div style=\"padding:5px;\" class=\"fusion-grid-column fusion-gallery-column fusion-gallery-column-5 hover-type-none\"><div class=\"fusion-gallery-image\"><a href=\"https:\/\/afc.cat\/wp-content\/uploads\/2021\/06\/03-Albert-Canellas-1.jpg\" rel=\"noreferrer\" data-rel=\"iLightbox[gallery_image_2]\" class=\"fusion-lightbox\" target=\"_self\"><img decoding=\"async\" src=\"https:\/\/afc.cat\/wp-content\/uploads\/2021\/06\/03-Albert-Canellas-1-320x202.jpg\" width=\"320\" height=\"202\" alt=\"\" title=\"03 &#8211; Albert Ca\u00f1ellas\" aria-label=\"03 &#8211; Albert Ca\u00f1ellas\" class=\"img-responsive wp-image-22011 fusion-gallery-image-size-fixed\" srcset=\"https:\/\/afc.cat\/wp-content\/uploads\/2021\/06\/03-Albert-Canellas-1-320x202.jpg 320w, https:\/\/afc.cat\/wp-content\/uploads\/2021\/06\/03-Albert-Canellas-1-700x441.jpg 700w\" sizes=\"(max-width: 320px) 100vw, 320px\" \/><\/a><\/div><\/div><div style=\"padding:5px;\" class=\"fusion-grid-column fusion-gallery-column fusion-gallery-column-5 hover-type-none\"><div class=\"fusion-gallery-image\"><a href=\"https:\/\/afc.cat\/wp-content\/uploads\/2021\/06\/04-Adolf-Garcia-1.jpg\" rel=\"noreferrer\" data-rel=\"iLightbox[gallery_image_2]\" class=\"fusion-lightbox\" target=\"_self\"><img decoding=\"async\" src=\"https:\/\/afc.cat\/wp-content\/uploads\/2021\/06\/04-Adolf-Garcia-1-320x202.jpg\" width=\"320\" height=\"202\" alt=\"\" title=\"04 &#8211; Adolf Garcia\" aria-label=\"04 &#8211; Adolf Garcia\" class=\"img-responsive wp-image-22013 fusion-gallery-image-size-fixed\" srcset=\"https:\/\/afc.cat\/wp-content\/uploads\/2021\/06\/04-Adolf-Garcia-1-320x202.jpg 320w, https:\/\/afc.cat\/wp-content\/uploads\/2021\/06\/04-Adolf-Garcia-1-700x441.jpg 700w\" sizes=\"(max-width: 320px) 100vw, 320px\" \/><\/a><\/div><\/div><div style=\"padding:5px;\" class=\"fusion-grid-column fusion-gallery-column fusion-gallery-column-5 hover-type-none\"><div class=\"fusion-gallery-image\"><a href=\"https:\/\/afc.cat\/wp-content\/uploads\/2021\/06\/05-Carles-Pociello-Color-2.jpg\" rel=\"noreferrer\" data-rel=\"iLightbox[gallery_image_2]\" class=\"fusion-lightbox\" target=\"_self\"><img decoding=\"async\" src=\"https:\/\/afc.cat\/wp-content\/uploads\/2021\/06\/05-Carles-Pociello-Color-2-320x202.jpg\" width=\"320\" height=\"202\" alt=\"\" title=\"05 &#8211; Carles Pociello Color\" aria-label=\"05 &#8211; Carles Pociello Color\" class=\"img-responsive wp-image-22015 fusion-gallery-image-size-fixed\" \/><\/a><\/div><\/div><div style=\"padding:5px;\" class=\"fusion-grid-column fusion-gallery-column fusion-gallery-column-5 hover-type-none\"><div class=\"fusion-gallery-image\"><a href=\"https:\/\/afc.cat\/wp-content\/uploads\/2021\/06\/06-Damian-Tous-2.jpg\" rel=\"noreferrer\" data-rel=\"iLightbox[gallery_image_2]\" class=\"fusion-lightbox\" target=\"_self\"><img decoding=\"async\" src=\"https:\/\/afc.cat\/wp-content\/uploads\/2021\/06\/06-Damian-Tous-2-320x202.jpg\" width=\"320\" height=\"202\" alt=\"\" title=\"06 &#8211; Dami\u00e1n Tous\" aria-label=\"06 &#8211; Dami\u00e1n Tous\" class=\"img-responsive wp-image-22017 fusion-gallery-image-size-fixed\" \/><\/a><\/div><\/div><div style=\"padding:5px;\" class=\"fusion-grid-column fusion-gallery-column fusion-gallery-column-5 hover-type-none\"><div class=\"fusion-gallery-image\"><a href=\"https:\/\/afc.cat\/wp-content\/uploads\/2021\/06\/07-Josep-Maria-Bonjoch-2.jpg\" rel=\"noreferrer\" data-rel=\"iLightbox[gallery_image_2]\" class=\"fusion-lightbox\" target=\"_self\"><img decoding=\"async\" src=\"https:\/\/afc.cat\/wp-content\/uploads\/2021\/06\/07-Josep-Maria-Bonjoch-2-320x202.jpg\" width=\"320\" height=\"202\" alt=\"\" title=\"07 &#8211; Josep Maria Bonjoch\" aria-label=\"07 &#8211; Josep Maria Bonjoch\" class=\"img-responsive wp-image-22019 fusion-gallery-image-size-fixed\" srcset=\"https:\/\/afc.cat\/wp-content\/uploads\/2021\/06\/07-Josep-Maria-Bonjoch-2-320x202.jpg 320w, https:\/\/afc.cat\/wp-content\/uploads\/2021\/06\/07-Josep-Maria-Bonjoch-2-700x441.jpg 700w\" sizes=\"(max-width: 320px) 100vw, 320px\" \/><\/a><\/div><\/div><div class=\"clearfix\"><\/div><div style=\"padding:5px;\" class=\"fusion-grid-column fusion-gallery-column fusion-gallery-column-5 hover-type-none\"><div class=\"fusion-gallery-image\"><a href=\"https:\/\/afc.cat\/wp-content\/uploads\/2021\/06\/08-Joan-Rue-2.jpg\" rel=\"noreferrer\" data-rel=\"iLightbox[gallery_image_2]\" class=\"fusion-lightbox\" target=\"_self\"><img decoding=\"async\" src=\"https:\/\/afc.cat\/wp-content\/uploads\/2021\/06\/08-Joan-Rue-2-320x202.jpg\" width=\"320\" height=\"202\" alt=\"\" title=\"08 &#8211; Joan Ru\u00e9\" aria-label=\"08 &#8211; Joan Ru\u00e9\" class=\"img-responsive wp-image-22021 fusion-gallery-image-size-fixed\" srcset=\"https:\/\/afc.cat\/wp-content\/uploads\/2021\/06\/08-Joan-Rue-2-320x202.jpg 320w, https:\/\/afc.cat\/wp-content\/uploads\/2021\/06\/08-Joan-Rue-2-700x441.jpg 700w\" sizes=\"(max-width: 320px) 100vw, 320px\" \/><\/a><\/div><\/div><div style=\"padding:5px;\" class=\"fusion-grid-column fusion-gallery-column fusion-gallery-column-5 hover-type-none\"><div class=\"fusion-gallery-image\"><a href=\"https:\/\/afc.cat\/wp-content\/uploads\/2021\/06\/09-Carmen-Casademont-2.jpg\" rel=\"noreferrer\" data-rel=\"iLightbox[gallery_image_2]\" class=\"fusion-lightbox\" target=\"_self\"><img decoding=\"async\" src=\"https:\/\/afc.cat\/wp-content\/uploads\/2021\/06\/09-Carmen-Casademont-2-320x202.jpg\" width=\"320\" height=\"202\" alt=\"\" title=\"09 &#8211; Carmen Casademont\" aria-label=\"09 &#8211; Carmen Casademont\" class=\"img-responsive wp-image-22023 fusion-gallery-image-size-fixed\" srcset=\"https:\/\/afc.cat\/wp-content\/uploads\/2021\/06\/09-Carmen-Casademont-2-320x202.jpg 320w, https:\/\/afc.cat\/wp-content\/uploads\/2021\/06\/09-Carmen-Casademont-2-700x441.jpg 700w\" sizes=\"(max-width: 320px) 100vw, 320px\" \/><\/a><\/div><\/div><div style=\"padding:5px;\" class=\"fusion-grid-column fusion-gallery-column fusion-gallery-column-5 hover-type-none\"><div class=\"fusion-gallery-image\"><a href=\"https:\/\/afc.cat\/wp-content\/uploads\/2021\/06\/10-Jaume-Bague-2.jpg\" rel=\"noreferrer\" data-rel=\"iLightbox[gallery_image_2]\" class=\"fusion-lightbox\" target=\"_self\"><img decoding=\"async\" src=\"https:\/\/afc.cat\/wp-content\/uploads\/2021\/06\/10-Jaume-Bague-2-320x202.jpg\" width=\"320\" height=\"202\" alt=\"\" title=\"10 &#8211; Jaume Bagu\u00e9\" aria-label=\"10 &#8211; Jaume Bagu\u00e9\" class=\"img-responsive wp-image-22025 fusion-gallery-image-size-fixed\" srcset=\"https:\/\/afc.cat\/wp-content\/uploads\/2021\/06\/10-Jaume-Bague-2-320x202.jpg 320w, https:\/\/afc.cat\/wp-content\/uploads\/2021\/06\/10-Jaume-Bague-2-700x441.jpg 700w\" sizes=\"(max-width: 320px) 100vw, 320px\" \/><\/a><\/div><\/div><div style=\"padding:5px;\" class=\"fusion-grid-column fusion-gallery-column fusion-gallery-column-5 hover-type-none\"><div class=\"fusion-gallery-image\"><a href=\"https:\/\/afc.cat\/wp-content\/uploads\/2021\/06\/11-Francesc-Soldevila-1.jpg\" rel=\"noreferrer\" data-rel=\"iLightbox[gallery_image_2]\" class=\"fusion-lightbox\" target=\"_self\"><img decoding=\"async\" src=\"https:\/\/afc.cat\/wp-content\/uploads\/2021\/06\/11-Francesc-Soldevila-1-320x202.jpg\" width=\"320\" height=\"202\" alt=\"\" title=\"11 &#8211; Francesc Soldevila\" aria-label=\"11 &#8211; Francesc Soldevila\" class=\"img-responsive wp-image-22027 fusion-gallery-image-size-fixed\" srcset=\"https:\/\/afc.cat\/wp-content\/uploads\/2021\/06\/11-Francesc-Soldevila-1-320x202.jpg 320w, https:\/\/afc.cat\/wp-content\/uploads\/2021\/06\/11-Francesc-Soldevila-1-700x441.jpg 700w\" sizes=\"(max-width: 320px) 100vw, 320px\" \/><\/a><\/div><\/div><div style=\"padding:5px;\" class=\"fusion-grid-column fusion-gallery-column fusion-gallery-column-5 hover-type-none\"><div class=\"fusion-gallery-image\"><a href=\"https:\/\/afc.cat\/wp-content\/uploads\/2021\/06\/12-Gabriel-Bertran-2.jpg\" rel=\"noreferrer\" data-rel=\"iLightbox[gallery_image_2]\" class=\"fusion-lightbox\" target=\"_self\"><img decoding=\"async\" src=\"https:\/\/afc.cat\/wp-content\/uploads\/2021\/06\/12-Gabriel-Bertran-2-320x202.jpg\" width=\"320\" height=\"202\" alt=\"\" title=\"12 &#8211; Gabriel Bertran\" aria-label=\"12 &#8211; Gabriel Bertran\" class=\"img-responsive wp-image-22029 fusion-gallery-image-size-fixed\" srcset=\"https:\/\/afc.cat\/wp-content\/uploads\/2021\/06\/12-Gabriel-Bertran-2-320x202.jpg 320w, https:\/\/afc.cat\/wp-content\/uploads\/2021\/06\/12-Gabriel-Bertran-2-700x441.jpg 700w\" sizes=\"(max-width: 320px) 100vw, 320px\" \/><\/a><\/div><\/div><div class=\"clearfix\"><\/div><div style=\"padding:5px;\" class=\"fusion-grid-column fusion-gallery-column fusion-gallery-column-5 hover-type-none\"><div class=\"fusion-gallery-image\"><a href=\"https:\/\/afc.cat\/wp-content\/uploads\/2021\/06\/13-Joan-Soldevila-2.jpg\" rel=\"noreferrer\" data-rel=\"iLightbox[gallery_image_2]\" class=\"fusion-lightbox\" target=\"_self\"><img decoding=\"async\" src=\"https:\/\/afc.cat\/wp-content\/uploads\/2021\/06\/13-Joan-Soldevila-2-320x202.jpg\" width=\"320\" height=\"202\" alt=\"\" title=\"13 &#8211; Joan Soldevila\" aria-label=\"13 &#8211; Joan Soldevila\" class=\"img-responsive wp-image-22031 fusion-gallery-image-size-fixed\" \/><\/a><\/div><\/div><div style=\"padding:5px;\" class=\"fusion-grid-column fusion-gallery-column fusion-gallery-column-5 hover-type-none\"><div class=\"fusion-gallery-image\"><a href=\"https:\/\/afc.cat\/wp-content\/uploads\/2021\/06\/14-Carles-Lastra-2.jpg\" rel=\"noreferrer\" data-rel=\"iLightbox[gallery_image_2]\" class=\"fusion-lightbox\" target=\"_self\"><img decoding=\"async\" src=\"https:\/\/afc.cat\/wp-content\/uploads\/2021\/06\/14-Carles-Lastra-2-320x202.jpg\" width=\"320\" height=\"202\" alt=\"\" title=\"14 &#8211; Carles Lastra\" aria-label=\"14 &#8211; Carles Lastra\" class=\"img-responsive wp-image-22033 fusion-gallery-image-size-fixed\" srcset=\"https:\/\/afc.cat\/wp-content\/uploads\/2021\/06\/14-Carles-Lastra-2-320x202.jpg 320w, https:\/\/afc.cat\/wp-content\/uploads\/2021\/06\/14-Carles-Lastra-2-700x441.jpg 700w\" sizes=\"(max-width: 320px) 100vw, 320px\" \/><\/a><\/div><\/div><div style=\"padding:5px;\" class=\"fusion-grid-column fusion-gallery-column fusion-gallery-column-5 hover-type-none\"><div class=\"fusion-gallery-image\"><a href=\"https:\/\/afc.cat\/wp-content\/uploads\/2021\/06\/15-Josep-Soler-2.jpg\" rel=\"noreferrer\" data-rel=\"iLightbox[gallery_image_2]\" class=\"fusion-lightbox\" target=\"_self\"><img decoding=\"async\" src=\"https:\/\/afc.cat\/wp-content\/uploads\/2021\/06\/15-Josep-Soler-2-320x202.jpg\" width=\"320\" height=\"202\" alt=\"\" title=\"15 &#8211; Josep Soler\" aria-label=\"15 &#8211; Josep Soler\" class=\"img-responsive wp-image-22035 fusion-gallery-image-size-fixed\" \/><\/a><\/div><\/div><div style=\"padding:5px;\" class=\"fusion-grid-column fusion-gallery-column fusion-gallery-column-5 hover-type-none\"><div class=\"fusion-gallery-image\"><a href=\"https:\/\/afc.cat\/wp-content\/uploads\/2021\/06\/16-Toni-Torras-2.jpg\" rel=\"noreferrer\" data-rel=\"iLightbox[gallery_image_2]\" class=\"fusion-lightbox\" target=\"_self\"><img decoding=\"async\" src=\"https:\/\/afc.cat\/wp-content\/uploads\/2021\/06\/16-Toni-Torras-2-320x202.jpg\" width=\"320\" height=\"202\" alt=\"\" title=\"16 &#8211; Toni Torras\" aria-label=\"16 &#8211; Toni Torras\" class=\"img-responsive wp-image-22037 fusion-gallery-image-size-fixed\" srcset=\"https:\/\/afc.cat\/wp-content\/uploads\/2021\/06\/16-Toni-Torras-2-320x202.jpg 320w, https:\/\/afc.cat\/wp-content\/uploads\/2021\/06\/16-Toni-Torras-2-700x441.jpg 700w\" sizes=\"(max-width: 320px) 100vw, 320px\" \/><\/a><\/div><\/div><div style=\"padding:5px;\" class=\"fusion-grid-column fusion-gallery-column fusion-gallery-column-5 hover-type-none\"><div class=\"fusion-gallery-image\"><a href=\"https:\/\/afc.cat\/wp-content\/uploads\/2021\/06\/17-Albert-Folch-2.jpg\" rel=\"noreferrer\" data-rel=\"iLightbox[gallery_image_2]\" class=\"fusion-lightbox\" target=\"_self\"><img decoding=\"async\" src=\"https:\/\/afc.cat\/wp-content\/uploads\/2021\/06\/17-Albert-Folch-2-320x202.jpg\" width=\"320\" height=\"202\" alt=\"\" title=\"17 &#8211; Albert Folch\" aria-label=\"17 &#8211; Albert Folch\" class=\"img-responsive wp-image-22039 fusion-gallery-image-size-fixed\" srcset=\"https:\/\/afc.cat\/wp-content\/uploads\/2021\/06\/17-Albert-Folch-2-320x202.jpg 320w, https:\/\/afc.cat\/wp-content\/uploads\/2021\/06\/17-Albert-Folch-2-700x441.jpg 700w\" sizes=\"(max-width: 320px) 100vw, 320px\" \/><\/a><\/div><\/div><div class=\"clearfix\"><\/div><div style=\"padding:5px;\" class=\"fusion-grid-column fusion-gallery-column fusion-gallery-column-5 hover-type-none\"><div class=\"fusion-gallery-image\"><a href=\"https:\/\/afc.cat\/wp-content\/uploads\/2021\/06\/18-Joan-Basset-2.jpg\" rel=\"noreferrer\" data-rel=\"iLightbox[gallery_image_2]\" class=\"fusion-lightbox\" target=\"_self\"><img decoding=\"async\" src=\"https:\/\/afc.cat\/wp-content\/uploads\/2021\/06\/18-Joan-Basset-2-320x202.jpg\" width=\"320\" height=\"202\" alt=\"\" title=\"18 &#8211; Joan Basset\" aria-label=\"18 &#8211; Joan Basset\" class=\"img-responsive wp-image-22041 fusion-gallery-image-size-fixed\" srcset=\"https:\/\/afc.cat\/wp-content\/uploads\/2021\/06\/18-Joan-Basset-2-320x202.jpg 320w, https:\/\/afc.cat\/wp-content\/uploads\/2021\/06\/18-Joan-Basset-2-700x441.jpg 700w\" sizes=\"(max-width: 320px) 100vw, 320px\" \/><\/a><\/div><\/div><div style=\"padding:5px;\" class=\"fusion-grid-column fusion-gallery-column fusion-gallery-column-5 hover-type-none\"><div class=\"fusion-gallery-image\"><a href=\"https:\/\/afc.cat\/wp-content\/uploads\/2021\/06\/TO-MAIG-2021-PUNTUACIONS-color.jpg\" rel=\"noreferrer\" data-rel=\"iLightbox[gallery_image_2]\" class=\"fusion-lightbox\" target=\"_self\"><img decoding=\"async\" src=\"https:\/\/afc.cat\/wp-content\/uploads\/2021\/06\/TO-MAIG-2021-PUNTUACIONS-color-320x202.jpg\" width=\"320\" height=\"202\" alt=\"\" title=\"TO MAIG 2021 PUNTUACIONS color\" aria-label=\"TO MAIG 2021 PUNTUACIONS color\" class=\"img-responsive wp-image-22001 fusion-gallery-image-size-fixed\" srcset=\"https:\/\/afc.cat\/wp-content\/uploads\/2021\/06\/TO-MAIG-2021-PUNTUACIONS-color-320x202.jpg 320w, https:\/\/afc.cat\/wp-content\/uploads\/2021\/06\/TO-MAIG-2021-PUNTUACIONS-color-700x441.jpg 700w\" sizes=\"(max-width: 320px) 100vw, 320px\" \/><\/a><\/div><\/div><\/div><\/div><style type=\"text\/css\">.fusion-body .fusion-builder-column-0{width:100% !important;margin-top : 0px;margin-bottom : 0px;}.fusion-builder-column-0 > .fusion-column-wrapper {padding-top : 0px !important;padding-right : 0px !important;margin-right : 1.92%;padding-bottom : 0px !important;padding-left : 0px !important;margin-left : 1.92%;}@media only screen and (max-width:1024px) {.fusion-body .fusion-builder-column-0{width:100% !important;}.fusion-builder-column-0 > .fusion-column-wrapper {margin-right : 1.92%;margin-left : 1.92%;}}@media only screen and (max-width:640px) {.fusion-body .fusion-builder-column-0{width:100% !important;}.fusion-builder-column-0 > .fusion-column-wrapper {margin-right : 1.92%;margin-left : 1.92%;}}<\/style><\/div><\/div><style type=\"text\/css\">.fusion-body .fusion-flex-container.fusion-builder-row-1{ padding-top : 0px;margin-top : 0px;padding-right : 0px;padding-bottom : 0px;margin-bottom : 0px;padding-left : 0px;}<\/style><\/div><div class=\"fusion-fullwidth fullwidth-box fusion-builder-row-2 fusion-flex-container nonhundred-percent-fullwidth non-hundred-percent-height-scrolling\" style=\"background-color: rgba(255,255,255,0);background-position: center center;background-repeat: no-repeat;border-width: 0px 0px 0px 0px;border-color:#ffffff;border-style:solid;\" ><div class=\"fusion-builder-row fusion-row fusion-flex-align-items-flex-start\" style=\"max-width:1300px;margin-left: calc(-4% \/ 2 );margin-right: calc(-4% \/ 2 );\"><div class=\"fusion-layout-column fusion_builder_column fusion-builder-column-1 fusion_builder_column_1_2 1_2 fusion-flex-column\"><div class=\"fusion-column-wrapper fusion-flex-justify-content-flex-start fusion-content-layout-column\" style=\"background-position:left top;background-repeat:no-repeat;-webkit-background-size:cover;-moz-background-size:cover;-o-background-size:cover;background-size:cover;padding: 0px 0px 0px 0px;\"><\/div><style type=\"text\/css\">.fusion-body .fusion-builder-column-1{width:50% !important;margin-top : 0px;margin-bottom : 20px;}.fusion-builder-column-1 > .fusion-column-wrapper {padding-top : 0px !important;padding-right : 0px !important;margin-right : 3.84%;padding-bottom : 0px !important;padding-left : 0px !important;margin-left : 3.84%;}@media only screen and (max-width:1024px) {.fusion-body .fusion-builder-column-1{width:50% !important;order : 0;}.fusion-builder-column-1 > .fusion-column-wrapper {margin-right : 3.84%;margin-left : 3.84%;}}@media only screen and (max-width:640px) {.fusion-body .fusion-builder-column-1{width:100% !important;order : 0;}.fusion-builder-column-1 > .fusion-column-wrapper {margin-right : 1.92%;margin-left : 1.92%;}}<\/style><\/div><div class=\"fusion-layout-column fusion_builder_column fusion-builder-column-2 fusion_builder_column_1_2 1_2 fusion-flex-column\"><div class=\"fusion-column-wrapper fusion-flex-justify-content-flex-start fusion-content-layout-column\" style=\"background-position:left top;background-repeat:no-repeat;-webkit-background-size:cover;-moz-background-size:cover;-o-background-size:cover;background-size:cover;padding: 0px 0px 0px 0px;\"><\/div><style type=\"text\/css\">.fusion-body .fusion-builder-column-2{width:50% !important;margin-top : 0px;margin-bottom : 20px;}.fusion-builder-column-2 > .fusion-column-wrapper {padding-top : 0px !important;padding-right : 0px !important;margin-right : 3.84%;padding-bottom : 0px !important;padding-left : 0px !important;margin-left : 3.84%;}@media only screen and (max-width:1024px) {.fusion-body .fusion-builder-column-2{width:50% !important;order : 0;}.fusion-builder-column-2 > .fusion-column-wrapper {margin-right : 3.84%;margin-left : 3.84%;}}@media only screen and (max-width:640px) {.fusion-body .fusion-builder-column-2{width:100% !important;order : 0;}.fusion-builder-column-2 > .fusion-column-wrapper {margin-right : 1.92%;margin-left : 1.92%;}}<\/style><\/div><\/div><style type=\"text\/css\">.fusion-body .fusion-flex-container.fusion-builder-row-2{ padding-top : 0px;margin-top : 0px;padding-right : 0px;padding-bottom : 0px;margin-bottom : 0px;padding-left : 0px;}<\/style><\/div><\/p>\n","protected":false},"excerpt":{"rendered":"","protected":false},"template":"","meta":{"_acf_changed":false},"wcs-type":[108,109,130],"wcs-room":[],"wcs-instructor":[],"class_list":["post-22002","class","type-class","status-publish","hentry","wcs-type-temas-obligados","wcs-type-veredictos-de-concursos","wcs-type-videoconferencia-es"],"acf":[],"yoast_head":"<!-- This site is optimized with the Yoast SEO plugin v27.5 - https:\/\/yoast.com\/product\/yoast-seo-wordpress\/ -->\n<title>Clasificaci\u00f3n concurso social \u201cTemas Obligados\u201d 2020-2021. Mayo: La belleza interior de los espacios vac\u00edos - Agrupaci\u00f3 Fotogr\u00e0fica de Catalunya<\/title>\n<meta name=\"robots\" content=\"index, follow, max-snippet:-1, max-image-preview:large, max-video-preview:-1\" \/>\n<link rel=\"canonical\" href=\"https:\/\/afc.cat\/es\/activitat\/clasificacion-concurso-social-temas-obligados-2020-2021-mayo-la-belleza-interior-de-los-espacios-vacios\/\" \/>\n<meta property=\"og:locale\" content=\"es_ES\" \/>\n<meta property=\"og:type\" content=\"article\" \/>\n<meta property=\"og:title\" content=\"Clasificaci\u00f3n concurso social \u201cTemas Obligados\u201d 2020-2021. Mayo: La belleza interior de los espacios vac\u00edos - Agrupaci\u00f3 Fotogr\u00e0fica de Catalunya\" \/>\n<meta property=\"og:url\" content=\"https:\/\/afc.cat\/es\/activitat\/clasificacion-concurso-social-temas-obligados-2020-2021-mayo-la-belleza-interior-de-los-espacios-vacios\/\" \/>\n<meta property=\"og:site_name\" content=\"Agrupaci\u00f3 Fotogr\u00e0fica de Catalunya\" \/>\n<meta property=\"article:modified_time\" content=\"2021-06-04T09:53:57+00:00\" \/>\n<meta name=\"twitter:card\" content=\"summary_large_image\" \/>\n<meta name=\"twitter:label1\" content=\"Tiempo de lectura\" \/>\n\t<meta name=\"twitter:data1\" content=\"4 minutos\" \/>\n<script type=\"application\/ld+json\" class=\"yoast-schema-graph\">{\"@context\":\"https:\\\/\\\/schema.org\",\"@graph\":[{\"@type\":\"WebPage\",\"@id\":\"https:\\\/\\\/afc.cat\\\/es\\\/activitat\\\/clasificacion-concurso-social-temas-obligados-2020-2021-mayo-la-belleza-interior-de-los-espacios-vacios\\\/\",\"url\":\"https:\\\/\\\/afc.cat\\\/es\\\/activitat\\\/clasificacion-concurso-social-temas-obligados-2020-2021-mayo-la-belleza-interior-de-los-espacios-vacios\\\/\",\"name\":\"Clasificaci\u00f3n concurso social \u201cTemas Obligados\u201d 2020-2021. Mayo: La belleza interior de los espacios vac\u00edos - Agrupaci\u00f3 Fotogr\u00e0fica de Catalunya\",\"isPartOf\":{\"@id\":\"https:\\\/\\\/afc.cat\\\/es\\\/#website\"},\"datePublished\":\"2021-06-03T18:11:13+00:00\",\"dateModified\":\"2021-06-04T09:53:57+00:00\",\"breadcrumb\":{\"@id\":\"https:\\\/\\\/afc.cat\\\/es\\\/activitat\\\/clasificacion-concurso-social-temas-obligados-2020-2021-mayo-la-belleza-interior-de-los-espacios-vacios\\\/#breadcrumb\"},\"inLanguage\":\"es\",\"potentialAction\":[{\"@type\":\"ReadAction\",\"target\":[\"https:\\\/\\\/afc.cat\\\/es\\\/activitat\\\/clasificacion-concurso-social-temas-obligados-2020-2021-mayo-la-belleza-interior-de-los-espacios-vacios\\\/\"]}]},{\"@type\":\"BreadcrumbList\",\"@id\":\"https:\\\/\\\/afc.cat\\\/es\\\/activitat\\\/clasificacion-concurso-social-temas-obligados-2020-2021-mayo-la-belleza-interior-de-los-espacios-vacios\\\/#breadcrumb\",\"itemListElement\":[{\"@type\":\"ListItem\",\"position\":1,\"name\":\"Inicio\",\"item\":\"https:\\\/\\\/afc.cat\\\/es\\\/\"},{\"@type\":\"ListItem\",\"position\":2,\"name\":\"Clasificaci\u00f3n concurso social \u201cTemas Obligados\u201d 2020-2021. Mayo: La belleza interior de los espacios vac\u00edos\"}]},{\"@type\":\"WebSite\",\"@id\":\"https:\\\/\\\/afc.cat\\\/es\\\/#website\",\"url\":\"https:\\\/\\\/afc.cat\\\/es\\\/\",\"name\":\"Agrupaci\u00f3 Fotogr\u00e0fica de Catalunya\",\"description\":\"Fomento y divulgaci\u00f3n de la fotograf\u00eda en todas sus variedades\",\"potentialAction\":[{\"@type\":\"SearchAction\",\"target\":{\"@type\":\"EntryPoint\",\"urlTemplate\":\"https:\\\/\\\/afc.cat\\\/es\\\/?s={search_term_string}\"},\"query-input\":{\"@type\":\"PropertyValueSpecification\",\"valueRequired\":true,\"valueName\":\"search_term_string\"}}],\"inLanguage\":\"es\"}]}<\/script>\n<!-- \/ Yoast SEO plugin. -->","yoast_head_json":{"title":"Clasificaci\u00f3n concurso social \u201cTemas Obligados\u201d 2020-2021. Mayo: La belleza interior de los espacios vac\u00edos - Agrupaci\u00f3 Fotogr\u00e0fica de Catalunya","robots":{"index":"index","follow":"follow","max-snippet":"max-snippet:-1","max-image-preview":"max-image-preview:large","max-video-preview":"max-video-preview:-1"},"canonical":"https:\/\/afc.cat\/es\/activitat\/clasificacion-concurso-social-temas-obligados-2020-2021-mayo-la-belleza-interior-de-los-espacios-vacios\/","og_locale":"es_ES","og_type":"article","og_title":"Clasificaci\u00f3n concurso social \u201cTemas Obligados\u201d 2020-2021. Mayo: La belleza interior de los espacios vac\u00edos - Agrupaci\u00f3 Fotogr\u00e0fica de Catalunya","og_url":"https:\/\/afc.cat\/es\/activitat\/clasificacion-concurso-social-temas-obligados-2020-2021-mayo-la-belleza-interior-de-los-espacios-vacios\/","og_site_name":"Agrupaci\u00f3 Fotogr\u00e0fica de Catalunya","article_modified_time":"2021-06-04T09:53:57+00:00","twitter_card":"summary_large_image","twitter_misc":{"Tiempo de lectura":"4 minutos"},"schema":{"@context":"https:\/\/schema.org","@graph":[{"@type":"WebPage","@id":"https:\/\/afc.cat\/es\/activitat\/clasificacion-concurso-social-temas-obligados-2020-2021-mayo-la-belleza-interior-de-los-espacios-vacios\/","url":"https:\/\/afc.cat\/es\/activitat\/clasificacion-concurso-social-temas-obligados-2020-2021-mayo-la-belleza-interior-de-los-espacios-vacios\/","name":"Clasificaci\u00f3n concurso social \u201cTemas Obligados\u201d 2020-2021. Mayo: La belleza interior de los espacios vac\u00edos - Agrupaci\u00f3 Fotogr\u00e0fica de Catalunya","isPartOf":{"@id":"https:\/\/afc.cat\/es\/#website"},"datePublished":"2021-06-03T18:11:13+00:00","dateModified":"2021-06-04T09:53:57+00:00","breadcrumb":{"@id":"https:\/\/afc.cat\/es\/activitat\/clasificacion-concurso-social-temas-obligados-2020-2021-mayo-la-belleza-interior-de-los-espacios-vacios\/#breadcrumb"},"inLanguage":"es","potentialAction":[{"@type":"ReadAction","target":["https:\/\/afc.cat\/es\/activitat\/clasificacion-concurso-social-temas-obligados-2020-2021-mayo-la-belleza-interior-de-los-espacios-vacios\/"]}]},{"@type":"BreadcrumbList","@id":"https:\/\/afc.cat\/es\/activitat\/clasificacion-concurso-social-temas-obligados-2020-2021-mayo-la-belleza-interior-de-los-espacios-vacios\/#breadcrumb","itemListElement":[{"@type":"ListItem","position":1,"name":"Inicio","item":"https:\/\/afc.cat\/es\/"},{"@type":"ListItem","position":2,"name":"Clasificaci\u00f3n concurso social \u201cTemas Obligados\u201d 2020-2021. Mayo: La belleza interior de los espacios vac\u00edos"}]},{"@type":"WebSite","@id":"https:\/\/afc.cat\/es\/#website","url":"https:\/\/afc.cat\/es\/","name":"Agrupaci\u00f3 Fotogr\u00e0fica de Catalunya","description":"Fomento y divulgaci\u00f3n de la fotograf\u00eda en todas sus variedades","potentialAction":[{"@type":"SearchAction","target":{"@type":"EntryPoint","urlTemplate":"https:\/\/afc.cat\/es\/?s={search_term_string}"},"query-input":{"@type":"PropertyValueSpecification","valueRequired":true,"valueName":"search_term_string"}}],"inLanguage":"es"}]}},"_links":{"self":[{"href":"https:\/\/afc.cat\/es\/wp-json\/wp\/v2\/class\/22002","targetHints":{"allow":["GET"]}}],"collection":[{"href":"https:\/\/afc.cat\/es\/wp-json\/wp\/v2\/class"}],"about":[{"href":"https:\/\/afc.cat\/es\/wp-json\/wp\/v2\/types\/class"}],"wp:attachment":[{"href":"https:\/\/afc.cat\/es\/wp-json\/wp\/v2\/media?parent=22002"}],"wp:term":[{"taxonomy":"wcs-type","embeddable":true,"href":"https:\/\/afc.cat\/es\/wp-json\/wp\/v2\/wcs-type?post=22002"},{"taxonomy":"wcs-room","embeddable":true,"href":"https:\/\/afc.cat\/es\/wp-json\/wp\/v2\/wcs-room?post=22002"},{"taxonomy":"wcs-instructor","embeddable":true,"href":"https:\/\/afc.cat\/es\/wp-json\/wp\/v2\/wcs-instructor?post=22002"}],"curies":[{"name":"wp","href":"https:\/\/api.w.org\/{rel}","templated":true}]}}