{"id":22079,"date":"2021-06-05T12:19:45","date_gmt":"2021-06-05T10:19:45","guid":{"rendered":"https:\/\/afc.cat\/?post_type=class&#038;p=22079"},"modified":"2021-06-05T15:51:34","modified_gmt":"2021-06-05T13:51:34","slug":"visita-exposicion-antoni-campana-la-guerra-infinita-museu-nacional-dart-de-catalunya-mnac","status":"publish","type":"class","link":"https:\/\/afc.cat\/es\/activitat\/visita-exposicion-antoni-campana-la-guerra-infinita-museu-nacional-dart-de-catalunya-mnac\/","title":{"rendered":"VISITA EXPOSICI\u00d3N. ANTONI CAMPA\u00d1\u00c0. LA GUERRA INFINITA. MUSEU NACIONAL D&#8217;ART DE CATALUNYA &#8211; MNAC"},"content":{"rendered":"<p><div class=\"fusion-fullwidth fullwidth-box fusion-builder-row-1 fusion-flex-container nonhundred-percent-fullwidth non-hundred-percent-height-scrolling\" style=\"background-color: rgba(255,255,255,0);background-position: center center;background-repeat: no-repeat;border-width: 0px 0px 0px 0px;border-color:#ffffff;border-style:solid;\" ><div class=\"fusion-builder-row fusion-row fusion-flex-align-items-flex-start\" style=\"max-width:1300px;margin-left: calc(-4% \/ 2 );margin-right: calc(-4% \/ 2 );\"><div class=\"fusion-layout-column fusion_builder_column fusion-builder-column-0 fusion_builder_column_1_1 1_1 fusion-flex-column\"><div class=\"fusion-column-wrapper fusion-flex-justify-content-flex-start fusion-content-layout-column\" style=\"background-position:left top;background-repeat:no-repeat;-webkit-background-size:cover;-moz-background-size:cover;-o-background-size:cover;background-size:cover;padding: 0px 0px 0px 0px;\"><div class=\"fusion-text fusion-text-1\"><h2><a href=\"https:\/\/www.museunacional.cat\/ca\/antoni-campana-la-guerra-infinita\" target=\"_blank\" rel=\"noopener noreferrer\">LAS IM\u00c1GENES IN\u00c9DITAS DE ANTONI CAMPA\u00d1\u00c0<\/a><\/h2>\n<h3>Les tensions d\u2019una mirada (1906-1989)<\/h3>\n<p><strong>LA GUERRA INFINITA<\/strong><\/p>\n<p><strong>FECHA:<\/strong> Martes 22 de junio de 2021.<\/p>\n<p><strong>LUGAR:<\/strong> <a href=\"https:\/\/www.museunacional.cat\/es\" target=\"_blank\" rel=\"noopener noreferrer\">MUSEU NACIONAL D\u2019ART DE CATALUNYA<\/a> &#8211; MNAC<\/p>\n<p><strong>HORARIO ACTIVIDAD:<\/strong> 10:30. Duraci\u00f3n estimada 1h30\u2019 aprox<\/p>\n<p><b>Nos har\u00e1 la visita un gu\u00eda excepcional: TONI <\/b><b>MONNER<\/b><b>, nieto del fot\u00f3grafo y <\/b><b>descubridor<\/b><b> de la \u00abcaja roja\u201d.<\/b><\/p>\n<p><strong>PUNTO DE ENCUENTRO:<\/strong> Puerta principal del MNAC a las 10:15<\/p>\n<p><strong>COMO LLEGAR:<\/strong> Metro L3(Plz.Espa\u00f1a). Bus: 55 (MNAC\/Museo Etnol\u00f3gico), D20-D40-150-37. PK coches junto a museo.<\/p>\n<p><strong>PRECIO:<\/strong> Entrada general 12,-\u20ac. Nos har\u00e1n un 30% de dto: 8,40\u20ac. Mayores de 65, gratuito.<\/p>\n<p><strong>INSCRIPCI\u00d3N:<\/strong> Enviar correo a visites@afc.cat indicando el nombre y el n\u00famero de socio. Actividad reservada para socias y socios.<\/p>\n<p><strong>AFORO LIMITADO A 20 PLAZAS.<\/strong><\/p>\n<p>La \u201cGuerra Infinita\u201d descubre las diferentes facetas de la obra del fot\u00f3grafo Antoni Campa\u00f1\u00e0 (Arb\u00facies, 1906 &#8211; Sant Cugat del Vall\u00e8s, 1989), poniendo el foco en las fotograf\u00edas que realiz\u00f3 durante la Guerra Civil espa\u00f1ola, que la familia encontr\u00f3 por azar en 2018. Este conjunto de im\u00e1genes, de gran calidad art\u00edstica y relevancia hist\u00f3rica, fueron escondidas en una caja por el propio artista donde permanecieron durante m\u00e1s de setenta a\u00f1os desde el final de la Guerra Civil hasta el 2018.<\/p>\n<p>Esta caja, con centenares de im\u00e1genes in\u00e9ditas, es ahora conocida como la \u201ccaja roja\u201d y supone una nueva aportaci\u00f3n muy importante para el patrimonio fotogr\u00e1fico del pa\u00eds, especialmente en cuanto a la Guerra Civil, resituando Campa\u00f1\u00e0 como uno de los grandes nombres en la fotograf\u00eda catalana y espa\u00f1ola del siglo XX.<\/p>\n<p>La muestra presenta un total de m\u00e1s de 300 fotograf\u00edas y desvela un gran n\u00famero de im\u00e1genes in\u00e9ditas, nunca positivadas ni por el propio fot\u00f3grafo.<\/p>\n<\/div><div class=\"fusion-separator fusion-full-width-sep\" style=\"align-self: center;margin-left: auto;margin-right: auto;width:100%;\"><div class=\"fusion-separator-border sep-single sep-solid\" style=\"border-color:#3ec0bf;border-top-width:2px;\"><\/div><\/div><\/div><style type=\"text\/css\">.fusion-body .fusion-builder-column-0{width:100% !important;margin-top : 0px;margin-bottom : 0px;}.fusion-builder-column-0 > .fusion-column-wrapper {padding-top : 0px !important;padding-right : 0px !important;margin-right : 1.92%;padding-bottom : 0px !important;padding-left : 0px !important;margin-left : 1.92%;}@media only screen and (max-width:1024px) {.fusion-body .fusion-builder-column-0{width:100% !important;}.fusion-builder-column-0 > .fusion-column-wrapper {margin-right : 1.92%;margin-left : 1.92%;}}@media only screen and (max-width:640px) {.fusion-body .fusion-builder-column-0{width:100% !important;}.fusion-builder-column-0 > .fusion-column-wrapper {margin-right : 1.92%;margin-left : 1.92%;}}<\/style><\/div><\/div><style type=\"text\/css\">.fusion-body .fusion-flex-container.fusion-builder-row-1{ padding-top : 0px;margin-top : 0px;padding-right : 0px;padding-bottom : 0px;margin-bottom : 0px;padding-left : 0px;}<\/style><\/div><div class=\"fusion-fullwidth fullwidth-box fusion-builder-row-2 fusion-flex-container nonhundred-percent-fullwidth non-hundred-percent-height-scrolling\" style=\"background-color: rgba(255,255,255,0);background-position: center center;background-repeat: no-repeat;border-width: 0px 0px 0px 0px;border-color:#ffffff;border-style:solid;\" ><div class=\"fusion-builder-row fusion-row fusion-flex-align-items-flex-start\" style=\"max-width:1300px;margin-left: calc(-4% \/ 2 );margin-right: calc(-4% \/ 2 );\"><div class=\"fusion-layout-column fusion_builder_column fusion-builder-column-1 fusion_builder_column_1_2 1_2 fusion-flex-column\"><div class=\"fusion-column-wrapper fusion-flex-justify-content-flex-start fusion-content-layout-column\" style=\"background-position:left top;background-repeat:no-repeat;-webkit-background-size:cover;-moz-background-size:cover;-o-background-size:cover;background-size:cover;padding: 0px 0px 0px 0px;\"><div ><span class=\" fusion-imageframe imageframe-none imageframe-1 hover-type-zoomin\"><a href=\"https:\/\/afc.cat\/wp-content\/uploads\/2021\/06\/14.-Francesc-Nel\u02d9lo-pintant-el-tren-antifeixista-del-sindicat-de-dibuixants-1936.jpg\" class=\"fusion-lightbox\" data-rel=\"iLightbox[c94bf1ff1e2b0b61678]\" data-title=\"14. Antoni Campa\u00f1\u00e0. Francesc Nel\u02d9lo pintant el tren antifeixista del sindicat de dibuixants, 1936\" title=\"14. Antoni Campa\u00f1\u00e0. Francesc Nel\u02d9lo pintant el tren antifeixista del sindicat de dibuixants, 1936\"><img decoding=\"async\" width=\"800\" height=\"800\" src=\"https:\/\/afc.cat\/wp-content\/uploads\/2021\/06\/14.-Francesc-Nel\u02d9lo-pintant-el-tren-antifeixista-del-sindicat-de-dibuixants-1936.jpg\" alt class=\"img-responsive wp-image-22063\" srcset=\"https:\/\/afc.cat\/wp-content\/uploads\/2021\/06\/14.-Francesc-Nel\u02d9lo-pintant-el-tren-antifeixista-del-sindicat-de-dibuixants-1936-200x200.jpg 200w, https:\/\/afc.cat\/wp-content\/uploads\/2021\/06\/14.-Francesc-Nel\u02d9lo-pintant-el-tren-antifeixista-del-sindicat-de-dibuixants-1936-400x400.jpg 400w, https:\/\/afc.cat\/wp-content\/uploads\/2021\/06\/14.-Francesc-Nel\u02d9lo-pintant-el-tren-antifeixista-del-sindicat-de-dibuixants-1936-600x600.jpg 600w, https:\/\/afc.cat\/wp-content\/uploads\/2021\/06\/14.-Francesc-Nel\u02d9lo-pintant-el-tren-antifeixista-del-sindicat-de-dibuixants-1936.jpg 800w\" sizes=\"(max-width: 640px) 100vw, 600px\" \/><\/a><\/span><\/div><\/div><style type=\"text\/css\">.fusion-body .fusion-builder-column-1{width:50% !important;margin-top : 0px;margin-bottom : 20px;}.fusion-builder-column-1 > .fusion-column-wrapper {padding-top : 0px !important;padding-right : 0px !important;margin-right : 3.84%;padding-bottom : 0px !important;padding-left : 0px !important;margin-left : 3.84%;}@media only screen and (max-width:1024px) {.fusion-body .fusion-builder-column-1{width:50% !important;order : 0;}.fusion-builder-column-1 > .fusion-column-wrapper {margin-right : 3.84%;margin-left : 3.84%;}}@media only screen and (max-width:640px) {.fusion-body .fusion-builder-column-1{width:100% !important;order : 0;}.fusion-builder-column-1 > .fusion-column-wrapper {margin-right : 1.92%;margin-left : 1.92%;}}<\/style><\/div><div class=\"fusion-layout-column fusion_builder_column fusion-builder-column-2 fusion_builder_column_1_2 1_2 fusion-flex-column\"><div class=\"fusion-column-wrapper fusion-flex-justify-content-flex-start fusion-content-layout-column\" style=\"background-position:left top;background-repeat:no-repeat;-webkit-background-size:cover;-moz-background-size:cover;-o-background-size:cover;background-size:cover;padding: 0px 0px 0px 0px;\"><div ><span class=\" fusion-imageframe imageframe-none imageframe-2 hover-type-zoomin\"><a href=\"https:\/\/afc.cat\/wp-content\/uploads\/2021\/06\/2.-Antoni-Campa\u00a7O.-Menjador-per-a-pobres-1936.jpg\" class=\"fusion-lightbox\" data-rel=\"iLightbox[3c1c7636df26b517b2f]\" data-title=\"2. Antoni Campa\u00f1\u00e0. Menjador per a pobres, 1936\" title=\"2. Antoni Campa\u00f1\u00e0. Menjador per a pobres, 1936\"><img decoding=\"async\" width=\"800\" height=\"800\" src=\"https:\/\/afc.cat\/wp-content\/uploads\/2021\/06\/2.-Antoni-Campa\u00a7O.-Menjador-per-a-pobres-1936.jpg\" alt class=\"img-responsive wp-image-22059\" srcset=\"https:\/\/afc.cat\/wp-content\/uploads\/2021\/06\/2.-Antoni-Campa\u00a7O.-Menjador-per-a-pobres-1936-200x200.jpg 200w, https:\/\/afc.cat\/wp-content\/uploads\/2021\/06\/2.-Antoni-Campa\u00a7O.-Menjador-per-a-pobres-1936-400x400.jpg 400w, https:\/\/afc.cat\/wp-content\/uploads\/2021\/06\/2.-Antoni-Campa\u00a7O.-Menjador-per-a-pobres-1936-600x600.jpg 600w, https:\/\/afc.cat\/wp-content\/uploads\/2021\/06\/2.-Antoni-Campa\u00a7O.-Menjador-per-a-pobres-1936.jpg 800w\" sizes=\"(max-width: 640px) 100vw, 600px\" \/><\/a><\/span><\/div><\/div><style type=\"text\/css\">.fusion-body .fusion-builder-column-2{width:50% !important;margin-top : 0px;margin-bottom : 20px;}.fusion-builder-column-2 > .fusion-column-wrapper {padding-top : 0px !important;padding-right : 0px !important;margin-right : 3.84%;padding-bottom : 0px !important;padding-left : 0px !important;margin-left : 3.84%;}@media only screen and (max-width:1024px) {.fusion-body .fusion-builder-column-2{width:50% !important;order : 0;}.fusion-builder-column-2 > .fusion-column-wrapper {margin-right : 3.84%;margin-left : 3.84%;}}@media only screen and (max-width:640px) {.fusion-body .fusion-builder-column-2{width:100% !important;order : 0;}.fusion-builder-column-2 > .fusion-column-wrapper {margin-right : 1.92%;margin-left : 1.92%;}}<\/style><\/div><\/div><style type=\"text\/css\">.fusion-body .fusion-flex-container.fusion-builder-row-2{ padding-top : 0px;margin-top : 0px;padding-right : 0px;padding-bottom : 0px;margin-bottom : 0px;padding-left : 0px;}<\/style><\/div><\/p>\n","protected":false},"excerpt":{"rendered":"","protected":false},"template":"","meta":{"_acf_changed":false},"wcs-type":[129],"wcs-room":[254],"wcs-instructor":[249],"class_list":["post-22079","class","type-class","status-publish","hentry","wcs-type-salidas-a-exposiciones","wcs-room-museu-nacional-dart-de-catalunya-mnac","wcs-instructor-vocalia-de-cultura"],"acf":[],"yoast_head":"<!-- This site is optimized with the Yoast SEO plugin v27.5 - https:\/\/yoast.com\/product\/yoast-seo-wordpress\/ -->\n<title>VISITA EXPOSICI\u00d3N. ANTONI CAMPA\u00d1\u00c0. LA GUERRA INFINITA. MUSEU NACIONAL D&#039;ART DE CATALUNYA - MNAC - Agrupaci\u00f3 Fotogr\u00e0fica de Catalunya<\/title>\n<meta name=\"robots\" content=\"index, follow, max-snippet:-1, max-image-preview:large, max-video-preview:-1\" \/>\n<link rel=\"canonical\" href=\"https:\/\/afc.cat\/es\/activitat\/visita-exposicion-antoni-campana-la-guerra-infinita-museu-nacional-dart-de-catalunya-mnac\/\" \/>\n<meta property=\"og:locale\" content=\"es_ES\" \/>\n<meta property=\"og:type\" content=\"article\" \/>\n<meta property=\"og:title\" content=\"VISITA EXPOSICI\u00d3N. ANTONI CAMPA\u00d1\u00c0. LA GUERRA INFINITA. MUSEU NACIONAL D&#039;ART DE CATALUNYA - MNAC - Agrupaci\u00f3 Fotogr\u00e0fica de Catalunya\" \/>\n<meta property=\"og:url\" content=\"https:\/\/afc.cat\/es\/activitat\/visita-exposicion-antoni-campana-la-guerra-infinita-museu-nacional-dart-de-catalunya-mnac\/\" \/>\n<meta property=\"og:site_name\" content=\"Agrupaci\u00f3 Fotogr\u00e0fica de Catalunya\" \/>\n<meta property=\"article:modified_time\" content=\"2021-06-05T13:51:34+00:00\" \/>\n<meta name=\"twitter:card\" content=\"summary_large_image\" \/>\n<meta name=\"twitter:label1\" content=\"Tiempo de lectura\" \/>\n\t<meta name=\"twitter:data1\" content=\"3 minutos\" \/>\n<script type=\"application\/ld+json\" class=\"yoast-schema-graph\">{\"@context\":\"https:\\\/\\\/schema.org\",\"@graph\":[{\"@type\":\"WebPage\",\"@id\":\"https:\\\/\\\/afc.cat\\\/es\\\/activitat\\\/visita-exposicion-antoni-campana-la-guerra-infinita-museu-nacional-dart-de-catalunya-mnac\\\/\",\"url\":\"https:\\\/\\\/afc.cat\\\/es\\\/activitat\\\/visita-exposicion-antoni-campana-la-guerra-infinita-museu-nacional-dart-de-catalunya-mnac\\\/\",\"name\":\"VISITA EXPOSICI\u00d3N. ANTONI CAMPA\u00d1\u00c0. LA GUERRA INFINITA. MUSEU NACIONAL D'ART DE CATALUNYA - MNAC - Agrupaci\u00f3 Fotogr\u00e0fica de Catalunya\",\"isPartOf\":{\"@id\":\"https:\\\/\\\/afc.cat\\\/es\\\/#website\"},\"datePublished\":\"2021-06-05T10:19:45+00:00\",\"dateModified\":\"2021-06-05T13:51:34+00:00\",\"breadcrumb\":{\"@id\":\"https:\\\/\\\/afc.cat\\\/es\\\/activitat\\\/visita-exposicion-antoni-campana-la-guerra-infinita-museu-nacional-dart-de-catalunya-mnac\\\/#breadcrumb\"},\"inLanguage\":\"es\",\"potentialAction\":[{\"@type\":\"ReadAction\",\"target\":[\"https:\\\/\\\/afc.cat\\\/es\\\/activitat\\\/visita-exposicion-antoni-campana-la-guerra-infinita-museu-nacional-dart-de-catalunya-mnac\\\/\"]}]},{\"@type\":\"BreadcrumbList\",\"@id\":\"https:\\\/\\\/afc.cat\\\/es\\\/activitat\\\/visita-exposicion-antoni-campana-la-guerra-infinita-museu-nacional-dart-de-catalunya-mnac\\\/#breadcrumb\",\"itemListElement\":[{\"@type\":\"ListItem\",\"position\":1,\"name\":\"Inicio\",\"item\":\"https:\\\/\\\/afc.cat\\\/es\\\/\"},{\"@type\":\"ListItem\",\"position\":2,\"name\":\"VISITA EXPOSICI\u00d3N. ANTONI CAMPA\u00d1\u00c0. LA GUERRA INFINITA. MUSEU NACIONAL D&#8217;ART DE CATALUNYA &#8211; MNAC\"}]},{\"@type\":\"WebSite\",\"@id\":\"https:\\\/\\\/afc.cat\\\/es\\\/#website\",\"url\":\"https:\\\/\\\/afc.cat\\\/es\\\/\",\"name\":\"Agrupaci\u00f3 Fotogr\u00e0fica de Catalunya\",\"description\":\"Fomento y divulgaci\u00f3n de la fotograf\u00eda en todas sus variedades\",\"potentialAction\":[{\"@type\":\"SearchAction\",\"target\":{\"@type\":\"EntryPoint\",\"urlTemplate\":\"https:\\\/\\\/afc.cat\\\/es\\\/?s={search_term_string}\"},\"query-input\":{\"@type\":\"PropertyValueSpecification\",\"valueRequired\":true,\"valueName\":\"search_term_string\"}}],\"inLanguage\":\"es\"}]}<\/script>\n<!-- \/ Yoast SEO plugin. -->","yoast_head_json":{"title":"VISITA EXPOSICI\u00d3N. ANTONI CAMPA\u00d1\u00c0. LA GUERRA INFINITA. MUSEU NACIONAL D'ART DE CATALUNYA - MNAC - Agrupaci\u00f3 Fotogr\u00e0fica de Catalunya","robots":{"index":"index","follow":"follow","max-snippet":"max-snippet:-1","max-image-preview":"max-image-preview:large","max-video-preview":"max-video-preview:-1"},"canonical":"https:\/\/afc.cat\/es\/activitat\/visita-exposicion-antoni-campana-la-guerra-infinita-museu-nacional-dart-de-catalunya-mnac\/","og_locale":"es_ES","og_type":"article","og_title":"VISITA EXPOSICI\u00d3N. ANTONI CAMPA\u00d1\u00c0. LA GUERRA INFINITA. MUSEU NACIONAL D'ART DE CATALUNYA - MNAC - Agrupaci\u00f3 Fotogr\u00e0fica de Catalunya","og_url":"https:\/\/afc.cat\/es\/activitat\/visita-exposicion-antoni-campana-la-guerra-infinita-museu-nacional-dart-de-catalunya-mnac\/","og_site_name":"Agrupaci\u00f3 Fotogr\u00e0fica de Catalunya","article_modified_time":"2021-06-05T13:51:34+00:00","twitter_card":"summary_large_image","twitter_misc":{"Tiempo de lectura":"3 minutos"},"schema":{"@context":"https:\/\/schema.org","@graph":[{"@type":"WebPage","@id":"https:\/\/afc.cat\/es\/activitat\/visita-exposicion-antoni-campana-la-guerra-infinita-museu-nacional-dart-de-catalunya-mnac\/","url":"https:\/\/afc.cat\/es\/activitat\/visita-exposicion-antoni-campana-la-guerra-infinita-museu-nacional-dart-de-catalunya-mnac\/","name":"VISITA EXPOSICI\u00d3N. ANTONI CAMPA\u00d1\u00c0. LA GUERRA INFINITA. MUSEU NACIONAL D'ART DE CATALUNYA - MNAC - Agrupaci\u00f3 Fotogr\u00e0fica de Catalunya","isPartOf":{"@id":"https:\/\/afc.cat\/es\/#website"},"datePublished":"2021-06-05T10:19:45+00:00","dateModified":"2021-06-05T13:51:34+00:00","breadcrumb":{"@id":"https:\/\/afc.cat\/es\/activitat\/visita-exposicion-antoni-campana-la-guerra-infinita-museu-nacional-dart-de-catalunya-mnac\/#breadcrumb"},"inLanguage":"es","potentialAction":[{"@type":"ReadAction","target":["https:\/\/afc.cat\/es\/activitat\/visita-exposicion-antoni-campana-la-guerra-infinita-museu-nacional-dart-de-catalunya-mnac\/"]}]},{"@type":"BreadcrumbList","@id":"https:\/\/afc.cat\/es\/activitat\/visita-exposicion-antoni-campana-la-guerra-infinita-museu-nacional-dart-de-catalunya-mnac\/#breadcrumb","itemListElement":[{"@type":"ListItem","position":1,"name":"Inicio","item":"https:\/\/afc.cat\/es\/"},{"@type":"ListItem","position":2,"name":"VISITA EXPOSICI\u00d3N. ANTONI CAMPA\u00d1\u00c0. LA GUERRA INFINITA. MUSEU NACIONAL D&#8217;ART DE CATALUNYA &#8211; MNAC"}]},{"@type":"WebSite","@id":"https:\/\/afc.cat\/es\/#website","url":"https:\/\/afc.cat\/es\/","name":"Agrupaci\u00f3 Fotogr\u00e0fica de Catalunya","description":"Fomento y divulgaci\u00f3n de la fotograf\u00eda en todas sus variedades","potentialAction":[{"@type":"SearchAction","target":{"@type":"EntryPoint","urlTemplate":"https:\/\/afc.cat\/es\/?s={search_term_string}"},"query-input":{"@type":"PropertyValueSpecification","valueRequired":true,"valueName":"search_term_string"}}],"inLanguage":"es"}]}},"_links":{"self":[{"href":"https:\/\/afc.cat\/es\/wp-json\/wp\/v2\/class\/22079","targetHints":{"allow":["GET"]}}],"collection":[{"href":"https:\/\/afc.cat\/es\/wp-json\/wp\/v2\/class"}],"about":[{"href":"https:\/\/afc.cat\/es\/wp-json\/wp\/v2\/types\/class"}],"wp:attachment":[{"href":"https:\/\/afc.cat\/es\/wp-json\/wp\/v2\/media?parent=22079"}],"wp:term":[{"taxonomy":"wcs-type","embeddable":true,"href":"https:\/\/afc.cat\/es\/wp-json\/wp\/v2\/wcs-type?post=22079"},{"taxonomy":"wcs-room","embeddable":true,"href":"https:\/\/afc.cat\/es\/wp-json\/wp\/v2\/wcs-room?post=22079"},{"taxonomy":"wcs-instructor","embeddable":true,"href":"https:\/\/afc.cat\/es\/wp-json\/wp\/v2\/wcs-instructor?post=22079"}],"curies":[{"name":"wp","href":"https:\/\/api.w.org\/{rel}","templated":true}]}}