{"id":22349,"date":"2021-06-21T18:31:20","date_gmt":"2021-06-21T16:31:20","guid":{"rendered":"https:\/\/afc.cat\/?post_type=class&#038;p=22349"},"modified":"2021-06-21T18:31:49","modified_gmt":"2021-06-21T16:31:49","slug":"salida-fotografica-parc-del-forum-barcelona","status":"publish","type":"class","link":"https:\/\/afc.cat\/es\/activitat\/salida-fotografica-parc-del-forum-barcelona\/","title":{"rendered":"SALIDA FOTOGR\u00c1FICA: PARC DEL F\u00d2RUM, BARCELONA"},"content":{"rendered":"<p><div class=\"fusion-fullwidth fullwidth-box fusion-builder-row-1 fusion-flex-container nonhundred-percent-fullwidth non-hundred-percent-height-scrolling\" style=\"background-color: rgba(255,255,255,0);background-position: center center;background-repeat: no-repeat;border-width: 0px 0px 0px 0px;border-color:#ffffff;border-style:solid;\" ><div class=\"fusion-builder-row fusion-row fusion-flex-align-items-flex-start\" style=\"max-width:1300px;margin-left: calc(-4% \/ 2 );margin-right: calc(-4% \/ 2 );\"><div class=\"fusion-layout-column fusion_builder_column fusion-builder-column-0 fusion_builder_column_1_1 1_1 fusion-flex-column\"><div class=\"fusion-column-wrapper fusion-flex-justify-content-flex-start fusion-content-layout-column\" style=\"background-position:left top;background-repeat:no-repeat;-webkit-background-size:cover;-moz-background-size:cover;-o-background-size:cover;background-size:cover;padding: 0px 0px 0px 0px;\"><div class=\"fusion-text fusion-text-1\"><h2><b>DESCUBRIENDO EL PARC DEL F\u00d2RUM<\/b><\/h2>\n<p><b>FECHA<\/b>: mi\u00e9rcoles, 30 de junio de 2021<\/p>\n<p><b>LUGAR: <\/b>Parc del F\u00f2rum, Barcelona<\/p>\n<p><b>HORARIO DE LA ACTIVIDAD<\/b>: de 19:00 a 21:00 horas aproximadamente<\/p>\n<p><b>PUNTO DE ENCUENTRO<\/b>: frente al Museo Azul. Plaza Leonardo da Vinci, 4-5 Parque del Forum 08019 Barcelona<\/p>\n<p><b>HORA<\/b>: 19:00 horas<\/p>\n<p><b>COMO LLEGAR<\/b>: Metro L4 (Maresme-Forum), Bus 7 (Zona Universitaria-Forum), Bus V31 (Trinitat Vella-Mar Bella)<\/p>\n<p><b>PRECIO<\/b>: gratuito<\/p>\n<p><b>INSCRIPCI\u00d3N<\/b>: Enviar correo a sortides@afc.cat indicando nombre y n\u00famero de socio<\/p>\n<p><b>DESCRIPCI\u00d3N DE LA ACTIVIDAD:<\/b><\/p>\n<p>Esta vez os invitamos a una salida fotogr\u00e1fica a un lugar emblem\u00e1tico de la ciudad de Barcelona: el <b>Parc del F\u00f2rum<\/b>.<\/p>\n<p>Siguiendo con nuestra din\u00e1mica de <b>visitar lugares al aire libre<\/b>, esta vez hemos pensado que el Foro ser\u00eda un buen espacio para disfrutar de la fotograf\u00eda. Seguro que la mayor\u00eda de nosotros lo conocemos e incluso tendremos sido m\u00e1s de una vez, la <b>placa fotovoltaica<\/b> est\u00e1 muy retratada, pero a pesar de ello, siempre es agradable volver en grupo para poner en pr\u00e1ctica nuevas miradas fotogr\u00e1ficas vez que descubrimos rincones y panoramas que no hab\u00edamos visto antes. La hora, las 7 de la tarde, tambi\u00e9n puede ser un aliciente a\u00f1adido. \u00a1Tendremos un <b>sol bajo<\/b> proyectando <b>sombras suaves y alargadas<\/b>, <b>colores bien saturados<\/b> y una <b>luz muy bonita<\/b>! <span class=\"Apple-converted-space\">\u00a0<\/span><\/p>\n<p>El <b>Parc del F\u00f2rum<\/b> forma parte de la reordenaci\u00f3n urban\u00edstica del <b>frente litoral del Bes\u00f2s<\/b>, situado en la desembocadura del r\u00edo, que se llev\u00f3 a cabo con motivo del <b>F\u00f2rum Mundial de les Cultures Barcelona 2004<\/b>. Este evento tuvo como principal objetivo la reflexi\u00f3n y el di\u00e1logo en torno a la diversidad cultural, el desarrollo sostenible y la paz. La nueva urbanizaci\u00f3n permiti\u00f3 recuperar una gran extensi\u00f3n de la fachada litoral situada entre los t\u00e9rminos municipales de Barcelona y Sant Adri\u00e0 de Bes\u00f2s. Los espacios m\u00e1s significativos son: el <b>Museu Blau<\/b> (Museo de Ciencias Naturales de Barcelona), el <b>Centro de Convenciones<\/b>, la <b>Gran Explanada<\/b> con el <b>Bosque Urbano<\/b> y las <b>Carpas Foro<\/b>, la gran <b>Placa Fotovoltaica<\/b>, el <b>Parque de los Auditorios<\/b>, la <b>Central del Circo<\/b>, la zona de ba\u00f1os, etc.<\/p>\n<p>Dese\u00e1ndoos muchas y buenas fotograf\u00edas y con la ilusi\u00f3n de que esta salida sea de su gusto, <b>\u00a1os esperamos!<\/b><\/p>\n<\/div><div class=\"fusion-separator fusion-full-width-sep\" style=\"align-self: center;margin-left: auto;margin-right: auto;margin-top:20px;margin-bottom:20px;width:100%;\"><div class=\"fusion-separator-border sep-single sep-solid\" style=\"border-color:#3ec0bf;border-top-width:2px;\"><\/div><\/div><\/div><style type=\"text\/css\">.fusion-body .fusion-builder-column-0{width:100% !important;margin-top : 0px;margin-bottom : 0px;}.fusion-builder-column-0 > .fusion-column-wrapper {padding-top : 0px !important;padding-right : 0px !important;margin-right : 1.92%;padding-bottom : 0px !important;padding-left : 0px !important;margin-left : 1.92%;}@media only screen and (max-width:1024px) {.fusion-body .fusion-builder-column-0{width:100% !important;}.fusion-builder-column-0 > .fusion-column-wrapper {margin-right : 1.92%;margin-left : 1.92%;}}@media only screen and (max-width:640px) {.fusion-body .fusion-builder-column-0{width:100% !important;}.fusion-builder-column-0 > .fusion-column-wrapper {margin-right : 1.92%;margin-left : 1.92%;}}<\/style><\/div><\/div><style type=\"text\/css\">.fusion-body .fusion-flex-container.fusion-builder-row-1{ padding-top : 0px;margin-top : 0px;padding-right : 0px;padding-bottom : 0px;margin-bottom : 0px;padding-left : 0px;}<\/style><\/div><div class=\"fusion-fullwidth fullwidth-box fusion-builder-row-2 fusion-flex-container nonhundred-percent-fullwidth non-hundred-percent-height-scrolling\" style=\"background-color: rgba(255,255,255,0);background-position: center center;background-repeat: no-repeat;border-width: 0px 0px 0px 0px;border-color:#ffffff;border-style:solid;\" ><div class=\"fusion-builder-row fusion-row fusion-flex-align-items-flex-start\" style=\"max-width:1300px;margin-left: calc(-4% \/ 2 );margin-right: calc(-4% \/ 2 );\"><div class=\"fusion-layout-column fusion_builder_column fusion-builder-column-1 fusion_builder_column_1_3 1_3 fusion-flex-column\"><div class=\"fusion-column-wrapper fusion-flex-justify-content-flex-start fusion-content-layout-column\" style=\"background-position:left top;background-repeat:no-repeat;-webkit-background-size:cover;-moz-background-size:cover;-o-background-size:cover;background-size:cover;padding: 0px 0px 0px 0px;\"><div ><span class=\" fusion-imageframe imageframe-none imageframe-1 hover-type-none\"><a href=\"https:\/\/afc.cat\/wp-content\/uploads\/2021\/06\/4-Josep-Soler-Forum.jpg\" class=\"fusion-lightbox\" data-rel=\"iLightbox[9d29fa9f0d766b17e71]\" data-title=\"4 Josep Soler Forum\" title=\"4 Josep Soler Forum\"><img decoding=\"async\" width=\"1024\" height=\"683\" src=\"https:\/\/afc.cat\/wp-content\/uploads\/2021\/06\/4-Josep-Soler-Forum.jpg\" alt class=\"img-responsive wp-image-22345\" srcset=\"https:\/\/afc.cat\/wp-content\/uploads\/2021\/06\/4-Josep-Soler-Forum-200x133.jpg 200w, https:\/\/afc.cat\/wp-content\/uploads\/2021\/06\/4-Josep-Soler-Forum-400x267.jpg 400w, https:\/\/afc.cat\/wp-content\/uploads\/2021\/06\/4-Josep-Soler-Forum-600x400.jpg 600w, https:\/\/afc.cat\/wp-content\/uploads\/2021\/06\/4-Josep-Soler-Forum-800x534.jpg 800w, https:\/\/afc.cat\/wp-content\/uploads\/2021\/06\/4-Josep-Soler-Forum.jpg 1024w\" sizes=\"(max-width: 640px) 100vw, 400px\" \/><\/a><\/span><\/div><div class=\"fusion-text fusion-text-2\" style=\"font-size:12px;\"><p>Autor: Josep Soler<\/p>\n<\/div><\/div><style type=\"text\/css\">.fusion-body .fusion-builder-column-1{width:33.333333333333% !important;margin-top : 0px;margin-bottom : 20px;}.fusion-builder-column-1 > .fusion-column-wrapper {padding-top : 0px !important;padding-right : 0px !important;margin-right : 5.76%;padding-bottom : 0px !important;padding-left : 0px !important;margin-left : 5.76%;}@media only screen and (max-width:1024px) {.fusion-body .fusion-builder-column-1{width:33.333333333333% !important;order : 0;}.fusion-builder-column-1 > .fusion-column-wrapper {margin-right : 5.76%;margin-left : 5.76%;}}@media only screen and (max-width:640px) {.fusion-body .fusion-builder-column-1{width:100% !important;order : 0;}.fusion-builder-column-1 > .fusion-column-wrapper {margin-right : 1.92%;margin-left : 1.92%;}}<\/style><\/div><div class=\"fusion-layout-column fusion_builder_column fusion-builder-column-2 fusion_builder_column_1_3 1_3 fusion-flex-column\"><div class=\"fusion-column-wrapper fusion-flex-justify-content-flex-start fusion-content-layout-column\" style=\"background-position:left top;background-repeat:no-repeat;-webkit-background-size:cover;-moz-background-size:cover;-o-background-size:cover;background-size:cover;padding: 0px 0px 0px 0px;\"><div ><span class=\" fusion-imageframe imageframe-none imageframe-2 hover-type-none\"><a href=\"https:\/\/afc.cat\/wp-content\/uploads\/2021\/06\/3-Alex-Sales-Forum.jpg\" class=\"fusion-lightbox\" data-rel=\"iLightbox[ea8abbd43c763312c2b]\" data-title=\"3 Alex Sales Forum\" title=\"3 Alex Sales Forum\"><img decoding=\"async\" width=\"1024\" height=\"683\" src=\"https:\/\/afc.cat\/wp-content\/uploads\/2021\/06\/3-Alex-Sales-Forum.jpg\" alt class=\"img-responsive wp-image-22343\" srcset=\"https:\/\/afc.cat\/wp-content\/uploads\/2021\/06\/3-Alex-Sales-Forum-200x133.jpg 200w, https:\/\/afc.cat\/wp-content\/uploads\/2021\/06\/3-Alex-Sales-Forum-400x267.jpg 400w, https:\/\/afc.cat\/wp-content\/uploads\/2021\/06\/3-Alex-Sales-Forum-600x400.jpg 600w, https:\/\/afc.cat\/wp-content\/uploads\/2021\/06\/3-Alex-Sales-Forum-800x534.jpg 800w, https:\/\/afc.cat\/wp-content\/uploads\/2021\/06\/3-Alex-Sales-Forum.jpg 1024w\" sizes=\"(max-width: 640px) 100vw, 400px\" \/><\/a><\/span><\/div><div class=\"fusion-text fusion-text-3\" style=\"font-size:12px;\"><p>Autor: \u00c0lex Sales<\/p>\n<\/div><\/div><style type=\"text\/css\">.fusion-body .fusion-builder-column-2{width:33.333333333333% !important;margin-top : 0px;margin-bottom : 20px;}.fusion-builder-column-2 > .fusion-column-wrapper {padding-top : 0px !important;padding-right : 0px !important;margin-right : 5.76%;padding-bottom : 0px !important;padding-left : 0px !important;margin-left : 5.76%;}@media only screen and (max-width:1024px) {.fusion-body .fusion-builder-column-2{width:33.333333333333% !important;order : 0;}.fusion-builder-column-2 > .fusion-column-wrapper {margin-right : 5.76%;margin-left : 5.76%;}}@media only screen and (max-width:640px) {.fusion-body .fusion-builder-column-2{width:100% !important;order : 0;}.fusion-builder-column-2 > .fusion-column-wrapper {margin-right : 1.92%;margin-left : 1.92%;}}<\/style><\/div><div class=\"fusion-layout-column fusion_builder_column fusion-builder-column-3 fusion_builder_column_1_3 1_3 fusion-flex-column\"><div class=\"fusion-column-wrapper fusion-flex-justify-content-flex-start fusion-content-layout-column\" style=\"background-position:left top;background-repeat:no-repeat;-webkit-background-size:cover;-moz-background-size:cover;-o-background-size:cover;background-size:cover;padding: 0px 0px 0px 0px;\"><div ><span class=\" fusion-imageframe imageframe-none imageframe-3 hover-type-none\"><a href=\"https:\/\/afc.cat\/wp-content\/uploads\/2021\/06\/2-Josep-Soler-Forum.jpg\" class=\"fusion-lightbox\" data-rel=\"iLightbox[7cfc745903c839f65a5]\" data-title=\"2 Josep Soler Forum\" title=\"2 Josep Soler Forum\"><img decoding=\"async\" width=\"1024\" height=\"683\" src=\"https:\/\/afc.cat\/wp-content\/uploads\/2021\/06\/2-Josep-Soler-Forum.jpg\" alt class=\"img-responsive wp-image-22341\" srcset=\"https:\/\/afc.cat\/wp-content\/uploads\/2021\/06\/2-Josep-Soler-Forum-200x133.jpg 200w, https:\/\/afc.cat\/wp-content\/uploads\/2021\/06\/2-Josep-Soler-Forum-400x267.jpg 400w, https:\/\/afc.cat\/wp-content\/uploads\/2021\/06\/2-Josep-Soler-Forum-600x400.jpg 600w, https:\/\/afc.cat\/wp-content\/uploads\/2021\/06\/2-Josep-Soler-Forum-800x534.jpg 800w, https:\/\/afc.cat\/wp-content\/uploads\/2021\/06\/2-Josep-Soler-Forum.jpg 1024w\" sizes=\"(max-width: 640px) 100vw, 400px\" \/><\/a><\/span><\/div><div class=\"fusion-text fusion-text-4\" style=\"font-size:12px;\"><p>Autor: Josep Soler<\/p>\n<\/div><\/div><style type=\"text\/css\">.fusion-body .fusion-builder-column-3{width:33.333333333333% !important;margin-top : 0px;margin-bottom : 20px;}.fusion-builder-column-3 > .fusion-column-wrapper {padding-top : 0px !important;padding-right : 0px !important;margin-right : 5.76%;padding-bottom : 0px !important;padding-left : 0px !important;margin-left : 5.76%;}@media only screen and (max-width:1024px) {.fusion-body .fusion-builder-column-3{width:33.333333333333% !important;order : 0;}.fusion-builder-column-3 > .fusion-column-wrapper {margin-right : 5.76%;margin-left : 5.76%;}}@media only screen and (max-width:640px) {.fusion-body .fusion-builder-column-3{width:100% !important;order : 0;}.fusion-builder-column-3 > .fusion-column-wrapper {margin-right : 1.92%;margin-left : 1.92%;}}<\/style><\/div><\/div><style type=\"text\/css\">.fusion-body .fusion-flex-container.fusion-builder-row-2{ padding-top : 0px;margin-top : 0px;padding-right : 0px;padding-bottom : 0px;margin-bottom : 0px;padding-left : 0px;}<\/style><\/div><\/p>\n","protected":false},"excerpt":{"rendered":"","protected":false},"template":"","meta":{"_acf_changed":false},"wcs-type":[128],"wcs-room":[267],"wcs-instructor":[250,249],"class_list":["post-22349","class","type-class","status-publish","hentry","wcs-type-salidas-fotograficas","wcs-room-parc-del-forum-barcelona","wcs-instructor-grup-sortides-fotografiques","wcs-instructor-vocalia-de-cultura"],"acf":[],"yoast_head":"<!-- This site is optimized with the Yoast SEO plugin v27.5 - https:\/\/yoast.com\/product\/yoast-seo-wordpress\/ -->\n<title>SALIDA FOTOGR\u00c1FICA: PARC DEL F\u00d2RUM, BARCELONA - Agrupaci\u00f3 Fotogr\u00e0fica de Catalunya<\/title>\n<meta name=\"robots\" content=\"index, follow, max-snippet:-1, max-image-preview:large, max-video-preview:-1\" \/>\n<link rel=\"canonical\" href=\"https:\/\/afc.cat\/es\/activitat\/salida-fotografica-parc-del-forum-barcelona\/\" \/>\n<meta property=\"og:locale\" content=\"es_ES\" \/>\n<meta property=\"og:type\" content=\"article\" \/>\n<meta property=\"og:title\" content=\"SALIDA FOTOGR\u00c1FICA: PARC DEL F\u00d2RUM, BARCELONA - Agrupaci\u00f3 Fotogr\u00e0fica de Catalunya\" \/>\n<meta property=\"og:url\" content=\"https:\/\/afc.cat\/es\/activitat\/salida-fotografica-parc-del-forum-barcelona\/\" \/>\n<meta property=\"og:site_name\" content=\"Agrupaci\u00f3 Fotogr\u00e0fica de Catalunya\" \/>\n<meta property=\"article:modified_time\" content=\"2021-06-21T16:31:49+00:00\" \/>\n<meta name=\"twitter:card\" content=\"summary_large_image\" \/>\n<meta name=\"twitter:label1\" content=\"Tiempo de lectura\" \/>\n\t<meta name=\"twitter:data1\" content=\"5 minutos\" \/>\n<script type=\"application\/ld+json\" class=\"yoast-schema-graph\">{\"@context\":\"https:\\\/\\\/schema.org\",\"@graph\":[{\"@type\":\"WebPage\",\"@id\":\"https:\\\/\\\/afc.cat\\\/es\\\/activitat\\\/salida-fotografica-parc-del-forum-barcelona\\\/\",\"url\":\"https:\\\/\\\/afc.cat\\\/es\\\/activitat\\\/salida-fotografica-parc-del-forum-barcelona\\\/\",\"name\":\"SALIDA FOTOGR\u00c1FICA: PARC DEL F\u00d2RUM, BARCELONA - Agrupaci\u00f3 Fotogr\u00e0fica de Catalunya\",\"isPartOf\":{\"@id\":\"https:\\\/\\\/afc.cat\\\/es\\\/#website\"},\"datePublished\":\"2021-06-21T16:31:20+00:00\",\"dateModified\":\"2021-06-21T16:31:49+00:00\",\"breadcrumb\":{\"@id\":\"https:\\\/\\\/afc.cat\\\/es\\\/activitat\\\/salida-fotografica-parc-del-forum-barcelona\\\/#breadcrumb\"},\"inLanguage\":\"es\",\"potentialAction\":[{\"@type\":\"ReadAction\",\"target\":[\"https:\\\/\\\/afc.cat\\\/es\\\/activitat\\\/salida-fotografica-parc-del-forum-barcelona\\\/\"]}]},{\"@type\":\"BreadcrumbList\",\"@id\":\"https:\\\/\\\/afc.cat\\\/es\\\/activitat\\\/salida-fotografica-parc-del-forum-barcelona\\\/#breadcrumb\",\"itemListElement\":[{\"@type\":\"ListItem\",\"position\":1,\"name\":\"Inicio\",\"item\":\"https:\\\/\\\/afc.cat\\\/es\\\/\"},{\"@type\":\"ListItem\",\"position\":2,\"name\":\"SALIDA FOTOGR\u00c1FICA: PARC DEL F\u00d2RUM, BARCELONA\"}]},{\"@type\":\"WebSite\",\"@id\":\"https:\\\/\\\/afc.cat\\\/es\\\/#website\",\"url\":\"https:\\\/\\\/afc.cat\\\/es\\\/\",\"name\":\"Agrupaci\u00f3 Fotogr\u00e0fica de Catalunya\",\"description\":\"Fomento y divulgaci\u00f3n de la fotograf\u00eda en todas sus variedades\",\"potentialAction\":[{\"@type\":\"SearchAction\",\"target\":{\"@type\":\"EntryPoint\",\"urlTemplate\":\"https:\\\/\\\/afc.cat\\\/es\\\/?s={search_term_string}\"},\"query-input\":{\"@type\":\"PropertyValueSpecification\",\"valueRequired\":true,\"valueName\":\"search_term_string\"}}],\"inLanguage\":\"es\"}]}<\/script>\n<!-- \/ Yoast SEO plugin. -->","yoast_head_json":{"title":"SALIDA FOTOGR\u00c1FICA: PARC DEL F\u00d2RUM, BARCELONA - Agrupaci\u00f3 Fotogr\u00e0fica de Catalunya","robots":{"index":"index","follow":"follow","max-snippet":"max-snippet:-1","max-image-preview":"max-image-preview:large","max-video-preview":"max-video-preview:-1"},"canonical":"https:\/\/afc.cat\/es\/activitat\/salida-fotografica-parc-del-forum-barcelona\/","og_locale":"es_ES","og_type":"article","og_title":"SALIDA FOTOGR\u00c1FICA: PARC DEL F\u00d2RUM, BARCELONA - Agrupaci\u00f3 Fotogr\u00e0fica de Catalunya","og_url":"https:\/\/afc.cat\/es\/activitat\/salida-fotografica-parc-del-forum-barcelona\/","og_site_name":"Agrupaci\u00f3 Fotogr\u00e0fica de Catalunya","article_modified_time":"2021-06-21T16:31:49+00:00","twitter_card":"summary_large_image","twitter_misc":{"Tiempo de lectura":"5 minutos"},"schema":{"@context":"https:\/\/schema.org","@graph":[{"@type":"WebPage","@id":"https:\/\/afc.cat\/es\/activitat\/salida-fotografica-parc-del-forum-barcelona\/","url":"https:\/\/afc.cat\/es\/activitat\/salida-fotografica-parc-del-forum-barcelona\/","name":"SALIDA FOTOGR\u00c1FICA: PARC DEL F\u00d2RUM, BARCELONA - Agrupaci\u00f3 Fotogr\u00e0fica de Catalunya","isPartOf":{"@id":"https:\/\/afc.cat\/es\/#website"},"datePublished":"2021-06-21T16:31:20+00:00","dateModified":"2021-06-21T16:31:49+00:00","breadcrumb":{"@id":"https:\/\/afc.cat\/es\/activitat\/salida-fotografica-parc-del-forum-barcelona\/#breadcrumb"},"inLanguage":"es","potentialAction":[{"@type":"ReadAction","target":["https:\/\/afc.cat\/es\/activitat\/salida-fotografica-parc-del-forum-barcelona\/"]}]},{"@type":"BreadcrumbList","@id":"https:\/\/afc.cat\/es\/activitat\/salida-fotografica-parc-del-forum-barcelona\/#breadcrumb","itemListElement":[{"@type":"ListItem","position":1,"name":"Inicio","item":"https:\/\/afc.cat\/es\/"},{"@type":"ListItem","position":2,"name":"SALIDA FOTOGR\u00c1FICA: PARC DEL F\u00d2RUM, BARCELONA"}]},{"@type":"WebSite","@id":"https:\/\/afc.cat\/es\/#website","url":"https:\/\/afc.cat\/es\/","name":"Agrupaci\u00f3 Fotogr\u00e0fica de Catalunya","description":"Fomento y divulgaci\u00f3n de la fotograf\u00eda en todas sus variedades","potentialAction":[{"@type":"SearchAction","target":{"@type":"EntryPoint","urlTemplate":"https:\/\/afc.cat\/es\/?s={search_term_string}"},"query-input":{"@type":"PropertyValueSpecification","valueRequired":true,"valueName":"search_term_string"}}],"inLanguage":"es"}]}},"_links":{"self":[{"href":"https:\/\/afc.cat\/es\/wp-json\/wp\/v2\/class\/22349","targetHints":{"allow":["GET"]}}],"collection":[{"href":"https:\/\/afc.cat\/es\/wp-json\/wp\/v2\/class"}],"about":[{"href":"https:\/\/afc.cat\/es\/wp-json\/wp\/v2\/types\/class"}],"wp:attachment":[{"href":"https:\/\/afc.cat\/es\/wp-json\/wp\/v2\/media?parent=22349"}],"wp:term":[{"taxonomy":"wcs-type","embeddable":true,"href":"https:\/\/afc.cat\/es\/wp-json\/wp\/v2\/wcs-type?post=22349"},{"taxonomy":"wcs-room","embeddable":true,"href":"https:\/\/afc.cat\/es\/wp-json\/wp\/v2\/wcs-room?post=22349"},{"taxonomy":"wcs-instructor","embeddable":true,"href":"https:\/\/afc.cat\/es\/wp-json\/wp\/v2\/wcs-instructor?post=22349"}],"curies":[{"name":"wp","href":"https:\/\/api.w.org\/{rel}","templated":true}]}}