{"id":23045,"date":"2021-09-13T17:54:21","date_gmt":"2021-09-13T15:54:21","guid":{"rendered":"https:\/\/afc.cat\/?post_type=class&#038;p=23045"},"modified":"2021-09-13T17:55:50","modified_gmt":"2021-09-13T15:55:50","slug":"exposicion-afc-toda-una-vida-de-aficion-autor-josep-ma-roig","status":"publish","type":"class","link":"https:\/\/afc.cat\/es\/activitat\/exposicion-afc-toda-una-vida-de-aficion-autor-josep-ma-roig\/","title":{"rendered":"Exposici\u00f3n AFC: \u201cToda una vida de afici\u00f3n\u201d. Autor Josep M\u00aa Roig"},"content":{"rendered":"<p><div class=\"fusion-fullwidth fullwidth-box fusion-builder-row-1 fusion-flex-container nonhundred-percent-fullwidth non-hundred-percent-height-scrolling\" style=\"background-color: rgba(255,255,255,0);background-position: center center;background-repeat: no-repeat;border-width: 0px 0px 0px 0px;border-color:#ffffff;border-style:solid;\" ><div class=\"fusion-builder-row fusion-row fusion-flex-align-items-flex-start\" style=\"max-width:1300px;margin-left: calc(-4% \/ 2 );margin-right: calc(-4% \/ 2 );\"><div class=\"fusion-layout-column fusion_builder_column fusion-builder-column-0 fusion_builder_column_1_1 1_1 fusion-flex-column\"><div class=\"fusion-column-wrapper fusion-flex-justify-content-flex-start fusion-content-layout-column\" style=\"background-position:left top;background-repeat:no-repeat;-webkit-background-size:cover;-moz-background-size:cover;-o-background-size:cover;background-size:cover;padding: 0px 0px 0px 0px;\"><div class=\"fusion-text fusion-text-1\" style=\"margin-right:10px;\"><h2>Exposici\u00f3n: Autor Josep Maria Roig<\/h2>\n<p>Nos complace informarte que el mi\u00e9rcoles d\u00eda <strong>15 de septiembre a las 19.30 horas<\/strong> tendr\u00e1 lugar la inauguraci\u00f3n de la exposici\u00f3n dedicada a la obra de nuestro consocio Josep Maria Roig. Este aficionado destacado entr\u00f3 a formar parte de nuestra entidad en 1959, momento en que realiz\u00f3 un curso de formaci\u00f3n y gan\u00f3 ya sus primeros premios. Su exitosa trayectoria continu\u00f3 con otros galardones, como el de la revista <strong>Destino<\/strong> con motivo de la fiesta del<strong> Onze de Setembre de 1977<\/strong>.<\/p>\n<p>Tantos a\u00f1os de pasi\u00f3n por la fotograf\u00eda fueron generando un fondo excepcional el cual tuvimos el placer de recibir en donaci\u00f3n el verano pasado. Nuestro patrimonio se ha visto as\u00ed enriquecido con m\u00e1s de 30.000 fotograf\u00edas que recogen sus vivencias, sus innumerables viajes y especialmente el \u00abviejo Sarri\u00e1\u00bb, barrio donde vive desde el 1936.<\/p>\n<p>La presente exposici\u00f3n recoger\u00e1 solo una peque\u00f1a selecci\u00f3n, pero esta muestra nos permitir\u00e1 expresar nuestro agradecimiento por su generosidad.<\/p>\n<\/div><\/div><style type=\"text\/css\">.fusion-body .fusion-builder-column-0{width:100% !important;margin-top : 0px;margin-bottom : 0px;}.fusion-builder-column-0 > .fusion-column-wrapper {padding-top : 0px !important;padding-right : 0px !important;margin-right : 1.92%;padding-bottom : 0px !important;padding-left : 0px !important;margin-left : 1.92%;}@media only screen and (max-width:1024px) {.fusion-body .fusion-builder-column-0{width:100% !important;}.fusion-builder-column-0 > .fusion-column-wrapper {margin-right : 1.92%;margin-left : 1.92%;}}@media only screen and (max-width:640px) {.fusion-body .fusion-builder-column-0{width:100% !important;}.fusion-builder-column-0 > .fusion-column-wrapper {margin-right : 1.92%;margin-left : 1.92%;}}<\/style><\/div><\/div><style type=\"text\/css\">.fusion-body .fusion-flex-container.fusion-builder-row-1{ padding-top : 0px;margin-top : 0px;padding-right : 0px;padding-bottom : 0px;margin-bottom : 0px;padding-left : 0px;}<\/style><\/div><div class=\"fusion-fullwidth fullwidth-box fusion-builder-row-2 fusion-flex-container nonhundred-percent-fullwidth non-hundred-percent-height-scrolling\" style=\"background-color: rgba(255,255,255,0);background-position: center center;background-repeat: no-repeat;border-width: 0px 0px 0px 0px;border-color:#ffffff;border-style:solid;\" ><div class=\"fusion-builder-row fusion-row fusion-flex-align-items-flex-start\" style=\"max-width:1300px;margin-left: calc(-4% \/ 2 );margin-right: calc(-4% \/ 2 );\"><div class=\"fusion-layout-column fusion_builder_column fusion-builder-column-1 fusion_builder_column_1_2 1_2 fusion-flex-column\"><div class=\"fusion-column-wrapper fusion-flex-justify-content-flex-start fusion-content-layout-column\" style=\"background-position:left top;background-repeat:no-repeat;-webkit-background-size:cover;-moz-background-size:cover;-o-background-size:cover;background-size:cover;padding: 0px 0px 0px 0px;\"><div style=\"text-align:center;\"><span class=\" fusion-imageframe imageframe-none imageframe-1 hover-type-zoomin\"><img decoding=\"async\" width=\"214\" height=\"300\" title=\"IMG-20200730-WA0002\" src=\"https:\/\/afc.cat\/wp-content\/uploads\/2021\/09\/IMG-20200730-WA0002-214x300.jpg\" alt class=\"img-responsive wp-image-23025\" srcset=\"https:\/\/afc.cat\/wp-content\/uploads\/2021\/09\/IMG-20200730-WA0002-200x280.jpg 200w, https:\/\/afc.cat\/wp-content\/uploads\/2021\/09\/IMG-20200730-WA0002-400x560.jpg 400w, https:\/\/afc.cat\/wp-content\/uploads\/2021\/09\/IMG-20200730-WA0002-600x840.jpg 600w, https:\/\/afc.cat\/wp-content\/uploads\/2021\/09\/IMG-20200730-WA0002-800x1120.jpg 800w, https:\/\/afc.cat\/wp-content\/uploads\/2021\/09\/IMG-20200730-WA0002.jpg 899w\" sizes=\"(max-width: 640px) 100vw, 600px\" \/><\/span><\/div><div class=\"fusion-text fusion-text-2\" style=\"font-size:13px;\"><p style=\"text-align: center;\">Josep Maria Roig<\/p>\n<\/div><\/div><style type=\"text\/css\">.fusion-body .fusion-builder-column-1{width:50% !important;margin-top : 0px;margin-bottom : 20px;}.fusion-builder-column-1 > .fusion-column-wrapper {padding-top : 0px !important;padding-right : 0px !important;margin-right : 3.84%;padding-bottom : 0px !important;padding-left : 0px !important;margin-left : 3.84%;}@media only screen and (max-width:1024px) {.fusion-body .fusion-builder-column-1{width:50% !important;order : 0;}.fusion-builder-column-1 > .fusion-column-wrapper {margin-right : 3.84%;margin-left : 3.84%;}}@media only screen and (max-width:640px) {.fusion-body .fusion-builder-column-1{width:100% !important;order : 0;}.fusion-builder-column-1 > .fusion-column-wrapper {margin-right : 1.92%;margin-left : 1.92%;}}<\/style><\/div><div class=\"fusion-layout-column fusion_builder_column fusion-builder-column-2 fusion_builder_column_1_2 1_2 fusion-flex-column\"><div class=\"fusion-column-wrapper fusion-flex-justify-content-flex-start fusion-content-layout-column\" style=\"background-position:left top;background-repeat:no-repeat;-webkit-background-size:cover;-moz-background-size:cover;-o-background-size:cover;background-size:cover;padding: 0px 0px 0px 0px;\"><div style=\"text-align:center;\"><style>.fusion-imageframe.imageframe-2{ margin-right : 10px;}<\/style><span class=\" fusion-imageframe imageframe-none imageframe-2 hover-type-zoomin\"><img decoding=\"async\" width=\"1024\" height=\"846\" title=\"IMG-20210905-WA0004 (1)\" src=\"https:\/\/afc.cat\/wp-content\/uploads\/2021\/09\/IMG-20210905-WA0004-1.jpg\" alt class=\"img-responsive wp-image-23036\" srcset=\"https:\/\/afc.cat\/wp-content\/uploads\/2021\/09\/IMG-20210905-WA0004-1-200x165.jpg 200w, https:\/\/afc.cat\/wp-content\/uploads\/2021\/09\/IMG-20210905-WA0004-1-400x330.jpg 400w, https:\/\/afc.cat\/wp-content\/uploads\/2021\/09\/IMG-20210905-WA0004-1-600x496.jpg 600w, https:\/\/afc.cat\/wp-content\/uploads\/2021\/09\/IMG-20210905-WA0004-1-800x661.jpg 800w, https:\/\/afc.cat\/wp-content\/uploads\/2021\/09\/IMG-20210905-WA0004-1.jpg 1024w\" sizes=\"(max-width: 640px) 100vw, 600px\" \/><\/span><\/div><div class=\"fusion-text fusion-text-3\" style=\"font-size:13px;\"><p style=\"text-align: center;\">Foto: Josep Maria Roig<\/p>\n<\/div><\/div><style type=\"text\/css\">.fusion-body .fusion-builder-column-2{width:50% !important;margin-top : 0px;margin-bottom : 20px;}.fusion-builder-column-2 > .fusion-column-wrapper {padding-top : 0px !important;padding-right : 0px !important;margin-right : 3.84%;padding-bottom : 0px !important;padding-left : 0px !important;margin-left : 3.84%;}@media only screen and (max-width:1024px) {.fusion-body .fusion-builder-column-2{width:50% !important;order : 0;}.fusion-builder-column-2 > .fusion-column-wrapper {margin-right : 3.84%;margin-left : 3.84%;}}@media only screen and (max-width:640px) {.fusion-body .fusion-builder-column-2{width:100% !important;order : 0;}.fusion-builder-column-2 > .fusion-column-wrapper {margin-right : 1.92%;margin-left : 1.92%;}}<\/style><\/div><\/div><style type=\"text\/css\">.fusion-body .fusion-flex-container.fusion-builder-row-2{ padding-top : 0px;margin-top : 0px;padding-right : 0px;padding-bottom : 0px;margin-bottom : 0px;padding-left : 0px;}<\/style><\/div><\/p>\n","protected":false},"excerpt":{"rendered":"","protected":false},"template":"","meta":{"_acf_changed":false},"wcs-type":[111,112],"wcs-room":[131],"wcs-instructor":[],"class_list":["post-23045","class","type-class","status-publish","hentry","wcs-type-exposiciones","wcs-type-exposiciones-afc","wcs-room-agrupacio-fotografica-de-catalunya"],"acf":[],"yoast_head":"<!-- This site is optimized with the Yoast SEO plugin v27.5 - https:\/\/yoast.com\/product\/yoast-seo-wordpress\/ -->\n<title>Exposici\u00f3n AFC: \u201cToda una vida de afici\u00f3n\u201d. Autor Josep M\u00aa Roig - Agrupaci\u00f3 Fotogr\u00e0fica de Catalunya<\/title>\n<meta name=\"robots\" content=\"index, follow, max-snippet:-1, max-image-preview:large, max-video-preview:-1\" \/>\n<link rel=\"canonical\" href=\"https:\/\/afc.cat\/es\/activitat\/exposicion-afc-toda-una-vida-de-aficion-autor-josep-ma-roig\/\" \/>\n<meta property=\"og:locale\" content=\"es_ES\" \/>\n<meta property=\"og:type\" content=\"article\" \/>\n<meta property=\"og:title\" content=\"Exposici\u00f3n AFC: \u201cToda una vida de afici\u00f3n\u201d. Autor Josep M\u00aa Roig - Agrupaci\u00f3 Fotogr\u00e0fica de Catalunya\" \/>\n<meta property=\"og:url\" content=\"https:\/\/afc.cat\/es\/activitat\/exposicion-afc-toda-una-vida-de-aficion-autor-josep-ma-roig\/\" \/>\n<meta property=\"og:site_name\" content=\"Agrupaci\u00f3 Fotogr\u00e0fica de Catalunya\" \/>\n<meta property=\"article:modified_time\" content=\"2021-09-13T15:55:50+00:00\" \/>\n<meta name=\"twitter:card\" content=\"summary_large_image\" \/>\n<meta name=\"twitter:label1\" content=\"Tiempo de lectura\" \/>\n\t<meta name=\"twitter:data1\" content=\"4 minutos\" \/>\n<script type=\"application\/ld+json\" class=\"yoast-schema-graph\">{\"@context\":\"https:\\\/\\\/schema.org\",\"@graph\":[{\"@type\":\"WebPage\",\"@id\":\"https:\\\/\\\/afc.cat\\\/es\\\/activitat\\\/exposicion-afc-toda-una-vida-de-aficion-autor-josep-ma-roig\\\/\",\"url\":\"https:\\\/\\\/afc.cat\\\/es\\\/activitat\\\/exposicion-afc-toda-una-vida-de-aficion-autor-josep-ma-roig\\\/\",\"name\":\"Exposici\u00f3n AFC: \u201cToda una vida de afici\u00f3n\u201d. Autor Josep M\u00aa Roig - Agrupaci\u00f3 Fotogr\u00e0fica de Catalunya\",\"isPartOf\":{\"@id\":\"https:\\\/\\\/afc.cat\\\/es\\\/#website\"},\"datePublished\":\"2021-09-13T15:54:21+00:00\",\"dateModified\":\"2021-09-13T15:55:50+00:00\",\"breadcrumb\":{\"@id\":\"https:\\\/\\\/afc.cat\\\/es\\\/activitat\\\/exposicion-afc-toda-una-vida-de-aficion-autor-josep-ma-roig\\\/#breadcrumb\"},\"inLanguage\":\"es\",\"potentialAction\":[{\"@type\":\"ReadAction\",\"target\":[\"https:\\\/\\\/afc.cat\\\/es\\\/activitat\\\/exposicion-afc-toda-una-vida-de-aficion-autor-josep-ma-roig\\\/\"]}]},{\"@type\":\"BreadcrumbList\",\"@id\":\"https:\\\/\\\/afc.cat\\\/es\\\/activitat\\\/exposicion-afc-toda-una-vida-de-aficion-autor-josep-ma-roig\\\/#breadcrumb\",\"itemListElement\":[{\"@type\":\"ListItem\",\"position\":1,\"name\":\"Inicio\",\"item\":\"https:\\\/\\\/afc.cat\\\/es\\\/\"},{\"@type\":\"ListItem\",\"position\":2,\"name\":\"Exposici\u00f3n AFC: \u201cToda una vida de afici\u00f3n\u201d. Autor Josep M\u00aa Roig\"}]},{\"@type\":\"WebSite\",\"@id\":\"https:\\\/\\\/afc.cat\\\/es\\\/#website\",\"url\":\"https:\\\/\\\/afc.cat\\\/es\\\/\",\"name\":\"Agrupaci\u00f3 Fotogr\u00e0fica de Catalunya\",\"description\":\"Fomento y divulgaci\u00f3n de la fotograf\u00eda en todas sus variedades\",\"potentialAction\":[{\"@type\":\"SearchAction\",\"target\":{\"@type\":\"EntryPoint\",\"urlTemplate\":\"https:\\\/\\\/afc.cat\\\/es\\\/?s={search_term_string}\"},\"query-input\":{\"@type\":\"PropertyValueSpecification\",\"valueRequired\":true,\"valueName\":\"search_term_string\"}}],\"inLanguage\":\"es\"}]}<\/script>\n<!-- \/ Yoast SEO plugin. -->","yoast_head_json":{"title":"Exposici\u00f3n AFC: \u201cToda una vida de afici\u00f3n\u201d. Autor Josep M\u00aa Roig - Agrupaci\u00f3 Fotogr\u00e0fica de Catalunya","robots":{"index":"index","follow":"follow","max-snippet":"max-snippet:-1","max-image-preview":"max-image-preview:large","max-video-preview":"max-video-preview:-1"},"canonical":"https:\/\/afc.cat\/es\/activitat\/exposicion-afc-toda-una-vida-de-aficion-autor-josep-ma-roig\/","og_locale":"es_ES","og_type":"article","og_title":"Exposici\u00f3n AFC: \u201cToda una vida de afici\u00f3n\u201d. Autor Josep M\u00aa Roig - Agrupaci\u00f3 Fotogr\u00e0fica de Catalunya","og_url":"https:\/\/afc.cat\/es\/activitat\/exposicion-afc-toda-una-vida-de-aficion-autor-josep-ma-roig\/","og_site_name":"Agrupaci\u00f3 Fotogr\u00e0fica de Catalunya","article_modified_time":"2021-09-13T15:55:50+00:00","twitter_card":"summary_large_image","twitter_misc":{"Tiempo de lectura":"4 minutos"},"schema":{"@context":"https:\/\/schema.org","@graph":[{"@type":"WebPage","@id":"https:\/\/afc.cat\/es\/activitat\/exposicion-afc-toda-una-vida-de-aficion-autor-josep-ma-roig\/","url":"https:\/\/afc.cat\/es\/activitat\/exposicion-afc-toda-una-vida-de-aficion-autor-josep-ma-roig\/","name":"Exposici\u00f3n AFC: \u201cToda una vida de afici\u00f3n\u201d. Autor Josep M\u00aa Roig - Agrupaci\u00f3 Fotogr\u00e0fica de Catalunya","isPartOf":{"@id":"https:\/\/afc.cat\/es\/#website"},"datePublished":"2021-09-13T15:54:21+00:00","dateModified":"2021-09-13T15:55:50+00:00","breadcrumb":{"@id":"https:\/\/afc.cat\/es\/activitat\/exposicion-afc-toda-una-vida-de-aficion-autor-josep-ma-roig\/#breadcrumb"},"inLanguage":"es","potentialAction":[{"@type":"ReadAction","target":["https:\/\/afc.cat\/es\/activitat\/exposicion-afc-toda-una-vida-de-aficion-autor-josep-ma-roig\/"]}]},{"@type":"BreadcrumbList","@id":"https:\/\/afc.cat\/es\/activitat\/exposicion-afc-toda-una-vida-de-aficion-autor-josep-ma-roig\/#breadcrumb","itemListElement":[{"@type":"ListItem","position":1,"name":"Inicio","item":"https:\/\/afc.cat\/es\/"},{"@type":"ListItem","position":2,"name":"Exposici\u00f3n AFC: \u201cToda una vida de afici\u00f3n\u201d. Autor Josep M\u00aa Roig"}]},{"@type":"WebSite","@id":"https:\/\/afc.cat\/es\/#website","url":"https:\/\/afc.cat\/es\/","name":"Agrupaci\u00f3 Fotogr\u00e0fica de Catalunya","description":"Fomento y divulgaci\u00f3n de la fotograf\u00eda en todas sus variedades","potentialAction":[{"@type":"SearchAction","target":{"@type":"EntryPoint","urlTemplate":"https:\/\/afc.cat\/es\/?s={search_term_string}"},"query-input":{"@type":"PropertyValueSpecification","valueRequired":true,"valueName":"search_term_string"}}],"inLanguage":"es"}]}},"_links":{"self":[{"href":"https:\/\/afc.cat\/es\/wp-json\/wp\/v2\/class\/23045","targetHints":{"allow":["GET"]}}],"collection":[{"href":"https:\/\/afc.cat\/es\/wp-json\/wp\/v2\/class"}],"about":[{"href":"https:\/\/afc.cat\/es\/wp-json\/wp\/v2\/types\/class"}],"wp:attachment":[{"href":"https:\/\/afc.cat\/es\/wp-json\/wp\/v2\/media?parent=23045"}],"wp:term":[{"taxonomy":"wcs-type","embeddable":true,"href":"https:\/\/afc.cat\/es\/wp-json\/wp\/v2\/wcs-type?post=23045"},{"taxonomy":"wcs-room","embeddable":true,"href":"https:\/\/afc.cat\/es\/wp-json\/wp\/v2\/wcs-room?post=23045"},{"taxonomy":"wcs-instructor","embeddable":true,"href":"https:\/\/afc.cat\/es\/wp-json\/wp\/v2\/wcs-instructor?post=23045"}],"curies":[{"name":"wp","href":"https:\/\/api.w.org\/{rel}","templated":true}]}}