{"id":23100,"date":"2021-09-14T18:20:20","date_gmt":"2021-09-14T16:20:20","guid":{"rendered":"https:\/\/afc.cat\/?post_type=class&#038;p=23100"},"modified":"2021-09-20T00:13:54","modified_gmt":"2021-09-19T22:13:54","slug":"visita-guiada-exposicions-revelat-2021-vilassar-de-dalt","status":"publish","type":"class","link":"https:\/\/afc.cat\/es\/activitat\/visita-guiada-exposicions-revelat-2021-vilassar-de-dalt\/","title":{"rendered":"VISITA GUIADA EXPOSICIONES REVELA&#8217;T 2021.  VILASSAR DE DALT"},"content":{"rendered":"<p><div class=\"fusion-fullwidth fullwidth-box fusion-builder-row-1 fusion-flex-container nonhundred-percent-fullwidth non-hundred-percent-height-scrolling\" style=\"background-color: rgba(255,255,255,0);background-position: center center;background-repeat: no-repeat;border-width: 0px 0px 0px 0px;border-color:#ffffff;border-style:solid;\" ><div class=\"fusion-builder-row fusion-row fusion-flex-align-items-flex-start\" style=\"max-width:1300px;margin-left: calc(-4% \/ 2 );margin-right: calc(-4% \/ 2 );\"><div class=\"fusion-layout-column fusion_builder_column fusion-builder-column-0 fusion_builder_column_1_1 1_1 fusion-flex-column\"><div class=\"fusion-column-wrapper fusion-flex-justify-content-flex-start fusion-content-layout-column\" style=\"background-position:left top;background-repeat:no-repeat;-webkit-background-size:cover;-moz-background-size:cover;-o-background-size:cover;background-size:cover;padding: 0px 0px 0px 0px;\"><div class=\"fusion-text fusion-text-1\"><h2>FESTIVAL DE FOTOGRAF\u00cdA ANAL\u00d3GICA REVELA\u2019T 2021<\/h2>\n<p><strong>FECHA<\/strong>: Viernes 01\/10\/2021<span class=\"Apple-converted-space\">\u00a0<\/span><\/p>\n<p><strong>LUGAR<\/strong>: VILASSAR DE DALT. ARCELONA<\/p>\n<p><strong>HORARIO ACTIVIDAD<\/strong>: De 18:00 a 20:00<\/p>\n<p><strong>PUNTO DE ENCUENTRO<\/strong>: Pla\u00e7a de la Vila. Vilassar de Dalt.<\/p>\n<p><strong>C\u00d3MO LLEGAR<\/strong>: cuadraremos coches para poder ir.<span class=\"Apple-converted-space\">\u00a0<\/span><\/p>\n<p><strong>PRECIO<\/strong>: 15,- euros.<\/p>\n<p><strong>INSCRIPCI\u00d3N<\/strong>: Enviar correo a cultura@afc.cat<\/p>\n<p><strong>OBSERVACIONES<\/strong>: ACTIVIDAD RESERVADA PARA SOCIAS Y SOCIOS. El aforo m\u00e1ximo est\u00e1 limitado a 20 personas que se elegir\u00e1n por orden de recepci\u00f3n de los emails.<\/p>\n<p><strong>DESCRIPCI\u00d3N DE LA ACTIVIDAD:<\/strong><\/p>\n<p><strong>Nosotros haremos una visita guiada por las exposiciones de Vilassar de Dalt.<\/strong><\/p>\n<p>La 9\u00aa edici\u00f3n de Revela\u2019T 2021 programa 64 exposiciones en 9 ciudades del pa\u00eds y rinde homenaje a la fot\u00f3grafa Isabel Mu\u00f1o<\/p>\n<p><b>&gt;&gt; <\/b>El <b>primer festival de fotograf\u00eda anal\u00f3gica del mundo<\/b>, programa 38 exposiciones en <b>Vilassar de Dalt <\/b>(Barcelona), epicentro del festival, 11 en <b>Barcelona<\/b>, 9 en <b>Vic<\/b><b> <\/b>y una en <b>Matar\u00f3<\/b>, <b>L&#8217;Hospitalet<\/b><b> <\/b><b>de<\/b><b> <\/b><b>Llobregat<\/b>, <b>Torroella<\/b><b> <\/b><b>de<\/b><b> <\/b><b>Montgr\u00ed<\/b>, <b>Premi\u00e0 de<\/b><b> <\/b><b>Mar<\/b>, <b>C\u00e1diz<\/b><b> <\/b>y <b>Villanueva<\/b><b> <\/b><b>de la<\/b><b> <\/b><b>Serena<\/b>.<\/p>\n<p><b>&gt;&gt; <\/b>Bajo el lema <b>\u201cUniversos propios\u201d<\/b>, el festival programa <b>exposiciones <\/b>de reconocidas fot\u00f3grafas nacionales e internacionales, el <b>Market<\/b><b> <\/b><b>Fotogr\u00e1fico<\/b><\/p>\n<p>-con material fotogr\u00e1ico y fotos de autor- (25 y 26 de septiembre), dos <b>jornadas con actividades formativas alrededor de la fotograf\u00eda <\/b>(24 y 25 de septiembre), talleres y actividades para el p\u00fablico familiar.<\/p>\n<p><b>&gt;&gt; <\/b>El festival rinde homenaje a la reputada fot\u00f3grafa <b>Isabel Mu\u00f1oz<\/b><b> <\/b>(Barcelona, 1951), <b>Premio Nacional de Fotograf\u00eda 2016 <\/b>y <b>Premio<\/b><b> <\/b><b>PHotoESPA\u00d1A<\/b><b> <\/b><b>2021<\/b>, con la exposici\u00f3n Somos agua, una muestra sobre el<span class=\"Apple-converted-space\">\u00a0<\/span> calentamiento global. La autora recibir\u00e1 el <b>distintivo de plata de Revela\u2019T <\/b>y ser\u00e1 la encargada de impartir la conferencia inaugural del festival el viernes 24 de septiembre.<\/p>\n<p><b>&gt;&gt;<\/b><b> <\/b>La programaci\u00f3n de Revela\u2019t 2021 tendr\u00e1 un marcado acento femenino. El festival contar\u00e1 con exposiciones de autoras nacionales como <b>Leonor<\/b><b> <\/b><b>Benito de la Lastra<\/b>, con su particular visi\u00f3n fragmentada del mundo; <b>Ver\u00f3nica Losantos<\/b>, con un ensayo fotogr\u00e1fico sobre un pueblo inundado por<span class=\"Apple-converted-space\">\u00a0<\/span> la creaci\u00f3n de un embalse; <b>Aleydis Rispa<\/b>, con fotograf\u00edas experimentales que dan una nueva existencia a los desechos; <b>Susana Blasco<\/b>, con una selecci\u00f3n de collages anal\u00f3gicos realizados con fotos encontradas de modelos de los a\u00f1os 50; <b>Kati Riquelme<\/b>, con fotos impresas en bolsas de t\u00e9 o <b>Montse Campins<\/b>, con una imagen panor\u00e1mica montada con varias instant\u00e1neas hechas a lo largo de los a\u00f1os en la misma calle de Barcelona.<\/p>\n<p><b>&gt;&gt; <\/b>En el \u00e1mbito internacional, Revela\u2019T contar\u00e1 con la obra de fot\u00f3grafas como la inglesa <b>Laura Pannak<\/b>, con una muestra que busca similitudes y conexiones entre los j\u00f3venes de todo el mundo; las argentinas <b>Lucia Peluffo<\/b>, con un trabajo inspirado en im\u00e1genes cient\u00edficas del cuerpo humano,<\/p>\n<p>y <b>Giovanna Zuccarino<\/b>, con una serie de fotograf\u00edas de la Luna hechas con el primer telescopio que lleg\u00f3 a Argentina en 1882; o las japonesas <b>Miho<\/b><b> <\/b><b>Kajioka<\/b>, que muestra la belleza en la vida cotidiana, <b>Eri Makita<\/b>, que muestra la transformaci\u00f3n de las cosas que se han perdido, y <b>Ay Futaki<\/b>, apneista y fot\u00f3grafa que utiliza el buceo libre como una herramienta para convertirse en el puente entre el mundo submarino y el mundo humano.<\/p>\n<p><b>&gt;&gt; <\/b>La convocatoria art\u00edstica organizada por el festival la han ganado tres autoras: la francesa <b>Florence Cuschieri<\/b>, con un trabajo que explora las cicatrices de un pueblo olvidado, la alemana <b>Sina Niemeyer<\/b>, que explica su propia experiencia con el abuso sexual infantil, y la polaca <b>Irmina Walzack<\/b>, con una serie creada en un camping de Espa\u00f1a durante los 95 d\u00edas de confinamiento.<\/p>\n<p><b>&gt;&gt;<\/b><b> <\/b>Revela\u2019T tambi\u00e9n expondr\u00e1 los retratos de <b>Max<\/b><b> <\/b><b>Donoso<\/b>, <b>Margarito<\/b><b> <\/b><b>Dela<\/b><b> <\/b><b>Guetto <\/b>y <b>Bruno Daureo<\/b>; el epistolario fotogr\u00e1ico de <b>Los Llovbet<\/b>; las fotograf\u00edas cient\u00edficas sobre descargas el\u00e9ctricas de <b>Ricardo Guix\u00e0 Frutos<\/b>; el resultado de la colaboraci\u00f3n entre el fot\u00e1grafo Ralf Jacobs y el ingeniero <b>Max Frimout<\/b>; la serie sobre las celebraciones de Trump en los EE.UU. de <b>George Georgiou<\/b>; las fotograf\u00edas experimentales del gran especialista mundial de la c\u00e1mara oscura, <b>Ilan Wolff <\/b>y la historia descubierta por <b>Paco<\/b><b> <\/b><b>G\u00f3mez<\/b><b> <\/b>en unos negativos comprados en el Rastro.<\/p>\n<p><b>&gt;&gt;<\/b><b> <\/b>Toda la informaci\u00f3n y entradas en <a href=\"http:\/\/www.revela-t.cat\/\">www.revela-t.cat<\/a><\/p>\n<\/div><div class=\"fusion-separator fusion-full-width-sep\" style=\"align-self: center;margin-left: auto;margin-right: auto;margin-top:20px;margin-bottom:20px;width:100%;\"><div class=\"fusion-separator-border sep-single sep-solid\" style=\"border-color:#3ec0bf;border-top-width:2px;\"><\/div><\/div><style type=\"text\/css\">.fusion-gallery-1 .fusion-gallery-image {border:0px solid #e2e2e2;}<\/style><div class=\"fusion-gallery fusion-gallery-container fusion-grid-3 fusion-columns-total-6 fusion-gallery-layout-grid fusion-gallery-1\" style=\"margin:-5px;\"><div style=\"padding:5px;\" class=\"fusion-grid-column fusion-gallery-column fusion-gallery-column-3 hover-type-zoomin\"><div class=\"fusion-gallery-image\"><a href=\"https:\/\/afc.cat\/wp-content\/uploads\/2021\/09\/Tino-Soriano-22CurArte22_2.jpeg\" data-title=\"Tino Soriano &#8211; CurArte_2\" title=\"Tino Soriano &#8211; CurArte_2\" rel=\"noreferrer\" data-rel=\"iLightbox[gallery_image_1]\" class=\"fusion-lightbox\" target=\"_self\"><img decoding=\"async\" src=\"https:\/\/afc.cat\/wp-content\/uploads\/2021\/09\/Tino-Soriano-22CurArte22_2-460x295.jpeg\" width=\"460\" height=\"295\" alt=\"\" title=\"Tino Soriano &#8211; CurArte_2\" aria-label=\"Tino Soriano &#8211; CurArte_2\" class=\"img-responsive wp-image-23101 fusion-gallery-image-size-fixed\" \/><\/a><\/div><\/div><div style=\"padding:5px;\" class=\"fusion-grid-column fusion-gallery-column fusion-gallery-column-3 hover-type-zoomin\"><div class=\"fusion-gallery-image\"><a href=\"https:\/\/afc.cat\/wp-content\/uploads\/2021\/09\/Paco-Gomez-22Wattebled22_2.jpeg\" data-title=\"Paco G\u00f3mez &#8211; Wattebled_2\" title=\"Paco G\u00f3mez &#8211; Wattebled_2\" rel=\"noreferrer\" data-rel=\"iLightbox[gallery_image_1]\" class=\"fusion-lightbox\" target=\"_self\"><img decoding=\"async\" src=\"https:\/\/afc.cat\/wp-content\/uploads\/2021\/09\/Paco-Gomez-22Wattebled22_2-460x295.jpeg\" width=\"460\" height=\"295\" alt=\"\" title=\"Paco G\u00f3mez &#8211; Wattebled_2\" aria-label=\"Paco G\u00f3mez &#8211; Wattebled_2\" class=\"img-responsive wp-image-23098 fusion-gallery-image-size-fixed\" \/><\/a><\/div><\/div><div style=\"padding:5px;\" class=\"fusion-grid-column fusion-gallery-column fusion-gallery-column-3 hover-type-zoomin\"><div class=\"fusion-gallery-image\"><a href=\"https:\/\/afc.cat\/wp-content\/uploads\/2021\/09\/Manel-Esclusa-22El-jardi-d\u00b4humus-IX22.jpg\" data-title=\"Manel Esclusa &#8211; El jard\u00ed d\u00b4humus IX\" title=\"Manel Esclusa &#8211; El jard\u00ed d\u00b4humus IX\" rel=\"noreferrer\" data-rel=\"iLightbox[gallery_image_1]\" class=\"fusion-lightbox\" target=\"_self\"><img decoding=\"async\" src=\"https:\/\/afc.cat\/wp-content\/uploads\/2021\/09\/Manel-Esclusa-22El-jardi-d\u00b4humus-IX22-460x295.jpg\" width=\"460\" height=\"295\" alt=\"\" title=\"Manel Esclusa &#8211; El jard\u00ed d\u00b4humus IX\" aria-label=\"Manel Esclusa &#8211; El jard\u00ed d\u00b4humus IX\" class=\"img-responsive wp-image-23096 fusion-gallery-image-size-fixed\" srcset=\"https:\/\/afc.cat\/wp-content\/uploads\/2021\/09\/Manel-Esclusa-22El-jardi-d\u00b4humus-IX22-200x129.jpg 200w, https:\/\/afc.cat\/wp-content\/uploads\/2021\/09\/Manel-Esclusa-22El-jardi-d\u00b4humus-IX22-400x257.jpg 400w, https:\/\/afc.cat\/wp-content\/uploads\/2021\/09\/Manel-Esclusa-22El-jardi-d\u00b4humus-IX22-600x386.jpg 600w, https:\/\/afc.cat\/wp-content\/uploads\/2021\/09\/Manel-Esclusa-22El-jardi-d\u00b4humus-IX22-800x515.jpg 800w, https:\/\/afc.cat\/wp-content\/uploads\/2021\/09\/Manel-Esclusa-22El-jardi-d\u00b4humus-IX22.jpg 1200w\" sizes=\"(min-width: 2200px) 100vw, (min-width: 832px) 413px, (min-width: 736px) 620px, (min-width: 640px) 736px, \" \/><\/a><\/div><\/div><div class=\"clearfix\"><\/div><div style=\"padding:5px;\" class=\"fusion-grid-column fusion-gallery-column fusion-gallery-column-3 hover-type-zoomin\"><div class=\"fusion-gallery-image\"><a href=\"https:\/\/afc.cat\/wp-content\/uploads\/2021\/09\/Isabel-Munoz-22-Somos-agua22.jpg\" data-title=\"Isabel-Mu\u00f1oz &#8211; Somos agua\" title=\"Isabel-Mu\u00f1oz &#8211; Somos agua\" rel=\"noreferrer\" data-rel=\"iLightbox[gallery_image_1]\" class=\"fusion-lightbox\" target=\"_self\"><img decoding=\"async\" src=\"https:\/\/afc.cat\/wp-content\/uploads\/2021\/09\/Isabel-Munoz-22-Somos-agua22-460x295.jpg\" width=\"460\" height=\"295\" alt=\"\" title=\"Isabel-Mu\u00f1oz &#8211; Somos agua\" aria-label=\"Isabel-Mu\u00f1oz &#8211; Somos agua\" class=\"img-responsive wp-image-23138 fusion-gallery-image-size-fixed\" \/><\/a><\/div><\/div><div style=\"padding:5px;\" class=\"fusion-grid-column fusion-gallery-column fusion-gallery-column-3 hover-type-zoomin\"><div class=\"fusion-gallery-image\"><a href=\"https:\/\/afc.cat\/wp-content\/uploads\/2021\/09\/Eri-Makita-22Matin-Calme22_1.jpeg\" data-title=\"Eri Makita &#8211; Matin Calme_1\" title=\"Eri Makita &#8211; Matin Calme_1\" rel=\"noreferrer\" data-rel=\"iLightbox[gallery_image_1]\" class=\"fusion-lightbox\" target=\"_self\"><img decoding=\"async\" src=\"https:\/\/afc.cat\/wp-content\/uploads\/2021\/09\/Eri-Makita-22Matin-Calme22_1-460x295.jpeg\" width=\"460\" height=\"295\" alt=\"\" title=\"Eri Makita &#8211; Matin Calme_1\" aria-label=\"Eri Makita &#8211; Matin Calme_1\" class=\"img-responsive wp-image-23090 fusion-gallery-image-size-fixed\" \/><\/a><\/div><\/div><div style=\"padding:5px;\" class=\"fusion-grid-column fusion-gallery-column fusion-gallery-column-3 hover-type-zoomin\"><div class=\"fusion-gallery-image\"><a href=\"https:\/\/afc.cat\/wp-content\/uploads\/2021\/09\/Enric-Curto-22Anima-Mundo22.jpg\" data-title=\"Enric Curto &#8211; Anima Mundo\" title=\"Enric Curto &#8211; Anima Mundo\" rel=\"noreferrer\" data-rel=\"iLightbox[gallery_image_1]\" class=\"fusion-lightbox\" target=\"_self\"><img decoding=\"async\" src=\"https:\/\/afc.cat\/wp-content\/uploads\/2021\/09\/Enric-Curto-22Anima-Mundo22-460x295.jpg\" width=\"460\" height=\"295\" alt=\"\" title=\"Enric Curto &#8211; Anima Mundo\" aria-label=\"Enric Curto &#8211; Anima Mundo\" class=\"img-responsive wp-image-23088 fusion-gallery-image-size-fixed\" \/><\/a><\/div><\/div><div class=\"clearfix\"><\/div><\/div><\/div><style type=\"text\/css\">.fusion-body .fusion-builder-column-0{width:100% !important;margin-top : 0px;margin-bottom : 0px;}.fusion-builder-column-0 > .fusion-column-wrapper {padding-top : 0px !important;padding-right : 0px !important;margin-right : 1.92%;padding-bottom : 0px !important;padding-left : 0px !important;margin-left : 1.92%;}@media only screen and (max-width:1024px) {.fusion-body .fusion-builder-column-0{width:100% !important;}.fusion-builder-column-0 > .fusion-column-wrapper {margin-right : 1.92%;margin-left : 1.92%;}}@media only screen and (max-width:640px) {.fusion-body .fusion-builder-column-0{width:100% !important;}.fusion-builder-column-0 > .fusion-column-wrapper {margin-right : 1.92%;margin-left : 1.92%;}}<\/style><\/div><\/div><style type=\"text\/css\">.fusion-body .fusion-flex-container.fusion-builder-row-1{ padding-top : 0px;margin-top : 0px;padding-right : 0px;padding-bottom : 0px;margin-bottom : 0px;padding-left : 0px;}<\/style><\/div><div class=\"fusion-fullwidth fullwidth-box fusion-builder-row-2 fusion-flex-container nonhundred-percent-fullwidth non-hundred-percent-height-scrolling\" style=\"background-color: rgba(255,255,255,0);background-position: center center;background-repeat: no-repeat;border-width: 0px 0px 0px 0px;border-color:#ffffff;border-style:solid;\" ><div class=\"fusion-builder-row fusion-row fusion-flex-align-items-flex-start\" style=\"max-width:1300px;margin-left: calc(-4% \/ 2 );margin-right: calc(-4% \/ 2 );\"><div class=\"fusion-layout-column fusion_builder_column fusion-builder-column-1 fusion_builder_column_1_2 1_2 fusion-flex-column\"><div class=\"fusion-column-wrapper fusion-flex-justify-content-flex-start fusion-content-layout-column\" style=\"background-position:left top;background-repeat:no-repeat;-webkit-background-size:cover;-moz-background-size:cover;-o-background-size:cover;background-size:cover;padding: 0px 0px 0px 0px;\"><\/div><style type=\"text\/css\">.fusion-body .fusion-builder-column-1{width:50% !important;margin-top : 0px;margin-bottom : 20px;}.fusion-builder-column-1 > .fusion-column-wrapper {padding-top : 0px !important;padding-right : 0px !important;margin-right : 3.84%;padding-bottom : 0px !important;padding-left : 0px !important;margin-left : 3.84%;}@media only screen and (max-width:1024px) {.fusion-body .fusion-builder-column-1{width:50% !important;order : 0;}.fusion-builder-column-1 > .fusion-column-wrapper {margin-right : 3.84%;margin-left : 3.84%;}}@media only screen and (max-width:640px) {.fusion-body .fusion-builder-column-1{width:100% !important;order : 0;}.fusion-builder-column-1 > .fusion-column-wrapper {margin-right : 1.92%;margin-left : 1.92%;}}<\/style><\/div><div class=\"fusion-layout-column fusion_builder_column fusion-builder-column-2 fusion_builder_column_1_2 1_2 fusion-flex-column\"><div class=\"fusion-column-wrapper fusion-flex-justify-content-flex-start fusion-content-layout-column\" style=\"background-position:left top;background-repeat:no-repeat;-webkit-background-size:cover;-moz-background-size:cover;-o-background-size:cover;background-size:cover;padding: 0px 0px 0px 0px;\"><\/div><style type=\"text\/css\">.fusion-body .fusion-builder-column-2{width:50% !important;margin-top : 0px;margin-bottom : 20px;}.fusion-builder-column-2 > .fusion-column-wrapper {padding-top : 0px !important;padding-right : 0px !important;margin-right : 3.84%;padding-bottom : 0px !important;padding-left : 0px !important;margin-left : 3.84%;}@media only screen and (max-width:1024px) {.fusion-body .fusion-builder-column-2{width:50% !important;order : 0;}.fusion-builder-column-2 > .fusion-column-wrapper {margin-right : 3.84%;margin-left : 3.84%;}}@media only screen and (max-width:640px) {.fusion-body .fusion-builder-column-2{width:100% !important;order : 0;}.fusion-builder-column-2 > .fusion-column-wrapper {margin-right : 1.92%;margin-left : 1.92%;}}<\/style><\/div><\/div><style type=\"text\/css\">.fusion-body .fusion-flex-container.fusion-builder-row-2{ padding-top : 0px;margin-top : 0px;padding-right : 0px;padding-bottom : 0px;margin-bottom : 0px;padding-left : 0px;}<\/style><\/div><\/p>\n","protected":false},"excerpt":{"rendered":"","protected":false},"template":"","meta":{"_acf_changed":false},"wcs-type":[113,129],"wcs-room":[272],"wcs-instructor":[],"class_list":["post-23100","class","type-class","status-publish","hentry","wcs-type-exposiciones-externas","wcs-type-salidas-a-exposiciones","wcs-room-vilassar-de-dalt"],"acf":[],"yoast_head":"<!-- This site is optimized with the Yoast SEO plugin v27.5 - https:\/\/yoast.com\/product\/yoast-seo-wordpress\/ -->\n<title>VISITA GUIADA EXPOSICIONES REVELA&#039;T 2021. VILASSAR DE DALT - Agrupaci\u00f3 Fotogr\u00e0fica de Catalunya<\/title>\n<meta name=\"robots\" content=\"index, follow, max-snippet:-1, max-image-preview:large, max-video-preview:-1\" \/>\n<link rel=\"canonical\" href=\"https:\/\/afc.cat\/es\/activitat\/visita-guiada-exposicions-revelat-2021-vilassar-de-dalt\/\" \/>\n<meta property=\"og:locale\" content=\"es_ES\" \/>\n<meta property=\"og:type\" content=\"article\" \/>\n<meta property=\"og:title\" content=\"VISITA GUIADA EXPOSICIONES REVELA&#039;T 2021. VILASSAR DE DALT - Agrupaci\u00f3 Fotogr\u00e0fica de Catalunya\" \/>\n<meta property=\"og:url\" content=\"https:\/\/afc.cat\/es\/activitat\/visita-guiada-exposicions-revelat-2021-vilassar-de-dalt\/\" \/>\n<meta property=\"og:site_name\" content=\"Agrupaci\u00f3 Fotogr\u00e0fica de Catalunya\" \/>\n<meta property=\"article:modified_time\" content=\"2021-09-19T22:13:54+00:00\" \/>\n<meta name=\"twitter:card\" content=\"summary_large_image\" \/>\n<meta name=\"twitter:label1\" content=\"Tiempo de lectura\" \/>\n\t<meta name=\"twitter:data1\" content=\"5 minutos\" \/>\n<script type=\"application\/ld+json\" class=\"yoast-schema-graph\">{\"@context\":\"https:\\\/\\\/schema.org\",\"@graph\":[{\"@type\":\"WebPage\",\"@id\":\"https:\\\/\\\/afc.cat\\\/es\\\/activitat\\\/visita-guiada-exposicions-revelat-2021-vilassar-de-dalt\\\/\",\"url\":\"https:\\\/\\\/afc.cat\\\/es\\\/activitat\\\/visita-guiada-exposicions-revelat-2021-vilassar-de-dalt\\\/\",\"name\":\"VISITA GUIADA EXPOSICIONES REVELA'T 2021. VILASSAR DE DALT - Agrupaci\u00f3 Fotogr\u00e0fica de Catalunya\",\"isPartOf\":{\"@id\":\"https:\\\/\\\/afc.cat\\\/es\\\/#website\"},\"datePublished\":\"2021-09-14T16:20:20+00:00\",\"dateModified\":\"2021-09-19T22:13:54+00:00\",\"breadcrumb\":{\"@id\":\"https:\\\/\\\/afc.cat\\\/es\\\/activitat\\\/visita-guiada-exposicions-revelat-2021-vilassar-de-dalt\\\/#breadcrumb\"},\"inLanguage\":\"es\",\"potentialAction\":[{\"@type\":\"ReadAction\",\"target\":[\"https:\\\/\\\/afc.cat\\\/es\\\/activitat\\\/visita-guiada-exposicions-revelat-2021-vilassar-de-dalt\\\/\"]}]},{\"@type\":\"BreadcrumbList\",\"@id\":\"https:\\\/\\\/afc.cat\\\/es\\\/activitat\\\/visita-guiada-exposicions-revelat-2021-vilassar-de-dalt\\\/#breadcrumb\",\"itemListElement\":[{\"@type\":\"ListItem\",\"position\":1,\"name\":\"Inicio\",\"item\":\"https:\\\/\\\/afc.cat\\\/es\\\/\"},{\"@type\":\"ListItem\",\"position\":2,\"name\":\"VISITA GUIADA EXPOSICIONES REVELA&#8217;T 2021. VILASSAR DE DALT\"}]},{\"@type\":\"WebSite\",\"@id\":\"https:\\\/\\\/afc.cat\\\/es\\\/#website\",\"url\":\"https:\\\/\\\/afc.cat\\\/es\\\/\",\"name\":\"Agrupaci\u00f3 Fotogr\u00e0fica de Catalunya\",\"description\":\"Fomento y divulgaci\u00f3n de la fotograf\u00eda en todas sus variedades\",\"potentialAction\":[{\"@type\":\"SearchAction\",\"target\":{\"@type\":\"EntryPoint\",\"urlTemplate\":\"https:\\\/\\\/afc.cat\\\/es\\\/?s={search_term_string}\"},\"query-input\":{\"@type\":\"PropertyValueSpecification\",\"valueRequired\":true,\"valueName\":\"search_term_string\"}}],\"inLanguage\":\"es\"}]}<\/script>\n<!-- \/ Yoast SEO plugin. -->","yoast_head_json":{"title":"VISITA GUIADA EXPOSICIONES REVELA'T 2021. VILASSAR DE DALT - Agrupaci\u00f3 Fotogr\u00e0fica de Catalunya","robots":{"index":"index","follow":"follow","max-snippet":"max-snippet:-1","max-image-preview":"max-image-preview:large","max-video-preview":"max-video-preview:-1"},"canonical":"https:\/\/afc.cat\/es\/activitat\/visita-guiada-exposicions-revelat-2021-vilassar-de-dalt\/","og_locale":"es_ES","og_type":"article","og_title":"VISITA GUIADA EXPOSICIONES REVELA'T 2021. VILASSAR DE DALT - Agrupaci\u00f3 Fotogr\u00e0fica de Catalunya","og_url":"https:\/\/afc.cat\/es\/activitat\/visita-guiada-exposicions-revelat-2021-vilassar-de-dalt\/","og_site_name":"Agrupaci\u00f3 Fotogr\u00e0fica de Catalunya","article_modified_time":"2021-09-19T22:13:54+00:00","twitter_card":"summary_large_image","twitter_misc":{"Tiempo de lectura":"5 minutos"},"schema":{"@context":"https:\/\/schema.org","@graph":[{"@type":"WebPage","@id":"https:\/\/afc.cat\/es\/activitat\/visita-guiada-exposicions-revelat-2021-vilassar-de-dalt\/","url":"https:\/\/afc.cat\/es\/activitat\/visita-guiada-exposicions-revelat-2021-vilassar-de-dalt\/","name":"VISITA GUIADA EXPOSICIONES REVELA'T 2021. VILASSAR DE DALT - Agrupaci\u00f3 Fotogr\u00e0fica de Catalunya","isPartOf":{"@id":"https:\/\/afc.cat\/es\/#website"},"datePublished":"2021-09-14T16:20:20+00:00","dateModified":"2021-09-19T22:13:54+00:00","breadcrumb":{"@id":"https:\/\/afc.cat\/es\/activitat\/visita-guiada-exposicions-revelat-2021-vilassar-de-dalt\/#breadcrumb"},"inLanguage":"es","potentialAction":[{"@type":"ReadAction","target":["https:\/\/afc.cat\/es\/activitat\/visita-guiada-exposicions-revelat-2021-vilassar-de-dalt\/"]}]},{"@type":"BreadcrumbList","@id":"https:\/\/afc.cat\/es\/activitat\/visita-guiada-exposicions-revelat-2021-vilassar-de-dalt\/#breadcrumb","itemListElement":[{"@type":"ListItem","position":1,"name":"Inicio","item":"https:\/\/afc.cat\/es\/"},{"@type":"ListItem","position":2,"name":"VISITA GUIADA EXPOSICIONES REVELA&#8217;T 2021. VILASSAR DE DALT"}]},{"@type":"WebSite","@id":"https:\/\/afc.cat\/es\/#website","url":"https:\/\/afc.cat\/es\/","name":"Agrupaci\u00f3 Fotogr\u00e0fica de Catalunya","description":"Fomento y divulgaci\u00f3n de la fotograf\u00eda en todas sus variedades","potentialAction":[{"@type":"SearchAction","target":{"@type":"EntryPoint","urlTemplate":"https:\/\/afc.cat\/es\/?s={search_term_string}"},"query-input":{"@type":"PropertyValueSpecification","valueRequired":true,"valueName":"search_term_string"}}],"inLanguage":"es"}]}},"_links":{"self":[{"href":"https:\/\/afc.cat\/es\/wp-json\/wp\/v2\/class\/23100","targetHints":{"allow":["GET"]}}],"collection":[{"href":"https:\/\/afc.cat\/es\/wp-json\/wp\/v2\/class"}],"about":[{"href":"https:\/\/afc.cat\/es\/wp-json\/wp\/v2\/types\/class"}],"wp:attachment":[{"href":"https:\/\/afc.cat\/es\/wp-json\/wp\/v2\/media?parent=23100"}],"wp:term":[{"taxonomy":"wcs-type","embeddable":true,"href":"https:\/\/afc.cat\/es\/wp-json\/wp\/v2\/wcs-type?post=23100"},{"taxonomy":"wcs-room","embeddable":true,"href":"https:\/\/afc.cat\/es\/wp-json\/wp\/v2\/wcs-room?post=23100"},{"taxonomy":"wcs-instructor","embeddable":true,"href":"https:\/\/afc.cat\/es\/wp-json\/wp\/v2\/wcs-instructor?post=23100"}],"curies":[{"name":"wp","href":"https:\/\/api.w.org\/{rel}","templated":true}]}}