{"id":23600,"date":"2021-10-26T12:55:25","date_gmt":"2021-10-26T10:55:25","guid":{"rendered":"https:\/\/afc.cat\/?post_type=class&#038;p=23600"},"modified":"2021-10-26T19:23:22","modified_gmt":"2021-10-26T17:23:22","slug":"reunion-del-grupo-de-natura-27-10","status":"publish","type":"class","link":"https:\/\/afc.cat\/es\/activitat\/reunion-del-grupo-de-natura-27-10\/","title":{"rendered":"Grupo de fotograf\u00eda de naturaleza 27\/10"},"content":{"rendered":"<p><div class=\"fusion-fullwidth fullwidth-box fusion-builder-row-1 fusion-flex-container nonhundred-percent-fullwidth non-hundred-percent-height-scrolling\" style=\"background-color: rgba(255,255,255,0);background-position: center center;background-repeat: no-repeat;border-width: 0px 15px 0px 0px;border-color:#ffffff;border-style:solid;\" ><div class=\"fusion-builder-row fusion-row fusion-flex-align-items-flex-start\" style=\"max-width:1300px;margin-left: calc(-4% \/ 2 );margin-right: calc(-4% \/ 2 );\"><div class=\"fusion-layout-column fusion_builder_column fusion-builder-column-0 fusion_builder_column_1_1 1_1 fusion-flex-column\"><div class=\"fusion-column-wrapper fusion-flex-justify-content-flex-start fusion-content-layout-column\" style=\"background-position:left top;background-repeat:no-repeat;-webkit-background-size:cover;-moz-background-size:cover;-o-background-size:cover;background-size:cover;padding: 0px 0px 0px 0px;\"><div class=\"fusion-text fusion-text-1\"><h2><strong>La Reuni\u00f3n del Grupo de fotograf\u00eda de naturaleza del 27\/10<\/strong><\/h2>\n<p>Como cada quincena el grupo de Fotograf\u00eda de Naturaleza nos encontramos virtualmente para aprender unos de otros.<\/p>\n<p>Esta reuni\u00f3n tiene muy buena pinta. Nos conoceremos mejor entre nosotros, hablaremos de las \u00faltimas novedades y de lo que m\u00e1s nos gusta: salir a fotografiar la naturaleza. \u00bfTe lo perder\u00e1s?<\/p>\n<p>Te cuento el temario.<\/p>\n<h3>El \u201cyo\u201d fotogr\u00e1fico de Albert Folch<\/h3>\n<p>Nuestro compa\u00f1ero Albert Folch nos presentar\u00e1 su \u201cego\u201d fotogr\u00e1fico: cuando le empez\u00f3 a gustar la fotograf\u00eda en general y en especial la de naturaleza, c\u00f3mo ha evolucionado fotogr\u00e1ficamente, qu\u00e9 equipos fotogr\u00e1ficos ha utilizado a lo largo de su experiencia, cu\u00e1les c\u00e1maras, objetivos, anal\u00f3gico o digital, sistemas de revelado.<\/p>\n<p>Qu\u00e9 formaci\u00f3n fotogr\u00e1fica ha adquirido y qu\u00e9 experiencia. Qu\u00e9 tipo de fotograf\u00eda le gusta m\u00e1s. Y tambi\u00e9n nos realizar\u00e1 una peque\u00f1a exposici\u00f3n de sus fotograf\u00edas m\u00e1s representativas.<\/p>\n<p>Queremos conocer el \u201cyo\u201d fotogr\u00e1fico de Albert lo mejor posible. Para ir haciendo boca <a href=\"http:\/\/www.fotoalbertfolch.cat\">aqu\u00ed tienes una peque\u00f1a muestra de su trabajo<\/a>.<\/p>\n<h3>Novedades del sector<\/h3>\n<p>En este mundo tan cambiante es imprescindible estar al d\u00eda, por eso repasaremos las \u00faltimas novedades del sector, concursos interesantes, charlas, etc.<\/p>\n<p>Intentaremos hacer una primera degustaci\u00f3n de la nueva versi\u00f3n del Lightroom y ACR que Adobe ha anunciado que estar\u00e1 disponible el d\u00eda 26 de octubre, dentro de las limitaciones de tiempo<\/p>\n<h3>Salidas de fotograf\u00eda de naturaleza<\/h3>\n<p>La fotograf\u00eda de naturaleza es salir a fotografiar lo que m\u00e1s nos gusta. Hablaremos tambi\u00e9n de posibles salidas a programar durante el mes de noviembre para disfrutar de los colores del oto\u00f1o.<\/p>\n<p>Os esperamos!<\/p>\n<p>Manel Matar\u00f3<br \/>\nToni Torres<\/p>\n<\/div><div class=\"fusion-separator fusion-full-width-sep\" style=\"align-self: center;margin-left: auto;margin-right: auto;margin-top:5px;margin-bottom:20px;width:100%;\"><div class=\"fusion-separator-border sep-single sep-solid\" style=\"border-color:#3ec0bf;border-top-width:1px;\"><\/div><\/div><\/div><style type=\"text\/css\">.fusion-body .fusion-builder-column-0{width:100% !important;margin-top : 0px;margin-bottom : 0px;}.fusion-builder-column-0 > .fusion-column-wrapper {padding-top : 0px !important;padding-right : 0px !important;margin-right : 1.92%;padding-bottom : 0px !important;padding-left : 0px !important;margin-left : 1.92%;}@media only screen and (max-width:1024px) {.fusion-body .fusion-builder-column-0{width:100% !important;}.fusion-builder-column-0 > .fusion-column-wrapper {margin-right : 1.92%;margin-left : 1.92%;}}@media only screen and (max-width:640px) {.fusion-body .fusion-builder-column-0{width:100% !important;}.fusion-builder-column-0 > .fusion-column-wrapper {margin-right : 1.92%;margin-left : 1.92%;}}<\/style><\/div><\/div><style type=\"text\/css\">.fusion-body .fusion-flex-container.fusion-builder-row-1{ padding-top : 0px;margin-top : 0px;padding-right : 0px;padding-bottom : 0px;margin-bottom : 0px;padding-left : 0px;}<\/style><\/div><div class=\"fusion-fullwidth fullwidth-box fusion-builder-row-2 fusion-flex-container nonhundred-percent-fullwidth non-hundred-percent-height-scrolling\" style=\"background-color: rgba(255,255,255,0);background-position: center center;background-repeat: no-repeat;border-width: 0px 0px 0px 0px;border-color:#ffffff;border-style:solid;\" ><div class=\"fusion-builder-row fusion-row fusion-flex-align-items-flex-start\" style=\"max-width:1300px;margin-left: calc(-4% \/ 2 );margin-right: calc(-4% \/ 2 );\"><div class=\"fusion-layout-column fusion_builder_column fusion-builder-column-1 fusion_builder_column_1_2 1_2 fusion-flex-column\"><div class=\"fusion-column-wrapper fusion-flex-justify-content-flex-start fusion-content-layout-column\" style=\"background-position:left top;background-repeat:no-repeat;-webkit-background-size:cover;-moz-background-size:cover;-o-background-size:cover;background-size:cover;padding: 0px 0px 0px 0px;\"><div ><span class=\" fusion-imageframe imageframe-none imageframe-1 hover-type-zoomin\"><img decoding=\"async\" width=\"600\" height=\"400\" alt=\"Fotografia de natura.\" title=\"Garza real\" src=\"https:\/\/afc.cat\/wp-content\/uploads\/2021\/10\/bernat-pescaire-10.jpg\" class=\"img-responsive wp-image-23594\" srcset=\"https:\/\/afc.cat\/wp-content\/uploads\/2021\/10\/bernat-pescaire-10-200x133.jpg 200w, https:\/\/afc.cat\/wp-content\/uploads\/2021\/10\/bernat-pescaire-10-400x267.jpg 400w, https:\/\/afc.cat\/wp-content\/uploads\/2021\/10\/bernat-pescaire-10.jpg 600w\" sizes=\"(max-width: 640px) 100vw, 600px\" \/><\/span><\/div><div class=\"fusion-text fusion-text-2\" style=\"font-size:13px;\"><p style=\"text-align: center;\">Foto: Albert Folch<\/p>\n<\/div><\/div><style type=\"text\/css\">.fusion-body .fusion-builder-column-1{width:50% !important;margin-top : 0px;margin-bottom : 20px;}.fusion-builder-column-1 > .fusion-column-wrapper {padding-top : 0px !important;padding-right : 0px !important;margin-right : 3.84%;padding-bottom : 0px !important;padding-left : 0px !important;margin-left : 3.84%;}@media only screen and (max-width:1024px) {.fusion-body .fusion-builder-column-1{width:50% !important;order : 0;}.fusion-builder-column-1 > .fusion-column-wrapper {margin-right : 3.84%;margin-left : 3.84%;}}@media only screen and (max-width:640px) {.fusion-body .fusion-builder-column-1{width:100% !important;order : 0;}.fusion-builder-column-1 > .fusion-column-wrapper {margin-right : 1.92%;margin-left : 1.92%;}}<\/style><\/div><div class=\"fusion-layout-column fusion_builder_column fusion-builder-column-2 fusion_builder_column_1_2 1_2 fusion-flex-column\"><div class=\"fusion-column-wrapper fusion-flex-justify-content-flex-start fusion-content-layout-column\" style=\"background-position:left top;background-repeat:no-repeat;-webkit-background-size:cover;-moz-background-size:cover;-o-background-size:cover;background-size:cover;padding: 0px 0px 0px 0px;\"><div ><style>.fusion-imageframe.imageframe-2{ margin-right : 20px;}<\/style><span class=\" fusion-imageframe imageframe-none imageframe-2 hover-type-zoomin\"><img decoding=\"async\" width=\"600\" height=\"450\" alt=\"Fotografia de natura. Gavi\u00e0 argentat\" title=\"Gaviota Patiamarilla\" src=\"https:\/\/afc.cat\/wp-content\/uploads\/2021\/10\/Gavina-V-600x450.jpg\" class=\"img-responsive wp-image-23598\" srcset=\"https:\/\/afc.cat\/wp-content\/uploads\/2021\/10\/Gavina-V-200x150.jpg 200w, https:\/\/afc.cat\/wp-content\/uploads\/2021\/10\/Gavina-V-400x300.jpg 400w, https:\/\/afc.cat\/wp-content\/uploads\/2021\/10\/Gavina-V-600x450.jpg 600w, https:\/\/afc.cat\/wp-content\/uploads\/2021\/10\/Gavina-V.jpg 700w\" sizes=\"(max-width: 640px) 100vw, 600px\" \/><\/span><\/div><div class=\"fusion-text fusion-text-3\" style=\"font-size:13px;\"><p style=\"text-align: center;\">Foto: Albert Folch<\/p>\n<\/div><\/div><style type=\"text\/css\">.fusion-body .fusion-builder-column-2{width:50% !important;margin-top : 0px;margin-bottom : 20px;}.fusion-builder-column-2 > .fusion-column-wrapper {padding-top : 0px !important;padding-right : 0px !important;margin-right : 3.84%;padding-bottom : 0px !important;padding-left : 0px !important;margin-left : 3.84%;}@media only screen and (max-width:1024px) {.fusion-body .fusion-builder-column-2{width:50% !important;order : 0;}.fusion-builder-column-2 > .fusion-column-wrapper {margin-right : 3.84%;margin-left : 3.84%;}}@media only screen and (max-width:640px) {.fusion-body .fusion-builder-column-2{width:100% !important;order : 0;}.fusion-builder-column-2 > .fusion-column-wrapper {margin-right : 1.92%;margin-left : 1.92%;}}<\/style><\/div><\/div><style type=\"text\/css\">.fusion-body .fusion-flex-container.fusion-builder-row-2{ padding-top : 0px;margin-top : 0px;padding-right : 0px;padding-bottom : 0px;margin-bottom : 0px;padding-left : 0px;}<\/style><\/div><\/p>\n","protected":false},"excerpt":{"rendered":"","protected":false},"template":"","meta":{"_acf_changed":false},"wcs-type":[102,130],"wcs-room":[228],"wcs-instructor":[264,222],"class_list":["post-23600","class","type-class","status-publish","hentry","wcs-type-coloquios","wcs-type-videoconferencia-es","wcs-room-modalidad-online","wcs-instructor-manel-mataro","wcs-instructor-toni-torres"],"acf":[],"yoast_head":"<!-- This site is optimized with the Yoast SEO plugin v27.2 - https:\/\/yoast.com\/product\/yoast-seo-wordpress\/ -->\n<title>Grupo de fotograf\u00eda de naturaleza 27\/10 - Agrupaci\u00f3 Fotogr\u00e0fica de Catalunya<\/title>\n<meta name=\"robots\" content=\"index, follow, max-snippet:-1, max-image-preview:large, max-video-preview:-1\" \/>\n<link rel=\"canonical\" href=\"https:\/\/afc.cat\/es\/activitat\/reunion-del-grupo-de-natura-27-10\/\" \/>\n<meta property=\"og:locale\" content=\"es_ES\" \/>\n<meta property=\"og:type\" content=\"article\" \/>\n<meta property=\"og:title\" content=\"Grupo de fotograf\u00eda de naturaleza 27\/10 - Agrupaci\u00f3 Fotogr\u00e0fica de Catalunya\" \/>\n<meta property=\"og:url\" content=\"https:\/\/afc.cat\/es\/activitat\/reunion-del-grupo-de-natura-27-10\/\" \/>\n<meta property=\"og:site_name\" content=\"Agrupaci\u00f3 Fotogr\u00e0fica de Catalunya\" \/>\n<meta property=\"article:modified_time\" content=\"2021-10-26T17:23:22+00:00\" \/>\n<meta name=\"twitter:card\" content=\"summary_large_image\" \/>\n<meta name=\"twitter:label1\" content=\"Tiempo de lectura\" \/>\n\t<meta name=\"twitter:data1\" content=\"4 minutos\" \/>\n<script type=\"application\/ld+json\" class=\"yoast-schema-graph\">{\"@context\":\"https:\/\/schema.org\",\"@graph\":[{\"@type\":\"WebPage\",\"@id\":\"https:\/\/afc.cat\/es\/activitat\/reunion-del-grupo-de-natura-27-10\/\",\"url\":\"https:\/\/afc.cat\/es\/activitat\/reunion-del-grupo-de-natura-27-10\/\",\"name\":\"Grupo de fotograf\u00eda de naturaleza 27\/10 - Agrupaci\u00f3 Fotogr\u00e0fica de Catalunya\",\"isPartOf\":{\"@id\":\"https:\/\/afc.cat\/es\/#website\"},\"datePublished\":\"2021-10-26T10:55:25+00:00\",\"dateModified\":\"2021-10-26T17:23:22+00:00\",\"breadcrumb\":{\"@id\":\"https:\/\/afc.cat\/es\/activitat\/reunion-del-grupo-de-natura-27-10\/#breadcrumb\"},\"inLanguage\":\"es\",\"potentialAction\":[{\"@type\":\"ReadAction\",\"target\":[\"https:\/\/afc.cat\/es\/activitat\/reunion-del-grupo-de-natura-27-10\/\"]}]},{\"@type\":\"BreadcrumbList\",\"@id\":\"https:\/\/afc.cat\/es\/activitat\/reunion-del-grupo-de-natura-27-10\/#breadcrumb\",\"itemListElement\":[{\"@type\":\"ListItem\",\"position\":1,\"name\":\"Inicio\",\"item\":\"https:\/\/afc.cat\/es\/\"},{\"@type\":\"ListItem\",\"position\":2,\"name\":\"Grupo de fotograf\u00eda de naturaleza 27\/10\"}]},{\"@type\":\"WebSite\",\"@id\":\"https:\/\/afc.cat\/es\/#website\",\"url\":\"https:\/\/afc.cat\/es\/\",\"name\":\"Agrupaci\u00f3 Fotogr\u00e0fica de Catalunya\",\"description\":\"Fomento y divulgaci\u00f3n de la fotograf\u00eda en todas sus variedades\",\"potentialAction\":[{\"@type\":\"SearchAction\",\"target\":{\"@type\":\"EntryPoint\",\"urlTemplate\":\"https:\/\/afc.cat\/es\/?s={search_term_string}\"},\"query-input\":{\"@type\":\"PropertyValueSpecification\",\"valueRequired\":true,\"valueName\":\"search_term_string\"}}],\"inLanguage\":\"es\"}]}<\/script>\n<!-- \/ Yoast SEO plugin. -->","yoast_head_json":{"title":"Grupo de fotograf\u00eda de naturaleza 27\/10 - Agrupaci\u00f3 Fotogr\u00e0fica de Catalunya","robots":{"index":"index","follow":"follow","max-snippet":"max-snippet:-1","max-image-preview":"max-image-preview:large","max-video-preview":"max-video-preview:-1"},"canonical":"https:\/\/afc.cat\/es\/activitat\/reunion-del-grupo-de-natura-27-10\/","og_locale":"es_ES","og_type":"article","og_title":"Grupo de fotograf\u00eda de naturaleza 27\/10 - Agrupaci\u00f3 Fotogr\u00e0fica de Catalunya","og_url":"https:\/\/afc.cat\/es\/activitat\/reunion-del-grupo-de-natura-27-10\/","og_site_name":"Agrupaci\u00f3 Fotogr\u00e0fica de Catalunya","article_modified_time":"2021-10-26T17:23:22+00:00","twitter_card":"summary_large_image","twitter_misc":{"Tiempo de lectura":"4 minutos"},"schema":{"@context":"https:\/\/schema.org","@graph":[{"@type":"WebPage","@id":"https:\/\/afc.cat\/es\/activitat\/reunion-del-grupo-de-natura-27-10\/","url":"https:\/\/afc.cat\/es\/activitat\/reunion-del-grupo-de-natura-27-10\/","name":"Grupo de fotograf\u00eda de naturaleza 27\/10 - Agrupaci\u00f3 Fotogr\u00e0fica de Catalunya","isPartOf":{"@id":"https:\/\/afc.cat\/es\/#website"},"datePublished":"2021-10-26T10:55:25+00:00","dateModified":"2021-10-26T17:23:22+00:00","breadcrumb":{"@id":"https:\/\/afc.cat\/es\/activitat\/reunion-del-grupo-de-natura-27-10\/#breadcrumb"},"inLanguage":"es","potentialAction":[{"@type":"ReadAction","target":["https:\/\/afc.cat\/es\/activitat\/reunion-del-grupo-de-natura-27-10\/"]}]},{"@type":"BreadcrumbList","@id":"https:\/\/afc.cat\/es\/activitat\/reunion-del-grupo-de-natura-27-10\/#breadcrumb","itemListElement":[{"@type":"ListItem","position":1,"name":"Inicio","item":"https:\/\/afc.cat\/es\/"},{"@type":"ListItem","position":2,"name":"Grupo de fotograf\u00eda de naturaleza 27\/10"}]},{"@type":"WebSite","@id":"https:\/\/afc.cat\/es\/#website","url":"https:\/\/afc.cat\/es\/","name":"Agrupaci\u00f3 Fotogr\u00e0fica de Catalunya","description":"Fomento y divulgaci\u00f3n de la fotograf\u00eda en todas sus variedades","potentialAction":[{"@type":"SearchAction","target":{"@type":"EntryPoint","urlTemplate":"https:\/\/afc.cat\/es\/?s={search_term_string}"},"query-input":{"@type":"PropertyValueSpecification","valueRequired":true,"valueName":"search_term_string"}}],"inLanguage":"es"}]}},"_links":{"self":[{"href":"https:\/\/afc.cat\/es\/wp-json\/wp\/v2\/class\/23600","targetHints":{"allow":["GET"]}}],"collection":[{"href":"https:\/\/afc.cat\/es\/wp-json\/wp\/v2\/class"}],"about":[{"href":"https:\/\/afc.cat\/es\/wp-json\/wp\/v2\/types\/class"}],"wp:attachment":[{"href":"https:\/\/afc.cat\/es\/wp-json\/wp\/v2\/media?parent=23600"}],"wp:term":[{"taxonomy":"wcs-type","embeddable":true,"href":"https:\/\/afc.cat\/es\/wp-json\/wp\/v2\/wcs-type?post=23600"},{"taxonomy":"wcs-room","embeddable":true,"href":"https:\/\/afc.cat\/es\/wp-json\/wp\/v2\/wcs-room?post=23600"},{"taxonomy":"wcs-instructor","embeddable":true,"href":"https:\/\/afc.cat\/es\/wp-json\/wp\/v2\/wcs-instructor?post=23600"}],"curies":[{"name":"wp","href":"https:\/\/api.w.org\/{rel}","templated":true}]}}