{"id":23665,"date":"2021-11-03T20:14:23","date_gmt":"2021-11-03T18:14:23","guid":{"rendered":"https:\/\/afc.cat\/?post_type=class&#038;p=23665"},"modified":"2021-11-03T20:17:04","modified_gmt":"2021-11-03T18:17:04","slug":"visita-exposicion-fotografica-txema-salvans-foto-colectania-barcelona","status":"publish","type":"class","link":"https:\/\/afc.cat\/es\/activitat\/visita-exposicion-fotografica-txema-salvans-foto-colectania-barcelona\/","title":{"rendered":"VISITA EXPOSICI\u00d3N FOTOGR\u00c1FICA. TXEMA SALVANS. FOTO COLECT\u00c0NIA. BARCELONA"},"content":{"rendered":"<p><div class=\"fusion-fullwidth fullwidth-box fusion-builder-row-1 fusion-flex-container nonhundred-percent-fullwidth non-hundred-percent-height-scrolling\" style=\"background-color: rgba(255,255,255,0);background-position: center center;background-repeat: no-repeat;border-width: 0px 15px 0px 0px;border-color:#ffffff;border-style:solid;\" ><div class=\"fusion-builder-row fusion-row fusion-flex-align-items-flex-start\" style=\"max-width:1300px;margin-left: calc(-4% \/ 2 );margin-right: calc(-4% \/ 2 );\"><div class=\"fusion-layout-column fusion_builder_column fusion-builder-column-0 fusion_builder_column_1_1 1_1 fusion-flex-column\"><div class=\"fusion-column-wrapper fusion-flex-justify-content-flex-start fusion-content-layout-column\" style=\"background-position:left top;background-repeat:no-repeat;-webkit-background-size:cover;-moz-background-size:cover;-o-background-size:cover;background-size:cover;padding: 0px 0px 0px 0px;\"><div class=\"fusion-text fusion-text-1\"><h2>PERFECT DAY DE TXEMA SALVANS<\/h2>\n<p>Desde sus primeros trabajos fotogr\u00e1ficos, <b>Txema Salvans<\/b> indaga en el territorio de la cotidianidad y en nuestros sorprendentes compartimentos sociales.<\/p>\n<p><b>Perfect Day<\/b> es un exhaustivo recorrido por la costa mediterr\u00e1nea, desde Girona hasta Algeciras, realizado entre 2005 y 2020. En esta ocasi\u00f3n, Salvans pone el foco en los sorprendentes lugares donde consumimos nuestro tiempo de ocio. Con su caracter\u00edstico estilo formal y conceptual, donde la iron\u00eda nos ayuda a entender la dimensi\u00f3n de la tragedia, <b>nos invita a cuestionarnos los estereotipos derivados de la sobreexplotaci\u00f3n de nuestro litoral tur\u00edstico.<\/b><\/p>\n<p>Esta serie, publicada en plena pandemia por la <b>editorial brit\u00e1nica MACK<\/b>, condensa de forma contundente y sutil la trayectoria de Salvans, profundizando en la tem\u00e1tica que persigue al autor en sus \u00faltimos trabajos: la resiliencia del ser humano para convertir espacios aparentemente inh\u00f3spitos en territorios de desconexi\u00f3n y supervivencia personal.<\/p>\n<p>Desde hace dos d\u00e9cadas, <b>Txema Salvans<\/b> (1971, Barcelona) desarrolla su obra con un enfoque documental y art\u00edstico al margen de los circuitos habituales del fotoperiodismo, acerc\u00e1ndose tambi\u00e9n al ensayo fotogr\u00e1fico.<\/p>\n<p>Joan Fontcuberta ha descrito su obra como un <b>\u00abequilibrio entre el pensamiento cr\u00edtico y el sentido po\u00e9tico del humor\u00bb<\/b>. Cronista de la Espa\u00f1a contempor\u00e1nea, sus proyectos se consolidan, sobre todo, en el formato libro. Su primer libro <b>Nice To Meet You<\/b> (ACTAR, 2005) recibi\u00f3 el premio Photo Espa\u00f1a 2005 al mejor fotolibro. <b>The Waiting Game<\/b> (RM, 2013) fue galardonado como mejor<span class=\"Apple-converted-space\">\u00a0 <\/span>Iberoamericano (2012).<\/p>\n<p>En 2018 public\u00f3 <b>My Kingdom <\/b>(MACK, 2018) y tambi\u00e9n la segunda parte de <b>The Waiting Game <\/b>(RM, 2018). <b>Perfect Day<\/b> (MACK, 2020) es el \u00faltimo proyecto publicado en plena pandemia.<\/p>\n<p>La obra de Txema Salvans ha sido publicada por los principales medios internacionales, como <b>Le Monde, Suddeustsche Zeitung Magazine, Stern, New York Times, NZZ, Liberation, Monocle, Colors, Big Mag, Vice, Marie Claire, GQ France, Elephant, British Journal of Photography, Wallpaper, I-D Magazine, Matador y El Pa\u00eds Semanal.<\/b><\/p>\n<p>Ha expuesto en numerosos festivales y museos, destacando el <b>Centre d\u2019Art Contemporani Arts Santa M\u00f2nica<\/b>, <b>La Virreina Centre de la Imatge<\/b>, el <b>Museo de Arte Contempor\u00e1neo de Hamburgo<\/b>, el <b>Museum f\u00fcr Photographie Braunschweig<\/b> y el <b>Museo Centro de Arte Contempor\u00e1neo Reina Sof\u00eda<\/b>.<\/p>\n<p>La <b>Fundaci\u00f3n Banco Sabadell<\/b> es el colaborador principal de <b>Foto Colectania <\/b>y participa en la exposici\u00f3n Txema Salvans. Perfect Day.<\/p>\n<p><b>RECOMENDAMOS VISIONAR LA ENTREVISTA QUE BTV LE HIZO EN EL PROGRAMA <a href=\"https:\/\/beteve.cat\/terricoles\/txema-salvans\/\" target=\"_blank\" rel=\"noopener\">\u201cTERR\u00cdCOLES\u201d<\/a><\/b><\/p>\n<\/div><div class=\"fusion-separator fusion-full-width-sep\" style=\"align-self: center;margin-left: auto;margin-right: auto;margin-top:20px;margin-bottom:20px;width:100%;\"><div class=\"fusion-separator-border sep-single sep-solid\" style=\"border-color:#3ec0bf;border-top-width:3px;\"><\/div><\/div><style type=\"text\/css\">.fusion-gallery-1 .fusion-gallery-image {border:0px solid #e2e2e2;}<\/style><div class=\"fusion-gallery fusion-gallery-container fusion-grid-2 fusion-columns-total-2 fusion-gallery-layout-grid fusion-gallery-1\" style=\"margin:-5px;\"><div style=\"padding:5px;\" class=\"fusion-grid-column fusion-gallery-column fusion-gallery-column-2 hover-type-zoomin\"><div class=\"fusion-gallery-image\"><a href=\"https:\/\/afc.cat\/wp-content\/uploads\/2021\/11\/\u00a9Txema-Salvany_-San-Roque_Perfect-Day_2005_2020.jpeg\" data-title=\"\u00a9Txema Salvany_ San Roque_Perfect Day_2005_2020\" title=\"\u00a9Txema Salvany_ San Roque_Perfect Day_2005_2020\" rel=\"noreferrer\" data-rel=\"iLightbox[gallery_image_1]\" class=\"fusion-lightbox\" target=\"_self\"><img decoding=\"async\" src=\"https:\/\/afc.cat\/wp-content\/uploads\/2021\/11\/\u00a9Txema-Salvany_-San-Roque_Perfect-Day_2005_2020.jpeg\" width=\"200\" height=\"200\" alt=\"\" title=\"\u00a9Txema Salvany_ San Roque_Perfect Day_2005_2020\" aria-label=\"\u00a9Txema Salvany_ San Roque_Perfect Day_2005_2020\" class=\"img-responsive wp-image-23661 fusion-gallery-image-size-fixed\" srcset=\"https:\/\/afc.cat\/wp-content\/uploads\/2021\/11\/\u00a9Txema-Salvany_-San-Roque_Perfect-Day_2005_2020-66x66.jpeg 66w, https:\/\/afc.cat\/wp-content\/uploads\/2021\/11\/\u00a9Txema-Salvany_-San-Roque_Perfect-Day_2005_2020-150x150.jpeg 150w, https:\/\/afc.cat\/wp-content\/uploads\/2021\/11\/\u00a9Txema-Salvany_-San-Roque_Perfect-Day_2005_2020.jpeg 200w\" sizes=\"(max-width: 200px) 100vw, 200px\" \/><\/a><\/div><\/div><div style=\"padding:5px;\" class=\"fusion-grid-column fusion-gallery-column fusion-gallery-column-2 hover-type-zoomin\"><div class=\"fusion-gallery-image\"><a href=\"https:\/\/afc.cat\/wp-content\/uploads\/2021\/11\/\u00a9Txema-Salvans_Cartagena_Perfect-Day_2005_2020-scaled.jpeg\" data-title=\"\u00a9Txema Salvans_Cartagena_Perfect Day_2005_2020\" title=\"\u00a9Txema Salvans_Cartagena_Perfect Day_2005_2020\" rel=\"noreferrer\" data-rel=\"iLightbox[gallery_image_1]\" class=\"fusion-lightbox\" target=\"_self\"><img decoding=\"async\" src=\"https:\/\/afc.cat\/wp-content\/uploads\/2021\/11\/\u00a9Txema-Salvans_Cartagena_Perfect-Day_2005_2020-460x295.jpeg\" width=\"460\" height=\"295\" alt=\"\" title=\"\u00a9Txema Salvans_Cartagena_Perfect Day_2005_2020\" aria-label=\"\u00a9Txema Salvans_Cartagena_Perfect Day_2005_2020\" class=\"img-responsive wp-image-23657 fusion-gallery-image-size-fixed\" \/><\/a><\/div><\/div><div class=\"clearfix\"><\/div><\/div><\/div><style type=\"text\/css\">.fusion-body .fusion-builder-column-0{width:100% !important;margin-top : 0px;margin-bottom : 0px;}.fusion-builder-column-0 > .fusion-column-wrapper {padding-top : 0px !important;padding-right : 0px !important;margin-right : 1.92%;padding-bottom : 0px !important;padding-left : 0px !important;margin-left : 1.92%;}@media only screen and (max-width:1024px) {.fusion-body .fusion-builder-column-0{width:100% !important;}.fusion-builder-column-0 > .fusion-column-wrapper {margin-right : 1.92%;margin-left : 1.92%;}}@media only screen and (max-width:640px) {.fusion-body .fusion-builder-column-0{width:100% !important;}.fusion-builder-column-0 > .fusion-column-wrapper {margin-right : 1.92%;margin-left : 1.92%;}}<\/style><\/div><\/div><style type=\"text\/css\">.fusion-body .fusion-flex-container.fusion-builder-row-1{ padding-top : 0px;margin-top : 0px;padding-right : 0px;padding-bottom : 0px;margin-bottom : 0px;padding-left : 0px;}<\/style><\/div><div class=\"fusion-fullwidth fullwidth-box fusion-builder-row-2 fusion-flex-container nonhundred-percent-fullwidth non-hundred-percent-height-scrolling\" style=\"background-color: rgba(255,255,255,0);background-position: center center;background-repeat: no-repeat;border-width: 0px 0px 0px 0px;border-color:#ffffff;border-style:solid;\" ><div class=\"fusion-builder-row fusion-row fusion-flex-align-items-flex-start\" style=\"max-width:1300px;margin-left: calc(-4% \/ 2 );margin-right: calc(-4% \/ 2 );\"><div class=\"fusion-layout-column fusion_builder_column fusion-builder-column-1 fusion_builder_column_1_2 1_2 fusion-flex-column\"><div class=\"fusion-column-wrapper fusion-flex-justify-content-flex-start fusion-content-layout-column\" style=\"background-position:left top;background-repeat:no-repeat;-webkit-background-size:cover;-moz-background-size:cover;-o-background-size:cover;background-size:cover;padding: 0px 0px 0px 0px;\"><\/div><style type=\"text\/css\">.fusion-body .fusion-builder-column-1{width:50% !important;margin-top : 0px;margin-bottom : 20px;}.fusion-builder-column-1 > .fusion-column-wrapper {padding-top : 0px !important;padding-right : 0px !important;margin-right : 3.84%;padding-bottom : 0px !important;padding-left : 0px !important;margin-left : 3.84%;}@media only screen and (max-width:1024px) {.fusion-body .fusion-builder-column-1{width:50% !important;order : 0;}.fusion-builder-column-1 > .fusion-column-wrapper {margin-right : 3.84%;margin-left : 3.84%;}}@media only screen and (max-width:640px) {.fusion-body .fusion-builder-column-1{width:100% !important;order : 0;}.fusion-builder-column-1 > .fusion-column-wrapper {margin-right : 1.92%;margin-left : 1.92%;}}<\/style><\/div><div class=\"fusion-layout-column fusion_builder_column fusion-builder-column-2 fusion_builder_column_1_2 1_2 fusion-flex-column\"><div class=\"fusion-column-wrapper fusion-flex-justify-content-flex-start fusion-content-layout-column\" style=\"background-position:left top;background-repeat:no-repeat;-webkit-background-size:cover;-moz-background-size:cover;-o-background-size:cover;background-size:cover;padding: 0px 0px 0px 0px;\"><\/div><style type=\"text\/css\">.fusion-body .fusion-builder-column-2{width:50% !important;margin-top : 0px;margin-bottom : 20px;}.fusion-builder-column-2 > .fusion-column-wrapper {padding-top : 0px !important;padding-right : 0px !important;margin-right : 3.84%;padding-bottom : 0px !important;padding-left : 0px !important;margin-left : 3.84%;}@media only screen and (max-width:1024px) {.fusion-body .fusion-builder-column-2{width:50% !important;order : 0;}.fusion-builder-column-2 > .fusion-column-wrapper {margin-right : 3.84%;margin-left : 3.84%;}}@media only screen and (max-width:640px) {.fusion-body .fusion-builder-column-2{width:100% !important;order : 0;}.fusion-builder-column-2 > .fusion-column-wrapper {margin-right : 1.92%;margin-left : 1.92%;}}<\/style><\/div><\/div><style type=\"text\/css\">.fusion-body .fusion-flex-container.fusion-builder-row-2{ padding-top : 0px;margin-top : 0px;padding-right : 0px;padding-bottom : 0px;margin-bottom : 0px;padding-left : 0px;}<\/style><\/div><\/p>\n","protected":false},"excerpt":{"rendered":"","protected":false},"template":"","meta":{"_acf_changed":false},"wcs-type":[129],"wcs-room":[286],"wcs-instructor":[249],"class_list":["post-23665","class","type-class","status-publish","hentry","wcs-type-salidas-a-exposiciones","wcs-room-foto-colectania","wcs-instructor-vocalia-de-cultura"],"acf":[],"yoast_head":"<!-- This site is optimized with the Yoast SEO plugin v27.5 - https:\/\/yoast.com\/product\/yoast-seo-wordpress\/ -->\n<title>VISITA EXPOSICI\u00d3N FOTOGR\u00c1FICA. TXEMA SALVANS. FOTO COLECT\u00c0NIA. BARCELONA - Agrupaci\u00f3 Fotogr\u00e0fica de Catalunya<\/title>\n<meta name=\"robots\" content=\"index, follow, max-snippet:-1, max-image-preview:large, max-video-preview:-1\" \/>\n<link rel=\"canonical\" href=\"https:\/\/afc.cat\/es\/activitat\/visita-exposicion-fotografica-txema-salvans-foto-colectania-barcelona\/\" \/>\n<meta property=\"og:locale\" content=\"es_ES\" \/>\n<meta property=\"og:type\" content=\"article\" \/>\n<meta property=\"og:title\" content=\"VISITA EXPOSICI\u00d3N FOTOGR\u00c1FICA. TXEMA SALVANS. FOTO COLECT\u00c0NIA. BARCELONA - Agrupaci\u00f3 Fotogr\u00e0fica de Catalunya\" \/>\n<meta property=\"og:url\" content=\"https:\/\/afc.cat\/es\/activitat\/visita-exposicion-fotografica-txema-salvans-foto-colectania-barcelona\/\" \/>\n<meta property=\"og:site_name\" content=\"Agrupaci\u00f3 Fotogr\u00e0fica de Catalunya\" \/>\n<meta property=\"article:modified_time\" content=\"2021-11-03T18:17:04+00:00\" \/>\n<meta name=\"twitter:card\" content=\"summary_large_image\" \/>\n<meta name=\"twitter:label1\" content=\"Tiempo de lectura\" \/>\n\t<meta name=\"twitter:data1\" content=\"4 minutos\" \/>\n<script type=\"application\/ld+json\" class=\"yoast-schema-graph\">{\"@context\":\"https:\\\/\\\/schema.org\",\"@graph\":[{\"@type\":\"WebPage\",\"@id\":\"https:\\\/\\\/afc.cat\\\/es\\\/activitat\\\/visita-exposicion-fotografica-txema-salvans-foto-colectania-barcelona\\\/\",\"url\":\"https:\\\/\\\/afc.cat\\\/es\\\/activitat\\\/visita-exposicion-fotografica-txema-salvans-foto-colectania-barcelona\\\/\",\"name\":\"VISITA EXPOSICI\u00d3N FOTOGR\u00c1FICA. TXEMA SALVANS. FOTO COLECT\u00c0NIA. BARCELONA - Agrupaci\u00f3 Fotogr\u00e0fica de Catalunya\",\"isPartOf\":{\"@id\":\"https:\\\/\\\/afc.cat\\\/es\\\/#website\"},\"datePublished\":\"2021-11-03T18:14:23+00:00\",\"dateModified\":\"2021-11-03T18:17:04+00:00\",\"breadcrumb\":{\"@id\":\"https:\\\/\\\/afc.cat\\\/es\\\/activitat\\\/visita-exposicion-fotografica-txema-salvans-foto-colectania-barcelona\\\/#breadcrumb\"},\"inLanguage\":\"es\",\"potentialAction\":[{\"@type\":\"ReadAction\",\"target\":[\"https:\\\/\\\/afc.cat\\\/es\\\/activitat\\\/visita-exposicion-fotografica-txema-salvans-foto-colectania-barcelona\\\/\"]}]},{\"@type\":\"BreadcrumbList\",\"@id\":\"https:\\\/\\\/afc.cat\\\/es\\\/activitat\\\/visita-exposicion-fotografica-txema-salvans-foto-colectania-barcelona\\\/#breadcrumb\",\"itemListElement\":[{\"@type\":\"ListItem\",\"position\":1,\"name\":\"Inicio\",\"item\":\"https:\\\/\\\/afc.cat\\\/es\\\/\"},{\"@type\":\"ListItem\",\"position\":2,\"name\":\"VISITA EXPOSICI\u00d3N FOTOGR\u00c1FICA. TXEMA SALVANS. FOTO COLECT\u00c0NIA. BARCELONA\"}]},{\"@type\":\"WebSite\",\"@id\":\"https:\\\/\\\/afc.cat\\\/es\\\/#website\",\"url\":\"https:\\\/\\\/afc.cat\\\/es\\\/\",\"name\":\"Agrupaci\u00f3 Fotogr\u00e0fica de Catalunya\",\"description\":\"Fomento y divulgaci\u00f3n de la fotograf\u00eda en todas sus variedades\",\"potentialAction\":[{\"@type\":\"SearchAction\",\"target\":{\"@type\":\"EntryPoint\",\"urlTemplate\":\"https:\\\/\\\/afc.cat\\\/es\\\/?s={search_term_string}\"},\"query-input\":{\"@type\":\"PropertyValueSpecification\",\"valueRequired\":true,\"valueName\":\"search_term_string\"}}],\"inLanguage\":\"es\"}]}<\/script>\n<!-- \/ Yoast SEO plugin. -->","yoast_head_json":{"title":"VISITA EXPOSICI\u00d3N FOTOGR\u00c1FICA. TXEMA SALVANS. FOTO COLECT\u00c0NIA. BARCELONA - Agrupaci\u00f3 Fotogr\u00e0fica de Catalunya","robots":{"index":"index","follow":"follow","max-snippet":"max-snippet:-1","max-image-preview":"max-image-preview:large","max-video-preview":"max-video-preview:-1"},"canonical":"https:\/\/afc.cat\/es\/activitat\/visita-exposicion-fotografica-txema-salvans-foto-colectania-barcelona\/","og_locale":"es_ES","og_type":"article","og_title":"VISITA EXPOSICI\u00d3N FOTOGR\u00c1FICA. TXEMA SALVANS. FOTO COLECT\u00c0NIA. BARCELONA - Agrupaci\u00f3 Fotogr\u00e0fica de Catalunya","og_url":"https:\/\/afc.cat\/es\/activitat\/visita-exposicion-fotografica-txema-salvans-foto-colectania-barcelona\/","og_site_name":"Agrupaci\u00f3 Fotogr\u00e0fica de Catalunya","article_modified_time":"2021-11-03T18:17:04+00:00","twitter_card":"summary_large_image","twitter_misc":{"Tiempo de lectura":"4 minutos"},"schema":{"@context":"https:\/\/schema.org","@graph":[{"@type":"WebPage","@id":"https:\/\/afc.cat\/es\/activitat\/visita-exposicion-fotografica-txema-salvans-foto-colectania-barcelona\/","url":"https:\/\/afc.cat\/es\/activitat\/visita-exposicion-fotografica-txema-salvans-foto-colectania-barcelona\/","name":"VISITA EXPOSICI\u00d3N FOTOGR\u00c1FICA. TXEMA SALVANS. FOTO COLECT\u00c0NIA. BARCELONA - Agrupaci\u00f3 Fotogr\u00e0fica de Catalunya","isPartOf":{"@id":"https:\/\/afc.cat\/es\/#website"},"datePublished":"2021-11-03T18:14:23+00:00","dateModified":"2021-11-03T18:17:04+00:00","breadcrumb":{"@id":"https:\/\/afc.cat\/es\/activitat\/visita-exposicion-fotografica-txema-salvans-foto-colectania-barcelona\/#breadcrumb"},"inLanguage":"es","potentialAction":[{"@type":"ReadAction","target":["https:\/\/afc.cat\/es\/activitat\/visita-exposicion-fotografica-txema-salvans-foto-colectania-barcelona\/"]}]},{"@type":"BreadcrumbList","@id":"https:\/\/afc.cat\/es\/activitat\/visita-exposicion-fotografica-txema-salvans-foto-colectania-barcelona\/#breadcrumb","itemListElement":[{"@type":"ListItem","position":1,"name":"Inicio","item":"https:\/\/afc.cat\/es\/"},{"@type":"ListItem","position":2,"name":"VISITA EXPOSICI\u00d3N FOTOGR\u00c1FICA. TXEMA SALVANS. FOTO COLECT\u00c0NIA. BARCELONA"}]},{"@type":"WebSite","@id":"https:\/\/afc.cat\/es\/#website","url":"https:\/\/afc.cat\/es\/","name":"Agrupaci\u00f3 Fotogr\u00e0fica de Catalunya","description":"Fomento y divulgaci\u00f3n de la fotograf\u00eda en todas sus variedades","potentialAction":[{"@type":"SearchAction","target":{"@type":"EntryPoint","urlTemplate":"https:\/\/afc.cat\/es\/?s={search_term_string}"},"query-input":{"@type":"PropertyValueSpecification","valueRequired":true,"valueName":"search_term_string"}}],"inLanguage":"es"}]}},"_links":{"self":[{"href":"https:\/\/afc.cat\/es\/wp-json\/wp\/v2\/class\/23665","targetHints":{"allow":["GET"]}}],"collection":[{"href":"https:\/\/afc.cat\/es\/wp-json\/wp\/v2\/class"}],"about":[{"href":"https:\/\/afc.cat\/es\/wp-json\/wp\/v2\/types\/class"}],"wp:attachment":[{"href":"https:\/\/afc.cat\/es\/wp-json\/wp\/v2\/media?parent=23665"}],"wp:term":[{"taxonomy":"wcs-type","embeddable":true,"href":"https:\/\/afc.cat\/es\/wp-json\/wp\/v2\/wcs-type?post=23665"},{"taxonomy":"wcs-room","embeddable":true,"href":"https:\/\/afc.cat\/es\/wp-json\/wp\/v2\/wcs-room?post=23665"},{"taxonomy":"wcs-instructor","embeddable":true,"href":"https:\/\/afc.cat\/es\/wp-json\/wp\/v2\/wcs-instructor?post=23665"}],"curies":[{"name":"wp","href":"https:\/\/api.w.org\/{rel}","templated":true}]}}