{"id":24095,"date":"2021-11-14T20:31:23","date_gmt":"2021-11-14T18:31:23","guid":{"rendered":"https:\/\/afc.cat\/?post_type=class&#038;p=24095"},"modified":"2021-12-04T12:25:40","modified_gmt":"2021-12-04T10:25:40","slug":"46o-concurso-de-luis-navarro","status":"publish","type":"class","link":"https:\/\/afc.cat\/es\/activitat\/46o-concurso-de-luis-navarro\/","title":{"rendered":"46\u00ba concurso de Luis Navarro"},"content":{"rendered":"<p><div class=\"fusion-fullwidth fullwidth-box fusion-builder-row-1 fusion-flex-container nonhundred-percent-fullwidth non-hundred-percent-height-scrolling\" style=\"background-color: rgba(255,255,255,0);background-position: center center;background-repeat: no-repeat;border-width: 0px 15px 0px 0px;border-color:#ffffff;border-style:solid;\" ><div class=\"fusion-builder-row fusion-row fusion-flex-align-items-flex-start\" style=\"max-width:1300px;margin-left: calc(-4% \/ 2 );margin-right: calc(-4% \/ 2 );\"><div class=\"fusion-layout-column fusion_builder_column fusion-builder-column-0 fusion_builder_column_1_1 1_1 fusion-flex-column\"><div class=\"fusion-column-wrapper fusion-flex-justify-content-flex-start fusion-content-layout-column\" style=\"background-position:left top;background-repeat:no-repeat;-webkit-background-size:cover;-moz-background-size:cover;-o-background-size:cover;background-size:cover;padding: 0px 0px 0px 0px;\"><div class=\"fusion-text fusion-text-1\"><h2 class=\"fusion-responsive-typography-calculated\" data-fontsize=\"40\" data-lineheight=\"48px\">Primera edici\u00f3n digital del 46\u00ba concurso Luis Navarro<\/h2>\n<p>Este a\u00f1o celebramos el 46\u00ba concurso de Luis Navarro que en 1953 se inici\u00f3 por su iniciativa con el nombre de Concurso de Fotograf\u00eda Moderna.<\/p>\n<p>Al morir Lu\u00eds Navarro al a\u00f1o siguiente, el concurso sigui\u00f3 pero adoptando su nombre en homenaje a su persona.<\/p>\n<p>La pandemia del c\u00f3vid-19 ha acelerado el proceso de digitalizaci\u00f3n de todas las actuaciones y en especial en lo que se refiere a la fotograf\u00eda.<\/p>\n<p>Esto hace que en esta edici\u00f3n el concurso sea ya de fotograf\u00eda digital.<\/p>\n<p>Queremos seguir con los principios que dieron origen a este concurso, es decir, que cada uno exprese sus sentimientos sin restricciones.<\/p>\n<p>Por eso, creemos que siendo fieles a la idea de Luis Navarro, definimos este concurso como <strong>Creativo &#8211; Experimental<\/strong>.<\/p>\n<h3>English<\/h3>\n<p>This year we are celebrating the 46th Luis Navarro competition, which began in 1953 on his own initiative with the name of Modern Photography Competition.<\/p>\n<p>When Luis Navarro died the following year, the contest continued but adopting its name in tribute to its person.<\/p>\n<p>The covid-19 pandemic has accelerated the process of digitization of all actions and especially in terms of photography.<\/p>\n<p>This means that in this edition the competition is already digital photography.<\/p>\n<p>We want to continue with the principles that gave rise to this contest, that is to say that each one expresses his feelings without restrictions.<\/p>\n<p>Therefore, we believe that being faithful to the idea of Luis Navarro, we define this contest as <strong>Creative &#8211; Experimental<\/strong>.<\/p>\n<h3>Fran\u00e7ais<\/h3>\n<p>Cette ann\u00e9e, nous c\u00e9l\u00e9brons le 46e concours Luis Navarro, qui a d\u00e9but\u00e9 en 1953 de sa propre initiative sous le nom de Concours de photographie moderne.<\/p>\n<p>\u00c0 la mort de Luis Navarro l&#8217;ann\u00e9e suivante, le concours s&#8217;est poursuivi mais en adoptant son nom en hommage \u00e0 sa personne.<\/p>\n<p>La pand\u00e9mie de covid-19 a acc\u00e9l\u00e9r\u00e9 le processus de num\u00e9risation de toutes les actions et notamment en mati\u00e8re de photographie.<\/p>\n<p>Cela signifie que dans cette \u00e9dition, le concours est d\u00e9j\u00e0 la photographie num\u00e9rique.<\/p>\n<p>Nous voulons continuer avec les principes qui ont donn\u00e9 lieu \u00e0 ce concours, c&#8217;est-\u00e0-dire que chacun exprime ses sentiments sans restrictions.<\/p>\n<p>Par cons\u00e9quent, nous pensons qu&#8217;\u00e9tant fid\u00e8les \u00e0 l&#8217;id\u00e9e de Luis Navarro, nous d\u00e9finissons ce concours comme <strong>Cr\u00e9atif &#8211; Exp\u00e9rimental<\/strong>.<\/p>\n<\/div><\/div><style type=\"text\/css\">.fusion-body .fusion-builder-column-0{width:100% !important;margin-top : 0px;margin-bottom : 0px;}.fusion-builder-column-0 > .fusion-column-wrapper {padding-top : 0px !important;padding-right : 0px !important;margin-right : 1.92%;padding-bottom : 0px !important;padding-left : 0px !important;margin-left : 1.92%;}@media only screen and (max-width:1024px) {.fusion-body .fusion-builder-column-0{width:100% !important;}.fusion-builder-column-0 > .fusion-column-wrapper {margin-right : 1.92%;margin-left : 1.92%;}}@media only screen and (max-width:640px) {.fusion-body .fusion-builder-column-0{width:100% !important;}.fusion-builder-column-0 > .fusion-column-wrapper {margin-right : 1.92%;margin-left : 1.92%;}}<\/style><\/div><\/div><style type=\"text\/css\">.fusion-body .fusion-flex-container.fusion-builder-row-1{ padding-top : 0px;margin-top : 0px;padding-right : 0px;padding-bottom : 0px;margin-bottom : 0px;padding-left : 0px;}<\/style><\/div><div class=\"fusion-fullwidth fullwidth-box fusion-builder-row-2 fusion-flex-container nonhundred-percent-fullwidth non-hundred-percent-height-scrolling\" style=\"background-color: rgba(255,255,255,0);background-position: center center;background-repeat: no-repeat;border-width: 0px 0px 0px 0px;border-color:#ffffff;border-style:solid;\" ><div class=\"fusion-builder-row fusion-row fusion-flex-align-items-flex-start\" style=\"max-width:1300px;margin-left: calc(-4% \/ 2 );margin-right: calc(-4% \/ 2 );\"><div class=\"fusion-layout-column fusion_builder_column fusion-builder-column-1 fusion_builder_column_1_2 1_2 fusion-flex-column\"><div class=\"fusion-column-wrapper fusion-flex-justify-content-flex-start fusion-content-layout-column\" style=\"background-position:left top;background-repeat:no-repeat;-webkit-background-size:cover;-moz-background-size:cover;-o-background-size:cover;background-size:cover;padding: 0px 0px 0px 0px;\"><div style=\"text-align:center;\"><style>.fusion-button.button-1{border-radius:4px 4px 4px 4px;}<\/style><a class=\"fusion-button button-flat fusion-button-default-size button-default button-1 fusion-button-default-span fusion-button-default-type\" target=\"_self\" href=\"https:\/\/afc.cat\/wp-content\/uploads\/2021\/11\/Bases_Navarro_46_2021_22_es_final-1.pdf\"><span class=\"fusion-button-text\">Bases concurso <\/span><\/a><\/div><\/div><style type=\"text\/css\">.fusion-body .fusion-builder-column-1{width:50% !important;margin-top : 0px;margin-bottom : 20px;}.fusion-builder-column-1 > .fusion-column-wrapper {padding-top : 0px !important;padding-right : 0px !important;margin-right : 3.84%;padding-bottom : 0px !important;padding-left : 0px !important;margin-left : 3.84%;}@media only screen and (max-width:1024px) {.fusion-body .fusion-builder-column-1{width:50% !important;order : 0;}.fusion-builder-column-1 > .fusion-column-wrapper {margin-right : 3.84%;margin-left : 3.84%;}}@media only screen and (max-width:640px) {.fusion-body .fusion-builder-column-1{width:100% !important;order : 0;}.fusion-builder-column-1 > .fusion-column-wrapper {margin-right : 1.92%;margin-left : 1.92%;}}<\/style><\/div><div class=\"fusion-layout-column fusion_builder_column fusion-builder-column-2 fusion_builder_column_1_2 1_2 fusion-flex-column\"><div class=\"fusion-column-wrapper fusion-flex-justify-content-flex-start fusion-content-layout-column\" style=\"background-position:left top;background-repeat:no-repeat;-webkit-background-size:cover;-moz-background-size:cover;-o-background-size:cover;background-size:cover;padding: 0px 0px 0px 0px;\"><div style=\"text-align:center;\"><style>.fusion-button.button-2{border-radius:4px 4px 4px 4px;}<\/style><a class=\"fusion-button button-flat fusion-button-default-size button-default button-2 fusion-button-default-span fusion-button-default-type\" target=\"_self\" href=\"https:\/\/afc.cat\/wp-content\/uploads\/2021\/11\/Bases_Navarro_46_2021_22_en_final-1.pdf\"><span class=\"fusion-button-text\">Contest Rules<\/span><\/a><\/div><\/div><style type=\"text\/css\">.fusion-body .fusion-builder-column-2{width:50% !important;margin-top : 0px;margin-bottom : 20px;}.fusion-builder-column-2 > .fusion-column-wrapper {padding-top : 0px !important;padding-right : 0px !important;margin-right : 3.84%;padding-bottom : 0px !important;padding-left : 0px !important;margin-left : 3.84%;}@media only screen and (max-width:1024px) {.fusion-body .fusion-builder-column-2{width:50% !important;order : 0;}.fusion-builder-column-2 > .fusion-column-wrapper {margin-right : 3.84%;margin-left : 3.84%;}}@media only screen and (max-width:640px) {.fusion-body .fusion-builder-column-2{width:100% !important;order : 0;}.fusion-builder-column-2 > .fusion-column-wrapper {margin-right : 1.92%;margin-left : 1.92%;}}<\/style><\/div><div class=\"fusion-layout-column fusion_builder_column fusion-builder-column-3 fusion_builder_column_1_1 1_1 fusion-flex-column\"><div class=\"fusion-column-wrapper fusion-flex-justify-content-flex-start fusion-content-layout-column\" style=\"background-position:left top;background-repeat:no-repeat;-webkit-background-size:cover;-moz-background-size:cover;-o-background-size:cover;background-size:cover;padding: 0px 0px 0px 0px;\"><div ><style>.fusion-imageframe.imageframe-1{ margin-top : 20px;}<\/style><span class=\" fusion-imageframe imageframe-none imageframe-1 hover-type-none\"><img decoding=\"async\" width=\"400\" height=\"565\" title=\"Luis-Navarro-Emili-Combalia-El-ojo-que-lo-ve-todo.\" src=\"https:\/\/afc.cat\/wp-content\/uploads\/2021\/01\/Luis-Navarro-Emili-Combalia-El-ojo-que-lo-ve-todo.-400x565.jpg\" alt class=\"img-responsive wp-image-18368\" srcset=\"https:\/\/afc.cat\/wp-content\/uploads\/2021\/01\/Luis-Navarro-Emili-Combalia-El-ojo-que-lo-ve-todo.-200x283.jpg 200w, https:\/\/afc.cat\/wp-content\/uploads\/2021\/01\/Luis-Navarro-Emili-Combalia-El-ojo-que-lo-ve-todo.-400x565.jpg 400w, https:\/\/afc.cat\/wp-content\/uploads\/2021\/01\/Luis-Navarro-Emili-Combalia-El-ojo-que-lo-ve-todo.-600x848.jpg 600w, https:\/\/afc.cat\/wp-content\/uploads\/2021\/01\/Luis-Navarro-Emili-Combalia-El-ojo-que-lo-ve-todo.-800x1131.jpg 800w, https:\/\/afc.cat\/wp-content\/uploads\/2021\/01\/Luis-Navarro-Emili-Combalia-El-ojo-que-lo-ve-todo..jpg 839w\" sizes=\"(max-width: 640px) 100vw, 400px\" \/><\/span><\/div><div class=\"fusion-text fusion-text-2\" style=\"font-size:13px;\"><p>Foto: Emili Combalia<br \/>\nGanador el 45\u00ba concurso Luis Navarro<\/p>\n<\/div><\/div><style type=\"text\/css\">.fusion-body .fusion-builder-column-3{width:100% !important;margin-top : 0px;margin-bottom : 20px;}.fusion-builder-column-3 > .fusion-column-wrapper {padding-top : 0px !important;padding-right : 0px !important;margin-right : 1.92%;padding-bottom : 0px !important;padding-left : 0px !important;margin-left : 1.92%;}@media only screen and (max-width:1024px) {.fusion-body .fusion-builder-column-3{width:100% !important;order : 0;}.fusion-builder-column-3 > .fusion-column-wrapper {margin-right : 1.92%;margin-left : 1.92%;}}@media only screen and (max-width:640px) {.fusion-body .fusion-builder-column-3{width:100% !important;order : 0;}.fusion-builder-column-3 > .fusion-column-wrapper {margin-right : 1.92%;margin-left : 1.92%;}}<\/style><\/div><\/div><style type=\"text\/css\">.fusion-body .fusion-flex-container.fusion-builder-row-2{ padding-top : 0px;margin-top : 0px;padding-right : 0px;padding-bottom : 0px;margin-bottom : 0px;padding-left : 0px;}<\/style><\/div><\/p>\n","protected":false},"excerpt":{"rendered":"","protected":false},"template":"","meta":{"_acf_changed":false},"wcs-type":[103],"wcs-room":[131],"wcs-instructor":[288],"class_list":["post-24095","class","type-class","status-publish","hentry","wcs-type-concursos-es","wcs-room-agrupacio-fotografica-de-catalunya","wcs-instructor-foto-emili-combalia"],"acf":[],"yoast_head":"<!-- This site is optimized with the Yoast SEO plugin v27.5 - https:\/\/yoast.com\/product\/yoast-seo-wordpress\/ -->\n<title>46\u00ba concurso de Luis Navarro - Agrupaci\u00f3 Fotogr\u00e0fica de Catalunya<\/title>\n<meta name=\"robots\" content=\"index, follow, max-snippet:-1, max-image-preview:large, max-video-preview:-1\" \/>\n<link rel=\"canonical\" href=\"https:\/\/afc.cat\/es\/activitat\/46o-concurso-de-luis-navarro\/\" \/>\n<meta property=\"og:locale\" content=\"es_ES\" \/>\n<meta property=\"og:type\" content=\"article\" \/>\n<meta property=\"og:title\" content=\"46\u00ba concurso de Luis Navarro - Agrupaci\u00f3 Fotogr\u00e0fica de Catalunya\" \/>\n<meta property=\"og:url\" content=\"https:\/\/afc.cat\/es\/activitat\/46o-concurso-de-luis-navarro\/\" \/>\n<meta property=\"og:site_name\" content=\"Agrupaci\u00f3 Fotogr\u00e0fica de Catalunya\" \/>\n<meta property=\"article:modified_time\" content=\"2021-12-04T10:25:40+00:00\" \/>\n<meta name=\"twitter:card\" content=\"summary_large_image\" \/>\n<meta name=\"twitter:label1\" content=\"Tiempo de lectura\" \/>\n\t<meta name=\"twitter:data1\" content=\"5 minutos\" \/>\n<script type=\"application\/ld+json\" class=\"yoast-schema-graph\">{\"@context\":\"https:\\\/\\\/schema.org\",\"@graph\":[{\"@type\":\"WebPage\",\"@id\":\"https:\\\/\\\/afc.cat\\\/es\\\/activitat\\\/46o-concurso-de-luis-navarro\\\/\",\"url\":\"https:\\\/\\\/afc.cat\\\/es\\\/activitat\\\/46o-concurso-de-luis-navarro\\\/\",\"name\":\"46\u00ba concurso de Luis Navarro - Agrupaci\u00f3 Fotogr\u00e0fica de Catalunya\",\"isPartOf\":{\"@id\":\"https:\\\/\\\/afc.cat\\\/es\\\/#website\"},\"datePublished\":\"2021-11-14T18:31:23+00:00\",\"dateModified\":\"2021-12-04T10:25:40+00:00\",\"breadcrumb\":{\"@id\":\"https:\\\/\\\/afc.cat\\\/es\\\/activitat\\\/46o-concurso-de-luis-navarro\\\/#breadcrumb\"},\"inLanguage\":\"es\",\"potentialAction\":[{\"@type\":\"ReadAction\",\"target\":[\"https:\\\/\\\/afc.cat\\\/es\\\/activitat\\\/46o-concurso-de-luis-navarro\\\/\"]}]},{\"@type\":\"BreadcrumbList\",\"@id\":\"https:\\\/\\\/afc.cat\\\/es\\\/activitat\\\/46o-concurso-de-luis-navarro\\\/#breadcrumb\",\"itemListElement\":[{\"@type\":\"ListItem\",\"position\":1,\"name\":\"Inicio\",\"item\":\"https:\\\/\\\/afc.cat\\\/es\\\/\"},{\"@type\":\"ListItem\",\"position\":2,\"name\":\"46\u00ba concurso de Luis Navarro\"}]},{\"@type\":\"WebSite\",\"@id\":\"https:\\\/\\\/afc.cat\\\/es\\\/#website\",\"url\":\"https:\\\/\\\/afc.cat\\\/es\\\/\",\"name\":\"Agrupaci\u00f3 Fotogr\u00e0fica de Catalunya\",\"description\":\"Fomento y divulgaci\u00f3n de la fotograf\u00eda en todas sus variedades\",\"potentialAction\":[{\"@type\":\"SearchAction\",\"target\":{\"@type\":\"EntryPoint\",\"urlTemplate\":\"https:\\\/\\\/afc.cat\\\/es\\\/?s={search_term_string}\"},\"query-input\":{\"@type\":\"PropertyValueSpecification\",\"valueRequired\":true,\"valueName\":\"search_term_string\"}}],\"inLanguage\":\"es\"}]}<\/script>\n<!-- \/ Yoast SEO plugin. -->","yoast_head_json":{"title":"46\u00ba concurso de Luis Navarro - Agrupaci\u00f3 Fotogr\u00e0fica de Catalunya","robots":{"index":"index","follow":"follow","max-snippet":"max-snippet:-1","max-image-preview":"max-image-preview:large","max-video-preview":"max-video-preview:-1"},"canonical":"https:\/\/afc.cat\/es\/activitat\/46o-concurso-de-luis-navarro\/","og_locale":"es_ES","og_type":"article","og_title":"46\u00ba concurso de Luis Navarro - Agrupaci\u00f3 Fotogr\u00e0fica de Catalunya","og_url":"https:\/\/afc.cat\/es\/activitat\/46o-concurso-de-luis-navarro\/","og_site_name":"Agrupaci\u00f3 Fotogr\u00e0fica de Catalunya","article_modified_time":"2021-12-04T10:25:40+00:00","twitter_card":"summary_large_image","twitter_misc":{"Tiempo de lectura":"5 minutos"},"schema":{"@context":"https:\/\/schema.org","@graph":[{"@type":"WebPage","@id":"https:\/\/afc.cat\/es\/activitat\/46o-concurso-de-luis-navarro\/","url":"https:\/\/afc.cat\/es\/activitat\/46o-concurso-de-luis-navarro\/","name":"46\u00ba concurso de Luis Navarro - Agrupaci\u00f3 Fotogr\u00e0fica de Catalunya","isPartOf":{"@id":"https:\/\/afc.cat\/es\/#website"},"datePublished":"2021-11-14T18:31:23+00:00","dateModified":"2021-12-04T10:25:40+00:00","breadcrumb":{"@id":"https:\/\/afc.cat\/es\/activitat\/46o-concurso-de-luis-navarro\/#breadcrumb"},"inLanguage":"es","potentialAction":[{"@type":"ReadAction","target":["https:\/\/afc.cat\/es\/activitat\/46o-concurso-de-luis-navarro\/"]}]},{"@type":"BreadcrumbList","@id":"https:\/\/afc.cat\/es\/activitat\/46o-concurso-de-luis-navarro\/#breadcrumb","itemListElement":[{"@type":"ListItem","position":1,"name":"Inicio","item":"https:\/\/afc.cat\/es\/"},{"@type":"ListItem","position":2,"name":"46\u00ba concurso de Luis Navarro"}]},{"@type":"WebSite","@id":"https:\/\/afc.cat\/es\/#website","url":"https:\/\/afc.cat\/es\/","name":"Agrupaci\u00f3 Fotogr\u00e0fica de Catalunya","description":"Fomento y divulgaci\u00f3n de la fotograf\u00eda en todas sus variedades","potentialAction":[{"@type":"SearchAction","target":{"@type":"EntryPoint","urlTemplate":"https:\/\/afc.cat\/es\/?s={search_term_string}"},"query-input":{"@type":"PropertyValueSpecification","valueRequired":true,"valueName":"search_term_string"}}],"inLanguage":"es"}]}},"_links":{"self":[{"href":"https:\/\/afc.cat\/es\/wp-json\/wp\/v2\/class\/24095","targetHints":{"allow":["GET"]}}],"collection":[{"href":"https:\/\/afc.cat\/es\/wp-json\/wp\/v2\/class"}],"about":[{"href":"https:\/\/afc.cat\/es\/wp-json\/wp\/v2\/types\/class"}],"wp:attachment":[{"href":"https:\/\/afc.cat\/es\/wp-json\/wp\/v2\/media?parent=24095"}],"wp:term":[{"taxonomy":"wcs-type","embeddable":true,"href":"https:\/\/afc.cat\/es\/wp-json\/wp\/v2\/wcs-type?post=24095"},{"taxonomy":"wcs-room","embeddable":true,"href":"https:\/\/afc.cat\/es\/wp-json\/wp\/v2\/wcs-room?post=24095"},{"taxonomy":"wcs-instructor","embeddable":true,"href":"https:\/\/afc.cat\/es\/wp-json\/wp\/v2\/wcs-instructor?post=24095"}],"curies":[{"name":"wp","href":"https:\/\/api.w.org\/{rel}","templated":true}]}}