{"id":24164,"date":"2021-11-22T17:17:41","date_gmt":"2021-11-22T15:17:41","guid":{"rendered":"https:\/\/afc.cat\/?post_type=class&#038;p=24164"},"modified":"2022-01-30T18:57:55","modified_gmt":"2022-01-30T16:57:55","slug":"curso-intensivo-online-de-composicion-fotografica","status":"publish","type":"class","link":"https:\/\/afc.cat\/es\/activitat\/curso-intensivo-online-de-composicion-fotografica\/","title":{"rendered":"CURSO INTENSIVO ONLINE DE COMPOSICI\u00d3N FOTOGR\u00c1FICA"},"content":{"rendered":"<p><div class=\"fusion-fullwidth fullwidth-box fusion-builder-row-1 fusion-flex-container nonhundred-percent-fullwidth non-hundred-percent-height-scrolling\" style=\"background-color: rgba(255,255,255,0);background-position: center center;background-repeat: no-repeat;border-width: 0px 15px 0px 0px;border-color:#ffffff;border-style:solid;\" ><div class=\"fusion-builder-row fusion-row fusion-flex-align-items-flex-start\" style=\"max-width:1300px;margin-left: calc(-4% \/ 2 );margin-right: calc(-4% \/ 2 );\"><div class=\"fusion-layout-column fusion_builder_column fusion-builder-column-0 fusion_builder_column_1_1 1_1 fusion-flex-column\"><div class=\"fusion-column-wrapper fusion-flex-justify-content-flex-start fusion-content-layout-column\" style=\"background-position:left top;background-repeat:no-repeat;-webkit-background-size:cover;-moz-background-size:cover;-o-background-size:cover;background-size:cover;padding: 0px 0px 0px 0px;\"><div class=\"fusion-text fusion-text-1\"><h2>CURSO INTENSIVO ONLINE DE COMPOSICI\u00d3N FOTOGR\u00c1FICA<\/h2>\n<p>El borde define el contenido<\/p>\n<p>Profesor: Marcelo Caballero<\/p>\n<p>La composici\u00f3n es un tema que no siempre recibe la importancia que merece, tal vez porque existe la idea de que basta con aplicar unas normas socialmente aceptadas, como la regla de los tercios o la espiral de Fibonacci, pero la composici\u00f3n va mucho m\u00e1s all\u00e1 y a menudo determina la diferencia entre una foto correcta, pero que no pasa de ser una m\u00e1s y una foto excelente.<\/p>\n<p>Picasso dec\u00eda \u00abHay que conocer las normas como un profesional, para poderlas romper como un artista\u00bb. La aplicaci\u00f3n puramente mec\u00e1nica de las normas de composici\u00f3n lleva a la obtenci\u00f3n de im\u00e1genes que podr\u00e1n ser t\u00e9cnicamente correctas, pero que dif\u00edcilmente destacar\u00e1n entre la monta\u00f1a de fotos que se hacen y se publican cada d\u00eda. Adem\u00e1s, la aplicaci\u00f3n estricta de estas normas puede convertirse en algo que impida evolucionar y mejorar. Ahora bien, hay que ir con cuidado, no en vano la frase de Picasso dice \u00abcomo un artista\u00bb, porque la frontera que separa una foto sublime y una rid\u00edcula es, a menudo, muy sutil y cuando se aplica una composici\u00f3n rompedora hay que saber c\u00f3mo se hace, con qu\u00e9 objetivo y hasta d\u00f3nde se puede llegar.<\/p>\n<p>En este curso, Marcelo Caballero explicar\u00e1 sus ideas sobre composici\u00f3n que, con toda seguridad, no dejar\u00e1n indiferente a ninguno de los asistentes y que, probablemente, les abrir\u00e1 una nueva visi\u00f3n de c\u00f3mo se pueden hacer fotos. Hasta qu\u00e9 punto se aplicar\u00e1n estas ideas y qu\u00e9 resultados se obtendr\u00e1n depender\u00e1 de la iniciativa y de la creatividad de cada uno.<\/p>\n<p>A continuaci\u00f3n, encontrar\u00e9is informaci\u00f3n detallada sobre este curso y un enlace para acceder a la web de Marcelo Caballero y ver algunas de sus fotograf\u00edas.<\/p>\n<h3>DESCRIPCI\u00d3N GENERAL DEL CURSO<\/h3>\n<p>La propuesta te\u00f3rico &#8211; pr\u00e1ctica de este taller pretende introducir a los participantes, de una manera intensiva, al complejo mundo de la composici\u00f3n fotogr\u00e1fica y, en este contexto, el plan de trabajo constituye un intento l\u00fadico por potenciar diferentes variantes visuales para optimizar el disfrute de la fotograf\u00eda.<\/p>\n<h3>OBJETIVOS<\/h3>\n<ul>\n<li>C\u00f3mo dominar la composici\u00f3n y crear efectos visuales fuertes.<\/li>\n<li>C\u00f3mo concentrarte en las tareas y ejecutarlas con \u00e9xito en un corto periodo de tiempo.<\/li>\n<li>C\u00f3mo ser el mejor juez de tu trabajo.<\/li>\n<li>Asesoramiento sobre c\u00f3mo mejorar el sentido de la observaci\u00f3n, anticipaci\u00f3n e identificaci\u00f3n de los momentos decisivos y acercamiento al sujeto.<\/li>\n<li>Seguimiento personalizado para responder cualquier cuesti\u00f3n t\u00e9cnica, composici\u00f3n espec\u00edfica, o pregunta te\u00f3rica que pueda tener.<\/li>\n<\/ul>\n<h3>INICI I DURADA DEL CURS<\/h3>\n<p>16 horas lectivas; cada semana habr\u00e1 dos sesiones, de una hora cada una, que se impartiran consecutivamente el mismo d\u00eda.<\/p>\n<p>Inicio del curso: lunes 21 de febrero de 2022, 19h, via Zoom.<\/p>\n<h3>PROGRAMA<\/h3>\n<ul>\n<li>Sesi\u00f3n 1. Presentaci\u00f3n del curso \/Nociones de marco \/ rincones, diagonales \/ Simetr\u00eda, asimetr\u00eda \/ Quattrocento.<\/li>\n<li>Sesi\u00f3n 2. Libro abierto\/reacciones a trav\u00e9s del color. Colores C\u00e1lidos\/fr\u00edos. Impresionismo.<\/li>\n<li>Sesi\u00f3n 3. Visionado de las pr\u00e1cticas fotogr\u00e1ficas.<\/li>\n<li>Sesi\u00f3n 4. Perspectivas m\u00faltiples. Vibracionismo. New Bauhaus Posicionamiento. Espacios intersticiales.<\/li>\n<li>Sesi\u00f3n 5. Visionado de las pr\u00e1cticas fotogr\u00e1ficas.<\/li>\n<li>Sesi\u00f3n 6. Eduard Hopper y los amigos. Espacios intermedios, de silencio y an\u00f3nimos. Documentalismo americano. Im\u00e1genes sugerentes versus descriptivas. Retratos sugerentes, centrados y cortados.<\/li>\n<li>Sesi\u00f3n 7. Visionado de las pr\u00e1cticas fotogr\u00e1ficas.<\/li>\n<li>Sesi\u00f3n 8. Diagonales divergentes. Contracomposici\u00f3n. New American Color. Tendencia al desorden. Caos organizado. Momentos a la deriva.<\/li>\n<li>Sesi\u00f3n 9. Visionado de fotograf\u00edas.<\/li>\n<li>Sesi\u00f3n 10. Tri\u00e1ngulos de formas, colores. Ventanas indiscretas. Nociones de fondo<\/li>\n<li>Sesi\u00f3n 11. Visionado de las pr\u00e1cticas fotogr\u00e1ficas.<\/li>\n<li>Sesi\u00f3n 12. Masas desenfocadas. Detr\u00e1s de lo visible. Horizontes inclinados.<\/li>\n<li>Sesi\u00f3n 13. Visionado de las pr\u00e1cticas fotogr\u00e1ficas.<\/li>\n<li>Sesi\u00f3n 14. Planos inesperados. Oleadas r\u00edtmicas urbanas. Peso visual del color: ubicuidad, colores m\u00ednimos, campos de color.<\/li>\n<li>Sesi\u00f3n 15. Apariencias alienadas. Vertical versus horizontal. Autorretrato: sus posibilidades compositivas y afirmaci\u00f3n del fot\u00f3grafo.<\/li>\n<li>Sesi\u00f3n 16. Visionado final de las pr\u00e1cticas.<\/li>\n<\/ul>\n<h4>Nota<\/h4>\n<p>Cada sesi\u00f3n te\u00f3rica contendr\u00e1 abundante material fotogr\u00e1fico y tambi\u00e9n v\u00eddeos educativos. Adem\u00e1s, se armar\u00e1 una ficha (PDF) con los datos m\u00e1s relevantes de cada sesi\u00f3n y ejercicios pr\u00e1cticos que ser\u00e1n publicados en una carpeta espec\u00edfica para los alumnos en Google Drive, y tambi\u00e9n se crear\u00e1 otra carpeta espec\u00edfica donde los alumnos compartir\u00e1n los trabajos fotogr\u00e1ficos que ser\u00e1n visionados y comentados en directo.<\/p>\n<h3>INSCRIPCI\u00d3N<\/h3>\n<p>El curso est\u00e1 reservado a los miembros de la Agrupaci\u00f3n Fotogr\u00e1fica de Catalu\u00f1a.<\/p>\n<p>Para recibir informaci\u00f3n del precio del curso y de las formas de pago, es necesario enviar un correo a<\/p>\n<p><a href=\"mailto:formacio@afc.cat\">formacio@afc.cat<\/a><\/p>\n<p>Para realizar la inscripci\u00f3n, hay que ingresar el importe en la cuenta de la AFC.<\/p>\n<p>La inscripci\u00f3n s\u00f3lo se considerar\u00e1 formalizada cuando la AFC haya recibido el importe. El orden de inscripci\u00f3n lo determinar\u00e1 el orden de llegada de las transferencias.<\/p>\n<h3>INFORMACI\u00d3N ADICIONAL<\/h3>\n<p>Marcelo Caballero es fot\u00f3grafo, periodista y licenciado en Comunicaci\u00f3n Social. En 1992 se gradu\u00f3 de la Facultad de Periodismo y Comunicaci\u00f3n Social de la Universidad de La Plata (Argentina). Posteriormente, y durante varios a\u00f1os, compagin\u00f3 sus trabajos como docente de talleres de literatura contempor\u00e1nea y semi\u00f3tica visual en su facultad con colaboraciones en diarios argentinos como Clar\u00edn, El D\u00eda y revistas de viaje. Despu\u00e9s de largos periplos por Am\u00e9rica del sur y Asia decidi\u00f3 radicarse en Barcelona donde, en 2010, fund\u00f3 el primer colectivo de fotograf\u00eda urbana en Espa\u00f1a: Calle 35. Profesor: Marcelo Caballero www.marcelocaballero.com Expuso su trabajo en Barcelona, Las Palmas, Ciudad Real, Miami, Perpi\u00f1\u00e1n y Buenos Aires. Particip\u00f3 en festivales de fotograf\u00eda como Ojo de Peix Photo Meeting Barcelona, Bienal Xavier Miserachs, DOCfield (Barcelona), Visa Off (Perpi\u00f1\u00e1n) y Miami Street Photography Festival. En 2015, imparti\u00f3 talleres de fotograf\u00eda urbana en EFTI (Madrid) dentro del m\u00e1ster de fotograf\u00eda documental. A principios de 2017, junto con un grupo de fot\u00f3grafos, dieron vida a QuitarFotos que se expresa como espacio de di\u00e1logo y difusi\u00f3n de propuestas visuales documentales. Actualmente forma parte de los equipos docentes de Multifotos, Escuela Universitaria ERAM de Girona y Digifoto Fotograf\u00eda Online. Adem\u00e1s, colabora con revistas y agencias fotogr\u00e1ficas europeas; e imparte talleres\/viajes fotogr\u00e1ficos, realiza conferencias y escribe sobre fotograf\u00eda documental en su blog: Miradas C\u00f3mplices.<\/p>\n<p>Libros: Colores Humanos (Calle 35 \/ The Folio Club. Barcelona 2015), Legenda Gerundae (The Folio Club. Barcelona 2018) Ocre (Camera Infinita, 2019), Un Apuro Lento (Camera Infinita, 2019)<\/p>\n<p><a href=\"https:\/\/marcelocaballero.com\/\">https:\/\/marcelocaballero.com\/<\/a><\/p>\n<\/div><\/div><style type=\"text\/css\">.fusion-body .fusion-builder-column-0{width:100% !important;margin-top : 0px;margin-bottom : 0px;}.fusion-builder-column-0 > .fusion-column-wrapper {padding-top : 0px !important;padding-right : 0px !important;margin-right : 1.92%;padding-bottom : 0px !important;padding-left : 0px !important;margin-left : 1.92%;}@media only screen and (max-width:1024px) {.fusion-body .fusion-builder-column-0{width:100% !important;}.fusion-builder-column-0 > .fusion-column-wrapper {margin-right : 1.92%;margin-left : 1.92%;}}@media only screen and (max-width:640px) {.fusion-body .fusion-builder-column-0{width:100% !important;}.fusion-builder-column-0 > .fusion-column-wrapper {margin-right : 1.92%;margin-left : 1.92%;}}<\/style><\/div><\/div><style type=\"text\/css\">.fusion-body .fusion-flex-container.fusion-builder-row-1{ padding-top : 0px;margin-top : 0px;padding-right : 0px;padding-bottom : 0px;margin-bottom : 0px;padding-left : 0px;}<\/style><\/div><div class=\"fusion-fullwidth fullwidth-box fusion-builder-row-2 fusion-flex-container nonhundred-percent-fullwidth non-hundred-percent-height-scrolling\" style=\"background-color: rgba(255,255,255,0);background-position: center center;background-repeat: no-repeat;border-width: 0px 0px 0px 0px;border-color:#ffffff;border-style:solid;\" ><div class=\"fusion-builder-row fusion-row fusion-flex-align-items-flex-start\" style=\"max-width:1300px;margin-left: calc(-4% \/ 2 );margin-right: calc(-4% \/ 2 );\"><div class=\"fusion-layout-column fusion_builder_column fusion-builder-column-1 fusion_builder_column_1_2 1_2 fusion-flex-column\"><div class=\"fusion-column-wrapper fusion-flex-justify-content-flex-start fusion-content-layout-column\" style=\"background-position:left top;background-repeat:no-repeat;-webkit-background-size:cover;-moz-background-size:cover;-o-background-size:cover;background-size:cover;padding: 0px 0px 0px 0px;\"><style type=\"text\/css\">.fusion-gallery-1 .fusion-gallery-image {border:0px solid #e2e2e2;}<\/style><div class=\"fusion-gallery fusion-gallery-container fusion-grid-6 fusion-columns-total-6 fusion-gallery-layout-grid fusion-gallery-1\" style=\"margin:-5px;\"><div style=\"padding:5px;\" class=\"fusion-grid-column fusion-gallery-column fusion-gallery-column-6 hover-type-none\"><div class=\"fusion-gallery-image\"><a href=\"https:\/\/afc.cat\/wp-content\/uploads\/2021\/11\/PHOTO-2021-11-11-17-15-34.jpg\" rel=\"noreferrer\" data-rel=\"iLightbox[gallery_image_1]\" class=\"fusion-lightbox\" target=\"_self\"><img decoding=\"async\" src=\"https:\/\/afc.cat\/wp-content\/uploads\/2021\/11\/PHOTO-2021-11-11-17-15-34.jpg\" width=\"200\" height=\"300\" alt=\"\" title=\"PHOTO-2021-11-11-17-15-34\" aria-label=\"PHOTO-2021-11-11-17-15-34\" class=\"img-responsive wp-image-24162\" \/><\/a><\/div><\/div><div style=\"padding:5px;\" class=\"fusion-grid-column fusion-gallery-column fusion-gallery-column-6 hover-type-none\"><div class=\"fusion-gallery-image\"><a href=\"https:\/\/afc.cat\/wp-content\/uploads\/2021\/11\/PHOTO-2021-11-11-17-14-15.jpg\" rel=\"noreferrer\" data-rel=\"iLightbox[gallery_image_1]\" class=\"fusion-lightbox\" target=\"_self\"><img decoding=\"async\" src=\"https:\/\/afc.cat\/wp-content\/uploads\/2021\/11\/PHOTO-2021-11-11-17-14-15.jpg\" width=\"200\" height=\"300\" alt=\"\" title=\"PHOTO-2021-11-11-17-14-15\" aria-label=\"PHOTO-2021-11-11-17-14-15\" class=\"img-responsive wp-image-24160\" \/><\/a><\/div><\/div><div style=\"padding:5px;\" class=\"fusion-grid-column fusion-gallery-column fusion-gallery-column-6 hover-type-none\"><div class=\"fusion-gallery-image\"><a href=\"https:\/\/afc.cat\/wp-content\/uploads\/2021\/11\/PHOTO-2021-11-11-17-11-545.jpg\" rel=\"noreferrer\" data-rel=\"iLightbox[gallery_image_1]\" class=\"fusion-lightbox\" target=\"_self\"><img decoding=\"async\" src=\"https:\/\/afc.cat\/wp-content\/uploads\/2021\/11\/PHOTO-2021-11-11-17-11-545.jpg\" width=\"400\" height=\"266\" alt=\"\" title=\"PHOTO-2021-11-11-17-11-54(5)\" aria-label=\"PHOTO-2021-11-11-17-11-54(5)\" class=\"img-responsive wp-image-24158\" srcset=\"https:\/\/afc.cat\/wp-content\/uploads\/2021\/11\/PHOTO-2021-11-11-17-11-545-200x133.jpg 200w, https:\/\/afc.cat\/wp-content\/uploads\/2021\/11\/PHOTO-2021-11-11-17-11-545.jpg 400w\" sizes=\"(min-width: 2200px) 100vw, (min-width: 1120px) 204px, (min-width: 1024px) 245px, (min-width: 928px) 306px, (min-width: 832px) 408px, (min-width: 736px) 613px, (min-width: 640px) 736px, \" \/><\/a><\/div><\/div><div style=\"padding:5px;\" class=\"fusion-grid-column fusion-gallery-column fusion-gallery-column-6 hover-type-none\"><div class=\"fusion-gallery-image\"><a href=\"https:\/\/afc.cat\/wp-content\/uploads\/2021\/11\/PHOTO-2021-11-11-17-11-544.jpg\" rel=\"noreferrer\" data-rel=\"iLightbox[gallery_image_1]\" class=\"fusion-lightbox\" target=\"_self\"><img decoding=\"async\" src=\"https:\/\/afc.cat\/wp-content\/uploads\/2021\/11\/PHOTO-2021-11-11-17-11-544.jpg\" width=\"400\" height=\"266\" alt=\"\" title=\"PHOTO-2021-11-11-17-11-54(4)\" aria-label=\"PHOTO-2021-11-11-17-11-54(4)\" class=\"img-responsive wp-image-24156\" srcset=\"https:\/\/afc.cat\/wp-content\/uploads\/2021\/11\/PHOTO-2021-11-11-17-11-544-200x133.jpg 200w, https:\/\/afc.cat\/wp-content\/uploads\/2021\/11\/PHOTO-2021-11-11-17-11-544.jpg 400w\" sizes=\"(min-width: 2200px) 100vw, (min-width: 1120px) 204px, (min-width: 1024px) 245px, (min-width: 928px) 306px, (min-width: 832px) 408px, (min-width: 736px) 613px, (min-width: 640px) 736px, \" \/><\/a><\/div><\/div><div style=\"padding:5px;\" class=\"fusion-grid-column fusion-gallery-column fusion-gallery-column-6 hover-type-none\"><div class=\"fusion-gallery-image\"><a href=\"https:\/\/afc.cat\/wp-content\/uploads\/2021\/11\/PHOTO-2021-11-11-17-11-543.jpg\" rel=\"noreferrer\" data-rel=\"iLightbox[gallery_image_1]\" class=\"fusion-lightbox\" target=\"_self\"><img decoding=\"async\" src=\"https:\/\/afc.cat\/wp-content\/uploads\/2021\/11\/PHOTO-2021-11-11-17-11-543.jpg\" width=\"400\" height=\"267\" alt=\"\" title=\"PHOTO-2021-11-11-17-11-54(3)\" aria-label=\"PHOTO-2021-11-11-17-11-54(3)\" class=\"img-responsive wp-image-24154\" srcset=\"https:\/\/afc.cat\/wp-content\/uploads\/2021\/11\/PHOTO-2021-11-11-17-11-543-200x134.jpg 200w, https:\/\/afc.cat\/wp-content\/uploads\/2021\/11\/PHOTO-2021-11-11-17-11-543.jpg 400w\" sizes=\"(min-width: 2200px) 100vw, (min-width: 1120px) 204px, (min-width: 1024px) 245px, (min-width: 928px) 306px, (min-width: 832px) 408px, (min-width: 736px) 613px, (min-width: 640px) 736px, \" \/><\/a><\/div><\/div><div style=\"padding:5px;\" class=\"fusion-grid-column fusion-gallery-column fusion-gallery-column-6 hover-type-none\"><div class=\"fusion-gallery-image\"><a href=\"https:\/\/afc.cat\/wp-content\/uploads\/2021\/11\/PHOTO-2021-11-11-17-11-54.jpg\" rel=\"noreferrer\" data-rel=\"iLightbox[gallery_image_1]\" class=\"fusion-lightbox\" target=\"_self\"><img decoding=\"async\" src=\"https:\/\/afc.cat\/wp-content\/uploads\/2021\/11\/PHOTO-2021-11-11-17-11-54.jpg\" width=\"400\" height=\"266\" alt=\"\" title=\"PHOTO-2021-11-11-17-11-54\" aria-label=\"PHOTO-2021-11-11-17-11-54\" class=\"img-responsive wp-image-24150\" srcset=\"https:\/\/afc.cat\/wp-content\/uploads\/2021\/11\/PHOTO-2021-11-11-17-11-54-200x133.jpg 200w, https:\/\/afc.cat\/wp-content\/uploads\/2021\/11\/PHOTO-2021-11-11-17-11-54.jpg 400w\" sizes=\"(min-width: 2200px) 100vw, (min-width: 1120px) 204px, (min-width: 1024px) 245px, (min-width: 928px) 306px, (min-width: 832px) 408px, (min-width: 736px) 613px, (min-width: 640px) 736px, \" \/><\/a><\/div><\/div><div class=\"clearfix\"><\/div><\/div><\/div><style type=\"text\/css\">.fusion-body .fusion-builder-column-1{width:50% !important;margin-top : 0px;margin-bottom : 20px;}.fusion-builder-column-1 > .fusion-column-wrapper {padding-top : 0px !important;padding-right : 0px !important;margin-right : 3.84%;padding-bottom : 0px !important;padding-left : 0px !important;margin-left : 3.84%;}@media only screen and (max-width:1024px) {.fusion-body .fusion-builder-column-1{width:50% !important;order : 0;}.fusion-builder-column-1 > .fusion-column-wrapper {margin-right : 3.84%;margin-left : 3.84%;}}@media only screen and (max-width:640px) {.fusion-body .fusion-builder-column-1{width:100% !important;order : 0;}.fusion-builder-column-1 > .fusion-column-wrapper {margin-right : 1.92%;margin-left : 1.92%;}}<\/style><\/div><div class=\"fusion-layout-column fusion_builder_column fusion-builder-column-2 fusion_builder_column_1_2 1_2 fusion-flex-column\"><div class=\"fusion-column-wrapper fusion-flex-justify-content-flex-start fusion-content-layout-column\" style=\"background-position:left top;background-repeat:no-repeat;-webkit-background-size:cover;-moz-background-size:cover;-o-background-size:cover;background-size:cover;padding: 0px 0px 0px 0px;\"><\/div><style type=\"text\/css\">.fusion-body .fusion-builder-column-2{width:50% !important;margin-top : 0px;margin-bottom : 20px;}.fusion-builder-column-2 > .fusion-column-wrapper {padding-top : 0px !important;padding-right : 0px !important;margin-right : 3.84%;padding-bottom : 0px !important;padding-left : 0px !important;margin-left : 3.84%;}@media only screen and (max-width:1024px) {.fusion-body .fusion-builder-column-2{width:50% !important;order : 0;}.fusion-builder-column-2 > .fusion-column-wrapper {margin-right : 3.84%;margin-left : 3.84%;}}@media only screen and (max-width:640px) {.fusion-body .fusion-builder-column-2{width:100% !important;order : 0;}.fusion-builder-column-2 > .fusion-column-wrapper {margin-right : 1.92%;margin-left : 1.92%;}}<\/style><\/div><\/div><style type=\"text\/css\">.fusion-body .fusion-flex-container.fusion-builder-row-2{ padding-top : 0px;margin-top : 0px;padding-right : 0px;padding-bottom : 0px;margin-bottom : 0px;padding-left : 0px;}<\/style><\/div><\/p>\n","protected":false},"excerpt":{"rendered":"","protected":false},"template":"","meta":{"_acf_changed":false},"wcs-type":[115,114],"wcs-room":[226],"wcs-instructor":[239],"class_list":["post-24164","class","type-class","status-publish","hentry","wcs-type-curso","wcs-type-formacion","wcs-room-modalitat-online","wcs-instructor-marcelo-caballero"],"acf":[],"yoast_head":"<!-- This site is optimized with the Yoast SEO plugin v27.5 - https:\/\/yoast.com\/product\/yoast-seo-wordpress\/ -->\n<title>CURSO INTENSIVO ONLINE DE COMPOSICI\u00d3N FOTOGR\u00c1FICA - Agrupaci\u00f3 Fotogr\u00e0fica de Catalunya<\/title>\n<meta name=\"description\" content=\"Este curso pretende proporcionar las bases de la composici\u00f3n fotogr\u00e1fica en dieciseis sesiones online que incluyen teor\u00eda y pr\u00e1ctica\" \/>\n<meta name=\"robots\" content=\"index, follow, max-snippet:-1, max-image-preview:large, max-video-preview:-1\" \/>\n<link rel=\"canonical\" href=\"https:\/\/afc.cat\/es\/activitat\/curso-intensivo-online-de-composicion-fotografica\/\" \/>\n<meta property=\"og:locale\" content=\"es_ES\" \/>\n<meta property=\"og:type\" content=\"article\" \/>\n<meta property=\"og:title\" content=\"CURSO INTENSIVO ONLINE DE COMPOSICI\u00d3N FOTOGR\u00c1FICA - Agrupaci\u00f3 Fotogr\u00e0fica de Catalunya\" \/>\n<meta property=\"og:description\" content=\"Este curso pretende proporcionar las bases de la composici\u00f3n fotogr\u00e1fica en dieciseis sesiones online que incluyen teor\u00eda y pr\u00e1ctica\" \/>\n<meta property=\"og:url\" content=\"https:\/\/afc.cat\/es\/activitat\/curso-intensivo-online-de-composicion-fotografica\/\" \/>\n<meta property=\"og:site_name\" content=\"Agrupaci\u00f3 Fotogr\u00e0fica de Catalunya\" \/>\n<meta property=\"article:modified_time\" content=\"2022-01-30T16:57:55+00:00\" \/>\n<meta name=\"twitter:card\" content=\"summary_large_image\" \/>\n<meta name=\"twitter:label1\" content=\"Tiempo de lectura\" \/>\n\t<meta name=\"twitter:data1\" content=\"13 minutos\" \/>\n<script type=\"application\/ld+json\" class=\"yoast-schema-graph\">{\"@context\":\"https:\\\/\\\/schema.org\",\"@graph\":[{\"@type\":\"WebPage\",\"@id\":\"https:\\\/\\\/afc.cat\\\/es\\\/activitat\\\/curso-intensivo-online-de-composicion-fotografica\\\/\",\"url\":\"https:\\\/\\\/afc.cat\\\/es\\\/activitat\\\/curso-intensivo-online-de-composicion-fotografica\\\/\",\"name\":\"CURSO INTENSIVO ONLINE DE COMPOSICI\u00d3N FOTOGR\u00c1FICA - Agrupaci\u00f3 Fotogr\u00e0fica de Catalunya\",\"isPartOf\":{\"@id\":\"https:\\\/\\\/afc.cat\\\/es\\\/#website\"},\"datePublished\":\"2021-11-22T15:17:41+00:00\",\"dateModified\":\"2022-01-30T16:57:55+00:00\",\"description\":\"Este curso pretende proporcionar las bases de la composici\u00f3n fotogr\u00e1fica en dieciseis sesiones online que incluyen teor\u00eda y pr\u00e1ctica\",\"breadcrumb\":{\"@id\":\"https:\\\/\\\/afc.cat\\\/es\\\/activitat\\\/curso-intensivo-online-de-composicion-fotografica\\\/#breadcrumb\"},\"inLanguage\":\"es\",\"potentialAction\":[{\"@type\":\"ReadAction\",\"target\":[\"https:\\\/\\\/afc.cat\\\/es\\\/activitat\\\/curso-intensivo-online-de-composicion-fotografica\\\/\"]}]},{\"@type\":\"BreadcrumbList\",\"@id\":\"https:\\\/\\\/afc.cat\\\/es\\\/activitat\\\/curso-intensivo-online-de-composicion-fotografica\\\/#breadcrumb\",\"itemListElement\":[{\"@type\":\"ListItem\",\"position\":1,\"name\":\"Inicio\",\"item\":\"https:\\\/\\\/afc.cat\\\/es\\\/\"},{\"@type\":\"ListItem\",\"position\":2,\"name\":\"CURSO INTENSIVO ONLINE DE COMPOSICI\u00d3N FOTOGR\u00c1FICA\"}]},{\"@type\":\"WebSite\",\"@id\":\"https:\\\/\\\/afc.cat\\\/es\\\/#website\",\"url\":\"https:\\\/\\\/afc.cat\\\/es\\\/\",\"name\":\"Agrupaci\u00f3 Fotogr\u00e0fica de Catalunya\",\"description\":\"Fomento y divulgaci\u00f3n de la fotograf\u00eda en todas sus variedades\",\"potentialAction\":[{\"@type\":\"SearchAction\",\"target\":{\"@type\":\"EntryPoint\",\"urlTemplate\":\"https:\\\/\\\/afc.cat\\\/es\\\/?s={search_term_string}\"},\"query-input\":{\"@type\":\"PropertyValueSpecification\",\"valueRequired\":true,\"valueName\":\"search_term_string\"}}],\"inLanguage\":\"es\"}]}<\/script>\n<!-- \/ Yoast SEO plugin. -->","yoast_head_json":{"title":"CURSO INTENSIVO ONLINE DE COMPOSICI\u00d3N FOTOGR\u00c1FICA - Agrupaci\u00f3 Fotogr\u00e0fica de Catalunya","description":"Este curso pretende proporcionar las bases de la composici\u00f3n fotogr\u00e1fica en dieciseis sesiones online que incluyen teor\u00eda y pr\u00e1ctica","robots":{"index":"index","follow":"follow","max-snippet":"max-snippet:-1","max-image-preview":"max-image-preview:large","max-video-preview":"max-video-preview:-1"},"canonical":"https:\/\/afc.cat\/es\/activitat\/curso-intensivo-online-de-composicion-fotografica\/","og_locale":"es_ES","og_type":"article","og_title":"CURSO INTENSIVO ONLINE DE COMPOSICI\u00d3N FOTOGR\u00c1FICA - Agrupaci\u00f3 Fotogr\u00e0fica de Catalunya","og_description":"Este curso pretende proporcionar las bases de la composici\u00f3n fotogr\u00e1fica en dieciseis sesiones online que incluyen teor\u00eda y pr\u00e1ctica","og_url":"https:\/\/afc.cat\/es\/activitat\/curso-intensivo-online-de-composicion-fotografica\/","og_site_name":"Agrupaci\u00f3 Fotogr\u00e0fica de Catalunya","article_modified_time":"2022-01-30T16:57:55+00:00","twitter_card":"summary_large_image","twitter_misc":{"Tiempo de lectura":"13 minutos"},"schema":{"@context":"https:\/\/schema.org","@graph":[{"@type":"WebPage","@id":"https:\/\/afc.cat\/es\/activitat\/curso-intensivo-online-de-composicion-fotografica\/","url":"https:\/\/afc.cat\/es\/activitat\/curso-intensivo-online-de-composicion-fotografica\/","name":"CURSO INTENSIVO ONLINE DE COMPOSICI\u00d3N FOTOGR\u00c1FICA - Agrupaci\u00f3 Fotogr\u00e0fica de Catalunya","isPartOf":{"@id":"https:\/\/afc.cat\/es\/#website"},"datePublished":"2021-11-22T15:17:41+00:00","dateModified":"2022-01-30T16:57:55+00:00","description":"Este curso pretende proporcionar las bases de la composici\u00f3n fotogr\u00e1fica en dieciseis sesiones online que incluyen teor\u00eda y pr\u00e1ctica","breadcrumb":{"@id":"https:\/\/afc.cat\/es\/activitat\/curso-intensivo-online-de-composicion-fotografica\/#breadcrumb"},"inLanguage":"es","potentialAction":[{"@type":"ReadAction","target":["https:\/\/afc.cat\/es\/activitat\/curso-intensivo-online-de-composicion-fotografica\/"]}]},{"@type":"BreadcrumbList","@id":"https:\/\/afc.cat\/es\/activitat\/curso-intensivo-online-de-composicion-fotografica\/#breadcrumb","itemListElement":[{"@type":"ListItem","position":1,"name":"Inicio","item":"https:\/\/afc.cat\/es\/"},{"@type":"ListItem","position":2,"name":"CURSO INTENSIVO ONLINE DE COMPOSICI\u00d3N FOTOGR\u00c1FICA"}]},{"@type":"WebSite","@id":"https:\/\/afc.cat\/es\/#website","url":"https:\/\/afc.cat\/es\/","name":"Agrupaci\u00f3 Fotogr\u00e0fica de Catalunya","description":"Fomento y divulgaci\u00f3n de la fotograf\u00eda en todas sus variedades","potentialAction":[{"@type":"SearchAction","target":{"@type":"EntryPoint","urlTemplate":"https:\/\/afc.cat\/es\/?s={search_term_string}"},"query-input":{"@type":"PropertyValueSpecification","valueRequired":true,"valueName":"search_term_string"}}],"inLanguage":"es"}]}},"_links":{"self":[{"href":"https:\/\/afc.cat\/es\/wp-json\/wp\/v2\/class\/24164","targetHints":{"allow":["GET"]}}],"collection":[{"href":"https:\/\/afc.cat\/es\/wp-json\/wp\/v2\/class"}],"about":[{"href":"https:\/\/afc.cat\/es\/wp-json\/wp\/v2\/types\/class"}],"wp:attachment":[{"href":"https:\/\/afc.cat\/es\/wp-json\/wp\/v2\/media?parent=24164"}],"wp:term":[{"taxonomy":"wcs-type","embeddable":true,"href":"https:\/\/afc.cat\/es\/wp-json\/wp\/v2\/wcs-type?post=24164"},{"taxonomy":"wcs-room","embeddable":true,"href":"https:\/\/afc.cat\/es\/wp-json\/wp\/v2\/wcs-room?post=24164"},{"taxonomy":"wcs-instructor","embeddable":true,"href":"https:\/\/afc.cat\/es\/wp-json\/wp\/v2\/wcs-instructor?post=24164"}],"curies":[{"name":"wp","href":"https:\/\/api.w.org\/{rel}","templated":true}]}}