{"id":24397,"date":"2021-12-04T12:37:49","date_gmt":"2021-12-04T10:37:49","guid":{"rendered":"https:\/\/afc.cat\/?post_type=class&#038;p=24397"},"modified":"2021-12-04T12:37:49","modified_gmt":"2021-12-04T10:37:49","slug":"exposicion-enfocades-el-que-anem-trobant","status":"publish","type":"class","link":"https:\/\/afc.cat\/es\/activitat\/exposicion-enfocades-el-que-anem-trobant\/","title":{"rendered":"Exposici\u00f3n ENFOCADES! \u201cEl que anem trobant\u2026\u201d"},"content":{"rendered":"<p><div class=\"fusion-fullwidth fullwidth-box fusion-builder-row-1 fusion-flex-container nonhundred-percent-fullwidth non-hundred-percent-height-scrolling\" style=\"background-color: rgba(255,255,255,0);background-position: center center;background-repeat: no-repeat;border-width: 0px 15px 0px 0px;border-color:#ffffff;border-style:solid;\" ><div class=\"fusion-builder-row fusion-row fusion-flex-align-items-flex-start\" style=\"max-width:1300px;margin-left: calc(-4% \/ 2 );margin-right: calc(-4% \/ 2 );\"><div class=\"fusion-layout-column fusion_builder_column fusion-builder-column-0 fusion_builder_column_1_1 1_1 fusion-flex-column\"><div class=\"fusion-column-wrapper fusion-flex-justify-content-flex-start fusion-content-layout-column\" style=\"background-position:left top;background-repeat:no-repeat;-webkit-background-size:cover;-moz-background-size:cover;-o-background-size:cover;background-size:cover;padding: 0px 0px 0px 0px;\"><div class=\"fusion-text fusion-text-1\"><h2 class=\"fusion-responsive-typography-calculated\" data-fontsize=\"40\" data-lineheight=\"48px\">Descubriendo la presencia femenina de la AFC<\/h2>\n<p><strong>Del 1 de diciembre al 8 de enero de 2022<\/strong><\/p>\n<p>Lo que vamos encontrando habla de la fascinaci\u00f3n que sentimos por la fotograf\u00eda el grupo de voluntariado, creado en 2018, por la\u00a0<strong>Vocal\u00eda de Patrimonio<\/strong>\u00a0para inventariar y digitalizar el fondo patrimonial de la Agrupaci\u00f3 Fotogr\u00e0fica de Catalunya.<\/p>\n<p>Tiene que ver con la mirada encantadora que nos llega de otros, desde el pasado, cada vez que abrimos una caja y nos desvela aquello que ha perdurado al paso del tiempo. Tambi\u00e9n con la alegr\u00eda de disfrutar y sorprendernos por la belleza que transmiten todas las<strong>\u00a0im\u00e1genes<\/strong>\u00a0que tenemos el privilegio de ir descubriendo.<\/p>\n<p>Son lo que vamos encontrando\u2026. Fragmentos de vidas, de historia, de maneras de ver y entender el mundo de autores y autoras que han tenido la generosidad, ellas, ellos y en muchas ocasiones sus familias, de hacer donaci\u00f3n de sus obras a la AFC y que forman parte de la\u00a0<strong>Historia de la Fotograf\u00eda<\/strong>\u00a0y de nuestra historia como Entidad.<\/p>\n<p>A medida que avanzamos en las tareas de digitalizaci\u00f3n nos resulta m\u00e1s enriquecedor y gratificante. Es por eso que queremos compartirlo con tot@s vosotros y nos complace invitaros a la inauguraci\u00f3n de la exposici\u00f3n, cierre de los actos iniciados a principios de este de a\u00f1o, <strong>ENFOCADAS!<\/strong> \u201cLo que vamos encontrando\u2026\u201d Descubriendo la\u00a0<strong>presencia femenina en la AFC<\/strong>.<\/p>\n<p>Desde la Vocal\u00eda de Patrimonio os invitamos a descubrirlas y os esperamos el pr\u00f3ximo 1 de diciembre\u00a0 a las 19 h. en la <strong>Sala Foyer del Centro c\u00edvico\u00a0PATI LLIMONA<\/strong>\u00a0de Barcelona.<\/p>\n<p><a href=\"http:\/\/Lo%20que%20vamos%20encontrando%20habla%20de%20la%20fascinaci%C3%B3n%20que%20sentimos%20por%20la%20fotograf%C3%ADa%20el%20grupo%20de%20voluntariado,%20creado%20en%202018,%20por%20la%20Vocal%C3%ADa%20de%20Patrimonio%20para%20inventariar%20y%20digitalizar%20el%20fondo%20patrimonial%20de%20la%20Agrupaci%C3%B3%20Fotogr%C3%A0fica%20de%20Catalunya.%20Tiene%20que%20ver%20con%20la%20mirada%20encantadora%20que%20nos%20llega%20de%20otros,%20desde%20el%20pasado,%20cada%20vez%20que%20abrimos%20una%20caja%20y%20nos%20desvela%20aquello%20que%20ha%20perdurado%20al%20paso%20del%20tiempo.%20Tambi%C3%A9n%20con%20la%20alegr%C3%ADa%20de%20disfrutar%20y%20sorprendernos%20por%20la%20belleza%20que%20transmiten%20todas%20las%20im%C3%A1genes%20que%20tenemos%20el%20privilegio%20de%20ir%20descubriendo.%20Son%20lo%20que%20vamos%20encontrando....%20Fragmentos%20de%20vidas,%20de%20historia,%20de%20maneras%20de%20ver%20y%20entender%20el%20mundo%20de%20autores%20y%20autoras%20que%20han%20tenido%20la%20generosidad,%20ellas,%20ellos%20y%20en%20muchas%20ocasiones%20sus%20familias,%20de%20hacer%20donaci%C3%B3n%20de%20sus%20obras%20a%20la%20AFC%20y%20que%20forman%20parte%20de%20la%20Historia%20de%20la%20Fotograf%C3%ADa%20y%20de%20nuestra%20historia%20como%20Entidad.%20A%20medida%20que%20avanzamos%20en%20las%20tareas%20de%20digitalizaci%C3%B3n%20nos%20resulta%20m%C3%A1s%20enriquecedor%20y%20gratificante.%20Es%20por%20eso%20que%20queremos%20compartirlo%20con%20tot@xn--s%20vosotros%20y%20nos%20complace%20invitaros%20a%20la%20inauguracin%20de%20la%20exposicin%2C%20cierre%20de%20los%20actos%20iniciados%20a%20principios%20de%20este%20de%20ao%2C%20enfocadas%21%20lo%20que%20vamos%20encontrando-d2uwtwa89912p...xn--%20descubriendo%20la%20presencia%20femenina%20en%20la%20afc-zn01b.xn--%20desde%20la%20vocala%20de%20patrimonio%20os%20invitamos%20a%20descubrirlas%20y%20os%20esperamos%20el%20prximo%201%20de%20diciembre%20%20a%20las%2019%20h-dwn99e.xn--%20en%20la%20sala%20foyer%20del%20centro%20cvico%20pati%20llimona%20de%20barcelona-0oh.%2001\/12%20%E2%80%93%20Inauguraci%C3%B3:%20ENFOCADES!%20%E2%80%9Cel%20que%20anem%20trobant..%E2%80%9D%20%E2%80%93%20Descobrint%20la%20pres%C3%A8ncia%20femenina%20a%20l%E2%80%99AFC%20%E2%80%93%20Centre%20C%C3%ADvic%20PATI%20LLIMONA\">01\/12 \u2013 Inauguraci\u00f3: ENFOCADES! \u201cel que anem trobant..\u201d \u2013 Descobrint la pres\u00e8ncia femenina a l\u2019AFC \u2013 Centre C\u00edvic PATI LLIMONA<\/a><\/p>\n<\/div><\/div><style type=\"text\/css\">.fusion-body .fusion-builder-column-0{width:100% !important;margin-top : 0px;margin-bottom : 0px;}.fusion-builder-column-0 > .fusion-column-wrapper {padding-top : 0px !important;padding-right : 0px !important;margin-right : 1.92%;padding-bottom : 0px !important;padding-left : 0px !important;margin-left : 1.92%;}@media only screen and (max-width:1024px) {.fusion-body .fusion-builder-column-0{width:100% !important;}.fusion-builder-column-0 > .fusion-column-wrapper {margin-right : 1.92%;margin-left : 1.92%;}}@media only screen and (max-width:640px) {.fusion-body .fusion-builder-column-0{width:100% !important;}.fusion-builder-column-0 > .fusion-column-wrapper {margin-right : 1.92%;margin-left : 1.92%;}}<\/style><\/div><\/div><style type=\"text\/css\">.fusion-body .fusion-flex-container.fusion-builder-row-1{ padding-top : 0px;margin-top : 0px;padding-right : 0px;padding-bottom : 0px;margin-bottom : 0px;padding-left : 0px;}<\/style><\/div><div class=\"fusion-fullwidth fullwidth-box fusion-builder-row-2 fusion-flex-container nonhundred-percent-fullwidth non-hundred-percent-height-scrolling\" style=\"background-color: rgba(255,255,255,0);background-position: center center;background-repeat: no-repeat;border-width: 0px 0px 0px 0px;border-color:#ffffff;border-style:solid;\" ><div class=\"fusion-builder-row fusion-row fusion-flex-align-items-flex-start\" style=\"max-width:1300px;margin-left: calc(-4% \/ 2 );margin-right: calc(-4% \/ 2 );\"><div class=\"fusion-layout-column fusion_builder_column fusion-builder-column-1 fusion_builder_column_1_2 1_2 fusion-flex-column\"><div class=\"fusion-column-wrapper fusion-flex-justify-content-flex-start fusion-content-layout-column\" style=\"background-position:left top;background-repeat:no-repeat;-webkit-background-size:cover;-moz-background-size:cover;-o-background-size:cover;background-size:cover;padding: 0px 0px 0px 0px;\"><\/div><style type=\"text\/css\">.fusion-body .fusion-builder-column-1{width:50% !important;margin-top : 0px;margin-bottom : 20px;}.fusion-builder-column-1 > .fusion-column-wrapper {padding-top : 0px !important;padding-right : 0px !important;margin-right : 3.84%;padding-bottom : 0px !important;padding-left : 0px !important;margin-left : 3.84%;}@media only screen and (max-width:1024px) {.fusion-body .fusion-builder-column-1{width:50% !important;order : 0;}.fusion-builder-column-1 > .fusion-column-wrapper {margin-right : 3.84%;margin-left : 3.84%;}}@media only screen and (max-width:640px) {.fusion-body .fusion-builder-column-1{width:100% !important;order : 0;}.fusion-builder-column-1 > .fusion-column-wrapper {margin-right : 1.92%;margin-left : 1.92%;}}<\/style><\/div><div class=\"fusion-layout-column fusion_builder_column fusion-builder-column-2 fusion_builder_column_1_2 1_2 fusion-flex-column\"><div class=\"fusion-column-wrapper fusion-flex-justify-content-flex-start fusion-content-layout-column\" style=\"background-position:left top;background-repeat:no-repeat;-webkit-background-size:cover;-moz-background-size:cover;-o-background-size:cover;background-size:cover;padding: 0px 0px 0px 0px;\"><\/div><style type=\"text\/css\">.fusion-body .fusion-builder-column-2{width:50% !important;margin-top : 0px;margin-bottom : 20px;}.fusion-builder-column-2 > .fusion-column-wrapper {padding-top : 0px !important;padding-right : 0px !important;margin-right : 3.84%;padding-bottom : 0px !important;padding-left : 0px !important;margin-left : 3.84%;}@media only screen and (max-width:1024px) {.fusion-body .fusion-builder-column-2{width:50% !important;order : 0;}.fusion-builder-column-2 > .fusion-column-wrapper {margin-right : 3.84%;margin-left : 3.84%;}}@media only screen and (max-width:640px) {.fusion-body .fusion-builder-column-2{width:100% !important;order : 0;}.fusion-builder-column-2 > .fusion-column-wrapper {margin-right : 1.92%;margin-left : 1.92%;}}<\/style><\/div><\/div><style type=\"text\/css\">.fusion-body .fusion-flex-container.fusion-builder-row-2{ padding-top : 0px;margin-top : 0px;padding-right : 0px;padding-bottom : 0px;margin-bottom : 0px;padding-left : 0px;}<\/style><\/div><\/p>\n","protected":false},"excerpt":{"rendered":"","protected":false},"template":"","meta":{"_acf_changed":false},"wcs-type":[111],"wcs-room":[225],"wcs-instructor":[293],"class_list":["post-24397","class","type-class","status-publish","hentry","wcs-type-exposiciones","wcs-room-pati-llimona","wcs-instructor-foto-carme-garcia"],"acf":[],"yoast_head":"<!-- This site is optimized with the Yoast SEO plugin v27.5 - https:\/\/yoast.com\/product\/yoast-seo-wordpress\/ -->\n<title>Exposici\u00f3n ENFOCADES! \u201cEl que anem trobant\u2026\u201d - Agrupaci\u00f3 Fotogr\u00e0fica de Catalunya<\/title>\n<meta name=\"robots\" content=\"index, follow, max-snippet:-1, max-image-preview:large, max-video-preview:-1\" \/>\n<link rel=\"canonical\" href=\"https:\/\/afc.cat\/es\/activitat\/exposicion-enfocades-el-que-anem-trobant\/\" \/>\n<meta property=\"og:locale\" content=\"es_ES\" \/>\n<meta property=\"og:type\" content=\"article\" \/>\n<meta property=\"og:title\" content=\"Exposici\u00f3n ENFOCADES! \u201cEl que anem trobant\u2026\u201d - Agrupaci\u00f3 Fotogr\u00e0fica de Catalunya\" \/>\n<meta property=\"og:url\" content=\"https:\/\/afc.cat\/es\/activitat\/exposicion-enfocades-el-que-anem-trobant\/\" \/>\n<meta property=\"og:site_name\" content=\"Agrupaci\u00f3 Fotogr\u00e0fica de Catalunya\" \/>\n<meta name=\"twitter:card\" content=\"summary_large_image\" \/>\n<meta name=\"twitter:label1\" content=\"Tiempo de lectura\" \/>\n\t<meta name=\"twitter:data1\" content=\"4 minutos\" \/>\n<script type=\"application\/ld+json\" class=\"yoast-schema-graph\">{\"@context\":\"https:\\\/\\\/schema.org\",\"@graph\":[{\"@type\":\"WebPage\",\"@id\":\"https:\\\/\\\/afc.cat\\\/es\\\/activitat\\\/exposicion-enfocades-el-que-anem-trobant\\\/\",\"url\":\"https:\\\/\\\/afc.cat\\\/es\\\/activitat\\\/exposicion-enfocades-el-que-anem-trobant\\\/\",\"name\":\"Exposici\u00f3n ENFOCADES! \u201cEl que anem trobant\u2026\u201d - Agrupaci\u00f3 Fotogr\u00e0fica de Catalunya\",\"isPartOf\":{\"@id\":\"https:\\\/\\\/afc.cat\\\/es\\\/#website\"},\"datePublished\":\"2021-12-04T10:37:49+00:00\",\"breadcrumb\":{\"@id\":\"https:\\\/\\\/afc.cat\\\/es\\\/activitat\\\/exposicion-enfocades-el-que-anem-trobant\\\/#breadcrumb\"},\"inLanguage\":\"es\",\"potentialAction\":[{\"@type\":\"ReadAction\",\"target\":[\"https:\\\/\\\/afc.cat\\\/es\\\/activitat\\\/exposicion-enfocades-el-que-anem-trobant\\\/\"]}]},{\"@type\":\"BreadcrumbList\",\"@id\":\"https:\\\/\\\/afc.cat\\\/es\\\/activitat\\\/exposicion-enfocades-el-que-anem-trobant\\\/#breadcrumb\",\"itemListElement\":[{\"@type\":\"ListItem\",\"position\":1,\"name\":\"Inicio\",\"item\":\"https:\\\/\\\/afc.cat\\\/es\\\/\"},{\"@type\":\"ListItem\",\"position\":2,\"name\":\"Exposici\u00f3n ENFOCADES! \u201cEl que anem trobant\u2026\u201d\"}]},{\"@type\":\"WebSite\",\"@id\":\"https:\\\/\\\/afc.cat\\\/es\\\/#website\",\"url\":\"https:\\\/\\\/afc.cat\\\/es\\\/\",\"name\":\"Agrupaci\u00f3 Fotogr\u00e0fica de Catalunya\",\"description\":\"Fomento y divulgaci\u00f3n de la fotograf\u00eda en todas sus variedades\",\"potentialAction\":[{\"@type\":\"SearchAction\",\"target\":{\"@type\":\"EntryPoint\",\"urlTemplate\":\"https:\\\/\\\/afc.cat\\\/es\\\/?s={search_term_string}\"},\"query-input\":{\"@type\":\"PropertyValueSpecification\",\"valueRequired\":true,\"valueName\":\"search_term_string\"}}],\"inLanguage\":\"es\"}]}<\/script>\n<!-- \/ Yoast SEO plugin. -->","yoast_head_json":{"title":"Exposici\u00f3n ENFOCADES! \u201cEl que anem trobant\u2026\u201d - Agrupaci\u00f3 Fotogr\u00e0fica de Catalunya","robots":{"index":"index","follow":"follow","max-snippet":"max-snippet:-1","max-image-preview":"max-image-preview:large","max-video-preview":"max-video-preview:-1"},"canonical":"https:\/\/afc.cat\/es\/activitat\/exposicion-enfocades-el-que-anem-trobant\/","og_locale":"es_ES","og_type":"article","og_title":"Exposici\u00f3n ENFOCADES! \u201cEl que anem trobant\u2026\u201d - Agrupaci\u00f3 Fotogr\u00e0fica de Catalunya","og_url":"https:\/\/afc.cat\/es\/activitat\/exposicion-enfocades-el-que-anem-trobant\/","og_site_name":"Agrupaci\u00f3 Fotogr\u00e0fica de Catalunya","twitter_card":"summary_large_image","twitter_misc":{"Tiempo de lectura":"4 minutos"},"schema":{"@context":"https:\/\/schema.org","@graph":[{"@type":"WebPage","@id":"https:\/\/afc.cat\/es\/activitat\/exposicion-enfocades-el-que-anem-trobant\/","url":"https:\/\/afc.cat\/es\/activitat\/exposicion-enfocades-el-que-anem-trobant\/","name":"Exposici\u00f3n ENFOCADES! \u201cEl que anem trobant\u2026\u201d - Agrupaci\u00f3 Fotogr\u00e0fica de Catalunya","isPartOf":{"@id":"https:\/\/afc.cat\/es\/#website"},"datePublished":"2021-12-04T10:37:49+00:00","breadcrumb":{"@id":"https:\/\/afc.cat\/es\/activitat\/exposicion-enfocades-el-que-anem-trobant\/#breadcrumb"},"inLanguage":"es","potentialAction":[{"@type":"ReadAction","target":["https:\/\/afc.cat\/es\/activitat\/exposicion-enfocades-el-que-anem-trobant\/"]}]},{"@type":"BreadcrumbList","@id":"https:\/\/afc.cat\/es\/activitat\/exposicion-enfocades-el-que-anem-trobant\/#breadcrumb","itemListElement":[{"@type":"ListItem","position":1,"name":"Inicio","item":"https:\/\/afc.cat\/es\/"},{"@type":"ListItem","position":2,"name":"Exposici\u00f3n ENFOCADES! \u201cEl que anem trobant\u2026\u201d"}]},{"@type":"WebSite","@id":"https:\/\/afc.cat\/es\/#website","url":"https:\/\/afc.cat\/es\/","name":"Agrupaci\u00f3 Fotogr\u00e0fica de Catalunya","description":"Fomento y divulgaci\u00f3n de la fotograf\u00eda en todas sus variedades","potentialAction":[{"@type":"SearchAction","target":{"@type":"EntryPoint","urlTemplate":"https:\/\/afc.cat\/es\/?s={search_term_string}"},"query-input":{"@type":"PropertyValueSpecification","valueRequired":true,"valueName":"search_term_string"}}],"inLanguage":"es"}]}},"_links":{"self":[{"href":"https:\/\/afc.cat\/es\/wp-json\/wp\/v2\/class\/24397","targetHints":{"allow":["GET"]}}],"collection":[{"href":"https:\/\/afc.cat\/es\/wp-json\/wp\/v2\/class"}],"about":[{"href":"https:\/\/afc.cat\/es\/wp-json\/wp\/v2\/types\/class"}],"wp:attachment":[{"href":"https:\/\/afc.cat\/es\/wp-json\/wp\/v2\/media?parent=24397"}],"wp:term":[{"taxonomy":"wcs-type","embeddable":true,"href":"https:\/\/afc.cat\/es\/wp-json\/wp\/v2\/wcs-type?post=24397"},{"taxonomy":"wcs-room","embeddable":true,"href":"https:\/\/afc.cat\/es\/wp-json\/wp\/v2\/wcs-room?post=24397"},{"taxonomy":"wcs-instructor","embeddable":true,"href":"https:\/\/afc.cat\/es\/wp-json\/wp\/v2\/wcs-instructor?post=24397"}],"curies":[{"name":"wp","href":"https:\/\/api.w.org\/{rel}","templated":true}]}}