{"id":24415,"date":"2021-12-07T18:19:33","date_gmt":"2021-12-07T16:19:33","guid":{"rendered":"https:\/\/afc.cat\/?post_type=class&#038;p=24415"},"modified":"2021-12-07T20:16:18","modified_gmt":"2021-12-07T18:16:18","slug":"visita-exposicion-conferencia-fotografica-paolo-gasparini-a-fundacio-mapfre","status":"publish","type":"class","link":"https:\/\/afc.cat\/es\/activitat\/visita-exposicion-conferencia-fotografica-paolo-gasparini-a-fundacio-mapfre\/","title":{"rendered":"Visita exposici\u00f3n-conferencia fotogr\u00e1fica Paolo Gasparini a Fundaci\u00f3n Mapfre"},"content":{"rendered":"<p><div class=\"fusion-fullwidth fullwidth-box fusion-builder-row-1 fusion-flex-container nonhundred-percent-fullwidth non-hundred-percent-height-scrolling\" style=\"background-color: rgba(255,255,255,0);background-position: center center;background-repeat: no-repeat;border-width: 0px 15px 0px 0px;border-color:#ffffff;border-style:solid;\" ><div class=\"fusion-builder-row fusion-row fusion-flex-align-items-flex-start\" style=\"max-width:1300px;margin-left: calc(-4% \/ 2 );margin-right: calc(-4% \/ 2 );\"><div class=\"fusion-layout-column fusion_builder_column fusion-builder-column-0 fusion_builder_column_1_1 1_1 fusion-flex-column\"><div class=\"fusion-column-wrapper fusion-flex-justify-content-flex-start fusion-content-layout-column\" style=\"background-position:left top;background-repeat:no-repeat;-webkit-background-size:cover;-moz-background-size:cover;-o-background-size:cover;background-size:cover;padding: 0px 0px 0px 0px;\"><div class=\"fusion-text fusion-text-1\"><h2 class=\"fusion-responsive-typography-calculated\" data-fontsize=\"40\" data-lineheight=\"48px\">Exposici\u00f3n de Paolo Gasparini<\/h2>\n<p><strong>El 21\/12 Sesi\u00f3n doble a las 17:30!!!<\/strong><\/p>\n<p>Pues s\u00ed, el pr\u00f3ximo martes 21 de diciembre a las 17:30 podr\u00e1s disfrutar de la conferencia de <strong>Susan Meiselas<\/strong> y de la visita a la exposici\u00f3n de <strong>Paolo Gasparini<\/strong> en la <strong>fundaci\u00f3n Mapfre<\/strong>. Un inmejorable programa doble que no te puedes perder.<\/p>\n<p>Te lo explico.<\/p>\n<p><strong>Visita a la exposici\u00f3n de Paolo Gasparini<\/strong><\/p>\n<p>Nace en Italia el 1934 y vive entre Caracas, M\u00e9xico y Trieste. Empez\u00f3 su actividad a los 17 a\u00f1os retratando la dura posguerra italiana.<\/p>\n<p>Al 1954 se traslada a Venezuela donde se dedica a la fotograf\u00eda de arquitectura colaborando en varias revistas. En esta misma \u00e9poca viaja por todo el pa\u00eds retratando la forma de vida del mi rural.<\/p>\n<p>Entre 1961 y 1965 viaja a Cuba donde puede fotografiar la campa\u00f1a de alfabetizaci\u00f3n y la vida cotidiana de los primeros a\u00f1os de la revoluci\u00f3n. Colabora con la revista del r\u00e9gimen cubano \u201c<strong>Lunes de Revoluci\u00f3n<\/strong>\u201d donde se a\u00f1ade a la euforia narrativa pro-castrista de aquellos a\u00f1os.<\/p>\n<p>Entre el 1970 y 1972 es contratado por la UNESCO para desarrollar el proyecto \u201c<strong>Panor\u00e1mica de la arquitectura latinoamericana<\/strong>\u201d. Documenta tanto la forma de vida cotidiana de los habitantes de ciudades como edificios emblem\u00e1ticos.<\/p>\n<p>A partir de este momento Gasparini atraviesa Europa y Am\u00e9rica transcribiendo sus viajes en im\u00e1genes representando las contradicciones sociales y las tensiones pol\u00edticas de los habitantes de las grandes metr\u00f3polis.<\/p>\n<p>Ha dado voz a quien no tiene como por ejemplo los inmigrantes, los ni\u00f1os, los pobres, los viejos, a los vendedores ambulantes, etc., etc.<\/p>\n<p>Sin duda la visita a la exposici\u00f3n de Paolo Gasparini es del todo imprescindible por cualquier amante de este tipo de fotograf\u00eda.<\/p>\n<p><strong>Conferencia de Susana Meiselas<\/strong><\/p>\n<p>Toda revoluci\u00f3n quiere cambiar el orden establecido y a menudo aportar unos valores diferentes a los vigentes. Las im\u00e1genes que se derivan intentan aportar un poco de orden al caos a los instantes violentos que se producen.<\/p>\n<p>La conferencia de Susana Meiselas se centrar\u00e1 en la <strong>Revoluci\u00f3n de Nicaragua<\/strong> y las im\u00e1genes que produjo.<\/p>\n<p>Te apuntas?<\/p>\n<p>Desgraciadamente el aforo se limitado por lo cual solo podremos ir los primero <strong>catorce<\/strong> que nos apuntemos en esta direcci\u00f3n: <strong>sortides@afc.cat<\/strong>.<\/p>\n<p>El precio depender\u00e1 del n\u00famero de participantes puesto que tenemos que pagar al gu\u00eda. Te paso los datos para ir:<\/p>\n<p><strong>KBr Fundaci\u00f3n Mapfre<\/strong><br \/>\nAvda. Litoral 30<br \/>\n08005 Barcelona.<\/p>\n<p>Metro L4 Ciutadella<\/p>\n<p>Fecha 12\/10\/2021<br \/>\nHora: \u00a0 17:30 (duraci\u00f3n de la visita 60\u2019). Nos encontramos a la puerta.<br \/>\n19:00\u00a0\u00a0 Conferencia Susana Meiselas.<\/p>\n<\/div><div style=\"text-align:center;\"><span class=\" fusion-imageframe imageframe-none imageframe-1 hover-type-zoomin\"><img decoding=\"async\" width=\"420\" height=\"279\" title=\"Paolo Gasparini\" src=\"https:\/\/afc.cat\/wp-content\/uploads\/2021\/12\/Paolo-Gasparini.jpg\" alt class=\"img-responsive wp-image-24414\" srcset=\"https:\/\/afc.cat\/wp-content\/uploads\/2021\/12\/Paolo-Gasparini-200x133.jpg 200w, https:\/\/afc.cat\/wp-content\/uploads\/2021\/12\/Paolo-Gasparini-400x266.jpg 400w, https:\/\/afc.cat\/wp-content\/uploads\/2021\/12\/Paolo-Gasparini.jpg 420w\" sizes=\"(max-width: 640px) 100vw, 420px\" \/><\/span><\/div><div class=\"fusion-text fusion-text-2\" style=\"font-size:13px;\"><p style=\"text-align: center;\">Paolo Gasparini<br \/>\n<em>Campanya electoral, avinguda Urdaneta, Caracas, 1968<\/em><br \/>\nCol\u00b7lecci\u00f3 Fundaci\u00f3n MAPFRE, Madrid<br \/>\n\u00a9 Paolo Gasparini<\/p>\n<\/div><\/div><style type=\"text\/css\">.fusion-body .fusion-builder-column-0{width:100% !important;margin-top : 0px;margin-bottom : 0px;}.fusion-builder-column-0 > .fusion-column-wrapper {padding-top : 0px !important;padding-right : 0px !important;margin-right : 1.92%;padding-bottom : 0px !important;padding-left : 0px !important;margin-left : 1.92%;}@media only screen and (max-width:1024px) {.fusion-body .fusion-builder-column-0{width:100% !important;}.fusion-builder-column-0 > .fusion-column-wrapper {margin-right : 1.92%;margin-left : 1.92%;}}@media only screen and (max-width:640px) {.fusion-body .fusion-builder-column-0{width:100% !important;}.fusion-builder-column-0 > .fusion-column-wrapper {margin-right : 1.92%;margin-left : 1.92%;}}<\/style><\/div><\/div><style type=\"text\/css\">.fusion-body .fusion-flex-container.fusion-builder-row-1{ padding-top : 0px;margin-top : 0px;padding-right : 0px;padding-bottom : 0px;margin-bottom : 0px;padding-left : 0px;}<\/style><\/div><div class=\"fusion-fullwidth fullwidth-box fusion-builder-row-2 fusion-flex-container nonhundred-percent-fullwidth non-hundred-percent-height-scrolling\" style=\"background-color: rgba(255,255,255,0);background-position: center center;background-repeat: no-repeat;border-width: 0px 0px 0px 0px;border-color:#ffffff;border-style:solid;\" ><div class=\"fusion-builder-row fusion-row fusion-flex-align-items-flex-start\" style=\"max-width:1300px;margin-left: calc(-4% \/ 2 );margin-right: calc(-4% \/ 2 );\"><div class=\"fusion-layout-column fusion_builder_column fusion-builder-column-1 fusion_builder_column_1_2 1_2 fusion-flex-column\"><div class=\"fusion-column-wrapper fusion-flex-justify-content-flex-start fusion-content-layout-column\" style=\"background-position:left top;background-repeat:no-repeat;-webkit-background-size:cover;-moz-background-size:cover;-o-background-size:cover;background-size:cover;padding: 0px 0px 0px 0px;\"><\/div><style type=\"text\/css\">.fusion-body .fusion-builder-column-1{width:50% !important;margin-top : 0px;margin-bottom : 20px;}.fusion-builder-column-1 > .fusion-column-wrapper {padding-top : 0px !important;padding-right : 0px !important;margin-right : 3.84%;padding-bottom : 0px !important;padding-left : 0px !important;margin-left : 3.84%;}@media only screen and (max-width:1024px) {.fusion-body .fusion-builder-column-1{width:50% !important;order : 0;}.fusion-builder-column-1 > .fusion-column-wrapper {margin-right : 3.84%;margin-left : 3.84%;}}@media only screen and (max-width:640px) {.fusion-body .fusion-builder-column-1{width:100% !important;order : 0;}.fusion-builder-column-1 > .fusion-column-wrapper {margin-right : 1.92%;margin-left : 1.92%;}}<\/style><\/div><div class=\"fusion-layout-column fusion_builder_column fusion-builder-column-2 fusion_builder_column_1_2 1_2 fusion-flex-column\"><div class=\"fusion-column-wrapper fusion-flex-justify-content-flex-start fusion-content-layout-column\" style=\"background-position:left top;background-repeat:no-repeat;-webkit-background-size:cover;-moz-background-size:cover;-o-background-size:cover;background-size:cover;padding: 0px 0px 0px 0px;\"><\/div><style type=\"text\/css\">.fusion-body .fusion-builder-column-2{width:50% !important;margin-top : 0px;margin-bottom : 20px;}.fusion-builder-column-2 > .fusion-column-wrapper {padding-top : 0px !important;padding-right : 0px !important;margin-right : 3.84%;padding-bottom : 0px !important;padding-left : 0px !important;margin-left : 3.84%;}@media only screen and (max-width:1024px) {.fusion-body .fusion-builder-column-2{width:50% !important;order : 0;}.fusion-builder-column-2 > .fusion-column-wrapper {margin-right : 3.84%;margin-left : 3.84%;}}@media only screen and (max-width:640px) {.fusion-body .fusion-builder-column-2{width:100% !important;order : 0;}.fusion-builder-column-2 > .fusion-column-wrapper {margin-right : 1.92%;margin-left : 1.92%;}}<\/style><\/div><\/div><style type=\"text\/css\">.fusion-body .fusion-flex-container.fusion-builder-row-2{ padding-top : 0px;margin-top : 0px;padding-right : 0px;padding-bottom : 0px;margin-bottom : 0px;padding-left : 0px;}<\/style><\/div><\/p>\n","protected":false},"excerpt":{"rendered":"","protected":false},"template":"","meta":{"_acf_changed":false},"wcs-type":[129],"wcs-room":[224],"wcs-instructor":[294],"class_list":["post-24415","class","type-class","status-publish","hentry","wcs-type-salidas-a-exposiciones","wcs-room-kbr-fundacio-mapfre","wcs-instructor-foto-paolo-gasparini"],"acf":[],"yoast_head":"<!-- This site is optimized with the Yoast SEO plugin v27.5 - https:\/\/yoast.com\/product\/yoast-seo-wordpress\/ -->\n<title>Visita exposici\u00f3n-conferencia fotogr\u00e1fica Paolo Gasparini a Fundaci\u00f3n Mapfre - Agrupaci\u00f3 Fotogr\u00e0fica de Catalunya<\/title>\n<meta name=\"robots\" content=\"index, follow, max-snippet:-1, max-image-preview:large, max-video-preview:-1\" \/>\n<link rel=\"canonical\" href=\"https:\/\/afc.cat\/es\/activitat\/visita-exposicion-conferencia-fotografica-paolo-gasparini-a-fundacio-mapfre\/\" \/>\n<meta property=\"og:locale\" content=\"es_ES\" \/>\n<meta property=\"og:type\" content=\"article\" \/>\n<meta property=\"og:title\" content=\"Visita exposici\u00f3n-conferencia fotogr\u00e1fica Paolo Gasparini a Fundaci\u00f3n Mapfre - Agrupaci\u00f3 Fotogr\u00e0fica de Catalunya\" \/>\n<meta property=\"og:url\" content=\"https:\/\/afc.cat\/es\/activitat\/visita-exposicion-conferencia-fotografica-paolo-gasparini-a-fundacio-mapfre\/\" \/>\n<meta property=\"og:site_name\" content=\"Agrupaci\u00f3 Fotogr\u00e0fica de Catalunya\" \/>\n<meta property=\"article:modified_time\" content=\"2021-12-07T18:16:18+00:00\" \/>\n<meta name=\"twitter:card\" content=\"summary_large_image\" \/>\n<meta name=\"twitter:label1\" content=\"Tiempo de lectura\" \/>\n\t<meta name=\"twitter:data1\" content=\"5 minutos\" \/>\n<script type=\"application\/ld+json\" class=\"yoast-schema-graph\">{\"@context\":\"https:\\\/\\\/schema.org\",\"@graph\":[{\"@type\":\"WebPage\",\"@id\":\"https:\\\/\\\/afc.cat\\\/es\\\/activitat\\\/visita-exposicion-conferencia-fotografica-paolo-gasparini-a-fundacio-mapfre\\\/\",\"url\":\"https:\\\/\\\/afc.cat\\\/es\\\/activitat\\\/visita-exposicion-conferencia-fotografica-paolo-gasparini-a-fundacio-mapfre\\\/\",\"name\":\"Visita exposici\u00f3n-conferencia fotogr\u00e1fica Paolo Gasparini a Fundaci\u00f3n Mapfre - Agrupaci\u00f3 Fotogr\u00e0fica de Catalunya\",\"isPartOf\":{\"@id\":\"https:\\\/\\\/afc.cat\\\/es\\\/#website\"},\"datePublished\":\"2021-12-07T16:19:33+00:00\",\"dateModified\":\"2021-12-07T18:16:18+00:00\",\"breadcrumb\":{\"@id\":\"https:\\\/\\\/afc.cat\\\/es\\\/activitat\\\/visita-exposicion-conferencia-fotografica-paolo-gasparini-a-fundacio-mapfre\\\/#breadcrumb\"},\"inLanguage\":\"es\",\"potentialAction\":[{\"@type\":\"ReadAction\",\"target\":[\"https:\\\/\\\/afc.cat\\\/es\\\/activitat\\\/visita-exposicion-conferencia-fotografica-paolo-gasparini-a-fundacio-mapfre\\\/\"]}]},{\"@type\":\"BreadcrumbList\",\"@id\":\"https:\\\/\\\/afc.cat\\\/es\\\/activitat\\\/visita-exposicion-conferencia-fotografica-paolo-gasparini-a-fundacio-mapfre\\\/#breadcrumb\",\"itemListElement\":[{\"@type\":\"ListItem\",\"position\":1,\"name\":\"Inicio\",\"item\":\"https:\\\/\\\/afc.cat\\\/es\\\/\"},{\"@type\":\"ListItem\",\"position\":2,\"name\":\"Visita exposici\u00f3n-conferencia fotogr\u00e1fica Paolo Gasparini a Fundaci\u00f3n Mapfre\"}]},{\"@type\":\"WebSite\",\"@id\":\"https:\\\/\\\/afc.cat\\\/es\\\/#website\",\"url\":\"https:\\\/\\\/afc.cat\\\/es\\\/\",\"name\":\"Agrupaci\u00f3 Fotogr\u00e0fica de Catalunya\",\"description\":\"Fomento y divulgaci\u00f3n de la fotograf\u00eda en todas sus variedades\",\"potentialAction\":[{\"@type\":\"SearchAction\",\"target\":{\"@type\":\"EntryPoint\",\"urlTemplate\":\"https:\\\/\\\/afc.cat\\\/es\\\/?s={search_term_string}\"},\"query-input\":{\"@type\":\"PropertyValueSpecification\",\"valueRequired\":true,\"valueName\":\"search_term_string\"}}],\"inLanguage\":\"es\"}]}<\/script>\n<!-- \/ Yoast SEO plugin. -->","yoast_head_json":{"title":"Visita exposici\u00f3n-conferencia fotogr\u00e1fica Paolo Gasparini a Fundaci\u00f3n Mapfre - Agrupaci\u00f3 Fotogr\u00e0fica de Catalunya","robots":{"index":"index","follow":"follow","max-snippet":"max-snippet:-1","max-image-preview":"max-image-preview:large","max-video-preview":"max-video-preview:-1"},"canonical":"https:\/\/afc.cat\/es\/activitat\/visita-exposicion-conferencia-fotografica-paolo-gasparini-a-fundacio-mapfre\/","og_locale":"es_ES","og_type":"article","og_title":"Visita exposici\u00f3n-conferencia fotogr\u00e1fica Paolo Gasparini a Fundaci\u00f3n Mapfre - Agrupaci\u00f3 Fotogr\u00e0fica de Catalunya","og_url":"https:\/\/afc.cat\/es\/activitat\/visita-exposicion-conferencia-fotografica-paolo-gasparini-a-fundacio-mapfre\/","og_site_name":"Agrupaci\u00f3 Fotogr\u00e0fica de Catalunya","article_modified_time":"2021-12-07T18:16:18+00:00","twitter_card":"summary_large_image","twitter_misc":{"Tiempo de lectura":"5 minutos"},"schema":{"@context":"https:\/\/schema.org","@graph":[{"@type":"WebPage","@id":"https:\/\/afc.cat\/es\/activitat\/visita-exposicion-conferencia-fotografica-paolo-gasparini-a-fundacio-mapfre\/","url":"https:\/\/afc.cat\/es\/activitat\/visita-exposicion-conferencia-fotografica-paolo-gasparini-a-fundacio-mapfre\/","name":"Visita exposici\u00f3n-conferencia fotogr\u00e1fica Paolo Gasparini a Fundaci\u00f3n Mapfre - Agrupaci\u00f3 Fotogr\u00e0fica de Catalunya","isPartOf":{"@id":"https:\/\/afc.cat\/es\/#website"},"datePublished":"2021-12-07T16:19:33+00:00","dateModified":"2021-12-07T18:16:18+00:00","breadcrumb":{"@id":"https:\/\/afc.cat\/es\/activitat\/visita-exposicion-conferencia-fotografica-paolo-gasparini-a-fundacio-mapfre\/#breadcrumb"},"inLanguage":"es","potentialAction":[{"@type":"ReadAction","target":["https:\/\/afc.cat\/es\/activitat\/visita-exposicion-conferencia-fotografica-paolo-gasparini-a-fundacio-mapfre\/"]}]},{"@type":"BreadcrumbList","@id":"https:\/\/afc.cat\/es\/activitat\/visita-exposicion-conferencia-fotografica-paolo-gasparini-a-fundacio-mapfre\/#breadcrumb","itemListElement":[{"@type":"ListItem","position":1,"name":"Inicio","item":"https:\/\/afc.cat\/es\/"},{"@type":"ListItem","position":2,"name":"Visita exposici\u00f3n-conferencia fotogr\u00e1fica Paolo Gasparini a Fundaci\u00f3n Mapfre"}]},{"@type":"WebSite","@id":"https:\/\/afc.cat\/es\/#website","url":"https:\/\/afc.cat\/es\/","name":"Agrupaci\u00f3 Fotogr\u00e0fica de Catalunya","description":"Fomento y divulgaci\u00f3n de la fotograf\u00eda en todas sus variedades","potentialAction":[{"@type":"SearchAction","target":{"@type":"EntryPoint","urlTemplate":"https:\/\/afc.cat\/es\/?s={search_term_string}"},"query-input":{"@type":"PropertyValueSpecification","valueRequired":true,"valueName":"search_term_string"}}],"inLanguage":"es"}]}},"_links":{"self":[{"href":"https:\/\/afc.cat\/es\/wp-json\/wp\/v2\/class\/24415","targetHints":{"allow":["GET"]}}],"collection":[{"href":"https:\/\/afc.cat\/es\/wp-json\/wp\/v2\/class"}],"about":[{"href":"https:\/\/afc.cat\/es\/wp-json\/wp\/v2\/types\/class"}],"wp:attachment":[{"href":"https:\/\/afc.cat\/es\/wp-json\/wp\/v2\/media?parent=24415"}],"wp:term":[{"taxonomy":"wcs-type","embeddable":true,"href":"https:\/\/afc.cat\/es\/wp-json\/wp\/v2\/wcs-type?post=24415"},{"taxonomy":"wcs-room","embeddable":true,"href":"https:\/\/afc.cat\/es\/wp-json\/wp\/v2\/wcs-room?post=24415"},{"taxonomy":"wcs-instructor","embeddable":true,"href":"https:\/\/afc.cat\/es\/wp-json\/wp\/v2\/wcs-instructor?post=24415"}],"curies":[{"name":"wp","href":"https:\/\/api.w.org\/{rel}","templated":true}]}}