{"id":25144,"date":"2022-01-05T00:54:01","date_gmt":"2022-01-04T22:54:01","guid":{"rendered":"https:\/\/afc.cat\/activitat\/visita-exposicio-fotografica-monstres-de-joan-fontcuberta\/"},"modified":"2022-01-05T13:27:26","modified_gmt":"2022-01-05T11:27:26","slug":"visita-exposicio-fotografica-monstres-de-joan-fontcuberta","status":"publish","type":"class","link":"https:\/\/afc.cat\/es\/activitat\/visita-exposicio-fotografica-monstres-de-joan-fontcuberta\/","title":{"rendered":"Visita a la exposici\u00f3n fotogr\u00e1fica \u201cMonstres\u201d de Joan Fontcuberta"},"content":{"rendered":"<p><div class=\"fusion-fullwidth fullwidth-box fusion-builder-row-1 fusion-flex-container nonhundred-percent-fullwidth non-hundred-percent-height-scrolling\" style=\"background-color: rgba(255,255,255,0);background-position: center center;background-repeat: no-repeat;border-width: 0px 15px 0px 0px;border-color:#ffffff;border-style:solid;\" ><div class=\"fusion-builder-row fusion-row fusion-flex-align-items-flex-start\" style=\"max-width:1300px;margin-left: calc(-4% \/ 2 );margin-right: calc(-4% \/ 2 );\"><div class=\"fusion-layout-column fusion_builder_column fusion-builder-column-0 fusion_builder_column_1_1 1_1 fusion-flex-column\"><div class=\"fusion-column-wrapper fusion-flex-justify-content-flex-start fusion-content-layout-column\" style=\"background-position:left top;background-repeat:no-repeat;-webkit-background-size:cover;-moz-background-size:cover;-o-background-size:cover;background-size:cover;padding: 0px 0px 0px 0px;\"><div class=\"fusion-text fusion-text-1 fusion-text-no-margin\" style=\"margin-bottom:40px;\"><h2>Porqu\u00e9 has de ir a la visita de la exposici\u00f3n fotogr\u00e1fica \u201cMONSTRES\u201d<\/h2>\n<p>La visita a la exposici\u00f3n fotogr\u00e1fica \u201c<strong>MONSTRES<\/strong>\u201d, es una oportunidad para disfrutar de la obra de de <strong>Joan Fontcuberta<\/strong>. Representa una gran oportunidad de ver obras de este fot\u00f3grafo, a la hora original, rompedor y que nunca deja indiferente. Im\u00e1genes naturales y postizas en un trabajo que rastrea los claroscuros entre las monstruosidades del lenguaje, de la tecnolog\u00eda, de la pol\u00edtica, intentando salvar siempre lo que todav\u00eda nos hace humanos y nos compromete con valores que rechacen la barbarie.<\/p>\n<p>Presenta media docena de proyectos recientes, po\u00e9ticos y disruptivos.<\/p>\n<h2>JOAN FONTCUBERTA (Barcelona, \u200b\u200b1955)<\/h2>\n<p>Ha desarrollado durante m\u00e1s de 40 a\u00f1os un corpus art\u00edstico centrado en el campo de la fotograf\u00eda, que ha compaginado con una actividad plural como docente, ensayista, comisario de exposiciones e historiador.<\/p>\n<p>Cabe destacar, que es el \u00fanico fot\u00f3grafo espa\u00f1ol que ha sido galardonado con el <strong>Premio Internacional Hasselblad<\/strong> en 2013.<\/p>\n<p>Ha realizado numerosas exposiciones individuales en todo el mundo y su obra ha sido adquirida por colecciones p\u00fablicas y privadas. Tambi\u00e9n ha recibido varios premios y condecoraciones.<\/p>\n<p>Esta exposici\u00f3n es una oportunidad para disfrutar de una forma diferente de tomar fotograf\u00eda.<\/p>\n<p>Para m\u00e1s informaci\u00f3n puede acceder a trav\u00e9s de este enlace de\u00a0<a href=\"https:\/\/www.fundaciovilacasas.com\/upfiles\/documentspremsa_img\/files\/A1534857.pdf\">Fundaci\u00f3 Vila Casas<\/a><\/p>\n<p><strong>LUGAR<\/strong><br \/>\nMUSEO CAN FRAMIS &#8211; FUNDACI\u00d3N VILA CASAS<br \/>\nRoc Boronat, 116-126. 08018-Barcelona.<\/p>\n<p><strong>FECHA<\/strong><br \/>\n13 de enero de 2022<br \/>\n<strong>HORA ENCUENTRO<\/strong><br \/>\n10:45 en la puerta del museo.<br \/>\n<strong>HORA<\/strong><br \/>\n11:00 h (duraci\u00f3n aproximada de la visita 60 minutos)<\/p>\n<p><strong>C\u00d3MO LLEGAR<\/strong><br \/>\nMetro L1 (Glorias) L4 (Laguna). BUS: H12, H14, B20, B25, 6, 7.<\/p>\n<p><strong>PRECIO ACTIVIDAD<\/strong><br \/>\nEntre 7 y 10\u20ac, dependiendo de las personas inscritas.<\/p>\n<p><strong>INSCRIPCIONES<\/strong><br \/>\nEnviar correo a <strong>visites@afc.cat<\/strong><\/p>\n<p>\u00a1Os esperamos!<\/p>\n<\/div><\/div><style type=\"text\/css\">.fusion-body .fusion-builder-column-0{width:100% !important;margin-top : 0px;margin-bottom : 0px;}.fusion-builder-column-0 > .fusion-column-wrapper {padding-top : 0px !important;padding-right : 0px !important;margin-right : 1.92%;padding-bottom : 0px !important;padding-left : 0px !important;margin-left : 1.92%;}@media only screen and (max-width:1024px) {.fusion-body .fusion-builder-column-0{width:100% !important;}.fusion-builder-column-0 > .fusion-column-wrapper {margin-right : 1.92%;margin-left : 1.92%;}}@media only screen and (max-width:640px) {.fusion-body .fusion-builder-column-0{width:100% !important;}.fusion-builder-column-0 > .fusion-column-wrapper {margin-right : 1.92%;margin-left : 1.92%;}}<\/style><\/div><\/div><style type=\"text\/css\">.fusion-body .fusion-flex-container.fusion-builder-row-1{ padding-top : 0px;margin-top : 0px;padding-right : 0px;padding-bottom : 0px;margin-bottom : 0px;padding-left : 0px;}<\/style><\/div><div class=\"fusion-fullwidth fullwidth-box fusion-builder-row-2 fusion-flex-container nonhundred-percent-fullwidth non-hundred-percent-height-scrolling\" style=\"background-color: rgba(255,255,255,0);background-position: center center;background-repeat: no-repeat;border-width: 0px 0px 0px 0px;border-color:#ffffff;border-style:solid;\" ><div class=\"fusion-builder-row fusion-row fusion-flex-align-items-flex-start\" style=\"max-width:1300px;margin-left: calc(-4% \/ 2 );margin-right: calc(-4% \/ 2 );\"><div class=\"fusion-layout-column fusion_builder_column fusion-builder-column-1 fusion_builder_column_1_3 1_3 fusion-flex-column\"><div class=\"fusion-column-wrapper fusion-flex-justify-content-flex-start fusion-content-layout-column\" style=\"background-position:left top;background-repeat:no-repeat;-webkit-background-size:cover;-moz-background-size:cover;-o-background-size:cover;background-size:cover;padding: 0px 0px 0px 0px;\"><div style=\"text-align:center;\"><span class=\" fusion-imageframe imageframe-none imageframe-1 hover-type-zoomin\"><img decoding=\"async\" width=\"300\" height=\"200\" title=\"Fontcuberta Trauma (2)\" src=\"https:\/\/afc.cat\/wp-content\/uploads\/2022\/01\/Fontcuberta-Trauma-2-300x200.jpg\" alt class=\"img-responsive wp-image-25135\" srcset=\"https:\/\/afc.cat\/wp-content\/uploads\/2022\/01\/Fontcuberta-Trauma-2-200x133.jpg 200w, https:\/\/afc.cat\/wp-content\/uploads\/2022\/01\/Fontcuberta-Trauma-2-400x267.jpg 400w, https:\/\/afc.cat\/wp-content\/uploads\/2022\/01\/Fontcuberta-Trauma-2-600x400.jpg 600w, https:\/\/afc.cat\/wp-content\/uploads\/2022\/01\/Fontcuberta-Trauma-2-800x534.jpg 800w, https:\/\/afc.cat\/wp-content\/uploads\/2022\/01\/Fontcuberta-Trauma-2.jpg 1024w\" sizes=\"(max-width: 640px) 100vw, 400px\" \/><\/span><\/div><div class=\"fusion-text fusion-text-2\" style=\"font-size:13px;\"><p style=\"text-align: center;\">Foto: Joan Fontcuberta<\/p>\n<\/div><\/div><style type=\"text\/css\">.fusion-body .fusion-builder-column-1{width:33.333333333333% !important;margin-top : 0px;margin-bottom : 20px;}.fusion-builder-column-1 > .fusion-column-wrapper {padding-top : 0px !important;padding-right : 0px !important;margin-right : 5.76%;padding-bottom : 0px !important;padding-left : 0px !important;margin-left : 5.76%;}@media only screen and (max-width:1024px) {.fusion-body .fusion-builder-column-1{width:33.333333333333% !important;order : 0;}.fusion-builder-column-1 > .fusion-column-wrapper {margin-right : 5.76%;margin-left : 5.76%;}}@media only screen and (max-width:640px) {.fusion-body .fusion-builder-column-1{width:100% !important;order : 0;}.fusion-builder-column-1 > .fusion-column-wrapper {margin-right : 1.92%;margin-left : 1.92%;}}<\/style><\/div><div class=\"fusion-layout-column fusion_builder_column fusion-builder-column-2 fusion_builder_column_1_3 1_3 fusion-flex-column\"><div class=\"fusion-column-wrapper fusion-flex-justify-content-flex-start fusion-content-layout-column\" style=\"background-position:left top;background-repeat:no-repeat;-webkit-background-size:cover;-moz-background-size:cover;-o-background-size:cover;background-size:cover;padding: 0px 0px 0px 0px;\"><div style=\"text-align:center;\"><span class=\" fusion-imageframe imageframe-none imageframe-2 hover-type-zoomin\"><img decoding=\"async\" width=\"200\" height=\"300\" title=\"Fontcuberta Trauma(4)\" src=\"https:\/\/afc.cat\/wp-content\/uploads\/2022\/01\/Fontcuberta-Trauma4-200x300.jpg\" alt class=\"img-responsive wp-image-25139\" srcset=\"https:\/\/afc.cat\/wp-content\/uploads\/2022\/01\/Fontcuberta-Trauma4-200x300.jpg 200w, https:\/\/afc.cat\/wp-content\/uploads\/2022\/01\/Fontcuberta-Trauma4-400x599.jpg 400w, https:\/\/afc.cat\/wp-content\/uploads\/2022\/01\/Fontcuberta-Trauma4.jpg 534w\" sizes=\"(max-width: 640px) 100vw, 400px\" \/><\/span><\/div><div class=\"fusion-text fusion-text-3\" style=\"font-size:13px;\"><p style=\"text-align: center;\">Foto: Joan Fontcuberta<\/p>\n<\/div><\/div><style type=\"text\/css\">.fusion-body .fusion-builder-column-2{width:33.333333333333% !important;margin-top : 0px;margin-bottom : 20px;}.fusion-builder-column-2 > .fusion-column-wrapper {padding-top : 0px !important;padding-right : 0px !important;margin-right : 5.76%;padding-bottom : 0px !important;padding-left : 0px !important;margin-left : 5.76%;}@media only screen and (max-width:1024px) {.fusion-body .fusion-builder-column-2{width:33.333333333333% !important;order : 0;}.fusion-builder-column-2 > .fusion-column-wrapper {margin-right : 5.76%;margin-left : 5.76%;}}@media only screen and (max-width:640px) {.fusion-body .fusion-builder-column-2{width:100% !important;order : 0;}.fusion-builder-column-2 > .fusion-column-wrapper {margin-right : 1.92%;margin-left : 1.92%;}}<\/style><\/div><div class=\"fusion-layout-column fusion_builder_column fusion-builder-column-3 fusion_builder_column_1_3 1_3 fusion-flex-column\"><div class=\"fusion-column-wrapper fusion-flex-justify-content-flex-start fusion-content-layout-column\" style=\"background-position:left top;background-repeat:no-repeat;-webkit-background-size:cover;-moz-background-size:cover;-o-background-size:cover;background-size:cover;padding: 0px 0px 0px 0px;\"><div style=\"text-align:center;\"><style>.fusion-imageframe.imageframe-3{ margin-right : 10%;}<\/style><span class=\" fusion-imageframe imageframe-none imageframe-3 hover-type-zoomin\"><img decoding=\"async\" width=\"300\" height=\"200\" title=\"Fontcuberta Trauma (1)\" src=\"https:\/\/afc.cat\/wp-content\/uploads\/2022\/01\/Fontcuberta-Trauma-1--300x200.jpg\" alt class=\"img-responsive wp-image-25137\" srcset=\"https:\/\/afc.cat\/wp-content\/uploads\/2022\/01\/Fontcuberta-Trauma-1--200x133.jpg 200w, https:\/\/afc.cat\/wp-content\/uploads\/2022\/01\/Fontcuberta-Trauma-1--400x267.jpg 400w, https:\/\/afc.cat\/wp-content\/uploads\/2022\/01\/Fontcuberta-Trauma-1--600x400.jpg 600w, https:\/\/afc.cat\/wp-content\/uploads\/2022\/01\/Fontcuberta-Trauma-1--800x534.jpg 800w, https:\/\/afc.cat\/wp-content\/uploads\/2022\/01\/Fontcuberta-Trauma-1-.jpg 1024w\" sizes=\"(max-width: 640px) 100vw, 400px\" \/><\/span><\/div><div class=\"fusion-text fusion-text-4\" style=\"font-size:13px;\"><p style=\"text-align: center;\">Foto: Joan Fontcuberta<\/p>\n<\/div><\/div><style type=\"text\/css\">.fusion-body .fusion-builder-column-3{width:33.333333333333% !important;margin-top : 0px;margin-bottom : 20px;}.fusion-builder-column-3 > .fusion-column-wrapper {padding-top : 0px !important;padding-right : 0px !important;margin-right : 5.76%;padding-bottom : 0px !important;padding-left : 0px !important;margin-left : 5.76%;}@media only screen and (max-width:1024px) {.fusion-body .fusion-builder-column-3{width:33.333333333333% !important;order : 0;}.fusion-builder-column-3 > .fusion-column-wrapper {margin-right : 5.76%;margin-left : 5.76%;}}@media only screen and (max-width:640px) {.fusion-body .fusion-builder-column-3{width:100% !important;order : 0;}.fusion-builder-column-3 > .fusion-column-wrapper {margin-right : 1.92%;margin-left : 1.92%;}}<\/style><\/div><\/div><style type=\"text\/css\">.fusion-body .fusion-flex-container.fusion-builder-row-2{ padding-top : 0px;margin-top : 0px;padding-right : 0px;padding-bottom : 0px;margin-bottom : 0px;padding-left : 0px;}<\/style><\/div><div class=\"fusion-fullwidth fullwidth-box fusion-builder-row-3 fusion-flex-container nonhundred-percent-fullwidth non-hundred-percent-height-scrolling\" style=\"background-color: rgba(255,255,255,0);background-position: center center;background-repeat: no-repeat;border-width: 0px 0px 0px 0px;border-color:#ffffff;border-style:solid;\" ><div class=\"fusion-builder-row fusion-row fusion-flex-align-items-flex-start\" style=\"max-width:1300px;margin-left: calc(-4% \/ 2 );margin-right: calc(-4% \/ 2 );\"><div class=\"fusion-layout-column fusion_builder_column fusion-builder-column-4 fusion_builder_column_1_1 1_1 fusion-flex-column\"><div class=\"fusion-column-wrapper fusion-flex-justify-content-flex-start fusion-content-layout-column\" style=\"background-position:left top;background-repeat:no-repeat;-webkit-background-size:cover;-moz-background-size:cover;-o-background-size:cover;background-size:cover;padding: 0px 0px 0px 0px;\"><\/div><style type=\"text\/css\">.fusion-body .fusion-builder-column-4{width:100% !important;margin-top : 0px;margin-bottom : 20px;}.fusion-builder-column-4 > .fusion-column-wrapper {padding-top : 0px !important;padding-right : 0px !important;margin-right : 1.92%;padding-bottom : 0px !important;padding-left : 0px !important;margin-left : 1.92%;}@media only screen and (max-width:1024px) {.fusion-body .fusion-builder-column-4{width:100% !important;order : 0;}.fusion-builder-column-4 > .fusion-column-wrapper {margin-right : 1.92%;margin-left : 1.92%;}}@media only screen and (max-width:640px) {.fusion-body .fusion-builder-column-4{width:100% !important;order : 0;}.fusion-builder-column-4 > .fusion-column-wrapper {margin-right : 1.92%;margin-left : 1.92%;}}<\/style><\/div><\/div><style type=\"text\/css\">.fusion-body .fusion-flex-container.fusion-builder-row-3{ padding-top : 0px;margin-top : 0px;padding-right : 0px;padding-bottom : 0px;margin-bottom : 0px;padding-left : 0px;}<\/style><\/div><\/p>\n","protected":false},"excerpt":{"rendered":"","protected":false},"template":"","meta":{"_acf_changed":false},"wcs-type":[127],"wcs-room":[300],"wcs-instructor":[301],"class_list":["post-25144","class","type-class","status-publish","hentry","wcs-type-salidas","wcs-room-museu-can-framis-fundacio-vila-casas","wcs-instructor-foto-joan-fontcuberta"],"acf":[],"yoast_head":"<!-- This site is optimized with the Yoast SEO plugin v27.5 - https:\/\/yoast.com\/product\/yoast-seo-wordpress\/ -->\n<title>Visita a la exposici\u00f3n fotogr\u00e1fica \u201cMonstres\u201d de Joan Fontcuberta<\/title>\n<meta name=\"description\" content=\"La visita a l&#039;exposici\u00f3 fotogr\u00e0fica de Joan Fontcuberta et permetr\u00e0 coneixer un altre llenguatje i una altre manera veure el mon.\" \/>\n<meta name=\"robots\" content=\"index, follow, max-snippet:-1, max-image-preview:large, max-video-preview:-1\" \/>\n<link rel=\"canonical\" href=\"https:\/\/afc.cat\/es\/activitat\/visita-exposicio-fotografica-monstres-de-joan-fontcuberta\/\" \/>\n<meta property=\"og:locale\" content=\"es_ES\" \/>\n<meta property=\"og:type\" content=\"article\" \/>\n<meta property=\"og:title\" content=\"Visita a la exposici\u00f3n fotogr\u00e1fica \u201cMonstres\u201d de Joan Fontcuberta\" \/>\n<meta property=\"og:description\" content=\"La visita a l&#039;exposici\u00f3 fotogr\u00e0fica de Joan Fontcuberta et permetr\u00e0 coneixer un altre llenguatje i una altre manera veure el mon.\" \/>\n<meta property=\"og:url\" content=\"https:\/\/afc.cat\/es\/activitat\/visita-exposicio-fotografica-monstres-de-joan-fontcuberta\/\" \/>\n<meta property=\"og:site_name\" content=\"Agrupaci\u00f3 Fotogr\u00e0fica de Catalunya\" \/>\n<meta property=\"article:modified_time\" content=\"2022-01-05T11:27:26+00:00\" \/>\n<meta name=\"twitter:card\" content=\"summary_large_image\" \/>\n<meta name=\"twitter:label1\" content=\"Tiempo de lectura\" \/>\n\t<meta name=\"twitter:data1\" content=\"5 minutos\" \/>\n<script type=\"application\/ld+json\" class=\"yoast-schema-graph\">{\"@context\":\"https:\\\/\\\/schema.org\",\"@graph\":[{\"@type\":\"WebPage\",\"@id\":\"https:\\\/\\\/afc.cat\\\/es\\\/activitat\\\/visita-exposicio-fotografica-monstres-de-joan-fontcuberta\\\/\",\"url\":\"https:\\\/\\\/afc.cat\\\/es\\\/activitat\\\/visita-exposicio-fotografica-monstres-de-joan-fontcuberta\\\/\",\"name\":\"Visita a la exposici\u00f3n fotogr\u00e1fica \u201cMonstres\u201d de Joan Fontcuberta\",\"isPartOf\":{\"@id\":\"https:\\\/\\\/afc.cat\\\/es\\\/#website\"},\"datePublished\":\"2022-01-04T22:54:01+00:00\",\"dateModified\":\"2022-01-05T11:27:26+00:00\",\"description\":\"La visita a l'exposici\u00f3 fotogr\u00e0fica de Joan Fontcuberta et permetr\u00e0 coneixer un altre llenguatje i una altre manera veure el mon.\",\"breadcrumb\":{\"@id\":\"https:\\\/\\\/afc.cat\\\/es\\\/activitat\\\/visita-exposicio-fotografica-monstres-de-joan-fontcuberta\\\/#breadcrumb\"},\"inLanguage\":\"es\",\"potentialAction\":[{\"@type\":\"ReadAction\",\"target\":[\"https:\\\/\\\/afc.cat\\\/es\\\/activitat\\\/visita-exposicio-fotografica-monstres-de-joan-fontcuberta\\\/\"]}]},{\"@type\":\"BreadcrumbList\",\"@id\":\"https:\\\/\\\/afc.cat\\\/es\\\/activitat\\\/visita-exposicio-fotografica-monstres-de-joan-fontcuberta\\\/#breadcrumb\",\"itemListElement\":[{\"@type\":\"ListItem\",\"position\":1,\"name\":\"Inicio\",\"item\":\"https:\\\/\\\/afc.cat\\\/es\\\/\"},{\"@type\":\"ListItem\",\"position\":2,\"name\":\"Visita a la exposici\u00f3n fotogr\u00e1fica \u201cMonstres\u201d de Joan Fontcuberta\"}]},{\"@type\":\"WebSite\",\"@id\":\"https:\\\/\\\/afc.cat\\\/es\\\/#website\",\"url\":\"https:\\\/\\\/afc.cat\\\/es\\\/\",\"name\":\"Agrupaci\u00f3 Fotogr\u00e0fica de Catalunya\",\"description\":\"Fomento y divulgaci\u00f3n de la fotograf\u00eda en todas sus variedades\",\"potentialAction\":[{\"@type\":\"SearchAction\",\"target\":{\"@type\":\"EntryPoint\",\"urlTemplate\":\"https:\\\/\\\/afc.cat\\\/es\\\/?s={search_term_string}\"},\"query-input\":{\"@type\":\"PropertyValueSpecification\",\"valueRequired\":true,\"valueName\":\"search_term_string\"}}],\"inLanguage\":\"es\"}]}<\/script>\n<!-- \/ Yoast SEO plugin. -->","yoast_head_json":{"title":"Visita a la exposici\u00f3n fotogr\u00e1fica \u201cMonstres\u201d de Joan Fontcuberta","description":"La visita a l'exposici\u00f3 fotogr\u00e0fica de Joan Fontcuberta et permetr\u00e0 coneixer un altre llenguatje i una altre manera veure el mon.","robots":{"index":"index","follow":"follow","max-snippet":"max-snippet:-1","max-image-preview":"max-image-preview:large","max-video-preview":"max-video-preview:-1"},"canonical":"https:\/\/afc.cat\/es\/activitat\/visita-exposicio-fotografica-monstres-de-joan-fontcuberta\/","og_locale":"es_ES","og_type":"article","og_title":"Visita a la exposici\u00f3n fotogr\u00e1fica \u201cMonstres\u201d de Joan Fontcuberta","og_description":"La visita a l'exposici\u00f3 fotogr\u00e0fica de Joan Fontcuberta et permetr\u00e0 coneixer un altre llenguatje i una altre manera veure el mon.","og_url":"https:\/\/afc.cat\/es\/activitat\/visita-exposicio-fotografica-monstres-de-joan-fontcuberta\/","og_site_name":"Agrupaci\u00f3 Fotogr\u00e0fica de Catalunya","article_modified_time":"2022-01-05T11:27:26+00:00","twitter_card":"summary_large_image","twitter_misc":{"Tiempo de lectura":"5 minutos"},"schema":{"@context":"https:\/\/schema.org","@graph":[{"@type":"WebPage","@id":"https:\/\/afc.cat\/es\/activitat\/visita-exposicio-fotografica-monstres-de-joan-fontcuberta\/","url":"https:\/\/afc.cat\/es\/activitat\/visita-exposicio-fotografica-monstres-de-joan-fontcuberta\/","name":"Visita a la exposici\u00f3n fotogr\u00e1fica \u201cMonstres\u201d de Joan Fontcuberta","isPartOf":{"@id":"https:\/\/afc.cat\/es\/#website"},"datePublished":"2022-01-04T22:54:01+00:00","dateModified":"2022-01-05T11:27:26+00:00","description":"La visita a l'exposici\u00f3 fotogr\u00e0fica de Joan Fontcuberta et permetr\u00e0 coneixer un altre llenguatje i una altre manera veure el mon.","breadcrumb":{"@id":"https:\/\/afc.cat\/es\/activitat\/visita-exposicio-fotografica-monstres-de-joan-fontcuberta\/#breadcrumb"},"inLanguage":"es","potentialAction":[{"@type":"ReadAction","target":["https:\/\/afc.cat\/es\/activitat\/visita-exposicio-fotografica-monstres-de-joan-fontcuberta\/"]}]},{"@type":"BreadcrumbList","@id":"https:\/\/afc.cat\/es\/activitat\/visita-exposicio-fotografica-monstres-de-joan-fontcuberta\/#breadcrumb","itemListElement":[{"@type":"ListItem","position":1,"name":"Inicio","item":"https:\/\/afc.cat\/es\/"},{"@type":"ListItem","position":2,"name":"Visita a la exposici\u00f3n fotogr\u00e1fica \u201cMonstres\u201d de Joan Fontcuberta"}]},{"@type":"WebSite","@id":"https:\/\/afc.cat\/es\/#website","url":"https:\/\/afc.cat\/es\/","name":"Agrupaci\u00f3 Fotogr\u00e0fica de Catalunya","description":"Fomento y divulgaci\u00f3n de la fotograf\u00eda en todas sus variedades","potentialAction":[{"@type":"SearchAction","target":{"@type":"EntryPoint","urlTemplate":"https:\/\/afc.cat\/es\/?s={search_term_string}"},"query-input":{"@type":"PropertyValueSpecification","valueRequired":true,"valueName":"search_term_string"}}],"inLanguage":"es"}]}},"_links":{"self":[{"href":"https:\/\/afc.cat\/es\/wp-json\/wp\/v2\/class\/25144","targetHints":{"allow":["GET"]}}],"collection":[{"href":"https:\/\/afc.cat\/es\/wp-json\/wp\/v2\/class"}],"about":[{"href":"https:\/\/afc.cat\/es\/wp-json\/wp\/v2\/types\/class"}],"wp:attachment":[{"href":"https:\/\/afc.cat\/es\/wp-json\/wp\/v2\/media?parent=25144"}],"wp:term":[{"taxonomy":"wcs-type","embeddable":true,"href":"https:\/\/afc.cat\/es\/wp-json\/wp\/v2\/wcs-type?post=25144"},{"taxonomy":"wcs-room","embeddable":true,"href":"https:\/\/afc.cat\/es\/wp-json\/wp\/v2\/wcs-room?post=25144"},{"taxonomy":"wcs-instructor","embeddable":true,"href":"https:\/\/afc.cat\/es\/wp-json\/wp\/v2\/wcs-instructor?post=25144"}],"curies":[{"name":"wp","href":"https:\/\/api.w.org\/{rel}","templated":true}]}}