{"id":25243,"date":"2022-01-12T09:53:28","date_gmt":"2022-01-12T07:53:28","guid":{"rendered":"https:\/\/afc.cat\/?post_type=class&#038;p=25243"},"modified":"2022-01-12T09:55:19","modified_gmt":"2022-01-12T07:55:19","slug":"exposicion-habia-una-vez-dolores-banon","status":"publish","type":"class","link":"https:\/\/afc.cat\/es\/activitat\/exposicion-habia-una-vez-dolores-banon\/","title":{"rendered":"Exposici\u00f3n: \u00abHab\u00eda una vez Dolores Ba\u00f1\u00f3n\u00bb"},"content":{"rendered":"<p><div class=\"fusion-fullwidth fullwidth-box fusion-builder-row-1 fusion-flex-container nonhundred-percent-fullwidth non-hundred-percent-height-scrolling\" style=\"background-color: rgba(255,255,255,0);background-position: center center;background-repeat: no-repeat;border-width: 0px 15px 0px 0px;border-color:#ffffff;border-style:solid;\" ><div class=\"fusion-builder-row fusion-row fusion-flex-align-items-flex-start\" style=\"max-width:1300px;margin-left: calc(-4% \/ 2 );margin-right: calc(-4% \/ 2 );\"><div class=\"fusion-layout-column fusion_builder_column fusion-builder-column-0 fusion_builder_column_1_1 1_1 fusion-flex-column\"><div class=\"fusion-column-wrapper fusion-flex-justify-content-flex-start fusion-content-layout-column\" style=\"background-position:left top;background-repeat:no-repeat;-webkit-background-size:cover;-moz-background-size:cover;-o-background-size:cover;background-size:cover;padding: 0px 0px 0px 0px;\"><div class=\"fusion-text fusion-text-1\"><h2><strong>Hab\u00eda una vez Dolores Ba\u00f1\u00f3n<\/strong><\/h2>\n<p>Esta exposici\u00f3n inaugurada el 11 de enero y comisariada por Carmen\u00a0Portabales, pretende ser un sentido recuerdo donde recoger su inconfundible creatividad fruto de una magn\u00edfica personalidad.<\/p>\n<p><strong>Hab\u00eda una vez Dolores Ba\u00f1\u00f3n<\/strong>, Loli para los amigos.<\/p>\n<p>La <strong>Agrupaci\u00f3 Fotogr\u00e0fica de Catalunya<\/strong> rinde homenaje a la vida y la obra de esta fot\u00f3grafa que nos dej\u00f3 al inicio de la pandemia.<br \/>\nAbrimos nuestro espacio para dar a conocer las fotograf\u00edas de una persona tranquila que, a su manera sencilla y m\u00ednima, es capaz de mostrar aquello m\u00e1s esencial tan solo con la ayuda de una peque\u00f1a c\u00e1mara que siempre llevaba encima.<br \/>\nElla que no viaj\u00f3 nunca, se convert\u00eda a cada paso, en la perfecta viajera cuando hac\u00eda sus paseadas por la gran ciudad y, cazadora de im\u00e1genes, sab\u00eda descubrir la belleza all\u00e1 donde no lo consegu\u00edamos ver.<br \/>\nSab\u00eda encontrar, en medio de los escombros, tesoros que con su mirada transformaba en una po\u00e9tica sugerente.<br \/>\nSi trabajaba en el taller sab\u00eda componer bodegones muy especiales con elementos de lo m\u00e1s cotidianos (pintalabios, zapatos, chinchetas), hecho que en el espectador provoca una sacudida, una sorpresa, elementos con los cuales Loli nos invita a mirar la realidad de una manera diferente.<br \/>\nLa fot\u00f3grafa va m\u00e1s all\u00e1 y, utilizando la imaginaci\u00f3n, es capaz de hacer que de la fotograf\u00eda nazcan elementos reales, hace un poco de Alicia en el pa\u00eds de las maravillas conectando mundos aparentemente alejados.<br \/>\nY una caracter\u00edstica de la obra de la\u00a0<strong>Dolores Ba\u00f1\u00f3n<\/strong>: la luz que ilumina cada una de sus creaciones y, en el \u00faltimo momento, como si nada, nos deslumbra sembrando el color.<\/p>\n<p><strong>CALENDARIO<\/strong><\/p>\n<p><strong>Fechas<\/strong>: del 11 de enero 2022 al 9 de febrero 2022<\/p>\n<p><strong>Lugar<\/strong>: Sala Bruno\u00a0Argem\u00ed<\/p>\n<p>Sala polivalente: abierta martes y viernes tarde y s\u00e1bados ma\u00f1ana. Consulta las diferentes actividades de la Sala de exposiciones<\/p>\n<p>Entrada gratuita y abierta a todo el p\u00fablico<\/p>\n<p>\u00a1Os esperamos!<\/p>\n<\/div><div style=\"text-align:center;\"><span class=\" fusion-imageframe imageframe-none imageframe-1 hover-type-none\"><a href=\"https:\/\/afc.cat\/wp-content\/uploads\/2022\/01\/Dolores-Banon-2.jpg\" class=\"fusion-lightbox\" data-rel=\"iLightbox[9cdf11a30164b8df1af]\" data-title=\"Dolores Ba\u00f1on\" title=\"Dolores Ba\u00f1on\"><img decoding=\"async\" width=\"252\" height=\"300\" src=\"https:\/\/afc.cat\/wp-content\/uploads\/2022\/01\/Dolores-Banon-2-252x300.jpg\" alt class=\"img-responsive wp-image-25110\" srcset=\"https:\/\/afc.cat\/wp-content\/uploads\/2022\/01\/Dolores-Banon-2-200x238.jpg 200w, https:\/\/afc.cat\/wp-content\/uploads\/2022\/01\/Dolores-Banon-2-400x475.jpg 400w, https:\/\/afc.cat\/wp-content\/uploads\/2022\/01\/Dolores-Banon-2-600x713.jpg 600w, https:\/\/afc.cat\/wp-content\/uploads\/2022\/01\/Dolores-Banon-2.jpg 673w\" sizes=\"(max-width: 640px) 100vw, 252px\" \/><\/a><\/span><\/div><div class=\"fusion-text fusion-text-2\" style=\"font-size:13px;\"><p style=\"text-align: center;\">Dolores Ba\u00f1\u00f3n<\/p>\n<\/div><\/div><style type=\"text\/css\">.fusion-body .fusion-builder-column-0{width:100% !important;margin-top : 0px;margin-bottom : 0px;}.fusion-builder-column-0 > .fusion-column-wrapper {padding-top : 0px !important;padding-right : 0px !important;margin-right : 1.92%;padding-bottom : 0px !important;padding-left : 0px !important;margin-left : 1.92%;}@media only screen and (max-width:1024px) {.fusion-body .fusion-builder-column-0{width:100% !important;}.fusion-builder-column-0 > .fusion-column-wrapper {margin-right : 1.92%;margin-left : 1.92%;}}@media only screen and (max-width:640px) {.fusion-body .fusion-builder-column-0{width:100% !important;}.fusion-builder-column-0 > .fusion-column-wrapper {margin-right : 1.92%;margin-left : 1.92%;}}<\/style><\/div><\/div><style type=\"text\/css\">.fusion-body .fusion-flex-container.fusion-builder-row-1{ padding-top : 0px;margin-top : 0px;padding-right : 0px;padding-bottom : 0px;margin-bottom : 0px;padding-left : 0px;}<\/style><\/div><div class=\"fusion-fullwidth fullwidth-box fusion-builder-row-2 fusion-flex-container nonhundred-percent-fullwidth non-hundred-percent-height-scrolling\" style=\"background-color: rgba(255,255,255,0);background-position: center center;background-repeat: no-repeat;border-width: 0px 0px 0px 0px;border-color:#ffffff;border-style:solid;\" ><div class=\"fusion-builder-row fusion-row fusion-flex-align-items-flex-start\" style=\"max-width:1300px;margin-left: calc(-4% \/ 2 );margin-right: calc(-4% \/ 2 );\"><div class=\"fusion-layout-column fusion_builder_column fusion-builder-column-1 fusion_builder_column_1_3 1_3 fusion-flex-column\"><div class=\"fusion-column-wrapper fusion-flex-justify-content-flex-start fusion-content-layout-column\" style=\"background-position:left top;background-repeat:no-repeat;-webkit-background-size:cover;-moz-background-size:cover;-o-background-size:cover;background-size:cover;padding: 0px 0px 0px 0px;\"><div ><span class=\" fusion-imageframe imageframe-none imageframe-2 hover-type-none\"><a href=\"https:\/\/afc.cat\/wp-content\/uploads\/2021\/12\/Dolores-Banon-5.jpg\" class=\"fusion-lightbox\" data-rel=\"iLightbox[6e9afd669d1ad277952]\" data-title=\"Dolores Ba\u00f1on (5)\" title=\"Dolores Ba\u00f1on (5)\"><img decoding=\"async\" width=\"514\" height=\"761\" src=\"https:\/\/afc.cat\/wp-content\/uploads\/2021\/12\/Dolores-Banon-5.jpg\" alt class=\"img-responsive wp-image-25074\" srcset=\"https:\/\/afc.cat\/wp-content\/uploads\/2021\/12\/Dolores-Banon-5-200x296.jpg 200w, https:\/\/afc.cat\/wp-content\/uploads\/2021\/12\/Dolores-Banon-5-400x592.jpg 400w, https:\/\/afc.cat\/wp-content\/uploads\/2021\/12\/Dolores-Banon-5.jpg 514w\" sizes=\"(max-width: 640px) 100vw, 400px\" \/><\/a><\/span><\/div><\/div><style type=\"text\/css\">.fusion-body .fusion-builder-column-1{width:33.333333333333% !important;margin-top : 0px;margin-bottom : 20px;}.fusion-builder-column-1 > .fusion-column-wrapper {padding-top : 0px !important;padding-right : 0px !important;margin-right : 5.76%;padding-bottom : 0px !important;padding-left : 0px !important;margin-left : 5.76%;}@media only screen and (max-width:1024px) {.fusion-body .fusion-builder-column-1{width:33.333333333333% !important;order : 0;}.fusion-builder-column-1 > .fusion-column-wrapper {margin-right : 5.76%;margin-left : 5.76%;}}@media only screen and (max-width:640px) {.fusion-body .fusion-builder-column-1{width:100% !important;order : 0;}.fusion-builder-column-1 > .fusion-column-wrapper {margin-right : 1.92%;margin-left : 1.92%;}}<\/style><\/div><div class=\"fusion-layout-column fusion_builder_column fusion-builder-column-2 fusion_builder_column_1_3 1_3 fusion-flex-column\"><div class=\"fusion-column-wrapper fusion-flex-justify-content-flex-start fusion-content-layout-column\" style=\"background-position:left top;background-repeat:no-repeat;-webkit-background-size:cover;-moz-background-size:cover;-o-background-size:cover;background-size:cover;padding: 0px 0px 0px 0px;\"><div style=\"text-align:center;\"><span class=\" fusion-imageframe imageframe-none imageframe-3 hover-type-none\"><a href=\"https:\/\/afc.cat\/wp-content\/uploads\/2021\/12\/Dolores-Banon-4.jpg\" class=\"fusion-lightbox\" data-rel=\"iLightbox[02d8cab05703af1991e]\" data-title=\"Dolores Ba\u00f1on (4)\" title=\"Dolores Ba\u00f1on (4)\"><img decoding=\"async\" width=\"705\" height=\"479\" src=\"https:\/\/afc.cat\/wp-content\/uploads\/2021\/12\/Dolores-Banon-4.jpg\" alt class=\"img-responsive wp-image-25072\" srcset=\"https:\/\/afc.cat\/wp-content\/uploads\/2021\/12\/Dolores-Banon-4-200x136.jpg 200w, https:\/\/afc.cat\/wp-content\/uploads\/2021\/12\/Dolores-Banon-4-400x272.jpg 400w, https:\/\/afc.cat\/wp-content\/uploads\/2021\/12\/Dolores-Banon-4-600x408.jpg 600w, https:\/\/afc.cat\/wp-content\/uploads\/2021\/12\/Dolores-Banon-4.jpg 705w\" sizes=\"(max-width: 640px) 100vw, 400px\" \/><\/a><\/span><\/div><\/div><style type=\"text\/css\">.fusion-body .fusion-builder-column-2{width:33.333333333333% !important;margin-top : 0px;margin-bottom : 20px;}.fusion-builder-column-2 > .fusion-column-wrapper {padding-top : 0px !important;padding-right : 0px !important;margin-right : 5.76%;padding-bottom : 0px !important;padding-left : 0px !important;margin-left : 5.76%;}@media only screen and (max-width:1024px) {.fusion-body .fusion-builder-column-2{width:33.333333333333% !important;order : 0;}.fusion-builder-column-2 > .fusion-column-wrapper {margin-right : 5.76%;margin-left : 5.76%;}}@media only screen and (max-width:640px) {.fusion-body .fusion-builder-column-2{width:100% !important;order : 0;}.fusion-builder-column-2 > .fusion-column-wrapper {margin-right : 1.92%;margin-left : 1.92%;}}<\/style><\/div><div class=\"fusion-layout-column fusion_builder_column fusion-builder-column-3 fusion_builder_column_1_3 1_3 fusion-flex-column\"><div class=\"fusion-column-wrapper fusion-flex-justify-content-flex-start fusion-content-layout-column\" style=\"background-position:left top;background-repeat:no-repeat;-webkit-background-size:cover;-moz-background-size:cover;-o-background-size:cover;background-size:cover;padding: 0px 0px 0px 0px;\"><div style=\"text-align:center;\"><style>.fusion-imageframe.imageframe-4{ margin-right : 5%;}<\/style><span class=\" fusion-imageframe imageframe-none imageframe-4 hover-type-none\"><a href=\"https:\/\/afc.cat\/wp-content\/uploads\/2021\/12\/Dolores-Banon-2.jpg\" class=\"fusion-lightbox\" data-rel=\"iLightbox[631ff517e857da5a01c]\" data-title=\"Dolores Ba\u00f1on (2)\" title=\"Dolores Ba\u00f1on (2)\"><img decoding=\"async\" width=\"466\" height=\"643\" src=\"https:\/\/afc.cat\/wp-content\/uploads\/2021\/12\/Dolores-Banon-2.jpg\" alt class=\"img-responsive wp-image-25068\" srcset=\"https:\/\/afc.cat\/wp-content\/uploads\/2021\/12\/Dolores-Banon-2-200x276.jpg 200w, https:\/\/afc.cat\/wp-content\/uploads\/2021\/12\/Dolores-Banon-2-400x552.jpg 400w, https:\/\/afc.cat\/wp-content\/uploads\/2021\/12\/Dolores-Banon-2.jpg 466w\" sizes=\"(max-width: 640px) 100vw, 400px\" \/><\/a><\/span><\/div><\/div><style type=\"text\/css\">.fusion-body .fusion-builder-column-3{width:33.333333333333% !important;margin-top : 0px;margin-bottom : 20px;}.fusion-builder-column-3 > .fusion-column-wrapper {padding-top : 0px !important;padding-right : 0px !important;margin-right : 5.76%;padding-bottom : 0px !important;padding-left : 0px !important;margin-left : 5.76%;}@media only screen and (max-width:1024px) {.fusion-body .fusion-builder-column-3{width:33.333333333333% !important;order : 0;}.fusion-builder-column-3 > .fusion-column-wrapper {margin-right : 5.76%;margin-left : 5.76%;}}@media only screen and (max-width:640px) {.fusion-body .fusion-builder-column-3{width:100% !important;order : 0;}.fusion-builder-column-3 > .fusion-column-wrapper {margin-right : 1.92%;margin-left : 1.92%;}}<\/style><\/div><\/div><style type=\"text\/css\">.fusion-body .fusion-flex-container.fusion-builder-row-2{ padding-top : 0px;margin-top : 0px;padding-right : 0px;padding-bottom : 0px;margin-bottom : 0px;padding-left : 0px;}<\/style><\/div><\/p>\n","protected":false},"excerpt":{"rendered":"","protected":false},"template":"","meta":{"_acf_changed":false},"wcs-type":[111],"wcs-room":[131],"wcs-instructor":[],"class_list":["post-25243","class","type-class","status-publish","hentry","wcs-type-exposiciones","wcs-room-agrupacio-fotografica-de-catalunya"],"acf":[],"yoast_head":"<!-- This site is optimized with the Yoast SEO plugin v27.5 - https:\/\/yoast.com\/product\/yoast-seo-wordpress\/ -->\n<title>Exposici\u00f3n: &quot;Hab\u00eda una vez Dolores Ba\u00f1\u00f3n&quot; - Agrupaci\u00f3 Fotogr\u00e0fica de Catalunya<\/title>\n<meta name=\"robots\" content=\"index, follow, max-snippet:-1, max-image-preview:large, max-video-preview:-1\" \/>\n<link rel=\"canonical\" href=\"https:\/\/afc.cat\/es\/activitat\/exposicion-habia-una-vez-dolores-banon\/\" \/>\n<meta property=\"og:locale\" content=\"es_ES\" \/>\n<meta property=\"og:type\" content=\"article\" \/>\n<meta property=\"og:title\" content=\"Exposici\u00f3n: &quot;Hab\u00eda una vez Dolores Ba\u00f1\u00f3n&quot; - Agrupaci\u00f3 Fotogr\u00e0fica de Catalunya\" \/>\n<meta property=\"og:url\" content=\"https:\/\/afc.cat\/es\/activitat\/exposicion-habia-una-vez-dolores-banon\/\" \/>\n<meta property=\"og:site_name\" content=\"Agrupaci\u00f3 Fotogr\u00e0fica de Catalunya\" \/>\n<meta property=\"article:modified_time\" content=\"2022-01-12T07:55:19+00:00\" \/>\n<meta name=\"twitter:card\" content=\"summary_large_image\" \/>\n<meta name=\"twitter:label1\" content=\"Tiempo de lectura\" \/>\n\t<meta name=\"twitter:data1\" content=\"5 minutos\" \/>\n<script type=\"application\/ld+json\" class=\"yoast-schema-graph\">{\"@context\":\"https:\\\/\\\/schema.org\",\"@graph\":[{\"@type\":\"WebPage\",\"@id\":\"https:\\\/\\\/afc.cat\\\/es\\\/activitat\\\/exposicion-habia-una-vez-dolores-banon\\\/\",\"url\":\"https:\\\/\\\/afc.cat\\\/es\\\/activitat\\\/exposicion-habia-una-vez-dolores-banon\\\/\",\"name\":\"Exposici\u00f3n: \\\"Hab\u00eda una vez Dolores Ba\u00f1\u00f3n\\\" - Agrupaci\u00f3 Fotogr\u00e0fica de Catalunya\",\"isPartOf\":{\"@id\":\"https:\\\/\\\/afc.cat\\\/es\\\/#website\"},\"datePublished\":\"2022-01-12T07:53:28+00:00\",\"dateModified\":\"2022-01-12T07:55:19+00:00\",\"breadcrumb\":{\"@id\":\"https:\\\/\\\/afc.cat\\\/es\\\/activitat\\\/exposicion-habia-una-vez-dolores-banon\\\/#breadcrumb\"},\"inLanguage\":\"es\",\"potentialAction\":[{\"@type\":\"ReadAction\",\"target\":[\"https:\\\/\\\/afc.cat\\\/es\\\/activitat\\\/exposicion-habia-una-vez-dolores-banon\\\/\"]}]},{\"@type\":\"BreadcrumbList\",\"@id\":\"https:\\\/\\\/afc.cat\\\/es\\\/activitat\\\/exposicion-habia-una-vez-dolores-banon\\\/#breadcrumb\",\"itemListElement\":[{\"@type\":\"ListItem\",\"position\":1,\"name\":\"Inicio\",\"item\":\"https:\\\/\\\/afc.cat\\\/es\\\/\"},{\"@type\":\"ListItem\",\"position\":2,\"name\":\"Exposici\u00f3n: \u00abHab\u00eda una vez Dolores Ba\u00f1\u00f3n\u00bb\"}]},{\"@type\":\"WebSite\",\"@id\":\"https:\\\/\\\/afc.cat\\\/es\\\/#website\",\"url\":\"https:\\\/\\\/afc.cat\\\/es\\\/\",\"name\":\"Agrupaci\u00f3 Fotogr\u00e0fica de Catalunya\",\"description\":\"Fomento y divulgaci\u00f3n de la fotograf\u00eda en todas sus variedades\",\"potentialAction\":[{\"@type\":\"SearchAction\",\"target\":{\"@type\":\"EntryPoint\",\"urlTemplate\":\"https:\\\/\\\/afc.cat\\\/es\\\/?s={search_term_string}\"},\"query-input\":{\"@type\":\"PropertyValueSpecification\",\"valueRequired\":true,\"valueName\":\"search_term_string\"}}],\"inLanguage\":\"es\"}]}<\/script>\n<!-- \/ Yoast SEO plugin. -->","yoast_head_json":{"title":"Exposici\u00f3n: \"Hab\u00eda una vez Dolores Ba\u00f1\u00f3n\" - Agrupaci\u00f3 Fotogr\u00e0fica de Catalunya","robots":{"index":"index","follow":"follow","max-snippet":"max-snippet:-1","max-image-preview":"max-image-preview:large","max-video-preview":"max-video-preview:-1"},"canonical":"https:\/\/afc.cat\/es\/activitat\/exposicion-habia-una-vez-dolores-banon\/","og_locale":"es_ES","og_type":"article","og_title":"Exposici\u00f3n: \"Hab\u00eda una vez Dolores Ba\u00f1\u00f3n\" - Agrupaci\u00f3 Fotogr\u00e0fica de Catalunya","og_url":"https:\/\/afc.cat\/es\/activitat\/exposicion-habia-una-vez-dolores-banon\/","og_site_name":"Agrupaci\u00f3 Fotogr\u00e0fica de Catalunya","article_modified_time":"2022-01-12T07:55:19+00:00","twitter_card":"summary_large_image","twitter_misc":{"Tiempo de lectura":"5 minutos"},"schema":{"@context":"https:\/\/schema.org","@graph":[{"@type":"WebPage","@id":"https:\/\/afc.cat\/es\/activitat\/exposicion-habia-una-vez-dolores-banon\/","url":"https:\/\/afc.cat\/es\/activitat\/exposicion-habia-una-vez-dolores-banon\/","name":"Exposici\u00f3n: \"Hab\u00eda una vez Dolores Ba\u00f1\u00f3n\" - Agrupaci\u00f3 Fotogr\u00e0fica de Catalunya","isPartOf":{"@id":"https:\/\/afc.cat\/es\/#website"},"datePublished":"2022-01-12T07:53:28+00:00","dateModified":"2022-01-12T07:55:19+00:00","breadcrumb":{"@id":"https:\/\/afc.cat\/es\/activitat\/exposicion-habia-una-vez-dolores-banon\/#breadcrumb"},"inLanguage":"es","potentialAction":[{"@type":"ReadAction","target":["https:\/\/afc.cat\/es\/activitat\/exposicion-habia-una-vez-dolores-banon\/"]}]},{"@type":"BreadcrumbList","@id":"https:\/\/afc.cat\/es\/activitat\/exposicion-habia-una-vez-dolores-banon\/#breadcrumb","itemListElement":[{"@type":"ListItem","position":1,"name":"Inicio","item":"https:\/\/afc.cat\/es\/"},{"@type":"ListItem","position":2,"name":"Exposici\u00f3n: \u00abHab\u00eda una vez Dolores Ba\u00f1\u00f3n\u00bb"}]},{"@type":"WebSite","@id":"https:\/\/afc.cat\/es\/#website","url":"https:\/\/afc.cat\/es\/","name":"Agrupaci\u00f3 Fotogr\u00e0fica de Catalunya","description":"Fomento y divulgaci\u00f3n de la fotograf\u00eda en todas sus variedades","potentialAction":[{"@type":"SearchAction","target":{"@type":"EntryPoint","urlTemplate":"https:\/\/afc.cat\/es\/?s={search_term_string}"},"query-input":{"@type":"PropertyValueSpecification","valueRequired":true,"valueName":"search_term_string"}}],"inLanguage":"es"}]}},"_links":{"self":[{"href":"https:\/\/afc.cat\/es\/wp-json\/wp\/v2\/class\/25243","targetHints":{"allow":["GET"]}}],"collection":[{"href":"https:\/\/afc.cat\/es\/wp-json\/wp\/v2\/class"}],"about":[{"href":"https:\/\/afc.cat\/es\/wp-json\/wp\/v2\/types\/class"}],"wp:attachment":[{"href":"https:\/\/afc.cat\/es\/wp-json\/wp\/v2\/media?parent=25243"}],"wp:term":[{"taxonomy":"wcs-type","embeddable":true,"href":"https:\/\/afc.cat\/es\/wp-json\/wp\/v2\/wcs-type?post=25243"},{"taxonomy":"wcs-room","embeddable":true,"href":"https:\/\/afc.cat\/es\/wp-json\/wp\/v2\/wcs-room?post=25243"},{"taxonomy":"wcs-instructor","embeddable":true,"href":"https:\/\/afc.cat\/es\/wp-json\/wp\/v2\/wcs-instructor?post=25243"}],"curies":[{"name":"wp","href":"https:\/\/api.w.org\/{rel}","templated":true}]}}