{"id":25302,"date":"2022-01-12T12:01:24","date_gmt":"2022-01-12T10:01:24","guid":{"rendered":"https:\/\/afc.cat\/activitat\/aquest-taller-preten-oferir-formacio-en-tot-el-proces-que-va-des-de-la-idea-inicial-duna-obra-fins-lexposicio-de-la-fotografia-impresa\/"},"modified":"2022-01-26T12:57:51","modified_gmt":"2022-01-26T10:57:51","slug":"ste-taller-pretende-ofrecer-formacion-en-todo-el-proceso-creativo-que-va-desde-la-idea-inicial-de-una-obra-hasta-la-exhibicion-de-la-fotografia-impresa","status":"publish","type":"class","link":"https:\/\/afc.cat\/es\/activitat\/ste-taller-pretende-ofrecer-formacion-en-todo-el-proceso-creativo-que-va-desde-la-idea-inicial-de-una-obra-hasta-la-exhibicion-de-la-fotografia-impresa\/","title":{"rendered":"EXPONTE"},"content":{"rendered":"<p><div class=\"fusion-fullwidth fullwidth-box fusion-builder-row-1 fusion-flex-container nonhundred-percent-fullwidth non-hundred-percent-height-scrolling\" style=\"background-color: rgba(255,255,255,0);background-position: center center;background-repeat: no-repeat;border-width: 0px 15px 0px 0px;border-color:#ffffff;border-style:solid;\" ><div class=\"fusion-builder-row fusion-row fusion-flex-align-items-flex-start\" style=\"max-width:1300px;margin-left: calc(-4% \/ 2 );margin-right: calc(-4% \/ 2 );\"><div class=\"fusion-layout-column fusion_builder_column fusion-builder-column-0 fusion_builder_column_1_1 1_1 fusion-flex-column\"><div class=\"fusion-column-wrapper fusion-flex-justify-content-flex-start fusion-content-layout-column\" style=\"background-position:left top;background-repeat:no-repeat;-webkit-background-size:cover;-moz-background-size:cover;-o-background-size:cover;background-size:cover;padding: 0px 0px 0px 0px;\"><div class=\"fusion-text fusion-text-1\"><h2>Exponte<\/h2>\n<h2>Completo; abrimos inscripci\u00f3n para una segunda edici\u00f3n que comenzar\u00e1 el 21 de abril<\/h2>\n<p><a href=\"https:\/\/youtu.be\/J9Q0jIJe5ZQ\">https:\/\/youtu.be\/J9Q0jIJe5ZQ<\/a><\/p>\n<p>Hacer buenas fotos sirve de muy poco si nadie las ve. Muchos fot\u00f3grafos aficionados dudan en el momento de dar a conocer su obra, ya sea porque piensan que no tiene suficiente calidad, por miedo a posibles comentarios negativos o, sencillamente, por verg\u00fcenza o timidez. La realidad es que una obra art\u00edstica dif\u00edcilmente agradar\u00e1 a todo el mundo y seguro que recibir\u00e1 cr\u00edticas negativas, pero tambi\u00e9n es seguro que, si la calidad es digna, agradar\u00e1 y tendr\u00e1 cr\u00edticas positivas.<\/p>\n<p>En la actualidad existen muchas opciones para que los fot\u00f3grafos puedan difundir su obra. Las m\u00e1s sencillas son las redes sociales, como Instagram o Facebook, pero las webs especializadas, como pueden ser 1x, 100asa, 500px o fotocommunity, son m\u00e1s \u00fatiles para evaluar la calidad real de las fotos. Sin embargo, el impacto que provoca la visi\u00f3n de una foto en papel, con una impresi\u00f3n de calidad y de dimensiones relativamente elevadas, supera claramente el que puede producir una imagen colgada en una web, que normalmente es de dimensiones relativamente reducidas y que, a menudo, se mira con un m\u00f3vil.<\/p>\n<p>A pesar de las ventajas que puede tener la exhibici\u00f3n de fotos impresas en papel, es evidente que tambi\u00e9n hay inconvenientes, porque encontrar laboratorios que hagan copias de buena calidad no es f\u00e1cil y, adem\u00e1s, suelen ser relativamente caros. Por esta raz\u00f3n, es aconsejable imprimir pocas im\u00e1genes, pero bien seleccionadas y editadas de manera que la impresi\u00f3n haga resaltar sus virtudes.<\/p>\n<p>El taller Exponte pretende ofrecer formaci\u00f3n avanzada en todas las etapas del proceso que lleva a una exposici\u00f3n, desde la elecci\u00f3n del tema hasta la impresi\u00f3n de las im\u00e1genes seleccionadas, pasando por la realizaci\u00f3n de las fotos, la elecci\u00f3n de cu\u00e1les hay que editar y qu\u00e9 edici\u00f3n hay que hacer para potenciar sus virtudes. En este taller se formar\u00e1n grupos de tres fot\u00f3grafos: cada grupo recibir\u00e1 un encargo y, bajo la supervisi\u00f3n del profesor, deber\u00e1 hacer varias fotograf\u00edas de un tema concreto, seleccionar las mejores, editarlas y, finalmente, hacer copias de calidad en papel. Con las fotograf\u00edas que se obtengan en este taller se har\u00e1 una exposici\u00f3n colectiva en la sala Bruno Argem\u00ed de la Agrupaci\u00f3 Fotogr\u00e0fica de Catalunya; la fecha a\u00fan no est\u00e1 decidida, pero probablemente ser\u00eda durante los meses de julio o septiembre de este a\u00f1o.<\/p>\n<p>El taller tendr\u00e1 10 sesiones de 2 horas.<\/p>\n<h3>Horario<\/h3>\n<p>Jueves de 19h a 21h<\/p>\n<h3>Fecha de inicio<\/h3>\n<p>Jueves 3 de Febrero<\/p>\n<h3>Inscripciones<\/h3>\n<p>Este taller est\u00e1 reservado a los socios de l&#8217;Agrupaci\u00f3 Fotogr\u00e0fica de Catalunya.<\/p>\n<p>Para recibir informaci\u00f3n del precio del taller y de como realizar la inscripci\u00f3n hay que enviar un mail a<\/p>\n<p>formacio@afc.cat<\/p>\n<\/div><\/div><style type=\"text\/css\">.fusion-body .fusion-builder-column-0{width:100% !important;margin-top : 0px;margin-bottom : 0px;}.fusion-builder-column-0 > .fusion-column-wrapper {padding-top : 0px !important;padding-right : 0px !important;margin-right : 1.92%;padding-bottom : 0px !important;padding-left : 0px !important;margin-left : 1.92%;}@media only screen and (max-width:1024px) {.fusion-body .fusion-builder-column-0{width:100% !important;}.fusion-builder-column-0 > .fusion-column-wrapper {margin-right : 1.92%;margin-left : 1.92%;}}@media only screen and (max-width:640px) {.fusion-body .fusion-builder-column-0{width:100% !important;}.fusion-builder-column-0 > .fusion-column-wrapper {margin-right : 1.92%;margin-left : 1.92%;}}<\/style><\/div><\/div><style type=\"text\/css\">.fusion-body .fusion-flex-container.fusion-builder-row-1{ padding-top : 0px;margin-top : 0px;padding-right : 0px;padding-bottom : 0px;margin-bottom : 0px;padding-left : 0px;}<\/style><\/div><div class=\"fusion-fullwidth fullwidth-box fusion-builder-row-2 fusion-flex-container nonhundred-percent-fullwidth non-hundred-percent-height-scrolling\" style=\"background-color: rgba(255,255,255,0);background-position: center center;background-repeat: no-repeat;border-width: 0px 0px 0px 0px;border-color:#ffffff;border-style:solid;\" ><div class=\"fusion-builder-row fusion-row fusion-flex-align-items-flex-start\" style=\"max-width:1300px;margin-left: calc(-4% \/ 2 );margin-right: calc(-4% \/ 2 );\"><div class=\"fusion-layout-column fusion_builder_column fusion-builder-column-1 fusion_builder_column_1_2 1_2 fusion-flex-column\"><div class=\"fusion-column-wrapper fusion-flex-justify-content-flex-start fusion-content-layout-column\" style=\"background-position:left top;background-repeat:no-repeat;-webkit-background-size:cover;-moz-background-size:cover;-o-background-size:cover;background-size:cover;padding: 0px 0px 0px 0px;\"><\/div><style type=\"text\/css\">.fusion-body .fusion-builder-column-1{width:50% !important;margin-top : 0px;margin-bottom : 20px;}.fusion-builder-column-1 > .fusion-column-wrapper {padding-top : 0px !important;padding-right : 0px !important;margin-right : 3.84%;padding-bottom : 0px !important;padding-left : 0px !important;margin-left : 3.84%;}@media only screen and (max-width:1024px) {.fusion-body .fusion-builder-column-1{width:50% !important;order : 0;}.fusion-builder-column-1 > .fusion-column-wrapper {margin-right : 3.84%;margin-left : 3.84%;}}@media only screen and (max-width:640px) {.fusion-body .fusion-builder-column-1{width:100% !important;order : 0;}.fusion-builder-column-1 > .fusion-column-wrapper {margin-right : 1.92%;margin-left : 1.92%;}}<\/style><\/div><div class=\"fusion-layout-column fusion_builder_column fusion-builder-column-2 fusion_builder_column_1_2 1_2 fusion-flex-column\"><div class=\"fusion-column-wrapper fusion-flex-justify-content-flex-start fusion-content-layout-column\" style=\"background-position:left top;background-repeat:no-repeat;-webkit-background-size:cover;-moz-background-size:cover;-o-background-size:cover;background-size:cover;padding: 0px 0px 0px 0px;\"><\/div><style type=\"text\/css\">.fusion-body .fusion-builder-column-2{width:50% !important;margin-top : 0px;margin-bottom : 20px;}.fusion-builder-column-2 > .fusion-column-wrapper {padding-top : 0px !important;padding-right : 0px !important;margin-right : 3.84%;padding-bottom : 0px !important;padding-left : 0px !important;margin-left : 3.84%;}@media only screen and (max-width:1024px) {.fusion-body .fusion-builder-column-2{width:50% !important;order : 0;}.fusion-builder-column-2 > .fusion-column-wrapper {margin-right : 3.84%;margin-left : 3.84%;}}@media only screen and (max-width:640px) {.fusion-body .fusion-builder-column-2{width:100% !important;order : 0;}.fusion-builder-column-2 > .fusion-column-wrapper {margin-right : 1.92%;margin-left : 1.92%;}}<\/style><\/div><\/div><style type=\"text\/css\">.fusion-body .fusion-flex-container.fusion-builder-row-2{ padding-top : 0px;margin-top : 0px;padding-right : 0px;padding-bottom : 0px;margin-bottom : 0px;padding-left : 0px;}<\/style><\/div><div class=\"fusion-fullwidth fullwidth-box fusion-builder-row-3 fusion-flex-container nonhundred-percent-fullwidth non-hundred-percent-height-scrolling\" style=\"background-color: rgba(255,255,255,0);background-position: center center;background-repeat: no-repeat;border-width: 0px 0px 0px 0px;border-color:#ffffff;border-style:solid;\" ><div class=\"fusion-builder-row fusion-row fusion-flex-align-items-flex-start\" style=\"max-width:1300px;margin-left: calc(-4% \/ 2 );margin-right: calc(-4% \/ 2 );\"><div class=\"fusion-layout-column fusion_builder_column fusion-builder-column-3 fusion_builder_column_1_1 1_1 fusion-flex-column\"><div class=\"fusion-column-wrapper fusion-flex-justify-content-flex-start fusion-content-layout-column\" style=\"background-position:left top;background-repeat:no-repeat;-webkit-background-size:cover;-moz-background-size:cover;-o-background-size:cover;background-size:cover;padding: 0px 0px 0px 0px;\"><\/div><style type=\"text\/css\">.fusion-body .fusion-builder-column-3{width:100% !important;margin-top : 0px;margin-bottom : 20px;}.fusion-builder-column-3 > .fusion-column-wrapper {padding-top : 0px !important;padding-right : 0px !important;margin-right : 1.92%;padding-bottom : 0px !important;padding-left : 0px !important;margin-left : 1.92%;}@media only screen and (max-width:1024px) {.fusion-body .fusion-builder-column-3{width:100% !important;order : 0;}.fusion-builder-column-3 > .fusion-column-wrapper {margin-right : 1.92%;margin-left : 1.92%;}}@media only screen and (max-width:640px) {.fusion-body .fusion-builder-column-3{width:100% !important;order : 0;}.fusion-builder-column-3 > .fusion-column-wrapper {margin-right : 1.92%;margin-left : 1.92%;}}<\/style><\/div><\/div><style type=\"text\/css\">.fusion-body .fusion-flex-container.fusion-builder-row-3{ padding-top : 0px;margin-top : 0px;padding-right : 0px;padding-bottom : 0px;margin-bottom : 0px;padding-left : 0px;}<\/style><\/div><\/p>\n","protected":false},"excerpt":{"rendered":"","protected":false},"template":"","meta":{"_acf_changed":false},"wcs-type":[114,118],"wcs-room":[131],"wcs-instructor":[271],"class_list":["post-25302","class","type-class","status-publish","hentry","wcs-type-formacion","wcs-type-taller-es","wcs-room-agrupacio-fotografica-de-catalunya","wcs-instructor-manuel-daniel-rivera"],"acf":[],"yoast_head":"<!-- This site is optimized with the Yoast SEO plugin v27.5 - https:\/\/yoast.com\/product\/yoast-seo-wordpress\/ -->\n<title>EXPONTE - Agrupaci\u00f3 Fotogr\u00e0fica de Catalunya<\/title>\n<meta name=\"description\" content=\"Este taller pretende ofrecer formaci\u00f3n en todo el proceso creativo que va desde la idea inicial de una obra hasta la exhibici\u00f3n de la fotograf\u00eda impresa.\" \/>\n<meta name=\"robots\" content=\"index, follow, max-snippet:-1, max-image-preview:large, max-video-preview:-1\" \/>\n<link rel=\"canonical\" href=\"https:\/\/afc.cat\/es\/activitat\/ste-taller-pretende-ofrecer-formacion-en-todo-el-proceso-creativo-que-va-desde-la-idea-inicial-de-una-obra-hasta-la-exhibicion-de-la-fotografia-impresa\/\" \/>\n<meta property=\"og:locale\" content=\"es_ES\" \/>\n<meta property=\"og:type\" content=\"article\" \/>\n<meta property=\"og:title\" content=\"EXPONTE - Agrupaci\u00f3 Fotogr\u00e0fica de Catalunya\" \/>\n<meta property=\"og:description\" content=\"Este taller pretende ofrecer formaci\u00f3n en todo el proceso creativo que va desde la idea inicial de una obra hasta la exhibici\u00f3n de la fotograf\u00eda impresa.\" \/>\n<meta property=\"og:url\" content=\"https:\/\/afc.cat\/es\/activitat\/ste-taller-pretende-ofrecer-formacion-en-todo-el-proceso-creativo-que-va-desde-la-idea-inicial-de-una-obra-hasta-la-exhibicion-de-la-fotografia-impresa\/\" \/>\n<meta property=\"og:site_name\" content=\"Agrupaci\u00f3 Fotogr\u00e0fica de Catalunya\" \/>\n<meta property=\"article:modified_time\" content=\"2022-01-26T10:57:51+00:00\" \/>\n<meta name=\"twitter:card\" content=\"summary_large_image\" \/>\n<meta name=\"twitter:label1\" content=\"Tiempo de lectura\" \/>\n\t<meta name=\"twitter:data1\" content=\"10 minutos\" \/>\n<script type=\"application\/ld+json\" class=\"yoast-schema-graph\">{\"@context\":\"https:\\\/\\\/schema.org\",\"@graph\":[{\"@type\":\"WebPage\",\"@id\":\"https:\\\/\\\/afc.cat\\\/es\\\/activitat\\\/ste-taller-pretende-ofrecer-formacion-en-todo-el-proceso-creativo-que-va-desde-la-idea-inicial-de-una-obra-hasta-la-exhibicion-de-la-fotografia-impresa\\\/\",\"url\":\"https:\\\/\\\/afc.cat\\\/es\\\/activitat\\\/ste-taller-pretende-ofrecer-formacion-en-todo-el-proceso-creativo-que-va-desde-la-idea-inicial-de-una-obra-hasta-la-exhibicion-de-la-fotografia-impresa\\\/\",\"name\":\"EXPONTE - Agrupaci\u00f3 Fotogr\u00e0fica de Catalunya\",\"isPartOf\":{\"@id\":\"https:\\\/\\\/afc.cat\\\/es\\\/#website\"},\"datePublished\":\"2022-01-12T10:01:24+00:00\",\"dateModified\":\"2022-01-26T10:57:51+00:00\",\"description\":\"Este taller pretende ofrecer formaci\u00f3n en todo el proceso creativo que va desde la idea inicial de una obra hasta la exhibici\u00f3n de la fotograf\u00eda impresa.\",\"breadcrumb\":{\"@id\":\"https:\\\/\\\/afc.cat\\\/es\\\/activitat\\\/ste-taller-pretende-ofrecer-formacion-en-todo-el-proceso-creativo-que-va-desde-la-idea-inicial-de-una-obra-hasta-la-exhibicion-de-la-fotografia-impresa\\\/#breadcrumb\"},\"inLanguage\":\"es\",\"potentialAction\":[{\"@type\":\"ReadAction\",\"target\":[\"https:\\\/\\\/afc.cat\\\/es\\\/activitat\\\/ste-taller-pretende-ofrecer-formacion-en-todo-el-proceso-creativo-que-va-desde-la-idea-inicial-de-una-obra-hasta-la-exhibicion-de-la-fotografia-impresa\\\/\"]}]},{\"@type\":\"BreadcrumbList\",\"@id\":\"https:\\\/\\\/afc.cat\\\/es\\\/activitat\\\/ste-taller-pretende-ofrecer-formacion-en-todo-el-proceso-creativo-que-va-desde-la-idea-inicial-de-una-obra-hasta-la-exhibicion-de-la-fotografia-impresa\\\/#breadcrumb\",\"itemListElement\":[{\"@type\":\"ListItem\",\"position\":1,\"name\":\"Inicio\",\"item\":\"https:\\\/\\\/afc.cat\\\/es\\\/\"},{\"@type\":\"ListItem\",\"position\":2,\"name\":\"EXPONTE\"}]},{\"@type\":\"WebSite\",\"@id\":\"https:\\\/\\\/afc.cat\\\/es\\\/#website\",\"url\":\"https:\\\/\\\/afc.cat\\\/es\\\/\",\"name\":\"Agrupaci\u00f3 Fotogr\u00e0fica de Catalunya\",\"description\":\"Fomento y divulgaci\u00f3n de la fotograf\u00eda en todas sus variedades\",\"potentialAction\":[{\"@type\":\"SearchAction\",\"target\":{\"@type\":\"EntryPoint\",\"urlTemplate\":\"https:\\\/\\\/afc.cat\\\/es\\\/?s={search_term_string}\"},\"query-input\":{\"@type\":\"PropertyValueSpecification\",\"valueRequired\":true,\"valueName\":\"search_term_string\"}}],\"inLanguage\":\"es\"}]}<\/script>\n<!-- \/ Yoast SEO plugin. -->","yoast_head_json":{"title":"EXPONTE - Agrupaci\u00f3 Fotogr\u00e0fica de Catalunya","description":"Este taller pretende ofrecer formaci\u00f3n en todo el proceso creativo que va desde la idea inicial de una obra hasta la exhibici\u00f3n de la fotograf\u00eda impresa.","robots":{"index":"index","follow":"follow","max-snippet":"max-snippet:-1","max-image-preview":"max-image-preview:large","max-video-preview":"max-video-preview:-1"},"canonical":"https:\/\/afc.cat\/es\/activitat\/ste-taller-pretende-ofrecer-formacion-en-todo-el-proceso-creativo-que-va-desde-la-idea-inicial-de-una-obra-hasta-la-exhibicion-de-la-fotografia-impresa\/","og_locale":"es_ES","og_type":"article","og_title":"EXPONTE - Agrupaci\u00f3 Fotogr\u00e0fica de Catalunya","og_description":"Este taller pretende ofrecer formaci\u00f3n en todo el proceso creativo que va desde la idea inicial de una obra hasta la exhibici\u00f3n de la fotograf\u00eda impresa.","og_url":"https:\/\/afc.cat\/es\/activitat\/ste-taller-pretende-ofrecer-formacion-en-todo-el-proceso-creativo-que-va-desde-la-idea-inicial-de-una-obra-hasta-la-exhibicion-de-la-fotografia-impresa\/","og_site_name":"Agrupaci\u00f3 Fotogr\u00e0fica de Catalunya","article_modified_time":"2022-01-26T10:57:51+00:00","twitter_card":"summary_large_image","twitter_misc":{"Tiempo de lectura":"10 minutos"},"schema":{"@context":"https:\/\/schema.org","@graph":[{"@type":"WebPage","@id":"https:\/\/afc.cat\/es\/activitat\/ste-taller-pretende-ofrecer-formacion-en-todo-el-proceso-creativo-que-va-desde-la-idea-inicial-de-una-obra-hasta-la-exhibicion-de-la-fotografia-impresa\/","url":"https:\/\/afc.cat\/es\/activitat\/ste-taller-pretende-ofrecer-formacion-en-todo-el-proceso-creativo-que-va-desde-la-idea-inicial-de-una-obra-hasta-la-exhibicion-de-la-fotografia-impresa\/","name":"EXPONTE - Agrupaci\u00f3 Fotogr\u00e0fica de Catalunya","isPartOf":{"@id":"https:\/\/afc.cat\/es\/#website"},"datePublished":"2022-01-12T10:01:24+00:00","dateModified":"2022-01-26T10:57:51+00:00","description":"Este taller pretende ofrecer formaci\u00f3n en todo el proceso creativo que va desde la idea inicial de una obra hasta la exhibici\u00f3n de la fotograf\u00eda impresa.","breadcrumb":{"@id":"https:\/\/afc.cat\/es\/activitat\/ste-taller-pretende-ofrecer-formacion-en-todo-el-proceso-creativo-que-va-desde-la-idea-inicial-de-una-obra-hasta-la-exhibicion-de-la-fotografia-impresa\/#breadcrumb"},"inLanguage":"es","potentialAction":[{"@type":"ReadAction","target":["https:\/\/afc.cat\/es\/activitat\/ste-taller-pretende-ofrecer-formacion-en-todo-el-proceso-creativo-que-va-desde-la-idea-inicial-de-una-obra-hasta-la-exhibicion-de-la-fotografia-impresa\/"]}]},{"@type":"BreadcrumbList","@id":"https:\/\/afc.cat\/es\/activitat\/ste-taller-pretende-ofrecer-formacion-en-todo-el-proceso-creativo-que-va-desde-la-idea-inicial-de-una-obra-hasta-la-exhibicion-de-la-fotografia-impresa\/#breadcrumb","itemListElement":[{"@type":"ListItem","position":1,"name":"Inicio","item":"https:\/\/afc.cat\/es\/"},{"@type":"ListItem","position":2,"name":"EXPONTE"}]},{"@type":"WebSite","@id":"https:\/\/afc.cat\/es\/#website","url":"https:\/\/afc.cat\/es\/","name":"Agrupaci\u00f3 Fotogr\u00e0fica de Catalunya","description":"Fomento y divulgaci\u00f3n de la fotograf\u00eda en todas sus variedades","potentialAction":[{"@type":"SearchAction","target":{"@type":"EntryPoint","urlTemplate":"https:\/\/afc.cat\/es\/?s={search_term_string}"},"query-input":{"@type":"PropertyValueSpecification","valueRequired":true,"valueName":"search_term_string"}}],"inLanguage":"es"}]}},"_links":{"self":[{"href":"https:\/\/afc.cat\/es\/wp-json\/wp\/v2\/class\/25302","targetHints":{"allow":["GET"]}}],"collection":[{"href":"https:\/\/afc.cat\/es\/wp-json\/wp\/v2\/class"}],"about":[{"href":"https:\/\/afc.cat\/es\/wp-json\/wp\/v2\/types\/class"}],"wp:attachment":[{"href":"https:\/\/afc.cat\/es\/wp-json\/wp\/v2\/media?parent=25302"}],"wp:term":[{"taxonomy":"wcs-type","embeddable":true,"href":"https:\/\/afc.cat\/es\/wp-json\/wp\/v2\/wcs-type?post=25302"},{"taxonomy":"wcs-room","embeddable":true,"href":"https:\/\/afc.cat\/es\/wp-json\/wp\/v2\/wcs-room?post=25302"},{"taxonomy":"wcs-instructor","embeddable":true,"href":"https:\/\/afc.cat\/es\/wp-json\/wp\/v2\/wcs-instructor?post=25302"}],"curies":[{"name":"wp","href":"https:\/\/api.w.org\/{rel}","templated":true}]}}