{"id":25646,"date":"2022-01-27T16:51:58","date_gmt":"2022-01-27T14:51:58","guid":{"rendered":"https:\/\/afc.cat\/?post_type=class&#038;p=25646"},"modified":"2022-01-27T16:51:58","modified_gmt":"2022-01-27T14:51:58","slug":"6-exposiciones-de-josep-lluis-roig","status":"publish","type":"class","link":"https:\/\/afc.cat\/es\/activitat\/6-exposiciones-de-josep-lluis-roig\/","title":{"rendered":"\u00ab6 Exposiciones\u00bb de Josep Llu\u00eds Roig"},"content":{"rendered":"<p><div class=\"fusion-fullwidth fullwidth-box fusion-builder-row-1 fusion-flex-container nonhundred-percent-fullwidth non-hundred-percent-height-scrolling\" style=\"background-color: rgba(255,255,255,0);background-position: center center;background-repeat: no-repeat;border-width: 0px 15px 0px 0px;border-color:#ffffff;border-style:solid;\" ><div class=\"fusion-builder-row fusion-row fusion-flex-align-items-flex-start\" style=\"max-width:1300px;margin-left: calc(-4% \/ 2 );margin-right: calc(-4% \/ 2 );\"><div class=\"fusion-layout-column fusion_builder_column fusion-builder-column-0 fusion_builder_column_1_1 1_1 fusion-flex-column\"><div class=\"fusion-column-wrapper fusion-flex-justify-content-flex-start fusion-content-layout-column\" style=\"background-position:left top;background-repeat:no-repeat;-webkit-background-size:cover;-moz-background-size:cover;-o-background-size:cover;background-size:cover;padding: 0px 0px 0px 0px;\"><div class=\"fusion-text fusion-text-1\"><h2>Exposiciones que conmemoran<\/h2>\n<p>El 4 de febrero a las 12 del mediod\u00eda, inauguro en el <strong>Espacio Aureli Gandul del Centro Cultural Naves Bostik<\/strong>, seis exposiciones fotogr\u00e1ficas que me gustar\u00eda que visitarais. Yo siempre digo que las fotograf\u00edas se deben ense\u00f1ar.<\/p>\n<p>El 26 de octubre del a\u00f1o pasado, cumpl\u00ed los 50 a\u00f1os de socio de la <strong>Agrupaci\u00f3 Fotogr\u00e0fica de Catalunya<\/strong>. Tambi\u00e9n el mismo d\u00eda dej\u00e9 de ser presidente de la <strong>Asociaci\u00f3n Photosagrera<\/strong> comunic\u00e1ndolo durante la convocatoria de la asamblea, tras seis a\u00f1os al frente de la misma. Para celebrarlo decid\u00ed presentar estas exposiciones.<\/p>\n<p>Cinco exposiciones estaban formadas por 50 obras cada una reducidas a 30 por falta de espacio. La sexta la he dejado completa y est\u00e1 formada por 40 obras.<\/p>\n<p>La primera, \u00ab<strong>Fantas\u00edas de ayer y de hoy<\/strong>\u00bb la forman fotograf\u00edas de mi primera \u00e9poca, despu\u00e9s de realizar el cursillo de iniciaci\u00f3n a la fotograf\u00eda en la Agrupaci\u00f3 Fotogr\u00e0fica de Catalunya en 1971. Pueden parecer realizadas con Photoshop, pero en realidad son fotograf\u00edas realizadas con dobles exposiciones a la c\u00e1mara, en la ampliadora o montajes sobre papel, reproduci\u00e9ndolas despu\u00e9s. Dentro de este grupo se encuentran tres primeros premios <strong>Luis Navarro<\/strong>.<\/p>\n<p>Las fotograf\u00edas de la segunda exposici\u00f3n, \u00ab<strong>Impresiones chinas<\/strong>\u00bb las hice en 2000, cuando en China todav\u00eda no hab\u00eda muchos turistas occidentales en un viaje\u00a0 invitado por un cliente m\u00edo al que le compuse un libro de fotograf\u00edas de Barcelona con los textos traducidos al chino. Fotografi\u00e9 m\u00e1s de 2000 im\u00e1genes anal\u00f3gicas de las cuales escane\u00e9 un centenar para despu\u00e9s imprimirlas sobre papel Fino Arte de Epson.<\/p>\n<p>Las fotograf\u00edas de la tercera exposici\u00f3n son tambi\u00e9n anal\u00f3gicas, \u00ab<strong>Usted est\u00e1 en la Habana<\/strong>\u00bb las tom\u00e9 en 2001, positivadas con el mismo tipo de papel. Tuve la oportunidad de acceder a escuelas, a un hospital y tambi\u00e9n a alguna casa particular aunque con solo 30 fotos no podemos apreciar todo el reportaje del tiempo que permanec\u00ed en La Habana.<\/p>\n<p>Las fotograf\u00edas de la cuarta exposici\u00f3n \u00ab<strong>Miradas interiores<\/strong>\u00ab, las realic\u00e9 en Sagrada Familia, durante los a\u00f1os 2014 y 2016, en mis frecuentes visitas en el Temple, con turistas fotografi\u00e1ndolo todo y me dije pues yo los fotografiar\u00e9 a ellos, y as\u00ed tom\u00e9 un mont\u00f3n de fotograf\u00edas robadas, ampliando unas cincuenta para la exposici\u00f3n. En estas fotograf\u00edas ya cont\u00e9 con una compacta digital.<\/p>\n<p>La quinta exposici\u00f3n \u00ab<strong>Paseando por la Sagrera<\/strong>\u00ab, fue un homenaje que quise hacer a mi madre cuando cumpli\u00f3 noventa a\u00f1os. Durante unos cu\u00e1ntos d\u00edas la llev\u00e9 con su carro rojo de la compra, que le sirve tambi\u00e9n de andador a pasear por los lugares m\u00e1s representativos del barrio de la Sagrera y de este modo rend\u00ed homenaje a mi madre dando a conocer mi barrio.<br \/>\nLas fotograf\u00edas de esta exposici\u00f3n est\u00e1n hechas con la compacta <strong>Canon Digital<\/strong> y alguna con mi m\u00f3vil.<\/p>\n<p>Finalmente, la exposici\u00f3n \u00ab<strong>Jam Sesiones, 10 a\u00f1os<\/strong>\u00bb la forman 40 obras de los m\u00fasicos de la <strong>Locomotora Negra<\/strong>. Mi afici\u00f3n al jazz, hizo que asistiera a muchos de sus conciertos llevando mi c\u00e1mara compacta, y decid\u00ed rendirlos un peque\u00f1o homenaje haciendo esta exposici\u00f3n.<\/p>\n<p>Josep Llu\u00eds Roig<\/p>\n<\/div><\/div><style type=\"text\/css\">.fusion-body .fusion-builder-column-0{width:100% !important;margin-top : 0px;margin-bottom : 0px;}.fusion-builder-column-0 > .fusion-column-wrapper {padding-top : 0px !important;padding-right : 0px !important;margin-right : 1.92%;padding-bottom : 0px !important;padding-left : 0px !important;margin-left : 1.92%;}@media only screen and (max-width:1024px) {.fusion-body .fusion-builder-column-0{width:100% !important;}.fusion-builder-column-0 > .fusion-column-wrapper {margin-right : 1.92%;margin-left : 1.92%;}}@media only screen and (max-width:640px) {.fusion-body .fusion-builder-column-0{width:100% !important;}.fusion-builder-column-0 > .fusion-column-wrapper {margin-right : 1.92%;margin-left : 1.92%;}}<\/style><\/div><\/div><style type=\"text\/css\">.fusion-body .fusion-flex-container.fusion-builder-row-1{ padding-top : 0px;margin-top : 0px;padding-right : 0px;padding-bottom : 0px;margin-bottom : 0px;padding-left : 0px;}<\/style><\/div><div class=\"fusion-fullwidth fullwidth-box fusion-builder-row-2 fusion-flex-container nonhundred-percent-fullwidth non-hundred-percent-height-scrolling\" style=\"background-color: rgba(255,255,255,0);background-position: center center;background-repeat: no-repeat;border-width: 0px 0px 0px 0px;border-color:#ffffff;border-style:solid;\" ><div class=\"fusion-builder-row fusion-row fusion-flex-align-items-flex-start\" style=\"max-width:1300px;margin-left: calc(-4% \/ 2 );margin-right: calc(-4% \/ 2 );\"><div class=\"fusion-layout-column fusion_builder_column fusion-builder-column-1 fusion_builder_column_1_2 1_2 fusion-flex-column\"><div class=\"fusion-column-wrapper fusion-flex-justify-content-flex-start fusion-content-layout-column\" style=\"background-position:left top;background-repeat:no-repeat;-webkit-background-size:cover;-moz-background-size:cover;-o-background-size:cover;background-size:cover;padding: 0px 0px 0px 0px;\"><\/div><style type=\"text\/css\">.fusion-body .fusion-builder-column-1{width:50% !important;margin-top : 0px;margin-bottom : 20px;}.fusion-builder-column-1 > .fusion-column-wrapper {padding-top : 0px !important;padding-right : 0px !important;margin-right : 3.84%;padding-bottom : 0px !important;padding-left : 0px !important;margin-left : 3.84%;}@media only screen and (max-width:1024px) {.fusion-body .fusion-builder-column-1{width:50% !important;order : 0;}.fusion-builder-column-1 > .fusion-column-wrapper {margin-right : 3.84%;margin-left : 3.84%;}}@media only screen and (max-width:640px) {.fusion-body .fusion-builder-column-1{width:100% !important;order : 0;}.fusion-builder-column-1 > .fusion-column-wrapper {margin-right : 1.92%;margin-left : 1.92%;}}<\/style><\/div><div class=\"fusion-layout-column fusion_builder_column fusion-builder-column-2 fusion_builder_column_1_2 1_2 fusion-flex-column\"><div class=\"fusion-column-wrapper fusion-flex-justify-content-flex-start fusion-content-layout-column\" style=\"background-position:left top;background-repeat:no-repeat;-webkit-background-size:cover;-moz-background-size:cover;-o-background-size:cover;background-size:cover;padding: 0px 0px 0px 0px;\"><\/div><style type=\"text\/css\">.fusion-body .fusion-builder-column-2{width:50% !important;margin-top : 0px;margin-bottom : 20px;}.fusion-builder-column-2 > .fusion-column-wrapper {padding-top : 0px !important;padding-right : 0px !important;margin-right : 3.84%;padding-bottom : 0px !important;padding-left : 0px !important;margin-left : 3.84%;}@media only screen and (max-width:1024px) {.fusion-body .fusion-builder-column-2{width:50% !important;order : 0;}.fusion-builder-column-2 > .fusion-column-wrapper {margin-right : 3.84%;margin-left : 3.84%;}}@media only screen and (max-width:640px) {.fusion-body .fusion-builder-column-2{width:100% !important;order : 0;}.fusion-builder-column-2 > .fusion-column-wrapper {margin-right : 1.92%;margin-left : 1.92%;}}<\/style><\/div><\/div><style type=\"text\/css\">.fusion-body .fusion-flex-container.fusion-builder-row-2{ padding-top : 0px;margin-top : 0px;padding-right : 0px;padding-bottom : 0px;margin-bottom : 0px;padding-left : 0px;}<\/style><\/div><\/p>\n","protected":false},"excerpt":{"rendered":"","protected":false},"template":"","meta":{"_acf_changed":false},"wcs-type":[111],"wcs-room":[],"wcs-instructor":[],"class_list":["post-25646","class","type-class","status-publish","hentry","wcs-type-exposiciones"],"acf":[],"yoast_head":"<!-- This site is optimized with the Yoast SEO plugin v27.5 - https:\/\/yoast.com\/product\/yoast-seo-wordpress\/ -->\n<title>&quot;6 Exposiciones&quot; de Josep Llu\u00eds Roig - Agrupaci\u00f3 Fotogr\u00e0fica de Catalunya<\/title>\n<meta name=\"robots\" content=\"index, follow, max-snippet:-1, max-image-preview:large, max-video-preview:-1\" \/>\n<link rel=\"canonical\" href=\"https:\/\/afc.cat\/es\/activitat\/6-exposiciones-de-josep-lluis-roig\/\" \/>\n<meta property=\"og:locale\" content=\"es_ES\" \/>\n<meta property=\"og:type\" content=\"article\" \/>\n<meta property=\"og:title\" content=\"&quot;6 Exposiciones&quot; de Josep Llu\u00eds Roig - Agrupaci\u00f3 Fotogr\u00e0fica de Catalunya\" \/>\n<meta property=\"og:url\" content=\"https:\/\/afc.cat\/es\/activitat\/6-exposiciones-de-josep-lluis-roig\/\" \/>\n<meta property=\"og:site_name\" content=\"Agrupaci\u00f3 Fotogr\u00e0fica de Catalunya\" \/>\n<meta name=\"twitter:card\" content=\"summary_large_image\" \/>\n<meta name=\"twitter:label1\" content=\"Tiempo de lectura\" \/>\n\t<meta name=\"twitter:data1\" content=\"9 minutos\" \/>\n<script type=\"application\/ld+json\" class=\"yoast-schema-graph\">{\"@context\":\"https:\\\/\\\/schema.org\",\"@graph\":[{\"@type\":\"WebPage\",\"@id\":\"https:\\\/\\\/afc.cat\\\/es\\\/activitat\\\/6-exposiciones-de-josep-lluis-roig\\\/\",\"url\":\"https:\\\/\\\/afc.cat\\\/es\\\/activitat\\\/6-exposiciones-de-josep-lluis-roig\\\/\",\"name\":\"\\\"6 Exposiciones\\\" de Josep Llu\u00eds Roig - Agrupaci\u00f3 Fotogr\u00e0fica de Catalunya\",\"isPartOf\":{\"@id\":\"https:\\\/\\\/afc.cat\\\/es\\\/#website\"},\"datePublished\":\"2022-01-27T14:51:58+00:00\",\"breadcrumb\":{\"@id\":\"https:\\\/\\\/afc.cat\\\/es\\\/activitat\\\/6-exposiciones-de-josep-lluis-roig\\\/#breadcrumb\"},\"inLanguage\":\"es\",\"potentialAction\":[{\"@type\":\"ReadAction\",\"target\":[\"https:\\\/\\\/afc.cat\\\/es\\\/activitat\\\/6-exposiciones-de-josep-lluis-roig\\\/\"]}]},{\"@type\":\"BreadcrumbList\",\"@id\":\"https:\\\/\\\/afc.cat\\\/es\\\/activitat\\\/6-exposiciones-de-josep-lluis-roig\\\/#breadcrumb\",\"itemListElement\":[{\"@type\":\"ListItem\",\"position\":1,\"name\":\"Inicio\",\"item\":\"https:\\\/\\\/afc.cat\\\/es\\\/\"},{\"@type\":\"ListItem\",\"position\":2,\"name\":\"&#8220;6 Exposiciones&#8221; de Josep Llu\u00eds Roig\"}]},{\"@type\":\"WebSite\",\"@id\":\"https:\\\/\\\/afc.cat\\\/es\\\/#website\",\"url\":\"https:\\\/\\\/afc.cat\\\/es\\\/\",\"name\":\"Agrupaci\u00f3 Fotogr\u00e0fica de Catalunya\",\"description\":\"Fomento y divulgaci\u00f3n de la fotograf\u00eda en todas sus variedades\",\"potentialAction\":[{\"@type\":\"SearchAction\",\"target\":{\"@type\":\"EntryPoint\",\"urlTemplate\":\"https:\\\/\\\/afc.cat\\\/es\\\/?s={search_term_string}\"},\"query-input\":{\"@type\":\"PropertyValueSpecification\",\"valueRequired\":true,\"valueName\":\"search_term_string\"}}],\"inLanguage\":\"es\"}]}<\/script>\n<!-- \/ Yoast SEO plugin. -->","yoast_head_json":{"title":"\"6 Exposiciones\" de Josep Llu\u00eds Roig - Agrupaci\u00f3 Fotogr\u00e0fica de Catalunya","robots":{"index":"index","follow":"follow","max-snippet":"max-snippet:-1","max-image-preview":"max-image-preview:large","max-video-preview":"max-video-preview:-1"},"canonical":"https:\/\/afc.cat\/es\/activitat\/6-exposiciones-de-josep-lluis-roig\/","og_locale":"es_ES","og_type":"article","og_title":"\"6 Exposiciones\" de Josep Llu\u00eds Roig - Agrupaci\u00f3 Fotogr\u00e0fica de Catalunya","og_url":"https:\/\/afc.cat\/es\/activitat\/6-exposiciones-de-josep-lluis-roig\/","og_site_name":"Agrupaci\u00f3 Fotogr\u00e0fica de Catalunya","twitter_card":"summary_large_image","twitter_misc":{"Tiempo de lectura":"9 minutos"},"schema":{"@context":"https:\/\/schema.org","@graph":[{"@type":"WebPage","@id":"https:\/\/afc.cat\/es\/activitat\/6-exposiciones-de-josep-lluis-roig\/","url":"https:\/\/afc.cat\/es\/activitat\/6-exposiciones-de-josep-lluis-roig\/","name":"\"6 Exposiciones\" de Josep Llu\u00eds Roig - Agrupaci\u00f3 Fotogr\u00e0fica de Catalunya","isPartOf":{"@id":"https:\/\/afc.cat\/es\/#website"},"datePublished":"2022-01-27T14:51:58+00:00","breadcrumb":{"@id":"https:\/\/afc.cat\/es\/activitat\/6-exposiciones-de-josep-lluis-roig\/#breadcrumb"},"inLanguage":"es","potentialAction":[{"@type":"ReadAction","target":["https:\/\/afc.cat\/es\/activitat\/6-exposiciones-de-josep-lluis-roig\/"]}]},{"@type":"BreadcrumbList","@id":"https:\/\/afc.cat\/es\/activitat\/6-exposiciones-de-josep-lluis-roig\/#breadcrumb","itemListElement":[{"@type":"ListItem","position":1,"name":"Inicio","item":"https:\/\/afc.cat\/es\/"},{"@type":"ListItem","position":2,"name":"&#8220;6 Exposiciones&#8221; de Josep Llu\u00eds Roig"}]},{"@type":"WebSite","@id":"https:\/\/afc.cat\/es\/#website","url":"https:\/\/afc.cat\/es\/","name":"Agrupaci\u00f3 Fotogr\u00e0fica de Catalunya","description":"Fomento y divulgaci\u00f3n de la fotograf\u00eda en todas sus variedades","potentialAction":[{"@type":"SearchAction","target":{"@type":"EntryPoint","urlTemplate":"https:\/\/afc.cat\/es\/?s={search_term_string}"},"query-input":{"@type":"PropertyValueSpecification","valueRequired":true,"valueName":"search_term_string"}}],"inLanguage":"es"}]}},"_links":{"self":[{"href":"https:\/\/afc.cat\/es\/wp-json\/wp\/v2\/class\/25646","targetHints":{"allow":["GET"]}}],"collection":[{"href":"https:\/\/afc.cat\/es\/wp-json\/wp\/v2\/class"}],"about":[{"href":"https:\/\/afc.cat\/es\/wp-json\/wp\/v2\/types\/class"}],"wp:attachment":[{"href":"https:\/\/afc.cat\/es\/wp-json\/wp\/v2\/media?parent=25646"}],"wp:term":[{"taxonomy":"wcs-type","embeddable":true,"href":"https:\/\/afc.cat\/es\/wp-json\/wp\/v2\/wcs-type?post=25646"},{"taxonomy":"wcs-room","embeddable":true,"href":"https:\/\/afc.cat\/es\/wp-json\/wp\/v2\/wcs-room?post=25646"},{"taxonomy":"wcs-instructor","embeddable":true,"href":"https:\/\/afc.cat\/es\/wp-json\/wp\/v2\/wcs-instructor?post=25646"}],"curies":[{"name":"wp","href":"https:\/\/api.w.org\/{rel}","templated":true}]}}