{"id":25694,"date":"2022-01-31T13:10:56","date_gmt":"2022-01-31T11:10:56","guid":{"rendered":"https:\/\/afc.cat\/activitat\/sessio-de-fotografia-de-retrat-amb-ninette-shibara\/"},"modified":"2022-02-04T13:29:38","modified_gmt":"2022-02-04T11:29:38","slug":"sesion-de-fotografia-de-retrato-amb-ninette-shibara","status":"publish","type":"class","link":"https:\/\/afc.cat\/es\/activitat\/sesion-de-fotografia-de-retrato-amb-ninette-shibara\/","title":{"rendered":"Sesi\u00f3n de fotografia de retrato con Ninette Shibara"},"content":{"rendered":"<p><div class=\"fusion-fullwidth fullwidth-box fusion-builder-row-1 fusion-flex-container nonhundred-percent-fullwidth non-hundred-percent-height-scrolling\" style=\"background-color: rgba(255,255,255,0);background-position: center center;background-repeat: no-repeat;border-width: 0px 15px 0px 0px;border-color:#ffffff;border-style:solid;\" ><div class=\"fusion-builder-row fusion-row fusion-flex-align-items-flex-start\" style=\"max-width:1300px;margin-left: calc(-4% \/ 2 );margin-right: calc(-4% \/ 2 );\"><div class=\"fusion-layout-column fusion_builder_column fusion-builder-column-0 fusion_builder_column_1_1 1_1 fusion-flex-column\"><div class=\"fusion-column-wrapper fusion-flex-justify-content-flex-start fusion-content-layout-column\" style=\"background-position:left top;background-repeat:no-repeat;-webkit-background-size:cover;-moz-background-size:cover;-o-background-size:cover;background-size:cover;padding: 0px 0px 0px 0px;\"><div class=\"fusion-text fusion-text-1\"><h2 id=\"tw-target-text\" class=\"tw-data-text tw-text-large tw-ta\" dir=\"ltr\" data-placeholder=\"Traducci\u00f3n\"><span class=\"Y2IQFc\" lang=\"es\">Volvemos a realizar sesiones de fotograf\u00eda de retrato !!!<\/span><\/h2>\n<p id=\"tw-target-text\" class=\"tw-data-text tw-text-large tw-ta\" dir=\"ltr\" data-placeholder=\"Traducci\u00f3n\"><span class=\"Y2IQFc\" lang=\"es\">En la Agrupaci\u00f3 Fotogr\u00e0fica de Catalunya estamos de enhorabuena.<\/span><span class=\"Y2IQFc\" lang=\"es\"> El pr\u00f3ximo s\u00e1bado cinco de febrero la conocida y reconocida modelo Ninette Shibara vendr\u00e1 al nuevo plat\u00f3 remodelado que tenemos en nuestra sede social para realizar una sesi\u00f3n de fotograf\u00eda de retrato. <\/span><\/p>\n<p class=\"tw-data-text tw-text-large tw-ta\" dir=\"ltr\" data-placeholder=\"Traducci\u00f3n\"><span class=\"Y2IQFc\" lang=\"es\"><a href=\"https:\/\/www.ninetteshibara.com\/\" target=\"_blank\" rel=\"noopener\">Ninette Shibara<\/a>, modelo con gran experiencia y merecido prestigio en los campos del retrato, la moda y el desnudo, ha trabajado con algunos de los fot\u00f3grafos m\u00e1s reconocidos de estos \u00faltimos a\u00f1os. <\/span><\/p>\n<p class=\"tw-data-text tw-text-large tw-ta\" dir=\"ltr\" data-placeholder=\"Traducci\u00f3n\"><span class=\"Y2IQFc\" lang=\"es\">Ha sido modelo para la marca Tabatae, actriz en el videoclip \u201cLa mafia del baile\u201d de Loquillo o portada en la revista Bamb\u00fa Magazine entre muchos otros hitos destacados en su <a href=\"https:\/\/www.ninetteshibara.com\/\" target=\"_blank\" rel=\"noopener\">blog<\/a>. <\/span><\/p>\n<p class=\"tw-data-text tw-text-large tw-ta\" dir=\"ltr\" data-placeholder=\"Traducci\u00f3n\"><span class=\"Y2IQFc\" lang=\"es\">En su cuenta de <a href=\"https:\/\/www.instagram.com\/ninette_shibara\/?hl=en\" target=\"_blank\" rel=\"noopener\">Instagram<\/a> o de <a href=\"https:\/\/www.youtube.com\/c\/NinetteShibara\/featured\" target=\"_blank\" rel=\"noopener\">Youtube<\/a> puedes ver excelentes muestras de su trabajo que, estoy seguro, te animar\u00e1n a participar en esta experiencia. <\/span><\/p>\n<p class=\"tw-data-text tw-text-large tw-ta\" dir=\"ltr\" data-placeholder=\"Traducci\u00f3n\"><span class=\"Y2IQFc\" lang=\"es\">Esta sesi\u00f3n de fotograf\u00eda de retrato es la primera que se hace en la sede de la AFC despu\u00e9s del largo par\u00e9ntesis provocado por la pandemia y por las obras de remodelaci\u00f3n del local y supone el regreso a la celebraci\u00f3n peri\u00f3dica de estas actividades que tan \u00e9xito tienen entre nuestros socios. <\/span><\/p>\n<p class=\"tw-data-text tw-text-large tw-ta\" dir=\"ltr\" data-placeholder=\"Traducci\u00f3n\"><span class=\"Y2IQFc\" lang=\"es\">La sesi\u00f3n empezar\u00e1 a las 17 horas y la duraci\u00f3n prevista es de tres horas. <\/span><\/p>\n<p class=\"tw-data-text tw-text-large tw-ta\" dir=\"ltr\" data-placeholder=\"Traducci\u00f3n\"><span class=\"Y2IQFc\" lang=\"es\">Si quieres apuntarte h\u00e1zmelo saber con un <a href=\"mailto:grupretrat@afc.cat\">correo electronico<\/a>\u00a0donde deber\u00edas indicarme tu nombre y n\u00famero de socio. El aforo est\u00e1 limitado a ocho fot\u00f3grafos y por supuesto, habr\u00e1 lista de espera para repetir la sesi\u00f3n pr\u00f3ximamente.<\/span><\/p>\n<p class=\"tw-data-text tw-text-large tw-ta\" dir=\"ltr\" data-placeholder=\"Traducci\u00f3n\"><span class=\"Y2IQFc\" lang=\"es\">Si no eres socio y quieres participar lo tienes muy f\u00e1cil: hazte socio !!!. Aqu\u00ed te dejo el <a href=\"https:\/\/afc.cat\/associat\/\" target=\"_blank\" rel=\"noopener\">enlace<\/a> a la p\u00e1gina donde te explico c\u00f3mo apuntarte. <\/span><\/p>\n<p class=\"tw-data-text tw-text-large tw-ta\" dir=\"ltr\" data-placeholder=\"Traducci\u00f3n\"><span class=\"Y2IQFc\" lang=\"es\">Te dejo una peque\u00f1a galer\u00eda de fotos de Ninette Shibara que nos ha cedido para colgarla en nuestra web.<\/span><\/p>\n<p>Jacint Guiteras &amp; Pere Llu\u00eds Serracanta.<\/p>\n<p><strong>Aforo completo. Abrimos lista de espera para intentar repetir la sesi\u00f3n pr\u00f3ximamente<\/strong><\/p>\n<\/div><\/div><style type=\"text\/css\">.fusion-body .fusion-builder-column-0{width:100% !important;margin-top : 0px;margin-bottom : 0px;}.fusion-builder-column-0 > .fusion-column-wrapper {padding-top : 0px !important;padding-right : 0px !important;margin-right : 1.92%;padding-bottom : 0px !important;padding-left : 0px !important;margin-left : 1.92%;}@media only screen and (max-width:1024px) {.fusion-body .fusion-builder-column-0{width:100% !important;}.fusion-builder-column-0 > .fusion-column-wrapper {margin-right : 1.92%;margin-left : 1.92%;}}@media only screen and (max-width:640px) {.fusion-body .fusion-builder-column-0{width:100% !important;}.fusion-builder-column-0 > .fusion-column-wrapper {margin-right : 1.92%;margin-left : 1.92%;}}<\/style><\/div><\/div><style type=\"text\/css\">.fusion-body .fusion-flex-container.fusion-builder-row-1{ padding-top : 0px;margin-top : 0px;padding-right : 0px;padding-bottom : 0px;margin-bottom : 0px;padding-left : 0px;}<\/style><\/div><div class=\"fusion-fullwidth fullwidth-box fusion-builder-row-2 fusion-flex-container nonhundred-percent-fullwidth non-hundred-percent-height-scrolling\" style=\"background-color: rgba(255,255,255,0);background-position: center center;background-repeat: no-repeat;border-width: 0px 0px 0px 0px;border-color:#ffffff;border-style:solid;\" ><div class=\"fusion-builder-row fusion-row fusion-flex-align-items-flex-start\" style=\"max-width:1300px;margin-left: calc(-4% \/ 2 );margin-right: calc(-4% \/ 2 );\"><div class=\"fusion-layout-column fusion_builder_column fusion-builder-column-1 fusion_builder_column_1_1 1_1 fusion-flex-column\"><div class=\"fusion-column-wrapper fusion-flex-justify-content-flex-start fusion-content-layout-column\" style=\"background-position:left top;background-repeat:no-repeat;-webkit-background-size:cover;-moz-background-size:cover;-o-background-size:cover;background-size:cover;padding: 0px 0px 0px 0px;\"><div class=\"fusion-separator fusion-full-width-sep\" style=\"align-self: center;margin-left: auto;margin-right: auto;width:100%;\"><div class=\"fusion-separator-border sep-double\" style=\"border-color:#e2e2e2;border-top-width:1px;border-bottom-width:1px;\"><\/div><\/div><style type=\"text\/css\">.fusion-gallery-1 .fusion-gallery-image {border:0px solid #e2e2e2;}<\/style><div class=\"fusion-gallery fusion-gallery-container fusion-grid-3 fusion-columns-total-5 fusion-gallery-layout-grid fusion-gallery-1\" style=\"margin:-5px;\"><div style=\"padding:5px;\" class=\"fusion-grid-column fusion-gallery-column fusion-gallery-column-3 hover-type-none\"><div class=\"fusion-gallery-image\"><a rel=\"noreferrer\" data-rel=\"iLightbox[gallery_image_1]\" class=\"fusion-lightbox\" target=\"_self\"><img decoding=\"async\" src=\"\" width=\"\" height=\"\" alt=\"\" title=\"\" aria-label=\"\" class=\"img-responsive wp-image-25692 fusion-gallery-image-size-fixed\" \/><\/a><\/div><\/div><div style=\"padding:5px;\" class=\"fusion-grid-column fusion-gallery-column fusion-gallery-column-3 hover-type-none\"><div class=\"fusion-gallery-image\"><a rel=\"noreferrer\" data-rel=\"iLightbox[gallery_image_1]\" class=\"fusion-lightbox\" target=\"_self\"><img decoding=\"async\" src=\"\" width=\"\" height=\"\" alt=\"\" title=\"\" aria-label=\"\" class=\"img-responsive wp-image-25690 fusion-gallery-image-size-fixed\" \/><\/a><\/div><\/div><div style=\"padding:5px;\" class=\"fusion-grid-column fusion-gallery-column fusion-gallery-column-3 hover-type-none\"><div class=\"fusion-gallery-image\"><a rel=\"noreferrer\" data-rel=\"iLightbox[gallery_image_1]\" class=\"fusion-lightbox\" target=\"_self\"><img decoding=\"async\" src=\"\" width=\"\" height=\"\" alt=\"\" title=\"\" aria-label=\"\" class=\"img-responsive wp-image-25688 fusion-gallery-image-size-fixed\" \/><\/a><\/div><\/div><div class=\"clearfix\"><\/div><div style=\"padding:5px;\" class=\"fusion-grid-column fusion-gallery-column fusion-gallery-column-3 hover-type-none\"><div class=\"fusion-gallery-image\"><a rel=\"noreferrer\" data-rel=\"iLightbox[gallery_image_1]\" class=\"fusion-lightbox\" target=\"_self\"><img decoding=\"async\" src=\"\" width=\"\" height=\"\" alt=\"\" title=\"\" aria-label=\"\" class=\"img-responsive wp-image-25686 fusion-gallery-image-size-fixed\" \/><\/a><\/div><\/div><div style=\"padding:5px;\" class=\"fusion-grid-column fusion-gallery-column fusion-gallery-column-3 hover-type-none\"><div class=\"fusion-gallery-image\"><a rel=\"noreferrer\" data-rel=\"iLightbox[gallery_image_1]\" class=\"fusion-lightbox\" target=\"_self\"><img decoding=\"async\" src=\"\" width=\"\" height=\"\" alt=\"\" title=\"\" aria-label=\"\" class=\"img-responsive wp-image-25684 fusion-gallery-image-size-fixed\" \/><\/a><\/div><\/div><\/div><div class=\"fusion-separator fusion-full-width-sep\" style=\"align-self: center;margin-left: auto;margin-right: auto;width:100%;\"><div class=\"fusion-separator-border sep-double\" style=\"border-color:#e2e2e2;border-top-width:1px;border-bottom-width:1px;\"><\/div><\/div><\/div><style type=\"text\/css\">.fusion-body .fusion-builder-column-1{width:100% !important;margin-top : 0px;margin-bottom : 20px;}.fusion-builder-column-1 > .fusion-column-wrapper {padding-top : 0px !important;padding-right : 0px !important;margin-right : 1.92%;padding-bottom : 0px !important;padding-left : 0px !important;margin-left : 1.92%;}@media only screen and (max-width:1024px) {.fusion-body .fusion-builder-column-1{width:100% !important;order : 0;}.fusion-builder-column-1 > .fusion-column-wrapper {margin-right : 1.92%;margin-left : 1.92%;}}@media only screen and (max-width:640px) {.fusion-body .fusion-builder-column-1{width:100% !important;order : 0;}.fusion-builder-column-1 > .fusion-column-wrapper {margin-right : 1.92%;margin-left : 1.92%;}}<\/style><\/div><\/div><style type=\"text\/css\">.fusion-body .fusion-flex-container.fusion-builder-row-2{ padding-top : 0px;margin-top : 0px;padding-right : 0px;padding-bottom : 0px;margin-bottom : 0px;padding-left : 0px;}<\/style><\/div><\/p>\n","protected":false},"excerpt":{"rendered":"","protected":false},"template":"","meta":{"_acf_changed":false},"wcs-type":[125],"wcs-room":[308],"wcs-instructor":[252],"class_list":["post-25694","class","type-class","status-publish","hentry","wcs-type-sesion-de-estudio","wcs-room-afc","wcs-instructor-pere-lluis-serracanta"],"acf":[],"yoast_head":"<!-- This site is optimized with the Yoast SEO plugin v27.2 - https:\/\/yoast.com\/product\/yoast-seo-wordpress\/ -->\n<title>Sesi\u00f3n de fotografia de retrato con Ninette Shibara<\/title>\n<meta name=\"description\" content=\"El d\u00eda cinco de febrero realizaremos una sesi\u00f3n de fotograf\u00eda de retrato con la conocida modelo Ninette Shibara.\" \/>\n<meta name=\"robots\" content=\"index, follow, max-snippet:-1, max-image-preview:large, max-video-preview:-1\" \/>\n<link rel=\"canonical\" href=\"https:\/\/afc.cat\/es\/activitat\/sesion-de-fotografia-de-retrato-amb-ninette-shibara\/\" \/>\n<meta property=\"og:locale\" content=\"es_ES\" \/>\n<meta property=\"og:type\" content=\"article\" \/>\n<meta property=\"og:title\" content=\"Sesi\u00f3n de fotografia de retrato con Ninette Shibara\" \/>\n<meta property=\"og:description\" content=\"El d\u00eda cinco de febrero realizaremos una sesi\u00f3n de fotograf\u00eda de retrato con la conocida modelo Ninette Shibara.\" \/>\n<meta property=\"og:url\" content=\"https:\/\/afc.cat\/es\/activitat\/sesion-de-fotografia-de-retrato-amb-ninette-shibara\/\" \/>\n<meta property=\"og:site_name\" content=\"Agrupaci\u00f3 Fotogr\u00e0fica de Catalunya\" \/>\n<meta property=\"article:modified_time\" content=\"2022-02-04T11:29:38+00:00\" \/>\n<meta name=\"twitter:card\" content=\"summary_large_image\" \/>\n<meta name=\"twitter:label1\" content=\"Tiempo de lectura\" \/>\n\t<meta name=\"twitter:data1\" content=\"4 minutos\" \/>\n<script type=\"application\/ld+json\" class=\"yoast-schema-graph\">{\"@context\":\"https:\/\/schema.org\",\"@graph\":[{\"@type\":\"WebPage\",\"@id\":\"https:\/\/afc.cat\/es\/activitat\/sesion-de-fotografia-de-retrato-amb-ninette-shibara\/\",\"url\":\"https:\/\/afc.cat\/es\/activitat\/sesion-de-fotografia-de-retrato-amb-ninette-shibara\/\",\"name\":\"Sesi\u00f3n de fotografia de retrato con Ninette Shibara\",\"isPartOf\":{\"@id\":\"https:\/\/afc.cat\/es\/#website\"},\"datePublished\":\"2022-01-31T11:10:56+00:00\",\"dateModified\":\"2022-02-04T11:29:38+00:00\",\"description\":\"El d\u00eda cinco de febrero realizaremos una sesi\u00f3n de fotograf\u00eda de retrato con la conocida modelo Ninette Shibara.\",\"breadcrumb\":{\"@id\":\"https:\/\/afc.cat\/es\/activitat\/sesion-de-fotografia-de-retrato-amb-ninette-shibara\/#breadcrumb\"},\"inLanguage\":\"es\",\"potentialAction\":[{\"@type\":\"ReadAction\",\"target\":[\"https:\/\/afc.cat\/es\/activitat\/sesion-de-fotografia-de-retrato-amb-ninette-shibara\/\"]}]},{\"@type\":\"BreadcrumbList\",\"@id\":\"https:\/\/afc.cat\/es\/activitat\/sesion-de-fotografia-de-retrato-amb-ninette-shibara\/#breadcrumb\",\"itemListElement\":[{\"@type\":\"ListItem\",\"position\":1,\"name\":\"Inicio\",\"item\":\"https:\/\/afc.cat\/es\/\"},{\"@type\":\"ListItem\",\"position\":2,\"name\":\"Sesi\u00f3n de fotografia de retrato con Ninette Shibara\"}]},{\"@type\":\"WebSite\",\"@id\":\"https:\/\/afc.cat\/es\/#website\",\"url\":\"https:\/\/afc.cat\/es\/\",\"name\":\"Agrupaci\u00f3 Fotogr\u00e0fica de Catalunya\",\"description\":\"Fomento y divulgaci\u00f3n de la fotograf\u00eda en todas sus variedades\",\"potentialAction\":[{\"@type\":\"SearchAction\",\"target\":{\"@type\":\"EntryPoint\",\"urlTemplate\":\"https:\/\/afc.cat\/es\/?s={search_term_string}\"},\"query-input\":{\"@type\":\"PropertyValueSpecification\",\"valueRequired\":true,\"valueName\":\"search_term_string\"}}],\"inLanguage\":\"es\"}]}<\/script>\n<!-- \/ Yoast SEO plugin. -->","yoast_head_json":{"title":"Sesi\u00f3n de fotografia de retrato con Ninette Shibara","description":"El d\u00eda cinco de febrero realizaremos una sesi\u00f3n de fotograf\u00eda de retrato con la conocida modelo Ninette Shibara.","robots":{"index":"index","follow":"follow","max-snippet":"max-snippet:-1","max-image-preview":"max-image-preview:large","max-video-preview":"max-video-preview:-1"},"canonical":"https:\/\/afc.cat\/es\/activitat\/sesion-de-fotografia-de-retrato-amb-ninette-shibara\/","og_locale":"es_ES","og_type":"article","og_title":"Sesi\u00f3n de fotografia de retrato con Ninette Shibara","og_description":"El d\u00eda cinco de febrero realizaremos una sesi\u00f3n de fotograf\u00eda de retrato con la conocida modelo Ninette Shibara.","og_url":"https:\/\/afc.cat\/es\/activitat\/sesion-de-fotografia-de-retrato-amb-ninette-shibara\/","og_site_name":"Agrupaci\u00f3 Fotogr\u00e0fica de Catalunya","article_modified_time":"2022-02-04T11:29:38+00:00","twitter_card":"summary_large_image","twitter_misc":{"Tiempo de lectura":"4 minutos"},"schema":{"@context":"https:\/\/schema.org","@graph":[{"@type":"WebPage","@id":"https:\/\/afc.cat\/es\/activitat\/sesion-de-fotografia-de-retrato-amb-ninette-shibara\/","url":"https:\/\/afc.cat\/es\/activitat\/sesion-de-fotografia-de-retrato-amb-ninette-shibara\/","name":"Sesi\u00f3n de fotografia de retrato con Ninette Shibara","isPartOf":{"@id":"https:\/\/afc.cat\/es\/#website"},"datePublished":"2022-01-31T11:10:56+00:00","dateModified":"2022-02-04T11:29:38+00:00","description":"El d\u00eda cinco de febrero realizaremos una sesi\u00f3n de fotograf\u00eda de retrato con la conocida modelo Ninette Shibara.","breadcrumb":{"@id":"https:\/\/afc.cat\/es\/activitat\/sesion-de-fotografia-de-retrato-amb-ninette-shibara\/#breadcrumb"},"inLanguage":"es","potentialAction":[{"@type":"ReadAction","target":["https:\/\/afc.cat\/es\/activitat\/sesion-de-fotografia-de-retrato-amb-ninette-shibara\/"]}]},{"@type":"BreadcrumbList","@id":"https:\/\/afc.cat\/es\/activitat\/sesion-de-fotografia-de-retrato-amb-ninette-shibara\/#breadcrumb","itemListElement":[{"@type":"ListItem","position":1,"name":"Inicio","item":"https:\/\/afc.cat\/es\/"},{"@type":"ListItem","position":2,"name":"Sesi\u00f3n de fotografia de retrato con Ninette Shibara"}]},{"@type":"WebSite","@id":"https:\/\/afc.cat\/es\/#website","url":"https:\/\/afc.cat\/es\/","name":"Agrupaci\u00f3 Fotogr\u00e0fica de Catalunya","description":"Fomento y divulgaci\u00f3n de la fotograf\u00eda en todas sus variedades","potentialAction":[{"@type":"SearchAction","target":{"@type":"EntryPoint","urlTemplate":"https:\/\/afc.cat\/es\/?s={search_term_string}"},"query-input":{"@type":"PropertyValueSpecification","valueRequired":true,"valueName":"search_term_string"}}],"inLanguage":"es"}]}},"_links":{"self":[{"href":"https:\/\/afc.cat\/es\/wp-json\/wp\/v2\/class\/25694","targetHints":{"allow":["GET"]}}],"collection":[{"href":"https:\/\/afc.cat\/es\/wp-json\/wp\/v2\/class"}],"about":[{"href":"https:\/\/afc.cat\/es\/wp-json\/wp\/v2\/types\/class"}],"wp:attachment":[{"href":"https:\/\/afc.cat\/es\/wp-json\/wp\/v2\/media?parent=25694"}],"wp:term":[{"taxonomy":"wcs-type","embeddable":true,"href":"https:\/\/afc.cat\/es\/wp-json\/wp\/v2\/wcs-type?post=25694"},{"taxonomy":"wcs-room","embeddable":true,"href":"https:\/\/afc.cat\/es\/wp-json\/wp\/v2\/wcs-room?post=25694"},{"taxonomy":"wcs-instructor","embeddable":true,"href":"https:\/\/afc.cat\/es\/wp-json\/wp\/v2\/wcs-instructor?post=25694"}],"curies":[{"name":"wp","href":"https:\/\/api.w.org\/{rel}","templated":true}]}}