{"id":25913,"date":"2022-02-08T14:22:05","date_gmt":"2022-02-08T12:22:05","guid":{"rendered":"https:\/\/afc.cat\/activitat\/inauguracio-exposicio-il%c2%b7lusions-dalbert-folch\/"},"modified":"2022-02-08T21:28:00","modified_gmt":"2022-02-08T19:28:00","slug":"inauguracio-exposicio-il%c2%b7lusions-dalbert-folch","status":"publish","type":"class","link":"https:\/\/afc.cat\/es\/activitat\/inauguracio-exposicio-il%c2%b7lusions-dalbert-folch\/","title":{"rendered":"Exposici\u00f3n fotogr\u00e1fica \u00abIL\u00b7LUSIONS\u00bb de Albert Folch"},"content":{"rendered":"<p><div class=\"fusion-fullwidth fullwidth-box fusion-builder-row-1 fusion-flex-container nonhundred-percent-fullwidth non-hundred-percent-height-scrolling\" style=\"background-color: rgba(255,255,255,0);background-position: center center;background-repeat: no-repeat;border-width: 0px 15px 0px 0px;border-color:#ffffff;border-style:solid;\" ><div class=\"fusion-builder-row fusion-row fusion-flex-align-items-flex-start\" style=\"max-width:1300px;margin-left: calc(-4% \/ 2 );margin-right: calc(-4% \/ 2 );\"><div class=\"fusion-layout-column fusion_builder_column fusion-builder-column-0 fusion_builder_column_1_1 1_1 fusion-flex-column\"><div class=\"fusion-column-wrapper fusion-flex-justify-content-flex-start fusion-content-layout-column\" style=\"background-position:left top;background-repeat:no-repeat;-webkit-background-size:cover;-moz-background-size:cover;-o-background-size:cover;background-size:cover;padding: 0px 0px 0px 0px;\"><div class=\"fusion-text fusion-text-1\"><h2>Exposici\u00f3n fotogr\u00e1fica de Albert Folch \u201cIL\u00b7LUSIONS\u201d (Ilusiones)<\/h2>\n<p>Nuestro compa\u00f1ero Albert Folch va un paso m\u00e1s all\u00e1 de la realidad y nos presenta su exposici\u00f3n \u201cIl\u00b7lusions\u201d que a buen seguro no te dejar\u00e1 indiferente<\/p>\n<h2>Que encontrar\u00e1s<\/h2>\n<p>El bosque que no nos deja ver el \u00e1rbol o, mejor dicho, el \u00e1rbol que no nos deja ver la corteza, la playa que no nos deja ver la arena o la mano que no nos deja ver la piel son tambi\u00e9n una realidad que a menudo pasa desapercibida.<\/p>\n<p>\u00bfLas abstracciones de la realidad son realidad? \u00bfson figuraciones? \u00bfson ilusiones?<\/p>\n<p>\u00bfEl sue\u00f1o de la raz\u00f3n genera monstruos o genera otra realidad? \u00bfLo que vemos es real? \u00bfO es real porque lo vemos?<\/p>\n<p><a href=\"https:\/\/afc.cat\/es\/galeria\/galeria-socio-albert-folch\/\">Albert Folch<\/a> nos presenta un juego de im\u00e1genes que hacen que el espectador construya su propia ilusi\u00f3n y lo haga creador de aquello que \u00e9l solo ve.<\/p>\n<p>Aqu\u00ed encontrar\u00e1s abstracciones de texturas que nos invitan a ver espejismos de bosques, playas, acantilados, cuevas, paisajes nevados, \u2026 todo aquello que nuestro subconsciente y memoria nos hace ver por similitud.<\/p>\n<p>En esta exposici\u00f3n fotogr\u00e1fica, Albert Folch juega con los elementos y plantea un reto al espectador que consiste en descubrir, o mejor redescubrir, los objetos o lugares comunes con una mirada diferente.<\/p>\n<p>Sin duda una exposici\u00f3n fotogr\u00e1fica que no te puedes perder.<\/p>\n<h2>Cuando y donde<\/h2>\n<p><strong>Fechas<\/strong>: del 16 de febrero 2022 al 9 de marzo 2022<\/p>\n<p><strong>Lugar<\/strong>: Sala Bruno\u00a0Argem\u00ed<\/p>\n<p>Sala polivalente: abierta martes y viernes tarda y s\u00e1bados mat\u00e9. Consulta las diferentes <a href=\"https:\/\/afc.cat\/es\/actividades\/\">actividades<\/a> de la Sala de exposiciones<\/p>\n<p><strong>Inauguraci\u00f3n<\/strong>: mi\u00e9rcoles 16 de febrero a las 19.00 h<\/p>\n<p><strong>Precio<\/strong>: gratuita y abierta a todo el p\u00fablico<\/p>\n<p>Os esperamos!<\/p>\n<\/div><\/div><style type=\"text\/css\">.fusion-body .fusion-builder-column-0{width:100% !important;margin-top : 0px;margin-bottom : 0px;}.fusion-builder-column-0 > .fusion-column-wrapper {padding-top : 0px !important;padding-right : 0px !important;margin-right : 1.92%;padding-bottom : 0px !important;padding-left : 0px !important;margin-left : 1.92%;}@media only screen and (max-width:1024px) {.fusion-body .fusion-builder-column-0{width:100% !important;}.fusion-builder-column-0 > .fusion-column-wrapper {margin-right : 1.92%;margin-left : 1.92%;}}@media only screen and (max-width:640px) {.fusion-body .fusion-builder-column-0{width:100% !important;}.fusion-builder-column-0 > .fusion-column-wrapper {margin-right : 1.92%;margin-left : 1.92%;}}<\/style><\/div><\/div><style type=\"text\/css\">.fusion-body .fusion-flex-container.fusion-builder-row-1{ padding-top : 0px;margin-top : 0px;padding-right : 0px;padding-bottom : 0px;margin-bottom : 0px;padding-left : 0px;}<\/style><\/div><div class=\"fusion-fullwidth fullwidth-box fusion-builder-row-2 fusion-flex-container nonhundred-percent-fullwidth non-hundred-percent-height-scrolling\" style=\"background-color: rgba(255,255,255,0);background-position: center center;background-repeat: no-repeat;border-width: 0px 0px 0px 0px;border-color:#ffffff;border-style:solid;\" ><div class=\"fusion-builder-row fusion-row fusion-flex-align-items-flex-start\" style=\"max-width:1300px;margin-left: calc(-4% \/ 2 );margin-right: calc(-4% \/ 2 );\"><div class=\"fusion-layout-column fusion_builder_column fusion-builder-column-1 fusion_builder_column_1_3 1_3 fusion-flex-column\"><div class=\"fusion-column-wrapper fusion-flex-justify-content-flex-start fusion-content-layout-column\" style=\"background-position:left top;background-repeat:no-repeat;-webkit-background-size:cover;-moz-background-size:cover;-o-background-size:cover;background-size:cover;padding: 0px 0px 0px 0px;\"><div style=\"text-align:center;\"><span class=\" fusion-imageframe imageframe-none imageframe-1 hover-type-zoomin\"><img decoding=\"async\" width=\"400\" height=\"300\" title=\"Interior de cueva\" src=\"https:\/\/afc.cat\/wp-content\/uploads\/2022\/02\/Albert-Folch-2.jpg\" alt class=\"img-responsive wp-image-25895\" srcset=\"https:\/\/afc.cat\/wp-content\/uploads\/2022\/02\/Albert-Folch-2-200x150.jpg 200w, https:\/\/afc.cat\/wp-content\/uploads\/2022\/02\/Albert-Folch-2.jpg 400w\" sizes=\"(max-width: 640px) 100vw, 400px\" \/><\/span><\/div><div class=\"fusion-text fusion-text-2\" style=\"font-size:13px;\"><p style=\"text-align: center;\">Foto: Albert Folch<\/p>\n<\/div><\/div><style type=\"text\/css\">.fusion-body .fusion-builder-column-1{width:33.333333333333% !important;margin-top : 0px;margin-bottom : 20px;}.fusion-builder-column-1 > .fusion-column-wrapper {padding-top : 0px !important;padding-right : 0px !important;margin-right : 5.76%;padding-bottom : 0px !important;padding-left : 0px !important;margin-left : 5.76%;}@media only screen and (max-width:1024px) {.fusion-body .fusion-builder-column-1{width:33.333333333333% !important;order : 0;}.fusion-builder-column-1 > .fusion-column-wrapper {margin-right : 5.76%;margin-left : 5.76%;}}@media only screen and (max-width:640px) {.fusion-body .fusion-builder-column-1{width:100% !important;order : 0;}.fusion-builder-column-1 > .fusion-column-wrapper {margin-right : 1.92%;margin-left : 1.92%;}}<\/style><\/div><div class=\"fusion-layout-column fusion_builder_column fusion-builder-column-2 fusion_builder_column_1_3 1_3 fusion-flex-column\"><div class=\"fusion-column-wrapper fusion-flex-justify-content-flex-start fusion-content-layout-column\" style=\"background-position:left top;background-repeat:no-repeat;-webkit-background-size:cover;-moz-background-size:cover;-o-background-size:cover;background-size:cover;padding: 0px 0px 0px 0px;\"><div style=\"text-align:center;\"><span class=\" fusion-imageframe imageframe-none imageframe-2 hover-type-zoomin\"><img decoding=\"async\" width=\"400\" height=\"300\" title=\"Bosque quemado\" src=\"https:\/\/afc.cat\/wp-content\/uploads\/2022\/02\/Albert-Folch-22.jpg\" alt class=\"img-responsive wp-image-25897\" srcset=\"https:\/\/afc.cat\/wp-content\/uploads\/2022\/02\/Albert-Folch-22-200x150.jpg 200w, https:\/\/afc.cat\/wp-content\/uploads\/2022\/02\/Albert-Folch-22.jpg 400w\" sizes=\"(max-width: 640px) 100vw, 400px\" \/><\/span><\/div><div class=\"fusion-text fusion-text-3\" style=\"font-size:13px;\"><p style=\"text-align: center;\">Foto: Abert Folch<\/p>\n<\/div><\/div><style type=\"text\/css\">.fusion-body .fusion-builder-column-2{width:33.333333333333% !important;margin-top : 0px;margin-bottom : 20px;}.fusion-builder-column-2 > .fusion-column-wrapper {padding-top : 0px !important;padding-right : 0px !important;margin-right : 5.76%;padding-bottom : 0px !important;padding-left : 0px !important;margin-left : 5.76%;}@media only screen and (max-width:1024px) {.fusion-body .fusion-builder-column-2{width:33.333333333333% !important;order : 0;}.fusion-builder-column-2 > .fusion-column-wrapper {margin-right : 5.76%;margin-left : 5.76%;}}@media only screen and (max-width:640px) {.fusion-body .fusion-builder-column-2{width:100% !important;order : 0;}.fusion-builder-column-2 > .fusion-column-wrapper {margin-right : 1.92%;margin-left : 1.92%;}}<\/style><\/div><div class=\"fusion-layout-column fusion_builder_column fusion-builder-column-3 fusion_builder_column_1_3 1_3 fusion-flex-column\"><div class=\"fusion-column-wrapper fusion-flex-justify-content-flex-start fusion-content-layout-column\" style=\"background-position:left top;background-repeat:no-repeat;-webkit-background-size:cover;-moz-background-size:cover;-o-background-size:cover;background-size:cover;padding: 0px 0px 0px 0px;\"><div style=\"text-align:center;\"><style>.fusion-imageframe.imageframe-3{ margin-right : 5%;}<\/style><span class=\" fusion-imageframe imageframe-none imageframe-3 hover-type-zoomin\"><img decoding=\"async\" width=\"400\" height=\"300\" title=\"Paisaje nevado\" src=\"https:\/\/afc.cat\/wp-content\/uploads\/2022\/02\/Albert-Folch-1.jpg\" alt class=\"img-responsive wp-image-25893\" srcset=\"https:\/\/afc.cat\/wp-content\/uploads\/2022\/02\/Albert-Folch-1-200x150.jpg 200w, https:\/\/afc.cat\/wp-content\/uploads\/2022\/02\/Albert-Folch-1.jpg 400w\" sizes=\"(max-width: 640px) 100vw, 400px\" \/><\/span><\/div><div class=\"fusion-text fusion-text-4\" style=\"font-size:13px;\"><p style=\"text-align: center;\">Foto: Albert folch<\/p>\n<\/div><\/div><style type=\"text\/css\">.fusion-body .fusion-builder-column-3{width:33.333333333333% !important;margin-top : 0px;margin-bottom : 20px;}.fusion-builder-column-3 > .fusion-column-wrapper {padding-top : 0px !important;padding-right : 0px !important;margin-right : 5.76%;padding-bottom : 0px !important;padding-left : 0px !important;margin-left : 5.76%;}@media only screen and (max-width:1024px) {.fusion-body .fusion-builder-column-3{width:33.333333333333% !important;order : 0;}.fusion-builder-column-3 > .fusion-column-wrapper {margin-right : 5.76%;margin-left : 5.76%;}}@media only screen and (max-width:640px) {.fusion-body .fusion-builder-column-3{width:100% !important;order : 0;}.fusion-builder-column-3 > .fusion-column-wrapper {margin-right : 1.92%;margin-left : 1.92%;}}<\/style><\/div><\/div><style type=\"text\/css\">.fusion-body .fusion-flex-container.fusion-builder-row-2{ padding-top : 0px;margin-top : 0px;padding-right : 0px;padding-bottom : 0px;margin-bottom : 0px;padding-left : 0px;}<\/style><\/div><div class=\"fusion-fullwidth fullwidth-box fusion-builder-row-3 fusion-flex-container nonhundred-percent-fullwidth non-hundred-percent-height-scrolling\" style=\"background-color: rgba(255,255,255,0);background-position: center center;background-repeat: no-repeat;border-width: 0px 0px 0px 0px;border-color:#ffffff;border-style:solid;\" ><div class=\"fusion-builder-row fusion-row fusion-flex-align-items-flex-start\" style=\"max-width:1300px;margin-left: calc(-4% \/ 2 );margin-right: calc(-4% \/ 2 );\"><div class=\"fusion-layout-column fusion_builder_column fusion-builder-column-4 fusion_builder_column_1_1 1_1 fusion-flex-column\"><div class=\"fusion-column-wrapper fusion-flex-justify-content-flex-start fusion-content-layout-column\" style=\"background-position:left top;background-repeat:no-repeat;-webkit-background-size:cover;-moz-background-size:cover;-o-background-size:cover;background-size:cover;padding: 0px 0px 0px 0px;\"><\/div><style type=\"text\/css\">.fusion-body .fusion-builder-column-4{width:100% !important;margin-top : 0px;margin-bottom : 20px;}.fusion-builder-column-4 > .fusion-column-wrapper {padding-top : 0px !important;padding-right : 0px !important;margin-right : 1.92%;padding-bottom : 0px !important;padding-left : 0px !important;margin-left : 1.92%;}@media only screen and (max-width:1024px) {.fusion-body .fusion-builder-column-4{width:100% !important;order : 0;}.fusion-builder-column-4 > .fusion-column-wrapper {margin-right : 1.92%;margin-left : 1.92%;}}@media only screen and (max-width:640px) {.fusion-body .fusion-builder-column-4{width:100% !important;order : 0;}.fusion-builder-column-4 > .fusion-column-wrapper {margin-right : 1.92%;margin-left : 1.92%;}}<\/style><\/div><\/div><style type=\"text\/css\">.fusion-body .fusion-flex-container.fusion-builder-row-3{ padding-top : 0px;margin-top : 0px;padding-right : 0px;padding-bottom : 0px;margin-bottom : 0px;padding-left : 0px;}<\/style><\/div><\/p>\n","protected":false},"excerpt":{"rendered":"","protected":false},"template":"","meta":{"_acf_changed":false},"wcs-type":[111],"wcs-room":[],"wcs-instructor":[],"class_list":["post-25913","class","type-class","status-publish","hentry","wcs-type-exposiciones"],"acf":[],"yoast_head":"<!-- This site is optimized with the Yoast SEO plugin v27.5 - https:\/\/yoast.com\/product\/yoast-seo-wordpress\/ -->\n<title>Exposici\u00f3n fotogr\u00e1fica &quot;IL\u00b7LUSIONS&quot; de Albert Folch<\/title>\n<meta name=\"description\" content=\"Albert Folch ens presenta una exposici\u00f3 fotogr\u00e0fica diferent. Il\u00b7lusions \u00e9s un cojunt d&#039;imatges reals que podrien no ser-ho. No t&#039;ho perdis.\" \/>\n<meta name=\"robots\" content=\"index, follow, max-snippet:-1, max-image-preview:large, max-video-preview:-1\" \/>\n<link rel=\"canonical\" href=\"https:\/\/afc.cat\/es\/activitat\/inauguracio-exposicio-il\u00b7lusions-dalbert-folch\/\" \/>\n<meta property=\"og:locale\" content=\"es_ES\" \/>\n<meta property=\"og:type\" content=\"article\" \/>\n<meta property=\"og:title\" content=\"Exposici\u00f3n fotogr\u00e1fica &quot;IL\u00b7LUSIONS&quot; de Albert Folch\" \/>\n<meta property=\"og:description\" content=\"Albert Folch ens presenta una exposici\u00f3 fotogr\u00e0fica diferent. Il\u00b7lusions \u00e9s un cojunt d&#039;imatges reals que podrien no ser-ho. No t&#039;ho perdis.\" \/>\n<meta property=\"og:url\" content=\"https:\/\/afc.cat\/es\/activitat\/inauguracio-exposicio-il\u00b7lusions-dalbert-folch\/\" \/>\n<meta property=\"og:site_name\" content=\"Agrupaci\u00f3 Fotogr\u00e0fica de Catalunya\" \/>\n<meta property=\"article:modified_time\" content=\"2022-02-08T19:28:00+00:00\" \/>\n<meta name=\"twitter:card\" content=\"summary_large_image\" \/>\n<meta name=\"twitter:label1\" content=\"Tiempo de lectura\" \/>\n\t<meta name=\"twitter:data1\" content=\"6 minutos\" \/>\n<script type=\"application\/ld+json\" class=\"yoast-schema-graph\">{\"@context\":\"https:\\\/\\\/schema.org\",\"@graph\":[{\"@type\":\"WebPage\",\"@id\":\"https:\\\/\\\/afc.cat\\\/es\\\/activitat\\\/inauguracio-exposicio-il%c2%b7lusions-dalbert-folch\\\/\",\"url\":\"https:\\\/\\\/afc.cat\\\/es\\\/activitat\\\/inauguracio-exposicio-il%c2%b7lusions-dalbert-folch\\\/\",\"name\":\"Exposici\u00f3n fotogr\u00e1fica \\\"IL\u00b7LUSIONS\\\" de Albert Folch\",\"isPartOf\":{\"@id\":\"https:\\\/\\\/afc.cat\\\/es\\\/#website\"},\"datePublished\":\"2022-02-08T12:22:05+00:00\",\"dateModified\":\"2022-02-08T19:28:00+00:00\",\"description\":\"Albert Folch ens presenta una exposici\u00f3 fotogr\u00e0fica diferent. Il\u00b7lusions \u00e9s un cojunt d'imatges reals que podrien no ser-ho. No t'ho perdis.\",\"breadcrumb\":{\"@id\":\"https:\\\/\\\/afc.cat\\\/es\\\/activitat\\\/inauguracio-exposicio-il%c2%b7lusions-dalbert-folch\\\/#breadcrumb\"},\"inLanguage\":\"es\",\"potentialAction\":[{\"@type\":\"ReadAction\",\"target\":[\"https:\\\/\\\/afc.cat\\\/es\\\/activitat\\\/inauguracio-exposicio-il%c2%b7lusions-dalbert-folch\\\/\"]}]},{\"@type\":\"BreadcrumbList\",\"@id\":\"https:\\\/\\\/afc.cat\\\/es\\\/activitat\\\/inauguracio-exposicio-il%c2%b7lusions-dalbert-folch\\\/#breadcrumb\",\"itemListElement\":[{\"@type\":\"ListItem\",\"position\":1,\"name\":\"Inicio\",\"item\":\"https:\\\/\\\/afc.cat\\\/es\\\/\"},{\"@type\":\"ListItem\",\"position\":2,\"name\":\"Exposici\u00f3n fotogr\u00e1fica &#8220;IL\u00b7LUSIONS&#8221; de Albert Folch\"}]},{\"@type\":\"WebSite\",\"@id\":\"https:\\\/\\\/afc.cat\\\/es\\\/#website\",\"url\":\"https:\\\/\\\/afc.cat\\\/es\\\/\",\"name\":\"Agrupaci\u00f3 Fotogr\u00e0fica de Catalunya\",\"description\":\"Fomento y divulgaci\u00f3n de la fotograf\u00eda en todas sus variedades\",\"potentialAction\":[{\"@type\":\"SearchAction\",\"target\":{\"@type\":\"EntryPoint\",\"urlTemplate\":\"https:\\\/\\\/afc.cat\\\/es\\\/?s={search_term_string}\"},\"query-input\":{\"@type\":\"PropertyValueSpecification\",\"valueRequired\":true,\"valueName\":\"search_term_string\"}}],\"inLanguage\":\"es\"}]}<\/script>\n<!-- \/ Yoast SEO plugin. -->","yoast_head_json":{"title":"Exposici\u00f3n fotogr\u00e1fica \"IL\u00b7LUSIONS\" de Albert Folch","description":"Albert Folch ens presenta una exposici\u00f3 fotogr\u00e0fica diferent. Il\u00b7lusions \u00e9s un cojunt d'imatges reals que podrien no ser-ho. No t'ho perdis.","robots":{"index":"index","follow":"follow","max-snippet":"max-snippet:-1","max-image-preview":"max-image-preview:large","max-video-preview":"max-video-preview:-1"},"canonical":"https:\/\/afc.cat\/es\/activitat\/inauguracio-exposicio-il\u00b7lusions-dalbert-folch\/","og_locale":"es_ES","og_type":"article","og_title":"Exposici\u00f3n fotogr\u00e1fica \"IL\u00b7LUSIONS\" de Albert Folch","og_description":"Albert Folch ens presenta una exposici\u00f3 fotogr\u00e0fica diferent. Il\u00b7lusions \u00e9s un cojunt d'imatges reals que podrien no ser-ho. No t'ho perdis.","og_url":"https:\/\/afc.cat\/es\/activitat\/inauguracio-exposicio-il\u00b7lusions-dalbert-folch\/","og_site_name":"Agrupaci\u00f3 Fotogr\u00e0fica de Catalunya","article_modified_time":"2022-02-08T19:28:00+00:00","twitter_card":"summary_large_image","twitter_misc":{"Tiempo de lectura":"6 minutos"},"schema":{"@context":"https:\/\/schema.org","@graph":[{"@type":"WebPage","@id":"https:\/\/afc.cat\/es\/activitat\/inauguracio-exposicio-il%c2%b7lusions-dalbert-folch\/","url":"https:\/\/afc.cat\/es\/activitat\/inauguracio-exposicio-il%c2%b7lusions-dalbert-folch\/","name":"Exposici\u00f3n fotogr\u00e1fica \"IL\u00b7LUSIONS\" de Albert Folch","isPartOf":{"@id":"https:\/\/afc.cat\/es\/#website"},"datePublished":"2022-02-08T12:22:05+00:00","dateModified":"2022-02-08T19:28:00+00:00","description":"Albert Folch ens presenta una exposici\u00f3 fotogr\u00e0fica diferent. Il\u00b7lusions \u00e9s un cojunt d'imatges reals que podrien no ser-ho. No t'ho perdis.","breadcrumb":{"@id":"https:\/\/afc.cat\/es\/activitat\/inauguracio-exposicio-il%c2%b7lusions-dalbert-folch\/#breadcrumb"},"inLanguage":"es","potentialAction":[{"@type":"ReadAction","target":["https:\/\/afc.cat\/es\/activitat\/inauguracio-exposicio-il%c2%b7lusions-dalbert-folch\/"]}]},{"@type":"BreadcrumbList","@id":"https:\/\/afc.cat\/es\/activitat\/inauguracio-exposicio-il%c2%b7lusions-dalbert-folch\/#breadcrumb","itemListElement":[{"@type":"ListItem","position":1,"name":"Inicio","item":"https:\/\/afc.cat\/es\/"},{"@type":"ListItem","position":2,"name":"Exposici\u00f3n fotogr\u00e1fica &#8220;IL\u00b7LUSIONS&#8221; de Albert Folch"}]},{"@type":"WebSite","@id":"https:\/\/afc.cat\/es\/#website","url":"https:\/\/afc.cat\/es\/","name":"Agrupaci\u00f3 Fotogr\u00e0fica de Catalunya","description":"Fomento y divulgaci\u00f3n de la fotograf\u00eda en todas sus variedades","potentialAction":[{"@type":"SearchAction","target":{"@type":"EntryPoint","urlTemplate":"https:\/\/afc.cat\/es\/?s={search_term_string}"},"query-input":{"@type":"PropertyValueSpecification","valueRequired":true,"valueName":"search_term_string"}}],"inLanguage":"es"}]}},"_links":{"self":[{"href":"https:\/\/afc.cat\/es\/wp-json\/wp\/v2\/class\/25913","targetHints":{"allow":["GET"]}}],"collection":[{"href":"https:\/\/afc.cat\/es\/wp-json\/wp\/v2\/class"}],"about":[{"href":"https:\/\/afc.cat\/es\/wp-json\/wp\/v2\/types\/class"}],"wp:attachment":[{"href":"https:\/\/afc.cat\/es\/wp-json\/wp\/v2\/media?parent=25913"}],"wp:term":[{"taxonomy":"wcs-type","embeddable":true,"href":"https:\/\/afc.cat\/es\/wp-json\/wp\/v2\/wcs-type?post=25913"},{"taxonomy":"wcs-room","embeddable":true,"href":"https:\/\/afc.cat\/es\/wp-json\/wp\/v2\/wcs-room?post=25913"},{"taxonomy":"wcs-instructor","embeddable":true,"href":"https:\/\/afc.cat\/es\/wp-json\/wp\/v2\/wcs-instructor?post=25913"}],"curies":[{"name":"wp","href":"https:\/\/api.w.org\/{rel}","templated":true}]}}