{"id":26125,"date":"2022-02-10T21:14:22","date_gmt":"2022-02-10T19:14:22","guid":{"rendered":"https:\/\/afc.cat\/?post_type=class&#038;p=26125"},"modified":"2022-02-12T11:55:40","modified_gmt":"2022-02-12T09:55:40","slug":"26125","status":"publish","type":"class","link":"https:\/\/afc.cat\/es\/activitat\/26125\/","title":{"rendered":"Salida fotogr\u00e1fica \/ Fotografiando la doma ecuestre"},"content":{"rendered":"<p><div class=\"fusion-fullwidth fullwidth-box fusion-builder-row-1 fusion-flex-container nonhundred-percent-fullwidth non-hundred-percent-height-scrolling\" style=\"background-color: rgba(255,255,255,0);background-position: center center;background-repeat: no-repeat;border-width: 0px 15px 0px 0px;border-color:#ffffff;border-style:solid;\" ><div class=\"fusion-builder-row fusion-row fusion-flex-align-items-flex-start\" style=\"max-width:1300px;margin-left: calc(-4% \/ 2 );margin-right: calc(-4% \/ 2 );\"><div class=\"fusion-layout-column fusion_builder_column fusion-builder-column-0 fusion_builder_column_1_1 1_1 fusion-flex-column\"><div class=\"fusion-column-wrapper fusion-flex-justify-content-flex-start fusion-content-layout-column\" style=\"background-position:left top;background-repeat:no-repeat;-webkit-background-size:cover;-moz-background-size:cover;-o-background-size:cover;background-size:cover;padding: 0px 0px 0px 0px;\"><div class=\"fusion-text fusion-text-1\"><h2>REGRESAMOS AL CLUB DE POLO!<\/h2>\n<p>FECHA: domingo 20 de febrero 2022<br \/>\nHORA: 10:00h<br \/>\nPRECIO: GRATUITO<br \/>\nPUNTO DE ENCUENTRO: entrada de las instalaciones. Avda Dr. Mara\u00f1\u00f3n, 19-31, Barcelona<br \/>\nC\u00d3MO LLEGAR: Metro l\u00ednea 3, estaci\u00f3n Zona Universitaria<br \/>\nBuses: 7, 33, V1, H-6, 113.<\/p>\n<p>Actividad exclusiva para asociados. Si quieres formar parte de nuestra entidad te informamos <a href=\"https:\/\/afc.cat\/associat\/\">aqu\u00ed<\/a><\/p>\n<p><strong>DESCRIPCI\u00d3N DE LA ACTIVIDAD:<\/strong><\/p>\n<p>La <strong>salida fotogr\u00e1fica<\/strong> del pasado mes de noviembre al Club de Polo de Barcelona nos permiti\u00f3 disfrutar del <strong>Concurso Nacional de Salto a caballo<\/strong>. Fue una experiencia muy innovadora de la que regresamos con un buen pu\u00f1ado de im\u00e1genes deportivas dif\u00edciles de conseguir por la singularidad de las mismas.<\/p>\n<p>La valoraci\u00f3n satisfactoria de la\u00a0 actividad anterior as\u00ed como una buena relaci\u00f3n con la directiva del Club de Polo, dieron lugar a esta <strong>invitaci\u00f3n<\/strong> extendi\u00e9ndola a futuras actividades deportivas.<\/p>\n<p>As\u00ed pues,el domingo d\u00eda 20 los <strong>asociados de la AFC<\/strong> estamos invitados al pr\u00f3ximo evento de su secci\u00f3n \u00abDoma a caballo\u00bb. \u00a1All\u00ed estaremos!<\/p>\n<p>La actividad es <strong>gratuita y no requiere inscripci\u00f3n<\/strong>. Nos encontraremos a las 10:00 de la ma\u00f1ana en la puerta de las instalaciones.<\/p>\n<p>La Doma \u00bfqu\u00e9 es?<\/p>\n<p>La Viquip\u00e8dia\u00a0 dice que \u00abLa doma (en franc\u00e9s e ingl\u00e9s dressage) es el arte de ense\u00f1ar a un caballo a ser d\u00f3cil, equilibrado y obediente. La doma cl\u00e1sica es una disciplina h\u00edpica basada en la ejecuci\u00f3n de un conjunto de reanudaciones para demostrar la preparaci\u00f3n del concursante y la franqueza, la sumisi\u00f3n, el equilibrio y la elegancia del caballo.<br \/>\nEl trabajo b\u00e1sico de doma comprende restricci\u00f3n y extinci\u00f3n (alargar y arronsar el trazo) en el paso, trote y galope y movimientos laterales como la doble pisada, en la cual el caballo se mueve hacia delante y hacia un lado de manera simult\u00e1nea.<br \/>\nComo consecuencia, el caballo se vuelve tranquilo, el\u00e1stico, \u00e1gil y flexible, pero tambi\u00e9n confiado, atento y decidido, de forma que llega a constituir un conjunto perfecto con su jinete. Las pruebas de Doma consisten en la realizaci\u00f3n de diferentes ejercicios sobre el cuadrilongo que son valorados por diferentes jueces.<br \/>\nEstas calidades se manifiestan por la franqueza y la regularidad en los aires, la armon\u00eda, ligereza y facilidad de movimientos, la impulsi\u00f3n y el equilibrio, y la sumisi\u00f3n al emboquille sin tensi\u00f3n ni resistencia. El caballo parece transportarse por s\u00ed mismo.<br \/>\nLa doma se puede utilizar como adiestramiento para otras disciplinas, como las competiciones y los concursos. La Escuela Espa\u00f1ola de Equitaci\u00f3n de Viena, fundada el 1572, es el centro mundial m\u00e1s famoso de exhibici\u00f3n de doma.\u00bb<\/p>\n<p>\u00bfTe apuntas a esta salida?<\/p>\n<p>NO REQUIERE INSCRIPCI\u00d3N<\/p>\n<\/div><\/div><style type=\"text\/css\">.fusion-body .fusion-builder-column-0{width:100% !important;margin-top : 0px;margin-bottom : 0px;}.fusion-builder-column-0 > .fusion-column-wrapper {padding-top : 0px !important;padding-right : 0px !important;margin-right : 1.92%;padding-bottom : 0px !important;padding-left : 0px !important;margin-left : 1.92%;}@media only screen and (max-width:1024px) {.fusion-body .fusion-builder-column-0{width:100% !important;}.fusion-builder-column-0 > .fusion-column-wrapper {margin-right : 1.92%;margin-left : 1.92%;}}@media only screen and (max-width:640px) {.fusion-body .fusion-builder-column-0{width:100% !important;}.fusion-builder-column-0 > .fusion-column-wrapper {margin-right : 1.92%;margin-left : 1.92%;}}<\/style><\/div><\/div><style type=\"text\/css\">.fusion-body .fusion-flex-container.fusion-builder-row-1{ padding-top : 0px;margin-top : 0px;padding-right : 0px;padding-bottom : 0px;margin-bottom : 0px;padding-left : 0px;}<\/style><\/div><div class=\"fusion-fullwidth fullwidth-box fusion-builder-row-2 fusion-flex-container nonhundred-percent-fullwidth non-hundred-percent-height-scrolling\" style=\"background-color: rgba(255,255,255,0);background-position: center center;background-repeat: no-repeat;border-width: 0px 0px 0px 0px;border-color:#ffffff;border-style:solid;\" ><div class=\"fusion-builder-row fusion-row fusion-flex-align-items-flex-start\" style=\"max-width:1300px;margin-left: calc(-4% \/ 2 );margin-right: calc(-4% \/ 2 );\"><div class=\"fusion-layout-column fusion_builder_column fusion-builder-column-1 fusion_builder_column_1_2 1_2 fusion-flex-column\"><div class=\"fusion-column-wrapper fusion-flex-justify-content-flex-start fusion-content-layout-column\" style=\"background-position:left top;background-repeat:no-repeat;-webkit-background-size:cover;-moz-background-size:cover;-o-background-size:cover;background-size:cover;padding: 0px 0px 0px 0px;\"><div ><span class=\" fusion-imageframe imageframe-none imageframe-1 hover-type-none\"><img decoding=\"async\" width=\"284\" height=\"300\" title=\"AFCJosep_Soler2\" src=\"https:\/\/afc.cat\/wp-content\/uploads\/2022\/02\/AFCJosep_Soler2-284x300.jpg\" alt class=\"img-responsive wp-image-26155\" srcset=\"https:\/\/afc.cat\/wp-content\/uploads\/2022\/02\/AFCJosep_Soler2-200x211.jpg 200w, https:\/\/afc.cat\/wp-content\/uploads\/2022\/02\/AFCJosep_Soler2.jpg 400w\" sizes=\"(max-width: 640px) 100vw, 284px\" \/><\/span><\/div><div class=\"fusion-text fusion-text-2\"><p style=\"text-align: center;\">Josep Soler<\/p>\n<\/div><\/div><style type=\"text\/css\">.fusion-body .fusion-builder-column-1{width:50% !important;margin-top : 0px;margin-bottom : 20px;}.fusion-builder-column-1 > .fusion-column-wrapper {padding-top : 0px !important;padding-right : 0px !important;margin-right : 3.84%;padding-bottom : 0px !important;padding-left : 0px !important;margin-left : 3.84%;}@media only screen and (max-width:1024px) {.fusion-body .fusion-builder-column-1{width:50% !important;order : 0;}.fusion-builder-column-1 > .fusion-column-wrapper {margin-right : 3.84%;margin-left : 3.84%;}}@media only screen and (max-width:640px) {.fusion-body .fusion-builder-column-1{width:100% !important;order : 0;}.fusion-builder-column-1 > .fusion-column-wrapper {margin-right : 1.92%;margin-left : 1.92%;}}<\/style><\/div><div class=\"fusion-layout-column fusion_builder_column fusion-builder-column-2 fusion_builder_column_1_2 1_2 fusion-flex-column\"><div class=\"fusion-column-wrapper fusion-flex-justify-content-flex-start fusion-content-layout-column\" style=\"background-position:left top;background-repeat:no-repeat;-webkit-background-size:cover;-moz-background-size:cover;-o-background-size:cover;background-size:cover;padding: 0px 0px 0px 0px;\"><\/div><style type=\"text\/css\">.fusion-body .fusion-builder-column-2{width:50% !important;margin-top : 0px;margin-bottom : 20px;}.fusion-builder-column-2 > .fusion-column-wrapper {padding-top : 0px !important;padding-right : 0px !important;margin-right : 3.84%;padding-bottom : 0px !important;padding-left : 0px !important;margin-left : 3.84%;}@media only screen and (max-width:1024px) {.fusion-body .fusion-builder-column-2{width:50% !important;order : 0;}.fusion-builder-column-2 > .fusion-column-wrapper {margin-right : 3.84%;margin-left : 3.84%;}}@media only screen and (max-width:640px) {.fusion-body .fusion-builder-column-2{width:100% !important;order : 0;}.fusion-builder-column-2 > .fusion-column-wrapper {margin-right : 1.92%;margin-left : 1.92%;}}<\/style><\/div><\/div><style type=\"text\/css\">.fusion-body .fusion-flex-container.fusion-builder-row-2{ padding-top : 0px;margin-top : 0px;padding-right : 0px;padding-bottom : 0px;margin-bottom : 0px;padding-left : 0px;}<\/style><\/div><\/p>\n","protected":false},"excerpt":{"rendered":"","protected":false},"template":"","meta":{"_acf_changed":false},"wcs-type":[127,128],"wcs-room":[319],"wcs-instructor":[],"class_list":["post-26125","class","type-class","status-publish","hentry","wcs-type-salidas","wcs-type-salidas-fotograficas","wcs-room-real-club-de-polo"],"acf":[],"yoast_head":"<!-- This site is optimized with the Yoast SEO plugin v27.5 - https:\/\/yoast.com\/product\/yoast-seo-wordpress\/ -->\n<title>Salida fotogr\u00e1fica \/ Fotografiando la doma ecuestre - Agrupaci\u00f3 Fotogr\u00e0fica de Catalunya<\/title>\n<meta name=\"robots\" content=\"index, follow, max-snippet:-1, max-image-preview:large, max-video-preview:-1\" \/>\n<link rel=\"canonical\" href=\"https:\/\/afc.cat\/es\/activitat\/26125\/\" \/>\n<meta property=\"og:locale\" content=\"es_ES\" \/>\n<meta property=\"og:type\" content=\"article\" \/>\n<meta property=\"og:title\" content=\"Salida fotogr\u00e1fica \/ Fotografiando la doma ecuestre - Agrupaci\u00f3 Fotogr\u00e0fica de Catalunya\" \/>\n<meta property=\"og:url\" content=\"https:\/\/afc.cat\/es\/activitat\/26125\/\" \/>\n<meta property=\"og:site_name\" content=\"Agrupaci\u00f3 Fotogr\u00e0fica de Catalunya\" \/>\n<meta property=\"article:modified_time\" content=\"2022-02-12T09:55:40+00:00\" \/>\n<meta name=\"twitter:card\" content=\"summary_large_image\" \/>\n<meta name=\"twitter:label1\" content=\"Tiempo de lectura\" \/>\n\t<meta name=\"twitter:data1\" content=\"9 minutos\" \/>\n<script type=\"application\/ld+json\" class=\"yoast-schema-graph\">{\"@context\":\"https:\\\/\\\/schema.org\",\"@graph\":[{\"@type\":\"WebPage\",\"@id\":\"https:\\\/\\\/afc.cat\\\/es\\\/activitat\\\/26125\\\/\",\"url\":\"https:\\\/\\\/afc.cat\\\/es\\\/activitat\\\/26125\\\/\",\"name\":\"Salida fotogr\u00e1fica \\\/ Fotografiando la doma ecuestre - Agrupaci\u00f3 Fotogr\u00e0fica de Catalunya\",\"isPartOf\":{\"@id\":\"https:\\\/\\\/afc.cat\\\/es\\\/#website\"},\"datePublished\":\"2022-02-10T19:14:22+00:00\",\"dateModified\":\"2022-02-12T09:55:40+00:00\",\"breadcrumb\":{\"@id\":\"https:\\\/\\\/afc.cat\\\/es\\\/activitat\\\/26125\\\/#breadcrumb\"},\"inLanguage\":\"es\",\"potentialAction\":[{\"@type\":\"ReadAction\",\"target\":[\"https:\\\/\\\/afc.cat\\\/es\\\/activitat\\\/26125\\\/\"]}]},{\"@type\":\"BreadcrumbList\",\"@id\":\"https:\\\/\\\/afc.cat\\\/es\\\/activitat\\\/26125\\\/#breadcrumb\",\"itemListElement\":[{\"@type\":\"ListItem\",\"position\":1,\"name\":\"Inicio\",\"item\":\"https:\\\/\\\/afc.cat\\\/es\\\/\"},{\"@type\":\"ListItem\",\"position\":2,\"name\":\"Salida fotogr\u00e1fica \\\/ Fotografiando la doma ecuestre\"}]},{\"@type\":\"WebSite\",\"@id\":\"https:\\\/\\\/afc.cat\\\/es\\\/#website\",\"url\":\"https:\\\/\\\/afc.cat\\\/es\\\/\",\"name\":\"Agrupaci\u00f3 Fotogr\u00e0fica de Catalunya\",\"description\":\"Fomento y divulgaci\u00f3n de la fotograf\u00eda en todas sus variedades\",\"potentialAction\":[{\"@type\":\"SearchAction\",\"target\":{\"@type\":\"EntryPoint\",\"urlTemplate\":\"https:\\\/\\\/afc.cat\\\/es\\\/?s={search_term_string}\"},\"query-input\":{\"@type\":\"PropertyValueSpecification\",\"valueRequired\":true,\"valueName\":\"search_term_string\"}}],\"inLanguage\":\"es\"}]}<\/script>\n<!-- \/ Yoast SEO plugin. -->","yoast_head_json":{"title":"Salida fotogr\u00e1fica \/ Fotografiando la doma ecuestre - Agrupaci\u00f3 Fotogr\u00e0fica de Catalunya","robots":{"index":"index","follow":"follow","max-snippet":"max-snippet:-1","max-image-preview":"max-image-preview:large","max-video-preview":"max-video-preview:-1"},"canonical":"https:\/\/afc.cat\/es\/activitat\/26125\/","og_locale":"es_ES","og_type":"article","og_title":"Salida fotogr\u00e1fica \/ Fotografiando la doma ecuestre - Agrupaci\u00f3 Fotogr\u00e0fica de Catalunya","og_url":"https:\/\/afc.cat\/es\/activitat\/26125\/","og_site_name":"Agrupaci\u00f3 Fotogr\u00e0fica de Catalunya","article_modified_time":"2022-02-12T09:55:40+00:00","twitter_card":"summary_large_image","twitter_misc":{"Tiempo de lectura":"9 minutos"},"schema":{"@context":"https:\/\/schema.org","@graph":[{"@type":"WebPage","@id":"https:\/\/afc.cat\/es\/activitat\/26125\/","url":"https:\/\/afc.cat\/es\/activitat\/26125\/","name":"Salida fotogr\u00e1fica \/ Fotografiando la doma ecuestre - Agrupaci\u00f3 Fotogr\u00e0fica de Catalunya","isPartOf":{"@id":"https:\/\/afc.cat\/es\/#website"},"datePublished":"2022-02-10T19:14:22+00:00","dateModified":"2022-02-12T09:55:40+00:00","breadcrumb":{"@id":"https:\/\/afc.cat\/es\/activitat\/26125\/#breadcrumb"},"inLanguage":"es","potentialAction":[{"@type":"ReadAction","target":["https:\/\/afc.cat\/es\/activitat\/26125\/"]}]},{"@type":"BreadcrumbList","@id":"https:\/\/afc.cat\/es\/activitat\/26125\/#breadcrumb","itemListElement":[{"@type":"ListItem","position":1,"name":"Inicio","item":"https:\/\/afc.cat\/es\/"},{"@type":"ListItem","position":2,"name":"Salida fotogr\u00e1fica \/ Fotografiando la doma ecuestre"}]},{"@type":"WebSite","@id":"https:\/\/afc.cat\/es\/#website","url":"https:\/\/afc.cat\/es\/","name":"Agrupaci\u00f3 Fotogr\u00e0fica de Catalunya","description":"Fomento y divulgaci\u00f3n de la fotograf\u00eda en todas sus variedades","potentialAction":[{"@type":"SearchAction","target":{"@type":"EntryPoint","urlTemplate":"https:\/\/afc.cat\/es\/?s={search_term_string}"},"query-input":{"@type":"PropertyValueSpecification","valueRequired":true,"valueName":"search_term_string"}}],"inLanguage":"es"}]}},"_links":{"self":[{"href":"https:\/\/afc.cat\/es\/wp-json\/wp\/v2\/class\/26125","targetHints":{"allow":["GET"]}}],"collection":[{"href":"https:\/\/afc.cat\/es\/wp-json\/wp\/v2\/class"}],"about":[{"href":"https:\/\/afc.cat\/es\/wp-json\/wp\/v2\/types\/class"}],"wp:attachment":[{"href":"https:\/\/afc.cat\/es\/wp-json\/wp\/v2\/media?parent=26125"}],"wp:term":[{"taxonomy":"wcs-type","embeddable":true,"href":"https:\/\/afc.cat\/es\/wp-json\/wp\/v2\/wcs-type?post=26125"},{"taxonomy":"wcs-room","embeddable":true,"href":"https:\/\/afc.cat\/es\/wp-json\/wp\/v2\/wcs-room?post=26125"},{"taxonomy":"wcs-instructor","embeddable":true,"href":"https:\/\/afc.cat\/es\/wp-json\/wp\/v2\/wcs-instructor?post=26125"}],"curies":[{"name":"wp","href":"https:\/\/api.w.org\/{rel}","templated":true}]}}