{"id":26318,"date":"2022-02-22T21:32:47","date_gmt":"2022-02-22T19:32:47","guid":{"rendered":"https:\/\/afc.cat\/?post_type=class&#038;p=26318"},"modified":"2022-02-22T21:40:33","modified_gmt":"2022-02-22T19:40:33","slug":"grupo-de-fotografia-de-natura-reunion-02-03","status":"publish","type":"class","link":"https:\/\/afc.cat\/es\/activitat\/grupo-de-fotografia-de-natura-reunion-02-03\/","title":{"rendered":"Grupo de Fotograf\u00eda de Natura \/ Reuni\u00f3n 02\/03"},"content":{"rendered":"<p><div class=\"fusion-fullwidth fullwidth-box fusion-builder-row-1 fusion-flex-container nonhundred-percent-fullwidth non-hundred-percent-height-scrolling\" style=\"background-color: rgba(255,255,255,0);background-position: center center;background-repeat: no-repeat;border-width: 0px 15px 0px 0px;border-color:#ffffff;border-style:solid;\" ><div class=\"fusion-builder-row fusion-row fusion-flex-align-items-flex-start\" style=\"max-width:1300px;margin-left: calc(-4% \/ 2 );margin-right: calc(-4% \/ 2 );\"><div class=\"fusion-layout-column fusion_builder_column fusion-builder-column-0 fusion_builder_column_1_1 1_1 fusion-flex-column\"><div class=\"fusion-column-wrapper fusion-flex-justify-content-flex-start fusion-content-layout-column\" style=\"background-position:left top;background-repeat:no-repeat;-webkit-background-size:cover;-moz-background-size:cover;-o-background-size:cover;background-size:cover;padding: 0px 0px 0px 0px;\"><div class=\"fusion-text fusion-text-1\"><h2>Bienvenidos a Pakist\u00e1n<\/h2>\n<p><strong>J.Blanch. Diciembre 2021<\/strong><\/p>\n<p>Mi \u00faltimo gran viaje ha sido a Pakist\u00e1n, un pa\u00eds que a los visitantes potenciales a menudo les inquieta su supuesta anarqu\u00eda e inestabilidad pol\u00edtica, no lo voy a negar, a mi tambi\u00e9n me inquiet\u00f3. Pero se trata tambi\u00e9n de un<strong> pa\u00eds con mucho que ofrecer<\/strong>, desde algunas de las monta\u00f1as m\u00e1s altas y espectaculares del mundo hasta los diferentes monumentos y construcciones, muchos de ellos Patrimonio de la Humanidad por la UNESCO, adem\u00e1s de su <strong>riqueza cultural y social<\/strong>.<\/p>\n<p>\u00bfEs merecida esa fama de pa\u00eds conflictivo? S\u00ed y no. Los medios de comunicaci\u00f3n a menudo solo nos muestran la cara m\u00e1s cruda de su sociedad, pero no todo es fanatismo y terrorismo. Por experiencia, solo se trata de saber, como en todas las regiones de este mundo, d\u00f3nde podemos estar y donde no. Basta un poco de inter\u00e9s y de informaci\u00f3n para conocer la<strong> idiosincrasia y costumbres de un pueblo<\/strong> (normas sociales, costumbre, religi\u00f3n&#8230;) para poder moverse con soltura y sumergirse por sus bazares, calles y mercados.<\/p>\n<p>Pero lo <strong>m\u00e1s importante de Pakist\u00e1n es su gente<\/strong>. Aunque tradicionalistas, los paquistan\u00edes son acogedores y hospitalarios por naturaleza, y reciben a los pocos visitantes con genuino entusiasmo e inter\u00e9s. Quienes vayan m\u00e1s all\u00e1 de los titulares y dediquen tiempo a explorar pienso que acabaran situando a Pakist\u00e1n entre sus destinos a visitar.<\/p>\n<\/div><style type=\"text\/css\">.fusion-gallery-1 .fusion-gallery-image {border:0px solid #e2e2e2;}<\/style><div class=\"fusion-gallery fusion-gallery-container fusion-grid-3 fusion-columns-total-3 fusion-gallery-layout-grid fusion-gallery-1\" style=\"margin:-5px;\"><div style=\"padding:5px;\" class=\"fusion-grid-column fusion-gallery-column fusion-gallery-column-3 hover-type-none\"><div class=\"fusion-gallery-image\"><a href=\"https:\/\/afc.cat\/wp-content\/uploads\/2022\/02\/Dia-3-Tejeria-camino-de-Nagaparkar-003-scaled.jpg\" rel=\"noreferrer\" data-rel=\"iLightbox[gallery_image_1]\" class=\"fusion-lightbox\" target=\"_self\"><img decoding=\"async\" src=\"https:\/\/afc.cat\/wp-content\/uploads\/2022\/02\/Dia-3-Tejeria-camino-de-Nagaparkar-003-scaled.jpg\" width=\"1888\" height=\"2560\" alt=\"\" title=\"Dia 3 Tejeria camino de Nagaparkar-003\" aria-label=\"Dia 3 Tejeria camino de Nagaparkar-003\" class=\"img-responsive wp-image-26312\" srcset=\"https:\/\/afc.cat\/wp-content\/uploads\/2022\/02\/Dia-3-Tejeria-camino-de-Nagaparkar-003-200x271.jpg 200w, https:\/\/afc.cat\/wp-content\/uploads\/2022\/02\/Dia-3-Tejeria-camino-de-Nagaparkar-003-400x542.jpg 400w, https:\/\/afc.cat\/wp-content\/uploads\/2022\/02\/Dia-3-Tejeria-camino-de-Nagaparkar-003-600x814.jpg 600w, https:\/\/afc.cat\/wp-content\/uploads\/2022\/02\/Dia-3-Tejeria-camino-de-Nagaparkar-003-800x1085.jpg 800w, https:\/\/afc.cat\/wp-content\/uploads\/2022\/02\/Dia-3-Tejeria-camino-de-Nagaparkar-003-1200x1627.jpg 1200w, https:\/\/afc.cat\/wp-content\/uploads\/2022\/02\/Dia-3-Tejeria-camino-de-Nagaparkar-003-scaled.jpg 1888w\" sizes=\"(min-width: 2200px) 100vw, (min-width: 832px) 413px, (min-width: 736px) 620px, (min-width: 640px) 736px, \" \/><\/a><\/div><\/div><div style=\"padding:5px;\" class=\"fusion-grid-column fusion-gallery-column fusion-gallery-column-3 hover-type-none\"><div class=\"fusion-gallery-image\"><a href=\"https:\/\/afc.cat\/wp-content\/uploads\/2022\/02\/Dia-5-School-Nagaparkar-004-scaled.jpg\" rel=\"noreferrer\" data-rel=\"iLightbox[gallery_image_1]\" class=\"fusion-lightbox\" target=\"_self\"><img decoding=\"async\" src=\"https:\/\/afc.cat\/wp-content\/uploads\/2022\/02\/Dia-5-School-Nagaparkar-004-scaled.jpg\" width=\"2560\" height=\"1981\" alt=\"\" title=\"Dia 5 School Nagaparkar-004\" aria-label=\"Dia 5 School Nagaparkar-004\" class=\"img-responsive wp-image-26314\" srcset=\"https:\/\/afc.cat\/wp-content\/uploads\/2022\/02\/Dia-5-School-Nagaparkar-004-200x155.jpg 200w, https:\/\/afc.cat\/wp-content\/uploads\/2022\/02\/Dia-5-School-Nagaparkar-004-400x309.jpg 400w, https:\/\/afc.cat\/wp-content\/uploads\/2022\/02\/Dia-5-School-Nagaparkar-004-600x464.jpg 600w, https:\/\/afc.cat\/wp-content\/uploads\/2022\/02\/Dia-5-School-Nagaparkar-004-800x619.jpg 800w, https:\/\/afc.cat\/wp-content\/uploads\/2022\/02\/Dia-5-School-Nagaparkar-004-1200x928.jpg 1200w, https:\/\/afc.cat\/wp-content\/uploads\/2022\/02\/Dia-5-School-Nagaparkar-004-scaled.jpg 2560w\" sizes=\"(min-width: 2200px) 100vw, (min-width: 832px) 413px, (min-width: 736px) 620px, (min-width: 640px) 736px, \" \/><\/a><\/div><\/div><div style=\"padding:5px;\" class=\"fusion-grid-column fusion-gallery-column fusion-gallery-column-3 hover-type-none\"><div class=\"fusion-gallery-image\"><a href=\"https:\/\/afc.cat\/wp-content\/uploads\/2022\/02\/Dia-6-Manchar-Lake-001.jpg\" rel=\"noreferrer\" data-rel=\"iLightbox[gallery_image_1]\" class=\"fusion-lightbox\" target=\"_self\"><img decoding=\"async\" src=\"https:\/\/afc.cat\/wp-content\/uploads\/2022\/02\/Dia-6-Manchar-Lake-001.jpg\" width=\"2474\" height=\"2548\" alt=\"\" title=\"Dia 6 Manchar Lake-001\" aria-label=\"Dia 6 Manchar Lake-001\" class=\"img-responsive wp-image-26316\" srcset=\"https:\/\/afc.cat\/wp-content\/uploads\/2022\/02\/Dia-6-Manchar-Lake-001-200x206.jpg 200w, https:\/\/afc.cat\/wp-content\/uploads\/2022\/02\/Dia-6-Manchar-Lake-001-400x412.jpg 400w, https:\/\/afc.cat\/wp-content\/uploads\/2022\/02\/Dia-6-Manchar-Lake-001-600x618.jpg 600w, https:\/\/afc.cat\/wp-content\/uploads\/2022\/02\/Dia-6-Manchar-Lake-001-800x824.jpg 800w, https:\/\/afc.cat\/wp-content\/uploads\/2022\/02\/Dia-6-Manchar-Lake-001-1200x1236.jpg 1200w, https:\/\/afc.cat\/wp-content\/uploads\/2022\/02\/Dia-6-Manchar-Lake-001.jpg 2474w\" sizes=\"(min-width: 2200px) 100vw, (min-width: 832px) 413px, (min-width: 736px) 620px, (min-width: 640px) 736px, \" \/><\/a><\/div><\/div><div class=\"clearfix\"><\/div><\/div><\/div><style type=\"text\/css\">.fusion-body .fusion-builder-column-0{width:100% !important;margin-top : 0px;margin-bottom : 0px;}.fusion-builder-column-0 > .fusion-column-wrapper {padding-top : 0px !important;padding-right : 0px !important;margin-right : 1.92%;padding-bottom : 0px !important;padding-left : 0px !important;margin-left : 1.92%;}@media only screen and (max-width:1024px) {.fusion-body .fusion-builder-column-0{width:100% !important;}.fusion-builder-column-0 > .fusion-column-wrapper {margin-right : 1.92%;margin-left : 1.92%;}}@media only screen and (max-width:640px) {.fusion-body .fusion-builder-column-0{width:100% !important;}.fusion-builder-column-0 > .fusion-column-wrapper {margin-right : 1.92%;margin-left : 1.92%;}}<\/style><\/div><\/div><style type=\"text\/css\">.fusion-body .fusion-flex-container.fusion-builder-row-1{ padding-top : 0px;margin-top : 0px;padding-right : 0px;padding-bottom : 0px;margin-bottom : 0px;padding-left : 0px;}<\/style><\/div><div class=\"fusion-fullwidth fullwidth-box fusion-builder-row-2 fusion-flex-container nonhundred-percent-fullwidth non-hundred-percent-height-scrolling\" style=\"background-color: rgba(255,255,255,0);background-position: center center;background-repeat: no-repeat;border-width: 0px 0px 0px 0px;border-color:#ffffff;border-style:solid;\" ><div class=\"fusion-builder-row fusion-row fusion-flex-align-items-flex-start\" style=\"max-width:1300px;margin-left: calc(-4% \/ 2 );margin-right: calc(-4% \/ 2 );\"><div class=\"fusion-layout-column fusion_builder_column fusion-builder-column-1 fusion_builder_column_1_2 1_2 fusion-flex-column\"><div class=\"fusion-column-wrapper fusion-flex-justify-content-flex-start fusion-content-layout-column\" style=\"background-position:left top;background-repeat:no-repeat;-webkit-background-size:cover;-moz-background-size:cover;-o-background-size:cover;background-size:cover;padding: 0px 0px 0px 0px;\"><\/div><style type=\"text\/css\">.fusion-body .fusion-builder-column-1{width:50% !important;margin-top : 0px;margin-bottom : 20px;}.fusion-builder-column-1 > .fusion-column-wrapper {padding-top : 0px !important;padding-right : 0px !important;margin-right : 3.84%;padding-bottom : 0px !important;padding-left : 0px !important;margin-left : 3.84%;}@media only screen and (max-width:1024px) {.fusion-body .fusion-builder-column-1{width:50% !important;order : 0;}.fusion-builder-column-1 > .fusion-column-wrapper {margin-right : 3.84%;margin-left : 3.84%;}}@media only screen and (max-width:640px) {.fusion-body .fusion-builder-column-1{width:100% !important;order : 0;}.fusion-builder-column-1 > .fusion-column-wrapper {margin-right : 1.92%;margin-left : 1.92%;}}<\/style><\/div><div class=\"fusion-layout-column fusion_builder_column fusion-builder-column-2 fusion_builder_column_1_2 1_2 fusion-flex-column\"><div class=\"fusion-column-wrapper fusion-flex-justify-content-flex-start fusion-content-layout-column\" style=\"background-position:left top;background-repeat:no-repeat;-webkit-background-size:cover;-moz-background-size:cover;-o-background-size:cover;background-size:cover;padding: 0px 0px 0px 0px;\"><\/div><style type=\"text\/css\">.fusion-body .fusion-builder-column-2{width:50% !important;margin-top : 0px;margin-bottom : 20px;}.fusion-builder-column-2 > .fusion-column-wrapper {padding-top : 0px !important;padding-right : 0px !important;margin-right : 3.84%;padding-bottom : 0px !important;padding-left : 0px !important;margin-left : 3.84%;}@media only screen and (max-width:1024px) {.fusion-body .fusion-builder-column-2{width:50% !important;order : 0;}.fusion-builder-column-2 > .fusion-column-wrapper {margin-right : 3.84%;margin-left : 3.84%;}}@media only screen and (max-width:640px) {.fusion-body .fusion-builder-column-2{width:100% !important;order : 0;}.fusion-builder-column-2 > .fusion-column-wrapper {margin-right : 1.92%;margin-left : 1.92%;}}<\/style><\/div><\/div><style type=\"text\/css\">.fusion-body .fusion-flex-container.fusion-builder-row-2{ padding-top : 0px;margin-top : 0px;padding-right : 0px;padding-bottom : 0px;margin-bottom : 0px;padding-left : 0px;}<\/style><\/div><\/p>\n","protected":false},"excerpt":{"rendered":"","protected":false},"template":"","meta":{"_acf_changed":false},"wcs-type":[102,130],"wcs-room":[336],"wcs-instructor":[337],"class_list":["post-26318","class","type-class","status-publish","hentry","wcs-type-coloquios","wcs-type-videoconferencia-es","wcs-room-hibrida-presencial-y-online","wcs-instructor-toni-torres-y-manel-mataro"],"acf":[],"yoast_head":"<!-- This site is optimized with the Yoast SEO plugin v27.2 - https:\/\/yoast.com\/product\/yoast-seo-wordpress\/ -->\n<title>Grupo de Fotograf\u00eda de Natura \/ Reuni\u00f3n 02\/03 - Agrupaci\u00f3 Fotogr\u00e0fica de Catalunya<\/title>\n<meta name=\"robots\" content=\"index, follow, max-snippet:-1, max-image-preview:large, max-video-preview:-1\" \/>\n<link rel=\"canonical\" href=\"https:\/\/afc.cat\/es\/activitat\/grupo-de-fotografia-de-natura-reunion-02-03\/\" \/>\n<meta property=\"og:locale\" content=\"es_ES\" \/>\n<meta property=\"og:type\" content=\"article\" \/>\n<meta property=\"og:title\" content=\"Grupo de Fotograf\u00eda de Natura \/ Reuni\u00f3n 02\/03 - Agrupaci\u00f3 Fotogr\u00e0fica de Catalunya\" \/>\n<meta property=\"og:url\" content=\"https:\/\/afc.cat\/es\/activitat\/grupo-de-fotografia-de-natura-reunion-02-03\/\" \/>\n<meta property=\"og:site_name\" content=\"Agrupaci\u00f3 Fotogr\u00e0fica de Catalunya\" \/>\n<meta property=\"article:modified_time\" content=\"2022-02-22T19:40:33+00:00\" \/>\n<meta name=\"twitter:card\" content=\"summary_large_image\" \/>\n<script type=\"application\/ld+json\" class=\"yoast-schema-graph\">{\"@context\":\"https:\/\/schema.org\",\"@graph\":[{\"@type\":\"WebPage\",\"@id\":\"https:\/\/afc.cat\/es\/activitat\/grupo-de-fotografia-de-natura-reunion-02-03\/\",\"url\":\"https:\/\/afc.cat\/es\/activitat\/grupo-de-fotografia-de-natura-reunion-02-03\/\",\"name\":\"Grupo de Fotograf\u00eda de Natura \/ Reuni\u00f3n 02\/03 - Agrupaci\u00f3 Fotogr\u00e0fica de Catalunya\",\"isPartOf\":{\"@id\":\"https:\/\/afc.cat\/es\/#website\"},\"datePublished\":\"2022-02-22T19:32:47+00:00\",\"dateModified\":\"2022-02-22T19:40:33+00:00\",\"breadcrumb\":{\"@id\":\"https:\/\/afc.cat\/es\/activitat\/grupo-de-fotografia-de-natura-reunion-02-03\/#breadcrumb\"},\"inLanguage\":\"es\",\"potentialAction\":[{\"@type\":\"ReadAction\",\"target\":[\"https:\/\/afc.cat\/es\/activitat\/grupo-de-fotografia-de-natura-reunion-02-03\/\"]}]},{\"@type\":\"BreadcrumbList\",\"@id\":\"https:\/\/afc.cat\/es\/activitat\/grupo-de-fotografia-de-natura-reunion-02-03\/#breadcrumb\",\"itemListElement\":[{\"@type\":\"ListItem\",\"position\":1,\"name\":\"Inicio\",\"item\":\"https:\/\/afc.cat\/es\/\"},{\"@type\":\"ListItem\",\"position\":2,\"name\":\"Grupo de Fotograf\u00eda de Natura \/ Reuni\u00f3n 02\/03\"}]},{\"@type\":\"WebSite\",\"@id\":\"https:\/\/afc.cat\/es\/#website\",\"url\":\"https:\/\/afc.cat\/es\/\",\"name\":\"Agrupaci\u00f3 Fotogr\u00e0fica de Catalunya\",\"description\":\"Fomento y divulgaci\u00f3n de la fotograf\u00eda en todas sus variedades\",\"potentialAction\":[{\"@type\":\"SearchAction\",\"target\":{\"@type\":\"EntryPoint\",\"urlTemplate\":\"https:\/\/afc.cat\/es\/?s={search_term_string}\"},\"query-input\":{\"@type\":\"PropertyValueSpecification\",\"valueRequired\":true,\"valueName\":\"search_term_string\"}}],\"inLanguage\":\"es\"}]}<\/script>\n<!-- \/ Yoast SEO plugin. -->","yoast_head_json":{"title":"Grupo de Fotograf\u00eda de Natura \/ Reuni\u00f3n 02\/03 - Agrupaci\u00f3 Fotogr\u00e0fica de Catalunya","robots":{"index":"index","follow":"follow","max-snippet":"max-snippet:-1","max-image-preview":"max-image-preview:large","max-video-preview":"max-video-preview:-1"},"canonical":"https:\/\/afc.cat\/es\/activitat\/grupo-de-fotografia-de-natura-reunion-02-03\/","og_locale":"es_ES","og_type":"article","og_title":"Grupo de Fotograf\u00eda de Natura \/ Reuni\u00f3n 02\/03 - Agrupaci\u00f3 Fotogr\u00e0fica de Catalunya","og_url":"https:\/\/afc.cat\/es\/activitat\/grupo-de-fotografia-de-natura-reunion-02-03\/","og_site_name":"Agrupaci\u00f3 Fotogr\u00e0fica de Catalunya","article_modified_time":"2022-02-22T19:40:33+00:00","twitter_card":"summary_large_image","schema":{"@context":"https:\/\/schema.org","@graph":[{"@type":"WebPage","@id":"https:\/\/afc.cat\/es\/activitat\/grupo-de-fotografia-de-natura-reunion-02-03\/","url":"https:\/\/afc.cat\/es\/activitat\/grupo-de-fotografia-de-natura-reunion-02-03\/","name":"Grupo de Fotograf\u00eda de Natura \/ Reuni\u00f3n 02\/03 - Agrupaci\u00f3 Fotogr\u00e0fica de Catalunya","isPartOf":{"@id":"https:\/\/afc.cat\/es\/#website"},"datePublished":"2022-02-22T19:32:47+00:00","dateModified":"2022-02-22T19:40:33+00:00","breadcrumb":{"@id":"https:\/\/afc.cat\/es\/activitat\/grupo-de-fotografia-de-natura-reunion-02-03\/#breadcrumb"},"inLanguage":"es","potentialAction":[{"@type":"ReadAction","target":["https:\/\/afc.cat\/es\/activitat\/grupo-de-fotografia-de-natura-reunion-02-03\/"]}]},{"@type":"BreadcrumbList","@id":"https:\/\/afc.cat\/es\/activitat\/grupo-de-fotografia-de-natura-reunion-02-03\/#breadcrumb","itemListElement":[{"@type":"ListItem","position":1,"name":"Inicio","item":"https:\/\/afc.cat\/es\/"},{"@type":"ListItem","position":2,"name":"Grupo de Fotograf\u00eda de Natura \/ Reuni\u00f3n 02\/03"}]},{"@type":"WebSite","@id":"https:\/\/afc.cat\/es\/#website","url":"https:\/\/afc.cat\/es\/","name":"Agrupaci\u00f3 Fotogr\u00e0fica de Catalunya","description":"Fomento y divulgaci\u00f3n de la fotograf\u00eda en todas sus variedades","potentialAction":[{"@type":"SearchAction","target":{"@type":"EntryPoint","urlTemplate":"https:\/\/afc.cat\/es\/?s={search_term_string}"},"query-input":{"@type":"PropertyValueSpecification","valueRequired":true,"valueName":"search_term_string"}}],"inLanguage":"es"}]}},"_links":{"self":[{"href":"https:\/\/afc.cat\/es\/wp-json\/wp\/v2\/class\/26318","targetHints":{"allow":["GET"]}}],"collection":[{"href":"https:\/\/afc.cat\/es\/wp-json\/wp\/v2\/class"}],"about":[{"href":"https:\/\/afc.cat\/es\/wp-json\/wp\/v2\/types\/class"}],"wp:attachment":[{"href":"https:\/\/afc.cat\/es\/wp-json\/wp\/v2\/media?parent=26318"}],"wp:term":[{"taxonomy":"wcs-type","embeddable":true,"href":"https:\/\/afc.cat\/es\/wp-json\/wp\/v2\/wcs-type?post=26318"},{"taxonomy":"wcs-room","embeddable":true,"href":"https:\/\/afc.cat\/es\/wp-json\/wp\/v2\/wcs-room?post=26318"},{"taxonomy":"wcs-instructor","embeddable":true,"href":"https:\/\/afc.cat\/es\/wp-json\/wp\/v2\/wcs-instructor?post=26318"}],"curies":[{"name":"wp","href":"https:\/\/api.w.org\/{rel}","templated":true}]}}